{"id":656,"date":"2019-09-02T09:44:53","date_gmt":"2019-09-02T14:44:53","guid":{"rendered":"http:\/\/hacemosmemoria.org\/udea50\/?page_id=656"},"modified":"2019-09-06T10:10:58","modified_gmt":"2019-09-06T15:10:58","slug":"2008-2018","status":"publish","type":"page","link":"https:\/\/hacemosmemoria.org\/udea50\/fichero\/2008-2018\/","title":{"rendered":"2008 &#8211; 2018"},"content":{"rendered":"<p><strong>N\u00famero de ficha<\/strong>: E1&nbsp;&nbsp;&nbsp;&nbsp;&nbsp;&nbsp;&nbsp;&nbsp;&nbsp;&nbsp;&nbsp;&nbsp;&nbsp;&nbsp;&nbsp;&nbsp;&nbsp;&nbsp;&nbsp;&nbsp;&nbsp;&nbsp;&nbsp;&nbsp;&nbsp;&nbsp;&nbsp;&nbsp;&nbsp;&nbsp;&nbsp;&nbsp;&nbsp;&nbsp;&nbsp;&nbsp;&nbsp;&nbsp;&nbsp;&nbsp;&nbsp;&nbsp;&nbsp;&nbsp;&nbsp;&nbsp;&nbsp;<\/p>\n<p><strong>Diligenciada por:<\/strong> Mariana Villegas Jim\u00e9nez<\/p>\n<p>INFORMACI\u00d3N BIBLIOGR\u00c1FICA<\/p>\n<p>Peri\u00f3dico: El Colombiano<\/p>\n<p>Lugar de edici\u00f3n: Medell\u00edn<\/p>\n<p>Autor personal:<\/p>\n<p>Autor corporativo:<\/p>\n<p>Fecha: 2008, febrero, 08<\/p>\n<p>P\u00e1gina: 10a<\/p>\n<p>Secci\u00f3n: Paz y D.H.<\/p>\n<p><strong>Titular: <\/strong>Contin\u00faa caso de Jes\u00fas Mar\u00eda Valle<\/p>\n<p><strong>Resumen:<\/strong> El 7 de febrero el Estado colombiano reconoci\u00f3 ante la Corte Interamericana de Derechos Humanos su responsabilidad internacional \u201cpor omisi\u00f3n\u201d y la violaci\u00f3n del derecho a la integridad personal del defensor de derechos humanos, asesinado el 27 de febrero de 1998.<\/p>\n<p><strong>Im\u00e1genes: <\/strong><\/p>\n<p>INFORMACI\u00d3N ANAL\u00cdTICA<\/p>\n<p>Contexto de la noticia: Por tratarse del mes en que se conmemoran los diez a\u00f1os del asesinato de Jes\u00fas Mar\u00eda Valle, en este peri\u00f3dico aparecen otras publicaciones que tocan el tema. La primera, del 24 de febrero, donde se le recuerda a trav\u00e9s de algunas palabras de las personas cercanas a \u00e9l y se menciona que ex jefes de las AUC han confesado no s\u00f3lo estar detr\u00e1s de su asesinato, sino tambi\u00e9n haber participado de algunos cr\u00edmenes que el defensor de derechos humanos habr\u00eda denunciado anteriormente. La segunda, del 28 de febrero, da cuenta de las diferentes manifestaciones sociales llevadas a cabo el d\u00eda anterior, en conmemoraci\u00f3n de su muerte.<\/p>\n<p>En el pa\u00eds se vive una coyuntura pol\u00edtica por los m\u00faltiples congresistas investigados por parapol\u00edtica, teniendo en cuenta que se est\u00e1n llevando a cabo diversas versiones libres de ex integrantes de las AUC. A nivel mundial, hay preocupaci\u00f3n por el incremento de periodistas asesinados en el mundo, especialmente en Irak.<\/p>\n<p>Palabras clave: CIDH, Valle Jaramillo, Jes\u00fas Mar\u00eda.<\/p>\n<p>Sugerencia de palabras claves:<\/p>\n<p>Observaciones:<\/p>\n<p>Fecha de diligenciamiento: 08\/12\/2018<\/p>\n<h1 style=\"text-align: center;\">***<\/h1>\n<p><strong>&nbsp;<\/strong><strong>N\u00famero de ficha<\/strong>: E2&nbsp;&nbsp;&nbsp;&nbsp;&nbsp;&nbsp;&nbsp;&nbsp;&nbsp;&nbsp;&nbsp;&nbsp;&nbsp;&nbsp;&nbsp;&nbsp;&nbsp;&nbsp;&nbsp;&nbsp;&nbsp;&nbsp;&nbsp;&nbsp;&nbsp;&nbsp;&nbsp;&nbsp;&nbsp;&nbsp;&nbsp;&nbsp;&nbsp;&nbsp;&nbsp;&nbsp;&nbsp;&nbsp;&nbsp;&nbsp;&nbsp;&nbsp;&nbsp;&nbsp;&nbsp;&nbsp;&nbsp;<\/p>\n<p><strong>Diligenciada por: <\/strong>Mariana Villegas Jim\u00e9nez<\/p>\n<p>INFORMACI\u00d3N BIBLIOGR\u00c1FICA<\/p>\n<p>Peri\u00f3dico: El Colombiano<\/p>\n<p>Lugar de edici\u00f3n: Medell\u00edn<\/p>\n<p>Autor personal:<\/p>\n<p>Autor corporativo:<\/p>\n<p>Fecha: 2008, febrero, 20<\/p>\n<p>P\u00e1gina: 3d<\/p>\n<p>Secci\u00f3n: \u00c1rea Metro<\/p>\n<p><strong>Titular: <\/strong>Clases en Universidad de Antioquia contin\u00faan hoy<\/p>\n<p><strong>Resumen:<\/strong> El d\u00eda 19 de febrero, despu\u00e9s de que en las horas de la ma\u00f1ana se repartieran volantes convocando a la protesta, en la tarde se presentaron \u201cdisturbios\u201d en el campus universitario produciendo el cese temporal de actividades, que continuar\u00edan normalmente al d\u00eda siguiente, como lo sugiere el titular. Seg\u00fan la noticia, las manifestaciones fueron producto de la conmemoraci\u00f3n de los tres a\u00f1os de muerte de las estudiantes Paula Andrea Ospina y Magali Betancur y del inicio de la jornada de los 10 a\u00f1os de muerte de Jes\u00fas Mar\u00eda Valle. En medio del hecho, un grupo de encapuchados sac\u00f3 mesas a la calle para obstruir el flujo vehicular, tiraron papas-bomba y a ello se le sumaron los posteriores enfrentamientos con el ESMAD, la orden de desalojo por parte de la Universidad y la captura de dos j\u00f3venes. Entre algunos de los efectos citados se encuentra da\u00f1o a mesas de estudio, infraestructura y veh\u00edculos.<\/p>\n<p><strong>Im\u00e1genes: <\/strong>IMG E2. En la fotograf\u00eda se muestra un grupo de personas reunido al interior del campus. Foto: Jaime P\u00e9rez.<\/p>\n<p>INFORMACI\u00d3N ANAL\u00cdTICA<\/p>\n<p><strong>Contexto de la noticia:<\/strong> D\u00edas antes, campesinos de Taraz\u00e1 y Valdivia iniciaron manifestaciones en contra de la ausencia de seguridad y garant\u00edas para ellos en el proceso de erradicaci\u00f3n de cultivos il\u00edcitos que se est\u00e1 llevando a cabo en el sector y en el pa\u00eds en general; las protestas del 19 de febrero dejaron un saldo de treinta personas detenidas. Por otro lado, se presentan presiones por la firma de los TLC y contin\u00faan investigaciones de congresistas por parapol\u00edtica.<\/p>\n<p>En el contexto mundial, la huelga nacional agraria de Per\u00fa deja un saldo de cuatro muertos en el paro y ocho regiones en estado de emergencia. Adem\u00e1s, Fidel Castro renuncia el 19 de febrero a su cargo por cuestiones de salud y, d\u00edas despu\u00e9s, su hermano Ra\u00fal Castro lo reemplaza en el cargo.<\/p>\n<p>Palabras clave: Acciones contestatarias, Tropel, Cierre de v\u00edas, Acciones violentas, Da\u00f1o a bienes civiles, Acciones de resistencia, Conmemoraciones, Ospina, Paula Andrea, Betancur, Magali, Valle Jaramillo, Jes\u00fas Mar\u00eda, Respuestas institucionales, Evacuaci\u00f3n, Detenciones, Estudiantes, Grupos Clandestinos, ESMAD.<\/p>\n<p>Sugerencia de palabras claves:<\/p>\n<p>Observaciones: La noticia se centra expresamente en las acciones de los encapuchados y su enfrentamiento con la fuerza p\u00fablica; sin embargo, la fotograf\u00eda y una aclaraci\u00f3n que se hace en la noticia de que luego de la orden de desalojo los manifestantes permanecieron en el claustro hasta la llegada de los delegados de la Personer\u00eda de Medell\u00edn -con quienes pudieron abandonar el lugar-, da cuenta de que se trataba de una manifestaci\u00f3n estudiantil que cont\u00f3 tambi\u00e9n con la presencia de dichos encapuchados, y no s\u00f3lo lo segundo.<\/p>\n<p>Fecha de diligenciamiento: 08\/12\/2018<\/p>\n<h1 style=\"text-align: center;\">***<\/h1>\n<p><strong>N\u00famero de ficha<\/strong>: E3&nbsp;&nbsp;&nbsp;&nbsp;&nbsp;&nbsp;&nbsp;&nbsp;&nbsp;&nbsp;&nbsp;&nbsp;&nbsp;&nbsp;&nbsp;&nbsp;&nbsp;&nbsp;&nbsp;&nbsp;&nbsp;&nbsp;&nbsp;&nbsp;&nbsp;&nbsp;&nbsp;&nbsp;&nbsp;&nbsp;&nbsp;&nbsp;&nbsp;&nbsp;&nbsp;&nbsp;&nbsp;&nbsp;&nbsp;&nbsp;&nbsp;&nbsp;&nbsp;&nbsp;&nbsp;&nbsp;&nbsp;<\/p>\n<p><strong>Diligenciada por: <\/strong>Mariana Villegas Jim\u00e9nez<\/p>\n<p>INFORMACI\u00d3N BIBLIOGR\u00c1FICA<\/p>\n<p>Peri\u00f3dico: El Colombiano<\/p>\n<p>Lugar de edici\u00f3n: Medell\u00edn<\/p>\n<p>Autor personal:<\/p>\n<p>Autor corporativo:<\/p>\n<p>Fecha: 2008, abril, 02<\/p>\n<p>P\u00e1gina: 12a<\/p>\n<p>Secci\u00f3n: \u00c1rea Regional<\/p>\n<p><strong>Titular: <\/strong>Hallan veh\u00edculo de docente de la U. de A.<\/p>\n<p><strong>Resumen:<\/strong> Hallan veh\u00edculo en el cual se transportaba el docente de la Universidad de Antioquia, Juan Pablo Rojas Raigosa, quien se encuentra desaparecido desde el pasado mi\u00e9rcoles 26 de marzo.<\/p>\n<p><strong>Im\u00e1genes: <\/strong><\/p>\n<p>INFORMACI\u00d3N ANAL\u00cdTICA<\/p>\n<p>Contexto de la noticia: El 6 de marzo se llev\u00f3 a cabo la movilizaci\u00f3n nacional contra los cr\u00edmenes de Estado y del paramilitarismo; d\u00edas despu\u00e9s la ONU lanz\u00f3 una alerta por denuncias de amenazas contra defensores de Derechos Humanos. El mes de marzo represent\u00f3 un triunfo para el gobierno colombiano por la muerte de dos de los dirigentes de las FARC\u2013EP: Ra\u00fal Reyes y Manuel Marulanda.<\/p>\n<p>El 15 de abril la Universidad Nacional se moviliz\u00f3 por la modificaci\u00f3n al Estatuto Estudiantil y los estudiantes entraron en asamblea permanente.<\/p>\n<p>Palabras clave: Desaparici\u00f3n, Profesores, Rojas Raigosa, Juan Pablo.<\/p>\n<p>Sugerencia de palabras claves:<\/p>\n<p>Observaciones:<\/p>\n<p>Fecha de diligenciamiento: 08\/12\/2018<\/p>\n<h1 style=\"text-align: center;\">***<\/h1>\n<p><strong>N\u00famero de ficha<\/strong>: E4&nbsp;&nbsp;&nbsp;&nbsp;&nbsp;&nbsp;&nbsp;&nbsp;&nbsp;&nbsp;&nbsp;&nbsp;&nbsp;&nbsp;&nbsp;&nbsp;&nbsp;&nbsp;&nbsp;&nbsp;&nbsp;&nbsp;&nbsp;&nbsp;&nbsp;&nbsp;&nbsp;&nbsp;&nbsp;&nbsp;&nbsp;&nbsp;&nbsp;&nbsp;&nbsp;&nbsp;&nbsp;&nbsp;&nbsp;&nbsp;&nbsp;&nbsp;&nbsp;&nbsp;&nbsp;&nbsp;&nbsp;<\/p>\n<p><strong>Diligenciada por: <\/strong>Mariana Villegas Jim\u00e9nez<\/p>\n<p>INFORMACI\u00d3N BIBLIOGR\u00c1FICA<\/p>\n<p>Peri\u00f3dico: El Colombiano<\/p>\n<p>Lugar de edici\u00f3n: Medell\u00edn<\/p>\n<p>Autor personal: G\u00f3mez Valencia, Alejandro<\/p>\n<p>Autor corporativo:<\/p>\n<p>Fecha: 2008, mayo, 18<\/p>\n<p>P\u00e1gina: 6c<\/p>\n<p>Secci\u00f3n: Docencia y Educaci\u00f3n<\/p>\n<p><strong>Titular: <\/strong>En la U. de A. lo que hay son nuevos retos<\/p>\n<p><strong>Resumen:<\/strong> La noticia hace p\u00fablica una entrevista realizada al rector del momento, Alberto Uribe Correa, tocando temas como las ventas informales, la cobertura y la calidad universitarias, la seguridad, la presencia de grupos armados en la universidad, entre otros. En cuanto a esto \u00faltimo, sin profundizar sobre ello, se da a conocer el hecho de que el 7 de mayo, un grupo de personas armadas, vestidas con camuflados y portando brazaletes con insignias del grupo armado FARC-EP, hicieron presencia en la plazoleta central de la ciudadela y luego procedieron a atacar los cajeros autom\u00e1ticos de la instituci\u00f3n. Frente a ello, el rector manifiesta un rechazo por la presencia de estos grupos en la universidad y les pide que \u201cpor favor respeten un espacio que por esencia tiene que ser de paz, de libertad, de an\u00e1lisis, de cr\u00edtica, nunca jam\u00e1s de violencia.\u201d; adem\u00e1s, afirm\u00f3 que \u201ccuando hacen ese tipo de cosas, exponen, adem\u00e1s de los peligros a las personas que convivimos en ella [la Universidad], a que las fuerzas del orden tengan que intervenir\u201d.<\/p>\n<p><strong>Im\u00e1genes: <\/strong><\/p>\n<p>INFORMACI\u00d3N ANAL\u00cdTICA<\/p>\n<p><strong>Contexto de la noticia<\/strong>: Adem\u00e1s, desde mediados del mes de abril, se est\u00e1n llevando a cabo manifestaciones en la Universidad Nacional, donde los estudiantes se encuentran en asamblea permanente por inconformidad con respecto a las modificaciones realizadas al Estatuto Estudiantil.<\/p>\n<p>En el contexto nacional, el d\u00eda 13 de mayo se ordena la extradici\u00f3n de otros 13 de los ex jefes de las AUC, quienes, en su mayor\u00eda, son juzgados por narcotr\u00e1fico.<\/p>\n<p>Palabras clave: Acciones violentas, Paradas militares, FARC\u2013EP, Acciones de resistencia, Declaratoria de neutralidad o de territorio de paz, Rector\u00eda, Uribe Correa, Alberto.<\/p>\n<p>Sugerencia de palabras claves:<\/p>\n<p>Observaciones: Sobre la parada militar no se encontr\u00f3 ning\u00fan reporte en los peri\u00f3dicos de los d\u00edas siguientes a la fecha del suceso. Por otro lado, teniendo en cuenta las afirmaciones del rector, es importante tener en cuenta que, en el mes de mayo, el presidente \u00c1lvaro Uribe da un aval para que la fuerza p\u00fablica ingrese a las universidades.<\/p>\n<p>Fecha de diligenciamiento: 08\/12\/2018<\/p>\n<h1 style=\"text-align: center;\">***<\/h1>\n<p><strong>N\u00famero de ficha<\/strong>: E5&nbsp;&nbsp;&nbsp;&nbsp;&nbsp;&nbsp;&nbsp;&nbsp;&nbsp;&nbsp;&nbsp;&nbsp;&nbsp;&nbsp;&nbsp;&nbsp;&nbsp;&nbsp;&nbsp;&nbsp;&nbsp;&nbsp;&nbsp;&nbsp;&nbsp;&nbsp;&nbsp;&nbsp;&nbsp;&nbsp;&nbsp;&nbsp;&nbsp;&nbsp;&nbsp;&nbsp;&nbsp;&nbsp;&nbsp;&nbsp;&nbsp;&nbsp;&nbsp;&nbsp;&nbsp;&nbsp;&nbsp;<\/p>\n<p><strong>Diligenciada por: <\/strong>Mariana Villegas Jim\u00e9nez<\/p>\n<p>INFORMACI\u00d3N BIBLIOGR\u00c1FICA<\/p>\n<p>Peri\u00f3dico: El Colombiano<\/p>\n<p>Lugar de edici\u00f3n: Medell\u00edn<\/p>\n<p>Autor personal:<\/p>\n<p>Autor corporativo:<\/p>\n<p>Fecha: 2008, junio, 13<\/p>\n<p>P\u00e1gina: 6a<\/p>\n<p>Secci\u00f3n: \u00c1rea Metro<\/p>\n<p><strong>Titular: <\/strong>Evacuada la Universidad de Antioquia por disturbios de encapuchados<\/p>\n<p><strong>Resumen:<\/strong> El d\u00eda 12 de junio la ciudadela universitaria fue evacuada, debido a la acumulaci\u00f3n de gases lacrim\u00f3genos producto de los enfrentamientos entre un grupo de encapuchados y la Polic\u00eda.<\/p>\n<p><strong>Im\u00e1genes: <\/strong><\/p>\n<p>INFORMACI\u00d3N ANAL\u00cdTICA<\/p>\n<p><strong>Contexto de la noticia: <\/strong>La Universidad Nacional contin\u00faa con manifestaciones en contra del nuevo Estatuto estudiantil, donde algunos han recurrido a las huelgas de hambre y se han presentado disturbios en sus sedes, incluyendo la de Medell\u00edn. Adicional, el suceso ocurre poco despu\u00e9s de la tradicional conmemoraci\u00f3n del D\u00eda del estudiante ca\u00eddo.<\/p>\n<p>En cuanto al contexto nacional, es importante mencionar que est\u00e1 en auge el esc\u00e1ndalo por la Yidispol\u00edtica; contin\u00faan las desmovilizaciones; y el ex AUC alias \u201cHH\u201d esclarece hechos y nexos pol\u00edticos a trav\u00e9s de la versi\u00f3n libre. El primero de junio se llev\u00f3 a cabo la Conferencia Mundial de Educaci\u00f3n Superior y el 5 del mismo mes hubo movilizaciones de las centrales obreras del pa\u00eds por la reuni\u00f3n de la OIT.<\/p>\n<p>A nivel internacional, Colombia y Ecuador reanudan sus relaciones.<\/p>\n<p>Palabras clave: Acciones contestatarias, Tropel, Respuestas institucionales, Evacuaci\u00f3n, Grupos clandestinos, Polic\u00eda.<\/p>\n<p>Sugerencia de palabras claves:<\/p>\n<p>Observaciones: La noticia es muy breve y no aporta mayor detalle sobre los hechos.<\/p>\n<p>En el mes de mayo, el presidente \u00c1lvaro Uribe aval\u00f3 el ingreso de la Fuerza P\u00fablica a las universidades, cuando lo consideraran pertinente. Este hecho desencaden\u00f3 la publicaci\u00f3n de algunas columnas en el peri\u00f3dico El Colombiano, una de ellas, publicada el 2 de junio por Luis Guillermo Pardo, quien considera el hecho como una violaci\u00f3n a la autonom\u00eda universitaria; por su parte, el d\u00eda 7 de junio, Ra\u00fal E. Tamayo Gaviria y la Editorial de El Colombiano publicaron dos columnas que tienen en com\u00fan su respaldo a la decisi\u00f3n del presidente, planteando la impertinencia de la figura de \u201cautonom\u00eda\u201d cuando se trata de la toma de estos espacios por parte de grupos de encapuchados y la alteraci\u00f3n del orden p\u00fablico.<\/p>\n<p>Fecha de diligenciamiento: 09\/12\/2018<\/p>\n<h1 style=\"text-align: center;\">***<\/h1>\n<p><strong>N\u00famero de ficha<\/strong>: E6&nbsp;&nbsp;&nbsp;&nbsp;&nbsp;&nbsp;&nbsp;&nbsp;&nbsp;&nbsp;&nbsp;&nbsp;&nbsp;&nbsp;&nbsp;&nbsp;&nbsp;&nbsp;&nbsp;&nbsp;&nbsp;&nbsp;&nbsp;&nbsp;&nbsp;&nbsp;&nbsp;&nbsp;&nbsp;&nbsp;&nbsp;&nbsp;&nbsp;&nbsp;&nbsp;&nbsp;&nbsp;&nbsp;&nbsp;&nbsp;&nbsp;&nbsp;&nbsp;&nbsp;&nbsp;&nbsp;&nbsp;<\/p>\n<p><strong>Diligenciada por: Mariana Villegas Jim\u00e9nez<\/strong><\/p>\n<p>INFORMACI\u00d3N BIBLIOGR\u00c1FICA<\/p>\n<p>Peri\u00f3dico: El Colombiano<\/p>\n<p>Lugar de edici\u00f3n: Medell\u00edn<\/p>\n<p>Autor personal: Mart\u00ednez, Rodrigo Alberto<\/p>\n<p>Autor corporativo:<\/p>\n<p>Fecha: 2008, julio, 16<\/p>\n<p>P\u00e1gina: 8a<\/p>\n<p>Secci\u00f3n: \u00c1rea Regional<\/p>\n<p><strong>Titular: <\/strong>Asesinado representante de egresados en consejo U de A<\/p>\n<p><strong>Resumen:<\/strong> El abogado Francisco Antonio Zuluaga Tob\u00f3n, representante de los egresados al CSU, \u201cfue asesinado con armas cortopunzante y contundente\u201d (arma blanca y una roca), en su finca en El Pe\u00f1ol, Antioquia. Los asesinos se llevaron su camioneta, la cual fue hallada la noche del 15 de julio en el Tr\u00e1nsito de Bello, pues habr\u00eda sido decomisada. La v\u00edctima fue secretario de Gobierno de Antioquia, rector del Polit\u00e9cnico Jaime Isaza, profesor de la U. de A., entre otros cargos importantes.<\/p>\n<p><strong>Im\u00e1genes: <\/strong><\/p>\n<p>INFORMACI\u00d3N ANAL\u00cdTICA<\/p>\n<p><strong>Contexto de la noticia<\/strong>: El d\u00eda 22 de julio, la Asamblea General de Estudiantes de la Universidad Nacional sede Medell\u00edn anunci\u00f3 el regreso a clases, mientras encapuchados se enfrentaron con el ESMAD; sin embargo, con el regreso, llega tambi\u00e9n una propuesta de modificaci\u00f3n del nuevo Estatuto Estudiantil impuesto.<\/p>\n<p>Palabras clave: Acciones violentas, Asesinato, Zuluaga Tob\u00f3n, Francisco, Consejo Superior Universitario.<\/p>\n<p>Sugerencia de palabras claves:<\/p>\n<p>Observaciones: A inicios del mes de julio, la Procuradur\u00eda suspendi\u00f3 al rector de la Universidad de Antioquia, Alberto Uribe Correa, por incurrir en irregularidades de la suscripci\u00f3n de un contrato y adelanta otra investigaci\u00f3n por la realizaci\u00f3n de un pago a una persona sin v\u00ednculo laboral con la instituci\u00f3n (para m\u00e1s informaci\u00f3n, ver la p\u00e1gina 3b (Universitas) del diario El Colombiano del 1 de julio de 2008). Sin embargo, el d\u00eda 10 de noviembre se public\u00f3 una noticia en la secci\u00f3n de \u00c1rea Metro, afirmando que la Procuradur\u00eda lo absolvi\u00f3 en dos investigaciones, al parecer haciendo referencia a las mencionadas anteriormente.<\/p>\n<p>Fecha de diligenciamiento: 09\/12\/2018<\/p>\n<h1 style=\"text-align: center;\">***<\/h1>\n<p><strong>N\u00famero de ficha<\/strong>: E7&nbsp;&nbsp;&nbsp;&nbsp;&nbsp;&nbsp;&nbsp;&nbsp;&nbsp;&nbsp;&nbsp;&nbsp;&nbsp;&nbsp;&nbsp;&nbsp;&nbsp;&nbsp;&nbsp;&nbsp;&nbsp;&nbsp;&nbsp;&nbsp;&nbsp;&nbsp;&nbsp;&nbsp;&nbsp;&nbsp;&nbsp;&nbsp;&nbsp;&nbsp;&nbsp;&nbsp;&nbsp;&nbsp;&nbsp;&nbsp;&nbsp;&nbsp;&nbsp;&nbsp;&nbsp;&nbsp;&nbsp;<\/p>\n<p><strong>Diligenciada por: <\/strong>Mariana Villegas Jim\u00e9nez<\/p>\n<p>INFORMACI\u00d3N BIBLIOGR\u00c1FICA<\/p>\n<p>Peri\u00f3dico: El Colombiano<\/p>\n<p>Lugar de edici\u00f3n: Medell\u00edn<\/p>\n<p>Autor personal: Duque, Juan Guillermo<\/p>\n<p>Autor corporativo:<\/p>\n<p>Fecha: 2008, septiembre, 11<\/p>\n<p>P\u00e1gina: 9a<\/p>\n<p>Secci\u00f3n: \u00c1rea Metro<\/p>\n<p><strong>Titular: <\/strong>A Juan Pablo lo mataron el d\u00eda de su desaparici\u00f3n<\/p>\n<p><strong>Resumen:<\/strong> La noticia hace referencia a la desaparici\u00f3n y posterior asesinato del docente de la Universidad de Antioquia, Juan Pablo Rojas Raigosa, quien estaba desaparecido desde el 26 de marzo. Su cuerpo fue hallado en Barbosa; en una finca vecina fue encontrada una hachuela, identificada como la presunta arma homicida. Seg\u00fan las autoridades, hay dos presuntos culpables. El d\u00eda 10 de septiembre Medicina Legal entreg\u00f3 el cuerpo a su familia y las exequias fueron realizadas en la capilla del cementerio San Pedro, en las horas de la tarde.<\/p>\n<p><strong>Im\u00e1genes: <\/strong><\/p>\n<p>INFORMACI\u00d3N ANAL\u00cdTICA<\/p>\n<p><strong>Contexto de la noticia:<\/strong> Se ha generado una alerta en la ciudad de Medell\u00edn por el incremento de muertes violentas y la seguridad en general.<\/p>\n<p>Durante el mes de agosto se realiz\u00f3 el paro camionero por inconformidades en el cobro de fletes, el cual se prolong\u00f3 hasta el 16 del mismo mes. Por otro lado, en el mes de septiembre se da inicio al paro judicial, causado por inconformidades en el salario.<\/p>\n<p>Cada vez son m\u00e1s los guerrilleros desmovilizados en el pa\u00eds; el ex integrante de las AUC alias \u201cHH\u201d contin\u00faa en versiones libres y se da a conocer que el gobierno est\u00e1 buscando su extradici\u00f3n.<\/p>\n<p>En el contexto mundial, se agrava crisis con el aumento de protestas contra Evo Morales y se extiende crisis econ\u00f3mica en Estados Unidos.<\/p>\n<p>Palabras clave: Acciones violentas, Asesinato, Rojas Raigosa, Juan Pablo, Profesores.<\/p>\n<p>Sugerencia de palabras claves:<\/p>\n<p>Observaciones:<\/p>\n<p>Fecha de diligenciamiento: 09\/12\/2018<\/p>\n<h1 style=\"text-align: center;\">***<\/h1>\n<p><strong>N\u00famero de ficha<\/strong>: E8&nbsp;&nbsp;&nbsp;&nbsp;&nbsp;&nbsp;&nbsp;&nbsp;&nbsp;&nbsp;&nbsp;&nbsp;&nbsp;&nbsp;&nbsp;&nbsp;&nbsp;&nbsp;&nbsp;&nbsp;&nbsp;&nbsp;&nbsp;&nbsp;&nbsp;&nbsp;&nbsp;&nbsp;&nbsp;&nbsp;&nbsp;&nbsp;&nbsp;&nbsp;&nbsp;&nbsp;&nbsp;&nbsp;&nbsp;&nbsp;&nbsp;&nbsp;&nbsp;&nbsp;&nbsp;&nbsp;<\/p>\n<p><strong>Diligenciada por: <\/strong>Mariana Villegas Jim\u00e9nez<\/p>\n<p>INFORMACI\u00d3N BIBLIOGR\u00c1FICA<\/p>\n<p>Peri\u00f3dico: El Colombiano<\/p>\n<p>Lugar de edici\u00f3n: Medell\u00edn<\/p>\n<p>Autor personal:<\/p>\n<p>Autor corporativo:<\/p>\n<p>Fecha: 2008, septiembre, 26<\/p>\n<p>P\u00e1gina: 9a<\/p>\n<p>Secci\u00f3n: Paz y D.H<\/p>\n<p><strong>Titular: <\/strong>Estudiantes de la U. de A. rechazan a ilegales y se\u00f1alamientos<\/p>\n<p><strong>Resumen:<\/strong> \u201cLa Asamblea General de Estudiantes de la Universidad de Antioquia rechaz\u00f3 los se\u00f1alamientos por parte de algunos sectores p\u00fablicos y de organismos de seguridad, en el sentido de que algunos estudiantes de centros de educaci\u00f3n superior y secundaria son miembros de la guerrilla\u201d. Adem\u00e1s, rechazan toda acci\u00f3n violenta por parte de cualquier actor, sea legal o ilegal.<\/p>\n<p><strong>Im\u00e1genes: <\/strong><\/p>\n<p>INFORMACI\u00d3N ANAL\u00cdTICA<\/p>\n<p>Contexto de la noticia: Este hecho se produce en el marco de la denuncia realizada por el DAS, afirmando que colegios y universidades estar\u00edan siendo el blanco de reclutamiento de las FARC, a trav\u00e9s de federaciones como la FEU y de organizaciones estudiantiles. Afirmaciones realizadas con base en los hallazgos hechos en el computador de \u201cIv\u00e1n R\u00edos\u201d, integrante de dicho grupo armado asesinado recientemente.<\/p>\n<p>Nota: Para m\u00e1s informaci\u00f3n, ver la p\u00e1gina 12a (Paz y D.H.), del peri\u00f3dico del d\u00eda 17 de septiembre del 2008.<\/p>\n<p>Por otro lado, en el mes de septiembre han sido publicadas algunas columnas de opini\u00f3n mostrando su negativa frente a los grupos de encapuchados (17 de septiembre); incluso, una de ellas, realizada por la Editorial de El Colombiano (20 de septiembre).<\/p>\n<p>En el \u00e1mbito nacional, se presenta un paro judicial por inconformidad en los salarios; contin\u00faan las presiones por la firma del TLC; y, por \u00faltimo, cada vez son m\u00e1s los sospechosos y acusados por parapol\u00edtica.<\/p>\n<p>Palabras clave: Acciones de resistencia, Comunicados, misivas, declaraciones, Asamblea de Estudiantes, Organizaciones estudiantiles, DAS.<\/p>\n<p>Sugerencia de palabras claves:<\/p>\n<p>Observaciones:<\/p>\n<p>Fecha de diligenciamiento: 09\/12\/2018<\/p>\n<h1 style=\"text-align: center;\">***<\/h1>\n<p><strong>N\u00famero de ficha<\/strong>: E9&nbsp;&nbsp;&nbsp;&nbsp;&nbsp;&nbsp;&nbsp;&nbsp;&nbsp;&nbsp;&nbsp;&nbsp;&nbsp;&nbsp;&nbsp;&nbsp;&nbsp;&nbsp;&nbsp;&nbsp;&nbsp;&nbsp;&nbsp;&nbsp;&nbsp;&nbsp;&nbsp;&nbsp;&nbsp;&nbsp;&nbsp;&nbsp;&nbsp;&nbsp;&nbsp;&nbsp;&nbsp;&nbsp;&nbsp;&nbsp;&nbsp;&nbsp;&nbsp;&nbsp;&nbsp;&nbsp;&nbsp;<\/p>\n<p><strong>Diligenciada por:<\/strong> Mariana Villegas Jim\u00e9nez<\/p>\n<p>INFORMACI\u00d3N BIBLIOGR\u00c1FICA<\/p>\n<p>Peri\u00f3dico: El Colombiano<\/p>\n<p>Lugar de edici\u00f3n: Medell\u00edn<\/p>\n<p>Autor personal:<\/p>\n<p>Autor corporativo:<\/p>\n<p>Fecha: 2008, octubre, 17<\/p>\n<p>P\u00e1gina: 7a<\/p>\n<p>Secci\u00f3n: \u00c1rea Metro<\/p>\n<p><strong>Titular: <\/strong>Encapuchados destruyeron c\u00e1maras de la U. Nacional<\/p>\n<p><strong>Resumen:<\/strong> Encapuchados ingresaron a la biblioteca de la Universidad Nacional sede Medell\u00edn, algunos portando armas de fuego e intimidando a la poblaci\u00f3n civil, para arrancar y quemar las c\u00e1maras de vigilancia; en medio del hecho se produjeron hurtos y da\u00f1o a las instalaciones. Por otra parte, en las instalaciones de la Universidad de Antioquia, un grupo de encapuchados se enfrent\u00f3 con agentes de polic\u00eda y lanz\u00f3 papas-bomba; este hecho, seg\u00fan la noticia, se produjo en el marco de la conmemoraci\u00f3n de una jornada del \u201cguerrillero heroico\u201d Ernesto Che Guevara y en apoyo a las protestas de los ind\u00edgenas.<\/p>\n<p><strong>Im\u00e1genes: <\/strong><\/p>\n<p>INFORMACI\u00d3N ANAL\u00cdTICA<\/p>\n<p>Contexto de la noticia: Durante el mes de octubre se presentaron diversas manifestaciones por parte de cabildos ind\u00edgenas alrededor del pa\u00eds, preocupados por los asesinatos de sus l\u00edderes y reclamando mejoras en salud, empleo y tierras; como es el caso de la marcha del 20 de octubre, realizada en la ciudad de Medell\u00edn, acompa\u00f1ada tambi\u00e9n por estudiantes de la Universidad de Antioquia. Nota: para m\u00e1s informaci\u00f3n, ver la p\u00e1gina 11a (Naci\u00f3n), del peri\u00f3dico del d\u00eda 21 de octubre de 2008. Estas manifestaciones estaban siendo realizadas tanto por ind\u00edgenas como por los corteros de ca\u00f1a, quienes tambi\u00e9n ten\u00edan reclamos laborales; pero, al parecer el 16 de octubre los ind\u00edgenas se retiraron y los corteros continuaron all\u00ed.<\/p>\n<p>Entre otras cosas, inician investigaciones por irregularidades en reclutamiento y ejecuciones extrajudiciales en Soacha; y se notifica del incremento de homicidios en Medell\u00edn.<\/p>\n<p>Palabras clave: Acciones contestatarias, Tropel, Grupos clandestinos, Polic\u00eda.<\/p>\n<p>Sugerencia de palabras claves:<\/p>\n<p>Observaciones:<\/p>\n<p>Fecha de diligenciamiento: 09\/12\/2018<\/p>\n<h1 style=\"text-align: center;\">***<\/h1>\n<p><strong>N\u00famero de ficha<\/strong>: E10&nbsp;&nbsp;&nbsp;&nbsp;&nbsp;&nbsp;&nbsp;&nbsp;&nbsp;&nbsp;&nbsp;&nbsp;&nbsp;&nbsp;&nbsp;&nbsp;&nbsp;&nbsp;&nbsp;&nbsp;&nbsp;&nbsp;&nbsp;&nbsp;&nbsp;&nbsp;&nbsp;&nbsp;&nbsp;&nbsp;&nbsp;&nbsp;&nbsp;&nbsp;&nbsp;&nbsp;&nbsp;&nbsp;&nbsp;&nbsp;&nbsp;&nbsp;&nbsp;&nbsp;<\/p>\n<p><strong>Diligenciada por: <\/strong>Mariana Villegas Jim\u00e9nez<\/p>\n<p>INFORMACI\u00d3N BIBLIOGR\u00c1FICA<\/p>\n<p>Peri\u00f3dico: El Colombiano<\/p>\n<p>Lugar de edici\u00f3n: Medell\u00edn<\/p>\n<p>Autor personal:<\/p>\n<p>Autor corporativo:<\/p>\n<p>Fecha: 2008, octubre, 24<\/p>\n<p>P\u00e1gina: 8a<\/p>\n<p>Secci\u00f3n: \u00c1rea Regional<\/p>\n<p><strong>Titular: <\/strong>Choques de estudiantes de U. de A. con antimotines<\/p>\n<p><strong>Resumen:<\/strong> La tarde del d\u00eda 23 de octubre se presentaron enfrentamientos entre el ESMAD y los estudiantes en la Universidad de Antioquia. Seg\u00fan la noticia, \u201clos \u00e1nimos se caldearon al final de la marcha de los trabajadores estatales.\u201d<\/p>\n<p><strong>Im\u00e1genes: <\/strong>IMG E10. En la fotograf\u00eda se evidencia el enfrentamiento de unos agentes del ESMAD contra una multitud; al parecer todos se encuentran al interior de la Universidad, incluyendo los agentes. Foto: Manuel Saldarriaga.<\/p>\n<p>INFORMACI\u00d3N ANAL\u00cdTICA<\/p>\n<p>Contexto de la noticia: Entre otras manifestaciones a nivel nacional, se encuentra la movilizaci\u00f3n de corteros de ca\u00f1a e ind\u00edgenas por mejoras en salud, empleo y tierras, algunas de las cuales tambi\u00e9n han desembocado en enfrentamientos con la Fuerza P\u00fablica. Seg\u00fan una noticia publicada en el peri\u00f3dico del d\u00eda 8 de noviembre de 2008, en la p\u00e1gina 10a (\u00c1rea Metro), los estudiantes de la Universidad de Antioquia se encontrar\u00edan en anormalidad acad\u00e9mica desde aproximadamente mediados de octubre, en solidaridad con las movilizaciones de corteros e ind\u00edgenas y con el paro de la rama judicial.<\/p>\n<p>En el contexto nacional, explosiones en Bogot\u00e1 dejaron 16 personas heridas; y, Mar\u00eda del Pilar Hurtado renunci\u00f3 a su cargo de directora del DAS el d\u00eda 23 de octubre, en el marco del esc\u00e1ndalo de las chuzadas.<\/p>\n<p>&nbsp;<\/p>\n<p><strong>Palabras clave<\/strong>: Acciones contestatarias, Movilizaci\u00f3n social, Tropel, Estudiantes, ESMAD.<\/p>\n<p>&nbsp;<\/p>\n<p><strong>Sugerencia de palabras claves: <\/strong><\/p>\n<p>Observaciones: En la p\u00e1gina 9a del peri\u00f3dico de este mismo d\u00eda aparece una noticia titulada \u201cPac\u00edfica fue la protesta de los trabajadores\u201d, en ella se narra que d\u00eda 23 de octubre se llev\u00f3 a cabo el paro nacional de los trabajadores, el cual se manifest\u00f3 a trav\u00e9s de una marcha masiva convocada por la Central Unitaria de Trabajadores (CUT), reclamando mejores condiciones laborales. La noticia da cuenta de la cantidad de personas y organizaciones que asistieron; adem\u00e1s, si bien el titular plantea que la marcha fue pac\u00edfica, en la parte final da a conocer que un grupo de estudiantes pint\u00f3 grafitis en algunos puntos de la ciudad y que, m\u00e1s tarde, se presentaron disturbios en la Universidad de Antioquia entre estudiantes y el ESMAD, como consecuencia de la movilizaci\u00f3n.<\/p>\n<p>Fecha de diligenciamiento: 09\/12\/2018<\/p>\n<h1 style=\"text-align: center;\">***<\/h1>\n<p><strong>N\u00famero de ficha<\/strong>: E11&nbsp;&nbsp;&nbsp;&nbsp;&nbsp;&nbsp;&nbsp;&nbsp;&nbsp;&nbsp;&nbsp;&nbsp;&nbsp;&nbsp;&nbsp;&nbsp;&nbsp;&nbsp;&nbsp;&nbsp;&nbsp;&nbsp;&nbsp;&nbsp;&nbsp;&nbsp;&nbsp;&nbsp;&nbsp;&nbsp;&nbsp;&nbsp;&nbsp;&nbsp;&nbsp;&nbsp;&nbsp;&nbsp;&nbsp;&nbsp;&nbsp;&nbsp;&nbsp;&nbsp;&nbsp;<\/p>\n<p><strong>Diligenciada por: <\/strong>Mariana Villegas Jim\u00e9nez<\/p>\n<p>INFORMACI\u00d3N BIBLIOGR\u00c1FICA<\/p>\n<p>Peri\u00f3dico: El Colombiano<\/p>\n<p>Lugar de edici\u00f3n: Medell\u00edn<\/p>\n<p>Autor personal:<\/p>\n<p>Autor corporativo:<\/p>\n<p>Fecha: 2008, diciembre, 26<\/p>\n<p>P\u00e1gina: 10a<\/p>\n<p>Secci\u00f3n: Paz y D.H.<\/p>\n<p><strong>Titular: <\/strong>Condenan al Estado por el asesinato de Jes\u00fas Mar\u00eda Valle Jaramillo<\/p>\n<p><strong>Resumen:<\/strong> \u201cLa Corte Interamericana de Derechos Humanos conden\u00f3 al Estado colombiano a pagar una indemnizaci\u00f3n de 215 mil d\u00f3lares a su familia y a realizar un acto p\u00fablico de reconocimiento de su responsabilidad en la Universidad de Antioquia, en el plazo de un a\u00f1o a partir de la notificaci\u00f3n del fallo\u201d. Esto se debi\u00f3 a que el Estado \u201cno protegi\u00f3 de manera efectiva\u201d su vida.<\/p>\n<p><strong>Im\u00e1genes: <\/strong><\/p>\n<p>INFORMACI\u00d3N ANAL\u00cdTICA<\/p>\n<p>Contexto de la noticia: Seg\u00fan una noticia publicada el 8 de febrero, el 7 de febrero el Estado colombiano reconoci\u00f3 ante la Corte Interamericana de Derechos Humanos su responsabilidad internacional \u201cpor omisi\u00f3n\u201d y la violaci\u00f3n del derecho a la integridad personal del defensor de derechos humanos, asesinado el 27 de febrero de 1998.<\/p>\n<p>Palabras clave: Respuestas institucionales, Valle Jaramillo, Jes\u00fas Mar\u00eda, CIDH.<\/p>\n<p>Sugerencia de palabras claves:<\/p>\n<p>Observaciones:<\/p>\n<p>Fecha de diligenciamiento: 17\/12\/2018<\/p>\n<h1 style=\"text-align: center;\">***<\/h1>\n<p><strong>N\u00famero de ficha<\/strong>: E12&nbsp;&nbsp;&nbsp;&nbsp;&nbsp;&nbsp;&nbsp;&nbsp;&nbsp;&nbsp;&nbsp;&nbsp;&nbsp;&nbsp;&nbsp;&nbsp;&nbsp;&nbsp;&nbsp;&nbsp;&nbsp;&nbsp;&nbsp;&nbsp;&nbsp;&nbsp;&nbsp;&nbsp;&nbsp;&nbsp;&nbsp;&nbsp;&nbsp;&nbsp;&nbsp;&nbsp;&nbsp;&nbsp;&nbsp;&nbsp;&nbsp;&nbsp;&nbsp;&nbsp;&nbsp;<\/p>\n<p><strong>Diligenciada por: <\/strong>Mariana Villegas Jim\u00e9nez<\/p>\n<p>INFORMACI\u00d3N BIBLIOGR\u00c1FICA<\/p>\n<p>Peri\u00f3dico: El Colombiano<\/p>\n<p>Lugar de edici\u00f3n: Medell\u00edn<\/p>\n<p>Autor personal:<\/p>\n<p>Autor corporativo: Editorial El Colombiano<\/p>\n<p>Fecha: 2009, febrero, 11<\/p>\n<p>P\u00e1gina: 5a<\/p>\n<p>Secci\u00f3n: Opini\u00f3n<\/p>\n<p><strong>Titular: <\/strong>Robos en la U. de A.<\/p>\n<p><strong>Resumen:<\/strong> La Editorial de El Colombiano manifiesta su indignaci\u00f3n por los robos que han sufrido estudiantes, profesores y empleados del campus a manos de individuos armados.<\/p>\n<p><strong>Im\u00e1genes: <\/strong><\/p>\n<p>INFORMACI\u00d3N ANAL\u00cdTICA<\/p>\n<p>Contexto de la noticia: En los \u00faltimos meses las autoridades han reforzado el pie de fuerza en la ciudad e incluso el general de la Polic\u00eda Nacional estuvo a cargo de la seguridad de Medell\u00edn en el mes de enero, con el fin de reducir la tasa de homicidio. La preocupaci\u00f3n por la seguridad de la ciudad es generalizada.<\/p>\n<p>Durante el mes de febrero se llevaron a cabo varias liberaciones de secuestrados entre quienes se encuentran algunos miembros de la fuerza p\u00fablica y personajes como Alan Jara y Sigifredo L\u00f3pez; liberaciones realizadas con el acompa\u00f1amiento de Brasil, CICR y colombianos y colombianas por la Paz.<\/p>\n<p>Entre otras noticias, Caucasia se moviliz\u00f3 el 7 del mismo mes, en manifestaci\u00f3n pac\u00edfica contra la violencia.<\/p>\n<p>Palabras clave: Acciones violentas, Robos.<\/p>\n<p>Sugerencia de palabras claves:<\/p>\n<p>Observaciones: Estos hechos no fueron registrados como noticia en el peri\u00f3dico El Colombiano; el \u00fanico pronunciamiento al respecto ha sido esta breve columna de opini\u00f3n.<\/p>\n<p>Fecha de diligenciamiento: 17\/12\/2018<\/p>\n<h1 style=\"text-align: center;\">***<\/h1>\n<p><strong>N\u00famero de ficha<\/strong>: E13&nbsp;&nbsp;&nbsp;&nbsp;&nbsp;&nbsp;&nbsp;&nbsp;&nbsp;&nbsp;&nbsp;&nbsp;&nbsp;&nbsp;&nbsp;&nbsp;&nbsp;&nbsp;&nbsp;&nbsp;&nbsp;&nbsp;&nbsp;&nbsp;&nbsp;&nbsp;&nbsp;&nbsp;&nbsp;&nbsp;&nbsp;&nbsp;&nbsp;&nbsp;&nbsp;&nbsp;&nbsp;&nbsp;&nbsp;&nbsp;&nbsp;&nbsp;&nbsp;&nbsp;&nbsp;<\/p>\n<p><strong>Diligenciada por: <\/strong>Mariana Villegas Jim\u00e9nez<\/p>\n<p>INFORMACI\u00d3N BIBLIOGR\u00c1FICA<\/p>\n<p>Peri\u00f3dico: El Colombiano<\/p>\n<p>Lugar de edici\u00f3n: Medell\u00edn<\/p>\n<p>Autor personal:<\/p>\n<p>Autor corporativo:<\/p>\n<p>Fecha: 2009, febrero, 24<\/p>\n<p>P\u00e1gina: 5c<\/p>\n<p>Secci\u00f3n: Educaci\u00f3n<\/p>\n<p><strong>Titular: <\/strong>En la U. de A. rechazan acto violento del jueves pasado<\/p>\n<p><strong>Resumen:<\/strong> \u201cLa Rector\u00eda de la Universidad de Antioquia reprob\u00f3 lo sucedido el jueves 19, cuando un grupo de encapuchados ingres\u00f3 a las oficinas del Departamento de Admisiones y Registro y sustrajo una resma de papel, dirigi\u00e9ndose al Centro de Fotocopiado del Bloque 22, en donde oblig\u00f3 a la impresi\u00f3n de un texto cuyo contenido alude a las motivaciones de la protesta violenta del 15 de febrero, condenadas en comunicado p\u00fablico expedido por la Secretar\u00eda General el 16 de febrero y dirigido en forma oportuna a la opini\u00f3n p\u00fablica y a los medios de comunicaci\u00f3n.\u201d<\/p>\n<p><strong>Im\u00e1genes: <\/strong><\/p>\n<p>INFORMACI\u00d3N ANAL\u00cdTICA<\/p>\n<p>Contexto de la noticia: Desde meses anteriores hay preocupaci\u00f3n por la seguridad de la ciudad en general y dentro de la Universidad se habr\u00edan presentado varios robos recientemente. El d\u00eda 19 se presentaron manifestaciones en Choc\u00f3 y Medell\u00edn, reclamando la pavimentaci\u00f3n del tramo El Siete-Quibd\u00f3.<\/p>\n<p>En el contexto nacional sigue en auge el esc\u00e1ndalo por las chuzadas del DAS; cada vez son m\u00e1s las confesiones de los ex integrantes de las AUC que delatan relaciones de militares y congresistas con actores armados ilegales; y, siguen en aumento los desmovilizados.<\/p>\n<p>En M\u00e9xico contin\u00faan en aumento los asesinatos en lo que va del a\u00f1o.<\/p>\n<p>Palabras clave: Acciones contestatarias, Acciones de propaganda, Acciones violentas, Robo, Acciones de resistencia, Comunicados, misivas, declaraciones, Rector\u00eda Uribe Correa, Alberto, Grupos clandestinos.<\/p>\n<p>Sugerencia de palabras claves:<\/p>\n<p>Observaciones: Acerca de la supuesta protesta violenta del 15 de febrero no se encontr\u00f3 informaci\u00f3n en el diario. Vale aclarar que este d\u00eda fue domingo.<\/p>\n<p>Fecha de diligenciamiento: 17\/12\/2018<\/p>\n<h1 style=\"text-align: center;\">***<\/h1>\n<p><strong>N\u00famero de ficha<\/strong>: E14&nbsp;&nbsp;&nbsp;&nbsp;&nbsp;&nbsp;&nbsp;&nbsp;&nbsp;&nbsp;&nbsp;&nbsp;&nbsp;&nbsp;&nbsp;&nbsp;&nbsp;&nbsp;&nbsp;&nbsp;&nbsp;&nbsp;&nbsp;&nbsp;&nbsp;&nbsp;&nbsp;&nbsp;&nbsp;&nbsp;&nbsp;&nbsp;&nbsp;&nbsp;&nbsp;&nbsp;&nbsp;&nbsp;&nbsp;&nbsp;&nbsp;&nbsp;&nbsp;&nbsp;&nbsp;<\/p>\n<p><strong>Diligenciada por: <\/strong>Mariana Villegas Jim\u00e9nez<\/p>\n<p>INFORMACI\u00d3N BIBLIOGR\u00c1FICA<\/p>\n<p>Peri\u00f3dico: El Colombiano<\/p>\n<p>Lugar de edici\u00f3n: Medell\u00edn<\/p>\n<p>Autor personal: Mart\u00ednez Arango, Rodrigo<\/p>\n<p>Autor corporativo:<\/p>\n<p>Fecha: 2009, marzo, 13<\/p>\n<p>P\u00e1gina: 7a<\/p>\n<p>Secci\u00f3n: \u00c1rea Metro<\/p>\n<p><strong>Titular: <\/strong>Asesinato sacudi\u00f3 la U. de A.<\/p>\n<p><strong>Resumen:<\/strong> El 12 de marzo fue asesinado Jorge Andr\u00e9s Isaza Vel\u00e1squez, un ex alumno de la Facultad de Derecho de la Universidad de Antioquia. Los hechos se presentaron en el Bloque 14 del campus, donde dos encapuchados atacaron con arma de fuego a la v\u00edctima, quien, seg\u00fan el vicerrector Martiniano Jaime Contreras, habr\u00eda salido de la Universidad hace un a\u00f1o por mal rendimiento. La noticia da cuenta de las siguientes palabras del directivo: \u201cEsperamos, agreg\u00f3, que la comunidad nos comprenda porque vamos a exigir el carn\u00e9 y a pedir la identificaci\u00f3n en el ingreso ya que tenemos que preocuparnos por nuestro propio blindaje\u201d. Seg\u00fan el reporte, en las horas de la noche se mont\u00f3 un dispositivo de requisa en las puertas del campus. Algunos estudiantes del Comit\u00e9 de Derechos Humanos Gustavo Marulanda manifestaron que ocho d\u00edas antes hab\u00edan recibido una amenaza del grupo \u201cAutodefensas de Antioquia\u201d con nombres propios en sus correos electr\u00f3nicos, pero, seg\u00fan el vicerrector, la v\u00edctima letal no se encontraba en la lista. En la parte final de la noticia aparece el pronunciamiento de la Universidad acerca del hecho, donde el rector invita a universitarios y a la sociedad en general a \u201cunirse en torno a la defensa de la vida y la libertad, para hacer viable la realizaci\u00f3n de la misi\u00f3n de la Universidad\u201d.<\/p>\n<p><strong>Im\u00e1genes: <\/strong>IMG E14. \u00b4En la fotograf\u00eda aparecen un agente del CTI y un hombre que parece ser del equipo de seguridad de la universidad, ubicados en el lugar de los hechos, el cual ya se encuentra acordonado y se evidencia un rastro se sangre en el suelo. Al fondo aparece una multitud. Foto: Jos\u00e9 Luis Chavarriaga.<\/p>\n<p>INFORMACI\u00d3N ANAL\u00cdTICA<\/p>\n<p><strong>Contexto de la noticia<\/strong>: En el contexto de la Universidad, se est\u00e1n realizando foros y debates con los candidatos a la rector\u00eda.<\/p>\n<p>Durante el mes de marzo contin\u00faa el miedo por la inseguridad en las calles del Valle de Aburr\u00e1, motivo por el que se ha incrementado el pie de fuerza y las medidas para contrarrestar la violencia, entre ellas toque de queda en Itag\u00fc\u00ed; m\u00e1s a\u00fan cuando se acerca la Asamblea del BID, que ser\u00eda realizada a finales de este mes. El d\u00eda 7 fue realizada la marcha contra la violencia en la comuna 1, en las calles de Santo Domingo y Granizal. En el contexto nacional, el 10 se llev\u00f3 a cabo otra manifestaci\u00f3n por la mima raz\u00f3n en Puerto Berrio; este mismo d\u00eda las FARC atentaron contra un acueducto en Villavicencio; contin\u00faan implicados en parapol\u00edtica: reabren investigaci\u00f3n contra Rito Alejo del R\u00edo; y, el proceso de erradicaci\u00f3n de coca contin\u00faa en el pa\u00eds. Los enfrentamientos entre las fuerzas armadas y las FARC contin\u00faan, dejando muertos, heridos y desmovilizados, adem\u00e1s de aumentar operativos en el Bajo Cauca Antioque\u00f1o.<\/p>\n<p>Palabras clave: Acciones violentas, Asesinato, Amenaza, Isaza Vel\u00e1squez, Jorge Andr\u00e9s, Actores no identificados, Comit\u00e9 de Derechos Humanos Gustavo Marulanda, Autodefensas de Antioquia, Acciones de resistencia, Comunicados, misivas, declaraciones, Rector\u00eda Uribe Correa, Alberto.<\/p>\n<p>Sugerencia de palabras claves:<\/p>\n<p>Observaciones:<\/p>\n<p>Fecha de diligenciamiento: 17\/12\/2018<\/p>\n<h1 style=\"text-align: center;\">***<\/h1>\n<p><strong>N\u00famero de ficha<\/strong>: E15&nbsp;&nbsp;&nbsp;&nbsp;&nbsp;&nbsp;&nbsp;&nbsp;&nbsp;&nbsp;&nbsp;&nbsp;&nbsp;&nbsp;&nbsp;&nbsp;&nbsp;&nbsp;&nbsp;&nbsp;&nbsp;&nbsp;&nbsp;&nbsp;&nbsp;&nbsp;&nbsp;&nbsp;&nbsp;&nbsp;&nbsp;&nbsp;&nbsp;&nbsp;&nbsp;&nbsp;&nbsp;&nbsp;&nbsp;&nbsp;&nbsp;&nbsp;&nbsp;&nbsp;&nbsp;<\/p>\n<p><strong>Diligenciada por: <\/strong>Mariana Villegas Jim\u00e9nez<\/p>\n<p>INFORMACI\u00d3N BIBLIOGR\u00c1FICA<\/p>\n<p>Peri\u00f3dico: El Colombiano<\/p>\n<p>Lugar de edici\u00f3n: Medell\u00edn<\/p>\n<p>Autor personal: Restrepo, Carlos Olimpo<\/p>\n<p>Autor corporativo:<\/p>\n<p>Fecha: 2009, marzo, 14<\/p>\n<p>P\u00e1gina: 7a<\/p>\n<p>Secci\u00f3n: \u00c1rea Metro<\/p>\n<p><strong>Titular: <\/strong>Los controles en la U se aplican de manera estricta<\/p>\n<p><strong>Resumen:<\/strong> La exigencia de documentos al ingreso, requisa de veh\u00edculos y bolsos y autorizaci\u00f3n de ingreso de la fuerza p\u00fablica son algunas de las medidas tomadas con el fin de contrarrestar la inseguridad que vive la Universidad. Con respecto a las ventas informales, \u00e9stas fueron prohibidas y se inici\u00f3 un censo para identificar qui\u00e9nes de ellos son estudiantes y, seg\u00fan el vicerrector, se est\u00e1n buscando opciones para organizarlos o ayudarlos. Entre otras cosas, algunos manifestaron malestar porque en la reuni\u00f3n realizada el d\u00eda anterior en la Gobernaci\u00f3n no se les dio la suficiente relevancia a las v\u00edctimas de la amenaza a algunos estudiantes por parte de un grupo autodenominado \u201cAutodefensas de Antioquia\u201d.<\/p>\n<p><strong>Im\u00e1genes: <\/strong><\/p>\n<p>INFORMACI\u00d3N ANAL\u00cdTICA<\/p>\n<p>Contexto de la noticia: Estas respuestas institucionales son desatadas por el asesinato ocurrido el 12 de marzo dentro del campus universitario.<br \/>\nDurante el mes de marzo contin\u00faa el miedo por la inseguridad en las calles del Valle de Aburr\u00e1, motivo por el que se ha incrementado el pie de fuerza y las medidas para contrarrestar la violencia, entre ellas un toque de queda en Itag\u00fc\u00ed; m\u00e1s a\u00fan cuando se acerca la Asamblea del BID, que ser\u00eda realizada a finales de este mes. En el contexto nacional, el 10 se llev\u00f3 a cabo una manifestaci\u00f3n contra la violencia en Puerto Berr\u00edo; este mismo d\u00eda las FARC atentaron contra un acueducto en Villavicencio; contin\u00faan implicados en parapol\u00edtica: reabren investigaci\u00f3n contra Rito Alejo del R\u00edo; contin\u00faa esc\u00e1ndalo por DMG y, el proceso de erradicaci\u00f3n de coca contin\u00faa en el pa\u00eds. Los enfrentamientos entre las fuerzas armadas y las FARC contin\u00faan, dejando muertos, heridos y desmovilizados, adem\u00e1s de aumentar operativos en el Bajo Cauca Antioque\u00f1o.<\/p>\n<p>Palabras clave: Respuestas institucionales<\/p>\n<p>Sugerencia de palabras claves: Incremento de medidas de seguridad.<\/p>\n<p>Observaciones:<\/p>\n<p>Fecha de diligenciamiento: 17\/12\/2018<\/p>\n<h1 style=\"text-align: center;\">***<\/h1>\n<p><strong>N\u00famero de ficha<\/strong>: E16&nbsp;&nbsp;&nbsp;&nbsp;&nbsp;&nbsp;&nbsp;&nbsp;&nbsp;&nbsp;&nbsp;&nbsp;&nbsp;&nbsp;&nbsp;&nbsp;&nbsp;&nbsp;&nbsp;&nbsp;&nbsp;&nbsp;&nbsp;&nbsp;&nbsp;&nbsp;&nbsp;&nbsp;&nbsp;&nbsp;&nbsp;&nbsp;&nbsp;&nbsp;&nbsp;&nbsp;&nbsp;&nbsp;&nbsp;&nbsp;&nbsp;&nbsp;&nbsp;&nbsp;&nbsp;<\/p>\n<p><strong>Diligenciada por: <\/strong>Mariana Villegas Jim\u00e9nez<\/p>\n<p>INFORMACI\u00d3N BIBLIOGR\u00c1FICA<\/p>\n<p>Peri\u00f3dico: El Colombiano<\/p>\n<p>Lugar de edici\u00f3n: Medell\u00edn<\/p>\n<p>Autor personal: Restrepo, Carlos Olimpo<\/p>\n<p>Autor corporativo:<\/p>\n<p>Fecha: 2009, marzo, 14<\/p>\n<p>P\u00e1gina: 7a<\/p>\n<p>Secci\u00f3n: \u00c1rea Metro<\/p>\n<p><strong>Titular: <\/strong>Rechazan crimen y amenazas a alumnos<\/p>\n<p><strong>Resumen:<\/strong> En un comunicado los Consejos Superior Universitario y Acad\u00e9mico rechazaron crimen ocurrido el 12 de marzo, donde fue asesinado el exalumno Jorge Andr\u00e9s Isaza Vel\u00e1squez, y apoyaron las medidas tomadas por la Administraci\u00f3n Central. Por su parte la Facultad de Derecho convoc\u00f3 a un acto p\u00fablico el 19 de marzo en defensa de la Universidad.<\/p>\n<p><strong>Im\u00e1genes: <\/strong>IMG E16. En la fotograf\u00eda se muestra un camino de rosas tendidas en el suelo, el cual llega a un c\u00edrculo formado por las mismas y en el centro se encuentra la foto del difunto. Foto: Julio C\u00e9sar Herrera.<\/p>\n<p>INFORMACI\u00d3N ANAL\u00cdTICA<\/p>\n<p>Contexto de la noticia: Estas respuestas institucionales son desatadas por el asesinato ocurrido el 12 de marzo dentro del campus universitario.<br \/>\nDurante el mes de marzo contin\u00faa el miedo por la inseguridad en las calles del Valle de Aburr\u00e1, motivo por el que se ha incrementado el pie de fuerza y las medidas para contrarrestar la violencia, entre ellas un toque de queda en Itag\u00fc\u00ed; m\u00e1s a\u00fan cuando se acerca la Asamblea del BID, que ser\u00eda realizada a finales de este mes. En el contexto nacional, el 10 se llev\u00f3 a cabo una manifestaci\u00f3n contra la violencia en Puerto Berr\u00edo; este mismo d\u00eda las FARC atentaron contra un acueducto en Villavicencio; contin\u00faan implicados en parapol\u00edtica: reabren investigaci\u00f3n contra Rito Alejo del R\u00edo; contin\u00faa esc\u00e1ndalo por DMG y, el proceso de erradicaci\u00f3n de coca contin\u00faa en el pa\u00eds. Los enfrentamientos entre las fuerzas armadas y las FARC contin\u00faan, dejando muertos, heridos y desmovilizados, adem\u00e1s de aumentar operativos en el Bajo Cauca Antioque\u00f1o.<\/p>\n<p>Palabras clave: Acciones de resistencia, Comunicados, misivas, declaraciones, Consejo Superior Universitario, Consejo Acad\u00e9mico.<\/p>\n<p>Sugerencia de palabras claves:<\/p>\n<p>Observaciones:<\/p>\n<p>Fecha de diligenciamiento: 17\/12\/2018<\/p>\n<h1 style=\"text-align: center;\">***<\/h1>\n<p><strong>N\u00famero de ficha<\/strong>: E17&nbsp;&nbsp;&nbsp;&nbsp;&nbsp;&nbsp;&nbsp;&nbsp;&nbsp;&nbsp;&nbsp;&nbsp;&nbsp;&nbsp;&nbsp;&nbsp;&nbsp;&nbsp;&nbsp;&nbsp;&nbsp;&nbsp;&nbsp;&nbsp;&nbsp;&nbsp;&nbsp;&nbsp;&nbsp;&nbsp;&nbsp;&nbsp;&nbsp;&nbsp;&nbsp;&nbsp;&nbsp;&nbsp;&nbsp;&nbsp;&nbsp;&nbsp;&nbsp;&nbsp;&nbsp;<\/p>\n<p><strong>Diligenciada por: <\/strong>Mariana Villegas Jim\u00e9nez<\/p>\n<p>INFORMACI\u00d3N BIBLIOGR\u00c1FICA<\/p>\n<p>Peri\u00f3dico: El Colombiano<\/p>\n<p>Lugar de edici\u00f3n: Medell\u00edn<\/p>\n<p>Autor personal: Chica Agudelo, Ana Mar\u00eda<\/p>\n<p>Autor corporativo:<\/p>\n<p>Fecha: 2009, marzo, 14<\/p>\n<p>P\u00e1gina: 7a<\/p>\n<p>Secci\u00f3n: \u00c1rea Metro<\/p>\n<p><strong>Titular: <\/strong>Estudiantes despidieron a Jorge<\/p>\n<p><strong>Resumen:<\/strong> Un cartel que dec\u00eda \u201cLa Facultad de Derecho y Ciencias Pol\u00edticas se encuentra de duelo porque jam\u00e1s podremos callarnos ni conformarnos ante lo intolerable\u201d junto a la foto del exalumno asesinado, Jorge Andr\u00e9s Isaza Vel\u00e1squez, se encontraban sobre un altar de claveles para evidenciar el rechazo ante lo ocurrido. La noticia comenta tambi\u00e9n algunas de las medidas tomadas por la instituci\u00f3n con el fin de contrarrestar la inseguridad y controlar el ingreso de personas externas.<\/p>\n<p><strong>Im\u00e1genes: <\/strong>IMG E17. En la fotograf\u00eda se muestra un grupo de personas reunidas alrededor del altar de claveles. Foto: Julio C\u00e9sar Herrera.<\/p>\n<p>INFORMACI\u00d3N ANAL\u00cdTICA<\/p>\n<p>Contexto de la noticia: Estas respuestas institucionales son desatadas por el asesinato ocurrido el 12 de marzo dentro del campus universitario.<br \/>\nDurante el mes de marzo contin\u00faa el miedo por la inseguridad en las calles del Valle de Aburr\u00e1, motivo por el que se ha incrementado el pie de fuerza y las medidas para contrarrestar la violencia, entre ellas un toque de queda en Itag\u00fc\u00ed; m\u00e1s a\u00fan cuando se acerca la Asamblea del BID, que ser\u00eda realizada a finales de este mes. En el contexto nacional, el 10 se llev\u00f3 a cabo una manifestaci\u00f3n contra la violencia en Puerto Berr\u00edo; este mismo d\u00eda las FARC atentaron contra un acueducto en Villavicencio; contin\u00faan implicados en parapol\u00edtica: reabren investigaci\u00f3n contra Rito Alejo del R\u00edo; contin\u00faa esc\u00e1ndalo por DMG y, el proceso de erradicaci\u00f3n de coca contin\u00faa en el pa\u00eds. Los enfrentamientos entre las fuerzas armadas y las FARC contin\u00faan, dejando muertos, heridos y desmovilizados, adem\u00e1s de aumentar operativos en el Bajo Cauca Antioque\u00f1o.<\/p>\n<p>Palabras clave: Acciones de resistencia, Actos simb\u00f3licos, Jorge Andr\u00e9s Isaza Vel\u00e1squez, Facultad de Derecho y Ciencias Pol\u00edticas.<\/p>\n<p>Sugerencia de palabras claves: Incremento de medidas de seguridad.<\/p>\n<p>Observaciones:<\/p>\n<p>Fecha de diligenciamiento: 17\/12\/2018<\/p>\n<h1 style=\"text-align: center;\">***<\/h1>\n<p><strong>N\u00famero de ficha<\/strong>: E18&nbsp;&nbsp;&nbsp;&nbsp;&nbsp;&nbsp;&nbsp;&nbsp;&nbsp;&nbsp;&nbsp;&nbsp;&nbsp;&nbsp;&nbsp;&nbsp;&nbsp;&nbsp;&nbsp;&nbsp;&nbsp;&nbsp;&nbsp;&nbsp;&nbsp;&nbsp;&nbsp;&nbsp;&nbsp;&nbsp;&nbsp;&nbsp;&nbsp;&nbsp;&nbsp;&nbsp;&nbsp;&nbsp;&nbsp;&nbsp;&nbsp;&nbsp;&nbsp;&nbsp;&nbsp;<\/p>\n<p><strong>Diligenciada por: <\/strong>Mariana Villegas Jim\u00e9nez<\/p>\n<p>INFORMACI\u00d3N BIBLIOGR\u00c1FICA<\/p>\n<p>Peri\u00f3dico: El Colombiano<\/p>\n<p>Lugar de edici\u00f3n: Medell\u00edn<\/p>\n<p>Autor personal: Mart\u00ednez Arango, Rodrigo<\/p>\n<p>Autor corporativo:<\/p>\n<p>Fecha: 2009, marzo, 19<\/p>\n<p>P\u00e1gina: 8a<\/p>\n<p>Secci\u00f3n: \u00c1rea Metro<\/p>\n<p><strong>Titular: <\/strong>En la U. de A., una reflexi\u00f3n por la vida<\/p>\n<p><strong>Resumen:<\/strong> \u201cNuestra Voz\u201d fue denominado el acto simb\u00f3lico del que participaron estudiantes, docentes, egresados y directivos \u201cpara hacer una reflexi\u00f3n por la vida y la libertad\u201d, en el cual se compartieron los \u201cpuntos de vista sobre la tolerancia y la funci\u00f3n democr\u00e1tica de la universidad p\u00fablica.\u201d<\/p>\n<p><strong>Im\u00e1genes: <\/strong>IMG E18. En la fotograf\u00eda se muestra al rector Alberto Uribe con otras dos personas escribiendo sobre un muro. \u201c\u201cCuida tu alma\u2026 de la violencia para que prevalezca la vida, la libertad y la ciencia\u201d, fue el mensaje que plasm\u00f3 el rector Alberto Uribe, en este pared\u00f3n.\u201d Foto: Jos\u00e9 Luis Chavarriaga.<\/p>\n<p>INFORMACI\u00d3N ANAL\u00cdTICA<\/p>\n<p>Contexto de la noticia: Este hecho simb\u00f3lico se llev\u00f3 a cabo a ra\u00edz del asesinato ocurrido el 12 de marzo dentro del campus universitario. Por su parte, la inseguridad agobia a la ciudad y, en especial, a la comuna 11 y sigue en aumento el pie de fuerza.<\/p>\n<p>Palabras clave: Acciones de resistencia, Actos simb\u00f3licos, Rector\u00eda Uribe Correa, Alberto, Organizaciones Estudiantiles, Estudiantes, Profesores.<\/p>\n<p>Sugerencia de palabras claves:<\/p>\n<p>Observaciones: Del evento se dice que participaron estudiantes, docentes, egresados, directivos y en un momento se habla de \u201crepresentantes de facultades\u201d, pero en ning\u00fan momento se menciona con nombre propio alguna Oficina, movimiento u organizaci\u00f3n estudiantil.<\/p>\n<p>Fecha de diligenciamiento: 17\/12\/2018<\/p>\n<h1 style=\"text-align: center;\">***<\/h1>\n<p><strong>N\u00famero de ficha<\/strong>: E19&nbsp;&nbsp;&nbsp;&nbsp;&nbsp;&nbsp;&nbsp;&nbsp;&nbsp;&nbsp;&nbsp;&nbsp;&nbsp;&nbsp;&nbsp;&nbsp;&nbsp;&nbsp;&nbsp;&nbsp;&nbsp;&nbsp;&nbsp;&nbsp;&nbsp;&nbsp;&nbsp;&nbsp;&nbsp;&nbsp;&nbsp;&nbsp;&nbsp;&nbsp;&nbsp;&nbsp;&nbsp;&nbsp;&nbsp;&nbsp;&nbsp;&nbsp;&nbsp;&nbsp;&nbsp;<\/p>\n<p><strong>Diligenciada por: <\/strong>Mariana Villegas Jim\u00e9nez<\/p>\n<p>INFORMACI\u00d3N BIBLIOGR\u00c1FICA<\/p>\n<p>Peri\u00f3dico: El Colombiano<\/p>\n<p>Lugar de edici\u00f3n: Medell\u00edn<\/p>\n<p>Autor personal: G\u00f3mez Ochoa, Gloria Luz<\/p>\n<p>Autor corporativo:<\/p>\n<p>Fecha: 2009, marzo, 21<\/p>\n<p>P\u00e1gina: 8a<\/p>\n<p>Secci\u00f3n: \u00c1rea Metro<\/p>\n<p><strong>Titular: <\/strong>Operativo sorpresa de la Polic\u00eda en la U. de A.<\/p>\n<p><strong>Resumen:<\/strong> Una semana despu\u00e9s del homicidio del exalumno Jorge Andr\u00e9s Isaza Vel\u00e1squez, el viernes 20 de marzo en las horas de la tarde integrantes de la fuerza p\u00fablica ingresaron al Alma Mater. Seg\u00fan la noticia, \u201cse agreg\u00f3 en el comunicado oficial [de las directivas de la Universidad] que, al parecer, fueron detenidas 17 personas, diez de ellas con posesi\u00f3n de estupefacientes y licor\u201d; adem\u00e1s, siete de los detenidos portaban el carn\u00e9 de la Universidad y se cont\u00f3 con el acompa\u00f1amiento de la Personer\u00eda de D.H.<\/p>\n<p><strong>Im\u00e1genes: <\/strong><\/p>\n<p>INFORMACI\u00d3N ANAL\u00cdTICA<\/p>\n<p>Contexto de la noticia: Este hecho se llev\u00f3 a cabo a ra\u00edz del asesinato ocurrido el 12 de marzo dentro del campus universitario. Entre otras noticias, inician presiones por proyecto de penalizaci\u00f3n de la dosis m\u00ednima.<\/p>\n<p>Palabras clave: Acciones violentas, Ingreso de la fuerza p\u00fablica o Ej\u00e9rcito, Respuestas institucionales, Detenciones, Polic\u00eda.<\/p>\n<p>Sugerencia de palabras claves:<\/p>\n<p>Observaciones: Entre otras noticias, en el peri\u00f3dico del d\u00eda 27 de marzo del 2009, en la p\u00e1gina 6a (\u00c1rea Metro), aparece una noticia que relata c\u00f3mo fueron expulsados de los alrededores de la universidad cerca de 60 comerciantes informales, acci\u00f3n desencadenada supuestamente tambi\u00e9n por los hechos ocurridos el d\u00eda 12 de marzo.<\/p>\n<p>Fecha de diligenciamiento: 17\/12\/2018<\/p>\n<h1 style=\"text-align: center;\">***<\/h1>\n<p><strong>N\u00famero de ficha<\/strong>: E20&nbsp;&nbsp;&nbsp;&nbsp;&nbsp;&nbsp;&nbsp;&nbsp;&nbsp;&nbsp;&nbsp;&nbsp;&nbsp;&nbsp;&nbsp;&nbsp;&nbsp;&nbsp;&nbsp;&nbsp;&nbsp;&nbsp;&nbsp;&nbsp;&nbsp;&nbsp;&nbsp;&nbsp;&nbsp;&nbsp;&nbsp;&nbsp;&nbsp;&nbsp;&nbsp;&nbsp;&nbsp;&nbsp;&nbsp;&nbsp;&nbsp;&nbsp;&nbsp;&nbsp;&nbsp;<\/p>\n<p><strong>Diligenciada por: <\/strong>Mariana Villegas Jim\u00e9nez<\/p>\n<p>INFORMACI\u00d3N BIBLIOGR\u00c1FICA<\/p>\n<p>Peri\u00f3dico: El Colombiano<\/p>\n<p>Lugar de edici\u00f3n: Medell\u00edn<\/p>\n<p>Autor personal:<\/p>\n<p>Autor corporativo:<\/p>\n<p>Fecha: 2009, junio, 12<\/p>\n<p>P\u00e1gina: 7a<\/p>\n<p>Secci\u00f3n: \u00c1rea Metro<\/p>\n<p><strong>Titular: <\/strong>Jornada acad\u00e9mica en la U. de A. afectada por actos de vandalismo<\/p>\n<p><strong>Resumen:<\/strong> El d\u00eda 11 de junio en las horas de la ma\u00f1ana un grupo de encapuchados atacaron los cajeros del bloque de Ingenier\u00eda y algunas m\u00e1quinas dispensadoras de comestibles. En las horas de la tarde se presentaron enfrentamientos entre estudiantes y Polic\u00eda. Seg\u00fan la noticia, \u201cla Universidad lament\u00f3 y rechaz\u00f3 los actos de violencia que se presentan en un periodo que ha sido tranquilo, adem\u00e1s hizo un llamado a trabajar por la convivencia tranquila\u201d.<\/p>\n<p><strong>Im\u00e1genes: <\/strong><\/p>\n<p>INFORMACI\u00d3N ANAL\u00cdTICA<\/p>\n<p>Contexto de la noticia: El 4 de junio, la Asamblea de Estudiantes del Polit\u00e9cnico Jaime Isaza Cadavid reci\u00e9n decidi\u00f3 regresar a clases, despu\u00e9s de pasar en anormalidad acad\u00e9mica aproximadamente un mes, reclamando mejoras en infraestructura, rebaja del valor de las matr\u00edculas y la revocatoria de mandato del rector.<\/p>\n<p>Entre otras noticias, contin\u00faan las versiones libres de ex paramilitares; contin\u00faan desmovilizaciones de guerrilleros; y, siguen con presiones por ratificaci\u00f3n del TLC.<\/p>\n<p>Palabras clave: Acciones contestatarias, Tropel, Grupos clandestinos, Estudiantes, Polic\u00eda, Acciones de resistencia, Comunicados, misivas, declaraciones.<\/p>\n<p>Sugerencia de palabras claves:<\/p>\n<p>Observaciones: No se utiliza la palabra clave \u201cda\u00f1o a bienes civiles\u201d puesto que la palabra \u201catacar\u201d usada en la noticia, da a entender que los sujetos ten\u00edan expresamente la intenci\u00f3n de agredir estos artefactos y no fueron \u201cda\u00f1os colaterales\u201d.<\/p>\n<p>Fecha de diligenciamiento: 25\/12\/2018<\/p>\n<h1 style=\"text-align: center;\">***<\/h1>\n<p><strong>N\u00famero de ficha<\/strong>: E21&nbsp;&nbsp;&nbsp;&nbsp;&nbsp;&nbsp;&nbsp;&nbsp;&nbsp;&nbsp;&nbsp;&nbsp;&nbsp;&nbsp;&nbsp;&nbsp;&nbsp;&nbsp;&nbsp;&nbsp;&nbsp;&nbsp;&nbsp;&nbsp;&nbsp;&nbsp;&nbsp;&nbsp;&nbsp;&nbsp;&nbsp;&nbsp;&nbsp;&nbsp;&nbsp;&nbsp;&nbsp;&nbsp;&nbsp;&nbsp;&nbsp;&nbsp;&nbsp;&nbsp;&nbsp;<\/p>\n<p><strong>Diligenciada por: <\/strong>Mariana Villegas Jim\u00e9nez<\/p>\n<p>INFORMACI\u00d3N BIBLIOGR\u00c1FICA<\/p>\n<p>Peri\u00f3dico: El Colombiano<\/p>\n<p>Lugar de edici\u00f3n: Medell\u00edn<\/p>\n<p>Autor personal:<\/p>\n<p>Autor corporativo:<\/p>\n<p>Fecha: 2009, julio, 23<\/p>\n<p>P\u00e1gina: 8a<\/p>\n<p>Secci\u00f3n: \u00c1rea Regional<\/p>\n<p><strong>Titular: <\/strong>Disturbios afectaron jornada acad\u00e9mica en la U. de A.<\/p>\n<p><strong>Resumen:<\/strong> El d\u00eda 22 de julio un grupo de encapuchados detonaron papas bomba y la situaci\u00f3n result\u00f3 en un enfrentamiento con la fuerza p\u00fablica. El hecho gener\u00f3 la evacuaci\u00f3n del campus y la suspensi\u00f3n de las actividades, que ser\u00edan reanudadas el d\u00eda siguiente.<\/p>\n<p><strong>Im\u00e1genes: <\/strong><\/p>\n<p>INFORMACI\u00d3N ANAL\u00cdTICA<\/p>\n<p>Contexto de la noticia: Mientras en Medell\u00edn contin\u00faa el aumento del pie de fuerza, el pa\u00eds gestiona acuerdo de cooperaci\u00f3n militar con Estados Unidos, lo que le genera a Colombia algunas discordias con pa\u00edses vecinos. Adem\u00e1s, el 22 de julio condenan al Estado por Operaci\u00f3n Mariscal.<\/p>\n<p>Palabras clave: Acciones contestatarias, Tropel, Respuestas institucionales, Evacuaci\u00f3n, Grupos clandestinos, Polic\u00eda.<\/p>\n<p>Sugerencia de palabras claves:<\/p>\n<p>Observaciones: Fecha de diligenciamiento: 30\/12\/2018<\/p>\n<h1 style=\"text-align: center;\">***<\/h1>\n<p><strong>N\u00famero de ficha<\/strong>: E22&nbsp;&nbsp;&nbsp;&nbsp;&nbsp;&nbsp;&nbsp;&nbsp;&nbsp;&nbsp;&nbsp;&nbsp;&nbsp;&nbsp;&nbsp;&nbsp;&nbsp;&nbsp;&nbsp;&nbsp;&nbsp;&nbsp;&nbsp;&nbsp;&nbsp;&nbsp;&nbsp;&nbsp;&nbsp;&nbsp;&nbsp;&nbsp;&nbsp;&nbsp;&nbsp;&nbsp;&nbsp;&nbsp;&nbsp;&nbsp;&nbsp;&nbsp;&nbsp;&nbsp;&nbsp;<\/p>\n<p><strong>Diligenciada por: <\/strong>Mariana Villegas Jim\u00e9nez<\/p>\n<p>INFORMACI\u00d3N BIBLIOGR\u00c1FICA<\/p>\n<p>Peri\u00f3dico: El Colombiano<\/p>\n<p>Lugar de edici\u00f3n: Medell\u00edn<\/p>\n<p>Autor personal: Guarnizo \u00c1lvarez, Jos\u00e9<\/p>\n<p>Autor corporativo:<\/p>\n<p>Fecha: 2009, agosto, 14<\/p>\n<p>P\u00e1gina: 6a<\/p>\n<p>Secci\u00f3n: \u00c1rea Metro<\/p>\n<p><strong>Titular: <\/strong>U. de A. toma medidas por robos<\/p>\n<p><strong>Resumen:<\/strong> Debido al robo simult\u00e1neo a tres cafeter\u00edas ocurrido el 23 de enero y el robo ocurrido en la Facultad de Ingenier\u00eda y Deportes el martes 11 de agosto, el Consejo Superior aprob\u00f3 una partida de 2.000 millones de pesos para el proceso de carnetizaci\u00f3n de los estudiantes de la Universidad, para as\u00ed controlar el ingreso de externos. Como lo cita la noticia, seg\u00fan el vicerrector Martiniano Jaime Contreras, \u201cmediante un chip sabremos qui\u00e9n entra y a qu\u00e9 hora sale. Adem\u00e1s, seguiremos instalando c\u00e1maras en sitios estrat\u00e9gicos, donde hay m\u00e1s presencia de computadores port\u00e1tiles o video beam\u201d. Otras medidas a tomar ser\u00edan reforzar las mallas que rodean el campus y aumentar el control del sistema de llaves que manejan los vigilantes.<\/p>\n<p><strong>Im\u00e1genes: <\/strong><\/p>\n<p>INFORMACI\u00d3N ANAL\u00cdTICA<\/p>\n<p>Contexto de la noticia: Cada vez es mayor la preocupaci\u00f3n por la inseguridad en Medell\u00edn, se presenta desplazamiento intraurbano por recrudecimiento del conflicto. Envigado tambi\u00e9n sigue siendo escenario de homicidios y la comuna 6 es v\u00edctima de enfrentamientos entre combos por disputa territorial, contando ya 119 muertos. En el mes de agosto hubo cambio de mandos policiales y se gestion\u00f3 la llegada de 1.150 efectivos a la ciudad.<\/p>\n<p>Las relaciones entre Colombia y Venezuela est\u00e1n en crisis por desacuerdo en el convenio militar entre Estados Unidos y Colombia.<\/p>\n<p>Palabras clave: Acciones violentas, Robos, Respuestas institucionales, Reforma Universitaria, Consejo Superior Universitario, Actores no identificados.<\/p>\n<p>Sugerencia de palabras claves:<\/p>\n<p>Observaciones:<\/p>\n<p>Fecha de diligenciamiento: 30\/12\/2018<\/p>\n<h1 style=\"text-align: center;\">***<\/h1>\n<p><strong>N\u00famero de ficha<\/strong>: E23&nbsp;&nbsp;&nbsp;&nbsp;&nbsp;&nbsp;&nbsp;&nbsp;&nbsp;&nbsp;&nbsp;&nbsp;&nbsp;&nbsp;&nbsp;&nbsp;&nbsp;&nbsp;&nbsp;&nbsp;&nbsp;&nbsp;&nbsp;&nbsp;&nbsp;&nbsp;&nbsp;&nbsp;&nbsp;&nbsp;&nbsp;&nbsp;&nbsp;&nbsp;&nbsp;&nbsp;&nbsp;&nbsp;&nbsp;&nbsp;&nbsp;&nbsp;&nbsp;&nbsp;&nbsp;<\/p>\n<p><strong>Diligenciada por: <\/strong>Mariana Villegas Jim\u00e9nez<\/p>\n<p>INFORMACI\u00d3N BIBLIOGR\u00c1FICA<\/p>\n<p>Peri\u00f3dico: El Colombiano<\/p>\n<p>Lugar de edici\u00f3n: Medell\u00edn<\/p>\n<p>Autor personal: Rodrigo Mart\u00ednez Arango<\/p>\n<p>Autor corporativo:<\/p>\n<p>Fecha: 2009, septiembre, 11<\/p>\n<p>P\u00e1gina: 10a<\/p>\n<p>Secci\u00f3n: \u00c1rea Metro<\/p>\n<p><strong>Titular: <\/strong>Dos heridos por explosi\u00f3n en U. de A.<\/p>\n<p><strong>Resumen:<\/strong> El 10 de septiembre, pasadas las 2 de la tarde, \u201cdos estudiantes de la Universidad de Antioquia resultaron heridos al estallarles un petardo que, al parecer, manipulaban, cuando participaban en una protesta\u201d. Ambos fueron trasladados a la Cl\u00ednica Le\u00f3n XIII, uno de ellos perdi\u00f3 su mano izquierda y otro sufri\u00f3 quemaduras en todo el cuerpo. La rector\u00eda orden\u00f3 la evacuaci\u00f3n del campus y la suspensi\u00f3n de las actividades acad\u00e9micas y administrativas. Durante los enfrentamientos posteriores con la Polic\u00eda, los cuales afectaron el tr\u00e1fico en los alrededores del campus, otros tres estudiantes resultaron heridos. \u201cLas directivas de la Universidad repudiaron el uso de la violencia y exhortaron a \u201cprivilegiar el di\u00e1logo, la cr\u00edtica razonada y la protesta pac\u00edfica, como medios imprescindibles para mantener la convivencia y la gobernabilidad\u201d\u201d.<\/p>\n<p><strong>Im\u00e1genes: <\/strong><\/p>\n<p>INFORMACI\u00d3N ANAL\u00cdTICA<\/p>\n<p>Contexto de la noticia: La fuerza p\u00fablica ha tomado medidas como los toques de queda en Medell\u00edn, de cara al recrudecimiento de la violencia.<\/p>\n<p>Palabras clave: Acciones contestatarias, Tropel, Acciones violentas, Uso de petardos y explosivos, Respuestas institucionales, Evacuaci\u00f3n, Acciones de resistencia, Comunicados, misivas, declaraciones, Estudiantes, Polic\u00eda, Rector\u00eda, Uribe Correa, Alberto.<\/p>\n<p>Sugerencia de palabras claves:<\/p>\n<p>Observaciones: Es aproximadamente en esta \u00e9poca donde se encienden las alarmas por falta de recursos en las Universidades p\u00fablicas.<\/p>\n<p>Fecha de diligenciamiento: 30\/12\/2018<\/p>\n<h1 style=\"text-align: center;\">***<\/h1>\n<p><strong>N\u00famero de ficha<\/strong>: E24&nbsp;&nbsp;&nbsp;&nbsp;&nbsp;&nbsp;&nbsp;&nbsp;&nbsp;&nbsp;&nbsp;&nbsp;&nbsp;&nbsp;&nbsp;&nbsp;&nbsp;&nbsp;&nbsp;&nbsp;&nbsp;&nbsp;&nbsp;&nbsp;&nbsp;&nbsp;&nbsp;&nbsp;&nbsp;&nbsp;&nbsp;&nbsp;&nbsp;&nbsp;&nbsp;&nbsp;&nbsp;&nbsp;&nbsp;&nbsp;&nbsp;&nbsp;&nbsp;&nbsp;&nbsp;<\/p>\n<p><strong>Diligenciada por: <\/strong>Mariana Villegas Jim\u00e9nez<\/p>\n<p>INFORMACI\u00d3N BIBLIOGR\u00c1FICA<\/p>\n<p>Peri\u00f3dico: El Colombiano<\/p>\n<p>Lugar de edici\u00f3n: Medell\u00edn<\/p>\n<p>Autor personal:<\/p>\n<p>Autor corporativo:<\/p>\n<p>Fecha: 2009, octubre, 21<\/p>\n<p>P\u00e1gina: 6a<\/p>\n<p>Secci\u00f3n: \u00c1rea Metro<\/p>\n<p><strong>Titular: <\/strong>Protestaron estudiantes de la U. de A. y de la Universidad Nacional<\/p>\n<p><strong>Resumen:<\/strong> Se presentaron pedreas a las afueras de la Universidad de Antioquia y de la Universidad Nacional, despu\u00e9s de la celebraci\u00f3n de una asamblea en el Teatro Camilo Torres. En la autopista norte atacaron una ambulancia y hubo congesti\u00f3n vehicular en el sector durante la tarde.<\/p>\n<p><strong>Im\u00e1genes: <\/strong><\/p>\n<p>INFORMACI\u00d3N ANAL\u00cdTICA<\/p>\n<p>Contexto de la noticia: En el marco de esta crisis presupuestal de las Universidades p\u00fablicas, el 16 de octubre, cerca de 300 manifestantes retuvieron durante aproximadamente cinco horas a Mois\u00e9s Wasserman, rector de la Universidad Nacional de Colombia, para exigirle un aumento en el presupuesto y solo logr\u00f3 salir de all\u00ed cuando acord\u00f3 que a partir del pr\u00f3ximo lunes iniciar\u00eda un di\u00e1logo entre estudiantes y directivas; el rector calific\u00f3 el hecho como un secuestro y, m\u00e1s tarde, ingres\u00f3 la polic\u00eda por orden presidencial y captur\u00f3 a 22 personas, siete de ellas menores de edad y los 15 adultos ser\u00edan investigados por orden del presidente. El total de los estudiantes fueron dejados en libertad por falta de pruebas y el presidente \u00c1lvaro Uribe ofreci\u00f3 recompensa de hasta 50 millones de pesos por quien brinde informaci\u00f3n sobre los responsables del hecho.<\/p>\n<p>Entre otras noticias, a inicios de octubre escap\u00f3 del Inpec alias \u201cPablito\u201d, jefe del ELN y Diego Le\u00f3n Montoya alias \u201cDiego\u201d jefe del cartel del Norte del Valle fue condenado a 45 a\u00f1os de c\u00e1rcel en Estados Unidos por tr\u00e1fico de drogas.<\/p>\n<p>Palabras clave: Acciones contestatarias, Tropel, Acciones violentas, Da\u00f1o a bienes civiles, Asamblea de Estudiantes,&nbsp;Estudiantes.<\/p>\n<p>Sugerencia de palabras claves: Financiaci\u00f3n<\/p>\n<p>Observaciones: En el peri\u00f3dico del d\u00eda 18 de octubre, en la p\u00e1gina 5b (Educaci\u00f3n), se public\u00f3 otra notica al respecto, donde se siguen exponiendo las razones de la desfinanciaci\u00f3n y se anuncia que se est\u00e1 a la espera de la aprobaci\u00f3n del presupuesto nacional; pero, a pesar de que se promete mayor presupuesto para 2010, hay inconformidad por el manejo que se le dar\u00eda a dichos recursos \u2013como su destinaci\u00f3n al Icetex y no directamente a las universidades\u2013 y por la necesidad de m\u00e1s cambios estructurales en el sistema.<\/p>\n<p>Fecha de diligenciamiento: 30\/12\/2018<\/p>\n<h1 style=\"text-align: center;\">***<\/h1>\n<p><strong>N\u00famero de ficha<\/strong>: E25&nbsp;&nbsp;&nbsp;&nbsp;&nbsp;&nbsp;&nbsp;&nbsp;&nbsp;&nbsp;&nbsp;&nbsp;&nbsp;&nbsp;&nbsp;&nbsp;&nbsp;&nbsp;&nbsp;&nbsp;&nbsp;&nbsp;&nbsp;&nbsp;&nbsp;&nbsp;&nbsp;&nbsp;&nbsp;&nbsp;&nbsp;&nbsp;&nbsp;&nbsp;&nbsp;&nbsp;&nbsp;&nbsp;&nbsp;&nbsp;&nbsp;&nbsp;&nbsp;&nbsp;&nbsp;<\/p>\n<p><strong>Diligenciada por: <\/strong>Mariana Villegas Jim\u00e9nez<\/p>\n<p>INFORMACI\u00d3N BIBLIOGR\u00c1FICA<\/p>\n<p>Peri\u00f3dico: El Colombiano<\/p>\n<p>Lugar de edici\u00f3n: Medell\u00edn<\/p>\n<p>Autor personal: Chica Agudelo, Ana Mar\u00eda<\/p>\n<p>Autor corporativo:<\/p>\n<p>Fecha: 2009, noviembre, 11<\/p>\n<p>P\u00e1gina: 6a<\/p>\n<p>Secci\u00f3n: \u00c1rea Metro<\/p>\n<p><strong>Titular: <\/strong>Disturbios en la U. de A. afectaron zona de Robledo<\/p>\n<p><strong>Resumen:<\/strong> El 10 de noviembre, desde el mediod\u00eda, se presentaron enfrentamientos entre estudiantes y el ESMAD en la sede de Robledo. Inicialmente, los estudiantes se sentaron en sus pupitres para bloquear la v\u00eda p\u00fablica y m\u00e1s tarde se presentaron los enfrentamientos, donde el gas lacrim\u00f3geno afect\u00f3 tanto a estudiantes como a comerciantes y habitantes del sector.<\/p>\n<p><strong>Im\u00e1genes: <\/strong>IMG E25. En la fotograf\u00eda se observan varias personas corriendo a diferentes lugares huyendo del gas lacrim\u00f3geno. Foto: Robinson S\u00e1enz.<\/p>\n<p>INFORMACI\u00d3N ANAL\u00cdTICA<\/p>\n<p>Contexto de la noticia: Esta noticia se produce en el marco de la crisis financiera de las universidades p\u00fablicas. En el \u00e1mbito educativo, por su parte, los estudiantes del INEM protestaron el 19 de noviembre en contra del decreto 1290.<\/p>\n<p>Entre otras noticias, hay reducci\u00f3n del n\u00famero de muertos en Medell\u00edn por un pacto realizado entre los combos y en el peri\u00f3dico se siguen evidenciando operativos de la fuerza p\u00fablica que suponen ir desarticulando estas estructuras; al igual que otros operativos donde caen milicianos de las FARC.&nbsp; Adem\u00e1s, las relaciones entre Colombia y Venezuela contin\u00faan en crisis; y, en el \u00e1mbito econ\u00f3mico, \u00c1lvaro Uribe sugiere vender un porcentaje de Ecopetrol.<\/p>\n<p>Palabras clave: Acciones contestatarias, Tropel, Cierre de v\u00edas, ESMAD, Estudiantes.<\/p>\n<p>Sugerencia de palabras claves:<\/p>\n<p>Observaciones:<\/p>\n<p>Fecha de diligenciamiento: 30\/12\/2018<\/p>\n<h1 style=\"text-align: center;\">***<\/h1>\n<p><strong>N\u00famero de ficha<\/strong>: E26&nbsp;&nbsp;&nbsp;&nbsp;&nbsp;&nbsp;&nbsp;&nbsp;&nbsp;&nbsp;&nbsp;&nbsp;&nbsp;&nbsp;&nbsp;&nbsp;&nbsp;&nbsp;&nbsp;&nbsp;&nbsp;&nbsp;&nbsp;&nbsp;&nbsp;&nbsp;&nbsp;&nbsp;&nbsp;&nbsp;&nbsp;&nbsp;&nbsp;&nbsp;&nbsp;&nbsp;&nbsp;&nbsp;&nbsp;&nbsp;&nbsp;&nbsp;&nbsp;&nbsp;&nbsp;<\/p>\n<p><strong>Diligenciada por: <\/strong>Mariana Villegas Jim\u00e9nez<\/p>\n<p>INFORMACI\u00d3N BIBLIOGR\u00c1FICA<\/p>\n<p>Peri\u00f3dico: El Colombiano<\/p>\n<p>Lugar de edici\u00f3n: Medell\u00edn<\/p>\n<p>Autor personal: Vel\u00e1squez G\u00f3mez, Ramiro<\/p>\n<p>Autor corporativo:<\/p>\n<p>Fecha: 2009, noviembre, 28<\/p>\n<p>P\u00e1gina: 18a<\/p>\n<p>Secci\u00f3n: Vida<\/p>\n<p><strong>Titular: <\/strong>Peligra semestre en la U. de A. por anormalidad<\/p>\n<p><strong>Resumen:<\/strong> En la noticia se afirma que desde mediados de septiembre hay anormalidad acad\u00e9mica en la universidad, por lo que hay riesgo de cancelaci\u00f3n del semestre. La noticia cita el siguiente apartado de un comunicado publicado por el Consejo Acad\u00e9mico: \u201cLas constantes y m\u00faltiples interrupciones, consistentes en asambleas permanentes, en protestas, en enfrentamientos con la polic\u00eda, en explosiones, en gases y en destrucci\u00f3n de bienes, han generado un clima de zozobra e inestabilidad que ha&nbsp; impactado de manera negativa la realizaci\u00f3n del semestre, y nos ubica ante la inminente p\u00e9rdida de \u00e9ste por la imposibilidad de realizar de manera normal, en el tiempo que resta, las actividades lectivas en la mayor\u00eda de las dependencias\u201d. Por \u00faltimo, se menciona la propuesta del vicerrector de c\u00f3mo proceder\u00eda el semestre de all\u00ed en adelante, si se continuara con las actividades normales inmediatamente.<\/p>\n<p><strong>Im\u00e1genes: <\/strong><\/p>\n<p>INFORMACI\u00d3N ANAL\u00cdTICA<\/p>\n<p>Contexto de la noticia: Esta noticia se produce en el marco de la crisis financiera de las universidades p\u00fablicas.<\/p>\n<p>En cuanto a la seguridad de la ciudad y del pa\u00eds, el peri\u00f3dico insiste en que la tasa de homicidios ha bajado satisfactoriamente, gracias a las medidas que se han tomado al respecto, mientras dos j\u00f3venes fueron asesinados en Envigado el 27 de noviembre. En el contexto nacional, contin\u00faan las versiones libres de ex paramilitares y la iglesia y el CICR avanzan en negociaciones por intercambio humanitario.<\/p>\n<p>Palabras clave: Acciones de resistencia, Comunicados, misivas, declaraciones, Consejo Acad\u00e9mico.<\/p>\n<p>Sugerencia de palabras claves:<\/p>\n<p>Observaciones: En diciembre, gracias a los di\u00e1logos con el Ministerio de Educaci\u00f3n, se logra que aporten a las IES el 2% que era destinado al Icfes, lo que representar\u00eda un aumento de presupuesto para 2010; m\u00e1s adelante, se procede a negociar los cambios que se implementar\u00edan en una posible Reforma a la Ley 30. Estas negociaciones se extienden hasta el a\u00f1o siguiente y en abril la Ministra de Educaci\u00f3n radica el proyecto, esperando su aprobaci\u00f3n en la legislatura del momento.<\/p>\n<p>Fecha de diligenciamiento: 30\/12\/2018<\/p>\n<h1 style=\"text-align: center;\">***<\/h1>\n<p><strong>N\u00famero de ficha<\/strong>: E27&nbsp;&nbsp;&nbsp;&nbsp;&nbsp;&nbsp;&nbsp;&nbsp;&nbsp;&nbsp;&nbsp;&nbsp;&nbsp;&nbsp;&nbsp;&nbsp;&nbsp;&nbsp;&nbsp;&nbsp;&nbsp;&nbsp;&nbsp;&nbsp;&nbsp;&nbsp;&nbsp;&nbsp;&nbsp;&nbsp;&nbsp;&nbsp;&nbsp;&nbsp;&nbsp;&nbsp;&nbsp;&nbsp;&nbsp;&nbsp;&nbsp;&nbsp;&nbsp;&nbsp;&nbsp;<\/p>\n<p><strong>Diligenciada por: <\/strong>Mariana Villegas Jim\u00e9nez<\/p>\n<p>INFORMACI\u00d3N BIBLIOGR\u00c1FICA<\/p>\n<p>Peri\u00f3dico: El Colombiano<\/p>\n<p>Lugar de edici\u00f3n: Medell\u00edn<\/p>\n<p>Autor personal:<\/p>\n<p>Autor corporativo: \u00c1rea Metro<\/p>\n<p>Fecha: 2010, marzo, 20<\/p>\n<p>P\u00e1gina: 8a<\/p>\n<p>Secci\u00f3n: \u00c1rea Metro<\/p>\n<p><strong>Titular: <\/strong>Destruyen obra del Museo de la U. de A.<\/p>\n<p><strong>Resumen:<\/strong> El d\u00eda 17 de marzo un grupo de encapuchados destruy\u00f3 una obra de arte denominada \u201cVirreinato\u201d, de los estudiantes de la Facultad de Artes Claudia Elena Zuluaga y Juan Fernando Cardona, la cual estaba expuesta en el Museo de la U. de A; adem\u00e1s de agredir e insultar a funcionarios de la dependencia. Seg\u00fan la Vicerrectora de Extensi\u00f3n de la U y el director del museo, la obra \u201cpropone una reinterpretaci\u00f3n cr\u00edtica del Bicentenario de la Independencia\u201d.&nbsp; Seg\u00fan la noticia, \u201cla Universidad calific\u00f3 la agresi\u00f3n como \u201cun atentado a la libertad de expresi\u00f3n y creaci\u00f3n\u201d y convoc\u00f3 a defender este patrimonio de la ciudad y del mundo\u201d.<\/p>\n<p><strong>Im\u00e1genes: <\/strong><\/p>\n<p>INFORMACI\u00d3N ANAL\u00cdTICA<\/p>\n<p>Contexto de la noticia: La seguridad de la ciudad de Medell\u00edn sigue en estado cr\u00edtico, los enfrentamientos entre combos no cesan y hay preocupaci\u00f3n porque la violencia azota a la ni\u00f1ez y la adolescencia en los colegios de Medell\u00edn, varios estudiantes han sido asesinados. Por su parte, la fuerza p\u00fablica contin\u00faa con su pie de fuerza en aumento.<\/p>\n<p>En el contexto nacional, en los d\u00edas recientes ha habido un auge de capturas por parapol\u00edtica, especialmente en el Urab\u00e1. Contin\u00faan las presiones por la firma del TLC, los militares acusados por ejecuciones extrajudiciales liberados y los enfrentamientos entre ej\u00e9rcito y guerrillas que dejan muertos de ambos bandos y capturados, como la captura de alias \u201cMoncholo\u201d jefe del frente 47 de las FARC-EP.<\/p>\n<p>En el contexto mundial, hay una oleada de violencia en M\u00e9xico.<\/p>\n<p>Palabras clave: Acciones violentas, Da\u00f1o a bienes civiles, Actores no identificados.<\/p>\n<p>Sugerencia de palabras claves:<\/p>\n<p>Observaciones:<\/p>\n<p>Fecha de diligenciamiento: 17\/01\/2019<\/p>\n<h1 style=\"text-align: center;\">***<\/h1>\n<p><strong>N\u00famero de ficha<\/strong>: E28&nbsp;&nbsp;&nbsp;&nbsp;&nbsp;&nbsp;&nbsp;&nbsp;&nbsp;&nbsp;&nbsp;&nbsp;&nbsp;&nbsp;&nbsp;&nbsp;&nbsp;&nbsp;&nbsp;&nbsp;&nbsp;&nbsp;&nbsp;&nbsp;&nbsp;&nbsp;&nbsp;&nbsp;&nbsp;&nbsp;&nbsp;&nbsp;&nbsp;&nbsp;&nbsp;&nbsp;&nbsp;&nbsp;&nbsp;&nbsp;&nbsp;&nbsp;&nbsp;&nbsp;&nbsp;<\/p>\n<p><strong>Diligenciada por: <\/strong>Mariana Villegas Jim\u00e9nez<\/p>\n<p>INFORMACI\u00d3N BIBLIOGR\u00c1FICA<\/p>\n<p>Peri\u00f3dico: El Colombiano<\/p>\n<p>Lugar de edici\u00f3n: Medell\u00edn<\/p>\n<p>Autor personal:<\/p>\n<p>Autor corporativo: Investigaciones El Colombiano<\/p>\n<p>Fecha: 2010, abril, 25<\/p>\n<p>P\u00e1gina: 8a, 9a<\/p>\n<p>Secci\u00f3n: Investigaci\u00f3n<\/p>\n<p><strong>Titular: <\/strong>As\u00ed se pasea la droga en la U.<\/p>\n<p><strong>Resumen:<\/strong> En esta publicaci\u00f3n que ocupa dos p\u00e1ginas del peri\u00f3dico se expone la situaci\u00f3n de expendio de droga en las universidades de la ciudad, teniendo como foco la Universidad de Antioquia. Inicialmente se describe c\u00f3mo es un d\u00eda cotidiano en el \u201cAeropuerto\u201d y prosigue mencionando una serie de situaciones como la muerte de Camilo Andr\u00e9s Mesa, quien fue encontrado en uno de los ba\u00f1os del bloque 22 el d\u00eda 27 de enero, casos de personas inyect\u00e1ndose en los pacillos y otros muertos a causa del consumo en a\u00f1os anteriores. Se plantean las dificultades para controlar esta situaci\u00f3n, las posibles formas de ingreso de la droga y el licor al campus, exponen c\u00f3mo los ofrecen y los puntos de venta y mencionan otros hechos como el atraco a una burbuja de caf\u00e9 el 23 de abril del presente a\u00f1o, al parecer con el fin de exponer la situaci\u00f3n de inseguridad que se vive en las instalaciones.<\/p>\n<p><strong>Im\u00e1genes: <\/strong>IMG E28a, IMG E28b, IMG E28c. En el reportaje se publican tres fotograf\u00edas que tienen como escenario la Universidad de Antioquia. La primera evidencia las pintas alusivas al consumo de hero\u00edna en el ba\u00f1o del bloque 22; la segunda, un grupo de personas reunidas en c\u00edrculo en el \u201cAeropuerto\u201d; y, la tercera, una persona sentada abriendo una botella de cerveza. Fotos: El Colombiano.<\/p>\n<p>INFORMACI\u00d3N ANAL\u00cdTICA<\/p>\n<p>Contexto de la noticia: La situaci\u00f3n de seguridad en la ciudad contin\u00faa en estado cr\u00edtico, en d\u00edas recientes fue asesinado un juez penal y se han llevado a cabo algunos operativos y capturas de integrantes de la banda \u201cLa Galera\u201d.<\/p>\n<p>En el contexto nacional, el ex paramilitar Salvatore Mancuso vincul\u00f3 a funcionarios del DAS con las AUC; el gobierno y la ONU eval\u00faan el tema de falsos positivos, ya que van en aumento los militares acusados; contin\u00faan las presiones por la firma de los TLC; y, la erradicaci\u00f3n de cultivos de coca muestra resultados significativos.<\/p>\n<p>Palabras clave: Respuestas institucionales, Campa\u00f1a de sensibilizaci\u00f3n o denuncia.<\/p>\n<p>Sugerencia de palabras claves:<\/p>\n<p>Observaciones: Si bien la noticia no se trata de una respuesta institucional, s\u00ed presenta un insumo para lo que posteriormente lo ser\u00eda: es importante resaltar que es en este a\u00f1o cuando se implementa la nueva carnetizaci\u00f3n (TIP) en la Universidad, donde esta investigaci\u00f3n podr\u00eda representar un insumo para justificar ante la opini\u00f3n p\u00fablica \u00e9sta y otras medidas de seguridad tomadas por las directivas de la universidad.<\/p>\n<p>Por otro lado, en la noticia se menciona que durante el operativo llevado a cabo el 20 de marzo de 2009, fueron capturadas 30 personas, pero en la noticia publicada el 21 de marzo se dio un saldo de 17 capturados \u00fanicamente.<\/p>\n<p>Fecha de diligenciamiento: 17\/01\/2019<\/p>\n<h1 style=\"text-align: center;\">***<\/h1>\n<p><strong>N\u00famero de ficha<\/strong>: E29&nbsp;&nbsp;&nbsp;&nbsp;&nbsp;&nbsp;&nbsp;&nbsp;&nbsp;&nbsp;&nbsp;&nbsp;&nbsp;&nbsp;&nbsp;&nbsp;&nbsp;&nbsp;&nbsp;&nbsp;&nbsp;&nbsp;&nbsp;&nbsp;&nbsp;&nbsp;&nbsp;&nbsp;&nbsp;&nbsp;&nbsp;&nbsp;&nbsp;&nbsp;&nbsp;&nbsp;&nbsp;&nbsp;&nbsp;&nbsp;&nbsp;&nbsp;&nbsp;&nbsp;&nbsp;<\/p>\n<p><strong>Diligenciada por: <\/strong>Mariana Villegas Jim\u00e9nez<\/p>\n<p>INFORMACI\u00d3N BIBLIOGR\u00c1FICA<\/p>\n<p>Peri\u00f3dico: El Colombiano<\/p>\n<p>Lugar de edici\u00f3n: Medell\u00edn<\/p>\n<p>Autor personal:<\/p>\n<p>Autor corporativo:<\/p>\n<p>Fecha: 2010, mayo, 8<\/p>\n<p>P\u00e1gina: 7a<\/p>\n<p>Secci\u00f3n: \u00c1rea Metro<\/p>\n<p><strong>Titular: <\/strong>Un plant\u00f3n por el respeto dentro de la U. de A.<\/p>\n<p><strong>Resumen:<\/strong> \u201cUna marcha silenciosa recorri\u00f3 ayer la Universidad de Antioquia, acto que cont\u00f3 con la presencia de directivas, empleados, profesores, egresados y estudiantes. Se hizo un llamado al respeto por la universidad\u201d.<\/p>\n<p><strong>Im\u00e1genes: <\/strong>IMG E29. En la fotograf\u00eda se muestra un grupo de personas con cintas en la boca, caminando con banderas en mano. Foto: Hern\u00e1n Vanegas.<\/p>\n<p>INFORMACI\u00d3N ANAL\u00cdTICA<\/p>\n<p>Contexto de la noticia: La seguridad de la ciudad contin\u00faa en estado cr\u00edtico y esta vez es la comuna 13 el escenario de los enfrentamientos. Por otro lado, esta es una \u00e9poca de campa\u00f1as presidenciales; las FARC hace atentados reiteradamente; han muerto algunos integrantes de las FARC y del ELN y otros se han desmovilizado.<\/p>\n<p>Palabras clave: Acciones contestatarias, Plant\u00f3n, Profesores, Estudiantes.<\/p>\n<p>Sugerencia de palabras claves:<\/p>\n<p>Observaciones: Se desconoce por completo detalles sobre el hecho, pues la cita que se encuentra en el resumen conforma el total de la noticia; pero, quiz\u00e1s este acto se encuentra relacionado con la serie de situaciones de inseguridad como robos y dem\u00e1s que vienen ocurriendo en el campus universitario.<\/p>\n<p>Fecha de diligenciamiento: 17\/01\/2019<\/p>\n<h1 style=\"text-align: center;\">***<\/h1>\n<p><strong>N\u00famero de ficha<\/strong>: E30&nbsp;&nbsp;&nbsp;&nbsp;&nbsp;&nbsp;&nbsp;&nbsp;&nbsp;&nbsp;&nbsp;&nbsp;&nbsp;&nbsp;&nbsp;&nbsp;&nbsp;&nbsp;&nbsp;&nbsp;&nbsp;&nbsp;&nbsp;&nbsp;&nbsp;&nbsp;&nbsp;&nbsp;&nbsp;&nbsp;&nbsp;&nbsp;&nbsp;&nbsp;&nbsp;&nbsp;&nbsp;&nbsp;&nbsp;&nbsp;&nbsp;&nbsp;&nbsp;&nbsp;&nbsp;<\/p>\n<p><strong>Diligenciada por: <\/strong>Mariana Villegas Jim\u00e9nez<\/p>\n<p>INFORMACI\u00d3N BIBLIOGR\u00c1FICA<\/p>\n<p>Peri\u00f3dico: El Colombiano<\/p>\n<p>Lugar de edici\u00f3n: Medell\u00edn<\/p>\n<p>Autor personal: G\u00f3mez Valencia, Alejandro<\/p>\n<p>Autor corporativo:<\/p>\n<p>Fecha: 2010, mayo, 23<\/p>\n<p>P\u00e1gina: 3c<\/p>\n<p>Secci\u00f3n: Educaci\u00f3n<\/p>\n<p><strong>Titular: <\/strong>El decano de la discordia en la U. de A.<\/p>\n<p><strong>Resumen:<\/strong> Estudiantes y profesores de la Facultad de Odontolog\u00eda de la Universidad de Antioquia se encuentran hace un mes en asamblea permanente por la reelecci\u00f3n del decano Carlos Mario Uribe, no est\u00e1n de acuerdo con que ejerza un tercer periodo en dicho cargo y piden que renuncie o sea destituido. Adem\u00e1s, en la consulta realizada a estudiantes y profesores acerca de sus preferencias por los candidatos, el decano obtuvo un puntaje muy bajo y los docentes aseguran que este factor no se tuvo en cuenta para la elecci\u00f3n de este. A pesar de que, al parecer, se ignoraron tambi\u00e9n las reiteradas denuncias de lo que los docentes consideran acoso laboral por parte del decano, las directivas aseguran que su elecci\u00f3n fue leg\u00edtima y que la consulta realizada no tiene un car\u00e1cter vinculante.<\/p>\n<p><strong>Im\u00e1genes: <\/strong><\/p>\n<p>INFORMACI\u00d3N ANAL\u00cdTICA<\/p>\n<p>Contexto de la noticia: El 20 de mayo se present\u00f3 una parada militar del ELN dentro de la Universidad Nacional en Bogot\u00e1 (ver d\u00eda 21, p\u00e1gina 11a, (Naci\u00f3n)), donde un grupo de personas portaron brazaletes con insignias de este grupo armado, gritaron arengas y exhibieron algunas armas; al parecer el hecho se produjo en el marco de las campa\u00f1as presidenciales y pr\u00f3ximas elecciones. Esta situaci\u00f3n desencaden\u00f3 varias publicaciones de rechazo de directivas, del presidente de la rep\u00fablica (22, p\u00e1gina 12a (Naci\u00f3n)) y hasta del mismo peri\u00f3dico El Colombiano en una columna de opini\u00f3n (d\u00eda 24, p\u00e1gina 5a, (Opini\u00f3n)). A ra\u00edz de ello, el 26 de mayo la Vicerrector\u00eda de la Sede Medell\u00edn anuncia el cierre de las instalaciones en todos sus n\u00facleos hasta el 31 de mayo. Del mismo modo, el d\u00eda 28 se anuncia el cierre de instituciones como la Universidad de Antioquia y el ITM en el marco de las elecciones presidenciales, donde las actividades se reanudar\u00edan el lunes siguiente.<\/p>\n<p>El d\u00eda 23 de mayo se hace el cierre de campa\u00f1as presidenciales; se notifican atentados de las FARC en Caquet\u00e1 y el 21 se reporta otro en el norte de Antioquia. Por su parte, las desmovilizaciones contin\u00faan y han muerto algunos jefes de las FARC y del ELN. Entre otras noticias, \u00c1lvaro Uribe tendr\u00e1 que declarar ante la procuradur\u00eda por chuzadas.<\/p>\n<p>Palabras clave: Facultad de Odontolog\u00eda, Respuestas institucionales, Consultas p\u00fablicas, plebiscitos, Uribe, Carlos Mario, Asamblea de Profesores, Asamblea de Estudiantes.<\/p>\n<p>Sugerencia de palabras claves:<\/p>\n<p>Observaciones: Aproximadamente desde abril se empieza a tocar el tema de inconformidad de estudiantes y docentes con respecto a las acciones del decano.<\/p>\n<p>Fecha de diligenciamiento: 17\/01\/2019<\/p>\n<h1 style=\"text-align: center;\">***<\/h1>\n<p><strong>N\u00famero de ficha<\/strong>: E31&nbsp;&nbsp;&nbsp;&nbsp;&nbsp;&nbsp;&nbsp;&nbsp;&nbsp;&nbsp;&nbsp;&nbsp;&nbsp;&nbsp;&nbsp;&nbsp;&nbsp;&nbsp;&nbsp;&nbsp;&nbsp;&nbsp;&nbsp;&nbsp;&nbsp;&nbsp;&nbsp;&nbsp;&nbsp;&nbsp;&nbsp;&nbsp;&nbsp;&nbsp;&nbsp;&nbsp;&nbsp;&nbsp;&nbsp;&nbsp;&nbsp;&nbsp;&nbsp;&nbsp;&nbsp;<\/p>\n<p><strong>Diligenciada por: <\/strong>Mariana Villegas Jim\u00e9nez<\/p>\n<p>INFORMACI\u00d3N BIBLIOGR\u00c1FICA<\/p>\n<p>Peri\u00f3dico: El Colombiano<\/p>\n<p>Lugar de edici\u00f3n: Medell\u00edn<\/p>\n<p>Autor personal: G\u00f3mez Valencia, Alejandro<\/p>\n<p>Autor corporativo:<\/p>\n<p>Fecha: 2010, mayo, 30<\/p>\n<p>P\u00e1gina: 3c<\/p>\n<p>Secci\u00f3n: Educaci\u00f3n<\/p>\n<p><strong>Titular: <\/strong>En la U. de A. inquieta la inseguridad<\/p>\n<p><strong>Resumen:<\/strong> La noticia menciona una serie de situaciones que vienen ocurriendo en la universidad: robos e intentos de robo dentro y a las afueras del campus, atracos, ingreso de una maleta llena de marihuana y complementa con algunos hechos ocurridos en a\u00f1os anteriores. En la noticia se abordan las opiniones de algunos integrantes del Alma Mater y se da cuenta de los debates y jornadas de reflexi\u00f3n por la convivencia y la tolerancia que se est\u00e1n llevando a cabo, algunas marchas para llamar la atenci\u00f3n sobre la drogadicci\u00f3n y, seg\u00fan el vicerrector Martiniano Jaime Contreras, dos eventos como este al mes para convocar a toda la comunidad.<\/p>\n<p><strong>Im\u00e1genes: <\/strong><\/p>\n<p>INFORMACI\u00d3N ANAL\u00cdTICA<\/p>\n<p>Contexto de la noticia: En el contexto universitario ha habido dos situaciones que es importante mencionar. La primera, la parada militar del ELN realizada en la Universidad Nacional sede Bogot\u00e1 que caus\u00f3 gran revuelo e indignaci\u00f3n de figuras p\u00fablicas. Y, la segunda, asociada a la Universidad de Antioquia, donde se desat\u00f3 una inconformidad y se us\u00f3 el mecanismo de asamblea permanente en la Facultad de Odontolog\u00eda por la reelecci\u00f3n de su decano.<\/p>\n<p>Entre otras noticias, en Medell\u00edn la situaci\u00f3n de seguridad contin\u00faa en crisis, ahora el escenario es la comuna 13, donde polic\u00eda y ej\u00e9rcito se manifiestan. Por otro lado, se est\u00e1n llevando a cabo las elecciones presidenciales; los atentados de las FARC y las desmovilizaciones siguen en auge; y, el esc\u00e1ndalo por las chuzadas del DAS ahora puso a \u00c1lvaro Uribe a declarar ante la Procuradur\u00eda.<\/p>\n<p>Palabras clave: Acciones violentas, Robos, Respuestas institucionales, Campa\u00f1as de sensibilizaci\u00f3n o denuncia.<\/p>\n<p>Sugerencia de palabras claves:<\/p>\n<p>Observaciones: Justo al lado de la noticia aparece una imagen de lo que ser\u00eda el nuevo carn\u00e9 de la Universidad, hablan el vicerrector general y el director de planeaci\u00f3n para exponer las novedades y beneficios de este instrumento y se afirma que a partir del 21 de junio podr\u00edan entregarse los primeros carn\u00e9s.<\/p>\n<p>Es importante tener en cuenta el reportaje publicado del 25 de abril, donde se aborda el expendio y consumo de droga en la universidad. Por otro lado, resaltar que se avecina la implementaci\u00f3n de la nueva carnetizaci\u00f3n (TIP) en la Universidad, donde este tipo de noticias podr\u00edan representar un insumo para justificar ante la opini\u00f3n p\u00fablica \u00e9sta y otras medidas de seguridad tomadas por las directivas de la universidad. Al igual que las columnas de opini\u00f3n cumplen un papel central en este escenario, como es el caso de una de ellas titulada \u00a1SOS por la U!, publicada el 6 de junio en la p\u00e1gina 4a (opini\u00f3n), donde la autora hace alusi\u00f3n al escenario de inseguridad de la universidad y critica la autonom\u00eda universitaria asemejando la Universidad a una zona de distenci\u00f3n.<\/p>\n<p>Fecha de diligenciamiento: 17\/01\/2019<\/p>\n<h1 style=\"text-align: center;\">***<\/h1>\n<p><strong>N\u00famero de ficha<\/strong>: E32&nbsp;&nbsp;&nbsp;&nbsp;&nbsp;&nbsp;&nbsp;&nbsp;&nbsp;&nbsp;&nbsp;&nbsp;&nbsp;&nbsp;&nbsp;&nbsp;&nbsp;&nbsp;&nbsp;&nbsp;&nbsp;&nbsp;&nbsp;&nbsp;&nbsp;&nbsp;&nbsp;&nbsp;&nbsp;&nbsp;&nbsp;&nbsp;&nbsp;&nbsp;&nbsp;&nbsp;&nbsp;&nbsp;&nbsp;&nbsp;&nbsp;&nbsp;&nbsp;&nbsp;&nbsp;<\/p>\n<p><strong>Diligenciada por: <\/strong>Mariana Villegas Jim\u00e9nez<\/p>\n<p>INFORMACI\u00d3N BIBLIOGR\u00c1FICA<\/p>\n<p>Peri\u00f3dico: El Colombiano<\/p>\n<p>Lugar de edici\u00f3n: Medell\u00edn<\/p>\n<p>Autor personal: G\u00f3mez Valencia, Alejandro<\/p>\n<p>Autor corporativo:<\/p>\n<p>Fecha: 2010, mayo, 30<\/p>\n<p>P\u00e1gina: 5c<\/p>\n<p>Secci\u00f3n: Educaci\u00f3n<\/p>\n<p><strong>Titular: <\/strong>De la crisis en la Facultad de Odontolog\u00eda<\/p>\n<p><strong>Resumen:<\/strong> Esta noticia expone dos posiciones con respecto al tema, la del decano Carlos Mario Uribe y la perspectiva de los docentes a trav\u00e9s de Gloria Escobar, su representante. El primero expone por qu\u00e9 es leg\u00edtima su reelecci\u00f3n, da cuenta de su gesti\u00f3n y expone los logros alcanzados en su trayectoria como decano de la Facultad; en contraste, la docente afirma que esos logros que el decano presenta como suyos son fruto de un trabajo conjunto entre estudiantes y profesores y expone las razones por las cuales los docentes no est\u00e1n de acuerdo con la reelecci\u00f3n, entre ellas el bajo puntaje obtenido por el decano en la consulta de candidatos, la sobrecarga laboral, los cambios de infraestructura sin consultar las necesidades de estudiantes y docentes, la imposici\u00f3n de una gesti\u00f3n financiera basada en el recorte de gastos y no en la gesti\u00f3n de m\u00e1s recursos, entre otros.<\/p>\n<p><strong>Im\u00e1genes: <\/strong><\/p>\n<p>INFORMACI\u00d3N ANAL\u00cdTICA<\/p>\n<p>Contexto de la noticia: Esta noticia se enmarca en la problem\u00e1tica que viene desde hace m\u00e1s de un mes en la Facultad de odontolog\u00eda.<\/p>\n<p>Entre otras noticias, en Medell\u00edn la situaci\u00f3n de seguridad contin\u00faa en crisis, ahora el escenario es la comuna 13, donde polic\u00eda y ej\u00e9rcito se manifiestan; adem\u00e1s, los paros de conductores de buses se siguen presentando por las extorsiones y amenazas de las cuales son v\u00edctimas en diferentes lugares de la ciudad, para inicios de junio los buseros que paran son los del corregimiento Altavista. Por otro lado, se est\u00e1n llevando a cabo las elecciones presidenciales y el 31 se da inicio a las campa\u00f1as por la segunda vuelta; los atentados de las FARC y las desmovilizaciones siguen en auge; contin\u00faan las versiones libres de los ex integrantes de las AUC; y, el esc\u00e1ndalo por las chuzadas del DAS ahora puso a \u00c1lvaro Uribe a declarar ante la Procuradur\u00eda.<\/p>\n<p>Palabras clave: Asamblea de profesores, Uribe, Carlos Mario, Facultad de Odontolog\u00eda.<\/p>\n<p>Sugerencia de palabras claves:<\/p>\n<p>Observaciones:<\/p>\n<p>Fecha de diligenciamiento: 17\/01\/2019<\/p>\n<h1 style=\"text-align: center;\">***<\/h1>\n<p><strong>N\u00famero de ficha<\/strong>: E33&nbsp;&nbsp;&nbsp;&nbsp;&nbsp;&nbsp;&nbsp;&nbsp;&nbsp;&nbsp;&nbsp;&nbsp;&nbsp;&nbsp;&nbsp;&nbsp;&nbsp;&nbsp;&nbsp;&nbsp;&nbsp;&nbsp;&nbsp;&nbsp;&nbsp;&nbsp;&nbsp;&nbsp;&nbsp;&nbsp;&nbsp;&nbsp;&nbsp;&nbsp;&nbsp;&nbsp;&nbsp;&nbsp;&nbsp;&nbsp;&nbsp;&nbsp;&nbsp;&nbsp;&nbsp;<\/p>\n<p><strong>Diligenciada por: <\/strong>Mariana Villegas Jim\u00e9nez<\/p>\n<p>INFORMACI\u00d3N BIBLIOGR\u00c1FICA<\/p>\n<p>Peri\u00f3dico: El Colombiano<\/p>\n<p>Lugar de edici\u00f3n: Medell\u00edn<\/p>\n<p>Autor personal: G\u00f3mez Valencia, Alejandro<\/p>\n<p>Autor corporativo:<\/p>\n<p>Fecha: 2010, junio, 8<\/p>\n<p>P\u00e1gina: 7c<\/p>\n<p>Secci\u00f3n: Educaci\u00f3n<\/p>\n<p><strong>Titular: <\/strong>La U. de A. es casa de todos: Alberto Uribe<\/p>\n<p><strong>Resumen:<\/strong> El rector Alberto Uribe correa public\u00f3 una carta abierta en la que habla acerca de la situaci\u00f3n actual de la Universidad, afirmando que la protesta violenta, el expendio y consumo de drogas y dem\u00e1s ventas informales son temas que nos deben preocupar a todos; por ello, invita al \u201cdebate sano, abierto y racional\u201d y dice estar abierto a propuestas y soluciones. Con respecto a la coyuntura de la Facultad de Odontolog\u00eda, \u201crecord\u00f3 que los estamentos de la U. de A. tienen la responsabilidad ante la sociedad de que los argumentos sean la \u00fanica forma civilizada de enfrentar los conflictos\u201d, de alg\u00fan modo mostrando su desacuerdo con la medida de asamblea permanente que se ha tomado.<\/p>\n<p><strong>Im\u00e1genes: <\/strong><\/p>\n<p>INFORMACI\u00d3N ANAL\u00cdTICA<\/p>\n<p><strong>Contexto de la noticia:<\/strong> La situaci\u00f3n de seguridad en la ciudad no deja de ser compleja, los conductores de buses siguen siendo v\u00edctimas de extorsiones y amenazas y la fuerza p\u00fablica contin\u00faa con sus operativos contra los combos. En esta \u00e9poca la comuna 13 es uno de los escenarios m\u00e1s afectados.<\/p>\n<p>En el contexto nacional, Juan Manuel Santos y Antanas Mockus se encuentran en campa\u00f1as presidenciales por la segunda vuelta que tendr\u00e1 lugar el d\u00eda 20 de este mes y en la que saldr\u00e1 ganador el primero; los ataques del ej\u00e9rcito a las FARC y viceversa contin\u00faan en auge; el 13 de junio fueron liberados tres soldados secuestrados por las FARC, entre ellos Luis H. Mendieta; y, las versiones libres de los ex integrantes de las AUC no dejan de ser noticia.<\/p>\n<p>Palabras clave: Acciones de resistencia, Comunicados, misivas, declaraciones, Rector\u00eda, Uribe Correa, Alberto.<\/p>\n<p>Sugerencia de palabras claves:<\/p>\n<p>Observaciones:<\/p>\n<p>Fecha de diligenciamiento: 17\/01\/2019<\/p>\n<h1 style=\"text-align: center;\">***<\/h1>\n<p><strong>N\u00famero de ficha<\/strong>: E34&nbsp;&nbsp;&nbsp;&nbsp;&nbsp;&nbsp;&nbsp;&nbsp;&nbsp;&nbsp;&nbsp;&nbsp;&nbsp;&nbsp;&nbsp;&nbsp;&nbsp;&nbsp;&nbsp;&nbsp;&nbsp; &nbsp;&nbsp;&nbsp;&nbsp;&nbsp;&nbsp;&nbsp;&nbsp;&nbsp;&nbsp;&nbsp;&nbsp;&nbsp;&nbsp;&nbsp;&nbsp;&nbsp;&nbsp;&nbsp;&nbsp;&nbsp;&nbsp;&nbsp;<\/p>\n<p><strong>Diligenciada por: <\/strong>Mariana Villegas Jim\u00e9nez<\/p>\n<p>INFORMACI\u00d3N BIBLIOGR\u00c1FICA<\/p>\n<p>Peri\u00f3dico: El Colombiano<\/p>\n<p>Lugar de edici\u00f3n: Medell\u00edn<\/p>\n<p>Autor personal:<\/p>\n<p>Autor corporativo:<\/p>\n<p>Fecha: 2010, junio, 9<\/p>\n<p>P\u00e1gina: 8a<\/p>\n<p>Secci\u00f3n: \u00c1rea Metro<\/p>\n<p><strong>Titular: <\/strong>Hoy se retoman las actividades en la U. de A., luego de desalojo<\/p>\n<p><strong>Resumen:<\/strong> El 8 de junio se suspendieron las actividades acad\u00e9micas y administrativas y el campus fue desalojado por enfrentamientos de poca intensidad con la Polic\u00eda en la calle Barranquilla. Para este d\u00eda estaba programada una actividad cultural por la conmemoraci\u00f3n del homenaje al \u201cestudiante ca\u00eddo\u201d.<\/p>\n<p><strong>Im\u00e1genes: <\/strong><\/p>\n<p>INFORMACI\u00d3N ANAL\u00cdTICA<\/p>\n<p>Contexto de la noticia: Los d\u00edas 8 y 9 de junio hist\u00f3ricamente han sido fechas de conmemoraci\u00f3n del d\u00eda del \u201cestudiante ca\u00eddo\u201d.<\/p>\n<p>La situaci\u00f3n de seguridad en la ciudad no deja de ser compleja, los conductores de buses siguen siendo v\u00edctimas de extorsiones y amenazas y la fuerza p\u00fablica contin\u00faa con sus operativos contra los combos. En esta \u00e9poca la comuna 13 es uno de los escenarios m\u00e1s afectados.<\/p>\n<p>En el contexto nacional, Juan Manuel Santos y Antanas Mockus se encuentran en campa\u00f1as presidenciales por la segunda vuelta que tendr\u00e1 lugar el d\u00eda 20 de este mes y en la que saldr\u00e1 ganador el primero; los ataques del ej\u00e9rcito a las FARC y viceversa contin\u00faan en auge; y el 13 de junio fueron liberados tres soldados secuestrados por las FARC, entre ellos Luis H. Mendieta.<\/p>\n<p>Palabras clave: Acciones contestatarias, Tropel, Respuestas institucionales, Evacuaci\u00f3n, Polic\u00eda.<\/p>\n<p>Sugerencia de palabras claves:<\/p>\n<p>Observaciones: En la noticia no se especifica si se trat\u00f3 de estudiantes o si hubo presencia de encapuchados.<\/p>\n<p>Fecha de diligenciamiento: 17\/01\/2019<\/p>\n<h1 style=\"text-align: center;\">***<\/h1>\n<p><strong>N\u00famero de ficha<\/strong>: E35&nbsp;&nbsp;&nbsp;&nbsp;&nbsp;&nbsp;&nbsp;&nbsp;&nbsp;&nbsp;&nbsp;&nbsp;&nbsp;&nbsp;&nbsp;&nbsp;&nbsp;&nbsp;&nbsp;&nbsp;&nbsp;&nbsp;&nbsp;&nbsp;&nbsp;&nbsp;&nbsp;&nbsp;&nbsp;&nbsp;&nbsp;&nbsp;&nbsp;&nbsp;&nbsp;&nbsp;&nbsp;&nbsp;&nbsp;&nbsp;&nbsp;&nbsp;&nbsp;&nbsp;&nbsp;<\/p>\n<p><strong>Diligenciada por: <\/strong>Mariana Villegas Jim\u00e9nez<\/p>\n<p>INFORMACI\u00d3N BIBLIOGR\u00c1FICA<\/p>\n<p>Peri\u00f3dico: El Colombiano<\/p>\n<p>Lugar de edici\u00f3n: Medell\u00edn<\/p>\n<p>Autor personal: G\u00f3mez Valencia, Alejandro<\/p>\n<p>Autor corporativo:<\/p>\n<p>Fecha: 2010, junio, 15<\/p>\n<p>P\u00e1gina: 13c<\/p>\n<p>Secci\u00f3n: Educaci\u00f3n<\/p>\n<p><strong>Titular: <\/strong>Sigue asamblea en la U. de A.<\/p>\n<p><strong>Resumen:<\/strong> Desde el 11 de mayo los docentes se encuentran en asamblea permanente \u2013y los estudiantes desde la semana pasada\u2013, exigiendo, adem\u00e1s de la destituci\u00f3n del decano de la Facultad de Odontolog\u00eda, una \u201c\u201cparticipaci\u00f3n democr\u00e1tica\u201d de estudiantes y profesores en la elecci\u00f3n de decanos y jefes de departamento, y para rechazar la reforma a la Ley 30, que regula la educaci\u00f3n superior\u201d. El d\u00eda 15 de junio los estudiantes realizan una marcha carnaval y, seg\u00fan Marco Antonio V\u00e9lez, presidente de la Asociaci\u00f3n de Profesores de la U. de A., es factible que el movimiento se extienda hasta el regreso de vacaciones, \u2013las cuales inician al finalizar la pr\u00f3xima semana\u2013, debido a que las directivas de la universidad \u201cno le han dado al conflicto el tratamiento que se merece\u201d.<\/p>\n<p><strong>Im\u00e1genes: <\/strong><\/p>\n<p>INFORMACI\u00d3N ANAL\u00cdTICA<\/p>\n<p>Contexto de la noticia: Esta noticia se produce en el marco de la problem\u00e1tica por la elecci\u00f3n del decano de la Facultad de Odontolog\u00eda.<\/p>\n<p>La situaci\u00f3n de seguridad en la ciudad no deja de ser compleja, los conductores de buses siguen siendo v\u00edctimas de extorsiones y amenazas y la fuerza p\u00fablica contin\u00faa con sus operativos contra los combos. En esta \u00e9poca la comuna 13 es uno de los escenarios m\u00e1s afectados.<\/p>\n<p>En el contexto nacional, Juan Manuel Santos y Antanas Mockus se encuentran en campa\u00f1as presidenciales por la segunda vuelta que tendr\u00e1 lugar el d\u00eda 20 de este mes y en la que saldr\u00e1 ganador el primero; los ataques del ej\u00e9rcito a las FARC y viceversa contin\u00faan en auge; el 13 de junio fueron liberados tres soldados secuestrados por las FARC, entre ellos Luis H. Mendieta; y, las versiones libres de los ex integrantes de las AUC no dejan de ser noticia.<\/p>\n<p>Palabras clave: Acciones contestatarias, Marchas estudiantiles, Asociaci\u00f3n de Profesores.<\/p>\n<p>Sugerencia de palabras claves:<\/p>\n<p>Observaciones: Seg\u00fan una noticia publicada el 4 de julio, en la p\u00e1gina 8b (Educaci\u00f3n), el Consejo Acad\u00e9mico public\u00f3 un comunicado el 25 de junio donde apoya al rector en esta coyuntura; aseguran que la discusi\u00f3n acerca de la democracia en la Universidad es necesaria, pero rechazan el cese de actividades porque este mecanismo de presi\u00f3n \u201cperturba la posibilidad de dar un debate, con la profundidad, la seriedad y la ecuanimidad que se requieren\u201d.<\/p>\n<p>Fecha de diligenciamiento: 17\/01\/2019<\/p>\n<h1 style=\"text-align: center;\">***<\/h1>\n<p><strong>N\u00famero de ficha<\/strong>: E36&nbsp;&nbsp;&nbsp;&nbsp;&nbsp;&nbsp;&nbsp;&nbsp;&nbsp;&nbsp;&nbsp;&nbsp;&nbsp;&nbsp;&nbsp;&nbsp;&nbsp;&nbsp;&nbsp;&nbsp;&nbsp;&nbsp;&nbsp;&nbsp;&nbsp;&nbsp;&nbsp;&nbsp;&nbsp;&nbsp;&nbsp;&nbsp;&nbsp;&nbsp;&nbsp;&nbsp;&nbsp;&nbsp;&nbsp;&nbsp;&nbsp;&nbsp;&nbsp;&nbsp;&nbsp;<\/p>\n<p><strong>Diligenciada por: <\/strong>Mariana Villegas Jim\u00e9nez<\/p>\n<p>INFORMACI\u00d3N BIBLIOGR\u00c1FICA<\/p>\n<p>Peri\u00f3dico: El Colombiano<\/p>\n<p>Lugar de edici\u00f3n: Medell\u00edn<\/p>\n<p>Autor personal: G\u00f3mez Valencia, Alejandro<\/p>\n<p>Autor corporativo:<\/p>\n<p>Fecha: 2010, julio, 15<\/p>\n<p>P\u00e1gina: 8a<\/p>\n<p>Secci\u00f3n: \u00c1rea regional<\/p>\n<p><strong>Titular: <\/strong>En la U. de A. a\u00fan no hay normalidad<\/p>\n<p><strong>Resumen:<\/strong> En la reuni\u00f3n realizada el d\u00eda 14 de julio, los docentes decidieron continuar en asamblea permanente, debido a que sus solicitudes no han sido atendidas: exigen la destituci\u00f3n del decano de la Facultad de Odontolog\u00eda y la participaci\u00f3n democr\u00e1tica de docentes y estudiantes en los nombramientos. Seg\u00fan Marco Antonio V\u00e9lez, presidente de la Asociaci\u00f3n de Profesores de la U. de A., considera que el mecanismo de presi\u00f3n podr\u00eda terminarse si accedieran a destituir al decano de su cargo, pues la modificaci\u00f3n de las pautas para los nombramientos podr\u00eda negociarse despu\u00e9s de ello; a diferencia del rector, quien considera que primero es necesario que retornen a sus actividades, para poder iniciar los di\u00e1logos.<\/p>\n<p><strong>Im\u00e1genes: <\/strong><\/p>\n<p>INFORMACI\u00d3N ANAL\u00cdTICA<\/p>\n<p>Contexto de la noticia: Esta noticia se produce en el marco de la problem\u00e1tica por la elecci\u00f3n del decano de la Facultad de Odontolog\u00eda.<\/p>\n<p>No cesa la violencia en el Valle de Aburr\u00e1 ni las intervenciones de la fuerza p\u00fablica; la comuna 13 contin\u00faa siendo escenario de conflictos; y, las extorsiones y amenazas contra conductores de buses no cesan ni dejan de ser una preocupaci\u00f3n, adem\u00e1s de afectar la movilidad de muchos ciudadanos por los paros a los que les toca recurrir. En el pa\u00eds contin\u00faan las desmovilizaciones de guerrilleros de las FARC y del ELN, los atentados contin\u00faan dejando muertes en combate y las fuerzas armadas dicen tener cercado a alias \u201cAlfonso Cano\u201d. Por otro lado, el 6 de julio inici\u00f3 el empalme entre el gobierno saliente y el entrante. Este mes, de nuevo, hay problemas en las relaciones entre Colombia y Venezuela.<\/p>\n<p>Palabras clave: Asamblea de Profesores, Asociaci\u00f3n de profesores, Uribe, Carlos Mario, Rector\u00eda Uribe Correa, Alberto.<\/p>\n<p>Sugerencia de palabras claves:<\/p>\n<p>Observaciones: El rector Alberto Uribe y los Consejos Acad\u00e9mico y Superior de la Universidad hicieron un llamado a normalizar las actividades y salir del peligro de cancelaci\u00f3n de semestre. Buscan un di\u00e1logo, pero exigen primero el regreso a clases. (ver la p\u00e1gina 4d (Vida), del peri\u00f3dico del d\u00eda 14 de julio).<\/p>\n<p>Fecha de diligenciamiento: 19\/01\/2019<\/p>\n<h1 style=\"text-align: center;\">***<\/h1>\n<p><strong>N\u00famero de ficha<\/strong>: E37&nbsp;&nbsp;&nbsp;&nbsp;&nbsp;&nbsp;&nbsp;&nbsp;&nbsp;&nbsp;&nbsp;&nbsp;&nbsp;&nbsp;&nbsp;&nbsp;&nbsp;&nbsp;&nbsp;&nbsp;&nbsp;&nbsp;&nbsp;&nbsp;&nbsp;&nbsp;&nbsp;&nbsp;&nbsp;&nbsp;&nbsp;&nbsp;&nbsp;&nbsp;&nbsp;&nbsp;&nbsp;&nbsp;&nbsp;&nbsp;&nbsp;&nbsp;&nbsp;&nbsp;&nbsp;<\/p>\n<p><strong>Diligenciada por: <\/strong>Mariana Villegas Jim\u00e9nez<\/p>\n<p>INFORMACI\u00d3N BIBLIOGR\u00c1FICA<\/p>\n<p>Peri\u00f3dico: El Colombiano<\/p>\n<p>Lugar de edici\u00f3n: Medell\u00edn<\/p>\n<p>Autor personal: Chica Agudelo, Ana Mar\u00eda<\/p>\n<p>Autor corporativo:<\/p>\n<p>Fecha: 2010, julio, 27<\/p>\n<p>P\u00e1gina: 6c<\/p>\n<p>Secci\u00f3n: Educaci\u00f3n<\/p>\n<p><strong>Titular: <\/strong>Preocupa crisis en U. de A.<\/p>\n<p><strong>Resumen:<\/strong> El 26 de julio, seis estudiantes de diferentes facultades iniciaron una huelga de hambre en el bloque administrativo esperando un nuevo pronunciamiento de las directivas de la Universidad. Entre los d\u00edas 27 y 28 de julio se realizar\u00edan las Asambleas de Estudiantes y Profesores para discutir el porvenir de la situaci\u00f3n, pero mantienen sus peticiones de la renuncia o remoci\u00f3n del decano, la modificaci\u00f3n de los par\u00e1metros para este tipo de nombramientos y, ahora, se suma la suspensi\u00f3n de la implementaci\u00f3n de la TIP (el nuevo carn\u00e9) para levantar la asamblea permanente. El rector se mantiene en su posici\u00f3n, en la cual considera que deben retirar el mecanismo de presi\u00f3n para iniciar los di\u00e1logos; sin embargo, hay una comisi\u00f3n del Consejo que se est\u00e1 dedicando a discutir el tema.<\/p>\n<p><strong>Im\u00e1genes: <\/strong>IMG E37. En la fotograf\u00eda se muestran seis personas sentadas en el suelo con la cara cubierta con un cartel a sus espaldas que dice: ni voz ni voto, d\u00f3nde est\u00e1 la democracia. Foto: Manuel Saldarriaga.<\/p>\n<p>INFORMACI\u00d3N ANAL\u00cdTICA<\/p>\n<p>Contexto de la noticia: Este hecho se produce en el marco de la coyuntura que se vive en la Universidad por la oposici\u00f3n de estudiantes y profesores a la reelecci\u00f3n del decano de la Facultad de Odontolog\u00eda.<\/p>\n<p>Por su parte, la situaci\u00f3n de violencia en Medell\u00edn no mejora, personas de la comuna 6 se volvieron a movilizar en contra de la violencia y la personer\u00eda de Medell\u00edn alerta por la preocupante situaci\u00f3n de Derechos Humanos por homicidios y desplazamiento forzado intraurbano. En el pa\u00eds, contin\u00faan desmovilizaciones de guerrilleros y muertes en combate; las fuerzas armadas dicen tener acorralado a alias \u201cAlfonso Cano\u201d; y, hay crisis diplom\u00e1tica entre Colombia y Venezuela.<\/p>\n<p>Palabras clave: Acciones contestatarias, Toma pac\u00edfica de lugares, Asamblea de Profesores, Asamblea de Estudiantes, Rector\u00eda Uribe Correa, Alberto.<\/p>\n<p>Sugerencia de palabras claves:<\/p>\n<p>Observaciones:<\/p>\n<p>Fecha de diligenciamiento: 19\/01\/2019<\/p>\n<h1 style=\"text-align: center;\">***<\/h1>\n<p><strong>N\u00famero de ficha<\/strong>: E38&nbsp;&nbsp;&nbsp;&nbsp;&nbsp;&nbsp;&nbsp;&nbsp;&nbsp;&nbsp;&nbsp;&nbsp;&nbsp;&nbsp;&nbsp;&nbsp;&nbsp;&nbsp;&nbsp;&nbsp;&nbsp;&nbsp;&nbsp;&nbsp;&nbsp;&nbsp;&nbsp;&nbsp;&nbsp;&nbsp;&nbsp;&nbsp;&nbsp;&nbsp;&nbsp;&nbsp;&nbsp;&nbsp;&nbsp;&nbsp;&nbsp;&nbsp;&nbsp;&nbsp;&nbsp;<\/p>\n<p><strong>Diligenciada por: <\/strong>Mariana Villegas Jim\u00e9nez<\/p>\n<p>INFORMACI\u00d3N BIBLIOGR\u00c1FICA<\/p>\n<p>Peri\u00f3dico: El Colombiano<\/p>\n<p>Lugar de edici\u00f3n: Medell\u00edn<\/p>\n<p>Autor personal: Vel\u00e1squez G\u00f3mez, Ramiro<\/p>\n<p>Autor corporativo:<\/p>\n<p>Fecha: 2010, julio, 28<\/p>\n<p>P\u00e1gina: 7a<\/p>\n<p>Secci\u00f3n: \u00c1rea Metro<\/p>\n<p><strong>Titular: <\/strong>Al dimitir, decano abri\u00f3 una puerta<\/p>\n<p><strong>Resumen:<\/strong> La noticia anuncia la renuncia del decano de la Facultad de Odontolog\u00eda Carlos Mario Uribe Soto, quien la present\u00f3 el d\u00eda 27 de julio a trav\u00e9s de una carta al gobernador Luis Alfredo Ramos. Los estudiantes contin\u00faan en huelga de hambre y el d\u00eda 28 se llevar\u00eda a cabo la Asamblea General de Estudiantes para decidir el curso que seguir\u00e1 esta coyuntura; por lo pronto, el rector Alberto Uribe Correa invita al di\u00e1logo y a retomar las actividades.<\/p>\n<p><strong>Im\u00e1genes: <\/strong>IMG E38. En la fotograf\u00eda se muestran los estudiantes que se encuentran en huelga de hambre desde el 26 de julio en el bloque administrativo. Foto: Manuel Saldarriaga.<\/p>\n<p>INFORMACI\u00d3N ANAL\u00cdTICA<\/p>\n<p>Contexto de la noticia: Este hecho se produce en el marco de la coyuntura que se vive en la Universidad por la oposici\u00f3n de estudiantes y profesores a la reelecci\u00f3n del decano de la Facultad de Odontolog\u00eda.<\/p>\n<p>Por su parte, la situaci\u00f3n de violencia en Medell\u00edn no mejora, personas de la comuna 6 se volvieron a movilizar en contra de la violencia y la personer\u00eda de Medell\u00edn alerta por la preocupante situaci\u00f3n de Derechos Humanos por homicidios y desplazamiento forzado intraurbano. En el pa\u00eds, contin\u00faan desmovilizaciones de guerrilleros y muertes en combate; las fuerzas armadas dicen tener acorralado a alias \u201cAlfonso Cano\u201d; y, hay crisis diplom\u00e1tica entre Colombia y Venezuela.<\/p>\n<p>Palabras clave: Acciones contestatarias, Toma pac\u00edfica de lugares, Asamblea de Estudiantes, Decano Uribe Soto, Carlos Mario, Rector\u00eda, Uribe Correa, Alberto.<\/p>\n<p>Sugerencia de palabras claves:<\/p>\n<p>Observaciones:<\/p>\n<p>Fecha de diligenciamiento: 19\/01\/2019<\/p>\n<h1 style=\"text-align: center;\">***<\/h1>\n<p><strong>N\u00famero de ficha<\/strong>: E39&nbsp;&nbsp;&nbsp;&nbsp;&nbsp;&nbsp;&nbsp;&nbsp;&nbsp;&nbsp;&nbsp;&nbsp;&nbsp;&nbsp;&nbsp;&nbsp;&nbsp;&nbsp;&nbsp;&nbsp;&nbsp;&nbsp;&nbsp;&nbsp;&nbsp;&nbsp;&nbsp;&nbsp;&nbsp;&nbsp;&nbsp;&nbsp;&nbsp;&nbsp;&nbsp;&nbsp;&nbsp;&nbsp;&nbsp;&nbsp;&nbsp;&nbsp;&nbsp;&nbsp;&nbsp;<\/p>\n<p><strong>Diligenciada por:<\/strong> Mariana Villegas Jim\u00e9nez<\/p>\n<p>INFORMACI\u00d3N BIBLIOGR\u00c1FICA<\/p>\n<p>Peri\u00f3dico: El Colombiano<\/p>\n<p>Lugar de edici\u00f3n: Medell\u00edn<\/p>\n<p>Autor personal: Vel\u00e1squez G\u00f3mez, Ramiro<\/p>\n<p>Autor corporativo:<\/p>\n<p>Fecha: 2010, julio, 29<\/p>\n<p>P\u00e1gina: 6a<\/p>\n<p>Secci\u00f3n: \u00c1rea Metro<\/p>\n<p><strong>Titular: <\/strong>Estudiantes de la U. de A. vuelven a clases desde hoy<\/p>\n<p><strong>Resumen:<\/strong> El d\u00eda 28 de julio se llev\u00f3 a cabo la Asamblea Multiestamentaria donde los estudiantes acordaron regresar a clases a partir del 29 de julio, exigiendo dos semanas iniciales sin evaluaciones. En la Asamblea se acord\u00f3 pedir diez semanas de extensi\u00f3n de los programas, realizar reuniones informativas en las diferentes dependencias y se nombraron dos estudiantes para la mesa multiestamentaria que discutir\u00e1 la reforma al proceso de elecci\u00f3n de decanos y directores de institutos y escuelas. Los docentes ya hab\u00edan levantado la asamblea permanente desde el mismo 27 de julio, despu\u00e9s de la renuncia del decano y con un acuerdo realizado con el rector.<\/p>\n<p><strong>Im\u00e1genes: <\/strong>IMG E39. En la fotograf\u00eda se muestran los estudiantes que estuvieron en huelga de hambre del 26 al 27 de julio en el bloque administrativo. Foto: Manuel Saldarriaga.<\/p>\n<p>INFORMACI\u00d3N ANAL\u00cdTICA<\/p>\n<p>Contexto de la noticia: Este hecho se produce en el marco de la coyuntura que se vive en la Universidad por la oposici\u00f3n de estudiantes y profesores a la reelecci\u00f3n del decano de la Facultad de Odontolog\u00eda.<\/p>\n<p>Por su parte, la situaci\u00f3n de violencia en Medell\u00edn no mejora, personas de la comuna 6 se volvieron a movilizar en contra de la violencia y la Personer\u00eda de Medell\u00edn alerta por la preocupante situaci\u00f3n de Derechos Humanos por homicidios y desplazamiento forzado intraurbano. En el pa\u00eds, contin\u00faan desmovilizaciones de guerrilleros y muertes en combate; las fuerzas armadas dicen tener acorralado a alias \u201cAlfonso Cano\u201d, quien pide di\u00e1logo a Santos el 30 de julio; y, hay crisis diplom\u00e1tica entre Colombia y Venezuela.<\/p>\n<p>Palabras clave: Asamblea Multiestamentaria, Uribe Soto, Carlos Mario.<\/p>\n<p>Sugerencia de palabras claves:<\/p>\n<p>Observaciones:<\/p>\n<p>Fecha de diligenciamiento: 19\/01\/2019<\/p>\n<h1 style=\"text-align: center;\">***<\/h1>\n<p><strong>N\u00famero de ficha<\/strong>: E40&nbsp;&nbsp;&nbsp;&nbsp;&nbsp;&nbsp;&nbsp;&nbsp;&nbsp;&nbsp;&nbsp;&nbsp;&nbsp;&nbsp;&nbsp;&nbsp;&nbsp;&nbsp;&nbsp;&nbsp;&nbsp;&nbsp;&nbsp;&nbsp;&nbsp;&nbsp;&nbsp;&nbsp;&nbsp;&nbsp;&nbsp;&nbsp;&nbsp;&nbsp;&nbsp;&nbsp;&nbsp;&nbsp;&nbsp;&nbsp;&nbsp;&nbsp;&nbsp;&nbsp;&nbsp;<\/p>\n<p><strong>Diligenciada por: <\/strong>Mariana Villegas Jim\u00e9nez<\/p>\n<p>INFORMACI\u00d3N BIBLIOGR\u00c1FICA<\/p>\n<p>Peri\u00f3dico: El Colombiano<\/p>\n<p>Lugar de edici\u00f3n: Medell\u00edn<\/p>\n<p>Autor personal: G\u00f3mez Valencia, Alejandro<\/p>\n<p>Autor corporativo:<\/p>\n<p>Fecha: 2010, agosto, 3<\/p>\n<p>P\u00e1gina: 6c<\/p>\n<p>Secci\u00f3n: Educaci\u00f3n<\/p>\n<p><strong>Titular: <\/strong>Clases y di\u00e1logo en la U. de A.<\/p>\n<p><strong>Resumen:<\/strong> Seg\u00fan la noticia, para este d\u00eda est\u00e1 previsto que el Consejo Superior acepte la renuncia del decano de la Facultad de Odontolog\u00eda y, temporalmente, \u00c9lmer Gaviria Rivera, decano de la Facultad de Medicina, pasar\u00eda a reemplazarlo, pues la elecci\u00f3n del nuevo decano tardar\u00eda unos tres meses, contando con que se har\u00e1 a partir de los ajustes realizados a los par\u00e1metros de estos nombramientos. Entre otras cosas, la implementaci\u00f3n de la TIP est\u00e1 empezando a tener espacio en las discusiones, a los estudiantes les preocupa el control que se pueda llegar a tener sobre los portadores y, seg\u00fan Marco Antonio V\u00e9lez, se nombr\u00f3 una comisi\u00f3n para estudiar las implicaciones de esta tarjeta.<\/p>\n<p><strong>Im\u00e1genes: <\/strong><\/p>\n<p>INFORMACI\u00d3N ANAL\u00cdTICA<\/p>\n<p>Contexto de la noticia: Esta noticia se produce en el marco de la coyuntura que se vivi\u00f3 en la Universidad tras dos meses de asamblea permanente por la oposici\u00f3n de estudiantes y profesores a la reelecci\u00f3n del decano de la Facultad de Odontolog\u00eda y con su posterior renuncia se dio el regreso a clases.<\/p>\n<p>La cr\u00edtica situaci\u00f3n de violencia en la ciudad contin\u00faa, iniciando este mes es Robledo el escenario donde se llev\u00f3 a cabo una matanza de cuatro personas.<\/p>\n<p>Por su parte, el pa\u00eds sigue siendo escenario de conflicto entre las fuerzas militares y las guerrillas, las muertes de integrantes de ambos bandos son continuas y avanzan las desmovilizaciones y las capturas de integrantes del grupo armado FARC-EP, como la reci\u00e9n capturada alias \u201cAndrea\u201d del comando central. En el \u00e1mbito pol\u00edtico a\u00fan no se recuperan las relaciones de Colombia con Venezuela.<\/p>\n<p>Palabras clave: Uribe Soto, Carlos Mario, Respuestas institucionales, Consejo Superior Universitario.<\/p>\n<p>Sugerencia de palabras claves:<\/p>\n<p>Observaciones:<\/p>\n<p>Fecha de diligenciamiento: 19\/01\/2019<\/p>\n<h1 style=\"text-align: center;\">***<\/h1>\n<p><strong>N\u00famero de ficha<\/strong>: E41&nbsp;&nbsp;&nbsp;&nbsp;&nbsp;&nbsp;&nbsp;&nbsp;&nbsp;&nbsp;&nbsp;&nbsp;&nbsp;&nbsp;&nbsp;&nbsp;&nbsp;&nbsp;&nbsp;&nbsp;&nbsp;&nbsp;&nbsp;&nbsp;&nbsp;&nbsp;&nbsp;&nbsp;&nbsp;&nbsp;&nbsp;&nbsp;&nbsp;&nbsp;&nbsp;&nbsp;&nbsp;&nbsp;&nbsp;&nbsp;&nbsp;&nbsp;&nbsp;&nbsp;&nbsp;<\/p>\n<p><strong>Diligenciada por: <\/strong>Mariana Villegas Jim\u00e9nez<\/p>\n<p>INFORMACI\u00d3N BIBLIOGR\u00c1FICA<\/p>\n<p>Peri\u00f3dico: El Colombiano<\/p>\n<p>Lugar de edici\u00f3n: Medell\u00edn<\/p>\n<p>Autor personal: G\u00f3mez Valencia, Alejandro<\/p>\n<p>Autor corporativo:<\/p>\n<p>Fecha: 2010, agosto, 4<\/p>\n<p>P\u00e1gina: 6a<\/p>\n<p>Secci\u00f3n: \u00c1rea Metro<\/p>\n<p><strong>Titular: <\/strong>Elecci\u00f3n de decano gener\u00f3 protesta<\/p>\n<p><strong>Resumen:<\/strong> El 2 de agosto hubo protestas en el campus universitario a ra\u00edz de la consulta interna previa a la elecci\u00f3n del decano de la Facultad de Comunicaciones realizada el 2 de agosto y que antes hab\u00eda estado programada para el 3 de agosto. Estudiantes denunciaron manipulaci\u00f3n de las fechas para, supuestamente, favorecer al actual vicedecano Jaime V\u00e9lez y, a su vez, \u00c1lvaro Cadavid Marulanda renunci\u00f3 a su candidatura por presunto ocultamiento de informaci\u00f3n acerca de los dem\u00e1s candidatos a los profesores. Jaime V\u00e9lez fue elegido decano de la Facultad de Comunicaciones por el Consejo Superior Universitario.<\/p>\n<p><strong>Im\u00e1genes: <\/strong><\/p>\n<p>INFORMACI\u00d3N ANAL\u00cdTICA<\/p>\n<p>Contexto de la noticia: Los estudiantes y profesores reci\u00e9n est\u00e1n de regreso a clases, despu\u00e9s de dos meses de asamblea permanente por inconformidad con la reelecci\u00f3n del Decano de la Facultad de Odontolog\u00eda.<\/p>\n<p>La cr\u00edtica situaci\u00f3n de violencia en la ciudad contin\u00faa, iniciando este mes es Robledo el escenario, donde se llev\u00f3 a cabo una matanza de cuatro personas.<\/p>\n<p>Por su parte, el pa\u00eds sigue siendo escenario de conflicto entre las fuerzas militares y las guerrillas, las muertes de integrantes de ambos bandos son continuas y avanzan las desmovilizaciones y las capturas de integrantes del grupo armado FARC-EP, como la reci\u00e9n capturada alias \u201cAndrea\u201d del comando central. En el \u00e1mbito pol\u00edtico a\u00fan no se recuperan las relaciones de Colombia con Venezuela. Por \u00faltimo, se est\u00e1n realizando algunas actividades en el marco de la Semana por la Verdad en Antioquia, un evento que invita a conocer la memoria de las v\u00edctimas del conflicto armado.<\/p>\n<p>Palabras clave: Acciones contestatarias, Tropel, Respuestas institucionales, Consultas p\u00fablicas, plebiscitos, Estudiantes, Facultad de Comunicaciones, Consejo Superior Universitario.<\/p>\n<p>Sugerencia de palabras claves:<\/p>\n<p>Observaciones: En la noticia se habla de protestas y disturbios, pero no se especifica qu\u00e9 sucedi\u00f3 exactamente. Sin embargo, en una columna de opini\u00f3n publicada el 8 de agosto en la p\u00e1gina 5a (Opini\u00f3n), se afirma que un grupo de encapuchados se enfrent\u00f3 con la Fuerza P\u00fablica en dos de las porter\u00edas del campus y destruyeron bienes de la instituci\u00f3n; y, se afirma tambi\u00e9n que el jueves 5 de agosto tambi\u00e9n se presentaron enfrentamientos de este tipo en la sede de Robledo.<\/p>\n<p>Por otro lado, seg\u00fan una noticia que anuncia el nombramiento de dos nuevos decanos en la Universidad, publicada el 5 de agosto en la p\u00e1gina 7a (\u00c1rea Metro), el rector manifest\u00f3 su rechazo frente a los hechos, al igual que el Gobernador de Antioquia Luis Alfredo Ramos.<\/p>\n<p>Fecha de diligenciamiento: 19\/01\/2019<\/p>\n<h1 style=\"text-align: center;\">***<\/h1>\n<p><strong>N\u00famero de ficha<\/strong>: E42&nbsp;&nbsp;&nbsp;&nbsp;&nbsp;&nbsp;&nbsp;&nbsp;&nbsp;&nbsp;&nbsp;&nbsp;&nbsp;&nbsp;&nbsp;&nbsp;&nbsp;&nbsp;&nbsp;&nbsp;&nbsp;&nbsp;&nbsp;&nbsp;&nbsp;&nbsp;&nbsp;&nbsp;&nbsp;&nbsp;&nbsp;&nbsp;&nbsp;&nbsp;&nbsp;&nbsp;&nbsp;&nbsp;&nbsp;&nbsp;&nbsp;&nbsp;&nbsp;&nbsp;&nbsp;<\/p>\n<p><strong>Diligenciada por: <\/strong>Mariana Villegas Jim\u00e9nez<\/p>\n<p>INFORMACI\u00d3N BIBLIOGR\u00c1FICA<\/p>\n<p>Peri\u00f3dico: El Colombiano<\/p>\n<p>Lugar de edici\u00f3n: Medell\u00edn<\/p>\n<p>Autor personal:<\/p>\n<p>Autor corporativo: \u00c1rea Educaci\u00f3n<\/p>\n<p>Fecha: 2010, septiembre, 5<\/p>\n<p>P\u00e1gina: 9b<\/p>\n<p>Secci\u00f3n: Educaci\u00f3n<\/p>\n<p><strong>Titular: <\/strong>Golpe a la dignidad en la U. de A.<\/p>\n<p><strong>Resumen:<\/strong> Al medio d\u00eda del 26 de agosto, Johnatan Clavijo, estudiante de periodismo, fue golpeado e insultado dentro del campus universitario mientras sacaba unas im\u00e1genes con su viodeograbadora en el \u201cAeropuerto\u201d para una nota period\u00edstica que estaba preparando, los agresores le exig\u00edan que borrara las im\u00e1genes. La decanatura de la Facultad de Comunicaciones y el rector Alberto Uribe Correa expresaron su rechazo por los hechos ocurridos, asegurando este \u00faltimo que \u201ccontinuar\u00e1 realizando acciones con el concurso de toda la sociedad y las instancias gubernamentales del orden civil y judicial, para que en nuestra instituci\u00f3n prime el estudio y la libertad\u201d.<\/p>\n<p><strong>Im\u00e1genes: <\/strong><\/p>\n<p>INFORMACI\u00d3N ANAL\u00cdTICA<\/p>\n<p>Contexto de la noticia: La violencia y la inseguridad en Medell\u00edn han crecido a pesar del incremento continuo del pie de fuerza y los operativos, en especial contra las bandas de la comuna 13, al punto de que el Gobernador de Antioquia sugiri\u00f3 declarar conmoci\u00f3n interior en la ciudad y se solicit\u00f3 ayuda al gobierno nacional; debido a la situaci\u00f3n cr\u00edtica, en la comuna 1 se vuelven a movilizar por la paz. En el pa\u00eds se vienen presentando asesinatos de l\u00edderes sociales y los atentados por parte de las FARC y del ELN contin\u00faan. Por otro lado, se siguen presentando cargos contra funcionarios por chuzadas del DAS y el Gobernador de Antioquia cede derechos de HidroItuango a EPM.<\/p>\n<p>Palabras clave: Acciones violentas, Intimidaci\u00f3n, Clavijo, Johnatan, Estudiantes, Acciones de resistencia, Comunicados, misivas, declaraciones, Facultad de Comunicaciones, Rector\u00eda Uribe Correa, Alberto.<\/p>\n<p>Sugerencia de palabras claves:<\/p>\n<p>Observaciones: Es importante resaltar que se avecina la implementaci\u00f3n de la nueva carnetizaci\u00f3n (TIP) en la Universidad, donde este tipo de noticias podr\u00edan representar un insumo para justificar ante la opini\u00f3n p\u00fablica \u00e9sta y otras medidas de seguridad tomadas por las directivas de la universidad. As\u00ed como una columna de opini\u00f3n denominada \u201cU. de A.: la seguridad pide pista\u201d y publicada el 8 de septiembre en la p\u00e1gina 5a (Opini\u00f3n), sugiere que se hacen necesarias m\u00e1s medidas de seguridad y que \u201clas autoridades act\u00faen con m\u00e1s vigor\u201d.<\/p>\n<p>Fecha de diligenciamiento: 19\/01\/2019<\/p>\n<h1 style=\"text-align: center;\">***<\/h1>\n<p><strong>N\u00famero de ficha<\/strong>: E43&nbsp;&nbsp;&nbsp;&nbsp;&nbsp;&nbsp;&nbsp;&nbsp;&nbsp;&nbsp;&nbsp;&nbsp;&nbsp;&nbsp;&nbsp;&nbsp;&nbsp;&nbsp;&nbsp;&nbsp;&nbsp;&nbsp;&nbsp;&nbsp;&nbsp;&nbsp;&nbsp;&nbsp;&nbsp;&nbsp;&nbsp;&nbsp;&nbsp;&nbsp;&nbsp;&nbsp;&nbsp;&nbsp;&nbsp;&nbsp;&nbsp;&nbsp;&nbsp;&nbsp;&nbsp;<\/p>\n<p><strong>Diligenciada por: <\/strong>Mariana Villegas Jim\u00e9nez<\/p>\n<p>INFORMACI\u00d3N BIBLIOGR\u00c1FICA<\/p>\n<p>Peri\u00f3dico: El Colombiano<\/p>\n<p>Lugar de edici\u00f3n: Medell\u00edn<\/p>\n<p>Autor personal: G\u00f3mez Valencia, Alejandro<\/p>\n<p>Autor corporativo:<\/p>\n<p>Fecha: 2010, septiembre, 14<\/p>\n<p>P\u00e1gina: 6c<\/p>\n<p>Secci\u00f3n: Educaci\u00f3n<\/p>\n<p><strong>Titular: <\/strong>Hay novedades para ingresar a la U. de A.<\/p>\n<p><strong>Resumen:<\/strong> El 13 de septiembre se inici\u00f3 la implementaci\u00f3n de la Tarjeta Integrada Personal en la Universidad de Antioquia y, en las horas de la ma\u00f1ana, un grupo de personas march\u00f3 en contra de la implementaci\u00f3n de la TIP e hizo algunos da\u00f1os en porter\u00edas. Por otra parte, en las horas de la tarde, un grupo de encapuchados lanz\u00f3 papas bomba y agredi\u00f3 al profesor Eufrasio Guzm\u00e1n Mesa por no permitir que \u201cle quitaran y destruyeran su TIP\u201d; en \u00faltimas, las directivas decidieron dar orden de evacuaci\u00f3n. Seg\u00fan la noticia, esta carnetizaci\u00f3n representa para las directivas una oportunidad de unificar los carn\u00e9s y \u201cmejorar la convivencia\u201d, haciendo referencia a los diferentes robos, golpizas y dem\u00e1s situaciones que han ocurrido en la Universidad. Esta semana es de pedagog\u00eda, pero, seg\u00fan el rector, a partir del primero de octubre, quien no tenga la TIP no podr\u00e1 ingresar y los visitantes solo lo podr\u00e1n hacer por la porter\u00eda de Ferrocarril, dejando un documento all\u00ed. La medida se extendi\u00f3 tambi\u00e9n al ingreso de la biblioteca, pretendiendo controlar el sobrecupo.<\/p>\n<p><strong>Im\u00e1genes: <\/strong>IMG E43. En la fotograf\u00eda se muestra una persona disfrazada con una TIP gigante en sus manos, promocionando el uso de esta. Foto: Hern\u00e1n Vanegas.<\/p>\n<p>INFORMACI\u00d3N ANAL\u00cdTICA<\/p>\n<p>Contexto de la noticia: La situaci\u00f3n de violencia en la ciudad no mejora, el 12 de septiembre fue asesinado otro conductor de bus en Itag\u00fc\u00ed y los estudiantes y docentes de diferentes colegios de la ciudad siguen siendo blanco de amenazas; adem\u00e1s, en la comuna 1 denuncian explotaci\u00f3n sexual a ni\u00f1as por parte de los combos delincuenciales.<\/p>\n<p>En el pa\u00eds contin\u00faa el esc\u00e1ndalo por las chuzadas; avanzan los TLC con Corea y Panam\u00e1; aumentan los condenados por parapol\u00edtica, entre ellos el expresidente del Congreso de la Rep\u00fablica Javier C\u00e1ceres, capturado el 14 de septiembre; y, por \u00faltimo, contin\u00faan ataques a militares por parte de las FARC.<\/p>\n<p>Palabras clave: Acciones contestatarias, Marchas estudiantiles, Acciones violentas, Da\u00f1o a bienes civiles, intimidaci\u00f3n, Profesor Guzm\u00e1n Mesa, Eufrasio, Respuestas institucionales, Evacuaci\u00f3n, Grupos clandestinos.<\/p>\n<p>Sugerencia de palabras claves:<\/p>\n<p>Observaciones:<\/p>\n<p>Fecha de diligenciamiento: 19\/01\/2019<\/p>\n<h1 style=\"text-align: center;\">***<\/h1>\n<p><strong>N\u00famero de ficha<\/strong>: E44&nbsp;&nbsp;&nbsp;&nbsp;&nbsp;&nbsp;&nbsp;&nbsp;&nbsp;&nbsp;&nbsp;&nbsp;&nbsp;&nbsp;&nbsp;&nbsp;&nbsp;&nbsp;&nbsp;&nbsp;&nbsp;&nbsp;&nbsp;&nbsp;&nbsp;&nbsp;&nbsp;&nbsp;&nbsp;&nbsp;&nbsp;&nbsp;&nbsp;&nbsp;&nbsp;&nbsp;&nbsp;&nbsp;&nbsp;&nbsp;&nbsp;&nbsp;&nbsp;&nbsp;&nbsp;<\/p>\n<p><strong>Diligenciada por: Mariana Villegas Jim\u00e9nez<\/strong><\/p>\n<p>INFORMACI\u00d3N BIBLIOGR\u00c1FICA<\/p>\n<p>Peri\u00f3dico: El Colombiano<\/p>\n<p>Lugar de edici\u00f3n: Medell\u00edn<\/p>\n<p>Autor personal: G\u00f3mez Valencia, Alejandro &amp; Mart\u00ednez Arango, Rodrigo<\/p>\n<p>Autor corporativo:<\/p>\n<p>Fecha: 2010, septiembre, 16<\/p>\n<p>P\u00e1gina: 7a<\/p>\n<p>Secci\u00f3n: \u00c1rea Metro<\/p>\n<p><strong>Titular: <\/strong>No paran las protestas en la U. de A.<\/p>\n<p><strong>Resumen:<\/strong> El d\u00eda 15 de septiembre un grupo de aproximadamente 200 personas \u2013que, seg\u00fan los presentes, no estaban encapuchadas\u2013 intent\u00f3 tomarse el bloque administrativo y acceder al segundo piso donde se encuentran las oficinas de los directivos supuestamente para hacerse escuchar, por lo que se permiti\u00f3 el acceso del ESMAD con tres tanquetas y se presentaron los enfrentamientos, los agentes del Escuadr\u00f3n rodearon la Universidad y se cerraron las v\u00edas aleda\u00f1as. Seg\u00fan la Personer\u00eda de Medell\u00edn, de los enfrentamientos resultaron tres personas heridas y ocho personas fueron capturadas y m\u00e1s tarde liberadas. Por esta situaci\u00f3n, el rector Alberto Uribe Correa dijo haberse sentido secuestrado en su oficina; y, en las horas de la noche, el Consejo Acad\u00e9mico decidi\u00f3 prohibir el ingreso de estudiantes al campus y habilitar \u00fanicamente el del personal docente y administrativo.<\/p>\n<p><strong>Im\u00e1genes: <\/strong>IMG E44. En la fotograf\u00eda se muestra una de las tanquetas que hizo presencia en el lugar. Foto: Edwin Bustamante.<\/p>\n<p>INFORMACI\u00d3N ANAL\u00cdTICA<\/p>\n<p>Contexto de la noticia: Este hecho se desarrolla en el marco de la coyuntura que vive la Universidad por la inconformidad de estudiantes acerca de la implementaci\u00f3n de la TIP.<\/p>\n<p>En la ciudad, la situaci\u00f3n de seguridad contin\u00faa en estado cr\u00edtico. En el pa\u00eds contin\u00faa el esc\u00e1ndalo por las chuzadas; la Fiscal\u00eda decidir\u00e1 la suerte de Andr\u00e9s Felipe Arias por las irregularidades con los subsidios de Agro Ingreso Seguro; avanzan los TLC con diferentes pa\u00edses; contin\u00faan ataques a militares por parte de las FARC, pero se est\u00e1 considerando el inicio de di\u00e1logos de paz con esta guerrilla, aunque sin zonas de distenci\u00f3n.<\/p>\n<p>En el contexto mundial, Palestina e Israel dialogan por la paz y Estados Unidos aval\u00f3 a Colombia en Derechos Humanos.<\/p>\n<p>Palabras clave: Acciones contestatarias, Mitin, Tropel, Acciones violentas, Ingreso de la fuerza p\u00fablica o Ej\u00e9rcito, Respuestas institucionales, Cierre administrativo, Detenciones, Consejo Acad\u00e9mico, Rector\u00eda Uribe Correa, Alberto, Estudiantes, ESMAD.<\/p>\n<p>Sugerencia de palabras claves:<\/p>\n<p>Observaciones: En una breve noticia publicada el d\u00eda 8 de septiembre en la p\u00e1gina 4d (Vida), se anunci\u00f3 que a partir del lunes 13 de septiembre el ingreso al campus universitario ser\u00eda \u00fanicamente usando la Tarjeta Integrada Personal (TIP), que es el nuevo carn\u00e9 que identifica a los profesores, estudiantes y empleados de la Universidad.<\/p>\n<p>Fecha de diligenciamiento: 19\/01\/2019<\/p>\n<h1 style=\"text-align: center;\">***<\/h1>\n<p><strong>N\u00famero de ficha<\/strong>: E45&nbsp;&nbsp;&nbsp;&nbsp;&nbsp;&nbsp;&nbsp;&nbsp;&nbsp;&nbsp;&nbsp;&nbsp;&nbsp;&nbsp;&nbsp;&nbsp;&nbsp;&nbsp;&nbsp;&nbsp;&nbsp;&nbsp;&nbsp;&nbsp;&nbsp;&nbsp;&nbsp;&nbsp;&nbsp;&nbsp;&nbsp;&nbsp;&nbsp;&nbsp;&nbsp;&nbsp;&nbsp;&nbsp;&nbsp;&nbsp;&nbsp;&nbsp;&nbsp;&nbsp;&nbsp;<\/p>\n<p><strong>Diligenciada por: <\/strong>Mariana Villegas Jim\u00e9nez<\/p>\n<p>INFORMACI\u00d3N BIBLIOGR\u00c1FICA<\/p>\n<p>Peri\u00f3dico: El Colombiano<\/p>\n<p>Lugar de edici\u00f3n: Medell\u00edn<\/p>\n<p>Autor personal: G\u00f3mez Valencia, Alejandro<\/p>\n<p>Autor corporativo:<\/p>\n<p>Fecha: 2010, septiembre, 17<\/p>\n<p>P\u00e1gina: 6a<\/p>\n<p>Secci\u00f3n: \u00c1rea Metro<\/p>\n<p><strong>Titular: <\/strong>Hoy tampoco hay clases en la U. de A.<\/p>\n<p><strong>Resumen:<\/strong> El ingreso a la Universidad contin\u00faa restringido para los estudiantes, despu\u00e9s de los hechos presentados el pasado 15 de septiembre. Seg\u00fan el rector Alberto Uribe, hay disposici\u00f3n para dialogar con los representantes del estamento estudiantil, pero asegura que la implementaci\u00f3n de la TIP es un hecho y no ser\u00e1 revertida; adem\u00e1s, seg\u00fan las directivas, esta medida de seguridad ya empieza a mostrar resultados. En la notica se aclara que el tropel mencionado inici\u00f3 siendo una manifestaci\u00f3n pac\u00edfica donde un grupo de estudiantes reci\u00e9n salidos de una asamblea quer\u00edan entregarle una misiva al rector, pero todo se complic\u00f3 con el ingreso del ESMAD, aseguran versiones de docentes y estudiantes que estuvieron presentes. Sin embargo, la versi\u00f3n del rector contrasta con \u00e9sta, pues afirma haber visto personas con m\u00e1scaras y varillas en sus manos, por lo que se vio obligado a llamar a pedir la presencia de la Personer\u00eda de Medell\u00edn y, asegur\u00f3, fue desde la Gobernaci\u00f3n de donde se dio la orden de ingreso de la fuerza p\u00fablica. Los docentes manifestaron su disposici\u00f3n para servir como mediadores en el di\u00e1logo entre estudiantes y directivas.<\/p>\n<p><strong>Im\u00e1genes: <\/strong><\/p>\n<p>INFORMACI\u00d3N ANAL\u00cdTICA<\/p>\n<p>Contexto de la noticia: Este hecho se desarrolla en el marco de la coyuntura que vive la Universidad por la inconformidad de estudiantes con la implementaci\u00f3n de la TIP.<\/p>\n<p>En la ciudad, la situaci\u00f3n de seguridad contin\u00faa en estado cr\u00edtico. En el pa\u00eds contin\u00faa el esc\u00e1ndalo por las chuzadas; la Corte Suprema de Justicia a\u00fan no elige Fiscal General; aumentan los operativos a nivel nacional para atacar el alza de homicidios y la delincuencia com\u00fan; se declaran cr\u00edmenes de lesa humanidad la muerte de civiles en la toma del Palacio de Justicia y, por \u00faltimo, se est\u00e1 considerando el inicio de di\u00e1logos de paz con esta guerrilla, aunque sin zonas de distenci\u00f3n.<\/p>\n<p>Palabras clave: Respuestas institucionales, Cierre administrativo, Acciones de resistencia, Negociaci\u00f3n, Estudiantes, Rector\u00eda, Uribe Correa, Alberto.<\/p>\n<p>Sugerencia de palabras claves:<\/p>\n<p>Observaciones: Como se evidencia en el breve comunicado de los empleados de la Universidad publicado el 18 de septiembre en la p\u00e1gina 6a (\u00c1rea Metro), la versi\u00f3n del rector tiene respaldo por parte de este grupo de personas, quienes afirman que \u201cel lenguaje soez usado por las personas que literalmente se tomaron el Bloque 16 no corresponde al calificativo de pac\u00edfico\u201d.<\/p>\n<p>Por otro lado, la Editorial de El Colombiano public\u00f3 una columna de opini\u00f3n el d\u00eda 19 de septiembre (p\u00e1gina 5a), donde evidencia su firme apoyo a las iniciativas de las directivas de la Universidad y justificando la implementaci\u00f3n de la TIP, afirmando que, gracias a \u00e9sta y otras medidas de seguridad, ya no hay \u201cAeropuerto\u201d en el campus.<\/p>\n<p>Fecha de diligenciamiento: 19\/01\/2019<\/p>\n<h1 style=\"text-align: center;\">***<\/h1>\n<p><strong>N\u00famero de ficha<\/strong>: E46&nbsp;&nbsp;&nbsp;&nbsp;&nbsp;&nbsp;&nbsp;&nbsp;&nbsp;&nbsp;&nbsp;&nbsp;&nbsp;&nbsp;&nbsp;&nbsp;&nbsp;&nbsp;&nbsp;&nbsp;&nbsp;&nbsp;&nbsp;&nbsp;&nbsp;&nbsp;&nbsp;&nbsp;&nbsp;&nbsp;&nbsp;&nbsp;&nbsp;&nbsp;&nbsp;&nbsp;&nbsp;&nbsp;&nbsp;&nbsp;&nbsp;&nbsp;&nbsp;&nbsp;&nbsp;<\/p>\n<p><strong>Diligenciada por: <\/strong>Mariana Villegas Jim\u00e9nez<\/p>\n<p>INFORMACI\u00d3N BIBLIOGR\u00c1FICA<\/p>\n<p>Peri\u00f3dico: El Colombiano<\/p>\n<p>Lugar de edici\u00f3n: Medell\u00edn<\/p>\n<p>Autor personal:<\/p>\n<p>Autor corporativo: Consejo Acad\u00e9mico de la Universidad de Antioquia<\/p>\n<p>Fecha: 2010, septiembre, 19<\/p>\n<p>P\u00e1gina: 18a<\/p>\n<p>Secci\u00f3n:<\/p>\n<p><strong>Titular: <\/strong>Universidad de Antioquia Pronunciamiento del Consejo Acad\u00e9mico<\/p>\n<p><strong>Resumen:<\/strong> El comunicado, publicado a ra\u00edz de lo ocurrido el pasado 15 de septiembre, expone la indignaci\u00f3n de las directivas con respecto a esta situaci\u00f3n y, entre tanto, plantea dos escenarios posibles: el primero, donde se exaltan las mayores virtudes de la Universidad y, el segundo, donde se exponen lo que el Consejo Acad\u00e9mico considera sus mayores falencias; acto seguido se les pregunta a los lectores cu\u00e1l es la universidad que se va a abrir despu\u00e9s de este cierre \u00bfla primera o la segunda? En t\u00e9rminos generales, se evidencia el rechazo por la situaci\u00f3n que se vive en la Universidad, el cual se resume en el siguiente apartado: \u201cLa Universidad tiene problemas graves que hacen tambalear la posibilidad de cumplir su misi\u00f3n y su sostenibilidad. Desde la hist\u00f3rica desatenci\u00f3n presupuestal por parte de los gobiernos del Estado colombiano con sus graves consecuencias para la calidad de la educaci\u00f3n, hasta el abuso de la socorrida autonom\u00eda universitaria peligrosamente convertida en peque\u00f1as pero poderosas autonom\u00edas especiales para el delito del narcotr\u00e1fico, para el negocio privado o para la violencia subversiva de derechas e izquierdas, de una manera tal que la original autonom\u00eda para el libre desarrollo de las actividades del conocimiento y del debate ideol\u00f3gico, termina convertida en la privatizaci\u00f3n de la Universidad ligada a la satisfacci\u00f3n de fines particulares, de negocio o de pol\u00edtica, en la b\u00fasqueda de los cuales se consideran l\u00edcitos todos los medios ilegales y violentos\u201d.<\/p>\n<p><strong>Im\u00e1genes: <\/strong><\/p>\n<p>INFORMACI\u00d3N ANAL\u00cdTICA<\/p>\n<p>Contexto de la noticia: Este comunicado se desarrolla en el marco de la coyuntura que vive la Universidad por la inconformidad de estudiantes con la implementaci\u00f3n de la TIP y el tropel que se present\u00f3 el 15 de septiembre a ra\u00edz de ello.<\/p>\n<p>En la ciudad, el pie de fuerza sigue aumentando, en especial en la comuna 13. En el contexto nacional, contin\u00faan las capturas por parapol\u00edtica; se presentan operativos en todo el pa\u00eds para atacar el alza de homicidios y delincuencia com\u00fan; y, Santos reafirma la \u201cPol\u00edtica de Consolidaci\u00f3n de la Seguridad Democr\u00e1tica\u201d. Entre otras noticas, alias \u201cel Ronco\u201d fue capturado en Espa\u00f1a por concierto para delinquir y presuntos nexos con \u201cLa Oficina\u201d.<\/p>\n<p>Palabras clave: Acciones de resistencia, Comunicados, misivas, declaraciones, Consejo Acad\u00e9mico.<\/p>\n<p>Sugerencia de palabras claves:<\/p>\n<p>Observaciones:<\/p>\n<p>Fecha de diligenciamiento: 19\/01\/2019<\/p>\n<h1 style=\"text-align: center;\">***<\/h1>\n<p><strong>N\u00famero de ficha<\/strong>: E47&nbsp;&nbsp;&nbsp;&nbsp;&nbsp;&nbsp;&nbsp;&nbsp;&nbsp;&nbsp;&nbsp;&nbsp;&nbsp;&nbsp;&nbsp;&nbsp;&nbsp;&nbsp;&nbsp;&nbsp;&nbsp;&nbsp;&nbsp;&nbsp;&nbsp;&nbsp;&nbsp;&nbsp;&nbsp;&nbsp;&nbsp;&nbsp;&nbsp;&nbsp;&nbsp;&nbsp;&nbsp;&nbsp;&nbsp;&nbsp;&nbsp;&nbsp;&nbsp;&nbsp;&nbsp;<\/p>\n<p><strong>Diligenciada por: <\/strong>Mariana Villegas Jim\u00e9nez<\/p>\n<p>INFORMACI\u00d3N BIBLIOGR\u00c1FICA<\/p>\n<p>Peri\u00f3dico: El Colombiano<\/p>\n<p>Lugar de edici\u00f3n: Medell\u00edn<\/p>\n<p>Autor personal:<\/p>\n<p>Autor corporativo:<\/p>\n<p>Fecha: 2010, septiembre, 20<\/p>\n<p>P\u00e1gina: 7a<\/p>\n<p>Secci\u00f3n: \u00c1rea Metro<\/p>\n<p><strong>Titular: <\/strong>Hoy no habr\u00e1 clases en la Universidad de Antioquia<\/p>\n<p><strong>Resumen:<\/strong> \u201cEl cese de actividades acad\u00e9micas se mantendr\u00e1 en la Universidad de Antioquia hoy y ma\u00f1ana, mientras se buscan salidas para normalizar la situaci\u00f3n [\u2026]\u201d. Los docentes tendr\u00e1n reuniones el 20 de septiembre y se espera que el 21 se re\u00fana el Consejo Acad\u00e9mico para tomar decisiones.<\/p>\n<p><strong>Im\u00e1genes: <\/strong><\/p>\n<p>INFORMACI\u00d3N ANAL\u00cdTICA<\/p>\n<p>Contexto de la noticia: Esta noticia se desarrolla en el marco de la coyuntura que vive la Universidad por la inconformidad de estudiantes acerca de la implementaci\u00f3n de la TIP y el tropel que se present\u00f3 el 15 de septiembre a ra\u00edz de ello.<\/p>\n<p>La situaci\u00f3n de la ciudad va empeorando, el d\u00eda 20 de septiembre se perpetr\u00f3 una masacre en Robledo-Miramar, en la que fueron asesinadas cinco personas, a su vez, contin\u00faan los operativos de la fuerza p\u00fablica en la comuna 13. En el contexto nacional, murieron 22 guerrilleros del frente 48 por un bombardeo de las Fuerzas Militares, entre ellos se encontraba alias \u201cDomingo Bioh\u00f3\u201d y el 23 de septiembre es bombardeado el campamento donde muere alias \u201cMono Jojoy\u201d y presuntamente 20 guerrilleros m\u00e1s; y, mientras tanto, hay un saldo de 15 heridos a ra\u00edz de las protestas en Segovia por la venta de la mina Frontino Gold Mines.<\/p>\n<p>Palabras clave: Respuestas institucionales, Cierre administrativo, Acciones de resistencia, Negociaci\u00f3n, Profesores, Consejo Acad\u00e9mico.<\/p>\n<p>Sugerencia de palabras claves:<\/p>\n<p>Observaciones: Las medidas de seguridad toman cada vez m\u00e1s fuerza, como lo evidencia una noticia publicada el 22 de septiembre, en la p\u00e1gina 7a (\u00c1rea Metro), donde se expone que \u201cel Gobernador de Antioquia, Luis Alfredo Ramos, reiter\u00f3 que la fuerza p\u00fablica ingresar\u00e1 a la U. de A., las veces que sean necesarias para combatir los des\u00f3rdenes al interior del claustro. As\u00ed mismo dijo que se combatir\u00e1n las ventas ambulantes y los art\u00edculos piratiados\u201d.<\/p>\n<p>Fecha de diligenciamiento: 19\/01\/2019<\/p>\n<h1 style=\"text-align: center;\">***<\/h1>\n<p><strong>N\u00famero de ficha<\/strong>: E48&nbsp;&nbsp;&nbsp;&nbsp;&nbsp;&nbsp;&nbsp;&nbsp;&nbsp;&nbsp;&nbsp;&nbsp;&nbsp;&nbsp;&nbsp;&nbsp;&nbsp;&nbsp;&nbsp;&nbsp;&nbsp;&nbsp;&nbsp;&nbsp;&nbsp;&nbsp;&nbsp;&nbsp;&nbsp;&nbsp;&nbsp;&nbsp;&nbsp;&nbsp;&nbsp;&nbsp;&nbsp;&nbsp;&nbsp;&nbsp;&nbsp;&nbsp;&nbsp;&nbsp;&nbsp;<\/p>\n<p><strong>Diligenciada por: <\/strong>Mariana Villegas Jim\u00e9nez<\/p>\n<p>INFORMACI\u00d3N BIBLIOGR\u00c1FICA<\/p>\n<p>Peri\u00f3dico: El Colombiano<\/p>\n<p>Lugar de edici\u00f3n: Medell\u00edn<\/p>\n<p>Autor personal: G\u00f3mez Valencia, Alejandro<\/p>\n<p>Autor corporativo:<\/p>\n<p>Fecha: 2010, septiembre, 22<\/p>\n<p>P\u00e1gina: 7a<\/p>\n<p>Secci\u00f3n: \u00c1rea Metro<\/p>\n<p><strong>Titular: <\/strong>U. de A. cerrada hasta el martes<\/p>\n<p><strong>Resumen:<\/strong> En la sesi\u00f3n del 21 de septiembre del Consejo Acad\u00e9mico se decidi\u00f3 mantener el cese de actividades hasta el 28 de septiembre que se re\u00fane el Consejo Superior, donde una comisi\u00f3n del primero mostrar\u00e1 una propuesta de normalizaci\u00f3n de las condiciones de la Universidad. Mientras tanto, dice el rector Alberto Uribe, continuar\u00e1n los acercamientos con los estamentos universitarios. Entre otras cosas, el 21 de septiembre un grupo de estudiantes se reunieron con el profesor Jaime Arturo V\u00e9lez a las afueras del campus simulando un aula de clase para protestar por la situaci\u00f3n y exigir la apertura de la Universidad.<\/p>\n<p><strong>Im\u00e1genes: <\/strong>IMG E48. Es una fotograf\u00eda del mitin de los estudiantes, donde se muestra un grupo de personas junto a la malla de la Universidad, con unos carteles pegados en \u00e9sta. Foto: Robinson S\u00e1enz.<\/p>\n<p>INFORMACI\u00d3N ANAL\u00cdTICA<\/p>\n<p>Contexto de la noticia: Esta noticia se desarrolla en el marco de la coyuntura que vive la Universidad por la inconformidad de estudiantes acerca de la implementaci\u00f3n de la TIP y el tropel que se present\u00f3 el 15 de septiembre a ra\u00edz de ello.<\/p>\n<p>La situaci\u00f3n de la ciudad va empeorando, el d\u00eda 20 de septiembre se perpetr\u00f3 una masacre en Robledo-Miramar, en la que fueron asesinadas cinco personas; se presentan robos en Envigado; el alcalde se reuni\u00f3 con l\u00edderes de la comuna seis para debatir soluciones al conflicto y; a su vez, contin\u00faan los operativos de la fuerza p\u00fablica en la comuna 13. En el contexto nacional, murieron 22 guerrilleros del frente 48 por un bombardeo de las Fuerzas Militares, entre ellos se encontraba alias \u201cDomingo Bioh\u00f3\u201d y el 23 de septiembre es bombardeado el campamento donde muere alias \u201cMono Jojoy\u201d y presuntamente 20 guerrilleros m\u00e1s; el paro de Segovia por la venta de la mina Frontino Gold Mines se levanta el 22 de septiembre.<\/p>\n<p>Palabras clave: Acciones de resistencia, Negociaci\u00f3n, Acciones contestatarias, Mitin, Respuestas institucionales, Cierre administrativo, Estudiantes, Profesores, Consejo Acad\u00e9mico, Consejo Superior Universitario, Rector\u00eda Uribe Correa, Alberto.<\/p>\n<p>Sugerencia de palabras claves:<\/p>\n<p>Observaciones:<\/p>\n<p>Fecha de diligenciamiento: 19\/01\/2019<\/p>\n<h1 style=\"text-align: center;\">***<\/h1>\n<p><strong>N\u00famero de ficha<\/strong>: E49&nbsp;&nbsp;&nbsp;&nbsp;&nbsp;&nbsp;&nbsp;&nbsp;&nbsp;&nbsp;&nbsp;&nbsp;&nbsp;&nbsp;&nbsp;&nbsp;&nbsp;&nbsp;&nbsp;&nbsp;&nbsp;&nbsp;&nbsp;&nbsp;&nbsp;&nbsp;&nbsp;&nbsp;&nbsp;&nbsp;&nbsp;&nbsp;&nbsp;&nbsp;&nbsp;&nbsp;&nbsp;&nbsp;&nbsp;&nbsp;&nbsp;&nbsp;&nbsp;&nbsp;&nbsp;<\/p>\n<p><strong>Diligenciada por: <\/strong>Mariana Villegas Jim\u00e9nez<\/p>\n<p>INFORMACI\u00d3N BIBLIOGR\u00c1FICA<\/p>\n<p>Peri\u00f3dico: El Colombiano<\/p>\n<p>Lugar de edici\u00f3n: Medell\u00edn<\/p>\n<p>Autor personal: G\u00f3mez Valencia, Alejandro<\/p>\n<p>Autor corporativo:<\/p>\n<p>Fecha: 2010, septiembre, 26<\/p>\n<p>P\u00e1gina: 8b<\/p>\n<p>Secci\u00f3n: Educaci\u00f3n<\/p>\n<p><strong>Titular: <\/strong>D\u00eda de quiebre, el 15 en la U. de A.<\/p>\n<p><strong>Resumen:<\/strong> Tras la situaci\u00f3n que se vivi\u00f3 en la Universidad el pasado 15 de septiembre, el campus sigue cerrado y las directivas permanecen en constante discusi\u00f3n entre Consejos y, hasta el momento, tambi\u00e9n con docentes. Seg\u00fan el vicerrector general Martiniano Jaime Contreras, se espera llegar a acuerdos con los estamentos universitarios para \u201cgarantizar unas condiciones m\u00ednimas que mantengan a la instituci\u00f3n abierta y sin violencia\u201d. Seg\u00fan el funcionario, \u201cla autonom\u00eda que tiene la U. de A. no puede confundirse con extraterritorialidad\u201d, posici\u00f3n que apoya el Gobernador Luis Alfredo Ramos, quien le da el aval a la fuerza p\u00fablica de ingresar a la Universidad y, seg\u00fan la noticia, anunci\u00f3 la instalaci\u00f3n de c\u00e1maras y revisi\u00f3n de casilleros en el campus. Por su parte, el Claustro de Profesores de la Facultad de Derecho y Ciencias Pol\u00edticas solicitaron la apertura del campus y convocaron \u201ca que la universidad recupere el lenguaje de la pol\u00edtica y abandone el recurso de la represi\u00f3n y el punitivismo\u201d. Por su parte, el Consejo Acad\u00e9mico ya dio un paso al reconocer a la Asamblea de Estudiantes como un actor pol\u00edtico y ve al grupo de estudiantes que se pronunci\u00f3 acerca de la situaci\u00f3n como unos posibles interlocutores.<\/p>\n<p><strong>Im\u00e1genes: <\/strong><\/p>\n<p>INFORMACI\u00d3N ANAL\u00cdTICA<\/p>\n<p>Contexto de la noticia: Esta noticia se desarrolla en el marco de la coyuntura que vive la Universidad por la inconformidad de estudiantes acerca de la implementaci\u00f3n de la TIP y el tropel que se present\u00f3 el 15 de septiembre a ra\u00edz de ello.<\/p>\n<p>El 23 de septiembre es bombardeado el campamento donde muere alias \u201cMono Jojoy\u201d y presuntamente veinte guerrilleros m\u00e1s, con ese golpe a las FARC, se dice que el presidente Juan Manuel Santos sentencia el fin de este grupo armado. Entre otras noticias, en los \u00faltimos d\u00edas se han realizado varios operativos en todo el pa\u00eds atacando la miner\u00eda ilegal porque, afirman, las bandas criminales est\u00e1n detr\u00e1s.<\/p>\n<p>Palabras clave: Acciones de resistencia, Negociaci\u00f3n, Respuestas institucionales, Cierre administrativo, Consejo Acad\u00e9mico, Claustros, Asamblea de Estudiantes, Vicerrector\u00eda, Jaime Contreras, Martiniano, Gobernador Ramos, Luis Alfredo (2008-2011)<\/p>\n<p>Sugerencia de palabras claves: Incremento de medidas de seguridad.<\/p>\n<p>Observaciones:<\/p>\n<p>Fecha de diligenciamiento: 19\/01\/2019<\/p>\n<h1 style=\"text-align: center;\">***<\/h1>\n<p><strong>N\u00famero de ficha<\/strong>: E50&nbsp;&nbsp;&nbsp;&nbsp;&nbsp;&nbsp;&nbsp;&nbsp;&nbsp;&nbsp;&nbsp;&nbsp;&nbsp;&nbsp;&nbsp;&nbsp;&nbsp;&nbsp;&nbsp;&nbsp;&nbsp;&nbsp;&nbsp;&nbsp;&nbsp;&nbsp;&nbsp;&nbsp;&nbsp;&nbsp;&nbsp;&nbsp;&nbsp;&nbsp;&nbsp;&nbsp;&nbsp;&nbsp;&nbsp;&nbsp;&nbsp;&nbsp;&nbsp;&nbsp;&nbsp;<\/p>\n<p><strong>Diligenciada por: <\/strong>Mariana Villegas Jim\u00e9nez<\/p>\n<p>INFORMACI\u00d3N BIBLIOGR\u00c1FICA<\/p>\n<p>Peri\u00f3dico: El Colombiano<\/p>\n<p>Lugar de edici\u00f3n: Medell\u00edn<\/p>\n<p>Autor personal: G\u00f3mez Valencia, Alejandro<\/p>\n<p>Autor corporativo:<\/p>\n<p>Fecha: 2010, septiembre, 26<\/p>\n<p>P\u00e1gina: 9b<\/p>\n<p>Secci\u00f3n: Educaci\u00f3n<\/p>\n<p><strong>Titular: <\/strong>Voceros que piden reformar las normas de la U.<\/p>\n<p><strong>Resumen:<\/strong> Fueron nombradas comisiones para revisar las normas universitarias y estudiar propuestas de reforma, puesto que algunas normas no se ajustan a las realidades actuales de la Universidad y en eso coinciden las directivas; entre ellas se encontrar\u00edan el estatuto profesoral y el estatuto estudiantil. Por su parte, el Consejo Superior se mantiene en su posici\u00f3n de implementaci\u00f3n de la TIP, es contundente en la prohibici\u00f3n de las ventas informales y el expendio y consumo de drogas y, adem\u00e1s, se niega a aceptar las \u201cmanifestaciones violentas\u201d y el uso de \u201cmecanismos intimidatorios como las capuchas y desalojos forzados\u201d. En la noticia se expone la situaci\u00f3n del martes 21, donde un grupo de estudiantes manifestaron con clases en la calle que quer\u00edan la reapertura de la Universidad y contaron con la compa\u00f1\u00eda del docente Jaime Arturo G\u00f3mez.<\/p>\n<p><strong>Im\u00e1genes: <\/strong><\/p>\n<p>INFORMACI\u00d3N ANAL\u00cdTICA<\/p>\n<p>Contexto de la noticia: Esta noticia se desarrolla en el marco de la coyuntura que vive la Universidad por la inconformidad de estudiantes acerca de la implementaci\u00f3n de la TIP y el tropel que se present\u00f3 el 15 de septiembre a ra\u00edz de ello.<\/p>\n<p>El 23 de septiembre es bombardeado el campamento donde muere alias \u201cMono Jojoy\u201d y presuntamente veinte guerrilleros m\u00e1s, con ese golpe a las FARC, se dice que el presidente Juan Manuel Santos sentencia el fin de este grupo armado. Entre otras noticias, en los \u00faltimos d\u00edas se han realizado varios operativos en todo el pa\u00eds atacando la miner\u00eda ilegal porque, afirman, las bandas criminales est\u00e1n detr\u00e1s.<\/p>\n<p>Palabras clave: Acciones de resistencia, Negociaci\u00f3n, Creaci\u00f3n de organizaciones, colectivos o redes (Comisi\u00f3n), Consejo Superior Universitario.<\/p>\n<p>Sugerencia de palabras claves:<\/p>\n<p>Observaciones:<\/p>\n<p>Fecha de diligenciamiento: 19\/01\/2019<\/p>\n<h1 style=\"text-align: center;\">***<\/h1>\n<p><strong>N\u00famero de ficha<\/strong>: E51&nbsp;&nbsp;&nbsp;&nbsp;&nbsp;&nbsp;&nbsp;&nbsp;&nbsp;&nbsp;&nbsp;&nbsp;&nbsp;&nbsp;&nbsp;&nbsp;&nbsp;&nbsp;&nbsp;&nbsp;&nbsp;&nbsp;&nbsp;&nbsp;&nbsp;&nbsp;&nbsp;&nbsp;&nbsp;&nbsp;&nbsp;&nbsp;&nbsp;&nbsp;&nbsp;&nbsp;&nbsp;&nbsp;&nbsp;&nbsp;&nbsp;&nbsp;&nbsp;&nbsp;&nbsp;<\/p>\n<p><strong>Diligenciada por: <\/strong>Mariana Villegas Jim\u00e9nez<\/p>\n<p>INFORMACI\u00d3N BIBLIOGR\u00c1FICA<\/p>\n<p>Peri\u00f3dico: El Colombiano<\/p>\n<p>Lugar de edici\u00f3n: Medell\u00edn<\/p>\n<p>Autor personal: Botero, Natalia<\/p>\n<p>Autor corporativo:<\/p>\n<p>Fecha: 2010, septiembre, 28<\/p>\n<p>P\u00e1gina: 6c<\/p>\n<p>Secci\u00f3n: Educaci\u00f3n<\/p>\n<p><strong>Titular: <\/strong>Consulta en la U. de A. para volver a clases<\/p>\n<p><strong>Resumen:<\/strong> \u201cLa Universidad de Antioquia anunci\u00f3 que someter\u00e1 a consulta electr\u00f3nica \u201clas condiciones esenciales y b\u00e1sicas que deben regir\u201d para la reanudaci\u00f3n de las actividades acad\u00e9micas, suspendidas desde el pasado 15 de septiembre\u201d, esta medida pretende conocer la \u201cdisposici\u00f3n\u201d de los estudiantes para acogerse a esas condiciones, entre las cuales se encuentra la erradicaci\u00f3n de \u201cla protesta violenta, el uso de artefactos explosivos que ponen en riesgo la vida y la integridad f\u00edsica de las personas, la venta il\u00edcita y clandestina de narc\u00f3ticos, el consumo de tales sustancias y las ventas ilegales e informales\u201d. La consulta ser\u00e1 realizada a trav\u00e9s del portal virtual de la Universidad, los d\u00edas 30 de septiembre y 1 de octubre.<\/p>\n<p><strong>Im\u00e1genes: <\/strong><\/p>\n<p>INFORMACI\u00d3N ANAL\u00cdTICA<\/p>\n<p>Contexto de la noticia: Esta noticia se desarrolla en el marco de la coyuntura que vive la Universidad por la inconformidad de estudiantes acerca de la implementaci\u00f3n de la TIP y el tropel que se present\u00f3 el 15 de septiembre a ra\u00edz de ello.<\/p>\n<p>Despu\u00e9s de la muerte de alias \u201cMono Jojoy\u201d, \u201cPastor Alape\u201d ocupa su cargo. Entre otras noticias, Piedad C\u00f3rdoba fue destituida de su cargo por la Procuradur\u00eda y m\u00e1s pol\u00edticos deben seguir rindiendo cuentas por parapol\u00edtica.<\/p>\n<p>Palabras clave: Respuestas institucionales, Consultas p\u00fablicas, plebiscitos.<\/p>\n<p>Sugerencia de palabras claves:<\/p>\n<p>Observaciones: En una noticia publicada el 30 de septiembre en la p\u00e1gina 7a (\u00c1rea Metro), se menciona que la consulta consta de cuatro preguntas que \u201cson precisas con respecto a los asuntos m\u00e1s sensibles de la coyuntura\u201d, seg\u00fan el vicerrector general. Algunos no est\u00e1n de acuerdo con ella, pues consideran que se pretende justificar acciones que se tomen a futuro. Los delegados de los estudiantes afirman tener propuestas para responder a los problemas de la coyuntura, las cuales ser\u00e1n presentadas cuando se abra el campus y se lleven a cabo di\u00e1logos. Sin embargo, seg\u00fan Alejandro Parra, de la Federaci\u00f3n Universitaria Nacional, el Gobernador Luis Alfredo Ramos no ha mostrado la mejor disposici\u00f3n para dialogar.<\/p>\n<p>En una noticia publicada el 3 de octubre, en la p\u00e1gina 15b (Educaci\u00f3n), se expone la perspectiva de otro integrante de la comunidad universitaria, quien manifiesta su inconformidad con el cese de actividades, la zozobra que se ha sembrado y la realizaci\u00f3n de una consulta donde \u201cpretenden tomar decisiones totalitarias legitimadas bajo una encuesta que pretende que respondamos afirmativamente, en donde es l\u00f3gico que vamos a hacerlo as\u00ed, solo por la necesidad de que abran la universidad\u201d.<\/p>\n<p>Fecha de diligenciamiento: 19\/01\/2019<\/p>\n<h1 style=\"text-align: center;\">***<\/h1>\n<p><strong>N\u00famero de ficha<\/strong>: E52&nbsp;&nbsp;&nbsp;&nbsp;&nbsp;&nbsp;&nbsp;&nbsp;&nbsp;&nbsp;&nbsp;&nbsp;&nbsp;&nbsp;&nbsp;&nbsp;&nbsp;&nbsp;&nbsp;&nbsp;&nbsp;&nbsp;&nbsp;&nbsp;&nbsp;&nbsp;&nbsp;&nbsp;&nbsp;&nbsp;&nbsp;&nbsp;&nbsp;&nbsp;&nbsp;&nbsp;&nbsp;&nbsp;&nbsp;&nbsp;&nbsp;&nbsp;&nbsp;&nbsp;&nbsp;<\/p>\n<p><strong>Diligenciada por: <\/strong>Mariana Villegas Jim\u00e9nez<\/p>\n<p>INFORMACI\u00d3N BIBLIOGR\u00c1FICA<\/p>\n<p>Peri\u00f3dico: El Colombiano<\/p>\n<p>Lugar de edici\u00f3n: Medell\u00edn<\/p>\n<p>Autor personal:<\/p>\n<p>Autor corporativo:<\/p>\n<p>Fecha: 2010, octubre, 5<\/p>\n<p>P\u00e1gina: 6a<\/p>\n<p>Secci\u00f3n: \u00c1rea Metro<\/p>\n<p><strong>Titular: <\/strong>Operativos en la U. de A. arrojan primeros resultados<\/p>\n<p><strong>Resumen:<\/strong> La Polic\u00eda de Medell\u00edn incaut\u00f3 \u201c1.500 gramos de insumos para elaborar explosivos, 12 papas explosivas y 500 gramos de marihuana\u201d. El operativo realizado dentro y fuera del campus dej\u00f3, adem\u00e1s, un saldo de diez personas capturadas implicadas en narcotr\u00e1fico.<\/p>\n<p><strong>Im\u00e1genes:<\/strong> IMG E52. En la fotograf\u00eda se muestra c\u00f3mo la Polic\u00eda exhibe los objetos incautados. Foto: sin autor.<\/p>\n<p>INFORMACI\u00d3N ANAL\u00cdTICA<\/p>\n<p>Contexto de la noticia: En general, la Polic\u00eda viene intensificando controles en el Valle de Aburr\u00e1, pero este operativo est\u00e1 vinculado directamente a la lucha que se viene dando desde la administraci\u00f3n contra el microtr\u00e1fico dentro del campus y contra las ventas informales en general.<\/p>\n<p>La situaci\u00f3n de seguridad en la ciudad contin\u00faa y el pie de fuerza sigue creciendo en la comuna 13.<\/p>\n<p>Palabras clave: Respuestas institucionales, Detenciones, Acciones violentas, Ingreso de la fuerza p\u00fablica o Ej\u00e9rcito, Polic\u00eda.<\/p>\n<p>Sugerencia de palabras claves:<\/p>\n<p>Observaciones:<\/p>\n<p>Fecha de diligenciamiento: 19\/01\/2019<\/p>\n<h1 style=\"text-align: center;\">***<\/h1>\n<p><strong>N\u00famero de ficha<\/strong>: E53&nbsp;&nbsp;&nbsp;&nbsp;&nbsp;&nbsp;&nbsp;&nbsp;&nbsp;&nbsp;&nbsp;&nbsp;&nbsp;&nbsp;&nbsp;&nbsp;&nbsp;&nbsp;&nbsp;&nbsp;&nbsp;&nbsp;&nbsp;&nbsp;&nbsp;&nbsp;&nbsp;&nbsp;&nbsp;&nbsp;&nbsp;&nbsp;&nbsp;&nbsp;&nbsp;&nbsp;&nbsp;&nbsp;&nbsp;&nbsp;&nbsp;&nbsp;&nbsp;&nbsp;&nbsp;<\/p>\n<p><strong>Diligenciada por: <\/strong>Mariana Villegas Jim\u00e9nez<\/p>\n<p>INFORMACI\u00d3N BIBLIOGR\u00c1FICA<\/p>\n<p>Peri\u00f3dico: El Colombiano<\/p>\n<p>Lugar de edici\u00f3n: Medell\u00edn<\/p>\n<p>Autor personal:<\/p>\n<p>Autor corporativo:<\/p>\n<p>Fecha: 2010, octubre, 6<\/p>\n<p>P\u00e1gina: 2d<\/p>\n<p>Secci\u00f3n: Educaci\u00f3n<\/p>\n<p><strong>Titular: <\/strong>Retorno a clases en la Universidad de Antioquia<\/p>\n<p><strong>Resumen:<\/strong> El 5 de octubre se reuni\u00f3 el Consejo Superior Universitario y tom\u00f3 la decisi\u00f3n de reabrir la Universidad para reanudar las actividades, pero, seg\u00fan el Gobernador Luis Alfredo Ramos, en las otras sedes las clases inician desde el 6 y en la ciudadela se reanudar\u00edan a partir del pr\u00f3ximo lunes 11 de octubre; adem\u00e1s, el funcionario asegur\u00f3 que, por el momento, la fuerza p\u00fablica permanecer\u00e1 a los alrededores del campus. Desde una comisi\u00f3n creada por el Consejo acad\u00e9mico, dirigida por el director del Instituto de Filosof\u00eda, Eufrasio Guzm\u00e1n Mesa, sali\u00f3 la propuesta de reapertura, presentada inicialmente al Acad\u00e9mico y posteriormente al Superior. Seg\u00fan el rector Alberto Uribe, el s\u00ed por parte de la comunidad universitaria a la encuesta fue rotundo y \u00e9ste fue clave en la toma de decisiones en la reuni\u00f3n. Entre otras cosas, la implementaci\u00f3n de la TIP se mantiene y a cada dependencia le corresponde acomodar sus calendarios acad\u00e9micos.<\/p>\n<p><strong>Im\u00e1genes: <\/strong><\/p>\n<p>INFORMACI\u00d3N ANAL\u00cdTICA<\/p>\n<p>Contexto de la noticia: Esta decisi\u00f3n se toma despu\u00e9s de un cese de actividades de 21 d\u00edas, tras la situaci\u00f3n vivida en el campus el 15 de septiembre y en el marco de la coyuntura por la implementaci\u00f3n de la TIP y las condiciones de inseguridad vividas dentro del campus.<\/p>\n<p>La situaci\u00f3n de inseguridad en la ciudad contin\u00faa y la fuerza p\u00fablica contin\u00faa con operativos en la comuna 13; la comuna 5 march\u00f3 en contra de la violencia el 9 de octubre y el 7 tuvo lugar una marcha en el centro de la ciudad en defensa de la salud. En el contexto nacional, las versiones libres de paramilitares contin\u00faan salpicando a militares y pol\u00edticos.<\/p>\n<p>Palabras clave: Respuestas institucionales, Reapertura, Acciones violentas, Militarizaci\u00f3n de la Universidad, Consejo Acad\u00e9mico, Consejo Superior Universitario, Guzm\u00e1n Mesa, Eufrasio, Gobernador Ramos, Luis Alfredo (2008-2011), Rector\u00eda, Uribe Correa, Alberto.<\/p>\n<p>Sugerencia de palabras claves:<\/p>\n<p>Observaciones:<\/p>\n<p>Fecha de diligenciamiento: 19\/01\/2019<\/p>\n<h1 style=\"text-align: center;\">***<\/h1>\n<p><strong>N\u00famero de ficha<\/strong>: E54&nbsp;&nbsp;&nbsp;&nbsp;&nbsp;&nbsp;&nbsp;&nbsp;&nbsp;&nbsp;&nbsp;&nbsp;&nbsp;&nbsp;&nbsp;&nbsp;&nbsp;&nbsp;&nbsp;&nbsp;&nbsp;&nbsp;&nbsp;&nbsp;&nbsp;&nbsp;&nbsp;&nbsp;&nbsp;&nbsp;&nbsp;&nbsp;&nbsp;&nbsp;&nbsp;&nbsp;&nbsp;&nbsp;&nbsp;&nbsp;&nbsp;&nbsp;&nbsp;&nbsp;&nbsp;<\/p>\n<p><strong>Diligenciada por: <\/strong>Mariana Villegas Jim\u00e9nez<\/p>\n<p>INFORMACI\u00d3N BIBLIOGR\u00c1FICA<\/p>\n<p>Peri\u00f3dico: El Colombiano<\/p>\n<p>Lugar de edici\u00f3n: Medell\u00edn<\/p>\n<p>Autor personal:<\/p>\n<p>Autor corporativo:<\/p>\n<p>Fecha: 2010, octubre, 12<\/p>\n<p>P\u00e1gina: 6b<\/p>\n<p>Secci\u00f3n: Educaci\u00f3n<\/p>\n<p><strong>Titular: <\/strong>Retorno con expectativas en la U. de A.<\/p>\n<p><strong>Resumen:<\/strong> En la noticia se relata un poco c\u00f3mo fue la experiencia de reingreso a la Universidad. Por otro lado, se afirma que, seg\u00fan Marco Antonio V\u00e9lez, presidente de la Asociaci\u00f3n de Profesores de la U. de A., es necesario crear una \u201cmesa de concertaci\u00f3n\u201d de la que participen directivas, docentes y estudiantes, junto con concejales y diputados de Antioquia, para darle solidez al proceso de reapertura, tal y como se los recomend\u00f3 el Concejo de Medell\u00edn; adem\u00e1s, los profesores planean una conferencia para realizar una \u201cjornada de desagravio\u201d por el ingreso de la fuerza p\u00fablica al campus el 15 de septiembre. En cuanto a los estudiantes, estos planean realizar una Asamblea esta semana.<\/p>\n<p><strong>Im\u00e1genes: <\/strong><\/p>\n<p>INFORMACI\u00d3N ANAL\u00cdTICA<\/p>\n<p>Contexto de la noticia: Despu\u00e9s de un cese de actividades de 21 d\u00edas, tras la situaci\u00f3n vivida el 15 de septiembre, las puertas de la ciudadela universitaria fueron abiertas.<\/p>\n<p>Entre otras noticias, el 22 de octubre se presentaron protestas en la Universidad de Santiago de Cali; y, se est\u00e1n presentando reiteradas amenazas a defensores de Derechos Humanos y l\u00edderes de restituci\u00f3n de tierras.<\/p>\n<p>Palabras clave: Acciones de resistencia, Negociaci\u00f3n, Acciones pedag\u00f3gicas, Asociaci\u00f3n de Profesores, V\u00e9lez, Marco Antonio, Asamblea de Estudiantes.<\/p>\n<p>Sugerencia de palabras claves:<\/p>\n<p>Observaciones:<\/p>\n<p>Fecha de diligenciamiento: 22\/01\/2019<\/p>\n<h1 style=\"text-align: center;\">***<\/h1>\n<p><strong>N\u00famero de ficha<\/strong>: E55&nbsp;&nbsp;&nbsp;&nbsp;&nbsp;&nbsp;&nbsp;&nbsp;&nbsp;&nbsp;&nbsp;&nbsp;&nbsp;&nbsp;&nbsp;&nbsp;&nbsp;&nbsp;&nbsp;&nbsp;&nbsp;&nbsp;&nbsp;&nbsp;&nbsp;&nbsp;&nbsp;&nbsp;&nbsp;&nbsp;&nbsp;&nbsp;&nbsp;&nbsp;&nbsp;&nbsp;&nbsp;&nbsp;&nbsp;&nbsp;&nbsp;&nbsp;&nbsp;&nbsp;&nbsp;<\/p>\n<p><strong>Diligenciada por: <\/strong>Mariana Villegas Jim\u00e9nez<\/p>\n<p>INFORMACI\u00d3N BIBLIOGR\u00c1FICA<\/p>\n<p>Peri\u00f3dico: El Colombiano<\/p>\n<p>Lugar de edici\u00f3n: Medell\u00edn<\/p>\n<p>Autor personal: G\u00f3mez Valencia, Alejandro<\/p>\n<p>Autor corporativo:<\/p>\n<p>Fecha: 2010, noviembre, 10<\/p>\n<p>P\u00e1gina: 2d<\/p>\n<p>Secci\u00f3n: Educaci\u00f3n<\/p>\n<p><strong>Titular: <\/strong>Perturbada la U. de A. por vandalismo<\/p>\n<p><strong>Resumen:<\/strong> El 9 de noviembre, a eso de las 9:00 a.m., hubo cese de actividades despu\u00e9s de que un grupo de encapuchados destruyera una c\u00e1mara de seguridad de la Biblioteca Central y da\u00f1ara algunos equipos de porter\u00eda, el grupo se identific\u00f3 a trav\u00e9s de un panfleto como miembros del Bloque Iv\u00e1n R\u00edos de las FARC-EP. Cuando el ESMAD ingres\u00f3 a la ciudadela \u2013por orden del Gobernador de Antioquia\u2013, los encapuchados ya se hab\u00edan disipado porque los hechos solo duraron alrededor de tres minutos. Despu\u00e9s del hecho, profesores y estudiantes se reunieron a la expectativa y luego se improvis\u00f3 un debate en la porter\u00eda de Barranquilla acerca de lo que estaba ocurriendo, donde las personas se hablaban a trav\u00e9s de las rejas porque nadie pod\u00eda salir ni entrar, incluso algunos se montaron por encima de la reja para poder ingresar. Algunos docentes le solicitaron al administrativo que se reanudaran las actividades desde las 2:00 p.m., pero hubo una respuesta negativa porque se encontr\u00f3 material explosivo en un ba\u00f1o y deb\u00edan verificar las condiciones m\u00ednimas de seguridad; por ello, en cese de actividades se prolong\u00f3 durante todo el d\u00eda.<\/p>\n<p><strong>Im\u00e1genes: <\/strong>IMG E55a, IMG E55b. En las dos fotograf\u00edas se evidencia la multitud en la reja de la porter\u00eda de Barranquilla; en la primera aparecen dos personas pas\u00e1ndose por encima de la reja y, en la segunda, se muestra c\u00f3mo la reja separa al ESMAD de la multitud. Fotos: Jaime P\u00e9rez.<\/p>\n<p>INFORMACI\u00d3N ANAL\u00cdTICA<\/p>\n<p>Contexto de la noticia: El contexto de la ciudad sigue complicado, se presentan asesinatos y crece desplazamiento intraurbano.<\/p>\n<p>Palabras clave: Acciones contestatarias, Tropel, Acciones de resistencia, Panfleto, Acciones pedag\u00f3gicas, Acciones violentas, Ingreso de la fuerza p\u00fablica o Ej\u00e9rcito, Grupos clandestinos, Bloque Iv\u00e1n R\u00edos, FARC-EP, ESMAD, Gobernador Ramos, Luis Alfredo (2008-2011), Profesores, Estudiantes.<\/p>\n<p>Sugerencia de palabras claves:<\/p>\n<p>Observaciones: De acuerdo con la descripci\u00f3n de lo sucedido, el grupo clandestino manifestaba su inconformidad con las medidas de seguridad tomadas recientemente, pues la destrucci\u00f3n de la c\u00e1mara de seguridad deja el mensaje claro de una oposici\u00f3n a estas medidas.<\/p>\n<p>El 30 de noviembre se public\u00f3 una noticia en la p\u00e1gina 12c (Educaci\u00f3n), donde se avisa de un foro que se realizar\u00eda el viernes 3 de diciembre para hablar de las problem\u00e1ticas que vive la Universidad en la actualidad, en el marco del Proyecto de \u00a1Qu\u00e9 pasa U. de A.! realizado por la Asociaci\u00f3n de periodistas.<\/p>\n<p>Fecha de diligenciamiento: 22\/01\/2019<\/p>\n<h1 style=\"text-align: center;\">***<\/h1>\n<p><strong>N\u00famero de ficha<\/strong>: E56&nbsp;&nbsp;&nbsp;&nbsp;&nbsp;&nbsp;&nbsp;&nbsp;&nbsp;&nbsp;&nbsp;&nbsp;&nbsp;&nbsp;&nbsp;&nbsp;&nbsp;&nbsp;&nbsp;&nbsp;&nbsp;&nbsp;&nbsp;&nbsp;&nbsp;&nbsp;&nbsp;&nbsp;&nbsp;&nbsp;&nbsp;&nbsp;&nbsp;&nbsp;&nbsp;&nbsp;&nbsp;&nbsp;&nbsp;&nbsp;&nbsp;&nbsp;&nbsp;&nbsp;&nbsp;<\/p>\n<p><strong>Diligenciada por: <\/strong>Mariana Villegas Jim\u00e9nez<\/p>\n<p>INFORMACI\u00d3N BIBLIOGR\u00c1FICA<\/p>\n<p>Peri\u00f3dico: El Colombiano<\/p>\n<p>Lugar de edici\u00f3n: Medell\u00edn<\/p>\n<p>Autor personal:<\/p>\n<p>Autor corporativo:<\/p>\n<p>Fecha: 2010, noviembre, 30<\/p>\n<p>P\u00e1gina: 12c<\/p>\n<p>Secci\u00f3n: Educaci\u00f3n<\/p>\n<p><strong>Titular: <\/strong>El viernes hay un foro para hablar de las problem\u00e1ticas<\/p>\n<p><strong>Resumen:<\/strong> \u201cLa comunidad de la U. de A. y autoridades se reunir\u00e1n el viernes [3 de diciembre] a las 11 a.m. en el Teatro Universitario Camilo Torres para abordar las problem\u00e1ticas del Alma Mater. El foro hace parte del proyecto \u00a1Qu\u00e9 pasa U. de A.! desarrollado por la Asociaci\u00f3n de Periodistas de esa instituci\u00f3n.\u201d<\/p>\n<p><strong>Im\u00e1genes: <\/strong><\/p>\n<p>INFORMACI\u00d3N ANAL\u00cdTICA<\/p>\n<p>Contexto de la noticia: Esta noticia se desarrolla en el marco de la coyuntura que vive la Universidad por la inconformidad de estudiantes acerca de la implementaci\u00f3n de la TIP y otras las medidas de seguridad y por el tropel que se present\u00f3 el 15 de septiembre a ra\u00edz de ello. El contexto de la ciudad sigue complicado, se presentan asesinatos y crece desplazamiento intraurbano.<\/p>\n<p>Palabras clave: Acciones de resistencia, Acciones pedag\u00f3gicas, Asociaci\u00f3n de Periodistas, Proyecto \u00a1Qu\u00e9 pasa U. de A.!<\/p>\n<p>Sugerencia de palabras claves:<\/p>\n<p>Observaciones:<\/p>\n<p>Fecha de diligenciamiento: 22\/01\/2019<\/p>\n<h1 style=\"text-align: center;\">***<\/h1>\n<p><strong>N\u00famero de ficha<\/strong>: E57&nbsp;&nbsp;&nbsp;&nbsp;&nbsp;&nbsp;&nbsp;&nbsp;&nbsp;&nbsp;&nbsp;&nbsp;&nbsp;&nbsp;&nbsp;&nbsp;&nbsp;&nbsp;&nbsp;&nbsp;&nbsp;&nbsp;&nbsp;&nbsp;&nbsp;&nbsp;&nbsp;&nbsp;&nbsp;&nbsp;&nbsp;&nbsp;&nbsp;&nbsp;&nbsp;&nbsp;&nbsp;&nbsp;&nbsp;&nbsp;&nbsp;&nbsp;&nbsp;&nbsp;&nbsp;<\/p>\n<p><strong>Diligenciada por: <\/strong>Mariana Villegas Jim\u00e9nez<\/p>\n<p>INFORMACI\u00d3N BIBLIOGR\u00c1FICA<\/p>\n<p>Peri\u00f3dico: El Colombiano<\/p>\n<p>Lugar de edici\u00f3n: Medell\u00edn<\/p>\n<p>Autor personal: Vel\u00e1squez, Andr\u00e9s Felipe<\/p>\n<p>Autor corporativo:<\/p>\n<p>Fecha: 2011, marzo, 21<\/p>\n<p>P\u00e1gina: 10a<\/p>\n<p>Secci\u00f3n: \u00c1rea Metro<\/p>\n<p><strong>Titular: <\/strong>Rechazan muerte de ex estudiante de veterinaria<\/p>\n<p><strong>Resumen:<\/strong> El s\u00e1bado 19 de marzo muri\u00f3 el ex estudiante de veterinaria y dirigente estudiantil de la Universidad de Antioquia, Carlos Andr\u00e9s Valencia, despu\u00e9s de ser atacado con arma de fuego el pasado 14 de marzo en el corregimiento de San Crist\u00f3bal. Seg\u00fan la noticia, \u00e9ste ingres\u00f3 a la Universidad en el segundo semestre de 2004 y, seg\u00fan el vicerrector general, se retir\u00f3 y reinici\u00f3 a sus estudios en varias ocasiones. Para el momento del asesinato, Carlos Andr\u00e9s no se encontraba matriculado, pero seg\u00fan l\u00edderes estudiantiles segu\u00eda vinculado a sus compa\u00f1eros y a su trabajo de l\u00edder estudiantil. \u201cExigimos pronunciamiento por parte de la Administraci\u00f3n y pedimos a la justicia que investigue a fondo este suceso. A su familia le extendemos nuestro m\u00e1s sentido p\u00e9same y la instamos a no dejar este caso en la impunidad\u201d, dec\u00eda el comunicado expedido por representantes estudiantiles.<\/p>\n<p><strong>Im\u00e1genes: <\/strong><\/p>\n<p>INFORMACI\u00d3N ANAL\u00cdTICA<\/p>\n<p>Contexto de la noticia: En el contexto universitario, el campus cuenta con la presencia constante del ESMAD a su alrededor desde septiembre de 2010; desde febrero se encuentran en el proceso de negociar entre los diferentes estamentos para aportar al di\u00e1logo que busca reformar el estatuto estudiantil; y, al mismo tiempo, se est\u00e1 dando a conocer la propuesta de reforma a la Ley 30 por parte del Ministerio de Educaci\u00f3n, en la cual es clara la intenci\u00f3n de vincular al sector privado en la financiaci\u00f3n de las IES.<\/p>\n<p>En el contexto local, la ciudad vive una fuerte situaci\u00f3n de violencia, en especial en las comunas 6, 8 y 13, donde se presentan enfrentamientos entre combos, continuos asesinatos \u2013 entre ellos un rapero de la comuna 13, asesinado el 13 de marzo\u2013, y va en aumento el desplazamiento forzado.<\/p>\n<p>Palabras clave: Acciones violentas, Asesinato, Valencia, Carlos Andr\u00e9s, Estudiantes, Organizaciones Estudiantiles.<\/p>\n<p>Sugerencia de palabras claves:<\/p>\n<p>Observaciones:<\/p>\n<p>Fecha de diligenciamiento: 26\/01\/2019<\/p>\n<h1 style=\"text-align: center;\">***<\/h1>\n<p><strong>N\u00famero de ficha<\/strong>: E58&nbsp;&nbsp;&nbsp;&nbsp;&nbsp;&nbsp;&nbsp;&nbsp;&nbsp;&nbsp;&nbsp;&nbsp;&nbsp;&nbsp;&nbsp;&nbsp;&nbsp;&nbsp;&nbsp;&nbsp;&nbsp;&nbsp;&nbsp;&nbsp;&nbsp;&nbsp;&nbsp;&nbsp;&nbsp;&nbsp;&nbsp;&nbsp;&nbsp;&nbsp;&nbsp;&nbsp;&nbsp;&nbsp;&nbsp;&nbsp;&nbsp;&nbsp;&nbsp;&nbsp;&nbsp;<\/p>\n<p><strong>Diligenciada por: <\/strong>Mariana Villegas Jim\u00e9nez<\/p>\n<p>INFORMACI\u00d3N BIBLIOGR\u00c1FICA<\/p>\n<p>Peri\u00f3dico: El Colombiano<\/p>\n<p>Lugar de edici\u00f3n: Medell\u00edn<\/p>\n<p>Autor personal: G\u00f3mez Valencia, Alejandro &amp; Mart\u00ednez Arango, Rodrigo<\/p>\n<p>Autor corporativo:<\/p>\n<p>Fecha: 2011, abril, 1<\/p>\n<p>P\u00e1gina: 8a<\/p>\n<p>Secci\u00f3n: \u00c1rea Metro<\/p>\n<p><strong>Titular: <\/strong>La academia, expulsada de la U. de A.<\/p>\n<p><strong>Resumen:<\/strong> En las horas de la tarde del 31 de marzo, despu\u00e9s de una Asamblea de Estudiantes en la que se acord\u00f3 realizar un mitin, la Universidad fue desalojada por enfrentamientos entre el ESMAD, estudiantes y un grupo de encapuchados. Para evitar el ingreso de las tanquetas, estos \u00faltimos atravesaron carros en la porter\u00eda, a los que les habr\u00edan chuzado las llantas, pero no lograron su objetivo. Los enfrentamientos se extendieron hasta las horas de la noche y, seg\u00fan la delegada Personera para los Derechos Humanos, siete estudiantes y un polic\u00eda resultaron heridos. Despu\u00e9s de los hechos, las actividades fueron suspendidas por el Consejo Acad\u00e9mico hasta el lunes 4 de abril en todas las dependencias de la ciudad.<\/p>\n<p><strong>Im\u00e1genes: <\/strong>IMG E58. En la fotograf\u00eda se muestra un agente del ESMAD y unas personas que se pierden en la ola de gas lacrim\u00f3geno. Foto: Hern\u00e1n Vanegas.<\/p>\n<p>INFORMACI\u00d3N ANAL\u00cdTICA<\/p>\n<p>Contexto de la noticia: En febrero se present\u00f3 la propuesta de reforma a la Ley 30 por parte del gobierno; contin\u00faa la inconformidad por las medidas de seguridad tomadas, entre ellas la implementaci\u00f3n de la TIP y la presencia que viene haciendo el ESMAD en las afueras del campus desde septiembre. El 29 y el 31 de marzo tambi\u00e9n hubo disturbios en universidades p\u00fablicas de Bogot\u00e1 y Nari\u00f1o.<\/p>\n<p>La situaci\u00f3n de violencia en la ciudad contin\u00faa igual, se vienen presentando balaceras en Manrique y Altavista y realizan una marcha por la vida en la comuna 13, despu\u00e9s del asesinato de dos raperos en el mes de marzo.<\/p>\n<p>Palabras clave: Acciones contestatarias, Tropel, Mitin, Acciones violentas, Da\u00f1o a bienes civiles, Ingreso de la fuerza p\u00fablica o Ej\u00e9rcito, Respuestas institucionales, Cierre administrativo, Evacuaci\u00f3n, Asamblea de Estudiantes, Estudiantes, Personer\u00eda de Medell\u00edn, Grupos Clandestinos, ESMAD, Consejo Acad\u00e9mico.<\/p>\n<p>Sugerencia de palabras claves:<\/p>\n<p>Observaciones: Seg\u00fan una noticia publicada el 2 de abril, en la p\u00e1gina 7a (\u00c1rea Metro), Carlos Galeano, vocero de la comisi\u00f3n de medios de la asamblea de estudiantes, afirma que hubo uso desmedido de la fuerza por parte del ESMAD y que su ingreso fue injustificado; mientras tanto, Yesid V\u00e1squez, comandante de la Polic\u00eda Metropolitana, asegura que la fuerza p\u00fablica seguir\u00e1 ingresando mientras \u201cse presenten estos des\u00f3rdenes\u201d. El d\u00eda 1 de abril se realiz\u00f3 una asamblea en el Parque de los Deseos, donde se cre\u00f3 una comisi\u00f3n de medios por lo que consideraron un cubrimiento parcializado de los hechos por parte de los medios de comunicaci\u00f3n y se acord\u00f3 solicitarle a la Personer\u00eda de Medell\u00edn seguir haciendo presencia en estas situaciones. Para la reapertura del lunes, los estudiantes planean hacer el ingreso al campus con la c\u00e9dula de ciudadan\u00eda y no la TIP, manifestando su desacuerdo con la toma de estas medidas.<\/p>\n<p>Fecha de diligenciamiento: 26\/01\/2019<\/p>\n<h1 style=\"text-align: center;\">***<\/h1>\n<p><strong>N\u00famero de ficha<\/strong>: E59&nbsp;&nbsp;&nbsp;&nbsp;&nbsp;&nbsp;&nbsp;&nbsp;&nbsp;&nbsp;&nbsp;&nbsp;&nbsp;&nbsp;&nbsp;&nbsp;&nbsp;&nbsp;&nbsp;&nbsp;&nbsp;&nbsp;&nbsp;&nbsp;&nbsp;&nbsp;&nbsp;&nbsp;&nbsp;&nbsp;&nbsp;&nbsp;&nbsp;&nbsp;&nbsp;&nbsp;&nbsp;&nbsp;&nbsp;&nbsp;&nbsp;&nbsp;&nbsp;&nbsp;&nbsp;<\/p>\n<p><strong>Diligenciada por: <\/strong>Mariana Villegas Jim\u00e9nez<\/p>\n<p>INFORMACI\u00d3N BIBLIOGR\u00c1FICA<\/p>\n<p>Peri\u00f3dico: El Colombiano<\/p>\n<p>Lugar de edici\u00f3n: Medell\u00edn<\/p>\n<p>Autor personal: Rivera, Daniel &amp; Galeano, Juan<\/p>\n<p>Autor corporativo:<\/p>\n<p>Fecha: 2011, abril, 8<\/p>\n<p>P\u00e1gina: 6a<\/p>\n<p>Secci\u00f3n: \u00c1rea Metro<\/p>\n<p><strong>Titular: <\/strong>Ayer la c\u00e1tedra se dict\u00f3 en las calles de la ciudad<\/p>\n<p><strong>Resumen:<\/strong> El 7 de abril se llev\u00f3 a cabo una marcha carnaval en defensa de la educaci\u00f3n p\u00fablica, de la cual participaron estudiantes, docentes, empleados y agremiaciones de la salud. \u201cEl objetivo de la movilizaci\u00f3n era entregar un pliego de peticiones en la Gobernaci\u00f3n de Antioquia, el cual permitir\u00e1 que se abran unas mesas de di\u00e1logo con el Ministerio de Educaci\u00f3n\u201d. Despu\u00e9s de la marcha, se dar\u00eda inicio a la mesa de negociaci\u00f3n que durar\u00eda 40 d\u00edas. El sector de la salud se uni\u00f3 aprovechando para manifestar su desacuerdo con el recorte al presupuesto de la salud.<\/p>\n<p><strong>Im\u00e1genes: <\/strong>IMG E59a, IMG E59b. En las fotograf\u00edas se muestra la multitud que particip\u00f3 de la movilizaci\u00f3n y un cartel que manifiesta la defensa de la educaci\u00f3n p\u00fablica. Fotos: Esteban Vanegas.<\/p>\n<p>INFORMACI\u00d3N ANAL\u00cdTICA<\/p>\n<p>Contexto de la noticia: En febrero se present\u00f3 la propuesta de reforma a la Ley 30 por parte del gobierno; contin\u00faa la inconformidad por las medidas de seguridad tomadas, entre ellas la implementaci\u00f3n de la TIP y la presencia que viene haciendo el ESMAD en las afueras del campus desde septiembre.<\/p>\n<p>La movilizaci\u00f3n no s\u00f3lo se present\u00f3 en Medell\u00edn sino en todo el pa\u00eds y, adem\u00e1s de manifestarse en contra de la reforma a la Ley 30, lo hicieron contra el Plan Nacional de Desarrollo.<\/p>\n<p>Palabras clave: Acciones contestatarias, Movilizaci\u00f3n social, Actividades culturales, Estudiantes, Profesores, Empleados,&nbsp;Sindicatos.<\/p>\n<p>Sugerencia de palabras claves:<\/p>\n<p>Observaciones:<\/p>\n<p>Fecha de diligenciamiento: 26\/01\/2019<\/p>\n<h1 style=\"text-align: center;\">***<\/h1>\n<p><strong>N\u00famero de ficha<\/strong>: E60&nbsp;&nbsp;&nbsp;&nbsp;&nbsp;&nbsp;&nbsp;&nbsp;&nbsp;&nbsp;&nbsp;&nbsp;&nbsp;&nbsp;&nbsp;&nbsp;&nbsp;&nbsp;&nbsp;&nbsp;&nbsp;&nbsp;&nbsp;&nbsp;&nbsp;&nbsp;&nbsp;&nbsp;&nbsp;&nbsp;&nbsp;&nbsp;&nbsp;&nbsp;&nbsp;&nbsp;&nbsp;&nbsp;&nbsp;&nbsp;&nbsp;&nbsp;&nbsp;&nbsp;&nbsp;<\/p>\n<p><strong>Diligenciada por: <\/strong>Mariana Villegas Jim\u00e9nez<\/p>\n<p>INFORMACI\u00d3N BIBLIOGR\u00c1FICA<\/p>\n<p>Peri\u00f3dico: El Colombiano<\/p>\n<p>Lugar de edici\u00f3n: Medell\u00edn<\/p>\n<p>Autor personal: G\u00f3mez Valencia, Alejandro<\/p>\n<p>Autor corporativo:<\/p>\n<p>Fecha: 2011, mayo, 13<\/p>\n<p>P\u00e1gina: 7a<\/p>\n<p>Secci\u00f3n: \u00c1rea Metro<\/p>\n<p><strong>Titular: <\/strong>S\u00ed hay clases en la U. de Antioquia<\/p>\n<p><strong>Resumen:<\/strong> El 12 de mayo se presentaron enfrentamientos con la fuerza p\u00fablica, tras un plant\u00f3n convocado a las 10:00 a.m. por la Asamblea de Estudiantes para manifestar su inconformidad con el Plan Nacional de Desarrollo, la reforma a la Ley 30 y la \u201cmilitarizaci\u00f3n de las universidades p\u00fablicas\u201d. Seg\u00fan funcionarios, al mediod\u00eda se escucharon detonaciones de papas bomba y el ESMAD ingres\u00f3 al campus, donde se enfrentaron hasta provocar la evacuaci\u00f3n y el cierre del Jard\u00edn Bot\u00e1nico y la estaci\u00f3n de metro Universidad. Siete personas resultaron heridas e ingresaron a la IPS universitaria para ser atendidas.<\/p>\n<p><strong>Im\u00e1genes: <\/strong><\/p>\n<p>INFORMACI\u00d3N ANAL\u00cdTICA<\/p>\n<p>Contexto de la noticia: Como se evidencia en el resumen, las reiteradas manifestaciones y enfrentamientos con la fuerza p\u00fablica se producen en un contexto nacional de inconformidad con la reforma a la Ley 30 propuesta por el Ministerio de Educaci\u00f3n, adem\u00e1s del PND y la militarizaci\u00f3n de la Universidad que viene present\u00e1ndose desde septiembre de 2010. En el contexto latinoamericano, Chile es otro pa\u00eds donde los estudiantes est\u00e1n forjando una gran movilizaci\u00f3n en pro de la educaci\u00f3n p\u00fablica y gratuita.<\/p>\n<p>La situaci\u00f3n de violencia en Medell\u00edn contin\u00faa en crisis: adem\u00e1s de los asesinatos presentados y las cinco masacres de este a\u00f1o, se viene evidenciando una violencia contra las mujeres que se manifiesta a trav\u00e9s de reiterados asesinatos en distintos lugares del Valle de Aburr\u00e1 y Antioquia; por su parte, los conductores de buses contin\u00faan parando por las extorsiones, amenazas y algunos asesinatos de los cuales el gremio ha sido v\u00edctima. Entre otras noticias, ind\u00edgenas y camioneros tienen bloqueada la v\u00eda Medell\u00edn-Quibd\u00f3, los primeros por incumplimiento de acuerdos por parte de las autoridades de la salud.<\/p>\n<p>Palabras clave: Acciones contestatarias, Tropel, Plant\u00f3n, Respuestas Institucionales, Evacuaci\u00f3n, Acciones violentas, Militarizaci\u00f3n de la Universidad, Ingreso de la fuerza p\u00fablica o Ej\u00e9rcito, Asamblea de Estudiantes, ESMAD, Estudiantes.<\/p>\n<p>Sugerencia de palabras claves:<\/p>\n<p>Observaciones: Como lo sugiere el titular, el d\u00eda 13 de mayo s\u00ed habr\u00eda clases en la Universidad, pero, seg\u00fan una noticia publicada el 14 de mayo en la p\u00e1gina 7a (\u00c1rea Metro), este d\u00eda se presentaron nuevos enfrentamientos y se suspendieron las actividades. El d\u00eda 13 tambi\u00e9n se present\u00f3 una denuncia a la Personer\u00eda de Medell\u00edn por el uso excesivo de la fuerza por parte del ESMAD en el tropel del 12 de mayo, donde, seg\u00fan la entidad, 11 personas resultaron heridas.<\/p>\n<p>Fecha de diligenciamiento: 26\/01\/2019<\/p>\n<h1 style=\"text-align: center;\">***<\/h1>\n<p><strong>N\u00famero de ficha<\/strong>: E61&nbsp;&nbsp;&nbsp;&nbsp;&nbsp;&nbsp;&nbsp;&nbsp;&nbsp;&nbsp;&nbsp;&nbsp;&nbsp;&nbsp;&nbsp;&nbsp;&nbsp;&nbsp;&nbsp;&nbsp;&nbsp;&nbsp;&nbsp;&nbsp;&nbsp;&nbsp;&nbsp;&nbsp;&nbsp;&nbsp;&nbsp;&nbsp;&nbsp;&nbsp;&nbsp;&nbsp;&nbsp;&nbsp;&nbsp;&nbsp;&nbsp;&nbsp;&nbsp;&nbsp;&nbsp;<\/p>\n<p><strong>Diligenciada por: <\/strong>Mariana Villegas Jim\u00e9nez<\/p>\n<p>INFORMACI\u00d3N BIBLIOGR\u00c1FICA<\/p>\n<p>Peri\u00f3dico: El Colombiano<\/p>\n<p>Lugar de edici\u00f3n: Medell\u00edn<\/p>\n<p>Autor personal: G\u00f3mez valencia, Alejandro<\/p>\n<p>Autor corporativo:<\/p>\n<p>Fecha: 2011, mayo, 21<\/p>\n<p>P\u00e1gina: 8a<\/p>\n<p>Secci\u00f3n: \u00c1rea Metro<\/p>\n<p><strong>Titular: <\/strong>Directivos piden la paz en la U. de A.<\/p>\n<p><strong>Resumen:<\/strong> En la noticia se expone que en un comunicado del Consejo Acad\u00e9mico de la Universidad de Antioquia, se criticaron los recientes hechos presentados en el campus, calific\u00e1ndolos como \u201cdeplorable y reiterado espect\u00e1culo\u201d y se afirm\u00f3 que \u201cLa respuesta indiscriminada del Esmad (Escuadr\u00f3n M\u00f3vil Antidisturbios de la Polic\u00eda) ante la enconada provocaci\u00f3n de un piquete de encapuchados que en actitud de irresponsable y desesperada soledad pol\u00edtica buscan con insistencia que la Fuerza P\u00fablica intervenga de la manera como lo hace, convierte a la Universidad en un escenario b\u00e9lico\u201d.<\/p>\n<p><strong>Im\u00e1genes:<\/strong><\/p>\n<p>INFORMACI\u00d3N ANAL\u00cdTICA<\/p>\n<p>Contexto de la noticia: Esta noticia se produce en el marco de los recientes tropeles presentados en la Universidad.<\/p>\n<p>Palabras clave: Acciones de resistencia, Comunicados, misivas, declaraciones, Consejo Acad\u00e9mico.<\/p>\n<p>Sugerencia de palabras claves:<\/p>\n<p>Observaciones:<\/p>\n<p>Fecha de diligenciamiento: 26\/01\/2019<\/p>\n<h1 style=\"text-align: center;\">***<\/h1>\n<p><strong>N\u00famero de ficha<\/strong>: E62&nbsp;&nbsp;&nbsp;&nbsp;&nbsp;&nbsp;&nbsp;&nbsp;&nbsp;&nbsp;&nbsp;&nbsp;&nbsp;&nbsp;&nbsp;&nbsp;&nbsp;&nbsp;&nbsp;&nbsp;&nbsp;&nbsp;&nbsp;&nbsp;&nbsp;&nbsp;&nbsp;&nbsp;&nbsp;&nbsp;&nbsp;&nbsp;&nbsp;&nbsp;&nbsp;&nbsp;&nbsp;&nbsp;&nbsp;&nbsp;&nbsp;&nbsp;&nbsp;&nbsp;&nbsp;<\/p>\n<p><strong>Diligenciada por: <\/strong>Mariana Villegas Jim\u00e9nez<\/p>\n<p>INFORMACI\u00d3N BIBLIOGR\u00c1FICA<\/p>\n<p>Peri\u00f3dico: El Colombiano<\/p>\n<p>Lugar de edici\u00f3n: Medell\u00edn<\/p>\n<p>Autor personal: Monroy Giraldo, Juan Camilo<\/p>\n<p>Autor corporativo:<\/p>\n<p>Fecha: 2011, julio, 7<\/p>\n<p>P\u00e1gina: 10a<\/p>\n<p>Secci\u00f3n: Naci\u00f3n<\/p>\n<p><strong>Titular: <\/strong>CSJ ordena reabrir caso de Jes\u00fas M. Valle<\/p>\n<p><strong>Resumen:<\/strong> \u201cLa Sala de Casaci\u00f3n Penal de la Corte Suprema de Justicia revoc\u00f3 la sentencia absolutoria proferida por el Tribunal Superior de Medell\u00edn en contra de dos personas acusadas de asesinar al defensor de derechos humanos Jes\u00fas Mar\u00eda Valle Jaramillo\u201d. La decisi\u00f3n ordena reabrir el proceso penal contra Jaime Alberto y Francisco Antonio Angulo Osorio como autores materiales del asesinato. La decisi\u00f3n fue tomada despu\u00e9s de las declaraciones de los ex integrantes de las AUC Salvatore Mancuso e Isa\u00edas Montes Hern\u00e1ndez, quienes afirmaron que el asesinato fue ordenado por paramilitares con connivencia de miembros del Ej\u00e9rcito. Adem\u00e1s, esta decisi\u00f3n responde tambi\u00e9n al fallo de la Corte Interamericana de Derechos Humanos, que en 2008 condena al Estado a pagar una indemnizaci\u00f3n y a realizar un acto p\u00fablico de asunci\u00f3n de responsabilidad por no proteger la vida del defensor.<\/p>\n<p><strong>Im\u00e1genes: <\/strong><\/p>\n<p>INFORMACI\u00d3N ANAL\u00cdTICA<\/p>\n<p>Contexto de la noticia:<\/p>\n<p>Palabras clave: Acciones violentas, Asesinato selectivo, Valle Jaramillo, Jes\u00fas Mar\u00eda, Corte Suprema de Justicia, Angulo Osorio, Jaime, Angulo Osorio, Francisco, CIDH, AUC, Ej\u00e9rcito.<\/p>\n<p>Sugerencia de palabras claves:<\/p>\n<p>Observaciones:<\/p>\n<p>Fecha de diligenciamiento: 26\/01\/2019<\/p>\n<h1 style=\"text-align: center;\">***<\/h1>\n<p><strong>N\u00famero de ficha<\/strong>: E63&nbsp;&nbsp;&nbsp;&nbsp;&nbsp;&nbsp;&nbsp;&nbsp;&nbsp;&nbsp;&nbsp;&nbsp;&nbsp;&nbsp;&nbsp;&nbsp;&nbsp;&nbsp;&nbsp;&nbsp;&nbsp;&nbsp;&nbsp;&nbsp;&nbsp;&nbsp;&nbsp;&nbsp;&nbsp;&nbsp;&nbsp;&nbsp;&nbsp;&nbsp;&nbsp;&nbsp;&nbsp;&nbsp;&nbsp;&nbsp;&nbsp;&nbsp;&nbsp;&nbsp;&nbsp;<\/p>\n<p><strong>Diligenciada por: <\/strong>Mariana Villegas Jim\u00e9nez<\/p>\n<p>INFORMACI\u00d3N BIBLIOGR\u00c1FICA<\/p>\n<p>Peri\u00f3dico: El Colombiano<\/p>\n<p>Lugar de edici\u00f3n: Medell\u00edn<\/p>\n<p>Autor personal: Rivera, Daniel &amp; Cano, Sara<\/p>\n<p>Autor corporativo:<\/p>\n<p>Fecha: 2011, julio, 30<\/p>\n<p>P\u00e1gina: 7a<\/p>\n<p>Secci\u00f3n: \u00c1rea Metro<\/p>\n<p><strong>Titular: <\/strong>C\u00e1maras abren debate en la U.<\/p>\n<p><strong>Resumen:<\/strong> El 28 de julio estudiantes de la Universidad de Antioquia protestan por la presunta instalaci\u00f3n de c\u00e1maras en los ba\u00f1os. Posteriormente se present\u00f3 un enfrentamiento con la fuerza p\u00fablica, debido a que un grupo de encapuchados destruy\u00f3 cinco c\u00e1maras de seguridad ubicadas dentro del campus. El 29 de julio, alrededor de 150 estudiantes se reunieron en el Parque de los Deseos para discutir sobre la problem\u00e1tica, donde se propuso una semana de anormalidad acad\u00e9mica y darle a conocer a la ciudadan\u00eda lo que estaba pasando. Tanto el comandante de la Polic\u00eda Metropolitana como el vicerrector general de la Universidad reafirman la importancia de tomar estas medidas de seguridad y no planean desistir; seg\u00fan el primero, los encapuchados son l\u00edderes urbanos de las FARC y est\u00e1n tras su pista, adem\u00e1s de investigar a un polic\u00eda por hacer tiros al aire durante la protesta.<\/p>\n<p><strong>Im\u00e1genes: <\/strong>IMG E63. En la fotograf\u00eda se muestra c\u00f3mo los agentes del ESMAD requisan a los estudiantes. Pie de foto: \u201cLuego de los enfrentamientos, el Esmad realiza procedimientos de seguridad y requisa a los estudiantes al ingreso del campus para evitar posible porte de armas o elementos que permitan continuar con los disturbios\u201d. Foto: Esteban Vanegas.<\/p>\n<p>INFORMACI\u00d3N ANAL\u00cdTICA<\/p>\n<p>Contexto de la noticia: Estos hechos se presentan en el marco de la inconformidad de los estudiantes ante lo que consideran medidas represivas, como la instalaci\u00f3n de c\u00e1maras de seguridad y la militarizaci\u00f3n de las universidades p\u00fablicas. Seg\u00fan la noticia, la semana pasada tambi\u00e9n se presentaron \u201cdisturbios\u201d en la Universidad, generando la cancelaci\u00f3n de algunas ceremonias de grado; y, seg\u00fan una noticia publicada el 13 de agosto, en la p\u00e1gina 16b (Cultura), el 12 tambi\u00e9n se presentaron enfrentamientos que interrumpieron el desarrollo de otra ceremonia de grados. Por otro lado, el 22 de julio hubo fuertes enfrentamientos entre estudiantes del Sena (sede Caldas) y el ESMAD, porque los primeros bloquearon la Troncal Occidental a modo de protesta porque se les dio a conocer que perder\u00edan sus subsidios de transporte y alimentaci\u00f3n. Finalmente, con respecto a las discusiones acerca de la reforma a la Ley 30, parece que la Asc\u00fan, los rectores y el Ministerio de Educaci\u00f3n han llegado a un acuerdo.<\/p>\n<p>Palabras clave: Acciones contestatarias, Tropel, Estudiantes, Grupos clandestinos, ESMAD, Asamblea de Estudiantes, Vicerrector\u00eda Jaime contreras, Martiniano, FARC-EP.<\/p>\n<p>Sugerencia de palabras claves:<\/p>\n<p>Observaciones:<\/p>\n<p>Fecha de diligenciamiento: 28\/01\/2019<\/p>\n<h1 style=\"text-align: center;\">***<\/h1>\n<p><strong>N\u00famero de ficha<\/strong>: E64&nbsp;&nbsp;&nbsp;&nbsp;&nbsp;&nbsp;&nbsp;&nbsp;&nbsp;&nbsp;&nbsp;&nbsp;&nbsp;&nbsp;&nbsp;&nbsp;&nbsp;&nbsp;&nbsp;&nbsp;&nbsp;&nbsp;&nbsp;&nbsp;&nbsp;&nbsp;&nbsp;&nbsp;&nbsp;&nbsp;&nbsp;&nbsp;&nbsp;&nbsp;&nbsp;&nbsp;&nbsp;&nbsp;&nbsp;&nbsp;&nbsp;&nbsp;&nbsp;&nbsp;&nbsp;<\/p>\n<p><strong>Diligenciada por: <\/strong>Mariana Villegas Jim\u00e9nez<\/p>\n<p>INFORMACI\u00d3N BIBLIOGR\u00c1FICA<\/p>\n<p>Peri\u00f3dico: El Colombiano<\/p>\n<p>Lugar de edici\u00f3n: Medell\u00edn<\/p>\n<p>Autor personal: Rojas, Juan Fernando<\/p>\n<p>Autor corporativo:<\/p>\n<p>Fecha: 2011, septiembre, 28<\/p>\n<p>P\u00e1gina: 8b<\/p>\n<p>Secci\u00f3n: Vida<\/p>\n<p><strong>Titular: <\/strong>U. de A. consultar\u00e1 si reanuda las clases<\/p>\n<p><strong>Resumen:<\/strong> Se realizar\u00e1 una consulta en el portal web de la Universidad desde el 29 de septiembre hasta el 1 de octubre a las 6:00 p.m. para votar a favor o en contra del regreso a clases. Seg\u00fan el vicerrector general, la decisi\u00f3n se tom\u00f3 en una reuni\u00f3n del Consejo Superior Universitario, \u201cque evalu\u00f3 la crisis que llev\u00f3 al cierre total hace diez d\u00edas del Alma Mater\u201d.<\/p>\n<p><strong>Im\u00e1genes: <\/strong><\/p>\n<p>INFORMACI\u00d3N ANAL\u00cdTICA<\/p>\n<p>Contexto de la noticia: Por noticias previas se sabe que desde el 14 de septiembre se declar\u00f3 paro indefinido en una Asamblea de Estudiantes.<\/p>\n<p>Entre otras cosas, el desplazamiento intraurbano en la ciudad es cada vez mayor y Antioquia se posiciona como el departamento con mayor n\u00famero de desplazados; contin\u00faan los conflictos en la comuna 8; avanza el TLC con Estados Unidos y se acercan las elecciones departamentales y municipales.<\/p>\n<p>Palabras clave: Respuestas institucionales, Consultas p\u00fablicas, plebiscitos, Asamblea de Estudiantes, Consejo Superior Universitario, Vicerrector\u00eda, Jaime Contreras, Martiniano.<\/p>\n<p>Sugerencia de palabras claves:<\/p>\n<p>Observaciones: Tras realizarse la consulta, se decret\u00f3 el regreso a clases a partir del 3 de octubre; sin embargo, la Asamblea de Estudiantes no acatar\u00eda el resultado porque \u201cla consulta no est\u00e1 contemplada en el reglamento de ese organismo. (Noticia del 2 de octubre, p\u00e1gina 11a (\u00daltimas Noticias)). Efectivamente, el regreso a clases no tuvo la acogida esperada, el rector solicit\u00f3 a los diferentes estamentos regresar a las actividades, pero los estudiantes se reh\u00fasan a hacerlo. Por otro lado, seg\u00fan una opini\u00f3n de la Editorial de El Colombiano, publicada el 3 de octubre, hubo intenciones de hackear la consulta.<\/p>\n<p>Fecha de diligenciamiento: 28\/01\/2019<\/p>\n<h1 style=\"text-align: center;\">***<\/h1>\n<p><strong>N\u00famero de ficha<\/strong>: E65&nbsp;&nbsp;&nbsp;&nbsp;&nbsp;&nbsp;&nbsp;&nbsp;&nbsp;&nbsp;&nbsp;&nbsp;&nbsp;&nbsp;&nbsp;&nbsp;&nbsp;&nbsp;&nbsp;&nbsp;&nbsp;&nbsp;&nbsp;&nbsp;&nbsp;&nbsp;&nbsp;&nbsp;&nbsp;&nbsp;&nbsp;&nbsp;&nbsp;&nbsp;&nbsp;&nbsp;&nbsp;&nbsp;&nbsp;&nbsp;&nbsp;&nbsp;&nbsp;&nbsp;&nbsp;<\/p>\n<p><strong>Diligenciada por: <\/strong>Mariana Villegas Jim\u00e9nez<\/p>\n<p>INFORMACI\u00d3N BIBLIOGR\u00c1FICA<\/p>\n<p>Peri\u00f3dico: El Colombiano<\/p>\n<p>Lugar de edici\u00f3n: Medell\u00edn<\/p>\n<p>Autor personal: G\u00f3mez Valencia, Alejandro<\/p>\n<p>Autor corporativo:<\/p>\n<p>Fecha: 2011, octubre, 13<\/p>\n<p>P\u00e1gina: 9a<\/p>\n<p>Secci\u00f3n: Naci\u00f3n<\/p>\n<p><strong>Titular: <\/strong>Quieren reforma, pero no la del Gobierno<\/p>\n<p><strong>Resumen:<\/strong> El 12 de octubre hubo marchas en algunas ciudades del pa\u00eds para manifestarse en contra de la reforma a la Ley 30, estudiantes y organizaciones estudiantiles se movilizaron porque consideran que no fueron tenidos en cuenta por el Ministerio de Educaci\u00f3n al momento de la elaboraci\u00f3n de la propuesta. A diferencia del SUE, que s\u00ed avala la propuesta, ya que considera que sus aportes s\u00ed se tuvieron en cuenta y pidieron al Congreso abordar el proyecto. Los estudiantes coinciden en que la Ley 30 necesita una reforma, pero no la propuesta por el gobierno. En Medell\u00edn, con la llegada de la marcha a la Universidad de Antioquia, el ESMAD ingres\u00f3 al campus con tres tanquetas, ordenando evacuaci\u00f3n y se presentaron enfrentamientos: hubo explosiones de papas bomba y los agentes movilizaron hacia afuera a la poblaci\u00f3n de manera brusca, seg\u00fan miembros del grupo de Derechos Humanos de la Personer\u00eda de Medell\u00edn; pero, seg\u00fan un representante estudiantil, todo estaba pac\u00edfico hasta que ingres\u00f3 el ESMAD a sacar a las personas. Por otro lado, en la movilizaci\u00f3n de Cali, un estudiante falleci\u00f3 en medio de enfrentamientos.<\/p>\n<p><strong>Im\u00e1genes: <\/strong>IMG E65. En la fotograf\u00eda se muestra la multitud que particip\u00f3 de la marcha. Foto: Robinson S\u00e1enz.<\/p>\n<p>INFORMACI\u00d3N ANAL\u00cdTICA<\/p>\n<p>Contexto de la noticia: Esta manifestaci\u00f3n se da en el marco del paro nacional de estudiantes por inconformidad a la radicaci\u00f3n del proyecto de reforma a la Ley 30 ante la C\u00e1mara de representantes. Los estudiantes se reh\u00fasan, incluso, a dialogar a partir de esta propuesta, exigiendo que se retire primero, para despu\u00e9s proceder a ello.<\/p>\n<p>Estos hechos no se est\u00e1n presentando \u00fanicamente en Colombia, Chile y Espa\u00f1a son otros pa\u00edses donde la manifestaci\u00f3n de estudiantes en pro de la educaci\u00f3n superior p\u00fablica y gratuita ha cobrado fuerza en el presente a\u00f1o.<\/p>\n<p>Palabras clave: Acciones contestatarias, Marchas estudiantiles, Tropel, Respuestas institucionales, Evacuaci\u00f3n, Acciones violentas, Ingreso de la fuerza p\u00fablica o Ej\u00e9rcito, Organizaciones estudiantiles, Estudiantes, ESMAD.<\/p>\n<p>Sugerencia de palabras claves:<\/p>\n<p>Observaciones: En este caso, no fueron las directivas de la Universidad quienes ordenaron la evacuaci\u00f3n, sino que la misma fuerza p\u00fablica entr\u00f3 al campus con la orden de sacar a las personas que hab\u00edan ingresado.<\/p>\n<p>En una columna de la Editorial de El Colombiano, publicada el 14 de octubre en la p\u00e1gina 5a (Opini\u00f3n), se manifiesta un malestar por los da\u00f1os a bienes civiles presentados durante las protestas y termina diciendo lo siguiente: \u201cHay que decir que el gobierno Santos ha sido garantista ante la protesta social. Se ha abstenido de criminalizar a los disidentes de sus leyes que deciden marchar, pero habr\u00e1 que sancionar, sin vacilaciones, a los desadaptados\u201d. Por otro lado, seg\u00fan una noticia publicada el d\u00eda 27 de octubre, en la p\u00e1gina 3d (Vida), el d\u00eda 26 tambi\u00e9n se llev\u00f3 a cabo una marcha por la misma raz\u00f3n, la cual desencaden\u00f3 enfrentamientos entre un grupo de encapuchados y el ESMAD en el campus de la Universidad de Antioquia; en \u00e9sta, se presentaron algunas capturas y un estudiante result\u00f3 herido.<\/p>\n<p>Fecha de diligenciamiento: 29\/01\/2019<\/p>\n<h1 style=\"text-align: center;\">***<\/h1>\n<p><strong>N\u00famero de ficha<\/strong>: E66&nbsp;&nbsp;&nbsp;&nbsp;&nbsp;&nbsp;&nbsp;&nbsp;&nbsp;&nbsp;&nbsp;&nbsp;&nbsp;&nbsp;&nbsp;&nbsp;&nbsp;&nbsp;&nbsp;&nbsp;&nbsp;&nbsp;&nbsp;&nbsp;&nbsp;&nbsp;&nbsp;&nbsp;&nbsp;&nbsp;&nbsp;&nbsp;&nbsp;&nbsp;&nbsp;&nbsp;&nbsp;&nbsp;&nbsp;&nbsp;&nbsp;&nbsp;&nbsp;&nbsp;&nbsp;<\/p>\n<p><strong>Diligenciada por: <\/strong>Mariana Villegas Jim\u00e9nez<\/p>\n<p>INFORMACI\u00d3N BIBLIOGR\u00c1FICA<\/p>\n<p>Peri\u00f3dico: El Colombiano<\/p>\n<p>Lugar de edici\u00f3n: Medell\u00edn<\/p>\n<p>Autor personal: Rivera Mar\u00edn, Daniel<\/p>\n<p>Autor corporativo:<\/p>\n<p>Fecha: 2011, noviembre, 11<\/p>\n<p>P\u00e1gina: 10a<\/p>\n<p>Secci\u00f3n: Naci\u00f3n<\/p>\n<p><strong>Titular: <\/strong>Los estudiantes piden un vuelco en la educaci\u00f3n<\/p>\n<p><strong>Resumen:<\/strong> El 10 de noviembre se llev\u00f3 a cabo la gran marcha nacional convocada por la Mane (Mesa Amplia Nacional Estudiantil), donde los estudiantes reclamaron el derecho a la educaci\u00f3n y, si bien reconoc\u00edan el retiro de la reforma a la Ley 30 por parte del presidente Santos como un avance, aclararon que era necesario que se hundiera, no s\u00f3lo retirarla. En Medell\u00edn, la marcha sali\u00f3 del ITM a las 10:15 de la ma\u00f1ana y tuvo una acogida que super\u00f3 las expectativas de quienes la convocaron. Varios encapuchados rayaron fachadas, da\u00f1aron c\u00e1maras de seguridad y atacaron el CAI del Parque Bicentenario, por lo que el ESMAD respondi\u00f3 con gases lacrim\u00f3genos y luego se presentaron los enfrentamientos; la marcha se disip\u00f3 por unos minutos, pero luego se reanud\u00f3 el recorrido.<\/p>\n<p><strong>Im\u00e1genes: <\/strong><\/p>\n<p>INFORMACI\u00d3N ANAL\u00cdTICA<\/p>\n<p>Contexto de la noticia: Tras las reiteradas manifestaciones de los estudiantes durante los d\u00edas que van del mes de noviembre, entre ellas marchas, campamentos, carnavales y una caminata de 44 estudiantes desde Medell\u00edn hacia Bogot\u00e1 \u2013que pretend\u00eda llegar el 10 para asistir a la gran marcha convocada por la MANE\u2013, las directivas de diferentes universidades llamaron a retomar las actividades acad\u00e9micas y el presidente Juan Manuel Santos anunci\u00f3, justo un d\u00eda antes de la gran marcha, que retirar\u00eda la reforma, si los estudiantes levantaban el paro. El 11 de noviembre el presidente Juan Manuel Santos le pidi\u00f3 a la Ministra de Educaci\u00f3n que retirara el proyecto del Congreso y mientras los estudiantes siguen a la espera de que se haga efectivo el retiro, contin\u00faan en paro y pusieron una serie de condiciones extra, entre ellas garant\u00edas de una construcci\u00f3n conjunta de la reforma a la educaci\u00f3n, el retiro de la fuerza p\u00fablica de los alrededores de las universidades y garant\u00edas pol\u00edticas y civiles para ejercer el derecho a la protesta.<\/p>\n<p>Palabras clave: Acciones contestatarias, Paro, Marchas estudiantiles, pintas, Tropel, Estudiantes, Mesa Amplia Nacional Estudiantil, Organizaciones estudiantiles, ESMAD, Grupos clandestinos.<\/p>\n<p>Sugerencia de palabras claves:<\/p>\n<p>Observaciones:<\/p>\n<p>Fecha de diligenciamiento: 29\/01\/2019<\/p>\n<h1 style=\"text-align: center;\">***<\/h1>\n<p><strong>N\u00famero de ficha<\/strong>: E67&nbsp;&nbsp;&nbsp;&nbsp;&nbsp;&nbsp;&nbsp;&nbsp;&nbsp;&nbsp;&nbsp;&nbsp;&nbsp;&nbsp;&nbsp;&nbsp;&nbsp;&nbsp;&nbsp;&nbsp;&nbsp;&nbsp;&nbsp;&nbsp;&nbsp;&nbsp;&nbsp;&nbsp;&nbsp;&nbsp;&nbsp;&nbsp;&nbsp;&nbsp;&nbsp;&nbsp;&nbsp;&nbsp;&nbsp;&nbsp;&nbsp;&nbsp;&nbsp;&nbsp;&nbsp;<\/p>\n<p><strong>Diligenciada por: <\/strong>Mariana Villegas Jim\u00e9nez<\/p>\n<p>INFORMACI\u00d3N BIBLIOGR\u00c1FICA<\/p>\n<p>Peri\u00f3dico: El Colombiano<\/p>\n<p>Lugar de edici\u00f3n: Medell\u00edn<\/p>\n<p>Autor personal: Rivera Mar\u00edn, Daniel<\/p>\n<p>Autor corporativo:<\/p>\n<p>Fecha: 2011, noviembre, 19<\/p>\n<p>P\u00e1gina: 17a<\/p>\n<p>Secci\u00f3n: Vida<\/p>\n<p><strong>Titular: <\/strong>Clases en la U. de A., en veremos<\/p>\n<p><strong>Resumen:<\/strong> En la Asamblea de Estudiantes de la Universidad de Antioquia, realizada el 18 de noviembre, se decidi\u00f3 no levantar el paro por el momento. Inicialmente los estudiantes se reunir\u00e1n por facultades para decidir si retoman actividades acad\u00e9micas o no y despu\u00e9s se llevar\u00e1 a cabo otra Asamblea el 23 de noviembre para tomar la decisi\u00f3n, seg\u00fan Ang\u00e9lica Tob\u00f3n, vocera de la Marea.<\/p>\n<p><strong>Im\u00e1genes: <\/strong><\/p>\n<p>INFORMACI\u00d3N ANAL\u00cdTICA<\/p>\n<p>Contexto de la noticia: Tras el retiro definitivo de la reforma en el Congreso, la MANE suspende el paro y deja claro que, de no cumplir con las condiciones exigidas, volver\u00edan a las calles. Como dejaron a juicio de cada Asamblea de Estudiantes la decisi\u00f3n de regresar a clases, la de la Universidad de Antioquia convoc\u00f3 a una para el d\u00eda 18 de noviembre.<\/p>\n<p>Palabras clave: Acciones contestatarias, Paro, Asamblea de Estudiantes.<\/p>\n<p>Sugerencia de palabras claves:<\/p>\n<p>Observaciones: Seg\u00fan una noticia publicada el 24 de noviembre (7b, Vida), mientras instituciones como la Universidad Nacional sede Medell\u00edn ya regresaron a clases, en la Asamblea de Estudiantes del 18 de noviembre se decidi\u00f3 poner unas condiciones para levantar el paro: \u201c \u201cdesmilitarizaci\u00f3n de la universidad\u201d; metodolog\u00eda de trabajo para construcci\u00f3n del nuevo modelo educativo; \u201capertura de la universidad a la sociedad\u201d; el regreso de las mesas de estudio a los pasillos y lugares comunes; congelamiento total del proceso de renovaci\u00f3n del reglamento estudiantil; y, garant\u00edas democr\u00e1ticas de movilizaci\u00f3n\u201d. Los estudiantes solicitan \u201cgarant\u00edas acad\u00e9micas, para crear la mesa de di\u00e1logo con el gobierno y poder protestar\u201d. Mientras tanto, el viernes 25, el Consejo Acad\u00e9mico hizo un llamado a los estudiantes para que regresaran a clases.<\/p>\n<p>Fecha de diligenciamiento: 29\/01\/2019<\/p>\n<h1 style=\"text-align: center;\">***<\/h1>\n<p><strong>N\u00famero de ficha<\/strong>: E68&nbsp;&nbsp;&nbsp;&nbsp;&nbsp;&nbsp;&nbsp;&nbsp;&nbsp;&nbsp;&nbsp;&nbsp;&nbsp;&nbsp;&nbsp;&nbsp;&nbsp;&nbsp;&nbsp;&nbsp;&nbsp;&nbsp;&nbsp;&nbsp;&nbsp;&nbsp;&nbsp;&nbsp;&nbsp;&nbsp;&nbsp;&nbsp;&nbsp;&nbsp;&nbsp;&nbsp;&nbsp;&nbsp;&nbsp;&nbsp;&nbsp;&nbsp;&nbsp;&nbsp;&nbsp;<\/p>\n<p><strong>Diligenciada por: <\/strong>Mariana Villegas Jim\u00e9nez<\/p>\n<p>INFORMACI\u00d3N BIBLIOGR\u00c1FICA<\/p>\n<p>Peri\u00f3dico: El Colombiano<\/p>\n<p>Lugar de edici\u00f3n: Medell\u00edn<\/p>\n<p>Autor personal:<\/p>\n<p>Autor corporativo:<\/p>\n<p>Fecha: 2011, diciembre, 1<\/p>\n<p>P\u00e1gina: 6c<\/p>\n<p>Secci\u00f3n: Vida<\/p>\n<p><strong>Titular: <\/strong>En la U. de A. la mayor\u00eda de facultades regresan a clases<\/p>\n<p><strong>Resumen:<\/strong> Catorce dependencias levantaron el paro. El Consejo Acad\u00e9mico hab\u00eda dado plazo hasta la fecha para hacerlo, por lo que la Escuela de Idiomas se encuentra en riesgo de cancelaci\u00f3n de semestre al decidir reiniciar clases en enero.<\/p>\n<p><strong>Im\u00e1genes: <\/strong><\/p>\n<p>INFORMACI\u00d3N ANAL\u00cdTICA<\/p>\n<p>Contexto de la noticia: Despu\u00e9s de m\u00e1s de dos meses de cese de actividades (desde el 14 de septiembre), la mayor\u00eda de las facultades de la Universidad de Antioquia levantan el paro, quiz\u00e1 atendiendo al ultim\u00e1tum dado por el Consejo Acad\u00e9mico de cancelar los cursos que no reiniciaran clases a m\u00e1s tardar el 1 de diciembre (Noticia del 30 de noviembre, en la p\u00e1gina 6a (\u00c1rea Metro)).<\/p>\n<p>Palabras clave: Acciones contestatarias, Paro, Consejo Acad\u00e9mico.<\/p>\n<p>Sugerencia de palabras claves:<\/p>\n<p>Observaciones:<\/p>\n<p>Fecha de diligenciamiento: 29\/01\/2019<\/p>\n<h1 style=\"text-align: center;\">***<\/h1>\n<p><strong>N\u00famero de ficha<\/strong>: E69&nbsp;&nbsp;&nbsp;&nbsp;&nbsp;&nbsp;&nbsp;&nbsp;&nbsp;&nbsp;&nbsp;&nbsp;&nbsp;&nbsp;&nbsp;&nbsp;&nbsp;&nbsp;&nbsp;&nbsp;&nbsp;&nbsp;&nbsp;&nbsp;&nbsp;&nbsp;&nbsp;&nbsp;&nbsp;&nbsp;&nbsp;&nbsp;&nbsp;&nbsp;&nbsp;&nbsp;&nbsp;&nbsp;&nbsp;&nbsp;&nbsp;&nbsp;&nbsp;&nbsp;&nbsp;<\/p>\n<p><strong>Diligenciada por: <\/strong>Mariana Villegas Jim\u00e9nez<\/p>\n<p>INFORMACI\u00d3N BIBLIOGR\u00c1FICA<\/p>\n<p>Peri\u00f3dico: El Colombiano<\/p>\n<p>Lugar de edici\u00f3n: Medell\u00edn<\/p>\n<p>Autor personal: G\u00f3mez Valencia, Alejandro<\/p>\n<p>Autor corporativo:<\/p>\n<p>Fecha: 2012, enero, 20<\/p>\n<p>P\u00e1gina: 7a<\/p>\n<p>Secci\u00f3n: \u00c1rea Metro<\/p>\n<p><strong>Titular: <\/strong>V\u00e1ndalos regresan a la U. de Antioquia<\/p>\n<p><strong>Resumen:<\/strong> El 19 de enero un grupo de encapuchados atac\u00f3 \u201ccon hachas, explosivos y gasolina\u201d los nuevos torniquetes de la porter\u00eda del metro de la Universidad de Antioquia y, a diferencia del a\u00f1o pasado, el ESMAD no se encontraba en el sector. En la noticia se formula la pregunta: \u00bfCu\u00e1l ser\u00e1 la posici\u00f3n de Fajardo? Refiri\u00e9ndose a las decisiones que seguir\u00e1 tomando durante su cargo como gobernador, frente a estas situaciones que se presentan en el campus.<\/p>\n<p><strong>Im\u00e1genes: <\/strong><\/p>\n<p>INFORMACI\u00d3N ANAL\u00cdTICA<\/p>\n<p>Contexto de la noticia: Esta manifestaci\u00f3n, como varias que se presentaron a inicios del 2011, evidencia la inconformidad frente a las medidas de seguridad tomadas por las directivas de la Universidad, entre ellas tambi\u00e9n se encuentran la instalaci\u00f3n de c\u00e1maras de seguridad y la implementaci\u00f3n de la TIP en el 2010. Sergio Fajardo Valderrama acaba de iniciar el desempe\u00f1o del cargo como Gobernador de Antioquia y este primer acto que en El Colombiano describen como \u201cvandalismo\u201d, lo dirige a tomar decisiones que evidenciar\u00e1n cu\u00e1l ser\u00e1 su postura frente al tema. El Gobernador sienta un precedente cuando, el primero de febrero, invita a \u201ctodos los antioque\u00f1os a aportar ideas que puedan mejorar la Universidad de Antioquia\u201d a trav\u00e9s del portal web de la Gobernaci\u00f3n (febrero 2, p\u00e1gina 7a, \u00c1rea Metro).<\/p>\n<p>Por otro lado, aparecen los primeros encuentros de la MANE para acordar c\u00f3mo se va a proceder en el trabajo por una nueva reforma a la ley de educaci\u00f3n superior y en marzo se elegir\u00e1n los 20 voceros nacionales que se encargar\u00e1n de e representar al movimiento estudiantil en los di\u00e1logos con el gobierno y comunicarse con medios de comunicaci\u00f3n y sectores sociales a nivel nacional.<\/p>\n<p>A nivel nacional, se vienen presentando reiterados ataques por parte de las FARC-EP; y, en la ciudad, regresan las extorsiones a transportadores, esta vez sucedi\u00f3 en Castilla, donde el gremio se declar\u00f3 en paro.<\/p>\n<p>Palabras clave: Acciones violentas, Uso de petardos y explosivos, Grupos clandestinos, Gobernador Fajardo, Sergio (2012-2015)<\/p>\n<p>Sugerencia de palabras claves:<\/p>\n<p>Observaciones: En una columna de opini\u00f3n de la Editorial de El Colombiano, publicada el 22 de enero (p\u00e1gina 5a, Opini\u00f3n), se manifiesta una inconformidad por este tipo de actos ocurridos en la Universidad, que frustran \u201cel prop\u00f3sito de que sea este centro de estudios el que lidere el proceso para hacer de Antioquia la m\u00e1s educada\u201d y segura que los torniquetes se instalaron para impedir el ingreso de \u201clos que nada bueno tienen que hacer en sus predios [de la Universidad]\u201d.<\/p>\n<p>Fecha de diligenciamiento: 29\/01\/2019<\/p>\n<h1 style=\"text-align: center;\">***<\/h1>\n<p><strong>N\u00famero de ficha<\/strong>: E70&nbsp;&nbsp;&nbsp;&nbsp;&nbsp;&nbsp;&nbsp;&nbsp;&nbsp;&nbsp;&nbsp;&nbsp;&nbsp;&nbsp;&nbsp;&nbsp;&nbsp;&nbsp;&nbsp;&nbsp;&nbsp;&nbsp;&nbsp;&nbsp;&nbsp;&nbsp;&nbsp;&nbsp;&nbsp;&nbsp;&nbsp;&nbsp;&nbsp;&nbsp;&nbsp;&nbsp;&nbsp;&nbsp;&nbsp;&nbsp;&nbsp;&nbsp;&nbsp;&nbsp;&nbsp;<\/p>\n<p><strong>Diligenciada por: <\/strong>Mariana Villegas Jim\u00e9nez<\/p>\n<p>INFORMACI\u00d3N BIBLIOGR\u00c1FICA<\/p>\n<p>Peri\u00f3dico: El Colombiano<\/p>\n<p>Lugar de edici\u00f3n: Medell\u00edn<\/p>\n<p>Autor personal: Ospina Zapata, Gustavo<\/p>\n<p>Autor corporativo:<\/p>\n<p>Fecha: 2012, marzo, 16<\/p>\n<p>P\u00e1gina: 12<\/p>\n<p>Secci\u00f3n: Metro<\/p>\n<p><strong>Titular: <\/strong>Fajardo aclara ingreso del Esmad a U. de A.<\/p>\n<p><strong>Resumen:<\/strong> El d\u00eda 14 de marzo se presentaron enfrentamientos entre un grupo de encapuchados y el ESMAD en la Universidad de Antioquia, el cual ingres\u00f3 al campus y se dio orden de evacuaci\u00f3n por la situaci\u00f3n. Posteriormente, al parecer el d\u00eda 15 de marzo, el gobernador Sergio Fajardo public\u00f3 en su cuenta de twitter rechazando los hechos; y, mientras el reelegido rector Alberto Uribe manifestaba que el ingreso de la fuerza p\u00fablica al campus no era decisi\u00f3n suya y que tampoco estaba de acuerdo con ello, el gobernador asegur\u00f3: \u201cEncapuchados haciendo violencia no lo podemos aceptar. La fuerza P\u00fablica ingresar\u00e1 a la universidad en la medida en que se vea que hay amenaza para la integridad de los bienes p\u00fablicos y de las personas\u201d. En la noticia se menciona que, de nuevo, el d\u00eda 15 de marzo hubo enfrentamientos entre encapuchados y el ESMAD en las instalaciones de la Universidad.<\/p>\n<p><strong>Im\u00e1genes: <\/strong><\/p>\n<p>INFORMACI\u00d3N ANAL\u00cdTICA<\/p>\n<p>Contexto de la noticia: El d\u00eda 13 de marzo el Consejo Superior Universitario reeligi\u00f3 a Alberto Uribe Correa \u2013sin el voto del gobernador a su favor\u2013, por cuarta vez, como el rector de la Universidad de Antioquia. D\u00edas antes, se realizaron algunas consultas a docentes y estudiantes para conocer sus preferencias, pero los resultaros no eran vinculantes. Por otro lado, despu\u00e9s de su reelecci\u00f3n, a trav\u00e9s de la red social Twitter, Alberto Uribe habl\u00f3 de la problem\u00e1tica de seguridad que se vive en la Universidad y asegur\u00f3 que el ingreso del ESMAD al campus no es su potestad.<\/p>\n<p>En Medell\u00edn se presentan escenarios violentos, especialmente Bel\u00e9n Altavista, donde se da un incremento del pie de fuerza.<\/p>\n<p>Palabras clave: Acciones contestatarias, Tropel, Comunicados, misivas, declaraciones, Respuestas institucionales, Evacuaci\u00f3n, Acciones violentas, Ingreso de la fuerza p\u00fablica o Ej\u00e9rcito, ESMAD, Grupos clandestinos, Gobernador Fajardo, Sergio (2012-2015), Rector\u00eda, Uribe Correa, Alberto.<\/p>\n<p>Sugerencia de palabras claves:<\/p>\n<p>Observaciones: En una noticia publicada el d\u00eda 22 de abril, en la p\u00e1gina 51 (Tendencias\/Educaci\u00f3n), se expuso que \u201cEl Ministerio de Educaci\u00f3n, luego de algunas protestas por elecci\u00f3n de rectores de universidades p\u00fablicas, inform\u00f3 y aclar\u00f3 que el nombramiento de estos cargos \u201ces una decisi\u00f3n tomada, de manera colegiada, por los miembros de los Consejos Superiores de las instituciones, tal como lo se\u00f1ala la Ley 30 de 1992 (Art.65)\u201d. Esos Consejos los conforman nueve miembros, de los que votan ocho\u201d.<\/p>\n<p>Fecha de diligenciamiento: 02\/02\/2019<\/p>\n<h1 style=\"text-align: center;\">***<\/h1>\n<p><strong>N\u00famero de ficha<\/strong>: E71&nbsp;&nbsp;&nbsp;&nbsp;&nbsp;&nbsp;&nbsp;&nbsp;&nbsp;&nbsp;&nbsp;&nbsp;&nbsp;&nbsp;&nbsp;&nbsp;&nbsp;&nbsp;&nbsp;&nbsp;&nbsp;&nbsp;&nbsp;&nbsp;&nbsp;&nbsp;&nbsp;&nbsp;&nbsp;&nbsp;&nbsp;&nbsp;&nbsp;&nbsp;&nbsp;&nbsp;&nbsp;&nbsp;&nbsp;&nbsp;&nbsp;&nbsp;&nbsp;&nbsp;&nbsp;<\/p>\n<p><strong>Diligenciada por: <\/strong>Mariana Villegas Jim\u00e9nez<\/p>\n<p>INFORMACI\u00d3N BIBLIOGR\u00c1FICA<\/p>\n<p>Peri\u00f3dico: El Colombiano<\/p>\n<p>Lugar de edici\u00f3n: Medell\u00edn<\/p>\n<p>Autor personal:<\/p>\n<p>Autor corporativo: \u00c1rea Metro<\/p>\n<p>Fecha: 2012, abril, 19<\/p>\n<p>P\u00e1gina: 12<\/p>\n<p>Secci\u00f3n: Metro<\/p>\n<p><strong>Titular: <\/strong>A polic\u00eda le amputaron pie tras disturbios en U. de A.<\/p>\n<p><strong>Resumen:<\/strong> El 18 de abril se presentaron enfrentamientos entre un grupo de encapuchados y la fuerza p\u00fablica, donde los primeros bloquearon porter\u00edas y lanzaron papas bomba y donde el polic\u00eda Uriel Andr\u00e9s Rinc\u00f3n result\u00f3 herido por un artefacto explosivo y tuvieron que amputarle una pierna. Seg\u00fan el comandante de la Polic\u00eda Metropolitana, Yesid V\u00e1squez, quien rechaz\u00f3 los hechos, los encapuchados intentaron impedir tanto el ingreso como la salida de la ambulancia que auxiliaba al polic\u00eda. El d\u00eda 19 no hubo clases en el campus.<\/p>\n<p><strong>Im\u00e1genes: <\/strong>IMG E71. En la fotograf\u00eda se ve un agente del ESMAD que se oculta tras un muro y a lo lejos se ve una multitud de personas. Seg\u00fan el pie de foto \u201ccuatro estudiantes fueron detenidos en los disturbios, entre ellos dos menores de edad\u201d. Foto: Esteban Vanegas.<\/p>\n<p>INFORMACI\u00d3N ANAL\u00cdTICA<\/p>\n<p>Contexto de la noticia: Desde la reelecci\u00f3n del rector Alberto Uribe (marzo 13) se han presentado algunos enfrentamientos en la Universidad. Por otro lado, el 14 de abril inici\u00f3 la Cumbre de las Am\u00e9ricas en Cartagena y Obama asegur\u00f3 el inicio del TLC; las relaciones entre \u00c1lvaro Uribe y el presidente Juan Manuel Santos empiezan a mostrar rupturas por las cr\u00edticas del primero al gobierno del segundo; y, por \u00faltimo, se empiezan a mostrar las primeras intenciones de instaurar unos di\u00e1logos de paz.<\/p>\n<p>Palabras clave: Acciones contestatarias, Tropel, Acciones violentas, Uso de petardos y explosivos, Ingreso de la fuerza p\u00fablica o Ej\u00e9rcito, Respuestas institucionales, Evacuaci\u00f3n, Cierre administrativo, Detenciones, Rinc\u00f3n, Uriel Andr\u00e9s, ESMAD, Grupos clandestinos, Polic\u00eda, V\u00e1squez, Yesid.<\/p>\n<p>Sugerencia de palabras claves:<\/p>\n<p>Observaciones:<\/p>\n<p>Fecha de diligenciamiento: 02\/02\/2019<\/p>\n<h1 style=\"text-align: center;\">***<\/h1>\n<p><strong>N\u00famero de ficha<\/strong>: E72&nbsp;&nbsp;&nbsp;&nbsp;&nbsp;&nbsp;&nbsp;&nbsp;&nbsp;&nbsp;&nbsp;&nbsp;&nbsp;&nbsp;&nbsp;&nbsp;&nbsp;&nbsp;&nbsp;&nbsp;&nbsp;&nbsp;&nbsp;&nbsp;&nbsp;&nbsp;&nbsp;&nbsp;&nbsp;&nbsp;&nbsp;&nbsp;&nbsp;&nbsp;&nbsp;&nbsp;&nbsp;&nbsp;&nbsp;&nbsp;&nbsp;&nbsp;&nbsp;&nbsp;&nbsp;<\/p>\n<p><strong>Diligenciada por: <\/strong>Mariana Villegas Jim\u00e9nez<\/p>\n<p>INFORMACI\u00d3N BIBLIOGR\u00c1FICA<\/p>\n<p>Peri\u00f3dico: El Colombiano<\/p>\n<p>Lugar de edici\u00f3n: Medell\u00edn<\/p>\n<p>Autor personal:<\/p>\n<p>Autor corporativo: \u00c1rea Metro y Tendencias<\/p>\n<p>Fecha: 2012, abril, 20<\/p>\n<p>P\u00e1gina: 10-11<\/p>\n<p>Secci\u00f3n: Metro<\/p>\n<p><strong>Titular: <\/strong>Material de guerra en el campus<\/p>\n<p><strong>Resumen:<\/strong> Esta noticia se refiere a los hechos ocurridos el 18 de abril, donde plantean que fue una protesta de aproximadamente 80 encapuchados que, posteriormente, se enfrentaron con el ESMAD. El comandante de Seguridad Ciudadana de la Polic\u00eda Metropolitana, Ramiro Riveros, afirm\u00f3 que se incaut\u00f3 \u201cmaterial de guerra\u201d en diferentes lugares del campus, entre ellos extintores bomba y petardos con metralla y que, tras los hechos, seis personas fueron conducidas a la fiscal\u00eda. Frente al tema, el rector Alberto Uribe dio la siguiente declaraci\u00f3n: \u201ccreemos que hay participaci\u00f3n de grupos revolucionarios al margen de la ley y hacemos un llamado a la Polic\u00eda, los jueces y a la Fiscal\u00eda para que judicialicen y sancionen estos actos\u201d; y, por su parte, la Gobernaci\u00f3n de Antioquia rechaz\u00f3 \u201clos actos terroristas perpetrados por fuerzas oscuras que utilizan la ciudad universitaria como campo de batalla\u201d. La noticia evidencia varios puntos de vista acerca de lo ocurrido en el campus, asegurando que la mayor\u00eda de personas consultadas pertenecientes a la Universidad rechazaron los hechos; entre estas, se conoci\u00f3 la percepci\u00f3n del estudiante Carlos Galeano, quien no justific\u00f3 los hechos pero asegur\u00f3 que son una muestra de que las manifestaciones pac\u00edficas no han surtido efecto, adem\u00e1s plante\u00f3 que al rector han sido solicitados espacios de di\u00e1logo que han sido negados y reafirm\u00f3 la necesidad de incluir a docentes y estudiantes en la toma de decisiones. Por \u00faltimo, en una breve entrevista realizada al rector, el entrevistador afirm\u00f3 que se ha dicho que lo sucedido el 18 de abril fue una toma militar, para posteriormente preguntarle al rector si se sent\u00eda seguro dentro del campus. Desde el CSU se planea hacer un \u201cpacto\u201d por la defensa de la instituci\u00f3n, pero se desconoce a\u00fan en qu\u00e9 consistir\u00e1.<\/p>\n<p><strong>Im\u00e1genes: <\/strong>IMG E72. En la fotograf\u00eda se muestra un grupo de cinco agentes del ESMAD de espaldas y a lo lejos se ve una multitud. Foto: Esteban Vanegas.<\/p>\n<p>INFORMACI\u00d3N ANAL\u00cdTICA<\/p>\n<p>Contexto de la noticia: Esta noticia se desarrolla en el marco de lo ocurrido el 18 de abril en las instalaciones de la Universidad de Antioquia, donde un agente del ESMAD perdi\u00f3 una pierna a causa de la explosi\u00f3n de un artefacto.<\/p>\n<p>Desde la reelecci\u00f3n del rector Alberto Uribe (marzo 13) se han presentado algunos enfrentamientos en la Universidad. Por otro lado, el 14 de abril inici\u00f3 la Cumbre de las Am\u00e9ricas en Cartagena y Obama asegur\u00f3 el inicio del TLC; las relaciones entre \u00c1lvaro Uribe y el presidente Juan Manuel Santos empiezan a mostrar rupturas por las cr\u00edticas del primero al gobierno del segundo; y, por \u00faltimo, se empiezan a mostrar las primeras intenciones de instaurar unos di\u00e1logos de paz.<\/p>\n<p>Palabras clave: Acciones violentas, Uso de petardos y explosivos, Ingreso de la fuerza p\u00fablica o Ej\u00e9rcito, Respuestas institucionales, Detenciones, Campa\u00f1as de sensibilizaci\u00f3n o denuncia, Acciones de resistencia, Comunicados, misivas, declaraciones, Acciones legales, ESMAD, Grupos clandestinos, Estudiantes, Galeano, Carlos, Rector\u00eda, Uribe Correa, Alberto, Gobernador Fajardo, Sergio (2012-2015), Consejo Superior Universitario.<\/p>\n<p>Sugerencia de palabras claves:<\/p>\n<p>Observaciones: Como una \u201caut\u00e9ntica salvajada\u201d fue calificado el hecho ocurrido el 18 de abril en una columna de opini\u00f3n de la Editorial de El Colombiano, publicada el d\u00eda 20 de abril, en la p\u00e1gina 21 (Opini\u00f3n). A lo largo de \u00e9sta, se muestra un rechazo por lo ocurrido y, en especial, por los encapuchados que, se asegura, \u201clo \u00fanico que logran es el repudio de la sociedad y deslegitimar el movimiento estudiantil\u201d. La columna termina respaldando la decisi\u00f3n del gobernador de avalar el ingreso de la fuerza p\u00fablica al campus universitario.<\/p>\n<p>Fecha de diligenciamiento: 02\/02\/2019<\/p>\n<h1 style=\"text-align: center;\">***<\/h1>\n<p><strong>N\u00famero de ficha<\/strong>: E73&nbsp;&nbsp;&nbsp;&nbsp;&nbsp;&nbsp;&nbsp;&nbsp;&nbsp;&nbsp;&nbsp;&nbsp;&nbsp;&nbsp;&nbsp;&nbsp;&nbsp;&nbsp;&nbsp;&nbsp;&nbsp;&nbsp;&nbsp;&nbsp;&nbsp;&nbsp;&nbsp;&nbsp;&nbsp;&nbsp;&nbsp;&nbsp;&nbsp;&nbsp;&nbsp;&nbsp;&nbsp;&nbsp;&nbsp;&nbsp;&nbsp;&nbsp;&nbsp;&nbsp;&nbsp;<\/p>\n<p><strong>Diligenciada por: <\/strong>Mariana Villegas Jim\u00e9nez<\/p>\n<p>INFORMACI\u00d3N BIBLIOGR\u00c1FICA<\/p>\n<p>Peri\u00f3dico: El Colombiano<\/p>\n<p>Lugar de edici\u00f3n: Medell\u00edn<\/p>\n<p>Autor personal: Valencia, Juan Carlos<\/p>\n<p>Autor corporativo:<\/p>\n<p>Fecha: 2012, abril, 21<\/p>\n<p>P\u00e1gina: 14-15<\/p>\n<p>Secci\u00f3n: Metro<\/p>\n<p><strong>Titular: <\/strong>Armas no convencionales alertan a la U. de A.<\/p>\n<p><strong>Resumen:<\/strong> Dentro de las instalaciones de la Universidad fueron halladas armas que, seg\u00fan un t\u00e9cnico antiexplosivos de la Sij\u00edn, son \u201csimilares a las que usa la guerrilla en ataques contra edificaciones del Estado\u201d. Entre ellas se mencionan las que parecen ser m\u00e1s preocupantes: \u201cartefactos explosivos improvisados, hechos con extintores; las bombas tubo o niple y las dos qu\u00edmicas, cuyo principal componente es el \u00e1cido sulf\u00farico\u201d; seg\u00fan el experto, son armas no convencionales que \u201csu uso depende de la cantidad de explosivos y metralla que contengan\u201d. Seg\u00fan investigaciones, el agente del ESMAD Uriel Andr\u00e9s Rinc\u00f3n, quien perdi\u00f3 su pierna en medio de los enfrentamientos del 18 de abril, fue atacado con uno de esos extintores, contradiciendo algunas versiones que aseguraban que el agente hab\u00eda sido afectado por uno de los artefactos propios del ESMAD. A trav\u00e9s de un comunicado, el gobernador de Antioquia dijo que se trat\u00f3 de un \u201checho militar que se escud\u00f3 en el territorio de la universidad para hacer da\u00f1o a la sociedad y expresarse por medio del terror\u201d; y, por su parte, la jefe de seguridad de la instituci\u00f3n afirm\u00f3 que planean poner en funcionamiento torniquetes en todas las porter\u00edas. Por \u00faltimo, seg\u00fan la noticia, el mismo mi\u00e9rcoles 18 tambi\u00e9n fue hallado un panfleto a nombre de la Unidad Revolucionaria Clandestina.<\/p>\n<p><strong>Im\u00e1genes: <\/strong>IMG E73. En la fotograf\u00eda se muestra a un agente de la fuerza p\u00fablica exponiendo una de las armas tipo extintor ya estallada. Foto: Juan C. Valencia<\/p>\n<p>INFORMACI\u00d3N ANAL\u00cdTICA<\/p>\n<p>Contexto de la noticia: Esta noticia se desarrolla en el marco de lo ocurrido el 18 de abril en las instalaciones de la Universidad de Antioquia, donde un agente del ESMAD perdi\u00f3 una pierna a causa de la explosi\u00f3n de un artefacto.<\/p>\n<p>Desde la reelecci\u00f3n del rector Alberto Uribe (marzo 13) se han presentado algunos enfrentamientos en la Universidad. Por otro lado, el 14 de abril inici\u00f3 la Cumbre de las Am\u00e9ricas en Cartagena y Obama asegur\u00f3 el inicio del TLC; las relaciones entre \u00c1lvaro Uribe y el presidente Juan Manuel Santos empiezan a mostrar rupturas por las cr\u00edticas del primero al gobierno del segundo; y, por \u00faltimo, se empiezan a mostrar las primeras intenciones de instaurar unos di\u00e1logos de paz.<\/p>\n<p>Palabras clave: Acciones violentas, Uso de petardos y explosivos, Ingreso de la fuerza p\u00fablica o Ej\u00e9rcito, Acciones contestatarias, Panfleto, Unidad Revolucionaria Clandestina, Gobernador Fajardo, Sergio (2012-2015), Sij\u00edn, ESMAD, Rinc\u00f3n, Uriel Andr\u00e9s.<\/p>\n<p>Sugerencia de palabras claves:<\/p>\n<p>Observaciones: En una columna de opini\u00f3n de Federico Hoyos, publicada el 21 de abril (p\u00e1gina 25, opini\u00f3n), el autor manifiesta el malestar por los hechos ocurridos el 18 de abril en la Universidad de Antioquia, calific\u00e1ndolos como \u201cun acto terrorista sin justificaci\u00f3n alguna\u201d y plantea que \u201cdetr\u00e1s de la minuciosa planeaci\u00f3n de estos actos violentos disfrazados de protesta, debe haber personas con conocimiento en t\u00e1cticas militares. \u00bfSer\u00e1n estos los mismos grupos (Farc, ELN) que mensualmente piden la paz por medio de la v\u00eda negociada?\u201d. Para contrarrestar este tipo de situaciones, el autor propone la presencia permanente de la fuerza p\u00fablica al interior del campus y que la comunidad universitaria se manifieste p\u00fablicamente en contra del \u201cterrorismo en el interior de la universidad\u201d.<\/p>\n<p>Fecha de diligenciamiento: 02\/02\/2019<\/p>\n<h1 style=\"text-align: center;\">***<\/h1>\n<p><strong>N\u00famero de ficha<\/strong>: E74&nbsp;&nbsp;&nbsp;&nbsp;&nbsp;&nbsp;&nbsp;&nbsp;&nbsp;&nbsp;&nbsp;&nbsp;&nbsp;&nbsp;&nbsp;&nbsp;&nbsp;&nbsp;&nbsp;&nbsp;&nbsp;&nbsp;&nbsp;&nbsp;&nbsp;&nbsp;&nbsp;&nbsp;&nbsp;&nbsp;&nbsp;&nbsp;&nbsp;&nbsp;&nbsp;&nbsp;&nbsp;&nbsp;&nbsp;&nbsp;&nbsp;&nbsp;&nbsp;&nbsp;&nbsp;<\/p>\n<p><strong>Diligenciada por: <\/strong>Mariana Villegas Jim\u00e9nez<\/p>\n<p>INFORMACI\u00d3N BIBLIOGR\u00c1FICA<\/p>\n<p>Peri\u00f3dico: El Colombiano<\/p>\n<p>Lugar de edici\u00f3n: Medell\u00edn<\/p>\n<p>Autor personal: Matta Colorado, Nelson<\/p>\n<p>Autor corporativo:<\/p>\n<p>Fecha: 2012, mayo, 13<\/p>\n<p>P\u00e1gina: 16-17<\/p>\n<p>Secci\u00f3n: Metro<\/p>\n<p><strong>Titular: <\/strong>U. de Antioquia, amenazada por agitadores, narcotr\u00e1fico e ilegalidad<\/p>\n<p><strong>Resumen:<\/strong> Seg\u00fan la noticia, la manifestaci\u00f3n de los encapuchados del 18 de abril se debi\u00f3 a la oposici\u00f3n a los Tratados de Libre Comercio con Estados Unidos; donde \u201cextraoficialmente, se dice que en la acci\u00f3n hubo visitantes de Cartagena y Cali, convocados en principio para protestar en la Cumbre de Las Am\u00e9ricas realizada en La Heroica (14 y 15 de abril) y que despu\u00e9s trasladaron su ira a Medell\u00edn\u201d. El hecho fue, una vez m\u00e1s, descrito como una \u201ctoma militar\u201d por las acciones llevadas a cabo, como el cierre de porter\u00edas y el uso de artefactos explosivos como extintores llenos de metralla. Seg\u00fan investigaciones, tienen identificadas dos estructuras guerrilleras que estar\u00edan financiando estas acciones dentro de la Universidad, la primera es el \u201cfrente urbano Luis Fernando Giraldo Builes, que depende del Frente de Guerra Central del ELN, liderado por alias \u201cPablito\u201d y \u201cCarlitos\u201d\u201d y, la segunda, \u201ces el bloque Iv\u00e1n R\u00edos de las Farc, comandado por \u201cIsa\u00edas Trujillo\u201d. En la noticia se muestran algunas declaraciones frente a la presencia de grupos armados ilegales dentro de la Universidad, entre ellas la del vicerrector general Martiniano Jaime, quien \u201csabe que hist\u00f3ricamente ha habido presencia de las Farc y el Eln en el campus, aunque no conoce los detalles de esa relaci\u00f3n\u201d; por su parte, un exdetective del DAS que hizo inteligencia contras las FARC en Medell\u00edn, afirma que este grupo \u201cdesde hace mucho tiempo viene marcando territorio en la universidad, donde no solo tienen infiltrados sino militantes\u201d; y, contrasta con la versi\u00f3n de un l\u00edder estudiantil que, sobre los giros de dinero, afirma que \u201ceso es una exageraci\u00f3n irresponsable si no hay sustento probatorio, los movimientos estudiantiles tenemos comunicaci\u00f3n constante y no han llegado propuestas de ese tipo\u201d. A continuaci\u00f3n, la noticia comenta otras problem\u00e1ticas de la Universidad como lo son los robos, el microtr\u00e1fico y el consumo de drogas, haciendo un recuento de la forma en que se han presentado estos fen\u00f3menos en el campus en los \u00faltimos a\u00f1os (mencionando atracos, robos, consumo de drogas y muertes producto de esto); prosiguiendo, se enuncian varios hechos que han quedado impunes en el campus, adem\u00e1s de la amputaci\u00f3n de la pierna del polic\u00eda, menciona \u201clas quemas de una moto del Departamento de Vigilancia (26\/08\/11) y de un estudiante (14\/11\/11)\u201d, seguido de los siguientes homicidios sin esclarecer: \u201cestudiante <em>Gustavo Marulanda<\/em> (07\/08\/99), el administrador de la cafeter\u00eda de Derecho <em>Hugo \u00c1ngel Jaramillo<\/em> (06\/08\/99), el docente <em>Gustavo Loaiza<\/em> (23\/06\/06) y el exalumno <em>Jorge Isaza<\/em> (03\/11\/09)\u201d.<\/p>\n<p><strong>Im\u00e1genes: <\/strong>IMG E74. Se muestran tres fotograf\u00edas de un hecho sucedido el 12 de abril de 2012, donde se dice que unos encapuchados roban tres port\u00e1tiles en las porter\u00edas de la Universidad. Fotos: Cortes\u00eda.<\/p>\n<p>INFORMACI\u00d3N ANAL\u00cdTICA<\/p>\n<p>Contexto de la noticia: Esta noticia se desarrolla en el marco de lo ocurrido el 18 de abril en las instalaciones de la Universidad de Antioquia, donde un agente del ESMAD perdi\u00f3 una pierna a causa de la explosi\u00f3n de un artefacto. Por otro lado, entre el 14 y 15 de abril se llev\u00f3 a cabo la Cumbre de las Am\u00e9ricas en Cartagena y Obama asegur\u00f3 el inicio del TLC, el cual se puso en marcha aproximadamente el 15 de mayo; las relaciones entre \u00c1lvaro Uribe y el presidente Juan Manuel Santos empiezan a mostrar rupturas por las cr\u00edticas del primero al gobierno del segundo; y, por \u00faltimo, se empiezan a mostrar las primeras intenciones de instaurar unos di\u00e1logos de paz, donde hay diferencias por propuestas de amnistiar cr\u00edmenes de lesa humanidad.<\/p>\n<p>Palabras clave: Acciones de resistencia, Comunicados, misivas, declaraciones, Estudiantes, Grupos Clandestinos, Vicerrector\u00eda Jaime Contreras, Martiniano, DAS, FARC-EP, ELN, Frente urbano Luis Fernando Giraldo Builes, Bloque Iv\u00e1n R\u00edos.<\/p>\n<p>Sugerencia de palabras claves:<\/p>\n<p>Observaciones: La noticia menciona la quema de una moto del Departamento de Vigilancia, pero en la fecha referenciada no aparecen noticias al respecto.<\/p>\n<p>Fecha de diligenciamiento: 04\/02\/2019<\/p>\n<h1 style=\"text-align: center;\">***<\/h1>\n<p><strong>N\u00famero de ficha<\/strong>: E75&nbsp;&nbsp;&nbsp;&nbsp;&nbsp;&nbsp;&nbsp;&nbsp;&nbsp;&nbsp;&nbsp;&nbsp;&nbsp;&nbsp;&nbsp;&nbsp;&nbsp;&nbsp;&nbsp;&nbsp;&nbsp;&nbsp;&nbsp;&nbsp;&nbsp;&nbsp;&nbsp;&nbsp;&nbsp;&nbsp;&nbsp;&nbsp;&nbsp;&nbsp;&nbsp;&nbsp;&nbsp;&nbsp;&nbsp;&nbsp;&nbsp;&nbsp;&nbsp;&nbsp;&nbsp;<\/p>\n<p><strong>Diligenciada por: <\/strong>Mariana Villegas Jim\u00e9nez<\/p>\n<p>INFORMACI\u00d3N BIBLIOGR\u00c1FICA<\/p>\n<p>Peri\u00f3dico: El Colombiano<\/p>\n<p>Lugar de edici\u00f3n: Medell\u00edn<\/p>\n<p>Autor personal:<\/p>\n<p>Autor corporativo:<\/p>\n<p>Fecha: 2012, mayo, 20<\/p>\n<p>P\u00e1gina: 17<\/p>\n<p>Secci\u00f3n: Metro<\/p>\n<p><strong>Titular: <\/strong>Directivas de la U. de A. rechazaron atracos<\/p>\n<p><strong>Resumen:<\/strong> Directivas de la Universidad de Antioquia rechazaron los actos delictivos de la tarde del viernes [18 de mayo], cuando encapuchados atracaron la Librer\u00eda Universitaria y el restaurante Punto Gourmet. Estaban armados y se llevaron el dinero recaudado en el d\u00eda.<\/p>\n<p>Las personas que all\u00ed laboran fueron intimidadas. Los asaltantes lanzaron \u2018papas bomba\u2019. Las directivas se\u00f1alaron que esta acci\u00f3n delictiva en nada ayuda al ambiente acad\u00e9mico y de respeto que debe imperar en la Universidad\u201d.<\/p>\n<p><strong>Im\u00e1genes: <\/strong><\/p>\n<p>INFORMACI\u00d3N ANAL\u00cdTICA<\/p>\n<p>Contexto de la noticia: El 15 de mayo arranc\u00f3 el TLC con Estados Unidos; y, con respecto a Medell\u00edn, se presentan escenarios de violencia como Altavista por enfrentamiento de combos.<\/p>\n<p>Palabras clave: Acciones violentas, Robos, Intimidaci\u00f3n, Acciones de resistencia, Comunicados, misivas, declaraciones, Actores no identificados.<\/p>\n<p>Sugerencia de palabras claves:<\/p>\n<p>Observaciones:<\/p>\n<p>Fecha de diligenciamiento: 04\/02\/2019<\/p>\n<h1 style=\"text-align: center;\">***<\/h1>\n<p><strong>N\u00famero de ficha<\/strong>: E76&nbsp;&nbsp;&nbsp;&nbsp;&nbsp;&nbsp;&nbsp;&nbsp;&nbsp;&nbsp;&nbsp;&nbsp;&nbsp;&nbsp;&nbsp;&nbsp;&nbsp;&nbsp;&nbsp;&nbsp;&nbsp;&nbsp;&nbsp;&nbsp;&nbsp;&nbsp;&nbsp;&nbsp;&nbsp;&nbsp;&nbsp;&nbsp;&nbsp;&nbsp;&nbsp;&nbsp;&nbsp;&nbsp;&nbsp;&nbsp;&nbsp;&nbsp;&nbsp;&nbsp;&nbsp;<\/p>\n<p><strong>Diligenciada por: <\/strong>Mariana Villegas Jim\u00e9nez<\/p>\n<p>INFORMACI\u00d3N BIBLIOGR\u00c1FICA<\/p>\n<p>Peri\u00f3dico: El Colombiano<\/p>\n<p>Lugar de edici\u00f3n: Medell\u00edn<\/p>\n<p>Autor personal:<\/p>\n<p>Autor corporativo:<\/p>\n<p>Fecha: 2012, mayo, 20<\/p>\n<p>P\u00e1gina: 47<\/p>\n<p>Secci\u00f3n: Tendencias\/Educaci\u00f3n<\/p>\n<p><strong>Titular: <\/strong>Egresados piden reflexi\u00f3n sobre la U. de Antioquia<\/p>\n<p><strong>Resumen:<\/strong> Los egresados de la Universidad convocaron para el 23 de mayo en la Plazuela San Ignacio a exalumnos y profesores a participar de un conversatorio \u201cpara reflexionar sobre las causas de los hechos violentos y otros problemas\u201d.<\/p>\n<p><strong>Im\u00e1genes: <\/strong><\/p>\n<p>INFORMACI\u00d3N ANAL\u00cdTICA<\/p>\n<p>Contexto de la noticia: En Medell\u00edn se presenta un recrudecimiento de la violencia en la comuna 8; y, en Antioquia, van 80 mujeres asesinadas hasta el 25 de mayo.<\/p>\n<p>Palabras clave: Acciones de resistencia, Acciones pedag\u00f3gicas, Egresados, Profesores.<\/p>\n<p>Sugerencia de palabras claves:<\/p>\n<p>Observaciones: Es posible que con \u201chechos violentos\u201d se refieran a lo sucedido el 18 de abril o a los recientes atracos presentados en la Universidad, pero en la noticia no se especifica a qu\u00e9 se refiere.<\/p>\n<p>Fecha de diligenciamiento: 04\/02\/2019<\/p>\n<h1 style=\"text-align: center;\">***<\/h1>\n<p><strong>N\u00famero de ficha<\/strong>: E77&nbsp;&nbsp;&nbsp;&nbsp;&nbsp;&nbsp;&nbsp;&nbsp;&nbsp;&nbsp;&nbsp;&nbsp;&nbsp;&nbsp;&nbsp;&nbsp;&nbsp;&nbsp;&nbsp;&nbsp;&nbsp;&nbsp;&nbsp;&nbsp;&nbsp;&nbsp;&nbsp;&nbsp;&nbsp;&nbsp;&nbsp;&nbsp;&nbsp;&nbsp;&nbsp;&nbsp;&nbsp;&nbsp;&nbsp;&nbsp;&nbsp;&nbsp;&nbsp;&nbsp;&nbsp;<\/p>\n<p><strong>Diligenciada por: <\/strong>Mariana Villegas Jim\u00e9nez<\/p>\n<p>INFORMACI\u00d3N BIBLIOGR\u00c1FICA<\/p>\n<p>Peri\u00f3dico: El Colombiano<\/p>\n<p>Lugar de edici\u00f3n: Medell\u00edn<\/p>\n<p>Autor personal: Valencia Gil, Juan Carlos<\/p>\n<p>Autor corporativo:<\/p>\n<p>Fecha: 2012, junio, 17<\/p>\n<p>P\u00e1gina: 13<\/p>\n<p>Secci\u00f3n: Metro<\/p>\n<p><strong>Titular: <\/strong>El patrullero Rinc\u00f3n perdon\u00f3 a quienes le volaron la pierna<\/p>\n<p><strong>Resumen:<\/strong> La noticia reporta el estado del agente del ESMAD que perdi\u00f3 una pierna en el tropel del 18 de abril, adem\u00e1s se hace un recuento de los hechos ya conocidos y una especie de reportaje donde se describe su condici\u00f3n de v\u00edctima: c\u00f3mo \u00e9l y su familia han afrontado la situaci\u00f3n y c\u00f3mo ha llevado el proceso de recuperaci\u00f3n. Uriel Andr\u00e9s Rinc\u00f3n afirma que perdona a su agresor pero que ya puso la denuncia en la Fiscal\u00eda y asegura que \u201cnada se esconde para siempre; tarde o temprano se sabr\u00e1 qui\u00e9n fue\u201d; adem\u00e1s \u201cexplica que no tiene ning\u00fan fundamento los rumores de que el artefacto lo ten\u00eda \u00e9l y se le explot\u00f3, pues el Esmad no porta armas letales sino granadas de gas y pimienta\u201d.<\/p>\n<p><strong>Im\u00e1genes: <\/strong>IMG E77. En la fotograf\u00eda aparece el patrullero en su estado actual, con una sola pierna y en muletas. Foto: Donaldo Zuluaga.<\/p>\n<p>INFORMACI\u00d3N ANAL\u00cdTICA<\/p>\n<p>Contexto de la noticia: Esta noticia se desarrolla en el marco de lo ocurrido el 18 de abril en las instalaciones de la Universidad de Antioquia, donde un agente del ESMAD perdi\u00f3 una pierna a causa de la explosi\u00f3n de un artefacto.<\/p>\n<p>En cuanto a Medell\u00edn, se ha incrementado el pie de fuerza en la comuna 8, considerada la zona m\u00e1s peligrosa de Medell\u00edn; adem\u00e1s, junio fue reconocido como el mes m\u00e1s violento en la ciudad.<\/p>\n<p>Palabras clave: Acciones de resistencia, Acciones legales, Rinc\u00f3n, Uriel Andr\u00e9s, ESMAD.<\/p>\n<p>Sugerencia de palabras claves:<\/p>\n<p>Observaciones: El 21 de agosto, el agente dej\u00f3 las muletas para usar una pr\u00f3tesis y dice estar dispuesto a regresar al ESMAD, seg\u00fan una noticia publicada el 22 de agosto, en la p\u00e1gina 9 (\u00c1rea Metro).<\/p>\n<p>Fecha de diligenciamiento: 05\/02\/2019<\/p>\n<h1 style=\"text-align: center;\">***<\/h1>\n<p><strong>N\u00famero de ficha<\/strong>: E78&nbsp;&nbsp;&nbsp;&nbsp;&nbsp;&nbsp;&nbsp;&nbsp;&nbsp;&nbsp;&nbsp;&nbsp;&nbsp;&nbsp;&nbsp;&nbsp;&nbsp;&nbsp;&nbsp;&nbsp;&nbsp;&nbsp;&nbsp;&nbsp;&nbsp;&nbsp;&nbsp;&nbsp;&nbsp;&nbsp;&nbsp;&nbsp;&nbsp;&nbsp;&nbsp;&nbsp;&nbsp;&nbsp;&nbsp;&nbsp;&nbsp;&nbsp;&nbsp;&nbsp;&nbsp;<\/p>\n<p><strong>Diligenciada por: <\/strong>Mariana Villegas Jim\u00e9nez<\/p>\n<p>INFORMACI\u00d3N BIBLIOGR\u00c1FICA<\/p>\n<p>Peri\u00f3dico: El Colombiano<\/p>\n<p>Lugar de edici\u00f3n: Medell\u00edn<\/p>\n<p>Autor personal:<\/p>\n<p>Autor corporativo:<\/p>\n<p>Fecha: 2012, julio, 20<\/p>\n<p>P\u00e1gina: 8<\/p>\n<p>Secci\u00f3n: Actualidad<\/p>\n<p><strong>Titular: <\/strong>Mesa Nacional Estudiantil denunci\u00f3 amenazas<\/p>\n<p><strong>Resumen:<\/strong> \u201cVoceros de la Mesa Amplia Nacional Estudiantil, Mane, denunciaron que en varias universidades p\u00fablicas del pa\u00eds los estudiantes que lideran algunos procesos y la deliberaci\u00f3n acad\u00e9mica vienen siendo amenazados con panfletos firmados por las \u201c\u00c1guilas Negras\u201d. Seg\u00fan la Mesa, las universidades m\u00e1s afectadas son la de Antioquia, Nacional sede Bogot\u00e1, Tecnol\u00f3gica de Pereira, Pedag\u00f3gica, Distrital, Universidad Industrial de Santander (UIS) y U. de C\u00f3rdoba. En algunas han sido amenazados profesores y sindicatos\u201d.<\/p>\n<p><strong>Im\u00e1genes: <\/strong><\/p>\n<p>INFORMACI\u00d3N ANAL\u00cdTICA<\/p>\n<p>Contexto de la noticia: Para el mi\u00e9rcoles 11 de julio se program\u00f3 un conversatorio sobre reforma a la Ley 30 y \u201cproblem\u00e1ticas de la U. de A.\u201d a las 6:00 p.m. en el Paraninfo (julio 8, p\u00e1gina 59 (Tendencias)).<\/p>\n<p>Por otro lado, la guardia ind\u00edgena de Torib\u00edo sac\u00f3 a la fuerza al Ej\u00e9rcito del cerro Las Torres porque no quer\u00edan presencia de actores armados. Por su parte, hay reducci\u00f3n en la cifra de asesinatos con respecto al primer semestre de 201, pero el crimen organizado no deja de ser una preocupaci\u00f3n.<\/p>\n<p>Palabras clave: Acciones violentas, Amenaza, Mesa Amplia Nacional Estudiantil (Mane), Profesores, Sindicatos, Paramilitares, \u00c1guilas Negras.<\/p>\n<p>Sugerencia de palabras claves:<\/p>\n<p>Observaciones:<\/p>\n<p>Fecha de diligenciamiento: 05\/02\/2019<\/p>\n<h1 style=\"text-align: center;\">***<\/h1>\n<p><strong>N\u00famero de ficha<\/strong>: E79&nbsp;&nbsp;&nbsp;&nbsp;&nbsp;&nbsp;&nbsp;&nbsp;&nbsp;&nbsp;&nbsp;&nbsp;&nbsp;&nbsp;&nbsp;&nbsp;&nbsp;&nbsp;&nbsp;&nbsp;&nbsp;&nbsp;&nbsp;&nbsp;&nbsp;&nbsp;&nbsp;&nbsp;&nbsp;&nbsp;&nbsp;&nbsp;&nbsp;&nbsp;&nbsp;&nbsp;&nbsp;&nbsp;&nbsp;&nbsp;&nbsp;&nbsp;&nbsp;&nbsp;&nbsp;<\/p>\n<p><strong>Diligenciada por: <\/strong>Mariana Villegas Jim\u00e9nez<\/p>\n<p>INFORMACI\u00d3N BIBLIOGR\u00c1FICA<\/p>\n<p>Peri\u00f3dico: El Colombiano<\/p>\n<p>Lugar de edici\u00f3n: Medell\u00edn<\/p>\n<p>Autor personal: Mart\u00ednez Arango, Rodrigo<\/p>\n<p>Autor corporativo:<\/p>\n<p>Fecha: 2012, septiembre, 19<\/p>\n<p>P\u00e1gina: 12<\/p>\n<p>Secci\u00f3n: Metro<\/p>\n<p><strong>Titular: <\/strong>Reanudan hoy las clases en la U. de A.<\/p>\n<p><strong>Resumen:<\/strong> El 19 de septiembre ser\u00edan reanudadas las clases en la Universidad, despu\u00e9s de que el d\u00eda 18 se presentaran \u201cdisturbios protagonizados por unos 20 encapuchados que dijeron pertenecer a un comando comunista\u201d y se presentaron enfrentamientos con la Polic\u00eda cuando estos intentaron cerrar la calle Barranquilla estallando papas bomba. Adem\u00e1s, los encapuchados atacaron los torniquetes de la porter\u00eda de la Avenida del R\u00edo y en otra de las porter\u00edas pusieron un \u201ccilindro negro, de unos 30 cent\u00edmetros de largo, del cual sal\u00edan unos cables y luego expertos antiexplosivos verificaron que se trataba de un artefacto de bajo poder elaborado con p\u00f3lvora\u201d. El vicerrector John Jairo Arboleda neg\u00f3 que hubiese un encapuchado herido en una pierna, puesto nadie fue atendido en Enfermer\u00eda.<\/p>\n<p><strong>Im\u00e1genes: <\/strong><\/p>\n<p>INFORMACI\u00d3N ANAL\u00cdTICA<\/p>\n<p>Contexto de la noticia: Por esta \u00e9poca ya se viene retomando el debate sobre la financiaci\u00f3n de las universidades p\u00fablicas; por ello, el 4 de septiembre se llev\u00f3 a cabo una marcha nacional protestando por el incumplimiento de los acuerdos pactados con el Gobierno en 2011 y reclamando que se tenga en cuenta a los estudiantes para la reforma educativa que planean. Seg\u00fan la ministra de educaci\u00f3n, este a\u00f1o no habr\u00eda reforma a la educaci\u00f3n.<\/p>\n<p>Por otro lado, desde el 5 de septiembre el Gobierno y las FARC aprobaron una agenda con cinco ejes a negociar en la mesa de di\u00e1logo; a pesar del inicio de estos di\u00e1logos, los atentados contin\u00faan y se dice que por lo pronto no habr\u00eda un cese al fuego. Mientras tanto, las v\u00edctimas reclaman una silla en esta mesa.<\/p>\n<p>Palabras clave: Acciones contestatarias, Tropel, Cierre de v\u00edas, Acciones violentas, Uso de petardos y explosivos, Respuestas institucionales, Evacuaci\u00f3n, Grupos clandestinos, Comando Comunista, Polic\u00eda, Vicerrector General Arboleda, John Jairo.<\/p>\n<p>Sugerencia de palabras claves:<\/p>\n<p>Observaciones: En esta noticia s\u00f3lo se afirma que las actividades acad\u00e9micas fueron suspendidas, pero en la noticia del 20 de septiembre se aclara que en este tropel se orden\u00f3 evacuar el campus.<\/p>\n<p>Fecha de diligenciamiento: 10\/02\/2019<\/p>\n<h1 style=\"text-align: center;\">***<\/h1>\n<p><strong>N\u00famero de ficha<\/strong>: E80&nbsp;&nbsp;&nbsp;&nbsp;&nbsp;&nbsp;&nbsp;&nbsp;&nbsp;&nbsp;&nbsp;&nbsp;&nbsp;&nbsp;&nbsp;&nbsp;&nbsp;&nbsp;&nbsp;&nbsp;&nbsp;&nbsp;&nbsp;&nbsp;&nbsp;&nbsp;&nbsp;&nbsp;&nbsp;&nbsp;&nbsp;&nbsp;&nbsp;&nbsp;&nbsp;&nbsp;&nbsp;&nbsp;&nbsp;&nbsp;&nbsp;&nbsp;&nbsp;&nbsp;&nbsp;<\/p>\n<p><strong>Diligenciada por:<\/strong> Mariana Villegas Jim\u00e9nez<\/p>\n<p>INFORMACI\u00d3N BIBLIOGR\u00c1FICA<\/p>\n<p>Peri\u00f3dico: El Colombiano<\/p>\n<p>Lugar de edici\u00f3n: Medell\u00edn<\/p>\n<p>Autor personal: G\u00f3mez, Carlos Mario<\/p>\n<p>Autor corporativo:<\/p>\n<p>Fecha: 2012, septiembre, 20<\/p>\n<p>P\u00e1gina: 11<\/p>\n<p>Secci\u00f3n: Metro<\/p>\n<p><strong>Titular: <\/strong>Pronto habr\u00e1 resultados por investigaciones en U. de A.<\/p>\n<p><strong>Resumen:<\/strong> Seg\u00fan la noticia, se est\u00e1 llevando a cabo una investigaci\u00f3n dentro de la Universidad de Antioquia, \u201cpor problemas de vandalismo y casos de microtr\u00e1fico de estupefacientes\u201d. El Secretario de Gobierno de Antioquia, Santiago Londo\u00f1o, afirm\u00f3 que esperan arrojar resultados pronto y rechaz\u00f3 \u201clos constantes desmanes que protagonizan grupos de encapuchados en el claustro universitario\u201d, poniendo como ejemplo el del d\u00eda 18 de septiembre. Por su parte, el Gobernador de Antioquia, Sergio Fajardo, rechaz\u00f3 los hechos de ese d\u00eda a trav\u00e9s de su cuenta de Twitter afirmando que los encapuchados destruyen la Universidad P\u00fablica y agreg\u00f3: \u201c\u00bfPropuestas? Ninguna. No tienen. No tienen un solo argumento. \u00bfSu \u00e9xito? Cerrar la Universidad. Salir en los medios encapuchados. Explotar\u201d; por \u00faltimo, habl\u00f3 de la impunidad de los hechos, reconociendo que no hay personas detenidas por los \u201cactos violentos\u201d, \u201cLos explosivos y las drogas entran: nadie responde\u201d. Por \u00faltimo, la noticia termina diciendo que \u201clos estamentos de la Universidad insistieron en defender los principios de respeto y tolerancia, como \u00fanica alternativa posible de convivencia\u201d.<\/p>\n<p><strong>Im\u00e1genes: <\/strong><\/p>\n<p>INFORMACI\u00d3N ANAL\u00cdTICA<\/p>\n<p>Contexto de la noticia: Por esta \u00e9poca ya se viene retomando el debate sobre la financiaci\u00f3n de las universidades p\u00fablicas; por ello, el 4 de septiembre se llev\u00f3 a cabo una marcha nacional protestando por el incumplimiento de los acuerdos pactados con el Gobierno en 2011 y reclamando que se tenga en cuenta a los estudiantes para la reforma educativa que planean. Seg\u00fan la ministra de educaci\u00f3n, este a\u00f1o no habr\u00eda reforma a la educaci\u00f3n.<\/p>\n<p>Por otro lado, desde el 5 de septiembre el Gobierno y las FARC aprobaron una agenda con cinco ejes a negociar en la mesa de di\u00e1logo; a pesar del inicio de estos di\u00e1logos, los atentados contin\u00faan y se dice que por lo pronto no habr\u00eda un cese al fuego. Mientras tanto, las v\u00edctimas reclaman una silla en esta mesa.<\/p>\n<p>Palabras clave: Acciones contestatarias, Comunicados, misivas, declaraciones, Gobernador Fajardo, Sergio (2012-2015), Londo\u00f1o, Santiago.<\/p>\n<p>Sugerencia de palabras claves:<\/p>\n<p>Observaciones:<\/p>\n<p>Fecha de diligenciamiento: 10\/02\/2019<\/p>\n<h1 style=\"text-align: center;\">***<\/h1>\n<p><strong>N\u00famero de ficha<\/strong>: E81&nbsp;&nbsp;&nbsp;&nbsp;&nbsp;&nbsp;&nbsp;&nbsp;&nbsp;&nbsp;&nbsp;&nbsp;&nbsp;&nbsp;&nbsp;&nbsp;&nbsp;&nbsp;&nbsp;&nbsp;&nbsp;&nbsp;&nbsp;&nbsp;&nbsp;&nbsp;&nbsp;&nbsp;&nbsp;&nbsp;&nbsp;&nbsp;&nbsp;&nbsp;&nbsp;&nbsp;&nbsp;&nbsp;&nbsp;&nbsp;&nbsp;&nbsp;&nbsp;&nbsp;&nbsp;<\/p>\n<p><strong>Diligenciada por: <\/strong>Mariana Villegas Jim\u00e9nez<\/p>\n<p>INFORMACI\u00d3N BIBLIOGR\u00c1FICA<\/p>\n<p>Peri\u00f3dico: El Colombiano<\/p>\n<p>Lugar de edici\u00f3n: Medell\u00edn<\/p>\n<p>Autor personal:<\/p>\n<p>Autor corporativo:<\/p>\n<p>Fecha: 2012, octubre, 14<\/p>\n<p>P\u00e1gina: 19<\/p>\n<p>Secci\u00f3n: Metro\/ Radar<\/p>\n<p><strong>Titular: <\/strong>Cay\u00f3 hombre que vend\u00eda droga en U. de A.<\/p>\n<p><strong>Resumen:<\/strong> \u201cLa Polic\u00eda Metropolitana captur\u00f3 a alias \u201cel Zarco\u201d, presunto distribuidor de alucin\u00f3genos en la Universidad de Antioquia\u201d. En el allanamiento donde cay\u00f3 este hombre \u2013quien har\u00eda parte de la organizaci\u00f3n San Pablo\u2013, fueron incautadas 700 dosis de marihuana y coca\u00edna, armas, cartuchos, entre otros. Seg\u00fan el secretario de Gobierno departamental, Santiago Londo\u00f1o, el sujeto no era estudiante ni contaba con una TIP, por lo que deben investigar la forma en que ingresaba f\u00e1cilmente al campus.<\/p>\n<p><strong>Im\u00e1genes: <\/strong><\/p>\n<p>INFORMACI\u00d3N ANAL\u00cdTICA<\/p>\n<p>Contexto de la noticia: El 12 de octubre finaliz\u00f3 la \u201csemana de los indignados\u201d, en la cual se presentaron protestas de diferentes sectores sociales en todo el pa\u00eds, para rechazar algunas pol\u00edticas de gobierno. El 17 de octubre se lleva a cabo otra marcha de estudiantes con la Mane, ya que presentar\u00edan un borrador alternativo de reforma a la Ley de Educaci\u00f3n superior.<\/p>\n<p>Por \u00faltimo, ya se est\u00e1n dando los primeros contactos entre los negociadores de paz del Gobierno y las FARC.<\/p>\n<p>Palabras clave: Respuestas institucionales, Detenciones, Organizaci\u00f3n San Pablo, Polic\u00eda, Londo\u00f1o, Santiago.<\/p>\n<p>Sugerencia de palabras claves:<\/p>\n<p>Observaciones: La captura no fue realizada dentro del campus universitario, sino en el barrio Santa Cruz.<\/p>\n<p>Fecha de diligenciamiento: 10\/02\/2019<\/p>\n<h1 style=\"text-align: center;\">***<\/h1>\n<p><strong>N\u00famero de ficha<\/strong>: E82&nbsp;&nbsp;&nbsp;&nbsp;&nbsp;&nbsp;&nbsp;&nbsp;&nbsp;&nbsp;&nbsp;&nbsp;&nbsp;&nbsp;&nbsp;&nbsp;&nbsp;&nbsp;&nbsp;&nbsp;&nbsp;&nbsp;&nbsp;&nbsp;&nbsp;&nbsp;&nbsp;&nbsp;&nbsp;&nbsp;&nbsp;&nbsp;&nbsp;&nbsp;&nbsp;&nbsp;&nbsp;&nbsp;&nbsp;&nbsp;&nbsp;&nbsp;&nbsp;&nbsp;&nbsp;<\/p>\n<p><strong>Diligenciada por: <\/strong>Mariana Villegas Jim\u00e9nez<\/p>\n<p>INFORMACI\u00d3N BIBLIOGR\u00c1FICA<\/p>\n<p>Peri\u00f3dico: El Colombiano<\/p>\n<p>Lugar de edici\u00f3n: Medell\u00edn<\/p>\n<p>Autor personal:<\/p>\n<p>Autor corporativo:<\/p>\n<p>Fecha: 2012, noviembre, 27<\/p>\n<p>P\u00e1gina: 21<\/p>\n<p>Secci\u00f3n: Opini\u00f3n<\/p>\n<p><strong>Titular: <\/strong>Supuestos \u201cUrabe\u00f1os\u201d extorsionan en U. de A.<\/p>\n<p><strong>Resumen:<\/strong> \u201cDirectivos de la Universidad de Antioquia denunciaron la extorsi\u00f3n de supuestos \u201cUrabe\u00f1os\u201d a personas que presentan diversos servicios dentro de la instituci\u00f3n. Un panfleto amenazante, exigiendo el pago de un mill\u00f3n de pesos por local, circul\u00f3 desde la semana pasada, en el claustro universitario\u201d. En la publicaci\u00f3n se afirma que se espera que las autoridades presten atenci\u00f3n a la denuncia y que la comunidad universitaria rechace estas amenazas.<\/p>\n<p><strong>Im\u00e1genes: <\/strong><\/p>\n<p>INFORMACI\u00d3N ANAL\u00cdTICA<\/p>\n<p>Contexto de la noticia: En la ciudad se han venido presentando problem\u00e1ticas de seguridad, violencia y desplazamiento en las comunas 13 y 8. En el pa\u00eds se encuentra en paro la rama judicial m\u00e1s o menos desde mediados de octubre y, a principios de noviembre se les uni\u00f3 la Fiscal\u00eda. Por otro lado, ya iniciaron los di\u00e1logos de paz en La Habana y las FARC anuncia cese al fuego, pero se vienen presentando algunos atentados que rompen esta promesa. El presidente Juan Manuel Santos y el expresidente \u00c1lvaro Uribe empiezan a mostrar y fortalecer sus diferencias, en especial por la implementaci\u00f3n de la mesa de di\u00e1logo con las FARC.<\/p>\n<p>Palabras clave: Acciones violentas, Amenaza, Panfleto, Paramilitares, Urabe\u00f1os.<\/p>\n<p>Sugerencia de palabras claves:<\/p>\n<p>Observaciones: Considero que, en esta situaci\u00f3n, el panfleto puede considerarse una acci\u00f3n violenta, en lugar de una acci\u00f3n de resistencia. Por otro lado, La publicaci\u00f3n carece de autor, pero se encuentra en la secci\u00f3n de opini\u00f3n, lo que indica que podr\u00eda tratarse de una publicaci\u00f3n propia de la Editorial de El Colombiano.<\/p>\n<p>Fecha de diligenciamiento: 10\/02\/2019<\/p>\n<h1 style=\"text-align: center;\">***<\/h1>\n<p><strong>N\u00famero de ficha<\/strong>: E83&nbsp;&nbsp;&nbsp;&nbsp;&nbsp;&nbsp;&nbsp;&nbsp;&nbsp;&nbsp;&nbsp;&nbsp;&nbsp;&nbsp;&nbsp;&nbsp;&nbsp;&nbsp;&nbsp;&nbsp;&nbsp;&nbsp;&nbsp;&nbsp;&nbsp;&nbsp;&nbsp;&nbsp;&nbsp;&nbsp;&nbsp;&nbsp;&nbsp;&nbsp;&nbsp;&nbsp;&nbsp;&nbsp;&nbsp;&nbsp;&nbsp;&nbsp;&nbsp;&nbsp;&nbsp;<\/p>\n<p><strong>Diligenciada por: <\/strong>Mariana Villegas Jim\u00e9nez<\/p>\n<p>INFORMACI\u00d3N BIBLIOGR\u00c1FICA<\/p>\n<p>Peri\u00f3dico: El Colombiano<\/p>\n<p>Lugar de edici\u00f3n: Medell\u00edn<\/p>\n<p>Autor personal: Loaiza Bran, Jos\u00e9 F.<\/p>\n<p>Autor corporativo:<\/p>\n<p>Fecha: 2013, febrero, 21<\/p>\n<p>P\u00e1gina: 10<\/p>\n<p>Secci\u00f3n: Metro<\/p>\n<p><strong>Titular: <\/strong>Disturbios no pararon la U. de A.<\/p>\n<p><strong>Resumen:<\/strong> El vicerrector John Jairo Arboleda afirm\u00f3 que no fueron interrumpidas las actividades acad\u00e9micas en el campus despu\u00e9s de que, el 20 de febrero, un grupo de encapuchados ocasionara \u201cdisturbios\u201d en las instalaciones. El ESMAD hizo presencia en la porter\u00eda de Barranquilla y fueron evacuados por prevenci\u00f3n \u00fanicamente los bloques cercanos a \u00e9sta.<\/p>\n<p><strong>Im\u00e1genes: <\/strong><\/p>\n<p>INFORMACI\u00d3N ANAL\u00cdTICA<\/p>\n<p>Contexto de la noticia: En el mes de enero, algunos l\u00edderes estudiantiles del ITM fueron amenazados presuntamente por grupos ilegales y, algunos de ellos, hac\u00edan parte tambi\u00e9n de la Mesa Amplia Nacional Estudiantil. En el contexto local, se vienen presentando asesinatos y paros de buses por extorsiones en la comuna 13. En el contexto nacional, se est\u00e1n llevando a cabo los di\u00e1logos de paz entre el gobierno y el grupo armado FARC-EP en La Habana, Cuba; sin embargo, los ataques b\u00e9licos contin\u00faan, dejando militares y guerrilleros muertos, como a inicios de febrero, donde las fuerzas militares asesinan a Jacobo Arango, comandante del quinto frente de las FARC. Por otro lado, trabajadores del Cerrej\u00f3n se encuentran en paro y el 25 de febrero inicia el paro cafetero en varios departamentos.<\/p>\n<p>Palabras clave: Acciones contestatarias, Tropel, Respuestas institucionales, Evacuaci\u00f3n, Grupos clandestinos, ESMAD, Vicerrector\u00eda, Arboleda, John Jairo.<\/p>\n<p>Sugerencia de palabras claves:<\/p>\n<p>Observaciones: Los trabajadores de la Universidad Nacional sedes Bogot\u00e1 y Palmira se encuentran en paro.<\/p>\n<p>Fecha de diligenciamiento: 15\/02\/2019<\/p>\n<h1 style=\"text-align: center;\">***<\/h1>\n<p><strong>N\u00famero de ficha<\/strong>: E84&nbsp;&nbsp;&nbsp;&nbsp;&nbsp;&nbsp;&nbsp;&nbsp;&nbsp;&nbsp;&nbsp;&nbsp;&nbsp;&nbsp;&nbsp;&nbsp;&nbsp;&nbsp;&nbsp;&nbsp;&nbsp;&nbsp;&nbsp;&nbsp;&nbsp;&nbsp;&nbsp;&nbsp;&nbsp;&nbsp;&nbsp;&nbsp;&nbsp;&nbsp;&nbsp;&nbsp;&nbsp;&nbsp;&nbsp;&nbsp;&nbsp;&nbsp;&nbsp;&nbsp;&nbsp;<\/p>\n<p><strong>Diligenciada por: <\/strong>Mariana Villegas Jim\u00e9nez<\/p>\n<p>INFORMACI\u00d3N BIBLIOGR\u00c1FICA<\/p>\n<p>Peri\u00f3dico: El Colombiano<\/p>\n<p>Lugar de edici\u00f3n: Medell\u00edn<\/p>\n<p>Autor personal:<\/p>\n<p>Autor corporativo:<\/p>\n<p>Fecha: 2013, marzo, 07<\/p>\n<p>P\u00e1gina: 11<\/p>\n<p>Secci\u00f3n: Metro<\/p>\n<p><strong>Titular: <\/strong>Asegurados un estudiante y un ex alumno de U. de A.<\/p>\n<p><strong>Resumen:<\/strong> \u201cLa Polic\u00eda captur\u00f3 a un estudiante de Ciencias Pol\u00edticas y a un exalumno de Educaci\u00f3n por presunta responsabilidad en hechos en la U. de A. el 26 de agosto. Con otros estudiantes incendiaron el acceso a la oficina de la empresa de seguridad privada y arrojaron una papa explosiva. Tienen medida de aseguramiento. Ayer hubo m\u00e1s disturbios\u201d.<\/p>\n<p><strong>Im\u00e1genes: <\/strong><\/p>\n<p>INFORMACI\u00d3N ANAL\u00cdTICA<\/p>\n<p>Contexto de la noticia: Contin\u00faa el paro de los trabajadores de la Universidad Nacional sedes Bogot\u00e1 y Palmira; y, contin\u00faa el paro de cafeteros, camioneros y cacaoteros, pero hay di\u00e1logos al respecto con el Gobierno. En los di\u00e1logos de La Habana se est\u00e1 hablando de participaci\u00f3n pol\u00edtica; mientras tanto, las FARC est\u00e1n perpetrando ataques en Ituango, Antioquia. Entre otras noticias, el 5 de marzo muere Hugo Ch\u00e1vez Fr\u00edas.<\/p>\n<p>Palabras clave: Acciones contestatarias, Tropel, Respuestas institucionales, Detenciones, Procesos judiciales, Estudiantes, Polic\u00eda.<\/p>\n<p>Sugerencia de palabras claves:<\/p>\n<p>Observaciones: La cita que aparece en el resumen conforma el total de la noticia, por lo que se desconoce el detalle de los hechos y las personas involucradas; adem\u00e1s, en los diarios de los d\u00edas posteriores al 26 de agosto no aparece ninguna noticia que d\u00e9 cuenta de lo sucedido.<\/p>\n<p>Fecha de diligenciamiento: 15\/02\/2019<\/p>\n<h1 style=\"text-align: center;\">***<\/h1>\n<p><strong>N\u00famero de ficha<\/strong>: E85&nbsp;&nbsp;&nbsp;&nbsp;&nbsp;&nbsp;&nbsp;&nbsp;&nbsp;&nbsp;&nbsp;&nbsp;&nbsp;&nbsp;&nbsp;&nbsp;&nbsp;&nbsp;&nbsp;&nbsp;&nbsp;&nbsp;&nbsp;&nbsp;&nbsp;&nbsp;&nbsp;&nbsp;&nbsp;&nbsp;&nbsp;&nbsp;&nbsp;&nbsp;&nbsp;&nbsp;&nbsp;&nbsp;&nbsp;&nbsp;&nbsp;&nbsp;&nbsp;&nbsp;&nbsp;<\/p>\n<p><strong>Diligenciada por: <\/strong>Mariana Villegas Jim\u00e9nez<\/p>\n<p>INFORMACI\u00d3N BIBLIOGR\u00c1FICA<\/p>\n<p>Peri\u00f3dico: El Colombiano<\/p>\n<p>Lugar de edici\u00f3n: Medell\u00edn<\/p>\n<p>Autor personal: Torres, Cristina Andrea<\/p>\n<p>Autor corporativo:<\/p>\n<p>Fecha: 2013, marzo, 12<\/p>\n<p>P\u00e1gina: 13<\/p>\n<p>Secci\u00f3n: Metro<\/p>\n<p><strong>Titular: <\/strong>La U. de A. pide rectificaci\u00f3n por serie \u2018Tres ca\u00ednes\u2019<\/p>\n<p><strong>Resumen:<\/strong> En la serie llamada Tres ca\u00ednes, emitida por RCN, \u201cnarran la vida de los hermanos Carlos, Fidel y Vicente Casta\u00f1o Gil y sus nexos con el paramilitarismo\u201d; y, en el cap\u00edtulo 6, se muestra c\u00f3mo los lugartenientes persiguen a la hermana de los Casta\u00f1o y se dan cuenta de que su novio es guerrillero. Luquegi Gil Neira, secretario general de la U. de A., afirm\u00f3 que \u201ca pesar de que, en este cap\u00edtulo, que dura una hora, se muestran 15 segundos de la Universidad, nos preocupa la constante referencia a una universidad p\u00fablica de Antioquia, en la que transmiten una idea y da la sensaci\u00f3n que los alumnos que estudian disciplinas como sociolog\u00eda o antropolog\u00eda, tienen ciertas ideas, son vinculados inmediatamente con la insurgencia\u201d. Al d\u00eda siguiente de la emisi\u00f3n del cap\u00edtulo (marzo 6), el Consejo de la Universidad se reuni\u00f3 para hablar al respecto y el 8 de marzo, el rector Alberto Uribe Correa, \u201cemiti\u00f3 un comunicado dirigido al presidente del canal RCN, Gabriel Reyes, pidi\u00e9ndole una rectificaci\u00f3n. Las directivas del Departamento de Sociolog\u00eda tambi\u00e9n manifestaron su inconformidad por los hechos y el secretario general afirm\u00f3: \u201cLo que pedimos aqu\u00ed, adem\u00e1s de la rectificaci\u00f3n, es que no usen m\u00e1s el nombre y las im\u00e1genes de la Universidad de Antioquia y hacer las claridades sobre el caso\u201d.<\/p>\n<p><strong>Im\u00e1genes: <\/strong><\/p>\n<p>INFORMACI\u00d3N ANAL\u00cdTICA<\/p>\n<p>Contexto de la noticia: El 12 de marzo se levanta el paro de los trabajadores de Cerrej\u00f3n y el paro de los trabajadores de la Universidad Nacional se extiende hasta el 19 de marzo. Por otro lado, los di\u00e1logos entre el gobierno y el grupo armado FARC-Ep se reanudan en La Habana; y, tras la muerte de Hugo Ch\u00e1vez, Nicol\u00e1s Maduro asume el poder.<\/p>\n<p>Palabras clave: Acciones de resistencia, Comunicados, misivas, declaraciones, \u2018Tres ca\u00ednes\u2019, Estudiantes, Profesores, Rector\u00eda, Uribe Correa, Alberto, Consejo Superior Universitario, Gil Neira, Luquegi.<\/p>\n<p>Sugerencia de palabras claves:<\/p>\n<p>Observaciones: En la noticia no se aclara a qu\u00e9 \u201cConsejo\u201d de la Universidad se refieren, pero se asume que es el Consejo Superior Universitario, por ser el m\u00e1ximo estamento.<\/p>\n<p>Fecha de diligenciamiento: 15\/02\/2019<\/p>\n<h1 style=\"text-align: center;\">***<\/h1>\n<p><strong>N\u00famero de ficha<\/strong>: E86&nbsp;&nbsp;&nbsp;&nbsp;&nbsp;&nbsp;&nbsp;&nbsp;&nbsp;&nbsp;&nbsp;&nbsp;&nbsp;&nbsp;&nbsp;&nbsp;&nbsp;&nbsp;&nbsp;&nbsp;&nbsp;&nbsp;&nbsp;&nbsp;&nbsp;&nbsp;&nbsp;&nbsp;&nbsp;&nbsp;&nbsp;&nbsp;&nbsp;&nbsp;&nbsp;&nbsp;&nbsp;&nbsp;&nbsp;&nbsp;&nbsp;&nbsp;&nbsp;&nbsp;&nbsp;<\/p>\n<p><strong>Diligenciada por: <\/strong>Mariana Villegas Jim\u00e9nez<\/p>\n<p>INFORMACI\u00d3N BIBLIOGR\u00c1FICA<\/p>\n<p>Peri\u00f3dico: El Colombiano<\/p>\n<p>Lugar de edici\u00f3n: Medell\u00edn<\/p>\n<p>Autor personal: G\u00f3mez, Carlos Mario<\/p>\n<p>Autor corporativo:<\/p>\n<p>Fecha: 2013, abril, 13<\/p>\n<p>P\u00e1gina: 18<\/p>\n<p>Secci\u00f3n: Metro<\/p>\n<p><strong>Titular: <\/strong>Campesinos del Norte siguen en la U. de A.<\/p>\n<p><strong>Resumen:<\/strong> \u201cCerca de 500 habitantes de los municipios del norte, de la zona de influencia de Hidroituango, segu\u00edan concentrados ayer dentro del coliseo de la Universidad de Antioquia\u201d. Seg\u00fan estas personas, la fuerza p\u00fablica los ha retenido para indagar sobre supuestos nexos de ellos con grupos ilegales, raz\u00f3n por la cual se han visto obligados a abandonar sus tierras; adem\u00e1s, se sientes perseguidos por la fuerza p\u00fablica, al ser notificados por supuesta invasi\u00f3n de predios, asegurando que las tierras son suyas y que EPM no les ha pagado por ellas. \u201cEl gobernador, <em>Sergio Fajardo<\/em> y el alcalde de Medell\u00edn, <em>An\u00edbal Gaviria<\/em>, solicitaron la intervenci\u00f3n de la Defensor\u00eda del Pueblo para que ayude a resolver el caso de los mineros y de quienes pretenden asumir esa condici\u00f3n para obtener alguna compensaci\u00f3n en el proyecto\u201d.<\/p>\n<p><strong>Im\u00e1genes: <\/strong><\/p>\n<p>INFORMACI\u00d3N ANAL\u00cdTICA<\/p>\n<p>Contexto de la noticia: El 9 de abril se realiz\u00f3 una marcha a favor del Proceso de Paz; y, el gobierno empieza a considerar di\u00e1logos con el grupo armado ELN. En la ciudad contin\u00faan los asesinatos en la comuna 13 y, a pesar de la presencia policial, el miedo de la poblaci\u00f3n no desaparece; adem\u00e1s, el conflicto urbano est\u00e1 afectando colegios en la ciudad.<\/p>\n<p>Palabras clave: Acciones contestatarias, Toma pac\u00edfica de lugares, Acciones violentas, Desplazamiento forzado intraurbano, Hidroituango, EPM, Gobernador Fajardo, Sergio (2012-2015), Alcalde, Gaviria, An\u00edbal (2012-2015).<\/p>\n<p>Sugerencia de palabras claves:<\/p>\n<p>Observaciones: La noticia no detalla desde cu\u00e1ndo se encuentra esta poblaci\u00f3n asentada en las instalaciones de la Universidad, pero, seg\u00fan una noticia publicada el 24 de octubre de 2013, donde se afirma que se pondr\u00eda fin al asentamiento, se menciona que los campesinos se encontraban all\u00ed desde el 20 de marzo.<\/p>\n<p>Fecha de diligenciamiento: 15\/02\/2019<\/p>\n<h1 style=\"text-align: center;\">***<\/h1>\n<p><strong>N\u00famero de ficha<\/strong>: E87&nbsp;&nbsp;&nbsp;&nbsp;&nbsp;&nbsp;&nbsp;&nbsp;&nbsp;&nbsp;&nbsp;&nbsp;&nbsp;&nbsp;&nbsp;&nbsp;&nbsp;&nbsp;&nbsp;&nbsp;&nbsp;&nbsp;&nbsp;&nbsp;&nbsp;&nbsp;&nbsp;&nbsp;&nbsp;&nbsp;&nbsp;&nbsp;&nbsp;&nbsp;&nbsp;&nbsp;&nbsp;&nbsp;&nbsp;&nbsp;&nbsp;&nbsp;&nbsp;&nbsp;&nbsp;<\/p>\n<p><strong>Diligenciada por: <\/strong>Mariana Villegas Jim\u00e9nez<\/p>\n<p>INFORMACI\u00d3N BIBLIOGR\u00c1FICA<\/p>\n<p>Peri\u00f3dico: El Colombiano<\/p>\n<p>Lugar de edici\u00f3n: Medell\u00edn<\/p>\n<p>Autor personal: Rivera Mar\u00edn, Daniel<\/p>\n<p>Autor corporativo:<\/p>\n<p>Fecha: 2013, junio, 15<\/p>\n<p>P\u00e1gina: 14<\/p>\n<p>Secci\u00f3n: Metro<\/p>\n<p><strong>Titular: <\/strong>Movimiento Bolivariano de FARC, \u00bfactivo en U. de A.?<\/p>\n<p><strong>Resumen:<\/strong> El 13 de junio un grupo de encapuchados con insignias de las FARC-EP hicieron presencia en la Universidad de Antioquia, donde un integrante de la mesa de Derechos Humanos cont\u00f3 37 de ellos y \u201cle pareci\u00f3 ver que algunos ocultaban armas\u201d. Seg\u00fan la noticia, el Movimiento Bolivariano por la Nueva Colombia entreg\u00f3 un comunicado \u201cen el que se hablaba de proceso de paz, de la visita de Henrique Capriles al presidente de la Rep\u00fablica <em>Juan Manuel Santos<\/em>, y del comentario del mandatario de querer pertenecer a la OTAN\u201d. El gobernador Sergio Fajardo afirm\u00f3 que \u201cen esta oportunidad entraron armados (\u2026) entraron con m\u00e9dicos y enfermeras, hicieron una toma militar por el grupo de las Farc, un buen n\u00famero de ellos de fuera de la universidad\u201d; y, seg\u00fan el secretario de Gobierno de Antioquia, Santiago Londo\u00f1o, la presencia de las FARC en la Universidad no es \u201calgo nuevo\u201d, ya que \u201ceste a\u00f1o se han dado doce \u00f3rdenes de captura \u2013seis ya efectuadas\u2013 a miembros de la comunidad universitaria por colaborar con la guerrilla, adem\u00e1s de otras por microtr\u00e1fico\u201d. Por su parte, el Secretario General de la Universidad Luquengi Gil Neira, confirm\u00f3 el robo de tres c\u00e1maras de seguridad, rechaz\u00f3 los hechos y afirm\u00f3 que \u201cLa universidad est\u00e1 abierta al debate e indefensa ante las armas\u201d. Seg\u00fan la noticia, este Movimiento tiene un grupo en la red social Facebook, donde aparece un retrato dibujado de \u201cAlfonso Cano\u201d y un video publicado en diciembre de 2012 donde se le rinde homenaje y donde \u00e9ste habla de c\u00f3mo debe funcionar el Movimiento en su cotidianidad (mientras se muestran im\u00e1genes de encapuchados tirando papas bomba y haciendo grafitis en el campus universitario). Por \u00faltimo, John Marulanda, analista militar, afirma que el Movimiento Bolivariano fue fundado por \u201cAlfonso Cano\u201d y que busca hacer \u201cpropaganda subversiva y reclutar incautos, como lo ha hecho el frente Antonio Nari\u00f1o de las Farc en las universidades de Bogot\u00e1\u201d.<\/p>\n<p><strong>Im\u00e1genes: <\/strong>IMG E87. En la fotograf\u00eda se muestra un grupo de personas encapuchadas mostrando una pancarta con una foto del comandante de las FARC-EP Manuel Marulanda V\u00e9lez y que reza lo siguiente: \u201c26 de marzo: d\u00eda mundial del derecho universal de los pueblos a la rebeli\u00f3n armada. FARC-EP\u201d y se alcanza a ver que, justo al lado, otros est\u00e1n cargando una bandera de Colombia. Seg\u00fan el pie de foto, \u201cEn la \u201ctoma militar\u201d, los encapuchados hablaron del proceso de paz\u201d. Foto: Cortes\u00eda.<\/p>\n<p>INFORMACI\u00d3N ANAL\u00cdTICA<\/p>\n<p>Contexto de la noticia: Los di\u00e1logos de paz entre el Gobierno Nacional y el grupo armado FARC-EP siguen avanzando, el 27 de mayo cerraron el primer punto del acuerdo y se dirigen al punto 2 que consiste en la participaci\u00f3n pol\u00edtica, mientras el grupo armado propone una Asamblea Nacional Constituyente e insiste en la consolidaci\u00f3n de un cese al fuego bilateral, pero el gobierno se niega; entre otras cosas, el 25 de junio Colombia firma un convenio con la OTAN para fortalecer la cooperaci\u00f3n de fuerzas Armadas en la seguridad ciudadana y acci\u00f3n humanitaria. Por otro lado, hay tensiones en las relaciones con Venezuela por la visita del opositor del gobierno venezolano, Henrique Capriles, a la Casa de Nari\u00f1o; situaci\u00f3n frente a la cual el grupo armado FARC-EP manifest\u00f3 rechazo; sin embargo, Nicol\u00e1s Maduro pidi\u00f3 al Consejo de Estado revisar relaciones con Colombia para restablecerlas y se considera una pronta reuni\u00f3n entre ambos presidentes. En cuanto a la ciudad de Medell\u00edn, aumenta la violencia y el desplazamiento intraurbano en zonas como el corregimiento de San Crist\u00f3bal, Bel\u00e9n y la comuna 13; adem\u00e1s, en el mes de mayo se llev\u00f3 a cabo una marcha blanca por las v\u00edctimas del conflicto en la ciudad.<\/p>\n<p>Palabras clave: Acciones de resistencia, Panfletos, Acciones de propaganda, Comunicados, misivas, declaraciones, Acciones contestatarias, Tropel, Acciones violentas, Paradas militares, Robos, FARC-EP, Movimiento Bolivariano por la Nueva Colombia, Gobernador Fajardo, Sergio (2012-2015), Londo\u00f1o, Santiago, Gil Neira, Luquengi, Marulanda, John.<\/p>\n<p>Sugerencia de palabras claves:<\/p>\n<p>Observaciones: En la noticia se habla de \u201cdisturbios\u201d y \u201cprotestas\u201d pero no se aporta ning\u00fan tipo de detalle acerca de los hechos. Por otro lado, seg\u00fan un fragmento publicado por la Editorial de El Colombiano en la secci\u00f3n de Opini\u00f3n, el mismo 15 de junio, \u201cdej\u00f3 inquieta a la audiencia de twitter, y de otros medios informativos, la fotograf\u00eda de una \u201cparada proselitista\u201d de supuestos integrantes de las Farc en el interior de la Universidad de Antioquia\u201d, agregando que esperan que las autoridades act\u00faen al respecto, teniendo en cuenta que estos hechos no se presentaban hace m\u00e1s de cinco a\u00f1os en las instalaciones.<\/p>\n<p>Fecha de diligenciamiento: 15\/02\/2019<\/p>\n<h1 style=\"text-align: center;\">***<\/h1>\n<p><strong>N\u00famero de ficha<\/strong>: E88&nbsp;&nbsp;&nbsp;&nbsp;&nbsp;&nbsp;&nbsp;&nbsp;&nbsp;&nbsp;&nbsp;&nbsp;&nbsp;&nbsp;&nbsp;&nbsp;&nbsp;&nbsp;&nbsp;&nbsp;&nbsp;&nbsp;&nbsp;&nbsp;&nbsp;&nbsp;&nbsp;&nbsp;&nbsp;&nbsp;&nbsp;&nbsp;&nbsp;&nbsp;&nbsp;&nbsp;&nbsp;&nbsp;&nbsp;&nbsp;&nbsp;&nbsp;&nbsp;&nbsp;&nbsp;<\/p>\n<p><strong>Diligenciada por: <\/strong>Mariana Villegas Jim\u00e9nez<\/p>\n<p>INFORMACI\u00d3N BIBLIOGR\u00c1FICA<\/p>\n<p>Peri\u00f3dico: El Colombiano<\/p>\n<p>Lugar de edici\u00f3n: Medell\u00edn<\/p>\n<p>Autor personal: Mart\u00ednez Arango, Rodrigo<\/p>\n<p>Autor corporativo:<\/p>\n<p>Fecha: 2013, junio, 18<\/p>\n<p>P\u00e1gina: 12<\/p>\n<p>Secci\u00f3n: Metro<\/p>\n<p><strong>Titular: <\/strong>Biolog\u00eda U. de A. denuncia atropellos<\/p>\n<p><strong>Resumen:<\/strong> El 17 de junio, profesores del Instituto de Biolog\u00eda de la Universidad de Antioquia realizaron una marcha dentro del campus universitario, protestando con fotos y pancartas por los da\u00f1os causados a la oficina que se tomaron los encapuchados que realizaron la parada militar en la Universidad el pasado 13 de junio. Adem\u00e1s, se declararon en paro indefinido desde el viernes 14 para rechazar los hechos, pero aseguran que permanecer\u00e1n en la Universidad para generar espacios de di\u00e1logo y debate y les solicitaron a las directivas de la Universidad condiciones laborales dignas. Los docentes manifestaron que los encapuchados se tomaron la oficina para fabricar explosivos, despu\u00e9s de haber forzado las cerraduras y amenazado a los presentes. Rechazando los hechos a trav\u00e9s de un comunicado, los docentes afirmaron que \u201cresulta contradictorio que un grupo de encapuchados, supuestamente conformado por miembros de la U. de A. ataque a integrantes pac\u00edficos de la misma, cuyo \u00fanico desempe\u00f1o es el de la formaci\u00f3n y educaci\u00f3n de los alumnos del Alma M\u00e1ter, y, al mismo tiempo convierta a docentes y sus espacios acad\u00e9micos en parte de un conflicto que no entendemos su objetivo ni su actuar\u201d. Para el 18 de junio, los docentes convocaron a estudiantes para analizar lo sucedido y ver qu\u00e9 pasar\u00e1 con el semestre. Por su parte, el vicerrector John Jairo Arboleda rechaz\u00f3 los hechos e hizo un llamado al respeto y \u201crechaz\u00f3 que la U. de A. sea utilizada como escenario de batallas y de \u201cparadas militares\u201d que pone en riesgo la honra y los bienes de toda la comunidad universitaria\u201d.<\/p>\n<p><strong>Im\u00e1genes: <\/strong><\/p>\n<p>INFORMACI\u00d3N ANAL\u00cdTICA<\/p>\n<p>Contexto de la noticia: Estos hechos son desencadenados por la parada militar de las FARC-EP realizada el 13 de junio al interior del campus universitario. En el contexto local, la violencia de la comuna 13 contin\u00faa y aumenta el pie de fuerza en el Valle de Aburr\u00e1. En el contexto nacional, los di\u00e1logos de paz entre el Gobierno Nacional y el grupo armado FARC-EP siguen avanzando, el 27 de mayo cerraron el primer punto del acuerdo y se dirigen al punto 2 que consiste en la participaci\u00f3n pol\u00edtica, mientras el grupo armado propone una Asamblea Nacional Constituyente e insiste en la consolidaci\u00f3n de un cese al fuego bilateral, pero el gobierno se niega. El 25 de junio Colombia firma un convenio con la OTAN para fortalecer la cooperaci\u00f3n de fuerzas Armadas en la seguridad ciudadana y acci\u00f3n humanitaria.<\/p>\n<p>Palabras clave: Acciones de resistencia, Actos simb\u00f3licos, Paro, Acciones pedag\u00f3gicas, Comunicados, misivas, declaraciones, Declaratoria de neutralidad o de territorio de paz, Acciones violentas, Amenaza, Profesores, FARC-EP, Vicerrector Arboleda, John Jairo.<\/p>\n<p>Sugerencia de palabras claves:<\/p>\n<p>Observaciones:<\/p>\n<p>Fecha de diligenciamiento: 15\/02\/2019<\/p>\n<h1 style=\"text-align: center;\">***<\/h1>\n<p><strong>N\u00famero de ficha<\/strong>: E89&nbsp;&nbsp;&nbsp;&nbsp;&nbsp;&nbsp;&nbsp;&nbsp;&nbsp;&nbsp;&nbsp;&nbsp;&nbsp;&nbsp;&nbsp;&nbsp;&nbsp;&nbsp;&nbsp;&nbsp;&nbsp;&nbsp;&nbsp;&nbsp;&nbsp;&nbsp;&nbsp;&nbsp;&nbsp;&nbsp;&nbsp;&nbsp;&nbsp;&nbsp;&nbsp;&nbsp;&nbsp;&nbsp;&nbsp;&nbsp;&nbsp;&nbsp;&nbsp;&nbsp;&nbsp;<\/p>\n<p><strong>Diligenciada por: <\/strong>Mariana Villegas Jim\u00e9nez<\/p>\n<p>INFORMACI\u00d3N BIBLIOGR\u00c1FICA<\/p>\n<p>Peri\u00f3dico: El Colombiano<\/p>\n<p>Lugar de edici\u00f3n: Medell\u00edn<\/p>\n<p>Autor personal: Rivera Mar\u00edn, Daniel<\/p>\n<p>Autor corporativo:<\/p>\n<p>Fecha: 2013, junio, 22<\/p>\n<p>P\u00e1gina: 14<\/p>\n<p>Secci\u00f3n: Metro<\/p>\n<p><strong>Titular: <\/strong>Fajardo respald\u00f3 carta de la U. de A.<\/p>\n<p><strong>Resumen:<\/strong> \u201cEl gobernador de Antioquia, <em>Sergio Fajardo<\/em>, respald\u00f3 al rector de la Universidad de Antioquia, <em>Alberto Uribe Correa<\/em>, en la carta que le envi\u00f3 a las Farc y en la que aplaudi\u00f3 el proceso de paz, pero en la que tambi\u00e9n le pide claridad a la guerrilla sobre la toma que hicieron unos encapuchados al Alma Mater la semana pasada\u201d. Con fecha del 20 de junio, la carta del rector busca rechazar los hechos y \u00e9ste afirma que \u201cNo puede pasar inadvertido para la Mesa de Negociaciones el abuso que los violentos encapuchados hacen sistem\u00e1ticamente de la universidad p\u00fablica colombiana arrog\u00e1ndose advenedizas reivindicaciones\u201d. Explicando la parada militar realizada el 13 de junio \u2013situaci\u00f3n que ya se conoce por las noticias fichadas anteriormente\u2013, en la noticia se afirma que los encapuchados protestaban tambi\u00e9n por las medidas de seguridad que se han implementado en la Universidad, adem\u00e1s de manifestar el apoyo a los di\u00e1logos de paz. Hasta el momento, el grupo armado FARC-EP no se ha manifestado oficialmente al respecto.<\/p>\n<p><strong>Im\u00e1genes: <\/strong><\/p>\n<p>INFORMACI\u00d3N ANAL\u00cdTICA<\/p>\n<p>Contexto de la noticia: Estos hechos son desencadenados por la parada militar de las FARC-EP realizada el 13 de junio al interior del campus universitario. En el contexto nacional, los di\u00e1logos de paz entre el Gobierno Nacional y el grupo armado FARC-EP siguen avanzando, el 27 de mayo cerraron el primer punto del acuerdo y se dirigen al punto 2 que consiste en la participaci\u00f3n pol\u00edtica, mientras el grupo armado propone una Asamblea Nacional Constituyente e insiste en la consolidaci\u00f3n de un cese al fuego bilateral, pero el gobierno se niega. El 25 de junio Colombia firma un convenio con la OTAN para fortalecer la cooperaci\u00f3n de fuerzas Armadas en la seguridad ciudadana y acci\u00f3n humanitaria. Por otro lado, se vienen presentando protestas de los cultivadores de coca en el Catatumbo, pidiendo apoyo econ\u00f3mico al gobierno en el proceso de restituci\u00f3n de cultivos.<\/p>\n<p>Palabras clave: Acciones de resistencia, Comunicados, misivas, declaraciones, Declaratoria de neutralidad o de territorio de paz, Gobernador, Fajardo, Sergio (2012-2015), Rector\u00eda, Uribe Correa, Alberto.<\/p>\n<p>Sugerencia de palabras claves:<\/p>\n<p>Observaciones: En una columna de opini\u00f3n publicada por la Editorial de El Colombiano, el d\u00eda 24 de junio (p\u00e1gina 21), se manifiesta tambi\u00e9n un rechazo por lo sucedido y se respalda al rector Alberto Uribe en la carta escrita al grupo armado. En la columna se cita el siguiente apartado de la carta mencionada: \u201c(\u2026) la comunidad universitaria se ha pronunciado en forma contundente, radical y categ\u00f3rica en contra de la violencia, rechazando el ejercicio de poder mediante el uso y abuso de la fuerza, de las armas, de las acciones de hecho, de conductas delictivas y dolosas\u201d. Un poco a modo de contraste, en esta misma p\u00e1gina del mismo peri\u00f3dico, se publica otro fragmento titulado \u201cla violencia no se justifica, pero la capucha es una forma de protesta\u201d, escrito por la comisi\u00f3n de D.H de la Mesa Amplia Regional Estudiantil de Antioquia, donde, como su t\u00edtulo lo indica, no apoyan las medidas de hecho, pero exponen que el uso de capuchas consiste en un mecanismo de defensa usado frente a otras violencias, \u201ces s\u00edntoma y consecuencia de falta de di\u00e1logo y debate al interior de la universidad\u201d, dando cuenta de las medidas \u201crepresivas\u201d y sin consenso que se han tomado recientemente y anotando tambi\u00e9n que muchos recurren al uso de capuchas para protegerse en un contexto donde se amenaza y se criminaliza a los l\u00edderes estudiantiles y a quien piensa diferente.<\/p>\n<p>Fecha de diligenciamiento: 17\/02\/2019<\/p>\n<h1 style=\"text-align: center;\">***<\/h1>\n<p><strong>N\u00famero de ficha<\/strong>: E90&nbsp;&nbsp;&nbsp;&nbsp;&nbsp;&nbsp;&nbsp;&nbsp;&nbsp;&nbsp;&nbsp;&nbsp;&nbsp;&nbsp;&nbsp;&nbsp;&nbsp;&nbsp;&nbsp;&nbsp;&nbsp;&nbsp;&nbsp;&nbsp;&nbsp;&nbsp;&nbsp;&nbsp;&nbsp;&nbsp;&nbsp;&nbsp;&nbsp;&nbsp;&nbsp;&nbsp;&nbsp;&nbsp;&nbsp;&nbsp;&nbsp;&nbsp;&nbsp;&nbsp;&nbsp;<\/p>\n<p><strong>Diligenciada por: <\/strong>Mariana Villegas Jim\u00e9nez<\/p>\n<p>INFORMACI\u00d3N BIBLIOGR\u00c1FICA<\/p>\n<p>Peri\u00f3dico: El Colombiano<\/p>\n<p>Lugar de edici\u00f3n: Medell\u00edn<\/p>\n<p>Autor personal: Loaiza Bran, Jos\u00e9 F.<\/p>\n<p>Autor corporativo:<\/p>\n<p>Fecha: 2013, agosto, 15<\/p>\n<p>P\u00e1gina: 13<\/p>\n<p>Secci\u00f3n: Metro<\/p>\n<p><strong>Titular: <\/strong>Van cinco meses de ocupaci\u00f3n campesina en la U. de A.<\/p>\n<p><strong>Resumen:<\/strong> 300 campesinos de la zona de influencia de Hidroituango se encuentran asentados en el coliseo de la Universidad de Antioquia hace cinco meses. Mientras las Alcald\u00edas de San Andr\u00e9s de Cuerquia, Toledo e Ituango resaltan la pavimentaci\u00f3n de la v\u00eda por parte del Proyecto, los campesinos afirman que esta obra \u00fanicamente beneficia a la Hidroel\u00e9ctrica y no a las personas de la zona. Los campesinos \u201cpiden garant\u00edas econ\u00f3micas, laborales y de seguridad por amenazas. Reclaman compensaci\u00f3n por tener que dejar el barequeo como sustento, a\u00fan para los que no tienen t\u00edtulos, pero han ejercido esta actividad por d\u00e9cadas\u201d. Seg\u00fan la Gobernaci\u00f3n, hasta 2015 se invertir\u00e1n 450.000 millones de pesos en la zona de influencia de Hidroituango y, seg\u00fan EPM, ser\u00e1n indemnizadas alrededor de 3.000 personas. El rector de la Universidad de Antioquia, Alberto Uribe Correa, les pide a los campesinos \u201cque sean generosos en ver la dificultad que causan a una instituci\u00f3n que los ha albergado este tiempo y evac\u00faen lo m\u00e1s r\u00e1pido posible\u201d; mientras tanto, estos esperan dialogar con EPM, la Gobernaci\u00f3n y la Defensor\u00eda del Pueblo, quieren regresar, pero necesitan garant\u00edas.<\/p>\n<p><strong>Im\u00e1genes: <\/strong>IMG E90. En la fotograf\u00eda se muestra a dos personas acostadas en el piso del coliseo de la Universidad de Antioquia, rodeadas de carpas, ropa y utensilios personales. Una serie de cifras \u2013teniendo como fuente a la Gobernaci\u00f3n de Antioquia\u2013 se sobrepone en la fotograf\u00eda, dando cuenta de la inversi\u00f3n que ha hecho el Proyecto Hidroituango en la zona de influencia. Foto: Jaime P\u00e9rez.<\/p>\n<p>INFORMACI\u00d3N ANAL\u00cdTICA<\/p>\n<p>Contexto de la noticia: En el contexto nacional, contin\u00faan las protestas de los campesinos en el Catatumbo, pero se acord\u00f3 un cese temporal hasta el 19 de agosto; van en aumento los asesinatos de defensores de D.H.; y, contin\u00faan las se\u00f1ales de posibles di\u00e1logos con el ELN. En el contexto local, mineros y transportadores de carga en Barbosa y Copacabana se manifestaron, en el marco del paro nacional indefinido de diferentes sectores. El 29 de agosto se llev\u00f3 a cabo una gran protesta en el Valle de Aburr\u00e1 y en Antioquia, tambi\u00e9n en el marco del paro.<\/p>\n<p>Palabras clave: Acciones contestatarias, Toma pac\u00edfica de lugares, Hidroituango, EPM, Rector\u00eda, Uribe Correa, Alberto.<\/p>\n<p>Sugerencia de palabras claves:<\/p>\n<p>Observaciones: Tras d\u00edas de protesta, la Gobernaci\u00f3n establece di\u00e1logos con asociaciones campesinas de Ituango, quienes exigen mejoras en infraestructura, acceso a la salud y garant\u00edas de Derechos Humanos; y, a EPM, le solicitan contrataciones laborales de las personas del territorio, entre otras cosas.<\/p>\n<p>Fecha de diligenciamiento: 17\/02\/2019<\/p>\n<h1 style=\"text-align: center;\">***<\/h1>\n<p><strong>N\u00famero de ficha<\/strong>: E91&nbsp;&nbsp;&nbsp;&nbsp;&nbsp;&nbsp;&nbsp;&nbsp;&nbsp;&nbsp;&nbsp;&nbsp;&nbsp;&nbsp;&nbsp;&nbsp;&nbsp;&nbsp;&nbsp;&nbsp;&nbsp;&nbsp;&nbsp;&nbsp;&nbsp;&nbsp;&nbsp;&nbsp;&nbsp;&nbsp;&nbsp;&nbsp;&nbsp;&nbsp;&nbsp;&nbsp;&nbsp;&nbsp;&nbsp;&nbsp;&nbsp;&nbsp;&nbsp;&nbsp;&nbsp;<\/p>\n<p><strong>Diligenciada por: <\/strong>Mariana Villegas Jim\u00e9nez<\/p>\n<p>INFORMACI\u00d3N BIBLIOGR\u00c1FICA<\/p>\n<p>Peri\u00f3dico: El Colombiano<\/p>\n<p>Lugar de edici\u00f3n: Medell\u00edn<\/p>\n<p>Autor personal: Duque, Juan Guillermo<\/p>\n<p>Autor corporativo:<\/p>\n<p>Fecha: 2013, septiembre, 06<\/p>\n<p>P\u00e1gina: 12<\/p>\n<p>Secci\u00f3n: Metro<\/p>\n<p><strong>Titular: <\/strong>El Icbf inici\u00f3 protecci\u00f3n a los ni\u00f1os de la toma del coliseo de la U. de A.<\/p>\n<p><strong>Resumen:<\/strong> El 5 de septiembre, Adriana Gonz\u00e1lez, directora del Instituto Colombiano de Bienestar Familiar visit\u00f3 a los campesinos asentados en el coliseo de la Universidad de Antioquia, con quienes acord\u00f3 \u201cacciones para garantizar los derechos de cerca de 50 menores de edad\u201d, atendiendo a una orden del Juzgado Cuarto Civil de Circuito de Medell\u00edn. Entre estas acciones se encuentran \u201ctres talleres semanales sobre la prevenci\u00f3n de violencia por los riesgos que se pueden generar (\u2026)\u201d; y, en cuanto al aspecto nutricional, la directora dijo que \u201cel Instituto no presta asistencia nutricional porque no cuenta con un dep\u00f3sito de alimentos, pero que se analizar\u00e1 por v\u00eda de asistencia humanitaria la protecci\u00f3n integral de los menores\u201d. La funcionaria afirm\u00f3 que el 23 de julio se realiz\u00f3 un censo donde se identificaron 72 menores; adem\u00e1s, asegur\u00f3 que su responsabilidad consiste \u00fanicamente en velar por el bienestar de los ni\u00f1os, pero que el problema estructural lo deben solucionar la Gobernaci\u00f3n y EPM.<\/p>\n<p><strong>Im\u00e1genes: <\/strong><\/p>\n<p>INFORMACI\u00d3N ANAL\u00cdTICA<\/p>\n<p>Contexto de la noticia: El 29 de agosto se present\u00f3 una gran protesta en el Valle de Aburr\u00e1 y en Antioquia en el marco del paro nacional agropecuario y de otros sectores que se sumaron a \u00e9ste. A inicios de septiembre se levantan el paro camionero y el paro minero que ven\u00eda desde el 17 de julio. Mientras tanto, otros campesinos, mineros e ind\u00edgenas del Norte, Nordeste y Bajo Cauca se encuentran asentados en coliseos de Barbosa, pidiendo negociar con el Gobierno para que les otorgue garant\u00edas para estar en el campo: no est\u00e1n de acuerdo con las pol\u00edticas agrarias del Gobierno Nacional y piden mayor inversi\u00f3n social en el campo.<\/p>\n<p>Palabras clave: Acciones contestatarias, Toma pac\u00edfica de lugares, ICBF, Gonz\u00e1lez, Adriana, Hidroituango.<\/p>\n<p>Sugerencia de palabras claves:<\/p>\n<p>Observaciones: El martes 17 de septiembre fue asesinado en Ituango uno de los l\u00edderes de la organizaci\u00f3n R\u00edos Vivos, llamado Nelson Giraldo Posada, mientras su familia se encuentra refugiada en el coliseo de la U. de A. Entre otras noticias, la Universidad de Antioquia rechaza otro asentamiento campesino que se presenta en uno de sus predios desde el 5 de septiembre, ubicado en Arboletes; por lo que el vicerrector John Jairo Arboleda \u201cpidi\u00f3 a las autoridades intervenir\u201d. (septiembre 11, p\u00e1gina 10 (Metro)).<\/p>\n<p>Fecha de diligenciamiento: 17\/02\/2019<\/p>\n<h1 style=\"text-align: center;\">***<\/h1>\n<p><strong>N\u00famero de ficha<\/strong>: E92&nbsp;&nbsp;&nbsp;&nbsp;&nbsp;&nbsp;&nbsp;&nbsp;&nbsp;&nbsp;&nbsp;&nbsp;&nbsp;&nbsp;&nbsp;&nbsp;&nbsp;&nbsp;&nbsp;&nbsp;&nbsp;&nbsp;&nbsp;&nbsp;&nbsp;&nbsp;&nbsp;&nbsp;&nbsp;&nbsp;&nbsp;&nbsp;&nbsp;&nbsp;&nbsp;&nbsp;&nbsp;&nbsp;&nbsp;&nbsp;&nbsp;&nbsp;&nbsp;&nbsp;&nbsp;<\/p>\n<p><strong>Diligenciada por: <\/strong>Mariana Villegas Jim\u00e9nez<\/p>\n<p>INFORMACI\u00d3N BIBLIOGR\u00c1FICA<\/p>\n<p>Peri\u00f3dico: El Colombiano<\/p>\n<p>Lugar de edici\u00f3n: Medell\u00edn<\/p>\n<p>Autor personal: Mart\u00ednez Arango, Rodrigo<\/p>\n<p>Autor corporativo:<\/p>\n<p>Fecha: 2013, septiembre, 18<\/p>\n<p>P\u00e1gina: 11<\/p>\n<p>Secci\u00f3n: Metro<\/p>\n<p><strong>Titular: <\/strong>Alcaldes impiden retorno, dicen ocupantes de coliseo de la U. de A.<\/p>\n<p><strong>Resumen:<\/strong> Cada vez es m\u00e1s problem\u00e1tica la situaci\u00f3n de los 400 campesinos que se encuentran asentados en el coliseo de la Universidad de Antioquia, afectados y desplazados de la zona de influencia del Proyecto Hidroituango. Estudiantes afirman que las personas tienen que recurrir a la caridad de los universitarios para comer y sobrevivir. Seg\u00fan Isabel Cristina Zuleta, l\u00edder de la organizaci\u00f3n R\u00edos Vivos, se lleg\u00f3 a un acuerdo con EPM y la Gobernaci\u00f3n, pero que ahora son los alcaldes quienes representan un problema para el retorno, puesto que aseguran no tener la capacidad de construir albergues para recibirlos, ya que la mayor\u00eda de ellos fueron desplazados y no tienen viviendas a donde retornar. Adem\u00e1s, la l\u00edder denunci\u00f3 que sus derechos civiles y pol\u00edticos, como los de otras personas, han sido vulnerados. Seg\u00fan Oscar Sep\u00falveda, alcalde de San Andr\u00e9s de Cuerquia, no es que se opongan al retorno, sino que no tienen las condiciones para albergar a las personas y agreg\u00f3: \u201cPropongo que retornen a sus viviendas, porque casi todos tienen donde vivir en los pueblos y es falso que los hayan sacado de sus casas, porque los de San Andr\u00e9s no viv\u00edan en las riberas del Cauca que entre otras cosas pertenecen es a Toledo\u201d; por \u00faltimo, denunci\u00f3 que en el movimiento hay \u201coportunistas\u201d que dicen ser mineros, afirmando que aparecieron cuando se iba a construir el proyecto. Por su parte, el vicerrector insiste en resaltar lo problem\u00e1tico que resulta la presencia de los campesinos en el coliseo para las actividades cotidianas de la Universidad.<\/p>\n<p><strong>Im\u00e1genes:<\/strong> IMG E92. En la fotograf\u00eda se muestran las carpas del campamento en el coliseo y las condiciones generales en que se encuentran los campesinos. Foto: Henry Agudelo.<\/p>\n<p>INFORMACI\u00d3N ANAL\u00cdTICA<\/p>\n<p>Contexto de la noticia: En Boyac\u00e1, Cundinamarca, Huila y Nari\u00f1o se levant\u00f3 el paro, pero contin\u00faa en Popay\u00e1n y Caquet\u00e1. A finales de septiembre se consolidan las condiciones para el retorno de los campesinos que se encontraban asentados en los coliseos de Barbosa.<\/p>\n<p>Palabras clave: Acciones contestatarias, Toma pac\u00edfica de lugares, Zuleta, Isabel Cristina, Sep\u00falveda, Oscar, Hidroituango.<\/p>\n<p>Sugerencia de palabras claves:<\/p>\n<p>Observaciones: El martes 17 de septiembre fue asesinado en Ituango uno de los l\u00edderes de la organizaci\u00f3n R\u00edos Vivos, llamado Nelson Giraldo Posada, mientras su familia se encuentra refugiada en el coliseo de la U. de A.<\/p>\n<p>Fecha de diligenciamiento: 17\/02\/2019<\/p>\n<h1 style=\"text-align: center;\">***<\/h1>\n<p><strong>N\u00famero de ficha<\/strong>: E93&nbsp;&nbsp;&nbsp;&nbsp;&nbsp;&nbsp;&nbsp;&nbsp;&nbsp;&nbsp;&nbsp;&nbsp;&nbsp;&nbsp;&nbsp;&nbsp;&nbsp;&nbsp;&nbsp;&nbsp;&nbsp;&nbsp;&nbsp;&nbsp;&nbsp;&nbsp;&nbsp;&nbsp;&nbsp;&nbsp;&nbsp;&nbsp;&nbsp;&nbsp;&nbsp;&nbsp;&nbsp;&nbsp;&nbsp;&nbsp;&nbsp;&nbsp;&nbsp;&nbsp;&nbsp;<\/p>\n<p><strong>Diligenciada por: <\/strong>Mariana Villegas Jim\u00e9nez<\/p>\n<p>INFORMACI\u00d3N BIBLIOGR\u00c1FICA<\/p>\n<p>Peri\u00f3dico: El Colombiano<\/p>\n<p>Lugar de edici\u00f3n: Medell\u00edn<\/p>\n<p>Autor personal: Loaiza Bran, Jos\u00e9 F.<\/p>\n<p>Autor corporativo:<\/p>\n<p>Fecha: 2013, octubre, 5<\/p>\n<p>P\u00e1gina: 17<\/p>\n<p>Secci\u00f3n: Metro<\/p>\n<p><strong>Titular: <\/strong>Superado sabotaje con pegante para impedir clases en la U. de A.<\/p>\n<p><strong>Resumen:<\/strong> El 4 de octubre, con el fin de impedir el ingreso de profesores y estudiantes a algunas aulas de los bloques 12, 13, 14 y 9, las chapas de las puertas fueron selladas con pegamento, dado que quienes intentaron ingresar no estaban respondiendo al llamado a paro. Seg\u00fan la noticia, \u201cDesde el pasado jueves [3 de octubre] parte de los estudiantes de la U. de A. iniciaron un paro hasta que se considere un pliego de peticiones definido en la asamblea del pasado 26 de septiembre\u201d. Entre otras cosas, lo que piden los estudiantes es \u201cextender la exenci\u00f3n de matr\u00edcula a los estudiantes de estrato tres con no menos de 16 cr\u00e9ditos aprobados en el semestre anterior y una situaci\u00f3n acad\u00e9mica normal o sobresaliente\u201d, \u201campliaci\u00f3n de 1000 cupos en el servicio de complemento alimentario que ofrece el Bienestar Universitario a los estudiantes de menores recursos\u201d, una petici\u00f3n de derogatoria del Acuerdo Superior 206 \u201cque considera una falta disciplinaria grave la venta informal en las instalaciones de la universidad y que se haga p\u00fablica la informaci\u00f3n sobre las modificaciones en curso al reglamento estudiantil\u201d. Adem\u00e1s, exigen \u201cel desmonte de c\u00e1maras de seguridad, la ampliaci\u00f3n de planta docente y de la infraestructura f\u00edsica de la universidad\u201d. El vicerrector John Jairo Arboleda de la Universidad no est\u00e1 de acuerdo con la salida a paro, pues son cosas que se pueden dialogar sin tomar estas medidas.<\/p>\n<p><strong>Im\u00e1genes: <\/strong><\/p>\n<p>INFORMACI\u00d3N ANAL\u00cdTICA<\/p>\n<p>Contexto de la noticia: Falta de resultados y demoras en los di\u00e1logos de paz con las FARC-EP, el Gobierno acusa al grupo armado de dilatarlo; mientras tanto, las FARC vienen perpetrando ataques a torres de energ\u00eda en diferentes partes del pa\u00eds. Entre otras cosas, el 16 de octubre se lleva a cabo una marcha estudiantil convocada por la Mane para protestar por el d\u00e9ficit presupuestal de las universidades p\u00fablicas. En el contexto internacional, en Chile se presentan protestas en contra del modelo educativo.<\/p>\n<p>Palabras clave: Acciones contestatarias, Paro, Estudiantes, Asamblea de Estudiantes, Vicerrector\u00eda, Arboleda, John Jairo, Rector\u00eda, Uribe Correa, Alberto.<\/p>\n<p>Sugerencia de palabras claves:<\/p>\n<p>Observaciones: En una noticia publicada el 17 del mismo mes, en la p\u00e1gina 13 (Metro), se da a conocer que el rector Alberto Uribe Correa hizo un llamado a los estudiantes a levantar el paro, \u201cporque a\u00fan hay tiempo de salvar el semestre\u201d y \u201canot\u00f3 que el movimiento estudiantil debe ser sensato a la hora de tomar decisiones que terminan contradiciendo los ideales que se afirman perseguir\u201d. Seg\u00fan un representante de la Asamblea de Estudiantes, no han recibido respuesta al pliego de peticiones por parte del rector.<\/p>\n<p>Fecha de diligenciamiento: 17\/02\/2019<\/p>\n<h1 style=\"text-align: center;\">***<\/h1>\n<p><strong>N\u00famero de ficha<\/strong>: E94&nbsp;&nbsp;&nbsp;&nbsp;&nbsp;&nbsp;&nbsp;&nbsp;&nbsp;&nbsp;&nbsp;&nbsp;&nbsp;&nbsp;&nbsp;&nbsp;&nbsp;&nbsp;&nbsp;&nbsp;&nbsp;&nbsp;&nbsp;&nbsp;&nbsp;&nbsp;&nbsp;&nbsp;&nbsp;&nbsp;&nbsp;&nbsp;&nbsp;&nbsp;&nbsp;&nbsp;&nbsp;&nbsp;&nbsp;&nbsp;&nbsp;&nbsp;&nbsp;&nbsp;&nbsp;<\/p>\n<p><strong>Diligenciada por: <\/strong>Mariana Villegas Jim\u00e9nez<\/p>\n<p>INFORMACI\u00d3N BIBLIOGR\u00c1FICA<\/p>\n<p>Peri\u00f3dico: El Colombiano<\/p>\n<p>Lugar de edici\u00f3n: Medell\u00edn<\/p>\n<p>Autor personal: C\u00e1rdenas, Santiago<\/p>\n<p>Autor corporativo:<\/p>\n<p>Fecha: 2013, octubre, 23<\/p>\n<p>P\u00e1gina: 13<\/p>\n<p>Secci\u00f3n: Metro<\/p>\n<p><strong>Titular: <\/strong>Disturbios en la U. de Antioquia<\/p>\n<p><strong>Resumen:<\/strong> El 22 de octubre un grupo de aproximadamente 15 o 20 encapuchados lanzaron papas bomba en la calle Barranquilla y retuvieron un veh\u00edculo de la empresa Coordinadora, le desinflaron las llantas y bloquearon el ingreso de la porter\u00eda con \u00e9l, seg\u00fan el vicerrector John Jairo Arboleda. Se dice que de la manifestaci\u00f3n participaron grupos clandestinos como Marcha Estudiantil, Movimiento 8 y 9 de junio, Juventudes M-19, Comando Comunista y Guarda Estudiantil, seg\u00fan un comunicado de la Asamblea General de Estudiantes. Adem\u00e1s, se dice que salieron para apoyar la Asamblea que se realizaba en el momento y, seg\u00fan el vicerrector, \u201c(\u2026) Estos j\u00f3venes luego pintaron grafitis alusivos al Octubre Rojo, Moir y el Partido Comunista Colombiano\u201d.<\/p>\n<p><strong>Im\u00e1genes: <\/strong><\/p>\n<p>INFORMACI\u00d3N ANAL\u00cdTICA<\/p>\n<p>Contexto de la noticia: El 16 de octubre es extraditado alias \u201cSebasti\u00e1n\u201d de la banda \u201cLa Oficina\u201d; y, este mismo d\u00eda, se lleva a cabo una marcha estudiantil convocada por la Mane para protestar por el d\u00e9ficit presupuestal de las universidades p\u00fablicas. Entre otras cosas, por estos d\u00edas se cumple un a\u00f1o de la instalaci\u00f3n de la mesa de di\u00e1logo entre el gobierno y el grupo armado FARC-EP, pero este grupo armado viene perpetrando ataques a torres de energ\u00eda en diferentes lugares del pa\u00eds. En el contexto internacional, en Chile se presentan protestas en contra del modelo educativo.<\/p>\n<p>Palabras clave: Acciones contestatarias, Tropel, pintas, Acciones violentas, Da\u00f1o a bienes civiles, Grupos clandestinos, Marcha Estudiantil, Movimiento 8 y 9 de junio, Juventudes M-19, Comando Comunista, Guarda Estudiantil, Asamblea de Estudiantes, Vicerrector\u00eda, Arboleda, John Jairo.<\/p>\n<p>Sugerencia de palabras claves:<\/p>\n<p>Observaciones:<\/p>\n<p>Fecha de diligenciamiento: 17\/02\/2019<\/p>\n<h1 style=\"text-align: center;\">***<\/h1>\n<p><strong>N\u00famero de ficha<\/strong>: E95&nbsp;&nbsp;&nbsp;&nbsp;&nbsp;&nbsp;&nbsp;&nbsp;&nbsp;&nbsp;&nbsp;&nbsp;&nbsp;&nbsp;&nbsp;&nbsp;&nbsp;&nbsp;&nbsp;&nbsp;&nbsp;&nbsp;&nbsp;&nbsp;&nbsp;&nbsp;&nbsp;&nbsp;&nbsp;&nbsp;&nbsp;&nbsp;&nbsp;&nbsp;&nbsp;&nbsp;&nbsp;&nbsp;&nbsp;&nbsp;&nbsp;&nbsp;&nbsp;&nbsp;&nbsp;<\/p>\n<p><strong>Diligenciada por: <\/strong>Mariana Villegas Jim\u00e9nez<\/p>\n<p>INFORMACI\u00d3N BIBLIOGR\u00c1FICA<\/p>\n<p>Peri\u00f3dico: El Colombiano<\/p>\n<p>Lugar de edici\u00f3n: Medell\u00edn<\/p>\n<p>Autor personal: Loaiza Bran, Jos\u00e9 F.<\/p>\n<p>Autor corporativo:<\/p>\n<p>Fecha: 2013, octubre, 24<\/p>\n<p>P\u00e1gina: 10<\/p>\n<p>Secci\u00f3n: Metro<\/p>\n<p><strong>Titular: <\/strong>Acaban siete meses de ocupaci\u00f3n en la U. de A.<\/p>\n<p><strong>Resumen:<\/strong> Despu\u00e9s de que el 23 de octubre se ratificara un acuerdo entre los campesinos asentados en el coliseo de la Universidad y la Gobernaci\u00f3n de Antioquia, \u00e9stos regresar\u00e1n ma\u00f1ana a sus tierras: Toledo, Sabanalarga, San Andr\u00e9s de Cuerquia, Brice\u00f1o e Ituango; municipios en los cuales los alcaldes se comprometieron a albergar las familias que lo requieran. \u201cEntre los compromisos adquiridos por la Gobernaci\u00f3n para el retorno est\u00e1n garant\u00edas de escolaridad para los ni\u00f1os, brigadas de salud y la oferta de programas sociales para vivienda y empleo\u201d.<\/p>\n<p><strong>Im\u00e1genes: <\/strong><\/p>\n<p>INFORMACI\u00d3N ANAL\u00cdTICA<\/p>\n<p>Contexto de la noticia: El 16 de octubre es extraditado alias \u201cSebasti\u00e1n\u201d de la banda \u201cLa Oficina\u201d; este mismo d\u00eda, se lleva a cabo una marcha estudiantil convocada por la Mane para protestar por el d\u00e9ficit presupuestal de las universidades p\u00fablicas; y, el 28 de octubre, inicia un paro estudiantil del sector salud en contra de la reforma a la salud. Entre otras cosas, por estos d\u00edas se cumple un a\u00f1o de la instalaci\u00f3n de la mesa de di\u00e1logo entre el gobierno y el grupo armado FARC-EP, pero este grupo armado viene perpetrando ataques a torres de energ\u00eda en diferentes lugares del pa\u00eds. En el contexto internacional, en Chile se presentan protestas en contra del modelo educativo.<\/p>\n<p>Palabras clave: Acciones contestatarias, Toma pac\u00edfica de lugares, Acciones de resistencia, Negociaci\u00f3n, Hidroituango, Gobernaci\u00f3n de Antioquia.<\/p>\n<p>Sugerencia de palabras claves:<\/p>\n<p>Observaciones:<\/p>\n<p>Fecha de diligenciamiento: 17\/02\/2019<\/p>\n<h1 style=\"text-align: center;\">***<\/h1>\n<p><strong>N\u00famero de ficha<\/strong>: E96&nbsp;&nbsp;&nbsp;&nbsp;&nbsp;&nbsp;&nbsp;&nbsp;&nbsp;&nbsp;&nbsp;&nbsp;&nbsp;&nbsp;&nbsp;&nbsp;&nbsp;&nbsp;&nbsp;&nbsp;&nbsp;&nbsp;&nbsp;&nbsp;&nbsp;&nbsp;&nbsp;&nbsp;&nbsp;&nbsp;&nbsp;&nbsp;&nbsp;&nbsp;&nbsp;&nbsp;&nbsp;&nbsp;&nbsp;&nbsp;&nbsp;&nbsp;&nbsp;&nbsp;&nbsp;<\/p>\n<p><strong>Diligenciada por: <\/strong>Mariana Villegas Jim\u00e9nez<\/p>\n<p>INFORMACI\u00d3N BIBLIOGR\u00c1FICA<\/p>\n<p>Peri\u00f3dico: El Colombiano<\/p>\n<p>Lugar de edici\u00f3n: Medell\u00edn<\/p>\n<p>Autor personal: Loaiza Bran, Jos\u00e9 F.<\/p>\n<p>Autor corporativo:<\/p>\n<p>Fecha: 2013, octubre, 30<\/p>\n<p>P\u00e1gina: 10<\/p>\n<p>Secci\u00f3n: Metro<\/p>\n<p><strong>Titular: <\/strong>U. de A. mantiene cerradas sus puertas<\/p>\n<p><strong>Resumen:<\/strong> Tras una reuni\u00f3n del Consejo Superior Universitario, realizada el 29 de octubre, se decidi\u00f3 cerrar la Universidad. En un comunicado se manifest\u00f3 que \u201cla Universidad abrir\u00e1 sus puertas siempre y cuando exista un compromiso claro de no incurrir en actos violentos o en medidas de hecho que bloqueen actividades misionales o actividades administrativas\u201d, se exige el regreso a clases y se agrega que \u201cde ser positiva la respuesta por parte de los delegados estudiantiles, se retomar\u00e1 el di\u00e1logo con una comisi\u00f3n nombrada por los Consejos Acad\u00e9mico y Rectoral. El Consejo Superior estar\u00e1 dispuesto a escuchar a una delegaci\u00f3n de esta comisi\u00f3n conjunta cuando los avances as\u00ed lo sugieran\u201d.<\/p>\n<p><strong>Im\u00e1genes: <\/strong><\/p>\n<p>INFORMACI\u00d3N ANAL\u00cdTICA<\/p>\n<p>Contexto de la noticia: En una noticia publicada el 31 de octubre, (p\u00e1gina 9, Metro), se dio a conocer que el estudiante de Sociolog\u00eda de la Universidad de Antioquia, Juan Camilo Agudelo Posada, muri\u00f3 el 30 de octubre en una explosi\u00f3n en la Universidad Nacional sede Medell\u00edn; pero, a pesar de que no hubo disturbios en la zona, el secretario de seguridad de Medell\u00edn asegur\u00f3 que el estudiante estaba manipulando explosivos artesanales. El 28 de octubre inicia un paro estudiantil del sector salud en contra de la reforma a la salud y el 29 se lleva a cabo una marcha. Entre otras cosas, por estos d\u00edas se cumple un a\u00f1o de la instalaci\u00f3n de la mesa de di\u00e1logo entre el gobierno y el grupo armado FARC-EP, pero este grupo armado viene perpetrando ataques a torres de energ\u00eda en diferentes lugares del pa\u00eds.<\/p>\n<p>Palabras clave: Acciones contestatarias, Paro, Acciones de resistencia, Comunicados, misivas, declaraciones, Negociaci\u00f3n, Respuestas institucionales, Cierre Administrativo, Consejo Superior Universitario, Consejo Acad\u00e9mico, Estudiantes.<\/p>\n<p>Sugerencia de palabras claves:<\/p>\n<p>Observaciones:<\/p>\n<p>Fecha de diligenciamiento: 17\/02\/2019<\/p>\n<h1 style=\"text-align: center;\">***<\/h1>\n<p><strong>N\u00famero de ficha<\/strong>: E97&nbsp;&nbsp;&nbsp;&nbsp;&nbsp;&nbsp;&nbsp;&nbsp;&nbsp;&nbsp;&nbsp;&nbsp;&nbsp;&nbsp;&nbsp;&nbsp;&nbsp;&nbsp;&nbsp;&nbsp;&nbsp;&nbsp;&nbsp;&nbsp;&nbsp;&nbsp;&nbsp;&nbsp;&nbsp;&nbsp;&nbsp;&nbsp;&nbsp;&nbsp;&nbsp;&nbsp;&nbsp;&nbsp;&nbsp;&nbsp;&nbsp;&nbsp;&nbsp;&nbsp;&nbsp;<\/p>\n<p><strong>Diligenciada por: <\/strong>Mariana Villegas Jim\u00e9nez<\/p>\n<p>INFORMACI\u00d3N BIBLIOGR\u00c1FICA<\/p>\n<p>Peri\u00f3dico: El Colombiano<\/p>\n<p>Lugar de edici\u00f3n: Medell\u00edn<\/p>\n<p>Autor personal: Ca\u00f1as, Fernanda &amp; Uma\u00f1a, Juan David<\/p>\n<p>Autor corporativo:<\/p>\n<p>Fecha: 2013, noviembre, 02<\/p>\n<p>P\u00e1gina: 10<\/p>\n<p>Secci\u00f3n: Metro<\/p>\n<p><strong>Titular: <\/strong>U. de A. debe cambiar agresi\u00f3n por debate cr\u00edtico: Timan\u00e1<\/p>\n<p><strong>Resumen:<\/strong> \u201cUna salida basada en el di\u00e1logo y condicionada por el reinicio de clases es la propuesta en la que coinciden autoridades acad\u00e9micas y del gobierno\u201d. En el marco del cese de actividades que se vive en la Universidad de Antioquia, el rector Alberto Uribe Correa afirma que \u201ctenemos el deseo de llegar a un entendimiento con la asamblea de estudiantes y de sentarnos a conversar, pero tiene que haber voluntades de parte y parte. Hago un llamado muy universitario a la asamblea para que entremos en raz\u00f3n y levantemos el cese de actividades y que sigan adelante las conversaciones que venimos adelantando\u201d. Con \u00e9l, coinciden el gobernador Sergio Fajardo y el exvicerrector de la Universidad, quienes tambi\u00e9n llaman a los estudiantes al regreso a clases y no optar m\u00e1s por \u201clas v\u00edas de hecho\u201d. Para Queipo Timan\u00e1, profesor em\u00e9rito de la Universidad, otra opci\u00f3n es consultar a los estudiantes si quieres regresar a clases, \u201crealizar el plebiscito no inhibe la realizaci\u00f3n de un debate cr\u00edtico y razonado desde lo pol\u00edtico, filos\u00f3fico y econ\u00f3mico\u201d. Por esta noticia se da a conocer que un grupo de estudiantes se encuentra en huelga de hambre completando 90 horas, donde Isaac Buitrago, uno de ellos, pide \u201cla ratificaci\u00f3n de los acuerdos, as\u00ed como la apertura de manera inmediata de la universidad\u201d.<\/p>\n<p><strong>Im\u00e1genes: <\/strong>IMG E97. En la fotograf\u00eda se muestra a una persona con un cartel en sus manos que dice: \u201cPor \u201cAntioquia la m\u00e1s educada\u201d, no queremos una universidad cerrada\u201d, pero no se especifica en qu\u00e9 situaci\u00f3n fue tomada. Foto: Cortes\u00eda.<\/p>\n<p>INFORMACI\u00d3N ANAL\u00cdTICA<\/p>\n<p>Contexto de la noticia: En el contexto local, se dice que Medell\u00edn ha presentado una reducci\u00f3n de homicidios con respecto a 2012. En el contexto nacional, el 28 de octubre inicia un paro estudiantil del sector salud en contra de la reforma a la salud y el 29 se lleva a cabo una marcha. Entre otras cosas, por estos d\u00edas se cumple un a\u00f1o de la instalaci\u00f3n de la mesa de di\u00e1logo entre el gobierno y el grupo armado FARC-EP, pero este grupo armado viene perpetrando ataques a torres de energ\u00eda en diferentes lugares del pa\u00eds.<\/p>\n<p>Palabras clave: Acciones contestatarias, Paro, Acciones de resistencia, Comunicados, misivas, declaraciones, Gobernador, Fajardo, Sergio (2012-2015), Rector\u00eda, Uribe Correa, Alberto, Timan\u00e1, Queipo, Buitrago, Isaac.<\/p>\n<p>Sugerencia de palabras claves:<\/p>\n<p>Observaciones:<\/p>\n<p>Fecha de diligenciamiento: 19\/02\/2019<\/p>\n<h1 style=\"text-align: center;\">***<\/h1>\n<p><strong>N\u00famero de ficha<\/strong>: E98&nbsp;&nbsp;&nbsp;&nbsp;&nbsp;&nbsp;&nbsp;&nbsp;&nbsp;&nbsp;&nbsp;&nbsp;&nbsp;&nbsp;&nbsp;&nbsp;&nbsp;&nbsp;&nbsp;&nbsp;&nbsp;&nbsp;&nbsp;&nbsp;&nbsp;&nbsp;&nbsp;&nbsp;&nbsp;&nbsp;&nbsp;&nbsp;&nbsp;&nbsp;&nbsp;&nbsp;&nbsp;&nbsp;&nbsp;&nbsp;&nbsp;&nbsp;&nbsp;&nbsp;&nbsp;<\/p>\n<p><strong>Diligenciada por: <\/strong>Mariana Villegas Jim\u00e9nez<\/p>\n<p>INFORMACI\u00d3N BIBLIOGR\u00c1FICA<\/p>\n<p>Peri\u00f3dico: El Colombiano<\/p>\n<p>Lugar de edici\u00f3n: Medell\u00edn<\/p>\n<p>Autor personal:<\/p>\n<p>Autor corporativo: Comit\u00e9 Rectoral y Consejo Acad\u00e9mico de la Universidad de Antioquia<\/p>\n<p>Fecha: 2013, noviembre, 06<\/p>\n<p>P\u00e1gina: 12<\/p>\n<p>Secci\u00f3n: Metro<\/p>\n<p><strong>Titular: <\/strong>A la comunidad universitaria y a la sociedad<\/p>\n<p><strong>Resumen:<\/strong> En el comunicado, el Comit\u00e9 Rectoral y el Consejo Acad\u00e9mico de la Universidad de Antioquia, buscan exponer lo que sucede actualmente en el campus: \u201calgunos estudiantes en nombre del movimiento estudiantil interrumpen continuamente las actividades acad\u00e9micas mediante actos violentos, intimidaci\u00f3n a profesores y a estudiantes o paros amparados en una supuesta defensa de la universidad p\u00fablica con la que se intenta justificar, entre otras, la presencia en el campus de ventas informales e ilegales al servicio de intereses privados\u201d. Acto seguido, se expone la caracterizaci\u00f3n realizada por el Bienestar Universitario y el auxilio a estudiantes que se deriv\u00f3 de ella, pero dejando claro que la mayor\u00eda de ellos rechaz\u00f3 el apoyo y decidi\u00f3 continuar con las ventas como estaban; por tal motivo, la Unidad de Asuntos Disciplinarios Estudiantiles inici\u00f3 procesos disciplinarios a estos estudiantes, por lo que en el pliego de peticiones los estudiantes agregaron la exigencia de cancelaci\u00f3n de dichos procesos. El comit\u00e9 rectoral cre\u00f3 una comisi\u00f3n para dialogar y llegar a un acuerdo con representantes de la Asamblea de Estudiantes, con el fin de levantar el paro, pero no dio fruto y el 28 de octubre \u201cun grupo de estudiantes se tom\u00f3 el bloque administrativo en la ciudad universitaria y anunci\u00f3 el apoyo a una huelga de hambre en solidaridad con los venteros informales. Este hecho oblig\u00f3 a las autoridades departamentales a ordenar el desalojo de los huelguistas que se cumpli\u00f3 pac\u00edficamente con la presencia de la Personer\u00eda Delegada para los Derechos Humanos al tiempo que motiv\u00f3 el cierre de la Universidad para garantizar, entre otras razones, que los 48 mil aspirantes a un cupo en el Alma Mater pudieran presentar el examen de admisi\u00f3n los d\u00edas 5 y 6 de noviembre\u201d. Para terminar, las directivas instan a los estudiantes a regresar a clases, llamando la atenci\u00f3n sobre las implicaciones que tendr\u00eda una cancelaci\u00f3n de semestre; adem\u00e1s, reconocieron su intenci\u00f3n de mantener la Universidad abierta y motivaron al total de los estudiantes a participar de los espacios de decisi\u00f3n para ser escuchados.<\/p>\n<p><strong>Im\u00e1genes: <\/strong><\/p>\n<p>INFORMACI\u00d3N ANAL\u00cdTICA<\/p>\n<p>Contexto de la noticia: En el contexto local, se dice que Medell\u00edn ha presentado una reducci\u00f3n de homicidios con respecto a 2012. En el contexto nacional, el 28 de octubre inicia un paro estudiantil del sector salud en contra de la reforma a la salud, el 29 se lleva a cabo una marcha y el 6 de noviembre, se da otra para tumbar la reforma a la salud; adem\u00e1s, este mismo d\u00eda se firm\u00f3 el acuerdo de participaci\u00f3n pol\u00edtica en la mesa de di\u00e1logos entre el Gobierno y las FARC-EP.<\/p>\n<p>Palabras clave: Acciones de resistencia, Comunicados, misivas, declaraciones, Negociaci\u00f3n, Acciones contestatarias, Plant\u00f3n, Respuestas institucionales, Evacuaci\u00f3n, Cierre administrativo, Consejo Acad\u00e9mico, Comit\u00e9 Rectoral, Asamblea de Estudiantes, Estudiantes<\/p>\n<p>Sugerencia de palabras claves:<\/p>\n<p>Observaciones: Seg\u00fan una noticia publicada este mismo d\u00eda, en la p\u00e1gina 13 (Metro), se da a conocer que el Consejo Superior Universitario decidi\u00f3 abrir las puertas de la Universidad a partir del martes 12 de noviembre, invitando a los estudiantes a reanudar las clases y el rector convocar\u00eda \u201ca todos los alumnos y profesores a reunirse con sus directivos en las distintas unidades acad\u00e9micas para saber cu\u00e1l es la voluntad de tener una universidad abierta, funcionando y deliberando\u201d.<\/p>\n<p>Fecha de diligenciamiento: 19\/02\/2019<\/p>\n<h1 style=\"text-align: center;\">***<\/h1>\n<p><strong>N\u00famero de ficha<\/strong>: E99&nbsp;&nbsp;&nbsp;&nbsp;&nbsp;&nbsp;&nbsp;&nbsp;&nbsp;&nbsp;&nbsp;&nbsp;&nbsp;&nbsp;&nbsp;&nbsp;&nbsp;&nbsp;&nbsp;&nbsp;&nbsp;&nbsp;&nbsp;&nbsp;&nbsp;&nbsp;&nbsp;&nbsp;&nbsp;&nbsp;&nbsp;&nbsp;&nbsp;&nbsp;&nbsp;&nbsp;&nbsp;&nbsp;&nbsp;&nbsp;&nbsp;&nbsp;&nbsp;&nbsp;&nbsp;<\/p>\n<p><strong>Diligenciada por: <\/strong>Mariana Villegas Jim\u00e9nez<\/p>\n<p>INFORMACI\u00d3N BIBLIOGR\u00c1FICA<\/p>\n<p>Peri\u00f3dico: El Colombiano<\/p>\n<p>Lugar de edici\u00f3n: Medell\u00edn<\/p>\n<p>Autor personal: Valencia Gil, Juan Carlos<\/p>\n<p>Autor corporativo:<\/p>\n<p>Fecha: 2013, noviembre, 13<\/p>\n<p>P\u00e1gina: 10<\/p>\n<p>Secci\u00f3n: Metro<\/p>\n<p><strong>Titular: <\/strong>U. de A. abri\u00f3 y estudiantes no regresaron a sus clases<\/p>\n<p><strong>Resumen:<\/strong> Con la reapertura de la Universidad, la Asamblea de Estudiantes se reuni\u00f3 en el Teatro Camilo Torres donde, tras seis horas de encuentro, decidi\u00f3 continuar con el cese de actividades. Las unidades acad\u00e9micas se reunieron con los estudiantes para hablar acerca del futuro del semestre. El vicerrector, John Jairo Arboleda, dio su punto de vista acerca del pliego de peticiones hecho por los estudiantes, explicando que la Universidad no tiene el presupuesto para ceder a ello y apunt\u00f3: \u201cAspiramos a que se levante el cese, porque no es necesario parar actividades para discutir estos temas\u201d.<\/p>\n<p><strong>Im\u00e1genes: <\/strong>IMG E99. En la fotograf\u00eda se muestra una gran pancarta haciendo alusi\u00f3n al paro, ubicada afuera del Teatro Camilo Torres. Foto: Hern\u00e1n Vanegas Ochoa.<\/p>\n<p>INFORMACI\u00d3N ANAL\u00cdTICA<\/p>\n<p>Contexto de la noticia: Esta noticia se produce en el marco del cese de actividades que se vive en la Universidad de Antioquia desde el 3 de octubre, decretado por la Asamblea de Estudiantes. En el contexto local, se dice que Medell\u00edn ha presentado una reducci\u00f3n de homicidios con respecto a 2012. En el contexto nacional, el 28 de octubre inicia un paro estudiantil del sector salud en contra de la reforma a la salud, el 29 se lleva a cabo una marcha y el 6 de noviembre, se da otra para tumbar la reforma a la salud; adem\u00e1s, este mismo d\u00eda se firm\u00f3 el acuerdo de participaci\u00f3n pol\u00edtica en la mesa de di\u00e1logos entre el Gobierno y las FARC-EP.<\/p>\n<p>Palabras clave: Acciones contestatarias, Paro, Marchas estudiantiles, Respuestas institucionales, Reapertura, Asamblea de Estudiantes, Arboleda, John Jairo.<\/p>\n<p>Sugerencia de palabras claves:<\/p>\n<p>Observaciones: Seg\u00fan una noticia publicada el 15 de noviembre (p\u00e1gina 11, Metro), este d\u00eda se realiz\u00f3 una marcha estudiantil en el marco del paro. Seg\u00fan una noticia publicada el 19 de noviembre, en la p\u00e1gina 13 (Metro), en otra Asamblea de Estudiantes realizada el 18 de noviembre, se decidi\u00f3 continuar en paro indefinido.<\/p>\n<p>Fecha de diligenciamiento: 19\/02\/2019<\/p>\n<h1 style=\"text-align: center;\">***<\/h1>\n<p><strong>N\u00famero de ficha<\/strong>: E100&nbsp;&nbsp;&nbsp;&nbsp;&nbsp;&nbsp;&nbsp;&nbsp;&nbsp;&nbsp;&nbsp;&nbsp;&nbsp;&nbsp;&nbsp;&nbsp;&nbsp;&nbsp;&nbsp;&nbsp;&nbsp;&nbsp;&nbsp;&nbsp;&nbsp;&nbsp;&nbsp;&nbsp;&nbsp;&nbsp;&nbsp;&nbsp;&nbsp;&nbsp;&nbsp;&nbsp;&nbsp;&nbsp;&nbsp;&nbsp;&nbsp;&nbsp;&nbsp;<\/p>\n<p><strong>Diligenciada por: <\/strong>Mariana Villegas Jim\u00e9nez<\/p>\n<p>INFORMACI\u00d3N BIBLIOGR\u00c1FICA<\/p>\n<p>Peri\u00f3dico: El Colombiano<\/p>\n<p>Lugar de edici\u00f3n: Medell\u00edn<\/p>\n<p>Autor personal: Mart\u00ednez Arango, Rodrigo<\/p>\n<p>Autor corporativo:<\/p>\n<p>Fecha: 2013, noviembre, 20<\/p>\n<p>P\u00e1gina: 12<\/p>\n<p>Secci\u00f3n: Metro<\/p>\n<p><strong>Titular: <\/strong>Analizan cancelar semestre en U. de A.<\/p>\n<p><strong>Resumen:<\/strong> Despu\u00e9s de reunirse, el Consejo Acad\u00e9mico de la Universidad de Antioquia le dio \u201cpotestad a cada unidad acad\u00e9mica de la instituci\u00f3n para que estudie la posibilidad de cancelar el actual semestre ante el paro indefinido que realizan los estudiantes desde el pasado 3 de octubre\u201d. Seg\u00fan el rector, Alberto Uribe Correa, los estudiantes tienen plazo para regresar a clases hasta el 25 de noviembre o ser\u00e1 cancelado el semestre. Seg\u00fan la noticia, para Isaac Buitrago, representante de la Asamblea de Estudiantes, \u201cesta decisi\u00f3n es una demostraci\u00f3n de intransigencia por parte de las directivas de la universidad porque estaban solo a una firma de que reconocieran la ilegalidad de una serie de actos jur\u00eddicos que en ese establecimiento se cometen en contra de los alumnos\u201d.&nbsp;<\/p>\n<p><strong>Im\u00e1genes: <\/strong><\/p>\n<p>INFORMACI\u00d3N ANAL\u00cdTICA<\/p>\n<p>Contexto de la noticia: Esta noticia se produce en el marco del cese de actividades que se vive en la Universidad de Antioquia desde el 3 de octubre, decretado por la Asamblea de Estudiantes. En d\u00edas siguientes el presidente Juan Manuel Santos anuncia que buscar\u00e1 una reelecci\u00f3n; se anuncia que habr\u00e1 aumento de pie de fuerza en Medell\u00edn; y, por \u00faltimo, ELN confirma intenciones de di\u00e1logo.<\/p>\n<p>Palabras clave: Acciones contestatarias, Paro, Respuestas institucionales, Consejo Acad\u00e9mico, Asamblea de Estudiantes, Rector\u00eda, Uribe Correa, Alberto, Buitrago, Isaac.<\/p>\n<p>Sugerencia de palabras claves:<\/p>\n<p>Observaciones:<\/p>\n<p>Fecha de diligenciamiento: 19\/02\/2019<\/p>\n<h1 style=\"text-align: center;\">***<\/h1>\n<p><strong>N\u00famero de ficha<\/strong>: E101&nbsp;&nbsp;&nbsp;&nbsp;&nbsp;&nbsp;&nbsp;&nbsp;&nbsp;&nbsp;&nbsp;&nbsp;&nbsp;&nbsp;&nbsp;&nbsp;&nbsp;&nbsp;&nbsp;&nbsp;&nbsp;&nbsp;&nbsp;&nbsp;&nbsp;&nbsp;&nbsp;&nbsp;&nbsp;&nbsp;&nbsp;&nbsp;&nbsp;&nbsp;&nbsp;&nbsp;&nbsp;&nbsp;&nbsp;&nbsp;&nbsp;&nbsp;&nbsp;<\/p>\n<p><strong>Diligenciada por: <\/strong>Mariana Villegas Jim\u00e9nez<\/p>\n<p>INFORMACI\u00d3N BIBLIOGR\u00c1FICA<\/p>\n<p>Peri\u00f3dico: El Colombiano<\/p>\n<p>Lugar de edici\u00f3n: Medell\u00edn<\/p>\n<p>Autor personal: Mart\u00ednez, Rodrigo &amp; Ortiz, Juan David<\/p>\n<p>Autor corporativo:<\/p>\n<p>Fecha: 2013, noviembre, 27<\/p>\n<p>P\u00e1gina: 13<\/p>\n<p>Secci\u00f3n: Metro<\/p>\n<p><strong>Titular: <\/strong>Comunicaciones de U. de A. cancel\u00f3 cursos<\/p>\n<p><strong>Resumen:<\/strong> El 26 de noviembre, el Consejo de la Facultas de Comunicaciones decidi\u00f3 cancelar los cursos de pregrado y emiti\u00f3 un comunicado en el que reconoce que, si bien se tom\u00f3 esa medida, siguen sin resolverse los problemas de fondo por los que pasa la Universidad; adem\u00e1s, invit\u00f3 a los estudiantes a permanecer abiertos al di\u00e1logo para encontrar soluciones a la coyuntura. En esta misma noticia se agrega que \u201cun correo electr\u00f3nico dirigido el pasado lunes a varios miembros de la Sede Estudiantil de la Facultad de Ciencias Econ\u00f3micas de la Universidad de Antioquia, amenaza con nombre propio a 12 estudiantes de varias unidades acad\u00e9micas de ese claustro. Funcionarios de la universidad aseguraron que las directivas de la universidad ya se encuentran analizando el caso con las autoridades departamentales.\u201d<\/p>\n<p><strong>Im\u00e1genes: <\/strong><\/p>\n<ol>\n<li>INFORMACI\u00d3N ANAL\u00cdTICA<\/li>\n<\/ol>\n<p>Contexto de la noticia: Esta noticia se produce en el marco del cese de actividades que se vive en la Universidad de Antioquia desde el 3 de octubre, decretado por la Asamblea de Estudiantes. En d\u00edas siguientes el presidente Juan Manuel Santos anuncia que buscar\u00e1 una reelecci\u00f3n; se anuncia que habr\u00e1 aumento de pie de fuerza en Medell\u00edn; y, por \u00faltimo, ELN confirma intenciones de di\u00e1logo.<\/p>\n<p>Palabras clave: Acciones violentas, Amenaza, Acciones de resistencia, Acciones legales, Facultad de Ciencias Econ\u00f3micas, Sede Estudiantil, Facultad de Comunicaciones.<\/p>\n<p>Sugerencia de palabras claves:<\/p>\n<p>Observaciones:<\/p>\n<p>Fecha de diligenciamiento: 19\/02\/2019<\/p>\n<h1 style=\"text-align: center;\">***<\/h1>\n<p><strong>N\u00famero de ficha<\/strong>: E102&nbsp;&nbsp;&nbsp;&nbsp;&nbsp;&nbsp;&nbsp;&nbsp;&nbsp;&nbsp;&nbsp;&nbsp;&nbsp;&nbsp;&nbsp;&nbsp;&nbsp;&nbsp;&nbsp;&nbsp;&nbsp;&nbsp;&nbsp;&nbsp;&nbsp;&nbsp;&nbsp;&nbsp;&nbsp;&nbsp;&nbsp;&nbsp;&nbsp;&nbsp;&nbsp;&nbsp;&nbsp;&nbsp;&nbsp;&nbsp;&nbsp;&nbsp;&nbsp;<\/p>\n<p><strong>Diligenciada por: <\/strong>Mariana Villegas Jim\u00e9nez<\/p>\n<p>INFORMACI\u00d3N BIBLIOGR\u00c1FICA<\/p>\n<p>Peri\u00f3dico: El Colombiano<\/p>\n<p>Lugar de edici\u00f3n: Medell\u00edn<\/p>\n<p>Autor personal: Mart\u00ednez Arango, Rodrigo<\/p>\n<p>Autor corporativo:<\/p>\n<p>Fecha: 2013, noviembre, 28<\/p>\n<p>P\u00e1gina: 11<\/p>\n<p>Secci\u00f3n: Metro<\/p>\n<p><strong>Titular: <\/strong>Asamblea levanta el paro en la U. de A.<\/p>\n<p><strong>Resumen:<\/strong> El 27 de noviembre se celebr\u00f3 una Asamblea de Estudiantes en la que se decidi\u00f3 levantar el paro. Seg\u00fan el vicerrector, John Jairo Arboleda, habr\u00e1 consejo acad\u00e9mico extraordinario para discutir el tema y lo mismo suceder\u00e1 con las diferentes unidades acad\u00e9micas para definir c\u00f3mo se va a proceder con la noticia del levantamiento del paro. Isaac Buitrago, representante de la Asamblea de Estudiantes afirm\u00f3 que el paro se levanta, pero contin\u00faan activos en la movilizaci\u00f3n.<\/p>\n<p><strong>Im\u00e1genes: <\/strong><\/p>\n<p>INFORMACI\u00d3N ANAL\u00cdTICA<\/p>\n<p>Contexto de la noticia: Esta noticia se produce en el marco del cese de actividades que se vive en la Universidad de Antioquia desde el 3 de octubre, decretado por la Asamblea de Estudiantes. En d\u00edas siguientes el presidente Juan Manuel Santos anuncia que buscar\u00e1 una reelecci\u00f3n; se anuncia que habr\u00e1 aumento de pie de fuerza en Medell\u00edn; y, por \u00faltimo, ELN confirma intenciones de di\u00e1logo.<\/p>\n<p>Palabras clave: Acciones de resistencia, Negociaci\u00f3n, Asamblea de Estudiantes.<\/p>\n<p>Sugerencia de palabras claves:<\/p>\n<p>Observaciones: En una noticia publicada el 29 de noviembre (p\u00e1gina 16, Metro), se se\u00f1al\u00f3 que en los casos en que ya se hab\u00edan cancelado semestres, como en la Facultad de Comunicaciones, \u201clos consejos de facultad, los profesores y estudiantes, evaluar\u00e1n la situaci\u00f3n y pueden rectificar la decisi\u00f3n y reanudar las clases\u201d. Adem\u00e1s, se aclara que se firm\u00f3 un acta entre representantes de la Asamblea de Estudiantes y directivas y que se sigue trabajando a trav\u00e9s de comisiones que se est\u00e1n conformando.<\/p>\n<p>Fecha de diligenciamiento: 19\/02\/2019<\/p>\n<h1 style=\"text-align: center;\">***<\/h1>\n<p><strong>N\u00famero de ficha<\/strong>: E103&nbsp;&nbsp;&nbsp;&nbsp;&nbsp;&nbsp;&nbsp;&nbsp;&nbsp;&nbsp;&nbsp;&nbsp;&nbsp;&nbsp;&nbsp;&nbsp;&nbsp;&nbsp;&nbsp;&nbsp;&nbsp;&nbsp;&nbsp;&nbsp;&nbsp;&nbsp;&nbsp;&nbsp;&nbsp;&nbsp;&nbsp;&nbsp;&nbsp;&nbsp;&nbsp;&nbsp;&nbsp;&nbsp;&nbsp;&nbsp;&nbsp;&nbsp;&nbsp;<\/p>\n<p><strong>Diligenciada por: <\/strong>Mariana Villegas Jim\u00e9nez<\/p>\n<p>INFORMACI\u00d3N BIBLIOGR\u00c1FICA<\/p>\n<p>Peri\u00f3dico: El Colombiano<\/p>\n<p>Lugar de edici\u00f3n: Medell\u00edn<\/p>\n<p>Autor personal: Mart\u00ednez Arango, Rodrigo<\/p>\n<p>Autor corporativo:<\/p>\n<p>Fecha: 2013, diciembre, 14<\/p>\n<p>P\u00e1gina: 20<\/p>\n<p>Secci\u00f3n: Metro<\/p>\n<p><strong>Titular: <\/strong>U. de A. culmin\u00f3 a\u00f1o con disturbio<\/p>\n<p><strong>Resumen:<\/strong> El 13 de diciembre se presentaron \u201cdisturbios\u201d en la porter\u00eda de Barranquilla, pero las actividades acad\u00e9micas no se vieron afectadas, excepto en la Facultad de Ciencias Exactas. Seg\u00fan el secretario general de la instituci\u00f3n, Luquegi Gil, los encapuchados lanzaron petardos a mediod\u00eda, pero que a la una de la tarde la instituci\u00f3n volvi\u00f3 la normalidad, excepto en la mencionada facultad, que se vio afectada por los gases lacrim\u00f3genos lanzados por la polic\u00eda.<\/p>\n<p><strong>Im\u00e1genes: <\/strong><\/p>\n<p>INFORMACI\u00d3N ANAL\u00cdTICA<\/p>\n<p>Contexto de la noticia: En el mes de diciembre, las FARC-EP realizan atentados en el pa\u00eds, y, en la mesa de negociaci\u00f3n con el Gobierno, insisten en la implementaci\u00f3n de un cese al fuego bilateral. Por otro lado, se habla de la posibilidad de que las FARC y el ELN busquen un acuerdo de paz en conjunto.<\/p>\n<p>Palabras clave: Acciones contestatarias, Tropel, Grupos clandestinos, Polic\u00eda.<\/p>\n<p>Sugerencia de palabras claves:<\/p>\n<p>Observaciones: Se desconocen oficialmente los motivos del tropel, pero se asume que los hechos est\u00e1n vinculados al reci\u00e9n levantado paro estudiantil prolongado por 47 d\u00edas.<\/p>\n<p>Fecha de diligenciamiento: 19\/02\/2019<\/p>\n<h1 style=\"text-align: center;\">***<\/h1>\n<p><strong>N\u00famero de ficha<\/strong>: E104&nbsp;&nbsp;&nbsp;&nbsp;&nbsp;&nbsp;&nbsp;&nbsp;&nbsp;&nbsp;&nbsp;&nbsp;&nbsp;&nbsp;&nbsp;&nbsp;&nbsp;&nbsp;&nbsp;&nbsp;&nbsp;&nbsp;&nbsp;&nbsp;&nbsp;&nbsp;&nbsp;&nbsp;&nbsp;&nbsp;&nbsp;&nbsp;&nbsp;&nbsp;&nbsp;&nbsp;&nbsp;&nbsp;&nbsp;&nbsp;&nbsp;&nbsp;&nbsp;<\/p>\n<p><strong>Diligenciada por: <\/strong>Mariana Villegas Jim\u00e9nez<\/p>\n<p>INFORMACI\u00d3N BIBLIOGR\u00c1FICA<\/p>\n<p>Peri\u00f3dico: El Colombiano<\/p>\n<p>Lugar de edici\u00f3n: Medell\u00edn<\/p>\n<p>Autor personal: Mart\u00ednez Arango, Rodrigo<\/p>\n<p>Autor corporativo:<\/p>\n<p>Fecha: 2014, febrero, 01<\/p>\n<p>P\u00e1gina: 13<\/p>\n<p>Secci\u00f3n: Metro<\/p>\n<p><strong>Titular: <\/strong>Caen 13 implicados en microtr\u00e1fico de drogas en la U. de A.<\/p>\n<p><strong>Resumen:<\/strong> Fueron detenidas 13 personas por el delito de concierto para delinquir con fines de narcotr\u00e1fico en la Universidad de Antioquia y, seg\u00fan el Secretario de Gobierno, Santiago Londo\u00f1o, hasta el momento hay tres personas aseguradas por lo mismo. Seg\u00fan las autoridades consultadas, hasta el 31 de enero \u201ccontinuaban los allanamientos para tratar de dar con el paradero de m\u00e1s integrantes de esta banda dedicada a la venta de drogas il\u00edcitas en especial, en la unidad deportiva del alma m\u00e1ter\u201d. Al respecto, el vicerrector, John Jairo Arboleda, \u00fanicamente dijo haberse enterado de la captura a trav\u00e9s de medios de comunicaci\u00f3n y afirm\u00f3 que cada qui\u00e9n deber\u00e1 responder por los delitos que se le imputen.<\/p>\n<p><strong>Im\u00e1genes: <\/strong><\/p>\n<p>INFORMACI\u00d3N ANAL\u00cdTICA<\/p>\n<p>Contexto de la noticia: En el mes de enero iniciaron los di\u00e1logos exploratorios entre el Gobierno y el grupo armado ELN y se reanudan los di\u00e1logos entre el Gobierno y las FARC en La Habana, mientras los familiares de secuestrados les piden verdad. Adem\u00e1s, es \u00e9poca de campa\u00f1a pol\u00edtica por elecciones al Congreso.<\/p>\n<p>Palabras clave: Respuestas institucionales, Detenciones, Londo\u00f1o, Santiago, Arboleda, John Jairo.<\/p>\n<p>Sugerencia de palabras claves:<\/p>\n<p>Observaciones:<\/p>\n<p>Fecha de diligenciamiento: 20\/02\/2019<\/p>\n<h1 style=\"text-align: center;\">***<\/h1>\n<p><strong>N\u00famero de ficha<\/strong>: E105&nbsp;&nbsp;&nbsp;&nbsp;&nbsp;&nbsp;&nbsp;&nbsp;&nbsp;&nbsp;&nbsp;&nbsp;&nbsp;&nbsp;&nbsp;&nbsp;&nbsp;&nbsp;&nbsp;&nbsp;&nbsp;&nbsp;&nbsp;&nbsp;&nbsp;&nbsp;&nbsp;&nbsp;&nbsp;&nbsp;&nbsp;&nbsp;&nbsp;&nbsp;&nbsp;&nbsp;&nbsp;&nbsp;&nbsp;&nbsp;&nbsp;&nbsp;&nbsp;<\/p>\n<p><strong>Diligenciada por: <\/strong>Mariana Villegas Jim\u00e9nez<\/p>\n<p>INFORMACI\u00d3N BIBLIOGR\u00c1FICA<\/p>\n<p>Peri\u00f3dico: El Colombiano<\/p>\n<p>Lugar de edici\u00f3n: Medell\u00edn<\/p>\n<p>Autor personal:<\/p>\n<p>Autor corporativo:<\/p>\n<p>Fecha: 2014, marzo, 09<\/p>\n<p>P\u00e1gina: 15<\/p>\n<p>Secci\u00f3n: Metro<\/p>\n<p><strong>Titular: <\/strong>U. de A. denunci\u00f3 amenaza de muerte contra periodista<\/p>\n<p><strong>Resumen:<\/strong> \u201cLa Universidad de Antioquia denunci\u00f3 que \u00c9der Narv\u00e1ez Sierra, pr\u00f3ximo a graduarse de la Facultad de Comunicaciones, fue amenazado de muerte en Caucasia, donde se desempe\u00f1a como director del noticiero Bajo Cauca Noticias. Narv\u00e1ez manifest\u00f3 que no conoce el origen de la amenaza\u201d.<\/p>\n<p><strong>Im\u00e1genes: <\/strong><\/p>\n<p>INFORMACI\u00d3N ANAL\u00cdTICA<\/p>\n<p>Contexto de la noticia: El 9 de marzo se llevaron a cabo las elecciones al Congreso, donde el Centro Democr\u00e1tico se ubica como oposici\u00f3n al Gobierno de turno; por otro lado, los di\u00e1logos entre el Gobierno y las FARC avanzan, mientras este grupo armado contin\u00faa con atentados. En el contexto local, seg\u00fan el peri\u00f3dico, Medell\u00edn presenta la tasa de homicidios m\u00e1s baja en 25 a\u00f1os. Entre otras noticias, estudiantes en Venezuela llevan aproximadamente un mes de protestas.<\/p>\n<p>Palabras clave: Acciones violentas, Amenaza, Narv\u00e1ez Sierra, \u00c9der, Estudiantes.<\/p>\n<p>Sugerencia de palabras claves:<\/p>\n<p>Observaciones: Lo citado en el resumen conforma el total de la noticia.<\/p>\n<p>Fecha de diligenciamiento: 20\/02\/2019<\/p>\n<h1 style=\"text-align: center;\">***<\/h1>\n<p><strong>N\u00famero de ficha<\/strong>: E106&nbsp;&nbsp;&nbsp;&nbsp;&nbsp;&nbsp;&nbsp;&nbsp;&nbsp;&nbsp;&nbsp;&nbsp;&nbsp;&nbsp;&nbsp;&nbsp;&nbsp;&nbsp;&nbsp;&nbsp;&nbsp;&nbsp;&nbsp;&nbsp;&nbsp;&nbsp;&nbsp;&nbsp;&nbsp;&nbsp;&nbsp;&nbsp;&nbsp;&nbsp;&nbsp;&nbsp;&nbsp;&nbsp;&nbsp;&nbsp;&nbsp;&nbsp;&nbsp;<\/p>\n<p><strong>Diligenciada por: <\/strong>Mariana Villegas Jim\u00e9nez<\/p>\n<p>INFORMACI\u00d3N BIBLIOGR\u00c1FICA<\/p>\n<p>Peri\u00f3dico: El Colombiano<\/p>\n<p>Lugar de edici\u00f3n: Medell\u00edn<\/p>\n<p>Autor personal:<\/p>\n<p>Autor corporativo:<\/p>\n<p>Fecha: 2014, junio, 12<\/p>\n<p>P\u00e1gina: 10<\/p>\n<p>Secci\u00f3n: Metro<\/p>\n<p><strong>Titular: <\/strong>Disturbios en la Universidad de Antioquia<\/p>\n<p><strong>Resumen:<\/strong> \u201cUn grupo de 25 encapuchados bloque\u00f3 ayer [11 de junio] la calle Barranquilla, junto a la Universidad de Antioquia, accionando varios artefactos explosivos y enfrent\u00e1ndose al Esmad de la Polic\u00eda. El campus universitario fue desalojado para evitar afectaciones a la comunidad universitaria\u201d.<\/p>\n<p><strong>Im\u00e1genes: <\/strong><\/p>\n<p>INFORMACI\u00d3N ANAL\u00cdTICA<\/p>\n<p>Contexto de la noticia: El 25 de mayo se llevaron a cabo las elecciones presidenciales en el pa\u00eds, pasando a una segunda vuelta que se define el 15 de junio, donde Juan Manuel Santos es reelegido y derrota a Oscar Iv\u00e1n Zuluaga. Por otro lado, en la mesa de di\u00e1logos de paz se est\u00e1 tocando el tema de v\u00edctimas del conflicto armado; y, con respecto al ELN, este grupo armado empieza a ceder a las condiciones del presidente para consolidar los di\u00e1logos exploratorios que se vienen presentando desde enero.<\/p>\n<p>Palabras clave: Acciones contestatarias, Tropel, Cierre de v\u00edas, Respuestas institucionales, Evacuaci\u00f3n, Grupos clandestinos, ESMAD.<\/p>\n<p>Sugerencia de palabras claves:<\/p>\n<p>Observaciones: Lo citado en el resumen conforma el total de la noticia. Aunque en la noticia no se menciona, acaban de conmemorarse los d\u00edas del estudiante ca\u00eddo: 8 y 9 de junio, donde los grupos clandestinos suelen salir a realizar acciones como \u00e9sta.<\/p>\n<p>Fecha de diligenciamiento: 20\/02\/2019<\/p>\n<h1 style=\"text-align: center;\">***<\/h1>\n<p><strong>N\u00famero de ficha<\/strong>: E107&nbsp;&nbsp;&nbsp;&nbsp;&nbsp;&nbsp;&nbsp;&nbsp;&nbsp;&nbsp;&nbsp;&nbsp;&nbsp;&nbsp;&nbsp;&nbsp;&nbsp;&nbsp;&nbsp;&nbsp;&nbsp;&nbsp;&nbsp;&nbsp;&nbsp;&nbsp;&nbsp;&nbsp;&nbsp;&nbsp;&nbsp;&nbsp;&nbsp;&nbsp;&nbsp;&nbsp;&nbsp;&nbsp;&nbsp;&nbsp;&nbsp;&nbsp;&nbsp;<\/p>\n<p><strong>Diligenciada por: <\/strong>Mariana Villegas Jim\u00e9nez<\/p>\n<p>INFORMACI\u00d3N BIBLIOGR\u00c1FICA<\/p>\n<p>Peri\u00f3dico: El Colombiano<\/p>\n<p>Lugar de edici\u00f3n: Medell\u00edn<\/p>\n<p>Autor personal: Ospina Zapata, Gustavo<\/p>\n<p>Autor corporativo:<\/p>\n<p>Fecha: 2014, agosto, 01<\/p>\n<p>P\u00e1gina: 10<\/p>\n<p>Secci\u00f3n: Metro<\/p>\n<p><strong>Titular: <\/strong>U. de A. saca las motos del campus<\/p>\n<p><strong>Resumen:<\/strong> A partir del 19 de agosto, las motos no ser\u00edan ingresadas a la Universidad, sino que se empezar\u00edan a guardar en el nuevo parqueadero ubicado cerca de la entrada por la avenida Ferrocarril y construido con recursos propios de la Universidad. Los usuarios con alg\u00fan v\u00ednculo como estudiante, docente o empleado de la instituci\u00f3n tendr\u00e1n la posibilidad de ubicar sus veh\u00edculos all\u00ed y no tendr\u00e1n que pagar por ello. Seg\u00fan el vicerrector, John Jairo Arboleda, \u00e9ste \u201c(\u2026) ser\u00e1 un servicio que les dar\u00e1 a los usuarios seguridad y protecci\u00f3n para los veh\u00edculos\u201d, pues, seg\u00fan el vicerrector, se han presentado robos de cascos e incluso de motocicletas dentro del campus universitario.<\/p>\n<p><strong>Im\u00e1genes: <\/strong><\/p>\n<p>INFORMACI\u00d3N ANAL\u00cdTICA<\/p>\n<p>Contexto de la noticia: Las v\u00edctimas del conflicto armado entran a participar en la mesa de di\u00e1logos de paz en el mes de agosto.<\/p>\n<p>Palabras clave: Acciones violentas, Robos, Respuestas institucionales, Arboleda, John Jairo.<\/p>\n<p>Sugerencia de palabras claves:<\/p>\n<p>Observaciones:<\/p>\n<p>Fecha de diligenciamiento: 20\/02\/2019<\/p>\n<h1 style=\"text-align: center;\">***<\/h1>\n<p><strong>N\u00famero de ficha<\/strong>: E108&nbsp;&nbsp;&nbsp;&nbsp;&nbsp;&nbsp;&nbsp;&nbsp;&nbsp;&nbsp;&nbsp;&nbsp;&nbsp;&nbsp;&nbsp;&nbsp;&nbsp;&nbsp;&nbsp;&nbsp;&nbsp;&nbsp;&nbsp;&nbsp;&nbsp;&nbsp;&nbsp;&nbsp;&nbsp;&nbsp;&nbsp;&nbsp;&nbsp;&nbsp;&nbsp;&nbsp;&nbsp;&nbsp;&nbsp;&nbsp;&nbsp;&nbsp;&nbsp;<\/p>\n<p><strong>Diligenciada por: <\/strong>Mariana Villegas Jim\u00e9nez<\/p>\n<p>INFORMACI\u00d3N BIBLIOGR\u00c1FICA<\/p>\n<p>Peri\u00f3dico: El Colombiano<\/p>\n<p>Lugar de edici\u00f3n: Medell\u00edn<\/p>\n<p>Autor personal: Rivera, Daniel &amp; Matta, Nelson<\/p>\n<p>Autor corporativo:<\/p>\n<p>Fecha: 2014, octubre, 07<\/p>\n<p>P\u00e1gina: 5<\/p>\n<p>Secci\u00f3n: Actualidad<\/p>\n<p><strong>Titular: <\/strong>Cr\u00edmenes de V\u00e9lez y Abad son de lesa humanidad<\/p>\n<p><strong>Resumen:<\/strong> \u201cLos homicidios de los Defensores de Derechos Humanos, <em>H\u00e9ctor Abad G\u00f3mez<\/em> y <em>Luis Felipe V\u00e9lez Herrera<\/em>, ser\u00e1n considerados de ahora en adelante como cr\u00edmenes de lesa humanidad\u201d, ya que \u201c(\u2026) re\u00fanen los requisitos que exige el Estatuto de Roma\u201d para adquirir esa categor\u00eda, como lo sugiere el vicefiscal general Jorge Perdomo. Acto seguido, en la noticia se expone c\u00f3mo se presentaron los asesinatos en agosto de 1987 en la sede de Adida.<\/p>\n<p><strong>Im\u00e1genes: <\/strong><\/p>\n<p>INFORMACI\u00d3N ANAL\u00cdTICA<\/p>\n<p>Contexto de la noticia: En el mes de octubre se presenta un paro nacional de la rama judicial. Entre otras noticias, hay protestas y conmoci\u00f3n en M\u00e9xico por la desaparici\u00f3n de los 43 estudiantes de Ayotzinapa en septiembre.<\/p>\n<p>Palabras clave: Abad G\u00f3mez, H\u00e9ctor, V\u00e9lez Herrera, Luis Felipe, Perdomo, Jorge.<\/p>\n<p>Sugerencia de palabras claves:<\/p>\n<p>Observaciones:<\/p>\n<p>Fecha de diligenciamiento: 20\/02\/2019<\/p>\n<h1 style=\"text-align: center;\">***<\/h1>\n<p><strong>N\u00famero de ficha<\/strong>: E109&nbsp;&nbsp;&nbsp;&nbsp;&nbsp;&nbsp;&nbsp;&nbsp;&nbsp;&nbsp;&nbsp;&nbsp;&nbsp;&nbsp;&nbsp;&nbsp;&nbsp;&nbsp;&nbsp;&nbsp;&nbsp;&nbsp;&nbsp;&nbsp;&nbsp;&nbsp;&nbsp;&nbsp;&nbsp;&nbsp;&nbsp;&nbsp;&nbsp;&nbsp;&nbsp;&nbsp;&nbsp;&nbsp;&nbsp;&nbsp;&nbsp;&nbsp;&nbsp;<\/p>\n<p><strong>Diligenciada por: <\/strong>Mariana Villegas Jim\u00e9nez<\/p>\n<p>INFORMACI\u00d3N BIBLIOGR\u00c1FICA<\/p>\n<p>Peri\u00f3dico: El Colombiano<\/p>\n<p>Lugar de edici\u00f3n: Medell\u00edn<\/p>\n<p>Autor personal: Monroy, Juan Carlos<\/p>\n<p>Autor corporativo:<\/p>\n<p>Fecha: 2015, febrero, 28<\/p>\n<p>P\u00e1gina: 13<\/p>\n<p>Secci\u00f3n: Metro<\/p>\n<p><strong>Titular: <\/strong>Estado reconoci\u00f3 que falta justicia por Jes\u00fas M. Valle<\/p>\n<p><strong>Resumen:<\/strong> Tras 17 a\u00f1os del asesinato del defensor de Derechos Humanos, Jes\u00fas Mar\u00eda Valle, se realiz\u00f3 en la Universidad de Antioquia un acto en el cual el Estado colombiano reconoci\u00f3 su responsabilidad, pidi\u00f3 perd\u00f3n y adquiri\u00f3 el compromiso de esclarecer la autor\u00eda intelectual del hecho; ya que, como lo plantean sus familiares y lo afirma el consejero presidencial para los Derechos Humanos, Guillermo Rivera Fl\u00f3rez, \u201csubsiste una impunidad parcial en el caso al no ser determinadas toda la verdad de los hechos y las responsabilidades\u201d. Seg\u00fan la noticia, este acto de perd\u00f3n estuvo seguido de un foro de derechos humanos y, \u201cse suma a la entrega de una placa hace un a\u00f1o en el Palacio de Justicia de Medell\u00edn, en memoria del activista y como medida de reparaci\u00f3n ordenada por el fallo de la CIDH\u201d.<\/p>\n<p><strong>Im\u00e1genes: <\/strong>IMG E109. En la fotograf\u00eda se muestra el acto de perd\u00f3n, donde hacen presencia varios espectadores, en el escenario hay una mesa conformada por siete personas y, al fondo, una fotograf\u00eda de Jes\u00fas Mar\u00eda Valle. Foto: Manuel Saldarriaga.<\/p>\n<p>INFORMACI\u00d3N ANAL\u00cdTICA<\/p>\n<p>Contexto de la noticia: Este hecho se desarrolla en el marco del cumplimiento de los 17 a\u00f1os del asesinato del defensor de Derechos Humanos. Por otro lado, en el mes de febrero fue elegido por el Consejo Superior Universitario el nuevo rector de la Universidad, Mauricio Alviar, acci\u00f3n que no es reconocida como leg\u00edtima por la Asamblea General de Estudiantes, pues se considera que el estudiantado no tiene influencia en esta toma de decisiones, sino que est\u00e1 mediada por los poderes que se mueven en el CSU y las maquinarias partidistas del pa\u00eds. Entre otras cosas, se viene presentando un paro camionero desde el 23 de febrero; este a\u00f1o se presentar\u00e1 un nuevo Plan de Desarrollo; y, a nivel internacional, hay crisis y desabastecimiento en Caracas, Venezuela.<\/p>\n<p>Palabras clave: Acciones de resistencia, Actos simb\u00f3licos, Conmemoraciones, Acciones pedag\u00f3gicas, Valle Jaramillo, Jes\u00fas Mar\u00eda, CIDH, Rivera Fl\u00f3rez, Guillermo.<\/p>\n<p>Sugerencia de palabras claves:<\/p>\n<p>Observaciones: En una noticia publicada el 27 de febrero, en la p\u00e1gina 14 (Metro), se da a conocer que \u201cEn la Plaza de la Libertad fue presentada la nueva Corporaci\u00f3n Jes\u00fas Mar\u00eda Valle, una ONG de derechos humanos que ofrecer\u00e1 asesor\u00eda legal y acompa\u00f1amiento a las v\u00edctimas del conflicto y otras violencias. Sus gestores aseguraron que fue nombrada as\u00ed para conservar el legado del activista asesinado por paramilitares\u201d.<\/p>\n<p>Fecha de diligenciamiento: 24\/02\/2019<\/p>\n<h1 style=\"text-align: center;\">***<\/h1>\n<p><strong>N\u00famero de ficha<\/strong>: E110&nbsp;&nbsp;&nbsp;&nbsp;&nbsp;&nbsp;&nbsp;&nbsp;&nbsp;&nbsp;&nbsp;&nbsp;&nbsp;&nbsp;&nbsp;&nbsp;&nbsp;&nbsp;&nbsp;&nbsp;&nbsp;&nbsp;&nbsp;&nbsp;&nbsp;&nbsp;&nbsp;&nbsp;&nbsp;&nbsp;&nbsp;&nbsp;&nbsp;&nbsp;&nbsp;&nbsp;&nbsp;&nbsp;&nbsp;&nbsp;&nbsp;&nbsp;&nbsp;<\/p>\n<p><strong>Diligenciada por: <\/strong>Mariana Villegas Jim\u00e9nez<\/p>\n<p>INFORMACI\u00d3N BIBLIOGR\u00c1FICA<\/p>\n<p>Peri\u00f3dico: El Colombiano<\/p>\n<p>Lugar de edici\u00f3n: Medell\u00edn<\/p>\n<p>Autor personal:<\/p>\n<p>Autor corporativo:<\/p>\n<p>Fecha: 2015, mayo, 05<\/p>\n<p>P\u00e1gina: 12<\/p>\n<p>Secci\u00f3n: Metro<\/p>\n<p><strong>Titular: <\/strong>Biblioteca de la U. de A. se llamar\u00e1 Carlos Gaviria<\/p>\n<p><strong>Resumen:<\/strong> \u201cEn homenaje a su estudiante, catedr\u00e1tico, dirigente gremial, defensor de los D.H. magistrado de la Corte Constitucional, la U. de A. rinde homenaje a la memoria de Carlos Gaviria D\u00edaz, designando con su nombre a la Biblioteca Central de la ciudadela universitaria. La exaltaci\u00f3n al acad\u00e9mico ser\u00e1 el pr\u00f3ximo viernes [8 de mayo] 9:00 a.m.\u201d.<\/p>\n<p><strong>Im\u00e1genes: <\/strong><\/p>\n<p>INFORMACI\u00d3N ANAL\u00cdTICA<\/p>\n<p>Contexto de la noticia: Por esta \u00e9poca el Gobierno Nacional se encuentra dialogando con Fecode, buscando un acuerdo que permita levantar el paro en el que se encuentran los maestros. Por otro lado, el Congreso est\u00e1 votando el Plan Nacional de Desarrollo y es aprobado en un 50%. En el contexto local, los homicidios en Medell\u00edn siguen bajando, pero se agudiza el desempleo; y, en el Polit\u00e9cnico Jaime Isaza Cadavid se encuentran en paro por falta de recursos. Mientras tanto, en Chile contin\u00faan las protestas por el sistema educativo, contando dos muertos hasta el momento.<\/p>\n<p>Palabras clave: Acciones de resistencia, Actos simb\u00f3licos, Gaviria D\u00edaz, Carlos.<\/p>\n<p>Sugerencia de palabras claves: Homenaje<\/p>\n<p>Observaciones: Tras la muerte de Carlos Gaviria D\u00edaz, se desencadena este homenaje, dando cuenta de lo que represent\u00f3 este personaje para la Universidad de Antioquia.<\/p>\n<p>Fecha de diligenciamiento: 24\/02\/2019<\/p>\n<h1 style=\"text-align: center;\">***<\/h1>\n<p><strong>N\u00famero de ficha<\/strong>: E111&nbsp;&nbsp;&nbsp;&nbsp;&nbsp;&nbsp;&nbsp;&nbsp;&nbsp;&nbsp;&nbsp;&nbsp;&nbsp;&nbsp;&nbsp;&nbsp;&nbsp;&nbsp;&nbsp;&nbsp;&nbsp;&nbsp;&nbsp;&nbsp;&nbsp;&nbsp;&nbsp;&nbsp;&nbsp;&nbsp;&nbsp;&nbsp;&nbsp;&nbsp;&nbsp;&nbsp;&nbsp;&nbsp;&nbsp;&nbsp;&nbsp;&nbsp;&nbsp;<\/p>\n<p><strong>Diligenciada por: <\/strong>Mariana Villegas Jim\u00e9nez<\/p>\n<p>INFORMACI\u00d3N BIBLIOGR\u00c1FICA<\/p>\n<p>Peri\u00f3dico: El Colombiano<\/p>\n<p>Lugar de edici\u00f3n: Medell\u00edn<\/p>\n<p>Autor personal: Loaiza Bran, Jos\u00e9 F.<\/p>\n<p>Autor corporativo:<\/p>\n<p>Fecha: 2015, mayo, 30<\/p>\n<p>P\u00e1gina: 12<\/p>\n<p>Secci\u00f3n: Metro<\/p>\n<p><strong>Titular: <\/strong>Rechazo por amenazas a directivos de la U. de A.<\/p>\n<p><strong>Resumen:<\/strong> \u201cEl rector de la Universidad de Antioquia, <em>Mauricio Alviar<\/em>, llam\u00f3 ayer a la calma luego de que se conocieran mensajes amenazantes en contra suya, as\u00ed como tambi\u00e9n de la decana y el vicedecano de la Facultad de Ciencias Sociales y Humanas, <em>Gloria Patricia Pel\u00e1ez<\/em> y <em>Hernando Mu\u00f1oz S\u00e1nchez<\/em>, respectivamente\u201d. Las amenazas fueron perpetradas a trav\u00e9s de un letrero que dec\u00eda \u201cmuerte Alviar\u201d y, la de los otros directivos, a trav\u00e9s de escritos de burlas e insultos en sus oficinas. Se desconoce la procedencia de estas amenazas, pero el rector descarta que vengan de venteros informales del campus, a quienes est\u00e1 buscando organizar y afirm\u00f3: \u201cEs lamentable que pasen estas cosas en la Universidad. No entiendo qu\u00e9 pasa porque hemos estado siempre abiertos al di\u00e1logo. Hay que ponerles atenci\u00f3n a estos mensajes, pero mantener la calma. Seguimos haciendo pedagog\u00eda y dialogando hasta lograr que estos mensajes desaparezcan. Sin embargo, es un hecho aislado\u201d.<\/p>\n<p><strong>Im\u00e1genes: <\/strong><\/p>\n<p>INFORMACI\u00d3N ANAL\u00cdTICA<\/p>\n<p>Contexto de la noticia: En el Polit\u00e9cnico Jaime Isaza Cadavid contin\u00faa el paro por falta de recursos; y, el 26 de mayo muere Ram\u00f3n Ruiz, jefe hist\u00f3rico de las FARC. Por otro lado, en lo que va del a\u00f1o han sido asesinados tres l\u00edderes de Derechos Humanos en Medell\u00edn, entre ellos Fernando Wolff Isaza, profesor jubilado de la Universidad Nacional.<\/p>\n<p>Palabras clave: Acciones violentas, Amenaza, Rector\u00eda, Alviar, Mauricio (2015-2018), Pel\u00e1ez, Gloria Patricia, Mu\u00f1oz S\u00e1nchez, Hernando.<\/p>\n<p>Sugerencia de palabras claves:<\/p>\n<p>Observaciones: En un fragmento publicado en la secci\u00f3n de Opini\u00f3n el 1 de junio por la Editorial de El Colombiano, se rechazan dichas amenazas, instan a las autoridades a investigar la situaci\u00f3n e invitan a que \u201cno se crea que la violencia puede suscitar cambios o reflexiones respecto del desempe\u00f1o de tan respetados acad\u00e9micos\u201d.<\/p>\n<p>Fecha de diligenciamiento: 24\/02\/2019<\/p>\n<h1 style=\"text-align: center;\">***<\/h1>\n<p><strong>N\u00famero de ficha<\/strong>: E112&nbsp;&nbsp;&nbsp;&nbsp;&nbsp;&nbsp;&nbsp;&nbsp;&nbsp;&nbsp;&nbsp;&nbsp;&nbsp;&nbsp;&nbsp;&nbsp;&nbsp;&nbsp;&nbsp;&nbsp;&nbsp;&nbsp;&nbsp;&nbsp;&nbsp;&nbsp;&nbsp;&nbsp;&nbsp;&nbsp;&nbsp;&nbsp;&nbsp;&nbsp;&nbsp;&nbsp;&nbsp;&nbsp;&nbsp;&nbsp;&nbsp;&nbsp;&nbsp;<\/p>\n<p><strong>Diligenciada por: <\/strong>Mariana Villegas Jim\u00e9nez<\/p>\n<p>INFORMACI\u00d3N BIBLIOGR\u00c1FICA<\/p>\n<p>Peri\u00f3dico: El Colombiano<\/p>\n<p>Lugar de edici\u00f3n: Medell\u00edn<\/p>\n<p>Autor personal:<\/p>\n<p>Autor corporativo:<\/p>\n<p>Fecha: 2015, junio, 05<\/p>\n<p>P\u00e1gina: 10<\/p>\n<p>Secci\u00f3n: Metro<\/p>\n<p><strong>Titular: <\/strong>Disturbios de encapuchados en la U. de A.<\/p>\n<p><strong>Resumen:<\/strong> \u201cDirectivas de la Universidad de Antioquia suspendieron actividades ayer [4 de junio] en la tarde por los disturbios ocasionados por encapuchados que se enfrentaron a la Polic\u00eda. Los des\u00f3rdenes se presentaron al frente, en la calle Barranquilla. El rector, Mauricio Alviar, lament\u00f3 los hechos. La actividad acad\u00e9mica se reanuda hoy\u201d.<\/p>\n<p><strong>Im\u00e1genes: <\/strong><\/p>\n<p>INFORMACI\u00d3N ANAL\u00cdTICA<\/p>\n<p>Contexto de la noticia: En el contexto universitario, el peri\u00f3dico denuncia que se est\u00e1n presentando atracos al as afueras de la Universidad de Antioquia; por su parte, en el Polit\u00e9cnico Jaime Isaza Cadavid contin\u00faa el paro por falta de recursos y algunos estudiantes han sido amenazados. Por otro lado, ya fue anunciada la creaci\u00f3n de una Comisi\u00f3n de la Vedad, en el marco del proceso de paz.<\/p>\n<p>Palabras clave: Acciones contestatarias, Tropel, Respuestas institucionales, Evacuaci\u00f3n, Grupos clandestinos, Polic\u00eda, Rector\u00eda, Alviar, Mauricio (2015-2018).<\/p>\n<p>Sugerencia de palabras claves:<\/p>\n<p>Observaciones: Lo citado en el resumen conforma el total de la noticia.<\/p>\n<p>Fecha de diligenciamiento: 24\/02\/2019<\/p>\n<h1 style=\"text-align: center;\">***<\/h1>\n<p><strong>N\u00famero de ficha<\/strong>: E113&nbsp;&nbsp;&nbsp;&nbsp;&nbsp;&nbsp;&nbsp;&nbsp;&nbsp;&nbsp;&nbsp;&nbsp;&nbsp;&nbsp;&nbsp;&nbsp;&nbsp;&nbsp;&nbsp;&nbsp;&nbsp;&nbsp;&nbsp;&nbsp;&nbsp;&nbsp;&nbsp;&nbsp;&nbsp;&nbsp;&nbsp;&nbsp;&nbsp;&nbsp;&nbsp;&nbsp;&nbsp;&nbsp;&nbsp;&nbsp;&nbsp;&nbsp;&nbsp;<\/p>\n<p><strong>Diligenciada por: <\/strong>Mariana Villegas Jim\u00e9nez<\/p>\n<p>INFORMACI\u00d3N BIBLIOGR\u00c1FICA<\/p>\n<p>Peri\u00f3dico: El Colombiano<\/p>\n<p>Lugar de edici\u00f3n: Medell\u00edn<\/p>\n<p>Autor personal: Trujillo Villa, Camilo.<\/p>\n<p>Autor corporativo:<\/p>\n<p>Fecha: 2015, junio, 11<\/p>\n<p>P\u00e1gina: 11<\/p>\n<p>Secci\u00f3n: Metro<\/p>\n<p><strong>Titular: <\/strong>U. de A. vuelve a clases tras disturbios<\/p>\n<p><strong>Resumen:<\/strong> El d\u00eda 10 de junio se presentaron explosiones, enfrentamientos con la Polic\u00eda y suspensi\u00f3n de las actividades acad\u00e9micas en la Universidad de Antioquia; seg\u00fan la noticia, este suceso se enmarca en la conmemoraci\u00f3n del \u201cd\u00eda del estudiante ca\u00eddo\u201d. El vicerrector general, Carlos V\u00e1squez, conden\u00f3 que la conmemoraci\u00f3n de este d\u00eda \u201cse haya convertido en una conmemoraci\u00f3n beligerante e inst\u00f3 a que este tipo de fechas tengan un car\u00e1cter m\u00e1s simb\u00f3lico, que construya, y que evite tener que suspender las clases en el Alma Mater\u201d.<\/p>\n<p><strong>Im\u00e1genes: <\/strong><\/p>\n<p>INFORMACI\u00d3N ANAL\u00cdTICA<\/p>\n<p>Contexto de la noticia: En el contexto universitario, el peri\u00f3dico denuncia que se est\u00e1n presentando atracos al as afueras de la Universidad de Antioquia; por su parte, en el Polit\u00e9cnico Jaime Isaza Cadavid contin\u00faa el paro por falta de recursos, algunos estudiantes han sido amenazados y se han presentado disturbios. En el contexto nacional, contin\u00faan los ataques por parte de las FARC; y, en el internacional, no cesan las protestas en Chile.<\/p>\n<p>Palabras clave: Acciones de resistencia, Conmemoraciones, D\u00eda del Estudiante Ca\u00eddo, Acciones contestatarias, Tropel, Respuestas institucionales, Evacuaci\u00f3n, Polic\u00eda, V\u00e1squez, Carlos.<\/p>\n<p>Sugerencia de palabras claves:<\/p>\n<p>Observaciones:<\/p>\n<p>Fecha de diligenciamiento: 24\/02\/2019<\/p>\n<h1 style=\"text-align: center;\">***<\/h1>\n<p><strong>N\u00famero de ficha<\/strong>: E114&nbsp;&nbsp;&nbsp;&nbsp;&nbsp;&nbsp;&nbsp;&nbsp;&nbsp;&nbsp;&nbsp;&nbsp;&nbsp;&nbsp;&nbsp;&nbsp;&nbsp;&nbsp;&nbsp;&nbsp;&nbsp;&nbsp;&nbsp;&nbsp;&nbsp;&nbsp;&nbsp;&nbsp;&nbsp;&nbsp;&nbsp;&nbsp;&nbsp;&nbsp;&nbsp;&nbsp;&nbsp;&nbsp;&nbsp;&nbsp;&nbsp;&nbsp;&nbsp;<\/p>\n<p><strong>Diligenciada por: <\/strong>Mariana Villegas Jim\u00e9nez<\/p>\n<p>INFORMACI\u00d3N BIBLIOGR\u00c1FICA<\/p>\n<p>Peri\u00f3dico: El Colombiano<\/p>\n<p>Lugar de edici\u00f3n: Medell\u00edn<\/p>\n<p>Autor personal: Arias Sandoval, Martha<\/p>\n<p>Autor corporativo:<\/p>\n<p>Fecha: 2015, junio, 18<\/p>\n<p>P\u00e1gina: 12<\/p>\n<p>Secci\u00f3n: Metro<\/p>\n<p><strong>Titular: <\/strong>U. de A. suma voces contra la violencia<\/p>\n<p><strong>Resumen:<\/strong> Para el 18 de junio, a las 3:00 de la tarde, estaba programado el acto donde \u2013convocados por el rector Mauricio Alviar\u2013 estudiantes, docentes y dem\u00e1s empleados de la Universidad de Antioquia se reunir\u00edan en la Plazoleta Central y caminar\u00edan hacia la porter\u00eda de Barranquilla para \u201crechazar los hechos violentos\u201d presentados en el campus, leer comunicados, dialogar al respecto y, para terminar, se realizar\u00eda un concierto. Seg\u00fan el vicerrector Carlos V\u00e1squez, \u201cU. de A. te quiero sin violencias, es el nombre de un certamen inspirador, porque habla de t\u00fa a t\u00fa. Es una manera de decirle al individuo miembro de la comunidad acad\u00e9mica y a cada ciudadano que quiera a la Universidad -que somos todos-, que estamos juntos para arroparla y brindarnos plenamente a ella\u201d. Por su parte, a trav\u00e9s de un comunicado, el Consejo Acad\u00e9mico rechaz\u00f3 la violencia y manifest\u00f3: \u201cconsideramos que la universidad, que es una esfera p\u00fablica de la raz\u00f3n, debe ser defendida con la palabra, las razones y los argumentos\u201d. Seg\u00fan la noticia, este acto es desencadenado por los recientes tropeles presentados en la ciudadela universitaria.<\/p>\n<p><strong>Im\u00e1genes: <\/strong><\/p>\n<p>INFORMACI\u00d3N ANAL\u00cdTICA<\/p>\n<p>Contexto de la noticia: Los d\u00edas 4 y 10 de junio algunos encapuchados se presentaron en la Universidad y hubo enfrentamientos con la Polic\u00eda. En el contexto nacional, contin\u00faan los ataques por parte de las FARC; y, en el internacional, no cesan las protestas en Chile.<\/p>\n<p>Palabras clave: Acciones de resistencia, Actividades culturales, Actos simb\u00f3licos, Comunicados, misivas, declaraciones, Respuestas institucionales, Campa\u00f1as de sensibilizaci\u00f3n o denuncia, Estudiantes, Profesores, Empleados, Consejo Acad\u00e9mico, Rector\u00eda, Alviar, Mauricio (2015-2018), V\u00e1squez, Carlos.<\/p>\n<p>Sugerencia de palabras claves:<\/p>\n<p>Observaciones: Como se evidencia en el peri\u00f3dico del d\u00eda 29 de junio (Opini\u00f3n), tambi\u00e9n se instal\u00f3 un mural para que las personas de la Universidad escriban cu\u00e1l es la universidad que quieren. All\u00ed se muestra una fotograf\u00eda del mural, en el que aparecen varias personas escribiendo y en la parte de arriba de \u00e9ste dice \u201cU de A. te quiero sin violencias\u201d, por lo que se asume que es otro acto enmarcado en este llamado a la paz.<\/p>\n<p>Fecha de diligenciamiento: 24\/02\/2019<\/p>\n<h1 style=\"text-align: center;\">***<\/h1>\n<p><strong>N\u00famero de ficha<\/strong>: E115&nbsp;&nbsp;&nbsp;&nbsp;&nbsp;&nbsp;&nbsp;&nbsp;&nbsp;&nbsp;&nbsp;&nbsp;&nbsp;&nbsp;&nbsp;&nbsp;&nbsp;&nbsp;&nbsp;&nbsp;&nbsp;&nbsp;&nbsp;&nbsp;&nbsp;&nbsp;&nbsp;&nbsp;&nbsp;&nbsp;&nbsp;&nbsp;&nbsp;&nbsp;&nbsp;&nbsp;&nbsp;&nbsp;&nbsp;&nbsp;&nbsp;&nbsp;&nbsp;<\/p>\n<p><strong>Diligenciada por: <\/strong>Mariana Villegas Jim\u00e9nez<\/p>\n<p>INFORMACI\u00d3N BIBLIOGR\u00c1FICA<\/p>\n<p>Peri\u00f3dico: El Colombiano<\/p>\n<p>Lugar de edici\u00f3n: Medell\u00edn<\/p>\n<p>Autor personal:<\/p>\n<p>Autor corporativo:<\/p>\n<p>Fecha: 2015, octubre, 10<\/p>\n<p>P\u00e1gina: 14<\/p>\n<p>Secci\u00f3n: Metro<\/p>\n<p><strong>Titular: <\/strong>U. de A. rechaza paro estudiantil indefinido<\/p>\n<p><strong>Resumen:<\/strong> \u201cEl Consejo Acad\u00e9mico de la U. de A., expres\u00f3 su desacuerdo frente al paro estudiantil indefinido, con el que un sector del estudiantado pretende que el consejo en menci\u00f3n derogue el acuerdo 48 en el que instaur\u00f3 un nuevo examen acad\u00e9mico para los bachilleres que aspiran a ingresar a ese centro de educaci\u00f3n superior\u201d.<\/p>\n<p><strong>Im\u00e1genes: <\/strong><\/p>\n<p>INFORMACI\u00d3N ANAL\u00cdTICA<\/p>\n<p>Contexto de la noticia: El 23 de septiembre se firm\u00f3 el acuerdo sobre v\u00edctimas y justicia transicional en la mesa de di\u00e1logos con las FARC, estando cada vez m\u00e1s cerca de finalizar este proceso. Por otro lado, el 19 de octubre hubo cierre de campa\u00f1as para las elecciones regionales que se presentaron el 25 de octubre a nivel nacional.<\/p>\n<p>Palabras clave: Acciones contestatarias, Paro, Estudiantes, Consejo Acad\u00e9mico.<\/p>\n<p>Sugerencia de palabras claves:<\/p>\n<p>Observaciones: Seg\u00fan una noticia publicada el 2 de septiembre, en la p\u00e1gina 32 (Tendencias), el rector de la Universidad, Mauricio Alviar, decidi\u00f3 implementar este cambio en el examen de admisi\u00f3n con el fin de disminuir los porcentajes de deserci\u00f3n en la instituci\u00f3n. Entre otras cosas, seg\u00fan otra noticia publicada el 13 de octubre, en la p\u00e1gina 10 (Metro), el gobernador Sergio Fajardo calific\u00f3 el paro estudiantil como \u201cinnecesario\u201d.<\/p>\n<p>Fecha de diligenciamiento: 24\/02\/2019<\/p>\n<h1 style=\"text-align: center;\">***<\/h1>\n<p><strong>N\u00famero de ficha<\/strong>: E116&nbsp;&nbsp;&nbsp;&nbsp;&nbsp;&nbsp;&nbsp;&nbsp;&nbsp;&nbsp;&nbsp;&nbsp;&nbsp;&nbsp;&nbsp;&nbsp;&nbsp;&nbsp;&nbsp;&nbsp;&nbsp;&nbsp;&nbsp;&nbsp;&nbsp;&nbsp;&nbsp;&nbsp;&nbsp;&nbsp;&nbsp;&nbsp;&nbsp;&nbsp;&nbsp;&nbsp;&nbsp;&nbsp;&nbsp;&nbsp;&nbsp;&nbsp;&nbsp;<\/p>\n<p><strong>Diligenciada por: <\/strong>Mariana Villegas Jim\u00e9nez<\/p>\n<p>INFORMACI\u00d3N BIBLIOGR\u00c1FICA<\/p>\n<p>Peri\u00f3dico: El Colombiano<\/p>\n<p>Lugar de edici\u00f3n: Medell\u00edn<\/p>\n<p>Autor personal: Arias Sandoval, Martha<\/p>\n<p>Autor corporativo:<\/p>\n<p>Fecha: 2015, octubre, 16<\/p>\n<p>P\u00e1gina: 15<\/p>\n<p>Secci\u00f3n: Metro<\/p>\n<p><strong>Titular: <\/strong>Estudiantes de la U. de A. decidir\u00e1n hoy si siguen en paro<\/p>\n<p><strong>Resumen:<\/strong> Desde el 9 de octubre los estudiantes se declararon en paro debido al anuncio de cambio del examen de admisi\u00f3n. En una Asamblea que se realizar\u00eda el d\u00eda 16 de octubre a las 10:00 a.m. definir\u00e1n si se ratifica el cese de actividades, despu\u00e9s de haber sido suspendida la Asamblea del d\u00eda anterior, cuando un grupo de encapuchados hizo presencia en el Teatro Camilo Torres y, luego, quem\u00f3 los torniquetes de la entrada por Barranquilla y se enfrent\u00f3 con el ESMAD, desencadenando la suspensi\u00f3n de actividades en la instituci\u00f3n.<\/p>\n<p><strong>Im\u00e1genes: <\/strong>IMG E116. En la fotograf\u00eda se muestran tres encapuchados en la porter\u00eda de Barranquilla y, al fondo, se ven los torniquetes incendiados. Foto: Cortes\u00eda.<\/p>\n<p>INFORMACI\u00d3N ANAL\u00cdTICA<\/p>\n<p>Contexto de la noticia: Estos hechos se desarrollan en el marco de la coyuntura por el cambio del examen de admisi\u00f3n. El 19 de octubre hubo cierre de campa\u00f1as para las elecciones regionales que se presentaron el 25 de octubre a nivel nacional. El presidente Juan Manuel Santos empieza a presionar a los delegados de la mesa de di\u00e1logos de paz para que terminen de concretar el acuerdo y buscar un cese bilateral al fuego.<\/p>\n<p>Palabras clave: Acciones contestatarias, Tropel, Paro, Respuestas institucionales, Evacuaci\u00f3n, Asamblea de Estudiantes, Grupos clandestinos, ESMAD.<\/p>\n<p>Sugerencia de palabras claves:<\/p>\n<p>Observaciones:<\/p>\n<p>Fecha de diligenciamiento: 24\/02\/2019<\/p>\n<h1 style=\"text-align: center;\">***<\/h1>\n<p><strong>N\u00famero de ficha<\/strong>: E117&nbsp;&nbsp;&nbsp;&nbsp;&nbsp;&nbsp;&nbsp;&nbsp;&nbsp;&nbsp;&nbsp;&nbsp;&nbsp;&nbsp;&nbsp;&nbsp;&nbsp;&nbsp;&nbsp;&nbsp;&nbsp;&nbsp;&nbsp;&nbsp;&nbsp;&nbsp;&nbsp;&nbsp;&nbsp;&nbsp;&nbsp;&nbsp;&nbsp;&nbsp;&nbsp;&nbsp;&nbsp;&nbsp;&nbsp;&nbsp;&nbsp;&nbsp;&nbsp;<\/p>\n<p><strong>Diligenciada por: <\/strong>Mariana Villegas Jim\u00e9nez<\/p>\n<p>INFORMACI\u00d3N BIBLIOGR\u00c1FICA<\/p>\n<p>Peri\u00f3dico: El Colombiano<\/p>\n<p>Lugar de edici\u00f3n: Medell\u00edn<\/p>\n<p>Autor personal: Mart\u00ednez Arango, Rodrigo<\/p>\n<p>Autor corporativo:<\/p>\n<p>Fecha: 2015, octubre, 29<\/p>\n<p>P\u00e1gina: 13<\/p>\n<p>Secci\u00f3n: Metro<\/p>\n<p><strong>Titular: <\/strong>Cierran ocho d\u00edas la Universidad de Antioquia<\/p>\n<p><strong>Resumen:<\/strong> Despu\u00e9s de una reuni\u00f3n, las directivas de la Universidad de Antioquia decidieron suspender las actividades en el campus universitario desde ayer 20 de octubre hasta el 5 de noviembre, respondiendo a rumores de que el examen de admisi\u00f3n ser\u00eda saboteado. En dicho examen regir\u00e1 el nuevo cambio aprobado por el Consejo Acad\u00e9mico, al cual se opone la Asamblea de Estudiantes. Para Jaime Rafael Nieto, presidente de la Asociaci\u00f3n de Profesores, el cierre de la Universidad \u201cdemuestra la impotencia de las directivas para abrirse a un di\u00e1logo creativo con los estamentos que han hecho cr\u00edticas muy argumentadas, en especial sobre la reforma del examen de admisi\u00f3n\u201d.<\/p>\n<p><strong>Im\u00e1genes: <\/strong><\/p>\n<p>INFORMACI\u00d3N ANAL\u00cdTICA<\/p>\n<p>Contexto de la noticia: Estos hechos se desarrollan en el marco de la coyuntura por el cambio del examen de admisi\u00f3n. El 19 de octubre hubo cierre de campa\u00f1as para las elecciones regionales que se presentaron el 25 de octubre a nivel nacional. El presidente Juan Manuel Santos empieza a presionar a los delegados de la mesa de di\u00e1logos de paz para que terminen de concretar el acuerdo y da puntadas de lo que ser\u00eda un posible cese bilateral al fuego.<\/p>\n<p>Palabras clave: Respuestas institucionales, Cierre administrativo, Asamblea de Estudiantes, Rafael Nieto, Jaime.<\/p>\n<p>Sugerencia de palabras claves:<\/p>\n<p>Observaciones: Entre otras cosas, a trav\u00e9s de una noticia publicada el 5 de noviembre, en la p\u00e1gina 12 (Metro), se dio a conocer que los estudiantes de la sede de Segovia de la Universidad de Antioquia declararon un cese de actividades para unirse al paro de comercio programado por algunos mineros de este municipio del Nordeste antioque\u00f1o; en concreto, los estudiantes reclaman la reapertura de cursos presenciales y \u201cla construcci\u00f3n de una nueva sede en esa poblaci\u00f3n\u201d.<\/p>\n<p>Fecha de diligenciamiento: 24\/02\/2019<\/p>\n<h1 style=\"text-align: center;\">***<\/h1>\n<p><strong>N\u00famero de ficha<\/strong>: E118&nbsp;&nbsp;&nbsp;&nbsp;&nbsp;&nbsp;&nbsp;&nbsp;&nbsp;&nbsp;&nbsp;&nbsp;&nbsp;&nbsp;&nbsp;&nbsp;&nbsp;&nbsp;&nbsp;&nbsp;&nbsp;&nbsp;&nbsp;&nbsp;&nbsp;&nbsp;&nbsp;&nbsp;&nbsp;&nbsp;&nbsp;&nbsp;&nbsp;&nbsp;&nbsp;&nbsp;&nbsp;&nbsp;&nbsp;&nbsp;&nbsp;&nbsp;&nbsp;<\/p>\n<p><strong>Diligenciada por: <\/strong>Mariana Villegas Jim\u00e9nez<\/p>\n<p>INFORMACI\u00d3N BIBLIOGR\u00c1FICA<\/p>\n<p>Peri\u00f3dico: El Colombiano<\/p>\n<p>Lugar de edici\u00f3n: Medell\u00edn<\/p>\n<p>Autor personal: Mart\u00ednez Arango, Rodrigo<\/p>\n<p>Autor corporativo:<\/p>\n<p>Fecha: 2015, noviembre, 07<\/p>\n<p>P\u00e1gina: 16<\/p>\n<p>Secci\u00f3n: Metro<\/p>\n<p><strong>Titular: <\/strong>En U. de A. profesores levantan asamblea permanente<\/p>\n<p><strong>Resumen:<\/strong> Fue levantada la asamblea permanente, mecanismo usado por los docentes para apoyar el paro estudiantil. Despu\u00e9s de mencionar que el rector celebr\u00f3 este hecho, la notica comenta que Alviar \u201cindic\u00f3 que el jueves [5 de noviembre], al mediod\u00eda, hubo un evento de encapuchados que le hicieron un homenaje al jefe de las Farc, Alfonso Cano, muerto por el Ej\u00e9rcito el 4 de noviembre de 2011, pero se disolvi\u00f3 r\u00e1pidamente sin inconvenientes\u201d. Por su parte, los estudiantes anunciaron una Asamblea para el pr\u00f3ximo martes, donde discutir\u00e1n el cese de actividades y \u201cuna propuesta que les hizo el Consejo Acad\u00e9mico de analizar el examen para lo cual recomend\u00f3 conformar una comisi\u00f3n con tres representantes de los alumnos y tres de los profesores\u201d.<\/p>\n<p><strong>Im\u00e1genes: <\/strong><\/p>\n<p>INFORMACI\u00d3N ANAL\u00cdTICA<\/p>\n<p>Contexto de la noticia: Estos hechos se desarrollan en el marco de la coyuntura por el cambio del examen de admisi\u00f3n. El Estado reconoce su culpa y pide perd\u00f3n por lo sucedido en la toma del Palacio de Justicia; y, entre otras cosas, alias \u201cJorge 40\u201d es condenado a 16 a\u00f1os de prisi\u00f3n en Estados Unidos. En el marco de los di\u00e1logos de paz, las FARC piden curules directas.<\/p>\n<p>Palabras clave: Asamblea de Estudiantes, Asamblea de Profesores, Rector\u00eda, Alviar, Mauricio (2015-2018), Consejo Acad\u00e9mico, FARC-EP, Cano, Alfonso, Grupos clandestinos.<\/p>\n<p>Sugerencia de palabras claves:<\/p>\n<p>Observaciones: Por su parte, el paro estudiantil se levanta oficialmente el 10 de febrero de 2016 en una Asamblea estudiantil (ver noticia del d\u00eda 11 de febrero de 2016, en la p\u00e1gina 15, Metro)<\/p>\n<p>Fecha de diligenciamiento: 24\/02\/2019<\/p>\n<h1 style=\"text-align: center;\">***<\/h1>\n<p><strong>N\u00famero de ficha<\/strong>: E119&nbsp;&nbsp;&nbsp;&nbsp;&nbsp;&nbsp;&nbsp;&nbsp;&nbsp;&nbsp;&nbsp;&nbsp;&nbsp;&nbsp;&nbsp;&nbsp;&nbsp;&nbsp;&nbsp;&nbsp;&nbsp;&nbsp;&nbsp;&nbsp;&nbsp;&nbsp;&nbsp;&nbsp;&nbsp;&nbsp;&nbsp;&nbsp;&nbsp;&nbsp;&nbsp;&nbsp;&nbsp;&nbsp;&nbsp;&nbsp;&nbsp;&nbsp;&nbsp;<\/p>\n<p><strong>Diligenciada por: <\/strong>Mariana Villegas Jim\u00e9nez<\/p>\n<p>INFORMACI\u00d3N BIBLIOGR\u00c1FICA<\/p>\n<p>Peri\u00f3dico: El Colombiano<\/p>\n<p>Lugar de edici\u00f3n: Medell\u00edn<\/p>\n<p>Autor personal:<\/p>\n<p>Autor corporativo:<\/p>\n<p>Fecha: 2015, noviembre, 20<\/p>\n<p>P\u00e1gina: 10<\/p>\n<p>Secci\u00f3n: Metro<\/p>\n<p><strong>Titular: <\/strong>Amenazan a profesores de la U. de A.<\/p>\n<p><strong>Resumen:<\/strong> \u201cProfesores de Ingenier\u00eda El\u00e9ctrica de la Universidad de Antioquia denunciaron las amenazas de que fueron objeto, a trav\u00e9s de correos electr\u00f3nicos y llamadas telef\u00f3nicas hechas por desconocidos. Las intimidaciones tendr\u00edan relaci\u00f3n con su decisi\u00f3n de dictar clases, pese al paro estudiantil\u201d.<\/p>\n<p><strong>Im\u00e1genes: <\/strong><\/p>\n<p>INFORMACI\u00d3N ANAL\u00cdTICA<\/p>\n<p>Contexto de la noticia: Si, en efecto, la amenaza estar\u00eda vinculada a tal decisi\u00f3n, como se menciona en la noticia, estos hechos se desarrollar\u00edan en el marco de la coyuntura por el cambio del examen de admisi\u00f3n. Entre otras cosas, por esta \u00e9poca se est\u00e1 votando en el Congreso el plebiscito para la paz, quedando aprobado por el Senado a principios de diciembre.<\/p>\n<p>Palabras clave: Acciones violentas, Amenaza, Profesores.<\/p>\n<p>Sugerencia de palabras claves:<\/p>\n<p>Observaciones:<\/p>\n<p>Fecha de diligenciamiento: 24\/02\/2019<\/p>\n<h1 style=\"text-align: center;\">***<\/h1>\n<p><strong>N\u00famero de ficha<\/strong>: E120&nbsp;&nbsp;&nbsp;&nbsp;&nbsp;&nbsp;&nbsp;&nbsp;&nbsp;&nbsp;&nbsp;&nbsp;&nbsp;&nbsp;&nbsp;&nbsp;&nbsp;&nbsp;&nbsp;&nbsp;&nbsp;&nbsp;&nbsp;&nbsp;&nbsp;&nbsp;&nbsp;&nbsp;&nbsp;&nbsp;&nbsp;&nbsp;&nbsp;&nbsp;&nbsp;&nbsp;&nbsp;&nbsp;&nbsp;&nbsp;&nbsp;&nbsp;&nbsp;<\/p>\n<p><strong>Diligenciada por: <\/strong>Mariana Villegas Jim\u00e9nez<\/p>\n<p>INFORMACI\u00d3N BIBLIOGR\u00c1FICA<\/p>\n<p>Peri\u00f3dico: El Colombiano<\/p>\n<p>Lugar de edici\u00f3n: Medell\u00edn<\/p>\n<p>Autor personal: Mart\u00ednez, Rodrigo<\/p>\n<p>Autor corporativo:<\/p>\n<p>Fecha: 2015, noviembre, 20<\/p>\n<p>P\u00e1gina: 13<\/p>\n<p>Secci\u00f3n: Metro<\/p>\n<p><strong>Titular: <\/strong>Por crimen de H\u00e9ctor Abad se\u00f1alan a ex Auc<\/p>\n<p><strong>Resumen:<\/strong> En el marco de la investigaci\u00f3n del asesinato del defensor de Derechos Humanos, H\u00e9ctor Abad G\u00f3mez, \u201cesta vez, la Fiscal\u00eda profiriere medida de aseguramiento en contra de <em>Manuel Salvador Ospina<\/em>, o \u201cM\u00f3vil 5\u201d, exmiembro de las ex Auc, se\u00f1alado como el personaje que asesin\u00f3 al l\u00edder de ese grupo <em>Carlos Casta\u00f1o Gil<\/em>, en compa\u00f1\u00eda de otras ex autodefensas\u201d. Seguidamente, se aclara que este sujeto nunca se desmoviliz\u00f3 y que tambi\u00e9n es investigado por el asesinato de otros profesores como Luis Felipe V\u00e9lez Herrera.<\/p>\n<p><strong>Im\u00e1genes: <\/strong><\/p>\n<p>INFORMACI\u00d3N ANAL\u00cdTICA<\/p>\n<p>Contexto de la noticia: Estas investigaciones se producen en el marco de la declaraci\u00f3n del asesinato de H\u00e9ctor Abad G\u00f3mez como delito de lesa humanidad. Entre otras noticias, por esta \u00e9poca se est\u00e1 votando en el Congreso el plebiscito para la paz, quedando aprobado por el Senado a principios de diciembre.<\/p>\n<p>Palabras clave: Abad G\u00f3mez, H\u00e9ctor, V\u00e9lez Herrera, Luis Felipe, Fiscal\u00eda, Salvador Ospina, Manuel, \u201cM\u00f3vil 5\u201d, Casta\u00f1o Gil, Carlos.<\/p>\n<p>Sugerencia de palabras claves:<\/p>\n<p>Observaciones:<\/p>\n<p>Fecha de diligenciamiento: 24\/02\/2019<\/p>\n<h1 style=\"text-align: center;\">***<\/h1>\n<p><strong>N\u00famero de ficha<\/strong>: E121&nbsp;&nbsp;&nbsp;&nbsp;&nbsp;&nbsp;&nbsp;&nbsp;&nbsp;&nbsp;&nbsp;&nbsp;&nbsp;&nbsp;&nbsp;&nbsp;&nbsp;&nbsp;&nbsp;&nbsp;&nbsp;&nbsp;&nbsp;&nbsp;&nbsp;&nbsp;&nbsp;&nbsp;&nbsp;&nbsp;&nbsp;&nbsp;&nbsp;&nbsp;&nbsp;&nbsp;&nbsp;&nbsp;&nbsp;&nbsp;&nbsp;&nbsp;&nbsp;<\/p>\n<p><strong>Diligenciada por: <\/strong>Mariana Villegas Jim\u00e9nez<\/p>\n<p>INFORMACI\u00d3N BIBLIOGR\u00c1FICA<\/p>\n<p>Peri\u00f3dico: El Colombiano<\/p>\n<p>Lugar de edici\u00f3n: Medell\u00edn<\/p>\n<p>Autor personal: Ospina Zapata, Gustavo<\/p>\n<p>Autor corporativo:<\/p>\n<p>Fecha: 2015, noviembre, 27<\/p>\n<p>P\u00e1gina: 14<\/p>\n<p>Secci\u00f3n: Metro<\/p>\n<p><strong>Titular: <\/strong>U. de A. autoriza cancelar semestre<\/p>\n<p><strong>Resumen:<\/strong> El 26 de noviembre el Consejo Acad\u00e9mico de la Universidad de Antioquia decidi\u00f3 autorizar a las diferentes unidades acad\u00e9micas a cancelar sus cursos o semestres, de acuerdo con los avances de cada una en el marco del paro estudiantil. Seg\u00fan la noticia, el vicerrector general, Carlos V\u00e1squez, \u201caclar\u00f3 que las decisiones no afectan los posgrados ni los programas de las subsedes regionales y precis\u00f3 que los semestres cancelados se repetir\u00e1n sin que los estudiantes deban cancelar dinero para matricularse\u201d.<\/p>\n<p><strong>Im\u00e1genes: <\/strong><\/p>\n<p>INFORMACI\u00d3N ANAL\u00cdTICA<\/p>\n<p>Contexto de la noticia: Estos hechos se desarrollan en el marco de la coyuntura por el cambio del examen de admisi\u00f3n. Entre otras noticias, por esta \u00e9poca se est\u00e1 votando en el Congreso el plebiscito para la paz, quedando aprobado por el Senado a principios de diciembre; los di\u00e1logos de paz entran en una recta final con la firma del acuerdo sobre v\u00edctimas y justicia transicional a mediados de diciembre; y, seg\u00fan alias \u201cGabino\u201d, los di\u00e1logos entre el gobierno y el ELN ya tienen una agenda definida a finales de diciembre.<\/p>\n<p>Palabras clave: Acciones contestatarias, Paro, Respuestas institucionales, Consejo Acad\u00e9mico, V\u00e1squez, Carlos.<\/p>\n<p>Sugerencia de palabras claves:<\/p>\n<p>Observaciones: En una noticia publicada el 21 de noviembre, en la p\u00e1gina 14 (Metro), se da a conocer que el Consejo Acad\u00e9mico determin\u00f3 suspender \u2013no derogar\u2013 el examen de admisi\u00f3n desde el 23 de noviembre hasta abril, para definir si se contin\u00faa con el examen antiguo o con el modificado. De ello se encargar\u00e1 la Comisi\u00f3n conformada por tres miembros del Consejo Acad\u00e9mico, tres representantes de estudiantes y tres de profesores. Por otro lado, en una noticia publicada el 4 de diciembre, en la p\u00e1gina 16 (Metro), se da a conocer que ocho unidades acad\u00e9micas cancelaron cursos, \u201cafectando el programa acad\u00e9mico de m\u00e1s de 12.000 estudiantes del Alma M\u00e1ter\u201d.<\/p>\n<p>Fecha de diligenciamiento: 25\/02\/2019<\/p>\n<h1 style=\"text-align: center;\">***<\/h1>\n<p><strong>N\u00famero de ficha<\/strong>: E122&nbsp;&nbsp;&nbsp;&nbsp;&nbsp;&nbsp;&nbsp;&nbsp;&nbsp;&nbsp;&nbsp;&nbsp;&nbsp;&nbsp;&nbsp;&nbsp;&nbsp;&nbsp;&nbsp;&nbsp;&nbsp;&nbsp;&nbsp;&nbsp;&nbsp;&nbsp;&nbsp;&nbsp;&nbsp;&nbsp;&nbsp;&nbsp;&nbsp;&nbsp;&nbsp;&nbsp;&nbsp;&nbsp;&nbsp;&nbsp;&nbsp;&nbsp;&nbsp;<\/p>\n<p><strong>Diligenciada por: <\/strong>Mariana Villegas Jim\u00e9nez<\/p>\n<p>INFORMACI\u00d3N BIBLIOGR\u00c1FICA<\/p>\n<p>Peri\u00f3dico: El Colombiano<\/p>\n<p>Lugar de edici\u00f3n: Medell\u00edn<\/p>\n<p>Autor personal: Arias Sandoval, Martha<\/p>\n<p>Autor corporativo:<\/p>\n<p>Fecha: 2016, marzo, 04<\/p>\n<p>P\u00e1gina: 15<\/p>\n<p>Secci\u00f3n: Metro<\/p>\n<p><strong>Titular: <\/strong>Pol\u00e9mico acuerdo 480 en la U. de A. no va m\u00e1s<\/p>\n<p><strong>Resumen:<\/strong> Despu\u00e9s de una reuni\u00f3n extraordinaria del Consejo Acad\u00e9mico de la Universidad de Antioquia, se tom\u00f3 la decisi\u00f3n de derogar el acuerdo 480, el cual modificaba el examen de admisi\u00f3n, volviendo a la versi\u00f3n anterior. Esto, a ra\u00edz de las sugerencias de expertos y de diferentes estamentos; adem\u00e1s, deja claro dos cosas: el acuerdo 480 no cumpli\u00f3 las expectativas y el examen de admisi\u00f3n vigente sigue necesitando modificaciones. Estudiantes celebraron la decisi\u00f3n.<\/p>\n<p><strong>Im\u00e1genes: <\/strong><\/p>\n<p>INFORMACI\u00d3N ANAL\u00cdTICA<\/p>\n<p>Contexto de la noticia: Tras la pol\u00e9mica que gener\u00f3 el acuerdo 480 desde el a\u00f1o 2015, donde los estudiantes salieron a paro indefinido en octubre y lo levantaron el 10 de febrero de 2016 en una Asamblea Estudiantil, el Consejo Acad\u00e9mico decide finalmente derogarlo, como hab\u00eda sido solicitado reiteradas veces por los estudiantes. La inconformidad estudiantil lleg\u00f3 al punto del inicio de una recolecci\u00f3n de firmas para solicitar la revocatoria de mandato del rector Mauricio Alviar. Entre otras cosas, las ventas informales dentro del campus siguen prohibidas y son elevadas a falta grave. En el contexto nacional, los di\u00e1logos con las FARC-EP siguen avanzando, mientras el presidente Santos presiona para lograr un Acuerdo Final; por otra parte, a finales del mes de marzo se anuncia el inicio de un proceso de paz entre el Gobierno y el grupo armado ELN.<\/p>\n<p>Palabras clave: Respuestas institucionales, Reforma universitaria, Consejo Acad\u00e9mico, estudiantes.<\/p>\n<p>Sugerencia de palabras claves:<\/p>\n<p>Observaciones: El 2 de marzo, en la p\u00e1gina 17 (Metro), se public\u00f3 una noticia donde se afirma que el Consejo Acad\u00e9mico public\u00f3 un comunicado rechazando mensajes que atacan al rector de la Universidad, pues se han visto algunas pintas en el campus y \u201cse han registrado otras acciones insultantes en contra del rector\u201d. En el comunicado se manifiesta que \u201cmedidas de presi\u00f3n perturban la posibilidad de dar debates con la profundidad y ecuanimidad que se requieren\u201d.<\/p>\n<p>Fecha de diligenciamiento: 28\/02\/2019<\/p>\n<h1 style=\"text-align: center;\">***<\/h1>\n<p><strong>N\u00famero de ficha<\/strong>: E123&nbsp;&nbsp;&nbsp;&nbsp;&nbsp;&nbsp;&nbsp;&nbsp;&nbsp;&nbsp;&nbsp;&nbsp;&nbsp;&nbsp;&nbsp;&nbsp;&nbsp;&nbsp;&nbsp;&nbsp;&nbsp;&nbsp;&nbsp;&nbsp;&nbsp;&nbsp;&nbsp;&nbsp;&nbsp;&nbsp;&nbsp;&nbsp;&nbsp;&nbsp;&nbsp;&nbsp;&nbsp;&nbsp;&nbsp;&nbsp;&nbsp;&nbsp;&nbsp;<\/p>\n<p><strong>Diligenciada por: <\/strong>Mariana Villegas Jim\u00e9nez<\/p>\n<p>INFORMACI\u00d3N BIBLIOGR\u00c1FICA<\/p>\n<p>Peri\u00f3dico: El Colombiano<\/p>\n<p>Lugar de edici\u00f3n: Medell\u00edn<\/p>\n<p>Autor personal: Arias Sandoval, Martha<\/p>\n<p>Autor corporativo:<\/p>\n<p>Fecha: 2016, abril, 29<\/p>\n<p>P\u00e1gina: 14<\/p>\n<p>Secci\u00f3n: Metro<\/p>\n<p><strong>Titular: <\/strong>$45 millones suman los da\u00f1os en U. de A.<\/p>\n<p><strong>Resumen:<\/strong> En $45 millones de pesos fueron valorados los da\u00f1os presentados en el campus universitario el d\u00eda 28 de abril por un grupo de encapuchados, quienes \u201catacaron los torniquetes y otros elementos ubicados en el sistema de entrada de la calle Barranquilla\u201d. Seg\u00fan la noticia, los vigilantes fueron intimidados y, por declaraciones de Roberth Uribe, vicerrector general, se dice que circularon panfletos en rechazo a \u201cunas pr\u00e1cticas de control social y unas acciones para racionalizar el ingreso y salida de la comunidad universitaria\u201d. Por su parte, el gobernador Luis P\u00e9rez asegur\u00f3 que la Universidad ser\u00e1 intervenida para \u201cenfrentar la venta de sustancias sicoactivas\u201d, seg\u00fan redacci\u00f3n de la noticia.<\/p>\n<p><strong>Im\u00e1genes: <\/strong><\/p>\n<p>INFORMACI\u00d3N ANAL\u00cdTICA<\/p>\n<p>Contexto de la noticia: En el contexto nacional se realizan algunas marchas en contra de la \u201cineficiencia del gobierno\u201d; alias \u201cel paisa\u201d llega a la mesa de di\u00e1logos de La Habana; y, a nivel nacional, en Venezuela se est\u00e1 convocando un referendo contra Nicol\u00e1s Maduro.<\/p>\n<p>Palabras clave: Acciones violentas, Intimidaci\u00f3n, Acciones contestatarias, Tropel, Grupos clandestinos, Uribe, Roberth, Gobernador, P\u00e9rez, Luis (2016-2019)<\/p>\n<p>Sugerencia de palabras claves:<\/p>\n<p>Observaciones: A partir de febrero 15 empez\u00f3 a funcionar la nueva empresa de seguridad (Vise) en el campus universitario.<\/p>\n<p>Fecha de diligenciamiento: 28\/02\/2019<\/p>\n<h1 style=\"text-align: center;\">***<\/h1>\n<p><strong>N\u00famero de ficha<\/strong>: E124&nbsp;&nbsp;&nbsp;&nbsp;&nbsp;&nbsp;&nbsp;&nbsp;&nbsp;&nbsp;&nbsp;&nbsp;&nbsp;&nbsp;&nbsp;&nbsp;&nbsp;&nbsp;&nbsp;&nbsp;&nbsp;&nbsp;&nbsp;&nbsp;&nbsp;&nbsp;&nbsp;&nbsp;&nbsp;&nbsp;&nbsp;&nbsp;&nbsp;&nbsp;&nbsp;&nbsp;&nbsp;&nbsp;&nbsp;&nbsp;&nbsp;&nbsp;&nbsp;<\/p>\n<p><strong>Diligenciada por: <\/strong>Mariana Villegas Jim\u00e9nez<\/p>\n<p>INFORMACI\u00d3N BIBLIOGR\u00c1FICA<\/p>\n<p>Peri\u00f3dico: El Colombiano<\/p>\n<p>Lugar de edici\u00f3n: Medell\u00edn<\/p>\n<p>Autor personal:<\/p>\n<p>Autor corporativo:<\/p>\n<p>Fecha: 2016, mayo, 14<\/p>\n<p>P\u00e1gina: 16<\/p>\n<p>Secci\u00f3n: Metro\/Radar<\/p>\n<p><strong>Titular: <\/strong>Captura de j\u00f3venes universitarios<\/p>\n<p><strong>Resumen:<\/strong> El jueves 5 de marzo se present\u00f3 un atentado en tres CAI de la Polic\u00eda en Medell\u00edn, ubicados en Los colores, Aranjuez y 12 de octubre. La hip\u00f3tesis inicial contempl\u00f3 la autor\u00eda del Clan \u00dasuga; pero, seg\u00fan la noticia, el comandante de la Polic\u00eda Metropolitana, general Gerardo Acevedo, \u201cprecis\u00f3 que estos hechos est\u00e1n relacionados, posiblemente, con las capturas realizadas despu\u00e9s de la marcha de D\u00eda del Trabajo de 4 alumnos de la Universidad de Antioquia\u201d. Sin embargo, \u201c<em>Virginia Valencia<\/em>, madre de uno de los estudiantes, respondi\u00f3 que ni su hijo ni los otros tres compa\u00f1eros detenidos hoy en una celda de la Sij\u00edn son terroristas y fueron capturados cuando iban para sus casas luego de asistir a una marcha que no fue violenta\u201d. Seg\u00fan la noticia, la mujer dice tener pruebas de que \u00e9stas fueron capturas ilegales y que pedir\u00e1 cambios del fiscal y del juez que los asegur\u00f3.<\/p>\n<p><strong>Im\u00e1genes: <\/strong><\/p>\n<p>INFORMACI\u00d3N ANAL\u00cdTICA<\/p>\n<p>Contexto de la noticia: En una noticia publicada el 7 de mayo, en la p\u00e1gina 15 (Metro), se dan detalles acerca de lo sucedido, explicando que fueron lanzados unos petardos de corto alcance en los tres CAI aproximadamente al mismo tiempo, pero que los de Aranjuez y 12 de octubre fueron fallidos; adem\u00e1s, se contemplan las hip\u00f3tesis iniciales de los posibles autores del atentado, entre ellos \u201cLa Oficina\u201d y \u201cLos Urabe\u00f1os\u201d. Entre otras noticias, en Medell\u00edn se da un incremento de homicidios en el mes de mayo; en el contexto nacional, \u00c1lvaro Uribe V\u00e9lez llama a la resistencia civil para rechazar el Acuerdo de Paz, mientras el Gobierno busca que \u00e9ste sea especial y haga parte de bloque constitucional. Por \u00faltimo, Nicol\u00e1s Maduro decreta estado de emergencia en Venezuela, mientras la oposici\u00f3n llama a un referendo revocatorio de su mandato.<\/p>\n<p>Palabras clave: Respuestas institucionales, Detenciones, Estudiantes, Sij\u00edn, Acevedo, Gerardo, Valencia, Virginia.<\/p>\n<p>Sugerencia de palabras claves:<\/p>\n<p>Observaciones:<\/p>\n<p>Fecha de diligenciamiento: 05\/03\/2019<\/p>\n<h1 style=\"text-align: center;\">***<\/h1>\n<p><strong>N\u00famero de ficha<\/strong>: E125&nbsp;&nbsp;&nbsp;&nbsp;&nbsp;&nbsp;&nbsp;&nbsp;&nbsp;&nbsp;&nbsp;&nbsp;&nbsp;&nbsp;&nbsp;&nbsp;&nbsp;&nbsp;&nbsp;&nbsp;&nbsp;&nbsp;&nbsp;&nbsp;&nbsp;&nbsp;&nbsp;&nbsp;&nbsp;&nbsp;&nbsp;&nbsp;&nbsp;&nbsp;&nbsp;&nbsp;&nbsp;&nbsp;&nbsp;&nbsp;&nbsp;&nbsp;&nbsp;<\/p>\n<p><strong>Diligenciada por: <\/strong>Mariana Villegas Jim\u00e9nez<\/p>\n<p>INFORMACI\u00d3N BIBLIOGR\u00c1FICA<\/p>\n<p>Peri\u00f3dico: El Colombiano<\/p>\n<p>Lugar de edici\u00f3n: Medell\u00edn<\/p>\n<p>Autor personal: Trujillo Villa, Camilo<\/p>\n<p>Autor corporativo:<\/p>\n<p>Fecha: 2016, junio, 09<\/p>\n<p>P\u00e1gina: 13<\/p>\n<p>Secci\u00f3n: Metro<\/p>\n<p><strong>Titular: <\/strong>U. de A. retoma actividades acad\u00e9micas<\/p>\n<p><strong>Resumen:<\/strong> El 8 de junio se detonaron papas bomba en el campus universitario y se dio orden de evacuaci\u00f3n como medida preventiva, generando posteriormente enfrentamientos entre encapuchados y la fuerza p\u00fablica en la calle Barranquilla, lo que desencaden\u00f3 la interrupci\u00f3n de tr\u00e1fico en la v\u00eda. Seg\u00fan el rector, Mauricio Alviar, \u201cla inmensa mayor\u00eda rechaza este tipo de manifestaciones que enturbian el ambiente universitario, generan un caos vehicular tremendo en la ciudad y no conducen a nada distinto que esos des\u00f3rdenes\u201d. Al final de la noticia aparece un subt\u00edtulo que dice \u201cincidente con una tanqueta\u201d, pero no aclara a qu\u00e9 se refiere con ello; simplemente se menciona que el rector asegur\u00f3 no haber autorizado el ingreso del ESMAD, pero que no puede oponerse a su labor.<\/p>\n<p><strong>Im\u00e1genes: <\/strong><\/p>\n<p>INFORMACI\u00d3N ANAL\u00cdTICA<\/p>\n<p>Contexto de la noticia: Por la fecha, puede decirse que el tropel se da en el marco del d\u00eda del estudiante ca\u00eddo. Entre otras cosas, a finales de mayo inici\u00f3 la minga nacional agraria a la que se une el gremio camionero; adem\u00e1s, el 23 de junio se anuncia el cese al fuego bilateral entre el Gobierno Nacional y las FARC-EP, mientras se discute el \u00faltimo punto para cerrar el Acuerdo de Paz.<\/p>\n<p>Palabras clave: Acciones contestatarias, Tropel, Respuestas institucionales, Evacuaci\u00f3n, Acciones violentas, Ingreso de la fuerza p\u00fablica o Ej\u00e9rcito, ESMAD, Grupos clandestinos, Rector\u00eda, Alviar, Mauricio.<\/p>\n<p>Sugerencia de palabras claves:<\/p>\n<p>Observaciones: Las afirmaciones en la parte final de la noticia dan a entender que el ESMAD ingres\u00f3 al campus universitario, pero no es expl\u00edcito.<\/p>\n<p>Fecha de diligenciamiento: 05\/03\/2019<\/p>\n<h1 style=\"text-align: center;\">***<\/h1>\n<p><strong>N\u00famero de ficha<\/strong>: E126&nbsp;&nbsp;&nbsp;&nbsp;&nbsp;&nbsp;&nbsp;&nbsp;&nbsp;&nbsp;&nbsp;&nbsp;&nbsp;&nbsp;&nbsp;&nbsp;&nbsp;&nbsp;&nbsp;&nbsp;&nbsp;&nbsp;&nbsp;&nbsp;&nbsp;&nbsp;&nbsp;&nbsp;&nbsp;&nbsp;&nbsp;&nbsp;&nbsp;&nbsp;&nbsp;&nbsp;&nbsp;&nbsp;&nbsp;&nbsp;&nbsp;&nbsp;&nbsp;<\/p>\n<p><strong>Diligenciada por: <\/strong>Mariana Villegas Jim\u00e9nez<\/p>\n<p>INFORMACI\u00d3N BIBLIOGR\u00c1FICA<\/p>\n<p>Peri\u00f3dico: El Colombiano<\/p>\n<p>Lugar de edici\u00f3n: Medell\u00edn<\/p>\n<p>Autor personal: Mart\u00ednez Arango, Rodrigo<\/p>\n<p>Autor corporativo:<\/p>\n<p>Fecha: 2016, octubre, 14<\/p>\n<p>P\u00e1gina: 13<\/p>\n<p>Secci\u00f3n: Metro<\/p>\n<p><strong>Titular: <\/strong>P\u00e9rdidas millonarias en U. de A.<\/p>\n<p><strong>Resumen:<\/strong> El 12 de octubre, al dar inicio a la marcha por la paz, un grupo de encapuchados lanz\u00f3 explosivos a los torniquetes, causando da\u00f1os en las porter\u00edas Barranquilla, Metro y Ferrocarril, \u201cas\u00ed como en los sistemas de seguridad, puertas, paredes y techos del campus, que ascienden a los $322 millones\u201d. El 13 se reanudaron las actividades en la Universidad, pero con los disturbios del 12 se vieron afectadas diferentes programaciones que hab\u00eda para este d\u00eda.<\/p>\n<p><strong>Im\u00e1genes: <\/strong><\/p>\n<p>INFORMACI\u00d3N ANAL\u00cdTICA<\/p>\n<p>Contexto de la noticia: La marcha por la paz fue realizada el 12 de octubre a nivel nacional, donde coincidieron diferentes sectores sociales para exigir la pronta implementaci\u00f3n del Acuerdo de Paz entre el Gobierno Nacional y el grupo armado FARC-EP. Varias universidades del pa\u00eds convocaron a la participaci\u00f3n, entre ellas la Universidad de Antioquia, donde varios de sus profesores y estudiantes participaron del plant\u00f3n realizado en el parque de Las Luces. Todo esto se da en el marco de la coyuntura que vive el pa\u00eds por los resultados del plebiscito para la paz, donde despu\u00e9s de haber firmado el Acuerdo de Paz, la votaci\u00f3n arroj\u00f3 una respuesta negativa y se desatan diferentes manifestaciones frente a ello. El Centro Democr\u00e1tico publica lo que considera que deber\u00eda cambiarse en el Acuerdo y, finalmente, el 24 de noviembre se firma un nuevo acuerdo final despu\u00e9s de haberse sentado a negociar nuevamente.<\/p>\n<p>Palabras clave: Acciones contestatarias, Tropel, Acciones violentas, Da\u00f1o a bienes civiles, Respuestas institucionales, Evacuaci\u00f3n, Grupos clandestinos.<\/p>\n<p>Sugerencia de palabras claves:<\/p>\n<p>Observaciones: En una noticia publicada el 13 de octubre (p\u00e1gina 12, Metro), donde se anuncia brevemente lo sucedido el 12 de octubre, se menciona que el rector de la Universidad dio orden de evacuaci\u00f3n.<\/p>\n<p>Fecha de diligenciamiento: 05\/03\/2019<\/p>\n<p>&nbsp;<\/p>\n<p><strong>Fichas Adicionadas <\/strong><\/p>\n<p><strong>N\u00famero de ficha<\/strong>: E126A &nbsp;&nbsp;&nbsp;<\/p>\n<p><strong>Fecha:<\/strong> 9 de octubre de 2016<\/p>\n<p><strong>T\u00edtulo:<\/strong> J\u00f3venes piden a las FARC no ser inferiores al reto<\/p>\n<p><strong>Resumen:<\/strong> estudiantes de universidades y miembros de colectivos juveniles que lideraron las campa\u00f1as por el SI y por el NO previo al Plebiscito por la Paz, hicieron recomendaciones para reajustar el acuerdo de paz entre el Gobierno colombiano y las FARC tras su derrota en el plebiscito.<\/p>\n<p>\u201cJos\u00e9 Miguel Arias, estudiante de Medicina de la Universidad de Antioquia y promotor del NO, lament\u00f3 que en redes circularan memes diciendo que Antioquia solo le hab\u00eda dado cosas malas al pa\u00eds. \u2018Debemos hacer propuestas que sirvan al Gobierno y a los diferentes sectores del S\u00cd y el NO, para que encuentren que plantearle a las FARC. No es una negociaci\u00f3n f\u00e1cil, pero lo m\u00e1s importante es que no se eche a perder el di\u00e1logo. Aunque a algunos no nos gust\u00f3 el Acuerdo, no quiere decir que haya que empezar de cero. Lo mejor es perfeccionarlo, que todos nos sintamos representados\u2019, precis\u00f3 Arias\u201d.<\/p>\n<p><strong>Categor\u00eda:<\/strong> resistencia<\/p>\n<h1 style=\"text-align: center;\">***<\/h1>\n<p>&nbsp;<strong>N\u00famero de ficha<\/strong>: E126B&nbsp;&nbsp;&nbsp;&nbsp;<\/p>\n<p><strong>Fecha:<\/strong> 13 de octubre de 2016<\/p>\n<p><strong>T\u00edtulo:<\/strong> Manifestaciones por la paz, uni\u00f3n in\u00e9dita de diferentes sectores<\/p>\n<p><strong>Resumen:<\/strong> Distintos sectores sociales y acad\u00e9micos de Medell\u00edn se unen a la jornada nacional de marchas y plantones para exigir la implementaci\u00f3n del acuerdo de paz entre el Gobierno y las FARC-EP.&nbsp; Esto luego de que el NO ganara en el Plebiscito por la Paz.<\/p>\n<p>En Medell\u00edn se realiza un plant\u00f3n en el Parque de las Luces en el que participan \u201ccientos de estudiantes y profesores de universidades como la de Antioquia, UPB, Eafit, La Salle, Cooperativa, Nacional, entre otras\u2026\u201d<\/p>\n<p>\u201cQueremos aprovechar todos estos espacios para comprometernos una vez m\u00e1s con la paz, y construirla. Todos estamos comprometidos porque esto hace parte de nuestra raz\u00f3n social, queremos que Colombia tenga unos acuerdos definitivos con las FARC y tambi\u00e9n con el ELN\u201d, dijo Mauricio Alviar Ram\u00edrez, rector de la Universidad de Antioquia\u201d.<\/p>\n<p><strong>Categor\u00eda:<\/strong> resistencia<\/p>\n<h1 style=\"text-align: center;\">***<\/h1>\n<p><strong>N\u00famero de ficha<\/strong>: E127&nbsp;&nbsp;&nbsp;&nbsp;&nbsp;&nbsp;&nbsp;&nbsp;&nbsp;&nbsp;&nbsp;&nbsp;&nbsp;&nbsp;&nbsp;&nbsp;&nbsp;&nbsp;&nbsp;&nbsp;&nbsp;&nbsp;&nbsp;&nbsp;&nbsp;&nbsp;&nbsp;&nbsp;&nbsp;&nbsp;&nbsp;&nbsp;&nbsp;&nbsp;&nbsp;&nbsp;&nbsp;&nbsp;&nbsp;&nbsp;&nbsp;&nbsp;&nbsp;<\/p>\n<p><strong>Diligenciada por: <\/strong>Mariana Villegas Jim\u00e9nez<\/p>\n<p>INFORMACI\u00d3N BIBLIOGR\u00c1FICA<\/p>\n<p>Peri\u00f3dico: El Colombiano<\/p>\n<p>Lugar de edici\u00f3n: Medell\u00edn<\/p>\n<p>Autor personal: Zambrano Benavides, Diego<\/p>\n<p>Autor corporativo:<\/p>\n<p>Fecha: 2016, diciembre, 06<\/p>\n<p>P\u00e1gina: 14<\/p>\n<p>Secci\u00f3n: Metro<\/p>\n<p><strong>Titular: <\/strong>La U. de A. organiza donaci\u00f3n de juguetes<\/p>\n<p><strong>Resumen:<\/strong> Hace seis a\u00f1os, con la ayuda de diferentes integrantes de la Universidad de Antioquia, el Consultorio Jur\u00eddico de esta instituci\u00f3n tuvo la iniciativa de recolectar juguetes en navidad para hacer donaciones y convocar a los ni\u00f1os a una fiesta navide\u00f1a. En el 2015 ser\u00edan aproximadamente 150 ni\u00f1os v\u00edctimas del conflicto armado colombiano quienes recibir\u00edan los regalos recolectados, teniendo en cuenta que cuando las personas son desplazadas, escasamente pueden conseguir el sustento diario y no suelen tener la posibilidad de acceder a regalos en la \u00e9poca de navidad. Seg\u00fan la directora del consultorio, los principales beneficiados provienen del programa Centro de Atenci\u00f3n a V\u00edctimas.<\/p>\n<p><strong>Im\u00e1genes: <\/strong>IMG E127. En la fotograf\u00eda se muestra a dos personas disfrazadas de Papa Noel entregando regalos a algunos ni\u00f1os. Foto: Cortes\u00eda Universidad de Antioquia.<\/p>\n<p>INFORMACI\u00d3N ANAL\u00cdTICA<\/p>\n<p>Contexto de la noticia: El 24 de noviembre se firma la versi\u00f3n final del Acuerdo de Paz con las correcciones realizadas en la etapa de negociaci\u00f3n posterior al plebiscito. Por esta \u00e9poca se habla una vez m\u00e1s de la crisis econ\u00f3mica en las universidades p\u00fablicas.<\/p>\n<p>Palabras clave: Acciones de resistencia, Actos simb\u00f3licos, Actividades culturales, Consultorio Jur\u00eddico.<\/p>\n<p>Sugerencia de palabras claves:<\/p>\n<p>Observaciones:<\/p>\n<p>Fecha de diligenciamiento: 05\/03\/2019<\/p>\n<h1 style=\"text-align: center;\">***<\/h1>\n<p><strong>N\u00famero de ficha<\/strong>: E128&nbsp;&nbsp;&nbsp;&nbsp;&nbsp;&nbsp;&nbsp;&nbsp;&nbsp;&nbsp;&nbsp;&nbsp;&nbsp;&nbsp;&nbsp;&nbsp;&nbsp;&nbsp;&nbsp;&nbsp;&nbsp;&nbsp;&nbsp;&nbsp;&nbsp;&nbsp;&nbsp;&nbsp;&nbsp;&nbsp;&nbsp;&nbsp;&nbsp;&nbsp;&nbsp;&nbsp;&nbsp;&nbsp;&nbsp;&nbsp;&nbsp;&nbsp;&nbsp;<\/p>\n<p><strong>Diligenciada por: <\/strong>Mariana Villegas Jim\u00e9nez<\/p>\n<p>INFORMACI\u00d3N BIBLIOGR\u00c1FICA<\/p>\n<p>Peri\u00f3dico: El Colombiano<\/p>\n<p>Lugar de edici\u00f3n: Medell\u00edn<\/p>\n<p>Autor personal: Ospina Zapata, Gustavo<\/p>\n<p>Autor corporativo:<\/p>\n<p>Fecha: 2016, diciembre, 17<\/p>\n<p>P\u00e1gina: 4-5<\/p>\n<p>Secci\u00f3n: Tema del d\u00eda<\/p>\n<p><strong>Titular: <\/strong>Juli\u00e1n Ochoa y esa muerte que no se va<\/p>\n<p><strong>Resumen:<\/strong> En la entrevista realizada al periodista Juli\u00e1n Alberto Ochoa Restrepo se relata c\u00f3mo se llev\u00f3 a cabo el atentado contra su vida el 23 de mayo de 2005, mientras daba clases en Andes. Para ese tiempo, Juli\u00e1n Ochoa era profesor de comunicaciones en la Universidad de Antioquia y era tambi\u00e9n profesor en una escuela rural en el corregimiento de San Bartolo, Andes. Con dos impactos de bala propinados por un sicario, Juli\u00e1n logr\u00f3 sobrevivir, pero el atentado dej\u00f3 secuelas que persisten once a\u00f1os despu\u00e9s; adem\u00e1s, las afecciones no s\u00f3lo fueron f\u00edsicas, \u201cvinieron el exilio en Uruguay, el retorno al pa\u00eds con su hogar perdido y la debacle econ\u00f3mica\u201d. A pesar de que desconoce la procedencia del atentado, Juli\u00e1n reconoce que trabajaba en un canal comunitario y ya hab\u00edan sido asesinados varios de sus integrantes.<\/p>\n<p><strong>Im\u00e1genes: <\/strong><\/p>\n<p>INFORMACI\u00d3N ANAL\u00cdTICA<\/p>\n<p>Contexto de la noticia: Esta entrevista se presenta como una de las evidencias del peligro que sigue representando para los periodistas su oficio, aun hoy despu\u00e9s de la firma del Acuerdo y el inicio de un proceso de paz y reconciliaci\u00f3n. El 24 de noviembre se firma la versi\u00f3n final del Acuerdo de Paz con las correcciones realizadas en la etapa de negociaci\u00f3n posterior al plebiscito. Por esta \u00e9poca se habla una vez m\u00e1s de la crisis econ\u00f3mica en las universidades p\u00fablicas.<\/p>\n<p>Palabras clave: Acciones de resistencia, Exilio, Acciones violentas, Amenaza, Profesores, Ochoa Restrepo, Juli\u00e1n.<\/p>\n<p>Sugerencia de palabras claves: Intento de asesinato.<\/p>\n<p>Observaciones:<\/p>\n<p>Fecha de diligenciamiento: 05\/03\/2019<\/p>\n<h1 style=\"text-align: center;\">***<\/h1>\n<p><strong>N\u00famero de ficha<\/strong>: E129&nbsp;&nbsp;&nbsp;&nbsp;&nbsp;&nbsp;&nbsp;&nbsp;&nbsp;&nbsp;&nbsp;&nbsp;&nbsp;&nbsp;&nbsp;&nbsp;&nbsp;&nbsp;&nbsp;&nbsp;&nbsp;&nbsp;&nbsp;&nbsp;&nbsp;&nbsp;&nbsp;&nbsp;&nbsp;&nbsp;&nbsp;&nbsp;&nbsp;&nbsp;&nbsp;&nbsp;&nbsp;&nbsp;&nbsp;&nbsp;&nbsp;&nbsp;&nbsp;<\/p>\n<p><strong>Diligenciada por: <\/strong>Mariana Villegas Jim\u00e9nez<\/p>\n<p>INFORMACI\u00d3N BIBLIOGR\u00c1FICA<\/p>\n<p>Peri\u00f3dico: El Colombiano<\/p>\n<p>Lugar de edici\u00f3n: Medell\u00edn<\/p>\n<p>Autor personal: Mart\u00ednez Arango, Rodrigo<\/p>\n<p>Autor corporativo:<\/p>\n<p>Fecha: 2017, marzo, 04<\/p>\n<p>P\u00e1gina: 12<\/p>\n<p>Secci\u00f3n: Metro<\/p>\n<p><strong>Titular: <\/strong>Periodista Leonidas Gonz\u00e1lez fue asesinado<\/p>\n<p><strong>Resumen:<\/strong> La noticia confirma que el periodista deportivo de 50 a\u00f1os fue asesinado, el cuerpo de Leonidas Gonz\u00e1lez fue hallado cerca de su lugar de residencia en Bello, \u201csu cr\u00e1neo presentaba m\u00faltiples fracturas con arma contundente y su cuerpo fue arrastrado varios metros por la manga donde finalmente fue dejado\u201d. Adem\u00e1s de pertenecer a la Asociaci\u00f3n de Redactores Deportivos de Antioquia y ser narrador de distintos deportes, Leonidas era estudiante de periodismo en la Universidad de Antioquia. \u201cDistintas asociaciones period\u00edsticas y organizaciones defensores de Derechos Humanos protestaron por su muerte y exigieron de las autoridades una investigaci\u00f3n de fondo para determinar las causas y responsables\u201d.<\/p>\n<p><strong>Im\u00e1genes: <\/strong><\/p>\n<p>INFORMACI\u00d3N ANAL\u00cdTICA<\/p>\n<p>Contexto de la noticia: Durante el mes de febrero se da un incremento de homicidios en la ciudad de Medell\u00edn y se vienen presentando asesinatos de l\u00edderes sociales en Antioquia. A mediados de marzo el senado aprueba la creaci\u00f3n de la JEP; y, se est\u00e1n presentando denuncias y capturas por los sobornos del caso Odebrecht.<\/p>\n<p>Palabras clave: Acciones violentas, Asesinato, Estudiantes, Gonz\u00e1lez, Leonidas, Asociaci\u00f3n de Redactores Deportivos de Antioquia.<\/p>\n<p>Sugerencia de palabras claves:<\/p>\n<p>Observaciones: Por otra noticia publicada el 28 de febrero, en la p\u00e1gina 15 (Metro), se sabe que el cuerpo fue hallado el 27 de febrero, pero para ese momento no estaba confirmado el homicidio. Adem\u00e1s, en esta noticia se afirma que, seg\u00fan su familia, la v\u00edctima sali\u00f3 de su casa el domingo 26 de febrero a las 11 de la noche para encontrarse con unos amigos; y, por otro lado, que la Acord en un comunicado lament\u00f3 su muerte y solicit\u00f3 el esclarecimiento de los hechos.<\/p>\n<p>Fecha de diligenciamiento: 08\/03\/2019<\/p>\n<h1 style=\"text-align: center;\">***<\/h1>\n<p><strong>N\u00famero de ficha<\/strong>: E130&nbsp;&nbsp;&nbsp;&nbsp;&nbsp;&nbsp;&nbsp;&nbsp;&nbsp;&nbsp;&nbsp;&nbsp;&nbsp;&nbsp;&nbsp;&nbsp;&nbsp;&nbsp;&nbsp;&nbsp;&nbsp;&nbsp;&nbsp;&nbsp;&nbsp;&nbsp;&nbsp;&nbsp;&nbsp;&nbsp;&nbsp;&nbsp;&nbsp;&nbsp;&nbsp;&nbsp;&nbsp;&nbsp;&nbsp;&nbsp;&nbsp;&nbsp;&nbsp;<\/p>\n<p><strong>Diligenciada por: <\/strong>Mariana Villegas Jim\u00e9nez<\/p>\n<p>INFORMACI\u00d3N BIBLIOGR\u00c1FICA<\/p>\n<p>Peri\u00f3dico: El Colombiano<\/p>\n<p>Lugar de edici\u00f3n: Medell\u00edn<\/p>\n<p>Autor personal: Cort\u00e9s Rodas, Francisco<\/p>\n<p>Autor corporativo:<\/p>\n<p>Fecha: 2017, marzo, 07<\/p>\n<p>P\u00e1gina: 27<\/p>\n<p>Secci\u00f3n: Opini\u00f3n<\/p>\n<p><strong>Titular: <\/strong>La U. ante el reto de la construcci\u00f3n de la paz<\/p>\n<p><strong>Resumen:<\/strong> En su columna, el autor quiere dar cuenta de la responsabilidad que tienen las instituciones de educaci\u00f3n superior en la implementaci\u00f3n de los Acuerdos de Paz y menciona iniciativas que est\u00e1n trabajando en ello como \u201cel Pacto P\u00fablico por una Educaci\u00f3n para la Paz\u201d y la \u201cAlianza de las Universidades por la Paz\u201d. En este punto, en autor da a conocer que \u201cEn la Universidad de Antioquia, como tarea de an\u00e1lisis, debate y pedagog\u00eda, haremos, desde ma\u00f1ana al viernes, el Simposio Internacional \u201cJusticia transicional y derecho penal internacional\u201d (\u2026)\u201d.<\/p>\n<p><strong>Im\u00e1genes: <\/strong><\/p>\n<p>INFORMACI\u00d3N ANAL\u00cdTICA<\/p>\n<p>Contexto de la noticia: Durante el mes de febrero se da un incremento de homicidios en la ciudad de Medell\u00edn y se vienen presentando asesinatos de l\u00edderes sociales en Antioquia. A mediados de marzo el senado aprueba la creaci\u00f3n de la JEP; y, se est\u00e1n presentando denuncias y capturas por los sobornos del caso Odebrecht.<\/p>\n<p>Palabras clave: Acciones de resistencia, Acciones pedag\u00f3gicas, Simposio Internacional \u201cJusticia transicional y derecho penal internacional\u201d.<\/p>\n<p>Sugerencia de palabras claves:<\/p>\n<p>Observaciones: Esta breve menci\u00f3n en esta columna de opini\u00f3n es lo \u00fanico que se da a conocer en el peri\u00f3dico acerca del Simposio.<\/p>\n<p>Fecha de diligenciamiento: 11\/03\/2019<\/p>\n<h1 style=\"text-align: center;\">***<\/h1>\n<p><strong>N\u00famero de ficha<\/strong>: E131&nbsp;&nbsp;&nbsp;&nbsp;&nbsp;&nbsp;&nbsp;&nbsp;&nbsp;&nbsp;&nbsp;&nbsp;&nbsp;&nbsp;&nbsp;&nbsp;&nbsp;&nbsp;&nbsp;&nbsp;&nbsp;&nbsp;&nbsp;&nbsp;&nbsp;&nbsp;&nbsp;&nbsp;&nbsp;&nbsp;&nbsp;&nbsp;&nbsp;&nbsp;&nbsp;&nbsp;&nbsp;&nbsp;&nbsp;&nbsp;&nbsp;&nbsp;&nbsp;<\/p>\n<p><strong>Diligenciada por: <\/strong>Mariana Villegas Jim\u00e9nez<\/p>\n<p>INFORMACI\u00d3N BIBLIOGR\u00c1FICA<\/p>\n<p>Peri\u00f3dico: El Colombiano<\/p>\n<p>Lugar de edici\u00f3n: Medell\u00edn<\/p>\n<p>Autor personal:<\/p>\n<p>Autor corporativo:<\/p>\n<p>Fecha: 2017, marzo, 09<\/p>\n<p>P\u00e1gina: 13<\/p>\n<p>Secci\u00f3n: Metro<\/p>\n<p><strong>Titular: <\/strong>V\u00edctimas no pagar\u00e1n examen en la U. de A.<\/p>\n<p><strong>Resumen:<\/strong> \u201cExonerados del pago de derechos de inscripci\u00f3n para presentar el examen de admisi\u00f3n, quedaron los aspirantes a la Universidad de Antioquia, para el segundo semestre, que sean v\u00edctimas del conflicto armado en Colombia. La decisi\u00f3n la tomaron, ayer, las directivas universitarias con el fin de aportar a la paz en el pa\u00eds\u201d.<\/p>\n<p><strong>Im\u00e1genes: <\/strong><\/p>\n<p>INFORMACI\u00d3N ANAL\u00cdTICA<\/p>\n<p>Contexto de la noticia: Durante el mes de febrero se da un incremento de homicidios en la ciudad de Medell\u00edn y se vienen presentando asesinatos de l\u00edderes sociales en Antioquia. A mediados de marzo el senado aprueba la creaci\u00f3n de la JEP; y, se est\u00e1n presentando denuncias y capturas por los sobornos del caso Odebrecht.<\/p>\n<p>Palabras clave: Acciones de resistencia, Actos simb\u00f3licos, Respuestas institucionales, Reforma universitaria.<\/p>\n<p>Sugerencia de palabras claves: Las palabras clave, como en esta y en algunas otras fichas, pueden no ce\u00f1irse exactamente a la descripci\u00f3n del manual, pero son hechos que considero relevantes por la coyuntura que vive el pa\u00eds y el papel que juega la Universidad en ella. Si bien este hecho no se enmarca en lo que se describe en el manual como \u201cacto simb\u00f3lico\u201d, considero que lo es en el sentido de que muestra cierta postura de la Universidad frente a la implementaci\u00f3n del proceso de paz en el pa\u00eds.<\/p>\n<p>Observaciones: En una noticia publicada el 18 de mayo, en la p\u00e1gina 14 (Metro), se da a conocer que fueron admitidas 128 personas.<\/p>\n<p>Fecha de diligenciamiento: 11\/03\/2019<\/p>\n<h1 style=\"text-align: center;\">***<\/h1>\n<p><strong>N\u00famero de ficha<\/strong>: E132&nbsp;&nbsp;&nbsp;&nbsp;&nbsp;&nbsp;&nbsp;&nbsp;&nbsp;&nbsp;&nbsp;&nbsp;&nbsp;&nbsp;&nbsp;&nbsp;&nbsp;&nbsp;&nbsp;&nbsp;&nbsp;&nbsp;&nbsp;&nbsp;&nbsp;&nbsp;&nbsp;&nbsp;&nbsp;&nbsp;&nbsp;&nbsp;&nbsp;&nbsp;&nbsp;&nbsp;&nbsp;&nbsp;&nbsp;&nbsp;&nbsp;&nbsp;&nbsp;<\/p>\n<p><strong>Diligenciada por: <\/strong>Mariana Villegas Jim\u00e9nez<\/p>\n<p>INFORMACI\u00d3N BIBLIOGR\u00c1FICA<\/p>\n<p>Peri\u00f3dico: El Colombiano<\/p>\n<p>Lugar de edici\u00f3n: Medell\u00edn<\/p>\n<p>Autor personal: Carvajal, Estefan\u00eda &amp; Isaza, Mateo<\/p>\n<p>Autor corporativo:<\/p>\n<p>Fecha: 2017, junio, 02<\/p>\n<p>P\u00e1gina: 13<\/p>\n<p>Secci\u00f3n: Metro<\/p>\n<p><strong>Titular: <\/strong>Campus de la U. de A. amanece cerrado<\/p>\n<p><strong>Resumen:<\/strong> El campus de la Universidad de Antioquia sede Medell\u00edn permanecer\u00e1 cerrado entre los d\u00edas 2 y 4 de junio, debido a tres atracos ocurridos dentro del campus en las \u00faltimas 48 horas. Dos de ellos fueron a mano armada donde, en el primero, una profesora fue intimidada y despojada de sus pertenencias, al igual que en el segundo, donde la v\u00edctima fue una estudiante; por su parte, el tercer robo se produjo en una oficina, de la cual fueron extra\u00eddos unos computadores. Seg\u00fan el rector, la seguridad de la Alma Mater fue redoblada y se informa que \u00e9ste dar\u00eda una rueda de prensa dando a conocer las medidas de seguridad que ser\u00edan implementadas a partir del lunes 5.<\/p>\n<p><strong>Im\u00e1genes: <\/strong><\/p>\n<p>INFORMACI\u00d3N ANAL\u00cdTICA<\/p>\n<p>Contexto de la noticia: Por estos d\u00edas se est\u00e1 dando inicio a las discusiones del plan de desarrollo a diez a\u00f1os de la Universidad de Antioquia; y, en el Polit\u00e9cnico Jaime Isaza Cadavid se encuentran en paro por presupuesto y aumento en el valor de la matr\u00edcula. En el contexto nacional contin\u00faa el esc\u00e1ndalo por los sobornos de Odebrecht y la disputa por Bel\u00e9n de Bajir\u00e1. A finales de mayo las FARC entregan armas a la ONU.<\/p>\n<p>Palabras clave: Acciones violentas, Robos, Intimidaci\u00f3n, Respuestas institucionales, Cierre administrativo, Profesores, Estudiantes, Rector\u00eda, Alviar, Mauricio.<\/p>\n<p>Sugerencia de palabras claves:<\/p>\n<p>Observaciones:<\/p>\n<p>Fecha de diligenciamiento: 11\/03\/2019<\/p>\n<h1 style=\"text-align: center;\">***<\/h1>\n<p><strong>N\u00famero de ficha<\/strong>: E133&nbsp;&nbsp;&nbsp;&nbsp;&nbsp;&nbsp;&nbsp;&nbsp;&nbsp;&nbsp;&nbsp;&nbsp;&nbsp;&nbsp;&nbsp;&nbsp;&nbsp;&nbsp;&nbsp;&nbsp;&nbsp;&nbsp;&nbsp;&nbsp;&nbsp;&nbsp;&nbsp;&nbsp;&nbsp;&nbsp;&nbsp;&nbsp;&nbsp;&nbsp;&nbsp;&nbsp;&nbsp;&nbsp;&nbsp;&nbsp;&nbsp;&nbsp;&nbsp;<\/p>\n<p><strong>Diligenciada por: <\/strong>Mariana Villegas Jim\u00e9nez<\/p>\n<p>INFORMACI\u00d3N BIBLIOGR\u00c1FICA<\/p>\n<p>Peri\u00f3dico: El Colombiano<\/p>\n<p>Lugar de edici\u00f3n: Medell\u00edn<\/p>\n<p>Autor personal: Arias Sandoval, Martha<\/p>\n<p>Autor corporativo:<\/p>\n<p>Fecha: 2017, junio, 06<\/p>\n<p>P\u00e1gina: 13<\/p>\n<p>Secci\u00f3n: Metro<\/p>\n<p><strong>Titular: <\/strong>Mayores controles para ingresar a U. de A.<\/p>\n<p><strong>Resumen:<\/strong> Durante el fin de semana se llevaron a cabo operativos dentro del campus universitario, de los cuales \u201cparticiparon, seg\u00fan el rector, la Personer\u00eda de Medell\u00edn, la Secretar\u00eda de Seguridad, la Fiscal\u00eda y la Polic\u00eda, entre otros\u201d. Fueron halladas sustancias como marihuana en algunos casilleros, por lo que las autoridades se encuentran investigando al respecto y tambi\u00e9n \u201cse investigan hechos de inseguridad y posible presencia de personas al margen de la ley\u201d. Seg\u00fan el rector \u201cel resultado de la inspecci\u00f3n demuestra que los problemas de seguridad de la Universidad est\u00e1n relacionados con personal externo al claustro universitario\u201d. Por \u00faltimo, en la noticia se afirma que, adem\u00e1s del carn\u00e9 universitario, se est\u00e1 solicitando un documento de identidad adicional para ingresar; agregando que las ventas informales por parte de externos en las instalaciones del campus est\u00e1n prohibidas y que \u201clas directivas universitarias tambi\u00e9n prohibieron las rumbas promovidas por redes sociales y que inclu\u00edan \u201csexo, drogas y alcohol\u201d, seg\u00fan el rector\u201d.<\/p>\n<p><strong>Im\u00e1genes: <\/strong><\/p>\n<p>INFORMACI\u00d3N ANAL\u00cdTICA<\/p>\n<p>Contexto de la noticia: Por estos d\u00edas se est\u00e1 dando inicio a las discusiones del plan de desarrollo a diez a\u00f1os de la Universidad de Antioquia; y, en el Polit\u00e9cnico Jaime Isaza Cadavid se encuentran en paro por presupuesto y aumento en el valor de la matr\u00edcula. En Medell\u00edn se vienen presentado balaceras entre combos en Altavista. En el contexto nacional contin\u00faa el esc\u00e1ndalo por los sobornos de Odebrecht y la disputa por Bel\u00e9n de Bajir\u00e1. A finales de mayo las FARC entregan armas a la ONU.<\/p>\n<p>Palabras clave: Acciones violentas, Ingreso de la fuerza p\u00fablica o Ej\u00e9rcito, Respuestas institucionales, Reapertura, Personer\u00eda de Medell\u00edn, Secretar\u00eda de Seguridad, fiscal\u00eda, Polic\u00eda, Rector\u00eda, Alviar, Mauricio.<\/p>\n<p>Sugerencia de palabras claves:<\/p>\n<p>Observaciones:<\/p>\n<p>Fecha de diligenciamiento: 12\/03\/2019<\/p>\n<h1 style=\"text-align: center;\">***<\/h1>\n<p><strong>N\u00famero de ficha<\/strong>: E134&nbsp;&nbsp;&nbsp;&nbsp;&nbsp;&nbsp;&nbsp;&nbsp;&nbsp;&nbsp;&nbsp;&nbsp;&nbsp;&nbsp;&nbsp;&nbsp;&nbsp;&nbsp;&nbsp;&nbsp;&nbsp;&nbsp;&nbsp;&nbsp;&nbsp;&nbsp;&nbsp;&nbsp;&nbsp;&nbsp;&nbsp;&nbsp;&nbsp;&nbsp;&nbsp;&nbsp;&nbsp;&nbsp;&nbsp;&nbsp;&nbsp;&nbsp;&nbsp;<\/p>\n<p><strong>Diligenciada por: <\/strong>Mariana Villegas Jim\u00e9nez<\/p>\n<p>INFORMACI\u00d3N BIBLIOGR\u00c1FICA<\/p>\n<p>Peri\u00f3dico: El Colombiano<\/p>\n<p>Lugar de edici\u00f3n: Medell\u00edn<\/p>\n<p>Autor personal: Palacio, Jos\u00e9 Guillermo<\/p>\n<p>Autor corporativo:<\/p>\n<p>Fecha: 2017, agosto, 25<\/p>\n<p>P\u00e1gina: 4-5<\/p>\n<p>Secci\u00f3n: Actualidad<\/p>\n<p><strong>Titular: <\/strong>1987, el a\u00f1o siniestro en la Universidad de Antioquia<\/p>\n<p><strong>Resumen:<\/strong> Esta noticia hace un recuento de los hechos violentos sucedidos en la Universidad de Antioquia durante 1987 por la irrupci\u00f3n de una estructura paramilitar y el contexto que viv\u00eda el pa\u00eds en ese momento. Entre profesores y estudiantes de la Universidad de Antioquia asesinados en este a\u00f1o \u2013e impunes hasta el momento\u2013, se mencionan a Dar\u00edo Garrido, Edison Casta\u00f1o Ortega, Jos\u00e9 Abad S\u00e1nchez, John Jairo Villa Pel\u00e1ez, Jos\u00e9 Ignacio Londo\u00f1o, Carlos L\u00f3pez Bedoya, Carlos Gaviria. Frente al horror, los integrantes de la Universidad, junto con quienes decidieron unirse a la protesta, decidieron movilizarse el 13 de agosto en la denominada \u201cMarcha de los Claveles\u201d, entre ellos Pedro Luis Valencia y H\u00e9ctor Abad G\u00f3mez. El primero fue asesinado al d\u00eda siguiente y de ah\u00ed se desat\u00f3 otra racha de asesinatos, entre las v\u00edctimas se encuentran Felipe V\u00e9lez, H\u00e9ctor Abad G\u00f3mez y Leonardo Betancur; al sepelio de quienes asisti\u00f3 una gran multitud. Carlos Gaviria D\u00edaz se exilia despu\u00e9s de los hechos \u2013al igual que muchas otras personas que ten\u00edan alg\u00fan v\u00ednculo con la U. de A. Posteriormente, en el \u00faltimo trimestre del a\u00f1o, son asesinados Rodrigo Guzm\u00e1n, Orlando Casta\u00f1eda S\u00e1nchez, Luz Marina Ram\u00edrez, Carlos Gaviria y Luis Fernando V\u00e9lez V\u00e9lez. El autor termina acotando c\u00f3mo la historia hoy se repite, contando 52 l\u00edderes asesinados durante el primer semestre de 2017.<\/p>\n<p><strong>Im\u00e1genes: <\/strong>IMG E134. Se muestra una serie de tres fotograf\u00edas; en orden consecutivo consisten en el sepelio de H\u00e9ctor Abad G\u00f3mez, un estudiante sentado en el suelo que agacha su cabeza entre sus brazos y, por \u00faltimo, una foto del asesinato de H\u00e9ctor Abad y Leonardo Betancur. Sin autores.<\/p>\n<p>INFORMACI\u00d3N ANAL\u00cdTICA<\/p>\n<p>Contexto de la noticia: Esta publicaci\u00f3n se da en el marco de la conmemoraci\u00f3n de los 30 a\u00f1os de la racha de asesinatos y entre otras acciones violentas que se presentaron especialmente en la Universidad de Antioquia en aquel momento. En el contexto nacional contin\u00faa el esc\u00e1ndalo por los sobornos de Odebrecht.<\/p>\n<p>Palabras clave: Acciones violentas, Asesinato selectivo, Acciones de resistencia, Movilizaci\u00f3n social, Exilio, Actos simb\u00f3licos, Garrido, Dar\u00edo, Casta\u00f1o Ortega, Edison, Abad S\u00e1nchez, Jos\u00e9, Villa Pel\u00e1ez, John Jairo, Londo\u00f1o, Jos\u00e9 Ignacio, L\u00f3pez Bedoya, Carlos, Gaviria, Carlos, Valencia, Pedro Luis, Abad G\u00f3mez, H\u00e9ctor, V\u00e9lez, Felipe, Betancur, Leonardo, Gaviria D\u00edaz, Carlos, Guzm\u00e1n, Rodrigo, Casta\u00f1eda S\u00e1nchez, Orlando, Ram\u00edrez, Luz Marina, V\u00e9lez V\u00e9lez, Luis Fernando,&nbsp; \u201cMarcha de los Claveles\u201d, Estudiantes, Profesores, Paramilitares.<\/p>\n<p>Sugerencia de palabras claves:<\/p>\n<p>Observaciones: Si bien la noticia no relata ning\u00fan hecho sucedido en el momento de la publicaci\u00f3n, consider\u00e9 importante ficharla en el sentido de que la fuente est\u00e1 reconociendo y llamando la atenci\u00f3n hoy sobre el terror que se vivi\u00f3 en la Universidad en el a\u00f1o 1987 y mencionando con nombre propio las v\u00edctimas de los hechos.<\/p>\n<p>Fecha de diligenciamiento: 12\/03\/2019<\/p>\n<h1 style=\"text-align: center;\">***<\/h1>\n<p><strong>N\u00famero de ficha<\/strong>: E135&nbsp;&nbsp;&nbsp;&nbsp;&nbsp;&nbsp;&nbsp;&nbsp;&nbsp;&nbsp;&nbsp;&nbsp;&nbsp;&nbsp;&nbsp;&nbsp;&nbsp;&nbsp;&nbsp;&nbsp;&nbsp;&nbsp;&nbsp;&nbsp;&nbsp;&nbsp;&nbsp;&nbsp;&nbsp;&nbsp;&nbsp;&nbsp;&nbsp;&nbsp;&nbsp;&nbsp;&nbsp;&nbsp;&nbsp;&nbsp;&nbsp;&nbsp;&nbsp;<\/p>\n<p><strong>Diligenciada por: <\/strong>Mariana Villegas Jim\u00e9nez<\/p>\n<p>INFORMACI\u00d3N BIBLIOGR\u00c1FICA<\/p>\n<p>Peri\u00f3dico: El Colombiano<\/p>\n<p>Lugar de edici\u00f3n: Medell\u00edn<\/p>\n<p>Autor personal: Zambrano Benavides, Diego<\/p>\n<p>Autor corporativo:<\/p>\n<p>Fecha: 2017, agosto, 25<\/p>\n<p>P\u00e1gina: 15<\/p>\n<p>Secci\u00f3n: Metro<\/p>\n<p><strong>Titular: <\/strong>Rector llam\u00f3 a continuar las clases en la U. de A.<\/p>\n<p><strong>Resumen:<\/strong> El rector de la Universidad de Antioquia, Mauricio Alviar, desconoce la decisi\u00f3n de la Asamblea de Estudiantes de cesar actividades y convocar a sesiones permanentes, en el marco de la coyuntura del llamado a elecci\u00f3n de un representante estudiantil ante el Consejo Superior Universitario, por lo que convoca al regreso a clases. Por su parte, el organismo estudiantil rechaza las elecciones convocadas por el rector para el 5 de septiembre, por impositivas y porque, seg\u00fan algunos l\u00edderes estudiantiles, se presume una manipulaci\u00f3n de la situaci\u00f3n por parte del rector, teniendo en cuenta que estar\u00eda buscando reelegirse en el cargo en las elecciones de 2018. Seg\u00fan el rector, su pretensi\u00f3n es cumplir con la ley y respetar a los estudiantes que se presentaron a la convocatoria y ya tienen sus planchas inscritas.<\/p>\n<p><strong>Im\u00e1genes: <\/strong><\/p>\n<p>INFORMACI\u00d3N ANAL\u00cdTICA<\/p>\n<p>Contexto de la noticia: El 29 de agosto se llev\u00f3 a cabo una Asamblea multiestamentaria, de la cual particip\u00f3 el rector y los estudiantes solicitaron aplazar la consulta mencionada hasta el 2018, pero el rector confirm\u00f3 que la consulta ser\u00eda realizada y que s\u00f3lo en caso de ganar el voto en blanco, se realizar\u00edan en 2018. Sin embargo, posteriormente el proceso de consulta fue declarado desierto porque todos los aspirantes renunciaron a la candidatura.<\/p>\n<p>Palabras clave: Acciones contestatarias, Asamblea Estudiantil, Rector\u00eda, Alviar, Mauricio.<\/p>\n<p>Sugerencia de palabras claves:<\/p>\n<p>Observaciones:<\/p>\n<p>Fecha de diligenciamiento: 12\/03\/2019<\/p>\n<h1 style=\"text-align: center;\">***<\/h1>\n<p><strong>N\u00famero de ficha<\/strong>: E136&nbsp;&nbsp;&nbsp;&nbsp;&nbsp;&nbsp;&nbsp;&nbsp;&nbsp;&nbsp;&nbsp;&nbsp;&nbsp;&nbsp;&nbsp;&nbsp;&nbsp;&nbsp;&nbsp;&nbsp;&nbsp;&nbsp;&nbsp;&nbsp;&nbsp;&nbsp;&nbsp;&nbsp;&nbsp;&nbsp;&nbsp;&nbsp;&nbsp;&nbsp;&nbsp;&nbsp;&nbsp;&nbsp;&nbsp;&nbsp;&nbsp;&nbsp;&nbsp;<\/p>\n<p><strong>Diligenciada por: <\/strong>Mariana Villegas Jim\u00e9nez<\/p>\n<p>INFORMACI\u00d3N BIBLIOGR\u00c1FICA<\/p>\n<p>Peri\u00f3dico: El Colombiano<\/p>\n<p>Lugar de edici\u00f3n: Medell\u00edn<\/p>\n<p>Autor personal: Carvajal, Estefan\u00eda<\/p>\n<p>Autor corporativo:<\/p>\n<p>Fecha: 2017, octubre, 12<\/p>\n<p>P\u00e1gina: 15<\/p>\n<p>Secci\u00f3n: Metro<\/p>\n<p><strong>Titular: <\/strong>Protesta alter\u00f3 la calma en la U. de A.<\/p>\n<p><strong>Resumen:<\/strong> El 11 de octubre se orden\u00f3 evacuar el campus de la Universidad de Antioquia, debido a que un grupo de encapuchados lanz\u00f3 explosivos, provocando tambi\u00e9n la cancelaci\u00f3n de un concierto que estaba programado para las horas de la tarde. All\u00ed, se presentaron enfrentamientos con el ESMAD, los encapuchados bloquearon la calle Barranquilla y una moto result\u00f3 quemada. El alcalde, Federico Guti\u00e9rrez, rechaz\u00f3 los hechos a trav\u00e9s de su cuenta de Twitter. A pesar de que un vocero de la Administraci\u00f3n maneja hip\u00f3tesis sobre el motivo de la protesta como la conmemoraci\u00f3n de la muerte del Che Guevara, el D\u00eda de la Raza y el apoyo a una marcha por la financiaci\u00f3n de las universidades p\u00fablicas, el discurso de los encapuchados se refiri\u00f3 a la muerte de seis campesinos en Tumaco, que tiene en investigaci\u00f3n a algunos integrantes de la Polic\u00eda.<\/p>\n<p><strong>Im\u00e1genes: <\/strong><\/p>\n<p>INFORMACI\u00d3N ANAL\u00cdTICA<\/p>\n<p>Contexto de la noticia: Seg\u00fan una noticia publicada el 9 de octubre, la muerte de dichos campesinos en Tumaco se present\u00f3 el 5 de octubre, en medio de protestas de cultivadores de coca contra la erradicaci\u00f3n forzosa por parte la Polic\u00eda Antinarc\u00f3ticos. Los manifestantes aseguran que las muertes se dieron por ataques de la Fuerza P\u00fablica, versi\u00f3n que, en parte, Medicina Legal confirma porque \u00e9stas fueron producidas por impacto de proyectil a una distancia que no se considera corta, desmintiendo la versi\u00f3n del Gobierno que afirmaba que los culpables ser\u00edan disidentes de las FARC infiltrados en la misma protesta.<\/p>\n<p>Palabras clave: Acciones contestatarias, Tropel, Cierre de v\u00edas, Acciones violentas, Da\u00f1o a bienes civiles, Respuestas institucionales, Evacuaci\u00f3n, Alcalde, Guti\u00e9rrez, Federico (2016-2019), Grupos clandestinos, ESMAD.<\/p>\n<p>Sugerencia de palabras claves:<\/p>\n<p>Observaciones:<\/p>\n<p>Fecha de diligenciamiento: 12\/03\/2019<\/p>\n<h1 style=\"text-align: center;\">***<\/h1>\n<p><strong>N\u00famero de ficha<\/strong>: E137&nbsp;&nbsp;&nbsp;&nbsp;&nbsp;&nbsp;&nbsp;&nbsp;&nbsp;&nbsp;&nbsp;&nbsp;&nbsp;&nbsp;&nbsp;&nbsp;&nbsp;&nbsp;&nbsp;&nbsp;&nbsp;&nbsp;&nbsp;&nbsp;&nbsp;&nbsp;&nbsp;&nbsp;&nbsp;&nbsp;&nbsp;&nbsp;&nbsp;&nbsp;&nbsp;&nbsp;&nbsp;&nbsp;&nbsp;&nbsp;&nbsp;&nbsp;&nbsp;<\/p>\n<p><strong>Diligenciada por:<\/strong> Mariana Villegas Jim\u00e9nez<\/p>\n<p>INFORMACI\u00d3N BIBLIOGR\u00c1FICA<\/p>\n<p>Peri\u00f3dico: El Colombiano<\/p>\n<p>Lugar de edici\u00f3n: Medell\u00edn<\/p>\n<p>Autor personal: Mac\u00edas, Javier Alexander<\/p>\n<p>Autor corporativo:<\/p>\n<p>Fecha: 2018, junio, 01<\/p>\n<p>P\u00e1gina: 8<\/p>\n<p>Secci\u00f3n: Actualidad<\/p>\n<p><strong>Titular: <\/strong>El Aro, la masacre de los \u201cparas\u201d que no precluir\u00e1<\/p>\n<p><strong>Resumen:<\/strong> La Sala Penal de Corte Suprema de Justicia declar\u00f3 cr\u00edmenes de lesa humanidad las masacres de El Aro, La Granja, San Roque y el asesinato de Jes\u00fas Mar\u00eda Valle Jaramillo, con base en las indagaciones preliminares a quien era gobernador de Antioquia para ese momento: \u00c1lvaro Uribe V\u00e9lez. En la noticia se aclara que esta declaratoria implica que dichos cr\u00edmenes no prescriban y explican someramente estos hechos delictivos perpetrados por paramilitares.<\/p>\n<p><strong>Im\u00e1genes: <\/strong><\/p>\n<p>INFORMACI\u00d3N ANAL\u00cdTICA<\/p>\n<p>Contexto de la noticia: Desde hace algunos meses se vienen presentando asesinatos de l\u00edderes sociales; ha aumentado notoriamente el desplazamiento intraurbano en varios departamentos del pa\u00eds, incluyendo a Antioquia; y, el 27 de mayo se llevaron a cabo las primeras elecciones presidenciales y la segunda vuelta se dio el 17 de junio, donde Iv\u00e1n Duque resulta ganador.<\/p>\n<p>Palabras clave: Valle Jaramillo, Jes\u00fas Mar\u00eda, Corte Suprema de Justicia, Uribe V\u00e9lez, \u00c1lvaro.<\/p>\n<p>Sugerencia de palabras claves:<\/p>\n<p>Observaciones: Seg\u00fan una noticia publicada el 2 de junio en la p\u00e1gina 9 (Actualidad), tras esta decisi\u00f3n, Jaime Granados, abogado de \u00c1lvaro Uribe \u201cinstaur\u00f3 un recurso de reposici\u00f3n para anular los procesos que cursan contra el actual senador en la Sala Penal de la Corte Suprema, incluso los declarados de lesa humanidad, Uribe asegur\u00f3 que le pidi\u00f3 a su defensor retirar esa solicitud de nulidad\u201d.<\/p>\n<p>Fecha de diligenciamiento: 15\/03\/2019<\/p>\n<h1 style=\"text-align: center;\">***<\/h1>\n<p><strong>N\u00famero de ficha<\/strong>: E138&nbsp;&nbsp;&nbsp;&nbsp;&nbsp;&nbsp;&nbsp;&nbsp;&nbsp;&nbsp;&nbsp;&nbsp;&nbsp;&nbsp;&nbsp;&nbsp;&nbsp;&nbsp;&nbsp;&nbsp;&nbsp;&nbsp;&nbsp;&nbsp;&nbsp;&nbsp;&nbsp;&nbsp;&nbsp;&nbsp;&nbsp;&nbsp;&nbsp;&nbsp;&nbsp;&nbsp;&nbsp;&nbsp;&nbsp;&nbsp;&nbsp;&nbsp;&nbsp;<\/p>\n<p><strong>Diligenciada por: <\/strong>Mariana Villegas Jim\u00e9nez<\/p>\n<p>INFORMACI\u00d3N BIBLIOGR\u00c1FICA<\/p>\n<p>Peri\u00f3dico: El Colombiano<\/p>\n<p>Lugar de edici\u00f3n: Medell\u00edn<\/p>\n<p>Autor personal: Ortiz Jim\u00e9nez, Juan Diego<\/p>\n<p>Autor corporativo:<\/p>\n<p>Fecha: 2018, agosto, 15<\/p>\n<p>P\u00e1gina: 14<\/p>\n<p>Secci\u00f3n: Metro<\/p>\n<p><strong>Titular: <\/strong>Ti\u00f1eron la fuente de la U. de A. durante disturbios en campus<\/p>\n<p><strong>Resumen:<\/strong> El 14 de agosto fueron suspendidas las actividades y se dio orden de evacuaci\u00f3n en el campus universitario, luego de que un grupo de encapuchados detonara papas bomba, robara extintores de la Biblioteca, da\u00f1ara las c\u00e1maras de seguridad y prendiera llantas en la calle Barranquilla. Seg\u00fan el vicerrector, Elmer Gaviria Rivera, \u201cPintaron algunos grafitis en muros. Se dirigieron a la porter\u00eda de la calle Barranquilla y se enfrentaron con el Esmad\u201d. La fuente ubicada en la plazoleta central fue te\u00f1ida de rojo, hasta el momento se desconoce el material utilizado, pero se sabe que el hecho estuvo ligado a la protesta. Seg\u00fan la noticia, los hechos se asocian a la persecuci\u00f3n y asesinato de l\u00edderes sociales, citando a uno de los encapuchados que afirm\u00f3: \u201cDenunciamos persecuci\u00f3n y exterminio de los l\u00edderes sociales\u201d; adem\u00e1s, agreg\u00f3 que Antioquia ocupa el segundo lugar en asesinatos de l\u00edderes, van 45 desde 2016.<\/p>\n<p><strong>Im\u00e1genes: <\/strong>IMG E138. En la fotograf\u00eda se muestra c\u00f3mo la fuente emana agua te\u00f1ida de color rojo. Foto: Tomada de Twitter.<\/p>\n<p>INFORMACI\u00d3N ANAL\u00cdTICA<\/p>\n<p>Contexto de la noticia: El 6 de julio se realiz\u00f3 una \u201cvelat\u00f3n\u201d a nivel nacional para denunciar el asesinato sistem\u00e1tico de l\u00edderes sociales; la crisis de Hidroituango est\u00e1 en auge y el ANLA le abre una investigaci\u00f3n; y, por otra parte, los di\u00e1logos con el ELN permanecen congelados mientras se realiza el empalme presidencial y se revisa en qu\u00e9 va este proceso.<\/p>\n<p>Palabras clave: Acciones de resistencia, Actos simb\u00f3licos, Acciones contestatarias, Tropel, Pintas, Acciones violentas, Robo, Respuestas institucionales, Evacuaci\u00f3n, Grupos clandestinos, ESMAD, Vicerrector Gaviria Rivera, Elmer,<\/p>\n<p>Sugerencia de palabras claves:<\/p>\n<p>Observaciones: En otra noticia publicada el 16 de agosto, en la p\u00e1gina 9 (Metro), se afirma que esta protesta dej\u00f3 p\u00e9rdidas por $80 millones de pesos.<\/p>\n<p>Fecha de diligenciamiento: 15\/03\/2019<\/p>\n<h1 style=\"text-align: center;\">***<\/h1>\n<p><strong>N\u00famero de ficha<\/strong>: E139&nbsp;&nbsp;&nbsp;&nbsp;&nbsp;&nbsp;&nbsp;&nbsp;&nbsp;&nbsp;&nbsp;&nbsp;&nbsp;&nbsp;&nbsp;&nbsp;&nbsp;&nbsp;&nbsp;&nbsp;&nbsp;&nbsp;&nbsp;&nbsp;&nbsp;&nbsp;&nbsp;&nbsp;&nbsp;&nbsp;&nbsp;&nbsp;&nbsp;&nbsp;&nbsp;&nbsp;&nbsp;&nbsp;&nbsp;&nbsp;&nbsp;&nbsp;&nbsp;<\/p>\n<p><strong>Diligenciada por: <\/strong>Mariana Villegas Jim\u00e9nez<\/p>\n<p>INFORMACI\u00d3N BIBLIOGR\u00c1FICA<\/p>\n<p>Peri\u00f3dico: El Colombiano<\/p>\n<p>Lugar de edici\u00f3n: Medell\u00edn<\/p>\n<p>Autor personal:<\/p>\n<p>Autor corporativo:<\/p>\n<p>Fecha: 2018, agosto, 22<\/p>\n<p>P\u00e1gina: 10<\/p>\n<p>Secci\u00f3n: Metro<\/p>\n<p><strong>Titular: <\/strong>U. de A. hace un llamado a la vida<\/p>\n<p><strong>Resumen:<\/strong> Tras el asesinato de Bayron Alberto Viana Morales, conductor adscrito a la Universidad de Antioquia, la instituci\u00f3n public\u00f3 un comunicado rechazando los hechos, y reza lo siguiente: \u201ccomo instituci\u00f3n universitaria que reconoce el respeto por la vida como m\u00e1xima expresi\u00f3n de civilidad y convivencia, manifestamos nuestro repudio ante el acto criminal que acab\u00f3 con su vida\u201d.<\/p>\n<p><strong>Im\u00e1genes: <\/strong><\/p>\n<p>INFORMACI\u00d3N ANAL\u00cdTICA<\/p>\n<p>Contexto de la noticia: En cuanto al contexto universitario, el 23 de agosto los docentes de la U. de A. inician un cese de actividades por condiciones laborales. Entre otras noticias, el 21 de agosto fue capturado alias \u201cPichi\u201d, uno de los cabecillas de \u201cLa Oficina\u201d. La crisis venezolana contin\u00faa y, por su parte, tambi\u00e9n la de Hidroituango. El 26 de agosto se lleva a cabo la Consulta Anticorrupci\u00f3n.<\/p>\n<p>Palabras clave: Acciones violentas, Asesinato, Viana Morales, Bayron Alberto, Acciones de resistencia, Comunicados, misivas, declaraciones.<\/p>\n<p>Sugerencia de palabras claves:<\/p>\n<p>Observaciones:<\/p>\n<p>Fecha de diligenciamiento: 15\/03\/2019<\/p>\n<h1 style=\"text-align: center;\">***<\/h1>\n<p><strong>N\u00famero de ficha<\/strong>: E140&nbsp;&nbsp;&nbsp;&nbsp;&nbsp;&nbsp;&nbsp;&nbsp;&nbsp;&nbsp;&nbsp;&nbsp;&nbsp;&nbsp;&nbsp;&nbsp;&nbsp;&nbsp;&nbsp;&nbsp;&nbsp;&nbsp;&nbsp;&nbsp;&nbsp;&nbsp;&nbsp;&nbsp;&nbsp;&nbsp;&nbsp;&nbsp;&nbsp;&nbsp;&nbsp;&nbsp;&nbsp;&nbsp;&nbsp;&nbsp;&nbsp;&nbsp;&nbsp;<\/p>\n<p><strong>Diligenciada por: <\/strong>Mariana Villegas Jim\u00e9nez<\/p>\n<p>INFORMACI\u00d3N BIBLIOGR\u00c1FICA<\/p>\n<p>Peri\u00f3dico: El Colombiano<\/p>\n<p>Lugar de edici\u00f3n: Medell\u00edn<\/p>\n<p>Autor personal:<\/p>\n<p>Autor corporativo:<\/p>\n<p>Fecha: 2018, septiembre, 01<\/p>\n<p>P\u00e1gina: 12<\/p>\n<p>Secci\u00f3n: Metro<\/p>\n<p><strong>Titular: <\/strong>U. de A. crea espacio para di\u00e1logos de paz<\/p>\n<p><strong>Resumen:<\/strong> \u201cLa Universidad de Antioquia anunci\u00f3 la creaci\u00f3n de la Unidad de Paz, dependencia que pretende acercar a la instituci\u00f3n a los procesos de paz del Estado Colombiano a trav\u00e9s de acciones que promuevan la participaci\u00f3n de la academia en este tipo de procesos. Hugo Alberto Buitrago ser\u00e1 el director\u201d.<\/p>\n<p><strong>Im\u00e1genes: <\/strong><\/p>\n<p>INFORMACI\u00d3N ANAL\u00cdTICA<\/p>\n<p>Contexto de la noticia: La crisis de las Instituciones de Educaci\u00f3n Superior es evidente, por lo que el Consejo Directivo de la Universidad de Antioquia, a trav\u00e9s de un comunicado, le solicit\u00f3 al Gobierno Nacional que estudie y solucione la financiaci\u00f3n de las IES; en el marco de dicha crisis, se llevan a cabo reiteradas marchas a nivel nacional. Desde el 23 de agosto los docentes de la U. de A. se encuentran en cese de actividades por sus condiciones laborales. Entre otras noticias, se desconoce el paradero de 4 exjefes guerrilleros: \u201cIv\u00e1n M\u00e1rquez\u201d, \u201cRoma\u00f1a\u201d, \u201cEl Paisa\u201d y \u201cFabi\u00e1n Ram\u00edrez\u201d; los l\u00edderes sociales del pa\u00eds siguen siendo amenazados y asesinados; el Ministro de Defensa Guillermo Botero acusa a la protesta social de ser financiada por la mafia; y, la Ruta del Sol 2 es investigada por corrupci\u00f3n.<\/p>\n<p>Palabras clave: Acciones de resistencia, Creaci\u00f3n de organizaciones, colectivos o redes, Unidad de Paz, Buitrago, Hugo Alberto.<\/p>\n<p>Sugerencia de palabras claves:<\/p>\n<p>Observaciones:<\/p>\n<p>Fecha de diligenciamiento: 15\/03\/2019<\/p>\n<h1 style=\"text-align: center;\">***<\/h1>\n<p><strong>N\u00famero de ficha<\/strong>: E141&nbsp;&nbsp;&nbsp;&nbsp;&nbsp;&nbsp;&nbsp;&nbsp;&nbsp;&nbsp;&nbsp;&nbsp;&nbsp;&nbsp;&nbsp;&nbsp;&nbsp;&nbsp;&nbsp;&nbsp;&nbsp;&nbsp;&nbsp;&nbsp;&nbsp;&nbsp;&nbsp;&nbsp;&nbsp;&nbsp;&nbsp;&nbsp;&nbsp;&nbsp;&nbsp;&nbsp;&nbsp;&nbsp;&nbsp;&nbsp;&nbsp;&nbsp;&nbsp;<\/p>\n<p><strong>Diligenciada por: <\/strong>Mariana Villegas Jim\u00e9nez<\/p>\n<p>INFORMACI\u00d3N BIBLIOGR\u00c1FICA<\/p>\n<p>Peri\u00f3dico: El Colombiano<\/p>\n<p>Lugar de edici\u00f3n: Medell\u00edn<\/p>\n<p>Autor personal: Cardona, Laura cristina<\/p>\n<p>Autor corporativo:<\/p>\n<p>Fecha: 2018, octubre, 12<\/p>\n<p>P\u00e1gina: 12<\/p>\n<p>Secci\u00f3n: Metro<\/p>\n<p><strong>Titular: <\/strong>Universidades p\u00fablicas no dan su brazo a torcer<\/p>\n<p><strong>Resumen:<\/strong> La Universidad Nacional sede Medell\u00edn y la Universidad de Antioquia llaman a paro indefinido para reclamar por la crisis de financiaci\u00f3n de las universidades p\u00fablicas. En la primera, en el campus del cerro El Volador varios estudiantes se encuentran acampando a modo de protesta y, en la U. de A., se encuentran definiendo la agenda a seguir hasta el d\u00eda 17 en que ser\u00e1 aprobado el presupuesto nacional para 2019.<\/p>\n<p><strong>Im\u00e1genes: <\/strong><\/p>\n<p>INFORMACI\u00d3N ANAL\u00cdTICA<\/p>\n<p><strong>Contexto de la noticia:<\/strong> El mi\u00e9rcoles 10 de octubre se llev\u00f3 a cabo una gran marcha en el marco de la movilizaci\u00f3n y a finales de octubre se acuerda abrir una mesa de di\u00e1logo entre estudiantes y el Gobierno Nacional. Entre otras noticias, el presidente Iv\u00e1n Duque se niega a declarar un cese al fuego bilateral con el ELN; y, la crisis de Hidroituango contin\u00faa.<\/p>\n<p>Palabras clave: Acciones contestatarias, Paro, Estudiantes.<\/p>\n<p>Sugerencia de palabras claves:<\/p>\n<p>Observaciones:<\/p>\n<p>Fecha de diligenciamiento: 18\/03\/2019<\/p>\n<h1 style=\"text-align: center;\">***<\/h1>\n<p><strong>N\u00famero de ficha<\/strong>: E142&nbsp;&nbsp;&nbsp;&nbsp;&nbsp;&nbsp;&nbsp;&nbsp;&nbsp;&nbsp;&nbsp;&nbsp;&nbsp;&nbsp;&nbsp;&nbsp;&nbsp;&nbsp;&nbsp;&nbsp;&nbsp;&nbsp;&nbsp;&nbsp;&nbsp;&nbsp;&nbsp;&nbsp;&nbsp;&nbsp;&nbsp;&nbsp;&nbsp;&nbsp;&nbsp;&nbsp;&nbsp;&nbsp;&nbsp;&nbsp;&nbsp;&nbsp;&nbsp;<\/p>\n<p><strong>Diligenciada por: <\/strong>Mariana Villegas Jim\u00e9nez<\/p>\n<p>INFORMACI\u00d3N BIBLIOGR\u00c1FICA<\/p>\n<p>Peri\u00f3dico: El Colombiano<\/p>\n<p>Lugar de edici\u00f3n: Medell\u00edn<\/p>\n<p>Autor personal: Monsalve Gaviria, Ricardo<\/p>\n<p>Autor corporativo:<\/p>\n<p>Fecha: 2018, noviembre, 29<\/p>\n<p>P\u00e1gina: 12<\/p>\n<p>Secci\u00f3n: Metro<\/p>\n<p><strong>Titular: <\/strong>Medell\u00edn tuvo nueva marcha estudiantil en completa calma<\/p>\n<p><strong>Resumen:<\/strong> El 28 de noviembre se llev\u00f3 a cabo otra marcha a nivel nacional en el marco de la crisis de financiaci\u00f3n de las universidades p\u00fablicas. A lo largo de la noticia se evidencia el testimonio de varios estudiantes que apoyan la movilizaci\u00f3n estudiantil en esta coyuntura y afirman que se siguen manifestando porque no es suficiente lo que se ha logrado hasta el momento. A pesar del t\u00edtulo de la noticia, al final se da a conocer que \u201calgunos encapuchados generaron disturbios al enfrentarse con efectivos del Esmad de la Polic\u00eda en inmediaciones de la Universidad de Antioquia\u201d.<\/p>\n<p><strong>Im\u00e1genes: <\/strong><\/p>\n<p>INFORMACI\u00d3N ANAL\u00cdTICA<\/p>\n<p>Contexto de la noticia: En el contexto local, se han presentados cinco desplazamientos masivos intraurbanos en Medell\u00edn este a\u00f1o; y, el 24 de noviembre se presenta acto de ataque con explosivos en la comuna 13. Entre otras noticias, los di\u00e1logos entre el Gobierno Nacional y el ELN siguen congelados; hay controversia por la nueva reforma tributaria; contin\u00faa el esc\u00e1ndalo de corrupci\u00f3n de Odebrecht; y, por \u00faltimo, el 19 de noviembre se firma un decreto para la protecci\u00f3n de l\u00edderes sociales. El 30 de noviembre inicia el G20 en Argentina.<\/p>\n<p>Palabras clave: Acciones contestatarias, Marchas estudiantiles, Tropel, ESMAD, Grupos clandestinos.<\/p>\n<p>Sugerencia de palabras claves:<\/p>\n<p>Observaciones: En una noticia publicada el 1 de diciembre, en la p\u00e1gina 7 (Actualidad), se da a conocer que varias universidades, entre ellas la de Antioquia, reprogramaron el semestre para 2019, puesto que la cancelaci\u00f3n de este implicar\u00eda costos mucho mayores.<\/p>\n<p>Fecha de diligenciamiento: 18\/03\/2019<\/p>\n","protected":false},"excerpt":{"rendered":"<p>N\u00famero de ficha: E1&nbsp;&nbsp;&nbsp;&nbsp;&nbsp;&nbsp;&nbsp;&nbsp;&nbsp;&nbsp;&nbsp;&nbsp;&nbsp;&nbsp;&nbsp;&nbsp;&nbsp;&nbsp;&nbsp;&nbsp;&nbsp;&nbsp;&nbsp;&nbsp;&nbsp;&nbsp;&nbsp;&nbsp;&nbsp;&nbsp;&nbsp;&nbsp;&nbsp;&nbsp;&nbsp;&nbsp;&nbsp;&nbsp;&nbsp;&nbsp;&nbsp;&nbsp;&nbsp;&nbsp;&nbsp;&nbsp;&nbsp; Diligenciada por: Mariana Villegas Jim\u00e9nez INFORMACI\u00d3N BIBLIOGR\u00c1FICA Peri\u00f3dico: El Colombiano Lugar de edici\u00f3n: Medell\u00edn Autor personal: Autor corporativo: Fecha: 2008, febrero, 08 P\u00e1gina: 10a Secci\u00f3n: Paz y D.H. Titular: Contin\u00faa caso de Jes\u00fas Mar\u00eda Valle Resumen: El 7 de febrero el Estado colombiano reconoci\u00f3 ante la Corte Interamericana de Derechos Humanos [&hellip;]<\/p>\n","protected":false},"author":1,"featured_media":0,"parent":609,"menu_order":0,"comment_status":"closed","ping_status":"closed","template":"","meta":{"_acf_changed":false,"_monsterinsights_skip_tracking":false,"_monsterinsights_sitenote_active":false,"_monsterinsights_sitenote_note":"","_monsterinsights_sitenote_category":0,"ngg_post_thumbnail":0,"footnotes":""},"acf":[],"yoast_head":"<!-- This site is optimized with the Yoast SEO plugin v22.1 - https:\/\/yoast.com\/wordpress\/plugins\/seo\/ -->\n<title>2008 - 2018 - 50 a\u00f1os de violencia y resistencia en la Universidad de Antioquia<\/title>\n<meta name=\"robots\" content=\"index, follow, max-snippet:-1, max-image-preview:large, max-video-preview:-1\" \/>\n<link rel=\"canonical\" href=\"https:\/\/hacemosmemoria.org\/udea50\/fichero\/2008-2018\/\" \/>\n<meta property=\"og:locale\" content=\"es_ES\" \/>\n<meta property=\"og:type\" content=\"article\" \/>\n<meta property=\"og:title\" content=\"2008 - 2018 - 50 a\u00f1os de violencia y resistencia en la Universidad de Antioquia\" \/>\n<meta property=\"og:description\" content=\"N\u00famero de ficha: E1&nbsp;&nbsp;&nbsp;&nbsp;&nbsp;&nbsp;&nbsp;&nbsp;&nbsp;&nbsp;&nbsp;&nbsp;&nbsp;&nbsp;&nbsp;&nbsp;&nbsp;&nbsp;&nbsp;&nbsp;&nbsp;&nbsp;&nbsp;&nbsp;&nbsp;&nbsp;&nbsp;&nbsp;&nbsp;&nbsp;&nbsp;&nbsp;&nbsp;&nbsp;&nbsp;&nbsp;&nbsp;&nbsp;&nbsp;&nbsp;&nbsp;&nbsp;&nbsp;&nbsp;&nbsp;&nbsp;&nbsp; Diligenciada por: Mariana Villegas Jim\u00e9nez INFORMACI\u00d3N BIBLIOGR\u00c1FICA Peri\u00f3dico: El Colombiano Lugar de edici\u00f3n: Medell\u00edn Autor personal: Autor corporativo: Fecha: 2008, febrero, 08 P\u00e1gina: 10a Secci\u00f3n: Paz y D.H. Titular: Contin\u00faa caso de Jes\u00fas Mar\u00eda Valle Resumen: El 7 de febrero el Estado colombiano reconoci\u00f3 ante la Corte Interamericana de Derechos Humanos [&hellip;]\" \/>\n<meta property=\"og:url\" content=\"https:\/\/hacemosmemoria.org\/udea50\/fichero\/2008-2018\/\" \/>\n<meta property=\"og:site_name\" content=\"50 a\u00f1os de violencia y resistencia en la Universidad de Antioquia\" \/>\n<meta property=\"article:modified_time\" content=\"2019-09-06T15:10:58+00:00\" \/>\n<meta name=\"twitter:card\" content=\"summary_large_image\" \/>\n<meta name=\"twitter:label1\" content=\"Tiempo estimado de lectura\" \/>\n\t<meta name=\"twitter:data1\" content=\"288 minutos\" \/>\n<script type=\"application\/ld+json\" class=\"yoast-schema-graph\">{\"@context\":\"https:\/\/schema.org\",\"@graph\":[{\"@type\":\"WebPage\",\"@id\":\"https:\/\/hacemosmemoria.org\/udea50\/fichero\/2008-2018\/\",\"url\":\"https:\/\/hacemosmemoria.org\/udea50\/fichero\/2008-2018\/\",\"name\":\"2008 - 2018 - 50 a\u00f1os de violencia y resistencia en la Universidad de Antioquia\",\"isPartOf\":{\"@id\":\"https:\/\/hacemosmemoria.org\/udea50\/#website\"},\"datePublished\":\"2019-09-02T14:44:53+00:00\",\"dateModified\":\"2019-09-06T15:10:58+00:00\",\"breadcrumb\":{\"@id\":\"https:\/\/hacemosmemoria.org\/udea50\/fichero\/2008-2018\/#breadcrumb\"},\"inLanguage\":\"es-CO\",\"potentialAction\":[{\"@type\":\"ReadAction\",\"target\":[\"https:\/\/hacemosmemoria.org\/udea50\/fichero\/2008-2018\/\"]}]},{\"@type\":\"BreadcrumbList\",\"@id\":\"https:\/\/hacemosmemoria.org\/udea50\/fichero\/2008-2018\/#breadcrumb\",\"itemListElement\":[{\"@type\":\"ListItem\",\"position\":1,\"name\":\"Inicio\",\"item\":\"https:\/\/hacemosmemoria.org\/udea50\/\"},{\"@type\":\"ListItem\",\"position\":2,\"name\":\"Fichero\",\"item\":\"https:\/\/hacemosmemoria.org\/udea50\/fichero\/\"},{\"@type\":\"ListItem\",\"position\":3,\"name\":\"2008 &#8211; 2018\"}]},{\"@type\":\"WebSite\",\"@id\":\"https:\/\/hacemosmemoria.org\/udea50\/#website\",\"url\":\"https:\/\/hacemosmemoria.org\/udea50\/\",\"name\":\"50 a\u00f1os de violencia y resistencia en la Universidad de Antioquia\",\"description\":\"Un contenido de Hacemos Memoria\",\"potentialAction\":[{\"@type\":\"SearchAction\",\"target\":{\"@type\":\"EntryPoint\",\"urlTemplate\":\"https:\/\/hacemosmemoria.org\/udea50\/?s={search_term_string}\"},\"query-input\":\"required name=search_term_string\"}],\"inLanguage\":\"es-CO\"}]}<\/script>\n<!-- \/ Yoast SEO plugin. -->","yoast_head_json":{"title":"2008 - 2018 - 50 a\u00f1os de violencia y resistencia en la Universidad de Antioquia","robots":{"index":"index","follow":"follow","max-snippet":"max-snippet:-1","max-image-preview":"max-image-preview:large","max-video-preview":"max-video-preview:-1"},"canonical":"https:\/\/hacemosmemoria.org\/udea50\/fichero\/2008-2018\/","og_locale":"es_ES","og_type":"article","og_title":"2008 - 2018 - 50 a\u00f1os de violencia y resistencia en la Universidad de Antioquia","og_description":"N\u00famero de ficha: E1&nbsp;&nbsp;&nbsp;&nbsp;&nbsp;&nbsp;&nbsp;&nbsp;&nbsp;&nbsp;&nbsp;&nbsp;&nbsp;&nbsp;&nbsp;&nbsp;&nbsp;&nbsp;&nbsp;&nbsp;&nbsp;&nbsp;&nbsp;&nbsp;&nbsp;&nbsp;&nbsp;&nbsp;&nbsp;&nbsp;&nbsp;&nbsp;&nbsp;&nbsp;&nbsp;&nbsp;&nbsp;&nbsp;&nbsp;&nbsp;&nbsp;&nbsp;&nbsp;&nbsp;&nbsp;&nbsp;&nbsp; Diligenciada por: Mariana Villegas Jim\u00e9nez INFORMACI\u00d3N BIBLIOGR\u00c1FICA Peri\u00f3dico: El Colombiano Lugar de edici\u00f3n: Medell\u00edn Autor personal: Autor corporativo: Fecha: 2008, febrero, 08 P\u00e1gina: 10a Secci\u00f3n: Paz y D.H. Titular: Contin\u00faa caso de Jes\u00fas Mar\u00eda Valle Resumen: El 7 de febrero el Estado colombiano reconoci\u00f3 ante la Corte Interamericana de Derechos Humanos [&hellip;]","og_url":"https:\/\/hacemosmemoria.org\/udea50\/fichero\/2008-2018\/","og_site_name":"50 a\u00f1os de violencia y resistencia en la Universidad de Antioquia","article_modified_time":"2019-09-06T15:10:58+00:00","twitter_card":"summary_large_image","twitter_misc":{"Tiempo estimado de lectura":"288 minutos"},"schema":{"@context":"https:\/\/schema.org","@graph":[{"@type":"WebPage","@id":"https:\/\/hacemosmemoria.org\/udea50\/fichero\/2008-2018\/","url":"https:\/\/hacemosmemoria.org\/udea50\/fichero\/2008-2018\/","name":"2008 - 2018 - 50 a\u00f1os de violencia y resistencia en la Universidad de Antioquia","isPartOf":{"@id":"https:\/\/hacemosmemoria.org\/udea50\/#website"},"datePublished":"2019-09-02T14:44:53+00:00","dateModified":"2019-09-06T15:10:58+00:00","breadcrumb":{"@id":"https:\/\/hacemosmemoria.org\/udea50\/fichero\/2008-2018\/#breadcrumb"},"inLanguage":"es-CO","potentialAction":[{"@type":"ReadAction","target":["https:\/\/hacemosmemoria.org\/udea50\/fichero\/2008-2018\/"]}]},{"@type":"BreadcrumbList","@id":"https:\/\/hacemosmemoria.org\/udea50\/fichero\/2008-2018\/#breadcrumb","itemListElement":[{"@type":"ListItem","position":1,"name":"Inicio","item":"https:\/\/hacemosmemoria.org\/udea50\/"},{"@type":"ListItem","position":2,"name":"Fichero","item":"https:\/\/hacemosmemoria.org\/udea50\/fichero\/"},{"@type":"ListItem","position":3,"name":"2008 &#8211; 2018"}]},{"@type":"WebSite","@id":"https:\/\/hacemosmemoria.org\/udea50\/#website","url":"https:\/\/hacemosmemoria.org\/udea50\/","name":"50 a\u00f1os de violencia y resistencia en la Universidad de Antioquia","description":"Un contenido de Hacemos Memoria","potentialAction":[{"@type":"SearchAction","target":{"@type":"EntryPoint","urlTemplate":"https:\/\/hacemosmemoria.org\/udea50\/?s={search_term_string}"},"query-input":"required name=search_term_string"}],"inLanguage":"es-CO"}]}},"jetpack_sharing_enabled":true,"_links":{"self":[{"href":"https:\/\/hacemosmemoria.org\/udea50\/wp-json\/wp\/v2\/pages\/656"}],"collection":[{"href":"https:\/\/hacemosmemoria.org\/udea50\/wp-json\/wp\/v2\/pages"}],"about":[{"href":"https:\/\/hacemosmemoria.org\/udea50\/wp-json\/wp\/v2\/types\/page"}],"author":[{"embeddable":true,"href":"https:\/\/hacemosmemoria.org\/udea50\/wp-json\/wp\/v2\/users\/1"}],"replies":[{"embeddable":true,"href":"https:\/\/hacemosmemoria.org\/udea50\/wp-json\/wp\/v2\/comments?post=656"}],"version-history":[{"count":7,"href":"https:\/\/hacemosmemoria.org\/udea50\/wp-json\/wp\/v2\/pages\/656\/revisions"}],"predecessor-version":[{"id":1028,"href":"https:\/\/hacemosmemoria.org\/udea50\/wp-json\/wp\/v2\/pages\/656\/revisions\/1028"}],"up":[{"embeddable":true,"href":"https:\/\/hacemosmemoria.org\/udea50\/wp-json\/wp\/v2\/pages\/609"}],"wp:attachment":[{"href":"https:\/\/hacemosmemoria.org\/udea50\/wp-json\/wp\/v2\/media?parent=656"}],"curies":[{"name":"wp","href":"https:\/\/api.w.org\/{rel}","templated":true}]}}