{"id":654,"date":"2019-09-02T09:43:29","date_gmt":"2019-09-02T14:43:29","guid":{"rendered":"http:\/\/hacemosmemoria.org\/udea50\/?page_id=654"},"modified":"2019-09-06T10:55:07","modified_gmt":"2019-09-06T15:55:07","slug":"1998-2007","status":"publish","type":"page","link":"https:\/\/hacemosmemoria.org\/udea50\/fichero\/1998-2007\/","title":{"rendered":"1998 &#8211; 2007"},"content":{"rendered":"<p><strong>N\u00famero de ficha<\/strong>: D1&nbsp;&nbsp;&nbsp;&nbsp;&nbsp;&nbsp;&nbsp;&nbsp;&nbsp;&nbsp;&nbsp;&nbsp;&nbsp;&nbsp;&nbsp;&nbsp;&nbsp;&nbsp;&nbsp;&nbsp;&nbsp;&nbsp;&nbsp;&nbsp;&nbsp;&nbsp;&nbsp;&nbsp;&nbsp;&nbsp;&nbsp;&nbsp;&nbsp;&nbsp;&nbsp;&nbsp;&nbsp;&nbsp;<\/p>\n<p><strong>Diligenciada por: <\/strong>Juan Camilo Parra Restrepo<\/p>\n<p>INFORMACI\u00d3N BIBLIOGR\u00c1FICA<\/p>\n<p>Peri\u00f3dico: El Colombiano<\/p>\n<p>Lugar de edici\u00f3n: Medell\u00edn<\/p>\n<p>Autor personal: NA.<\/p>\n<p>Autor corporativo: NA.<\/p>\n<p>Fecha: 28\/02\/1998<\/p>\n<p>P\u00e1gina: 2A<\/p>\n<p>Secci\u00f3n: La.<\/p>\n<p><strong>Titular: <\/strong>Los disparos acabaron con Jes\u00fas Mar\u00eda Valle.<\/p>\n<p><strong>Resumen:<\/strong> La noticia narra los hechos ocurridos alrededor de asesinato del presidente del Comit\u00e9 Permanente para la Defensa de los Derechos Humanos, Jes\u00fas Mar\u00eda Valle Jaramillo. Ocurridos en su oficina en el Edificio Col\u00f3n, cuando a las 2:30 de la tarde del 27 de febrero tres personas ingresaron y lo asesinaron con arma de fuego. Valle Jaramillo ven\u00eda denunciando la connivencia del Ej\u00e9rcito y las autodefensas en Ituango. En la noticia se relatan algunos de los hechos e ideas que marcaron la vida de Valle Jaramillo, pues justo 8 d\u00edas antes hab\u00eda denunciado la connivencia antes mencionada. Se menciona su paso por el programa de derecho de la Universidad de Antioquia.<\/p>\n<p><strong>Im\u00e1genes: <\/strong>D1, D2, D3 y D4. Se anexan im\u00e1genes contenidas en la noticia, dos que muestran a Valle Jaramillo, una sobre la escena del crimen y la \u00faltima sobre la manifestaci\u00f3n ocurrida en las inmediaciones de su oficina. Foto: Jes\u00fas Abad Colorado.<\/p>\n<p>INFORMACI\u00d3N ANAL\u00cdTICA<\/p>\n<p>Contexto de la noticia: se firma un acuerdo en Espa\u00f1a Entre el Gobierno Nacional, el ELN y la Comisi\u00f3n de Conciliaci\u00f3n Nacional.<\/p>\n<p>Palabras clave: Asesinato selectivo, Autodefensas Campesinas de C\u00f3rdoba y Urab\u00e1, Ej\u00e9rcito<\/p>\n<p>Sugerencia de palabras claves: NA<\/p>\n<p>Observaciones: NA.<\/p>\n<p>Fecha de diligenciamiento: 21\/11\/2018<\/p>\n<h1 style=\"text-align: center;\"><strong>&nbsp;***<\/strong><\/h1>\n<p><strong>N\u00famero de ficha<\/strong>: D2&nbsp;&nbsp;&nbsp;&nbsp;&nbsp;&nbsp;&nbsp;&nbsp;&nbsp;&nbsp;&nbsp;&nbsp;&nbsp;&nbsp;&nbsp;&nbsp;&nbsp;&nbsp;&nbsp;&nbsp;&nbsp;&nbsp;&nbsp;&nbsp;&nbsp;&nbsp;&nbsp;&nbsp;&nbsp;&nbsp;&nbsp;&nbsp;&nbsp;&nbsp;&nbsp;&nbsp;&nbsp;&nbsp;<\/p>\n<p><strong>Diligenciada por: <\/strong>Juan Camilo Parra Restrepo<\/p>\n<p>INFORMACI\u00d3N BIBLIOGR\u00c1FICA<\/p>\n<p>Peri\u00f3dico: El Colombiano<\/p>\n<p>Lugar de edici\u00f3n: Medell\u00edn<\/p>\n<p>Autor personal: NA.<\/p>\n<p>Autor corporativo: NA.<\/p>\n<p>Fecha: 28\/02\/1998<\/p>\n<p>P\u00e1gina: 2A<\/p>\n<p>Secci\u00f3n: La.<\/p>\n<p><strong>Titular: <\/strong>Semblanza de un gran hombre.<\/p>\n<p><strong>Resumen: <\/strong>La noticia habla sobre Jes\u00fas Mar\u00eda Valle, de forma que menciona parte de sus \u00faltimos momentos: \u201ccuando los asesinos intentaron someterlo a \u00e9l y a su secretaria, el forcejeo de su ayudante le daba m\u00e1s dramatismo a aquel instante. \u201cTranquila Nelly que ya nada podemos hacer. Deje que las cosas pasen\u201d\u201d. Estas fueron las \u00faltimas palabras de Jes\u00fas Mar\u00eda Valle, quien d\u00edas antes hab\u00eda dicho que prefer\u00eda morir a terminar arrodillado ante quienes convirtieron a Colombia en un pa\u00eds paria de los derechos humanos. As\u00ed, la noticia rese\u00f1a parte de la vida de Mar\u00eda Valle, e lugar donde naci\u00f3n, su carrera profesional y las denuncias realizadas.<\/p>\n<p><strong>Im\u00e1genes: <\/strong>NA<\/p>\n<p>INFORMACI\u00d3N ANAL\u00cdTICA<\/p>\n<p>Contexto de la noticia: se firma un acuerdo en Espa\u00f1a Entre el Gobierno Nacional, el ELN y la Comisi\u00f3n de Conciliaci\u00f3n Nacional.<\/p>\n<p>Palabras clave: Asesinato selectivo, Autodefensas Campesinas de C\u00f3rdoba y Urab\u00e1, Ej\u00e9rcito<\/p>\n<p>Sugerencia de palabras claves: NA<\/p>\n<p>Observaciones: NA.<\/p>\n<p><strong>Fecha de diligenciamiento:<\/strong> 21\/11\/2018<\/p>\n<h1 style=\"text-align: center;\"><strong>&nbsp;***<\/strong><\/h1>\n<p><strong>N\u00famero de ficha<\/strong>: D3&nbsp;&nbsp;&nbsp;&nbsp;&nbsp;&nbsp;&nbsp;&nbsp;&nbsp;&nbsp;&nbsp;&nbsp;&nbsp;&nbsp;&nbsp;&nbsp;&nbsp;&nbsp;&nbsp;&nbsp;&nbsp;&nbsp;&nbsp;&nbsp;&nbsp;&nbsp;&nbsp;&nbsp;&nbsp;&nbsp;&nbsp;&nbsp;&nbsp;&nbsp;&nbsp;&nbsp;&nbsp;&nbsp;<\/p>\n<p><strong>Diligenciada por: <\/strong>Juan Camilo Parra Restrepo<\/p>\n<p>INFORMACI\u00d3N BIBLIOGR\u00c1FICA<\/p>\n<p>Peri\u00f3dico: El Colombiano<\/p>\n<p>Lugar de edici\u00f3n: Medell\u00edn<\/p>\n<p>Autor personal: NA<\/p>\n<p>Autor corporativo: Informe<\/p>\n<p>Fecha: 01\/03\/1995<\/p>\n<p>P\u00e1gina: 6A<\/p>\n<p>Secci\u00f3n: Informe<\/p>\n<p><strong>Titular: <\/strong>Un sentido discurso de Jes\u00fas Mar\u00eda Valle. \u00a1Aqu\u00ed estamos y estaremos siempre!<\/p>\n<p><strong>Resumen:<\/strong> \u201cEl pasado 25 de agosto, con ocasi\u00f3n del d\u00e9cimo aniversario del asesinato de H\u00e9ctor Abad G\u00f3mez y Leonardo Betancur, el mismo d\u00eda en que tambi\u00e9n cay\u00f3 Felipe V\u00e9lez, el abogado Jes\u00fas Valle Jaramillo pronunci\u00f3 un sentido discurso, en el que present\u00f3 dram\u00e1tico balance sobre la situaci\u00f3n delos derechos humanos en Antioquia. Presentamos el texto de este documento\u201d. De esta forma, la noticia cita un reconocido discurso de Jes\u00fas Mar\u00eda Valle, en el cual realiza un informe sobre la situaci\u00f3n de derechos humanos en Antioquia; as\u00ed, informa que en 1983 por primera vez se present\u00f3 un Plan de Desarrollo departamental, que buscaba vincular los municipios a la industrializaci\u00f3n y el desarrollo ecol\u00f3gico. En este plan, afirma Valle, se fij\u00f3 una meta: Que este fuera un mecanismo de paz para las regiones y los municipios, que iniciara un proceso de pacificaci\u00f3n. El discurso, entonces, recuenta como hubo una ruptura con ese plan y se empez\u00f3 a buscar acabar con el movimiento guerrillero a trav\u00e9s de lo militar, donde aparecen una serie de actores armados y se dan las primeras masacres. Fue el surgimiento del movimiento paramilitar y el reemplazo de la autoridad estatal por la de estos, a modo de paramilitar, convivir o autodefensas.<\/p>\n<p><strong>Im\u00e1genes:<\/strong> D3A y D3B. Se anexan im\u00e1genes sobre evento en conmemoraci\u00f3n de Valle y el recorrido del carro f\u00fanebre. No hay dato de autor de la foto.<\/p>\n<p>INFORMACI\u00d3N ANAL\u00cdTICA<\/p>\n<p>Contexto de la noticia: Se identifican 2 elementos de la agenda o contexto pol\u00edtico en que surge la noticia. Por un lado, la coyuntura electoral que viv\u00eda el pa\u00eds, pues en mayo se eleg\u00edan presidente y vicepresidente; de forma que la noticia se enmarca en plena \u00e9poca electoral. En segundo lugar, se encuentra en medio de un debate por el proceso de certificaci\u00f3n que emit\u00eda Estados Unidos en relaci\u00f3n con la lucha antidrogas en el pa\u00eds. Finalmente, hay un tema que pasa algo desapercibido en prensa y es que recientemente se notan manifestaciones de acci\u00f3n colectiva, espec\u00edficamente paros sindicales, en los trabajadores estatales, incluyendo personas de la Universidad de Antioquia.<\/p>\n<p><strong>Palabras clave: <\/strong>&nbsp;Masacres, asesinato selectivo, Autodefensas Campesinas de C\u00f3rdoba y Urab\u00e1, Ej\u00e9rcito, Gobernador, Farc, Guerrilla, Convivir, Fuerzas Armadas<\/p>\n<p>Sugerencia de palabras claves: NA.<\/p>\n<p>Observaciones: Si bien los hechos citados en el discurso no ocurren en la Universidad de Antioquia, se fichan pues se considera que Jes\u00fas Mar\u00eda Valle Jaramillo fue un actor clave en la Universidad, incluso al ser nombrado presidente del Consejo Estudiantil de la Universidad de Antioquia. En el discurso, citado por el peri\u00f3dico, Jes\u00fas Mar\u00eda Jaramillo narra c\u00f3mo hay un cambio en el enfoque para enfrentar los retos del departamento. Empezando por una aproximaci\u00f3n, si se quiere, integral de Gilberto Echeverri Mej\u00eda a partir de la pacificaci\u00f3n de Urab\u00e1 mediante \u201cun desarrollo que penetrara m\u00e1s en lo regional\u201d. Lo que cambi\u00f3 por la necesidad de \u201cacabar con el movimiento guerrillero\u201d, lo que conlleva a que se dieran las primeras masacres en zonas geogr\u00e1ficas perif\u00e9ricas. Se narra la aparici\u00f3n, en dichas regiones del departamento, de paramilitares, convivir y autodefensas,<\/p>\n<p>Fecha de diligenciamiento: 21\/11\/2018<\/p>\n<h1 style=\"text-align: center;\"><strong>&nbsp;***<\/strong><\/h1>\n<p><strong>N\u00famero de ficha<\/strong>: D4&nbsp;&nbsp;&nbsp;&nbsp;&nbsp;&nbsp;&nbsp;&nbsp;&nbsp;&nbsp;&nbsp;&nbsp;&nbsp;&nbsp;&nbsp;&nbsp;&nbsp;&nbsp;&nbsp;&nbsp;&nbsp;&nbsp;&nbsp;&nbsp;&nbsp;&nbsp;&nbsp;&nbsp;&nbsp;&nbsp;&nbsp;&nbsp;&nbsp;&nbsp;&nbsp;&nbsp;&nbsp;&nbsp;<\/p>\n<p><strong>Diligenciada por: <\/strong>Juan Camilo Parra Restrepo<\/p>\n<p>INFORMACI\u00d3N BIBLIOGR\u00c1FICA<\/p>\n<p>Peri\u00f3dico: El Colombiano<\/p>\n<p>Autor personal: NA<\/p>\n<p>Autor corporativo: NA<\/p>\n<p>Lugar de edici\u00f3n: Medell\u00edn<\/p>\n<p>Fecha: 01\/03\/1998<\/p>\n<p>P\u00e1gina: 7A<\/p>\n<p>Secci\u00f3n: Informe<\/p>\n<p><strong>Titular: <\/strong>El sepelio de Jes\u00fas Mar\u00eda Valle. Un sepelio con verdades muy murmuradas.<\/p>\n<p><strong>Resumen:<\/strong> Se narran los hechos acontecidos en el sepelio de Jes\u00fas Mar\u00eda Valle, en donde se afirma que \u201cabogados, estudiantes, activistas de derechos humanos, amigos y personajes de la vida p\u00fablica departamental desfilaron varias cuadras hasta la iglesia Santa Gema y dejaron en las calles la rabia y la indignaci\u00f3n por el asesinato de Valle Jaramillo\u201d. Uno de los citados por el peri\u00f3dico afirm\u00f3 que \u201csu entrega a las causas que defend\u00eda lo convirti\u00f3 en una piedra en el zapato para el Estado y las Fuerzas Armadas, \u201cpues contra estas \u00faltimas libr\u00f3 su m\u00e1s enconada batalla desde la \u00e9poca de la justicia penal militar, por all\u00e1 en 1979 cuando era profesor de la materia en la Universidad de Antioquia\u201d\u201d. Otro afirma que \u201csus verdades el a\u00f1o pasado acerca de la complicidad del Ej\u00e9rcito con los paramilitares en Antioquia dolieron a muchos\u201d<\/p>\n<p><strong>Im\u00e1genes: <\/strong>NA<\/p>\n<p>INFORMACI\u00d3N ANAL\u00cdTICA<\/p>\n<p>Contexto de la noticia: Mismo contexto de la ficha anterior, mismo d\u00eda de publicaci\u00f3n.<\/p>\n<p>Palabras clave: Paramilitares, Ej\u00e9rcito<\/p>\n<p>Sugerencia de palabras claves: NA<\/p>\n<p>Observaciones: NA.<\/p>\n<p>Fecha de diligenciamiento: 21\/11\/2018<\/p>\n<h1 style=\"text-align: center;\"><strong>&nbsp;***<\/strong><\/h1>\n<p><strong>N\u00famero de ficha<\/strong>: D5&nbsp;&nbsp;&nbsp;&nbsp;&nbsp;&nbsp;&nbsp;&nbsp;&nbsp;&nbsp;&nbsp;&nbsp;&nbsp;&nbsp;&nbsp;&nbsp;&nbsp;&nbsp;&nbsp;&nbsp;&nbsp;&nbsp;&nbsp;&nbsp;&nbsp;&nbsp;&nbsp;&nbsp;&nbsp;&nbsp;&nbsp;&nbsp;&nbsp;&nbsp;&nbsp;&nbsp;&nbsp;&nbsp;<\/p>\n<p><strong>Diligenciada por: <\/strong>Juan Camilo Parra Restrepo<\/p>\n<p>INFORMACI\u00d3N BIBLIOGR\u00c1FICA<\/p>\n<p>Peri\u00f3dico: El Colombiano<\/p>\n<p>Lugar de edici\u00f3n: Medell\u00edn<\/p>\n<p>Autor personal: NA<\/p>\n<p>Autor corporativo: NA<\/p>\n<p>Fecha: 01\/03\/1998<\/p>\n<p>P\u00e1gina: 8A<\/p>\n<p>Secci\u00f3n: Informe<\/p>\n<p><strong>Titular: <\/strong>Repudio general<\/p>\n<p><strong>Resumen:<\/strong> \u201cEl asesinato e viernes en la tarde del abogado Jes\u00fas Mar\u00eda Valle Jaramillo, defensor de los derechos humanos, caus\u00f3 tal estupor que siguen llegando mensaje de rechazo al acto violento\u201d. Dicho viernes refiere a la fecha 27 de febrero de 1998, cuando fue asesinado por tres sicarios. Se reproduce en el peri\u00f3dico parte de un comunicado que expidieron 20 Organizaciones No Gubernamentales, para denunciar el hecho. Se rese\u00f1a como Jes\u00fas Mar\u00eda Valle hab\u00eda denunciado el accionar conjunto de paramilitares y miembros de la IV Brigada del Ej\u00e9rcito y la relaci\u00f3n entre estos primeros y el ex gobernador de Antioquia \u00c1lvaro Uribe V\u00e9lez. Se denuncia, adem\u00e1s, que al l\u00edder estudiantil Gustavo Marulanda, el anterior 20 de febrero, en la oficina del consejo estudiantil del Liceo Nacional Marco Fidel Su\u00e1rez, le propinaron 5 disparos, dej\u00e1ndolo herido. Marulanda \u201cparticip\u00f3 en la organizaci\u00f3n y desarrollo de actividades de defensa de los derechos humanos en las cuales el doctor Jes\u00fas Mar\u00eda Valle colabor\u00f3 de manera continua\u201d.<\/p>\n<p><strong>Im\u00e1genes: <\/strong>NA<\/p>\n<p>INFORMACI\u00d3N ANAL\u00cdTICA<\/p>\n<p>Contexto de la noticia: Mismo contexto de la ficha anterior, mismo d\u00eda de publicaci\u00f3n.<\/p>\n<p>Palabras clave: Paramilitares, Ej\u00e9rcito, Asesinato selectivo, atentado Jes\u00fas Mar\u00eda Valle, Gustavo Marulanda, comunicado, acci\u00f3n de resistencia<\/p>\n<p>Sugerencia de palabras claves: NA<\/p>\n<p>Observaciones: En la siguiente p\u00e1gina, 9A, se citan como otros entes o personalidades de la pol\u00edtica, rechazan el asesinato (Colegio de abogados penalistas de Antioquia, Sonia V\u00e1squez candidata a la c\u00e1mara, cicrodeportes Antioquia, Piedad C\u00f3rdoba candidata al Congreso).<\/p>\n<p>Fecha de diligenciamiento: 21\/11\/2018<\/p>\n<h1 style=\"text-align: center;\"><strong>&nbsp;***<\/strong><\/h1>\n<p><strong>N\u00famero de ficha<\/strong>: D6&nbsp;&nbsp;&nbsp;&nbsp;&nbsp;&nbsp;&nbsp;&nbsp;&nbsp;&nbsp;&nbsp;&nbsp;&nbsp;&nbsp;&nbsp;&nbsp;&nbsp;&nbsp;&nbsp;&nbsp;&nbsp;&nbsp;&nbsp;&nbsp;&nbsp;&nbsp;&nbsp;&nbsp;&nbsp;&nbsp;&nbsp;&nbsp;&nbsp;&nbsp;&nbsp;&nbsp;&nbsp;&nbsp;<\/p>\n<p><strong>Diligenciada por: <\/strong>Juan Camilo Parra Restrepo<\/p>\n<p>INFORMACI\u00d3N BIBLIOGR\u00c1FICA<\/p>\n<p>Peri\u00f3dico: El Colombiano<\/p>\n<p>Lugar de edici\u00f3n: Medell\u00edn<\/p>\n<p>Autor personal: NA<\/p>\n<p>Autor corporativo: NA<\/p>\n<p>Fecha: 04\/03\/1998<\/p>\n<p>P\u00e1gina: 8C<\/p>\n<p>Secci\u00f3n: Pol\u00edtica<\/p>\n<p><strong>Titular: <\/strong>Por crimen de Jes\u00fas Mar\u00eda Valle nuevas voces claman justicia<\/p>\n<p><strong>Resumen:<\/strong> Se rese\u00f1a c\u00f3mo contin\u00faan llegando mensajes para resaltar los logros obtenidos por de Jes\u00fas Mar\u00eda Valle Jaramillo y denunciar su asesinato. As\u00ed, en esta edici\u00f3n del peri\u00f3dico se rese\u00f1an mensajes de la Embajada de Canad\u00e1, de Human Right Watch y otras organizaciones de derechos humanos (Comisi\u00f3n Departamental de Derechos Humanos, Mesa de Trabajo por la Vida, Viva la Ciudadan\u00eda-Regional Antioquia, Personer\u00eda de Medell\u00edn, Instituto Popular de Capacitaci\u00f3n, Escuela Nacional Sindical, Corporaci\u00f3n Regi\u00f3n, Corporaci\u00f3n Vamos Mujer, Pastoral Social de la Arquidi\u00f3cesis de Medell\u00edn, Red Nacional de Iniciativas por la Paz y Contra la Guerra, Red Juvenil por la Paz, Mujeres que Crean, Ruta Pac\u00edfica de las Mujeres por la Resoluci\u00f3n de Conflictos y Mandato Ciudadano por la Paz y la Vida la Libertad\u201d.<\/p>\n<p>Human Right Watch menciona que Jes\u00fas Mar\u00eda Valle era \u201cmiembro fundador del Comit\u00e9 Permanente de Derechos Humanos \u201cH\u00e9ctor Abad G\u00f3mez\u201d y su actual presidente. Como tal, es el cuarto presidente de ese grupo asesinado desde su fundaci\u00f3n en Antioquia\u201d; igualmente, menciona las investigaciones de Valle Jaramillo en relaci\u00f3n con los v\u00ednculos entre las Autodefensas Campesinas de C\u00f3rdoba y Urab\u00e1 y el Ej\u00e9rcito.<\/p>\n<p><strong>Im\u00e1genes: <\/strong>NA.<\/p>\n<p>INFORMACI\u00d3N ANAL\u00cdTICA<\/p>\n<p>Contexto de la noticia:&nbsp; Se acercan las elecciones legislativas del 08 de marzo.<\/p>\n<p><strong>Palabras clave: Acciones de violencia, <\/strong>Actores armados, Autodefensas Campesinas de C\u00f3rdoba y Urab\u00e1, Ej\u00e9rcito, Jes\u00fas Mar\u00eda Valle, asesinato selectivo, acciones de resistencia, comunicado<\/p>\n<p><strong>Sugerencia de palabras claves: <\/strong>NA<\/p>\n<p>Observaciones: En la noticia aparecen dos apartados. En primer lugar, una nota sobre la arquidi\u00f3cesis de Medell\u00edn, donde se enaltece la labor de Valle Jaramillo. Y, en segundo lugar, uno del Comandante General de las Fuerzas Militares. \u00c9ste se solidariza con la familia de Valle, condena el asesinato y se compromete a dar claridad en el homicidio.<\/p>\n<p>Fecha de diligenciamiento: 21\/11\/2018<\/p>\n<h1 style=\"text-align: center;\"><strong>&nbsp;***<\/strong><\/h1>\n<p><strong>N\u00famero de ficha<\/strong>: D7&nbsp;&nbsp;&nbsp;&nbsp;&nbsp;&nbsp;&nbsp;&nbsp;&nbsp;&nbsp;&nbsp;&nbsp;&nbsp;&nbsp;&nbsp;&nbsp;&nbsp;&nbsp;&nbsp;&nbsp;&nbsp;&nbsp;&nbsp;&nbsp;&nbsp;&nbsp;&nbsp;&nbsp;&nbsp;&nbsp;&nbsp;&nbsp;&nbsp;&nbsp;&nbsp;&nbsp;&nbsp;&nbsp;<\/p>\n<p><strong>Diligenciada por: <\/strong>Juan Camilo Parra Restrepo<\/p>\n<p>INFORMACI\u00d3N BIBLIOGR\u00c1FICA<\/p>\n<p>Peri\u00f3dico: El Colombiano<\/p>\n<p>Lugar de edici\u00f3n: Medell\u00edn<\/p>\n<p>Autor personal: Giraldo, Carlos Alberto<\/p>\n<p>Autor corporativo:<\/p>\n<p>Fecha: 06\/03\/1998<\/p>\n<p>P\u00e1gina: 8B<\/p>\n<p>Secci\u00f3n: Pol\u00edtica<\/p>\n<p><strong>Titular: <\/strong>Jornadas por la vida y la dignidad. U. de A. sensible a la muerte de Valle y a los D.H.<\/p>\n<p><strong>Resumen:<\/strong> En la noticia de t\u00edtulo \u201cU.deA. Sensible a la muerte de Valle y a los D.H. se recuenta c\u00f3mo los estudiantes de la Facultad de Derecho de la Universidad convocaron a unas jornadas de reflexi\u00f3n \u201cpara honrar la memoria de Jes\u00fas Mar\u00eda Valle Jaramillo\u201d. \u201cLos estudiantes reiteraron que, en una sociedad aterrada por la intimidaci\u00f3n que violenta los m\u00e1s elementales principios de libertad y autodeterminaci\u00f3n individual y en la que se se\u00f1ala a quienes denuncian o controvierte, la Universidad tiene el compromiso de reflexionar y aportar soluciones a los problemas sociales y de reaccionar ante las amenazas que se levantan contra el Estado de Derecho, la justicia y la posibilidad de la paz.<\/p>\n<p><strong>Im\u00e1genes: <\/strong>NA<\/p>\n<p>INFORMACI\u00d3N ANAL\u00cdTICA<\/p>\n<p>Contexto de la noticia: Se aproximan las elecciones legislativas (08 de marzo). En adici\u00f3n, el Gobernador de Antioquia, Alberto Builes Ortega, propuso el oriente antioque\u00f1o como una zona de distensi\u00f3n.<\/p>\n<p>Palabras clave: Acciones de resistencia, Mitin, Acciones simb\u00f3licas, Acciones de violencia, asesinato selectivo, Actores armados, Autodefensas Campesinas de C\u00f3rdoba y Urab\u00e1<\/p>\n<p>Sugerencia de palabras claves: NA<\/p>\n<p>Observaciones: NA<\/p>\n<p>Fecha de diligenciamiento: 21\/11\/2018<\/p>\n<p>&nbsp;<\/p>\n<h1 style=\"text-align: center;\"><strong>&nbsp;***<\/strong><\/h1>\n<p><strong>N\u00famero de ficha<\/strong>: D8&nbsp;&nbsp;&nbsp;&nbsp;&nbsp;&nbsp;&nbsp;&nbsp;&nbsp;&nbsp;&nbsp;&nbsp;&nbsp;&nbsp;&nbsp;&nbsp;&nbsp;&nbsp;&nbsp;&nbsp;&nbsp;&nbsp;&nbsp;&nbsp;&nbsp;&nbsp;&nbsp;&nbsp;&nbsp;&nbsp;&nbsp;&nbsp;&nbsp;&nbsp;&nbsp;&nbsp;&nbsp;&nbsp;<\/p>\n<p><strong>Diligenciada por: <\/strong>Juan Camilo Parra Restrepo<\/p>\n<p>INFORMACI\u00d3N BIBLIOGR\u00c1FICA<\/p>\n<p>Peri\u00f3dico: El Colombiano<\/p>\n<p>Lugar de edici\u00f3n: Medell\u00edn<\/p>\n<p>Autor personal: NA<\/p>\n<p>Autor corporativo:&nbsp; NA<\/p>\n<p>Fecha: 08\/03\/1998<\/p>\n<p>P\u00e1gina: 3<\/p>\n<p>Secci\u00f3n: Plana<\/p>\n<p><strong>Titular: <\/strong>Por asesinato de Valle<\/p>\n<p><strong>Resumen:<\/strong> La noticia cita una fotograf\u00eda de un bus quemado y cita as\u00ed: \u201cManifestaciones de todo tipo se han presentado por el asesinato del defensor de los Derechos Humanos, abogado Jes\u00fas Mar\u00eda Valle. Uno de los hechos que marc\u00f3 esta semana fue la quema de algunos buses en las afueras de la Universidad de Antioquia, como protesta por el homicidio del jurista\u201d<\/p>\n<p><strong>Im\u00e1genes: <\/strong>D8. Se adjunta imagen de uno de los buses quemados en la manifestaci\u00f3n. Foto: Robinson S\u00e1enz.<\/p>\n<p>INFORMACI\u00d3N ANAL\u00cdTICA<\/p>\n<p>Contexto de la noticia: La noticia se publica el d\u00eda de las elecciones legislativas. Aunque los hechos ocurrieron durante la semana previa a dicho domingo.<\/p>\n<p>Palabras clave: Acciones contestatarias, tropel, acciones violentas, acciones de resistencia, cierre de v\u00edas, acciones violentas, asesinato selectivo,<\/p>\n<p>Sugerencia de palabras claves: NA<\/p>\n<p>Observaciones: NA<\/p>\n<p>Fecha de diligenciamiento: 21\/11\/2018<\/p>\n<h1 style=\"text-align: center;\"><strong>&nbsp;***<\/strong><\/h1>\n<p><strong>N\u00famero de ficha<\/strong>: D9&nbsp;&nbsp;&nbsp;&nbsp;&nbsp;&nbsp;&nbsp;&nbsp;&nbsp;&nbsp;&nbsp;&nbsp;&nbsp;&nbsp;&nbsp;&nbsp;&nbsp;&nbsp;&nbsp;&nbsp;&nbsp;&nbsp;&nbsp;&nbsp;&nbsp;&nbsp;&nbsp;&nbsp;&nbsp;&nbsp;&nbsp;&nbsp;&nbsp;&nbsp;&nbsp;&nbsp;&nbsp;&nbsp;<\/p>\n<p><strong>Diligenciada por: <\/strong>Juan Camilo Parra Restrepo<\/p>\n<p>INFORMACI\u00d3N BIBLIOGR\u00c1FICA<\/p>\n<p>Peri\u00f3dico: El Colombiano<\/p>\n<p>Lugar de edici\u00f3n: Medell\u00edn<\/p>\n<p>Autor personal: NA<\/p>\n<p>Autor corporativo: NA<\/p>\n<p>Fecha: 11\/03\/1998<\/p>\n<p>P\u00e1gina: 3<\/p>\n<p>Secci\u00f3n: Plana<\/p>\n<p><strong>Titular: <\/strong>Protestas en Espa\u00f1a y Per\u00fa por asesinato de Valle Jaramillo<\/p>\n<p><strong>Resumen:<\/strong> Se publica un apartado titulado \u201cprotestas en Espa\u00f1a y Per\u00fa por asesinato de Valle Jaramillo\u201d. Se reproduce el texto publicado: Al tiempo que se realizaba la protesta en Madrid ayer, j\u00f3venes peruanos protestaron tambi\u00e9n frente a la embajada de Colombia en Lima por los continuos asesinatos y desapariciones de quienes luchan por la defensa de los derechos humanos en Colombia. Los activistas marcharon portando pancartas con la imagen del antioque\u00f1o Jes\u00fas Mar\u00eda Valle presidente del Comit\u00e9 Regional de Derechos Humanos, asesinado el pasado 27 de febrero en Medell\u00edn.<\/p>\n<p><strong>Im\u00e1genes: <\/strong>D8. Se adjunta imagen de uno d. No hay dato de la autor\u00eda.<\/p>\n<p>INFORMACI\u00d3N ANAL\u00cdTICA<\/p>\n<p>Contexto de la noticia: El pa\u00eds se encuentra en la coyuntura post elecciones legislativas y prepar\u00e1ndose para las elecciones presidenciales de mayo. Adem\u00e1s, se contin\u00faa buscando la construcci\u00f3n de unos \u201cdi\u00e1logos regionales de paz\u201d en Antioquia con los actores del conflicto. Se busca \u201cdeclarar el departamento en zona de paz y proponerles a los actores en conflicto que respeten ese acuerdo a cambio de inversi\u00f3n\u201d.<\/p>\n<p>Palabras clave: Movilizaci\u00f3n social, marcha, plant\u00f3n<\/p>\n<p>Sugerencia de palabras claves: NA<\/p>\n<p>Observaciones: NA<\/p>\n<p>Fecha de diligenciamiento: 21\/11\/2018<\/p>\n<h1 style=\"text-align: center;\"><strong>&nbsp;***<\/strong><\/h1>\n<p><strong>N\u00famero de ficha<\/strong>: D10&nbsp;&nbsp;&nbsp;&nbsp;&nbsp;&nbsp;&nbsp;&nbsp;&nbsp;&nbsp;&nbsp;&nbsp;&nbsp;&nbsp;&nbsp;&nbsp;&nbsp;&nbsp;&nbsp;&nbsp;&nbsp;&nbsp;&nbsp;&nbsp;&nbsp;&nbsp;&nbsp;&nbsp;&nbsp;&nbsp;&nbsp;&nbsp;&nbsp;&nbsp;&nbsp;&nbsp;<\/p>\n<p><strong>Diligenciada por: <\/strong>Juan Camilo Parra Restrepo<\/p>\n<p>INFORMACI\u00d3N BIBLIOGR\u00c1FICA<\/p>\n<p>Peri\u00f3dico: El Colombiano<\/p>\n<p>Lugar de edici\u00f3n: Medell\u00edn<\/p>\n<p>Autor personal: NA<\/p>\n<p>Autor corporativo: NA<\/p>\n<p>Fecha: 11\/03\/1998<\/p>\n<p>P\u00e1gina: 2<\/p>\n<p>Secci\u00f3n: 1A<\/p>\n<p><strong>Titular: <\/strong>A marchar por la vida de todos desde la U. de A.<\/p>\n<p><strong>Resumen:<\/strong> \u201cUna caminata para exigir el respeto de los Derechos Humanos, en especial el de la vida, realizar\u00e1n hoy estudiantes e integrantes de diferentes organismos humanitarios y sociales de Antioquia. La marcha saldr\u00e1 de las instalaciones del Alma Mater, a las cinco de la tarde, y avanzar\u00e1 por el centro de Medell\u00edn hasta la Plaza de San Antonio\u201d. La marcha es convocada por m\u00e1s de treinta organizaciones sociales e incluye una jornada cultural en la UdeA previa a la manifestaci\u00f3n. Busca, adem\u00e1s, que \u201ccada quien porte un s\u00edmbolo \u201cclaveles, antorchas, rostros pintados, entre otros), como forma de manifestar su indignaci\u00f3n y repudio ante las violaciones de Derechos Humanos\u201d. Se realizar\u00e1 un \u201chomenaje a los defensores de garant\u00edas fundamentales muertos de manera violenta y sistem\u00e1tica por poderes oscuros\u201d. Se menciona a H\u00e9ctor Abad G\u00f3mez, Leonardo Betancur, Luis Felipe V\u00e9lez, Alberto Lopera, Jaime Ortiz, Margarita Guzm\u00e1n y Jes\u00fas Mar\u00eda Valle.<\/p>\n<p><strong>Im\u00e1genes: <\/strong>NA<\/p>\n<p>INFORMACI\u00d3N ANAL\u00cdTICA<\/p>\n<p>Contexto de la noticia: Mismo contexto de la ficha anterior, mismo d\u00eda de publicaci\u00f3n.<\/p>\n<p>Palabras clave: Acciones de resistencia, Marcha, movilizaci\u00f3n social, asesinato selectivo, acciones simb\u00f3licas<\/p>\n<p>Observaciones: El pa\u00eds se encuentra en la coyuntura post elecciones legislativas y prepar\u00e1ndose para las elecciones presidenciales de mayo. En adici\u00f3n, se contin\u00faa buscando la construcci\u00f3n de unos \u201cdi\u00e1logos regionales de paz\u201d en Antioquia con los actores del conflicto. Se busca \u201cdeclarar el departamento en zona de paz y proponerles a los actores en conflicto que respeten ese acuerdo a cambio de inversi\u00f3n\u201d.<\/p>\n<p>Fecha de diligenciamiento: 21\/11\/2018<\/p>\n<h1 style=\"text-align: center;\"><strong>&nbsp;***<\/strong><\/h1>\n<p><strong>N\u00famero de ficha<\/strong>: D11&nbsp;&nbsp;&nbsp;&nbsp;&nbsp;&nbsp;&nbsp;&nbsp;&nbsp;&nbsp;&nbsp;&nbsp;&nbsp;&nbsp;&nbsp;&nbsp;&nbsp;&nbsp;&nbsp;&nbsp;&nbsp;&nbsp;&nbsp;&nbsp;&nbsp;&nbsp;&nbsp;&nbsp;&nbsp;&nbsp;&nbsp;&nbsp;&nbsp;&nbsp;&nbsp;&nbsp;<\/p>\n<p><strong>Diligenciada por: <\/strong>Juan Camilo Parra Restrepo<\/p>\n<p>INFORMACI\u00d3N BIBLIOGR\u00c1FICA<\/p>\n<p>Peri\u00f3dico: El Colombiano<\/p>\n<p>Lugar de edici\u00f3n: Medell\u00edn<\/p>\n<p>Autor personal: NA<\/p>\n<p>Autor corporativo: NA<\/p>\n<p>Fecha: 13\/03\/1998<\/p>\n<p>P\u00e1gina: 3<\/p>\n<p>Secci\u00f3n: Plana<\/p>\n<p><strong>Titular:<\/strong> Parlamento Europeo pide investigar crimen de Jes\u00fas Mar\u00eda Valle.<\/p>\n<p><strong>Resumen: <\/strong>\u201cEl Parlamento Europeo, PE, pidi\u00f3 ayer al gobierno de Colombia que investigue los \u00faltimos asesinatos de defensores de Derechos Humanos en el pa\u00eds, como el de Jes\u00fas Mar\u00eda Valle Jaramillo, por grupos paramilitares\u201d. Este ente, adem\u00e1s, solicita que se adelanten acciones contra las organizaciones paramilitares \u201cque est\u00e1n detr\u00e1s de estos asesinatos y que se destituy\u00f3 a los oficiales del ej\u00e9rcito y la polic\u00eda que colaboren con dichas fuerzas\u201d. Uno de los parlamentarios califica el asesinato como una \u201cejecuci\u00f3n extrajudicial para silenciarlo\u201d.<\/p>\n<p>Adem\u00e1s, en la noticia, se rememora como \u201cel mi\u00e9rcoles, estudiantes de la Universidad de Antioquia e integrantes de otras instituciones de educaci\u00f3n superior y organizaciones sociales marcharon en memoria de Jes\u00fas Mar\u00eda Valle y en defensa de la vida y los D.H.<\/p>\n<p><strong>Im\u00e1genes: <\/strong>D11. Se adjunta fotograf\u00eda de la manifestaci\u00f3n. Foto: Manuel Saldarriaga.<\/p>\n<p>INFORMACI\u00d3N ANAL\u00cdTICA<\/p>\n<p>Contexto de la noticia: La situaci\u00f3n de orden p\u00fablico en el pa\u00eds se agrava. Las Farc imponen un ret\u00e9n entre Villavicencio y Bogot\u00e1. De igual forma, realizan un ataque en el Billar, Caquet\u00e1.<\/p>\n<p>Palabras clave: Marcha, Autodefensas Campesinas de C\u00f3rdoba y Urab\u00e1, Ej\u00e9rcito, Polic\u00eda, Paramilitares, Amenaza,<\/p>\n<p>Sugerencia de palabras claves: NA<\/p>\n<p>Observaciones: NA<\/p>\n<p>Fecha de diligenciamiento: 21\/11\/2018<\/p>\n<h1 style=\"text-align: center;\"><strong>&nbsp;***<\/strong><\/h1>\n<p><strong style=\"font-size: inherit;\">N\u00famero de ficha<\/strong><span style=\"font-size: inherit;\">: D12&nbsp;&nbsp;&nbsp;&nbsp;&nbsp;&nbsp;&nbsp;&nbsp;&nbsp;&nbsp;&nbsp;&nbsp;&nbsp;&nbsp;&nbsp;&nbsp;&nbsp;&nbsp;&nbsp;&nbsp;&nbsp;&nbsp;&nbsp;&nbsp;&nbsp;&nbsp;&nbsp;&nbsp;&nbsp;&nbsp;&nbsp;&nbsp;&nbsp;&nbsp;&nbsp;&nbsp; <\/span><\/p>\n<p><strong style=\"font-size: inherit;\">Diligenciada por: <\/strong><span style=\"font-size: inherit;\">Juan Camilo Parra Restrepo<\/span><\/p>\n<p>INFORMACI\u00d3N BIBLIOGR\u00c1FICA<\/p>\n<p>Peri\u00f3dico: El Colombiano<\/p>\n<p>Lugar de edici\u00f3n: Medell\u00edn<\/p>\n<p>Autor personal: NA<\/p>\n<p>Autor corporativo: NA<\/p>\n<p>Fecha: 05\/05\/1998<\/p>\n<p>P\u00e1gina: 3<\/p>\n<p>Secci\u00f3n: Plana<\/p>\n<p><strong>Titular: <\/strong>Adoptar\u00e1n medidas de seguridad en la U. de A.<\/p>\n<p><strong>Resumen:<\/strong> El d\u00eda 30 de abril fue asesinado el profesor de biolog\u00eda Rafael Caldas Z\u00e1rate. Se informa que se rendir\u00e1 homenaje en la plazuela central de la ciudad universitaria el d\u00eda 06 de mayo a las 4 pm. Por lo cual, la Universidad tom\u00f3 una serie de medidas de seguridad, entre las que se incluye restablecer el control del ingreso de personas y veh\u00edculos. El comunicado de la rector\u00eda reza as\u00ed: \u201cLos riesgos que ocasiona un pa\u00eds en medio de la guerra y el grado de descomposici\u00f3n a que ha llegado nuestra sociedad, nos obliga, muy a nuestro pesar y en contrav\u00eda de los bienes de la instituci\u00f3n, a establecer una serie de medidas de control con el objeto de defender la vida de los profesores, estudiantes y trabajadores de la Universidad (&#8230;) Hacemos un llamado a la comunidad acad\u00e9mica para que rechace el lenguaje de las armas y de la violencia y nos ayude a desterrarlas de la Universidad y para que sea solidaria y asma una actitud de rechazo a cualquier manifestaci\u00f3n de violencia que nos aparte de nuestra misi\u00f3n fundamental o que impida que el claustro sea un campo abierto a la libertad de expresi\u00f3n y la b\u00fasqueda del conocimiento\u201d. Las medidas incluyen puestos de control en las porter\u00edas, revisi\u00f3n de veh\u00edculo, identificaci\u00f3n de los estudiantes, docentes y empleados.<\/p>\n<p><strong>Im\u00e1genes: <\/strong>NA<\/p>\n<p>INFORMACI\u00d3N ANAL\u00cdTICA<\/p>\n<p>Contexto de la noticia: Se notan 2 hechos grandes en la agenda pol\u00edtica nacional. Por un lado, la discusi\u00f3n en torno a la posibilidad de una intervenci\u00f3n militar de Estados Unidos en Colombia, producto de la amenaza de las FARC a los ciudadanos norteamericanos, declarados objetivo militar, y que conlleva a que ese pa\u00eds declare el conflicto en Colombia como una amenaza para su seguridad nacional. Adicional a ello, se \u201ccae\u201d el preacuerdo entre el ELN y el Gobierno Nacional para iniciar di\u00e1logos de paz. En adici\u00f3n a lo anterior, en el mismo peri\u00f3dico aparece noticia que informa que un frente de las FARC busca desmovilizarse en la regi\u00f3n del Magdalena Medio.<\/p>\n<p>Palabras clave: Respuestas institucionales, Asesinato selectivo, Actores institucionales<\/p>\n<p>Sugerencia de palabras claves: NA.<\/p>\n<p>Observaciones: NA.<\/p>\n<p>Fecha de diligenciamiento: 22\/11\/2018<\/p>\n<h1 style=\"text-align: center;\"><strong>&nbsp;***<\/strong><\/h1>\n<p><strong>N\u00famero de ficha<\/strong>: D13&nbsp;&nbsp;&nbsp;&nbsp;&nbsp;&nbsp;&nbsp;&nbsp;&nbsp;&nbsp;&nbsp;&nbsp;&nbsp;&nbsp;&nbsp;&nbsp;&nbsp;&nbsp;&nbsp;&nbsp;&nbsp;&nbsp;&nbsp;&nbsp;&nbsp;&nbsp;&nbsp;&nbsp;&nbsp;&nbsp;&nbsp;&nbsp;&nbsp;&nbsp;&nbsp;&nbsp;<\/p>\n<p><strong>Diligenciada por: <\/strong>Juan Camilo Parra Restrepo<\/p>\n<p>INFORMACI\u00d3N BIBLIOGR\u00c1FICA<\/p>\n<p>Peri\u00f3dico: El Colombiano<\/p>\n<p>Lugar de edici\u00f3n: Medell\u00edn<\/p>\n<p>Autor personal: NA<\/p>\n<p>Autor corporativo: NA<\/p>\n<p>Fecha: 13\/05\/1998<\/p>\n<p>P\u00e1gina: 2<\/p>\n<p>Secci\u00f3n: la<\/p>\n<p><strong>Titular: <\/strong>La U. de A. marcha por la paz<\/p>\n<p><strong>Resumen:<\/strong> La noticia afirma as\u00ed: \u201cEn una marcha sin precedentes la Universidad de Antioquia rinde homenaje hoy a la memoria del profesor Rafael Caldas Z\u00e1rate, asesinado dentro del claustro el pasado 30 de abril. Por primera vez estamentos directivo, docente y estudiantil se unen a los trabajadores del alma mater y a la comunidad de las instituciones vinculadas a la U. de A. para desfilar en silencio hacia el centro de Medell\u00edn, en un reclamo de paz y convivencia. La jornada de reconocimiento a la memoria del docente sacrificado se inicia a las 8:00 am con una reflexi\u00f3n por facultades, escuelas e institutos. Previamente, las personas que ingresen a la ciudad universitaria recibir\u00e1n un clavel blanco en las porter\u00edas. A partir de las 10:00 am hay un acto cultural en el Teatro Camilo Torres, con el apoyo de las facultades de Artes y Ciencias Sociales. Luego habr\u00e1 una toma simb\u00f3lica de la Plazoleta Central de la Universidad y a las 4:00 pm saldr\u00e1 la marcha por la porter\u00eda de Barranquilla, para dirigirse al Palacio de la Cultura, Rafael Uribe en la Plazuela Nutibara\u201d.<\/p>\n<p><strong>Im\u00e1genes: <\/strong>NA<\/p>\n<p>INFORMACI\u00d3N ANAL\u00cdTICA<\/p>\n<p>Contexto de la noticia: La noticia se da en el marco de la coyuntura de campa\u00f1a electoral por las elecciones presidenciales de mayo. Igualmente, tiene como antecedente el debate sobre la intervenci\u00f3n de Estados Unidos en Colombia, mencionado en fichas anteriores, y el preacuerdo fallido del Gobierno Nacional con el ELN. El d\u00eda anterior a la noticia se da el asesinato del ex ministro de defensa del gobierno de Belisario Betancur, Fernando Landaz\u00e1bal Reyes en la ciudad de Bogot\u00e1.<\/p>\n<p>Palabras clave: Movilizaci\u00f3n social, Mitin, Marcha, Plant\u00f3n, Toma pac\u00edfica de lugares, Jornadas culturales<\/p>\n<p>Sugerencia de palabras claves: NA<\/p>\n<p>Observaciones:<\/p>\n<p>Fecha de diligenciamiento: 22\/11\/2018<\/p>\n<h1 style=\"text-align: center;\"><strong>&nbsp;***<\/strong><\/h1>\n<p><strong>N\u00famero de ficha<\/strong>: D14&nbsp;&nbsp;&nbsp;&nbsp;&nbsp;&nbsp;&nbsp;&nbsp;&nbsp;&nbsp;&nbsp;&nbsp;&nbsp;&nbsp;&nbsp;&nbsp;&nbsp;&nbsp;&nbsp;&nbsp;&nbsp;&nbsp;&nbsp;&nbsp;&nbsp;&nbsp;&nbsp;&nbsp;&nbsp;&nbsp; &nbsp;&nbsp;&nbsp;&nbsp;&nbsp;<\/p>\n<p><strong>Diligenciada por: <\/strong>Juan Camilo Parra Restrepo<\/p>\n<p>INFORMACI\u00d3N BIBLIOGR\u00c1FICA<\/p>\n<p>Peri\u00f3dico: El Colombiano<\/p>\n<p>Lugar de edici\u00f3n: Medell\u00edn<\/p>\n<p>Autor personal: NA<\/p>\n<p>Autor corporativo: NA<\/p>\n<p>Fecha: 13\/06\/1998<\/p>\n<p>P\u00e1gina: 2<\/p>\n<p>Secci\u00f3n: La<\/p>\n<p><strong>Titular: <\/strong>U. de A. gradu\u00f3 a ingeniera ambiental<\/p>\n<p><strong>Resumen:<\/strong> Desde el 22 de mayo de 1998 se encuentra secuestrada la estudiante de la maestr\u00eda en Ingenier\u00eda Ambiental Hilda Beatriz Casta\u00f1o Su\u00e1rez, por la Uni\u00f3n Camilista-Ej\u00e9rcito de Liberaci\u00f3n Nacional. Por lo cual, la Universidad de Antioquia decide graduarla en ausencia. En el momento del secuestro la estudiante se desempe\u00f1aba como interventora de Obras P\u00fablicas Departamentales y cumpl\u00eda su labor en la carretera entre Yal\u00ed y Vegach\u00ed. \u201cEl diploma le fue entregado a su esposo, Ramiro Moreno Correa, en medio del aplauso un\u00e1nime que ofrecieron los asistentes que abarrotaban el auditorio. Mientras tanto, la silla de Hilda Beatriz permaneci\u00f3 vac\u00eda y con una foto suya como muestra del lugar que le conserv\u00f3 la universidad hasta el momento de graduarla. Al final de los actos protocolarios, el Grupo Scout Jorge Cock Quevedo, que ella dirige, le rindi\u00f3 otro reconocimiento, con la interpretaci\u00f3n del tema musical S\u00f3lo le pido a Dios, que fue acompa\u00f1ado por sus colegas de promoci\u00f3n y por los familiares que se unieron al acto oficial. All\u00ed se ley\u00f3 el comunicado del rector, Jaime Restrepo Cuartas, en el que hasta el \u00faltimo momento se pidi\u00f3 la liberaci\u00f3n de Hilda Beatriz como gesto respetuoso por los derechos humanos y como muestra de que el grupo activista desea la paz para Colombia\u201d.<\/p>\n<p><strong>Im\u00e1genes: <\/strong>NA<\/p>\n<p>INFORMACI\u00d3N ANAL\u00cdTICA<\/p>\n<p>Contexto de la noticia: El presidente Ernesto Samper anuncia que acepta desmilitarizar un municipio para realizar negociaciones de paz con los grupos armados ilegales. Esto, en medio del debate electoral de la campa\u00f1a por la segunda vuelta de las elecciones presidenciales entre Andr\u00e9s Pastrana y Horacio Serpa.<\/p>\n<p>Palabras clave: Respuestas institucionales, secuestro, Actores institucionales, Rector Jaime Restrepo Cuartas acciones de resistencia, acto simb\u00f3lico<\/p>\n<p>Sugerencia de palabras claves: NA<\/p>\n<p>Observaciones:<\/p>\n<p>Fecha de diligenciamiento: 22\/11\/2018<\/p>\n<h1 style=\"text-align: center;\"><strong>&nbsp;***<\/strong><\/h1>\n<p><strong>N\u00famero de ficha<\/strong>: D15&nbsp;&nbsp;&nbsp;&nbsp;&nbsp;&nbsp;&nbsp;&nbsp;&nbsp;&nbsp;&nbsp;&nbsp;&nbsp;&nbsp;&nbsp;&nbsp;&nbsp;&nbsp;&nbsp;&nbsp;&nbsp;&nbsp;&nbsp;&nbsp;&nbsp;&nbsp;&nbsp;&nbsp;&nbsp;&nbsp;&nbsp;&nbsp;&nbsp;&nbsp;&nbsp;&nbsp;<\/p>\n<p><strong>Diligenciada por: <\/strong>Juan Camilo Parra Restrepo<\/p>\n<p>INFORMACI\u00d3N BIBLIOGR\u00c1FICA<\/p>\n<p>Peri\u00f3dico: El Colombiano<\/p>\n<p>Lugar de edici\u00f3n: Medell\u00edn<\/p>\n<p>Autor personal: NA<\/p>\n<p>Autor corporativo: NA<\/p>\n<p>Fecha: 20\/06\/1998<\/p>\n<p>P\u00e1gina: 11A<\/p>\n<p>Secci\u00f3n: Antioquia<\/p>\n<p><strong>Titular:<\/strong> Rechazan secuestro de ingeniera<\/p>\n<p><strong>Resumen:<\/strong> La Asamblea Departamental de Antioquia, mediante un comunicado, rechaz\u00f3 el secuestro de la ingeniera de Obras P\u00fablicas Hilda Casta\u00f1o Su\u00e1rez (que en la ficha anterior fue graduada ausente de la Universidad de Antioquia) y Alberto Le\u00f3n Valencia.<\/p>\n<p><strong>Im\u00e1genes: <\/strong>NA<\/p>\n<p>INFORMACI\u00d3N ANAL\u00cdTICA<\/p>\n<p>Contexto de la noticia: La noticia se produce un d\u00eda antes de la segunda vuelta de las elecciones presidenciales entre Andr\u00e9s Pastrana y Horario Serpa. En un momento donde se empieza a analizar la desmilitarizaci\u00f3n de San Vicente del Cagu\u00e1n.<\/p>\n<p>Observaciones: NA.<\/p>\n<p>Palabras clave: Secuestro<\/p>\n<p>Sugerencia de palabras claves: NA<\/p>\n<p>Fecha de diligenciamiento: 22\/11\/2018<\/p>\n<h1 style=\"text-align: center;\"><strong>&nbsp;***<\/strong><\/h1>\n<p><strong>N\u00famero de ficha<\/strong>: D16&nbsp;&nbsp;&nbsp;&nbsp;&nbsp;&nbsp;&nbsp;&nbsp;&nbsp;&nbsp;&nbsp;&nbsp;&nbsp;&nbsp;&nbsp;&nbsp;&nbsp;&nbsp;&nbsp;&nbsp;&nbsp;&nbsp;&nbsp;&nbsp;&nbsp;&nbsp;&nbsp;&nbsp;&nbsp;&nbsp;&nbsp;&nbsp;&nbsp;&nbsp;&nbsp;&nbsp;<\/p>\n<p><strong>Diligenciada por: <\/strong>Juan Camilo Parra Restrepo<\/p>\n<p>INFORMACI\u00d3N BIBLIOGR\u00c1FICA<\/p>\n<p>Peri\u00f3dico: El Colombiano<\/p>\n<p>Lugar de edici\u00f3n: Medell\u00edn<\/p>\n<p>Autor personal: NA<\/p>\n<p>Autor corporativo: NA<\/p>\n<p>Fecha: 29\/08\/1998<\/p>\n<p>P\u00e1gina: 3<\/p>\n<p>Secci\u00f3n: Plana<\/p>\n<p><strong>Titular: <\/strong>Apoyan a profesores<\/p>\n<p><strong>Resumen:<\/strong> \u201cLos estudiantes de la facultad de Medicina de la Universidad de Antioquia marcharon ayer por las v\u00edas aleda\u00f1as al Alma Mater para protestar por las amenazas de que fueron objeto algunos profesores de ese centro estudiantil en los \u00faltimos d\u00edas, en las cuales se les advert\u00eda que, si los alumnos de fisiolog\u00eda no ganaban el curso, sus vidas correr\u00edan peligro. El apoyo de los estudiantes hacia sus maestros fue total\u201d.<\/p>\n<p><strong>Im\u00e1genes: <\/strong>D16. Fotograf\u00eda de las protestas realizadas por los estudiantes. Foto: Jaimar.<\/p>\n<p>INFORMACI\u00d3N ANAL\u00cdTICA<\/p>\n<p>Contexto de la noticia: La C\u00e1mara de Representantes abri\u00f3 un espacio de participaci\u00f3n al ELN y le adjudic\u00f3 3 esca\u00f1os en una mesa de trabajo para asesor a la Corporaci\u00f3n. En adici\u00f3n, el ELN afirma que quiere que se apruebe una ley de canje de prisioneros propuesta por las FARC.<\/p>\n<p>Palabras clave: Marcha, Amenaza,<\/p>\n<p>Sugerencia de palabras claves: NA<\/p>\n<p>Observaciones: NA.<\/p>\n<p>Fecha de diligenciamiento: 23\/11\/2018<\/p>\n<h1 style=\"text-align: center;\"><strong>&nbsp;***<\/strong><\/h1>\n<p><strong>N\u00famero de ficha:<\/strong> D17&nbsp;&nbsp;&nbsp;&nbsp;&nbsp;&nbsp;&nbsp;&nbsp;&nbsp;&nbsp;&nbsp;&nbsp;&nbsp;&nbsp;&nbsp;&nbsp;&nbsp;&nbsp;&nbsp;&nbsp;&nbsp;&nbsp;&nbsp;&nbsp;&nbsp;&nbsp;&nbsp;&nbsp;&nbsp;&nbsp;&nbsp;&nbsp;&nbsp;&nbsp;&nbsp;&nbsp;<\/p>\n<p><strong>Diligenciada por:<\/strong> Juan Camilo Parra Restrepo<\/p>\n<p>INFORMACI\u00d3N BIBLIOGR\u00c1FICA<\/p>\n<p>Peri\u00f3dico: El Colombiano<\/p>\n<p>Lugar de edici\u00f3n: Medell\u00edn<\/p>\n<p>Autor personal: NA<\/p>\n<p>Autor corporativo: NA<\/p>\n<p>Fecha: 03\/09\/1998<\/p>\n<p>P\u00e1gina: 2<\/p>\n<p>Secci\u00f3n: Plana<\/p>\n<p><strong>Titular: <\/strong>Queman buseta frente a la U. de A.<\/p>\n<p><strong>Resumen:<\/strong> \u201cUn grupo de manifestantes quem\u00f3 un veh\u00edculo de servicio p\u00fablico y deton\u00f3 cinco petardos de bajo poder frente a las instalaciones de la Universidad de Antioquia ayer. Seg\u00fan la versi\u00f3n dada por el conductor de la buseta de Bello que result\u00f3 incinerada, dos j\u00f3venes abordaron el automotor en la calle Barranquilla y le pidieron abandonarlo junto con sus pasajeros. Acto seguido, varios participantes en la protesta procedieron a incendiar el carro. El comando metropolitano de Polic\u00eda envi\u00f3 un grupo de uniformados para controlar la situaci\u00f3n y suspender el tr\u00e1fico automotor por la zona afectada. De acuerdo con el reporte del Cuerpo de Bomberos de Medell\u00edn, las p\u00e9rdidas superan los $25 millones\u201d.<\/p>\n<p><strong>Im\u00e1genes: <\/strong>NA<\/p>\n<p>INFORMACI\u00d3N ANAL\u00cdTICA<\/p>\n<p>Contexto de la noticia: \u201cEl Ministro de Hacienda, Juan Camilo Restrepo, presentar\u00e1 cuatro proyectos de ley para el ajuste fiscal. Incluye disminuir el IVA del 16 al 15 y a\u00f1adir 100 bienes y servicios a la base de tributaci\u00f3n. Tambi\u00e9n, el alto comisionado para la paz afirma que si los guerrilleros se acogen a un proceso de paz se les reconocer\u00e1 su status pol\u00edtico. Sumado a esto, Colombia entrega presidencia del Movimiento de Pa\u00edses No Alineados a Sud\u00e1frica. Con un papel que es calificado como pobre.<\/p>\n<p>Palabras clave: Acciones contestatarias,<\/p>\n<p>Sugerencia de palabras claves: NA<\/p>\n<p>Observaciones: NA.<\/p>\n<p>Fecha de diligenciamiento: 23\/11\/2018<\/p>\n<h1 style=\"text-align: center;\"><strong>&nbsp;***<\/strong><\/h1>\n<p><strong>N\u00famero de ficha<\/strong>: D18&nbsp;&nbsp;&nbsp;&nbsp;&nbsp;&nbsp;&nbsp;&nbsp;&nbsp;&nbsp;&nbsp;&nbsp;&nbsp;&nbsp;&nbsp;&nbsp;&nbsp;&nbsp;&nbsp;&nbsp;&nbsp;&nbsp;&nbsp;&nbsp;&nbsp;&nbsp;&nbsp;&nbsp;&nbsp;&nbsp;&nbsp;&nbsp;&nbsp;&nbsp;&nbsp;&nbsp;<\/p>\n<p><strong>Diligenciada por: <\/strong>Juan Camilo Parra Restrepo<\/p>\n<p>INFORMACI\u00d3N BIBLIOGR\u00c1FICA<\/p>\n<p>Peri\u00f3dico: El Colombiano<\/p>\n<p>Lugar de edici\u00f3n: Medell\u00edn<\/p>\n<p>Autor personal: NA<\/p>\n<p>Autor corporativo: NA<\/p>\n<p>Fecha: 10\/09\/1998<\/p>\n<p>P\u00e1gina: 3<\/p>\n<p>Secci\u00f3n: Plana<\/p>\n<p><strong>Titular: <\/strong>Universidades p\u00fablicas en paro 24 horas<\/p>\n<p><strong>Resumen: <\/strong>Alrededor de 20 Universidades de Colombia est\u00e1n en paro (cese de actividades) en virtud que el Gobierno Nacional no ha decidido apoyar financieramente a las universidades del Valle y Magdalena.<\/p>\n<p><strong>Im\u00e1genes: <\/strong>NA<\/p>\n<p>INFORMACI\u00d3N ANAL\u00cdTICA<\/p>\n<p>Contexto de la noticia: El representante a la c\u00e1mara Jorge Humberto Gonz\u00e1lez fue asesinado por sicarios en la Ciudad de Medell\u00edn.<\/p>\n<p>Palabras clave: NA.<\/p>\n<p>Sugerencia de palabras claves: Cese de actividades<\/p>\n<p>Observaciones: NA.<\/p>\n<p><strong>Fecha de diligenciamiento: <\/strong>23\/12\/2018<\/p>\n<p><strong>&nbsp;<\/strong><\/p>\n<h1 style=\"text-align: center;\"><strong>&nbsp;***<\/strong><\/h1>\n<p><strong>&nbsp;<\/strong><strong style=\"font-size: inherit;\">N\u00famero de ficha<\/strong><span style=\"font-size: inherit;\">: D19&nbsp;&nbsp;&nbsp;&nbsp;&nbsp;&nbsp;&nbsp;&nbsp;&nbsp;&nbsp;&nbsp;&nbsp;&nbsp;&nbsp;&nbsp;&nbsp;&nbsp;&nbsp;&nbsp;&nbsp;&nbsp;&nbsp;&nbsp;&nbsp;&nbsp;&nbsp;&nbsp;&nbsp;&nbsp;&nbsp;&nbsp;&nbsp;&nbsp;&nbsp;&nbsp;&nbsp; <\/span><\/p>\n<p><strong style=\"font-size: inherit;\">Diligenciada por: <\/strong><span style=\"font-size: inherit;\">Juan Camilo Parra Restrepo<\/span><\/p>\n<p>INFORMACI\u00d3N BIBLIOGR\u00c1FICA<\/p>\n<p>Peri\u00f3dico: El Colombiano<\/p>\n<p>Lugar de edici\u00f3n: Medell\u00edn<\/p>\n<p>Autor personal: NA<\/p>\n<p>Autor corporativo: NA<\/p>\n<p>Fecha: 11\/09\/1998<\/p>\n<p>P\u00e1gina: 3<\/p>\n<p>Secci\u00f3n: Plana<\/p>\n<p><strong>Titular: <\/strong>Paro parcial universitario para apoyar a la del Valle<\/p>\n<p><strong>Resumen: <\/strong>La Universidad de Antioquia y la Universidad Nacional sede Medell\u00edn cesaron sus actividades el d\u00eda de ayer (10\/09\/1998) en solidaridad con la Universidad del Valle, que pasa por una crisis financiera. En la U. de A. se realizaron m\u00edtines al interior y los estudiantes no asistieron a las clases en dicho d\u00eda. De igual forma se manifiesta que la Universidad propiciar\u00e1 un espacio de discusi\u00f3n sobre las posibles soluciones y alternativas al problema de financiaci\u00f3n de la Universidad p\u00fablica.<\/p>\n<p><strong>Im\u00e1genes: <\/strong>NA<\/p>\n<p>INFORMACI\u00d3N ANAL\u00cdTICA<\/p>\n<p>Contexto de la noticia: El representante a la c\u00e1mara Jorge Humberto Gonz\u00e1lez fue asesinado por sicarios en la Ciudad de Medell\u00edn.<\/p>\n<p>Palabras clave: Paro, Mitin, Movilizaci\u00f3n social, Jornadas culturales<\/p>\n<p>Sugerencia de palabras claves: NA<\/p>\n<p>Observaciones: NA,<\/p>\n<p><strong>Fecha de diligenciamiento: <\/strong>23\/12\/2018<\/p>\n<h1 style=\"text-align: center;\"><strong>&nbsp;***<\/strong><\/h1>\n<p><strong>N\u00famero de ficha<\/strong>: D20&nbsp;&nbsp;&nbsp;&nbsp;&nbsp;&nbsp;&nbsp;&nbsp;&nbsp;&nbsp; &nbsp;&nbsp;&nbsp;&nbsp;&nbsp;&nbsp;&nbsp;&nbsp;&nbsp;&nbsp;&nbsp;&nbsp;&nbsp;&nbsp;&nbsp;&nbsp;&nbsp;&nbsp;&nbsp;&nbsp;&nbsp;&nbsp;&nbsp;&nbsp;&nbsp;<\/p>\n<p><strong>Diligenciada por: <\/strong>Juan Camilo Parra Restrepo<\/p>\n<p>INFORMACI\u00d3N BIBLIOGR\u00c1FICA<\/p>\n<p>Peri\u00f3dico: El Colombiano<\/p>\n<p>Lugar de edici\u00f3n: Medell\u00edn<\/p>\n<p>Autor personal: NA<\/p>\n<p>Autor corporativo: NA<\/p>\n<p>Fecha: 20\/09\/1998<\/p>\n<p>P\u00e1gina: 2<\/p>\n<p>Secci\u00f3n: Plana<\/p>\n<p><strong>Titular:<\/strong> Sin pistas sobre el asesinato de investigadores en Putumayo<\/p>\n<p><strong>Resumen: <\/strong>\u201cLas autoridades de Mocoa reportaron que a\u00fan no tienen pistas sobre los m\u00f3viles ni los autores del asesinato de los funcionarios del Servicio Seccional de Salud de Putumayo y el investigador de la Universidad de Antioquia, Edison Correa Ospina, quienes fueron asesinados el pasado fin de semana en la vereda San Carlos, jurisdicci\u00f3n del municipio de La Hormiga, donde adelantaba una brigada de salud. Voceros de la Polic\u00eda de Putumayo se\u00f1alaron que las personas asesinadas no ten\u00edan v\u00ednculos con grupos armados ni tampoco hab\u00edan denunciado amenazas a las autoridades\u201d. Se afirma en la noticia que en la vereda donde ocurri\u00f3 el asesinato no hay presencia de la fuerza p\u00fablica y que, adem\u00e1s, ning\u00fan grupo armado se ha atribuido el asesinato. En adici\u00f3n, se afirma que \u201clos estudiantes de la Universidad de Antioquia protestaron ayer, mediante un comunicado, por la muerte del investigador, de 33 a\u00f1os, quien adelantaba estudios de Maestr\u00eda en Entomolog\u00eda M\u00e9dica y estaba vinculado como docente de c\u00e1tedra en la Universidad de Antioquia. \u00c9dison Correa estaba realizando una investigaci\u00f3n tendiente a determinar las especies de mosquitos transmisores de Malaria en la vereda de San Carlos, municipio de La Hormiga, investigaci\u00f3n aprobada y financiada por Colciencias, la Universidad de Antioquia, el Servicio de Salud del Putumayo y la Fundaci\u00f3n Wellcome Trust de Inglaterra\u201d.&nbsp; El comunicado no se reproduce en la noticia.<\/p>\n<p><strong>Im\u00e1genes: <\/strong>NA<\/p>\n<p>INFORMACI\u00d3N ANAL\u00cdTICA<\/p>\n<p>Contexto de la noticia: Las Autodefensas Unidas de Colombia asesinaron a Jairo Rojas, representante por Cundinamarca en la C\u00e1mara de Representantes.<\/p>\n<p>Palabras clave: Edison Correa Ospina, acciones de violencia, asesinato, acciones de resistencia, comunicado<\/p>\n<p>Observaciones: NA<\/p>\n<p><strong>Fecha de diligenciamiento: <\/strong>23\/12\/2018<\/p>\n<h1 style=\"text-align: center;\"><strong>&nbsp;***<\/strong><\/h1>\n<p><strong>N\u00famero de ficha<\/strong>: D21&nbsp;&nbsp;&nbsp;&nbsp;&nbsp;&nbsp;&nbsp;&nbsp;&nbsp;&nbsp;&nbsp;&nbsp;&nbsp;&nbsp;&nbsp;&nbsp;&nbsp;&nbsp;&nbsp;&nbsp;&nbsp;&nbsp;&nbsp;&nbsp;&nbsp;&nbsp;&nbsp;&nbsp;&nbsp;&nbsp;&nbsp;&nbsp;&nbsp;&nbsp;&nbsp;&nbsp;<\/p>\n<p><strong>Diligenciada por: <\/strong>Juan Camilo Parra Restrepo<\/p>\n<p>INFORMACI\u00d3N BIBLIOGR\u00c1FICA<\/p>\n<p>Peri\u00f3dico: El Colombiano<\/p>\n<p>Lugar de edici\u00f3n: Medell\u00edn<\/p>\n<p>Autor personal: NA<\/p>\n<p>Autor corporativo: NA<\/p>\n<p>Fecha: 17\/09\/1998<\/p>\n<p>P\u00e1gina: 2<\/p>\n<p>Secci\u00f3n: Plana<\/p>\n<p><strong>Titular: <\/strong>Lo que muere cuando matan a un investigador<\/p>\n<p><strong>Resumen:<\/strong> En La Hormiga, Putumayo, fue asesinado, junto a otras tres personas del Servicio Seccional de Salud, H\u00e9ctor Edison Correa Ospina, de 33 a\u00f1os de edad e investigador del programa de Estudio y Control de Enfermedades Tropicales de la Universidad de Antioquia.<\/p>\n<p>\u201cEl Alma Mater busca el acercamiento de sus investigadores a esas poblaciones donde no hay presencia de Estado y contribuir con su trabajo a mejorar el nivel de vida pues brindan atenci\u00f3n en salud; realizan programas de control de enfermedades; atienden algunos problemas sanitarios; ofrecen educaci\u00f3n y construyen peque\u00f1as obras de infraestructura. La directora del proyecto, Marta Luc\u00eda Ordo\u00f1ez, explic\u00f3 que los estudios realizados por Edison y el grupo, apoyados por la universidad, Colciencias y la Fundaci\u00f3n Wellcom Trust, de Inglaterra y a un costo de $140 millones, est\u00e1n dirigidos, inicialmente, a conocer los insectos transmisores de malaria\u201d.<\/p>\n<p>El estudiante del doctorado en parasitolog\u00eda, Jos\u00e9 Miguel, afirma que: \u201cNo hay palabras para hablar de este crimen; no he sido capaz de asimilarlo. Creo que aqu\u00ed la vida no tiene valor y tal parece que vayas donde vayas puede pasar una cosa como est\u00e1s; adem\u00e1s, no s\u00e9 si para los que laboran en esas regiones les ser\u00e1 rentable un trabajo tan altruista, pero son unos valientes\u201d. Mar\u00eda Luisa Barrag\u00e1n, integrante del equipo de Edison, afirma que \u201ccomo universitarios e investigadores no podemos dejar de hacer lo que hacemos porque ese es nuestro compromiso social con las comunidades desprotegidas\u201d.<\/p>\n<p>En la noticia se preguntan: \u201c\u00bfCu\u00e1l ser\u00e1 el futuro de la investigaci\u00f3n de campo para cualquier disciplina cient\u00edfica en Colombia si los actores del conflicto armado asesinan a estudiantes, profesores y funcionarios dedicados a ella?<\/p>\n<p><strong>Im\u00e1genes: <\/strong>NA<\/p>\n<p>INFORMACI\u00d3N ANAL\u00cdTICA<\/p>\n<p>Contexto de la noticia: Voceros sociales y del ELN se reunir\u00e1n en una convenci\u00f3n Manteniendo la vigencia del proceso y respondiendo a el Acuerdo de Puerta del Cielo. Miembros de bandas en la zona noroccidental de Medell\u00edn firmaron un pacto de no agresi\u00f3n y se comprometen a buscar una mesa para la paz.<\/p>\n<p>Palabras clave: Acci\u00f3n de violencia, Asesinato selectivo, Acci\u00f3n de resistencia, comunicado.<\/p>\n<p>Sugerencia de palabras claves: NA.<\/p>\n<p>Observaciones: NA.<\/p>\n<p>Fecha de diligenciamiento: 23\/11\/2018<\/p>\n<h1 style=\"text-align: center;\"><strong>&nbsp;***<\/strong><\/h1>\n<p><strong>N\u00famero de ficha<\/strong>: D22&nbsp;&nbsp;&nbsp;&nbsp;&nbsp;&nbsp;&nbsp;&nbsp;&nbsp;&nbsp;&nbsp;&nbsp;&nbsp;&nbsp;&nbsp;&nbsp;&nbsp;&nbsp;&nbsp;&nbsp;&nbsp;&nbsp;&nbsp;&nbsp;&nbsp;&nbsp;&nbsp;&nbsp;&nbsp;&nbsp;&nbsp;&nbsp;&nbsp;&nbsp;&nbsp;&nbsp;<\/p>\n<p><strong>Diligenciada por: <\/strong>Juan Camilo Parra Restrepo<\/p>\n<p>INFORMACI\u00d3N BIBLIOGR\u00c1FICA<\/p>\n<p>Peri\u00f3dico: El Colombiano<\/p>\n<p>Lugar de edici\u00f3n: Medell\u00edn<\/p>\n<p>Autor personal: NA<\/p>\n<p>Autor corporativo: NA<\/p>\n<p>Fecha: 09\/11\/1998<\/p>\n<p>P\u00e1gina: 2<\/p>\n<p>Secci\u00f3n: La<\/p>\n<p><strong>Titular: <\/strong>Estudiantes, tambi\u00e9n pararon<\/p>\n<p><strong>Resumen: <\/strong>Los empleados y catedr\u00e1ticos de la Universidad de Antioquia se sumaron al paro generalizado de trabajadores p\u00fablicos y privados, continuando en cese de actividades y saliendo a las calles a protestar en conjunto con el magisterio, las centrales obreras, la rama judicial, entre otros.<\/p>\n<p><strong>Im\u00e1genes: <\/strong>NA<\/p>\n<p>INFORMACI\u00d3N ANAL\u00cdTICA<\/p>\n<p>Contexto de la noticia: El 01 de noviembre de 1998 se dio la Toma a Mit\u00fa por la toma de las Farc.<\/p>\n<p>Palabras clave: Acciones de resistencia, Movilizaci\u00f3n social, paro<\/p>\n<p>Sugerencia de palabras claves: NA<\/p>\n<p>Observaciones: NA<\/p>\n<p><strong>Fecha de diligenciamiento: <\/strong>23\/12\/2018<\/p>\n<h1 style=\"text-align: center;\">***<\/h1>\n<p><strong>N\u00famero de ficha<\/strong>: D23&nbsp;&nbsp;&nbsp;&nbsp;&nbsp;&nbsp;&nbsp;&nbsp;&nbsp;&nbsp;&nbsp;&nbsp;&nbsp;&nbsp;&nbsp;&nbsp;&nbsp;&nbsp;&nbsp;&nbsp;&nbsp;&nbsp;&nbsp;&nbsp;&nbsp;&nbsp;&nbsp;&nbsp;&nbsp;&nbsp;&nbsp;&nbsp;&nbsp;&nbsp;&nbsp;&nbsp;<\/p>\n<p><strong>Diligenciada por: <\/strong>Juan Camilo Parra Restrepo<\/p>\n<p>INFORMACI\u00d3N BIBLIOGR\u00c1FICA<\/p>\n<p>Peri\u00f3dico: El Colombiano<\/p>\n<p>Lugar de edici\u00f3n: Medell\u00edn<\/p>\n<p>Autor personal: NA<\/p>\n<p>Autor corporativo: NA<\/p>\n<p>Fecha: 16\/10\/1998<\/p>\n<p>P\u00e1gina: 5C<\/p>\n<p>Secci\u00f3n: Colombia<\/p>\n<p><strong>Titular: <\/strong>Bloqueada rector\u00eda de la U. de A.<\/p>\n<p><strong>Resumen: <\/strong>\u201cEl bloque administrativo de la Universidad de Antioquia fue bloqueado ayer por un grupo de estudiantes de ese claustro, seg\u00fan inform\u00f3 ayer el rector de la instituci\u00f3n, Jaime Restrepo Cuartas. \u201cComo consecuencia, se produjo un gran trastorno en las actividades docentes, investigativas, de extensi\u00f3n y administrativas (pagos a monitores y auxiliares administrativos, de vi\u00e1ticos y salarios, y el cumplimiento de contratos)\u201d, precis\u00f3 el directivo en un comunicado. Restrepo Cuartas coment\u00f3 que \u201cdicha acci\u00f3n se realiz\u00f3 con el pretexto de apoyar el paro nacional de los servidores del Estado, cuyas peticiones no est\u00e1n dentro de la competencia de las autoridades universitarias\u201d. Reiter\u00f3 que \u201cla universidad no es un espacio para la violencia y, por el contrario, debe serlo para la libre discusi\u00f3n de ideas, para lo cual convocamos a la sensatez a estudiantes, profesores y empleados que siguen considerando que nuestros conflictos se resuelven en el campo de la raz\u00f3n, muy lejos de la imposici\u00f3n\u201d.<\/p>\n<p><strong>Im\u00e1genes: <\/strong>NA<\/p>\n<p>INFORMACI\u00d3N ANAL\u00cdTICA<\/p>\n<p>Contexto de la noticia: &nbsp;El Representante liberal por Arauca Octavio Sarmiento fue asesinado en Tame.<\/p>\n<p>Palabras clave: Respuestas institucionales, Rector Jaime Restrepo Cuartas, Acciones contestatarias, Mitin<\/p>\n<p>Sugerencia de palabras claves: NA<\/p>\n<p>Observaciones: NA<\/p>\n<p><strong>Fecha de diligenciamiento: <\/strong>24\/12\/2018<\/p>\n<h1 style=\"text-align: center;\"><strong>&nbsp;***<\/strong><\/h1>\n<p><strong>N\u00famero de ficha<\/strong>: D24&nbsp;&nbsp;&nbsp;&nbsp;&nbsp;&nbsp;&nbsp;&nbsp;&nbsp;&nbsp;&nbsp;&nbsp;&nbsp;&nbsp;&nbsp;&nbsp;&nbsp;&nbsp;&nbsp;&nbsp;&nbsp;&nbsp;&nbsp;&nbsp;&nbsp;&nbsp;&nbsp;&nbsp;&nbsp;&nbsp;&nbsp;&nbsp;&nbsp;&nbsp;&nbsp;&nbsp;<\/p>\n<p><strong>Diligenciada por: <\/strong>Juan Camilo Parra Restrepo<\/p>\n<p><strong>INFORMACI\u00d3N BIBLIOGR\u00c1FICA<\/strong><\/p>\n<p>Peri\u00f3dico: El Colombiano<\/p>\n<p>Lugar de edici\u00f3n: Medell\u00edn<\/p>\n<p>Autor personal: NA<\/p>\n<p>Autor corporativo: NA<\/p>\n<p>Fecha: 05\/11\/1998<\/p>\n<p>P\u00e1gina: 3<\/p>\n<p>Secci\u00f3n: Plana<\/p>\n<p><strong>Titular: <\/strong>Aseguran implicado en muerte de Jes\u00fas Mar\u00eda Valle<\/p>\n<p><strong>Resumen: <\/strong>La Fiscal\u00eda General de la Naci\u00f3n dict\u00f3 medida de aseguramiento con detenci\u00f3n preventiva contra Omar de Jes\u00fas Tob\u00f3n Echeverri por presunta participaci\u00f3n en el homicidio de Jes\u00fas Mar\u00eda Valle. Tob\u00f3n fue capturado el 17 de septiembre en el barrio Laureles. Es la quinta persona capturada por el CTI de la Fiscal\u00eda (Tambi\u00e9n est\u00e1n detenidos Alexander Vallejo Echeverri, Elkin Dar\u00edo Granada L\u00f3pez, Francisco Antonio Osorio y Jaime Angulo Osorio). Tambi\u00e9n se ha determinado como autor intelectual a Carlos Casta\u00f1o Gil, jefe de las Autodefensas Campesinas de C\u00f3rdoba y Urab\u00e1, sumado a \u00c1lvaro Go\u00e9z Mesa y Jorge Eli\u00e9cer Rodr\u00edguez, como autores materiales.&nbsp;<\/p>\n<p><strong>Im\u00e1genes: <\/strong>NA<\/p>\n<p>INFORMACI\u00d3N ANAL\u00cdTICA<\/p>\n<p>Contexto de la noticia: La noticia se produce en el marco de la toma a Mit\u00fa por parte Ej\u00e9rcito, luego de que el Bloque Oriental de las FARC dejar\u00e1 la capital completamente sitiada. Tambi\u00e9n se encuentra que en la C\u00e1mara de Representantes se aprob\u00f3 un proyecto que le da v\u00eda libre a las facultades para que el Presidente de la Rep\u00fablica pueda facilitar un eventual di\u00e1logo con alzados en armas.<\/p>\n<p>Palabras clave: Acciones de violencia, Asesinato selectivo, Autodefensas Campesinas de C\u00f3rdoba y Urab\u00e1, respuestas institucionales, captura, detenciones<\/p>\n<p>Sugerencia de palabras claves: NA<\/p>\n<p>Observaciones: NA<\/p>\n<p>Fecha de diligenciamiento: 26\/11\/2018<\/p>\n<h1 style=\"text-align: center;\"><strong>&nbsp;***<\/strong><\/h1>\n<p><strong>N\u00famero de ficha<\/strong>: D25&nbsp;&nbsp;&nbsp;&nbsp;&nbsp;&nbsp;&nbsp;&nbsp;&nbsp;&nbsp;&nbsp;&nbsp;&nbsp;&nbsp;&nbsp;&nbsp;&nbsp;&nbsp;&nbsp;&nbsp;&nbsp;&nbsp;&nbsp;&nbsp;&nbsp;&nbsp;&nbsp;&nbsp;&nbsp;&nbsp;&nbsp;&nbsp;&nbsp;&nbsp;<\/p>\n<p><strong>Diligenciada por: <\/strong>Juan Camilo Parra Restrepo<\/p>\n<p><strong>INFORMACI\u00d3N BIBLIOGR\u00c1FICA<\/strong><\/p>\n<p>Peri\u00f3dico: El Colombiano<\/p>\n<p>Lugar de edici\u00f3n: Medell\u00edn<\/p>\n<p>Autor personal: NA<\/p>\n<p>Autor corporativo: NA<\/p>\n<p>Fecha: 11\/11\/1998<\/p>\n<p>P\u00e1gina: 2<\/p>\n<p>Secci\u00f3n: La<\/p>\n<p><strong>Titular: <\/strong>Estall\u00f3 bomba en la Universidad de Antioquia<\/p>\n<p><strong>Resumen: <\/strong>\u201cUn artefacto explosivo estall\u00f3 ayer en la oficina de Vigilancia y Seguridad Industrial de la Universidad de Antioquia y ocasion\u00f3 p\u00e9rdidas por $300 millones. El rector del Alma Mater, Jaime Restrepo Cuartas, rechaz\u00f3 la acci\u00f3n, perpetrada por las Farc, e invoc\u00f3 la necesidad de construir y defender espacios de di\u00e1logo racional que permita encontrar caminos de convivencia generalizada para la naci\u00f3n y le record\u00f3 a los violentos que \u201cla universidad no es sitio para sembrar odios\u201d.<\/p>\n<p>Seg\u00fan voceros del Cuerpo de Bomberos al bloque 29 (Departamento de Seguridad) llegaron 3 hombres que obligaron a desalojar el lugar y dejaron el aparato explosivo, de por lo menos 10 kilos de peso. La estructura del lugar tendr\u00e1 que ser demolida por tercera vez en cinco a\u00f1os por motivos similares. Los responsables dejaron volantes en donde se denunci\u00f3 la tortura y posterior muerte de cuatro personas, tres hombres y una mujer, en el corregimiento de San Antonio de Prado el pasado 25 de octubre. Muertes presentadas en los medios como bajas causadas por enfrentamiento con el Batall\u00f3n Atanasio Girardot de la IV Brigada. Los nombres de las personas encontradas son: Alfredo Pacheco Rodr\u00edguez, Jaime Antonio Giraldo Zuluaga, Edwin Bernardo V\u00e1squez Cifuentes y Alba Luz Restrepo Holgu\u00edn, esta \u00faltima estudiante de la Universidad de Antioquia. El atentado fue realizado por la red urbana Jacobo Arenas de las Farc.<\/p>\n<p><strong>Im\u00e1genes: <\/strong>D25A y D25B. Fotograf\u00edas de los restos del Departamento de Vigilancia luego del atentado. Foto: Robinson S\u00e1enz.<\/p>\n<p>INFORMACI\u00d3N ANAL\u00cdTICA<\/p>\n<p>Contexto de la noticia: Se instal\u00f3 el despeje en la zona de distensi\u00f3n de San Vicente de Cagu\u00e1n. De igual forma el pa\u00eds se debate sobre la presencia de 130 militares con funciones administrativas en la zona de despeje. En adici\u00f3n, Ministro de Salud solicita a las Farc respetar unidades m\u00e9dicas.<\/p>\n<p>Palabras clave: Acciones violentas, Atentado terrorista, Da\u00f1o a bienes civiles, Rector Jaime Restrepo Cuartas, Guerrilla, Actores armados, Farc.<\/p>\n<p>Sugerencia de palabras claves: NA.<\/p>\n<p>Observaciones: NA.<\/p>\n<p>Fecha de diligenciamiento: 26\/11\/2018<\/p>\n<h1 style=\"text-align: center;\"><strong>&nbsp;***<\/strong><\/h1>\n<p><strong style=\"font-size: inherit;\">N\u00famero de ficha<\/strong><span style=\"font-size: inherit;\">: D26&nbsp;&nbsp;&nbsp;&nbsp;&nbsp;&nbsp;&nbsp;&nbsp;&nbsp;&nbsp;&nbsp;&nbsp;&nbsp;&nbsp;&nbsp;&nbsp;&nbsp;&nbsp;&nbsp;&nbsp;&nbsp;&nbsp;&nbsp;&nbsp;&nbsp;&nbsp;&nbsp;&nbsp;&nbsp;&nbsp;&nbsp;&nbsp;&nbsp;&nbsp;&nbsp;&nbsp; <\/span><\/p>\n<p><strong style=\"font-size: inherit;\">Diligenciada por: <\/strong><span style=\"font-size: inherit;\">Juan Camilo Parra Restrepo&nbsp; &nbsp; &nbsp; &nbsp; &nbsp; &nbsp; &nbsp;<\/span><\/p>\n<p><strong>INFORMACI\u00d3N BIBLIOGR\u00c1FICA<\/strong><\/p>\n<p>Peri\u00f3dico: El Colombiano<\/p>\n<p>Lugar de edici\u00f3n: Medell\u00edn<\/p>\n<p>Autor personal: NA<\/p>\n<p>Autor corporativo: NA<\/p>\n<p>Fecha: 12\/11\/1998<\/p>\n<p>P\u00e1gina: 4A<\/p>\n<p>Secci\u00f3n: Antioquia<\/p>\n<p><strong>Titular: <\/strong>El atentado en la U. de A.<\/p>\n<p><strong>Resumen: <\/strong>La nota o peri\u00f3dico, titulada, Ecos y comentarios, el atentado en la U. de A. reza as\u00ed:<\/p>\n<p>\u201cMerece todo el repudio de la ciudadan\u00eda el atentado dinamitero perpetrado el martes en la Universidad de Antioquia, que destruy\u00f3 la oficina del Departamento de Vigilancia y Control del centro educativo y, aunque no hubo v\u00edctimas humanas, puso en grave peligro la integridad de trabajadores y estudiantes.<\/p>\n<p>Pero lo que m\u00e1s ofende es que el Alma Mater, que por su misma definici\u00f3n y por la voluntad expresa de sus estamentos, debe ser considerada un espacio neutral donde los conflictos se traten y analicen civilizadamente en un \u00e1mbito pluralista, quisiera ser convertida por unos pocos en escenario de la confrontaci\u00f3n terrorista y de la violencia que ha desatado esta guerra que vivimos.<\/p>\n<p>Entendemos que la universidad no se sustrae a los fen\u00f3menos que aquejan a la sociedad, pero estamos tambi\u00e9n convencidos de que la comunidad universitaria, en la que las diversas posiciones ideol\u00f3gicas tienen cabida, por distintas o distantes que sean, debe salvaguardarse del azote de la intransigencia y el fanatismo.<\/p>\n<p>Repudiamos, pues, este lamentable y absurdo acto terrorista contra la U. de A. Como bien se dijo en el comunicado expedido por la rector\u00eda, \u201clos actos de retaliaci\u00f3n de los protagonistas comprometidos en el conflicto armado no pueden afectar las actividades de un centro de educaci\u00f3n inerme. La universidad no es un sitio para sembrar odios\u201d.<\/p>\n<p><strong>Im\u00e1genes: <\/strong>NA<\/p>\n<p>INFORMACI\u00d3N ANAL\u00cdTICA<\/p>\n<p>Contexto de la noticia: Se asume el mismo contexto de la ficha anterior, dado que la noticia tomada es de un d\u00eda despu\u00e9s.<\/p>\n<p>Palabras clave: Acciones violentas, Atentado terrorista, Da\u00f1o a bienes civiles,<\/p>\n<p>Sugerencia de palabras claves: NA.<\/p>\n<p>Observaciones: NA.<\/p>\n<p>Fecha de diligenciamiento: 26\/11\/2018<\/p>\n<h1 style=\"text-align: center;\"><strong>&nbsp;***<\/strong><\/h1>\n<p><strong>N\u00famero de ficha<\/strong>: D27&nbsp;&nbsp;&nbsp;&nbsp;&nbsp;&nbsp;&nbsp;&nbsp;&nbsp;&nbsp;&nbsp; &nbsp;&nbsp;&nbsp;&nbsp;&nbsp;&nbsp;&nbsp;&nbsp;&nbsp;&nbsp;&nbsp;&nbsp;&nbsp;&nbsp;&nbsp;&nbsp;&nbsp;&nbsp;&nbsp;&nbsp;&nbsp;&nbsp;&nbsp;&nbsp;&nbsp;<\/p>\n<p><strong>Diligenciada por: <\/strong>Juan Camilo Parra Restrepo<\/p>\n<p><strong>INFORMACI\u00d3N BIBLIOGR\u00c1FICA<\/strong><\/p>\n<p>Peri\u00f3dico: El Colombiano<\/p>\n<p>Autor personal: NA<\/p>\n<p>Autor corporativo: NA<\/p>\n<p>Lugar de edici\u00f3n: Medell\u00edn<\/p>\n<p>Fecha: 14\/11\/1998<\/p>\n<p>P\u00e1gina: 7A<\/p>\n<p>Secci\u00f3n: Antioquia<\/p>\n<p><strong>Titular: <\/strong>Desactivan bomba en la U. de A.<\/p>\n<p><strong>Resumen: <\/strong>Seg\u00fan organismos de inteligencia, la Red Urbana, Jacobo Arenas, de las Farc, iz\u00f3 el martes 11 de nov., el mismo d\u00eda en que estall\u00f3 un artefacto explosivo en el Dpto. de Vigilancia de la U. de A., iz\u00f3 una bandera de las Farc en el \u00faltimo piso de la Biblioteca, acondicionada con dos cargas explosivas. \u201cEl grupo insurgente justific\u00f3 su acci\u00f3n en retaliaci\u00f3n por la muerte, \u201cfuera de combate\u201d, de cuatro personas, tres hombres y una mujer, el pasado 25 de octubre en zona de San Antonio de Prado, de Medell\u00edn, al negar que el deceso ocurriera como consecuencia de un enfrentamiento \u201cya que los cuerpos presentaban evidentes signos de tortura\u201d\u201d. Las autoridades descubrieron la carga explosiva de la biblioteca hasta el jueves 12, cuando parte del material explosivo hab\u00eda ca\u00eddo al primer piso. La Universidad manifiesta que \u201cLa Universidad sigue activa, sigue viva y aspira a ser parte de la soluci\u00f3n de este conflicto, por las v\u00edas del di\u00e1logo no de la confrontaci\u00f3n\u201d, en adici\u00f3n se solicita respetar las normas del DIH, que exige respeto y exclusi\u00f3n de los civiles de las acciones armadas.&nbsp;<\/p>\n<p>En la noticia se encuentra una nota titulada \u201clos hechos del 98\u201d en donde se recuentan varios momentos del a\u00f1o en donde la universidad ha sido blanco de hechos violentos: \u201cEn el mes de abril, dentro de una de las aulas de la Facultad de Ingenier\u00eda, hombres armados acabaron con la vida del profesor de Qu\u00edmica Rafael Z\u00e1rate, en una agresi\u00f3n atribuida por las autoridades a delincuentes comunes. El 22 de septiembre, previo a una asamblea general de estudiantes, hombres encapuchados y armados da\u00f1aron los sistemas de seguridad en las entradas a la Universidad, quemaron un bus de transporte p\u00fablico de pasajeros sobre la calle Barranquilla y detonaron cinco papas explosivas. En ninguno de los casos se interrumpieron las actividades acad\u00e9micas y administrativas. A mediados de 1997, un indigente muri\u00f3 cuando intent\u00f3 arriar una bandera de las Farc, izada en una de las mallas posteriores de la Universidad de Antioquia. Se trataba de una trampa explosiva parecida a la desactivada en la madrugada de ayer en la Biblioteca del Alma Mater\u201d.<\/p>\n<p><strong>Im\u00e1genes: <\/strong>D27. Fotograf\u00eda de algunos de los escombros y elementos que quedaron luego del atentado en el Departamento de Vigilancia. Foto: El Colombiano.<\/p>\n<p>INFORMACI\u00d3N ANAL\u00cdTICA<\/p>\n<p>Contexto de la noticia: Hay indicios de que el Gobierno Nacional tiene inter\u00e9s en declarar el pa\u00eds en emergencia econ\u00f3mica. Adicional, se encuentra que el atentado y la identificaci\u00f3n del segundo artefacto en la Universidad de Antioquia se dan en el marco de la evaluaci\u00f3n que la Organizaci\u00f3n Columbus realiza sobre los programas de investigaci\u00f3n de la Universidad. Adem\u00e1s, se encuentra que en el avi\u00f3n de la Fuerza \u00c1rea detenido en EE.UU tambi\u00e9n hab\u00eda hero\u00edna.<\/p>\n<p>Palabras clave:&nbsp; Acciones violentas, Asesinato selectivo, Atentado terrorista, Da\u00f1o a bienes civiles, Asamblea de estudiantes, Farc.<\/p>\n<p>Sugerencia de palabras claves: NA.<\/p>\n<p>Observaciones: NA.<\/p>\n<p>Fecha de diligenciamiento: 26\/11\/2018<\/p>\n<h1 style=\"text-align: center;\"><strong>&nbsp;***<\/strong><\/h1>\n<p><strong>N\u00famero de ficha<\/strong>: D28&nbsp;&nbsp; &nbsp;&nbsp;&nbsp;&nbsp;&nbsp;&nbsp;&nbsp;&nbsp;&nbsp;&nbsp;&nbsp;&nbsp;&nbsp;&nbsp;&nbsp;&nbsp;&nbsp;&nbsp;&nbsp;&nbsp;&nbsp;&nbsp;&nbsp;&nbsp;&nbsp;&nbsp;&nbsp;&nbsp;&nbsp;&nbsp;&nbsp;&nbsp;&nbsp;&nbsp;<\/p>\n<p><strong>Diligenciada por: <\/strong>Juan Camilo Parra Restrepo<\/p>\n<p><strong>INFORMACI\u00d3N BIBLIOGR\u00c1FICA<\/strong><\/p>\n<p>Peri\u00f3dico: El Colombiano<\/p>\n<p>Autor personal: NA<\/p>\n<p>Autor corporativo: NA<\/p>\n<p>Lugar de edici\u00f3n: Medell\u00edn<\/p>\n<p>Fecha: 28\/11\/1998<\/p>\n<p>P\u00e1gina: 7A<\/p>\n<p>Secci\u00f3n: Antioquia<\/p>\n<p><strong>Titular: <\/strong>D\u00e9jennos trabajar en paz, piden rectores<\/p>\n<p><strong>Resumen: <\/strong>\u201cLos rectores de las universidades p\u00fablicas colombianas iniciaron ayer en el Paraninfo de la U. deA. una asamblea nacional para revisar la situaci\u00f3n financiera de sus claustros, la problem\u00e1tica de seguridad y el futuro de la educaci\u00f3n superior en Colombia\u201d. El rector de la Universidad de Antioquia, resalt\u00f3, entre otras, la necesidad de exigir el respeto de los espacios acad\u00e9micos como zonas ajenas a la confrontaci\u00f3n b\u00e9lica o la lucha pol\u00edtica; en una carta a Manuel Marulanda V\u00e9lez, m\u00e1ximo dirigente de las Farc, el rector \u201creclam\u00f3 que se reconozca el car\u00e1cter neutral de la universidad y la necesidad de preservarla como un patrimonio de las clases menos favorecidas para acceder a la formaci\u00f3n superior. \u201cLa violencia, de cualquier naturaleza y dimensi\u00f3n, ri\u00f1e contra la esencia de la educaci\u00f3n. Nadie puede ejercer el derecho a expresarse libremente bajo la intimidaci\u00f3n de las armas o la zozobra que producen las acciones terroristas\u201d (&#8230;) \u201cPor ello considero necesario que, entre los temas de la agenda en las conversaciones sobre la soluci\u00f3n del conflicto armado, se incluya el punto espec\u00edfico de la defensa de la universidad p\u00fablica\u201d. La comunicaci\u00f3n fue respaldada por los voceros de las 29 universidades.<\/p>\n<p>En la noticia aparece una nota titulada: U. de A., dispuesta a di\u00e1logo con las Farc, que dice lo siguiente:<\/p>\n<p>\u201cEl rector de la Universidad de Antioquia, Jaime Restrepo Cuartas, manifest\u00f3 que est\u00e1 dispuesto a reunirse con el estado mayor de las Farc para dialogar sobre la educaci\u00f3n p\u00fablica y la necesidad mantener el campus universitario como terreno neutral y escenario permanente de paz. El funcionario se\u00f1al\u00f3 que otros movimientos como el ELN han adoptado una l\u00ednea de conducta que margina del conflicto a la academia y han sido receptivos al intercambio de inquietudes. Restrepo Cuartas dijo que los medios de comunicaci\u00f3n son el conducto para que su carta llegue a Manuel Marulanda V\u00e9lez y agreg\u00f3: \u201cNo tengo dificultad en trasladarse o ir a dialogar con los dirigentes donde sea necesario\u201d. Para la U. de A. resulta preocupante que las Farc sean las autoras del atentado dinamitero que el 10 de noviembre semi destruy\u00f3 las oficinas de seguridad de la ciudad universitaria, y de la colocaci\u00f3n de otro petardo que no alcanz\u00f3 a explotar, en el techo de la Biblioteca Central, seg\u00fan aclar\u00f3 el rector\u201d.<\/p>\n<p>\u201cLas instituciones educativas tienen que ser zonas de paz, para que puedan ser centro para la libertad, y deben serlo sin amenazas que coarten la expresi\u00f3n. De otro modo, quedar\u00edan heridas de muerte y precipitadas a un cierre que perjudicar\u00eda al conjunto de la sociedad\u201d.<\/p>\n<p><strong>Im\u00e1genes: <\/strong>D28. Fotograf\u00eda del evento que reuni\u00f3 a los rectores de las universidades p\u00fablicas de Colombia. Foto: Jorge Zuleta.<\/p>\n<p>INFORMACI\u00d3N ANAL\u00cdTICA<\/p>\n<p>Contexto de la noticia: El presidente Andr\u00e9s Pastrana pide a la guerrilla de las Farc no dilatar m\u00e1s las conversaciones. Las Farc contin\u00faan insistiendo en que el personal administrativo del Batall\u00f3n Cazadores debe abandonar la base, dado que se encuentra en la zona desmilitarizada. Tambi\u00e9n se evidencia que, Farc dice en reuni\u00f3n en Caquetan\u00eda que el canje no es una condici\u00f3n para dialogar.<\/p>\n<p>Palabras clave: Acciones violentas, Atentado terrorista, Da\u00f1o bienes civiles, Respuestas institucionales, comunicado, Declaratoria de neutralidad o de territorio de paz, Di\u00e1logo con actores armados, Rector Jaime Restrepo Cuartas, Guerrilla, Farc.<\/p>\n<p>Sugerencia de palabras claves: NA.<\/p>\n<p>Observaciones: NA.<\/p>\n<p>Fecha de diligenciamiento: 27\/11\/2018<\/p>\n<h1 style=\"text-align: center;\"><strong>&nbsp;***<\/strong><\/h1>\n<p>&nbsp;<\/p>\n<p><strong>N\u00famero de ficha<\/strong>: D29&nbsp;&nbsp;&nbsp;&nbsp;&nbsp;&nbsp;&nbsp;&nbsp;&nbsp;&nbsp;&nbsp;&nbsp;&nbsp;&nbsp;&nbsp;&nbsp;&nbsp;&nbsp;&nbsp;&nbsp;&nbsp;&nbsp;&nbsp;&nbsp;&nbsp;&nbsp;&nbsp;&nbsp;&nbsp;&nbsp;&nbsp;&nbsp;&nbsp;&nbsp;&nbsp;&nbsp;<\/p>\n<p><strong>Diligenciada por: <\/strong>Juan Camilo Parra Restrepo<\/p>\n<p><strong>INFORMACI\u00d3N BIBLIOGR\u00c1FICA<\/strong><\/p>\n<p>Peri\u00f3dico: El Colombiano<\/p>\n<p>Lugar de edici\u00f3n: Medell\u00edn<\/p>\n<p>Autor personal: NA<\/p>\n<p>Autor corporativo: NA<\/p>\n<p>Fecha: 24\/12\/1998<\/p>\n<p>P\u00e1gina: 8A<\/p>\n<p>Secci\u00f3n: Antioquia<\/p>\n<p><strong>Titular: <\/strong>Atentan contra profesor universitario<\/p>\n<p><strong>Resumen: <\/strong>\u201cCon pron\u00f3stico reservado permanec\u00eda anoche, bajo observaci\u00f3n m\u00e9dica en un centro asistencial del Valle de Aburr\u00e1, el psic\u00f3logo y profesor universitario, Gustavo Giraldo Restrepo, de 50 a\u00f1os edad, baleado por varios hombres que lo abordaron en un complejo residencial de El Retiro. De acuerdo con la fragmentaria informaci\u00f3n obtenida por los organismos de inteligencia, Giraldo Restrepo recibi\u00f3 tres impactos de arma de fuego en su cabeza, tras ser atacado en el momento de ingresar al reci\u00e9n construido complejo residencial Lagos de Portezuela, ubicado en la zona rural de esa poblaci\u00f3n del Oriente Antioque\u00f1o. La polic\u00eda inform\u00f3 que una camioneta Chevrolet y una motocicleta, hurtadas por los agresores en esa propiedad, fueron recuperadas despu\u00e9s por personal uniformado en un despoblado de la vereda El Chuscal, tambi\u00e9n en El Retiro\u201d. Se manifiesta que las autoridades desconocen el m\u00f3vil de la agresi\u00f3n y que el profesor estaba vinculado con la Universidad de Antioquia.<\/p>\n<p><strong>Im\u00e1genes: <\/strong>NA<\/p>\n<p>INFORMACI\u00d3N ANAL\u00cdTICA<\/p>\n<p>Contexto de la noticia: El ELN asesin\u00f3 16 personas.<\/p>\n<p>Palabras clave: Acciones de violencia, asesinato<\/p>\n<p>Sugerencia de palabras claves: NA.<\/p>\n<p>Observaciones: NA.<\/p>\n<p>Fecha de diligenciamiento: 24\/12\/2018<\/p>\n<h1 style=\"text-align: center;\"><strong>&nbsp;***<\/strong><\/h1>\n<p><strong>N\u00famero de ficha<\/strong>: D30&nbsp;&nbsp;&nbsp;&nbsp;&nbsp;&nbsp;&nbsp;&nbsp;&nbsp;&nbsp;&nbsp;&nbsp;&nbsp;&nbsp;&nbsp;&nbsp;&nbsp;&nbsp;&nbsp;&nbsp;&nbsp;&nbsp;&nbsp;&nbsp;&nbsp;&nbsp;&nbsp;&nbsp;&nbsp;&nbsp;&nbsp;&nbsp;&nbsp;&nbsp;&nbsp;&nbsp;<\/p>\n<p><strong>Diligenciada por: <\/strong>Juan Camilo Parra Restrepo<\/p>\n<p><strong>INFORMACI\u00d3N BIBLIOGR\u00c1FICA<\/strong><\/p>\n<p>Peri\u00f3dico: El Colombiano<\/p>\n<p>Lugar de edici\u00f3n: Medell\u00edn<\/p>\n<p>Autor personal: NA<\/p>\n<p>Autor corporativo: NA<\/p>\n<p>Fecha: 10\/02\/1999<\/p>\n<p>P\u00e1gina: 8A<\/p>\n<p>Secci\u00f3n: Antioquia<\/p>\n<p><strong>Titular: <\/strong>La universidad se vincula a programa de convivencia<\/p>\n<p><strong>Resumen: <\/strong>La Universidad de Antioquia, entre otras, se vincula al Programa de Convivencia Ciudadana, que ser\u00e1 lanzado en el Concejo de Medell\u00edn por el Alcalde de Medell\u00edn, el Banco Interamericano de Desarrollo y la Organizaci\u00f3n de Naciones Unidas. La Universidad se vincular\u00e1 a los proyectos de investigaci\u00f3n que buscan identificar \u201clas causas de la violencia y vislumbrar estrategias que permitan disminuir los niveles de agresividad que padecemos\u201d. La Universidad de Antioquia ser\u00e1 quien coordine los centros de educaci\u00f3n superior en esta investigaci\u00f3n.<\/p>\n<p><strong>Im\u00e1genes: <\/strong>NA<\/p>\n<p>INFORMACI\u00d3N ANAL\u00cdTICA<\/p>\n<p>Contexto de la noticia: Armenia es sacudido por un terremoto que derriba amplias zonas de la ciudad.<\/p>\n<p>Palabras clave: Acciones de resistencia, acciones pedag\u00f3gicas, actividades culturales<\/p>\n<p>Sugerencia de palabras claves: NA<\/p>\n<p>Observaciones: NA<\/p>\n<p><strong>Fecha de diligenciamiento: <\/strong>27\/12\/2018<\/p>\n<h1 style=\"text-align: center;\"><strong>&nbsp;***<\/strong><\/h1>\n<p><strong>N\u00famero de ficha<\/strong>: D30&nbsp;&nbsp;&nbsp;&nbsp;&nbsp;&nbsp;&nbsp;&nbsp;&nbsp;&nbsp;&nbsp;&nbsp;&nbsp;&nbsp;&nbsp;&nbsp;&nbsp;&nbsp;&nbsp;&nbsp;&nbsp;&nbsp;&nbsp; &nbsp;&nbsp;&nbsp;&nbsp;&nbsp;&nbsp;&nbsp;&nbsp;&nbsp;&nbsp;&nbsp;&nbsp;&nbsp;<\/p>\n<p><strong>Diligenciada por: <\/strong>Juan Camilo Parra Restrepo<\/p>\n<p><strong>INFORMACI\u00d3N BIBLIOGR\u00c1FICA<\/strong><\/p>\n<p>Peri\u00f3dico: El Colombiano<\/p>\n<p>Lugar de edici\u00f3n: Medell\u00edn<\/p>\n<p>Autor personal: NA<\/p>\n<p>Autor corporativo: NA<\/p>\n<p>Fecha: 16\/02\/1999<\/p>\n<p>P\u00e1gina: 9A<\/p>\n<p>Secci\u00f3n: Antioquia<\/p>\n<p><strong>Titular: <\/strong>Hoy, en la Universidad de Antioquia acto de paz y desagravio.<\/p>\n<p><strong>Resumen: <\/strong>En la Universidad de Antioquia se realizar\u00e1 el 16 de febrero un acto de solidaridad programado en el bloque administrativo. \u201cCon esta manifestaci\u00f3n se busca ratificar el car\u00e1cter neutral del claustro\u201d, Jaime Restrepo. Quien tambi\u00e9n afirma que \u201chemos tenido muchas expresiones de solidaridad, no solamente de las universidades p\u00fablicas sino de las privadas. Ascun, la asociaci\u00f3n que las agrupa, nos hizo llegar un mensaje de apoyo muy significativo, lo mismo que el Consejo Nacional de Rectores de las Universidades P\u00fablicas. Las confederaciones sindicales CUT, Cgtd y Ctdc manifestaron su rechazo a estos actos de violencia. Tengo una carpeta llena de mensajes y no he tenido oportunidad de leerlos todos\u201d. En adici\u00f3n, en la entrevista dada a El Colombiano, manifiesta que la&nbsp; Cruz Roja Internacional dice que este atentado viola el Protocolo I de Ginebra sobre Derecho Internacional Humanitario, que consiste en que no pueden atacar bienes o instalaciones mientras no tengan certeza que se trata de instituciones militares o parte del conflicto\u201d. En relaci\u00f3n a los otros \u00f3rganos de la Universidad afirma que: \u201cEl Consejo Superior se reunir\u00e1 el jueves de esta semana. Se pronunci\u00f3 el Consejo Acad\u00e9mico, ofreciendo su respaldo a la gesti\u00f3n y a la pol\u00edtica interna de manejo\u201d. Finalmente, considera que la manifestaci\u00f3n tiene como objetivo \u201cmantener los establecimientos educativos por fuera de la confrontaci\u00f3n armada que se libra en Colombia. Adem\u00e1s, tendremos la participaci\u00f3n del rector de la Universidad Nacional de Colombia, V\u00edctor Moncayo Cruz, de los voceros de asociaciones y sindicatos de profesores, estudiantes, empleados y trabajadores, en una pluralidad de voces por la paz\u201d.<\/p>\n<p>Finalmente, en la misma noticia, se se\u00f1alan las medidas de seguridad adoptadas en la Universidad de Antioquia, como \u201cla exigencia de carnet y documentos de identidad, la revisi\u00f3n de bolsos y veh\u00edculos que ingresan a la Universidad de Antioquia y un incremento de las labores de inteligencia fueron algunas de las medidas que se tomaron en el Consejo De Seguridad presidido por el gobernador Alberto Builes Ortega, quien a su vez es el presidente del Consejo Superior del Claustro\u201d<\/p>\n<p><strong>Im\u00e1genes: <\/strong>NA.<\/p>\n<p>INFORMACI\u00d3N ANAL\u00cdTICA<\/p>\n<p>Contexto de la noticia: En el marco de las negociaciones de paz del Cagu\u00e1n el gobierno de Andr\u00e9s Pastrana se da tambi\u00e9n un acercamiento con el ELN. Sin embargo, el gobierno rechaza la idea de una nueva zona de despeje. Adem\u00e1s, todo ello tiene como antecedentes giras del presidente para promover las negociaciones de paz de Colombia en Europa y una visita a Cuba que incluy\u00f3 un encuentro con Hugo Ch\u00e1vez. Adem\u00e1s, el Gobierno Nacional anuncia contacto con l\u00edderes de partidos pol\u00edticos para lograr consenso en torno a las negociaciones de paz.<\/p>\n<p>Palabras clave: Mitin, Respuestas institucionales, Rector Jaime Cuartas Restrepo, Consejo Superior Universitario, Consejo Acad\u00e9mico, Gobernador Alberto Builes Ortega, Farc.<\/p>\n<p>Sugerencia de palabras claves: NA<\/p>\n<p>Observaciones:<\/p>\n<p>Fecha de diligenciamiento: 27\/11\/2018<\/p>\n<h1 style=\"text-align: center;\"><strong>&nbsp;***<\/strong><\/h1>\n<p><strong>N\u00famero de ficha<\/strong>: D31&nbsp;&nbsp;&nbsp;&nbsp;&nbsp;&nbsp;&nbsp;&nbsp;&nbsp;&nbsp;&nbsp;&nbsp;&nbsp;&nbsp;&nbsp;&nbsp;&nbsp;&nbsp;&nbsp;&nbsp;&nbsp;&nbsp;&nbsp;&nbsp;&nbsp;&nbsp;&nbsp;&nbsp;&nbsp;&nbsp;&nbsp;&nbsp;&nbsp;&nbsp;&nbsp;&nbsp;<\/p>\n<p><strong>Diligenciada por: <\/strong>Juan Camilo Parra Restrepo<\/p>\n<p><strong>INFORMACI\u00d3N BIBLIOGR\u00c1FICA<\/strong><\/p>\n<p>Peri\u00f3dico: El Colombiano<\/p>\n<p>Lugar de edici\u00f3n: Medell\u00edn<\/p>\n<p>Autor personal: NA<\/p>\n<p>Autor corporativo: NA<\/p>\n<p>Fecha: 17\/02\/1999<\/p>\n<p>P\u00e1gina: Antioquia<\/p>\n<p>Secci\u00f3n: 9A<\/p>\n<p><strong>Titular: <\/strong>U. de A. recibi\u00f3 respaldo p\u00fablico<\/p>\n<p><strong>Resumen: <\/strong>\u201cLa Universidad de Antioquia recibi\u00f3 ayer en las instalaciones administrativas una manifestaci\u00f3n de apoyo y solidaridad por parte de funcionarios, profesores y estudiantes; de rectores universitarios, dirigentes gremiales y del sector p\u00fablico. La concentraci\u00f3n se realiz\u00f3 en la plazoleta interior del Bloque 16 de la ciudad universitaria, mientras los trabajadores reparaban los da\u00f1os causados por la bomba del pasado jueves y los extremistas detonaban petardos en sus alrededores\u201d. El rector Jaime Restrepo afirm\u00f3 que \u201clas acciones terroristas le hacen el juego a quienes pretenden cerrar la universidad p\u00fablica y advirti\u00f3 que en la de Antioquia no habr\u00e1 espacio para las armas (&#8230;) Esta administraci\u00f3n no militarizar\u00e1 la universidad ni la cerrar\u00e1\u201d. Afirm\u00f3 que las \u00fanicas armas que posee son \u201clas del di\u00e1logo, la raz\u00f3n, el entendimiento, y la capacidad de discernir sobre los problemas nacionales\u201d.<\/p>\n<p>Durante la intervenci\u00f3n del rector sonaron varias papas bomba.<\/p>\n<p><strong>Im\u00e1genes: <\/strong>D31. Fotograf\u00eda del evento realizado en el bloque administrativo. Foto: Jaimar.<\/p>\n<p>INFORMACI\u00d3N ANAL\u00cdTICA<\/p>\n<p>Contexto de la noticia: La noticia se produce el d\u00eda siguiente a la ficha anterior. Por ende, se asume se mantiene el mismo contexto nacional. Aunque se evidencia c\u00f3mo la sociedad civil hace un llamado a que el di\u00e1logo contin\u00fae entre el gobierno y el ELN.<\/p>\n<p>Palabras clave: Acciones de resistencia, Mitin, Toma pac\u00edfica de lugares, respuestas institucionales, campa\u00f1as de sensibilizaci\u00f3n, Rector Jaime Restrepo Cuartas,<\/p>\n<p>Sugerencia de palabras claves: NA<\/p>\n<p>Observaciones: NA.<\/p>\n<p>Fecha de diligenciamiento: 26\/11\/2018<\/p>\n<h1 style=\"text-align: center;\"><strong>&nbsp;***<\/strong><\/h1>\n<p><strong>N\u00famero de ficha<\/strong>: D32&nbsp;&nbsp;&nbsp;&nbsp;&nbsp;&nbsp;&nbsp;&nbsp;&nbsp;&nbsp;&nbsp;&nbsp;&nbsp;&nbsp;&nbsp;&nbsp;&nbsp;&nbsp;&nbsp;&nbsp;&nbsp;&nbsp;&nbsp;&nbsp;&nbsp;&nbsp;&nbsp;&nbsp;&nbsp;&nbsp;&nbsp;&nbsp;&nbsp;&nbsp;&nbsp;&nbsp;<\/p>\n<p><strong>Diligenciada por: <\/strong>Juan Camilo Parra Restrepo<\/p>\n<p><strong>INFORMACI\u00d3N BIBLIOGR\u00c1FICA<\/strong><\/p>\n<p>Peri\u00f3dico: El Colombiano<\/p>\n<p>Lugar de edici\u00f3n: Medell\u00edn<\/p>\n<p>Autor personal: NA<\/p>\n<p>Autor corporativo: NA<\/p>\n<p>Fecha: 18\/02\/1999<\/p>\n<p>P\u00e1gina: 3<\/p>\n<p>Secci\u00f3n: la<\/p>\n<p><strong>Titular: <\/strong>Secuestran a profesor abogado litigante<\/p>\n<p><strong>Resumen: <\/strong>\u201cEl educador y abogado litigante, Ricaurte Antonio P\u00e9rez Rengifo, fue secuestrado anoche por un grupo armado que incursion\u00f3 en el Liceo Nocturno Jos\u00e9 Antonio Gal\u00e1n (&#8230;) fue abordado por seis hombres fuertemente armados que, haci\u00e9ndose pasar por integrantes de la Fiscal\u00eda, se lo llevaron en una camioneta de color blanco\u201d.<\/p>\n<p><strong>Im\u00e1genes: <\/strong>NA<\/p>\n<p>INFORMACI\u00d3N ANAL\u00cdTICA<\/p>\n<p>Contexto de la noticia: La sociedad civil hace un llamado a que el di\u00e1logo contin\u00fae entre el gobierno y el ELN.<\/p>\n<p>Palabras clave: Acciones de violencia, Secuestro<\/p>\n<p>Sugerencia de palabras claves: Liceo Nocturno<\/p>\n<p>Observaciones: NA<\/p>\n<p>Fecha de diligenciamiento: 27\/12\/2018<\/p>\n<h1 style=\"text-align: center;\"><strong>&nbsp;***<\/strong><\/h1>\n<p><strong>N\u00famero de ficha<\/strong>: D33&nbsp;&nbsp;&nbsp;&nbsp;&nbsp;&nbsp;&nbsp;&nbsp;&nbsp;&nbsp;&nbsp;&nbsp;&nbsp;&nbsp;&nbsp;&nbsp;&nbsp;&nbsp;&nbsp;&nbsp;&nbsp;&nbsp;&nbsp;&nbsp;&nbsp;&nbsp;&nbsp;&nbsp;&nbsp;&nbsp;&nbsp;&nbsp;&nbsp;&nbsp;&nbsp;&nbsp;<\/p>\n<p><strong>Diligenciada por: <\/strong>Juan Camilo Parra Restrepo<\/p>\n<p><strong>INFORMACI\u00d3N BIBLIOGR\u00c1FICA<\/strong><\/p>\n<p>Peri\u00f3dico: El Colombiano<\/p>\n<p>Lugar de edici\u00f3n: Medell\u00edn<\/p>\n<p>Autor personal: NA<\/p>\n<p>Autor corporativo: NA<\/p>\n<p>Fecha: 05\/05\/1999<\/p>\n<p>P\u00e1gina: 5B<\/p>\n<p>Secci\u00f3n: Generales<\/p>\n<p><strong>Titular: <\/strong>Asesinado profesor de la U. de A.<\/p>\n<p><strong>Resumen: <\/strong>El profesor e investigador Hern\u00e1n Henao Delgado, director del Instituto de Estudios Regionales, INER, fue asesinado (baleado) el d\u00eda 04\/05\/1999 en esa dependencia de la Universidad de Antioquia. Muri\u00f3 media hora despu\u00e9s en Policl\u00ednica. A las 4 de la tarde llegaron a su oficina 243 en el bloque 9 tres personas (dos hombres y una mujer). \u201cEn la oficina se colocaron sus capuchas y advirtieron que era una toma pac\u00edfica. La mujer se par\u00f3 en la puerta y los dos muchachos muy j\u00f3venes, se dirigieron al profesor Hern\u00e1n y se lo llevaron hacia una de las oficinas\u201d. La anterior son palabras de un testigo cuyo nombre es reservado. Al profesor le dieron 3 disparos en la cabeza.<\/p>\n<p>Se menciona que el modus operandi es similar al asesinato de Jes\u00fas Mar\u00eda Valle en febrero de 1998. La representante de los profesores ante el Consejo Superior Universitario manifiesta que desconoc\u00eda amenazas. Aprecia que: \u201cNo se puede olvidar que en la universidad han sucedido, desde hace mucho tiempo, hechos contra las personas que defienden los derechos humanos y la situaci\u00f3n del pa\u00eds es tan dif\u00edcil que es v\u00edctima de amenaza cualquier persona que se dedique a esa labor\u201d.<\/p>\n<p>Se menciona la lista de profesores asesinados en los \u00faltimos doce a\u00f1os. Donde se menciona a H\u00e9ctor Abad G\u00f3mez, Luis Fernando V\u00e9lez, Luis Carlos L\u00f3pez, Emiro Trujillo, Leonardo Betancur y Rafael Caldas Z\u00e1rate.<\/p>\n<p>Las directivas de la Universidad deciden en se\u00f1al de duelo suspender actividades por tres d\u00edas. Por su parte, el Gobernador de Antioquia, Alberto Builes Ortega dijo que \u201ceste crimen se constituye en un nuevo atentado contra el derecho a la vida y a las instituciones educativas y llena de luto a la intelectualidad paisa\u201d.<\/p>\n<p><strong>Im\u00e1genes: <\/strong>D27. Fotograf\u00eda de Hern\u00e1n Henao Delgado. Foto de archivo.<\/p>\n<p>INFORMACI\u00d3N ANAL\u00cdTICA<\/p>\n<p>Contexto de la noticia: Al d\u00eda siguiente de publicada la noticia se daba inicio a las negociaciones de paz entre el gobierno de Andr\u00e9s Pastrana y las Farc en El Cagu\u00e1n. En adici\u00f3n, el Gobierno Nacional anuncia que considera un despeje militar para que el ELN libere a rehenes del avi\u00f3n de Avianca secuestrado por este grupo.<\/p>\n<p>Palabras clave: Asesinato selectivo, Rector Jaime Restrepo Cuartas, Gobernador Alberto Builes Ortega, cierre administrativo, Campamentos, Toma pac\u00edfica de lugares,<\/p>\n<p>Sugerencia de palabras claves: NA<\/p>\n<p>Observaciones: NA<\/p>\n<p>Fecha de diligenciamiento: 02\/12\/2018<\/p>\n<h1 style=\"text-align: center;\"><strong>&nbsp;***<\/strong><\/h1>\n<p><strong>N\u00famero de ficha<\/strong>: D34&nbsp;&nbsp;&nbsp;&nbsp;&nbsp;&nbsp;&nbsp;&nbsp;&nbsp;&nbsp;&nbsp;&nbsp;&nbsp;&nbsp;&nbsp;&nbsp;&nbsp;&nbsp;&nbsp;&nbsp;&nbsp;&nbsp;&nbsp;&nbsp;&nbsp;&nbsp;&nbsp;&nbsp;&nbsp;&nbsp;&nbsp;&nbsp;&nbsp;&nbsp;&nbsp;&nbsp;<\/p>\n<p><strong>Diligenciada por: <\/strong>Juan Camilo Parra Restrepo<\/p>\n<p><strong>INFORMACI\u00d3N BIBLIOGR\u00c1FICA<\/strong><\/p>\n<p>Peri\u00f3dico: El Colombiano<\/p>\n<p>Lugar de edici\u00f3n: Medell\u00edn<\/p>\n<p>Autor personal: NA<\/p>\n<p>Autor corporativo: NA<\/p>\n<p>Fecha: 06\/05\/1999<\/p>\n<p>P\u00e1gina: 3C<\/p>\n<p>Secci\u00f3n: Antioquia<\/p>\n<p><strong>Titular: <\/strong>Ayer fue sepultado Hern\u00e1n Delgado. \u201cLas ideas siguen siendo nuestra \u00fanica arma\u201d.<\/p>\n<p><strong>Resumen: <\/strong>Se realiz\u00f3 la ceremonia de despedida del profesor en Campos de Paz, \u201cen medio de un ambiente de tristeza y rabia por el asesinato. A ella asistieron directivas, profesores, alumnos y empleados de la Universidad de Antioquia, as\u00ed como intelectuales, investigadores y dirigentes de varios centros docentes del Valle de Aburr\u00e1\u201d. Entre las declaraciones se resaltan dos: \u201cPara Jaime Restrepo Cuartas, rector del Alma Mater, el asesinato de Hern\u00e1n Henao es una intromisi\u00f3n brutal y preocupante, \u201cporque irrumpe en un escenario de reflexi\u00f3n, en donde la palabra constituye la m\u00e1xima herramienta en busca del entendimiento\u201d. El rector insisti\u00f3 \u201cpara que las fuerzas en conflicto no intervengan m\u00e1s en la vida universitaria y respeten el principio de civilidad que representa\u201d. En adici\u00f3n, el Gobernador de Antioquia, Alberto Builes Ortega, dice que \u201cel hecho constituye un nuevo atentado contra el derecho a la vida y a las instituciones educativas y llena de luto a la intelectualidad antioque\u00f1a, que cumple una importante labor en la interpretaci\u00f3n del conflicto social\u201d.<\/p>\n<p><strong>Im\u00e1genes: <\/strong>D34. Foto de la ceremonia de despedida de Hern\u00e1n Henao, realizada en Campos de Paz. Foto: Henry Agudelo.<\/p>\n<p>INFORMACI\u00d3N ANAL\u00cdTICA<\/p>\n<p>Contexto de la noticia: La noticia se publica el mismo d\u00eda en que inician los di\u00e1logos entre el gobierno de Andr\u00e9s Pastrana y las Farc.<\/p>\n<p>Palabras clave: Asesinato selectivo, Rector Jaime Cuartas Restrepo, Gobernador Alberto Builes Ortega.<\/p>\n<p>Sugerencia de palabras claves: NA<\/p>\n<p>Observaciones: NA<\/p>\n<p>Fecha de diligenciamiento: 02\/12\/2018<\/p>\n<h1 style=\"text-align: center;\"><strong>&nbsp;***<\/strong><\/h1>\n<p><strong>N\u00famero de ficha<\/strong>: D35&nbsp;&nbsp;&nbsp;&nbsp;&nbsp;&nbsp;&nbsp;&nbsp;&nbsp;&nbsp;&nbsp;&nbsp;&nbsp;&nbsp;&nbsp;&nbsp;&nbsp;&nbsp;&nbsp;&nbsp;&nbsp;&nbsp;&nbsp;&nbsp;&nbsp;&nbsp;&nbsp;&nbsp;&nbsp;&nbsp;&nbsp;&nbsp;&nbsp;&nbsp;&nbsp;&nbsp;<\/p>\n<p><strong>Diligenciada por: <\/strong>Juan Camilo Parra Restrepo<\/p>\n<p><strong>INFORMACI\u00d3N BIBLIOGR\u00c1FICA<\/strong><\/p>\n<p>Peri\u00f3dico: El Colombiano<\/p>\n<p>Lugar de edici\u00f3n: Medell\u00edn<\/p>\n<p>Autor personal: NA<\/p>\n<p>Autor corporativo: NA<\/p>\n<p>Fecha: 07\/05\/1999<\/p>\n<p>P\u00e1gina: 12A<\/p>\n<p>Secci\u00f3n: Antioquia<\/p>\n<p><strong>Titular: <\/strong>Por aprobaci\u00f3n de Plan Nacional de Desarrollo fuertes disturbios en la Universidad Nacional.<\/p>\n<p><strong>Resumen: <\/strong>\u201cCuatro retenidos dejaron los disturbios que encapuchados protagonizaron ayer en las afueras de la Universidad de Antioquia. Los exaltados, que protestan por el Plan Nacional de Desarrollo, obstaculizaron el tr\u00e1fico de veh\u00edculos por la calle Barranquilla, mientras que la fuerza p\u00fablica acordon\u00f3 el sector para evitar que las pedreas se extendieran a otros sectores del Centro de Medell\u00edn (&#8230;) Unos de los cuatro manifestantes retenidos por la Polic\u00eda, un joven de 20 a\u00f1os de edad, confes\u00f3 que era desempleado y que lo hab\u00edan contratado en el barrio Santander, para que participara en las protestas realizadas el martes pasado en el polit\u00e9cnico y ayer en la U. de A. \u201cNos contactaron como a 14 muchachos de la cuadra. Luego unos tipos que dicen ser jefes de las milicias nos adelantaron el pago de $20 mil por pedrea y nos dieron petardos y bombas molotov\u201d dijo el joven a los periodistas\u201d.<\/p>\n<p><strong>Im\u00e1genes: <\/strong>D29<\/p>\n<p>INFORMACI\u00d3N ANAL\u00cdTICA<\/p>\n<p>Contexto de la noticia: El ELN ha liberado algunos de los secuestrados del avi\u00f3n de Avianca y anuncia que se dar\u00e1n nuevas liberaciones sin ninguna contraprestaci\u00f3n. El pa\u00eds contin\u00faa en el marco de las negociaciones del Cagu\u00e1n. De igual forma se analizan los resultados del pa\u00eds en la lucha contra las autodefensas, dado que las Farc afirman estar esc\u00e9pticas sobre los resultados de la lucha del Estado contra estos grupos; al respecto, el gobierno nacional afirma que hay 300 personas condenadas, 298 en investigaci\u00f3n, as\u00ed como dos generales destituidos y otro enjuiciado, adem\u00e1s de 1607 investigaciones las Fuerzas Militares concluyeron en decisiones condenatorias contra sus miembros por violaci\u00f3n a los DD.HH.<\/p>\n<p>Palabras clave: Acciones contestatarias, milicias<\/p>\n<p>Sugerencia de palabras claves: NA<\/p>\n<p>Observaciones: NA<\/p>\n<p>Fecha de diligenciamiento: 02\/12\/2018<\/p>\n<h1 style=\"text-align: center;\"><strong>&nbsp;***<\/strong><\/h1>\n<p><strong>N\u00famero de ficha<\/strong>: D36&nbsp;&nbsp;&nbsp;&nbsp;&nbsp;&nbsp;&nbsp;&nbsp;&nbsp;&nbsp;&nbsp;&nbsp;&nbsp;&nbsp;&nbsp;&nbsp;&nbsp;&nbsp;&nbsp;&nbsp;&nbsp;&nbsp;&nbsp;&nbsp;&nbsp;&nbsp;&nbsp;&nbsp;&nbsp;&nbsp;&nbsp;&nbsp;&nbsp;&nbsp;&nbsp;&nbsp;<\/p>\n<p><strong>Diligenciada por: <\/strong>Juan Camilo Parra Restrepo<\/p>\n<p><strong>INFORMACI\u00d3N BIBLIOGR\u00c1FICA<\/strong><\/p>\n<p>Peri\u00f3dico: El Colombiano<\/p>\n<p>Lugar de edici\u00f3n: Medell\u00edn<\/p>\n<p>Autor personal: NA<\/p>\n<p>Autor corporativo: NA<\/p>\n<p>Fecha: 13\/05\/1999<\/p>\n<p>P\u00e1gina: 2C<\/p>\n<p>Secci\u00f3n: Antioquia<\/p>\n<p><strong>Titular: <\/strong>Disturbios ayer en las afuera de la U. de A.<\/p>\n<p><strong>Resumen: <\/strong>El d\u00eda de ayer (12\/05\/1999) hubo disturbios en la Universidad de Antioquia en protesta por el Plan Nacional de Desarrollo. La pedrea se dio en la calle barranquilla cuyo tr\u00e1fico fue detenido. Fueron retenidos 4 manifestantes por la polic\u00eda. \u201cUno de cuatro manifestantes retenidos por la Polic\u00eda, un joven de 20 a\u00f1os de edad, confes\u00f3 que era desempleado y que lo hab\u00edan contratado en el barrio Santander, para que participara en las protestas realizadas el martes pasado en el Polit\u00e9cnico y ayer en la U. de A. Nos contactaron como a 14 muchachos de la cuadra. Luego unos tipos que nos dicen ser jefes de las milicias nos adelantaron el pago de $20 mil por pedrea y nos dieron petardos y bombas molotov\u201d.<\/p>\n<p><strong>Im\u00e1genes: <\/strong>IMGD36. Fotograf\u00edas de personas encapuchadas en la U. de A. Foto: Juan Antonio S\u00e1nchez<\/p>\n<p>INFORMACI\u00d3N ANAL\u00cdTICA<\/p>\n<p>Contexto de la noticia: El gobierno de Colombia y las Farc firman la Agenda Com\u00fan por el Cambio hacia una Nueva Colombia.<\/p>\n<p>Palabras clave: Acciones contestatarias, Tropel, Cierre de v\u00edas.<\/p>\n<p>Sugerencia de palabras claves: NA.<\/p>\n<p>Observaciones: NA.<\/p>\n<p><strong>Fecha de diligenciamiento: <\/strong>27\/12\/2018<\/p>\n<h1 style=\"text-align: center;\"><strong>&nbsp;***<\/strong><\/h1>\n<p><strong>N\u00famero de ficha<\/strong>: D37&nbsp;&nbsp;&nbsp;&nbsp;&nbsp;&nbsp;&nbsp;&nbsp;&nbsp;&nbsp;&nbsp;&nbsp;&nbsp;&nbsp;&nbsp;&nbsp;&nbsp;&nbsp;&nbsp;&nbsp;&nbsp;&nbsp;&nbsp;&nbsp;&nbsp;&nbsp;&nbsp;&nbsp;&nbsp;&nbsp;&nbsp;&nbsp;&nbsp;&nbsp;&nbsp;&nbsp;<\/p>\n<p><strong>Diligenciada por: <\/strong>Juan Camilo Parra Restrepo<\/p>\n<p><strong>INFORMACI\u00d3N BIBLIOGR\u00c1FICA<\/strong><\/p>\n<p>Peri\u00f3dico: El Colombiano<\/p>\n<p>Lugar de edici\u00f3n: Medell\u00edn<\/p>\n<p>Autor personal: NA<\/p>\n<p>Autor corporativo: NA<\/p>\n<p>Fecha: 15\/05\/1999<\/p>\n<p>P\u00e1gina: 2A<\/p>\n<p>Secci\u00f3n: La<\/p>\n<p><strong>Titular: <\/strong>Hierve la universidad p\u00fablica<\/p>\n<p><strong>Resumen: <\/strong>Ayer (14\/05\/1999) \u201camanecieron m\u00e1s de 1000 profesores y alumnos en predios de la Universidad de Antioquia, luego de una frustrada marcha de antorchas hacia el centro de la ciudad. Las protestas se deben a la inconformidad por el Plan Nacional de Desarrollo, las pol\u00edticas de matr\u00edculas, los reglamentos estudiantiles y la muerte violenta de catedr\u00e1ticos, entre otros motivos\u201d. La movilizaci\u00f3n estudiantil se describe como una agitaci\u00f3n que no se presentaba hace m\u00e1s de quince a\u00f1os en Medell\u00edn y que mantiene a 40.000 estudiantes sin clases de distintos centros de educaci\u00f3n.<\/p>\n<p>La presi\u00f3n de la Fuerza P\u00fablica hizo que los universitarios tuvieran que replegarse a los predios de la Universidad de Antioquia \u201cy desde all\u00ed lanzaron piedras y materiales explosivos contra los uniformados\u201d.<\/p>\n<p>\u201cEl rector Jaime Restrepo Cuartas fue hasta el claustro despu\u00e9s de la medianoche para decirle a los estudiantes y profesores que la fuerza p\u00fablica ya se hab\u00eda retirado. Sin embargo, decidieron quedarse hasta el amanecer, aduciendo \u201cfalta de garant\u00edas\u201d. E la ma\u00f1ana se conoci\u00f3 el rumor seg\u00fan el cual hab\u00edan sido retenidos 23 estudiantes del Alma Mater, pero las autoridades municipales y de polic\u00eda desmintieron la informaci\u00f3n. La Universidad de Antioquia anunci\u00f3 rebajas en matr\u00edculas como parte de su pol\u00edtica de concertaci\u00f3n y para atender una queja reiterada de sus alumnos. De otro lado, reclam\u00f3 efectividad en la investigaci\u00f3n por la muerte del investigador Hern\u00e1n Henao Delgado, el pasado cuatro de mayo\u201d.<\/p>\n<p>Seg\u00fan el Secretario de Gobierno de Medell\u00edn, Iv\u00e1n Felipe Palacio Restrepo, \u201cla Polic\u00eda Metropolitana cumpli\u00f3 con impedir una movilizaci\u00f3n que no contaba con el permiso legal, y record\u00f3 que la Administraci\u00f3n est\u00e1 dispuesta a autorizar marchas y manifestaciones sin obstruir ese derecho\u201d.<\/p>\n<p>El Gobernador de Antioquia, Alberto Builes, afirm\u00f3 que \u201cNo tengo conocimientos de los enfrentamientos en la Universidad, lo que pasa es que la gente habla de la feria como le va en ella. En un mitin tiran piedras, da\u00f1an carros, rompen vidrios, estrujan, maltratan a la Polic\u00eda y al Ej\u00e9rcito, pero la denuncia es al contrario. No he recibido ning\u00fan informe y espero que si hubo retenciones hayan sido dentro de las normas legales, y que todo se solucione por la v\u00eda del di\u00e1logo y la concertaci\u00f3n\u201d. Por su parte, Enrique Renter\u00eda Arriaga, de la Asociaci\u00f3n de Profesores de la Universidad de Antioquia, manifest\u00f3 que habr\u00e1 un nuevo paro si el martes se decide en asamblea\u201d.<\/p>\n<p><strong>Im\u00e1genes: <\/strong>IMGD37<\/p>\n<p>INFORMACI\u00d3N ANAL\u00cdTICA<\/p>\n<p>Contexto de la noticia: Gobierno Nacional realiza operaci\u00f3n militar contra el ELN con 3 batallones contraguerrilla y el apoyo de la Fuerza A\u00e9rea. IV Brigada habla de 7 guerrilleros y 1 soldado muerto. Las Farc manifiesta estar en oposici\u00f3n a las solicitudes del gobierno y la sociedad sobre el comportamiento del gobierno en la zona de despeje.<\/p>\n<p>Palabras clave: Mitin, Acciones contestatarias, Movilizaci\u00f3n social, Marchas estudiantiles, Tropel, Asamblea de profesores, Rector Jaime Restrepo Cuartas, Gobernador Alberto Builes, Polic\u00eda.<\/p>\n<p>Sugerencia de palabras claves: NA<\/p>\n<p>Observaciones: NA<\/p>\n<p>Fecha de diligenciamiento: 02\/12\/2018<\/p>\n<h1 style=\"text-align: center;\"><strong>&nbsp;***<\/strong><\/h1>\n<p><strong>N\u00famero de ficha<\/strong>: D38&nbsp;&nbsp;&nbsp;&nbsp;&nbsp;&nbsp;&nbsp;&nbsp;&nbsp;&nbsp;&nbsp;&nbsp;&nbsp;&nbsp;&nbsp;&nbsp;&nbsp;&nbsp;&nbsp;&nbsp;&nbsp;&nbsp;&nbsp;&nbsp;&nbsp;&nbsp;&nbsp;&nbsp;&nbsp;&nbsp;&nbsp;&nbsp;&nbsp;&nbsp;&nbsp;&nbsp;<\/p>\n<p><strong>Diligenciada por: <\/strong>Juan Camilo Parra Restrepo<\/p>\n<p><strong>INFORMACI\u00d3N BIBLIOGR\u00c1FICA<\/strong><\/p>\n<p>Peri\u00f3dico: El Colombiano<\/p>\n<p>Lugar de edici\u00f3n: Medell\u00edn<\/p>\n<p>Autor personal: NA<\/p>\n<p>Autor corporativo: NA<\/p>\n<p>Fecha: 15\/05\/1999<\/p>\n<p>P\u00e1gina: 3C<\/p>\n<p>Secci\u00f3n: Antioquia<\/p>\n<p><strong>Titular: <\/strong>Contin\u00faa la anormalidad en la U. Nacional y de Antioquia<\/p>\n<p><strong>Resumen: <\/strong>\u201cEl Consejo Acad\u00e9mico de la Universidad de Antioquia se reuni\u00f3 ayer en forma extraordinaria y formul\u00f3 un llamado a la cordura al estamento estudiantil para que se restablezca la normalidad en el Alma Mater. En su convocatoria, el organismo que encabeza el rector de la U. de A., Jaime Restrepo Cuartas, pidi\u00f3 cerrar filas en torno de la instituci\u00f3n y reconocer los esfuerzos financieros que hace la misma en favor del estudiantado, con medidas como la rebaja de matr\u00edculas que anunci\u00f3 la semana pasada. Otro de los argumentos expuestos para pedir el retorno a clases, es el desmonte de los dos art\u00edculos que afectaban a la universidad p\u00fablica en el Plan Nacional de Desarrollo. Con el retiro de esas medidas se obtuvo que la Asociaci\u00f3n de Profesores de la U. de A. suspendiera su asamblea permanente, actitud que -seg\u00fan el rector- debe imitar el estudiantado. El comunicado se distribuy\u00f3 ayer al finalizar la tarde en el teatro Camilo Torres, donde los alumnos realizaban una asamblea general\u201d.<\/p>\n<p><strong>Im\u00e1genes: <\/strong>NA<\/p>\n<p>INFORMACI\u00d3N ANAL\u00cdTICA<\/p>\n<p>Contexto de la noticia: El gobierno de Andr\u00e9s Pastrana prorrog\u00f3 la zona de distensi\u00f3n de El Cagu\u00e1n.<\/p>\n<p>Palabras clave: Asamblea de estudiantes, asamblea de profesores, Consejo Acad\u00e9mico, Rector Jaime Restrepo Cuartas<\/p>\n<p>Sugerencia de palabras claves: NA<\/p>\n<p>Observaciones: NA<\/p>\n<p>Fecha de diligenciamiento: 27\/12\/2018<\/p>\n<h1 style=\"text-align: center;\"><strong>&nbsp;***<\/strong><\/h1>\n<p><strong>N\u00famero de ficha<\/strong>: D39&nbsp;&nbsp;&nbsp;&nbsp;&nbsp;&nbsp;&nbsp;&nbsp;&nbsp;&nbsp;&nbsp;&nbsp;&nbsp;&nbsp;&nbsp;&nbsp;&nbsp;&nbsp;&nbsp;&nbsp;&nbsp;&nbsp;&nbsp;&nbsp;&nbsp;&nbsp;&nbsp;&nbsp;&nbsp;&nbsp;&nbsp;&nbsp;&nbsp;&nbsp;&nbsp;&nbsp;<\/p>\n<p><strong>Diligenciada por: <\/strong>Juan Camilo Parra Restrepo<\/p>\n<p><strong>INFORMACI\u00d3N BIBLIOGR\u00c1FICA<\/strong><\/p>\n<p>Peri\u00f3dico: El Colombiano<\/p>\n<p>Lugar de edici\u00f3n: Medell\u00edn<\/p>\n<p>Autor personal: NA<\/p>\n<p>Autor corporativo: NA<\/p>\n<p>Fecha: 28\/05\/1999<\/p>\n<p>P\u00e1gina: 8B<\/p>\n<p>Secci\u00f3n: Generales<\/p>\n<p><strong>Titular: <\/strong>Asamblea de la U. de A. busca normalizar clases<\/p>\n<p><strong>Resumen: <\/strong>\u201cLa Asamblea general de estudiantes de la Universidad de Antioquia decidi\u00f3 anoche, al cabo de seis horas de sesi\u00f3n, presentar a la administraci\u00f3n del centro docente un pliego de condiciones para levantar la anormalidad acad\u00e9mica y reanudar las clases, suspendidas desde hace cinco semanas\u201d. El pliego hac\u00eda referencia a los costos de matr\u00edcula y de inscripci\u00f3n para presentar el examen de admisi\u00f3n, as\u00ed como la construcci\u00f3n de una sede estudiantil dentro de la Universidad.<\/p>\n<p><strong>Im\u00e1genes: <\/strong>NA<\/p>\n<p>INFORMACI\u00d3N ANAL\u00cdTICA<\/p>\n<p>Contexto de la noticia: En el Departamento de Antioquia se dan enfrentamientos entre la guerrilla del ELN.<\/p>\n<p>Palabras clave: Asamblea de estudiantes<\/p>\n<p>Sugerencia de palabras claves: NA<\/p>\n<p>Observaciones: NA.<\/p>\n<p>Fecha de diligenciamiento: 27\/12\/2018<\/p>\n<h1 style=\"text-align: center;\"><strong>&nbsp;***<\/strong><\/h1>\n<p><strong>N\u00famero de ficha<\/strong>: D40&nbsp;&nbsp;&nbsp;&nbsp;&nbsp;&nbsp;&nbsp;&nbsp;&nbsp;&nbsp;&nbsp;&nbsp;&nbsp;&nbsp;&nbsp;&nbsp;&nbsp;&nbsp;&nbsp;&nbsp;&nbsp;&nbsp;&nbsp;&nbsp;&nbsp;&nbsp;&nbsp;&nbsp;&nbsp;&nbsp;&nbsp;&nbsp;&nbsp;&nbsp;&nbsp;&nbsp;<\/p>\n<p><strong>Diligenciada por: <\/strong>Juan Camilo Parra Restrepo<\/p>\n<p><strong>INFORMACI\u00d3N BIBLIOGR\u00c1FICA<\/strong><\/p>\n<p>Peri\u00f3dico: El Colombiano<\/p>\n<p>Lugar de edici\u00f3n: Medell\u00edn<\/p>\n<p>Autor personal: NA<\/p>\n<p>Autor corporativo: NA<\/p>\n<p>Fecha: 29\/05\/1999<\/p>\n<p>P\u00e1gina: 1C<\/p>\n<p>Secci\u00f3n: Antioquia<\/p>\n<p><strong>Titular: <\/strong>\u00bfQu\u00e9 pasa en la U de A?<\/p>\n<p><strong>Resumen: <\/strong>Entre las directivas de la U. de A. y los representantes del estudiantado se suscribi\u00f3 un Acta de Compromiso para facilitar el retorno a clases y la normalizaci\u00f3n acad\u00e9mica, se levanta la asamblea permanente luego de 5 semanas. La noticia relata as\u00ed: \u201cEn el m\u00e1ximo centro educativo de Antioquia act\u00faan grupos ideol\u00f3gicos de apoyo a los movimientos armados. \u201cEllos obedecen \u00f3rdenes externas y mantienen dentro del campus universitarios sus c\u00e9lulas de trabajo en una militancia clandestina\u201d, explica un funcionario. Los estudiantes de los primeros semestres admiten que son invitados -m\u00e1s no presionados- a formar parte de estas plataformas y que quienes se unen lo hacen libremente y por convicci\u00f3n (&#8230;) Los adeptos a los movimientos extremistas reciben unas tareas y ascienden en cada organizaci\u00f3n de acuerdo con su capacidad de liderazgo y de acci\u00f3n. Por temor a represalias, su labor se cumple en forma velada y a la hora de efectuar una protesta algunos cubren los rostros con una prenda de vestir o un pasamonta\u00f1a. La Universidad en ning\u00fan caso aplica criterios excluyentes para el ingreso de estudiantes, ni califica el inter\u00e9s pol\u00edtico de nadie. La apertura ideol\u00f3gica es un principio b\u00e1sico, aunque los efectos sean las par\u00e1lisis acad\u00e9micas temporales y los da\u00f1os f\u00edsicos contra la instituci\u00f3n, por encima de los llamados a la paz, la convivencia y la tolerancia que hacen las directivas\u201d, se\u00f1ala un docente de Derecho\u201d.<\/p>\n<p>En relaci\u00f3n a los grupos armados afirma que: \u201cEs un secreto a voces que hay adeptos de las Farc, del ELN, del EPL y a\u00fan del Bateman Cay\u00f3n. Entre ellos existen discrepancias y enfrentamientos verbales, sobre todo en las asambleas estudiantiles (&#8230;) Tambi\u00e9n hay seguidores de las Autodefensas (&#8230;) Los l\u00edderes m\u00e1s radicales llegan incluso armados a disolver clases y exigen una universidad gratuita en todos sus aspectos: acad\u00e9micos, de asistencia social y de extensi\u00f3n\u201d.<\/p>\n<p>El Consejo Acad\u00e9mico afirma que: \u201cLas autoridades de la Universidad realizan esfuerzos para que se contin\u00fae con la pol\u00edtica de di\u00e1logos y de acuerdos, con miras a resolver las diferencias que puedan existir en el tratamiento de los conflictos, y luchas con insistencia para que el claustro permanezca abierto y no se lo convierta en objeto de actividades violentas por parte de las autoridades o de los grupos de la comunidad universitaria ni de personas ajenas a la instituci\u00f3n\u201d. Mientras tanto, el rector Jaime Restrepo afirma que \u201ccarecen de fundamento las presiones de quienes insisten en entorpecer el reinicio de las actividades acad\u00e9micas. \u201cNos hemos propuesto defender la vigencia de la universidad p\u00fablica. Hoy nos consideran modelo administrativo, financiero, docente y de investigaci\u00f3n, y a la par actuamos solidariamente con la comunidad (&#8230;) La mano dura y la represi\u00f3n no forman parte de nuestro estilo. Hemos sido abiertos al di\u00e1logo. Cuando nos convencen de que las propuestas que plantean profesores, trabajadores o estudiantes buscan mejorar, no vacilamos en aceptarlas\u201d.<\/p>\n<p>Se recuenta como las consignas pol\u00edticas (en relaci\u00f3n a las pintas) abundan en casi todos los bloques de la U. de A.<\/p>\n<p><strong>Im\u00e1genes: <\/strong>D40A y D40B. Se adjunta imagen de una de las paredes de la U. de A. y otra del rector Jaime Restrepo. Foto: Jorge Zuleta y Robinson S\u00e1enz, respectivamente.<\/p>\n<p>INFORMACI\u00d3N ANAL\u00cdTICA<\/p>\n<p>Contexto de la noticia: El Gobierno Nacional responde ante la pol\u00e9mica que ha significado la renuncia del Ministro de Defensa Rodrigo Lloreda Caicedo, por prolongar por tiempo indefinido el despeje en la zona del Cagu\u00e1n. El pa\u00eds se debate ante la posibilidad de un golpe de Estado. Pero, se dice que los militares rodean en apoyo al presidente; esto, a pesar de la renuncia de 17 generales en solidaridad con la protesta del Ministro de Defensa.<\/p>\n<p>Palabras clave: Actores armados, Farc, EPL, ELN, Autodefensas, Polic\u00eda, Actores institucionales, Asamblea de Estudiantes, Consejo Acad\u00e9mico, Rector Jaime Restrepo Cuartas, Acciones de violencia, Asesinato selectivo, Acciones de resistencia, Marchas estudiantiles, Pintas,<\/p>\n<p>Sugerencia de palabras claves: NA<\/p>\n<p>Observaciones: En la noticia aparece una nota titulada \u201ccuatro meses de tensi\u00f3n\u201d. Se citan los eventos destacados:<\/p>\n<p>El 11\/02\/1999 un petardo destruy\u00f3 las vidrieras y parte de los muebles de la rector\u00eda y otras oficinas del bloque administrativo de la Ciudad Universitaria (No se registr\u00f3 en la prensa).<\/p>\n<p>El 04\/05\/1999 fue asesinado dentro de la oficina 293 el investigador Hern\u00e1n Henao Delgado.<\/p>\n<p>El 12\/05\/1999 un grupo de manifestantes intent\u00f3 realizar una marcha de antorchas desde Ciudad Universitaria hasta la Alpujarra, pero la Polic\u00eda mont\u00f3 un cord\u00f3n de seguridad para impedir el desplazamiento. Como resultado 1.500 personas acamparon dentro de la Universidad.<\/p>\n<p>El 21\/05\/1999 el rector de la U. de A. notific\u00f3 a la Fiscal\u00eda Regional en Medell\u00edn que Jes\u00fas Ovidio Cardona Toro, detenido en los disturbios del 13 de mayo, no hab\u00eda causado da\u00f1os contra los intereses de la instituci\u00f3n.<\/p>\n<p>El 25\/05\/1999 la Fiscal\u00eda orden\u00f3 la libertad del empleado de cafeter\u00edas Ovidio Carmona.<\/p>\n<p>Fecha de diligenciamiento: 02\/12\/2018<\/p>\n<h1 style=\"text-align: center;\"><strong>&nbsp;***<\/strong><\/h1>\n<p><strong>N\u00famero de ficha<\/strong>: D41&nbsp;&nbsp;&nbsp;&nbsp;&nbsp;&nbsp;&nbsp;&nbsp;&nbsp;&nbsp;&nbsp;&nbsp;&nbsp;&nbsp;&nbsp;&nbsp;&nbsp;&nbsp;&nbsp;&nbsp;&nbsp;&nbsp;&nbsp;&nbsp;&nbsp;&nbsp;&nbsp;&nbsp;&nbsp;&nbsp;&nbsp;&nbsp;&nbsp;&nbsp;&nbsp;&nbsp;<\/p>\n<p><strong>Diligenciada por: <\/strong>Juan Camilo Parra Restrepo<\/p>\n<p><strong>INFORMACI\u00d3N BIBLIOGR\u00c1FICA<\/strong><\/p>\n<p>Peri\u00f3dico: El Colombiano<\/p>\n<p>Lugar de edici\u00f3n: Medell\u00edn<\/p>\n<p>Autor personal: NA<\/p>\n<p>Autor corporativo: NA<\/p>\n<p>Fecha: 31\/05\/1999<\/p>\n<p>P\u00e1gina: 1C<\/p>\n<p>Secci\u00f3n: Antioquia<\/p>\n<p><strong>Titular: <\/strong>\u00bfQu\u00e9 pasa en el Alma Mater? (2)<\/p>\n<p><strong>Resumen: <\/strong>Este d\u00eda la universidad vuelve a la normalidad acad\u00e9mica luego de 5 semanas en cese de actividades de las facultades que se encuentran dentro de ciudad universitaria. Esto, luego de un acuerdo entre representantes de los estudiantes y la rector\u00eda y de la aprobaci\u00f3n por parte de la Asamblea de estudiantes de dicho acuerdo. En la noticia se eval\u00faa, tambi\u00e9n, la situaci\u00f3n financiera de la Universidad y su relaci\u00f3n con la Gobernaci\u00f3n de Antioquia.<\/p>\n<p><strong>Im\u00e1genes: <\/strong>NA<\/p>\n<p>INFORMACI\u00d3N ANAL\u00cdTICA<\/p>\n<p>Contexto de la noticia: En la Operaci\u00f3n Lusitana II el Ej\u00e9rcito desmantela una emisora del ELN.<\/p>\n<p>Palabras clave: Asamblea de estudiantes<\/p>\n<p>Sugerencia de palabras claves: NA<\/p>\n<p>Observaciones: NA<\/p>\n<p><strong>Fecha de diligenciamiento: <\/strong>27\/12\/2018<\/p>\n<h1 style=\"text-align: center;\"><strong>&nbsp;***<\/strong><\/h1>\n<p><strong>N\u00famero de ficha<\/strong>: D42&nbsp;&nbsp;&nbsp;&nbsp;&nbsp;&nbsp;&nbsp;&nbsp;&nbsp;&nbsp;&nbsp;&nbsp;&nbsp;&nbsp;&nbsp;&nbsp;&nbsp;&nbsp;&nbsp;&nbsp;&nbsp;&nbsp;&nbsp;&nbsp;&nbsp;&nbsp;&nbsp;&nbsp;&nbsp;&nbsp;&nbsp;&nbsp;&nbsp;&nbsp;&nbsp;&nbsp;<\/p>\n<p><strong>Diligenciada por: <\/strong>Juan Camilo Parra Restrepo<\/p>\n<p><strong>INFORMACI\u00d3N BIBLIOGR\u00c1FICA<\/strong><\/p>\n<p>Peri\u00f3dico: El Colombiano<\/p>\n<p>Lugar de edici\u00f3n: Medell\u00edn<\/p>\n<p>Autor personal: NA<\/p>\n<p>Autor corporativo: NA<\/p>\n<p>Fecha: 11\/06\/1999<\/p>\n<p>P\u00e1gina: 3C<\/p>\n<p>Secci\u00f3n: Antioquia<\/p>\n<p><strong>Titular: <\/strong>Heridos siete polic\u00edas en disturbios en la U. de A.<\/p>\n<p><strong>Resumen: <\/strong>\u201cSiete polic\u00edas fueron heridos en disturbios protagonizados ayer por estudiantes de la Universidad de Antioquia a los que la fuerza p\u00fablica les impidi\u00f3 marchar por las v\u00edas aleda\u00f1as al claustro\u201d. La polic\u00eda expresa que los estudiantes portaban explosivos con esquirlas y dinamita. El Comandante de la Polic\u00eda Metropolitana de Medell\u00edn, General Luis Alfredo Rodr\u00edguez P\u00e9rez, afirma que \u201ceste tipo de agresividad de los estudiantes la est\u00e1n llevando a los extremos. Yo creo que ya es bueno que se tomen algunas determinaciones contra la disciplina de algunos alumnos de este establecimiento que est\u00e1 formando el futuro de Antioquia\u201d.<\/p>\n<p><strong>Im\u00e1genes: <\/strong>NA<\/p>\n<p>INFORMACI\u00d3N ANAL\u00cdTICA<\/p>\n<p>Contexto de la noticia: El Congreso le neg\u00f3 al presidente facultades extraordinarias para negociar con las Farc, que inclu\u00eda la posibilidad de dar amnist\u00edas. Tambi\u00e9n es titular que la sociedad condena los actos que ha realizado el ELN (atentados y secuestros).<\/p>\n<p>Palabras clave: Marchas estudiantiles, acciones contestatarias, Polic\u00eda<\/p>\n<p>Sugerencia de palabras claves: NA<\/p>\n<p>Observaciones: NA<\/p>\n<p>Fecha de diligenciamiento: 02\/12\/2018<\/p>\n<h1 style=\"text-align: center;\"><strong>&nbsp;***<\/strong><\/h1>\n<p><strong>N\u00famero de ficha<\/strong>: D43&nbsp;&nbsp;&nbsp;&nbsp;&nbsp;&nbsp;&nbsp;&nbsp;&nbsp;&nbsp;&nbsp;&nbsp;&nbsp;&nbsp;&nbsp;&nbsp;&nbsp;&nbsp;&nbsp;&nbsp;&nbsp;&nbsp;&nbsp;&nbsp;&nbsp;&nbsp;&nbsp;&nbsp;&nbsp;&nbsp;&nbsp;&nbsp;&nbsp;&nbsp;&nbsp;&nbsp;<\/p>\n<p><strong>Diligenciada por: <\/strong>Juan Camilo Parra Restrepo<\/p>\n<p><strong>INFORMACI\u00d3N BIBLIOGR\u00c1FICA<\/strong><\/p>\n<p>Peri\u00f3dico: El Colombiano<\/p>\n<p>Lugar de edici\u00f3n: Medell\u00edn<\/p>\n<p>Autor personal: NA<\/p>\n<p>Autor corporativo: NA<\/p>\n<p>Fecha: 12\/06\/1999<\/p>\n<p>P\u00e1gina: 3C<\/p>\n<p>Secci\u00f3n: Antioquia<\/p>\n<p><strong>Titular: <\/strong>Polic\u00eda denuncia ataques terroristas<\/p>\n<p><strong>Resumen: <\/strong>En el tropel del 11\/06\/1999 varios agentes de polic\u00eda resultaron heridos gracias a la acci\u00f3n de bombas con metralla en las afueras de la Universidad de Antioquia. Seg\u00fan el Comandante de la Polic\u00eda Metropolitana \u201clos activistas, al parecer miembros de grupos urbanos de la guerrilla, lanzaron explosivos con metralla (&#8230;) Se trata de artefactos de enorme poder destructivo. La \u00e9poca de las pedreas se cambi\u00f3 por la de las bombas, eso es inaudito. La ciudadan\u00eda debe rechazar semejante atropello\u201d.<\/p>\n<p><strong>Im\u00e1genes: <\/strong>D43. Fotograf\u00eda del tropel. Foto: El Colombiano<\/p>\n<p>INFORMACI\u00d3N ANAL\u00cdTICA<\/p>\n<p>Contexto de la noticia: Mismo contexto de la noticia anterior, dado que se publica un d\u00eda despu\u00e9s.<\/p>\n<p>Palabras clave: Tropel, acciones contestatarias, polic\u00eda, guerrilla,<\/p>\n<p>Sugerencia de palabras claves: NA<\/p>\n<p>Observaciones: NA.<\/p>\n<p>Fecha de diligenciamiento: 27\/12\/2018<\/p>\n<h1 style=\"text-align: center;\"><strong>&nbsp;***<\/strong><\/h1>\n<p><strong>N\u00famero de ficha<\/strong>: D44&nbsp;&nbsp;&nbsp;&nbsp;&nbsp;&nbsp;&nbsp;&nbsp;&nbsp;&nbsp;&nbsp;&nbsp;&nbsp;&nbsp;&nbsp;&nbsp;&nbsp;&nbsp;&nbsp;&nbsp;&nbsp;&nbsp;&nbsp;&nbsp;&nbsp;&nbsp;&nbsp;&nbsp;&nbsp;&nbsp;&nbsp;&nbsp;&nbsp;&nbsp;&nbsp;&nbsp;<\/p>\n<p><strong>Diligenciada por: <\/strong>Juan Camilo Parra Restrepo<\/p>\n<p><strong>INFORMACI\u00d3N BIBLIOGR\u00c1FICA<\/strong><\/p>\n<p>Peri\u00f3dico: El Colombiano<\/p>\n<p>Autor personal: NA<\/p>\n<p>Autor corporativo: NA<\/p>\n<p>Lugar de edici\u00f3n: Medell\u00edn<\/p>\n<p>Fecha: 12\/06\/1999<\/p>\n<p>P\u00e1gina: 2C<\/p>\n<p>Secci\u00f3n: Antioquia<\/p>\n<p><strong>Titular: <\/strong>La U. de A. no es como la pintan<\/p>\n<p><strong>Resumen: <\/strong>En una nota en El Colombiano, los estudiantes, a trav\u00e9s de la Mesa Coordinadora de Actividades de la Universidad de Antioquia, expusieron sus opiniones y controvirtiendo una nota publicada en este mismo peri\u00f3dico el 03 de mayo. Los estudiantes afirman que, luego de aprobado el Plan Nacional de Desarrollo, motivo de protestas, continuaron en la movilizaci\u00f3n, a lo cual se produjo la detenci\u00f3n de un compa\u00f1ero de las cafeter\u00edas. Los estudiantes creen que no se recoge el sentir de estos ni de la Asamblea General Estudiantil. Los estudiantes denuncian que: \u201cCarlos Casta\u00f1o supuestamente est\u00e1 buscando qui\u00e9nes son los que lideran e integran las organizaciones armadas. Entonces a nosotros nos deja servidos en bandeja de plata ese comunicado, porque participamos en las asambleas y el texto es muy lesivo en ese sentido. El error radica en no conocer la din\u00e1mica interna de la universidad. El primer p\u00e1rrafo dec\u00eda que la U. de A. suscribi\u00f3 un acuerdo para mantener la paz dentro del claustro y evitar el cierre temporal. No suscribimos un acuerdo con nadie, porque no est\u00e1bamos en una declaraci\u00f3n de guerra interna. La administraci\u00f3n firm\u00f3 un acto de compromiso y dijo que va a cumplir unas garant\u00edas (&#8230;) En la U. de A. desde hace m\u00e1s de 40 a\u00f1os hay debate pol\u00edtico. La propaganda de grupos insurgentes y de los de derecha pulula, pero otra cosa es pensar que los l\u00edderes del Movimiento Estudiantil pertenezcan a grupos insurgentes\u201d. Se menciona un comunicado de las Autodefensas que circul\u00f3 a principios de mayo.<\/p>\n<p>Los estudiantes afirman, adem\u00e1s, que: \u201cEn cada movimiento de protesta en la ciudad la Administraci\u00f3n Municipal, la Polic\u00eda, el Das, el Ej\u00e9rcito, dicen que hay infiltrados. Lo que nos preocupa es que el hecho de participar implica estar inscritos en una u otra organizaci\u00f3n, sin siquiera saberlo. El responsable directo de la protesta es el Estado que no genera las condiciones de vida adecuadas para la poblaci\u00f3n. Por eso en todo el pa\u00eds se est\u00e1 dando una expresi\u00f3n de protesta. Otro punto que rechazamos es que en la U. de A. no hemos visto que grupos armados lleguen a parar clases o que saquen profesores del aula, y en un p\u00e1rrafo se plantea que hay gente armada que llega a los salones. En la U., desde los 70&#8217;s hasta ahora, nunca ha habido un enfrentamiento con la polic\u00eda en donde se saque un comunicado de las Farc, el ELN, el EPL, el Bateman Cay\u00f3n, en donde digan \u201cnosotros somos los que estamos enfrentando la polic\u00eda\u201d. Siempre las expresiones han sido planteadas por estudiantes y en ese sentido uno piensa que se debe aclarar.<\/p>\n<p><strong>&nbsp;<\/strong><strong>Im\u00e1genes: <\/strong>D34. Fotograf\u00eda de la fuente de la Universidad. Foto: Jaimar<\/p>\n<p>INFORMACI\u00d3N ANAL\u00cdTICA<\/p>\n<p>Contexto de la noticia: Mismo contexto de la noticia del 11\/08\/1999, dado que se publica un d\u00eda despu\u00e9s.<\/p>\n<p>Palabras clave: Actores, Asamblea de estudiantes, Actores armados, Autodefensas Campesinas de C\u00f3rdoba y Urab\u00e1, Guerrillas, Acciones de resistencia, comunicado<\/p>\n<p>Sugerencia de palabras claves: Estigmatizaci\u00f3n del movimiento estudiantil<\/p>\n<p>Observaciones: NA<\/p>\n<p><strong>Fecha de diligenciamiento: <\/strong>03\/12\/2018<\/p>\n<h1 style=\"text-align: center;\"><strong>&nbsp;***<\/strong><\/h1>\n<p>&nbsp;<\/p>\n<p><strong>N\u00famero de ficha<\/strong>: D45&nbsp;&nbsp;&nbsp;&nbsp;&nbsp;&nbsp;&nbsp;&nbsp;&nbsp;&nbsp;&nbsp;&nbsp;&nbsp;&nbsp;&nbsp;&nbsp;&nbsp;&nbsp;&nbsp;&nbsp;&nbsp;&nbsp;&nbsp;&nbsp;&nbsp;&nbsp;&nbsp;&nbsp;&nbsp;&nbsp;&nbsp;&nbsp;&nbsp;&nbsp;&nbsp;&nbsp;<\/p>\n<p><strong>Diligenciada por: <\/strong>Juan Camilo Parra Restrepo<\/p>\n<p><strong>INFORMACI\u00d3N BIBLIOGR\u00c1FICA<\/strong><\/p>\n<p>Peri\u00f3dico: El Colombiano<\/p>\n<p>Autor personal: NA<\/p>\n<p>Autor corporativo: NA<\/p>\n<p>Lugar de edici\u00f3n: Medell\u00edn<\/p>\n<p>Fecha: 22\/06\/1999<\/p>\n<p>P\u00e1gina: 2<\/p>\n<p>Secci\u00f3n: La<\/p>\n<p><strong>Resumen: <\/strong>&nbsp;En una nota titulada \u201cMovimientos estudiantiles, ni rastro de lo que fueron, se hace una comparaci\u00f3n entre la acci\u00f3n colectiva, como marchas, realizadas en ese tiempo por el movimiento estudiantil y la de los 70s; mucho mayores las anteriores. Se explica, adem\u00e1s, que: \u201cEn todas las \u00e9pocas han existido movimiento masivos y beligerantes, pero los de la d\u00e9cada del setenta, por ejemplo, ten\u00edan un contexto pol\u00edtico fuerte y un trasfondo de izquierda que aliment\u00f3 muchos de los movimientos subversivos. Hoy es dif\u00edcil que la guerrilla se nutra de los movimientos estudiantiles porque se trata de movilizaciones coyunturales\u201d<\/p>\n<p><strong>Im\u00e1genes: <\/strong>NA<\/p>\n<p>INFORMACI\u00d3N ANAL\u00cdTICA<\/p>\n<p>Contexto de la noticia: Se da orden de captura contra la c\u00fapula del ELN por los secuestros masivos de las \u00faltimas semanas. Adem\u00e1s, 17 campesinos fueron asesinados en Antioquia y Cesar por autodefensas. Farc secuestra 10 personas en Sucre.<\/p>\n<p>Observaciones: NA.<\/p>\n<p>Palabras clave: Actores armados, Guerrilla, Autodefensas, ELN, Farc<\/p>\n<p>Sugerencia de palabras claves: Movimiento estudiantil<\/p>\n<p>Justificaci\u00f3n: NA<\/p>\n<p>Fecha de diligenciamiento: 03\/12\/2018<\/p>\n<h1 style=\"text-align: center;\"><strong>&nbsp;***<\/strong><\/h1>\n<p><strong>N\u00famero de ficha<\/strong>: D46&nbsp;&nbsp;&nbsp;&nbsp;&nbsp;&nbsp;&nbsp;&nbsp;&nbsp;&nbsp;&nbsp;&nbsp;&nbsp;&nbsp;&nbsp;&nbsp;&nbsp;&nbsp;&nbsp;&nbsp;&nbsp;&nbsp;&nbsp;&nbsp;&nbsp;&nbsp;&nbsp;&nbsp;&nbsp;&nbsp;&nbsp;&nbsp;&nbsp;&nbsp;&nbsp;&nbsp;<\/p>\n<p><strong>Diligenciada por: <\/strong>Juan Camilo Parra Restrepo<\/p>\n<p><strong>INFORMACI\u00d3N BIBLIOGR\u00c1FICA<\/strong><\/p>\n<p>Peri\u00f3dico: El Colombiano<\/p>\n<p>Lugar de edici\u00f3n: Medell\u00edn<\/p>\n<p>Autor personal: NA<\/p>\n<p>Autor corporativo: NA<\/p>\n<p>Fecha: 24\/06\/1999<\/p>\n<p>P\u00e1gina: 1C<\/p>\n<p>Secci\u00f3n: Antioquia<\/p>\n<p><strong>Titular: <\/strong>Instalan mesa de concertaci\u00f3n en la U. de A.<\/p>\n<p><strong>Resumen: <\/strong>\u201cHoy se realiza la primera reuni\u00f3n de la Mesa Permanente por la Defensa de la Universidad de Antioquia, en la que tienen asiento representantes del Consejo Superior, la administraci\u00f3n central, la Asociaci\u00f3n de Profesores, los sindicatos oficiales y los estudiantes, as\u00ed como los egresados (&#8230;) la intenci\u00f3n es unir esfuerzos que busquen aminorar los peligros que amenazan la estabilidad del centro acad\u00e9mico\u201d. En adici\u00f3n, el rector de la Universidad, Jaime Restrepo Cuartas, se reuni\u00f3 con 1.200 profesores en el Teatro Camilo Torres para analizar su gesti\u00f3n y la posibilidad de un eventual cierre de la instituci\u00f3n.<\/p>\n<p><strong>Im\u00e1genes: <\/strong>NA<\/p>\n<p>INFORMACI\u00d3N ANAL\u00cdTICA<\/p>\n<p>Contexto de la noticia: Las Farc congelan las negociaciones con el Gobierno Nacional por estar en desacuerdo con la creaci\u00f3n de una comisi\u00f3n verificadora sobre las denuncias de derechos humanos.<\/p>\n<p>Palabras clave: Actores, Rector Jaime Restrepo Cuartas, acciones de resistencia Mesa Permanente por la Defensa de la Universidad de Antioquia,<\/p>\n<p>Sugerencia de palabras claves: NA<\/p>\n<p>Observaciones: NA<\/p>\n<p>Fecha de diligenciamiento: 27\/12\/2018<\/p>\n<h1 style=\"text-align: center;\"><strong>&nbsp;***<\/strong><\/h1>\n<p><strong>N\u00famero de ficha<\/strong>: D47&nbsp;&nbsp;&nbsp;&nbsp;&nbsp;&nbsp;&nbsp;&nbsp;&nbsp;&nbsp;&nbsp;&nbsp;&nbsp;&nbsp;&nbsp;&nbsp;&nbsp;&nbsp;&nbsp;&nbsp;&nbsp;&nbsp;&nbsp;&nbsp;&nbsp;&nbsp;&nbsp;&nbsp;&nbsp;&nbsp;&nbsp;&nbsp;&nbsp;&nbsp;&nbsp;&nbsp;<\/p>\n<p><strong>Diligenciada por: <\/strong>Juan Camilo Parra Restrepo<\/p>\n<p><strong>INFORMACI\u00d3N BIBLIOGR\u00c1FICA<\/strong><\/p>\n<p>Peri\u00f3dico: El Colombiano<\/p>\n<p>Lugar de edici\u00f3n: Medell\u00edn<\/p>\n<p>Autor personal: NA<\/p>\n<p>Autor corporativo: NA<\/p>\n<p>Fecha: 26\/06\/1999<\/p>\n<p>P\u00e1gina: 3C<\/p>\n<p>Secci\u00f3n: Antioquia<\/p>\n<p><strong>Titular: <\/strong>Por orden de la Fiscal\u00eda asegurado estudiante de la U. de A.<\/p>\n<p><strong>Resumen: <\/strong>&nbsp;La Fiscal\u00eda General de la Naci\u00f3n dict\u00f3 medida de aseguramiento con detenci\u00f3n preventiva contra John Fredy Consuegra Hern\u00e1ndez, estudiante de la Universidad de Antioquia. Se\u00f1alado como presunto responsable del lanzamiento de papas explosivas fuera del Alma Mater (La decisi\u00f3n cobija a otros dos estudiantes detenidos el 10 de junio, Eduard Osiris Durango Ram\u00edrez y Edwin Alonso Londo\u00f1o Monsalve). \u201cLa decisi\u00f3n de la Fiscal\u00eda preocupa a diversos sectores de la Universidad de Antioquia porque la Asamblea General de Estudiantes que lidera la actual suspensi\u00f3n de actividades acad\u00e9micas, supedit\u00f3 su normalizaci\u00f3n a la liberaci\u00f3n del estudiante detenido. Sobre ese particular, la rector\u00eda del Alma Mater manifest\u00f3 que la determinaci\u00f3n de la Fiscal\u00eda no es competencia suya y que, por tal motivo, los compa\u00f1eros del alumno afectado no pueden entorpecer las labores de la instituci\u00f3n docente. Ayer continuaba bloqueada la Facultad de Educaci\u00f3n, a la cual pertenece John Fredy Consuegra Hern\u00e1ndez\u201d.<\/p>\n<p><strong>Im\u00e1genes: <\/strong>NA<\/p>\n<p>INFORMACI\u00d3N ANAL\u00cdTICA<\/p>\n<p>Contexto de la noticia: Las Farc declaran como territorio de guerra el nudo del paramillo, dicen algunos campesinos. Campesinos y familiares en C\u00f3rdoba y Antioquia enfrentan desplazamiento forzado.<\/p>\n<p>Palabras clave: Acciones contestatarias, Asamblea de estudiantes, acciones de resistencia, paro, respuestas institucionales, detenciones, capturas<\/p>\n<p>Sugerencia de palabras claves:<\/p>\n<p>Observaciones: NA<\/p>\n<p>Fecha de diligenciamiento: 03\/12\/2018<\/p>\n<h1 style=\"text-align: center;\"><strong>&nbsp;***<\/strong><\/h1>\n<p><strong>N\u00famero de ficha<\/strong>: D48&nbsp;&nbsp;&nbsp;&nbsp;&nbsp;&nbsp;&nbsp;&nbsp;&nbsp;&nbsp;&nbsp;&nbsp;&nbsp;&nbsp;&nbsp;&nbsp;&nbsp;&nbsp;&nbsp;&nbsp;&nbsp;&nbsp;&nbsp;&nbsp;&nbsp;&nbsp;&nbsp;&nbsp;&nbsp;&nbsp;&nbsp;&nbsp;&nbsp;&nbsp;&nbsp;&nbsp;<\/p>\n<p><strong>Diligenciada por: <\/strong>Juan Camilo Parra Restrepo<\/p>\n<p><strong>INFORMACI\u00d3N BIBLIOGR\u00c1FICA<\/strong><\/p>\n<p>Peri\u00f3dico: El Colombiano<\/p>\n<p>Lugar de edici\u00f3n: Medell\u00edn<\/p>\n<p>Autor personal: NA<\/p>\n<p>Autor corporativo: NA<\/p>\n<p>Fecha: 29\/06\/1999<\/p>\n<p>P\u00e1gina: 12A<\/p>\n<p>Secci\u00f3n: Generales<\/p>\n<p><strong>Titular: <\/strong>Asaltos preocupan la U. de A.<\/p>\n<p><strong>Resumen: <\/strong>&nbsp;Tanto el jueves (24) y el viernes (25) de junio se presentaron dos asaltos en la Universidad de Antioquia. En el primero, cuatro hombres ingresaron a las oficinas de la Cooperativa de profesores, en el bloque 22 e intimidaron a sus empleados. Ten\u00edan pistolas 9 mil\u00edmetros, actuaron sin tapar sus caras y robaron 5.000.000. El viernes, tambi\u00e9n en el bloque 22, un grupo de cuatro hombres asalt\u00f3 una de las taquillas de tesorer\u00eda, robando 25 cheques, del pago de los jubilados, y lograron cobrar 10 por la suma de 13.000.000. \u201cLas autoridades a\u00fan no se pronuncian sobre el particular, pero descartan que se trate de miembros del centro acad\u00e9mico. La situaci\u00f3n crea tensi\u00f3n pues coincide con el ambiente de zozobra que padece el Alma Mater, tras la detenci\u00f3n de un alumno, se\u00f1alado por la Fiscal\u00eda de herir con explosivos varios agentes de la Polic\u00eda. La comunidad universitaria teme que estos hechos act\u00faen la amenaza de un cierre\u201d.<\/p>\n<p><strong>Im\u00e1genes: <\/strong>NA<\/p>\n<p>INFORMACI\u00d3N ANAL\u00cdTICA<\/p>\n<p>Contexto de la noticia: Alrededor de 300 mil personas marcharon ayer en Bogot\u00e1 para decirle NO a la guerra y pedir la liberaci\u00f3n de los secuestrados. Las Farc atacaron en el norte de Urab\u00e1, exactamente en Puerto Bello, corregimiento de Turbo.<\/p>\n<p>Palabras clave: Acciones de violencia, Intimidaci\u00f3n, Organizaciones de profesores,<\/p>\n<p>Sugerencia de palabras claves: Asalto<\/p>\n<p>Observaciones: NA<\/p>\n<p>Fecha de diligenciamiento: 03\/12\/2018<\/p>\n<h1 style=\"text-align: center;\"><strong>&nbsp;***<\/strong><\/h1>\n<p><strong>N\u00famero de ficha<\/strong>: D49&nbsp;&nbsp;&nbsp;&nbsp;&nbsp;&nbsp;&nbsp;&nbsp;&nbsp;&nbsp;&nbsp;&nbsp;&nbsp;&nbsp;&nbsp;&nbsp;&nbsp;&nbsp;&nbsp;&nbsp;&nbsp;&nbsp;&nbsp;&nbsp;&nbsp;&nbsp;&nbsp;&nbsp;&nbsp;&nbsp;&nbsp;&nbsp;&nbsp;&nbsp;&nbsp;&nbsp;<\/p>\n<p><strong>Diligenciada por: <\/strong>Juan Camilo Parra Restrepo<\/p>\n<p><strong>INFORMACI\u00d3N BIBLIOGR\u00c1FICA<\/strong><\/p>\n<p>Peri\u00f3dico: El Colombiano<\/p>\n<p>Lugar de edici\u00f3n: Medell\u00edn<\/p>\n<p>Autor personal: NA<\/p>\n<p>Autor corporativo: NA<\/p>\n<p>Fecha: 29\/06\/1999<\/p>\n<p>P\u00e1gina: 3C<\/p>\n<p>Secci\u00f3n: Antioquia<\/p>\n<p><strong>Titular: <\/strong>Cooperaci\u00f3n de la comunidad universitaria. Estrategia eficaz contra robos en la U. de A.<\/p>\n<p><strong>Resumen: <\/strong>&nbsp;&nbsp;Entre el primero de enero y el 30 de junio de 1999 se registr\u00f3 el hurto de \u201cuna pieza africana de museo, dos equipos de \u00f3rganos y sentidos de los consultorios m\u00e9dicos, un proyector de acetatos de la Facultad de Econom\u00eda, un horno microondas de la Facultad de Educaci\u00f3n F\u00edsica, cuatro VHS de la Biblioteca Central, tres radios de comunicaci\u00f3n del sistema de seguridad interno, 25 cheques de la tesorer\u00eda, una cantidad no precisada de dinero efectivo de la Cooperativa de Profesores y un Suer VSH, un microcomputador, una c\u00e1mara de v\u00eddeo, un amplificador, dos micr\u00f3fonos y cuatro c\u00e1maras de fotograf\u00eda de las facultades de Zootecnia, Nutrici\u00f3n y Diet\u00e9tica\u201d. Luis Gabriel Atehort\u00faa, coordinador de la Oficina de Seguridad Industrial de la Universidad de Antioquia, \u201casegura que hasta hace algunos a\u00f1os, la universidad no denunciaba ciertos robos menores y evitaba judicializar a estudiantes comprometidos. En la actualidad, cualquier alumno sorprendido en flagrancia es expulsado y denunciado\u201d. Las directivas reforzaron el servicio de guardia, pues 83 vigilantes de la Universidad recorren el campus las 24 horas del d\u00eda con el apoyo de 43 hombres adscritos a empresas privadas. \u201c\u201cPor principio, el campus no puede ser vigilado por vigilantes armados, en las porter\u00edas no contamos con sistemas para la detecci\u00f3n de armas y, aunque lo tuvi\u00e9ramos, por los miles de metros cuadrados de malla pueden entrar, y de hecho ingresan, armas y droga\u201d, sostiene un docente\u201d.<\/p>\n<p><strong>Im\u00e1genes: <\/strong>NA<\/p>\n<p>INFORMACI\u00d3N ANAL\u00cdTICA<\/p>\n<p>Contexto de la noticia: Gobierno Nacional en cabeza de Andr\u00e9s Pastrana manifiesta que la paciencia con las Farc tiene sus l\u00edmites y que los di\u00e1logos tienen que avanzar.<\/p>\n<p>Palabras clave: Respuestas institucionales<\/p>\n<p>Sugerencia de palabras claves: Robos<\/p>\n<p>Observaciones: NA.<\/p>\n<p>Fecha de diligenciamiento: 03\/12\/2018<\/p>\n<h1 style=\"text-align: center;\"><strong>&nbsp;***<\/strong><\/h1>\n<p><strong>N\u00famero de ficha<\/strong>: D50&nbsp;&nbsp;&nbsp;&nbsp;&nbsp;&nbsp;&nbsp;&nbsp;&nbsp;&nbsp;&nbsp;&nbsp;&nbsp;&nbsp;&nbsp;&nbsp;&nbsp;&nbsp;&nbsp;&nbsp;&nbsp;&nbsp;&nbsp;&nbsp;&nbsp;&nbsp;&nbsp;&nbsp;&nbsp;&nbsp;&nbsp;&nbsp;&nbsp;&nbsp;&nbsp;&nbsp;<\/p>\n<p><strong>Diligenciada por: <\/strong>Juan Camilo Parra Restrepo<\/p>\n<p><strong>INFORMACI\u00d3N BIBLIOGR\u00c1FICA<\/strong><\/p>\n<p>Peri\u00f3dico: El Colombiano<\/p>\n<p>Lugar de edici\u00f3n: Medell\u00edn<\/p>\n<p>Autor personal: NA<\/p>\n<p>Autor corporativo: NA<\/p>\n<p>Fecha: 08\/08\/1999<\/p>\n<p>P\u00e1gina: 16A<\/p>\n<p>Secci\u00f3n: General<\/p>\n<p><strong>Titular: <\/strong>Asesinado l\u00edder estudiantil de la U. de A.<\/p>\n<p><strong>Resumen: <\/strong>\u201cDe nuevo los violentos hicieron presencia en la Universidad de Antioquia. En esta ocasi\u00f3n el turno le toc\u00f3 al dirigente estudiantil &nbsp;&nbsp;&nbsp;&nbsp;&nbsp;&nbsp;&nbsp;&nbsp;&nbsp; Hugo \u00c1ngel Jaramillo, a quien fue asesinado por desconocidos en los bloques cercanos a la porter\u00eda de la Avenida del Ferrocarril, en la ciudad universitaria. La v\u00edctima, junto con otros integrantes del movimiento estudiantil, hab\u00edan pedido el respeto por a su vida y a la labor que adelantaban al interior de la universidad, luego de que un grupo paramilitar que opera en el claustro universitario los hab\u00eda sindicado de ser auxiliadores de la guerrilla. Frente a esta situaci\u00f3n, los coordinadores de los programas de deportes que funcionan en la Universidad durante el fin de semana, pidieron a los padres de familia abstenerse de llevar a los ni\u00f1os a sus clases el d\u00eda de hoy. Esto con el fin de evitar que se presente alg\u00fan altercado que pueda poner en peligro a los peque\u00f1os y sus acompa\u00f1antes.&nbsp; Con este ya son dos los cr\u00edmenes que se presentan en el Alma Mater en 48 horas, si se tiene en cuenta que en la ma\u00f1ana del viernes fue asesinado el propietario de la cafeter\u00eda de la Facultad de Derecho, Hugo \u00c1ngel Jaramillo\u201d:<\/p>\n<p><strong>Im\u00e1genes: <\/strong>NA<\/p>\n<p>INFORMACI\u00d3N ANAL\u00cdTICA<\/p>\n<p>Contexto de la noticia: Se cumple un a\u00f1o del Gobierno de Andr\u00e9s Pastrana.<\/p>\n<p>Palabras clave: Actores armados, Paramilitares, acciones de violencia, asesinato selectivo, Hugo \u00c1ngel Jaramillo<\/p>\n<p>Sugerencia de palabras claves: NA<\/p>\n<p>Observaciones: NA<\/p>\n<p>Fecha de diligenciamiento: 27\/12\/2018<\/p>\n<h1 style=\"text-align: center;\"><strong>&nbsp;***<\/strong><\/h1>\n<p><strong style=\"font-size: inherit;\">N\u00famero de ficha<\/strong><span style=\"font-size: inherit;\">: D51&nbsp;&nbsp;&nbsp;&nbsp;&nbsp;&nbsp;&nbsp;&nbsp;&nbsp;&nbsp;&nbsp;&nbsp;&nbsp;&nbsp;&nbsp;&nbsp;&nbsp;&nbsp;&nbsp;&nbsp;&nbsp;&nbsp;&nbsp;&nbsp;&nbsp;&nbsp;&nbsp;&nbsp;&nbsp;&nbsp;&nbsp;&nbsp;&nbsp;&nbsp;&nbsp;&nbsp; <\/span><\/p>\n<p><strong style=\"font-size: inherit;\">Diligenciada por: <\/strong><span style=\"font-size: inherit;\">Juan Camilo Parra Restrepo<\/span><\/p>\n<p><strong>INFORMACI\u00d3N BIBLIOGR\u00c1FICA<\/strong><\/p>\n<p>Peri\u00f3dico: El Colombiano<\/p>\n<p>Lugar de edici\u00f3n: Medell\u00edn<\/p>\n<p>Autor personal: NA<\/p>\n<p>Autor corporativo: NA<\/p>\n<p>Fecha: 09\/08\/1999<\/p>\n<p>P\u00e1gina: 11A<\/p>\n<p>Secci\u00f3n: Antioquia<\/p>\n<p><strong>Titular: <\/strong>Cierre en la U. de A.<\/p>\n<p><strong>Resumen: <\/strong>La Universidad de Antioquia estar\u00e1 cerrada del 09 al 12 de agosto por el asesinato \u201cdel administrador de la cafeter\u00eda de la Facultad de Derecho, Hugo \u00c1ngel Jaramillo, y del l\u00edder estudiantil Gustavo Marulanda, ambos acribillados en el campus universitario\u201d. \u201cEl rector Jaime Restrepo Cuartas manifest\u00f3 que el cierre busca propiciar una pausa de reflexi\u00f3n para que los hechos de violencia cesen en la universidad. Sin embargo, para varios acad\u00e9micos, la resoluci\u00f3n adoptada por las directivas pueden ser un anticipo a un cierre definitivo durante el resto del segundo semestre del a\u00f1o. As\u00ed lo confirm\u00f3 un hombre que pidi\u00f3 la reserva de su nombre. \u201cLos Antagonismo cada vez son m\u00e1s marcados y el grueso de la comunidad universitaria est\u00e1 inerme, en el centro. Al parecer, mientras subsistan esas diferencias, y ante la posibilidad de un liderazgo que permita una actitud de conciliaci\u00f3n, el cierre administrativo definitivo se postula como una salida imprudente pero efectiva\u201d, puntualiz\u00f3. Por su parte, ayer tambi\u00e9n se conocieron varios comunicados de diferentes organizaciones estudiantiles del Valle de Aburr\u00e1 en los que \u201cresponsabilizan al Estado del crimen\u201d del estudiante. Gustavo Marulanda, de 34 a\u00f1os, era egresado de Marco Fidel Su\u00e1rez y estaba cursando Filosof\u00eda en la Universidad de Antioquia; hac\u00eda parte de la Mesa Permanente por la Defensa de la Universidad P\u00fablica y de la Mesa Interinstitucional, que integra representantes de diferentes centros acad\u00e9micos de la ciudad\u201d.<\/p>\n<p>El Gobernador de Antioquia, Alberto Builes, afirma que \u201c\u201cPara tomar alguna decisi\u00f3n entorno a la Universidad debo consultar mucha gente y es lo que estoy haciendo, aunque no se descarta el cierre como una alternativa, si no somos capaces de controlar la situaci\u00f3n. Yo no quiero m\u00e1s muertos ni m\u00e1s dificultades, por eso prefiero el cierre a estos desmanes\u201d. Esta propuesta es hasta ahora una de las alternativas, las cuales hoy mismo estaremos discutiendo entre todos a ver qu\u00e9 podemos hacer, porque aqu\u00ed necesitamos el respaldo de profesores, estudiantes, el Consejo Superior y estamentos universitarios ya no vamos a tomar posiciones individuales\u201d.<\/p>\n<p><strong>Im\u00e1genes: <\/strong>D51. Fotograf\u00eda de estudiantes en la fuente de la U. de A. Foto: El Colombiano<\/p>\n<p>INFORMACI\u00d3N ANAL\u00cdTICA<\/p>\n<p>Contexto de la noticia:&nbsp; Se cumple 1 a\u00f1o del gobierno de Andr\u00e9s Pastrana. Canciller colombiano, Guillermo Hern\u00e1ndez, asegura que ser\u00eda un grave error descubrir que las Farc secuestraron un avi\u00f3n venezolano con 14 personas a bordo el pasado 30 de julio.<\/p>\n<p>Palabras clave: Acciones de violencia, Asesinato selectivo, Hugo \u00c1ngel Jaramillo, Gustavo Marulanda, Rector Jaime Restrepo Cuartas, Gobernador Alberto Builes, respuestas institucionales, Cierre administrativo<\/p>\n<p>Sugerencia de palabras claves: NA<\/p>\n<p>Observaciones: NA.<\/p>\n<p>Fecha de diligenciamiento: 27\/12\/2018<\/p>\n<h1 style=\"text-align: center;\">***<\/h1>\n<p><strong>N\u00famero de ficha<\/strong>: D52&nbsp;&nbsp;&nbsp;&nbsp;&nbsp;&nbsp;&nbsp;&nbsp;&nbsp;&nbsp;&nbsp;&nbsp;&nbsp;&nbsp;&nbsp;&nbsp;&nbsp;&nbsp;&nbsp;&nbsp;&nbsp;&nbsp;&nbsp;&nbsp;&nbsp;&nbsp;&nbsp;&nbsp;&nbsp;&nbsp;&nbsp;&nbsp;&nbsp;&nbsp;&nbsp;&nbsp;<\/p>\n<p><strong>Diligenciada por: <\/strong>Juan Camilo Parra Restrepo<\/p>\n<p><strong>INFORMACI\u00d3N BIBLIOGR\u00c1FICA<\/strong><\/p>\n<p>Peri\u00f3dico: El Colombiano<\/p>\n<p>Lugar de edici\u00f3n: Medell\u00edn<\/p>\n<p>Autor personal: NA<\/p>\n<p>Autor corporativo: NA<\/p>\n<p>Fecha: 10\/08\/1999<\/p>\n<p>P\u00e1gina: 8B<\/p>\n<p>Secci\u00f3n: Generales<\/p>\n<p><strong>Titular: <\/strong>Rector pidi\u00f3 solidaridad con la U. de A.<\/p>\n<p><strong>Resumen: <\/strong>El rector de la Universidad de Antioquia, Jaime Restrepo Cuartas anuncia que es posible que el cierre de la Universidad de Antioquia, que estaba hasta el d\u00eda 11\/08\/1999 se prolongue indefinidamente. \u201cVamos a esperar esos dos d\u00edas de cierre para saber que hacer el jueves. Yo francamente no s\u00e9 qu\u00e9 decisi\u00f3n tome el Consejo Superior. Eso depende de la comunidad acad\u00e9mica, de la sociedad y de los grupos armados. Si los grupos armados persisten en la violencia la universidad no va a cerrarse porque nosotros queramos, porque el Gobernador decida, el Alcalde lo quiera o porque el Consejo Superior lo determine. Si se cierra es por efecto del orden p\u00fablico (&#8230;) Nosotros definimos dar un comp\u00e1s de espera, declarar tres d\u00edas de no actividades porque necesit\u00e1bamos reflexionar la situaci\u00f3n. Este cese pretende hacerle un llamado a la comunidad para que medite en lo que est\u00e1 pasando\u201d. En adici\u00f3n, el art\u00edculo se refiere a un comunicado de las Autodefensas, en las que se reivindican el asesinato de Gustavo Marulanda, en donde el rector condena este acto y dice que ning\u00fan acto de violencia tiene justificaci\u00f3n en el claustro universitario.<\/p>\n<p><strong>Im\u00e1genes: <\/strong>NA<\/p>\n<p>INFORMACI\u00d3N ANAL\u00cdTICA<\/p>\n<p>Contexto de la noticia: Mismo contexto de la noticia anterior dado que se produce un d\u00eda despu\u00e9s.<\/p>\n<p>Palabras clave: Rector Jaime Restrepo Cuartas, Cierre administrativo, Respuestas institucionales, Asesinato selectivo, Autodefensas,<\/p>\n<p>Sugerencia de palabras claves: NA<\/p>\n<p>Observaciones: NA<\/p>\n<p>Fecha de diligenciamiento: 03\/12\/2018<\/p>\n<h1 style=\"text-align: center;\"><strong>&nbsp;***<\/strong><\/h1>\n<p><strong>N\u00famero de ficha<\/strong>: D53&nbsp;&nbsp;&nbsp;&nbsp;&nbsp;&nbsp;&nbsp;&nbsp;&nbsp;&nbsp;&nbsp;&nbsp;&nbsp;&nbsp;&nbsp;&nbsp;&nbsp;&nbsp;&nbsp;&nbsp;&nbsp;&nbsp;&nbsp;&nbsp;&nbsp;&nbsp;&nbsp;&nbsp;&nbsp;&nbsp;&nbsp;&nbsp;&nbsp;&nbsp;&nbsp;&nbsp;<\/p>\n<p><strong>Diligenciada por: <\/strong>Juan Camilo Parra Restrepo<\/p>\n<p><strong>INFORMACI\u00d3N BIBLIOGR\u00c1FICA<\/strong><\/p>\n<p>Peri\u00f3dico: El Colombiano<\/p>\n<p>Lugar de edici\u00f3n: Medell\u00edn<\/p>\n<p>Autor personal: NA<\/p>\n<p>Autor corporativo: NA<\/p>\n<p>Fecha: 11\/08\/1999<\/p>\n<p>P\u00e1gina: 3<\/p>\n<p>Secci\u00f3n: Plana<\/p>\n<p><strong>Titular: <\/strong>Que la U. de A. no es un territorio en disputa<\/p>\n<p><strong>Resumen: <\/strong>\u201cLa universidad tiene que ser un espacio para la libre discusi\u00f3n de ideas, opiniones y confrontaciones ideol\u00f3gicas. Debemos persistir hasta el final, hasta siempre. La decisi\u00f3n del cierre no depende solo de la Universidad. La intimidaci\u00f3n niega su naturaleza, afirm\u00f3 el rector\u201d. \u201cLos asesinatos de Hugo Jaramillo, administrador de la cafeter\u00eda de derecho, y de Gustavo Marulanda, l\u00edder estudiantil, acentuaron la crisis universitaria, agravada desde comienzos de a\u00f1o con el atentado dinamitero en la rector\u00eda y el posterior asesinato del investigador Hern\u00e1n Henao. Para el rector Jaime Restrepo Cuartas, el centro acad\u00e9mico debe permanecer abierto, aunque advierte que ello depende del compromiso de los actores armados de no realizar m\u00e1s actos violentos dentro del campus universitario y del apoyo de la comunidad acad\u00e9mica y de la sociedad antioque\u00f1a en general\u201d. En la entrevista, el rector Jaime Cuartas afirma que: \u201cLos actores del conflicto armado en Colombia han considerado que la universidad es un territorio y se lo est\u00e1n disputando. Los actos de violencia de los \u00faltimos d\u00edas responden a esa pugna. Los asesinatos que se han cometido as\u00ed parecen confirmarlo (&#8230;) Nosotros aprovechamos todas las muertes, indistintamente de quien las cometa. Por supuesto, condeno y censur\u00f3 la actuaci\u00f3n de ese grupo armado y la de cualquier otro grupo armado dentro del Alma Mater\u201d. A la pregunta de si se reuni\u00f3 con los estudiantes amenazados el rector responde que: \u201cYo convers\u00e9 con ellos. Les advert\u00ed que el riesgo era inmenso. Les expliqu\u00e9 que la Universidad no ten\u00eda manera de proporcionarles seguridad. Algunos de ellos me pidieron que les permitiera armarse y rechac\u00e9 de inmediato esa propuesta, si yo estoy buscando que en la universidad no haya armas, si yo no las cargo, c\u00f3mo voy a permitir que la gente se arme. En esa oportunidad les dije a ellos que la \u00fanica protecci\u00f3n que uno tiene, y m\u00e1s en la universidad, es evitar los actos de violencia. Y la violencia tambi\u00e9n es amenazar, intimidar, extorsionar y, por su puesto, matar gente y poner bombas\u201d. En adici\u00f3n expone que: No somos amigos de la intervenci\u00f3n, ni siquiera de la presencia de la fuerza p\u00fablica dentro del campus universitario. Creemos en la raz\u00f3n y en el poder del di\u00e1logo (&#8230;) Los asesinatos de los \u00faltimos d\u00edas muestran c\u00f3mo los actores de la guerra siguen conservando ese criterio equivocado de trasladar las acciones de violencia y de guerra al interior de las aulas (&#8230;) La gente a\u00fan est\u00e1 muy indiferente. Algunos piensan que el problema no es con ellos, que ese conflicto es de los dem\u00e1s. Por suerte en el pa\u00eds, mucha gente comenz\u00f3 a expresarse. La poblaci\u00f3n est\u00e1 aburrida, cansada de tanta violencia y est\u00e1 empezando a manifestarse como sector mayoritario, de ah\u00ed las grandes marchas. Lo que hemos tratado en la universidad es que sus otros sectores, mayoritarios, ajenos a la violencia, se expresen; que los estudiantes de las distintas dependencias salgan a defender lo que por derecho les pertenece. Es muy importante que la comunidad entienda que este no es un problema entre un sector de estudiantes y la administraci\u00f3n. Este es un problema de un grupo de violentos contra toda la comunidad (&#8230;) Cuando le pusieron la bomba a la rector\u00eda, la administraci\u00f3n hizo un acto p\u00fablico en el edificio donde estallaron la bomba y la concurrencia fue enorme. Asistieron l\u00edderes de diferentes sectores de la sociedad y, pese a que los violentos trataron de intimidar a los concurrentes lanzando petardos, la gente se mantuvo y exigi\u00f3 un alto en las hostilidades\u201d.<\/p>\n<p>El Gobernador de Antioquia manifest\u00f3 que: De acuerdo con los hechos y previa reuni\u00f3n que haremos con el Consejo Superior y la Secretar\u00eda de Educaci\u00f3n Departamental estaremos evaluando todo lo pertinente a la Universidad, para tratar de evitar un cierre total. Todo esto tiene que ser concertado con profesores, alumnos, personal administrativo y la rector\u00eda, porque no vamos a hacer acciones individuales ni caprichosas. Lo que queremos es consultar con toda la gente y, en especial, con la comunidad educativa que est\u00e1 afectada por esta violencia para conocer su pensamiento y tomar una determinaci\u00f3n definitiva\u201d.<\/p>\n<p><strong>Im\u00e1genes: <\/strong>D53. Fotograf\u00eda a\u00e9rea de la Universidad de Antioquia. Foto: Donaldo Zuluaga.<\/p>\n<p>INFORMACI\u00d3N ANAL\u00cdTICA<\/p>\n<p>Contexto de la noticia: Estados Unidos niega posibilidad de una intervenci\u00f3n militar en Colombia en caso de que fracasen las negociaciones entre las Farc y el gobierno de Andr\u00e9s Pastrana. Igualmente, el canciller colombiano Guillermo Fern\u00e1ndez afirma que una entrevista entre Hugo Ch\u00e1vez y las Farc, solicitada por el primero, ser\u00eda considerado una intromisi\u00f3n en asuntos internos colombianos.<\/p>\n<p>Palabras clave: Cierre administrativo, intimidaci\u00f3n, atentado terrorista, respuestas institucionales, autodefensas, asesinatos selectivos, Gobernador Alberto Builes, Rector Jaime Restrepo, Consejo Superior<\/p>\n<p>Sugerencia de palabras claves: NA<\/p>\n<p>Observaciones: En la noticia se citan algunos de los hechos ocurridos en la Universidad. Entre los cuales est\u00e1n: Asesinatos de profesores, estudiantes y personal interno; amenazadas de grupos de derecha, izquierda o delincuencia com\u00fan; tres asesinatos en tres meses y dos en menos de 48 horas.<\/p>\n<p>Fecha de diligenciamiento: 03\/12\/2018<\/p>\n<h1 style=\"text-align: center;\"><strong>&nbsp;***<\/strong><\/h1>\n<p><strong>N\u00famero de ficha<\/strong>: D54&nbsp;&nbsp;&nbsp;&nbsp;&nbsp;&nbsp;&nbsp;&nbsp;&nbsp;&nbsp;&nbsp;&nbsp;&nbsp;&nbsp;&nbsp;&nbsp;&nbsp;&nbsp;&nbsp;&nbsp;&nbsp;&nbsp;&nbsp;&nbsp;&nbsp;&nbsp;&nbsp;&nbsp;&nbsp;&nbsp;&nbsp;&nbsp;&nbsp;&nbsp;&nbsp;&nbsp;<\/p>\n<p><strong>Diligenciada por: <\/strong>Juan Camilo Parra Restrepo<\/p>\n<p><strong>INFORMACI\u00d3N BIBLIOGR\u00c1FICA<\/strong><\/p>\n<p>Peri\u00f3dico: El Colombiano<\/p>\n<p>Lugar de edici\u00f3n: Medell\u00edn<\/p>\n<p>Autor personal: NA<\/p>\n<p>Autor corporativo: NA<\/p>\n<p>Fecha: 12\/08\/1999<\/p>\n<p>P\u00e1gina: 8A<\/p>\n<p>Secci\u00f3n: Paz y D.H.<\/p>\n<p><strong>Titular: <\/strong>Apertura gradual de la U. de A.<\/p>\n<p><strong>Resumen: <\/strong>El Consejo Superior de la Universidad de Antioquia determin\u00f3 que es necesario realizar una apertura gradual de la misma, de forma que el d\u00eda de publicada la noticia volver\u00edan a labores profesores, trabajadores y personal administrativo y queda pendiente la decisi\u00f3n de apertura para estudiantes. El rector afirma que se har\u00e1 de forma gradual \u201cpara que el profesorado pueda reflexionar, discutir y tomar posici\u00f3n\u201d. En adici\u00f3n, la noticia tiene un apartado que reza as\u00ed: \u201cEntre tanto, ayer se conoci\u00f3 que el estado mayor de las Autodefensas Unidas de Colombia envi\u00f3 un comunicado al gobernador de Antioquia, Alberto Builes Ortega, en su calidad de presidente del Consejo Superior Universitario, donde cuestion\u00f3 algunas situaciones internas de la instituci\u00f3n. Sobre ese mensaje, el rector manifest\u00f3 que \u201ces la opini\u00f3n de ellos. La universidad no est\u00e1 negociando con grupos al margen de la ley sino discutiendo con grupos de estudiantes de los diferentes sectores, no solamente los que ellos acusan ah\u00ed, sino con diferentes grupos, acerca de los problemas de la instituci\u00f3n. Pero en ning\u00fan momento la administraci\u00f3n ha cedido a presiones indebidas sobre cuestiones que sean de principios en el manejo de la instituci\u00f3n. Y eso lo demuestra el hecho de que la universidad haya funcionado en forma normal durante cuatro a\u00f1os largos\u201d. Finalmente, es preciso se\u00f1alar que el Ministro del Interior, N\u00e9stor Humberto Mart\u00ednez Neira, se comprometi\u00f3 a brindar protecci\u00f3n a los estudiantes amenazados.<\/p>\n<p><strong>Im\u00e1genes: <\/strong>NA<\/p>\n<p>INFORMACI\u00d3N ANAL\u00cdTICA<\/p>\n<p>Contexto de la noticia: El presidente de Venezuela, Hugo Ch\u00e1vez, manifiesta su deseo de dialogar con las Farc, lo cual ha causado tensiones en ambos pa\u00edses. Inclusive, miembros de la Asamblea Nacional Constituyente venezolana sugieren no agravar la situaci\u00f3n de la frontera con Colombia. En Colombia se reitera que no est\u00e1n dadas las condiciones para ese di\u00e1logo ni para reconocer beligerancia a las Farc.<\/p>\n<p>Palabras clave: Consejo Superior, cierre administrativo, respuestas institucionales, Rector Jaime Restrepo, Jornadas culturales<\/p>\n<p>Sugerencia de palabras claves: NA<\/p>\n<p>Observaciones: NA<\/p>\n<p>Fecha de diligenciamiento: 03\/12\/2018<\/p>\n<h1 style=\"text-align: center;\"><strong>&nbsp;***<\/strong><\/h1>\n<p><strong>N\u00famero de ficha<\/strong>: D55&nbsp;&nbsp;&nbsp;&nbsp;&nbsp;&nbsp;&nbsp;&nbsp;&nbsp;&nbsp;&nbsp;&nbsp;&nbsp;&nbsp;&nbsp;&nbsp;&nbsp;&nbsp;&nbsp;&nbsp;&nbsp;&nbsp;&nbsp;&nbsp;&nbsp;&nbsp;&nbsp;&nbsp;&nbsp;&nbsp;&nbsp;&nbsp;&nbsp;&nbsp;&nbsp;&nbsp;<\/p>\n<p><strong>Diligenciada por: <\/strong>Juan Camilo Parra Restrepo<\/p>\n<p><strong>INFORMACI\u00d3N BIBLIOGR\u00c1FICA<\/strong><\/p>\n<p>Peri\u00f3dico: El Colombiano<\/p>\n<p>Lugar de edici\u00f3n: Medell\u00edn<\/p>\n<p>Autor personal: NA<\/p>\n<p>Autor corporativo: NA<\/p>\n<p>Fecha: 13\/08\/1999<\/p>\n<p>P\u00e1gina: 9A<\/p>\n<p>Secci\u00f3n: Opini\u00f3n<\/p>\n<p><strong>Titular: <\/strong>El martes reabren la U. de A.<\/p>\n<p><strong>Resumen: <\/strong>\u201cHabr\u00e1 plebiscito para opinar sobre el futuro de la instituci\u00f3n frente al conflicto (&#8230;) Las clases y dem\u00e1s actividades acad\u00e9micas en la Universidad de Antioquia se reanudar\u00e1n el pr\u00f3ximo martes\u201d (17 de agosto de 1999). \u201cLa decisi\u00f3n la tom\u00f3 el Consejo Superior Universitario y ser\u00e1 refrendada hoy por el Consejo Acad\u00e9mico\u201d. \u201cPortavoces autorizados de la instituci\u00f3n informaron que la segunda decisi\u00f3n tomada ayer por el Consejo Superior fue la autorizaci\u00f3n para convocar a un plebiscito que permita conocer el compromiso de todos los estamentos sociales con la Universidad. La idea es lograr que todos se comprometan a trabajar por ese centro de educaci\u00f3n superior y plantearles a los actores que ejercen la violencia que el campus universitario, las personas y todas las actividades que desde all\u00ed se realizan, sean sacadas de la confrontaci\u00f3n\u201d.<\/p>\n<p><strong>Im\u00e1genes: <\/strong>D55. Fotograf\u00eda de la fuente de la universidad. Foto: Manuel Saldarriaga.<\/p>\n<p>INFORMACI\u00d3N ANAL\u00cdTICA<\/p>\n<p>Contexto de la noticia: El presidente Andr\u00e9s Pastrana repudi\u00f3 los hechos ocurridos la semana anterior en la Universidad de Antioquia y manifest\u00f3 que se tienen que adoptar medidas para impedir que el conflicto armado interno llegue al \u00e1mbito acad\u00e9mico.<\/p>\n<p>Palabras clave: Respuestas institucionales, Cierre universitario, Consejo Superior Universitario, Consejo Acad\u00e9mico<\/p>\n<p>Sugerencia de palabras claves: NA<\/p>\n<p>Observaciones: NA<\/p>\n<p>Fecha de diligenciamiento: 03\/12\/2018<\/p>\n<h1 style=\"text-align: center;\"><strong>&nbsp;***<\/strong><\/h1>\n<p><strong>N\u00famero de ficha<\/strong>: D56&nbsp;&nbsp;&nbsp;&nbsp;&nbsp;&nbsp;&nbsp;&nbsp;&nbsp;&nbsp;&nbsp;&nbsp;&nbsp;&nbsp;&nbsp;&nbsp;&nbsp;&nbsp;&nbsp;&nbsp;&nbsp;&nbsp;&nbsp;&nbsp;&nbsp;&nbsp;&nbsp;&nbsp;&nbsp;&nbsp;&nbsp;&nbsp;&nbsp;&nbsp;&nbsp;&nbsp;<\/p>\n<p><strong>Diligenciada por: <\/strong>Juan Camilo Parra Restrepo<\/p>\n<p><strong>INFORMACI\u00d3N BIBLIOGR\u00c1FICA<\/strong><\/p>\n<p>Peri\u00f3dico: El Colombiano<\/p>\n<p>Lugar de edici\u00f3n: Medell\u00edn<\/p>\n<p>Autor personal: NA<\/p>\n<p>Autor corporativo: NA<\/p>\n<p>Fecha: 16\/08\/1999<\/p>\n<p>P\u00e1gina: 7C<\/p>\n<p>Secci\u00f3n: Opini\u00f3n<\/p>\n<p><strong>Titular: <\/strong>Regreso a clases en la U. de A.<\/p>\n<p><strong>Resumen: <\/strong>\u201cLos 22.000 alumnos de la Universidad de Antioquia volver\u00e1n ma\u00f1ana a clases luego de una semana de inactividad, originada por los asesinatos del estudiante Gustavo Marulanda y del administrador de la cafeter\u00eda de la Facultad de Derecho, Hugo \u00c1ngel Jaramillo. Las directivas del centro acad\u00e9mico, las agremiaciones de profesores, los estudiantes y, en general, las autoridades departamentales, se mostraron satisfechas por el regreso a clases en el centro acad\u00e9mico, que hab\u00eda reiniciado labores administrativas el jueves pasado, luego de tres d\u00edas de cierre temporal\u201d. \u201cLas directivas del centro acad\u00e9mico convocaron a la comunidad universitaria para un plebiscito que se realizar\u00e1 el pr\u00f3ximo viernes 20 de agosto, entre las 8:00 a.m. y las 4 p.m., y que busca sondear la mayoritaria posici\u00f3n de quienes desean una universidad abierta y marginada de acciones violentas. Previa identificaci\u00f3n, los trabajadores, empleados, profesores y alumnos responder\u00e1n s\u00ed o no a la pregunta: \u00bfQuiere una Universidad de Antioquia abierta, funcionando, pluralista y sin violencia? El mecanismo dispuesto por las directivas prev\u00e9 la ubicaci\u00f3n de un puesto de votaci\u00f3n en todas las facultades del centro acad\u00e9mico y la participaci\u00f3n de la comunidad antioque\u00f1a en general\u201d<\/p>\n<p><strong>Im\u00e1genes: <\/strong>NA<\/p>\n<p>INFORMACI\u00d3N ANAL\u00cdTICA<\/p>\n<p>Contexto de la noticia: ELN y Farc secuestran al obispo de Tib\u00fa. En el peri\u00f3dico se manifiesta cierta discusi\u00f3n sobre la posibilidad de reconocer beligerancia a las Farc, por parte del Estado colombiano. De igual forma, se encuentra que se realizar\u00e1 una cumbre de madres con Tirofijo.<\/p>\n<p>Palabras clave: Jornadas cultura, Respuestas institucionales, cierre administrativo<\/p>\n<p>Sugerencia de palabras claves: NA<\/p>\n<p>Observaciones: NA<\/p>\n<p>Fecha de diligenciamiento: 13\/12\/2018<\/p>\n<h1 style=\"text-align: center;\"><strong>&nbsp;***<\/strong><\/h1>\n<p><strong>N\u00famero de ficha<\/strong>: D57&nbsp;&nbsp;&nbsp;&nbsp;&nbsp;&nbsp;&nbsp;&nbsp;&nbsp;&nbsp;&nbsp;&nbsp;&nbsp;&nbsp;&nbsp;&nbsp;&nbsp;&nbsp;&nbsp;&nbsp;&nbsp;&nbsp;&nbsp;&nbsp;&nbsp;&nbsp;&nbsp;&nbsp;&nbsp;&nbsp;&nbsp;&nbsp;&nbsp;&nbsp;&nbsp;&nbsp;<\/p>\n<p><strong>Diligenciada por: <\/strong>Juan Camilo Parra Restrepo<\/p>\n<p><strong>INFORMACI\u00d3N BIBLIOGR\u00c1FICA<\/strong><\/p>\n<p>Peri\u00f3dico: El Colombiano<\/p>\n<p>Lugar de edici\u00f3n: Medell\u00edn<\/p>\n<p>Autor personal: NA<\/p>\n<p>Autor corporativo: NA<\/p>\n<p>Fecha: 18\/08\/1999<\/p>\n<p>P\u00e1gina: 2C<\/p>\n<p>Secci\u00f3n: Antioquia<\/p>\n<p><strong>Titular: <\/strong>En la U. de A. volvieron a clase<\/p>\n<p><strong>Resumen: <\/strong>Luego de 8 d\u00edas de cierre administrativo en la Universidad de Antioquia retornaron las clases. Se les inform\u00f3 a los estudiantes que el pr\u00f3ximo viernes 20 de agosto de 1999 se realizar\u00e1 un plebiscito en la Universidad. Se menciona que han aparecido comunicados amenazantes, pero no se menciona cu\u00e1les grupos se atribuyen dicho comunicado. La pregunta del plebiscito ser\u00e1: \u00bfQuieren una Universidad de Antioquia abierta, funcionando, pluralista y sin violencia? El rector Jaime Restrepo Cuartas hizo un llamado a que la universidad sea un espacio plural y sin violencia. Por su parte, en Bogot\u00e1 se reunir\u00e1n rectores de universidades del pa\u00eds y miembros del gabinete nacional para respaldar a la universidad.<\/p>\n<p><strong>Im\u00e1genes: <\/strong>NA<\/p>\n<p>INFORMACI\u00d3N ANAL\u00cdTICA<\/p>\n<p>Contexto de la noticia: El periodista Jaime Garz\u00f3n es asesinado en Bogot\u00e1.<\/p>\n<p>Palabras clave: Respuesta institucional, Cierre administrativo, plebiscito<\/p>\n<p>Sugerencia de palabras claves: Plebiscito<\/p>\n<p>Observaciones: NA<\/p>\n<p>Fecha de diligenciamiento: 27\/12\/2018<\/p>\n<h1 style=\"text-align: center;\"><strong>&nbsp;***<\/strong><\/h1>\n<p><strong>N\u00famero de ficha<\/strong>: D58&nbsp;&nbsp;&nbsp;&nbsp;&nbsp;&nbsp;&nbsp;&nbsp;&nbsp;&nbsp;&nbsp;&nbsp;&nbsp;&nbsp;&nbsp;&nbsp;&nbsp;&nbsp;&nbsp;&nbsp;&nbsp;&nbsp;&nbsp;&nbsp;&nbsp;&nbsp;&nbsp;&nbsp;&nbsp;&nbsp;&nbsp;&nbsp;&nbsp;&nbsp;&nbsp;&nbsp;<\/p>\n<p><strong>Diligenciada por: <\/strong>Juan Camilo Parra Restrepo<\/p>\n<p><strong>INFORMACI\u00d3N BIBLIOGR\u00c1FICA<\/strong><\/p>\n<p>Peri\u00f3dico: El Colombiano<\/p>\n<p>Lugar de edici\u00f3n: Medell\u00edn<\/p>\n<p>Autor personal: NA<\/p>\n<p>Autor corporativo: NA<\/p>\n<p>Fecha: 20\/08\/1999<\/p>\n<p>P\u00e1gina: 2C<\/p>\n<p>Secci\u00f3n: Antioquia<\/p>\n<p><strong>Titular: <\/strong>U de A, hoy a plebiscito<\/p>\n<p><strong>Resumen: <\/strong>\u201c\u00bfQuieren una Universidad de Antioquia abierta, funcionando, pluralista y sin violencia? Es la pregunta que desde ayer y hasta hoy a las 6 de la tarde, las directivas de la Universidad de Antioquia han puesto en consideraci\u00f3n de la comunidad universitaria y del pa\u00eds en general, con el fin de que puedan expresar su deseo y mantener una universidad abierta y sin violencia.<\/p>\n<p>Para responder a la pregunta se idearon dos mecanismos:<\/p>\n<p>Un plebiscito que se realiza hoy desde las 8:00 a.m. hasta las 4:00 p.m. en el cual las 35 mil personas que pertenecen a la universidad entre estudiantes, profesores, personal administrativo y directivos podr\u00e1n acercarse a las urnas, colocadas en cada facultad del claustro acad\u00e9mico para responder s\u00ed o no.<\/p>\n<p>Los decanos de cada facultad nombraron los jurados de votaci\u00f3n y se design\u00f3 una comisi\u00f3n de garant\u00edas y verificaci\u00f3n para asegurar la transparencia del procedimiento.<\/p>\n<p>La segunda opci\u00f3n de participaci\u00f3n es el televoto, para la comunidad en general. Las Empresas P\u00fablicas de Medell\u00edn habilitaron 2 l\u00edneas telef\u00f3nicas (sin costo para que llame).<\/p>\n<p>Al respecto el vicerrector administrativo, Francisco Osorio Giraldo afirm\u00f3 que \u00e9sta \u201ces la oportunidad de todos los antioque\u00f1os de darle masivamente un respaldo a la Universidad de Antioquia\u201d. Igualmente, hizo un llamado a los grupos violentos para que \u201cpiensen que la universidad no es un espacio para la violencia sino para la libertad, la paz y el intercambio de ideas, donde todos tienen derecho a expresar su pensamiento\u201d. Asegur\u00f3 que mantener el Alma Mater funcionando \u201ces crear el lugar que a\u00f1oramos como espacio de paz\u201d.<\/p>\n<p><strong>Im\u00e1genes: <\/strong>NA<\/p>\n<p>INFORMACI\u00d3N ANAL\u00cdTICA<\/p>\n<p>Contexto de la noticia: Mismo contexto de la noticia anterior.<\/p>\n<p>Palabras clave: Respuestas institucionales, jornadas culturales, plebiscito<\/p>\n<p>Sugerencia de palabras claves: NA<\/p>\n<p>Observaciones: NA<\/p>\n<p>Fecha de diligenciamiento: 13\/12\/2018<\/p>\n<h1 style=\"text-align: center;\"><strong>&nbsp;***<\/strong><\/h1>\n<p><strong>N\u00famero de ficha<\/strong>: D59&nbsp;&nbsp;&nbsp;&nbsp;&nbsp;&nbsp;&nbsp;&nbsp;&nbsp;&nbsp;&nbsp;&nbsp;&nbsp;&nbsp;&nbsp;&nbsp;&nbsp;&nbsp;&nbsp;&nbsp;&nbsp;&nbsp;&nbsp;&nbsp;&nbsp;&nbsp;&nbsp;&nbsp;&nbsp;&nbsp;&nbsp;&nbsp;&nbsp;&nbsp;&nbsp;&nbsp;<\/p>\n<p><strong>Diligenciada por: <\/strong>Juan Camilo Parra Restrepo<\/p>\n<p><strong>INFORMACI\u00d3N BIBLIOGR\u00c1FICA<\/strong><\/p>\n<p>Peri\u00f3dico: El Colombiano<\/p>\n<p>Lugar de edici\u00f3n: Medell\u00edn<\/p>\n<p>Autor personal: NA<\/p>\n<p>Autor corporativo: NA<\/p>\n<p>Fecha: 21\/08\/1999<\/p>\n<p>P\u00e1gina: 1C<\/p>\n<p>Secci\u00f3n: Antioquia<\/p>\n<p><strong>Titular:<\/strong> Total respaldo a la U. de A.<\/p>\n<p><strong>Resumen: <\/strong>\u201cA la pregunta: \u00bfQuiero una Universidad de Antioquia abierta, funcionando, pluralista y sin violencia? 12.452 miembros de la comunidad universitaria respondieron s\u00ed, 82 contestaron no y 159 votaron en blanco. Por su parte, 65.573 habitantes del Valle de Aburr\u00e1, que participaron mediante el televoto de las Empresas P\u00fablicas de Medell\u00edn, contestaron s\u00ed y 1.860 respondieron no\u201d. El rector Jaime Restrepo Cuartas manifest\u00f3 que: \u201cPretend\u00edamos, sobre todo, que la apertura de la Universidad estuviera respaldada en la comunidad y que no fuera una decisi\u00f3n inconsulta. Las expectativas, en consecuencia, se cumplieron y estamos muy satisfechos (&#8230;) Lo m\u00e1s importantes es que se sent\u00f3 un precedente que no podr\u00e1n ignorar los actores del conflicto armado. De aqu\u00ed en adelante, los esfuerzos por mantener la Universidad abierta, funcionando, plural y sin violencia son muy grandes y demandan el concurso de todos los que le dieron s\u00ed\u201d. De igual forma, se cita a un directivo, quien dice que: Pocas consultas en el pa\u00eds arrojan \u00edndices de participaci\u00f3n tan altos. La asistencia al plebiscito marca un hito no s\u00f3lo para la Universidad de Antioquia, sino, en general, para la educaci\u00f3n superior del pa\u00eds.<\/p>\n<p>Posterior a ello, se manifiesta el debate que hay dentro de la Universidad al respecto de la coyuntura y los resultados de la jornada de participaci\u00f3n, donde un l\u00edder estudiantil afirma: \u201cEl principio que convoc\u00f3 a la votaci\u00f3n es bueno, sano y necesario, pero no alcanza a resolver los cuestionamientos que acorralan el futuro del Alma Mater. La pregunta despu\u00e9s de conocer los escrutinios es, \u00bfqu\u00e9 vamos a hacer con ese mont\u00f3n de s\u00ed? Y se relata que el rector, Jaime Restrepo Cuartas, \u201cse habr\u00eda reunido con Carlos Casta\u00f1o, jefe de las Autodefensas Unidas de Colombia, AUC, para exigirle a ese grupo armado que no cometa actos violentos en el campus universitario. \u201cHemos realizado algunas conversaciones en los \u00b4\u00faltimos d\u00edas, con el \u00e1nimo de preservar la Universidad de la disputa armada que se viene realizando en el pa\u00eds. Sin embargo, a\u00fan hay otras reuniones que se realizar\u00e1n con los dem\u00e1s actores del conflicto y prefiero esperar a lograr esos acercamientos para expresar los puntos sobre los cuales hemos tenido \u00e9xito.<\/p>\n<p><strong>Im\u00e1genes: <\/strong>D59. Se adjunta fotograf\u00eda de la Universidad y un letrero que dice: Te queremos para un pueblo en paz. Foto: El Colombiano.<\/p>\n<p>INFORMACI\u00d3N ANAL\u00cdTICA<\/p>\n<p>Contexto de la noticia: La Asamblea General de la Asociaci\u00f3n Nacional de Industriales afirma que apoya el Proceso de Paz que adelanta el Gobierno Nacional con las Farc pero que insisten que es necesario realizarles una revisi\u00f3n a algunos procedimientos para evitar su fracaso. Adicional a ello, se dio la primera reuni\u00f3n entre la comisi\u00f3n facilitadora de la sociedad civil y representantes del ELN, quienes explicaron que el encuentro se lleva a cabo en la m\u00e1s absoluta discreci\u00f3n y reserva.<\/p>\n<p>Palabras clave: Rector Jaime Restrepo Cuartas, Acciones de resistencia, actos simb\u00f3licos, Declaratoria de neutralidad o de territorio de paz, respuestas institucionales, Campa\u00f1as de sensibilizaci\u00f3n o denuncia, plebiscito, actores armados, Autodefensas Unidas de Colombia AUC,<\/p>\n<p>Sugerencia de palabras claves: NA<\/p>\n<p>Observaciones: En la noticia se citan algunos comentarios sobre el hecho por parte de estudiantes y profesores, se ense\u00f1an los nombres por si es de inter\u00e9s posterior: Byron Montoya, estudiante de octavo semestre de derecho; Blanca Luc\u00eda Bustamante, profesora de edici\u00f3n; Viviana Salazar, estudiante de d\u00e9cimo semestre de derecho; Omar Moncada, estudiante de octavo semestre de derecho; Eduardo Mesa, estudiante de tercer semestre de biolog\u00eda; Henry Garc\u00eda, historiador y estudiante de segundos semestre de psicolog\u00eda; Liliana Mar\u00eda Fl\u00f3rez, estudiante de octavo semestre de licenciatura en artes pl\u00e1sticas; y Harold Salazar, estudiante de octavo semestre de sociolog\u00eda.<\/p>\n<p>Fecha de diligenciamiento: 13\/12\/2018<\/p>\n<h1 style=\"text-align: center;\"><strong>&nbsp;***<\/strong><\/h1>\n<p><strong>N\u00famero de ficha<\/strong>: D60&nbsp;&nbsp;&nbsp;&nbsp;&nbsp;&nbsp;&nbsp;&nbsp;&nbsp;&nbsp;&nbsp;&nbsp;&nbsp;&nbsp;&nbsp;&nbsp;&nbsp;&nbsp;&nbsp;&nbsp;&nbsp;&nbsp;&nbsp;&nbsp;&nbsp;&nbsp;&nbsp;&nbsp;&nbsp;&nbsp;&nbsp;&nbsp;&nbsp;&nbsp;&nbsp;&nbsp;<\/p>\n<p><strong>Diligenciada por: <\/strong>Juan Camilo Parra Restrepo<\/p>\n<p><strong>INFORMACI\u00d3N BIBLIOGR\u00c1FICA<\/strong><\/p>\n<p>Peri\u00f3dico: El Colombiano<\/p>\n<p>Lugar de edici\u00f3n: Medell\u00edn<\/p>\n<p>Autor personal: NA<\/p>\n<p>Autor corporativo: NA<\/p>\n<p>Fecha: 24\/08\/1999<\/p>\n<p>P\u00e1gina: 9A<\/p>\n<p>Secci\u00f3n: Paz y d.h.<\/p>\n<p><strong>Titular: <\/strong>Rector de la U. de A. se reuni\u00f3 con las AUC<\/p>\n<p><strong>Resumen: <\/strong>\u201cEl rector de la Universidad de Antioquia, Jaime Restrepo Cuartas, se entrevist\u00f3 el pasado jueves con Carlos Casta\u00f1o Gil, jefe de las Autodefensas Unidas de Colombia (AUC), con el fin de buscar que el conflicto armado se mantenga al margen de la instituci\u00f3n educativa. En la reuni\u00f3n tambi\u00e9n particip\u00f3 el Defensor del Pueblo, Jos\u00e9 Fernando Castro. En comunicado a la opini\u00f3n p\u00fablica, el rector se\u00f1al\u00f3 que \u201clas anteriores conversaciones buscan, como \u00fanico prop\u00f3sito, que se respeten las instituciones educativas y, en consecuencia, no se realicen acciones armadas que, en nuestro concepto, impiden que los claustros cumplan su misi\u00f3n esencial y sean verdaderos espacios para la libertad de c\u00e1tedra, de investigaci\u00f3n y de cr\u00edtica, sobre los grandes problemas nacionales, en los cuales la universidad colombiana puede y debe jugar un papel sustancial. Por ello, adem\u00e1s, es imperioso que el tema de las universidades sea incluido en las agendas de paz que acuerden los grupos armados con el Gobierno Nacional (&#8230;) Con este prop\u00f3sito de paz, el rector de la U. de A. tambi\u00e9n ha sostenido encuentros con los voceros del ELN, Antonio Garc\u00eda, Francisco Gal\u00e1n y Felipe Torres, as\u00ed como con Francisco Caraballo, del EPL. As\u00ed mismo, se mostr\u00f3 a la espera de una reuni\u00f3n con Manuel Marulanda V\u00e9lez, vocero de las Farc, tal como lo solicitaron en una carta p\u00fablica en noviembre pasado\u201d.<\/p>\n<p><strong>Im\u00e1genes: <\/strong>NA<\/p>\n<p>INFORMACI\u00d3N ANAL\u00cdTICA<\/p>\n<p>Contexto de la noticia: El pa\u00eds a\u00fan se encuentra afectado por la muerte de Jaime Garz\u00f3n.<\/p>\n<p>Palabras clave: Actores armados, ELN, Farc, EPL, Autodefensas Unidas de Colombia, acciones de resistencia, di\u00e1logo con actores armados, comunicado<\/p>\n<p>Sugerencia de palabras claves: NA<\/p>\n<p>Observaciones: NA<\/p>\n<p>Fecha de diligenciamiento: 27\/12\/2018<\/p>\n<h1 style=\"text-align: center;\"><strong>***<\/strong><\/h1>\n<p><strong>&nbsp;<\/strong><strong style=\"font-size: inherit;\">N\u00famero de ficha<\/strong><span style=\"font-size: inherit;\">: D61&nbsp;&nbsp;&nbsp;&nbsp;&nbsp;&nbsp;&nbsp;&nbsp;&nbsp;&nbsp;&nbsp;&nbsp;&nbsp;&nbsp; &nbsp;&nbsp;&nbsp;&nbsp;&nbsp;&nbsp;&nbsp;&nbsp;&nbsp;&nbsp;&nbsp;&nbsp;&nbsp;&nbsp;&nbsp;&nbsp;&nbsp;&nbsp;&nbsp;&nbsp;&nbsp;&nbsp;<\/span><\/p>\n<p><strong style=\"font-size: inherit;\">Diligenciada por: <\/strong><span style=\"font-size: inherit;\">Juan Camilo Parra Restrepo<\/span><\/p>\n<p><strong>INFORMACI\u00d3N BIBLIOGR\u00c1FICA<\/strong><\/p>\n<p>Peri\u00f3dico: El Colombiano<\/p>\n<p>Lugar de edici\u00f3n: Medell\u00edn<\/p>\n<p>Autor personal: Rafael Aubad L\u00f3pez, Director del Centro de Ciencia y Tecnolog\u00eda de Antioquia<\/p>\n<p>Autor corporativo: NA<\/p>\n<p>Fecha: 13\/09\/1999<\/p>\n<p>P\u00e1gina: 3C<\/p>\n<p>Secci\u00f3n: Antioquia<\/p>\n<p><strong>Titular: <\/strong>Apropiarnos creativamente de lo que es nuestro: La U. de A.<\/p>\n<p><strong>Resumen: <\/strong>El autor de la columna de opini\u00f3n hace un llamado a darle mayor importancia y consideraci\u00f3n p\u00fablica al plebiscito celebrado en la Universidad de Antioquia. \u201cParticularmente, la trascendencia pol\u00edtica que tiene el que cerca de 60 mil ciudadanos hayan respondido a la convocatoria, haciendo propio el que la universidad es un patrimonio de todos los antioque\u00f1os. \u00bfPor qu\u00e9 no convertir esta participaci\u00f3n en el comienzo de un real proceso de apropiaci\u00f3n social de la universidad, como el \u00fanico camino de legitimaci\u00f3n que le es posible? (&#8230;) Y, precisamente, porque la Universidad de Antioquia libra una lucha de a\u00f1os atr\u00e1s por demostrar su pertinencia social, prop\u00f3sito destacable en el contexto de la universidad estatal, es por lo cual el plebiscito deber\u00eda ser el comienzo de una profundizaci\u00f3n de este proceso. Que el ciudadano no sea convocado cuando se presentan los problemas, sino para la construcci\u00f3n y seguimiento del propio Proyecto de Universidad. \u00bfPara qu\u00e9, examine, convocar? Mucho depende la iniciativa de la Universidad y, particularmente, de su capacidad de participaci\u00f3n efectiva y propositiva en la re-construcci\u00f3n de la sociedad colombiana\u201d<\/p>\n<p><strong>Im\u00e1genes: <\/strong>NA<\/p>\n<p>INFORMACI\u00d3N ANAL\u00cdTICA<\/p>\n<p>Contexto de la noticia: Mismo contexto de la ficha anterior.<\/p>\n<p>Palabras clave: Acciones de resistencia, actos simb\u00f3licos, Declaratoria de neutralidad o de territorio de paz, respuestas institucionales, Campa\u00f1as de sensibilizaci\u00f3n o denuncia, plebiscito,<\/p>\n<p>Sugerencia de palabras claves: NA<\/p>\n<p>Observaciones: El texto analizado es una columna de opini\u00f3n, que, si bien no es sobre la violencia o el conflicto en la Universidad, o, incluso, las formas de resistencia, aborda el tema del plebiscito que es consecuencia de las primeras.<\/p>\n<p>Fecha de diligenciamiento: 13\/12\/2018<\/p>\n<h1 style=\"text-align: center;\"><strong>***<\/strong><\/h1>\n<p><strong>N\u00famero de ficha<\/strong>: D62&nbsp;&nbsp;&nbsp;&nbsp;&nbsp;&nbsp;&nbsp;&nbsp;&nbsp;&nbsp;&nbsp;&nbsp;&nbsp;&nbsp;&nbsp;&nbsp;&nbsp;&nbsp;&nbsp;&nbsp;&nbsp;&nbsp;&nbsp;&nbsp;&nbsp;&nbsp;&nbsp;&nbsp;&nbsp;&nbsp;&nbsp;&nbsp;&nbsp;&nbsp;&nbsp;&nbsp;<\/p>\n<p><strong>Diligenciada por: <\/strong>Juan Camilo Parra Restrepo<\/p>\n<p><strong>INFORMACI\u00d3N BIBLIOGR\u00c1FICA<\/strong><\/p>\n<p>Peri\u00f3dico: El Colombiano<\/p>\n<p>Lugar de edici\u00f3n: Medell\u00edn<\/p>\n<p>Autor personal: Edwar Jaramillo y Juan Diego Restrepo E.<\/p>\n<p>Autor corporativo: NA<\/p>\n<p>Fecha: 22\/09\/1999<\/p>\n<p>P\u00e1gina: 9A<\/p>\n<p>Secci\u00f3n: Paz y d.h.<\/p>\n<p><strong>Titular: <\/strong>La U., de la guerra a la reflexi\u00f3n<\/p>\n<p><strong>Resumen: <\/strong>\u201cFrente a las consecuencias del conflicto armado, los centros de estudios superiores estatales est\u00e1n llamados a liderar salidas negociadas para evitar una mayor confrontaci\u00f3n.&nbsp; La confrontaci\u00f3n pol\u00edtica armada est\u00e1 exigi\u00e9ndole a la universidad p\u00fablica una respuesta pol\u00edtica a los actores armados y una mayor participaci\u00f3n en la b\u00fasqueda de propuestas de paz, pues ser\u00e1n las \u00fanicas maneras de hacer respetar su integridad institucional. Las muertes de Jes\u00fas Antonio Bejarano en la Universidad Nacional, en Santaf\u00e9 de Bogot\u00e1, y del profesor Hern\u00e1n Henao, el estudiante Gustavo Marulanda y del administrador de la cafeter\u00eda de derecho, Hugo Jaramillo, en la Universidad de Antioquia, en Medell\u00edn, ocurridas en menos de cuatro meses, adem\u00e1s de las bombas detonadas en ese claustro universitario, dan cuenta de la dif\u00edcil situaci\u00f3n que se vive all\u00ed\u201d. La nota se\u00f1ala como adem\u00e1s en los centros educativos hay amenazas, se\u00f1alamientos y acusaciones de militancia en alguno de los bandos del conflicto, lo cual ha afectado de forma directa la vida institucional.<\/p>\n<p>\u201cEn aulas y pasillos se habla en voz baja del fin de la libertad de c\u00e1tedra y la difusi\u00f3n de investigaciones que representen una posici\u00f3n cr\u00edtica frente a determinados aspectos sociales, as\u00ed como de la falta de espacios para la expresi\u00f3n pol\u00edtica estudiantil, eso sin contar las condiciones de trabajo y estudio bajo una atm\u00f3sfera de miedo, nefasta para la libertad, la creaci\u00f3n y la producci\u00f3n intelectual. De acuerdo con Catalina Reyes, decana de la facultad de Ciencias Humanas y Econ\u00f3micas de la Universidad Nacional, seccional Medell\u00edn, \u201cde la universidad salen voces cr\u00edticas a l que est\u00e1n haciendo los grupos de derecha e izquierda que, obviamente, se vuelven un inconveniente para los grupos que est\u00e1n intensificando la guerra\u201d. Eso la lleva a concluir que es necesario seguir luchando para hacer entender que las instituciones de educaci\u00f3n superior no pueden permanecer como invitadas de piedra en la guerra\u201d.<\/p>\n<p>En otro momento de la noticia se relata c\u00f3mo, para Gonzalo Medina, profesor de la facultad de comunicaciones, la generalizaci\u00f3n del conflicto armado ha implicado que los grupos armados lleven la confrontaci\u00f3n al \u00e1mbito universitario, lo cual impacta la vida institucional. Afirma que en la Universidad \u201cexiste un ambiente de aparente normalidad en las actividades acad\u00e9micas y administrativas, \u201cpero hay un fondo que no permite pensar y reconocer los centros de educaci\u00f3n superior como espacios de debate p\u00fablico y anal\u00edtico de problemas. El ambiente es pesado, tiende al silencio, al cuidado de intervenir en clase y, de alguna manera, se ha restringido el ambiente propicio para una amplia deliberaci\u00f3n\u201d. El profesor afirma que no basta con pedir la exclusi\u00f3n de la universidad del conflicto, sino que se tiene que apuntarle a \u201cque la universidad participe de manera activa en la b\u00fasqueda de salidas negociadas, que otros sectores de la sociedad civil tratan de promover\u201d.<\/p>\n<p>Se citan otros acad\u00e9micos de otros centros educativos, c\u00f3mo Eduardo Dom\u00ednguez, historiador y jefe del Centro de investigaciones de la Universidad Pontificia Bolivariana, quien explica que \u201cel problema que existe en las universidades p\u00fablicas es que hay un cambio de escenario, en el que los j\u00f3venes no quieren la guerra y son decididamente antimilitaristas. De ese cambio, los actores armados no se percataron\u201d.&nbsp; \u201cNadie, refiri\u00e9ndose a las agrupaciones armadas ilegales, \u201cdeclara territorio neutral a la universidad, porque es un baluarte donde tienen intereses particulares (&#8230;)\u201d.<\/p>\n<p>Al final de la noticia aparece una nota titulada \u201cEn la U. de A. el silencio duele\u201d, donde se afirma que \u201cdesde hace varios meses, los viernes en la Universidad de Antioquia se asemejan a los dem\u00e1s d\u00edas de la semana: el rumor de las conversaciones en las cafeter\u00edas, poco de m\u00fasica social en las plazoletas, como era la costumbre y un silencio que los estudiantes describen como opresivo. Esa situaci\u00f3n y muchas otras, evidencian las modificaciones introducidas en la vida cotidiana del Alma Mater por los efectos del conflicto armado, que en tres meses dej\u00f3 tres personas muertas, lo que demuestra su poder para transformar las costumbres de las personas, comunidades e instituciones. Pero, m\u00e1s all\u00e1 de la m\u00fasica, lo que est\u00e1 en juego en la Universidad de Antioquia y, en general, en las instituciones superiores de car\u00e1cter p\u00fablico, convertidas en territorio de guerra, es su estabilidad misma y de quienes hacen parte de la comunidad universitaria\u201d. Entre los testimonios, se mencionan estudiantes que sienten un silencio opresivo que no los deja estudiar, que afirman que el \u00e1nimo en la universidad obedece a la fragilidad de los acuerdos que, ante cualquier eventualidad, podr\u00edan generar un cierre definitivo, o mencionan que tienen que guardar silencio para que quienes acostumbran a desestabilizar la universidad no lo hagan y de esta forma no se llegue al cierre. En cualquier caso, se evidencia un ambiente de silencio, amenaza y limitaci\u00f3n a la libertad de expresi\u00f3n.<\/p>\n<p><strong>Im\u00e1genes: <\/strong>NA<\/p>\n<p>INFORMACI\u00d3N ANAL\u00cdTICA<\/p>\n<p>Contexto de la noticia: El Gobernador de Antioquia anuncia la creaci\u00f3n de una fuerza de tarea conjunta conformada por efectivos de la IV y XIV Brigadas para vigilar la autopista Medell\u00edn-Bogot\u00e1, as\u00ed como la asignaci\u00f3n a esta de 350 agentes de polic\u00eda. En adici\u00f3n, el Ministerio de Defensa anuncia que el departamento de Antioquia, los municipios y los empresarios deber\u00e1n qu\u00e9 financiar gran parte de las medidas de seguridad para restablecer el orden p\u00fablico en la regi\u00f3n.<\/p>\n<p>Palabras clave: Acciones de resistencia, Declaratoria de neutralidad o de territorio de paz, respuestas institucionales, acciones violentas.<\/p>\n<p>Asesinatos selectivos, amenazas,<\/p>\n<p>Sugerencia de palabras claves: Miedo, silencio<\/p>\n<p>Observaciones: NA<\/p>\n<p>Fecha de diligenciamiento: 19\/12\/2018<\/p>\n<h1 style=\"text-align: center;\"><strong>***<\/strong><\/h1>\n<p><strong>N\u00famero de ficha<\/strong>: D63&nbsp;&nbsp;&nbsp;&nbsp;&nbsp;&nbsp;&nbsp;&nbsp;&nbsp;&nbsp;&nbsp;&nbsp;&nbsp;&nbsp;&nbsp;&nbsp;&nbsp;&nbsp;&nbsp;&nbsp;&nbsp;&nbsp;&nbsp;&nbsp;&nbsp;&nbsp;&nbsp;&nbsp;&nbsp;&nbsp;&nbsp;&nbsp;&nbsp;&nbsp;&nbsp;&nbsp;<\/p>\n<p><strong>Diligenciada por: <\/strong>Juan Camilo Parra Restrepo<\/p>\n<p><strong>INFORMACI\u00d3N BIBLIOGR\u00c1FICA<\/strong><\/p>\n<p>Peri\u00f3dico: El Colombiano<\/p>\n<p>Lugar de edici\u00f3n: Medell\u00edn<\/p>\n<p>Autor personal: NA<\/p>\n<p>Autor corporativo: NA<\/p>\n<p>Fecha: 26\/01\/2000<\/p>\n<p>P\u00e1gina: 4A<\/p>\n<p>Secci\u00f3n: Opini\u00f3n<\/p>\n<p><strong>Titular: <\/strong>U. de A., territorio de paz<\/p>\n<p><strong>Resumen: <\/strong>\u201cDirectivas, profesores y estudiantes de la Universidad de Antioquia regresan poco a poco a las aulas, esperanzados de que los actores del conflicto los excluyan de la confrontaci\u00f3n. Es un centro donde priman el conocimiento, la ciencia y la reflexi\u00f3n, que impulsa la tolerancia, el respeto y la discusi\u00f3n pol\u00edtica\u201d.<\/p>\n<p><strong>Im\u00e1genes: <\/strong>D63. Se adjunta fotograf\u00eda de dos estudiantes de la Universidad en la plaza central. Foto: Jorge Zuleta.<\/p>\n<p>INFORMACI\u00d3N ANAL\u00cdTICA<\/p>\n<p>Contexto de la noticia: Luego de un agitado a\u00f1o para la Universidad de Antioquia, la Universidad abre sus puertas a principio de a\u00f1o como tradicionalmente lo hace. 3 d\u00edas despu\u00e9s de la noticia empiezan los di\u00e1logos entre las Farc y el Gobierno Nacional, d\u00edas antes el grupo guerrillero se re\u00fane con el Ministro de Hacienda para discutir los costos de la paz. En adici\u00f3n, el pa\u00eds condena las voladuras de torres de energ\u00eda en ocurridas en territorio nacional. Ayer (25 de enero) 4 millones de personas apagaron las luces en la noche para protestar de manera simb\u00f3lica. El apag\u00f3n fue liderado por el movimiento No M\u00e1s.<\/p>\n<p>Palabras clave: Acciones de resistencia, Declaratoria de neutralidad o de territorio de paz,<\/p>\n<p>Sugerencia de palabras claves: NA<\/p>\n<p>Observaciones: NA<\/p>\n<p>Fecha de diligenciamiento: 19\/12\/2018<\/p>\n<h1 style=\"text-align: center;\"><strong>***<\/strong><\/h1>\n<p><strong>N\u00famero de ficha<\/strong>: D64&nbsp;&nbsp; &nbsp;&nbsp;&nbsp;&nbsp;&nbsp;&nbsp;&nbsp;&nbsp;&nbsp;&nbsp;&nbsp;&nbsp;&nbsp;&nbsp;&nbsp;&nbsp;&nbsp;&nbsp;&nbsp;&nbsp;&nbsp;&nbsp;&nbsp;&nbsp;&nbsp;&nbsp;&nbsp;&nbsp;&nbsp;&nbsp;&nbsp;&nbsp;&nbsp;&nbsp;<\/p>\n<p><strong>Diligenciada por: <\/strong>Juan Camilo Parra Restrepo<\/p>\n<p><strong>INFORMACI\u00d3N BIBLIOGR\u00c1FICA<\/strong><\/p>\n<p>Peri\u00f3dico: El Colombiano<\/p>\n<p>Lugar de edici\u00f3n: Medell\u00edn<\/p>\n<p>Autor personal: NA<\/p>\n<p>Autor corporativo: NA<\/p>\n<p>Fecha:&nbsp; 22\/03\/2000<\/p>\n<p>P\u00e1gina: 4D<\/p>\n<p>Secci\u00f3n: \u00daltima hora<\/p>\n<p><strong>Titular: <\/strong>Polic\u00eda advierte sobre pago de extorsiones en la U. de A.<\/p>\n<p><strong>Resumen: <\/strong>En la noticia se explica que dentro de la Universidad de Antioquia se estar\u00edan cobrando extorsiones. Esta acci\u00f3n es realizada por delincuentes que se hacen pasar por miembros de las Autodefensas Unidas de Colombia, quienes han enviado cartas amenazantes contra profesores. El General Luis Alfredo Rodr\u00edguez P\u00e9rez, comandante de la Polic\u00eda Metropolitana del Valle de Aburr\u00e1, explica que estos grupos se aprovechan del miedo de la ciudadan\u00eda. Al respecto, las Autodefensas Unidas de Colombia, mediante un comunicado, que es reproducido en la noticia, niegan su responsabilidad en los hechos e invitan a las personas extorsionadas a denunciar.<\/p>\n<p><strong>Im\u00e1genes: <\/strong>NA<\/p>\n<p>INFORMACI\u00d3N ANAL\u00cdTICA<\/p>\n<p>Contexto de la noticia: En t\u00e9rminos generales el contexto de mueve en relaci\u00f3n a varios asuntos: 1) Las Autodefensas Unidas de Colombia buscan el, reconocimiento de su estatus pol\u00edtico y vincularse al proceso de paz. Afirmando, incluso, la posibilidad de retirar sus efectivos del \u00e1rea rural del Municipio de Tiquisio, centro de Departamento de Bol\u00edvar, para que all\u00ed se realice la convenci\u00f3n nacional del ELN. 2) Hay una crisis en el sistema el\u00e9ctrico nacional ante 11 torres derribadas, la subestaci\u00f3n de El Pe\u00f1ol destruida por el ELN y 14 circuitos por fuera del sistema. Hay peque\u00f1os apagones. 3) El asesinato del alcalde de Concepci\u00f3n, H\u00e9ctor Osorio Arango, por el Frente Carlos Alirio Buitrago del ELN genera indignaci\u00f3n.<\/p>\n<p>Palabras clave: Amenaza<\/p>\n<p>Sugerencia de palabras claves: Extorsi\u00f3n<\/p>\n<p>Observaciones: NA<\/p>\n<p>Fecha de diligenciamiento: 20\/12\/2018<\/p>\n<h1 style=\"text-align: center;\"><strong>***<\/strong><\/h1>\n<p><strong>N\u00famero de ficha<\/strong>: D65&nbsp;&nbsp;&nbsp;&nbsp;&nbsp;&nbsp;&nbsp;&nbsp;&nbsp;&nbsp;&nbsp;&nbsp;&nbsp;&nbsp;&nbsp;&nbsp;&nbsp;&nbsp;&nbsp;&nbsp;&nbsp;&nbsp;&nbsp;&nbsp;&nbsp;&nbsp;&nbsp;&nbsp;&nbsp;&nbsp;&nbsp;&nbsp;&nbsp;&nbsp;&nbsp;&nbsp;<\/p>\n<p><strong>Diligenciada por: <\/strong>Juan Camilo Parra Restrepo<\/p>\n<p><strong>INFORMACI\u00d3N BIBLIOGR\u00c1FICA<\/strong><\/p>\n<p>Peri\u00f3dico: El Colombiano<\/p>\n<p>Lugar de edici\u00f3n: Medell\u00edn<\/p>\n<p>Autor personal: NA<\/p>\n<p>Autor corporativo: NA<\/p>\n<p>Fecha: 13\/04\/2000<\/p>\n<p>P\u00e1gina: 7A<\/p>\n<p>Secci\u00f3n: Paz y D.H.<\/p>\n<p><strong>Titular: <\/strong>Autodefensas salen de la U. de A.<\/p>\n<p><strong>Resumen: <\/strong>El d\u00eda de ayer (12\/04\/2000) los grupos de autodefensas de la Universidad de Antioquia manifestaron su decisi\u00f3n de desmovilizarse. \u201cEl grupo armado dijo que con este acto busca generar el clima acad\u00e9mico necesario para que pueda darse un debate abierto, pluralista y de calidad en la instituci\u00f3n\u201d. Desde la Universidad de Antioquia se manifiesta la idea como positiva en la medida en que se reducen los actores armados que en ella tienen parte y se asegura que es necesario que dichas acciones sean seguidas por el ELN y las Farc. Las autodefensas en el comunicado le hacen un llamado al gobernador de Antioquia, Alberto Builes, para que solucione la situaci\u00f3n econ\u00f3mica de la U. de A. Parte del comunicado dice as\u00ed: \u201cConscientes de que la paz se recupera con acciones efectivas, nos desmovilizamos como Organizaci\u00f3n de Autodefensas al interior de la Universidad de Antioquia, declarando, el irrenunciable derecho a la leg\u00edtima defensa individual o colectiva\u201d. La noticia finaliza afirmando que en el manifiesto afirman que esperan que las autoridades universitarias sepan garantizar la seguridad de los miembros de la academia \u201cde manera que no se vean abocados a reagruparse\u201d.<\/p>\n<p><strong>Im\u00e1genes: <\/strong>NA<\/p>\n<p>INFORMACI\u00d3N ANAL\u00cdTICA<\/p>\n<p>Contexto de la noticia: El ELN decret\u00f3 una tregua durante 10 d\u00edas con el objetivo de demostrar su voluntad de paz y compromiso con el destino de Colombia. Igualmente, anuncia que liberaran la tripulaci\u00f3n oficial secuestrada el 12 de abril de 1999 en un avi\u00f3n de Avianca.<\/p>\n<p>Palabras clave: Autodefensas Unidas de Colombia, ELN, Farc<\/p>\n<p>Sugerencia de palabras claves: NA<\/p>\n<p>Observaciones: NA<\/p>\n<p>Fecha de diligenciamiento: 20\/12\/2018<\/p>\n<h1 style=\"text-align: center;\"><strong>***<\/strong><\/h1>\n<p><strong>N\u00famero de ficha<\/strong>: D66&nbsp;&nbsp;&nbsp;&nbsp;&nbsp;&nbsp;&nbsp;&nbsp;&nbsp;&nbsp;&nbsp;&nbsp;&nbsp;&nbsp;&nbsp;&nbsp;&nbsp;&nbsp;&nbsp;&nbsp;&nbsp;&nbsp;&nbsp;&nbsp;&nbsp;&nbsp;&nbsp;&nbsp;&nbsp;&nbsp;&nbsp;&nbsp;&nbsp;&nbsp;&nbsp;&nbsp;<\/p>\n<p><strong>Diligenciada por: <\/strong>Juan Camilo Parra Restrepo<\/p>\n<p><strong>INFORMACI\u00d3N BIBLIOGR\u00c1FICA<\/strong><\/p>\n<p>Peri\u00f3dico: El Colombiano<\/p>\n<p>Lugar de edici\u00f3n: Medell\u00edn<\/p>\n<p>Autor personal: NA<\/p>\n<p>Autor corporativo: NA<\/p>\n<p>Fecha: 25\/04\/2000<\/p>\n<p>P\u00e1gina: 3D<\/p>\n<p>Secci\u00f3n: \u00daltima hora.<\/p>\n<p><strong>Titular: <\/strong>Desaparece estudiante de la U. de A.<\/p>\n<p><strong>Resumen: <\/strong>\u201cFamiliares denunciaron la desaparici\u00f3n del estudiante de Historia de la Universidad de Antioquia, Carlos Andr\u00e9s Agudelo Henao, de 23 a\u00f1os de edad, quien hab\u00eda viajado con su madre desde Medell\u00edn para pasar la Semana Santa en casa de sus abuelos, en el corregimiento Damasco, de Santa B\u00e1rbara. Seg\u00fan indicaron, Agudelo Henao fue sacado de su vivienda la noche del Viernes Santo por seis desconocidos que preguntaban por otro hombre que, seg\u00fan ellos, guardaba un cargamento de armas. Al no hallar a la persona que buscaban se llevaron al universitario, a quien montaron en una camioneta cuatro puertas, en la que escaparon\u201d.<\/p>\n<p><strong>Im\u00e1genes: <\/strong>NA<\/p>\n<p>INFORMACI\u00d3N ANAL\u00cdTICA<\/p>\n<p>Contexto de la noticia: Las Fuerzas Armadas Revolucionarias anuncian que har\u00e1n oficial el Movimiento Bolivariano de la Nueva Colombia, a trav\u00e9s de los cuales dar\u00e1n a conocer sus posiciones frente a diversos temas de la agenda nacional.<\/p>\n<p>Palabras clave: Secuestro.<\/p>\n<p>Sugerencia de palabras claves: NA.<\/p>\n<p>Observaciones: NA.<\/p>\n<p>Fecha de diligenciamiento: 28\/12\/2018<\/p>\n<h1 style=\"text-align: center;\"><strong>***<\/strong><\/h1>\n<p><strong>&nbsp;<\/strong><strong style=\"font-size: inherit;\">N\u00famero de ficha<\/strong><span style=\"font-size: inherit;\">: D67&nbsp;&nbsp;&nbsp;&nbsp;&nbsp;&nbsp;&nbsp;&nbsp;&nbsp;&nbsp;&nbsp;&nbsp;&nbsp;&nbsp;&nbsp;&nbsp;&nbsp;&nbsp;&nbsp;&nbsp;&nbsp;&nbsp;&nbsp;&nbsp;&nbsp;&nbsp;&nbsp;&nbsp;&nbsp;&nbsp;&nbsp;&nbsp;&nbsp;&nbsp;&nbsp;&nbsp; <\/span><\/p>\n<p><strong style=\"font-size: inherit;\">Diligenciada por: <\/strong><span style=\"font-size: inherit;\">Juan Camilo Parra Restrepo<\/span><\/p>\n<p><strong>INFORMACI\u00d3N BIBLIOGR\u00c1FICA<\/strong><\/p>\n<p>Peri\u00f3dico: El Colombiano<\/p>\n<p>Lugar de edici\u00f3n: Medell\u00edn<\/p>\n<p>Autor personal: NA<\/p>\n<p>Autor corporativo: NA<\/p>\n<p>Fecha: 12\/05\/2000<\/p>\n<p>P\u00e1gina: 8A<\/p>\n<p>Secci\u00f3n: Paz y d.h.<\/p>\n<p><strong>Titular: <\/strong>U. de A. reclama por desaparici\u00f3n de estudiantes<\/p>\n<p><strong>Resumen: <\/strong>\u201cEl Consejo Acad\u00e9mico de la Universidad de Antioquia conden\u00f3 el asesinato Luz Adriana Aranguren, estudiante de Biolog\u00eda, quien presentaba se\u00f1ales de tortura; y las desapariciones del profesor de la Facultad de Medicina, Javier Correa; y Carlos Andr\u00e9s Agudelo Henao, estudiante de Historia. Por su parte, los estudiantes y empleados del Alma Mater, que conforman el comit\u00e9 de solidaridad con Carlos Andr\u00e9s, realizar\u00e1n hoy una \u201cTarde de Cometas\u201d. Ellos, solicitan a sus captores respetar su vida y que vuelva pronto al lado de sus seres queridos\u201d.<\/p>\n<p><strong>Im\u00e1genes: <\/strong>NA<\/p>\n<p>INFORMACI\u00d3N ANAL\u00cdTICA<\/p>\n<p>Contexto de la noticia: La situaci\u00f3n de orden p\u00fablico se agrava en el Cauca, luego de que las Autodefensas Unidas de Colombia realizar\u00e1n una masacre en dicho departamento y, adem\u00e1s, afirmaron que conoc\u00edan de los v\u00ednculos del gobernador con las Farc y el ELN.<\/p>\n<p>Palabras clave: Acciones violentas, Secuestro, asesinato selectivo.<\/p>\n<p>Sugerencia de palabras claves: Tortura<\/p>\n<p>Observaciones: NA<\/p>\n<p>Fecha de diligenciamiento: 25\/12\/2018<\/p>\n<h1 style=\"text-align: center;\"><strong>***<\/strong><\/h1>\n<p><strong style=\"font-size: inherit;\">N\u00famero de ficha<\/strong><span style=\"font-size: inherit;\">: D68&nbsp;&nbsp;&nbsp;&nbsp;&nbsp;&nbsp;&nbsp;&nbsp;&nbsp;&nbsp;&nbsp;&nbsp;&nbsp;&nbsp;&nbsp;&nbsp;&nbsp;&nbsp;&nbsp;&nbsp;&nbsp;&nbsp;&nbsp;&nbsp;&nbsp;&nbsp;&nbsp;&nbsp;&nbsp;&nbsp;&nbsp;&nbsp;&nbsp;&nbsp;&nbsp;&nbsp; <\/span><\/p>\n<p><strong style=\"font-size: inherit;\">Diligenciada por: <\/strong><span style=\"font-size: inherit;\">Juan Camilo Parra Restrepo<\/span><\/p>\n<p><strong>INFORMACI\u00d3N BIBLIOGR\u00c1FICA<\/strong><\/p>\n<p>Peri\u00f3dico: El Colombiano<\/p>\n<p>Lugar de edici\u00f3n: Medell\u00edn<\/p>\n<p>Autor personal: NA<\/p>\n<p>Autor corporativo: NA<\/p>\n<p>Fecha: 16\/07\/2000<\/p>\n<p>P\u00e1gina: 11A<\/p>\n<p>Secci\u00f3n: \u00daltima hora<\/p>\n<p><strong>Titular: <\/strong>Fiscal\u00eda pide condena por crimen de Valle<\/p>\n<p><strong>Resumen: <\/strong>La Fiscal\u00eda General de la Naci\u00f3n pidi\u00f3 sentencia condenatoria contra las diez personas enjuiciadas como presuntas autoras intelectuales y materiales del crimen del abogado y defensor de derechos humanos, Jes\u00fas Mar\u00eda Valle Jaramillo, ocurrido en Medell\u00edn el 27 de febrero de 1998. Se menciona entre los acusados como personas ausentes a Carlos Casta\u00f1o Gil, l\u00edder de las Autodefensas Unidas de Colombia, y los ex guerrilleros del EPL, Jorge Eli\u00e9cer Rodr\u00edguez Guzm\u00e1n y \u00c1lvaro G\u00f3mez Mesa. Los detenidos son: Jaime Alberto Angulo Osorio, Francisco Antonio Angulo Osorio, Omar Tob\u00f3n Echeverri, Elkin Dar\u00edo Granada L\u00f3pez, Alex Vallejo Echeverri, Carlos Alberto Bedoya y Gilma Patricia Gavilla Palacio. La Fiscal\u00eda considera que existen pruebas suficientes para responsabilizar a los procesados como autores intelectuales y materiales del crimen. Y, se asegura, que es definitivo que Carlos Casta\u00f1o se encuentra \u201cdetr\u00e1s\u201d del homicidio.<\/p>\n<p><strong>Im\u00e1genes: <\/strong>NA<\/p>\n<p>INFORMACI\u00d3N ANAL\u00cdTICA<\/p>\n<p>Contexto de la noticia: ELN prepara liberaci\u00f3n del congresista antioque\u00f1o Ernesto Mesa. En Cartagena se realiza la cumbe del Grupo de R\u00edo.<\/p>\n<p>Palabras clave: Acciones violentas, Asesinato selectivo, Actores armados, Autodefensas Unidas de Colombia, EPL<\/p>\n<p>Sugerencia de palabras claves: NA<\/p>\n<p>Observaciones: NA<\/p>\n<p>Fecha de diligenciamiento: 20\/12\/2018<\/p>\n<h1 style=\"text-align: center;\"><strong>***<\/strong><\/h1>\n<p><strong>N\u00famero de ficha<\/strong>: D69&nbsp;&nbsp;&nbsp;&nbsp;&nbsp;&nbsp;&nbsp;&nbsp;&nbsp;&nbsp;&nbsp;&nbsp;&nbsp;&nbsp;&nbsp;&nbsp;&nbsp;&nbsp;&nbsp;&nbsp;&nbsp;&nbsp;&nbsp;&nbsp;&nbsp;&nbsp;&nbsp;&nbsp;&nbsp;&nbsp;&nbsp;&nbsp;&nbsp;&nbsp;&nbsp;&nbsp;<\/p>\n<p><strong>Diligenciada por: <\/strong>Juan Camilo Parra Restrepo<\/p>\n<p><strong>INFORMACI\u00d3N BIBLIOGR\u00c1FICA<\/strong><\/p>\n<p>Peri\u00f3dico: El Colombiano<\/p>\n<p>Lugar de edici\u00f3n: Medell\u00edn<\/p>\n<p>Autor personal: NA<\/p>\n<p>Autor corporativo: NA<\/p>\n<p>Fecha: 03\/08\/2000<\/p>\n<p>P\u00e1gina: 3<\/p>\n<p>Secci\u00f3n: Tema del d\u00eda<\/p>\n<p><strong>Titular: <\/strong>El paro ser\u00e1 pac\u00edfico<\/p>\n<p><strong>Resumen: <\/strong>Las centrales obreras del pa\u00eds convocaron a un paro de 24 horas por la pol\u00edtica econ\u00f3mica y social que promueve el Gobierno Nacional. Sin contar con el apoyo de transportadores, empresarios y gremios de la producci\u00f3n, el paro ser\u00e1 realizado por el magisterio, los trabajadores estatales y los de salud. Los profesores de la Universidad de Antioquia realizar\u00e1n, en conjunto con los de la Nacional, \u201cuna jornada de reflexi\u00f3n en la Cl\u00ednica Le\u00f3n XIII, del ISS, y a las cuatro de la tarde marchar\u00e1n hacia el Parque Berr\u00edo\u201d.<\/p>\n<p><strong>Im\u00e1genes: <\/strong>NA<\/p>\n<p>INFORMACI\u00d3N ANAL\u00cdTICA<\/p>\n<p>Contexto de la noticia: En Venezuela fue electo Hugo Ch\u00e1vez como presidente de la Rep\u00fablica.<\/p>\n<p>Palabras clave: Jornada culturales, movilizaci\u00f3n social<\/p>\n<p>Sugerencia de palabras claves: Marcha<\/p>\n<p>Observaciones: NA<\/p>\n<p>Fecha de diligenciamiento: 28\/12\/2018<\/p>\n<h1 style=\"text-align: center;\"><strong>***<\/strong><\/h1>\n<p><strong style=\"font-size: inherit;\">N\u00famero de ficha<\/strong><span style=\"font-size: inherit;\">: D70&nbsp;&nbsp;&nbsp;&nbsp;&nbsp;&nbsp;&nbsp;&nbsp;&nbsp;&nbsp;&nbsp;&nbsp;&nbsp;&nbsp;&nbsp;&nbsp;&nbsp;&nbsp;&nbsp;&nbsp;&nbsp;&nbsp;&nbsp;&nbsp;&nbsp;&nbsp;&nbsp;&nbsp;&nbsp;&nbsp;&nbsp;&nbsp;&nbsp;&nbsp;&nbsp;&nbsp; <\/span><\/p>\n<p><strong style=\"font-size: inherit;\">Diligenciada por: <\/strong><span style=\"font-size: inherit;\">Juan Camilo Parra Restrepo<\/span><\/p>\n<p><strong>INFORMACI\u00d3N BIBLIOGR\u00c1FICA<\/strong><\/p>\n<p>Peri\u00f3dico: El Colombiano<\/p>\n<p>Lugar de edici\u00f3n: Medell\u00edn<\/p>\n<p>Autor personal: NA<\/p>\n<p>Autor corporativo: NA<\/p>\n<p>Fecha: 07\/08\/2000<\/p>\n<p>P\u00e1gina: 4D<\/p>\n<p>Secci\u00f3n: 24 horas<\/p>\n<p><strong>Titular: <\/strong>Disturbios en la U. de A.<\/p>\n<p><strong>Resumen: <\/strong>La Universidad de Antioquia fue centro de fuertes disturbios, que dejaron una oficina destruida y una buseta incinerada. A las 8:00 a.m. un grupo de encapuchados se tom\u00f3 los alrededores de la ciudadela, generando da\u00f1os en la oficina de seguridad y quemando una buseta de la empresa Bellanita de Transportes. El Movimiento Bolivariano Nueva Colombia se atribuy\u00f3 los hechos y explic\u00f3 que lo hizo como protesta por \u201cla realidad que vive el pa\u00eds, el Plan Colombia y la posici\u00f3n de la Universidad en el conflicto. Adem\u00e1s, por el asesinato del estudiante Gustavo Marulanda y la presencia en el Alma Mater de la empresa Miro Seguridad\u201d. Finalmente, en la noticia se afirma que \u201cmientras esto ocurr\u00eda, los estudiantes que se encontraban en la universidad, hicieron presencia silenciosa en cada una de las puertas, como una manera de reclamar su derecho a ingresar pac\u00edficamente al campus\u201d.<\/p>\n<p><strong>Im\u00e1genes: <\/strong>NA.<\/p>\n<p>INFORMACI\u00d3N ANAL\u00cdTICA<\/p>\n<p>Contexto de la noticia: El Presidente de Estados Unidos, Bill Clinton, anunci\u00f3 una visita a Colombia. Espec\u00edficamente a Cartagena el 30 de agosto. Las Farc critican su visita y lo invitan a la zona de distensi\u00f3n.<\/p>\n<p>Palabras clave: Acciones contestatarias, Tropel, Movimiento Bolivariano de la Nueva Colombia<\/p>\n<p>Sugerencia de palabras claves: NA<\/p>\n<p>Observaciones: NA<\/p>\n<p>Fecha de diligenciamiento: 20\/12\/2018<\/p>\n<h1 style=\"text-align: center;\"><strong>***<\/strong><\/h1>\n<p><strong>N\u00famero de ficha<\/strong>: D71&nbsp; &nbsp; &nbsp; &nbsp; &nbsp; &nbsp; &nbsp; &nbsp; &nbsp; &nbsp; &nbsp; &nbsp; &nbsp; &nbsp; &nbsp; &nbsp; &nbsp; &nbsp; &nbsp;<\/p>\n<p><strong>Diligenciada por: <\/strong>Juan Camilo Parra Restrepo<\/p>\n<p><strong>INFORMACI\u00d3N BIBLIOGR\u00c1FICA<\/strong><\/p>\n<p>Peri\u00f3dico: El Colombiano<\/p>\n<p>Lugar de edici\u00f3n: Medell\u00edn<\/p>\n<p>Autor personal: NA<\/p>\n<p>Autor corporativo: NA<\/p>\n<p>Fecha: 12\/08\/2000<\/p>\n<p>P\u00e1gina: 3<\/p>\n<p>Secci\u00f3n: Tema del d\u00eda<\/p>\n<p><strong>Titular: <\/strong>Cient\u00edficos, a la libertad<\/p>\n<p><strong>Resumen: <\/strong>Una misi\u00f3n cient\u00edfica compuesta por 26 personas fue liberada por el ELN en el Oriente Antioque\u00f1o, entre las personas secuestradas hab\u00eda miembros de la Universidad de Antioquia, como Manuel Pe\u00f1a Restrepo, bi\u00f3logo de la misma.<\/p>\n<p><strong>Im\u00e1genes: <\/strong>NA<\/p>\n<p>INFORMACI\u00d3N ANAL\u00cdTICA<\/p>\n<p>Contexto de la noticia: El ELN anunci\u00f3 fin del paro armado que ven\u00eda realizando en el pa\u00eds.<\/p>\n<p>Palabras clave: Secuestro<\/p>\n<p>Sugerencia de palabras claves: NA<\/p>\n<p>Observaciones: En la p\u00e1gina 12 aparece una nota en la cual se relata que ADIDA, Asociaci\u00f3n de Institutores de Antioquia, pidi\u00f3 a la Procuradur\u00eda, la Defensor\u00eda del Pueblo y al Gobierno acciones urgentes para garantizar el ejercicio de la profesi\u00f3n docente y la vida de los educadores. Seg\u00fan el ente, desde 1987 han sido asesinados 150 docentes en Antioquia, de igual forma en lo que va del 2000 han sido amenazados 80 profesores del departamento.<\/p>\n<p>Fecha de diligenciamiento: 29\/12\/2018<\/p>\n<h1 style=\"text-align: center;\">***<\/h1>\n<p><strong>N\u00famero de ficha<\/strong>: D72&nbsp;&nbsp;&nbsp;&nbsp;&nbsp;&nbsp;&nbsp;&nbsp;&nbsp;&nbsp;&nbsp;&nbsp;&nbsp;&nbsp;&nbsp;&nbsp;&nbsp;&nbsp;&nbsp;&nbsp;&nbsp;&nbsp;&nbsp;&nbsp;&nbsp;&nbsp;&nbsp;&nbsp;&nbsp;&nbsp;&nbsp;&nbsp;&nbsp;&nbsp;&nbsp;&nbsp;<\/p>\n<p><strong>Diligenciada por: <\/strong>Juan Camilo Parra Restrepo<\/p>\n<p><strong>INFORMACI\u00d3N BIBLIOGR\u00c1FICA<\/strong><\/p>\n<p>Peri\u00f3dico: El Colombiano<\/p>\n<p>Lugar de edici\u00f3n: Medell\u00edn<\/p>\n<p>Autor personal: NA<\/p>\n<p>Autor corporativo: NA<\/p>\n<p>Fecha: 30\/08\/2000<\/p>\n<p>P\u00e1gina: 2<\/p>\n<p>Secci\u00f3n: Colombia<\/p>\n<p><strong>Titular:<\/strong> Guerrilla atac\u00f3 en varias regiones<\/p>\n<p><strong>Resumen: <\/strong>\u201cDesde las 8:40 de la ma\u00f1ana hasta el mediod\u00eda, un grupo de encapuchados se tom\u00f3 ayer la porter\u00eda de Barranquilla, de la Universidad de Antioquia, en rechazo a la visita de Clinton a Cartagena. Como medida preventiva, la universidad cerrar\u00e1 sus puertas hoy\u201d.<\/p>\n<p><strong>Im\u00e1genes: <\/strong>NA.<\/p>\n<p>INFORMACI\u00d3N ANAL\u00cdTICA<\/p>\n<p>Contexto de la noticia: En su visita a Colombia el presidente de Estados Unidos, Bill Clinton, manifest\u00f3 su apoyo al Plan Colombia.<\/p>\n<p>Palabras clave: Cierre administrativo<\/p>\n<p>Sugerencia de palabras claves: Toma de lugar<\/p>\n<p>Observaciones: NA.<\/p>\n<p>Fecha de diligenciamiento: 29\/12\/2018<\/p>\n<h1 style=\"text-align: center;\">***<\/h1>\n<p><strong>N\u00famero de ficha<\/strong>: D73&nbsp;&nbsp;&nbsp;&nbsp;&nbsp;&nbsp;&nbsp;&nbsp;&nbsp;&nbsp;&nbsp;&nbsp;&nbsp;&nbsp;&nbsp;&nbsp;&nbsp;&nbsp;&nbsp;&nbsp;&nbsp;&nbsp;&nbsp;&nbsp;&nbsp;&nbsp;&nbsp;&nbsp;&nbsp;&nbsp;&nbsp;&nbsp;&nbsp;&nbsp;&nbsp;&nbsp;<\/p>\n<p><strong>Diligenciada por: <\/strong>Juan Camilo Parra Restrepo<\/p>\n<p><strong>INFORMACI\u00d3N BIBLIOGR\u00c1FICA<\/strong><\/p>\n<p>Peri\u00f3dico: El Colombiano<\/p>\n<p>Lugar de edici\u00f3n: Medell\u00edn<\/p>\n<p>Autor personal: NA<\/p>\n<p>Autor corporativo: NA<\/p>\n<p>Fecha: 01\/09\/2000<\/p>\n<p>P\u00e1gina: 9A<\/p>\n<p>Secci\u00f3n: Colombia<\/p>\n<p><strong>Titular: <\/strong>Natalia, la nueva v\u00edctima inocente<\/p>\n<p><strong>Resumen: <\/strong>Un patrullero de la Polic\u00eda muri\u00f3 asesinado en la Universidad Nacional sede Bogot\u00e1. En el marco de dicha noticia se publica una nota titulada: La guerra va a la U. En donde se relata que: \u201cEl conflicto armado que vive el pa\u00eds no ha estado ausente de los claustros universitarios y as\u00ed como tampoco han escapado docentes y estudiantes a la muerte violenta fuera de ellos, la violencia se ha hecho presente en los lugares dedicados al conocimiento y la educaci\u00f3n. El sufrimiento de la Universidad de Antioquia es prueba de ello. El 30 de abril de 1998, y al parecer por asaltarlo, fue asesinado el profesor Rafael Caldas Z\u00e1rate. El educador estuvo vinculado al Departamento de Qu\u00edmica Farmac\u00e9utica y dict\u00f3 c\u00e1tedra en la Facultad de Medicina, as\u00ed como en el Departamento de Biolog\u00eda. El 04 de mayo de 1999, fue asesinado el director del Instituto de Estudios Regionales (Iner) en la Universidad de Antioquia, Hern\u00e1n Henao. Fue acribillado en su oficina del campus universitario. Gustavo Marulanda, dirigente estudiantil en la U. de A. encontr\u00f3 la muerte el 4 de agosto del a\u00f1o pasado, baleado cuando entraba a las instalaciones de la Universidad. El crimen fue atribuido a grupos paramilitares.<\/p>\n<p><strong>Im\u00e1genes: <\/strong>D73. Fotograf\u00eda de un encapuchado en la Universidad de Antioquia. Foto: Jes\u00fas Abad Colorado.<\/p>\n<p>INFORMACI\u00d3N ANAL\u00cdTICA<\/p>\n<p>Contexto de la noticia: Los miembros del Mandato Ciudadano por la Paz propusieron al gobierno nacional y las Farc una tregua de 6 meses que cada una decrete de forma unilateral, como gesto de buena voluntad.<\/p>\n<p>Palabras clave: Asesinato selectivo<\/p>\n<p>Sugerencia de palabras claves: NA.<\/p>\n<p>Observaciones: NA.<\/p>\n<p>Fecha de diligenciamiento: 29\/12\/2018<\/p>\n<h1 style=\"text-align: center;\">***<\/h1>\n<p><strong>N\u00famero de ficha<\/strong>: D74&nbsp;&nbsp;&nbsp;&nbsp;&nbsp;&nbsp;&nbsp;&nbsp;&nbsp;&nbsp;&nbsp;&nbsp;&nbsp;&nbsp;&nbsp;&nbsp;&nbsp;&nbsp;&nbsp;&nbsp;&nbsp;&nbsp;&nbsp;&nbsp;&nbsp;&nbsp;&nbsp;&nbsp;&nbsp;&nbsp;&nbsp;&nbsp;&nbsp;&nbsp;&nbsp;&nbsp;<\/p>\n<p><strong>Diligenciada por: <\/strong>Juan Camilo Parra Restrepo<\/p>\n<p><strong>INFORMACI\u00d3N BIBLIOGR\u00c1FICA<\/strong><\/p>\n<p>Peri\u00f3dico: El Colombiano<\/p>\n<p>Lugar de edici\u00f3n: Medell\u00edn<\/p>\n<p>Autor personal: NA<\/p>\n<p>Autor corporativo: NA<\/p>\n<p>Fecha: 03\/09\/2000<\/p>\n<p>P\u00e1gina: 3<\/p>\n<p>Secci\u00f3n: Tema de d\u00eda<\/p>\n<p><strong>Titular: <\/strong>La Universidad en el centro de la violencia<\/p>\n<p><strong>Resumen: <\/strong>El asesinato de un agente de polic\u00eda con una papa explosiva en la Universidad Nacional abre un debate sobre la situaci\u00f3n de orden p\u00fablico y la autonom\u00eda universitaria. En la noticia se relata que las universidades se han convertido en un campo de batalla, se afirma que \u201cla guerra pol\u00edtica y com\u00fan invade hoy los claustros. Desde la Universidad del Rosario se afirma que la Universidad no es ajena a la situaci\u00f3n del pa\u00eds, declaraci\u00f3n que contrasta con la dada por la Universidad Nacional que afirma que este hecho no significa que la universidad est\u00e9 desbordada y absorbida por el conflicto armado.<\/p>\n<p><strong>Im\u00e1genes: <\/strong>NA<\/p>\n<p>INFORMACI\u00d3N ANAL\u00cdTICA<\/p>\n<p>Contexto de la noticia: Miembros del mandato ciudadano por la paz propusieron ayer (02\/09\/2000) al Gobierno Nacional y la guerrilla de las Farc una tregua de 6 meses como gesto de buena voluntad y como inicio para discutir un cese al fuego indefinido y verificable. En adici\u00f3n, hay una pol\u00e9mica entre el rector de la Universidad Nacional y el Fiscal General por la intervenci\u00f3n en el campus de dicha universidad de Medell\u00edn. En el fondo est\u00e1 el debate sobre la autonom\u00eda universitaria.<\/p>\n<p>Palabras clave: NA.<\/p>\n<p>Sugerencia de palabras claves: NA<\/p>\n<p>Observaciones: NA.<\/p>\n<p>Fecha de diligenciamiento: 20\/12\/2018<\/p>\n<h1 style=\"text-align: center;\">***<\/h1>\n<p><strong>N\u00famero de ficha<\/strong>: D75&nbsp;&nbsp;&nbsp;&nbsp;&nbsp;&nbsp;&nbsp;&nbsp;&nbsp;&nbsp;&nbsp;&nbsp;&nbsp;&nbsp;&nbsp;&nbsp;&nbsp;&nbsp;&nbsp;&nbsp;&nbsp;&nbsp;&nbsp;&nbsp;&nbsp;&nbsp;&nbsp;&nbsp;&nbsp;&nbsp;&nbsp;&nbsp;&nbsp;&nbsp;&nbsp;&nbsp;<\/p>\n<p><strong>Diligenciada por: <\/strong>Juan Camilo Parra Restrepo<\/p>\n<p><strong>INFORMACI\u00d3N BIBLIOGR\u00c1FICA<\/strong><\/p>\n<p>Peri\u00f3dico: El Colombiano<\/p>\n<p>Lugar de edici\u00f3n: Medell\u00edn<\/p>\n<p>Autor personal: NA<\/p>\n<p>Autor corporativo: NA<\/p>\n<p>Fecha: 07\/09\/2000<\/p>\n<p>P\u00e1gina: 7a<\/p>\n<p>Secci\u00f3n: Paz y d.h.<\/p>\n<p><strong>Titular: <\/strong>Red universitaria pone cara a la paz<\/p>\n<p><strong>Resumen: <\/strong>\u201cPara afrontar el recrudecimiento del conflicto social, pol\u00edtico y armado del pa\u00eds y para proponer salidas dialogadas a la guerra interna, se present\u00f3 ayer la Red Nacional de Estudiantes Universitarios por la Paz\u201d. Uno de los l\u00edderes del organismo es Juan Carlos Villamizar, de la Universidad Javeriana; al igual que Alejo Vargas, de la Universidad Nacional; y Javier San\u00edn, de la Universidad Javeriana. Se informa que en la Red hay representantes de cada una de las universidades de Colombia y se explica que \u201clos universitarios tienen entre sus planes, a mediano plazo, trabajar con desplazados rurales e intraurbanos, para promover capacitaci\u00f3n en cultura de paz\u201d. &nbsp;&nbsp;&nbsp;&nbsp;<\/p>\n<p><strong>Im\u00e1genes: <\/strong>NA<\/p>\n<p>INFORMACI\u00d3N ANAL\u00cdTICA<\/p>\n<p>Contexto de la noticia: El pa\u00eds se debate sobre las acusaciones que realiza el ministro de defensa, Luis Fernando Ram\u00edrez Acu\u00f1a, de que hay civiles financiado las Autodefensas.<\/p>\n<p>Palabras clave: NA<\/p>\n<p>Sugerencia de palabras claves: NA<\/p>\n<p>Observaciones: NA<\/p>\n<p>Fecha de diligenciamiento: 29\/12\/2018<\/p>\n<h1 style=\"text-align: center;\">***<\/h1>\n<p><strong>N\u00famero de ficha<\/strong>: D76 &nbsp;&nbsp;&nbsp;&nbsp;&nbsp;&nbsp;&nbsp;&nbsp;&nbsp;&nbsp;&nbsp;&nbsp;&nbsp;&nbsp;&nbsp;&nbsp;&nbsp;&nbsp;&nbsp;&nbsp;&nbsp;&nbsp;&nbsp;&nbsp;&nbsp;&nbsp;&nbsp;&nbsp;&nbsp;&nbsp;&nbsp;&nbsp;&nbsp;&nbsp;&nbsp;&nbsp;<\/p>\n<p><strong>Diligenciada por: <\/strong>Juan Camilo Parra Restrepo<\/p>\n<p><strong>INFORMACI\u00d3N BIBLIOGR\u00c1FICA<\/strong><\/p>\n<p>Peri\u00f3dico: El Colombiano<\/p>\n<p>Lugar de edici\u00f3n: Medell\u00edn<\/p>\n<p>Autor personal: NA<\/p>\n<p>Autor corporativo: NA<\/p>\n<p>Fecha: 13\/09\/2000<\/p>\n<p>P\u00e1gina: 3<\/p>\n<p>Secci\u00f3n: Tema del d\u00eda<\/p>\n<p><strong>Titular: <\/strong>Fuerzas cruzadas en la universidad p\u00fablica<\/p>\n<p><strong>Resumen: <\/strong>En el marco del asesinato a un patrullero en la Universidad Nacional sede Medell\u00edn, se abre un debate sobre la autonom\u00eda universitaria, en donde en la Comisi\u00f3n Segunda del Senado de la Rep\u00fablica. En este se afirma que las autoridades no tienen que pedir permiso para ingresar al campus de las universidades p\u00fablicas, en el debate se compara incluso a la Universidad Nacional con un peque\u00f1o Cagu\u00e1n, donde \u201clos reaccionarios act\u00faa amparados en el r\u00e9gimen aut\u00f3nomo que impide a la fuerza p\u00fablica entrar\u201d.<\/p>\n<p><strong>Im\u00e1genes: <\/strong>NA<\/p>\n<p>INFORMACI\u00d3N ANAL\u00cdTICA<\/p>\n<p>Contexto de la noticia: Gobierno Nacional realiza una ofensiva contra complejos coqueros o laboratorios de drogas. En adici\u00f3n, est\u00e1 en vilo la realizaci\u00f3n de elecciones en El Cagu\u00e1n y la zona de distensi\u00f3n para elegir autoridades locales el 29 de octubre de 2000.<\/p>\n<p>Palabras clave: NA<\/p>\n<p>Sugerencia de palabras claves: NA<\/p>\n<p>Observaciones: NA<\/p>\n<p>Fecha de diligenciamiento: 29\/12\/2018<\/p>\n<h1 style=\"text-align: center;\">***<\/h1>\n<p><strong>N\u00famero de ficha<\/strong>: D77&nbsp;&nbsp;&nbsp;&nbsp;&nbsp; &nbsp;&nbsp;&nbsp;&nbsp;&nbsp;&nbsp;&nbsp;&nbsp;&nbsp;&nbsp;&nbsp;&nbsp;&nbsp;&nbsp;&nbsp;&nbsp;&nbsp;&nbsp;&nbsp;&nbsp;&nbsp;&nbsp;&nbsp;&nbsp;&nbsp;&nbsp;&nbsp;&nbsp;&nbsp;&nbsp;&nbsp;<\/p>\n<p><strong>Diligenciada por: <\/strong>Juan Camilo Parra Restrepo<\/p>\n<p><strong>INFORMACI\u00d3N BIBLIOGR\u00c1FICA<\/strong><\/p>\n<p>Peri\u00f3dico: El Colombiano<\/p>\n<p>Lugar de edici\u00f3n: Medell\u00edn<\/p>\n<p>Autor personal: NA<\/p>\n<p>Autor corporativo: NA<\/p>\n<p>Fecha: 13\/10\/2000<\/p>\n<p>P\u00e1gina: 2<\/p>\n<p>Secci\u00f3n: La<\/p>\n<p><strong>Titular: <\/strong>Destruyen esculturas en la U. de A.<\/p>\n<p><strong>Resumen: <\/strong>\u201cUn grupo de encapuchados destruy\u00f3 ayer 20 de las 25 esculturas en miniatura que el artista N\u00e9stor Prado exhib\u00eda en el primer piso de la Biblioteca Central de la Universidad de Antioquia. De acuerdo con voceros del Alma Mater, el grupo de delincuentes irrumpi\u00f3 en la sala a las 7:15 a.m., grit\u00f3 consignas en contra de las \u201ccreaciones elitistas\u201d, se\u00f1al\u00f3 que las obras del artista \u201cdifund\u00eda valores imperialistas\u201d y luego comenz\u00f3 a destruirlas. \u201cEran peque\u00f1as miniaturas en plastilina, de una gran riqueza creativa, a las que incluso les prendieron fuego\u201d, manifest\u00f3 un empleado del centro acad\u00e9mico, quien dijo que los encapuchados tambi\u00e9n rayaron consignas con aerosol. Ayer, mediante un comunicado, los estudiantes que se mantienen en asamblea como rechazo a la posibilidad de cierre de la Universidad, rechazaron el ataque y lo calificaron de \u201cvand\u00e1lico\u201d.<\/p>\n<p><strong>Im\u00e1genes: <\/strong>NA<\/p>\n<p>INFORMACI\u00d3N ANAL\u00cdTICA<\/p>\n<p>Contexto de la noticia: El Gobierno Nacional neg\u00f3 la propuesta de canjear al teniente coronel \u00c1lvaro Le\u00f3n Acosta Argote por el aeropirata Arnubio Ramos de las Farc.<\/p>\n<p>Palabras clave: Acciones contestatarias, Asamblea<\/p>\n<p>Sugerencia de palabras claves: NA<\/p>\n<p>Observaciones: NA<\/p>\n<p>Fecha de diligenciamiento: 29\/12\/2018<\/p>\n<h1 style=\"text-align: center;\">***<\/h1>\n<p><strong>N\u00famero de ficha<\/strong>: D78&nbsp;&nbsp;&nbsp;&nbsp;&nbsp;&nbsp;&nbsp;&nbsp;&nbsp;&nbsp;&nbsp;&nbsp;&nbsp;&nbsp;&nbsp;&nbsp;&nbsp;&nbsp;&nbsp;&nbsp;&nbsp;&nbsp;&nbsp;&nbsp;&nbsp;&nbsp;&nbsp;&nbsp;&nbsp;&nbsp;&nbsp;&nbsp;&nbsp;&nbsp;&nbsp;&nbsp;<\/p>\n<p><strong>Diligenciada por: <\/strong>Juan Camilo Parra Restrepo<\/p>\n<p><strong>INFORMACI\u00d3N BIBLIOGR\u00c1FICA<\/strong><\/p>\n<p>Peri\u00f3dico: El Colombiano<\/p>\n<p>Lugar de edici\u00f3n: Medell\u00edn<\/p>\n<p>Autor personal: NA<\/p>\n<p>Autor corporativo: NA<\/p>\n<p>Fecha: 22\/11\/2000<\/p>\n<p>P\u00e1gina: 2<\/p>\n<p>Secci\u00f3n: Zona urbana<\/p>\n<p><strong>Titular: <\/strong>Terroristas destruyen veh\u00edculo de docente en la U. de A.<\/p>\n<p><strong>Resumen: <\/strong>\u201cUn grupo de encapuchados destruyeron ayer el autom\u00f3vil de la decana de la Facultad de Qu\u00edmica, Lavive Rebage de \u00c1lvarez, parqueado en la circunvalar del Alma Mater, en frente de la entrada peatonal\u201d. El veh\u00edculo fue quemado con gasolina. El rector de la universidad, Jaime Restrepo Cuartas, afirma que: Con profunda indignaci\u00f3n condenamos este hecho de terror absolutamente ajeno al deber ser de un centro de educaci\u00f3n superior y al proceso de construcci\u00f3n de un pa\u00eds civilizado donde impere el di\u00e1logo y la raz\u00f3n. Las autoridades afirman que, presuntamente, los responsables son los mismos que dispusieron de artefactos explosivos a\u00f1os atr\u00e1s en la sede de Seguridad Industrial, la Rector\u00eda y varios carros oficiales de la U. de A.<\/p>\n<p><strong>Im\u00e1genes: <\/strong>NA<\/p>\n<p>INFORMACI\u00d3N ANAL\u00cdTICA<\/p>\n<p>Contexto de la noticia: El Zar antidrogas de Estados Unidos manifest\u00f3 ante la Academia Diplom\u00e1tica de Colombia el inter\u00e9s del gobierno de Estados Unidos de defender la seguridad de la regi\u00f3n andina amenazada por el narcotr\u00e1fico.<\/p>\n<p>Palabras clave: Amenaza<\/p>\n<p>Sugerencia de palabras claves: NA.<\/p>\n<p>Observaciones: NA.<\/p>\n<p>Fecha de diligenciamiento: 29\/12\/2018<\/p>\n<h1 style=\"text-align: center;\">***<\/h1>\n<p><strong>N\u00famero de ficha<\/strong>: D79&nbsp;&nbsp;&nbsp;&nbsp;&nbsp;&nbsp;&nbsp;&nbsp;&nbsp;&nbsp;&nbsp;&nbsp;&nbsp;&nbsp;&nbsp;&nbsp;&nbsp;&nbsp;&nbsp;&nbsp;&nbsp;&nbsp;&nbsp;&nbsp;&nbsp;&nbsp;&nbsp;&nbsp;&nbsp;&nbsp;&nbsp;&nbsp;&nbsp;&nbsp;&nbsp;&nbsp;<\/p>\n<p><strong>Diligenciada por: <\/strong>Juan Camilo Parra Restrepo<\/p>\n<p><strong>INFORMACI\u00d3N BIBLIOGR\u00c1FICA<\/strong><\/p>\n<p>Peri\u00f3dico: El Colombiano<\/p>\n<p>Lugar de edici\u00f3n: Medell\u00edn<\/p>\n<p>Autor personal: NA<\/p>\n<p>Autor corporativo: NA<\/p>\n<p>Fecha: 02\/03\/2001<\/p>\n<p>P\u00e1gina: 11A<\/p>\n<p>Secci\u00f3n: 24 horas<\/p>\n<p><strong>Titular: <\/strong>Liberan a profesor de la U. de A.<\/p>\n<p><strong>Resumen: <\/strong>El profesor Lorenzo de la Torre, de la Universidad de Antioquia, fue liberado en zona rural de El Retiro. Luego de haber sido secuestrado por personas que, en la noticia, no se menciona a qu\u00e9 grupo pertenecen, pero le afirmaron que no quer\u00edan hacerle da\u00f1o a \u201cla universidad\u201d.<\/p>\n<p><strong>Im\u00e1genes: <\/strong>NA<\/p>\n<p>INFORMACI\u00d3N ANAL\u00cdTICA<\/p>\n<p>Contexto de la noticia: Colombia recibi\u00f3 certificaci\u00f3n de Estados Unidos en la lucha contra el narcotr\u00e1fico; sin embargo, se menciona que es preocupante el aumento de los cultivos il\u00edcitos en la zona de despeje y los nexos existentes entre el narcotr\u00e1fico y los grupos guerrilleros y de autodefensa.<\/p>\n<p>Palabras clave: Secuestro<\/p>\n<p>Sugerencia de palabras claves: NA<\/p>\n<p>Observaciones: NA.<\/p>\n<p>Fecha de diligenciamiento: 29\/12\/2018<\/p>\n<h1 style=\"text-align: center;\">***<\/h1>\n<p><strong>N\u00famero de ficha<\/strong>: D80&nbsp;&nbsp;&nbsp;&nbsp;&nbsp;&nbsp;&nbsp;&nbsp;&nbsp;&nbsp;&nbsp;&nbsp;&nbsp;&nbsp;&nbsp;&nbsp;&nbsp;&nbsp;&nbsp;&nbsp;&nbsp;&nbsp;&nbsp;&nbsp;&nbsp;&nbsp;&nbsp;&nbsp;&nbsp;&nbsp;&nbsp;&nbsp;&nbsp;&nbsp;&nbsp;&nbsp;<\/p>\n<p><strong>Diligenciada por: <\/strong>Juan Camilo Parra Restrepo<\/p>\n<p><strong>INFORMACI\u00d3N BIBLIOGR\u00c1FICA<\/strong><\/p>\n<p>Peri\u00f3dico: El Colombiano<\/p>\n<p>Lugar de edici\u00f3n: Medell\u00edn<\/p>\n<p>Autor personal: NA<\/p>\n<p>Autor corporativo: NA<\/p>\n<p>Fecha: 27\/04\/2001<\/p>\n<p>P\u00e1gina: 11A<\/p>\n<p>Secci\u00f3n: 24 horas<\/p>\n<p><strong>Titular: <\/strong>Con fusiles y pistolas asesinan a seis personas<\/p>\n<p><strong>Resumen: <\/strong>En el noroccidente de Medell\u00edn fueron asesinadas seis personas, luego de que un grupo armado incursionara en una residencia y los obligara poner contra la pared y ah\u00ed los acribillaran con fusiles y pistolas calibre 45. Uno de los miembros era Francisco Javier Jaramillo, estudiante de Derecho de la Universidad de Antioquia. Se desconoce la identidad de quienes cometieron el crimen.<\/p>\n<p><strong>Im\u00e1genes: <\/strong>NA<\/p>\n<p>INFORMACI\u00d3N ANAL\u00cdTICA<\/p>\n<p>Contexto de la noticia: La congresista Ingrid Betancourt se prepara para dejar su curul en el congreso y empezar su campa\u00f1a a la Presidencia de la Rep\u00fablica.<\/p>\n<p>Palabras clave: Asesinato<\/p>\n<p>Sugerencia de palabras claves: NA<\/p>\n<p>Observaciones: NA<\/p>\n<p>Fecha de diligenciamiento: 29\/12\/2018<\/p>\n<h1 style=\"text-align: center;\">***<\/h1>\n<p><strong>N\u00famero de ficha<\/strong>: D81&nbsp;&nbsp;&nbsp;&nbsp;&nbsp;&nbsp;&nbsp;&nbsp;&nbsp;&nbsp;&nbsp;&nbsp;&nbsp;&nbsp;&nbsp;&nbsp;&nbsp;&nbsp;&nbsp;&nbsp;&nbsp;&nbsp;&nbsp;&nbsp;&nbsp;&nbsp;&nbsp;&nbsp;&nbsp;&nbsp;&nbsp;&nbsp;&nbsp;&nbsp;&nbsp;&nbsp;<\/p>\n<p><strong>Diligenciada por: <\/strong>Juan Camilo Parra Restrepo<\/p>\n<p><strong>INFORMACI\u00d3N BIBLIOGR\u00c1FICA<\/strong><\/p>\n<p>Peri\u00f3dico: El Colombiano<\/p>\n<p>Lugar de edici\u00f3n: Medell\u00edn<\/p>\n<p>Autor personal: NA<\/p>\n<p>Autor corporativo: NA<\/p>\n<p>Fecha: 01\/05\/2001<\/p>\n<p>P\u00e1gina: 2D<\/p>\n<p>Secci\u00f3n: \u00c1rea regional<\/p>\n<p><strong>Titular: <\/strong>Abaleado periodista del Inder en El Poblado<\/p>\n<p><strong>Resumen: <\/strong>El comunicador del Instituto de Recreaci\u00f3n y Deportes de Medell\u00edn, Carlos Alberto Trespalacios Yal\u00ed, comunicador social &#8211; periodista de la Universidad de Antioquia, fue asesinado por desconocidos en el barrio El Poblado de Medell\u00edn.<\/p>\n<p><strong>Im\u00e1genes: <\/strong>NA<\/p>\n<p>INFORMACI\u00d3N ANAL\u00cdTICA<\/p>\n<p>Contexto de la noticia: El ELN afirma que es necesario que el Gobierno Nacional se decida finalmente a crear una zona de encuentro en el sur de Bol\u00edvar. Se afirma que mientras el gobierno no est\u00e9 firme en las negociaciones, estas seguir\u00e1n suspendidas.<\/p>\n<p>Palabras clave: Asesinato<\/p>\n<p>Sugerencia de palabras claves: NA.<\/p>\n<p>Observaciones: NA.<\/p>\n<p>Fecha de diligenciamiento: 29\/12\/2018<\/p>\n<h1 style=\"text-align: center;\">***<\/h1>\n<p><strong>N\u00famero de ficha<\/strong>: D82&nbsp;&nbsp;&nbsp;&nbsp;&nbsp;&nbsp;&nbsp;&nbsp;&nbsp;&nbsp;&nbsp;&nbsp;&nbsp;&nbsp;&nbsp;&nbsp;&nbsp;&nbsp;&nbsp;&nbsp;&nbsp;&nbsp;&nbsp;&nbsp;&nbsp;&nbsp;&nbsp;&nbsp;&nbsp;&nbsp;&nbsp;&nbsp;&nbsp;&nbsp;&nbsp;&nbsp;<\/p>\n<p><strong>Diligenciada por: <\/strong>Juan Camilo Parra Restrepo<\/p>\n<p><strong>INFORMACI\u00d3N BIBLIOGR\u00c1FICA<\/strong><\/p>\n<p>Peri\u00f3dico: El Colombiano<\/p>\n<p>Lugar de edici\u00f3n: Medell\u00edn<\/p>\n<p>Autor personal: NA<\/p>\n<p>Autor corporativo: NA<\/p>\n<p>Fecha: 02\/06\/2001<\/p>\n<p>P\u00e1gina: 10A<\/p>\n<p>Secci\u00f3n: \u00c1rea metro<\/p>\n<p><strong>Titular: <\/strong>La U. de A. har\u00e1 paro por acto legislativo 012<\/p>\n<p><strong>Resumen: <\/strong>La Asamblea General de Estudiantes de la Universidad de Antioquia, decidi\u00f3 el jueves 31 de mayo decretar asamblea permanente hasta el 05 de junio, que ser\u00e1 convocada una nueva asamblea. La declaraci\u00f3n de asamblea permanente, confundida en la noticia con la medida de paro, se da a ra\u00edz de la aprobaci\u00f3n del proyecto de acto legislativo 012 y la aplicaci\u00f3n del Plan Estrat\u00e9gico de Educaci\u00f3n 2001-2002. Por su parte, la Asamblea General de Profesores de la Universidad Nacional decidi\u00f3 enviar una carta a los ministros de Educaci\u00f3n y Hacienda, firmada por los rectores de las universidades de Antioquia, Valle y Nacional en representaci\u00f3n de los rectores de las universidades p\u00fablicas del pa\u00eds y la regi\u00f3n.<\/p>\n<p><strong>Im\u00e1genes: <\/strong>NA<\/p>\n<p>INFORMACI\u00d3N ANAL\u00cdTICA<\/p>\n<p>Contexto de la noticia: El magisterio realiza marchas a nivel nacional, el pr\u00f3ximo 5 de junio de 2001 se realizar\u00e1 una gran concentraci\u00f3n en Bogot\u00e1.<\/p>\n<p>Palabras clave: Asamblea General de Estudiantes<\/p>\n<p>Sugerencia de palabras claves: NA<\/p>\n<p>Observaciones: NA<\/p>\n<p>Fecha de diligenciamiento: 29\/11\/2018<\/p>\n<h1 style=\"text-align: center;\">***<\/h1>\n<p><strong>N\u00famero de ficha<\/strong>: D83&nbsp;&nbsp;&nbsp;&nbsp;&nbsp;&nbsp;&nbsp;&nbsp;&nbsp;&nbsp;&nbsp;&nbsp;&nbsp;&nbsp;&nbsp;&nbsp;&nbsp;&nbsp;&nbsp;&nbsp;&nbsp;&nbsp;&nbsp;&nbsp;&nbsp;&nbsp;&nbsp;&nbsp;&nbsp;&nbsp;&nbsp;&nbsp;&nbsp;&nbsp;&nbsp;&nbsp;<\/p>\n<p><strong>Diligenciada por: <\/strong>Juan Camilo Parra Restrepo<\/p>\n<p><strong>INFORMACI\u00d3N BIBLIOGR\u00c1FICA<\/strong><\/p>\n<p>Peri\u00f3dico: El Colombiano<\/p>\n<p>Lugar de edici\u00f3n: Medell\u00edn<\/p>\n<p>Autor personal: NA<\/p>\n<p>Autor corporativo: NA<\/p>\n<p>Fecha: 06\/06\/2001<\/p>\n<p>P\u00e1gina: 3A<\/p>\n<p>Secci\u00f3n: Tema del d\u00eda<\/p>\n<p><strong>Titular: <\/strong>Contin\u00faa el paro en la U. de A.<\/p>\n<p><strong>Resumen: <\/strong>La Asamblea General de Estudiantes de la Universidad de Antioquia decidi\u00f3 mantener el paro hasta el d\u00eda de hoy, cuando se convoque a una nueva asamblea. Adem\u00e1s, decidi\u00f3 unirse a la concentraci\u00f3n de profesores organizada por Adida en el Centro Administrativo La Alpujarra para protestar por la aprobaci\u00f3n del Acto Legislativo 012.<\/p>\n<p><strong>Im\u00e1genes: <\/strong>NA<\/p>\n<p>INFORMACI\u00d3N ANAL\u00cdTICA<\/p>\n<p>Contexto de la noticia: No hubo acuerdo entre el Gobierno Nacional y Fecode, pues no se encontr\u00f3 una cifra inicial para la distribuci\u00f3n de las nuevas transferencias territoriales.<\/p>\n<p>Palabras clave: Asamblea General de Estudiantes<\/p>\n<p>Sugerencia de palabras claves: Paro<\/p>\n<p>Observaciones: NA.<\/p>\n<p>Fecha de diligenciamiento: 29\/12\/2018<\/p>\n<h1 style=\"text-align: center;\">***<\/h1>\n<p><strong>N\u00famero de ficha<\/strong>: D84&nbsp;&nbsp;&nbsp;&nbsp;&nbsp;&nbsp;&nbsp;&nbsp;&nbsp;&nbsp;&nbsp;&nbsp;&nbsp;&nbsp;&nbsp;&nbsp;&nbsp;&nbsp;&nbsp;&nbsp;&nbsp;&nbsp;&nbsp;&nbsp;&nbsp;&nbsp;&nbsp;&nbsp;&nbsp;&nbsp;&nbsp;&nbsp;&nbsp;&nbsp;&nbsp;&nbsp;<\/p>\n<p><strong>Diligenciada por: <\/strong>Juan Camilo Parra Restrepo<\/p>\n<p><strong>INFORMACI\u00d3N BIBLIOGR\u00c1FICA<\/strong><\/p>\n<p>Peri\u00f3dico: El Colombiano<\/p>\n<p>Lugar de edici\u00f3n: Medell\u00edn<\/p>\n<p>Autor personal: NA<\/p>\n<p>Autor corporativo: NA<\/p>\n<p>Fecha: 13\/06\/2001<\/p>\n<p>P\u00e1gina: 1D<\/p>\n<p>Secci\u00f3n: \u00c1rea metro<\/p>\n<p><strong>Titular: <\/strong>Adida y U. de A. mantienen protestas<\/p>\n<p><strong>Resumen: <\/strong>En el marco de la propuesta general de profesores, convocada por Adida, la Universidad de Antioquia, en cabeza de los estudiantes, contin\u00faa en cese de actividades y se encuentra realizando actividades pol\u00edtico-culturales. El pr\u00f3ximo jueves se realizar\u00e1 una nueva Asamblea General de Estudiantes.<\/p>\n<p><strong>Im\u00e1genes: <\/strong>NA<\/p>\n<p>INFORMACI\u00d3N ANAL\u00cdTICA<\/p>\n<p>Contexto de la noticia: Las Autodefensas Unidas de Colombia amenazaron cinco zonas del pa\u00eds donde afirman que las Farc ejercen plena hegemon\u00eda. Varias de ellas se localizan en Antioquia. En carta dirigida al Alto Comisionado de Paz afirman que tienen 5.000 nuevos miembros.<\/p>\n<p>Palabras clave: Jornadas culturales, movilizaci\u00f3n social, paro<\/p>\n<p>Sugerencia de palabras claves: NA<\/p>\n<p>Observaciones: NA.<\/p>\n<p>Fecha de diligenciamiento: 29\/12\/2018<\/p>\n<h1 style=\"text-align: center;\">***<\/h1>\n<p><strong>N\u00famero de ficha<\/strong>: D85&nbsp;&nbsp;&nbsp;&nbsp;&nbsp;&nbsp;&nbsp;&nbsp;&nbsp;&nbsp;&nbsp;&nbsp;&nbsp;&nbsp;&nbsp;&nbsp;&nbsp;&nbsp;&nbsp;&nbsp;&nbsp;&nbsp;&nbsp;&nbsp;&nbsp;&nbsp;&nbsp;&nbsp;&nbsp;&nbsp;&nbsp;&nbsp;&nbsp;&nbsp;&nbsp;&nbsp;<\/p>\n<p><strong>Diligenciada por: <\/strong>Juan Camilo Parra Restrepo<\/p>\n<p><strong>INFORMACI\u00d3N BIBLIOGR\u00c1FICA<\/strong><\/p>\n<p>Peri\u00f3dico: El Colombiano<\/p>\n<p>Lugar de edici\u00f3n: Medell\u00edn<\/p>\n<p>Autor personal: NA<\/p>\n<p>Autor corporativo: NA<\/p>\n<p>Fecha: 27\/07\/2001<\/p>\n<p>P\u00e1gina: 12A<\/p>\n<p>Secci\u00f3n: Paz y d.h.<\/p>\n<p><strong>Titular: <\/strong>Piden liberaci\u00f3n de profesor y estudiante<\/p>\n<p><strong>Resumen: <\/strong>El claustro de profesores y los estudiantes de la Facultad de Medicina de la Universidad de Antioquia pidieron la liberaci\u00f3n del m\u00e9dico Javier Alberto Correa y el estudiante Argiro Restrepo. \u201cAsimismo invitaron a la comunidad universitaria para que se manifieste contra esta forma de agresi\u00f3n que no puede que no puede seguir siendo indiferente para los colombianos y pidieron a las directivas de la Universidad que busquen un acercamiento con sus captores\u201d. El profesor fue secuestrado en abril del 2000 y era miembro de la Unidad de Cardiolog\u00eda. El estudiante trabajaba como vigilante y fue secuestrado en enero del 2000. \u201cInformaciones extraoficiales se\u00f1alan que se encuentran en poder de las Farc\u201d.<\/p>\n<p><strong>Im\u00e1genes: <\/strong>NA<\/p>\n<p>INFORMACI\u00d3N ANAL\u00cdTICA<\/p>\n<p>Contexto de la noticia: En el marco de la campa\u00f1a electoral para elegir al presidente de la rep\u00fablica para el periodo 2002-2006 se resalta la alta presencia de los candidatos en Medell\u00edn.<\/p>\n<p>Palabras clave: Secuestro<\/p>\n<p>Sugerencia de palabras claves: NA<\/p>\n<p>Observaciones: NA<\/p>\n<p>Fecha de diligenciamiento: 30\/12\/2018<\/p>\n<h1 style=\"text-align: center;\">***<\/h1>\n<p><strong>N\u00famero de ficha<\/strong>: D86&nbsp;&nbsp;&nbsp;&nbsp;&nbsp;&nbsp;&nbsp;&nbsp;&nbsp;&nbsp;&nbsp;&nbsp;&nbsp;&nbsp;&nbsp;&nbsp;&nbsp;&nbsp;&nbsp;&nbsp;&nbsp;&nbsp;&nbsp;&nbsp;&nbsp;&nbsp;&nbsp;&nbsp;&nbsp;&nbsp;&nbsp;&nbsp;&nbsp;&nbsp;&nbsp;&nbsp;<\/p>\n<p><strong>Diligenciada por: <\/strong>Juan Camilo Parra Restrepo<\/p>\n<p><strong>INFORMACI\u00d3N BIBLIOGR\u00c1FICA<\/strong><\/p>\n<p>Peri\u00f3dico: El Colombiano<\/p>\n<p>Lugar de edici\u00f3n: Medell\u00edn<\/p>\n<p>Autor personal: NA<\/p>\n<p>Autor corporativo: NA<\/p>\n<p>Fecha: 28\/07\/2001<\/p>\n<p>P\u00e1gina: 9A<\/p>\n<p>Secci\u00f3n: \u00c1rea Metro<\/p>\n<p><strong>Titular: <\/strong>Asamblea permanente en la U. de A.<\/p>\n<p><strong>Resumen: <\/strong>\u201cLa Asociaci\u00f3n de Profesores de la Universidad de Antioquia se declar\u00f3 en asamblea permanente y, por lo tanto, en anormalidad acad\u00e9mica, con el fin de analizar e informar a los docentes de la instituci\u00f3n sobre los temas que se est\u00e1n debatiendo en estos momentos. El pr\u00f3ximo lunes se realizar\u00e1 una nueva asamblea para discutir sobre la nueva dependencia de salud que la universidad debe crear para atender a los servidores.<\/p>\n<p><strong>Im\u00e1genes: <\/strong>NA<\/p>\n<p>INFORMACI\u00d3N ANAL\u00cdTICA<\/p>\n<p>Contexto de la noticia: Un juez de Bogot\u00e1 fall\u00f3 una tutela y obliga a suspender temporalmente las fumigaciones de cultivos il\u00edcitos sobre el Macizo Colombiano. La cual fue interpuesta por el vocero de la organizaci\u00f3n no gubernamental Paz Colombia, Jorge Rojas, en representaci\u00f3n de las comunidades ind\u00edgenas y campesinas de los departamentos de Nari\u00f1o, Cauca, Putumayo, Caquet\u00e1, Guain\u00eda y Guaviare. Se afirma que hay afectaciones a los cultivos y las fuentes de agua.<\/p>\n<p>Palabras clave: Asamblea General de Profesores<\/p>\n<p>Sugerencia de palabras claves: NA<\/p>\n<p>Observaciones: NA<\/p>\n<p>Fecha de diligenciamiento: 30\/12\/2018<\/p>\n<h1 style=\"text-align: center;\">***<\/h1>\n<p><strong>N\u00famero de ficha<\/strong>: D87&nbsp;&nbsp;&nbsp;&nbsp;&nbsp;&nbsp;&nbsp;&nbsp;&nbsp;&nbsp;&nbsp;&nbsp;&nbsp;&nbsp;&nbsp;&nbsp;&nbsp;&nbsp;&nbsp;&nbsp;&nbsp;&nbsp;&nbsp;&nbsp;&nbsp;&nbsp;&nbsp;&nbsp;&nbsp;&nbsp;&nbsp;&nbsp;&nbsp;&nbsp;&nbsp;&nbsp;<\/p>\n<p><strong>Diligenciada por: <\/strong>Juan Camilo Parra Restrepo<\/p>\n<p><strong>INFORMACI\u00d3N BIBLIOGR\u00c1FICA<\/strong><\/p>\n<p>Peri\u00f3dico: El Colombiano<\/p>\n<p>Lugar de edici\u00f3n: Medell\u00edn<\/p>\n<p>Autor personal: NA<\/p>\n<p>Autor corporativo: NA<\/p>\n<p>Fecha: 07\/08\/2001<\/p>\n<p>P\u00e1gina: 5B<\/p>\n<p>Secci\u00f3n: Universitas<\/p>\n<p><strong>Titular: <\/strong>Semana clave en la Universidad de Antioquia<\/p>\n<p><strong>Resumen: <\/strong>La Asociaci\u00f3n de Profesores de la Universidad de Antioquia lleva 15 d\u00edas en asamblea permanente y a la espera se solucionen los requerimientos que interpuso al Consejo Superior. Hay exigencias de aumento del sueldo, el r\u00e9gimen de pensiones en la universidad y la creaci\u00f3n de un sistema de seguridad social para toda la comunidad de la U. de A. Sobre este \u00faltimo aspecto la Asamblea Multiestamentaria ha realizado una serie de propuestas a la universidad.<\/p>\n<p><strong>Im\u00e1genes: <\/strong>NA<\/p>\n<p>INFORMACI\u00d3N ANAL\u00cdTICA<\/p>\n<p>Contexto de la noticia: Las centrales obreras de Colombia han convocado a una jornada de protesta para el jueves 09 de agosto de 2001 en solidaridad con los transportadores de Bogot\u00e1, quienes contin\u00faan sin encontrar un acuerdo con el alcalde Antanas Mockus para normalizar las actividades en la capital.<\/p>\n<p>Palabras clave: Asamblea General de Profesores, Asamblea Multiestamentaria, Sindicatos<\/p>\n<p>Sugerencia de palabras claves: NA<\/p>\n<p>Observaciones: NA<\/p>\n<p>Fecha de diligenciamiento: 30\/12\/2018<\/p>\n<h1 style=\"text-align: center;\">***<\/h1>\n<p><strong>N\u00famero de ficha<\/strong>: D88&nbsp;&nbsp;&nbsp;&nbsp;&nbsp;&nbsp;&nbsp;&nbsp;&nbsp;&nbsp;&nbsp;&nbsp;&nbsp;&nbsp;&nbsp;&nbsp;&nbsp;&nbsp;&nbsp;&nbsp;&nbsp;&nbsp;&nbsp;&nbsp;&nbsp;&nbsp;&nbsp;&nbsp;&nbsp;&nbsp;&nbsp;&nbsp;&nbsp;&nbsp;&nbsp;&nbsp;<\/p>\n<p><strong>Diligenciada por: <\/strong>Juan Camilo Parra Restrepo<\/p>\n<p><strong>INFORMACI\u00d3N BIBLIOGR\u00c1FICA<\/strong><\/p>\n<p>Peri\u00f3dico: El Colombiano<\/p>\n<p>Lugar de edici\u00f3n: Medell\u00edn<\/p>\n<p>Autor personal: NA<\/p>\n<p>Autor corporativo: NA<\/p>\n<p>Fecha: 15\/01\/2002<\/p>\n<p>P\u00e1gina: 2<\/p>\n<p>Secci\u00f3n: Plana<\/p>\n<p><strong>Titular: <\/strong>Profesores universitarios analizan r\u00e9gimen<\/p>\n<p><strong>Resumen: <\/strong>Hay inquietud entre los profesores universitarios por el cambio en el r\u00e9gimen salarial presentado por el Ministerio de Educaci\u00f3n. A trav\u00e9s del Decreto 2912 del 31 de diciembre de 2001 que modifica el 1444 se cambian las condiciones del r\u00e9gimen salarial.<\/p>\n<p><strong>Im\u00e1genes: <\/strong>NA<\/p>\n<p>INFORMACI\u00d3N ANAL\u00cdTICA<\/p>\n<p>Contexto de la noticia: A pesar del esfuerzo Gobierno y Farc no logran reactivar el proceso de paz, a la par la guerrilla emite un comunicado donde informa que se termina la tregua unilateral navide\u00f1a.<\/p>\n<p>Palabras clave: NA.<\/p>\n<p>Sugerencia de palabras claves: NA.<\/p>\n<p>Observaciones: NA.<\/p>\n<p>Fecha de diligenciamiento: 31\/12\/2018<\/p>\n<h1 style=\"text-align: center;\">***<\/h1>\n<p><strong>N\u00famero de ficha<\/strong>: D89&nbsp;&nbsp;&nbsp;&nbsp;&nbsp;&nbsp;&nbsp;&nbsp;&nbsp;&nbsp;&nbsp;&nbsp;&nbsp;&nbsp;&nbsp;&nbsp;&nbsp;&nbsp;&nbsp;&nbsp;&nbsp;&nbsp;&nbsp;&nbsp;&nbsp;&nbsp;&nbsp;&nbsp;&nbsp;&nbsp;&nbsp;&nbsp;&nbsp;&nbsp;&nbsp;&nbsp;<\/p>\n<p><strong>Diligenciada por: <\/strong>Juan Camilo Parra Restrepo<\/p>\n<p><strong>INFORMACI\u00d3N BIBLIOGR\u00c1FICA<\/strong><\/p>\n<p>Peri\u00f3dico: El Colombiano<\/p>\n<p>Lugar de edici\u00f3n: Medell\u00edn<\/p>\n<p>Autor personal: NA<\/p>\n<p>Autor corporativo: NA<\/p>\n<p>Fecha: 24\/01\/2002<\/p>\n<p>P\u00e1gina: 11A<\/p>\n<p>Secci\u00f3n: \u00c1rea regional<\/p>\n<p><strong>Titular: <\/strong>En asamblea permanente, educadores de la Universidad de Antioquia<\/p>\n<p><strong>Resumen: <\/strong>Alrededor de 300 profesores de la Universidad de Antioquia, reunidos en el Teatro Camilo Torres, decidieron entrar en asamblea permanente hasta el 30 de enero, luego de expresar su inconformidad con el Decreto 2912 emitido por el Ministerio de Educaci\u00f3n Nacional. No se realizar\u00e1n actividades acad\u00e9micas, en cambio se organizar\u00e1n claustros de profesores por facultades.<\/p>\n<p><strong>Im\u00e1genes: <\/strong>NA<\/p>\n<p>INFORMACI\u00d3N ANAL\u00cdTICA<\/p>\n<p>Contexto de la noticia: Las Farc asesinaron a 4 polic\u00edas en el Cauca en una emboscada a una patrulla. Al tiempo, iniciaron un paro armado en v\u00edas de Cundinamarca, Meta y Arauca, as\u00ed como aumentaron los ataques contra la infraestructura el\u00e9ctrica.<\/p>\n<p>Palabras clave: Asamblea General de Profesores, Jornadas culturales,<\/p>\n<p>Sugerencia de palabras claves: NA<\/p>\n<p>Observaciones: NA<\/p>\n<p>Fecha de diligenciamiento: 31\/12\/2018<\/p>\n<h1 style=\"text-align: center;\">***<\/h1>\n<p><strong>N\u00famero de ficha<\/strong>: D90&nbsp;&nbsp;&nbsp;&nbsp;&nbsp;&nbsp;&nbsp;&nbsp;&nbsp;&nbsp;&nbsp;&nbsp;&nbsp;&nbsp;&nbsp;&nbsp;&nbsp;&nbsp;&nbsp;&nbsp;&nbsp;&nbsp;&nbsp;&nbsp;&nbsp;&nbsp;&nbsp;&nbsp;&nbsp;&nbsp;&nbsp;&nbsp;&nbsp;&nbsp;&nbsp;&nbsp;<\/p>\n<p><strong>Diligenciada por: <\/strong>Juan Camilo Parra Restrepo<\/p>\n<p><strong>INFORMACI\u00d3N BIBLIOGR\u00c1FICA<\/strong><\/p>\n<p>Peri\u00f3dico: El Colombiano<\/p>\n<p>Lugar de edici\u00f3n: Medell\u00edn<\/p>\n<p>Autor personal: NA<\/p>\n<p>Autor corporativo: NA<\/p>\n<p>Fecha: 14\/02\/2002<\/p>\n<p>P\u00e1gina: 3D<\/p>\n<p>Secci\u00f3n: Docencia y educaci\u00f3n<\/p>\n<p><strong>Titular: <\/strong>Los profesores de la U. de A. mantienen asamblea permanente<\/p>\n<p><strong>Resumen: <\/strong>Los profesores de la Universidad de Antioquia decidieron mantenerse en asamblea permanente hasta el 19 de febrero. En adici\u00f3n, 29 grupos de investigaci\u00f3n de la Universidad de Antioquia le enviaron una carta al Ministerio de Educaci\u00f3n Nacional expresando su desacuerdo con el Decreto 2912 que rige el nuevo sistema salarial.<\/p>\n<p><strong>Im\u00e1genes: <\/strong>NA<\/p>\n<p>INFORMACI\u00d3N ANAL\u00cdTICA<\/p>\n<p>Contexto de la noticia: Seg\u00fan una encuesta realizada por Voz y voto 2002, \u00c1lvaro Uribe V\u00e9lez obtendr\u00eda una mayor\u00eda absoluta con el 53% de los votos en las elecciones presidenciales, seguidas por Serpa y luego San\u00edn.<\/p>\n<p>Palabras clave: Asamblea General de Profesores.<\/p>\n<p>Sugerencia de palabras claves: NA<\/p>\n<p>Observaciones: NA<\/p>\n<p>Fecha de diligenciamiento: 31\/12\/2018<\/p>\n<h1 style=\"text-align: center;\">***<\/h1>\n<p><strong>N\u00famero de ficha<\/strong>: D91&nbsp;&nbsp;&nbsp;&nbsp;&nbsp;&nbsp;&nbsp;&nbsp;&nbsp;&nbsp;&nbsp;&nbsp;&nbsp;&nbsp;&nbsp;&nbsp;&nbsp;&nbsp;&nbsp;&nbsp;&nbsp;&nbsp;&nbsp;&nbsp;&nbsp;&nbsp;&nbsp;&nbsp;&nbsp;&nbsp;&nbsp;&nbsp;&nbsp;&nbsp;&nbsp;&nbsp;<\/p>\n<p><strong>Diligenciada por: <\/strong>Juan Camilo Parra Restrepo<\/p>\n<p><strong>INFORMACI\u00d3N BIBLIOGR\u00c1FICA<\/strong><\/p>\n<p>Peri\u00f3dico: El Colombiano<\/p>\n<p>Lugar de edici\u00f3n: Medell\u00edn<\/p>\n<p>Autor personal: NA<\/p>\n<p>Autor corporativo: NA<\/p>\n<p>Fecha: 27\/02\/2002<\/p>\n<p>P\u00e1gina: 11<\/p>\n<p>Secci\u00f3n: \u00c1rea Regional<\/p>\n<p><strong>Titular: <\/strong>Ahora son 21 universidades en asamblea permanente<\/p>\n<p><strong>Resumen: <\/strong>A ra\u00edz del descontento por el Decreto 2912 del Ministerio de Educaci\u00f3n Nacional ya son 21 universidades que se han declarado en asamblea permanente, para un total de 10.000 profesores y 180.000 estudiantes en anormalidad. Se anuncia que se realizar\u00e1n movilizaciones en las principales ciudades del pa\u00eds. Los profesores de la Universidad de Antioquia se mantienen en asamblea permanente hasta el pr\u00f3ximo martes, de igual forma afirman que realizar\u00e1n una serie de foros de discusi\u00f3n.<\/p>\n<p><strong>Im\u00e1genes: <\/strong>NA<\/p>\n<p>INFORMACI\u00d3N ANAL\u00cdTICA<\/p>\n<p>Contexto de la noticia: Junta Internacional de Fiscalizaci\u00f3n de Estupefacientes (organismo de la ONU) revel\u00f3 que en el \u00faltimo a\u00f1o se registr\u00f3 un aumento del consumo y producci\u00f3n de drogas en el mundo. Afirma, adem\u00e1s, que Colombia es el primer productor de coca\u00edna y hero\u00edna.<\/p>\n<p>Palabras clave: Asamblea permanente, Marcha, Jornadas culturales<\/p>\n<p>Sugerencia de palabras claves: NA<\/p>\n<p>Observaciones: NA<\/p>\n<p>Fecha de diligenciamiento: 31\/12\/2018<\/p>\n<h1 style=\"text-align: center;\">***<\/h1>\n<p><strong>N\u00famero de ficha<\/strong>: D92&nbsp;&nbsp;&nbsp;&nbsp;&nbsp;&nbsp;&nbsp;&nbsp;&nbsp;&nbsp;&nbsp;&nbsp;&nbsp;&nbsp;&nbsp;&nbsp;&nbsp;&nbsp;&nbsp;&nbsp;&nbsp;&nbsp;&nbsp;&nbsp;&nbsp;&nbsp;&nbsp;&nbsp;&nbsp;&nbsp;&nbsp;&nbsp;&nbsp;&nbsp;&nbsp;&nbsp;<\/p>\n<p><strong>Diligenciada por: <\/strong>Juan Camilo Parra Restrepo<\/p>\n<p><strong>INFORMACI\u00d3N BIBLIOGR\u00c1FICA<\/strong><\/p>\n<p>Peri\u00f3dico: El Colombiano<\/p>\n<p>Lugar de edici\u00f3n: Medell\u00edn<\/p>\n<p>Autor personal: NA<\/p>\n<p>Autor corporativo: NA<\/p>\n<p>Fecha: 20\/03\/2002<\/p>\n<p>P\u00e1gina: 10A<\/p>\n<p>Secci\u00f3n: \u00c1rea Metro<\/p>\n<p><strong>Titular: <\/strong>Asamblea en la U. de A.<\/p>\n<p><strong>Resumen: <\/strong>Hoy se contin\u00faa la Asamblea General de Profesores que empez\u00f3 el d\u00eda de ayer en la Universidad de Antioquia; los profesores insisten en la derogaci\u00f3n del Decreto 2912, expresan su desacuerdo con la decisi\u00f3n del Consejo Acad\u00e9mico y la poca claridad del Ministerio de Educaci\u00f3n para una reuni\u00f3n con el estamento profesoral. Una delegaci\u00f3n de estudiantes, profesores y directivos de la Universidad de Antioquia ir\u00e1 a la \u201ctoma de Bogot\u00e1\u201d.<\/p>\n<p><strong>Im\u00e1genes: <\/strong>NA<\/p>\n<p>INFORMACI\u00d3N ANAL\u00cdTICA<\/p>\n<p>Contexto de la noticia: El presidente Andr\u00e9s Pastrana propuso al congreso una serie de medidas contra el terrorismo.<\/p>\n<p>Palabras clave: Movilizaci\u00f3n social, Asamblea General de Profesores, Marcha.<\/p>\n<p>Sugerencia de palabras claves: NA<\/p>\n<p>Observaciones: NA<\/p>\n<p>Fecha de diligenciamiento: 31\/12\/2018<\/p>\n<h1 style=\"text-align: center;\">***<\/h1>\n<p><strong>N\u00famero de ficha<\/strong>: D93&nbsp;&nbsp;&nbsp;&nbsp;&nbsp;&nbsp;&nbsp;&nbsp;&nbsp;&nbsp;&nbsp;&nbsp;&nbsp;&nbsp;&nbsp;&nbsp;&nbsp;&nbsp;&nbsp;&nbsp;&nbsp;&nbsp;&nbsp;&nbsp;&nbsp;&nbsp;&nbsp;&nbsp;&nbsp;&nbsp;&nbsp;&nbsp;&nbsp;&nbsp;&nbsp;&nbsp;<\/p>\n<p><strong>Diligenciada por: <\/strong>Juan Camilo Parra Restrepo<\/p>\n<p><strong>INFORMACI\u00d3N BIBLIOGR\u00c1FICA<\/strong><\/p>\n<p>Peri\u00f3dico: El Colombiano<\/p>\n<p>Lugar de edici\u00f3n: Medell\u00edn<\/p>\n<p>Autor personal: NA<\/p>\n<p>Autor corporativo: NA<\/p>\n<p>Fecha: 02\/04\/2002<\/p>\n<p>P\u00e1gina: 4D<\/p>\n<p>Secci\u00f3n: Universitas<\/p>\n<p><strong>Titular: <\/strong>Clases tres d\u00edas a la semana en la U. de A.<\/p>\n<p><strong>Resumen: <\/strong>La Asamblea General de Profesores de la Universidad de Antioquia y decidi\u00f3 declararse en Asamblea Escalonada. De forma que, dos d\u00edas a la semana se dedicar\u00e1n a estudiar la problem\u00e1tica del Decreto 2912 \u201cy la realizaci\u00f3n de actividades acad\u00e9micas propias del movimiento como foros, conferencias, claustros de profesores y asambleas informativas\u201d.<\/p>\n<p><strong>Im\u00e1genes: <\/strong>NA<\/p>\n<p>INFORMACI\u00d3N ANAL\u00cdTICA<\/p>\n<p>Contexto de la noticia: Se informa que en los 3 primeros meses del que han sido asesinados m\u00e1s de 100 polic\u00edas.<\/p>\n<p>Palabras clave: Asamblea General de Profesores, Jornadas culturales.<\/p>\n<p>Sugerencia de palabras claves: NA<\/p>\n<p>Observaciones: NA<\/p>\n<p>Fecha de diligenciamiento: 31\/12\/2018<\/p>\n<h1 style=\"text-align: center;\">***<\/h1>\n<p><strong>N\u00famero de ficha<\/strong>: D94&nbsp;&nbsp;&nbsp;&nbsp;&nbsp;&nbsp;&nbsp;&nbsp;&nbsp;&nbsp;&nbsp;&nbsp;&nbsp;&nbsp;&nbsp;&nbsp;&nbsp;&nbsp;&nbsp;&nbsp;&nbsp;&nbsp;&nbsp;&nbsp;&nbsp;&nbsp;&nbsp;&nbsp;&nbsp;&nbsp;&nbsp;&nbsp;&nbsp;&nbsp;&nbsp;&nbsp;<\/p>\n<p><strong>Diligenciada por: <\/strong>Juan Camilo Parra Restrepo<\/p>\n<p><strong>INFORMACI\u00d3N BIBLIOGR\u00c1FICA<\/strong><\/p>\n<p>Peri\u00f3dico: El Colombiano<\/p>\n<p>Lugar de edici\u00f3n: Medell\u00edn<\/p>\n<p>Autor personal: NA<\/p>\n<p>Autor corporativo: NA<\/p>\n<p>Fecha: 17\/04\/2002<\/p>\n<p>P\u00e1gina: 13<\/p>\n<p>Secci\u00f3n: Tema del d\u00eda<\/p>\n<p><strong>Titular: <\/strong>Se espera que el tres de mayo termine la problem\u00e1tica del 2912<\/p>\n<p><strong>Resumen: <\/strong>Las universidades p\u00fablicas y el Gobierno Nacional est\u00e1n ad portas de un acuerdo para modificar el decreto 2912. Se convoc\u00f3 a jornadas de protesta, para continuar presionando al Gobierno Nacional, mientras que se reactivan las clases y solo se detendr\u00e1n los d\u00edas en que se realicen las movilizaciones.<\/p>\n<p><strong>Im\u00e1genes: <\/strong>NA<\/p>\n<p>INFORMACI\u00d3N ANAL\u00cdTICA<\/p>\n<p>Contexto de la noticia: El presidente Andr\u00e9s Pastrana viaj\u00f3 a Estados Unidos para solicitar m\u00e1s recursos para la lucha antidrogas. Adicional, las Farc han iniciado una arremetida en tres poblaciones de Nari\u00f1o y Valle del Cauca, pues buscan configurar un corredor en el sur.<\/p>\n<p>Palabras clave: Movilizaci\u00f3n social, Marcha.<\/p>\n<p>Sugerencia de palabras claves: NA.<\/p>\n<p>Observaciones: NA.<\/p>\n<p>Fecha de diligenciamiento: 31\/12\/2018<\/p>\n<h1 style=\"text-align: center;\">***<\/h1>\n<p><strong>N\u00famero de ficha<\/strong>: D95&nbsp;&nbsp;&nbsp;&nbsp;&nbsp;&nbsp;&nbsp;&nbsp;&nbsp;&nbsp;&nbsp;&nbsp;&nbsp;&nbsp;&nbsp;&nbsp;&nbsp;&nbsp;&nbsp;&nbsp;&nbsp;&nbsp;&nbsp;&nbsp;&nbsp;&nbsp;&nbsp;&nbsp;&nbsp;&nbsp;&nbsp;&nbsp;&nbsp;&nbsp;&nbsp;&nbsp;<\/p>\n<p><strong>Diligenciada por: <\/strong>Juan Camilo Parra Restrepo<\/p>\n<p><strong>INFORMACI\u00d3N BIBLIOGR\u00c1FICA<\/strong><\/p>\n<p>Peri\u00f3dico: El Colombiano<\/p>\n<p>Lugar de edici\u00f3n: Medell\u00edn<\/p>\n<p>Autor personal: NA<\/p>\n<p>Autor corporativo: NA<\/p>\n<p>Fecha: 29\/05\/2002<\/p>\n<p>P\u00e1gina: 10A<\/p>\n<p>Secci\u00f3n: \u00c1rea Metro<\/p>\n<p><strong>Titular: <\/strong>Disturbios en las afueras de la U. de A.<\/p>\n<p><strong>Resumen: <\/strong>\u201cLa Universidad de Antioquia tuvo que ser evacuada ayer en las horas de la tarde porque un grupo de encapuchados se ubic\u00f3 por la entrada de Barranquilla y, con petardos y papas explosivas, se enfrent\u00f3 por varias horas a la polic\u00eda. Los estudiantes debieron permanecer un rato en las instalaciones mientras se abr\u00eda de nuevo la porter\u00eda del metro. Dos versiones circularon en torno a las causas de estos hechos: la conmemoraci\u00f3n de los 38 a\u00f1os de las Farc y la protesta de uno de los integrantes del ELN por la elecci\u00f3n de \u00c1lvaro Uribe\u201d.<\/p>\n<p><strong>Im\u00e1genes: <\/strong>D98. Fotograf\u00eda de los disturbios. Foto: Robinson S\u00e1enz.<\/p>\n<p>INFORMACI\u00d3N ANAL\u00cdTICA<\/p>\n<p>Contexto de la noticia: La noticia se produce en el marco del debate nacional por el Decreto 2912 y la protesta generalizada que esto ha ocasionado en las universidades p\u00fablicas del pa\u00eds. Adem\u00e1s, aparece una noticia que informa que durante el 2001 en Colombia murieron 4000 civiles en hechos asociados al conflicto, fueron secuestrados 1700 y desaparecieron 300, lo cual deja un panorama sombr\u00edo seg\u00fan explica un informe de Amnist\u00eda Internacional.<\/p>\n<p>Palabras clave: Acciones contestatarias<\/p>\n<p>Sugerencia de palabras claves: NA<\/p>\n<p>Observaciones: NA<\/p>\n<p>Fecha de diligenciamiento: 31\/12\/2018<\/p>\n<h1 style=\"text-align: center;\">***<\/h1>\n<p><strong>N\u00famero de ficha<\/strong>: D96&nbsp;&nbsp;&nbsp;&nbsp;&nbsp;&nbsp;&nbsp;&nbsp;&nbsp;&nbsp;&nbsp;&nbsp;&nbsp;&nbsp;&nbsp;&nbsp;&nbsp;&nbsp;&nbsp;&nbsp;&nbsp;&nbsp;&nbsp;&nbsp;&nbsp;&nbsp;&nbsp;&nbsp;&nbsp;&nbsp;&nbsp;&nbsp;&nbsp;&nbsp;&nbsp;&nbsp;<\/p>\n<p><strong>Diligenciada por: <\/strong>Juan Camilo Parra Restrepo<\/p>\n<p><strong>INFORMACI\u00d3N BIBLIOGR\u00c1FICA<\/strong><\/p>\n<p>Peri\u00f3dico: El Colombiano<\/p>\n<p>Lugar de edici\u00f3n: Medell\u00edn<\/p>\n<p>Autor personal: NA<\/p>\n<p>Autor corporativo: NA<\/p>\n<p>Fecha: 08\/10\/2002<\/p>\n<p>P\u00e1gina: 2D<\/p>\n<p>Secci\u00f3n: Universitos<\/p>\n<p><strong>Titular: <\/strong>Esta semana, la U p\u00fablica en jornadas de movilizaci\u00f3n<\/p>\n<p><strong>Resumen: <\/strong>Los rectores de las Universidades p\u00fablicas del pa\u00eds firmaron una declaraci\u00f3n p\u00fablica para expresar su preocupaci\u00f3n y dejar algunos puntos en claro en relaci\u00f3n con las finanzas universitarias. Se\u00f1alan el peligro de reformar la ley 30 y los dos art\u00edculos (86 y 87) que han mantenido desde 1990 financieramente a las universidades.&nbsp;<\/p>\n<p><strong>Im\u00e1genes: <\/strong>NA<\/p>\n<p>INFORMACI\u00d3N ANAL\u00cdTICA<\/p>\n<p>Contexto de la noticia: Comienza la Operaci\u00f3n Onix mediante la cual el Gobierno Nacional busca fumigar los cultivos il\u00edcitos.<\/p>\n<p>Palabras clave: NA.<\/p>\n<p>Sugerencia de palabras claves: NA<\/p>\n<p>Observaciones: NA<\/p>\n<p>Fecha de diligenciamiento: 31\/12\/2018<\/p>\n<h1 style=\"text-align: center;\">***<\/h1>\n<p><strong>N\u00famero de ficha<\/strong>: D97&nbsp;&nbsp;&nbsp;&nbsp;&nbsp;&nbsp;&nbsp;&nbsp;&nbsp;&nbsp;&nbsp;&nbsp;&nbsp;&nbsp;&nbsp;&nbsp;&nbsp;&nbsp;&nbsp;&nbsp;&nbsp;&nbsp;&nbsp;&nbsp;&nbsp;&nbsp;&nbsp;&nbsp;&nbsp;&nbsp;&nbsp;&nbsp;&nbsp;&nbsp;&nbsp;&nbsp;<\/p>\n<p><strong>Diligenciada por: <\/strong>Juan Camilo Parra Restrepo<\/p>\n<p><strong>INFORMACI\u00d3N BIBLIOGR\u00c1FICA<\/strong><\/p>\n<p>Peri\u00f3dico: El Colombiano<\/p>\n<p>Lugar de edici\u00f3n: Medell\u00edn<\/p>\n<p>Autor personal: NA<\/p>\n<p>Autor corporativo: NA<\/p>\n<p>Fecha: 19\/10\/2002<\/p>\n<p>P\u00e1gina: 12A<\/p>\n<p>Secci\u00f3n: Paz y d.h<\/p>\n<p><strong>Titular: <\/strong>La polic\u00eda retir\u00f3 320 \u201cpapas\u201d de la U. de A.<\/p>\n<p><strong>Resumen: <\/strong>\u201cPor disposici\u00f3n de las directivas de la Universidad de Antioquia, el Grupo Antiexplosivos de la Polic\u00eda Metropolitana de Medell\u00edn retir\u00f3 del interior de Alma Mater 320 \u201cpapas explosivas\u201d que, al parecer, iban a utilizarse durante los disturbios del jueves pasado. En las escaramuzas, seg\u00fan el balance oficial, perdi\u00f3 la vida Juan Esteban Saldarriaga Villa, de 17 a\u00f1os, alumno del colegio Salesiano, de Boston. Otros dos j\u00f3venes estudiantes permanec\u00edan ayer en centros asistenciales debido a las heridas que recibieron cuando a uno de ellos se le estall\u00f3 el petardo. La Secretar\u00eda General de la U. de A. explic\u00f3 que el procedimiento del personal antiexplosivos \u201cse realiz\u00f3 en la noche del jueves\u201d y en el sitio (cerca del Bloque 9, pr\u00f3ximo a la porter\u00eda de la calle Barranquilla), adem\u00e1s de las \u201cpapas\u201d, la fuerza p\u00fablica encontr\u00f3 \u201cuna granada hechiza, siete bombas incendiarias, un kilo de p\u00f3lvora negra, una botella con gasolina y varios bombillos\u201d. Luego se complica esta labor, la Rector\u00eda \u201creiter\u00f3 que la universidad repudia la violencia como finalidad o como respuesta a cualquier acci\u00f3n humana o institucional\u201d.<\/p>\n<p><strong>Im\u00e1genes: <\/strong>NA<\/p>\n<p>INFORMACI\u00d3N ANAL\u00cdTICA<\/p>\n<p>Contexto de la noticia: Ecuador elige presidente el 20\/10\/2002.<\/p>\n<p>Palabras clave: Acciones contestatarias, Tropel, Ingreso de la fuerza p\u00fablica, Respuestas institucionales, Rector Alberto Uribe Correa<\/p>\n<p>Sugerencia de palabras claves: NA<\/p>\n<p>Observaciones: NA<\/p>\n<p>Fecha de diligenciamiento: 31\/12\/2018<\/p>\n<h1 style=\"text-align: center;\">***<\/h1>\n<p><strong>N\u00famero de ficha<\/strong>: D98&nbsp;&nbsp;&nbsp;&nbsp;&nbsp;&nbsp;&nbsp;&nbsp;&nbsp;&nbsp;&nbsp;&nbsp;&nbsp;&nbsp;&nbsp;&nbsp;&nbsp;&nbsp;&nbsp;&nbsp;&nbsp;&nbsp;&nbsp;&nbsp;&nbsp;&nbsp;&nbsp;&nbsp;&nbsp;&nbsp;&nbsp;&nbsp;&nbsp;&nbsp;&nbsp;&nbsp;<\/p>\n<p><strong>Diligenciada por: <\/strong>Juan Camilo Parra Restrepo<\/p>\n<p><strong>INFORMACI\u00d3N BIBLIOGR\u00c1FICA<\/strong><\/p>\n<p>Peri\u00f3dico: El Colombiano<\/p>\n<p>Lugar de edici\u00f3n: Medell\u00edn<\/p>\n<p>Autor personal: NA<\/p>\n<p>Autor corporativo: NA<\/p>\n<p>Fecha: 25\/10\/2002<\/p>\n<p>P\u00e1gina: 9A<\/p>\n<p>Secci\u00f3n: \u00c1rea Metro<\/p>\n<p><strong>Titular: <\/strong>Un menor muerto por disturbios en U. de A.<\/p>\n<p><strong>Resumen: <\/strong>Ayer (24\/10\/2002) hubo disturbios en la Universidad de Antioquia. Que dejan un saldo de un menor de 17 a\u00f1os muerto, dos heridos y tres detenidos. Los hechos sucedieron a las 11:30 cuando encapuchados se enfrentaron a la Polic\u00eda Metropolitana \u201cpor los operativos adelantados en los \u00faltimos d\u00edas en la comuna 13\u201d. 3 de los encapuchados quedaron heridos cuando uno de los artefactos explosivos le estall\u00f3 a uno en la mano. Inicialmente fueron atendidos en la Universidad en el servicio m\u00e9dico, pero luego llevados a un centro asistencial por la gravedad de las heridas, donde muri\u00f3 el menor. El rector encargado de la Universidad, Alberto Uribe Correa, \u201caclar\u00f3 que ninguna de las personas que resultaron heridas o que fueron detenidas por la Polic\u00eda est\u00e1 matriculada en programas acad\u00e9micos de la universidad.<\/p>\n<p><strong>Im\u00e1genes: <\/strong>D90<strong>. <\/strong>Fotograf\u00eda de los disturbios en la U. de A. Autor: No registra.<\/p>\n<p>INFORMACI\u00d3N ANAL\u00cdTICA<\/p>\n<p>Contexto de la noticia: En Medell\u00edn se realiza la Operaci\u00f3n Ori\u00f3n. Comunidades reclaman ayuda y presencia del Estado, m\u00e1s que operativos militares. Se afirma que es el combate urbano m\u00e1s duro en la historia del pa\u00eds.<\/p>\n<p>Palabras clave: Acciones contestatarias, Rector Alberto Uribe Correa<\/p>\n<p>Sugerencia de palabras claves: NA<\/p>\n<p>Observaciones: NA<\/p>\n<p>Fecha de diligenciamiento: 02\/01\/2019<\/p>\n<h1 style=\"text-align: center;\">***<\/h1>\n<p><strong>N\u00famero de ficha<\/strong>: D99&nbsp;&nbsp;&nbsp;&nbsp;&nbsp;&nbsp;&nbsp;&nbsp;&nbsp;&nbsp;&nbsp;&nbsp;&nbsp;&nbsp;&nbsp;&nbsp;&nbsp;&nbsp;&nbsp;&nbsp;&nbsp;&nbsp;&nbsp;&nbsp;&nbsp;&nbsp;&nbsp;&nbsp;&nbsp;&nbsp;&nbsp;&nbsp;&nbsp;&nbsp;&nbsp;&nbsp;<\/p>\n<p><strong>Diligenciada por: <\/strong>Juan Camilo Parra Restrepo<\/p>\n<p><strong>INFORMACI\u00d3N BIBLIOGR\u00c1FICA<\/strong><\/p>\n<p>Peri\u00f3dico: El Colombiano<\/p>\n<p>Lugar de edici\u00f3n: Medell\u00edn<\/p>\n<p>Autor personal: NA<\/p>\n<p>Autor corporativo: NA<\/p>\n<p>Fecha: 02\/11\/2002<\/p>\n<p>P\u00e1gina: 12A<\/p>\n<p>Secci\u00f3n: Paz y d.h.<\/p>\n<p><strong>Titular: <\/strong>La U. de A. hizo una reflexi\u00f3n por la vida<\/p>\n<p><strong>Resumen: <\/strong>\u201cUn acto cargado de s\u00edmbolos vivi\u00f3 la Universidad de Antioquia, al medio d\u00eda de ayer, cuando cientos de personas se congregaron en su plazoleta central para hacer un llamado por la vida y la convivencia. Con camisetas blancas y globos blancos y verdes, estudiantes, profesores, empleados y directivos se congregaron en esta jornada de reflexi\u00f3n bajo el lema Tambi\u00e9n somos el Blanco, que fue un nuevo llamado a los grupos ilegales para que marginen del conflicto a la Universidad. Un toque, a cuatro trompetas, de la Marcha F\u00fanebre, abri\u00f3 el breve acto, en el que el silencio fue la nota predominante. All\u00ed no hubo discursos, solo espacio para la reflexi\u00f3n. Posteriormente, al entonar el himno de la Universidad de Antioquia, los asistentes soltaron sus globos blancos y verdes para estallar en un prolongado aplauso, mientras la fuente, que hab\u00eda estado cerrada, volv\u00eda a esparcir su agua. De esta manera concluy\u00f3 la jornada, que, seg\u00fan sus organizadores fue un clamor por la vida que, esperan, sea escuchado por todos\u201d. El rector de la Universidad, Alberto Uribe Correa, manifest\u00f3 que \u201c\u201cla acogida que tuvimos para este acto nos entusiasma para continuar con este tipo de campa\u00f1as, que est\u00e1n dirigidas a despertar la reflexi\u00f3n entre la comunidad universitaria y entre la sociedad\u201d (&#8230;) El funcionario destac\u00f3 el uso de s\u00edmbolos, m\u00e1s que de palabras, para llegar a la consciencia de la comunidad y hacer respetar la labor de la U. de A.\u201d.<\/p>\n<p><strong>Im\u00e1genes: <\/strong>D102A y D103B.<\/p>\n<p>INFORMACI\u00d3N ANAL\u00cdTICA<\/p>\n<p>Contexto de la noticia: Se advierte que con la Operaci\u00f3n Ori\u00f3n no termina el conflicto en la ciudad de Medell\u00edn. Se denuncia falta de recursos en programas de reinserci\u00f3n y aumento de combatientes tanto en autodefensas como guerrillas.<\/p>\n<p>Palabras clave: Jornada cultural, toma pac\u00edfica de lugar<\/p>\n<p>Sugerencia de palabras claves: NA<\/p>\n<p>Observaciones: NA<\/p>\n<p>Fecha de diligenciamiento: 02\/01\/2019<\/p>\n<h1 style=\"text-align: center;\">***<\/h1>\n<p><strong>N\u00famero de ficha<\/strong>: D100&nbsp;&nbsp;&nbsp;&nbsp;&nbsp;&nbsp;&nbsp;&nbsp;&nbsp;&nbsp;&nbsp;&nbsp;&nbsp;&nbsp;&nbsp;&nbsp;&nbsp;&nbsp;&nbsp;&nbsp;&nbsp;&nbsp;&nbsp;&nbsp;&nbsp;&nbsp;&nbsp;&nbsp;&nbsp;&nbsp;&nbsp;&nbsp;&nbsp;&nbsp;&nbsp;&nbsp;<\/p>\n<p><strong>Diligenciada por: <\/strong>Juan Camilo Parra Restrepo<\/p>\n<p><strong>INFORMACI\u00d3N BIBLIOGR\u00c1FICA<\/strong><\/p>\n<p>Peri\u00f3dico: El Colombiano<\/p>\n<p>Lugar de edici\u00f3n: Medell\u00edn<\/p>\n<p>Autor personal: NA<\/p>\n<p>Autor corporativo: NA<\/p>\n<p>Fecha: 07\/11\/2002<\/p>\n<p>P\u00e1gina: 12A<\/p>\n<p>Secci\u00f3n: Paz y d.h.<\/p>\n<p><strong>Titular: <\/strong>U. de A. fue tomada por desplazados<\/p>\n<p><strong>Resumen: <\/strong>Cientos de desplazados ingresaron ayer (06\/11\/2002) de forma pac\u00edfica a la Universidad de Antioquia para demandar atenci\u00f3n oficial y exigir protecci\u00f3n por parte del Estado. Para los l\u00edderes de la protesta hay alrededor de entre 700 y 900 desplazados de diversos asentamientos de la comuna noroccidental de Medell\u00edn est\u00e1n protestando en la Universidad. La Alcald\u00eda de Medell\u00edn afirma que son alrededor 300. Sin embargo, se dice que lo \u00fanico certero es la cifra recolectada por la Facultad de Salud P\u00fablica de la Universidad de Antioquia que afirma que dentro de los desplazados hay 121 menores de 13 a\u00f1os, 4 de ellos enfermos. Los desplazados ingresaron a eso de las 8:30 a.m. a la Universidad y de inmediato la polic\u00eda cerc\u00f3 ciudad universitaria y la rector\u00eda declar\u00f3 el cese de actividades. Hubo disturbios en la porter\u00eda de Barranquilla a las 10:00, momento en que los estudiantes abrieron las puertas de la Universidad y otro grupo de desplazados ingres\u00f3 al campus. Representantes de los gremios de trabajadores, docentes, jubilados y estudiantes apoyan a los desplazados, demandan una reuni\u00f3n con miembros de la Rector\u00eda y afirman que su apoyo no es hacia alg\u00fan miembro del conflicto armado. Piden una salida concertada y el cese de acciones por parte de la Polic\u00eda, quien lanzaba gases lacrim\u00f3genos desde la porter\u00eda de Barranquilla. Los asentamientos de donde vienen son El Pinal, Altos de Oriente, Carambolas, La Cruz y La Honda. Entre las peticiones est\u00e1 el cese de operativos militares en los asentamientos, que sean reconocidos como campos de refugiados, ubicar a 500 familias en condici\u00f3n de refugiadas o asiladas y garantizar un retorno seguro a las tierras que abandonaron por la violencia. La Pastoral Social tambi\u00e9n apoy\u00f3 las acciones de los desplazados. Las clases se suspendieron para el d\u00eda jueves (07\/11\/2002) y no se autoriza el ingreso de personas a la Universidad.<\/p>\n<p><strong>Im\u00e1genes: <\/strong>D103A y D103B. Fotograf\u00edas de la Universidad y los desplazados en ella. Autor: Carlos Ocampo Restrepo.<\/p>\n<p>INFORMACI\u00d3N ANAL\u00cdTICA<\/p>\n<p>Contexto de la noticia: Hay combates entre Farc y ej\u00e9rcito en la v\u00eda a la costa, en Puerto Valdivia. Farc insiste en el canje de Ingrid Betancourt y Guillermo Gaviria por guerrilleros presos.<\/p>\n<p>Palabras clave: Toma pac\u00edfica de lugar, Acciones contestatarias, Tropel, Desplazados<\/p>\n<p>Sugerencia de palabras claves: NA<\/p>\n<p>Observaciones: NA<\/p>\n<p>Fecha de diligenciamiento: 02\/01\/2019<\/p>\n<h1 style=\"text-align: center;\">***<\/h1>\n<p><strong>N\u00famero de ficha<\/strong>: D101&nbsp;&nbsp;&nbsp;&nbsp;&nbsp;&nbsp;&nbsp;&nbsp;&nbsp;&nbsp;&nbsp;&nbsp;&nbsp;&nbsp;&nbsp;&nbsp; &nbsp;&nbsp;&nbsp;&nbsp;&nbsp;&nbsp;&nbsp;&nbsp;&nbsp;&nbsp;&nbsp;&nbsp;&nbsp;&nbsp;&nbsp;&nbsp;&nbsp;&nbsp;&nbsp;&nbsp;<\/p>\n<p><strong>Diligenciada por: <\/strong>Juan Camilo Parra Restrepo<\/p>\n<p><strong>INFORMACI\u00d3N BIBLIOGR\u00c1FICA<\/strong><\/p>\n<p>Peri\u00f3dico: El Colombiano<\/p>\n<p>Lugar de edici\u00f3n: Medell\u00edn<\/p>\n<p>Autor personal: NA<\/p>\n<p>Autor corporativo: NA<\/p>\n<p>Fecha: 08\/11\/2002<\/p>\n<p>P\u00e1gina: 12A<\/p>\n<p>Secci\u00f3n: Paz y d.h.<\/p>\n<p><strong>Titular: <\/strong>En paz termin\u00f3 la toma de la U. de A.<\/p>\n<p><strong>Resumen: <\/strong>A las 11 a.m. del 07\/11\/2002 termin\u00f3 la toma de la Universidad de Antioquia por parte de familias desplazadas del noroccidente de Medell\u00edn a causa de la violencia. La toma concluy\u00f3 con la atenci\u00f3n en salud y educaci\u00f3n, as\u00ed como que las autoridades municipales, regionales y nacionales escucharan las peticiones de los desplazados, entre las cuales se buscan acciones frente a las amenazas de masacre proferidas contra miembros de esas comunidades ubicados en los asentamientos de El Pinal, Bello Oriente, Carambolas, La Cruz, La Honda y Altos de Oriente, todos de la comuna noroccidental. Los desplazados asearon las instalaciones de la Universidad. El acuerdo se realiz\u00f3 a las 3 de la ma\u00f1ana entre las comunidades y miembros de los diferentes entes del gobierno, con la mediaci\u00f3n de organismos de control. El rector de la U. de A., Alberto Uribe Correa, celebr\u00f3 el acuerdo y resalt\u00f3 que se logr\u00f3 mediante v\u00edas de di\u00e1logo y la concertaci\u00f3n y no mediante el uso de la fuerza y la violencia.<\/p>\n<p><strong>Im\u00e1genes: <\/strong>NA<\/p>\n<p>INFORMACI\u00d3N ANAL\u00cdTICA<\/p>\n<p>Contexto de la noticia: Ej\u00e9rcito asume el control de Puerto Valdivia. Hoy fue liberado por derecho a habeas corpus el jefe del cartel de Cali, Gilberto Rodr\u00edguez Orejuela.<\/p>\n<p>Palabras clave: Toma pac\u00edfica de lugares, Rector Alberto Uribe Correa, negociaci\u00f3n, di\u00e1logo, desplazados<\/p>\n<p>Sugerencia de palabras claves: NA<\/p>\n<p>Observaciones: NA<\/p>\n<p>Fecha de diligenciamiento: 02\/01\/2019<\/p>\n<h1 style=\"text-align: center;\">***<\/h1>\n<p><strong>N\u00famero de ficha<\/strong>: D102&nbsp;&nbsp;&nbsp;&nbsp;&nbsp;&nbsp;&nbsp;&nbsp;&nbsp;&nbsp;&nbsp;&nbsp;&nbsp;&nbsp;&nbsp;&nbsp;&nbsp;&nbsp;&nbsp;&nbsp;&nbsp;&nbsp;&nbsp;&nbsp;&nbsp;&nbsp;&nbsp;&nbsp;&nbsp;&nbsp;&nbsp;&nbsp;&nbsp;&nbsp;&nbsp;&nbsp;<\/p>\n<p><strong>Diligenciada por: <\/strong>Juan Camilo Parra Restrepo<\/p>\n<p><strong>INFORMACI\u00d3N BIBLIOGR\u00c1FICA<\/strong><\/p>\n<p>Peri\u00f3dico: El Colombiano<\/p>\n<p>Lugar de edici\u00f3n: Medell\u00edn<\/p>\n<p>Autor personal: NA<\/p>\n<p>Autor corporativo: NA<\/p>\n<p>Fecha: 06\/08\/2003<\/p>\n<p>P\u00e1gina: 10a<\/p>\n<p>Secci\u00f3n: Metro<\/p>\n<p><strong>Titular: <\/strong>Docentes U. de A. en asamblea<\/p>\n<p><strong>Resumen: \u201c<\/strong>Los profesores de la Universidad de Antioquia se declararon en Asamblea Permanente para exigir que el Consejo Superior analice su situaci\u00f3n salarial, afectada por la p\u00e9rdida de poder adquisitivo por no haberles aumentado anualmente su remuneraci\u00f3n. Los profesores acordaron asimismo retirar a su representante ante el Comit\u00e9 de Puntaje y no cubrir la vacante existente por considerar que la administraci\u00f3n domina su composici\u00f3n. Los profesores har\u00e1n reuniones estos d\u00edas y el pr\u00f3ximo martes a las nueve de la ma\u00f1ana analizar\u00e1n c\u00f3mo sigue la situaci\u00f3n\u201d.<\/p>\n<p><strong>Im\u00e1genes: <\/strong>NA<\/p>\n<p>INFORMACI\u00d3N ANAL\u00cdTICA<\/p>\n<p>Contexto de la noticia: El Bloque Metro, disidente de las Autodefensas Unidas de Colombia, anunci\u00f3 estar dispuesto a dialogar con el Gobierno Nacional.<\/p>\n<p>Palabras clave: Asamblea General de Profesores<\/p>\n<p>Sugerencia de palabras claves: NA<\/p>\n<p>Observaciones: NA<\/p>\n<p>Fecha de diligenciamiento: 02\/01\/2019<\/p>\n<h1 style=\"text-align: center;\">***<\/h1>\n<p><strong>N\u00famero de ficha<\/strong>: D103&nbsp;&nbsp;&nbsp;&nbsp;&nbsp;&nbsp;&nbsp;&nbsp;&nbsp;&nbsp;&nbsp;&nbsp;&nbsp;&nbsp;&nbsp;&nbsp;&nbsp;&nbsp;&nbsp;&nbsp;&nbsp;&nbsp;&nbsp;&nbsp;&nbsp;&nbsp;&nbsp;&nbsp;&nbsp;&nbsp;&nbsp;&nbsp;&nbsp;&nbsp;&nbsp;&nbsp;<\/p>\n<p><strong>Diligenciada por: <\/strong>Juan Camilo Parra Restrepo<\/p>\n<p><strong>INFORMACI\u00d3N BIBLIOGR\u00c1FICA<\/strong><\/p>\n<p>Peri\u00f3dico: El Colombiano<\/p>\n<p>Lugar de edici\u00f3n: Medell\u00edn<\/p>\n<p>Autor personal: NA<\/p>\n<p>Autor corporativo: NA<\/p>\n<p>Fecha: 27\/05\/2004<\/p>\n<p>P\u00e1gina: 2A<\/p>\n<p>Secci\u00f3n: La<\/p>\n<p><strong>Titular: <\/strong>Liberar a profesor y alumno pide U. de A.<\/p>\n<p><strong>Resumen: <\/strong>\u201cLa Universidad de Antioquia le reclam\u00f3 al frente 41 de las Farc la pronta liberaci\u00f3n de Diego Calder\u00f3n Franco, estudiante de Biolog\u00eda de la Facultad de Ciencias Exactas y Naturales del Alma M\u00e1ter, y de Ermes Cuadros Villalobo, profesor de la Universidad del Atl\u00e1ntico. Ambos fueron secuestrados el pasado 17 de abril en la serran\u00eda del Perij\u00e1, donde realizaban estudios de campo de una investigaci\u00f3n sobre la biodiversidad de los Andes. Calder\u00f3n parece diabetes cr\u00f3nica y necesita el suministro diario de insulina\u201d.<\/p>\n<p><strong>Im\u00e1genes: <\/strong>NA<\/p>\n<p>INFORMACI\u00d3N ANAL\u00cdTICA<\/p>\n<p>Contexto de la noticia: El 02 de mayo las Farc cometen la masacre de Bojay\u00e1.<\/p>\n<p>Palabras clave: Secuestro, Farc<\/p>\n<p>Sugerencia de palabras claves: NA<\/p>\n<p>Observaciones: NA<\/p>\n<p>Fecha de diligenciamiento: 02\/01\/2019<\/p>\n<h1 style=\"text-align: center;\">***<\/h1>\n<p><strong>N\u00famero de ficha<\/strong>: D104&nbsp;&nbsp;&nbsp;&nbsp;&nbsp;&nbsp;&nbsp;&nbsp;&nbsp;&nbsp;&nbsp;&nbsp;&nbsp;&nbsp;&nbsp;&nbsp;&nbsp;&nbsp;&nbsp;&nbsp;&nbsp;&nbsp;&nbsp;&nbsp; &nbsp;&nbsp;&nbsp;&nbsp;&nbsp;&nbsp;&nbsp;&nbsp;&nbsp;&nbsp;&nbsp;&nbsp;<\/p>\n<p><strong>Diligenciada por: <\/strong>Juan Camilo Parra Restrepo<\/p>\n<p><strong>INFORMACI\u00d3N BIBLIOGR\u00c1FICA<\/strong><\/p>\n<p>Peri\u00f3dico: El Colombiano<\/p>\n<p>Lugar de edici\u00f3n: Medell\u00edn<\/p>\n<p>Autor personal: NA<\/p>\n<p>Autor corporativo: NA<\/p>\n<p>Fecha: 29\/06\/2004<\/p>\n<p>P\u00e1gina: 11A<\/p>\n<p>Secci\u00f3n: Paz&nbsp; y d.h.<\/p>\n<p><strong>Titular: <\/strong>Estudiante de U. de A. sigue plagiado<\/p>\n<p><strong>Resumen: <\/strong>\u201cUn bot\u00e1nico y un gu\u00eda campesino fueron dejados en libertad por un grupo armado, al parecer de las Farc, que los hab\u00eda secuestrado, el 17 de abril en la Serran\u00eda de Perij\u00e1, en los l\u00edmites de Colombia y Venezuela. Pero un ornit\u00f3logo que estaba con ellos sigue plagiado. El bot\u00e1nico Hermes Cuadros Villalobos dijo desde su domicilio en la ciudad de Barranquilla, que el ornit\u00f3logo Diego Calder\u00f3n Franco, estudiante de Biolog\u00eda de la Universidad de Antioquia, contin\u00faa en poder de los captores. Cuadros precis\u00f3 en declaraciones a emisoras de radio en Barranquilla, que \u00e9l y Jos\u00e9 Alberto Sabrich, gu\u00eda de la misi\u00f3n, fueron puestos en libertad el pasado viernes, cuando emprendieron una caminata que concluy\u00f3 el domingo en Manaure, La Guajira (&#8230;) Cuadros Villalobos indic\u00f3 que los hombres que los ten\u00edan secuestrados vest\u00edan \u201cuniformes nuevos de las Fuerzas Militares, pero no s\u00e9 a qu\u00e9 grupo pertenec\u00edan\u201d. Cuadros es investigador y profesor de la Universidad del Atl\u00e1ntico. Calder\u00f3n est\u00e1 vinculado a la Universidad del Atl\u00e1ntico y estudia en la U. de A. y parece diabetes por lo que requiere dosis diarias de insulina. \u201cEn Medell\u00edn y otras ciudades, las organizaciones de cient\u00edficos han programado varias jornadas para reclamar la liberaci\u00f3n de Diego. En tanto que su familia record\u00f3 la labor que realiza el joven por la investigaci\u00f3n en el pa\u00eds (&#8230;) De acuerdo con la versi\u00f3n suministrada por el profesor Cuadros Villalobos, el estudiante fue separado del bot\u00e1nico y del gu\u00eda una semana despu\u00e9s del secuestro. El cient\u00edfico dijo que los captores explicaron la retenci\u00f3n en la necesidad de investigar sus actividades en la zona selv\u00e1tica, que forma parte del departamento del Cesar. No obstante, nunca supieron m\u00e1s de Diego\u201d.<\/p>\n<p><strong>Im\u00e1genes: <\/strong>D108. Se adjunta fotograf\u00eda del estudiante secuestrado. Autor: No registra.<\/p>\n<p>INFORMACI\u00d3N ANAL\u00cdTICA<\/p>\n<p>Contexto de la noticia: Luego de la amenaza de las Farc de un paro armado en el oriente antioque\u00f1o el ej\u00e9rcito aumenta la presencia.<\/p>\n<p>Palabras clave: Secuestro, Movilizaci\u00f3n social, Farc<\/p>\n<p>Sugerencia de palabras claves: NA<\/p>\n<p>Observaciones: NA<\/p>\n<p>Fecha de diligenciamiento: 03\/01\/2019<\/p>\n<h1 style=\"text-align: center;\">***<\/h1>\n<p><strong>N\u00famero de ficha<\/strong>: D105&nbsp;&nbsp;&nbsp;&nbsp;&nbsp;&nbsp;&nbsp;&nbsp;&nbsp;&nbsp;&nbsp;&nbsp;&nbsp;&nbsp;&nbsp;&nbsp;&nbsp;&nbsp;&nbsp;&nbsp;&nbsp;&nbsp;&nbsp;&nbsp;&nbsp;&nbsp;&nbsp;&nbsp;&nbsp;&nbsp;&nbsp;&nbsp;&nbsp;&nbsp;&nbsp;&nbsp;<\/p>\n<p><strong>Diligenciada por: <\/strong>Juan Camilo Parra Restrepo<\/p>\n<p><strong>INFORMACI\u00d3N BIBLIOGR\u00c1FICA<\/strong><\/p>\n<p>Peri\u00f3dico: El Colombiano<\/p>\n<p>Lugar de edici\u00f3n: Medell\u00edn<\/p>\n<p>Autor personal: NA<\/p>\n<p>Autor corporativo: NA<\/p>\n<p>Fecha: 03\/08\/2004<\/p>\n<p>P\u00e1gina: 12A<\/p>\n<p>Secci\u00f3n: Paz y D.H<\/p>\n<p><strong>Titular: <\/strong>Jubilados piden retirar demandas<\/p>\n<p><strong>Resumen: <\/strong>\u201cPara solidarizarse con la Asociaci\u00f3n de Jubilados y Pensionados de la U. de A., ayer la asamblea estudiantil prohibi\u00f3 el ingreso de veh\u00edculos y continu\u00f3 el bloqueo el edificio administrativo y el 22. Carlos Ca\u00f1as, presidente de Apenjudea, indic\u00f3 que algunos docentes han impartido sus clases, pero que \u201clos m\u00e1s consecuentes han respetado la acci\u00f3n pol\u00edtica\u201d. Ca\u00f1as dijo que el motivo de la protesta es que la Administraci\u00f3n retire las demandas contra ellos, evite apelar los fallos y no quedar a la espera de las decisiones de los juzgados para los 102 casos en proceso. Formular un proyecto de ley para resolver la situaci\u00f3n, es una intenci\u00f3n que tienen\u201d.<\/p>\n<p><strong>Im\u00e1genes: <\/strong>NA<\/p>\n<p>INFORMACI\u00d3N ANAL\u00cdTICA<\/p>\n<p>Contexto de la noticia: Las acciones de los estudiantes se dan en el marco del conflicto entre los jubilados de la Universidad de Antioquia y las directivas de la misma, a ra\u00edz de la demanda que realiz\u00f3 la universidad contra 109 jubilados.<\/p>\n<p>Palabras clave: Movilizaci\u00f3n social, Asamblea General de Estudiantes, Sindicato<\/p>\n<p>Sugerencia de palabras claves: NA<\/p>\n<p>Observaciones: NA<\/p>\n<p>Fecha de diligenciamiento: 03\/01\/2019<\/p>\n<h1 style=\"text-align: center;\">***<\/h1>\n<p><strong>N\u00famero de ficha<\/strong>: D106&nbsp;&nbsp;&nbsp;&nbsp;&nbsp;&nbsp;&nbsp;&nbsp;&nbsp;&nbsp;&nbsp;&nbsp;&nbsp;&nbsp;&nbsp;&nbsp;&nbsp;&nbsp;&nbsp;&nbsp;&nbsp;&nbsp;&nbsp;&nbsp;&nbsp;&nbsp;&nbsp;&nbsp;&nbsp;&nbsp;&nbsp;&nbsp;&nbsp;&nbsp;&nbsp;&nbsp;<\/p>\n<p><strong>Diligenciada por: <\/strong>Juan Camilo Parra Restrepo<\/p>\n<p><strong>INFORMACI\u00d3N BIBLIOGR\u00c1FICA<\/strong><\/p>\n<p>Peri\u00f3dico: El Colombiano<\/p>\n<p>Lugar de edici\u00f3n: Medell\u00edn<\/p>\n<p>Autor personal: NA<\/p>\n<p>Autor corporativo: NA<\/p>\n<p>Fecha: 12\/08\/2004<\/p>\n<p>P\u00e1gina: 12A<\/p>\n<p>Secci\u00f3n: Paz y d.h.<\/p>\n<p><strong>Titular: <\/strong>Extra\u00f1eza en U. de A. por captura de profesor<\/p>\n<p><strong>Resumen: <\/strong>\u201cPara la Polic\u00eda, el matem\u00e1tico Rodrigo Castro Mar\u00edn es ide\u00f3logo del ELN\u201d. El profesor es docente del Departamento de Matem\u00e1ticas de la Universidad de Antioquia y fue capturado por su presunta vinculaci\u00f3n con el frente Carlos Alirio Buitrago, del ELN. La Universidad de Antioquia pidi\u00f3 que se respete el debido proceso y asegur\u00f3 que el profesor tendr\u00e1 el respaldo del Consultorio Jur\u00eddico de la Universidad. El profesor es egresado de la U. de A. y estudiante de la Maestr\u00eda en Sistemas Din\u00e1micos. Seg\u00fan la Polic\u00eda el profesor responde al alias de La Roca y con su captura y la de otras 8 personas en Guatap\u00e9, El Pe\u00f1ol, Marinilla, Guarne, Medell\u00edn y Cartagena, se habr\u00eda desmantelado una red de milicias urbanas del ELN. A los cuales se les sindica de rebeli\u00f3n, extorsi\u00f3n, secuestros y homicidios en la regi\u00f3n. Seg\u00fan la Polic\u00eda ser\u00edan los autores de varios atentados. De igual forma, se decomis\u00f3 un arma de fuego, munici\u00f3n y mensajes subversivos, entre otros elementos.<\/p>\n<p><strong>Im\u00e1genes: <\/strong>NA<\/p>\n<p>INFORMACI\u00d3N ANAL\u00cdTICA<\/p>\n<p>Contexto de la noticia: \u00c1lvaro Uribe toma posesi\u00f3n como presidente de la rep\u00fablica.<\/p>\n<p>Palabras clave: ELN,<\/p>\n<p>Sugerencia de palabras claves: Captura (apresamiento con medida de aseguramiento).<\/p>\n<p>Observaciones: NA<\/p>\n<p>Fecha de diligenciamiento: 03\/01\/2019<\/p>\n<h1 style=\"text-align: center;\">***<\/h1>\n<p><strong>N\u00famero de ficha<\/strong>: D107&nbsp;&nbsp;&nbsp;&nbsp;&nbsp;&nbsp;&nbsp;&nbsp;&nbsp;&nbsp;&nbsp;&nbsp;&nbsp;&nbsp;&nbsp;&nbsp;&nbsp;&nbsp;&nbsp;&nbsp;&nbsp;&nbsp;&nbsp;&nbsp;&nbsp;&nbsp;&nbsp;&nbsp;&nbsp;&nbsp;&nbsp;&nbsp;&nbsp;&nbsp;&nbsp;&nbsp;<\/p>\n<p><strong>Diligenciada por: <\/strong>Juan Camilo Parra Restrepo<\/p>\n<p><strong>INFORMACI\u00d3N BIBLIOGR\u00c1FICA<\/strong><\/p>\n<p>Peri\u00f3dico: El Colombiano<\/p>\n<p>Lugar de edici\u00f3n: Medell\u00edn<\/p>\n<p>Autor personal: NA<\/p>\n<p>Autor corporativo: NA<\/p>\n<p>Fecha: 28\/08\/2004<\/p>\n<p>P\u00e1gina: 02<\/p>\n<p>Secci\u00f3n: \u00c1rea Metro<\/p>\n<p><strong>Titular: <\/strong>Acuerdo parcial en la U. de A.<\/p>\n<p><strong>Resumen: <\/strong>En apoyo a las demandas de los jubilados en contra de las acciones de la Universidad de Antioquia, como demandarlos y apelar los fallos, a pesar de los acuerdos a los que hab\u00edan llegado de no hacerlo, los estudiantes de la Universidad, en Asamblea General de Estudiantes, decidieron crear una comisi\u00f3n integrada por estudiantes, docentes de la Facultad de Derecho, la administraci\u00f3n y apoderados de los pensionados. Los estudiantes, adem\u00e1s, ven\u00edan realizando bloqueos al bloque 22 -administrativo- y a las porter\u00edas.<\/p>\n<p><strong>Im\u00e1genes: <\/strong>NA<\/p>\n<p>INFORMACI\u00d3N ANAL\u00cdTICA<\/p>\n<p>Contexto de la noticia: Hay denuncias de que las Autodefensas contin\u00faan ejerciendo presencia en los barrios de Medell\u00edn.<\/p>\n<p>Palabras clave: Movilizaci\u00f3n social,<\/p>\n<p>Sugerencia de palabras claves: NA<\/p>\n<p>Observaciones: NA<\/p>\n<p>Fecha de diligenciamiento: 03\/01\/2019<\/p>\n<h1 style=\"text-align: center;\">***<\/h1>\n<p><strong>N\u00famero de ficha<\/strong>: D108&nbsp;&nbsp;&nbsp;&nbsp;&nbsp;&nbsp;&nbsp;&nbsp;&nbsp;&nbsp;&nbsp;&nbsp;&nbsp;&nbsp;&nbsp;&nbsp;&nbsp;&nbsp;&nbsp;&nbsp;&nbsp;&nbsp;&nbsp;&nbsp;&nbsp;&nbsp;&nbsp;&nbsp;&nbsp;&nbsp;&nbsp;&nbsp;&nbsp;&nbsp;&nbsp;&nbsp;<\/p>\n<p><strong>Diligenciada por: <\/strong>Juan Camilo Parra Restrepo<\/p>\n<p><strong>INFORMACI\u00d3N BIBLIOGR\u00c1FICA<\/strong><\/p>\n<p>Peri\u00f3dico: El Colombiano<\/p>\n<p>Lugar de edici\u00f3n: Medell\u00edn<\/p>\n<p>Autor personal: Juan Carlos Monroy Giraldo<\/p>\n<p>Autor corporativo: NA<\/p>\n<p>Fecha: 11\/02\/2005<\/p>\n<p>P\u00e1gina: 2D<\/p>\n<p>Secci\u00f3n: \u00c1rea Metro<\/p>\n<p><strong>Titular: <\/strong>Explosi\u00f3n deja 17 heridos en U. de A.<\/p>\n<p><strong>Resumen: <\/strong>En el marco de un tropel en la Universidad de Antioquia, donde estudiantes protestaban en contra de las negociaciones del TLC de Colombia con Estados Unidos, se explota una papa bomba mientras varios capuchos la estaban armando. La Polic\u00eda estaba disparando gases lacrim\u00f3genos dentro de la Universidad y un grupo de estudiantes lanzaba piedras cuando ocurre la explosi\u00f3n que dej\u00f3 17 heridos, de ellos hay dos hombres y dos mujeres heridas de gravedad (con quemaduras de tercer grado entre un 70 y 80% de su cuerpo). Entre estos \u00faltimos, cuyo pron\u00f3stico se mencionaba como reservado ante su estado cr\u00edtico, se menciona Magaly Betancur, estudiante de ingenier\u00eda f\u00edsica, de la Universidad Nacional (se explica que ambas universidades tienen convenios y por eso ten\u00eda derecho a utilizar los laboratorios de la U. de A.)., sometida a una cirug\u00eda para salvarle la vida.<\/p>\n<p>Se informa que los enfrentamientos comenzaron a eso de las 11 de la ma\u00f1ana, cuando 50 encapuchados se tomaron la plazoleta central. Fue tomada por la fuerza un centro de fotocopiado, para hacer copias de las consignas en contra de las negociaciones comerciales; adicional, se irrumpi\u00f3 en la farmacia de la universidad donde fueron tomados medicamentos y elementos de primeros auxilios. El enfrentamiento principal ocurre cuando los manifestantes intentan salir del campus y se encuentran con el Escuadr\u00f3n M\u00f3vil Antidisturbios de la Polic\u00eda. Una persona fue capturada por miembros del Esmad.<\/p>\n<p>La Universidad de Antioquia, mediante un comunicado, lament\u00f3 los hechos ocurridos reiterando \u201cel llamado a la comunidad universitaria para que defienda el claustro como un espacio abierto para el debate de las ideas\u201d. El comunicado no se reproduce en el peri\u00f3dico, solo se menciona. Adicional a \u00e9l, se citan las palabras de Martiniano Jaime Contreras, vicerrector general, quien afirma que: Es muy triste que se haya llegado a estos extremos que muestran que la violencia no es el camino para expresarse. La situaci\u00f3n fue muy tensa y dif\u00edcil y los 17 heridos que dej\u00f3 este hecho nos tienen que hacer reflexionar.<\/p>\n<p>Se explica que, de los 17 heridos, 10 son estudiantes de la Universidad de Antioquia, 1 es de la Universidad Nacional y el resto no hacen parte de la comunidad acad\u00e9mica. Se suspenden las actividades acad\u00e9micas hasta el lunes 14 de febrero de 2005. Adem\u00e1s, se cita a un Consejo Acad\u00e9mico Extraordinario.<\/p>\n<p><strong>Im\u00e1genes: <\/strong>IMG108A e IMG108B. Fotograf\u00edas de un estudiante herido y de un estudiante siendo capturado, respectivamente. Fotos: Juan Carlos Monroy G., y Juan Antonio S\u00e1nchez, respectivamente.<\/p>\n<p>INFORMACI\u00d3N ANAL\u00cdTICA<\/p>\n<p>Contexto de la noticia: La noticia se produce en el marco de las negociaciones para firmar un Tratado de Libre Comercio entre Colombia y Estados Unidos; lo cual, de hecho, es motivo de las protestas. Adem\u00e1s, se encuentra que a nivel nacional hay una discusi\u00f3n sobre la Ley de Justicia y Paz, con la cual el Gobierno Nacional busca darles un marco jur\u00eddico a las desmovilizaciones de autodefensas.<\/p>\n<p>Palabras clave: Acciones contestatarias, tropel, Magaly Betancur, acciones de resistencia, comunicado, Declaratoria de neutralidad o de territorio de paz, Respuestas institucionales, cierre administrativo, detenciones, Actores, Consejo Acad\u00e9mico<\/p>\n<p>Sugerencia de palabras claves: NA<\/p>\n<p>Observaciones: NA<\/p>\n<p>Fecha de diligenciamiento: 11\/02\/2019<\/p>\n<h1 style=\"text-align: center;\">***<\/h1>\n<p><strong>N\u00famero de ficha<\/strong>: D109&nbsp;&nbsp;&nbsp;&nbsp;&nbsp;&nbsp;&nbsp;&nbsp;&nbsp;&nbsp;&nbsp;&nbsp;&nbsp;&nbsp;&nbsp;&nbsp;&nbsp;&nbsp;&nbsp;&nbsp;&nbsp;&nbsp;&nbsp;&nbsp;&nbsp;&nbsp;&nbsp;&nbsp;&nbsp;&nbsp;&nbsp;&nbsp;&nbsp;&nbsp;&nbsp;&nbsp;<\/p>\n<p><strong>Diligenciada por: <\/strong>Juan Camilo Parra Restrepo<\/p>\n<p><strong>INFORMACI\u00d3N BIBLIOGR\u00c1FICA<\/strong><\/p>\n<p>Peri\u00f3dico: El Colombiano<\/p>\n<p>Lugar de edici\u00f3n: Medell\u00edn<\/p>\n<p>Autor personal: Juan Carlos Monroy Giraldo<\/p>\n<p>Autor corporativo: NA<\/p>\n<p>Fecha: 12\/02\/2005<\/p>\n<p>P\u00e1gina: 6D<\/p>\n<p>Secci\u00f3n: \u00c1rea regional<\/p>\n<p><strong>Titular: <\/strong>El pr\u00f3ximo mi\u00e9rcoles se reanudan clases en la U. de A.<\/p>\n<p><strong>Resumen: <\/strong>El Consejo Acad\u00e9mico de la Universidad de Antioquia, anunci\u00f3 el d\u00eda de ayer (11\/02\/2005) que las actividades acad\u00e9micas se reanudar\u00e1n el mi\u00e9rcoles 16 de febrero de 2005. La decisi\u00f3n fue tomada luego de que se informara que la explosi\u00f3n afect\u00f3 de manera considerable la estructura f\u00edsica del edificio de la Facultad de Qu\u00edmica Farmac\u00e9utica. El rector Alberto Uribe se\u00f1ala que las p\u00e9rdidas llegan a 150 millones de pesos y conllevaron a la destrucci\u00f3n de los laboratorios. Se menciona que a\u00fan hay equipos de alta tecnolog\u00eda cuyos da\u00f1os no han sido evaluados. El domingo 13 de febrero de 2005 se realizar\u00e1 un Consejo de seguridad extraordinario liderado por el Gobernador de Antioquia, An\u00edbal Gaviria, en conjunto con las directivas de la Universidad y los comandantes de la Polic\u00eda y el DAS. El Gobernador afirma que fue un hecho aislado. El rector Uribe reiter\u00f3 la gravedad del hecho. Y el Concejo de Medell\u00edn, a trav\u00e9s de su junta directiva, pidi\u00f3 que la universidad sea un centro de di\u00e1logo y an\u00e1lisis de las realidades sociales, pero ajena a la violencia.<\/p>\n<p>Se rese\u00f1a que hay 12 j\u00f3venes que contin\u00faan hospitalizados, los cuales son: Carlos Mario P\u00e9rez, Natalia Tangarife, Carlos Andr\u00e9s Pel\u00e1ez, Jerson Arley Garc\u00eda P\u00e9rez, Andr\u00e9s Mauricio Zuluaga, Juan Espinosa Henao, David Esneider Mej\u00eda, Paula Andrea Jim\u00e9nez, Juan Camilo Mazo y dos menores de 17 a\u00f1os.<\/p>\n<p><strong>Im\u00e1genes: <\/strong>NA<\/p>\n<p>INFORMACI\u00d3N ANAL\u00cdTICA<\/p>\n<p>Contexto de la noticia: En Urab\u00e1 las Farc secuestran 19 personas en un ret\u00e9n ilegal, el gobierno responde que est\u00e1n ganando la lucha contra el narcoterrorismo.<\/p>\n<p>Palabras clave: Respuestas institucionales, reapertura, Actores, Alberto Uribe Correa, Rector; An\u00edbal Gaviria, Gobernador, Actores armados, DAS, Polic\u00eda.<\/p>\n<p>Sugerencia de palabras claves: NA<\/p>\n<p>Observaciones: NA<\/p>\n<p>Fecha de diligenciamiento: 11\/02\/2019<\/p>\n<h1 style=\"text-align: center;\">***<\/h1>\n<p><strong>N\u00famero de ficha<\/strong>: D110&nbsp;&nbsp;&nbsp;&nbsp;&nbsp;&nbsp;&nbsp;&nbsp;&nbsp;&nbsp;&nbsp;&nbsp;&nbsp;&nbsp;&nbsp;&nbsp;&nbsp;&nbsp;&nbsp;&nbsp;&nbsp;&nbsp;&nbsp;&nbsp;&nbsp;&nbsp;&nbsp;&nbsp;&nbsp;&nbsp;&nbsp;&nbsp;&nbsp;&nbsp;&nbsp;&nbsp;<\/p>\n<p><strong>Diligenciada por: <\/strong>Juan Camilo Parra Restrepo<\/p>\n<p><strong>INFORMACI\u00d3N BIBLIOGR\u00c1FICA<\/strong><\/p>\n<p>Peri\u00f3dico: El Colombiano<\/p>\n<p>Lugar de edici\u00f3n: Medell\u00edn<\/p>\n<p>Autor personal: NA<\/p>\n<p>Autor corporativo: NA<\/p>\n<p>Fecha: 14\/02\/2005<\/p>\n<p>P\u00e1gina: 1d<\/p>\n<p>Secci\u00f3n: \u00c1rea regional<\/p>\n<p><strong>Titular: <\/strong>M\u00e1s seguridad en la U. de Antioquia<\/p>\n<p><strong>Resumen: <\/strong>\u201cEl gobernador, An\u00edbal Gaviria Correa, anunci\u00f3 que se reforzar\u00e1n las medidas de seguridad para el ingreso a la Universidad de Antioquia. \u201cHabr\u00e1 mayor presencia de la fuerza p\u00fablica en los alrededores de la universidad y m\u00e1s vigilancia para evitar que se repitan hechos como los del jueves pasado\u201d, expres\u00f3 Gaviria Correa. Dijo que algunas de las personas que resultaron heridas dentro de la universidad manipulaban un artefacto explosivo que iban a utilizar para agredir a la Polic\u00eda en la protesta\u201d.<\/p>\n<p><strong>Im\u00e1genes: <\/strong>NA<\/p>\n<p>INFORMACI\u00d3N ANAL\u00cdTICA<\/p>\n<p>Contexto de la noticia: \u00c1lvaro Uribe anuncia que los bienes incautados al narcotr\u00e1fico ser\u00e1n usados, entre otras, para atender a los damnificados de la ola invernal del pa\u00eds.<\/p>\n<p>Palabras clave: Respuestas institucionales, medidas de seguridad al ingreso de la Universidad. Actores, An\u00edbal Gaviria, Gobernador,<\/p>\n<p>Sugerencia de palabras claves: Medidas de seguridad al ingreso de la universidad.<\/p>\n<p>Observaciones:<\/p>\n<p>Fecha de diligenciamiento: 11\/02\/2019<\/p>\n<h1 style=\"text-align: center;\">***<\/h1>\n<p><strong>N\u00famero de ficha<\/strong>: D111&nbsp;&nbsp;&nbsp;&nbsp;&nbsp;&nbsp;&nbsp;&nbsp;&nbsp;&nbsp;&nbsp;&nbsp;&nbsp;&nbsp;&nbsp;&nbsp;&nbsp;&nbsp;&nbsp;&nbsp;&nbsp;&nbsp;&nbsp;&nbsp;&nbsp;&nbsp;&nbsp;&nbsp;&nbsp;&nbsp;&nbsp;&nbsp;&nbsp;&nbsp;&nbsp;&nbsp;<\/p>\n<p><strong>Diligenciada por: <\/strong>Juan Camilo Parra Restrepo<\/p>\n<p><strong>INFORMACI\u00d3N BIBLIOGR\u00c1FICA<\/strong><\/p>\n<p>Peri\u00f3dico: El Colombiano<\/p>\n<p>Lugar de edici\u00f3n: Medell\u00edn<\/p>\n<p>Autor personal: NA<\/p>\n<p>Autor corporativo: NA<\/p>\n<p>Fecha: 19\/02\/2005<\/p>\n<p>P\u00e1gina: 6D<\/p>\n<p>Secci\u00f3n: \u00c1rea metro<\/p>\n<p><strong>Titular: <\/strong>Murieron estudiantes heridas<\/p>\n<p><strong>Resumen: <\/strong>Paula Ospina y Magali Betancur, estudiantes de la Universidad Nacional, heridas en los disturbios del 10 de febrero en la Universidad de Antioquia, murieron. El d\u00eda de ayer (18\/02\/2005) se realiz\u00f3 una marcha y una jornada de reflexi\u00f3n entre estudiantes, docentes y trabajadores de la U. de A. El rector Alberto Uribe Correa pidi\u00f3 un minuto de silencio.&nbsp; En el evento se ley\u00f3 un comunicado de la facultad de Qu\u00edmica Farmac\u00e9utica, el cual no se reproduce en la noticia. Se lanzaron globos blancos y verdes con el lema: Cuida tu Alma. La Universidad Nacional emite un comunicado expresando sus condolencias con la familia de las dos estudiantes que fallecieron, adem\u00e1s \u201cinvit\u00f3 a los miembros dela comunidad universitaria a reflexionar de manera profunda sobre el acontecimiento y a reafirmar el compromiso para que en los recintos acad\u00e9micos sea desechada cualquier forma de protesta que ponga en peligro la vida de las personas\u201d.<\/p>\n<p><strong>Im\u00e1genes: <\/strong>IMG111. Fotograf\u00eda del acto simb\u00f3lico realizado en la U. de A. Foto: Hern\u00e1n Vanegas.<\/p>\n<p>INFORMACI\u00d3N ANAL\u00cdTICA<\/p>\n<p>Contexto de la noticia: La Procuradur\u00eda General de la Naci\u00f3n revel\u00f3 que Medell\u00edn es una de las ciudades que m\u00e1s recibe desplazados. Se\u00f1ala que en zonas de conflicto hay 1804 predios abandonados.<\/p>\n<p>Palabras clave: Acciones de resistencia, actividades culturales, actos simb\u00f3licos, marchas estudiantiles, comunicado, Actores, Alberto Uribe Correa, rector.<\/p>\n<p>Sugerencia de palabras claves: NA<\/p>\n<p>Observaciones: NA<\/p>\n<p>Fecha de diligenciamiento: 11\/02\/2019<\/p>\n<h1 style=\"text-align: center;\">***<\/h1>\n<p><strong>N\u00famero de ficha<\/strong>: D112&nbsp;&nbsp;&nbsp;&nbsp;&nbsp;&nbsp;&nbsp;&nbsp;&nbsp;&nbsp;&nbsp;&nbsp;&nbsp;&nbsp;&nbsp;&nbsp;&nbsp;&nbsp;&nbsp;&nbsp;&nbsp;&nbsp;&nbsp;&nbsp;&nbsp;&nbsp;&nbsp;&nbsp;&nbsp;&nbsp;&nbsp;&nbsp;&nbsp;&nbsp;&nbsp;&nbsp;<\/p>\n<p><strong>Diligenciada por: <\/strong>Juan Camilo Parra Restrepo<\/p>\n<p><strong>INFORMACI\u00d3N BIBLIOGR\u00c1FICA<\/strong><\/p>\n<p>Peri\u00f3dico: El Colombiano<\/p>\n<p>Lugar de edici\u00f3n: Medell\u00edn<\/p>\n<p>Autor personal: NA<\/p>\n<p>Autor corporativo: NA<\/p>\n<p>Fecha: 15\/04\/2005<\/p>\n<p>P\u00e1gina: 3D<\/p>\n<p>Secci\u00f3n: \u00c1rea regional<\/p>\n<p><strong>Titular: <\/strong>Continu\u00f3 jornada de protestas en las U.<\/p>\n<p><strong>Resumen: <\/strong>Estudiantes, profesores y representantes de otros estamentos de las Universidades de Antioquia y Nacional decidieron continuar en asamblea. Se afirma que la decisi\u00f3n contin\u00faa hasta el d\u00eda de ma\u00f1ana (16\/04\/2005) cuando se re\u00fane en Bogot\u00e1 una asamblea multiestamentaria. La asamblea en la U. de A. decidi\u00f3 realizar un mitin en el bloque administrativo e interrumpir las clases que violaban el paro decretado. No se afirma en las noticias los motivos del paro.<\/p>\n<p><strong>Im\u00e1genes: <\/strong>NA<\/p>\n<p>INFORMACI\u00d3N ANAL\u00cdTICA<\/p>\n<p>Contexto de la noticia: En Nari\u00f1o, presuntamente, las Farc asesin\u00f3 a varias personas. En Medell\u00edn la polic\u00eda utilizar\u00e1 un helic\u00f3ptero para vigilar las calles de la ciudad.<\/p>\n<p>Palabras clave: Acciones de resistencia, mitin, Actores, Asamblea multiestamentaria.<\/p>\n<p>Sugerencia de palabras claves: NA<\/p>\n<p>Observaciones: NA<\/p>\n<p>Fecha de diligenciamiento: 11\/02\/2019<\/p>\n<h1 style=\"text-align: center;\">***<\/h1>\n<p><strong>N\u00famero de ficha<\/strong>: D113&nbsp;&nbsp;&nbsp;&nbsp;&nbsp;&nbsp;&nbsp;&nbsp;&nbsp;&nbsp;&nbsp;&nbsp;&nbsp;&nbsp;&nbsp;&nbsp;&nbsp;&nbsp;&nbsp;&nbsp;&nbsp;&nbsp;&nbsp;&nbsp;&nbsp;&nbsp;&nbsp;&nbsp;&nbsp;&nbsp;&nbsp;&nbsp;&nbsp;&nbsp;&nbsp;&nbsp;<\/p>\n<p><strong>Diligenciada por: <\/strong>Juan Camilo Parra Restrepo<\/p>\n<p><strong>INFORMACI\u00d3N BIBLIOGR\u00c1FICA<\/strong><\/p>\n<p>Peri\u00f3dico: El Colombiano<\/p>\n<p>Lugar de edici\u00f3n: Medell\u00edn<\/p>\n<p>Autor personal: NA<\/p>\n<p>Autor corporativo: NA<\/p>\n<p>Fecha: 14\/040\/2005<\/p>\n<p>P\u00e1gina: 3A<\/p>\n<p>Secci\u00f3n: Tema del d\u00eda<\/p>\n<p><strong>Titular: <\/strong>La comunidad universitaria se moviliz\u00f3 para protestar<\/p>\n<p><strong>Resumen: <\/strong>A nivel nacional hubo marchas de las universidades p\u00fablicas; en Medell\u00edn se moviliz\u00f3 Adida, la U. de A. y la Nacional. Se protestaba por la defensa de la Universidad p\u00fablica. Luego de las marchas se realizaron actos culturales.<\/p>\n<p><strong>Im\u00e1genes: <\/strong>NA<\/p>\n<p>INFORMACI\u00d3N ANAL\u00cdTICA<\/p>\n<p>Contexto de la noticia: Se informa que luego de un a\u00f1o de investigaciones ni la Fiscal\u00eda, ni Interpol, ni la DEA, han podido resolver a la pregunta si Carlos Casta\u00f1o est\u00e1 vivo o muerto.<\/p>\n<p>Palabras clave: Acciones de resistencia, Marchas estudiantiles, movilizaci\u00f3n social, mitin<\/p>\n<p>Sugerencia de palabras claves: NA<\/p>\n<p>Observaciones: NA<\/p>\n<p>Fecha de diligenciamiento: 11\/02\/2019<\/p>\n<h1 style=\"text-align: center;\">***<\/h1>\n<p><strong>N\u00famero de ficha<\/strong>: D114&nbsp;&nbsp;&nbsp;&nbsp;&nbsp;&nbsp;&nbsp;&nbsp;&nbsp;&nbsp;&nbsp;&nbsp;&nbsp;&nbsp;&nbsp;&nbsp;&nbsp;&nbsp;&nbsp;&nbsp;&nbsp;&nbsp;&nbsp;&nbsp;&nbsp;&nbsp;&nbsp;&nbsp;&nbsp;&nbsp;&nbsp;&nbsp;&nbsp;&nbsp;&nbsp;&nbsp;<\/p>\n<p><strong>Diligenciada por: <\/strong>Juan Camilo Parra Restrepo<\/p>\n<p><strong>INFORMACI\u00d3N BIBLIOGR\u00c1FICA<\/strong><\/p>\n<p>Peri\u00f3dico: El Colombiano<\/p>\n<p>Lugar de edici\u00f3n: Medell\u00edn<\/p>\n<p>Autor personal: NA<\/p>\n<p>Autor corporativo: NA<\/p>\n<p>Fecha: 11\/05\/2005<\/p>\n<p>P\u00e1gina: 2D<\/p>\n<p>Secci\u00f3n: \u00c1rea Metro<\/p>\n<p><strong>Titular: <\/strong>U. de A. se declar\u00f3 en asamblea permanente<\/p>\n<p><strong>Resumen: <\/strong>&nbsp;La Asamblea de Estudiantes de la Universidad de Antioquia declar\u00f3 la interrupci\u00f3n de todas las actividades acad\u00e9micas de la universidad hasta el 20 de mayo. En la Universidad Nacional se toma decisi\u00f3n similar.&nbsp; Los estudiantes de la U. de A. protestan, adem\u00e1s, en la sede de la Sij\u00edn, donde permanecen recluidos los estudiantes detenidos por la polic\u00eda, sindicados de pertenecer a las milicias de las Farc y el ELN. Se realizar\u00e1 una cadeneta humana en la U. de A. para protestar por ese hecho.<\/p>\n<p><strong>Im\u00e1genes: <\/strong>NA<\/p>\n<p>INFORMACI\u00d3N ANAL\u00cdTICA<\/p>\n<p>Contexto de la noticia: Un an\u00e1lisis informa que la regi\u00f3n con m\u00e1s pobres de Colombia es Antiquia.<\/p>\n<p>Palabras clave: Acciones de resistencia, mitin, marcha, Actores, Asamblea de Estudiantes<\/p>\n<p>Sugerencia de palabras claves: NA<\/p>\n<p>Observaciones: NA<\/p>\n<p>Fecha de diligenciamiento: 11\/02\/2019<\/p>\n<h1 style=\"text-align: center;\">***<\/h1>\n<p><strong>N\u00famero de ficha<\/strong>: D115&nbsp;&nbsp;&nbsp;&nbsp;&nbsp;&nbsp;&nbsp;&nbsp;&nbsp;&nbsp;&nbsp;&nbsp;&nbsp;&nbsp;&nbsp;&nbsp;&nbsp;&nbsp;&nbsp;&nbsp;&nbsp;&nbsp;&nbsp;&nbsp;&nbsp;&nbsp;&nbsp;&nbsp;&nbsp;&nbsp;&nbsp;&nbsp;&nbsp;&nbsp;&nbsp;&nbsp;<\/p>\n<p><strong>Diligenciada por: <\/strong>Juan Camilo Parra Restrepo<\/p>\n<p><strong>INFORMACI\u00d3N BIBLIOGR\u00c1FICA<\/strong><\/p>\n<p>Peri\u00f3dico: El Colombiano<\/p>\n<p>Lugar de edici\u00f3n: Medell\u00edn<\/p>\n<p>Autor personal: Catalina Su\u00e1rez Restrepo<\/p>\n<p>Autor corporativo: NA<\/p>\n<p>Fecha: 12\/05\/2005<\/p>\n<p>P\u00e1gina: 3D<\/p>\n<p>Secci\u00f3n: \u00c1rea metro<\/p>\n<p><strong>Titular: <\/strong>Directivas de U. p\u00fablicas piden retornar a las clases<\/p>\n<p><strong>Resumen: <\/strong>Estudiantes de la Universidad de Antioquia realizaron una cadena humana para protestar por la captura de 14 de sus compa\u00f1eros por la presunta vinculaci\u00f3n con grupos guerrilleros. Los aprehendidos se niegan a responder la indagatoria. La Universidad de Antioquia y la Universidad Nacional contin\u00faan en cese de actividades acad\u00e9micas.<\/p>\n<p><strong>Im\u00e1genes: <\/strong>NA<\/p>\n<p>INFORMACI\u00d3N ANAL\u00cdTICA<\/p>\n<p>Contexto de la noticia: Acciones de resistencia, mitin, paro<\/p>\n<p>Palabras clave:<\/p>\n<p>Sugerencia de palabras claves: NA<\/p>\n<p>Observaciones: NA<\/p>\n<p>Fecha de diligenciamiento: 11\/02\/2019<\/p>\n<h1 style=\"text-align: center;\">***<\/h1>\n<p><strong>N\u00famero de ficha<\/strong>: D116&nbsp;&nbsp;&nbsp;&nbsp;&nbsp;&nbsp;&nbsp;&nbsp;&nbsp;&nbsp;&nbsp;&nbsp;&nbsp;&nbsp;&nbsp;&nbsp;&nbsp;&nbsp;&nbsp;&nbsp;&nbsp;&nbsp;&nbsp;&nbsp;&nbsp;&nbsp;&nbsp;&nbsp;&nbsp;&nbsp;&nbsp;&nbsp;&nbsp;&nbsp;&nbsp;&nbsp;<\/p>\n<p><strong>Diligenciada por: <\/strong>Juan Camilo Parra Restrepo<\/p>\n<p><strong>INFORMACI\u00d3N BIBLIOGR\u00c1FICA<\/strong><\/p>\n<p>Peri\u00f3dico: El Colombiano<\/p>\n<p>Lugar de edici\u00f3n: Medell\u00edn<\/p>\n<p>Autor personal: NA<\/p>\n<p>Autor corporativo: NA<\/p>\n<p>Fecha: 12\/05\/2005<\/p>\n<p>P\u00e1gina: 3D<\/p>\n<p>Secci\u00f3n: \u00c1rea metro<\/p>\n<p><strong>Titular: <\/strong>Capturados dicen no tener garant\u00edas<\/p>\n<p><strong>Resumen: <\/strong>Los 14 estudiantes de la Universidad de Antioquia, capturados la semana pasada por presunta vinculaci\u00f3n con grupos guerrilleros, se est\u00e1n absteniendo de responder preguntas en las diligencias de indagatoria, pues consideran que la fiscal encargada de la investigaci\u00f3n no ofrece garant\u00edas. Los 13 hombres y 1 mujeres son estudiantes de derecho, filosof\u00eda, sociolog\u00eda, ingenier\u00eda el\u00e9ctrica y ciencias pol\u00edticas. Fueron capturados el 10 de febrero, en el marco de una protesta contra el Tratado de Libre Comercio entre Colombia y Estados Unidos. La defensa de los estudiantes manifiesta que la principal prueba de la Fiscal\u00eda es que varios de los estudiantes resultaron quemados y la mayor\u00eda manifest\u00f3 que estaba curioseando en el momento de la explosi\u00f3n. El comandante de la Polic\u00eda Metropolitana, Rub\u00e9n Carillo, afirma que los aprehendidos se aprovechaban de su condici\u00f3n de estudiantes no solo para organizar protestas sino para acciones terroristas. El oficial afirma que hay una alianza entre el ELN y las Farc para realizar actividades en la Universidad de Antioquia y que estos estudiantes eran la base de la milicia encargada del adoctrinamiento y reclutamiento.<\/p>\n<p><strong>Im\u00e1genes: <\/strong>D116. Fotograf\u00eda de la cadena humana de protesta en la Universidad de Antioquia. Foto: Manuel Saldarriaga.<\/p>\n<p>INFORMACI\u00d3N ANAL\u00cdTICA<\/p>\n<p>Contexto de la noticia: En Argelia, Antioquia, fueron desplazados 218 personas de 58 familia de distintas veredas del sector de La Mina, a causa del temor por las minas que sembr\u00f3 las Farc para impedir el avance del Ej\u00e9rcito.<\/p>\n<p>Palabras clave: Actores armados, Farc, ELN, Fiscal\u00eda,<\/p>\n<p>Sugerencia de palabras claves: NA<\/p>\n<p>Observaciones: NA<\/p>\n<p>Fecha de diligenciamiento: 11\/02\/2019<\/p>\n<h1 style=\"text-align: center;\">***<\/h1>\n<p><strong>N\u00famero de ficha<\/strong>: D117&nbsp;&nbsp;&nbsp;&nbsp;&nbsp;&nbsp;&nbsp;&nbsp;&nbsp;&nbsp;&nbsp;&nbsp;&nbsp;&nbsp;&nbsp;&nbsp;&nbsp;&nbsp;&nbsp;&nbsp;&nbsp;&nbsp;&nbsp;&nbsp;&nbsp;&nbsp;&nbsp;&nbsp;&nbsp;&nbsp;&nbsp;&nbsp;&nbsp;&nbsp;&nbsp;&nbsp;<\/p>\n<p><strong>Diligenciada por: <\/strong>Juan Camilo Parra Restrepo<\/p>\n<p><strong>INFORMACI\u00d3N BIBLIOGR\u00c1FICA<\/strong><\/p>\n<p>Peri\u00f3dico: El Colombiano<\/p>\n<p>Lugar de edici\u00f3n: Medell\u00edn<\/p>\n<p>Autor personal: NA<\/p>\n<p>Autor corporativo: El Colombiano<\/p>\n<p>Fecha: 15\/05\/2005<\/p>\n<p>P\u00e1gina: 5A<\/p>\n<p>Secci\u00f3n: Opini\u00f3n<\/p>\n<p><strong>Titular: <\/strong>Por la universidad abierta y funcionando<\/p>\n<p><strong>Resumen: <\/strong>En un editorial el peri\u00f3dico El Colombiano hace un llamado a que la Universidad P\u00fablica reinici\u00e9 actividades acad\u00e9micas, afirmando que la par\u00e1lisis genera retroceso y atenta contra los logros acad\u00e9micos, impidiendo cumplir la misi\u00f3n que la ley le exige y la sociedad espera. Se rese\u00f1a como uno de los factores que han llevado al cese de actividades, para el caso de la Universidad de Antioquia, es la captura de un grupo de estudiantes de varias facultades vinculados por las autoridades con, lo que el peri\u00f3dico califica como, el atentado terrorista registrado el 10 de febrero.<\/p>\n<p><strong>Im\u00e1genes: <\/strong>NA<\/p>\n<p>INFORMACI\u00d3N ANAL\u00cdTICA<\/p>\n<p>Contexto de la noticia: PENDIENTE<\/p>\n<p>Palabras clave: Editorial<\/p>\n<p>Sugerencia de palabras claves: NA<\/p>\n<p>Observaciones: NA<\/p>\n<p>Fecha de diligenciamiento: 11\/02\/2019<\/p>\n<h1 style=\"text-align: center;\">***<\/h1>\n<p><strong>N\u00famero de ficha<\/strong>: D118&nbsp;&nbsp;&nbsp;&nbsp;&nbsp;&nbsp;&nbsp;&nbsp;&nbsp;&nbsp;&nbsp;&nbsp;&nbsp;&nbsp;&nbsp;&nbsp;&nbsp;&nbsp;&nbsp;&nbsp;&nbsp;&nbsp;&nbsp;&nbsp;&nbsp;&nbsp;&nbsp;&nbsp;&nbsp;&nbsp;&nbsp;&nbsp;&nbsp;&nbsp;&nbsp;&nbsp;<\/p>\n<p><strong>Diligenciada por: <\/strong>Juan Camilo Parra Restrepo<\/p>\n<p><strong>INFORMACI\u00d3N BIBLIOGR\u00c1FICA<\/strong><\/p>\n<p>Peri\u00f3dico: El Colombiano<\/p>\n<p>Lugar de edici\u00f3n: Medell\u00edn<\/p>\n<p>Autor personal: NA<\/p>\n<p>Autor corporativo: NA<\/p>\n<p>Fecha: 17\/05\/2005<\/p>\n<p>P\u00e1gina: 5C<\/p>\n<p>Secci\u00f3n: Universitas<\/p>\n<p><strong>Titular: <\/strong>La U. asiste a otra crisis<\/p>\n<p><strong>Resumen: <\/strong>La Universidad Nacional y la Universidad de Antioquia contin\u00faan en anormalidad acad\u00e9mica, al igual que otras universidades del pa\u00eds. Se informa que la decisi\u00f3n de capturar estudiantes de la Universidad de Antioquia ha afectado la normalidad en la Universidad Nacional, que para prevenir se tradujo en su cierre.<\/p>\n<p><strong>Im\u00e1genes: <\/strong>NA<\/p>\n<p>INFORMACI\u00d3N ANAL\u00cdTICA<\/p>\n<p>Contexto de la noticia: La Organizaci\u00f3n de las Naciones Unidas hizo un llamado al Gobierno Nacional y al Congreso de la Rep\u00fablica a garantizar la reparaci\u00f3n efectiva de las v\u00edctimas del conflicto armado interno. Se afirma que actualmente no hay incentivos para que los perpetradores quieran ser beneficiados por la ley y revelen completamente los cr\u00edmenes en los cuales han participado.<\/p>\n<p>Palabras clave: Acciones de resistencia, paro<\/p>\n<p>Sugerencia de palabras claves: NA<\/p>\n<p>Observaciones: NA<\/p>\n<p>Fecha de diligenciamiento: 11\/02\/2019<\/p>\n<h1 style=\"text-align: center;\">***<\/h1>\n<p><strong>N\u00famero de ficha<\/strong>: D119&nbsp;&nbsp;&nbsp;&nbsp;&nbsp;&nbsp;&nbsp;&nbsp;&nbsp;&nbsp;&nbsp;&nbsp;&nbsp;&nbsp;&nbsp;&nbsp;&nbsp;&nbsp;&nbsp;&nbsp;&nbsp;&nbsp;&nbsp;&nbsp;&nbsp;&nbsp;&nbsp;&nbsp;&nbsp;&nbsp;&nbsp;&nbsp;&nbsp;&nbsp;&nbsp;&nbsp;<\/p>\n<p><strong>Diligenciada por: <\/strong>Juan Camilo Parra Restrepo<\/p>\n<p><strong>INFORMACI\u00d3N BIBLIOGR\u00c1FICA<\/strong><\/p>\n<p>Peri\u00f3dico: El Colombiano<\/p>\n<p>Lugar de edici\u00f3n: Medell\u00edn<\/p>\n<p>Autor personal: NA<\/p>\n<p>Autor corporativo: NA<\/p>\n<p>Fecha: 18\/05\/2005<\/p>\n<p>P\u00e1gina: 3D<\/p>\n<p>Secci\u00f3n: \u00c1rea Metro<\/p>\n<p><strong>Titular: <\/strong>M\u00e1s debate que decisiones en la reuni\u00f3n de la U. de A.<\/p>\n<p><strong>Resumen: <\/strong>Luego de una reuni\u00f3n entre estudiantes y el rector de la Universidad de Antioquia, Alberto Uribe Correa, no se lleg\u00f3 a un acuerdo para levantar el paro de estudiantes y retornar a clases. Entre los distintos temas mencionados, se abord\u00f3 el de los estudiantes detenidos, a lo cual el rector afirm\u00f3 que se han realizado pronunciamientos \u201cpara que se les haga el debido proceso y se les den condiciones dignas de reclusi\u00f3n\u201d, de igual forma conden\u00f3 la violencia y la presencia de cualquier grupo armado al interior de la universidad.<\/p>\n<p><strong>Im\u00e1genes: <\/strong>NA<\/p>\n<p>INFORMACI\u00d3N ANAL\u00cdTICA<\/p>\n<p>Contexto de la noticia: El Senado revivi\u00f3 el estatus pol\u00edtico para las Autodefensas Unidas de Colombia, en el marco del proyecto de ley de justicia y paz.<\/p>\n<p>Palabras clave: Actores, Alberto Uribe Correa, rector,<\/p>\n<p>Sugerencia de palabras claves: NA<\/p>\n<p>Observaciones: NA<\/p>\n<p>Fecha de diligenciamiento: 11\/02\/2019<\/p>\n<h1 style=\"text-align: center;\">***<\/h1>\n<p><strong>N\u00famero de ficha<\/strong>: D120&nbsp;&nbsp;&nbsp;&nbsp;&nbsp;&nbsp;&nbsp;&nbsp;&nbsp;&nbsp;&nbsp;&nbsp;&nbsp;&nbsp;&nbsp;&nbsp;&nbsp;&nbsp;&nbsp;&nbsp;&nbsp;&nbsp;&nbsp;&nbsp;&nbsp;&nbsp;&nbsp;&nbsp;&nbsp;&nbsp;&nbsp;&nbsp;&nbsp;&nbsp;&nbsp;&nbsp;<\/p>\n<p><strong>Diligenciada por: <\/strong>Juan Camilo Parra Restrepo<\/p>\n<p><strong>INFORMACI\u00d3N BIBLIOGR\u00c1FICA<\/strong><\/p>\n<p>Peri\u00f3dico: El Colombiano<\/p>\n<p>Lugar de edici\u00f3n: Medell\u00edn<\/p>\n<p>Autor personal: NA<\/p>\n<p>Autor corporativo: NA<\/p>\n<p>Fecha: 21\/05\/2005<\/p>\n<p>P\u00e1gina: 8D<\/p>\n<p>Secci\u00f3n: \u00c1rea metro<\/p>\n<p><strong>Titular: <\/strong>U. de A. retornar\u00e1 a clases<\/p>\n<p><strong>Resumen: <\/strong>La Asamblea de Estudiantes de la U. de A. decidi\u00f3 levantar la asamblea permanente. Se afirma que la raz\u00f3n es que no se estaban aprovechando los espacios que permite la figura de asamblea permanente para continuar realizando actividades de protesta y presi\u00f3n.<\/p>\n<p><strong>Im\u00e1genes: <\/strong>NA<\/p>\n<p>INFORMACI\u00d3N ANAL\u00cdTICA<\/p>\n<p>Contexto de la noticia: En Argelia el n\u00famero de desplazados contin\u00faa en aumento; as\u00ed, de 49 veredas que tiene ese municipio, 17 ya est\u00e1n sin habitantes, pues los campesinos se desplazaron a la cabecera.<\/p>\n<p>Palabras clave: Actores, Alberto Uribe Correa, rector,<\/p>\n<p>Sugerencia de palabras claves: NA<\/p>\n<p>Observaciones: NA<\/p>\n<p>Fecha de diligenciamiento: 12\/02\/2019<\/p>\n<h1 style=\"text-align: center;\">***<\/h1>\n<p><strong>N\u00famero de ficha<\/strong>: D121&nbsp;&nbsp;&nbsp;&nbsp;&nbsp;&nbsp;&nbsp;&nbsp;&nbsp;&nbsp;&nbsp;&nbsp;&nbsp;&nbsp;&nbsp;&nbsp;&nbsp;&nbsp;&nbsp;&nbsp;&nbsp;&nbsp;&nbsp;&nbsp;&nbsp;&nbsp;&nbsp;&nbsp;&nbsp;&nbsp;&nbsp;&nbsp;&nbsp;&nbsp;&nbsp;&nbsp;<\/p>\n<p><strong>Diligenciada por: <\/strong>Juan Camilo Parra Restrepo<\/p>\n<p><strong>INFORMACI\u00d3N BIBLIOGR\u00c1FICA<\/strong><\/p>\n<p>Peri\u00f3dico: El Colombiano<\/p>\n<p>Lugar de edici\u00f3n: Medell\u00edn<\/p>\n<p>Autor personal: NA<\/p>\n<p>Autor corporativo: NA<\/p>\n<p>Fecha: 22\/05\/2005<\/p>\n<p>P\u00e1gina: 11A<\/p>\n<p>Secci\u00f3n:&nbsp; Palabras de peso<\/p>\n<p><strong>Titular:<\/strong> El TLC no es una amenaza para la U. p\u00fablica: Uribe Correa<\/p>\n<p><strong>Resumen: <\/strong>El rector de la Universidad de Antioquia, Alberto Uribe Correa, dio una entrevista al peri\u00f3dico El Colombiano. En \u00e9sta se refiere a la situaci\u00f3n de la Universidad, el papel del Gobierno Nacional y el TLC, entre otros temas. Es importante se\u00f1alar que menciona que considera que, en relaci\u00f3n con los estudiantes detenidos por la Fiscal\u00eda, que es respetuoso del poder judicial. Informa, adem\u00e1s, que se les est\u00e1 prestando la ayuda necesaria a trav\u00e9s de Bienestar y los profesores de Derecho asumieron la defensa de los estudiantes.&nbsp; \u201cFrente a las denuncias de estudiantes de amenazas en su contra y presencia de grupos armados en la universidad, el directivo dijo que no tiene conocimiento y que los comunicados an\u00f3nimos que se han repartido se han puesto en conocimiento de las autoridades. \u201cHay unanimidad en todos los estamentos de rechazar la violencia en cualquiera de sus manifestaciones\u201d.<\/p>\n<p><strong>Im\u00e1genes: <\/strong><\/p>\n<p>INFORMACI\u00d3N ANAL\u00cdTICA<\/p>\n<p>Contexto de la noticia: La noticia se produce en el marco de la coyuntura electoral; \u00c1lvaro Uribe afirma que es se\u00f1alado de ser paramilitar para desacreditarlo, adem\u00e1s hay pol\u00e9mica por la participaci\u00f3n del presidente como candidato a la reelecci\u00f3n, m\u00e1s que como presidente.<\/p>\n<p>Palabras clave: Actores, Alberto Uribe Correa<\/p>\n<p>Sugerencia de palabras claves: NA<\/p>\n<p>Observaciones: NA<\/p>\n<p>Fecha de diligenciamiento: 12\/02\/2019<\/p>\n<h1 style=\"text-align: center;\">***<\/h1>\n<p><strong>N\u00famero de ficha<\/strong>: D122&nbsp;&nbsp;&nbsp;&nbsp;&nbsp;&nbsp;&nbsp;&nbsp;&nbsp;&nbsp;&nbsp;&nbsp;&nbsp;&nbsp;&nbsp;&nbsp;&nbsp;&nbsp;&nbsp;&nbsp;&nbsp;&nbsp;&nbsp;&nbsp;&nbsp;&nbsp;&nbsp;&nbsp;&nbsp;&nbsp;&nbsp;&nbsp;&nbsp;&nbsp;&nbsp;&nbsp;<\/p>\n<p><strong>Diligenciada por: <\/strong>Juan Camilo Parra Restrepo<\/p>\n<p><strong>INFORMACI\u00d3N BIBLIOGR\u00c1FICA<\/strong><\/p>\n<p>Peri\u00f3dico: El Colombiano<\/p>\n<p>Lugar de edici\u00f3n: Medell\u00edn<\/p>\n<p>Autor personal: NA<\/p>\n<p>Autor corporativo: NA<\/p>\n<p>Fecha: 25\/05\/2005<\/p>\n<p>P\u00e1gina: 3D<\/p>\n<p>Secci\u00f3n:&nbsp; \u00c1rea regional<\/p>\n<p><strong>Titular: <\/strong>Por rebeli\u00f3n, procesados 15 estudiantes de la U. de A.<\/p>\n<p><strong>Resumen: <\/strong>Una Fiscal especializada de Medell\u00edn dict\u00f3 medida de aseguramiento contra 5 estudiantes de la Universidad de Antioquia, sindicados de rebeli\u00f3n, terrorismo y hurto agravado. Los estudiantes fueron capturados el 05 de mayo de 2005. Los estudiantes son: Gabriel Jaime Bocanument, Francisco Javier Ca\u00f1averal V\u00e9lez, Carlos Esteban Ochoa Arredondo, Jorge Alberto Osorio Londo\u00f1o, H\u00e9ctor Iv\u00e1n Bedoya Rojas, Natalia Tangarife Acevedo, Andr\u00e9s Mauricio Zuluaga Rivera, Jos\u00e9 Ren\u00e9 Jaramillo Hoyos, Juan David Ord\u00f3\u00f1ez Henao, Jeison Arley Garc\u00eda P\u00e9rez, Camilo Mazo Arenas, Carlos Andr\u00e9s Pel\u00e1ez Xapata y Esneider Mej\u00eda Estrada. Los hechos ocurrieron el 10 de febrero de 2005, cuando en una explosi\u00f3n causada por varios encapuchados que se enfrentaban a la fuerza p\u00fablica resultaron heridas 16 personas. Seg\u00fan la Fiscal\u00eda los disturbios y otros fueron organizados por milicias del ELN y de las Farc. Los estudiantes est\u00e1n recluidos en la C\u00e1rcel Nacional Bellavista y El Buen Pastor. Se informa que la Fiscal\u00eda tiene 120 d\u00edas para definir si dicta una acusaci\u00f3n formal o decide precluir la investigaci\u00f3n.<\/p>\n<p><strong>Im\u00e1genes: <\/strong><\/p>\n<p>INFORMACI\u00d3N ANAL\u00cdTICA<\/p>\n<p>Contexto de la noticia: En el Municipio de Argelia, en el oriente de Antioquia, hay alrededor de 40 personas que no han podido salir de sus veredas por temor a caer en un campo minado de las Farc. Se informa que han escapado 612 personas (136 familias) a ra\u00edz de los campos minados y los combates entre el Ej\u00e9rcito y la guerrilla.<\/p>\n<p>Palabras clave: Respuestas institucionales, detenciones, procesos judiciales, Actores armados, Farc, ELN, Fiscal\u00eda<\/p>\n<p>Sugerencia de palabras claves: NA<\/p>\n<p>Observaciones: NA<\/p>\n<p>Fecha de diligenciamiento: 12\/02\/2019<\/p>\n<h1 style=\"text-align: center;\">***<\/h1>\n<p><strong>N\u00famero de ficha<\/strong>: D123&nbsp;&nbsp;&nbsp;&nbsp;&nbsp;&nbsp;&nbsp;&nbsp;&nbsp;&nbsp;&nbsp;&nbsp;&nbsp;&nbsp;&nbsp;&nbsp;&nbsp;&nbsp;&nbsp;&nbsp;&nbsp;&nbsp;&nbsp;&nbsp;&nbsp;&nbsp;&nbsp;&nbsp;&nbsp;&nbsp;&nbsp;&nbsp;&nbsp;&nbsp;&nbsp;&nbsp;<\/p>\n<p><strong>Diligenciada por: <\/strong>Juan Camilo Parra Restrepo<\/p>\n<p><strong>INFORMACI\u00d3N BIBLIOGR\u00c1FICA<\/strong><\/p>\n<p>Peri\u00f3dico: El Colombiano<\/p>\n<p>Lugar de edici\u00f3n: Medell\u00edn<\/p>\n<p>Autor personal: NA<\/p>\n<p>Autor corporativo: NA<\/p>\n<p>Fecha: 16\/07\/2005<\/p>\n<p>P\u00e1gina: 10A<\/p>\n<p>Secci\u00f3n: Paz y D.H.<\/p>\n<p><strong>Titular: <\/strong>Estudiantes de U. de A., libres de rebeli\u00f3n<\/p>\n<p><strong>Resumen: <\/strong>La Fiscal\u00eda revoc\u00f3 la medida de aseguramiento para 15 estudiantes de la U. de A. investigados por la explosi\u00f3n en la Facultad de Qu\u00edmica el 10 de febrero pasado; se informa que, aunque 8 siguen en prisi\u00f3n, ninguno ser\u00e1 procesado por rebeli\u00f3n. Los abogados de los estudiantes afirman que llevar\u00e1n el caso ante la Organizaci\u00f3n de Naciones Unidas. Por considerar que las pruebas que ten\u00eda la Fiscal\u00eda eran insuficientes, el Tribunal Superior de Medell\u00edn revoc\u00f3 7 de las 15 medidas de aseguramiento contra los 15 estudiantes de la Universidad de Antioquia, investigados por rebeli\u00f3n, terrorismo y hurto agravado y calificado. Uno de los abogados, Byron G\u00f3ngora dijo que anoche estaba la espera de las boletas de salida de las directivas de la c\u00e1rcel Bellavista que hicieran efectiva la salida de Jos\u00e9 Ren\u00e9 Jaramillo Hoyos, Gabriel Jaime Bocanuomenth Puerta, H\u00e9ctor Iv\u00e1n Bedoya Rojas, Francisco Javier Ca\u00f1averal, Carlos Arturo Posada V\u00e9lez, Carlos Esteban Ochoa y Jorge Osorio. Estas personas, si bien estar\u00e1n en libertad, seguir\u00e1n vinculadas a la investigaci\u00f3n hasta que la Fiscal\u00eda 51 especializada tome una decisi\u00f3n. En prisi\u00f3n contin\u00faan Juan David Ordo\u00f1ez Montoya, Juan Calomo Mazo Arenas, Carlos Andr\u00e9s Pel\u00e1ez Zapata, Jeyson Arley Garc\u00eda P\u00e9rez Andr\u00e9s Mauricio Zuluaga, Juan David Espinoza Henao, David Esneider Mej\u00eda Estrada y Natalia Tangarife Avenda\u00f1o, sindicados de los delitos de terrorismo y hurto agravado y calificado. La captura de los estudiantes fue realizada por la Fiscal\u00eda y unidades del Comando Especial Antiterrorista (CEAT), posteriormente fueron presentados a los medios de comunicaci\u00f3n como presuntos integrantes de redes subversivas de las Farc y el ELN en Medell\u00edn. La decisi\u00f3n de ser sindicados como presuntos guerrilleros qued\u00f3 desvirtuada ante la falta de pruebas. Finalmente, el grupo de abogados, conformado por profesores de c\u00e1tedra de la Facultad de Derecho de la U. de A. y la Corporaci\u00f3n Jur\u00eddica Libertad, dijo que para lograr la libertad de los 8 estudiantes faltantes continuar\u00e1n controvirtiendo las pruebas por considerarlas infundadas y agotar\u00e1n otros 2 recursos con los que cuentan. As\u00ed, presentar\u00e1n una demanda de legalidad ante un juez especializado, pues consideran que hubo irregularidades en la captura y, adem\u00e1s, presentar\u00e1n el caso ante el Grupo de Trabajo de Detenciones Arbitrarias de las Naciones Unidas (ONU).<\/p>\n<p><strong>Im\u00e1genes: <\/strong><\/p>\n<p>INFORMACI\u00d3N ANAL\u00cdTICA<\/p>\n<p>Contexto de la noticia: El Grupo de Trabajo sobre Desapariciones Forzadas o Involuntarias de la ONU pidi\u00f3 al presidente Uribe V\u00e9lez objetar la ley de justicia y paz, mientras se llenan los vac\u00edos que, a su juicio, revela la norma frente a este delito internacional. El grupo realizar\u00e1 un informe y acordar\u00e1 una agenda de trabajo que garantice el derecho a la libertad.<\/p>\n<p>Palabras clave: Respuestas institucionales, detenciones, procesos judiciales, Actores armados, Farc, ELN, Fiscal\u00eda<\/p>\n<p>Sugerencia de palabras claves: NA<\/p>\n<p>Observaciones: NA<\/p>\n<p>Fecha de diligenciamiento: 12\/02\/2019<\/p>\n<h1 style=\"text-align: center;\">***<\/h1>\n<p><strong>N\u00famero de ficha<\/strong>: D124&nbsp;&nbsp;&nbsp;&nbsp;&nbsp;&nbsp;&nbsp;&nbsp;&nbsp;&nbsp;&nbsp;&nbsp;&nbsp;&nbsp;&nbsp;&nbsp;&nbsp;&nbsp;&nbsp;&nbsp;&nbsp;&nbsp;&nbsp;&nbsp;&nbsp;&nbsp;&nbsp;&nbsp;&nbsp;&nbsp;&nbsp;&nbsp;&nbsp;&nbsp;&nbsp;&nbsp;<\/p>\n<p><strong>Diligenciada por: <\/strong>Juan Camilo Parra Restrepo<\/p>\n<p><strong>INFORMACI\u00d3N BIBLIOGR\u00c1FICA<\/strong><\/p>\n<p>Peri\u00f3dico: El Colombiano<\/p>\n<p>Lugar de edici\u00f3n: Medell\u00edn<\/p>\n<p>Autor personal: NA<\/p>\n<p>Autor corporativo: NA<\/p>\n<p>Fecha: 24\/01\/2006<\/p>\n<p>P\u00e1gina: 5D<\/p>\n<p>Secci\u00f3n: \u00c1rea metro<\/p>\n<p><strong>Titular: <\/strong>Drogas acaban vida de universitarios<\/p>\n<p><strong>Resumen: <\/strong>Se informa que en la Universidad de Antioquia muri\u00f3 un estudiante por una sobredosis y, adem\u00e1s, qued\u00f3 otro en estado de coma. Ambos estudiantes (Dilian \u00c9ster Mu\u00f1oz Medina y John Renato R\u00faa Mej\u00eda) de filosof\u00eda fueron encontrados el martes 24 de enero de 2006 en un auditorio-sal\u00f3n del bloque 20 de ingenier\u00eda en estado de inconsciencia y fueron trasladados a la Unidad Hospitalaria Le\u00f3n XIII, donde lleg\u00f3 sin vida John Renato. Se afirma que este es un llamado para empezar campa\u00f1as de psicorientaci\u00f3n contra el consumo y la venta de estupefacientes. Igualmente se cita un estudio, donde se reporta alto consumo de alcohol por parte de los estudiantes de la U. de A. Se informa que las autoridades de la Universidad han dado la orden a los vigilantes de que cualquier persona que se encuentre vendiendo drogas al interior debe ser puesta a \u00f3rdenes de las autoridades competentes.<\/p>\n<p><strong>Im\u00e1genes: <\/strong><\/p>\n<p>INFORMACI\u00d3N ANAL\u00cdTICA<\/p>\n<p>Contexto de la noticia: La noticia se produce en el marco del inicio de la campa\u00f1a electoral por la presidencia de la rep\u00fablica. Dentro de esta el presidente \u00c1lvaro Uribe ha aplazado el lanzamiento de campa\u00f1a, argumentando la necesidad de gobernar m\u00e1s que estar en campa\u00f1a.<\/p>\n<p>Palabras clave: Respuestas institucionales, medidas de seguridad,<\/p>\n<p>Sugerencia de palabras claves: Estupefacientes<\/p>\n<p>Observaciones: NA<\/p>\n<p>Fecha de diligenciamiento: 25\/02\/2019<\/p>\n<h1 style=\"text-align: center;\">***<\/h1>\n<p><strong>N\u00famero de ficha<\/strong>: D125&nbsp;&nbsp;&nbsp;&nbsp;&nbsp;&nbsp;&nbsp;&nbsp;&nbsp;&nbsp;&nbsp;&nbsp;&nbsp;&nbsp;&nbsp;&nbsp;&nbsp;&nbsp;&nbsp;&nbsp;&nbsp;&nbsp;&nbsp;&nbsp;&nbsp;&nbsp;&nbsp;&nbsp;&nbsp;&nbsp;&nbsp;&nbsp;&nbsp;&nbsp;&nbsp;&nbsp;<\/p>\n<p><strong>Diligenciada por: <\/strong>Juan Camilo Parra Restrepo<\/p>\n<p><strong>INFORMACI\u00d3N BIBLIOGR\u00c1FICA<\/strong><\/p>\n<p>Peri\u00f3dico: El Colombiano<\/p>\n<p>Lugar de edici\u00f3n: Medell\u00edn<\/p>\n<p>Autor personal: NA<\/p>\n<p>Autor corporativo: NA<\/p>\n<p>Fecha: 27\/01\/2005<\/p>\n<p>P\u00e1gina: 1D<\/p>\n<p>Secci\u00f3n:&nbsp; \u00c1rea metro<\/p>\n<p><strong>Titular: <\/strong>Hoy dar\u00edan de alta a joven de U. de A.<\/p>\n<p><strong>Resumen: <\/strong>La estudiante Dilian \u00c9ster Mu\u00f1oz, estudiante ingresada en estado de coma a la Le\u00f3n XVIII por una sobredosis en la Universidad de Antioquia, fue dada de alta. El vicerrector de la Universidad de Antioquia, Martiniano Jaimes Contreras, expres\u00f3 que \u201cno lo hemos dimensionado ni ponderado y nos quedamos con el concepto de los a\u00f1os 80 y 90 de que el problema s\u00f3lo era narcotr\u00e1fico\u201d.<\/p>\n<p><strong>Im\u00e1genes: <\/strong><\/p>\n<p>INFORMACI\u00d3N ANAL\u00cdTICA<\/p>\n<p>Contexto de la noticia: La ciudad de Medell\u00edn se encuentra bajo debates del presupuesto de la ciudad, donde se resaltan las reuniones del presupuesto participativo.<\/p>\n<p>Palabras clave: Actores institucionales, Martiniano Jaimes Contreras vicerrector.<\/p>\n<p>Sugerencia de palabras claves: NA<\/p>\n<p>Observaciones: NA<\/p>\n<p>Fecha de diligenciamiento: 25\/02\/2019<\/p>\n<h1 style=\"text-align: center;\">***<\/h1>\n<p><strong>N\u00famero de ficha<\/strong>: D126&nbsp;&nbsp;&nbsp;&nbsp;&nbsp;&nbsp;&nbsp;&nbsp;&nbsp;&nbsp;&nbsp;&nbsp;&nbsp;&nbsp;&nbsp;&nbsp;&nbsp;&nbsp;&nbsp;&nbsp;&nbsp;&nbsp;&nbsp;&nbsp;&nbsp;&nbsp;&nbsp;&nbsp;&nbsp;&nbsp;&nbsp;&nbsp;&nbsp;&nbsp;&nbsp;&nbsp;<\/p>\n<p><strong>Diligenciada por: <\/strong>Juan Camilo Parra Restrepo<\/p>\n<p><strong>INFORMACI\u00d3N BIBLIOGR\u00c1FICA<\/strong><\/p>\n<p>Peri\u00f3dico: El Colombiano<\/p>\n<p>Lugar de edici\u00f3n: Medell\u00edn<\/p>\n<p>Autor personal: NA<\/p>\n<p>Autor corporativo: NA<\/p>\n<p>Fecha: 29\/01\/2006<\/p>\n<p>P\u00e1gina: 6A y 7A<\/p>\n<p>Secci\u00f3n: Tema de la semana<\/p>\n<p><strong>Titular: <\/strong>La carrera sin fin de los j\u00edbaros<\/p>\n<p><strong>Resumen: <\/strong>El Colombiano realiza un especial sobre la venta y consumo de estupefacientes dentro de la Universidad de Antioquia. Se denuncia como dentro del campus universitario se puede obtener con j\u00edbaros las drogas. Se afirma que estos no son exclusivos de los centros de estudios, sino que \u201cexisten en cualquier lugar de la ciudad donde se congreguen j\u00f3venes o exista la posibilidad de encontrar consumidores y dinero f\u00e1cil\u201d. Se afirma que estos tienen presencia en la Universidad desde la creaci\u00f3n de la ciudad universitaria. Se reitera la zona de la universidad conocida como el aeropuerto, donde se expenden y consumen las drogas. El Rector Alberto Uribe Correa explica que la instrucci\u00f3n con la vigilancia de la Universidad es detectar a los j\u00edbaros y ponerlos bajo \u00f3rdenes de las autoridades competentes y que la comunidad universitaria rechaza el expendio y consumo de drogas dentro de la Universidad. Se afirma que la venta de drogas ha disminuido, entre otros factores, gracias a la llegada de la vigilancia privada al campus.<\/p>\n<p><strong>Im\u00e1genes: <\/strong><\/p>\n<p>INFORMACI\u00d3N ANAL\u00cdTICA<\/p>\n<p>Contexto de la noticia: La noticia se produce en el marco de la campa\u00f1a por las elecciones legislativas para el periodo 2006\/2010, en donde se recuenta que muchas de las campa\u00f1as se enfocan en Medell\u00edn y los municipios de los alrededores. Igualmente se reitera la importancia de Urab\u00e1.<\/p>\n<p>Palabras clave: Actores institucionales, rector Alberto Uribe Correa<\/p>\n<p>Sugerencia de palabras claves: NA<\/p>\n<p>Observaciones: NA<\/p>\n<p>Fecha de diligenciamiento: 25\/02\/2019<\/p>\n<h1 style=\"text-align: center;\">***<\/h1>\n<p><strong>N\u00famero de ficha<\/strong>: D127&nbsp;&nbsp;&nbsp;&nbsp;&nbsp;&nbsp;&nbsp;&nbsp;&nbsp;&nbsp;&nbsp;&nbsp;&nbsp;&nbsp;&nbsp;&nbsp;&nbsp;&nbsp;&nbsp;&nbsp;&nbsp;&nbsp;&nbsp;&nbsp;&nbsp;&nbsp;&nbsp;&nbsp;&nbsp;&nbsp;&nbsp;&nbsp;&nbsp;&nbsp;&nbsp;&nbsp;<\/p>\n<p><strong>Diligenciada por: <\/strong>Juan Camilo Parra Restrepo<\/p>\n<p><strong>INFORMACI\u00d3N BIBLIOGR\u00c1FICA<\/strong><\/p>\n<p>Peri\u00f3dico: El Colombiano<\/p>\n<p>Lugar de edici\u00f3n: Medell\u00edn<\/p>\n<p>Autor personal: NA<\/p>\n<p>Autor corporativo: NA<\/p>\n<p>Fecha: 31\/01\/2006<\/p>\n<p>P\u00e1gina: 5A<\/p>\n<p>Secci\u00f3n: Opini\u00f3n<\/p>\n<p><strong>Titular:<\/strong> El consumo de drogas en las universidades<\/p>\n<p><strong>Resumen: <\/strong>Se publica un editorial sobre el consumo de drogas en las universidades, a causa de la muerte de un estudiante del Instituto de Filosof\u00eda de la Universidad de Antioquia, d\u00edas atr\u00e1s. El escrito se pregunta por la efectividad de las campa\u00f1as de concientizaci\u00f3n, educaci\u00f3n y prevenci\u00f3n, as\u00ed como lo adecuado de las medidas policivas para controlar la venta y consumo de las sustancias. Se afirma que en muchos escenarios educativos la droga se consume a la vista de todo el mundo y con la complicidad de muchos. Se afirma que \u201clas dificultades de la polic\u00eda para ingresar al campus favorecen la movilidad de los j\u00edbaros. La falta de control por parte de las autoridades universitarias es evidente\u201d.<\/p>\n<p><strong>Im\u00e1genes: <\/strong><\/p>\n<p>INFORMACI\u00d3N ANAL\u00cdTICA<\/p>\n<p>Contexto de la noticia: La noticia se produce en el marco de la campa\u00f1a legislativa y presidencial, especialmente el debate sobre la aplicaci\u00f3n de la Ley de Garant\u00edas Electorales. Se cuestiona su eficiencia e interpretaciones.<\/p>\n<p>Palabras clave:<\/p>\n<p>Sugerencia de palabras claves: Estupefacientes<\/p>\n<p>Observaciones: NA<\/p>\n<p>Fecha de diligenciamiento: 25\/02\/2019<\/p>\n<h1 style=\"text-align: center;\">***<\/h1>\n<p><strong>N\u00famero de ficha<\/strong>: D128&nbsp;&nbsp;&nbsp;&nbsp;&nbsp;&nbsp;&nbsp;&nbsp;&nbsp;&nbsp;&nbsp;&nbsp;&nbsp;&nbsp;&nbsp;&nbsp;&nbsp;&nbsp;&nbsp;&nbsp;&nbsp;&nbsp;&nbsp;&nbsp;&nbsp;&nbsp;&nbsp;&nbsp;&nbsp;&nbsp;&nbsp;&nbsp;&nbsp;&nbsp;&nbsp;&nbsp;<\/p>\n<p><strong>Diligenciada por: <\/strong>Juan Camilo Parra Restrepo<\/p>\n<p><strong>INFORMACI\u00d3N BIBLIOGR\u00c1FICA<\/strong><\/p>\n<p>Peri\u00f3dico: El Colombiano<\/p>\n<p>Lugar de edici\u00f3n: Medell\u00edn<\/p>\n<p>Autor personal: NA<\/p>\n<p>Autor corporativo: NA<\/p>\n<p>Fecha: 10\/02\/2006<\/p>\n<p>P\u00e1gina: 10A<\/p>\n<p>Secci\u00f3n: Paz y d.h.<\/p>\n<p><strong>Titular: <\/strong>Por bomba, a juicio estudiantes de U. de A.<\/p>\n<p><strong>Resumen: <\/strong>La Fiscal\u00eda General de la Naci\u00f3n acus\u00f3 a ocho universitarios de ser miembros de las Farc y el ELN y actuar dentro de la Universidad de Antioquia y la Universidad Nacional sede Medell\u00edn. Esto, a ra\u00edz de lo sucedido un a\u00f1o atr\u00e1s cuando dos estudiantes de la Universidad Nacional murieron en una explosi\u00f3n dentro de la Universidad de Antioquia. Los estudiantes son: Natalia Tangarife Acevedo, Andr\u00e9s Mauricio Zuluaga Rivera, Juan David Ordo\u00f1ez Montoya, Juan David Espinosa Henao, Yeison Arley Garc\u00eda P\u00e9rez, Camilo Mazo Arenas, Carlos Andr\u00e9s Pel\u00e1ez Zapata y David Esneider Mej\u00eda Estrada. Los anteriores son acusados de los delitos de rebeli\u00f3n, terrorismo agravado y hurto agravado. Los hechos en cuesti\u00f3n se dieron el 10 de febrero de 2005; \u201cese d\u00eda, una explosi\u00f3n en los laboratorios del bloque caus\u00f3 graves quemaduras, y la posterior muerte, a Magali Betancur D\u00edaz y Paula Andrea Ospina Fern\u00e1ndez, estudiantes de la Universidad Nacional, sede Medell\u00edn. Tambi\u00e9n dej\u00f3 lesionados, con diferentes grados de quemaduras, a 18 universitarios\u201d. Las protestas de aquel d\u00eda, se recuerda, se produjeron a causa de una jornada en contra del Tratado de Libre Comercio entre Colombia y Estados Unidos. La Fiscal\u00eda a\u00f1ade que durante los disturbios los encapuchados hurtaron los radios de comunicaci\u00f3n de los vigilantes del claustro.<\/p>\n<p><strong>Im\u00e1genes: <\/strong><\/p>\n<p>INFORMACI\u00d3N ANAL\u00cdTICA<\/p>\n<p>Contexto de la noticia: En el mismo peri\u00f3dico se menciona como en el 2004 hubo 39 periodistas amenazados, cifra que aument\u00f3 en el 2005 a 64. La Fundaci\u00f3n para la Libertad de Prensa explica que el panorama es cr\u00edtico en el pa\u00eds. El Gobierno afirma que ha lanzado un plan de acci\u00f3n para proteger los periodistas.<\/p>\n<p>Palabras clave: Actores armados, Fiscal\u00eda, Farc, ELN, respuestas institucionales, detenciones<\/p>\n<p>Sugerencia de palabras claves: NA<\/p>\n<p>Observaciones: NA<\/p>\n<p>Fecha de diligenciamiento: 25\/02\/2019<\/p>\n<h1 style=\"text-align: center;\">***<\/h1>\n<p><strong>N\u00famero de ficha<\/strong>: D129&nbsp;&nbsp;&nbsp;&nbsp;&nbsp;&nbsp;&nbsp;&nbsp;&nbsp;&nbsp;&nbsp;&nbsp;&nbsp;&nbsp;&nbsp;&nbsp;&nbsp;&nbsp;&nbsp;&nbsp;&nbsp;&nbsp;&nbsp;&nbsp;&nbsp;&nbsp;&nbsp;&nbsp;&nbsp;&nbsp;&nbsp;&nbsp;&nbsp;&nbsp;&nbsp;&nbsp;<\/p>\n<p><strong>Diligenciada por: <\/strong>Juan Camilo Parra Restrepo<\/p>\n<p><strong>INFORMACI\u00d3N BIBLIOGR\u00c1FICA<\/strong><\/p>\n<p>Peri\u00f3dico: El Colombiano<\/p>\n<p>Lugar de edici\u00f3n: Medell\u00edn<\/p>\n<p>Autor personal: NA<\/p>\n<p>Autor corporativo: NA<\/p>\n<p>Fecha: 02\/04\/2006<\/p>\n<p>P\u00e1gina: 11A<\/p>\n<p>Secci\u00f3n: Palabras de peso&nbsp;<\/p>\n<p><strong>Titular: <\/strong>Occidente y oriente: parte de la U. central<\/p>\n<p><strong>Resumen: <\/strong>En una entrevista al rector de la Universidad de Antioquia, Alberto Uribe Correa, aparece un peque\u00f1o apartado donde este afirma que: \u201cLa violencia y la universidad no son compatibles Pongo todo lo que est\u00e9 a mi alcance para defenderla, pero son los organismos de seguridad los que tienen que apoyarnos, y la comunidad acad\u00e9mica\u201d.<\/p>\n<p><strong>Im\u00e1genes: <\/strong>NA<\/p>\n<p>INFORMACI\u00d3N ANAL\u00cdTICA<\/p>\n<p>Contexto de la noticia: Un informe de la iglesia y la ONG Codhes afirma que en el pa\u00eds hay 3 millones de desplazados en la \u00faltima d\u00e9cada.&nbsp; El Gobierno Nacional afirma que solo hay 1722000 desplazados. En otros temas, la Procuradur\u00eda pidi\u00f3 a la Fiscal\u00eda investigar a jefes de las Autodefensas Unidas de Colombia por reclutamiento ilegal de j\u00f3venes, hecho que se se\u00f1ala es realizado por los distintos actores del conflicto armado, incluido el ERG, el EPL, el ERP, las Farc y otros grupos.<\/p>\n<p>Palabras clave: Actores, rector Alberto Uribe Correa, acciones de resistencia, Declaratoria de neutralidad o de territorio de paz<\/p>\n<p>Sugerencia de palabras claves: NA<\/p>\n<p>Observaciones: NA<\/p>\n<p>Fecha de diligenciamiento: 25\/02\/2019<\/p>\n<h1 style=\"text-align: center;\">***<\/h1>\n<p><strong>N\u00famero de ficha<\/strong>: D130&nbsp;&nbsp;&nbsp;&nbsp;&nbsp;&nbsp;&nbsp;&nbsp;&nbsp;&nbsp;&nbsp;&nbsp;&nbsp;&nbsp;&nbsp;&nbsp;&nbsp;&nbsp;&nbsp;&nbsp;&nbsp;&nbsp;&nbsp;&nbsp;&nbsp;&nbsp;&nbsp;&nbsp;&nbsp;&nbsp;&nbsp;&nbsp;&nbsp;&nbsp;&nbsp;&nbsp;<\/p>\n<p><strong>Diligenciada por: <\/strong>Juan Camilo Parra Restrepo<\/p>\n<p><strong>INFORMACI\u00d3N BIBLIOGR\u00c1FICA<\/strong><\/p>\n<p>Peri\u00f3dico: El Colombiano<\/p>\n<p>Lugar de edici\u00f3n: Medell\u00edn<\/p>\n<p>Autor personal: NA<\/p>\n<p>Autor corporativo: NA<\/p>\n<p>Fecha: 12\/05\/2005<\/p>\n<p>P\u00e1gina: 11A<\/p>\n<p>Secci\u00f3n: Paz y d.h.<\/p>\n<p><strong>Titular: <\/strong>U. de A. no se dejar\u00e1 intimidar<\/p>\n<p><strong>Resumen: <\/strong>Se informa que dentro de la Universidad de Antioquia se han denunciado amenazas contra estudiantes y profesores, por parte de un \u201csupuesto\u201d grupo paramilitar que se present\u00f3 como Autodefensas de la Universidad de Antioquia (Audea). Se reporta que el mi\u00e9rcoles 10 de mayo de 2006 apareci\u00f3 un comunicado y que para las autoridades es una distracci\u00f3n sobre la situaci\u00f3n de 14 estudiantes y un empleado de la universidad, de los cuales 8 est\u00e1n detenidos, y que son acusados por el delito de rebeli\u00f3n.&nbsp; En la Universidad se realiz\u00f3 una Asamblea de Estudiantes en desaf\u00edo a las amenazas. La Gobernaci\u00f3n de Antioquia ha aumentado la seguridad en la Universidad y afirma que se realizan labores de inteligencia para encontrar el paradero de los autores de las amenazas. En la noticia se muestra que algunas personas consultadas dudan de la veracidad del comunicado.<\/p>\n<p>Adicional a lo anterior, se afirma que el 05 de mayo de 2005 las autoridades detuvieron a 15 personas que presuntamente participaron en los disturbios del 10 de febrero del mismo a\u00f1o en la universidad. Seg\u00fan la Corporaci\u00f3n Jur\u00eddica Libertad CJL, quien realiza la defensa de este grupo, hay irregularidades en el caso de estos y que han sido denunciadas. Entre estas se encuentran las amenazas y lesiones infligidas contra un estudiante en abril del a\u00f1o pasado por dos personas que adem\u00e1s son testigos en el proceso penal contra los detenidos. Se afirma que existe la intenci\u00f3n de generar caos y zozobra, con la cadena de hechos (amenazas, golpes y lesiones personales contra algunos de los acusados que est\u00e1n en libertad). \u201cLa comunidad universitaria no descarta, como lo hacen las autoridades, la posibilidad de que \u201cpersonas que han trabajado para grupos de extrema derecha, sigan siendo una amenaza dentro de la universidad\u201d\u201d.<\/p>\n<p><strong>Im\u00e1genes: <\/strong><\/p>\n<p>INFORMACI\u00d3N ANAL\u00cdTICA<\/p>\n<p>Contexto de la noticia: La Corte Constitucional realiza un fallo sobre la despenalizaci\u00f3n del aborto que pone el pa\u00eds en dicha pol\u00e9mica.<\/p>\n<p>Palabras clave: Asamblea de Estudiantes, comunicado, Acciones de violencia, amenaza, actores armados, grupos paramilitares, Autodefensas de la Universidad de Antioquia (Audea), respuestas institucionales, detenciones<\/p>\n<p>Sugerencia de palabras claves: NA<\/p>\n<p>Observaciones: NA<\/p>\n<p>Fecha de diligenciamiento: 04\/03\/2019<\/p>\n<h1 style=\"text-align: center;\">***<\/h1>\n<p><strong>N\u00famero de ficha<\/strong>: D131&nbsp;&nbsp;&nbsp;&nbsp;&nbsp;&nbsp;&nbsp;&nbsp;&nbsp;&nbsp;&nbsp;&nbsp;&nbsp;&nbsp;&nbsp;&nbsp;&nbsp;&nbsp;&nbsp;&nbsp;&nbsp;&nbsp;&nbsp;&nbsp;&nbsp;&nbsp;&nbsp;&nbsp;&nbsp;&nbsp;&nbsp;&nbsp;&nbsp;&nbsp;&nbsp;&nbsp;<\/p>\n<p><strong>Diligenciada por: <\/strong>Juan Camilo Parra Restrepo<\/p>\n<p><strong>INFORMACI\u00d3N BIBLIOGR\u00c1FICA<\/strong><\/p>\n<p>Peri\u00f3dico: El Colombiano<\/p>\n<p>Lugar de edici\u00f3n: Medell\u00edn<\/p>\n<p>Autor personal: NA<\/p>\n<p>Autor corporativo: NA<\/p>\n<p>Fecha: 19\/05\/2006<\/p>\n<p>P\u00e1gina: 10A<\/p>\n<p>Secci\u00f3n: Paz y D.H<\/p>\n<p><strong>Titular: <\/strong>Hay riesgo en U. de A.: Defensor\u00eda del Pueblo<\/p>\n<p><strong>Resumen: <\/strong>La Defensor\u00eda del Pueblo emiti\u00f3 un informe de riesgo a ra\u00edz de las amenazas que un \u201csupuesto\u201d grupo paramilitar emiti\u00f3 contra estudiantes, profesores y empleados de la U. de A. el 09 de mayo pasado a trav\u00e9s de un panfleto. El presunto grupo paramilitar se denominaba Autodefensas de la Universidad de Antioquia -Audea-. Seg\u00fan la Defensor\u00eda es muy probable que se presenten acciones intimidatorias, homicidios selectivos, desapariciones y desplazamientos contra miembros de la comunidad educativa de la Universidad de Antioquia. La Gobernaci\u00f3n de Antioquia afirma que desde que conoci\u00f3 el panfleto redobl\u00f3 la seguridad en la Universidad. El informe es el n\u00famero 020-06 fechado el 12 de mayo de 2006 en Bogot\u00e1 y emitido por el Defensor Delegado para la Evaluaci\u00f3n de Riesgos de la Poblaci\u00f3n Civil como consecuencia del Conflicto Armado.<\/p>\n<p><strong>Im\u00e1genes: <\/strong><\/p>\n<p>INFORMACI\u00d3N ANAL\u00cdTICA<\/p>\n<p>Contexto de la noticia: La Corte Constitucional emiti\u00f3 un fallo donde aprueba la constitucionalidad de la Ley de Justicia y Paz, pero establece algunas condiciones para la obtenci\u00f3n de beneficios. Los art\u00edculos sobre sedici\u00f3n y rebaja de penas fueron declarados inexequibles. Colombia, adem\u00e1s, se encuentra en el marco de la campa\u00f1a electoral para escoger el presidente de la rep\u00fablica del periodo 2006-2013.<\/p>\n<p>Palabras clave: Acciones de violencia, amenazas, actores armados, Autodefensas de la Universidad de Antioquia (Audea)<\/p>\n<p>Sugerencia de palabras claves: NA<\/p>\n<p>Observaciones: NA<\/p>\n<p>Fecha de diligenciamiento: 04\/03\/2019<\/p>\n<h1 style=\"text-align: center;\">***<\/h1>\n<p><strong>N\u00famero de ficha<\/strong>: D132&nbsp;&nbsp;&nbsp;&nbsp;&nbsp;&nbsp;&nbsp;&nbsp;&nbsp;&nbsp;&nbsp;&nbsp;&nbsp;&nbsp;&nbsp;&nbsp;&nbsp;&nbsp;&nbsp;&nbsp;&nbsp;&nbsp;&nbsp;&nbsp;&nbsp;&nbsp;&nbsp;&nbsp;&nbsp;&nbsp;&nbsp;&nbsp;&nbsp;&nbsp;&nbsp;&nbsp;<\/p>\n<p><strong>Diligenciada por: <\/strong>Juan Camilo Parra Restrepo<\/p>\n<p><strong>INFORMACI\u00d3N BIBLIOGR\u00c1FICA<\/strong><\/p>\n<p>Peri\u00f3dico: El Colombiano<\/p>\n<p>Lugar de edici\u00f3n: Medell\u00edn<\/p>\n<p>Autor personal: NA<\/p>\n<p>Autor corporativo: NA<\/p>\n<p>Fecha: 21\/05\/2006<\/p>\n<p>P\u00e1gina: 3A<\/p>\n<p>Secci\u00f3n: \u00daltimas noticias<\/p>\n<p><strong>Titular: <\/strong>La U. de A. no cerrar\u00e1 a causa de amenazas<\/p>\n<p><strong>Resumen: <\/strong>Se informa en una peque\u00f1a nota que: \u201cLa Universidad de Antioquia no ceder\u00e1 ante las intimidaciones y permanecer\u00e1 abierta. La decisi\u00f3n fue tomada ayer, luego de un Consejo de Seguridad que presidi\u00f3 el gobernador, An\u00edbal Gaviria, y en el que participaron el rector de la universidad, Alberto Uribe; el secretario de Gobierno del departamento, Jorge Mej\u00eda Mart\u00ednez; y representantes de la fuerza p\u00fablica. \u201cS\u00e9 que hay fuerzas que tratan de desestabilizar desde adentro y desde afuera, pero creo que, con cordura, con coraje, debemos defender la universidad y mantenerla abierta\u201d, dijo el Rector, al t\u00e9rmino de la reuni\u00f3n. En el Consejo de Seguridad tambi\u00e9n se tom\u00f3 la decisi\u00f3n de adoptar las recomendaciones que hizo la Defensor\u00eda del Pueblo en el Informe de Riesgo 020, del pasado 12 de mayo, sobre la situaci\u00f3n de la U. de A.\u201d.<\/p>\n<p><strong>Im\u00e1genes: <\/strong>NA<\/p>\n<p>INFORMACI\u00d3N ANAL\u00cdTICA<\/p>\n<p>Contexto de la noticia: La noticia se produce en el marco de la campa\u00f1a por la presidencia de la rep\u00fablica 2006-2010, en el momento en que terminan las campa\u00f1as en plaza p\u00fablica.<\/p>\n<p>Palabras clave: Actores institucionales, Gobernador An\u00edbal Gaviria, Rector Alberto Uribe Correa.<\/p>\n<p>Sugerencia de palabras claves: Consejo de Seguridad<\/p>\n<p>Observaciones: NA<\/p>\n<p>Fecha de diligenciamiento: 04\/03\/2019<\/p>\n<h1 style=\"text-align: center;\">***<\/h1>\n<p><strong>N\u00famero de ficha<\/strong>: D133&nbsp;&nbsp;&nbsp;&nbsp;&nbsp;&nbsp;&nbsp;&nbsp;&nbsp;&nbsp;&nbsp;&nbsp;&nbsp;&nbsp;&nbsp;&nbsp;&nbsp;&nbsp;&nbsp;&nbsp;&nbsp;&nbsp;&nbsp;&nbsp;&nbsp;&nbsp;&nbsp;&nbsp;&nbsp;&nbsp;&nbsp;&nbsp;&nbsp;&nbsp;&nbsp;&nbsp;<\/p>\n<p><strong>Diligenciada por: <\/strong>Juan Camilo Parra Restrepo<\/p>\n<p><strong>INFORMACI\u00d3N BIBLIOGR\u00c1FICA<\/strong><\/p>\n<p>Peri\u00f3dico: El Colombiano<\/p>\n<p>Lugar de edici\u00f3n: Medell\u00edn<\/p>\n<p>Autor personal: NA<\/p>\n<p>Autor corporativo: NA<\/p>\n<p>Fecha: 24\/05\/2006<\/p>\n<p>P\u00e1gina: 10A<\/p>\n<p>Secci\u00f3n: Paz y D.H.<\/p>\n<p><strong>Titular: <\/strong>Jornada contra el miedo en la U. de A.<\/p>\n<p><strong>Resumen: <\/strong>Se informa que el d\u00eda de ayer inici\u00f3 en la U. de A. una jornada por la libertad de expresi\u00f3n, en oposici\u00f3n a las amenazas que se extendieron a 23 miembros de la comunidad universitaria. Adem\u00e1s, se detalla que luego de una Asamblea de Estudiantes, realizada el mismo d\u00eda de publicaci\u00f3n de la noticia, se realizara una marcha de universitarios hasta La Alpujarra, para llamar la atenci\u00f3n de la sociedad sobre la U. de A. Adem\u00e1s, para el d\u00eda 25\/05\/2006 se tiene convocado un bloqueo pac\u00edfico de las instalaciones administrativas y la realizaci\u00f3n de un campamento. El Comit\u00e9 Universitario por los Derechos Humanos \u201cGustavo Marulanda\u201d dice que \u201clos muchachos tienen la necesidad de ser escuchados, de expresar el temor y la incertidumbre que genera la presencia de paramilitares dentro de la instituci\u00f3n\u201d.<\/p>\n<p><strong>Im\u00e1genes: <\/strong><\/p>\n<p>INFORMACI\u00d3N ANAL\u00cdTICA<\/p>\n<p>Contexto de la noticia: La Uni\u00f3n Europea rechaza amenazas contra defensores de derechos humanos en Colombia. Se informa que al menos unas 20 ONG de derechos humanos han recibido correos intimidatorios (entre los cuales se se\u00f1ala el Instituto Popular de Capacitaci\u00f3n).<\/p>\n<p>Palabras clave: Acciones de violencia, amenazas, acciones de resistencia, actividades culturales, marchas estudiantiles, toma pac\u00edfica de lugares, actores institucionales, asamblea de estudiantes, actores gremiales, Comit\u00e9 Universitario por los Derechos Humanos \u201cGustavo Marulanda\u201d.<\/p>\n<p>Sugerencia de palabras claves: NA<\/p>\n<p>Observaciones: NA<\/p>\n<p>Fecha de diligenciamiento: 04\/03\/2019<\/p>\n<h1 style=\"text-align: center;\">***<\/h1>\n<p><strong>N\u00famero de ficha<\/strong>: D134&nbsp;&nbsp;&nbsp;&nbsp;&nbsp;&nbsp;&nbsp;&nbsp;&nbsp;&nbsp;&nbsp;&nbsp;&nbsp;&nbsp;&nbsp;&nbsp;&nbsp;&nbsp;&nbsp;&nbsp;&nbsp;&nbsp;&nbsp;&nbsp;&nbsp;&nbsp;&nbsp;&nbsp;&nbsp;&nbsp;&nbsp;&nbsp;&nbsp;&nbsp;&nbsp;&nbsp;<\/p>\n<p><strong>Diligenciada por: <\/strong>Juan Camilo Parra Restrepo<\/p>\n<p><strong>INFORMACI\u00d3N BIBLIOGR\u00c1FICA<\/strong><\/p>\n<p>Peri\u00f3dico: El Colombiano<\/p>\n<p>Lugar de edici\u00f3n: Medell\u00edn<\/p>\n<p>Autor personal: NA<\/p>\n<p>Autor corporativo: NA<\/p>\n<p>Fecha: 25\/05\/2006<\/p>\n<p>P\u00e1gina: 10A<\/p>\n<p>Secci\u00f3n: Paz y D.H.<\/p>\n<p><strong>Titular: <\/strong>Cerrada la U. de A.<\/p>\n<p><strong>Resumen: <\/strong>El Gobernador de Antioquia, An\u00edbal Gaviria, junto con el Consejo Acad\u00e9mico y el Consejo de Facultades, decidieron cerrar la Universidad de Antioquia ante las amenazas que han recibido miembros de la comunidad universitaria y miembros de organizaciones pol\u00edticas y sociales. La decisi\u00f3n fue tomada entre el Gobernador, como presidente del Consejo Superior, el secretario de Gobierno Departamental, Jorge Mej\u00eda Mart\u00ednez, el asesor de paz Jaime Fajardo Landaeta y el rector de la Universidad Alberto Uribe Correa. En un comunicado, que no se reproduce en el medio, solo se cita, se informa que las autoridades ofrecieron protecci\u00f3n a las personas amenazadas. Adicional a ello, se informa que m\u00e1s de mil estudiantes de la Universidad marcharon ayer hasta la Alpujarra para protestar contra las intimidaciones que han ocurrido. Lo cual, se enmarca en las jornadas por la libertad de expresi\u00f3n que se extender\u00edan hasta ma\u00f1ana (26\/05\/2006) en el centro acad\u00e9mico, que buscan denunciar la situaci\u00f3n de vulnerabilidad que viven estudiantes, profesores y empleados incluidos en una lista de personas amenazadas por las Autodefensas de la Universidad de Antioquia -Audea-. Sobre este \u00faltimo se afirma que \u201cseg\u00fan el personero delegado para los Derechos Humanos, Jorge Ceballos, lo grave es que ese grupo no es nuevo, como se dijo en un principio. Record\u00f3 que tras la aparici\u00f3n de cartas de amenaza similares entre 1998 y 1999, fueron asesinados varios miembros de la universidad, entre ellos el estudiante Gustavo Marulanda\u201d.<\/p>\n<p>Las amenazas fueron realizadas por medio de panfletos y correos electr\u00f3nicos. Inclusive, el mensaje firmado por el supuesto brazo armado de las ex Auc fue remitido a las campa\u00f1as pol\u00edticas de Carlos Gaviria D\u00edaz y Horacio Serpa Uribe. Finalmente, se menciona que el Comit\u00e9 Interinstitucional de Derechos Humanos se reuni\u00f3 para analizar la situaci\u00f3n y solicitar a las autoridades medidas para prevenir que las amenazas se concreten.<\/p>\n<p><strong>Im\u00e1genes: <\/strong>IMGD134A e IMG134B. Fotograf\u00edas de las marchas realizadas ese d\u00eda.&nbsp; Fotos: Donaldo Zuluaga<\/p>\n<p>INFORMACI\u00d3N ANAL\u00cdTICA<\/p>\n<p>Contexto de la noticia: La noticia se produce d\u00edas antes de la realizaci\u00f3n de las elecciones presidenciales programadas para el 28 de mayo de 2006.<\/p>\n<p>Palabras clave: Acciones de violencia, amenazas, intimidaci\u00f3n, acciones contestatarias, movilizaci\u00f3n social, marchas estudiantiles, acciones de resistencia, comunicados, actividades culturales, marchas estudiantiles, respuestas institucionales, cierres administrativos, cierres obligados, actores institucionales, rector Alberto Uribe Correa, Gobernador An\u00edbal Gaviria, Consejo Acad\u00e9mico, Consejo Superior Universitario, Comit\u00e9 Interinstitucional de Derechos Humanos, actores armados, Autodefensas de la Universidad de Antioquia -Audea-.<\/p>\n<p>Sugerencia de palabras claves: NA<\/p>\n<p>Observaciones: NA<\/p>\n<p>Fecha de diligenciamiento: 05\/03\/2019<\/p>\n<h1 style=\"text-align: center;\">***<\/h1>\n<p><strong>N\u00famero de ficha<\/strong>: D135&nbsp;&nbsp;&nbsp;&nbsp;&nbsp;&nbsp;&nbsp;&nbsp;&nbsp;&nbsp;&nbsp;&nbsp;&nbsp;&nbsp;&nbsp;&nbsp;&nbsp;&nbsp;&nbsp;&nbsp;&nbsp;&nbsp;&nbsp;&nbsp;&nbsp;&nbsp;&nbsp;&nbsp;&nbsp;&nbsp;&nbsp;&nbsp;&nbsp;&nbsp;&nbsp;&nbsp;<\/p>\n<p><strong>Diligenciada por: <\/strong>Juan Camilo Parra Restrepo<\/p>\n<p><strong>INFORMACI\u00d3N BIBLIOGR\u00c1FICA<\/strong><\/p>\n<p>Peri\u00f3dico: El Colombiano<\/p>\n<p>Lugar de edici\u00f3n: Medell\u00edn<\/p>\n<p>Autor personal: NA<\/p>\n<p>Autor corporativo: NA<\/p>\n<p>Fecha: 26\/05\/2006<\/p>\n<p>P\u00e1gina: 3A<\/p>\n<p>Secci\u00f3n: Tema del d\u00eda<\/p>\n<p><strong>Titular: <\/strong>El martes se estudiar\u00e1 la reapertura de la U. de A.<\/p>\n<p><strong>Resumen: <\/strong>La decisi\u00f3n de cerrar la Universidad de Antioquia, tomada por el Gobernador de Antioquia, se mantendr\u00e1 m\u00ednimo hasta el martes 30 de mayo de 2006. Se informa que las amenazas hechas por las \u201csupuestas\u201d Autodefensas de la Universidad de Antioquia contra un grupo de estudiantes, profesores, empleados y jubilados suman ya 23 personas en peligro. El Gobernador manifiesta que la decisi\u00f3n se toma por prudencia, por un lado, por los panfletos y amenazas, y, por el otro, por el ambiente de tensi\u00f3n preelectoral que viven muchas de las universidades del pa\u00eds. El vicerrector general de la Universidad, Martiniano Jaime Contreras, afirm\u00f3 que: \u201c\u201cNo es conveniente\u201d que la instituci\u00f3n educativa est\u00e9 abierta. \u201cEsta vez es peor que en otras ocasiones que se ha cerrado en \u00e9poca preelectoral porque hay reelecci\u00f3n y, adem\u00e1s, pareciera que la universidad estuviera polarizada entre los dos candidatos (Carlos Gaviria y \u00c1lvaro Uribe)\u201d. La Ministra de Educaci\u00f3n, Cecilia V\u00e9lez White, explica que la coyuntura electoral genera movimientos complicados en las universidades y que a nivel nacional se han cerrado alrededor de 3 o 4 para este periodo.<\/p>\n<p>Se menciona que el comunicado empez\u00f3 a circular el pasado 9 de mayo en la U. de A., en donde en primer lugar aparecieron 15 personas, aunque ya la cifra ha aumentado a 23. Entre los mencionados hay personas vinculadas a la investigaci\u00f3n por la muerte de dos estudiantes de la Universidad Nacional, sede Medell\u00edn, en una explosi\u00f3n que ocurri\u00f3 dentro de la U. de A, en febrero del a\u00f1o pasado en una jornada de protesta contra el Tratado de Libre Comercio entre Colombia y Estados Unidos.<\/p>\n<p>El 20 de mayo de 2006 en un consejo de seguridad extraordinario el rector, Alberto Uribe Correa, afirm\u00f3 que hay fuerzas que buscan desestabilizar a la universidad desde adentro y desde afuera. En el Comit\u00e9 Universitario de Derechos Humanos Gustavo Marulanda aseguraban, desde entonces, que la universidad ser\u00eda cerrada, se denuncia que el cierre de la universidad afecta una serie de actividades programadas para esos d\u00edas, en los cuales la Asamblea de Estudiantes iba a realizar un campamento, una toma pac\u00edfica del bloque administrativo y la toma de la calle Barranquilla con una olla comunitaria. \u201cEs claro que la intenci\u00f3n del cierre es la de acallar la voz de los estudiantes. Las directivas no quieren dar la discusi\u00f3n sobre el tema. Es una medida desarticulada de las actividades estudiantiles. Hay que preguntarse si en un fin de semana se resuelve el problema de las amenazas\u201d, afirm\u00f3 un miembro del Comit\u00e9 (no se menciona nombre).<\/p>\n<p><strong>Im\u00e1genes: <\/strong>IMGD135.<\/p>\n<p>INFORMACI\u00d3N ANAL\u00cdTICA<\/p>\n<p>Contexto de la noticia: La noticia se produce d\u00edas antes de las elecciones por la presidencia de la rep\u00fablica para el periodo 2006-2010. El gobernador de Antioquia. An\u00edbal Gaviria, se reuni\u00f3 con la alcaldesa de Bello, Olga Su\u00e1rez, adem\u00e1s de los asesores de paz del municipio y la gobernaci\u00f3n y representantes de las bandas para buscar la paz en esa regi\u00f3n.<\/p>\n<p>Palabras clave: Actores institucionales, rector Alberto Uribe Correa, Asamblea de Estudiantes, Comit\u00e9 Universitario de Derechos Humanos Gustavo Marulanda, Ministra de Educaci\u00f3n Cecilia V\u00e9lez White, Vicerrector Martiniano Jaime Contreras.<\/p>\n<p>Sugerencia de palabras claves: NA<\/p>\n<p>Observaciones: NA<\/p>\n<p>Fecha de diligenciamiento: 05\/03\/2019<\/p>\n<h1 style=\"text-align: center;\">***<\/h1>\n<p><strong>N\u00famero de ficha<\/strong>: D136&nbsp;&nbsp;&nbsp;&nbsp;&nbsp;&nbsp;&nbsp;&nbsp;&nbsp;&nbsp;&nbsp;&nbsp;&nbsp;&nbsp;&nbsp;&nbsp;&nbsp;&nbsp;&nbsp;&nbsp;&nbsp;&nbsp;&nbsp;&nbsp;&nbsp;&nbsp;&nbsp;&nbsp;&nbsp;&nbsp;&nbsp;&nbsp;&nbsp;&nbsp;&nbsp;&nbsp;<\/p>\n<p><strong>Diligenciada por: <\/strong>Juan Camilo Parra Restrepo<\/p>\n<p><strong>INFORMACI\u00d3N BIBLIOGR\u00c1FICA<\/strong><\/p>\n<p>Peri\u00f3dico: El Colombiano<\/p>\n<p>Lugar de edici\u00f3n: Medell\u00edn<\/p>\n<p>Autor personal: NA<\/p>\n<p>Autor corporativo: NA<\/p>\n<p>Fecha: 31\/05\/2006<\/p>\n<p>P\u00e1gina: 2D<\/p>\n<p>Secci\u00f3n: \u00c1rea metro<\/p>\n<p><strong>Titular: <\/strong>Pese a amenazas, la U. de A. se reabre<\/p>\n<p><strong>Resumen: <\/strong>\u201cA pesar de los esfuerzos de la Rector\u00eda de la Universidad de Antioquia para reabrir ese centro de educaci\u00f3n superior, las amenazas que obligaron al cierre todav\u00eda persisten. Ayer, el Alma Mater abri\u00f3 sus puertas para el personal administrativo luego de que, tras una reuni\u00f3n entre el Gobernador de Antioquia, An\u00edbal Gaviria, y el rector, Alberto Uribe, se decret\u00f3 el cierre desde el jueves de la semana pasada. La Rector\u00eda determin\u00f3 un cronograma para la reapertura de la universidad, que comprendi\u00f3 reuniones ayer con el Consejo Acad\u00e9mico y el Consejo Superior Universitario, que respaldaron las decisiones tomadas durante la crisis que comenz\u00f3 el pasado 9 de mayo cuando circul\u00f3 una amenaza contra 15 miembros de la comunidad universitaria, firmada por las Autodefensas de la Universidad de Antioquia. La intimidaci\u00f3n se extendi\u00f3 luego a ocho personas m\u00e1s\u201d.<\/p>\n<p>Adicional a esto, el vicerrector general de la Universidad, Martiniano Jaime, explic\u00f3 que las intimidaciones se incrementaron como una bola de nieve a trav\u00e9s de los correos electr\u00f3nicos.<\/p>\n<p><strong>Im\u00e1genes: <\/strong>D136. Fotograf\u00eda de la movilizaci\u00f3n. Foto: Donaldo Zuluaga.<\/p>\n<p>INFORMACI\u00d3N ANAL\u00cdTICA<\/p>\n<p>Contexto de la noticia: Se eligi\u00f3 como presidente de la rep\u00fablica para el periodo 2006-2010 a \u00c1lvaro Uribe V\u00e9lez.<\/p>\n<p>Palabras clave: Acciones violentas, amenazas, respuestas institucionales, reapertura, actores institucionales, Rector Alberto Uribe Correa, Consejo Acad\u00e9mico, Consejo Superior Universitario, Vicerrector Martiniano Jaime, actor armado, Autodefensas de la Universidad de Antioquia.<\/p>\n<p>Sugerencia de palabras claves: NA<\/p>\n<p>Observaciones: NA<\/p>\n<p>Fecha de diligenciamiento: 05\/03\/2019<\/p>\n<h1 style=\"text-align: center;\">***<\/h1>\n<p><strong>N\u00famero de ficha<\/strong>: D137&nbsp;&nbsp;&nbsp;&nbsp;&nbsp;&nbsp;&nbsp;&nbsp;&nbsp;&nbsp;&nbsp;&nbsp;&nbsp;&nbsp;&nbsp;&nbsp;&nbsp;&nbsp;&nbsp;&nbsp;&nbsp;&nbsp;&nbsp;&nbsp;&nbsp;&nbsp;&nbsp;&nbsp;&nbsp;&nbsp;&nbsp;&nbsp;&nbsp;&nbsp; &nbsp;&nbsp;<\/p>\n<p><strong>Diligenciada por: <\/strong>Juan Camilo Parra Restrepo<\/p>\n<p><strong>INFORMACI\u00d3N BIBLIOGR\u00c1FICA<\/strong><\/p>\n<p>Peri\u00f3dico: El Colombiano<\/p>\n<p>Lugar de edici\u00f3n: Medell\u00edn<\/p>\n<p>Autor personal: NA<\/p>\n<p>Autor corporativo: NA<\/p>\n<p>Fecha: 01\/06\/2006<\/p>\n<p>P\u00e1gina: 10A<\/p>\n<p>Secci\u00f3n: Paz y D.H.<\/p>\n<p><strong>Titular: <\/strong>Rector de la U. de A. se reunir\u00e1 con los alumnos<\/p>\n<p><strong>Resumen: <\/strong>Desde el 01 y el 02 de junio se reanudar\u00e1n las clases en la Universidad de Antioquia, luego del cierre producido por las \u201csupuestas\u201d amenazas emitidas por las Autodefensas de la Universidad de Antioquia -Audea-. Cierre que conllev\u00f3 a que se frustrara una toma pac\u00edfica al bloque administrativo anunciada por un grupo de estudiantes. La decisi\u00f3n la tomar\u00e1n los estudiantes y el rector en una reuni\u00f3n en el teatro Camilo Torres. Se informa que el rector se ha reunido con el Consejo Acad\u00e9mico y con profesores.&nbsp; En la reuni\u00f3n con los estudiantes adem\u00e1s les informar\u00e1 las gestiones que ha realizado ante la Fiscal\u00eda y la Procuradur\u00eda debido al traslado a Bogot\u00e1 de la investigaci\u00f3n contra ocho estudiantes del Alma Mater implicados en la muerte de dos alumnas de la Universidad Nacional en febrero del 2005 luego de una explosi\u00f3n en la U. de A. durante una protesta estudiantil, de igual forma hablar\u00e1 de la decisi\u00f3n del cierre temporal y de las amenazas del supuesto grupo paramilitar.<\/p>\n<p><strong>Im\u00e1genes: <\/strong>NA.<\/p>\n<p>INFORMACI\u00d3N ANAL\u00cdTICA<\/p>\n<p>Contexto de la noticia: La iglesia cat\u00f3lica y la ANDI afirman que respaldan iniciativas de paz y que urgente recorrer el camino anunciado de la paz y la construcci\u00f3n de un acuerdo humanitario.<\/p>\n<p>Palabras clave: Actores institucionales, Asamblea de Estudiantes, Rector Alberto Uribe Correa, Actores armados, Autodefensas de la Universidad de Antioquia -Audea-.<\/p>\n<p>Sugerencia de palabras claves: NA<\/p>\n<p>Observaciones: NA<\/p>\n<p>Fecha de diligenciamiento: 05\/03\/2019<\/p>\n<h1 style=\"text-align: center;\">***<\/h1>\n<p><strong>N\u00famero de ficha<\/strong>: D138&nbsp;&nbsp;&nbsp;&nbsp;&nbsp;&nbsp;&nbsp;&nbsp;&nbsp;&nbsp;&nbsp;&nbsp;&nbsp;&nbsp;&nbsp;&nbsp;&nbsp;&nbsp;&nbsp;&nbsp;&nbsp;&nbsp;&nbsp;&nbsp;&nbsp;&nbsp;&nbsp;&nbsp;&nbsp;&nbsp;&nbsp;&nbsp;&nbsp;&nbsp;&nbsp;&nbsp;<\/p>\n<p><strong>Diligenciada por: <\/strong>Juan Camilo Parra Restrepo<\/p>\n<p><strong>INFORMACI\u00d3N BIBLIOGR\u00c1FICA<\/strong><\/p>\n<p>Peri\u00f3dico: El Colombiano<\/p>\n<p>Lugar de edici\u00f3n: Medell\u00edn<\/p>\n<p>Autor personal: NA<\/p>\n<p>Autor corporativo: NA<\/p>\n<p>Fecha: 02\/06\/2006<\/p>\n<p>P\u00e1gina: 10A<\/p>\n<p>Secci\u00f3n: Paz y D.H.<\/p>\n<p><strong>Titular: <\/strong>La U. de A. reabri\u00f3 pero no hay clases<\/p>\n<p><strong>Resumen: <\/strong>La Universidad de Antioquia fue abierta de nuevo para el ingreso de estudiantes, aunque a\u00fan no se normaliza la situaci\u00f3n acad\u00e9mica y se retorna a clases. La Rector\u00eda, en cabeza de Alberto Uribe, se reuni\u00f3 ayer con los estudiantes y el Consejo Acad\u00e9mico, en el teatro universitario Camilo Torres. En esta reuni\u00f3n el rector present\u00f3 el informe sobre las razones que llevaron al cierre de la Universidad, la situaci\u00f3n de estudiantes detenidos en por las protestas de febrero del a\u00f1o pasado, en las que murieron dos personas, y las actividades que se hab\u00eda programado por parte de un grupo de estudiantes, que inclu\u00edan la toma del bloque administrativo. Los estudiantes convocaron una Asamblea al final del encuentro, mientras que el Consejo Acad\u00e9mico se reuni\u00f3 para debatir la situaci\u00f3n de la Universidad. Se informa que al cierre de la edici\u00f3n ni los estudiantes ni el Consejo hab\u00edan terminado. Igualmente, se menciona que los profesores de la Facultad de Derecho y Ciencias Pol\u00edticas contin\u00faan en Claustro Permanente, lo cual significa que han cesado las actividades acad\u00e9micas, debido a la intimidaci\u00f3n de ocho docentes que hacen parte del equipo de trabajo de la defensa de los estudiantes detenidos, cuyo proceso fue remitido a Bogot\u00e1.<\/p>\n<p><strong>Im\u00e1genes: <\/strong><\/p>\n<p>INFORMACI\u00d3N ANAL\u00cdTICA<\/p>\n<p>Contexto de la noticia: Los empleados de la rama judicial en Antioquia, Caldas, Risaralda y Cauca decidieron entrar a paro, a pesar de que se hab\u00eda decidido levantar el paro que ten\u00edan. Por lo cual, se suman al paro nacional que cumple 23 d\u00edas.<\/p>\n<p>Palabras clave: Respuestas institucionales, reapertura, actores institucionales, Rector Alberto Uribe Correa, Asamblea de Estudiantes, Consejo Acad\u00e9mico, Facultad de Derecho y Ciencias Pol\u00edticas, Acciones de violencia, amenaza, intimidaci\u00f3n, actor armado, Autodefensas de la Universidad de Antioquia -Audea-<\/p>\n<p>Sugerencia de palabras claves: NA<\/p>\n<p>Observaciones: NA<\/p>\n<p>Fecha de diligenciamiento: 05\/03\/2019<\/p>\n<h1 style=\"text-align: center;\">***<\/h1>\n<p><strong>N\u00famero de ficha<\/strong>: D139&nbsp;&nbsp;&nbsp;&nbsp;&nbsp;&nbsp;&nbsp;&nbsp;&nbsp;&nbsp;&nbsp;&nbsp;&nbsp;&nbsp;&nbsp;&nbsp;&nbsp;&nbsp;&nbsp; &nbsp;&nbsp;&nbsp;&nbsp;&nbsp;&nbsp;&nbsp;&nbsp;&nbsp;&nbsp;&nbsp;&nbsp;&nbsp;&nbsp;&nbsp;&nbsp;&nbsp;<\/p>\n<p><strong>Diligenciada por: <\/strong>Juan Camilo Parra Restrepo<\/p>\n<p><strong>INFORMACI\u00d3N BIBLIOGR\u00c1FICA<\/strong><\/p>\n<p>Peri\u00f3dico: El Colombiano<\/p>\n<p>Lugar de edici\u00f3n: Medell\u00edn<\/p>\n<p>Autor personal: NA<\/p>\n<p>Autor corporativo: NA<\/p>\n<p>Fecha: 15\/06\/2006<\/p>\n<p>P\u00e1gina: 1C<\/p>\n<p>Secci\u00f3n: \u00c1rea metro<\/p>\n<p><strong>Titular: <\/strong>En la U. de A. se abrazar\u00e1n ma\u00f1ana<\/p>\n<p><strong>Resumen: <\/strong>\u201cLas directivas de la Universidad de Antioquia realizar\u00e1n ma\u00f1ana la jornada de integraci\u00f3n \u00a1Abracemos la Universidad! La actividad se desarrollar\u00e1 bajo el lema \u201cPor una Universidad como espacio para la vida, la libertad y el conocimiento\u201d. La actividad arrancar\u00e1 a las 3:30 de la tarde con un encuentro en las porter\u00edas de la instituci\u00f3n. Un cuarto de hora m\u00e1s tarde se har\u00e1 la hora del abrazo y se entonar\u00e1 el Himno de la Universidad de Antioquia. A las 4:15 comenzar\u00e1 la programaci\u00f3n cultural. Despu\u00e9s se encender\u00e1 la llama de la vida, la libertad y el conocimiento\u201d.<\/p>\n<p><strong>Im\u00e1genes: <\/strong>NA<\/p>\n<p>INFORMACI\u00d3N ANAL\u00cdTICA<\/p>\n<p>Contexto de la noticia: Los presidentes de Colombia y Estados Unidos, Uribe y Bush, respectivamente, se comprometieron a acelerar la aprobaci\u00f3n del Tratado de Libre Comercio entre ambos pa\u00edses.<\/p>\n<p>Palabras clave: Acciones de resistencia, actividades culturales, actos simb\u00f3licos,<\/p>\n<p>Sugerencia de palabras claves: NA<\/p>\n<p>Observaciones: NA<\/p>\n<p>Fecha de diligenciamiento: 05\/03\/2019<\/p>\n<h1 style=\"text-align: center;\">***<\/h1>\n<p><strong>N\u00famero de ficha<\/strong>: D140&nbsp;&nbsp;&nbsp;&nbsp;&nbsp;&nbsp;&nbsp;&nbsp;&nbsp;&nbsp;&nbsp;&nbsp;&nbsp;&nbsp;&nbsp;&nbsp;&nbsp;&nbsp;&nbsp;&nbsp;&nbsp;&nbsp;&nbsp;&nbsp;&nbsp;&nbsp;&nbsp;&nbsp;&nbsp;&nbsp;&nbsp;&nbsp;&nbsp;&nbsp;&nbsp;&nbsp;<\/p>\n<p><strong>Diligenciada por: <\/strong>Juan Camilo Parra Restrepo<\/p>\n<p><strong>INFORMACI\u00d3N BIBLIOGR\u00c1FICA<\/strong><\/p>\n<p>Peri\u00f3dico: El Colombiano<\/p>\n<p>Lugar de edici\u00f3n: Medell\u00edn<\/p>\n<p>Autor personal: NA<\/p>\n<p>Autor corporativo: NA<\/p>\n<p>Fecha: 17\/06\/2006<\/p>\n<p>P\u00e1gina: 8A<\/p>\n<p>Secci\u00f3n: Paz y D.H.<\/p>\n<p><strong>Titular: <\/strong>Abrazo de protecci\u00f3n se extendi\u00f3 por la U.<\/p>\n<p><strong>Resumen: <\/strong>En la Universidad de Antioquia se realiz\u00f3 en la plazoleta central un evento de respaldo y solidaridad, donde fue encendida una antorcha por la vida, adem\u00e1s se soltaron globos y mariposas amarillas al aire, as\u00ed como trozos de papel verdes y blancos.<\/p>\n<p>En el evento se encontraban personas que ten\u00edan letreros de colores pegados a sus cuerpos y con palabras como fraternidad, solidaridad, respeto, vida y libertad. Los cuales, seg\u00fan el rector Alberto Uribe Correa, son los valores y principios que representan a la comunidad universitaria. As\u00ed, se hicieron visibles con los letreros y formaron una cadena humana alrededor de la ciudadela. En el evento se encontraban las directivas de la universidad, el Gobernador Encargado de Antioquia, Eugenio Prieto, y el Alcalde de Medell\u00edn, Sergio Fajardo.<\/p>\n<p>El rector dijo que: Este es un abrazo simb\u00f3lico que hace la comunidad universitaria y la sociedad en general, como un apoyo, un respaldo, para demostrarles a los grupos armados que la universidad est\u00e1 por encima de la violencia.<\/p>\n<p>As\u00ed, el acto se configura como una respuesta a las amenazas de un presunto grupo paramilitar, denominado Autodefensas de la Universidad de Antioquia. Quienes han venido intimidando a miembros de la instituci\u00f3n de educaci\u00f3n superior, a trav\u00e9s de panfletos y correos electr\u00f3nicos. En estos se ha amenazado a 29 personas (se denota que la cifra ha aumentado con el pasar del tiempo). Gracias a esta situaci\u00f3n la universidad fue cerrada en mayo durante 4 d\u00edas.<\/p>\n<p>Durante el acto se escucharon frases como: El que no salte no quiere a la U. El alcalde de Medell\u00edn afirm\u00f3 que: Que quienes pretenden hacer da\u00f1o, sepan la gravedad de lo que est\u00e1n haciendo y lo que significa la universidad para nosotros.<\/p>\n<p>En el final del acto se encendi\u00f3 un pebetero por la vida, en medio de las notas del himno de la universidad. Un egresado afirm\u00f3 que: Este tipo de actos los debemos realizar m\u00e1s seguido. As\u00ed nos quitamos de encima el estigma de que solo sabemos protestar con piedras y, adem\u00e1s, generamos reflexi\u00f3n.<\/p>\n<p>Es de resaltar que se menciona que \u201cdesde la plazoleta se impuso cada cierto tiempo el grito de los estudiantes que reclamaron garant\u00edas para el proceso judicial que se les sigue a los detenidos por las protestas de febrero del a\u00f1o pasado\u201d.<\/p>\n<p><strong>Im\u00e1genes: <\/strong>D140. Fotograf\u00eda del acto simb\u00f3lico en la U. de A. Foto: R\u00f3binson S\u00e1enz.<\/p>\n<p>INFORMACI\u00d3N ANAL\u00cdTICA<\/p>\n<p>Contexto de la noticia: Nilson Pinilla asumi\u00f3 como nuevo magistrado ante la Corte Constitucional. Lo cual, se menciona es pol\u00e9mico pues considera que la Corte Constitucional atenta contra la seguridad jur\u00eddica y la divisi\u00f3n de poderes. Se encuentra, adem\u00e1s, que afirma que la tutela contra sentencias no debe proceder en ning\u00fan caso.<\/p>\n<p>Palabras clave: Acciones de resistencia, toma pac\u00edfica de lugares, actividades culturales, actos simb\u00f3licos, declaratoria de neutralidad o de territorio de paz, conmemoraciones, respuestas institucionales, Campa\u00f1as de sensibilizaci\u00f3n o denuncia, actores institucionales, Rector Alberto Uribe Correa, Gobernador encargado Eugenio Prieto, Alcalde Sergio Fajardo.<\/p>\n<p>Sugerencia de palabras claves: NA<\/p>\n<p>Observaciones: NA<\/p>\n<p>Fecha de diligenciamiento: 06\/03\/2019<\/p>\n<h1 style=\"text-align: center;\">***<\/h1>\n<p><strong>N\u00famero de ficha<\/strong>: D141&nbsp;&nbsp;&nbsp;&nbsp;&nbsp;&nbsp;&nbsp;&nbsp;&nbsp;&nbsp;&nbsp;&nbsp;&nbsp;&nbsp;&nbsp;&nbsp;&nbsp;&nbsp;&nbsp;&nbsp;&nbsp;&nbsp;&nbsp;&nbsp;&nbsp;&nbsp;&nbsp;&nbsp;&nbsp; &nbsp;&nbsp;&nbsp;&nbsp;&nbsp;&nbsp;&nbsp;<\/p>\n<p><strong>Diligenciada por: <\/strong>Juan Camilo Parra Restrepo<\/p>\n<p><strong>INFORMACI\u00d3N BIBLIOGR\u00c1FICA<\/strong><\/p>\n<p>Peri\u00f3dico: El Colombiano<\/p>\n<p>Lugar de edici\u00f3n: Medell\u00edn<\/p>\n<p>Autor personal: NA<\/p>\n<p>Autor corporativo: NA<\/p>\n<p>Fecha: 25\/06\/2006<\/p>\n<p>P\u00e1gina: 11A<\/p>\n<p>Secci\u00f3n: Rumbo nacional<\/p>\n<p><strong>Titular: <\/strong>Abaleado profesor de la U. de A.<\/p>\n<p><strong>Resumen: <\/strong>\u201cLa Polic\u00eda Metropolitana investiga las causas del atentado del que fue v\u00edctima la noche del viernes pasado Gustavo Loaiza Chalarca, profesor universitario del semillero de Matem\u00e1ticas en la Universidad de Antioquia. Hacia las nueve de la noche, cuando depart\u00eda con estudiantes frente a la instituci\u00f3n, recibi\u00f3 un tiro de arma de fuego de bajo calibre en la cabeza. De inmediato, fue trasladado a Policl\u00ednica, en estado delicado de salud. Seg\u00fan el secretario de Gobierno de Antioquia, Jorge Mej\u00eda, el docente no tiene relaci\u00f3n con las amenazas que un supuesto grupo de autodefensas realiz\u00f3 hace m\u00e1s de un mes a varios miembros del Alma Mater\u201d<\/p>\n<p><strong>Im\u00e1genes: <\/strong>NA<\/p>\n<p>INFORMACI\u00d3N ANAL\u00cdTICA<\/p>\n<p>Contexto de la noticia: La Constituci\u00f3n Pol\u00edtica de 1991 cumple 15 a\u00f1os. Se celebra esto y se recuentan los intentos de reforma que ha sufrido.<\/p>\n<p>Palabras clave: Acciones de violencia, asesinatos selectivos. Actores, Profesor Gustavo Loaiza Chalarca<\/p>\n<p>Sugerencia de palabras claves: NA<\/p>\n<p>Observaciones: NA<\/p>\n<p>Fecha de diligenciamiento: 06\/03\/2019<\/p>\n<h1 style=\"text-align: center;\">***<\/h1>\n<p><strong>N\u00famero de ficha<\/strong>: D142&nbsp;&nbsp;&nbsp;&nbsp;&nbsp;&nbsp;&nbsp;&nbsp;&nbsp;&nbsp;&nbsp;&nbsp;&nbsp;&nbsp;&nbsp;&nbsp;&nbsp;&nbsp;&nbsp;&nbsp;&nbsp;&nbsp;&nbsp;&nbsp;&nbsp;&nbsp;&nbsp;&nbsp;&nbsp;&nbsp;&nbsp;&nbsp;&nbsp;&nbsp;&nbsp;&nbsp;<\/p>\n<p><strong>Diligenciada por: <\/strong>Juan Camilo Parra Restrepo<\/p>\n<p><strong>INFORMACI\u00d3N BIBLIOGR\u00c1FICA<\/strong><\/p>\n<p>Peri\u00f3dico: El Colombiano<\/p>\n<p>Lugar de edici\u00f3n: Medell\u00edn<\/p>\n<p>Autor personal: NA<\/p>\n<p>Autor corporativo: NA<\/p>\n<p>Fecha: 26\/06\/2006<\/p>\n<p>P\u00e1gina: 2C<\/p>\n<p>Secci\u00f3n: \u00c1rea regional<\/p>\n<p><strong>Titular: <\/strong>Dolor por la muerte del profesor de los semilleros<\/p>\n<p><strong>Resumen: <\/strong>El profesor Gustavo Loaiza fue asesinado el viernes 23 de junio de 2006. El d\u00eda claro 25\/06\/2006 fue sepultado. Este profesor estaba a punto de lograr su jubilaci\u00f3n como docente de la Facultad de Ciencias Exactas y Naturales del Departamento de Matem\u00e1ticas de la Universidad de Antioquia. El decano encargado Jos\u00e9 Luis L\u00f3pez, quien lo conoci\u00f3 durante 31 a\u00f1os, afirma que era muy cercano a los estudiantes. El profesor Loaiza fue cofundador de los semilleros de matem\u00e1ticas. Loaiza cre\u00f3 un Plan Padrino, que consist\u00eda en que empresas brindaban recursos para ayudar a que los estudiantes m\u00e1s pobres se pudieran matricular en los semilleros, en los cuales, a quienes aspiran ingresar a la universidad se les ofrecen cursos de matem\u00e1ticas, qu\u00edmica, f\u00edsica y biolog\u00eda. Se menciona que nunca estuvo amenazado y era un profesor muy querido por los estudiantes.<\/p>\n<p>Durante las exequias se cubri\u00f3 el f\u00e9retro con la bandera y le cantaron el himno del alma mater.<\/p>\n<p>El secretario de Gobierno de Antioquia, Jorge Mej\u00eda Mart\u00ednez, afirma que la Gobernaci\u00f3n de Antioquia se solidariza con la Universidad y considera que es necesario que se investigue y se d\u00e9 con la realidad sobre los hechos, puesto que esto sumado a las amenazas producidas anteriormente generan perturbaci\u00f3n e intranquilidad.<\/p>\n<p><strong>Im\u00e1genes: <\/strong><\/p>\n<p>INFORMACI\u00d3N ANAL\u00cdTICA<\/p>\n<p>Contexto de la noticia: En Medell\u00edn se da la fusi\u00f3n de EMP y EADE. Adem\u00e1s, en Aracataca se frustr\u00f3 un referendo donde los pobladores deseaban nombrar el pueblo Macondo.<\/p>\n<p>Palabras clave: Acciones de violencia, asesinato selectivo, Actores, Profesor Gustavo Loaiza Chalarca<\/p>\n<p>Sugerencia de palabras claves: NA<\/p>\n<p>Observaciones: NA<\/p>\n<p>Fecha de diligenciamiento: 04\/03\/2019<\/p>\n<h1 style=\"text-align: center;\">***<\/h1>\n<p><strong>N\u00famero de ficha<\/strong>: D143&nbsp;&nbsp;&nbsp;&nbsp;&nbsp;&nbsp;&nbsp;&nbsp;&nbsp;&nbsp;&nbsp;&nbsp;&nbsp;&nbsp;&nbsp;&nbsp;&nbsp;&nbsp;&nbsp;&nbsp;&nbsp;&nbsp;&nbsp;&nbsp;&nbsp;&nbsp;&nbsp;&nbsp;&nbsp;&nbsp;&nbsp;&nbsp;&nbsp;&nbsp;&nbsp;&nbsp;<\/p>\n<p><strong>Diligenciada por: <\/strong>Juan Camilo Parra Restrepo<\/p>\n<p><strong>INFORMACI\u00d3N BIBLIOGR\u00c1FICA<\/strong><\/p>\n<p>Peri\u00f3dico: El Colombiano<\/p>\n<p>Lugar de edici\u00f3n: Medell\u00edn<\/p>\n<p>Autor personal: NA<\/p>\n<p>Autor corporativo: NA<\/p>\n<p>Fecha: 28\/06\/2006<\/p>\n<p>P\u00e1gina: 3C<\/p>\n<p>Secci\u00f3n: \u00c1rea regional<\/p>\n<p><strong>Titular: <\/strong>En la U. de A., luto por el profesor Gustavo<\/p>\n<p><strong>Resumen: <\/strong>La Universidad de Antioquia expres\u00f3 el profundo pesar que vive la instituci\u00f3n, donde se expresa que el asesinato de Gustavo Loaiza Chalarca enluta a la instituci\u00f3n y \u201cnos hace cerrar filas contra la violencia, la agresi\u00f3n y el irrespeto por la vida. El vicerrector de la Universidad, Martiniano Jaime Contreras, afirm\u00f3 que el profesor era \u201cuna persona de larga trayectoria, reconocido y querido por sus estudiantes y el sentimiento expresado en su velorio, en la iglesia y en el entierro fue masivo con presencia de alumnos, profesores y directivos. Nosotros hemos pedido a las autoridades policiales y judiciales que no vaya a quedar en la impunidad\u201d. Sobre el profesor no se conoc\u00edan amenazas. Finalmente, agrega que esta situaci\u00f3n ha generado \u201cun clima m\u00e1s bien de zozobra, que se hab\u00eda distensionado mucho en la \u00faltima semana despu\u00e9s del acto simb\u00f3lico de abrazo y con las vacaciones. Pero aparece este asesinato y queda empa\u00f1ada la situaci\u00f3n\u201d.<\/p>\n<p><strong>Im\u00e1genes: <\/strong><\/p>\n<ol>\n<li>INFORMACI\u00d3N ANAL\u00cdTICA<\/li>\n<\/ol>\n<p>Contexto de la noticia: Camilo Mej\u00eda Restrepo, estudiante de la Universidad Pontificia Bolivariana fue asesinado mientras se encontraba en una finca en el l\u00edmite de Anz\u00e1 y Santa F\u00e9 de Antioquia.<\/p>\n<p>Palabras clave: Acciones de violencia, asesinato selectivo profesor Gustavo Loaiza Chalarca, actores institucionales, vicerrector Martiniano Jaime Contreras<\/p>\n<p>Sugerencia de palabras claves: NA<\/p>\n<p>Observaciones: NA<\/p>\n<p>Fecha de diligenciamiento: 07\/03\/2019<\/p>\n<h1 style=\"text-align: center;\">***<\/h1>\n<p><strong>N\u00famero de ficha<\/strong>: D144&nbsp;&nbsp;&nbsp;&nbsp;&nbsp;&nbsp;&nbsp;&nbsp;&nbsp;&nbsp;&nbsp;&nbsp;&nbsp;&nbsp;&nbsp;&nbsp;&nbsp;&nbsp;&nbsp;&nbsp;&nbsp;&nbsp;&nbsp;&nbsp;&nbsp;&nbsp;&nbsp;&nbsp;&nbsp;&nbsp;&nbsp;&nbsp;&nbsp;&nbsp;&nbsp;&nbsp;<\/p>\n<p><strong>Diligenciada por: <\/strong>Juan Camilo Parra Restrepo<\/p>\n<p><strong>INFORMACI\u00d3N BIBLIOGR\u00c1FICA<\/strong><\/p>\n<p>Peri\u00f3dico: El Colombiano<\/p>\n<p>Lugar de edici\u00f3n: Medell\u00edn<\/p>\n<p>Autor personal: NA<\/p>\n<p>Autor corporativo: NA<\/p>\n<p>Fecha: 29\/07\/2006<\/p>\n<p>P\u00e1gina: 6B<\/p>\n<p>Secci\u00f3n: \u00c1rea metro<\/p>\n<p><strong>Titular: <\/strong>Investigaci\u00f3n contra alumnos de U. de A. precluye a su favor<\/p>\n<p><strong>Resumen: <\/strong>El lunes 31 de julio quedar\u00e1n en libertad los 8 estudiantes que hab\u00edan sido detenidos y acusados de rebeld\u00eda tras la explosi\u00f3n en un laboratorio de qu\u00edmica, en medio de disturbios en la Universidad de Antioquia, en febrero de 2005. \u201cSu libertad se da luego de que la Procuradur\u00eda y la Fiscal\u00eda Delegada ante el Tribunal Superior de Bogot\u00e1 encontraran que los procesados son inocentes de los cargos que les formul\u00f3 un fiscal de Medell\u00edn. La decisi\u00f3n revoc\u00f3 la resoluci\u00f3n de acusaci\u00f3n y precluy\u00f3 la investigaci\u00f3n para todos los detenidos, para quienes orden\u00f3 su libertad inmediata\u201d. El abogado de Natalia Tangarife, la \u00fanica mujer implicada, afirma que el proceso se pudo resolver con anterioridad, pero la Fiscal\u00eda General \u201cde forma arbitraria\u201d cambi\u00f3 el fiscal que conoc\u00eda de la apelaci\u00f3n en la ciudad de Medell\u00edn y la asign\u00f3 al Fiscal\u00eda Delegada ante el Tribunal de Bogot\u00e1. A los dos meses de la explosi\u00f3n ocurrida en la Universidad de Antioquia fueron detenidos y llevados a prisi\u00f3n. Se informa que se solicitar\u00e1 acompa\u00f1amiento a la personer\u00eda de Medell\u00edn para velar por la seguridad de quienes recuperar\u00e1n la libertad.<\/p>\n<p><strong>Im\u00e1genes: <\/strong><\/p>\n<p>INFORMACI\u00d3N ANAL\u00cdTICA<\/p>\n<p>Contexto de la noticia: La Corte Interamericana de Derechos Humanos de la OEA cuestiona, en una sentencia, si la Ley de Justicia y Paz favorece la impunidad. Espec\u00edficamente en una sentencia contra el Estado colombiano por la masacre cometida por paramilitares en El Aro y La Granja.<\/p>\n<p>Palabras clave: Respuestas institucionales, detenciones, procesos judiciales, Natalia Tangarife<\/p>\n<p>Sugerencia de palabras claves: NA<\/p>\n<p>Observaciones: NA<\/p>\n<p>Fecha de diligenciamiento: 07\/03\/2019<\/p>\n<h1 style=\"text-align: center;\">***<\/h1>\n<p><strong>N\u00famero de ficha<\/strong>: D145&nbsp;&nbsp;&nbsp;&nbsp;&nbsp;&nbsp;&nbsp;&nbsp;&nbsp;&nbsp;&nbsp;&nbsp;&nbsp;&nbsp;&nbsp;&nbsp;&nbsp;&nbsp;&nbsp;&nbsp;&nbsp;&nbsp;&nbsp;&nbsp;&nbsp;&nbsp;&nbsp;&nbsp;&nbsp;&nbsp;&nbsp;&nbsp;&nbsp;&nbsp;&nbsp;&nbsp;<\/p>\n<p><strong>Diligenciada por: <\/strong>Juan Camilo Parra Restrepo<\/p>\n<p><strong>INFORMACI\u00d3N BIBLIOGR\u00c1FICA<\/strong><\/p>\n<p>Peri\u00f3dico: El Colombiano<\/p>\n<p>Lugar de edici\u00f3n: Medell\u00edn<\/p>\n<p>Autor personal: NA<\/p>\n<p>Autor corporativo: NA<\/p>\n<p>Fecha: 07\/08\/2006<\/p>\n<p>P\u00e1gina: 10A<\/p>\n<p>Secci\u00f3n: Paz y D.H.<\/p>\n<p><strong>Titular: <\/strong>Vocero de los usuarios en EPM era miembro de Farc<\/p>\n<p><strong>Resumen: <\/strong>Freddy Escobar fue capturado en Aguadas, Caldas, luego de ser encontrado deambulando al haber sido herido en un bombardeo 11 d\u00edas atr\u00e1s por el Ej\u00e9rcito. Freddy Escobar acept\u00f3 ser miembro de las Farc. El detenido era vocero de los usuarios en la Junta Directiva de EPM, profesor en la Universidad de Antioquia y mag\u00edster en ciencia pol\u00edtica de la misma. Fue nominado a la Junta de EPM por el alcalde Sergio Fajardo, luego de haberlo acompa\u00f1ado en sus dos \u00faltimas campa\u00f1as por la alcald\u00eda y de haber enfocado su experticia acad\u00e9mica en los procesos de planeaci\u00f3n local. El comandante del Ej\u00e9rcito, General Mario Montoya Uribe afirm\u00f3 que era el ide\u00f3logo del frente urbano Jacobo Arenas de las Farc.<\/p>\n<p>As\u00ed, el 24 de junio de 2006 entre Sons\u00f3n -Antioquia- y Aguadas y Pensilvania -Caldas- se realiz\u00f3 un bombardeo del Ej\u00e9rcito del cual escap\u00f3 Escobar en conjunto con 3 guerrilleros m\u00e1s. Estos \u00faltimos murieron en combates con el Ej\u00e9rcito el 27 de junio. Desde el bombardeo inicial hasta la llegada de Escobar a Aguadas transcurrieron 11 d\u00edas. En Aguadas el Ej\u00e9rcito lo captura, lo lleva a donde un juez de garant\u00edas, donde acepta pertenecer a la guerrilla y se libra medida de aseguramiento en su contra, adem\u00e1s de ser trasladado a Manizales.<\/p>\n<p>Escobar afirm\u00f3 que: Mi trabajo era recoger informaci\u00f3n, analizar la realidad, llevarle conciencia y esperanza al pueblo. El Alcalde Sergio Fajardo afirma que se siente traicionado. Explica que Escobar siempre fue muy cr\u00edtico con el trabajo de EPM y por eso le ofreci\u00f3 la oportunidad de hacer parte de la junta. De igual forma, menciona que no hay riesgo de que tenga informaci\u00f3n que ponga en peligro la empresa. El rector de la Universidad de Antioquia, en entrevista con el alcalde, confirm\u00f3 que Escobar Moncada aparec\u00eda en una de las listas de profesores y estudiantes amenazados por las Autodefensas de la Universidad de Antioquia.<\/p>\n<p><strong>Im\u00e1genes: <\/strong><\/p>\n<p>INFORMACI\u00d3N ANAL\u00cdTICA<\/p>\n<p>Contexto de la noticia: \u00c1lvaro Uribe asume como presidente de la Rep\u00fablica de Colombia para el periodo 2006-2010.<\/p>\n<p>Palabras clave: Actores armados, Farc, Fredy Escobar, Autodefensas Unidas de Colombia, Ej\u00e9rcito, respuestas institucionales, detenciones, procesos judiciales<\/p>\n<p>Sugerencia de palabras claves: NA<\/p>\n<p>Observaciones: NA<\/p>\n<p><strong>Fecha de diligenciamiento: <\/strong>13\/03\/2019<\/p>\n<h1 style=\"text-align: center;\">***<\/h1>\n<p><strong>N\u00famero de ficha<\/strong>: D146&nbsp;&nbsp;&nbsp;&nbsp;&nbsp;&nbsp;&nbsp;&nbsp;&nbsp;&nbsp;&nbsp;&nbsp;&nbsp;&nbsp;&nbsp;&nbsp;&nbsp;&nbsp;&nbsp;&nbsp;&nbsp;&nbsp;&nbsp;&nbsp;&nbsp;&nbsp;&nbsp;&nbsp;&nbsp;&nbsp;&nbsp;&nbsp;&nbsp;&nbsp;&nbsp;&nbsp;<\/p>\n<p><strong>Diligenciada por: <\/strong>Juan Camilo Parra Restrepo<\/p>\n<p><strong>INFORMACI\u00d3N BIBLIOGR\u00c1FICA<\/strong><\/p>\n<p>Peri\u00f3dico: El Colombiano<\/p>\n<p>Lugar de edici\u00f3n: Medell\u00edn<\/p>\n<p>Autor personal: NA<\/p>\n<p>Autor corporativo: NA<\/p>\n<p>Fecha: 09\/08\/2006<\/p>\n<p>P\u00e1gina: 3A<\/p>\n<p>Secci\u00f3n: Tema del d\u00eda<\/p>\n<p><strong>Titular: <\/strong>Mateo, respuestas a su doble vida<\/p>\n<p><strong>Resumen: <\/strong>Se realiza un reportaje sobre Fredy Escobar, alias Mateo, y su participaci\u00f3n en la Junta de EPM. EPM reitera que no conoc\u00eda informaci\u00f3n confidencial, pues esta no se aborda en la Junta Directiva y ninguno de sus miembros conoce informaci\u00f3n sobre la seguridad de la infraestructura de EPM, y adem\u00e1s respald\u00f3 la decisi\u00f3n del alcalde Sergio Fajardo cuando lo nombr\u00f3 y se desconoc\u00eda la doble identidad de Escobar.<\/p>\n<p>Se resalta su participaci\u00f3n en proyectos de investigaci\u00f3n del Instituto de Estudios Pol\u00edticos de la Universidad de Antioquia, as\u00ed como que cursara la maestr\u00eda en ciencia pol\u00edtica de esta misma dependencia, donde har\u00eda parte del Grupo de Investigaci\u00f3n Estudios Pol\u00edticos como auxiliar de investigaci\u00f3n y coinvestigador en proyectos de desplazamiento forzado, conflicto urbano y formaci\u00f3n ciudadana. Manuel Alberto Alonso Espinal, quien fuese su jefe directo, afirmaba que era cr\u00edtico pero mesurado en sus intervenciones en clase y escritos. Escobar se interes\u00f3 m\u00e1s recientemente por el tema de servicios p\u00fablicos domiciliarios, tiene adem\u00e1s formaci\u00f3n ambiental y afirman que en investigaci\u00f3n era bastante agudo. Se gradu\u00f3 con una tesis sobre el conflicto armado y el desarrollo en Urab\u00e1 y su \u00faltimo contrato con el Instituto termin\u00f3 un a\u00f1o despu\u00e9s. Ejerci\u00f3 como profesor de c\u00e1tedra en Trabajo Social y Regionalizaci\u00f3n. La \u00faltima materia que dicto fue Teor\u00eda y procesos en comunidad, a estudiantes de sexto semestre de Trabajo Social en Urab\u00e1. Se informa que Escobar fue de muy bajo perfil en el tema de movimientos estudiantiles y comit\u00e9s acad\u00e9micos, en donde no tuvo participaci\u00f3n; en cambio, ten\u00eda un alto perfil acad\u00e9mico.<\/p>\n<p><strong>Im\u00e1genes: <\/strong>NA<\/p>\n<p>INFORMACI\u00d3N ANAL\u00cdTICA<\/p>\n<p>Contexto de la noticia: La noticia se enmarca en la toma de posesi\u00f3n de \u00c1lvaro Uribe como presidente de Colombia para el periodo 2006-2010.<\/p>\n<p>Palabras clave: Actores armados, Farc, Fredy Escobar<\/p>\n<p>Sugerencia de palabras claves: NA<\/p>\n<p>Observaciones: NA<\/p>\n<p><strong>Fecha de diligenciamiento: <\/strong>13\/03\/2019<\/p>\n<h1 style=\"text-align: center;\">***<\/h1>\n<p><strong>N\u00famero de ficha<\/strong>: D147&nbsp;&nbsp;&nbsp;&nbsp;&nbsp;&nbsp;&nbsp;&nbsp;&nbsp;&nbsp;&nbsp;&nbsp;&nbsp;&nbsp;&nbsp;&nbsp;&nbsp;&nbsp;&nbsp;&nbsp;&nbsp;&nbsp;&nbsp;&nbsp;&nbsp;&nbsp;&nbsp;&nbsp;&nbsp;&nbsp;&nbsp;&nbsp;&nbsp;&nbsp;&nbsp;&nbsp;<\/p>\n<p><strong>Diligenciada por: <\/strong>Juan Camilo Parra Restrepo<\/p>\n<p><strong>INFORMACI\u00d3N BIBLIOGR\u00c1FICA<\/strong><\/p>\n<p>Peri\u00f3dico: El Colombiano<\/p>\n<p>Lugar de edici\u00f3n: Medell\u00edn<\/p>\n<p>Autor personal: NA<\/p>\n<p>Autor corporativo: NA<\/p>\n<p>Fecha: 13\/08\/2006<\/p>\n<p>P\u00e1gina: 6A<\/p>\n<p>Secci\u00f3n: Tema de la semana<\/p>\n<p><strong>Titular: <\/strong>El guerrillero invisible<\/p>\n<p><strong>Resumen: <\/strong>Se realiza un nuevo especial sobre Fredy Escobar, alias Mateo, y su lugar en las Farc y la sociedad. De forma que, se reitera que las Farc tiene un \u201cinter\u00e9s por contar en sus filas con personas instruidas que recluten y legitimen la lucha armada en c\u00edrculos sociales y profesionales\u201d; a trav\u00e9s de Fredy Escobar las Farc acced\u00eda a c\u00edrculos sociales, de poder y acad\u00e9micos, en especial en las grandes ciudades.<\/p>\n<p><strong>Im\u00e1genes: <\/strong><\/p>\n<p>INFORMACI\u00d3N ANAL\u00cdTICA<\/p>\n<p>Contexto de la noticia: En el Carmen de Viboral se realiza un acto para revivir la memoria de varias familias que fueron asesinadas en la vereda La Esperanza.<\/p>\n<p>Palabras clave: Actores armados, Farc, Fredy Escobar<\/p>\n<p>Sugerencia de palabras claves: NA<\/p>\n<p>Observaciones: NA<\/p>\n<p><strong>Fecha de diligenciamiento: <\/strong>18\/03\/2019<\/p>\n<h1 style=\"text-align: center;\">***<\/h1>\n<p><strong>N\u00famero de ficha<\/strong>: D148&nbsp;&nbsp;&nbsp;&nbsp;&nbsp;&nbsp;&nbsp;&nbsp;&nbsp;&nbsp;&nbsp;&nbsp;&nbsp;&nbsp;&nbsp;&nbsp;&nbsp;&nbsp;&nbsp;&nbsp;&nbsp;&nbsp;&nbsp;&nbsp;&nbsp;&nbsp;&nbsp;&nbsp;&nbsp;&nbsp;&nbsp;&nbsp;&nbsp;&nbsp;&nbsp;&nbsp;<\/p>\n<p><strong>Diligenciada por: <\/strong>Juan Camilo Parra Restrepo<\/p>\n<p><strong>INFORMACI\u00d3N BIBLIOGR\u00c1FICA<\/strong><\/p>\n<p>Peri\u00f3dico: El Colombiano<\/p>\n<p>Lugar de edici\u00f3n: Medell\u00edn<\/p>\n<p>Autor personal: NA<\/p>\n<p>Autor corporativo: NA<\/p>\n<p>Fecha: 25\/10\/2006<\/p>\n<p>P\u00e1gina: 8A<\/p>\n<p>Secci\u00f3n: Naci\u00f3n hoy<\/p>\n<p><strong>Titular: <\/strong>Explosi\u00f3n de petardo mat\u00f3 tres estudiantes<\/p>\n<p><strong>Resumen: <\/strong>En el marco de la noticia por una explosi\u00f3n ocurrida en la Universidad del Atl\u00e1ntico, en Barranquilla, donde mueren tres estudiantes mientras fabricaban una papa bomba, aparece una noticia sobre la Universidad de Antioquia. La nota reza as\u00ed: No es la primera vez que este tipo de situaciones se presentan en universidades del pa\u00eds. El 11 de febrero del a\u00f1o pasado, en la Universidad de Antioquia, murieron dos muchachas que pasaban por un corredor del centro educativo. Las j\u00f3venes fueron alcanzadas por la onda expansiva de un artefacto que manipulaban varios estudiantes. Los paquetes explosivos causaron grave da\u00f1o por cuanto ocurri\u00f3 al lado de uno de los laboratorios de qu\u00edmica del centro de educaci\u00f3n superior. Adem\u00e1s de las dos personas muertas, por lo menos 17 estudiantes m\u00e1s resultaron lesionados a causa de la fuerte explosi\u00f3n.<\/p>\n<p><strong>Im\u00e1genes: <\/strong>NA<\/p>\n<p>INFORMACI\u00d3N ANAL\u00cdTICA<\/p>\n<p>Contexto de la noticia: En Pensilvania, Caldas, cay\u00f3 un helic\u00f3ptero del Comando Operativo N\u00famero Tres de las fuerzas armadas.<\/p>\n<p>Palabras clave: Acciones contestatarias, tropel<\/p>\n<p>Sugerencia de palabras claves: NA<\/p>\n<p>Observaciones: NA<\/p>\n<p>Fecha de diligenciamiento: 07\/03\/2019<\/p>\n<h1 style=\"text-align: center;\">***<\/h1>\n<p><strong>N\u00famero de ficha<\/strong>: D149&nbsp;&nbsp;&nbsp;&nbsp;&nbsp;&nbsp;&nbsp;&nbsp;&nbsp;&nbsp;&nbsp;&nbsp;&nbsp;&nbsp;&nbsp;&nbsp;&nbsp;&nbsp;&nbsp;&nbsp;&nbsp;&nbsp;&nbsp;&nbsp;&nbsp;&nbsp;&nbsp;&nbsp;&nbsp;&nbsp;&nbsp;&nbsp;&nbsp;&nbsp;&nbsp;&nbsp;<\/p>\n<p><strong>Diligenciada por: <\/strong>Juan Camilo Parra Restrepo<\/p>\n<p><strong>INFORMACI\u00d3N BIBLIOGR\u00c1FICA<\/strong><\/p>\n<p>Peri\u00f3dico: El Colombiano<\/p>\n<p>Lugar de edici\u00f3n: Medell\u00edn<\/p>\n<p>Autor personal: NA<\/p>\n<p>Autor corporativo: NA<\/p>\n<p>Fecha: 04\/11\/2006<\/p>\n<p>P\u00e1gina:&nbsp; 3C<\/p>\n<p>Secci\u00f3n: \u00c1rea regional<\/p>\n<p><strong>Titular: <\/strong>Robos silencian la m\u00fasica en U. de A.<\/p>\n<p><strong>Resumen: <\/strong>Se realiz\u00f3 un hurt\u00f3 en la Facultad de Artes de la Universidad de Antioquia. Se menciona que este a\u00f1o se han presentado robos constantes y, que \u00e9ste \u00faltimo, tiene como agravante que tiene de por medio una amenaza escrita a dos directivas. Se afirma que primero fueron hurtados una trompeta, luego un saxof\u00f3n, posterior a ello una c\u00e1mara de video y otros materiales de la bodega de Artes Visuales. Por lo anterior, la decana y las y Consejo de Facultad interpusieron denuncias ante la Fiscal\u00eda. A pesar de eso, la desaparici\u00f3n de materiales de trabajo contin\u00faa. En el \u00faltimo robo se dej\u00f3 una nota amenazante contra la asistente administrativa y la decana donde les afirman que cambiar la chapa fue un acto de dictadura y que si no se van las matan. Se afirma que el valor de los instrumentos es cercano a los 25 millones de pesos.<\/p>\n<p><strong>Im\u00e1genes: <\/strong>NA<\/p>\n<p>INFORMACI\u00d3N ANAL\u00cdTICA<\/p>\n<p>Contexto de la noticia: La Defensor\u00eda del Pueblo advirti\u00f3 que hay riesgo de ataques por parte de las Farc en 25 municipios de distintos departamentos.<\/p>\n<p>Palabras clave:<\/p>\n<p>Sugerencia de palabras claves: NA<\/p>\n<p>Observaciones: NA<\/p>\n<p>Fecha de diligenciamiento: 04\/03\/2019<\/p>\n<h1 style=\"text-align: center;\">***<\/h1>\n<p><strong>N\u00famero de ficha<\/strong>: D150&nbsp;&nbsp;&nbsp;&nbsp;&nbsp;&nbsp;&nbsp;&nbsp;&nbsp;&nbsp;&nbsp;&nbsp;&nbsp;&nbsp;&nbsp;&nbsp;&nbsp;&nbsp;&nbsp;&nbsp;&nbsp;&nbsp;&nbsp;&nbsp;&nbsp;&nbsp;&nbsp;&nbsp;&nbsp;&nbsp;&nbsp;&nbsp;&nbsp;&nbsp;&nbsp;&nbsp;<\/p>\n<p><strong>Diligenciada por: <\/strong>Juan Camilo Parra Restrepo<\/p>\n<p><strong>INFORMACI\u00d3N BIBLIOGR\u00c1FICA<\/strong><\/p>\n<p>Peri\u00f3dico: El Colombiano<\/p>\n<p>Lugar de edici\u00f3n: Medell\u00edn<\/p>\n<p>Autor personal: NA<\/p>\n<p>Autor corporativo: NA<\/p>\n<p>Fecha: 27\/02\/2007<\/p>\n<p>P\u00e1gina: 7A<\/p>\n<p>Secci\u00f3n: Paz y D.H.<\/p>\n<p><strong>Titular: <\/strong>A Corte Interamericana, caso de Jes\u00fas Mar\u00eda Valle<\/p>\n<p><strong>Resumen: <\/strong>&nbsp;Hace 9 a\u00f1os fue asesinados por hombres de las Autodefensas Unidas de Colombia, Jes\u00fas Mar\u00eda Valle, exactamente el 27 de febrero de 1998. Su caso lleg\u00f3 a la Corte Interamericana de Derechos Humanos de la OEA.&nbsp; Esta Corte estar\u00e1 encargada de determinar la responsabilidad del Estado colombiano en la muerte del defensor de derechos humanos. As\u00ed, la Corte Interamericana de Derechos Humanos -CIDH- interpuso la demanda a la Corte el 13 de febrero de 2007, luego de cinco a\u00f1os de tener el caso y comprobar que hubo violaciones por parte del Estado colombiano. Se explica que por 7 casos as\u00ed desde 1993 el Estado de Colombia ha pagado m\u00e1s de 17 millones de d\u00f3lares.<\/p>\n<p>Se recuerda que Valle fue asesinado luego de haber rendido versi\u00f3n libre en el proceso por injuria y calumnia que en su contra inici\u00f3 el Ej\u00e9rcito por sus denuncias sobre la colaboraci\u00f3n de militares de la IV Brigada en las masacres de El Aro y La Granja (Ituango). Se afirma que ese mismo d\u00eda se realizar\u00e1n actividades como una Galer\u00eda de la Memoria en la plazoleta de La Alpujarra, una manifestaci\u00f3n al frente del edificio Col\u00f3n y finalmente de all\u00ed saldr\u00e1 una marcha.<\/p>\n<p><strong>Im\u00e1genes: <\/strong><\/p>\n<p>INFORMACI\u00d3N ANAL\u00cdTICA<\/p>\n<p>Contexto de la noticia: La Misi\u00f3n de Apoyo a los Procesos de Paz de la OEA informa que existe una alerta de rearme por la presencia de grupos, organizaciones o facciones armadas en cinco subregiones de Antioquia. Adicional, el Ministro del Interior afirma que mientras los paramilitares penetraron las elecciones de 2002 en la Costa, las Farc lo realizaron en el sur.<\/p>\n<p>Palabras clave: Acciones de violencia, asesinato selectivo Jes\u00fas Mar\u00eda Valle, acci\u00f3n de resistencia, Movilizaci\u00f3n Social<\/p>\n<p>Sugerencia de palabras claves: NA<\/p>\n<p>Observaciones: NA<\/p>\n<p>Fecha de diligenciamiento: 04\/03\/2019<\/p>\n<h1 style=\"text-align: center;\">***<\/h1>\n<p><strong>N\u00famero de ficha<\/strong>: D151&nbsp;&nbsp;&nbsp;&nbsp;&nbsp;&nbsp;&nbsp;&nbsp;&nbsp;&nbsp;&nbsp;&nbsp;&nbsp;&nbsp;&nbsp;&nbsp;&nbsp;&nbsp;&nbsp;&nbsp;&nbsp;&nbsp;&nbsp;&nbsp;&nbsp;&nbsp;&nbsp;&nbsp;&nbsp;&nbsp;&nbsp;&nbsp;&nbsp;&nbsp;&nbsp;&nbsp;<\/p>\n<p><strong>Diligenciada por: <\/strong>Juan Camilo Parra Restrepo<\/p>\n<p><strong>INFORMACI\u00d3N BIBLIOGR\u00c1FICA<\/strong><\/p>\n<p>Peri\u00f3dico: El Colombiano<\/p>\n<p>Lugar de edici\u00f3n: Medell\u00edn<\/p>\n<p>Autor personal: NA<\/p>\n<p>Autor corporativo: NA<\/p>\n<p>Fecha: 03\/05\/2007<\/p>\n<p>P\u00e1gina: 10A<\/p>\n<p>Secci\u00f3n: Naci\u00f3n hoy<\/p>\n<p><strong>Titular: <\/strong>Condena al Estado por muerte de Valle<\/p>\n<p><strong>Resumen: <\/strong>El Estado colombiano deber\u00e1 pagar 1.702 millones de pesos a la familia de abogado y defensor de derechos Jes\u00fas Mar\u00eda Valle, asesinado en Medell\u00edn en 1998, decidi\u00f3 la Corte Interamericana de Derechos Humanos.Valle fue asesinado luego de hacer p\u00fablica la relaci\u00f3n entre miembros del ej\u00e9rcito y grupos paramilitares. Relaci\u00f3n que fue condenada por la Corte Interamericana de Derechos Humanos y hoy condena al Estado por la muerte del defensor de derechos humanos. La suma, entonces, se resume as\u00ed: 1421 millones por perjuicios materiales y 281 millones por perjuicios morales. La orden de la Corte establece que ser\u00e1n pagados en partes iguales (25%) por el Ej\u00e9rcito, el DAS, la Polic\u00eda y el Ministerio del Interior.<\/p>\n<p><strong>Im\u00e1genes: <\/strong>NA<\/p>\n<p>INFORMACI\u00d3N ANAL\u00cdTICA<\/p>\n<p>Contexto de la noticia: El presidente de Estados Unidos, Bush, le pidi\u00f3 al congreso de ese pa\u00eds apoyar los planes del presidente de Colombia, \u00c1lvaro Uribe V\u00e9lez, en relaci\u00f3n al TLC entre ambos pa\u00edses.<\/p>\n<p>Palabras clave: Acciones de violencia, asesinato selectivo Jes\u00fas Mar\u00eda Valle, respuestas institucionales<\/p>\n<p>Sugerencia de palabras claves: NA<\/p>\n<p>Observaciones: NA<\/p>\n<p>Fecha de diligenciamiento: 07\/03\/2019<\/p>\n<h1 style=\"text-align: center;\">***<\/h1>\n<p><strong>N\u00famero de ficha<\/strong>: D152&nbsp;&nbsp;&nbsp;&nbsp;&nbsp;&nbsp;&nbsp;&nbsp;&nbsp;&nbsp;&nbsp;&nbsp;&nbsp;&nbsp;&nbsp;&nbsp;&nbsp;&nbsp;&nbsp;&nbsp;&nbsp;&nbsp;&nbsp;&nbsp;&nbsp;&nbsp;&nbsp;&nbsp;&nbsp;&nbsp;&nbsp;&nbsp;&nbsp;&nbsp;&nbsp;&nbsp;<\/p>\n<p><strong>Diligenciada por: <\/strong>Juan Camilo Parra Restrepo<\/p>\n<p><strong>INFORMACI\u00d3N BIBLIOGR\u00c1FICA<\/strong><\/p>\n<p>Peri\u00f3dico: El Colombiano<\/p>\n<p>Lugar de edici\u00f3n: Medell\u00edn<\/p>\n<p>Autor personal: NA<\/p>\n<p>Autor corporativo: NA<\/p>\n<p>Fecha: 07\/05\/2007<\/p>\n<p>P\u00e1gina: 10A<\/p>\n<p>Secci\u00f3n: Paz y D.H.<\/p>\n<p><strong>Titular: <\/strong>La familia de Jes\u00fas Mar\u00eda rechaza conciliaci\u00f3n<\/p>\n<p><strong>Resumen: <\/strong>La Familia de Jes\u00fas Mar\u00eda Valle rechaz\u00f3 la conciliaci\u00f3n que realizaron sus abogados con la Naci\u00f3n por el asesinato del defensor de derechos humanos. Seg\u00fan esta, el Estado admiti\u00f3 que omiti\u00f3 cumplir su responsabilidad de protegerle la vida y acept\u00f3 pagar 1.702 millones de pesos. En carta enviada al Consejo de Estado manifiestan que los abogados que los representan no les han entregado copia del acta de conciliaci\u00f3n por lo cual desconocen los t\u00e9rminos del arreglo.&nbsp; Y afirman que no aceptan ning\u00fan acuerdo que involucre cl\u00e1usulas de disminuci\u00f3n de la responsabilidad directa del Estado en la muerte de Jes\u00fas Mar\u00eda Valle.&nbsp; La familia, el Grupo Interdisciplinario de Derechos Humanos y la Comisi\u00f3n Colombiana de Juristas reclaman la verdad en la participaci\u00f3n directa del Estado en la muerte del defensor de derechos humanos.<\/p>\n<p><strong>Im\u00e1genes: <\/strong>NA<\/p>\n<p>INFORMACI\u00d3N ANAL\u00cdTICA<\/p>\n<p>Contexto de la noticia: Se realiza una jornada para quienes sufrieron cr\u00edmenes de las AUC en Urab\u00e1, en donde pudieron rendir algunos relatos y se les explic\u00f3 los alcances de la Ley de Justicia y Paz.<\/p>\n<p>Palabras clave: Asesinato selectivo, Jes\u00fas Mar\u00eda Valle, respuestas institucionales<\/p>\n<p>Sugerencia de palabras claves: NA<\/p>\n<p>Observaciones: NA<\/p>\n<p>Fecha de diligenciamiento: 08\/03\/2019<\/p>\n<h1 style=\"text-align: center;\">***<\/h1>\n<p><strong>N\u00famero de ficha<\/strong>: D153&nbsp;&nbsp;&nbsp;&nbsp;&nbsp;&nbsp;&nbsp;&nbsp;&nbsp;&nbsp;&nbsp;&nbsp;&nbsp;&nbsp;&nbsp;&nbsp;&nbsp;&nbsp;&nbsp;&nbsp;&nbsp;&nbsp;&nbsp;&nbsp;&nbsp;&nbsp;&nbsp;&nbsp;&nbsp;&nbsp;&nbsp;&nbsp;&nbsp;&nbsp;&nbsp;&nbsp;<\/p>\n<p><strong>Diligenciada por: <\/strong>Juan Camilo Parra Restrepo<\/p>\n<p><strong>INFORMACI\u00d3N BIBLIOGR\u00c1FICA<\/strong><\/p>\n<p>Peri\u00f3dico: El Colombiano<\/p>\n<p>Lugar de edici\u00f3n: Medell\u00edn<\/p>\n<p>Autor personal: NA<\/p>\n<p>Autor corporativo: NA<\/p>\n<p>Fecha: 23\/05\/2007<\/p>\n<p>P\u00e1gina: 3D<\/p>\n<p>Secci\u00f3n: \u00c1rea regional<\/p>\n<p><strong>Titular: <\/strong>Siguen protestas de estudiantes de la UN<\/p>\n<p><strong>Resumen: <\/strong>Los estudiantes de la Universidad Nacional de Colombia sede Medell\u00edn realizaron ayer, 22 de mayo de 2007, una marcha en contra del Plan Nacional de Desarrollo, en compa\u00f1\u00eda de estudiantes de la Universidad de Antioquia. Los estudiantes de la U. de A. decidieron acogerse a la anormalidad acad\u00e9mica. Se informa que durante la marcha no hubo enfrentamientos con la fuerza p\u00fablica.<\/p>\n<p><strong>Im\u00e1genes: <\/strong><\/p>\n<p>INFORMACI\u00d3N ANAL\u00cdTICA<\/p>\n<p>Contexto de la noticia: Se relata la fuga del subintendente Pinchao, quien se encontraba secuestrado a manos de las Farc.<\/p>\n<p>Palabras clave: Acciones contestatarias, movilizaci\u00f3n social, marchas estudiantiles<\/p>\n<p>Sugerencia de palabras claves: NA<\/p>\n<p>Observaciones: NA<\/p>\n<p>Fecha de diligenciamiento: 08\/03\/2019<\/p>\n<h1 style=\"text-align: center;\">***<\/h1>\n<p><strong>N\u00famero de ficha<\/strong>: D154&nbsp;&nbsp;&nbsp;&nbsp;&nbsp;&nbsp;&nbsp;&nbsp;&nbsp;&nbsp;&nbsp;&nbsp;&nbsp;&nbsp;&nbsp;&nbsp;&nbsp;&nbsp;&nbsp;&nbsp;&nbsp;&nbsp;&nbsp;&nbsp;&nbsp;&nbsp;&nbsp;&nbsp;&nbsp;&nbsp;&nbsp;&nbsp;&nbsp;&nbsp;&nbsp;&nbsp;<\/p>\n<p><strong>Diligenciada por: <\/strong>Juan Camilo Parra Restrepo<\/p>\n<p><strong>INFORMACI\u00d3N BIBLIOGR\u00c1FICA<\/strong><\/p>\n<p>Peri\u00f3dico: El Colombiano<\/p>\n<p>Lugar de edici\u00f3n: Medell\u00edn<\/p>\n<p>Autor personal: NA<\/p>\n<p>Autor corporativo: NA<\/p>\n<p>Fecha: 24\/05\/2007<\/p>\n<p>P\u00e1gina: 4D<\/p>\n<p>Secci\u00f3n: Docencia y educaci\u00f3n<\/p>\n<p><strong>Titular: <\/strong>Alumnos de la U. de A. se sumaron al paro<\/p>\n<p><strong>Resumen: <\/strong>Los estudiantes de la U. de A. realizaron bloqueos y se sumaron a la jornada de protesta del magisterio. Lo cual termin\u00f3 en enfrentamientos con la fuerza p\u00fablica. Los estudiantes buscaban apoyar el magisterio y protestar con el Plan Nacional de Desarrollo. La Asamblea de Estudiantes bloque\u00f3 el edificio administrativo, las facultades y casi todo el campus, adem\u00e1s de las instalaciones de la Sede de Investigaci\u00f3n Universitaria -SIU-.<\/p>\n<p><strong>Im\u00e1genes: <\/strong><\/p>\n<p>INFORMACI\u00d3N ANAL\u00cdTICA<\/p>\n<p>Contexto de la noticia: La noticia se produce en el marco de un paro nacional del magisterio.<\/p>\n<p>Palabras clave: Acciones contestatarias, tropel, movilizaci\u00f3n social, marchas estudiantiles, tomas pac\u00edficas de lugares, actores institucionales, Asamblea de Estudiantes<\/p>\n<p>Sugerencia de palabras claves: NA<\/p>\n<p>Observaciones: NA<\/p>\n<p>Fecha de diligenciamiento: 09\/03\/2019<\/p>\n<h1 style=\"text-align: center;\">***<\/h1>\n<p><strong>N\u00famero de ficha<\/strong>: D155&nbsp;&nbsp;&nbsp;&nbsp;&nbsp;&nbsp;&nbsp;&nbsp;&nbsp;&nbsp;&nbsp;&nbsp;&nbsp;&nbsp;&nbsp;&nbsp;&nbsp;&nbsp;&nbsp;&nbsp;&nbsp;&nbsp;&nbsp;&nbsp;&nbsp;&nbsp;&nbsp;&nbsp;&nbsp;&nbsp;&nbsp;&nbsp;&nbsp;&nbsp;&nbsp;&nbsp;<\/p>\n<p><strong>Diligenciada por: <\/strong>Juan Camilo Parra Restrepo<\/p>\n<p><strong>INFORMACI\u00d3N BIBLIOGR\u00c1FICA<\/strong><\/p>\n<p>Peri\u00f3dico: El Colombiano<\/p>\n<p>Lugar de edici\u00f3n: Medell\u00edn<\/p>\n<p>Autor personal: NA<\/p>\n<p>Autor corporativo: NA<\/p>\n<p>Fecha: 06\/06\/2007<\/p>\n<p>P\u00e1gina: 10A<\/p>\n<p>Secci\u00f3n: Paz y D.H.<\/p>\n<p><strong>Titular: <\/strong>Ning\u00fan castigado por el crimen de Jes\u00fas Mar\u00eda Valle<\/p>\n<p><strong>Resumen: <\/strong>Se realiza un reportaje en El Colombiano donde se informa que a ra\u00edz del asesinato de Jes\u00fas Mar\u00eda Vale no ha habido justicia plena. Se informa que el \u00faltimo procesado fue absuelto por la justicia. Con la liberaci\u00f3n de Nicol\u00e1s \u00c1ngel Garc\u00eda Graciano, quien se hace llamar tambi\u00e9n como Fredy Hern\u00e1ndez, queda absuelto de los cargos de homicidio de Valle Jaramillo y del secuestro simple de Nelly Valle Jaramillo y Carlos Fernando Jaramillo Correa. Se afirma que existe impunidad en el caso de Mar\u00eda Valle.<\/p>\n<p><strong>Im\u00e1genes: <\/strong>NA<\/p>\n<p>INFORMACI\u00d3N ANAL\u00cdTICA<\/p>\n<p>Contexto de la noticia: El canciller de las Farc, Rodrigo Granda, fue liberado a petici\u00f3n del presidente franc\u00e9s, Nicol\u00e1s Sarkozy, en orden de realizar un intercambio humanitario entre el Gobierno Nacional de Colombia y las Farc.<\/p>\n<p>Palabras clave:<\/p>\n<p>Sugerencia de palabras claves: NA<\/p>\n<p>Observaciones: NA<\/p>\n<p>Fecha de diligenciamiento: 08\/03\/2019<\/p>\n<h1 style=\"text-align: center;\">***<\/h1>\n<p><strong>N\u00famero de ficha<\/strong>: D156&nbsp;&nbsp;&nbsp;&nbsp;&nbsp;&nbsp;&nbsp;&nbsp;&nbsp;&nbsp;&nbsp;&nbsp;&nbsp;&nbsp;&nbsp;&nbsp;&nbsp;&nbsp;&nbsp;&nbsp;&nbsp;&nbsp;&nbsp;&nbsp;&nbsp;&nbsp;&nbsp;&nbsp;&nbsp;&nbsp;&nbsp;&nbsp;&nbsp;&nbsp;&nbsp;&nbsp;<\/p>\n<p><strong>Diligenciada por: <\/strong>Juan Camilo Parra Restrepo<\/p>\n<p><strong>INFORMACI\u00d3N BIBLIOGR\u00c1FICA<\/strong><\/p>\n<p>Peri\u00f3dico: El Colombiano<\/p>\n<p>Lugar de edici\u00f3n: Medell\u00edn<\/p>\n<p>Autor personal: NA<\/p>\n<p>Autor corporativo: NA<\/p>\n<p>Fecha: 09\/06\/2007<\/p>\n<p>P\u00e1gina: 13A<\/p>\n<p>Secci\u00f3n: \u00c1rea regional<\/p>\n<p><strong>Titular: <\/strong>Toma acab\u00f3 en l\u00edos<\/p>\n<p><strong>Resumen: <\/strong>En la Universidad de Antioquia se iba a realizar una toma cultural en la porter\u00eda de la avenida Regional, programada por la Asamblea de Estudiantes, sin embargo, termin\u00f3 en disturbios cuando el Escuadr\u00f3n M\u00f3vil Antidisturbios de la Polic\u00eda intent\u00f3 levantar el bloqueo. Los estudiantes se movilizaron en contra del plan Nacional de Desarrollo, las transferencias -presupuesto- a la U. de A. y la conmemoraci\u00f3n de los 53 a\u00f1os del D\u00eda del Estudiante Ca\u00eddo.<\/p>\n<p><strong>Im\u00e1genes: <\/strong>D156A y D156B. Fotograf\u00edas de los disturbios. Foto:<\/p>\n<p>INFORMACI\u00d3N ANAL\u00cdTICA<\/p>\n<p>Contexto de la noticia: El Gobierno Nacional, ante la demora en la aprobaci\u00f3n del TLC entre Colombia y Estados Unidos, presiona para la postergaci\u00f3n de las preferencias arancelarias consagradas en el ATPDEA que tiene Estados Unidos con Colombia y Per\u00fa.<\/p>\n<p>Palabras clave: Acciones de resistencia, conmemoraciones, acciones contestatarias, tropel, actividades simb\u00f3licas, actores institucionales, Asamblea de Estudiantes<\/p>\n<p>Sugerencia de palabras claves: NA<\/p>\n<p>Observaciones: NA<\/p>\n<p>Fecha de diligenciamiento: 09\/03\/2019<\/p>\n<h1 style=\"text-align: center;\">***<\/h1>\n<p><strong>N\u00famero de ficha<\/strong>: D157&nbsp;&nbsp;&nbsp;&nbsp;&nbsp;&nbsp;&nbsp;&nbsp;&nbsp;&nbsp;&nbsp;&nbsp;&nbsp;&nbsp;&nbsp;&nbsp;&nbsp;&nbsp;&nbsp;&nbsp;&nbsp;&nbsp;&nbsp;&nbsp;&nbsp;&nbsp;&nbsp;&nbsp;&nbsp;&nbsp;&nbsp;&nbsp;&nbsp;&nbsp;&nbsp;&nbsp;<\/p>\n<p><strong>Diligenciada por: <\/strong>Juan Camilo Parra Restrepo<\/p>\n<p><strong>INFORMACI\u00d3N BIBLIOGR\u00c1FICA<\/strong><\/p>\n<p>Peri\u00f3dico: El Colombiano<\/p>\n<p>Lugar de edici\u00f3n: Medell\u00edn<\/p>\n<p>Autor personal: NA<\/p>\n<p>Autor corporativo: NA<\/p>\n<p>Fecha: 10\/10\/2007<\/p>\n<p>P\u00e1gina: 12A<\/p>\n<p>Secci\u00f3n: \u00c1rea regional<\/p>\n<p><strong>Titular: <\/strong>Tras protesta, fue evacuada la U. de A.<\/p>\n<p><strong>Resumen: <\/strong>En la Universidad de Antioquia se realiz\u00f3 una manifestaci\u00f3n por los 40 a\u00f1os de la muerte del Che. Esta \u00faltima termin\u00f3 en disturbios. Los disturbios empezaron a la 1:30 de la tarde, luego de los actos conmemorativos. Un grupo de encapuchados lanz\u00f3 piedras y papas explosivas en la porter\u00eda de barranquilla. Los enfrentamientos entre los encapuchados y la Polic\u00eda duraron cerca de tres horas, un polic\u00eda result\u00f3 herido en la cara y no hubo personas detenidas.<\/p>\n<p><strong>Im\u00e1genes: <\/strong>NA.<\/p>\n<p>INFORMACI\u00d3N ANAL\u00cdTICA<\/p>\n<p>Contexto de la noticia: Luego de varios d\u00edas de conflicto y diferencias entre Colombia y Venezuela sobre la frontera, se ha propuesto negociar diplom\u00e1ticamente donde se instalar\u00e1n los peajes entre ambos pa\u00edses.<\/p>\n<p>Palabras clave: Acciones contestatarias, tropel,<\/p>\n<p>Sugerencia de palabras claves: NA<\/p>\n<p>Observaciones: NA<\/p>\n<p>Fecha de diligenciamiento: 11\/03\/2019<\/p>\n","protected":false},"excerpt":{"rendered":"<p>N\u00famero de ficha: D1&nbsp;&nbsp;&nbsp;&nbsp;&nbsp;&nbsp;&nbsp;&nbsp;&nbsp;&nbsp;&nbsp;&nbsp;&nbsp;&nbsp;&nbsp;&nbsp;&nbsp;&nbsp;&nbsp;&nbsp;&nbsp;&nbsp;&nbsp;&nbsp;&nbsp;&nbsp;&nbsp;&nbsp;&nbsp;&nbsp;&nbsp;&nbsp;&nbsp;&nbsp;&nbsp;&nbsp;&nbsp;&nbsp; Diligenciada por: Juan Camilo Parra Restrepo INFORMACI\u00d3N BIBLIOGR\u00c1FICA Peri\u00f3dico: El Colombiano Lugar de edici\u00f3n: Medell\u00edn Autor personal: NA. Autor corporativo: NA. Fecha: 28\/02\/1998 P\u00e1gina: 2A Secci\u00f3n: La. Titular: Los disparos acabaron con Jes\u00fas Mar\u00eda Valle. Resumen: La noticia narra los hechos ocurridos alrededor de asesinato del presidente del Comit\u00e9 Permanente para [&hellip;]<\/p>\n","protected":false},"author":1,"featured_media":0,"parent":609,"menu_order":0,"comment_status":"closed","ping_status":"closed","template":"","meta":{"_acf_changed":false,"_monsterinsights_skip_tracking":false,"_monsterinsights_sitenote_active":false,"_monsterinsights_sitenote_note":"","_monsterinsights_sitenote_category":0,"ngg_post_thumbnail":0,"footnotes":""},"acf":[],"yoast_head":"<!-- This site is optimized with the Yoast SEO plugin v22.1 - https:\/\/yoast.com\/wordpress\/plugins\/seo\/ -->\n<title>1998 - 2007 - 50 a\u00f1os de violencia y resistencia en la Universidad de Antioquia<\/title>\n<meta name=\"robots\" content=\"index, follow, max-snippet:-1, max-image-preview:large, max-video-preview:-1\" \/>\n<link rel=\"canonical\" href=\"https:\/\/hacemosmemoria.org\/udea50\/fichero\/1998-2007\/\" \/>\n<meta property=\"og:locale\" content=\"es_ES\" \/>\n<meta property=\"og:type\" content=\"article\" \/>\n<meta property=\"og:title\" content=\"1998 - 2007 - 50 a\u00f1os de violencia y resistencia en la Universidad de Antioquia\" \/>\n<meta property=\"og:description\" content=\"N\u00famero de ficha: D1&nbsp;&nbsp;&nbsp;&nbsp;&nbsp;&nbsp;&nbsp;&nbsp;&nbsp;&nbsp;&nbsp;&nbsp;&nbsp;&nbsp;&nbsp;&nbsp;&nbsp;&nbsp;&nbsp;&nbsp;&nbsp;&nbsp;&nbsp;&nbsp;&nbsp;&nbsp;&nbsp;&nbsp;&nbsp;&nbsp;&nbsp;&nbsp;&nbsp;&nbsp;&nbsp;&nbsp;&nbsp;&nbsp; Diligenciada por: Juan Camilo Parra Restrepo INFORMACI\u00d3N BIBLIOGR\u00c1FICA Peri\u00f3dico: El Colombiano Lugar de edici\u00f3n: Medell\u00edn Autor personal: NA. Autor corporativo: NA. Fecha: 28\/02\/1998 P\u00e1gina: 2A Secci\u00f3n: La. Titular: Los disparos acabaron con Jes\u00fas Mar\u00eda Valle. Resumen: La noticia narra los hechos ocurridos alrededor de asesinato del presidente del Comit\u00e9 Permanente para [&hellip;]\" \/>\n<meta property=\"og:url\" content=\"https:\/\/hacemosmemoria.org\/udea50\/fichero\/1998-2007\/\" \/>\n<meta property=\"og:site_name\" content=\"50 a\u00f1os de violencia y resistencia en la Universidad de Antioquia\" \/>\n<meta property=\"article:modified_time\" content=\"2019-09-06T15:55:07+00:00\" \/>\n<meta name=\"twitter:card\" content=\"summary_large_image\" \/>\n<meta name=\"twitter:label1\" content=\"Tiempo estimado de lectura\" \/>\n\t<meta name=\"twitter:data1\" content=\"261 minutos\" \/>\n<script type=\"application\/ld+json\" class=\"yoast-schema-graph\">{\"@context\":\"https:\/\/schema.org\",\"@graph\":[{\"@type\":\"WebPage\",\"@id\":\"https:\/\/hacemosmemoria.org\/udea50\/fichero\/1998-2007\/\",\"url\":\"https:\/\/hacemosmemoria.org\/udea50\/fichero\/1998-2007\/\",\"name\":\"1998 - 2007 - 50 a\u00f1os de violencia y resistencia en la Universidad de Antioquia\",\"isPartOf\":{\"@id\":\"https:\/\/hacemosmemoria.org\/udea50\/#website\"},\"datePublished\":\"2019-09-02T14:43:29+00:00\",\"dateModified\":\"2019-09-06T15:55:07+00:00\",\"breadcrumb\":{\"@id\":\"https:\/\/hacemosmemoria.org\/udea50\/fichero\/1998-2007\/#breadcrumb\"},\"inLanguage\":\"es-CO\",\"potentialAction\":[{\"@type\":\"ReadAction\",\"target\":[\"https:\/\/hacemosmemoria.org\/udea50\/fichero\/1998-2007\/\"]}]},{\"@type\":\"BreadcrumbList\",\"@id\":\"https:\/\/hacemosmemoria.org\/udea50\/fichero\/1998-2007\/#breadcrumb\",\"itemListElement\":[{\"@type\":\"ListItem\",\"position\":1,\"name\":\"Inicio\",\"item\":\"https:\/\/hacemosmemoria.org\/udea50\/\"},{\"@type\":\"ListItem\",\"position\":2,\"name\":\"Fichero\",\"item\":\"https:\/\/hacemosmemoria.org\/udea50\/fichero\/\"},{\"@type\":\"ListItem\",\"position\":3,\"name\":\"1998 &#8211; 2007\"}]},{\"@type\":\"WebSite\",\"@id\":\"https:\/\/hacemosmemoria.org\/udea50\/#website\",\"url\":\"https:\/\/hacemosmemoria.org\/udea50\/\",\"name\":\"50 a\u00f1os de violencia y resistencia en la Universidad de Antioquia\",\"description\":\"Un contenido de Hacemos Memoria\",\"potentialAction\":[{\"@type\":\"SearchAction\",\"target\":{\"@type\":\"EntryPoint\",\"urlTemplate\":\"https:\/\/hacemosmemoria.org\/udea50\/?s={search_term_string}\"},\"query-input\":\"required name=search_term_string\"}],\"inLanguage\":\"es-CO\"}]}<\/script>\n<!-- \/ Yoast SEO plugin. -->","yoast_head_json":{"title":"1998 - 2007 - 50 a\u00f1os de violencia y resistencia en la Universidad de Antioquia","robots":{"index":"index","follow":"follow","max-snippet":"max-snippet:-1","max-image-preview":"max-image-preview:large","max-video-preview":"max-video-preview:-1"},"canonical":"https:\/\/hacemosmemoria.org\/udea50\/fichero\/1998-2007\/","og_locale":"es_ES","og_type":"article","og_title":"1998 - 2007 - 50 a\u00f1os de violencia y resistencia en la Universidad de Antioquia","og_description":"N\u00famero de ficha: D1&nbsp;&nbsp;&nbsp;&nbsp;&nbsp;&nbsp;&nbsp;&nbsp;&nbsp;&nbsp;&nbsp;&nbsp;&nbsp;&nbsp;&nbsp;&nbsp;&nbsp;&nbsp;&nbsp;&nbsp;&nbsp;&nbsp;&nbsp;&nbsp;&nbsp;&nbsp;&nbsp;&nbsp;&nbsp;&nbsp;&nbsp;&nbsp;&nbsp;&nbsp;&nbsp;&nbsp;&nbsp;&nbsp; Diligenciada por: Juan Camilo Parra Restrepo INFORMACI\u00d3N BIBLIOGR\u00c1FICA Peri\u00f3dico: El Colombiano Lugar de edici\u00f3n: Medell\u00edn Autor personal: NA. Autor corporativo: NA. Fecha: 28\/02\/1998 P\u00e1gina: 2A Secci\u00f3n: La. Titular: Los disparos acabaron con Jes\u00fas Mar\u00eda Valle. Resumen: La noticia narra los hechos ocurridos alrededor de asesinato del presidente del Comit\u00e9 Permanente para [&hellip;]","og_url":"https:\/\/hacemosmemoria.org\/udea50\/fichero\/1998-2007\/","og_site_name":"50 a\u00f1os de violencia y resistencia en la Universidad de Antioquia","article_modified_time":"2019-09-06T15:55:07+00:00","twitter_card":"summary_large_image","twitter_misc":{"Tiempo estimado de lectura":"261 minutos"},"schema":{"@context":"https:\/\/schema.org","@graph":[{"@type":"WebPage","@id":"https:\/\/hacemosmemoria.org\/udea50\/fichero\/1998-2007\/","url":"https:\/\/hacemosmemoria.org\/udea50\/fichero\/1998-2007\/","name":"1998 - 2007 - 50 a\u00f1os de violencia y resistencia en la Universidad de Antioquia","isPartOf":{"@id":"https:\/\/hacemosmemoria.org\/udea50\/#website"},"datePublished":"2019-09-02T14:43:29+00:00","dateModified":"2019-09-06T15:55:07+00:00","breadcrumb":{"@id":"https:\/\/hacemosmemoria.org\/udea50\/fichero\/1998-2007\/#breadcrumb"},"inLanguage":"es-CO","potentialAction":[{"@type":"ReadAction","target":["https:\/\/hacemosmemoria.org\/udea50\/fichero\/1998-2007\/"]}]},{"@type":"BreadcrumbList","@id":"https:\/\/hacemosmemoria.org\/udea50\/fichero\/1998-2007\/#breadcrumb","itemListElement":[{"@type":"ListItem","position":1,"name":"Inicio","item":"https:\/\/hacemosmemoria.org\/udea50\/"},{"@type":"ListItem","position":2,"name":"Fichero","item":"https:\/\/hacemosmemoria.org\/udea50\/fichero\/"},{"@type":"ListItem","position":3,"name":"1998 &#8211; 2007"}]},{"@type":"WebSite","@id":"https:\/\/hacemosmemoria.org\/udea50\/#website","url":"https:\/\/hacemosmemoria.org\/udea50\/","name":"50 a\u00f1os de violencia y resistencia en la Universidad de Antioquia","description":"Un contenido de Hacemos Memoria","potentialAction":[{"@type":"SearchAction","target":{"@type":"EntryPoint","urlTemplate":"https:\/\/hacemosmemoria.org\/udea50\/?s={search_term_string}"},"query-input":"required name=search_term_string"}],"inLanguage":"es-CO"}]}},"jetpack_sharing_enabled":true,"_links":{"self":[{"href":"https:\/\/hacemosmemoria.org\/udea50\/wp-json\/wp\/v2\/pages\/654"}],"collection":[{"href":"https:\/\/hacemosmemoria.org\/udea50\/wp-json\/wp\/v2\/pages"}],"about":[{"href":"https:\/\/hacemosmemoria.org\/udea50\/wp-json\/wp\/v2\/types\/page"}],"author":[{"embeddable":true,"href":"https:\/\/hacemosmemoria.org\/udea50\/wp-json\/wp\/v2\/users\/1"}],"replies":[{"embeddable":true,"href":"https:\/\/hacemosmemoria.org\/udea50\/wp-json\/wp\/v2\/comments?post=654"}],"version-history":[{"count":6,"href":"https:\/\/hacemosmemoria.org\/udea50\/wp-json\/wp\/v2\/pages\/654\/revisions"}],"predecessor-version":[{"id":1030,"href":"https:\/\/hacemosmemoria.org\/udea50\/wp-json\/wp\/v2\/pages\/654\/revisions\/1030"}],"up":[{"embeddable":true,"href":"https:\/\/hacemosmemoria.org\/udea50\/wp-json\/wp\/v2\/pages\/609"}],"wp:attachment":[{"href":"https:\/\/hacemosmemoria.org\/udea50\/wp-json\/wp\/v2\/media?parent=654"}],"curies":[{"name":"wp","href":"https:\/\/api.w.org\/{rel}","templated":true}]}}