{"id":652,"date":"2019-09-02T09:31:22","date_gmt":"2019-09-02T14:31:22","guid":{"rendered":"http:\/\/hacemosmemoria.org\/udea50\/?page_id=652"},"modified":"2019-09-06T16:42:16","modified_gmt":"2019-09-06T21:42:16","slug":"1988-1997","status":"publish","type":"page","link":"https:\/\/hacemosmemoria.org\/udea50\/fichero\/1988-1997\/","title":{"rendered":"1988 &#8211; 1997"},"content":{"rendered":"<p><strong>N\u00famero de ficha<\/strong>: C-001&nbsp;&nbsp;&nbsp;&nbsp;&nbsp;&nbsp;&nbsp;&nbsp;&nbsp;&nbsp;&nbsp;&nbsp;&nbsp;&nbsp;&nbsp;&nbsp;&nbsp;&nbsp;&nbsp;&nbsp;&nbsp;&nbsp;&nbsp;&nbsp;&nbsp;&nbsp;&nbsp;&nbsp;&nbsp;&nbsp;&nbsp;&nbsp;&nbsp;&nbsp;&nbsp;&nbsp;&nbsp;&nbsp;&nbsp;&nbsp;&nbsp;&nbsp;&nbsp;&nbsp;&nbsp;&nbsp;&nbsp;&nbsp;&nbsp;&nbsp;&nbsp;&nbsp;&nbsp;<\/p>\n<p><strong>Diligenciada por: <\/strong>Paula Andrea Salamanca Hern\u00e1ndez<\/p>\n<p><strong>INFORMACI\u00d3N BIBLIOGR\u00c1FICA<\/strong><\/p>\n<p><strong>Peri\u00f3dico: <\/strong>El Colombiano<\/p>\n<p><strong>Lugar de edici\u00f3n: <\/strong>Medell\u00edn<\/p>\n<p><strong>Autor personal: <\/strong><\/p>\n<p><strong>Autor corporativo: <\/strong><\/p>\n<p><strong>Fecha: <\/strong>1988 enero 23<\/p>\n<p><strong>P\u00e1gina: <\/strong>3A<\/p>\n<p><strong>Secci\u00f3n:<\/strong> Plana tres<\/p>\n<p><strong>Titular:<\/strong> Expectativa por suerte de la Universidad de Antioquia<\/p>\n<p><strong>Resumen:<\/strong> desde octubre del a\u00f1o 1987 se encontraba cerrada la Universidad por los distintos hechos que afectaron la instituci\u00f3n. Por este motivo se reunir\u00eda el Consejo Superior de la Universidad de Antioquia para decidir su reapertura. La \u00faltima sesi\u00f3n hecha en diciembre fue levantada en se\u00f1al de duelo por el asesinato de Luis Fernando V\u00e9lez V\u00e9lez, catedr\u00e1tico. Pese a lo mencionado los centros de investigaci\u00f3n y dependencias administrativas funcionaban con normalidad.<\/p>\n<p><strong>Im\u00e1genes: <\/strong>N\/A<\/p>\n<p><strong>Archivos de Registro: <\/strong>REG_C001<\/p>\n<p><strong>INFORMACI\u00d3N ANAL\u00cdTICA<\/strong><\/p>\n<p><strong>Contexto de la noticia: <\/strong>secuestro de Andr\u00e9s Pastrana Arango, campa\u00f1a de primeras elecciones para alcaldes en Colombia, Estatuto antiterrorista (Virgilio Barco), bombazo edificio M\u00f3naco en Medell\u00edn, guerra entre el Cartel de Cali y el Cartel de Medell\u00edn, Acuerdos de Paz Centroam\u00e9rica, Guerra Ir\u00e1n \u2013 Iraq&nbsp;<\/p>\n<p><strong>Palabras clave: <\/strong>consejo superior universitario<\/p>\n<p><strong>Sugerencia de palabras claves: <\/strong>N\/A<\/p>\n<p><strong>Observaciones: <\/strong>libre de secuestro Rodrigo Arenas Betancur, que hab\u00eda estado secuestrado por 81 d\u00edas a manos de las FARC<\/p>\n<p><strong>Fecha de diligenciamiento: <\/strong>1 diciembre 2018<\/p>\n<h1 style=\"text-align: center;\"><strong>&nbsp;***<\/strong><\/h1>\n<p><strong>N\u00famero de ficha<\/strong>: C-002 &nbsp;&nbsp;&nbsp;&nbsp;&nbsp;&nbsp;&nbsp;&nbsp;&nbsp;&nbsp;&nbsp;&nbsp;&nbsp;&nbsp;&nbsp;&nbsp;&nbsp;&nbsp;&nbsp;&nbsp;&nbsp;&nbsp;&nbsp;&nbsp;&nbsp;&nbsp;&nbsp;&nbsp;&nbsp;&nbsp;&nbsp;&nbsp;&nbsp;&nbsp;&nbsp;&nbsp;&nbsp;&nbsp;&nbsp;&nbsp;&nbsp;&nbsp;&nbsp;&nbsp;&nbsp;&nbsp;&nbsp;&nbsp;&nbsp;&nbsp;&nbsp;&nbsp;<\/p>\n<p><strong>Diligenciada por: <\/strong>Paula Andrea Salamanca Hern\u00e1ndez<\/p>\n<p><strong>INFORMACI\u00d3N BIBLIOGR\u00c1FICA<\/strong><\/p>\n<p><strong>Peri\u00f3dico: <\/strong>El Colombiano<\/p>\n<p><strong>Lugar de edici\u00f3n: <\/strong>Medell\u00edn<\/p>\n<p><strong>Autor personal: <\/strong><\/p>\n<p><strong>Autor corporativo: <\/strong>Universidad de Antioquia<\/p>\n<p><strong>Fecha: <\/strong>1988 enero 27<\/p>\n<p><strong>P\u00e1gina: <\/strong>12A<\/p>\n<p><strong>Secci\u00f3n:<\/strong> Informe<\/p>\n<p><strong>Titular:<\/strong> Resoluci\u00f3n de la UdeA<\/p>\n<p><strong>Resumen:<\/strong> por motivo de la tr\u00e1gica muerte del procurador General de la Naci\u00f3n Carlos Mauro Hoyos, la Universidad de Antioquia expide la resoluci\u00f3n No.713 de 1988 (enero 26):<\/p>\n<p>\u201cArt.1: unirse al duelo que embarga a la naci\u00f3n colombiana por el execrable crimen cometido en la persona del doctor Carlos Mauro Hoyos Jim\u00e9nez.\u201d<\/p>\n<p>\u201cArt.2: manifiesta una vez m\u00e1s nuestra vocaci\u00f3n universitaria para el restablecimiento de la paz nacional.\u201d<\/p>\n<p>\u201cArt.3: hacer llegar a sus familiares nuestra sincera condolencia, y especialmente a su se\u00f1ora madre.\u201d<\/p>\n<p><strong>Im\u00e1genes: <\/strong>N\/A<\/p>\n<p><strong>Archivos de Registro: <\/strong>REG_C002<\/p>\n<p><strong>INFORMACI\u00d3N ANAL\u00cdTICA<\/strong><\/p>\n<p><strong>Contexto de la noticia: <\/strong>secuestro y asesinato de Carlos Mauro Hoyos a manos de \u201cLos Extraditables\u201d, estatuto antiterrorista (Virgilio Barco), bombazo edificio M\u00f3naco en Medell\u00edn, liberaci\u00f3n de Andr\u00e9s Pastrana Arango, campa\u00f1a de primeras elecciones para alcaldes en Colombia, Estatuto antiterrorista (Virgilio Barco), guerra entre el Cartel de Cali y el Cartel de Medell\u00edn, Acuerdos de Paz Centroam\u00e9rica, elecciones presidenciales en Ecuador, Masacre San Jos\u00e9 del Guaviare, Recrudecimiento del conflicto paramilitar, Guerra Ir\u00e1n \u2013 Iraq&nbsp;<\/p>\n<p><strong>Palabras clave: <\/strong>Consejo Superior Universitario, Acciones de Resistencia, Comunicados, Resoluci\u00f3n No. 713, Hoyos Carlos Mauro&nbsp;&nbsp;&nbsp;&nbsp;&nbsp;&nbsp;&nbsp;&nbsp;&nbsp;&nbsp;&nbsp;&nbsp;&nbsp;&nbsp;&nbsp;&nbsp;&nbsp;&nbsp;&nbsp;&nbsp;&nbsp;&nbsp;&nbsp;&nbsp;&nbsp;<\/p>\n<p><strong>Sugerencia de palabras claves: <\/strong><\/p>\n<p><strong>Observaciones: <\/strong>N\/A<\/p>\n<p><strong>Fecha de diligenciamiento: <\/strong>1 diciembre 2018<strong>&nbsp;&nbsp;&nbsp;&nbsp; &nbsp;&nbsp;&nbsp;&nbsp;&nbsp;&nbsp;&nbsp;&nbsp;&nbsp;&nbsp;&nbsp;&nbsp;&nbsp;&nbsp;&nbsp;&nbsp;&nbsp;&nbsp;&nbsp;&nbsp; <\/strong><\/p>\n<h1 style=\"text-align: center;\"><strong>&nbsp;***<\/strong><\/h1>\n<p><strong>N\u00famero de ficha<\/strong>: C-003&nbsp;&nbsp;&nbsp;&nbsp;&nbsp;&nbsp;&nbsp;&nbsp;&nbsp;&nbsp;&nbsp;&nbsp;&nbsp;&nbsp;&nbsp;&nbsp;&nbsp;&nbsp;&nbsp;&nbsp;&nbsp;&nbsp;&nbsp;&nbsp;&nbsp;&nbsp;&nbsp;&nbsp;&nbsp;&nbsp;&nbsp;&nbsp;&nbsp;&nbsp;&nbsp;&nbsp;&nbsp;&nbsp;&nbsp;&nbsp;&nbsp;&nbsp;&nbsp;&nbsp;&nbsp;&nbsp;&nbsp;&nbsp;&nbsp;&nbsp;&nbsp;<\/p>\n<p><strong>Diligenciada por: <\/strong>Paula Andrea Salamanca Hern\u00e1ndez<\/p>\n<p><strong>INFORMACI\u00d3N BIBLIOGR\u00c1FICA<\/strong><\/p>\n<p><strong>Peri\u00f3dico: <\/strong>El Colombiano<\/p>\n<p><strong>Lugar de edici\u00f3n: <\/strong>Medell\u00edn<\/p>\n<p><strong>Autor personal: <\/strong><\/p>\n<p><strong>Autor corporativo: <\/strong><\/p>\n<p><strong>Fecha: <\/strong>1988 enero 28<\/p>\n<p><strong>P\u00e1gina: <\/strong>12A<\/p>\n<p><strong>Secci\u00f3n:<\/strong> Local<\/p>\n<p><strong>Titular: <\/strong>El lunes definen la reapertura de la U de A<\/p>\n<p><strong>Resumen:<\/strong> despu\u00e9s de haber suspendido la reuni\u00f3n del Consejo Superior Universitario por motivo del asesinato del procurador general de la Naci\u00f3n Carlos Mauro Hoyos, se program\u00f3 nuevamente dicha reuni\u00f3n para el d\u00eda 1 de febrero, para poder definir la reapertura de la Universidad.<\/p>\n<p><strong>Im\u00e1genes: <\/strong>N\/A<\/p>\n<p><strong>Archivos de Registro: <\/strong>REG_C003<\/p>\n<p><strong>INFORMACI\u00d3N ANAL\u00cdTICA<\/strong><\/p>\n<p><strong>Contexto de la noticia: <\/strong>asesinato de Carlos Mauro Hoyos, liberaci\u00f3n de Andr\u00e9s Pastrana Arango, campa\u00f1a de las primeras elecciones para alcaldes en Colombia, Estatuto antiterrorista (Virgilio Barco), elecciones presidenciales en Ecuador, Masacre San Jos\u00e9 del Guaviare, Recrudecimiento del conflicto paramilitar, Guerra Ir\u00e1n \u2013 Iraq&nbsp;<\/p>\n<p><strong>Palabras clave: <\/strong>Consejo Superior Universitario<\/p>\n<p><strong>Sugerencia de palabras claves: <\/strong><\/p>\n<p><strong>Observaciones: <\/strong><\/p>\n<p><strong>Fecha de diligenciamiento: <\/strong>1 diciembre 2018<\/p>\n<h1 style=\"text-align: center;\"><strong>&nbsp;***<\/strong><\/h1>\n<p><strong>N\u00famero de ficha<\/strong>: C-004&nbsp;&nbsp;&nbsp;&nbsp;&nbsp;&nbsp;&nbsp;&nbsp;&nbsp;&nbsp;&nbsp;&nbsp;&nbsp;&nbsp;&nbsp;&nbsp;&nbsp;&nbsp;&nbsp;&nbsp;&nbsp;&nbsp;&nbsp;&nbsp;&nbsp;&nbsp;&nbsp;&nbsp;&nbsp;&nbsp;&nbsp;&nbsp;&nbsp;&nbsp;&nbsp;&nbsp;&nbsp;&nbsp;&nbsp;&nbsp;&nbsp;&nbsp;&nbsp;&nbsp;&nbsp;&nbsp;&nbsp;&nbsp;&nbsp;&nbsp;&nbsp;&nbsp;&nbsp;<\/p>\n<p><strong>Diligenciada por: <\/strong>Paula Andrea Salamanca Hern\u00e1ndez<\/p>\n<p><strong>INFORMACI\u00d3N BIBLIOGR\u00c1FICA<\/strong><\/p>\n<p><strong>Peri\u00f3dico: <\/strong>El Colombiano<\/p>\n<p><strong>Lugar de edici\u00f3n: <\/strong>Medell\u00edn<\/p>\n<p><strong>Autor personal: <\/strong><\/p>\n<p><strong>Autor corporativo: <\/strong>Universidad de Antioquia<\/p>\n<p><strong>Fecha: <\/strong>1988 enero 28<\/p>\n<p><strong>P\u00e1gina: <\/strong>16C<\/p>\n<p><strong>Secci\u00f3n:<\/strong> Generales<\/p>\n<p><strong>Titular: <\/strong>Profesores de la U. de A. repudian crimen del procurador<\/p>\n<p><strong>Resumen:<\/strong> \u201cLa Junta Directiva de la Asociaci\u00f3n de profesores de la Universidad de Antioquia, se permite manifestar ante la opini\u00f3n p\u00fablica que:<\/p>\n<p>1\u00ba. Rechaza de la manera m\u00e1s vehemente el vil asesinato de que ha sido v\u00edctima el doctor Carlos Mauro Hoyos Jim\u00e9nez, Procurador General de la Naci\u00f3n, por oscuros criminales enemigos de la paz y la apertura democr\u00e1tica.<\/p>\n<p>2\u00ba. Que el doctor Hoyos Jim\u00e9nez fue un paradigma en la defensa de la Constituci\u00f3n y de los Derechos Humanos y siempre estuvo dispuesto a colaborar con nuestra organizaci\u00f3n y la Universidad e todas aquellas tareas que apuntaban a defender la misma y sus integrantes.<\/p>\n<p>3\u00ba. Expresa profundo dolor y pesar a sus familiares, compa\u00f1eros de trabajo y colegas y,<\/p>\n<p>4\u00ba. Hace un llamado a la solicitud del pueblo para enfrentar la dif\u00edcil situaci\u00f3n por la que atravesamos en orden a reconstruir nuestra patria por los cauces de la paz, la democracia y el respeto de los Derechos Humanos de todos los colombianos.\u201d<\/p>\n<p><em>Medell\u00edn, enero 26 de 1988<\/em><\/p>\n<p><em>Junta directiva<\/em><\/p>\n<p><em>Beatriz Eugenia Ortiz Uribe <\/em><\/p>\n<p><em>Presidenta<\/em><\/p>\n<p><em>Alba Helena Correa Ulloa<\/em><\/p>\n<p><em>Secretaria<\/em><\/p>\n<p><strong>Im\u00e1genes: <\/strong>N\/A<\/p>\n<p><strong>Archivos de Registro: <\/strong>REG_C004<\/p>\n<p><strong>INFORMACI\u00d3N ANAL\u00cdTICA<\/strong><\/p>\n<p><strong>Contexto de la noticia: <\/strong>asesinato de Carlos Mauro Hoyos, liberaci\u00f3n de Andr\u00e9s Pastrana Arango, campa\u00f1a de las primeras elecciones para alcaldes en Colombia, Estatuto antiterrorista (Virgilio Barco), elecciones presidenciales en Ecuador, Reuni\u00f3n sobre aumento de salario para empleados de la U. de. A, Masacre San Jos\u00e9 del Guaviare, Recrudecimiento del conflicto paramilitar, Guerra Ir\u00e1n \u2013 Iraq&nbsp;<\/p>\n<p><strong>Palabras clave: <\/strong>Asociaci\u00f3n de Profesores, Acciones de resistencia, Comunicados, misivas, declaraciones, Hoyos Jim\u00e9nez Carlos Mauro<\/p>\n<p><strong>Sugerencia de palabras claves: <\/strong><\/p>\n<p><strong>Observaciones: <\/strong>N\/A<\/p>\n<p><strong>Fecha de diligenciamiento: <\/strong>1 diciembre 2018<\/p>\n<h1 style=\"text-align: center;\"><strong>&nbsp;***<\/strong><\/h1>\n<p><strong>N\u00famero de ficha<\/strong>: C-005&nbsp;&nbsp;&nbsp;&nbsp;&nbsp;&nbsp;&nbsp;&nbsp;&nbsp;&nbsp;&nbsp;&nbsp;&nbsp;&nbsp;&nbsp;&nbsp;&nbsp;&nbsp;&nbsp;&nbsp;&nbsp;&nbsp;&nbsp;&nbsp;&nbsp;&nbsp;&nbsp;&nbsp;&nbsp;&nbsp;&nbsp;&nbsp;&nbsp;&nbsp;&nbsp;&nbsp;&nbsp;&nbsp;&nbsp;&nbsp;&nbsp;&nbsp;&nbsp;&nbsp;&nbsp;&nbsp;&nbsp;&nbsp;&nbsp;&nbsp;&nbsp;&nbsp;&nbsp;<\/p>\n<p><strong>Diligenciada por: <\/strong>Paula Andrea Salamanca Hern\u00e1ndez<\/p>\n<p><strong>INFORMACI\u00d3N BIBLIOGR\u00c1FICA<\/strong><\/p>\n<p><strong>Peri\u00f3dico: <\/strong>El Colombiano<\/p>\n<p><strong>Lugar de edici\u00f3n: <\/strong>Medell\u00edn<\/p>\n<p><strong>Autor personal: <\/strong><\/p>\n<p><strong>Autor corporativo: <\/strong>Facultad de Derecho, Universidad de Antioquia<\/p>\n<p><strong>Fecha: <\/strong>1988 febrero 3<\/p>\n<p><strong>P\u00e1gina: <\/strong>20B<\/p>\n<p><strong>Secci\u00f3n:<\/strong> Generales<\/p>\n<p><strong>Titular: <\/strong>La universidad debe actuar en la reconstrucci\u00f3n de pa\u00eds, Derecho UdeA<\/p>\n<p><strong>Resumen:<\/strong> en el marco de un bolet\u00edn que public\u00f3 ASIESDA (Asociaci\u00f3n de Instituciones de Educaci\u00f3n Superior de Antioquia), en el que se suger\u00eda que la universidad deber\u00eda actuar en la reconstrucci\u00f3n de pa\u00eds, insistir en el amor y respeto por los semejantes y, educar la conciencia, como segundo tema la Facultad de Derecho de la U. de. A, expidi\u00f3 una declaraci\u00f3n para rendir homenaje al profesor asesinado Luis Fernando V\u00e9lez V\u00e9lez en la que resolvi\u00f3 recomendar al Consejo Superior la creaci\u00f3n de un concurso de ensayo nacional de tipo jur\u00eddico que conservara el nombre del asesinado.<\/p>\n<p><strong>Im\u00e1genes: <\/strong>N\/A<\/p>\n<p><strong>Archivos de Registro: <\/strong>REG_C005<\/p>\n<p><strong>INFORMACI\u00d3N ANAL\u00cdTICA<\/strong><\/p>\n<p><strong>Contexto de la noticia: <\/strong>campa\u00f1a de primeras elecciones para alcaldes en Colombia, guerra entre el Cartel de Cali y el Cartel de Medell\u00edn, exterminio de la UP, Guerra Ir\u00e1n \u2013 Iraq&nbsp;<\/p>\n<p><strong>Palabras clave: <\/strong>Acciones de Resistencia, Comunicados, ASIESDA, V\u00e9lez V\u00e9lez Luis Fernando<\/p>\n<p><strong>Sugerencia de palabras claves:<\/strong><\/p>\n<p><strong>Observaciones: <\/strong>N\/A<\/p>\n<p><strong>Fecha de diligenciamiento: <\/strong>1 diciembre 2018<\/p>\n<h1 style=\"text-align: center;\"><strong>&nbsp;***<\/strong><\/h1>\n<p><strong>N\u00famero de ficha<\/strong>: C-006&nbsp;&nbsp;&nbsp;&nbsp;&nbsp;&nbsp;&nbsp;&nbsp;&nbsp;&nbsp;&nbsp;&nbsp;&nbsp;&nbsp;&nbsp;&nbsp;&nbsp;&nbsp;&nbsp;&nbsp;&nbsp;&nbsp;&nbsp;&nbsp;&nbsp;&nbsp;&nbsp;&nbsp;&nbsp;&nbsp;&nbsp;&nbsp;&nbsp;&nbsp;&nbsp;&nbsp;&nbsp;&nbsp;&nbsp;&nbsp;&nbsp;&nbsp;&nbsp;&nbsp;&nbsp;&nbsp;&nbsp;&nbsp;&nbsp;&nbsp;&nbsp;&nbsp;&nbsp;<\/p>\n<p><strong>Diligenciada por: <\/strong>Paula Andrea Salamanca Hern\u00e1ndez<\/p>\n<p><strong>INFORMACI\u00d3N BIBLIOGR\u00c1FICA<\/strong><\/p>\n<p><strong>Peri\u00f3dico: <\/strong>El Colombiano<\/p>\n<p><strong>Lugar de edici\u00f3n: <\/strong>Medell\u00edn<\/p>\n<p><strong>Autor personal: <\/strong><\/p>\n<p><strong>Autor corporativo: <\/strong>Universidad de Antioquia<\/p>\n<p><strong>Fecha: <\/strong>1988 febrero 4<\/p>\n<p><strong>P\u00e1gina: <\/strong>15A<\/p>\n<p><strong>Secci\u00f3n:<\/strong> Generales<\/p>\n<p><strong>Titular: <\/strong>Derecho de la U. de A. rinde homenaje a Luis Fernando V\u00e9lez, Hoy se re\u00fane Consejo Acad\u00e9mico del Alma Mater&nbsp;&nbsp;<\/p>\n<p><strong>Resumen:<\/strong> adem\u00e1s de rendir homenaje al profesor asesinado en diciembre del a\u00f1o que hab\u00eda pasado, en la resoluci\u00f3n que hab\u00eda expedido la Facultad de Derecho de la U. de A. tambi\u00e9n se busc\u00f3 con esta la colocaci\u00f3n de una placa y la elaboraci\u00f3n de un retrato del mismo catedr\u00e1tico, la revisi\u00f3n de sus escritos por un grupo de delegados para posteriormente ser publicados. <em>Firmaron, Decano Gabriel Londo\u00f1o y Vicedecano, Le\u00f3n Dar\u00edo Cadavid. <\/em>Por otra parte, se inform\u00f3 acerca de la reuni\u00f3n del Consejo Acad\u00e9mico de la Universidad para analizar su situaci\u00f3n, tal y como lo hab\u00eda recomendado el Consejo Superior sobre aspectos sustanciales que ten\u00edan que ver con el futuro la Universidad.<\/p>\n<p><strong>Im\u00e1genes: <\/strong>N\/A<\/p>\n<p><strong>Archivos de Registro: <\/strong>REG_C006<\/p>\n<p><strong>INFORMACI\u00d3N ANAL\u00cdTICA<\/strong><\/p>\n<p><strong>Contexto de la noticia: <\/strong>campa\u00f1a de primeras elecciones para alcaldes en Colombia, guerra entre el Cartel de Cali y el Cartel de Medell\u00edn, lucha colombo-venezolana contra el narcotr\u00e1fico y la guerrilla, inscripci\u00f3n de Luis Carlos Gal\u00e1n Sarmiento al Concejo de Bogot\u00e1, Guerra Ir\u00e1n \u2013 Iraq&nbsp;<\/p>\n<p><strong>Palabras clave: <\/strong>Facultad de Derecho, Acciones de resistencia, Actos simb\u00f3licos, Consejo acad\u00e9mico<\/p>\n<p><strong>Sugerencia de palabras claves: <\/strong>&nbsp;<\/p>\n<p><strong>Observaciones: <\/strong>Cierre de los pregrados de la Universidad desde octubre de 1987 y normalidad en las actividades de posgrado e investigaci\u00f3n<\/p>\n<p><strong>Fecha de diligenciamiento: <\/strong>1 diciembre 2018<\/p>\n<h1 style=\"text-align: center;\"><strong>&nbsp;***<\/strong><\/h1>\n<p><strong>N\u00famero de ficha<\/strong>: C-007&nbsp;&nbsp;&nbsp;&nbsp;&nbsp;&nbsp;&nbsp;&nbsp;&nbsp;&nbsp;&nbsp;&nbsp;&nbsp;&nbsp;&nbsp;&nbsp;&nbsp;&nbsp;&nbsp;&nbsp;&nbsp;&nbsp;&nbsp;&nbsp;&nbsp;&nbsp;&nbsp;&nbsp;&nbsp;&nbsp;&nbsp;&nbsp;&nbsp;&nbsp;&nbsp;&nbsp;&nbsp;&nbsp;&nbsp;&nbsp;&nbsp;&nbsp;&nbsp;&nbsp;&nbsp;&nbsp;&nbsp;&nbsp;&nbsp;&nbsp;&nbsp;&nbsp;&nbsp;<\/p>\n<p><strong>Diligenciada por: <\/strong>Paula Andrea Salamanca Hern\u00e1ndez<\/p>\n<p><strong>INFORMACI\u00d3N BIBLIOGR\u00c1FICA<\/strong><\/p>\n<p><strong>Peri\u00f3dico: <\/strong>El Colombiano<\/p>\n<p><strong>Lugar de edici\u00f3n: <\/strong>Medell\u00edn<\/p>\n<p><strong>Autor personal: <\/strong><\/p>\n<p><strong>Autor corporativo: <\/strong><\/p>\n<p><strong>Fecha: <\/strong>1988 febrero 11<\/p>\n<p><strong>P\u00e1gina: <\/strong>4B<\/p>\n<p><strong>Secci\u00f3n:<\/strong> Generales<\/p>\n<p><strong>Titular: <\/strong>Hoy reuni\u00f3n clave del Comit\u00e9 Rectoral de la U. de A. en Quirama, Cano Gaviria desmiente rumores sobre su renuncia<\/p>\n<p><strong>Resumen:<\/strong> el equipo directivo de la Universidad encabezado por el Rector Eduardo Cano Gaviria se reunir\u00eda en el Recinto de Quirama, por dos d\u00edas para analizar recomendaciones e informes de las comisiones de expertos y as\u00ed dar forma resolutiva a los proyectos, que luego ser\u00edan presentados al Consejo Superior; uno de los proyectos importantes \u201cEsp\u00edritu Universitario\u201d y, reformas en las \u00e1reas de Deportes, Salud, Extensi\u00f3n cultural, Bibliotecas, entre otras. Adem\u00e1s de lo anterior el rector indic\u00f3 que la reapertura de la Universidad no se dar\u00eda antes de la jornada electoral del 13 de marzo del mismo a\u00f1o, la ejecuci\u00f3n de las reformas y la decisi\u00f3n del Consejo Superior Universitario. Por \u00faltimo, desmiente rumores sobre su renuncia.<\/p>\n<p><strong>Im\u00e1genes: <\/strong>N\/A<\/p>\n<p><strong>Archivos de Registro: <\/strong>REG_C007<\/p>\n<p><strong>INFORMACI\u00d3N ANAL\u00cdTICA<\/strong><\/p>\n<p><strong>Contexto de la noticia: <\/strong>campa\u00f1a de primeras elecciones para alcaldes en Colombia, lucha colombo-venezolana contra el narcotr\u00e1fico y la guerrilla guerra entre el Cartel de Cali y el Cartel de Medell\u00edn, exterminio de la UP, Guerra Ir\u00e1n \u2013 Iraq<\/p>\n<p><strong>Palabras clave: <\/strong>Respuestas Institucionales, Reapertura , Rector Cano Gaviria Eduardo, Consejo Superior Universitario<\/p>\n<p><strong>Sugerencia de palabras claves: <\/strong><\/p>\n<p><strong>Observaciones: <\/strong>en la universidad funcionan normalmente los posgrados, los liceos, los centros de investigaci\u00f3n y las sedes administrativas<\/p>\n<p><strong>Fecha de diligenciamiento: <\/strong>1 diciembre 2018<\/p>\n<h1 style=\"text-align: center;\"><strong>&nbsp;***<\/strong><\/h1>\n<p><strong>N\u00famero de ficha<\/strong>: C-008&nbsp;&nbsp;&nbsp;&nbsp;&nbsp;&nbsp;&nbsp;&nbsp;&nbsp;&nbsp;&nbsp;&nbsp;&nbsp;&nbsp;&nbsp;&nbsp;&nbsp;&nbsp;&nbsp;&nbsp;&nbsp;&nbsp;&nbsp;&nbsp;&nbsp;&nbsp;&nbsp;&nbsp;&nbsp;&nbsp;&nbsp;&nbsp;&nbsp;&nbsp;&nbsp;&nbsp;&nbsp;&nbsp;&nbsp;&nbsp;&nbsp;&nbsp;&nbsp;&nbsp;&nbsp;&nbsp;&nbsp;&nbsp;&nbsp;&nbsp;&nbsp;&nbsp;&nbsp;<\/p>\n<p><strong>Diligenciada por: <\/strong>Paula Andrea Salamanca Hern\u00e1ndez<\/p>\n<p><strong>INFORMACI\u00d3N BIBLIOGR\u00c1FICA<\/strong><\/p>\n<p><strong>Peri\u00f3dico: <\/strong>El Colombiano<\/p>\n<p><strong>Lugar de edici\u00f3n: <\/strong>Medell\u00edn<\/p>\n<p><strong>Autor personal: <\/strong>Juan Diego Restrepo E., CC. 18.592.431, Santa Rosa de Cabal<\/p>\n<p><strong>Autor corporativo: <\/strong><\/p>\n<p><strong>Fecha: <\/strong>1988 febrero 16<\/p>\n<p><strong>P\u00e1gina: <\/strong>16B<\/p>\n<p><strong>Secci\u00f3n:<\/strong> Cartas al Director<\/p>\n<p><strong>Titular: <\/strong>\u00bfPara qu\u00e9 necesitamos una universidad cerrada?<\/p>\n<p><strong>Resumen:<\/strong> \u201cEs triste ver c\u00f3mo la Universidad de Antioquia se mantiene cerrada a nosotros los estudiantes. Si bien es cierto que fue atacada vilmente en sus alumnos, profesores y empleados, no se justifica que se piense tanto su apertura; me angustia saber que se determin\u00f3 \u201cmantener el receso en los programas de pregrado y seguirse reuniendo para estudiar y resolver las diversas propuestas de reforma\u201d. \u00bfAcaso pensar\u00e1n los se\u00f1ores del Consejo Directivo en el conflicto que se crea con su cierre, extendido en el tiempo? Conflicto que resiente a muchas personas que necesitamos estudiar porque es la actividad intelectual, acad\u00e9mica, investigativa, y de discusi\u00f3n la que nos motiva a seguir siempre adelante.<\/p>\n<p>Con su cierre, lo \u00fanico que se logra es congestionar m\u00e1s el ca\u00f3tico ambiente espiritual que se cierne sobre los que quedamos deambulando por ah\u00ed, del cine al teatro, del teatro a la calle. Porque \u00bfqu\u00e9 m\u00e1s se hace si, adem\u00e1s el circulo laboral es cada vez menos amplio, sobre todo para nosotros, que pertenecemos a un grupo discriminado por el s\u00f3lo hecho de estudiar en la Universidad de Antioquia? \u00bfQui\u00e9n que estudie en la U. de A. no ha sentido alguna vez el vil comentario de ser \u201canarco\u201d, \u201csubversivo\u201d o \u201crebelde\u201d, por el s\u00f3lo hecho de pertenecer a ella? \u00bfQui\u00e9n, mirando el campo laboral del presente, puede afirmar que en determinada profesi\u00f3n se prefiere al estudiante de la U. de A.?<\/p>\n<p>\u00bfA qui\u00e9n se le puede atribuir la culpa de todo esto? \u00bfA nosotros que propendemos a votar casi todos los d\u00edas del a\u00f1o asambleas generales, interrumpiendo clases? \u00bfAl sistema, que piensa y piensa como abrirla\u2019 \u00bfA las \u201cfuerzas oscuras\u201d, que se encargaron de ensangrentarla? \u00bfEs preferible abrirla y dar paso a la consagraci\u00f3n investigativa y cient\u00edfica o mantenerla cerrada y deambular calle arriba y calle abajo, frustradas nuestras aspiraciones?\u201d<\/p>\n<p><strong>Im\u00e1genes: <\/strong>N\/A<\/p>\n<p><strong>Archivos de Registro: <\/strong>REG_C008<\/p>\n<p><strong>INFORMACI\u00d3N ANAL\u00cdTICA<\/strong><\/p>\n<p><strong>Contexto de la noticia: <\/strong>campa\u00f1a de primeras elecciones para alcaldes en Colombia, lucha colombo-venezolana contra el narcotr\u00e1fico y la guerrilla, guerra entre el Cartel de Cali y el Cartel de Medell\u00edn, exterminio de la UP, Guerra Ir\u00e1n \u2013 Iraq&nbsp;<\/p>\n<p><strong>Palabras clave: <\/strong>Acciones de resistencia, Comunicados, declaraciones<\/p>\n<p><strong>Sugerencia de palabras claves: <\/strong><\/p>\n<p><strong>Observaciones: <\/strong>tener en cuenta declaraciones del rector de la Universidad en cuanto a la reapertura de la misma, en el peri\u00f3dico se aclara que es ese es solo un aparte de la extensa carta que envi\u00f3 la persona arriba nombrada<\/p>\n<p><strong>Fecha de diligenciamiento:<\/strong> 1 diciembre 2018<\/p>\n<h1 style=\"text-align: center;\"><strong>&nbsp;***<\/strong><\/h1>\n<p><strong>N\u00famero de ficha<\/strong>: C-009&nbsp;&nbsp;&nbsp;&nbsp;&nbsp;&nbsp;&nbsp;&nbsp;&nbsp;&nbsp;&nbsp;&nbsp;&nbsp;&nbsp;&nbsp;&nbsp;&nbsp;&nbsp;&nbsp;&nbsp;&nbsp;&nbsp;&nbsp;&nbsp;&nbsp;&nbsp;&nbsp;&nbsp;&nbsp;&nbsp;&nbsp;&nbsp;&nbsp;&nbsp;&nbsp;&nbsp;&nbsp;&nbsp;&nbsp;&nbsp;&nbsp;&nbsp;&nbsp;&nbsp;&nbsp;&nbsp;&nbsp;&nbsp;&nbsp;&nbsp;&nbsp;&nbsp;&nbsp;<\/p>\n<p><strong>Diligenciada por: <\/strong>Paula Andrea Salamanca Hern\u00e1ndez<\/p>\n<p><strong>INFORMACI\u00d3N BIBLIOGR\u00c1FICA<\/strong><\/p>\n<p><strong>Peri\u00f3dico: <\/strong>El Colombiano<\/p>\n<p><strong>Lugar de edici\u00f3n: <\/strong>Medell\u00edn<\/p>\n<p><strong>Autor personal: <\/strong><\/p>\n<p><strong>Autor corporativo: <\/strong><\/p>\n<p><strong>Fecha: <\/strong>1988 febrero 18<\/p>\n<p><strong>P\u00e1gina: <\/strong>2A<\/p>\n<p><strong>Secci\u00f3n:<\/strong> Hoy\/jueves<\/p>\n<p><strong>Titular: <\/strong>Gobierno debe comprometerse en reforma de la U. de A.&nbsp;<\/p>\n<p><strong>Resumen:<\/strong> El rector de la Universidad hace un llamado al profesorado a unirse en pro de la salvaci\u00f3n del Alma Mater, esto es una reuni\u00f3n que sostuvo con los mismos en el teatro Camilo Torres; en el que se\u00f1al\u00f3, que la reforma de la universidad \u201ctendr\u00e1 que ser un proceso de cambio enmarcado en el tiempo, que permita pasar el estado en el cual nos encontramos en la actualidad a otro estado deseado y aceptado\u201d adem\u00e1s insisti\u00f3 en que la crisis que atravesaba el lugar era producto de la situaci\u00f3n compleja que viv\u00eda el pa\u00eds y que los hechos violentos que agobiaron la instituci\u00f3n no desaparecer\u00edan \u201ccon la sola voluntad de reformarnos y con la implementaci\u00f3n de esta reforma\u201d, \u201csomos d\u00e9biles porque somos obsoletos, acad\u00e9mica y administrativamente\u201d; otro tema al&nbsp; que se refiri\u00f3 el rector fue&nbsp; el tema del movimiento estudiantil advirtiendo que este deb\u00eda ser fuerte y consciente de sus responsabilidades porque de no ser as\u00ed ser\u00eda dif\u00edcil que la universidad volviera a la normalidad \u201csi el profesorado no colabora con su posici\u00f3n acad\u00e9mica y universitaria consecuente, dif\u00edcilmente una comunidad estudiantil podr\u00e1 surgir en nuestra instituci\u00f3n, con la fuerza y organizaci\u00f3n necesarias para desterrar la violencia, la anormalidad acad\u00e9mica recurrente y la ghettizaci\u00f3n&nbsp; del claustro\u201d. Ya para cerrar el encuentro invit\u00f3 a todos los profesores a ejercer la cr\u00edtica con responsabilidad en \u201cuna instituci\u00f3n que puede estar viviendo su \u00faltima oportunidad para salir adelante decorosamente\u201d.&nbsp;&nbsp;<\/p>\n<p><strong>Im\u00e1genes: <\/strong>N\/A<\/p>\n<p><strong>Archivos de Registro: <\/strong>REG_C009<\/p>\n<p><strong>INFORMACI\u00d3N ANAL\u00cdTICA<\/strong><\/p>\n<p><strong>Contexto de la noticia: <\/strong>campa\u00f1a de primeras elecciones para alcaldes en Colombia, lucha colombo-venezolana contra el narcotr\u00e1fico y la guerrilla, guerra entre el Cartel de Cali y el Cartel de Medell\u00edn, exterminio de la UP, Masacre de Turbo, Recrudecimiento del conflicto paramilitar, Guerra Ir\u00e1n \u2013 Iraq&nbsp;<\/p>\n<p><strong>Palabras clave: <\/strong>Acciones de resistencia, Comunicados, Respuestas institucionales, Reforma universitaria, Asamblea de profesores, Rector Cano Eduardo<\/p>\n<p><strong>Sugerencia de palabras claves: <\/strong><\/p>\n<p><strong>Observaciones: <\/strong>tener en cuenta el contexto de reformas que se har\u00edan en la Universidad<\/p>\n<p><strong>Fecha de diligenciamiento: <\/strong>1 diciembre 2018<\/p>\n<h1 style=\"text-align: center;\"><strong>&nbsp;***<\/strong><\/h1>\n<p><strong>N\u00famero de ficha<\/strong>: C-010&nbsp;&nbsp;&nbsp;&nbsp;&nbsp;&nbsp;&nbsp;&nbsp;&nbsp;&nbsp;&nbsp;&nbsp;&nbsp;&nbsp;&nbsp;&nbsp;&nbsp;&nbsp;&nbsp;&nbsp;&nbsp;&nbsp;&nbsp;&nbsp;&nbsp;&nbsp;&nbsp;&nbsp;&nbsp;&nbsp;&nbsp;&nbsp;&nbsp;&nbsp;&nbsp;&nbsp;&nbsp;&nbsp;&nbsp;&nbsp;&nbsp;&nbsp;&nbsp;&nbsp;&nbsp;&nbsp;&nbsp;&nbsp;&nbsp;&nbsp;&nbsp;&nbsp;&nbsp;<\/p>\n<p><strong>Diligenciada por: <\/strong>Paula Andrea Salamanca Hern\u00e1ndez<\/p>\n<p><strong>INFORMACI\u00d3N BIBLIOGR\u00c1FICA<\/strong><\/p>\n<p><strong>Peri\u00f3dico: <\/strong>El Colombiano<\/p>\n<p><strong>Lugar de edici\u00f3n: <\/strong>Medell\u00edn<\/p>\n<p><strong>Autor personal: <\/strong><\/p>\n<p><strong>Autor corporativo: <\/strong><\/p>\n<p><strong>Fecha: <\/strong>1988 febrero 26<\/p>\n<p><strong>P\u00e1gina: <\/strong>12D<\/p>\n<p><strong>Secci\u00f3n:<\/strong> Generales<\/p>\n<p><strong>Titular: <\/strong>Hoy, reuni\u00f3n del Consejo Superior de la U. de A.<\/p>\n<p><strong>Resumen:<\/strong> el tema que se discutir\u00eda en la reuni\u00f3n ser\u00eda la adopci\u00f3n de pol\u00edticas acad\u00e9mico \u2013 administrativas todo en el contexto de la reforma universitaria, a su vez algunas recomendaciones efectuadas por el Consejo Acad\u00e9mico y el nombramiento de nuevos decanos.<\/p>\n<p><strong>Im\u00e1genes: <\/strong>N\/A<\/p>\n<p><strong>Archivos de Registro: <\/strong>REG_C010<\/p>\n<p><strong>INFORMACI\u00d3N ANAL\u00cdTICA<\/strong><\/p>\n<p><strong>Contexto de la noticia: <\/strong>campa\u00f1a de primeras elecciones para alcaldes en Colombia, lucha colombo-venezolana contra el narcotr\u00e1fico y la guerrilla, guerra entre el Cartel de Cali y el Cartel de Medell\u00edn, exterminio de la UP, Guerra Ir\u00e1n \u2013 Iraq&nbsp;<\/p>\n<p><strong>Palabras clave: <\/strong>Consejo Superior Universitario<\/p>\n<p><strong>Sugerencia de palabras claves: <\/strong><\/p>\n<p><strong>Observaciones: <\/strong><\/p>\n<p><strong>Fecha de diligenciamiento: <\/strong>1 diciembre 2018<\/p>\n<h1 style=\"text-align: center;\">***<\/h1>\n<p><strong>N\u00famero de ficha<\/strong>: C-011&nbsp;&nbsp;&nbsp;&nbsp;&nbsp;&nbsp;&nbsp;&nbsp;&nbsp;&nbsp;&nbsp;&nbsp;&nbsp;&nbsp;&nbsp;&nbsp;&nbsp;&nbsp;&nbsp;&nbsp;&nbsp;&nbsp;&nbsp;&nbsp;&nbsp;&nbsp;&nbsp;&nbsp;&nbsp;&nbsp;&nbsp;&nbsp;&nbsp;&nbsp;&nbsp;&nbsp;&nbsp;&nbsp;&nbsp;&nbsp;&nbsp;&nbsp;&nbsp;&nbsp;&nbsp;&nbsp;&nbsp;&nbsp;&nbsp;&nbsp;&nbsp;&nbsp;&nbsp;<\/p>\n<p><strong>Diligenciada por: <\/strong>Paula Andrea Salamanca Hern\u00e1ndez<\/p>\n<p><strong>INFORMACI\u00d3N BIBLIOGR\u00c1FICA<\/strong><\/p>\n<p><strong>Peri\u00f3dico: <\/strong>El Colombiano<\/p>\n<p><strong>Lugar de edici\u00f3n: <\/strong>Medell\u00edn<\/p>\n<p><strong>Autor personal: <\/strong><\/p>\n<p><strong>Autor corporativo: <\/strong><\/p>\n<p><strong>Fecha: <\/strong>1988 febrero 27<\/p>\n<p><strong>P\u00e1gina: <\/strong>2A<\/p>\n<p><strong>Secci\u00f3n:<\/strong> Hoy\/S\u00e1bado&nbsp;<\/p>\n<p><strong>Titular: <\/strong>Se aproxima la reapertura de la Universidad de Antioquia<\/p>\n<p><strong>Resumen:<\/strong> despu\u00e9s de que se reuniera el Consejo Superior en el despecho de la gobernaci\u00f3n de Antioquia, fueron aprobados algunos temas, tales como: el proyecto de acuerdo que crea la bases para una profunda reforma en los campos acad\u00e9mico y administrativo, la creaci\u00f3n de un Fondo de Pr\u00e9stamos Estudiantiles, lo concerniente a la planta de cargos de planta del Liceo Antioque\u00f1o y el programa docente-asistencial con la Comuna Nororiental con el apoyo de Metro Salud.&nbsp;<\/p>\n<p><strong>Im\u00e1genes: <\/strong>N\/A<\/p>\n<p><strong>Archivos de Registro: <\/strong>REG_C011<\/p>\n<p><strong>INFORMACI\u00d3N ANAL\u00cdTICA<\/strong><\/p>\n<p><strong>Contexto de la noticia: <\/strong>campa\u00f1a de primeras elecciones para alcaldes en Colombia, lucha colombo-venezolana contra el narcotr\u00e1fico y la guerrilla, guerra entre el Cartel de Cali y el Cartel de Medell\u00edn, exterminio de la UP, Guerra Ir\u00e1n \u2013 Iraq&nbsp;<\/p>\n<p><strong>Palabras clave: <\/strong>Respuestas institucionales, Reforma universitaria, Consejo Superior Universitario, Liceo Antioque\u00f1o<\/p>\n<p><strong>Sugerencia de palabras claves:<\/strong><\/p>\n<p><strong>Observaciones: <\/strong><\/p>\n<p><strong>Fecha de diligenciamiento:<\/strong> 1 diciembre 2018<\/p>\n<h1 style=\"text-align: center;\">***<\/h1>\n<p><strong>N\u00famero de ficha<\/strong>: C-012&nbsp;&nbsp;&nbsp;&nbsp;&nbsp;&nbsp;&nbsp;&nbsp;&nbsp;&nbsp;&nbsp;&nbsp;&nbsp;&nbsp;&nbsp;&nbsp;&nbsp;&nbsp;&nbsp;&nbsp;&nbsp;&nbsp;&nbsp;&nbsp;&nbsp;&nbsp;&nbsp;&nbsp;&nbsp;&nbsp;&nbsp;&nbsp;&nbsp;&nbsp;&nbsp;&nbsp;&nbsp;&nbsp;&nbsp;&nbsp;&nbsp;&nbsp;&nbsp;&nbsp;&nbsp;&nbsp;&nbsp;&nbsp;&nbsp;&nbsp;&nbsp;&nbsp;&nbsp;<\/p>\n<p><strong>Diligenciada por: <\/strong>Paula Andrea Salamanca Hern\u00e1ndez<\/p>\n<p><strong>INFORMACI\u00d3N BIBLIOGR\u00c1FICA<\/strong><\/p>\n<p><strong>Peri\u00f3dico: <\/strong>El Colombiano<\/p>\n<p><strong>Lugar de edici\u00f3n: <\/strong>Medell\u00edn<\/p>\n<p><strong>Autor personal: <\/strong><\/p>\n<p><strong>Autor corporativo: <\/strong><\/p>\n<p><strong>Fecha: <\/strong>1988 febrero 28<\/p>\n<p><strong>P\u00e1gina: <\/strong>4A<\/p>\n<p><strong>Secci\u00f3n:<\/strong> Opini\u00f3n\/ Ecos y comentarios<\/p>\n<p><strong>Titular: <\/strong>La nueva imagen de la U. de A<\/p>\n<p><strong>Resumen:<\/strong> \u201cEl Alma Mater de Antioquia parece enrumbarse, ahora s\u00ed, hacia senderos de progreso, que le permitir\u00e1n superar la actual crisis. El Consejo Superior Universitario acaba de aprobar, en primer debate, el proyecto Acuerdo Superior que contiene el marco de las pol\u00edticas de desarrollo acad\u00e9mico-administrativo para la reforma de la universidad de Antioquia, mediante el cual se les dar\u00e1 un vuelco a las estructuras del m\u00e1ximo claustro de estudios superiores del departamento. Es, sin duda, un hecho que reconforta. Porque la naci\u00f3n necesita de la universidad. Porque la sociedad, toda, sin exclusiones, muere un poco cuando sus centros de ense\u00f1anza no funcionan.<\/p>\n<p>El actual equipo rectoral y su disposici\u00f3n al cambio ha contribuido en mucho para lograr una nueva imagen universitaria. La reforma, que ahora si perece se va a poner en pr\u00e1ctica, tendr\u00e1 que servir para que el Alma Mater resurja con mayor \u00edmpetu en el panorama cultural, cient\u00edfico y educativo del pa\u00eds. Todos sus estamentos est\u00e1n expectantes. Ansiosos por participar, en forma positiva, en las grandes decisiones que conduzcan a la renovaci\u00f3n universitaria. Se trata de recuperar, ni m\u00e1s ni menos, el denominado \u201cEsp\u00edritu universal\u201d, caracter\u00edstico de los grandes centros superiores del orbe. Se espera crear un clima propicio para la investigaci\u00f3n y el desarrollo del saber. Y para la cr\u00edtica y la controversia civilizada. Esa es la esencia de la reforma. Que nuestra Alma Mater funcione a cabalidad.<\/p>\n<p>Los mejores d\u00edas est\u00e1n por venir en la Universidad de Antioquia, patrimonio de un pueblo, de una naci\u00f3n. Todos debemos contribuir, en una u otra forma, a darle una nueva cara. La historia as\u00ed nos lo demanda.<\/p>\n<p><strong>Im\u00e1genes: <\/strong>N\/A<\/p>\n<p><strong>Archivos de Registro: <\/strong>REG_C012<\/p>\n<p><strong>INFORMACI\u00d3N ANAL\u00cdTICA<\/strong><\/p>\n<p><strong>Contexto de la noticia: <\/strong>campa\u00f1a de primeras elecciones para alcaldes en Colombia, lucha colombo-venezolana contra el narcotr\u00e1fico y la guerrilla, guerra entre el Cartel de Cali y el Cartel de Medell\u00edn, exterminio de la UP, Guerra Ir\u00e1n \u2013 Iraq&nbsp;<\/p>\n<p><strong>Palabras clave: <\/strong>Respuestas institucionales, Reforma universitaria, Consejo Superior Universitario, Acciones de resistencia, Comunicados<\/p>\n<p><strong>Sugerencia de palabras claves: <\/strong><\/p>\n<p><strong>Observaciones: <\/strong>esta columna de opini\u00f3n no tiene un autor personal, ni corporativo<\/p>\n<p><strong>Fecha de diligenciamiento:<\/strong> 1 diciembre 2018<\/p>\n<h1 style=\"text-align: center;\">***<\/h1>\n<p><strong>N\u00famero de ficha<\/strong>: C-013&nbsp;&nbsp;&nbsp;&nbsp;&nbsp;&nbsp;&nbsp;&nbsp;&nbsp;&nbsp;&nbsp;&nbsp;&nbsp;&nbsp;&nbsp;&nbsp;&nbsp;&nbsp;&nbsp;&nbsp;&nbsp;&nbsp;&nbsp;&nbsp;&nbsp;&nbsp;&nbsp;&nbsp;&nbsp;&nbsp;&nbsp;&nbsp;&nbsp;&nbsp;&nbsp;&nbsp;&nbsp;&nbsp;&nbsp;&nbsp;&nbsp;&nbsp;&nbsp;&nbsp;&nbsp;&nbsp;&nbsp;&nbsp;&nbsp;&nbsp;&nbsp;&nbsp;&nbsp;<\/p>\n<p><strong>Diligenciada por: <\/strong>Paula Andrea Salamanca Hern\u00e1ndez<\/p>\n<p><strong>INFORMACI\u00d3N BIBLIOGR\u00c1FICA<\/strong><\/p>\n<p><strong>Peri\u00f3dico: <\/strong>El Colombiano<\/p>\n<p><strong>Lugar de edici\u00f3n: <\/strong>Medell\u00edn<\/p>\n<p><strong>Autor personal: <\/strong><\/p>\n<p><strong>Autor corporativo: <\/strong><\/p>\n<p><strong>Fecha: <\/strong>1988 marzo 4<\/p>\n<p><strong>P\u00e1gina: <\/strong>12A<\/p>\n<p><strong>Secci\u00f3n:<\/strong> Local<\/p>\n<p><strong>Titular: <\/strong>Por fin, aprobada la reforma de la Universidad de Antioquia<\/p>\n<p><strong>Resumen: <\/strong>El Consejo Superior aprob\u00f3 la gran reforma universitaria (d\u00eda anterior a la noticia), esta fue aprobada despu\u00e9s de una larga sesi\u00f3n que se llev\u00f3 a cabo en el Sal\u00f3n de Consejos Luis Fernando V\u00e9lez V\u00e9lez. En tanto el rector Cano Gaviria indic\u00f3 que la reapertura de la Universidad se har\u00eda el mismo a\u00f1o, sin embargo, todo depender\u00eda de la agilizaci\u00f3n de la reforma. En cuanto al tema del papel de los estudiantes en este suceso Cano indic\u00f3 \u201cesperamos que los estudiantes participen en la expedici\u00f3n del Estatuto Estudiantil\u201d, Cano a su vez enfatiz\u00f3 que los estudiantes \u201ctienen un lugar en el Consejo Superior que no han querido ocupar\u201d y que a pesar de tener puestos en el Consejo Acad\u00e9mico y los consejos de facultad \u201cno existe un movimiento estudiantil en la Universidad de Antioquia\u201d, \u201chay muchos grupos poco representativos. Por eso es muy dif\u00edcil trabajar con ellos, por su falta de unidad\u201d.<\/p>\n<p><strong>Im\u00e1genes: <\/strong>N\/A<\/p>\n<p><strong>Archivos de Registro: <\/strong>REG_C013<\/p>\n<p><strong>INFORMACI\u00d3N ANAL\u00cdTICA<\/strong><\/p>\n<p><strong>Contexto de la noticia: <\/strong>campa\u00f1a de primeras elecciones para alcaldes en Colombia, lucha colombo-venezolana contra el narcotr\u00e1fico y la guerrilla, guerra entre el Cartel de Cali y el Cartel de Medell\u00edn, exterminio de la UP, Masacre de Honduras y la Negra (Currulao, Turbo), Recrudecimiento conflicto paramilitar, Guerra Ir\u00e1n \u2013 Iraq&nbsp;<\/p>\n<p><strong>Palabras clave: <\/strong>Respuestas institucionales, Reforma universitaria, Consejo Superior Universitario, Rector\u00eda Cano Eduardo, Organizaciones estudiantiles, Consejo Acad\u00e9mico<\/p>\n<p><strong>Sugerencia de palabras claves: <\/strong><\/p>\n<p><strong>Observaciones: <\/strong><\/p>\n<p><strong>Fecha de diligenciamiento: <\/strong>1 diciembre 2018<\/p>\n<h1 style=\"text-align: center;\">***<\/h1>\n<p><strong>N\u00famero de ficha<\/strong>: C-014&nbsp;&nbsp;&nbsp;&nbsp;&nbsp;&nbsp;&nbsp;&nbsp;&nbsp;&nbsp;&nbsp;&nbsp;&nbsp;&nbsp;&nbsp;&nbsp;&nbsp;&nbsp;&nbsp;&nbsp;&nbsp;&nbsp;&nbsp;&nbsp;&nbsp;&nbsp;&nbsp;&nbsp;&nbsp;&nbsp;&nbsp;&nbsp;&nbsp;&nbsp;&nbsp;&nbsp;&nbsp;&nbsp;&nbsp;&nbsp;&nbsp;&nbsp;&nbsp;&nbsp;&nbsp;&nbsp;&nbsp;&nbsp;&nbsp;&nbsp;&nbsp;&nbsp;&nbsp;<\/p>\n<p><strong>Diligenciada por: <\/strong>Paula Andrea Salamanca Hern\u00e1ndez<\/p>\n<p><strong>INFORMACI\u00d3N BIBLIOGR\u00c1FICA<\/strong><\/p>\n<p><strong>Peri\u00f3dico: <\/strong>El Colombiano<\/p>\n<p><strong>Lugar de edici\u00f3n: <\/strong>Medell\u00edn<\/p>\n<p><strong>Autor personal: <\/strong><\/p>\n<p><strong>Autor corporativo: <\/strong><\/p>\n<p><strong>Fecha: <\/strong>1988 marzo 25<\/p>\n<p><strong>P\u00e1gina: <\/strong>12A<\/p>\n<p><strong>Secci\u00f3n:<\/strong> Hoy\/Viernes<\/p>\n<p><strong>Titular: <\/strong>Hoy definen nueva estructura administrativa de la U. de A.<\/p>\n<p><strong>Resumen: <\/strong>temas de los que se hablar\u00eda en la sesi\u00f3n del d\u00eda por parte del Consejo Superior, ser\u00edan el an\u00e1lisis de creaci\u00f3n de cinco direcciones tales como; los Institutos y Escuelas, la de investigaci\u00f3n y la de extensi\u00f3n universitaria, la Direcci\u00f3n Acad\u00e9mica y la de Bienestar Estudiantil.&nbsp; Todo dentro del acuerdo 91, que aprob\u00f3 la reforma total de la Universidad. Otros temas a tratar ser\u00edan los del Cr\u00e9dito Estudiantil Condonable, y la reapertura de los pregrados, que seg\u00fan el asistente del gobernador Luis Javier Arroyave, podr\u00eda ser en el mes de mayo.<\/p>\n<p><strong>Im\u00e1genes: <\/strong>N\/A<\/p>\n<p><strong>Archivos de Registro: <\/strong>REG_C014<\/p>\n<p><strong>INFORMACI\u00d3N ANAL\u00cdTICA<\/strong><\/p>\n<p><strong>Contexto de la noticia: <\/strong>lucha colombo-venezolana contra el narcotr\u00e1fico y la guerrilla, guerra entre el Cartel de Cali y el Cartel de Medell\u00edn, exterminio de la UP, Vuelo 410 de Avianca, Primera elecci\u00f3n de alcaldes municipales, Recrudecimiento del conflicto paramilitar, Guerra Ir\u00e1n \u2013 Iraq&nbsp;<\/p>\n<p><strong>Palabras clave: <\/strong>Respuestas institucionales. Reforma universitaria, Reapertura, Consejo Superior Universitario<\/p>\n<p><strong>Sugerencia de palabras claves: <\/strong><\/p>\n<p><strong>Observaciones: <\/strong>acuerdo 91<\/p>\n<p><strong>Fecha de diligenciamiento:<\/strong> 1 diciembre 2018<\/p>\n<h1 style=\"text-align: center;\">***<\/h1>\n<p><strong>N\u00famero de ficha<\/strong>: C-015&nbsp;&nbsp;&nbsp;&nbsp;&nbsp;&nbsp;&nbsp;&nbsp;&nbsp;&nbsp;&nbsp;&nbsp;&nbsp;&nbsp;&nbsp;&nbsp;&nbsp;&nbsp;&nbsp;&nbsp;&nbsp;&nbsp;&nbsp;&nbsp;&nbsp;&nbsp;&nbsp;&nbsp;&nbsp;&nbsp;&nbsp;&nbsp;&nbsp;&nbsp;&nbsp;&nbsp;&nbsp;&nbsp;&nbsp;&nbsp;&nbsp;&nbsp;&nbsp;&nbsp;&nbsp;&nbsp;&nbsp;&nbsp;&nbsp;&nbsp;&nbsp;&nbsp;&nbsp;<\/p>\n<p><strong>Diligenciada por: <\/strong>Paula Andrea Salamanca Hern\u00e1ndez<\/p>\n<p><strong>INFORMACI\u00d3N BIBLIOGR\u00c1FICA<\/strong><\/p>\n<p><strong>Peri\u00f3dico: <\/strong>El Colombiano<\/p>\n<p><strong>Lugar de edici\u00f3n: <\/strong>Medell\u00edn<\/p>\n<p><strong>Autor personal: <\/strong>Reinaldo Spitaletta<\/p>\n<p><strong>Autor corporativo: <\/strong><\/p>\n<p><strong>Fecha: <\/strong>1988 marzo 26<\/p>\n<p><strong>P\u00e1gina: <\/strong>18A<\/p>\n<p><strong>Secci\u00f3n:<\/strong> Generales<\/p>\n<p><strong>Titular: <\/strong>En mayo ser\u00e1 reabierta la Universidad de Antioquia<\/p>\n<p><strong>Resumen: <\/strong>&nbsp;a partir del d\u00eda 2 de mayo la Universidad comenzar\u00e1 su proceso de reapertura, \u201ccuando las facultades, escuelas e institutos del Alma Mater, tengan listos sus proyectos de reforma espec\u00edfica\u201d tambi\u00e9n tendr\u00e1n prioridad de reapertura las facultades que no pudieron terminar su semestre acad\u00e9mico debido a la ola de violencia que azot\u00f3 a la comunidad universitaria, \u201cel proceso de reforma universitaria continuar\u00e1 despu\u00e9s de la reapertura de la universidad\u201d indic\u00f3 el rector Cano Gaviria. As\u00ed mismo despu\u00e9s de la \u00faltima reuni\u00f3n del Consejo Superior fue aprobada la segunda parte de la reforma universitaria llamada \u201cestructura de poder\u201d.&nbsp;<\/p>\n<p><strong>Im\u00e1genes: <\/strong>N\/A<\/p>\n<p><strong>Archivos de Registro: <\/strong>REG_C015<\/p>\n<p><strong>INFORMACI\u00d3N ANAL\u00cdTICA<\/strong><\/p>\n<p><strong>Contexto de la noticia: <\/strong>lucha colombo-venezolana contra el narcotr\u00e1fico y la guerrilla, guerra entre el Cartel de Cali y el Cartel de Medell\u00edn, exterminio de la UP, Vuelo 410 de Avianca, Primera elecci\u00f3n de alcaldes municipales, Recrudecimiento del conflicto paramilitar, Guerra Ir\u00e1n \u2013 Iraq&nbsp;<\/p>\n<p><strong>Palabras clave: <\/strong>Respuestas institucionales, Reforma universitaria, Reapertura, Consejo Superior Universitario, Rector Cano Eduardo<\/p>\n<p><strong>Sugerencia de palabras claves: <\/strong><\/p>\n<p><strong>Observaciones: <\/strong>resoluci\u00f3n 744 del Consejo Acad\u00e9mico y acuerdo 97 del Consejo Superior<\/p>\n<p><strong>Fecha de diligenciamiento: <\/strong>1 diciembre 2018<\/p>\n<h1 style=\"text-align: center;\">***<\/h1>\n<p><strong>N\u00famero de ficha<\/strong>: C-016&nbsp;&nbsp;&nbsp;&nbsp;&nbsp;&nbsp;&nbsp;&nbsp;&nbsp;&nbsp;&nbsp;&nbsp;&nbsp;&nbsp;&nbsp;&nbsp;&nbsp;&nbsp;&nbsp;&nbsp;&nbsp;&nbsp;&nbsp;&nbsp;&nbsp;&nbsp;&nbsp;&nbsp;&nbsp;&nbsp;&nbsp;&nbsp;&nbsp;&nbsp;&nbsp;&nbsp;&nbsp;&nbsp;&nbsp;&nbsp;&nbsp;&nbsp;&nbsp;&nbsp;&nbsp;&nbsp;&nbsp;&nbsp;&nbsp;&nbsp;&nbsp;&nbsp;<\/p>\n<p><strong>Diligenciada por: <\/strong>Paula Andrea Salamanca Hern\u00e1ndez<\/p>\n<p><strong>INFORMACI\u00d3N BIBLIOGR\u00c1FICA<\/strong><\/p>\n<p><strong>Peri\u00f3dico: <\/strong>El Colombiano<\/p>\n<p><strong>Lugar de edici\u00f3n: <\/strong>Medell\u00edn<\/p>\n<p><strong>Autor personal: <\/strong><\/p>\n<p><strong>Autor corporativo: <\/strong><\/p>\n<p><strong>Fecha: <\/strong>1988 marzo 30<\/p>\n<p><strong>P\u00e1gina: <\/strong>3A<\/p>\n<p><strong>Secci\u00f3n:<\/strong> Plana\/Tres<\/p>\n<p><strong>Titular: <\/strong>Confusi\u00f3n en la U. de A. por incursi\u00f3n de un grupo estudiantil<\/p>\n<p><strong>Resumen: <\/strong>debido a la incursi\u00f3n de un grupo no identificado que perpetr\u00f3 el d\u00eda anterior en las instalaciones de la Universidad, fueron suspendidas las labores administrativas. El hecho ocurri\u00f3 en horas de la ma\u00f1ana cuando un n\u00famero indeterminado de personas lleg\u00f3 hasta la porter\u00eda de Barranquilla y procedi\u00f3 a entrar por la fuerza. Las personas del grupo que portaban maletines ingresaron a la Ciudad Universitaria, sin presentarse hechos graves, as\u00ed lo indicaron fuentes de la U. Tambi\u00e9n se indic\u00f3 que, el mi\u00e9rcoles anterior a la fecha, un grupo armado y encapuchado entr\u00f3 a la Universidad pintando consignas en los bloques de Ciencias Humanas y Econom\u00eda, hecho que no se atribuy\u00f3 ninguna agrupaci\u00f3n guerrillera ni de otra \u00edndole.<\/p>\n<p>La Universidad frente a el reciente hecho, expidi\u00f3 el siguiente comunicado: \u201cLa administraci\u00f3n de la Universidad de Antioquia se permite informar a la comunidad en general la decisi\u00f3n de ordenar el cese de las actividades laborales en horas de la ma\u00f1ana del d\u00eda de hoy (ayer). Esta se debi\u00f3 al ingreso violento de un grupo de personas no precisado. Los antecedentes de la semana anterior cuando un grupo armado y encapuchado penetr\u00f3 a las instalaciones de la Ciudad Universitaria, motivaron al acto de que se da cuenta en esta informaci\u00f3n, procurando garantizar la seguridad de las personas que trabajan en la instituci\u00f3n.\u201d<\/p>\n<p>Otra versi\u00f3n, fue la que se dio a conocer a trav\u00e9s de un bolet\u00edn mimeografiado, firmado por el Sindicato de Trabajadores de la U. de A., la Asociaci\u00f3n de Empleados No Docentes y los \u201cEstudiantes impulsores del Frente Com\u00fan por la Defensa de la Universidad\u201d, \u201cayer varios estudiantes buscaban audiencia en los diversos estamentos universitarios. Sin embargo, les fue imposibilitado su ingreso por orden de la rector\u00eda&#8230; ante la negativa para realizar sus gestiones y la poca colaboraci\u00f3n de la administraci\u00f3n y presionados por la premura del tiempo, los estudiantes ingresaron por la porter\u00eda de Barranquilla son violentar ni hacer uso de alg\u00fan otro procedimiento contrario a su voluntad civilista, sin embargo su ingreso motiv\u00f3 el llamado de la porter\u00eda a rector\u00eda informando de la situaci\u00f3n\u201d en el bolet\u00edn tambi\u00e9n se exige la reapertura de la Universidad aludiendo que es injustificado desde la misma rector\u00eda.<\/p>\n<p><strong>Im\u00e1genes: <\/strong>N\/A<\/p>\n<p><strong>Archivos de Registro: <\/strong>REG_C016<\/p>\n<p><strong>INFORMACI\u00d3N ANAL\u00cdTICA<\/strong><\/p>\n<p><strong>Contexto de la noticia: <\/strong>lucha colombo-venezolana contra el narcotr\u00e1fico y la guerrilla, guerra entre el Cartel de Cali y el Cartel de Medell\u00edn, exterminio de la UP, Vuelo 410 de Avianca, Primera elecci\u00f3n de alcaldes municipales, Recrudecimiento del conflicto paramilitar, Guerra Ir\u00e1n \u2013 Iraq&nbsp;<\/p>\n<p><strong>Palabras clave: <\/strong>Respuestas institucionales, Reforma universitaria, Reapertura, Cierre administrativo, Acciones de resistencia, Pintas, Panfletos, Asociaci\u00f3n de Empleados No docentes, Grupos clandestinos, Sindicatos, Organizaciones estudiantiles<\/p>\n<p><strong>Sugerencia de palabras claves: <\/strong><\/p>\n<p><strong>Observaciones: <\/strong><\/p>\n<p><strong>Fecha de diligenciamiento:<\/strong> 1 diciembre 2018<\/p>\n<h1 style=\"text-align: center;\">***<\/h1>\n<p><strong>N\u00famero de ficha<\/strong>: C-017&nbsp;&nbsp;&nbsp;&nbsp;&nbsp;&nbsp;&nbsp;&nbsp;&nbsp;&nbsp;&nbsp;&nbsp;&nbsp;&nbsp;&nbsp;&nbsp;&nbsp;&nbsp;&nbsp;&nbsp;&nbsp;&nbsp;&nbsp;&nbsp;&nbsp;&nbsp;&nbsp;&nbsp;&nbsp;&nbsp;&nbsp;&nbsp;&nbsp;&nbsp;&nbsp;&nbsp;&nbsp;&nbsp;&nbsp;&nbsp;&nbsp;&nbsp;&nbsp;&nbsp;&nbsp;&nbsp;&nbsp;&nbsp;&nbsp;&nbsp;&nbsp;&nbsp;&nbsp;<\/p>\n<p><strong>Diligenciada por: <\/strong>Paula Andrea Salamanca Hern\u00e1ndez<\/p>\n<p><strong>INFORMACI\u00d3N BIBLIOGR\u00c1FICA<\/strong><\/p>\n<p><strong>Peri\u00f3dico: <\/strong>El Colombiano<\/p>\n<p><strong>Lugar de edici\u00f3n: <\/strong>Medell\u00edn<\/p>\n<p><strong>Autor personal: <\/strong><\/p>\n<p><strong>Autor corporativo: <\/strong><\/p>\n<p><strong>Fecha: <\/strong>1988 abril 7<\/p>\n<p><strong>P\u00e1gina: <\/strong>14C<\/p>\n<p><strong>Secci\u00f3n:<\/strong> El Colombiano<\/p>\n<p><strong>Titular: <\/strong>Plantean creaci\u00f3n de frente com\u00fan para defender la U. de A.<\/p>\n<p><strong>Resumen: <\/strong>&nbsp;un comit\u00e9 provisional compuesto por representantes del Sindicato de trabajadores de la Universidad de Antioquia, la Asociaci\u00f3n de Empleados no Docentes y los estudiantes de la Universidad, viene impulsando la creaci\u00f3n del \u201cFrente Com\u00fan por la Defensa de la U. de A.\u201d, a trav\u00e9s de la realizaci\u00f3n de foros y plenarias p\u00fablicas en miras en encontrar soluciones a la compleja problem\u00e1tica de la Universidad.&nbsp; Asimismo, denunciaron a trav\u00e9s de un comunicado p\u00fablico \u201cel prolongado e injustificado cierre de la U. de A. por parte del gobierno y as\u00ed mismo los actos criminales de los grupos paramilitares en el pa\u00eds y contra la universidad\u201d. Por otro lado, el mismo comit\u00e9 anunci\u00f3 que varios de sus representantes estar\u00edan en Bogot\u00e1 buscando solidaridad del \u201cCongreso de Convergencia Democr\u00e1tica\u201d citado por la CUT. A su vez el comit\u00e9 se entrevist\u00f3 con el ministro de Educaci\u00f3n Antonio Yepes Parra, \u201ca fin de racionalizar esta problem\u00e1tica y comprometer al Ministerio de Educaci\u00f3n en la soluci\u00f3n del problema\u201d por \u00faltimo el comit\u00e9 inform\u00f3 que se reunir\u00eda en una audiencia con el rector Eduardo Cano y los estudiantes que participan del comit\u00e9 convocaron a una asamblea general estudiantil el 14 de abril en el Teatro Camilo Torres.<\/p>\n<p><strong>Im\u00e1genes: <\/strong>N\/A<\/p>\n<p><strong>Archivos de Registro: <\/strong>REG_C017<\/p>\n<p><strong>INFORMACI\u00d3N ANAL\u00cdTICA<\/strong><\/p>\n<p><strong>Contexto de la noticia: <\/strong>guerra entre el Cartel de Cali y el Cartel de Medell\u00edn, exterminio de la UP, Masacre La Mejor Esquina (C\u00f3rdoba), recrudecimiento del conflicto paramilitar y guerrillero, Masacre de Turbo, Recrudecimiento del conflicto paramilitar, Masacre de la Mejor Esquina, Guerra Ir\u00e1n \u2013 Iraq&nbsp;<\/p>\n<p><strong>Palabras clave: <\/strong>Respuestas institucionales, Reforma universitaria, Reapertura, Acciones de resistencia, Comunicados, Rector\u00eda Cano Eduardo, Asamblea de Estudiantes, Organizaciones estudiantiles, Sindicatos, CUT, Asociaci\u00f3n de Empleados no Docentes, Frente Com\u00fan por la defensa de la UdeA<\/p>\n<p><strong>Sugerencia de palabras claves: <\/strong><\/p>\n<p><strong>Observaciones: <\/strong>N\/A<\/p>\n<p><strong>Fecha de diligenciamiento: <\/strong>1 diciembre 2018<\/p>\n<h1 style=\"text-align: center;\">***<\/h1>\n<p><strong>N\u00famero de ficha<\/strong>: C-018&nbsp;&nbsp;&nbsp;&nbsp;&nbsp;&nbsp;&nbsp;&nbsp;&nbsp;&nbsp;&nbsp;&nbsp;&nbsp;&nbsp;&nbsp;&nbsp;&nbsp;&nbsp;&nbsp;&nbsp;&nbsp;&nbsp;&nbsp;&nbsp;&nbsp;&nbsp;&nbsp;&nbsp;&nbsp;&nbsp;&nbsp;&nbsp;&nbsp;&nbsp;&nbsp;&nbsp;&nbsp;&nbsp;&nbsp;&nbsp;&nbsp;&nbsp;&nbsp;&nbsp;&nbsp;&nbsp;&nbsp;&nbsp;&nbsp;&nbsp;&nbsp;&nbsp;&nbsp;<\/p>\n<p><strong>Diligenciada por: <\/strong>Paula Andrea Salamanca Hern\u00e1ndez<\/p>\n<p><strong>INFORMACI\u00d3N BIBLIOGR\u00c1FICA<\/strong><\/p>\n<p><strong>Peri\u00f3dico: <\/strong>El Colombiano<\/p>\n<p><strong>Lugar de edici\u00f3n: <\/strong>Medell\u00edn<\/p>\n<p><strong>Autor personal: <\/strong><\/p>\n<p><strong>Autor corporativo: <\/strong><\/p>\n<p><strong>Fecha: <\/strong>1988 abril 8<\/p>\n<p><strong>P\u00e1gina: <\/strong>10B<\/p>\n<p><strong>Secci\u00f3n:<\/strong> Generales<\/p>\n<p><strong>Titular: <\/strong>Hoy prosiguen sesiones sobre reforma de la U. de Antioquia<\/p>\n<p><strong>Resumen: <\/strong>&nbsp;se re\u00fane nuevamente el Consejo Superior para continuar discutiendo y aprobando la reforma universitaria, \u201clo com\u00fan y corriente es que las universidades las reforme el gobierno\u201d, dijo el rector Cano Gaviria al resaltar que la reforma es un proceso \u00fanico en el pa\u00eds. \u201ceste fervor no podr\u00e1 detenerse impunemente, so pena de llevar con nosotros, de por vida, el peso de no hacer estado a la altura de uno de los experimentos m\u00e1s hermosos e importantes que se hayan intentado en nuestro pa\u00eds\u201d.<\/p>\n<p><strong>Im\u00e1genes: <\/strong>N\/A<\/p>\n<p><strong>Archivos de Registro: <\/strong>REG_C018<\/p>\n<p><strong>INFORMACI\u00d3N ANAL\u00cdTICA<\/strong><\/p>\n<p><strong>Contexto de la noticia: <\/strong>guerra entre el Cartel de Cali y el Cartel de Medell\u00edn, exterminio de la UP, Masacre La Mejor Esquina (C\u00f3rdoba), Recrudecimiento del conflicto paramilitar y guerrillero, Masacre de Turbo, Recrudecimiento del conflicto paramilitar, Guerra Ir\u00e1n \u2013 Iraq<\/p>\n<p><strong>Palabras clave: <\/strong>Respuestas institucionales, Reforma universitaria, Reapertura, Rector\u00eda Cano Eduardo, Consejo Superior Universitario<\/p>\n<p><strong>Sugerencia de palabras claves:<\/strong><\/p>\n<p><strong>Observaciones: <\/strong><\/p>\n<p><strong>Fecha de diligenciamiento:<\/strong> 1 diciembre 2018<\/p>\n<h1 style=\"text-align: center;\">***<\/h1>\n<p><strong>N\u00famero de ficha<\/strong>: C-019 &nbsp;&nbsp;&nbsp;&nbsp;&nbsp;&nbsp;&nbsp;&nbsp;&nbsp;&nbsp;&nbsp;&nbsp;&nbsp;&nbsp;&nbsp;&nbsp;&nbsp;&nbsp;&nbsp;&nbsp;&nbsp;&nbsp;&nbsp;&nbsp;&nbsp;&nbsp;&nbsp;&nbsp;&nbsp;&nbsp;&nbsp;&nbsp;&nbsp;&nbsp;&nbsp;&nbsp;&nbsp;&nbsp;&nbsp;&nbsp;&nbsp;&nbsp;&nbsp;&nbsp;&nbsp;&nbsp;&nbsp;&nbsp;&nbsp;&nbsp;&nbsp;&nbsp;<\/p>\n<p><strong>Diligenciada por: <\/strong>Paula Andrea Salamanca Hern\u00e1ndez<\/p>\n<p><strong>INFORMACI\u00d3N BIBLIOGR\u00c1FICA<\/strong><\/p>\n<p><strong>Peri\u00f3dico: <\/strong>El Colombiano<\/p>\n<p><strong>Lugar de edici\u00f3n: <\/strong>Medell\u00edn<\/p>\n<p><strong>Autor personal: <\/strong><\/p>\n<p><strong>Autor corporativo: <\/strong><\/p>\n<p><strong>Fecha: <\/strong>1988 abril 12<\/p>\n<p><strong>P\u00e1gina: <\/strong>15B<\/p>\n<p><strong>Secci\u00f3n:<\/strong> Seguridad&nbsp;<\/p>\n<p><strong>Titular: <\/strong>Dentro de una salsamentar\u00eda, asesinado odont\u00f3logo de la U. de A.<\/p>\n<p><strong>Resumen: \u201c<\/strong>Un nuevo caso de violencia sacudi\u00f3 ayer a las 8.15 de la ma\u00f1ana a la capital antioque\u00f1a cuando un pistolero acribillo a bala a un odont\u00f3logo en el interior de la salsamentaria Espa\u00f1a, localizada en la calle 64 al cruce con la carrera 53. La v\u00edctima respond\u00eda al nombre de Jorge Alberto Morales Cardona, de 40 a\u00f1os de edad, profesor en la Universidad de Antioquia. En el mismo caso resultaron lesionados sus compa\u00f1eros Gabriel Emilio Espinal Botero y Yezid Ebelto T\u00e9llez Abreo, tambi\u00e9n odont\u00f3logos y dedicados a la docencia en la misma facultad.\u201d<\/p>\n<p>Como ocurri\u00f3, \u201cDe acuerdo con versiones obtenidas en el lugar de los acontecimientos, el citado profesional hab\u00eda salido hac\u00eda pocos minutos de la Facultad en compa\u00f1\u00eda de otros colegas luego de haber dictado una de las primeras clases; se dirigieron a la citada salsamentaria, con el \u00e1nimo de ingerir un caf\u00e9. Para el efecto ocuparon la silleter\u00eda de una de las mesas. Luego en forma repentina irrumpi\u00f3 el asesino y de inmediato dispar\u00f3 repetidamente sobre los cuerpos de los profesores y en cuesti\u00f3n de segundos abandon\u00f3 el establecimiento, sin que fuera detenido ni mucho menos se hubiesen captado sus rasgos fision\u00f3micos, dada la rapidez con que cometi\u00f3 el atentado.&nbsp; A los pocos minutos se hicieron presentes representantes de organismos secretos de la Polic\u00eda, quienes abocaron las primeras investigaciones en el propio lugar de los hechos. Seg\u00fan testigos ocasionales, el criminal subi\u00f3 por la calle 64 hasta la carrera 52, donde lo esperaba un compa\u00f1ero que guiaba una motocicleta, para desaparecer r\u00e1pidamente del contorno\u201d<\/p>\n<p>Los heridos fueron trasladados a la Policl\u00ednica Municipal, donde se brindaron atenciones de urgencia, aunque Morales Garc\u00eda hab\u00eda fallecido en el transcurso del camino por una herida en el coraz\u00f3n. Los otros dos profesores sufrieron lesiones no graves siendo T\u00e9llez Abreo trasladado a la cl\u00ednica El Rosario. \u201cfuncionarios del Permanente de Los Libertadores cumplieron a las 9.45 de la ma\u00f1ana en ese centro las diligencias del levantamiento de los despojos de Morales Cardona.\u201d \u201cPosteriormente los mismos funcionarios recibieron declaraciones instructivas a los heridos, las que pasaron a jueces especiales, quienes se encargaran de continuar las investigaciones\u2026 por el hecho no hay detenidos.\u201d<\/p>\n<p>Versiones infundadas por personas que, posteriormente fueron desvirtuadas \u201c\u2026que la acci\u00f3n de los sicarios hab\u00eda sido perpetrada en el propio interior de la Facultad de Odontolog\u00eda e indicaban que varios eran los profesionales muertos, cuyos cuerpos yac\u00edan en el s\u00f3tano de las instalaciones, lo que obviamente cre\u00f3 p\u00e1nico entre las autoridades y el p\u00fablico que se hab\u00eda enterado de la noticia.\u201d \u201cEn el sector, la presencia de curiosos se hizo notoria y grupos de universitarios no sal\u00edan del asombro por lo acontecido en cuesti\u00f3n de segundos.\u201d<\/p>\n<p>Autoridades como el gobernador Fernando Panesso Serna, los estamentos universitarios, las diferentes asociaciones y profesionales de la salud y la ciudadan\u00eda en general, expresaron su repudio por este nuevo episodio \u201c\u2026 cometido por sujetos que, al juzgar por una llamada recibida en este diario, hacen parte del Grupo Medell\u00edn Extrema Derecha.\u201d<\/p>\n<p><strong>Im\u00e1genes: <\/strong>(IMA_C019), que describe en el pie de foto \u201cLocal que ocupa la salsamentaria Espa\u00f1a propiedad de Sigifredo Ocampo, localizada al frente de la Facultad de Odontolog\u00eda, donde ayer en la ma\u00f1ana incursion\u00f3 un sicario, quien ultim\u00f3 a un odont\u00f3logo de dicha dependencia de la Universidad de Antioquia.\u201d<\/p>\n<p><strong>Archivos de Registro: <\/strong>REG_C019<\/p>\n<p><strong>INFORMACI\u00d3N ANAL\u00cdTICA<\/strong><\/p>\n<p><strong>Contexto de la noticia: <\/strong>guerra entre el Cartel de Cali y el Cartel de Medell\u00edn, exterminio de la UP, Masacre La Mejor Esquina (C\u00f3rdoba), Recrudecimiento del conflicto paramilitar y guerrillero, Masacre de Turbo, Recrudecimiento del conflicto paramilitar, Grupo Medell\u00edn Extrema Derecha, Masacre de Punta Coquitos, Guerra Ir\u00e1n \u2013 Iraq<\/p>\n<p><strong>Palabras clave: Acciones violentas, <\/strong>Asesinato selectivo, Profesor, Morales Cardona Jorge Alberto, Facultad de Odontolog\u00eda, Grupo Medell\u00edn Extrema Derecha<\/p>\n<p><strong>Sugerencia de palabras claves: <\/strong><\/p>\n<p><strong>Observaciones: <\/strong><\/p>\n<p><strong>Fecha de diligenciamiento:<\/strong> 1 diciembre 2018<\/p>\n<h1 style=\"text-align: center;\">***<\/h1>\n<p><strong>N\u00famero de ficha<\/strong>: C-020&nbsp;&nbsp;&nbsp;&nbsp;&nbsp;&nbsp;&nbsp;&nbsp;&nbsp;&nbsp;&nbsp;&nbsp;&nbsp;&nbsp;&nbsp;&nbsp;&nbsp;&nbsp;&nbsp;&nbsp;&nbsp;&nbsp;&nbsp;&nbsp;&nbsp;&nbsp;&nbsp;&nbsp;&nbsp;&nbsp;&nbsp;&nbsp;&nbsp;&nbsp;&nbsp;&nbsp;&nbsp;&nbsp;&nbsp;&nbsp;&nbsp;&nbsp;&nbsp;&nbsp;&nbsp;&nbsp;&nbsp;&nbsp;&nbsp;&nbsp;&nbsp;&nbsp;&nbsp;<\/p>\n<p><strong>Diligenciada por:<\/strong> Paula Andrea Salamanca Hern\u00e1ndez<\/p>\n<p><strong>INFORMACI\u00d3N BIBLIOGR\u00c1FICA<\/strong><\/p>\n<p><strong>Peri\u00f3dico: <\/strong>El Colombiano<\/p>\n<p><strong>Lugar de edici\u00f3n: <\/strong>Medell\u00edn<\/p>\n<p><strong>Autor personal: <\/strong><\/p>\n<p><strong>Autor corporativo: <\/strong>Universidad de Antioquia<\/p>\n<p><strong>Fecha: <\/strong>1988 abril 12<\/p>\n<p><strong>P\u00e1gina: <\/strong>17B<\/p>\n<p><strong>Secci\u00f3n:<\/strong> Generales<\/p>\n<p><strong>Titular: <\/strong>Por asesinato de profesor, Tres d\u00edas de duelo en la Universidad de Antioquia<\/p>\n<p><strong>Resumen: <\/strong>&nbsp;Resoluci\u00f3n acad\u00e9mica 753 de abril 11 de 1988, por la cual se lamenta la muerte de un docente y se repudia atentado<\/p>\n<ol>\n<li>Que en la ma\u00f1ana de hoy fue sorprendida la comunidad universitaria con un nuevo hecho de violencia ocurrido en la Facultad de Odontolog\u00eda<\/li>\n<li>Que como consecuencia del atentado muri\u00f3 el doctor Jorge Alberto Morales Cardona y sufrieron lesiones los doctores Yesid Alberto T\u00e9llez Abreo y Gabriel Emilio Espinal Botero.<\/li>\n<li>Que tan doloroso acontecimiento enluta no s\u00f3lo a la Familia de Odontolog\u00eda sino a toda la instituci\u00f3n que aspiran a la pronta normalizaci\u00f3n de las labores docentes.<\/li>\n<\/ol>\n<p>Resuelve:<\/p>\n<p>Art\u00edculo primero: lamentar profundamente la muerte del doctor Jorge Alberto Morales Cardona de la Facultad de Odontolog\u00eda<\/p>\n<p>Art\u00edculo segundo: decretar a partir de la fecha tres d\u00edas de duelo como forma de expresar el sentimiento de dolor por su muerte<\/p>\n<p>Art\u00edculo tercero: solidarizarse con el dolor que embarga a la familia del doctor Morales Cardona.<\/p>\n<p>Art\u00edculo quinto: reclamar de la sociedad toda la p\u00fablica censura por los hechos tan atroces y exhortarla para que efectivamente se solidarice con la comunidad universitaria.<\/p>\n<p><em>Dada en Medell\u00edn, a los 11 d\u00edas del mes de abril de 1988<\/em><\/p>\n<p><em>El presidente, Eduardo Cano Gaviria<\/em><\/p>\n<p><em>El secretario, Gustavo Adolfo Caballero Montejo<\/em><\/p>\n<p><strong>Im\u00e1genes: <\/strong>N\/A<\/p>\n<p><strong>Archivos de Registro: <\/strong>REG_C020<\/p>\n<p><strong>INFORMACI\u00d3N ANAL\u00cdTICA<\/strong><\/p>\n<p><strong>Contexto de la noticia: <\/strong>guerra entre el Cartel de Cali y el Cartel de Medell\u00edn, exterminio de la UP, Masacre La Mejor Esquina (C\u00f3rdoba), Recrudecimiento del conflicto paramilitar y guerrillero, Masacre de Turbo, Recrudecimiento del conflicto paramilitar, Asaltos bancarios EPL, Grupo Medell\u00edn Extrema Derecha, Masacre de Punta Coquitos, Guerra Ir\u00e1n \u2013 Iraq&nbsp;<\/p>\n<p><strong>Palabras clave: <\/strong>Acciones de resistencia, Comunicados, Rector\u00eda Cano Eduardo, Consejo Acad\u00e9mico, Asesinato selectivo, Morales Cardona Jorge Alberto<\/p>\n<p><strong>Sugerencia de palabras claves: <\/strong><\/p>\n<p><strong>Observaciones: <\/strong><\/p>\n<p><strong>Fecha de diligenciamiento: <\/strong>1 diciembre 2018<\/p>\n<h1 style=\"text-align: center;\">***<\/h1>\n<p><strong>N\u00famero de ficha<\/strong>: C-021&nbsp;&nbsp;&nbsp;&nbsp;&nbsp;&nbsp;&nbsp;&nbsp;&nbsp;&nbsp;&nbsp;&nbsp;&nbsp;&nbsp;&nbsp;&nbsp;&nbsp;&nbsp;&nbsp;&nbsp;&nbsp;&nbsp;&nbsp;&nbsp;&nbsp;&nbsp;&nbsp;&nbsp;&nbsp;&nbsp;&nbsp;&nbsp;&nbsp;&nbsp;&nbsp;&nbsp;&nbsp;&nbsp;&nbsp;&nbsp;&nbsp;&nbsp;&nbsp;&nbsp;&nbsp;&nbsp;&nbsp;&nbsp;&nbsp;&nbsp;&nbsp;&nbsp;&nbsp;<\/p>\n<p><strong>Diligenciada por: <\/strong>Paula Andrea Salamanca Hern\u00e1ndez<\/p>\n<p><strong>INFORMACI\u00d3N BIBLIOGR\u00c1FICA<\/strong><\/p>\n<p><strong>Peri\u00f3dico: <\/strong>El Colombiano<\/p>\n<p><strong>Lugar de edici\u00f3n: <\/strong>Medell\u00edn<\/p>\n<p><strong>Autor personal: <\/strong><\/p>\n<p><strong>Autor corporativo: <\/strong>Universidad de Antioquia<\/p>\n<p><strong>Fecha: <\/strong>1988 abril 13<\/p>\n<p><strong>P\u00e1gina: <\/strong>14A<\/p>\n<p><strong>Secci\u00f3n:<\/strong> Generales<\/p>\n<p><strong>Titular: <\/strong>Fue un cobarde acto de barbarie asesinato de profesor de la U. de A.<\/p>\n<p><strong>Resumen: <\/strong>despu\u00e9s de reunirse de forma extraordinaria, el Consejo Superior Universitario a causa de los \u00faltimos hechos de violencia contra miembros de la instituci\u00f3n, expidi\u00f3 una resoluci\u00f3n.<\/p>\n<p>Resoluci\u00f3n Superior 741 del abril 12 de 1988 por la cual se lamenta la muerte de un profesor y se rechazan actos terroristas contra la Universidad de Antioquia, el Consejo Superior de la Universidad de Antioquia en uso de sus atribuciones legales y estatutarias y considerando:<\/p>\n<ol>\n<li>Que ayer 11 de abril nuevamente se atent\u00f3 contra nuestra Alma Mater cuando se caus\u00f3 la muerte del doctor Jorge Alberto Morales Cardona y se lesion\u00f3 de gravedad a los doctores Yezid Alberto T\u00e9llez Abreo y Gabriel Emilio Espinal Botero, profesores de la Facultad de Odontolog\u00eda.<\/li>\n<li>Que estos actos terroristas lesionan la integridad de la instituci\u00f3n y de todos los miembros de la comunidad universitaria y obstaculizan el desarrollo normal de sus actividades.<\/li>\n<li>Que es deber universitario pronunciarse ante lamentables acontecimientos que enlutan la vida del claustro.<\/li>\n<\/ol>\n<p>Resuelve:<\/p>\n<p>Art\u00edculo primero: expresar el sentimiento de pesar de la Universidad por la muerte del doctor Jorge Alberto Morales Cardona y las graves lesiones ocasionadas a los doctores Yezid Alberto T\u00e9llez Abreo y Gabriel Emilio Espinal Botero, profesores de la Facultad de Odontolog\u00eda<\/p>\n<p>Art\u00edculo segundo: rechazar en\u00e9rgica y p\u00fablicamente el absurdo y aleve atentado que hiere profundamente la vida de la instituci\u00f3n y de todos sus miembros.<\/p>\n<p>Art\u00edculo tercero: solidarizarse con el dolor de las familias de los docentes que han sido v\u00edctimas de este cobarde acto de barbarie.<\/p>\n<p><em>El presidente, Fernando Panesso Serna<\/em><\/p>\n<p><em>El secretario, Gustavo Adolfo Caballero Montejo <\/em><\/p>\n<p>Adem\u00e1s \u201cen una sobria y dolorosa ceremonia, fue enterrado el profesor\u2026 la inhumaci\u00f3n del cad\u00e1ver se realiz\u00f3 en Campos de Paz. El atentado criminal fue reivindicado por una agrupaci\u00f3n de extrema derecha.\u201d<\/p>\n<p><strong>Im\u00e1genes: <\/strong>(IMA_C021), que describe en el pie de foto \u201cAyer en medio del dolor de sus familiares y de la comunidad universitaria en general, fue enterrado el cad\u00e1ver del profesor de odontolog\u00eda, Jorge Alberto Morales Cardona, asesinado el martes por un sicario. El sepelio que se efectu\u00f3 en Campos de Paz, fue conmovedor. Rosas rojas y l\u00e1grimas cayeron sobre el f\u00e9retro. Las gr\u00e1ficas captan momentos dram\u00e1ticos de la inhumaci\u00f3n. El crimen fue repudiado por todos los estamentos de la sociedad, que se han solidarizado con el Alma Mater para que esta, pese a los dolorosos golpes que recibe, contin\u00fae adelante con sus metas fundamentales de impartir saber y conocimiento. \u2013 Fotos de Juan F. Castrill\u00f3n\u2013.\u201d<\/p>\n<p><strong>Archivos de Registro: <\/strong>REG_C021<\/p>\n<p><strong>INFORMACI\u00d3N ANAL\u00cdTICA<\/strong><\/p>\n<p><strong>Contexto de la noticia: <\/strong>guerra entre el Cartel de Cali y el Cartel de Medell\u00edn, exterminio de la UP, Masacre La Mejor Esquina (C\u00f3rdoba), Recrudecimiento del conflicto paramilitar y guerrillero, Masacre de Turbo, Recrudecimiento del conflicto paramilitar, Asaltos bancarios EPL, Grupo Medell\u00edn Extrema Derecha, Masacre de Punta Coquitos, Guerra Ir\u00e1n \u2013 Iraq<\/p>\n<p><strong>Palabras clave: <\/strong>Gobernador Panesso Fernando, Consejo Superior Universitario, Acciones de resistencia, Comunicados<\/p>\n<p><strong>Sugerencia de palabras claves: <\/strong><\/p>\n<p><strong>Observaciones: <\/strong><\/p>\n<p><strong>Fecha de diligenciamiento: <\/strong>1 diciembre 2018<\/p>\n<h1 style=\"text-align: center;\">***<\/h1>\n<p><strong>N\u00famero de ficha<\/strong>: C-022&nbsp;&nbsp;&nbsp;&nbsp;&nbsp;&nbsp;&nbsp;&nbsp;&nbsp;&nbsp;&nbsp;&nbsp;&nbsp;&nbsp;&nbsp;&nbsp;&nbsp;&nbsp;&nbsp;&nbsp;&nbsp;&nbsp;&nbsp;&nbsp;&nbsp;&nbsp;&nbsp;&nbsp;&nbsp;&nbsp;&nbsp;&nbsp;&nbsp;&nbsp;&nbsp;&nbsp;&nbsp;&nbsp;&nbsp;&nbsp;&nbsp;&nbsp;&nbsp;&nbsp;&nbsp;&nbsp;&nbsp;&nbsp;&nbsp;&nbsp;&nbsp;&nbsp;&nbsp;<\/p>\n<p><strong>Diligenciada por: <\/strong>Paula Andrea Salamanca Hern\u00e1ndez<\/p>\n<p><strong>INFORMACI\u00d3N BIBLIOGR\u00c1FICA<\/strong><\/p>\n<p><strong>Peri\u00f3dico: <\/strong>El Colombiano<\/p>\n<p><strong>Lugar de edici\u00f3n: <\/strong>Medell\u00edn<\/p>\n<p><strong>Autor personal: <\/strong>Reinaldo Spitaletta<\/p>\n<p><strong>Autor corporativo: <\/strong><\/p>\n<p><strong>Fecha: <\/strong>1988 abril 17<\/p>\n<p><strong>P\u00e1gina: <\/strong>3C<\/p>\n<p><strong>Secci\u00f3n:<\/strong> Educaci\u00f3n<\/p>\n<p><strong>Titular: <\/strong>Mineducaci\u00f3n ratifica reapertura de la U. de A. para el 2 de mayo<\/p>\n<p><strong>Resumen: <\/strong>\u201cEl ministro de Educaci\u00f3n, Antonio Yepes Parra, ratific\u00f3 para el dos de mayo pr\u00f3ximo la reapertura gradual de la Universidad de Antioquia, al tiempo que afirm\u00f3 que, si ha existido voluntad del gobierno, tanto nacional como departamental, para solucionar la crisis del principal centro de estudios superiores del departamento.\u201d Mientras que en la subsecci\u00f3n de la misma p\u00e1gina llamada <em>Pasteleando <\/em>se anuncia; \u201cEl denominado Comit\u00e9 Impulsor del Frente Com\u00fan por la Defensa de la Universidad de Antioquia convoc\u00f3 a todos los sectores sociales a participar en una jornada que tiene como fin el buscar la solidaridad de los mismos frente a la U. de A. Asimismo, organiza la \u201cJornada por la vida y la Universidad\u201d que se efectuar\u00e1 el pr\u00f3ximo 27 de abril en la calle Barranquilla, en las afueras del Alma Mater. Para el 3 de mayo se tiene prevista una asamblea estudiantil en el Teatro Camilo Torres de la Ciudad Universitaria. A estudiar llaman.\u201d<\/p>\n<p><strong>Im\u00e1genes: <\/strong>N\/A<\/p>\n<p><strong>Archivos de Registro: <\/strong>REG_C022<\/p>\n<p><strong>INFORMACI\u00d3N ANAL\u00cdTICA<\/strong><\/p>\n<p><strong>Contexto de la noticia: <\/strong>guerra entre el Cartel de Cali y el Cartel de Medell\u00edn, exterminio de la UP, Masacre La Mejor Esquina (C\u00f3rdoba), Recrudecimiento del conflicto paramilitar y guerrillero, Masacre de Turbo, Recrudecimiento del conflicto paramilitar, Asaltos bancarios EPL, Masacre de Punta Coquitos, Guerra Ir\u00e1n \u2013 Iraq<\/p>\n<p><strong>Palabras clave: <\/strong>Respuestas institucionales, Reapertura, Acciones de resistencia, Actividades culturales, Toma pac\u00edfica de lugares, Asamblea de estudiantes, Frente Com\u00fan por la Defensa de la U. de A.<\/p>\n<p><strong>Sugerencia de palabras claves: <\/strong><\/p>\n<p><strong>Observaciones: <\/strong><\/p>\n<p><strong>Fecha de diligenciamiento: <\/strong>1 diciembre 2018<\/p>\n<h1 style=\"text-align: center;\">***<\/h1>\n<p><strong>N\u00famero de ficha<\/strong>: C-023&nbsp;&nbsp;&nbsp;&nbsp;&nbsp;&nbsp;&nbsp;&nbsp;&nbsp;&nbsp;&nbsp;&nbsp;&nbsp;&nbsp;&nbsp;&nbsp;&nbsp;&nbsp;&nbsp;&nbsp;&nbsp;&nbsp;&nbsp;&nbsp;&nbsp;&nbsp;&nbsp;&nbsp;&nbsp;&nbsp;&nbsp;&nbsp;&nbsp;&nbsp;&nbsp;&nbsp;&nbsp;&nbsp;&nbsp;&nbsp;&nbsp;&nbsp;&nbsp;&nbsp;&nbsp;&nbsp;&nbsp;&nbsp;&nbsp;&nbsp;&nbsp;&nbsp;&nbsp;<\/p>\n<p><strong>Diligenciada por: <\/strong>Paula Andrea Salamanca Hern\u00e1ndez<\/p>\n<p><strong>INFORMACI\u00d3N BIBLIOGR\u00c1FICA<\/strong><\/p>\n<p><strong>Peri\u00f3dico: <\/strong>El Colombiano<\/p>\n<p><strong>Lugar de edici\u00f3n: <\/strong>Medell\u00edn<\/p>\n<p><strong>Autor personal: <\/strong>Carlos Mario G\u00f3mez J.<\/p>\n<p><strong>Autor corporativo: <\/strong>Colprensa \u2013 El colombiano<\/p>\n<p><strong>Fecha: <\/strong>1988 abril 27<\/p>\n<p><strong>P\u00e1gina: <\/strong>3A<\/p>\n<p><strong>Secci\u00f3n:<\/strong> Plana\/Tres<\/p>\n<p><strong>Titular: <\/strong>Frente \u201cLuis F. V\u00e9lez\u201d busca salida conjunta a crisis de la U. de A.<\/p>\n<p><strong>Resumen: <\/strong>voceros del Frente Com\u00fan \u201cLuis Fernando V\u00e9lez dijeron el d\u00eda anterior que esa agremiaci\u00f3n estaba constituida por el Sindicato de Trabajadores Oficiales de la Universidad de Antioquia, la Asociaci\u00f3n de Empleados No Docentes y estudiantes. Que uno de sus objetivos era trabajar en conjunto para buscar una salida a la problem\u00e1tica de la Universidad, rechazaron adem\u00e1s los actos violentos de los que ha sido v\u00edctima la comunidad docente y estudiantil y, la planta f\u00edsica de la Universidad. Lo anterior, se desarroll\u00f3 en una rueda prensa que se dio en la Biblioteca Central, con el fin de aclarar tambi\u00e9n, algunas pronunciaciones que hab\u00eda emitido el Consejo Superior sobre el mismo Frente; \u201ccondenamos los continuos cierres injustificados de la Universidad\u2026 y rechazamos la reapertura gradual que mantiene confundidos a la gran mayor\u00eda de estudiantes. Propendemos por el fortalecimiento de las organizaciones gremiales y en particular por la organizaci\u00f3n estudiantil.\u201d Manifestaron a la vez que el movimiento no es clandestino como lo intent\u00f3 decir el Consejo Superior y que su operaci\u00f3n hab\u00eda indicado desde marzo del mismo a\u00f1o.<\/p>\n<p>En lo que fuera la rueda de prensa que dio aquel frente, se present\u00f3 la hermana del profesor asesinado Luis Fernando V\u00e9lez, leyendo un comunicado en el que pidi\u00f3, no se utilizara el nombre de su hermano ya que \u201cesa era su voluntad antes de morir\u201d, \u201cun mes antes de ser asesinado, Luis Fernando, sab\u00eda que iba a morir y nos pidi\u00f3 que nunca dej\u00e1ramos utilizar su nombre en ning\u00fan movimiento.\u201d<\/p>\n<p>Apartes del comunicado: \u201cLa constituci\u00f3n de frentes de autodefensa no es la soluci\u00f3n para los graves momentos que vivimos. El mismo Luis Fernando hubiera sido el primero en rechazar agrupaciones de este tipo, seg\u00fan los principios que \u00e9l predic\u00f3, el cambio s\u00f3lo puede darse cuando todos los individuos tomemos conciencia de que somos art\u00edfices de la paz, del respeto por los derechos humanos y rodeemos en acto solidario a nuestras instituciones. El nombre Luis Fernando, cuya vida estuvo dedicada a testimoniar el legado de sus mayores, basado en las ense\u00f1anzas evang\u00e9licas y con el respeto por las autoridades leg\u00edtimamente constituidas, no puede verse ligado a movimiento de autodefensa. Reconocemos y agradecemos la solidaridad de todos los estamentos de la Universidad que sean unido a nuestro dolor por el infame asesinato de Luis Fernando y pensamos que su nombre no debe estar ligado a ning\u00fan movimiento constituido por fuera del marco institucional universitario.\u201d<\/p>\n<p><strong>Im\u00e1genes: <\/strong>N\/A<\/p>\n<p><strong>Archivos de Registro: <\/strong>REG_C023<\/p>\n<p><strong>INFORMACI\u00d3N ANAL\u00cdTICA<\/strong><\/p>\n<p><strong>Contexto de la noticia: <\/strong>guerra entre el Cartel de Cali y el Cartel de Medell\u00edn, exterminio de la UP, Masacre La Mejor Esquina (C\u00f3rdoba), Masacre de Turbo, Recrudecimiento del conflicto paramilitar, Asaltos bancarios EPL, Masacre de Punta Coquitos, Recrudecimiento del conflicto armado, Violencia pol\u00edtica, Masacre en Cesar, Guerra Ir\u00e1n \u2013 Iraq&nbsp;<\/p>\n<p><strong>Palabras clave: <\/strong>Acciones de resistencia, Declaraciones, Sindicatos, Sindicato de Trabajadores Oficiales de la Universidad de Antioquia Frente Luis F. V\u00e9lez, Consejo Superior Universitario, Asociaci\u00f3n de Empleados No Docentes<\/p>\n<p><strong>Sugerencia de palabras claves: <\/strong><\/p>\n<p><strong>Observaciones: <\/strong><\/p>\n<p><strong>Fecha de diligenciamiento: <\/strong>1 diciembre 2018<\/p>\n<h1 style=\"text-align: center;\">***<\/h1>\n<p><strong>N\u00famero de ficha<\/strong>: C-024&nbsp;&nbsp;&nbsp;&nbsp;&nbsp;&nbsp;&nbsp;&nbsp;&nbsp;&nbsp;&nbsp;&nbsp;&nbsp;&nbsp;&nbsp;&nbsp;&nbsp;&nbsp;&nbsp;&nbsp;&nbsp;&nbsp;&nbsp;&nbsp;&nbsp;&nbsp;&nbsp;&nbsp;&nbsp;&nbsp;&nbsp;&nbsp;&nbsp;&nbsp;&nbsp;&nbsp;&nbsp;&nbsp;&nbsp;&nbsp;&nbsp;&nbsp;&nbsp;&nbsp;&nbsp;&nbsp;&nbsp;&nbsp;&nbsp;&nbsp;&nbsp;&nbsp;&nbsp;<\/p>\n<p><strong>Diligenciada por: <\/strong>Paula Andrea Salamanca Hern\u00e1ndez<\/p>\n<p><strong>INFORMACI\u00d3N BIBLIOGR\u00c1FICA<\/strong><\/p>\n<p><strong>Peri\u00f3dico: <\/strong>El Colombiano<\/p>\n<p><strong>Lugar de edici\u00f3n: <\/strong>Medell\u00edn<\/p>\n<p><strong>Autor personal:<\/strong><\/p>\n<p><strong>Autor corporativo: <\/strong><\/p>\n<p><strong>Fecha: <\/strong>1988 abril 30<\/p>\n<p><strong>P\u00e1gina: <\/strong>2A<\/p>\n<p><strong>Secci\u00f3n:<\/strong> Hoy\/S\u00e1bado<\/p>\n<p><strong>Titular: <\/strong>Aceptada renuncia al rector de la Universidad de Antioquia<\/p>\n<p><strong>Resumen: <\/strong>se acepta la renuncia del rector de la Universidad Cano Gaviria, en reemplazo llegar\u00eda Luis Carlos Mu\u00f1oz, quien ocupaba un cargo en el Ministerio de Educaci\u00f3n en ese momento; Mu\u00f1oz ya hab\u00eda sido rector por el a\u00f1o de 1979 en la Universidad. Su nombramiento se hizo el 29 de abril de 1988.<\/p>\n<p><strong>Im\u00e1genes: <\/strong>N\/A<\/p>\n<p><strong>Archivos de Registro: <\/strong>REG_C024<\/p>\n<p><strong>INFORMACI\u00d3N ANAL\u00cdTICA<\/strong><\/p>\n<p><strong>Contexto de la noticia: <\/strong>guerra entre el Cartel de Cali y el Cartel de Medell\u00edn, exterminio de la UP, Masacre La Mejor Esquina (C\u00f3rdoba), Masacre de Turbo, Recrudecimiento del conflicto paramilitar, Asaltos bancarios EPL, Masacre de Punta Coquitos, Recrudecimiento del conflicto armado, Violencia pol\u00edtica, Masacre en Cesar, Guerra Ir\u00e1n \u2013 Iraq&nbsp;<\/p>\n<p><strong>Palabras clave: <\/strong>Rector Mu\u00f1oz Luis<\/p>\n<p><strong>Sugerencia de palabras claves:<\/strong><\/p>\n<p><strong>Observaciones: <\/strong><\/p>\n<p><strong>Fecha de diligenciamiento<\/strong>: 1 diciembre 2018<\/p>\n<h1 style=\"text-align: center;\">***<\/h1>\n<p><strong>N\u00famero de ficha<\/strong>: C-025&nbsp;&nbsp;&nbsp;&nbsp;&nbsp;&nbsp;&nbsp;&nbsp;&nbsp;&nbsp;&nbsp;&nbsp;&nbsp;&nbsp;&nbsp;&nbsp;&nbsp;&nbsp;&nbsp;&nbsp;&nbsp;&nbsp;&nbsp;&nbsp;&nbsp;&nbsp;&nbsp;&nbsp;&nbsp;&nbsp;&nbsp;&nbsp;&nbsp;&nbsp;&nbsp;&nbsp;&nbsp;&nbsp;&nbsp;&nbsp;&nbsp;&nbsp;&nbsp;&nbsp;&nbsp;&nbsp;&nbsp;&nbsp;&nbsp;&nbsp;&nbsp;&nbsp;&nbsp;<\/p>\n<p><strong>Diligenciada por: <\/strong>Paula Andrea Salamanca Hern\u00e1ndez<\/p>\n<p><strong>INFORMACI\u00d3N BIBLIOGR\u00c1FICA<\/strong><\/p>\n<p><strong>Peri\u00f3dico: <\/strong>El Colombiano<\/p>\n<p><strong>Lugar de edici\u00f3n: <\/strong>Medell\u00edn<\/p>\n<p><strong>Autor personal:<\/strong><\/p>\n<p><strong>Autor corporativo: <\/strong><\/p>\n<p><strong>Fecha: <\/strong>1988 mayo 10<\/p>\n<p><strong>P\u00e1gina: <\/strong>2A<\/p>\n<p><strong>Secci\u00f3n:<\/strong> Generales<\/p>\n<p><strong>Titular: <\/strong>Normalidad al reanudar plenas labores en la Universidad de Antioquia<\/p>\n<p><strong>Resumen: <\/strong>\u201cLa Universidad de Antioquia volvi\u00f3 a llenarse ayer de estudiantes, debido a la reapertura total del principal centro de estudios superiores del departamento que, al reanudar labores acad\u00e9micas report\u00f3 absoluta normalidad en su primer d\u00eda de funcionamiento pleno\u201d. A pesar de que se report\u00f3 normalidad, en las \u201choras de la ma\u00f1ana, fueron dejados all\u00ed por un comando del autodenominado Ej\u00e9rcito de Liberaci\u00f3n Nacional, tres personas que el grupo subversivo hab\u00eda secuestrado. En el Bloque Administrativo los liberados concedieron una rueda de prensa, no hubo ning\u00fan incidente.\u201d<\/p>\n<p><strong>Im\u00e1genes: <\/strong>N\/A<\/p>\n<p><strong>Archivos de Registro: <\/strong>REG_C025<\/p>\n<p><strong>INFORMACI\u00d3N ANAL\u00cdTICA<\/strong><\/p>\n<p><strong>Contexto de la noticia: <\/strong>guerra entre el Cartel de Cali y el Cartel de Medell\u00edn, exterminio de la UP, Recrudecimiento del conflicto paramilitar, Asaltos bancarios EPL, Recrudecimiento del conflicto armado, Violencia pol\u00edtica, Guerra Ir\u00e1n \u2013 Iraq, Nuevo rector U. de A., Elecciones presidenciales en Francia,<\/p>\n<p><strong>Palabras clave: <\/strong>Acciones violentas, Secuestro, ELN, Acciones de resistencia, Declaraciones, Respuestas institucionales, Reapertura<\/p>\n<p><strong>Sugerencia de palabras claves: <\/strong><\/p>\n<p><strong>Observaciones: <\/strong>en la noticia se habla de una rueda de prensa que los liberados habr\u00edan dado en el Bloque Administrativo, sin embargo, de esta no se mencionan apartes ni otro tipo de informaci\u00f3n.<\/p>\n<p><strong>Fecha de diligenciamiento: <\/strong>1 diciembre 2018<\/p>\n<h1 style=\"text-align: center;\">***<\/h1>\n<p><strong>N\u00famero de ficha<\/strong>: C-026&nbsp;&nbsp;&nbsp;&nbsp;&nbsp;&nbsp;&nbsp;&nbsp;&nbsp;&nbsp;&nbsp;&nbsp;&nbsp;&nbsp;&nbsp;&nbsp;&nbsp;&nbsp;&nbsp;&nbsp;&nbsp;&nbsp;&nbsp;&nbsp;&nbsp;&nbsp;&nbsp;&nbsp;&nbsp;&nbsp;&nbsp;&nbsp;&nbsp;&nbsp;&nbsp;&nbsp;&nbsp;&nbsp;&nbsp;&nbsp;&nbsp;&nbsp;&nbsp;&nbsp;&nbsp;&nbsp;&nbsp;&nbsp;&nbsp;&nbsp;&nbsp;&nbsp;&nbsp;<\/p>\n<p><strong>Diligenciada por: <\/strong>Paula Andrea Salamanca Hern\u00e1ndez<\/p>\n<p><strong>INFORMACI\u00d3N BIBLIOGR\u00c1FICA<\/strong><\/p>\n<p><strong>Peri\u00f3dico: <\/strong>El Colombiano<\/p>\n<p><strong>Lugar de edici\u00f3n: <\/strong>Medell\u00edn<\/p>\n<p><strong>Autor personal:<\/strong><\/p>\n<p><strong>Autor corporativo: <\/strong><\/p>\n<p><strong>Fecha: <\/strong>1988 mayo 14<\/p>\n<p><strong>P\u00e1gina: <\/strong>9A<\/p>\n<p><strong>Secci\u00f3n:<\/strong> Generales<\/p>\n<p><strong>Titular: <\/strong>Luis Javier Arroyave, nuevo rector de la Universidad de Antioquia<\/p>\n<p><strong>Resumen: <\/strong>\u201cEl gobierno departamental design\u00f3 ayer como nuevo rector en propiedad de la Universidad de Antioquia, al m\u00e9dico veterinario Luis Javier Arroyave Morales, quien ven\u00eda desempe\u00f1\u00e1ndose como vicerrector general encargado\u201d, quien se encargaba de rector interino Luis Carlos Mu\u00f1oz se reintegrar\u00e1 a su cargo en el Ministerio de Educaci\u00f3n.&nbsp; En su proyecci\u00f3n sobre la Universidad el nuevo rector dijo que se continuar\u00e1 el proceso de reforma.&nbsp;<\/p>\n<p><strong>Im\u00e1genes: <\/strong>N\/A<\/p>\n<p><strong>Archivos de Registro: <\/strong>REG_C026<\/p>\n<p><strong>INFORMACI\u00d3N ANAL\u00cdTICA<\/strong><\/p>\n<p><strong>Contexto de la noticia: <\/strong>guerra entre el Cartel de Cali y el Cartel de Medell\u00edn, exterminio de la UP, Recrudecimiento del conflicto paramilitar, Asaltos bancarios EPL, Recrudecimiento del conflicto armado, Violencia pol\u00edtica, Guerra Ir\u00e1n \u2013 Iraq&nbsp;<\/p>\n<p><strong>Palabras clave: <\/strong>Respuestas institucionales, Reforma universitaria, Rector\u00eda Arroyave Luis<\/p>\n<p><strong>Sugerencia de palabras claves: <\/strong><\/p>\n<p><strong>Observaciones: <\/strong><\/p>\n<p><strong>Fecha de diligenciamiento: <\/strong>3 diciembre 2018<\/p>\n<h1 style=\"text-align: center;\">***<\/h1>\n<p><strong>N\u00famero de ficha<\/strong>: C-027&nbsp;&nbsp;&nbsp;&nbsp;&nbsp;&nbsp;&nbsp;&nbsp;&nbsp;&nbsp;&nbsp;&nbsp;&nbsp;&nbsp;&nbsp;&nbsp;&nbsp;&nbsp;&nbsp;&nbsp;&nbsp;&nbsp;&nbsp;&nbsp;&nbsp;&nbsp;&nbsp;&nbsp;&nbsp;&nbsp;&nbsp;&nbsp;&nbsp;&nbsp;&nbsp;&nbsp;&nbsp;&nbsp;&nbsp;&nbsp;&nbsp;&nbsp;&nbsp;&nbsp;&nbsp;&nbsp;&nbsp;&nbsp;&nbsp;&nbsp;&nbsp;&nbsp;&nbsp;<\/p>\n<p><strong>Diligenciada por: <\/strong>Paula Andrea Salamanca Hern\u00e1ndez<\/p>\n<p><strong>INFORMACI\u00d3N BIBLIOGR\u00c1FICA<\/strong><\/p>\n<p><strong>Peri\u00f3dico: <\/strong>El Colombiano<\/p>\n<p><strong>Lugar de edici\u00f3n: <\/strong>Medell\u00edn<\/p>\n<p><strong>Autor personal:<\/strong><\/p>\n<p><strong>Autor corporativo: <\/strong>Universidad de Antioquia<\/p>\n<p><strong>Fecha: <\/strong>1988 mayo 14<\/p>\n<p><strong>P\u00e1gina: <\/strong>9A<\/p>\n<p><strong>Secci\u00f3n:<\/strong> Generales<\/p>\n<p><strong>Titular: <\/strong>La U. de A. no ser\u00e1 cuartel ni campo de batalla: profesores<\/p>\n<p><strong>Resumen: <\/strong>Los docentes rechazan a trav\u00e9s de un comunicado, pronunciamiento y acto del ELN en el que fueron liberados en la Universidad; el c\u00f3nsul alem\u00e1n de Medell\u00edn, un periodista y un camar\u00f3grafo de TV.<\/p>\n<p>\u201cCOMUNICADO A LA OPINI\u00d3N P\u00d9BLICA Y A LA COMUNIDAD UNIVERSITARIA FRENTE A LOS HECHOS DEL LUNES 9 DE MAYO<\/p>\n<p>Luego del pronunciamiento hecho por el Ej\u00e9rcito de Liberaci\u00f3n Nacional -ELN- al culminar lo que llamaron \u201cOperaci\u00f3n Vida y Soberan\u00eda Manuel Gustavo Chac\u00f3n\u201d, nosotros, profesores de la Universidad de Antioquia, no podemos simplemente callar y dejar que el episodio se olvide; menos a\u00fan, cuando ser\u00eda imprudente pretender ignorar el compromiso que en dicho pronunciamiento se promulga.<\/p>\n<p>Asumiendo que la Universidad de Antioquia, como universidad y como publica que es, constituye uno de los \u00faltimos reductos en el pa\u00eds donde, internamente, a nadie se persigue por pensar y expresar libremente sus ideas; recalcando que la Universidad es por esencia y naturaleza deliberante y cr\u00edtica; y, dando por sentado que existe deseo sincero de defenderla, es deber nuestro expresar lo que pensamos sobre dicha actuaci\u00f3n en la Ciudad Universitaria el pasado lunes y sobre el pronunciamiento del mismo d\u00eda.<\/p>\n<p>La Universidad de Antioquia es, acorde con ese mismo pronunciamiento, \u201cespacio de la Academia, la Cultura y a Intelectualidad\u201d; m\u00e1s a\u00fan, es una instituci\u00f3n de educaci\u00f3n superior que brinda y garantiza a todos igual oportunidad, constituyendo, como universidad p\u00fablica, la \u00fanica alternativa de capacitaci\u00f3n profesional de las clases medias y bajas en Colombia. Lograr que la Universidad sobreviva y cumpla su misi\u00f3n social cada m\u00e1s fruct\u00edferamente, es tarea en la que hemos empe\u00f1ado nuestros esfuerzos, a pesar de las inevitables contradicciones internas, de las estrecheces presupuestales y embates clientelistas a las que la somete el gobierno, de las amenazas, atentados y asesinatos sufridos por muchos de sus miembros, y de actuaciones como la del ELN, que utilizan la Universidad con fines no acad\u00e9micos, prevalidos y la autoridad que les brindan unas armas, que no han encontrado, ni encontraran en la universidad, resistencia armada alguna.<\/p>\n<p>Si la Universidad va a sobrevivir, no ser\u00e1 convirti\u00e9ndose en cuartel o campo de batalla -situaci\u00f3n a la que se le pretende empujar-, ni ser\u00e1 tampoco matricul\u00e1ndose en uno cualquiera de los bandos en contienda, porque dejar\u00eda de ser Universidad para devenir vergonzosamente en cuartel, donde el adoctrinamiento reemplaza a la cr\u00edtica y a la b\u00fasqueda del conocimiento.<\/p>\n<p>En una guerra irregular generalizada y sin reglas humanitarias, como la que viene desangrando al pa\u00eds, la Universidad p\u00fablica ha de ser conservadora para que lleve a los colombianos, con la educaci\u00f3n, la investigaci\u00f3n y los servicios docentes asistenciales, una esperanza cierta para el futuro, una soluci\u00f3n a los problemas y un paliativo al abandono y al acoso. Nos encontrar\u00e1n entonces junto a los estudiantes, ense\u00f1ando, investigando y asistiendo a quien lo solicite, sin considerar credo pol\u00edtico, religi\u00f3n, raza, sexo o extracci\u00f3n de clase, de aquel que demande el servicio de la Universidad, que ha sido e insiste en seguir siendo patrimonio de todos.<\/p>\n<p>No queremos, no necesitamos, no aceptamos y no agradecemos las armas de ninguno de los bandos de contienda.\u201d<\/p>\n<p><em>Profesores Universidad de Antioquia<\/em><\/p>\n<p><em>Medell\u00edn, mayo 12 de 1988<\/em><\/p>\n<p><strong>Im\u00e1genes: <\/strong>N\/A<\/p>\n<p><strong>Archivos de Registro: <\/strong>REG_C027<\/p>\n<p><strong>INFORMACI\u00d3N ANAL\u00cdTICA<\/strong><\/p>\n<p><strong>Contexto de la noticia: <\/strong>guerra entre el Cartel de Cali y el Cartel de Medell\u00edn, exterminio de la UP, Recrudecimiento del conflicto paramilitar, Asaltos bancarios EPL, Recrudecimiento del conflicto armado, Violencia pol\u00edtica, Guerra Ir\u00e1n \u2013 Iraq, Nuevo Rector en la U. de A., Liberaci\u00f3n de secuestrados en la U. de A.<\/p>\n<p><strong>Palabras clave: <\/strong>Acciones de resistencia, Comunicados, Acciones contestatarias, Propaganda, Acciones violentas, Secuestro, ELN, Paradas militares, Asociaci\u00f3n de profesores<\/p>\n<p><strong>Sugerencia de palabras claves: <\/strong><\/p>\n<p><strong>Observaciones: <\/strong>en la noticia no se deja conocer el pronunciamiento del ELN y, tampoco de qu\u00e9 tratar\u00eda la \u201cOperaci\u00f3n Vida y Soberan\u00eda Manuel Gustavo Chac\u00f3n\u201d<\/p>\n<p><strong>Fecha de diligenciamiento: <\/strong>3 diciembre 2018<\/p>\n<h1 style=\"text-align: center;\">***<\/h1>\n<p><strong>N\u00famero de ficha<\/strong>: C-028&nbsp;&nbsp;&nbsp;&nbsp;&nbsp;&nbsp;&nbsp;&nbsp;&nbsp;&nbsp;&nbsp;&nbsp;&nbsp;&nbsp;&nbsp;&nbsp;&nbsp;&nbsp;&nbsp;&nbsp;&nbsp;&nbsp;&nbsp;&nbsp;&nbsp;&nbsp;&nbsp;&nbsp;&nbsp;&nbsp;&nbsp;&nbsp;&nbsp;&nbsp;&nbsp;&nbsp;&nbsp;&nbsp;&nbsp;&nbsp;&nbsp;&nbsp;&nbsp;&nbsp;&nbsp;&nbsp;&nbsp;&nbsp;&nbsp;&nbsp;&nbsp;&nbsp;&nbsp;<\/p>\n<p><strong>Diligenciada por: <\/strong>Paula Andrea Salamanca Hern\u00e1ndez<\/p>\n<p><strong>INFORMACI\u00d3N BIBLIOGR\u00c1FICA<\/strong><\/p>\n<p><strong>Peri\u00f3dico: <\/strong>El Colombiano<\/p>\n<p><strong>Lugar de edici\u00f3n: <\/strong>Medell\u00edn<\/p>\n<p><strong>Autor personal:<\/strong><\/p>\n<p><strong>Autor corporativo: <\/strong><\/p>\n<p><strong>Fecha: <\/strong>1988 junio 16<\/p>\n<p><strong>P\u00e1gina: <\/strong>8D<\/p>\n<p><strong>Secci\u00f3n:<\/strong> Seguridad<\/p>\n<p><strong>Titular: <\/strong>18 retenidos por ataque al Batall\u00f3n Militar<\/p>\n<p><strong>Resumen: <\/strong>\u201cEl comandante de la IV Brigada, brigadier general Jaime Ruiz Barrera, dijo ayer que 18 personas se encuentran retenidas en las instalaciones de esa unidad militar, luego de los operativos realizados por efectivos de esa guarnici\u00f3n tras ataque que presuntos miembros del EPL intentaron realizar all\u00ed.\u201d \u201cla intenci\u00f3n de los presuntos miembros del EPL era colocar aparatos explosivos a las instalaciones militares que funcionan en el barrio Buenos Aires. El saldo de baja fue de dos guerrilleros. \u201c\u2026 durante los operativos fueron capturadas 18 personas, entre ellas una que se dedicaba a tomar fotos de las instalaciones en el preciso momento que se produc\u00eda el asalto contra el batall\u00f3n de Polic\u00eda Militar Ciudad de Medell\u00edn, el martes hacia las cuatro y treinta minutos de la tarde.\u201d<\/p>\n<p>Estudiante de comunicaci\u00f3n social detenido en allanamiento, \u201c\u2026 familiares de un estudiante de la Facultad de Comunicaci\u00f3n Social de la Universidad de Antioquia, dijeron ayer que aquel, su padre y uno de sus hermanos fueron retenidos por una patrulla de la Polic\u00eda Militar que allan\u00f3 durante las horas de la noche su residencia, en el barrio La Milagrosa, en las cercan\u00edas del batall\u00f3n atacado.\u201d El estudiante de Nombre Alfonso L\u00f3pez Lizarazo, estaba matriculado en quinto semestre del pregrado de Comunicaci\u00f3n Social; su hermano Camilo estudiante de grado d\u00e9cimo del Liceo de la Universidad y el papa de los dos, Libardo L\u00f3pez. Los tres fueron retenidos por una patrulla militar y la familia denunci\u00f3 no reconocer su paradero final ni la raz\u00f3n por la cual fueron aprehendidos.&nbsp;<\/p>\n<p><strong>Im\u00e1genes: <\/strong>N\/A<\/p>\n<p><strong>Archivos de Registro: <\/strong>REG_C028<\/p>\n<p><strong>INFORMACI\u00d3N ANAL\u00cdTICA<\/strong><\/p>\n<p><strong>Contexto de la noticia: <\/strong>guerra entre Carteles del narcotr\u00e1fico, exterminio de la UP, Recrudecimiento del conflicto paramilitar, Asaltos bancarios EPL, Recrudecimiento del conflicto armado, Violencia pol\u00edtica, Guerra Ir\u00e1n \u2013 Iraq, Posesi\u00f3n de alcaldes, Masacre El Topacio (San Rafael Antioquia), Racha de violencia en San Rafael (Antioquia)<\/p>\n<p><strong>Palabras clave: <\/strong>Ej\u00e9rcito, Estudiante, Facultad de Comunicaci\u00f3n Social, Respuestas institucionales, Detenciones, Polic\u00eda<\/p>\n<p><strong>Sugerencia de palabras claves:<\/strong><\/p>\n<p><strong>Observaciones: <\/strong><\/p>\n<p><strong>Fecha de diligenciamiento: <\/strong>3 diciembre 2018<\/p>\n<h1 style=\"text-align: center;\">***<\/h1>\n<p><strong>N\u00famero de ficha<\/strong>: C-029&nbsp;&nbsp;&nbsp;&nbsp;&nbsp;&nbsp;&nbsp;&nbsp;&nbsp;&nbsp;&nbsp;&nbsp;&nbsp;&nbsp;&nbsp;&nbsp;&nbsp;&nbsp;&nbsp;&nbsp;&nbsp;&nbsp;&nbsp;&nbsp;&nbsp;&nbsp;&nbsp;&nbsp;&nbsp;&nbsp;&nbsp;&nbsp;&nbsp;&nbsp;&nbsp;&nbsp;&nbsp;&nbsp;&nbsp;&nbsp;&nbsp;&nbsp;&nbsp;&nbsp;&nbsp;&nbsp;&nbsp;&nbsp;&nbsp;&nbsp;&nbsp;&nbsp;&nbsp;<\/p>\n<p><strong>Diligenciada por: <\/strong>Paula Andrea Salamanca Hern\u00e1ndez<\/p>\n<p><strong>INFORMACI\u00d3N BIBLIOGR\u00c1FICA<\/strong><\/p>\n<p><strong>Peri\u00f3dico: <\/strong>El Colombiano<\/p>\n<p><strong>Lugar de edici\u00f3n: <\/strong>Medell\u00edn<\/p>\n<p><strong>Autor personal:<\/strong><\/p>\n<p><strong>Autor corporativo: <\/strong><\/p>\n<p><strong>Fecha: <\/strong>1988 junio 28<\/p>\n<p><strong>P\u00e1gina: <\/strong>17B<\/p>\n<p><strong>Secci\u00f3n:<\/strong> Seguridad<\/p>\n<p><strong>Titular: <\/strong>Estalla petardo en la U. de A.<\/p>\n<p><strong>Resumen: <\/strong>Un petardo de bajo poder explosivo deton\u00f3 en el interior de la Ciudad Universitaria, sin dejar heridos, pero s\u00ed da\u00f1os en muebles y muros de la Facultad de Ingenier\u00eda. Las actividades no cesaron pese a la explosi\u00f3n; \u201cpoco antes de las ocho de la ma\u00f1ana de ayer, cuando apenas iniciaban las actividades acad\u00e9micas de la universidad desconocidos colocaron e hicieron explotar un petardo\u201d.<\/p>\n<p><strong>Im\u00e1genes: <\/strong>N\/A<\/p>\n<p><strong>Archivos de Registro: <\/strong>REG_C029<\/p>\n<p><strong>INFORMACI\u00d3N ANAL\u00cdTICA<\/strong><\/p>\n<p><strong>Contexto de la noticia: <\/strong>guerra entre Carteles del narcotr\u00e1fico, exterminio de la UP, Recrudecimiento del conflicto paramilitar, Asaltos bancarios EPL, Recrudecimiento del conflicto armado, Violencia pol\u00edtica, Guerra Ir\u00e1n \u2013 Iraq, Posesi\u00f3n de alcaldes, Masacre El Topacio (San Rafael Antioquia), Racha de violencia en San Rafael (Antioquia)<\/p>\n<p><strong>Palabras clave: <\/strong>Acciones violentas, Da\u00f1o a bienes civiles, Atentado terrorista, Uso de petardos y explosivos, Actores no identificados<\/p>\n<p><strong>Sugerencia de palabras claves: <\/strong><\/p>\n<p><strong>Observaciones: <\/strong><\/p>\n<p><strong>Fecha de diligenciamiento: <\/strong>3 diciembre 2018<\/p>\n<h1 style=\"text-align: center;\">***<\/h1>\n<p><strong>N\u00famero de ficha<\/strong>: C-030&nbsp;&nbsp;&nbsp;&nbsp;&nbsp;&nbsp;&nbsp;&nbsp;&nbsp;&nbsp;&nbsp;&nbsp;&nbsp;&nbsp;&nbsp;&nbsp;&nbsp;&nbsp;&nbsp;&nbsp;&nbsp;&nbsp;&nbsp;&nbsp;&nbsp;&nbsp;&nbsp;&nbsp;&nbsp;&nbsp;&nbsp;&nbsp;&nbsp;&nbsp;&nbsp;&nbsp;&nbsp;&nbsp;&nbsp;&nbsp;&nbsp;&nbsp;&nbsp;&nbsp;&nbsp;&nbsp;&nbsp;&nbsp;&nbsp;&nbsp;&nbsp;&nbsp;&nbsp;<\/p>\n<p><strong>Diligenciada por: <\/strong>Paula Andrea Salamanca Hern\u00e1ndez<\/p>\n<p><strong>INFORMACI\u00d3N BIBLIOGR\u00c1FICA<\/strong><\/p>\n<p><strong>Peri\u00f3dico: <\/strong>El Colombiano<\/p>\n<p><strong>Lugar de edici\u00f3n: <\/strong>Medell\u00edn<\/p>\n<p><strong>Autor personal:<\/strong><\/p>\n<p><strong>Autor corporativo: <\/strong><\/p>\n<p><strong>Fecha: <\/strong>1988 junio 30<\/p>\n<p><strong>P\u00e1gina: <\/strong>10D<\/p>\n<p><strong>Secci\u00f3n:<\/strong> Seguridad<\/p>\n<p><strong>Titular: <\/strong>Retenido por varias horas jefe de trasplantes de la U. de A.<\/p>\n<p><strong>Resumen: <\/strong>Por respaldo de la orden de un juez, tropas adscritas a la IV Brigada del Ej\u00e9rcito retuvieron por algunas horas al m\u00e9dico jefe de la Unidad de Trasplantes de la Universidad, \u00c1lvaro Vel\u00e1squez Ospina. Algunas de las versiones fueron que el nombre del m\u00e9dico aparec\u00eda en \u201c\u2026 una lista que se encontraba en poder de subversivos que hab\u00edan sido detenidos por los uniformados, situaci\u00f3n que era investigada por las autoridades.\u201d Aunque al principio se pens\u00f3 que era un secuestro, horas m\u00e1s tarde se pudo confirmar que el m\u00e9dico estaba bajo \u00f3rdenes de las autoridades militares. Despu\u00e9s de que \u00c1lvaro Vel\u00e1squez aclara las posibles causas por las que su nombre estar\u00eda en esa lista, qued\u00f3 en libertad.<\/p>\n<p>\u00c1lvaro Vel\u00e1squez, m\u00e9dico egresado de la Facultad de Medicina de la Universidad y empleado del Hospital Universitario San Vicente de Pa\u00fal, en Medell\u00edn<\/p>\n<p><strong>Im\u00e1genes: <\/strong>N\/A<\/p>\n<p><strong>Archivos de Registro: <\/strong>REG_C030<\/p>\n<p><strong>INFORMACI\u00d3N ANAL\u00cdTICA<\/strong><\/p>\n<p><strong>Contexto de la noticia: <\/strong>guerra entre Carteles del narcotr\u00e1fico, exterminio de la UP, Recrudecimiento del conflicto paramilitar, Asaltos bancarios EPL, Recrudecimiento del conflicto armado, Violencia pol\u00edtica, Guerra Ir\u00e1n \u2013 Iraq, Posesi\u00f3n de alcaldes, Masacre El Topacio (San Rafael Antioquia), Racha de violencia en San Rafael (Antioquia)<\/p>\n<p><strong>Palabras clave: <\/strong>Respuestas institucionales, Detenciones, Ejercito, Vel\u00e1squez Ospina \u00c1lvaro, M\u00e9dico<\/p>\n<p><strong>Sugerencia de palabras claves:<\/strong><\/p>\n<p><strong>Observaciones: <\/strong><\/p>\n<p><strong>Fecha de diligenciamiento: <\/strong>3 diciembre 2018<\/p>\n<h1 style=\"text-align: center;\">***<\/h1>\n<p><strong>N\u00famero de ficha<\/strong>: C-031&nbsp;&nbsp;&nbsp;&nbsp;&nbsp;&nbsp;&nbsp;&nbsp;&nbsp;&nbsp;&nbsp;&nbsp;&nbsp;&nbsp;&nbsp;&nbsp;&nbsp;&nbsp;&nbsp;&nbsp;&nbsp;&nbsp;&nbsp;&nbsp;&nbsp;&nbsp;&nbsp;&nbsp;&nbsp;&nbsp;&nbsp;&nbsp;&nbsp;&nbsp;&nbsp;&nbsp;&nbsp;&nbsp;&nbsp;&nbsp;&nbsp;&nbsp;&nbsp;&nbsp;&nbsp;&nbsp;&nbsp;&nbsp;&nbsp;&nbsp;&nbsp;&nbsp;&nbsp;<\/p>\n<p><strong>Diligenciada por: <\/strong>Paula Andrea Salamanca Hern\u00e1ndez<\/p>\n<p><strong>INFORMACI\u00d3N BIBLIOGR\u00c1FICA<\/strong><\/p>\n<p><strong>Peri\u00f3dico: <\/strong>El Colombiano<\/p>\n<p><strong>Lugar de edici\u00f3n: <\/strong>Medell\u00edn<\/p>\n<p><strong>Autor personal:<\/strong><\/p>\n<p><strong>Autor corporativo: <\/strong><\/p>\n<p><strong>Fecha: <\/strong>1988 julio 10<\/p>\n<p><strong>P\u00e1gina: <\/strong>16A<\/p>\n<p><strong>Secci\u00f3n:<\/strong> Seguridad<\/p>\n<p><strong>Titular: <\/strong>Muertos dos estudiantes y un comerciante en extra\u00f1os hechos<\/p>\n<p><strong>Resumen: <\/strong>en el barrio Trinidad, sur de Medell\u00edn, durante las primeras horas de la noche del viernes, en el interior de la Helader\u00eda 65 (Calle 21 Cr65), entraron desconocidos que portaban armas de fuego y dispararon a Campo El\u00edas Aguirre (35 a\u00f1os) comerciante, Carlos Alberto Solarte Londo\u00f1o (34 a\u00f1os) estudiante del Instituto Polit\u00e9cnico y Fabiola Mart\u00ednez (29 a\u00f1os) estudiante \u201c\u2026 quien al parecer\u201d, estaba matriculada en la Facultad de Sociolog\u00eda de la Universidad de Antioquia. No se conocieron los motivos del triple homicidio ni los responsables del mismo.<\/p>\n<p><strong>Im\u00e1genes: <\/strong>N\/A<\/p>\n<p><strong>Archivos de Registro: <\/strong>REG_C031<\/p>\n<p><strong>INFORMACI\u00d3N ANAL\u00cdTICA<\/strong><\/p>\n<p><strong>Contexto de la noticia: <\/strong>guerra entre Carteles del narcotr\u00e1fico, exterminio de la UP, Recrudecimiento del conflicto paramilitar, Asaltos bancarios EPL, Recrudecimiento del conflicto armado, Violencia pol\u00edtica, Guerra Ir\u00e1n \u2013 Iraq, Vuelo 655 de Ir\u00e1n Air, Elecciones en M\u00e9xico, Masacre Ca\u00f1o Sibao (Granada, Meta),&nbsp;<\/p>\n<p><strong>Palabras clave:<\/strong> Asesinato, Estudiante, Facultad de Sociolog\u00eda, Fabiola Mart\u00ednez<\/p>\n<p><strong>Sugerencia de palabras claves:<\/strong><\/p>\n<p><strong>Observaciones: <\/strong>aunque en el suceso se habla de varios sujetos, estos no fueron identificados, adem\u00e1s la informaci\u00f3n de la estudiante no es certera cuando indican \u201cal parecer, estaba matriculada en la Universidad de Antioquia\u201d.<\/p>\n<p><strong>Fecha de diligenciamiento:<\/strong> 3 diciembre 2018<\/p>\n<h1 style=\"text-align: center;\">***<\/h1>\n<p><strong>N\u00famero de ficha<\/strong>: C-032&nbsp;&nbsp;&nbsp;&nbsp;&nbsp;&nbsp;&nbsp;&nbsp;&nbsp;&nbsp;&nbsp;&nbsp;&nbsp;&nbsp;&nbsp;&nbsp;&nbsp;&nbsp;&nbsp;&nbsp;&nbsp;&nbsp;&nbsp;&nbsp;&nbsp;&nbsp;&nbsp;&nbsp;&nbsp;&nbsp;&nbsp;&nbsp;&nbsp;&nbsp;&nbsp;&nbsp;&nbsp;&nbsp;&nbsp;&nbsp;&nbsp;&nbsp;&nbsp;&nbsp;&nbsp;&nbsp;&nbsp;&nbsp;&nbsp;&nbsp;&nbsp;&nbsp;&nbsp;<\/p>\n<p><strong>Diligenciada por: <\/strong>Paula Andrea Salamanca Hern\u00e1ndez<\/p>\n<p><strong>INFORMACI\u00d3N BIBLIOGR\u00c1FICA<\/strong><\/p>\n<p><strong>Peri\u00f3dico: <\/strong>El Colombiano<\/p>\n<p><strong>Lugar de edici\u00f3n: <\/strong>Medell\u00edn<\/p>\n<p><strong>Autor personal:<\/strong><\/p>\n<p><strong>Autor corporativo: <\/strong><\/p>\n<p><strong>Fecha: <\/strong>1988 julio 22<\/p>\n<p><strong>P\u00e1gina: <\/strong>2A<\/p>\n<p><strong>Secci\u00f3n:<\/strong> Hoy\/Viernes<\/p>\n<p><strong>Titular: <\/strong>Secuestrado profesor de la Universidad de Antioquia<\/p>\n<p><strong>Resumen: <\/strong>el m\u00e9dico y profesor de la Universidad Gustavo Fern\u00e1ndez Fern\u00e1ndez, fue secuestrado desde el 15 de julio del mismo a\u00f1o, por un grupo que se denomina \u201cMovimiento Renovaci\u00f3n y Transformaci\u00f3n Universitaria\u201d, que \u201cpretende enviar por su conducto un mensaje al gobierno nacional sobre la situaci\u00f3n de la Universidad de Antioquia.\u201d El mismo grupo se puso en contacto con la familia del profesor para decirles que se respetar\u00eda su integridad. El m\u00e9dico era desde hac\u00eda 18 a\u00f1os profesor de la especialidad de neumolog\u00eda y, por otro lado, ex decano de la Facultad de Medicina de la Universidad del Cauca.<\/p>\n<p><strong>Im\u00e1genes: <\/strong>N\/A<\/p>\n<p><strong>Archivos de Registro: <\/strong>REG C032<\/p>\n<p><strong>INFORMACI\u00d3N ANAL\u00cdTICA<\/strong><\/p>\n<p><strong>Contexto de la noticia: <\/strong>guerra entre Carteles del narcotr\u00e1fico, exterminio de la UP, Recrudecimiento del conflicto paramilitar, Asaltos bancarios EPL, Recrudecimiento del conflicto armado, Violencia pol\u00edtica, Declaraci\u00f3n de paz Ir\u00e1n \u2013 Iraq, Consulta popular Partido Liberal, Muerte Pacho Gal\u00e1n, Liberaci\u00f3n \u00c1lvaro G\u00f3mez Hurtado<\/p>\n<p><strong>Palabras clave:<\/strong> Acciones violentas, Secuestro, Fern\u00e1ndez Gustavo, Facultad de Medicina, Grupos clandestinos, Movimiento Renovaci\u00f3n y Transformaci\u00f3n Universitaria<\/p>\n<p><strong>Sugerencia de palabras claves:<\/strong> Facultad de Medicina<\/p>\n<p><strong>Observaciones: <\/strong><\/p>\n<p><strong>Fecha de diligenciamiento: <\/strong>3 diciembre 2018<\/p>\n<h1 style=\"text-align: center;\">***<\/h1>\n<p><strong>N\u00famero de ficha<\/strong>: C-033&nbsp;&nbsp;&nbsp;&nbsp;&nbsp;&nbsp;&nbsp;&nbsp;&nbsp;&nbsp;&nbsp;&nbsp;&nbsp;&nbsp;&nbsp;&nbsp;&nbsp;&nbsp;&nbsp;&nbsp;&nbsp;&nbsp;&nbsp;&nbsp;&nbsp;&nbsp;&nbsp;&nbsp;&nbsp;&nbsp;&nbsp;&nbsp;&nbsp;&nbsp;&nbsp;&nbsp;&nbsp;&nbsp;&nbsp;&nbsp;&nbsp;&nbsp;&nbsp;&nbsp;&nbsp;&nbsp;&nbsp;&nbsp;&nbsp;&nbsp;&nbsp;&nbsp;&nbsp;<\/p>\n<p><strong>Diligenciada por: <\/strong>Paula Andrea Salamanca Hern\u00e1ndez<\/p>\n<p><strong>INFORMACI\u00d3N BIBLIOGR\u00c1FICA<\/strong><\/p>\n<p><strong>Peri\u00f3dico: <\/strong>El Colombiano<\/p>\n<p><strong>Lugar de edici\u00f3n: <\/strong>Medell\u00edn<\/p>\n<p><strong>Autor personal:<\/strong><\/p>\n<p><strong>Autor corporativo: <\/strong><\/p>\n<p><strong>Fecha: <\/strong>1988 julio 28<\/p>\n<p><strong>P\u00e1gina: <\/strong>11A<\/p>\n<p><strong>Secci\u00f3n:<\/strong> Generales&nbsp;<\/p>\n<p><strong>Titular: <\/strong>Profesores de la U. Nacional rechazan secuestro de m\u00e9dico<\/p>\n<p><strong>Resumen: <\/strong>la Asociaci\u00f3n Antioque\u00f1a de Profesores de la Universidad Nacional, expidi\u00f3 un comunicado en el que rechaza el secuestro del m\u00e9dico Gustavo Fern\u00e1ndez, \u201cLa junta directiva, en nombre del profesorado de la Universidad que representa, rechaza categ\u00f3ricamente este tipo de procedimientos violentos que atentan contra la libertad de los individuos y ponen en peligro sus vidas\u201d.<\/p>\n<p><strong>Im\u00e1genes: <\/strong>N\/A<\/p>\n<p><strong>Archivos de Registro: <\/strong>REG_033<\/p>\n<p><strong>INFORMACI\u00d3N ANAL\u00cdTICA<\/strong><\/p>\n<p><strong>Contexto de la noticia: <\/strong>guerra entre Carteles del narcotr\u00e1fico, exterminio de la UP, Recrudecimiento del conflicto paramilitar, Asaltos bancarios EPL, Recrudecimiento del conflicto armado, Violencia pol\u00edtica, Declaraci\u00f3n de paz Ir\u00e1n \u2013 Iraq, Consulta popular Partido Liberal, Muerte Pacho Gal\u00e1n, Liberaci\u00f3n \u00c1lvaro G\u00f3mez Hurtado<\/p>\n<p><strong>Palabras clave:<\/strong> Acciones de resistencia, Comunicados, Universidad Nacional, Acciones violentas, Secuestro, Organizaciones de profesores<\/p>\n<p><strong>Sugerencia de palabras claves:<\/strong><\/p>\n<p><strong>Observaciones: <\/strong><\/p>\n<p><strong>Fecha de diligenciamiento: <\/strong>3 diciembre 2018<\/p>\n<h1 style=\"text-align: center;\">***<\/h1>\n<p><strong>N\u00famero de ficha<\/strong>: C-034&nbsp;&nbsp;&nbsp;&nbsp;&nbsp;&nbsp;&nbsp;&nbsp;&nbsp;&nbsp;&nbsp;&nbsp;&nbsp;&nbsp;&nbsp;&nbsp;&nbsp;&nbsp;&nbsp;&nbsp;&nbsp;&nbsp;&nbsp;&nbsp;&nbsp;&nbsp;&nbsp;&nbsp;&nbsp;&nbsp;&nbsp;&nbsp;&nbsp;&nbsp;&nbsp;&nbsp;&nbsp;&nbsp;&nbsp;&nbsp;&nbsp;&nbsp;&nbsp;&nbsp;&nbsp;&nbsp;&nbsp;&nbsp;&nbsp;&nbsp;&nbsp;&nbsp;&nbsp;<\/p>\n<p><strong>Diligenciada por: <\/strong>Paula Andrea Salamanca Hern\u00e1ndez<\/p>\n<p><strong>INFORMACI\u00d3N BIBLIOGR\u00c1FICA<\/strong><\/p>\n<p><strong>Peri\u00f3dico: <\/strong>El Colombiano<\/p>\n<p><strong>Lugar de edici\u00f3n: <\/strong>Medell\u00edn<\/p>\n<p><strong>Autor personal:<\/strong><\/p>\n<p><strong>Autor corporativo: <\/strong><\/p>\n<p><strong>Fecha: <\/strong>1988 julio 29<\/p>\n<p><strong>P\u00e1gina: <\/strong>7D<\/p>\n<p><strong>Secci\u00f3n:<\/strong> Seguridad&nbsp;&nbsp;<\/p>\n<p><strong>Titular: <\/strong>Liberado m\u00e9dico interno de la U de A<\/p>\n<p><strong>Resumen: <\/strong>en horas de la ma\u00f1ana del d\u00eda anterior (28 julio) en horas de la ma\u00f1ana fue liberado el m\u00e9dico Gustavo Fern\u00e1ndez, despu\u00e9s de trece d\u00edas de secuestro. Su lugar de liberaci\u00f3n fue la Terminal de transportes de la ciudad de Medell\u00edn, su estado de salud era bueno, solo se lleg\u00f3 a notar cansado. El grupo \u201cRenovaci\u00f3n y Transformaci\u00f3n de la Universidad\u201d, mencion\u00f3 que har\u00eda llegar un comunicado a la Universidad, sin embargo, este no se lleg\u00f3 a conocer; la administraci\u00f3n central de la Universidad emiti\u00f3 un texto en el que informaba acerca del suceso.<\/p>\n<p><strong>Im\u00e1genes: <\/strong>N\/A<\/p>\n<p><strong>Archivos de Registro: <\/strong>REG_C034<\/p>\n<p><strong>INFORMACI\u00d3N ANAL\u00cdTICA<\/strong><\/p>\n<p><strong>Contexto de la noticia: <\/strong>guerra entre Carteles del narcotr\u00e1fico, exterminio de la UP, Recrudecimiento del conflicto paramilitar, Asaltos bancarios EPL, Recrudecimiento del conflicto armado, Violencia pol\u00edtica, Declaraci\u00f3n de paz Ir\u00e1n \u2013 Iraq, Consulta popular Partido Liberal, Muerte Pacho Gal\u00e1n, Liberaci\u00f3n \u00c1lvaro G\u00f3mez Hurtado<\/p>\n<p><strong>Palabras clave:<\/strong> Acciones violentas, Secuestro, Grupos clandestinos<\/p>\n<p><strong>Sugerencia de palabras claves:<\/strong> Liberaci\u00f3n, Fern\u00e1ndez Gustavo, Movimiento Renovaci\u00f3n y Transformaci\u00f3n Universitaria, Facultad de Medicina<\/p>\n<p><strong>Observaciones: <\/strong><\/p>\n<p><strong>Fecha de diligenciamiento:<\/strong> 3 diciembre 2018<\/p>\n<h1 style=\"text-align: center;\">***<\/h1>\n<p><strong>N\u00famero de ficha<\/strong>: C-035&nbsp;&nbsp;&nbsp;&nbsp;&nbsp;&nbsp;&nbsp;&nbsp;&nbsp;&nbsp;&nbsp;&nbsp;&nbsp;&nbsp;&nbsp;&nbsp;&nbsp;&nbsp;&nbsp;&nbsp;&nbsp;&nbsp;&nbsp;&nbsp;&nbsp;&nbsp;&nbsp;&nbsp;&nbsp;&nbsp;&nbsp;&nbsp;&nbsp;&nbsp;&nbsp;&nbsp;&nbsp;&nbsp;&nbsp;&nbsp;&nbsp;&nbsp;&nbsp;&nbsp;&nbsp;&nbsp;&nbsp;&nbsp;&nbsp;&nbsp;&nbsp;&nbsp;<\/p>\n<p><strong>Diligenciada por: <\/strong>Paula Andrea Salamanca Hern\u00e1ndez<\/p>\n<p><strong>INFORMACI\u00d3N BIBLIOGR\u00c1FICA<\/strong><\/p>\n<p><strong>Peri\u00f3dico: <\/strong>El Colombiano<\/p>\n<p><strong>Lugar de edici\u00f3n: <\/strong>Medell\u00edn<\/p>\n<p><strong>Autor personal: <\/strong>Cristina Bele\u00f1o de Toro, CC 21.637.525 de Caucasia<\/p>\n<p><strong>Autor corporativo: <\/strong><\/p>\n<p><strong>Fecha: <\/strong>1988 julio 31<\/p>\n<p><strong>P\u00e1gina: <\/strong>8D<\/p>\n<p><strong>Secci\u00f3n:<\/strong> Espect\u00e1culos (Cartas al director)&nbsp;&nbsp;&nbsp;&nbsp;<\/p>\n<p><strong>Titular: <\/strong>Es necesario dialogar para salvar nuestra Alma Mater<\/p>\n<p><strong>Resumen: \u201c<\/strong>Apreciado doctor,<\/p>\n<p>buscando f\u00f3rmulas estrat\u00e9gicas que conduzcan a que la Universidad de Antioquia vuelva de nuevo a ser la que fue en un tiempo pasado, he pensado que todas las fuerzas pol\u00edticas y apol\u00edticas que se encuentran en sus estamentos, dejemos atr\u00e1s nuestros reparos pol\u00edticos y todas juntas entremos a luchar por el Alma M\u00e1ter de Antioquia para ponerla no solo en el sitio que una vez ocup\u00f3, sino hacerla mejor a\u00fan, y as\u00ed volver los antioque\u00f1os y los colombianos a sentirnos orgullosos de nuestra U. de A.<\/p>\n<p>Y pensando tambi\u00e9n, que el pa\u00eds se encuentra necesitando del gran di\u00e1logo nacional, que se efectuar\u00e1 el 29 de julio en Bogot\u00e1, que la Constituci\u00f3n necesitar\u00e1 reformas, y que la U. de A. tambi\u00e9n se encuentra necesitada de un di\u00e1logo y de nivelar los semestres para iniciar estos en febrero y julio, propongo que el semestre actual se prolongue hasta diciembre y tomar&nbsp; una mes o un poco m\u00e1s de ese tiempo para que se realice el di\u00e1logo y entrar a reparar, reestructurar de verdad las deficiencias en que se encuentra la Universidad, las que la han hecho retroceder y tenerla en el caos que no la deja funcionar bien. Tambi\u00e9n en ese tiempo entrar a estudiar la C.N. para exigir las reformas que necesita; para detener el r\u00edo de sangre en que nos estamos ba\u00f1ando los colombianos, sin distingos de clases y colores pol\u00edticos.<\/p>\n<p>Le se agradecer la atenci\u00f3n a \u00e9sta.\u201d<\/p>\n<p><strong>Im\u00e1genes: <\/strong>N\/A<\/p>\n<p><strong>Archivos de Registro: <\/strong>REG_C035<\/p>\n<p><strong>INFORMACI\u00d3N ANAL\u00cdTICA<\/strong><\/p>\n<p><strong>Contexto de la noticia: <\/strong>guerra entre Carteles del narcotr\u00e1fico, exterminio de la UP, Recrudecimiento del conflicto paramilitar, Asaltos bancarios EPL, Recrudecimiento del conflicto armado, Violencia pol\u00edtica, Declaraci\u00f3n de paz Ir\u00e1n \u2013 Iraq, Consulta popular Partido Liberal, Muerte Pacho Gal\u00e1n, Liberaci\u00f3n \u00c1lvaro G\u00f3mez Hurtado<\/p>\n<p><strong>Palabras clave:<\/strong> Acciones de resistencia, Comunicados, Respuestas Institucionales, Reapertura<\/p>\n<p><strong>Sugerencia de palabras claves:<\/strong><\/p>\n<p><strong>Observaciones: <\/strong>N\/A<\/p>\n<p><strong>Fecha de diligenciamiento:<\/strong> 3 diciembre 2018<\/p>\n<h1 style=\"text-align: center;\">***<\/h1>\n<p><strong>N\u00famero de ficha<\/strong>: C-036&nbsp;&nbsp;&nbsp;&nbsp;&nbsp;&nbsp;&nbsp;&nbsp;&nbsp;&nbsp;&nbsp;&nbsp;&nbsp;&nbsp;&nbsp;&nbsp;&nbsp;&nbsp;&nbsp;&nbsp;&nbsp;&nbsp;&nbsp;&nbsp;&nbsp;&nbsp;&nbsp;&nbsp;&nbsp;&nbsp;&nbsp;&nbsp;&nbsp;&nbsp;&nbsp;&nbsp;&nbsp;&nbsp;&nbsp;&nbsp;&nbsp;&nbsp;&nbsp;&nbsp;&nbsp;&nbsp;&nbsp;&nbsp;&nbsp;&nbsp;&nbsp;&nbsp;&nbsp;<\/p>\n<p><strong>Diligenciada por: <\/strong>Paula Andrea Salamanca Hern\u00e1ndez<\/p>\n<p><strong>INFORMACI\u00d3N BIBLIOGR\u00c1FICA<\/strong><\/p>\n<p><strong>Peri\u00f3dico: <\/strong>El Colombiano<\/p>\n<p><strong>Lugar de edici\u00f3n: <\/strong>Medell\u00edn<\/p>\n<p><strong>Autor personal: <\/strong><\/p>\n<p><strong>Autor corporativo: <\/strong><\/p>\n<p><strong>Fecha: <\/strong>1988 agosto 6<\/p>\n<p><strong>P\u00e1gina: <\/strong>7D<\/p>\n<p><strong>Secci\u00f3n:<\/strong> Generales<\/p>\n<p><strong>Titular: <\/strong>La U. de A. se vincula a estudio de proyecto de reforma constitucional \/ El 12, oficio religioso en memoria de los muertos del Alma Mater<\/p>\n<p><strong>Resumen: <\/strong>al crear un comit\u00e9 interdisciplinario que se encargar\u00e1 de prestar asesor\u00eda permanente al gobierno nacional y al Congreso de la Rep\u00fablica, en el caso de la reforma constitucional, la Universidad de Antioquia se vincula al proyecto.<\/p>\n<p>Los estamentos de la Universidad rendir\u00e1n un homenaje colectivo a los profesores y alumnos, que murieron durante el reciente periodo violento que la azot\u00f3. El lugar, la Bas\u00edlica Metropolitana en la que se har\u00eda una misa en honor a los muertos, el 12 de agosto en la ma\u00f1ana, posteriormente la Banda sinf\u00f3nica brindar\u00e1 un concierto f\u00fanebre y sobre el medio d\u00eda en el Edificio Central se descubrir\u00e1 una placa recordatoria y una ofrenda floral.<\/p>\n<p><strong>Im\u00e1genes: <\/strong>N\/A<\/p>\n<p><strong>Archivos de Registro: <\/strong>REG_C036<\/p>\n<p><strong>INFORMACI\u00d3N ANAL\u00cdTICA<\/strong><\/p>\n<p><strong>Contexto de la noticia: <\/strong>guerra entre Carteles del narcotr\u00e1fico, exterminio de la UP, Recrudecimiento del conflicto paramilitar, Asaltos bancarios EPL, Recrudecimiento del conflicto armado, Violencia pol\u00edtica, Cumplea\u00f1os de Bogot\u00e1, 185 a\u00f1os de la U. de A.<\/p>\n<p><strong>Palabras clave:<\/strong> Acciones de resistencia, Actos religiosos, Actos simb\u00f3licos, Consejos estudiantiles, Claustros<\/p>\n<p><strong>Sugerencia de palabras claves:<\/strong><\/p>\n<p><strong>Observaciones: <\/strong>la placa recordatoria estar\u00eda ubicada en plazuela San Ignacio, con la frase \u201c\u2026 Pero la raz\u00f3n siempre ser\u00e1 superior a la Barbarie\u201d<\/p>\n<p><strong>Fecha de diligenciamiento:<\/strong> 3 diciembre 2018<\/p>\n<h1 style=\"text-align: center;\">***<\/h1>\n<p><strong>N\u00famero de ficha<\/strong>: C-037&nbsp;&nbsp;&nbsp;&nbsp;&nbsp;&nbsp;&nbsp;&nbsp;&nbsp;&nbsp;&nbsp;&nbsp;&nbsp;&nbsp;&nbsp;&nbsp;&nbsp;&nbsp;&nbsp;&nbsp;&nbsp;&nbsp;&nbsp;&nbsp;&nbsp;&nbsp;&nbsp;&nbsp;&nbsp;&nbsp;&nbsp;&nbsp;&nbsp;&nbsp;&nbsp;&nbsp;&nbsp;&nbsp;&nbsp;&nbsp;&nbsp;&nbsp;&nbsp;&nbsp;&nbsp;&nbsp;&nbsp;&nbsp;&nbsp;&nbsp;&nbsp;&nbsp;&nbsp;<\/p>\n<p><strong>Diligenciada por: <\/strong>Paula Andrea Salamanca Hern\u00e1ndez<\/p>\n<p><strong>INFORMACI\u00d3N BIBLIOGR\u00c1FICA<\/strong><\/p>\n<p><strong>Peri\u00f3dico: <\/strong>El Colombiano<\/p>\n<p><strong>Lugar de edici\u00f3n: <\/strong>Medell\u00edn<\/p>\n<p><strong>Autor personal: <\/strong><\/p>\n<p><strong>Autor corporativo: <\/strong><\/p>\n<p><strong>Fecha: <\/strong>1988 septiembre 10<\/p>\n<p><strong>P\u00e1gina: <\/strong>12A<\/p>\n<p><strong>Secci\u00f3n:<\/strong> Amor &amp; amistad<\/p>\n<p><strong>Titular: <\/strong>Prolongan hasta el martes el paro de derecho en la U. de A.<\/p>\n<p><strong>Resumen: <\/strong>reunidos en asamblea general, los estudiantes de la Facultad de Derecho decidieron el d\u00eda anterior que continuar\u00e1n en paro con el fin de presionar la reprogramaci\u00f3n de los ex\u00e1menes finales; mientras que por su lado los estudiantes de Educaci\u00f3n se declararon en anormalidad acad\u00e9mica.<\/p>\n<p><strong>Im\u00e1genes: <\/strong>N\/A<\/p>\n<p><strong>Archivos de Registro: <\/strong>REG_C037<\/p>\n<p><strong>INFORMACI\u00d3N ANAL\u00cdTICA<\/strong><\/p>\n<p><strong>Contexto de la noticia: <\/strong>guerra entre Carteles del narcotr\u00e1fico, exterminio de la UP, Recrudecimiento del conflicto paramilitar, Asaltos bancarios EPL, Recrudecimiento del conflicto armado, 185 a\u00f1os de la U. de A., Elecciones M\u00e9xico, Masacre del Tomate (San Pedro de Urab\u00e1)<\/p>\n<p><strong>Palabras clave:<\/strong> Asamblea de estudiantes<\/p>\n<p><strong>Sugerencia de palabras claves:<\/strong><\/p>\n<p><strong>Observaciones: <\/strong>d\u00edas posteriores los estudiantes decidieron declararse en \u201canormalidad acad\u00e9mica\u201d insistiendo en que deber\u00edan presentarse s\u00f3lo dos ex\u00e1menes por semana. La decanatura de la misma facultad, respondi\u00f3 con un llamado a la reflexi\u00f3n (1988 septiembre 14)<\/p>\n<p><strong>Fecha de diligenciamiento:<\/strong> 3 diciembre 2018<\/p>\n<h1 style=\"text-align: center;\">***<\/h1>\n<p><strong>N\u00famero de ficha<\/strong>: C-038&nbsp;&nbsp;&nbsp;&nbsp;&nbsp;&nbsp;&nbsp;&nbsp;&nbsp;&nbsp;&nbsp;&nbsp;&nbsp;&nbsp;&nbsp;&nbsp;&nbsp;&nbsp;&nbsp;&nbsp;&nbsp;&nbsp;&nbsp;&nbsp;&nbsp;&nbsp;&nbsp;&nbsp;&nbsp;&nbsp;&nbsp;&nbsp;&nbsp;&nbsp;&nbsp;&nbsp;&nbsp;&nbsp;&nbsp;&nbsp;&nbsp;&nbsp;&nbsp;&nbsp;&nbsp;&nbsp;&nbsp;&nbsp;&nbsp;&nbsp;&nbsp;&nbsp;&nbsp;<\/p>\n<p><strong>Diligenciada por: <\/strong>Paula Andrea Salamanca Hern\u00e1ndez<\/p>\n<p><strong>INFORMACI\u00d3N BIBLIOGR\u00c1FICA<\/strong><\/p>\n<p><strong>Peri\u00f3dico: <\/strong>El Colombiano<\/p>\n<p><strong>Lugar de edici\u00f3n: <\/strong>Medell\u00edn<\/p>\n<p><strong>Autor personal: <\/strong><\/p>\n<p><strong>Autor corporativo: <\/strong>Universidad de Antioquia<\/p>\n<p><strong>Fecha: <\/strong>1988 septiembre 14<\/p>\n<p><strong>P\u00e1gina: <\/strong>8D<\/p>\n<p><strong>Secci\u00f3n:<\/strong> Espect\u00e1culos<\/p>\n<p><strong>Titular: <\/strong>Directivos de la U. de A. rechazan actos terroristas contra la instituci\u00f3n<\/p>\n<p><strong>Resumen: <\/strong>\u201cLa administraci\u00f3n central de la Universidad de Antioquia informa a la comunidad universitaria y a la ciudadan\u00eda que la instituci\u00f3n ha sido v\u00edctima en los \u00faltimos dos d\u00edas de atentados contra su patrimonio econ\u00f3mico y sus instalaciones que, como es obvio, afectan su funcionamiento, y atentan contra el normal desarrollo de sus tareas docentes, investigativas y de extensi\u00f3n:<\/p>\n<ol>\n<li>El lunes doce de septiembre, varios individuos armados penetraron a la sede del postgrado en Ingenier\u00eda Ambiental de la Facultad de Ingenier\u00edas en la ciudad universitaria y se sustrajeron los siguientes elementos:<\/li>\n<\/ol>\n<p>Un microcomputador Vectra Hewlett-Packard, teclado en espa\u00f1ol 640KB de memoria. Diskette de 5 \u00bc\u201d, 1.2 MB, C\u00f3digo 45945A, Serial 2723Y04741 que comprende:<\/p>\n<p>&nbsp;<\/p>\n<table width=\"761\">\n<tbody>\n<tr>\n<td width=\"116\">C\u00f3digo<\/td>\n<td width=\"94\">Cantidad<\/td>\n<td width=\"551\">Descripci\u00f3n<\/td>\n<\/tr>\n<tr>\n<td width=\"116\">45981A<\/td>\n<td width=\"94\">1<\/td>\n<td width=\"551\">Adaptador de v\u00eddeo<\/td>\n<\/tr>\n<tr>\n<td width=\"116\">45811A<\/td>\n<td width=\"94\">1<\/td>\n<td width=\"551\">Unidad adicional de Diskette de 5 y \u00bc de 360 Kbyte<\/td>\n<\/tr>\n<tr>\n<td width=\"116\">35731A<\/td>\n<td width=\"94\">1<\/td>\n<td width=\"551\">Monitor monocrom\u00e1tico<\/td>\n<\/tr>\n<tr>\n<td width=\"116\">24540A<\/td>\n<td width=\"94\">1<\/td>\n<td width=\"551\">Interface dual serial\/paralelo<\/td>\n<\/tr>\n<tr>\n<td width=\"116\">NEC P7<\/td>\n<td width=\"94\">1<\/td>\n<td width=\"551\">Impresora m\u00faltiples prop\u00f3sitos, tractor de impresora NEC<\/td>\n<\/tr>\n<tr>\n<td width=\"116\">24542D<\/td>\n<td width=\"94\">1<\/td>\n<td width=\"551\">Cable de impresora<\/td>\n<\/tr>\n<tr>\n<td width=\"116\">45951A<\/td>\n<td width=\"94\">1<\/td>\n<td width=\"551\">Sistema operativo MS DOS<\/td>\n<\/tr>\n<\/tbody>\n<\/table>\n<p>&nbsp;<\/p>\n<p>Tambi\u00e9n fue hurtada una m\u00e1quina de escribir el\u00e9ctrica Brother f\u00e1brica EM 701 138959, de inventario 1056452 006. El costo de estos equipos sobrepasa los dos millones de pesos, pero resulta invaluable el perjuicio en los aspectos investigativo y acad\u00e9mico. Estos bienes estaban a cargo de la universidad como parte de un convenio suscrito con el ICFES. Se trata de un programa en el cual participa tambi\u00e9n el BID, para el mejoramiento de la capacidad de investigaci\u00f3n en \u00e1reas muy prioritarios como el control de climas, biolog\u00eda, la contaminaci\u00f3n ambiental y los problemas sanitarios de los pa\u00edses latinoamericanos.<\/p>\n<ol>\n<li>Hoy a las siete de la ma\u00f1ana, enemigos del Alma Mater activaron una bomba en una oficina del primer piso del bloque administrativo de la Ciudad Universitaria, causando da\u00f1os considerables, pero por fortuna ninguna desgracia personal.<\/li>\n<\/ol>\n<p>La onda explosiva destruy\u00f3 el equipo de control del ascensor, rompi\u00f3 vidrios de los bloques 16 y 22 y caus\u00f3 deterioro en varias puertas, en instalaciones el\u00e9ctricas del acueducto, lo mismo que en el cielo raso de varias oficinas.&nbsp;<\/p>\n<p>El da\u00f1o del ascensor cuesta mill\u00f3n y medio de pesos. Las p\u00e9rdidas causadas por el atentado terrorista ascienden a 2 millones 239 mil pesos, seg\u00fan la evaluaci\u00f3n realizada por el departamento de sostenimiento de la universidad.<\/p>\n<p>Las directivas universitarias consideran que hechos como los anteriores constituyen intentos por destruir la universidad y cerrar las posibilidades de formaci\u00f3n profesional a miles de j\u00f3venes de los sectores populares.<\/p>\n<p>La Universidad de Antioquia contin\u00faa funcionando plenamente a pesar de estos tropiezos.<\/p>\n<p>Convoca a sus profesores, a sus estudiantes, a los trabajadores y empleados no docentes, lo mismo que a toda la ciudadan\u00eda de Medell\u00edn y de Antioquia a rechazar estos actos y a seguir apoyando los esfuerzos encaminados a conservar la instituci\u00f3n abierta y dedicada a lo que le es vital: La formaci\u00f3n de la juventud, la investigaci\u00f3n cient\u00edfica y la extensi\u00f3n de sus servicios a la comunidad.\u201d<\/p>\n<p><em>Roberto Le\u00f3n Ojalvo Prieto, secretario general <\/em><\/p>\n<p><em>Arturo Giraldo S\u00e1nchez, jefe de comunicaciones <\/em><\/p>\n<p><strong>Im\u00e1genes: <\/strong>N\/A<\/p>\n<p><strong>Archivos de Registro: <\/strong>REG_C038<\/p>\n<p><strong>INFORMACI\u00d3N ANAL\u00cdTICA<\/strong><\/p>\n<p><strong>Contexto de la noticia: <\/strong>guerra entre Carteles del narcotr\u00e1fico, exterminio de la UP, Recrudecimiento del conflicto paramilitar, Asaltos bancarios EPL, Recrudecimiento del conflicto armado, 185 a\u00f1os de la U. de A.<\/p>\n<p><strong>Palabras clave:<\/strong> Acciones de resistencia, Comunicados, declaraciones, Acciones violentas, Uso de petardos y explosivos, Robos, Da\u00f1os a bienes civiles<\/p>\n<p><strong>Sugerencia de palabras claves:<\/strong><\/p>\n<p><strong>Observaciones: <\/strong><\/p>\n<p><strong>Fecha de diligenciamiento: <\/strong>3 diciembre 2018<\/p>\n<h1 style=\"text-align: center;\">***<\/h1>\n<p><strong>N\u00famero de ficha<\/strong>: C-039&nbsp;&nbsp;&nbsp;&nbsp;&nbsp;&nbsp;&nbsp;&nbsp;&nbsp;&nbsp;&nbsp;&nbsp;&nbsp;&nbsp;&nbsp;&nbsp;&nbsp;&nbsp;&nbsp;&nbsp;&nbsp;&nbsp;&nbsp;&nbsp;&nbsp;&nbsp;&nbsp;&nbsp;&nbsp;&nbsp;&nbsp;&nbsp;&nbsp;&nbsp;&nbsp;&nbsp;&nbsp;&nbsp;&nbsp;&nbsp;&nbsp;&nbsp;&nbsp;&nbsp;&nbsp;&nbsp;&nbsp;&nbsp;&nbsp;&nbsp;&nbsp;&nbsp;&nbsp;<\/p>\n<p><strong>Diligenciada por:<\/strong> Paula Andrea Salamanca Hern\u00e1ndez<\/p>\n<p><strong>INFORMACI\u00d3N BIBLIOGR\u00c1FICA<\/strong><\/p>\n<p><strong>Peri\u00f3dico: <\/strong>El Colombiano<\/p>\n<p><strong>Lugar de edici\u00f3n: <\/strong>Medell\u00edn<\/p>\n<p><strong>Autor personal: <\/strong><\/p>\n<p><strong>Autor corporativo: <\/strong><\/p>\n<p><strong>Fecha: <\/strong>1988 septiembre 15<\/p>\n<p><strong>P\u00e1gina: <\/strong>8D<\/p>\n<p><strong>Secci\u00f3n:<\/strong> Generales<\/p>\n<p><strong>Titular: <\/strong>Profesores de educaci\u00f3n contestan a situaci\u00f3n de anormalidad acad\u00e9mica<\/p>\n<p><strong>Resumen: <\/strong>dentro del contexto de la normalidad acad\u00e9mica, los profesores de la Facultad de Educaci\u00f3n, llevaron a cabo una asamblea general en la que declararon que aquel estamento \u201cha perdido liderazgo e iniciativa en la defensa real de la universidad p\u00fablica\u201d, a\u00f1adiendo que est\u00e1n dispuestos a sustentar ante los estudiantes los procesos de reforma de esa unidad acad\u00e9mica. En un documento los profesores hicieron saber que cre\u00edan en \u201cuna universidad abierta, esto es funcionando a cabalidad\u201d y que \u201cning\u00fan conflicto puede apuntar a debilitar las formas institucionales del Alma Mater y si m\u00e1s bien resolverse en su \u00e1mbito.\u201d La declaraci\u00f3n de los profesores de esta facultad marca un hito en la Universidad, ya que este estamento hab\u00eda mantenido distancia con los problemas estudiantiles.<\/p>\n<p><strong>Im\u00e1genes: <\/strong>N\/A<\/p>\n<p><strong>Archivos de Registro: <\/strong>REG_C039<\/p>\n<p><strong>INFORMACI\u00d3N ANAL\u00cdTICA<\/strong><\/p>\n<p><strong>Contexto de la noticia: <\/strong>guerra entre Carteles del narcotr\u00e1fico, exterminio de la UP, Recrudecimiento del conflicto paramilitar, Asaltos bancarios EPL, Recrudecimiento del conflicto armado, 185 a\u00f1os de la U. de A,<\/p>\n<p><strong>Palabras clave:<\/strong> Acciones de resistencia, Comunicados, Declaraciones, Asamblea general, Asamblea de profesores, Facultad de Educaci\u00f3n<\/p>\n<p><strong>Sugerencia de palabras claves:<\/strong><\/p>\n<p><strong>Observaciones: <\/strong><\/p>\n<p><strong>Fecha de diligenciamiento: <\/strong>3 diciembre 2018<\/p>\n<h1 style=\"text-align: center;\">***<\/h1>\n<p><strong>N\u00famero de ficha<\/strong>: C-040&nbsp;&nbsp;&nbsp;&nbsp;&nbsp;&nbsp;&nbsp;&nbsp;&nbsp;&nbsp;&nbsp;&nbsp;&nbsp;&nbsp;&nbsp;&nbsp;&nbsp;&nbsp;&nbsp;&nbsp;&nbsp;&nbsp;&nbsp;&nbsp;&nbsp;&nbsp;&nbsp;&nbsp;&nbsp;&nbsp;&nbsp;&nbsp;&nbsp;&nbsp;&nbsp;&nbsp;&nbsp;&nbsp;&nbsp;&nbsp;&nbsp;&nbsp;&nbsp;&nbsp;&nbsp;&nbsp;&nbsp;&nbsp;&nbsp;&nbsp;&nbsp;&nbsp;&nbsp;<\/p>\n<p><strong>Diligenciada por: <\/strong>Paula Andrea Salamanca Hern\u00e1ndez<\/p>\n<p><strong>INFORMACI\u00d3N BIBLIOGR\u00c1FICA<\/strong><\/p>\n<p><strong>Peri\u00f3dico: <\/strong>El Colombiano<\/p>\n<p><strong>Lugar de edici\u00f3n: <\/strong>Medell\u00edn<\/p>\n<p><strong>Autor personal: <\/strong><\/p>\n<p><strong>Autor corporativo: <\/strong><\/p>\n<p><strong>Fecha: <\/strong>1988 septiembre 21<\/p>\n<p><strong>P\u00e1gina: <\/strong>18B<\/p>\n<p><strong>Secci\u00f3n:<\/strong> Seguridad<\/p>\n<p><strong>Titular: <\/strong>Disturbios en el Liceo Antioque\u00f1o<\/p>\n<p><strong>Resumen: <\/strong>los estudiantes del Liceo Antioque\u00f1o de la Universidad, protagonizaron disturbios violentos en las afueras del mismo, durante varias horas; seg\u00fan se indic\u00f3, el motivo era la defensa de una \u201caut\u00e9ntica reestructuraci\u00f3n acad\u00e9mica\u201d, la falta de recursos materiales para la ense\u00f1anza y la \u201cpersecuci\u00f3n disciplinaria\u201d. Todo ocurri\u00f3 en las calles de Robledo, San Germ\u00e1n y la circunvalar 73 hasta las cercan\u00edas de la Facultad de Minas; sin reportar detenidos. Durante los disturbios hubo pintas de consignas y quema de llantas fuera de la instituci\u00f3n, adem\u00e1s m\u00edtines frente a las oficinas de la direcci\u00f3n.<\/p>\n<p><strong>Im\u00e1genes: <\/strong>(IMA_C040), no contiene informaci\u00f3n en pie de p\u00e1gina y\/o nombre<\/p>\n<p><strong>Archivos de Registro: <\/strong>REG_C040<\/p>\n<p><strong>INFORMACI\u00d3N ANAL\u00cdTICA<\/strong><\/p>\n<p><strong>Contexto de la noticia: <\/strong>guerra entre Carteles del narcotr\u00e1fico, exterminio de la UP, Recrudecimiento del conflicto paramilitar, Asaltos bancarios EPL, Recrudecimiento del conflicto armado, 185 a\u00f1os de la U. de A,<\/p>\n<p><strong>Palabras clave:<\/strong> Acciones contestatarias, Mitin, Pintas, Liceo Antioque\u00f1o<\/p>\n<p><strong>Sugerencia de palabras claves:<\/strong><\/p>\n<p><strong>Observaciones: <\/strong><\/p>\n<p><strong>Fecha de diligenciamiento: <\/strong>3 diciembre 2018<\/p>\n<h1 style=\"text-align: center;\">***<\/h1>\n<p><strong>N\u00famero de ficha<\/strong>: C-041&nbsp;&nbsp;&nbsp;&nbsp;&nbsp;&nbsp;&nbsp;&nbsp;&nbsp;&nbsp;&nbsp;&nbsp;&nbsp;&nbsp;&nbsp;&nbsp;&nbsp;&nbsp;&nbsp;&nbsp;&nbsp;&nbsp;&nbsp;&nbsp;&nbsp;&nbsp;&nbsp;&nbsp;&nbsp;&nbsp;&nbsp;&nbsp;&nbsp;&nbsp;&nbsp;&nbsp;&nbsp;&nbsp;&nbsp;&nbsp;&nbsp;&nbsp;&nbsp;&nbsp;&nbsp;&nbsp;&nbsp;&nbsp;&nbsp;&nbsp;&nbsp;&nbsp;&nbsp;<\/p>\n<p><strong>Diligenciada por: <\/strong>Paula Andrea Salamanca Hern\u00e1ndez<\/p>\n<p><strong>INFORMACI\u00d3N BIBLIOGR\u00c1FICA<\/strong><\/p>\n<p><strong>Peri\u00f3dico: <\/strong>El Colombiano<\/p>\n<p><strong>Lugar de edici\u00f3n: <\/strong>Medell\u00edn<\/p>\n<p><strong>Autor personal: <\/strong><\/p>\n<p><strong>Autor corporativo: <\/strong>Universidad de Antioquia<\/p>\n<p><strong>Fecha: <\/strong>1988 septiembre 29<\/p>\n<p><strong>P\u00e1gina: <\/strong>10C<\/p>\n<p><strong>Secci\u00f3n:<\/strong> Generales<\/p>\n<p><strong>Titular: <\/strong>Las Directivas de la U de A deploran ataque a profesores<\/p>\n<p><strong>Resumen: <\/strong>\u201cLa Administraci\u00f3n Central de la Universidad de Antioquia informa a la comunidad universitaria y a la ciudadan\u00eda que el d\u00eda martes, 27 de septiembre, se produjeron hechos lamentables que todos deploramos y que es preciso se\u00f1alar:<\/p>\n<p>Dos personas encapuchadas y armadas ingresaron a un laboratorio en el cual se encontraban tres profesores. Al proferir amenazas y agredir a uno de \u00e9stos, los otros dos reaccionaron valerosamente, logrando despojar de un rev\u00f3lver a uno de los atacantes. En el forcejeo uno de los profesores fue herido de bala en un pie y los otros dos recibieron golpes en la cabeza. Los atacantes, para cubrir su huida, hicieron estallar dos bombas, que no causaron da\u00f1os materiales. Los profesores fueron atendidos de inmediato en la enfermer\u00eda de la Ciudad Universitaria y actualmente su estado no reviste gravedad.<\/p>\n<p>Las averiguaciones que hemos hecho y el testimonio de uno de los afectados, el profesor Manuel P\u00e1ez, nos permiten concluir que se trat\u00f3 de una retaliaci\u00f3n por lo que \u00e9l considera \u201cun acto simb\u00f3lico\u201d de rechazo a la violencia, de cualquier origen que sea. La v\u00edspera, desconocidos hab\u00edan hecho explotar un petardo muy cerca de una cafeter\u00eda donde se encontraban numerosas personas de la comunidad universitaria, para diseminar por ese medio intimidatorio un panfleto propagand\u00edstico.<\/p>\n<p>\u201cNi siquiera supe el contenido del mismo; recog\u00ed un poco de ejemplares y los arroj\u00e9 a la basura. Por eso entraron al laboratorio de F\u00edsica y me amenazaron de muerte si no abandonaba la Universidad\u201d, explic\u00f3 el profesor P\u00e1ez, quien lleva 20 a\u00f1os dedicado a la docencia y a la investigaci\u00f3n en la Universidad de Antioquia.<\/p>\n<p>Al final fueron convocados todos los diferentes estamentos de la Universidad a defender la misma y, respaldar a los profesores afectados por tal hecho. La Universidad se mantuvo abierta y en pleno funcionamiento.<\/p>\n<p><strong>Im\u00e1genes: <\/strong>N\/A<\/p>\n<p><strong>Archivos de Registro: <\/strong>REG_C041<\/p>\n<p><strong>INFORMACI\u00d3N ANAL\u00cdTICA<\/strong><\/p>\n<p><strong>Contexto de la noticia: <\/strong>guerra entre Carteles del narcotr\u00e1fico, exterminio de la UP, Recrudecimiento del conflicto paramilitar, Asaltos bancarios EPL, Recrudecimiento del conflicto armado, 185 a\u00f1os de la U. de A,<\/p>\n<p><strong>Palabras clave:<\/strong> Acciones violentas, Uso de petardos y explosivos, Intimidaci\u00f3n, Acciones de resistencia, Comunicados, Declaraciones, Acciones contestatarias, Acciones de propaganda, Panfletos, Profesor, P\u00e1ez Manuel, Instituto de F\u00edsica<\/p>\n<p><strong>Sugerencia de palabras claves: <\/strong><\/p>\n<p><strong>Observaciones: <\/strong><\/p>\n<p><strong>Fecha de diligenciamiento: <\/strong>3 diciembre 2018<\/p>\n<h1 style=\"text-align: center;\">***<\/h1>\n<p><strong>N\u00famero de ficha<\/strong>: C-042&nbsp;&nbsp;&nbsp;&nbsp;&nbsp;&nbsp;&nbsp;&nbsp;&nbsp;&nbsp;&nbsp;&nbsp;&nbsp;&nbsp;&nbsp;&nbsp;&nbsp;&nbsp;&nbsp;&nbsp;&nbsp;&nbsp;&nbsp;&nbsp;&nbsp;&nbsp;&nbsp;&nbsp;&nbsp;&nbsp;&nbsp;&nbsp;&nbsp;&nbsp;&nbsp;&nbsp;&nbsp;&nbsp;&nbsp;&nbsp;&nbsp;&nbsp;&nbsp;&nbsp;&nbsp;&nbsp;&nbsp;&nbsp;&nbsp;&nbsp;&nbsp;&nbsp;&nbsp;<\/p>\n<p><strong>Diligenciada por: <\/strong>Paula Andrea Salamanca Hern\u00e1ndez<\/p>\n<p><strong>INFORMACI\u00d3N BIBLIOGR\u00c1FICA<\/strong><\/p>\n<p><strong>Peri\u00f3dico: <\/strong>El Colombiano<\/p>\n<p><strong>Lugar de edici\u00f3n: <\/strong>Medell\u00edn<\/p>\n<p><strong>Autor personal: <\/strong><\/p>\n<p><strong>Autor corporativo: <\/strong><\/p>\n<p><strong>Fecha: <\/strong>1988 octubre 8<\/p>\n<p><strong>P\u00e1gina: <\/strong>12C<\/p>\n<p><strong>Secci\u00f3n:<\/strong> Generales<\/p>\n<p><strong>Titular: <\/strong>Abaleados anoche estudiante y egresado de la U. de A.<\/p>\n<p><strong>Resumen: <\/strong>un egresado de Comunicaci\u00f3n Social y un estudiante de Sociolog\u00eda de la Universidad de Antioquia fueron baleados por sicarios que se movilizaban en moto, el hecho ocurri\u00f3 cerca de la Universidad en un establecimiento p\u00fablico. Mientras que el egresado de Comunicaci\u00f3n fue herido en el pecho, el estudiante de Sociolog\u00eda fue herido con un tiro en la cabeza. Los dos fueron llevados a la Policl\u00ednica, aunque el hecho se relacion\u00f3 con los dem\u00e1s atentados que han sufrido otros miembros de la Universidad, nunca se supo si el aso ten\u00eda relaci\u00f3n alguna.&nbsp;<\/p>\n<p><strong>Im\u00e1genes: <\/strong>N\/A<\/p>\n<p><strong>Archivos de Registro: <\/strong>REG_C042<\/p>\n<p><strong>INFORMACI\u00d3N ANAL\u00cdTICA<\/strong><\/p>\n<p><strong>Contexto de la noticia: <\/strong>guerra entre Carteles del narcotr\u00e1fico, exterminio de la UP, Recrudecimiento del conflicto paramilitar, Asaltos bancarios EPL, Recrudecimiento del conflicto armado, 185 a\u00f1os de la U. de A,<\/p>\n<p><strong>Palabras clave:<\/strong> Asesinato selectivo, Estudiante, Giral Casta\u00f1o H\u00e9ctor Alberto, Carvajal Correa Luis Javier<\/p>\n<p><strong>Sugerencia de palabras claves: <\/strong><\/p>\n<p><strong>Observaciones: <\/strong><\/p>\n<p><strong>Fecha de diligenciamiento: <\/strong>3 diciembre 2018<\/p>\n<h1 style=\"text-align: center;\">***<\/h1>\n<p><strong>N\u00famero de ficha<\/strong>: C-043&nbsp;&nbsp;&nbsp;&nbsp;&nbsp;&nbsp;&nbsp;&nbsp;&nbsp;&nbsp;&nbsp;&nbsp;&nbsp;&nbsp;&nbsp;&nbsp;&nbsp;&nbsp;&nbsp;&nbsp;&nbsp;&nbsp;&nbsp;&nbsp;&nbsp;&nbsp;&nbsp;&nbsp;&nbsp;&nbsp;&nbsp;&nbsp;&nbsp;&nbsp;&nbsp;&nbsp;&nbsp;&nbsp;&nbsp;&nbsp;&nbsp;&nbsp;&nbsp;&nbsp;&nbsp;&nbsp;&nbsp;&nbsp;&nbsp;&nbsp;&nbsp;&nbsp;&nbsp;<\/p>\n<p><strong>Diligenciada por: <\/strong>Paula Andrea Salamanca Hern\u00e1ndez<\/p>\n<p><strong>INFORMACI\u00d3N BIBLIOGR\u00c1FICA<\/strong><\/p>\n<p><strong>Peri\u00f3dico: <\/strong>El Colombiano<\/p>\n<p><strong>Lugar de edici\u00f3n: <\/strong>Medell\u00edn<\/p>\n<p><strong>Autor personal: <\/strong><\/p>\n<p><strong>Autor corporativo: <\/strong><\/p>\n<p><strong>Fecha: <\/strong>1988 octubre 9<\/p>\n<p><strong>P\u00e1gina: <\/strong>10D<\/p>\n<p><strong>Secci\u00f3n:<\/strong> Seguridad<\/p>\n<p><strong>Titular: <\/strong>Falleci\u00f3 estudiante de Sociolog\u00eda de la U. de A.<\/p>\n<p><strong>Resumen: <\/strong>el estudiante de sociolog\u00eda de la Universidad, identificado como H\u00e9ctor Alberto Giral Casta\u00f1o, de 23 a\u00f1os de edad falleci\u00f3 en el traslado a la Policl\u00ednica Municipal. Por su lado Luis Javier Carvajal Correa continu\u00f3 con vida. De acuerdo con el informe policial Luis Javier y Giraldo Casta\u00f1o se encontraban juntos celebrando los 185 a\u00f1os de la Universidad en la helader\u00eda Villamil (Carrera 53 Calle 67). Dentro de la descripci\u00f3n de los antecedentes del fallecido se dice que le faltaba terminar un seminario para graduarse, tambi\u00e9n hab\u00eda sido fundador de la \u201cCoordinadora C\u00edvica del Oriente\u201d, la misma que organiz\u00f3 otros movimientos c\u00edvicos en el Oriente antioque\u00f1o.<\/p>\n<p>La Universidad cerr\u00f3 en se\u00f1al de duelo, hasta el d\u00eda lunes (10 de octubre)<\/p>\n<p><strong>Im\u00e1genes: <\/strong>N\/A<\/p>\n<p><strong>Archivos de Registro: <\/strong>REG_C043<\/p>\n<p><strong>INFORMACI\u00d3N ANAL\u00cdTICA<\/strong><\/p>\n<p><strong>Contexto de la noticia: <\/strong>guerra entre Carteles del narcotr\u00e1fico, exterminio de la UP, Recrudecimiento del conflicto paramilitar, Asaltos bancarios EPL, Recrudecimiento del conflicto armado, 185 a\u00f1os de la U. de A,<\/p>\n<p><strong>Palabras clave:<\/strong> Asesinato selectivo, Estudiante, Giral Casta\u00f1o H\u00e9ctor Alberto, Acciones de resistencia, Actos simb\u00f3licos<\/p>\n<p><strong>Sugerencia de palabras claves: <\/strong><\/p>\n<p><strong>Observaciones: <\/strong>en la edici\u00f3n impresa del 11 de octubre se dice que el estudiante fallecido no era de la Universidad de Antioquia (fichado)<\/p>\n<p><strong>Fecha de diligenciamiento: <\/strong>3 diciembre 2018<\/p>\n<h1 style=\"text-align: center;\">***<\/h1>\n<p><strong>N\u00famero de ficha<\/strong>: C-044&nbsp;&nbsp;&nbsp;&nbsp;&nbsp;&nbsp;&nbsp;&nbsp;&nbsp;&nbsp;&nbsp;&nbsp;&nbsp;&nbsp;&nbsp;&nbsp;&nbsp;&nbsp;&nbsp;&nbsp;&nbsp;&nbsp;&nbsp;&nbsp;&nbsp;&nbsp;&nbsp;&nbsp;&nbsp;&nbsp;&nbsp;&nbsp;&nbsp;&nbsp;&nbsp;&nbsp;&nbsp;&nbsp;&nbsp;&nbsp;&nbsp;&nbsp;&nbsp;&nbsp;&nbsp;&nbsp;&nbsp;&nbsp;&nbsp;&nbsp;&nbsp;&nbsp;&nbsp;<\/p>\n<p><strong>Diligenciada por: <\/strong>Paula Andrea Salamanca Hern\u00e1ndez<\/p>\n<p><strong>INFORMACI\u00d3N BIBLIOGR\u00c1FICA<\/strong><\/p>\n<p><strong>Peri\u00f3dico: <\/strong>El Colombiano<\/p>\n<p><strong>Lugar de edici\u00f3n: <\/strong>Medell\u00edn<\/p>\n<p><strong>Autor personal: <\/strong><\/p>\n<p><strong>Autor corporativo: <\/strong><\/p>\n<p><strong>Fecha: <\/strong>1988 octubre 11<\/p>\n<p><strong>P\u00e1gina: <\/strong>8D<\/p>\n<p><strong>Secci\u00f3n:<\/strong> Seguridad<\/p>\n<p><strong>Titular: <\/strong>Estudiante asesinado no era de la U. de A.<\/p>\n<p><strong>Resumen: <\/strong>\u201cLas directivas de la Universidad de Antioquia, ante los hechos violentos sucedidos el viernes anterior en los cuales result\u00f3 muerto un supuesto estudiante de Sociolog\u00eda y herido un egresado de Comunicaci\u00f3n Social, manifestaron que en ning\u00fan momento estos hechos tienen que ver con el Alma Mater.\u201d<\/p>\n<p>Seg\u00fan el informe de la polic\u00eda quien era un estudiante de la Universidad y estudiaba Sociolog\u00eda, no estaba matriculado en esa carrera. Seg\u00fan directivas de la Universidad Giraldo Casta\u00f1o ingres\u00f3 en 1976 a cursar dicha carrera, pero cancel\u00f3 matr\u00edcula durante el primer semestre de 1983 y a pesar de ser aceptado en 1985 este no se matriculo, adem\u00e1s en su hoja de vida se evidencia que le faltaba cursar ocho cr\u00e9ditos y realizar su monograf\u00eda para graduarse. Por lo tanto, el sujeto no pose\u00eda calidad de estudiante de la Universidad.<\/p>\n<p>Por otro lado, las directivas manifestaron que quien estaba en calidad de egresado \u201cnada tiene que ver con la universidad\u201d pues este ya se hab\u00eda graduado desde el 8 de mayo de 1987.<\/p>\n<p>En cuanto al lugar de los hechos, los vecinos del sector dijeron que no corresponde a la llamada Helader\u00eda Villamil, pues el hecho ocurri\u00f3 a varios metros de la misma e incluso a varios metros de la Universidad. Los habitantes y quienes atienden los establecimientos comerciales cercanos a la Universidad, dijeron que es nula la presencia de la autoridad policial.<\/p>\n<p><strong>Im\u00e1genes: <\/strong>N\/A<\/p>\n<p><strong>Archivos de Registro: <\/strong>REG_C044<\/p>\n<p><strong>INFORMACI\u00d3N ANAL\u00cdTICA<\/strong><\/p>\n<p><strong>Contexto de la noticia: <\/strong>guerra entre Carteles del narcotr\u00e1fico, exterminio de la UP, Recrudecimiento del conflicto paramilitar, Asaltos bancarios EPL, Recrudecimiento del conflicto armado, 185 a\u00f1os de la U. de A,<\/p>\n<p><strong>Palabras clave:<\/strong> Acciones de resistencia, Comunicados<\/p>\n<p><strong>Sugerencia de palabras claves: <\/strong><\/p>\n<p><strong>Observaciones: <\/strong><\/p>\n<p><strong>Fecha de diligenciamiento: <\/strong>3 diciembre 2018<\/p>\n<h1 style=\"text-align: center;\">***<\/h1>\n<p><strong>N\u00famero de ficha<\/strong>: C-045&nbsp;&nbsp;&nbsp;&nbsp;&nbsp;&nbsp;&nbsp;&nbsp;&nbsp;&nbsp;&nbsp;&nbsp;&nbsp;&nbsp;&nbsp;&nbsp;&nbsp;&nbsp;&nbsp;&nbsp;&nbsp;&nbsp;&nbsp;&nbsp;&nbsp;&nbsp;&nbsp;&nbsp;&nbsp;&nbsp;&nbsp;&nbsp;&nbsp;&nbsp;&nbsp;&nbsp;&nbsp;&nbsp;&nbsp;&nbsp;&nbsp;&nbsp;&nbsp;&nbsp;&nbsp;&nbsp;&nbsp;&nbsp;&nbsp;&nbsp;&nbsp;&nbsp;&nbsp;<\/p>\n<p><strong>Diligenciada por: <\/strong>Paula Andrea Salamanca Hern\u00e1ndez<\/p>\n<p><strong>INFORMACI\u00d3N BIBLIOGR\u00c1FICA<\/strong><\/p>\n<p><strong>Peri\u00f3dico: <\/strong>El Colombiano<\/p>\n<p><strong>Lugar de edici\u00f3n: <\/strong>Medell\u00edn<\/p>\n<p><strong>Autor personal: <\/strong><\/p>\n<p><strong>Autor corporativo: <\/strong>Colprensa<\/p>\n<p><strong>Fecha: <\/strong>1988 octubre 15<\/p>\n<p><strong>P\u00e1gina: <\/strong>12C<\/p>\n<p><strong>Secci\u00f3n:<\/strong> Seguridad<\/p>\n<p><strong>Titular: <\/strong>\u201cCompas\u201d versus \u201cCompas\u201d<\/p>\n<p><strong>Resumen: <\/strong>un grupo de estudiantes del Liceo Antioque\u00f1o, penetr\u00f3 el jueves anterior (13 de octubre) en las instalaciones del Instituto Pascual Bravo, causando da\u00f1os que alcanzaron los 10 millones de pesos. El motivo era desquitarse de un ataque similar que los estudiantes del Pascual Bravo hab\u00edan realizado el d\u00eda mi\u00e9rcoles (12 de octubre), sin embargo, estas no fueron de gravedad. Al filtrarse la noticia los medios de comunicaci\u00f3n, iniciaron comentarios de que el Liceo era \u201cun nido de subversivos\u201d y que sus estudiantes \u201cno tienen respeto por ning\u00fan valor\u201d. Tambi\u00e9n hubo extra\u00f1eza en el suceso puesto que los estudiantes de las dos instituciones siempre hab\u00edan sido solidarios entre s\u00ed.<\/p>\n<p><strong>Im\u00e1genes: <\/strong>(IMA_C045), La manzana de la discordia (nombre de la foto), que describe en el pie de foto \u201cLa pedrea contra el bus del Instituto Pascual Bravo, fue la manzana de la discordia entre los estudiantes del Liceo Antioque\u00f1o y esa instituci\u00f3n. Luego del ataque del mi\u00e9rcoles, los incidentes se habr\u00edan presentado como consecuencia de \u00e9l. Ahora, en ambos colegios se suspendieron las actividades acad\u00e9micas en forma temporal. -Foto El Colombiano &#8211; Herv\u00e1squez-.<\/p>\n<p><strong>Archivos de Registro: <\/strong>REG_C045<\/p>\n<p><strong>&nbsp;<\/strong><strong>INFORMACI\u00d3N ANAL\u00cdTICA<\/strong><\/p>\n<p><strong>Contexto de la noticia: <\/strong>guerra entre Carteles del narcotr\u00e1fico, exterminio de la UP, Recrudecimiento del conflicto paramilitar, Asaltos bancarios EPL, Recrudecimiento del conflicto armado, 185 a\u00f1os de la U. de A,<\/p>\n<p><strong>Palabras clave:<\/strong> Acciones violentas, Da\u00f1o a bienes civiles, Liceo Antioque\u00f1o, Instituto Tecnol\u00f3gico Pascual Bravo<\/p>\n<p><strong>Sugerencia de palabras claves: <\/strong><\/p>\n<p><strong>Observaciones: <\/strong><\/p>\n<p><strong>Fecha de diligenciamiento: <\/strong>3 diciembre 2018<\/p>\n<h1 style=\"text-align: center;\">***<\/h1>\n<p><strong>N\u00famero de ficha<\/strong>: C-046&nbsp;&nbsp;&nbsp;&nbsp;&nbsp;&nbsp;&nbsp;&nbsp;&nbsp;&nbsp;&nbsp;&nbsp;&nbsp;&nbsp;&nbsp;&nbsp;&nbsp;&nbsp;&nbsp;&nbsp;&nbsp;&nbsp;&nbsp;&nbsp;&nbsp;&nbsp;&nbsp;&nbsp;&nbsp;&nbsp;&nbsp;&nbsp;&nbsp;&nbsp;&nbsp;&nbsp;&nbsp;&nbsp;&nbsp;&nbsp;&nbsp;&nbsp;&nbsp;&nbsp;&nbsp;&nbsp;&nbsp;&nbsp;&nbsp;&nbsp;&nbsp;&nbsp;&nbsp;<\/p>\n<p><strong>Diligenciada por: <\/strong>Paula Andrea Salamanca Hern\u00e1ndez<\/p>\n<p><strong>INFORMACI\u00d3N BIBLIOGR\u00c1FICA<\/strong><\/p>\n<p><strong>Peri\u00f3dico: <\/strong>El Colombiano<\/p>\n<p><strong>Lugar de edici\u00f3n: <\/strong>Medell\u00edn<\/p>\n<p><strong>Autor personal: <\/strong><\/p>\n<p><strong>Autor corporativo: <\/strong><\/p>\n<p><strong>Fecha: <\/strong>1988 octubre 15<\/p>\n<p><strong>P\u00e1gina: <\/strong>12C<\/p>\n<p><strong>Secci\u00f3n:<\/strong> Seguridad<\/p>\n<p><strong>Titular: <\/strong>Consejo Superior de la U. de A. suspendi\u00f3 clases en el Liceo<\/p>\n<p><strong>Resumen: <\/strong>el Consejo Superior de la Universidad de Antioquia, decidi\u00f3 a trav\u00e9s de un comunicado que fueran suspendidas de manera temporal las clases, y se programaran actividades especiales para el personal docente y administrativo. As\u00ed mismo el Consejo Superior, dijo que reconoc\u00eda que en \u201clos incidentes ocurridos durante la semana en el sector de El Volador, participaron personas extra\u00f1as al Liceo\u201d, expres\u00f3 preocupaci\u00f3n por las sistem\u00e1ticas pr\u00e1cticas violentas que se han dado por estudiantes del Liceo y personas fuera de \u00e9l. Llam\u00f3 a los padres de familia para que se solidaricen con la situaci\u00f3n y a la comunidad en general.<\/p>\n<p><strong>Im\u00e1genes: <\/strong>N\/A<\/p>\n<p><strong>Archivos de Registro: <\/strong>REG_C046<\/p>\n<p><strong>INFORMACI\u00d3N ANAL\u00cdTICA<\/strong><\/p>\n<p><strong>Contexto de la noticia: <\/strong>guerra entre Carteles del narcotr\u00e1fico, exterminio de la UP, Recrudecimiento del conflicto paramilitar, Asaltos bancarios EPL, Recrudecimiento del conflicto armado, 185 a\u00f1os de la U. de A,<\/p>\n<p><strong>Palabras clave:<\/strong> Respuestas institucionales, Cierre administrativo, Liceo Antioque\u00f1o, Instituto Tecnol\u00f3gico Pascual Bravo<\/p>\n<p><strong>Sugerencia de palabras claves: <\/strong><\/p>\n<p><strong>Observaciones: <\/strong><\/p>\n<p><strong>Fecha de diligenciamiento: <\/strong>3 diciembre 2018<\/p>\n<h1 style=\"text-align: center;\">***<\/h1>\n<p><strong>N\u00famero de ficha<\/strong>: C-047&nbsp;&nbsp;&nbsp;&nbsp;&nbsp;&nbsp;&nbsp;&nbsp;&nbsp;&nbsp;&nbsp;&nbsp;&nbsp;&nbsp;&nbsp;&nbsp;&nbsp;&nbsp;&nbsp;&nbsp;&nbsp;&nbsp;&nbsp;&nbsp;&nbsp;&nbsp;&nbsp;&nbsp;&nbsp;&nbsp;&nbsp;&nbsp;&nbsp;&nbsp;&nbsp;&nbsp;&nbsp;&nbsp;&nbsp;&nbsp;&nbsp;&nbsp;&nbsp;&nbsp;&nbsp;&nbsp;&nbsp;&nbsp;&nbsp;&nbsp;&nbsp;&nbsp;&nbsp;<\/p>\n<p><strong>Diligenciada por: <\/strong>Paula Andrea Salamanca Hern\u00e1ndez<\/p>\n<p><strong>INFORMACI\u00d3N BIBLIOGR\u00c1FICA<\/strong><\/p>\n<p><strong>Peri\u00f3dico: <\/strong>El Colombiano<\/p>\n<p><strong>Lugar de edici\u00f3n: <\/strong>Medell\u00edn<\/p>\n<p><strong>Autor personal: <\/strong><\/p>\n<p><strong>Autor corporativo: <\/strong><\/p>\n<p><strong>Fecha: <\/strong>1988 octubre 15<\/p>\n<p><strong>P\u00e1gina: <\/strong>12C<\/p>\n<p><strong>Secci\u00f3n:<\/strong> Seguridad<\/p>\n<p><strong>Titular: <\/strong>\u201cVinieron a destruir la casa y como nos \u00edbamos a dejar\u201d<\/p>\n<p><strong>Resumen: <\/strong>en un noticiero local de RCN, un estudiante del Liceo Antioque\u00f1o declar\u00f3; \u201cEl mi\u00e9rcoles fue un grupo muy peque\u00f1o de estudiantes, no se sabe siquiera si fueron estudiantes del Liceo, entre 5 o 10 alumnos, los cuales apedrearon el bus del Pascual (Bravo) y le quebraron los vidrios. Luego, siguieron hacia abajo. Nunca se entraron al colegio, ellos se quedaron en la calle porque yo los vi. Entonces los del Pascual Bravo optaron por encendernos a nosotros a piedra, a los que est\u00e1bamos en el colegio, nos apedrearon. Que pod\u00edamos hacer nosotros, como \u00edbamos a dejar que nos destruyeran el colegio. Nosotros un grupo por ah\u00ed m\u00e1ximo de 40 estudiantes los apedreamos a ellos.\u201d&nbsp;<\/p>\n<p><strong>Im\u00e1genes: <\/strong>N\/A<\/p>\n<p><strong>Archivos de Registro: <\/strong>REG_C047<\/p>\n<p><strong>INFORMACI\u00d3N ANAL\u00cdTICA<\/strong><\/p>\n<p><strong>Contexto de la noticia: <\/strong>guerra entre Carteles del narcotr\u00e1fico, exterminio de la UP, Recrudecimiento del conflicto paramilitar, Asaltos bancarios EPL, Recrudecimiento del conflicto armado, 185 a\u00f1os de la U. de A,<\/p>\n<p><strong>Palabras clave:<\/strong> Acciones de resistencia, Comunicados, Acciones violentas, Da\u00f1o a bienes civiles, Liceo Antioque\u00f1o, Instituto Tecnol\u00f3gico Pascual Bravo<\/p>\n<p><strong>Sugerencia de palabras claves: <\/strong><\/p>\n<p><strong>Observaciones: <\/strong>El a\u00f1o acad\u00e9mico fue clausurado, d\u00edas despu\u00e9s para el Liceo Antioque\u00f1o<\/p>\n<p><strong>Fecha de diligenciamiento: <\/strong>3 diciembre 2018<\/p>\n<h1 style=\"text-align: center;\">***<\/h1>\n<p><strong>N\u00famero de ficha<\/strong>: C-048&nbsp;&nbsp;&nbsp;&nbsp;&nbsp;&nbsp;&nbsp;&nbsp;&nbsp;&nbsp;&nbsp;&nbsp;&nbsp;&nbsp;&nbsp;&nbsp;&nbsp;&nbsp;&nbsp;&nbsp;&nbsp;&nbsp;&nbsp;&nbsp;&nbsp;&nbsp;&nbsp;&nbsp;&nbsp;&nbsp;&nbsp;&nbsp;&nbsp;&nbsp;&nbsp;&nbsp;&nbsp;&nbsp;&nbsp;&nbsp;&nbsp;&nbsp;&nbsp;&nbsp;&nbsp;&nbsp;&nbsp;&nbsp;&nbsp;&nbsp;&nbsp;&nbsp;&nbsp;<\/p>\n<p><strong>Diligenciada por: <\/strong>Paula Andrea Salamanca Hern\u00e1ndez<\/p>\n<p><strong>INFORMACI\u00d3N BIBLIOGR\u00c1FICA<\/strong><\/p>\n<p><strong>Peri\u00f3dico: <\/strong>El Colombiano<\/p>\n<p><strong>Lugar de edici\u00f3n: <\/strong>Medell\u00edn<\/p>\n<p><strong>Autor personal: <\/strong><\/p>\n<p><strong>Autor corporativo: <\/strong><\/p>\n<p><strong>Fecha: <\/strong>1988 octubre 19<\/p>\n<p><strong>P\u00e1gina: <\/strong>17B<\/p>\n<p><strong>Secci\u00f3n:<\/strong> Seguridad<\/p>\n<p><strong>Titular: <\/strong>Estudiantes del Pascual Bravo atacaron el Liceo Antioque\u00f1o<\/p>\n<p><strong>Resumen: <\/strong>\u201cHacia las doce y treinta del d\u00eda de ayer, alrededor de 200 estudiantes, al perecer del Instituto Pascual Bravo, penetraron en las instalaciones del Liceo Antioque\u00f1o y produjeron p\u00e9rdidas cuya cuant\u00eda, si bien no ha sido establecida plenamente, s\u00ed es millonaria.\u201d&nbsp; Cerca de la diagonal 73 los bloques que estaban all\u00ed fueron atacados por encapuchados quienes destruyeron salones de clases, laboratorios, implementos de oficina y documentos, lanzaron petardos y piedras. Objetos como ventanas y puertas quedaron completamente destruidos, un sal\u00f3n de quinto de bachillerato fue incendiado y el laboratorio de qu\u00edmica fue arrasado.<\/p>\n<p>Al intentar un segundo ataque, los amotinados llegaron hasta el bloque administrativo, destruyendo de nuevo, vidrios, implementos de oficina e intentaron incendiar los archivos. Un estudiante que trat\u00f3 de detener el incendio de los archivos y defender a la secretar\u00eda que los custodiaba, fue atacado con guijarros y petardos, terminando herido en la cabeza.<\/p>\n<p>Las p\u00e9rdidas fueron millonarias, el Liceo y el Pascual Bravo quedaron vigilados por la Polic\u00eda Militar y, las directivas de la Universidad de Antioquia se reunir\u00edan a trav\u00e9s del Consejo Superior para emitir un comunicado oficial.&nbsp;<\/p>\n<p><strong>Im\u00e1genes: <\/strong>(IMA_C048), que describe en el pie de foto \u201cEn el bloque que ocupan los estudiantes de d\u00e9cimo grado, fueron destruidos varios salones de clase, los laboratorios de f\u00edsica y qu\u00edmica, el sal\u00f3n de los profesores y los ba\u00f1os. Con petardos, piedras y palos fueron atacadas las instalaciones del Liceo, que se encontraba \u00fanicamente vigilado por tres personas, desarmadas. <strong>\u2014<\/strong>Foto El Colombiano &#8211; Wilson Daza<strong>\u2014<\/strong><\/p>\n<p><strong>Archivos de Registro: <\/strong>REG_C048<\/p>\n<p><strong>INFORMACI\u00d3N ANAL\u00cdTICA<\/strong><\/p>\n<p><strong>Contexto de la noticia: <\/strong>guerra entre Carteles del narcotr\u00e1fico, exterminio de la UP, Recrudecimiento del conflicto paramilitar, Asaltos bancarios EPL, Recrudecimiento del conflicto armado, 185 a\u00f1os de la U. de A,<\/p>\n<p><strong>Palabras clave:<\/strong> Acciones violentas, Da\u00f1o a bienes civiles, Uso de petardos y explosivos, Polic\u00eda, Liceo Antioque\u00f1o, Instituto Tecnol\u00f3gico Pascual Bravo<\/p>\n<p><strong>Sugerencia de palabras claves: <\/strong><\/p>\n<p><strong>Observaciones: <\/strong>los ataques fueron una retaliaci\u00f3n a un ataque que los estudiantes del Liceo hab\u00edan hecho la semana anterior, en el Instituto Pascual Bravo. Al d\u00eda siguiente de la publicaci\u00f3n de la noticia (20 de octubre), el a\u00f1o acad\u00e9mico del Liceo fue clausurado, medida tomada por el Consejo Superior de la Universidad de Antioquia. Otra versi\u00f3n que dieron los testigos sobre el ataque al Liceo, era que los \u201cv\u00e1ndalos portaban rev\u00f3lveres y trabucos, piedras garrotes y bombas molotov.\u201d<\/p>\n<p><strong>Fecha de diligenciamiento: <\/strong>3 diciembre 2018<\/p>\n<h1 style=\"text-align: center;\">***<\/h1>\n<p><strong>N\u00famero de ficha<\/strong>: C-049&nbsp;&nbsp;&nbsp;&nbsp;&nbsp;&nbsp;&nbsp;&nbsp;&nbsp;&nbsp;&nbsp;&nbsp;&nbsp;&nbsp;&nbsp;&nbsp;&nbsp;&nbsp;&nbsp;&nbsp;&nbsp;&nbsp;&nbsp;&nbsp;&nbsp;&nbsp;&nbsp;&nbsp;&nbsp;&nbsp;&nbsp;&nbsp;&nbsp;&nbsp;&nbsp;&nbsp;&nbsp;&nbsp;&nbsp;&nbsp;&nbsp;&nbsp;&nbsp;&nbsp;&nbsp;&nbsp;&nbsp;&nbsp;&nbsp;&nbsp;&nbsp;&nbsp;&nbsp;<\/p>\n<p><strong>Diligenciada por: <\/strong>Paula Andrea Salamanca Hern\u00e1ndez<\/p>\n<p><strong>INFORMACI\u00d3N BIBLIOGR\u00c1FICA<\/strong><\/p>\n<p><strong>Peri\u00f3dico: <\/strong>El Colombiano<\/p>\n<p><strong>Lugar de edici\u00f3n: <\/strong>Medell\u00edn<\/p>\n<p><strong>Autor personal: <\/strong><\/p>\n<p><strong>Autor corporativo: <\/strong><\/p>\n<p><strong>Fecha: <\/strong>1988 octubre 22<\/p>\n<p><strong>P\u00e1gina: <\/strong>11C<\/p>\n<p><strong>Secci\u00f3n:<\/strong> Seguridad<\/p>\n<p><strong>Titular: <\/strong>Allanan residencias de dos profesores del Liceo Antioque\u00f1o<\/p>\n<p><strong>Resumen:<\/strong> dos residencias de profesores del Liceo Antioque\u00f1o fueron allanadas por unidades de la Polic\u00eda Militar. Uno de los allanamientos se dio en la casa de la profesora Rubiela Arboleda G\u00f3mez, quien se desempe\u00f1aba como jefe del Departamento de Educaci\u00f3n F\u00edsica del Liceo, dentro del allanamiento hubo requisas en su biblioteca y sus documentos, tambi\u00e9n se llevaron una de sus fotograf\u00edas. Cuando fueron ella no estaba en casa.<\/p>\n<p>La otra vivienda que fue allanada fue la del profesor Oscar Londo\u00f1o, jefe del Departamento de Ciencias Naturales y Exactas del Liceo, su casa estaba ubicada en Bello y \u00e9l, adem\u00e1s, era concejal de Belmira por el liberalismo.<\/p>\n<p>Docentes del Liceo rechazaron los allanamientos y pidieron que se investigaran los actos de violencia que estaban ocurriendo en las instalaciones del Liceo y del Instituto Pascual Bravo. Por \u00faltimo, el a\u00f1o acad\u00e9mico del Liceo fue clausurado y las directivas de la Universidad de Antioquia declararon insubsistente el cargo del director acad\u00e9mico del Liceo.<\/p>\n<p><strong>Im\u00e1genes: <\/strong>N\/A<\/p>\n<p><strong>Archivos de Registro: <\/strong>REG_C049<\/p>\n<p><strong>INFORMACI\u00d3N ANAL\u00cdTICA<\/strong><\/p>\n<p><strong>Contexto de la noticia: <\/strong>guerra entre Carteles del narcotr\u00e1fico, exterminio de la UP, Recrudecimiento del conflicto paramilitar, Asaltos bancarios EPL, Recrudecimiento del conflicto armado, 185 a\u00f1os de la U. de A,<\/p>\n<p><strong>Palabras clave:<\/strong> Acciones violentas, Infiltraci\u00f3n de agentes del Estado<\/p>\n<p><strong>Sugerencia de palabras claves: <\/strong><\/p>\n<p><strong>Observaciones: <\/strong>N\/A<\/p>\n<p><strong>Fecha de diligenciamiento: <\/strong>3 diciembre 2018<\/p>\n<h1 style=\"text-align: center;\">***<\/h1>\n<p><strong>N\u00famero de ficha<\/strong>: C-050&nbsp;&nbsp;&nbsp;&nbsp;&nbsp;&nbsp;&nbsp;&nbsp;&nbsp;&nbsp;&nbsp;&nbsp;&nbsp;&nbsp;&nbsp;&nbsp;&nbsp;&nbsp;&nbsp;&nbsp;&nbsp;&nbsp;&nbsp;&nbsp;&nbsp;&nbsp;&nbsp;&nbsp;&nbsp;&nbsp;&nbsp;&nbsp;&nbsp;&nbsp;&nbsp;&nbsp;&nbsp;&nbsp;&nbsp;&nbsp;&nbsp;&nbsp;&nbsp;&nbsp;&nbsp;&nbsp;&nbsp;&nbsp;&nbsp;&nbsp;&nbsp;&nbsp;&nbsp;<\/p>\n<p><strong>Diligenciada por: <\/strong>Paula Andrea Salamanca Hern\u00e1ndez<\/p>\n<p><strong>INFORMACI\u00d3N BIBLIOGR\u00c1FICA<\/strong><\/p>\n<p><strong>Peri\u00f3dico: <\/strong>El Colombiano<\/p>\n<p><strong>Lugar de edici\u00f3n: <\/strong>Medell\u00edn<\/p>\n<p><strong>Autor personal: <\/strong><\/p>\n<p><strong>Autor corporativo: <\/strong><\/p>\n<p><strong>Fecha: <\/strong>1988 octubre 26<\/p>\n<p><strong>P\u00e1gina: <\/strong>3A<\/p>\n<p><strong>Secci\u00f3n:<\/strong> Plana\/Tres<\/p>\n<p><strong>Titular: <\/strong>Des\u00f3rdenes en la Universidad de Antioquia<\/p>\n<p><strong>Resumen:<\/strong> \u201cLa administraci\u00f3n central de la Universidad de Antioquia informa a la comunidad universitaria y a la ciudadan\u00eda que este martes, 25 de octubre, al concluir una asamblea estudiantil a las 12:45 pm, un peque\u00f1o grupo que sali\u00f3 del teatro recorri\u00f3 algunos bloques de la ciudadela, haciendo explotar numerosos petardos, de los conocidos como \u201cbombas papas\u201d.<\/p>\n<p>Con tales acciones se pretend\u00eda perturbar las actividades acad\u00e9micas, investigativas y de extensi\u00f3n que se han venido cumpliendo normalmente, seg\u00fan la voluntad expresa de todos los estamentos universitarios.<\/p>\n<p>M\u00e1s tarde cuando ya la normalidad hab\u00eda retornado a la ciudad universitaria, las directivas conocieron la noticia de la muerte del estudiante Mario Alonso Tob\u00f3n Alzate, ocurrida en la carrera Juan de Corral con la calle Moore, en las cercan\u00edas de la iglesia Jes\u00fas Nazareno, en circunstancias que no han sido a\u00fan aclaradas por las autoridades investigadoras.<\/p>\n<p>Mario Alonso Tob\u00f3n estaba matriculado en el tercer nivel del programa de Biolog\u00eda de la Facultad de Ciencias Exactas y Naturales y seg\u00fan consta en su hoja de vida, se trataba de un estudiante con buen rendimiento acad\u00e9mico.<\/p>\n<p>Las directivas del Alma Mater expresan su voz de condolencia a los padres, familiares, amigos, profesores y compa\u00f1eros de estudio de Mario Alonso y convocan a la solidaridad en estos momentos dif\u00edciles que viven la universidad y el pa\u00eds.<\/p>\n<p><em>Luis Javier Arroyave M., Rector<\/em><\/p>\n<p><em>Roberto Le\u00f3n Ojalvo P., secretario general <\/em><\/p>\n<p><em>Medell\u00edn octubre 25 de 1988\u201d<\/em><\/p>\n<p>Mario Alonso Tob\u00f3n hab\u00eda nacido en Bogot\u00e1, el 10 de marzo de 1967, hab\u00eda hecho sus estudios de bachillerato en el Liceo Departamental Integrado Enrique V\u00e9lez, ubicado en Itag\u00fc\u00ed, donde tambi\u00e9n resid\u00eda. Hab\u00eda sido estudiante de la Universidad Nacional, sede Medell\u00edn en el pregrado de Zootecnia, para luego pasar por transferencia externa, al pregrado de Biolog\u00eda en la U. de A.&nbsp;&nbsp;&nbsp;<\/p>\n<p><strong>Im\u00e1genes: <\/strong>N\/A<\/p>\n<p><strong>Archivos de Registro: <\/strong>REG_C050<\/p>\n<p><strong>INFORMACI\u00d3N ANAL\u00cdTICA<\/strong><\/p>\n<p><strong>Contexto de la noticia: <\/strong>guerra entre Carteles del narcotr\u00e1fico, exterminio de la UP, Recrudecimiento del conflicto paramilitar, Asaltos bancarios EPL, Recrudecimiento del conflicto armado, 185 a\u00f1os de la U. de A,<\/p>\n<p><strong>Palabras clave:<\/strong> Asamblea de estudiantes, Acciones violentas, Uso de petardos y explosivos, Acciones de resistencia, Comunicados, Estudiante, Facultad de Ciencias Exactas y Naturales, Administraci\u00f3n central<\/p>\n<p><strong>Sugerencia de palabras claves:<\/strong><\/p>\n<p><strong>Observaciones: <\/strong>la muerte o las circunstancias de muerte del estudiante no fueron descritas ni aclaradas a lo largo del relato, por ende, clasificar su muerte en una categor\u00eda o palabra clave no es objetivo<\/p>\n<p><strong>Fecha de diligenciamiento: <\/strong>4 diciembre 2018<\/p>\n<h1 style=\"text-align: center;\">***<\/h1>\n<p><strong>N\u00famero de ficha<\/strong>: C-051&nbsp;&nbsp;&nbsp;&nbsp;&nbsp;&nbsp;&nbsp;&nbsp;&nbsp;&nbsp;&nbsp;&nbsp;&nbsp;&nbsp;&nbsp;&nbsp;&nbsp;&nbsp;&nbsp;&nbsp;&nbsp;&nbsp;&nbsp;&nbsp;&nbsp;&nbsp;&nbsp;&nbsp;&nbsp;&nbsp;&nbsp;&nbsp;&nbsp;&nbsp;&nbsp;&nbsp;&nbsp;&nbsp;&nbsp;&nbsp;&nbsp;&nbsp;&nbsp;&nbsp;&nbsp;&nbsp;&nbsp;&nbsp;&nbsp;&nbsp;&nbsp;&nbsp;&nbsp;<\/p>\n<p><strong>Diligenciada por: <\/strong>Paula Andrea Salamanca Hern\u00e1ndez<\/p>\n<p><strong>INFORMACI\u00d3N BIBLIOGR\u00c1FICA<\/strong><\/p>\n<p><strong>Peri\u00f3dico: <\/strong>El Colombiano<\/p>\n<p><strong>Lugar de edici\u00f3n: <\/strong>Medell\u00edn<\/p>\n<p><strong>Autor personal: <\/strong><\/p>\n<p><strong>Autor corporativo: <\/strong><\/p>\n<p><strong>Fecha: <\/strong>1988 octubre 26<\/p>\n<p><strong>P\u00e1gina: <\/strong>8D<\/p>\n<p><strong>Secci\u00f3n:<\/strong> Espect\u00e1culos<\/p>\n<p><strong>Titular: <\/strong>Investigar a directivas de la U. de A. piden profesores del Liceo Antioque\u00f1o<\/p>\n<p><strong>Resumen:<\/strong> ante la Procuradur\u00eda Regional varios profesores del Liceo Antioque\u00f1o solicitaron investigar al comit\u00e9 rectoral de la Universidad de Antioquia, el motivo, \u201cnegligencia administrativa y abuso de poder\u201d; todo guarda relaci\u00f3n con los sucesos violentos que padeci\u00f3 el Liceo. Los educadores manifestaron que, ante los acontecimientos violentos ocurridos en el Liceo, la Universidad no actu\u00f3 con eficacia para impedir que otras personas ajenas al Liceo, ingresaran a causar estragos. Igualmente, padres de familia, solicitaron un debate en la Asamblea de Antioquia sobre el presente y futuro de la instituci\u00f3n. Por \u00faltimo, la comisi\u00f3n compuesta por padres de familia y profesores, anunciaron que luchar\u00edan porque el Liceo no fuera cerrado.<\/p>\n<p><strong>Im\u00e1genes: <\/strong>N\/A<\/p>\n<p><strong>Archivos de Registro: <\/strong>REG_C051<\/p>\n<p><strong>INFORMACI\u00d3N ANAL\u00cdTICA<\/strong><\/p>\n<p><strong>Contexto de la noticia: <\/strong>guerra entre Carteles del narcotr\u00e1fico, exterminio de la UP, Recrudecimiento del conflicto paramilitar, Asaltos bancarios EPL, Recrudecimiento del conflicto armado, 185 a\u00f1os de la U. de A,<\/p>\n<p><strong>Palabras clave:<\/strong> Organizaciones de profesores, Liceo Antioque\u00f1o<\/p>\n<p><strong>Sugerencia de palabras claves: <\/strong><\/p>\n<p><strong>Observaciones: <\/strong><\/p>\n<p><strong>Fecha de diligenciamiento: <\/strong>3 diciembre 2018<\/p>\n<h1 style=\"text-align: center;\">***<\/h1>\n<p><strong>N\u00famero de ficha<\/strong>: C-052&nbsp;&nbsp;&nbsp;&nbsp;&nbsp;&nbsp;&nbsp;&nbsp;&nbsp;&nbsp;&nbsp;&nbsp;&nbsp;&nbsp;&nbsp;&nbsp;&nbsp;&nbsp;&nbsp;&nbsp;&nbsp;&nbsp;&nbsp;&nbsp;&nbsp;&nbsp;&nbsp;&nbsp;&nbsp;&nbsp;&nbsp;&nbsp;&nbsp;&nbsp;&nbsp;&nbsp;&nbsp;&nbsp;&nbsp;&nbsp;&nbsp;&nbsp;&nbsp;&nbsp;&nbsp;&nbsp;&nbsp;&nbsp;&nbsp;&nbsp;&nbsp;&nbsp;&nbsp;<\/p>\n<p><strong>Diligenciada por: <\/strong>Paula Andrea Salamanca Hern\u00e1ndez<\/p>\n<p><strong>INFORMACI\u00d3N BIBLIOGR\u00c1FICA<\/strong><\/p>\n<p><strong>Peri\u00f3dico: <\/strong>El Colombiano<\/p>\n<p><strong>Lugar de edici\u00f3n: <\/strong>Medell\u00edn<\/p>\n<p><strong>Autor personal: <\/strong><\/p>\n<p><strong>Autor corporativo: <\/strong><\/p>\n<p><strong>Fecha: <\/strong>1988 noviembre 2<\/p>\n<p><strong>P\u00e1gina: <\/strong>18B<\/p>\n<p><strong>Secci\u00f3n:<\/strong> Seguridad<\/p>\n<p><strong>Titular: <\/strong>Asesinados dos profesores de la U. de A.<\/p>\n<p><strong>Resumen:<\/strong> en el centro de la ciudad de Medell\u00edn, a las 8:45 de la noche, un campero Nissan, de color azul en el que iban dos profesores catedr\u00e1ticos de la Universidad, colision\u00f3 contra un Renault 18 que en ese momento era empujado por agentes del DAS. La versi\u00f3n entregada por el director de la seccional DAS fue que, \u201clos ocupantes del campero emprendieron la fuga, lo que motiv\u00f3 la persecuci\u00f3n de los agentes\u201d, \u201cdespu\u00e9s del golpe, el veh\u00edculo Nissan trat\u00f3 de desaparecer, entonces los agentes iniciaron la persecuci\u00f3n, m\u00e1s adelante pidieron apoyo de un personal de la Polic\u00eda; antes de pasar por el CAI hab\u00eda habido un intercambio de disparos, seg\u00fan algunas versiones\u201d. Los profesores fallecieron dentro del veh\u00edculo, en la direcci\u00f3n Carrera 57 con Calle 50.<\/p>\n<p>El director encargado de la seccional del DAS dijo que \u201clo m\u00e1s importante en este momento es que sepa la ciudadan\u00eda, que se solicit\u00f3 a la Direcci\u00f3n de Instrucci\u00f3n Criminal un juez ambulante, para que adelante la investigaci\u00f3n, de una parte. Y de otra parte se pidi\u00f3 a la Procuradur\u00eda Primera Regional, para que nombre un agente especial que vigile el desarrollo de la investigaci\u00f3n.\u201d Dijo tambi\u00e9n que ellos (DAS) eran los m\u00e1s interesados en que se aclararan los hechos; inform\u00f3, a su vez, que dentro de las personas que empujaban el veh\u00edculo se encontraban \u201ctres detectives y unos ni\u00f1os que estaban celebrando su d\u00eda y ayudaban a empujar el carro, parece que hay uno gravemente herido.\u201d<\/p>\n<p>En cuanto al tema de los disparos el director seccional del DAS, dijo \u201cvuelvo a insistir en que no hubo enfrentamiento. Simplemente se present\u00f3 una colisi\u00f3n entre el Nissan y el Renault 18, que qued\u00f3 golpeado por detr\u00e1s mientras el campero abandon\u00f3 el sitio.\u201d Dentro del suceso hubo tres agentes retenidos, Norberto Cabrera, Narciso Mayorga y Samuel Ru\u00edz, con quienes se adelantar\u00eda parte de la investigaci\u00f3n. Aunque algunas versiones dec\u00edan que estas personas eran escoltas de la direcci\u00f3n, eso fue desmentido por el director de la regional, \u201cellos no eran escoltas y en el momento del suceso no estaban cumpliendo labores de escolta.\u201d<\/p>\n<p>Los distintos estamentos de la Universidad se pronunciaron al respecto, incluso el Consejo Directivo tuvo una reuni\u00f3n en la que expidi\u00f3 un extenso comunicado que, entre otras cosas, declar\u00f3 tres d\u00edas de duelo por la muerte de los catedr\u00e1ticos. Quienes fallecieron fueron Emiro Trujillo Uribe que era m\u00e9dico de la Universidad y mag\u00edster en Salud P\u00fablica y estaba pr\u00f3ximo a cumplir 20 a\u00f1os de vinculaci\u00f3n y, Leonardo Lindarte Carvajal que era profesor de tiempo completo de la Universidad y asesor en distintos organismos de desarrollo a nivel regional. A los dos la comunidad universitaria los describ\u00eda como personas pac\u00edficas.&nbsp;&nbsp;<\/p>\n<p><strong>Im\u00e1genes: <\/strong>(IMA_C052), que describe en el pie de foto Emiro Trujillo Uribe (izquierda) y Leonardo Lindarte Carvajal (derecha)<\/p>\n<p><strong>Archivos de Registro: <\/strong>REG_C052<\/p>\n<p><strong>INFORMACI\u00d3N ANAL\u00cdTICA<\/strong><\/p>\n<p><strong>Contexto de la noticia: <\/strong>guerra entre Carteles del narcotr\u00e1fico, exterminio de la UP, Recrudecimiento del conflicto paramilitar, Asaltos bancarios EPL, Recrudecimiento del conflicto armado, 185 a\u00f1os de la U. de A, Retenci\u00f3n de Fabiola Lalinde<\/p>\n<p><strong>Palabras clave:<\/strong> Acciones violentas, Asesinato, Trujillo Uribe Emiro, Lindarte Carvajal Leonardo, DAS, Asociaci\u00f3n de profesores, Gobernador Roldan Antonio, Escuela Nacional de Salud<\/p>\n<p><strong>Sugerencia de palabras claves: <\/strong><\/p>\n<p><strong>Observaciones: <\/strong>la noticia tambi\u00e9n sali\u00f3 en portada, sin embargo, la informaci\u00f3n completa se encontraba en la p\u00e1gina ya descrita. En su momento quien fuera el Consejero Presidencial para la Defensa de los Derechos Humanos, \u00c1lvaro Tirado Mej\u00eda, mediante una comunicaci\u00f3n que envi\u00f3 al director del general del DAS, pidi\u00f3 una exhaustiva investigaci\u00f3n para aclarar las circunstancias en las que murieron los profesores Emiro y Leonardo.<\/p>\n<p><strong>Fecha de diligenciamiento: <\/strong>4 diciembre 2018<\/p>\n<h1 style=\"text-align: center;\">***<\/h1>\n<p><strong>N\u00famero de ficha<\/strong>: C-053&nbsp;&nbsp;&nbsp;&nbsp;&nbsp;&nbsp;&nbsp;&nbsp;&nbsp;&nbsp;&nbsp;&nbsp;&nbsp;&nbsp;&nbsp;&nbsp;&nbsp;&nbsp;&nbsp;&nbsp;&nbsp;&nbsp;&nbsp;&nbsp;&nbsp;&nbsp;&nbsp;&nbsp;&nbsp;&nbsp;&nbsp;&nbsp;&nbsp;&nbsp;&nbsp;&nbsp;&nbsp;&nbsp;&nbsp;&nbsp;&nbsp;&nbsp;&nbsp;&nbsp;&nbsp;&nbsp;&nbsp;&nbsp;&nbsp;&nbsp;&nbsp;&nbsp;&nbsp;<\/p>\n<p><strong>Diligenciada por: <\/strong>Paula Andrea Salamanca Hern\u00e1ndez<\/p>\n<p><strong>INFORMACI\u00d3N BIBLIOGR\u00c1FICA<\/strong><\/p>\n<p><strong>Peri\u00f3dico: <\/strong>El Colombiano<\/p>\n<p><strong>Lugar de edici\u00f3n: <\/strong>Medell\u00edn<\/p>\n<p><strong>Autor personal: <\/strong><\/p>\n<p><strong>Autor corporativo: <\/strong><\/p>\n<p><strong>Fecha: <\/strong>1988 noviembre 4<\/p>\n<p><strong>P\u00e1gina: <\/strong>12C<\/p>\n<p><strong>Secci\u00f3n:<\/strong> Generales<\/p>\n<p><strong>Titular: <\/strong>Estudiantes piden investigar muerte de Mario Alonso Tob\u00f3n<\/p>\n<p><strong>Resumen: <\/strong>los estudiantes del Departamentos de Biolog\u00eda de la Universidad, solicitaron una investigaci\u00f3n sobre el asesinato de Mario Alonso Tob\u00f3n Alzate que \u201cseg\u00fan testigos fue muerto por agentes de polic\u00eda el pasado 25 de octubre en una calle cercana al Alma Mater.\u201d Durante una rueda de prensa los estudiantes repartieron la reproducci\u00f3n de un testimonio que hab\u00eda dado un testigo que estuvo presente en los hechos \u201cla polic\u00eda le dispar\u00f3 a Mario Alonso Tob\u00f3n\u2026\u201d, \u201clos polic\u00edas que dispararon no dejaron acercar a nadie\u2026\u201d, \u201cLuego, los polic\u00edas se dispersaron y ah\u00ed se pudo observar de cerca quien hab\u00eda sido el asesinado. Luego lleg\u00f3 la patrulla 30-508 y averiguan qui\u00e9n ha visto lo sucedido, sale un testigo y acula a la polic\u00eda, le piden c\u00e9dula, hablan con \u00e9l y al rato sube al carro. Cuando el testigo dice que fue la polic\u00eda, un polic\u00eda transmite por la radio que hay la posibilidad que fuesen guerrilleros disfrazados de autoridad. Esto lo hace por orden del jefe de la patrulla.\u201d<\/p>\n<p>Adem\u00e1s de lo denunciado, los estudiantes reunidos en el sal\u00f3n de Consejos de la Universidad, les dijeron a los periodistas que en el transcurso del velorio del estudiante la polic\u00eda \u201cestuvo rondando muy cerca\u201d, lo que fue interpretado por ellos, como \u201cuna abierta provocaci\u00f3n.\u201d Por \u00faltimo, el rector de la Universidad, hizo un llamado a todos los estamentos, a mantener abierta y funcionando la Universidad.<\/p>\n<p><strong>Im\u00e1genes: <\/strong>N\/A<\/p>\n<p><strong>Archivos de Registro: <\/strong>REG_C053<\/p>\n<p><strong>INFORMACI\u00d3N ANAL\u00cdTICA<\/strong><\/p>\n<p><strong>Contexto de la noticia: <\/strong>guerra entre Carteles del narcotr\u00e1fico, exterminio de la UP, Recrudecimiento del conflicto paramilitar, Asaltos bancarios EPL, Recrudecimiento del conflicto armado, 185 a\u00f1os de la U. de A, Retenci\u00f3n de Fabiola Lalinde<\/p>\n<p><strong>Palabras clave:<\/strong> Acciones violentas, Asesinato selectivo, Tob\u00f3n Alzate Mario Alonso, Facultad de Ciencias Exactas y Naturales, Polic\u00eda, Acciones de resistencia, Acciones legales<\/p>\n<p><strong>Sugerencia de palabras claves: <\/strong><\/p>\n<p><strong>Observaciones: <\/strong>por otra parte, los estudiantes se quejaron del clima de inseguridad en la Universidad, por intentos de robo y otras situaciones delictivas. A su vez dos d\u00edas atr\u00e1s<\/p>\n<p><strong>Fecha de diligenciamiento: <\/strong>4 diciembre 2018<\/p>\n<h1 style=\"text-align: center;\">***<\/h1>\n<p><strong>N\u00famero de ficha<\/strong>: C-054&nbsp;&nbsp;&nbsp;&nbsp;&nbsp;&nbsp;&nbsp;&nbsp;&nbsp;&nbsp;&nbsp;&nbsp;&nbsp;&nbsp;&nbsp;&nbsp;&nbsp;&nbsp;&nbsp;&nbsp;&nbsp;&nbsp;&nbsp;&nbsp;&nbsp;&nbsp;&nbsp;&nbsp;&nbsp;&nbsp;&nbsp;&nbsp;&nbsp;&nbsp;&nbsp;&nbsp;&nbsp;&nbsp;&nbsp;&nbsp;&nbsp;&nbsp;&nbsp;&nbsp;&nbsp;&nbsp;&nbsp;&nbsp;&nbsp;&nbsp;&nbsp;&nbsp;&nbsp;<\/p>\n<p><strong>Diligenciada por: <\/strong>Paula Andrea Salamanca Hern\u00e1nde<\/p>\n<p><strong>INFORMACI\u00d3N BIBLIOGR\u00c1FICA<\/strong><\/p>\n<p><strong>Peri\u00f3dico: <\/strong>El Colombiano<\/p>\n<p><strong>Lugar de edici\u00f3n: <\/strong>Medell\u00edn<\/p>\n<p><strong>Autor personal: <\/strong><\/p>\n<p><strong>Autor corporativo: <\/strong>Colprensa, Bogot\u00e1 (25)<\/p>\n<p><strong>Fecha: <\/strong>1988 noviembre 26<\/p>\n<p><strong>P\u00e1gina: <\/strong>6B<\/p>\n<p><strong>Secci\u00f3n:<\/strong> Nacional&nbsp;<\/p>\n<p><strong>Titular: <\/strong>Rectores universitarios rechazan actos de barbarie<\/p>\n<p><strong>Resumen:<\/strong> el Consejo Nacional de Rectores de Universidades, ASCUN, a trav\u00e9s de un comunicado expres\u00f3 su rechazo por la ola de violencia que viv\u00eda el pa\u00eds, pidi\u00f3 al Estado agotar todos los medios que fueran necesarios para lograr \u201cla seguridad para todos los colombianos\u201d, repeler el crimen y ayudar al esclarecimiento de los mismos. Expresaron solidaridad con las instituciones y personas, especialmente del sector educativo que han sido v\u00edctimas de asesinatos, atentados e intimidaciones.<\/p>\n<p><strong>Im\u00e1genes: <\/strong>N\/A<\/p>\n<p><strong>Archivos de Registro: <\/strong>REG_C054<\/p>\n<p><strong>INFORMACI\u00d3N ANAL\u00cdTICA<\/strong><\/p>\n<p><strong>Contexto de la noticia: <\/strong>guerra entre Carteles del narcotr\u00e1fico, exterminio de la UP, Recrudecimiento del conflicto paramilitar, Asaltos bancarios EPL, Recrudecimiento del conflicto armado, 185 a\u00f1os de la U. de A,<\/p>\n<p><strong>Palabras clave:<\/strong> Acciones de resistencia, Comunicados, ASCUN<\/p>\n<p><strong>Sugerencia de palabras claves: <\/strong><\/p>\n<p><strong>Observaciones: <\/strong><\/p>\n<p><strong>Fecha de diligenciamiento: <\/strong>4 diciembre 2018<\/p>\n<h1 style=\"text-align: center;\">***<\/h1>\n<p><strong>N\u00famero de ficha<\/strong>: C-055&nbsp;&nbsp;&nbsp;&nbsp;&nbsp;&nbsp;&nbsp;&nbsp;&nbsp;&nbsp;&nbsp;&nbsp;&nbsp;&nbsp;&nbsp;&nbsp;&nbsp;&nbsp;&nbsp;&nbsp;&nbsp;&nbsp;&nbsp;&nbsp;&nbsp;&nbsp;&nbsp;&nbsp;&nbsp;&nbsp;&nbsp;&nbsp;&nbsp;&nbsp;&nbsp;&nbsp;&nbsp;&nbsp;&nbsp;&nbsp;&nbsp;&nbsp;&nbsp;&nbsp;&nbsp;&nbsp;&nbsp;&nbsp;&nbsp;&nbsp;&nbsp;&nbsp;<\/p>\n<p><strong>Diligenciada por: <\/strong>Paula Andrea Salamanca Hern\u00e1ndez<\/p>\n<p><strong>INFORMACI\u00d3N BIBLIOGR\u00c1FICA<\/strong><\/p>\n<p><strong>Peri\u00f3dico: <\/strong>El Colombiano<\/p>\n<p><strong>Lugar de edici\u00f3n: <\/strong>Medell\u00edn<\/p>\n<p><strong>Autor personal: <\/strong><\/p>\n<p><strong>Autor corporativo: <\/strong><\/p>\n<p><strong>Fecha: <\/strong>1988 noviembre 28<\/p>\n<p><strong>P\u00e1gina: <\/strong>10B<\/p>\n<p><strong>Secci\u00f3n:<\/strong> Seguridad&nbsp;<\/p>\n<p><strong>Titular: <\/strong>Homicidios \/ Sucesos breves<\/p>\n<p><strong>Resumen:<\/strong> \u201cEn la carrera 15\u00aa con calle 50, el Juez 77 de instrucci\u00f3n Criminal diligenci\u00f3 el levantamiento del cad\u00e1ver de Juan Guillermo Pel\u00e1ez Narv\u00e1ez, estudiante de la Universidad de Antioquia y unos 22 a\u00f1os de edad. El informe oficial indica que la v\u00edctima recibi\u00f3 varios impactos de bala.\u201d&nbsp;<\/p>\n<p><strong>Im\u00e1genes: <\/strong>N\/A<\/p>\n<p><strong>Archivos de Registro: <\/strong>REG_C055<\/p>\n<p><strong>INFORMACI\u00d3N ANAL\u00cdTICA<\/strong><\/p>\n<p><strong>Contexto de la noticia: <\/strong>guerra entre Carteles del narcotr\u00e1fico, exterminio de la UP, Recrudecimiento del conflicto paramilitar, Asaltos bancarios EPL, Recrudecimiento del conflicto armado, 185 a\u00f1os de la U. de A,<\/p>\n<p><strong>Palabras clave:<\/strong> Acciones violentas, Asesinato, Pel\u00e1ez Narv\u00e1ez&nbsp; Juan Guillermo, Estudiante<\/p>\n<p><strong>Sugerencia de palabras claves: <\/strong><\/p>\n<p><strong>Observaciones: <\/strong>la noticia es muy corta, as\u00ed que fue transcrita tal cual apareci\u00f3 en el peri\u00f3dico.<\/p>\n<p><strong>Fecha de diligenciamiento: <\/strong>4 diciembre 2018<\/p>\n<h1 style=\"text-align: center;\">***<\/h1>\n<p><strong>N\u00famero de ficha<\/strong>: C-056&nbsp;&nbsp;&nbsp;&nbsp;&nbsp;&nbsp;&nbsp;&nbsp;&nbsp;&nbsp;&nbsp;&nbsp;&nbsp;&nbsp;&nbsp;&nbsp;&nbsp;&nbsp;&nbsp;&nbsp;&nbsp;&nbsp;&nbsp;&nbsp;&nbsp;&nbsp;&nbsp;&nbsp;&nbsp;&nbsp;&nbsp;&nbsp;&nbsp;&nbsp;&nbsp;&nbsp;&nbsp;&nbsp;&nbsp;&nbsp;&nbsp;&nbsp;&nbsp;&nbsp;&nbsp;&nbsp;&nbsp;&nbsp;&nbsp;&nbsp;&nbsp;&nbsp;&nbsp;<\/p>\n<p><strong>Diligenciada por:<\/strong> Paula Andrea Salamanca Hern\u00e1ndez<\/p>\n<p><strong>INFORMACI\u00d3N BIBLIOGR\u00c1FICA<\/strong><\/p>\n<p><strong>Peri\u00f3dico: <\/strong>El Colombiano<\/p>\n<p><strong>Lugar de edici\u00f3n: <\/strong>Medell\u00edn<\/p>\n<p><strong>Autor personal: <\/strong><\/p>\n<p><strong>Autor corporativo: <\/strong><\/p>\n<p><strong>Fecha: <\/strong>1988 diciembre 3<\/p>\n<p><strong>P\u00e1gina: <\/strong>10B<\/p>\n<p><strong>Secci\u00f3n:<\/strong> Generales&nbsp;&nbsp;<\/p>\n<p><strong>Titular: <\/strong>Asaltado laboratorio de Ingenier\u00eda de la U. de A.<\/p>\n<p><strong>Resumen:<\/strong> \u201cEn los \u00faltimos d\u00edas la Universidad de Antioquia ha sido escenario de hechos perturbadores\u201d, el primer hecho ocurri\u00f3 el jueves (1 diciembre) por la ma\u00f1ana cuando \u201cencapuchados vestidos a la usanza del Ku-Klux-Klan americano, entraron un f\u00e9retro a las instalaciones del Alma Mater\u201d,&nbsp; el segundo hecho fue en un patio al interior de la Facultad de Artes donde hallaron dos bombas y una de ellas con alto poder explosivo y el tercer hecho, fue el mismo jueves terminando la tarde, cuando desconocidos atracaron el laboratorio de la Facultad de Ingenier\u00eda, golpeando y amordazando al t\u00e9cnico del laboratorio; llev\u00e1ndose aparatos electr\u00f3nicos.<\/p>\n<p>Otros hechos denunciados por el rector, fueron las amenazas an\u00f3nimas a varios profesores y empleados, a trav\u00e9s de \u201cgrafitis violentos e injuriosos\u201d, el desvalijamiento de veh\u00edculos y el robo a la Cooperativa de Profesores. Por otro lado \u201cvoceros universitarios dijeron que el estudiantado rechaz\u00f3 el \u201cextra\u00f1o\u201d caso del f\u00e9retro y del cad\u00e1ver que encapuchados entraron a la fuerza a la ciudad universitaria. Los desconocidos dejaron un documento con apartes de un texto de Lautr\u00e9amont y un ep\u00edgrafe del poeta H\u00f6lderlin.\u201d<\/p>\n<p>Las dos bombas fueron desactivadas y, el rector a trav\u00e9s de un comunicado se\u00f1al\u00f3 que en la ciudad universitaria no existe -por voluntad de sus miembros-, vigilancia armada y que la defensa de la Universidad \u201crecae en sus estamentos y es responsabilidad com\u00fan\u201d, por ende, solicit\u00f3 \u201ccolaboraci\u00f3n y acatamiento a las medidas de seguridad y control que se tomar\u00e1n en adelante para prevenir situaciones\u2026 robos, asaltos y atentados.\u201d<\/p>\n<p><strong>Im\u00e1genes: <\/strong>N\/A<\/p>\n<p><strong>Archivos de Registro: <\/strong>REG_C056<\/p>\n<p><strong>INFORMACI\u00d3N ANAL\u00cdTICA<\/strong><\/p>\n<p><strong>Contexto de la noticia: <\/strong>guerra entre Carteles del narcotr\u00e1fico, exterminio de la UP, Recrudecimiento del conflicto paramilitar, Asaltos bancarios EPL, Recrudecimiento del conflicto armado, 185 a\u00f1os de la U. de A,<\/p>\n<p><strong>Palabras clave:<\/strong> Acciones de resistencia, Pintas, Panfleto, Acciones contestatarias, Uso de petardos y explosivos, Acciones de resistencia, Comunicados, Misivas, Declaraciones, Rector Arroyave Luis<\/p>\n<p><strong>Sugerencia de palabras claves: <\/strong><\/p>\n<p><strong>Observaciones: <\/strong>los dos artefactos explosivos, el f\u00e9retro y el cad\u00e1ver, fueron casos que se relacionaron, seg\u00fan la prensa, sin embargo, no hubo sustentaci\u00f3n.<\/p>\n<p><strong>Fecha de diligenciamiento: <\/strong>6 diciembre 2018<\/p>\n<h1 style=\"text-align: center;\">***<\/h1>\n<p><strong>N\u00famero de ficha<\/strong>: C-057&nbsp;&nbsp;&nbsp;&nbsp;&nbsp;&nbsp;&nbsp;&nbsp;&nbsp;&nbsp;&nbsp;&nbsp;&nbsp;&nbsp;&nbsp;&nbsp;&nbsp;&nbsp;&nbsp;&nbsp;&nbsp;&nbsp;&nbsp;&nbsp;&nbsp;&nbsp;&nbsp;&nbsp;&nbsp;&nbsp;&nbsp;&nbsp;&nbsp;&nbsp;&nbsp;&nbsp;&nbsp;&nbsp;&nbsp;&nbsp;&nbsp;&nbsp;&nbsp;&nbsp;&nbsp;&nbsp;&nbsp;&nbsp;&nbsp;&nbsp;&nbsp;&nbsp;&nbsp;<\/p>\n<p><strong>Diligenciada por: <\/strong>Paula Andrea Salamanca Hern\u00e1ndez<\/p>\n<p><strong>INFORMACI\u00d3N BIBLIOGR\u00c1FICA<\/strong><\/p>\n<p><strong>Peri\u00f3dico: <\/strong>El Colombiano<\/p>\n<p><strong>Lugar de edici\u00f3n: <\/strong>Medell\u00edn<\/p>\n<p><strong>Autor personal: <\/strong><\/p>\n<p><strong>Autor corporativo: <\/strong><\/p>\n<p><strong>Fecha: <\/strong>1988 diciembre 4<\/p>\n<p><strong>P\u00e1gina: <\/strong>9B<\/p>\n<p><strong>Secci\u00f3n:<\/strong> Especiales\/Educaci\u00f3n\/Pasteleando&nbsp;<\/p>\n<p><strong>Titular: <\/strong>Asamblea estudiantil U. de A.<\/p>\n<p><strong>Resumen:<\/strong> estudiantes de la Universidad, realizar\u00e1n una asamblea, en el teatro Camilo Torres, el d\u00eda 6 de diciembre para \u201cdebatir propuestas tendientes a la construcci\u00f3n de su organizaci\u00f3n gremial.\u201d Otros temas que se discutir\u00edan, eran la situaci\u00f3n del Liceo Antioque\u00f1o y su futuro, por ende, invitaron tambi\u00e9n a la comunidad lice\u00edsta para que asistiera a la asamblea.<\/p>\n<p><strong>Im\u00e1genes: <\/strong>N\/A<\/p>\n<p><strong>Archivos de Registro: <\/strong>REG_C057<\/p>\n<p><strong>INFORMACI\u00d3N ANAL\u00cdTICA<\/strong><\/p>\n<p><strong>Contexto de la noticia: <\/strong>guerra entre Carteles del narcotr\u00e1fico, exterminio de la UP, Recrudecimiento del conflicto paramilitar, Asaltos bancarios EPL, Recrudecimiento del conflicto armado, 185 a\u00f1os de la U. de A,<\/p>\n<p><strong>Palabras clave:<\/strong> Asamblea de estudiantes<\/p>\n<p><strong>Sugerencia de palabras claves: <\/strong><\/p>\n<p><strong>Observaciones: <\/strong>Desde hac\u00eda m\u00e1s de una d\u00e9cada en la Universidad no exist\u00edan consejos estudiantiles ni consejo superior estudiantil<\/p>\n<p><strong>Fecha de diligenciamiento:<\/strong> 6 diciembre 2018<\/p>\n<h1 style=\"text-align: center;\">***<\/h1>\n<p><strong>N\u00famero de ficha<\/strong>: C-058&nbsp;&nbsp;&nbsp;&nbsp;&nbsp;&nbsp;&nbsp;&nbsp;&nbsp;&nbsp;&nbsp;&nbsp;&nbsp;&nbsp;&nbsp;&nbsp;&nbsp;&nbsp;&nbsp;&nbsp;&nbsp;&nbsp;&nbsp;&nbsp;&nbsp;&nbsp;&nbsp;&nbsp;&nbsp;&nbsp;&nbsp;&nbsp;&nbsp;&nbsp;&nbsp;&nbsp;&nbsp;&nbsp;&nbsp;&nbsp;&nbsp;&nbsp;&nbsp;&nbsp;&nbsp;&nbsp;&nbsp;&nbsp;&nbsp;&nbsp;&nbsp;&nbsp;&nbsp;<\/p>\n<p><strong>Diligenciada por: <\/strong>Paula Andrea Salamanca Hern\u00e1ndez<\/p>\n<p><strong>INFORMACI\u00d3N BIBLIOGR\u00c1FICA<\/strong><\/p>\n<p><strong>Peri\u00f3dico: <\/strong>El Colombiano<\/p>\n<p><strong>Lugar de edici\u00f3n: <\/strong>Medell\u00edn<\/p>\n<p><strong>Autor personal: <\/strong><\/p>\n<p><strong>Autor corporativo: <\/strong><\/p>\n<p><strong>Fecha: <\/strong>1989 abril 21<\/p>\n<p><strong>P\u00e1gina: <\/strong>6D<\/p>\n<p><strong>Secci\u00f3n:<\/strong> Seguridad<\/p>\n<p><strong>Titular: <\/strong>El quinto bus incendiado en dos semanas<\/p>\n<p><strong>Resumen:<\/strong> sobre las 9:10 de la ma\u00f1ana, un grupo de encapuchados intercept\u00f3 un bus de la empresa Transportes Castilla de placas TI 5094; tras ser amenazados con armas de fuego los ocupantes del bus tuvieron que bajarse, mientras que el conductor introdujo el bus en una de las porter\u00edas de la Universidad, por \u00f3rdenes de los encapuchados, el conductor (Otoniel Agudelo), dej\u00f3 el veh\u00edculo e inmediatamente \u201clos responsables del atentado lanzaron tres petardos incendiarios contra el bus, un automotor que presta el servicio a trav\u00e9s de la tarifa de transporte sin subsidio, TSS.\u201d Sin embargo, los hechos no fueron impedimento para que la Universidad continuar\u00e1 con normalidad sus actividades.<\/p>\n<p>\u201cSeg\u00fan los sucesivos informes de la Polic\u00eda Metropolitana, tres de los incendios se han presentado en las inmediaciones de las universidades de Antioquia y Nacional, en el sector de la calle Barranquilla y en la glorieta de Los Carabineros\u2026\u201d<\/p>\n<p><strong>Im\u00e1genes: <\/strong>(IMA_C058), que describe en el pie de foto \u201cYa son cinco los buses que durante las \u00faltimas dos semanas han sido incendiados en Medell\u00edn y el \u00e1rea metropolitana. Un grupo de encapuchados lanz\u00f3 tres petardos contra el bus de Castilla, que qued\u00f3 completamente destruido. P\u00e9rdidas superiores a los diez millones de pesos dej\u00f3 el atentado terrorista.<\/p>\n<p><strong>Archivos de Registro: <\/strong>REG_C058<\/p>\n<p><strong>INFORMACI\u00d3N ANAL\u00cdTICA<\/strong><\/p>\n<p><strong>Contexto de la noticia: <\/strong>guerra entre Carteles del narcotr\u00e1fico, exterminio de la UP, Recrudecimiento del conflicto paramilitar, Asaltos bancarios EPL, Recrudecimiento del conflicto armado, 185 a\u00f1os de la U. de A, Masacre la Rochela, Asesinato Te\u00f3filo Forero Castro, Asesinato Jos\u00e9 Antequera, Acribillamiento de H\u00e9ctor Giral G\u00e1lvez, Bombardeos Beirut \u2013 L\u00edbano, Tragedia del 9 de abril, Elecciones en Jordania, Copa Colombia<\/p>\n<p><strong>Palabras clave:<\/strong> Acciones violentas, Uso de petardos y explosivos, Amenaza, Grupos clandestinos<\/p>\n<p><strong>Sugerencia de palabras claves: <\/strong><\/p>\n<p><strong>Observaciones: <\/strong>los dem\u00e1s atentados se dieron en Castilla y en un parqueadero de Bello, donde el atentado fue reivindicado por las Milicias Populares, Ej\u00e9rcito Popular de Liberaci\u00f3n, EPL. Sin embargo, para el caso del bus quemado en la Universidad, no se tienen versiones oficiales, ni atribuci\u00f3n por ning\u00fan grupo sobre el hecho.<\/p>\n<p><strong>Fecha de diligenciamiento: <\/strong>7 diciembre 2018<\/p>\n<h1 style=\"text-align: center;\">***<\/h1>\n<p><strong>N\u00famero de ficha<\/strong>: C-059&nbsp;&nbsp;&nbsp;&nbsp;&nbsp;&nbsp;&nbsp;&nbsp;&nbsp;&nbsp;&nbsp;&nbsp;&nbsp;&nbsp;&nbsp;&nbsp;&nbsp;&nbsp;&nbsp;&nbsp;&nbsp;&nbsp;&nbsp;&nbsp;&nbsp;&nbsp;&nbsp;&nbsp;&nbsp;&nbsp;&nbsp;&nbsp;&nbsp;&nbsp;&nbsp;&nbsp;&nbsp;&nbsp;&nbsp;&nbsp;&nbsp;&nbsp;&nbsp;&nbsp;&nbsp;&nbsp;&nbsp;&nbsp;&nbsp;&nbsp;&nbsp;&nbsp;&nbsp;<\/p>\n<p><strong>Diligenciada por: <\/strong>Paula Andrea Salamanca Hern\u00e1ndez<\/p>\n<p><strong>INFORMACI\u00d3N BIBLIOGR\u00c1FICA<\/strong><\/p>\n<p><strong>Peri\u00f3dico: <\/strong>El Colombiano<\/p>\n<p><strong>Lugar de edici\u00f3n: <\/strong>Medell\u00edn<\/p>\n<p><strong>Autor personal: <\/strong><\/p>\n<p><strong>Autor corporativo: <\/strong><\/p>\n<p><strong>Fecha: <\/strong>1989 mayo 27<\/p>\n<p><strong>P\u00e1gina: <\/strong>11C&nbsp;&nbsp;<\/p>\n<p><strong>Secci\u00f3n:<\/strong>&nbsp; El Colombiano<\/p>\n<p><strong>Titular: <\/strong>Doble homicidio agravado, cargo contra agentes del DAS<\/p>\n<p><strong>Resumen:<\/strong> Resoluci\u00f3n Acusatoria contra los agentes del DAS dict\u00f3 la Sala Penal del Tribunal Superior de Medell\u00edn por los hechos ocurridos el 31 de octubre de 1988, en el que dos profesores de medicina de la Universidad, perdieron la vida. \u201cSeg\u00fan la resoluci\u00f3n emanada de la m\u00e1xima instancia penal en esta jurisdicci\u00f3n, los agentes del DAS, Narciso Mayorga Rozo, Jos\u00e9 Norberto Cabrera Mesa y Samuel Ruiz Alarc\u00f3n, deber\u00e1n responder por los cargos de homicidio doble agravado y disparos de arma de fuego.\u201d El tribunal Superior de Medell\u00edn consider\u00f3 que exist\u00edan m\u00e9ritos para proferir tal Resoluci\u00f3n, \u201c\u2026debido a que los agentes del DAS se aprovecharon del estado de indefensi\u00f3n en que se encontraban los profesores universitarios Emiro Trujillo y Leonardo Lindarte Carvajal.\u201d<\/p>\n<p><strong>Im\u00e1genes: <\/strong>N\/A<\/p>\n<p><strong>Archivos de Registro: <\/strong>REG_C059<\/p>\n<p><strong>INFORMACI\u00d3N ANAL\u00cdTICA<\/strong><\/p>\n<p><strong>Contexto de la noticia: <\/strong>guerra entre Carteles del narcotr\u00e1fico, exterminio de la UP, Recrudecimiento del conflicto paramilitar, Asaltos bancarios EPL, Recrudecimiento del conflicto armado, 185 a\u00f1os de la U. de A, Masacre la Rochela, Asesinato Te\u00f3filo Forero Castro, Asesinato Jos\u00e9 Antequera, Acribillamiento de H\u00e9ctor Giral G\u00e1lvez, Bombardeos Beirut \u2013 L\u00edbano, Tragedia del 9 de abril, Elecciones en Jordania, Asesinato gobernador \u00c1lvaro G\u00f3mez Santana, elecciones presidenciales en Bolivia, Copa Colombia<\/p>\n<p><strong>Palabras clave:<\/strong> Acciones violentas, Asesinato selectivo, Doble homicidio agravado, Trujillo Emiro, Lindarte Carvajal Leonardo, DAS, Mayorga Rozo Narciso, Cabrera Mesa Jos\u00e9 Norberto y Ruiz Alarc\u00f3n Samuel, Acciones de resistencia, Acciones legales<\/p>\n<p><strong>Sugerencia de palabras claves: <\/strong><\/p>\n<p><strong>Observaciones: <\/strong>los agentes del DAS implicados en los hechos, se encontraban privados de su libertad, desde la misma noche en que ocurrieron los hechos. Algo que no mencionaron en la noticia registrada anteriormente (1988) sobre los sucesos, era que los agentes hab\u00edan perseguido a los profesores en un bus de servicio p\u00fablico, cuando los profesores al momento del choque, decidieron emprender la fuga.<\/p>\n<p><strong>Fecha de diligenciamiento: <\/strong>7 diciembre 2018<\/p>\n<h1 style=\"text-align: center;\">***<\/h1>\n<p><strong>N\u00famero de ficha<\/strong>: C-060&nbsp;&nbsp;&nbsp;&nbsp;&nbsp;&nbsp;&nbsp;&nbsp;&nbsp;&nbsp;&nbsp;&nbsp;&nbsp;&nbsp;&nbsp;&nbsp;&nbsp;&nbsp;&nbsp;&nbsp;&nbsp;&nbsp;&nbsp;&nbsp;&nbsp;&nbsp;&nbsp;&nbsp;&nbsp;&nbsp;&nbsp;&nbsp;&nbsp;&nbsp;&nbsp;&nbsp;&nbsp;&nbsp;&nbsp;&nbsp;&nbsp;&nbsp;&nbsp;&nbsp;&nbsp;&nbsp;&nbsp;&nbsp;&nbsp;&nbsp;&nbsp;&nbsp;&nbsp;<\/p>\n<p><strong>Diligenciada por: <\/strong>Paula Andrea Salamanca Hern\u00e1ndez<\/p>\n<p><strong>INFORMACI\u00d3N BIBLIOGR\u00c1FICA<\/strong><\/p>\n<p><strong>Peri\u00f3dico: <\/strong>El Colombiano<\/p>\n<p><strong>Lugar de edici\u00f3n: <\/strong>Medell\u00edn<\/p>\n<p><strong>Autor personal: <\/strong><\/p>\n<p><strong>Autor corporativo: <\/strong>Editorial<\/p>\n<p><strong>Fecha: <\/strong>1989 mayo 29<\/p>\n<p><strong>P\u00e1gina: <\/strong>5A&nbsp;&nbsp;&nbsp;<\/p>\n<p><strong>Secci\u00f3n:<\/strong> Editorial<\/p>\n<p><strong>Titular: <\/strong>La Universidad abierta<\/p>\n<p><strong>Resumen:<\/strong> un a\u00f1o ha transcurrido y la Universidad de Antioquia ha logrado, para verdadera satisfacci\u00f3n de toda la comunidad, mantener sus puertas abiertas y conjurar los factores de perturbaci\u00f3n y desorden que han entorpecido de tiempo atr\u00e1s su funcionamiento normal. Este es un acontecimiento que registramos con viva complacencia, porque creemos en el car\u00e1cter transformador del Alma Mater, la instituci\u00f3n m\u00e1s importante de Antioquia y confiamos en que seguir\u00e1 superando las grav\u00edsimas dificultades que han frenado su progreso.<\/p>\n<p>Si repasamos la historia reciente de la Universidad, desde cu\u00e1ndo empez\u00f3 el ciclo de las penalidades, por all\u00e1 a mediados del decenio del setenta \u2e3aen una \u00e9poca de convulsiones en la cual Colombia se inscribi\u00f3 en el contexto de las protestas estudiantiles que llegaban desde el Viejo Mundo\u2e3a encontramos que la alteraci\u00f3n del equilibrio acad\u00e9mico ha sido una constante. Los paros y los cierres se han sucedido en forma encadenada y han quedado casi programados en el calendario de cada a\u00f1o. S\u00f3lo ahora y gracias a la voluntad expresada y sostenida por los estamentos que integran la comunidad universitaria, la apertura se ha garantizado y de la incertidumbre sobre el provenir de la formaci\u00f3n de las nuevas generaciones se ha pasado al renacer de la esperanza.<\/p>\n<p>Al reconocer el hecho objetivo de la apertura de la Universidad a lo largo de un a\u00f1o no estamos evaluando ni los aciertos ni los posibles errores de la actual administraci\u00f3n. No se trata de tributarles homenaje ni al rector, Luis Javier Arroyave, ni a su equipo de colaboradores, quienes, en ese aspecto, hay que aceptarlo, han cumplido con el deber b\u00e1sico que les corresponde. Lo fundamental est\u00e1 en subrayar que las oportunidades de educaci\u00f3n superior para millares de estudiantes de Antioquia y de las regiones circunvecinas han vuelto a garantizarse, despu\u00e9s de una larga y procelosa temporada en la cual la Universidad aparec\u00eda indefensa y s\u00f3lo pod\u00eda hacerles frente a los problemas mediante las \u00fanicas armas leg\u00edtimas de lo acad\u00e9mico.<\/p>\n<p>La injusticia de las clausuras \u2e3bmotivadas por factores muy diversos\u2e3a est\u00e1 en la negaci\u00f3n o la dilataci\u00f3n del derecho a la formaci\u00f3n para lo superior de los j\u00f3venes que aspiran a servirle al pa\u00eds en el porvenir y, por supuesto, en el retraso de los programas acad\u00e9micos y los proyectos que la Universidad se ha esforzado por instrumentar para bien de Antioquia y del pa\u00eds. Una universidad cerrada es inaceptable, porque el cierre atenta contra la misma naturaleza y contra la raz\u00f3n de ser la instituci\u00f3n. En cambio, una Universidad abierta es un testimonio permanente de democracia.<\/p>\n<p>Lo importante est\u00e1 no s\u00f3lo en que la Universidad permanezca abierta, sino tambi\u00e9n en que se aprovechen las condiciones propicias para agilizar el lento y ya viejo proceso de reestructuraci\u00f3n, con el cual se han comprometido en forma sucesiva las \u00faltimas administraciones, que pese a su innegable buena voluntad contaron con situaciones en extremo adversas y con amenazas extrauniversitarias de magnitud y caracter\u00edsticas alarmantes. Esa es la expectativa que se ha creado en la comunidad universitaria y de modo muy especial en el estamento docente, que es, al fin y al cabo, el art\u00edfice de la estabilidad acad\u00e9mica.<\/p>\n<p>La circunstancia favorable de la apertura continua debe considerarse como fundamental para que la reforma deliberada, dise\u00f1ada y emprendida hace varios a\u00f1os gracias a la participaci\u00f3n din\u00e1mica y consecuente de los profesores, no se convierta en un proyecto ut\u00f3pico, sino que se verifique tan pronto como sea posible. Ser\u00eda un error \u2e3by abrigamos la confianza de que as\u00ed lo piense el equipo rectoral\u2e3b s\u00ed la Universidad se adormeciera sobre los laureles y eludiera el compromiso de estimular su reconstrucci\u00f3n interna, que equivale a su puesta al d\u00eda y en armon\u00eda con las crecientes exigencias sociales. La Universidad debe seguir abierta, con el respaldo necesario de sus estamentos y del gobierno, para que pueda continuar invicta en su fecundidad.<\/p>\n<p><strong>Im\u00e1genes: <\/strong>N\/A<\/p>\n<p><strong>Archivos de Registro: <\/strong>REG_C060<\/p>\n<p><strong>INFORMACI\u00d3N ANAL\u00cdTICA<\/strong><\/p>\n<p><strong>Contexto de la noticia: <\/strong>guerra entre Carteles del narcotr\u00e1fico, exterminio de la UP, Recrudecimiento del conflicto paramilitar, Asaltos bancarios EPL, Recrudecimiento del conflicto armado, 185 a\u00f1os de la U. de A, Masacre la Rochela, Asesinato Te\u00f3filo Forero Castro, Asesinato Jos\u00e9 Antequera, Acribillamiento de H\u00e9ctor Giral G\u00e1lvez, Bombardeos Beirut \u2013 L\u00edbano, Tragedia del 9 de abril, Elecciones en Jordania, Asesinato gobernador \u00c1lvaro G\u00f3mez Santana, elecciones presidenciales en Bolivia, Copa Colombia<\/p>\n<p><strong>Palabras clave:<\/strong> Acciones de resistencia, Comunicados<\/p>\n<p><strong>Sugerencia de palabras claves:&nbsp; <\/strong><\/p>\n<p><strong>Observaciones: <\/strong>la columna de opini\u00f3n se transcribi\u00f3 tal cual, debido a la importancia de las percepciones que se guardaban con la Universidad para la \u00e9poca.<\/p>\n<p><strong>Fecha de diligenciamiento: <\/strong>8 diciembre 2018<\/p>\n<h1 style=\"text-align: center;\">***<\/h1>\n<p><strong>N\u00famero de ficha<\/strong>: C-061&nbsp;&nbsp;&nbsp;&nbsp;&nbsp;&nbsp;&nbsp;&nbsp;&nbsp;&nbsp;&nbsp;&nbsp;&nbsp;&nbsp;&nbsp;&nbsp;&nbsp;&nbsp;&nbsp;&nbsp;&nbsp;&nbsp;&nbsp;&nbsp;&nbsp;&nbsp;&nbsp;&nbsp;&nbsp; &nbsp;&nbsp;&nbsp;&nbsp;&nbsp;&nbsp;&nbsp;&nbsp;&nbsp;&nbsp;&nbsp;&nbsp;&nbsp;&nbsp;&nbsp;&nbsp;&nbsp;&nbsp;&nbsp;&nbsp;&nbsp;&nbsp;&nbsp;<\/p>\n<p><strong>Diligenciada por: <\/strong>Paula Andrea Salamanca Hern\u00e1ndez<\/p>\n<p><strong>INFORMACI\u00d3N BIBLIOGR\u00c1FICA<\/strong><\/p>\n<p><strong>Peri\u00f3dico: <\/strong>El Colombiano<\/p>\n<p><strong>Lugar de edici\u00f3n: <\/strong>Medell\u00edn<\/p>\n<p><strong>Autor personal: <\/strong><\/p>\n<p><strong>Autor corporativo: <\/strong><\/p>\n<p><strong>Fecha: <\/strong>1989 julio 6<\/p>\n<p><strong>P\u00e1gina: <\/strong>5A&nbsp;&nbsp;&nbsp;<\/p>\n<p><strong>Secci\u00f3n:<\/strong> Informe<\/p>\n<p><strong>Titular: <\/strong>Consejo Superior de la U. de A. llama a solidaridad<\/p>\n<p><strong>Resumen:<\/strong> el Consejo Superior de la Universidad, se pronunci\u00f3 con una invitaci\u00f3n a la reflexi\u00f3n, en la que dec\u00eda; \u201cLa Universidad, ante la violencia que sacude al pa\u00eds fiel a su vocaci\u00f3n pensante, mira con profunda preocupaci\u00f3n el debilitamiento del Estado y de sus \u00f3rganos constitutivos, debilitamiento del cual todos hemos sido responsables. Denuncia la creciente consolidaci\u00f3n de fuerzas que intentan suplantar al Estado y para ello recurren de manera creciente al uso indiscriminado de la violencia. Convoca a contraponer a estos intentos, pr\u00e1cticas ciudadanas de solidaridad, de corresponsabilidad social, de participaci\u00f3n y concertaci\u00f3n comunitaria y de valor civil, como \u00fanica posibilidad de recuperaci\u00f3n de las formas de una democracia efectiva\u201d.<\/p>\n<p>Adem\u00e1s, en el comunicado se exaltan las cualidades de Antonio Rold\u00e1n Betancur, ex alumno de la Universidad se expresan condolencias a sus familiares y rechazan el acto terrorista del cual, \u00e9l fue v\u00edctima.<\/p>\n<p><strong>Im\u00e1genes: <\/strong>N\/A<\/p>\n<p><strong>Archivos de Registro: <\/strong>REG_C061<\/p>\n<p><strong>INFORMACI\u00d3N ANAL\u00cdTICA<\/strong><\/p>\n<p><strong>Contexto de la noticia: <\/strong>guerra entre Carteles del narcotr\u00e1fico, exterminio de la UP, Recrudecimiento del conflicto paramilitar, Asaltos bancarios EPL, Recrudecimiento del conflicto armado, 185 a\u00f1os de la U. de A, Asesinato Antonio Roldan Betancur, asesinato jueza Mar\u00eda Helena D\u00edaz P\u00e9rez, Protestas de la Plaza de Tiananmen (China), golpe Militar en Sud\u00e1n, Copa Colombia<\/p>\n<p><strong>Palabras clave:<\/strong> Consejo Superior universitario, Acciones de resistencia, Comunicados<\/p>\n<p><strong>Sugerencia de palabras claves: <\/strong><\/p>\n<p><strong>Observaciones:&nbsp; <\/strong><\/p>\n<p><strong>Fecha de diligenciamiento: <\/strong>8 diciembre 2018<\/p>\n<h1 style=\"text-align: center;\">***<\/h1>\n<p><strong>N\u00famero de ficha<\/strong>: C-062&nbsp;&nbsp;&nbsp;&nbsp;&nbsp;&nbsp;&nbsp;&nbsp;&nbsp;&nbsp;&nbsp;&nbsp;&nbsp;&nbsp;&nbsp;&nbsp;&nbsp;&nbsp;&nbsp;&nbsp;&nbsp;&nbsp;&nbsp;&nbsp;&nbsp;&nbsp;&nbsp;&nbsp;&nbsp;&nbsp;&nbsp;&nbsp;&nbsp;&nbsp;&nbsp;&nbsp;&nbsp;&nbsp;&nbsp;&nbsp;&nbsp;&nbsp;&nbsp;&nbsp;&nbsp;&nbsp;&nbsp;&nbsp;&nbsp;&nbsp;&nbsp;&nbsp;&nbsp;<\/p>\n<p><strong>Diligenciada por: <\/strong>Paula Andrea Salamanca Hern\u00e1ndez<\/p>\n<p><strong>INFORMACI\u00d3N BIBLIOGR\u00c1FICA<\/strong><\/p>\n<p><strong>Peri\u00f3dico: <\/strong>El Colombiano<\/p>\n<p><strong>Lugar de edici\u00f3n: <\/strong>Medell\u00edn<\/p>\n<p><strong>Autor personal: <\/strong><\/p>\n<p><strong>Autor corporativo: <\/strong><\/p>\n<p><strong>Fecha: <\/strong>1989 julio 30<\/p>\n<p><strong>P\u00e1gina: <\/strong>3C&nbsp;&nbsp;&nbsp;&nbsp;<\/p>\n<p><strong>Secci\u00f3n:<\/strong> Educaci\u00f3n \/Pasteleando<\/p>\n<p><strong>Titular: <\/strong>Universidad de Antioquia rinde homenaje a Antonio Rold\u00e1n Betancur<\/p>\n<p><strong>Resumen:<\/strong> en el marco de la semana de Antioquia, el d\u00eda 8 de agosto (1989), se celebrar\u00eda una misa en la Bas\u00edlica Metropolitana y desarrollar\u00eda un acto cultural en el teatro universitario en el que se descubrir\u00e1 una placa recordatoria y se har\u00eda entrega de la medalla M\u00e9rito Universitario Francisco Antonio Zea, a la esposa (Gloria Alzate de Rold\u00e1n) del fallecido m\u00e9dico, gobernador y presidente del Consejo Superior, Antonio Roldan Betancur.<\/p>\n<p><strong>Im\u00e1genes: <\/strong>N\/A<\/p>\n<p><strong>Archivos de Registro: <\/strong>REG_C062<\/p>\n<p><strong>INFORMACI\u00d3N ANAL\u00cdTICA<\/strong><\/p>\n<p><strong>Contexto de la noticia: <\/strong>guerra entre Carteles del narcotr\u00e1fico, exterminio de la UP, Recrudecimiento del conflicto paramilitar, Asaltos bancarios EPL, Recrudecimiento del conflicto armado, 185 a\u00f1os de la U. de A, Asesinato Antonio Roldan Betancur, asesinato jueza Mar\u00eda Helena D\u00edaz P\u00e9rez, Protestas de la Plaza de Tiananmen (China), golpe Militar en Sud\u00e1n, Copa Colombia<\/p>\n<p><strong>Palabras clave:<\/strong> Acciones de resistencia, Actividades culturales, Actos simb\u00f3licos, Conmemoraciones, Comunicados<\/p>\n<p><strong>Observaciones:&nbsp; <\/strong><\/p>\n<p><strong>Fecha de diligenciamiento: <\/strong>8 diciembre 2018<\/p>\n<h1 style=\"text-align: center;\">***<\/h1>\n<p><strong>N\u00famero de ficha<\/strong>: C-063&nbsp;&nbsp;&nbsp;&nbsp;&nbsp;&nbsp;&nbsp;&nbsp;&nbsp;&nbsp;&nbsp;&nbsp;&nbsp;&nbsp;&nbsp;&nbsp;&nbsp;&nbsp;&nbsp;&nbsp;&nbsp;&nbsp;&nbsp;&nbsp;&nbsp;&nbsp;&nbsp;&nbsp;&nbsp;&nbsp;&nbsp;&nbsp;&nbsp;&nbsp;&nbsp;&nbsp;&nbsp;&nbsp;&nbsp;&nbsp;&nbsp;&nbsp;&nbsp;&nbsp;&nbsp;&nbsp;&nbsp;&nbsp;&nbsp;&nbsp;&nbsp;&nbsp;&nbsp;<\/p>\n<p><strong>Diligenciada por: <\/strong>Paula Andrea Salamanca Hern\u00e1ndez<\/p>\n<p><strong>INFORMACI\u00d3N BIBLIOGR\u00c1FICA<\/strong><\/p>\n<p><strong>Peri\u00f3dico: <\/strong>El Colombiano<\/p>\n<p><strong>Lugar de edici\u00f3n: <\/strong>Medell\u00edn<\/p>\n<p><strong>Autor personal: <\/strong><\/p>\n<p><strong>Autor corporativo: <\/strong>Colprensa<\/p>\n<p><strong>Fecha: <\/strong>1989 agosto 1<\/p>\n<p><strong>P\u00e1gina: <\/strong>12D&nbsp;<\/p>\n<p><strong>Secci\u00f3n:<\/strong> Seguridad<\/p>\n<p><strong>Titular: <\/strong>11 maestros asesinados en Antioquia en 1989<\/p>\n<p><strong>Resumen:<\/strong> en el marco de el VI Foro Nacional de Derechos Humanos en Bogot\u00e1, la Asociaci\u00f3n de Institutores de Antioquia (Adida), conden\u00f3 y denunci\u00f3 el asesinato reciente de dos profesores en Medell\u00edn y \u201cel \u00e9xodo campesino en la regi\u00f3n del nordeste y Bajo Cauca antioque\u00f1o\u2026 consecuencia de bombardeos del Ej\u00e9rcito\u201d. Seg\u00fan Adida \u201cen lo corrido a\u00f1o han sido asesinados 11 maestros desde 1987, han muerto 11 profesores de la Universidad de Antioquia, otros 8 se encuentran exiliados en el exterior y por lo menos unos 20 educadores se han visto obligados a salir de Medell\u00edn.\u201d<\/p>\n<p>En la madrugada del domingo en el municipio de Bello fue asesinado el profesor Omar Le\u00f3n G\u00f3mez Mart\u00edn de la Facultad de Ciencias Humanas de la Universidad y Manuel Jos\u00e9 Zapata del Colegio San Juan Eudes.<\/p>\n<p><strong>Im\u00e1genes: <\/strong>N\/A<\/p>\n<p><strong>Archivos de Registro: <\/strong>REG_C063<\/p>\n<p><strong>INFORMACI\u00d3N ANAL\u00cdTICA<\/strong><\/p>\n<p><strong>Contexto de la noticia: <\/strong>guerra entre Carteles del narcotr\u00e1fico, exterminio de la UP, Recrudecimiento del conflicto paramilitar, Recrudecimiento del conflicto armado, 185 a\u00f1os de la U. de A, asesinato del magistrado Carlos Valencia Garc\u00eda, Marcha del Silencio, acribillamiento Cnel. Valdemar Franklin Quintero, asesinato Luis Carlos Gal\u00e1n Sarmiento, Bomba en el Espectador, asesinato Marta Luz L\u00f3pez y Miguel Soler (El Espectador), carro bomba La Vanguardia (Bucaramanga), asesinato magistrado H\u00e9ctor Jim\u00e9nez Rodr\u00edguez, asesinato diputado H\u00e9ctor Jim\u00e9nez Rodr\u00edguez- UP, Asesinato Jorge Enrique Pulido- Mundo Visi\u00f3n, acribillamiento arbitro \u00c1lvaro Ortega, atentado edificio DAS, Copa Colombia 1989, Operaci\u00f3n Apocalipsis<\/p>\n<p><strong>Palabras clave:<\/strong> Acciones violentas, Asesinato, G\u00f3mez Mart\u00edn Omar Le\u00f3n, Facultad de Ciencias Humanas, Acciones de resistencia, Comunicados, declaraciones, ADIDA<\/p>\n<p><strong>Sugerencia de palabras claves: <\/strong><\/p>\n<p><strong>Observaciones: <\/strong>algunos de los sucesos destacados en \u201ccontexto de la noticia\u201d, pese a que sucedieron en fechas posteriores a la referida en la ficha, fueron hechos violentos que marcaron una tendencia para 1989<\/p>\n<p><strong>Fecha de diligenciamiento: <\/strong>8 diciembre 2018<\/p>\n<h1 style=\"text-align: center;\">***<\/h1>\n<p><strong>N\u00famero de ficha<\/strong>: C-064&nbsp;&nbsp;&nbsp;&nbsp;&nbsp;&nbsp;&nbsp;&nbsp;&nbsp;&nbsp;&nbsp;&nbsp;&nbsp;&nbsp;&nbsp;&nbsp;&nbsp;&nbsp;&nbsp;&nbsp;&nbsp;&nbsp;&nbsp;&nbsp;&nbsp;&nbsp;&nbsp;&nbsp;&nbsp;&nbsp;&nbsp;&nbsp;&nbsp;&nbsp;&nbsp;&nbsp;&nbsp;&nbsp;&nbsp;&nbsp;&nbsp;&nbsp;&nbsp;&nbsp;&nbsp;&nbsp;&nbsp;&nbsp;&nbsp;&nbsp;&nbsp;&nbsp;&nbsp;<\/p>\n<p><strong>Diligenciada por: <\/strong>Paula Andrea Salamanca Hern\u00e1ndez<\/p>\n<p><strong>INFORMACI\u00d3N BIBLIOGR\u00c1FICA<\/strong><\/p>\n<p><strong>Peri\u00f3dico: <\/strong>El Colombiano<\/p>\n<p><strong>Lugar de edici\u00f3n: <\/strong>Medell\u00edn<\/p>\n<p><strong>Autor personal: <\/strong><\/p>\n<p><strong>Autor corporativo: <\/strong><\/p>\n<p><strong>Fecha: <\/strong>1990 enero 19<\/p>\n<p><strong>P\u00e1gina: <\/strong>12A&nbsp;<\/p>\n<p><strong>Secci\u00f3n:<\/strong> Seguridad<\/p>\n<p><strong>Titular: <\/strong>Asesinada estudiante de odontolog\u00eda<\/p>\n<p><strong>Resumen:<\/strong> cuando se dispon\u00eda a ingresar en su veh\u00edculo, la estudiante Olga B\u00e1ez Giraldo fue asesinada por un sicario que se movilizaba en moto a las 8:15 de la ma\u00f1ana en la Facultad de Odontolog\u00eda de la Universidad. Seg\u00fan las directivas de la Universidad \u201cse trata de un caso ajeno a la vida acad\u00e9mica, que no implica en ning\u00fan momento dificultades al interior del centro educativo.\u201d<\/p>\n<p>\u201cSeg\u00fan se conoci\u00f3 la estudiante llegaba a la facultad como de costumbre y a la entrada del parqueadero fue abordada por un sujeto que se movilizaba en una motocicleta, quien sin mediar palabra le dispar\u00f3 en repetidas ocasiones caus\u00e1ndole la muerte de inmediato.\u201d El crimen caus\u00f3 una gran conmoci\u00f3n en la comunidad de la Facultad, por lo que fueron suspendidas las actividades del d\u00eda; el hecho fue lamentado por las directivas universitarias que su vez enviaron un mensaje de condolencia a la familia de la estudiante. Se dijo que el suceso pudo ser, al parecer, una venganza personal. Por \u00faltimo, del sicario no se conoci\u00f3 el paradero. Olga B\u00e1ez fue recordada como una estudiante consagrada al estudio y con buen rendimiento acad\u00e9mico.<\/p>\n<p><strong>Im\u00e1genes: <\/strong>N\/A<\/p>\n<p><strong>Archivos de Registro: <\/strong>REG_C064<\/p>\n<p><strong>INFORMACI\u00d3N ANAL\u00cdTICA<\/strong><\/p>\n<p><strong>Contexto de la noticia: <\/strong>guerra entre Carteles del narcotr\u00e1fico, exterminio de la UP, Recrudecimiento del conflicto paramilitar, Recrudecimiento del conflicto armado, lucha contra las drogas, campa\u00f1as presidenciales Colombia, Asamblea Nacional Constituyente, Mundial Italia 90, invasi\u00f3n de Estados Unidos a Panam\u00e1<\/p>\n<p><strong>Palabras clave:<\/strong> Acciones violentas, Asesinato, B\u00e1ez Giraldo Olga, Facultad de Odontolog\u00eda, Bandas delincuenciales<\/p>\n<p><strong>Sugerencia de palabras claves: <\/strong><\/p>\n<p><strong>Observaciones: <\/strong><\/p>\n<p><strong>Fecha de diligenciamiento: <\/strong>9 diciembre 2018<\/p>\n<h1 style=\"text-align: center;\">***<\/h1>\n<p><strong>N\u00famero de ficha<\/strong>: C-065&nbsp;&nbsp;&nbsp;&nbsp;&nbsp;&nbsp;&nbsp;&nbsp;&nbsp;&nbsp;&nbsp;&nbsp;&nbsp;&nbsp;&nbsp;&nbsp;&nbsp;&nbsp;&nbsp;&nbsp;&nbsp;&nbsp;&nbsp;&nbsp;&nbsp;&nbsp;&nbsp;&nbsp;&nbsp;&nbsp;&nbsp;&nbsp;&nbsp;&nbsp;&nbsp;&nbsp;&nbsp;&nbsp;&nbsp;&nbsp;&nbsp;&nbsp;&nbsp;&nbsp;&nbsp;&nbsp;&nbsp;&nbsp;&nbsp;&nbsp;&nbsp;&nbsp;&nbsp;<\/p>\n<p><strong>Diligenciada por: <\/strong>Paula Andrea Salamanca Hern\u00e1ndez<\/p>\n<p><strong>INFORMACI\u00d3N BIBLIOGR\u00c1FICA<\/strong><\/p>\n<p><strong>Peri\u00f3dico: <\/strong>El Colombiano<\/p>\n<p><strong>Lugar de edici\u00f3n: <\/strong>Medell\u00edn<\/p>\n<p><strong>Autor personal: <\/strong><\/p>\n<p><strong>Autor corporativo: <\/strong><\/p>\n<p><strong>Fecha: <\/strong>1990 enero 3<\/p>\n<p><strong>P\u00e1gina: <\/strong>4A&nbsp;&nbsp;&nbsp;<\/p>\n<p><strong>Secci\u00f3n:<\/strong> Opini\u00f3n\/Ecos y Comentarios<\/p>\n<p><strong>Titular: <\/strong>La otra cara de la U.<\/p>\n<p><strong>Resumen:<\/strong> en la columna de opini\u00f3n que no atribuye autor, se habla de las actividades que llev\u00f3 a cabo la Universidad el a\u00f1o anterior, cosas como publicaciones de libros, la continuidad y estabilidad de las actividades acad\u00e9micas, el Torneo Abierto de ajedrez, actividades art\u00edsticas, culturales y deportivas; fueron mencionadas al hacer claridad, que la Universidad ten\u00eda nuevas din\u00e1micas que la impulsaban y proyectaban de mejor manera.<\/p>\n<p><strong>Im\u00e1genes: <\/strong>N\/A<\/p>\n<p><strong>Archivos de Registro: <\/strong>REG_C065<\/p>\n<p><strong>INFORMACI\u00d3N ANAL\u00cdTICA<\/strong><\/p>\n<p><strong>Contexto de la noticia: <\/strong>guerra entre Carteles del narcotr\u00e1fico, exterminio de la UP, Recrudecimiento del conflicto paramilitar, Recrudecimiento del conflicto armado, lucha contra las drogas, campa\u00f1as presidenciales Colombia, Asamblea Nacional Constituyente, Mundial Italia 90, invasi\u00f3n de Estados Unidos a Panam\u00e1<\/p>\n<p><strong>Palabras clave:<\/strong> Acciones de resistencia, Comunicados<\/p>\n<p><strong>Sugerencia de palabras claves: <\/strong><\/p>\n<p><strong>Observaciones: <\/strong><\/p>\n<p><strong>Fecha de diligenciamiento: <\/strong>9 diciembre 2018<\/p>\n<h1 style=\"text-align: center;\">***<\/h1>\n<p><strong>N\u00famero de ficha<\/strong>: C-066&nbsp;&nbsp;&nbsp;&nbsp;&nbsp;&nbsp;&nbsp;&nbsp;&nbsp;&nbsp;&nbsp;&nbsp;&nbsp;&nbsp;&nbsp;&nbsp;&nbsp;&nbsp;&nbsp;&nbsp;&nbsp;&nbsp;&nbsp;&nbsp;&nbsp;&nbsp;&nbsp;&nbsp;&nbsp;&nbsp;&nbsp;&nbsp;&nbsp;&nbsp;&nbsp;&nbsp;&nbsp;&nbsp;&nbsp;&nbsp;&nbsp;&nbsp;&nbsp;&nbsp;&nbsp;&nbsp;&nbsp;&nbsp;&nbsp;&nbsp;&nbsp;&nbsp;&nbsp;<\/p>\n<p><strong>Diligenciada por: <\/strong>Paula Andrea Salamanca Hern\u00e1ndez<\/p>\n<p><strong>INFORMACI\u00d3N BIBLIOGR\u00c1FICA<\/strong><\/p>\n<p><strong>Peri\u00f3dico: <\/strong>El Colombiano<\/p>\n<p><strong>Lugar de edici\u00f3n: <\/strong>Medell\u00edn<\/p>\n<p><strong>Autor personal: <\/strong><\/p>\n<p><strong>Autor corporativo: <\/strong><\/p>\n<p><strong>Fecha: <\/strong>1990 febrero 7<\/p>\n<p><strong>P\u00e1gina: <\/strong>4D&nbsp;&nbsp;&nbsp;<\/p>\n<p><strong>Secci\u00f3n:<\/strong> Nacionales<\/p>\n<p><strong>Titular: <\/strong>Acribillado a bala profesor de la U. de A.<\/p>\n<p><strong>Resumen:<\/strong> Fabio de Jes\u00fas Ram\u00edrez Ocampo, Ingeniero de Sistemas y profesor de la Universidad, fue acribillado a bala la noche anterior cuando se movilizaba en su veh\u00edculo de placas LE 55-87, exactamente en la direcci\u00f3n Carrera 84 con Calle 35 occidente de Medell\u00edn; seg\u00fan se conoci\u00f3 nunca tuvo amenazas. Se indic\u00f3 que \u00e9l \u201chab\u00eda sido asaltado por dos desconocidos que se movilizaban a pie, los cuales al no poderse apoderar del veh\u00edculo\u2026 le propinaron dos balazos de pistola 7.65.\u201d<\/p>\n<p><strong>Im\u00e1genes: <\/strong>N\/A<\/p>\n<p><strong>Archivos de Registro: <\/strong>REG_C066<\/p>\n<p><strong>INFORMACI\u00d3N ANAL\u00cdTICA<\/strong><\/p>\n<p><strong>Contexto de la noticia: <\/strong>guerra entre Carteles del narcotr\u00e1fico, exterminio de la UP, Recrudecimiento del conflicto paramilitar, Recrudecimiento del conflicto armado, lucha contra las drogas, campa\u00f1as presidenciales Colombia, Asamblea Nacional Constituyente, Mundial Italia 90, invasi\u00f3n de Estados Unidos a Panam\u00e1<\/p>\n<p><strong>Palabras clave:<\/strong> Acciones violentas, Asesinato selectivo, Profesor, Ram\u00edrez Ocampo Fabio de Jes\u00fas<\/p>\n<p><strong>Sugerencia de palabras claves: <\/strong><\/p>\n<p><strong>Observaciones: <\/strong><\/p>\n<p><strong>Fecha de diligenciamiento: <\/strong>9 diciembre 2018<\/p>\n<h1 style=\"text-align: center;\">***<\/h1>\n<p><strong>N\u00famero de ficha<\/strong>: C-067&nbsp;&nbsp;&nbsp;&nbsp;&nbsp;&nbsp;&nbsp;&nbsp;&nbsp;&nbsp;&nbsp;&nbsp;&nbsp;&nbsp;&nbsp;&nbsp;&nbsp;&nbsp;&nbsp;&nbsp;&nbsp;&nbsp;&nbsp;&nbsp;&nbsp;&nbsp;&nbsp;&nbsp;&nbsp;&nbsp;&nbsp;&nbsp;&nbsp;&nbsp;&nbsp;&nbsp;&nbsp;&nbsp;&nbsp;&nbsp;&nbsp;&nbsp;&nbsp;&nbsp;&nbsp;&nbsp;&nbsp;&nbsp;&nbsp;&nbsp;&nbsp;&nbsp;&nbsp;<\/p>\n<p><strong>Diligenciada por: <\/strong>Paula Andrea Salamanca Hern\u00e1ndez<\/p>\n<p><strong>INFORMACI\u00d3N BIBLIOGR\u00c1FICA<\/strong><\/p>\n<p><strong>Peri\u00f3dico: <\/strong>El Colombiano<\/p>\n<p><strong>Lugar de edici\u00f3n: <\/strong>Medell\u00edn<\/p>\n<p><strong>Autor personal: <\/strong><\/p>\n<p><strong>Autor corporativo: <\/strong><\/p>\n<p><strong>Fecha: <\/strong>1990 febrero 8<\/p>\n<p><strong>P\u00e1gina: <\/strong>5D&nbsp;&nbsp;&nbsp;<\/p>\n<p><strong>Secci\u00f3n:<\/strong> Seguridad&nbsp;<\/p>\n<p><strong>Titular: <\/strong>Tres d\u00edas de duelo por asesinato de profesor<\/p>\n<p><strong>Resumen:<\/strong> Resoluci\u00f3n 001 de febrero de 1990 \u201cEl Consejo de Facultad de Ingenier\u00eda reunido extraordinariamente el 7 de febrero y considerando;<\/p>\n<ol>\n<li>Que el d\u00eda 6 de febrero en las horas de la tarde fue cobardemente asesinado el profesor Fabio Ram\u00edrez Ocampo, adscrito al Departamento de Ingenier\u00eda de Sistemas.<\/li>\n<li>Que el profesor Ram\u00edrez prest\u00f3 sus servicios a la Facultad durante 15 a\u00f1os en los cuales ocup\u00f3 los cargos de profesor, vicedecano y decano encargado de la Facultad.<\/li>\n<li>Que su temprana desaparici\u00f3n priva a la facultad de un docente cuyos m\u00e9ritos y trayectoria son ejemplo para toda la comunidad universitaria.<\/li>\n<\/ol>\n<p>Resuelve<\/p>\n<ol>\n<li>Repudiar el hecho por considerarlo a todas luces lesivo y atentatorio contra la sociedad en general.<\/li>\n<li>Decretar tres d\u00edas de duelo en la Facultad de Ingenier\u00eda por la muerte del profesor.<\/li>\n<li>Suspender actividades acad\u00e9micas el 7 de febrero con el fin de acompa\u00f1ar en el duelo a sus familiares y amigos.<\/li>\n<li>Invitar a todos los estamentos de la Universidad de Antioquia y en especial a los de la Facultad de Ingenier\u00eda para que asistan a los actos f\u00fanebres que por nuestro compa\u00f1ero se celebraran hoy (ayer) a las 3:30 en el cementerio Campos de Paz.<\/li>\n<li>Enviar copia de esta resoluci\u00f3n a su se\u00f1ora esposa Margarita Trujillo y sus hijos Juan Manuel y Camilo.\u201d<\/li>\n<\/ol>\n<p><em>Abelardo Parra Aristiz\u00e1bal, presidente<\/em><\/p>\n<p><em>Olga Lucia Suaza Jim\u00e9nez, secretaria&nbsp; <\/em><\/p>\n<p><strong>Im\u00e1genes: <\/strong>N\/A<\/p>\n<p><strong>Archivos de Registro: <\/strong>REG_C067<\/p>\n<p><strong>INFORMACI\u00d3N ANAL\u00cdTICA<\/strong><\/p>\n<p><strong>Contexto de la noticia<\/strong><strong>:<\/strong> guerra entre Carteles del narcotr\u00e1fico, exterminio de la UP, Recrudecimiento del conflicto paramilitar, Recrudecimiento del conflicto armado, lucha contra las drogas, campa\u00f1as presidenciales Colombia, Asamblea Nacional Constituyente, Mundial Italia 90, invasi\u00f3n de Estados Unidos a Panam\u00e1<\/p>\n<p><strong>Palabras clave:<\/strong> Acciones violentas, Asesinato selectivo, Acciones de resistencia, Actos religiosos, Comunicados, declaraciones<\/p>\n<p><strong>Sugerencia de palabras claves: <\/strong><\/p>\n<p><strong>Observaciones: <\/strong><\/p>\n<p><strong>Fecha de diligenciamiento: <\/strong>9 diciembre 2018<\/p>\n<h1 style=\"text-align: center;\">***<\/h1>\n<p><strong>N\u00famero de ficha<\/strong>: C-068&nbsp;&nbsp;&nbsp;&nbsp;&nbsp;&nbsp;&nbsp;&nbsp;&nbsp;&nbsp;&nbsp;&nbsp;&nbsp;&nbsp;&nbsp;&nbsp;&nbsp;&nbsp;&nbsp;&nbsp;&nbsp;&nbsp;&nbsp;&nbsp;&nbsp;&nbsp;&nbsp;&nbsp;&nbsp;&nbsp;&nbsp;&nbsp;&nbsp;&nbsp;&nbsp;&nbsp;&nbsp;&nbsp;&nbsp;&nbsp;&nbsp;&nbsp;&nbsp;&nbsp;&nbsp;&nbsp;&nbsp;&nbsp;&nbsp;&nbsp;&nbsp;&nbsp;&nbsp;<\/p>\n<p><strong>Diligenciada por: <\/strong>Paula Andrea Salamanca Hern\u00e1ndez<\/p>\n<p><strong>INFORMACI\u00d3N BIBLIOGR\u00c1FICA<\/strong><\/p>\n<p><strong>Peri\u00f3dico: <\/strong>El Colombiano<\/p>\n<p><strong>Lugar de edici\u00f3n: <\/strong>Medell\u00edn<\/p>\n<p><strong>Autor personal: <\/strong><\/p>\n<p><strong>Autor corporativo: <\/strong><\/p>\n<p><strong>Fecha: <\/strong>1990 febrero 16<\/p>\n<p><strong>P\u00e1gina: <\/strong>6B<\/p>\n<p><strong>Secci\u00f3n:<\/strong> Seguridad&nbsp;<\/p>\n<p><strong>Titular: <\/strong>Universitarios incendiaron buseta y carro de gaseosas<\/p>\n<p><strong>Resumen:<\/strong> por motivo de la vista del presidente de los Estados Unidos George Bush a Cartagena (Colombia), estudiantes de la Universidad incendiaron una buseta de servicio urbano con ruta Palenque Robledal de placas VA-1110 y un carro repartidor de gaseosas de la empresa Coca Cola, marca Dodge modelo 79 de placas HA-9544. \u201cAl conductor de la buseta le obligaron a ingresar al centro superior y all\u00ed, los educandos procedieron a prenderle fuego, no sin antes haber apartado al conductor y los pasajeros.\u201d Los conductores eran Leonel V\u00e9lez (buseta) y Edilberto Mu\u00f1oz (Coca Cola). La versi\u00f3n de las autoridades fue que \u201cel carro repartidor de gaseosas se encontraba dentro de la Universidad de Antioquia en el momento de ser incendiado, realizando el abastecimiento habitual de las diferentes cafeter\u00edas.\u201d Se indic\u00f3 adem\u00e1s que efectivos del Departamento de Bomberos y las unidades policiales no ingresaron a la Universidad debido a la resistencia que pusieron los estudiantes. Al final de los hechos no se presentaron personas retenidas ni agentes lesionados.<\/p>\n<p>El rector de la Universidad (Luis P\u00e9rez Guti\u00e9rrez) dijo que el hecho era aislado por lo que las actividades de la Universidad se desarrollaron con normalidad.<\/p>\n<p><strong>Im\u00e1genes: <\/strong>(IMA_C068), Resistencia (nombre de la foto), que describe en el pie de foto \u201cEstudiantes de la Universidad de Antioquia impidieron por varios minutos la entrada de agentes de la polic\u00eda y los bomberos, lo que origin\u00f3 que la buseta y el carro repartidor de gaseosas incendiados, resultaran destruidos en su totalidad.<\/p>\n<p><strong>Archivos de Registro: <\/strong>REG_C068<\/p>\n<p><strong>INFORMACI\u00d3N ANAL\u00cdTICA<\/strong><\/p>\n<p><strong>Contexto de la noticia:<\/strong> guerra entre Carteles del narcotr\u00e1fico, exterminio de la UP, Recrudecimiento del conflicto paramilitar, Recrudecimiento del conflicto armado, lucha contra las drogas, campa\u00f1as presidenciales Colombia, Asamblea Nacional Constituyente, Mundial Italia 90, invasi\u00f3n de Estados Unidos a Panam\u00e1, Visita del presidente de Estados Unidos a Cartagena (Colombia) George Bush,<\/p>\n<p><strong>Palabras clave:<\/strong> Acciones contestatarias, Tropel, Acciones violentas, Uso de petardos y explosivos, Da\u00f1o a bienes civiles, Intimidaci\u00f3n, Rector\u00eda P\u00e9rez Luis<\/p>\n<p><strong>Sugerencia de palabras claves: <\/strong><\/p>\n<p><strong>Observaciones: <\/strong><\/p>\n<p><strong>Fecha de diligenciamiento: <\/strong>9 diciembre 2018<\/p>\n<h1 style=\"text-align: center;\">***<\/h1>\n<p><strong>N\u00famero de ficha<\/strong>: C-069&nbsp;&nbsp;&nbsp;&nbsp;&nbsp;&nbsp;&nbsp;&nbsp;&nbsp;&nbsp;&nbsp;&nbsp;&nbsp;&nbsp;&nbsp;&nbsp;&nbsp;&nbsp;&nbsp;&nbsp;&nbsp;&nbsp;&nbsp;&nbsp;&nbsp;&nbsp;&nbsp;&nbsp;&nbsp;&nbsp;&nbsp;&nbsp;&nbsp;&nbsp;&nbsp;&nbsp;&nbsp;&nbsp;&nbsp;&nbsp;&nbsp;&nbsp;&nbsp;&nbsp;&nbsp;&nbsp;&nbsp;&nbsp;&nbsp;&nbsp;&nbsp;&nbsp;&nbsp;<\/p>\n<p><strong>Diligenciada por: <\/strong>Paula Andrea Salamanca Hern\u00e1ndez<\/p>\n<p><strong>INFORMACI\u00d3N BIBLIOGR\u00c1FICA<\/strong><\/p>\n<p><strong>Peri\u00f3dico: <\/strong>El Colombiano<\/p>\n<p><strong>Lugar de edici\u00f3n: <\/strong>Medell\u00edn<\/p>\n<p><strong>Autor personal: <\/strong><\/p>\n<p><strong>Autor corporativo: <\/strong><\/p>\n<p><strong>Fecha: <\/strong>1990 marzo 24<\/p>\n<p><strong>P\u00e1gina: <\/strong>11C<\/p>\n<p><strong>Secci\u00f3n:<\/strong> Seguridad&nbsp;<\/p>\n<p><strong>Titular: <\/strong>Dos busetas quemadas en Medell\u00edn<\/p>\n<p><strong>Resumen:<\/strong> al interior de la Universidad de Antioquia y la Universidad Nacional, encapuchados incendiaron dos buses de servicio p\u00fablico. \u201cLos hechos fueron repudiados por la Asamblea de Estudiantes de la Universidad de Antioquia, que sesionaba de forma permanente en el interior de la Universidad\u201d el mismo d\u00eda de los hechos. Las dos universidades suspendieron sus actividades acad\u00e9micas, hasta nuevo inicio de semana, en vista de los disturbios registrados en sus predios. Lo sucedido, fue a causa del asesinato del senador y candidato presidencial Bernardo Jaramillo Ossa, \u201c\u2026un grupo de encapuchados, exaltados por el crimen del l\u00edder de la Uni\u00f3n Patri\u00f3tica, se apoderaron de una buseta de transportes Hato Viejo que cubre la ruta al municipio de Bello. Los j\u00f3venes robaron la buseta en la calle barranquilla a pocos metros de la Universidad, por donde hab\u00eda sido desviado el tr\u00e1nsito precisamente para prevenir des\u00f3rdenes. El veh\u00edculo fue llevado por los exaltados hasta el interior de la Universidad, all\u00ed lo incendiaron, hasta quedar consumido por completo.\u201d<\/p>\n<p>Horas despu\u00e9s, de ocurridos los hechos, los estudiantes de la Universidad dieron a conocer un comunicado en el que rechazaron las formas de protestar por la muerte de Jaramillo Ossa, \u201cnuestra asamblea y manifestaciones pac\u00edficas han sido por la reivindicaci\u00f3n de la vida\u201d, los estudiantes dijeron que los hechos eran ajenos a la voluntad de la asamblea e igualmente sus protagonistas \u201cson personas ajenas al claustro\u201d.<\/p>\n<p><strong>Im\u00e1genes: <\/strong>N\/A<\/p>\n<p><strong>Archivos de Registro: <\/strong>REG_C069<\/p>\n<p><strong>INFORMACI\u00d3N ANAL\u00cdTICA<\/strong><\/p>\n<p><strong>Contexto de la noticia: <\/strong>guerra entre Carteles del narcotr\u00e1fico, exterminio de la UP, Recrudecimiento del conflicto paramilitar, Recrudecimiento del conflicto armado, Paro c\u00edvico en Segovia, Remedios y Yond\u00f3, Asesinato de Bernardo Jaramillo Ossa, S\u00e9ptima papeleta, Proceso de paz M-19, Asamblea Nacional Constituyente, Mundial Italia 90, Reforma Laboral<\/p>\n<p><strong>Palabras clave:<\/strong> Acciones de resistencia, Comunicados, Cierre de v\u00edas, Misivas, declaraciones, Acciones contestatarias, Tropel, Acciones violentas, Intimidaci\u00f3n, Da\u00f1o a bienes civiles, Asesinato selectivo, Jaramillo Ossa Bernardo, Asamblea de estudiantes, Grupos clandestinos<\/p>\n<p><strong>Sugerencia de palabras claves: <\/strong><\/p>\n<p><strong>Observaciones: <\/strong>por otra parte, estudiantes de la Universidad y profesores de este y otros centros de educaci\u00f3n superior, a trav\u00e9s de sus actores gremiales, pidieron en un comunicado conjunto la renuncia del ministro Carlos Lemos Simmonds, ya que lo se\u00f1alaban de \u201ccontribuir con sus impertinentes se\u00f1alamientos al clima de violencia que vive el pa\u00eds.\u201d<\/p>\n<p><strong>Fecha de diligenciamiento: <\/strong>10 diciembre 2018<\/p>\n<h1 style=\"text-align: center;\">***<\/h1>\n<p><strong>N\u00famero de ficha<\/strong>: C-070&nbsp;&nbsp;&nbsp;&nbsp;&nbsp;&nbsp;&nbsp;&nbsp;&nbsp;&nbsp;&nbsp;&nbsp;&nbsp;&nbsp;&nbsp;&nbsp;&nbsp;&nbsp;&nbsp;&nbsp;&nbsp;&nbsp;&nbsp;&nbsp;&nbsp;&nbsp;&nbsp;&nbsp;&nbsp;&nbsp;&nbsp;&nbsp;&nbsp;&nbsp;&nbsp;&nbsp;&nbsp;&nbsp;&nbsp;&nbsp;&nbsp;&nbsp;&nbsp;&nbsp;&nbsp;&nbsp;&nbsp;&nbsp;&nbsp;&nbsp;&nbsp;&nbsp;&nbsp;<\/p>\n<p><strong>Diligenciada por: <\/strong>Paula Andrea Salamanca Hern\u00e1ndez<\/p>\n<p><strong>INFORMACI\u00d3N BIBLIOGR\u00c1FICA<\/strong><\/p>\n<p><strong>Peri\u00f3dico: <\/strong>El Colombiano<\/p>\n<p><strong>Lugar de edici\u00f3n: <\/strong>Medell\u00edn<\/p>\n<p><strong>Autor personal: <\/strong><\/p>\n<p><strong>Autor corporativo: <\/strong><\/p>\n<p><strong>Fecha: <\/strong>1990 marzo 26<\/p>\n<p><strong>P\u00e1gina: <\/strong>8B<\/p>\n<p><strong>Secci\u00f3n:<\/strong> Generales<\/p>\n<p><strong>Titular: <\/strong>U. de A. repudi\u00f3 asesinato de Jaramillo Ossa<\/p>\n<p><strong>Resumen:<\/strong> despu\u00e9s de reprobar a trav\u00e9s de un comunicado el vil asesinato de Bernardo Jaramillo Ossa (candidato presidencial por la UP y senador electo por Antioquia), el Consejo acad\u00e9mico de la Universidad de Antioquia, hizo un llamado a favor de \u201clos ideales de controversia racional, de libertad y de paz, como los \u00fanicos capaces de conformar una comunidad pol\u00edtica avanzada.\u201d As\u00ed mismo convoc\u00f3 a un foro permanente para \u201can\u00e1lisis de la violencia que sacude a Colombia.\u201d<\/p>\n<p><strong>Im\u00e1genes: <\/strong>N\/A<\/p>\n<p><strong>Archivos de Registro: <\/strong>REG_C070<\/p>\n<p><strong>INFORMACI\u00d3N ANAL\u00cdTICA<\/strong><\/p>\n<p><strong>Contexto de la noticia: <\/strong>guerra entre Carteles del narcotr\u00e1fico, exterminio de la UP, Recrudecimiento del conflicto paramilitar, Recrudecimiento del conflicto armado, Paro c\u00edvico en Segovia, Remedios y Yond\u00f3, Asesinato de Bernardo Jaramillo Ossa, S\u00e9ptima papeleta, Proceso de paz M-19, Asamblea Nacional Constituyente, Mundial Italia 90, Reforma Laboral<\/p>\n<p><strong>Palabras clave:<\/strong> Acciones de resistencia, Comunicados, misivas, declaraciones, Consejo Acad\u00e9mico, Jaramillo Ossa Bernardo<\/p>\n<p><strong>Sugerencia de palabras claves: <\/strong><\/p>\n<p><strong>Observaciones: <\/strong><\/p>\n<p><strong>Fecha de diligenciamiento: <\/strong>10 diciembre 2018<\/p>\n<h1 style=\"text-align: center;\">***<\/h1>\n<p><strong>N\u00famero de ficha<\/strong>: C-071&nbsp;&nbsp;&nbsp;&nbsp;&nbsp;&nbsp;&nbsp;&nbsp;&nbsp;&nbsp;&nbsp;&nbsp;&nbsp;&nbsp;&nbsp;&nbsp;&nbsp;&nbsp;&nbsp;&nbsp;&nbsp;&nbsp;&nbsp;&nbsp;&nbsp;&nbsp;&nbsp;&nbsp;&nbsp;&nbsp;&nbsp;&nbsp;&nbsp;&nbsp;&nbsp;&nbsp;&nbsp;&nbsp;&nbsp;&nbsp;&nbsp;&nbsp;&nbsp;&nbsp;&nbsp;&nbsp;&nbsp;&nbsp;&nbsp;&nbsp;&nbsp;&nbsp;&nbsp;<\/p>\n<p><strong>Diligenciada por: <\/strong>Paula Andrea Salamanca Hern\u00e1ndez<\/p>\n<p><strong>INFORMACI\u00d3N BIBLIOGR\u00c1FICA<\/strong><\/p>\n<p><strong>Peri\u00f3dico: <\/strong>El Colombiano<\/p>\n<p><strong>Lugar de edici\u00f3n: <\/strong>Medell\u00edn<\/p>\n<p><strong>Autor personal: <\/strong><\/p>\n<p><strong>Autor corporativo: <\/strong><\/p>\n<p><strong>Fecha: <\/strong>1990 marzo 30<\/p>\n<p><strong>P\u00e1gina: <\/strong>8D<\/p>\n<p><strong>Secci\u00f3n:<\/strong> Seguridad<\/p>\n<p><strong>Titular: <\/strong>Disturbios en la U. de A. \u201cNo m\u00e1s bala contra el pacifismo\u201d<\/p>\n<p><strong>Resumen:<\/strong> \u201cVarios estudiantes, con m\u00faltiples heridas y contusiones, y la toma indefinida del Bloque Administrativo de la Universidad de Antioquia, por los participantes de la Asamblea Estudiantil, fueron las consecuencias del enfrentamiento del mi\u00e9rcoles (marzo 28) en la tarde, entre efectivos del Cuerpo \u00c9lite y los integrantes de una marcha pac\u00edfica de la universidad.\u201d Seg\u00fan afirmaciones de quienes eran los voceros de la Asamblea General permanente; la marcha que hab\u00edan hecho era el final de una jornada de reflexi\u00f3n por el asesinato del candidato Bernardo Jaramillo Ossa. En el informe que entreg\u00f3 el rector de la Universidad, se mencionaba que ocho estudiantes hab\u00edan sido retenidos durante los incidentes, pero que ya hab\u00edan recobrado su libertad. Adem\u00e1s del informe del rector, otros estudiantes acudieron a la Asamblea para narrar los hechos ocurridos durante la marcha, algunas de sus declaraciones fueron;<\/p>\n<ul>\n<li>\u201cayer -el mi\u00e9rcoles- nosotros est\u00e1bamos sentados en el cruce de Carabobo con Colombia, y a cambio de ellos recibimos la agresi\u00f3n del grupo de choque m\u00e1s poderoso que tiene la Polic\u00eda, que es el Grupo Elite\u201d<\/li>\n<li>\u201cen ning\u00fan momento se hab\u00eda incurrido en actos de violencia de sus participantes, quienes \u00fanicamente nos limit\u00e1bamos a gritar consignas, como <em>enamorados con la vida y resentidos con la muerte, a la vida lo daremos todo, a la muerte jam\u00e1s daremos nada.<\/em><\/li>\n<li>\u201csolo queremos que a la opini\u00f3n p\u00fablica y las esferas gubernamentales se les aclare qui\u00e9nes somos y qu\u00e9 es lo que realmente buscamos con este movimiento que no tiene que ver con la violencia para la sociedad\u201d<\/li>\n<li>\u201ces triste se\u00f1or rector, que nosotros los estudiantes de la Universidad de Antioquia tengamos que esconder los carn\u00e9s que nos identifican como estudiantes de esta universidad, porque la fuerza p\u00fablica, tan pronto nos ven, nos tildan como lo peor de la sociedad\u201d<\/li>\n<li>\u201cnosotros pudimos ver a por lo menos 15 compa\u00f1eros, que fueron montados en varios carros y luego trasladados a otros. Sin embargo, tenemos entendido que en la calle Colombia se realizaron m\u00e1s detenciones, y no podr\u00edamos precisar cu\u00e1ntos compa\u00f1eros podr\u00edan estar retenidos por las autoridades\u201d<\/li>\n<li>\u201cuno de los grupos capturados estaba conformado por 6 estudiantes, que fueron sacados a las 10 de la noche de la Estaci\u00f3n 100 de polic\u00eda, uno de los cuales iba herido en las piernas\u201d<\/li>\n<li>\u201ccuando el furg\u00f3n regreso vac\u00edo uno de los polic\u00edas que los acompa\u00f1o dijo que los iban a procesar por terrorismo, porque les hab\u00edan cogido cosas comprometedoras. Ah\u00ed comenz\u00f3 la preocupaci\u00f3n porque nos dijeron que era m\u00ednimo siete d\u00edas de tortura\u201d<\/li>\n<li>\u201cun segundo grupo estaba conformado por cuatro muchachos, uno de los cuales estaba bastante golpeado en el rostro; un tercero conformado por 24 muchachos y el cuarto grupo, conformado por nueve compa\u00f1eros, entre los cuales me encontraba yo\u201d dijo un vocero.<\/li>\n<\/ul>\n<p>Los estudiantes fueron enf\u00e1ticos de que la Asamblea General Permanente, se hac\u00eda con el fin de analizar y reflexionar la situaci\u00f3n del pa\u00eds y los problemas universitarios y que, la presentaci\u00f3n y toma armada de unas \u201cMilicias Estudiantiles\u201d que tuvo lugar en la misma, no representaba la filosof\u00eda de la Asamblea General.<\/p>\n<p><strong>Im\u00e1genes: <\/strong>(IMA_C071), \u00bfPor qu\u00e9? (nombre de la foto), que describe en el pie de foto \u201cLa pregunta que se hac\u00edan ayer cientos de estudiantes de la Universidad de Antioquia, a ra\u00edz de las violentas agresiones de que fueron v\u00edctimas durante la marcha pac\u00edfica que se desarroll\u00f3 el mi\u00e9rcoles anterior por las calles de Medell\u00edn. La foto es un testimonio de lo acontecido. <em>*Imagen rasgada<\/em><\/p>\n<p><strong>Archivos de Registro: <\/strong>REG_C071<\/p>\n<p><strong>INFORMACI\u00d3N ANAL\u00cdTICA<\/strong><\/p>\n<p><strong>Contexto de la noticia: <\/strong>guerra entre Carteles del narcotr\u00e1fico, exterminio de la UP, Recrudecimiento del conflicto paramilitar, Recrudecimiento del conflicto armado, Paro c\u00edvico en Segovia, Remedios y Yond\u00f3, Asesinato de Bernardo Jaramillo Ossa, S\u00e9ptima papeleta, Proceso de paz M-19, Asamblea Nacional Constituyente, Mundial Italia 90, Reforma Laboral<\/p>\n<p><strong>Palabras clave:<\/strong> Acciones de resistencia, Marchas estudiantiles, Actividades culturales, Plant\u00f3n, Acciones contestatarias, Tropel, Acciones violentas, Paradas militares, Intimidaci\u00f3n, Polic\u00eda, Milicias, Asamblea de Estudiantes<\/p>\n<p><strong>Sugerencia de palabras claves: <\/strong><\/p>\n<p><strong>Observaciones: <\/strong>la toma armada de las \u201cMilicias Estudiantiles\u201d en lo que fuera la Asamblea General, no fue abordada ni descrita en su totalidad en el desarrollo de la noticia, incluso los estudiantes dijeron que estas se hab\u00edan presentado \u201cpara expresarse en torno al conflicto\u201d. No se ultimaron detalles del suceso.<\/p>\n<p><strong>Fecha de diligenciamiento: <\/strong>11 diciembre 2018<\/p>\n<h1 style=\"text-align: center;\">***<\/h1>\n<p><strong>N\u00famero de ficha<\/strong>: C-072&nbsp;&nbsp;&nbsp;&nbsp;&nbsp;&nbsp;&nbsp;&nbsp;&nbsp;&nbsp;&nbsp;&nbsp;&nbsp;&nbsp;&nbsp;&nbsp;&nbsp;&nbsp;&nbsp;&nbsp;&nbsp;&nbsp;&nbsp;&nbsp;&nbsp;&nbsp;&nbsp;&nbsp;&nbsp;&nbsp;&nbsp;&nbsp;&nbsp;&nbsp;&nbsp;&nbsp;&nbsp;&nbsp;&nbsp;&nbsp;&nbsp;&nbsp;&nbsp;&nbsp;&nbsp;&nbsp;&nbsp;&nbsp;&nbsp;&nbsp;&nbsp;&nbsp;&nbsp;<\/p>\n<p><strong>Diligenciada por: <\/strong>Paula Andrea Salamanca Hern\u00e1ndez<\/p>\n<p><strong>INFORMACI\u00d3N BIBLIOGR\u00c1FICA<\/strong><\/p>\n<p><strong>Peri\u00f3dico: <\/strong>El Colombiano<\/p>\n<p><strong>Lugar de edici\u00f3n: <\/strong>Medell\u00edn<\/p>\n<p><strong>Autor personal: <\/strong><\/p>\n<p><strong>Autor corporativo: <\/strong><\/p>\n<p><strong>Fecha: <\/strong>1990 marzo 31<\/p>\n<p><strong>P\u00e1gina: <\/strong>8D<\/p>\n<p><strong>Secci\u00f3n:<\/strong> Seguridad<\/p>\n<p><strong>Titular: <\/strong>Abatidos dos asaltantes en Bello \/ Bomba \u201cpapa\u201d contra veh\u00edculo de la U. de A.<\/p>\n<p><strong>Resumen:<\/strong> un autom\u00f3vil con placas KA 7928 de propiedad del docente Carlos Alberto Rend\u00f3n, de la Universidad de Antioquia que se encontraba estacionado en los parqueaderos cercanos a la Facultad de Artes, fue afectado por la explosi\u00f3n de un petardo que fue colocado debajo del mismo. Los da\u00f1os cuantificados fueron de 150.000 pesos, da\u00f1os en los amortiguadores del veh\u00edculo, llantas delanteras puertas y vidrios, fue el reporte. El hecho no ocasion\u00f3 alteraciones en la Universidad y ning\u00fan grupo se atribuy\u00f3 el hecho.<\/p>\n<p><strong>Im\u00e1genes: <\/strong>N\/A<\/p>\n<p><strong>Archivos de Registro: <\/strong>REG_C072<\/p>\n<p><strong>INFORMACI\u00d3N ANAL\u00cdTICA<\/strong><\/p>\n<p><strong>Contexto de la noticia: <\/strong>guerra entre Carteles del narcotr\u00e1fico, exterminio de la UP, Recrudecimiento del conflicto paramilitar, Recrudecimiento del conflicto armado, Paro c\u00edvico en Segovia, Remedios y Yond\u00f3, Asesinato de Bernardo Jaramillo Ossa, S\u00e9ptima papeleta, Proceso de paz M-19, Asamblea Nacional Constituyente, Mundial Italia 90, Reforma Laboral<\/p>\n<p><strong>Palabras clave:<\/strong> Acciones violentas, Da\u00f1o a bienes civiles, petardos y uso de explosivos<\/p>\n<p><strong>Sugerencia de palabras claves: <\/strong><\/p>\n<p><strong>Observaciones: <\/strong>N\/A<\/p>\n<p><strong>Fecha de diligenciamiento: <\/strong>11 diciembre 2018<\/p>\n<h1 style=\"text-align: center;\">***<\/h1>\n<p><strong>N\u00famero de ficha<\/strong>: C-073&nbsp;&nbsp;&nbsp;&nbsp;&nbsp;&nbsp;&nbsp;&nbsp;&nbsp;&nbsp;&nbsp;&nbsp;&nbsp;&nbsp;&nbsp;&nbsp;&nbsp;&nbsp;&nbsp;&nbsp;&nbsp;&nbsp;&nbsp;&nbsp;&nbsp;&nbsp;&nbsp;&nbsp;&nbsp;&nbsp;&nbsp;&nbsp;&nbsp;&nbsp;&nbsp;&nbsp;&nbsp;&nbsp;&nbsp;&nbsp;&nbsp;<\/p>\n<p><strong>Diligenciada por: <\/strong>Paula Andrea Salamanca Hern\u00e1ndez<\/p>\n<p><strong>INFORMACI\u00d3N BIBLIOGR\u00c1FICA<\/strong><\/p>\n<p><strong>Peri\u00f3dico: <\/strong>El Colombiano<\/p>\n<p><strong>Lugar de edici\u00f3n: <\/strong>Medell\u00edn<\/p>\n<p><strong>Autor personal: <\/strong><\/p>\n<p><strong>Autor corporativo: <\/strong><\/p>\n<p><strong>Fecha: <\/strong>1990 abril 2<\/p>\n<p><strong>P\u00e1gina: <\/strong>2A<\/p>\n<p><strong>Secci\u00f3n:<\/strong> Hoy\/Lunes<\/p>\n<p><strong>Titular: <\/strong>Una reflexi\u00f3n contra la violencia<\/p>\n<p><strong>Resumen:<\/strong> a trav\u00e9s de un comunicado, estudiantes de la Universidad, dejaron claro que sus pronunciamientos a causa del asesinato del candidato presidencial por la Uni\u00f3n Patri\u00f3tica, Bernardo Jaramillo Ossa, fueron pac\u00edficos y que con ellos se logr\u00f3 llevar a cabo la \u201csemana de reflexi\u00f3n\u201d sobre la situaci\u00f3n del pa\u00eds. Denunciaron la respuesta del gobierno a sus protestas que fue \u201cgolpear y detener estudiantes\u201d y que a cambio de sus consignas recibieron \u201cbala y bolillo\u201d. Otros temas mencionados en el comunicado, fueron el rechazo a lo que los estudiantes llamaron \u201cpol\u00edtica de muerte que rodea a todos los rincones del pa\u00eds y no cesa por ning\u00fan motivo\u201d y, la necesidad de \u201cconformar una Asamblea Nacional Constituyente\u201d, \u201cque sea representativa de todos los sectores pol\u00edticos\u201d.<\/p>\n<p>Por \u00faltimo, denunciaron, que \u201cso pretexto de ausencia de recursos econ\u00f3micos y presupuestales se quiere convertir a la Universidad en una empresa de inversi\u00f3n privada, &#8211; sustentando- el alquiler del teatro Camilo Torres a particulares.\u201d<\/p>\n<p><strong>Im\u00e1genes: <\/strong>N\/A<\/p>\n<p><strong>Archivos de Registro: <\/strong>REG_C073a REG_C073b REG_C073c<\/p>\n<p><strong>INFORMACI\u00d3N ANAL\u00cdTICA<\/strong><\/p>\n<p><strong>Contexto de la noticia: <\/strong>guerra entre Carteles del narcotr\u00e1fico, exterminio de la UP, Recrudecimiento del conflicto paramilitar, Recrudecimiento del conflicto armado, Asesinato de Bernardo Jaramillo Ossa, Campa\u00f1a presidencial Colombia, S\u00e9ptima Papeleta, Mundial Italia 90, Asamblea Nacional Constituyente<\/p>\n<p><strong>Palabras clave:<\/strong> Acciones de resistencia, Comunicados<\/p>\n<p><strong>Sugerencia de palabras claves: <\/strong><\/p>\n<p><strong>Observaciones: <\/strong>los estudiantes retomar\u00edan clases bajo la figura de \u201canormalidad acad\u00e9mica\u201d despu\u00e9s de la asamblea permanente que hab\u00edan tenido por la \u201csemana de reflexi\u00f3n\u201d. El comunicado en la noticia se encontraba resumido.<\/p>\n<p><strong>Fecha de diligenciamiento: <\/strong>11 diciembre 2018<\/p>\n<h1 style=\"text-align: center;\">***<\/h1>\n<p><strong>N\u00famero de ficha<\/strong>: C-074&nbsp;&nbsp;&nbsp;&nbsp;&nbsp;&nbsp;&nbsp;&nbsp;&nbsp;&nbsp;&nbsp;&nbsp;&nbsp;&nbsp;&nbsp;&nbsp;&nbsp;&nbsp;&nbsp;&nbsp;&nbsp;&nbsp;&nbsp;&nbsp;&nbsp;&nbsp;&nbsp;&nbsp;&nbsp;&nbsp;&nbsp;&nbsp;&nbsp;&nbsp;&nbsp;&nbsp;&nbsp;&nbsp;&nbsp;&nbsp;&nbsp;&nbsp;&nbsp;&nbsp;&nbsp;&nbsp;&nbsp;&nbsp;&nbsp;&nbsp;&nbsp;&nbsp;&nbsp;<\/p>\n<p><strong>Diligenciada por: <\/strong>Paula Andrea Salamanca Hern\u00e1ndez<\/p>\n<p><strong>INFORMACI\u00d3N BIBLIOGR\u00c1FICA<\/strong><\/p>\n<p><strong>Peri\u00f3dico: <\/strong>El Colombiano<\/p>\n<p><strong>Lugar de edici\u00f3n: <\/strong>Medell\u00edn<\/p>\n<p><strong>Autor personal: <\/strong><\/p>\n<p><strong>Autor corporativo: <\/strong><\/p>\n<p><strong>Fecha: <\/strong>1990 abril 28<\/p>\n<p><strong>P\u00e1gina: <\/strong>3B<\/p>\n<p><strong>Secci\u00f3n:<\/strong> Nacional&nbsp;<\/p>\n<p><strong>Titular: <\/strong>La descomposici\u00f3n es m\u00e1s profunda de lo previsto<\/p>\n<p><strong>Resumen:<\/strong> \u201cLos problemas de descomposici\u00f3n que hay que resolver para sobrevivir como sociedad, son m\u00e1s profundos y desconocidos que lo previsto\u201d, fueron estos los t\u00e9rminos en los que se pronunci\u00f3 el Consejo Acad\u00e9mico de la Universidad, despu\u00e9s de una reuni\u00f3n extraordinaria, por motivo del asesinato del candidato presidencial por el M-19 Carlos Pizarro. Un aparte del comunicado, \u201cEl Consejo Acad\u00e9mico de la Universidad [\u2026]&nbsp; se une a los sentimientos de honda preocupaci\u00f3n por la suerte del pa\u00eds y se asocia a la expresi\u00f3n de p\u00fablico y comunitario pesar, en los cuales est\u00e1n sumidos los colombianos al reconocer la noticia del execrable asesinato del candidato presidencial. [\u2026]&nbsp; Quien gui\u00f3 a esa agrupaci\u00f3n hasta la desmovilizaci\u00f3n y la incorporaci\u00f3n a la vida civil. [\u2026]. En esta, como en cualquier otra crisis, es deber de p\u00fablica docencia de la Universidad, resaltar ante la comunidad los aspectos cr\u00edticos que tambi\u00e9n constituyen oportunidades comprometedoras de progreso. Insta este consejo a la comunidad universitaria a mantener la normalidad acad\u00e9mica en todos los programas, e invita a profesores y estudiantes a que, dentro y fuera de clases, analicen y compartan impresiones, interpretaciones y propuestas de inter\u00e9s com\u00fan que coadyuven a la causa de la democracia y al a paz del pa\u00eds.\u201d<\/p>\n<p><em>Luis P\u00e9rez Guti\u00e9rrez, presidente<\/em><\/p>\n<p><em>Alberto Ceballos, secretario general&nbsp; <\/em><\/p>\n<p><strong>Im\u00e1genes: <\/strong>N\/A<\/p>\n<p><strong>Archivos de Registro: <\/strong>REG_C074<\/p>\n<p><strong>INFORMACI\u00d3N ANAL\u00cdTICA<\/strong><\/p>\n<p><strong>Contexto de la noticia: <\/strong>guerra entre Carteles del narcotr\u00e1fico, exterminio de la UP, Recrudecimiento del conflicto paramilitar, Recrudecimiento del conflicto armado, Asesinato de Bernardo Jaramillo Ossa, Campa\u00f1a presidencial Colombia, S\u00e9ptima Papeleta, Mundial Italia 90, Asamblea Nacional Constituyente, Asesinato Carlos Pizarro, Elecciones presidenciales<\/p>\n<p><strong>Palabras clave:<\/strong> Respuestas institucionales, Campa\u00f1as de sensibilizaci\u00f3n o denuncia, Acciones de resistencia, Comunicados, Consejo Acad\u00e9mico<\/p>\n<p><strong>Sugerencia de palabras claves: <\/strong><\/p>\n<p><strong>Observaciones: <\/strong>en el comunicado se menciona el seminario permanente sobre violencia promovido por la Universidad, como efecto alentador a la sangrienta crisis del pa\u00eds.<\/p>\n<p><strong>Fecha de diligenciamiento: <\/strong>11 diciembre 2018<\/p>\n<h1 style=\"text-align: center;\">***<\/h1>\n<p><strong>N\u00famero de ficha<\/strong>: C-075&nbsp;&nbsp;&nbsp;&nbsp;&nbsp;&nbsp;&nbsp;&nbsp;&nbsp;&nbsp;&nbsp;&nbsp;&nbsp;&nbsp;&nbsp;&nbsp;&nbsp;&nbsp;&nbsp;&nbsp;&nbsp;&nbsp;&nbsp;&nbsp;&nbsp;&nbsp;&nbsp;&nbsp;&nbsp;&nbsp;&nbsp;&nbsp;&nbsp;&nbsp;&nbsp;&nbsp;&nbsp;&nbsp;&nbsp;&nbsp;&nbsp;&nbsp;&nbsp;&nbsp;&nbsp;&nbsp;&nbsp;&nbsp;&nbsp;&nbsp;&nbsp;&nbsp;&nbsp;<\/p>\n<p><strong>Diligenciada por: <\/strong>Paula Andrea Salamanca Hern\u00e1ndez<\/p>\n<p><strong>INFORMACI\u00d3N BIBLIOGR\u00c1FICA<\/strong><\/p>\n<p><strong>Peri\u00f3dico: <\/strong>El Colombiano<\/p>\n<p><strong>Lugar de edici\u00f3n: <\/strong>Medell\u00edn<\/p>\n<p><strong>Autor personal: <\/strong><\/p>\n<p><strong>Autor corporativo: <\/strong><\/p>\n<p><strong>Fecha: <\/strong>1990 abril 29<\/p>\n<p><strong>P\u00e1gina: <\/strong>6D<\/p>\n<p><strong>Secci\u00f3n:<\/strong> Seguridad&nbsp;&nbsp;<\/p>\n<p><strong>Titular: <\/strong>Desactivan petardo en carro de un profesor<\/p>\n<p><strong>Resumen:<\/strong> un autom\u00f3vil Renault 9 de color blanco, con placas QA 2016 y que se encontraba en el parqueadero principal de la ciudadela universitaria fue blanco de la colocaci\u00f3n de un petardo de una libra de dinamita y una c\u00e1psula detonante. El aviso oportuno aviso a las autoridades, permiti\u00f3 que el artefacto fuera desactivado y anulara la explosi\u00f3n. El autom\u00f3vil pertenec\u00eda al docente de la Universidad, Francisco G\u00f3mez P\u00e9rez quien ten\u00eda 46 a\u00f1os de edad y, era el director del Instituto de Estudios Regionales de Antioquia. No se pudo identificar a los autores del hecho.<\/p>\n<p><strong>Im\u00e1genes: <\/strong>N\/A<\/p>\n<p><strong>Archivos de Registro: <\/strong>REG_C075<\/p>\n<p><strong>INFORMACI\u00d3N ANAL\u00cdTICA<\/strong><\/p>\n<p><strong>Contexto de la noticia: <\/strong>guerra entre Carteles del narcotr\u00e1fico, exterminio de la UP, Recrudecimiento del conflicto paramilitar, Recrudecimiento del conflicto armado, Asesinato de Bernardo Jaramillo Ossa, Campa\u00f1a presidencial Colombia, S\u00e9ptima Papeleta, Mundial Italia 90, Asamblea Nacional Constituyente Asesinato Carlos Pizarro, Elecciones presidenciales<\/p>\n<p><strong>Palabras clave:<\/strong> Acciones violentas, Amenaza, Uso de petardos y explosivos<\/p>\n<p><strong>Sugerencia de palabras claves: <\/strong><\/p>\n<p><strong>Observaciones: <\/strong><\/p>\n<p><strong>Fecha de diligenciamiento: <\/strong>11 diciembre 2018<\/p>\n<h1 style=\"text-align: center;\">***<\/h1>\n<p><strong>N\u00famero de ficha<\/strong>: C-076&nbsp;&nbsp;&nbsp;&nbsp;&nbsp;&nbsp;&nbsp;&nbsp;&nbsp;&nbsp;&nbsp;&nbsp;&nbsp;&nbsp;&nbsp;&nbsp;&nbsp;&nbsp;&nbsp;&nbsp;&nbsp;&nbsp;&nbsp;&nbsp;&nbsp;&nbsp;&nbsp;&nbsp;&nbsp;&nbsp;&nbsp;&nbsp;&nbsp;&nbsp;&nbsp;&nbsp;&nbsp;&nbsp;&nbsp;&nbsp;&nbsp;&nbsp;&nbsp;&nbsp;&nbsp;&nbsp;&nbsp;&nbsp;&nbsp;&nbsp;&nbsp;&nbsp;&nbsp;<\/p>\n<p><strong>Diligenciada por: <\/strong>Paula Andrea Salamanca Hern\u00e1ndez<\/p>\n<p><strong>INFORMACI\u00d3N BIBLIOGR\u00c1FICA<\/strong><\/p>\n<p><strong>Peri\u00f3dico: <\/strong>El Colombiano<\/p>\n<p><strong>Lugar de edici\u00f3n: <\/strong>Medell\u00edn<\/p>\n<p><strong>Autor personal: <\/strong>Mar\u00eda Eugenia Villa G.<\/p>\n<p><strong>Autor corporativo: <\/strong>Colprensa<\/p>\n<p><strong>Fecha: <\/strong>1990 julio 5<\/p>\n<p><strong>P\u00e1gina: <\/strong>6A<\/p>\n<p><strong>Secci\u00f3n:<\/strong> Pol\u00edticas&nbsp;&nbsp;&nbsp;<\/p>\n<p><strong>Titular: <\/strong>Movimiento estudiantil se reunir\u00e1 con el EPL<\/p>\n<p><strong>Resumen:<\/strong> en Pueblo Nuevo (C\u00f3rdoba), estudiantes miembros del Movimiento Estudiantil por la Constituyente dialogar\u00edan con el Ej\u00e9rcito Popular de Liberaci\u00f3n, con la intenci\u00f3n de la participar en las negociaciones de paz. Los temas a tratar son el de la Asamblea Constitucional y la necesidad de alcanzar la paz en Colombia. Los estudiantes fueron propiamente invitados por el EPL y no estaban respaldados, ni asociados a alg\u00fan partido pol\u00edtico.<\/p>\n<p><strong>Im\u00e1genes: <\/strong>N\/A<\/p>\n<p><strong>Archivos de Registro: <\/strong>REG_C076<\/p>\n<p><strong>INFORMACI\u00d3N ANAL\u00cdTICA<\/strong><\/p>\n<p><strong>Contexto de la noticia: <\/strong>guerra entre Carteles del narcotr\u00e1fico, exterminio de la UP, Recrudecimiento del conflicto paramilitar, Recrudecimiento del conflicto armado, Asesinato de Bernardo Jaramillo Ossa, Campa\u00f1a presidencial Colombia, S\u00e9ptima Papeleta, Mundial Italia 90, Asamblea Nacional Constituyente, Asesinato Carlos Pizarro, Elecciones presidenciales&nbsp;<\/p>\n<p><strong>Palabras clave:<\/strong> Acciones de resistencia, Di\u00e1logo con actores armados, EPL, Movimiento Estudiantil por la Constituyente<\/p>\n<p><strong>Sugerencia de palabras claves: <\/strong><\/p>\n<p><strong>Observaciones: <\/strong>aunque no se nombra propiamente a la Universidad de Antioquia, se sabe por publicaciones anteriores que participaron activamente en el tema de la constituyente.<strong>&nbsp; <\/strong><\/p>\n<p><strong>Fecha de diligenciamiento: <\/strong>11 diciembre 2018<\/p>\n<h1 style=\"text-align: center;\">***<\/h1>\n<p><strong>N\u00famero de ficha<\/strong>: C-077&nbsp;&nbsp;&nbsp;&nbsp;&nbsp;&nbsp;&nbsp;&nbsp;&nbsp;&nbsp;&nbsp;&nbsp;&nbsp;&nbsp;&nbsp;&nbsp;&nbsp;&nbsp;&nbsp;&nbsp;&nbsp;&nbsp;&nbsp;&nbsp;&nbsp;&nbsp;&nbsp;&nbsp;&nbsp;&nbsp;&nbsp;&nbsp;&nbsp;&nbsp;&nbsp;&nbsp;&nbsp;&nbsp;&nbsp;&nbsp;&nbsp;&nbsp;&nbsp;&nbsp;&nbsp;&nbsp;&nbsp;&nbsp;&nbsp;&nbsp;&nbsp;&nbsp;&nbsp;<\/p>\n<p><strong>Diligenciada por: <\/strong>Paula Andrea Salamanca Hern\u00e1ndez<\/p>\n<p><strong>INFORMACI\u00d3N BIBLIOGR\u00c1FICA<\/strong><\/p>\n<p><strong>Peri\u00f3dico: <\/strong>El Colombiano<\/p>\n<p><strong>Lugar de edici\u00f3n: <\/strong>Medell\u00edn<\/p>\n<p><strong>Autor personal: <\/strong><\/p>\n<p><strong>Autor corporativo: <\/strong><\/p>\n<p><strong>Fecha: <\/strong>1990 agosto 17<\/p>\n<p><strong>P\u00e1gina: <\/strong>12C<\/p>\n<p><strong>Secci\u00f3n:<\/strong> Seguridad&nbsp;&nbsp;&nbsp;<\/p>\n<p><strong>Titular: <\/strong>Estudiante de periodismo asesinado en Manrique<\/p>\n<p><strong>Resumen:<\/strong> a eso de las 10:45 am por las intermediaciones de la carrera 42B con calle 88, barrio Manrique, cuando transitaba en su moto, fue asesinado Igor Mar\u00edn Granados de 27 a\u00f1os, estudiante del Departamento de Comunicaciones de la Universidad de Antioquia. Seg\u00fan la versi\u00f3n oficial de las autoridades Igor sufri\u00f3 m\u00faltiples impactos de bala que le ocasionaron la muerte antes de que pudiera recibir asistencia m\u00e9dica. Quien dispar\u00f3 contra el estudiante, fue atacado inmediatamente por un grupo de desconocidos que tambi\u00e9n le propinaron varios impactos de bala dej\u00e1ndolo gravemente herido. Sus compa\u00f1eros lo describ\u00edan como un excelente compa\u00f1ero, que \u201cse ganaba el aprecio de la gente apenas con el primer contacto\u201d, \u201cera un muchacho que se pagaba sus estudios vendiendo quesitos en su motocicleta. Hab\u00eda tomado once cr\u00e9ditos en el cuarto de comunicaci\u00f3n social y sus calificaciones lo hac\u00edan unos de los mejores alumnos de esa generaci\u00f3n\u201d. Este estudiante hab\u00eda hecho parte de las Jornadas por la Vida (1987) ya que pose\u00eda alto sentido por los derechos humanos.<\/p>\n<p><strong>Im\u00e1genes: <\/strong>N\/A<\/p>\n<p><strong>Archivos de Registro: <\/strong>REG_C077<\/p>\n<p><strong>INFORMACI\u00d3N ANAL\u00cdTICA<\/strong><\/p>\n<p><strong>Contexto de la noticia: <\/strong>guerra entre Carteles del narcotr\u00e1fico, exterminio de la UP, Recrudecimiento del conflicto paramilitar, Recrudecimiento del conflicto armado, Asesinato de Bernardo Jaramillo Ossa, Campa\u00f1a presidencial Colombia, S\u00e9ptima Papeleta, Mundial Italia 90, Asamblea Nacional Constituyente, Asesinato Carlos Pizarro, Posesi\u00f3n C\u00e9sar Gaviria presidente, Guerra del Golfo P\u00e9rsico<\/p>\n<p><strong>Palabras clave:<\/strong> Acciones violentas, Asesinato selectivo, Estudiante, Mar\u00edn Granados Igor, Departamento de Comunicaciones<\/p>\n<p><strong>Sugerencia de palabras claves: <\/strong><\/p>\n<p><strong>Observaciones: <\/strong><\/p>\n<p><strong>Fecha de diligenciamiento: <\/strong>11 diciembre 2018<\/p>\n<h1 style=\"text-align: center;\">***<\/h1>\n<p><strong>N\u00famero de ficha<\/strong>: C-078&nbsp;&nbsp;&nbsp;&nbsp;&nbsp;&nbsp;&nbsp;&nbsp;&nbsp;&nbsp;&nbsp;&nbsp;&nbsp;&nbsp;&nbsp;&nbsp;&nbsp;&nbsp;&nbsp;&nbsp;&nbsp;&nbsp;&nbsp;&nbsp;&nbsp;&nbsp;&nbsp;&nbsp;&nbsp;&nbsp;&nbsp;&nbsp;&nbsp;&nbsp;&nbsp;&nbsp;&nbsp;&nbsp;&nbsp;&nbsp;&nbsp;&nbsp;&nbsp;&nbsp;&nbsp;&nbsp;&nbsp;&nbsp;&nbsp;&nbsp;&nbsp;&nbsp;&nbsp;<\/p>\n<p><strong>Diligenciada por:<\/strong> Paula Andrea Salamanca Hern\u00e1ndez<\/p>\n<p><strong>INFORMACI\u00d3N BIBLIOGR\u00c1FICA<\/strong><\/p>\n<p><strong>Peri\u00f3dico: <\/strong>El Colombiano<\/p>\n<p><strong>Lugar de edici\u00f3n: <\/strong>Medell\u00edn<\/p>\n<p><strong>Autor personal: <\/strong><\/p>\n<p><strong>Autor corporativo: <\/strong><\/p>\n<p><strong>Fecha: <\/strong>1990 agosto 25<\/p>\n<p><strong>P\u00e1gina: <\/strong>3A<\/p>\n<p><strong>Secci\u00f3n:<\/strong> Plana\/Tres&nbsp;&nbsp;&nbsp;<\/p>\n<p><strong>Titular: <\/strong>La U. de A. rindi\u00f3 homenaje a H\u00e9ctor Abad<\/p>\n<p><strong>Resumen:<\/strong> por motivo del tercer aniversario de la tr\u00e1gica muerte de H\u00e9ctor Abad G\u00f3mez, un acto recordatorio se llev\u00f3 a cabo en el Auditorio 10-110 de la Universidad; adem\u00e1s se present\u00f3 la segunda parte de su libro Memorias de Tolerancia, editado por la Universidad que transmite el legado humanista y los ideales de vida del fallecido.<\/p>\n<p><strong>Im\u00e1genes: <\/strong>N\/A<\/p>\n<p><strong>Archivos de Registro: <\/strong>REG_C078<\/p>\n<p><strong>INFORMACI\u00d3N ANAL\u00cdTICA<\/strong><\/p>\n<p><strong>Contexto de la noticia: <\/strong>guerra entre Carteles del narcotr\u00e1fico, exterminio de la UP, Recrudecimiento del conflicto paramilitar, Recrudecimiento del conflicto armado, Asesinato de Bernardo Jaramillo Ossa, Campa\u00f1a presidencial Colombia, S\u00e9ptima Papeleta, Mundial Italia 90, Asamblea Nacional Constituyente, Asesinato Carlos Pizarro, Posesi\u00f3n C\u00e9sar Gaviria presidente, Guerra del Golfo P\u00e9rsico<\/p>\n<p><strong>Palabras clave:<\/strong> Acciones de resistencia, Jornadas culturales, Conmemoraciones<\/p>\n<p><strong>Sugerencia de palabras claves: <\/strong><\/p>\n<p><strong>Observaciones: <\/strong><\/p>\n<p><strong>Fecha de diligenciamiento: <\/strong>11 diciembre 2018<\/p>\n<h1 style=\"text-align: center;\">***<\/h1>\n<p><strong>N\u00famero de ficha<\/strong>: C-079&nbsp;&nbsp;&nbsp;&nbsp;&nbsp;&nbsp;&nbsp;&nbsp;&nbsp;&nbsp;&nbsp;&nbsp;&nbsp;&nbsp;&nbsp;&nbsp;&nbsp;&nbsp;&nbsp;&nbsp;&nbsp;&nbsp;&nbsp;&nbsp;&nbsp;&nbsp;&nbsp;&nbsp;&nbsp;&nbsp;&nbsp;&nbsp;&nbsp;&nbsp;&nbsp;&nbsp;&nbsp;&nbsp;&nbsp;&nbsp;&nbsp;&nbsp;&nbsp;&nbsp;&nbsp;&nbsp;&nbsp;&nbsp;&nbsp;&nbsp;&nbsp;&nbsp;&nbsp;<\/p>\n<p><strong>Diligenciada por: <\/strong>Paula Andrea Salamanca Hern\u00e1ndez<\/p>\n<p><strong>INFORMACI\u00d3N BIBLIOGR\u00c1FICA<\/strong><\/p>\n<p><strong>Peri\u00f3dico: <\/strong>El Colombiano<\/p>\n<p><strong>Lugar de edici\u00f3n: <\/strong>Medell\u00edn<\/p>\n<p><strong>Autor personal: <\/strong><\/p>\n<p><strong>Autor corporativo: <\/strong><\/p>\n<p><strong>Fecha: <\/strong>1990 agosto 31<\/p>\n<p><strong>P\u00e1gina: <\/strong>10C<\/p>\n<p><strong>Secci\u00f3n:<\/strong> El Colombiano&nbsp;&nbsp;<\/p>\n<p><strong>Titular: <\/strong>\u201cNo estamos privatizando la U. de A.\u201d<\/p>\n<p><strong>Resumen:<\/strong> despu\u00e9s de la presentaci\u00f3n de un pliego de exigencias (producto de una asamblea el 28 de agosto del mismo a\u00f1o) por parte de los estudiantes de la Universidad y de la reclamaci\u00f3n por una supuesta privatizaci\u00f3n, el rector de la Universidad Luis P\u00e9rez Guti\u00e9rrez se pronunci\u00f3 indicando que, \u201cen la universidad no ha existido ni existe ning\u00fan proyecto de privatizaci\u00f3n\u201d y que las exigencias de los estudiantes son de car\u00e1cter ut\u00f3pico. El tema de la privatizaci\u00f3n surgi\u00f3 luego de que se adelantaran planes de remodelaci\u00f3n administrativa con la Librer\u00eda y la venta de un lote llamado el Hatillo.<\/p>\n<p><strong>Im\u00e1genes: <\/strong>N\/A<\/p>\n<p><strong>Archivos de Registro: <\/strong>REG_C079<\/p>\n<p><strong>INFORMACI\u00d3N ANAL\u00cdTICA<\/strong><\/p>\n<p><strong>Contexto de la noticia: <\/strong>guerra entre Carteles del narcotr\u00e1fico, exterminio de la UP, Recrudecimiento del conflicto paramilitar, Recrudecimiento del conflicto armado, Asesinato de Bernardo Jaramillo Ossa, Campa\u00f1a presidencial Colombia, S\u00e9ptima Papeleta, Mundial Italia 90, Asamblea Nacional Constituyente, Asesinato Carlos Pizarro, Posesi\u00f3n C\u00e9sar Gaviria presidente, Guerra del Golfo P\u00e9rsico&nbsp;&nbsp;<\/p>\n<p><strong>Palabras clave:<\/strong> Acciones de resistencia, Comunicados, Declaraciones, Rector P\u00e9rez, Luis<\/p>\n<p><strong>Sugerencia de palabras claves: <\/strong><\/p>\n<p><strong>Observaciones:<\/strong> Congelaciones de matr\u00edculas, guarder\u00edas universitarias, reapertura del restaurante universitario, creaci\u00f3n de un fondo estudiantil, extensi\u00f3n del horario estudiantil, entre otras, fueron algunas de las peticiones que hicieron los estudiantes. D\u00edas posteriores el Consejo Acad\u00e9mico de la Universidad, se pronunci\u00f3 ante tales exigencias estudiantiles y emiti\u00f3 una carta abierta explicando punto a punto sus posiciones.<\/p>\n<p><strong>Fecha de diligenciamiento: <\/strong>11 diciembre 2018<\/p>\n<h1 style=\"text-align: center;\">***<\/h1>\n<p><strong>N\u00famero de ficha<\/strong>: C-080&nbsp;&nbsp;&nbsp;&nbsp;&nbsp;&nbsp;&nbsp;&nbsp;&nbsp;&nbsp;&nbsp;&nbsp;&nbsp;&nbsp;&nbsp;&nbsp;&nbsp;&nbsp;&nbsp;&nbsp;&nbsp;&nbsp;&nbsp;&nbsp;&nbsp;&nbsp;&nbsp;&nbsp;&nbsp;&nbsp;&nbsp;&nbsp;&nbsp;&nbsp;&nbsp;&nbsp;&nbsp;&nbsp;&nbsp;&nbsp;&nbsp;&nbsp;&nbsp;&nbsp;&nbsp;&nbsp;&nbsp;&nbsp;&nbsp;&nbsp;&nbsp;&nbsp;&nbsp;<\/p>\n<p><strong>Diligenciada por:<\/strong> Paula Andrea Salamanca Hern\u00e1ndez<\/p>\n<p><strong>INFORMACI\u00d3N BIBLIOGR\u00c1FICA<\/strong><\/p>\n<p><strong>Peri\u00f3dico: <\/strong>El Colombiano<\/p>\n<p><strong>Lugar de edici\u00f3n: <\/strong>Medell\u00edn<\/p>\n<p><strong>Autor personal: <\/strong><\/p>\n<p><strong>Autor corporativo: <\/strong><\/p>\n<p><strong>Fecha: <\/strong>1990 septiembre 4<\/p>\n<p><strong>P\u00e1gina: <\/strong>2A<\/p>\n<p><strong>Secci\u00f3n:<\/strong> Hoy\/Martes&nbsp;&nbsp;&nbsp;<\/p>\n<p><strong>Titular: <\/strong>Luis P\u00e9rez expuso situaci\u00f3n de la U. de A. ante el gobernador<\/p>\n<p><strong>Resumen: <\/strong>el rector de la Universidad y el Gobernador de Antioquia sostuvieron una reuni\u00f3n para discutir la situaci\u00f3n de la Universidad, a ra\u00edz del pliego de peticiones, que d\u00edas atr\u00e1s hab\u00edan presentado los estudiantes y aclararon que se responder\u00eda en su debido momento. El rector fue enf\u00e1tico en que la Universidad no estaba sufriendo ning\u00fan tipo de privatizaci\u00f3n.<\/p>\n<p>De otra parte, el Consejo Acad\u00e9mico llam\u00f3 a la sensatez y, declar\u00f3 a trav\u00e9s de un comunicado que \u201cgrupos minoritarios\u201d estaban \u201cejecutando acciones que desbordaban los l\u00edmites de los admisible\u201d, cosas como insultos y atropellos, pintas en los muros y puertas del bloque administrativo y la Biblioteca Central fueron algunos de los mencionados e intimidaciones.<\/p>\n<p><strong>Im\u00e1genes: <\/strong>N\/A<\/p>\n<p><strong>Archivos de Registro: <\/strong>REG_C080<\/p>\n<p><strong>INFORMACI\u00d3N ANAL\u00cdTICA<\/strong><\/p>\n<p><strong>Contexto de la noticia: <\/strong>guerra entre Carteles del narcotr\u00e1fico, exterminio de la UP, Recrudecimiento del conflicto paramilitar, Recrudecimiento del conflicto armado, Asesinato de Bernardo Jaramillo Ossa, Reforma laboral, programa Zoo-ciedad, Campa\u00f1a presidencial Colombia, S\u00e9ptima Papeleta, Mundial Italia 90, Asamblea Nacional Constituyente, Asesinato Carlos Pizarro, Posesi\u00f3n C\u00e9sar Gaviria Presidente, Guerra del Golfo P\u00e9rsico, Militarizaci\u00f3n Provincia de Garc\u00eda- Rovira, secuestro Francisco Santos<\/p>\n<p><strong>Palabras clave:<\/strong> Acciones de resistencia, Comunicados, Declaraciones, Pintas, Rector P\u00e9rez, Luis, Consejo Acad\u00e9mico, Gobernador Echeverry, Gilberto, Acciones violentas, Intimidaci\u00f3n<\/p>\n<p><strong>Sugerencia de palabras claves: <\/strong><\/p>\n<p><strong>Observaciones: <\/strong>en la noticia se nombra el Editorial de Cerbatana como un autor de \u201cboletines desobligantes\u201d sin embargo no se expone en su totalidad. D\u00edas posteriores a la noticia, profesores tambi\u00e9n respondieron al pliego de peticiones de los estudiantes, abordando de manera similar al rector los temas puesto en tela.<\/p>\n<p><strong>Fecha de diligenciamiento: <\/strong>11 diciembre 2018<\/p>\n<h1 style=\"text-align: center;\">***<\/h1>\n<p><strong>N\u00famero de ficha<\/strong>: C-081&nbsp;&nbsp;&nbsp;&nbsp;&nbsp;&nbsp;&nbsp;&nbsp;&nbsp;&nbsp;&nbsp;&nbsp;&nbsp;&nbsp;&nbsp;&nbsp;&nbsp;&nbsp;&nbsp;&nbsp;&nbsp;&nbsp;&nbsp;&nbsp;&nbsp;&nbsp;&nbsp;&nbsp;&nbsp;&nbsp;&nbsp;&nbsp;&nbsp;&nbsp;&nbsp;&nbsp;&nbsp;&nbsp;&nbsp;&nbsp;&nbsp;&nbsp;&nbsp;&nbsp;&nbsp;&nbsp;&nbsp;&nbsp;&nbsp;&nbsp;&nbsp;&nbsp;&nbsp;<\/p>\n<p><strong>Diligenciada por: Paula Andrea Salamanca Hern\u00e1ndez<\/strong><\/p>\n<p><strong>INFORMACI\u00d3N BIBLIOGR\u00c1FICA<\/strong><\/p>\n<p><strong>Peri\u00f3dico: <\/strong>El Colombiano<\/p>\n<p><strong>Lugar de edici\u00f3n: <\/strong>Medell\u00edn<\/p>\n<p><strong>Autor personal: <\/strong><\/p>\n<p><strong>Autor corporativo: <\/strong><\/p>\n<p><strong>Fecha: <\/strong>1990 septiembre 8<\/p>\n<p><strong>P\u00e1gina: <\/strong>4D<\/p>\n<p><strong>Secci\u00f3n:<\/strong> Nacional&nbsp;&nbsp;&nbsp;&nbsp;<\/p>\n<p><strong>Titular: <\/strong>Crisis en la U. de Antioquia comienza a vislumbrar un fin<\/p>\n<p><strong>Resumen: <\/strong>a trav\u00e9s de un comunicado producto de una Asamblea General, el movimiento estudiantil se mostr\u00f3 dispuesto a presentar proyectos para mitigar los problemas de la Universidad, a lo que el Rector de la Universidad fue optimista. Al final del comunicado, se declara que los actos \u201cbochornosos\u201d que sucedieron en el bloque administrativo no fueron avalados por la Asamblea ni por la Coordinadora Estudiantil.<\/p>\n<p><strong>Im\u00e1genes: <\/strong>N\/A<\/p>\n<p><strong>Archivos de Registro: <\/strong>REG_C081a REG_C081b<\/p>\n<p><strong>INFORMACI\u00d3N ANAL\u00cdTICA<\/strong><\/p>\n<p><strong>Contexto de la noticia: <\/strong>guerra entre Carteles del narcotr\u00e1fico, exterminio de la UP, Recrudecimiento del conflicto paramilitar, Recrudecimiento del conflicto armado, Asesinato de Bernardo Jaramillo Ossa, Reforma laboral, programa Zoo-ciedad, Campa\u00f1a presidencial Colombia, S\u00e9ptima Papeleta, Mundial Italia 90, Asamblea Nacional Constituyente, Asesinato Carlos Pizarro, Posesi\u00f3n C\u00e9sar Gaviria Presidente, Guerra del Golfo P\u00e9rsico, Militarizaci\u00f3n Provincia de Garc\u00eda- Rovira, secuestro Francisco Santos&nbsp;&nbsp;&nbsp;<\/p>\n<p><strong>Palabras clave:<\/strong> Acciones de resistencia, Comunicados, Declaraciones, Asamblea de estudiantes<\/p>\n<p><strong>Sugerencia de palabras claves: <\/strong><\/p>\n<p><strong>Observaciones: <\/strong>el comunicado, aunque fue expuesto en su totalidad en la prensa, no ofrec\u00eda informaci\u00f3n relevante para transcribir de manera total.<\/p>\n<p><strong>Fecha de diligenciamiento: <\/strong>11 diciembre 2018<\/p>\n<h1 style=\"text-align: center;\">***<\/h1>\n<p><strong>N\u00famero de ficha<\/strong>: C-082&nbsp;&nbsp;&nbsp;&nbsp;&nbsp;&nbsp;&nbsp;&nbsp;&nbsp;&nbsp;&nbsp;&nbsp;&nbsp;&nbsp;&nbsp;&nbsp;&nbsp;&nbsp;&nbsp;&nbsp;&nbsp;&nbsp;&nbsp;&nbsp;&nbsp;&nbsp;&nbsp;&nbsp;&nbsp;&nbsp;&nbsp;&nbsp;&nbsp;&nbsp;&nbsp;&nbsp;&nbsp;&nbsp;&nbsp;&nbsp;&nbsp;&nbsp;&nbsp;&nbsp;&nbsp;&nbsp;&nbsp;&nbsp;&nbsp;&nbsp;&nbsp;&nbsp;&nbsp;<\/p>\n<p><strong>Diligenciada por: <\/strong>Paula Andrea Salamanca Hern\u00e1ndez<\/p>\n<p><strong>INFORMACI\u00d3N BIBLIOGR\u00c1FICA<\/strong><\/p>\n<p><strong>Peri\u00f3dico: <\/strong>El Colombiano<\/p>\n<p><strong>Lugar de edici\u00f3n: <\/strong>Medell\u00edn<\/p>\n<p><strong>Autor personal: <\/strong><\/p>\n<p><strong>Autor corporativo: <\/strong><\/p>\n<p><strong>Fecha: <\/strong>1990 septiembre 13<\/p>\n<p><strong>P\u00e1gina: <\/strong>3A<\/p>\n<p><strong>Secci\u00f3n:<\/strong> Plana\/Tres&nbsp;&nbsp;<\/p>\n<p><strong>Titular: <\/strong>La normalidad acad\u00e9mica retorno al Alma Mater<\/p>\n<p><strong>Resumen: <\/strong>la Universidad regres\u00f3 a normalidad acad\u00e9mica d\u00edas posteriores a que, la Asamblea Estudiantil acordara la conformaci\u00f3n de 8 comisiones que presentar\u00edan al el Consejo Superior Universitario los proyectos basados en el pliego de peticiones. Por otro lado \u201clos representantes del Movimiento Estudiantil, se\u00f1alaron que luego de haberse realizado los respectivos descargos, no volver\u00edan a tocar el t\u00e9rmino \u201cprivatizaci\u00f3n universitaria\u201d sino que se concentrar\u00edan en la \u201cdefensa y democratizaci\u00f3n de la educaci\u00f3n p\u00fablica\u201d.<\/p>\n<p><strong>Im\u00e1genes: <\/strong>N\/A<\/p>\n<p><strong>Archivos de Registro: <\/strong>REG_C082<\/p>\n<p><strong>INFORMACI\u00d3N ANAL\u00cdTICA<\/strong><\/p>\n<p><strong>Contexto de la noticia: <\/strong>guerra entre Carteles del narcotr\u00e1fico, exterminio de la UP, Recrudecimiento del conflicto paramilitar, Recrudecimiento del conflicto armado, Asesinato de Bernardo Jaramillo Ossa, Reforma laboral, programa Zoo-ciedad, Campa\u00f1a presidencial Colombia, S\u00e9ptima Papeleta, Mundial Italia 90, Asamblea Nacional Constituyente, Asesinato Carlos Pizarro, Posesi\u00f3n C\u00e9sar Gaviria Presidente, Guerra del Golfo P\u00e9rsico, Militarizaci\u00f3n Provincia de Garc\u00eda- Rovira, secuestro Francisco Santos&nbsp;<\/p>\n<p><strong>Palabras clave:<\/strong> Asamblea de Estudiantes, Consejo Superior Universitario, Normalidad acad\u00e9mica<\/p>\n<p><strong>Sugerencia de palabras claves: <\/strong><\/p>\n<p><strong>Observaciones: <\/strong>N\/A<\/p>\n<p><strong>Fecha de diligenciamiento: <\/strong>11 diciembre 2018<\/p>\n<h1 style=\"text-align: center;\">***<\/h1>\n<p><strong>N\u00famero de ficha<\/strong>: C-083&nbsp;&nbsp;&nbsp;&nbsp;&nbsp;&nbsp;&nbsp;&nbsp;&nbsp;&nbsp;&nbsp;&nbsp;&nbsp;&nbsp;&nbsp;&nbsp;&nbsp;&nbsp;&nbsp;&nbsp;&nbsp;&nbsp;&nbsp;&nbsp;&nbsp;&nbsp;&nbsp;&nbsp;&nbsp;&nbsp;&nbsp;&nbsp;&nbsp;&nbsp;&nbsp;&nbsp;&nbsp;&nbsp;&nbsp;&nbsp;&nbsp;<\/p>\n<p><strong>Diligenciada por: <\/strong>Paula Andrea Salamanca Hern\u00e1ndez<\/p>\n<p><strong>INFORMACI\u00d3N BIBLIOGR\u00c1FICA<\/strong><\/p>\n<p><strong>Peri\u00f3dico: <\/strong>El Colombiano<\/p>\n<p><strong>Lugar de edici\u00f3n: <\/strong>Medell\u00edn<\/p>\n<p><strong>Autor personal: <\/strong><\/p>\n<p><strong>Autor corporativo: <\/strong><\/p>\n<p><strong>Fecha: <\/strong>1990 septiembre 29<\/p>\n<p><strong>P\u00e1gina: <\/strong>3A<\/p>\n<p><strong>Secci\u00f3n:<\/strong> Seguridad&nbsp;<\/p>\n<p><strong>Titular: <\/strong>Destruida red de c\u00f3mputo de la U. de A.<\/p>\n<p><strong>Resumen: <\/strong>con un repudio general se manifest\u00f3 la comunidad Universitaria, luego de que se llevara a cabo un atentado terrorista en el Centro de C\u00f3mputo de la Universidad situado en el s\u00f3tano del bloque 8 (ciudad universitaria); las p\u00e9rdidas fueron estimadas en m\u00e1s de 500 millones de pesos con un reporte de cero v\u00edctimas y\/o lesionados, aunque la red de informaci\u00f3n quedara totalmente destruida. Las versiones que suministraron personas autorizadas, dec\u00edan que el atentado \u201cfue cometido hacia las diez de la ma\u00f1ana\u201d, que \u201cdos sujetos llegaron hasta el Centro de Computaci\u00f3n\u2026 e intimidaron a el \u00fanico que a esa hora se encontraba en el lugar. Acto seguido los terroristas ingresaron hasta el sal\u00f3n donde est\u00e1 el computador central y salieron de inmediato.\u201d Despu\u00e9s de que funcionarios se acercaran a realizar una inspecci\u00f3n al lugar, observaron que cerca del computador central hab\u00eda un paquete sospechoso y salieron de inmediato, posterior a su salida el paquete explot\u00f3. Los discos con informaci\u00f3n fueron revisados y peritos de la Polic\u00eda Metropolitana \u201ccalcularon que el petardo utilizado puedo haber estado cargado con un kilo de dinamita, activado mediante mecanismo electr\u00f3nico.\u201d<\/p>\n<p><strong>Im\u00e1genes: <\/strong>(IMA_C083), P\u00e9rdidas incalculables (nombre de la foto), que describe en el pie de foto \u201cPese a que los primeros estimativos se\u00f1alaron en m\u00e1s de 500 millones de pesos los da\u00f1os materiales causados por el acto terrorista, el mal fue enorme: la red de computaci\u00f3n de la Universidad de Antioquia era una de las m\u00e1s completas que tuviera centro de educaci\u00f3n superior del pa\u00eds.\u201d<\/p>\n<p><strong>Archivos de Registro: <\/strong>REG_C083<\/p>\n<p><strong>INFORMACI\u00d3N ANAL\u00cdTICA<\/strong><\/p>\n<p><strong>Contexto de la noticia: <\/strong>guerra entre Carteles del narcotr\u00e1fico, exterminio de la UP, Recrudecimiento del conflicto paramilitar, Recrudecimiento del conflicto armado, Asesinato de Bernardo Jaramillo Ossa, Reforma laboral, programa Zoo-ciedad, Campa\u00f1a presidencial Colombia, S\u00e9ptima Papeleta, Mundial Italia 90, Asamblea Nacional Constituyente, Asesinato Carlos Pizarro, Posesi\u00f3n C\u00e9sar Gaviria Presidente, Guerra del Golfo P\u00e9rsico, Militarizaci\u00f3n Provincia de Garc\u00eda- Rovira, secuestro Francisco Santos<\/p>\n<p><strong>Palabras clave:<\/strong> Acciones violentas, Atentado terrorista, Uso de petardos y explosivos, Acciones de resistencia, Comunicados, Misivas, Declaraciones<\/p>\n<p><strong>Sugerencia de palabras claves: <\/strong><\/p>\n<p><strong>Observaciones: <\/strong>Ning\u00fan grupo se atribuy\u00f3 el hecho y tampoco se dejaron comunicados y\/o panfletos<\/p>\n<p><strong>Fecha de diligenciamiento: <\/strong>11 diciembre 2018<\/p>\n<h1 style=\"text-align: center;\">***<\/h1>\n<p><strong>N\u00famero de ficha<\/strong>: C-084&nbsp;&nbsp;&nbsp;&nbsp;&nbsp;&nbsp;&nbsp;&nbsp;&nbsp;&nbsp;&nbsp;&nbsp;&nbsp;&nbsp;&nbsp;&nbsp;&nbsp;&nbsp;&nbsp;&nbsp;&nbsp;&nbsp;&nbsp;&nbsp;&nbsp;&nbsp;&nbsp;&nbsp;&nbsp;&nbsp;&nbsp;&nbsp;&nbsp;&nbsp;&nbsp;&nbsp;&nbsp;&nbsp;&nbsp;&nbsp;&nbsp;&nbsp;&nbsp;&nbsp;&nbsp;&nbsp;&nbsp;&nbsp;&nbsp;&nbsp;&nbsp;&nbsp;&nbsp;<\/p>\n<p><strong>Diligenciada por: <\/strong>Paula Andrea Salamanca Hern\u00e1ndez<\/p>\n<p><strong>INFORMACI\u00d3N BIBLIOGR\u00c1FICA<\/strong><\/p>\n<p><strong>Peri\u00f3dico: <\/strong>El Colombiano<\/p>\n<p><strong>Lugar de edici\u00f3n: <\/strong>Medell\u00edn<\/p>\n<p><strong>Autor personal: <\/strong><\/p>\n<p><strong>Autor corporativo: <\/strong><\/p>\n<p><strong>Fecha: <\/strong>1990 septiembre 30<\/p>\n<p><strong>P\u00e1gina: <\/strong>7D<\/p>\n<p><strong>Secci\u00f3n:<\/strong> Seguridad&nbsp;<\/p>\n<p><strong>Titular: <\/strong>Directivos de la U. de A. rechazaron atentado<\/p>\n<p><strong>Resumen: <\/strong>a trav\u00e9s de un comunicado, expedido por la Administraci\u00f3n Central de la Universidad,<\/p>\n<p>\u201cLas directivas de la Universidad de Antioquia manifiestan su profundo rechazo al acto terrorista que se present\u00f3 el viernes en las horas de la ma\u00f1ana, cuyo efecto inmediato fue la destrucci\u00f3n de los equipos centrales de c\u00f3mputo de la Universidad, y que por razones circunstanciales no alcanz\u00f3 a causar desgracias humanas. Condenamos el hecho porque es una afrenta que lesiona a una de las m\u00e1s caras instituciones de los antioque\u00f1os; porque es irrespeto de grado m\u00e1ximo al Alma Mater y los valores culturales que ella simboliza y porque violenta a los estudiantes y servidores de la Universidad, directos beneficiarios de los servicios interrumpidos.<\/p>\n<p>Se ha presentado este atentado en un momento en que la Universidad ha alcanzado un largo periodo de funcionamiento pleno, de normalidad acad\u00e9mica, despu\u00e9s de haber recorrido caminos de discusi\u00f3n civilizada y de haber superado con \u00e9xito recientes amagos de crisis. Solo podemos interpretar el deplorable acontecimiento como un intento de violentar esos caminos, y no logramos entender, dentro de un panorama nacional de distensi\u00f3n, de b\u00fasqueda de di\u00e1logo para soluciones nuevas, quien pueda estar interesado en alterar, de una manera absolutamente an\u00f3nima como lo hizo, la gesti\u00f3n social de una instituci\u00f3n que se ha distinguido precisamente por su humanismo y por pluralismo. Convocamos a la comunidad universitaria a continuar sus labores dentro de un ambiente de calma, pero en un estado de alerta permanente frente a todo lo que pueda afectar al orden universitario, con una actitud solidaria, que se exteriorice en unas acciones unificada de prevenci\u00f3n y de rechazo.<\/p>\n<p>Reclamamos de la opini\u00f3n p\u00fablica el apoyo decidido a \u00e9sta, su Universidad, que, tras haber pasado por vicisitudes, ha continuado firme en el complimiento de sus compromisos con la sociedad. La Universidad necesita de la participaci\u00f3n efectiva de los sectores p\u00fablico y privado en la tarea de restituir los equipos destrozados, sin los cuales se paraliza parte importante de las actividades docente e investigativa, y se entorpecen significativamente los procesos administrativos. El trabajo cient\u00edfico, cultural y social de la Universidad es un aporte infinitamente mayor a lo que significa la pasajera resonancia de infortunados hechos como el que ha presentado.<\/p>\n<p><strong>Im\u00e1genes: <\/strong>N\/A<\/p>\n<p><strong>Archivos de Registro: <\/strong>REG_C084<\/p>\n<p><strong>INFORMACI\u00d3N ANAL\u00cdTICA<\/strong><\/p>\n<p><strong>Contexto de la noticia: <\/strong>guerra entre Carteles del narcotr\u00e1fico, exterminio de la UP, Recrudecimiento del conflicto paramilitar, Recrudecimiento del conflicto armado, Asesinato de Bernardo Jaramillo Ossa, Reforma laboral, programa Zoo-ciedad, Campa\u00f1a presidencial Colombia, S\u00e9ptima Papeleta, Mundial Italia 90, Asamblea Nacional Constituyente, Asesinato Carlos Pizarro, Posesi\u00f3n C\u00e9sar Gaviria Presidente, Guerra del Golfo P\u00e9rsico, Militarizaci\u00f3n Provincia de Garc\u00eda- Rovira, secuestro Francisco Santos<\/p>\n<p><strong>Palabras clave:<\/strong> Acciones violentas, Atentado terrorista, Acciones de resistencia, Comunicados<\/p>\n<p><strong>Sugerencia de palabras claves: <\/strong><\/p>\n<p><strong>Observaciones: <\/strong>d\u00edas posteriores al atentado, la Universidad emiti\u00f3 un reporte haciendo claridad del atraso en ciertas actividades que hab\u00eda generado tal hecho. Instituciones como Eafit, almacenes \u00c9xito, Jaime Isaza Cadavid y Conavi hicieron aportes para que transitoriamente la Universidad se fuera recuperando de la p\u00e9rdida del Centro de C\u00f3mputo.<\/p>\n<p><strong>Fecha de diligenciamiento: <\/strong>15 diciembre 2018<\/p>\n<h1 style=\"text-align: center;\">***<\/h1>\n<p><strong>N\u00famero de ficha<\/strong>: C-085&nbsp;&nbsp;&nbsp;&nbsp;&nbsp;&nbsp;&nbsp;&nbsp;&nbsp;&nbsp;&nbsp;&nbsp;&nbsp;&nbsp;&nbsp;&nbsp;&nbsp;&nbsp;&nbsp;&nbsp;&nbsp;&nbsp;&nbsp;&nbsp;&nbsp;&nbsp;&nbsp;&nbsp;&nbsp;&nbsp;&nbsp;&nbsp;&nbsp;&nbsp;&nbsp;&nbsp;&nbsp;&nbsp;&nbsp;&nbsp;&nbsp;&nbsp;&nbsp;&nbsp;&nbsp;&nbsp;&nbsp;&nbsp;&nbsp;&nbsp;&nbsp;&nbsp;&nbsp;<\/p>\n<p><strong>Diligenciada por: <\/strong>Paula Andrea Salamanca Hern\u00e1ndez<\/p>\n<p><strong>INFORMACI\u00d3N BIBLIOGR\u00c1FICA<\/strong><\/p>\n<p><strong>Peri\u00f3dico: <\/strong>El Colombiano<\/p>\n<p><strong>Lugar de edici\u00f3n: <\/strong>Medell\u00edn<\/p>\n<p><strong>Autor personal: <\/strong><\/p>\n<p><strong>Autor corporativo: <\/strong><\/p>\n<p><strong>Fecha: <\/strong>1990 octubre 14<\/p>\n<p><strong>P\u00e1gina: <\/strong>6D<\/p>\n<p><strong>Secci\u00f3n:<\/strong> Educaci\u00f3n&nbsp;<\/p>\n<p><strong>Titular: <\/strong>\u00a1Solidaridad con la U. de A.!<\/p>\n<p><strong>Resumen: <\/strong>\u201cNo ceder ante los violentos y utilizar los fundamentos de las ideas y el conocimiento en contra de sus cobardes atentados\u201d, fue una de las conclusiones de un evento llamado Concentraci\u00f3n de Defensa del Alma Mater, celebrado en el marco de del D\u00eda Cl\u00e1sico de la Universidad. Tras haberse desarrollado una jornada democr\u00e1tica universitaria los universitarios dejaron una reflexi\u00f3n profunda sobre las problem\u00e1ticas de la Universidad; tambi\u00e9n se dio una manifestaci\u00f3n de \u201crepudio al terrorismo, el vandalismo, la inseguridad en los predios universitarios\u201d y especialmente a el atentado del 28 de septiembre donde se perdi\u00f3 el centro c\u00f3mputo y estuvo en peligro la vida personas.<\/p>\n<p>Adem\u00e1s de lo anterior hubo discusiones sobre el presupuesto de la Universidad y un comunicado de la Coordinadora Estudiantil, \u201cHoy 1990, la mentalidad reaccionaria que propugnaban por su silencio, por la no organizaci\u00f3n de los estudiantes y por el cierre, vuelven. El fascismo no ha muerto, como dijera el inmolado profesor H\u00e9ctor Abad G\u00f3mez, los atentados contra las vidas humanas y contra las estructuras f\u00edsicas han sido los blancos de estas fuerzas, a nuestro modo de ver no tan oscuras, aunque no se reivindiquen el hecho. As\u00ed es la pr\u00e1ctica reaccionaria de esas fuerzas de derecha que en el ambiente que vive la naci\u00f3n se han hecho; es esta nuestra percepci\u00f3n con respecto al atentado con el sistema de c\u00f3mputo de la Universidad [ \u2026] este es nuestro rechazo al ataque de que fue objeto recientemente nuestra universidad, un rechazo con las armas de la raz\u00f3n, que son las que persigue construir el movimiento estudiantil, en su lucha por la democratizaci\u00f3n de la educaci\u00f3n p\u00fablica que le exige un dinamismo pol\u00edtico permanente.\u201d<\/p>\n<p><strong>Im\u00e1genes: <\/strong>N\/A<\/p>\n<p><strong>Archivos de Registro: <\/strong>REG_C085<\/p>\n<p><strong>INFORMACI\u00d3N ANAL\u00cdTICA<\/strong><\/p>\n<p><strong>Contexto de la noticia: <\/strong>guerra entre Carteles del narcotr\u00e1fico, exterminio de la UP, Recrudecimiento del conflicto paramilitar, Recrudecimiento del conflicto armado, Asesinato de Bernardo Jaramillo Ossa, Reforma laboral, programa Zoo-ciedad, Campa\u00f1a presidencial Colombia, S\u00e9ptima Papeleta, Mundial Italia 90, Asamblea Nacional Constituyente, Asesinato Carlos Pizarro, Posesi\u00f3n C\u00e9sar Gaviria Presidente, Guerra del Golfo P\u00e9rsico, Militarizaci\u00f3n Provincia de Garc\u00eda- Rovira, secuestro Francisco Santos&nbsp;&nbsp;<\/p>\n<p><strong>Palabras clave:<\/strong> Acciones violentas, Atentado terrorista, Acciones de resistencia, Comunicados, Jornadas culturales, Concentraci\u00f3n de Defensa del Alma Mater &nbsp;<\/p>\n<p><strong>Sugerencia de palabras claves: <\/strong><\/p>\n<p><strong>Observaciones: <\/strong>comunicado estudiantil, transcrito para el reconocimiento de la posici\u00f3n del estudiantado, frente al atentado contra el centro de c\u00f3mputo<\/p>\n<p><strong>Fecha de diligenciamiento: <\/strong>15 diciembre 2018<\/p>\n<h1 style=\"text-align: center;\">***<\/h1>\n<p><strong>N\u00famero de ficha<\/strong>: C-086&nbsp;&nbsp;&nbsp;&nbsp;&nbsp;&nbsp;&nbsp;&nbsp;&nbsp;&nbsp;&nbsp;&nbsp;&nbsp;&nbsp;&nbsp;&nbsp;&nbsp;&nbsp;&nbsp;&nbsp;&nbsp;&nbsp;&nbsp;&nbsp;&nbsp;&nbsp;&nbsp;&nbsp;&nbsp;&nbsp;&nbsp;&nbsp;&nbsp;&nbsp;&nbsp;&nbsp;&nbsp;&nbsp;&nbsp;&nbsp;&nbsp;&nbsp;&nbsp;&nbsp;&nbsp;&nbsp;&nbsp;&nbsp;&nbsp;&nbsp;&nbsp;&nbsp;&nbsp;<\/p>\n<p><strong>Diligenciada por: <\/strong>Paula Andrea Salamanca Hern\u00e1ndez<\/p>\n<p><strong>INFORMACI\u00d3N BIBLIOGR\u00c1FICA<\/strong><\/p>\n<p><strong>Peri\u00f3dico: <\/strong>El Colombiano<\/p>\n<p><strong>Lugar de edici\u00f3n: <\/strong>Medell\u00edn<\/p>\n<p><strong>Autor personal: <\/strong><\/p>\n<p><strong>Autor corporativo: <\/strong><\/p>\n<p><strong>Fecha: <\/strong>1990 octubre 18<\/p>\n<p><strong>P\u00e1gina: <\/strong>15B<\/p>\n<p><strong>Secci\u00f3n:<\/strong> Seguridad<\/p>\n<p><strong>Titular: <\/strong>Pocos destrozos caus\u00f3 petardo en la U. de A., asesinado estudiante de la misma universidad<\/p>\n<p><strong>Resumen:<\/strong> siendo la ma\u00f1ana (del d\u00eda anterior) en la Universidad fue lanzado un petardo, que caus\u00f3 da\u00f1os de menor cuant\u00eda contra la oficina de Admisiones y Registro de la Universidad, por una persona no identificada, que ingres\u00f3 hasta la ventanilla de atenci\u00f3n introdujo un artefacto que alert\u00f3 a las personas a salir del lugar. Las clases continuaron normalmente por indicaci\u00f3n de la rector\u00eda. Este mismo d\u00eda tambi\u00e9n se dio la incursi\u00f3n de tres sujetos encapuchados y armados con subametralladora, dos hombres y una mujer que intentaron quemar un cami\u00f3n repartidor de refrescos y que fueron neutralizados por estudiantes de la misma Universidad que regaron gaseosas para evitarlo; los encapuchados tambi\u00e9n intimidaron a las personas que entraban y sal\u00edan por la porter\u00eda de Barranquilla.<\/p>\n<p>Por otro lado, en el sector Poblado (calle 5 carrera 52) fue asesinado un estudiante de s\u00e9ptimo semestre de ingenier\u00eda mec\u00e1nica, el martes en la noche (16 de octubre), de respond\u00eda al nombre de Augusto Giraldo Murillo de 29 a\u00f1os, sin que se conocieran los culpables, aunque se manifest\u00f3 que lo sucedido hac\u00eda parte de un robo.<\/p>\n<p><strong>Im\u00e1genes: <\/strong>N\/A<\/p>\n<p><strong>Archivos de Registro: <\/strong>REG_C086a REG_C086b<\/p>\n<p><strong>INFORMACI\u00d3N ANAL\u00cdTICA<\/strong><\/p>\n<p><strong>Contexto de la noticia: <\/strong>guerra entre Carteles del narcotr\u00e1fico, exterminio de la UP, Recrudecimiento del conflicto paramilitar, Recrudecimiento del conflicto armado, Asesinato de Bernardo Jaramillo Ossa, Reforma laboral, programa Zoo-ciedad, Campa\u00f1a presidencial Colombia, S\u00e9ptima Papeleta, Mundial Italia 90, Asamblea Nacional Constituyente, Asesinato Carlos Pizarro, Posesi\u00f3n C\u00e9sar Gaviria Presidente, Guerra del Golfo P\u00e9rsico, Militarizaci\u00f3n Provincia de Garc\u00eda- Rovira, secuestro Francisco Santos<\/p>\n<p><strong>Palabras clave:<\/strong>&nbsp; Acciones violentas, Uso de petardos y explosivos, Intimidaci\u00f3n, Grupos clandestinos, Asesinato, Giraldo Murillo Augusto, Estudiante<\/p>\n<p><strong>Sugerencia de palabras claves: <\/strong><\/p>\n<p><strong>Observaciones: <\/strong><\/p>\n<p><strong>Fecha de diligenciamiento: <\/strong>15 diciembre 2018<\/p>\n<h1 style=\"text-align: center;\">***<\/h1>\n<p><strong>N\u00famero de ficha<\/strong>: C-087&nbsp;&nbsp;&nbsp;&nbsp;&nbsp;&nbsp;&nbsp;&nbsp;&nbsp;&nbsp;&nbsp;&nbsp;&nbsp;&nbsp;&nbsp;&nbsp;&nbsp;&nbsp;&nbsp;&nbsp;&nbsp;&nbsp;&nbsp;&nbsp;&nbsp;&nbsp;&nbsp;&nbsp;&nbsp;&nbsp;&nbsp;&nbsp;&nbsp;&nbsp;&nbsp;&nbsp;&nbsp;&nbsp;&nbsp;&nbsp;&nbsp;&nbsp;&nbsp;&nbsp;&nbsp;&nbsp;&nbsp;&nbsp;&nbsp;&nbsp;&nbsp;&nbsp;&nbsp;<\/p>\n<p><strong>Diligenciada por: <\/strong>Paula Andrea Salamanca Hern\u00e1ndez<\/p>\n<p><strong>INFORMACI\u00d3N BIBLIOGR\u00c1FICA<\/strong><\/p>\n<p><strong>Peri\u00f3dico: <\/strong>El Colombiano<\/p>\n<p><strong>Lugar de edici\u00f3n: <\/strong>Medell\u00edn<\/p>\n<p><strong>Autor personal: <\/strong><\/p>\n<p><strong>Autor corporativo: <\/strong><\/p>\n<p><strong>Fecha: <\/strong>1990 noviembre 3<\/p>\n<p><strong>P\u00e1gina: <\/strong>3A<\/p>\n<p><strong>Secci\u00f3n:<\/strong> Plana\/Tres<\/p>\n<p><strong>Titular: <\/strong>Atentado contra profesor y vigilante de la U. de A.<\/p>\n<p><strong>Resumen:<\/strong> tras la explosi\u00f3n de un petardo a las seis de la tarde (d\u00eda anterior) el destacado profesor Ricardo Llerena y el vigilante Luis Alberto Arteaga resultaron heridos. El petardo se encontraba al lado del autom\u00f3vil de profesor, los dos heridos recibieron atenci\u00f3n en el Hospital San Vicente de Pa\u00fal. En la noche ya profesores pertenecientes a la Asociaci\u00f3n de Profesores de la Universidad se pronunciaron repudiando el hecho y denunciando otro tipo de casos an\u00f3malos que se ven\u00edan presentando en la Universidad.<\/p>\n<p><strong>Im\u00e1genes: <\/strong>N\/A<\/p>\n<p><strong>Archivos de Registro: <\/strong>REG_C087<\/p>\n<p><strong>INFORMACI\u00d3N ANAL\u00cdTICA<\/strong><\/p>\n<p><strong>Contexto de la noticia: <\/strong>guerra entre Carteles del narcotr\u00e1fico, exterminio de la UP, Recrudecimiento del conflicto paramilitar, Recrudecimiento del conflicto armado, Asesinato de Bernardo Jaramillo Ossa, Reforma laboral, programa Zoo-ciedad, Campa\u00f1a presidencial Colombia, S\u00e9ptima Papeleta, Mundial Italia 90, Asamblea Nacional Constituyente, Asesinato Carlos Pizarro, Posesi\u00f3n C\u00e9sar Gaviria Presidente, Guerra del Golfo P\u00e9rsico, Militarizaci\u00f3n Provincia de Garc\u00eda- Rovira, secuestro Francisco Santos, Elecciones Legislativas, secuestro de Maruja Pach\u00f3n y Beatriz Villamizar, Operaci\u00f3n Casa Verde (Diciembre), Decreto 3030<\/p>\n<p><strong>Palabras clave:<\/strong> Acciones violentas, Amenaza, Uso de petardos y explosivos, Acciones de resistencia, Comunicados, Asociaci\u00f3n de profesores<\/p>\n<p><strong>Sugerencia de palabras claves: <\/strong><\/p>\n<p><strong>Observaciones: <\/strong><\/p>\n<p><strong>Fecha de diligenciamiento: <\/strong>16 diciembre 2018<\/p>\n<h1 style=\"text-align: center;\">***<\/h1>\n<p><strong>N\u00famero de ficha<\/strong>: C-088&nbsp;&nbsp;&nbsp;&nbsp;&nbsp;&nbsp;&nbsp;&nbsp;&nbsp;&nbsp;&nbsp;&nbsp;&nbsp;&nbsp;&nbsp;&nbsp;&nbsp;&nbsp;&nbsp;&nbsp;&nbsp;&nbsp;&nbsp;&nbsp;&nbsp;&nbsp;&nbsp;&nbsp;&nbsp;&nbsp;&nbsp;&nbsp;&nbsp;&nbsp;&nbsp;&nbsp;&nbsp;&nbsp;&nbsp;&nbsp;&nbsp;&nbsp;&nbsp;&nbsp;&nbsp;&nbsp;&nbsp;&nbsp;&nbsp;&nbsp;&nbsp;&nbsp;&nbsp;<\/p>\n<p><strong>Diligenciada por: <\/strong>Paula Andrea Salamanca Hern\u00e1ndez<\/p>\n<p><strong>INFORMACI\u00d3N BIBLIOGR\u00c1FICA<\/strong><\/p>\n<p><strong>Peri\u00f3dico: <\/strong>El Colombiano<\/p>\n<p><strong>Lugar de edici\u00f3n: <\/strong>Medell\u00edn<\/p>\n<p><strong>Autor personal: <\/strong><\/p>\n<p><strong>Autor corporativo: <\/strong><\/p>\n<p><strong>Fecha: <\/strong>1990 noviembre 18<\/p>\n<p><strong>P\u00e1gina: <\/strong>16C<\/p>\n<p><strong>Secci\u00f3n:<\/strong> Seguridad<\/p>\n<p><strong>Titular: <\/strong>En\u00e9rgico pronunciamiento de directivos de la U. de A.<\/p>\n<p><strong>Resumen:<\/strong> despu\u00e9s de que el centro de c\u00f3mputo de la Facultad de Educaci\u00f3n fuera objeto de ataque en la ma\u00f1ana del viernes (16 noviembre), el ataque consider\u00f3 una bomba de poder regular que destruy\u00f3 totalmente el recinto, posteriormente unos sujetos no identificados regaron acido sobre el resto de microcomputadores.<\/p>\n<p>A lo anterior directivos de la Universidad se pronunciaron, \u201cDe nuevo quienes no toleran el progreso de la Universidad de Antioquia, porque ven en la ciencia y la raz\u00f3n el obst\u00e1culo para sus prop\u00f3sitos demenciales y retardatarios, una peque\u00f1a minor\u00eda diestra tan solo en los golpes subterr\u00e1neos ha atentado gravemente contra la tranquilidad de la instituci\u00f3n y contra su deficiente patrimonio, representado esta vez en el Centro de C\u00f3mputo de la Facultad de Educaci\u00f3n hecho a base de trabajo y esfuerzo. Nuevamente las directivas universitarias con la indignaci\u00f3n que producen las manifestaciones de la cobard\u00eda y la sinraz\u00f3n invocan a la solidaridad de toda la comunidad universitaria y de la sociedad a la que sirve, para ratificar su adhesi\u00f3n a los prop\u00f3sitos que justifican la Universidad y ennoblecen a la comunidad humana, y repudiar todos lo que se les opone, expresi\u00f3n de un deseo patol\u00f3gico de retorno a la barbarie.\u201d<\/p>\n<p><strong>Im\u00e1genes: <\/strong>N\/A<\/p>\n<p><strong>Archivos de Registro: <\/strong>REG_C088<\/p>\n<p><strong>INFORMACI\u00d3N ANAL\u00cdTICA<\/strong><\/p>\n<p><strong>Contexto de la noticia: <\/strong>guerra entre Carteles del narcotr\u00e1fico, exterminio de la UP, Recrudecimiento del conflicto paramilitar, Recrudecimiento del conflicto armado, Asesinato de Bernardo Jaramillo Ossa, Reforma laboral, programa Zoo-ciedad, Campa\u00f1a presidencial Colombia, S\u00e9ptima Papeleta, Mundial Italia 90, Asamblea Nacional Constituyente, Asesinato Carlos Pizarro, Posesi\u00f3n C\u00e9sar Gaviria Presidente, Guerra del Golfo P\u00e9rsico, Militarizaci\u00f3n Provincia de Garc\u00eda- Rovira, secuestro Francisco Santos, Elecciones Legislativas, secuestro de Maruja Pach\u00f3n y Beatriz Villamizar, Operaci\u00f3n Casa Verde (Diciembre), Decreto 3030<\/p>\n<p><strong>Palabras clave:<\/strong> Acciones violentas, Atentado terrorista, Acciones de resistencia, Comunicados, Misivas, Declaraciones<\/p>\n<p><strong>Sugerencia de palabras claves: <\/strong><\/p>\n<p><strong>Observaciones: <\/strong><\/p>\n<p><strong>Fecha de diligenciamiento: <\/strong>16 diciembre 2018<\/p>\n<h1 style=\"text-align: center;\">***<\/h1>\n<p><strong>N\u00famero de ficha<\/strong>: C-089&nbsp;&nbsp;&nbsp;&nbsp;&nbsp;&nbsp;&nbsp;&nbsp;&nbsp;&nbsp;&nbsp;&nbsp;&nbsp;&nbsp;&nbsp;&nbsp;&nbsp;&nbsp;&nbsp;&nbsp;&nbsp;&nbsp;&nbsp;&nbsp;&nbsp;&nbsp;&nbsp;&nbsp;&nbsp;&nbsp;&nbsp;&nbsp;&nbsp;&nbsp;&nbsp;&nbsp;&nbsp;&nbsp;&nbsp;&nbsp;&nbsp;&nbsp;&nbsp;&nbsp;&nbsp;&nbsp;&nbsp;&nbsp;&nbsp;&nbsp;&nbsp;&nbsp;&nbsp;<\/p>\n<p><strong>Diligenciada por: <\/strong>Paula Andrea Salamanca Hern\u00e1ndez<\/p>\n<p>INFORMACI\u00d3N BIBLIOGR\u00c1FICA<\/p>\n<p>Peri\u00f3dico: El Colombiano<\/p>\n<p>Lugar de edici\u00f3n: Medell\u00edn<\/p>\n<p>Autor personal:<\/p>\n<p>Autor corporativo:<\/p>\n<p>Fecha: 1991 mayo 8<\/p>\n<p>P\u00e1gina: B<\/p>\n<p>Secci\u00f3n: Nacional<\/p>\n<p><strong>Titular: <\/strong>Libres estudiantes<\/p>\n<p><strong>Resumen:<\/strong> dos alumnos de la Universidad de Antioquia fueron dejados en libertad, despu\u00e9s de que la Polic\u00eda Metropolitana los detuviera el 1 de mayo en inmediaciones de la unidad deportiva Atanasio Girardot, cuando participaban en una actividad conmemorativa al d\u00eda del trabajo, la detenci\u00f3n se hizo por estos ser se\u00f1alados como miembros de las Milicias Populares. Los estudiantes eran Jairo Manuel Contreras R\u00edos, de Ingenier\u00eda Industrial y Gustavo Adolfo Vel\u00e1squez Ca\u00f1averal de Qu\u00edmica Farmac\u00e9utica.<\/p>\n<p><strong>Im\u00e1genes: <\/strong>N\/A<\/p>\n<p><strong>Archivos de Registro: <\/strong>REG_C089<\/p>\n<p>INFORMACI\u00d3N ANAL\u00cdTICA<\/p>\n<p>Contexto de la noticia: exterminio de la UP, Recrudecimiento del conflicto paramilitar, Recrudecimiento del conflicto armado, Asamblea nacional constituyente, Entrega de los hermanos Ochoa, Bancomex, Creaci\u00f3n de Ministerio de Comercio Exterior, Consolidaci\u00f3n del programa de reapertura econ\u00f3mica, Desmembraci\u00f3n Yugoslavia y la Uni\u00f3n Sovi\u00e9tica, Cambios en examen de admisi\u00f3n U. de A.<\/p>\n<p>Palabras clave: Acciones de resistencia, Conmemoraciones, Respuestas institucionales, Detenciones, Polic\u00eda<\/p>\n<p>Sugerencia de palabras claves:<\/p>\n<p>Observaciones:<\/p>\n<p>Fecha de diligenciamiento: 3 enero 2018<\/p>\n<h1 style=\"text-align: center;\">***<\/h1>\n<p><strong>N\u00famero de ficha<\/strong>: C-090&nbsp;&nbsp;&nbsp;&nbsp;&nbsp;&nbsp;&nbsp;&nbsp;&nbsp;&nbsp;&nbsp;&nbsp;&nbsp;&nbsp;&nbsp;&nbsp;&nbsp;&nbsp;&nbsp;&nbsp;&nbsp;&nbsp;&nbsp;&nbsp;&nbsp;&nbsp;&nbsp;&nbsp;&nbsp;&nbsp;&nbsp;&nbsp;&nbsp;&nbsp;&nbsp;&nbsp;&nbsp;&nbsp;&nbsp;&nbsp;&nbsp;&nbsp;&nbsp;&nbsp;&nbsp;&nbsp;&nbsp;&nbsp;&nbsp;&nbsp;&nbsp;&nbsp;&nbsp;<\/p>\n<p><strong>Diligenciada por: <\/strong>Paula Andrea Salamanca Hern\u00e1ndez<\/p>\n<p>INFORMACI\u00d3N BIBLIOGR\u00c1FICA<\/p>\n<p>Peri\u00f3dico: El Colombiano<\/p>\n<p>Lugar de edici\u00f3n: Medell\u00edn<\/p>\n<p>Autor personal:<\/p>\n<p>Autor corporativo:<\/p>\n<p>Fecha: 1991 junio 1<\/p>\n<p>P\u00e1gina: 8D<\/p>\n<p>Secci\u00f3n: Seguridad&nbsp;<\/p>\n<p><strong>Titular: <\/strong>Desaparecido<\/p>\n<p><strong>Resumen:<\/strong> \u201cfamiliares y amigos de Javier de Jes\u00fas Tabares, de 22 a\u00f1os solicitan informaci\u00f3n acerca de su paradero. Fue tomado cautivo el pasado s\u00e1bado en el barrio Villa Tina, mientras hac\u00eda fila en un tel\u00e9fono p\u00fablico del sector. Se lo llevaron cinco sujetos que se movilizaban en un Toyota blanco y un Renault rojo. El joven cursaba d\u00e9cimo grado en el nocturno de la Universidad de Antioquia y trabajaba en un galp\u00f3n de la plaza Mayorista.\u201d Su mam\u00e1 denunci\u00f3 el caso ante la Procuradur\u00eda Departamental.<\/p>\n<p><strong>Im\u00e1genes: <\/strong>N\/A<\/p>\n<p><strong>Archivos de Registro: <\/strong>REG_C090<\/p>\n<p>INFORMACI\u00d3N ANAL\u00cdTICA<\/p>\n<p>Contexto de la noticia: exterminio de la UP, Recrudecimiento del conflicto paramilitar, Recrudecimiento del conflicto armado, Asamblea nacional constituyente, Entrega de los hermanos Ochoa, Bancomex, Creaci\u00f3n de Ministerio de Comercio Exterior, Consolidaci\u00f3n del programa de reapertura econ\u00f3mica, Desmembraci\u00f3n Yugoslavia y la Uni\u00f3n Sovi\u00e9tica, Cambios en examen de admisi\u00f3n U. de A., Entrega de Pablo Escobar<\/p>\n<p>Palabras clave: Acciones violentas, Desaparici\u00f3n forzada, Tabares Javier de Jes\u00fas<\/p>\n<p>Sugerencia de palabras claves:<\/p>\n<p>Observaciones: la noticia se transcribe dada su brevedad, aunque tiene una foto es solo del rostro del desaparecido. No parece relevante hacer una ficha para la misma, sin embargo, se conserva<\/p>\n<p>Fecha de diligenciamiento: 3 enero 2018<\/p>\n<h1 style=\"text-align: center;\">***<\/h1>\n<p><strong>N\u00famero de ficha<\/strong>: C-091&nbsp;&nbsp;&nbsp;&nbsp;&nbsp;&nbsp;&nbsp;&nbsp;&nbsp;&nbsp;&nbsp;&nbsp;&nbsp;&nbsp;&nbsp;&nbsp;&nbsp;&nbsp;&nbsp;&nbsp;&nbsp;&nbsp;&nbsp;&nbsp;&nbsp;&nbsp;&nbsp;&nbsp;&nbsp;&nbsp;&nbsp;&nbsp;&nbsp;&nbsp;&nbsp;&nbsp;&nbsp;&nbsp;&nbsp;&nbsp;&nbsp;&nbsp;&nbsp;&nbsp;&nbsp;&nbsp;&nbsp;&nbsp;&nbsp;&nbsp;&nbsp;&nbsp;&nbsp;<\/p>\n<p><strong>Diligenciada por: <\/strong>Paula Andrea Salamanca Hern\u00e1ndez<\/p>\n<p>INFORMACI\u00d3N BIBLIOGR\u00c1FICA<\/p>\n<p>Peri\u00f3dico: El Colombiano<\/p>\n<p>Lugar de edici\u00f3n: Medell\u00edn<\/p>\n<p>Autor personal:<\/p>\n<p>Autor corporativo:<\/p>\n<p>Fecha: 1991 julio 20<\/p>\n<p>P\u00e1gina: 8D<\/p>\n<p>Secci\u00f3n: Seguridad&nbsp;<\/p>\n<p><strong>Titular: <\/strong>Lamentan asesinato de profesor<\/p>\n<p><strong>Resumen:<\/strong> el d\u00eda 17 de julio el profesor y doctor Guillermo Le\u00f3n Tangarife de la Facultad de Medicina de la Universidad, fue encontrado muerto en el interior de su veh\u00edculo, por tal motivo se hizo un homenaje en su nombre y se lament\u00f3 lo sucedido. El homenaje fue hecho por la Universidad de Antioquia<\/p>\n<p><strong>Im\u00e1genes: <\/strong>N\/A<\/p>\n<p><strong>Archivos de Registro: <\/strong>REG_C091a REG_C091b<\/p>\n<p>INFORMACI\u00d3N ANAL\u00cdTICA<\/p>\n<p>Contexto de la noticia: exterminio de la UP, Recrudecimiento del conflicto paramilitar, Recrudecimiento del conflicto armado, Asamblea nacional constituyente, Entrega de los hermanos Ochoa, Bancomex, Creaci\u00f3n de Ministerio de Comercio Exterior, Consolidaci\u00f3n del programa de reapertura econ\u00f3mica, Desmembraci\u00f3n Yugoslavia y la Uni\u00f3n Sovi\u00e9tica, Cambios en examen de admisi\u00f3n U. de A., Entrega de Pablo Escobar, Toma guerrillera Uramita, Nueva Constituci\u00f3n de Colombia<\/p>\n<p>Palabras clave: Acciones violentas, Asesinato selectivo, Acciones de resistencia, Conmemoraciones, Comunicados<\/p>\n<p>Sugerencia de palabras claves:<\/p>\n<p>Observaciones: la Facultad de Medicina tambi\u00e9n recibi\u00f3 en ese momento el VI Premio Nacional por la Solidaridad<\/p>\n<p>Fecha de diligenciamiento: 3 enero 2018<\/p>\n<h1 style=\"text-align: center;\">***<\/h1>\n<p><strong>N\u00famero de ficha<\/strong>: C-092&nbsp;&nbsp;&nbsp;&nbsp;&nbsp;&nbsp;&nbsp;&nbsp;&nbsp;&nbsp;&nbsp;&nbsp;&nbsp;&nbsp;&nbsp;&nbsp;&nbsp;&nbsp;&nbsp;&nbsp;&nbsp;&nbsp;&nbsp;&nbsp;&nbsp;&nbsp;&nbsp;&nbsp;&nbsp;&nbsp;&nbsp;&nbsp;&nbsp;&nbsp;&nbsp;&nbsp;&nbsp;&nbsp;&nbsp;&nbsp;&nbsp;&nbsp;&nbsp;&nbsp;&nbsp;&nbsp;&nbsp;&nbsp;&nbsp;&nbsp;&nbsp;&nbsp;&nbsp;<\/p>\n<p><strong>Diligenciada por: <\/strong>Paula Andrea Salamanca Hern\u00e1ndez<\/p>\n<p>INFORMACI\u00d3N BIBLIOGR\u00c1FICA<\/p>\n<p>Peri\u00f3dico: El Colombiano<\/p>\n<p>Lugar de edici\u00f3n: Medell\u00edn<\/p>\n<p>Autor personal:<\/p>\n<p>Autor corporativo:<\/p>\n<p>Fecha: 1991 septiembre 5<\/p>\n<p>P\u00e1gina: 5D<\/p>\n<p>Secci\u00f3n: Seguridad&nbsp;<\/p>\n<p><strong>Titular: <\/strong>Sucesos Breves\/ En la U. de A.<\/p>\n<p><strong>Resumen:<\/strong> Un grupo de cerca de 8 encapuchados penetr\u00f3 el d\u00eda anterior en la ma\u00f1ana las instalaciones de la Universidad, para arengar frente a los estudiantes consignas del Movimiento Pedro V\u00e1squez Rend\u00f3n del EPL, tambi\u00e9n entregaron panfletos de la \u201cCoordinadora Guerrillera Sim\u00f3n Bol\u00edvar\u201d.&nbsp;<\/p>\n<p><strong>Im\u00e1genes: <\/strong>N\/A<\/p>\n<p><strong>Archivos de Registro: <\/strong>REG_C092<\/p>\n<p>INFORMACI\u00d3N ANAL\u00cdTICA<\/p>\n<p>Contexto de la noticia: exterminio de la UP, Recrudecimiento del conflicto paramilitar, Recrudecimiento del conflicto armado, Asamblea nacional constituyente, Entrega de los hermanos Ochoa, Bancomex, Creaci\u00f3n de Ministerio de Comercio Exterior, Consolidaci\u00f3n del programa de reapertura econ\u00f3mica, Desmembraci\u00f3n Yugoslavia y la Uni\u00f3n Sovi\u00e9tica, Cambios en examen de admisi\u00f3n U. de A., Entrega de Pablo Escobar, Toma guerrillera Uramita, Nueva Constituci\u00f3n de Colombia<\/p>\n<p>Palabras clave: EPL, Acciones Contestatarias, Acciones de resistencia, Acciones de propaganda, Panfletos<\/p>\n<p>Sugerencia de palabras claves:<\/p>\n<p>Observaciones: no se dijo en que parte de la Universidad sucedi\u00f3 el hecho si cuales fueron las arengas<\/p>\n<p>Fecha de diligenciamiento: 4 enero 2018<\/p>\n<h1 style=\"text-align: center;\">***<\/h1>\n<p><strong>N\u00famero de ficha<\/strong>: C-093&nbsp;&nbsp;&nbsp;&nbsp;&nbsp;&nbsp; &nbsp;&nbsp;&nbsp;&nbsp;&nbsp;&nbsp;&nbsp;&nbsp;&nbsp;&nbsp;&nbsp;&nbsp;&nbsp;&nbsp;&nbsp;&nbsp;&nbsp;&nbsp;&nbsp;&nbsp;&nbsp;&nbsp;&nbsp;&nbsp;&nbsp;&nbsp;&nbsp;&nbsp;&nbsp;&nbsp;&nbsp;&nbsp;&nbsp;&nbsp;&nbsp;&nbsp;&nbsp;&nbsp;&nbsp;&nbsp;&nbsp;&nbsp;&nbsp;&nbsp;&nbsp;&nbsp;<\/p>\n<p><strong>Diligenciada por: <\/strong>Paula Andrea Salamanca Hern\u00e1ndez<\/p>\n<p>INFORMACI\u00d3N BIBLIOGR\u00c1FICA<\/p>\n<p>Peri\u00f3dico: El Colombiano<\/p>\n<p>Lugar de edici\u00f3n: Medell\u00edn<\/p>\n<p>Autor personal:<\/p>\n<p>Autor corporativo:<\/p>\n<p>Fecha: 1991 septiembre 11<\/p>\n<p>P\u00e1gina: 5B<\/p>\n<p>Secci\u00f3n: Seguridad&nbsp;<\/p>\n<p><strong>Titular: <\/strong>Estudiantes protestaron por desalojo en La Iguan\u00e1<\/p>\n<p><strong>Resumen:<\/strong> protestando inicialmente por el desalojo de los habitantes del barrio La Iguan\u00e1, aproximadamente 30 encapuchados miembros de las Milicias Estudiantiles, quemaron un veh\u00edculo oficial, camioneta Dodge de placas OM 6706 propiedad de la Contralor\u00eda Municipal. La explosi\u00f3n ocurri\u00f3 en la porter\u00eda Barranquilla tipo 8:30 de la ma\u00f1ana. Al llegar personal de la Polic\u00eda y el Ej\u00e9rcito, este \u00faltimo haciendo disparos al aire los estudiantes respondieron con piedras y petardos. En el hecho \u201cestudiantes alterados clamaron consignas en las que condenaban la muerte de los dos estudiantes de la Universidad Nacional de Bogot\u00e1, en una pedrea ocurrida la semana anterior, y se manifestaron en contra de la privatizaci\u00f3n de la educaci\u00f3n superior.\u201d \u201cAdem\u00e1s, condenaron y pidieron la salida de la Universidad, del secretario de Gobierno Municipal, el profesor de la Facultad de Derecho, Carlos Atehort\u00faa R\u00edos, por haber autorizado como alcalde encargado de Medell\u00edn el desalojo a m\u00e1s de un centenar de familias del barrio La Iguan\u00e1.\u201d<\/p>\n<p>Seg\u00fan versiones de algunos estudiantes, el hecho fue un sabotaje por parte de grupos extremistas a la elecci\u00f3n de representante estudiantil al CSU; ya que ese mismo d\u00eda se ten\u00eda programada una asamblea donde se presentar\u00edan los candidatos.<\/p>\n<p><strong>Im\u00e1genes: <\/strong>(IMA_C093), Blanco de la protesta (nombre de la foto), que describe en el pie de foto \u201cEsta camioneta de la Contralor\u00eda Municipal se convirti\u00f3 en el blanco del accionar terrorista de unos 30 encapuchados, que protestaron ayer en la Universidad de Antioquia por el desalojo masivo de La Iguan\u00e1. Los disturbios duraron cerca de una hora y no dejaron personas lesionadas.\u201d<\/p>\n<p><strong>Archivos de Registro: <\/strong>REG_C093<\/p>\n<p>INFORMACI\u00d3N ANAL\u00cdTICA<\/p>\n<p>Contexto de la noticia: exterminio de la UP, Recrudecimiento del conflicto paramilitar, Recrudecimiento del conflicto armado, Asamblea nacional constituyente, Entrega de los hermanos Ochoa, Bancomex, Creaci\u00f3n de Ministerio de Comercio Exterior, Consolidaci\u00f3n del programa de reapertura econ\u00f3mica, Desmembraci\u00f3n Yugoslavia y la Uni\u00f3n Sovi\u00e9tica, Cambios en examen de admisi\u00f3n U. de A., Entrega de Pablo Escobar, Toma guerrillera Uramita, Nueva Constituci\u00f3n de Colombia<\/p>\n<p>Palabras clave: Acciones contestatarias, Tropel, Grupos clandestinos, Polic\u00eda, Ej\u00e9rcito&nbsp;Acciones Violentas, Uso de petardos y explosivo<\/p>\n<p>Sugerencia de palabras claves: Petardo<\/p>\n<p>Observaciones: el elegir representante ante el CSU era una nueva manera de hacer pol\u00edtica estudiantil en la Universidad<\/p>\n<p>Fecha de diligenciamiento: 5 enero 2018<\/p>\n<h1 style=\"text-align: center;\">***<\/h1>\n<p><strong>N\u00famero de ficha<\/strong>: C-094&nbsp;&nbsp;&nbsp;&nbsp;&nbsp;&nbsp;&nbsp;&nbsp;&nbsp;&nbsp;&nbsp;&nbsp;&nbsp;&nbsp;&nbsp;&nbsp;&nbsp;&nbsp;&nbsp;&nbsp;&nbsp;&nbsp;&nbsp;&nbsp;&nbsp;&nbsp;&nbsp;&nbsp;&nbsp;&nbsp;&nbsp;&nbsp;&nbsp;&nbsp;&nbsp;&nbsp;&nbsp;&nbsp;&nbsp;&nbsp;&nbsp;&nbsp;&nbsp;&nbsp;&nbsp;&nbsp;&nbsp;&nbsp;&nbsp;&nbsp;&nbsp;&nbsp;&nbsp;<\/p>\n<p><strong>Diligenciada por: <\/strong>Paula Andrea Salamanca Hern\u00e1ndez<\/p>\n<p>INFORMACI\u00d3N BIBLIOGR\u00c1FICA<\/p>\n<p>Peri\u00f3dico: El Colombiano<\/p>\n<p>Lugar de edici\u00f3n: Medell\u00edn<\/p>\n<p>Autor personal:<\/p>\n<p>Autor corporativo:<\/p>\n<p>Fecha: 1991 octubre 8<\/p>\n<p>P\u00e1gina: 6B<\/p>\n<p>Secci\u00f3n: Seguridad&nbsp;<\/p>\n<p><strong>Titular: <\/strong>Unase rescata secuestrado \/ Estudiante<\/p>\n<p><strong>Resumen:<\/strong> \u201cde otra parte las autoridades realizaban ayer investigaciones para dar con el paradero del homicida del estudiante de Ingenier\u00eda de la Universidad de Antioquia, asesinado en la carrera 63 con calle 94\u00aa barrio Tricentenario, donde resid\u00eda. Seg\u00fan se pudo saber, el joven Francisco Diego Romero V\u00e9lez, de 25 a\u00f1os, se encontraba haciendo deporte cuando fue atacado a bala por un sicario que se movilizaba a pie.\u201d<\/p>\n<p><strong>Im\u00e1genes: <\/strong>N\/A<\/p>\n<p><strong>Archivos de Registro: <\/strong>REG_C094<\/p>\n<p>INFORMACI\u00d3N ANAL\u00cdTICA<\/p>\n<p>Contexto de la noticia: exterminio de la UP, Recrudecimiento del conflicto paramilitar, Recrudecimiento del conflicto armado, Asamblea nacional constituyente, Entrega de los hermanos Ochoa, Bancomex, Creaci\u00f3n de Ministerio de Comercio Exterior, Consolidaci\u00f3n del programa de reapertura econ\u00f3mica, Desmembraci\u00f3n Yugoslavia y la Uni\u00f3n Sovi\u00e9tica, Cambios en examen de admisi\u00f3n U. de A., Entrega de Pablo Escobar, Toma guerrillera Uramita, Nueva Constituci\u00f3n de Colombia, Terremoto en Italia, Elecciones legislativas en Colombia, Tormenta perfecta (USA)<\/p>\n<p>Palabras clave: Asesinato selectivo<\/p>\n<p>Sugerencia de palabras claves:<\/p>\n<p>Observaciones: la noticia del estudiante es una noticia que est\u00e1 dentro de otra noticia, sin embargo, estas no guardan relaci\u00f3n tem\u00e1tica ni de contexto, la noticia del estudiante se indic\u00f3 con un subt\u00edtulo que dec\u00eda \u201cEstudiante\u201d y esta se transcribe literal por su brevedad<\/p>\n<p>Fecha de diligenciamiento: 6 enero 2018<\/p>\n<h1 style=\"text-align: center;\">***<\/h1>\n<p><strong>N\u00famero de ficha<\/strong>: C-095&nbsp;&nbsp;&nbsp;&nbsp;&nbsp;&nbsp;&nbsp;&nbsp;&nbsp;&nbsp;&nbsp;&nbsp;&nbsp;&nbsp;&nbsp;&nbsp;&nbsp;&nbsp;&nbsp;&nbsp;&nbsp;&nbsp;&nbsp;&nbsp;&nbsp;&nbsp;&nbsp;&nbsp;&nbsp;&nbsp;&nbsp;&nbsp;&nbsp;&nbsp;&nbsp;&nbsp;&nbsp;&nbsp;&nbsp;&nbsp;&nbsp;&nbsp;&nbsp;&nbsp;&nbsp;&nbsp;&nbsp;&nbsp;&nbsp;&nbsp;&nbsp;&nbsp;&nbsp;<\/p>\n<p><strong>Diligenciada por: <\/strong>Paula Andrea Salamanca Hern\u00e1ndez<\/p>\n<p>INFORMACI\u00d3N BIBLIOGR\u00c1FICA<\/p>\n<p>Peri\u00f3dico: El Colombiano<\/p>\n<p>Lugar de edici\u00f3n: Medell\u00edn<\/p>\n<p>Autor personal:<\/p>\n<p>Autor corporativo:<\/p>\n<p>Fecha: 1991 diciembre 18<\/p>\n<p>P\u00e1gina: 2A<\/p>\n<p>Secci\u00f3n: Generales&nbsp;<\/p>\n<p><strong>Titular: <\/strong>Preocupaci\u00f3n estudiantil por asesinatos de compa\u00f1eros<\/p>\n<p><strong>Resumen:<\/strong> en medio de un canto triste y una chirim\u00eda callejera fue llevada a su tumba la estudiante de teatro Soraya Mar\u00eda Cata\u00f1o junto con otro joven de nombre Omar Arturo Guti\u00e9rrez. Esta estudiante junto con su compa\u00f1ero hab\u00eda desaparecido el viernes 13 de diciembre despu\u00e9s haber estado en un trabajo art\u00edstico en el barrio Moravia. Fue entonces un fin de semana cuando sus familiares identificaron los cad\u00e1veres en el anfiteatro, \u201clos mataron a golpes y quemones\u201d. Ellos hac\u00edan parte del teatro callejero Barrio Comparsa y Suelo Rodante. Soraya estaba en quinto semestre.<\/p>\n<p>Por otro lado, un estudiante de Derecho llamado Nelson Bernardo Cadavid l\u00edder c\u00edvico, fue asesinado en las mismas circunstancias. \u00c9l hab\u00eda desaparecido el d\u00eda 5 del mismo mes, su cuerpo fue hallado con signos de tortura.<\/p>\n<p>Los estudiantes de la Universidad emitieron un comunicado hablando de lo sucedido, \u201c[\u2026] nuestros compa\u00f1eros se suman a la larga lista de desaparecidos, torturados y asesinados que hay en nuestro pa\u00eds, [\u2026] los llevaremos por las calles y sus nombres no se nos olvidaran. [\u2026] A esta academia asfixiante que se mezcla con alzas de matr\u00edcula, reformas tibias y enga\u00f1os prolongados, respondamos con actos que muestren la energ\u00eda de nuestra juventud ante la vejez del crimen. [\u2026] A esta navidad, con millones de bombillos en el centro y la oscuridad en la periferia, demos una respuesta que ilumine estudiantes, j\u00f3venes, ni\u00f1os y paisas con una canci\u00f3n de la alegr\u00eda de la vida t la rabia ante la muerte.\u201d<\/p>\n<p><strong>Im\u00e1genes: <\/strong>N\/A<\/p>\n<p><strong>Archivos de Registro: <\/strong>REG_C095<\/p>\n<p>INFORMACI\u00d3N ANAL\u00cdTICA<\/p>\n<p>Contexto de la noticia: exterminio de la UP, Recrudecimiento del conflicto paramilitar, Recrudecimiento del conflicto armado, Asamblea nacional constituyente, Entrega de los hermanos Ochoa, Bancomex, Creaci\u00f3n de Ministerio de Comercio Exterior, Consolidaci\u00f3n del programa de reapertura econ\u00f3mica, Desmembraci\u00f3n Yugoslavia y la Uni\u00f3n Sovi\u00e9tica, Cambios en examen de admisi\u00f3n U. de A., Entrega de Pablo Escobar, Toma guerrillera Uramita, Nueva Constituci\u00f3n de Colombia, Terremoto en Italia, Elecciones legislativas en Colombia, Masacre de Barrancabermeja (Santander)<\/p>\n<p>Palabras clave: Cata\u00f1o, Soraya Mar\u00eda, Asesinato selectivo, Acciones de resistencia, Comunicados, misivas, declaraciones<\/p>\n<p>Sugerencia de palabras claves:<\/p>\n<p>Observaciones: el comunicado no se transcribe exactamente, ya que es meramente emotivo y no ofrece mucha informaci\u00f3n de lo sucedido<\/p>\n<p>Fecha de diligenciamiento: 10 enero 2018<\/p>\n<h1 style=\"text-align: center;\">***<\/h1>\n<p><strong>N\u00famero de ficha<\/strong>: C-096&nbsp; &nbsp; &nbsp; &nbsp; &nbsp; &nbsp; &nbsp; &nbsp; &nbsp; &nbsp; &nbsp; &nbsp; &nbsp; &nbsp; &nbsp; &nbsp; &nbsp; &nbsp; &nbsp; &nbsp; &nbsp; &nbsp; &nbsp; &nbsp; &nbsp; &nbsp;<\/p>\n<p><strong>Diligenciada por: <\/strong>Paula Andrea Salamanca Hern\u00e1ndez<\/p>\n<p>INFORMACI\u00d3N BIBLIOGR\u00c1FICA<\/p>\n<p>Peri\u00f3dico: El Colombiano<\/p>\n<p>Lugar de edici\u00f3n: Medell\u00edn<\/p>\n<p>Autor personal:<\/p>\n<p>Autor corporativo:<\/p>\n<p>Fecha: 1991 diciembre 20<\/p>\n<p>P\u00e1gina: 6C<\/p>\n<p>Secci\u00f3n: Seguridad&nbsp;&nbsp;<\/p>\n<p><strong>Titular: <\/strong>Violenta protesta en afueras de la U. de A.<\/p>\n<p><strong>Resumen:<\/strong> sujetos encapuchados quemaron tres buses y una moto de un agente de tr\u00e1nsito en horas de la madrugada, \u201cversiones recogidas en el lugar de los hechos hacen saber que todo podr\u00eda deberse a una protesta por el asesinato en extra\u00f1as circunstancias de tres estudiantes del Alma Mater en la \u00faltima semana y por la masacre ocurrida en el municipio de Caloto, Cauca contra una comunidad ind\u00edgena. Todo se present\u00f3 a pocos metros de la porter\u00eda Barranquilla. El hecho dej\u00f3 un saldo de seis detenidos y un estudiante de derecho herido que respond\u00eda al nombre de Iv\u00e1n Dar\u00edo Arenas.<\/p>\n<p><strong>Im\u00e1genes: <\/strong>(IMA_C096), Mal fin de a\u00f1o (nombre de la foto), que describe en el pie de foto \u201cseis personas fueron retenidas por la Polic\u00eda Nacional luego de registrado el ataque incendiario contra tres buses y una motocicleta del Tr\u00e1nsito Municipal, en la parte exterior de la Universidad de Antioquia. Se dijo que podr\u00eda haber sido motivado por la muerte extra\u00f1a de tres estudiantes en la \u00faltima semana.\u201d<\/p>\n<p><strong>Archivos de Registro: <\/strong>REG_C096<\/p>\n<p>INFORMACI\u00d3N ANAL\u00cdTICA<\/p>\n<p>Contexto de la noticia: exterminio de la UP, Recrudecimiento del conflicto paramilitar, Recrudecimiento del conflicto armado, Asamblea nacional constituyente, Entrega de los hermanos Ochoa, Bancomex, Creaci\u00f3n de Ministerio de Comercio Exterior, Consolidaci\u00f3n del programa de reapertura econ\u00f3mica, Desmembraci\u00f3n Yugoslavia y la Uni\u00f3n Sovi\u00e9tica, Cambios en examen de admisi\u00f3n U. de A., Entrega de Pablo Escobar, Toma guerrillera Uramita, Nueva Constituci\u00f3n de Colombia, Terremoto en Italia, Elecciones legislativas en Colombia, Masacre de Barrancabermeja (Santander), Masacre de Caloto (Cauca)<\/p>\n<p>Palabras clave: Asesinato selectivo, Acciones contestatarias,, Grupos clandestinos, Detenciones<\/p>\n<p>Sugerencia de palabras claves:<\/p>\n<p>Observaciones:<\/p>\n<p>Fecha de diligenciamiento: 10 enero 2018<\/p>\n<h1 style=\"text-align: center;\">***<\/h1>\n<p><strong>N\u00famero de ficha<\/strong>: C-097&nbsp;&nbsp;&nbsp;&nbsp;&nbsp;&nbsp;&nbsp;&nbsp;&nbsp;&nbsp;&nbsp;&nbsp;&nbsp;&nbsp;&nbsp;&nbsp;&nbsp;&nbsp;&nbsp;&nbsp;&nbsp;&nbsp;&nbsp;&nbsp;&nbsp;&nbsp;&nbsp;&nbsp;&nbsp;&nbsp;&nbsp;&nbsp;&nbsp;&nbsp;&nbsp;&nbsp;&nbsp;&nbsp;&nbsp;&nbsp;&nbsp;&nbsp;&nbsp;&nbsp;&nbsp;&nbsp;&nbsp;&nbsp;&nbsp;&nbsp;&nbsp;&nbsp;&nbsp;<\/p>\n<p><strong>Diligenciada por: <\/strong>Paula Andrea Salamanca Hern\u00e1ndez<\/p>\n<p>INFORMACI\u00d3N BIBLIOGR\u00c1FICA<\/p>\n<p>Peri\u00f3dico: El Colombiano<\/p>\n<p>Lugar de edici\u00f3n: Medell\u00edn<\/p>\n<p>Autor personal:<\/p>\n<p>Autor corporativo:<\/p>\n<p>Fecha: 1991 diciembre 23<\/p>\n<p>P\u00e1gina: 14A<\/p>\n<p>Secci\u00f3n: Seguridad\/ Sucesos breves<\/p>\n<p><strong>Titular: <\/strong>Universitario<\/p>\n<p><strong>Resumen:<\/strong> \u201cun joven de 25 a\u00f1os que cursaba estudios de Derecho, fue asesinado por desconocidos en la calle 117 con carrera 65, barrio Las Brisas, al norte de la capital antioque\u00f1a. Se trata de Iv\u00e1n Dar\u00edo Arenas Garc\u00eda, quien falleci\u00f3 en Policl\u00ednica a causa de los da\u00f1os causados por impactos de arma de fuego.\u201d<\/p>\n<p><strong>Im\u00e1genes: <\/strong>N\/A<\/p>\n<p><strong>Archivos de Registro: <\/strong>REG_C097<\/p>\n<p>INFORMACI\u00d3N ANAL\u00cdTICA<\/p>\n<p>Contexto de la noticia: exterminio de la UP, Recrudecimiento del conflicto paramilitar, Recrudecimiento del conflicto armado, Asamblea nacional constituyente, Entrega de los hermanos Ochoa, Bancomex, Creaci\u00f3n de Ministerio de Comercio Exterior, Consolidaci\u00f3n del programa de reapertura econ\u00f3mica, Desmembraci\u00f3n Yugoslavia y la Uni\u00f3n Sovi\u00e9tica, Cambios en examen de admisi\u00f3n U. de A., Entrega de Pablo Escobar, Toma guerrillera Uramita, Nueva Constituci\u00f3n de Colombia, Terremoto en Italia, Elecciones legislativas en Colombia, Masacre de Barrancabermeja (Santander), Masacre de Caloto (Cauca)<\/p>\n<p>Palabras clave: Asesinato selectivo<\/p>\n<p>Sugerencia de palabras claves:<\/p>\n<p>Observaciones: se transcribe tal cual dada la brevedad de la noticia<\/p>\n<p>Fecha de diligenciamiento: 10 enero 2018<\/p>\n<h1 style=\"text-align: center;\">***<\/h1>\n<p><strong>N\u00famero de ficha<\/strong>: C-098&nbsp;&nbsp;&nbsp;&nbsp;&nbsp;&nbsp;&nbsp;&nbsp;&nbsp;&nbsp;&nbsp;&nbsp;&nbsp;&nbsp;&nbsp;&nbsp;&nbsp;&nbsp;&nbsp;&nbsp;&nbsp;&nbsp;&nbsp;&nbsp;&nbsp;&nbsp;&nbsp;&nbsp;&nbsp;&nbsp;&nbsp;&nbsp;&nbsp;&nbsp;&nbsp;&nbsp;&nbsp;&nbsp;&nbsp;&nbsp;&nbsp;&nbsp;&nbsp;&nbsp;&nbsp;&nbsp;&nbsp;&nbsp;&nbsp;&nbsp;&nbsp;&nbsp;&nbsp;<\/p>\n<p><strong>Diligenciada por:<\/strong> Paula Andrea Salamanca Hern\u00e1ndez<\/p>\n<p>INFORMACI\u00d3N BIBLIOGR\u00c1FICA<\/p>\n<p>Peri\u00f3dico: El Colombiano<\/p>\n<p>Lugar de edici\u00f3n: Medell\u00edn<\/p>\n<p>Autor personal:<\/p>\n<p>Autor corporativo:<\/p>\n<p>Fecha: 1992 mayo 19<\/p>\n<p>P\u00e1gina: 4B<\/p>\n<p>Secci\u00f3n: Antioquia\/ Sucesos breves<\/p>\n<p><strong>Titular: <\/strong>Estudiante<\/p>\n<p><strong>Resumen:<\/strong> \u201cen la carrera 70 con calle 2 Cementerio Campos de Paz, dos sicarios que se movilizaban en un Mazda verde, de placas MLG 318, dieron muerte a Gustavo Alberto Garc\u00eda Arroyave, de 18 a\u00f1os, estudiante de la facultad Ingenier\u00eda Industrial de la Universidad de Antioquia.\u201d<\/p>\n<p><strong>Im\u00e1genes: <\/strong>N\/A<\/p>\n<p><strong>Archivos de Registro: <\/strong>REG_C098<\/p>\n<p>INFORMACI\u00d3N ANAL\u00cdTICA<\/p>\n<p>Contexto de la noticia: exterminio de la UP, Recrudecimiento del conflicto paramilitar, Recrudecimiento del conflicto armado, Creaci\u00f3n Bloque de B\u00fasqueda (Polic\u00eda Nacional), Crisis energ\u00e9tica de Colombia, fin revuelta de Rodney King (USA), Ley 30<\/p>\n<p>Palabras clave: Asesinato selectivo, Garc\u00eda Arroyave Gustavo Alberto<\/p>\n<p>Sugerencia de palabras claves:<\/p>\n<p>Observaciones: se transcribe tal cual dada la brevedad de la noticia<\/p>\n<p><strong>Fecha de diligenciamiento:<\/strong> 10 enero 2018<\/p>\n<h1 style=\"text-align: center;\">***<\/h1>\n<p><strong>N\u00famero de ficha<\/strong>: C-099&nbsp;&nbsp;&nbsp;&nbsp;&nbsp;&nbsp;&nbsp;&nbsp;&nbsp;&nbsp;&nbsp;&nbsp;&nbsp;&nbsp;&nbsp;&nbsp;&nbsp;&nbsp;&nbsp;&nbsp;&nbsp;&nbsp;&nbsp;&nbsp;&nbsp;&nbsp;&nbsp;&nbsp;&nbsp;&nbsp;&nbsp;&nbsp;&nbsp;&nbsp;&nbsp;&nbsp;&nbsp;&nbsp;&nbsp;&nbsp;&nbsp;&nbsp;&nbsp;&nbsp;&nbsp;&nbsp;&nbsp;&nbsp;&nbsp;&nbsp;&nbsp;&nbsp;&nbsp;<\/p>\n<p><strong>Diligenciada por: <\/strong>Paula Andrea Salamanca Hern\u00e1ndez<\/p>\n<p>INFORMACI\u00d3N BIBLIOGR\u00c1FICA<\/p>\n<p>Peri\u00f3dico: El Colombiano<\/p>\n<p>Lugar de edici\u00f3n: Medell\u00edn<\/p>\n<p>Autor personal:<\/p>\n<p>Autor corporativo:<\/p>\n<p>Fecha: 1992 mayo 25<\/p>\n<p>P\u00e1gina: 5C<\/p>\n<p>Secci\u00f3n: Antioquia\/ Sucesos breves<\/p>\n<p><strong>Titular: <\/strong>Asesinado profesor universitario<\/p>\n<p><strong>Resumen:<\/strong> un profesor de la facultad de Educaci\u00f3n F\u00edsica de la Universidad, que respond\u00eda al nombre de Manuel Uribe \u00c1lvarez de 37 a\u00f1os fue asesinado con arma blanca en el est\u00f3mago, por dos sujetos en la Autopista Norte, Jardines Montesacro, seg\u00fan el reporte de las autoridades el profesor fue asesinado por dos sujetos j\u00f3venes que lo acompa\u00f1aban en un carro Renault 18 color blanco despu\u00e9s de una ri\u00f1a.<\/p>\n<p><strong>Im\u00e1genes: <\/strong>N\/A<\/p>\n<p><strong>Archivos de Registro: <\/strong>REG_C099<\/p>\n<p>INFORMACI\u00d3N ANAL\u00cdTICA<\/p>\n<p>Contexto de la noticia: exterminio de la UP, Recrudecimiento del conflicto paramilitar, Recrudecimiento del conflicto armado, Creaci\u00f3n Bloque de B\u00fasqueda (Polic\u00eda Nacional), Crisis energ\u00e9tica de Colombia, Ley 30<\/p>\n<p>Palabras clave: Asesinato selectivo, Uribe \u00c1lvarez, Manuel<\/p>\n<p>Sugerencia de palabras claves:<\/p>\n<p>Observaciones:<\/p>\n<p>Fecha de diligenciamiento: 10 enero 2018<\/p>\n<h1 style=\"text-align: center;\">***<\/h1>\n<p><strong>N\u00famero de ficha<\/strong>: C-100&nbsp;&nbsp;&nbsp;&nbsp;&nbsp;&nbsp;&nbsp;&nbsp;&nbsp;&nbsp;&nbsp;&nbsp;&nbsp;&nbsp;&nbsp;&nbsp;&nbsp;&nbsp;&nbsp;&nbsp;&nbsp;&nbsp;&nbsp;&nbsp;&nbsp;&nbsp;&nbsp;&nbsp;&nbsp;&nbsp;&nbsp;&nbsp;&nbsp;&nbsp;&nbsp;&nbsp;&nbsp;&nbsp;&nbsp;&nbsp;&nbsp;&nbsp;&nbsp;&nbsp;&nbsp;&nbsp;&nbsp;&nbsp;&nbsp;&nbsp;&nbsp;&nbsp;&nbsp;<\/p>\n<p><strong>Diligenciada por: <\/strong>Paula Andrea Salamanca Hern\u00e1ndez<\/p>\n<p>INFORMACI\u00d3N BIBLIOGR\u00c1FICA<\/p>\n<p>Peri\u00f3dico: El Colombiano<\/p>\n<p>Lugar de edici\u00f3n: Medell\u00edn<\/p>\n<p>Autor personal:<\/p>\n<p>Autor corporativo:<\/p>\n<p>Fecha: 1992 junio 11<\/p>\n<p>P\u00e1gina: 4B<\/p>\n<p>Secci\u00f3n: Antioquia\/ Sucesos breves<\/p>\n<p><strong>Titular: <\/strong>Nuevos disturbios en la U. de A.<\/p>\n<p><strong>Resumen:<\/strong> en horas de la ma\u00f1ana cuando estudiantes de la Universidad realizaban un mitin en conmemoraci\u00f3n de la Jornada Nacional del Estudiante, se presentaron disturbios entre encapuchados, estudiantes y la fuerza p\u00fablica. El saldo una persona herida a bala y varias contusas por golpes. Los enfrentamientos se prolongaron por m\u00e1s de una hora en la porter\u00eda Barranquilla.<\/p>\n<p><strong>Im\u00e1genes: <\/strong>N\/A<\/p>\n<p><strong>Archivos de Registro: <\/strong>REG_C100<\/p>\n<p>INFORMACI\u00d3N ANAL\u00cdTICA<\/p>\n<p>Contexto de la noticia: exterminio de la UP, Recrudecimiento del conflicto paramilitar, Recrudecimiento del conflicto armado, Masacre de Ca\u00f1o Sibao (Meta), Creaci\u00f3n Bloque de B\u00fasqueda (Polic\u00eda Nacional), Crisis energ\u00e9tica de Colombia, Ley 30<\/p>\n<p>Palabras clave: Mitin, Acciones contestatarias, Grupos clandestinos, Jornada Nacional del Estudiante<\/p>\n<p>Sugerencia de palabras claves:<\/p>\n<p>Observaciones:<\/p>\n<p>Fecha de diligenciamiento: 12 enero 2018<\/p>\n<h1 style=\"text-align: center;\">***<\/h1>\n<p><strong>N\u00famero de ficha<\/strong>: C-101&nbsp;&nbsp;&nbsp;&nbsp;&nbsp;&nbsp;&nbsp;&nbsp;&nbsp;&nbsp;&nbsp;&nbsp;&nbsp;&nbsp;&nbsp;&nbsp;&nbsp;&nbsp;&nbsp;&nbsp;&nbsp;&nbsp;&nbsp;&nbsp;&nbsp;&nbsp;&nbsp;&nbsp;&nbsp;&nbsp;&nbsp;&nbsp;&nbsp;&nbsp;&nbsp;&nbsp;&nbsp;&nbsp;&nbsp;&nbsp;&nbsp;&nbsp;&nbsp;&nbsp;&nbsp;&nbsp;&nbsp;&nbsp;&nbsp;&nbsp;&nbsp;&nbsp;&nbsp;<\/p>\n<p><strong>Diligenciada por: <\/strong>Paula Andrea Salamanca Hern\u00e1ndez<\/p>\n<p>INFORMACI\u00d3N BIBLIOGR\u00c1FICA<\/p>\n<p>Peri\u00f3dico: El Colombiano<\/p>\n<p>Lugar de edici\u00f3n: Medell\u00edn<\/p>\n<p>Autor personal:<\/p>\n<p>Autor corporativo:<\/p>\n<p>Fecha: 1992 junio 26<\/p>\n<p>P\u00e1gina: 2A<\/p>\n<p>Secci\u00f3n: Hoy\/ Viernes<\/p>\n<p><strong>Titular: <\/strong>Atentado terrorista contra la U. de A.<\/p>\n<p><strong>Resumen:<\/strong> siendo las 8:00 de la noche, una carga explosiva fue activada en la Facultad de Ciencias Sociales, que a la vez caus\u00f3 afectaciones en el centro de c\u00f3mputo de la misma facultad. El Colombiano recibi\u00f3 una llamada de \u201cun comando terrorista\u201d que reivindic\u00f3 la acci\u00f3n, en protesta por la privatizaci\u00f3n de la educaci\u00f3n y en defensa de la educaci\u00f3n p\u00fablica.\u201d<\/p>\n<p><strong>Im\u00e1genes: <\/strong>(IMA_C101), Vandalismo (nombre de la foto), que describe en el pie de foto \u201cComo \u00e9ste siete salones de la Facultad de Ciencias Sociales resultaron destruidos, como consecuencia del petardo que estall\u00f3 a las 8:03 minutos de la noche en el Alma Mater.\u201d Wilson Daza (fot\u00f3grafo)<\/p>\n<p><strong>Archivos de Registro: <\/strong>REG_C101<\/p>\n<p>INFORMACI\u00d3N ANAL\u00cdTICA<\/p>\n<p>Contexto de la noticia: exterminio de la UP, Recrudecimiento del conflicto paramilitar, Recrudecimiento del conflicto armado, Creaci\u00f3n Bloque de B\u00fasqueda (Polic\u00eda Nacional), Crisis energ\u00e9tica de Colombia, Ley 30<\/p>\n<p>Palabras clave: Acciones violentas, Uso de petardos y explosivos<\/p>\n<p>Sugerencia de palabras claves:<\/p>\n<p>Observaciones:<\/p>\n<p>Fecha de diligenciamiento: 12 enero 2018<\/p>\n<h1 style=\"text-align: center;\">***<\/h1>\n<p><strong>N\u00famero de ficha<\/strong>: C-102&nbsp;&nbsp;&nbsp;&nbsp;&nbsp;&nbsp;&nbsp;&nbsp;&nbsp;&nbsp;&nbsp;&nbsp;&nbsp;&nbsp;&nbsp;&nbsp;&nbsp;&nbsp;&nbsp;&nbsp;&nbsp;&nbsp;&nbsp;&nbsp;&nbsp;&nbsp;&nbsp;&nbsp;&nbsp;&nbsp;&nbsp;&nbsp;&nbsp;&nbsp;&nbsp;&nbsp;&nbsp;&nbsp;&nbsp;&nbsp;&nbsp;&nbsp;&nbsp;&nbsp;&nbsp;&nbsp;&nbsp;&nbsp;&nbsp;&nbsp;&nbsp;&nbsp;&nbsp;<\/p>\n<p><strong>Diligenciada por: <\/strong>Paula Andrea Salamanca Hern\u00e1ndez<\/p>\n<p>INFORMACI\u00d3N BIBLIOGR\u00c1FICA<\/p>\n<p>Peri\u00f3dico: El Colombiano<\/p>\n<p>Lugar de edici\u00f3n: Medell\u00edn<\/p>\n<p>Autor personal:<\/p>\n<p>Autor corporativo:<\/p>\n<p>Fecha: 1992 julio 22<\/p>\n<p>P\u00e1gina: 2A<\/p>\n<p>Secci\u00f3n: Hoy\/ S\u00e1bado<\/p>\n<p><strong>Titular: <\/strong>A la memoria, imborrable de los maestros sacrificados<\/p>\n<p><strong>Resumen:<\/strong> en memoria de los catedr\u00e1ticos asesinados, la Asociaci\u00f3n de Profesores de la Universidad cre\u00f3 la orden \u201cLuis Fernando V\u00e9lez\u201d. Esta orden ser\u00eda entregada a las familias de las v\u00edctimas el d\u00eda 25 de agosto de 1992, en el Museo de ciudad universitaria<\/p>\n<p><strong>Im\u00e1genes: <\/strong>N\/A<\/p>\n<p><strong>Archivos de Registro: <\/strong>REG_C102<\/p>\n<p>INFORMACI\u00d3N ANAL\u00cdTICA<\/p>\n<p>Contexto de la noticia: exterminio de la UP, Recrudecimiento del conflicto paramilitar, Recrudecimiento del conflicto armado, Creaci\u00f3n Bloque de B\u00fasqueda (Polic\u00eda Nacional), Crisis energ\u00e9tica de Colombia, Creaci\u00f3n Fiscal\u00eda General de la Naci\u00f3n, Fuga Pablo Escobar de la Catedral ,Ley 30<\/p>\n<p>Palabras clave: Asamblea de profesores, Respuestas institucionales, Acciones de resistencia, Actos simb\u00f3licos, V\u00e9lez Luis Fernando<\/p>\n<p>Sugerencia de palabras claves:<\/p>\n<p>Observaciones:<\/p>\n<p>Fecha de diligenciamiento: 13 enero 2018<\/p>\n<h1 style=\"text-align: center;\">***<\/h1>\n<p><strong>N\u00famero de ficha<\/strong>: C-103&nbsp;&nbsp;&nbsp;&nbsp;&nbsp;&nbsp;&nbsp;&nbsp;&nbsp;&nbsp;&nbsp;&nbsp;&nbsp;&nbsp;&nbsp;&nbsp;&nbsp;&nbsp;&nbsp;&nbsp;&nbsp;&nbsp;&nbsp;&nbsp;&nbsp;&nbsp;&nbsp;&nbsp;&nbsp;&nbsp;&nbsp;&nbsp;&nbsp;&nbsp;&nbsp;&nbsp;&nbsp;&nbsp;&nbsp;&nbsp;&nbsp;&nbsp;&nbsp;&nbsp;&nbsp;&nbsp;&nbsp;&nbsp;&nbsp;&nbsp;&nbsp;&nbsp;&nbsp;<\/p>\n<p><strong>Diligenciada por: <\/strong>Paula Andrea Salamanca Hern\u00e1ndez<\/p>\n<p>INFORMACI\u00d3N BIBLIOGR\u00c1FICA<\/p>\n<p>Peri\u00f3dico: El Colombiano<\/p>\n<p>Lugar de edici\u00f3n: Medell\u00edn<\/p>\n<p>Autor personal:<\/p>\n<p>Autor corporativo:<\/p>\n<p>Fecha: 1992 octubre 14<\/p>\n<p>P\u00e1gina: 6B<\/p>\n<p>Secci\u00f3n: Antioquia<\/p>\n<p><strong>Titular: <\/strong>Disturbios en la U. de A.<\/p>\n<p><strong>Resumen:<\/strong> un grupo de encapuchados de la Universidad, protagoniz\u00f3 disturbios con la Polic\u00eda y la Polic\u00eda Militar, sobre las nueve de la ma\u00f1ana, en la porter\u00eda Barranquilla, por motivos desconocidos. [\u2026] \u201cLa situaci\u00f3n lleg\u00f3 a su momento de mayor tensi\u00f3n cuando dos miembros de una patrulla de la Polic\u00eda Militar, que lleg\u00f3 al lugar de los hechos, dispararon sus fusiles al aire y contra las copas de los \u00e1rboles que rodean la malla de la Universidad\u2026\u201d<\/p>\n<p>El saldo, cinco personas heridas que fueron atendidas en el servicio m\u00e9dico de la Universidad pero que se retiraron por voluntad.<\/p>\n<p>El gobernador de Antioquia se pronunci\u00f3 ante lo sucedido, \u201chay un foco de agitaci\u00f3n dentro de la Universidad. Vamos a ver c\u00f3mo lo controlamos [\u2026] no es un secreto que en la Universidad est\u00e1 infiltrada por grupos que quieren deteriorar la paz en Colombia.\u201d<\/p>\n<p>El Consejo Acad\u00e9mico, la asociaci\u00f3n de profesores y las diferentes facultades de la Universidad rechazaron dos d\u00edas despu\u00e9s los disturbios que se dieron, dijeron adem\u00e1s que los grupos de encapuchados entraron a los claustros lanzando petardos y amedrentando a los distintos miembros de la comunidad universitaria, adem\u00e1s que hab\u00edan provocado incendios en la Facultad de Farmac\u00e9utica y en un veh\u00edculo oficial que puso en riesgo al personal del bloque administrativo.<\/p>\n<p><strong>Im\u00e1genes: <\/strong>(IMA_C103) que describe en el pie de foto \u201cun grupo de encapuchados bloque\u00f3 ayer una de las v\u00edas aleda\u00f1as a la universidad de Antioquia. Quemaron llantas y ramas y arrojaron piedras a los efectivos de la polic\u00eda. Cinco personas resultaron heridas, al parecer integrantes de los revoltosos.\u201d<\/p>\n<p><strong>Archivos de Registro: <\/strong>REG_C103a REG_C103b<\/p>\n<p>INFORMACI\u00d3N ANAL\u00cdTICA<\/p>\n<p>Contexto de la noticia: exterminio de la UP, Recrudecimiento del conflicto paramilitar, Recrudecimiento del conflicto armado, Creaci\u00f3n Bloque de B\u00fasqueda (Polic\u00eda Nacional), Crisis energ\u00e9tica de Colombia, entrega a la Fiscal\u00eda General de la Naci\u00f3n tres hombres de confianza de&nbsp;<a href=\"https:\/\/es.wikipedia.org\/wiki\/Pablo_Escobar\">Pablo Escobar Gaviria<\/a> (alias&nbsp;Osito,&nbsp;Otto y&nbsp;Popeye), asesinada Miryam Roc\u00edo V\u00e9lez P\u00e9rez (investigaba el asesinato de&nbsp;<a href=\"https:\/\/es.wikipedia.org\/wiki\/Guillermo_Cano_Isaza\">Guillermo Cano Isaza<\/a>), Ley 30<\/p>\n<p>Palabras clave: Grupos clandestinos, Acciones contestatarias, Polic\u00eda, Polic\u00eda Militar, Acciones de resistencia<\/p>\n<p>Sugerencia de palabras claves:<\/p>\n<p>Observaciones: un d\u00eda despu\u00e9s el Consejo Acad\u00e9mico y las distintas facultades de la Universidad rechazaron los disturbios que se hab\u00edan presentado en la Universidad, asegurando que los encapuchados lanzaron petardos, amedrentaron estudiantes y profesores y, adem\u00e1s provocaron un incendio en la Facultad de Farmac\u00e9utica y un veh\u00edculo oficial.<\/p>\n<p>Fecha de diligenciamiento: 14 enero 2018<\/p>\n<h1 style=\"text-align: center;\">***<\/h1>\n<p><strong>N\u00famero de ficha<\/strong>: C-104&nbsp;&nbsp;&nbsp;&nbsp;&nbsp;&nbsp;&nbsp;&nbsp;&nbsp;&nbsp;&nbsp;&nbsp;&nbsp;&nbsp;&nbsp;&nbsp;&nbsp;&nbsp;&nbsp;&nbsp;&nbsp;&nbsp;&nbsp;&nbsp;&nbsp;&nbsp;&nbsp;&nbsp;&nbsp;&nbsp;&nbsp;&nbsp;&nbsp;&nbsp;&nbsp;&nbsp;&nbsp;&nbsp;&nbsp;&nbsp;&nbsp;&nbsp;&nbsp;&nbsp;&nbsp;&nbsp;&nbsp;&nbsp;&nbsp;&nbsp;&nbsp;&nbsp;&nbsp;<\/p>\n<p><strong>Diligenciada por: <\/strong>Paula Andrea Salamanca Hern\u00e1ndez<\/p>\n<p>INFORMACI\u00d3N BIBLIOGR\u00c1FICA<\/p>\n<p>Peri\u00f3dico: El Colombiano<\/p>\n<p>Lugar de edici\u00f3n: Medell\u00edn<\/p>\n<p>Autor personal:<\/p>\n<p>Autor corporativo:<\/p>\n<p>Fecha: 1993 febrero 26<\/p>\n<p>P\u00e1gina: 11C<\/p>\n<p>Secci\u00f3n: Antioquia<\/p>\n<p><strong>Titular: <\/strong>Disturbios en la U. de A.<\/p>\n<p><strong>Resumen:<\/strong> solidariz\u00e1ndose con el paro de los trabajadores de E.V (empresas varias), varios estudiantes protagonizaron disturbios con la Polic\u00eda Nacional en la calle Barranquilla. El saldo fueron tres agentes lesionados con piedras. Los da\u00f1os materiales fueron m\u00ednimos y ning\u00fan estudiante resultado afectado. Adem\u00e1s de apoyar el paro de Empresas Varias, los estudiantes dijeron tambi\u00e9n estar protestando por la creciente militarizaci\u00f3n del pa\u00eds y la privatizaci\u00f3n de distintas entidades del Estado. \u201cPrecisaron que en la pedrea solo tomaron parte personas que estudian en la instituci\u00f3n y en ning\u00fan momento organizaciones subversivas.\u201d<\/p>\n<p><strong>Im\u00e1genes:<\/strong> (IMA_C104) A piedra limpia (nombre de la foto) que describe en el pie de foto \u201cincluso en la misma calle Barranquilla, un grupo de estudiantes de la Universidad de Antioquia se enfrent\u00f3 con la Polic\u00eda, ayer en la ma\u00f1ana. La pedrea fue para mostrar su solidaridad con los trabajadores de las Empresas Varias.\u201d<\/p>\n<p><strong>Archivos de Registro: <\/strong>REG_C104<\/p>\n<p>INFORMACI\u00d3N ANAL\u00cdTICA<\/p>\n<p>Contexto de la noticia: exterminio de la UP, Recrudecimiento del conflicto paramilitar, Recrudecimiento del conflicto armado, paro Empresas Varias (Medell\u00edn), Crisis energ\u00e9tica de Colombia, Oleada de atentados terroristas en Bogot\u00e1 por el Cartel de Medell\u00edn, dados de baja varios integrantes del Cartel de Medell\u00edn, fin del Apartheid, guerra entre Los Pepes y el Cartel de Medell\u00edn, Anuncio de paro c\u00edvico Nacional<\/p>\n<p>Palabras clave: Grupos clandestinos, Acciones contestatarias, Polic\u00eda, Tropel, Acciones de resistencia, Empresas Varias<\/p>\n<p>Sugerencia de palabras claves:<\/p>\n<p>Observaciones: el paro de los trabajadores de Empresas Varias fue una situaci\u00f3n que se dio por las condiciones laborales de los empleados que ellos mismos expresaron a trav\u00e9s de un pliego de peticiones. El paro fue declarado ilegal por el Ministerio de Trabajo, hubo emergencia sanitaria en Medell\u00edn, los trabajadores estuvieron de huelga en el relleno Sanitario de la Curva de Rodas y la Bas\u00edlica Metropolitana. Los trabajadores que hab\u00edan entrado en huelga fueron despedidos, pero a\u00f1os m\u00e1s tarde ganaron un fallo en el que restablecieron sus derechos.<\/p>\n<p>Fecha de diligenciamiento: 20 enero 2018<\/p>\n<h1 style=\"text-align: center;\">***<\/h1>\n<p><strong>N\u00famero de ficha<\/strong>: C-105&nbsp;&nbsp;&nbsp;&nbsp;&nbsp;&nbsp;&nbsp;&nbsp;&nbsp;&nbsp;&nbsp;&nbsp;&nbsp;&nbsp;&nbsp;&nbsp;&nbsp;&nbsp;&nbsp;&nbsp;&nbsp;&nbsp;&nbsp;&nbsp;&nbsp;&nbsp;&nbsp;&nbsp;&nbsp;&nbsp;&nbsp;&nbsp;&nbsp;&nbsp;&nbsp;&nbsp;&nbsp;&nbsp;&nbsp;&nbsp;&nbsp;&nbsp;&nbsp;&nbsp;&nbsp;&nbsp;&nbsp;&nbsp;&nbsp;&nbsp;&nbsp;&nbsp;&nbsp;<\/p>\n<p><strong>Diligenciada por: <\/strong>Paula Andrea Salamanca Hern\u00e1ndez<\/p>\n<p>INFORMACI\u00d3N BIBLIOGR\u00c1FICA<\/p>\n<p>Peri\u00f3dico: El Colombiano<\/p>\n<p>Lugar de edici\u00f3n: Medell\u00edn<\/p>\n<p>Autor personal:<\/p>\n<p>Autor corporativo:<\/p>\n<p>Fecha: 1993 junio 10<\/p>\n<p>P\u00e1gina: 5B<\/p>\n<p>Secci\u00f3n: Antioquia<\/p>\n<p><strong>Titular: <\/strong>Estudiantes rechazan disturbios en la U. de A.<\/p>\n<p><strong>Resumen:<\/strong> estudiantes de la Universidad, protestaron en contra de los disturbios provocados el d\u00eda anterior por sujetos encapuchados, que se encontraban en la Universidad celebrando el d\u00eda del \u201cguerrillero heroico\u201d, seg\u00fan dec\u00eda en unos panfletos. \u201cLos estudiantes reaccionaron con gritos en contra de la violencia y el da\u00f1o que se le estaba causando a la Universidad, al ver c\u00f3mo los encapuchados disparaban contra el conductor de un veh\u00edculo de servicio colectivo que los eludi\u00f3 para evitar que incendiaran el automotor.\u201d Un conductor que no cont\u00f3 con suerte, fue interceptado por los encapuchados, que lo obligaron a entrar su veh\u00edculo a la Universidad para incinerarlo.<\/p>\n<p>Una versi\u00f3n extraoficial indic\u00f3 que los sujetos estaban cobrando dinero a los conductores para dejarlos pasar por la calle Barranquilla y que tambi\u00e9n se presentaron intercambios de disparos entre los encapuchados y la polic\u00eda, aunque no se report\u00f3 ning\u00fan herido.<\/p>\n<p>Los grupos que se atribuyeron los actos fueron el frente \u201cPedro V\u00e1squez Rend\u00f3n\u201d, una disidencia del EPL, el frente \u201cSin Permiso\u201d de inspiraci\u00f3n guevarista y una organizaci\u00f3n autodenominada \u201cN\u00facleos Proletarios por la Revoluci\u00f3n\u201d.<\/p>\n<p><strong>Im\u00e1genes: <\/strong>(IMA_C105) Disturbios (nombre de la foto) que describe en el pie de foto \u201cUnos 25 encapuchados generaron disturbios durante dos horas y media alrededor de la Universidad de Antioquia donde quemaron una buseta y dispararon contra el conductor de un veh\u00edculo colectivo\u201d<\/p>\n<p><strong>Archivos de Registro: <\/strong>REG_C105<\/p>\n<p>INFORMACI\u00d3N ANAL\u00cdTICA<\/p>\n<p>Contexto de la noticia: exterminio de la UP, Recrudecimiento del conflicto paramilitar, Recrudecimiento del conflicto armado, paro Empresas Varias, Crisis energ\u00e9tica de Colombia, fin del Apartheid, guerra entre Los Pepes y el Cartel de Medell\u00edn, Autogolpe de estado en Guatemala, Copa Am\u00e9rica, Muerte de H\u00e9ctor Lavoe<\/p>\n<p>Palabras clave: Grupos clandestinos, Acciones violentas, Empresas Varias, Panfletos, Acciones de propaganda, EPL, frente Pedro V\u00e1squez Rend\u00f3n, frente Sin Permiso, N\u00facleos Proletarios por la Revoluci\u00f3n, Acciones de resistencia<\/p>\n<p>Sugerencia de palabras claves:<\/p>\n<p>Observaciones:<\/p>\n<p>Fecha de diligenciamiento: 20 enero 2018<\/p>\n<h1 style=\"text-align: center;\">***<\/h1>\n<p><strong>N\u00famero de ficha<\/strong>: C-106&nbsp;&nbsp;&nbsp;&nbsp;&nbsp;&nbsp;&nbsp;&nbsp;&nbsp;&nbsp;&nbsp;&nbsp;&nbsp;&nbsp;&nbsp;&nbsp;&nbsp;&nbsp;&nbsp;&nbsp;&nbsp;&nbsp;&nbsp;&nbsp;&nbsp;&nbsp;&nbsp;&nbsp;&nbsp;&nbsp;&nbsp;&nbsp;&nbsp;&nbsp;&nbsp;&nbsp;&nbsp;&nbsp;&nbsp;&nbsp;&nbsp;&nbsp;&nbsp;&nbsp;&nbsp;&nbsp;&nbsp;&nbsp;&nbsp;&nbsp;&nbsp;&nbsp;&nbsp;<\/p>\n<p><strong>Diligenciada por: <\/strong>Paula Andrea Salamanca Hern\u00e1ndez<\/p>\n<p>INFORMACI\u00d3N BIBLIOGR\u00c1FICA<\/p>\n<p>Peri\u00f3dico: El Colombiano<\/p>\n<p>Lugar de edici\u00f3n: Medell\u00edn<\/p>\n<p>Autor personal: Omaira Arbel\u00e1ez Echeverri<\/p>\n<p>Autor corporativo:<\/p>\n<p>Fecha: 1993 junio 20<\/p>\n<p>P\u00e1gina: 6C<\/p>\n<p>Secci\u00f3n: Antioquia<\/p>\n<p><strong>Titular: <\/strong>El Alma Mater\u2026 herida de muerte<\/p>\n<p><strong>Resumen:<\/strong> mientras se tomaba una gaseosa con sus simpatizantes pol\u00edticos en una tienda ubicada en el barrio Prado de la ciudad de Medell\u00edn, fue asesinado el Vicerrector de extensi\u00f3n de la Universidad, Luis Javier Garc\u00eda Isaza, por un joven adolescente, que le dispar\u00f3 dos veces en la cien. Seguido del acto el joven escap\u00f3 sin prisa y la v\u00edctima fue trasladada de inmediato a la cl\u00ednica CES, de donde fue remitido al San Vicente de Pa\u00fal por su gravedad. \u201c[\u2026] Las historias y especulaciones circularon protegidas con pa\u00f1uelos, Chisss\u2026 Las milicias populares prometieron acabar con cinco miembros representativos del Sector Democr\u00e1tico por los despidos en las Empresas Varias [\u2026]\u201d<\/p>\n<p>La v\u00edctima fue velada en la Facultad de Salud P\u00fablica y posteriormente enterrada en Campos de Paz,&nbsp;<\/p>\n<p><strong>Im\u00e1genes: <\/strong>Adjunta archivo (IMA_C106) que describe en el pie de foto \u201cEs incre\u00edble hijo m\u00edo, que te arrebaten de mis brazos y desgarren eternamente mi coraz\u00f3n\u201d Jorge L. Zuleta L. (fot\u00f3grafo)<\/p>\n<p><strong>Archivos de Registro: <\/strong>REG_C106<\/p>\n<p>INFORMACI\u00d3N ANAL\u00cdTICA<\/p>\n<p>Contexto de la noticia: exterminio de la UP, Recrudecimiento del conflicto paramilitar, Recrudecimiento del conflicto armado, paro Empresas Varias, Crisis energ\u00e9tica de Colombia, fin del Apartheid, guerra entre Los Pepes y el Cartel de Medell\u00edn, Autogolpe de estado en Guatemala, Copa Am\u00e9rica, Muerte de H\u00e9ctor Lavoe<\/p>\n<p>Palabras clave: Asesinato selectivo, Garc\u00eda Isaza Luis Javier, Vicerrector, Acciones de resistencia<\/p>\n<p>Sugerencia de palabras claves:<\/p>\n<p>Observaciones: Garc\u00eda hab\u00eda sido decano de la facultad Nacional de Salud P\u00fablica, vicerrector acad\u00e9mico de la Universidad y director de Metrosalud. Gozaba de buena fama por ser un gran ser humano y con cualidades enormes cualidades de servicio. El gobierno departamental tambi\u00e9n lament\u00f3 su muerte.<\/p>\n<p>Fecha de diligenciamiento: 20 enero 2018<\/p>\n<h1 style=\"text-align: center;\">***<\/h1>\n<p><strong>N\u00famero de ficha<\/strong>: C-107&nbsp;&nbsp;&nbsp;&nbsp;&nbsp;&nbsp;&nbsp;&nbsp;&nbsp;&nbsp;&nbsp;&nbsp;&nbsp;&nbsp;&nbsp;&nbsp;&nbsp;&nbsp;&nbsp;&nbsp;&nbsp;&nbsp;&nbsp;&nbsp;&nbsp;&nbsp;&nbsp;&nbsp;&nbsp;&nbsp;&nbsp;&nbsp;&nbsp;&nbsp;&nbsp;&nbsp;&nbsp;&nbsp;&nbsp;&nbsp;&nbsp;&nbsp;&nbsp;&nbsp;&nbsp;&nbsp;&nbsp;&nbsp;&nbsp;&nbsp;&nbsp;&nbsp;&nbsp;<\/p>\n<p><strong>Diligenciada por: <\/strong>Paula Andrea Salamanca Hern\u00e1ndez<\/p>\n<p>INFORMACI\u00d3N BIBLIOGR\u00c1FICA<\/p>\n<p>Peri\u00f3dico: El Colombiano<\/p>\n<p>Lugar de edici\u00f3n: Medell\u00edn<\/p>\n<p>Autor personal:<\/p>\n<p>Autor corporativo:<\/p>\n<p>Fecha: 1993 junio 21<\/p>\n<p>P\u00e1gina: 13A<\/p>\n<p>Secci\u00f3n: Antioquia<\/p>\n<p><strong>Titular: <\/strong>Universitarios dir\u00e1n \u201cNo a la violencia\u201d<\/p>\n<p><strong>Resumen: <\/strong>el d\u00eda 22 de junio a las cuatro de la tarde, todos los estamentos de la Universidad, realizar\u00edan una gran concentraci\u00f3n en ciudad universitaria, por motivo del asesinato del vicerrector de extensi\u00f3n Luis Javier Garc\u00eda, proclamando el respeto por los derechos y la vida (jornada de duelo), la invitaci\u00f3n se extendi\u00f3 a toda la ciudadan\u00eda.&nbsp; Dentro de las otras actividades que se desarrollar\u00edan el mismo d\u00eda, estaba la suspensi\u00f3n de actividades acad\u00e9micas por un minuto a las 8:00 de la ma\u00f1ana y una liturgia a la 10:00. Se pidi\u00f3 sea investigado el caso del asesinato.<\/p>\n<p><strong>Im\u00e1genes: <\/strong>N\/A<\/p>\n<p><strong>Archivos de Registro: <\/strong>REG_C107<\/p>\n<p>INFORMACI\u00d3N ANAL\u00cdTICA<\/p>\n<p>Contexto de la noticia: exterminio de la UP, Recrudecimiento del conflicto paramilitar, Recrudecimiento del conflicto armado, paro Empresas Varias, Crisis energ\u00e9tica de Colombia, fin del Apartheid, guerra entre Los Pepes y el Cartel de Medell\u00edn, Autogolpe de estado en Guatemala, Copa Am\u00e9rica, Muerte de H\u00e9ctor Lavoe<\/p>\n<p>Palabras clave: Respuestas institucionales, Acciones de resistencia, Garc\u00eda Isaza Luis Javier, Actos religiosos, Acto simb\u00f3lico<\/p>\n<p>Sugerencia de palabras claves:<\/p>\n<p>Observaciones:<\/p>\n<p>Fecha de diligenciamiento: 20 enero 2018<\/p>\n<h1 style=\"text-align: center;\">***<\/h1>\n<p><strong>N\u00famero de ficha<\/strong>: C-108&nbsp;&nbsp;&nbsp;&nbsp;&nbsp;&nbsp;&nbsp;&nbsp;&nbsp;&nbsp;&nbsp;&nbsp;&nbsp;&nbsp;&nbsp;&nbsp;&nbsp;&nbsp;&nbsp;&nbsp;&nbsp;&nbsp;&nbsp;&nbsp;&nbsp;&nbsp;&nbsp;&nbsp;&nbsp;&nbsp;&nbsp;&nbsp;&nbsp;&nbsp;&nbsp;&nbsp;&nbsp;&nbsp;&nbsp;&nbsp;&nbsp;&nbsp;&nbsp;&nbsp;&nbsp;&nbsp;&nbsp;&nbsp;&nbsp;&nbsp;&nbsp;&nbsp;&nbsp;<\/p>\n<p><strong>Diligenciada por: <\/strong>Paula Andrea Salamanca Hern\u00e1ndez<\/p>\n<p>INFORMACI\u00d3N BIBLIOGR\u00c1FICA<\/p>\n<p>Peri\u00f3dico: El Colombiano<\/p>\n<p>Lugar de edici\u00f3n: Medell\u00edn<\/p>\n<p>Autor personal:<\/p>\n<p>Autor corporativo:<\/p>\n<p>Fecha: 1993 julio 20<\/p>\n<p>P\u00e1gina: 6B<\/p>\n<p>Secci\u00f3n: Antioquia<\/p>\n<p><strong>Titular: <\/strong>Asesinado estudiante de Medicina<\/p>\n<p><strong>Resumen: <\/strong>un estudiante de medicina fue asesinado con disparos de rev\u00f3lver, cerca de la residencia de unos familiares, en el municipio de Cisneros, su nombre era Vivian Gonzalo Murillo Jaramillo de 26 a\u00f1os que al parecer estaba de vacaciones en el lugar. Los motivos de su asesinato no se conocieron y tampoco los autores del hecho.<\/p>\n<p><strong>Im\u00e1genes: <\/strong>N\/A<\/p>\n<p><strong>Archivos de Registro: <\/strong>REG_C108<\/p>\n<p>INFORMACI\u00d3N ANAL\u00cdTICA<\/p>\n<p>Contexto de la noticia: exterminio de la UP, Recrudecimiento del conflicto paramilitar, Recrudecimiento del conflicto armado, paro Empresas Varias, Crisis energ\u00e9tica de Colombia, fin del Apartheid, guerra entre Los Pepes y el Cartel de Medell\u00edn, Autogolpe de estado en Guatemala, Copa Am\u00e9rica,<\/p>\n<p>Palabras clave: Asesinato selectivo, Murillo Jaramillo Viv\u00edan Gonzalo<\/p>\n<p>Sugerencia de palabras claves:<\/p>\n<p>Observaciones:<\/p>\n<p>Fecha de diligenciamiento: 22 enero 2018<\/p>\n<h1 style=\"text-align: center;\">***<\/h1>\n<p><strong>N\u00famero de ficha<\/strong>: C-109&nbsp;&nbsp;&nbsp;&nbsp;&nbsp;&nbsp;&nbsp;&nbsp;&nbsp;&nbsp;&nbsp;&nbsp;&nbsp;&nbsp;&nbsp;&nbsp;&nbsp;&nbsp;&nbsp;&nbsp;&nbsp;&nbsp;&nbsp;&nbsp;&nbsp;&nbsp;&nbsp;&nbsp;&nbsp;&nbsp;&nbsp;&nbsp;&nbsp;&nbsp;&nbsp;&nbsp;&nbsp;&nbsp;&nbsp;&nbsp;&nbsp;&nbsp;&nbsp;&nbsp;&nbsp;&nbsp;&nbsp;&nbsp;&nbsp;&nbsp;&nbsp;&nbsp;&nbsp;<\/p>\n<p><strong>Diligenciada por: <\/strong>Paula Andrea Salamanca Hern\u00e1ndez<\/p>\n<p>INFORMACI\u00d3N BIBLIOGR\u00c1FICA<\/p>\n<p>Peri\u00f3dico: El Colombiano<\/p>\n<p>Lugar de edici\u00f3n: Medell\u00edn<\/p>\n<p>Autor personal:<\/p>\n<p>Autor corporativo:<\/p>\n<p>Fecha: 1993 agosto 6<\/p>\n<p>P\u00e1gina: 7D<\/p>\n<p>Secci\u00f3n: Generales<\/p>\n<p><strong>Titular: <\/strong>Leves protestas en afueras de la U. de A.<\/p>\n<p><strong>Resumen: <\/strong>quemando llantas y lanzando petardos, un grupo de encapuchados protestaron y protagonizaron disturbios en las afueras de la Universidad, por la muerte de un estudiante del Liceo Nacional Marco Fidel Su\u00e1rez, que se dio en una protesta que hab\u00edan hecho estudiantes de la misma instituci\u00f3n, en contra del servicio militar obligatorio, la semana anterior.<\/p>\n<p><strong>Im\u00e1genes: <\/strong>N\/A<\/p>\n<p><strong>Archivos de Registro: <\/strong>REG_C109a<\/p>\n<p>INFORMACI\u00d3N ANAL\u00cdTICA<\/p>\n<p>Contexto de la noticia: exterminio de la UP, Recrudecimiento del conflicto paramilitar, Recrudecimiento del conflicto armado, paro Empresas Varias, Crisis energ\u00e9tica de Colombia, fin del Apartheid, guerra entre Los Pepes y el Cartel de Medell\u00edn, Ley 70 de 1993 para comunidades negras<\/p>\n<p>Palabras clave: Acciones contestatarias, Acciones de resistencia, Liceo Nacional Marco Fidel Suarez<\/p>\n<p>Sugerencia de palabras claves:<\/p>\n<p>Observaciones: si se desea consultar la noticia completa de lo sucedido en el Liceo Marco Fidel Su\u00e1rez, se puede revisar el REG_ 109b<\/p>\n<p>Fecha de diligenciamiento: 22 enero 2018<\/p>\n<h1 style=\"text-align: center;\">***<\/h1>\n<p><strong>N\u00famero de ficha<\/strong>: C-110&nbsp;&nbsp;&nbsp;&nbsp;&nbsp;&nbsp;&nbsp;&nbsp;&nbsp;&nbsp;&nbsp;&nbsp;&nbsp;&nbsp;&nbsp;&nbsp;&nbsp;&nbsp;&nbsp;&nbsp;&nbsp;&nbsp;&nbsp;&nbsp;&nbsp;&nbsp;&nbsp;&nbsp;&nbsp;<\/p>\n<p><strong>Diligenciada por: <\/strong>Paula Andrea Salamanca Hern\u00e1ndez<\/p>\n<p>INFORMACI\u00d3N BIBLIOGR\u00c1FICA<\/p>\n<p>Peri\u00f3dico: El Colombiano<\/p>\n<p>Lugar de edici\u00f3n: Medell\u00edn<\/p>\n<p>Autor personal:<\/p>\n<p>Autor corporativo:<\/p>\n<p>Fecha: 1993 agosto 13<\/p>\n<p>P\u00e1gina: 10A<\/p>\n<p>Secci\u00f3n: Antioquia&nbsp;<\/p>\n<p><strong>Titular: <\/strong>Incinerados tres veh\u00edculos en disturbios<\/p>\n<p><strong>Resumen: <\/strong>en los alrededores de la Universidad (calle Barranquilla), un grupo de 20 encapuchados aproximadamente, protagonizaron disturbios, incineraron tres veh\u00edculos, interrumpieron el tr\u00e1fico y se enfrentaron a piedra y petardos con la fuerza p\u00fablica. \u201c[\u2026] un grupo de encapuchados se tom\u00f3 la puerta que da sobre esa v\u00eda y con rapidez y precisi\u00f3n provocaron un tranc\u00f3n, se introdujeron en dos busetas y un furg\u00f3n y, arma en mano, obligaron a descender a los conductores y pasajeros.\u201d El monto de las p\u00e9rdidas seg\u00fan se calcul\u00f3 fue de 30 millones de pesos. Mientras que se daban las protestas \u201c[\u2026] un grupo de unos 30 jovencitos -entre los 10 y 15 a\u00f1os- repart\u00edan panfletos a los estudiantes de la Universidad, que observaban los hechos.\u201d Los mensajes de los panfletos eran el rechazo al cierre del Liceo Marco Fidel Su\u00e1rez, la prestaci\u00f3n del servicio militar obligatorio y la muerte del estudiante Hamilton Chica del mismo colegio.<\/p>\n<p>Autoridades como el Rector y el Gobernador lamentaron lo sucedido, indicando este \u00faltimo que hab\u00eda grupos que quer\u00edan subvertir el orden en la Universidad e incluso en el mismo Marco Fidel.<\/p>\n<p><strong>Im\u00e1genes: <\/strong>(IMA_C110) Enfrentamientos (nombre de la foto) que describe en pie de foto \u201cuna veintena de encapuchados protagoniz\u00f3 disturbios en inmediaciones de la Universidad de Antioquia, incineraron tres automotores. Por fortuna, en los hechos no se presentaron desgracias personales\u201d Autor de foto no referenciado.<\/p>\n<p><strong>Archivos de Registro: <\/strong>REG_C110<\/p>\n<p>INFORMACI\u00d3N ANAL\u00cdTICA<\/p>\n<p>Contexto de la noticia: exterminio de la UP, Recrudecimiento del conflicto paramilitar, Recrudecimiento del conflicto armado, paro Empresas Varias, Crisis energ\u00e9tica de Colombia, fin del Apartheid, guerra entre Los Pepes y el Cartel de Medell\u00edn, Ley 70 de 1993 para comunidades negras<\/p>\n<p>Palabras clave: Acciones contestatarias, Acciones violentas, Rector Aubad L\u00f3pez Rafael, Gobernador G\u00f3mez Mart\u00ednez Juan, Panfletos, Intimidaci\u00f3n, Liceo Marco Fidel Suarez<\/p>\n<p>Sugerencia de palabras claves:<\/p>\n<p>Observaciones: si se desea consultar la noticia completa de lo sucedido en el Liceo Marco Fidel Su\u00e1rez, se puede revisar el REG_C109b<\/p>\n<p>Fecha de diligenciamiento: 22 enero 2018<\/p>\n<h1 style=\"text-align: center;\">***<\/h1>\n<p><strong>N\u00famero de ficha<\/strong>: C-111&nbsp;&nbsp;&nbsp;&nbsp;&nbsp;&nbsp;&nbsp;&nbsp;&nbsp;&nbsp;&nbsp;&nbsp;&nbsp;&nbsp;&nbsp;&nbsp;&nbsp;&nbsp;&nbsp;&nbsp;&nbsp;&nbsp;&nbsp;&nbsp;&nbsp;&nbsp;&nbsp;&nbsp;&nbsp;&nbsp;&nbsp;&nbsp;&nbsp;&nbsp;&nbsp;&nbsp;&nbsp;&nbsp;&nbsp;&nbsp;&nbsp;&nbsp;&nbsp;&nbsp;&nbsp;&nbsp;&nbsp;&nbsp;&nbsp;&nbsp;&nbsp;&nbsp;&nbsp;<\/p>\n<p><strong>Diligenciada por: <\/strong>Paula Andrea Salamanca Hern\u00e1ndez<\/p>\n<p>INFORMACI\u00d3N BIBLIOGR\u00c1FICA<\/p>\n<p>Peri\u00f3dico: El Colombiano<\/p>\n<p>Lugar de edici\u00f3n: Medell\u00edn<\/p>\n<p>Autor personal:<\/p>\n<p>Autor corporativo:<\/p>\n<p>Fecha: 1993 agosto 25<\/p>\n<p>P\u00e1gina: 3A<\/p>\n<p>Secci\u00f3n: Plana\/ Tres<\/p>\n<p><strong>Titular: <\/strong>Hallan asesinado a catedr\u00e1tico y activista de derechos humanos<\/p>\n<p><strong>Resumen: <\/strong>en el suroriente de la ciudad de Medell\u00edn fue encontrado acuchillado el cad\u00e1ver del catedr\u00e1tico, ensayista y activista Benhur Le\u00f3n Zuleta Ruiz. El cad\u00e1ver se encontraba m\u00e1s exactamente en un apartamento del sector de Poblado (carrera 29\u00aa Calle 32). La v\u00edctima ten\u00eda 41 a\u00f1os, era egresado de la Universidad del pregrado de Filosof\u00eda y Letras, un destacado defensor de derechos humanos, siendo miembro de Amnist\u00eda Internacional en Antioquia, cr\u00edtico de cine-arte y catedr\u00e1tico de la Universidad del Valle y Antioquia. No se identific\u00f3 el culpable de su muerte.<\/p>\n<p><strong>Im\u00e1genes: <\/strong>N\/A<\/p>\n<p><strong>Archivos de Registro: <\/strong>REG_C111<\/p>\n<p>INFORMACI\u00d3N ANAL\u00cdTICA<\/p>\n<p>Contexto de la noticia: exterminio de la UP, Recrudecimiento del conflicto paramilitar, Recrudecimiento del conflicto armado, paro Empresas Varias, Crisis energ\u00e9tica de Colombia, fin del Apartheid, guerra entre Los Pepes y el Cartel de Medell\u00edn, Ley 70 de 1993 para comunidades negras<\/p>\n<p>Palabras clave: Asesinato selectivo, Zuleta Ruiz Benhur Le\u00f3n<\/p>\n<p>Sugerencia de palabras claves:<\/p>\n<p>Observaciones:<\/p>\n<p>Fecha de diligenciamiento: 25 enero 2018<\/p>\n<h1 style=\"text-align: center;\">***<\/h1>\n<p><strong>N\u00famero de ficha<\/strong>: C-112&nbsp;&nbsp;&nbsp;&nbsp;&nbsp;&nbsp;&nbsp;&nbsp;&nbsp;&nbsp;&nbsp;&nbsp;&nbsp;&nbsp;&nbsp;&nbsp;&nbsp;&nbsp;&nbsp;&nbsp;&nbsp;&nbsp;&nbsp;&nbsp;&nbsp;&nbsp;&nbsp;&nbsp;&nbsp;&nbsp;&nbsp;&nbsp;&nbsp;&nbsp;&nbsp;&nbsp;&nbsp;&nbsp;&nbsp;&nbsp;&nbsp;&nbsp;&nbsp;&nbsp;&nbsp;&nbsp;&nbsp;&nbsp;&nbsp;&nbsp;&nbsp;&nbsp;&nbsp;<\/p>\n<p><strong>Diligenciada por: <\/strong>Paula Andrea Salamanca Hern\u00e1ndez<\/p>\n<p>INFORMACI\u00d3N BIBLIOGR\u00c1FICA<\/p>\n<p>Peri\u00f3dico: El Colombiano<\/p>\n<p>Lugar de edici\u00f3n: Medell\u00edn<\/p>\n<p>Autor personal:<\/p>\n<p>Autor corporativo:<\/p>\n<p>Fecha: 1993 septiembre 18<\/p>\n<p>P\u00e1gina: 8A<\/p>\n<p>Secci\u00f3n: Antioquia<\/p>\n<p><strong>Titular: <\/strong>Queman cuatro veh\u00edculos<\/p>\n<p><strong>Resumen: <\/strong>\u201c[\u2026] en Medell\u00edn varios hombres encapuchados, portando subametralladoras y pistolas, interceptaron una buseta de la empresa Bellanita de Transportes del Municipio de Bello. Luego de bajar a los pasajeros llevaron el veh\u00edculo a la Universidad donde lo incineraron\u201d. [\u2026] \u201cMinutos despu\u00e9s trataron de repetir la misma operaci\u00f3n con otra buseta de la empresa Transportes Oriente. Aunque el automotor fue introducido a la Universidad, un nutrido grupo de estudiantes y profesores enfrent\u00f3 a los encapuchados. Sin dejarse intimidar por las armas que portaban, impidieron que el veh\u00edculo fuera destruido\u2026\u201d<\/p>\n<p>Las directivas de la Universidad elogiaron la actitud que asumieron los estudiantes y profesores, que hicieron respetar los predios de la Universidad y \u201cla estabilidad acad\u00e9mica\u201d.<\/p>\n<p><strong>Im\u00e1genes: <\/strong>(IMA_C112) Incinerada (nombre de la foto) que describe en pie de foto \u201cEsta buseta de la empresa Bellanita de Transportes fue incinerada ayer frente a la Universidad de Antioquia.\u201d Luis Guillermo Giraldo, fot\u00f3grafo<\/p>\n<p><strong>Archivos de Registro: <\/strong>REG_C112<\/p>\n<p>INFORMACI\u00d3N ANAL\u00cdTICA<\/p>\n<p>Contexto de la noticia: exterminio de la UP, Recrudecimiento del conflicto paramilitar, Recrudecimiento del conflicto armado, paro Empresas Varias, Crisis energ\u00e9tica de Colombia, fin del Apartheid, guerra entre Los Pepes y el Cartel de Medell\u00edn, Ley 70 de 1993 para comunidades negras, Colombia gana 5-0 a Argentina, firma de Acuerdos de Oslo, Tragedia de las Tejer\u00edas (Venezuela), Terremoto en Majarastra India, Muerte de esposa de Mariano Ospina P\u00e9rez<\/p>\n<p>Palabras clave: Acciones violentas, Da\u00f1o a bienes civiles, Grupos clandestinos<\/p>\n<p>Sugerencia de palabras claves: Guerrillas<\/p>\n<p>Observaciones: despu\u00e9s de lo sucedido, ocurrieron algunos enfrentamientos con otro grupo de encapuchados y un pelot\u00f3n de la polic\u00eda antimotines, pero todo retorno a la calma r\u00e1pidamente. El mismo d\u00eda tambi\u00e9n hubo otros incidentes en el oriente antioque\u00f1o, a lo que la prensa registro como \u201crecrudecimiento de la violencia guerrillera\u201d.<\/p>\n<p>Fecha de diligenciamiento: 25 enero 2018<\/p>\n<h1 style=\"text-align: center;\">***<\/h1>\n<p><strong>N\u00famero de ficha<\/strong>: C-113&nbsp;&nbsp;&nbsp;&nbsp;&nbsp;&nbsp;&nbsp;&nbsp;&nbsp;&nbsp;&nbsp;&nbsp;&nbsp;&nbsp;&nbsp;&nbsp;&nbsp;&nbsp;&nbsp;&nbsp;&nbsp;&nbsp;&nbsp;&nbsp;&nbsp;&nbsp;&nbsp;&nbsp;&nbsp;&nbsp;&nbsp;&nbsp;&nbsp;&nbsp;&nbsp;&nbsp;&nbsp;&nbsp;&nbsp;&nbsp;&nbsp;&nbsp;&nbsp;&nbsp;&nbsp;&nbsp;&nbsp;&nbsp;&nbsp;&nbsp;&nbsp;&nbsp;&nbsp;<\/p>\n<p><strong>Diligenciada por: <\/strong>Paula Andrea Salamanca Hern\u00e1ndez<\/p>\n<p>INFORMACI\u00d3N BIBLIOGR\u00c1FICA<\/p>\n<p>Peri\u00f3dico: El Colombiano<\/p>\n<p>Lugar de edici\u00f3n: Medell\u00edn<\/p>\n<p>Autor personal:<\/p>\n<p>Autor corporativo:<\/p>\n<p>Fecha: 1993 septiembre 28<\/p>\n<p>P\u00e1gina: 2A<\/p>\n<p>Secci\u00f3n: Hoy\/ Martes<\/p>\n<p><strong>Titular: <\/strong>Rector de la U. de A. pide medidas para el Alma Mater<\/p>\n<p><strong>Resumen: <\/strong>a trav\u00e9s de una carta el Rector de la Universidad, le dijo al Gobernador de Antioquia que tome las medidas que considere \u201cprudentes para restablecer el orden\u2026\u201d en la Universidad; ya que se ha hab\u00eda visto afectada por las acciones de \u201cgrupos minoritarios\u201d. En la carta se enumeran varias situaciones que ven\u00edan afectando a la Universidad, tales como anormalidades en los procesos asamblearios estudiantiles, el asalto a la farmacia de la Universidad y a quienes se encontraban en la misma, el robo de equipos de los laboratorios del Departamento de Qu\u00edmica y la presencia de grupos de encapuchados que saboteaban clases sacando a profesores y alumnos de las aulas. Por otro lado, la Universidad solicit\u00f3 investigar a la Fiscal\u00eda, los robos a cafeter\u00edas que llevaban m\u00e1s de un a\u00f1o, un asalto en la Feria del Libro y unas 20 acciones delictivas en contra de los restaurantes estudiantiles de la Ciudadela Universitaria.<\/p>\n<p><strong>Im\u00e1genes: <\/strong>N\/A<\/p>\n<p><strong>Archivos de Registro: <\/strong>REG_C113<\/p>\n<p>INFORMACI\u00d3N ANAL\u00cdTICA<\/p>\n<p>Contexto de la noticia: exterminio de la UP, Recrudecimiento del conflicto paramilitar, Recrudecimiento del conflicto armado, guerra entre Los Pepes y el Cartel de Medell\u00edn, Ley 70 de 1993 para comunidades negras, Colombia gana 5-0 a Argentina, firma de Acuerdos de Oslo, Tragedia de las Tejer\u00edas (Venezuela), Terremoto en Majarastra India, Muerte de esposa de Mariano Ospina P\u00e9rez<\/p>\n<p>Palabras clave: Respuestas institucionales, Rector Aubad L\u00f3pez Rafael, Gobernador G\u00f3mez Mart\u00ednez Juan, Acciones legales<\/p>\n<p>Sugerencia de palabras claves:<\/p>\n<p>Observaciones:<\/p>\n<p>Fecha de diligenciamiento: 25 enero 2018<\/p>\n<h1 style=\"text-align: center;\">***<\/h1>\n<p><strong>N\u00famero de ficha<\/strong>: C-114&nbsp;&nbsp;&nbsp;&nbsp;&nbsp;&nbsp;&nbsp;&nbsp;&nbsp;&nbsp;&nbsp;&nbsp;&nbsp;&nbsp;&nbsp;&nbsp;&nbsp;&nbsp;&nbsp;&nbsp;&nbsp;&nbsp;&nbsp;&nbsp;&nbsp;&nbsp;&nbsp;&nbsp;&nbsp;&nbsp;&nbsp;&nbsp;&nbsp;&nbsp;&nbsp;&nbsp;&nbsp;&nbsp;&nbsp;&nbsp;&nbsp;&nbsp;&nbsp;&nbsp;&nbsp;&nbsp;&nbsp;&nbsp;&nbsp;&nbsp;&nbsp;&nbsp;&nbsp;<\/p>\n<p><strong>Diligenciada por: Paula Andrea Salamanca Hern\u00e1ndez<\/strong><\/p>\n<p>INFORMACI\u00d3N BIBLIOGR\u00c1FICA<\/p>\n<p>Peri\u00f3dico: El Colombiano<\/p>\n<p>Lugar de edici\u00f3n: Medell\u00edn<\/p>\n<p>Autor personal:<\/p>\n<p>Autor corporativo:<\/p>\n<p>Fecha: 1993 septiembre 29<\/p>\n<p>P\u00e1gina: 1C<\/p>\n<p>Secci\u00f3n: Antioquia<\/p>\n<p><strong>Titular: <\/strong>Sigue tensi\u00f3n en la U. de A<\/p>\n<p><strong>Resumen: <\/strong>frente los problemas de robos que ven\u00eda presentando la Universidad y la presencia de encapuchados en la misma, el Gobernador dio algunas declaraciones de apoyo al Rector y a la comunidad universitaria en general (en el contexto de la terminaci\u00f3n de Expouniversidad). \u201cVamos a tener que proceder, ojal\u00e1 los verdaderos estudiantes entiendan lo que se va a hacer y nos apoyen. Pero haremos cualquier esfuerzo por mantener la universidad funcionando bien, es decir, que se pueda estudiar all\u00ed.\u201d [\u2026] cuando le preguntaron s\u00ed ser\u00eda necesario que la fuerza p\u00fablica interviniera, respondi\u00f3 \u201cella puede estar en cualquier lugar del territorio colombiano y no s\u00e9 por qu\u00e9 eso est\u00e1 prohibido, seg\u00fan algunos subversivos que est\u00e1n dentro de las universidades. Si hay que aplicar medidas de esa clase pues habr\u00e1 que hacerlo ya que no hay territorio vedado en Colombia para la fuerza p\u00fablica y la universidad tampoco es un territorio independiente.\u201d<\/p>\n<p>En el mismo contexto los profesores de la Facultad de Medicina veterinaria y Zootecnia emitieron un comunicado para repudiar lo ocurrido el martes 21 de septiembre en su sede:<\/p>\n<p>\u201cEse d\u00eda un grupo de encapuchados que se dedicaba a pintar consignas en los muros de la ciudadela de Robledo fue repelido por estudiantes de la facultad quienes, a su vez sufrieron al ataque de los otros mediante la utilizaci\u00f3n de explosivos \u201c.<\/p>\n<ol>\n<li>Condenar en\u00e9rgicamente la actitud irrespetuosa, agresiva y violadora de los derechos de la comunidad universitaria, de disponer de una sede limpia<\/li>\n<li>Denunciar la actitud irrespetuosa de los dirigentes de la asamblea estudiantil de la Facultad de Medicina Veterinaria y Zootecnia, quienes en un comunicado emitido el 21 de septiembre se solidarizan con los encapuchados<\/li>\n<li>Convocar a todos los estamentos de las dos unidades acad\u00e9micas reunidas en la Ciudadela Robledo, la Facultad de Medicina Veterinaria y la Escuela de Nutrici\u00f3n y Diet\u00e9tica, a formar un frente com\u00fan por la defensa de nuestra sede, evitando n lo posible los choques personales que puedan conducir a represalias de magnitudes incalculables, dadas las t\u00e1cticas terroristas utilizadas por los agresores.\u201d<\/li>\n<\/ol>\n<p><strong>Im\u00e1genes: <\/strong>N\/A<\/p>\n<p><strong>Archivos de Registro: <\/strong>REG_C114<\/p>\n<p>INFORMACI\u00d3N ANAL\u00cdTICA<\/p>\n<p>Contexto de la noticia: exterminio de la UP, Recrudecimiento del conflicto paramilitar, Recrudecimiento del conflicto armado, guerra entre Los Pepes y el Cartel de Medell\u00edn, Ley 70 de 1993 para comunidades negras, Colombia gana 5-0 a Argentina, firma de Acuerdos de Oslo, Tragedia de las Tejer\u00edas (Venezuela), Terremoto en Majarastra India, Muerte de esposa de Mariano Ospina P\u00e9rez<\/p>\n<p>Palabras clave: Respuestas institucionales, Gobernador G\u00f3mez Mart\u00ednez Juan, Acciones legales, Rector Aubad L\u00f3pez Rafael, Expouniversidad, Grupos clandestinos, Comunicados<\/p>\n<p>Sugerencia de palabras claves:<\/p>\n<p>Observaciones: en el mismo registro, el rector emiti\u00f3 otro comunicado, sin embargo, es reiterativo con el mensaje de crear unidad en la Universidad para su defensa y el recuento de lo sucedido en d\u00edas anteriores. Por lo que se considera redundante e innecesario de transcribir<\/p>\n<p>Fecha de diligenciamiento: 29 enero 2018<\/p>\n<h1 style=\"text-align: center;\">***<\/h1>\n<p><strong>N\u00famero de ficha<\/strong>: C-115&nbsp;&nbsp;&nbsp;&nbsp;&nbsp;&nbsp;&nbsp;&nbsp;&nbsp;&nbsp;&nbsp;&nbsp;&nbsp;&nbsp;&nbsp;&nbsp;&nbsp;&nbsp;&nbsp;&nbsp;&nbsp;&nbsp;&nbsp;&nbsp;&nbsp;&nbsp;&nbsp;&nbsp;&nbsp;&nbsp;&nbsp;&nbsp;&nbsp;&nbsp;&nbsp;&nbsp;&nbsp;&nbsp;&nbsp;&nbsp;&nbsp;&nbsp;&nbsp;&nbsp;&nbsp;&nbsp;&nbsp;&nbsp;&nbsp;&nbsp;&nbsp;&nbsp;&nbsp;<\/p>\n<p><strong>Diligenciada por: <\/strong>Paula Andrea Salamanca Hern\u00e1ndez<\/p>\n<p>INFORMACI\u00d3N BIBLIOGR\u00c1FICA<\/p>\n<p>Peri\u00f3dico: El Colombiano<\/p>\n<p>Lugar de edici\u00f3n: Medell\u00edn<\/p>\n<p>Autor personal:<\/p>\n<p>Autor corporativo:<\/p>\n<p>Fecha: 1993 septiembre 30<\/p>\n<p>P\u00e1gina: 4C<\/p>\n<p>Secci\u00f3n: Antioquia<\/p>\n<p><strong>Titular: <\/strong>Asamble\u00edstas rechazan vinculaci\u00f3n con encapuchados<\/p>\n<p><strong>Resumen: <\/strong>el d\u00eda anterior en el Teatro Camilo Torres, se dio una asamblea general, como consecuencia del an\u00e1lisis de los \u00faltimos pronunciamientos del Rector. Sin embargo, no fue solo eso lo que convoc\u00f3 en repetidas ocasiones a la realizaci\u00f3n de la asamblea, sino la Ley 30 o Estatuto de la Educaci\u00f3n Superior, [\u2026] \u201clos estudiantes consideramos que debemos participar, al menos en lo concerniente al Estatuto estudiantil y, por eso, es necesario analizar algunos puntos como la reducci\u00f3n de cancelaciones o la asistencia a clases.\u201d Uno de los l\u00edderes de la Asamblea, se manifest\u00f3 en entrevista con El Colombiano, frente a las declaraciones del Rector [\u2026] \u201clos asamble\u00edstas vimos con gran preocupaci\u00f3n estos comunicados pues nos quieren vincular con actos que est\u00e1n ocurriendo dentro de la Universidad. Eso preocupa porque nosotros estamos ejerciendo el derecho constitucional de afiliarnos para discutir reflexionar y plantear soluciones al problema de la instituci\u00f3n.\u201d Algunas de los temas de la entrevista y sus respectivas respuestas fueron las siguientes;<\/p>\n<ol>\n<li>En las asambleas participa una minor\u00eda que decide por toda la comunidad estudiantil: \u201cfrente a las minor\u00edas hay que explicar algo y es un fen\u00f3meno que vive la universidad. Sabemos que la composici\u00f3n estudiantil en este momento es diferente a la de a\u00f1os anteriores, los estudiantes de hoy ni siquiera pueden resolver sus problemas personales y a ellos nos los podemos obligar a que se comprometan con la soluci\u00f3n de los problemas que ata\u00f1en a la universidad y a la sociedad [\u2026] en las aulas de clase no se esa posibilidad, vemos en los profesores un incremento en la informaci\u00f3n, no en la formaci\u00f3n cr\u00edtica. [\u2026] muchos estudiantes no participan en las asambleas porque los profesores los coaccionan\u201d<\/li>\n<li>Mecanismo para el di\u00e1logo: \u201chemos recurrido al di\u00e1logo directo con los profesores, para pedirle que no dictan clase, [\u2026] algunos docentes son flexibles, pero cuando son demasiado r\u00edgidos la asamblea ha adoptado por el mecanismo de censura [\u2026].\u201d<\/li>\n<li>Encapuchados: \u201cla Universidad es el reflejo de la ciudad. Por eso a medida que se descompone la sociedad se descomponen las instituciones y la instituci\u00f3n no est\u00e1 ajena a eso, incluso por la misma heterogeneidad de personas que en ella hay. Sin embargo, no somos responsables de eso, sino que es el mismo Estado [\u2026]\u201d<\/li>\n<li>Di\u00e1logo con el Rector: \u201cnosotros hemos agotado ese mecanismo, aunque creemos que no ha muerto del todo. El semestre pasado conformamos una comisi\u00f3n para hablar con las directivas y la experiencia nos demostr\u00f3 que el mismo rector no se hizo presente. Luego cuando llego a conversar con los estudiantes, simplemente asumi\u00f3 la actitud de \u201cyo mando y ustedes obedecen\u201d.<\/li>\n<\/ol>\n<p><strong>Im\u00e1genes: <\/strong>(IMA_C115a) Citaci\u00f3n (nombre de la foto) que describe en pie de foto \u201cDos d\u00edas lleva debatiendo la situaci\u00f3n actual de la Universidad de Antioquia, la Asamblea General de Estudiantes. As\u00ed mismo, se convoc\u00f3 a reuniones por facultad, para continuar el an\u00e1lisis de los \u00faltimos problemas registrados en el Alma Mater y las reacciones que ellos han generado.\u201d<\/p>\n<p>(IMA_C115b) Tr\u00e1fico restringido (nombre de la foto) que describe en pie de foto \u201cDe manera preventiva, las autoridades mantienen cerradas, desde el martes anterior, las v\u00edas aleda\u00f1as a la universidad. Hasta el momento no se han presentado des\u00f3rdenes.\u201d<\/p>\n<p><strong>Archivos de Registro: <\/strong>REG_C115<\/p>\n<p>INFORMACI\u00d3N ANAL\u00cdTICA<\/p>\n<p>Contexto de la noticia: exterminio de la UP, Recrudecimiento del conflicto paramilitar, Recrudecimiento del conflicto armado, guerra entre Los Pepes y el Cartel de Medell\u00edn, Ley 70 de 1993 para comunidades negras, Colombia gana 5-0 a Argentina, firma de Acuerdos de Oslo, Tragedia de las Tejer\u00edas (Venezuela), Terremoto en Majarastra India, Muerte de esposa de Mariano Ospina P\u00e9rez<\/p>\n<p>Palabras clave: Respuestas institucionales, Acciones de resistencia, Asamblea de estudiantes, Comunicados, Estudiantes<\/p>\n<p>Sugerencia de palabras claves:<\/p>\n<p>Observaciones: expuesto en el mismo registro hay un comunicado del Senado de la Rep\u00fablica, donde se apoya a la Universidad de Antioquia dadas las condiciones del \u201cdeterioro de la convivencia en la instituci\u00f3n\u201d y reconoce la preocupaci\u00f3n del Rector. Firman (Bernardo Guti\u00e9rrez, An\u00edbal Palacio, Am\u00edlkar Acosta, \u00c1lvaro Uribe V\u00e9lez, Regina 11, entre otros.)<\/p>\n<p>Fecha de diligenciamiento: 29 enero 2018<\/p>\n<h1 style=\"text-align: center;\">***<\/h1>\n<p><strong>N\u00famero de ficha<\/strong>: C-116&nbsp;&nbsp;&nbsp;&nbsp;&nbsp;&nbsp;&nbsp;&nbsp;&nbsp;&nbsp;&nbsp;&nbsp;&nbsp;&nbsp;&nbsp;&nbsp;&nbsp;&nbsp;&nbsp;&nbsp;&nbsp;&nbsp;&nbsp;&nbsp;&nbsp;&nbsp;&nbsp;&nbsp;&nbsp;&nbsp;&nbsp;&nbsp;&nbsp;&nbsp;&nbsp;&nbsp;&nbsp;&nbsp;&nbsp;&nbsp;&nbsp;&nbsp;&nbsp;&nbsp;&nbsp;&nbsp;&nbsp;&nbsp;&nbsp;&nbsp;&nbsp;&nbsp;&nbsp;<\/p>\n<p><strong>Diligenciada por:<\/strong> Paula Andrea Salamanca Hern\u00e1ndez<\/p>\n<p>INFORMACI\u00d3N BIBLIOGR\u00c1FICA<\/p>\n<p>Peri\u00f3dico: El Colombiano<\/p>\n<p>Lugar de edici\u00f3n: Medell\u00edn<\/p>\n<p>Autor personal: Gobernador G\u00f3mez Mart\u00ednez Juan<\/p>\n<p>Autor corporativo:<\/p>\n<p>Fecha: 1993 octubre 1<\/p>\n<p>P\u00e1gina: 2A<\/p>\n<p>Secci\u00f3n: Hoy\/ viernes&nbsp;<\/p>\n<p><strong>Titular: <\/strong>Gobernador reitera respaldo a rector de la U. de A.<\/p>\n<p><strong>Resumen: <\/strong>\u201cApreciado Rector, despu\u00e9s del \u00e9xito que tuvo Expouniversidad: Agua, Cultura y Vida, que llev\u00f3 al Alma Mater a consolidar su prestigio en nuestro Departamento y en el pa\u00eds, he emprendido usted la dif\u00edcil tarea de asegurar la recuperaci\u00f3n interna de la Instituci\u00f3n. Eso me confirma su esp\u00edritu universitario y su amor por la Universidad. Usted en lugar de disfrutar del reconocimiento ha asumido con dignidad estas responsabilidades. en su misiva me pide que tome cartas en el asunto y bien entiendo yo el contexto democr\u00e1tico en el que usted me plantea ese compromiso. Como gobernador del Departamento y muy especialmente como presidente del Consejo Superior Universitario, no puedo no quiero desentenderme de la suerte del Alma Mater. All\u00ed se ha gestado buena parte del progreso de nuestra regi\u00f3n. S\u00e9 que usted aspira a comprometer a todos los antioque\u00f1os en el desarrollo del Alma Mater. Tambi\u00e9n como me lo ha manifestado, anhela que sea la propia Universidad la que de manera responsable y aut\u00f3noma salga adelante.<\/p>\n<p>Comparto con usted la idea de que el Alma Mater debe ser pluralista, que debe ser un centro de discusi\u00f3n en el cual se examinen, con absoluta libertad los problemas del pa\u00eds y de la propia instituci\u00f3n. Se deben respetar en el claustro los derechos de reuni\u00f3n y asociaci\u00f3n, pero salvaguardando los derechos fundamentales a ense\u00f1ar y a estudiar, que son la esencia misma de la Instituci\u00f3n. Nadie debe perturbar o impedir tales derechos; es inaceptable que para debatir y analizar los problemas de la Universidad y de la sociedad se requiera suspender o alterar las tareas acad\u00e9micas de la instituci\u00f3n. En consecuencia, en la Universidad no puede haber encapuchado ni ning\u00fan tipo de intimidaci\u00f3n.<\/p>\n<p>Es preocupante tambi\u00e9n, que minor\u00edas impongan decisiones que no consultan las aspiraciones ni los intereses generales de la comunidad. Me parece conveniente y necesario que los estamentos discutan libremente y, mediante la formulaci\u00f3n de propuestas razonables, busquen, sin imposiciones, aportar las decisiones de la Universidad. Son motivo de preocupaci\u00f3n para mi gobierno, los brotes y manifestaciones de delincuencia com\u00fan, en los que individuos amparados en una supuesta extraterritorialidad cometen desmanes en los predios universitarios. Puede estar seguro usted que mi gobierno pondr\u00e1 todo su empe\u00f1o empleando los medios legales para combatirlos. La acci\u00f3n de la fiscal\u00eda en este terreno es fundamental. no tengo desde luego que mencionarle a usted la obligaci\u00f3n legal que tiene la Universidad de poner las respectivas denuncias cuando se trata de acciones delictivas.<\/p>\n<p>Conf\u00edo en que la propia comunidad mediante el di\u00e1logo, la raz\u00f3n y el debate encontrar\u00e1 los caminos m\u00e1s adecuados para superar sus problemas. La posici\u00f3n firme y decidida de estudiantes y profesores en defensa de la normalidad y del funcionamiento de la Instituci\u00f3n ser\u00e1n la mejor garant\u00eda para ejercer ese derecho a ense\u00f1ar y a estudiar, que he mencionado antes. Que sea la fuerza de la raz\u00f3n la que lleve a encontrar las reglas democr\u00e1ticas que permitan conciliar ese sentido cr\u00edtico, que es de la naturaleza de la instituci\u00f3n, con una Universidad pujante y din\u00e1mica en el aspecto acad\u00e9mico. Reciba, finalmente, mi apoyo por la meritoria labor que usted hace para sacar adelante la Universidad.\u201d<\/p>\n<p><strong>Im\u00e1genes: <\/strong>N\/A<\/p>\n<p><strong>Archivos de Registro: <\/strong>REG_C116<\/p>\n<p>INFORMACI\u00d3N ANAL\u00cdTICA<\/p>\n<p>Contexto de la noticia: exterminio de la UP, Recrudecimiento del conflicto paramilitar, Recrudecimiento del conflicto armado, guerra entre Los Pepes y el Cartel de Medell\u00edn, Ley 70 de 1993 para comunidades negras, Colombia gana 5-0 a Argentina, firma de Acuerdos de Oslo, Tragedia de las Tejer\u00edas (Venezuela), Batalla de Mogadiscio, elecciones legislativas Argentina, Crisis Constitucional de Rusia, Polic\u00eda abate a alias El Angelito (Cartel de Medell\u00edn, Carro bomba en Per\u00fa, Elecciones en Canad\u00e1<\/p>\n<p>Palabras clave: Gobernador G\u00f3mez Mart\u00ednez Juan 1992-1994, Comunicado,<\/p>\n<p>Sugerencia de palabras claves:<\/p>\n<p>Observaciones:<\/p>\n<p>Fecha de diligenciamiento: 5 febrero 2018<\/p>\n<h1 style=\"text-align: center;\">***<\/h1>\n<p><strong>N\u00famero de ficha<\/strong>: C-118&nbsp;&nbsp;&nbsp;&nbsp;&nbsp;&nbsp;&nbsp;&nbsp;&nbsp;&nbsp;&nbsp;&nbsp;&nbsp;&nbsp;&nbsp;&nbsp;&nbsp;&nbsp;&nbsp;&nbsp;&nbsp;&nbsp;&nbsp;&nbsp;&nbsp;&nbsp;&nbsp;&nbsp;&nbsp;&nbsp;&nbsp;&nbsp;&nbsp;&nbsp;&nbsp;&nbsp;&nbsp;&nbsp;&nbsp;&nbsp;&nbsp;&nbsp;&nbsp;&nbsp;&nbsp;&nbsp;&nbsp;&nbsp;&nbsp;&nbsp;&nbsp;&nbsp;&nbsp;<\/p>\n<p><strong>Diligenciada por: <\/strong>Paula Andrea Salamanca Hern\u00e1ndez<\/p>\n<p>INFORMACI\u00d3N BIBLIOGR\u00c1FICA<\/p>\n<p>Peri\u00f3dico: El Colombiano<\/p>\n<p>Lugar de edici\u00f3n: Medell\u00edn<\/p>\n<p>Autor personal:<\/p>\n<p>Autor corporativo:<\/p>\n<p>Fecha: 1993 octubre 3<\/p>\n<p>P\u00e1gina: 8A<\/p>\n<p>Secci\u00f3n: Antioquia&nbsp;&nbsp;<\/p>\n<p><strong>Titular: <\/strong>La U. de A. real, fue la de Expouniversidad&nbsp;<\/p>\n<p><strong>Resumen: <\/strong>as\u00ed lo afirm\u00f3 el rector de la Universidad, dado que, en los \u00faltimos d\u00edas, primero fue Expouniversidad, un evento con gran acogida y en el que la Universidad pudo mostrar parte de su potencial cient\u00edfico y cultural y por otro lado el llamado a las autoridades que se hizo a causa de la presencia de extra\u00f1os en la Universidad que alteraban la tranquilidad y la seguridad.<strong>&nbsp; <\/strong>A continuaci\u00f3n, las declaraciones del rector<\/p>\n<p>\u201c[\u2026] personas que todos conocen, desde los dirigentes estudiantiles hasta el profesorado, y que dicen ser ajenas a la universidad, nos perturban con frecuencias. La actividad de debate, la acad\u00e9mica, investigativa y deportiva se ve en problemas porque aparecen circunstancias que no son de la esencia de la universidad y que todos queremos combatir. Por mencionar aparece gente encapuchada que saca a profesores de la clase porque, dicen algunas veces no debe hacer clase; as\u00ed mismo ocurren asaltos a personas y cafeter\u00edas o la quema de buses. La gente nos ha venido reclamando que esa \u00faltima no puede ser la universidad. Lo que yo he dicho es que si nos quiere atacar y hay un poder civil, que es la Fiscal\u00eda por qu\u00e9 no le pedimos a que nos ayude para que esas perturbaciones no se presenten.<\/p>\n<p><strong>Im\u00e1genes: <\/strong>N\/A<\/p>\n<p><strong>Archivos de Registro: <\/strong>REG_C118<\/p>\n<p>INFORMACI\u00d3N ANAL\u00cdTICA<\/p>\n<p>Contexto de la noticia: exterminio de la UP, Recrudecimiento del conflicto paramilitar, Recrudecimiento del conflicto armado, guerra entre Los Pepes y el Cartel de Medell\u00edn, Ley 70 de 1993 para comunidades negras, Colombia gana 5-0 a Argentina, firma de Acuerdos de Oslo, Tragedia de las Tejer\u00edas<\/p>\n<p>(Venezuela), Batalla de Mogadiscio, elecciones legislativas Argentina, Crisis Constitucional de Rusia, Polic\u00eda abate a alias El Angelito (Cartel de Medell\u00edn, Carro bomba en Per\u00fa, Elecciones en Canad\u00e1<\/p>\n<p>Palabras clave: Respuestas institucionales, acciones de resistencia, Rector Rafael Aubad L\u00f3pez, Huelga de hambre<\/p>\n<p>Sugerencia de palabras claves:<\/p>\n<p>Observaciones:<\/p>\n<p>Fecha de diligenciamiento: 18 febrero 2018<\/p>\n<h1 style=\"text-align: center;\">***<\/h1>\n<p><strong>N\u00famero de ficha<\/strong>: C-119&nbsp;&nbsp;&nbsp;&nbsp;&nbsp;&nbsp;&nbsp;&nbsp;&nbsp;&nbsp;&nbsp;&nbsp;&nbsp;&nbsp;&nbsp;&nbsp;&nbsp;&nbsp;&nbsp;&nbsp;&nbsp;&nbsp;&nbsp;&nbsp;&nbsp;&nbsp;&nbsp;&nbsp;&nbsp;&nbsp;&nbsp;&nbsp;&nbsp;&nbsp;&nbsp;&nbsp;&nbsp;&nbsp;&nbsp;&nbsp;&nbsp;&nbsp;&nbsp;&nbsp;&nbsp;&nbsp;&nbsp;&nbsp;&nbsp;&nbsp;&nbsp;&nbsp;&nbsp;<\/p>\n<p><strong>Diligenciada por:<\/strong> Paula Andrea Salamanca Hern\u00e1ndez<\/p>\n<p>INFORMACI\u00d3N BIBLIOGR\u00c1FICA<\/p>\n<p>Peri\u00f3dico: El Colombiano<\/p>\n<p>Lugar de edici\u00f3n: Medell\u00edn<\/p>\n<p>Autor personal:<\/p>\n<p>Autor corporativo:<\/p>\n<p>Fecha: 1993 octubre 5<\/p>\n<p>P\u00e1gina: 2C<\/p>\n<p>Secci\u00f3n: Antioquia&nbsp;&nbsp;<\/p>\n<p><strong>Titular: <\/strong>Sigue el tira y afloje en la U. de Antioquia<\/p>\n<p><strong>Resumen: <\/strong>\u201c[\u2026] en horas del mediod\u00eda un grupo de ocho j\u00f3venes que cubr\u00edan su rostro con camisas y pa\u00f1uelos y que dijeron ser estudiantes se encadenaron en las puertas del bloque administrativo y se declararon en huelga de hambre. Seg\u00fan las personas que adelantan las protestas consideran absurdo que se trate de se\u00f1alar a quienes participa en la Asamblea General de Estudiantes como los causantes de los problemas de la universidad cuando, a su modo de ver, los problemas son de fondo y estructurales. Entre tanto el gobernador Juan G\u00f3mez Mart\u00ednez se reuni\u00f3n [\u2026] con el equipo rectoral y los jefes de departamento decanos de facultad y dem\u00e1s personal directivo para explicar [\u2026] su posici\u00f3n frente a todo el debate [\u2026].\u201d<\/p>\n<p>Los asamble\u00edstas de la Universidad comunicaron que \u201c[\u2026] es absurdo y rid\u00edculo que se estigmatice y se trate de se\u00f1alar a los asamble\u00edstas como responsables de una crisis que tiene un origen m\u00e1s profundo. Ni siquiera los espor\u00e1dicos atracos ni los encapuchados, ni las pedreas, son pretexto para disimular y esconder el fondo del problema\u201d<\/p>\n<p>Seg\u00fan los asamble\u00edstas la coyuntura que se viv\u00eda era por malas administraciones, la falta de presupuesto, los pensum inadecuados, bajo nivel acad\u00e9mico, la falta de investigaci\u00f3n los asuntos laborales docentes etc.\u201d Inconformidades con la Ley 30 y se ped\u00eda la renuncia del rector.<\/p>\n<p><strong>Im\u00e1genes:<\/strong> (IMA_C119) Contraste (nombre de la foto) que describe en pie de foto \u201ccon gran acogida de la comunidad estudiantil, la U. de A. Inici\u00f3 su Quinta Feria del Libro. Ayer mismo ocho j\u00f3venes se encadenaron en el Bloque Administrativo del Alma Mater, para protestar por una serie de situaciones internas. Dos caras de la misma moneda.<\/p>\n<p><strong>Archivos de Registro: <\/strong>REG_C119<\/p>\n<p>INFORMACI\u00d3N ANAL\u00cdTICA<\/p>\n<p>Contexto de la noticia: exterminio de la UP, Recrudecimiento del conflicto paramilitar, Recrudecimiento del conflicto armado, guerra entre Los Pepes y el Cartel de Medell\u00edn, Ley 70 de 1993 para comunidades negras, Colombia gana 5-0 a Argentina, firma de Acuerdos de Oslo, Tragedia de las Tejer\u00edas (Venezuela), Batalla de Mogadiscio, elecciones legislativas Argentina, Crisis Constitucional de Rusia, Polic\u00eda abate a alias El Angelito (Cartel de Medell\u00edn, Carro bomba en Per\u00fa, Elecciones en Canad\u00e1<\/p>\n<p>Palabras clave: Acciones contestatarias, Rector Juan G\u00f3mez Mart\u00ednez, Asamblea de estudiantes, Acciones de resistencia, Gobernador Juan G\u00f3mez Mart\u00ednez, Huelga de hambre<\/p>\n<p>Sugerencia de palabras claves:<\/p>\n<p>Observaciones:<\/p>\n<p>Fecha de diligenciamiento: 18 febrero 2018<\/p>\n<h1 style=\"text-align: center;\">***<\/h1>\n<p><strong>N\u00famero de ficha<\/strong>: C-120&nbsp;&nbsp;&nbsp;&nbsp;&nbsp;&nbsp;&nbsp;&nbsp;&nbsp;&nbsp;&nbsp;&nbsp;&nbsp;&nbsp;&nbsp;&nbsp;&nbsp;&nbsp;&nbsp;&nbsp;&nbsp;&nbsp;&nbsp;&nbsp;&nbsp;&nbsp;&nbsp;&nbsp;&nbsp;&nbsp;&nbsp;&nbsp;&nbsp;&nbsp;&nbsp;&nbsp;&nbsp;&nbsp;&nbsp;&nbsp;&nbsp;&nbsp;&nbsp;&nbsp;&nbsp;&nbsp;&nbsp;&nbsp;&nbsp;&nbsp;&nbsp;&nbsp;&nbsp;<\/p>\n<p><strong>Diligenciada por: <\/strong>Paula Andrea Salamanca Hern\u00e1ndez<\/p>\n<p>INFORMACI\u00d3N BIBLIOGR\u00c1FICA<\/p>\n<p>Peri\u00f3dico: El Colombiano<\/p>\n<p>Lugar de edici\u00f3n: Medell\u00edn<\/p>\n<p>Autor personal:<\/p>\n<p>Autor corporativo:<\/p>\n<p>Fecha: 1993 octubre 6<\/p>\n<p>P\u00e1gina: 3A<\/p>\n<p>Secci\u00f3n: Antioquia&nbsp;&nbsp;<\/p>\n<p><strong>Titular: <\/strong>Mesa por la vida analiza crisis de la U de A<\/p>\n<p><strong>Resumen: <\/strong>mientras contin\u00faa la huelga de hambre de los estudiantes universitarios, la Mesa de Trabajo por la Vida que desde hace varios meses ha venido analizando la situaci\u00f3n y las distintas coyunturas que vive la universidad, as\u00ed que pidi\u00f3 a los estudiantes manifestar sus inconformidades. Lo que pedir\u00edan los estudiantes era \u201cgarant\u00edas de la administraci\u00f3n y voluntad para dialogar\u201d. El rector no asisti\u00f3 al di\u00e1logo, argumentando que no fue invitado por los estudiantes. Por otro lado, el gobernador dijo que esperaba una pronta soluci\u00f3n que los estudiantes docentes y comunidad universitaria en general, pudieran resolver sus inconvenientes. Todo esto en el contexto de la celebraci\u00f3n de los 190 a\u00f1os de la Universidad.<\/p>\n<p><strong>Im\u00e1genes:<\/strong> N\/A<\/p>\n<p><strong>Archivos de Registro: <\/strong>REG_C120<\/p>\n<p>INFORMACI\u00d3N ANAL\u00cdTICA<\/p>\n<p>Contexto de la noticia: exterminio de la UP, Recrudecimiento del conflicto paramilitar, Recrudecimiento del conflicto armado, guerra entre Los Pepes y el Cartel de Medell\u00edn, Ley 70 de 1993 para comunidades negras, Colombia gana 5-0 a Argentina, firma de Acuerdos de Oslo, Tragedia de las Tejer\u00edas (Venezuela), Batalla de Mogadiscio, elecciones legislativas Argentina, Crisis Constitucional de Rusia, Polic\u00eda abate a alias El Angelito (Cartel de Medell\u00edn, Carro bomba en Per\u00fa, Elecciones en Canad\u00e1<\/p>\n<p>Palabras clave: Mesa por La Vida, Rector Juan G\u00f3mez Mart\u00ednez, Asamblea de estudiantes, Acciones de resistencia, Huelga de hambre<\/p>\n<p>Sugerencia de palabras claves:<\/p>\n<p>Observaciones:<\/p>\n<p>Fecha de diligenciamiento: 18 febrero 2018<\/p>\n<h1 style=\"text-align: center;\">***<\/h1>\n<p><strong>N\u00famero de ficha<\/strong>: C-121&nbsp;&nbsp;&nbsp;&nbsp;&nbsp;&nbsp;&nbsp;&nbsp;&nbsp;&nbsp;&nbsp;&nbsp;&nbsp;&nbsp;&nbsp;&nbsp;&nbsp;&nbsp;&nbsp;&nbsp;&nbsp;&nbsp;&nbsp;&nbsp;&nbsp;&nbsp;&nbsp;&nbsp;&nbsp;&nbsp;&nbsp;&nbsp;&nbsp;&nbsp;&nbsp;&nbsp;&nbsp;&nbsp;&nbsp;&nbsp;&nbsp;&nbsp;&nbsp;&nbsp;&nbsp;&nbsp;&nbsp;&nbsp;&nbsp;&nbsp;&nbsp;&nbsp;&nbsp;<\/p>\n<p><strong>Diligenciada por: <\/strong>Paula Andrea Salamanca Hern\u00e1ndez<\/p>\n<p>INFORMACI\u00d3N BIBLIOGR\u00c1FICA<\/p>\n<p>Peri\u00f3dico: El Colombiano<\/p>\n<p>Lugar de edici\u00f3n: Medell\u00edn<\/p>\n<p>Autor personal:<\/p>\n<p>Autor corporativo:<\/p>\n<p>Fecha: 1993 octubre 7<\/p>\n<p>P\u00e1gina: 4C<\/p>\n<p>Secci\u00f3n: Antioquia&nbsp;&nbsp;<\/p>\n<p><strong>Titular: <\/strong>Problemas de la U de A son de mucho fondo<\/p>\n<p><strong>Resumen: <\/strong>Voceros de la Asamblea General de estudiantes de la Universidad manifestaron que m\u00e1s all\u00e1 de los robos y los actos vand\u00e1licos que ocurren dentro de la universidad los problemas reales son m\u00e1s de fondo. Algunos de los asuntos que consideraban de mayor dificultad se encuentran la que consideran pol\u00edtica de privatizaci\u00f3n, actualizaci\u00f3n de la tabla de matr\u00edculas, la situaci\u00f3n de los profesores de c\u00e1tedra, la baja calidad acad\u00e9mica y la salida por jubilaci\u00f3n en los a\u00f1os siguientes de al menos 400 profesores. Dijeron que hab\u00edan intentado acercarse al rector y su equipo de direcci\u00f3n en tanto han manifestado tener proyectos muy concretos para la Universidad.<\/p>\n<p><strong>Im\u00e1genes:<\/strong> (IMA_C121) Sigue la protesta (nombre de la foto) que describe en pie de foto \u201ctres d\u00edas ajustan en huelga de hambre ocho personas que se encadenaron al edificio administrativo de la U. de A. Por unidades acad\u00e9micas, comienza ya el an\u00e1lisis del problema y la b\u00fasqueda de soluciones. El gobernador reiter\u00f3 ayer la necesidad de que haya un di\u00e1logo que conduzca a la superaci\u00f3n del conflicto.\u201d<\/p>\n<p><strong>Archivos de Registro: <\/strong>REG_C121<\/p>\n<p>INFORMACI\u00d3N ANAL\u00cdTICA<\/p>\n<p>Contexto de la noticia: exterminio de la UP, Recrudecimiento del conflicto paramilitar, Recrudecimiento del conflicto armado, guerra entre Los Pepes y el Cartel de Medell\u00edn, Ley 70 de 1993 para comunidades negras, Colombia gana 5-0 a Argentina, firma de Acuerdos de Oslo, Tragedia de las Tejer\u00edas (Venezuela), Batalla de Mogadiscio, elecciones legislativas Argentina, Crisis Constitucional de Rusia, Polic\u00eda abate a alias El Angelito (Cartel de Medell\u00edn, Carro bomba en Per\u00fa, Elecciones en Canad\u00e1<\/p>\n<p>Palabras clave: Asamblea de estudiantes, Acciones de resistencia, Acciones contestatarias, Huelga de hambre<\/p>\n<p>Sugerencia de palabras claves:<\/p>\n<p>Observaciones: en la noticia se registra una entrevista con declaraciones de algunos estudiantes sin embargo las ideas principales ya se encuentran registradas en el resumen.<\/p>\n<p>Fecha de diligenciamiento: 18 febrero 2018<\/p>\n<h1 style=\"text-align: center;\">***<\/h1>\n<p><strong>N\u00famero de ficha<\/strong>: C-122&nbsp;&nbsp;&nbsp;&nbsp;&nbsp;&nbsp;&nbsp;&nbsp;&nbsp;&nbsp;&nbsp;&nbsp;&nbsp;&nbsp;&nbsp;&nbsp;&nbsp;&nbsp;&nbsp;&nbsp;&nbsp;&nbsp;&nbsp;&nbsp;&nbsp;&nbsp;&nbsp;&nbsp;&nbsp;&nbsp;&nbsp;&nbsp;&nbsp;&nbsp;&nbsp;&nbsp;&nbsp;&nbsp;&nbsp;&nbsp;&nbsp;&nbsp;&nbsp;&nbsp;&nbsp;&nbsp;&nbsp;&nbsp;&nbsp;&nbsp;&nbsp;&nbsp;&nbsp;<\/p>\n<p><strong>Diligenciada por: <\/strong>Paula Andrea Salamanca Hern\u00e1ndez<\/p>\n<p>INFORMACI\u00d3N BIBLIOGR\u00c1FICA<\/p>\n<p>Peri\u00f3dico: El Colombiano<\/p>\n<p>Lugar de edici\u00f3n: Medell\u00edn<\/p>\n<p>Autor personal:<\/p>\n<p>Autor corporativo:<\/p>\n<p>Fecha: 1993 octubre 7<\/p>\n<p>P\u00e1gina: 4C<\/p>\n<p>Secci\u00f3n: Antioquia&nbsp;&nbsp;<\/p>\n<p><strong>Titular: <\/strong>Propuesta para superar conflicto en la U de A<\/p>\n<p><strong>Resumen: <\/strong>despu\u00e9s de una reuni\u00f3n de varias horas el Consejo Superior de la Universidad present\u00f3 una propuesta concreta de lo que podr\u00eda ser una soluci\u00f3n a la crisis y el conflicto que viv\u00eda la misma. \u201cB\u00e1sicamente consiste en la conformaci\u00f3n de comit\u00e9 de 30 personas entre las que habr\u00e1 representantes de la asamblea estudiantil, de la asociaci\u00f3n de profesores de los directivos, los egresados y miembros de los consejos de la facultad. El organismo consider\u00f3 que la coyuntura actual es propicia para que todos los estamentos planteen qu\u00e9 universidad es la que quieren y que entre todos se perfile el proyecto institucional.\u201d<\/p>\n<p><strong>Im\u00e1genes:<\/strong> N\/A<\/p>\n<p><strong>Archivos de Registro: <\/strong>REG_C122<\/p>\n<p>INFORMACI\u00d3N ANAL\u00cdTICA<\/p>\n<p>Contexto de la noticia: exterminio de la UP, Recrudecimiento del conflicto paramilitar, Recrudecimiento del conflicto armado, guerra entre Los Pepes y el Cartel de Medell\u00edn, Ley 70 de 1993 para comunidades negras, Colombia gana 5-0 a Argentina, firma de Acuerdos de Oslo, Tragedia de las Tejer\u00edas (Venezuela), Batalla de Mogadiscio, elecciones legislativas Argentina, Crisis Constitucional de Rusia, Polic\u00eda abate a alias El Angelito (Cartel de Medell\u00edn, Carro bomba en Per\u00fa, Elecciones en Canad\u00e1<\/p>\n<p>Palabras clave: Asamblea de estudiantes, Consejo Superior Universitario, Comunicado, Respuestas Institucionales, 190 a\u00f1os U. de A<\/p>\n<p>Sugerencia de palabras claves:<\/p>\n<p>Observaciones: en la noticia est\u00e1 el comunicado. Sin embargo, en el resumen se destacan los aspectos m\u00e1s relevantes.<\/p>\n<p>Fecha de diligenciamiento: 18 febrero 2018<\/p>\n<h1 style=\"text-align: center;\">***<\/h1>\n<p><strong>N\u00famero de ficha<\/strong>: C-123&nbsp;&nbsp;&nbsp;&nbsp;&nbsp;&nbsp;&nbsp;&nbsp;&nbsp;&nbsp;&nbsp;&nbsp;&nbsp;&nbsp;&nbsp;&nbsp;&nbsp;&nbsp;&nbsp;&nbsp;&nbsp;&nbsp;&nbsp;&nbsp;&nbsp;&nbsp;&nbsp;&nbsp;&nbsp;&nbsp;&nbsp;&nbsp;&nbsp;&nbsp;&nbsp;&nbsp;&nbsp;&nbsp;&nbsp;&nbsp;&nbsp;&nbsp;&nbsp;&nbsp;&nbsp;&nbsp;&nbsp;&nbsp;&nbsp;&nbsp;&nbsp;&nbsp;&nbsp;<\/p>\n<p><strong>Diligenciada por: <\/strong>Paula Andrea Salamanca Hern\u00e1ndez<\/p>\n<p>INFORMACI\u00d3N BIBLIOGR\u00c1FICA<\/p>\n<p>Peri\u00f3dico: El Colombiano<\/p>\n<p>Lugar de edici\u00f3n: Medell\u00edn<\/p>\n<p>Autor personal:<\/p>\n<p>Autor corporativo:<\/p>\n<p>Fecha: 1993 octubre 10<\/p>\n<p>P\u00e1gina: 8B<\/p>\n<p>Secci\u00f3n: Generales&nbsp;&nbsp;<\/p>\n<p><strong>Titular: <\/strong>Asamblea oblig\u00f3 a cerrar la feria del libro<\/p>\n<p><strong>Resumen: <\/strong>sobre las cuatro de la tarde del d\u00eda anterior llegaron varios asamble\u00edstas de la Universidad al primer piso de la biblioteca central donde se ven\u00eda desarrollando la feria del libro, un sujeto que se identific\u00f3 como representante de la Asamblea Estudiantil dijo que hab\u00edan tomado la decisi\u00f3n de cerrar la feria en cuento daba una imagen de normalidad en la Universidad cuando esta no la ten\u00eda y adem\u00e1s atentaba contra el movimiento estudiantil. Aunque los encargados manifestaron las razones por las cuales no deb\u00eda cerrarse la feria y su vez expusieron las intenciones de los editores que llegaron de distintas ciudades del pa\u00eds, finalmente la feria se cerr\u00f3. Se dijo que este tipo de actitudes no eran nuevas, pues el a\u00f1o inmediatamente anterior ocurri\u00f3 algo parecido.<\/p>\n<p>Entre otros temas de coyuntura se impidi\u00f3 por parte de la Asamblea General de Estudiantes que un grupo de reinsertados del M 19 realizara un concierto por motivo de los 190 a\u00f1os de la Universidad y menos que la Sinf\u00f3nica universitaria diera un concierto que ya estaba programado en Teatro Camilo Torres.<\/p>\n<p><strong>Im\u00e1genes:<\/strong> N\/A<\/p>\n<p><strong>Archivos de Registro: <\/strong>REG_C123<\/p>\n<p>INFORMACI\u00d3N ANAL\u00cdTICA<\/p>\n<p>Contexto de la noticia: exterminio de la UP, Recrudecimiento del conflicto paramilitar, Recrudecimiento del conflicto armado, guerra entre Los Pepes y el Cartel de Medell\u00edn, Ley 70 de 1993 para comunidades negras, Colombia gana 5-0 a Argentina, firma de Acuerdos de Oslo, Tragedia de las Tejer\u00edas (Venezuela), Batalla de Mogadiscio, elecciones legislativas Argentina, Crisis Constitucional de Rusia, Polic\u00eda abate a alias El Angelito (Cartel de Medell\u00edn, Carro bomba en Per\u00fa, Elecciones en Canad\u00e1<\/p>\n<p>Palabras clave: Asamblea de estudiantes, 190 a\u00f1os U. de A, Feria del libro, M19<\/p>\n<p>Sugerencia de palabras claves:<\/p>\n<p>Observaciones:<\/p>\n<p>Fecha de diligenciamiento: 18 febrero 2018<\/p>\n<h1 style=\"text-align: center;\">***<\/h1>\n<p><strong>N\u00famero de ficha<\/strong>: C-124&nbsp;&nbsp;&nbsp;&nbsp;&nbsp;&nbsp;&nbsp;&nbsp;&nbsp;&nbsp;&nbsp;&nbsp;&nbsp;&nbsp;&nbsp;&nbsp;&nbsp;&nbsp;&nbsp;&nbsp;&nbsp;&nbsp;&nbsp;&nbsp;&nbsp;&nbsp;&nbsp;&nbsp;&nbsp;&nbsp;&nbsp;&nbsp;&nbsp;&nbsp;&nbsp;&nbsp;&nbsp;&nbsp;&nbsp;&nbsp;&nbsp;&nbsp;&nbsp;&nbsp;&nbsp;&nbsp;&nbsp;&nbsp;&nbsp;&nbsp;&nbsp;&nbsp;&nbsp;<\/p>\n<p><strong>Diligenciada por: <\/strong>Paula Andrea Salamanca Hern\u00e1ndez<\/p>\n<p>INFORMACI\u00d3N BIBLIOGR\u00c1FICA<\/p>\n<p>Peri\u00f3dico: El Colombiano<\/p>\n<p>Lugar de edici\u00f3n: Medell\u00edn<\/p>\n<p>Autor personal:<\/p>\n<p>Autor corporativo:<\/p>\n<p>Fecha: 1993 octubre 14<\/p>\n<p>P\u00e1gina: 12A<\/p>\n<p>Secci\u00f3n: Generales&nbsp;&nbsp;<\/p>\n<p><strong>Titular: <\/strong>La U. debe ser zona militarmente neutral<\/p>\n<p><strong>Resumen: <\/strong>a trav\u00e9s de un documento que entregaron profesores del Departamento de Sociolog\u00eda de la universidad, se invit\u00f3 \u201ca los grupos pol\u00edticos armados a reconocer la Cuidad Universitaria como zona militarmente neutral donde la b\u00fasqueda permanente de alternativas sea labor constante de todos los interesados de controversia.\u201d<\/p>\n<p>Por otro lado, el Consejo Acad\u00e9mico invit\u00f3 al levantamiento de la huelga de hambre que adelantaba ocho personas y, que se regresara a la normalidad acad\u00e9mica como \u201cactos que permitieran la distensi\u00f3n del campus acad\u00e9mico\u201d.<\/p>\n<p><strong>Im\u00e1genes:<\/strong> (IMA_C124) Por la Playa (nombre de la foto) que describe en pie de foto \u201cAl mediod\u00eda de ayer se cumpli\u00f3, por las principales calles de Medell\u00edn, una marcha de estudiantes y empleados de la U. de A. Los participantes gritaron consignas y frases en las que expresaron su posici\u00f3n frente al conflicto actual de la instituci\u00f3n.<\/p>\n<p><strong>Archivos de Registro: <\/strong>REG_C124<\/p>\n<p>INFORMACI\u00d3N ANAL\u00cdTICA<\/p>\n<p>Contexto de la noticia: exterminio de la UP, Recrudecimiento del conflicto paramilitar, Recrudecimiento del conflicto armado, guerra entre Los Pepes y el Cartel de Medell\u00edn, Ley 70 de 1993 para comunidades negras, Colombia gana 5-0 a Argentina, firma de Acuerdos de Oslo, Tragedia de las Tejer\u00edas (Venezuela), Batalla de Mogadiscio, elecciones legislativas Argentina, Crisis Constitucional de Rusia, Polic\u00eda abate a alias El Angelito (Cartel de Medell\u00edn, Carro bomba en Per\u00fa, Elecciones en Canad\u00e1<\/p>\n<p>Palabras clave: Declaratoria de Neutralidad, Respuestas institucionales, Consejo Acad\u00e9mico, Profesores, Campa\u00f1as de sensibilizaci\u00f3n o denuncia, Huelga de hambre<\/p>\n<p>Sugerencia de palabras claves:<\/p>\n<p>Observaciones: en la misma publicaci\u00f3n aparece un mensaje que el gobernador de Antioquia les envi\u00f3 a los representantes estudiantiles pidi\u00e9ndoles que retomen el di\u00e1logo y la cordura. A su vez lament\u00f3 que se cambiaran las exigencias expuestas por los mismos estudiantes. Dijo el gobernador haber recibido boletines de grupos guerrilleros que apoyaban el movimiento y los huelguistas de hambre. Adem\u00e1s, reiter\u00f3 que la huelga de hambre ten\u00eda en tensi\u00f3n a la Universidad y particularmente al personal administrativo e incluso que algunos profesores hab\u00edan recibido amenazas.<\/p>\n<p>Fecha de diligenciamiento: 18 febrero 2018<\/p>\n<h1 style=\"text-align: center;\">***<\/h1>\n<p><strong>N\u00famero de ficha<\/strong>: C-125&nbsp;&nbsp;&nbsp;&nbsp;&nbsp;&nbsp;&nbsp;&nbsp;&nbsp;&nbsp;&nbsp;&nbsp;&nbsp;&nbsp;&nbsp;&nbsp;&nbsp;&nbsp;&nbsp;&nbsp;&nbsp;&nbsp;&nbsp;&nbsp;&nbsp;&nbsp;&nbsp;&nbsp;&nbsp;&nbsp;&nbsp;&nbsp;&nbsp;&nbsp;&nbsp;&nbsp;&nbsp;&nbsp;&nbsp;&nbsp;&nbsp;&nbsp;&nbsp;&nbsp;&nbsp;&nbsp;&nbsp;&nbsp;&nbsp;&nbsp;&nbsp;&nbsp;&nbsp;<\/p>\n<p><strong>Diligenciada por:<\/strong> Paula Andrea Salamanca Hern\u00e1ndez<\/p>\n<p>INFORMACI\u00d3N BIBLIOGR\u00c1FICA<\/p>\n<p>Peri\u00f3dico: El Colombiano<\/p>\n<p>Lugar de edici\u00f3n: Medell\u00edn<\/p>\n<p>Autor personal:<\/p>\n<p>Autor corporativo:<\/p>\n<p>Fecha: 1993 octubre 16<\/p>\n<p>P\u00e1gina: 3C<\/p>\n<p>Secci\u00f3n: Antioquia&nbsp;&nbsp;<\/p>\n<p><strong>Titular: <\/strong>Principio de acuerdo en la U. de A.&nbsp;<\/p>\n<p><strong>Resumen: <\/strong>despu\u00e9s de una reuni\u00f3n que tuvieron estudiantes representantes de la Asamblea Estudiantil y el gobernador Juan G\u00f3mez Mart\u00ednez, se tomaron dos determinaciones importantes la primera el levantamiento de la huelga de hambre que adelantaba ocho estudiantes que se har\u00eda simult\u00e1neamente con el inicio de una sesi\u00f3n del Consejo Superior y la segunda, la aprobaci\u00f3n de cuatro puntos que el gobernador pondr\u00eda a consideraci\u00f3n del Consejo Superior Universitario. As\u00ed las cosas, se esperaba que la universidad retornara a la normalidad, la semana siguiente a esta noticia. Unos de los puntos a discutir eran las matr\u00edculas, el costo de los formularios de inscripci\u00f3n y la realizaci\u00f3n de un nuevo calendario acad\u00e9mico.<\/p>\n<p><strong>Im\u00e1genes: <\/strong>N\/A<\/p>\n<p><strong>Archivos de Registro: <\/strong>REG_C125<\/p>\n<p>INFORMACI\u00d3N ANAL\u00cdTICA<\/p>\n<p>Contexto de la noticia: exterminio de la UP, Recrudecimiento del conflicto paramilitar, Recrudecimiento del conflicto armado, guerra entre Los Pepes y el Cartel de Medell\u00edn, Ley 70 de 1993 para comunidades negras, Colombia gana 5-0 a Argentina, firma de Acuerdos de Oslo, Tragedia de las Tejer\u00edas (Venezuela), Batalla de Mogadiscio, elecciones legislativas Argentina, Crisis Constitucional de Rusia, Polic\u00eda abate a alias El Angelito (Cartel de Medell\u00edn, Carro bomba en Per\u00fa, Elecciones en Canad\u00e1<\/p>\n<p>Palabras clave: Respuestas institucionales, Consejo Acad\u00e9mico, Negociaci\u00f3n, Huelga de hambre, Gobernador Juan G\u00f3mez Mart\u00ednez<\/p>\n<p>Sugerencia de palabras claves:<\/p>\n<p>Observaciones:<\/p>\n<p>Fecha de diligenciamiento: 18 febrero 2018<\/p>\n<h1 style=\"text-align: center;\">***<\/h1>\n<p><strong>N\u00famero de ficha<\/strong>: C-126&nbsp;&nbsp;&nbsp;&nbsp;&nbsp;&nbsp;&nbsp;&nbsp;&nbsp;&nbsp;&nbsp;&nbsp;&nbsp;&nbsp;&nbsp;&nbsp;&nbsp;&nbsp;&nbsp;&nbsp;&nbsp;&nbsp;&nbsp;&nbsp;&nbsp;&nbsp;&nbsp;&nbsp;&nbsp;&nbsp;&nbsp;&nbsp;&nbsp;&nbsp;&nbsp;&nbsp;&nbsp;&nbsp;&nbsp;&nbsp;&nbsp;&nbsp;&nbsp;&nbsp;&nbsp;&nbsp;&nbsp;&nbsp;&nbsp;&nbsp;&nbsp;&nbsp;&nbsp;<\/p>\n<p><strong>Diligenciada por: <\/strong>Paula Andrea Salamanca Hern\u00e1ndez<\/p>\n<p>INFORMACI\u00d3N BIBLIOGR\u00c1FICA<\/p>\n<p>Peri\u00f3dico: El Colombiano<\/p>\n<p>Lugar de edici\u00f3n: Medell\u00edn<\/p>\n<p>Autor personal:<\/p>\n<p>Autor corporativo:<\/p>\n<p>Fecha: 1993 octubre 20<\/p>\n<p>P\u00e1gina: 6B<\/p>\n<p>Secci\u00f3n: Antioquia&nbsp;&nbsp;<\/p>\n<p><strong>Titular: <\/strong>Se despejan nubarrones en la educaci\u00f3n&nbsp;<\/p>\n<p><strong>Resumen: <\/strong>despu\u00e9s de una reuni\u00f3n entre el entre los Consejos Acad\u00e9micos de Facultad, Escuelas e Institutos de la Universidad, se inicia la creaci\u00f3n de del que ser\u00eda el nuevo calendario acad\u00e9mico de la Universidad. Se indic\u00f3 tambi\u00e9n que en su totalidad la comunidad universitaria hab\u00eda asumido el fin del conflicto y, que a lo largo del semestre habr\u00eda un Foro de Reflexi\u00f3n y Deliberaci\u00f3n donde se analizar\u00edan problemas de \u00edndole estructural.<\/p>\n<p><strong>Im\u00e1genes: <\/strong>N\/A<\/p>\n<p><strong>Archivos de Registro: <\/strong>REG_C126a<\/p>\n<p>INFORMACI\u00d3N ANAL\u00cdTICA<\/p>\n<p>Contexto de la noticia: exterminio de la UP, Recrudecimiento del conflicto paramilitar, Recrudecimiento del conflicto armado, guerra entre Los Pepes y el Cartel de Medell\u00edn, Ley 70 de 1993 para comunidades negras, Colombia gana 5-0 a Argentina, firma de Acuerdos de Oslo, Tragedia de las Tejer\u00edas (Venezuela), Batalla de Mogadiscio, elecciones legislativas Argentina, Crisis Constitucional de Rusia, Polic\u00eda abate a alias El Angelito (Cartel de Medell\u00edn, Carro bomba en Per\u00fa, Elecciones en Canad\u00e1<\/p>\n<p>Palabras clave: Respuestas institucionales, Consejo Acad\u00e9mico, Negociaci\u00f3n, Foro de Reflexi\u00f3n y Deliberaci\u00f3n<\/p>\n<p>Sugerencia de palabras claves:<\/p>\n<p>Observaciones: un d\u00eda despu\u00e9s de la noticia, de manera progresiva se empezaron a reanudar las clases posterior al levantamiento de la Asamblea General de Estudiantes. E igualmente se anunci\u00f3 la elaboraci\u00f3n de un proyecto de Estatuto General de la Universidad. (REG_C126b)<\/p>\n<p>Fecha de diligenciamiento: 18 febrero 2018<\/p>\n<h1 style=\"text-align: center;\">***<\/h1>\n<p><strong>N\u00famero de ficha<\/strong>: C-127&nbsp;&nbsp;&nbsp;&nbsp;&nbsp;&nbsp;&nbsp;&nbsp;&nbsp;&nbsp;&nbsp;&nbsp;&nbsp;&nbsp;&nbsp;&nbsp;&nbsp;&nbsp;&nbsp;&nbsp;&nbsp;&nbsp;&nbsp;&nbsp;&nbsp;&nbsp;&nbsp;&nbsp;&nbsp;&nbsp;&nbsp;&nbsp;&nbsp;&nbsp;&nbsp;&nbsp;&nbsp;&nbsp;&nbsp;&nbsp;&nbsp;&nbsp;&nbsp;&nbsp;&nbsp;&nbsp;&nbsp;&nbsp;&nbsp;&nbsp;&nbsp;&nbsp;&nbsp;<\/p>\n<p><strong>Diligenciada por:<\/strong> Paula Andrea Salamanca Hern\u00e1ndez<\/p>\n<p>INFORMACI\u00d3N BIBLIOGR\u00c1FICA<\/p>\n<p>Peri\u00f3dico: El Colombiano<\/p>\n<p>Lugar de edici\u00f3n: Medell\u00edn<\/p>\n<p>Autor personal:<\/p>\n<p>Autor corporativo:<\/p>\n<p>Fecha: 1993 octubre 29<\/p>\n<p>P\u00e1gina: 15A<\/p>\n<p>Secci\u00f3n: Antioquia&nbsp;&nbsp;<\/p>\n<p><strong>Titular: <\/strong>Despeg\u00f3 el foro de reflexi\u00f3n en la U. de A.&nbsp;<\/p>\n<p><strong>Resumen: <\/strong>considerado como un espacio para la concertaci\u00f3n el Foro de Reflexi\u00f3n y Deliberaci\u00f3n de la Universidad inici\u00f3 elaborando una propuesta de tem\u00e1ticas a debatir por la comunidad universitaria y a la vez perfil\u00f3 su metodolog\u00eda de trabajo. El comit\u00e9 del foro era conformado por 30 personas de varios estamentos y los temas iniciales de discusi\u00f3n ser\u00edan, La autonom\u00eda universitaria y la estructura de poder dentro de la Universidad, la Universidad y el desarrollo de la ciencia y la tecnolog\u00eda, Relaciones de la universidad con la sociedad y el Estado y las caracter\u00edsticas de la comunidad universitaria.<\/p>\n<p><strong>Im\u00e1genes: <\/strong>N\/A<\/p>\n<p>&nbsp;<strong>Archivos de Registro: <\/strong>REG_C127<\/p>\n<p>INFORMACI\u00d3N ANAL\u00cdTICA<\/p>\n<p>Contexto de la noticia: exterminio de la UP, Recrudecimiento del conflicto paramilitar, Recrudecimiento del conflicto armado, guerra entre Los Pepes y el Cartel de Medell\u00edn, Ley 70 de 1993 para comunidades negras, Colombia gana 5-0 a Argentina, firma de Acuerdos de Oslo, Tragedia de las Tejer\u00edas (Venezuela), Batalla de Mogadiscio, elecciones legislativas Argentina, Crisis Constitucional de Rusia, Polic\u00eda abate a alias El Angelito (Cartel de Medell\u00edn, Carro bomba en Per\u00fa, Elecciones en Canad\u00e1<\/p>\n<p>Palabras clave: Foro de Reflexi\u00f3n y Deliberaci\u00f3n, Campa\u00f1as de sensibilizaci\u00f3n o denuncia<\/p>\n<p>Sugerencia de palabras claves:<\/p>\n<p>Observaciones:<\/p>\n<p>Fecha de diligenciamiento: 18 febrero 2018<\/p>\n<h1 style=\"text-align: center;\">***<\/h1>\n<p><strong>N\u00famero de ficha<\/strong>: C-128&nbsp;&nbsp;&nbsp;&nbsp;&nbsp;&nbsp;&nbsp;&nbsp;&nbsp;&nbsp;&nbsp;&nbsp;&nbsp;&nbsp;&nbsp;&nbsp;&nbsp;&nbsp;&nbsp;&nbsp;&nbsp;&nbsp;&nbsp;&nbsp;&nbsp;&nbsp;&nbsp;&nbsp;&nbsp;&nbsp;&nbsp;&nbsp;&nbsp;&nbsp;&nbsp;&nbsp;&nbsp;&nbsp;&nbsp;&nbsp;&nbsp;&nbsp;&nbsp;&nbsp;&nbsp;&nbsp;&nbsp;&nbsp;&nbsp;&nbsp;&nbsp;&nbsp;&nbsp;<\/p>\n<p><strong>Diligenciada por: <\/strong>Paula Andrea Salamanca Hern\u00e1ndez<\/p>\n<p>INFORMACI\u00d3N BIBLIOGR\u00c1FICA<\/p>\n<p>Peri\u00f3dico: El Colombiano<\/p>\n<p>Lugar de edici\u00f3n: Medell\u00edn<\/p>\n<p>Autor personal:<\/p>\n<p>Autor corporativo:<\/p>\n<p>Fecha: 1993 noviembre 8<\/p>\n<p>P\u00e1gina: 14A<\/p>\n<p>Secci\u00f3n: Antioquia&nbsp;<\/p>\n<p><strong>Titular: <\/strong>Desalojan estudiantes que se hab\u00edan tomado la U de A<\/p>\n<p><strong>Resumen: <\/strong>en la ma\u00f1ana del d\u00eda anterior fueron desalojados casi una centena de estudiantes que se hab\u00edan tomado la Universidad, por fuerzas combinadas del Ej\u00e9rcito Nacional y la Polic\u00eda. La intervenci\u00f3n tuvo como resultado el decomiso de una granada, municiones y panfletos de Uceln \u201ccomunicados en los que la Regional Luis Fernando Giraldo Builes de la Uni\u00f3n Camilista del Ej\u00e9rcito de Liberaci\u00f3n Nacional\u201d se atribuyen el atentado a Dar\u00edo Londo\u00f1o Cardona (vicepresidente del senado de la Rep\u00fablica).<\/p>\n<p>Se dice que los estudiantes estaban acampando en la Universidad porque quer\u00edan exigir al CSU la negociaci\u00f3n del pliego de peticiones. Las personas fueron desalojadas pac\u00edficamente, entre las 4 am y las 8 am y no hubo personas detenidas.&nbsp;<\/p>\n<p><strong>Im\u00e1genes:<\/strong> (IMA_C128) De manera Pac\u00edfica (nombre de la foto) que describe en pie de foto \u201ca las seis de la ma\u00f1ana de ayer miembros de los organismos de seguridad del Estado desalojaron 99 estudiantes que hab\u00edan montado un campamento de car\u00e1cter permanente, en la Universidad de Antioquia. Durante el registro a las instalaciones universitarias fueron decomisadas una granada, municiones para revolver 38 largo y numerosos panfletos de la Uceln. Los estudiantes salieron uno a uno, sin poner resistencia, para sus casas.<\/p>\n<p><strong>Archivos de Registro: <\/strong>REG_C128<\/p>\n<p>INFORMACI\u00d3N ANAL\u00cdTICA<\/p>\n<p>Contexto de la noticia: exterminio de la UP, Recrudecimiento del conflicto paramilitar, Recrudecimiento del conflicto armado, guerra entre Los Pepes y el Cartel de Medell\u00edn, Tratado de Maastrich, Fin del Apartheid<\/p>\n<p>Palabras clave: Acciones de resistencia, Campamentos, Panfletos, Toma pac\u00edfica de lugares, Respuestas institucionales, Desalojo, Estudiantes, Consejo Superior Universitario, Ej\u00e9rcito, Polic\u00eda, Uni\u00f3n Camilista del Ej\u00e9rcito de Liberaci\u00f3n Nacional, Uceln, Ingreso de la fuerza P\u00fablica o Ejercito.<\/p>\n<p>Sugerencia de palabras claves:<\/p>\n<p>Observaciones: en una publicaci\u00f3n del peri\u00f3dico dos d\u00edas antes del desalojo, se hizo menci\u00f3n de que la Universidad estar\u00eda cerrada, sin embargo, no se dijo por qu\u00e9<\/p>\n<p><strong>Fecha de diligenciamiento:<\/strong> 20 febrero 2018<\/p>\n<h1 style=\"text-align: center;\">***<\/h1>\n<p><strong>N\u00famero de ficha<\/strong>: C-129&nbsp;&nbsp;&nbsp;&nbsp;&nbsp;&nbsp;&nbsp;&nbsp;&nbsp;&nbsp;&nbsp;&nbsp;&nbsp;&nbsp;&nbsp;&nbsp;&nbsp;&nbsp;&nbsp;&nbsp;&nbsp;&nbsp;&nbsp;&nbsp;&nbsp;&nbsp;&nbsp;&nbsp;&nbsp;&nbsp;&nbsp;&nbsp;&nbsp;&nbsp;&nbsp;&nbsp;&nbsp;&nbsp;&nbsp;&nbsp;&nbsp;&nbsp;&nbsp;&nbsp;&nbsp;&nbsp;&nbsp;&nbsp;&nbsp;&nbsp;&nbsp;&nbsp;&nbsp;<\/p>\n<p><strong>Diligenciada por:<\/strong> Paula Andrea Salamanca Hern\u00e1ndez<\/p>\n<p>INFORMACI\u00d3N BIBLIOGR\u00c1FICA<\/p>\n<p>Peri\u00f3dico: El Colombiano<\/p>\n<p>Lugar de edici\u00f3n: Medell\u00edn<\/p>\n<p>Autor personal:<\/p>\n<p>Autor corporativo:<\/p>\n<p>Fecha: 1993 noviembre 9<\/p>\n<p>P\u00e1gina: 14A<\/p>\n<p>Secci\u00f3n: Antioquia&nbsp;<\/p>\n<p><strong>Titular: <\/strong>Claman por la normalidad en la U de A<\/p>\n<p><strong>Resumen: <\/strong>en un llamado un\u00e1nime todos los sectores convocaron al di\u00e1logo en la U de A, despu\u00e9s de lo sucedido con el desalojo de los estudiantes y lo encontrado en predios de la Universidad \u201cuna granada de fragmentaci\u00f3n M-26, 17 cartuchos para rev\u00f3lver calibre 32, una capucha verde y panfletos del Ej\u00e9rcito de Liberaci\u00f3n Nacional y del Frente Estudiantil Revolucionario\u201d. A continuaci\u00f3n, algunas de las declaraciones de los distintos actores;<\/p>\n<ul>\n<li>Estudiantes \u201cDenunciar la fuerza p\u00fablica por este hecho (desalojo), de represi\u00f3n que atenta contra la Universidad y al mismo tiempo responsabilizarse de cualquier da\u00f1o f\u00edsico a la instituci\u00f3n y de cualquier bien mueble que haya sido hurtado. Hacer responsable al Consejo Acad\u00e9mico por solicitar el desalojo y al rector encargado \u00c1lvaro Gaviria y al gobernador Juan G\u00f3mez Mart\u00ednez de la invasi\u00f3n militar e integridad f\u00edsica y moral de los estudiantes de la Universidad y los dem\u00e1s involucrados.\u201d<\/li>\n<li>Gobernador: el gobernador llam\u00f3 a la sensatez estudiantil y acepto que dadas las circunstancias hab\u00eda recurrido a las autoridades para que fuesen estas la que desalojaran la universidad y se permitiera el cumplimiento de sus objetivos misionales.<\/li>\n<li>CSU: a trav\u00e9s de un comunicado, se describi\u00f3 lo sabido y, pidieron que la comunidad universitaria asuma comportamientos que realmente conduzcan a la defensa del Alma Mater y en general de la universidad p\u00fablica, que profesores y todos los actores expresen sus voluntades de aportar al futuro de las instituciones.<\/li>\n<\/ul>\n<p>Tambi\u00e9n se aclar\u00f3 en ning\u00fan momento se hab\u00eda considerado cerrar la Universidad y que adem\u00e1s tanto el gobernador como el CSU todo tiempo hab\u00eda estados abiertos al di\u00e1logo y la escucha de protestas. Otra persona que emiti\u00f3 su declaraci\u00f3n fue el abogado Jes\u00fas Mar\u00eda Valle (miembro del comit\u00e9 permanente de defensa de los derechos humanos), \u201cla experiencia ense\u00f1a que la intervenci\u00f3n militar en la universidad no es conveniente ni para la academia ni para el buen funcionamiento de la instituci\u00f3n. Hay que insistir en los di\u00e1logos, el foro permanente, colocando en pie de igualdad a todas las partes integrantes de la Universidad.\u201d<\/p>\n<p><strong>Im\u00e1genes:<\/strong> (IMA_C129) Abandonados (nombre de la foto) que describe en pie de foto \u201cestos son algunos de los elementos hallados por la fuerza p\u00fablica en una de las zonas verdes de la Universidad de Antioquia, durante el operativo de desalojo de estudiantes llevado a cabo el domingo anterior.\u201d<\/p>\n<p><strong>Archivos de Registro: <\/strong>REG_C129<\/p>\n<p>INFORMACI\u00d3N ANAL\u00cdTICA<\/p>\n<p>Contexto de la noticia: exterminio de la UP, Recrudecimiento del conflicto paramilitar, Recrudecimiento del conflicto armado, guerra entre Los Pepes y el Cartel de Medell\u00edn, Tratado de Maastricht, Fin del Apartheid<\/p>\n<p>Palabras clave: Acciones de resistencia, Comunicados, Consejo Superior Universitario, Estudiantes, Ej\u00e9rcito de Liberaci\u00f3n Nacional, Frente Estudiantil Revolucionario, Rector (E) \u00c1lvaro Gaviria, Gobernador Juan G\u00f3mez Mart\u00ednez 1992-1994<\/p>\n<p>Sugerencia de palabras claves:<\/p>\n<p>Observaciones: aunque la p\u00e1gina del peri\u00f3dico fue extensa lo que se hizo fue contar todo lo que hab\u00eda venido sucediendo en el mes de octubre y el desalojo de los estudiantes del campamento para el mes de noviembre.<\/p>\n<p><strong>Fecha de diligenciamiento:<\/strong> 20 febrero 2018<\/p>\n<h1 style=\"text-align: center;\">***<\/h1>\n<p><strong>N\u00famero de ficha<\/strong>: C-130&nbsp;&nbsp;&nbsp;&nbsp;&nbsp;&nbsp;&nbsp;&nbsp;&nbsp;&nbsp;&nbsp;&nbsp;&nbsp;&nbsp;&nbsp;&nbsp;&nbsp;&nbsp;&nbsp;&nbsp;&nbsp;&nbsp;&nbsp;&nbsp;&nbsp;&nbsp;&nbsp;&nbsp;&nbsp;&nbsp;&nbsp;&nbsp;&nbsp;&nbsp;&nbsp;&nbsp;&nbsp;&nbsp;&nbsp;&nbsp;&nbsp;&nbsp;&nbsp;&nbsp;&nbsp;&nbsp;&nbsp;&nbsp;&nbsp;&nbsp;&nbsp;&nbsp;&nbsp;<\/p>\n<p><strong>Diligenciada por:<\/strong> Paula Andrea Salamanca Hern\u00e1ndez<\/p>\n<p>INFORMACI\u00d3N BIBLIOGR\u00c1FICA<\/p>\n<p>Peri\u00f3dico: El Colombiano<\/p>\n<p>Lugar de edici\u00f3n: Medell\u00edn<\/p>\n<p>Autor personal:<\/p>\n<p>Autor corporativo:<\/p>\n<p>Fecha: 1993 noviembre 19<\/p>\n<p>P\u00e1gina: 10A<\/p>\n<p>Secci\u00f3n: Antioquia&nbsp;<\/p>\n<p><strong>Titular: <\/strong>Claman por la normalidad en la U de A<\/p>\n<p><strong>Resumen: <\/strong>un grupo de profesores compuesto por 339 miembros sobre 1200 de tiempo completo emitieron un comunicado en el que hacen serias cr\u00edticas a algunos estamentos de la Universidad, a continuaci\u00f3n, el comunicado<\/p>\n<ol>\n<li>\u201cla producci\u00f3n y conocimiento y la cualificaci\u00f3n acad\u00e9mica deben ser el objetivo principal de la acci\u00f3n profesoral<\/li>\n<li>El respeto \u00edntegro a los dem\u00e1s, la tolerancia frente a las diferencias pol\u00edticas, ideol\u00f3gicas y acad\u00e9micas, la responsabilidad frente a la Universidad y frente a la sociedad, la defensa de la justicia y la equidad, deben ser avalados y propuestos como valores en los cuales de funda la convivencia universitaria<\/li>\n<li>Adem\u00e1s de los criterios \u00e9ticos, la universidad se rige por normas que deben acatarse para salvaguardar la posibilidad de la convivencia en ella. Esas normas deben cambiarse seg\u00fan lo establecido por la Ley 30, la discusi\u00f3n de las mismas no es obst\u00e1culo, sin embargo, para que sean aplicadas hasta tanto haya otras oficialmente aprobadas<\/li>\n<li>Frente a la administraci\u00f3n y a los estudiantes el estamento profesoral debe afirmarse como una instancia con perspectivas propias de la universidad, responsable social y pol\u00edticamente, cr\u00edtica dispuesta al di\u00e1logo y a la concertaci\u00f3n en la soluci\u00f3n de los problemas universitarios<\/li>\n<li>Estamos dispuestos a acoger y secundar las iniciativas de los estudiantes que atiendan a transformar el trabajo acad\u00e9mico con miras al engrandecimiento de la Universidad<\/li>\n<li>Cada profesor debe ser una invitaci\u00f3n al trabajo serio, disciplinado y continuo<\/li>\n<li>Rechazamos el recurso habitual del cese de actividades acad\u00e9micas como mecanismo para tratar los problemas acad\u00e9micos<\/li>\n<li>Rechazamos toda forma de anonimato y de acci\u00f3n violenta dentro de la Universidad<\/li>\n<li>Desconocemos la Asamblea General de Estudiantes en cuando pretenda ser una instancia suprema de poder dentro de la Universidad, desconociendo la normatividad de la instituci\u00f3n y los derechos de los estamentos que la conforman<\/li>\n<li>Respaldamos el Foro Universitario como un espacio que propicia la reflexi\u00f3n y la cr\u00edtica con miras a la transformaci\u00f3n de la Universidad<\/li>\n<li>Ratificamos nuestro apoyo al proyecto de universidad expuesto al profesorado por la presente administraci\u00f3n desde fines del a\u00f1o pasado porque responde a un an\u00e1lisis de los problemas estructurales y defiende el concepto de universidad p\u00fablica, aut\u00f3noma, pluralista, productora de conocimiento y puesta al servicio de la sociedad<\/li>\n<li>Consideramos que no hay un compromiso decidido ni una respuesta que lidere por parte del Consejo Acad\u00e9mico frente a la situaci\u00f3n actual, lo que produce malestar y vac\u00edo de autoridad de la comunidad universitaria<\/li>\n<li>Frente al cese de actividades consideramos que el Consejo Acad\u00e9mico debe llamar a la terminaci\u00f3n del semestre y fijar los calendarios. Como profesores estamos dispuesto a secundar esta decisi\u00f3n.\u201d<\/li>\n<\/ol>\n<p><strong>Im\u00e1genes:<\/strong> N\/A<\/p>\n<p><strong>Archivos de Registro: <\/strong>REG_C130<\/p>\n<p>INFORMACI\u00d3N ANAL\u00cdTICA<\/p>\n<p>Contexto de la noticia: exterminio de la UP, Recrudecimiento del conflicto paramilitar, Recrudecimiento del conflicto armado, guerra entre Los Pepes y el Cartel de Medell\u00edn, Tratado de Maastricht, Fin del Apartheid<\/p>\n<p>Palabras clave: Acciones de resistencia, Comunicados, Profesores, Consejo Acad\u00e9mico, Asamblea de Estudiantes, Estudiantes, Foro de Reflexi\u00f3n y deliberaci\u00f3n<\/p>\n<p>Sugerencia de palabras claves:<\/p>\n<p>Observaciones:<\/p>\n<p><strong>Fecha de diligenciamiento:<\/strong> 20 febrero 2018<\/p>\n<h1 style=\"text-align: center;\">***<\/h1>\n<p><strong>N\u00famero de ficha<\/strong>: C-131&nbsp;&nbsp;&nbsp;&nbsp;&nbsp;&nbsp;&nbsp;&nbsp;&nbsp;&nbsp;&nbsp;&nbsp;&nbsp;&nbsp;&nbsp;&nbsp;&nbsp;&nbsp;&nbsp;&nbsp;&nbsp;&nbsp;&nbsp;&nbsp;&nbsp;&nbsp;&nbsp;&nbsp;&nbsp;&nbsp;&nbsp;&nbsp;&nbsp;&nbsp;&nbsp;&nbsp;&nbsp;&nbsp;&nbsp;&nbsp;&nbsp;&nbsp;&nbsp;&nbsp;&nbsp;&nbsp;&nbsp;&nbsp;&nbsp;&nbsp;&nbsp;&nbsp;&nbsp;<\/p>\n<p><strong>Diligenciada por: <\/strong>Paula Andrea Salamanca Hern\u00e1ndez<\/p>\n<p>INFORMACI\u00d3N BIBLIOGR\u00c1FICA<\/p>\n<p>Peri\u00f3dico: El Colombiano<\/p>\n<p>Lugar de edici\u00f3n: Medell\u00edn<\/p>\n<p>Autor personal:<\/p>\n<p>Autor corporativo:<\/p>\n<p>Fecha: 1993 noviembre 21<\/p>\n<p>P\u00e1gina: 8B<\/p>\n<p>Secci\u00f3n: Antioquia&nbsp;<\/p>\n<p><strong>Titular: <\/strong>Profesores llamaron a la normalidad<\/p>\n<p><strong>Resumen: <\/strong>la Reuni\u00f3n General de Profesores de la Universidad de Antioquia, \u201cllam\u00f3 a la reanudaci\u00f3n de todas las actividades acad\u00e9micas en el claustro, como una condici\u00f3n para favorecer la continuaci\u00f3n del di\u00e1logo\u201d. A trav\u00e9s de un pronunciamiento dijo adem\u00e1s que \u201cnormalizar las tareas propias de la Universidad, permitir\u00eda desarrollar y ampliar la discusi\u00f3n sobre la elaboraci\u00f3n concertada de la nueva normatividad universitaria: estatuto general y reglamento docente, estudiantil y del personal administrativo\u201d. Debido a que en la Universidad se llevaban dos semanas de cese de actividades acad\u00e9micas los profesores manifestaron \u201c[\u2026] sin desconocer las legitimidades de las peticiones estudiantiles cuestionamos la validez del actual cese de actividades acad\u00e9micas como m\u00e9todo para lograrlas porque no propicia el di\u00e1logo y la concertaci\u00f3n y debilita adem\u00e1s las condiciones de trabajo del profesorado y pauperiza, incluso la situaci\u00f3n del estudiantado\u201d. Por \u00faltimo, persuadieron a los estudiantes de respaldar la labor del Foro Permanente de Reflexi\u00f3n y Deliberaci\u00f3n.<\/p>\n<p>Por otro lado, el Rector de la Universidad pidi\u00f3 a la misma Asociaci\u00f3n de Profesores \u201cpronunciarse sobre la presunta vinculaci\u00f3n irregular, como profesores y estudiantes de agentes pertenecientes a la inteligencia militar.\u201d Esta petici\u00f3n en el contexto de unas declaraciones que el Frente Jos\u00e9 Mar\u00eda C\u00f3rdova de las FARC-EP hizo circular en la Universidad donde afirmaban \u201cque dos agentes de las fuerzas armadas hab\u00edan sido vinculados al Alma Mater por el rector\u201d. Hac\u00eda un mes cuando el conflicto en la universidad estaba agudizado, las mismas FARC hab\u00edan enviado una carta al rector donde le dec\u00edan que ten\u00edan informaci\u00f3n sobre la infiltraci\u00f3n de miembros de la inteligencia militar en la Universidad, un profesor y un alumno respectivamente a la vez que amenazaron al rector para que no se lavara las manos vincul\u00e1ndolos a las crisis de la Universidad.<\/p>\n<p><strong>Im\u00e1genes:<\/strong> N\/A<\/p>\n<p><strong>Archivos de Registro: <\/strong>REG_C131<\/p>\n<p>INFORMACI\u00d3N ANAL\u00cdTICA<\/p>\n<p>Contexto de la noticia: exterminio de la UP, Recrudecimiento del conflicto paramilitar, Recrudecimiento del conflicto armado, guerra entre Los Pepes y el Cartel de Medell\u00edn, Tratado de Maastricht, Fin del Apartheid<\/p>\n<p>Palabras clave: Acciones de resistencia, Comunicados, Misivas, Rector Rafael Aubad G\u00f3mez, Profesores, Claustros, Estudiantes, Respuestas institucionales, Reforma universitaria, FARC-EP, Foro de Reflexi\u00f3n y Deliberaci\u00f3n<\/p>\n<p>Sugerencia de palabras claves:<\/p>\n<p>Observaciones: tres d\u00edas despu\u00e9s se realiz\u00f3 una sesi\u00f3n p\u00fablica del Foro de Reflexi\u00f3n para propiciar el debate en la Universidad y dar soluciones a los distintos temas, por ejemplo, retomar la normalidad en todas las \u00e1reas de estudio.<\/p>\n<p><strong>Fecha de diligenciamiento:<\/strong> 20 febrero 2018<\/p>\n<h1 style=\"text-align: center;\">***<\/h1>\n<p><strong>N\u00famero de ficha<\/strong>: C-132&nbsp;&nbsp;&nbsp;&nbsp;&nbsp;&nbsp;&nbsp;&nbsp;&nbsp;&nbsp;&nbsp;&nbsp;&nbsp;&nbsp;&nbsp;&nbsp;&nbsp;&nbsp;&nbsp;&nbsp;&nbsp;&nbsp;&nbsp;&nbsp;&nbsp;&nbsp;&nbsp;&nbsp;&nbsp;&nbsp;&nbsp;&nbsp;&nbsp;&nbsp;&nbsp;&nbsp;&nbsp;&nbsp;&nbsp;&nbsp;&nbsp;&nbsp;&nbsp;&nbsp;&nbsp;&nbsp;&nbsp;&nbsp;&nbsp;&nbsp;&nbsp;&nbsp;&nbsp;<\/p>\n<p><strong>Diligenciada por: <\/strong>Paula Andrea Salamanca Hern\u00e1ndez<\/p>\n<p>INFORMACI\u00d3N BIBLIOGR\u00c1FICA<\/p>\n<p>Peri\u00f3dico: El Colombiano<\/p>\n<p>Lugar de edici\u00f3n: Medell\u00edn<\/p>\n<p>Autor personal:<\/p>\n<p>Autor corporativo:<\/p>\n<p>Fecha: 1993 noviembre 25<\/p>\n<p>P\u00e1gina: 14C<\/p>\n<p>Secci\u00f3n: Generales<\/p>\n<p><strong>Titular: <\/strong>Saboteado el foro de Reflexi\u00f3n<\/p>\n<p><strong>Resumen:<\/strong> \u201cun sector del estudiantado que participa en la Asamblea General de Estudiantes del Universidad de Antioquia sabote\u00f3 la primera sesi\u00f3n p\u00fablica del Foro de Reflexi\u00f3n y Deliberaci\u00f3n que se realiz\u00f3 ayer en la tarde en el Teatro Camilo Torres\u201d. \u201c[\u2026] por medio de consignas, gritos, silbatina y tirar al piso en ocho ocasiones la bandera de la Rep\u00fablica de Colombia se impidi\u00f3 que la reuni\u00f3n se pudiera desarrollar la forma normal. Incluso en una ocasi\u00f3n el pabell\u00f3n nacional fue pisoteado por la persona que lo bajaba del soporte en el que estaba.\u201d [ \u2026] \u201cen ocho ocasiones mientras se informaba c\u00f3mo estaba constituido el foro de Reflexi\u00f3n, la agenda, metodolog\u00eda y labor que ven\u00edan cumpliendo las cuatro mesas de trabajo, una persona baj\u00f3 de su pedestal la bandera de Colombia y puso en su lugar una roja\u201d despu\u00e9s de una hora y media de saboteos, los asistentes decidieron retirar del foro.<\/p>\n<p>Por otro lado \u201ctrascendi\u00f3 tambi\u00e9n que por lo menos siete profesores de Ciencias Humanas y el vicerrector General \u00c1lvaro Gaviria, recibieron serias amenazas de muerte a trav\u00e9s de sufragios y fotos suyas en ata\u00fades. No se supo de qui\u00e9n proven\u00edan los mensajes.<\/p>\n<p><strong>Im\u00e1genes:<\/strong> (IMA_C132) Que tristeza (nombre de la foto) que describe en pie de foto \u201cunas pocas personas impidieron que se desarrollara de manera normal esta reuni\u00f3n del Foro de Reflexi\u00f3n y Deliberaci\u00f3n de la U. de A., que se cumpli\u00f3 ayer en la tarde en el Teatro Camilo Torres: hasta la bandera de Colombia fue tirada al piso en ocho ocasiones y en una de ellas pisoteada.<\/p>\n<p><strong>Archivos de Registro: <\/strong>REG_C132<\/p>\n<p>INFORMACI\u00d3N ANAL\u00cdTICA<\/p>\n<p>Contexto de la noticia: exterminio de la UP, Recrudecimiento del conflicto paramilitar, Recrudecimiento del conflicto armado, guerra entre Los Pepes y el Cartel de Medell\u00edn, Tratado de Maastricht, Fin del Apartheid, en noviembre matan a Pablo Emilio Escobar Gaviria<\/p>\n<p>Palabras clave: Acciones de resistencia, Mitin, Asamblea General de Estudiantes, Estudiantes, Foro de Reflexi\u00f3n y deliberaci\u00f3n, vicerrector General \u00c1lvaro Gaviria, Acciones violentas, Amenaza<\/p>\n<p>Sugerencia de palabras claves:<\/p>\n<p>Observaciones: en observaciones de la ficha anterior, se referenci\u00f3 la realizaci\u00f3n de la sesi\u00f3n p\u00fablica del Foro. En el mes siguiente, es decir, diciembre la universidad estuvo en actividades y discusiones sobre c\u00f3mo retomar la normalidad, se habl\u00f3 de la cancelaci\u00f3n del semestre e incluso del cierre de la Universidad, pero como tal al final del a\u00f1o se decidi\u00f3 retomar las clases proponiendo calendarios para el a\u00f1o siguiente (1994).<\/p>\n<p><strong>Fecha de diligenciamiento:<\/strong> 21 febrero 2018<\/p>\n<h1 style=\"text-align: center;\">***<\/h1>\n<p><strong>N\u00famero de ficha<\/strong>: C-133&nbsp;&nbsp;&nbsp;&nbsp;&nbsp;&nbsp;&nbsp;&nbsp;&nbsp;&nbsp;&nbsp;&nbsp;&nbsp;&nbsp;&nbsp;&nbsp;&nbsp;&nbsp;&nbsp;&nbsp;&nbsp;&nbsp;&nbsp;&nbsp;&nbsp;&nbsp;&nbsp;&nbsp;&nbsp;&nbsp;&nbsp;&nbsp;&nbsp;&nbsp;&nbsp;&nbsp;&nbsp;&nbsp;&nbsp;&nbsp;&nbsp;&nbsp;&nbsp;&nbsp;&nbsp;&nbsp;&nbsp;&nbsp;&nbsp;&nbsp;&nbsp;&nbsp;&nbsp;<\/p>\n<p><strong>Diligenciada por: <\/strong>Paula Andrea Salamanca Hern\u00e1ndez<\/p>\n<p>INFORMACI\u00d3N BIBLIOGR\u00c1FICA<\/p>\n<p>Peri\u00f3dico: El Colombiano<\/p>\n<p>Lugar de edici\u00f3n: Medell\u00edn<\/p>\n<p>Autor personal:<\/p>\n<p>Autor corporativo:<\/p>\n<p>Fecha: 1994 enero 28<\/p>\n<p>P\u00e1gina: 5B<\/p>\n<p>Secci\u00f3n: Antioquia<\/p>\n<p><strong>Titular: <\/strong>La Universidad reflexiona sobre sus normas<\/p>\n<p><strong>Resumen:<\/strong> El CSU cre\u00f3 los foros universitarios para que se diera el di\u00e1logo y la confrontaci\u00f3n de ideas sobre los temas m\u00e1s importantes de la vida institucional; adem\u00e1s del an\u00e1lisis de proyectos sobre el estatuto general universitario, que hab\u00edan sido presentados por los distintos estamentos de la Universidad, igualmente el Foro de Reflexi\u00f3n y Deliberaci\u00f3n continu\u00f3 e invit\u00f3 a la comunidad universitaria a un ciclo de presentaciones todo con el fin de promover la convivencia y la concertaci\u00f3n.<\/p>\n<p><strong>Im\u00e1genes:<\/strong> N\/A<\/p>\n<p><strong>Archivos de Registro: <\/strong>REG_C133<\/p>\n<p>INFORMACI\u00d3N ANAL\u00cdTICA<\/p>\n<p>Contexto de la noticia: exterminio de la UP, Recrudecimiento del conflicto paramilitar, Recrudecimiento del conflicto armado, guerra entre Los Pepes y el Cartel de Medell\u00edn, Tratado de Maastricht, Fin del Apartheid, en noviembre matan a Pablo Emilio Escobar Gaviria, Aumento de los secuestros en Colombia por parte de grupos alzados en armas, Avalancha Rio Fraile, Florida (Valle), C\u00e9sar Gaviria secretario de la OEA, Robo Banco de la Republica en Valledupar, Nelson Mandela presidente de Sud\u00e1frica, Autogol y asesinato de Andr\u00e9s Escobar,&nbsp; Nuevo presidente de Colombia Ernesto Samper, Muerte de Fidel Casta\u00f1o (paramilitar), Asesinato de Alejandro Gonz\u00e1lez Jaramillo (aspirante Senado, Medell\u00edn), Masacre de la Chinita.<\/p>\n<p>Palabras clave: Respuestas institucionales, Campa\u00f1as de sensibilizaci\u00f3n,<\/p>\n<p>Sugerencia de palabras claves:<\/p>\n<p>Observaciones:<\/p>\n<p><strong>Fecha de diligenciamiento:<\/strong> 22 febrero 2018<\/p>\n<h1 style=\"text-align: center;\">***<\/h1>\n<p><strong>N\u00famero de ficha<\/strong>: C-134&nbsp;&nbsp;&nbsp;&nbsp;&nbsp;&nbsp;&nbsp;&nbsp;&nbsp;&nbsp;&nbsp;&nbsp;&nbsp;&nbsp;&nbsp;&nbsp;&nbsp;&nbsp;&nbsp;&nbsp;&nbsp;&nbsp;&nbsp;&nbsp;&nbsp;&nbsp;&nbsp;&nbsp;&nbsp;&nbsp;&nbsp;&nbsp;&nbsp;&nbsp;&nbsp;&nbsp;&nbsp;&nbsp;&nbsp;&nbsp;&nbsp;&nbsp;&nbsp;&nbsp;&nbsp;&nbsp;&nbsp;&nbsp;&nbsp;&nbsp;&nbsp;&nbsp;&nbsp;<\/p>\n<p><strong>Diligenciada por: <\/strong>Paula Andrea Salamanca Hern\u00e1ndez<\/p>\n<p>INFORMACI\u00d3N BIBLIOGR\u00c1FICA<\/p>\n<p>Peri\u00f3dico: El Colombiano<\/p>\n<p>Lugar de edici\u00f3n: Medell\u00edn<\/p>\n<p>Autor personal:<\/p>\n<p>Autor corporativo:<\/p>\n<p>Fecha: 1994 marzo 29<\/p>\n<p>P\u00e1gina: 10A<\/p>\n<p>Secci\u00f3n: Antioquia<\/p>\n<p><strong>Titular: <\/strong>La U de A tiene nuevo Estatuto General<\/p>\n<p><strong>Resumen:<\/strong> la Universidad a trav\u00e9s de los consignado en el Nuevo Estatuto General, que hab\u00eda sido aprobado por el CSU aspirar\u00eda a una serie de reformas, en diez t\u00edtulos y 126 art\u00edculos estar\u00edan consignados los nuevos elementos del cuerpo normativo universitario. Algunos de los ejes de la nueva reforma ser\u00edan la autonom\u00eda universitaria, estructuras acad\u00e9mico administrativas, la investigaci\u00f3n, la planeaci\u00f3n, el poder y la democracia, entre otros.&nbsp;<\/p>\n<p><strong>Im\u00e1genes:<\/strong> N\/A<\/p>\n<p><strong>Archivos de Registro: <\/strong>REG_C134<\/p>\n<p>INFORMACI\u00d3N ANAL\u00cdTICA<\/p>\n<p>Contexto de la noticia: exterminio de la UP, Recrudecimiento del conflicto paramilitar, Recrudecimiento del conflicto armado, guerra entre Los Pepes y el Cartel de Medell\u00edn, Tratado de Maastricht, Fin del Apartheid, en noviembre matan a Pablo Emilio Escobar Gaviria, Aumento de los secuestros en Colombia por parte de grupos alzados en armas, Avalancha Rio Fraile, Florida (Valle), C\u00e9sar Gaviria secretario de la OEA, Robo Banco de la Republica en Valledupar, Nelson Mandela presidente de Sud\u00e1frica, Autogol y asesinato de Andr\u00e9s Escobar,&nbsp; Nuevo presidente de Colombia Ernesto Samper, Acuerdo de paz con Milicias Populares (Medell\u00edn)<\/p>\n<p>Palabras clave: Respuestas institucionales, Reforma universitaria, Consejo Superior Universitario<\/p>\n<p>Sugerencia de palabras claves:<\/p>\n<p>Observaciones:<\/p>\n<p><strong>Fecha de diligenciamiento:<\/strong> 22 febrero 2018<\/p>\n<h1 style=\"text-align: center;\">***<\/h1>\n<p><strong>N\u00famero de ficha<\/strong>: C-135&nbsp;&nbsp;&nbsp;&nbsp;&nbsp;&nbsp;&nbsp;&nbsp;&nbsp;&nbsp;&nbsp;&nbsp;&nbsp;&nbsp;&nbsp;&nbsp;&nbsp;&nbsp;&nbsp;&nbsp;&nbsp;&nbsp;&nbsp;&nbsp;&nbsp;&nbsp;&nbsp;&nbsp;&nbsp;&nbsp;&nbsp;&nbsp;&nbsp;&nbsp;&nbsp;&nbsp;&nbsp;&nbsp;&nbsp;&nbsp;&nbsp;&nbsp;&nbsp;&nbsp;&nbsp;&nbsp;&nbsp;&nbsp;&nbsp;&nbsp;&nbsp;&nbsp;&nbsp;<\/p>\n<p><strong>Diligenciada por: <\/strong>Paula Andrea Salamanca Hern\u00e1ndez<\/p>\n<p>INFORMACI\u00d3N BIBLIOGR\u00c1FICA<\/p>\n<p>Peri\u00f3dico: El Colombiano<\/p>\n<p>Lugar de edici\u00f3n: Medell\u00edn<\/p>\n<p>Autor personal:<\/p>\n<p>Autor corporativo:<\/p>\n<p>Fecha: 1994 abril 7<\/p>\n<p>P\u00e1gina: 7A<\/p>\n<p>Secci\u00f3n: Antioquia<\/p>\n<p><strong>Titular: <\/strong>Hallan cad\u00e1ver de dirigente estudiantil de la U. de A<\/p>\n<p><strong>Resumen:<\/strong> en aguas del r\u00edo Medell\u00edn fue encontrado el cad\u00e1ver del miembro del Consejo Estudiantil Luis Fernando Ortiz Vel\u00e1squez, al norte en el municipio de Copacabana. \u201cmientras familiares de la v\u00edctima y miembros de la Oficina de informaci\u00f3n y Prensa de la Polic\u00eda Metropolitana aseguraron que la muerte del dirigente estudiantil fue provocada por un disparo de rev\u00f3lver en la nuca, otros testimonios recogidos por autoridades judiciales apuntan a que el hecho obedeci\u00f3 a un posible accidente de tr\u00e1nsito o al robo del veh\u00edculo en el cual se movilizaba el estudiante por el sur de la capital antioque\u00f1a.\u201d<\/p>\n<p>\u201cDe acuerdo con funcionarios de la Inspecci\u00f3n de Polic\u00eda del municipio de Copacabana, quienes rescataron el cad\u00e1ver efectivamente el cuerpo presentaba tres orificios: uno en la cabeza otro cerca de la boca y el tercero en la nuca. No obstante, precisaron las autoridades de Copacabana, solo el dictamen de Medicina Legal demostrar\u00e1 si sus las heridas eran de bala, arma cortopunzante, piedra o picotazos de las aves de rapi\u00f1a, ya que el cuerpo fue recuperado en estado de descomposici\u00f3n. El cuerpo del estudiante afirm\u00f3 el funcionario fue avistado la tarde del pasado lunes flotando sobre las aguas del r\u00edo al norte de Medell\u00edn. Noticia que se conoci\u00f3 a trav\u00e9s de los radios de la polic\u00eda Metropolitana, cuyos efectivos trataron de recuperar el cuerpo. Sin embargo, este no pudo ser rescatado ni por las autoridades de la capital antioque\u00f1a, ni por las del municipio de Bello, debido al fuerte aguacero que azot\u00f3 el Valle de Aburr\u00e1 ese d\u00eda. Como el cuerpo permanec\u00eda sin rescatar y gracias a que la inspecci\u00f3n de Copacabana queda casi en la ribera del afluente, sus funcionarios se mantuvieron alertas todo el d\u00eda martes.<\/p>\n<p>\u00abA las 5:30 de la tarde observamos que varios muchachos del barrio San Juan comenzaron a correr por la orilla derecha del r\u00edo, ante el hecho decidimos acudir al lugar para comprobar lo que pasaba y hallamos el cad\u00e1ver varado en un recodo del r\u00edo\u00bb. El cuerpo estaba sin camisa Luc\u00eda un pantal\u00f3n marr\u00f3n zapatos y medias. En los bolsillos del pantal\u00f3n las autoridades que diligenciaron el levantamiento encontraron su c\u00e9dula de ciudadan\u00eda, la matr\u00edcula universitaria y otros documentos relacionados con aspectos acad\u00e9micos, as\u00ed como el carn\u00e9 de otro joven universitario, quien al parecer hab\u00eda pedido a Ortiz por su calidad de representante estudiantil que le tramitara alg\u00fan documento en la Universidad\u201d<\/p>\n<ul>\n<li>Contradicciones: Luis Fernando Ortiz, dijo uno de sus hermanos, desapareci\u00f3 la medianoche del pasado mi\u00e9rcoles Santo, cuando llam\u00f3 a su se\u00f1ora madre, desde un punto no determinado de la ciudad, para decirle que no se preocupara que ya iba para la casa. Sin embargo, nunca apareci\u00f3.<\/li>\n<\/ul>\n<p>Para tratar de esclarecer el hecho los miembros de la fiscal\u00eda inicialmente trabajan sobre tres pistas, que, aunque tienen un mismo origen chocan la una con la otra.<\/p>\n<p>La primera de acuerdo con la declaraci\u00f3n entregada por otro joven universitario que acompa\u00f1aba a la v\u00edctima, ambos se movilizaban en una motocicleta. En inmediaciones al Centro Comercial Monterrey, sufrieron un accidente de tr\u00e1nsito. El compa\u00f1ero de Ortiz perdi\u00f3 el sentido y no volvi\u00f3 a saber nada de lo que pas\u00f3. \u00abseis d\u00edas despu\u00e9s recuper\u00f3 el sentido y puso el denuncio por la moto, pero no dijo nada sobre Ortiz\u00bb afirm\u00f3 un vocero.<\/p>\n<p>La segunda versi\u00f3n habla de que los dos estudiantes fueron atacados por desconocidos, quienes intentaron despojarlos de la moto. En el forcejeo Ortiz y el veh\u00edculo desaparecieron. Finalmente, la tercera versi\u00f3n sobre el incidente se dice que efectivamente este ocurri\u00f3 en el sur de Medell\u00edn pero que el estudiante asesinado no viajaba en ninguna moto\u201d<\/p>\n<p><strong>Im\u00e1genes:<\/strong> N\/A<\/p>\n<p><strong>Archivos de Registro: <\/strong>REG_C135<\/p>\n<p>INFORMACI\u00d3N ANAL\u00cdTICA<\/p>\n<p>Contexto de la noticia: exterminio de la UP, Recrudecimiento del conflicto paramilitar, Recrudecimiento del conflicto armado, guerra entre Los Pepes y el Cartel de Medell\u00edn, Tratado de Maastricht, Fin del Apartheid, en noviembre matan a Pablo Emilio Escobar Gaviria, Aumento de los secuestros en Colombia por parte de grupos alzados en armas, Avalancha Rio Fraile, Florida (Valle), C\u00e9sar Gaviria secretario de la OEA, Robo Banco de la Republica en Valledupar, Nelson Mandela presidente de Sud\u00e1frica, Autogol y asesinato de Andr\u00e9s Escobar,&nbsp; Nuevo presidente de Colombia Ernesto Samper<\/p>\n<p>Palabras clave: Estudiante Luis Fernando Ortiz Vel\u00e1squez, Consejos estudiantiles<\/p>\n<p>Sugerencia de palabras claves:<\/p>\n<p>Observaciones: el caso como tal no se resuelve y tampoco hay una palabra clave o etiqueta para el mismo<\/p>\n<p><strong>Fecha de diligenciamiento:<\/strong> 22 febrero 2018<\/p>\n<h1 style=\"text-align: center;\">***<\/h1>\n<p><strong>N\u00famero de ficha<\/strong>: C-136&nbsp;&nbsp;&nbsp;&nbsp;&nbsp;&nbsp;&nbsp;&nbsp;&nbsp;&nbsp;&nbsp;&nbsp;&nbsp;&nbsp;&nbsp;&nbsp;&nbsp;&nbsp; &nbsp;&nbsp;&nbsp;&nbsp;&nbsp;&nbsp;&nbsp;&nbsp;&nbsp;&nbsp;&nbsp;&nbsp;&nbsp;&nbsp;&nbsp;&nbsp;&nbsp;&nbsp;&nbsp;&nbsp;&nbsp;&nbsp;&nbsp;&nbsp;&nbsp;&nbsp;&nbsp;&nbsp;&nbsp;&nbsp;&nbsp;&nbsp;&nbsp;&nbsp;&nbsp;<\/p>\n<p><strong>Diligenciada por: <\/strong>Paula Andrea Salamanca Hern\u00e1ndez<\/p>\n<p>INFORMACI\u00d3N BIBLIOGR\u00c1FICA<\/p>\n<p>Peri\u00f3dico: El Colombiano<\/p>\n<p>Lugar de edici\u00f3n: Medell\u00edn<\/p>\n<p>Autor personal:<\/p>\n<p>Autor corporativo:<\/p>\n<p>Fecha: 1994 abril 11<\/p>\n<p>P\u00e1gina:15A<\/p>\n<p>Secci\u00f3n: Antioquia\/ Apuntes<\/p>\n<p><strong>Titular: <\/strong>Rechazan muerte de l\u00edder estudiantil<\/p>\n<p><strong>Resumen:<\/strong> \u201cel Foro Permanente de Reflexi\u00f3n y Deliberaci\u00f3n de la Universidad de Antioquia lament\u00f3 la muerte del estudiante Luis Fernando Ortiz Vel\u00e1squez, quien hac\u00eda parte de ese importante organismo universitario convocado para promover el di\u00e1logo sobre los principales asuntos a la vida del Alma Mater.\u201d El mensaje fue el siguiente, firmado por Carlos Payares Gonz\u00e1lez<\/p>\n<p>\u201cel Foro Permanente de Reflexi\u00f3n y Deliberaci\u00f3n de la U. de A aclara ante la opini\u00f3n p\u00fablica lo siguiente:<\/p>\n<ol>\n<li>Que en sesi\u00f3n plenaria del mi\u00e9rcoles de 6 de abril tuvo conocimiento el deceso del estudiante Luis Fernando Ortiz Vel\u00e1squez<\/li>\n<li>Que el estudiante era miembro activo de este Foro, destacado por su alto sentido de responsabilidad y de seriedad. As\u00ed mismo era un reconocido representante estudiantil en el Consejo de la Facultad de Ingenier\u00eda y un excelente estudiante<\/li>\n<li>El foro lamenta la muerte de Luis Fernando Ortiz Vel\u00e1squez y se suma al dolor que embarga a sus familiares y amigos y a la propia instituci\u00f3n universitaria.\u201d<\/li>\n<\/ol>\n<p><strong>Im\u00e1genes:<\/strong> N\/A<\/p>\n<p><strong>Archivos de Registro: <\/strong>REG_C136<\/p>\n<p>INFORMACI\u00d3N ANAL\u00cdTICA<\/p>\n<p>Contexto de la noticia: exterminio de la UP, Recrudecimiento del conflicto paramilitar, Recrudecimiento del conflicto armado, guerra entre Los Pepes y el Cartel de Medell\u00edn, Tratado de Maastricht, Fin del Apartheid, en noviembre matan a Pablo Emilio Escobar Gaviria, Aumento de los secuestros en Colombia por<\/p>\n<p>parte de grupos alzados en armas, Avalancha Rio Fraile, Florida (Valle), C\u00e9sar Gaviria secretario de la OEA, Robo Banco de la Republica en Valledupar, Nelson Mandela presidente de Sud\u00e1frica, Autogol y asesinato de Andr\u00e9s Escobar, Nuevo presidente de Colombia Ernesto Samper<\/p>\n<p>Palabras clave: Estudiante Luis Fernando Ortiz Vel\u00e1squez, Consejos estudiantiles, Respuestas institucionales, Comunicados, Foro Permanente de Reflexi\u00f3n y Deliberaci\u00f3n<\/p>\n<p>Sugerencia de palabras claves:<\/p>\n<p>Observaciones:<\/p>\n<p><strong>Fecha de diligenciamiento:<\/strong> 22 febrero 2018<\/p>\n<h1 style=\"text-align: center;\">***<\/h1>\n<p><strong>N\u00famero de ficha<\/strong>: C-137&nbsp;&nbsp;&nbsp;&nbsp;&nbsp;&nbsp;&nbsp;&nbsp;&nbsp;&nbsp;&nbsp;&nbsp;&nbsp;&nbsp;&nbsp;&nbsp;&nbsp;&nbsp;&nbsp;&nbsp;&nbsp;&nbsp;&nbsp;&nbsp;&nbsp;&nbsp;&nbsp;&nbsp;&nbsp;&nbsp;&nbsp;&nbsp;&nbsp;&nbsp;&nbsp;&nbsp;&nbsp;&nbsp;&nbsp;&nbsp;&nbsp;&nbsp;&nbsp;&nbsp;&nbsp;&nbsp;&nbsp;&nbsp;&nbsp;&nbsp;&nbsp;&nbsp;&nbsp;<\/p>\n<p><strong>Diligenciada por: <\/strong>Paula Andrea Salamanca Hern\u00e1ndez<\/p>\n<p>INFORMACI\u00d3N BIBLIOGR\u00c1FICA<\/p>\n<p>Peri\u00f3dico: El Colombiano<\/p>\n<p>Lugar de edici\u00f3n: Medell\u00edn<\/p>\n<p>Autor personal:<\/p>\n<p>Autor corporativo:<\/p>\n<p>Fecha: 1994 junio 10<\/p>\n<p>P\u00e1gina:12A<\/p>\n<p>Secci\u00f3n: Antioquia<\/p>\n<p><strong>Titular: <\/strong>Disturbios en la U. de Antioquia<\/p>\n<p><strong>Resumen:<\/strong> a las 9:30 de la ma\u00f1ana iniciaron los hechos en la Universidad, por motivos de lo ocurridos los d\u00edas 8 y 9 de junio de 1954, algo que habitualmente se hace cada a\u00f1o. Adem\u00e1s, los estudiantes de la Universidad rechazaron las pol\u00edticas gubernamentales y reclamaron justicia por el asesinato del estudiante del colegio Marco Fidel Suarez, Jamilton Guillermo Chica Boh\u00f3rquez (septiembre de 1993). Toda la ma\u00f1ana fue un constante enfrentamiento entre estudiantes y fuerzas del Estado, bombas lacrim\u00f3genas, piedras, bombas molotov. Otro motivo por el que protestaron los estudiantes fue por el asesinato de varios estudiantes durante el gobierno del Gral. Gustavo Rojas Pinilla. el saldo un bus de la l\u00ednea Medell\u00edn \u2013 Barbosa que fue totalmente incinerado por encapuchados que se lo tomaron y al que varios mec\u00e1nicos del barrio Chagualo fueron a sacarle las partes. El conductor del bus se qued\u00f3 sin empleo y las p\u00e9rdidas sumaron los 50 millones de pesos. No hubo heridos en la confrontaci\u00f3n.<\/p>\n<p><strong>Im\u00e1genes:<\/strong><\/p>\n<ul>\n<li>(IMA_C137a) Jornada \u201ctradicional\u201d (nombre de la foto) que describe en pie de foto \u201clas protestas en los alrededores de la Universidad los d\u00edas 8 y 9 de junio, son casi una tradici\u00f3n que deben confrontar a\u00f1o tras a\u00f1o las fuerzas de seguridad del Estado.\u201d<\/li>\n<li>(IMA_C137b) Los beneficiarios (nombre de la foto) que describe en pie de foto \u201cen segundos y en medio de las llamas este bus quemado en las afueras de la Universidad de Antioquia fue completamente deshuesado\u201d<\/li>\n<\/ul>\n<p><strong>Archivos de Registro: <\/strong>REG_C137<\/p>\n<p>INFORMACI\u00d3N ANAL\u00cdTICA<\/p>\n<p>Contexto de la noticia: exterminio de la UP, Recrudecimiento del conflicto paramilitar, Recrudecimiento del conflicto armado, guerra entre Los Pepes y el Cartel de Medell\u00edn, Tratado de Maastricht, Fin del Apartheid, en noviembre matan a Pablo Emilio Escobar Gaviria, Aumento de los secuestros en Colombia por parte de grupos alzados en armas, Avalancha Rio Fraile, Florida (Valle), C\u00e9sar Gaviria secretario de la OEA, Robo Banco de la Republica en Valledupar, Nelson Mandela presidente de Sud\u00e1frica, Autogol y asesinato de Andr\u00e9s Escobar,&nbsp; Nuevo presidente de Colombia Ernesto Samper<\/p>\n<p>Palabras clave: Acciones contestatarias, Tropel, uso de petardos y explosivos, Polic\u00eda, Acciones de resistencia, Conmemoraciones, Jamilton Guillermo Chica Boh\u00f3rquez<\/p>\n<p>Sugerencia de palabras claves:<\/p>\n<p>Observaciones:<\/p>\n<p><strong>Fecha de diligenciamiento:<\/strong> 22 febrero 2018<\/p>\n<h1 style=\"text-align: center;\">***<\/h1>\n<p><strong>N\u00famero de ficha<\/strong>: C-138&nbsp;&nbsp;&nbsp;&nbsp;&nbsp;&nbsp;&nbsp;&nbsp;&nbsp;&nbsp;&nbsp;&nbsp;&nbsp;&nbsp;&nbsp;&nbsp;&nbsp;&nbsp;&nbsp;&nbsp;&nbsp;&nbsp;&nbsp;&nbsp;&nbsp;&nbsp;&nbsp;&nbsp;&nbsp;&nbsp;&nbsp;&nbsp;&nbsp;&nbsp;&nbsp;&nbsp;&nbsp;&nbsp;&nbsp;&nbsp;&nbsp;&nbsp;&nbsp;&nbsp;&nbsp;&nbsp;&nbsp;&nbsp;&nbsp;&nbsp;&nbsp;&nbsp;&nbsp;<\/p>\n<p><strong>Diligenciada por: <\/strong>Paula Andrea Salamanca Hern\u00e1ndez<\/p>\n<p>INFORMACI\u00d3N BIBLIOGR\u00c1FICA<\/p>\n<p>Peri\u00f3dico: El Colombiano<\/p>\n<p>Lugar de edici\u00f3n: Medell\u00edn<\/p>\n<p>Autor personal:<\/p>\n<p>Autor corporativo:<\/p>\n<p>Fecha: 1994 agosto 30<\/p>\n<p>P\u00e1gina:10A<\/p>\n<p>Secci\u00f3n: Antioquia<\/p>\n<p><strong>Titular: <\/strong>Deploran negligencia de autoridades por explosi\u00f3n ocurrida en Cocorn\u00e1<\/p>\n<p><strong>Resumen:<\/strong> la Asociaci\u00f3n de Egresados de la Facultad de Odontolog\u00eda de la Universidad de Antioquia (Asefodua), \u201cdeploro la negligencia y falta de control de las autoridades con ocasi\u00f3n de un episodio de violencia perpetrado hace un mes por la guerrilla en cercan\u00edas del municipio de Cocorn\u00e1 y que provoc\u00f3 la muerte de una persona y graves quemaduras a dos de sus colegas de profesi\u00f3n.\u201d [ \u2026] el domingo 31 de julio en la v\u00eda Medell\u00edn- Bogot\u00e1 sobre la autopista unos subversivos voltearon un veh\u00edculo que transportaba gas sobre las diez de la ma\u00f1ana. Hubo un escape de combustible durante tiempo prolongado, nueve horas despu\u00e9s pasaron por el lugar Octavio Ospina y su esposa Luz Helena Piedrahita con una hermana; con tal mala suerte que en ese mismo instante ocurri\u00f3 una explosi\u00f3n que alcanz\u00f3 su veh\u00edculo. [ \u2026] \u201clas autoridades son las culpables de que nuestros amigos se encuentren hoy en unas circunstancias de alto riesgo y\/o de secuelas para sus vidas\u201d. El texto fue firmado por Ignacio Agudelo San\u00edn y Agust\u00edn Lopera Salazar presidente y secretario de la asociaci\u00f3n.<\/p>\n<p><strong>Im\u00e1genes:<\/strong> N\/A<\/p>\n<p><strong>Archivos de Registro: <\/strong>REG_C138<\/p>\n<p>INFORMACI\u00d3N ANAL\u00cdTICA<\/p>\n<p>Contexto de la noticia: exterminio de la UP, Recrudecimiento del conflicto paramilitar, Recrudecimiento del conflicto armado, guerra entre Los Pepes y el Cartel de Medell\u00edn, Tratado de Maastricht, Fin del Apartheid, en noviembre matan a Pablo Emilio Escobar Gaviria, Aumento de los secuestros en Colombia por parte de grupos alzados en armas, Avalancha Rio Fraile, Florida (Valle), C\u00e9sar Gaviria secretario de la OEA, Robo Banco de la Republica en Valledupar, Nelson Mandela presidente de Sud\u00e1frica, Autogol y asesinato de Andr\u00e9s Escobar,&nbsp; Nuevo presidente de Colombia Ernesto Samper<\/p>\n<p>Palabras clave: Acciones de resistencia, Comunicados, Asociaci\u00f3n de Egresados de la Facultad de Odontolog\u00eda de la Universidad de Antioquia, Asefodua, Octavio Ospina, Luz Helena Piedrahita<\/p>\n<p>Sugerencia de palabras claves:<\/p>\n<p>Observaciones:<\/p>\n<p><strong>Fecha de diligenciamiento:<\/strong> 22 febrero 2018<\/p>\n<h1 style=\"text-align: center;\">***<\/h1>\n<p><strong>N\u00famero de ficha<\/strong>: C-139&nbsp; &nbsp; &nbsp; &nbsp; &nbsp; &nbsp; &nbsp; &nbsp; &nbsp; &nbsp; &nbsp; &nbsp; &nbsp; &nbsp; &nbsp; &nbsp; &nbsp; &nbsp; &nbsp; &nbsp; &nbsp; &nbsp; &nbsp; &nbsp; &nbsp; &nbsp; &nbsp;<\/p>\n<p><strong>Diligenciada por: <\/strong>Paula Andrea Salamanca Hern\u00e1ndez<\/p>\n<p>INFORMACI\u00d3N BIBLIOGR\u00c1FICA<\/p>\n<p>Peri\u00f3dico: El Colombiano<\/p>\n<p>Lugar de edici\u00f3n: Medell\u00edn<\/p>\n<p>Autor personal:<\/p>\n<p>Autor corporativo:<\/p>\n<p>Fecha: 1994 octubre 14<\/p>\n<p>P\u00e1gina:5B<\/p>\n<p>Secci\u00f3n: Antioquia<\/p>\n<p><strong>Titular: <\/strong>Disturbios en la U. de A.<\/p>\n<p><strong>Resumen:<\/strong> aunque no se perturbaron las actividades universitarias propias de las Jornadas Universitarias conmemorativas al cumplea\u00f1os n\u00famero 191 del Alma Mater, un grupo de encapuchados irrumpieron antes del mediod\u00eda en la Universidad lanzando papas bomba y en la plazoleta central disparos al aire desde algunos bloques de la Universidad. Su consigna fue \u201cNo a la privatizaci\u00f3n de la Universidad P\u00fablica.\u201d No se reportaron heridos ni situaciones graves.<\/p>\n<p><strong>Im\u00e1genes:<\/strong> N\/A<\/p>\n<p><strong>Archivos de Registro: <\/strong>REG_C139<\/p>\n<ol>\n<li>INFORMACI\u00d3N ANAL\u00cdTICA<\/li>\n<\/ol>\n<p>Contexto de la noticia: exterminio de la UP, Recrudecimiento del conflicto paramilitar, Recrudecimiento del conflicto armado, guerra entre Los Pepes y el Cartel de Medell\u00edn, Tratado de Maastricht, Fin del Apartheid, en noviembre matan a Pablo Emilio Escobar Gaviria, Aumento de los secuestros en Colombia por parte de grupos alzados en armas, Avalancha Rio Fraile, Florida (Valle), C\u00e9sar Gaviria secretario de la OEA, Robo Banco de la Republica en Valledupar, Nelson Mandela presidente de Sud\u00e1frica, Autogol y asesinato de Andr\u00e9s Escobar,&nbsp; Nuevo presidente de Colombia Ernesto Samper, \u00c1lvaro Uribe V\u00e9lez gobernador de Antioquia,<\/p>\n<p>Palabras clave: Acciones contestatarias, Tropel, Grupos clandestinos<\/p>\n<p>Sugerencia de palabras claves:<\/p>\n<p>Observaciones:<\/p>\n<p><strong>Fecha de diligenciamiento:<\/strong> 22 febrero 2018<\/p>\n<h1 style=\"text-align: center;\">***<\/h1>\n<p><strong>N\u00famero de ficha<\/strong>: C-140&nbsp;&nbsp;&nbsp;&nbsp;&nbsp;&nbsp;&nbsp;&nbsp;&nbsp;&nbsp;&nbsp;&nbsp;&nbsp;&nbsp;&nbsp;&nbsp;&nbsp;&nbsp;&nbsp;&nbsp;&nbsp;&nbsp;&nbsp;&nbsp;&nbsp;&nbsp;&nbsp;&nbsp;&nbsp;&nbsp;&nbsp;&nbsp;&nbsp;&nbsp;&nbsp;&nbsp;&nbsp;&nbsp;&nbsp;&nbsp;&nbsp;&nbsp;&nbsp;&nbsp;&nbsp;&nbsp;&nbsp;&nbsp;&nbsp;&nbsp;&nbsp;&nbsp;&nbsp;<\/p>\n<p><strong>Diligenciada por: <\/strong>Paula Andrea Salamanca Hern\u00e1ndez<\/p>\n<p>INFORMACI\u00d3N BIBLIOGR\u00c1FICA<\/p>\n<p>Peri\u00f3dico: El Colombiano<\/p>\n<p>Lugar de edici\u00f3n: Medell\u00edn<\/p>\n<p>Autor personal:<\/p>\n<p>Autor corporativo:<\/p>\n<p>Fecha: 1994 octubre 29<\/p>\n<p>P\u00e1gina:2A<\/p>\n<p>Secci\u00f3n: Hoy\/S\u00e1bado<\/p>\n<p><strong>Titular: <\/strong>Secuestran profesor de la U. de A.<\/p>\n<p><strong>Resumen:<\/strong> \u201cvarios desconocidos que se hicieron pasar como agentes de la Fiscal\u00eda Regional de Antioquia, secuestraron ayer a un profesor de la Facultad de Ingenier\u00eda de la Universidad de Antioquia. Se trata de Marco Aurelio P\u00e9rez, quien fue sacado del sal\u00f3n donde distaba clase por un grupo de hombres fuertemente armados, dijeron voceros del claustro universitario.<\/p>\n<p>El docente, afirmaron testigos fue obligado a abordar un campero Toyota, color blanco el cual era escoltado por otro automotor. Los veh\u00edculos dijeron las fuentes abandonaron la ciudadela universitaria sin que fuesen interceptados por ninguno de los grupos de vigilantes encargados de la custodia de las dos puertas principales. Las \u00fanicas por las que pueden entrar o salir autom\u00f3viles luego de recibir un ficho. Funcionarios de la Fiscal\u00eda afirmaron voceros del centro de educaci\u00f3n superior, negaron su participaci\u00f3n en el hecho, ya que en sus despachos no cursa ninguna investigaci\u00f3n que comprometa a los profesores universitarios\u201d<\/p>\n<p><strong>Im\u00e1genes:<\/strong> N\/A<\/p>\n<p><strong>Archivos de Registro: <\/strong>REG_C140<\/p>\n<p>INFORMACI\u00d3N ANAL\u00cdTICA<\/p>\n<p>Contexto de la noticia: exterminio de la UP, Recrudecimiento del conflicto paramilitar, Recrudecimiento del conflicto armado, guerra entre Los Pepes y el Cartel de Medell\u00edn, Tratado de Maastricht, Fin del Apartheid, en noviembre matan a Pablo Emilio Escobar Gaviria, Aumento de los secuestros en Colombia por parte de grupos alzados en armas, Avalancha Rio Fraile, Florida (Valle), C\u00e9sar Gaviria secretario de la OEA, Robo Banco de la Republica en Valledupar, Nelson Mandela presidente de Sud\u00e1frica, Autogol y asesinato de Andr\u00e9s Escobar,&nbsp; Nuevo presidente de Colombia Ernesto Samper<\/p>\n<p>Palabras clave: Acciones violentas, Secuestro, Asesinato selectivo, Actores no identificados, Marco Aurelio P\u00e9rez Castrill\u00f3n, Facultad de Ingenier\u00eda<\/p>\n<p>Sugerencia de palabras claves:<\/p>\n<p>Observaciones: la transcripci\u00f3n se hizo completa, por la particularidad de la noticia, sin embargo, como no se pudo esclarecer quienes fueron los secuestradores del profesor, no se etiqueto ning\u00fan actor en las palabras clave<\/p>\n<p><strong>Fecha de diligenciamiento:<\/strong> 22 febrero 2018<\/p>\n<h1 style=\"text-align: center;\">***<\/h1>\n<p><strong>N\u00famero de ficha<\/strong>: C-141&nbsp;&nbsp;&nbsp;&nbsp;&nbsp;&nbsp;&nbsp;&nbsp;&nbsp;&nbsp;&nbsp;&nbsp;&nbsp;&nbsp;&nbsp;&nbsp;&nbsp;&nbsp;&nbsp;&nbsp;&nbsp;&nbsp;&nbsp;&nbsp;&nbsp;&nbsp;&nbsp;&nbsp;&nbsp;&nbsp;&nbsp;&nbsp;&nbsp;&nbsp;&nbsp;&nbsp;&nbsp;&nbsp;&nbsp;&nbsp;&nbsp;&nbsp;&nbsp;&nbsp;&nbsp;&nbsp;&nbsp;&nbsp;&nbsp;&nbsp;&nbsp;&nbsp;&nbsp;<\/p>\n<p><strong>Diligenciada por: <\/strong>Paula Andrea Salamanca Hern\u00e1ndez<\/p>\n<p>INFORMACI\u00d3N BIBLIOGR\u00c1FICA<\/p>\n<p>Peri\u00f3dico: El Colombiano<\/p>\n<p>Lugar de edici\u00f3n: Medell\u00edn<\/p>\n<p>Autor personal:<\/p>\n<p>Autor corporativo:<\/p>\n<p>Fecha: 1994 octubre 30<\/p>\n<p>P\u00e1gina:9C<\/p>\n<p>Secci\u00f3n: Generales<\/p>\n<p><strong>Titular: <\/strong>Piden respetar la vida de docente secuestrado<\/p>\n<p><strong>Resumen:<\/strong> \u201cdirectivos de la Universidad y familiares del docente Marco Aurelio P\u00e9rez Castrill\u00f3n, secuestrado el pasado viernes cuando dictaba clase en la Facultad de Ingenier\u00eda Sanitaria, hicieron ayer un angustioso llamado a sus captores para que le respeten la vida y al mismo tiempo clamaron por su pronta liberaci\u00f3n.\u201d \u201cante la incredulidad de sus alumnos fue sacado de un aula del cuarto piso del Bloque 20 por hombres armados que se hicieron pasar como agentes de la Fiscal\u00eda Regional [ \u2026]\u201d la incertidumbre reinaba en todo por cuanto el profesor no hab\u00eda sido amenazado, ni simpatizaba con ning\u00fan grupo pol\u00edtico solo hac\u00eda deporte y ense\u00f1aba y, a\u00fan m\u00e1s cuando ya fue la misma Fiscal\u00eda la que neg\u00f3 tener investigaciones sobre alg\u00fan docente universitario.<\/p>\n<p><strong>Im\u00e1genes:<\/strong> N\/A<\/p>\n<p><strong>Archivos de Registro: <\/strong>REG_C141<\/p>\n<p>INFORMACI\u00d3N ANAL\u00cdTICA<\/p>\n<p>Contexto de la noticia: exterminio de la UP, Recrudecimiento del conflicto paramilitar, Recrudecimiento del conflicto armado, guerra entre Los Pepes y el Cartel de Medell\u00edn, Tratado de Maastricht, Fin del Apartheid, en noviembre matan a Pablo Emilio Escobar Gaviria, Aumento de los secuestros en Colombia por parte de grupos alzados en armas, Avalancha Rio Fraile, Florida (Valle), C\u00e9sar Gaviria secretario de la OEA, Robo Banco de la Republica en Valledupar, Nelson Mandela presidente de Sud\u00e1frica, Autogol y asesinato de Andr\u00e9s Escobar,&nbsp; Nuevo presidente de Colombia Ernesto Samper<\/p>\n<p>Palabras clave: Acciones de resistencia, Comunicados, Marco Aurelio P\u00e9rez Castrill\u00f3n, Facultad de Ingenier\u00eda<\/p>\n<p>Sugerencia de palabras claves:<\/p>\n<p>Observaciones:<\/p>\n<p><strong>Fecha de diligenciamiento:<\/strong> 22 febrero 2018<\/p>\n<h1 style=\"text-align: center;\">***<\/h1>\n<p><strong>N\u00famero de ficha<\/strong>: C-142&nbsp;&nbsp;&nbsp;&nbsp;&nbsp;&nbsp;&nbsp;&nbsp;&nbsp;&nbsp;&nbsp;&nbsp;&nbsp;&nbsp;&nbsp;&nbsp;&nbsp;&nbsp;&nbsp;&nbsp;&nbsp;&nbsp;&nbsp;&nbsp;&nbsp;&nbsp;&nbsp;&nbsp;&nbsp;&nbsp;&nbsp;&nbsp;&nbsp;&nbsp;&nbsp;&nbsp;&nbsp;&nbsp;&nbsp;&nbsp;&nbsp;&nbsp;&nbsp;&nbsp;&nbsp;&nbsp;&nbsp;&nbsp;&nbsp;&nbsp;&nbsp;&nbsp;<\/p>\n<p><strong>Diligenciada por: <\/strong>Paula Andrea Salamanca Hern\u00e1ndez<\/p>\n<p>INFORMACI\u00d3N BIBLIOGR\u00c1FICA<\/p>\n<p>Peri\u00f3dico: El Colombiano<\/p>\n<p>Lugar de edici\u00f3n: Medell\u00edn<\/p>\n<p>Autor personal:<\/p>\n<p>Autor corporativo:<\/p>\n<p>Fecha: 1994 noviembre 10<\/p>\n<p>P\u00e1gina:10A<\/p>\n<p>Secci\u00f3n: Antioquia<\/p>\n<p><strong>Titular: <\/strong>Paro injustificado en la U. de A.<\/p>\n<p><strong>Resumen:<\/strong> \u201cno hay razones v\u00e1lidas que justifiquen una inesperada par\u00e1lisis de la Universidad\u201d, \u201ccuyo objetivo parece ser la par\u00e1lisis por si misma\u2026 el derecho al estudio y al conocimiento no puede estar sometido a intereses pol\u00edticos, gremiales o sectoriales\u201d, dijo el rector encargado de la Universidad (\u00c1lvaro Gaviria Ortiz), por un paro de 48 horas que convoc\u00f3 la Asamblea estudiantil y que se realizaba desde el d\u00eda anterior a esta noticia. Se dijo tambi\u00e9n que el paro lo \u00fanico que hac\u00eda era romper los esfuerzos que se ven\u00edan haciendo desde las distintas \u00e1reas de la Universidad para lograr una estabilidad en la misi\u00f3n universitaria; el paro habr\u00eda sido convocado por la Facultad de Ciencias exactas y Naturales, Qu\u00edmica Farmac\u00e9utica y el Bachillerato Nocturno de la U. de A.<\/p>\n<p>Por su parte el gobernador Ramiro Valencia Cossio manifest\u00f3 estar de acuerdo con las protestas que se hab\u00edan dado por el secuestro y posterior muerte del profesor Marco Aurelio P\u00e9rez, pero que no le agregaran otros temas como el del Liceo Nocturno, cuando ya se ha advertido que no se pretend\u00eda acabar con el mismo. Algunos estudiantes dijeron que el motivo del paro radicaba en la negligencia de los administrativos, la demora de asignaci\u00f3n de profesores y la falta de los mismos en algunos departamentos.<\/p>\n<p><strong>Im\u00e1genes:<\/strong> N\/A<\/p>\n<p><strong>Archivos de Registro: <\/strong>REG_C142<\/p>\n<p>INFORMACI\u00d3N ANAL\u00cdTICA<\/p>\n<p>Contexto de la noticia: exterminio de la UP, Recrudecimiento del conflicto paramilitar, Recrudecimiento del conflicto armado, guerra entre Los Pepes y el Cartel de Medell\u00edn, Tratado de Maastricht, Fin del Apartheid, en noviembre matan a Pablo Emilio Escobar Gaviria, Aumento de los secuestros en Colombia por parte de grupos alzados en armas, Avalancha Rio Fraile, Florida (Valle), C\u00e9sar Gaviria secretario de la OEA, Robo Banco de la Republica en Valledupar, Nelson Mandela presidente de Sud\u00e1frica, Autogol y asesinato de Andr\u00e9s Escobar,&nbsp; Nuevo presidente de Colombia Ernesto Samper<\/p>\n<p>Palabras clave: Acciones de resistencia, Paro, Facultad de Ciencias Exactas y Naturales, Qu\u00edmica Farmac\u00e9utica, Asamblea de estudiantes, Gobernador Valencia Cossio Ramiro, Rector (E) Gaviria Ortiz \u00c1lvaro<\/p>\n<p>Sugerencia de palabras claves:<\/p>\n<p>Observaciones:<\/p>\n<p><strong>Fecha de diligenciamiento:<\/strong> 22 febrero 2018<\/p>\n<h1 style=\"text-align: center;\">***<\/h1>\n<p><strong>N\u00famero de ficha<\/strong>: C-143&nbsp;&nbsp;&nbsp;&nbsp;&nbsp;&nbsp;&nbsp;&nbsp;&nbsp;&nbsp;&nbsp;&nbsp;&nbsp;&nbsp;&nbsp;&nbsp;&nbsp;&nbsp;&nbsp;&nbsp;&nbsp;&nbsp;&nbsp;&nbsp;&nbsp;&nbsp;&nbsp;&nbsp;&nbsp;&nbsp;&nbsp;&nbsp;&nbsp;&nbsp;&nbsp;&nbsp;&nbsp;&nbsp;&nbsp;&nbsp;&nbsp;&nbsp;&nbsp;&nbsp;&nbsp;&nbsp;&nbsp;&nbsp;&nbsp;&nbsp;&nbsp;&nbsp;&nbsp;<\/p>\n<p><strong>Diligenciada por: <\/strong>Paula Andrea Salamanca Hern\u00e1ndez<\/p>\n<p>INFORMACI\u00d3N BIBLIOGR\u00c1FICA<\/p>\n<p>Peri\u00f3dico: El Colombiano<\/p>\n<p>Lugar de edici\u00f3n: Medell\u00edn<\/p>\n<p>Autor personal:<\/p>\n<p>Autor corporativo:<\/p>\n<p>Fecha: 1994 noviembre 20<\/p>\n<p>P\u00e1gina:12A<\/p>\n<p>Secci\u00f3n: Antioquia<\/p>\n<p><strong>Titular: <\/strong>Paramilitares asesinaron a profesor de la U. de A.<\/p>\n<p><strong>Resumen:<\/strong> \u201cLa Uni\u00f3n Camilista del Ej\u00e9rcito de Liberaci\u00f3n Nacional (Uceln) llam\u00f3 la atenci\u00f3n sobre la puesta en marcha de un plan de exterminio contra dirigentes populares, c\u00edvicos, obreros y estudiantiles, en la capital antioque\u00f1a. En un comunicado enviado a El Colombiano, el grupo insurgente denunci\u00f3 que los asesinatos de los miembros del comit\u00e9 ejecutivo de la Central Unitaria de Trabajadores en Antioquia, Guillermo Mar\u00edn y Hugo Zapata, del profesor de Universidad de Antioquia, Marco Aurelio P\u00e9rez, doce estudiantes, as\u00ed como algunas de las masacres perpetradas en los barrios pobres de la ciudad, hacen parte de ese plan de exterminio. De las acciones hacen parte sectores de los organismos de seguridad de Estado y las organizaciones paramilitares autodenominadas Colombia sin Guerrillas (Colsingue) y Muerte a Jaladores y Reducidores de Carros (Majaca).<\/p>\n<p>La Uceln, as\u00ed mismo, rechaz\u00f3 las acusaciones de las autoridades de polic\u00eda que responsabilizaron a sus militantes de la muerte del estudiante Hern\u00e1n de Jes\u00fas Arboleda Parra, del Liceo Marco Fidel Su\u00e1rez. Tras repudiar y condenar el hecho, la Uceln precisa que la afirmaci\u00f3n \u201ces una estratagema para echarle agua sucia a la insurgencia y al mismo tiempo poner una cortina de humo sobre los verdaderos culpables [ \u2026]\u201d<\/p>\n<p><strong>Im\u00e1genes:<\/strong> N\/A<\/p>\n<p><strong>Archivos de Registro: <\/strong>REG_C143<\/p>\n<p>INFORMACI\u00d3N ANAL\u00cdTICA<\/p>\n<p>Contexto de la noticia: exterminio de la UP, Recrudecimiento del conflicto paramilitar, Recrudecimiento del conflicto armado, guerra entre Los Pepes y el Cartel de Medell\u00edn, Tratado de Maastricht, Fin del Apartheid, en noviembre matan a Pablo Emilio Escobar Gaviria, Aumento de los secuestros en Colombia por parte de grupos alzados en armas, Avalancha Rio Fraile, Florida (Valle), C\u00e9sar Gaviria secretario de la OEA, Robo Banco de la Republica en Valledupar, Nelson Mandela presidente de Sud\u00e1frica, Autogol y asesinato de Andr\u00e9s Escobar,&nbsp; Nuevo presidente de Colombia Ernesto Samper<\/p>\n<p>Palabras clave: Acciones de resistencia, Misivas, UC-ELN, Acciones violentas, Asesinato, Marco Aurelio P\u00e9rez<\/p>\n<p>Sugerencia de palabras claves:<\/p>\n<p>Observaciones:<\/p>\n<p><strong>Fecha de diligenciamiento:<\/strong> 25 febrero 2018<\/p>\n<h1 style=\"text-align: center;\">***<\/h1>\n<p><strong>N\u00famero de ficha<\/strong>: C-144&nbsp;&nbsp;&nbsp;&nbsp;&nbsp;&nbsp;&nbsp;&nbsp;&nbsp;&nbsp;&nbsp;&nbsp;&nbsp;&nbsp;&nbsp;&nbsp;&nbsp;&nbsp;&nbsp;&nbsp;&nbsp;&nbsp;&nbsp;&nbsp;&nbsp;&nbsp;&nbsp;&nbsp;&nbsp;&nbsp;&nbsp;&nbsp;&nbsp;&nbsp;&nbsp;&nbsp;&nbsp;&nbsp;&nbsp;&nbsp;&nbsp;&nbsp;&nbsp;&nbsp;&nbsp;&nbsp;&nbsp;&nbsp;&nbsp;&nbsp;&nbsp;&nbsp;&nbsp;<\/p>\n<p><strong>Diligenciada por: <\/strong>Paula Andrea Salamanca Hern\u00e1ndez<\/p>\n<p>INFORMACI\u00d3N BIBLIOGR\u00c1FICA<\/p>\n<p>Peri\u00f3dico: El Colombiano<\/p>\n<p>Lugar de edici\u00f3n: Medell\u00edn<\/p>\n<p>Autor personal:<\/p>\n<p>Autor corporativo:<\/p>\n<p>Fecha: 1994 diciembre 6<\/p>\n<p>P\u00e1gina:5B<\/p>\n<p>Secci\u00f3n: Antioquia<\/p>\n<p><strong>Titular: <\/strong>Par\u00e1lisis de la U. de Antioquia no tiene justificaci\u00f3n<\/p>\n<p><strong>Resumen:<\/strong> como se hab\u00eda registrado en noticias anteriores, algunos estudiantes de la Universidad promov\u00edan un paro con el que la gran mayor\u00eda de la Comunidad Universitaria no estaba de acuerdo ni apoyaba. Seg\u00fan comunicados enviados a El Colombiano \u201centre los promotores de la par\u00e1lisis de la Universidad hay personas que, de manera p\u00fablica, han prometido desprestigiar al profesor \u00c1lvaro Gaviria Ortiz y a Rafael Aubad L\u00f3pez por haber acabado con muchas alcahueter\u00edas en la Universidad a finales de los ochentas.\u201d Se indic\u00f3 que quienes promueven el paro, hab\u00edan llegado a situaciones extremas en las que intimidaban a quienes no estuviesen de acuerdo con ellos, por ejemplo, la Facultad de Comunicaciones hab\u00eda sido objeto de insultos e irrespetos que iban desde agresiones verbales en el Teatro Camilo Torres hasta el estallido de papeletas a las 6:00 am. As\u00ed mismo la asamblea saboteo actividades de extensi\u00f3n, posgrados, asesor\u00edas, actividades culturales, etc. Se calcul\u00f3 que quienes hac\u00edan parte de la asamblea no llegaban a ser m\u00e1s de 300 personas, en su mayor\u00eda no estudiantes de la Universidad.<\/p>\n<p>Otras maneras de proceder de la asamblea fue la instalaci\u00f3n de un equipo de sonido a m\u00e1ximo volumen cerca del museo universitario y la biblioteca central para \u201csabotear\u201d las labores y \u201ctorturar\u201d.<\/p>\n<p>Los sectores afectados por el paro dijeron \u201cque no se hab\u00eda dado a conocer el hecho de la presencia de encapuchados armados en la Asamblea, quienes eran aplaudidos cuando se presentaban como miembros de organizaciones subversivas; \u00abeste solo hecho -las armas y los rostros cubiertos- deslegitima cualquier decisi\u00f3n que al interior de la asamblea se tome. \u00bfQui\u00e9n ante las armas enfundadas, vota en contra?\u00bb. Despu\u00e9s de todas las declaraciones todos los estamentos indicaron estar llenos de miedo.<\/p>\n<p><strong>Im\u00e1genes:<\/strong> N\/A<\/p>\n<p><strong>Archivos de Registro: <\/strong>REG_C144<\/p>\n<p>INFORMACI\u00d3N ANAL\u00cdTICA<\/p>\n<p>Contexto de la noticia: exterminio de la UP, Recrudecimiento del conflicto paramilitar, Recrudecimiento del conflicto armado, guerra entre Los Pepes y el Cartel de Medell\u00edn, Tratado de Maastricht, Fin del Apartheid, en noviembre matan a Pablo Emilio Escobar Gaviria, Aumento de los secuestros en Colombia por parte de grupos alzados en armas, Avalancha Rio Fraile, Florida (Valle), Cesar Gaviria secretario de la OEA, Robo Banco de la Republica en Valledupar, Nelson Mandela presidente de Sud\u00e1frica, Autogol y asesinato de Andr\u00e9s Escobar,&nbsp; Nuevo presidente de Colombia Ernesto Samper<\/p>\n<p>Palabras clave: Acciones de resistencia, Comunicados, Paro, Grupos clandestinos, Asamblea de estudiantes<\/p>\n<p>Sugerencia de palabras claves:<\/p>\n<p>Observaciones:<\/p>\n<p><strong>Fecha de diligenciamiento:<\/strong> 25 febrero 2018<\/p>\n<h1 style=\"text-align: center;\">***<\/h1>\n<p><strong>N\u00famero de ficha<\/strong>: C-145&nbsp;&nbsp;&nbsp;&nbsp;&nbsp;&nbsp;&nbsp;&nbsp;&nbsp;&nbsp;&nbsp;&nbsp;&nbsp;&nbsp;&nbsp;&nbsp;&nbsp;&nbsp;&nbsp;&nbsp;&nbsp;&nbsp;&nbsp;&nbsp;&nbsp;&nbsp;&nbsp;&nbsp;&nbsp;&nbsp;&nbsp;&nbsp;&nbsp;&nbsp;&nbsp;&nbsp;&nbsp;&nbsp;&nbsp;&nbsp;&nbsp;&nbsp;&nbsp;&nbsp;&nbsp;&nbsp;&nbsp;&nbsp;&nbsp;&nbsp;&nbsp;&nbsp;&nbsp;<\/p>\n<p><strong>Diligenciada por:<\/strong> Paula Andrea Salamanca Hern\u00e1ndez<\/p>\n<p>INFORMACI\u00d3N BIBLIOGR\u00c1FICA<\/p>\n<p>Peri\u00f3dico: El Colombiano<\/p>\n<p>Lugar de edici\u00f3n: Medell\u00edn<\/p>\n<p>Autor personal:<\/p>\n<p>Autor corporativo: Editorial<\/p>\n<p>Fecha: 1994 diciembre 27<\/p>\n<p>P\u00e1gina:5A<\/p>\n<p>Secci\u00f3n: Editorial<\/p>\n<p><strong>Titular: <\/strong>La nueva Universidad<\/p>\n<p><strong>Resumen:<\/strong> \u201cLa Universidad de Antioquia vive un interesante y decisivo proceso de cara a enfrentar los retos del nuevo siglo y a satisfacer las exigencias y demandas que le plantea una sociedad m\u00e1s abierta con m\u00e1s ansias de conocimiento y con m\u00e1s necesidad de orientaci\u00f3n de parte de sus entes acad\u00e9micos. En este sentido la Universidad se ha empezado a preparar a conciencia y ha hecho que cada uno de sus estamentos piense en la conveniencia de superar la mentalidad cortoplacista para asumir roles de mayor envergadura que efectivamente les corresponden. Como fruto de esta reflexi\u00f3n colectiva la Universidad est\u00e1 inmersa en un proceso de reestructuraci\u00f3n. A este cometido pertenece el Nuevo Estatuto General, que cont\u00f3 con aportes de todos los estamentos universitarios y si al final no logr\u00f3 concretar la universidad querida y deseada por todos -porque este es un objetivo en permanente retroalimentaci\u00f3n- s\u00ed, fue un ejemplo de participaci\u00f3n y de concertaci\u00f3n en el \u00e1nimo de generar soluciones aut\u00f3nomas.<\/p>\n<p>Una de las conquistas del estatuto general en concordancia con la Ley 30 de 1992 de Educaci\u00f3n superior, es la elecci\u00f3n democr\u00e1tica, por v\u00eda indirecta a trav\u00e9s del Consejo Superior, del rector del Alma Mater, paso que se acaba de dar con pleno \u00e9xito con la escogencia el pasado viernes del m\u00e9dico Jaime Restrepo Cuartas. La decisi\u00f3n un\u00e1nime del Consejo Superior es fiel reflejo del buen \u00e1nimo existente entre los voceros de sus estamentos y de las cualidades y condiciones del designado, al llenar las expectativas personales y de gesti\u00f3n de cada uno de los sectores con representaci\u00f3n en el Consejo.&nbsp;<\/p>\n<p>[ \u2026] A estas alturas parece que la Universidad cuenta con el camino despejado. En materia de financiaci\u00f3n hay asegurada una adecuada disponibilidad a trav\u00e9s de la Estampilla Pro-Universidad, producto de la buena gesti\u00f3n de la administraci\u00f3n que termina y de la Asamblea Departamental, que comprendi\u00f3 las urgencias de nuestro mayor centro de educaci\u00f3n superior. [ \u2026]. Toca esperar que en consecuencia haya una nueva Universidad, compenetrada con su misi\u00f3n y estrechamente vinculada a la sociedad, generando procesos de integraci\u00f3n y de entendimiento entre todos y aportando soluciones que nos ayuden a encontrar el rumbo definitivo hacia el progreso y el bienestar.<\/p>\n<p>&nbsp;<strong>Im\u00e1genes:<\/strong> N\/A<\/p>\n<p><strong>Archivos de Registro: <\/strong>REG_C145<\/p>\n<p>INFORMACI\u00d3N ANAL\u00cdTICA<\/p>\n<p>Contexto de la noticia: exterminio de la UP, Recrudecimiento del conflicto paramilitar, Recrudecimiento del conflicto armado, guerra entre Los Pepes y el Cartel de Medell\u00edn, Tratado de Maastricht, Fin del Apartheid, en noviembre matan a Pablo Emilio Escobar Gaviria, Aumento de los secuestros en Colombia por parte de grupos alzados en armas, Avalancha Rio Fraile, Florida (Valle), C\u00e9sar Gaviria secretario de la OEA, Robo Banco de la Republica en Valledupar, Nelson Mandela presidente de Sud\u00e1frica, Autogol y asesinato de Andr\u00e9s Escobar,&nbsp; Nuevo presidente de Colombia Ernesto Samper<\/p>\n<p>Palabras clave: Opini\u00f3n<\/p>\n<p>Sugerencia de palabras claves:<\/p>\n<p>Observaciones: el 24 de diciembre del mismo a\u00f1o se public\u00f3 la noticia de que la Universidad ten\u00eda nuevo rector el m\u00e9dico Jaime Restrepo Cuartas, la columna no se transcribi\u00f3 en su totalidad, ya que hablaba mucho del rector. Solo se transcribi\u00f3 lo referente a la Universidad y la visi\u00f3n del autor.<\/p>\n<p><strong>Fecha de diligenciamiento:<\/strong> 25 febrero 2018<\/p>\n<h1 style=\"text-align: center;\">***<\/h1>\n<p><strong>N\u00famero de ficha<\/strong>: C-146&nbsp;&nbsp;&nbsp;&nbsp;&nbsp;&nbsp;&nbsp;&nbsp;&nbsp;&nbsp;&nbsp;&nbsp;&nbsp;&nbsp;&nbsp;&nbsp;&nbsp;&nbsp;&nbsp;&nbsp;&nbsp;&nbsp;&nbsp;&nbsp;&nbsp;&nbsp;&nbsp;&nbsp;&nbsp;&nbsp;&nbsp;&nbsp;&nbsp;&nbsp;&nbsp;&nbsp;&nbsp;&nbsp;&nbsp;&nbsp;&nbsp;&nbsp;&nbsp;&nbsp;&nbsp;&nbsp;&nbsp;&nbsp;&nbsp;&nbsp;&nbsp;&nbsp;&nbsp;<\/p>\n<p><strong>Diligenciada por: <\/strong>Paula Andrea Salamanca Hern\u00e1ndez<\/p>\n<p>INFORMACI\u00d3N BIBLIOGR\u00c1FICA<\/p>\n<p>Peri\u00f3dico: El Colombiano<\/p>\n<p>Lugar de edici\u00f3n: Medell\u00edn<\/p>\n<p>Autor personal:<\/p>\n<p>Autor corporativo:<\/p>\n<p>Fecha: 1995 junio 21<\/p>\n<p>P\u00e1gina:1<\/p>\n<p>Secci\u00f3n: Primera p\u00e1gina<\/p>\n<p><strong>Titular: <\/strong>Suspenden clase en la U. de A<\/p>\n<p><strong>Resumen:<\/strong> \u201cEl rector de la Universidad (Jaime Restrepo Cuartas) acogiendo una resoluci\u00f3n del Consejo Acad\u00e9mico declar\u00f3 suspendidas las actividades docentes de pregrado a partir de hoy 21 de junio, excepto en aquellas dependencias donde se est\u00e9 laborando normalmente.<\/p>\n<p>Por su parte el Consejo Acad\u00e9mico de la U. de A. que se reuni\u00f3 ayer extraordinariamente, considero que el paro estudiantil iniciado el 17 de mayo del mismo a\u00f1o, era injusto y continuaba afectando la normalidad acad\u00e9mica y que adem\u00e1s los profesores estaban llevando a cabo la figura de Asamblea Permanente, lo que hab\u00eda entorpecido el semestre en curso.<\/p>\n<p><strong>Im\u00e1genes:<\/strong> N\/A<\/p>\n<p><strong>Archivos de Registro: <\/strong>REG_C146<\/p>\n<p>INFORMACI\u00d3N ANAL\u00cdTICA<\/p>\n<p>Contexto de la noticia: exterminio de la UP, Recrudecimiento del conflicto paramilitar, Recrudecimiento del conflicto armado, guerra entre Los Pepes y el Cartel de Medell\u00edn, Asesinatos de algunos candidatos a alcald\u00edas de los municipios de Antioquia, Aumento de los secuestros en Colombia por parte de grupos alzados en armas, Paro de maestros colegios de Colombia, Masacre del Socorro, Captura de los Hermanos Rodr\u00edguez Orejuela<\/p>\n<p>Palabras clave: Acciones de resistencia, Paro, Comunicados, Rector Restrepo Cuartas Jaime, Consejo Acad\u00e9mico, Asamblea de Profesores<\/p>\n<p>Sugerencia de palabras claves:<\/p>\n<p>Observaciones: 1995 no registra actividad violenta en los diarios, esta fue la primera noticia de relevancia, en el contexto universitario se hab\u00edan dado algunas inconformidades por el cambio del examen de admisi\u00f3n, pero como tal no trascendi\u00f3 de ser solo un informe en el peri\u00f3dico.<\/p>\n<p><strong>Fecha de diligenciamiento:<\/strong> 2 marzo 2018<\/p>\n<h1 style=\"text-align: center;\">***<\/h1>\n<p><strong>N\u00famero de ficha<\/strong>: C-147&nbsp;&nbsp;&nbsp;&nbsp;&nbsp;&nbsp;&nbsp;&nbsp;&nbsp;&nbsp;&nbsp;&nbsp;&nbsp;&nbsp;&nbsp;&nbsp;&nbsp;&nbsp;&nbsp;&nbsp;&nbsp;&nbsp;&nbsp;&nbsp;&nbsp;&nbsp;&nbsp;&nbsp;&nbsp;&nbsp;&nbsp;&nbsp;&nbsp;&nbsp;&nbsp;&nbsp;&nbsp;&nbsp;&nbsp;&nbsp;&nbsp;&nbsp;&nbsp;&nbsp;&nbsp;&nbsp;&nbsp;&nbsp;&nbsp;&nbsp;&nbsp;&nbsp;&nbsp;<\/p>\n<p><strong>Diligenciada por: Paula Andrea Salamanca Hern\u00e1ndez<\/strong><\/p>\n<p>INFORMACI\u00d3N BIBLIOGR\u00c1FICA<\/p>\n<p>Peri\u00f3dico: El Colombiano<\/p>\n<p>Lugar de edici\u00f3n: Medell\u00edn<\/p>\n<p>Autor personal: Rector<\/p>\n<p>Autor corporativo: Universidad de Antioquia<\/p>\n<p>Fecha: 1995 julio 16<\/p>\n<p>P\u00e1gina:8A<\/p>\n<p>Secci\u00f3n: Antioquia<\/p>\n<p><strong>Titular: <\/strong>Carta abierta del rector a los estudiantes de la Universidad de Antioquia<\/p>\n<p><strong>Resumen:<\/strong> \u201c Apreciado se\u00f1or estudiante, quiero aprovechar este receso acad\u00e9mico para que reflexionemos un poco sobre la situaci\u00f3n actual de la Universidad de Antioquia, porque solo con un esfuerzo com\u00fan lograremos sacarla adelante en su tarea fundamental de formas hombres y mujeres capaces de transformar esta sociedad, en la actualidad penetrada de graves problemas pero que estamos obligados a convertirla en una comunidad en la que prevalezca el conocimiento y la preparaci\u00f3n cient\u00edfica, el respeto, la solidaridad, la tolerancia y el progreso.<\/p>\n<p>A finales de 1994, el Consejo Acad\u00e9mico, por medio del acuerdo 021, decidi\u00f3 modificar el antiguo examen de admisi\u00f3n por el de las pruebas del ICFES hecho que origin\u00f3 el actual movimiento estudiantil, cuya Asamblea General hizo siete solicitudes perentorias y entr\u00f3 en un paro indefinido a partir del 17 de mayo de 1995. Con la admisi\u00f3n programada para el segundo semestre de este a\u00f1o, la Universidad hab\u00eda hecho un compromiso p\u00fablico que legalmente ten\u00eda que respetar y por esta raz\u00f3n ingresaron bajo ese sistema 1634 estudiantes, el 57 por ciento de colegios oficiales. [ \u2026] ahora la Universidad hace un llamado categ\u00f3rico a la normalizaci\u00f3n de las actividades acad\u00e9micas a partir del 17 de julio del presente a\u00f1o, una vez concluyan las vacaciones reglamentarias de los docentes, con la certeza de que la administraci\u00f3n garantizar\u00e1 el cumplimiento de los objetivos de los programas dentro del criterio de la excelencia acad\u00e9mica y la soluci\u00f3n de todos los casos conflictivos que pudieran presentarse y para ello ha dado instrucciones a los Consejos de Facultad y a los profesores de las diferentes dependencias, con el fin de que se reprogramen los calendarios y se inicien los cursos.<\/p>\n<p>Si usted tiene comentarios que hacer le rogamos se dirija por escrito o personalmente a la Decanatura de su respectiva Facultad o a la direcci\u00f3n de su Escuela o Instituto.<\/p>\n<p><em>Jaime Restrepo Cuartas <\/em><\/p>\n<p><em>Rector <\/em><\/p>\n<p><strong>Im\u00e1genes:<\/strong> N\/A<\/p>\n<p><strong>Archivos de Registro: <\/strong>REG_C147<\/p>\n<p>INFORMACI\u00d3N ANAL\u00cdTICA<\/p>\n<p>Contexto de la noticia: exterminio de la UP, Recrudecimiento del conflicto paramilitar, Recrudecimiento del conflicto armado, guerra entre Los Pepes y el Cartel de Medell\u00edn, Asesinatos de algunos candidatos a alcald\u00edas de los municipios de Antioquia, Aumento de los secuestros en Colombia por parte de grupos alzados en armas, Paro de maestros colegios de Colombia, Masacre del Socorro, Captura de los Hermanos Rodr\u00edguez Orejuela<\/p>\n<p>Palabras clave: Acciones de resistencia, Comunicados, Paro, Rector Restrepo Cuartas Jaime, Consejo Acad\u00e9mico,<\/p>\n<p>Sugerencia de palabras claves:<\/p>\n<p>Observaciones: el paro de estudiantil finalmente se levant\u00f3 en el mes de Julio casi finalizando el mes. Los estudiantes y las unidades acad\u00e9micas reorganizaron sus calendarios para culminar el semestre. Todo en el contexto de la creaci\u00f3n de una comisi\u00f3n que analizara propuestas en torno a un nuevo examen de admisi\u00f3n en la Universidad, tema por el que se hab\u00eda originado el paro, adem\u00e1s del cese de actividades de los docentes por la reclamaci\u00f3n de una nivelaci\u00f3n salarial a partir de la Ley 30 de 1992.<\/p>\n<p><strong>Fecha de diligenciamiento:<\/strong> 2 marzo 2018<\/p>\n<h1 style=\"text-align: center;\">***<\/h1>\n<p><strong>N\u00famero de ficha<\/strong>: C-148&nbsp;&nbsp;&nbsp;&nbsp;&nbsp;&nbsp;&nbsp;&nbsp;&nbsp;&nbsp;&nbsp;&nbsp;&nbsp;&nbsp;&nbsp;&nbsp;&nbsp;&nbsp;&nbsp;&nbsp;&nbsp;&nbsp;&nbsp;&nbsp;&nbsp;&nbsp;&nbsp;&nbsp;&nbsp;&nbsp;&nbsp;&nbsp;&nbsp;&nbsp;&nbsp;&nbsp;&nbsp;&nbsp;&nbsp;&nbsp;&nbsp;&nbsp;&nbsp;&nbsp;&nbsp;&nbsp;&nbsp;&nbsp;&nbsp;&nbsp;&nbsp;&nbsp;&nbsp;<\/p>\n<p><strong>Diligenciada por: <\/strong>Paula Andrea Salamanca Hern\u00e1ndez<\/p>\n<p>INFORMACI\u00d3N BIBLIOGR\u00c1FICA<\/p>\n<p>Peri\u00f3dico: El Colombiano<\/p>\n<p>Lugar de edici\u00f3n: Medell\u00edn<\/p>\n<p>Autor personal:<\/p>\n<p>Autor corporativo:<\/p>\n<p>Fecha: 1995 julio 18<\/p>\n<p>P\u00e1gina:8B<\/p>\n<p>Secci\u00f3n: Generales<\/p>\n<p><strong>Titular: <\/strong>Rector de la U. de A. pide retorno de desaparecidos<\/p>\n<p><strong>Resumen:<\/strong> \u201cEl rector de la Universidad de Antioquia (Jaime Restrepo Cuartas), expres\u00f3 su preocupaci\u00f3n por la falta de informaci\u00f3n sobre el paradero del estudiante de Ingenier\u00eda Mec\u00e1nica, Jorge Iv\u00e1n Alarc\u00f3n S\u00e1nchez desapareci\u00f3 el seis de mayo del a\u00f1o en curso, cuando caminaba en compa\u00f1\u00eda de Edgar Augusto Monsalve, tambi\u00e9n desaparecido, en zona rural del corregimiento de San Antonio de Prado. Al condenar este tipo de acciones que atentan contra la vida e integridad personal de los ciudadanos, Restrepo llam\u00f3 la atenci\u00f3n de las autoridades para que aclaren estas desapariciones y pidi\u00f3 a sus captores devolverlos a sus familias y a la Universidad. Familiares de los dos desaparecidos visitaron todos los hospitales y anfiteatros del Suroeste Cercano antioque\u00f1o para tratar de localizarlos, pero todos sus esfuerzos han resultado infructuosos.<\/p>\n<ul>\n<li>la polic\u00eda: los dos muchachos seg\u00fan sus familiares fueron vistos por \u00faltima vez en poder de varios agentes de la Polic\u00eda. Los integrantes del comando de Angel\u00f3polis los capturaron en l\u00edmites de los municipios de Armenia y Heliconia. Luego de la detenci\u00f3n, los bajaron hacia San Antonio de Prado. En ese corregimiento de Medell\u00edn los dejaron en poder del comandante y a los agentes adscritos a Armenia-Mantequilla, quienes inexplicablemente los condujeron hacia Titirib\u00ed, en cuya zona rural -contin\u00faa la denuncia de los familiares- los entregaron a varios civiles, al parecer paramilitares.<\/li>\n<\/ul>\n<p>Este hecho es investigado por la Procuradur\u00eda Departamental y por la Fiscal\u00eda Regional. As\u00ed mismo fue denunciado a nivel internacional, ante organismos como Amnist\u00eda Internacional y la Federaci\u00f3n Latinoamericana de Familiares Desaparecidos. Al respecto, se sabe que desde distintos lugares del como Estados Unidos, Espa\u00f1a, Escocia, Italia, Finlandia, Suecia, Austria, Alemania, se han enviado cartas al presidente de Colombia, al Ministro de Defensa y al comandante de las Fuerzas Militares, entre otros, exigi\u00e9ndoles que los j\u00f3venes sean liberados con vida se investigue a quienes los desaparecieron.<\/p>\n<p>Un familiar de uno de los j\u00f3venes desaparecidos ha recibido constantes amenazas de muerte por sus investigaciones para descubrir a los dos muchachos y evitar que su desaparici\u00f3n contin\u00fae en la impunidad. Ese mismo familiar denunci\u00f3 a este diario que, a mediados de junio, varios agentes de la Polic\u00eda le decomisaron, en el Aeropuerto Olaya Herrera, 25 mil volantes con fotograf\u00edas de los dos muchachos, los cuales pensaba arrojar desde una avioneta sobre la zona rural del Suroeste donde ocurri\u00f3 la desaparici\u00f3n.<\/p>\n<p><strong>Im\u00e1genes:<\/strong> (IMA_C148) foto de los desaparecidos con sus nombres Edgar Augusto Monsalve, Jorge Iv\u00e1n Alarc\u00f3n&nbsp;<\/p>\n<p><strong>Archivos de Registro: <\/strong>REG_C148<\/p>\n<p>INFORMACI\u00d3N ANAL\u00cdTICA<\/p>\n<p>Contexto de la noticia: exterminio de la UP, Recrudecimiento del conflicto paramilitar, Recrudecimiento del conflicto armado, guerra entre Los Pepes y el Cartel de Medell\u00edn, Asesinatos de algunos candidatos a alcald\u00edas de los municipios de Antioquia, Aumento de los secuestros en Colombia por parte de grupos alzados en armas, Tragedia de Fredonia<\/p>\n<p>Palabras clave: Acciones de resistencia, Comunicados, Acciones legales, Rector Restrepo Cuartas Jaime, Acciones violentas Desaparici\u00f3n forzada, Polic\u00eda, Facultad de Ingenier\u00eda, Estudiantes, Edgar Augusto Monsalve, Jorge Iv\u00e1n Alarc\u00f3n&nbsp;<\/p>\n<p>Sugerencia de palabras claves:<\/p>\n<p>Observaciones: la noticia se registra tal cual, debido a lo confuso del caso y a la forma en c\u00f3mo sucedieron los hechos<\/p>\n<p><strong>Fecha de diligenciamiento:<\/strong> 2 marzo 2018<\/p>\n<h1 style=\"text-align: center;\">***<\/h1>\n<p><strong>N\u00famero de ficha<\/strong>: C-149&nbsp;&nbsp;&nbsp;&nbsp;&nbsp;&nbsp;&nbsp;&nbsp;&nbsp;&nbsp;&nbsp;&nbsp;&nbsp;&nbsp;&nbsp;&nbsp;&nbsp;&nbsp;&nbsp;&nbsp;&nbsp;&nbsp;&nbsp;&nbsp;&nbsp;&nbsp;&nbsp;&nbsp;&nbsp;&nbsp;&nbsp;&nbsp;&nbsp;&nbsp;&nbsp;&nbsp;&nbsp;&nbsp;&nbsp;&nbsp;&nbsp;&nbsp;&nbsp;&nbsp;&nbsp;&nbsp;&nbsp;&nbsp;&nbsp;&nbsp;&nbsp;&nbsp;&nbsp;<\/p>\n<p><strong>Diligenciada por: <\/strong>Paula Andrea Salamanca Hern\u00e1ndez<\/p>\n<p>INFORMACI\u00d3N BIBLIOGR\u00c1FICA<\/p>\n<p>Peri\u00f3dico: El Colombiano<\/p>\n<p>Lugar de edici\u00f3n: Medell\u00edn<\/p>\n<p>Autor personal:<\/p>\n<p>Autor corporativo:<\/p>\n<p>Fecha: 1995 agosto 16<\/p>\n<p>P\u00e1gina:10A<\/p>\n<p>Secci\u00f3n: Antioquia<\/p>\n<p><strong>Titular: <\/strong>Asesinan a dos j\u00f3venes<\/p>\n<p><strong>Resumen:<\/strong> Byron David Jim\u00e9nez de 18 a\u00f1os, estudiante de la Facultad de Matem\u00e1ticas de la Universidad y Alexander Palacio Salazar (no estudiante), fueron interceptados en el cruce de la carrera 61 con la avenida 48 del barrio Niqu\u00eda. \u201cLos homicidas luego de disparar en repetidas ocasiones contra los dos muchachos, abandonaron el escenario del crimen a pie y sin ninguna prisa\u201d dijeron testigos del hecho. Se dijo que el asesinato hab\u00eda sido ejecutado por supuestos integrantes de una banda delincuencial que operaba en la localidad.<\/p>\n<p><strong>Im\u00e1genes:<\/strong> N\/A<\/p>\n<p><strong>Archivos de Registro: <\/strong>REG_C149<\/p>\n<p>INFORMACI\u00d3N ANAL\u00cdTICA<\/p>\n<p>Contexto de la noticia: exterminio de la UP, Recrudecimiento del conflicto paramilitar, Recrudecimiento del conflicto armado, guerra entre Los Pepes y el Cartel de Medell\u00edn, Asesinatos de algunos candidatos a alcald\u00edas de los municipios de Antioquia, Aumento de los secuestros en Colombia por parte de grupos alzados en armas,<\/p>\n<p>Palabras clave: Acciones violentas, Asesinato, Estudiantes<\/p>\n<p>Sugerencia de palabras claves:<\/p>\n<p>Observaciones: se indic\u00f3 en la noticia que el crimen se dio despu\u00e9s de dos meses, cuando en el mismo barrio murieron baleados otros tres j\u00f3venes estudiantes. Sin embargo, no se indica si eran universitarios o ni se identifican sus nombres<\/p>\n<p><strong>Fecha de diligenciamiento:<\/strong> 2 marzo 2018<\/p>\n<h1 style=\"text-align: center;\">***<\/h1>\n<p><strong>N\u00famero de ficha<\/strong>: C-150&nbsp;&nbsp;&nbsp;&nbsp;&nbsp;&nbsp;&nbsp;&nbsp;&nbsp;&nbsp;&nbsp;&nbsp;&nbsp;&nbsp;&nbsp;&nbsp;&nbsp;&nbsp;&nbsp;&nbsp;&nbsp;&nbsp;&nbsp;&nbsp;&nbsp;&nbsp;&nbsp;&nbsp;&nbsp;&nbsp;&nbsp;&nbsp;&nbsp;&nbsp;&nbsp;&nbsp;&nbsp;&nbsp;&nbsp;&nbsp;&nbsp;&nbsp;&nbsp;&nbsp;&nbsp;&nbsp;&nbsp;&nbsp;&nbsp;&nbsp;&nbsp;&nbsp;&nbsp;<\/p>\n<p><strong>Diligenciada por: <\/strong>Paula Andrea Salamanca Hern\u00e1ndez<\/p>\n<p>INFORMACI\u00d3N BIBLIOGR\u00c1FICA<\/p>\n<p>Peri\u00f3dico: El Colombiano<\/p>\n<p>Lugar de edici\u00f3n: Medell\u00edn<\/p>\n<p>Autor personal:<\/p>\n<p>Autor corporativo:<\/p>\n<p>Fecha: 1995 octubre 13<\/p>\n<p>P\u00e1gina:8A<\/p>\n<p>Secci\u00f3n: Antioquia<\/p>\n<p><strong>Titular: <\/strong>Disturbios en la U. de A<\/p>\n<p><strong>Resumen:<\/strong> con armas de fuego y petardos de bajo poder varios encapuchados que se ubicaron en las inmediaciones de la puerta de Barranquilla de la Universidad protagonizaron disturbios por tres horas. Las protestas eran en contra de la prestaci\u00f3n del servicio militar obligatorio y en conmemoraci\u00f3n del aniversario de la muerte de Ernesto \u201cChe\u201d Guevara. El saldo fue un lesionado miembro de la Polic\u00eda que viajaba en una de las rutas de buses que transitaban por la calle Barranquilla en direcci\u00f3n al noroccidente, cuando un petardo golpe\u00f3 un costado del bus y las latas le lastimaron el vientre. A la vez se impidi\u00f3 la quema de un bus, del que fueron desalojados los pasajeros. No hubo detenidos.<\/p>\n<p><strong>Im\u00e1genes:<\/strong> (IMA_C150) Contra el servicio militar (nombre de la foto) que describe en pie de foto \u201clos disturbios en las afueras de la Universidad de Antioquia alteraron el desarrollo de las actividades acad\u00e9micas en la instituci\u00f3n y la celebraci\u00f3n de los 192 a\u00f1os de funcionamiento. En la tarde la situaci\u00f3n se normalizo y las autoridades se mantuvieron vigilantes para evitar m\u00e1s problemas en el orden p\u00fablico. Tomada por Jes\u00fas Abad Colorado<\/p>\n<p><strong>Archivos de Registro: <\/strong>REG_C150<\/p>\n<p>INFORMACI\u00d3N ANAL\u00cdTICA<\/p>\n<p>Contexto de la noticia: exterminio de la UP, Recrudecimiento del conflicto paramilitar, Recrudecimiento del conflicto armado, guerra entre Los Pepes y el Cartel de Medell\u00edn, Asesinatos de algunos candidatos a alcald\u00edas de los municipios de Antioquia, Aumento de los secuestros en Colombia por parte de grupos alzados en armas, Paro de maestros colegios de Colombia, Masacre del Socorro, Captura de los Hermanos Rodr\u00edguez Orejuela<\/p>\n<p>Palabras clave: Acciones violentas, uso de petardos y explosivos, Ataques a la poblaci\u00f3n, Acciones contestatarias, Tropel, Grupos clandestinos<\/p>\n<p>Sugerencia de palabras claves:<\/p>\n<p>Observaciones:<\/p>\n<p><strong>Fecha de diligenciamiento:<\/strong> 2 marzo 2018<\/p>\n<h1 style=\"text-align: center;\">***<\/h1>\n<p><strong>N\u00famero de ficha<\/strong>: C-151&nbsp;&nbsp;&nbsp;&nbsp;&nbsp;&nbsp;&nbsp;&nbsp;&nbsp;&nbsp;&nbsp;&nbsp;&nbsp;&nbsp;&nbsp;&nbsp;&nbsp;&nbsp;&nbsp;&nbsp;&nbsp;&nbsp;&nbsp;&nbsp;&nbsp;&nbsp;&nbsp;&nbsp;&nbsp;&nbsp;&nbsp;&nbsp;&nbsp;&nbsp;&nbsp;&nbsp;&nbsp;&nbsp;&nbsp;&nbsp;&nbsp;&nbsp;&nbsp;&nbsp;&nbsp;&nbsp;&nbsp;&nbsp;&nbsp;&nbsp;&nbsp;&nbsp;&nbsp;<\/p>\n<p><strong>Diligenciada por:<\/strong> Paula Andrea Salamanca Hern\u00e1ndez<\/p>\n<p>INFORMACI\u00d3N BIBLIOGR\u00c1FICA<\/p>\n<p>Peri\u00f3dico: El Colombiano<\/p>\n<p>Lugar de edici\u00f3n: Medell\u00edn<\/p>\n<p>Autor personal:<\/p>\n<p>Autor corporativo:<\/p>\n<p>Fecha: 1995 octubre 20<\/p>\n<p>P\u00e1gina:10A<\/p>\n<p>Secci\u00f3n: Antioquia<\/p>\n<p><strong>Titular: <\/strong>Incendian bus en la U. de A<\/p>\n<p><strong>Resumen:<\/strong> En horas de la ma\u00f1ana del d\u00eda anterior en la Universidad de Antioquia presuntos integrantes de las FARC incendiaron un bus de servicio p\u00fablico de placas TAA-994, \u201cvarios encapuchados portando pistolas autom\u00e1ticas, intimidaron al conductor del veh\u00edculo de la empresa Coonatra\u201d&nbsp; bajaron a los ocupantes del veh\u00edculo e incineraron el veh\u00edculo, \u201cuno de los atacantes que portaba un explosivo intent\u00f3 lanzarlo a una patrulla de la Polic\u00eda que lleg\u00f3 hasta el lugar, pero el artefacto le explot\u00f3 en la mano\u201d, dijeron testigos, el hombre no pudo ser localizado en ning\u00fan hospital de la Ciudad. Tambi\u00e9n, unidades de la Polic\u00eda desactivaron una bomba que dejada en la entrada Barranquilla, que estaba metida en una caja de cart\u00f3n y estaba conectada a un sistema el\u00e9ctrico.<\/p>\n<p>Hac\u00eda dos d\u00edas el mismo grupo estuvo en horas de la noche en la Universidad, entraron a la Biblioteca Central hasta la terraza y colgaron dos pendones con las figuras del Che Guevara y de Camilo Torres y, en el pabell\u00f3n universitario la Bandera de las FARC. A la vez que sucedi\u00f3 esto se dejaron panfletos dentro del claustro donde se denunciaba la \u201ctortura y muerte\u201d de Marco Tulio Mart\u00ednez, miembro de la estructura de apoyo de IX Frente de las FARC; en otra informaci\u00f3n que conten\u00edan los panfletos se aplaud\u00eda el anuncio de la Procuradur\u00eda de investigar la guerra que se libraba en Urab\u00e1.<\/p>\n<p>El rector de la Universidad emiti\u00f3 un comunicado en el que rechazaba los atentados y hechos en la Universidad, indicando que hab\u00edan alterado varios bienes patrimoniales y que estas acciones solo provocaban zozobra e inestabilidad, contrario al buen ambiente que se estaba viviendo en la Universidad.<\/p>\n<p><strong>Im\u00e1genes:<\/strong> (IMA_C151) En llamas (nombre de la foto) que describe en pie de foto \u201cp\u00e9rdidas millonarias perno v\u00edctimas, dej\u00f3 en la ma\u00f1ana de ayer en incendio de este bus de transporte p\u00fablico en la calle Barranquilla frente a la Universidad de Antioquia.\u201d<\/p>\n<p><strong>Archivos de Registro: <\/strong>REG_C151<\/p>\n<p>INFORMACI\u00d3N ANAL\u00cdTICA<\/p>\n<p>Contexto de la noticia: exterminio de la UP, Recrudecimiento del conflicto paramilitar, Recrudecimiento del conflicto armado, guerra entre Los Pepes y el Cartel de Medell\u00edn, Asesinatos de algunos candidatos a alcald\u00edas de los municipios de Antioquia, Aumento de los secuestros en Colombia por parte de grupos alzados en armas, en noviembre asesinato de \u00c1lvaro G\u00f3mez Hurtado<\/p>\n<p>Palabras clave: Acciones violentas, uso de petardos y explosivos, Ataques a la poblaci\u00f3n, Acciones contestatarias, Tropel, Grupos clandestinos, FARC, IX frente de las FARC, Acciones de resistencia, Panfletos, Mitin, Acciones de propaganda, Comunicados, Rector Restrepo Cuartas Jaime, Polic\u00eda, Biblioteca central<\/p>\n<p>Sugerencia de palabras claves:<\/p>\n<p>Observaciones:<\/p>\n<p><strong>Fecha de diligenciamiento:<\/strong> 5 marzo 2018<\/p>\n<h1 style=\"text-align: center;\">***<\/h1>\n<p><strong>N\u00famero de ficha<\/strong>: C-152&nbsp;&nbsp;&nbsp;&nbsp;&nbsp;&nbsp;&nbsp;&nbsp;&nbsp;&nbsp;&nbsp;&nbsp;&nbsp;&nbsp;&nbsp;&nbsp;&nbsp;&nbsp;&nbsp;&nbsp;&nbsp;&nbsp;&nbsp;&nbsp;&nbsp;&nbsp;&nbsp;&nbsp;&nbsp;&nbsp;&nbsp;&nbsp;&nbsp;&nbsp;&nbsp;&nbsp;&nbsp;&nbsp;&nbsp;&nbsp;&nbsp;&nbsp;&nbsp;&nbsp;&nbsp;&nbsp;&nbsp;&nbsp;&nbsp;&nbsp;&nbsp;&nbsp;&nbsp;<\/p>\n<p><strong>Diligenciada por: <\/strong>Paula Andrea Salamanca Hern\u00e1ndez<\/p>\n<p>INFORMACI\u00d3N BIBLIOGR\u00c1FICA<\/p>\n<p>Peri\u00f3dico: El Colombiano<\/p>\n<p>Lugar de edici\u00f3n: Medell\u00edn<\/p>\n<p>Autor personal:<\/p>\n<p>Autor corporativo: Editorial<\/p>\n<p>Fecha: 1996 enero 5<\/p>\n<p>P\u00e1gina:4A<\/p>\n<p>Secci\u00f3n: Opini\u00f3n<\/p>\n<p><strong>Titular: <\/strong>El buen a\u00f1o de la Universidad<\/p>\n<p><strong>Resumen:<\/strong> \u201cEs reconfortante para los antioque\u00f1os-universitarios o no, pues a todos nos afecta el acontecer del Alma Mater saber que la Universidad concluy\u00f3 un a\u00f1o pleno de realizaciones positivas y de atrayentes proyectos. Hubo al comienzo algunas dificultades, que pueden considerarse normales en el discurrir del primer establecimiento p\u00fablico de educaci\u00f3n superior del departamento. Son contingencias comprensibles inscritas en su propia cotidianidad. Superadas gracias a la mentalidad, la actitud y la voluntad de di\u00e1logo de sus directivos, estudiantes y profesores, fue posible seguir avanzando dentro de una t\u00f3nica de normalidad acad\u00e9mica, lo cual no quiere decir que est\u00e9n ausentes la cr\u00edtica y la controversia, que son inmanentes a la instituci\u00f3n universitaria. [ \u2026]\u201d<\/p>\n<p>&nbsp;<strong>Im\u00e1genes:<\/strong> N\/A<\/p>\n<p><strong>Archivos de Registro: <\/strong>REG_C152<\/p>\n<p>INFORMACI\u00d3N ANAL\u00cdTICA<\/p>\n<p>Contexto de la noticia: exterminio de la UP, Recrudecimiento del conflicto paramilitar, Recrudecimiento del conflicto armado, guerra entre Los Pepes y el Cartel de Medell\u00edn, Aumento de los secuestros en Colombia por parte de grupos alzados en armas, Proceso 8000, Toma de las Delicias (Putumayo), Ataque por parte de paramilitares a A\u00edda Avella, Paro Nacional de profesores de educaci\u00f3n superior por aumento salarial<\/p>\n<p>Palabras clave: Opini\u00f3n<\/p>\n<p>Sugerencia de palabras claves:<\/p>\n<p>Observaciones: se registra una parte de la columna para dejar ver las apreciaciones que te tuvo del a\u00f1o anterior sobre la Universidad. El resto del contenido es un apoyo a la gesti\u00f3n del Rector.<\/p>\n<p><strong>Fecha de diligenciamiento:<\/strong> 5 marzo 2018<\/p>\n<h1 style=\"text-align: center;\">***<\/h1>\n<p><strong>N\u00famero de ficha<\/strong>: C-153&nbsp;&nbsp;&nbsp;&nbsp;&nbsp;&nbsp;&nbsp;&nbsp;&nbsp;&nbsp;&nbsp;&nbsp;&nbsp;&nbsp;&nbsp;&nbsp;&nbsp;&nbsp;&nbsp;&nbsp;&nbsp;&nbsp;&nbsp;&nbsp;&nbsp;&nbsp;&nbsp;&nbsp;&nbsp;&nbsp;&nbsp;&nbsp;&nbsp;&nbsp;&nbsp;&nbsp;&nbsp;&nbsp;&nbsp;&nbsp;&nbsp;&nbsp;&nbsp;&nbsp;&nbsp;&nbsp;&nbsp;&nbsp;&nbsp;&nbsp;&nbsp;&nbsp;&nbsp;<\/p>\n<p><strong>Diligenciada por: <\/strong>Paula Andrea Salamanca Hern\u00e1ndez<\/p>\n<p>INFORMACI\u00d3N BIBLIOGR\u00c1FICA<\/p>\n<p>Peri\u00f3dico: El Colombiano<\/p>\n<p>Lugar de edici\u00f3n: Medell\u00edn<\/p>\n<p>Autor personal:<\/p>\n<p>Autor corporativo:<\/p>\n<p>Fecha: 1997 julio 21<\/p>\n<p>P\u00e1gina:2<\/p>\n<p>Secci\u00f3n: La 2<\/p>\n<p><strong>Titular: <\/strong>U. de A. rechaza secuestro de profesor<\/p>\n<p><strong>Resumen:<\/strong> \u201cEl rector de la Universidad de Antioquia, Jaime Restrepo Cuartas, solicit\u00f3 a los secuestradores de Gabriel Casta\u00f1o Molina, catedr\u00e1tico de la Facultad de Odontolog\u00eda, un trato digno y su pronta liberaci\u00f3n. \u00abConsidera nuestra instituci\u00f3n que actos abominables como el secuestro tienen que ser condenados y denunciados en\u00e9rgica y p\u00fablicamente por todos los hombres y entidades que est\u00e9n comprometidos con los principios rectores del respeto a la vida humana\u00bb adem\u00e1s invit\u00f3 a los profesores, estudiantes, egresados y empleados del Alma Mater a pronunciarse \u00aben contra de este lamentable hecho, a solidarizarse con la familia y a exigir que en el menor tiempo posible est\u00e9 de nuevo con todos nosotros\u00bb.<\/p>\n<p>De acuerdo con versiones entregadas por diversas autoridades, del docente universitario solo se sabe que fue plagiado en la vereda G\u00fcntar, jurisdicci\u00f3n de Anz\u00e1, el pasado 21 de junio, pero hecho solo se conoci\u00f3 esta semana.\u201d<\/p>\n<p>&nbsp;<strong>Im\u00e1genes:<\/strong> N\/A<\/p>\n<p><strong>Archivos de Registro: <\/strong>REG_C153<\/p>\n<p>INFORMACI\u00d3N ANAL\u00cdTICA<\/p>\n<p>Contexto de la noticia: exterminio de la UP, Recrudecimiento del conflicto paramilitar, Recrudecimiento del conflicto armado, Aumento de los secuestros en Colombia por parte de grupos alzados en armas, Creaci\u00f3n de las Convivir, Agudizaci\u00f3n de desplazamiento interno forzado por parte de las AUC, Aumento de asesinatos selectivos en el pa\u00eds, Masacre de Vegach\u00ed (Antioquia), San Jos\u00e9 de Apartad\u00f3 se declara zona Neutral del Conflicto Armado, Masacre en La Esperanza (Carmen de Viboral), Esc\u00e1ndalo del Miti-Miti, Masacre de Mapirip\u00e1n (Meta), Masacre en el Retiro (Antioquia), Asesinatos a l\u00edderes ind\u00edgenas por parte de las FARC, Masacre de la Horqueta (Tocaima, Cundinamarca), agudizaci\u00f3n de tomas guerrilleras a estaciones de polic\u00eda y bases militares, Masacre de Pavarand\u00f3, Desertificaci\u00f3n de Colombia por parte de Estados Unidos<\/p>\n<p>Palabras clave: Acciones violentas, Secuestro, Profesor Casta\u00f1o Molina Gabriel, Facultad de Odontolog\u00eda, Acciones de resistencia, Comunicados, Rector Restrepo Cuartas Jaime<\/p>\n<p>Sugerencia de palabras claves:<\/p>\n<p>Observaciones:<\/p>\n<p><strong>Fecha de diligenciamiento:<\/strong> 5 marzo 2018<\/p>\n<h1 style=\"text-align: center;\">***<\/h1>\n<p><strong>N\u00famero de ficha<\/strong>: C-154&nbsp;&nbsp;&nbsp;&nbsp;&nbsp;&nbsp;&nbsp;&nbsp;&nbsp;&nbsp;&nbsp;&nbsp;&nbsp;&nbsp;&nbsp;&nbsp;&nbsp;&nbsp;&nbsp;&nbsp;&nbsp;&nbsp;&nbsp;&nbsp;&nbsp;&nbsp;&nbsp;&nbsp;&nbsp;&nbsp;&nbsp;&nbsp;&nbsp;&nbsp;&nbsp;&nbsp;&nbsp;&nbsp;&nbsp;&nbsp;&nbsp;&nbsp;&nbsp;&nbsp;&nbsp;&nbsp;&nbsp;&nbsp;&nbsp;&nbsp;&nbsp;&nbsp;&nbsp;<\/p>\n<p><strong>Diligenciada por: <\/strong>Paula Andrea Salamanca Hern\u00e1ndez<\/p>\n<p>INFORMACI\u00d3N BIBLIOGR\u00c1FICA<\/p>\n<p>Peri\u00f3dico: El Colombiano<\/p>\n<p>Lugar de edici\u00f3n: Medell\u00edn<\/p>\n<p>Autor personal:<\/p>\n<p>Autor corporativo:<\/p>\n<p>Fecha: 1997 julio 21<\/p>\n<p>P\u00e1gina:7A<\/p>\n<p>Secci\u00f3n: Antioquia&nbsp;<\/p>\n<p><strong>Titular: <\/strong>U. de A. rechaza secuestros<\/p>\n<p><strong>Resumen:<\/strong> \u201cEl Consejo Acad\u00e9mico reclamo de los captores de G\u00f3mez Restrepo y su compa\u00f1ero de cautiverio la pronta liberaci\u00f3n\u201d Javier G\u00f3mez Restrepo era el presidente del BIC y hab\u00eda sido merecedor de la distinci\u00f3n \u201cAmigo de la Universidad de Antioquia\u201d por sus cualidades humanas y aportes a la Universidad, ya que permit\u00eda que alumnos de pocos recursos en la Universidad pudiesen recibir sus ayudas econ\u00f3micas. La otra persona que fue secuestrada con el recib\u00eda el nombre de Octavio Giraldo. Ambos hab\u00edan sido captados hac\u00eda trece d\u00edas en el Oriente Antioque\u00f1o.<\/p>\n<p>&nbsp;<strong>Im\u00e1genes:<\/strong> N\/A<\/p>\n<p><strong>Archivos de Registro: <\/strong>REG_C154<\/p>\n<p>INFORMACI\u00d3N ANAL\u00cdTICA<\/p>\n<p>Contexto de la noticia: exterminio de la UP, Recrudecimiento del conflicto paramilitar, Recrudecimiento del conflicto armado, Aumento de los secuestros en Colombia por parte de grupos alzados en armas, Creaci\u00f3n de las Convivir, Agudizaci\u00f3n de desplazamiento interno forzado por parte de las AUC, Aumento de asesinatos selectivos en el pa\u00eds, Masacre de Vegach\u00ed (Antioquia), San Jos\u00e9 de Apartad\u00f3 se declara zona Neutral del Conflicto Armado, Masacre en La Esperanza (Carmen de Viboral), Esc\u00e1ndalo del Miti-Miti, Masacre de Mapirip\u00e1n (Meta), Masacre en el Retiro (Antioquia), Asesinatos a l\u00edderes ind\u00edgenas por parte de las FARC, Masacre de la Horqueta (Tocaima, Cundinamarca), agudizaci\u00f3n de tomas guerrilleras a estaciones de polic\u00eda y bases militares, Masacre de Pavarand\u00f3, Desertificaci\u00f3n de Colombia por parte de Estados Unidos<\/p>\n<p>Palabras clave: Acciones de resistencia, Comunicados, Consejo Acad\u00e9mico, G\u00f3mez Restrepo Javier, Giraldo Octavio<\/p>\n<p>Sugerencia de palabras claves:<\/p>\n<p>Observaciones:<\/p>\n<p><strong>Fecha de diligenciamiento:<\/strong> 5 marzo 2018<\/p>\n","protected":false},"excerpt":{"rendered":"<p>N\u00famero de ficha: C-001&nbsp;&nbsp;&nbsp;&nbsp;&nbsp;&nbsp;&nbsp;&nbsp;&nbsp;&nbsp;&nbsp;&nbsp;&nbsp;&nbsp;&nbsp;&nbsp;&nbsp;&nbsp;&nbsp;&nbsp;&nbsp;&nbsp;&nbsp;&nbsp;&nbsp;&nbsp;&nbsp;&nbsp;&nbsp;&nbsp;&nbsp;&nbsp;&nbsp;&nbsp;&nbsp;&nbsp;&nbsp;&nbsp;&nbsp;&nbsp;&nbsp;&nbsp;&nbsp;&nbsp;&nbsp;&nbsp;&nbsp;&nbsp;&nbsp;&nbsp;&nbsp;&nbsp;&nbsp; Diligenciada por: Paula Andrea Salamanca Hern\u00e1ndez INFORMACI\u00d3N BIBLIOGR\u00c1FICA Peri\u00f3dico: El Colombiano Lugar de edici\u00f3n: Medell\u00edn Autor personal: Autor corporativo: Fecha: 1988 enero 23 P\u00e1gina: 3A Secci\u00f3n: Plana tres Titular: Expectativa por suerte de la Universidad de Antioquia Resumen: desde octubre del a\u00f1o 1987 se encontraba cerrada la Universidad por los distintos [&hellip;]<\/p>\n","protected":false},"author":1,"featured_media":0,"parent":609,"menu_order":0,"comment_status":"closed","ping_status":"closed","template":"","meta":{"_acf_changed":false,"_monsterinsights_skip_tracking":false,"_monsterinsights_sitenote_active":false,"_monsterinsights_sitenote_note":"","_monsterinsights_sitenote_category":0,"ngg_post_thumbnail":0,"footnotes":""},"acf":[],"yoast_head":"<!-- This site is optimized with the Yoast SEO plugin v22.1 - https:\/\/yoast.com\/wordpress\/plugins\/seo\/ -->\n<title>1988 - 1997 - 50 a\u00f1os de violencia y resistencia en la Universidad de Antioquia<\/title>\n<meta name=\"robots\" content=\"index, follow, max-snippet:-1, max-image-preview:large, max-video-preview:-1\" \/>\n<link rel=\"canonical\" href=\"https:\/\/hacemosmemoria.org\/udea50\/fichero\/1988-1997\/\" \/>\n<meta property=\"og:locale\" content=\"es_ES\" \/>\n<meta property=\"og:type\" content=\"article\" \/>\n<meta property=\"og:title\" content=\"1988 - 1997 - 50 a\u00f1os de violencia y resistencia en la Universidad de Antioquia\" \/>\n<meta property=\"og:description\" content=\"N\u00famero de ficha: C-001&nbsp;&nbsp;&nbsp;&nbsp;&nbsp;&nbsp;&nbsp;&nbsp;&nbsp;&nbsp;&nbsp;&nbsp;&nbsp;&nbsp;&nbsp;&nbsp;&nbsp;&nbsp;&nbsp;&nbsp;&nbsp;&nbsp;&nbsp;&nbsp;&nbsp;&nbsp;&nbsp;&nbsp;&nbsp;&nbsp;&nbsp;&nbsp;&nbsp;&nbsp;&nbsp;&nbsp;&nbsp;&nbsp;&nbsp;&nbsp;&nbsp;&nbsp;&nbsp;&nbsp;&nbsp;&nbsp;&nbsp;&nbsp;&nbsp;&nbsp;&nbsp;&nbsp;&nbsp; Diligenciada por: Paula Andrea Salamanca Hern\u00e1ndez INFORMACI\u00d3N BIBLIOGR\u00c1FICA Peri\u00f3dico: El Colombiano Lugar de edici\u00f3n: Medell\u00edn Autor personal: Autor corporativo: Fecha: 1988 enero 23 P\u00e1gina: 3A Secci\u00f3n: Plana tres Titular: Expectativa por suerte de la Universidad de Antioquia Resumen: desde octubre del a\u00f1o 1987 se encontraba cerrada la Universidad por los distintos [&hellip;]\" \/>\n<meta property=\"og:url\" content=\"https:\/\/hacemosmemoria.org\/udea50\/fichero\/1988-1997\/\" \/>\n<meta property=\"og:site_name\" content=\"50 a\u00f1os de violencia y resistencia en la Universidad de Antioquia\" \/>\n<meta property=\"article:modified_time\" content=\"2019-09-06T21:42:16+00:00\" \/>\n<meta name=\"twitter:card\" content=\"summary_large_image\" \/>\n<meta name=\"twitter:label1\" content=\"Tiempo estimado de lectura\" \/>\n\t<meta name=\"twitter:data1\" content=\"311 minutos\" \/>\n<script type=\"application\/ld+json\" class=\"yoast-schema-graph\">{\"@context\":\"https:\/\/schema.org\",\"@graph\":[{\"@type\":\"WebPage\",\"@id\":\"https:\/\/hacemosmemoria.org\/udea50\/fichero\/1988-1997\/\",\"url\":\"https:\/\/hacemosmemoria.org\/udea50\/fichero\/1988-1997\/\",\"name\":\"1988 - 1997 - 50 a\u00f1os de violencia y resistencia en la Universidad de Antioquia\",\"isPartOf\":{\"@id\":\"https:\/\/hacemosmemoria.org\/udea50\/#website\"},\"datePublished\":\"2019-09-02T14:31:22+00:00\",\"dateModified\":\"2019-09-06T21:42:16+00:00\",\"breadcrumb\":{\"@id\":\"https:\/\/hacemosmemoria.org\/udea50\/fichero\/1988-1997\/#breadcrumb\"},\"inLanguage\":\"es-CO\",\"potentialAction\":[{\"@type\":\"ReadAction\",\"target\":[\"https:\/\/hacemosmemoria.org\/udea50\/fichero\/1988-1997\/\"]}]},{\"@type\":\"BreadcrumbList\",\"@id\":\"https:\/\/hacemosmemoria.org\/udea50\/fichero\/1988-1997\/#breadcrumb\",\"itemListElement\":[{\"@type\":\"ListItem\",\"position\":1,\"name\":\"Inicio\",\"item\":\"https:\/\/hacemosmemoria.org\/udea50\/\"},{\"@type\":\"ListItem\",\"position\":2,\"name\":\"Fichero\",\"item\":\"https:\/\/hacemosmemoria.org\/udea50\/fichero\/\"},{\"@type\":\"ListItem\",\"position\":3,\"name\":\"1988 &#8211; 1997\"}]},{\"@type\":\"WebSite\",\"@id\":\"https:\/\/hacemosmemoria.org\/udea50\/#website\",\"url\":\"https:\/\/hacemosmemoria.org\/udea50\/\",\"name\":\"50 a\u00f1os de violencia y resistencia en la Universidad de Antioquia\",\"description\":\"Un contenido de Hacemos Memoria\",\"potentialAction\":[{\"@type\":\"SearchAction\",\"target\":{\"@type\":\"EntryPoint\",\"urlTemplate\":\"https:\/\/hacemosmemoria.org\/udea50\/?s={search_term_string}\"},\"query-input\":\"required name=search_term_string\"}],\"inLanguage\":\"es-CO\"}]}<\/script>\n<!-- \/ Yoast SEO plugin. -->","yoast_head_json":{"title":"1988 - 1997 - 50 a\u00f1os de violencia y resistencia en la Universidad de Antioquia","robots":{"index":"index","follow":"follow","max-snippet":"max-snippet:-1","max-image-preview":"max-image-preview:large","max-video-preview":"max-video-preview:-1"},"canonical":"https:\/\/hacemosmemoria.org\/udea50\/fichero\/1988-1997\/","og_locale":"es_ES","og_type":"article","og_title":"1988 - 1997 - 50 a\u00f1os de violencia y resistencia en la Universidad de Antioquia","og_description":"N\u00famero de ficha: C-001&nbsp;&nbsp;&nbsp;&nbsp;&nbsp;&nbsp;&nbsp;&nbsp;&nbsp;&nbsp;&nbsp;&nbsp;&nbsp;&nbsp;&nbsp;&nbsp;&nbsp;&nbsp;&nbsp;&nbsp;&nbsp;&nbsp;&nbsp;&nbsp;&nbsp;&nbsp;&nbsp;&nbsp;&nbsp;&nbsp;&nbsp;&nbsp;&nbsp;&nbsp;&nbsp;&nbsp;&nbsp;&nbsp;&nbsp;&nbsp;&nbsp;&nbsp;&nbsp;&nbsp;&nbsp;&nbsp;&nbsp;&nbsp;&nbsp;&nbsp;&nbsp;&nbsp;&nbsp; Diligenciada por: Paula Andrea Salamanca Hern\u00e1ndez INFORMACI\u00d3N BIBLIOGR\u00c1FICA Peri\u00f3dico: El Colombiano Lugar de edici\u00f3n: Medell\u00edn Autor personal: Autor corporativo: Fecha: 1988 enero 23 P\u00e1gina: 3A Secci\u00f3n: Plana tres Titular: Expectativa por suerte de la Universidad de Antioquia Resumen: desde octubre del a\u00f1o 1987 se encontraba cerrada la Universidad por los distintos [&hellip;]","og_url":"https:\/\/hacemosmemoria.org\/udea50\/fichero\/1988-1997\/","og_site_name":"50 a\u00f1os de violencia y resistencia en la Universidad de Antioquia","article_modified_time":"2019-09-06T21:42:16+00:00","twitter_card":"summary_large_image","twitter_misc":{"Tiempo estimado de lectura":"311 minutos"},"schema":{"@context":"https:\/\/schema.org","@graph":[{"@type":"WebPage","@id":"https:\/\/hacemosmemoria.org\/udea50\/fichero\/1988-1997\/","url":"https:\/\/hacemosmemoria.org\/udea50\/fichero\/1988-1997\/","name":"1988 - 1997 - 50 a\u00f1os de violencia y resistencia en la Universidad de Antioquia","isPartOf":{"@id":"https:\/\/hacemosmemoria.org\/udea50\/#website"},"datePublished":"2019-09-02T14:31:22+00:00","dateModified":"2019-09-06T21:42:16+00:00","breadcrumb":{"@id":"https:\/\/hacemosmemoria.org\/udea50\/fichero\/1988-1997\/#breadcrumb"},"inLanguage":"es-CO","potentialAction":[{"@type":"ReadAction","target":["https:\/\/hacemosmemoria.org\/udea50\/fichero\/1988-1997\/"]}]},{"@type":"BreadcrumbList","@id":"https:\/\/hacemosmemoria.org\/udea50\/fichero\/1988-1997\/#breadcrumb","itemListElement":[{"@type":"ListItem","position":1,"name":"Inicio","item":"https:\/\/hacemosmemoria.org\/udea50\/"},{"@type":"ListItem","position":2,"name":"Fichero","item":"https:\/\/hacemosmemoria.org\/udea50\/fichero\/"},{"@type":"ListItem","position":3,"name":"1988 &#8211; 1997"}]},{"@type":"WebSite","@id":"https:\/\/hacemosmemoria.org\/udea50\/#website","url":"https:\/\/hacemosmemoria.org\/udea50\/","name":"50 a\u00f1os de violencia y resistencia en la Universidad de Antioquia","description":"Un contenido de Hacemos Memoria","potentialAction":[{"@type":"SearchAction","target":{"@type":"EntryPoint","urlTemplate":"https:\/\/hacemosmemoria.org\/udea50\/?s={search_term_string}"},"query-input":"required name=search_term_string"}],"inLanguage":"es-CO"}]}},"jetpack_sharing_enabled":true,"_links":{"self":[{"href":"https:\/\/hacemosmemoria.org\/udea50\/wp-json\/wp\/v2\/pages\/652"}],"collection":[{"href":"https:\/\/hacemosmemoria.org\/udea50\/wp-json\/wp\/v2\/pages"}],"about":[{"href":"https:\/\/hacemosmemoria.org\/udea50\/wp-json\/wp\/v2\/types\/page"}],"author":[{"embeddable":true,"href":"https:\/\/hacemosmemoria.org\/udea50\/wp-json\/wp\/v2\/users\/1"}],"replies":[{"embeddable":true,"href":"https:\/\/hacemosmemoria.org\/udea50\/wp-json\/wp\/v2\/comments?post=652"}],"version-history":[{"count":8,"href":"https:\/\/hacemosmemoria.org\/udea50\/wp-json\/wp\/v2\/pages\/652\/revisions"}],"predecessor-version":[{"id":1035,"href":"https:\/\/hacemosmemoria.org\/udea50\/wp-json\/wp\/v2\/pages\/652\/revisions\/1035"}],"up":[{"embeddable":true,"href":"https:\/\/hacemosmemoria.org\/udea50\/wp-json\/wp\/v2\/pages\/609"}],"wp:attachment":[{"href":"https:\/\/hacemosmemoria.org\/udea50\/wp-json\/wp\/v2\/media?parent=652"}],"curies":[{"name":"wp","href":"https:\/\/api.w.org\/{rel}","templated":true}]}}