{"id":650,"date":"2019-09-02T09:28:32","date_gmt":"2019-09-02T14:28:32","guid":{"rendered":"http:\/\/hacemosmemoria.org\/udea50\/?page_id=650"},"modified":"2019-09-09T14:45:27","modified_gmt":"2019-09-09T19:45:27","slug":"1979-1988","status":"publish","type":"page","link":"https:\/\/hacemosmemoria.org\/udea50\/fichero\/1979-1988\/","title":{"rendered":"1979 &#8211; 1988"},"content":{"rendered":"<p><strong>N\u00famero de ficha<\/strong>: B01&nbsp;&nbsp;&nbsp;&nbsp;&nbsp;&nbsp;&nbsp;&nbsp;&nbsp;&nbsp;&nbsp;&nbsp;&nbsp;&nbsp;&nbsp;&nbsp;&nbsp;&nbsp;&nbsp;&nbsp;&nbsp;&nbsp;&nbsp;&nbsp;&nbsp;&nbsp;&nbsp;&nbsp;<\/p>\n<p><strong>Diligenciada por: <\/strong>Sara Ospina Restrepo<\/p>\n<p>INFORMACI\u00d3N BIBLIOGR\u00c1FICA<\/p>\n<p>Peri\u00f3dico: El Colombiano<\/p>\n<p>Lugar de edici\u00f3n: Medell\u00edn<\/p>\n<p>Autor personal: Villa, Mar\u00eda Eugenia &amp; de Villa, Ofelia Luz<\/p>\n<p>Autor corporativo: El Colombiano<\/p>\n<p>Fecha: 1979, marzo, 23<\/p>\n<p>P\u00e1gina: 16B<\/p>\n<p>Secci\u00f3n: Seguridad<\/p>\n<p><strong>Titular: <\/strong>Atracos en la U. de A.<\/p>\n<p><strong>Resumen:<\/strong><\/p>\n<p>\u201cLa inseguridad en los predios de la Universidad de Antioquia est\u00e1 llegando a limites no concebibles. Se han registrado ya dos casos de robos de veh\u00edculos a mano armada y varios atracos en corredores y pasillos de los pisos superiores, especialmente en horas de la noche. Los delincuentes est\u00e1n entrando f\u00e1cilmente a la ciudad universitaria, donde ofrecen objetos robados, atracan y roban. Los casos que se relatan enseguida fueron investigados por dos estudiantes de periodismo:<\/p>\n<p><strong>\u00a1Qui\u00e9n iba a pensarlo! \u00bfUn atraco a mano armada en los predios universitarios y a las cinco de la tarde?<\/strong> Como para Ripley Todo sucedi\u00f3 el 16 de octubre de 1978, cuando Luz Dary Carmona lleg\u00f3 en su Jeep Willys gris perlado, modelo 76. Lo parque\u00f3 en el lugar acostumbrado del bloque de la Facultad de Educaci\u00f3n, Luz Dary, estudiante de postgrado en Sico-orientaci\u00f3n, cerr\u00f3 su carro con el candado especial \u201ctranca direcciones\u201d.<\/p>\n<p>Se dispuso a cerrar la puerta de su campero cuando quien se supon\u00eda un estudiante de m\u00e1s o menos 26 a\u00f1os se le acerc\u00f3 demasiado. Ella con voz en\u00e9rgica lo detuvo. El supuesto estudiante con ademan de conducci\u00f3n hizo se\u00f1as a \u201csu compa\u00f1ero Uribe\u201d, que de un salto ocup\u00f3 el puesto delantero del veh\u00edculo. El otro, mientras tanto sac\u00f3 a relucir el cromado ca\u00f1\u00f3n de un 38 largo. Luz Dary se petrific\u00f3, la sangre helada dentro de su cuerpo la hizo reaccionar con serenidad y frialdad. Pens\u00f3 en gritar, accionar, pero al tiempo pens\u00f3 en su vida indefensa que se hallaba expuesta, ante la soledad de ese peque\u00f1o trozo del Alma Mater. La cacha del revolver empu\u00f1ada con firmeza, fue una orden para que la amenazada se sentara en medio de los dos secuestradores dentro del veh\u00edculo, \u201cNo haga nada, act\u00fae con serenidad que necesitamos el carro para un trabajito y estese tranquila que se lo vamos a devolver\u201d, le dijo la voz de uno de los atracadores.<\/p>\n<p><strong>PASO POR LA PORTERIA<\/strong><\/p>\n<p>La entrada a la Universidad de Antioquia es siempre controlada. Los porteros entregan un ficho al entrar los carros. Para obtener la salida siempre requisan los carros y el conductor devuelve el ficho. En este caso ocurre lo usual, el ficho fue entregado y el carro revisado superficialmente, como es ya costumbre. Los porteros no se percataron que Luz Dary era amenazada por un rev\u00f3lver que se hallaba camuflado bajo la mochila de uno de los delincuentes. Iniciaron la huida por Barranquilla hacia la glorieta de CocaCola y luego se enrutaron hacia el sur por la autopista. Los atracadores se mostraban nerviosos e inseguros con la compa\u00f1\u00eda de su v\u00edctima a la cual obligaron a descender en las inmediaciones del barrio Carlos E. Restrepo. Luz Dary denunci\u00f3 la acci\u00f3n delictiva ante las autoridades competentes. El carro apareci\u00f3 el 28 de octubre desvalijado y con placas robadas en la circular tercera del barrio San Joaqu\u00edn<\/p>\n<p><strong>OTRO CASO<\/strong><\/p>\n<p>El pasado 13 de febrero, la profesora de la facultad de Bibliotecolog\u00eda Teresita Londo\u00f1o fue v\u00edctima de un atentado similar al anterior. Teresita dict\u00f3 su c\u00e1tedra en la Universidad y sali\u00f3 al parqueadero de la facultad de Educaci\u00f3n para abordar su veh\u00edculo, un Renault 4 amarillo, modelo 77, de placas KC 67-41. Fue entonces cuando se le acercaron tres personas; 2 j\u00f3venes y una dama, que parec\u00edan ser estudiantes. La obligaron a subir a la parte de atr\u00e1s del veh\u00edculo y la enca\u00f1onaron. Ella obedeci\u00f3 y los secuestradores le advirtieron que no hiciera ning\u00fan movimiento y que el carro lo necesitaban para hacer un trabajito. Como en el caso anterior de Luz Dary, la salida de la universidad se realiz\u00f3 sin ning\u00fan tropiezo. Los delincuentes tomaron la ruta que conduce al Jard\u00edn Bot\u00e1nico y luego la hicieron descender. Hasta esta fecha la citada profesora no ha tenido noticias del paradero de su veh\u00edculo<\/p>\n<p><strong>INSEGURIDAD INTERNA<\/strong><\/p>\n<p>Luz Dary Carmona y Teresita Londo\u00f1o, v\u00edctimas de la inseguridad interna del alma Mater, se han desvinculado por completo de la universidad. La primera trunc\u00f3 su post-grado en Sico-orientaci\u00f3n y la segunda renunci\u00f3 a la catedra de catalogaci\u00f3n\u201d<\/p>\n<p><strong>Im\u00e1genes: <\/strong>n\/a<\/p>\n<p>INFORMACI\u00d3N ANAL\u00cdTICA<\/p>\n<p>Contexto de la noticia:<\/p>\n<p>Asesinado embajador de Gran Breta\u00f1a en Holanda, Los Kurdos cesan el fuego, Asesinado l\u00edder de izquierda en Guatemala, Tropas de Israel en estado de alerta. Desmantelado nuevo grupo guerrillero, 23 capturados por presunta vinculaci\u00f3n con el m-19.<\/p>\n<p>Palabras clave: Acciones Violentas, Robo<\/p>\n<p>Sugerencia de palabras claves:<\/p>\n<p>Observaciones:<\/p>\n<p>Fecha de diligenciamiento: 30 de marzo de 2019<\/p>\n<h1 style=\"text-align: center;\">***<\/h1>\n<p><strong>N\u00famero de ficha<\/strong>: B02&nbsp;&nbsp;&nbsp;&nbsp;&nbsp;&nbsp;&nbsp;&nbsp;&nbsp;&nbsp;&nbsp;&nbsp;&nbsp;&nbsp;&nbsp;&nbsp;<\/p>\n<p><strong>Diligenciada por: <\/strong>Sara Ospina Restrepo<\/p>\n<p>INFORMACI\u00d3N BIBLIOGR\u00c1FICA<\/p>\n<p>Peri\u00f3dico: El Colombiano<\/p>\n<p>Lugar de edici\u00f3n: Medell\u00edn<\/p>\n<p>Autor personal:<\/p>\n<p>Autor corporativo: El Colombiano<\/p>\n<p>Fecha:&nbsp; 1979, marzo, 31<\/p>\n<p>P\u00e1gina: n\/a<\/p>\n<p>Secci\u00f3n: Seguridad<\/p>\n<p><strong>Titular: <\/strong>Heridas 3 personas en disturbios estudiantiles<\/p>\n<p><strong>Resumen:<\/strong><\/p>\n<p>\u201cTres personas que viajaban en un bus de pasajeros resultaron lesionadas a causa de la explosi\u00f3n de una bomba molotov y durante disturbios estudiantiles ocurrido en la ma\u00f1ana de ayer en las afueras de la Ciudad Universitaria Estos hechos fueron originados como protesta del estudiantado, por el alza de los transportes. Ayer m\u00e1s de quince j\u00f3venes de diferentes planteles de la ciudad se encontraban retenidos en los patios del Distrito Medell\u00edn. Los incidentes sucedieron en las horas de la ma\u00f1ana cuando comenz\u00f3 a llegar la fuerza p\u00fablica y rodear los predios universitarios.<\/p>\n<p><strong>BOMBA A UN BUS<\/strong><\/p>\n<p>Por ese sector transitaba un bus de pasajeros perteneciente a la l\u00ednea de La Floresta, cuando sorpresivamente se acerc\u00f3 un grupo de muchachos y uno lanz\u00f3 un artefacto el cual explot\u00f3 en el interior, lo que caus\u00f3 p\u00e1nico entre los pasajeros. Muchos lograron salir en veloz carrera mientras que otros, los m\u00e1s calmados permanecieron all\u00ed. Sin embargo, las llamas de la bomba lograron quemar en primer grado a Arnoldo Mar\u00eda G\u00f3mez, Benjam\u00edn Zuleta y Mar\u00eda G\u00f3mez, quienes se dirig\u00edan al centro de la ciudad.<\/p>\n<p><strong>RETIENEN A UNO DEL B-2<\/strong><\/p>\n<p>Un agente del B-2 o sea de los servicios de inteligencia del Ej\u00e9rcito que se hab\u00eda camuflado entre el estudiantado, fue retenido por estos y llevado a un sitio donde fue sometido a una serie de interrogatorios.&nbsp; Seg\u00fan indic\u00f3 a este peri\u00f3dico, el agente fue liberado m\u00e1s tarde sin haber sido torturado o maltratado.<\/p>\n<p><strong>CAE UN AGENTE<\/strong><\/p>\n<p>La situaci\u00f3n no termin\u00f3 all\u00ed. Dos horas despu\u00e9s de haber sido dejado libre el del servicio secreto, un agente uniformado fue tambi\u00e9n retenido por los estudiantes. A este si lo condujeron a otro sitio y lo pusieron a pr\u00e1cticas de gimnasia, levantarse y tenderse, etc.&nbsp; En la noche el mayor Sa\u00fal Mart\u00ednez Alvares, hac\u00eda las gestiones ante los directivos de la Universidad de Antioquia en busca de que el agente fuera regresado a los cuarteles. El oficial se reuni\u00f3 igualmente con funcionarios del gobierno con quienes trat\u00f3 lo relativo al problema y rindi\u00f3 un informe sobre el particular.<\/p>\n<p><strong>CALMA<\/strong><\/p>\n<p>Despu\u00e9s de las dos y media de la tarde, retorn\u00f3 la calma en los predios universitario y a sus alrededores se destac\u00f3 fuerza p\u00fablica para la conservaci\u00f3n del orden y en la noche los estudiantes abandonaron las dependencias universitarias.\u201d<\/p>\n<p><strong>Im\u00e1genes: <\/strong>n\/a<\/p>\n<p>INFORMACI\u00d3N ANAL\u00cdTICA<\/p>\n<p>Contexto de la noticia:<\/p>\n<p>Asesinado el director de la C\u00e1rcel de Bellavista.<\/p>\n<p>Palabras clave: Acciones Contestatarias, Tropel, Acciones Violentas, Uso de petaros y explosivos, Da\u00f1o a bienes civiles, Infiltraci\u00f3n de Agentes del Estado, Actores Armados, B-2,<\/p>\n<p>Sugerencia de palabras claves:<\/p>\n<p>Observaciones:<\/p>\n<p>Fecha de diligenciamiento: 30 de marzo de 2019<\/p>\n<h1 style=\"text-align: center;\">***<\/h1>\n<p><strong>N\u00famero de ficha<\/strong>: B03&nbsp;&nbsp;&nbsp;&nbsp;&nbsp;&nbsp;&nbsp;&nbsp;&nbsp;&nbsp;&nbsp;&nbsp;&nbsp;&nbsp;&nbsp;&nbsp;&nbsp;&nbsp;&nbsp;&nbsp;&nbsp;&nbsp;&nbsp;&nbsp;&nbsp;&nbsp;&nbsp;&nbsp;&nbsp;&nbsp;&nbsp;&nbsp;&nbsp;&nbsp;&nbsp;&nbsp;&nbsp;<\/p>\n<p><strong>Diligenciada por: <\/strong>Sara Ospina Restrepo<\/p>\n<p>INFORMACI\u00d3N BIBLIOGR\u00c1FICA<\/p>\n<p>Peri\u00f3dico: El Colombiano<\/p>\n<p>Lugar de edici\u00f3n: Medell\u00edn<\/p>\n<p>Autor personal:<\/p>\n<p>Autor corporativo: El Colombiano<\/p>\n<p>Fecha: 1979, abril, 04<\/p>\n<p>P\u00e1gina: 16A<\/p>\n<p>Secci\u00f3n: Seguridad<\/p>\n<p><strong>Titular: <\/strong>Violenta pedrea entre estudiantes y polic\u00edas<\/p>\n<p><strong>Resumen:<\/strong><\/p>\n<p>\u201cEn las \u00faltimas horas de ayer se presentaron enfrentamientos entre la fuerza p\u00fablica y un grupo de estudiantes de la Universidad de Antioquia, como consecuencia de las cuales se registra una violenta pedrea de parte y parte que dur\u00f3 largo rato. Los estudiantes estuvieron retenidos en una Asamblea General de alumnos de ese centro universitario, con el prop\u00f3sito de considerar algunas peticiones a las directivas del claustro. Se supo de fuente oficial que se solicit\u00f3 la determinaci\u00f3n de considerar el actual como un semestre especial, adem\u00e1s de la prolongaci\u00f3n del mismo para la presentaci\u00f3n de ex\u00e1menes. Al mismo tiempo se estimaba entre los directivos que no exist\u00eda motivo para tomar tal decisi\u00f3n dada la normalidad acad\u00e9mica de los \u00faltimos a\u00f1os.<\/p>\n<p><strong>PEDREAS<\/strong><\/p>\n<p>Al salir de la asamblea un grupo de estudiantes realiz\u00f3 un mitin, el cual degener\u00f3 en enfrentamientos violento con la fuerza p\u00fablica y se present\u00f3 un fuerte intercambio de piedras y guijarros. Los efectivos del ej\u00e9rcito, enviados tambi\u00e9n al lugar, permanecieron a la expectativa de lo que pudiese ocurrir. Tras un rato, los exaltados regresaron al claustro y la fuerza p\u00fablica se acanton\u00f3 en la esquina de Carabobo con Barranquilla sin que se registraran mayores incidentes para lamentar. Las clases programadas para la tarde fueron interrumpidas y el resto del estudiantado, la gran mayor\u00eda que no particip\u00f3 en la pedrea, corri\u00f3 r\u00e1pidamente a desalojar las instalaciones de la Universidad de Antioquia y evitarse as\u00ed problemas de gravedad\u201d<\/p>\n<p><strong>Im\u00e1genes: <\/strong>n\/a<\/p>\n<p>INFORMACI\u00d3N ANAL\u00cdTICA<\/p>\n<p>Contexto de la noticia:<\/p>\n<p>A muchos sectores afecta huelga en Paz del Rio, Israel\u00edes bombardearon aeropuerto de Entebbe, \u201cSindes\u201d anuncia paro indefinido, 180 polic\u00edas detenidos por atracos, extorci\u00f3n y robos, 2 heridos en violento abaleo en La Estrella.<\/p>\n<p>Palabras clave: Acciones Contestatarias, Tropel, Acciones de resistencia, Mitin, Actores Institucionales, Asamblea general<\/p>\n<p>Sugerencia de palabras claves:<\/p>\n<p>Observaciones:<\/p>\n<p>Fecha de diligenciamiento: 30 de marzo de 2019<\/p>\n<h1 style=\"text-align: center;\">***<\/h1>\n<p><strong>N\u00famero de ficha<\/strong>:&nbsp; B04&nbsp;&nbsp;&nbsp;&nbsp;&nbsp;&nbsp;&nbsp;&nbsp;&nbsp;&nbsp;&nbsp;&nbsp;&nbsp;&nbsp;&nbsp;&nbsp;<\/p>\n<p><strong>Diligenciada por: <\/strong>Sara Ospina Restrepo<\/p>\n<p>INFORMACI\u00d3N BIBLIOGR\u00c1FICA<\/p>\n<p>Peri\u00f3dico: El Colombiano<\/p>\n<p>Lugar de edici\u00f3n: Medell\u00edn<\/p>\n<p>Autor personal:<\/p>\n<p>Autor corporativo: El Colombiano<\/p>\n<p>Fecha: 1979, mayo, 12<\/p>\n<p>P\u00e1gina: 11B<\/p>\n<p>Secci\u00f3n: Seguridad<\/p>\n<p><strong>Titular: <\/strong>M-19 se tom\u00f3 edificio de la U. de Antioquia<\/p>\n<p><strong>Resumen:<\/strong><\/p>\n<p>\u201cAcorralados 800 estudiantes. Fracas\u00f3 toma de la emisora. Los individuos, entre ellos dos agraciadas muchachas se identificaron como miembros del M-19 y en el momento de huir dejaron en el patio una bandera de esa organizaci\u00f3n insurgente. De acuerdo con los indicios disponibles, los asaltantes se propon\u00edan a tomarse la Emisora Cultural de la Universidad de Antioquia que, a esa hora, nueve y seis minutos de la noche, transmit\u00eda el programa \u201cNoches de Estudiantina\u201d y era operada por el veterano hombre de radio Mario Escobar V\u00e9lez. La sorpresiva acci\u00f3n de los guerrilleros urbanos produjo p\u00e1nico entre el personal concentrado en el edificio central del Alma Mater de Antioquia. El director del Instituto Nocturno de Bachillerato, profesor Miguel Garc\u00e9s V\u00e9lez, fue herido en la nuca de un \u201ccachazo\u201d, cuando intent\u00f3 enfrentarse a uno de los insurgentes. Todos los asaltantes iban armados de metralletas o de carabinas. De acuerdo con versiones reunidas anoche en el lugar de los sucesos, un disparo que se le sali\u00f3 parece que accidentalmente a uno de los guerrilleros, fue lo que impidi\u00f3 que se prolongara el asalto y que las instalaciones de la Emisora Cultural quedaran en su poder.<\/p>\n<p><strong>LOS HECHOS<\/strong><\/p>\n<p>El espectacular asalto ocurri\u00f3 a las nueve y seis minutos de la noche. Mario Escobar V\u00e9lez, ingeniero de sonido de la Emisora Cultural, inform\u00f3 a EL COLOMBIANO que acababa de hacer salir al aire la identificaci\u00f3n de la estaci\u00f3n radiof\u00f3nica y estaba girando una grabaci\u00f3n con el programa \u201cNoches de Estudiantina\u201d dedicado ayer a difundir interpretaciones musicales del grupo \u201cNuestras voces en el recuerdo\u201d<\/p>\n<p>Repentinamente entr\u00f3 a la Emisora (que est\u00e1 ubicada en el tercer piso, entre los dos patios del edificio) un individuo que seg\u00fan Escobar V\u00e9lez era moreno, delgado, de aproximadamente veinticuatro a\u00f1os de edad y armado con una metralleta. Le orden\u00f3 que colocara un disco que durara media hora. Mario se dispuso a cumplir la orden. En seguida apareci\u00f3 en la puesta de la emisora una muchacha de unos diecinueve a\u00f1os de edad, morena, gruesa, bonita, armada con una carabina. El individuo oblig\u00f3 a Escobar V\u00e9lez a salir de la Emisora y le orden\u00f3 que bajara inmediatamente al patio. Observ\u00f3 como en esos momentos otro de los asaltantes armado de pistola sacaba a varios estudiantes de un sal\u00f3n del tercer piso e igualmente les indicaba que deb\u00edan bajar inmediatamente al patio central<\/p>\n<p><strong>CONCENTRACI\u00d3N<\/strong><\/p>\n<p>Entretanto, en el patio central del hist\u00f3rico edificio del Alma Mater se concentraban alrededor de ochocientos muchachos que poco antes hab\u00edan sido forzados a suspender la \u00faltima clase de la noche. Las mujeres y los hombres reunidos exhib\u00edan un estado de natural nerviosismo. Tanto los estudiantes como los profesores fueron reunidos en el espacioso lugar donde hay una ancha pileta que a esa hora estaba vac\u00eda.<\/p>\n<p><strong>LLAMADA A LA POLICIA<\/strong><\/p>\n<p>Mientras en el patio hab\u00eda alta tensi\u00f3n y la muchachada y el profesorado eran acorralados por no menos de siete j\u00f3venes guerrilleros, en el tercer piso hab\u00eda logrado permanecer oculto un joven estudiante que en forma sigilosa logr\u00f3 trasladarse hasta la oficina de los monitores, encontrar un tel\u00e9fono y llamar a la polic\u00eda. Las instalaciones del Comando Departamental de la Polic\u00eda est\u00e1n ubicadas a pocas cuadras de la Plazuela de San Ignacio. M\u00e1s de diez minutos despu\u00e9s de la llamada; llegaron a la plazoleta tambi\u00e9n llamada Jos\u00e9 F\u00e9lix de Restrepo, numerosos agentes del orden que de inmediato rodearon el edificio central de la Universidad, donde antes funcionaban varias facultades y ahora solo est\u00e1n radicados el Nocturno, la Emisora y otras dependencias.<\/p>\n<p><strong>NERVIOSISMO Y CONFUSION<\/strong><\/p>\n<p>El vecindario del apacible sector residencial de San Ignacio trat\u00f3 de seguir con enorme nerviosismo y con gran extra\u00f1eza del desenvolvimiento de los hechos en el local de la Universidad. A la redacci\u00f3n de EL COLOMBIANO hubo varias llamadas de personas que en tono angustiado reclamaban explicaci\u00f3n sobre lo que estaba sucediendo a pocos pasos de sus hogares. Nos dec\u00edan que en esos precisos instantes numerosos estudiantes estaban saltando a la calle por los balcones del segundo piso del edificio porque \u201calgo muy horrible estaba ocurriendo all\u00e1 adentro\u201d.<\/p>\n<p><strong>DOS MUJERES<\/strong><\/p>\n<p>Declaraciones logradas en el lugar de los hechos permiten establecer que entre asaltantes hab\u00eda por lo menos dos muchachas, calificadas como bonitas por quienes tuvieron ocasi\u00f3n de verlas. Una de ellas, la que se encontraba en la puerta del edificio, parece que se tapaba la cara con una media de \u201cnylon\u201d o con algo que impidiera reconocerla. La confusi\u00f3n mayor se form\u00f3 cuando a uno de los asaltantes se le dispar\u00f3 su arma. Fue entonces cuando hubo explosiones de histeria entre las muchachas y gritos de miedo entre los varones. En esos momentos, tal vez porque hab\u00eda fracasado la toma de la Emisora Cultural, los asaltantes salieron precipitadamente del local, con rumbo no establecido. Por otra parte, parece que varios de los autores del asalto estaban en el local de la Universidad desde hac\u00eda por lo menos una hora. En un corredor del tercer piso fueron encontradas varias bolsas de polietileno grandes, en las cuales se presume se llevaban algunas de las armas de grueso calibre que utilizaron en el asalto. Los tableros de varios salones quedaron marcados con tiza con la letra M y el n\u00famero 19. Hac\u00eda las diez de la noche en el edificio y en todo el sector volvi\u00f3 a reinar la tranquilidad de siempre\u201d<\/p>\n<p><strong>Im\u00e1genes:<\/strong> n\/a<\/p>\n<p>INFORMACI\u00d3N ANAL\u00cdTICA<\/p>\n<p>Contexto de la noticia:<\/p>\n<p>Sangriento ataque guerrillero en el Caquet\u00e1; varios muertos, Rebeldes ocupan embajada de Venezuela, 67 muertos en enfrentamientos en Managua.<\/p>\n<p>Palabras clave: Acciones Violentas, Intimidaci\u00f3n, Actores Armados, M-19, Escobar V\u00e9lez, Mario<\/p>\n<p>Sugerencia de palabras claves:<\/p>\n<p>Observaciones:<\/p>\n<p>Fecha de diligenciamiento: 30 de marzo de 2019<\/p>\n<h1 style=\"text-align: center;\">***<\/h1>\n<p><strong>N\u00famero de ficha<\/strong>: B05&nbsp;&nbsp;&nbsp;&nbsp;&nbsp;&nbsp;&nbsp;&nbsp;&nbsp;&nbsp;&nbsp;&nbsp;&nbsp;&nbsp;&nbsp;&nbsp;&nbsp;&nbsp;&nbsp;&nbsp;&nbsp;&nbsp;&nbsp;&nbsp;&nbsp;&nbsp;&nbsp;&nbsp;<\/p>\n<p><strong>Diligenciada por: <\/strong>Sara Ospina Restrepo<\/p>\n<p>INFORMACI\u00d3N BIBLIOGR\u00c1FICA<\/p>\n<p>Peri\u00f3dico: El Colombiano<\/p>\n<p>Lugar de edici\u00f3n: Medell\u00edn<\/p>\n<p>Autor personal:<\/p>\n<p>Autor corporativo: El Colombiano<\/p>\n<p>Fecha: 1979, mayo, 22<\/p>\n<p>P\u00e1gina: 7B<\/p>\n<p>Secci\u00f3n: Seguridad<\/p>\n<p><strong>Titular: <\/strong>Nuevo atraco en la U. de A.<\/p>\n<p><strong>Resumen:<\/strong><\/p>\n<p>\u201cTres sujetos armados atracaron ayer a un estudiante en los propios predios universitarios. El estudiante C\u00e9sar Augusto Valencia D\u00edaz quien hab\u00eda llegado en su moto a las 6 a.m. para recibir clase en la facultad de ingenier\u00eda industrial, fue abordado por los tres maleantes que inexplicablemente entraron a la universidad, lo condujeron a los ba\u00f1os y lo golpearon para quitarle la llave de la moto, prop\u00f3sito que no lograron por comenzar la afluencia de estudiantes que tienen clase a esa hora. Los delincuentes habr\u00edan podido ser capturados si varios estudiantes que entraron a los ba\u00f1os vieron lo que suced\u00eda hubieran dado aviso al resto del personal y a celadores.<\/p>\n<p><strong>OTROS<\/strong><\/p>\n<p>En d\u00edas pasados, en informaciones de dos estudiantes de periodismo este mismo diario dio cuenta de dos atracos en el interior de la Ciudad Universitaria. A fines del a\u00f1o pasado se robaron un veh\u00edculo peque\u00f1o a estudiante y a principios de este a\u00f1o robaron otra a una profesora. En ambos casos los atracadores penetraron a la Universidad armados y salieron motorizados con las victimas a bordo, las cuales fueron abandonadas poco despu\u00e9s, una en la autopista norte y otra en la del sur.\u201d<\/p>\n<p><strong>Im\u00e1genes: <\/strong>n\/a<\/p>\n<p>INFORMACI\u00d3N ANAL\u00cdTICA<\/p>\n<p>Contexto de la noticia:<\/p>\n<p>Aumenta ola de cr\u00edmenes en Urab\u00e1.<\/p>\n<p>Palabras clave: Acciones Violentas, Robo, Estudiantes, Valencia D\u00edaz, Cesar Augusto<\/p>\n<p>Sugerencia de palabras claves:<\/p>\n<p>Observaciones:<\/p>\n<p>Fecha de diligenciamiento: 30 de marzo de 2019<\/p>\n<h1 style=\"text-align: center;\">***<\/h1>\n<p><strong>N\u00famero de ficha<\/strong>: B06&nbsp;&nbsp;&nbsp;&nbsp;&nbsp;&nbsp;&nbsp;&nbsp;&nbsp;&nbsp;&nbsp;&nbsp;&nbsp;&nbsp;&nbsp;&nbsp;&nbsp;&nbsp;&nbsp;&nbsp;&nbsp;&nbsp;&nbsp;&nbsp;&nbsp;&nbsp;&nbsp;&nbsp;&nbsp;&nbsp;&nbsp;&nbsp;&nbsp;&nbsp;&nbsp;&nbsp;&nbsp;&nbsp;&nbsp;<\/p>\n<p><strong>Diligenciada por: <\/strong>Sara Ospina Restrepo<\/p>\n<p>INFORMACI\u00d3N BIBLIOGR\u00c1FICA<\/p>\n<p>Peri\u00f3dico: El Colombiano<\/p>\n<p>Lugar de edici\u00f3n: Medell\u00edn<\/p>\n<p>Autor personal: C\u00f3rdoba Laverde, Pedro Nel<\/p>\n<p>Autor corporativo: El Colombiano<\/p>\n<p>Fecha: 1979, agosto, 01<\/p>\n<p>P\u00e1gina: 16B<\/p>\n<p>Secci\u00f3n: Seguridad<\/p>\n<p><strong>Titular: <\/strong>Pandilla de encapuchados apedre\u00f3 e incendi\u00f3 varios veh\u00edculos ayer<\/p>\n<p><strong>Resumen:<\/strong><\/p>\n<p>\u201c- Uno de los carros pertenece a un estudiante de la U. de A.<\/p>\n<ul>\n<li>La polic\u00eda penetr\u00f3 a predios universitarios a capturar a los revoltosos<\/li>\n<li>Lesionados varios agentes<\/li>\n<\/ul>\n<p>Graves incidentes se registraron en la ma\u00f1ana y parte de la tarde de ayer en predios de la Universidad de Antioquia e inmediaciones de la Facultad de Agronom\u00eda de Universidad Nacional. El saldo fueron tres carros apedreados e incendiados, as\u00ed como varias personas quemadas y perdidas que estiman en m\u00e1s de $500mil. Los hechos fueron protagonizados inicialmente por una pandilla de encapuchados, quienes lanzaron bombas a un bus de robledo, el cual qued\u00f3 envuelto en las llamas.<\/p>\n<p><strong>COMO SE INICI\u00d3<\/strong><\/p>\n<p>Como es sabido, actualmente en la Universidad Nacional se registra un paro estudiantil y hasta ayer al parecer no hab\u00eda encontrado apoyo en otros centros decentes. La Universidad de Antioquia desde el lunes ha venido laborando sin contratiempo. Ayer; durante parte de la ma\u00f1ana todo transcurr\u00eda en forma normal, pero a eso de las 10:30, cuando todo el estudiantado se encontraba en clases, fue sorprendido con el incendio de un bus perteneciente a la l\u00ednea \u201cRobledo Palenque\u201d, de placas TI-0186, manejado por Guillermo Rend\u00f3n. El hecho ocurri\u00f3 en las inmediaciones a esta universidad y fue un grupo de elementos que se cubrieron los rostros con capuchas, quienes le prendieron fuego y eran presuntamente ajenos al Alma Mater. Se cree que quienes cometieron este acto presuntamente lo hicieron con el \u00e1nimo de despertar reacci\u00f3n ante el estudiantado de la Universidad de Antioquia.<\/p>\n<p><strong>FUERZA PUBLICA<\/strong><\/p>\n<p>Muchos estudiantes presintiendo lo que iba a ocurrir, abandonaron el establecimiento y lo propio hicieron muchos profesores. Sin embargo, al poco tiempo lleg\u00f3 la fuerza p\u00fablica y fue cuando comenzaron las escaramuzas. El sector se vio rodeado especialmente de personas ajenas al estudiantado, llegadas de los tugurios aleda\u00f1os y algunos barrios cercanos habitados por gentes de malas costumbres. All\u00ed empez\u00f3 el enfrentamiento con la polic\u00eda, la que tuvo una duraci\u00f3n de varias horas, siendo necesario reforzar las unidades.<\/p>\n<p><strong>ENTRAN A LA UNIVERSIDAD<\/strong><\/p>\n<p>La polic\u00eda cerc\u00f3 a los tira-piedras que se encontraban en el sector de Barranquilla, frente a una de las entradas a la Universidad de Antioquia, pero estos penetraron a dichos predios en busca de refugio.&nbsp; Entonces un oficial orden\u00f3 al carro anti-mot\u00edn con personal penetrar al lugar y sacarlos a la fuerza. As\u00ed fue y m\u00e1s de cincuenta uniformados con cascos protectores y escudos entraron a dichos predios y fue cuando comenz\u00f3 la cacer\u00eda de los revoltosos.<\/p>\n<p><strong>DA\u00d1OS<\/strong><\/p>\n<p>Realmente lograron su objetivo, pues no solo alcanzaron a capturar a m\u00e1s de treinta menores sino algunos estudiantes que estaban mezclados con estos. Durante la operaci\u00f3n se registraron da\u00f1os de alguna consideraci\u00f3n en dependencias de la Universidad, sin que se sepa qui\u00e9n o quienes los hicieron. Seg\u00fan dijo una fuente oficial, resultaron aver\u00edas en Artes Pl\u00e1sticas, Econom\u00eda, Derecho y Laboratorio. Los agentes llegaron hasta el piso donde funciona rector\u00eda y all\u00ed alcanzaron a varios j\u00f3venes quienes pusieron resistencia, pero con una buena tanda de bolillo les calmaron los \u00e1nimos. A la media hora aproximadamente la polic\u00eda abandon\u00f3 el sector y qued\u00f3 el ej\u00e9rcito en la conservaci\u00f3n del orden p\u00fablico. Los incendios de los automotores fueron atendidos por el Departamento de Bomberos, con personal de la Estaci\u00f3n Central y de la subestaci\u00f3n del norte. Varios heridos, entre los que se cuenta el conductor del bus Guillermo Rend\u00f3n y agentes de la polic\u00eda fueron llevados al hospital para las curaciones del caso. En cuanto a los detenidos m\u00e1s de 50 se encuentran en el Distrito Medell\u00edn apara estudiar su situaci\u00f3n y aplicarles el Estatuto de Seguridad.&nbsp; Las operaciones de la polic\u00eda estuvieron al mando del capit\u00e1n Linares, en ausencia del mayor Octavio Mart\u00ednez \u00c1lvarez, quien se encuentra en Bogot\u00e1.<\/p>\n<p><strong>UNO DE LOS HERIDOS<\/strong><\/p>\n<p>Uno de los lesionados es el estudiante de 5\u00b0 semestre de Contadur\u00eda de la U. de Antioquia, Rub\u00e9n R\u00faa Pamplona. Anoche se encontraba en la Cl\u00ednica El Rosario para ser sometido a intervenci\u00f3n quir\u00fargica. Seg\u00fan el dictamen m\u00e9dico, presenta fractura de cr\u00e1neo, heridas en el cuero cabelludo y fractura en la mano derecha.<\/p>\n<p>Por decisi\u00f3n de los facultativos, qued\u00f3 bajo vigilancia de un neur\u00f3logo y si las condiciones de salud lo permiten, hoy un funcionario le recibir\u00e1 instructiva.\u201d<\/p>\n<p><strong>Im\u00e1genes: <\/strong>IMGB06<\/p>\n<p>INFORMACI\u00d3N ANAL\u00cdTICA<\/p>\n<p>Contexto de la noticia: n\/a<\/p>\n<p>Palabras clave: Acciones Contestatarias, Tropel, Acciones Violentas, Da\u00f1o a bienes civiles, Ingreso de la fuerza p\u00fablica o Ej\u00e9rcito<\/p>\n<p>Sugerencia de palabras claves:<\/p>\n<p>Observaciones:<\/p>\n<p>Fecha de diligenciamiento: 30 de marzo de 2019<\/p>\n<h1 style=\"text-align: center;\">***<\/h1>\n<p><strong>N\u00famero de ficha<\/strong>: B07&nbsp;&nbsp;&nbsp;&nbsp;&nbsp;&nbsp;&nbsp;&nbsp;&nbsp;&nbsp;&nbsp;&nbsp;&nbsp;&nbsp;&nbsp;&nbsp;&nbsp;&nbsp;&nbsp;&nbsp;&nbsp;&nbsp;&nbsp;&nbsp;&nbsp;&nbsp;&nbsp;&nbsp;<\/p>\n<p><strong>Diligenciada por: <\/strong>Sara Ospina Restrepo<\/p>\n<p>INFORMACI\u00d3N BIBLIOGR\u00c1FICA<\/p>\n<p>Peri\u00f3dico: El Colombiano<\/p>\n<p>Lugar de edici\u00f3n: Medell\u00edn<\/p>\n<p>Autor personal:<\/p>\n<p>Autor corporativo: El Colombiano<\/p>\n<p>Fecha: 1979, agosto, 11<\/p>\n<p>P\u00e1gina: 15A<\/p>\n<p>Secci\u00f3n: Seguridad<\/p>\n<p><strong>Titular: <\/strong>Encapuchados incendian otra buseta por la Ciudad Universitaria<\/p>\n<p><strong>Resumen:<\/strong><\/p>\n<p>\u201cNuevos incidentes se registraron en la ma\u00f1ana de ayer por las inmediaciones de la Ciudad Universitaria, los cuales dejaron como saldo el incendio de un bus, heridas a un teniente de la polic\u00eda y a dos agentes, p\u00e9rdidas por m\u00e1s de $1.000.000.00 y la detenci\u00f3n de cinco personas, as\u00ed como el decomiso de elementos para delinquir. Los hechos se originaron a cauda de una incursi\u00f3n realizada por el grupo de encapuchados que en los \u00faltimos d\u00edas ha causado serios problemas en la Universidad de Antioquia y de quienes se afirma son elementos vinculados a una organizaci\u00f3n extremista y ajenos al Alma Mater. La polic\u00eda logr\u00f3 privar de la libertad a Dar\u00edo Mart\u00ednez Mar\u00edn, Diego Luis Cifuentes Aguilar, Adolfo Le\u00f3n Gonz\u00e1lez, Rodrigo Guti\u00e9rrez y Luis Alfonso Herrera. Al \u00faltimo se sindica haberle tumbado los dientes al teniente Jaime Gonz\u00e1lez Vega, a golpes de piedra.<\/p>\n<p><strong>LO OCURRIDO<\/strong><\/p>\n<p>La versi\u00f3n suministrada por las autoridades de cuenta de que en el a ma\u00f1ana de ayer transitaba por la carrera 53 una buseta de Conatra, de placas TA-8501 de propiedad de Libardo Nore\u00f1a y conducida por Ricardo Fern\u00e1ndez. A la altura de la calle 65, cuando marcaba parada fue abordada por cinco individuos que cubr\u00edan los rostros con capuchas. Amenazaron con un revolver al chofer, a quien sacaron de la cabina a los empellones. Afuera le propinaron puntapi\u00e9s en la regi\u00f3n tor\u00e1cica y seg\u00fan \u00e9l le colocaron el ca\u00f1\u00f3n de un revolver calibre 38 largo en la sien derecha.<\/p>\n<p><strong>LO INCENDIAN<\/strong><\/p>\n<p>Los encapuchados llevaron el bus de pasajeros hasta la entrada de la Universidad y all\u00ed lanzaron a su interior dos bombas \u201cmolotov\u201d las cuales explotaron, y fue cuando el automotor qued\u00f3 envuelto en llamas. Eran aproximadamente las 10:30 de la ma\u00f1ana. En esos momentos todos los estudiantes recib\u00edan clases, siendo sorprendidos con este hecho. Inmediatamente comenzaron a abandonar el claustro utilizando diferentes salidas para evitar encuentros. Sin embargo, ocurri\u00f3 lo de siempre, aparecieron numerosas personas entre ellos numerosos gamines y comenzaron los desmanes. En cuanto a los encapuchados fueron vistos cuando entraron a la Universidad, despoj\u00e1ndose de sus m\u00e1scaras y mezcl\u00e1ndose entre el estudiantado.<\/p>\n<p><strong>BOMBEROS Y POLICIA<\/strong><\/p>\n<p>A los pocos minutos llegaron carros anti-motines de la polic\u00eda y unidades del departamento de Bomberos. La buseta hab\u00eda ardido bastante y qued\u00f3 parcialmente destruido, calcul\u00e1ndose las p\u00e9rdidas de $800mil.<\/p>\n<p>Por su parte, la polic\u00eda mont\u00f3 operativos para la conservaci\u00f3n del orden p\u00fablico, registr\u00e1ndose enfrentamiento con revoltosos que se dedicaron a lanzar piedras y bombas molotov.<\/p>\n<p><strong>ENTRAR A LA UNIVERSIDAD<\/strong><\/p>\n<p>Un piquete de la polic\u00eda al mando de un oficial penetr\u00f3 los predios universitarios, en persecuci\u00f3n de los encapuchados. All\u00ed se logr\u00f3 la captura de las cinco personas mencionadas. Como se dijo, en la pedrea fue herido el teniente Jaime Gonz\u00e1lez Vega, pero cay\u00f3 el presunto autor de las lesiones. Tambi\u00e9n seg\u00fan el informe policial dos agentes, uno de ellos de apellido Carvajal, fueron lesionadas y se les condujo a la Cl\u00ednica El Rosario, junto con el oficial.<\/p>\n<p><strong>DECOMISO<\/strong><\/p>\n<p>Durante las operaciones cumplidas por la fuerza p\u00fablica no solo se logr\u00f3 la aprehensi\u00f3n de cinco personas, sino el decomiso de 3 bombas \u201cmolotov\u201d, mechones, capuchas y propaganda del el ELN. Igualmente fueron recogidas vainillas de armas de diferentes calibres que seg\u00fan la polic\u00eda fueron disparados por los revoltosos durante los incidentes.<\/p>\n<p><strong>ESTATUTO DE SEGURIDAD<\/strong><\/p>\n<p>El m\u00e1s implicado en los hechos de Luis Alonso Herrera Restrepo, quien apedre\u00f3 al oficial de la polic\u00eda hasta tumbarle los dientes fue remitido de inmediato a la c\u00e1rcel nacional de Bellavista para m\u00e1s tarde ponerlo a disposici\u00f3n de un juez. En cuando a sus compa\u00f1eros les ser\u00e1 aplicado el Estatuto de Seguridad por parte del comandante de la Tercera Estaci\u00f3n capit\u00e1n Mart\u00ednez Cata\u00f1o.\u201d<\/p>\n<p><strong>Im\u00e1genes: <\/strong>IMGB07<\/p>\n<p>Encapuchado. Foto: Sin cr\u00e9ditos.<\/p>\n<ol>\n<li>INFORMACI\u00d3N ANAL\u00cdTICA<\/li>\n<\/ol>\n<p>Contexto de la noticia:<\/p>\n<p>Incendiado bus de Campo Vald\u00e9s<\/p>\n<p>Palabras clave: Acciones Contestatarias, Tropel, Acciones Violentas, Da\u00f1o a bienes civiles, Ingreso de la fuerza p\u00fablica o ej\u00e9rcito, Respuestas Institucionales, Detenciones, Actores Armados, ELN, Estudiantes, Mart\u00ednez Mar\u00edn, Dar\u00edo, Cifuentes Aguilar, Diego Luis, Le\u00f3n Gonz\u00e1lez, Adolfo, Guti\u00e9rrez, Rodrigo, Herrera, Luis Alfonso, Actores Institucionales, Gonz\u00e1lez Vega, Jaime<\/p>\n<p>Sugerencia de palabras claves:<\/p>\n<p>Observaciones:<\/p>\n<p>Fecha de diligenciamiento: 30 de marzo de 2019<\/p>\n<h1 style=\"text-align: center;\">***<\/h1>\n<p><strong>N\u00famero de ficha<\/strong>:&nbsp; B08&nbsp;&nbsp;&nbsp;&nbsp;&nbsp;&nbsp;&nbsp;&nbsp;&nbsp;&nbsp;&nbsp;&nbsp;&nbsp;&nbsp;&nbsp;&nbsp;&nbsp;&nbsp;&nbsp;&nbsp;&nbsp;&nbsp;&nbsp;&nbsp;&nbsp;&nbsp;&nbsp;&nbsp;<\/p>\n<p><strong>Diligenciada por: <\/strong>Sara Ospina Restrepo<\/p>\n<p>INFORMACI\u00d3N BIBLIOGR\u00c1FICA<\/p>\n<p>Peri\u00f3dico: El Colombiano<\/p>\n<p>Lugar de edici\u00f3n: Medell\u00edn<\/p>\n<p>Autor personal:<\/p>\n<p>Autor corporativo: El Colombiano<\/p>\n<p>Fecha: 1979, agosto, 14<\/p>\n<p>P\u00e1gina:<\/p>\n<p>Secci\u00f3n: Seguridad<\/p>\n<p><strong>Titular: <\/strong>Le aplicaron el estatuto de seguridad a 4 estudiantes<\/p>\n<p><strong>Resumen:<\/strong><\/p>\n<p>\u201cA la IV brigada pasaron dos agitadores profesionales. Treinta d\u00edas de arresto inconmutables aplic\u00f3 el comandante de la Tercera Estaci\u00f3n de Polic\u00eda, capit\u00e1n Mesulan Alberto Mart\u00ednez, a cuatro estudiantes por hechos ocurridos la semana pasada, cuando una buseta fue incendiada. Ayer fueron enviados a la c\u00e1rcel nacional Bellavista Dar\u00edo Alberto Mart\u00ednez Mar\u00edn, Diego Luis Cifuentes Aguilar, Adolfo Le\u00f3n Gonz\u00e1lez Ospina y Rodrigo Guti\u00e9rrez Upegui estudiantes de facultad de la Universidad de Antioquia. El capit\u00e1n Mart\u00ednez, despu\u00e9s de llenar los requisitos del caso procedi\u00f3 a dictar la resoluci\u00f3n y ayer en la ma\u00f1ana fue notificada en los implicados quienes luego fueron remitidos a un furg\u00f3n a la c\u00e1rcel<\/p>\n<p><strong>OTROS A LA BRIGADA<\/strong><\/p>\n<p>De otra parte, la tercera estaci\u00f3n puso a disposici\u00f3n de la Cuarta Brigada a Alfonso Herrera Restrepo y Alfonso Torres Jim\u00e9nez. Estos recibir\u00e1n un tratamiento especial, pues se estableci\u00f3 que no son estudiantes sino agitadores profesionales, quienes se ven\u00edan mezclando entre aquellos para poder cumplir su cometido.\u201d<\/p>\n<p><strong>Im\u00e1genes: <\/strong>n\/a<\/p>\n<p>INFORMACI\u00d3N ANAL\u00cdTICA<\/p>\n<p>Contexto de la noticia:<\/p>\n<p>Arrollada estudiante por patrulla de tr\u00e1nsito, quemados en Santa Marta 2 veh\u00edculos en desordenes protagonizados por estudiantes, Muertos 400 militares marroqu\u00edes, 19 muertos en enfrentamientos en filipinas<\/p>\n<p>Palabras clave: Respuestas Institucionales, Procesos Judiciales, Estudiantes, Mart\u00ednez Mar\u00edn, Dar\u00edo Alberto, Cifuentes Aguilar, Diego Luis, Gonz\u00e1lez Ospina, Adolfo Le\u00f3n, Guti\u00e9rrez Upegui, Rodrigo<\/p>\n<p>Sugerencia de palabras claves:<\/p>\n<p>Observaciones:<\/p>\n<p>Fecha de diligenciamiento: 30 de marzo de 2019<\/p>\n<h1 style=\"text-align: center;\">***<\/h1>\n<p><strong>N\u00famero de ficha<\/strong>:&nbsp; B09&nbsp;&nbsp;&nbsp;&nbsp;&nbsp;&nbsp;&nbsp;&nbsp;&nbsp;&nbsp;&nbsp;&nbsp;&nbsp;&nbsp;&nbsp;<\/p>\n<p>&nbsp;<strong>Diligenciada por: <\/strong>Sara Ospina Restrepo<\/p>\n<p>INFORMACI\u00d3N BIBLIOGR\u00c1FICA<\/p>\n<p>Peri\u00f3dico: El Colombiano<\/p>\n<p>Lugar de edici\u00f3n: Medell\u00edn<\/p>\n<p>Autor personal:<\/p>\n<p>Autor corporativo: El Colombiano<\/p>\n<p>Fecha: 1979, agosto, 20<\/p>\n<p>P\u00e1gina: n\/a<\/p>\n<p>Secci\u00f3n: Seguridad<\/p>\n<p><strong>Titular: <\/strong>Padre de estudiante se refiere a una informaci\u00f3n<\/p>\n<p><strong>Resumen:<\/strong><\/p>\n<p>\u201cEl se\u00f1or Benjam\u00edn Herrera Restrepo, estudiante de la Facultad de Derecho y Ciencia Pol\u00edticas de la Universidad de Antioquia, aclar\u00f3 una versi\u00f3n que fue proporcionada a este diario y divulgada en reciente edici\u00f3n. El se\u00f1or Herrera Garc\u00e9s manifest\u00f3 que en esa versi\u00f3n se ha calificado a mi hijo como un elemento subversivo extra\u00f1o a la Universidad de Antioquia y sin ocupaci\u00f3n conocida, lo que no es cierto, ya que como consta en certificaci\u00f3n expedida por el se\u00f1or vicedecano de la facultad de derecho y ciencias pol\u00edticas de la Universidad de Antioquia, que anex\u00f3 \u201cLuis Alfonso Herrera es estudiante del tercer semestre de esa facultad\u201d&nbsp; Expres\u00f3 asimismo que \u201ccomo tal afirmaci\u00f3n lesiona el patrimonio moral de nuestro hijo y el de la familia en general le agradecer\u00eda dar publicaci\u00f3n a la presente versi\u00f3n o aclarar la versi\u00f3n\u201d Efectivamente, en la constancia de la Facultad de Derecho, firmada por el vicedecano, Alberto Ceballos Vel\u00e1squez, se establece que el joven Herrera tiene en la actualidad la calidad de estudiante de la Universidad de Antioquia, adscrito al programa de Derecho y se anota, adem\u00e1s: \u201cQue ingres\u00f3 a la Universidad de Antioquia al momento de comenzar el primer periodo acad\u00e9mico del a\u00f1o 1978. Que durante el semestre en curso primero de 1979 se encuentra matriculado en el tercer nivel de su carrera, que revisada su hoja de vida se halla que no se ha hecho merecedor hasta la fecha, a sanci\u00f3n acad\u00e9mica o disciplinar alguna\u201d\u201d<\/p>\n<p><strong>Im\u00e1genes: <\/strong>n\/a<\/p>\n<p>INFORMACI\u00d3N ANAL\u00cdTICA<\/p>\n<p>Contexto de la noticia:<\/p>\n<p>Atacado en Barranquilla funcionario judicial, atacada patrulla en Santander<\/p>\n<p>Palabras clave: Acciones de resistencia, Comunicados, declaraciones, misivas<\/p>\n<p>Sugerencia de palabras claves:<\/p>\n<p>Observaciones:<\/p>\n<p>Fecha de diligenciamiento: 30 de marzo de 2019<\/p>\n<h1 style=\"text-align: center;\">***<\/h1>\n<p><strong>N\u00famero de ficha<\/strong>:&nbsp; B10&nbsp;&nbsp;&nbsp;&nbsp;&nbsp;&nbsp;&nbsp;&nbsp;&nbsp;&nbsp;&nbsp;&nbsp;&nbsp;&nbsp;&nbsp;<\/p>\n<p><strong>Diligenciada por: <\/strong>Sara Ospina Restrepo<\/p>\n<p>INFORMACI\u00d3N BIBLIOGR\u00c1FICA<\/p>\n<p>Peri\u00f3dico: El Colombiano<\/p>\n<p>Lugar de edici\u00f3n: Medell\u00edn<\/p>\n<p>Autor personal:<\/p>\n<p>Autor corporativo: El Colombiano<\/p>\n<p>Fecha: 1979, septiembre, 20<\/p>\n<p>P\u00e1gina: 8B<\/p>\n<p>Secci\u00f3n: Seguridad<\/p>\n<p><strong>Titular: <\/strong>Condenados a un a\u00f1o de arresto dos estudiantes que regaron tachuelas<\/p>\n<p><strong>Resumen:<\/strong><\/p>\n<p>\u201cEl capit\u00e1n Alberto Meusulan Mart\u00ednez, comandante de la Tercera Estaci\u00f3n de Polic\u00eda de Medell\u00edn mediante resoluci\u00f3n, aplic\u00f3 un a\u00f1o de arresto a cada uno de los se\u00f1ores \u00c1lvaro de Jes\u00fas Pardo Cardona, estudiante de Ingenier\u00eda Industrial de la Universidad Nacional y a Andr\u00e9s Felipe Mej\u00eda Restrepo, estudiante de tercer semestre de Zootecnia de la Universidad de Antioquia.&nbsp; Los universitarios una vez se les notific\u00f3 la providencia, fueron remitidos a la c\u00e1rcel nacional Bellavista, en donde ambos deber\u00e1n permanecer por espacio de un a\u00f1o. El arresto es inconmutable e inapelable, de acuerdo con el Estatuto de Seguridad.<\/p>\n<p><strong>SINDICACION <\/strong><\/p>\n<p>El jueves 14 de septiembre, cuando el anunciado paro nacional en las horas de la ma\u00f1ana en la calle 71 con la carrera 79 el jefe de inteligencia del F-2 teniente Barrag\u00e1n, quien dirig\u00eda operaciones de orden p\u00fablico, intercepto a los ciudadanos antes mencionados quienes se desplazaban en una motocicleta 78. Las placas del aparato estaban completamente tapadas con una capa de barro, as\u00ed que no se pod\u00eda ver la numeraci\u00f3n. Dentro de una bolsa portaban buena cantidad de grapas que qui\u00e9n viajaba en la parrilla, iba regando a lo largo de la v\u00eda con el fin de obstaculizar el tr\u00e1nsito automotor.<\/p>\n<p><strong>EL ESTATUTO<\/strong><\/p>\n<p>Los estudiantes, seg\u00fan se supo, admitieron ciertos hechos despu\u00e9s de cumplir los tr\u00e1mites de rigor, el capit\u00e1n Mart\u00ednez procedi\u00f3 a la aplicaci\u00f3n del Estatuto en su art\u00edculo 7\u00b0, en donde reza la sanci\u00f3n a que se hace acreedora una persona que riegue tachuelas o puntillas, altere el orden, oculte placas de veh\u00edculos, etc.\u201d<\/p>\n<p><strong>Im\u00e1genes: <\/strong>n\/a<\/p>\n<p>INFORMACI\u00d3N ANAL\u00cdTICA<\/p>\n<p>Contexto de la noticia:<\/p>\n<p>Terroristas vascos anuncian actividades en Latinoam\u00e9rica al asesinar a dos oficiales espa\u00f1oles.<\/p>\n<p>Palabras clave: Respuestas Institucionales, Procesos judiciales, Actores Armados, F-2, Estudiantes, Pardo Cardona, \u00c1lvaro de Jes\u00fas, Mej\u00eda Restrepo, Andr\u00e9s Felipe<\/p>\n<p>Sugerencia de palabras claves:<\/p>\n<p>Observaciones:<\/p>\n<p>Fecha de diligenciamiento: 30 de marzo de 2019<\/p>\n<h1 style=\"text-align: center;\">***<\/h1>\n<p><strong>N\u00famero de ficha<\/strong>:&nbsp; B11&nbsp;&nbsp;&nbsp;&nbsp;&nbsp;&nbsp;&nbsp;&nbsp;&nbsp;&nbsp;&nbsp;&nbsp;&nbsp;&nbsp;&nbsp;&nbsp;&nbsp;&nbsp;&nbsp;&nbsp;&nbsp;&nbsp;&nbsp;&nbsp;&nbsp; &nbsp;&nbsp;&nbsp;&nbsp;&nbsp;&nbsp;&nbsp;&nbsp;&nbsp;&nbsp;&nbsp;&nbsp;&nbsp; &nbsp;&nbsp;&nbsp;&nbsp;&nbsp;&nbsp;&nbsp;&nbsp;&nbsp;<\/p>\n<p><strong>Diligenciada por: <\/strong>Sara Ospina Restrepo<\/p>\n<p>INFORMACI\u00d3N BIBLIOGR\u00c1FICA<\/p>\n<p>Peri\u00f3dico: El Colombiano<\/p>\n<p>Lugar de edici\u00f3n: Medell\u00edn<\/p>\n<p>Autor personal:<\/p>\n<p>Autor corporativo: El Colombiano<\/p>\n<p>Fecha: 1979, octubre, 19<\/p>\n<p>P\u00e1gina: n\/a<\/p>\n<p>Secci\u00f3n: n\/a<\/p>\n<p><strong>Titular: <\/strong>Paro en la U. de Antioquia<\/p>\n<p><strong>Resumen:<\/strong><\/p>\n<p>\u201cEstudiantes escoltaron al rector hasta la puerta. Serios incidentes se presentaron ayer en la Universidad de Antioquia, cuando al t\u00e9rmino de una Asamblea General de estudiantes en la cual se declar\u00f3 paro hasta el pr\u00f3ximo martes, un grupo de alumnos del Alma Mater fueron hasta las oficinas del rector Luis Carlos Mu\u00f1oz Uribe y lo escoltaron en compa\u00f1\u00eda de otros directivos hasta la puerta de Ciudad Universitaria, seg\u00fan informaron fuentes extraoficiales.<\/p>\n<p>Los estudiantes realizaron varios m\u00edtines por los pasillos de la universidad al son de consignas de protesta, pero no se presentaron enfrentamientos con las fuerzas del orden en la calle, aunque si se pudieron observar hombres del ej\u00e9rcito en las inmediaciones del Alma Mater.<\/p>\n<p><strong>INGENIERIA<\/strong><\/p>\n<p>El problema que ha sumido en un virtual caos a la mayor universidad de esta secci\u00f3n del pa\u00eds se origin\u00f3 en la Facultad de Ingenier\u00eda. Hubo un hecho especial que provoc\u00f3 el conflicto del cual han surgido muchas versiones, tanto oficiales como de profesores y estudiantes. El caso es que los estudiantes han protestado contra el decano de esta facultad porque afirman, agredi\u00f3 a un alumno de la instituci\u00f3n durante hechos confusos acaecidos en un bloqueo a los ex\u00e1menes en esa dependencia acad\u00e9mica por parte de un sector del estudiantado que procuraba la suspensi\u00f3n de las pruebas acad\u00e9micas por considerar que estaban expuestos a una verdadera marat\u00f3n. Tras esto vino el paro en la Facultad y uno general hab\u00eda fracasado la semana anterior por temores de los estudiantes de que el gobierno cierre en forma indefinida la Universidad. Sin embargo, ayer fructific\u00f3 toda vez que se expusieran casos de estudiantes echados por participar en los actos de bloqueo.<\/p>\n<p><strong>INCIDENTES<\/strong><\/p>\n<p>En la asamblea realizada la fecha anterior, se quem\u00f3 una efigie del decano de Ingenier\u00eda de quien piden renuncia. Posteriormente el grupo de muchachos se dirigi\u00f3 al bloque administrativo y pr\u00e1cticamente hicieron que el rector y otro personal que labora all\u00ed, tuviera que abandonar las instalaciones de la Ciudad Universitaria. De esa manera la Universidad de Antioquia se ve sumida en una profunda crisis a finales del a\u00f1o, cuanto en la mayor\u00eda de los meses anteriores su caminar pese a las afuj\u00edas econ\u00f3micas, hab\u00eda transcurrido en absoluta normalidad. Lo grave del caso es que ahora cuando se plantea la nueva forma reforma a la educaci\u00f3n post-secundaria, estamentos universitarios no han descartado la posibilidad de un cierre indefinido de la universidad con un considerado perjuicio para los estudiantes y para la sociedad antioque\u00f1a.<\/p>\n<p><strong>ENCAPUCHADOS<\/strong><\/p>\n<p>Seg\u00fan la versi\u00f3n suministrada por el propio rector del Alma Mater, un grupo de aproximadamente treinta encapuchados fueron quienes cometieron el asalto a varias dependencias del claustro e hicieron salir a la fuerza a los directivos. De otra parte, se supo que a situaci\u00f3n lleg\u00f3 a tal extremo que hubo enfrentamiento a pu\u00f1etazos entre estudiantes y profesores. Igualmente se indic\u00f3 que muchos profesores. Igualmente se indic\u00f3 que muchos profesores se tuvieron que refugiar en el permanente de El Bosque a donde llegaron en solicitud de protecci\u00f3n.\u201d<\/p>\n<p><strong>Im\u00e1genes: <\/strong>n\/a<\/p>\n<p>INFORMACI\u00d3N ANAL\u00cdTICA<\/p>\n<p>Contexto de la noticia:<\/p>\n<p>Violentos desordenes en Roma<\/p>\n<p>Palabras clave: Acciones de resistencia, Paro, Actos simb\u00f3licos, Mitin, Actores Institucionales, Asamblea General, Rector, Mu\u00f1oz Uribe, Luis Carlos<\/p>\n<p>Sugerencia de palabras claves:<\/p>\n<p>Observaciones:<\/p>\n<p>Fecha de diligenciamiento: 30 de marzo de 2019<\/p>\n<h1 style=\"text-align: center;\">***<\/h1>\n<p><strong>N\u00famero de ficha<\/strong>: B12&nbsp;&nbsp;&nbsp;&nbsp;&nbsp;&nbsp;&nbsp; &nbsp;&nbsp;&nbsp;&nbsp;&nbsp;&nbsp;&nbsp;&nbsp;&nbsp;&nbsp;&nbsp;&nbsp;&nbsp;&nbsp;&nbsp;&nbsp;&nbsp;&nbsp;&nbsp;&nbsp;&nbsp;&nbsp;&nbsp;&nbsp;&nbsp;&nbsp;&nbsp;&nbsp;&nbsp;&nbsp;&nbsp;&nbsp;&nbsp;&nbsp;&nbsp;&nbsp;&nbsp;&nbsp;&nbsp;&nbsp;&nbsp;&nbsp;&nbsp;<\/p>\n<p><strong>Diligenciada por: <\/strong>Sara Ospina Restrepo<\/p>\n<p>INFORMACI\u00d3N BIBLIOGR\u00c1FICA<\/p>\n<p>Peri\u00f3dico: El Colombiano<\/p>\n<p>Lugar de edici\u00f3n: Medell\u00edn<\/p>\n<p>Autor personal: P\u00e9rez Berrio, C\u00e9sar<\/p>\n<p>Autor corporativo: El Colombiano<\/p>\n<p>Fecha: 1979, octubre, 20<\/p>\n<p>P\u00e1gina: 5B<\/p>\n<p>Secci\u00f3n: n\/a<\/p>\n<p><strong>Titular: <\/strong>Asaltos de encapuchados a la U. de A.<\/p>\n<p><strong>Resumen:<\/strong><\/p>\n<p>\u201c- Numerosos destrozos en sector administrativo y en ingenier\u00edas<\/p>\n<ul>\n<li>Rector y Consejo Directivo obligados a salir del Alma Mater<\/li>\n<li>Militarizada externamente la Ciudad Universitaria<\/li>\n<\/ul>\n<p>Horas de terror, caos y angustia vivieron en la Universidad de Antioquia durante los 2 \u00faltimos d\u00edas, obligando a las directivas del Alma Mater a declarar receso acad\u00e9mico hasta el pr\u00f3ximo 5 de noviembre.&nbsp; Grupos de encapuchados expulsaron de la rector\u00eda al doctor Luis Carlos Mu\u00f1oz Uribe, titular de ese cargo, lo mismo que a la secretaria general de Universidad, Luz Helena Zabala de Acevedo y a los decanos que se dispon\u00edan a asistir a consejo directivo.<\/p>\n<p>Los asaltantes destruyeron puertas, quebraron ventanas, reventaron sillas y trataron nuevamente de incendiar el sal\u00f3n de rector\u00eda y de los consejos Superiores y Directivos. La reacci\u00f3n inmediata de otro grupo de estudiantes que utiliz\u00f3 extintores, impidi\u00f3 que los encapuchados cumplieran su siniestro prop\u00f3sito. Durante unas dos horas el grupo de v\u00e1ndalos estuvo pr\u00e1cticamente posesionado de la Universidad de Antioquia, sin que en el interior del claustro quedaran directivas para proteger la entidad.&nbsp; Valiosos cuadros art\u00edsticos que adornaban salones especiales fueron igualmente destruidos o pintados con consignas extremistas.&nbsp; Gran cantidad de tinta roja fue lanzada sobre tapetes y cortinas, mientras que los escritorios eran parcialmente destruidos y manchados con pintura de aerosol. El d\u00eda jueves no se present\u00f3 ning\u00fan enfrentamiento con la fuerza p\u00fablica, pues ni soldados ni polic\u00edas concurrieron a las instalaciones universitarias pese a la gravedad de los hechos. Esta circunstancia tambi\u00e9n se ha medido para determinar la presencia de agitadores e infiltrados, que no pueden alegar provocaciones del ej\u00e9rcito o la polic\u00eda para cumplir sus violentas acciones.<\/p>\n<p>Ayer las instalaciones de la ciudad universitaria quedaron completamente militarizadas en su parte externa situaci\u00f3n que se mantendr\u00e1 indefinidamente, pues ayer tambi\u00e9n se hizo un intento de invasi\u00f3n de encapuchados, cuando diez personas con los rostros cubiertos saltaron las alt\u00edsimas mallas y misteriosamente se camuflaron en el interior de la laber\u00edntica Universidad de Antioquia.<\/p>\n<p><strong>LA TARDE DEL TERROR<\/strong><\/p>\n<p>Unos 3000 estudiantes participaron el jueves en una participaci\u00f3n en una Asamblea General que se cumpli\u00f3 en el Teatro Camilo Torres. En punto principal de discusi\u00f3n fue el relacionado con la facultad de ingeniera donde un problema insignificante se ha convertido en grave piedra de esc\u00e1ndalo que afecta hoy a toda la universidad.<\/p>\n<p>Al terminar la reuni\u00f3n se determin\u00f3 realizar un mitin en el bloque administrativo situado en el costado nororiental de la ciudad universitaria.<\/p>\n<p>Cerca de los dos mil universitarios, de los 23 mil que alberga el Alma Mater participaron en esta movilizaci\u00f3n.<\/p>\n<p>Desde que se inici\u00f3 la misma se notaba un \u00e1nimo de beligerancia m\u00e1xima pues los gritos se escuchaban en distintas dependencias universitarias, donde sus estudiantes al presagiar tormenta, iniciaron una inmensa evacuaci\u00f3n. Cuando el mitin lleg\u00f3 al bloque administrativo, quienes marchaban a la cabeza del mismo empezaron a encapucharse, utilizando para ellos buzos, hojas de papel y capuchas confeccionadas previamente, lo que demuestra que la intenci\u00f3n de asalto estaba preconcebida de acuerdo con las versiones suministradas a EL COLOMBIANO por varios funcionarios de la Universidad.<\/p>\n<p><strong>EMPIEZA EL VANDALISMO<\/strong><\/p>\n<p>La turba lleg\u00f3 inicialmente a las oficinas de contabilidad. De las oficinas del primero, segundo y tercer piso sal\u00edan damas hist\u00e9ricas, caballeros presurosos y trabajadores que quer\u00edan retirarse del epicentro de los acontecimientos. Otras no alcanzaron a huir oportunamente y se encerraron en las mismas. All\u00ed se procedi\u00f3 a la destrucci\u00f3n de puertas y ventanales, mientras los \u201ccomandantes\u201d de la operaci\u00f3n contra el Alma Mater empezaban a escalar los restantes pisos. Las escenas se repet\u00edan en las sedes de Auditoria, Bienestar Universitario y las dependencias de la segunda planta.&nbsp; Sin obst\u00e1culos a la vista se ganaron r\u00e1pidamente los escalones para ocupar la planta principal de direcci\u00f3n universitaria. Violentamente irrumpieron en las instalaciones de la Secretar\u00eda General. La doctora Luz Helena Zabala de Acevedo fue el blanco preferido para iniciar los insultos. Otros funcionarios que la acompa\u00f1aban recibieron el mismo tratamiento. Los presentes no sal\u00edan del estupor.&nbsp; La puerta de acceso a la Secretar\u00eda fue destruida por completo; en el interior aumentaban los puntapi\u00e9s a puertas y ventanas; parec\u00edan ensa\u00f1ados con las sillas de dotaci\u00f3n, la actitud de los enmascarados era violent\u00edsima.&nbsp; Despu\u00e9s de los insultos constantes al personal lo obligaron a abandonar su lugar de trabajo.<\/p>\n<p>Nadie sab\u00eda claramente para donde tomar. Mientras tanto los extremistas forzaron la puerta de comunicaci\u00f3n con la Sala de los Consejos.<\/p>\n<p>All\u00ed se lanzaron como toros contra los muebles ubicados en forma de herradura para permitir las discusiones. Quebraron sus vidrios; ensuciaron los tapetes, lanzaron sillas a los cuatro costados, desordenaron los escritorios y procedieron a destruir las obras de arte que adornaban el sector y que tienen un inmenso valor art\u00edstico, fuera de que comercialmente astron\u00f3micas. Fueron donaciones hechas a la Universidad en distintos periodos. Ante los continuos embates a la puerta rectoral los funcionarios universitarios decidieron afrontar los riesgos y abrir la misma. Frente a frente se encontraron con la turba. Ellos invadieron el sal\u00f3n rectoral. Vino el mismo m\u00e9todo puntapi\u00e9s contra vitrinas y ventanas, destrucci\u00f3n de escritorios, lanzamiento de libros a todos los rincones de la sala.&nbsp; El Rector advirti\u00f3 a los manifestantes que se quedar\u00eda en ese sitio y que defender\u00eda los archivos universitarios y el mismo recinto m\u00e1ximo del Alma Mater. Varios decanos se llenaron tambi\u00e9n de valor y presentaron los mismos puntos de vista. Era como hablar al viento. Nadie escuchaba. Los insultos arrestaban, los \u00e1nimos se caldeaban en grado sumo.<\/p>\n<p><strong>EL INCENDIO<\/strong><\/p>\n<p>Sin que mediara m\u00e1s anuncio, uno de los enmascarados procedi\u00f3 a incendiar varias cortinas. El fuego empezaba a alzarse. Aqu\u00ed se registr\u00f3 la reacci\u00f3n de los manifestantes que desde el primero piso observaban la fiesta vand\u00e1lica. Una reacci\u00f3n un\u00e1nime se sinti\u00f3, entonces pidiendo la inmediata extinci\u00f3n del incendio.<\/p>\n<p>Los asaltantes no pod\u00edan jugar con sus defensores: tuvieron que acatar las \u00f3rdenes; se libraba de la destrucci\u00f3n, de una nueva destrucci\u00f3n por el fuego, el bloque administrativo de la Universidad de Antioquia hab\u00eda primado en medio del tumulto, algo de raz\u00f3n, por fortuna.<\/p>\n<p><strong>A EMPELLONES<\/strong><\/p>\n<p>Los extremistas se sintieron heridos en su propio orgullo; hab\u00edan sido desautorizados; ellos quer\u00edan violencia total. Vino luego otro golpe a los asaltantes, esta vez fue por \u201cdefensa personal\u201d de los universitarios que miraban la funci\u00f3n.&nbsp; Algunos de los ocupantes del tercer piso quisieron lanzar al primero muebles, escritorios y otros enseres. Nadie quer\u00eda recibirlo en la cabeza; se arm\u00f3 una nueva protesta y esta gan\u00f3.&nbsp; Aumentaba la furia interior de los encapuchados.&nbsp; Se decidieron entonces a sacar al Rector y a todos los directivos que se encontraban en esa zona. Con leves pero seguros empujones iniciaron su cometido. Nada se pod\u00eda hacer ante la fuerza bruta. Todo el personal que se encontraba en estas dependencias emprendi\u00f3 evacuaci\u00f3n. Para hacerlo tuvieron que saltar sobre las sillas, mesas y taburetes con los que fueron bloqueadas las escaleras.<\/p>\n<p><strong>ANTE LA MULTITUD<\/strong><\/p>\n<p>El Rector, la Secretaria General y los decanos llegaron por fin al primer piso. All\u00ed los recibieron varios centenares de estudiantes que segu\u00edan la pel\u00edcula. Al grupo directivo se unieron otros funcionarios del Alma Mater que se arrimaban a protegerla a los que llegaban de las zonas de candela. Varios enmascarados trataron de agredir f\u00edsicamente al doctor Luis Carlos Mu\u00f1oz. Un nuevo rechazo masivo se present\u00f3 en ese momento. Pese a ello un enmascarado lanz\u00f3 pintura contra el grupo. La recibi\u00f3 el Director del Departamento Administrativo Rafael Arango Toro, quien custodiaba al Rector de la U. Fue necesaria la actitud frentera de otros encapuchados para calmar al m\u00e1s energ\u00fameno. Sab\u00edan que el problema pod\u00eda salirse de sus manos si no utilizaban un m\u00ednimo de tacto.<\/p>\n<p><strong>EL VIACRUCIS<\/strong><\/p>\n<p>Ya con los \u00e1nimos en pleno se inici\u00f3 la v\u00eda dolorosa para los funcionarios. Con gran lentitud y con m\u00e1ximo decoro, respondiendo por su investidura, empezaron a abandonar las instalaciones. Llegaron a la Avenida Ferrocarril; siguieron los empujones y la turba lleg\u00f3 hasta cerca de la Permanencia Norte.&nbsp; Ni un solo agente de la polic\u00eda se encontraba en los alrededores. Ni un solo soldado hizo acto de presencia.&nbsp; Nadie puede hablar entre los extremistas de provocaci\u00f3n. En Carabobo tuvieron alg\u00fan temor. Ya dejaron con menos presi\u00f3n a los \u201clanzados\u201d de las instalaciones universitarias.<\/p>\n<p><strong>A DISTINTOS SITIOS<\/strong><\/p>\n<p>El rector se dirigi\u00f3 a las instalaciones del permanente Norte, para denunciar los atropellos que se presentaban. Estuvo con otros decanos.&nbsp; La secretaria General pas\u00f3 a una de las helader\u00edas cercanas.&nbsp; Empleados que machaban en el bloque tomaron las de Villadiego. Funcionarios de distinta categor\u00eda aprovecharon para abordar buses o taxis. La Universidad de Antioquia quedaba oficialmente sin directivas en su interior, dominada por una turba de universitarios que continuaron las destrucciones hasta que ellos mismos se cansaron.&nbsp; Tras regresar al interior de la Ciudad Universitaria se presentaron nuevas arengas, se hizo el reconocimiento de \u201ctriunfo\u201d se pintaron nuevos letreros. Al parecer esta acci\u00f3n la hacen suya los integrantes de EPL y del que originalmente se conoce como PLA, pero que en las consignas qued\u00f3 figurando como PLAR, sin que se sepa a qu\u00e9 obedece este fen\u00f3meno.<\/p>\n<p><strong>EN INGENIERIA<\/strong><\/p>\n<p>Despu\u00e9s de terminar la labor de destrucci\u00f3n en el bloque administrativo un grupo ya menos numeroso se traslad\u00f3 a la Facultad de Ingenier\u00eda, epicentro de toda la problem\u00e1tica. All\u00ed calcaron lo actuado y destruyeron sillas, laboratorios y lo que encontraban a su paso. Desde el tercer piso lanzaron muebles a la parte exterior. Algunos celadores de la Universidad trataron de poner coto a esta anomal\u00eda, se encontraron con unos asaltantes decididos que no admit\u00edan rechazos.<\/p>\n<p><strong>CONSEJO DIRECTIVO<\/strong><\/p>\n<p>Hacia las diez de la noche del jueves, los integrantes del Consejo Directivo de la U. de A. lograron aglutinarse. Comandados por el rector Mu\u00f1oz Uribe fueron llegando poco a poco.<\/p>\n<p>La secretaria general Luz Helena Zabala de Acevedo, el acad\u00e9mico Gabriel Restrepo; Antonio Yepes Parra de Medicina, Fernando Meza Morales de Derecho; Jos\u00e9 Barrientos de Ciencias y Humanidades; Gabriel Tob\u00f3n Cambas de Odontolog\u00eda; An\u00edbal Ruiz de Medicina Veterinaria; Roberto Le\u00f3n Ojalvo de Bienestar Universitario; Rafael Arango Toro de la parte administrativa\u2026 todos fueron llegando.<\/p>\n<p>Todos encontraron la desolaci\u00f3n, la destrucci\u00f3n por todos los lados. Improvisando una sala de reuniones iniciaron la evaluaci\u00f3n de todo lo acontecido; se sintieron totalmente indefensos para afrontar hechos vand\u00e1licos de esta \u00edndole; no encontraban garant\u00eda suficiente para poder laborar normalmente.<\/p>\n<p>Un trabajo de dos a\u00f1os se sent\u00eda con rudo golpe.<\/p>\n<p>Decidieron inicialmente un cierre de 24 horas mientras se \u201ctapaban huecos\u201d<\/p>\n<p>Ayer a las diez empez\u00f3 una nueva sesi\u00f3n. Ya el an\u00e1lisis fue m\u00e1s profundo se dispuso iniciar una severa investigaci\u00f3n decretar vacaciones estudiantiles hasta el 5 de noviembre y mirar mecanismos para que la Universidad se recupere. Es un momento para tener la solidaridad de todos los estamentos antioque\u00f1os de estudiantes y de profesores frente a actitudes de esta \u00edndole.<\/p>\n<p><strong>POR LAS MALLAS<\/strong><\/p>\n<p>Cuando se estaba en la reuni\u00f3n del consejo se observ\u00f3 que unos diez encapuchados saltaban \u00e1gilmente las altas mallas que separan la universidad del exterior. En segundos se perdieron en los laberintos de la misma universidad. Se imparti\u00f3 orden de impedir el acceso de cualquiera persona a las instalaciones. Con grupos especiales se intent\u00f3 la b\u00fasqueda de los enmascarados asaltantes. Todo fue en vano. Sigue el r\u00e9gimen del terror.<\/p>\n<p><strong>SOLIDARIDAD<\/strong><\/p>\n<p>Son muchas las realizaciones de la Universidad en todos los campos acad\u00e9mico, cient\u00edfico y cultural afirmaban anoche directivos del Alma Mater. Se trata de construir una universidad al servicio del pueblo colombiano. Pero para combatir la delincuencia y el terrorismo es preciso salir a defender uno de los patrimonios m\u00e1s preciosos de la sociedad, su misma Alma Mater.\u201d<\/p>\n<p><strong>Im\u00e1genes: <\/strong>IMGB12 &#8211; IMGB12a<\/p>\n<p>Bloque administrativo. Foto: Sin cr\u00e9ditos.<\/p>\n<p>Obras de arte destruidas. Foto: Sin cr\u00e9ditos<\/p>\n<p>INFORMACI\u00d3N ANAL\u00cdTICA<\/p>\n<p>Contexto de la noticia:<\/p>\n<p>Coronel del ej\u00e9rcito fue asesinado en El Salvador; Izquierdistas, listos a deponer las armas; Descubren contraespionaje por parte del M-19 en la BIM; Veinte menores heridos al accidentarse bus escolar.<\/p>\n<p>Palabras clave: Acciones Violentas, Robo, Da\u00f1o a bienes civiles, Intimidaci\u00f3n, Respuestas Institucionales, Militarizaci\u00f3n de la universidad, Cierre administrativo, Actores Armados, EPL, Actores Institucionales, Asamblea General, Rector, Mu\u00f1oz Uribe, Luis Carlos<\/p>\n<p>Sugerencia de palabras claves:<\/p>\n<p>Observaciones:<\/p>\n<p>Fecha de diligenciamiento: 30 de marzo de 2019<\/p>\n<h1 style=\"text-align: center;\">***<\/h1>\n<p><strong>N\u00famero de ficha<\/strong>: B13&nbsp;&nbsp;&nbsp;&nbsp;&nbsp;&nbsp;&nbsp;&nbsp;&nbsp;&nbsp;&nbsp;&nbsp;&nbsp;&nbsp;&nbsp;&nbsp;&nbsp;&nbsp;&nbsp;&nbsp;&nbsp;&nbsp;&nbsp;&nbsp;&nbsp;&nbsp;&nbsp;<\/p>\n<p><strong>Diligenciada por: <\/strong>Sara Ospina Restrepo<\/p>\n<p>INFORMACI\u00d3N BIBLIOGR\u00c1FICA<\/p>\n<p>Peri\u00f3dico: El Colombiano<\/p>\n<p>Lugar de edici\u00f3n: Medell\u00edn<\/p>\n<p>Autor personal:<\/p>\n<p>Autor corporativo: El Colombiano<\/p>\n<p>Fecha: 1979, octubre, 25<\/p>\n<p>P\u00e1gina: n\/a<\/p>\n<p>Secci\u00f3n: Opini\u00f3n<\/p>\n<p><strong>Titular:<\/strong> La Universidad de Antioquia<\/p>\n<p><strong>Resumen:<\/strong><\/p>\n<p>\u201cNo cabe duda que hay fuerzas siniestras empe\u00f1adas en empujar hacia la anarqu\u00eda nuestro primer centro universitario. Los bochornosos hechos de violencia promovidos la semana pasada en la Universidad de Antioquia por gentes que, para llevar a cabo sus desmanes, se precavieron de resguardar cobardemente su identidad con antifaces y capuchas, demuestran que existe una oscura conjunci\u00f3n de elementos extremistas interesados en difundir el caos y consolidar el terror en los claustros del Alma Mater.&nbsp; Los desafueros perpetrados contra el rector y altos funcionarios de la Universidad, la b\u00e1rbara destrucci\u00f3n de oficinas y enseres, la furia agresiva que se escudaba en la identificaci\u00f3n delictiva de los protagonistas, revelan a las claras la calidad moral, los siniestros prop\u00f3sitos y barbaros procedimientos de acci\u00f3n de las fuerzas anarquistas que pretenden liquidar el orden y el prestigio de la Universidad. Si los desmanes y atropellos no consiguieron culminar, afortunadamente, en el vand\u00e1lico arrasamiento premeditado, ello se debi\u00f3 a la prudente actuaci\u00f3n de las directivas frente al ataque y a la oportuna reacci\u00f3n de las mayor\u00edas estudiantiles que impidieron la consumaci\u00f3n de las siniestras consignas. La gravedad de los acontecimientos oblig\u00f3 al consejo directivo a suspender temporalmente las actividades acad\u00e9micas en la Universidad mientras se esclarece la situaci\u00f3n y se definen medidas que garanticen la normalidad de funcionamiento. A todos los antioque\u00f1os debe con raz\u00f3n preocuparnos el bochornoso fen\u00f3meno de que una minor\u00eda extremista consiga imponerse sobra la crecida poblaci\u00f3n profesoral y estudiantil que se esfuerza por mantener en la Universidad un clima de estudio, de investigaci\u00f3n y de seria disciplina acad\u00e9mica, infortunadamente estos peri\u00f3dicos esc\u00e1ndalos, promovidos por elementos an\u00e1rquicos, deterioran ante la opini\u00f3n ciudadana la realidad de trabajo y superaci\u00f3n cultural que esforzadamente se ha venido consolidando durante los \u00faltimos meses en la Universidad de Antioquia.<\/p>\n<p>Merced al esfuerzo de las actuales directivas universitarias y la colaboraci\u00f3n del gobierno en las distintas esferas de la administraci\u00f3n, ha sido posible en este a\u00f1o avanzar en firme hacia el saneamiento financiero de la instituci\u00f3n, darle mayor eficiencia a la estructura administrativa, impulsar de modo estimulante los programas docentes y culturales, conseguir notoria recuperaci\u00f3n del nivel acad\u00e9mico e irradiar, con m\u00faltiples iniciativas de servicio, en bien de la comunidad.<\/p>\n<p>No vacilamos, por ello, en afirmar que el balance de realizaciones acad\u00e9micas, de logros culturales, de ben\u00e9ficas investigaciones cient\u00edficas y de valiosos servicios a la sociedad, cumplido en este a\u00f1o por la Universidad de Antioquia es ampliamente positivo y no alcanza a ser destruido por los desmanes de una minor\u00eda disociadora empe\u00f1ada en el antipatri\u00f3tico prop\u00f3sito de desorganizar nuestro gran centro universitario.&nbsp; En la ti\u00f1osa declaraci\u00f3n del Consejo Directivo sobre los bochornosos incidentes del 17 de octubre, se invita a todos los estamentos de la comunidad universitaria a analizar serenamente la situaci\u00f3n y a definir animosas decisiones restauradoras. Directivas, profesores, estudiantes y empleados deben concordar, por lo tanto, en la valerosa determinaci\u00f3n de salvar a la Universidad y defenderla con la intrepidez de las maquinaciones y ataque de las fuerzas siniestras que pretenden su destrucci\u00f3n.<\/p>\n<p>La Universidad de Antioquia constituye un patrimonio sagrado de nuestro pueblo. Est\u00e1 entra\u00f1ablemente hinchada en el proceso de desarrollo hist\u00f3rico y del progreso de nuestra comarca. A ning\u00fan antioque\u00f1o, por lo mismo, puede serle indiferente su suerte ni aceptar impasiblemente que fuerzas terroristas paralicen su labor, deterioren su imagen y frenen su empujosa expansi\u00f3n. Esperamos, por tanto, que la convocatoria de las directivas a la reflexi\u00f3n y a la firme defensa de los principios y valores universitarios, tendr\u00e1 eco cumplido en todos los estamentos de la instituci\u00f3n, Profesores, estudiantes, empleados, padres de familia, exalumnos y entidades gubernamentales deben aunar voluntad y esfuerzos en el noble prop\u00f3sito de salvaguardar la Universidad de Antioquia en la plena integridad de su misi\u00f3n y de su prestigio hist\u00f3rico. No es posible que en manos de las actuales generaciones se menoscabe y deteriore la noble filosof\u00eda de la Universidad, por obra de la acci\u00f3n destructora de fan\u00e1ticas minor\u00edas extremistas.\u201d<\/p>\n<p><strong>Im\u00e1genes: <\/strong>n\/a<\/p>\n<p>INFORMACI\u00d3N ANAL\u00cdTICA<\/p>\n<p>Contexto de la noticia:<\/p>\n<p>Destruida una base guerrillera en Zambia.<\/p>\n<p>Palabras clave: Acciones de resistencia, Comunicados, declaraciones, misivas<\/p>\n<p>Sugerencia de palabras claves:<\/p>\n<p>Observaciones:<\/p>\n<p>Fecha de diligenciamiento: 30 de marzo de 2019<\/p>\n<h1 style=\"text-align: center;\">***<\/h1>\n<p><strong>N\u00famero de ficha<\/strong>:&nbsp; B14&nbsp; &nbsp; &nbsp; &nbsp; &nbsp; &nbsp; &nbsp; &nbsp; &nbsp; &nbsp; &nbsp; &nbsp; &nbsp; &nbsp;<\/p>\n<p><strong>Diligenciada por: <\/strong>Sara Ospina Restrepo<\/p>\n<p>INFORMACI\u00d3N BIBLIOGR\u00c1FICA<\/p>\n<p>Peri\u00f3dico: El Colombiano<\/p>\n<p>Lugar de edici\u00f3n: Medell\u00edn<\/p>\n<p>Autor personal:<\/p>\n<p>Autor corporativo: El Colombiano<\/p>\n<p>Fecha: 1979, octubre, 31<\/p>\n<p>P\u00e1gina: Portada<\/p>\n<p>Secci\u00f3n:<\/p>\n<p><strong>Titular: <\/strong>Expulsados cinco estudiantes de la Universidad de Antioquia.<\/p>\n<p><strong>Resumen:<\/strong><\/p>\n<p>\u201cComo consecuencia de los des\u00f3rdenes presentados en la Universidad de Antioquia en d\u00edas anteriores el Consejo Directivo de este estamento educativo ha resuelto expulsar del plantel a cinco estudiantes a quienes se les comprob\u00f3 haber participado en la trifulca de esos d\u00edas. El comunicado enviado por el Consejo Directivo dice: \u201cEl Consejo Directivo de la Universidad de Antioquia, ha decidido expulsar de la universidad a Francisco Javier Isaza P\u00e9rez, Diego Mauricio Montoya Misas, Leonel Gabriel Osorio, Hern\u00e1n Mosquera Cuesta y Jorge Ernesto Cuartas, estudiantes a quienes se les comprob\u00f3 su participando en hechos que contravienen los reglamentos de la instituci\u00f3n en cuanto a sabotaje a prestaci\u00f3n de ex\u00e1menes (art\u00edculo 560, acuerdo N\u00b0 9 de 1967 de marzo 10).&nbsp; Ya el Consejo Directivo en forma reiterada ha expresado p\u00fablicamente que: \u201cEl sabotaje o bloqueo a la realizaci\u00f3n de los ex\u00e1menes u otras actividades acad\u00e9micas constituye falta grave de disciplina y que por lo tanto expulsar\u00e1 de la universidad a los estudiantes han sido notificados en forma oficial. Podr\u00e1n interponer recurso de reposici\u00f3n en el plazo previsto por las normas de la instituci\u00f3n\u201d<\/p>\n<p><strong>Im\u00e1genes: <\/strong>n\/a<\/p>\n<p>INFORMACI\u00d3N ANAL\u00cdTICA<\/p>\n<p>Contexto de la noticia:<\/p>\n<p>Detenidos 10 miembros del M-19, Buscan a tres individuos por el asesinato del esmeraldero, 37 heridos al hacer explosi\u00f3n la caldera de una trilladora, estrangularon a un obrero para robarle, en Antioquia nueve muertes tr\u00e1gicas.<\/p>\n<p>Palabras clave: Respuestas Institucionales, Expulsi\u00f3n de Estudiantes<\/p>\n<p>Sugerencia de palabras claves:<\/p>\n<p>Observaciones:<\/p>\n<p>Fecha de diligenciamiento: 30 de marzo de 2019<\/p>\n<h1 style=\"text-align: center;\">***<\/h1>\n<p><strong>N\u00famero de ficha<\/strong>: B15&nbsp;&nbsp;&nbsp;&nbsp;&nbsp;&nbsp;&nbsp;&nbsp;&nbsp;&nbsp;&nbsp;&nbsp;&nbsp;&nbsp;&nbsp;&nbsp;&nbsp;&nbsp;&nbsp;&nbsp;&nbsp;&nbsp;&nbsp;&nbsp;&nbsp;&nbsp;&nbsp;&nbsp;&nbsp;&nbsp;&nbsp;&nbsp;&nbsp;&nbsp;&nbsp;&nbsp;&nbsp;&nbsp;&nbsp;<\/p>\n<p><strong>Diligenciada por: <\/strong>Sara Ospina Restrepo<\/p>\n<p>INFORMACI\u00d3N BIBLIOGR\u00c1FICA<\/p>\n<p>Peri\u00f3dico: El Colombiano<\/p>\n<p>Lugar de edici\u00f3n: Medell\u00edn<\/p>\n<p>Autor personal:<\/p>\n<p>Autor corporativo: El Colombiano<\/p>\n<p>Fecha: 1979, noviembre, 01<\/p>\n<p>P\u00e1gina: n\/a<\/p>\n<p>Secci\u00f3n: n\/a<\/p>\n<p><strong>Titular: <\/strong>El 12 reabren la U. de A.<\/p>\n<p><strong>Resumen:<\/strong><\/p>\n<p>\u201cSolo el 12 de noviembre se reabrir\u00e1n las dependencias de la Ciudad Universitaria, decidi\u00f3 ayer el Consejo Directivo de la Universidad de Antioquia, con lo cual se prolonga por una semana m\u00e1s el cese de actividades forzoso a que tuvo que ser sometido el Alma Mater. El 5 apenas se reanudar\u00e1n las labores en la Facultad de Odontolog\u00eda y no en toda la Universidad como hab\u00eda acordado en un principio el Consejo en sesi\u00f3n posterior a los incidentes del 18 de octubre\u201d<\/p>\n<p><strong>Im\u00e1genes: <\/strong>n\/a<\/p>\n<p>INFORMACI\u00d3N ANAL\u00cdTICA<\/p>\n<p>Contexto de la noticia:<\/p>\n<p>Muerto estudiante en disturbios en Caracas, M\u00e1s de 70 muertos al caer avi\u00f3n en M\u00e9xico, Nuevos enfrentamientos en el Sur del L\u00edbano, Centenares de muertos en Camer\u00fan por enfrentamientos, 230 refugiados camboyanos murieron en campo tailand\u00e9s.<\/p>\n<p>Palabras clave: Respuestas Institucionales, Reapertura<\/p>\n<p>Sugerencia de palabras claves:<\/p>\n<p>Observaciones:<\/p>\n<p>Fecha de diligenciamiento: 30 de marzo de 2019<\/p>\n<h1 style=\"text-align: center;\">***<\/h1>\n<p><strong>N\u00famero de ficha<\/strong>: B16&nbsp;&nbsp;&nbsp;&nbsp;&nbsp;&nbsp;&nbsp;&nbsp;&nbsp;&nbsp;&nbsp;&nbsp;&nbsp;&nbsp;&nbsp;&nbsp;&nbsp;&nbsp;&nbsp;&nbsp;&nbsp;&nbsp;&nbsp;&nbsp;&nbsp;&nbsp;&nbsp;&nbsp;<\/p>\n<p><strong>Diligenciada por: <\/strong>Sara Ospina Restrepo<\/p>\n<p>INFORMACI\u00d3N BIBLIOGR\u00c1FICA<\/p>\n<p>Peri\u00f3dico: El Colombiano<\/p>\n<p>Lugar de edici\u00f3n: Medell\u00edn<\/p>\n<p>Autor personal:<\/p>\n<p>Autor corporativo: El Colombiano<\/p>\n<p>Fecha: 1979, noviembre, 10<\/p>\n<p>P\u00e1gina: 2A<\/p>\n<p>Secci\u00f3n: n\/a<\/p>\n<p><strong>Titular: <\/strong>Reapertura gradual de la U. de A<\/p>\n<p><strong>Resumen:<\/strong><\/p>\n<p>\u201cLas directivas de Universidad de Antioquia resolvieron enfrentar la reapertura gradual de la Universidad despu\u00e9s del receso ocasionado por los sucesos acaecidos el 18 del pasado mes de octubre cuando cerca de 100 encapuchados se tomaron el bloque administrativo y sacaron al personal directivo con el rector a la cabeza\u201d<\/p>\n<p><strong>Im\u00e1genes: <\/strong>n\/a<\/p>\n<p>INFORMACI\u00d3N ANAL\u00cdTICA<\/p>\n<p>Contexto de la noticia:<\/p>\n<p>Muerto un agente y heridos dos empleados en un asalto bancario, En Pek\u00edn desmantelada banda peligrosa de violadores de chicas<\/p>\n<p>Palabras clave: Respuestas Institucionales, Reapertura<\/p>\n<p>Sugerencia de palabras claves:<\/p>\n<p>Observaciones:<\/p>\n<p>Fecha de diligenciamiento: 30 de marzo de 2019<\/p>\n<h1 style=\"text-align: center;\">***<\/h1>\n<p><strong>N\u00famero de ficha<\/strong>: B17&nbsp; &nbsp; &nbsp; &nbsp; &nbsp; &nbsp; &nbsp; &nbsp; &nbsp; &nbsp; &nbsp; &nbsp; &nbsp;<\/p>\n<p><strong>Diligenciada por: <\/strong>Sara Ospina Restrepo<\/p>\n<p>INFORMACI\u00d3N BIBLIOGR\u00c1FICA<\/p>\n<p>Peri\u00f3dico: El Colombiano<\/p>\n<p>Lugar de edici\u00f3n: Medell\u00edn<\/p>\n<p>Autor personal:<\/p>\n<p>Autor corporativo: El Colombiano<\/p>\n<p>Fecha: 1979, noviembre, 20<\/p>\n<p>P\u00e1gina: n\/a<\/p>\n<p>Secci\u00f3n: n\/a<\/p>\n<p><strong>Titular: <\/strong>Citaci\u00f3n a clases en la U. de A.<\/p>\n<p><strong>Resumen:<\/strong><\/p>\n<p>\u201cMa\u00f1ana deben reintegrarse a sus clases normales los estudiantes de Medicina Veterinaria y Zootecnia de la Universidad de Antioquia pertenecientes al noveno semestre acad\u00e9mico, seg\u00fan convocatoria dispuesta por el consejo directico del Alma Mater. Igualmente se inform\u00f3 que seg\u00fan decisi\u00f3n adoptada por este organismo para tener acceso a la Escuela de Auxiliares de Enfermer\u00eda se requiere carnetizaci\u00f3n.\u201d<\/p>\n<p><strong>Im\u00e1genes: <\/strong>n\/a<\/p>\n<p>INFORMACI\u00d3N ANAL\u00cdTICA<\/p>\n<p>Contexto de la noticia: n\/a<\/p>\n<p>Palabras clave: Respuestas Institucionales, Reapertura<\/p>\n<p>Sugerencia de palabras claves:<\/p>\n<p>Observaciones:<\/p>\n<p>Fecha de diligenciamiento: 30 de marzo de 2019<\/p>\n<h1 style=\"text-align: center;\">***<\/h1>\n<p><strong>N\u00famero de ficha<\/strong>: B18&nbsp; &nbsp; &nbsp; &nbsp; &nbsp; &nbsp; &nbsp; &nbsp; &nbsp; &nbsp; &nbsp; &nbsp; &nbsp; &nbsp; &nbsp; &nbsp; &nbsp; &nbsp; &nbsp;<\/p>\n<p><strong>Diligenciada por: <\/strong>Sara Ospina Restrepo<\/p>\n<p>INFORMACI\u00d3N BIBLIOGR\u00c1FICA<\/p>\n<p>Peri\u00f3dico: El Colombiano<\/p>\n<p>Lugar de edici\u00f3n: Medell\u00edn<\/p>\n<p>Autor personal:<\/p>\n<p>Autor corporativo: El Colombiano<\/p>\n<p>Fecha: 1979, noviembre, 25<\/p>\n<p>P\u00e1gina: n\/a<\/p>\n<p>Secci\u00f3n: n\/a<\/p>\n<p><strong>Titular: <\/strong>\u201cContin\u00faa la reapertura gradual en la U. de A.\u201d<\/p>\n<p><strong>Resumen:<\/strong><\/p>\n<p>\u201cComunicado enviado por el Consejo Directivo<\/p>\n<p>El siguiente es el comunicado que el Consejo Directivo de la Universidad de Antioquia envi\u00f3 y en el cual se avisa la opini\u00f3n p\u00fablica y a los estudiantes del claustro acerca de las nuevas decisiones por ellos tomadas y a la ratificaci\u00f3n de seguir con el proceso de reapertura:<\/p>\n<p>El Consejo Directivo de la Universidad de Antioquia, informa a la comunidad universitaria y a la opini\u00f3n p\u00fablica en general sobre las decisiones que la Corporaci\u00f3n ha adoptado en las reuniones de la presente semana.&nbsp; Se aprob\u00f3 en primer debate, un Acuerdo mediante el cual se modifican las Normas Acad\u00e9micas buscando precisarlas y eliminar aquellas disposiciones que durante los \u00faltimos a\u00f1os han venido ocasionando conflictos recurrentes y disminuci\u00f3n del nivel acad\u00e9mico. Para segundo debate, el Consejo Directivo, espera conocer la opini\u00f3n de los diferentes Consejos Acad\u00e9micos y estamentos universitarios.&nbsp; Se examinaron las solicitudes de reposici\u00f3n de las sanciones de expulsi\u00f3n aplicadas a los estudiantes Diego Mauricio Montoya Misas, Francisco Javier Isaza P\u00e9rez, Leonel Gabriel Osorio Arango y Hern\u00e1n Mosquera Cuesta, por haber participado en el sabotaje a un examen de computadores I el 3 de octubre; por no haber sido desvirtuados los cargos, el Consejo Directivo ratific\u00f3 la sanci\u00f3n.<\/p>\n<p>Se aplicaron sanciones de expulsi\u00f3n a los estudiantes Sergio Castrill\u00f3n Restrepo y Ubencio Rueda Plata, de la facultad de ingenier\u00edas, por haber participado en los nefastos hechos del 18 de octubre en el edificio de la administraci\u00f3n.&nbsp; Con base en la resoluci\u00f3n N\u00b0 92 se orden\u00f3 calificar con cero (0) a los estudiantes que dejaron de presentar los ex\u00e1menes que estaban previamente programados.&nbsp; Se decidi\u00f3 continuar con el proceso de reapertura gradual cuya programaci\u00f3n se anuncia en la prensa.<\/p>\n<p>Por \u00faltimo, la Corporaci\u00f3n expresa su inter\u00e9s por que la normalidad acad\u00e9mica se obtenga a corto plazo en todas las dependencias y programas de Universidad y recuerda la existencia de normas vigentes sobre asistencia a clases, presentaci\u00f3n de ex\u00e1menes, intensidad horaria, etc.; seg\u00fan las cuales a quien deje de presentar un examen sin causa justificada se le calificar\u00e1 con cero (0) y si al t\u00e9rmino del periodo de clases no se ha cubierto el 80 por ciento del programa, se cancelar\u00e1 la asignatura respectiva o en caso contrario , se programar\u00e1 examen final.\u201d<\/p>\n<p><strong>Im\u00e1genes: <\/strong>n\/a<\/p>\n<p>INFORMACI\u00d3N ANAL\u00cdTICA<\/p>\n<p>Contexto de la noticia: n\/a<\/p>\n<p>Palabras clave: Respuestas Institucionales, Reapertura, Expulsi\u00f3n de Estudiantes<\/p>\n<p>Sugerencia de palabras claves:<\/p>\n<p>Observaciones:<\/p>\n<p>Fecha de diligenciamiento: 30 de marzo de 2019<\/p>\n<h1 style=\"text-align: center;\">***<\/h1>\n<p><strong>N\u00famero de ficha<\/strong>: B19&nbsp;&nbsp;&nbsp;&nbsp;&nbsp;&nbsp;&nbsp;&nbsp;&nbsp;&nbsp;&nbsp;&nbsp;&nbsp;&nbsp;&nbsp;&nbsp;&nbsp;&nbsp;&nbsp;&nbsp;&nbsp;&nbsp;&nbsp;&nbsp;&nbsp;&nbsp;&nbsp;&nbsp;&nbsp;&nbsp;&nbsp;&nbsp;&nbsp;&nbsp;&nbsp;&nbsp;&nbsp;&nbsp;&nbsp;<\/p>\n<p><strong>Diligenciada por: <\/strong>Sara Ospina Restrepo<\/p>\n<p>INFORMACI\u00d3N BIBLIOGR\u00c1FICA<\/p>\n<p>Peri\u00f3dico: El Colombiano<\/p>\n<p>Lugar de edici\u00f3n: Medell\u00edn<\/p>\n<p>Autor personal:<\/p>\n<p>Autor corporativo: El Colombiano<\/p>\n<p>Fecha: 1979, noviembre, 29<\/p>\n<p>P\u00e1gina: n\/a<\/p>\n<p>Secci\u00f3n: n\/a<\/p>\n<p><strong>Titular: <\/strong>\u201cAn\u00e1lisis de los males, hace Consejo Directivo de la U. de A.\u201d<\/p>\n<p><strong>Resumen:<\/strong><\/p>\n<p>\u201cEl Consejo Directivo de la Universidad de Antioquia est\u00e1 comprometido con la reiniciaci\u00f3n de labores acad\u00e9micas en toda la instituci\u00f3n, pero no aceptar que sea en las mismas condiciones que obligaron al receso pues ser\u00eda reabrirla para la continuaci\u00f3n de las acciones an\u00e1rquicas y terroristas seg\u00fan consta en un comunicado expedido por este organismo en el cual se analizan algunos de los problemas que vive la Universidad en su parte interna. En la declaraci\u00f3n del Consejo, se hace un recuento del desarrollo de la concepci\u00f3n misma de la idea de Universidad, la cual cari\u00f3 desde el sentimiento de hacer de ella un centro del pensamiento y de la cultura, luego pas\u00f3 a capacitar personas para el ejercicio de las llamadas profesiones, hasta llegar a la pr\u00e1ctica utilitarista donde se convierte en un medio para que el estudiante obtenga su t\u00edtulo y salga a trabajar en la sociedad.&nbsp; Prosigue el Consejo y dice que tambi\u00e9n la Universidad utilitarista se convierte en un medio cuando se emplea y manipula para el logro de objetivos pol\u00edticos, no importando si hay que dejarla maltrecha o aniquilarla. Si la Universidad hace la ciencia y la cultura su tarea fundamental no puede renunciar sin traicionarse a la exigencia acad\u00e9mica; las tareas del pensamiento no se satisfacen con los requisitos de un futuro sino con la real aptitud de quienes deben realizarlas. Esta concepci\u00f3n de la Universidad las profesa el Consejo Directivo se denomina liberal y es la \u00fanica defendible en las actuales condiciones pues es la \u00fanica que abre sus puertas a los estratos menos favorecidos y sirve m\u00e1s a las exigencias de la sociedad que a intereses personales.<\/p>\n<p>Se cree en esa idea y no se comparte la idea de que grupos pol\u00edticos orientados a la destrucci\u00f3n est\u00e9n por encima de ella. Si existen sectores profesorales y estudiantiles que acepten la misma l\u00ednea de pensamiento, es a ellos a quienes corresponde luchar por la supervivencia de la Universidad, pues las directivas aisladas no pueden hacerlo. &nbsp;La defensa de la Universidad, se puede hacer no solamente en el campo te\u00f3rico sino tambi\u00e9n en el pr\u00e1ctico, con las realizaciones de la instituci\u00f3n en diferentes frentes:&nbsp; En la parte cultural: con los Martes del Paraninfo, el Concurso Anual de Poes\u00eda, las artes y la m\u00fasica expresados en diferentes combinaciones de grupos y entidades, conciertos de la Banda Sinf\u00f3nica.&nbsp; En lo investigativo: con el equipo de trasplantes de \u00f3rganos la asesor\u00eda a la salud regional, nacional e internacional; programas innovadores de educaci\u00f3n rural, las actividades de Centro de Investigaciones Econ\u00f3micas; las asesor\u00edas a importantes empresas por intermedio del Ceset. A la comunidad: servicio en el Hospital San Vicente; asistencia jur\u00eddica, servicio odontol\u00f3gico de veterinaria y zootecnia, enfermer\u00eda, capacitaci\u00f3n de maestros. La deportiva y otras m\u00e1s. Es una enumeraci\u00f3n de las acciones de compromiso y servicio a la comunidad simultaneas a la formaci\u00f3n profesional y t\u00e9cnica.<\/p>\n<p><strong>GREMIOS<\/strong><\/p>\n<p>Los mandos medios de los gremios mediante una idea mal entendida de participaci\u00f3n en la administraci\u00f3n se han convertido en voceros de los mismos y convierten al Consejo Directivo en el \u00fanico depositario de la autoridad y se toma como pol\u00edtica el conseguir derecho y negar obligaciones y se rechaza toda normatividad. Este camino, junto con el de la solidaridad gremial, han llevado a que se haya generalizado un facilismo acad\u00e9mico que ayuda al alumno en su af\u00e1n de obtener un t\u00edtulo mas no la perfecci\u00f3n acad\u00e9mica.<\/p>\n<p>Por \u00faltimo, el Consejo expres\u00f3 que esos planteamientos son el comienzo de un an\u00e1lisis para formular luego un diagn\u00f3stico para instaurar pol\u00edticas de defensa de la Universidad.\u201d<\/p>\n<p><strong>Im\u00e1genes: <\/strong>n\/a<\/p>\n<p>INFORMACI\u00d3N ANAL\u00cdTICA<\/p>\n<p>Contexto de la noticia:<\/p>\n<p>257 muertos en siniestro a\u00e9reo, 17 muertos por terremoto en Ir\u00e1n.<\/p>\n<p>Palabras clave: Acciones de resistencia, Comunicados, declaraciones, misivas, Actores Institucionales, Consejo Superior Universitario<\/p>\n<p>Sugerencia de palabras claves:<\/p>\n<p>Observaciones:<\/p>\n<p>Fecha de diligenciamiento: 30 de marzo de 2019<\/p>\n<h1 style=\"text-align: center;\">***<\/h1>\n<p><strong>N\u00famero de ficha<\/strong>:&nbsp; B20&nbsp;&nbsp;&nbsp;&nbsp;&nbsp;&nbsp;&nbsp;&nbsp;&nbsp;&nbsp;&nbsp;&nbsp;&nbsp;&nbsp;&nbsp;&nbsp;&nbsp;&nbsp;&nbsp;&nbsp;&nbsp;&nbsp;&nbsp;&nbsp;&nbsp;<\/p>\n<p><strong>Diligenciada por: <\/strong>Sara Ospina Restrepo<\/p>\n<p>INFORMACI\u00d3N BIBLIOGR\u00c1FICA<\/p>\n<p>Peri\u00f3dico: El Colombiano<\/p>\n<p>Lugar de edici\u00f3n: Medell\u00edn<\/p>\n<p>Autor personal: Jim\u00e9nez de Ruiz, Mar\u00eda Victoria<\/p>\n<p>Autor corporativo: El Colombiano<\/p>\n<p>Fecha: 1979, diciembre, 02<\/p>\n<p>P\u00e1gina: 13B<\/p>\n<p>Secci\u00f3n: n\/a<\/p>\n<p><strong>Titular: <\/strong>No se cierra la Universidad<\/p>\n<p><strong>Resumen:<\/strong><\/p>\n<p>\u201cPara nadie es desconocida la situaci\u00f3n tan dif\u00edcil que atraviesa en estos momentos la Universidad de Antioquia, donde existe una decadencia en cuanto a trabajo acad\u00e9mico y una falta de respeto por las normas establecidas y por las personas y bienes de la instituci\u00f3n. Muchos rumores se han despertado en esta \u00e9poca acerca de un posible cierre y una reestructuraci\u00f3n completa del Alma Mater nada en concreto se ha decidido acerca de la iniciaci\u00f3n de clases y ciertas pol\u00edticas administrativas no se encuentran claras ante la opini\u00f3n p\u00fablica.<\/p>\n<p>Los estudiantes por su parte, permanecen a la expectativa de los que ser\u00e1 el a\u00f1o entrante en la Universidad y en que parar\u00e1 toda esa situaci\u00f3n an\u00f3mala, adem\u00e1s de cu\u00e1les ser\u00e1n las soluciones que el rector y el Directivo tienen para presentar y corregir as\u00ed y de una manera definitiva ese estado de zozobra y de inseguridad que tanto estudiantes como padres de familia y la comunidad en general viven con respecto al futuro de los j\u00f3venes que all\u00ed se educan.\u201d.<\/p>\n<p><strong>Im\u00e1genes: <\/strong>n\/a<\/p>\n<ol>\n<li>INFORMACI\u00d3N ANAL\u00cdTICA<\/li>\n<\/ol>\n<p>Contexto de la noticia: n\/a<\/p>\n<p>Palabras clave: Acciones de resistencia<\/p>\n<p>Sugerencia de palabras claves:<\/p>\n<p>Observaciones:<\/p>\n<p>Fecha de diligenciamiento: 30 de marzo de 2019<\/p>\n<h1 style=\"text-align: center;\">***<\/h1>\n<p><strong>N\u00famero de ficha<\/strong>: B21&nbsp;&nbsp;&nbsp;&nbsp;&nbsp;&nbsp;&nbsp;&nbsp;&nbsp;&nbsp;&nbsp;&nbsp;&nbsp;&nbsp;&nbsp;&nbsp;&nbsp;&nbsp;&nbsp;&nbsp;&nbsp;&nbsp;&nbsp;&nbsp;&nbsp;&nbsp;&nbsp;&nbsp;&nbsp;&nbsp;&nbsp;&nbsp;&nbsp;&nbsp;&nbsp;&nbsp;&nbsp;&nbsp;&nbsp;&nbsp;&nbsp;&nbsp;&nbsp;&nbsp;&nbsp;&nbsp;&nbsp;&nbsp;&nbsp;&nbsp;&nbsp;&nbsp;&nbsp;&nbsp;&nbsp;&nbsp;<\/p>\n<p><strong>Diligenciada por: <\/strong>Sara Ospina Restrepo<\/p>\n<p>INFORMACI\u00d3N BIBLIOGR\u00c1FICA<\/p>\n<p>Peri\u00f3dico: El Colombiano<\/p>\n<p>Lugar de edici\u00f3n: Medell\u00edn<\/p>\n<p>Autor personal:<\/p>\n<p>Autor corporativo: El Colombiano<\/p>\n<p>Fecha: 1980, enero, 09<\/p>\n<p>P\u00e1gina: 11<\/p>\n<p>Secci\u00f3n: Los 70 hechos de los a\u00f1os 70 &#8211; Especial<\/p>\n<p><strong>Titular: <\/strong>Se prendi\u00f3 la U. de A.<\/p>\n<p><strong>Resumen:<\/strong><\/p>\n<p>\u201cLa Universidad de Antioquia vivi\u00f3 en 1973 una de sus etapas m\u00e1s cr\u00edticas, cuando el viernes 8 de junio fue muerto por un detective el estudiante Fernando Barrientos y reducidas a cenizas las oficinas del Rector, archivos y otras dependencias administrativas. El 8 de junio se conmemoraban las llamadas Jornadas Universitarias que recuerdan la muerte de algunos estudiantes que participaban en manifestaciones p\u00fablicas durante el gobierno de Rojas Pinilla. Un grupo de universitarios sali\u00f3 de realizar una asamblea y se propuso efectuar un mitin. Cuando algunos quer\u00edan incendiar un veh\u00edculo de las Empresas P\u00fablicas, un detective que pasaba por el lugar dispar\u00f3 contra el grupo, hiriendo de muerte a Fernando Barrientos, cuyo cuerpo fue recogido por sus compa\u00f1eros para colocarlo en c\u00e1mara ardiente en la oficina de la Rector\u00eda poco antes del mediod\u00eda. Alrededor de las dos de la tarde, estall\u00f3 un voraz incendio en ese bloque, obligando a los estudiantes a salir con el cuerpo sin vida de Barrientos hacia la Facultad de Medicina. La conflagraci\u00f3n fue controlada por los bomberos cuando ya valiosos documentos se hab\u00edan perdido. Todo el tercer piso del bloque administrativo qued\u00f3 en cenizas. En la tarde se decret\u00f3 el toque de queda en la ciudad de Medell\u00edn. Seg\u00fan las autoridades se abri\u00f3 una exhaustiva investigaci\u00f3n acerca del proceder del agente Maximiliano Zapata, quien dispar\u00f3 contra el estudiante, pero sus resultados como era de esperarse, nunca se dieron a conocer. Al d\u00eda siguiente casi en secreto, fue enterrado el cad\u00e1ver de Barrientos. Ya el Consejo Directivo hab\u00eda decidido cerrar la Universidad, que posteriormente fue reabierta progresivamente para culminar el semestre sin muchos traumas en vista de las medidas disciplinarias anunciadas oportunamente. Fue sin lugar a dudas el momento m\u00e1s cr\u00edtico de la Universidad de Antioquia. Pero no fue el \u00fanico y durante todos los a\u00f1os 70 problemas de la m\u00e1s diversa \u00edndole hicieron que los claustros permanecieran cerrados\u201d.<\/p>\n<p><strong>Im\u00e1genes: <\/strong>IMGB21<\/p>\n<p>Bloque Administrativo en llamas. Foto: sin cr\u00e9ditos.<\/p>\n<p><strong>INFORMACI\u00d3N ANAL\u00cdTICA<\/strong><\/p>\n<p>Contexto de la noticia:<\/p>\n<p>En Colombia se incrementan las protestas laborales y estudiantiles frente a la crisis econ\u00f3mica que no controla el Gobierno de Turbay Ayala, terremoto de Colombia el mi\u00e9rcoles, fue un poderoso terremoto registrado, a las 2:59 a.m. fue uno de los sismos m\u00e1s fuertes del Siglo XX en Colombia, en la inauguraci\u00f3n de la tradicional fiesta en corraleja del 20 de enero en Sincelejo (Sucre) se desplomaron ocho de los 32 palcos de la construcci\u00f3n de madera, dejando un saldo tr\u00e1gico de 211 muertos y 1.100 heridos.<\/p>\n<p>Palabras clave: Acciones Violentas, Asesinato, Acciones contestarias, Tropel, Da\u00f1o a bienes civiles, Estudiantes, Fernando Barrientos<\/p>\n<p>Sugerencia de palabras claves: Incendio<\/p>\n<p>Observaciones:<\/p>\n<p>Fecha de diligenciamiento: 21 de marzo de 2019<\/p>\n<h1 style=\"text-align: center;\">***<strong style=\"font-size: inherit;\"> &nbsp; &nbsp;<\/strong><\/h1>\n<p><strong>N\u00famero de ficha<\/strong>: B22&nbsp;&nbsp;&nbsp;&nbsp;&nbsp;&nbsp;&nbsp;&nbsp;&nbsp;&nbsp;&nbsp;&nbsp;&nbsp;&nbsp;&nbsp;&nbsp;&nbsp;&nbsp;&nbsp;&nbsp;&nbsp;&nbsp;&nbsp;&nbsp;&nbsp;&nbsp;&nbsp;&nbsp;&nbsp;&nbsp;&nbsp;&nbsp;&nbsp;&nbsp;&nbsp;&nbsp;&nbsp;&nbsp;&nbsp;&nbsp;&nbsp;&nbsp;&nbsp;&nbsp;&nbsp;&nbsp;&nbsp;&nbsp;&nbsp;&nbsp;&nbsp;&nbsp;&nbsp;&nbsp;&nbsp;&nbsp;<\/p>\n<p><strong>Diligenciada por: <\/strong>Sara Ospina Restrepo<\/p>\n<p>INFORMACI\u00d3N BIBLIOGR\u00c1FICA<\/p>\n<p>Peri\u00f3dico: El Colombiano<\/p>\n<p>Lugar de edici\u00f3n: Medell\u00edn<\/p>\n<p>Autor personal:<\/p>\n<p>Autor corporativo: El Colombiano<\/p>\n<p>Fecha: 1980, enero, 11<\/p>\n<p>P\u00e1gina: Portada<\/p>\n<p>Secci\u00f3n:<\/p>\n<p><strong>Titular: <\/strong>Condenados a 48 meses de prisi\u00f3n tres estudiantes<\/p>\n<p><strong>Resumen:<\/strong><\/p>\n<p>\u201cLa IV Brigada dio a conocer ayer la condena de que fueron objeto tres estudiantes de la Universidad de Antioquia, procesados en consejo de guerra verbal por la justicia penal militar, acusados de actos subversivos en contra del orden p\u00fablico, entre ellos la colocaci\u00f3n de artefactos explosivos. Seg\u00fan se inform\u00f3, Libardo A. Gil Mart\u00ednez, Jes\u00fas Lopera y Jos\u00e9 El\u00edas Pineda deber\u00e1n pagar 48 meses de prisi\u00f3n cada uno, de acuerdo con las providencias que se les notific\u00f3 en la C\u00e1rcel Nacional de Bellavista de Medell\u00edn, donde se encuentran detenidos desde finales del a\u00f1o pasado\u201d.<\/p>\n<p><strong>Im\u00e1genes: <\/strong>n\/a<\/p>\n<p>INFORMACI\u00d3N ANAL\u00cdTICA<\/p>\n<p>Contexto de la noticia:&nbsp;<\/p>\n<p>En Colombia hay una crisis laboral, se est\u00e1n construyendo varios complejos militares, en el sector educativo se habla de una reforma institucional, reforma de educaci\u00f3n, reforma universitaria En el mundo continua la invasi\u00f3n de Afganist\u00e1n, en la ciudad de Guatemala, varios disidentes pol\u00edticos y campesinos ind\u00edgenas toman la embajada de Espa\u00f1a para protestar por el Genocidio maya. Al mediod\u00eda la polic\u00eda guatemalteca ingresa y los quema vivos con f\u00f3sforo blanco, mueren 36 personas, el presidente estadounidense Jimmy Carter exige la suspensi\u00f3n de los Juegos Ol\u00edmpicos de Mosc\u00fa si la Uni\u00f3n Sovi\u00e9tica no se retira de Afganist\u00e1n en el plazo de cuatro semanas.<\/p>\n<p>Palabras clave: Acciones Violentas, Uso de petardos y explosivos, Estudiantes, Gil Mart\u00ednez, Libardo, Lopera, Jes\u00fas, Pineda, Jos\u00e9 El\u00edas<\/p>\n<p>Sugerencia de palabras claves:<\/p>\n<p>Observaciones:<\/p>\n<p>Fecha de diligenciamiento: 21 de marzo de 2019<\/p>\n<h1 style=\"text-align: center;\">***<\/h1>\n<p><strong>N\u00famero de ficha<\/strong>: B23&nbsp;&nbsp;&nbsp;&nbsp;&nbsp;&nbsp;&nbsp;&nbsp;&nbsp;&nbsp;&nbsp;&nbsp;&nbsp;&nbsp;&nbsp;&nbsp;&nbsp;&nbsp;&nbsp;&nbsp;&nbsp;&nbsp;&nbsp;&nbsp;&nbsp;&nbsp;&nbsp;&nbsp;&nbsp;&nbsp;&nbsp;&nbsp;&nbsp;&nbsp;&nbsp;&nbsp;&nbsp;&nbsp;&nbsp;&nbsp;&nbsp;&nbsp;&nbsp;&nbsp;&nbsp;&nbsp;&nbsp;&nbsp;&nbsp;&nbsp;&nbsp;&nbsp;&nbsp;&nbsp;&nbsp;&nbsp;<\/p>\n<p><strong>Diligenciada por: <\/strong>Sara Ospina Restrepo<\/p>\n<p>INFORMACI\u00d3N BIBLIOGR\u00c1FICA<\/p>\n<p>Peri\u00f3dico: El Colombiano<\/p>\n<p>Lugar de edici\u00f3n: Medell\u00edn<\/p>\n<p>Autor personal: Vel\u00e1squez G\u00f3mez, Ramiro<\/p>\n<p>Autor corporativo: El Colombiano<\/p>\n<p>Fecha: 1980, febrero, 13<\/p>\n<p>P\u00e1gina: 1A, 14A<\/p>\n<p>Secci\u00f3n: Portada<\/p>\n<p><strong>Titular: <\/strong>Estudiantes se tomaron un templo<\/p>\n<p><strong>Resumen:<\/strong><\/p>\n<p>\u201cEn la ma\u00f1ana de ayer un grupo de estudiantes de la Universidad de Antioquia se tom\u00f3 la iglesia de San Agust\u00edn en el barrio Florencia de esta ciudad, con el fin de motivar la opini\u00f3n p\u00fablica frente a los problemas que se viven en el Alma Mater. La toma de la peque\u00f1a edificaci\u00f3n, realizada en la m\u00e1s completa calma, cuando apenas los feligreses sal\u00edan de misa de siete, sorprendi\u00f3 a la comunidad. Sin embargo, el resto del d\u00eda transcurri\u00f3 en una tranquilidad casi absoluta sin que se conocieran gestiones tendientes a resolver la situaci\u00f3n. Solamente al anochecer se ve\u00eda la posibilidad de entrar a un di\u00e1logo. Mientras lo anterior ocurr\u00eda, en la Asamblea de estudiantes en la Ciudad Universitaria no se decret\u00f3 un paro que se esperaba y la jornada transcurri\u00f3 normalmente, aunque existi\u00f3 algo de tensi\u00f3n y buena parte del personal administrativo y docente no labor\u00f3 en las horas de la tarde.<\/p>\n<p>Cuando avanzaba la noche se acercaron al lugar varios grupos de estudiantes y ocurrieron enfrentamientos a piedra con la fuerza p\u00fablica que, auxiliada por unidades anti-motines, se dedicaba a controlar la situaci\u00f3n. En la asamblea estudiantil de ayer, adem\u00e1s de no aprobar paro se manifest\u00f3 total rechazo a la reforma universitaria\u201d&nbsp;<\/p>\n<p><strong>Im\u00e1genes: <\/strong>IMGB24<\/p>\n<p>Estudiante encapuchado en el templo. Foto: Herv\u00e1squez<\/p>\n<p>INFORMACI\u00d3N ANAL\u00cdTICA<\/p>\n<p>Contexto de la noticia:<\/p>\n<p>El precio del d\u00f3lar subi\u00f3 y baj\u00f3 el del oro en el mercado internacional. Una explosi\u00f3n liber\u00f3 bacterias que paralizan la respiraci\u00f3n en f\u00e1brica de armas bacteriol\u00f3gicas de Rusia, murieron 1000 personas. En San Andr\u00e9s se presenta una manifestaci\u00f3n nacionalista frente a las pretensiones de Nicaragua de reclamar la soberan\u00eda sobre las islas.<\/p>\n<p>Palabras clave: Acciones de resistencia, Toma pacifica de lugares, Estudiantes, Acciones Contestatarias, Tropel, Iglesia San Agust\u00edn<\/p>\n<p>Sugerencia de palabras claves:<\/p>\n<p>Observaciones:<\/p>\n<p>Fecha de diligenciamiento: 21 de marzo de 2019<\/p>\n<h1 style=\"text-align: center;\">***<\/h1>\n<p><strong>N\u00famero de ficha<\/strong>: B24&nbsp;&nbsp;&nbsp;&nbsp;&nbsp;&nbsp;&nbsp;&nbsp;&nbsp;&nbsp;&nbsp;&nbsp;&nbsp;&nbsp;&nbsp;&nbsp;&nbsp;&nbsp;&nbsp;&nbsp;&nbsp;&nbsp;&nbsp;&nbsp;&nbsp;&nbsp;&nbsp;&nbsp;&nbsp;&nbsp;&nbsp;&nbsp;&nbsp;&nbsp;&nbsp;&nbsp;&nbsp;&nbsp;&nbsp;&nbsp;&nbsp;&nbsp;&nbsp;&nbsp;&nbsp;&nbsp;&nbsp;&nbsp;&nbsp;&nbsp;&nbsp;&nbsp;&nbsp;&nbsp;&nbsp;&nbsp;<\/p>\n<p><strong>Diligenciada por: <\/strong>Sara Ospina Restrepo<\/p>\n<p>INFORMACI\u00d3N BIBLIOGR\u00c1FICA<\/p>\n<p>Peri\u00f3dico: El Colombiano<\/p>\n<p>Lugar de edici\u00f3n: Medell\u00edn<\/p>\n<p>Autor personal:<\/p>\n<p>Autor corporativo: El Colombiano<\/p>\n<p>Fecha: 1980, febrero, 19<\/p>\n<p>P\u00e1gina: 15A<\/p>\n<p>Secci\u00f3n: n\/a<\/p>\n<p><strong>Titular: <\/strong>En la U. de A: Habr\u00eda soluci\u00f3n \u201cno universitaria\u201d<\/p>\n<p><strong>Resumen:<\/strong><\/p>\n<p>\u201cPor hechos anormales ocurridos ayer dentro de la Ciudad Universitaria, cuando un grupo de estudiantes apedre\u00f3 a un profesor y bloque\u00f3 el edificio de Ciencias y Humanidades, se reuni\u00f3 de forma extraordinaria el Consejo Directivo de la Universidad de Antioquia. Luego de analizar el problema surgido, expidi\u00f3 un comunicado en el cual se expresa en la parte final que \u201csin el esfuerzo solidario de los estamentos (profesores y estudiantes), ser\u00e1 cada vez m\u00e1s dif\u00edcil una soluci\u00f3n de tipo universitario\u201d. En las horas de la ma\u00f1ana de ayer, un grupo de estudiantes encapuchados procedi\u00f3 a bloquear el edificio de Ciencias y Humanidades e intent\u00f3 sabotear la presentaci\u00f3n del examen de Control Autom\u00e1tico en Ingenier\u00edas, lo cual fracas\u00f3 ante la oposici\u00f3n de los estudiantes que presentaban la prueba de validaci\u00f3n. Seg\u00fan versiones no confirmadas, pero que circularon con insistencia, un profesor hizo frente a los encapuchados y logr\u00f3 desenmascarar a uno de ellos, por lo cual fue acometido a piedra por los compa\u00f1eros de aquel, caus\u00e1ndole algunas heridas en el brazo\u201d<\/p>\n<p><strong>Im\u00e1genes: <\/strong>n\/a<\/p>\n<p>INFORMACI\u00d3N ANAL\u00cdTICA<\/p>\n<p>Contexto de la noticia:<\/p>\n<p>Inaugurada embajada de Israel en El Cairo. Tensiones en Bolivia por presunto golpe de Estado debido a la inestabilidad pol\u00edtica. Kuwait pide el retiro de E.U del Golfo P\u00e9rsico.<\/p>\n<p>Palabras clave: Acciones Violentas, Acciones de resistencia<\/p>\n<p>Sugerencia de palabras claves: ataque a profesores, bloqueo<\/p>\n<p>Observaciones:<\/p>\n<p>Fecha de diligenciamiento: 21 de marzo de 2019<\/p>\n<h1 style=\"text-align: center;\">***<\/h1>\n<p><strong>N\u00famero de ficha<\/strong>: B25&nbsp;&nbsp;&nbsp;&nbsp;&nbsp;&nbsp;&nbsp;&nbsp;&nbsp;&nbsp;&nbsp;&nbsp;&nbsp;&nbsp;&nbsp;&nbsp;&nbsp;&nbsp;&nbsp;&nbsp;&nbsp;&nbsp;&nbsp;&nbsp;&nbsp;&nbsp;&nbsp;&nbsp;&nbsp;&nbsp;&nbsp;&nbsp;&nbsp;&nbsp;&nbsp;&nbsp;&nbsp;&nbsp;&nbsp;&nbsp;&nbsp;&nbsp;&nbsp;&nbsp;&nbsp;&nbsp;&nbsp;&nbsp;&nbsp;&nbsp;&nbsp;&nbsp;&nbsp;&nbsp;&nbsp;&nbsp;<\/p>\n<p><strong>Diligenciada por: <\/strong>Sara Ospina Restrepo<\/p>\n<p>INFORMACI\u00d3N BIBLIOGR\u00c1FICA<\/p>\n<p>Peri\u00f3dico: El Colombiano<\/p>\n<p>Lugar de edici\u00f3n: Medell\u00edn<\/p>\n<p>Autor personal:<\/p>\n<p>Autor corporativo: El Colombiano<\/p>\n<p>Fecha: 1980, febrero, 21<\/p>\n<p>P\u00e1gina: 15A<\/p>\n<p>Secci\u00f3n: n\/a<\/p>\n<p><strong>Titular: <\/strong>Asdua y Salud P\u00fablica rechazan actos de violencia en la U. de A.<\/p>\n<p><strong>Resumen:<\/strong><\/p>\n<p>Se emitieron dos comunicados en rechazo a los actos violentos acaecidos en la universidad:<\/p>\n<ol>\n<li>ASDUA: \u201cLa Asociaci\u00f3n de Docentes de la Universidad de Antioquia, ASDUA, en nombre de todos, sus afiliados y como entidad representativa del profesorado, expresa su condenaci\u00f3n a los actos violentos que han propiciado en la ciudad universitaria grupos anarquistas, cuyos componentes, ocultando su identidad con pa\u00f1uelos, camisas y capuchas han ocasionado destrozos en bienes de la Universidad y puesto en peligro la integridad de profesores y el desarrollo de los programas acad\u00e9micos. Estos actos contraindican toda posible soluci\u00f3n de tipo universitario a los problemas planteados y generan medidas que pueden conducir a la suspensi\u00f3n de todas las actividades acad\u00e9micas. Procedimientos como los registrados durante los primeros d\u00edas de la semana, no s\u00f3lo obstaculizan el retorno a la normalidad, como lo quiere la mayor\u00eda de los estudiantes, sino que agudizan las crisis dentro de la inseguridad que comienzan a vivir profesores, estudiantes y empleados, por la acci\u00f3n violenta de quienes pretenden introducir en la Universidad el argumento del terror para el logro de fines no muy claros. Estos actos antiuniversitarios deben convocar la voluntad y la decisi\u00f3n de todos los miembros de la comunidad universitaria para asumir la defensa de la Universidad, del derecho a estudiar y para evitar que, no siento posible otra soluci\u00f3n, vengan las de tipo no universitario\u201d.<\/li>\n<li>SALUD P\u00daBLICA: \u201cLos profesores de la Escuela Nacional de Salud P\u00fablica, abajo firmantes, expresan su m\u00e1s en\u00e9rgico rechazo a los actos de violencia ocurridos dentro de la Universidad el d\u00eda 18 de febrero y en d\u00edas anteriores, realizados por grupos de personas encapuchadas, no sabemos con qu\u00e9 fines concretos, pero que s\u00ed impiden el normal funcionamiento de las universidades acad\u00e9micas de la Universidad. Proponemos a todos los estamentos universitarios tanto administrativos como docentes y estudiantes, hacer un frente unido para evitar que este tipo de procedimientos antiuniversitarios prospere, y que salgamos con decisi\u00f3n en defensa de la Universidad\u201d.<\/li>\n<\/ol>\n<p><strong>Im\u00e1genes: <\/strong>n\/a<\/p>\n<p>INFORMACI\u00d3N ANAL\u00cdTICA<\/p>\n<p>Contexto de la noticia:<\/p>\n<p>En el Salvador se da una huelga nacional de 24 horas al retractarse la junta de gobierno de acuerdos izquierdistas. Acuerdo laboral en Fabricato tras cadena de huelgas. El gobierno nacional expidi\u00f3 un decreto para suspender desde el 4 de marzo hasta el 16 de marzo, todas las manifestaciones, reuniones o desfiles de car\u00e1cter pol\u00edtico en lugares p\u00fablicos y la transmisi\u00f3n de conferencias, discursos, mesas redondas o comentarios de car\u00e1cter pol\u00edtico a trav\u00e9s de las estaciones de radiodifusi\u00f3n y de los canales de televisi\u00f3n, de caras a las elecciones legislativas.<\/p>\n<p>Palabras clave: Acciones Violentas, Acciones de resistencia, Comunicados, declaraciones, misivas, Actores gremiales, ASDUA, Salud P\u00fablica<\/p>\n<p>Sugerencia de palabras claves:<\/p>\n<p>Observaciones:<\/p>\n<p>Fecha de diligenciamiento: 21 de marzo de 2019<\/p>\n<h1 style=\"text-align: center;\">***<\/h1>\n<p><strong>N\u00famero de ficha<\/strong>: B26&nbsp;&nbsp;&nbsp;&nbsp;&nbsp;&nbsp;&nbsp;&nbsp;&nbsp;&nbsp;&nbsp;&nbsp;&nbsp;&nbsp;&nbsp;&nbsp;&nbsp;&nbsp;&nbsp;&nbsp;&nbsp;&nbsp;&nbsp;&nbsp;&nbsp;&nbsp;&nbsp;&nbsp;&nbsp;&nbsp;&nbsp;&nbsp;&nbsp;&nbsp;&nbsp;&nbsp;&nbsp;&nbsp;&nbsp;&nbsp;&nbsp;&nbsp;&nbsp;&nbsp;&nbsp;&nbsp;&nbsp;&nbsp;&nbsp;&nbsp;&nbsp;&nbsp;&nbsp;&nbsp;&nbsp;&nbsp;<\/p>\n<p><strong>Diligenciada por: <\/strong>Sara Ospina Restrepo<\/p>\n<p>INFORMACI\u00d3N BIBLIOGR\u00c1FICA<\/p>\n<p>Peri\u00f3dico: El Colombiano<\/p>\n<p>Lugar de edici\u00f3n: Medell\u00edn<\/p>\n<p>Autor personal:<\/p>\n<p>Autor corporativo:<\/p>\n<p>Fecha: 1980, febrero, 25<\/p>\n<p>P\u00e1gina: 1A,2A<\/p>\n<p>Secci\u00f3n: Portada,<\/p>\n<p><strong>Titular: <\/strong>Cerrada nuevamente la U. de A.<\/p>\n<p><strong>Resumen:<\/strong><\/p>\n<p>La Universidad de Antioquia es nuevamente cerrada ya que se encontr\u00f3 en su interior un arsenal de bombas molotov, piedras, explosivos e incendiarios de alta peligrosidad, por tal motivo la zona ser\u00e1 militarizada. El Consejo Directivo del Alma Mater realiz\u00f3 una reuni\u00f3n de emergencia donde analizaron la gravedad de la situaci\u00f3n y se verific\u00f3 que no se encuentran garant\u00edas para que los estudiantes, profesores y administrativo pueda cumplir sus funciones, esto llev\u00f3 a la suspensi\u00f3n del acceso de estudiantes a la Universidad de Antioquia desde el d\u00eda lunes 25 de febrero y de forma indefinida. En los pr\u00f3ximos d\u00edas se realizar\u00e1n varias reuniones por parte de los directivos de la instituci\u00f3n.<\/p>\n<p><strong>Im\u00e1genes: <\/strong>IMGB27<\/p>\n<p>Ciudad Universitaria militarizada. Foto: Sin cr\u00e9ditos.<\/p>\n<p>INFORMACI\u00d3N ANAL\u00cdTICA<\/p>\n<p>Contexto de la noticia:<\/p>\n<p>En Colombia, el grupo guerrillero M-19 comienza el asedio de la embajada dominicana, reteniendo a 60 personas, incluyendo a 14 embajadores. En el mundo, a finales de abril, despu\u00e9s de 61 d\u00edas de cautiverio y de negociaciones con la intermediaci\u00f3n de la OEA y de Fidel Castro, la toma lleg\u00f3 a su fin. Los responsables de la toma abandonaron el pa\u00eds rumbo a Cuba, junto con 12 de los embajadores secuestrados. En el mundo, La OMS declara oficialmente erradicada la viruela en todo el planeta.<\/p>\n<p>Palabras clave: Respuestas Institucionales, Cierre administrativo, Militarizaci\u00f3n de la Universidad<\/p>\n<p>Sugerencia de palabras claves: Armamento, Arsenal explosivo<\/p>\n<p>Observaciones:<\/p>\n<p>Fecha de diligenciamiento: 21 de marzo de 2019<\/p>\n<h1 style=\"text-align: center;\">***<\/h1>\n<p><strong>N\u00famero de ficha<\/strong>: B27&nbsp;&nbsp;&nbsp;&nbsp;&nbsp;&nbsp;&nbsp;&nbsp;&nbsp;&nbsp;&nbsp;&nbsp;&nbsp;&nbsp;&nbsp;&nbsp;&nbsp;&nbsp;&nbsp;&nbsp;&nbsp;&nbsp;&nbsp;&nbsp;&nbsp;&nbsp;&nbsp;&nbsp;&nbsp;&nbsp;&nbsp;&nbsp;&nbsp;&nbsp;&nbsp;&nbsp;&nbsp;&nbsp;&nbsp;&nbsp;&nbsp;&nbsp;&nbsp;&nbsp;&nbsp;&nbsp;&nbsp;&nbsp;&nbsp;&nbsp;&nbsp;&nbsp;&nbsp;&nbsp;&nbsp;&nbsp;<\/p>\n<p><strong>Diligenciada por: <\/strong>Sara Ospina Restrepo<\/p>\n<p>INFORMACI\u00d3N BIBLIOGR\u00c1FICA<\/p>\n<p>Peri\u00f3dico: El Colombiano<\/p>\n<p>Lugar de edici\u00f3n: Medell\u00edn<\/p>\n<p>Autor personal:<\/p>\n<p>Autor corporativo: El Colombiano<\/p>\n<p>Fecha: martes 26 de febrero de 1980<\/p>\n<p>P\u00e1gina: 5A<\/p>\n<p>Secci\u00f3n: Ecos y comentarios<\/p>\n<p><strong>Titular: <\/strong>Una gran frustraci\u00f3n<\/p>\n<p><strong>Resumen:<\/strong> Opini\u00f3n an\u00f3nima sobre los \u00faltimos acontecimientos que ha sufrido la Universidad de Antioquia, exponiendo la frustraci\u00f3n que siente de no poder hacer algo. Sus palabras lo dicen<em>\u2026 \u201cNuestra Alma Mater se ha convertido por obra y gracia de c\u00e9lulas subversivas que se han enquistado en su interior, en un centro de agitaci\u00f3n, de completa y permitida anarqu\u00eda\u201d<\/em><\/p>\n<p><strong>Im\u00e1genes: <\/strong>n\/a<\/p>\n<p>INFORMACI\u00d3N ANAL\u00cdTICA<\/p>\n<p>Contexto de la noticia:<\/p>\n<p>En Colombia, el grupo guerrillero M-19 comienza el asedio de la embajada dominicana, reteniendo a 60 personas, incluyendo a 14 embajadores En el mundo, a finales de abril, despu\u00e9s de 61 d\u00edas de cautiverio y de negociaciones con la intermediaci\u00f3n de la OEA y de Fidel Castro, la toma lleg\u00f3 a su fin. Los responsables de la toma abandonaron el pa\u00eds rumbo a Cuba, junto con 12 de los embajadores secuestrados. En el mundo, La OMS declara oficialmente erradicada la viruela en todo el planeta<\/p>\n<p>Palabras clave: Respuestas Institucionales, Cierre administrativo, Acciones de resistencia<\/p>\n<p>Sugerencia de palabras claves: Opini\u00f3n p\u00fablica<\/p>\n<p>Observaciones:<\/p>\n<p>Fecha de diligenciamiento: 21 de marzo del 2019<\/p>\n<h1 style=\"text-align: center;\">***<\/h1>\n<p><strong>N\u00famero de ficha<\/strong>: B28&nbsp;&nbsp;&nbsp;&nbsp;&nbsp;&nbsp;&nbsp;&nbsp;&nbsp;&nbsp;&nbsp;&nbsp;&nbsp;&nbsp;&nbsp;&nbsp;&nbsp;&nbsp;&nbsp;&nbsp;&nbsp;&nbsp;&nbsp;&nbsp;&nbsp;&nbsp;&nbsp;&nbsp;&nbsp;&nbsp;&nbsp;&nbsp;&nbsp;&nbsp;&nbsp;&nbsp;&nbsp;&nbsp;&nbsp;&nbsp;&nbsp;&nbsp;&nbsp;&nbsp;&nbsp;&nbsp;&nbsp;&nbsp;&nbsp;&nbsp;&nbsp;&nbsp;&nbsp;&nbsp;&nbsp;<\/p>\n<p><strong>Diligenciada por: <\/strong>Sara Ospina Restrepo<\/p>\n<p>INFORMACI\u00d3N BIBLIOGR\u00c1FICA<\/p>\n<p>Peri\u00f3dico: El Colombiano<\/p>\n<p>Lugar de edici\u00f3n: Medell\u00edn<\/p>\n<p>Autor personal: C\u00f3rdoba Laverde, Pedro Nel<\/p>\n<p>Autor corporativo: El Colombiano<\/p>\n<p>Fecha: 1980, junio, 04<\/p>\n<p>P\u00e1gina: 1A, 16B<\/p>\n<p>Secci\u00f3n: Portada, Seguridad<\/p>\n<p><strong>Titular: <\/strong>\u201cPuente\u201d hasta el martes en la U. de A.&nbsp; \/Estallaron bombas en la U. de A. y en la U. N<\/p>\n<p><strong>Resumen:<\/strong><\/p>\n<p>\u201cDos bombas de cierto poder explosivo detonaron ayer casi simult\u00e1neamente en las Universidades de Antioquia y Nacional de esta ciudad y, aunque los da\u00f1os tuvieron alguna significaci\u00f3n, las autoridades no conoc\u00edan alguna pista que pudiera llevarlos a encontrar los responsables de los atentados. En las Oficinas de Admisiones y Registros de la Universidad de Antioquia, en el Bloque Administrativo donde tambi\u00e9n se encuentran la Secretar\u00eda General y la Rector\u00eda, estall\u00f3 alrededor de las tres de la tarde una bomba que caus\u00f3 destrozos locativos: vidrios de todo el bloque, l\u00e1mparas y el muro cerca de donde fue colocado el explosivo, no corrieron con buena suerte. De inmediato vino la orden de evacuar la Ciudad Universitaria ante el temor de que otros petardos se encontrasen instalados\u201d \u2026 As\u00ed, \u201cEl Consejo Superior de la Universidad de Antioquia decidi\u00f3 anoche ordenar puente para todas las actividades acad\u00e9micas de la totalidad de las unidades de la Universidad, con excepci\u00f3n de las asistenciales del \u00e1rea de la salud, entre el mi\u00e9rcoles 4 y el lunes 9 de los corrientes\u201d.<\/p>\n<p><strong>Im\u00e1genes: <\/strong>IMGB29<\/p>\n<p>Interior del Bloque Administrativo. Foto: Herv\u00e1squez.<\/p>\n<p>INFORMACI\u00d3N ANAL\u00cdTICA<\/p>\n<p>Contexto de la noticia:<\/p>\n<p>En Isla Esp\u00edritu Santo, rebeldes declararon independencia. El presidente Turbay Ayala mantiene conversaciones con el gobierno paname\u00f1o en relaci\u00f3n con los derechos de Colombia sobre el canal. En Antioquia juzgan a seis agentes del F-2 por secuestro y extorsi\u00f3n.<\/p>\n<p>Palabras clave: Acciones Violentas, Uso de petardos y explosivos, Respuestas Institucionales, Cierre administrativo<\/p>\n<p>Sugerencia de palabras claves:<\/p>\n<p>Observaciones:<\/p>\n<p>Fecha de diligenciamiento: 21 de marzo del 2019<\/p>\n<h1 style=\"text-align: center;\">***<\/h1>\n<p><strong>N\u00famero de ficha<\/strong>: B29&nbsp;&nbsp;&nbsp;&nbsp;&nbsp;&nbsp;&nbsp;&nbsp;&nbsp;&nbsp;&nbsp;&nbsp;&nbsp;&nbsp;&nbsp;&nbsp;&nbsp;&nbsp;&nbsp;&nbsp;&nbsp;&nbsp;&nbsp;&nbsp;&nbsp;&nbsp;&nbsp;&nbsp;&nbsp;&nbsp;&nbsp;&nbsp;&nbsp;&nbsp;&nbsp;&nbsp;&nbsp;&nbsp;&nbsp;&nbsp;&nbsp;&nbsp;&nbsp;&nbsp;&nbsp;&nbsp;&nbsp;&nbsp;&nbsp;&nbsp;&nbsp;&nbsp;&nbsp;&nbsp;&nbsp;&nbsp;<\/p>\n<p><strong>Diligenciada por: <\/strong>Sara Ospina Restrepo <strong>&nbsp;<\/strong><\/p>\n<p>INFORMACI\u00d3N BIBLIOGR\u00c1FICA<\/p>\n<p>Peri\u00f3dico: El Colombiano<\/p>\n<p>Lugar de edici\u00f3n: Medell\u00edn<\/p>\n<p>Autor personal:<\/p>\n<p>Autor corporativo: El Colombiano<\/p>\n<p>Fecha: 1980, junio, 20<\/p>\n<p>P\u00e1gina: 1A<\/p>\n<p>Secci\u00f3n: Portada<\/p>\n<p><strong>Titular: <\/strong>Profesores no trabajar\u00e1n si \u201cmilitarizan la U. de A.<\/p>\n<p><strong>Resumen:<\/strong><\/p>\n<p>En un comunicado dado a conocer ayer por parte del profesorado del Alma Mater, titulado \u201c<em>No militarizaci\u00f3n ni clausura, por la defensa de la Universidad\u201d<\/em>, afirman que no trabajaran bajo condiciones de militarizaci\u00f3n, adem\u00e1s sienten la posici\u00f3n de que cualquier salida al conflicto que vive la instituci\u00f3n debe surgir del di\u00e1logo con todos los estamentos y no de uno solo as\u00ed este tenga una asignada una funci\u00f3n directiva.<\/p>\n<p><strong>Im\u00e1genes: <\/strong>n\/a<\/p>\n<p>INFORMACI\u00d3N ANAL\u00cdTICA<\/p>\n<p>Contexto de la noticia:<\/p>\n<p>En Colombia se han presentado varios disturbios estudiantiles en la Universidad Nacional, protestando por el alza del combustible y transporte, hubo un paro nacional de buses. En el mundo, en El Salvador, la Junta Revolucionaria de Gobierno orden\u00f3 una intervenci\u00f3n militar a la Universidad de El Salvador y posteriormente la mantiene cerrada por cuatro a\u00f1os, el presidente Jimmy Carter firma un proyecto de ley obligando a los hombres de 19 y 20 a\u00f1os a inscribirse para un llamamiento a filas en respuesta a la invasi\u00f3n de Afganist\u00e1n por parte de los sovi\u00e9ticos, se realizan las elecciones en Bolivia.<\/p>\n<p>Palabras clave: Respuestas Institucionales, Militarizaci\u00f3n de la Universidad, Acciones de Resistencia, Comunicados, declaraciones, misivas, Profesores<\/p>\n<p>Sugerencia de palabras claves:<\/p>\n<p>Observaciones:<\/p>\n<p>Fecha de diligenciamiento: 21 de marzo del 2019<\/p>\n<h1 style=\"text-align: center;\">***<\/h1>\n<p><strong>N\u00famero de ficha<\/strong>: B30&nbsp;&nbsp;&nbsp;&nbsp;&nbsp;&nbsp;&nbsp;&nbsp;&nbsp;&nbsp;&nbsp;&nbsp;&nbsp;&nbsp;&nbsp;&nbsp;&nbsp;&nbsp;&nbsp;&nbsp;&nbsp;&nbsp;&nbsp;&nbsp;&nbsp;&nbsp;&nbsp;&nbsp;&nbsp;&nbsp;&nbsp;&nbsp;&nbsp;&nbsp;&nbsp;&nbsp;&nbsp;&nbsp;&nbsp;&nbsp;&nbsp;&nbsp;&nbsp;&nbsp;&nbsp;&nbsp;&nbsp;&nbsp;&nbsp;&nbsp;&nbsp;&nbsp;&nbsp;&nbsp;&nbsp;&nbsp;<\/p>\n<p><strong>Diligenciada por: <\/strong>Sara Ospina Restrepo <strong>&nbsp;<\/strong><\/p>\n<p>INFORMACI\u00d3N BIBLIOGR\u00c1FICA<\/p>\n<p>Peri\u00f3dico: El Colombiano<\/p>\n<p>Lugar de edici\u00f3n: Medell\u00edn<\/p>\n<p>Autor personal: G\u00f3mez Vel\u00e1squez, Ramiro<\/p>\n<p>Autor corporativo: El Colombiano<\/p>\n<p>Fecha: 1980, junio, 24<\/p>\n<p>P\u00e1gina: 1A, 2A<\/p>\n<p>Secci\u00f3n: Portada,<\/p>\n<p><strong>Titular: <\/strong>En la Universidad de Antioquia: Hoy, retorno a clases \/ Prueba de fuego para la Universidad de Antioquia<\/p>\n<p><strong>Resumen:<\/strong><\/p>\n<p>\u201cEl rector, Jes\u00fas Arturo Aristiz\u00e1bal Guevara, manifest\u00f3 a EL COLOMBIANO que est\u00e1 muy optimista sobre la normalizaci\u00f3n acad\u00e9mica en esta fecha. Con el fin de garantizar el orden se ha procurado la vigilancia de la Polic\u00eda Militar en la parte exterior de la Ciudad Universitaria y de la polic\u00eda en los edificios del \u00e1rea de salud. La entrada a las diversas dependencias solamente ser\u00e1 autorizada si los estudiantes, profesores, trabajadores y empleados presentan sus respectivos carn\u00e9s en las porter\u00edas\u201d<\/p>\n<p><strong>Im\u00e1genes: <\/strong>n\/a<\/p>\n<p>INFORMACI\u00d3N ANAL\u00cdTICA<\/p>\n<p>Contexto de la noticia:<\/p>\n<p>En Jap\u00f3n, el partido liberal democr\u00e1tico logr\u00f3 una abrumadora victoria en las elecciones parlamentarias, obteniendo el control completo de ambas c\u00e1maras, con lo cual se mantendr\u00e1 en el poder, que tiene desde hace 25 a\u00f1os. El gobierno departamental expidi\u00f3 reglamentos sobre establecimientos p\u00fablicos, salas de cine, funerarias, hospedajes y el C\u00f3digo de Polic\u00eda en Antioquia.<\/p>\n<p>Palabras clave: Respuestas Institucionales, Reapertura, Militarizaci\u00f3n de la Universidad<\/p>\n<p>Sugerencia de palabras claves:<\/p>\n<p>Observaciones:<\/p>\n<p>Fecha de diligenciamiento: 21 de marzo del 2019<\/p>\n<h1 style=\"text-align: center;\">***<\/h1>\n<p><strong>N\u00famero de ficha<\/strong>: B31&nbsp;&nbsp;&nbsp;&nbsp;&nbsp;&nbsp;&nbsp;&nbsp;&nbsp;&nbsp;&nbsp;&nbsp;&nbsp;&nbsp;&nbsp;&nbsp;&nbsp;&nbsp;&nbsp;&nbsp;&nbsp;&nbsp;&nbsp;&nbsp;&nbsp;&nbsp;&nbsp;&nbsp;&nbsp;&nbsp;&nbsp;&nbsp;&nbsp;&nbsp;&nbsp;&nbsp;&nbsp;&nbsp;&nbsp;&nbsp;&nbsp;&nbsp;&nbsp;&nbsp;&nbsp;&nbsp;&nbsp;&nbsp;&nbsp;&nbsp;&nbsp;&nbsp;&nbsp;&nbsp;&nbsp;&nbsp;<\/p>\n<p><strong>Diligenciada por: <\/strong>Sara Ospina Restrepo <strong>&nbsp;<\/strong><\/p>\n<p>INFORMACI\u00d3N BIBLIOGR\u00c1FICA<\/p>\n<p>Peri\u00f3dico: El Colombiano<\/p>\n<p>Lugar de edici\u00f3n: Medell\u00edn<\/p>\n<p>Autor personal:<\/p>\n<p>Autor corporativo: El Colombiano<\/p>\n<p>Fecha: 1980, julio, 01<\/p>\n<p>P\u00e1gina: 1A<\/p>\n<p>Secci\u00f3n: Portada<\/p>\n<p><strong>Titular: <\/strong>En la U. de A. Reducida actividad acad\u00e9mica<\/p>\n<p><strong>Resumen:<\/strong><\/p>\n<p>\u201cEl Consejo Superior hab\u00eda acordado el viernes exigir a profesores y estudiantes el cumplimiento de sus actividades, pero a pesar de esto, ante el temor existente en medios estudiantiles, no fue posible normalizar la vida acad\u00e9mica ayer. Se inform\u00f3 que, en general, el profesorado s\u00ed concurri\u00f3 a las aulas, mientras que los alumnos fueron pocos. En las horas de la ma\u00f1ana, se realiz\u00f3 un mitin m\u00e1s o menos concurrido en protesta por la vigilancia del claustro. En el transcurso del mismo se quem\u00f3 un mu\u00f1eco que simbolizaba un soldado, pero las cosas no pasaron de ah\u00ed\u201d.<\/p>\n<p><strong>Im\u00e1genes: <\/strong>n\/a<\/p>\n<p>INFORMACI\u00d3N ANAL\u00cdTICA<\/p>\n<p>Contexto de la noticia:<\/p>\n<p>Fuerzas israel\u00edes volaron base palestina. Gobernador de Nueva York pide se legalice situaci\u00f3n de inmigrantes. El papa llega a Brasil.<\/p>\n<p>Palabras clave: Acciones de resistencia, mitin, Actos simb\u00f3licos, Respuestas Institucionales, Militarizaci\u00f3n de la Universidad<\/p>\n<p>Sugerencia de palabras claves:<\/p>\n<p>Observaciones:<\/p>\n<p>Fecha de diligenciamiento: 21 de marzo del 2019<\/p>\n<h1 style=\"text-align: center;\">***<\/h1>\n<p><strong>N\u00famero de ficha<\/strong>: B32&nbsp;&nbsp;&nbsp;&nbsp;&nbsp;&nbsp;&nbsp;&nbsp;&nbsp;&nbsp;&nbsp;&nbsp;&nbsp;&nbsp;&nbsp;&nbsp;&nbsp;&nbsp;&nbsp;&nbsp;&nbsp;&nbsp;&nbsp;&nbsp;&nbsp;&nbsp;&nbsp;&nbsp;&nbsp;&nbsp;&nbsp;&nbsp;&nbsp;&nbsp;&nbsp;&nbsp;&nbsp;&nbsp;&nbsp;&nbsp;&nbsp;&nbsp;&nbsp;&nbsp;&nbsp;&nbsp;&nbsp;&nbsp;&nbsp;&nbsp;&nbsp;&nbsp;&nbsp;&nbsp;&nbsp;<\/p>\n<p><strong>Diligenciada por: <\/strong>Sara Ospina Restrepo <strong>&nbsp;<\/strong><\/p>\n<p>INFORMACI\u00d3N BIBLIOGR\u00c1FICA<\/p>\n<p>Peri\u00f3dico: El Colombiano<\/p>\n<p>Lugar de edici\u00f3n: Medell\u00edn<\/p>\n<p>Autor personal:<\/p>\n<p>Autor corporativo: El Colombiano<\/p>\n<p>Fecha: 1980, julio, 03<\/p>\n<p>P\u00e1gina: 1A<\/p>\n<p>Secci\u00f3n: Portada<\/p>\n<p><strong>Titular: <\/strong>Expectativa en la U. de A.<\/p>\n<p><strong>Resumen:<\/strong><\/p>\n<p>\u201cA pesar de los \u00faltimos acontecimientos relacionados con la Universidad de Antioquia, el de ayer fue un d\u00eda tranquilo en la Ciudad Universitaria, donde se observ\u00f3 la presencia de pocos estudiantes y una m\u00ednima actividad acad\u00e9mica. Durante el d\u00eda, se efectu\u00f3 una reuni\u00f3n informal de algunos decanos y trascendi\u00f3 extraoficialmente que la opini\u00f3n de varios de ellos no es muy favorable que se mantenga abierto el claustro, por considerar que no existen las condiciones necesarias para garantizar la normalidad acad\u00e9mica. En las \u00faltimas horas de la tarde, el Consejo Superior entr\u00f3 a sesionar, tras ser convocado por el gobernador Uribe Echavarr\u00eda para estudiar la nueva situaci\u00f3n surgida en la noche del martes, cuando un grupo de manifestantes, al parecer estudiantes de la Universidad de Antioquia, cometi\u00f3 un criminal atentado contra la Gobernaci\u00f3n. El hecho, repudiado por toda la sociedad, no fue interpretado como un ataque directo a Uribe Echavarr\u00eda, sino contra la militarizaci\u00f3n de la Ciudad Universitaria y en vista de que el gobernador es el presidente del Consejo Superior, organismo que tom\u00f3 la decisi\u00f3n de vigilar el Alma Mater con elementos de la Polic\u00eda Militar\u201d.<\/p>\n<p><strong>Im\u00e1genes: <\/strong>n\/a<\/p>\n<p>INFORMACI\u00d3N ANAL\u00cdTICA<\/p>\n<p>Contexto de la noticia:<\/p>\n<p>Restablecido el servicio militar en Estados Unidos los j\u00f3venes de 18 a 26 a\u00f1os deben prestarlo obligatoriamente. El Congreso de Bolivia elegir\u00e1 al pr\u00f3ximo presidente del pa\u00eds sin problemas, dado el consenso y desprendimiento que existe en los partidos para consolidar la democracia. Miembro de las FARC depuso sus armas en Armenia.<\/p>\n<p>Palabras clave: Acciones Violentas, Respuestas Institucionales, Militarizaci\u00f3n de la universidad<\/p>\n<p>Sugerencia de palabras claves:<\/p>\n<p>Observaciones:<\/p>\n<p>Fecha de diligenciamiento: 21 de marzo del 2019<\/p>\n<h1 style=\"text-align: center;\">***<\/h1>\n<p><strong>N\u00famero de ficha<\/strong>: B33&nbsp;&nbsp;&nbsp;&nbsp;&nbsp;&nbsp;&nbsp;&nbsp;&nbsp;&nbsp;&nbsp;&nbsp;&nbsp;&nbsp;&nbsp;&nbsp;&nbsp;&nbsp;&nbsp;&nbsp;&nbsp;&nbsp;&nbsp;&nbsp;&nbsp;&nbsp;&nbsp;&nbsp;&nbsp;&nbsp;&nbsp;&nbsp;&nbsp;&nbsp;&nbsp;&nbsp;&nbsp;&nbsp;&nbsp;&nbsp;&nbsp;&nbsp;&nbsp;&nbsp;&nbsp;&nbsp;&nbsp;&nbsp;&nbsp;&nbsp;&nbsp;&nbsp;&nbsp;&nbsp;&nbsp;&nbsp;<\/p>\n<p><strong>Diligenciada por: <\/strong>Sara Ospina Restrepo <strong>&nbsp;<\/strong><\/p>\n<p>INFORMACI\u00d3N BIBLIOGR\u00c1FICA<\/p>\n<p>Peri\u00f3dico: El Colombiano<\/p>\n<p>Lugar de edici\u00f3n: Medell\u00edn<\/p>\n<p>Autor personal:<\/p>\n<p>Autor corporativo: El Colombiano<\/p>\n<p>Fecha: 1980, agosto, 02<\/p>\n<p>P\u00e1gina: 1A<\/p>\n<p>Secci\u00f3n: Portada<\/p>\n<p><strong>Titular: <\/strong>En la U. de A: Estallaron tres bombas<\/p>\n<p><strong>Resumen:<\/strong><\/p>\n<p>\u201cNuevos actos de terrorismo se registraron en las instalaciones de la Universidad de Antioquia en el d\u00eda de ayer. En Efecto, tres petardos estallaron, creando alarma entre profesores y estudiantes. Uno explot\u00f3 en las dependencias de la Facultad de Qu\u00edmica y Farmacia, en uno de los bloques que est\u00e1n a la entrada. Otro fue lanzado y caus\u00f3 destrozos en la puerta principal y en las ventanas de la Faculta de Medicina. Estas explosiones se registraron en las horas del mediod\u00eda. En la tarde, se produjo el estallido del tercer petardo en una de las oficinas de la Facultad de Derecho, causando tambi\u00e9n da\u00f1os de consideraci\u00f3n. En tales condiciones, se reforz\u00f3 la vigilancia en los alrededores del Alma Mater y se dispuso un severo control en la entrada y salida, tanto de profesores y estudiantes como de personal del \u00e1rea administrativa\u201d.<\/p>\n<p><strong>Im\u00e1genes: <\/strong>n\/a<\/p>\n<p>INFORMACI\u00d3N ANAL\u00cdTICA<\/p>\n<p>Contexto de la noticia:<\/p>\n<p>170 muertos en el Salvador tras combate entre guerrilleros y tropas del gobierno.&nbsp; La universidad nacional inici\u00f3 una investigaci\u00f3n por el atentado ocurrido en la noche del jueves al expresidente del DAS, Rafael Poveda Alfonso, en predios de ese centro universitario. En la Universidad de Antioquia crean la Facultad Nacional de Salud.<\/p>\n<p>Palabras clave: Acciones Violentas, Uso de petardos y explosivos<\/p>\n<p>Sugerencia de palabras claves:<\/p>\n<p>Observaciones:<\/p>\n<p>Fecha de diligenciamiento: 21 de marzo del 2019<\/p>\n<h1 style=\"text-align: center;\">***<\/h1>\n<p><strong>N\u00famero de ficha<\/strong>: B34&nbsp;&nbsp;&nbsp;&nbsp;&nbsp;&nbsp;&nbsp;&nbsp;&nbsp;&nbsp;&nbsp;&nbsp;&nbsp;&nbsp;&nbsp;&nbsp;&nbsp;&nbsp;&nbsp;&nbsp;&nbsp;&nbsp;&nbsp;&nbsp;&nbsp;&nbsp;&nbsp;&nbsp;&nbsp;&nbsp;&nbsp;&nbsp;&nbsp;&nbsp;&nbsp;&nbsp;&nbsp;&nbsp;&nbsp;&nbsp;&nbsp;&nbsp;&nbsp;&nbsp;&nbsp;&nbsp;&nbsp;&nbsp;&nbsp;&nbsp;&nbsp;&nbsp;&nbsp;&nbsp;&nbsp;&nbsp;<\/p>\n<p><strong>Diligenciada por: <\/strong>Sara Ospina Restrepo <strong>&nbsp;<\/strong><\/p>\n<p>INFORMACI\u00d3N BIBLIOGR\u00c1FICA<\/p>\n<p>Peri\u00f3dico: El Colombiano<\/p>\n<p>Lugar de edici\u00f3n: Medell\u00edn<\/p>\n<p>Autor personal:<\/p>\n<p>Autor corporativo: El Colombiano<\/p>\n<p>Fecha: 1981, enero, 09<\/p>\n<p>P\u00e1gina: 2A<\/p>\n<p>Secci\u00f3n: n\/a<\/p>\n<p><strong>Titular: <\/strong>Piden desmilitarizar la U. de A.<\/p>\n<p><strong>Resumen:<\/strong><\/p>\n<p>El concejal Carlos Santiago Montoya, emiti\u00f3 una carta al comandante de la Cuarta Brigada, solicitando la desmilitarizaci\u00f3n de la UdeA:<\/p>\n<p>\u201c\u2026 Razones de orden p\u00fablico llevaron al gobierno a solicitar la militarizaci\u00f3n de la Universidad de Antioquia. La que en efecto se cumpli\u00f3. Sin embargo, vista esa militarizaci\u00f3n de manera objetiva, lo que ha conseguido es producir, desde afuera, una aparente compostura en las aulas y servir de atenuante a la inestabilidad de su orden interno. Pero los t\u00f3xicos que se producen en sus propios laboratorios, por decirlo as\u00ed, siguen latentes. Y es al gobierno y a las autoridades universitarias, y no al Ej\u00e9rcito, a los que corresponde devolverle la normalidad acad\u00e9mica al Alma Mater. Es que esa anhelada normalidad no se logra con la exhibici\u00f3n de los fusiles G-3 que los soldados, valientes y abnegados, llevan en sus manos. Esa, sencillamente, es la verdad\u201d.<\/p>\n<p><strong>Im\u00e1genes: <\/strong>n\/a<\/p>\n<p>INFORMACI\u00d3N ANAL\u00cdTICA<\/p>\n<p>Contexto de la noticia:<\/p>\n<p>Enfrentamientos en Nicaragua entre el ej\u00e9rcito y terroristas. Frustran atentado contra la Primera Ministra Brit\u00e1nica. En Antioquia giran 20 millones para variante de Bello.<\/p>\n<p>Palabras clave: Respuestas Institucionales, Militarizaci\u00f3n de la universidad, Acciones de resistencia, Comunicados, declaraciones, misivas, Actores Institucionales, Carlos Santiago Montoya<\/p>\n<p>Sugerencia de palabras claves:<\/p>\n<p>Observaciones:<\/p>\n<p>Fecha de diligenciamiento: 21 de marzo del 2019<\/p>\n<h1 style=\"text-align: center;\">***<\/h1>\n<p><strong>N\u00famero de ficha<\/strong>: B35&nbsp;&nbsp;&nbsp;&nbsp;&nbsp;&nbsp;&nbsp;&nbsp;&nbsp;&nbsp;&nbsp;&nbsp;&nbsp;&nbsp;&nbsp;&nbsp;&nbsp;&nbsp;&nbsp;&nbsp;&nbsp;&nbsp;&nbsp;&nbsp;&nbsp;&nbsp;&nbsp;&nbsp;&nbsp;&nbsp;&nbsp;&nbsp;&nbsp;&nbsp;&nbsp;&nbsp;&nbsp;&nbsp;&nbsp;&nbsp;&nbsp;&nbsp;&nbsp;&nbsp;&nbsp;&nbsp;&nbsp;&nbsp;&nbsp;&nbsp;&nbsp;&nbsp;&nbsp;&nbsp;&nbsp;<\/p>\n<p><strong>Diligenciada por: <\/strong>Sara Ospina Restrepo <strong>&nbsp;<\/strong><\/p>\n<p>INFORMACI\u00d3N BIBLIOGR\u00c1FICA<\/p>\n<p>Peri\u00f3dico: El Colombiano<\/p>\n<p>Lugar de edici\u00f3n: Medell\u00edn<\/p>\n<p>Autor personal:<\/p>\n<p>Autor corporativo: El Colombiano<\/p>\n<p>Fecha: 1981, enero, 12<\/p>\n<p>P\u00e1gina: 1A<\/p>\n<p>Secci\u00f3n: Portada<\/p>\n<p><strong>Titular: <\/strong>Se retir\u00f3 el Ej\u00e9rcito de la U. de Antioquia. Asignada la vigilancia a la Polic\u00eda<\/p>\n<p><strong>Resumen:<\/strong><\/p>\n<p>\u201cA las siete de la noche de ayer se retir\u00f3 el Ej\u00e9rcito de la Universidad de Antioquia y tanto en las porter\u00edas como en los alrededores de la Ciudad Universitaria la tarea de vigilancia le fue asignada a la Polic\u00eda Nacional, en lo que seg\u00fan observadores puede constituir un motivo para pensar que est\u00e1 resuelto el problema de orden interno del Alma Mater. La decisi\u00f3n referida fue tomada por las autoridades civiles, militares y de polic\u00eda, al considerar, de acuerdo con los informes proporcionados por la Universidad, que las circunstancias actuales son favorables para disponer el cese de la llamada militarizaci\u00f3n\u201d.<\/p>\n<p><strong>Im\u00e1genes: <\/strong>n\/a<\/p>\n<p>INFORMACI\u00d3N ANAL\u00cdTICA<\/p>\n<p>Contexto de la noticia:<\/p>\n<p>Contin\u00faan enfrentamientos en el Salvador, centenares de muertos. Presidenta del parlamento europeo viaja a Colombia para reunirse con representantes del congreso y del parlamento. En Medell\u00edn se realiza un programa de vivienda popular en el sector de la Estaci\u00f3n Villa.<\/p>\n<p>Palabras clave: Respuestas Institucionales<\/p>\n<p>Sugerencia de palabras claves: Desmilitarizaci\u00f3n de la universidad<\/p>\n<p>Observaciones: Se desmilitariza la universidad teniendo en cuenta la reanudaci\u00f3n de actividades acad\u00e9micas: 19 de enero<\/p>\n<p>Fecha de diligenciamiento: 21 de marzo del 2019<\/p>\n<h1 style=\"text-align: center;\">***<\/h1>\n<p><strong>N\u00famero de ficha<\/strong>: B36&nbsp;&nbsp;&nbsp;&nbsp;&nbsp;&nbsp;&nbsp;&nbsp;&nbsp;&nbsp;&nbsp;&nbsp;&nbsp;&nbsp;&nbsp;&nbsp;&nbsp;&nbsp;&nbsp;&nbsp;&nbsp;&nbsp;&nbsp;&nbsp;&nbsp;&nbsp;&nbsp;&nbsp;&nbsp;&nbsp;&nbsp;&nbsp;&nbsp;&nbsp;&nbsp;&nbsp;&nbsp;&nbsp;&nbsp;&nbsp;&nbsp;&nbsp;&nbsp;&nbsp;&nbsp;&nbsp;&nbsp;&nbsp;&nbsp;&nbsp;&nbsp;&nbsp;&nbsp;&nbsp;&nbsp;&nbsp;<\/p>\n<p><strong>Diligenciada por: <\/strong>Sara Ospina Restrepo <strong>&nbsp;<\/strong><\/p>\n<p>INFORMACI\u00d3N BIBLIOGR\u00c1FICA<\/p>\n<p>Peri\u00f3dico: El Colombiano<\/p>\n<p>Lugar de edici\u00f3n: Medell\u00edn<\/p>\n<p>Autor personal:<\/p>\n<p>Autor corporativo: El Colombiano<\/p>\n<p>Fecha: 1981, octubre, 07<\/p>\n<p>P\u00e1gina: 14B<\/p>\n<p>Secci\u00f3n: Seguridad<\/p>\n<p><strong>Titular: <\/strong>Asaltado el laboratorio de qu\u00edmica de la U. de A. por dos encapuchados<\/p>\n<p><strong>Resumen:<\/strong><\/p>\n<p>\u201cA eso de las 11 am. De ayer, cuando un profesor explicaba a los estudiantes normas sobre seguridad y manejo de equipo, dos individuos encapuchados asaltaron el laboratorio de Qu\u00edmica de la Universidad de Antioquia, situado en el bloque N\u00ba uno local 334. Uno estaba armado de un rev\u00f3lver y avanz\u00f3 hasta el interior mientras el otro vigilaba en la puerta. Manifestaron al profesor que: \u201cun grupo de ciudadanos necesitaba de dos balanzas\u201d. El armado se las sustrajo del lugar donde estaban guardadas y las meti\u00f3 dentro de un costal. Los amenaz\u00f3 manifestando que no salieran hasta dentro de diez minutos pues los corredores estaban vigilados y pod\u00edan correr peligro. Luego desaparecieron. Esto caus\u00f3 extra\u00f1eza, pues nadie se explicaba ayer cu\u00e1l pod\u00eda ser el objeto de robarse dos balanzas y para qu\u00e9 iban a ser utilizadas\u201d.<\/p>\n<p><strong>Im\u00e1genes: <\/strong>n\/a<\/p>\n<p>INFORMACI\u00d3N ANAL\u00cdTICA<\/p>\n<p>Contexto de la noticia:<\/p>\n<p>Destituyen en Honduras al Ministro de Hacienda por irregularidades en el ejercicio de sus funciones. Asesinan a Anwar Sadat, presidente de Egipto. Indignaci\u00f3n Internacional por los hechos. La Asociaci\u00f3n de profesores de la U. de A. critican al rector por su mala gesti\u00f3n acad\u00e9mica y administrativa.<\/p>\n<p>Palabras clave: Acciones Violentas, Robo<\/p>\n<p>Sugerencia de palabras claves:<\/p>\n<p>Observaciones:<\/p>\n<p>Fecha de diligenciamiento: 21 de marzo del 2019<\/p>\n<h1 style=\"text-align: center;\">***<\/h1>\n<p><strong>N\u00famero de ficha<\/strong>: B37&nbsp;&nbsp;&nbsp;&nbsp;&nbsp;&nbsp;&nbsp;&nbsp;&nbsp;&nbsp;&nbsp;&nbsp;&nbsp;&nbsp;&nbsp;&nbsp;&nbsp;&nbsp;&nbsp;&nbsp;&nbsp;&nbsp;&nbsp;&nbsp;&nbsp;&nbsp;&nbsp;&nbsp;&nbsp;&nbsp;&nbsp;&nbsp;&nbsp;&nbsp;&nbsp;&nbsp;&nbsp;&nbsp;&nbsp;&nbsp;&nbsp;&nbsp;&nbsp;&nbsp;&nbsp;&nbsp;&nbsp;&nbsp;&nbsp;&nbsp;&nbsp;&nbsp;&nbsp;&nbsp;&nbsp;&nbsp;<\/p>\n<p><strong>Diligenciada por: <\/strong>Sara Ospina Restrepo <strong>&nbsp;<\/strong><\/p>\n<p>INFORMACI\u00d3N BIBLIOGR\u00c1FICA<\/p>\n<p>Peri\u00f3dico: El Colombiano<\/p>\n<p>Lugar de edici\u00f3n: Medell\u00edn<\/p>\n<p>Autor personal: C\u00f3rdoba Laverde, Pedro Nel<\/p>\n<p>Autor corporativo: El Colombiano<\/p>\n<p>Fecha: 1981, octubre, 15<\/p>\n<p>P\u00e1gina: 1A, 6B, 16B<\/p>\n<p>Secci\u00f3n: Portada, Seguridad<\/p>\n<p><strong>Titular: <\/strong>Asesinada una religiosa en atentado terrorista \/ Suspenden labores en la U. de. A. \/ Religiosa muri\u00f3 carbonizada en carro incendiado por anarquistas.<\/p>\n<p><strong>Resumen:<\/strong><\/p>\n<p>\u201cLa religiosa Sor Carmen Ca\u00f1averal L\u00f3pez muri\u00f3 incinerada en el interior del carro en que pasaba frente a la Ciudad Universitaria, que fue incendiado por delincuentes desconocidos. Un sacerdote familiar de la monja asesinada tambi\u00e9n sufri\u00f3 heridas. El infame atentado terrorista ha generado repudio de los diversos estamentos de la comunidad universitaria y de la sociedad en general. El Consejo Superior de la Universidad decidi\u00f3 poco antes de las diez de la noche suspender las actividades acad\u00e9micas indefinidamente. El arzobispo de Medell\u00edn, Alfonso L\u00f3pez Trujillo, expres\u00f3 en nombre de la Arquidi\u00f3cesis el m\u00e1s vigoroso rechazo a los grav\u00edsimos hechos, ocurridos poco antes del mediod\u00eda cerca de las instalaciones del Alma Mater. En Medell\u00edn se registr\u00f3 en la noche del pasado martes una cadena de actos terroristas. De veinte artefactos explosivos que fueron colocados en diversos sitios estallaron diez. El incendio del veh\u00edculo en el cual viajaban la religiosa, el sacerdote y el conductor motiv\u00f3 la en\u00e9rgica intervenci\u00f3n de la fuerza p\u00fablica. Ayer tarde alrededor de cien personas hab\u00edan sido privadas de su libertad en las cercan\u00edas o en el interior de la Universidad de Antioquia y se proced\u00eda a definir su situaci\u00f3n jur\u00eddica\u201d.<\/p>\n<p>Por otro lado, Monse\u00f1or Hern\u00e1n Valencia Restrepo emiti\u00f3 un comunicado de repudio: \u201cPor informaciones personalmente obtenidas de sus superiores de la Hermana Carmen, hemos sabido que los asesinos le impidieron que bajara del veh\u00edculo que incendiaron. Iba acompa\u00f1ada por una religiosa, familiar de ella, que recibi\u00f3 algunas quemaduras, y por el conductor que hizo lo posible por salvarla, pero fue impedido en sus esfuerzos. En una palabra, lleg\u00f3 a tal punto la sevicia y la crueldad, que pr\u00e1cticamente la quemaron viva\u2026 Ante un hecho tan cruel, tan inhumano y tan macabro, la arquidi\u00f3cesis sienta con vigor su protesta\u201d.<\/p>\n<p>La nota period\u00edstica resalta que: \u201cNada se pudo hacer para lograr rescatar de las llamas a la religiosa. En pocos segundos llegaron el ej\u00e9rcito y la polic\u00eda y fue cuando se dio comienzo a una verdadera batalla campal en el sector de la calle Barranquilla. De nuevo aparecieron los encapuchados y a ellos se mezclaron otros anarquistas que en grupos hicieron frente a la fuerza p\u00fablica. Uno de los objetivos de las patrullas era el de prestar auxilio a la monja que era presa del fuego y dentro del automotor, pero los revoltosos se lo impidieron lanzando piedras y bombas \u201cmolotov\u201d. Fue cuando se hicieron algunos disparos al aire y en esta forma los encargados del desorden se replegaron hacia la Universidad, hasta que por \u00faltimo fueron cercados. Seg\u00fan las autoridades, m\u00e1s de cien revoltosos y que participaron en los actos fueron privados de la libertad.&nbsp;<\/p>\n<p><strong>Im\u00e1genes: <\/strong>IMGB37- IMGB37a- IMGB37b- IMGB37c<\/p>\n<p>Lugar de los hechos. Foto: Herv\u00e1squez.<\/p>\n<p>Retenidos. Foto: Herv\u00e1squez.<\/p>\n<p>Inspecci\u00f3n del lugar. Foto: Herv\u00e1squez.<\/p>\n<p>Levantamiento. Foto: Herv\u00e1squez.<\/p>\n<p>INFORMACI\u00d3N ANAL\u00cdTICA<\/p>\n<p>Contexto de la noticia:<\/p>\n<p>Ratifican a Mubarak como sucesor de Anwar Sadat. Un soldado del gobierno salvadore\u00f1o afirm\u00f3 que miembros de la Guardia Nacional mataron a cuatro religiosas norteamericanas debido a que sospechaban que \u00e9stas colaboraban con los rebeldes del Salvador. Dos aviones militares de Marruecos fueron derribados con misiles de fabricaci\u00f3n sovi\u00e9tica disparados por atacantes desconocidos en Sahara occidental. En electrificaci\u00f3n, s\u00f3lo se ha cubierto el 40% del departamento antioque\u00f1o.<\/p>\n<p>Palabras clave: Acciones Violentas, Asesinato, Acciones Contestatarias, Tropel, Acciones de resistencia, Comunicados, declaraciones, misivas, Respuestas Institucionales, Cierre administrativo, Detenciones, Sor Carmen Ca\u00f1averal L\u00f3pez, Monse\u00f1or Hern\u00e1n Valencia Restrepo<\/p>\n<p>Sugerencia de palabras claves:<\/p>\n<p>Observaciones:<\/p>\n<p>Fecha de diligenciamiento: 21 de marzo del 2019<\/p>\n<h1 style=\"text-align: center;\">***<\/h1>\n<p><strong>N\u00famero de ficha<\/strong>: B38&nbsp;&nbsp;&nbsp;&nbsp;&nbsp;&nbsp;&nbsp;&nbsp;&nbsp;&nbsp;&nbsp;&nbsp;&nbsp;&nbsp;&nbsp;&nbsp;&nbsp;&nbsp;&nbsp;&nbsp;&nbsp;&nbsp;&nbsp;&nbsp;&nbsp;&nbsp;&nbsp;&nbsp;&nbsp;&nbsp;&nbsp;&nbsp;&nbsp;&nbsp;&nbsp;&nbsp;&nbsp;&nbsp;&nbsp;&nbsp;&nbsp;&nbsp;&nbsp;&nbsp;&nbsp;&nbsp;&nbsp;&nbsp;&nbsp;&nbsp;&nbsp;&nbsp;&nbsp;&nbsp;&nbsp;&nbsp;<\/p>\n<p><strong>Diligenciada por: <\/strong>Sara Ospina Restrepo <strong>&nbsp;<\/strong><\/p>\n<p>INFORMACI\u00d3N BIBLIOGR\u00c1FICA<\/p>\n<p>Peri\u00f3dico: El Colombiano<\/p>\n<p>Lugar de edici\u00f3n: Medell\u00edn<\/p>\n<p>Autor personal:<\/p>\n<p>Autor corporativo: El Colombiano<\/p>\n<p>Fecha: 1981, octubre, 16<\/p>\n<p>P\u00e1gina: 1A, 5A, 14A, 13B<\/p>\n<p>Secci\u00f3n: Portada, Ecos y Comentarios<\/p>\n<p><strong>Titular: <\/strong>En la U. de A: Ser\u00e1 reabierta cuando aparezcan los culpables \/Otra V\u00edctima inocente \/ El gobierno de Antioquia condena asesinato de Sor Carmen Ca\u00f1averal \/ Ayer fue sepultada en Medell\u00edn la religiosa Carmen Ca\u00f1averal L\u00f3pez<\/p>\n<p><strong>Resumen:<\/strong><\/p>\n<p>\u201cEl gobierno conden\u00f3 en\u00e9rgicamente ayer los hechos de violencia registrados en Medell\u00edn, que determinaron el cierre de la Universidad de Antioquia, y enunci\u00f3 que hay estudiantes y profesores vinculados a la subversi\u00f3n. Advirti\u00f3 categ\u00f3ricamente que ni el gobierno ni las fuerzas militares se dejar\u00e1n amedrentar por las amenazas de los enemigos del orden y la tranquilidad, al tiempo que notifico que los hechos de la capital antioque\u00f1a ser\u00e1n investigados hasta dar plenamente con los responsables\u201d.<\/p>\n<p>En la secci\u00f3n de opini\u00f3n se escribi\u00f3 lo siguiente acerca de la hermana: \u201cLa forma en que hall\u00f3 la muerte Sor Carmen Ca\u00f1averal L\u00f3pez conturba el \u00e1nimo hasta del m\u00e1s desprevenido e indiferente colombiano. Era ella una religiosa dedicada a hacer el bien a sus semejantes, haciendo honor a su recia y firme vocaci\u00f3n de servidora de Cristo\u2026 Quienes protagonizaron el criminal atentado en que ella perdi\u00f3 la vida en condiciones que no pueden merecer otro calificativo que el de salvaje, son reos de eterno repudio, r\u00e9probos contra los cuales deben pronunciarse todos los seres humanos que todav\u00eda alientan en sus almas fe en la Divina Providencia\u2026\u201d<\/p>\n<p>Por su parte, el gobierno de Antioquia manifest\u00f3 su repudio frente a los hechos.<\/p>\n<p><strong>Im\u00e1genes: <\/strong>IMGB38<\/p>\n<p>Exequias de Sor Carmen. Foto: Betancur Yal\u00ed, Jos\u00e9<\/p>\n<p>INFORMACI\u00d3N ANAL\u00cdTICA<\/p>\n<p>Contexto de la noticia:<\/p>\n<p>En Colombia, paro c\u00edvico nacional convocado por la Central Obrera Comunista \u201cCSTC\u201d para el mi\u00e9rcoles 21 ha afectado a m\u00e1s de 60 mil estudiantes de colegio y universidades, un segundo intento el Gobierno conform\u00f3 en septiembre una Comisi\u00f3n de paz presidida por el expresidente Carlos Lleras Restrepo, el M-19 asalt\u00f3 Mocoa (Putumayo), dirigido por Jaime Bateman Cay\u00f3n. Un golpe del Ej\u00e9rcito en el sur captur\u00f3 a los dirigentes del mismo grupo Carlos Toledo Plata y Rosemberg Pab\u00f3n Pab\u00f3n, el Comandante Uno. En el mundo, en Egipto es asesinado el presidente Anwar el-Sadat, en Buenos Aires se realiza la Marcha por la Vida, convocada por la Multipartidaria y los organismos de DD. HH. Primera manifestaci\u00f3n multitudinaria de protesta por las violaciones de derechos humanos y en demanda de apertura pol\u00edtica.<\/p>\n<p>Palabras clave: Respuestas Institucionales, Cierre Administrativo, Acciones de resistencia, Comunicados, declaraciones, misivas<\/p>\n<p>Sugerencia de palabras claves:<\/p>\n<p>Observaciones:<\/p>\n<p>Fecha de diligenciamiento: 21 de marzo del 2019<\/p>\n<h1 style=\"text-align: center;\">***<\/h1>\n<p><strong>N\u00famero de ficha<\/strong>: B39&nbsp; &nbsp; &nbsp; &nbsp; &nbsp; &nbsp; &nbsp; &nbsp; &nbsp; &nbsp; &nbsp; &nbsp; &nbsp; &nbsp; &nbsp; &nbsp; &nbsp; &nbsp; &nbsp; &nbsp; &nbsp; &nbsp; &nbsp; &nbsp; &nbsp; &nbsp; &nbsp; &nbsp;<\/p>\n<p><strong>Diligenciada por: <\/strong>Sara Ospina Restrepo <strong>&nbsp;<\/strong><\/p>\n<p>INFORMACI\u00d3N BIBLIOGR\u00c1FICA<\/p>\n<p>Peri\u00f3dico: El Colombiano<\/p>\n<p>Lugar de edici\u00f3n: Medell\u00edn<\/p>\n<p>Autor personal:<\/p>\n<p>Autor corporativo: El Colombiano<\/p>\n<p>Fecha: 1981, octubre, 17<\/p>\n<p>P\u00e1gina: 1A, 13B<\/p>\n<p>Secci\u00f3n: Portada,<\/p>\n<p><strong>Titular: <\/strong>Comenz\u00f3 investigaci\u00f3n por asesinato de religiosa \/ Tres jueces militares investigan el asesinato de Sor Carmen Ca\u00f1averal<\/p>\n<p><strong>Resumen:<\/strong><\/p>\n<p>\u201cAyer comenz\u00f3 la investigaci\u00f3n \u201csobre el asesinato de Sor Carmen Ca\u00f1averal L\u00f3pez\u201d. La Cuarta Brigada comision\u00f3 a los jueces 49, 50 y 108 de Instrucci\u00f3n Penal Militar. Se inform\u00f3 que por lo menos seis de los 18 detenidos est\u00e1n seriamente comprometidos en los actos vand\u00e1licos del pasado mi\u00e9rcoles en las inmediaciones de la U. de Antioquia. No se descarta la posibilidad de que en las pr\u00f3ximas horas se convoque a un consejo de guerra verbal\u201d \u2026 \u201cSe ha determinado en llevar la investigaci\u00f3n hasta las \u00faltimas consecuencias y por ello se comision\u00f3 a tres jueces\u201d.<\/p>\n<p><strong>Im\u00e1genes: <\/strong>n\/a<\/p>\n<p>INFORMACI\u00d3N ANAL\u00cdTICA<\/p>\n<p>Contexto de la noticia:<\/p>\n<p>Muere Moshe Dayan, una de las m\u00e1s importantes figuras militares y pol\u00edticas de la historia de Israel. El gobierno nacional protesta ante el gobierno venezolano por un ataque a bala hecho por la guardia nacional de Venezuela contra una embarcaci\u00f3n en la que se movilizaba una juez de Arauca, su secretario y tres agentes del DAS.<\/p>\n<p>Palabras clave: Respuestas Institucionales, Procesos judiciales, Carmen Ca\u00f1averal L\u00f3pez<\/p>\n<p>Sugerencia de palabras claves:<\/p>\n<p>Observaciones:<\/p>\n<p>Fecha de diligenciamiento: 21 de marzo del 2019<\/p>\n<h1 style=\"text-align: center;\">***<\/h1>\n<p><strong>N\u00famero de ficha<\/strong>: B40&nbsp;&nbsp;&nbsp;&nbsp;&nbsp;&nbsp;&nbsp;&nbsp;&nbsp;&nbsp;&nbsp;&nbsp;&nbsp;&nbsp;&nbsp;&nbsp;&nbsp;&nbsp;&nbsp;&nbsp;&nbsp;&nbsp;&nbsp;&nbsp;&nbsp;&nbsp;&nbsp;&nbsp;&nbsp;&nbsp;&nbsp;&nbsp;&nbsp;&nbsp;&nbsp;&nbsp;&nbsp;&nbsp;&nbsp;&nbsp;&nbsp;&nbsp;&nbsp;&nbsp;&nbsp;&nbsp;&nbsp;&nbsp;&nbsp;&nbsp;&nbsp;&nbsp;&nbsp;&nbsp;&nbsp;<\/p>\n<p><strong>Diligenciada por: <\/strong>Sara Ospina Restrepo<\/p>\n<p>INFORMACI\u00d3N BIBLIOGR\u00c1FICA<\/p>\n<p>Peri\u00f3dico: El Colombiano<\/p>\n<p>Lugar de edici\u00f3n: Medell\u00edn<\/p>\n<p>Autor personal: Mario Mej\u00eda LL., S.J.<\/p>\n<p>Autor corporativo:<\/p>\n<p>Fecha:&nbsp; 1981, octubre, 21<\/p>\n<p>P\u00e1gina: 5A<\/p>\n<p>Secci\u00f3n: Ecos y comentarios<\/p>\n<p><strong>Titular: <\/strong>Lobos y chacales<\/p>\n<p><strong>Resumen:<\/strong><\/p>\n<p>\u201c<em>La muerte de la Hermana Carmen Ca\u00f1averal frente a la Universidad de Antioquia en los disturbios del pasado 14 de octubre nos tiene aterrados. La atrocidad, la sevicia y la ferocidad de los delincuentes frente a este acontecimiento de horror indica que en las calles de Medell\u00edn existen lobos hambrientos y chacales con deseos de carne humana<\/em>\u201d, esta es la opini\u00f3n de Mario Mej\u00eda que pasados 7 d\u00edas de los hechos, a\u00fan siente indignaci\u00f3n, una sencilla religiosa indefensa que nada ten\u00eda que ver con el conflicto, tuvo el infortunio destino de pasar por el sitio de los acontecimiento vand\u00e1licos, fue atacada por la turba y se convirti\u00f3 en la v\u00edctima de una desenfrenada furia que no tiene el m\u00e1s m\u00ednimo sentimiento de humanidad y dignidad.<\/p>\n<p><strong>Im\u00e1genes: <\/strong>n\/a<\/p>\n<p>INFORMACI\u00d3N ANAL\u00cdTICA<\/p>\n<p>Contexto de la noticia:<\/p>\n<p>En Colombia, paro c\u00edvico nacional convocado por la Central Obrera Comunista \u201cCSTC\u201d para el mi\u00e9rcoles 21 ha afectado a m\u00e1s de 60 mil estudiantes de colegio y universidades, un segundo intento el Gobierno conform\u00f3 en septiembre una Comisi\u00f3n de paz presidida por el expresidente Carlos Lleras Restrepo, el M-19 asalt\u00f3 Mocoa (Putumayo), dirigido por Jaime Bateman Cay\u00f3n. Un golpe del Ej\u00e9rcito en el sur captur\u00f3 a los dirigentes del mismo grupo Carlos Toledo Plata y Rosemberg Pab\u00f3n Pab\u00f3n, el Comandante Uno. En el mundo, en Egipto es asesinado el presidente Anwar el-Sadat, en Buenos Aires se realiza la Marcha por la Vida, convocada por la Multipartidaria y los organismos de DD. HH. Primera manifestaci\u00f3n multitudinaria de protesta por las violaciones de derechos humanos y en demanda de apertura pol\u00edtica.<\/p>\n<p>Palabras clave: Acciones Violentas, Asesinato, Acciones de resistencia, Comunicados, declaraciones, misivas<\/p>\n<p>Sugerencia de palabras claves:<\/p>\n<p>Observaciones:<\/p>\n<p>Fecha de diligenciamiento: 21 de marzo de 2019<\/p>\n<h1 style=\"text-align: center;\">***<\/h1>\n<p><strong>N\u00famero de ficha<\/strong>: B41&nbsp;&nbsp;&nbsp;&nbsp;&nbsp;&nbsp;&nbsp;&nbsp;&nbsp;&nbsp;&nbsp;&nbsp;&nbsp;&nbsp;&nbsp;&nbsp;&nbsp;&nbsp;&nbsp;&nbsp;&nbsp;&nbsp;&nbsp;&nbsp;&nbsp;&nbsp;&nbsp;&nbsp;&nbsp;&nbsp;&nbsp;&nbsp;&nbsp;&nbsp;&nbsp;&nbsp;&nbsp;&nbsp;&nbsp;&nbsp;&nbsp;&nbsp;&nbsp;&nbsp;&nbsp;&nbsp;&nbsp;&nbsp;&nbsp;&nbsp;&nbsp;&nbsp;&nbsp;&nbsp;&nbsp;&nbsp;<\/p>\n<p><strong>Diligenciada por: <\/strong>Sara Ospina Restrepo <strong>&nbsp;<\/strong><\/p>\n<p>INFORMACI\u00d3N BIBLIOGR\u00c1FICA<\/p>\n<p>Peri\u00f3dico: El Colombiano<\/p>\n<p>Lugar de edici\u00f3n: Medell\u00edn<\/p>\n<p>Autor personal:<\/p>\n<p>Autor corporativo: El Colombiano<\/p>\n<p>Fecha: 1981, octubre, 26<\/p>\n<p>P\u00e1gina: 1A<\/p>\n<p>Secci\u00f3n: Portada<\/p>\n<p><strong>Titular: <\/strong>La U. de Antioquia reanuda hoy actividades acad\u00e9micas<\/p>\n<p><strong>Resumen:<\/strong><\/p>\n<p>\u201cEl Consejo Superior conf\u00eda en la sensatez de los estamentos universitarios para mantener la plena normalidad, pues, en caso contrario, de ellos ser\u00e1 la responsabilidad si es preciso tomar nuevas medidas restrictivas del trabajo acad\u00e9mico\u201d.<\/p>\n<p><strong>Im\u00e1genes: <\/strong>n\/a<\/p>\n<p>INFORMACI\u00d3N ANAL\u00cdTICA<\/p>\n<p>Contexto de la noticia:<\/p>\n<p>En Par\u00eds y Bruselas se presentan multitudinarias protestas antinucleares contra los Estados Unidos y la Uni\u00f3n Sovi\u00e9tica. Se intensifica ola de violencia en Per\u00fa, un estudiante universitario muri\u00f3 al enfrentarse a la polic\u00eda.<\/p>\n<p>Palabras clave: Respuestas Institucionales, Reapertura, Actores Institucionales, Consejo Superior Universitario<\/p>\n<p>Sugerencia de palabras claves:<\/p>\n<p>Observaciones:<\/p>\n<p>Fecha de diligenciamiento: 21 de marzo del 2019<\/p>\n<h1 style=\"text-align: center;\">***<\/h1>\n<p><strong>N\u00famero de ficha<\/strong>: B42&nbsp;&nbsp;&nbsp;&nbsp;&nbsp;&nbsp;&nbsp;&nbsp;&nbsp;&nbsp;&nbsp;&nbsp;&nbsp;&nbsp;&nbsp;&nbsp;&nbsp;&nbsp;&nbsp;&nbsp;&nbsp;&nbsp;&nbsp;&nbsp;&nbsp;&nbsp;&nbsp;&nbsp;&nbsp;&nbsp;&nbsp;&nbsp;&nbsp;&nbsp;&nbsp;&nbsp;&nbsp;&nbsp;&nbsp;&nbsp;&nbsp;&nbsp;&nbsp;&nbsp;&nbsp;&nbsp;&nbsp;&nbsp;&nbsp;&nbsp;&nbsp;&nbsp;&nbsp;&nbsp;&nbsp;&nbsp;<\/p>\n<p><strong>Diligenciada por: <\/strong>Sara Ospina Restrepo <strong>&nbsp;<\/strong><\/p>\n<p>INFORMACI\u00d3N BIBLIOGR\u00c1FICA<\/p>\n<p>Peri\u00f3dico: El Colombiano<\/p>\n<p>Lugar de edici\u00f3n: Medell\u00edn<\/p>\n<p>Autor personal: C\u00f3rdoba Laverde, Pedro Nel<\/p>\n<p>Autor corporativo: El Colombiano<\/p>\n<p>Fecha: 1981, noviembre, 13<\/p>\n<p>P\u00e1gina: 1A, 13B<\/p>\n<p>Secci\u00f3n: Portada, Seguridad<\/p>\n<p><strong>Titular: <\/strong>Secuestrada estudiante en la U. de Antioquia \/Secuestrada estudiante<\/p>\n<p><strong>Resumen:<\/strong><\/p>\n<p>\u201cMarta Nieves Ochoa V\u00e1squez, estudiante de 6\u00ba semestre de Econom\u00eda de la Universidad de Antioquia, fue secuestrada en la ma\u00f1ana de ayer en predios de la Ciudad Universitaria, segundos despu\u00e9s de que hab\u00eda abordado su autom\u00f3vil particular para trasladarse a su residencia de la fracci\u00f3n de El Poblado. La dama cautiva es hija del conocido ganadero y caballista Fabio Ochoa Restrepo y do\u00f1a Margarita V\u00e1squez. Est\u00e1 casada con el profesional Jorge Yepes. En el momento del secuestro de do\u00f1a Marta hubo intenso forcejeo entre la dama y sus captores. Varios universitarios corrieron en su ayuda, pero uno de los antisociales que estaba de \u201ccampanero\u201d debajo de un \u00e1rbol, hizo disparos al aire que hicieron retroceder a los compa\u00f1eros de la estudiante. La dama fue sacada a la fuerza de su carro y conducida a un autom\u00f3vil Renault 12, al parecer de placas 3681, que arranc\u00f3 en forma veloz del lugar, a pesar de que fue bloqueada la puerta de salida\u201d \u2026 \u201cA eso de las ocho, la estudiante sali\u00f3 del sal\u00f3n, pues ya hab\u00eda recibido las clases de la ma\u00f1ana y se dirigi\u00f3 al parqueadero. Abord\u00f3 el autom\u00f3vil y cuando se dispon\u00eda a ponerlo en funcionamiento se acercaron dos individuos\u2026 Un grupo de estudiantes dio aviso a los directivos de la universidad, quienes ordenaron el bloqueo de las puertas de salida, con tan mala suerte que cuando esto se produjo ya el autom\u00f3vil Renault, con la secuestrada y cuatro individuos, hab\u00eda pasado, por la puerta que da a la Avenida del Ferrocarril. Es sabido que quien sale en carro, debe mermar velocidad y entregar ficho, pero los individuos una vez llegaron all\u00ed, aceleraron e hicieron disparos al aire para asustar al portero, quien dijo m\u00e1s tarde que vio cuando llevaban dentro del carro a una muchacha que iba con la cabeza agachada.<\/p>\n<p>En esos momentos entraba por la misma puerta un directivo del plantel quien sospech\u00f3 que algo an\u00f3malo hab\u00eda ocurrido. Orden\u00f3 al conductor con su autom\u00f3vil, un Lada, que salieran en persecuci\u00f3n, pero no fue posible sino anotarle el n\u00famero de las placas y color del carro en donde llevaban a la dama. Pasada la violenta confusi\u00f3n, se hicieron presentes los servicios secretos del Estado. Hubo una inspecci\u00f3n del coche de la estudiante y en interior fueron encontrados dos zapatos: uno de la dama y otro de uno de los secuestradores que lo dej\u00f3 caer durante el forcejeo, as\u00ed como cuadernos y una libreta. Eran cuatro los secuestradores: el conductor y tres hombres m\u00e1s. Mientras el tripulante quedaba en el Renault, con el motor encendido, los otros tres restantes se encargaron del secuestro. El otro hecho es que son identificables. Se trata de elementos j\u00f3venes que fueron vistos por los alrededores de uno de los salones, durante las clases de la ma\u00f1ana. Lo cierto es que actualmente para entrar a los predios de la Universidad se deben llenar algunas exigencias. Sin embargo, tanto estudiantes como directivos del Alma Mater, no se explican el hecho de que, si eran extra\u00f1os, c\u00f3mo hicieron para poder llegar hasta el interior y a\u00fan con veh\u00edculo automotor. Fuentes oficiales de cuerpos secretos dijeron adem\u00e1s que el secuestro pudo haber sido planeado y culminado por parte de un comando guerrillero, posiblemente del PLA o el ELN o las FARC. En todo caso, ayer ninguno se lo hab\u00eda atribuido.<\/p>\n<p>Logramos establecer contacto con la familia Ochoa-V\u00e1squez con el fin de obtener informes sobre el particular, pero no fue posible. Como siempre que esto ocurre, viene el hermetismo por parte de los allegados al cautivo. La familia se abstuvo por lo tanto de dialogar con periodistas, pues consideran adem\u00e1s que cualquier informaci\u00f3n puede ser perjudicial, y que por ahora lo que hay que procurar es llevar las cosas con calma y buscar el rescate de Marta Nieves.<\/p>\n<p><strong>Im\u00e1genes: <\/strong>n\/a<\/p>\n<p>INFORMACI\u00d3N ANAL\u00cdTICA<\/p>\n<p>Contexto de la noticia:<\/p>\n<p>Miembros de la Comisi\u00f3n Asesora de Relaciones Exteriores, parlamentarios y exnegociadores del diferendo lim\u00edtrofe con Venezuela coincidieron en la conveniencia de recurrir a instancias diferentes al di\u00e1logo directo para definir el viejo pleito sobre \u00e1reas marinas y submarinas. Abatidos 19 guerrilleros del M-19 en el Caquet\u00e1. Paro c\u00edvico en Saman\u00e1 tras permanecer tres d\u00edas sin electricidad.<\/p>\n<p>Palabras clave: Acciones Violentas, Secuestro, Estudiantes, Ochoa Nieves, Marta<\/p>\n<p>Sugerencia de palabras claves:<\/p>\n<p>Observaciones:<\/p>\n<p>Fecha de diligenciamiento: 21 de marzo del 2019<\/p>\n<h1 style=\"text-align: center;\">***<\/h1>\n<p><strong>N\u00famero de ficha<\/strong>:&nbsp; B43&nbsp;&nbsp;&nbsp;&nbsp;&nbsp;&nbsp;&nbsp; &nbsp;&nbsp;&nbsp;&nbsp;&nbsp;&nbsp;&nbsp;&nbsp;&nbsp;&nbsp;&nbsp;&nbsp;&nbsp;&nbsp;&nbsp;&nbsp;&nbsp;&nbsp;&nbsp;&nbsp;<\/p>\n<p><strong>Diligenciada por: <\/strong>Sara Ospina Restrepo<\/p>\n<p>INFORMACI\u00d3N BIBLIOGR\u00c1FICA<\/p>\n<p>Peri\u00f3dico: El Colombiano<\/p>\n<p>Lugar de edici\u00f3n: Medell\u00edn<\/p>\n<p>Autor personal:<\/p>\n<p>Autor corporativo: El Colombiano<\/p>\n<p>Fecha: 1982, febrero, 21<\/p>\n<p>P\u00e1gina: 6C<\/p>\n<p>Secci\u00f3n: Actualidad estudiantil<\/p>\n<p><strong>Titular: <\/strong>Habla el rector del Alma Mater: La mala imagen de la U. de A. debe cambiar.<\/p>\n<p><strong>Resumen:<\/strong><\/p>\n<p>El rector del Alma Mater, Antonio Yepes Parra se pronuncia en entrevista con El Colombiano sobre la imagen que se tiene sobre la universidad: \u201cEs evidente que peque\u00f1os n\u00facleos anarquistas son los que crean el impacto. Grupos de tendencias, que dir\u00eda yo deben ser de las dos extremas: derecha e izquierda. Son los que originan los actos de orden p\u00fablico: es evidente que son grupos muy peque\u00f1os y que muchas veces toman decisiones por la gran mayor\u00eda de la gente que acata por miedo, pero creo que el estudiantado en general no es muy amigo de los organismos formales. Ya se tuvo la experiencia de citar a elecciones para nombrar sus representantes al consejo de facultad, al superior, al acad\u00e9mico, con una grand\u00edsima abstenci\u00f3n\u201d \u2026 \u201cLa pol\u00edtica nuestra es la Universidad abierta, pero l\u00f3gicamente si la comunidad universitaria no rechaza a los grupos anarquistas y si hay problemas se tendr\u00eda que cerrar\u201d \u2026<\/p>\n<p><strong>Im\u00e1genes: <\/strong>n\/a<\/p>\n<p>INFORMACI\u00d3N ANAL\u00cdTICA<\/p>\n<p>Contexto de la noticia:<\/p>\n<p>La URSS env\u00eda m\u00e1s armas a Cuba, incluyen helic\u00f3pteros de combate y lanchas con misiles. La industria petrolera venezolana atraviesa por uno de sus m\u00e1s dif\u00edciles momentos, a causa del estancamiento del mercado petrolero internacional, saturado de una sobreoferta de crudo. Belisario es aclamado en Antioquia durante campa\u00f1a presidencial.&nbsp;<\/p>\n<p>Palabras clave: Respuestas Institucionales, Rector, Yepes Parra, Antonio<\/p>\n<p>Sugerencia de palabras claves:<\/p>\n<p>Observaciones:<\/p>\n<p>Fecha de diligenciamiento: 04 de marzo de 2019<\/p>\n<h1 style=\"text-align: center;\">***<\/h1>\n<p><strong>N\u00famero de ficha<\/strong>:&nbsp; B44&nbsp;&nbsp;&nbsp;&nbsp;&nbsp;&nbsp;&nbsp;&nbsp;&nbsp;&nbsp;&nbsp;&nbsp;&nbsp;&nbsp;&nbsp;&nbsp;&nbsp;&nbsp;&nbsp;&nbsp;&nbsp;&nbsp;&nbsp;&nbsp;&nbsp;&nbsp;&nbsp;&nbsp;<\/p>\n<p><strong>Diligenciada por: <\/strong>Sara Ospina Restrepo<\/p>\n<p>INFORMACI\u00d3N BIBLIOGR\u00c1FICA<\/p>\n<p>Peri\u00f3dico: El Colombiano<\/p>\n<p>Lugar de edici\u00f3n: Medell\u00edn<\/p>\n<p>Autor personal: G\u00f3mez, Sonia<\/p>\n<p>Autor corporativo: El Colombiano<\/p>\n<p>Fecha: 1982, marzo, 03<\/p>\n<p>P\u00e1gina: 12B, 13B<\/p>\n<p>Secci\u00f3n: Seguridad<\/p>\n<p><strong>Titular: <\/strong>Encapuchados asaltaron el Liceo Antioque\u00f1o y mataron al secretario \/ La IV Brigada rechaza muerte del educador Diego Roldan V.<\/p>\n<p><strong>Resumen:<\/strong><\/p>\n<p>\u201cEl secretario general del Liceo Antioque\u00f1o y profesor de Biolog\u00eda, Diego Rold\u00e1n V\u00e9lez, de 47 a\u00f1os de edad, muri\u00f3 ayer acribillado a tiros de metralleta y carabina recortada, a manos de un grupo compuesto por 7 hombres y una mujer que se identificaron como de un movimiento sedicioso. El crimen ocurri\u00f3 en momentos en que Rold\u00e1n dictaba clase a m\u00e1s de 40 alumnos, entre quienes se contaba su hijo Miguel Ignacio. En se\u00f1al de duelo, la Universidad de Antioquia suspendi\u00f3 actividades acad\u00e9micas durante el d\u00eda de ayer y para hoy; se orden\u00f3 que el cad\u00e1ver del profesor fuera velado en el paraninfo del Alma Mater y a la diez de la ma\u00f1ana darle sepultura en Jardines Montesacro\u2026 A las 7:30 de la ma\u00f1ana de ayer todas las dependencias del Liceo Antioque\u00f1o cumpl\u00edan en forma normal sus actividades, tanto administrativas como acad\u00e9micas. A esa hora llegaron dos autom\u00f3viles de servicio p\u00fablico en donde viajaban unas ocho personas, encapuchadas. Dos hombres y una mujer, portando carabinas recortadas, se introdujeron a la edificaci\u00f3n, mientras las restantes esperaban a la entrada para guardarles la espalda a sus compa\u00f1eros. El portero fue imposibilitado y no se le permiti\u00f3 que se moviera de una caseta que funciona a la entrada del liceo\u2026 La pareja se dirigi\u00f3 a las oficinas administrativas y preguntaron por el director, Julio C\u00e9sar Restrepo. Se les contest\u00f3 que no hab\u00eda llegado. Entonces indagaron por el secretario general Diego Rold\u00e1n V\u00e9lez y se les indic\u00f3 que estaba dictando clase en el pabell\u00f3n 2\u00ba sal\u00f3n 19, hacia donde se dirigieron los subversivos\u2026 Efectivamente, cuando los dos encapuchados entraron al sal\u00f3n, el profesor Rold\u00e1n V\u00e9lez dictaba clase a unos 40 alumnos del 2\u00ba a\u00f1o y como se dijo estaba all\u00ed su hijo Miguel Ignacio, de 16 a\u00f1os de edad. Le ordenaron al profesor que suspendiera la clase y en presencia del alumnado le hicieron una serie de recriminaciones y cargos y en cuesti\u00f3n de segundos lo acribillaron a tiros\u2026 Despu\u00e9s de consumado el grave delito y en medio de la confusi\u00f3n, los encapuchados, se dirigieron al local que ocupa el archivo del liceo y le arrojaron una bomba incendiaria con el \u00e1nimo de destruirlo, pero \u00e9sta no alcanz\u00f3 sus objetivos\u2026\u201d<\/p>\n<p>Por otro lado, el comandante de la Cuarta Brigada dio a conocer en un comunicado que rechaza el vil asesinato del educador Diego Roldan V\u00e9lez, ocurrido en el Liceo Antioque\u00f1o. Este comunicado afirma que <em>\u201cantisociales pertenecientes al autodenominado \u201cELN\u201d, asesinaron a sangre fr\u00eda y sobreseguro al profesor Diego Roldan V\u00e9lez, destacado educador del Liceo Antique\u00f1o\u201d. <\/em><\/p>\n<p><strong>Im\u00e1genes: <\/strong>IMGB44<\/p>\n<p>Archivo Liceo Antioque\u00f1o destruido. Foto: Herv\u00e1squez.<\/p>\n<p>INFORMACI\u00d3N ANAL\u00cdTICA<\/p>\n<p>Contexto de la noticia: En Colombia, el MAS rescata a Martha Nieves Ochoa (secuestrada por el movimiento guerrillero M-19 desde el pasado 12 de noviembre de 1981, se realizaron las elecciones legislativas, entre amnist\u00eda y combates El 4 de marzo, a trav\u00e9s de la ley 37 de 1977, el Senado de la Rep\u00fablica aprob\u00f3 la amnist\u00eda para los alzados en armas, ese mismo d\u00eda en que se sancion\u00f3 la ley de amnist\u00eda, el presidente Turbay anunci\u00f3 el rompimiento de relaciones con Cuba, las cuales se hab\u00edan reanudado en 1975. En el mundo, en el sur de la costa atl\u00e1ntica argentina, las Fuerzas Armadas de Argentina toman las Islas Malvinas, lo que desemboca en la Guerra de las Malvinas entre el Reino Unido y Argentina, en Guatemala, el general derechista Efra\u00edn R\u00edos Montt derroca al gobierno democr\u00e1tico de Fernando Romeo Lucas Garc\u00eda<\/p>\n<p>Palabras clave: Acciones Violentas, Asesinato, Uso de petardos y explosivos, Profesor, Rold\u00e1n V\u00e9lez, Diego, Acciones de resistencia, Actos simb\u00f3licos<\/p>\n<p>Sugerencia de palabras claves:<\/p>\n<p>Observaciones:<\/p>\n<p>Fecha de diligenciamiento: 04 de marzo de 2019<\/p>\n<h1 style=\"text-align: center;\">***<\/h1>\n<p><strong>N\u00famero de ficha<\/strong>:&nbsp; B45&nbsp;&nbsp;&nbsp;&nbsp;&nbsp;&nbsp;&nbsp;&nbsp;&nbsp;&nbsp;&nbsp;&nbsp;&nbsp;&nbsp;&nbsp;&nbsp;&nbsp;&nbsp;&nbsp;&nbsp;&nbsp;&nbsp;&nbsp;&nbsp;&nbsp;&nbsp;&nbsp;&nbsp;<\/p>\n<p><strong>Diligenciada por: <\/strong>Sara Ospina Restrepo<\/p>\n<p>INFORMACI\u00d3N BIBLIOGR\u00c1FICA<\/p>\n<p>Peri\u00f3dico: El Colombiano<\/p>\n<p>Lugar de edici\u00f3n: Medell\u00edn<\/p>\n<p>Autor personal: G\u00f3mez, Sonia<\/p>\n<p>Autor corporativo: El Colombiano<\/p>\n<p>Fecha: 1982, marzo, 04<\/p>\n<p>P\u00e1gina: 13A<\/p>\n<p>Secci\u00f3n: Medell\u00edn-Antioquia<\/p>\n<p><strong>Titular: <\/strong>\u201cEl mejor homenaje al educador ca\u00eddo es mantener el normal funcionamiento\u201d Afirm\u00f3 el Consejo Superior de la Universidad de Antioquia. \/ Juez especial investiga la muerte del profesor Diego Rold\u00e1n V\u00e9lez<\/p>\n<p><strong>Resumen:<\/strong><\/p>\n<p>\u201cEl Consejo Superior de la Universidad de Antioquia emiti\u00f3 un comunicado en el cual manifiesta su profunda angustia por el asesinato del profesor Diego Rold\u00e1n V\u00e9lez, en momentos en que dictaba clases ante sus alumnos del Liceo de la Universidad, en la ma\u00f1ana del martes. El organismo m\u00e1ximo destac\u00f3 la absoluta honestidad de la v\u00edctima del repudiable crimen y convoc\u00f3 a todos los estamentos universitarios para que, en acci\u00f3n solidaria, contribuyan a que el Alma Mater siga adelante y abierta, pese al empe\u00f1o de algunos grupos por detener su ciclo normal\u201d.<\/p>\n<p>Igualmente, ASDUA emiti\u00f3 un comunicado de repudio: \u2026 \u201cLa impunidad que en los \u00f3rdenes de la sociedad y de la misma Universidad, se ha ofrecido a los episodios delictivos que lesionan la tranquilidad, el derecho al estudio, el honrado discurrir laboral, que atentan contra la vida y honra de las personas, tiene que engendrar, necesariamente, acciones tan repudiables como la ocurrida en el Liceo Antioque\u00f1o, que ha conmovido a la sociedad, impotente ante el auge de la delincuencia\u2026\u201d<\/p>\n<p>Por otro lado, la nota period\u00edstica enfatiza en que un juez especial investigar\u00e1 la muerte del profesor: \u201cEn la ma\u00f1ana de ayer fue comisionado el Juez 45 de Instrucci\u00f3n Criminal, Manuel Sim\u00f3n Vel\u00e1squez, para que en asocio de personal de inteligencia, se ponga al frente de la investigaci\u00f3n relacionada con el asesinato de que fue v\u00edctima el profesor Diego Rold\u00e1n V\u00e9lez, ocurrido en plena aula del Liceo Antioque\u00f1o y por parte de un grupo que dijo pertenecer al autodenominado Ej\u00e9rcito de Liberaci\u00f3n Nacional (ELN)\u201d. As\u00ed mismo, se enuncia que fueron hallados dos petardos de alto poder explosivo en el plantel educativo.<\/p>\n<p><strong>Im\u00e1genes: <\/strong>IMGB45<\/p>\n<p>Exequias del profesor. Foto: Zuleta, Jorge<\/p>\n<p>INFORMACI\u00d3N ANAL\u00cdTICA<\/p>\n<p>Contexto de la noticia:<\/p>\n<p>Guerrilleros guatemaltecos mataron a unos 60 efectivos militares y quemaron 27 alcald\u00edas en el \u00faltimo mes, actos de violencia destinados a perturbar los comicios presidenciales. Cerca de cinco mil trabajadores de 12 hoteles de Cartagena, acordaron ayer un paro indefinido a partir del pr\u00f3ximo 27 de marzo, fecha que coincide con la realizaci\u00f3n en esa ciudad de la XXIV Asamblea de Gobernadores del BID. Los pa\u00edses signatarios del Acuerdo de Cartagena, Colombia, Venezuela, Ecuador, Per\u00fa y Bolivia, acordaron adelantar la construcci\u00f3n de un conjunto experimental de 100 viviendas en cada una de las cinco naciones, inform\u00f3 INCOMEX. Queman dos buses en la Universidad Nacional de Colombia, el rector informa que no ser\u00e1 clausurada.<\/p>\n<p>Palabras clave: Acciones Violentas, Asesinato, Uso de petardos y explosivos, Acciones de resistencia, Comunicados, declaraciones, misivas, Actores Institucionales, Consejo Superior Universitario, ASDUA, Actores Armados, ELN<\/p>\n<p>Sugerencia de palabras claves:<\/p>\n<p>Observaciones:<\/p>\n<p>Fecha de diligenciamiento: 04 de marzo de 2019<\/p>\n<h1 style=\"text-align: center;\">***<\/h1>\n<p><strong>N\u00famero de ficha<\/strong>: B46&nbsp;&nbsp;&nbsp;&nbsp;&nbsp;&nbsp; &nbsp;&nbsp;&nbsp;&nbsp;&nbsp;&nbsp;&nbsp;&nbsp;&nbsp;&nbsp;&nbsp;&nbsp;&nbsp;&nbsp;&nbsp;&nbsp;&nbsp;&nbsp;&nbsp;&nbsp;&nbsp;<\/p>\n<p><strong>Diligenciada por: <\/strong>Sara Ospina Restrepo<\/p>\n<p>INFORMACI\u00d3N BIBLIOGR\u00c1FICA<\/p>\n<p>Peri\u00f3dico: El Colombiano<\/p>\n<p>Lugar de edici\u00f3n: Medell\u00edn<\/p>\n<p>Autor personal: Sonia, G\u00f3mez<\/p>\n<p>Autor corporativo: El Colombiano<\/p>\n<p>Fecha: 1982, marzo, 05<\/p>\n<p>P\u00e1gina: 11A<\/p>\n<p>Secci\u00f3n: Medell\u00edn- Antioquia<\/p>\n<p><strong>Titular: <\/strong>En la U. de A. \u201cLa idea es mantenerla abierta\u201d Afirma el rector, Antonio Yepes Parra<\/p>\n<p><strong>Resumen:<\/strong><\/p>\n<p>\u201cHay inquietud y temor entre la comunidad universitaria por el asesinato del profesor Diego Rold\u00e1n V\u00e9lez, por las caracter\u00edsticas del hecho, pero yo insisto en que nuestra sociedad est\u00e1 convulsionada y ocurren cr\u00edmenes en todos los lugares, el problema no es s\u00f3lo de la universidad. Hemos tranquilizado a la comunidad universitaria, porque creo que se debe ser optimista respecto a la responsabilidad los diferentes estamentos, en la conservaci\u00f3n del orden\u2026 el CSU no ha pensado en cerrarla. La idea es mantenerla abierta esperamos que la comunidad colabore\u201d.<\/p>\n<p><strong>Im\u00e1genes: <\/strong>n\/a<\/p>\n<p>INFORMACI\u00d3N ANAL\u00cdTICA<\/p>\n<p>Contexto de la noticia:<\/p>\n<p>Cerrada indefinidamente la Universidad Nacional. Se soluciona el problema educativo en Antioquia acerca de la reducci\u00f3n de cargas acad\u00e9micas.<\/p>\n<p>Palabras clave:<\/p>\n<p>Sugerencia de palabras claves:<\/p>\n<p>Observaciones:<\/p>\n<p>Fecha de diligenciamiento: 04 de marzo de 2019<\/p>\n<h1 style=\"text-align: center;\">***<\/h1>\n<p><strong>N\u00famero de ficha<\/strong>: B47&nbsp;&nbsp;&nbsp;&nbsp;&nbsp;&nbsp;&nbsp;&nbsp;&nbsp;&nbsp;&nbsp;&nbsp;&nbsp;&nbsp;&nbsp;&nbsp;&nbsp;&nbsp;&nbsp;&nbsp;&nbsp;&nbsp;&nbsp;&nbsp;&nbsp;&nbsp;&nbsp;&nbsp;<\/p>\n<p><strong>Diligenciada por: <\/strong>Sara Ospina Restrepo<\/p>\n<p>INFORMACI\u00d3N BIBLIOGR\u00c1FICA<\/p>\n<p>Peri\u00f3dico: El Colombiano<\/p>\n<p>Lugar de edici\u00f3n: Medell\u00edn<\/p>\n<p>Autor personal:<\/p>\n<p>Autor corporativo: El Colombiano<\/p>\n<p>Fecha: 1982, marzo, 10<\/p>\n<p>P\u00e1gina: 14B<\/p>\n<p>Secci\u00f3n: Seguridad<\/p>\n<p><strong>Titular: <\/strong>Profesores de Econom\u00eda de la U. de A. denuncian una detenci\u00f3n<\/p>\n<p><strong>Resumen:<\/strong><\/p>\n<p>\u201cAnte el gobernador de Antioquia Iv\u00e1n Duque Escobar, el claustro de profesores de la Facultad de Ciencias Econ\u00f3micas de la U. de A., denunciaron la detenci\u00f3n del estudiante Javier Hoyos Arboleda. La nota, que lleva la firma del se\u00f1or Guillermo Montoya G\u00f3mez, coordinador del claustro hace alusi\u00f3n al movimiento Muerte a Secuestradores (MAS), el cual se form\u00f3 a ra\u00edz del secuestro de la estudiante del mismo plantel Martha Nieves Ochoa V\u00e1squez. Hacen adem\u00e1s alusi\u00f3n de los hechos que sucedieron despu\u00e9s del mencionado secuestro, como el secuestro y muerte de algunas personas, retenci\u00f3n y desaparici\u00f3n de otras por presunci\u00f3n de v\u00ednculos con quienes ten\u00edan a la dama estudiante\u2026 la nota dice: \u201cPrimero fue la detenci\u00f3n arbitraria del profesor de nuestra facultad quien fue liberado pocas horas despu\u00e9s al conocerse su absoluta desvinculaci\u00f3n de cualquier acto delictivo. Ahora le toca el turno a otro estudiante: Javier Hoyos Arboleda. Todos los integrantes de este claustro que lo conocemos damos fe p\u00fablica de su honestidad y correcci\u00f3n. Denunciamos, adem\u00e1s, ante usted, el procedimiento arbitrario seguido para la detenci\u00f3n de este estudiante, que fue sacado de su casa mediante ardides, tretas y mentiras\u201d\u201d.<\/p>\n<p><strong>Im\u00e1genes: <\/strong>n\/a<\/p>\n<p>INFORMACI\u00d3N ANAL\u00cdTICA<\/p>\n<p>Contexto de la noticia:<\/p>\n<p>Guerrilleros en El Salvador penetraron en dos capitales departamentales, atacaron tres ciudades y cortaron la comunicaci\u00f3n de tres importantes autopistas en su ataque m\u00e1s fuerte en 15 meses. 2.400 trabajadores de Tejicondor aprobaron huelga en demanda de aumento salarial. Las Fuerzas Armadas confirmaron ayer que tras severas investigaciones se logr\u00f3 propinar un rudo golpe al M-19 en Bogot\u00e1 y reafirmaron que est\u00e1n en condiciones de garantizar la realizaci\u00f3n de las pr\u00f3ximas elecciones en completo orden y tranquilidad.<\/p>\n<p>Palabras clave: Respuestas Institucionales, Detenciones, Estudiantes,&nbsp; Hoyos Arboleda, Javier, Acciones de resistencia, Comunicados, declaraciones, misivas, Actores armados, MAS<\/p>\n<p>Sugerencia de palabras claves:<\/p>\n<p>Observaciones:<\/p>\n<p>Fecha de diligenciamiento: 04 de marzo de 2019<\/p>\n<h1 style=\"text-align: center;\">***<\/h1>\n<p><strong>N\u00famero de ficha<\/strong>:&nbsp; B48&nbsp;&nbsp;&nbsp;&nbsp;&nbsp;&nbsp;&nbsp;&nbsp;&nbsp;&nbsp;&nbsp;&nbsp;&nbsp;&nbsp;&nbsp;&nbsp;&nbsp;&nbsp;&nbsp;&nbsp;&nbsp;&nbsp;&nbsp;&nbsp;&nbsp;&nbsp;&nbsp;&nbsp;<\/p>\n<p><strong>Diligenciada por: <\/strong>Sara Ospina Restrepo<\/p>\n<p>INFORMACI\u00d3N BIBLIOGR\u00c1FICA<\/p>\n<p>Peri\u00f3dico: El Colombiano<\/p>\n<p>Lugar de edici\u00f3n: Medell\u00edn<\/p>\n<p>Autor personal:<\/p>\n<p>Autor corporativo: El Colombiano<\/p>\n<p>Fecha: 1982, marzo, 24<\/p>\n<p>P\u00e1gina: 13B<\/p>\n<p>Secci\u00f3n: Seguridad<\/p>\n<p><strong>Titular:<\/strong><\/p>\n<p><strong>Resumen:<\/strong><\/p>\n<p>\u201cTres encapuchados asaltaron anoche la cafeter\u00eda del edificio de deportes de la Universidad de Antioquia, en la Ciudad Universitaria y despu\u00e9s de encerrar en el local al administrador del establecimiento a una se\u00f1ora y a otras dos personas, salieron con el producto de lo robado. Los individuos\u2026 iban armados y amenazaron a las personas que se encontraban en esos momentos en el lugar\u201d<\/p>\n<p><strong>Im\u00e1genes: <\/strong>n\/a<\/p>\n<p>INFORMACI\u00d3N ANAL\u00cdTICA<\/p>\n<p>Contexto de la noticia:<\/p>\n<p>Una junta de gobierno compuesta por tres militares fue formada ayer por la noche en Guatemala, luego de un golpe de estado llevado a cabo por \u201coficiales j\u00f3venes\u201d, el presidente electo Guevara no alcanz\u00f3 a posesionarse. El fondo de las Naciones Unidas para la Infancia inform\u00f3 que m\u00e1s de 17 millones de ni\u00f1os mueren cada a\u00f1o en el tercer mundo. Asesinan en Cali a otro profesor universitario: Rodolfo Mallarino Zea.<\/p>\n<p>Palabras clave: Acciones violentas, Robo<\/p>\n<p>Sugerencia de palabras claves:<\/p>\n<p>Observaciones:<\/p>\n<p>Fecha de diligenciamiento: 04 de marzo de 2019<\/p>\n<h1 style=\"text-align: center;\">***<\/h1>\n<p><strong>N\u00famero de ficha<\/strong>: B49&nbsp;&nbsp;&nbsp;&nbsp;&nbsp;&nbsp;&nbsp;&nbsp;&nbsp;&nbsp;&nbsp;&nbsp;&nbsp;&nbsp;&nbsp;&nbsp;&nbsp;&nbsp;&nbsp;&nbsp;&nbsp;&nbsp;&nbsp;&nbsp;&nbsp;&nbsp;&nbsp;&nbsp;<\/p>\n<p><strong>Diligenciada por: <\/strong>Sara Ospina Restrepo<\/p>\n<p>INFORMACI\u00d3N BIBLIOGR\u00c1FICA<\/p>\n<p>Peri\u00f3dico: El Colombiano<\/p>\n<p>Lugar de edici\u00f3n: Medell\u00edn<\/p>\n<p>Autor personal:<\/p>\n<p>Autor corporativo:<\/p>\n<p>Fecha: 1982, marzo, 25<\/p>\n<p>P\u00e1gina: 10A<\/p>\n<p>Secci\u00f3n: Medell\u00edn-Antioquia<\/p>\n<p><strong>Titular: <\/strong>De la U. de A: Temor y zozobra en la Facultad de Econom\u00eda<\/p>\n<p><strong>Resumen:<\/strong><\/p>\n<p>\u201cLos estudiantes de la Facultad de Econom\u00eda de la Universidad de Antioquia viven un clima de tensi\u00f3n que ha afectado seriamente la normalidad acad\u00e9mica en dicha secci\u00f3n. Aseguran que se ha desatado contra su facultad una persecuci\u00f3n injusta expresada en detenciones de estudiantes y profesores en forma arbitraria. Desde los \u00faltimos meses del a\u00f1o pasado y lo que va de este, se han dado casos de detenciones rel\u00e1mpago a la puerta de la Facultad. Los retenidos son sometidos a interrogatorios intensos y luego puestos en libertad. Pero los casos que m\u00e1s preocupan a los distintos estamentos de dicha \u00e1rea son los que se presentaron el 7 de diciembre cuando fue asesinado el estudiante John Jairo Restrepo y luego la detenci\u00f3n de la alumna Beatriz Rivera. Esta permanece a \u00f3rdenes de las autoridades sin que hasta el presente se le haya formulado cargos ni se haya resuelto nada acerca de su situaci\u00f3n jur\u00eddica\u2026 Otro caso alarmante es el que se present\u00f3 con la detenci\u00f3n del compa\u00f1ero Alfonso Jaramillo. Su casa fue allanada y al no encontrar las autoridades a quien buscaban, se llevaron retenidas a su madre y a una hermana. Jaramillo, entonces, se present\u00f3 voluntariamente y ah\u00ed mismo fue privado de su libertad\u2026 Igualmente fueron detenidos los profesores Juan \u00c1ngel y John Suesc\u00fan quienes fueron liberados despu\u00e9s de pasar all\u00ed un fin de semana y someterlos a interrogatorios.<\/p>\n<p><strong>Im\u00e1genes: <\/strong>n\/a<\/p>\n<p>INFORMACI\u00d3N ANAL\u00cdTICA<\/p>\n<p>Contexto de la noticia:<\/p>\n<p>Oficiales del ej\u00e9rcito derrocaron ayer al presidente de Bangladesh, Abdus Sattar, en un golpe militar, reemplaz\u00e1ndolo por un administrador de ley marcial.&nbsp; Paro de una hora en la Caja Agraria. Los profesores de las universidades estatales contin\u00faan conservando su categor\u00eda de empleados p\u00fablicos.<\/p>\n<p>Palabras clave: Respuestas Institucionales, Detenciones, Acciones de resistencia, Comunicados, declaraciones, misivas, Estudiantes, Jaramillo, Alfonso, Rivera, Beatriz, Acciones Violentas, Asesinato, Estudiantes, Restrepo, John Jairo<\/p>\n<p>Sugerencia de palabras claves:<\/p>\n<p>Observaciones:<\/p>\n<p>Fecha de diligenciamiento: 07 de marzo de 2019<\/p>\n<h1 style=\"text-align: center;\">***<\/h1>\n<p><strong>N\u00famero de ficha<\/strong>: B50&nbsp;&nbsp;&nbsp;&nbsp;&nbsp;&nbsp;&nbsp;&nbsp;&nbsp;&nbsp;&nbsp;&nbsp;&nbsp;&nbsp;&nbsp;&nbsp;&nbsp;&nbsp;&nbsp;&nbsp;&nbsp;&nbsp;&nbsp;&nbsp;&nbsp;&nbsp;&nbsp;&nbsp;<\/p>\n<p><strong>Diligenciada por: <\/strong>Sara Ospina Restrepo<\/p>\n<p>INFORMACI\u00d3N BIBLIOGR\u00c1FICA<\/p>\n<p>Peri\u00f3dico: El Colombiano<\/p>\n<p>Lugar de edici\u00f3n: Medell\u00edn<\/p>\n<p>Autor personal:<\/p>\n<p>Autor corporativo: El Colombiano<\/p>\n<p>Fecha: 1982, mayo, 20<\/p>\n<p>P\u00e1gina: 9A<\/p>\n<p>Secci\u00f3n: Medell\u00edn- Antioquia<\/p>\n<p><strong>Titular: <\/strong>\u201cAsdua\u201d se pronuncia contra inseguridad universitaria<\/p>\n<p><strong>Resumen:<\/strong><\/p>\n<p>\u201cLa Asociaci\u00f3n de Docentes de la Universidad de Antioquia, \u201cASDUA\u201d se pronunci\u00f3 contra la inseguridad en la ciudad universitaria y pidi\u00f3 a las directivas mayor atenci\u00f3n a las medidas preventivas contra la delincuencia. En la ciudad universitaria han ocurrido numerosos robos y de modo extra\u00f1o han desaparecido copiadoras, equipos de betamax, c\u00e1maras fotogr\u00e1ficas, costosos libros sustra\u00eddos de bibliotecas de profesores, desmantelamiento de veh\u00edculos, rodo de los mismos, atracos como el registrado recientemente a la cafeter\u00eda de deportes y amenazas a profesores\u2026 La profesora Mar\u00eda Clara Fall\u00f3n, de la facultad de econom\u00eda, a quien bajo amenaza de muerte se la presion\u00f3 para \u201csuavizar\u201d una nota de habilitaci\u00f3n\u201d<\/p>\n<p><strong>Im\u00e1genes: <\/strong>n\/a<\/p>\n<p>INFORMACI\u00d3N ANAL\u00cdTICA<\/p>\n<p>Contexto de la noticia:<\/p>\n<p>Mientras Estados Unidos est\u00e1 suministrando armas y otros equipos militares a Gran Breta\u00f1a para los combates en el Atl\u00e1ntico Sur, Argentina ha intensificado sus esfuerzos para conseguir armas en el mundo y defender las Malvinas. Campa\u00f1a presidencial de Belisario en Antioquia. Taxistas afiliados a diferentes empresas obstaculizaron el transporte en el supermercado \u00c9xito de la calle Colombia, como represalia por el servicio que desde hace a\u00f1os prestan unos se\u00f1ores afiliados a Transuper.<\/p>\n<p>Palabras clave: Acciones de resistencia, Comunicados, declaraciones, misivas, Acciones Violentas, Da\u00f1o a bienes civiles, Amenaza, Profesores, Fall\u00f3n, Mar\u00eda Clara, Actores Institucionales, ASDUA<\/p>\n<p>Sugerencia de palabras claves:<\/p>\n<p>Observaciones:<\/p>\n<p>Fecha de diligenciamiento: 07 de marzo de 2019<\/p>\n<h1 style=\"text-align: center;\">***<\/h1>\n<p><strong>N\u00famero de ficha<\/strong>: B51&nbsp; &nbsp; &nbsp; &nbsp; &nbsp; &nbsp; &nbsp; &nbsp; &nbsp; &nbsp; &nbsp; &nbsp; &nbsp; &nbsp;<\/p>\n<p><strong>Diligenciada por: <\/strong>Sara Ospina Restrepo<\/p>\n<p>INFORMACI\u00d3N BIBLIOGR\u00c1FICA<\/p>\n<p>Peri\u00f3dico: El Colombiano<\/p>\n<p>Lugar de edici\u00f3n: Medell\u00edn<\/p>\n<p>Autor personal:<\/p>\n<p>Autor corporativo: El Colombiano<\/p>\n<p>Fecha: 1982, junio, 06<\/p>\n<p>P\u00e1gina: 2A<\/p>\n<p>Secci\u00f3n: n\/a<\/p>\n<p><strong>Titular: <\/strong>Apareci\u00f3 estudiante de la U. de A.<\/p>\n<p><strong>Resumen:<\/strong><\/p>\n<p>\u201cEl estudiante de la Facultad de sociolog\u00eda de la Universidad de Antioquia, H\u00e9ctor Augusto Aristiz\u00e1bal, quien se encontraba desaparecido desde hac\u00eda una semana, regres\u00f3 el jueves a su casa en perfecto estado de salud, informaron sus familiares. El estudiante, seg\u00fan informaci\u00f3n extraoficial, se encontraba retenido a \u00f3rdenes de la Cuarta Brigada para efectos de una investigaci\u00f3n en la cual result\u00f3 involucrado por equivocaci\u00f3n de las autoridades\u2026\u201d<\/p>\n<p><strong>Im\u00e1genes: <\/strong>n\/a<\/p>\n<p>INFORMACI\u00d3N ANAL\u00cdTICA<\/p>\n<p>Contexto de la noticia:<\/p>\n<p>Contin\u00faan tensiones entre Gran Breta\u00f1a y Argentina por las Malvinas, Argentina fortalece su armamento militar.&nbsp; Gana las elecciones presidenciales el candidato Belisario Betancur. Bolivianos respaldan al presidente electo en Colombia.<\/p>\n<p>Palabras clave: Respuestas Institucionales, Detenciones, Estudiantes, Aristiz\u00e1bal, H\u00e9ctor Augusto<\/p>\n<p>Sugerencia de palabras claves:<\/p>\n<p>Observaciones: El estudiante de psicolog\u00eda de la Universidad de Antioquia hab\u00eda desaparecido el 28 de mayo.&nbsp; Otro estudiante tambi\u00e9n desapareci\u00f3: Gustavo Albeiro Mu\u00f1oz Hurtado, estudiante de Ingenier\u00eda El\u00e9ctrica.<\/p>\n<p>Fecha de diligenciamiento: 07 de marzo de 2019<\/p>\n<h1 style=\"text-align: center;\">***<\/h1>\n<p><strong>N\u00famero de ficha<\/strong>: B52&nbsp;&nbsp;&nbsp;&nbsp;&nbsp;&nbsp; &nbsp;&nbsp;&nbsp;&nbsp;&nbsp;&nbsp;&nbsp;&nbsp;&nbsp;&nbsp;&nbsp;&nbsp;&nbsp;&nbsp;&nbsp;&nbsp;&nbsp;&nbsp;&nbsp;&nbsp;&nbsp;<\/p>\n<p><strong>Diligenciada por: <\/strong>Sara Ospina Restrepo<\/p>\n<p>INFORMACI\u00d3N BIBLIOGR\u00c1FICA<\/p>\n<p>Peri\u00f3dico: El Colombiano<\/p>\n<p>Lugar de edici\u00f3n: Medell\u00edn<\/p>\n<p>Autor personal:<\/p>\n<p>Autor corporativo: El Colombiano<\/p>\n<p>Fecha: 1982, junio, 18<\/p>\n<p>P\u00e1gina: 9B<\/p>\n<p>Secci\u00f3n: Seguridad<\/p>\n<p><strong>Titular: <\/strong>Profesores de la U. de A. repudian secuestro del Dr. Jairo Duque P\u00e9rez<\/p>\n<p><strong>Resumen:<\/strong><\/p>\n<p>\u201cM\u00e1s de 30 profesores de la Facultad de Derecho de la Universidad de Antioquia, firmaron una declaraci\u00f3n por medio de la cual repudian el secuestro de la persona del abogado penalista Jairo Duque P\u00e9rez, tambi\u00e9n profesor del Alma Mater\u2026\u201d<\/p>\n<p><strong>Im\u00e1genes: <\/strong>n\/a<\/p>\n<p>INFORMACI\u00d3N ANAL\u00cdTICA<\/p>\n<p>Contexto de la noticia:<\/p>\n<p>Tras conflicto b\u00e9lico entre israel\u00eds y palestinos sufrieron grandes da\u00f1os campamentos de refugiados en el L\u00edbano. El general Galtieri renunciar\u00e1 a la presidencia de Argentina y ser\u00e1 reemplazado interinamente por el ministro del Interior, general Alfredo Saint Jean.<\/p>\n<p>Palabras clave: Acciones violentas, Secuestro, Acciones de resistencia, Comunicados, declaraciones, misivas, Profesores, Duque P\u00e9rez, Jairo<\/p>\n<p>Sugerencia de palabras claves:<\/p>\n<p>Observaciones: en la nota period\u00edstica no se establece la fecha en la que fue secuestrado el profesor.<\/p>\n<p>Fecha de diligenciamiento: 07 de marzo de 2019<\/p>\n<h1 style=\"text-align: center;\">***<\/h1>\n<p><strong>N\u00famero de ficha<\/strong>:&nbsp; B53&nbsp;&nbsp;&nbsp;&nbsp;&nbsp;&nbsp;&nbsp;&nbsp;&nbsp;&nbsp;&nbsp;&nbsp;&nbsp;&nbsp;&nbsp;&nbsp;&nbsp;&nbsp;&nbsp;&nbsp;&nbsp;&nbsp;&nbsp;&nbsp;&nbsp;&nbsp;&nbsp;&nbsp;<\/p>\n<p><strong>Diligenciada por: <\/strong>Sara Ospina Restrepo<\/p>\n<p>INFORMACI\u00d3N BIBLIOGR\u00c1FICA<\/p>\n<p>Peri\u00f3dico: El Colombiano<\/p>\n<p>Lugar de edici\u00f3n: Medell\u00edn<\/p>\n<p>Autor personal:<\/p>\n<p>Autor corporativo: El Colombiano<\/p>\n<p>Fecha: 1982, julio, 16<\/p>\n<p>P\u00e1gina: 9B<\/p>\n<p>Secci\u00f3n: Seguridad<\/p>\n<p><strong>Titular: <\/strong>Sobre desaparici\u00f3n de un estudiante se pronuncia Comit\u00e9 de Derechos Humanos.<\/p>\n<p><strong>Resumen:<\/strong><\/p>\n<p>El Comit\u00e9 de defensa de los derechos humanos se pronunci\u00f3 mediante comunicado frente a la desaparici\u00f3n de un estudiante: \u201cDe acuerdo con testigos presentes en este lugar y en ese momento, el mi\u00e9rcoles 26 de mayo, alrededor de las 10 de la ma\u00f1ana, tres agentes de la P.M, componentes de una patrulla que estaba circulando en el Barrio Bel\u00e9n Rinc\u00f3n, cerca de su casa de habitaci\u00f3n, capturaron al estudiante de Ingenier\u00eda El\u00e9ctrica de la Universidad de Antioquia, se\u00f1or Gustavo Albeiro Mu\u00f1oz Hurtado. Desde ese mismo momento, su familia y sus amigos han estado averiguando por su paradero en todas las instalaciones de esta ciudad, sin que haya sido posible que se les informe sobre su ubicaci\u00f3n. En d\u00edas posteriores, a cuatro personas vinculadas a \u00e9l les fueron allanadas sus residencias, una de ellas, detenida en el Batall\u00f3n Girardot y posteriormente liberada\u2026\u201d<\/p>\n<p><strong>Im\u00e1genes: <\/strong>n\/a<\/p>\n<p>INFORMACI\u00d3N ANAL\u00cdTICA<\/p>\n<p>Contexto de la noticia:<\/p>\n<p>Contin\u00faan tensiones entre Ir\u00e1n e Irak. Zail Singh, nuevo presidente de la India. El gobierno del general Celso Torrelio decidi\u00f3 convocar a alecciones generales en Bolivia para el 24 de abril el pr\u00f3ximo a\u00f1o. Belisario reafirma soberan\u00eda sobre San Andr\u00e9s y los Cayos. La UdeA l\u00edder en educaci\u00f3n a distancia.<\/p>\n<p>Palabras clave: Acciones de resistencia, Comunicados, declaraciones, misivas, Estudiantes, Mu\u00f1oz Hurtado, Gustavo Alveiro<\/p>\n<p>Sugerencia de palabras claves:<\/p>\n<p>Observaciones:<\/p>\n<p>Fecha de diligenciamiento: 07 de marzo de 2019<\/p>\n<h1 style=\"text-align: center;\">***<\/h1>\n<p><strong>N\u00famero de ficha<\/strong>:&nbsp; B54&nbsp;&nbsp;&nbsp;&nbsp;&nbsp;&nbsp;&nbsp;&nbsp;&nbsp;&nbsp;&nbsp;&nbsp;&nbsp;&nbsp;&nbsp;&nbsp;&nbsp;&nbsp;&nbsp;&nbsp;&nbsp;&nbsp;&nbsp;&nbsp;&nbsp;&nbsp;&nbsp;&nbsp;<\/p>\n<p><strong>Diligenciada por: <\/strong>Sara Ospina Restrepo<\/p>\n<p>INFORMACI\u00d3N BIBLIOGR\u00c1FICA<\/p>\n<p>Peri\u00f3dico: El Colombiano<\/p>\n<p>Lugar de edici\u00f3n: Medell\u00edn<\/p>\n<p>Autor personal:<\/p>\n<p>Autor corporativo: El Colombiano<\/p>\n<p>Fecha: 1982, agosto, 27<\/p>\n<p>P\u00e1gina: 9B<\/p>\n<p>Secci\u00f3n: Seguridad<\/p>\n<p><strong>Titular: <\/strong>Encapuchados incendiaron una buseta en predios de la U. de A.<\/p>\n<p><strong>Resumen:<\/strong><\/p>\n<p>\u201cVarios encapuchados, entre los que se contaban tres mujeres, seg\u00fan testimonios de personas que estaban en los alrededores, asaltaron en la ma\u00f1ana de ayer la buseta de placas TO- 1231, cuando se desplazaba por la calle Barranquilla. A la altura de la Universidad de Antioquia, obligaron al chofer a que entrara a los predios de la Ciudad Universitaria. Luego le lanzaron bombas \u201cmolotov\u201d, que explotaron en el interior y el aparato qued\u00f3 envuelto en llamas\u201d<\/p>\n<p><strong>Im\u00e1genes: <\/strong>n\/a<\/p>\n<p>INFORMACI\u00d3N ANAL\u00cdTICA<\/p>\n<p>Contexto de la noticia:<\/p>\n<p>Llega a Siria barco con 550 palestinos procedentes de Beirut. El gobierno nacional anuncia la reintegraci\u00f3n de la Comisi\u00f3n de Paz para entablar di\u00e1logos con los subversivos.<\/p>\n<p>Palabras clave: Acciones Violentas, Da\u00f1o a bienes civiles<\/p>\n<p>Sugerencia de palabras claves:<\/p>\n<p>Observaciones:<\/p>\n<p>Fecha de diligenciamiento: 07 de marzo de 2019<\/p>\n<h1 style=\"text-align: center;\">***<\/h1>\n<p><strong>N\u00famero de ficha<\/strong>: B55&nbsp;&nbsp;&nbsp;&nbsp;&nbsp;&nbsp;&nbsp;&nbsp;&nbsp;&nbsp;&nbsp;&nbsp;&nbsp;&nbsp;&nbsp;&nbsp;&nbsp;&nbsp;&nbsp;&nbsp;&nbsp;&nbsp;&nbsp;&nbsp;&nbsp;&nbsp;&nbsp;&nbsp;<\/p>\n<p><strong>Diligenciada por: <\/strong>Sara Ospina Restrepo<\/p>\n<p>INFORMACI\u00d3N BIBLIOGR\u00c1FICA<\/p>\n<p>Peri\u00f3dico: El Colombiano<\/p>\n<p>Lugar de edici\u00f3n: Medell\u00edn<\/p>\n<p>Autor personal:<\/p>\n<p>Autor corporativo: El Colombiano<\/p>\n<p>Fecha: 1982, agosto, 28<\/p>\n<p>P\u00e1gina:<\/p>\n<p>Secci\u00f3n:<\/p>\n<p><strong>Titular: <\/strong>En la U. de A. profesores y estudiantes protestan por quema de buseta<\/p>\n<p><strong>Resumen:<\/strong><\/p>\n<p>Profesores y estudiantes emitieron comunicados de rechazo a la quema de bus en los predios universitarios:<\/p>\n<ol>\n<li>Junta directiva de la Asociaci\u00f3n de Profesores: \u201ceste es un acto terrorista que constituye un intento de alteraci\u00f3n al trabajo acad\u00e9mico, serio y ordenado que se viene cumpliendo\u201d<\/li>\n<li>Grupo de estudiantes: \u201cEste hecho de provocaci\u00f3n ocurre en momentos en que el estudiantado de la universidad y su movimiento estudiantil se hallan empe\u00f1ados en un arduo proceso que busca superar la dispersi\u00f3n reinante, puesta de manifiesto en la inexistencia de organizaciones amplias, democr\u00e1ticas y representativas de los estudiantes para la lucha por sus comunes intereses y aspiraciones\u201d.<\/li>\n<\/ol>\n<p><strong>Im\u00e1genes: <\/strong>n\/a<\/p>\n<p>INFORMACI\u00d3N ANAL\u00cdTICA<\/p>\n<p>Contexto de la noticia:<\/p>\n<p>Contin\u00faan fuertes tensiones entre Honduras y Nicaragua. En Per\u00fa, una pareja chilena mata beb\u00e9 para llenarlo de coca y pasarla a Chile. Denuncian atropellos de la Polic\u00eda en el Colegio Pascual Bravo.<\/p>\n<p>Palabras clave: Acciones de resistencia, Comunicados, declaraciones, misivas, Actores Institucionales, Asociaci\u00f3n de Profesores, Estudiantes<\/p>\n<p>Sugerencia de palabras claves:<\/p>\n<p>Observaciones:<\/p>\n<p>Fecha de diligenciamiento: 07 de marzo de 2019<\/p>\n<h1 style=\"text-align: center;\">***<\/h1>\n<p><strong>N\u00famero de ficha<\/strong>:&nbsp; B56&nbsp;&nbsp;&nbsp;&nbsp;&nbsp;&nbsp;&nbsp;&nbsp;&nbsp;&nbsp;&nbsp;&nbsp;&nbsp;&nbsp;&nbsp;&nbsp;&nbsp;&nbsp;&nbsp;&nbsp;&nbsp;&nbsp;&nbsp;&nbsp;&nbsp;&nbsp;&nbsp;&nbsp;<\/p>\n<p><strong>Diligenciada por: <\/strong>Sara Ospina Restrepo<\/p>\n<p>INFORMACI\u00d3N BIBLIOGR\u00c1FICA<\/p>\n<p>Peri\u00f3dico: El Colombiano<\/p>\n<p>Lugar de edici\u00f3n: Medell\u00edn<\/p>\n<p>Autor personal:<\/p>\n<p>Autor corporativo:<\/p>\n<p>Fecha: 1982, septiembre, 09<\/p>\n<p>P\u00e1gina: 6B<\/p>\n<p>Secci\u00f3n: n\/a<\/p>\n<p><strong>Titular: <\/strong>Solidaridad y libertad para los estudiantes detenidos<\/p>\n<p><strong>Resumen:<\/strong><\/p>\n<p>Los padres de familia y el Consejo Estudiantil del Liceo Antioque\u00f1o decidieron enviar un comunicado al presidente de la Republica, al Gobernador de Antioquia, al Ministro de Educaci\u00f3n, al presidente de la Asociaci\u00f3n de los Derechos Humanos en Colombia, al comandante de la Cuarta Brigada y al comandante de la polic\u00eda, con el fin de solicitar la libertad de los estudiantes que fueron detenidos por los hechos de orden p\u00fablico en los d\u00edas anteriores. Ellos afirman que <em>\u201ces inconsecuente que un pa\u00eds democr\u00e1tico le sea coartada la libertad de expresi\u00f3n a un organismo como el Consejo Estudiantil<\/em>\u201d.<\/p>\n<p><strong>Im\u00e1genes: <\/strong>n\/a<\/p>\n<p>INFORMACI\u00d3N ANAL\u00cdTICA<\/p>\n<p>Contexto de la noticia:<\/p>\n<p>En Colombia, en Bogot\u00e1, Belisario Betancur asume el cargo de presidente de Colombia, Colombia renuncia a ser la sede del Mundial de M\u00e9xico 86, por decisi\u00f3n del gobierno nacional, motivada por la falta de recursos, Pablo Escobar es elegido suplente a la C\u00e1mara de Representantes, El presidente Belisario Betancur sanciona la ley 35, con la que decreta una amnist\u00eda general para el M-19, EPL y las Farc y otros grupos guerrilleros. En el mundo, en M\u00e9xico, el presidente Jos\u00e9 L\u00f3pez Portillo en su \u00faltimo informe de gobierno decreta la nacionalizaci\u00f3n de la banca, en L\u00edbano se realizan las masacres de Sabra y Chatila.<\/p>\n<p>Palabras clave: Acciones de resistencia, Comunicados, declaraciones, misivas<\/p>\n<p>Sugerencia de palabras claves:<\/p>\n<p>Observaciones:<\/p>\n<p>Fecha de diligenciamiento: 07 de marzo de 2019<\/p>\n<h1 style=\"text-align: center;\">***<\/h1>\n<p><strong>N\u00famero de ficha<\/strong>:&nbsp; B57&nbsp;&nbsp;&nbsp;&nbsp;&nbsp;&nbsp;&nbsp;&nbsp;&nbsp;&nbsp;&nbsp;&nbsp;&nbsp;&nbsp;&nbsp;&nbsp;&nbsp;&nbsp;&nbsp;&nbsp;&nbsp;&nbsp;&nbsp;&nbsp;&nbsp;&nbsp;&nbsp;&nbsp;<\/p>\n<p><strong>Diligenciada por: <\/strong>Sara Ospina Restrepo<\/p>\n<p>INFORMACI\u00d3N BIBLIOGR\u00c1FICA<\/p>\n<p>Peri\u00f3dico: El Colombiano<\/p>\n<p>Lugar de edici\u00f3n: Medell\u00edn<\/p>\n<p>Autor personal:<\/p>\n<p>Autor corporativo: El Colombiano<\/p>\n<p>Fecha: 1982, octubre, 19<\/p>\n<p>P\u00e1gina: 12B<\/p>\n<p>Secci\u00f3n: Seguridad<\/p>\n<p><strong>Titular: <\/strong>20 encapuchados se tomaron una cafeter\u00eda de la U. de A.<\/p>\n<p><strong>Resumen:<\/strong><\/p>\n<p>\u201cVeinte encapuchados, entre los que se contaban varias mujeres, se tomaron en la ma\u00f1ana de ayer la cafeter\u00eda Fernando Barrientos, de la Universidad de Antioquia. Estas personas dijeron pertenecer al autodenominado Ej\u00e9rcito de Liberaci\u00f3n Nacional, grupo Jos\u00e9 Antonio Gal\u00e1n. Arengaron por m\u00e1s de cinco minutos y manifestaron haber sido la c\u00e9lula que dio muerte en d\u00edas pasados al licenciado Silvestre Guerra Madrigal, director del Liceo Marco Fidel Su\u00e1rez de esta ciudad\u2026\u201d<\/p>\n<p><strong>Im\u00e1genes: <\/strong>n\/a<\/p>\n<p>INFORMACI\u00d3N ANAL\u00cdTICA<\/p>\n<p>Contexto de la noticia:<\/p>\n<p>ELN rechaza la amnist\u00eda promovida por el gobierno de Belisario Betancur. Las empresas p\u00fablicas invertir\u00e1n 133.8 millones en sistemas el\u00e9ctricos. El 04 de octubre asesinan al rector del liceo Marco Fidel Su\u00e1rez, la Asociaci\u00f3n de profesores rechazaron mediante comunicado el asesinato del docente.<\/p>\n<p>Palabras clave: Acciones Violentas, Asesinato, Profesor, Guerra Madrigal, Silvestre, Actores Armados, EPL<\/p>\n<p>Sugerencia de palabras claves: toma violenta<\/p>\n<p>Observaciones:<\/p>\n<p>Fecha de diligenciamiento: 07 de marzo de 2019<\/p>\n<h1 style=\"text-align: center;\">***<\/h1>\n<p><strong>N\u00famero de ficha<\/strong>: B58&nbsp;&nbsp;&nbsp;&nbsp;&nbsp;&nbsp;&nbsp;&nbsp;&nbsp;&nbsp;&nbsp;&nbsp;&nbsp;&nbsp;&nbsp;&nbsp;&nbsp;&nbsp;&nbsp;&nbsp;&nbsp;&nbsp;&nbsp;&nbsp;&nbsp;&nbsp;&nbsp;&nbsp;<\/p>\n<p><strong>Diligenciada por: <\/strong>Sara Ospina Restrepo<\/p>\n<p>INFORMACI\u00d3N BIBLIOGR\u00c1FICA<\/p>\n<p>Peri\u00f3dico: El Colombiano<\/p>\n<p>Lugar de edici\u00f3n: Medell\u00edn<\/p>\n<p>Autor personal:<\/p>\n<p>Autor corporativo: El Colombiano<\/p>\n<p>Fecha: 1982, noviembre, 22<\/p>\n<p>P\u00e1gina: 12B<\/p>\n<p>Secci\u00f3n: Seguridad<\/p>\n<p><strong>Titular: <\/strong>Jairo Duque P\u00e9rez regres\u00f3 a su hogar<\/p>\n<p><strong>Resumen:<\/strong><\/p>\n<p>\u201cEn la noche de ayer, sano y salvo, por v\u00eda terrestre, de la poblaci\u00f3n de Maceo, situada a 149 kil\u00f3metros al nor-oriente de la capital antioque\u00f1a, regres\u00f3 a su residencia de El Poblado, el catedr\u00e1tico y penalista Jairo Duque P\u00e9rez, quien fuera secuestrado horas antes por un comando de las FARC que lo tuvo cautivo por m\u00e1s de 6 meses y por cuyo rescate se pag\u00f3 una suma no determinada de dinero\u2026\u201d<\/p>\n<p><strong>Im\u00e1genes: <\/strong>n\/a<\/p>\n<p>INFORMACI\u00d3N ANAL\u00cdTICA<\/p>\n<p>Contexto de la noticia:<\/p>\n<p>Seg\u00fan informe del BID declina la econom\u00eda en Am\u00e9rica Latina. El comandante \u201cDiego\u201d, veterano jefe del ELN se entreg\u00f3 en la Dorada para acogerse a la amnist\u00eda.<\/p>\n<p>Palabras clave: Acciones Violentas, Secuestro, Profesor, Duque P\u00e9rez, Jairo, Actores Armados, FARC<\/p>\n<p>Sugerencia de palabras claves:<\/p>\n<p>Observaciones:<\/p>\n<p>Fecha de diligenciamiento: 07 de marzo de 2019<\/p>\n<h1 style=\"text-align: center;\">***<\/h1>\n<p><strong>N\u00famero de ficha<\/strong>:&nbsp; B59&nbsp;&nbsp;&nbsp;&nbsp;&nbsp;&nbsp;&nbsp;&nbsp;&nbsp;&nbsp;&nbsp;&nbsp;&nbsp;&nbsp;&nbsp;&nbsp;&nbsp;&nbsp;&nbsp;&nbsp;&nbsp;&nbsp;&nbsp;&nbsp;&nbsp;&nbsp;&nbsp;<\/p>\n<p><strong>Diligenciada por: <\/strong>Sara Ospina Restrepo<\/p>\n<p>INFORMACI\u00d3N BIBLIOGR\u00c1FICA<\/p>\n<p>Peri\u00f3dico: El Colombiano<\/p>\n<p>Lugar de edici\u00f3n: Medell\u00edn<\/p>\n<p>Autor personal:<\/p>\n<p>Autor corporativo: El Colombiano<\/p>\n<p>Fecha: 1982, noviembre, 27<\/p>\n<p>P\u00e1gina: 9B<\/p>\n<p>Secci\u00f3n: Medell\u00edn- Antioquia<\/p>\n<p><strong>Titular: <\/strong>En la U. de A. Calma durante el primer d\u00eda de cierre<\/p>\n<p><strong>Resumen:<\/strong><\/p>\n<p>El secretario general del Alma Mater anunci\u00f3 que: \u201cla situaci\u00f3n est\u00e1 caldeada y los directivos no podemos correr riesgos ante la ocurrencia de amenazas graves que podr\u00edan afectar en forma m\u00e1s seria y prolongada la normalidad acad\u00e9mica\u201d \u2026 \u201cHern\u00e1n Valencia aclar\u00f3 que la toma del bloque administrativo por parte de un grupo de encapuchados en la ma\u00f1ana del jueves fue un incidente de poca trascendencia que se super\u00f3 sin implicaciones mayores\u2026\u201d<\/p>\n<p><strong>Im\u00e1genes: <\/strong>n\/a<\/p>\n<p>INFORMACI\u00d3N ANAL\u00cdTICA<\/p>\n<p>Contexto de la noticia:<\/p>\n<p>Finaliz\u00f3 el proceso electoral en Brasil, partidos oficiales ganaron 13 de las 23 gobernaciones. La asamblea de derechos humanos de Bolivia denunci\u00f3 ayer la desaparici\u00f3n de 164 personas durante los gobiernos militares de los \u00faltimos cuatro a\u00f1os. Caros Jim\u00e9nez G\u00f3mez, Procurador General de la Naci\u00f3n revelar\u00e1 al pa\u00eds el pr\u00f3ximo 30 de diciembre, quienes integran el MAS.<\/p>\n<p>Palabras clave: Respuestas Institucionales, Cierre administrativo, Acciones Violentas<\/p>\n<p>Sugerencia de palabras claves: toma<\/p>\n<p>Observaciones:<\/p>\n<p>Fecha de diligenciamiento: 07 de marzo de 2019<\/p>\n<h1 style=\"text-align: center;\">***<\/h1>\n<p><strong>N\u00famero de ficha<\/strong>:&nbsp; B60&nbsp;&nbsp;&nbsp;&nbsp;&nbsp;&nbsp;&nbsp;&nbsp;&nbsp;&nbsp;&nbsp;&nbsp;&nbsp;&nbsp;&nbsp;&nbsp;&nbsp;&nbsp;&nbsp;&nbsp;&nbsp;&nbsp;&nbsp;&nbsp;&nbsp;&nbsp;&nbsp;&nbsp;<\/p>\n<p><strong>Diligenciada por: <\/strong>Sara Ospina Restrepo<\/p>\n<p>INFORMACI\u00d3N BIBLIOGR\u00c1FICA<\/p>\n<p>Peri\u00f3dico: El Colombiano<\/p>\n<p>Lugar de edici\u00f3n: Medell\u00edn<\/p>\n<p>Autor personal:<\/p>\n<p>Autor corporativo: El Colombiano<\/p>\n<p>Fecha: 1982, diciembre, 07<\/p>\n<p>P\u00e1gina: 1A<\/p>\n<p>Secci\u00f3n: Portada<\/p>\n<p><strong>Titular: <\/strong>Reabierta la U. de A.<\/p>\n<p><strong>Resumen:<\/strong><\/p>\n<p>La Universidad de Antioquia retorna a la normalidad total de las actividades acad\u00e9micas.<\/p>\n<p><strong>Im\u00e1genes: <\/strong>n\/a<\/p>\n<p>INFORMACI\u00d3N ANAL\u00cdTICA<\/p>\n<p>Contexto de la noticia:<\/p>\n<p>En Colombia, Gloria Lara es asesinada por la Organizaci\u00f3n Revolucionaria del Pueblo tras tenerla secuestrada durante cinco meses, Gabriel Garc\u00eda M\u00e1rquez recibe el Premio Nobel de literatura, Las Farc prosiguen la lucha y el M-19 rechaz\u00f3 en noviembre la amnist\u00eda, Puente Aranda 13 de diciembre Ciento veinte mil barriles de combustible ardieron durante cuatro d\u00edas en la Central de Combustibles de Puente Aranda, en el incendio perdieron la vida dos personas. En el mundo, en Chile, los dirigentes sindicalistas Manuel Bustos, H\u00e9ctor Cuevas y Carlos Poldech son expulsados del pa\u00eds, en Venezuela, un incendio consume la planta de generaci\u00f3n de energ\u00eda el\u00e9ctrica Ricardo Zuloaga, falleciendo m\u00e1s de 160 personas, entre bomberos, polic\u00edas y comunicadores sociales.<\/p>\n<p>Palabras clave: Respuestas Institucionales, Reapertura<\/p>\n<p>Sugerencia de palabras claves:<\/p>\n<p>Observaciones:<\/p>\n<p>Fecha de diligenciamiento: 07 de marzo de 2019<\/p>\n<h1 style=\"text-align: center;\">***<strong>&nbsp; &nbsp;<\/strong><\/h1>\n<p><strong>N\u00famero de ficha<\/strong>:&nbsp; B61&nbsp;&nbsp;&nbsp;&nbsp;&nbsp;&nbsp;&nbsp;&nbsp;&nbsp;&nbsp;&nbsp;&nbsp;&nbsp;&nbsp;&nbsp;&nbsp;&nbsp;&nbsp;&nbsp;&nbsp;&nbsp;&nbsp;&nbsp;&nbsp;&nbsp;&nbsp;&nbsp;&nbsp;<\/p>\n<p><strong>Diligenciada por: <\/strong>Sara Ospina Restrepo<\/p>\n<p>INFORMACI\u00d3N BIBLIOGR\u00c1FICA<\/p>\n<p>Peri\u00f3dico: El Colombiano<\/p>\n<p>Lugar de edici\u00f3n: Medell\u00edn<\/p>\n<p>Autor personal: C\u00f3rdoba Laverde, Pedro Nel<\/p>\n<p>Autor corporativo: El Colombiano<\/p>\n<p>Fecha: 1982, diciembre, 07<\/p>\n<p>P\u00e1gina: 10B<\/p>\n<p>Secci\u00f3n: Seguridad<\/p>\n<p><strong>Titular: <\/strong>El procurador llega hoy a Medell\u00edn<\/p>\n<p><strong>Resumen:<\/strong><\/p>\n<p>El Procurador General de la Naci\u00f3n, Carlos Jim\u00e9nez G\u00f3mez, visitara Medell\u00edn para exclusivamente revisar el caso de la violenta muerte de la Hermana Carmen Ca\u00f1averal L\u00f3pez durante los disturbios estudiantiles que fueron provocados por la visita a Colombia del Secretario de Estado Norteamericano George Bush en pasado 14 de octubre de 1981.El veh\u00edculo en que viajaba la religiosa fue incendiado por varios estudiantes de la Universidad de Antioquia que participaban en los disturbios. Los responsables del hecho fueron excarcelados el pasado fin de semana mediante un fallo del tribunal superior de Medell\u00edn<\/p>\n<p><strong>Im\u00e1genes: <\/strong>n\/a<\/p>\n<p>INFORMACI\u00d3N ANAL\u00cdTICA<\/p>\n<p>Contexto de la noticia:<\/p>\n<p>En Colombia, Gloria Lara es asesinada por la Organizaci\u00f3n Revolucionaria del Pueblo tras tenerla secuestrada durante cinco meses, Gabriel Garc\u00eda M\u00e1rquez recibe el Premio Nobel de literatura, Las Farc prosiguen la lucha y el M-19 rechaz\u00f3 en noviembre la amnist\u00eda, Puente Aranda 13 de diciembre Ciento veinte mil barriles de combustible ardieron durante cuatro d\u00edas en la Central de Combustibles de Puente Aranda, en el incendio perdieron la vida dos personas. En el mundo, en Chile, los dirigentes sindicalistas Manuel Bustos, H\u00e9ctor Cuevas y Carlos Poldech son expulsados del pa\u00eds, en Venezuela, un incendio consume la planta de generaci\u00f3n de energ\u00eda el\u00e9ctrica Ricardo Zuloaga, falleciendo m\u00e1s de 160 personas, entre bomberos, polic\u00edas y comunicadores sociales.<\/p>\n<p>Palabras clave: Acciones Violentas, Ca\u00f1averal L\u00f3pez, Carmen, Acciones Contestatarias, Tropel<\/p>\n<p>Sugerencia de palabras claves:<\/p>\n<p>Observaciones:<\/p>\n<p>Fecha de diligenciamiento: 07 de marzo de 2019<\/p>\n<h1 style=\"text-align: center;\">***<\/h1>\n<p><strong>N\u00famero de ficha<\/strong>:&nbsp; B62&nbsp;&nbsp;&nbsp;&nbsp;&nbsp;&nbsp;&nbsp;&nbsp;&nbsp;&nbsp;&nbsp;&nbsp;&nbsp;&nbsp;&nbsp;&nbsp;&nbsp;&nbsp;&nbsp;&nbsp;&nbsp;&nbsp;&nbsp;&nbsp;&nbsp;&nbsp;&nbsp;&nbsp;<\/p>\n<p><strong>Diligenciada por: <\/strong>Sara Ospina Restrepo<\/p>\n<p>INFORMACI\u00d3N BIBLIOGR\u00c1FICA<\/p>\n<p>Peri\u00f3dico: El Colombiano<\/p>\n<p>Lugar de edici\u00f3n: Medell\u00edn<\/p>\n<p>Autor personal: Pedro Nel C\u00f3rdoba Laverde<\/p>\n<p>Autor corporativo:<\/p>\n<p>Fecha: 1982, diciembre, 07<\/p>\n<p>P\u00e1gina: 10B<\/p>\n<p>Secci\u00f3n: Seguridad<\/p>\n<p><strong>Titular: <\/strong>Magistrado refuta afirmaciones del procurador<\/p>\n<p><strong>Resumen:<\/strong><\/p>\n<p>Juan Fern\u00e1ndez Carrasquilla, magistrado del Tribunal Superior fue enf\u00e1tico y afirmativo al referirse al debate que sea generado en torno a la libertad concedida a los dos estudiantes que est\u00e1n involucrados en el caso de la muerte de la monja Sor Carmen Ca\u00f1averal. El magistrado rechazo las declaraciones hechas desde la semana pasada por el Procurador General de la Naci\u00f3n Carlos Jim\u00e9nez G\u00f3mez en las cuales dice que las afirmaciones del procurador son tendenciosas y temerarias y adem\u00e1s peligrosas para el tribunal.<\/p>\n<p><strong>Im\u00e1genes: <\/strong>n\/a<\/p>\n<p>INFORMACI\u00d3N ANAL\u00cdTICA<\/p>\n<p>Contexto de la noticia:<\/p>\n<p>En Colombia, Gloria Lara es asesinada por la Organizaci\u00f3n Revolucionaria del Pueblo tras tenerla secuestrada durante cinco meses, Gabriel Garc\u00eda M\u00e1rquez recibe el Premio Nobel de literatura, Las Farc prosiguen la lucha y el M-19 rechaz\u00f3 en noviembre la amnist\u00eda, Puente Aranda 13 de diciembre Ciento veinte mil barriles de combustible ardieron durante cuatro d\u00edas en la Central de Combustibles de Puente Aranda, en el incendio perdieron la vida dos personas. En el mundo, en Chile, los dirigentes sindicalistas Manuel Bustos, H\u00e9ctor Cuevas y Carlos Poldech son expulsados del pa\u00eds, en Venezuela, un incendio consume la planta de generaci\u00f3n de energ\u00eda el\u00e9ctrica Ricardo Zuloaga, falleciendo m\u00e1s de 160 personas, entre bomberos, polic\u00edas y comunicadores sociales.<\/p>\n<p>Palabras clave: Respuestas Institucionales<\/p>\n<p>Sugerencia de palabras claves:<\/p>\n<p>Observaciones:<\/p>\n<p>Fecha de diligenciamiento: 07 de marzo de 2019<\/p>\n<h1 style=\"text-align: center;\">***<\/h1>\n<p><strong>N\u00famero de ficha<\/strong>: B63&nbsp;&nbsp;&nbsp;&nbsp;&nbsp;&nbsp;&nbsp;&nbsp;&nbsp;&nbsp;&nbsp;&nbsp;&nbsp;&nbsp;&nbsp;&nbsp;&nbsp;&nbsp;&nbsp;&nbsp;&nbsp;&nbsp;&nbsp;&nbsp;&nbsp;&nbsp;&nbsp;&nbsp;<\/p>\n<p><strong>Diligenciada por: <\/strong>Sara Ospina Restrepo<\/p>\n<p>INFORMACI\u00d3N BIBLIOGR\u00c1FICA<\/p>\n<p>Peri\u00f3dico: El Colombiano<\/p>\n<p>Lugar de edici\u00f3n: Medell\u00edn<\/p>\n<p>Autor personal:<\/p>\n<p>Autor corporativo: El Colombiano<\/p>\n<p>Fecha: 1983, enero, 26<\/p>\n<p>P\u00e1gina: 11A<\/p>\n<p>Secci\u00f3n: Medell\u00edn-Antioquia<\/p>\n<p><strong>Titular: <\/strong>Renunci\u00f3 el rector de la Universidad de Antioquia<\/p>\n<p><strong>Resumen:<\/strong><\/p>\n<p>Renuncia el rector del Alma Mater, Oscar Madrid Botero, la nota period\u00edstica no presenta las razones de la renuncia.<\/p>\n<p><strong>Im\u00e1genes: <\/strong>n\/a<\/p>\n<p>INFORMACI\u00d3N ANAL\u00cdTICA<\/p>\n<p>Contexto de la noticia:<\/p>\n<p>Preocupaci\u00f3n internacional por posibles acciones de confrontaci\u00f3n por parte de Argentina contra los brit\u00e1nicos en disputa por las Malvinas. En El Salvador estrat\u00e9gico puente fue volado por los rebeldes para contener ofensiva de 6.000 soldados. Fuertes combates desde el pasado 11 de noviembre en el norte de Nicaragua entre fuerzas gubernamentales y antisandinistas han dejado un saldo de 42 muertos. Empresas P\u00fablicas desviaron el r\u00edo Buey.<\/p>\n<p>Palabras clave: Respuestas Institucionales, Rector, Madrid Botero, Oscar<\/p>\n<p>Sugerencia de palabras claves: Renuncia<\/p>\n<p>Observaciones:<\/p>\n<p>Fecha de diligenciamiento: 04 de marzo de 2019<\/p>\n<h1 style=\"text-align: center;\">***<\/h1>\n<p><strong>N\u00famero de ficha<\/strong>: B64&nbsp;&nbsp;&nbsp;&nbsp;&nbsp;&nbsp; &nbsp;&nbsp;&nbsp;&nbsp;&nbsp;&nbsp;&nbsp;&nbsp;&nbsp;&nbsp;&nbsp;&nbsp;&nbsp;&nbsp;&nbsp;&nbsp;&nbsp;&nbsp;&nbsp;&nbsp;&nbsp;<\/p>\n<p><strong>Diligenciada por: <\/strong>Sara Ospina Restrepo<\/p>\n<p>INFORMACI\u00d3N BIBLIOGR\u00c1FICA<\/p>\n<p>Peri\u00f3dico: El Colombiano<\/p>\n<p>Lugar de edici\u00f3n: Medell\u00edn<\/p>\n<p>Autor personal:<\/p>\n<p>Autor corporativo: El Colombiano<\/p>\n<p>Fecha: 1983, marzo, 31<\/p>\n<p>P\u00e1gina: 1A, 2A<\/p>\n<p>Secci\u00f3n: Portada<\/p>\n<p><strong>Titular: <\/strong>La U. de A. se pronuncia sobre el caso del estudiante muerto \/ Carta del procurador al rector de la U. de A. sobre el caso del estudiante que fue encontrado muerto \/Pronunciamiento p\u00fablico del Consejo Superior de la U. de A. Lamentan la muerte del joven Gustavo Albeiro Mu\u00f1oz Hurtado.<\/p>\n<p><strong>Resumen:<\/strong><\/p>\n<p>El CSU se pronunci\u00f3 sobre la desaparici\u00f3n del estudiante de ingenier\u00eda el\u00e9ctrica del Alma M\u00e1ter, Gustavo Mu\u00f1oz Hurtado, quien hab\u00eda sido capturado en Medell\u00edn por unidades del batall\u00f3n de polic\u00eda militar, y quien posteriormente fue encontrado muerto: \u201cpiensa la corporaci\u00f3n que el doloroso acontecimiento anunciado por el se\u00f1or procurador, constituye un episodio de inocultable gravedad cuyas caracter\u00edsticas imponen la necesidad de una profunda reflexi\u00f3n sobre la situaci\u00f3n por la cual atraviesa el pa\u00eds y exigen el compromiso y el esfuerzo unificado y solidario de la ciudadan\u00eda toda con las autoridades y con los sectores intelectuales en primera fila en la empresa positiva y edificadora de producir un orden basado en la plena justicia, en el imperio absoluto del Estado de derecho al servicio de todos los colombianos y en la garant\u00eda de que la autoridad se ejercitar\u00e1 para el exclusivo beneficio del bien com\u00fan, cuyo servicio exige la protecci\u00f3n de los derechos ciudadanos\u2026 el Consejo repudia de manera enf\u00e1tica y sincera la muerte del estudiante Mu\u00f1oz Hurtado y todas las actuaciones que se hubieran podido realizar tanto para producirla como para ocultar su ocurrencia\u2026 el Consejo hace un encarecido y solidario llamado a la comunidad universitaria, que pese a lo grave y doloroso del suceso, haga primar su capacidad pensante, su cordura y su af\u00e1n de construir sociedad y una universidad mejor por sobre cualquier otra consideraci\u00f3n y por sobre cualquier otra forma de reacci\u00f3n emotiva pero cargada de posibilidades negativas que desvirtuar\u00edan el sentido del momento\u201d.<\/p>\n<p>&nbsp;Por otro lado, el procurador emiti\u00f3 un comunicado al respecto: \u201cPor solicitud del se\u00f1or presidente de la rep\u00fablica me responsabilic\u00e9 ante el rector, profesores y estudiantes de esa Universidad y ante los parientes de los desaparecidos de la investigaci\u00f3n sobre el paradero de los estudiantes Gustavo Saldarriaga y Gustavo Albeiro Mu\u00f1oz Hurtado. El primero de ellos se encuentra sano y salvo, como pude informarlo oportunamente. El estudiante Gustavo Albeiro Mu\u00f1oz Hurtado fue muerto a bala por dos desconocidos, seg\u00fan relatan testigos de los hechos, en la ma\u00f1ana del 4 de julio de 1982, en la vereda El Viajano del municipio de Sahag\u00fan, departamento de C\u00f3rdoba, sobre la carretera que de Sahag\u00fan conduce a San Marcos. El \u00faltimo dato que se tiene sobre Mu\u00f1oz, anterior a su muerte, es el de que hab\u00eda sido capturado en Medell\u00edn por una patrulla del Batall\u00f3n de Polic\u00eda Militar n\u00famero 4 el 26 de mayo de 1983\u2026\u201d<\/p>\n<p><strong>Im\u00e1genes: <\/strong>n\/a<\/p>\n<p>INFORMACI\u00d3N ANAL\u00cdTICA<\/p>\n<p>Contexto de la noticia:<\/p>\n<p>El presidente Reagan propone a la URSS la reducci\u00f3n de cohetes de mediano alcance en Europa Occidental si acceden a reducir el arsenal general de cohetes de similar alcance. Ind\u00edgenas se unieron a los antisandinistas en Nicaragua. Se conforma nuevo equipo rectoral en la UdeA, luego del nombramiento del rector Dar\u00edo Valencia Restrepo el 25 de febrero de 1983.<\/p>\n<p>Palabras clave: Acciones de resistencia, Comunicados, misivas, declaraciones, Acciones Violentas, Asesinato, Estudiantes, Saldarriaga, Gustavo, Mu\u00f1oz Hurtado, Gustavo Albeiro, Actores Institucionales, Consejo Superior Universitario<\/p>\n<p>Sugerencia de palabras claves:<\/p>\n<p>Observaciones: El 8 de abril se registra en el peri\u00f3dico una carta del padre del otro estudiante (Gustavo Saldarriaga) que se menciona en la nota period\u00edstica, en el que se da a conocer que el estudiante se encuentra fuera del pa\u00eds por decisi\u00f3n propia con el objetivo de formarse en el exterior.&nbsp;<\/p>\n<p>Fecha de diligenciamiento: 04 de marzo de 2019<\/p>\n<h1 style=\"text-align: center;\">***<\/h1>\n<p><strong>N\u00famero de ficha<\/strong>: B65&nbsp;&nbsp;&nbsp;&nbsp;&nbsp;&nbsp;&nbsp;&nbsp;&nbsp;&nbsp;&nbsp;&nbsp;&nbsp;&nbsp;&nbsp;&nbsp;&nbsp;&nbsp;&nbsp;&nbsp;&nbsp;&nbsp;&nbsp;&nbsp;&nbsp;&nbsp;&nbsp;&nbsp;<\/p>\n<p><strong>Diligenciada por: <\/strong>Sara Ospina Restrepo<\/p>\n<p>INFORMACI\u00d3N BIBLIOGR\u00c1FICA<\/p>\n<p>Peri\u00f3dico: El Colombiano<\/p>\n<p>Lugar de edici\u00f3n: Medell\u00edn<\/p>\n<p>Autor personal:<\/p>\n<p>Autor corporativo: El Colombiano<\/p>\n<p>Fecha: 1983, abril, 20<\/p>\n<p>P\u00e1gina: 1A, 10B<\/p>\n<p>Secci\u00f3n: Portada, Seguridad<\/p>\n<p><strong>Titular: <\/strong>Siguen clases en la U. de Antioquia \/ Encapuchados quemaron buseta por la U. de A.<\/p>\n<p><strong>Resumen:<\/strong><\/p>\n<p>\u201cUna buseta de Transportes Bello fue incendiada ayer en la calle Barranquilla, al frente de la Ciudad Universitaria. Los estudiantes abandonaron los predios de la Universidad de Antioquia y sus puertas fueron cerradas. La secretaria general de la U. de A. inform\u00f3 que hoy, desde las seis de la ma\u00f1ana, ser\u00e1 reabierto el centro docente y que las labores administrativas continuar\u00e1n en forma normal. Anot\u00f3 la secretaria que el hecho no se origin\u00f3 por problemas internos de la Universidad puesto que las labores acad\u00e9micas correspondientes al presente per\u00edodo se iniciaron el 4 de abril dentro de la mayor normalidad, y tanto profesores, estudiantes y personal administrativo trabajan como de costumbre. Se dijo tambi\u00e9n que los hechos ocurridos ayer son totalmente ajenos y aislados de la comunidad universitaria. La suspensi\u00f3n de las labores ayer, fue, seg\u00fan el vocero de la universidad, de car\u00e1cter forzoso y el cierre temporal no afectar\u00e1 el futuro del Alma Mater\u201d.<\/p>\n<p>Igualmente, se detalla que \u201canarquistas encapuchados, en n\u00famero aproximado de 20, utilizando bombas \u201cmolotov\u201d e incendiarias, causaron des\u00f3rdenes en la ma\u00f1ana de ayer en las afueras de la Universidad de Antioquia, concretamente por la calle Barranquilla. Los individuos, ajenos al Alma Mater, aparecieron sorpresivamente al citado sector a eso de las diez y media de la ma\u00f1ana y comenzaron a arengar y a lanzar piedras y bombas a los veh\u00edculos que por all\u00ed transitaban\u2026 M\u00e1s de cien hombres, entre soldados y polic\u00edas llegaron al sitio donde se registraban los hechos y fue cuando se escucharon disparos, al parecer de rev\u00f3lver, sin que se hubiera establecido de qu\u00e9 parte ven\u00edan\u2026\u201d<\/p>\n<p><strong>Im\u00e1genes: <\/strong>IMGB65- IMGB65a<\/p>\n<p>Buseta incendiada. Foto: sin cr\u00e9ditos.<\/p>\n<p>Bomberos apagando buseta incendiada. Foto: Calder\u00f3n, Miguel.<\/p>\n<p>INFORMACI\u00d3N ANAL\u00cdTICA<\/p>\n<p>Contexto de la noticia:<\/p>\n<p>Detienen en Brasil cuatro aviones libios que estaban transportando armas y explosivos a Nicaragua. El gobierno de Estados Unidos conmin\u00f3 el 19 de abril a salir prontamente del pa\u00eds a dos diplom\u00e1ticos cubanos acreditados ante las Naciones Unidas, a los que acus\u00f3 de actividades hostiles de inteligencia. El presidente Reagan adopt\u00f3 un plan de construir 100 proyectiles teledirigidos MX y emplazarlos en sitios de lanzamientos existentes, con la promesa de que dar\u00e1n m\u00e1s seguridad a Estados Unidos y contribuir\u00e1n a presionar a Mosc\u00fa para que negocie una reducci\u00f3n del n\u00famero de armas nucleares. En Medell\u00edn es abolido el carn\u00e9 empresarial para taxistas y parrilleros y motociclistas deber\u00e1n usar casco.<\/p>\n<p>Palabras clave: Acciones Violentas, Da\u00f1o a bienes civiles, Acciones Contestatarias, Tropel, Respuestas Institucionales, Cierre administrativo, Reapertura<\/p>\n<p>Sugerencia de palabras claves:<\/p>\n<p>Observaciones:<\/p>\n<p>Fecha de diligenciamiento: 04 de marzo de 2019<\/p>\n<h1 style=\"text-align: center;\">***<\/h1>\n<p><strong>N\u00famero de ficha<\/strong>: B66&nbsp;&nbsp;&nbsp;&nbsp;&nbsp;&nbsp;&nbsp;&nbsp;&nbsp;&nbsp;&nbsp;&nbsp;&nbsp;&nbsp;&nbsp;&nbsp;&nbsp;&nbsp;&nbsp;&nbsp;&nbsp;&nbsp;&nbsp;&nbsp;&nbsp;&nbsp;&nbsp;&nbsp;<\/p>\n<p><strong>Diligenciada por: <\/strong>Sara Ospina Restrepo<\/p>\n<p>INFORMACI\u00d3N BIBLIOGR\u00c1FICA<\/p>\n<p>Peri\u00f3dico: El Colombiano<\/p>\n<p>Lugar de edici\u00f3n: Medell\u00edn<\/p>\n<p>Autor personal:<\/p>\n<p>Autor corporativo: El Colombiano<\/p>\n<p>Fecha: 1983, mayo, 10<\/p>\n<p>P\u00e1gina: 8B<\/p>\n<p>Secci\u00f3n: Seguridad<\/p>\n<p><strong>Titular: <\/strong>Desapareci\u00f3 estudiante de la U. de A.<\/p>\n<p><strong>Resumen:<\/strong><\/p>\n<p>\u201cBeatriz Rivera Montoya, estudiante de tercer semestre de Econom\u00eda de la Universidad de Antioquia, desapareci\u00f3 en forma extra\u00f1a desde el pasado viernes. Sobre este hecho no se suministraron mayores detalles, y s\u00f3lo se inform\u00f3 que la dama sali\u00f3 de su residencia desde la ma\u00f1ana del d\u00eda en menci\u00f3n y nada se volvi\u00f3 a saber de su paradero. La estudiante hab\u00eda sido detenida en meses pasados, por los servicios secretos del gobierno y bajo la sindicaci\u00f3n de pertenecer a una c\u00e9lula guerrillera\u201d.<\/p>\n<p><strong>Im\u00e1genes: <\/strong>n\/a<\/p>\n<p>INFORMACI\u00d3N ANAL\u00cdTICA<\/p>\n<p>Contexto de la noticia:<\/p>\n<p>Miles de veteranos de guerra sovi\u00e9ticos marcharon el 9 de mayo en las calles c\u00e9ntricas de Mosc\u00fa para celebrar el trig\u00e9simo-octavo aniversario de la rendici\u00f3n de la Alemania Nazi. Honduras ataca militarmente a Honduras. El papa Juan Pablo II, tras declarar que debe existir una separaci\u00f3n entre la ciencia y la \u201cesencia de la fe\u201d dijo que la Iglesia Cat\u00f3lica se equivoc\u00f3 al condenar al famoso astr\u00f3nomo Galileo. El BID aprob\u00f3 para Colombia pr\u00e9stamos por US$95 millones. Paro indefinido de estudiantes en el Liceo Tom\u00e1s Oziel Eastman de Santa B\u00e1rbara hasta que se haga el nombramiento de los profesores faltantes en la instituci\u00f3n.<\/p>\n<p>Palabras clave: Acciones Violentas, Desaparici\u00f3n forzada, Estudiantes, Rivera Montoya, Beatriz<\/p>\n<p>Sugerencia de palabras claves:<\/p>\n<p>Observaciones:<\/p>\n<p>Fecha de diligenciamiento: 04 de marzo de 2019<\/p>\n<h1 style=\"text-align: center;\">***<\/h1>\n<p><strong>N\u00famero de ficha<\/strong>: B67&nbsp;&nbsp;&nbsp;&nbsp;&nbsp;&nbsp;&nbsp;&nbsp;&nbsp;&nbsp;&nbsp;&nbsp;&nbsp;&nbsp;&nbsp;&nbsp;&nbsp;&nbsp;&nbsp;&nbsp;&nbsp;&nbsp;&nbsp;&nbsp;&nbsp;&nbsp;&nbsp;&nbsp;<\/p>\n<p><strong>Diligenciada por: <\/strong>Sara Ospina Restrepo<\/p>\n<p>INFORMACI\u00d3N BIBLIOGR\u00c1FICA<\/p>\n<p>Peri\u00f3dico: El Colombiano<\/p>\n<p>Lugar de edici\u00f3n: Medell\u00edn<\/p>\n<p>Autor personal:<\/p>\n<p>Autor corporativo: El Colombiano<\/p>\n<p>Fecha: 1983, mayo, 14<\/p>\n<p>P\u00e1gina: 10B<\/p>\n<p>Secci\u00f3n: Seguridad<\/p>\n<p><strong>Titular: <\/strong>Profesores de la U. de A. se dirigieron al Procurador. Piden investigar desaparici\u00f3n de una estudiante.<\/p>\n<p><strong>Resumen:<\/strong><\/p>\n<p>\u201cLos profesores de la Facultad de Ciencias Econ\u00f3micas de la Universidad de Antioquia, enviaron en las \u00faltimas horas una nota al procurador general de la naci\u00f3n, Carlos Jim\u00e9nez G\u00f3mez, as\u00ed como al rector del Alma Mater y copia a los medios de comunicaci\u00f3n en la cual dicen que desde el pasado 6 de mayo desapareci\u00f3 inexplicablemente la estudiante de esa facultad, Beatriz Rivera, sin que se conozca su paradero por parte de familiares, compa\u00f1eros y amigos. Se han hecho averiguaciones en centros hospitalarios, permanentes de Polic\u00eda, anfiteatro y otros sitios, y los resultados han sido infructuosos. Como es sabido la estudiante estuvo detenida en meses pasados, con otras personas, por presuntas vinculaciones al M-19 y a un secuestro de una estudiante, pero m\u00e1s tarde fue puesta en libertad y se acogi\u00f3 a la amnist\u00eda. M\u00e1s tarde la dama en menci\u00f3n comenz\u00f3 a recibir llamadas de desconocidos que la amenazaban de muerte.&nbsp; Los profesores solicitan la intervenci\u00f3n del procurador para la b\u00fasqueda y protecci\u00f3n de la vida universitaria. De otra parte, la Asociaci\u00f3n de Profesores de la misma universidad, dio a conocer un comunicado de alerta, en donde hace alusi\u00f3n al mismo caso y a otros que se presentaron en meses pasados\u201d.<\/p>\n<p><strong>Im\u00e1genes: <\/strong>n\/a<\/p>\n<p>INFORMACI\u00d3N ANAL\u00cdTICA<\/p>\n<p>Contexto de la noticia:<\/p>\n<p>Israel y L\u00edbano lograron acuerdo de retiro de tropas; Siria no lo acepta y refuerza sus efectivos de ocupaci\u00f3n. Guerrilleros salvadore\u00f1os mataron a 16 civiles en Cinquera, todos murieron con las manos atadas detr\u00e1s de la espalda. La OMS anuncia lucha contra el armamentismo. El ministro de Hacienda hizo un ofrecimiento de un cr\u00e9dito especial de $1.000 millones para reactivaci\u00f3n de obras en diferentes municipios del \u00c1rea Metropolitana. M\u00e1s de 200 muertos por paludismo en el Choc\u00f3.<\/p>\n<p>Palabras clave: Acciones Violentas, Desaparici\u00f3n forzada, Intimidaci\u00f3n, Amenaza, Estudiantes, Rivera, Beatriz, Actores Armados, M-19, Actores Institucionales, Asociaci\u00f3n de Profesores, Profesores<\/p>\n<p>Sugerencia de palabras claves:<\/p>\n<p>Observaciones:<\/p>\n<p>Fecha de diligenciamiento: 04 de marzo de 2019<\/p>\n<h1 style=\"text-align: center;\">***<\/h1>\n<p><strong>N\u00famero de ficha<\/strong>: B68&nbsp;&nbsp;&nbsp;&nbsp;&nbsp;&nbsp;&nbsp;&nbsp;&nbsp;&nbsp;&nbsp;&nbsp;&nbsp;&nbsp;&nbsp;&nbsp;&nbsp;&nbsp;&nbsp;&nbsp;&nbsp;&nbsp;&nbsp;&nbsp;&nbsp;&nbsp;&nbsp;&nbsp;<\/p>\n<p><strong>Diligenciada por: <\/strong>Sara Ospina Restrepo<\/p>\n<p>INFORMACI\u00d3N BIBLIOGR\u00c1FICA<\/p>\n<p>Peri\u00f3dico: El Colombiano<\/p>\n<p>Lugar de edici\u00f3n: Medell\u00edn<\/p>\n<p>Autor personal:<\/p>\n<p>Autor corporativo: El Colombiano<\/p>\n<p>Fecha: 1983, mayo, 18<\/p>\n<p>P\u00e1gina: 2\/A<\/p>\n<p>Secci\u00f3n: n\/a<\/p>\n<p><strong>Titular: <\/strong>Paro de 48 horas en la U. de A.<\/p>\n<p><strong>Resumen:<\/strong><\/p>\n<p>\u201cEn el d\u00eda de ayer y despu\u00e9s de larga asamblea, los estudiantes de la Universidad de Antioquia decretaron un paro de 48 horas que se levantar\u00e1 autom\u00e1ticamente en el momento de su culminaci\u00f3n. El paro se decret\u00f3 para protestar y exigir se investigue la desaparici\u00f3n de la alumna de la Facultad de Econom\u00eda, se\u00f1orita Beatriz Rivera de quien desde hace varios d\u00edas se ignora su paradero. La asamblea neg\u00f3 la propuesta de movilizaci\u00f3n hacia el centro de la ciudad en el d\u00eda de ayer. Todo lo que se llevar\u00e1 a cabo en este sentido, estar\u00eda considerado hecho por fuera de la universidad, con acciones aisladas y contrariando lo que resolvi\u00f3 la asamblea. Por otro lado, el se\u00f1or gobernador del departamento doctor Nicanor Restrepo Santamar\u00eda, orden\u00f3 se llevara a cabo la investigaci\u00f3n de rigor para esclarecer el caso de dicha estudiante\u201d.<\/p>\n<p><strong>Im\u00e1genes: <\/strong>n\/a<\/p>\n<p>INFORMACI\u00d3N ANAL\u00cdTICA<\/p>\n<p>Contexto de la noticia:<\/p>\n<p>Siria condena el acuerdo entre Israel y el L\u00edbano, lo describe como un acto de sumisi\u00f3n. Amnist\u00eda Internacional inform\u00f3 que tiene pruebas de que las fuerzas de seguridad de Chile han torturado a detenidos en centros secretos especialmente equipados. En Chile, la Iglesia denuncia censura para la radio \u201cCooperativa\u201d.<\/p>\n<p>Palabras clave: Acciones de resistencia, Paro, Actores Institucionales, Asamblea de Estudiantes, Estudiantes, Rivera, Beatriz, Actores Institucionales, Gobernador, Restrepo Santamar\u00eda, Nicanor, 1983-1984.<\/p>\n<p>Sugerencia de palabras claves:<\/p>\n<p>Observaciones:<\/p>\n<p>Fecha de diligenciamiento: 04 de marzo de 2019<\/p>\n<h1 style=\"text-align: center;\">***<\/h1>\n<p><strong>N\u00famero de ficha<\/strong>:&nbsp; B69&nbsp;&nbsp;&nbsp;&nbsp;&nbsp;&nbsp;&nbsp;&nbsp;&nbsp;&nbsp;&nbsp;&nbsp;&nbsp;&nbsp;&nbsp;&nbsp;&nbsp;&nbsp;&nbsp;&nbsp;&nbsp;&nbsp;&nbsp;&nbsp;&nbsp;&nbsp;&nbsp;&nbsp;<\/p>\n<p><strong>Diligenciada por: <\/strong>Sara Ospina Restrepo<\/p>\n<p>INFORMACI\u00d3N BIBLIOGR\u00c1FICA<\/p>\n<p>Peri\u00f3dico: El Colombiano<\/p>\n<p>Lugar de edici\u00f3n: Medell\u00edn<\/p>\n<p>Autor personal: Villa, Armando<\/p>\n<p>Autor corporativo: El Colombiano<\/p>\n<p>Fecha: 1983, mayo, 27<\/p>\n<p>P\u00e1gina: 5B<\/p>\n<p>Secci\u00f3n: Seguridad<\/p>\n<p><strong>Titular: <\/strong>En la U. de A.: Realizan un \u201ccampamento estudiantil\u201d. Estudiantes del Liceo Antioque\u00f1o se tomaron, por 3 horas, el bloque administrativo del Alma Mater.<\/p>\n<p><strong>Resumen:<\/strong><\/p>\n<p>\u201cEstudiantes del Liceo Antioque\u00f1o se tomaron ayer por la ma\u00f1ana la sede administrativa de la ciudad universitaria para solicitar la libertad de dos alumnos de este plantel que se encuentran encarcelados, y por la tarde fue levantado en ese centro docente, un \u201ccampamento estudiantil\u201d. Los estudiantes detenidos desde el jueves de la semana pasada son John Jairo Vargas Fl\u00f3rez y Weimar Alberto Hoyos G\u00f3mez. A estos se les resolver\u00e1 la situaci\u00f3n el pr\u00f3ximo s\u00e1bado\u2026 Desde las 8 y 30 de la ma\u00f1ana de ayer, unos 50 estudiantes del Liceo fueron entrando a los predios del Alma Mater, se dirigieron de uno en uno al bloque administrativo para no despertar sospechas y en un momento determinado declararon que se hab\u00edan tomado el edificio, cerraron las puertas de hierro y se apoderaron de la parte externa, m\u00e1s no entraron a ninguna oficina\u2026 El consejo acad\u00e9mico del Alma Mater, que estaba reunido, explic\u00f3 a los j\u00f3venes del Liceo Antioque\u00f1o que los alumnos del conflicto, estaban sometidos a los procedimientos legales y que s\u00f3lo el Juez de Instrucci\u00f3n Criminal encargado del caso, podr\u00eda tomar una determinaci\u00f3n\u2026 A las once de la ma\u00f1ana lleg\u00f3 un mitin hasta la rector\u00eda de la U. de A., compuesto por estudiantes del Liceo y de la ciudad universitaria, se sentaron en el piso y plantearon sus problemas\u2026 A las once y 30 de la ma\u00f1ana fue levantado el bloque en forma pac\u00edfica\u2026 La idea de realizar un campamento surgi\u00f3 de la asamblea de estudiantes que se efectu\u00f3 el pasado 24 de mayo. El campamento consiste en levantar una carpa en la plazuela Fernando Barrientos, ubicada en la ciudad universitaria, y desde ese lugar, exigir y denunciar hechos de diferente \u00edndole\u2026 El nombre de este movimiento es \u201cCampamento Estudiantil Beatriz Rivera\u201d \u2026 Dentro de las actividades que desarrollar\u00e1n los estudiantes en el \u201ccampamento\u201d se cuenta con una organizaci\u00f3n de varias comisiones que atender\u00e1n las funciones de propaganda, vigilancia y cultura. Tambi\u00e9n se llevar\u00e1n a cabo mitines por los predios universitarios, foros con diferentes tem\u00e1ticas, actos culturales, actos pol\u00edticos, recreativos, etc. Los estudiantes de la ciudad universitaria que adelantan el campamento, se sumaron a la petici\u00f3n de los estudiantes del Liceo Antioque\u00f1o que exigen la libertad de los alumnos, y denunciar \u201clas persecuciones contra Medardo Maturana y la profesora del Liceo Echavarr\u00eda Misas, Eugenia Duque, como tambi\u00e9n las amenazas hechas al profesor Pedro Luis Valencia de la U. de A\u2026\u201d<\/p>\n<p><strong>Im\u00e1genes: <\/strong>IMGB69<\/p>\n<p>Toma del bloque administrativo. Foto: Sin cr\u00e9dito.<\/p>\n<p>INFORMACI\u00d3N ANAL\u00cdTICA<\/p>\n<p>Contexto de la noticia:<\/p>\n<p>La administraci\u00f3n Reagan se propone gastar de 6 a 8 millones de d\u00f3lares en la organizaci\u00f3n y celebraci\u00f3n de las elecciones salvadore\u00f1as previstas para noviembre. 32 muertos en terremoto en Jap\u00f3n. $15.00o millones costar\u00e1 el t\u00fanel Medell\u00edn-Rionegro. Ocho bombas molotov estallaron el 26 de mayo al interior de la gobernaci\u00f3n de C\u00f3rdoba al culminar una ruidosa manifestaci\u00f3n de maestros de 26 municipios.<\/p>\n<p>Palabras clave: Acciones de resistencia, Mitin, Toma pac\u00edfica de lugares, Campamentos, Actividades culturales, Acciones pedag\u00f3gicas, Estudiantes, Vargas Fl\u00f3rez, John Jairo, Hoyos G\u00f3mez, Weimar Alberto, Rivera, Beatriz, Acciones Violentas, Desaparici\u00f3n forzada, Amenaza, Actores Institucionales, Consejo Superior Universitario, Profesores, Maturana, Medardo, Echavarr\u00eda Misas, Eugenia Duque, Valencia, Pedro Luis.<\/p>\n<p>Sugerencia de palabras claves:<\/p>\n<p>Observaciones:<\/p>\n<p>Fecha de diligenciamiento: 04 de marzo de 2019<\/p>\n<h1 style=\"text-align: center;\">***<\/h1>\n<p><strong>N\u00famero de ficha<\/strong>: B70&nbsp;&nbsp;&nbsp;&nbsp;&nbsp;&nbsp; &nbsp;&nbsp;&nbsp;&nbsp;&nbsp;&nbsp;&nbsp;&nbsp;&nbsp;&nbsp;&nbsp;&nbsp;&nbsp;&nbsp;&nbsp;&nbsp;&nbsp;&nbsp;&nbsp;&nbsp;&nbsp;<\/p>\n<p><strong>Diligenciada por: <\/strong>Sara Ospina Restrepo<\/p>\n<p>INFORMACI\u00d3N BIBLIOGR\u00c1FICA<\/p>\n<p>Peri\u00f3dico: El Colombiano<\/p>\n<p>Lugar de edici\u00f3n: Medell\u00edn<\/p>\n<p>Autor personal:<\/p>\n<p>Autor corporativo: El Colombiano<\/p>\n<p>Fecha: 1983, junio, 14<\/p>\n<p>P\u00e1gina: 1A, 12B<\/p>\n<p>Secci\u00f3n: Portada, Seguridad<\/p>\n<p><strong>Titular: <\/strong>Rector de la U. de A. habla de desaparici\u00f3n de un estudiante<\/p>\n<p><strong>Resumen:<\/strong><\/p>\n<p>\u201cEl rector de la Universidad de Antioquia, doctor Dar\u00edo Valencia Restrepo, dio a conocer ayer un comunicado en el cual se refiere a la desaparici\u00f3n extra\u00f1a del estudiante de sociolog\u00eda Juan Dar\u00edo Cuervo Sierra, ocurrida en la tarde del jueves 9 de junio. El alto funcionario manifest\u00f3 que se ha comunicado con las autoridades seccionales y con el procurador General de la Naci\u00f3n, que igualmente han manifestado su preocupaci\u00f3n por el caso\u2026\u201d.<\/p>\n<p>Igualmente, los profesores del departamento de Sociolog\u00eda de la Facultad de Ciencias Sociales emitieron un comunicado de repudio ante los hechos: \u201c\u20263. Que es deber nuestro denunciar este hecho y alertar a la opini\u00f3n p\u00fablica a que se manifieste contra esta situaci\u00f3n al parecer similar a la sufrida por los estudiantes del Alma Mater: Gustavo Mu\u00f1oz (asesinado) y Beatriz Rivera (desaparecida). 4. Solicitar a los medios de comunicaci\u00f3n y a la ciudadan\u00eda el apoyo necesario para exigir que se respete la vida el estudiante Juan Dar\u00edo Cuervo Sierra y se garantice su regreso a las aulas y su vida familiar\u2026\u201d<\/p>\n<p><strong>Im\u00e1genes: <\/strong>n\/a<\/p>\n<p>INFORMACI\u00d3N ANAL\u00cdTICA<\/p>\n<p>Contexto de la noticia:<\/p>\n<p>Jornada nacional de protesta en Chile. Guerrilleros peruanos dinamitaron tres torres de alta tensi\u00f3n en la ciudad del Cuzco, posteriormente provocaron un apag\u00f3n e hicieron estallar cargas de dinamita en distintos puntos. La Asociaci\u00f3n Colombiana de Controladores A\u00e9reos anunci\u00f3 paro indefinido en los aeropuertos del pa\u00eds en protesta por la demora en pago de salarios. Asocolflores condena acto criminal de narcotraficantes de camuflar la coca en las flores, lo que a su vez pone en peligro la exportaci\u00f3n de flores. El Congreso de la Rep\u00fablica aprueba reforma tributaria que permitir\u00e1 la reactivaci\u00f3n econ\u00f3mica del pa\u00eds.<\/p>\n<p>Palabras clave: Acciones Violentas, Desaparici\u00f3n forzada, Uso de petardos y explosivos, Estudiantes, Cuervo Sierra, Juan Dar\u00edo, Actores Institucionales, Rector, Valencia Restrepo, Dar\u00edo, Acciones de resistencia, Comunicados, declaraciones, misivas<\/p>\n<p>Sugerencia de palabras claves:<\/p>\n<p>Observaciones:<\/p>\n<p>Fecha de diligenciamiento: 04 de marzo de 2019<\/p>\n<h1 style=\"text-align: center;\">***<\/h1>\n<p><strong>N\u00famero de ficha<\/strong>:&nbsp; B71&nbsp;&nbsp;&nbsp;&nbsp;&nbsp;&nbsp; &nbsp;&nbsp;&nbsp;&nbsp;&nbsp;&nbsp;&nbsp;&nbsp;&nbsp;&nbsp;&nbsp;&nbsp;&nbsp;&nbsp;&nbsp;&nbsp;&nbsp;&nbsp;&nbsp;&nbsp;&nbsp;&nbsp;&nbsp;&nbsp;&nbsp;&nbsp;&nbsp;&nbsp;&nbsp;&nbsp;&nbsp;&nbsp;&nbsp;<\/p>\n<p><strong>Diligenciada por: <\/strong>Sara Ospina Restrepo<\/p>\n<p>INFORMACI\u00d3N BIBLIOGR\u00c1FICA<\/p>\n<p>Peri\u00f3dico: El Colombiano<\/p>\n<p>Lugar de edici\u00f3n: Medell\u00edn<\/p>\n<p>Autor personal:<\/p>\n<p>Autor corporativo: El Colombiano<\/p>\n<p>Fecha: 1983, junio, 16<\/p>\n<p>P\u00e1gina: 10B<\/p>\n<p>Secci\u00f3n: Seguridad<\/p>\n<p><strong>Titular: <\/strong>En Cali apareci\u00f3 estudiante de sociolog\u00eda de la U. de A.<\/p>\n<p><strong>Resumen:<\/strong><\/p>\n<p>\u201cEn la ciudad de Cali apareci\u00f3 en la tarde del mi\u00e9rcoles de esta semana el ciudadano Juan Dar\u00edo Cuervo Sierra, estudiante de sociolog\u00eda de la Universidad de Antioquia. Su desaparici\u00f3n se produjo horas despu\u00e9s de que culmin\u00f3 en Medell\u00edn, la marcha del silencio, en la tarde del 9 de presente mes\u2026 Informaron las autoridades que ahora la investigaci\u00f3n se adelantar\u00e1 en su contra, pues debe explicar a qu\u00e9 se debi\u00f3 su desaparici\u00f3n, que como es sabido puso en tensi\u00f3n a las autoridades\u201d.<\/p>\n<p><strong>Im\u00e1genes: <\/strong>n\/a<\/p>\n<p>INFORMACI\u00d3N ANAL\u00cdTICA<\/p>\n<p>Contexto de la noticia:<\/p>\n<p>Protesta mundial contra r\u00e9gimen militar chileno. Jaime Bateman Cay\u00f3n jefe m\u00e1ximo del M-19 reapareci\u00f3 el 15 de junio, disipando los rumores sobre su fuga.<\/p>\n<p>Palabras clave: Respuestas Institucionales, Estudiantes, Cuervo Sierra, Juan Dar\u00edo<\/p>\n<p>Sugerencia de palabras claves:<\/p>\n<p>Observaciones:<\/p>\n<p>Fecha de diligenciamiento: 04 de marzo de 2019<\/p>\n<h1 style=\"text-align: center;\">***<\/h1>\n<p><strong>N\u00famero de ficha<\/strong>: B72&nbsp;&nbsp;&nbsp;&nbsp;&nbsp;&nbsp;&nbsp;&nbsp;&nbsp;&nbsp;&nbsp;&nbsp;&nbsp;&nbsp;&nbsp;&nbsp;&nbsp;&nbsp;&nbsp;&nbsp;&nbsp;&nbsp;&nbsp;&nbsp;&nbsp;&nbsp;&nbsp;&nbsp;<\/p>\n<p><strong>Diligenciada por: <\/strong>Sara Ospina Restrepo<\/p>\n<p>INFORMACI\u00d3N BIBLIOGR\u00c1FICA<\/p>\n<p>Peri\u00f3dico: El Colombiano<\/p>\n<p>Lugar de edici\u00f3n: Medell\u00edn<\/p>\n<p>Autor personal:<\/p>\n<p>Autor corporativo: El Colombiano<\/p>\n<p>Fecha: 1983, junio, 24<\/p>\n<p>P\u00e1gina: 2A, 4C<\/p>\n<p>Secci\u00f3n: n\/a<\/p>\n<p><strong>Titular: <\/strong>En la U. de A. A las 10, acto de desagravio \/ Solidaridad con la U. de A.<\/p>\n<p><strong>Resumen:<\/strong><\/p>\n<p>El Consejo Acad\u00e9mico program\u00f3 un acto de desagravio ante los hechos vand\u00e1licos que han tenido lugar en el claustro universitario: \u201cEl Consejo Acad\u00e9mico de la Universidad de Antioquia reunido en la fecha, consciente de su misi\u00f3n y preocupada por el desenlace de hechos que han venido atentando contra la estabilidad misma de la instituci\u00f3n, considera que es oportuno y necesario fijar muy clara y seriamente su posici\u00f3n. Para nadie es un secreto que, desde hace alg\u00fan tiempo, personas con intereses oscuros han estado propinando rudos golpes a la Universidad mediante la colocaci\u00f3n, en diferentes lugares, de artefactos explosivos, con el inocultable prop\u00f3sito de producir da\u00f1os irreparables en vidas humanas y en los bienes materiales. No satisfechos con lo anterior, el d\u00eda 21 de junio, como la manifestaci\u00f3n m\u00e1s de esas acciones tendientes a negar todos los valores, lanzaron sus bombas de pintura y sus consignas nihilistas contra dos obras de arte. Es decir, han herido la universidad en su ser f\u00edsico y en su ser espiritual\u2026 Tenemos plena consciencia de que la universidad oficial carece de muchos recursos para su buen funcionamiento, pero tambi\u00e9n estamos convencidos de que s\u00f3lo podr\u00e1 salvarla el decidido esp\u00edritu de lucha que, para defenderla anime a toda la comunidad universitaria, esp\u00edritu que nace de la pr\u00e1ctica de sanos principios democr\u00e1ticos de conducci\u00f3n del claustro\u2026 As\u00ed mismo, convocamos a la comunidad universitaria a hacerse presente en el acto de desagravio que se realizar\u00e1 el viernes 24 de junio a las 10:00 am. En la plaza de la Biblioteca Central, para demostrar que estamos dispuestos a asumir, como compromiso universitario y social, una permanente y valerosa actitud de vigilancia en defensa de nuestra universidad\u201d.<\/p>\n<p>Por otro lado, el Consejo de la Facultad de Artes tambi\u00e9n expres\u00f3 en\u00e9rgica protesta ante el atentado al mural del Maestro Pedro Nel G\u00f3mez en la Biblioteca de la UdeA. As\u00ed mismo, ASDUA emiti\u00f3 un comunicado: \u201cASDUA se suma a la indignaci\u00f3n que ha causado en la comunidad universitaria el atentado contra el patrimonio cultural y art\u00edstico de la Universidad\u2026 Los intentos de incendiar la biblioteca, la desfiguraci\u00f3n del gran mural del maestro Pedro Nel G\u00f3mez y las manchas causadas con pintura a la escultura del maestro Rodrigo Arenas Betancur, no son propiamente un testimonio de cultura&#8230; Nos resistimos a creer que semejante vandalismo pueda ser obra de personas vinculadas a nuestra Alma Mater\u201d.<\/p>\n<p>Igualmente, el claustro de profesores de la Facultad de ciencias Econ\u00f3micas emiti\u00f3 un comunicado en rechazo a los hechos mencionados anteriormente y sum\u00f3 otros acontecimientos: \u201cMerece igualmente nuestro indignado rechazo a la acci\u00f3n de desconocidos que han colocado bombas y petardos en diferentes sitios de la instituci\u00f3n y muy especialmente en el edificio de la Facultad de Qu\u00edmica en donde pudo haber ocurrido una tragedia de gran magnitud. Queremos tambi\u00e9n dejar constancia p\u00fablica de nuestro rechazo al lenguaje agresivo y antiuniversitario que sectores estudiantiles han utilizado contra algunos profesores de la facultad de Qu\u00edmica para presionar la soluci\u00f3n a problemas que pueden y deben resolverse por las v\u00edas del di\u00e1logo\u201d.<\/p>\n<p><strong>Im\u00e1genes: <\/strong>n\/a<\/p>\n<ol>\n<li>INFORMACI\u00d3N ANAL\u00cdTICA<\/li>\n<\/ol>\n<p>Contexto de la noticia:<\/p>\n<p>La Confederaci\u00f3n de trabajadores de Venezuela denuncia condiciones de extrema pobreza en Venezuela. Militares niegan su vinculaci\u00f3n con el MAS. 100 millones debe el Hospital San Vicente a proveedores, sin embargo, Antioquia Solidaria impedir\u00e1 el cierre del centro asistencial.<\/p>\n<p>Palabras clave: Acciones Violentas, Da\u00f1o a bienes civiles, Acciones de resistencia, Actos simb\u00f3licos, Comunicados, declaraciones, misivas, Actores Institucionales, Consejo Acad\u00e9mico, Profesores<\/p>\n<p>Sugerencia de palabras claves:<\/p>\n<p>Observaciones:<\/p>\n<p>Fecha de diligenciamiento: 04 de marzo de 2019<\/p>\n<h1 style=\"text-align: center;\">***<\/h1>\n<p><strong>N\u00famero de ficha<\/strong>:&nbsp; B73&nbsp;&nbsp;&nbsp;&nbsp;&nbsp;&nbsp;&nbsp;&nbsp;&nbsp;&nbsp;&nbsp;&nbsp;&nbsp;&nbsp;&nbsp;&nbsp;&nbsp;&nbsp;&nbsp;&nbsp;&nbsp;&nbsp;&nbsp;&nbsp;&nbsp;&nbsp;&nbsp;&nbsp;<\/p>\n<p><strong>Diligenciada por: <\/strong>Sara Ospina Restrepo<\/p>\n<p>INFORMACI\u00d3N BIBLIOGR\u00c1FICA<\/p>\n<p>Peri\u00f3dico: El Colombiano<\/p>\n<p>Lugar de edici\u00f3n: Medell\u00edn<\/p>\n<p>Autor personal:<\/p>\n<p>Autor corporativo: El Colombiano<\/p>\n<p>Fecha: 1983, julio, 03<\/p>\n<p>P\u00e1gina: 4C<\/p>\n<p>Secci\u00f3n: Educaci\u00f3n<\/p>\n<p><strong>Titular: <\/strong>Por el atentado en la U. de A. Siguen los pronunciamientos<\/p>\n<p><strong>Resumen:<\/strong><\/p>\n<p>Pedro Nel G\u00f3mez se manifiesta ante los hechos ocurridos en el claustro universitario: \u201cme parece espantoso. Un abuso fe\u00edsimo de gente que sab\u00eda que estaba haciendo yo y s\u00f3lo quer\u00eda hacer da\u00f1o a la Universidad. Ellos sab\u00edan que yo lo pod\u00eda reparar. Ya antes se hab\u00eda sabido que hab\u00edan intentado otras cosas\u201d. Por su parte el maestro Rodrigo Arenas Betancur no se manifest\u00f3 frente los hechos.<\/p>\n<p>Por otro lado, diversas organizaciones se pronunciaron al respecto:<\/p>\n<ol>\n<li>Corporaci\u00f3n Sesquicentenario<\/li>\n<li>Asociaci\u00f3n de Acuarelistas de Antioquia: \u201c\u2026 Como artistas, y como antioque\u00f1os protestamos por lo que consideramos un crimen contra el arte y contra la universidad y no creemos que tan vil y reprochable acto sea producto de estudiantes que buscan la nutrici\u00f3n intelectual entro de sus aulas, y si de elementos ajenos que se esconden en las sombras para sembrar el caos y la violencia destruyendo a su paso el patrimonio invaluable del Alma Mater y de Antioquia.<\/li>\n<li>Extensi\u00f3n Cultural del Polit\u00e9cnico Colombiano<\/li>\n<li>Asociaci\u00f3n de Ingenieros Industriales Universidad de Antioquia<\/li>\n<li>Profesores Departamento de Sociolog\u00eda de U. de A: \u201cLa infame agresi\u00f3n a las obras de arte en la Universidad de Antioquia y en particular al mural del maestro Pedro Nel G\u00f3mez, <strong>los continuos petardos cercanos al crimen colectivo, las amenazas a profesores y la desaparici\u00f3n de estudiantes de la Universidad, lo mismo que los atentados contra la biblioteca<\/strong>, son el s\u00edntoma del grado cero de terror, violencia injusta y descomposici\u00f3n social que incubada en todo el coraz\u00f3n de la sociedad, azota con m\u00e1s vehemencia a la m\u00e1s esclarecida representante de la inteligencia como es el Alma Mater\u2026 El estigma que este grupo de personalidad autoritaria ha dejado en los muros con un emblema y un discurso sobre a nada, nos lleva a pensar que estamos ante una profundizaci\u00f3n de la anarqu\u00eda y el terror que ya no se presenta con manos y bandera rojas sino como una mano negra y una bandera negra\u2026\u201d<\/li>\n<li>Asociaci\u00f3n de Empleados no docentes del Alma Mater<\/li>\n<li>Consejo Facultad de Medicina<\/li>\n<\/ol>\n<p><strong>Im\u00e1genes: <\/strong>n\/a<\/p>\n<p>INFORMACI\u00d3N ANAL\u00cdTICA<\/p>\n<p>Contexto de la noticia:<\/p>\n<p>US$ 2.300 millones costar\u00e1 hidroel\u00e9ctrica que se construir\u00e1 en Ituango. Por lo menos un frente del EPL se acoger\u00eda a la Ley de Amnist\u00eda. Asesinado instructor del SENA en Risaralda.<\/p>\n<p>Palabras clave: Acciones Violentas, da\u00f1os a bienes civiles, Uso de petardos y explosivos, Amenazas, Acciones de resistencia, Declaraciones, comunicados, misivas, Actores gremiales, Corporaci\u00f3n Sesquicentenario, Asociaci\u00f3n de acuarelistas de Antioquia, Asociaci\u00f3n de Ingenieros Industriales de Antioquia, Actores Institucionales, Consejo Facultad de Medicina, ASDUA, Profesores<\/p>\n<p>Sugerencia de palabras claves:<\/p>\n<p>Observaciones:<\/p>\n<p>Fecha de diligenciamiento: 04 de marzo de 2019<\/p>\n<h1 style=\"text-align: center;\">***<\/h1>\n<p><strong>N\u00famero de ficha<\/strong>: B74&nbsp;&nbsp;&nbsp;&nbsp;&nbsp;&nbsp;&nbsp;&nbsp;&nbsp;&nbsp;&nbsp;&nbsp;&nbsp;&nbsp;&nbsp;&nbsp;&nbsp;&nbsp;&nbsp;&nbsp;&nbsp;&nbsp;&nbsp;&nbsp;&nbsp;&nbsp;&nbsp;&nbsp;<\/p>\n<p><strong>Diligenciada por: <\/strong>Sara Ospina Restrepo<\/p>\n<p>INFORMACI\u00d3N BIBLIOGR\u00c1FICA<\/p>\n<p>Peri\u00f3dico: El Colombiano<\/p>\n<p>Lugar de edici\u00f3n: Medell\u00edn<\/p>\n<p>Autor personal:<\/p>\n<p>Autor corporativo: El Colombiano<\/p>\n<p>Fecha: 1983, octubre, 12<\/p>\n<p>P\u00e1gina: 10B<\/p>\n<p>Secci\u00f3n: Seguridad<\/p>\n<p><strong>Titular: <\/strong>Explot\u00f3 petardo en la U. de A.<\/p>\n<p><strong>Resumen:<\/strong><\/p>\n<p>\u201cEn la tarde de ayer, en la parte de afuera, zona verde del bloque donde funciona la Facultad de Artes de la Universidad de Antioquia, explot\u00f3 una bomba incendiaria. En un principio se dijo que tres estudiantes hab\u00edan resultado quemados. Nuestros redactores se desplazaron a la Ciudad Universitaria y lo que realmente ocurri\u00f3 fue que alguien coloc\u00f3 la bomba, elaborada con potasio y otros elementos, dentro de un empaque de cigarrillos, la coloc\u00f3 en el sitio mencionado y a los pocos minutos estall\u00f3. S\u00f3lo alcanz\u00f3 a quemar parte de la grama y en las averiguaciones que se hicieron, ning\u00fan funcionario o estudiante del Alma Mater dio cuenta sobre heridos\u201d.<\/p>\n<p><strong>Im\u00e1genes: <\/strong>n\/a<\/p>\n<ol>\n<li>INFORMACI\u00d3N ANAL\u00cdTICA<\/li>\n<\/ol>\n<p>Contexto de la noticia:<\/p>\n<p>En Nicaragua, rebeldes hicieron estallar bombas que da\u00f1aron tanques de combustibles en un puerto. Dos atentados terroristas en La Paz, Bolivia. El 20 de octubre se har\u00e1 una marcha silenciosa \u201cen defensa del derecho a la vida\u201d programada por el Colegio Antioque\u00f1o de Abogados.<\/p>\n<p>Palabras clave: Acciones Violentas, Uso de petardos y explosivos<\/p>\n<p>Sugerencia de palabras claves:<\/p>\n<p>Observaciones:<\/p>\n<p>Fecha de diligenciamiento: 04 de marzo de 2019<\/p>\n<h1 style=\"text-align: center;\">***<\/h1>\n<p><strong>N\u00famero de ficha<\/strong>:&nbsp; B75&nbsp;&nbsp;&nbsp;&nbsp;&nbsp;&nbsp;&nbsp;&nbsp;&nbsp;&nbsp;&nbsp;&nbsp;&nbsp;&nbsp;&nbsp;&nbsp;&nbsp;&nbsp;&nbsp;&nbsp;&nbsp;&nbsp;&nbsp;&nbsp;&nbsp;&nbsp;&nbsp;&nbsp;<\/p>\n<p><strong>Diligenciada por: <\/strong>Sara Ospina Restrepo<\/p>\n<p>INFORMACI\u00d3N BIBLIOGR\u00c1FICA<\/p>\n<p>Peri\u00f3dico: El Colombiano<\/p>\n<p>Lugar de edici\u00f3n: Medell\u00edn<\/p>\n<p>Autor personal:<\/p>\n<p>Autor corporativo: El Colombiano<\/p>\n<p>Fecha: 1983, octubre, 28<\/p>\n<p>P\u00e1gina: 9B, 10B<\/p>\n<p>Secci\u00f3n: n\/a<\/p>\n<p><strong>Titular: <\/strong>Palabras por el derecho a la vida y por la paz \/ En silencio Antioquia pidi\u00f3 paz. Gigantesca movilizaci\u00f3n de todos los sectores sociales en la marcha por el Derecho a la Vida.<\/p>\n<p><strong>Resumen:<\/strong><\/p>\n<p>En la capital antioque\u00f1a se llev\u00f3 a cabo una marcha silenciosa por el derecho a la vida y por la paz, convocada por el Colegio Antioque\u00f1o de Abogados. En la marcha estuvieron presentes diversas entidades, incluida la Universidad de Antioquia. El profesor Luis Fernando V\u00e9lez V\u00e9lez emiti\u00f3 un discurso al finalizar la marcha en la Plaza de Berr\u00edo:<\/p>\n<p>\u201cLa vida de los pueblos, como la vida de los hombres, sufre procesos de desgaste natural, padece crisis, llega a la postraci\u00f3n y a veces se recupera prodigiosamente, se reproduce, se renueva. Nuestra sociedad est\u00e1 hoy enferma. Padece un episodio de dolor que no es producto de una sola causa, sino de la suma de innumerables factores que por las leyes del destino y de la din\u00e1mica social, se han conjugado para situarla en el lamentable estado en que se encuentra. El estado de injusticia, que, con sus secuelas de hambre, de desnutrici\u00f3n, de desnudez, de enfermedad, de falta de techo, de ignorancia, de carencia de empleo, de miseria, constituye, junto con la rapacidad y el apego al dinero f\u00e1cil y abundante, la etiolog\u00eda de la enfermedad social que padecemos y cuyas consecuencias de inseguridad, de asesinato y de violencia estamos degustando amargamente.<\/p>\n<p>Pero al enfermo social como al paciente humano, hay que tratarlo con calma y esperanza. No se puede desahuciarlo prematuramente. Frente a \u00e9l no se puede proceder con fatalismo, con sentimientos de derrota o con manifestaciones hist\u00e9ricas, m\u00e1xime cuando esa sociedad enferma, como acontece en el momento actual, da se\u00f1ales de vitalidad y expone sus reservas promisorias. Porque no otro cosa que una reserva enorme de energ\u00eda, una cantera y una fuente de resurrecci\u00f3n y de esperanza, muy lejana del agotamiento, es la manifestaci\u00f3n que todos los sectores ciudadanos hemos hecho con esta tarde de hermandad, cuando los anticuerpos del organismo social se han congregado y se han puesto en decidida marcha en defensa de la salud de la comunidad, en medio de la paz, que solo se logra con la justicia, la plena vitalidad de todos los miembros del cuerpo colectivo.<\/p>\n<p>Hoy la sociedad ha demostrado nuevamente su capacidad de reaccionar, porque ante la invitaci\u00f3n a defender el sagrado derecho de la vida, todos hemos dicho \u00a1Presentes! El solo hecho de que la comunidad entera, las asociaciones profesionales, la rama jurisdiccional del Poder P\u00fablico, la Iglesia, los sectores sindicales, las fuerzas acad\u00e9micas, culturales y art\u00edsticas, los medios de comunicaci\u00f3n, las instituciones c\u00edvicas, los gremios y el sector pol\u00edtico, hayan encontrado que la Paz y el Derecho a la vida, son valores dotados de capacidad unificadora que permiten fraternizar a los hombres y que por su poder generan fuerzas como la que hoy hemos palpado, donde las diferencias han cedido su paso al fervoroso anhelo de la paz, es ya un s\u00edntoma alentador que permite presagiar mejores d\u00edas\u2026 Fieles a los principios fraternales y pac\u00edficos de quienes convocaron y adhirieron a esta tarde de testimonio de hermandad, de paz, de vida y de justicia, dispers\u00e9monos ahora alegres, serenos y optimistas, pero alertas a todos los llamados de los nobles ideales de la paz y con la certeza de que la movilizaci\u00f3n de hoy no ha sido en contra de nadie, sino en favor de todos.<\/p>\n<p>March\u00e9monos a compartir con todos, nuestros prop\u00f3sitos de cambiar la sociedad a trav\u00e9s de nuestro propio cambio. March\u00e9monos decididos a sellar con nuestra sangre el compromiso de convertirnos en fan\u00e1ticos y fervorosos agitadores de la causa de la justicia, de la vida y de la paz. March\u00e9monos despu\u00e9s de elevar con la voz y el coraz\u00f3n la \u201cPlegaria desde Am\u00e9rica\u201d que escribi\u00f3 con unci\u00f3n nuestro poeta, el Maestro Carlos Castro Saavedra\u2026\u201d<\/p>\n<p>Por otro lado, la nota period\u00edstica rese\u00f1a que: \u201cSe arm\u00f3 un espect\u00e1culo con los desaparecidos. Hicieron desfilar un grupo en representaci\u00f3n de los campesinos perseguidos y de los desaparecidos del Magdalena Medio. En el mismo colocaron varias familias con ni\u00f1os en pecho y todo. Grupos universitarios mencionaron nombres de estudiantes y trabajadores desaparecidos, para preguntar d\u00f3nde podr\u00edan encontrarse. Utilizaron fotos y descripciones para precisar sus cargos\u201d.<\/p>\n<p><strong>Im\u00e1genes: <\/strong>IMGB75-IMGB75a-IMGB75b-IMGB75c-IMGB75d<\/p>\n<p>Luis Carlos Gal\u00e1n en la marcha. Foto: Zuleta Zea, Jorge<\/p>\n<p>Multitud en marcha. Foto: Zuleta Zea, Jorge<\/p>\n<p>Multitud con banderas blancas. Foto: Zuleta Zea, Jorge<\/p>\n<p>Desfile en Avenida la Playa. Foto: Zuleta Zea, Jorge<\/p>\n<p>Eduardo palacio, presidente del Tribunal Superior con la bandera de Colombia. Foto: Foto: Zuleta Zea, Jorge<\/p>\n<p>INFORMACI\u00d3N ANAL\u00cdTICA<\/p>\n<p>Contexto de la noticia:<\/p>\n<p>Un grupo de periodistas colombianos rechaz\u00f3 ayer ante la embajada de los Estados Unidos en Bogot\u00e1 la invasi\u00f3n de la Isla de Granada, en el Caribe.&nbsp; El gobierno nacional comenz\u00f3 ayer la preparaci\u00f3n de una agresiva estrategia para asegurar la neutralidad pol\u00edtica de los empleados p\u00fablicos en el pr\u00f3ximo debate electoral.<\/p>\n<p>Palabras clave: Acciones de resistencia, Movilizaci\u00f3n Social, Actos simb\u00f3licos, Profesores, V\u00e9lez V\u00e9lez, Luis Fernando<\/p>\n<p>Sugerencia de palabras claves:<\/p>\n<p>Observaciones:<\/p>\n<p>Fecha de diligenciamiento: 04 de marzo de 2019<\/p>\n<h1 style=\"text-align: center;\">***<\/h1>\n<p><strong>N\u00famero de ficha<\/strong>:&nbsp; B76&nbsp;&nbsp;&nbsp;&nbsp;&nbsp;&nbsp;&nbsp;&nbsp;&nbsp;&nbsp;&nbsp;&nbsp;&nbsp;&nbsp;&nbsp;&nbsp;&nbsp;&nbsp;&nbsp;&nbsp;&nbsp;&nbsp;&nbsp;&nbsp;&nbsp;&nbsp;&nbsp;&nbsp;<\/p>\n<p><strong>Diligenciada por: <\/strong>Sara Ospina Retrepo<\/p>\n<p>INFORMACI\u00d3N BIBLIOGR\u00c1FICA<\/p>\n<p>Peri\u00f3dico: El Colombiano<\/p>\n<p>Lugar de edici\u00f3n: Medell\u00edn<\/p>\n<p>Autor personal:<\/p>\n<p>Autor corporativo: El Colombiano<\/p>\n<p>Fecha: 1984, enero, 26<\/p>\n<p>P\u00e1gina: 4B<\/p>\n<p>Secci\u00f3n: n\/a<\/p>\n<p><strong>Titular: <\/strong>Roban cinco escopetas en asalto a la U. de A.<\/p>\n<p><strong>Resumen:<\/strong><\/p>\n<p>\u201cA las siete y media de la noche del pasado martes, tres hombres encapuchados, acompa\u00f1ados de una mujer, asaltaron la porter\u00eda de la Universidad de Antioquia, sector de Barranquilla. Imposibilitaron al portero de turno y luego se dirigieron al Departamento de Sostenimiento de donde robaron 5 escopetas de propiedad de la entidad. Luego salieron por la misma puerta y desaparecieron rumbo desconocido. No se estableci\u00f3 si se trata de delincuentes comunes o elementos subversivos. El celador que estaba de turno en esos momentos, fue quien formul\u00f3 la denuncia ante el permanente Norte\u201d.<\/p>\n<p><strong>Im\u00e1genes: <\/strong>n\/a<\/p>\n<p>INFORMACI\u00d3N ANAL\u00cdTICA<\/p>\n<p>Contexto de la noticia:<\/p>\n<p>En Nicaragua rechazan supervisi\u00f3n internacional de las elecciones presidenciales de 1985. Paro en Registradur\u00eda hasta que el gobierno nacional permita la inclusi\u00f3n en Carrera Administrativa, aumento de salarios y estabilidad laboral. Descubierto laboratorio de coca\u00edna al sur de Medell\u00edn.<\/p>\n<p>Palabras clave: Acciones Violentas, Robo<\/p>\n<p>Sugerencia de palabras claves:<\/p>\n<p>Observaciones:<\/p>\n<p>Fecha de diligenciamiento: 25 de febrero de 2019<\/p>\n<h1 style=\"text-align: center;\">***<\/h1>\n<p><strong>N\u00famero de ficha<\/strong>:&nbsp; B77&nbsp;&nbsp;&nbsp;&nbsp;&nbsp;&nbsp;&nbsp;&nbsp;&nbsp;&nbsp;&nbsp;&nbsp;&nbsp;&nbsp;&nbsp;&nbsp; &nbsp;&nbsp;&nbsp;&nbsp;&nbsp;&nbsp;&nbsp;&nbsp;&nbsp;&nbsp;&nbsp;<\/p>\n<p><strong>Diligenciada por: <\/strong>Sara Ospina Retrepo<\/p>\n<p>INFORMACI\u00d3N BIBLIOGR\u00c1FICA<\/p>\n<p>Peri\u00f3dico: El Colombiano<\/p>\n<p>Lugar de edici\u00f3n: Medell\u00edn<\/p>\n<p>Autor personal:<\/p>\n<p>Autor corporativo: El Colombiano<\/p>\n<p>Fecha: 1984, febrero, 22<\/p>\n<p>P\u00e1gina: 5B, 6B<\/p>\n<p>Secci\u00f3n: n\/a<\/p>\n<p><strong>Titular: <\/strong>Paulatino retorno a la normalidad<\/p>\n<p><strong>Resumen:<\/strong><\/p>\n<p>El segundo d\u00eda del paro c\u00edvico en Antioquia, termin\u00f3 con tranquilidad a lo largo del territorio, sin embargo, en cercan\u00edas de la Universidad de Antioquia se presentaron disturbios, m\u00edtines Barranquilla, arriba, pedrea a un Bus e intento de quema del mismo.<\/p>\n<p><strong>Im\u00e1genes: <\/strong>IMGB77-IMGB77a-IMGB77b<\/p>\n<p>Multitud de j\u00f3venes emprenden huida Barranquilla, arriba. Foto: Jaimar<\/p>\n<p>Unidad de polic\u00eda alrededor del campus. Foto: Jaimar<\/p>\n<p>Bus con los vidrios destrozados. Foto: Jaimar<\/p>\n<p>INFORMACI\u00d3N ANAL\u00cdTICA<\/p>\n<p>Contexto de la noticia:<\/p>\n<p>Fijan fecha para las elecciones presidenciales en Nicaragua (04 de noviembre). Finaliza paro nacional del poder judicial tras acuerdo con el gobierno nacional (reajuste salarial).<\/p>\n<p>Palabras clave: Acciones Violentas, Uso de petardos y explosivos, Da\u00f1o a bienes civiles<\/p>\n<p>Sugerencia de palabras claves:<\/p>\n<p>Observaciones:<\/p>\n<p>Fecha de diligenciamiento: 25 de febrero de 2019<\/p>\n<h1 style=\"text-align: center;\">***<\/h1>\n<p><strong>N\u00famero de ficha<\/strong>: B78&nbsp;&nbsp;&nbsp;&nbsp;&nbsp;&nbsp;&nbsp;&nbsp;&nbsp;&nbsp;&nbsp;&nbsp;&nbsp;&nbsp;&nbsp;&nbsp;&nbsp;&nbsp;&nbsp;&nbsp;&nbsp;&nbsp;&nbsp;&nbsp;&nbsp;&nbsp;&nbsp;&nbsp;<\/p>\n<p><strong>Diligenciada por: <\/strong>Sara Ospina Retrepo<\/p>\n<p>INFORMACI\u00d3N BIBLIOGR\u00c1FICA<\/p>\n<p>Peri\u00f3dico: El Colombiano<\/p>\n<p>Lugar de edici\u00f3n: Medell\u00edn<\/p>\n<p>Autor personal: C\u00f3rdoba Laverde, Pedro Nel<\/p>\n<p>Autor corporativo: El Colombiano<\/p>\n<p>Fecha: 1984, febrero, 23<\/p>\n<p>P\u00e1gina: B<\/p>\n<p>Secci\u00f3n: Seguridad<\/p>\n<p><strong>Titular: <\/strong>Cerca de la Universidad Nacional incendiaron furg\u00f3n particular<\/p>\n<p><strong>Resumen:<\/strong><\/p>\n<p>\u201cEn la ma\u00f1ana de ayer y parte de la tarde, por inmediaciones al Liceo Antioque\u00f1o y al Instituto Pascual Bravo se registraron algunos brotes de violencia, protagonizados especialmente por muchachos que se situaron al lado de la v\u00eda a lanzar piedras y bombas molotov a los buses que transitaban por el sector. Los revoltosos intentaron quemar dos buses, pero sus prop\u00f3sitos resultaron fallidos. La fuerza p\u00fablica se hizo presente e hizo despejar la zona\u2026 Pasadas las tres de la tarde, varios encapuchados lanzaron bombas incendiadas a un furg\u00f3n\u2026 el carro qued\u00f3 aparcado frente a la entrada de la Universidad Nacional\u2026\u201d<\/p>\n<p><strong>Im\u00e1genes: <\/strong>IMGB78<\/p>\n<p>Furg\u00f3n quem\u00e1ndose. Foto: El Colombiano<\/p>\n<p>INFORMACI\u00d3N ANAL\u00cdTICA<\/p>\n<p>Contexto de la noticia:<\/p>\n<p>Jordania rompi\u00f3 ayer relaciones diplom\u00e1ticas con Libia, en represalia por el saqueo de su embajada en Tripol\u00ed. Estados Unidos cancel\u00f3 env\u00edo de material b\u00e9lico al L\u00edbano por temor de que el armamento caiga en manos de milicianos drusos o chiitas que se oponen al gobierno de Amin Yemayel. Anuncian paro de maestros y empleados estatales en protesta por incumplimiento del pliego de peticiones: incrementos salariales. Tercer d\u00eda del paro c\u00edvico en Antioquia,<\/p>\n<p>Palabras clave: Acciones Violentas, Uso de petardos y explosivos, Da\u00f1o a bienes civiles<\/p>\n<p>Sugerencia de palabras claves:<\/p>\n<p>Observaciones:<\/p>\n<p>Fecha de diligenciamiento: 25 de febrero de 2019<\/p>\n<h1 style=\"text-align: center;\">***<\/h1>\n<p><strong>N\u00famero de ficha<\/strong>:&nbsp; B79&nbsp;&nbsp;&nbsp;&nbsp;&nbsp;&nbsp;&nbsp;&nbsp;&nbsp;&nbsp;&nbsp;&nbsp;&nbsp;&nbsp;&nbsp;&nbsp;&nbsp;&nbsp;&nbsp;&nbsp;&nbsp;&nbsp;&nbsp;&nbsp;&nbsp;&nbsp;&nbsp;&nbsp;<\/p>\n<p><strong>Diligenciada por: <\/strong>Sara Ospina Retrepo<\/p>\n<p>INFORMACI\u00d3N BIBLIOGR\u00c1FICA<\/p>\n<p>Peri\u00f3dico: El Colombiano<\/p>\n<p>Lugar de edici\u00f3n: Medell\u00edn<\/p>\n<p>Autor personal:<\/p>\n<p>Autor corporativo: El Colombiano<\/p>\n<p>Fecha: 1984, febrero, 24<\/p>\n<p>P\u00e1gina: 5B<\/p>\n<p>Secci\u00f3n: n\/a<\/p>\n<p><strong>Titular: <\/strong>Total restablecimiento de la normalidad<\/p>\n<p><strong>Resumen:<\/strong><\/p>\n<p>Debido a los disturbios presentados en d\u00edas anteriores a raz\u00f3n del paro c\u00edvico, la polic\u00eda nacional llev\u00f3 a cabo acciones preventivas alrededor de la Universidad para evitar hechos de violencia como los ocurridos el 23 febrero, cuando encapuchados ingresaron al predio de la Universidad de Antioquia un bus y procedieron a quemarlo.<\/p>\n<p><strong>Im\u00e1genes: <\/strong>IMGB79<\/p>\n<p>Bus quemado. Foto: sin cr\u00e9ditos.<\/p>\n<p>INFORMACI\u00d3N ANAL\u00cdTICA<\/p>\n<p>Contexto de la noticia:<\/p>\n<p>Asesinan candidato socialista al parlamento regional. Sin consecuencias el paro de maestros en Antioquia, s\u00f3lo una tercera parte hizo presencia en las actividades programadas.<\/p>\n<p>Palabras clave: Acciones Violentas, Da\u00f1o a bienes civiles<\/p>\n<p>Sugerencia de palabras claves:<\/p>\n<p>Observaciones:<\/p>\n<p>Fecha de diligenciamiento: 25 de febrero de 2019<\/p>\n<h1 style=\"text-align: center;\">***<\/h1>\n<p><strong>N\u00famero de ficha<\/strong>:&nbsp; B80&nbsp;&nbsp;&nbsp;&nbsp;&nbsp; &nbsp;&nbsp;&nbsp;&nbsp;&nbsp;&nbsp;&nbsp;&nbsp;&nbsp;&nbsp;&nbsp;&nbsp;&nbsp;&nbsp;&nbsp;&nbsp;&nbsp;&nbsp;&nbsp;&nbsp;&nbsp;&nbsp;<\/p>\n<p><strong>Diligenciada por: <\/strong>Sara Ospina Retrepo<\/p>\n<p>INFORMACI\u00d3N BIBLIOGR\u00c1FICA<\/p>\n<p>Peri\u00f3dico: El Colombiano<\/p>\n<p>Lugar de edici\u00f3n: Medell\u00edn<\/p>\n<p>Autor personal:<\/p>\n<p>Autor corporativo: El Colombiano<\/p>\n<p>Fecha: 1984, marzo, 02<\/p>\n<p>P\u00e1gina: 8B<\/p>\n<p>Secci\u00f3n: n\/a<\/p>\n<p><strong>Titular:&nbsp; <\/strong>Asaltada tesorer\u00eda de U. de A.<\/p>\n<p><strong>Resumen:<\/strong><\/p>\n<p>\u201cTres hombres y una mujer j\u00f3venes armados, asaltaron las oficinas que ocupa la tesorer\u00eda general de la Universidad de Antioquia. Obligaron a los empleados a encerrarse en los ba\u00f1os, pero dejaron a una persona afuera, a fin de que les abriera la caja fuerte. No cumplieron sus objetivos, pues el tesorero, el \u00fanico que pod\u00eda abrir la caja se encontraba en otro lugar del Alma Mater. Los delincuentes optaron por apropiarse de dinero de las taquillas, que no llegaba a $50.00\u201d<\/p>\n<p><strong>Im\u00e1genes: <\/strong>n\/a<\/p>\n<p>INFORMACI\u00d3N ANAL\u00cdTICA<\/p>\n<p>Contexto de la noticia:<\/p>\n<p>El ej\u00e9rcito de Afganist\u00e1n est\u00e1 reclutando a adolescentes para sus ofensivas contra guerrilleros, afirm\u00f3 diplom\u00e1tico occidental. El ej\u00e9rcito sandinista recuper\u00f3 Waspan y expuls\u00f3 hacia Honduras a los rebeldes miskitos que se apoderaron del lugar. Estados Unidos acusa a Irak de usar \u201cGas mostaza\u201d contra Ir\u00e1n. En Los Alpinos (parte alta Bel\u00e9n) ochenta familias viven sin servicios sanitarios.<\/p>\n<p>Palabras clave: Acciones Violentas, Robo<\/p>\n<p>Sugerencia de palabras claves:<\/p>\n<p>Observaciones:<\/p>\n<p>Fecha de diligenciamiento: 25 de febrero de 2019<\/p>\n<h1 style=\"text-align: center;\">***<\/h1>\n<p><strong>N\u00famero de ficha<\/strong>: B81&nbsp;&nbsp;&nbsp;&nbsp;&nbsp;&nbsp;&nbsp;&nbsp;&nbsp;&nbsp;&nbsp;&nbsp;&nbsp;&nbsp;&nbsp;&nbsp;&nbsp;&nbsp;&nbsp;&nbsp;&nbsp;&nbsp;&nbsp;&nbsp;&nbsp;&nbsp;&nbsp;&nbsp;<\/p>\n<p><strong>Diligenciada por: <\/strong>Sara Ospina Retrepo<\/p>\n<p>INFORMACI\u00d3N BIBLIOGR\u00c1FICA<\/p>\n<p>Peri\u00f3dico: El Colombiano<\/p>\n<p>Lugar de edici\u00f3n: Medell\u00edn<\/p>\n<p>Autor personal: C\u00f3rdoba Laverde, Pedro Nel<\/p>\n<p>Autor corporativo: El Colombiano<\/p>\n<p>Fecha: 1984, marzo, 08<\/p>\n<p>P\u00e1gina: 1A, 12B<\/p>\n<p>Secci\u00f3n: Portada, Seguridad<\/p>\n<p><strong>Titular: <\/strong>Suspenden clases en la U. de A. \/ Encapuchados quemaron dos buses dentro de la U. de A.<\/p>\n<p><strong>Resumen:<\/strong><\/p>\n<p>El CSU decide suspender las actividades universitarias hasta el domingo debido a que no existen las condiciones propicias para el desarrollo de las mismas. El 07 de marzo incendiaron dos buses al interior del claustro universitario: \u201cA las once de la ma\u00f1ana de ayer, 10 hombres encapuchados asaltaron dos buses de pasajeros que se desplazaban por inmediaciones a la Universidad de Antioquia y despu\u00e9s de amenazar a los choferes, los hicieron bajar, lo mismo que a los pocos pasajeros que all\u00ed viajaban. Luego, dos de los delincuentes tomaron el tim\u00f3n de los automotores y los entraron a los predios del establecimiento, cerraron las puertas de hierro y les lanzaron bombas molotov, quedando envueltos en llamas\u201d.&nbsp;<\/p>\n<p><strong>Im\u00e1genes: <\/strong>IMGB81- IMGB81a- IMGB81b<\/p>\n<p>Bus incendiado. Foto: Herv\u00e1squez<\/p>\n<p>Bus incendiado. Foto: Herv\u00e1squez<\/p>\n<p>Presencia policial. Foto: Herv\u00e1squez<\/p>\n<p>INFORMACI\u00d3N ANAL\u00cdTICA<\/p>\n<p>Contexto de la noticia:<\/p>\n<p>Nicaragua militariza frontera con Honduras. Irak hundi\u00f3 barco brit\u00e1nico. La URSS acusa a E.U por su presencia en el Golfo P\u00e9rsico. Cierran la UNAL como medida preventiva hasta el lunes, debido a incidentes violentos.<\/p>\n<p>Palabras clave: Acciones violentas, Da\u00f1o a bienes civiles<\/p>\n<p>Sugerencia de palabras claves:<\/p>\n<p>Observaciones:<\/p>\n<p>Fecha de diligenciamiento: 25 de febrero de 2019<\/p>\n<h1 style=\"text-align: center;\">***<\/h1>\n<p><strong>N\u00famero de ficha<\/strong>: B82&nbsp;&nbsp;&nbsp;&nbsp;&nbsp;&nbsp;&nbsp;&nbsp;&nbsp;&nbsp;&nbsp;&nbsp;&nbsp;&nbsp;&nbsp;&nbsp;&nbsp;&nbsp;&nbsp;&nbsp;&nbsp;&nbsp;&nbsp;&nbsp;&nbsp;&nbsp;&nbsp;&nbsp;<\/p>\n<p><strong>Diligenciada por: <\/strong>Sara Ospina Retrepo<\/p>\n<p>INFORMACI\u00d3N BIBLIOGR\u00c1FICA<\/p>\n<p>Peri\u00f3dico: El Colombiano<\/p>\n<p>Lugar de edici\u00f3n: Medell\u00edn<\/p>\n<p>Autor personal:<\/p>\n<p>Autor corporativo: El Colombiano<\/p>\n<p>Fecha: 1985, marzo, 09<\/p>\n<p>P\u00e1gina: 10B<\/p>\n<p>Secci\u00f3n: Seguridad<\/p>\n<p><strong>Titular: <\/strong>Profesores de la U. de A. Rechazan actos terroristas<\/p>\n<p><strong>Resumen:<\/strong><\/p>\n<p>La Asociaci\u00f3n de Profesores de la Universidad de Antioquia emitieron un comunicado en el que rechazan las acciones violentas llevadas a cabo alrededor y en el campus universitario: \u201cLa nueva t\u00e1ctica de introducir a los predios universitarios buses para quemarlos all\u00ed y el asalto a la Tesorer\u00eda de la Instituci\u00f3n, son provocaciones demasiado sospechosas de las fuerzas antiuniversitarias empe\u00f1adas en desfigurar la imagen de la universidad p\u00fablica y desviarla del cumplimiento de sus objetivos\u2026 El rechazo a los actos de provocaci\u00f3n anarquista y de corte terrorista dentro de la universidad es precisamente una precondici\u00f3n para que los estamentos de la universidad podamos ejercer el derecho inalienable al debate, a la participaci\u00f3n en el acontecer pol\u00edtico-social\u2026\u201d<\/p>\n<p><strong>Im\u00e1genes: <\/strong>n\/a<\/p>\n<p>INFORMACI\u00d3N ANAL\u00cdTICA<\/p>\n<p>Contexto de la noticia:<\/p>\n<p>Irak e Ir\u00e1n luchan en Majnoon, estrat\u00e9gico campo petrol\u00edfero del gobierno de Bagdad. Atentados terroristas en chile contra emisoras locales, preparan protesta masiva contra Pinochet. Colombia ratific\u00f3 ayer la plena soberan\u00eda sobre el cayo Serranilla, localizado en el Mar Caribe y el cual es reclamado por Honduras.<\/p>\n<p>Palabras clave: Acciones de resistencia, Comunicados, misivas, declaraciones, Actores Institucionales, Asociaci\u00f3n de Profesores<\/p>\n<p>Sugerencia de palabras claves:<\/p>\n<p>Observaciones:<\/p>\n<p>Fecha de diligenciamiento: 25 de febrero de 2019<\/p>\n<h1 style=\"text-align: center;\">***<\/h1>\n<p><strong>N\u00famero de ficha<\/strong>:&nbsp; B83&nbsp;&nbsp;&nbsp;&nbsp;&nbsp;&nbsp;&nbsp;&nbsp;&nbsp;&nbsp;&nbsp;&nbsp;&nbsp;&nbsp;&nbsp;&nbsp;&nbsp;&nbsp;&nbsp;&nbsp;&nbsp;&nbsp;&nbsp;&nbsp;&nbsp;&nbsp;&nbsp;&nbsp;<\/p>\n<p><strong>Diligenciada por: <\/strong>Sara Ospina Retrepo<\/p>\n<p>INFORMACI\u00d3N BIBLIOGR\u00c1FICA<\/p>\n<p>Peri\u00f3dico: El Colombiano<\/p>\n<p>Lugar de edici\u00f3n: Medell\u00edn<\/p>\n<p>Autor personal: Vel\u00e1squez G\u00f3mez, Ramiro &amp; Molina, Faber<\/p>\n<p>Autor corporativo: El Colombiano<\/p>\n<p>Fecha: 1984, marzo, 15<\/p>\n<p>P\u00e1gina: 4<\/p>\n<p>Secci\u00f3n: Local<\/p>\n<p><strong>Titular: <\/strong>No pasar\u00e1n buses por la U. de A.<\/p>\n<p><strong>Resumen:<\/strong><\/p>\n<p>\u201cEn vista de los problemas que en las \u00faltimas semanas han tenido los transportadores urbanos, ayer decidieron suspender el paso de buses por las inmediaciones de la Universidad de Antioquia, dijo Gilberto Molina, presidente de Cotransa. Indic\u00f3 que por los continuos ataques que han arrojado siete buses quemados y m\u00e1s de 300 apedreados, fuera de heridos que ha habido entre conductores y pasajeros, se ha tomado esa determinaci\u00f3n para defender los intereses de los transportadores y en vista de que el gobierno no ha sido dr\u00e1stico en la aplicaci\u00f3n de medidas\u201d.<\/p>\n<p><strong>Im\u00e1genes: <\/strong>n\/a<\/p>\n<p>INFORMACI\u00d3N ANAL\u00cdTICA<\/p>\n<p>Contexto de la noticia:<\/p>\n<p>El Gobierno Nacional declar\u00f3 turbado el orden p\u00fablico y en estado de sitio los departamentos del Caquet\u00e1, Huila, Cauca y Meta.<\/p>\n<p>Palabras clave: Respuestas Institucionales, Actores gremiales, Cotransa, Molina, Gilberto<\/p>\n<p>Sugerencia de palabras claves: medidas reactivas<\/p>\n<p>Observaciones:<\/p>\n<p>Fecha de diligenciamiento: 25 de febrero de 2019<\/p>\n<h1 style=\"text-align: center;\">***<\/h1>\n<p><strong>N\u00famero de ficha<\/strong>: B84&nbsp;&nbsp;&nbsp;&nbsp;&nbsp;&nbsp;&nbsp;&nbsp;&nbsp;&nbsp;&nbsp;&nbsp;&nbsp;&nbsp;&nbsp;&nbsp;<\/p>\n<p><strong>Diligenciada por: <\/strong>Sara Ospina Retrepo<\/p>\n<p>INFORMACI\u00d3N BIBLIOGR\u00c1FICA<\/p>\n<p>Peri\u00f3dico: El Colombiano<\/p>\n<p>Lugar de edici\u00f3n: Medell\u00edn<\/p>\n<p>Autor personal: Molina V\u00e9lez, Mar\u00eda Isabel<\/p>\n<p>Autor corporativo: El Colombiano<\/p>\n<p>Fecha: 1984, abril, 05<\/p>\n<p>P\u00e1gina: 1AB, 3A<\/p>\n<p>Secci\u00f3n: Portada,<\/p>\n<p><strong>Titular: <\/strong>Mensaje del rector de la U. de A. Rechazo a las v\u00edas de hecho<\/p>\n<p><strong>Resumen:<\/strong><\/p>\n<p>\u201cLlamamiento a la comunidad universitaria para que tome conciencia sobre las graves e inaplazables implicaciones de la actual anormalidad acad\u00e9mica y de los ceses de actividades, hizo el rector Dar\u00edo Valencia Restrepo, en carta dirigida a los estudiantes en la cual advierte sobre la posibilidad de cancelaci\u00f3n del semestre. Horas despu\u00e9s de haberse producido el comunicado del rector, una asamblea general aprob\u00f3 un paro hasta el pr\u00f3ximo martes 10 de abril. Estudiantes del Alma Mater vienen adelantando desde hace un mes un movimiento tendiente a conseguir la modificaci\u00f3n de las normas acad\u00e9micas y una amnist\u00eda para los estudiantes que salieron de la universidad por bajo rendimiento. Ayer la rector\u00eda orden\u00f3 el desalojo de la Ciudad Universitaria hasta hoy a primera hora. Se anunci\u00f3 la realizaci\u00f3n de una concentraci\u00f3n regional estudiantil, hoy a las dos de la tarde\u2026\u201d \u201cLa actual administraci\u00f3n de la universidad\u2212dice Valencia Restrepo\u2212, intenta practicar la democracia en el interior de la instituci\u00f3n, pero viene siendo sometida a una dur\u00edsima prueba y confrontaci\u00f3n mediante las v\u00edas de hecho, tales como los ceses de actividades, los actos violentos y delictivos en predios universitarios, la toma de espacios f\u00edsicos, como s\u00edntoma inexcusable del surgimiento de administraciones paralelas en menoscabo de las actividades acad\u00e9micas de las distintas dependencias, los vetos a profesores, las demandas perentorias, las irrupciones descorteses y a veces agresivas de grupos de estudiantes en las oficinas administrativas para presentar, sin miramiento por las personas, reclamos o exigencias de dependencias en particular, y en fin, el asedio de la direcci\u00f3n de la universidad\u2026\u201d<\/p>\n<p><strong>Im\u00e1genes: <\/strong>n\/a<\/p>\n<p>INFORMACI\u00d3N ANAL\u00cdTICA<\/p>\n<p>Contexto de la noticia:<\/p>\n<p>El economista Roberto Soto Prieto, principal gestor del robo de 13.5 millones de d\u00f3lares de una cuenta oficial cifrada en el Chase Manhattan Bank de Londres, huy\u00f3 el martes \u00faltimo hacia Alemania. El costo de vida subi\u00f3 1,87% en marzo. En Corinto, Cauca, asalto armado del M-19. Se realiz\u00f3 en Medell\u00edn el Congreso Centroam\u00e9rica y el sur por la Paz, organizado por el movimiento Unidad Latinoamericana, en el que se rechaz\u00f3 el intervencionismo norteamericano.<\/p>\n<p>Palabras clave: Respuestas institucionales, Acciones de resistencia, paro<\/p>\n<p>Sugerencia de palabras claves: comunicado de rechazo a acciones violentas<\/p>\n<p>Observaciones:<\/p>\n<p>Fecha de diligenciamiento: 25 de febrero de 2019<\/p>\n<h1 style=\"text-align: center;\">***<\/h1>\n<p><strong>N\u00famero de ficha<\/strong>:&nbsp; B85&nbsp;&nbsp;&nbsp;&nbsp;&nbsp;&nbsp;&nbsp;&nbsp;&nbsp;&nbsp;&nbsp;&nbsp;&nbsp;&nbsp;&nbsp;&nbsp;&nbsp;&nbsp;&nbsp;&nbsp;&nbsp;&nbsp;&nbsp;&nbsp;&nbsp;&nbsp;&nbsp;&nbsp;<\/p>\n<p><strong>Diligenciada por: <\/strong>Sara Ospina Retrepo<\/p>\n<p>INFORMACI\u00d3N BIBLIOGR\u00c1FICA<\/p>\n<p>Peri\u00f3dico: El Colombiano<\/p>\n<p>Lugar de edici\u00f3n: Medell\u00edn<\/p>\n<p>Autor personal:<\/p>\n<p>Autor corporativo: El Colombiano<\/p>\n<p>Fecha: 11984, abril, 07<\/p>\n<p>P\u00e1gina: 1A<\/p>\n<p>Secci\u00f3n: Portada<\/p>\n<p><strong>Titular: <\/strong>En la U. de Antioquia Renunci\u00f3 el rector<\/p>\n<p><strong>Resumen:<\/strong><\/p>\n<p>Ante el gobernador de Antioquia, el rector y su equipo de colaboradores presentaron renuncia. El rector emiti\u00f3 una carta: \u201cDe la manera m\u00e1s atenta, me permito reiterar a usted el deseo de retirarme del cargo de rector de la Universidad de Antioquia. La administraci\u00f3n que presido considera que ya no es viable el modelo de gesti\u00f3n que viene aplicando desde hace m\u00e1s de un a\u00f1o, basado en el di\u00e1logo, la participaci\u00f3n y el an\u00e1lisis cr\u00edtico de los problemas; as\u00ed mismo, considera apremiante que la comunidad universitaria y la sociedad en general enfrenten con decisi\u00f3n el debate sobre la universidad necesaria y posible\u2026\u201d<\/p>\n<p><strong>Im\u00e1genes: <\/strong>n\/a<\/p>\n<p>INFORMACI\u00d3N ANAL\u00cdTICA<\/p>\n<p>Contexto de la noticia:<\/p>\n<p>Prensa espa\u00f1ola elogia el proceso de paz en Colombia. Los parlamentarios de los pa\u00edses latinoamericanos establecieron una estrategia concertada para lograr objetivos comunes en la conferencia anual de la Uni\u00f3n Interparlamentaria reunidos del 2 al 7 de abril. Profesores de la Universidad de Antioquia convocan a asamblea extraordinaria el jueves 12 de abril.<\/p>\n<p>Palabras clave: Respuestas Institucionales<\/p>\n<p>Sugerencia de palabras claves: Renuncia<\/p>\n<p>Observaciones:<\/p>\n<p>Fecha de diligenciamiento: 25 de febrero de 2019<\/p>\n<h1 style=\"text-align: center;\">***<\/h1>\n<p><strong>N\u00famero de ficha<\/strong>: B86&nbsp;&nbsp;&nbsp;&nbsp;&nbsp;&nbsp;&nbsp;&nbsp;&nbsp;&nbsp;&nbsp;&nbsp;&nbsp;&nbsp;&nbsp;&nbsp;&nbsp;&nbsp;&nbsp;&nbsp;&nbsp;&nbsp;&nbsp;&nbsp;&nbsp;&nbsp;&nbsp;&nbsp;<\/p>\n<p><strong>Diligenciada por: <\/strong>Sara Ospina Retrepo<\/p>\n<p>INFORMACI\u00d3N BIBLIOGR\u00c1FICA<\/p>\n<p>Peri\u00f3dico: El Colombiano<\/p>\n<p>Lugar de edici\u00f3n: Medell\u00edn<\/p>\n<p>Autor personal: Molina, Mar\u00eda Isabel<\/p>\n<p>Autor corporativo: El Colombiano<\/p>\n<p>Fecha: 1984, abril, 10<\/p>\n<p>P\u00e1gina: 9<\/p>\n<p>Secci\u00f3n: Regional<\/p>\n<p><strong>Titular: <\/strong>Dicen estudiantes de U. de A.: Renuncia del rector, una t\u00e1ctica dilatoria<\/p>\n<p><strong>Resumen:<\/strong><\/p>\n<p>Un grupo de estudiantes manifestaron en rueda de prensa tras la renuncia del rector del Alma Mater: \u201cLa renuncia es una t\u00e1ctica dilatoria y una muestra de que no tiene inter\u00e9s en solucionar el problema de la Universidad\u201d. As\u00ed mismo, comunicaron que no est\u00e1n solicitando la modificaci\u00f3n del actual reglamento estudiantil, sino su derogatorio total y el reintegro inmediato de los compa\u00f1eros sancionados y expulsados debido al reglamento vigente.<\/p>\n<p>Igualmente, la nota period\u00edstica anota que el 09 de abril ocho encapuchados se dedicaron a pedir peaje en cercan\u00edas de la entrada de la Universidad en la Avenida Ferrocarril.<\/p>\n<p><strong>Im\u00e1genes: <\/strong>n\/a<\/p>\n<p>INFORMACI\u00d3N ANAL\u00cdTICA<\/p>\n<p>Contexto de la noticia:<\/p>\n<p>El gobierno nacional descart\u00f3 ayer cualquier di\u00e1logo directo entre el presidente y los grupos alzados en armas, propuesto por el M-19 y renov\u00f3 su confianza a la labor que en tal sentido adelanta la Comisi\u00f3n Nacional de Paz. Mueren en el cauca tras combate, 15 subversivos (coalici\u00f3n FARC-M-19) y 6 militares<\/p>\n<p>Palabras clave: Acciones de resistencia, Comunicados, misivas, declaraciones, Acciones Violentas<\/p>\n<p>Sugerencia de palabras claves: Cobro de peaje<\/p>\n<p>Observaciones:<\/p>\n<p>Fecha de diligenciamiento: 25 de febrero de 2019<\/p>\n<h1 style=\"text-align: center;\">***<\/h1>\n<p><strong>N\u00famero de ficha<\/strong>:&nbsp; B87&nbsp;&nbsp;&nbsp;&nbsp;&nbsp;&nbsp;&nbsp;&nbsp;&nbsp;&nbsp;&nbsp;&nbsp;&nbsp;&nbsp;&nbsp;&nbsp;&nbsp;&nbsp;&nbsp;&nbsp;&nbsp;&nbsp;&nbsp;&nbsp;&nbsp;&nbsp;&nbsp;&nbsp;<\/p>\n<p><strong>Diligenciada por: <\/strong>Sara Ospina Retrepo<\/p>\n<p>INFORMACI\u00d3N BIBLIOGR\u00c1FICA<\/p>\n<p>Peri\u00f3dico: El Colombiano<\/p>\n<p>Lugar de edici\u00f3n: Medell\u00edn<\/p>\n<p>Autor personal:<\/p>\n<p>Autor corporativo: El Colombiano<\/p>\n<p>Fecha: 1984, abril, 26<\/p>\n<p>P\u00e1gina: 3A<\/p>\n<p>Secci\u00f3n: Plana\/Tres<\/p>\n<p><strong>Titular: <\/strong>En la U. de A. Paro hasta el 3 de mayo<\/p>\n<p><strong>Resumen:<\/strong><\/p>\n<p>\u201cParo hasta el jueves 3 de mayo decret\u00f3 una asamblea general de estudiantes de la Universidad de Antioquia, despu\u00e9s de deliberar por varias horas en el Teatro Camilo Torres el pasado martes. Con este nuevo cese de actividades la Universidad completa m\u00e1s de un mes en anormalidad acad\u00e9mica. Como se conoce, los estudiantes piden la derogatoria del actual reglamento estudiantil y el reintegro de los alumnos que han salido por causa del mismo reglamento\u201d.<\/p>\n<p><strong>Im\u00e1genes: <\/strong>n\/a<\/p>\n<p>INFORMACI\u00d3N ANAL\u00cdTICA<\/p>\n<p>Contexto de la noticia:<\/p>\n<p>El Nuevo directorio Conservador buscar\u00e1 la uni\u00f3n del partido. En medio de la gran tensi\u00f3n generada por un paro de los empleados de la Caja Agraria, el gobierno intensific\u00f3 sus esfuerzos para conjurar el movimiento, pero no logr\u00f3 concertar el acuerdo.<\/p>\n<p>Palabras clave: Acciones de resistencia, Paro<\/p>\n<p>Sugerencia de palabras claves:<\/p>\n<p>Observaciones:<\/p>\n<p>Fecha de diligenciamiento: 25 de febrero de 2019<\/p>\n<h1 style=\"text-align: center;\">***<\/h1>\n<p><strong>N\u00famero de ficha<\/strong>: B88&nbsp;&nbsp;&nbsp;&nbsp;&nbsp;&nbsp; &nbsp;&nbsp;&nbsp;&nbsp;&nbsp;&nbsp;&nbsp;&nbsp;&nbsp;&nbsp;&nbsp;&nbsp;&nbsp;&nbsp;&nbsp;&nbsp;&nbsp;&nbsp;&nbsp;&nbsp;&nbsp;<\/p>\n<p><strong>Diligenciada por: <\/strong>Sara Ospina Retrepo<\/p>\n<p>INFORMACI\u00d3N BIBLIOGR\u00c1FICA<\/p>\n<p>Peri\u00f3dico: El Colombiano<\/p>\n<p>Lugar de edici\u00f3n: Medell\u00edn<\/p>\n<p>Autor personal:<\/p>\n<p>Autor corporativo: El Colombiano<\/p>\n<p>Fecha: 1984, mayo, 23<\/p>\n<p>P\u00e1gina: 3<\/p>\n<p>Secci\u00f3n: Plana\/Tres<\/p>\n<p><strong>Titular: <\/strong>Profesores de la U. de A.<\/p>\n<p><strong>Resumen:<\/strong><\/p>\n<p>\u201cCondena a los actos violentos propiciados por peque\u00f1os grupos anarquistas de la Universidad de Antioquia hicieron algunos estamentos del Alma Mater. Se refieren especialmente al estallido de una bomba en la cafeter\u00eda de empleados el pasado martes 15 de mayo y a una cartelera con t\u00e9rminos amenazantes y ofensivos, que fue colocada ayer, en cercan\u00edas del bloque 9 de la ciudad universitaria.&nbsp; Leonardo Betancur, presidente de la Asociaci\u00f3n de Profesores dijo que tales actos \u201cson salidas en falso de un sector minoritario del estudiantado que puede contribuir a empeorar las cosas en vez de mejorarlas y que son elementos peligrosos para la Universidad\u201d. Sobre la f\u00f3rmula del Consejo Superior consistente en crear una comisi\u00f3n tripartita para estudiar el reglamento acad\u00e9mico y hacerle modificaciones del caso o elaborar uno nuevo, se\u00f1al\u00f3 que es la \u00fanica posibilidad para que estudiantes y profesores puedan discutir sus problemas y que otra alternativa entrar\u00eda a vulnerar uno u otro sector\u201d.<\/p>\n<p><strong>Im\u00e1genes: <\/strong>n\/a<\/p>\n<p>INFORMACI\u00d3N ANAL\u00cdTICA<\/p>\n<p>Contexto de la noticia:<\/p>\n<p>Una potente bomba explot\u00f3 ayer en el edificio Bavaria en Bogot\u00e1, dej\u00f3 como saldo dos muertos, siete heridos y cuantiosos da\u00f1os materiales. Los partidos liberal y conservador, renovaron anoche su respaldo a la pol\u00edtica de pacificaci\u00f3n del gobierno del presidente Betancur, convocaron a los colombianos a participar en la gran jornada c\u00edvica del 28 de mayo y solicitaron a los grupos guerrilleros deponer las armas. Dos buses fueron quemados durante disturbios presentados en predios de la Universidad del Valle. Los estudiantes de la Universidad de Antioquia contin\u00faan en anormalidad acad\u00e9mica.<\/p>\n<p>Palabras clave: Acciones Violentas, Uso de petardos y explosivos, Amenaza<\/p>\n<p>Sugerencia de palabras claves:<\/p>\n<p>Observaciones: No se encontr\u00f3 registro en el peri\u00f3dico de la bomba del 15 de mayo<\/p>\n<p>Fecha de diligenciamiento: 25 de febrero de 2019<\/p>\n<h1 style=\"text-align: center;\">***<\/h1>\n<p><strong>N\u00famero de ficha<\/strong>:&nbsp; B89&nbsp;&nbsp;&nbsp;&nbsp;&nbsp;&nbsp;&nbsp;&nbsp;&nbsp;&nbsp;&nbsp;&nbsp;&nbsp;&nbsp;&nbsp;&nbsp;&nbsp;&nbsp;&nbsp;&nbsp;&nbsp;&nbsp;&nbsp;&nbsp;&nbsp;&nbsp;&nbsp;&nbsp;<\/p>\n<p><strong>Diligenciada por: <\/strong>Sara Ospina Retrepo<\/p>\n<p>INFORMACI\u00d3N BIBLIOGR\u00c1FICA<\/p>\n<p>Peri\u00f3dico: El Colombiano<\/p>\n<p>Lugar de edici\u00f3n: Medell\u00edn<\/p>\n<p>Autor personal:<\/p>\n<p>Autor corporativo: El Colombiano<\/p>\n<p>Fecha: 1984, mayo, 29<\/p>\n<p>P\u00e1gina: 2A<\/p>\n<p>Secci\u00f3n: Hoy\/Martes<\/p>\n<p><strong>Titular: <\/strong>Por encapuchados. Asaltada biblioteca de la U. de A<\/p>\n<p><strong>Resumen:<\/strong><\/p>\n<p>\u201cA las diez y media de la ma\u00f1ana de ayer, un grupo compuesto por m\u00e1s de diez individuos, encapuchados y armados al parecer de metralletas, seg\u00fan testimonios, asaltaron la biblioteca central de la Universidad de Antioquia. Los sujetos, que dijeron pertenecer a un grupo subversivo, arengaron y despu\u00e9s de cambiar la bandera del Alma Mater por una de colores negro y rojo, manifestaron a varios estudiantes que, a las doce del d\u00eda, hora en que se inici\u00f3 la tregua para la paz, explotar\u00eda una bomba de alto poder en una de las dependencias. Ante este anuncio, de inmediato se orden\u00f3 evacuar todo el personal que a esa hora laboraba en las diferentes oficinas. Luego se hizo presente el personal t\u00e9cnico de la Polic\u00eda y durante la inspecci\u00f3n llevada a cabo no se hall\u00f3 ning\u00fan artefacto\u201d<\/p>\n<p><strong>Im\u00e1genes: <\/strong>n\/a<\/p>\n<p>INFORMACI\u00d3N ANAL\u00cdTICA<\/p>\n<p>Contexto de la noticia:<\/p>\n<p>En todo el territorio nacional celebran con banderas y pa\u00f1uelos blancos la iniciaci\u00f3n de la tregua pactada por el gobierno con las FARC. Cinco personas presuntamente comprometidas en el asesinato del ministro de Justicia, Rodrigo Lara Bonilla, fueron arrestadas en Pereira. En frontino son abatidos 4 guerrilleros del EPL.<\/p>\n<p>Palabras clave: Acciones violentas, Intimidaci\u00f3n<\/p>\n<p>Sugerencia de palabras claves:<\/p>\n<p>Observaciones:<\/p>\n<p>Fecha de diligenciamiento: 25 de febrero de 2019<\/p>\n<h1 style=\"text-align: center;\">***<\/h1>\n<p><strong>N\u00famero de ficha<\/strong>: B90&nbsp;&nbsp;&nbsp;&nbsp;&nbsp;&nbsp;&nbsp;&nbsp;&nbsp;&nbsp;&nbsp;&nbsp;&nbsp;&nbsp;&nbsp;&nbsp;&nbsp;&nbsp;&nbsp;&nbsp;&nbsp;&nbsp;&nbsp;&nbsp;&nbsp;&nbsp;&nbsp;&nbsp;<\/p>\n<p><strong>Diligenciada por: <\/strong>Sara Ospina Retrepo<\/p>\n<p>INFORMACI\u00d3N BIBLIOGR\u00c1FICA<\/p>\n<p>Peri\u00f3dico: El Colombiano<\/p>\n<p>Lugar de edici\u00f3n: Medell\u00edn<\/p>\n<p>Autor personal:<\/p>\n<p>Autor corporativo: El Colombiano<\/p>\n<p>Fecha: 1984, junio, 08<\/p>\n<p>P\u00e1gina: 2A<\/p>\n<p>Secci\u00f3n: Hoy\/Viernes<\/p>\n<p><strong>Titular: <\/strong>Semestre especial en la U. de A.<\/p>\n<p><strong>Resumen:<\/strong><\/p>\n<p>El CSU decidi\u00f3 aprobar la aplicaci\u00f3n del semestre especial en la Universidad. Tambi\u00e9n reafirma la conformaci\u00f3n de una Comisi\u00f3n Tripartita (estudiantes, profesores y decanos) que iniciar\u00e1n labores el 12 de julio. En cuanto a la discusi\u00f3n de los reingresos de estudiantes que hayan salido de la universidad, se seguir\u00e1 el procedimiento acad\u00e9mico ordinario.<\/p>\n<p><strong>Im\u00e1genes: <\/strong>n\/a<\/p>\n<p>INFORMACI\u00d3N ANAL\u00cdTICA<\/p>\n<p>Contexto de la noticia:<\/p>\n<p>Contin\u00faan tensiones entre Irak e Ir\u00e1n. En todo el territorio nacional se rindi\u00f3 homenaje p\u00f3stumo al maestro Pedro Nel G\u00f3mez. El Grupo Antinarc\u00f3ticos del Departamento de Seguridad y Control de Medell\u00edn, encontr\u00f3 un cultivo de coca (1.100 matas) en predios del Club el Rodeo.<\/p>\n<p>Palabras clave: Respuestas Institucionales<\/p>\n<p>Sugerencia de palabras claves:<\/p>\n<p>Observaciones:<\/p>\n<p>Fecha de diligenciamiento: 25 de febrero de 2019<\/p>\n<h1 style=\"text-align: center;\">***<\/h1>\n<p><strong>N\u00famero de ficha<\/strong>:&nbsp; B91&nbsp;&nbsp;&nbsp;&nbsp;&nbsp;&nbsp;&nbsp;&nbsp;&nbsp;&nbsp;&nbsp;&nbsp;&nbsp;&nbsp;&nbsp;&nbsp;&nbsp;&nbsp;&nbsp;&nbsp;&nbsp;&nbsp;&nbsp;&nbsp;&nbsp;&nbsp;&nbsp;&nbsp;<\/p>\n<p><strong>Diligenciada por: <\/strong>Sara Ospina Retrepo<\/p>\n<p>INFORMACI\u00d3N BIBLIOGR\u00c1FICA<\/p>\n<p>Peri\u00f3dico: El Colombiano<\/p>\n<p>Lugar de edici\u00f3n: Medell\u00edn<\/p>\n<p>Autor personal:<\/p>\n<p>Autor corporativo: El Colombiano<\/p>\n<p>Fecha: 1984, julio, 12<\/p>\n<p>P\u00e1gina: 1A<\/p>\n<p>Secci\u00f3n: Portada<\/p>\n<p><strong>Titular: <\/strong>La U. de A. reanuda clases<\/p>\n<p><strong>Resumen:<\/strong><\/p>\n<p>\u201cDespu\u00e9s de m\u00e1s de cuatro meses de anormalidad acad\u00e9mica se reanudan hoy las clases en la Universidad de Antioquia. Alrededor de 16.000 estudiantes y 1.200 profesores continuar\u00e1n desde la fecha al segundo semestre de 1983, que fue interrumpido en marzo cuando los estudiantes iniciaron un movimiento tendiente a la derogaci\u00f3n del reglamento acad\u00e9mico y el reintegro de los alumnos que salieron por bajo rendimiento. Esta situaci\u00f3n origin\u00f3 la renuncia del rector Dar\u00edo Valencia Restrepo y el nombramiento como rector encargado de Santiago Pel\u00e1ez Vald\u00e9s quien asumi\u00f3 el cargo en los primeros d\u00edas de mayo. Poco despu\u00e9s de la posesi\u00f3n del rector, el Consejo Acad\u00e9mico acogi\u00f3 la idea presentada por la Junta Directiva de la Asociaci\u00f3n de Profesores, en el sentido de integrar una comisi\u00f3n tripartita y paritaria de decanos, profesores y estudiantes, para que en un plazo de 90 d\u00edas elabore un nuevo proyecto de reglamento estudiantil. As\u00ed mismo se decret\u00f3 semestre especial. Estas dos propuestas fueron aceptadas por la Asamblea General de Estudiantes. Posteriormente, el 21 de junio se reuni\u00f3 el Consejo Acad\u00e9mico y expidi\u00f3 un comunicado donde defini\u00f3 la reanudaci\u00f3n de las labores acad\u00e9micas a partir del 12 de Julio y autoriz\u00f3 a las unidades docentes para que utilicen hasta tres semanas de repaso, per\u00edodo en el cual no se realizar\u00e1 ning\u00fan tipo de evaluaci\u00f3n\u201d.<\/p>\n<p><strong>Im\u00e1genes: <\/strong>n\/a<\/p>\n<p>INFORMACI\u00d3N ANAL\u00cdTICA<\/p>\n<p>Contexto de la noticia:<\/p>\n<p>Incrementan tensiones entre Ir\u00e1n e Irak. El papa Juan Pablo II expres\u00f3 ayer su profunda censura a la decisi\u00f3n del gobierno de Nicaragua de expulsar a 10 sacerdotes que participaron en una manifestaci\u00f3n antisandinista. Para recuperar las calles de Medell\u00edn se necesitar\u00edan $2.5 millones diarios. Convocan a asamblea general en la Universidad de Antioquia el 24 de julio en la que se definir\u00e1 la f\u00f3rmula de escogencia de los representantes del estudiantado ante la comisi\u00f3n.<\/p>\n<p>Palabras clave: Respuestas Institucionales, Actores Institucionales, Rector, Valencia Restrepo, Dar\u00edo, Consejo Superior Universitario<\/p>\n<p>Sugerencia de palabras claves: acuerdos universitarios<\/p>\n<p>Observaciones:<\/p>\n<p>Fecha de diligenciamiento: 25 de febrero de 2019<\/p>\n<h1 style=\"text-align: center;\">***<\/h1>\n<p><strong>N\u00famero de ficha<\/strong>: B92&nbsp;&nbsp;&nbsp;&nbsp;&nbsp;&nbsp;&nbsp;&nbsp;&nbsp;&nbsp;&nbsp;&nbsp;&nbsp;&nbsp;&nbsp;&nbsp;&nbsp;&nbsp;&nbsp;&nbsp;&nbsp;&nbsp;&nbsp;&nbsp;&nbsp;&nbsp;&nbsp;&nbsp;<\/p>\n<p><strong>Diligenciada por: <\/strong>Sara Ospina Retrepo<\/p>\n<p>INFORMACI\u00d3N BIBLIOGR\u00c1FICA<\/p>\n<p>Peri\u00f3dico: El Colombiano<\/p>\n<p>Lugar de edici\u00f3n: Medell\u00edn<\/p>\n<p>Autor personal:<\/p>\n<p>Autor corporativo: El Colombiano<\/p>\n<p>Fecha: 1984, julio, 29<\/p>\n<p>P\u00e1gina: 2A<\/p>\n<p>Secci\u00f3n: Hoy\/Domingo<\/p>\n<p><strong>Titular: <\/strong>Acad\u00e9mico de U. de A. Condena la violencia<\/p>\n<p><strong>Resumen:<\/strong><\/p>\n<p>El Consejo Acad\u00e9mico de la Universidad de Antioquia expres\u00f3 su preocupaci\u00f3n por los hechos violentos que han venido sucediendo en el Liceo Antioque\u00f1o, donde explotaron bombas el mi\u00e9rcoles y jueves pasados.<\/p>\n<p><strong>Im\u00e1genes: <\/strong>n\/a<\/p>\n<p>INFORMACI\u00d3N ANAL\u00cdTICA<\/p>\n<p>Contexto de la noticia:<\/p>\n<p>Los gobiernos de Colombia y Brasil se comprometieron a revisar un tratado de extradici\u00f3n firmado entre los dos pa\u00edses hace 46 a\u00f1os, para actualizarlo o introducirle normas que permitan proceder en casos de narcotr\u00e1fico. Gobierno chileno notific\u00f3 a la aerol\u00ednea Avianca que ser\u00eda multada y ser\u00edan suspendidos los vuelos a Santiago si trae de regreso al pa\u00eds a tres dirigentes comunistas expulsados el jueves y que se encuentran en Bogot\u00e1.<\/p>\n<p>Palabras clave: Acciones Violentas, Uso de petardos y explosivos, Actores Institucionales, Consejo Acad\u00e9mico<\/p>\n<p>Sugerencia de palabras claves:<\/p>\n<p>Observaciones:<\/p>\n<p>Fecha de diligenciamiento: 25 de febrero de 2019<\/p>\n<h1 style=\"text-align: center;\">***<\/h1>\n<p><strong>N\u00famero de ficha<\/strong>: B93&nbsp;&nbsp;&nbsp;&nbsp;&nbsp;&nbsp;&nbsp;&nbsp;&nbsp;&nbsp;&nbsp;&nbsp;&nbsp;&nbsp;&nbsp;&nbsp;<\/p>\n<p><strong>Diligenciada por: <\/strong>Sara Ospina Retrepo<\/p>\n<p>INFORMACI\u00d3N BIBLIOGR\u00c1FICA<\/p>\n<p>Peri\u00f3dico: El Colombiano<\/p>\n<p>Lugar de edici\u00f3n: Medell\u00edn<\/p>\n<p>Autor personal:<\/p>\n<p>Autor corporativo: El Colombiano<\/p>\n<p>Fecha: 1984, agosto, 09<\/p>\n<p>P\u00e1gina: 16B<\/p>\n<p>Secci\u00f3n: Seguridad<\/p>\n<p><strong>Titular: <\/strong>Retenidos 6 estudiantes<\/p>\n<p><strong>Resumen:<\/strong><\/p>\n<p>\u201cLos servicios secretos del Estado, en la carrera 51 con la calle 62 de esta ciudad, retuvieron a varios estudiantes en momentos que se dedicaban a pegar afiches y marcar paredes con aerosol, causando adem\u00e1s da\u00f1os en cosa ajena. Las personas retenidas fueron: Gladys Vargas Ospina, de 22 a\u00f1os, estudiante de ciencias de la comunicaci\u00f3n de la U. de A. Luis Guillermo Pab\u00f3n \u00c1lvarez, estudiante de derecho de la misma universidad. Mario de J. R\u00edos Cardona, estudiante de administraci\u00f3n de empresas. Ra\u00fal Fernando Sierra Ospina, tambi\u00e9n estudiante de derecho. Juan Carlos Duque R\u00edos y Miguel A. P\u00e9rez P\u00e9rez. Les decomisaron tres tarros de aerosol y panfletos del movimiento \u201cJ.R.C\u201d.<\/p>\n<p><strong>Im\u00e1genes:&nbsp; <\/strong>n\/a<\/p>\n<p>INFORMACI\u00d3N ANAL\u00cdTICA<\/p>\n<p>Contexto de la noticia:<\/p>\n<p>Aviones de guerra sovi\u00e9ticos bombardearon aldeas al norte de Afganist\u00e1n y dejaron un saldo de casi 300 civiles muertos, mientras que los rebeldes musulmanes mataron a unos 200 soldados sovi\u00e9ticos y afganos. Liberales y conservadores reinician hoy di\u00e1logo que busca acuerdos sobre los principales proyectos que ser\u00e1n discutidos en la actual legislatura. Las Fuerzas Armadas respaldan la paz. Exequias del periodista Alberto Acosta fue un homenaje a la democracia, de respaldo al presidente Betancur y a las instituciones.<\/p>\n<p>Palabras clave: Respuestas Institucionales, Detenciones, Estudiantes, Vargas Ospina, Gladys, \u00c1lvarez Pab\u00f3n, Luis Guillermo, Cardona R\u00edos, Maro de J, Sierra Ospina, Ra\u00fal Fernando, Duque R\u00edos, Juan Carlos, P\u00e9rez P\u00e9rez, Miguel A.<\/p>\n<p>Sugerencia de palabras claves:<\/p>\n<p>Observaciones:<\/p>\n<p>Fecha de diligenciamiento: 25 de febrero de 2019<\/p>\n<h1 style=\"text-align: center;\">***<\/h1>\n<p><strong>N\u00famero de ficha<\/strong>: B94&nbsp;&nbsp;&nbsp;&nbsp;&nbsp;&nbsp;&nbsp;&nbsp;&nbsp;&nbsp;&nbsp;&nbsp;&nbsp;&nbsp;&nbsp;&nbsp;&nbsp;&nbsp;&nbsp;&nbsp;&nbsp;&nbsp;&nbsp;&nbsp;&nbsp;&nbsp;&nbsp;&nbsp;<\/p>\n<p><strong>Diligenciada por: <\/strong>Sara Ospina Retrepo<\/p>\n<p>INFORMACI\u00d3N BIBLIOGR\u00c1FICA<\/p>\n<p>Peri\u00f3dico: El Colombiano<\/p>\n<p>Lugar de edici\u00f3n: Medell\u00edn<\/p>\n<p>Autor personal: Molina, Mar\u00eda Isabel<\/p>\n<p>Autor corporativo: El Colombiano<\/p>\n<p>Fecha: 1985, agosto, 17<\/p>\n<p>P\u00e1gina: 2A, 8D<\/p>\n<p>Secci\u00f3n: Hoy\/Viernes, Seguridad<\/p>\n<p><strong>Titular: <\/strong>En la U. de A. Preocupado el rector por actos vand\u00e1licos \/ Explot\u00f3 petardo en la U. de A.<\/p>\n<p><strong>Resumen:<\/strong><\/p>\n<p>El rector encargado de la universidad, Santiago Pel\u00e1ez Vald\u00e9s, condena los hechos delictivos acaecidos en el claustro universitario: \u201cel pasado mi\u00e9rcoles fueron robados equipos de fotograf\u00eda pertenecientes al Departamento de Ciencias de la Comunicaci\u00f3n y en las horas de la noche estall\u00f3 una bomba en el Centro de c\u00f3mputos causando destrozos en 6 pantallas por valor de $2.500.000\u201d. La Asociaci\u00f3n de Empleados No Docentes conden\u00f3 los hechos.<\/p>\n<p><strong>Im\u00e1genes: <\/strong>IMGB8419<\/p>\n<p>Instalaciones del departamento de comunicaciones tras el hurto. Foto: Jos\u00e9 Betancur Yali.<\/p>\n<p>INFORMACI\u00d3N ANAL\u00cdTICA<\/p>\n<p>Contexto de la noticia:<\/p>\n<p>Pinochet afirma que permanecer\u00e1 en el poder hasta 1989 y descart\u00f3 elecciones parlamentarias antes de esa fecha. El gobierno nacional y los grupos guerrilleros M-19 y EPL aprobaron definitivamente el texto del acuerdo de paz y anunciaron que a partir de su firma \u201cno se volver\u00e1 a disparar un solo tiro\u201d. En comunicaci\u00f3n dirigida al subdirector de \u201cEl Tiempo\u201d, el alcalde de Medell\u00edn solicita mejor consideraci\u00f3n respecto a la l\u00ednea informativa del diario de la capital del pa\u00eds sobre el acontecer de Medell\u00edn, en donde no todo es de \u00edndole delictiva.<\/p>\n<p>Palabras clave: Acciones Violentas, Da\u00f1o a bienes civiles, Uso de explosivos y petardos, Robo, Actores Institucionales, Rector, Pel\u00e1ez Vald\u00e9s, Santiago, Actores gremiales, Asociaci\u00f3n de Empleados No Docentes<\/p>\n<p>Sugerencia de palabras claves:<\/p>\n<p>Observaciones:<\/p>\n<p>Fecha de diligenciamiento: 25 de febrero de 2019<\/p>\n<h1 style=\"text-align: center;\">***<\/h1>\n<p><strong>N\u00famero de ficha<\/strong>: B95&nbsp;&nbsp;&nbsp;&nbsp;&nbsp;&nbsp;&nbsp;&nbsp;&nbsp;&nbsp;&nbsp;&nbsp;&nbsp;&nbsp;&nbsp;&nbsp;&nbsp;&nbsp;&nbsp;&nbsp;&nbsp;&nbsp;&nbsp;&nbsp;&nbsp;&nbsp;&nbsp;&nbsp;<\/p>\n<p><strong>Diligenciada por: <\/strong>Sara Ospina Retrepo<\/p>\n<p>INFORMACI\u00d3N BIBLIOGR\u00c1FICA<\/p>\n<p>Peri\u00f3dico: El Colombiano<\/p>\n<p>Lugar de edici\u00f3n: Medell\u00edn<\/p>\n<p>Autor personal:<\/p>\n<p>Autor corporativo: El Colombiano<\/p>\n<p>Fecha: 1984, agosto, 18<\/p>\n<p>P\u00e1gina: 3A, 7B<\/p>\n<p>Secci\u00f3n: Plana\/Tres, Seguridad<\/p>\n<p><strong>Titular: <\/strong>En la U. de A. En\u00e9rgico rechazo a atentados \/ Otro hurto en el Alma Mater<\/p>\n<p><strong>Resumen:<\/strong><\/p>\n<p>El CSU condena en\u00e9rgicamente los hechos violentos en el claustro universitario el d\u00eda 15 de agosto: 1) asalto a arma armada a un laboratorio de la Facultad de Ciencias Sociales de donde sustrajeron elementos y equipos destinados a la docencia. 2) estallido de una bomba de alto poder explosivo en el bloque 5, ocasionando su destrucci\u00f3n casi completa.<\/p>\n<p>Por otro lado, en el edificio de la Plazuela de San Ignacio, donde funciona la Emisora Cultural Universidad de Antioquia, fueron hurtados una pistola de soldadura, un taladro, varios destornilladores, un \u201cwalkman\u201d y dos transistores.<\/p>\n<p><strong>Im\u00e1genes: <\/strong>n\/a<\/p>\n<p>INFORMACI\u00d3N ANAL\u00cdTICA<\/p>\n<p>Contexto de la noticia:<\/p>\n<p>La Polic\u00eda India abri\u00f3 fuego contra manifestantes en el estado sure\u00f1o de Andhra Pradesh, matando a cinco personas que durante una huelga protestaban por la destituci\u00f3n del jefe de gobierno estatal, N.T Rao. Polonia acuerda sostener conversaciones con Estados Unidos para dar fin a las restricciones sobre transporte a\u00e9reo e intercambio cient\u00edfico. Metroseguridad dispone nuevos equipos de patrullaje en el Valle de Aburr\u00e1. El gobernador de Antioquia declara rector en propiedad a Santiago Pel\u00e1ez Vald\u00e9s.<\/p>\n<p>Palabras clave: Acciones Violentas, Da\u00f1o a bienes civiles, Uso de explosivos y petardos, Robo, Actores Institucionales, Consejo Superior Universitario<\/p>\n<p>Sugerencia de palabras claves:<\/p>\n<p>Observaciones:<\/p>\n<p>Fecha de diligenciamiento: 25 de febrero de 2019<\/p>\n<h1 style=\"text-align: center;\">***<\/h1>\n<p><strong>N\u00famero de ficha<\/strong>:&nbsp; B96&nbsp;&nbsp;&nbsp;&nbsp;&nbsp;&nbsp;&nbsp;&nbsp;&nbsp;&nbsp;&nbsp;&nbsp;&nbsp;&nbsp;&nbsp;&nbsp;&nbsp;&nbsp;&nbsp;&nbsp;&nbsp;&nbsp;&nbsp;&nbsp;&nbsp;&nbsp;&nbsp;&nbsp;<\/p>\n<p><strong>Diligenciada por: <\/strong>Sara Ospina Retrepo<\/p>\n<p>INFORMACI\u00d3N BIBLIOGR\u00c1FICA<\/p>\n<p>Peri\u00f3dico: El Colombiano<\/p>\n<p>Lugar de edici\u00f3n: Medell\u00edn<\/p>\n<p>Autor personal:<\/p>\n<p>Autor corporativo: El Colombiano<\/p>\n<p>Fecha: 1984, septiembre, 07<\/p>\n<p>P\u00e1gina: 2A<\/p>\n<p>Secci\u00f3n: Hoy\/Viernes<\/p>\n<p><strong>Titular: <\/strong>Rector de la U. de A. Desmiente p\u00e9rdida de canecas de \u00e9ter<\/p>\n<p><strong>Resumen:<\/strong><\/p>\n<p>El rector de la Universidad de Antioquia emiti\u00f3 el 06 de septiembre dos comunicados acerca de los dos \u00faltimos acontecimientos dados en el claustro. En el primero se refiere al rumor sobre la desaparici\u00f3n de canecas de \u00e9ter, aclarando la falsedad de dicho rumor. En el segundo hace alusi\u00f3n al atentado del 5 de septiembre en la sede de la Asociaci\u00f3n de Empleados No Docentes: \u201cen la noche del pasado mi\u00e9rcoles, sujetos desconocidos colocaron un petardo explosivo que destruy\u00f3 las instalaciones y enseres de la Asociaci\u00f3n de Empleados no Docentes\u2026 tales actos dirigidos contra la segunda m\u00e1s grande universidad p\u00fablica del pa\u00eds, indican la voluntad de sujetos desconocidos de desestabilizar la Instituci\u00f3n, de impedir el libre desenvolvimiento de la misma y la resoluci\u00f3n de los conflictos internos por m\u00e9todos aut\u00e9nticamente universitarios\u201d.<\/p>\n<p><strong>Im\u00e1genes: <\/strong>n\/a<\/p>\n<p>INFORMACI\u00d3N ANAL\u00cdTICA<\/p>\n<p>Contexto de la noticia:<\/p>\n<p>Protestas en Chile deja un balance de nueve muertos, m\u00e1s de 100 heridos y cerca de 1000 detenidos en todo el territorio chileno. El ministro de defensa, general Gustavo Matamoros reafirma su fe en el gobierno nacional y las instituciones que rigen la vida jur\u00eddica del pa\u00eds. Contin\u00faa paro de maestros en Antioquia.<\/p>\n<p>Palabras clave: Acciones Violentas, Uso de petardos y explosivos, Acciones de resistencia, Comunicados, misivas, declaraciones, Actores gremiales, Asociaci\u00f3n de Empleados No Docentes<\/p>\n<p>Sugerencia de palabras claves:<\/p>\n<p>Observaciones:<\/p>\n<p>Fecha de diligenciamiento: 25 de febrero de 2019<\/p>\n<h1 style=\"text-align: center;\">***<\/h1>\n<p><strong>N\u00famero de ficha<\/strong>: B97&nbsp;&nbsp;&nbsp;&nbsp;&nbsp;&nbsp;&nbsp;&nbsp;&nbsp;&nbsp;&nbsp;&nbsp;&nbsp;&nbsp;&nbsp;&nbsp;&nbsp;&nbsp;&nbsp;&nbsp;&nbsp;&nbsp;&nbsp;&nbsp;&nbsp;&nbsp;&nbsp;&nbsp;<\/p>\n<p><strong>Diligenciada por: <\/strong>Sara Ospina Restrepo<\/p>\n<p>INFORMACI\u00d3N BIBLIOGR\u00c1FICA<\/p>\n<p>Peri\u00f3dico: El Colombiano<\/p>\n<p>Lugar de edici\u00f3n: Medell\u00edn<\/p>\n<p>Autor personal:<\/p>\n<p>Autor corporativo: El Colombiano<\/p>\n<p>Fecha: 1984, septiembre, 09<\/p>\n<p>P\u00e1gina: 2A<\/p>\n<p>Secci\u00f3n: Hoy\/Domingo<\/p>\n<p><strong>Titular: <\/strong>En la U. de A. Empleados no docentes rechazan atentados<\/p>\n<p><strong>Resumen:<\/strong><\/p>\n<p>La Asociaci\u00f3n de Empleados no docentes rechazaron mediante comunicado los hechos ocurridos el 05 de septiembre: \u201csabemos que estos hechos no pueden ser m\u00e1s que el producto de la descomposici\u00f3n social que atraviesa el pa\u00eds, donde se han venido generando las posiciones lumpescas y vand\u00e1licas. Entendemos que estos hechos no son m\u00e1s que el producto de mentes perturbadas, ya que no se puede pensar en ning\u00fan momento que sean actos de grupos revolucionarios y dem\u00f3cratas\u201d.<\/p>\n<p><strong>Im\u00e1genes: <\/strong>n\/a<\/p>\n<p>INFORMACI\u00d3N ANAL\u00cdTICA<\/p>\n<p>Contexto de la noticia:<\/p>\n<p>La invasi\u00f3n de centenares de familias colombianas en la zona de Tobar Donoso, territorio ecuatoriano del norte en la frontera con Colombia, pone en peligro de extinci\u00f3n a la tribu de los Awas, ind\u00edgenas que por siglos han vivido all\u00ed. El paro c\u00edvico realizado por los habitantes de seis municipios del Tolima, que dej\u00f3 incomunicado durante casi 24 horas el sur con el centro del pa\u00eds, fue levantado ayer en la madrugada.<\/p>\n<p>Palabras clave: Acciones Violentas, Uso de petardos y explosivos, Acciones de resistencia, Comunicados, misivas, declaraciones, Actores gremiales, Asociaci\u00f3n de Empleados No Docentes<\/p>\n<p>Sugerencia de palabras claves:<\/p>\n<p>Observaciones:<\/p>\n<p>Fecha de diligenciamiento: 25 de febrero de 2019<\/p>\n<h1 style=\"text-align: center;\">***<\/h1>\n<p><strong>N\u00famero de ficha<\/strong>: B98&nbsp;&nbsp;&nbsp;&nbsp;&nbsp;&nbsp;&nbsp;&nbsp;&nbsp;&nbsp;&nbsp;&nbsp;&nbsp;&nbsp;&nbsp;&nbsp;&nbsp;&nbsp;&nbsp;&nbsp;&nbsp;&nbsp;&nbsp;&nbsp;&nbsp;&nbsp;&nbsp;&nbsp;<\/p>\n<p><strong>Diligenciada por: <\/strong>Sara Ospina Retrepo<\/p>\n<p>INFORMACI\u00d3N BIBLIOGR\u00c1FICA<\/p>\n<p>Peri\u00f3dico: El Colombiano<\/p>\n<p>Lugar de edici\u00f3n: Medell\u00edn<\/p>\n<p>Autor personal:<\/p>\n<p>Autor corporativo: El Colombiano<\/p>\n<p>Fecha: 1984, septiembre, 12<\/p>\n<p>P\u00e1gina: 3A<\/p>\n<p>Secci\u00f3n: Plana\/Tres<\/p>\n<p><strong>Titular: <\/strong>Ayer en la U. de A. Suspendidas actividades por falsa alarma<\/p>\n<p><strong>Resumen:<\/strong><\/p>\n<p>\u201cHoy a primera hora se reanudar\u00e1n las labores administrativas y acad\u00e9micas en la Universidad de Antioquia luego de que fueran suspendidas ayer al mediod\u00eda despu\u00e9s de recibirse varias llamadas telef\u00f3nicas anunciando la colocaci\u00f3n de bombas en las instalaciones. Al final se confirm\u00f3 que fue una falsa alarma\u2026 Ayer estaba previsto la celebraci\u00f3n de un foro organizado por el Sindicato de Trabajadores de la Universidad y los Activos del Movimiento Estudiantil, sobre Bienestar Universitario y Reglamento Estudiantil. As\u00ed mismo, los estudiantes de la Facultad de Derecho, que se encuentran en paro desde hace varias semanas, hab\u00edan programado una asamblea donde definir\u00edan la continuidad o no del cese de actividades\u201d<\/p>\n<p><strong>Im\u00e1genes: <\/strong>n\/a<\/p>\n<p>INFORMACI\u00d3N ANAL\u00cdTICA<\/p>\n<p>Contexto de la noticia:<\/p>\n<p>Los seis exiliados chilenos, obligados a viajar a Colombia a comienzos del mes, vieron ayer frustrado el tercer intento en quince d\u00edas, de regresar a su pa\u00eds, al negarse a transportarlos las empresas a\u00e9reas. El presidente Belisario Betancur envi\u00f3 ayer un mensaje de urgencia al Congreso para que d\u00e9 r\u00e1pido tr\u00e1mite a los proyectos del presupuesto y de adici\u00f3n presupuestal, a fin de evitar grandes traumatismos en la administraci\u00f3n p\u00fablica, sus servidores y el pa\u00eds entero. El presidente de la rep\u00fablica prohibi\u00f3 ayer a la administraci\u00f3n p\u00fablica acudir a asesor\u00edas de terceros particulares, tras advertir que ellas no garantizan la optimizaci\u00f3n de los diligenciamientos y por el contrario determinan una afectaci\u00f3n de los recursos fiscales. Asamblea de Profesores en la Universidad de Antioquia. La iglesia parroquial Nuestra Se\u00f1ora del Rosario fue ocupada por un grupo de encapuchados que buscaban presionar a las autoridades para dar pronta respuesta sobre el paradero de Rodrigo Penagos Echeverri, dirigente c\u00edvico que desapareci\u00f3 hace varios meses.<\/p>\n<p>Palabras clave: Acciones Violentas, Intimidaci\u00f3n, Respuestas Institucionales, Evacuaci\u00f3n<\/p>\n<p>Sugerencia de palabras claves:<\/p>\n<p>Observaciones:<\/p>\n<p>Fecha de diligenciamiento: 25 de febrero de 2019<\/p>\n<h1 style=\"text-align: center;\">***<\/h1>\n<p><strong>N\u00famero de ficha<\/strong>: B99&nbsp;&nbsp;&nbsp;&nbsp;&nbsp;&nbsp;&nbsp;&nbsp;&nbsp;&nbsp;&nbsp;&nbsp;&nbsp;&nbsp;&nbsp;&nbsp;&nbsp;&nbsp;&nbsp;&nbsp;&nbsp;&nbsp;&nbsp;&nbsp;&nbsp;&nbsp;&nbsp;&nbsp;<\/p>\n<p><strong>Diligenciada por: <\/strong>Sara Ospina Retrepo<\/p>\n<p>INFORMACI\u00d3N BIBLIOGR\u00c1FICA<\/p>\n<p>Peri\u00f3dico: El Colombiano<\/p>\n<p>Lugar de edici\u00f3n: Medell\u00edn<\/p>\n<p>Autor personal:<\/p>\n<p>Autor corporativo: El Colombiano<\/p>\n<p>Fecha: 1984, septiembre, 21<\/p>\n<p>P\u00e1gina: 1A<\/p>\n<p>Secci\u00f3n: Portada<\/p>\n<p><strong>Titular: <\/strong>n\/a<\/p>\n<p><strong>Resumen:<\/strong><\/p>\n<p>\u201cMientras agentes de la fuerza p\u00fablica se parapetan frente a los predios de la Universidad de Antioquia, un joven terrorista encapuchado aparece en actitud desafiante. El Alma Mater volvi\u00f3 a ser escenario del incendio de una buseta, creando p\u00e1nico entre los pasajeros y el conductor que fueron obligados a desalojar el veh\u00edculo. Un grupo de encapuchados impidi\u00f3 la entrada de la Polic\u00eda a las Instalaciones universitarias, en medio de pedreas y agresivas exhortaciones a la violencia\u201d.<\/p>\n<p><strong>Im\u00e1genes: <\/strong>IMGB99<\/p>\n<p>Tropel. Foto: El Colombiano<\/p>\n<p>INFORMACI\u00d3N ANAL\u00cdTICA<\/p>\n<p>Contexto de la noticia:<\/p>\n<p>Por explosi\u00f3n de carro bomba en Beirut, se registraron 23 muertos y 60 heridos. 8.800 desaparecidos, incluidos m\u00e1s de un centenar de ni\u00f1os, comprende el informe final preparado por la comisi\u00f3n oficial que investig\u00f3 las violaciones a los derechos humanos bajo el anterior r\u00e9gimen militar. El alcalde de Medell\u00edn lanz\u00f3 oficialmente la campa\u00f1a c\u00edvica \u201cAmor por Medell\u00edn\u201d, que pretende la recuperaci\u00f3n de los valores socio econ\u00f3micos de la capital antioque\u00f1a. Dos muertos al producirse el estallido de una potente bomba frente a las Instalaciones del sindicato de trabajadores de la empresa textil de Fabricato.<\/p>\n<p>Palabras clave: Acciones Contestatarias, Tropel, Acciones Violentas, Da\u00f1o a bienes civiles<\/p>\n<p>Sugerencia de palabras claves:<\/p>\n<p>Observaciones:<\/p>\n<p>Fecha de diligenciamiento: 25 de febrero de 2019<\/p>\n<h1 style=\"text-align: center;\">***<\/h1>\n<p><strong>N\u00famero de ficha<\/strong>: B100&nbsp;&nbsp;&nbsp;&nbsp;&nbsp;&nbsp;&nbsp;&nbsp;&nbsp;&nbsp;&nbsp;&nbsp;&nbsp;&nbsp;&nbsp;&nbsp;&nbsp;&nbsp;&nbsp;&nbsp;&nbsp;&nbsp;&nbsp;&nbsp;&nbsp;&nbsp;<\/p>\n<p><strong>Diligenciada por: <\/strong>Sara Ospina Retrepo<\/p>\n<p>INFORMACI\u00d3N BIBLIOGR\u00c1FICA<\/p>\n<p>Peri\u00f3dico: El Colombiano<\/p>\n<p>Lugar de edici\u00f3n: Medell\u00edn<\/p>\n<p>Autor personal:<\/p>\n<p>Autor corporativo: El Colombiano<\/p>\n<p>Fecha: 1984, septiembre, 25<\/p>\n<p>P\u00e1gina: 14B<\/p>\n<p>Secci\u00f3n: Seguridad<\/p>\n<p><strong>Titular: <\/strong>En la U. de A. Incinerados dos carros de gaseosas.<\/p>\n<p><strong>Resumen:<\/strong><\/p>\n<p>\u201cDos carros distribuidores de refrescos fueron parcialmente incinerados por diez sujetos que cubr\u00edan sus rostros con pa\u00f1uelos, en hechos ocurridos ayer a las 8 de la ma\u00f1ana en el propio interior de la Universidad de Antioquia. Los veh\u00edculos se dispon\u00edan, ya en predios del claustro, a repartir a algunas cafeter\u00edas localizadas en el \u00e1rea de ingenier\u00edas, cuando sorpresivamente se acercaron los enmascarados, algunos utilizando armas de fuego, con las que intimidaron a los conductores oblig\u00e1ndolos a tenderse en la v\u00eda para luego hurtarles el dinero que portaban. Acto seguido los colocaron contra uno de los muros en tanto que los otros de los participantes en el asalto procedieron a abrir las tapas de os motores de los carros y les arrojaron bombas con las que provocaron el incendio de los veh\u00edculos\u2026\u201d<\/p>\n<p><strong>Im\u00e1genes: <\/strong>IMGB100<\/p>\n<p>Carros incinerados. Foto: El Colombiano<\/p>\n<p>INFORMACI\u00d3N ANAL\u00cdTICA<\/p>\n<p>Contexto de la noticia:<\/p>\n<p>Organizaciones pol\u00edticas, gremiales y sociales se comprometieron ayer a luchar por la defensa de las libertades de informaci\u00f3n y expresi\u00f3n en este pa\u00eds, derechos que han sido quebrantados por el gobierno militar. Quince ingenieros encargados del sistema computarizado de la Direcci\u00f3n de Impuestos Nacionales, nueve operadores de los equipos electr\u00f3nicos y varios gestores tributarios figuran entre los 120 indicados por un fraude al fisco que excede de mil millones de pesos.<\/p>\n<p>Palabras clave: Acciones Violentas, Uso de petardos y explosivos, Da\u00f1o a bienes civiles<\/p>\n<p>Sugerencia de palabras claves:<\/p>\n<p>Observaciones:<\/p>\n<p>Fecha de diligenciamiento: 25 de febrero de 2019<\/p>\n<h1 style=\"text-align: center;\">***<\/h1>\n<p><strong>N\u00famero de ficha<\/strong>: B101&nbsp;&nbsp;&nbsp;&nbsp;&nbsp;&nbsp;&nbsp;&nbsp;&nbsp;&nbsp;&nbsp;&nbsp;&nbsp;&nbsp;&nbsp;&nbsp;&nbsp;&nbsp;&nbsp;&nbsp;&nbsp;&nbsp;&nbsp;&nbsp;&nbsp;&nbsp;<\/p>\n<p><strong>Diligenciada por: <\/strong>Sara Ospina Retrepo<\/p>\n<p>INFORMACI\u00d3N BIBLIOGR\u00c1FICA<\/p>\n<p>Peri\u00f3dico: El Colombiano<\/p>\n<p>Lugar de edici\u00f3n: Medell\u00edn<\/p>\n<p>Autor personal:<\/p>\n<p>Autor corporativo: El Colombiano<\/p>\n<p>Fecha: 1984, octubre, 17<\/p>\n<p>P\u00e1gina: 1A, 2A<\/p>\n<p>Secci\u00f3n: Portada, Hoy\/Mi\u00e9rcoles<\/p>\n<p><strong>Titular: <\/strong>En la U.de A. Decretado receso acad\u00e9mico<\/p>\n<p><strong>Resumen:<\/strong><\/p>\n<p>\u201cSuspender las actividades acad\u00e9micas desde la fecha hasta el pr\u00f3ximo 6 de noviembre acord\u00f3 ayer el Consejo Superior de la Universidad de Antioquia, en reuni\u00f3n extraordinaria que termin\u00f3 a las 11 pm. La medida fue adoptada despu\u00e9s de que 16 sujetos encapuchados y armados lanzaron cerca de 10 bombas en distintos lugares de la ciudad universitaria, y tambi\u00e9n por la inseguridad que se ha vivido en el Alma Mater en los \u00faltimos meses\u2026<\/p>\n<p>Agosto 15: Robo de c\u00e1maras fotogr\u00e1ficas e implementos de laboratorio por sujetos encapuchados y armados. En las horas de la noche petardo en el Centro de C\u00f3mputos.<\/p>\n<p>Septiembre 15: Bomba en la sede de la Asociaci\u00f3n de Empleados no Docentes, con destrucci\u00f3n total de muebles y enseres.<\/p>\n<p>Septiembre 20: Quema de bus TSS dentro de la Ciudad Universitaria.<\/p>\n<p>Septiembre 21: Toma del teatro durante el foro En defensa de la Universidad P\u00fablica, por parte de 7 encapuchados con armas de fuego.<\/p>\n<p>Septiembre 24: Quema de dos camiones de gaseosa por parte de sujetos encapuchados y armados.<\/p>\n<p>Octubre 5: Bomba en la oficina de profesores de Bacteriolog\u00eda.<\/p>\n<p>Octubre 12: Amenazas en la Facultad de Odontolog\u00eda y atentados menores en distintos lugares de la ciudad.<\/p>\n<p>Octubre 16: Ingreso por la malla, de cerca de 16 sujetos encapuchados y armados y lanzamiento por estos de cerca de 10 bombas en distintos lugares de la ciudad universitaria\u201d<\/p>\n<p>Teniendo en cuenta lo anterior, se dispuso de medidas: \u201cPara la reiniciaci\u00f3n de las actividades acad\u00e9micas, todos los estudiantes matriculados deben recibir nuevo carn\u00e9 y s\u00f3lo podr\u00e1n ingresar a las distintas dependencias de la universidad quienes se identifiquen con el mismo.<\/p>\n<p><strong>Im\u00e1genes: <\/strong>n\/a<\/p>\n<p>INFORMACI\u00d3N ANAL\u00cdTICA<\/p>\n<p>Contexto de la noticia:<\/p>\n<p>El presidente salvadore\u00f1o Jos\u00e9 Napole\u00f3n Duarte y los l\u00edderes de la guerrilla izquierdista acordaron hacer esfuerzos para poner fin a la guerra civil de cinco a\u00f1os. Un sector de la guerrilla se ha apartado en forma encubierta de los compromisos contra\u00eddos con el gobierno y el pueblo colombiano y ha optado por aliarse con bandas de narcotraficantes al sur del pa\u00eds. Descontento en el \u00e1rea metropolitana por la mala calidad del agua que se consume.<\/p>\n<p>Palabras clave: Acciones Violentas, Uso de petardos y explosivos, Amenaza, Da\u00f1o a bienes civiles, Respuestas Institucionales, Cierre administrativo<\/p>\n<p>Sugerencia de palabras claves:<\/p>\n<p>Observaciones:<\/p>\n<p>Fecha de diligenciamiento: 25 de febrero de 2019<\/p>\n<h1 style=\"text-align: center;\">***<\/h1>\n<p><strong>N\u00famero de ficha<\/strong>: B102&nbsp;&nbsp;&nbsp;&nbsp;&nbsp;&nbsp;&nbsp;&nbsp;&nbsp;&nbsp;&nbsp;&nbsp;&nbsp;&nbsp;&nbsp;&nbsp;&nbsp;&nbsp;&nbsp;&nbsp;&nbsp;&nbsp;&nbsp;&nbsp;&nbsp;&nbsp;<\/p>\n<p><strong>Diligenciada por: <\/strong>Sara Ospina Retrepo<\/p>\n<p>INFORMACI\u00d3N BIBLIOGR\u00c1FICA<\/p>\n<p>Peri\u00f3dico: El Colombiano<\/p>\n<p>Lugar de edici\u00f3n: Medell\u00edn<\/p>\n<p>Autor personal:<\/p>\n<p>Autor corporativo: El Colombiano<\/p>\n<p>Fecha: 1984, octubre, 19<\/p>\n<p>P\u00e1gina: D<\/p>\n<p>Secci\u00f3n: Seguridad<\/p>\n<p><strong>Titular: <\/strong>Con carn\u00e9s falsificados hacen terrorismo en la U. de A.<\/p>\n<p><strong>Resumen:<\/strong><\/p>\n<p>\u201cAyer se conoci\u00f3 que numerosos elementos terroristas, ajenos a la Universidad de Antioquia, poseen carn\u00e9s como estudiantes de las facultades y en esta forma ingresan all\u00ed para cometer actos delictivos, como arrojar bombas en el interior del centro docente, asaltar la tesorer\u00eda, el laboratorio fotogr\u00e1fico, la Emisora Cultural y a\u00fan las oficinas de los profesores\u2026\u201d<\/p>\n<p><strong>Im\u00e1genes: <\/strong>n\/a<\/p>\n<p>INFORMACI\u00d3N ANAL\u00cdTICA<\/p>\n<p>Contexto de la noticia:<\/p>\n<p>En la C\u00e1rcel del distrito judicial de Medell\u00edn, se llevar\u00e1 a cabo una asamblea de los Derechos Humanos. Cuatro activistas de una fracci\u00f3n guerrillera murieron y dos soldados del Ej\u00e9rcito resultaron heridos en un encuentro armado en el \u00e1rea general de Yari en el Caquet\u00e1.<\/p>\n<p>Palabras clave: Acciones Violentas, Uso de petardos y explosivos<\/p>\n<p>Sugerencia de palabras claves: Falsificaci\u00f3n de documentos<\/p>\n<p>Observaciones:<\/p>\n<p>Fecha de diligenciamiento: 25 de febrero de 2019<\/p>\n<h1 style=\"text-align: center;\">***<\/h1>\n<p><strong>N\u00famero de ficha<\/strong>:&nbsp; B103&nbsp;&nbsp;&nbsp;&nbsp;&nbsp;&nbsp;&nbsp;&nbsp;&nbsp;&nbsp;&nbsp;&nbsp;&nbsp;&nbsp;&nbsp;&nbsp;&nbsp;&nbsp;&nbsp;&nbsp;&nbsp;&nbsp;&nbsp;&nbsp;&nbsp;&nbsp;<\/p>\n<p><strong>Diligenciada por: <\/strong>Sara Ospina Retrepo<\/p>\n<p>INFORMACI\u00d3N BIBLIOGR\u00c1FICA<\/p>\n<p>Peri\u00f3dico: El Colombiano<\/p>\n<p>Lugar de edici\u00f3n: Medell\u00edn<\/p>\n<p>Autor personal: P\u00e9rez Berr\u00edo, C\u00e9sar<\/p>\n<p>Autor corporativo: El Colombiano<\/p>\n<p>Fecha: 1984, octubre, 23<\/p>\n<p>P\u00e1gina: 1A, 6A<\/p>\n<p>Secci\u00f3n: Portada, Pol\u00edticas<\/p>\n<p><strong>Titular: <\/strong>Por caos en la U. de A. El EPL acusa al MOIR y al MUR<\/p>\n<p><strong>Resumen:<\/strong><\/p>\n<p>Oscar William Calvo, vocero oficial del partido comunista colombiano acus\u00f3 al MOIR y al MUR de ser los responsables del caos que hoy viven la Universidad de Antioquia y los liceos Antioque\u00f1o, Pascual Bravo y Marco Fidel Su\u00e1rez. As\u00ed mismo, afirm\u00f3 que: \u201cNosotros consideramos que se vienen dando actos de tipo anarquista como los sucedidos en la U. de A. y en otros institutos y liceos de Medell\u00edn, que han dado lugar al cierre de establecimientos. Son actos realizados por grupos minoritarios, que pretenden sabotear los acuerdos en desarrollo del Di\u00e1logo Nacional y la apertura democr\u00e1tica. As\u00ed mismo existen otros grupos que est\u00e1n empe\u00f1ados en sabotaje de foros y conferencias del Di\u00e1logo Nacional. En estos sabotajes est\u00e1n comprometidos dirigentes del MOIR, del MUR y de otros grupos anarquistas\u201d.<\/p>\n<p><strong>Im\u00e1genes: <\/strong>n\/a<\/p>\n<p>INFORMACI\u00d3N ANAL\u00cdTICA<\/p>\n<p>Contexto de la noticia:<\/p>\n<p>El Jefe de la Organizaci\u00f3n de Liberaci\u00f3n Palestina (OLP) Ysser Arafat procura concertar una tregua limitada entre Ir\u00e1n e Irak como forma de contener la actual intensificaci\u00f3n de la guerra entre los dos pa\u00edses. Seg\u00fan ASFADDES en Colombia hay 325 desaparecidos.&nbsp; Ante ola de secuestros y extorsi\u00f3n, habr\u00e1 mayor patrullaje militar en Huila. Cuatro hombres y dos mujeres, presuntamente pertenecientes a un grupo guerrillero asaltaron el puesto de Polic\u00eda del barrio Alfonso L\u00f3pez.<\/p>\n<p>Palabras clave:<\/p>\n<p>Sugerencia de palabras claves:<\/p>\n<p>Observaciones:<\/p>\n<p>Fecha de diligenciamiento: 25 de febrero de 2019<\/p>\n<h1 style=\"text-align: center;\">***<\/h1>\n<p><strong>N\u00famero de ficha<\/strong>: B104&nbsp;&nbsp;&nbsp;&nbsp;&nbsp;&nbsp;&nbsp;&nbsp;&nbsp;&nbsp;&nbsp;&nbsp;&nbsp;&nbsp;&nbsp;&nbsp;&nbsp;&nbsp;&nbsp;&nbsp;&nbsp;&nbsp;&nbsp;&nbsp;&nbsp;&nbsp;<\/p>\n<p><strong>Diligenciada por: <\/strong>Sara Ospina Retrepo<\/p>\n<p>INFORMACI\u00d3N BIBLIOGR\u00c1FICA<\/p>\n<p>Peri\u00f3dico: El Colombiano<\/p>\n<p>Lugar de edici\u00f3n: Medell\u00edn<\/p>\n<p>Autor personal: Molina, Mar\u00eda Isabel<\/p>\n<p>Autor corporativo: El Colombiano<\/p>\n<p>Fecha: 1984, octubre, 24<\/p>\n<p>P\u00e1gina: 2A<\/p>\n<p>Secci\u00f3n: Hoy\/Mi\u00e9rcoles<\/p>\n<p><strong>Titular: <\/strong>Piden reapertura de la U. de A.<\/p>\n<p><strong>Resumen:<\/strong><\/p>\n<p>El movimiento estudiantil emite un comunicado en rueda de prensa realizada en ADIDA; en el que expresa: \u201cSostenemos que el cierre obedece esencialmente al d\u00e9ficit por el cual atraviesa la Universidad de Antioquia, como muestra del problema generalizado de la educaci\u00f3n p\u00fablica, y adem\u00e1s de la pol\u00edtica incoherente del r\u00e9gimen al tratar como fen\u00f3meno de orden p\u00fablico los problemas universitarios\u2026 Se quiere disfrazar el problema emprendiendo una campa\u00f1a de desprestigio del movimiento estudiantil y de los estudiantes en general, proyect\u00e1ndose sobre sectores como los de ciertos profesores y empleados, a os cuales se les quiere aplicar medidas persecutorias y represivas\u2026 se trata de justificar el cierre y la militarizaci\u00f3n de la Universidad de Antioquia\u201d.<\/p>\n<p>Por otro lado, integrantes de la Juventud Revolucionaria, Juventud Comunista y el MOIR que estuvieron presentes en la rueda de prensa comunicaron que el cierre obedece a una campa\u00f1a de difamaci\u00f3n y desprestigio del movimiento estudiantil, pues se estaba en proceso de nombramiento de los representantes a la comisi\u00f3n triestamentaria y justo se suspenden las labores.<\/p>\n<p><strong>Im\u00e1genes: <\/strong>n\/a<\/p>\n<p>INFORMACI\u00d3N ANAL\u00cdTICA<\/p>\n<p>Contexto de la noticia:<\/p>\n<p>La Sala Penal de la Corte Suprema de Justicia emiti\u00f3 ayer concepto favorable para la sexta solicitud de extradici\u00f3n que se tramita en esa corporaci\u00f3n, afecta al colombiano Sixto Granados Henr\u00edquez, requerido en Estados Unidos por narcotr\u00e1fico. El gobierno nacional advirti\u00f3 ayer sobre el recrudecimiento de la acci\u00f3n del narcotr\u00e1fico, cuyos capos siguen empe\u00f1ados en reinstalar laboratorios y sedes de operaci\u00f3n en las regiones del Yar\u00ed y el Vichada.<\/p>\n<p>Palabras clave: Acciones de resistencia, Comunicados, misivas, declaraciones, Actores gremiales, Juventud Revolucionaria, Juventud Comunista y el MOIR<\/p>\n<p>Sugerencia de palabras claves:<\/p>\n<p>Observaciones:<\/p>\n<p>Fecha de diligenciamiento: 25 de febrero de 2019<\/p>\n<h1 style=\"text-align: center;\">***<\/h1>\n<p><strong>N\u00famero de ficha<\/strong>: B105&nbsp;&nbsp;&nbsp;&nbsp; &nbsp;&nbsp;&nbsp;&nbsp;&nbsp;&nbsp;&nbsp;&nbsp;&nbsp;&nbsp;&nbsp;&nbsp;&nbsp;&nbsp;&nbsp;&nbsp;&nbsp;&nbsp;&nbsp;&nbsp;&nbsp;<\/p>\n<p><strong>Diligenciada por: <\/strong>Sara Ospina Retrepo<\/p>\n<p>INFORMACI\u00d3N BIBLIOGR\u00c1FICA<\/p>\n<p>Peri\u00f3dico: El Colombiano<\/p>\n<p>Lugar de edici\u00f3n: Medell\u00edn<\/p>\n<p>Autor personal:<\/p>\n<p>Autor corporativo: El Colombiano<\/p>\n<p>Fecha: 1984, octubre, 27<\/p>\n<p>P\u00e1gina: 2A<\/p>\n<p>Secci\u00f3n: Hoy\/S\u00e1bado<\/p>\n<p><strong>Titular: <\/strong>Dice rector de la U. de A. Receso no obedece a razones econ\u00f3micas<\/p>\n<p><strong>Resumen:<\/strong><\/p>\n<p>El rector del alma mater expidi\u00f3 un comunicado en el que afirma que: \u201cno es cierto que el receso acad\u00e9mico decretado por el Consejo Superior el pasado 16 octubre, obedezca a razones de orden presupuestal, por cuanto esta decisi\u00f3n no permite ni garantiza que se ahorre pr\u00e1cticamente suma alguna de dinero\u2026 el receso acad\u00e9mico fue motivado exclusivamente por los sucesos de suma gravedad que han tenido lugar en los \u00faltimos d\u00edas dentro de la Universidad, entre los cuales y como desenlace se destaca el ocurrido el martes 16, cuando irrumpieron con violencia aproximadamente 15 encapuchados, quienes hicieron explotar numerosas bombas en distintos lugares de la ciudad universitaria, usaron armas de fuego que portaban e igualmente rociaron gasolina alrededor de la Administraci\u00f3n con fines desconocidos pero presumibles\u2026\u201d<\/p>\n<p><strong>Im\u00e1genes: <\/strong>n\/a<\/p>\n<p>INFORMACI\u00d3N ANAL\u00cdTICA<\/p>\n<p>Contexto de la noticia:<\/p>\n<p>El presidente Hern\u00e1n Siles Zuazo cumpli\u00f3 hoy su primer d\u00eda de huelga de hambre exigiendo una \u201cconcertaci\u00f3n nacional\u201d para hacer frente a la grave crisis econ\u00f3mica por la que atraviesa Bolivia, mientras sus opositores describieron su actitud como \u201chistri\u00f3nica\u201d. El gobierno nacional reglament\u00f3, por medio del decreto 2665, el decomiso de todos los muebles, equipos y veh\u00edculos que sean utilizados por el narcotr\u00e1fico. El secretario general del Consejo Episcopal Latinoamericano (CELAM), Monse\u00f1or Dar\u00edo Castrill\u00f3n afirm\u00f3 que la brecha entre ricos y pobres en la regi\u00f3n es insostenible. El alcalde de Medell\u00edn anuncia que la construcci\u00f3n del metro posiblemente comenzar\u00e1 en enero de 1985.<\/p>\n<p>Palabras clave:<\/p>\n<p>Sugerencia de palabras claves:<\/p>\n<p>Observaciones:<\/p>\n<p>Fecha de diligenciamiento: 25 de febrero de 2019<\/p>\n<h1 style=\"text-align: center;\">***<\/h1>\n<p><strong>N\u00famero de ficha<\/strong>:&nbsp; B106&nbsp;&nbsp;&nbsp;&nbsp;&nbsp;&nbsp;&nbsp;&nbsp;&nbsp;&nbsp;&nbsp;&nbsp;&nbsp;&nbsp;&nbsp;&nbsp;&nbsp;&nbsp;&nbsp;&nbsp;&nbsp;&nbsp;&nbsp;&nbsp;&nbsp;&nbsp;<\/p>\n<p><strong>Diligenciada por: <\/strong>Sara Ospina Retrepo<\/p>\n<p>INFORMACI\u00d3N BIBLIOGR\u00c1FICA<\/p>\n<p>Peri\u00f3dico: El Colombiano<\/p>\n<p>Lugar de edici\u00f3n: Medell\u00edn<\/p>\n<p>Autor personal:<\/p>\n<p>Autor corporativo: El Colombiano<\/p>\n<p>Fecha: 1984, noviembre, 02<\/p>\n<p>P\u00e1gina: 3c<\/p>\n<p>Secci\u00f3n: Galer\u00eda<\/p>\n<p><strong>Titular: <\/strong>Informa el rector Santiago Pel\u00e1ez, cr\u00edtica situaci\u00f3n de la Universidad de Antioquia<\/p>\n<p><strong>Resumen:<\/strong><\/p>\n<p>El rector de la Universidad de Antioquia rindi\u00f3 un comunicado ante los profesores en el Teatro universitario sobre los acontecimientos ocurridos en el claustro universitario que han obligado al cierre de la instituci\u00f3n: \u201cbomba contra los usuarios de la cafeter\u00eda; toma de la biblioteca por sujetos armados y encapuchados con colocaci\u00f3n de bombas y bandera de las FARC en el edificio; toma de la cafeter\u00eda por sujetos armados que dejaron una bandera del ELN; bomba contra la sede de terminales del c\u00f3mputo electr\u00f3nico; introducci\u00f3n y quema de buses por sujetos armados; toma del teatro universitario por sujetos encapuchados y armados que se declararon disidentes de las FARC; quema de dos camiones repartidores de gaseosas; bomba de fragmentaci\u00f3n en la oficina de profesores de bacteriolog\u00eda; irrupci\u00f3n en la Ciudad Universitaria de 15 sujetos encapuchados; explosi\u00f3n de numerosas bombas; uso de armas de fuego y rociado de gasolina alrededor del edificio administrativo; petardos por todas partes; atraco a la tesorer\u00eda de la universidad con robo de dinero; atraco a mantenimiento con robo de escopetas; atraco al laboratorio de fotograf\u00eda con robo de m\u00e1quinas; atracos con armas blancas en los ba\u00f1os; raponazos de relojes y joyas; desvalijamiento permanente de veh\u00edculos; robo de piezas de tama\u00f1a mayor como el radiador; rotura permanente de las mallas; violentamiento de las rejas y sustracci\u00f3n de m\u00e1quinas de escribir y otros enseres de oficina; violentamiento de cerraduras; robo generalizado de libros a profesores y estudiantes; delitos carnales y amenaza y terror contra cualquier testigo de un hecho delictivo, bochornoso o inmoral.<\/p>\n<p><strong>Im\u00e1genes: <\/strong>n\/a<\/p>\n<p>INFORMACI\u00d3N ANAL\u00cdTICA<\/p>\n<p>Contexto de la noticia:<\/p>\n<p>Los hind\u00faes se lanzaron ayer a las calles, quemaron edificios y arrasaron templos sikhs causando por lo menos 148 muertos y 1000 heridos en 19 ciudades de 12 estados en una explosi\u00f3n de venganza por el asesinato de la primera ministra Indira Gandhi. La Fuerza Democr\u00e1tica Nicarag\u00fcense anunci\u00f3 ayer un cese al fuego el domingo 4 de noviembre durante el desarrollo de las elecciones programadas para esa fecha por el r\u00e9gimen izquierdista de Nicaragua. La comisi\u00f3n encargada de coordinar el \u201cdi\u00e1logo nacional\u201d pactado en los acuerdos de alto el fuego entre el gobierno del presidente Belisario Betancur y los guerrilleros, comenz\u00f3 ayer en Bogot\u00e1. Un grupo de j\u00f3venes en las cercan\u00edas al Liceo Marco Fidel Su\u00e1rez apedrearon un bus oficial en donde viajaban cincuenta ni\u00f1os de las guarder\u00edas del Hogar en Tr\u00e1nsito, del municipio de Medell\u00edn.<\/p>\n<p>Palabras clave: Acciones Violentas, Uso de petardos y explosivos, Amenaza, Robo, Da\u00f1o a bienes civiles, Intimidaci\u00f3n, Respuestas Institucionales, Cierre administrativo, Actores Institucionales, Rector, Pel\u00e1ez Vald\u00e9s, Santiago<\/p>\n<p>Sugerencia de palabras claves:<\/p>\n<p>Observaciones:<\/p>\n<p>Fecha de diligenciamiento: 25 de febrero de 2019<\/p>\n<h1 style=\"text-align: center;\">***<\/h1>\n<p><strong>N\u00famero de ficha<\/strong>: B107&nbsp;&nbsp;&nbsp;&nbsp;&nbsp;&nbsp;&nbsp;&nbsp;&nbsp;&nbsp;&nbsp;&nbsp;&nbsp;&nbsp;&nbsp;&nbsp;&nbsp;&nbsp;&nbsp;&nbsp;&nbsp;&nbsp;&nbsp;&nbsp;&nbsp;&nbsp;<\/p>\n<p><strong>Diligenciada por: <\/strong>Sara Ospina Retrepo<\/p>\n<p>INFORMACI\u00d3N BIBLIOGR\u00c1FICA<\/p>\n<p>Peri\u00f3dico: El Colombiano<\/p>\n<p>Lugar de edici\u00f3n: Medell\u00edn<\/p>\n<p>Autor personal:<\/p>\n<p>Autor corporativo: El Colombiano<\/p>\n<p>Fecha: 1984, noviembre, 03<\/p>\n<p>P\u00e1gina: 1A<\/p>\n<p>Secci\u00f3n: Portada<\/p>\n<p><strong>Titular: <\/strong>En la U. de A. Reapertura gradual desde el martes<\/p>\n<p><strong>Resumen:<\/strong><\/p>\n<p>El CSU mediante resoluci\u00f3n n\u00famero 152 de 1984 determin\u00f3 las fechas de reapertura gradual (desde el martes 06 de noviembre) en las distintas facultades de la UdeA. Se destaca que para el ingreso al claustro todo estudiante, profesor y empleado deber\u00e1 presentar el carn\u00e9 actualizado.<\/p>\n<p><strong>Im\u00e1genes: <\/strong>n\/a<\/p>\n<p>INFORMACI\u00d3N ANAL\u00cdTICA<\/p>\n<p>Contexto de la noticia:<\/p>\n<p>En Nicaragua no existe libertad de prensa y en el curso de este a\u00f1o el diario La Prensa ha sido sometido a una censura que dura ya tres a\u00f1os, aunque se ha aplicado con altibajos, se\u00f1al\u00f3 el informe de la Sociedad Interamericana de Prensa. Ed\u00e9n Pastora, el jefe rebelde de Nicaragua anuncia reactivaci\u00f3n de la insurrecci\u00f3n contra el r\u00e9gimen izquierdista a menos de dos d\u00edas de las elecciones presidenciales.<\/p>\n<p>Palabras clave: Respuestas Institucionales, Actores Institucionales, Consejo Superior Universitario<\/p>\n<p>Sugerencia de palabras claves: Reapertura gradual<\/p>\n<p>Observaciones:<\/p>\n<p>Fecha de diligenciamiento: 25 de febrero de 2019<\/p>\n<h1 style=\"text-align: center;\">***<\/h1>\n<p><strong>N\u00famero de ficha<\/strong>: B108&nbsp;&nbsp;&nbsp;&nbsp;&nbsp;&nbsp;&nbsp;&nbsp;&nbsp;&nbsp;&nbsp;&nbsp;&nbsp;&nbsp;&nbsp;&nbsp;&nbsp;&nbsp;&nbsp;&nbsp;&nbsp;&nbsp;&nbsp;&nbsp;&nbsp;&nbsp;<\/p>\n<p><strong>Diligenciada por: <\/strong>Sara Ospina Retrepo<\/p>\n<p>INFORMACI\u00d3N BIBLIOGR\u00c1FICA<\/p>\n<p>Peri\u00f3dico: El Colombiano<\/p>\n<p>Lugar de edici\u00f3n: Medell\u00edn<\/p>\n<p>Autor personal: Amarilles Molina, Faber<\/p>\n<p>Autor corporativo: El Colombiano<\/p>\n<p>Fecha: 1984, noviembre, 12<\/p>\n<p>P\u00e1gina: 3A<\/p>\n<p>Secci\u00f3n: Planta\/Tres<\/p>\n<p><strong>Titular: <\/strong>En la U. de A. Estudiantes piden reapertura total<\/p>\n<p><strong>Resumen:<\/strong><\/p>\n<p>El movimiento estudiantil pide la reapertura total del plantel educativo y expresan que el problema central de la Universidad no es el del orden p\u00fablico o el del terrorismo sino el gran d\u00e9ficit presupuestal. As\u00ed mismo repudiaron la militarizaci\u00f3n del claustro y negaron participaci\u00f3n en la explosi\u00f3n de petardos.<\/p>\n<p><strong>Im\u00e1genes: <\/strong>n\/a<\/p>\n<p>INFORMACI\u00d3N ANAL\u00cdTICA<\/p>\n<p>Contexto de la noticia:<\/p>\n<p>Los cancilleres de Chile y de Bolivia acordaron reunirse anoche para discutir el perenne reclamo de Bolivia de una salida al mar.&nbsp; El d\u00e9ficit total de la educaci\u00f3n colombiana asciende a 26 mil 915 millones de pesos.<\/p>\n<p>Palabras clave: Acciones de resistencia<\/p>\n<p>Sugerencia de palabras claves: solicitud de reapertura<\/p>\n<p>Observaciones:<\/p>\n<p>Fecha de diligenciamiento: 25 de febrero de 2019<\/p>\n<h1 style=\"text-align: center;\">***<\/h1>\n<p><strong>N\u00famero de ficha<\/strong>: B109&nbsp;&nbsp;&nbsp;&nbsp;&nbsp;&nbsp;&nbsp;&nbsp;&nbsp;&nbsp;&nbsp;&nbsp;&nbsp;&nbsp;&nbsp;&nbsp;&nbsp;&nbsp;&nbsp;&nbsp;&nbsp;&nbsp;&nbsp;&nbsp;&nbsp;&nbsp;&nbsp;&nbsp;&nbsp;&nbsp;&nbsp;&nbsp;&nbsp;&nbsp;&nbsp;&nbsp;&nbsp;<\/p>\n<p><strong>Diligenciada por: <\/strong>Sara Ospina Restrepo<\/p>\n<p>INFORMACI\u00d3N BIBLIOGR\u00c1FICA<\/p>\n<p>Peri\u00f3dico: El Colombiano<\/p>\n<p>Lugar de edici\u00f3n: Medell\u00edn<\/p>\n<p>Autor personal:<\/p>\n<p>Autor corporativo: El Colombiano<\/p>\n<p>Fecha: 1985, febrero, 15<\/p>\n<p>P\u00e1gina: 2A<\/p>\n<p>Secci\u00f3n: Hoy\/Viernes<\/p>\n<p><strong>Titular: <\/strong>En la U.de A. Profesores paran 24 horas<\/p>\n<p><strong>Resumen:<\/strong><\/p>\n<p>\u201cLos profesores de la Universidad de Antioquia iniciar\u00e1n hoy un paro de veinticuatro horas en protesta por la pol\u00edtica fiscal del gobierno, as\u00ed como por la falta de una financiaci\u00f3n adecuada para la educaci\u00f3n p\u00fablica. La determinaci\u00f3n fue adoptada la tarde anterior despu\u00e9s de una asamblea extraordinaria de los docentes del Alma Mater, los que hicieron un detenido an\u00e1lisis de la situaci\u00f3n econ\u00f3mica del centro de estudios superiores y del pa\u00eds en general. El Comunicado firmado por su presidente, el m\u00e9dico Leonardo Betancur Taborda, se\u00f1ala que la pol\u00edtica fiscal del gobierno del doctor Belisario Betancur, aceptando las presiones de organismos internacionales pretende descargar sobre los trabajadores y en forma particular sobre los empleados estatales, el peso de los errores en el manejo de los fondos p\u00fablicos&#8230; En forma muy enf\u00e1tica rechazan la p\u00e9rdida de la autonom\u00eda universitaria, por cuanto esto va en detrimento del desarrollo acad\u00e9mico y la capacitaci\u00f3n del profesorado, adem\u00e1s de que se impone una pol\u00edtica salarial por debajo del aumento del costo de la vida. Los docentes del Alma Mater descalificaron la actitud del Consejo Superior, por cuanto a pesar de haberse celebrado un compromiso de di\u00e1logo el 21 de diciembre del a\u00f1o anterior, este es el momento en que no ha convocado la comisi\u00f3n de la Asociaci\u00f3n de Profesores alegando m\u00faltiples ocupaciones, adem\u00e1s de que no ha sugerido ninguna alternativa para llegar a un acuerdo salarial\u201d.<\/p>\n<p>Igualmente, los profesores se comprometen a hacer parte activa de todas las actividades planteadas por los trabajadores estatales, y pretenden organizar m\u00edtines y actividades de denuncia.<\/p>\n<p><strong>Im\u00e1genes: <\/strong>n\/a<\/p>\n<ol>\n<li>INFORMACI\u00d3N ANAL\u00cdTICA<\/li>\n<\/ol>\n<p>Contexto de la noticia:<\/p>\n<p>Dimisi\u00f3n del militar Gregorio \u00c1lvarez en Uruguay, el pa\u00eds retorna a la democracia despu\u00e9s de la dictadura c\u00edvico-militar instaurada en el pa\u00eds en 1973. Diferendo lim\u00edtrofe entre Colombia y Venezuela. Tensi\u00f3n en los partidos tradicionales frente al M-19, temen perder votos.<\/p>\n<p>Palabras clave: Acciones de resistencia, Paro, Mitin, Comunicados, misivas, declaraciones, Actores Institucionales, Asociaci\u00f3n de Profesores, Consejo Superior Universitario, Betancur Taborda, Leonardo<\/p>\n<p>Sugerencia de palabras claves:<\/p>\n<p>Observaciones: No es una noticia acerca de acciones de violencias o resistencias en el marco del conflicto armado en la Universidad. Sin embargo, hace parte del contexto que fue nutriendo el clima de incertidumbre institucional en la universidad.<\/p>\n<p>Fecha de diligenciamiento: 19 de febrero de 2019<\/p>\n<h1 style=\"text-align: center;\">***<\/h1>\n<p><strong>N\u00famero de ficha<\/strong>: B110&nbsp;&nbsp;&nbsp;&nbsp;&nbsp;&nbsp;&nbsp;&nbsp;&nbsp;&nbsp;&nbsp;&nbsp;&nbsp;&nbsp;<\/p>\n<p><strong>Diligenciada por: <\/strong>Sara Ospina Restrepo<\/p>\n<p>INFORMACI\u00d3N BIBLIOGR\u00c1FICA<\/p>\n<p>Peri\u00f3dico: El Colombiano<\/p>\n<p>Lugar de edici\u00f3n: Medell\u00edn<\/p>\n<p>Autor personal:<\/p>\n<p>Autor corporativo: El Colombiano<\/p>\n<p>Fecha: 1985, marzo, 09<\/p>\n<p>P\u00e1gina: 3A<\/p>\n<p>Secci\u00f3n: Plana\/Tres<\/p>\n<p><strong>Titular: <\/strong>En la U. de A. Profesores presentan nueva propuesta salarial<\/p>\n<p><strong>Resumen:<\/strong><\/p>\n<p>Los profesores de la UdeA presentar\u00e1n al Consejo Superior Universitario una contrapropuesta a la alternativa salarial planteada por el CSU: el 10% m\u00e1s una bonificaci\u00f3n equivalente a doce d\u00edas de sueldo. Los docentes exigen: aumento del 16% y una bonificaci\u00f3n de 12 d\u00edas a partir del 1\u00ba de abril.<\/p>\n<p>Por otro lado, la nota period\u00edstica destaca: \u201cTambi\u00e9n se pudo establecer ayer que aproximadamente a las diez de la ma\u00f1ana explot\u00f3 un petardo en los predios de la universidad, con tan buena suerte que no hubo lesionados ni da\u00f1os materiales. La confusi\u00f3n que se produjo en los primeros instantes termin\u00f3 en forma r\u00e1pida. Seg\u00fan concepto de algunos profesores, no se puede mirar m\u00e1s que como la acci\u00f3n de algunos desorientados que quieren impedir a toda costa la normalidad dentro del centro de estudios superiores\u201d.<\/p>\n<p><strong>Im\u00e1genes: <\/strong>n\/a<\/p>\n<p>INFORMACI\u00d3N ANAL\u00cdTICA<\/p>\n<p>Contexto de la noticia:<\/p>\n<p>Explosi\u00f3n de carro-bomba en Beirut, frente a una mezquita en un suburbio musulm\u00e1n chiita, 62 personas murieron y 200 fueron heridas. Huelga general en Bolivia, declarada por la Central Obrera Boliviana (COB), quienes exigen un reajuste al salario m\u00ednimo: que sea calculado sobre el costo real de vida. Despu\u00e9s de 14 a\u00f1os, renace la Feria de las Flores, el alcalde Pablo Pel\u00e1ez aprob\u00f3 un proyecto de feria presentado a su despacho.<\/p>\n<p>Palabras clave: Acciones Violentas, Uso de petardos y explosivos<\/p>\n<p>Sugerencia de palabras claves:<\/p>\n<p>Observaciones: Cabe destacar que entre las acciones llevadas a cabo por los profesores en los primeros meses del a\u00f1o 1985 en torno a la cr\u00edtica situaci\u00f3n salarial, se encuentra su participaci\u00f3n activa en el Paro Nacional del 21 de febrero.<\/p>\n<p>Fecha de diligenciamiento: 19 de febrero de 2019<\/p>\n<h1 style=\"text-align: center;\">***<\/h1>\n<p><strong>N\u00famero de ficha<\/strong>: B111&nbsp;&nbsp;&nbsp;&nbsp;&nbsp;&nbsp;&nbsp;&nbsp;&nbsp;&nbsp;&nbsp;&nbsp;&nbsp;&nbsp;&nbsp;&nbsp;&nbsp;&nbsp;&nbsp;&nbsp;&nbsp;&nbsp;&nbsp;&nbsp;&nbsp;&nbsp;<\/p>\n<p><strong>Diligenciada por: <\/strong>Sara Ospina Restrepo<\/p>\n<p>INFORMACI\u00d3N BIBLIOGR\u00c1FICA<\/p>\n<p>Peri\u00f3dico: El Colombiano<\/p>\n<p>Lugar de edici\u00f3n: Medell\u00edn<\/p>\n<p>Autor personal: Molina Amarilles, Faber<\/p>\n<p>Autor corporativo: El Colombiano<\/p>\n<p>Fecha: 1985, abril, 02<\/p>\n<p>P\u00e1gina: 3A<\/p>\n<p>Secci\u00f3n: Plana\/Tres<\/p>\n<p><strong>Titular: <\/strong>Bomba de alto poder explot\u00f3 en la U. de A.<\/p>\n<p><strong>Resumen:<\/strong><\/p>\n<p>\u201cAproximadamente a las nueve y cinco minutos de la ma\u00f1ana se escuch\u00f3 un gran estallido en la Universidad, determin\u00e1ndose minutos m\u00e1s tarde que hab\u00edan sido semidestruidos los bloques 24 y 25, producto del vandalismo que acosa a este claustro desde meses atr\u00e1s. Un profesor result\u00f3 ligeramente lesionado en el atentado\u201d<\/p>\n<p>El Consejo de la Facultad de Artes emiti\u00f3 un comunicado: \u201cA las 9:05 am. Explot\u00f3 una bomba de alto poder, colocada en los ba\u00f1os del segundo piso del bloque 25\u2026 La explosi\u00f3n destruy\u00f3 totalmente los ba\u00f1os, produjo el desprendimiento de gran parte del cielo raso en corredores y salones de clase y revent\u00f3 numerosos vidrios en los bloques 24 y 25 y en el teatro Camilo Torres. Tan grande fue el poder de la explosi\u00f3n que false\u00f3 los muros, no s\u00f3lo en los ba\u00f1os destruidos, sino tambi\u00e9n en las oficinas y dependencias cercanas, adem\u00e1s de volar el tejado de aire acondicionado\u2026 La de hoy es una agresi\u00f3n que viene a sumarse a la larga lista de hechos dirigidos contra todo lo que en la Universidad signifique arte, creatividad y cultura que se vienen desarrollando desde el a\u00f1o anterior y que hab\u00edan tenido su \u00faltima manifestaci\u00f3n en el ataque al museo Universitario el pasado 15 de marzo.<\/p>\n<p>Pero a diferencia de atentados anteriores contra otras instalaciones de la Universidad, por el sitio y la hora en los cuales se produjo el del d\u00eda de hoy, resulta claro que se busc\u00f3 premeditadamente causar grave da\u00f1o no s\u00f3lo a los bienes de la Universidad, sino tambi\u00e9n a las personas. La bomba fue colocada en un ba\u00f1o que es utilizado por las empleadas del aseo como vestier, como dep\u00f3sito y como lugar para preparar algunos alimentos; por fortuna las empleadas no estaban all\u00ed en ese momento. El auxiliar de servicios de la Facultad de Artes, que se encontraba en el ba\u00f1o contiguo al de la explosi\u00f3n, result\u00f3 seriamente afectado. Un total de cinco oficinas fueron da\u00f1adas y un profesor fue herido, afortunadamente sin gravedad por los vidrios de una de las ventanas que result\u00f3 destruida. Varios salones de clase donde en ese momento se desarrollaban actividades docentes sufrieron el desprendimiento del cielo raso con peligro para profesores y estudiantes. Algo similar ocurri\u00f3 en la cafeter\u00eda de ese bloque. Todo lo anterior es tanto m\u00e1s grave cuanto la facultad de Artes, junto con los programas a nivel universitario, sirve cursos dirigidos a ni\u00f1os y adolescentes, muchos de los cuales estaban en las vecindades del sitio de la explosi\u00f3n en esos momentos.<\/p>\n<p>El anterior panorama muestra claramente la gravedad del atentado criminal realizado. Dentro de la escalada terrorista que padece la Universidad, en el d\u00eda de hoy se ha llegado a un punto extremo debido a que se ha atentado de modo extremo debido a que se ha atentado de modo directo contra la vida de los miembros de la comunidad universitaria\u2026\u201d<\/p>\n<p><strong>Im\u00e1genes: <\/strong>n\/a<\/p>\n<p>INFORMACI\u00d3N ANAL\u00cdTICA<\/p>\n<p>Contexto de la noticia:<\/p>\n<p>Irak bombardea A Teher\u00e1n (Ir\u00e1n). Con ataque terrorista intentan asesinar al presidente de Liberia. Gana las elecciones de El Salvador, el candidato Jos\u00e9 Napole\u00f3n Duarte del partido dem\u00f3crata cristiano. El expresidente V\u00edctor Paz Estenssoro presenta su candidatura a la presidencia de Bolivia por el Movimiento Nacionalista Revolucionario Hist\u00f3rico. El vicepresidente del Senado, H\u00e9ctor Polania S\u00e1nchez denunci\u00f3 ante la Comisi\u00f3n Verificadora y ante las FARC que dicha organizaci\u00f3n tiene en su poder cinco secuestrados.<\/p>\n<p>Palabras clave: Acciones Violentas, Uso de petardos y explosivos, Atentado terrorista, Da\u00f1o a bienes civiles, Acciones de resistencia, Comunicados, misivas, declaraciones, Actores Institucionales, Consejo de la Facultad de Artes<\/p>\n<p>Sugerencia de palabras claves:<\/p>\n<p>Observaciones: No se encontr\u00f3 la noticia acerca del ataque al Museo Universitario el 15 de marzo.<\/p>\n<p>Fecha de diligenciamiento: 19 de febrero de 2019<\/p>\n<h1 style=\"text-align: center;\">***<\/h1>\n<p><strong>N\u00famero de ficha<\/strong>:&nbsp; B112&nbsp;&nbsp;&nbsp;&nbsp;&nbsp;&nbsp;&nbsp;&nbsp;&nbsp;&nbsp;&nbsp;&nbsp;&nbsp;&nbsp;&nbsp;&nbsp;&nbsp;&nbsp;&nbsp;&nbsp;&nbsp;&nbsp;&nbsp;&nbsp;&nbsp;&nbsp;<\/p>\n<p><strong>Diligenciada por: <\/strong>Sara Ospina Restrepo<\/p>\n<p>INFORMACI\u00d3N BIBLIOGR\u00c1FICA<\/p>\n<p>Peri\u00f3dico: El Colombiano<\/p>\n<p>Lugar de edici\u00f3n: Medell\u00edn<\/p>\n<p>Autor personal: Molina Amarilles, Faber<\/p>\n<p>Autor corporativo: El Colombiano<\/p>\n<p>Fecha: 1985, abril, 02<\/p>\n<p>P\u00e1gina: 14A<\/p>\n<p>Secci\u00f3n: Educaci\u00f3n<\/p>\n<p><strong>Titular: <\/strong>Un interrogante para todos: \u00bfPor qu\u00e9 quieren acabar con la universidad?<\/p>\n<p><strong>Resumen:<\/strong><\/p>\n<p>Tras los hechos de violencia presentados en el claustro universitario, el rector Santiago Pel\u00e1ez emiti\u00f3 un comunicado (ensayo):<\/p>\n<p>\u201c\u2026 Es apenas l\u00f3gico que en la Universidad se exprese todo tipo de inconformidades y que cada uno busque alguna forma de difundir o hacer valer su criterio. En eso no radica el problema, pues eso es lo propio de una Universidad que se precie de serlo. El problema est\u00e1 en la forma que se adopte para hacerlo, ya que hay formas que entran a lesionar las libertades y los derechos adquiridos por todos\u2026 En la ma\u00f1ana del pasado viernes 15 de marzo, sujetos desconocidos colocaron una bomba en la cabeza de un esqueleto de ballena, destroz\u00e1ndolo totalmente y causando otras p\u00e9rdidas irreparables a las colecciones de historia natural, lo mismo que da\u00f1os a las instalaciones del Museo Universitario, poniendo en peligro las vidas de los que all\u00ed trabajan o quienes en ese momento pasasen por all\u00ed\u2026 Como se recordar\u00e1 el a\u00f1o pasado, se colocaron varias bombas en diversos recintos de la Universidad, causando da\u00f1os y poniendo en peligro la vida de las personas, en oficinas de profesores, de la Asociaci\u00f3n de empleados no docentes, en la Capilla y en la Sala de Computadores\u2026 \u00bfLos que colocan artefactos explosivos dentro de la Universidad buscan a su vez hacer un da\u00f1o permanente para desacreditar m\u00e1s a la Universidad estatal (recu\u00e9rdese que ya el 60% de la educaci\u00f3n superior est\u00e1 en manos de instituciones privadas)? \u00bfHace eso parte de la estrategia de quienes predican \u201cla destrucci\u00f3n de todos los aparatos ideol\u00f3gicos del Estado\u201d, de los cuales la Universidad p\u00fablica ser\u00eda uno? \u2026 \u00bfSer\u00e1 que el Estado de Derecho, no les interesa, ni siquiera como aspiraci\u00f3n ut\u00f3pica? \u00bfSi es que quieren cambiar el r\u00e9gimen social por otro m\u00e1s justo y respetuoso de las libertades y derechos individuales, no es conveniente dar muestras en los hechos, hic et nunc, que son respetuosos de ellas? \u2026 \u00bfC\u00f3mo pueden predicar la defensa de la Universidad P\u00fablica quienes la destruyen? \u00bfC\u00f3mo pueden pretender levantar la bandera de los derechos humanos, quienes todos los d\u00edas ponen en peligro la vida de empleados, trabajadores, profesores y estudiantes? \u00bfC\u00f3mo pueden invocar la ciencia como elemento liberador del oscurantismo quienes destruyen el f\u00f3sil de una ballena? \u00bfC\u00f3mo pueden llamarse universitarios, es de universalistas, quienes pretenden imponer sus criterios y trechos por la fuerza, en contra de la voluntad de la mayor\u00eda?&#8230;\u201d<\/p>\n<p><strong>Im\u00e1genes: <\/strong>n\/a<\/p>\n<p>INFORMACI\u00d3N ANAL\u00cdTICA<\/p>\n<p>Contexto de la noticia:<\/p>\n<p>Irak bombardea A Teher\u00e1n (Ir\u00e1n). Con ataque terrorista intentan asesinar al presidente de Liberia. Gana las elecciones de El Salvador, el candidato Jos\u00e9 Napole\u00f3n Duarte del partido dem\u00f3crata cristiano. El expresidente V\u00edctor Paz Estenssoro presenta su candidatura a la presidencia de Bolivia por el Movimiento Nacionalista Revolucionario Hist\u00f3rico. El vicepresidente del Senado, H\u00e9ctor Polania S\u00e1nchez denunci\u00f3 ante la Comisi\u00f3n Verificadora y ante las FARC que dicha organizaci\u00f3n tiene en su poder cinco secuestrados.<\/p>\n<p>Palabras clave: Acciones Violentas, Uso de petardos y explosivos, Da\u00f1o a bienes civiles, Acciones de resistencia, Comunicados, misivas, declaraciones, Actores Institucionales, Rector, Pel\u00e1ez, Santiago<\/p>\n<p>Sugerencia de palabras claves:<\/p>\n<p>Observaciones: En el ensayo emitido por el rector, se detallan las acciones en contra de los bienes de la universidad como la cojiner\u00eda y puertas de los buses, as\u00ed como del mal uso de los mismos por parte del estudiantado, especialmente de aquellos vinculados con el Liceo Antioque\u00f1o. Posteriormente, el 07 de mayo, los estudiantes emiten un peque\u00f1o comunicado donde rechazan los hechos y destacan que no han tenido participaci\u00f3n en los actos mencionados por el rector.<\/p>\n<p>Fecha de diligenciamiento: 19 de febrero de 2019<\/p>\n<h1 style=\"text-align: center;\">***<\/h1>\n<p><strong>N\u00famero de ficha<\/strong>: B113&nbsp;&nbsp;&nbsp;&nbsp;&nbsp;&nbsp;&nbsp;&nbsp;&nbsp;&nbsp;&nbsp;&nbsp;&nbsp;&nbsp;&nbsp;&nbsp;&nbsp;&nbsp;&nbsp;&nbsp;&nbsp;&nbsp;&nbsp;&nbsp;&nbsp;&nbsp;<\/p>\n<p><strong>Diligenciada por: <\/strong>Sara Ospina Restrepo<\/p>\n<p>INFORMACI\u00d3N BIBLIOGR\u00c1FICA<\/p>\n<p>Peri\u00f3dico: El Colombiano<\/p>\n<p>Lugar de edici\u00f3n: Medell\u00edn<\/p>\n<p>Autor personal:<\/p>\n<p>Autor corporativo: El Colombiano<\/p>\n<p>Fecha: 1985, abril, 08<\/p>\n<p>P\u00e1gina: 2A<\/p>\n<p>Secci\u00f3n: Hoy\/Lunes<\/p>\n<p><strong>Titular: <\/strong>En la U. de A. Estudiantes rechazan la destrucci\u00f3n de bienes<\/p>\n<p><strong>Resumen:<\/strong><\/p>\n<p>Estudiantes de la Universidad de Antioquia se suman a las declaraciones realizadas por el rector y emiten un pronunciamiento al respecto: \u201c\u2026 Si acabar con la ciencia y destruir lo que se proporciona que el avance el pensamiento es la consigna que se tiene, es tambi\u00e9n la que debe fenecer en primera instancia, aun cuando desventuradamente todos permanezcamos inm\u00f3viles, pasivos y rechazantes ante una realidad cada d\u00eda m\u00e1s grave que nos ata\u00f1e a todos\u2026 No podemos, desde ning\u00fan punto de vista, aprobar estos actos que, aunque nos neguemos a aceptarlo, van en detrimento de nuestra propia persona. Esperamos ansiosamente que no sea con la destrucci\u00f3n definitiva del Alma Mater o en medio de la sangre, que caigamos en la cuenta de que realmente estamos adormilados y que vamos nadando hacia el remolino inevitable\u201d.<\/p>\n<p><strong>Im\u00e1genes: <\/strong>n\/a<\/p>\n<p>INFORMACI\u00d3N ANAL\u00cdTICA<\/p>\n<p>Contexto de la noticia:<\/p>\n<p>El clero colombiano se opone a la revisi\u00f3n del Concordato. Despu\u00e9s de 323 d\u00edas de cierre, reabren la Universidad Nacional de Colombia, Sede Bogot\u00e1 para continuar con el semestre interrumpido el 16 de mayo despu\u00e9s de enfrentamientos con la Fuerza P\u00fablica.<\/p>\n<p>Palabras clave: Acciones de resistencia, Comunicados, misivas, declaraciones, Estudiantes<\/p>\n<p>Sugerencia de palabras claves:<\/p>\n<p>Observaciones:<\/p>\n<p>Fecha de diligenciamiento: 19 de febrero de 2019<\/p>\n<h1 style=\"text-align: center;\">***<\/h1>\n<p><strong>N\u00famero de ficha<\/strong>: B114&nbsp;&nbsp;&nbsp;&nbsp;&nbsp;&nbsp;&nbsp;&nbsp;&nbsp;&nbsp;&nbsp;&nbsp;&nbsp;&nbsp;&nbsp;&nbsp;&nbsp;&nbsp;&nbsp;&nbsp;&nbsp;&nbsp;&nbsp;&nbsp;&nbsp;&nbsp;<\/p>\n<p><strong>Diligenciada por: <\/strong>Sara Ospina Restrepo<\/p>\n<p>INFORMACI\u00d3N BIBLIOGR\u00c1FICA<\/p>\n<p>Peri\u00f3dico: El Colombiano<\/p>\n<p>Lugar de edici\u00f3n: Medell\u00edn<\/p>\n<p>Autor personal:<\/p>\n<p>Autor corporativo: El Colombiano<\/p>\n<p>Fecha: 1985, mayo, 17<\/p>\n<p>P\u00e1gina: 2A<\/p>\n<p>Secci\u00f3n: Hoy\/Viernes<\/p>\n<p><strong>Titular: <\/strong>Bomba de alto poder en Qu\u00edmica de la U. de A.<\/p>\n<p><strong>Resumen:<\/strong><\/p>\n<p>\u201cAyer tarde, en el bloque donde funciona la Facultad de Qu\u00edmica de la Universidad de Antioquia, explot\u00f3 una bomba de alto poder, causando destrozos que fueron avaluados en m\u00e1s de un mill\u00f3n de pesos, de acuerdo a la informaci\u00f3n que suministraron las autoridades de Polic\u00eda. El artefacto, al parecer, fue colocado desde las primeras horas de la ma\u00f1ana, pues las instalaciones fueron cerradas al mediod\u00eda, con motivo del paro de buses y de busetas. O sea que se trataba de una bomba de tiempo. Agentes secretos de la Polic\u00eda Metropolitana dieron comienzo a la investigaci\u00f3n, ignor\u00e1ndose los autores del atentado, presumiblemente vinculados a alguna organizaci\u00f3n subversiva\u201d.<\/p>\n<p><strong>Im\u00e1genes: <\/strong>n\/a<\/p>\n<p>INFORMACI\u00d3N ANAL\u00cdTICA<\/p>\n<p>Contexto de la noticia:<\/p>\n<p>Tensi\u00f3n entre Argentina y Gran Breta\u00f1a por inauguraci\u00f3n de Aeropuerto en las Islas Malvinas por parte de Gran Breta\u00f1a. Es aprobado el proyecto de financiamiento fiscal y se desmonta el impuesto al papel.<\/p>\n<p>Palabras clave: Acciones Violentas, Uso de petardos y explosivos, Da\u00f1o a bienes civiles<\/p>\n<p>Sugerencia de palabras claves:<\/p>\n<p>Observaciones:<\/p>\n<p>Fecha de diligenciamiento: 19 de febrero de 2019<\/p>\n<h1 style=\"text-align: center;\">***<\/h1>\n<p><strong>N\u00famero de ficha<\/strong>:&nbsp; B115&nbsp;&nbsp;&nbsp;&nbsp;&nbsp;&nbsp;&nbsp;&nbsp;&nbsp;&nbsp;&nbsp;&nbsp;&nbsp;&nbsp;&nbsp;&nbsp;&nbsp;&nbsp;&nbsp;&nbsp;&nbsp;&nbsp;&nbsp;&nbsp;&nbsp;&nbsp;<\/p>\n<p><strong>Diligenciada por: <\/strong>Sara Ospina Restrepo<\/p>\n<p>INFORMACI\u00d3N BIBLIOGR\u00c1FICA<\/p>\n<p>Peri\u00f3dico: El Colombiano<\/p>\n<p>Lugar de edici\u00f3n: Medell\u00edn<\/p>\n<p>Autor personal:<\/p>\n<p>Autor corporativo: El Colombiano<\/p>\n<p>Fecha: 1985, junio, 04<\/p>\n<p>P\u00e1gina: 15A, 15B<\/p>\n<p>Secci\u00f3n: Local, Seguridad<\/p>\n<p><strong>Titular: <\/strong>En la U. de A. Amenazan de muerte a profesores \/ Profesores de EAFIT rechazan amenazas a uno de sus colegas<\/p>\n<p><strong>Resumen:<\/strong><\/p>\n<p>\u201cSeria preocupaci\u00f3n se vive al interior de la Universidad de Antioquia debido a las amenazas de muerte de que son v\u00edctimas varios profesores, contra los que, al parecer, se toman represalias debido a los sistemas evaluativos que emplean en sus respectivas c\u00e1tedras\u201d.<\/p>\n<p>La Asociaci\u00f3n de profesores, los Profesores de la Facultad de Econom\u00eda y los estudiantes matriculados en el curso de Econom\u00eda Colombiana I, enunciaron su rechazo a estas acciones violentas y recalcaron que a pesar de las diferencias con el docente Ovidio Rold\u00e1n, se hab\u00eda llegado a consensos.&nbsp; Igualmente, \u201cse\u00f1alaron los docentes que despu\u00e9s de analizar el problema de las amenazas, decidieron dirigirse p\u00fablicamente al Ej\u00e9rcito de Liberaci\u00f3n Nacional, por considerar que no es otra la situaci\u00f3n sino la utilizaci\u00f3n del nombre de esta organizaci\u00f3n, adem\u00e1s de que no puede sino causar estupor la noticia de que hay 13 profesores en \u201clista que estar\u00edan bajo estricta vigilancia, los que, de no cambiar sus pol\u00edticas educativas, la respuesta ser\u00eda el ajusticiamiento\u201d\u201d.<\/p>\n<p>Por otro lado, el Sindicato de profesores de la Escuela de Administraci\u00f3n y Finanzas y Tecnolog\u00edas emitieron un comunicado en el que rechazan la amenaza realizada al profesor Ovidio Rold\u00e1n.<\/p>\n<p><strong>Im\u00e1genes: <\/strong>n\/a<\/p>\n<p>INFORMACI\u00d3N ANAL\u00cdTICA<\/p>\n<p>Contexto de la noticia:<\/p>\n<p>Maestros de varias regiones del pa\u00eds pararon por demora en el pago, en el caso de Antioquia, desde el 03 de junio se inici\u00f3 el estad de alerta.<\/p>\n<p>Palabras clave: Acciones Violentas, Amenazas, Acciones de resistencia, Comunicados, misivas, declaraciones, Estudiantes, Profesores, Actores Institucionales, Asociaci\u00f3n de Profesores de la Universidad de Antioquia, Sindicato de profesores de la Escuela de Administraci\u00f3n y Finanzas y Tecnolog\u00edas, Rold\u00e1n, Ovidio<\/p>\n<p>Sugerencia de palabras claves:<\/p>\n<p>Observaciones:<\/p>\n<p>Fecha de diligenciamiento: 19 de febrero de 2019<\/p>\n<h1 style=\"text-align: center;\">***<\/h1>\n<p><strong>N\u00famero de ficha<\/strong>: B116&nbsp;&nbsp;&nbsp;&nbsp;&nbsp;&nbsp;&nbsp;&nbsp;&nbsp;&nbsp;&nbsp;&nbsp;&nbsp;&nbsp; &nbsp;&nbsp;&nbsp;&nbsp;&nbsp;&nbsp;&nbsp;&nbsp;&nbsp;&nbsp;&nbsp;<\/p>\n<p><strong>Diligenciada por: <\/strong>Sara Ospina Restrepo<\/p>\n<p>INFORMACI\u00d3N BIBLIOGR\u00c1FICA<\/p>\n<p>Peri\u00f3dico: El Colombiano<\/p>\n<p>Lugar de edici\u00f3n: Medell\u00edn<\/p>\n<p>Autor personal:<\/p>\n<p>Autor corporativo: El Colombiano<\/p>\n<p>Fecha: 1985, junio, 20<\/p>\n<p>P\u00e1gina: 2A<\/p>\n<p>Secci\u00f3n: Hoy\/Jueves<\/p>\n<p><strong>Titular: <\/strong>U. de A. suspende actividades<\/p>\n<p><strong>Resumen:<\/strong><\/p>\n<p>\u201cDesde hoy hasta la pr\u00f3xima semana estar\u00e1 cerrada la Universidad de Antioquia, seg\u00fan lo dispuso el Consejo Superior al t\u00e9rmino de una reuni\u00f3n celebrada en el d\u00eda de ayer con la participaci\u00f3n del gobernador del departamento, Alberto V\u00e1squez Restrepo. La medida fue tomada con miras a garantizar el normal funcionamiento del Alma Mater. Por eso, fue expedido el siguiente comunicado: El Consejo Superior de la Universidad de Antioquia informa que se ha ordenado un receso de actividades en la Universidad, durante los d\u00edas jueves, viernes y s\u00e1bado de la presente semana\u201d.<\/p>\n<p><strong>Im\u00e1genes: <\/strong>n\/a<\/p>\n<p>INFORMACI\u00d3N ANAL\u00cdTICA<\/p>\n<p>Contexto de la noticia:<\/p>\n<p>En Ecuador derriban una avioneta colombiana que al parecer transportaba gran cantidad de droga. Paro c\u00edvico nacional, las fuerzas armadas repudian el hecho y aumentan el pie de fuerza en todo el territorio nacional. Pastrana Borrero propone revitalizar el Frente Nacional. Empresas p\u00fablicas expide un comunicado en el que denuncia 3 atentados a algunas dependencias de la entidad.<\/p>\n<p>Palabras clave: Respuestas Institucionales, Cierre administrativo, Actores Institucionales, Consejo Superior Universitario, Gobernador, V\u00e1squez Restrepo, Alberto, 1984-1986<\/p>\n<p>Sugerencia de palabras claves:<\/p>\n<p>Observaciones: No hay claridad respecto al por qu\u00e9 se suspenden actividades.<\/p>\n<p>Fecha de diligenciamiento: 19 de febrero de 2019<\/p>\n<h1 style=\"text-align: center;\">***<\/h1>\n<p><strong>N\u00famero de ficha<\/strong>: B117&nbsp;&nbsp;&nbsp;&nbsp;&nbsp;&nbsp;&nbsp;&nbsp;&nbsp;&nbsp;&nbsp;&nbsp;&nbsp;&nbsp;&nbsp;&nbsp;&nbsp;&nbsp;&nbsp;&nbsp;&nbsp;&nbsp;&nbsp;&nbsp;&nbsp;&nbsp;<\/p>\n<p><strong>Diligenciada por: <\/strong>Sara Ospina Restrepo<\/p>\n<p>INFORMACI\u00d3N BIBLIOGR\u00c1FICA<\/p>\n<p>Peri\u00f3dico: El Colombiano<\/p>\n<p>Lugar de edici\u00f3n: Medell\u00edn<\/p>\n<p>Autor personal:<\/p>\n<p>Autor corporativo: El Colombiano<\/p>\n<p>Fecha: 1985, agosto, 30<\/p>\n<p>P\u00e1gina: 2A<\/p>\n<p>Secci\u00f3n: Hoy\/Viernes<\/p>\n<p><strong>Titular: <\/strong>Paro de 24 horas en la U. de A.<\/p>\n<p><strong>Resumen:<\/strong><\/p>\n<p>\u201cLos estudiantes de la Universidad de Antioquia, reunidos ayer en asamblea general, determinaron realizar hoy un paro de 24 horas para rechazar \u201cla creciente militarizaci\u00f3n\u201d de las instalaciones del Alma Mater y solicitar semestre especial para todos los matriculados en ese centro de estudios superiores. Igualmente, los estudiantes protestaron por el servicio militar obligatorio y la exigencia de la libreta para los educandos. La asamblea tambi\u00e9n decret\u00f3 el paro en solidaridad con los estudiantes de ingenier\u00eda, que fueron convocados por las directivas a presentar ex\u00e1menes finales. La asamblea termin\u00f3 a las cuatro de la tarde, pero el rector de la universidad hab\u00eda ordenado antes el desalojo del personal administrativo y docente. Los estudiantes realizaron un mitin hasta el centro de la ciudad, el cual culmin\u00f3 en forma pac\u00edfica. Sin embargo, un petardo regular estall\u00f3 en las instalaciones universitarias, sin causar da\u00f1os materiales ni heridos. Para el pr\u00f3ximo lunes se convoc\u00f3 una nueva asamblea de estudiantes de ingenier\u00eda y una general, el martes, que se efectuar\u00e1 en el Teatro Camilo Torres\u201d.<\/p>\n<p><strong>Im\u00e1genes: <\/strong>n\/a<\/p>\n<p>INFORMACI\u00d3N ANAL\u00cdTICA<\/p>\n<p>Contexto de la noticia:<\/p>\n<p>Conversaciones entre Estados Unidos y la URSS para reanudar vuelos directos, luego de haber sido suspendidos desde 1981. Pinochet autoriza formaci\u00f3n de frente c\u00edvico-militar en apoyo al r\u00e9gimen. Luis Carlos Gal\u00e1n pide autonom\u00eda regional universitaria en un foro realizado en la Universidad EAFIT. Estalla una bomba de alto impacto en la choza donde naci\u00f3 Marco Fidel Su\u00e1rez.<\/p>\n<p>Palabras clave: Acciones de resistencia, Paro, Mitin Acciones Violentas, Uso de petardos y explosivos<\/p>\n<p>Sugerencia de palabras claves:<\/p>\n<p>Observaciones:<\/p>\n<p>Fecha de diligenciamiento: 19 de febrero de 2019<\/p>\n<h1 style=\"text-align: center;\">***<\/h1>\n<p><strong>N\u00famero de ficha<\/strong>: B118&nbsp;&nbsp;&nbsp;&nbsp;&nbsp;&nbsp;&nbsp;&nbsp;&nbsp;&nbsp;&nbsp;&nbsp;&nbsp;&nbsp;&nbsp;&nbsp;&nbsp;&nbsp;&nbsp;&nbsp;&nbsp;&nbsp;&nbsp;&nbsp;&nbsp;&nbsp;<\/p>\n<p><strong>Diligenciada por: <\/strong>Sara Ospina Restrepo<\/p>\n<p>INFORMACI\u00d3N BIBLIOGR\u00c1FICA<\/p>\n<p>Peri\u00f3dico: El Colombiano<\/p>\n<p>Lugar de edici\u00f3n: Medell\u00edn<\/p>\n<p>Autor personal:<\/p>\n<p>Autor corporativo: El Colombiano<\/p>\n<p>Fecha: 1985, septiembre, 01<\/p>\n<p>P\u00e1gina: 2A<\/p>\n<p>Secci\u00f3n: Hoy\/Domingo<\/p>\n<p><strong>Titular: <\/strong>Consejo Superior de la U. de A. reafirma decisiones acad\u00e9micas<\/p>\n<p><strong>Resumen:<\/strong><\/p>\n<p>El Consejo Superior Universitario reafirm\u00f3 la no concesi\u00f3n de \u201csemestre especial\u201d (16 de agosto) y dispuso de un receso en actividades de ciertas dependencias para garantizar y facilitar la finalizaci\u00f3n del semestre.<\/p>\n<p><strong>Im\u00e1genes: <\/strong>n\/a<\/p>\n<p>INFORMACI\u00d3N ANAL\u00cdTICA<\/p>\n<p>Contexto de la noticia:<\/p>\n<p>Mosc\u00fa acusa a Estados Unidos de ser c\u00f3mplice del r\u00e9gimen sudafricano. Belisario Betancur frente a cr\u00edticas realizadas por el proceso de paz, afirma que asume el costo pol\u00edtico porque la paz no es solamente el hueco vac\u00edo de guerra, sino la plenitud de los deberes y derechos.<\/p>\n<p>Palabras clave: Respuestas Institucionales<\/p>\n<p>Sugerencia de palabras claves:<\/p>\n<p>Observaciones: No es una noticia acerca de acciones de violencias o resistencias en el marco del conflicto armado en la Universidad. Sin embargo, hace parte del contexto que fue nutriendo el clima de incertidumbre institucional en la universidad.<\/p>\n<p>Fecha de diligenciamiento: 19 de febrero de 2019<\/p>\n<h1 style=\"text-align: center;\">***<\/h1>\n<p><strong>N\u00famero de ficha<\/strong>: B119&nbsp;&nbsp;&nbsp;&nbsp;&nbsp;&nbsp;&nbsp;&nbsp;&nbsp;&nbsp;&nbsp;&nbsp;&nbsp;&nbsp;&nbsp;&nbsp;&nbsp;&nbsp;&nbsp;&nbsp;&nbsp;&nbsp;&nbsp;&nbsp;&nbsp;&nbsp;<\/p>\n<p><strong>Diligenciada por: <\/strong>Sara Ospina Restrepo<\/p>\n<p>INFORMACI\u00d3N BIBLIOGR\u00c1FICA<\/p>\n<p>Peri\u00f3dico: El Colombiano<\/p>\n<p>Lugar de edici\u00f3n: Medell\u00edn<\/p>\n<p>Autor personal:<\/p>\n<p>Autor corporativo: El Colombiano<\/p>\n<p>Fecha: 1985, septiembre, 03<\/p>\n<p>P\u00e1gina: 2A<\/p>\n<p>Secci\u00f3n: Hoy\/Martes<\/p>\n<p><strong>Titular: <\/strong>Por determinaci\u00f3n del gobernador, seguir\u00e1 cerrado el Liceo Antioque\u00f1o<\/p>\n<p><strong>Resumen:<\/strong><\/p>\n<p>El gobierno departamental y municipal decidieron continuar con la medida de cierre del Liceo Antioque\u00f1o con el fin de garantizar el orden y la tranquilidad en el sector de Robledo. Los mencionados, emitieron un comunicado a la opini\u00f3n p\u00fablica: \u201c1. Una situaci\u00f3n de desorden continuado, que culmin\u00f3 con graves hechos de violencia ocurridos el pasado 13 de agosto, hizo aconsejable el cierre temporal de los liceos de Antioquia, Lucrecio Jaramillo V\u00e9lez e Instituto Popular de Cultura\u2026 5. Se ordenar\u00e1 reabrir los citados planteles, cuando se establezcan condiciones que garanticen normalidad acad\u00e9mica, tranquilidad y seguridad social a los estudiantes y a los vecinos del sector\u201d.<\/p>\n<p><strong>Im\u00e1genes: <\/strong>n\/a<\/p>\n<p>INFORMACI\u00d3N ANAL\u00cdTICA<\/p>\n<p>Contexto de la noticia:<\/p>\n<p>El general Landaz\u00e1bal afirm\u00f3 que Colombia \u201ces el pr\u00f3ximo objetivo del comunismo internacional\u201d, a prop\u00f3sito de la firma del acuerdo de tregua que firm\u00f3 las FARC con los miembros de la Comisi\u00f3n de Paz. El dirigente guerrillero Rosemberg Pab\u00f3n, conocido como el \u201ccomandante uno\u201d, habr\u00eda muerto en el departamento del Valle.<\/p>\n<p>Palabras clave: Respuestas Institucionales, Cierre administrativo<\/p>\n<p>Sugerencia de palabras claves:<\/p>\n<p>Observaciones: El 30 de julio se hab\u00edan reanudado las actividades en el Liceo Antioque\u00f1o, en el rastreo de prensa no se encontr\u00f3 la fecha en la que se hab\u00eda dictado su cierre ni las razones. Sin embargo, se destaca que fue una medida que se tom\u00f3 a lo largo del a\u00f1o para contrarrestar los hechos violentos alrededor del plantel.<\/p>\n<p>Fecha de diligenciamiento: 19 de febrero de 2019<\/p>\n<h1 style=\"text-align: center;\">***<\/h1>\n<p><strong>N\u00famero de ficha<\/strong>:&nbsp; B120&nbsp;&nbsp;&nbsp;&nbsp;&nbsp;&nbsp;&nbsp;&nbsp;&nbsp;&nbsp;&nbsp;&nbsp;&nbsp;&nbsp;&nbsp;&nbsp;&nbsp;&nbsp;&nbsp;&nbsp;&nbsp;&nbsp;&nbsp;&nbsp;&nbsp;&nbsp;<\/p>\n<p><strong>Diligenciada por: <\/strong>Sara Ospina Restrepo<\/p>\n<p>INFORMACI\u00d3N BIBLIOGR\u00c1FICA<\/p>\n<p>Peri\u00f3dico: El Colombiano<\/p>\n<p>Lugar de edici\u00f3n: Medell\u00edn<\/p>\n<p>Autor personal:<\/p>\n<p>Autor corporativo: El Colombiano<\/p>\n<p>Fecha: 1985, septiembre, 04<\/p>\n<p>P\u00e1gina: 2A<\/p>\n<p>Secci\u00f3n: Hoy\/Mi\u00e9rcoles<\/p>\n<p><strong>Titular: <\/strong>En Asamblea de estudiantes. Piden reapertura de la U. de A.<\/p>\n<p><strong>Resumen:<\/strong><\/p>\n<p>\u201cDurante la asamblea de estudiantes de la Universidad de Antioquia ayer, a la que asistieron alrededor de 500 alumnos, celebrada en las instalaciones del Sindicato de la Construcci\u00f3n porque a \u00faltima surgieron problemas para su realizaci\u00f3n en la sede de ADIDA, aprobaron decisiones como: Solicitar la reapertura del claustro. Rechazar las medidas del Consejo Superior Universitario. Convocar a todos los estamentos al interior de la Universidad a actuar solidariamente con el movimiento estudiantil y a participar en los foros que contra el reglamento estudiantil y por unas nuevas normas de la U. van a impulsar. Convocar la vinculaci\u00f3n de otros sectores universitarios y pueblo en general al movimiento. Tambi\u00e9n aprobaron la realizaci\u00f3n de un mitin regional el viernes a las 5 de la tarde en Unaula. Preparar una rueda de prensa para este fin de semana y nueva asamblea el martes 10, en Sindicons\u201d.<\/p>\n<p><strong>Im\u00e1genes: <\/strong>n\/a<\/p>\n<p>INFORMACI\u00d3N ANAL\u00cdTICA<\/p>\n<p>Contexto de la noticia:<\/p>\n<p>El Gobierno nacional adopta medidas para frenar la ola de temor que se ha extendido en el territorio nacional respecto a una supuesta epidemia de sida. Estallan tres petardos de regular poder en Bogot\u00e1, uno en la residencia del embajador de Chile. En Cali un grupo de guerrilleros trat\u00f3 de apoderarse de una estaci\u00f3n de polic\u00eda, luego de haber explotado un petardo de alto poder en el edificio del Centro Colombo Americano. El cad\u00e1ver exhumado no es el de Rosemberg Pab\u00f3n, se retractan sobre los rumores de su muerte.<\/p>\n<p>Palabras clave: Acciones de resistencia, Mitin, Actores Institucionales, Asamblea de Estudiantes, Consejo Superior Universitario, Actores gremiales, ADIDA<\/p>\n<p>Sugerencia de palabras claves:<\/p>\n<p>Observaciones:<\/p>\n<p>Fecha de diligenciamiento: 19 de febrero de 2019<\/p>\n<h1 style=\"text-align: center;\">***<\/h1>\n<p><strong>N\u00famero de ficha<\/strong>: B121&nbsp;&nbsp;&nbsp;&nbsp;&nbsp;&nbsp;&nbsp;&nbsp;&nbsp;&nbsp;&nbsp;&nbsp;&nbsp;&nbsp;&nbsp;&nbsp;&nbsp;&nbsp;&nbsp;&nbsp;&nbsp;&nbsp;&nbsp;&nbsp;&nbsp;&nbsp;<\/p>\n<p><strong>Diligenciada por: <\/strong>Sara Ospina Restrepo<\/p>\n<p>INFORMACI\u00d3N BIBLIOGR\u00c1FICA<\/p>\n<p>Peri\u00f3dico: El Colombiano<\/p>\n<p>Lugar de edici\u00f3n: Medell\u00edn<\/p>\n<p>Autor personal:<\/p>\n<p>Autor corporativo: El Colombiano<\/p>\n<p>Fecha: 1985, septiembre, 06<\/p>\n<p>P\u00e1gina: 2A, 12 A<\/p>\n<p>Secci\u00f3n: Hoy\/Viernes, Local<\/p>\n<p><strong>Titular: <\/strong>El lunes reinician clases en U. de A. \/ Apoyo a medidas del superior dan docentes de la U. de A.<\/p>\n<p><strong>Resumen:<\/strong><\/p>\n<p>El Consejo Superior Universitario resolvi\u00f3 a trav\u00e9s de una resoluci\u00f3n normalizar las actividades universitarias a partir del lunes 9 de septiembre. Igualmente, los profesores de la Universidad de Antioquia expresaron su apoyo a las medidas tomadas por el CSU. Por su parte, la Asociaci\u00f3n de Docentes dirigi\u00f3 un comunicado al CSU: \u201c\u2026 3. Los hechos terroristas y violentos producidos durante la semana anterior merecen el total rechazo de la comunidad universitaria\u2026 5. Mira ASDUA con honda preocupaci\u00f3n la grave situaci\u00f3n que se vive en el Liceo Antioque\u00f1o, en donde ya no existen ni siquiera las condiciones m\u00ednimas de seguridad y tranquilidad para el ejercicio de la docencia. El an\u00e1lisis de la realidad actual de esa dependencia muestra evidencias sobre hechos anormales vinculados con la acci\u00f3n violenta desde el interior del Liceo y con posibles nexos extremistas. 6. ASDUA reitera ante las directivas universitarias y el gobierno, su propuesta de <strong>institucionalizaci\u00f3n del derecho de huelga<\/strong>, dentro de la cual se determinen las causales por las cuales se puede declarar la misma y los procedimientos correspondientes a su ejercicio, incluyendo en \u00e9stos el voto obligatorio, universal y secreto de los universitarios y las garant\u00edas de tal actividad, entre otros. Si tal sucediera, se desvirtuar\u00eda el imperio de las minor\u00edas agresivas y an\u00e1rquicas que dominan y llevan actualmente la Universidad en su conjunto, a momentos cr\u00edticos. 7. Sostiene ASDUA que parte de los enemigos de la universidad p\u00fablica est\u00e1n dentro de ella y act\u00faan en su interior, protagonizando la violencia como forma de acci\u00f3n para el logro de sus prop\u00f3sitos, claramente antiuniversitarios, parapetados en demandas acad\u00e9micas atentatorias de la calidad del estudio y la formaci\u00f3n profesional, lo cual exige investigaciones no s\u00f3lo de tipo acad\u00e9mico sino tambi\u00e9n de orden penal, dado que son actos claramente delictivos\u201d.<\/p>\n<p><strong>Im\u00e1genes: <\/strong>n\/a<\/p>\n<p>INFORMACI\u00d3N ANAL\u00cdTICA<\/p>\n<p>Contexto de la noticia:<\/p>\n<p>Tensiones en Chile, protestas contra la dictadura c\u00edvico-militar de Pinochet. Trabajadores de la salud, realizar\u00e1n una jornada nacional de protesta entre el 23 al 27 de septiembre para presionar el pago del 10% del reajuste salarial correspondiente al primer semestre de 1985. Paro c\u00edvico en el Choc\u00f3 por reclamaciones de mejoras en el servicio p\u00fablico.<\/p>\n<p>Palabras clave: Respuestas Institucionales, Actores Institucionales, Consejo Superior Universitario, Asociaci\u00f3n de Profesores, ASDUA<\/p>\n<p>Sugerencia de palabras claves: Reanudaci\u00f3n de actividades universitarias<\/p>\n<p>Observaciones:<\/p>\n<p>Fecha de diligenciamiento: 19 de febrero de 2019<\/p>\n<h1 style=\"text-align: center;\">***<\/h1>\n<p><strong>N\u00famero de ficha<\/strong>:&nbsp; B122&nbsp;&nbsp;&nbsp;&nbsp; &nbsp;&nbsp;&nbsp;&nbsp;&nbsp;&nbsp;&nbsp;&nbsp;&nbsp;&nbsp;&nbsp;&nbsp;&nbsp;&nbsp;&nbsp;&nbsp;&nbsp;&nbsp;&nbsp;&nbsp;&nbsp;<\/p>\n<p><strong>Diligenciada por: <\/strong>Sara Ospina Restrepo<\/p>\n<p>INFORMACI\u00d3N BIBLIOGR\u00c1FICA<\/p>\n<p>Peri\u00f3dico: El Colombiano<\/p>\n<p>Lugar de edici\u00f3n: Medell\u00edn<\/p>\n<p>Autor personal:<\/p>\n<p>Autor corporativo: El Colombiano<\/p>\n<p>Fecha: 1985, septiembre, 12<\/p>\n<p>P\u00e1gina: 2A, 3A<\/p>\n<p>Secci\u00f3n: Hoy\/Jueves, Plana\/Tres<\/p>\n<p><strong>Titular: <\/strong>Bomba en la U. de A. Caus\u00f3 7 heridos y cuantiosos da\u00f1os \/No hay clases en la U. de A.<\/p>\n<p><strong>Resumen:<\/strong><\/p>\n<p>\u201cUn poco antes de las cuatro de la tarde de ayer, en el bloque 16, donde funciona el Departamento Administrativo, en el primer piso, a pocos metros de la secci\u00f3n de Administraci\u00f3n y registro, fue colocada y explot\u00f3 poderosa bomba de dinamita que no solo caus\u00f3 serios destrozos, sino lesiones a siete personas. De acuerdo con la informaci\u00f3n suministrada por voceros del Alma Mater, hubo destrucci\u00f3n de los ventanales de vidrio, rejas de hierro que aseguran las ventanas y en los muros de la edificaci\u00f3n. La explosi\u00f3n abri\u00f3 un boquete de tal magnitud que por all\u00ed cabe y pasa al otro lado una persona sin ninguna dificultad. Las ondas llegaron hasta el tercer piso del bloque en menci\u00f3n en donde tambi\u00e9n destruy\u00f3 vidrios. Dijeron voceros de la Universidad que es la bomba con que mayor poder destructor ha sido colocado en los \u00faltimos tiempos en ese centro\u2026\u201d<\/p>\n<p>Por otro lado, \u201ctan pronto se produjo el hecho, que, como los anteriores, fue objeto de repudio por parte de los estamentos del Alma Mater, se dispuso del cierre de aulas y oficinas, a tiempo que se ordenaba la realizaci\u00f3n de una investigaci\u00f3n para determinar qui\u00e9n o quienes pod\u00edan ser los responsables del grave atentado. Y de inmediato, la zona fue pr\u00e1cticamente militarizada en prevenci\u00f3n de cualquier nuevo intento de subvertir el orden o de causar m\u00e1s da\u00f1os a los bienes del centro universitario\u201d.<\/p>\n<p><strong>Im\u00e1genes: <\/strong>IMGB122<\/p>\n<p>Parte del bloque 16 destruida. Foto: sin cr\u00e9ditos.<\/p>\n<p>INFORMACI\u00d3N ANAL\u00cdTICA<\/p>\n<p>Contexto de la noticia:<\/p>\n<p>Contin\u00faan tensiones entre Ir\u00e1n e Irak. Asesinan a Alcides Arizmendi Vel\u00e1squez, director de la c\u00e1rcel \u201cLa Picota\u201d. Atacan embajada de Ecuador con tiros y bombas.<\/p>\n<p>Palabras clave: Acciones Violentas, Uso de petardos y explosivos, Respuestas Institucionales, Cierre administrativo<\/p>\n<p>Sugerencia de palabras claves:<\/p>\n<p>Observaciones:<\/p>\n<p>Fecha de diligenciamiento: 19 de febrero de 2019<\/p>\n<h1 style=\"text-align: center;\">***<\/h1>\n<p>&nbsp;<\/p>\n<p><strong>N\u00famero de ficha<\/strong>: &nbsp;&nbsp;&nbsp;&nbsp;&nbsp;&nbsp;&nbsp;&nbsp;&nbsp;&nbsp;&nbsp;&nbsp;&nbsp;&nbsp;&nbsp;&nbsp; B123&nbsp;&nbsp;&nbsp;&nbsp;&nbsp;&nbsp;&nbsp;&nbsp;&nbsp;&nbsp;&nbsp;&nbsp;&nbsp;&nbsp; <strong>Diligenciada por: <\/strong>Sara Ospina Restrepo<\/p>\n<p>INFORMACI\u00d3N BIBLIOGR\u00c1FICA<\/p>\n<p>Peri\u00f3dico: El Colombiano<\/p>\n<p>Lugar de edici\u00f3n: Medell\u00edn<\/p>\n<p>Autor personal:<\/p>\n<p>Autor corporativo: El Colombiano<\/p>\n<p>Fecha: 1985, septiembre, 13<\/p>\n<p>P\u00e1gina: 1A<\/p>\n<p>Secci\u00f3n: Portada<\/p>\n<p><strong>Titular: <\/strong>Cerrada la U. de A.<\/p>\n<p><strong>Resumen:<\/strong><\/p>\n<p>\u201cAyer quedaron suspendidas hasta nueva orden las actividades en la Universidad de Antioquia por decisi\u00f3n del Consejo Superior y como consecuencia del acto terrorista del mi\u00e9rcoles, en el cual siete personas quedaron heridas. El atentado gener\u00f3 el inmediato y en\u00e9rgico repudio de la totalidad de los estamentos b\u00e1sicos de la Universidad, que lo consideraron como un acto anti- universitario que contribuye a la desestabilizaci\u00f3n acad\u00e9mica y administrativa del Alma Mater, en momentos en que las labores docentes ven\u00edan desarroll\u00e1ndose en forma normal. El comunicado en el cual se informa sobre la determinaci\u00f3n es el siguiente: \u201cLa Universidad de Antioquia lamenta informar a la opini\u00f3n p\u00fablica que como el pasado 11 de septiembre personas no identificadas hicieron explotar una bomba de alto poder que caus\u00f3 siete heridos graves entre estudiantes y empleados, lo mismo que serios destrozos en el edificio donde funcionan las principales dependencias de cuya actividad depende la marcha de la instituci\u00f3n dejando inoperantes las distintas oficinas, muy a pesar de su vocaci\u00f3n de mantenerse siempre abierta, se ha visto obligada a suspender labores. Oportunamente se dar\u00e1n a conocer las decisiones que al respecto adopte el Consejo Superior\u201d.<\/p>\n<p><strong>Im\u00e1genes: <\/strong>n\/a<\/p>\n<p>INFORMACI\u00d3N ANAL\u00cdTICA<\/p>\n<p>Contexto de la noticia:<\/p>\n<p>Huelga bancaria en Brasil. Disturbios en Chile a prop\u00f3sito del duod\u00e9cimo aniversario del golpe militar que derroc\u00f3 en 1973 al gobierno de Salvador Allende. El M-19 propone nuevo di\u00e1logo con el gobierno nacional s\u00f3lo si participa directamente el presidente de la rep\u00fablica. El ministro de defensa, denunci\u00f3 una infiltraci\u00f3n comunista en el Ej\u00e9rcito.<\/p>\n<p>Palabras clave: Respuestas Institucionales, Cierre administrativo, Actores Institucionales, Consejo Superior Universitario<\/p>\n<p>Sugerencia de palabras claves:<\/p>\n<p>Observaciones:<\/p>\n<p>Fecha de diligenciamiento: 19 de febrero de 2019<\/p>\n<h1 style=\"text-align: center;\">***<\/h1>\n<p><strong>N\u00famero de ficha<\/strong>: B124&nbsp;&nbsp;&nbsp;&nbsp;&nbsp;&nbsp;&nbsp;&nbsp;&nbsp;&nbsp;&nbsp;&nbsp;&nbsp;&nbsp;&nbsp;&nbsp;&nbsp;&nbsp;&nbsp;&nbsp;&nbsp;&nbsp;&nbsp;&nbsp;&nbsp;&nbsp;<\/p>\n<p><strong>Diligenciada por: <\/strong>Sara Ospina Restrepo<\/p>\n<p>INFORMACI\u00d3N BIBLIOGR\u00c1FICA<\/p>\n<p>Peri\u00f3dico: El Colombiano<\/p>\n<p>Lugar de edici\u00f3n: Medell\u00edn<\/p>\n<p>Autor personal:<\/p>\n<p>Autor corporativo:<\/p>\n<p>Fecha: 1985, septiembre, 15<\/p>\n<p>P\u00e1gina: 3A<\/p>\n<p>Secci\u00f3n: Educaci\u00f3n<\/p>\n<p><strong>Titular: <\/strong>\u00bfQui\u00e9nes agitan la Universidad?<\/p>\n<p><strong>Resumen:<\/strong><\/p>\n<p>\u201cLas ocurrencias registradas \u00faltimamente al interior de la Universidad de Antioquia reviven el examen que sobre la situaci\u00f3n del Alma Mater se ha intentado en varias ocasiones. Los atentados terroristas que han destruido bienes y lesionado a empleados y estudiantes, constituyen la expresi\u00f3n del desespero de quienes est\u00e1n a la puerta de salida y su bajo rendimiento acad\u00e9mico s\u00f3lo puede escudarse tras la confusi\u00f3n\u2026 El terrorismo y el facilismo, dicen numerosos estudiantes y profesores, hace una llave en la Universidad. Uno y otro desembocan en el anarquismo que confabula contra la normalidad acad\u00e9mica y contra el patrimonio universitario. Los atentados contra el Museo, contra las instalaciones de arte, el da\u00f1o al fresco del maestro Pedro Nel G\u00f3mez, el atentado contra sistemas, donde se perdieron valiosas investigaciones, contra registro y el \u00faltimo contra el bloque administrativo, son indicadores curiosos para la identidad de los autores de los desmanes. Coincidencialmente se present\u00f3 esta semana otro hecho: el atentado contra los apartados de la Universidad en las oficinas del correo a\u00e9reo. All\u00ed deb\u00edan llegar las cartas de los estudiantes que quer\u00edan presentar examen en ingenier\u00edas \u00bfNo es coincidencial y curioso que tambi\u00e9n los efectos del atentado lo sufran admisiones y registro, donde se lleva el inventario de los estudiantes que est\u00e1n en per\u00edodo de prueba, que tienen dificultades acad\u00e9micas, que seguramente llevan muchos a\u00f1os en la Universidad y que son los solicitantes de la institucionalizaci\u00f3n de los semestres especiales?\u201d<\/p>\n<p><strong>Im\u00e1genes: <\/strong>IMGB124- IMGB124a- IMGB124b<\/p>\n<p>Pared destruida. Foto: El Colombiano<\/p>\n<p>Techo destruido. Foto: El Colombiano<\/p>\n<p>Instalaciones del correo a\u00e9reo destruido. Foto: El Colombiano<\/p>\n<p>INFORMACI\u00d3N ANAL\u00cdTICA<\/p>\n<p>Contexto de la noticia:<\/p>\n<p>El presidente de Nicaragua, Daniel Ortega, acus\u00f3 a Estados Unidos de haber provocado un incidente en la frontera con Honduras que empeor\u00f3 las relaciones entre ambos pa\u00edses, y propuso a su colega hondure\u00f1o Roberto Suazo C\u00f3rdova un di\u00e1logo para resolver los problemas. El general colombiano \u00c1lvaro Valencia, afirm\u00f3 que el marxismo es el que genera subversi\u00f3n y acus\u00f3 a Cuba de ser responsable de los estallidos guerrilleros en Am\u00e9rica Latina.<\/p>\n<p>Palabras clave: Acciones Violentas, Uso de petardos y explosivos<\/p>\n<p>Sugerencia de palabras claves:<\/p>\n<p>Observaciones:<\/p>\n<p>Fecha de diligenciamiento: 19 de febrero de 2019<\/p>\n<h1 style=\"text-align: center;\">***<\/h1>\n<p><strong>N\u00famero de ficha<\/strong>: B125&nbsp;&nbsp;&nbsp;&nbsp;&nbsp;&nbsp;&nbsp;&nbsp;&nbsp;&nbsp;&nbsp;&nbsp;&nbsp;&nbsp;&nbsp;&nbsp;&nbsp;&nbsp;&nbsp;&nbsp;&nbsp;&nbsp;&nbsp;&nbsp;&nbsp;&nbsp;<\/p>\n<p><strong>Diligenciada por: <\/strong>Sara Ospina Restrepo<\/p>\n<p>INFORMACI\u00d3N BIBLIOGR\u00c1FICA<\/p>\n<p>Peri\u00f3dico: El Colombiano<\/p>\n<p>Lugar de edici\u00f3n: Medell\u00edn<\/p>\n<p>Autor personal:<\/p>\n<p>Autor corporativo: El Colombiano<\/p>\n<p>Fecha: 1985, septiembre, 17<\/p>\n<p>P\u00e1gina: 3A<\/p>\n<p>Secci\u00f3n: Plana\/Tres<\/p>\n<p><strong>Titular: <\/strong>En la U. de A. Reaccionan las mayor\u00edas silenciosas<\/p>\n<p><strong>Resumen:<\/strong><\/p>\n<p>\u201cLas protestas se han levantado en todos los sectores, como es en el de los estudiantes, la asociaci\u00f3n de profesores, el sindicato de trabajadores, y lo que es a\u00fan m\u00e1s significativo, los matriculados en la Facultad de Ingenier\u00eda, dependencia donde est\u00e1 concentrada la problem\u00e1tica y en donde se pretenden la declaratoria de semestre especial con el \u00fanico y exclusivo fin de evitar la salida de la universidad de varias personas que no han respondido a las exigencias acad\u00e9micas. Estudiantes de antropolog\u00eda y medicina expresan con preocupaci\u00f3n que s\u00f3lo se trata de la actitud de u reducido grupo de v\u00e1ndalos que quiere entorpecer el normal funcionamiento del claustro, sin importar los intereses humanos y acad\u00e9micos de la inmensa poblaci\u00f3n universitaria\u2026 Por su parte, los matriculados en los distintos programas de ingenier\u00eda que ofrece la universidad, se\u00f1alan que estas minor\u00edas no est\u00e1n en favor de los estudiantes y no representan la voz de ellos ante los dem\u00e1s estamentos universitarios\u2026 Los docentes estiman as\u00ed mismo que el terror en la Universidad de Antioquia hace parte del clima que se vive a nivel del departamento y del pa\u00eds que ha segado la vida no s\u00f3lo de luchadores populares, sino de dirigentes de los partidos tradicionales y sacerdotes de la iglesia cat\u00f3lica\u2026 El sindicato de trabajadores\u2026 dice finalmente: \u201cNuestra organizaci\u00f3n sindical repudia y condena todo tipo de terrorismo que atente contra la integridad f\u00edsica y moral de la comunidad universitaria, porque al Alma Mater la consideramos como propia; ya que de ella dependemos y no queremos su destrucci\u00f3n\u201d\u201d.<\/p>\n<p><strong>Im\u00e1genes: <\/strong>n\/a<\/p>\n<p>INFORMACI\u00d3N ANAL\u00cdTICA<\/p>\n<p>Contexto de la noticia:<\/p>\n<p>Renuncias en masa en el partido y en el ej\u00e9rcito en China, lo que posibilita na renovaci\u00f3n del liderazgo pol\u00edtico y facilitar las reformas introducidas por Deng Xiaoping. El director de la Polic\u00eda Nacional, afirma que las operaciones contra el tr\u00e1fico de drogas en la Amazon\u00eda continuar\u00e1n y que no ha habido violaci\u00f3n de soberan\u00eda de Brasil. Explota bomba de regular poder en el mausoleo del General Pedro Nel Ospina.<\/p>\n<p>Palabras clave: Acciones de resistencia, Comunicados, misivas, declaraciones, Actores Institucionales, Estudiantes, Asociaci\u00f3n de Profesores, Actores gremiales, Sindicato de Trabajadores<\/p>\n<p>Sugerencia de palabras claves:<\/p>\n<p>Observaciones:<\/p>\n<p>Fecha de diligenciamiento: 19 de febrero de 2019<\/p>\n<h1 style=\"text-align: center;\">***<\/h1>\n<p><strong>N\u00famero de ficha<\/strong>: B126&nbsp;&nbsp;&nbsp;&nbsp;&nbsp;&nbsp;&nbsp;&nbsp;&nbsp;&nbsp;&nbsp;&nbsp;&nbsp;&nbsp;&nbsp;&nbsp;&nbsp;&nbsp;&nbsp;&nbsp;&nbsp;&nbsp;&nbsp;&nbsp;&nbsp;&nbsp;<\/p>\n<p><strong>Diligenciada por: <\/strong>Sara Ospina Restrepo<\/p>\n<p>INFORMACI\u00d3N BIBLIOGR\u00c1FICA<\/p>\n<p>Peri\u00f3dico: El Colombiano<\/p>\n<p>Lugar de edici\u00f3n: Medell\u00edn<\/p>\n<p>Autor personal:<\/p>\n<p>Autor corporativo: El Colombiano<\/p>\n<p>Fecha: 1985, septiembre, 18<\/p>\n<p>P\u00e1gina: 2A<\/p>\n<p>Secci\u00f3n: Hoy\/Mi\u00e9rcoles<\/p>\n<p><strong>Titular: <\/strong>Hasta nueva orden ser\u00e1 el cierre de la U. de A.<\/p>\n<p><strong>Resumen:<\/strong><\/p>\n<p>La Secretar\u00eda General del Alma Mater emiti\u00f3 un comunicado frente a la situaci\u00f3n de la universidad: \u201cQue las directivas de la Universidad han considerado prudente mantener la suspensi\u00f3n de actividades, con excepci\u00f3n de las docentes-asistenciales del \u00e1rea de la salud y administrativas que han continuado, hasta tanto haya un pronunciamiento del Consejo Superior\u201d. Por otro lado, un grupo de estudiantes de la Universidad piden la reapertura y mantienen sus exigencias de semestre especial un nuevo reglamento estudiantil y no al servicio militar obligatorio.<\/p>\n<p><strong>Im\u00e1genes: <\/strong>n\/a<\/p>\n<p>INFORMACI\u00d3N ANAL\u00cdTICA<\/p>\n<p>Contexto de la noticia:<\/p>\n<p>Desterrados 34 opositores del gobierno de Pinochet. Se aprueba reforma electoral que contempla la creaci\u00f3n del Consejo Nacional Electoral, que reemplazar\u00e1 a la Registradur\u00eda en la organizaci\u00f3n de las pr\u00f3ximas elecciones y permitir\u00e1 la ejecuci\u00f3n de un nuevo censo electoral y la eliminaci\u00f3n de mesas electorales para permitir el conteo de los votos. Es otorgado el primer indulto a un antiguo miembro de las FARC. En Medell\u00edn baja el consumo de marihuana y aumenta el de bazuco.<\/p>\n<p>Palabras clave: Respuestas Institucionales, Cierre administrativo<\/p>\n<p>Sugerencia de palabras claves:<\/p>\n<p>Observaciones:<\/p>\n<p>Fecha de diligenciamiento: 19 de febrero de 2019<\/p>\n<h1 style=\"text-align: center;\">***<\/h1>\n<p><strong>N\u00famero de ficha<\/strong>:&nbsp; &nbsp;B127&nbsp;&nbsp;&nbsp;&nbsp;&nbsp;&nbsp;&nbsp;&nbsp;&nbsp;&nbsp;&nbsp;&nbsp;&nbsp;&nbsp;<\/p>\n<p><strong>Diligenciada por: <\/strong>Sara Ospina Restrepo<\/p>\n<p>INFORMACI\u00d3N BIBLIOGR\u00c1FICA<\/p>\n<p>Peri\u00f3dico: El Colombiano<\/p>\n<p>Lugar de edici\u00f3n: Medell\u00edn<\/p>\n<p>Autor personal:<\/p>\n<p>Autor corporativo: El Colombiano<\/p>\n<p>Fecha: 1985, septiembre, 21<\/p>\n<p>P\u00e1gina: 2A<\/p>\n<p>Secci\u00f3n: Hoy\/S\u00e1bado<\/p>\n<p><strong>Titular: <\/strong>En la U. de A. profesores respaldan al Consejo Superior<\/p>\n<p><strong>Resumen:<\/strong><\/p>\n<p>\u201cLos docentes despu\u00e9s de hacer un detenido an\u00e1lisis de toda la problem\u00e1tica universitaria, reflejo de la situaci\u00f3n que vive el pa\u00eds, expresaron su decisi\u00f3n de contribuir eficaz y positivamente a la b\u00fasqueda de soluciones que permitan la marcha de la instituci\u00f3n en condiciones que garanticen el cumplimiento de sus funciones acad\u00e9micas, culturales, cient\u00edficas y pol\u00edticas\u2026 Con respecto al semestre especial, estiman los docentes que no hay suficientes razones acad\u00e9micas y que por tal raz\u00f3n respaldan la decisi\u00f3n del Consejo Superior en negar esta solicitud. En respuesta a esto, la Asociaci\u00f3n hizo un llamado al estudiantado, especialmente al de Ingenier\u00edas, para asumir con la mayor seriedad el problema de su organizaci\u00f3n y representaci\u00f3n gremial y de sus mecanismos de acci\u00f3n al interior del Alma Mater\u201d.<\/p>\n<p><strong>Im\u00e1genes: <\/strong>n\/a<\/p>\n<p>INFORMACI\u00d3N ANAL\u00cdTICA<\/p>\n<p>Contexto de la noticia:<\/p>\n<p>Terremoto en M\u00e9xico deja cinco mil heridos y mil sepultados, el presidente declara tres d\u00edas de duelo. Contin\u00faa Estado de sitio en Bolivia, luego de haber sido promulgado cuando la Central Obrera Boliviana (COB), decidiera radicalizar su huelga general (4 de septiembre) hacia una huelga de abre en todo el pa\u00eds.<\/p>\n<p>Palabras clave: Respuestas Institucionales<\/p>\n<p>Sugerencia de palabras claves: Apoyo a decisiones tomadas por el CSU<\/p>\n<p>Observaciones:<\/p>\n<p>Fecha de diligenciamiento: 19 de febrero de 2019<\/p>\n<h1 style=\"text-align: center;\">***<\/h1>\n<p><strong>N\u00famero de ficha<\/strong>: B128&nbsp;&nbsp;&nbsp;&nbsp;&nbsp;&nbsp;&nbsp;&nbsp;&nbsp;&nbsp;&nbsp;&nbsp;&nbsp;&nbsp;<\/p>\n<p><strong>Diligenciada por: <\/strong>Sara Ospina Restrepo<\/p>\n<p>INFORMACI\u00d3N BIBLIOGR\u00c1FICA<\/p>\n<p>Peri\u00f3dico: El Colombiano<\/p>\n<p>Lugar de edici\u00f3n: Medell\u00edn<\/p>\n<p>Autor personal:<\/p>\n<p>Autor corporativo: El Colombiano<\/p>\n<p>Fecha: 1985, septiembre, 22<\/p>\n<p>P\u00e1gina: 5c<\/p>\n<p>Secci\u00f3n: Educaci\u00f3n<\/p>\n<p><strong>Titular: <\/strong>En la U. de A. Asdua rechaza el terrorismo<\/p>\n<p><strong>Resumen:<\/strong><\/p>\n<p>\u201cNuestra posici\u00f3n, dice el comunicado de Asdua, es de pleno rechazo al terrorismo, al facilismo que lo engendra y a la contemporizaci\u00f3n e identidad con el desorden acad\u00e9mico que ha procurado instaurarse en la vida universitaria\u2026 Las minor\u00edas violentas no pueden frustrar las nobles aspiraciones de la poblaci\u00f3n estudiantil, ni los esfuerzos gubernamentales, ni el trabajo de las directivas y profesores, ni la labor de sus empleados\u2026 La Asociaci\u00f3n de Docentes renueva su respaldo a la decisi\u00f3n del Consejo Superior al negar el semestre especial y al comportamiento sereno pero indeclinable de las directivas y de los profesores que independientemente han asumido su responsabilidad frente a la Universidad y a la sociedad\u201d.<\/p>\n<p><strong>Im\u00e1genes: <\/strong>n\/a<\/p>\n<p>INFORMACI\u00d3N ANAL\u00cdTICA<\/p>\n<p>Contexto de la noticia:<\/p>\n<p>Seg\u00fan embajador estadounidense los muertos son 10.000 en el territorio mexicano tras los dos terremotos que sacudieron a M\u00e9xico. Los integrantes de las Comisiones de Paz, Verificaci\u00f3n, Negociaci\u00f3n y Di\u00e1logo presentaron renuncia masiva de sus cargos ante el presidente Betancur. El Ministerio de Agricultura puso en marcha una gran campa\u00f1a sobre la calidad de la panela, que tiene como fin educar a los consumidores, los comerciantes y a los productores. Se inaugura el proyecto Grania Granja Integral Autosuficiente, programa bandera de los Hogares Juveniles Campesinos.<\/p>\n<p>Palabras clave: Acciones de resistencia, Comunicados, misivas, declaraciones, Actores gremiales, ASDUA<\/p>\n<p>Sugerencia de palabras claves:<\/p>\n<p>Observaciones:<\/p>\n<p>Fecha de diligenciamiento: 19 de febrero de 2019<\/p>\n<h1 style=\"text-align: center;\">***<\/h1>\n<p><strong>N\u00famero de ficha<\/strong>: B129&nbsp;&nbsp;&nbsp;&nbsp;&nbsp;&nbsp;&nbsp;&nbsp;&nbsp;&nbsp;&nbsp;&nbsp;&nbsp;&nbsp;&nbsp;&nbsp;&nbsp;&nbsp;&nbsp;&nbsp;&nbsp;&nbsp;&nbsp;&nbsp;&nbsp;&nbsp;<\/p>\n<p><strong>Diligenciada por: <\/strong>Sara Ospina Restrepo<\/p>\n<p>INFORMACI\u00d3N BIBLIOGR\u00c1FICA<\/p>\n<p>Peri\u00f3dico: El Colombiano<\/p>\n<p>Lugar de edici\u00f3n: Medell\u00edn<\/p>\n<p>Autor personal: Garc\u00eda Posada, Juan Jos\u00e9<\/p>\n<p>Autor corporativo: El Colombiano<\/p>\n<p>Fecha: 1985, septiembre, 27<\/p>\n<p>P\u00e1gina: 1A, 2A<\/p>\n<p>Secci\u00f3n: Portada, Hoy\/Viernes<\/p>\n<p><strong>Titular: <\/strong>Emprenden reforma total de la U. de Antioquia<\/p>\n<p><strong>Resumen:<\/strong><\/p>\n<p>\u201cEl Consejo Superior de la Universidad de Antioquia fijar\u00e1 el pensamiento rector del Alma Mater antes de terminar la presente semana, en una resoluci\u00f3n extensa en la cual dispondr\u00e1 un receso acad\u00e9mico hasta el 30 de noviembre, con la finalidad primordial de emprender la reestructuraci\u00f3n total del establecimiento para garantizar su funcionamiento en condiciones \u00f3ptimas y su respuesta eficiente a las necesidades del pa\u00eds y de la regi\u00f3n en materia de educaci\u00f3n post-secundaria\u2026 El receso hasta el 30 de noviembre no afectar\u00e1 las actividades docente-asistenciales, ni las asesor\u00edas, ni los posgrados ni los programas de educaci\u00f3n a distancia\u2026\u201d<\/p>\n<p><strong>Im\u00e1genes: <\/strong>n\/a<\/p>\n<p>INFORMACI\u00d3N ANAL\u00cdTICA<\/p>\n<p>Contexto de la noticia:<\/p>\n<p>Mueren 6 colombianos tras terremoto en M\u00e9xico. El gobierno nacional anunci\u00f3 control de precios para once productos b\u00e1sicos de la canasta familiar, en desarrollo del acuerdo entre el Ministerio de Agricultura y el Frente Sindical Democr\u00e1tico.<\/p>\n<p>Palabras clave: Respuestas Institucionales, Reforma Universitaria, Actores Institucionales, Consejo Superior Universitario<\/p>\n<p>Sugerencia de palabras claves: cese de actividades<\/p>\n<p>Observaciones:<\/p>\n<p>Fecha de diligenciamiento: 19 de febrero de 2019<\/p>\n<h1 style=\"text-align: center;\">***<\/h1>\n<p><strong>N\u00famero de ficha<\/strong>: B130&nbsp;&nbsp;&nbsp;&nbsp;&nbsp;&nbsp;&nbsp;&nbsp;&nbsp;&nbsp;&nbsp;&nbsp;&nbsp;&nbsp;&nbsp;&nbsp;&nbsp;&nbsp;&nbsp;&nbsp;&nbsp;&nbsp;&nbsp;&nbsp;&nbsp;&nbsp;<\/p>\n<p><strong>Diligenciada por: <\/strong>Sara Ospina Restrepo<\/p>\n<p>INFORMACI\u00d3N BIBLIOGR\u00c1FICA<\/p>\n<p>Peri\u00f3dico: El Colombiano<\/p>\n<p>Lugar de edici\u00f3n: Medell\u00edn<\/p>\n<p>Autor personal:<\/p>\n<p>Autor corporativo: El Colombiano<\/p>\n<p>Fecha: 1985, septiembre, 28<\/p>\n<p>P\u00e1gina: 1A, 14A<\/p>\n<p>Secci\u00f3n: Portada, Local<\/p>\n<p><strong>Titular: <\/strong>Total reestructuraci\u00f3n de la Universidad de Antioquia \/ Una nueva y din\u00e1mica Universidad de Antioquia<\/p>\n<p><strong>Resumen:<\/strong><\/p>\n<p>El CSU emiti\u00f3 una resoluci\u00f3n (141) en la que expresa las razones de cierre de la UdeA y la posible fecha de reapertura (30 de noviembre): \u201c\u2026 Las frecuentes interrupciones de la programaci\u00f3n acad\u00e9mica a que se ha visto sometida la Universidad en los \u00faltimos doce a\u00f1os, s\u00f3lo le han permitido hacer 1.2 semestres por a\u00f1o, lo cual obliga a replantear la forma como viene funcionando y aplicar los correctivos necesarios\u2026 Para una mayor comprensi\u00f3n de las decisiones que por esta resoluci\u00f3n se toman la Corporaci\u00f3n encuentra conveniente hacer un recuerdo de los hechos violentos m\u00e1s graves que se han cometido contra las instalaciones de la Universidad durante los \u00faltimos doce meses, los cuales en ocasiones han causado heridas a estudiantes y personal administrativo:<\/p>\n<ol>\n<li>Septiembre 5 de 1984: Bomba de tiempo destruye la oficina de la Asociaci\u00f3n de Empleados no Docentes de la Universidad.<\/li>\n<li>Septiembre 20 de 1984: Quemado bus de servicio p\u00fablico en el interior de la Ciudad Universitaria.<\/li>\n<li>Septiembre 21 de 1984: Siete encapuchados con armas de fuego se toman el Teatro de la Universidad, cuando se realizaba un foro sobre la defensa de la universidad p\u00fablica.<\/li>\n<li>Septiembre 24 de 1984: Son quemados por encapuchados en inmediaciones de la Facultad de Ingenier\u00eda dos camiones repartidores de gaseosas.<\/li>\n<li>Octubre 5 de 1984: Estalla bomba de fragmentaci\u00f3n en oficina de profesores de la Escuela de Bacteriolog\u00eda (bloque 5).<\/li>\n<li>Octubre 16 de 1984: 16 encapuchados fuertemente armados lanzan m\u00e1s de diez bombas en diferentes lugares de la Universidad y roc\u00edan gasolina alrededor del Edificio Administrativo.<\/li>\n<li>Noviembre 20 de 1984: Estallan seis bombas en el Liceo Antioque\u00f1o.<\/li>\n<li>Noviembre 27 de 1984: Estalla bomba en el segundo piso de la Facultad de Ingenier\u00eda (bloque 21).<\/li>\n<li>Marzo 15 de 1985: Estalla bomba de tiempo, de alto poder en el Museo Universitario (bloque 15), destruye valioso esqueleto de ballena.<\/li>\n<li>Marzo 21 de 1985: Estalla bomba en la capilla de la Ciudad Universitaria.<\/li>\n<li>Abril 1 de 1985: Bomba de alto poder destruye parte del edificio de la Facultad de Artes (bloque 24).<\/li>\n<li>Mayo 16 de 1985: Estalla bomba en el aula del bloque 1.<\/li>\n<li>Mayo 24 de 1985: Es desactivada bomba en el auditorio 110 del bloque 10.<\/li>\n<li>Abril 15 a mayo 30\/85: Destruyen cojiner\u00eda de los buses de Bienestar Universitario.<\/li>\n<li>Junio 19 de 1985: Estalla bomba en el aula del bloque 12.<\/li>\n<li>Junio 26 de 1985: Lanzada bomba en la cafeter\u00eda de estudiantes, herido de gravedad el portero.<\/li>\n<li>Agosto 1 de 1985: Estalla bomba en la porter\u00eda de Barranquilla.<\/li>\n<li>Agosto 2 de 1985: Estalla bomba de alto poder en la oficina de relaciones laborales (bloque 16).<\/li>\n<li>Agosto 20 de 1985: Es lanzada bomba a bus de Bienestar Universitario.<\/li>\n<li>Agosto 28 de 1985: Estalla bomba en el aula del bloque 6.<\/li>\n<li>Agosto 30 de 1985: Estalla bomba de perdigones en el aula del tercer piso del bloque 4. Resulta herido un estudiante.<\/li>\n<li>Septiembre 1 de 1985: Destruyen cojiner\u00eda al bus de placas OL 1201 de Bienestar Universitario.<\/li>\n<li>Septiembre 7 de 1985: Estalla bomba en el apartado a\u00e9reo de la Universidad. Pierde una mano y queda afectado de la vista un empleado del Correo A\u00e9reo.<\/li>\n<li>Septiembre 11 de 1985: Estalla bomba de alto poder en el Edificio Administrativo, deja un saldo de 7 heridos entre empleados y estudiantes, y destruye parte de la edificaci\u00f3n\u201d.<\/li>\n<\/ol>\n<p><strong>Im\u00e1genes: <\/strong>n\/a<\/p>\n<p>INFORMACI\u00d3N ANAL\u00cdTICA<\/p>\n<p>Contexto de la noticia:<\/p>\n<p>Aric Arturo del Valle, nuevo presidente de Panam\u00e1 ante la renuncia de Nicol\u00e1s Ardito Barletta. Concejales promueven paro c\u00edvico en Caquet\u00e1 para protestar por el incumplimiento del ICEL y la electrificadora del Huila en la gesti\u00f3n de los programas de interconexi\u00f3n el\u00e9ctrica. Explota bomba de alto poder en el sector de la Alpujarra, la bomba estaba en un malet\u00edn que portaba un joven, hubo un muerto y siete heridos.<\/p>\n<p>Palabras clave: Acciones violentas, Uso de petardos y explosivos, Da\u00f1o a bienes civiles<\/p>\n<p>Sugerencia de palabras claves:<\/p>\n<p>Observaciones:<\/p>\n<p>Fecha de diligenciamiento: 19 de febrero de 2019<\/p>\n<h1 style=\"text-align: center;\">***<\/h1>\n<p><strong>N\u00famero de ficha<\/strong>:&nbsp; B131&nbsp;&nbsp;&nbsp;&nbsp;&nbsp;&nbsp;&nbsp;&nbsp;&nbsp;&nbsp;&nbsp;&nbsp;&nbsp;&nbsp;&nbsp;&nbsp;&nbsp;&nbsp;&nbsp;&nbsp;&nbsp;&nbsp;&nbsp;&nbsp;&nbsp;&nbsp;<\/p>\n<p><strong>Diligenciada por: <\/strong>Sara Ospina Restrepo<\/p>\n<p>INFORMACI\u00d3N BIBLIOGR\u00c1FICA<\/p>\n<p>Peri\u00f3dico: El Colombiano<\/p>\n<p>Lugar de edici\u00f3n: Medell\u00edn<\/p>\n<p>Autor personal: C\u00f3rdoba, Pedro Nel<\/p>\n<p>Autor corporativo: El Colombiano<\/p>\n<p>Fecha: 1985, septiembre, 28<\/p>\n<p>P\u00e1gina: 16B<\/p>\n<p>Secci\u00f3n: Seguridad<\/p>\n<p><strong>Titular: <\/strong>En la U. de A. Desactivadas dos bombas<\/p>\n<p><strong>Resumen:<\/strong><\/p>\n<p>\u201cPasadas las siete y media de la ma\u00f1ana de ayer, a la entrada principal de la Universidad de Antioquia, de la calle Barranquilla, fueron encontradas dos bombas de alto poder explosivo. All\u00ed se hicieron presentes unidades del F-2 y seg\u00fan dijo a la prensa el coronel Miguel Carrillo Garc\u00eda, comandante de la Polic\u00eda Metropolitana, los artefactos fueron desactivados y hab\u00edan sido construidos con miples galvinizados de 20 cent\u00edmetros de largo por dos pulgadas de di\u00e1metro, con reloj y dem\u00e1s dispositivos y que deb\u00edan explotar a las ocho de la ma\u00f1ana. Dice el oficial que, seg\u00fan primeras investigaciones, los artefactos fueron colocados por elementos pertenecientes a un grupo subversivo, cuyos integrantes tienen acceso a la Universidad de Antioquia\u201d.<\/p>\n<p><strong>Im\u00e1genes: <\/strong>n\/a<\/p>\n<p>INFORMACI\u00d3N ANAL\u00cdTICA<\/p>\n<p>Contexto de la noticia:<\/p>\n<p>Aric Arturo del Valle, nuevo presidente de Panam\u00e1 ante la renuncia de Nicol\u00e1s Ardito Barletta. Concejales promueven paro c\u00edvico en Caquet\u00e1 para protestar por el incumplimiento del ICEL y la electrificadora del Huila en la gesti\u00f3n de los programas de interconexi\u00f3n el\u00e9ctrica. Explota bomba de alto poder en el sector de la Alpujarra, la bomba estaba en un malet\u00edn que portaba un joven, hubo un muerto y siete heridos.<\/p>\n<p>Palabras clave: Acciones violentas, Uso de petardos y explosivos<\/p>\n<p>Sugerencia de palabras claves:<\/p>\n<p>Observaciones:<\/p>\n<p>Fecha de diligenciamiento: 19 de febrero de 2019<\/p>\n<h1 style=\"text-align: center;\">***<\/h1>\n<p><strong>N\u00famero de ficha<\/strong>: B132&nbsp;&nbsp;&nbsp;&nbsp; &nbsp;&nbsp;&nbsp;&nbsp;&nbsp;&nbsp;&nbsp;&nbsp;&nbsp;&nbsp;&nbsp;&nbsp;&nbsp;&nbsp;&nbsp;&nbsp;&nbsp;&nbsp;&nbsp;&nbsp;&nbsp;<\/p>\n<p><strong>Diligenciada por: <\/strong>Sara Ospina Restrepo<\/p>\n<p>INFORMACI\u00d3N BIBLIOGR\u00c1FICA<\/p>\n<p>Peri\u00f3dico: El Colombiano<\/p>\n<p>Lugar de edici\u00f3n: Medell\u00edn<\/p>\n<p>Autor personal:<\/p>\n<p>Autor corporativo: El Colombiano<\/p>\n<p>Fecha: 1985, octubre, 17<\/p>\n<p>P\u00e1gina: 1A, 2A<\/p>\n<p>Secci\u00f3n: Portada, Hoy\/Jueves<\/p>\n<p><strong>Titular: <\/strong>Hoy instalan comisi\u00f3n especial en la U. de A.<\/p>\n<p><strong>Resumen:<\/strong><\/p>\n<p>Se instala comisi\u00f3n especial de la UdeA, integrada por el rector, los vicerrectores y directores de oficinas adscritos al despacho del rector. El trabajo ser\u00e1 desarrollado en dos fases: 1) Diagn\u00f3stico y jerarquizaci\u00f3n de los temas que deben ser motivo de la reestructuraci\u00f3n. 2) Presentaci\u00f3n de esquemas sobre mecanismos, formas de participaci\u00f3n y l\u00edneas generales que debe comprender la reestructuraci\u00f3n de la Universidad.<\/p>\n<p><strong>Im\u00e1genes: <\/strong>n\/a<\/p>\n<p>INFORMACI\u00d3N ANAL\u00cdTICA<\/p>\n<p>Contexto de la noticia:<\/p>\n<p>Huelga en la Chrysler de Estados Unidos y Canad\u00e1, exigen aumento salarial. Se re\u00fane el gobernador de Antioquia con dirigentes del EPL para examinar el proceso de paz en Antioquia y reafirmaron su decisi\u00f3n de continuar y superar el conflicto. Se desarrolla el censo en Antioquia.<\/p>\n<p>Palabras clave: Respuestas Institucionales, Reforma Universitaria, Actores Institucionales<\/p>\n<p>Sugerencia de palabras claves:<\/p>\n<p>Observaciones: El rector Santiago Pel\u00e1ez Vald\u00e9s, renunci\u00f3 al cargo el 11 de octubre de 1985, sin embargo sigui\u00f3 al frente de la Universidad hasta nuevo nombramiento.<\/p>\n<p>Fecha de diligenciamiento: 22 de febrero de 2019<\/p>\n<h1 style=\"text-align: center;\">***<\/h1>\n<p><strong>N\u00famero de ficha<\/strong>:&nbsp; B133&nbsp;&nbsp;&nbsp;&nbsp;&nbsp;&nbsp;&nbsp;&nbsp;&nbsp;&nbsp;&nbsp;&nbsp;&nbsp;&nbsp;&nbsp;&nbsp;&nbsp;&nbsp;&nbsp;&nbsp;&nbsp;&nbsp;&nbsp;&nbsp;&nbsp;&nbsp;<\/p>\n<p><strong>Diligenciada por: <\/strong>Sara Ospina Restrepo<\/p>\n<p>INFORMACI\u00d3N BIBLIOGR\u00c1FICA<\/p>\n<p>Peri\u00f3dico: El Colombiano<\/p>\n<p>Lugar de edici\u00f3n: Medell\u00edn<\/p>\n<p>Autor personal: Uribe de Hincapi\u00e9, Mar\u00eda Teresa<\/p>\n<p>Autor corporativo: El Colombiano<\/p>\n<p>Fecha: 1985, octubre, 20<\/p>\n<p>P\u00e1gina: 4A<\/p>\n<p>Secci\u00f3n: Opini\u00f3n<\/p>\n<p><strong>Titular: <\/strong>La Soledad de la Universidad<\/p>\n<p><strong>Resumen:<\/strong><\/p>\n<p>\u201cDesde hace alg\u00fan tiempo el \u00fanico sonido que emite la universidad es el de las bombas; su voz ya no resuena en los foros pol\u00edticos ni se escucha en los \u00e1mbitos culturales; para el Estado de educaci\u00f3n superior no pasa de ser un caso de polic\u00eda y para la comunidad acad\u00e9mica motivo de diletancia; moja letra de imprenta cuando es asunto de orden p\u00fablico y la imagen que proyecta es la de vidrios rotos y enseres destruidos. La sociedad le dio la espalda a la universidad y \u00e9sta se encerr\u00f3 en sus muros a rumiar un pensamiento extra\u00f1o y repetitivo que termin\u00f3 por no decirle nada a nadie. Cada vez la brecha entre sociedad y universidad se fue haciendo m\u00e1s profunda y culmin\u00f3 con el reconocimiento t\u00e1cito que ha hecho el Consejo Superior de su incapacidad para proponer soluciones, dejando en manos del estamento profesoral un muerto que nadie quiere cargar. Estamos pues frente a la evidencia de un fracaso, pero tambi\u00e9n en el umbral de lo que puede ser una nueva era para la educaci\u00f3n p\u00fablica en Colombia.<\/p>\n<p>Lo que fracas\u00f3 fue un modelo de universidad que nunca se percat\u00f3 de construir un saber propio, que se limit\u00f3 a responder preguntas surgidas en otros espacios culturales, a repetir viejos esquemas vestidos con nuevos ropajes y a copiar modelos org\u00e1nicos que resultaron ex\u00f3ticos e ineficaces. Pasamos de la universidad republicana, humanista, ilustrada, erudita, a veces confesional, a veces laica y racionalista, pero siempre de corte salmantino, a la escuela tecnol\u00f3gica preocupada por producir profesionales en serie homog\u00e9neamente fabricados, con un m\u00ednimo de costos y tiempo para responder a la demanda laboral requerida por el despegue industrial y el desarrollo urbano.<\/p>\n<p>Con este injerto apareci\u00f3 una nueva divisi\u00f3n del trabajo intelectual; al mundo desarrollado le toc\u00f3 la tarea de pensar, dise\u00f1ar, investigar, crear y al tercer mundo la rutina de imitar, copiar, comprar tecnolog\u00eda, endeudarse y enajenarse cada vez m\u00e1s. Confundida con las m\u00e1quinas ensambladoras y las materias primas industriales, nos lleg\u00f3 una importaci\u00f3n m\u00e1s: \u201cel college\u201d norteamericano, el campus universitario y los planes \u201cmade in USA\u201d para la educaci\u00f3n superior; de una federaci\u00f3n de facultades pasamos a un esquema centralista y vertical; cambi\u00f3 la estructura administrativa; apreci\u00f3 el ghetto universitario, pero el contenido de la docencia no se transform\u00f3 y el modelo pedag\u00f3gico se mantuvo inc\u00f3lume. Este h\u00edbrido entre Salamanca y Harvard nunca funcion\u00f3 y all\u00ed comenz\u00f3 a incubarse la crisis; las cr\u00edticas se formularon desde posturas antiimperialistas contestatarias, pero no se construy\u00f3 un proyecto cultural alterno; el gobierno y los sectores pol\u00edticos tradicionales, incapaces de dar el debate, resolvieron enfrentar la coyuntura con medidas de fuerza combinadas con una bien orquestada campa\u00f1a de desprestigio e iniciaron el \u00e9xodo hacia el refugio seguro de la instituci\u00f3n privada.<\/p>\n<p>La Universidad de Antioquia se fue quedando cada vez m\u00e1s sola, con m\u00e1s enemigos, con menos recursos presupuestales, abocada a crisis peri\u00f3dicas y a reformas epid\u00e9rmicas, pero su aislamiento lleg\u00f3 al punto culminante cuando el desempleo invadi\u00f3 el espacio de la profesionalizaci\u00f3n y la idoneidad dej\u00f3 de ser el mecanismo de selecci\u00f3n para los empleados; en este momento el saber es un bien superfluo si se cuenta con un buen padrino. As\u00ed la funci\u00f3n de la academia como proveedora de recursos humanos calificados, pas\u00f3 a un segundo plano para ser reemplazada por la de un instituto emisor de diplomas. La investigaci\u00f3n, planta ex\u00f3tica y rodeada de obst\u00e1culos burocr\u00e1ticos, languideci\u00f3 por falta de confrontaci\u00f3n y divulgaci\u00f3n y la extensi\u00f3n se fue haciendo cada vez m\u00e1s dif\u00edcil en una comunidad hostil que le teme a su universidad.<\/p>\n<p>Los distintos estamentos internos tuvieron una gran responsabilidad en la crisis actual; as\u00ed lo reconocieron los profesores que le han dicho s\u00ed al reto hist\u00f3rico de transformarla, pero no es menos la que les cabe a otros sectores de la sociedad antioque\u00f1a, que a la primera confrontaci\u00f3n abandonaron el claustro y se olvidaron de incluirla en sus proyectos. Ante la coyunta actual podemos responder como en el drama espa\u00f1ol, \u00bfqui\u00e9n mat\u00f3 al comendador? Todos a una, Fuenteovejuna se\u00f1or\u201d.<\/p>\n<p><strong>Im\u00e1genes: <\/strong>n\/a<\/p>\n<p>INFORMACI\u00d3N ANAL\u00cdTICA<\/p>\n<p>Contexto de la noticia:<\/p>\n<p>Un grupo armado atac\u00f3 al Batall\u00f3n Cisneros del Ej\u00e9rcito, el ataque se le atribuy\u00f3 al M-19. El ex presidente Julio C\u00e9sar Turbay pidi\u00f3 p\u00fablicamente la suspensi\u00f3n de las pruebas nucleares en todo el mundo.<\/p>\n<p>Palabras clave: Acciones de resistencia<\/p>\n<p>Sugerencia de palabras claves: art\u00edculo de opini\u00f3n<\/p>\n<p>Observaciones:<\/p>\n<p>Fecha de diligenciamiento: 22 de febrero de 2019<\/p>\n<h1 style=\"text-align: center;\">***<\/h1>\n<p><strong>N\u00famero de ficha<\/strong>: 134&nbsp;&nbsp;&nbsp;&nbsp;&nbsp;&nbsp; &nbsp;&nbsp;&nbsp;&nbsp;&nbsp;&nbsp;&nbsp;&nbsp;&nbsp;&nbsp;&nbsp;&nbsp;&nbsp;&nbsp;&nbsp;&nbsp;&nbsp;&nbsp;&nbsp;&nbsp;&nbsp;<\/p>\n<p><strong>Diligenciada por: <\/strong>Sara Ospina Restrepo<\/p>\n<p>INFORMACI\u00d3N BIBLIOGR\u00c1FICA<\/p>\n<p>Peri\u00f3dico: El Colombiano<\/p>\n<p>Lugar de edici\u00f3n: Medell\u00edn<\/p>\n<p>Autor personal:<\/p>\n<p>Autor corporativo: El Colombiano<\/p>\n<p>Fecha: 1985, octubre, 27<\/p>\n<p>P\u00e1gina: 1C<\/p>\n<p>Secci\u00f3n: Educaci\u00f3n<\/p>\n<p><strong>Titular: <\/strong>Dicen los de la Coordinadora Estudiantil. El problema de la Universidad no es de orden p\u00fablico<\/p>\n<p><strong>Resumen:<\/strong><\/p>\n<p>\u201cEl problema de la Universidad de Antioquia no es orden p\u00fablico como se le quiere mirar. La realidad de todo est\u00e1 en el millonario d\u00e9ficit presupuestal, la creciente burocracia y un modelo pedag\u00f3gico anquilosado en el tiempo y en la realidad cient\u00edfico-social de la educaci\u00f3n y del pa\u00eds. Es la evidencia de que se contin\u00faa en el fracaso de las distintas pol\u00edticas y planes oficiales que giran alrededor de fallas estructurales de la educaci\u00f3n como es la conocida reforma post-secundaria\u2026 Los dirigentes estudiantiles cuestionaron ampliamente la direcci\u00f3n que se le ha dado a la educaci\u00f3n superior en Colombia y calificaron la ca\u00f3tica situaci\u00f3n universitaria como el producto consciente de una directriz impuesta desde fuera. Se\u00f1alaron que el crecimiento del aparato educativo en cuanto a n\u00famero de estudiantes, va acompa\u00f1ado estrechamente de un aumento en la deserci\u00f3n, por cuanto el verdadero acceso a la ense\u00f1anza, en cifras absolutas, se logra, pero la v\u00eda de la privatizaci\u00f3n. Lleva esto, como es l\u00f3gico, al abandono de la educaci\u00f3n en el campo y a una acentuaci\u00f3n en la diferencia de los distintos estratos socioecon\u00f3micos\u2026 El caso espec\u00edfico del presupuesto lo calificaron como el centro de toda la problem\u00e1tica e indicaron que en este momento se puede calcular el d\u00e9ficit en unos 60 mil millones de pesos para todo el sistema educativo\u2026 Dentro del an\u00e1lisis hecho por los educandos, se habl\u00f3 tambi\u00e9n del incremento en las matr\u00edculas, lo que calificaron como un desconocimiento paulatino que el gobierno est\u00e1 haciendo a esta responsabilidad que tiene con el pueblo colombiano\u2026\u201d<\/p>\n<p><strong>Im\u00e1genes: <\/strong>n\/a<\/p>\n<p>INFORMACI\u00d3N ANAL\u00cdTICA<\/p>\n<p>Contexto de la noticia:<\/p>\n<p>Un grupo de guerrilleros tom\u00f3 como rehenes a dos misioneros y a un piloto estadounidenses y anunciaron que se les retendr\u00e1 en la selva colombiana hasta el pago del rescate. Concluye censo en Antioquia.<\/p>\n<p>Palabras clave: Acciones de resistencia, Comunicados, misivas, declaraciones, Estudiantes, Coordinadora Estudiantil&nbsp;<\/p>\n<p>Sugerencia de palabras claves:<\/p>\n<p>Observaciones:<\/p>\n<p>Fecha de diligenciamiento: 22 de febrero de 2019<\/p>\n<h1 style=\"text-align: center;\">***<\/h1>\n<p><strong>N\u00famero de ficha<\/strong>: B135&nbsp;&nbsp;&nbsp;&nbsp;&nbsp;&nbsp;&nbsp;&nbsp;&nbsp;&nbsp;&nbsp;&nbsp;&nbsp;&nbsp;&nbsp;&nbsp;&nbsp;&nbsp;&nbsp;&nbsp;&nbsp;&nbsp;&nbsp;&nbsp;&nbsp;&nbsp;<\/p>\n<p><strong>Diligenciada por: <\/strong>Sara Ospina Restrepo<\/p>\n<p>INFORMACI\u00d3N BIBLIOGR\u00c1FICA<\/p>\n<p>Peri\u00f3dico: El Colombiano<\/p>\n<p>Lugar de edici\u00f3n: Medell\u00edn<\/p>\n<p>Autor personal:<\/p>\n<p>Autor corporativo: El Colombia<\/p>\n<p>Fecha: 1985, octubre, 30<\/p>\n<p>P\u00e1gina: 8B<\/p>\n<p>Secci\u00f3n: Educaci\u00f3n<\/p>\n<p><strong>Titular: <\/strong>En el Alma Mater Comisi\u00f3n Especial present\u00f3 tesis sobre la Universidad<\/p>\n<p><strong>Resumen:<\/strong><\/p>\n<p>La Comisi\u00f3n Especial de Reestructuraci\u00f3n de la Universidad de Antioquia present\u00f3 un manifiesto con 13 tesis sobre la situaci\u00f3n de la Universidad. Entre ellas se encuentra la importancia de responder al inter\u00e9s social de conocimiento, la necesidad de crear conocimientos altamente calificados, lo primordial del car\u00e1cter p\u00fablico de la universidad, la necesidad de tener profesores comprometidos y con criterios de excelencia acad\u00e9mica, la importancia de que la Universidad permanezca abierta, entre otros.<\/p>\n<p><strong>Im\u00e1genes: <\/strong>n\/a<\/p>\n<p>INFORMACI\u00d3N ANAL\u00cdTICA<\/p>\n<p>Contexto de la noticia:<\/p>\n<p>Acuerdo entre el gobierno los partidos pol\u00edticos para la aprobaci\u00f3n de la elecci\u00f3n popular de alcaldes a partir de 1988. El M-19 libera a dos suboficiales y a 3 soldados. Se termina censo urbano en el pa\u00eds.<\/p>\n<p>Palabras clave: Respuestas Institucionales, Reforma Universitaria, Actores Institucionales, Comisi\u00f3n Especial de Reestructuraci\u00f3n de la Universidad de Antioquia<\/p>\n<p>Sugerencia de palabras claves:<\/p>\n<p>Observaciones:<\/p>\n<p>Fecha de diligenciamiento: 22 de febrero de 2019<\/p>\n<h1 style=\"text-align: center;\">***<\/h1>\n<p><strong>N\u00famero de ficha<\/strong>:&nbsp; B136&nbsp;&nbsp;&nbsp;&nbsp;&nbsp;&nbsp;&nbsp;&nbsp;&nbsp;&nbsp;&nbsp;&nbsp;&nbsp;&nbsp;&nbsp;&nbsp;&nbsp;&nbsp;&nbsp;&nbsp;&nbsp;&nbsp;&nbsp;&nbsp;&nbsp;&nbsp;<\/p>\n<p><strong>Diligenciada por: <\/strong>Sara Ospina Restrepo<\/p>\n<p>INFORMACI\u00d3N BIBLIOGR\u00c1FICA<\/p>\n<p>Peri\u00f3dico: El Colombiano<\/p>\n<p>Lugar de edici\u00f3n: Medell\u00edn<\/p>\n<p>Autor personal:<\/p>\n<p>Autor corporativo: El Colombiano<\/p>\n<p>Fecha: 1985, diciembre, 04<\/p>\n<p>P\u00e1gina: 1A<\/p>\n<p>Secci\u00f3n: Portada<\/p>\n<p><strong>Titular: <\/strong>Nuevo rector en la U. de A.<\/p>\n<p><strong>Resumen:<\/strong><\/p>\n<p>Sa\u00fal Mesa Ochoa, director del Centro de Investigaciones Econ\u00f3micas de la Universidad de Antioquia, fue nombrado el nuevo rector del Alma Mater.<\/p>\n<p><strong>Im\u00e1genes: <\/strong>n\/a<\/p>\n<p>INFORMACI\u00d3N ANAL\u00cdTICA<\/p>\n<p>Contexto de la noticia:<\/p>\n<p>En Filipinas, Coraz\u00f3n Aquino, viuda del asesinado l\u00edder opositor Benigno Aquino anuncia candidatura presidencial. Realizan juicio (El oficialismo liberal y el Nuevo liberalismo) en la plenaria de la C\u00e1mara contra el gobierno por toma del Palacio de Justicia. Se estructura la Bienestar Social en Medell\u00edn.<\/p>\n<p>Palabras clave: Respuestas Institucionales<\/p>\n<p>Sugerencia de palabras claves: nombramiento rector<\/p>\n<p>Observaciones:<\/p>\n<p>Fecha de diligenciamiento: 22 de febrero de 2019<\/p>\n<h1 style=\"text-align: center;\">***<\/h1>\n<p><strong>N\u00famero de ficha<\/strong>:&nbsp; B137&nbsp;&nbsp;&nbsp;&nbsp;&nbsp;&nbsp;&nbsp;&nbsp;&nbsp;&nbsp;&nbsp;&nbsp;&nbsp;&nbsp;<\/p>\n<p><strong>Diligenciada por: <\/strong>Sara Ospina Restrepo<\/p>\n<p>INFORMACI\u00d3N BIBLIOGR\u00c1FICA<\/p>\n<p>Peri\u00f3dico: El Colombiano<\/p>\n<p>Lugar de edici\u00f3n: Medell\u00edn<\/p>\n<p>Autor personal:<\/p>\n<p>Autor corporativo: El Colombiano<\/p>\n<p>Fecha: 1985, diciembre, 21<\/p>\n<p>P\u00e1gina: 2A<\/p>\n<p>Secci\u00f3n: Hoy\/S\u00e1bado<\/p>\n<p><strong>Titular: <\/strong>En la U. de A. 27 de enero reanudan labores en \u00e1rea de salud<\/p>\n<p><strong>Resumen:<\/strong><\/p>\n<p>Los estudiantes de medicina odontolog\u00eda, salud p\u00fablica, enfermer\u00eda y nutrici\u00f3n y diet\u00e9tica de la Universidad de Antioquia reiniciar\u00e1n labores acad\u00e9micas a partir del 27 de enero del pr\u00f3ximo a\u00f1o, seg\u00fan determinaci\u00f3n del CSU. Igualmente, en la reuni\u00f3n en la que se tom\u00f3 dicha decisi\u00f3n, se present\u00f3 un informe sobre la Comisi\u00f3n de Reestructuraci\u00f3n y los temas tratados: asuntos acad\u00e9micos, estructura de poder, aspectos profesorales, estudiantiles, as\u00ed como el terrorismo.&nbsp;<\/p>\n<p><strong>Im\u00e1genes: <\/strong>n\/a<\/p>\n<p>INFORMACI\u00d3N ANAL\u00cdTICA<\/p>\n<p>Contexto de la noticia:<\/p>\n<p>Seg\u00fan censo nacional Colombia tiene 27.680.000 habitantes. Hallados m\u00e1s de 100 cad\u00e1veres en Tacuey\u00f3, Guerrilleros del frente \u201cRicardo Franco\u201d ser\u00edan los autores de la masacre. El Comit\u00e9 \u201cprodefensa de Honda\u201d, constituido por comerciantes de este puerto sobre el r\u00edo Magdalena, amenazan al gobierno nacional con realizaci\u00f3n de paro c\u00edvico para protestar por la \u201cdesatenci\u00f3n\u201d del gobierno.<\/p>\n<p>Palabras clave: Respuestas Institucionales, Reapertura<\/p>\n<p>Sugerencia de palabras claves:<\/p>\n<p>Observaciones:<\/p>\n<p>Fecha de diligenciamiento: 22 de febrero de 2019<\/p>\n<h1 style=\"text-align: center;\">***<\/h1>\n<p><strong>N\u00famero de ficha<\/strong>:&nbsp; B138&nbsp;&nbsp;&nbsp;&nbsp;&nbsp;&nbsp;&nbsp;&nbsp;&nbsp;&nbsp;&nbsp;&nbsp;&nbsp;&nbsp;&nbsp;&nbsp;&nbsp;&nbsp;&nbsp;&nbsp;&nbsp;&nbsp;&nbsp;&nbsp;&nbsp;&nbsp;<\/p>\n<p><strong>Diligenciada por: <\/strong>Sara Ospina Restrepo<\/p>\n<p>INFORMACI\u00d3N BIBLIOGR\u00c1FICA<\/p>\n<p>Peri\u00f3dico: El Colombiano<\/p>\n<p>Lugar de edici\u00f3n: Medell\u00edn<\/p>\n<p>Autor personal:<\/p>\n<p>Autor corporativo: El Colombiano<\/p>\n<p>Fecha: 1986, enero, 25<\/p>\n<p>P\u00e1gina: 1A, 13A<\/p>\n<p>Secci\u00f3n: Local<\/p>\n<p><strong>Titular: <\/strong>Cuestionan la estructura de poder en la U.de.A<\/p>\n<p><strong>Resumen:<\/strong><\/p>\n<p>La Comisi\u00f3n de Reestructuraci\u00f3n de la Universidad de Antioquia creada por el Consejo Superior en un escenario de suspensi\u00f3n de actividades (en 1985) \u2212 debido a diversos atentados terroristas enmarcados en la petici\u00f3n de un grupo de estudiantes de Ingenier\u00eda sobre la instauraci\u00f3n de \u201csemestre especial\u201d ante las autoridades universitarias\u2212 con el fin de realizar un diagn\u00f3stico y propuestas sobre las pol\u00edticas y mecanismos de participaci\u00f3n necesarios en los estamentos universitarios,&nbsp; emiten un comunicado (25 de enero de 1986) ante los profesores, estudiantes y la opini\u00f3n p\u00fablica, de los puntos centrales de las recomendaciones dadas al Consejo Superior el 20 de diciembre de 1985 y la necesidad de descentralizar el ente educativo. En este comunicado se enuncian temas como el Terrorismo en la Universidad, Asuntos Acad\u00e9micos, Estructura de Poder, Asunto Profesorales y Asuntos Estudiantiles. Respecto al Terrorismo se plantea que \u201cLa actividad de peque\u00f1os grupos de estudiantes portadores de una mezcla de ideolog\u00edas en las que se desprecia la representaci\u00f3n, la organizaci\u00f3n democr\u00e1tica y se anima al autoritarismo, la imposici\u00f3n y la acci\u00f3n anarquista, todo esto puesto al d\u00eda con el fin de impulsar objetivos antiuniversitarios contrarios al trabajo intelectual tales como el facilismo acad\u00e9mico y la impugnaci\u00f3n continua de la normatividad\u201d; para ello se propone reforzar las medidas administrativas que impone el mantenimiento de la seguridad en el campus universitario.<\/p>\n<p><strong>Im\u00e1genes: <\/strong>n\/a<\/p>\n<p>INFORMACI\u00d3N ANAL\u00cdTICA<\/p>\n<p>Contexto de la noticia: Rescatados militares secuestrados el 19 de enero, en combate con el M-19 donde se produjeron varias bajas en las filas guerrilleras y siete soldados del Batall\u00f3n Palac\u00e9, de Buga. Apelaci\u00f3n de Jorge Luis Ochoa V\u00e1squez sobre su extradici\u00f3n a Estados Unidos. Publicaci\u00f3n del Acta de Consejo de Ministros con revelaciones trascendentales sobre el Palacio de Justicia. Huelga General en demanda de mejores salarios en Argentina. Panorama de indignaci\u00f3n por la Masacre de Tacuey\u00f3.<\/p>\n<p>Palabras clave: Respuestas Institucionales, Reforma Universitaria, Actores Institucionales, Comisi\u00f3n de Reestructuraci\u00f3n de la Universidad de Antioquia, Consejo Superior Universitario, Acciones Violentas, Atentado Terrorista<\/p>\n<p>Sugerencia de palabras claves: Semestre especial<\/p>\n<p>Observaciones: No se logra determinar con la noticia a qu\u00e9 se refieren con \u201cTerrorismo\u201d, de ah\u00ed que en la palabra clave se ponga \u201cAtentado Terrorista\u201d, cuando puede tratarse de \u201cAcciones contestatarias\u201d (tropel)<\/p>\n<p>Fecha de diligenciamiento: 12 de febrero de 2019<\/p>\n<h1 style=\"text-align: center;\">***<\/h1>\n<p><strong>N\u00famero de ficha<\/strong>:&nbsp; &nbsp;B139&nbsp;&nbsp;&nbsp; &nbsp;&nbsp;&nbsp;&nbsp;&nbsp;&nbsp;&nbsp;&nbsp;&nbsp;&nbsp;&nbsp;&nbsp;&nbsp;&nbsp;&nbsp;&nbsp;&nbsp;&nbsp;&nbsp;&nbsp;&nbsp;&nbsp;<\/p>\n<p><strong>Diligenciada por: <\/strong>Sara Ospina Restrepo<\/p>\n<p>INFORMACI\u00d3N BIBLIOGR\u00c1FICA<\/p>\n<p>Peri\u00f3dico: El Colombiano<\/p>\n<p>Lugar de edici\u00f3n: Medell\u00edn<\/p>\n<p>Autor personal:<\/p>\n<p>Autor corporativo: El Colombiano<\/p>\n<p>Fecha: 1986, febrero, 05<\/p>\n<p>P\u00e1gina: 12B<\/p>\n<p>Secci\u00f3n: n\/a<\/p>\n<p><strong>Titular: <\/strong>Seguir\u00e1 la reapertura de la U.de.A<\/p>\n<p><strong>Resumen:<\/strong><\/p>\n<p>El Consejo Superior Universitario expresa la intenci\u00f3n de normalizar las actividades de la UdeA paulatinamente. Para ello, se expresa ante la comunidad universitaria que existen unas decisiones que favorecen el clima de retorno: \u201cse aprob\u00f3 sustituir transitoriamente el servicio de cafeter\u00eda de los estudiantes por un auxilio directo a cada beneficiario, cuyo valor ser\u00e1 $140.00 por servicio\u201d, \u201cse comision\u00f3 al se\u00f1or rector para que dentro de las normas vigentes convoque a la elecci\u00f3n de representantes estudiantiles ante los distintos consejos de escuela e instituto\u201d.&nbsp;<\/p>\n<p><strong>Im\u00e1genes: <\/strong>n\/a<\/p>\n<p>INFORMACI\u00d3N ANAL\u00cdTICA<\/p>\n<p>Contexto de la noticia: Visita del papa a la India. Fue hallada bomba en la Torre Eiffel, ning\u00fan grupo se atribuy\u00f3 el hecho. 12 mil trabajadores de carreteras contin\u00faan negociaciones con el Ministerio de Obras P\u00fablicas y Transporte, se exige reajuste salarial, mejoras de los servicios m\u00e9dicos entre otros. Jaime Pardo Leal fue proclamado como candidato a la presidencia de la rep\u00fablica por la Uni\u00f3n Patri\u00f3tica.<\/p>\n<p>Palabras clave: Respuestas Institucionales, Reapertura, Actores Institucionales, Consejo Superior Universitario, Consejo Acad\u00e9mico<\/p>\n<p>Sugerencia de palabras claves:<\/p>\n<p>Observaciones:<\/p>\n<p>Fecha de diligenciamiento: 12 de febrero de 2019<\/p>\n<h1 style=\"text-align: center;\">***<\/h1>\n<p><strong>N\u00famero de ficha<\/strong>: B140&nbsp;&nbsp;&nbsp; &nbsp;&nbsp;&nbsp;&nbsp;&nbsp;&nbsp;&nbsp;&nbsp;&nbsp;&nbsp;&nbsp;&nbsp;&nbsp;&nbsp;&nbsp;&nbsp;&nbsp;&nbsp;&nbsp;&nbsp;&nbsp;&nbsp;&nbsp;&nbsp;&nbsp;&nbsp;&nbsp;&nbsp;&nbsp;&nbsp;&nbsp;&nbsp;&nbsp;<\/p>\n<p><strong>Diligenciada por: <\/strong>Sara Ospina Restrepo<\/p>\n<p>INFORMACI\u00d3N BIBLIOGR\u00c1FICA<\/p>\n<p>Peri\u00f3dico: El Colombiano<\/p>\n<p>Lugar de edici\u00f3n: Medell\u00edn<\/p>\n<p>Autor personal: Molina, Faber<\/p>\n<p>Autor corporativo:<\/p>\n<p>Fecha: 1986, febrero, 06<\/p>\n<p>P\u00e1gina: 1A, 5D<\/p>\n<p>Secci\u00f3n: Regional<\/p>\n<p><strong>Titular: <\/strong>Planteado diagn\u00f3stico de la U.de.A<\/p>\n<p><strong>Resumen:<\/strong><\/p>\n<p>La Comisi\u00f3n Especial de Reestructuraci\u00f3n de la Universidad de Antioquia enuncia en un comunicado que para la reapertura y reestructuraci\u00f3n de la U.de.A es necesario abordar el tema del terrorismo en el campus universitario, al respecto la nota period\u00edstica plantea que \u201clas pr\u00e1cticas terroristas han obstaculizado gravemente la vida universitaria, puesto que existen factores que directa o indirectamente crean condiciones ya sea para su aparici\u00f3n, o para su relativa sobrevivencia. La persistencia entonces de estos elementos, es lo que explica la falta de capacidad de la instituci\u00f3n para emprender una acci\u00f3n m\u00e1s exitosa contra el flagelo\u201d, \u201clos objetivos enarbolados por los grupos de estudiantes en los \u00faltimos a\u00f1os tienen una proyecci\u00f3n meramente interna, en el claustro, con reivindicaciones de una pobreza evidente. Ante todo, tienen institucionalizado el facilismo acad\u00e9mico, es decir, eliminaci\u00f3n de aquellas normas que propenden por garantizar la calidad de las labores universitarias\u201d.<\/p>\n<p><strong>Im\u00e1genes: <\/strong>n\/a<\/p>\n<p>INFORMACI\u00d3N ANAL\u00cdTICA<\/p>\n<p>Contexto de la noticia:<\/p>\n<p>Investigan Violaci\u00f3n de Derechos Humanos en Guatemala por parte de 600 agentes de la polic\u00eda. Se estructura plan indicativo ganadero para controlar el contrabando en Venezuela. Israel intercepta avi\u00f3n Sirio. Castro manifiesta intenciones de negociar con Estados Unidos. Soldados Filipinos atacaron caravana e Coraz\u00f3n Aquino (Filipinas). Las FARC a trav\u00e9s de la cadena radial Caracol expresan la disposici\u00f3n de paz en el marco de las elecciones presidenciales.<\/p>\n<p>Palabras clave: Respuestas Institucionales, Reapertura, Reforma Universitaria, Actores Institucionales, Comisi\u00f3n Especial de Reestructuraci\u00f3n de la Universidad de Antioquia, Acciones Violentas, Atentado Terrorista<\/p>\n<p>Sugerencia de palabras claves:<\/p>\n<p>Observaciones: Noticia de seguimiento al comunicado de la Comisi\u00f3n Especial de Reestructuraci\u00f3n de la Universidad de Antioquia. Igualmente, no se expresa qu\u00e9 se entiende por \u201cTerrorismo\u201d.<\/p>\n<p>Fecha de diligenciamiento: 12 de febrero de 2019<\/p>\n<h1 style=\"text-align: center;\">***<\/h1>\n<p><strong>N\u00famero de ficha<\/strong>:&nbsp; B141&nbsp;&nbsp;&nbsp;&nbsp;&nbsp;&nbsp;&nbsp;&nbsp;&nbsp;&nbsp;&nbsp;&nbsp;&nbsp;&nbsp;&nbsp;&nbsp;&nbsp;&nbsp;&nbsp;&nbsp;&nbsp;&nbsp;&nbsp;&nbsp;&nbsp;&nbsp;&nbsp;&nbsp;&nbsp;&nbsp;&nbsp;&nbsp;&nbsp;&nbsp;&nbsp;&nbsp;&nbsp;&nbsp;&nbsp;<\/p>\n<p><strong>Diligenciada por: <\/strong>Sara Ospina Restrepo<\/p>\n<p>INFORMACI\u00d3N BIBLIOGR\u00c1FICA<\/p>\n<p>Peri\u00f3dico: El Colombiano<\/p>\n<p>Lugar de edici\u00f3n: Medell\u00edn<\/p>\n<p>Autor personal:<\/p>\n<p>Autor corporativo: El Colombiano<\/p>\n<p>Fecha: 1986, febrero, 07<\/p>\n<p>P\u00e1gina: 1A, 16A<\/p>\n<p>Secci\u00f3n: n\/a<\/p>\n<p><strong>Titular: <\/strong>Severo an\u00e1lisis del terrorismo en la U.de.A<\/p>\n<p><strong>Resumen:<\/strong><\/p>\n<p>La Comisi\u00f3n Especial de Reestructuraci\u00f3n de la Universidad de Antioquia emiti\u00f3 un comunicado donde da a conocer consideraciones a tener en cuenta en el proceso de reapertura del claustro universitario, entre ellas el Terrorismo al interior del campus que se posiciona como un tema relevante, debido a que los hechos violentos presentados son una de las causales del cierre de la Universidad. De esta manera, la nota period\u00edstica expresa que: \u201cEl terrorismo aparece ante todo como un acto aislado y clandestino que se define como una acci\u00f3n violenta y destructiva ejecutada por un min\u00fasculo n\u00famero de personas\u201d, \u201cAparece como un terrorismo nihilista que busca destruir el patrimonio colectivo y bajo la forma de acciones dirigidas a asociarse ciertas reivindicaciones de grupos estudiantiles\u201d. Igualmente, se enuncian las expresiones de los actos terroristas: \u201cdestrucci\u00f3n del patrimonio cultural y de los equipos de inform\u00e1tica, de aulas, de oficinas y buses, atentados contra las cafeter\u00edas, contra el apartado a\u00e9reo de la Universidad, amenazas telef\u00f3nicas y finalmente estallido de bomba en el edificio administrativo\u201d.<\/p>\n<p><strong>Im\u00e1genes: <\/strong>n\/a<\/p>\n<ol>\n<li>INFORMACI\u00d3N ANAL\u00cdTICA<\/li>\n<\/ol>\n<p>Contexto de la noticia:<\/p>\n<p>Presuntos guerrilleros vascos asesinan al vicealmirante espa\u00f1ol Crist\u00f3bal Col\u00f3n de Carvajal. Se reprime huelga general de comerciantes en Hait\u00ed. Avi\u00f3n esp\u00eda norteamericano sobrevuela la capital cubana. Contin\u00faan tensiones en Filipinas por contienda electoral. Preocupaci\u00f3n nacional por la situaci\u00f3n de armero, las p\u00e9rdidas y los damnificados.<\/p>\n<p>Palabras clave: Respuestas Institucionales, Reapertura, Actores Institucionales, Comisi\u00f3n Especial de Reestructuraci\u00f3n de la Universidad de Antioquia, Consejo Superior Universitario, Acciones Violentas, Da\u00f1o a bienes civiles, Amenaza, Uso de petardos y explosivos<\/p>\n<p>Sugerencia de palabras claves:<\/p>\n<p>Observaciones:<\/p>\n<p>Fecha de diligenciamiento: 12 de febrero de 2019<\/p>\n<h1 style=\"text-align: center;\">***<\/h1>\n<p><strong>N\u00famero de ficha<\/strong>:&nbsp; B142&nbsp;&nbsp;&nbsp;&nbsp;&nbsp;&nbsp;&nbsp;&nbsp;&nbsp;&nbsp;&nbsp;&nbsp;&nbsp;&nbsp;&nbsp;&nbsp;&nbsp;&nbsp;&nbsp;&nbsp;&nbsp;&nbsp;&nbsp;&nbsp;&nbsp;&nbsp;<\/p>\n<p><strong>Diligenciada por: <\/strong>Sara Ospina Restrepo<\/p>\n<p>INFORMACI\u00d3N BIBLIOGR\u00c1FICA<\/p>\n<p>Peri\u00f3dico: El Colombiano<\/p>\n<p>Lugar de edici\u00f3n: Medell\u00edn<\/p>\n<p>Autor personal: Vel\u00e1zquez G\u00f3mez, Ramiro &amp; Mej\u00eda de R, Luz Mercedes<\/p>\n<p>Autor corporativo:<\/p>\n<p>Fecha: 1986, febrero, 11<\/p>\n<p>P\u00e1gina: 11A<\/p>\n<p>Secci\u00f3n: Local<\/p>\n<p><strong>Titular: <\/strong>Carta abierta a estudiantes de la U.de.A<\/p>\n<p><strong>Resumen:<\/strong><\/p>\n<p>La Comisi\u00f3n Especial de Reestructuraci\u00f3n de la Universidad de Antioquia public\u00f3 una carta abierta al estudiantado de la universidad. El texto habla sobre el trabajo intelectual, la universidad y la sociedad, el compromiso real con la democracia y las responsabilidades participativas. En cuanto al compromiso democr\u00e1tico en relaci\u00f3n con los antecedentes violentos en el claustro, se expone que: \u201cEstamos convencidos de la virtud pacificadora del di\u00e1logo y de la palabra, de su acci\u00f3n conciliadora en los esp\u00edritus y dilucidadora en las funciones del intelecto y la raz\u00f3n, para que a trav\u00e9s de ella recobremos conjuntamente, una dimensi\u00f3n esencial que hemos perdido o en algunos casos desdibujando brumosamente\u201d.<\/p>\n<p><strong>Im\u00e1genes: <\/strong>n\/a<\/p>\n<p>INFORMACI\u00d3N ANAL\u00cdTICA<\/p>\n<p>Contexto de la noticia:<\/p>\n<p>Se comienza proceso contra 474 mafiosos en Palermo, Italia, los capturados asisten a la audiencia enjaulados. Protestan en Francia por la visita del presidente vitalicio de Hait\u00ed Jean-Claude Duvalier. Toque de queda en Lima por la creciente actividad guerrillera en la capital. Proponen instalar puestos de Polic\u00eda en municipios de Antioquia para garantizar tranquilidad en elecciones.<\/p>\n<p>Palabras clave: Respuestas Institucionales, Reapertura, Actores Institucionales, Comisi\u00f3n Especial de Reestructuraci\u00f3n de la Universidad de Antioquia, Acciones de resistencia, Comunicados, misivas, declaraciones<\/p>\n<p>Sugerencia de palabras claves:<\/p>\n<p>Observaciones: Seguimiento al pronunciamiento de la Comisi\u00f3n Especial de Reestructuraci\u00f3n de la Universidad de Antioquia. No hay Elementos nuevos en la noticia.<\/p>\n<p>Fecha de diligenciamiento: 12 de febrero de 2019<\/p>\n<h1 style=\"text-align: center;\">***<\/h1>\n<p><strong>N\u00famero de ficha<\/strong>:&nbsp; B143&nbsp;&nbsp;&nbsp;&nbsp; &nbsp;&nbsp;&nbsp;&nbsp;&nbsp;&nbsp;&nbsp;&nbsp;&nbsp;&nbsp;&nbsp;&nbsp;&nbsp;&nbsp;&nbsp;&nbsp;&nbsp;&nbsp;&nbsp;&nbsp;&nbsp;&nbsp;&nbsp;&nbsp;&nbsp;&nbsp;&nbsp;&nbsp;&nbsp;&nbsp;&nbsp;&nbsp;<\/p>\n<p><strong>Diligenciada por: <\/strong>Sara Ospina Restrepo<\/p>\n<p>INFORMACI\u00d3N BIBLIOGR\u00c1FICA<\/p>\n<p>Peri\u00f3dico: El Colombiano<\/p>\n<p>Lugar de edici\u00f3n: Medell\u00edn<\/p>\n<p>Autor personal:<\/p>\n<p>Autor corporativo: El Colombiano<\/p>\n<p>Fecha: 1986, marzo, 05<\/p>\n<p>P\u00e1gina: 2A<\/p>\n<p>Secci\u00f3n: Hoy\/Mi\u00e9rcoles<\/p>\n<p><strong>Titular: <\/strong>Luz verde a las clases en la U. de Antioquia<\/p>\n<p><strong>Resumen:<\/strong><\/p>\n<p>El Consejo Superior Universitario autoriz\u00f3 al rector Sa\u00fal Mesa Ochoa para la reapertura escalonada de la Universidad de Antioquia. Se se\u00f1al\u00f3 como fecha tentativa el 31 de marzo.<\/p>\n<p><strong>Im\u00e1genes: <\/strong>n\/a<\/p>\n<p>INFORMACI\u00d3N ANAL\u00cdTICA<\/p>\n<p>Contexto de la noticia:<\/p>\n<p>Renuncian magistrados filipinos en gobierno de Coraz\u00f3n Aquino. En Uganda queman vivos a ocho presuntos miembros del Movimiento Federal Democr\u00e1tico, un grupo miliciano aliado al ej\u00e9rcito de resistencia nacional que rige el pa\u00eds. Contin\u00faa indignaci\u00f3n internacional por el asesinato de Olof Palme (28 febrero), primer ministro sueco reconocido por ser defensor de derechos humanos. Se crea \u201cTerpel Nacional\u201d compa\u00f1\u00eda que posibilita el desmonte parcial el monopolio extranjero en la distribuci\u00f3n interna de combustibles.<\/p>\n<p>Palabras clave: Respuestas Institucionales, Reapertura, Actores Institucionales, Consejo Superior Universitario, Rector, Mesa Ochoa, Sa\u00fal<\/p>\n<p>Sugerencia de palabras claves:<\/p>\n<p>Observaciones:<\/p>\n<p>Fecha de diligenciamiento: 12 de febrero de 2019<\/p>\n<h1 style=\"text-align: center;\">***<\/h1>\n<p><strong>N\u00famero de ficha<\/strong>:&nbsp; B144&nbsp;&nbsp;&nbsp;&nbsp;&nbsp;&nbsp;&nbsp;&nbsp;&nbsp;&nbsp;&nbsp;&nbsp;&nbsp;&nbsp;&nbsp;&nbsp;&nbsp;&nbsp;&nbsp;&nbsp;&nbsp;&nbsp;&nbsp;&nbsp;&nbsp;&nbsp;<\/p>\n<p><strong>Diligenciada por: <\/strong>Sara Ospina Restrepo<\/p>\n<p>INFORMACI\u00d3N BIBLIOGR\u00c1FICA<\/p>\n<p>Peri\u00f3dico: El Colombiano<\/p>\n<p>Lugar de edici\u00f3n: Medell\u00edn<\/p>\n<p>Autor personal:<\/p>\n<p>Autor corporativo: El Colombiano<\/p>\n<p>Fecha: 1986, marzo, 15<\/p>\n<p>P\u00e1gina: 1A<\/p>\n<p>Secci\u00f3n: Portada<\/p>\n<p><strong>Titular:&nbsp; <\/strong>Consejo Superior reafirma apertura gradual de U.de.A<\/p>\n<p><strong>Resumen:<\/strong><\/p>\n<p>En el Paraninfo de la UdeA, el gobernador Alberto V\u00e1squez Restrepo instal\u00f3 las comisiones especiales (Comisi\u00f3n de Asuntos Acad\u00e9micos, Comisi\u00f3n de Recursos Pedag\u00f3gicos y Medios de Ense\u00f1anza, Comisi\u00f3n de Postgrados, Comisi\u00f3n de Extensi\u00f3n Universitaria, Comisi\u00f3n de Cursos de Servicio y Compartidos, Comisi\u00f3n sobre estructura de Poder), que est\u00e1n encargadas de estudiar a profundidad la situaci\u00f3n de la Universidad. As\u00ed mismo, se dict\u00f3 el plazo para la presentaci\u00f3n de los anteproyectos que deben ser estudiados por el Consejo Superior (60 d\u00edas). Sigue en la mesa la discusi\u00f3n acerca de la fecha tentativa para reactivar totalmente las instalaciones (31 de marzo).<\/p>\n<p><strong>Im\u00e1genes: <\/strong>n\/a<\/p>\n<p>INFORMACI\u00d3N ANAL\u00cdTICA<\/p>\n<p>Contexto de la noticia:<\/p>\n<p>Fallido golpe de Estado en Ecuador para derrocar al presidente Le\u00f3n Febres Cordero.&nbsp; Los miembros de la comisi\u00f3n de derechos humanos de Naciones unidas condenan el r\u00e9gimen militar de Pinochet en Chile. Se dan declaraciones sobre el asesinato (13 de marzo) del comandante superior del M-19 \u00c1lvaro Fayad Delgado.&nbsp;<\/p>\n<p>Palabras clave: Respuestas Institucionales, Reapertura, Actores Institucionales, Consejo Superior Universitario, Gobernador, V\u00e1squez, Restrepo, Alberto (1984-1986)<\/p>\n<p>Sugerencia de palabras claves:<\/p>\n<p>Observaciones:<\/p>\n<p>Fecha de diligenciamiento: 12 de febrero de 2019<\/p>\n<h1 style=\"text-align: center;\">***<\/h1>\n<p><strong>N\u00famero de ficha<\/strong>: B145&nbsp;&nbsp;&nbsp;&nbsp;&nbsp;&nbsp;&nbsp;&nbsp;&nbsp;&nbsp;&nbsp;&nbsp;&nbsp;&nbsp;&nbsp;&nbsp;&nbsp;&nbsp;&nbsp;&nbsp;&nbsp;&nbsp;&nbsp;&nbsp;&nbsp;&nbsp;&nbsp;&nbsp;&nbsp;&nbsp;&nbsp;&nbsp;&nbsp;&nbsp;&nbsp;&nbsp;&nbsp;<\/p>\n<p><strong>Diligenciada por: <\/strong>Sara Ospina Restrepo<\/p>\n<p>INFORMACI\u00d3N BIBLIOGR\u00c1FICA<\/p>\n<p>Peri\u00f3dico: El Colombiano<\/p>\n<p>Lugar de edici\u00f3n: Medell\u00edn<\/p>\n<p>Autor personal:<\/p>\n<p>Autor corporativo: El Colombiano<\/p>\n<p>Fecha: 1986, marzo, 18<\/p>\n<p>P\u00e1gina: 1A<\/p>\n<p>Secci\u00f3n: Portada<\/p>\n<p><strong>Titular: <\/strong>En la U.de.A Del 1\u00ba. De abril al 5 de mayo ser\u00e1 la reapertura<\/p>\n<p><strong>Resumen:<\/strong><\/p>\n<p>El Consejo Superior defini\u00f3 las fechas de reapertura gradual de la Universidad de Antioquia, as\u00ed como la revalidaci\u00f3n del carn\u00e9: a partir del 1\u00ba de abril al 5 de mayo.<\/p>\n<p><strong>Im\u00e1genes: <\/strong>n\/a<\/p>\n<p>INFORMACI\u00d3N ANAL\u00cdTICA<\/p>\n<p>Contexto de la noticia:<\/p>\n<p>Se plantean medidas extremas de seguridad y vigilancia para las elecciones presidenciales en mayo. Por orden del DPN se suspendi\u00f3 la inversi\u00f3n extranjera para trilla y comercio de caf\u00e9. Baja la producci\u00f3n minera en Antioquia debido a la inseguridad y los paros mineros.<\/p>\n<p>Palabras clave:<\/p>\n<p>Sugerencia de palabras claves: Respuestas Institucionales, Reapertura, Actores Institucionales, Consejo Superior Universitario<\/p>\n<p>Observaciones:<\/p>\n<p>Fecha de diligenciamiento: 12 de febrero de 2019<\/p>\n<h1 style=\"text-align: center;\">***<\/h1>\n<p><strong>N\u00famero de ficha<\/strong>: B146&nbsp;&nbsp;&nbsp;&nbsp;&nbsp;&nbsp;&nbsp;&nbsp;&nbsp;&nbsp;&nbsp;&nbsp;&nbsp;&nbsp;&nbsp;&nbsp;&nbsp;&nbsp;&nbsp;&nbsp;&nbsp;&nbsp;&nbsp;&nbsp;&nbsp;&nbsp;<\/p>\n<p><strong>Diligenciada por: <\/strong>Sara Ospina Restrepo<\/p>\n<p>INFORMACI\u00d3N BIBLIOGR\u00c1FICA<\/p>\n<p>Peri\u00f3dico: El Colombiano<\/p>\n<p>Lugar de edici\u00f3n: Medell\u00edn<\/p>\n<p>Autor personal:<\/p>\n<p>Autor corporativo:<\/p>\n<p>Fecha: 1986, abril, 01<\/p>\n<p>P\u00e1gina: 8B<\/p>\n<p>Secci\u00f3n: Educaci\u00f3n<\/p>\n<p><strong>Titular: <\/strong>En la U.de.A Vuelven los estudiantes<\/p>\n<p><strong>Resumen:<\/strong><\/p>\n<p>Se abren paulatinamente las instalaciones de la UdeA. Al respecto y teniendo en cuenta los antecedentes violentos, el presidente de la Asociaci\u00f3n de Profesores, Carlos Payares Gonz\u00e1lez expresa que: \u201cAhora m\u00e1s que nunca estamos dispuestos a hacer una confrontaci\u00f3n pol\u00edtica e ideol\u00f3gica a la actividad anarquista y terrorista. Ya les corresponde a otros niveles de la Universidad ejercitar una acci\u00f3n represiva a estos actos, nivel en el que el profesorado no puede estar comprometido\u201d. Por su parte, el rector Sa\u00fal Mesa Ochoa expres\u00f3 por medio de una cara p\u00fablica que: \u201cS\u00f3lo derrotando la indiferencia, la abulia, el escepticismo, ser\u00e1 posible impedir que otros con la fuerza de la sin raz\u00f3n se conviertan en voceros de causas ajenas al inter\u00e9s de la mayor\u00eda y contrarios al prop\u00f3sito cimero de la Universidad\u201d.<\/p>\n<p><strong>Im\u00e1genes: <\/strong>IMGB146<\/p>\n<p>Estudiantes concurrieron masivamente a las instalaciones del paraninfo del Alma Mater a refrendar el carn\u00e9. Foto: Calder\u00f3n, Miguel.<\/p>\n<p>INFORMACI\u00d3N ANAL\u00cdTICA<\/p>\n<p>Contexto de la noticia:<\/p>\n<p>En Chile se presentan barricadas, incendios, bombas y jornadas de protesta ante el r\u00e9gimen militar de Pinochet. El narcotraficante Ram\u00f3n Matta L\u00f3pez fugado de la c\u00e1rcel modelo de Bogot\u00e1, se entreg\u00f3 voluntariamente ante las autoridades hondure\u00f1as.<\/p>\n<p>Palabras clave: Respuestas Institucionales, Reapertura, Actores Institucionales, Rector, Mesa Ochoa, Sa\u00fal, Asociaci\u00f3n de Profesores, Payares, Gonz\u00e1lez, Carlos<\/p>\n<p>Sugerencia de palabras claves:<\/p>\n<p>Observaciones:<\/p>\n<p>Fecha de diligenciamiento: 12 de febrero de 2019<\/p>\n<h1 style=\"text-align: center;\">***<\/h1>\n<p><strong>N\u00famero de ficha<\/strong>: B147&nbsp;&nbsp;&nbsp;&nbsp;&nbsp;&nbsp;&nbsp;&nbsp;&nbsp;&nbsp;&nbsp;&nbsp;&nbsp;&nbsp;&nbsp;&nbsp;&nbsp;&nbsp;&nbsp;&nbsp;&nbsp;&nbsp;&nbsp;&nbsp;&nbsp;&nbsp;<\/p>\n<p><strong>Diligenciada por: <\/strong>Sara Ospina Restrepo<\/p>\n<p>INFORMACI\u00d3N BIBLIOGR\u00c1FICA<\/p>\n<p>Peri\u00f3dico: El Colombiano<\/p>\n<p>Lugar de edici\u00f3n: Medell\u00edn<\/p>\n<p>Autor personal:<\/p>\n<p>Autor corporativo:<\/p>\n<p>Fecha: 1986, abril, 02<\/p>\n<p>P\u00e1gina: 6B<\/p>\n<p>Secci\u00f3n: Regional<\/p>\n<p><strong>Titular: <\/strong>En la U.de.A. Todos, en espera de lo mejor<\/p>\n<p><strong>Resumen:<\/strong><\/p>\n<p>La nota period\u00edstica documenta el primer d\u00eda de apertura en la Universidad donde todo transcurre con normalidad, y publica la agenda de reuniones conjuntas de profesores y estudiantes.<\/p>\n<p><strong>Im\u00e1genes: <\/strong>IMGB149<\/p>\n<p>Estudiantes entusiasmados en medio de la lluvia por el retorno a clases. Foto: Calder\u00f3n, Miguel.<\/p>\n<p>INFORMACI\u00d3N ANAL\u00cdTICA<\/p>\n<p>Contexto de la noticia:<\/p>\n<p>Baja inversi\u00f3n de capital extranjero en Chile debido a la incertidumbre del pa\u00eds latinoamericano. En Cali se dispone la audiencia contra los autores de \u201cmasacre del Diners\u201d donde murieron nueve personas. Adida anuncia paro (23 y 24 abril) para exigir el pago de los subsidios de transporte, de subsidio familiar y de los ascensos.<\/p>\n<p>Palabras clave: Respuestas Institucionales, Reapertura<\/p>\n<p>Sugerencia de palabras claves:<\/p>\n<p>Observaciones:<\/p>\n<p>Fecha de diligenciamiento: 12 de febrero de 2019<\/p>\n<p>&nbsp;<\/p>\n<h1 style=\"text-align: center;\">***<\/h1>\n<p><strong>N\u00famero de ficha<\/strong>:&nbsp; B148&nbsp;&nbsp;&nbsp;&nbsp;&nbsp;&nbsp; &nbsp;&nbsp;&nbsp;&nbsp;&nbsp;&nbsp;&nbsp;&nbsp;&nbsp;&nbsp;&nbsp;&nbsp;&nbsp;&nbsp;&nbsp;&nbsp;&nbsp;&nbsp;&nbsp;&nbsp;&nbsp;&nbsp;&nbsp;&nbsp;&nbsp;&nbsp;&nbsp;&nbsp;&nbsp;&nbsp;<\/p>\n<p><strong>Diligenciada por: <\/strong>Sara Ospina Restrepo<\/p>\n<p>INFORMACI\u00d3N BIBLIOGR\u00c1FICA<\/p>\n<p>Peri\u00f3dico: El Colombiano<\/p>\n<p>Lugar de edici\u00f3n: Medell\u00edn<\/p>\n<p>Autor personal:<\/p>\n<p>Autor corporativo: El Colombiano<\/p>\n<p>Fecha: 1986, abril, 11<\/p>\n<p>P\u00e1gina: 1A<\/p>\n<p>Secci\u00f3n: Portada<\/p>\n<p><strong>Titular: <\/strong>En U.de.A reabren otras 4 facultades<\/p>\n<p><strong>Resumen:<\/strong><\/p>\n<p>Se reabren las Facultades de Medicina Veterinaria y Zootecnia, Ciencias Econ\u00f3micas, Ciencias Sociales y Qu\u00edmica Farmac\u00e9utica.<\/p>\n<p><strong>Im\u00e1genes: <\/strong>n\/a<\/p>\n<p>INFORMACI\u00d3N ANAL\u00cdTICA<\/p>\n<p>Contexto de la noticia:<\/p>\n<p>El director de la DEA propone expropiar bienes de \u201cnarcos\u201d. Se da un acuerdo entre Colombia y Brasil para evitar ca\u00edda en precio internacional del caf\u00e9. La URRD acusa a la OTAN de preparar guerra qu\u00edmica.<\/p>\n<p>Palabras clave: Respuestas Institucionales, Reapertura<\/p>\n<p>Sugerencia de palabras claves:<\/p>\n<p>Observaciones:<\/p>\n<p>Fecha de diligenciamiento: 12 de febrero de 2019<\/p>\n<h1 style=\"text-align: center;\">***<\/h1>\n<p><strong>N\u00famero de ficha<\/strong>: B149&nbsp;&nbsp;&nbsp;&nbsp;&nbsp;&nbsp;&nbsp;&nbsp;&nbsp;&nbsp;&nbsp;&nbsp;&nbsp;&nbsp;&nbsp;&nbsp;&nbsp;&nbsp;&nbsp;&nbsp;&nbsp;&nbsp;&nbsp;&nbsp;&nbsp;&nbsp;<\/p>\n<p><strong>Diligenciada por: <\/strong>Sara Ospina Restrepo<\/p>\n<p>INFORMACI\u00d3N BIBLIOGR\u00c1FICA<\/p>\n<p>Peri\u00f3dico: El Colombiano<\/p>\n<p>Lugar de edici\u00f3n: Medell\u00edn<\/p>\n<p>Autor personal: Valencia Cossio, Ramiro<\/p>\n<p>Autor corporativo:<\/p>\n<p>Fecha: 1986, abril, 20<\/p>\n<p>P\u00e1gina: 5c<\/p>\n<p>Secci\u00f3n: Educaci\u00f3n<\/p>\n<p><strong>Titular: <\/strong>La Universidad no puede permanecer enclaustrada<\/p>\n<p><strong>Resumen:<\/strong><\/p>\n<p>El abogado Ramiro Valencia Cossio, representante del Ministro de Educaci\u00f3n ante el Consejo Superior Universitario expresa las percepciones que tiene acerca del panorama universitario como agente externo a ella: \u201c\u00bfNo es terrorismo que todos los d\u00edas maten en Medell\u00edn entre quince y veinte personas? Sin embargo, todos seguimos viviendo en la ciudad y no la cierran. Por esto es que se hace necesario tener una actitud firme frente a esos hechos, pues si se derrota el efecto sicol\u00f3gico, se derrota el terrorismo. Como miembro del Consejo Superior he o\u00eddo muchos conceptos y me he acercado a la gente para saber qu\u00e9 piensa de la universidad. Yo me reun\u00ed con un grupo subversivo y me expresaron lo siguiente: si la universidad no le sirve al Estado ni al pueblo, \u00bfpara qu\u00e9 existe? Por esto tenemos que trabajar para que la universidad le sirva a la comunidad y ah\u00ed acaben muchas cosas\u201d.<\/p>\n<p><strong>Im\u00e1genes: <\/strong>n\/a<\/p>\n<p>INFORMACI\u00d3N ANAL\u00cdTICA<\/p>\n<p>Contexto de la noticia:<\/p>\n<p>Contin\u00faa Estado de Sitio en Colombia. Medell\u00edn es sede de la Bolsa de Turismo. Sepultada Simone de Beauvoir. El M-19 en el marco de sus 12 a\u00f1os propone asamblea popular con el fin de desarrollar mecanismos para un nuevo tipo de gobierno. El Magisterio se prepara para conformar comando departamental de paro.<\/p>\n<p>Palabras clave: Acciones de resistencia, Comunicados, misivas, declaraciones, Valencia Cossio, Ramiro<\/p>\n<p>Sugerencia de palabras claves:<\/p>\n<p>Observaciones: Se pone la noticia en el marco de las acciones de resistencia, debido a la declaraci\u00f3n realizada. Sin embargo, no hay suficientes elementos para catalogarla como una acci\u00f3n de resistencia.<\/p>\n<p>Fecha de diligenciamiento: 12 de febrero de 2019<\/p>\n<h1 style=\"text-align: center;\">***<\/h1>\n<p><strong>N\u00famero de ficha<\/strong>: B150&nbsp;&nbsp;&nbsp; &nbsp;&nbsp;&nbsp;&nbsp;&nbsp;&nbsp;&nbsp;&nbsp;&nbsp;&nbsp;&nbsp;&nbsp;&nbsp;&nbsp;&nbsp;&nbsp;&nbsp;&nbsp;&nbsp;&nbsp;&nbsp;&nbsp;<\/p>\n<p><strong>Diligenciada por: <\/strong>Sara Ospina Restrepo<\/p>\n<p>INFORMACI\u00d3N BIBLIOGR\u00c1FICA<\/p>\n<p>Peri\u00f3dico: El Colombiano<\/p>\n<p>Lugar de edici\u00f3n: Medell\u00edn<\/p>\n<p>Autor personal:<\/p>\n<p>Autor corporativo: El Colombiano<\/p>\n<p>Fecha: 1986, agosto, 02<\/p>\n<p>P\u00e1gina: 2A<\/p>\n<p>Secci\u00f3n: Hoy\/S\u00e1bado<\/p>\n<p><strong>Titular: <\/strong>Hoy, decisiva reuni\u00f3n de la \u201cc\u00fapula\u201d de la U.de.A.<\/p>\n<p><strong>Resumen:<\/strong><\/p>\n<p>El Consejo Superior Universitario, el Consejo Acad\u00e9mico y las Comisiones Especiales de Reestructuraci\u00f3n de la UdeA se re\u00fanen para dar a conocer los informes realizados por estos \u00faltimos. Se discutieron las tem\u00e1ticas de Asuntos Acad\u00e9micos, Recursos Pedag\u00f3gicos, Investigaci\u00f3n, Extensi\u00f3n Universitaria, Planeaci\u00f3n y Bienestar Universitario.<\/p>\n<p><strong>Im\u00e1genes: <\/strong>n\/a<\/p>\n<p>INFORMACI\u00d3N ANAL\u00cdTICA<\/p>\n<p>Contexto de la noticia:<\/p>\n<p>El partido conservador colombiano eligi\u00f3 Directorio Nacional de 9 miembros. Incursi\u00f3n guerrillera en el municipio de Andes, hurtan dinero de Concasa, Conavi, el BIC y la Caja Agraria. Protesta de \u201cAsonal-Judicial\u201d en Medell\u00edn por el asesinato del magistrado Hernando Baquero Borda. Feria de Flores en Medell\u00edn.<\/p>\n<p>Palabras clave: Respuestas Institucionales, Reforma Universitaria, Actores Institucionales, Consejo Superior Universitario, Consejo Acad\u00e9mico, Comisi\u00f3n Especial de Reestructuraci\u00f3n de la Universidad de Antioquia<\/p>\n<p>Sugerencia de palabras claves:<\/p>\n<p>Observaciones: Noticia de seguimiento a la coyuntura de reforma universitaria. No hay elementos nuevos.<\/p>\n<p>Fecha de diligenciamiento: 12 de febrero de 2019<\/p>\n<h1 style=\"text-align: center;\">***<\/h1>\n<p><strong>N\u00famero de ficha<\/strong>:&nbsp; B151&nbsp;&nbsp;&nbsp;&nbsp;&nbsp;&nbsp;&nbsp;&nbsp;&nbsp;&nbsp;&nbsp;&nbsp;&nbsp;&nbsp;&nbsp;&nbsp;&nbsp;&nbsp;&nbsp;&nbsp;&nbsp;&nbsp;&nbsp;&nbsp;&nbsp;&nbsp;<\/p>\n<p><strong>Diligenciada por: <\/strong>Sara Ospina Restrepo<\/p>\n<p>INFORMACI\u00d3N BIBLIOGR\u00c1FICA<\/p>\n<p>Peri\u00f3dico: El Colombiano<\/p>\n<p>Lugar de edici\u00f3n: Medell\u00edn<\/p>\n<p>Autor personal:<\/p>\n<p>Autor corporativo: El Colombiano<\/p>\n<p>Fecha: 1986, agosto, 07<\/p>\n<p>P\u00e1gina: 5c<\/p>\n<p>Secci\u00f3n: Local<\/p>\n<p><strong>Titular: <\/strong>Se materializan recomendaciones de las comisiones de expertos<\/p>\n<p><strong>Resumen:<\/strong><\/p>\n<p>La Secretar\u00eda General de la Universidad de Antioquia informa sobre las decisiones tomadas: \u201cadjudicaci\u00f3n de licitaci\u00f3n p\u00fablica para adquisici\u00f3n de microcomputadores con destino a diferentes facultades\u201d, \u201cdotaci\u00f3n para el Teatro Camilo Torres\u201d, \u201cMoci\u00f3n a Focine\u201d, \u201cProyecto de planeaci\u00f3n\u201d.<\/p>\n<p><strong>Im\u00e1genes: <\/strong>n\/a<\/p>\n<p>INFORMACI\u00d3N ANAL\u00cdTICA<\/p>\n<p>Contexto de la noticia:<\/p>\n<p>Virgilio Barco asume la presidencia de la rep\u00fablica. El directorio nacional conservador proclama no colaboraci\u00f3n con el gobierno liberal. Las FARC anuncian ruptura de tregua en el Cauca. Feria de Flores en Medell\u00edn.<\/p>\n<p>Palabras clave: Respuestas Institucionales, Reforma Universitaria, Actores Institucionales, Secretar\u00eda General de la Universidad de Antioquia<\/p>\n<p>Sugerencia de palabras claves:<\/p>\n<p>Observaciones:<\/p>\n<p>Fecha de diligenciamiento: 12 de febrero de 2019<\/p>\n<h1 style=\"text-align: center;\">***<\/h1>\n<p><strong>N\u00famero de ficha<\/strong>: B152&nbsp;&nbsp;&nbsp;&nbsp;&nbsp;&nbsp;&nbsp;&nbsp;&nbsp;&nbsp;&nbsp;&nbsp;&nbsp;&nbsp;&nbsp;&nbsp;&nbsp;&nbsp;&nbsp;&nbsp;&nbsp;&nbsp;&nbsp;&nbsp;&nbsp;&nbsp;<\/p>\n<p><strong>Diligenciada por: <\/strong>Sara Ospina Restrepo<\/p>\n<p>INFORMACI\u00d3N BIBLIOGR\u00c1FICA<\/p>\n<p>Peri\u00f3dico: El Colombiano<\/p>\n<p>Lugar de edici\u00f3n: Medell\u00edn<\/p>\n<p>Autor personal:<\/p>\n<p>Autor corporativo: El Colombiano<\/p>\n<p>Fecha: 1986, agosto, 21<\/p>\n<p>P\u00e1gina: 3A<\/p>\n<p>Secci\u00f3n: Plana\/Tres<\/p>\n<p><strong>Titular: <\/strong>Dice el rector de la U.de.A. Los terroristas conmovieron la entra\u00f1a de la Universidad.<\/p>\n<p><strong>Resumen:<\/strong><\/p>\n<p>El Rector Sa\u00fal Mesa Ochoa dirigi\u00f3 una carta a la comunidad universitaria, debido al estallido de un petardo el d\u00eda 19 de agosto en el segundo piso de la biblioteca central: \u201cEn el d\u00eda de hoy, en acci\u00f3n de terrorismo inaceptable, ha sido conmovida la entra\u00f1a misma de la Universidad, con un fuerte petardo dirigido al propio coraz\u00f3n de la Instituci\u00f3n: La Biblioteca General. El deplorable hecho se ha presentado en circunstancias de lugar y tiempo agravantes. Se trata de uno de los sitios m\u00e1s concurridos de la ciudad universitaria, pues, profesores, estudiantes y particulares requieren permanentemente los servicios de la biblioteca m\u00e1s completa de la regi\u00f3n. Adem\u00e1s, una gran cantidad de funcionarios\u2212empleados p\u00fablicos y trabajadores oficiales\u2212lo mismo que de estudiantes que desempe\u00f1an labores de auxiliar\u00eda, que emplean la biblioteca como lugar de estudio, estaban\u2212como normalmente ocurre a la hora en que se present\u00f3 el estallido\u2212 en las instalaciones de la principal biblioteca del Alma Mater.<\/p>\n<p>\u00bfContra qu\u00e9 se atent\u00f3? Contra la Universidad. S\u00ed, se atent\u00f3 contra la Universidad porque se destruyeron estantes, ventanas, cielorrasos, e invaluables libros. Porque se puso en peligro la integridad f\u00edsica y la vida de muchas gentes. Porque se interrumpi\u00f3, as\u00ed sea s\u00f3lo por un cuarto de hora la actividad acad\u00e9mica programada.<\/p>\n<p>Los clandestinos terroristas que tratan de imponer su ley, tienen audacia y no raz\u00f3n, son m\u00e1s forma que sustancia. No act\u00faan en nombre de ideolog\u00eda alguna que busque la transformaci\u00f3n, a no ser que por ello se entienda la destrucci\u00f3n. No defienden ideal noble o altruista. Por el contrario, al amparo del anonimato y de su nefasta osad\u00eda se proponen la aniquilaci\u00f3n de todo lo que sea o simbolice instituci\u00f3n del saber y la cultura. Su empe\u00f1o es proclive a someter por la intimidaci\u00f3n y el atentado, a poblaciones civiles inermes, o mejor s\u00f3lo armadas de la raz\u00f3n y de la compulsi\u00f3n de vida.<\/p>\n<p>Insisto en la necesidad de colaboraci\u00f3n que todos debemos prestar para mantener el funcionamiento cabal de la instituci\u00f3n y por ende en la defensa de nuestra integridad personal, por lo que debemos ofrecer que est\u00e9 a nuestro alcance para evitar la restauraci\u00f3n del terrorismo en la Universidad. \u00a1Universitarios, que viva la Universidad!\u201d.<\/p>\n<p><strong>Im\u00e1genes: <\/strong>n\/a<\/p>\n<p>INFORMACI\u00d3N ANAL\u00cdTICA<\/p>\n<p>Contexto de la noticia:<\/p>\n<p>Estados Unidos solicita la extradici\u00f3n de Ochoa V\u00e1squez, Pablo Escobar, Rodr\u00edguez Orejuela y Rodr\u00edguez Gacha. Tensiones entre el conservatismo y el gobierno liberal de Virgilio Barco, se expresa p\u00fablicamente que el estatuto de la oposici\u00f3n es la Constituci\u00f3n Nacional y que esta provee las garant\u00edas necesarias en el ejercicio pol\u00edtico.<\/p>\n<p>Palabras clave: Acciones Violentas, Uso de petardos y explosivos, Acciones de resistencia, Comunicados, misivas, declaraciones, Actores Institucionales, Rector, Mesa Ochoa, Sa\u00fal<\/p>\n<p>Sugerencia de palabras claves: Carta<\/p>\n<p>Observaciones:<\/p>\n<p>Fecha de diligenciamiento: 12 de febrero de 2019<\/p>\n<h1 style=\"text-align: center;\">***<\/h1>\n<p><strong>N\u00famero de ficha<\/strong>: B153&nbsp;&nbsp;&nbsp;&nbsp;&nbsp;&nbsp;&nbsp;&nbsp;&nbsp;&nbsp;&nbsp;&nbsp;&nbsp;&nbsp;&nbsp;&nbsp;&nbsp;&nbsp;&nbsp;&nbsp;&nbsp;&nbsp;&nbsp;&nbsp;&nbsp;&nbsp;<\/p>\n<p><strong>Diligenciada por: <\/strong>Sara Ospina Restrepo<\/p>\n<p>INFORMACI\u00d3N BIBLIOGR\u00c1FICA<\/p>\n<p>Peri\u00f3dico: El Colombiano<\/p>\n<p>Lugar de edici\u00f3n: Medell\u00edn<\/p>\n<p>Autor personal: Vel\u00e1squez G\u00f3mez, Ramiro &amp; Mej\u00eda, Luz Mercedes<\/p>\n<p>Autor corporativo:<\/p>\n<p>Fecha: 1986, octubre, 03<\/p>\n<p>P\u00e1gina: 6D<\/p>\n<p>Secci\u00f3n: Local<\/p>\n<p><strong>Titular: <\/strong>Rector de la U.de.A. solicita investigaci\u00f3n<\/p>\n<p><strong>Resumen:<\/strong><\/p>\n<p>\u201cA ra\u00edz del atentado terrorista del pasado viernes 26 de septiembre contra las instalaciones de la Facultad de Ingenier\u00eda de la Universidad de Antioquia, en el cual se puso en peligro la vida del decano y los directivos de esa facultad, Sa\u00fal Mesa Ochoa, rector de la Universidad, envi\u00f3 una solicitud al procurador general de la naci\u00f3n, Carlos Mauro Hoyos, para que se designe una comisi\u00f3n que investigue tales hechos\u201d. As\u00ed mismo, los jefes de departamento y los directores de los Centros de Investigaci\u00f3n de la Facultad de Ingenier\u00eda, expusieron en un comunicado p\u00fablico: \u201c Expresiones cobardes de criminalidad y salvajismo, como \u00e9stas que nunca son representativas de alg\u00fan proyecto cultural o pedag\u00f3gico o pol\u00edtico, constituyen una invitaci\u00f3n a todos aquellos que luchan para erguir la Universidad de entre un estado de descomposici\u00f3n, desprestigio social al que la han querido sumergir quienes con actos de irracionalidad sirven a desconocidos prop\u00f3sitos para que antepongan las banderas de la inteligencia a oscurantismo de los an\u00f3nimos voceros de la muerte\u201d, \u201cPor ello, hoy a\u00fan cuando impotentes para cortar el ataque aleve de la barbarie, conmueve y alienta escuchar el p\u00e1lpito revenido de tantas voluntades que, adem\u00e1s de manifestar la protesta de su indignaci\u00f3n, levantan una voz portentosa, por la defensa de la raz\u00f3n, de la cultura y de la vida, como la mejor v\u00eda para acallar las ondas destructoras de las bombas\u201d.<\/p>\n<p><strong>Im\u00e1genes: <\/strong>n\/a<\/p>\n<p>INFORMACI\u00d3N ANAL\u00cdTICA<\/p>\n<p>Contexto de la noticia:<\/p>\n<p>Atentado terrorista contra Rajiv Ghandi y Zail Singh en la India. 250 mil nicarag\u00fcenses son desplazados por la guerra que vive el pa\u00eds desde hace 5 a\u00f1os. El Consejo de Estupefacientes pedir\u00e1 suspender el glifosato en la destrucci\u00f3n de los cultivos de marihuana.<\/p>\n<p>Palabras clave: Acciones Violentas, Atentado terrorista, Uso de petardos y explosivos, Acciones de resistencia, Comunicados, misivas, declaraciones, Actores Institucionales, Rector, Mesa Ochoa, Sa\u00fal<\/p>\n<p>Sugerencia de palabras claves:<\/p>\n<p>Observaciones:<\/p>\n<p>Fecha de diligenciamiento: 12 de febrero de 2019<\/p>\n<h1 style=\"text-align: center;\">***<\/h1>\n<p><strong>N\u00famero de ficha<\/strong>: B154&nbsp;&nbsp;&nbsp;&nbsp;&nbsp;&nbsp;&nbsp;&nbsp;&nbsp;&nbsp;&nbsp;&nbsp;&nbsp;&nbsp;&nbsp;&nbsp;&nbsp;&nbsp;&nbsp;&nbsp;&nbsp;&nbsp;&nbsp;&nbsp;&nbsp;&nbsp;<\/p>\n<p><strong>Diligenciada por: <\/strong>Sara Ospina Restrepo<\/p>\n<p>INFORMACI\u00d3N BIBLIOGR\u00c1FICA<\/p>\n<p>Peri\u00f3dico: El Colombiano<\/p>\n<p>Lugar de edici\u00f3n: Medell\u00edn<\/p>\n<p>Autor personal:<\/p>\n<p>Autor corporativo: El Colombiano<\/p>\n<p>Fecha: 1987, abril, 03<\/p>\n<p>P\u00e1gina: 2B<\/p>\n<p>Secci\u00f3n: Local<\/p>\n<p><strong>Titular: <\/strong>En la U.de.A Profesorado de Derecho rechaza amenazas<\/p>\n<p><strong>Resumen:<\/strong><\/p>\n<p>Profesores de la Facultad de Derecho rechazan mediante un comunicado p\u00fablico las amenazas telef\u00f3nicas realizadas al parecer por integrantes del EPL y el ELN, contra el profesor de Introducci\u00f3n al Estudio del Derecho, doctor Hubed Bedoya, quien recibi\u00f3 amenazas durante la evaluaci\u00f3n final y el examen de habilitaci\u00f3n de su curso, por un individuo que se hizo pasar como integrante del EPL en la primera llamada y como el ELN en la segunda, instando al profesor a \u201ca asumir un comportamiento favorable en la evaluaci\u00f3n del examen de habilitaci\u00f3n, a condici\u00f3n de preservar su integridad personal, pues en caso contrario ser\u00eda objeto de un \u201ctrabajito\u201d\u201d. Debido a la magnitud de las amenazas, \u201cel profesor se vio obligado a calificar los ex\u00e1menes de habilitaci\u00f3n movido m\u00e1s por la presi\u00f3n sicol\u00f3gica que por la objetividad, como honesta y valientemente lo manifest\u00f3 ante el claustro\u201d.<\/p>\n<p><strong>Im\u00e1genes: <\/strong>n\/a<\/p>\n<p>INFORMACI\u00d3N ANAL\u00cdTICA<\/p>\n<p>Contexto de la noticia:<\/p>\n<p>Pedreas contra la polic\u00eda durante visita papal en Santiago de Chile. Contin\u00faa tensi\u00f3n internacional frente la dictadura militar en Chile. La U.P denuncia p\u00fablicamente el asesinato de 8 militantes en 2 d\u00edas. En combate con el ej\u00e9rcito son abatidos ocho guerrilleros de las FARC en el Bagre, Antioquia. En Medell\u00edn exigen que la Naci\u00f3n participe en el proyecto del Metro.<\/p>\n<p>Palabras clave: Acciones de resistencia, Comunicados, misivas, declaraciones, Bedoya, Hubed, Actores armados, EPL, ELN<\/p>\n<p>Sugerencia de palabras claves:<\/p>\n<p>Observaciones:<\/p>\n<p>Fecha de diligenciamiento: 12 de febrero de 2019<\/p>\n<h1 style=\"text-align: center;\">***<\/h1>\n<p><strong>N\u00famero de ficha<\/strong>: B155&nbsp;&nbsp;&nbsp;&nbsp;&nbsp;&nbsp;&nbsp;&nbsp;&nbsp;&nbsp;&nbsp;&nbsp;&nbsp;&nbsp;&nbsp;&nbsp;&nbsp;&nbsp;&nbsp;&nbsp;&nbsp;&nbsp;&nbsp;&nbsp;&nbsp;&nbsp;&nbsp;&nbsp;&nbsp;&nbsp;&nbsp;&nbsp;&nbsp;&nbsp;&nbsp;&nbsp;&nbsp;<\/p>\n<p><strong>Diligenciada por: <\/strong>Sara Ospina Restrepo<\/p>\n<p>INFORMACI\u00d3N BIBLIOGR\u00c1FICA<\/p>\n<p>Peri\u00f3dico: El Colombiano<\/p>\n<p>Lugar de edici\u00f3n: Medell\u00edn<\/p>\n<p>Autor personal:<\/p>\n<p>Autor corporativo: El Colombiano<\/p>\n<p>Fecha: 1987, julio, 24<\/p>\n<p>P\u00e1gina: 6D<\/p>\n<p>Secci\u00f3n: Seguridad<\/p>\n<p><strong>Titular: <\/strong>Estudiantes de la U.de.A liberan a agentes del DAS<\/p>\n<p><strong>Resumen:<\/strong><\/p>\n<p>Agentes del DAS fueron detenidos por siete horas en las instalaciones de la Universidad de Antioquia mientras se realizaba una asamblea estudiantil en la facultad de Medicina Veterinaria, con el fin de denunciar el asesinato del compa\u00f1ero Jos\u00e9 Abad S\u00e1nchez Cuervo, quien fue torturado y posteriormente asesinado. El Comit\u00e9 Permanente de Derechos Humanos dialogaron con los estudiantes para permitir la liberaci\u00f3n de los agentes. As\u00ed mismo, la universidad emiti\u00f3 un comunicado: \u201c1. Lamentar la desaparici\u00f3n de uno de sus alumnos, el se\u00f1or Jos\u00e9 Abad S\u00e1nchez Cuervo. 2. Solicitar a las autoridades competentes una investigaci\u00f3n que permita determinar con exactitud las condiciones y los autores de su muerte y el ejercicio de pronta y cumplida justicia. 3. Rechazar en\u00e9rgicamente la presencia en el Campus Universitario, de personas ajenas a sus normales actividades acad\u00e9micas y administrativas, por cuanto ello constituye un motivo o causa de anormalidad o ruptura del orden o una flagrante violaci\u00f3n de la autonom\u00eda universitaria. 4. Hacer un llamado a los estudiantes para que conserven la calma, eviten ser provocados y mantengan una actitud madura y reflexiva frente a situaciones de esta naturaleza\u201d.<\/p>\n<p><strong>Im\u00e1genes: <\/strong>n\/a<\/p>\n<p>INFORMACI\u00d3N ANAL\u00cdTICA<\/p>\n<p>Contexto de la noticia:<\/p>\n<p>Estados Unidos suspendi\u00f3 ayuda econ\u00f3mica y militar a Panam\u00e1 con el fin de presionar la salida del general Manuel Antonio Noriega. Paro de una hora realizar\u00e1 la Central Unitaria de Trabajadores en Bogot\u00e1. Huelga en Sofasa (23 d\u00edas) gener\u00f3 una p\u00e9rdida de 1.300 millones, los trabajadores lograron un incremento del 23% para el primer a\u00f1o y del 21% para el segundo.<\/p>\n<p>Palabras clave: Acciones Violentas, Infiltraci\u00f3n de agentes del Estado, Asesinato, Acciones de resistencia, Comunicados, misivas, declaraciones, Actores, Estudiantes, S\u00e1nchez Cuervo, Jos\u00e9 Abad, Actores armados, DAS<\/p>\n<p>Sugerencia de palabras claves:<\/p>\n<p>Observaciones:<\/p>\n<p>Fecha de diligenciamiento: 12 de febrero de 2019<\/p>\n<h1 style=\"text-align: center;\">***<\/h1>\n<p><strong>N\u00famero de ficha<\/strong>: B156&nbsp;&nbsp;&nbsp;&nbsp;&nbsp;&nbsp;&nbsp;&nbsp;&nbsp;&nbsp;&nbsp;&nbsp;&nbsp;&nbsp;&nbsp;&nbsp;&nbsp;&nbsp;&nbsp;&nbsp;&nbsp;&nbsp;&nbsp;&nbsp;&nbsp;&nbsp;<\/p>\n<p><strong>Diligenciada por: <\/strong>Sara Ospina Restrepo<\/p>\n<p>INFORMACI\u00d3N BIBLIOGR\u00c1FICA<\/p>\n<p>Peri\u00f3dico: El Colombiano<\/p>\n<p>Lugar de edici\u00f3n: Medell\u00edn<\/p>\n<p>Autor personal:<\/p>\n<p>Autor corporativo: El Colombiano<\/p>\n<p>Fecha: 1987, julio, 30<\/p>\n<p>P\u00e1gina: 7D<\/p>\n<p>Secci\u00f3n: Seguridad<\/p>\n<p><strong>Titular: <\/strong>En Veterinaria de la U.de.A. Declaran d\u00eda de duelo por muerte de estudiante<\/p>\n<p><strong>Resumen:<\/strong><\/p>\n<p>\u201cEl Consejo de la Facultad de Medicina Veterinaria y Zootecnia de la Universidad de Antioquia expidi\u00f3 un comunicado donde declara hoy jueves 30 de Julio, d\u00eda de duelo por la tr\u00e1gica muerte del estudiante de esa facultad, Jos\u00e9 Abad S\u00e1nchez Cuervo, cuyo cad\u00e1ver fue encontrado el 16 de julio. As\u00ed mismo, rechaza los sucesos que acaecieron despu\u00e9s y solicita a las autoridades una investigaci\u00f3n exhaustiva.<\/p>\n<p>COMUNICADO<\/p>\n<p>En apartes del comunicado el Consejo se\u00f1ala que el se\u00f1or Jos\u00e9 Abad S\u00e1nchez Cuervo se distingui\u00f3 por su buen rendimiento acad\u00e9mico y sus excelentes condiciones personales mereciendo el aprecio de sus profesores y condisc\u00edpulos. Rechaza en\u00e9rgicamente los hechos sucedidos y solicita a las autoridades competentes una exhaustiva investigaci\u00f3n tendiente a esclarecer las circunstancias relacionadas con tan atroz asesinato. Igualmente rechaza la presencia en el recinto universitario de personas con objetivos ajenos al quehacer acad\u00e9mico y administrativo de la instituci\u00f3n. Adem\u00e1s, hace un llamado a las comunidades de<\/p>\n<p>la facultad en particular y de la universidad en general para que conserven la calma y se abstengan de realizar acciones que contribuyan a incrementar el clima de intranquilidad actual. Y declara el jueves 30 de Julio como d\u00eda de duelo para la Facultad de Medicina Veterinaria y Zootecnia en homenaje p\u00f3stumo a la memoria del estudiante Jos\u00e9 Abad S\u00e1nchez Cuervo. El comunicado lleva la firma del presidente del consejo Samuel Cadavid Isaza y del secretario Manuel Guillermo Cardona\u201d<\/p>\n<p><strong>Im\u00e1genes: <\/strong>n\/a<\/p>\n<p>INFORMACI\u00d3N ANAL\u00cdTICA<\/p>\n<p>Contexto de la noticia<\/p>\n<p>Fuertes Disturbios en la Universidad de Panam\u00e1 por asesinato de un estudiante y la reapertura de tres diarios de oposici\u00f3n, la polic\u00eda antimotines hiri\u00f3 9 estudiantes. Jorge Luis Gonz\u00e1lez se posiciona como nuevo presidente del Consejo Ideol\u00f3gico Conservador tras renuncia de Dar\u00edo Uribe Aristiz\u00e1bal. Capturan a los implicados en el asesinato del director del peri\u00f3dico El Espectador, Guillermo Cano (17 de diciembre) en Medell\u00edn.<\/p>\n<p>Palabras clave: Acciones de resistencia, Actos simb\u00f3licos, Comunicados, misivas, declaraciones, Acciones Violentas, Asesinato, Actores Institucionales, Consejo de la Facultad de Medicina Veterinaria y Zootecnia de la Universidad de Antioquia, Cadavid, Isaza, Samuel, Cardona, Manuel Guillermo, S\u00e1nchez Cuervo, Jos\u00e9 Abad<\/p>\n<p>Sugerencia de palabras claves:<\/p>\n<p>Observaciones:<\/p>\n<p>Fecha de diligenciamiento: 12 de febrero de 2019<\/p>\n<h1 style=\"text-align: center;\">***<\/h1>\n<p><strong>N\u00famero de ficha<\/strong>: B157&nbsp;&nbsp;&nbsp;&nbsp;&nbsp;&nbsp;&nbsp;&nbsp;&nbsp;&nbsp;&nbsp;&nbsp;&nbsp;&nbsp;&nbsp;&nbsp;&nbsp;&nbsp;&nbsp;&nbsp;&nbsp;&nbsp;&nbsp;&nbsp;&nbsp;&nbsp;<\/p>\n<p><strong>Diligenciada por: <\/strong>Sara Ospina Restrepo<\/p>\n<p>INFORMACI\u00d3N BIBLIOGR\u00c1FICA<\/p>\n<p>Peri\u00f3dico: El Colombiano<\/p>\n<p>Lugar de edici\u00f3n: Medell\u00edn<\/p>\n<p>Autor personal:<\/p>\n<p>Autor corporativo:<\/p>\n<p>Fecha: 1987, agosto, 03<\/p>\n<p>P\u00e1gina: 12C<\/p>\n<p>Secci\u00f3n: Seguridad<\/p>\n<p><strong>Titular:<\/strong> Nueve homicidios en el \u00e1rea metropolitana<\/p>\n<p><strong>Resumen:<\/strong><\/p>\n<p>\u201cEN MEDELL\u00cdN. En hechos ocurridos en el barrio Veinte de Julio eliminaron a tiros, en la noche del s\u00e1bado pasado, a Jos\u00e9 Ignacio Londo\u00f1o, de treinta y cuatro a\u00f1os de edad, estudiante de la Facultad de Ciencias\u201d<\/p>\n<p><strong>Im\u00e1genes: <\/strong>n\/a<\/p>\n<p>INFORMACI\u00d3N ANAL\u00cdTICA<\/p>\n<p>Contexto de la noticia:<\/p>\n<p>El gobierno nacional estudia la posibilidad de una nueva ley de indultos para subversivos.&nbsp; El Ministerio de Agricultura propone que los grupos de autodefensa en los campos deber\u00edan ser organismos similares a la Defensa Civil, sin necesidad de ser organizaciones violentas. Cinco guerrilleros de las FARC se entregaron en Villavicencio. Atentado contra el diputado Sofronio Hern\u00e1ndez. Es rescatado en Medell\u00edn el ni\u00f1o Luis Argiro Quintero Soto, quien fue secuestrado por presuntos miembros del M-19.<\/p>\n<p>Palabras clave: Acciones Violentas, Asesinato, Estudiante, Londo\u00f1o, Jos\u00e9 Ignacio<\/p>\n<p>Sugerencia de palabras claves:<\/p>\n<p>Observaciones:<\/p>\n<p>Fecha de diligenciamiento: 12 de febrero de 2019<\/p>\n<h1 style=\"text-align: center;\">***<\/h1>\n<p><strong>N\u00famero de ficha<\/strong>: B158&nbsp;&nbsp;&nbsp;&nbsp;&nbsp;&nbsp;&nbsp;&nbsp;&nbsp;&nbsp;&nbsp;&nbsp;&nbsp;&nbsp;&nbsp;&nbsp;&nbsp;&nbsp;&nbsp;&nbsp;&nbsp;&nbsp;&nbsp;&nbsp;&nbsp;&nbsp;<\/p>\n<p><strong>Diligenciada por: <\/strong>Sara Ospina Restrepo<\/p>\n<p>INFORMACI\u00d3N BIBLIOGR\u00c1FICA<\/p>\n<p>Peri\u00f3dico: El Colombiano<\/p>\n<p>Lugar de edici\u00f3n: Medell\u00edn<\/p>\n<p>Autor personal:<\/p>\n<p>Autor corporativo: El Colombiano<\/p>\n<p>Fecha: 1987, agosto, 04<\/p>\n<p>P\u00e1gina: 1A, 3A<\/p>\n<p>Secci\u00f3n: Portada, Plana\/Tres<\/p>\n<p><strong>Titular: <\/strong>Asesinado anoche un profesor de la U. de Antioquia<\/p>\n<p><strong>Resumen:<\/strong><\/p>\n<p>\u201cDe varios balazos en el cr\u00e1neo fue ultimado anoche Carlos L\u00f3pez Bedoya, profesor del \u00e1rea de antropolog\u00eda, perteneciente a la Universidad de Antioquia. Ten\u00eda 40 a\u00f1os, resid\u00eda en la calle 33, N\u00ba 75C-114, natural de Hispania. Los hechos sucedieron en la carrera 53 con la calle 64 pasadas las 8, en momentos en que el citado profesional acababa de abandonar las instalaciones del centro de estudios superiores. \u00c9l iba acompa\u00f1ado de otras personas cuando sorpresivamente fue atacado por dos sujetos que se movilizaban en una moto. Fue trasladado a la Policl\u00ednica, donde lleg\u00f3 muerto. Cometido el crimen los sicarios desaparecieron tomando rumbo hacia la avenida del Ferrocarril. Al cierre de esta primera edici\u00f3n no se conoc\u00edan los m\u00f3viles que originaron este nuevo crimen que se viene a sumar a las muertes violentas que en los \u00faltimos d\u00edas han sucedido a tres estudiantes vinculados al Alma Mater\u201d.<\/p>\n<p><strong>Im\u00e1genes: <\/strong>n\/a<\/p>\n<p>INFORMACI\u00d3N ANAL\u00cdTICA<\/p>\n<p>Contexto de la noticia:<\/p>\n<p>Israel bloque la franja de Gaza para evitar que miles de palestinos salieran de ella por tierra o por mal, tras el asesinato del comandante de la polic\u00eda militar israel\u00ed. Liberado el congresista Alfonso L\u00f3pez Cossio, quien permaneci\u00f3 secuestrado 55 d\u00edas por miembros del ELN. Paro del magisterio antique\u00f1o por el incumplimiento del gobierno en el pago de los salarios correspondientes al mes de Julio. Se reinician las clases en la UNAL de Medell\u00edn, luego de haber suspendido labores acad\u00e9micas en mayo. Feria de Flores.<\/p>\n<p>Palabras clave: Acciones Violentas, Asesinato, Profesor, L\u00f3pez Bedoya, Carlos<\/p>\n<p>Sugerencia de palabras claves:<\/p>\n<p>Observaciones:<\/p>\n<p>Fecha de diligenciamiento: 12 de febrero de 2019<\/p>\n<h1 style=\"text-align: center;\">***<\/h1>\n<p><strong>N\u00famero de ficha<\/strong>: B159&nbsp;&nbsp;&nbsp;&nbsp;&nbsp;&nbsp;&nbsp;&nbsp;&nbsp;&nbsp;&nbsp;&nbsp;&nbsp;&nbsp;&nbsp;&nbsp;&nbsp;&nbsp;&nbsp;&nbsp;&nbsp;&nbsp;&nbsp;&nbsp;&nbsp;&nbsp;<\/p>\n<p><strong>Diligenciada por: <\/strong>Sara Ospina Restrepo<\/p>\n<p>INFORMACI\u00d3N BIBLIOGR\u00c1FICA<\/p>\n<p>Peri\u00f3dico: El Colombiano<\/p>\n<p>Lugar de edici\u00f3n: Medell\u00edn<\/p>\n<p>Autor personal:<\/p>\n<p>Autor corporativo: El Colombiano<\/p>\n<p>Fecha: 1987, agosto, 04<\/p>\n<p>P\u00e1gina: 17B<\/p>\n<p>Secci\u00f3n: Seguridad<\/p>\n<p><strong>Titular: <\/strong>Tres asesinatos m\u00e1s en el barrio Veinte de Julio. En menos de quince d\u00edas han eliminado a tres estudiantes.<\/p>\n<p><strong>Resumen:<\/strong><\/p>\n<p>\u201cTres personas m\u00e1s fueron eliminadas a bala y con arma cortopunzante en sector del barrio Veinte de Julio, en donde en la noche del pasado s\u00e1bado fue ultimado el estudiante de comunicaci\u00f3n social de la U.de.A., Jos\u00e9 Ignacio Londo\u00f1o\u201d. \u201cTRES ESTUDIANTES. En menos de quince d\u00edas, tres estudiantes de la Universidad de Antioquia han sido asesinados en id\u00e9nticas circunstancias. Primero fue Jos\u00e9 Abad S\u00e1nchez, de la facultad de veterinaria y zootecnia, cuyo cuerpo, torturado, fue encontrado en las afueras de la ciudad; posteriormente, en la semana pasada, en sector de Castilla fue muerto John Jairo Vila Serna, estudiante de Derecho y ahora, tambi\u00e9n torturado, aparece el cad\u00e1ver de Jos\u00e9 Ignacio Londo\u00f1o Uribe, estudiante de comunicaci\u00f3n social.<\/p>\n<p><strong>Im\u00e1genes: <\/strong>n\/a<\/p>\n<p>INFORMACI\u00d3N ANAL\u00cdTICA<\/p>\n<p>Contexto de la noticia:<\/p>\n<p>Israel bloque la franja de Gaza para evitar que miles de palestinos salieran de ella por tierra o por mal, tras el asesinato del comandante de la polic\u00eda militar israel\u00ed. Liberado el congresista Alfonso L\u00f3pez Cossio, quien permaneci\u00f3 secuestrado 55 d\u00edas por miembros del ELN. Paro del magisterio antique\u00f1o por el incumplimiento del gobierno en el pago de los salarios correspondientes al mes de Julio. Se reinician las clases en la UNAL de Medell\u00edn, luego de haber suspendido labores acad\u00e9micas en mayo. Feria de Flores.<\/p>\n<p>Palabras clave: Acciones Violentas, Asesinato selectivo, Estudiantes, S\u00e1nchez Cuervo, Jos\u00e9 Abad, Villa Serna, John Jairo, Londo\u00f1o Uribe, Jos\u00e9 Ignacio<\/p>\n<p>Sugerencia de palabras claves: Tortura<\/p>\n<p>Observaciones:<\/p>\n<p>Fecha de diligenciamiento: 12 de febrero de 2019<\/p>\n<h1 style=\"text-align: center;\">***<\/h1>\n<p><strong>N\u00famero de ficha<\/strong>: B160&nbsp;&nbsp;&nbsp;&nbsp;&nbsp;&nbsp;&nbsp;&nbsp;&nbsp;&nbsp;&nbsp;&nbsp;&nbsp;&nbsp;&nbsp;&nbsp;&nbsp;&nbsp;&nbsp;&nbsp;&nbsp;&nbsp;&nbsp;&nbsp;&nbsp;&nbsp;<\/p>\n<p><strong>Diligenciada por: <\/strong>Sara Ospina Restrepo<\/p>\n<p>INFORMACI\u00d3N BIBLIOGR\u00c1FICA<\/p>\n<p>Peri\u00f3dico: El Colombiano<\/p>\n<p>Lugar de edici\u00f3n: Medell\u00edn<\/p>\n<p>Autor personal:<\/p>\n<p>Autor corporativo: El Colombiano<\/p>\n<p>Fecha: 1987, agosto, 05<\/p>\n<p>P\u00e1gina: 1A, 14A<\/p>\n<p>Secci\u00f3n: Portada,<\/p>\n<p><strong>Titular: <\/strong>Tres d\u00edas de duelo en la U.de.A. Ayer muri\u00f3 otro profesor<\/p>\n<p><strong>Resumen:<\/strong><\/p>\n<p>\u201cEl Consejo Superior de la Universidad de Antioquia decidi\u00f3 ayer mediante la Resoluci\u00f3n 610, decretar tres d\u00edas de duelo despu\u00e9s de los dolorosos acontecimientos de las \u00faltimas semanas, donde han sido asesinados en extra\u00f1as circunstancias los estudiantes: Jos\u00e9 Abad S\u00e1nchez, John Jairo Villa, Edisson Casta\u00f1o Ortega, Ignacio Londo\u00f1o Uribe, y antier el profesor Carlos L\u00f3pez Bedoya. Tambi\u00e9n el Consejo Acad\u00e9mico se pronunci\u00f3 en este sentido, suspendi\u00f3 ayer las clases y orden\u00f3 izar, a media asta, durante tres d\u00edas el pabell\u00f3n universitario. Ayer, se orden\u00f3 el desalojo de la Universidad despu\u00e9s de la quema de dos buses en cercan\u00edas de la porter\u00eda de la calle Barranquilla\u201d.<\/p>\n<p><strong>HABLA EL RECTOR.&nbsp; Desde afuera se quiere perturbar normalidad de la U.de.A.<\/strong><\/p>\n<p>El rector Eduardo Cano Gaviria expresa que: \u201c\u00bfPor qu\u00e9 desde afuera se quiere perturbar la normalidad de la instituci\u00f3n?\u201d, \u201cUno tiene que pensar que es desde fuera que se quiere alterar la marcha de la universidad\u201d, \u201cHasta el d\u00eda en que presuntos agentes secretos llegaron a la universidad, hubo normalidad\u201d.<\/p>\n<p>\u201cEntre el tres de julio y el tres de agosto \u00faltimos, han sido asesinados 5 estudiantes y dos profesores. Durante este lapso han muerto Dar\u00edo Garrido Ruiz, profesor de odontolog\u00eda; Edisson Casta\u00f1o Ortega, estudiante de odontolog\u00eda (asesinado el 4 de julio); Jos\u00e9 Abad S\u00e1nchez Cuervo, estudiante de medicina veterinaria y zootecnia (asesinado el 14 de julio); John Jairo Villa, estudiante de Derecho (asesinado el 26 de julio); Yowaldin Carde\u00f1o Cardona, estudiante del Liceo Antioque\u00f1o (muerto el 31 de julio); Jos\u00e9 Ignacio Londo\u00f1o Uribe, estudiante de Comunicaci\u00f3n Social (asesinado el pasado s\u00e1bado, dos de agosto), y el profesor Carlos L\u00f3pez Bedoya, asesinado el lunes, a las seis de la tarde cerca a los predios del Alma Mater\u201d.<\/p>\n<p>Los estudiantes tambi\u00e9n respondieron ante los hechos y llamaron a asamblea en la porter\u00eda principal de la Avenida Barranquilla con el fin de \u201canalizar la grave situaci\u00f3n por la que atravesamos tanto estudiantes como profesores ante la desaparici\u00f3n, tortura y muerte de miembros de la instituci\u00f3n\u201d.<\/p>\n<p>La nota period\u00edstica hace \u00e9nfasis en que, para la fecha, se encontraba amenazado de muerte el senador de la Uni\u00f3n Patri\u00f3tica, Pedro Nel Valencia, profesor de la Facultad Nacional de Salud P\u00fablica. Igualmente, se enuncia que el Consejo Superior solicit\u00f3 ante las autoridades competentes una investigaci\u00f3n rigurosa sobre los hechos acaecidos.<\/p>\n<p><strong>Im\u00e1genes: <\/strong>n\/a<\/p>\n<p>INFORMACI\u00d3N ANAL\u00cdTICA<\/p>\n<p>Contexto de la noticia:<\/p>\n<p>Argentina y M\u00e9xico entre vendedores de armas a Ir\u00e1n. Se presenta ante el Congreso de la Rep\u00fablica el Estatuto Anti-terrorista, que busca incrementar las penas. Acuerdo guerrillero de uni\u00f3n entre las FARC y el M-19 se da en el P\u00e1ramo de Sumapaz, tras el incumplimiento de la tregua de paz incumplida por el M-19. Se levanta el paro de maestros en Antioquia. Se inscriben 7 precandidatos por el Nuevo Liberalismo a la Alcald\u00eda de Medell\u00edn: Ra\u00fal Fajardo Moreno, \u00c1lvaro Restrepo Londo\u00f1o, Juan Felipe Gaviria, Carlos Posada Uribe, Luis Fernando Arbel\u00e1ez Sierra, Juan Guillermo Jaramillo, Luxy Jaramillo de Mora. Se lanza la precandidatura del conservador Juan G\u00f3mez Mart\u00ednez a la Alcald\u00eda de Medell\u00edn.<\/p>\n<p>Palabras clave: Acciones Violentas, Asesinato selectivo, Amenaza, Acciones de resistencia, Actos simb\u00f3licos, Actores Institucionales, Asamblea de Estudiantes, Consejo Superior Universitario, Consejo Acad\u00e9mico, Rector, Cano Gaviria, Eduardo, Profesores, Garrido Ruiz, Dar\u00edo, L\u00f3pez Bedoya, Carlos, Estudiantes, Casta\u00f1o Ortega, Edisson, S\u00e1nchez Cuervo, Jos\u00e9 Abad, Villa, John Jairo, Carde\u00f1o Cardona, Yowaldin, Londo\u00f1o Uribe, Jos\u00e9 Ignacio<\/p>\n<p>Sugerencia de palabras claves:<\/p>\n<p>Observaciones: El rector hace alusi\u00f3n a la detenci\u00f3n de los dos agentes del DAS (22 de julio) que se infiltraron en la asamblea de Medicina Veterinaria, donde se denunciaba el asesinato del compa\u00f1ero Jos\u00e9 Abad S\u00e1nchez Cuervo. Al agente se le encontr\u00f3 un carn\u00e9 que lo acreditaba como parte del DAS, sin embargo, el organismo declar\u00f3 mediante comunicado p\u00fabico que el sujeto en cuesti\u00f3n ya no pertenec\u00eda a la instituci\u00f3n.<\/p>\n<p>Fecha de diligenciamiento: 12 de febrero de 2019<\/p>\n<h1 style=\"text-align: center;\">***<\/h1>\n<p><strong>N\u00famero de ficha<\/strong>: B161&nbsp;&nbsp;&nbsp;&nbsp;&nbsp;&nbsp;&nbsp;&nbsp;&nbsp;&nbsp;&nbsp;&nbsp;&nbsp;&nbsp;&nbsp;&nbsp;&nbsp;&nbsp;&nbsp;&nbsp;&nbsp;&nbsp;&nbsp;&nbsp;&nbsp;&nbsp;<\/p>\n<p><strong>Diligenciada por: <\/strong>Sara Ospina Restrepo<\/p>\n<p>INFORMACI\u00d3N BIBLIOGR\u00c1FICA<\/p>\n<p>Peri\u00f3dico: El Colombiano<\/p>\n<p>Lugar de edici\u00f3n: Medell\u00edn<\/p>\n<p>Autor personal: C\u00f3rdoba Laverde, Pedro Nel<\/p>\n<p>Autor corporativo:<\/p>\n<p>Fecha: 1987, agosto, 05<\/p>\n<p>P\u00e1gina: 1A, 17B<\/p>\n<p>Secci\u00f3n: Portada, Seguridad<\/p>\n<p><strong>Titular: <\/strong>Encapuchados incendiaron un bus en predios de la U.de.A.<\/p>\n<p><strong>Resumen:<\/strong><\/p>\n<p>Encapuchados incendiaron un bus en los predios Universitarios, el cuerpo de bomberos no pudo ingresar a las instalaciones debido a la utilizaci\u00f3n de piedras y bombas molotov por el grupo de encapuchados.<\/p>\n<p>Frente a los hechos, la Facultad de Ciencias Sociales emiti\u00f3 un comunicado: \u201cEl colectivo de profesores de la facultad denuncia y protesta por el asesinato de los cuatro estudiantes: Jos\u00e9 Abad S\u00e1nchez, John Jairo Villa, Jos\u00e9 Ignacio Londo\u00f1o y Yowaldin Carde\u00f1o Cardona, as\u00ed como de los profesores Dar\u00edo Garrido y Caros Alfonso L\u00f3pez Bedoya. Estos cr\u00edmenes constituyen el m\u00e1s vil atentado contra la universidad y tienen la intenci\u00f3n de desestabilizar el alma y nervio de la sociedad antioque\u00f1a. Con profundo dolor formulamos un llamado a la comunidad universitaria y a la sociedad en general, a cerrar filas para defender a la Universidad y a sus integrantes, de la mano asesina que quiere herirla de muerte. Invitamos al se\u00f1or rector y al cuerpo directivo para que convoquen a una movilizaci\u00f3n y a una jornada por la defensa de la vida y de la cultura\u201d.<\/p>\n<p>Igualmente, los estudiantes del Liceo Antioque\u00f1o emitieron un comunicado: \u201c1. Este a\u00f1o han sido asesinados cuatro estudiantes del Liceo y en estos \u00faltimos quince d\u00edas, tres estudiantes y un profesor de la Universidad de Antioquia. 2. Estos hechos han invadido el temor y el dolor a la comunidad estudiantil de la Universidad y el Liceo. 3. Ante esto, llamamos a todos los estamentos universitarios, lice\u00edstas, a la comunidad, medios de informaci\u00f3n a lanzar todo nuestro esp\u00edritu de condena contra estos cr\u00edmenes, los cuales violentan nuestra vocaci\u00f3n por una m\u00e1s amplia democracia, y ante todo viola el sagrado derecho a la vida. 4. Como j\u00f3venes, como semillas de la vida, luchamos por estar en primera fila para combatir a aquellos que pretenden cegar con sus balas nuestro esp\u00edritu de alegr\u00eda, juventud y cambio. 5. Cuestionamos seriamente los organismos de seguridad, los cuales alcahuetean directa o indirectamente la formaci\u00f3n de ciertos grupos armados. 6. Presentamos ante los familiares de quienes han sido asesinados, nuestros m\u00e1s sinceros sentimientos de dolor, los que se transforman en valor para defender el derecho a la vida. 7. No queremos m\u00e1s muertes impunes, exigimos castigo a los verdugos de la muerte. Por esos respondemos: <strong>\u201cA la vida por fin daremos todo; a la muerte jam\u00e1s daremos nada \u00a1Ante los cr\u00edmenes, ni un minuto de silencio!\u201d<\/strong><\/p>\n<p><strong>Im\u00e1genes: <\/strong>IMGB161- IMGB161a<\/p>\n<p>Fotos del bus incendiado en la UdeA. Foto: Calder\u00f3n, Miguel<\/p>\n<p>INFORMACI\u00d3N ANAL\u00cdTICA<\/p>\n<p>Contexto de la noticia:<\/p>\n<p>Argentina y M\u00e9xico entre vendedores de armas a Ir\u00e1n. Se presenta ante el Congreso de la Rep\u00fablica el Estatuto Anti-terrorista, que busca incrementar las penas. Acuerdo guerrillero de uni\u00f3n entre las FARC y el M-19 se da en el P\u00e1ramo de Sumapaz, tras el incumplimiento de la tregua de paz incumplida por el M-19. Se levanta el paro de maestros en Antioquia. Se inscriben 7 precandidatos por el Nuevo Liberalismo a la Alcald\u00eda de Medell\u00edn: Ra\u00fal Fajardo Moreno, \u00c1lvaro Restrepo Londo\u00f1o, Juan Felipe Gaviria, Carlos Posada Uribe, Luis Fernando Arbel\u00e1ez Sierra, Juan Guillermo Jaramillo, Luxy Jaramillo de Mora. Se lanza la precandidatura del conservador Juan G\u00f3mez Mart\u00ednez a la Alcald\u00eda de Medell\u00edn.<\/p>\n<p>Palabras clave: Acciones Contestatarias, Tropel, Acciones Violentas, Asesinato selectivo, Da\u00f1o a bienes civiles, Acciones de resistencia, Comunicados, misivas, declaraciones, Actores Institucionales, Facultad de Ciencias Sociales, Liceo Antioque\u00f1o, Profesores, Garrido Ruiz, Dar\u00edo, L\u00f3pez Bedoya, Carlos, Estudiantes, S\u00e1nchez Cuervo, Jos\u00e9 Abad, Villa, John Jairo, Carde\u00f1o Cardona, Yowaldin, Londo\u00f1o Uribe, Jos\u00e9 Ignacio<\/p>\n<p>Sugerencia de palabras claves: quema de bus, pedrea, bomba molotov<\/p>\n<p><strong>Observaciones:<\/strong> La nota period\u00edstica relaciona los hechos con la oleada de violencia que se desat\u00f3 contra estudiantes y profesores en las semanas anteriores. De ah\u00ed que en un apartado se\u00f1ale que \u201cDe acuerdo con informes suministrados por miembros de los cuerpos secretos de Medell\u00edn, el joven que dispar\u00f3 contra el profesor (Carlos L\u00f3pez Bedoya) est\u00e1 plenamente identificado y se dice que es un estudiante del Alma Mater\u201d.<\/p>\n<p>Fecha de diligenciamiento: 12 de febrero de 2019<\/p>\n<h1 style=\"text-align: center;\">***<\/h1>\n<p><strong>N\u00famero de ficha<\/strong>:&nbsp; B162&nbsp;&nbsp;&nbsp;&nbsp;&nbsp;&nbsp;&nbsp;&nbsp;&nbsp;&nbsp;&nbsp;&nbsp;&nbsp;&nbsp;&nbsp;&nbsp;&nbsp;&nbsp;&nbsp;&nbsp;&nbsp;&nbsp;&nbsp;&nbsp;&nbsp;&nbsp;<\/p>\n<p><strong>Diligenciada por: <\/strong>Sara Ospina Restrepo<\/p>\n<p>INFORMACI\u00d3N BIBLIOGR\u00c1FICA<\/p>\n<p>Peri\u00f3dico: El Colombiano<\/p>\n<p>Lugar de edici\u00f3n: Medell\u00edn<\/p>\n<p>Autor personal:<\/p>\n<p>Autor corporativo: El Colombiano<\/p>\n<p>Fecha: 1986, agosto, 06<\/p>\n<p>P\u00e1gina: 1A, 15C<\/p>\n<p>Secci\u00f3n: Portada,<\/p>\n<p><strong>Titular: <\/strong>En Marinilla balearon a otro estudiante de la U.de.A.<\/p>\n<p><strong>Resumen:<\/strong><\/p>\n<p>\u201cAyer se debat\u00eda entre la vida y la muerte el joven Gustavo Franco Mar\u00edn, estudiante de ingenier\u00eda metal\u00fargica de la Universidad de Antioquia y dirigente del Frente Popular del Oriente, que hab\u00eda sido lesionado de un balazo en la cabeza por parte de un grupo de desconocidos, en hechos ocurridos en el municipio de Marinilla, poblaci\u00f3n al oriente del departamento de Antioquia\u201d.<\/p>\n<p><strong>Im\u00e1genes: <\/strong>n\/a<\/p>\n<p>INFORMACI\u00d3N ANAL\u00cdTICA<\/p>\n<p>Contexto de la noticia:<\/p>\n<p>Marcha anti nuclear en el parque de la paz de Hiroshima. Tensiones en Panam\u00e1 por intentos de golpe de Estado liderados por la oposici\u00f3n. Contin\u00faa pol\u00e9mica en el pa\u00eds por los grupos de autodefensas. Debido a la crisis financiera de la Empresa de Transporte Masivo del Valle de Aburr\u00e1, el proyecto del Metro de Medell\u00edn se ve amenazado.<\/p>\n<p>Palabras clave: Acciones Violentas, Estudiante, Franco Mar\u00edn, Gustavo, Frente Popular del Oriente<\/p>\n<p>Sugerencia de palabras claves: Intento de asesinato<\/p>\n<p>Observaciones:<\/p>\n<p>Fecha de diligenciamiento: 12 de febrero de 2019<\/p>\n<h1 style=\"text-align: center;\">***<\/h1>\n<p><strong>N\u00famero de ficha<\/strong>: B163&nbsp;&nbsp;&nbsp;&nbsp;&nbsp;&nbsp;&nbsp;&nbsp;&nbsp;&nbsp;&nbsp;&nbsp;&nbsp;&nbsp;&nbsp;&nbsp;&nbsp;&nbsp;&nbsp;&nbsp;&nbsp;&nbsp;&nbsp;&nbsp;&nbsp;&nbsp;<\/p>\n<p><strong>Diligenciada por: <\/strong>Sara Ospina Restrepo<\/p>\n<p>INFORMACI\u00d3N BIBLIOGR\u00c1FICA<\/p>\n<p>Peri\u00f3dico: El Colombiano<\/p>\n<p>Lugar de edici\u00f3n: Medell\u00edn<\/p>\n<p>Autor personal:<\/p>\n<p>Autor corporativo: El Colombiano<\/p>\n<p>Fecha: 1986, agosto, 06<\/p>\n<p>P\u00e1gina: 2A<\/p>\n<p>Secci\u00f3n: Hoy\/Jueves<\/p>\n<p><strong>Titular: <\/strong>En la U.de.A. Llamado a la cordura hace el rector<\/p>\n<p><strong>Resumen:<\/strong><\/p>\n<p>En el marco del atentado hacia el Estudiante de la UdeA en Marinilla, el rector Eduardo Cano emiti\u00f3 un comunicado p\u00fablico donde expresa la preocupaci\u00f3n por los hechos ocurridos y hace un llamado a la cordura y a abstenerse de realizar actos que agraven la situaci\u00f3n. As\u00ed mismo expresa que el Procurador Segundo Delegado para la Polic\u00eda Judicial (Derechos Humanos) realizar\u00e1 investigaciones de los hechos acontecidos.<\/p>\n<p><strong>Im\u00e1genes: <\/strong>n\/a<\/p>\n<p>INFORMACI\u00d3N ANAL\u00cdTICA<\/p>\n<p>Contexto de la noticia:<\/p>\n<p>Marcha anti nuclear en el parque de la paz de Hiroshima. Tensiones en Panam\u00e1 por intentos de golpe de Estado liderados por la oposici\u00f3n. Contin\u00faa pol\u00e9mica en el pa\u00eds por los grupos de autodefensas. Debido a la crisis financiera de la Empresa de Transporte Masivo del Valle de Aburr\u00e1, el proyecto del Metro de Medell\u00edn se ve amenazado.<\/p>\n<p>Palabras clave: Acciones Violentas, Acciones de resistencia, Comunicados, misivas, declaraciones, Actores Institucionales, Rector, Cano Gaviria, Eduardo<\/p>\n<p>Sugerencia de palabras claves:<\/p>\n<p>Observaciones:<\/p>\n<p>Fecha de diligenciamiento: 12 de febrero de 2019<\/p>\n<h1 style=\"text-align: center;\">***<\/h1>\n<p><strong>N\u00famero de ficha<\/strong>: B164&nbsp;&nbsp;&nbsp;&nbsp;&nbsp;&nbsp;&nbsp;&nbsp;&nbsp;&nbsp;&nbsp;&nbsp;&nbsp;&nbsp;&nbsp;&nbsp;&nbsp;&nbsp;&nbsp;&nbsp;&nbsp;&nbsp;&nbsp;&nbsp;&nbsp;&nbsp;&nbsp;&nbsp;&nbsp;&nbsp;&nbsp;&nbsp;&nbsp;&nbsp;&nbsp;&nbsp;&nbsp;<\/p>\n<p><strong>Diligenciada por: <\/strong>Sara Ospina Restrepo<\/p>\n<p>INFORMACI\u00d3N BIBLIOGR\u00c1FICA<\/p>\n<p>Peri\u00f3dico: El Colombiano<\/p>\n<p>Lugar de edici\u00f3n: Medell\u00edn<\/p>\n<p>Autor personal:<\/p>\n<p>Autor corporativo: El Colombiano<\/p>\n<p>Fecha: 1986, agosto, 06<\/p>\n<p>P\u00e1gina: 5C<\/p>\n<p>Secci\u00f3n: Generales<\/p>\n<p><strong>Titular: <\/strong>Congreso Mundial de Medicina Social se pronuncia sobre muertes de la U.de.A.<\/p>\n<p><strong>Resumen:<\/strong><\/p>\n<p>En el 4\u00ba Congreso Latinoamericano y 5\u00ba Mundial de Medicina social se dieron pronunciamientos frente los hechos ocurridos en el Alma Mater mediante carta enviada al rector Eduardo Cano Gaviria: \u201cLos asistentes al Congreso, por su autorizado conducto, expresamos a la comunidad universitaria de la Universidad de Antioquia, nuestro en\u00e9rgico rechazo al asesinato del profesor universitario y antrop\u00f3logo Carlos L\u00f3pez. Este nuevo acto de violencia, unido al asesinato de estudiantes de la misma instituci\u00f3n en los \u00faltimos d\u00edas, evidencia al interior de la Universidad el clima de violencia hoy imperante en muchos de nuestros pa\u00edses. Al repudiar el crimen, los asistentes al evento tenemos la certeza de que servir\u00e1 para activar la conciencia universitaria y ciudadana en defensa del derecho a la vida, a la democracia y al cumplimiento de la misi\u00f3n universitaria en la sociedad\u201d.<\/p>\n<p><strong>Im\u00e1genes: <\/strong>n\/a<\/p>\n<p>INFORMACI\u00d3N ANAL\u00cdTICA<\/p>\n<p>Contexto de la noticia:<\/p>\n<p>Marcha anti nuclear en el parque de la paz de Hiroshima. Tensiones en Panam\u00e1 por intentos de golpe de Estado liderados por la oposici\u00f3n. Contin\u00faa pol\u00e9mica en el pa\u00eds por los grupos de autodefensas. Debido a la crisis financiera de la Empresa de Transporte Masivo del Valle de Aburr\u00e1, el proyecto del Metro de Medell\u00edn se ve amenazado.&nbsp;<\/p>\n<p>Palabras clave: Acciones de resistencia, Comunicados, misivas, declaraciones, Actores Institucionales, Rector, Cano Gaviria, Eduardo, Congreso Mundial de Medicina Social, Profesor, L\u00f3pez, Carlos<\/p>\n<p>Sugerencia de palabras claves:<\/p>\n<p>Observaciones:<\/p>\n<p>Fecha de diligenciamiento: 12 de febrero de 2019<\/p>\n<h1 style=\"text-align: center;\">***<\/h1>\n<p><strong>N\u00famero de ficha<\/strong>:&nbsp; B165&nbsp;&nbsp;&nbsp;&nbsp;&nbsp;&nbsp;&nbsp;&nbsp;&nbsp;&nbsp;&nbsp;&nbsp;&nbsp;&nbsp;&nbsp;&nbsp;&nbsp;&nbsp;&nbsp;&nbsp;&nbsp;&nbsp;&nbsp;&nbsp;&nbsp;&nbsp;<\/p>\n<p><strong>Diligenciada por: <\/strong>Sara Ospina Restrepo<\/p>\n<p>INFORMACI\u00d3N BIBLIOGR\u00c1FICA<\/p>\n<p>Peri\u00f3dico: El Colombiano<\/p>\n<p>Lugar de edici\u00f3n: Medell\u00edn<\/p>\n<p>Autor personal:<\/p>\n<p>Autor corporativo:<\/p>\n<p>Fecha: 1987, agosto, 07<\/p>\n<p>P\u00e1gina: 3A<\/p>\n<p>Secci\u00f3n: Plana\/Tres<\/p>\n<p><strong>Titular:<\/strong> Autoridades avanzan en investigaci\u00f3n sobre U.de.A.<\/p>\n<p><strong>Resumen:<\/strong><\/p>\n<p>\u201cEl Procurador delegado para la defensa de los Derechos Humanos, Bernardo Echeverri Ossa, y los procuradores primero y segundo regionales, Alberto Giraldo Casta\u00f1o y Lub\u00edn Espinosa Alzate, respectivamente, evaluaron ayer toda la informaci\u00f3n sobre los hechos sangrientos ocurridos los \u00faltimos d\u00edas en la Universidad de Antioquia. Asimismo, el ministro de Educaci\u00f3n Antonio Yepes Parra, hizo ayer una visita al Alma Mater para analizar, con la comunidad universitaria, los \u00faltimos acontecimientos. El alto funcionario expres\u00f3 que la universidad cuenta con la solidaridad y apoyo del gobierno, el cual no cesar\u00e1 en su empe\u00f1o por la buena marcha del principal centro de estudios superiores de Antioquia\u201d. Desde la rector\u00eda se expide un comunicado acerca de las reuniones entre el Consejo Superior Universitario con los procuradores.<\/p>\n<p><strong>Im\u00e1genes: <\/strong>n\/a<\/p>\n<p>INFORMACI\u00d3N ANAL\u00cdTICA<\/p>\n<p>Contexto de la noticia:<\/p>\n<p>El Movimiento Revolucionario Tupac Amaru (MRTA) atacaron el palacio de Gobierno Peruano. El DAS desarticula la banda de \u201cLos priscos\u201d, responsables materiales del asesinato de Guillermo Cano Isaza (director del diario el Espectador). El Procurador General de la Naci\u00f3n avanza investigaci\u00f3n sobre los grupos de autodefensa en el pa\u00eds. El DOC arresta en Medell\u00edn a falsos agentes del DAS.<\/p>\n<p>Palabras clave: Respuestas Institucionales, Actores Institucionales, Consejo Superior Universitario, Procurador delegado para la defensa de los Derechos Humanos, Echeverri Ossa, Bernardo, Procurador primero regional, Giraldo Casta\u00f1o, Alberto, Procurador segundo regional, Espinosa Alzate, Lub\u00edn, Ministro de Educaci\u00f3n, Yepes Parra, Antonio<\/p>\n<p>Sugerencia de palabras claves: Investigaciones judiciales, Investigaciones sobre casos de violencia en la UdeA<\/p>\n<p>Observaciones:<\/p>\n<p>Fecha de diligenciamiento: 12 de febrero de 2019<\/p>\n<h1 style=\"text-align: center;\">***<\/h1>\n<p><strong>N\u00famero de ficha<\/strong>:&nbsp; B166&nbsp;&nbsp;&nbsp;&nbsp;&nbsp;&nbsp;&nbsp;&nbsp;&nbsp;&nbsp;&nbsp;&nbsp;&nbsp;&nbsp;&nbsp;&nbsp;&nbsp;&nbsp;&nbsp;&nbsp;&nbsp;&nbsp;&nbsp;&nbsp;&nbsp;&nbsp;<\/p>\n<p><strong>Diligenciada por: <\/strong>Sara Ospina Restrepo<\/p>\n<p>INFORMACI\u00d3N BIBLIOGR\u00c1FICA<\/p>\n<p>Peri\u00f3dico: El Colombiano<\/p>\n<p>Lugar de edici\u00f3n: Medell\u00edn<\/p>\n<p>Autor personal: Mar\u00eda Teresa Uribe<\/p>\n<p>Autor corporativo:<\/p>\n<p>Fecha: 1987, agosto, 09<\/p>\n<p>P\u00e1gina: 4A<\/p>\n<p>Secci\u00f3n: Opini\u00f3n<\/p>\n<p><strong>Titular: <\/strong>Defendamos la Universidad<\/p>\n<p><strong>Resumen:<\/strong><\/p>\n<p>\u201cQuisi\u00e9ramos pensar que se trata de una cadena de nefastas coincidencias o de una racha de mala suerte; preferir\u00edamos creer que los asesinatos y los atentados son una expresi\u00f3n m\u00e1s de lo que ocurre en esta ciudad asediada por la muerte y acorralada por el crimen, pero como en un rompecabezas las piezas se van juntando, lo que consider\u00e1bamos circunstancial adquiere sentido visto en conjunto y desafortunadamente nos vemos precisados a admitir esa pat\u00e9tica y cruda realidad: necesitan remover el obst\u00e1culo de la cultura para imponer la barbarie. En menos de diez d\u00edas han muerto cinco estudiantes y dos profesores; a los primeros se les encontr\u00f3 abandonados en predios desiertos, violentamente torturados con sus cuerpos mutilados; uno de los docentes fue vilmente abaleado frente a sus compa\u00f1eros en un lugar p\u00fablico habitualmente frecuentado por gentes de la Universidad y otro de los alumnos agoniza en la Policl\u00ednica Municipal. Todos los d\u00edas se volvieron de luto; las cintas negras como mariposas de mal ag\u00fcero, van apareciendo cada vez con m\u00e1s frecuencia en los distintos claustros y un viento helado de pavor e indignaci\u00f3n recorre las aulas, otrora llenas de vida y de calor humano, de deseo de saber y de emprender colectivamente las tareas del conocimiento.<\/p>\n<p>A las muertes, ya de por s\u00ed suficientemente dram\u00e1ticas y dolorosas, vienen a sumarse otros hechos que contribuyen a conturbar los \u00e1nimos y a acrecentar el terror colectivo; en d\u00edas pasados fueron sorprendidas en los predios universitarios personas ajenas a la instituci\u00f3n y vinculadas con los organismos de seguridad del estado, que haci\u00e9ndose pasar por estudiantes, desarrollaban actividades de espionaje tomando atenta nota de lo que ocurr\u00eda en una asamblea donde se informaba sobre la muerte de un alumno; estas labores fueron desarrolladas por los agentes sin autorizaci\u00f3n ni conocimiento de las directivas, quienes denunciaron los sucesos ante el Gobernador, las autoridades competentes y la opini\u00f3n p\u00fablica en un oportuno comunicado, en el cual se se\u00f1alaban tambi\u00e9n los efectos perturbadores que sobre la buena marcha del claustro podr\u00edan tener estas presencias extra\u00f1as.<\/p>\n<p>Hoy el clima es de temor y desconfianza, la sospecha crece y se extiende como mancha de aceite y el desconcierto aumenta cuando la raz\u00f3n se estrella contra la sinraz\u00f3n de los cr\u00edmenes; de la misma manera que en la ciudad, el microcosmos universitario sufre los embates de la violencia, que unas veces se presenta bajo el ropaje del sicario, otras veces como el vengador justiciero y las m\u00e1s, con la m\u00e1scara del terror, que es otra forma de matar, atemorizando para que nadie denuncie, para que ning\u00fan hable, para que la protesta se silencia, para que la duda penetre en los esp\u00edritus y paralice hasta las m\u00e1s simples actitudes de solidaridad; en fin, para castrar el sentido cr\u00edtico de la universidad, acallarla y de esa manera convertir el ente pensante de la sociedad en un eunuco d\u00f3cil y obediente ante los se\u00f1ores de la guerra.<\/p>\n<p>Cuando la barbarie arrecia y la muerte se apodera de las ciudades y los campos, tanto aqu\u00ed como en otras partes del mundo la universidad ha sido refugio de la cultura, el baluarte para oponerle al crimen, a la injusticia, a la impunidad y a la represi\u00f3n; la voz para denunciar los atropellos y la violaci\u00f3n de los derechos humanos, por eso se convierte en un objetivo para todos aquellos que brinc\u00e1ndose las talanqueras de la ley y de la \u00e9tica, intentan resolver los conflictos y las contradicciones por la v\u00eda del exterminio del contrario. El saber es subversivo, la ciencia es peligrosa y la inteligencia debe morir para que triunfe la muerte; ese fue el bronco grito fascista que ahog\u00f3 la voz de Unamuno en los claustros de Salamanca; el que retumb\u00f3 con toda su fuerza destructiva en las universidades de Berl\u00edn y de Mil\u00e1n, al que propici\u00f3 la masacre de El Salvador hace pocos a\u00f1os, y el que deja o\u00edr sus ecos en la nuestra bajo la forma de asesinatos indiscriminados, sin sentido aparente ni conexiones entre s\u00ed.<\/p>\n<p>Cuando todas las voces llaman a la guerra, cuando se multiplican los grupos paramilitares con el apoyo directo de una parte del gobierno y el enredo sem\u00e1ntico de la otra parte, cuando se le da patente de corso a la justicia privada, la \u00fanica manera para preservar la sociedad de su disoluci\u00f3n es oponer la trinchera de la cultura y uno de los lugares donde \u00e9sta se refugia en la universidad; por eso es necesario defenderla, pero no mediante actos an\u00e1rquicos y desesperados lo que ser\u00eda llenar de motivos a quienes quieren cerrarla y menos a\u00fan apelar a la retaliaci\u00f3n, pues s\u00f3lo conseguir\u00edamos reproducir, ampli\u00e1ndolo, el c\u00edrculo vicioso de la violencia. Es preciso mantener la Universidad abierta y funcionando, preservar el espacio de la reflexi\u00f3n y el pensamiento, propiciar la libre deliberaci\u00f3n, el an\u00e1lisis riguroso, la denuncia constante, oponer la l\u00f3gica de la vida a la l\u00f3gica de la muerte y, ante todo, derrotar el miedo colectivo que resulta m\u00e1s peligroso que las balas; estas matan el cuerpo, pero la intimidaci\u00f3n destruye la conciencia, aniquila la dignidad, asesina el alma y deja los pueblos sin una raz\u00f3n para seguir viviendo\u201d.<\/p>\n<p><strong>Im\u00e1genes: <\/strong>n\/a<\/p>\n<p>INFORMACI\u00d3N ANAL\u00cdTICA<\/p>\n<p>Contexto de la noticia:<\/p>\n<p>Terremoto en Chile, deja 6 muertos y 106 heridos. El ex presidente Carlos Lleras Restrepo propone al gobierno nacional publicar costos y gastos con el fin de corregir los continuos desequilibrios que se presentan en el presupuesto nacional.<\/p>\n<p>Palabras clave: Acciones de resistencia, Comunicados, misivas, declaraciones<\/p>\n<p>Sugerencia de palabras claves: Art\u00edculos de opini\u00f3n<\/p>\n<p>Observaciones:<\/p>\n<p>Fecha de diligenciamiento: 12 de febrero de 2019<\/p>\n<h1 style=\"text-align: center;\">***<\/h1>\n<p><strong>N\u00famero de ficha<\/strong>:&nbsp; B167&nbsp;&nbsp;&nbsp;&nbsp;&nbsp;&nbsp;&nbsp;&nbsp;&nbsp;&nbsp;&nbsp;&nbsp;&nbsp;&nbsp;&nbsp;&nbsp;&nbsp;&nbsp;&nbsp;&nbsp;&nbsp;&nbsp;&nbsp;&nbsp;&nbsp;&nbsp;<\/p>\n<p><strong>Diligenciada por: <\/strong>Sara Ospina Restrepo<\/p>\n<p>INFORMACI\u00d3N BIBLIOGR\u00c1FICA<\/p>\n<p>Peri\u00f3dico: El Colombiano<\/p>\n<p>Lugar de edici\u00f3n: Medell\u00edn<\/p>\n<p>Autor personal:<\/p>\n<p>Autor corporativo: El Colombiano, Editorial<\/p>\n<p>Fecha: 1987, agosto, 10<\/p>\n<p>P\u00e1gina: 5A<\/p>\n<p>Secci\u00f3n: Editorial<\/p>\n<p><strong>Titular:&nbsp; <\/strong>La Universidad merece la paz<\/p>\n<p><strong>Resumen:<\/strong><\/p>\n<p>(\u2026) \u201cLa Universidad de Antioquia merece la paz y la estabilidad que ha sabido reconquistar con disciplina y esfuerzo formidables. La comunidad entera est\u00e1 en el deber de respaldarla para que sostenga, libre de temores y amenazas, su fecunda labor al servicio de la cultura y el progreso del pa\u00eds. El gobierno, tanto en el \u00e1mbito departamental como en el nacional no puede dejar de apoyar el empe\u00f1o de directivos, profesores y estudiantes por mantener custodiado y a salvo de fuerzas extra\u00f1as y extremas el derecho a la normalidad acad\u00e9mica. Hoy m\u00e1s que nunca los antioque\u00f1os debemos demostrar solidaridad firme y decidida con el Alma Mater de la Raza\u201d.<\/p>\n<p><strong>Im\u00e1genes: <\/strong>n\/a<\/p>\n<p>INFORMACI\u00d3N ANAL\u00cdTICA<\/p>\n<p>Contexto de la noticia:<\/p>\n<p>Reforma Agraria propuesta por el gobierno liberal ser\u00e1 discutida en el Congreso. 61 precandidatos a la Alcald\u00eda de Medell\u00edn: 9 conservadores, 51 liberales y 1 de la U.P.<\/p>\n<p>Palabras clave: Acciones de resistencia, Comunicados, misivas, declaraciones<\/p>\n<p>Sugerencia de palabras claves:<\/p>\n<p>Observaciones:<\/p>\n<p>Fecha de diligenciamiento: 12 de febrero de 2019<\/p>\n<h1 style=\"text-align: center;\">***<\/h1>\n<p><strong>N\u00famero de ficha<\/strong>:&nbsp; B168&nbsp;&nbsp;&nbsp;&nbsp;&nbsp;&nbsp;&nbsp;&nbsp;&nbsp;&nbsp;&nbsp;&nbsp;&nbsp;&nbsp;&nbsp;&nbsp;&nbsp;&nbsp;&nbsp;&nbsp;&nbsp;&nbsp;&nbsp;&nbsp;&nbsp;&nbsp;<\/p>\n<p><strong>Diligenciada por:<\/strong><\/p>\n<p>INFORMACI\u00d3N BIBLIOGR\u00c1FICA<\/p>\n<p>Peri\u00f3dico: El Colombiano<\/p>\n<p>Lugar de edici\u00f3n: Medell\u00edn<\/p>\n<p>Autor personal:<\/p>\n<p>Autor corporativo: El Colombiano<\/p>\n<p>Fecha: 1987, agosto, 11<\/p>\n<p>P\u00e1gina: 1A<\/p>\n<p>Secci\u00f3n: Portada<\/p>\n<p><strong>Titular: <\/strong>Asesinatos de la U.de.A. Piden a la Procuradur\u00eda ser parte de todos los procesos<\/p>\n<p><strong>Resumen:<\/strong><\/p>\n<p>\u201cEl gobernador de Antioquia, Fernando Panesso Serna, pidi\u00f3 a la Procuradur\u00eda Regional que se constituya en parte de todos los procesos que se adelantan por la muerte violenta de profesores y estudiantes de la Universidad de Antioquia en los \u00faltimos d\u00edas, para garantizar la agilizaci\u00f3n de esas investigaciones\u201d. Luego de 3 d\u00edas de luto, se retorna con normalidad a las actividades acad\u00e9micas.<\/p>\n<p><strong>Im\u00e1genes: <\/strong>n\/a<\/p>\n<p>INFORMACI\u00d3N ANAL\u00cdTICA<\/p>\n<p>Contexto de la noticia:<\/p>\n<p>Libia bombardea a Chad despu\u00e9s de perder una franja fronteriza. Intensificaci\u00f3n de la guerra entre Ir\u00e1n e Irak. 130.000 muertos arrojan la guerra civil en el L\u00edbano. Asesinado director del DAS en Barrancabermeja. Manifestaci\u00f3n en Rionegro (marcha en rechazo) por relleno sanitario.<\/p>\n<p>Palabras clave: Respuestas Institucionales, Actores Institucionales, Gobernador, Panesso Serna, Fernando (1987-1988), Procuradur\u00eda Regional<\/p>\n<p>Sugerencia de palabras claves: Investigaciones judiciales, Investigaciones sobre casos de violencia en la UdeA<\/p>\n<p>Observaciones:<\/p>\n<p>Fecha de diligenciamiento: 13 de febrero de 2019<\/p>\n<h1 style=\"text-align: center;\">***<\/h1>\n<p><strong>N\u00famero de ficha<\/strong>: B169&nbsp;&nbsp;&nbsp;&nbsp;&nbsp;&nbsp;&nbsp;&nbsp;&nbsp;&nbsp;&nbsp;&nbsp;&nbsp;&nbsp;&nbsp;&nbsp;&nbsp;&nbsp;&nbsp;&nbsp;&nbsp;&nbsp;&nbsp;&nbsp;&nbsp;&nbsp;<\/p>\n<p><strong>Diligenciada por: <\/strong>Sara Ospina Restrepo<\/p>\n<p>INFORMACI\u00d3N BIBLIOGR\u00c1FICA<\/p>\n<p>Peri\u00f3dico: El Colombiano<\/p>\n<p>Lugar de edici\u00f3n: Medell\u00edn<\/p>\n<p>Autor personal:<\/p>\n<p>Autor corporativo: El Colombiano<\/p>\n<p>Fecha: 1987, agosto, 13<\/p>\n<p>P\u00e1gina: 2A<\/p>\n<p>Secci\u00f3n: Hoy\/Jueves<\/p>\n<p><strong>Titular: <\/strong>Estudiantes de la U.de.A. se tomaron el bloque administrativo. Unos veinte se declararon en huelga de hambre.<\/p>\n<p><strong>Resumen:<\/strong><\/p>\n<p>Cerca de 50 estudiantes encapuchados se tomaron las instalaciones del Bloque Administrativo, mientras se realizaba en el Teatro Camilo Torres una asamblea de profesores. La toma fue pac\u00edfica y posteriormente 20 de ellos se declararon en huelga de hambre. Exigieron la presencia en la Universidad del Gobernador, del Procurador regional, representantes del Comit\u00e9 de los Derechos Humanos, del sindicato de trabajadores y de Amnist\u00eda Internacional.<\/p>\n<p>Por otro lado, se destaca que en la tarde del 13 de agosto se llevar\u00e1 a cabo un desfile silencioso que saldr\u00e1 de la Universidad hasta la Gobernaci\u00f3n, donde se depositar\u00e1n claveles rojos.<\/p>\n<p><strong>Im\u00e1genes: <\/strong>n\/a<\/p>\n<p>INFORMACI\u00d3N ANAL\u00cdTICA<\/p>\n<p>Contexto de la noticia:<\/p>\n<p>Aumentan combates entre Ir\u00e1n e Irak. Precandidato conservador Vallejo \u00c1lvarez declina en la carrera por la Alcald\u00eda de Medell\u00edn.<\/p>\n<p>Palabras clave: Acciones de resistencia, Toma pac\u00edfica de lugares<\/p>\n<p>Sugerencia de palabras claves: Huelga de hambre<\/p>\n<p>Observaciones:<\/p>\n<p>Fecha de diligenciamiento:&nbsp; 13 de febrero de 2019<\/p>\n<h1 style=\"text-align: center;\">***<\/h1>\n<p><strong>N\u00famero de ficha<\/strong>: B170&nbsp;&nbsp;&nbsp;&nbsp;&nbsp;&nbsp;&nbsp;&nbsp;&nbsp;&nbsp;&nbsp;&nbsp;&nbsp;&nbsp;&nbsp;&nbsp;&nbsp;&nbsp;&nbsp;&nbsp;&nbsp;&nbsp;&nbsp;&nbsp;&nbsp;&nbsp;<\/p>\n<p><strong>Diligenciada por: <\/strong>Sara Ospina Restrepo<\/p>\n<p>INFORMACI\u00d3N BIBLIOGR\u00c1FICA<\/p>\n<p>Peri\u00f3dico: El Colombiano<\/p>\n<p>Lugar de edici\u00f3n: Medell\u00edn<\/p>\n<p>Autor personal:<\/p>\n<p>Autor corporativo: El Colombiano<\/p>\n<p>Fecha: 1987, agosto, 13<\/p>\n<p>P\u00e1gina: 5D<\/p>\n<p>Secci\u00f3n: Seguridad<\/p>\n<p><strong>Titular: <\/strong>Se pidi\u00f3 Agente Especial para casos de la U.de.A.<\/p>\n<p><strong>Resumen:<\/strong><\/p>\n<p>Los procuradores regionales dieron a conocer un comunicado p\u00fablico sobre sus acciones: \u201cAnte los lamentables hechos que afectan a estudiantes y profesores de la Universidad de Antioquia, informan: a) Diversos jueces de Instrucci\u00f3n Criminal adelantan diligentemente las investigaciones por los delitos de homicidio y lesiones personales b) La procuradur\u00eda les ha aportado algunos elementos probatorios de los expedientes disciplinarios propios del ejercicio de sus funciones. Adem\u00e1s, se solicit\u00f3 a la Procuradur\u00eda General la designaci\u00f3n de un Agente Especial que act\u00fae como parte o sujeto procesal en las diferentes investigaciones, desplazando al agente ordinario del Ministerio P\u00fablico c) Igualmente, varios visitadores revisan continuamente las diligencias penales para que se adelanten con prontitud y eficacia. Para ello se requiere, fundamentalmente, la colaboraci\u00f3n ciudadana con el aporte de la informaci\u00f3n que contribuya al esclarecimiento de los cr\u00edmenes\u201d.<\/p>\n<p><strong>Im\u00e1genes: <\/strong>n\/a<\/p>\n<p>INFORMACI\u00d3N ANAL\u00cdTICA<\/p>\n<p>Contexto de la noticia:<\/p>\n<p>Aumentan combates entre Ir\u00e1n e Irak. Precandidato conservador Vallejo \u00c1lvarez declina en la carrera por la Alcald\u00eda de Medell\u00edn.<\/p>\n<p>Palabras clave: Respuestas Institucionales<\/p>\n<p>Sugerencia de palabras claves: Agente Especial, Investigaciones por homicidio y lesiones personales<\/p>\n<p>Observaciones:<\/p>\n<p>Fecha de diligenciamiento:&nbsp; 13 de febrero de 2019<\/p>\n<h1 style=\"text-align: center;\">***<\/h1>\n<p><strong>N\u00famero de ficha<\/strong>: B171&nbsp;&nbsp;&nbsp;&nbsp;&nbsp;&nbsp;&nbsp;&nbsp;&nbsp;&nbsp;&nbsp;&nbsp;&nbsp;&nbsp;&nbsp;&nbsp;&nbsp;&nbsp;&nbsp;&nbsp;&nbsp;&nbsp;&nbsp;&nbsp;&nbsp;&nbsp;<\/p>\n<p><strong>Diligenciada por: <\/strong>Sara Ospina Restrepo<\/p>\n<p>INFORMACI\u00d3N BIBLIOGR\u00c1FICA<\/p>\n<p>Peri\u00f3dico: El Colombiano<\/p>\n<p>Lugar de edici\u00f3n: Medell\u00edn<\/p>\n<p>Autor personal:<\/p>\n<p>Autor corporativo: El Colombiano<\/p>\n<p>Fecha: 1987, agosto, 15<\/p>\n<p>P\u00e1gina: 2A<\/p>\n<p>Secci\u00f3n: Hoy\/S\u00e1bado<\/p>\n<p><strong>Titular: <\/strong>Estudiantes de la U.de.A. levantan huelga de hambre<\/p>\n<p><strong>Resumen:<\/strong><\/p>\n<p>\u201cHasta las 12 de la noche del jueves se prolongaron las conversaciones que culminaron con el acuerdo final y que permiti\u00f3 a las 8.40 levantar el movimiento que exig\u00eda investigaci\u00f3n a los asesinatos de estudiantes y profesores de la Universidad de Antioquia\u201d.<\/p>\n<p><strong>Im\u00e1genes: <\/strong>n\/a<\/p>\n<p>INFORMACI\u00d3N ANAL\u00cdTICA<\/p>\n<p>Contexto de la noticia:<\/p>\n<p>Asesinato del Senador de la Uni\u00f3n Patri\u00f3tica por Antioquia, Pedro Luis Valencia Giraldo. Indignaci\u00f3n nacional por asesinato de Pedro Luis Valencia Giraldo. De acuerdo al DAS en Antioquia y el Valle se presentan las mayores tasas de homicidio.<\/p>\n<p>Palabras clave: Acciones de resistencia, toma pac\u00edfica de lugares, Respuestas Institucionales<\/p>\n<p>Sugerencia de palabras claves: Huelga de hambre, di\u00e1logo con los estamentos universitarios<\/p>\n<p>Observaciones:<\/p>\n<p>Fecha de diligenciamiento:&nbsp; 13 de febrero de 2019<\/p>\n<h1 style=\"text-align: center;\">***<\/h1>\n<p><strong>N\u00famero de ficha<\/strong>:&nbsp; B172&nbsp;&nbsp;&nbsp;&nbsp;&nbsp;&nbsp;&nbsp;&nbsp;&nbsp;&nbsp;&nbsp;&nbsp;&nbsp;&nbsp;&nbsp; &nbsp;&nbsp;&nbsp;&nbsp;&nbsp;&nbsp;&nbsp;&nbsp;&nbsp;&nbsp;&nbsp;&nbsp;&nbsp;&nbsp;&nbsp;&nbsp;&nbsp;&nbsp;&nbsp;&nbsp;&nbsp;&nbsp;<\/p>\n<p><strong>Diligenciada por: <\/strong>Sara Ospina Restrepo<\/p>\n<p>INFORMACI\u00d3N BIBLIOGR\u00c1FICA<\/p>\n<p>Peri\u00f3dico: El Colombiano<\/p>\n<p>Lugar de edici\u00f3n: Medell\u00edn<\/p>\n<p>Autor personal: Solano Berr\u00edo, Luc\u00eda Teresa<\/p>\n<p>Autor corporativo:<\/p>\n<p>Fecha: 1987, agosto, 15<\/p>\n<p>P\u00e1gina: 6A<\/p>\n<p>Secci\u00f3n: Pol\u00edticas<\/p>\n<p><strong>Titular: <\/strong>Gobernador exhorta a la comunidad a guardar prudencia<\/p>\n<p><strong>Resumen:<\/strong><\/p>\n<p>Debido al clima de tensi\u00f3n por los acontecimientos violentos presentados en el Alma Mater contra sus estudiantes y profesores, el gobernador de Antioquia Fernando Panesso Serna, emiti\u00f3 una declaraci\u00f3n p\u00fablica: \u201cEl Gobierno Departamental mira con suma preocupaci\u00f3n y rechaza en forma en\u00e9rgica, los brotes de violencia que en las \u00faltimas semanas han sacudido a nuestra comarca, y que por una extra\u00f1a casualidad ha tocado a estudiantes y profesores del Alma Mater. Condenamos la acci\u00f3n de quienes, sin escr\u00fapulos de ninguna clase atentan contra el m\u00e1s elemental y el m\u00e1s vital de los derechos: el derecho a la vida. Sabemos muy bien que es obligaci\u00f3n de las autoridades proteger la vida, la honra y bienes de la comunidad\u201d \u2026 \u201cEl gobierno Departamental hace p\u00fablico su sentimiento de pesar por la desaparici\u00f3n del catedr\u00e1tico y senador, lamenta la muerte de los estudiantes y profesores que han sido v\u00edctimas de esta absurda ola de violencia, y condena en forma en\u00e9rgica toda manifestaci\u00f3n que atente contra la vida de nuestros compatriotas\u201d.<\/p>\n<p><strong>Im\u00e1genes: <\/strong>n\/a<\/p>\n<p>INFORMACI\u00d3N ANAL\u00cdTICA<\/p>\n<p>Contexto de la noticia:<\/p>\n<p>Asesinato del Senador de la Uni\u00f3n Patri\u00f3tica por Antioquia, Pedro Luis Valencia Giraldo. Indignaci\u00f3n nacional por asesinato de Pedro Luis Valencia Giraldo. De acuerdo al DAS en Antioquia y el Valle se presentan las mayores tasas de homicidio.<\/p>\n<p>Palabras clave: Respuestas Institucionales, Actores Institucionales, Gobernador, Panesso Serna, Fernando (1987-1988)<\/p>\n<p>Sugerencia de palabras claves: Declaraci\u00f3n P\u00fablica<\/p>\n<p>Observaciones:<\/p>\n<p>Fecha de diligenciamiento: 13 de febrero de 2019<\/p>\n<h1 style=\"text-align: center;\">***<\/h1>\n<p><strong>N\u00famero de ficha<\/strong>:&nbsp; B173&nbsp;&nbsp;&nbsp;&nbsp;&nbsp;&nbsp;&nbsp;&nbsp;&nbsp;&nbsp;&nbsp;&nbsp;&nbsp;&nbsp;&nbsp;&nbsp;&nbsp;&nbsp;&nbsp;&nbsp;&nbsp;&nbsp;&nbsp;&nbsp;&nbsp;&nbsp;<\/p>\n<p><strong>Diligenciada por: <\/strong>Sara Ospina Restrepo<\/p>\n<p>INFORMACI\u00d3N BIBLIOGR\u00c1FICA<\/p>\n<p>Peri\u00f3dico: El Colombiano<\/p>\n<p>Lugar de edici\u00f3n: Medell\u00edn<\/p>\n<p>Autor personal:<\/p>\n<p>Autor corporativo: El Colombiano<\/p>\n<p>Fecha: 1987, agosto, 15<\/p>\n<p>P\u00e1gina: 8B<\/p>\n<p>Secci\u00f3n: Generales<\/p>\n<p><strong>Titular: <\/strong>Facultad de Salud rechaza asesinato de Valencia Giraldo<\/p>\n<p><strong>Resumen:<\/strong><\/p>\n<p>\u201cEl Consejo de la Facultad Nacional de Salud P\u00fablica reunido en la fecha, 14 de agosto de 1987. Considerando: a) Que en el d\u00eda de hoy ha sido vilmente asesinado el Profesor de esta facultad, el Dr. Pedro Luis Valencia Giraldo. b) Que este acto reprobable causa profundo pesar en la Comunidad Universitaria y en toda la sociedad que asiste perpleja e impotente a la m\u00e1s nefasta agresi\u00f3n contra sus integrantes y sus instituciones y en particular en el momento a la Universidad de Antioquia. RESUELVE: 1. Expresar su m\u00e1s en\u00e9rgico rechazo por el vil asesinato del compa\u00f1ero profesor Pedro Luis Valencia Giraldo. 2. Exaltar su dedicaci\u00f3n a la docencia y a la investigaci\u00f3n a la cual dedic\u00f3 toda su vida profesional, siempre fiel a sus convicciones pol\u00edticas y con el respeto por las opiniones contrarias. 3. Expresar a su esposa Beatriz Zuluaga y a sus hijos, familiares, comunidad universitaria y a la sociedad, su solidaridad en esta hora de conmoci\u00f3n y pesar. 4. Decretar <strong>3 d\u00edas de duelo<\/strong>, en los cuales se <strong>izar\u00e1 la bandera a media asta<\/strong> y se suspender\u00e1n todas las actividades acad\u00e9micas. 5. Como homenaje a su memoria <strong>una de las aulas de la Facultad llevar\u00e1 su nombre<\/strong>. 6. Asistir en pleno al homenaje en c\u00e1mara ardiente y a sus exequias\u201d.<\/p>\n<p><strong>Im\u00e1genes: <\/strong>n\/a<\/p>\n<p>INFORMACI\u00d3N ANAL\u00cdTICA<\/p>\n<p>Contexto de la noticia:<\/p>\n<p>Asesinato del Senador de la Uni\u00f3n Patri\u00f3tica por Antioquia, Pedro Luis Valencia Giraldo. Indignaci\u00f3n nacional por asesinato de Pedro Luis Valencia Giraldo. De acuerdo al DAS en Antioquia y el Valle se presentan las mayores tasas de homicidio.<\/p>\n<p>Palabras clave: Acciones de resistencia, Actos simb\u00f3licos, Comunicados, misivas, declaraciones, Actores Institucionales, Consejo de la Faculta Nacional de Salud P\u00fablica, Acciones Violentas, Asesinato selectivo, Profesor, Valencia Giraldo, Pedro Luis, Duarte, Rafael Antonio, Coordinadora Nacional de la Uni\u00f3n<\/p>\n<p>Sugerencia de palabras claves: bandera a media asta, decreto d\u00edas de luto, nombramiento simb\u00f3lico de lugares<\/p>\n<p>Observaciones:<\/p>\n<p>Fecha de diligenciamiento:&nbsp; 13 de febrero de 2019<\/p>\n<h1 style=\"text-align: center;\">***<\/h1>\n<p><strong>N\u00famero de ficha<\/strong>:&nbsp; B174&nbsp;&nbsp;&nbsp;&nbsp;&nbsp;&nbsp;&nbsp;&nbsp;&nbsp;&nbsp;&nbsp;&nbsp;&nbsp;&nbsp;<\/p>\n<p><strong>Diligenciada por: <\/strong>Sara Ospina Restrepo<\/p>\n<p>INFORMACI\u00d3N BIBLIOGR\u00c1FICA<\/p>\n<p>Peri\u00f3dico: El Colombiano<\/p>\n<p>Lugar de edici\u00f3n: Medell\u00edn<\/p>\n<p>Autor personal:<\/p>\n<p>Autor corporativo: El Colombiano<\/p>\n<p>Fecha: 1987, agosto, 15<\/p>\n<p>P\u00e1gina: 1A, 6A, 8B, 8D<\/p>\n<p>Secci\u00f3n: Portada, Generales, Seguridad<\/p>\n<p><strong>Titular: <\/strong>Consternaci\u00f3n por asesinato del senador de la Uni\u00f3n Patri\u00f3tica<\/p>\n<p><strong>Resumen:<\/strong><\/p>\n<p>Desde el congreso solicitan al gobierno nacional la realizaci\u00f3n de una investigaci\u00f3n rigurosa frente a los asesinatos selectivos de los integrantes de la U.P. As\u00ed mismo solicitan la protecci\u00f3n de los parlamentarios. Tambi\u00e9n homenajearon a Valencia: \u201cEl f\u00e9retro con los restos mortales del parlamentario antioque\u00f1o fue tra\u00eddo desde Medell\u00edn y puesto en c\u00e1mara ardiente en el Sal\u00f3n Boyac\u00e1, recinto donde el Senado de la Rep\u00fablica se re\u00fane para aprobar los proyectos de ley. El sepelio de Valencia, no obstante, se realizar\u00e1 hoy s\u00e1bado en el Cementerio San Pedro de Medell\u00edn\u201d. Igualmente, la Coordinadora Nacional de la Uni\u00f3n Patri\u00f3tica emiti\u00f3 un comunicado: \u201cLa Coordinadora Nacional de la U.P. ante el infortunio que vive nuestro pa\u00eds agravado con la existencia de grupos paramilitares organizados, entrenados y armados por la c\u00fapula militar y por lo m\u00e1s reaccionario del Partido Liberal y el Partido Conservador que quieren conducir a nuestra patria a una guerra civil, condena el asesinato de nuestro senador, miembro de la direcci\u00f3n nacional de la U.P. y profesor de la Universidad de Antioquia, compa\u00f1ero Pedro Luis Valencia y del compa\u00f1ero Rafael Antonio Duarte, miembro de la U.P, y presidente del Concejo municipal del San Jos\u00e9 del Guaviare\u201d \u2026 \u201cExigimos al gobierno el desmonte de los llamados grupos de autodefensa que son el encubrimiento de los grupos paramilitares que proliferan en nuestro pa\u00eds para perseguir y asesinar a los miembros de la U.P. que desarrollan una actividad pol\u00edtica legal. No continuamos con este silencio c\u00f3mplice que a lo \u00fanico que conlleva es al est\u00edmulo de las acciones criminales\u201d.<\/p>\n<p><strong>Im\u00e1genes: <\/strong>IMGB174<\/p>\n<p>Imagen que muestra el traslado del cad\u00e1ver al anfiteatro. Foto: Herv\u00e1squez<\/p>\n<p>INFORMACI\u00d3N ANAL\u00cdTICA<\/p>\n<p>Contexto de la noticia:<\/p>\n<p>Asesinato del Senador de la Uni\u00f3n Patri\u00f3tica por Antioquia, Pedro Luis Valencia Giraldo. Indignaci\u00f3n nacional por asesinato de Pedro Luis Valencia Giraldo. De acuerdo al DAS en Antioquia y el Valle se presentan las mayores tasas de homicidio.<\/p>\n<p>Palabras clave: Acciones Violentas, Asesinato selectivo, Acciones de resistencia, Actos simb\u00f3licos, Profesor, Valencia Giraldo, Pedro Luis, Duarte, Rafael Antonio, Coordinadora Nacional de la Uni\u00f3n, Partido Liberal, Partido Conservador, Actores armados, paramilitares<\/p>\n<p>Sugerencia de palabras claves:<\/p>\n<p>Observaciones:<\/p>\n<p>Fecha de diligenciamiento:&nbsp; 13 de febrero de 2019<\/p>\n<h1 style=\"text-align: center;\">***<\/h1>\n<p><strong>N\u00famero de ficha<\/strong>: B175&nbsp;&nbsp;&nbsp;&nbsp;&nbsp;&nbsp;&nbsp;&nbsp;&nbsp;&nbsp;&nbsp;&nbsp;&nbsp;&nbsp;&nbsp;&nbsp;&nbsp;&nbsp;&nbsp;&nbsp;&nbsp;&nbsp;&nbsp;&nbsp;&nbsp;&nbsp;<\/p>\n<p><strong>Diligenciada por: <\/strong>Sara Ospina Restrepo<\/p>\n<p>INFORMACI\u00d3N BIBLIOGR\u00c1FICA<\/p>\n<p>Peri\u00f3dico: El Colombiano<\/p>\n<p>Lugar de edici\u00f3n: Medell\u00edn<\/p>\n<p>Autor personal:<\/p>\n<p>Autor corporativo: El Colombiano<\/p>\n<p>Fecha: 1987, agosto, 19<\/p>\n<p>P\u00e1gina: 5B<\/p>\n<p>Secci\u00f3n: Generales<\/p>\n<p><strong>Titular: <\/strong>En la U.de.A. Consejo Superior acoge creaci\u00f3n de comisi\u00f3n<\/p>\n<p><strong>Resumen:<\/strong><\/p>\n<p>El Consejo Acad\u00e9mico de la Universidad plantea la Creaci\u00f3n de una comisi\u00f3n para entrevistarse con el presidente de la Rep\u00fablica, conformada por dos miembros del Consejo Acad\u00e9mico, dos miembros de la Asociaci\u00f3n de Profesores, dos miembros de los estudiantes, dos miembros del Consejo Superior y el Rector.<\/p>\n<p><strong>Im\u00e1genes: <\/strong>n\/a<\/p>\n<p>INFORMACI\u00d3N ANAL\u00cdTICA<\/p>\n<p>Contexto de la noticia:<\/p>\n<p>Contin\u00faa tensi\u00f3n entre Ir\u00e1n e Irak (Guerra del golfo). Conflicto lim\u00edtrofe entre Colombia y Venezuela. La Asociaci\u00f3n Nacional Transportadores protestan por el aumento en precios de repuestos. Expectativas en Medell\u00edn por elecciones de Alcald\u00eda, Alberto Piedrah\u00edta declina su candidatura y se adhiere a la candidatura de Juan G\u00f3mez.<\/p>\n<p>Palabras clave: <strong>Respuestas Institucionales, Actores Institucionales, <\/strong>Consejo Acad\u00e9mico, Consejo Superior Universitario, Rector, Cano Gaviria, Eduardo, Actores gremiales, Asociaci\u00f3n de Profesores, Estudiantes<\/p>\n<p>Sugerencia de palabras claves:<\/p>\n<p>Observaciones:<\/p>\n<p>Fecha de diligenciamiento:&nbsp;&nbsp; 13 de febrero de 2019<\/p>\n<h1 style=\"text-align: center;\">***<\/h1>\n<p><strong>N\u00famero de ficha<\/strong>: B176&nbsp;&nbsp;&nbsp;&nbsp;&nbsp;&nbsp;&nbsp;&nbsp;&nbsp;&nbsp;&nbsp;&nbsp;&nbsp;&nbsp;&nbsp;&nbsp;&nbsp;&nbsp;&nbsp;&nbsp;&nbsp;&nbsp;&nbsp;&nbsp;&nbsp;&nbsp;<\/p>\n<p><strong>Diligenciada por: <\/strong>Sara Ospina Restrepo<\/p>\n<p>INFORMACI\u00d3N BIBLIOGR\u00c1FICA<\/p>\n<p>Peri\u00f3dico: El Colombiano<\/p>\n<p>Lugar de edici\u00f3n: Medell\u00edn<\/p>\n<p>Autor personal:<\/p>\n<p>Autor corporativo: El Colombiano<\/p>\n<p>Fecha: 1987, agosto, 20<\/p>\n<p>P\u00e1gina: 1A, 2A<\/p>\n<p>Secci\u00f3n: Portada, Hoy\/Jueves<\/p>\n<p><strong>Titular: <\/strong>Tranquilidad en Marcha por Derecho a la Vida<\/p>\n<p><strong>Resumen:<\/strong><\/p>\n<p>\u201cA las 5 de la tarde se inici\u00f3 un desfile que recorri\u00f3 toda la Avenida Juan del Corral para desembocar en el Parque de Berr\u00edo\u201d. Hicieron presencia trabajadores, estudiantes y l\u00edderes populares. \u201cRealizaron una concentraci\u00f3n en defensa de la vida y en protesta por la ola de asesinatos contra integrantes de la comunidad universitaria y de militantes de la UP\u201d. Se hace alusi\u00f3n a capturas de varios sujetos que dictaban una conferencia sobre la vida con propaganda subversiva del ELN.<\/p>\n<p><strong>Im\u00e1genes: <\/strong>IMGB176<\/p>\n<p>Imagen de la congregaci\u00f3n de personas en la calle. Foto: Zuleta, Jorge<\/p>\n<p>INFORMACI\u00d3N ANAL\u00cdTICA<\/p>\n<p>Contexto de la noticia:<\/p>\n<p>Contin\u00faan tensiones entre Colombia y Venezuela por pleito fronterizo. D\u00eda de elecciones en Medell\u00edn.<\/p>\n<p>Palabras clave: Acciones de resistencia, Movilizaci\u00f3n social, Actores armados, ELN<\/p>\n<p>Sugerencia de palabras claves: Marcha<\/p>\n<p>Observaciones: No se hace alusi\u00f3n a los claveles rojos, ni a la participaci\u00f3n de profesores de la UdeA<\/p>\n<p>Fecha de diligenciamiento:&nbsp; 13 de febrero de 2019<\/p>\n<h1 style=\"text-align: center;\">***<\/h1>\n<p><strong>N\u00famero de ficha<\/strong>:&nbsp; B177&nbsp;&nbsp;&nbsp;&nbsp;&nbsp;&nbsp;&nbsp;&nbsp;&nbsp;&nbsp;&nbsp;&nbsp;&nbsp;&nbsp;&nbsp;&nbsp;&nbsp;&nbsp;&nbsp;&nbsp;&nbsp;&nbsp;&nbsp;&nbsp;&nbsp;&nbsp;<\/p>\n<p><strong>Diligenciada por: <\/strong>Sara Ospina Restrepo<\/p>\n<p>INFORMACI\u00d3N BIBLIOGR\u00c1FICA<\/p>\n<p>Peri\u00f3dico: El Colombiano<\/p>\n<p>Lugar de edici\u00f3n: Medell\u00edn<\/p>\n<p>Autor personal:<\/p>\n<p>Autor corporativo: El Colombiano<\/p>\n<p>Fecha: 1987, agosto, 20<\/p>\n<p>P\u00e1gina: 11A<\/p>\n<p>Secci\u00f3n: Generales<\/p>\n<p><strong>Titular: <\/strong>En la U.de.A. Profesores de Medicina condenan clima de violencia<\/p>\n<p><strong>Resumen:<\/strong><\/p>\n<p>El Claustro de Profesores de la Facultad de Medicina de la Universidad de Antioquia realizan un pronunciamiento frente los acontecimientos de violencia que se han dado en la ciudad y en la Universidad en el \u00faltimo mes, hacen especial \u00e9nfasis en el asesinato del profesor Pedro Luis Valencia Giraldo. Igualmente, se pronuncian frente a la presencia paramilitar en la ciudad: \u201cDesde el pasado gobierno se ha denunciado con pruebas muy contundentes la existencia de grupos paramilitares que han intentado tomar por sus manos la aplicaci\u00f3n de justicia, casi siempre con arbitrariedad radical aplicando la pena de muerte a multitud de compatriotas por motivos diferentes. Todo ello como efecto del deterioro del aparato judicial del Estado y de su incapacidad para resolver los problemas b\u00e1sicos de la poblaci\u00f3n\u201d \u2026 \u201cEste problema se inserta claramente en el vac\u00edo progresivo de poder que presenta el Estado colombiano y su aparato judicial y en la capacidad que se tiene para enfrentar y resolver los factores que generan la inseguridad y la violencia social\u201d.<\/p>\n<p><strong>Im\u00e1genes: <\/strong>n\/a<\/p>\n<p>INFORMACI\u00d3N ANAL\u00cdTICA<\/p>\n<p>Contexto de la noticia:<\/p>\n<p>Contin\u00faan tensiones entre Colombia y Venezuela por pleito fronterizo. D\u00eda de elecciones en Medell\u00edn.<\/p>\n<p>Palabras clave: Acciones de resistencia, Comunicados, misivas, declaraciones, Actores gremiales, claustros, Claustro de Profesores de la Facultad de Medicina de la Universidad de Antioquia, Profesor, Valencia Giraldo, Pedro Luis, Actores armados, paramilitares<\/p>\n<p>Sugerencia de palabras claves:<\/p>\n<p>Observaciones:<\/p>\n<p>Fecha de diligenciamiento:&nbsp; 13 de febrero de 2019<\/p>\n<h1 style=\"text-align: center;\">***<\/h1>\n<p><strong>N\u00famero de ficha<\/strong>:&nbsp; B178&nbsp;&nbsp;&nbsp;&nbsp;&nbsp;&nbsp;&nbsp;&nbsp;&nbsp;&nbsp;&nbsp;&nbsp;&nbsp;&nbsp;&nbsp;&nbsp;&nbsp;&nbsp;&nbsp;&nbsp;&nbsp;&nbsp;&nbsp;&nbsp;&nbsp;&nbsp;<\/p>\n<p><strong>Diligenciada por: <\/strong>Sara Ospina Restrepo<\/p>\n<p>INFORMACI\u00d3N BIBLIOGR\u00c1FICA<\/p>\n<p>Peri\u00f3dico: El Colombiano<\/p>\n<p>Lugar de edici\u00f3n: Medell\u00edn<\/p>\n<p>Autor personal:<\/p>\n<p>Autor corporativo: El Colombiano<\/p>\n<p>Fecha: 1987, agosto, 21<\/p>\n<p>P\u00e1gina: 14C<\/p>\n<p>Secci\u00f3n:<\/p>\n<p><strong>Titular: <\/strong>Hoy, Concierto a la vida en la U.de A.<\/p>\n<p><strong>Resumen:<\/strong><\/p>\n<p>La Asociaci\u00f3n de Profesores de la Universidad de Antioquia, rinden homenaje p\u00f3stumo a los compa\u00f1eros ca\u00eddos. As\u00ed, la Orquesta Juvenil de Vientos de la Facultad de Artes, bajo la direcci\u00f3n del maestro Pedro Nel Arango, realizar\u00e1n un \u201cConcierto a la vida\u201d en el Teatro Camilo Torres.<\/p>\n<p><strong>Im\u00e1genes: <\/strong>n\/a<\/p>\n<p>INFORMACI\u00d3N ANAL\u00cdTICA<\/p>\n<p>Contexto de la noticia:<\/p>\n<p>Contin\u00faa conflicto lim\u00edtrofe entre Venezuela y Colombia, la OEA discutir\u00e1 la situaci\u00f3n. Contin\u00faan las exigencias de la UP ante el gobierno nacional para tener las garant\u00edas necesarias en el ejercicio pol\u00edtico.<\/p>\n<p>Palabras clave: Acciones de resistencia, Actividades culturales, Actores Institucionales, Asociaci\u00f3n de Profesores de la Universidad de Antioquia<\/p>\n<p>Sugerencia de palabras claves: Homenaje p\u00f3stumo<\/p>\n<p>Observaciones:<\/p>\n<p>Fecha de diligenciamiento:&nbsp; 13 de febrero de 2019<\/p>\n<h1 style=\"text-align: center;\">***<\/h1>\n<p><strong>N\u00famero de ficha<\/strong>:&nbsp; B179&nbsp;&nbsp;&nbsp;&nbsp;&nbsp;&nbsp;&nbsp;&nbsp;&nbsp;&nbsp;&nbsp;&nbsp;&nbsp;&nbsp;&nbsp;&nbsp;&nbsp;&nbsp;&nbsp;&nbsp;&nbsp;&nbsp;&nbsp;&nbsp;&nbsp;&nbsp;<\/p>\n<p><strong>Diligenciada por: <\/strong>Sara Ospina Restrepo<\/p>\n<p>INFORMACI\u00d3N BIBLIOGR\u00c1FICA<\/p>\n<p>Peri\u00f3dico: El Colombiano<\/p>\n<p>Lugar de edici\u00f3n: Medell\u00edn<\/p>\n<p>Autor personal: C\u00f3rdoba Laverde, Pedro Nel<\/p>\n<p>Autor corporativo:<\/p>\n<p>Fecha: 1987, agosto, 26<\/p>\n<p>P\u00e1gina: 1A, 11A, 5B<\/p>\n<p>Secci\u00f3n: Portada, Generales, Seguridad<\/p>\n<p><strong>Titular: <\/strong>\u00a1Que cese la barbarie!<\/p>\n<p><strong>Resumen:<\/strong><\/p>\n<p>Conmoci\u00f3n nacional por el asesinato de H\u00e9ctor Abad G\u00f3mez, Luis Felipe V\u00e9lez Herrera y Leonardo Betancur Taborda.<\/p>\n<p>\u201cA eso de las cinco y media de la tarde de ayer, diez horas despu\u00e9s de haber sido asesinado el presidente de Adida, Luis Felipe V\u00e9lez Herrera, en el mismo sitio, fueron muertos a tiros de metralleta los m\u00e9dicos H\u00e9ctor Abad G\u00f3mez, presidente del Comit\u00e9 de los Derechos Humanos, y Leonardo Betancur Taborda, profesor de la Facultad de Medicina de la Universidad de Antioquia\u201d<\/p>\n<p>Por otro lado, el presidente de la rep\u00fablica emiti\u00f3 un comunicado rechazando los hechos acontecidos y haciendo un llamado a la sociedad antioque\u00f1a a mantener la calma y a confiar en los mecanismos dispuestos para solucionar el panorama de violencia en la ciudad. Igualmente, el procurador general de la Naci\u00f3n, Carlos Mauro Hoyos design\u00f3 un Agente Especial para investigar el crimen del presidente de Adida.<\/p>\n<p>La nota period\u00edstica hace \u00e9nfasis en que el presidente de Adida se encontraba bajo amenaza.<\/p>\n<p><strong>Im\u00e1genes: <\/strong>n\/a<\/p>\n<p>INFORMACI\u00d3N ANAL\u00cdTICA<\/p>\n<p>Contexto de la noticia:<\/p>\n<p>En Espa\u00f1a hay manifestaciones contra corrida de toros. Contin\u00faan tensiones entre Ir\u00e1n e Irak (Guerra del golfo). Mejoran relaciones entre Venezuela y Colombia, hay reuni\u00f3n de cancilleres. Paro nacional del magisterio en protesta por la muerte del presidente de Adida.<\/p>\n<p>Palabras clave: Acciones Violentas, Asesinato Selectivo, Amenaza, Profesores, Abad G\u00f3mez, H\u00e9ctor, V\u00e9lez Herrera, Luis Felipe, Betancur Taborda, Leonardo, Actores gremiales, Comit\u00e9 Permanente de Derechos Humanos<\/p>\n<p>Sugerencia de palabras claves:<\/p>\n<p>Observaciones:<\/p>\n<p>Fecha de diligenciamiento:&nbsp; 13 de febrero de 2019<\/p>\n<h1 style=\"text-align: center;\">***<\/h1>\n<p><strong>N\u00famero de ficha<\/strong>: B180&nbsp;&nbsp;&nbsp;&nbsp;&nbsp;&nbsp;&nbsp;&nbsp;&nbsp;&nbsp;&nbsp;&nbsp;&nbsp;&nbsp;&nbsp;&nbsp;&nbsp;&nbsp;&nbsp;&nbsp;&nbsp;&nbsp;&nbsp;&nbsp;&nbsp;&nbsp;&nbsp;&nbsp;&nbsp;&nbsp;&nbsp;&nbsp;&nbsp;&nbsp;&nbsp;<\/p>\n<p><strong>Diligenciada por: <\/strong>Sara Ospina Restrepo<\/p>\n<p>INFORMACI\u00d3N BIBLIOGR\u00c1FICA<\/p>\n<p>Peri\u00f3dico: El Colombiano<\/p>\n<p>Lugar de edici\u00f3n: Medell\u00edn<\/p>\n<p>Autor personal: Molina, Mar\u00eda Isabel<\/p>\n<p>Autor corporativo:<\/p>\n<p>Fecha: 1987, agosto, 26<\/p>\n<p>P\u00e1gina: 18B<\/p>\n<p>Secci\u00f3n: Seguridad<\/p>\n<p><strong>Titular: <\/strong>Fecode decreta paro nacional. Profesores de la U.de.A rechazan ola de violencia<\/p>\n<p><strong>Resumen:<\/strong><\/p>\n<p>Alrededor de 180.000 maestros en todo el pa\u00eds se encuentran en cese de actividades (por 3 d\u00edas) debido al asesinato del presidente de Adida. La organizaci\u00f3n emiti\u00f3 un comunicado a la opini\u00f3n p\u00fablica: \u201cLa asociaci\u00f3n de Instituciones de Antioquia denuncia ante la opini\u00f3n p\u00fablica y el magisterio en general, el cobarde atentado perpetrado por organismos paramilitares del Estado contra nuestro compa\u00f1ero Luis Felipe V\u00e9lez Herrera, presidente y miembro del comit\u00e9 ejecutivo de la Central Unitaria de Trabajadores, regional Antioquia, y dirigente del Frente Popular, en las horas de la ma\u00f1ana del 2 de agosto\u201d \u2026 \u201cExigimos del gobierno nacional y departamental castigo contra los responsables y que no se quede en las meras investigaciones exhaustivas cada vez que se presenta un hecho de este tipo. El atentado contra nuestro compa\u00f1ero presidente se suma a la cadena de asesinatos cometidos contra los dirigentes de la Uni\u00f3n Patri\u00f3tica, estudiantes de la Universidad de Antioquia y contra todo aquel que lucha por una justicia social y un cambio en el pa\u00eds\u201d.<\/p>\n<p><strong>Im\u00e1genes: <\/strong>n\/a<\/p>\n<p>INFORMACI\u00d3N ANAL\u00cdTICA<\/p>\n<p>Contexto de la noticia:<\/p>\n<p>En Espa\u00f1a hay manifestaciones contra corrida de toros. Contin\u00faan tensiones entre Ir\u00e1n e Irak (Guerra del golfo). Mejoran relaciones entre Venezuela y Colombia, hay reuni\u00f3n de cancilleres. Paro nacional del magisterio en protesta por la muerte del presidente de Adida.<\/p>\n<p>Palabras clave: Acciones de resistencia, paro, Comunicados, misivas, declaraciones, ADIDA, V\u00e9lez Herrera, Luis Felipe, Central Unitaria de Trabajadores, Frente Popular<\/p>\n<p>Sugerencia de palabras claves:<\/p>\n<p>Observaciones:<\/p>\n<p>Fecha de diligenciamiento:&nbsp; 13 de febrero de 2019<\/p>\n<h1 style=\"text-align: center;\">***<\/h1>\n<p><strong>N\u00famero de ficha<\/strong>: B181&nbsp;&nbsp;&nbsp;&nbsp; &nbsp;&nbsp;&nbsp;&nbsp;&nbsp;&nbsp;&nbsp;&nbsp;&nbsp;&nbsp;&nbsp;&nbsp;&nbsp;&nbsp;&nbsp;&nbsp;&nbsp;&nbsp;&nbsp;&nbsp;&nbsp;<\/p>\n<p><strong>Diligenciada por: <\/strong>Sara Ospina Restrepo<\/p>\n<p>INFORMACI\u00d3N BIBLIOGR\u00c1FICA<\/p>\n<p>Peri\u00f3dico: El Colombiano<\/p>\n<p>Lugar de edici\u00f3n: Medell\u00edn<\/p>\n<p>Autor personal: C\u00f3rdoba Laverde, Pedro Nel<\/p>\n<p>Autor corporativo:<\/p>\n<p>Fecha: 1987, agosto, 27<\/p>\n<p>P\u00e1gina: 1A, 11A<\/p>\n<p>Secci\u00f3n: Portada<\/p>\n<p><strong>Titular: <\/strong>Las exequias de Abad G\u00f3mez y Betancur Taborda. Una exaltaci\u00f3n a la vida<\/p>\n<p><strong>Resumen:<\/strong><\/p>\n<p>\u201cFlores, himnos y aplausos despidieron en Campos de paz a los dos m\u00e9dicos asesinados\u201d. \u201cEl adi\u00f3s a los ca\u00eddos. Un impresionante desfile condujo a los f\u00e9retros de los m\u00e9dicos Leonardo Betancur Taborda y H\u00e9ctor Abad G\u00f3mez, desde la sala de velaci\u00f3n La Aurora hasta el Paraninfo de la Universidad de Antioquia\u201d.<\/p>\n<p>Frente a los hechos, se integr\u00f3 una unidad investigativa para el triple asesinato. La unidad est\u00e1 conformada por dos jueces especiales asesorados por un representante de procuradur\u00eda y los servicios de inteligencia de Medell\u00edn. Igualmente, el gobernador de Antioquia y el ministro de educaci\u00f3n se reunieron con representantes de organizaciones sindicales, populares y pol\u00edticas que conforman la Mesa de Convergencia Democr\u00e1tica y Popular (en desacuerdo con el cierre y militarizaci\u00f3n de la UdeA) para solicitar un cuerpo de seguridad para la sede de Adida, los dirigentes de la Mesa de Convergencia y las directivas sindicales del magisterio. As\u00ed mismo, el Gobierno departamental decreto dos d\u00edas de duelo c\u00edvico.<\/p>\n<p>Por otro lado, en la Universidad de Antioquia convocaron a asamblea general el d\u00eda 27 de agosto para discutir los hechos y la decisi\u00f3n tomada por el CSU de decretar 3 d\u00edas de duelo, cierre de la universidad y la militarizaci\u00f3n de la misma. As\u00ed mismo, los profesores realizaron una resoluci\u00f3n (n\u00ba 2) dirigida al Consejo Superior Universitario: \u201c\u00bfpor qu\u00e9 el cierre, por qu\u00e9 la militarizaci\u00f3n, por qu\u00e9 se les responde cerrando su recinto natural de reflexi\u00f3n, an\u00e1lisis y trabajo?<\/p>\n<p>En Bogot\u00e1, la Universidad Nacional se une a los actos simb\u00f3licos de resistencia y el Consejo de Decanos decretaron un cese de actividades durante 48 horas y emite un comunicado en rechazo a la ola de violencia desatada en Medell\u00edn.<\/p>\n<p><strong>Im\u00e1genes: <\/strong>IMG8B181, IMGB181a<\/p>\n<p>Desfile conduce los f\u00e9retros. Foto: Jaimar<\/p>\n<p>Aplauso del adi\u00f3s. Foto: Herv\u00e1squez<\/p>\n<p>INFORMACI\u00d3N ANAL\u00cdTICA<\/p>\n<p>Contexto de la noticia:<\/p>\n<p>El Banco Mundial avala prestamos monetarios al pa\u00eds. Ambiente de tensi\u00f3n en el pa\u00eds, denuncian la vulnerabilidad y el peligro latente de los defensores de Derechos Humanos. Gobernador de Antioquia instala Encuentro de Secretarios de Agricultura. El presidente de la rep\u00fablica designa nuevos miembros en la junta de la EMTVA.<\/p>\n<p>Palabras clave: Acciones de resistencia, Actos simb\u00f3licos, Actos religiosos, Respuestas Institucionales, Cierre administrativo, Militarizaci\u00f3n de la Universidad, Actores Institucionales, Consejo Superior Universitario, Actores gremiales, Mesa de Convergencia Democr\u00e1tica y Popular, Betancur Taborda, Leonardo, Abad G\u00f3mez, H\u00e9ctor<\/p>\n<p>Sugerencia de palabras claves: d\u00edas de luto, cese de actividades<\/p>\n<p>Observaciones:<\/p>\n<p>Fecha de diligenciamiento: 14 de febrero de 2019<\/p>\n<h1 style=\"text-align: center;\">***<\/h1>\n<p><strong>N\u00famero de ficha<\/strong>: B182&nbsp;&nbsp;&nbsp;&nbsp;&nbsp;&nbsp;&nbsp;&nbsp;&nbsp;&nbsp;&nbsp;&nbsp;&nbsp;&nbsp;&nbsp;&nbsp;&nbsp;&nbsp;&nbsp;&nbsp;&nbsp;&nbsp;&nbsp;&nbsp;&nbsp;&nbsp;<\/p>\n<p><strong>Diligenciada por: <\/strong>Sara Ospina Restrepo<\/p>\n<p>INFORMACI\u00d3N BIBLIOGR\u00c1FICA<\/p>\n<p>Peri\u00f3dico: El Colombiano<\/p>\n<p>Lugar de edici\u00f3n: Medell\u00edn<\/p>\n<p>Autor personal:<\/p>\n<p>Autor corporativo: El Colombiano<\/p>\n<p>Fecha: 1987, agosto, 27<\/p>\n<p>P\u00e1gina: 3A<\/p>\n<p>Secci\u00f3n: Plana\/Tres<\/p>\n<p><strong>Titular: <\/strong>Dice la Iglesia: \u201cVivimos situaci\u00f3n penosa y grave\u201d<\/p>\n<p><strong>Resumen:<\/strong><\/p>\n<p>Miembros de la Arquidi\u00f3cesis de Medell\u00edn expidieron una declaraci\u00f3n de repudio frente los hechos ocurridos: \u201cAunque en repetidas ocasiones el Episcopado Colombiano y en algunas tambi\u00e9n el Arzobispo de Medell\u00edn y el Consejo Presbiteral de la Arquidi\u00f3cesis se han pronunciado contra la violencia y en defensa de la vida y los derechos humanos, nuevamente, en cumplimiento de nuestro deber, convocamos al pueblo cristiano, especialmente de Medell\u00edn a unir sus fuerzas en la fe, la oraci\u00f3n, la esperanza, para contribuir a la superaci\u00f3n de una situaci\u00f3n tan penosa y grave, con el rechazo total a todas las formas de violencia, de cualquier signo, procedencia y finalidad\u201d.<\/p>\n<p><strong>Im\u00e1genes: <\/strong>n\/a<\/p>\n<p>INFORMACI\u00d3N ANAL\u00cdTICA<\/p>\n<p>Contexto de la noticia:<\/p>\n<p>El Banco Mundial avala prestamos monetarios al pa\u00eds. Ambiente de tensi\u00f3n en el pa\u00eds, denuncian la vulnerabilidad y el peligro latente de los defensores de Derechos Humanos. Gobernador de Antioquia instala Encuentro de Secretarios de Agricultura. El presidente de la rep\u00fablica designa nuevos miembros en la junta de la EMTVA.<\/p>\n<p>Palabras clave: Acciones de resistencia, Comunicados, misivas, declaraciones, Arquidi\u00f3cesis de Medell\u00edn, Consejo Presbiteral de la Arquidi\u00f3cesis<\/p>\n<p>Sugerencia de palabras claves: Actores religiosos, gremio eclesial, Iglesia<\/p>\n<p>Observaciones:<\/p>\n<p>Fecha de diligenciamiento: 14 de febrero de 2019<\/p>\n<h1 style=\"text-align: center;\">***<\/h1>\n<p><strong>N\u00famero de ficha<\/strong>:&nbsp; B183&nbsp;&nbsp;&nbsp;&nbsp;&nbsp;&nbsp;&nbsp;&nbsp;&nbsp;&nbsp;&nbsp;&nbsp;&nbsp;&nbsp;&nbsp;&nbsp;&nbsp;&nbsp;&nbsp;&nbsp;&nbsp;&nbsp;&nbsp;&nbsp;&nbsp;&nbsp;<\/p>\n<p><strong>Diligenciada por: <\/strong>Sara Ospina Restrepo<\/p>\n<p>INFORMACI\u00d3N BIBLIOGR\u00c1FICA<\/p>\n<p>Peri\u00f3dico: El Colombiano<\/p>\n<p>Lugar de edici\u00f3n: Medell\u00edn<\/p>\n<p>Autor personal:<\/p>\n<p>Autor corporativo: El Colombiano<\/p>\n<p>Fecha: 1987, agosto, 27<\/p>\n<p>P\u00e1gina: 3A<\/p>\n<p>Secci\u00f3n: Plana\/Tres<\/p>\n<p><strong>Titular: <\/strong>Total, el paro del magisterio<\/p>\n<p><strong>Resumen:<\/strong><\/p>\n<p>\u201cLos 184 mil 200 maestros del sector oficial atendieron ayer el llamado de Fecode y cumplieron plenamente el primero de los tres d\u00edas de paro previstos para expresar su protesta por el asesinato de tres catedr\u00e1ticos de la Universidad de Antioquia. S\u00f3lo en Bogot\u00e1 se presentaron pedreas y enfrentamientos entre estudiantes de la Universidad Nacional y efectivos de la Fuerza Disponible, en los que resultaron un estudiante herido e incendiado un bus del servicio p\u00fablico\u201d<\/p>\n<p><strong>Im\u00e1genes: <\/strong>n\/a<\/p>\n<p>INFORMACI\u00d3N ANAL\u00cdTICA<\/p>\n<p>Contexto de la noticia:<\/p>\n<p>El Banco Mundial avala prestamos monetarios al pa\u00eds. Ambiente de tensi\u00f3n en el pa\u00eds, denuncian la vulnerabilidad y el peligro latente de los defensores de Derechos Humanos. Gobernador de Antioquia instala Encuentro de Secretarios de Agricultura. El presidente de la rep\u00fablica designa nuevos miembros en la junta de la EMTVA.<\/p>\n<p>Palabras clave: Acciones de resistencia, paro, Acciones contestatarias, FECODE<\/p>\n<p>Sugerencia de palabras claves: incendio bus<\/p>\n<p>Observaciones:<\/p>\n<p>Fecha de diligenciamiento: 14 de febrero de 2019<\/p>\n<h1 style=\"text-align: center;\">***<\/h1>\n<p><strong>N\u00famero de ficha<\/strong>:&nbsp; B184&nbsp;&nbsp;&nbsp;&nbsp;&nbsp;&nbsp;&nbsp;&nbsp;&nbsp;&nbsp;&nbsp;&nbsp;&nbsp;&nbsp;&nbsp;&nbsp;&nbsp;&nbsp;&nbsp;&nbsp;&nbsp;&nbsp;&nbsp;&nbsp;&nbsp;&nbsp;<\/p>\n<p><strong>Diligenciada por: <\/strong>Sara Ospina Restrepo<\/p>\n<p>INFORMACI\u00d3N BIBLIOGR\u00c1FICA<\/p>\n<p>Peri\u00f3dico: El Colombiano<\/p>\n<p>Lugar de edici\u00f3n: Medell\u00edn<\/p>\n<p>Autor personal:<\/p>\n<p>Autor corporativo:<\/p>\n<p>Fecha: 1987, agosto, 27<\/p>\n<p>P\u00e1gina: 12A<\/p>\n<p>Secci\u00f3n: Informe<\/p>\n<p><strong>Titular: <\/strong>Con flores e himnos a la vida fueron despedidos Abad G\u00f3mez y Betancur Taborda<\/p>\n<p><strong>Resumen:<\/strong><\/p>\n<p>\u201cUna lluvia roja y amarilla de claveles despidi\u00f3, en medio de himnos a la vida y a la universidad, a los m\u00e9dicos H\u00e9ctor Abad G\u00f3mez y Leonardo Betancur Taborda, en una imponente ceremonia, llena de tensi\u00f3n y dolor\u201d \u2026 \u201cEl escritor Manuel Mej\u00eda Vallejo y el abogado y miembro del Comit\u00e9 Permanente de Defensa de los Derechos Humanos, Carlos Gaviria D\u00edaz, pronunciaron dos oraciones f\u00fanebres en honor a la memoria de H\u00e9ctor Abad G\u00f3mez. \u201cPero la literatura se va al diablo cuando miento tu nombre de hombre sano y bueno, vecino del ca\u00eddo, brazo abierto frente al desamparado, entero frente al mundo y sus cosas. Ahora estoy lleno de tus letras, y recupero mi derecho al llanto, a veces el llanto es necesario frente a la desolaci\u00f3n\u201d (Las muertes ajenas). Por su parte, Carlos Gaviria, dijo con voz entrecortada: \u201cCu\u00e1n m\u00e1s pat\u00e9tico s\u00edmbolo de la degradaci\u00f3n del pa\u00eds que el cuerpo ex\u00e1nime y sangriento de H\u00e9ctor Abad G\u00f3mez, tirado en una acera frente a la sede de un sindicato de maestros, cubierto a medias por una s\u00e1bana blanca que se obstinaba a negar el hecho evidente de que le hab\u00eda sido dada la gracia final que reclamaba Mart\u00ed para el hombre bueno: Morir de cara al sol\u201d.<\/p>\n<p>Los asistentes lanzaban flores en el f\u00e9retro de Abad G\u00f3mez y gritaban: \u201cEnamorados de la vida y resentidos con la muerte, a la vida por fin daremos todo, y a la muerte jam\u00e1s daremos nada\u201d. As\u00ed mismo, el himno de la Universidad estuvo siempre presente en el acto f\u00fanebre.<\/p>\n<p>\u201cA las cinco y quince minutos de la tarde, un largo desfile de veh\u00edculos escolt\u00f3 los f\u00e9retros de los m\u00e9dicos hasta la entrada de Campos de Paz. La gente, a lado y lado de la v\u00eda, aplaud\u00eda y agitaba pa\u00f1uelos blancos.<\/p>\n<p><strong>Im\u00e1genes: <\/strong>IMGB184<\/p>\n<p>Congregaci\u00f3n en Campos de paz durante sepelio. Foto: Herv\u00e1squez<\/p>\n<p>INFORMACI\u00d3N ANAL\u00cdTICA<\/p>\n<p>Contexto de la noticia:<\/p>\n<p>El Banco Mundial avala prestamos monetarios al pa\u00eds. Ambiente de tensi\u00f3n en el pa\u00eds, denuncian la vulnerabilidad y el peligro latente de los defensores de Derechos Humanos. Gobernador de Antioquia instala Encuentro de Secretarios de Agricultura. El presidente de la rep\u00fablica designa nuevos miembros en la junta de la EMTVA.<\/p>\n<p>Palabras clave: Acciones de resistencia, Actos simb\u00f3licos, Actos religiosos, Movilizaci\u00f3n social, Abad G\u00f3mez, H\u00e9ctor Abad, Mej\u00eda Vallejo, Manuel, Gaviria D\u00edaz, Carlos<\/p>\n<p>Sugerencia de palabras claves: oraciones f\u00fanebres<\/p>\n<p>Observaciones:<\/p>\n<p>Fecha de diligenciamiento: 14 de febrero de 2019<\/p>\n<h1 style=\"text-align: center;\">***<\/h1>\n<p><strong>N\u00famero de ficha<\/strong>:&nbsp; B185&nbsp;&nbsp;&nbsp;&nbsp;&nbsp;&nbsp;&nbsp;&nbsp;&nbsp;&nbsp;&nbsp;&nbsp;&nbsp;&nbsp;<\/p>\n<p><strong>Diligenciada por: <\/strong>Sara Ospina Restrepo<\/p>\n<p>INFORMACI\u00d3N BIBLIOGR\u00c1FICA<\/p>\n<p>Peri\u00f3dico: El Colombiano<\/p>\n<p>Lugar de edici\u00f3n: Medell\u00edn<\/p>\n<p>Autor personal:<\/p>\n<p>Autor corporativo: El Colombiano<\/p>\n<p>Fecha: 1987, agosto, 27<\/p>\n<p>P\u00e1gina: 12A<\/p>\n<p>Secci\u00f3n: Informe<\/p>\n<p><strong>Titular: <\/strong>Hoy, entierro del presidente de Adida<\/p>\n<p><strong>Resumen:<\/strong><\/p>\n<p>Rindieron homenaje al profesor Luis Felipe V\u00e9lez en el Coliseo Cubierto, el cual \u201cestaba lleno de ramos de flores y pancartas que llamaban a la defensa del derecho a la vida. Profesores y estudiantes de los distintos colegios oficiales del Valle de Aburr\u00e1 y, en general de otros sectores del departamento, conformaron, por turnos, la guardia de honor\u201d \u2026 \u201cse realizaron actos art\u00edsticos y culturales en memoria del dirigente asesinado\u201d.<\/p>\n<p><strong>Im\u00e1genes: <\/strong>n\/a<\/p>\n<p>INFORMACI\u00d3N ANAL\u00cdTICA<\/p>\n<p>Contexto de la noticia:<\/p>\n<p>El Banco Mundial avala prestamos monetarios al pa\u00eds. Ambiente de tensi\u00f3n en el pa\u00eds, denuncian la vulnerabilidad y el peligro latente de los defensores de Derechos Humanos. Gobernador de Antioquia instala Encuentro de Secretarios de Agricultura. El presidente de la rep\u00fablica designa nuevos miembros en la junta de la EMTVA.<\/p>\n<p>Palabras clave: Acciones de resistencia, Actividades culturales, Actos simb\u00f3licos, V\u00e9lez, Luis Felipe<\/p>\n<p>Sugerencia de palabras claves: guardias de honor<\/p>\n<p>Observaciones:<\/p>\n<p>Fecha de diligenciamiento: 14 de febrero de 2019<\/p>\n<h1 style=\"text-align: center;\">***<\/h1>\n<p><strong>N\u00famero de ficha<\/strong>:&nbsp; B186&nbsp;&nbsp;&nbsp;&nbsp;&nbsp;&nbsp;&nbsp;&nbsp;&nbsp;&nbsp;&nbsp;&nbsp;&nbsp;&nbsp;<\/p>\n<p><strong>Diligenciada por: <\/strong>Sara Ospina Restrepo<\/p>\n<p>INFORMACI\u00d3N BIBLIOGR\u00c1FICA<\/p>\n<p>Peri\u00f3dico: El Colombiano<\/p>\n<p>Lugar de edici\u00f3n: Medell\u00edn<\/p>\n<p>Autor personal:<\/p>\n<p>Autor corporativo: El Colombiano<\/p>\n<p>Fecha: 1987, agosto, 27<\/p>\n<p>P\u00e1gina: 13A<\/p>\n<p>Secci\u00f3n: Informe<\/p>\n<p><strong>Titular: <\/strong>C\u00f3mo nos duele Colombia vulnerada<\/p>\n<p><strong>Resumen:<\/strong><\/p>\n<p>Manuel Mej\u00eda pronunci\u00f3 una oraci\u00f3n f\u00fanebre: \u2026 \u201cPorque tu sangre ha manchado la reciente historia de un pa\u00eds que sigue siendo el nuestro y al que nadie podr\u00e1 perdonar, as\u00ed lo llevamos tan cerca del coraz\u00f3n. C\u00f3mo nos duele Colombia, vulnerada y entra\u00f1able en esta hora de su historia, que no pasa de ser una herida inmensa. S\u00e9 que estamos escribiendo tu nombre en el viendo\u201d \u2026 \u201cSin embargo, s\u00e9 tambi\u00e9n que a pesar de todo alg\u00fan d\u00eda la vida ganar\u00e1, y entonces recordaremos -recordar\u00e1n los sobrevivientes- que eras un hombre de estatura excepcional, y alguien cantar\u00e1 una canci\u00f3n, o dir\u00e1 un silencio en tu homenaje. Tal vez a\u00fan est\u00e9 muy lejos el d\u00eda de las semillas y las siembras, y m\u00e1s lejano todav\u00eda el buen tiempo de cosechar\u201d \u2026 \u201cHoy, simplemente, los que te quisimos y admiramos venimos a despedirte con pa\u00f1uelos en las manos y en los ojos\u201d.<\/p>\n<p><strong>Im\u00e1genes: <\/strong>IMGB186- IMGB186a- IMGB186b<\/p>\n<p>Honor a los ca\u00eddos. F\u00e9retros de H\u00e9ctor Abad y Leonardo Betancur. Foto: sin cr\u00e9ditos<\/p>\n<p>Hombre llorando. Foto: Herv\u00e1squez<\/p>\n<p>Hacia el paraninfo. Foto: Jaimar<\/p>\n<p>INFORMACI\u00d3N ANAL\u00cdTICA<\/p>\n<p>Contexto de la noticia:<\/p>\n<p>El Banco Mundial avala prestamos monetarios al pa\u00eds. Ambiente de tensi\u00f3n en el pa\u00eds, denuncian la vulnerabilidad y el peligro latente de los defensores de Derechos Humanos. Gobernador de Antioquia instala Encuentro de Secretarios de Agricultura. El presidente de la rep\u00fablica designa nuevos miembros en la junta de la EMTVA.<\/p>\n<p>Palabras clave: Acciones de resistencia<\/p>\n<p>Sugerencia de palabras claves: oraci\u00f3n f\u00fanebre<\/p>\n<p>Observaciones:<\/p>\n<p>Fecha de diligenciamiento: 14 de febrero de 2019<\/p>\n<h1 style=\"text-align: center;\">***<\/h1>\n<p><strong>N\u00famero de ficha<\/strong>:&nbsp; B187&nbsp;&nbsp;&nbsp;&nbsp;&nbsp;&nbsp;&nbsp;&nbsp;&nbsp;&nbsp;&nbsp;&nbsp;&nbsp;&nbsp;&nbsp;&nbsp;&nbsp;&nbsp;&nbsp;&nbsp;&nbsp;&nbsp;&nbsp;&nbsp;&nbsp;&nbsp;<\/p>\n<p><strong>Diligenciada por: <\/strong>Sara Ospina Restrepo<\/p>\n<p>INFORMACI\u00d3N BIBLIOGR\u00c1FICA<\/p>\n<p>Peri\u00f3dico: El Colombiano<\/p>\n<p>Lugar de edici\u00f3n: Medell\u00edn<\/p>\n<p>Autor personal:<\/p>\n<p>Autor corporativo: El Colombiano<\/p>\n<p>Fecha: 1987, agosto, 27<\/p>\n<p>P\u00e1gina: 16A<\/p>\n<p>Secci\u00f3n: Generales<\/p>\n<p><strong>Titular: <\/strong>La voz de la democracia no se silencia con balas, afirma alcalde de Medell\u00edn<\/p>\n<p><strong>Resumen:<\/strong><\/p>\n<p>Deido a los hechos acaecidos, el Alcalde de Medell\u00edn William Jaramillo G\u00f3mez, instal\u00f3 un Consejo Extraordinario de seguridad para evaluar la situaci\u00f3n. As\u00ed mismo, expres\u00f3 a la opini\u00f3n p\u00fablica que: \u201cestos cr\u00edmenes parecen obedecer a un complot anarquista encaminado a desestabilizar las instituciones, porque aparte de ser activistas pol\u00edticos, las v\u00edctimas no ten\u00edan ninguna conexi\u00f3n como para vincular su asesinato\u201d.<\/p>\n<p><strong>Im\u00e1genes: <\/strong>n\/a<\/p>\n<p>INFORMACI\u00d3N ANAL\u00cdTICA<\/p>\n<p>Contexto de la noticia:<\/p>\n<p>El Banco Mundial avala prestamos monetarios al pa\u00eds. Ambiente de tensi\u00f3n en el pa\u00eds, denuncian la vulnerabilidad y el peligro latente de los defensores de Derechos Humanos. Gobernador de Antioquia instala Encuentro de Secretarios de Agricultura. El presidente de la rep\u00fablica designa nuevos miembros en la junta de la EMTVA.<\/p>\n<p>Palabras clave: Respuestas Institucionales, Consejo Extraordinario de Seguridad, Alcalde, Jaramillo G\u00f3mez, William, 1986-1988<\/p>\n<p>Sugerencia de palabras claves:<\/p>\n<p>Observaciones:<\/p>\n<p>Fecha de diligenciamiento: 14 de febrero de 2019<\/p>\n<h1 style=\"text-align: center;\">***<\/h1>\n<p><strong>N\u00famero de ficha<\/strong>:&nbsp; B188&nbsp;&nbsp;&nbsp;&nbsp;&nbsp;&nbsp;&nbsp;&nbsp;&nbsp;&nbsp;&nbsp;&nbsp;&nbsp;&nbsp;&nbsp;&nbsp;&nbsp;&nbsp;&nbsp;&nbsp;&nbsp;&nbsp;&nbsp;&nbsp;&nbsp;&nbsp;<\/p>\n<p><strong>Diligenciada por: <\/strong>Sara Ospina Restrepo<\/p>\n<p>INFORMACI\u00d3N BIBLIOGR\u00c1FICA<\/p>\n<p>Peri\u00f3dico: El Colombiano<\/p>\n<p>Lugar de edici\u00f3n: Medell\u00edn<\/p>\n<p>Autor personal:<\/p>\n<p>Autor corporativo: El Colombiano<\/p>\n<p>Fecha: 1987, agosto, 28<\/p>\n<p>P\u00e1gina: 1A, 12A, 13A<\/p>\n<p>Secci\u00f3n: Portada, Informe<\/p>\n<p><strong>Titular: <\/strong>Clima de tensi\u00f3n en Medell\u00edn<\/p>\n<p><strong>Resumen:<\/strong><\/p>\n<p>\u201cEl desfile de maestros, estudiantes, amas de casa y dirigentes pol\u00edticos de izquierda lleg\u00f3 hasta la Gobernaci\u00f3n de Antioquia (\u2026) La temperatura subi\u00f3 con los gritos de \u201cEl pueblo lo dice y tiene la raz\u00f3n. Este gobierno es de hambre, miseria y represi\u00f3n\u201d y con \u201cSe vive, se siente, Felipe est\u00e1 presente\u201d (\u2026) A los 11 y 25 minutos, un petardo fue lanzado contra la Gobernaci\u00f3n de Antioquia, y caus\u00f3, adem\u00e1s del ruido, una ligera confusi\u00f3n y p\u00e1nico entre los asistentes del acto. Sin embargo, la compostura y el orden fueron recobrados r\u00e1pidamente. Las instalaciones de la Gobernaci\u00f3n de Antioquia fueron cerradas y adentro apostados guardias en sitios estrat\u00e9gicos. Los manifestantes, haciendo uso de pintura en aerosol, llenaron de consignas las paredes del Palacio de Calib\u00edo. Algunas de ellas estaban dirigidas contra el Ej\u00e9rcito\u201d (\u2026) Las manos de la multitud se volvi\u00f3 pa\u00f1uelos blancos y claveles rojos y amarillos. Y casi todos cantaron y alzaron los pu\u00f1os: \u201cArriba los pobres del mundo, de pie los esclavos sin pan\u201d. Y luego en coro: \u201cY sepan que s\u00f3lo muero, si ustedes van aflojando, porque el que muri\u00f3 peleando, vive en cada compa\u00f1ero\u201d.<\/p>\n<p>Se pronuncian diferentes sectores de la sociedad frente a lo ocurrido: Nuevo Liberalismo, el Movimiento Antioque\u00f1os con Gal\u00e1n, la Asociaci\u00f3n M\u00e9dica de Antioquia y el Comit\u00e9 Ejecutivo de la Uni\u00f3n de Trabajadores de Antioquia.<\/p>\n<p><strong>Im\u00e1genes: <\/strong>IMGB188-IMGB188a-IMGB188b<\/p>\n<p>Multitudinario desfile en sepelio de Luis Felipe V\u00e9lez. Foto: Monsalve, Gloria<\/p>\n<p>Liliam G\u00f3mez abraza a su peque\u00f1a hija. Foto: Monsalve, Gloria<\/p>\n<p>Bandera de ADIDA encabeza desfile. Foto: Monsalve, Gloria<\/p>\n<p>INFORMACI\u00d3N ANAL\u00cdTICA<\/p>\n<p>Contexto de la noticia:<\/p>\n<p>Indignaci\u00f3n nacional por los hechos acaecidos en la ciudad de Medell\u00edn. Rechazo por parte del Nuevo Liberalismo. Tambi\u00e9n se pronunci\u00f3 el expresidente Belisario Betancur. El C\u00f3digo Penal contemplar\u00e1 penas m\u00e1s dr\u00e1sticas para quienes asesinen por reprimir opiniones. La cuarta brigada de Medell\u00edn rechaza p\u00fablicamente todas las acusaciones lanzadas a miembros del Ej\u00e9rcito debido a los asesinatos en la ciudad. El Colombiano publica una lista con las instituciones, entidades y organizaciones c\u00edvicas que han manifestado ante el peri\u00f3dico repudio y condolencia: Asamblea Departamental de Antioquia, Asamblea General Estudiantil de la Universidad Nacional de Medell\u00edn, Asociaci\u00f3n de Salubristas Egresados de la Universidad de Antioquia, Asociaci\u00f3n Nacional de M\u00e9dicos Internos y Residentes, Consejo Acad\u00e9mico del Polit\u00e9cnico Colombiano Jaime Isaza Cadavid, Asociaci\u00f3n Sindical de Educadores del Municipio de Medell\u00edn, Reporteros Sindicalizados de Antioquia, Magisterio del Municipio de Tarso, Sindicato de Trabajadores de Grulla, Sindicato Nacional de Trabajadores de la Industria de la Construcci\u00f3n.<\/p>\n<p><strong>Palabras clave:<\/strong> Acciones de resistencia, Movilizaci\u00f3n social, Pintas, Actos simb\u00f3licos, Actos religiosos, Acciones violentas, Uso de petardos y explosivos, Nuevo Liberalismo, el Movimiento Antioque\u00f1os con Gal\u00e1n, la Asociaci\u00f3n M\u00e9dica de Antioquia y el Comit\u00e9 Ejecutivo de la Uni\u00f3n de Trabajadores de Antioquia.<\/p>\n<p>Sugerencia de palabras claves: uso de arengas<\/p>\n<p>Observaciones:<\/p>\n<p>Fecha de diligenciamiento: 14 de febrero de 2019<\/p>\n<h1 style=\"text-align: center;\">***<\/h1>\n<p><strong>N\u00famero de ficha<\/strong>: B189&nbsp;&nbsp;&nbsp;&nbsp; &nbsp;&nbsp;&nbsp;&nbsp;&nbsp;&nbsp;&nbsp;&nbsp;&nbsp;&nbsp;&nbsp;&nbsp;&nbsp;&nbsp;&nbsp;&nbsp;&nbsp;&nbsp;&nbsp;&nbsp;&nbsp;<\/p>\n<p><strong>Diligenciada por: <\/strong>Sara Ospina Restrepo<\/p>\n<p>INFORMACI\u00d3N BIBLIOGR\u00c1FICA<\/p>\n<p>Peri\u00f3dico: El Colombiano<\/p>\n<p>Lugar de edici\u00f3n: Medell\u00edn<\/p>\n<p>Autor personal:<\/p>\n<p>Autor corporativo: El Colombiano<\/p>\n<p>Fecha: 1987, agosto, 28<\/p>\n<p>P\u00e1gina: 14A<\/p>\n<p>Secci\u00f3n: Informe<\/p>\n<p><strong>Titular: <\/strong>Incendiados cuatro buses<\/p>\n<p><strong>Resumen:<\/strong><\/p>\n<p>Incendio de cuatro buses en el Bario El Salvador (3) y en Manrique (1).<\/p>\n<p><strong>Im\u00e1genes: <\/strong>IMGB189<\/p>\n<p>Buses incendiados. Foto: Jaimer<\/p>\n<p>INFORMACI\u00d3N ANAL\u00cdTICA<\/p>\n<p>Contexto de la noticia:<\/p>\n<p>Indignaci\u00f3n nacional por los hechos acaecidos en la ciudad de Medell\u00edn. Rechazo por parte del Nuevo Liberalismo. Tambi\u00e9n se pronunci\u00f3 el expresidente Belisario Betancur. El C\u00f3digo Penal contemplar\u00e1 penas m\u00e1s dr\u00e1sticas para quienes asesinen por reprimir opiniones. La cuarta brigada de Medell\u00edn rechaza p\u00fablicamente todas las acusaciones lanzadas a miembros del Ej\u00e9rcito debido a los asesinatos en la ciudad. El Colombiano publica una lista con las instituciones, entidades y organizaciones c\u00edvicas que han manifestado ante el peri\u00f3dico repudio y condolencia: Asamblea Departamental de Antioquia, Asamblea General Estudiantil de la Universidad Nacional de Medell\u00edn, Asociaci\u00f3n de Salubristas Egresados de la Universidad de Antioquia, Asociaci\u00f3n Nacional de M\u00e9dicos Internos y Residentes, Consejo Acad\u00e9mico del Polit\u00e9cnico Colombiano Jaime Isaza Cadavid, Asociaci\u00f3n Sindical de Educadores del Municipio de Medell\u00edn, Reporteros Sindicalizados de Antioquia, Magisterio del Municipio de Tarso, Sindicato de Trabajadores de Grulla, Sindicato Nacional de Trabajadores de la Industria de la Construcci\u00f3n.<\/p>\n<p>Palabras clave: Acciones Violentas, Da\u00f1o a bienes civiles<\/p>\n<p>Sugerencia de palabras claves: quema de bus<\/p>\n<p>Observaciones: No se dan especificaciones sobre qui\u00e9nes son los actores ni el porqu\u00e9 de sus acciones. Sin embargo, puede tener relaci\u00f3n con los hechos que han transcurrido en la ciudad en esa semana de agosto de 1987.<\/p>\n<p>Fecha de diligenciamiento: 14 de febrero de 2019<\/p>\n<h1 style=\"text-align: center;\">***<\/h1>\n<p><strong>N\u00famero de ficha<\/strong>: B190&nbsp;&nbsp;&nbsp;&nbsp;&nbsp;&nbsp;&nbsp;&nbsp;&nbsp;&nbsp;&nbsp;&nbsp;&nbsp;&nbsp;&nbsp;&nbsp;&nbsp;&nbsp;&nbsp;&nbsp;&nbsp;&nbsp;&nbsp;&nbsp;&nbsp;&nbsp;<\/p>\n<p><strong>Diligenciada por: <\/strong>Sara Ospina Restrepo<\/p>\n<p>INFORMACI\u00d3N BIBLIOGR\u00c1FICA<\/p>\n<p>Peri\u00f3dico: El Colombiano<\/p>\n<p>Lugar de edici\u00f3n: Medell\u00edn<\/p>\n<p>Autor personal:<\/p>\n<p>Autor corporativo: El Colombiano<\/p>\n<p>Fecha: 1987, agosto, 28<\/p>\n<p>P\u00e1gina: 6B<\/p>\n<p>Secci\u00f3n: Local<\/p>\n<p><strong>Titular: <\/strong>El Concejo protest\u00f3 y no sesion\u00f3<\/p>\n<p><strong>Resumen:<\/strong><\/p>\n<p>El Concejo de Medell\u00edn sienta su voz de protesta por la ola de violencia en Medell\u00edn, no sesionan y emiten un comunicado: \u201cEL CONCEJO DE MEDELL\u00cdN, su m\u00e1xima corporaci\u00f3n de representaci\u00f3n popular, consigna ante la m\u00e1s vasta opini\u00f3n p\u00fablica su rotunda expresi\u00f3n de indignaci\u00f3n y desencanto frente a los procedimientos arteros y siniestros de quienes, identificados ya como una absoluta minor\u00eda, han pretendido hacer suyos los destinos de la naci\u00f3n provistos del m\u00e1s infame menosprecio por los valores del hombre y por el m\u00e1s nefando concepto del sagrado e irrebatible derecho a vivir \u2026\u201d.<\/p>\n<p><strong>Im\u00e1genes: <\/strong>n\/a<\/p>\n<p>INFORMACI\u00d3N ANAL\u00cdTICA<\/p>\n<p>Contexto de la noticia:<\/p>\n<p>Indignaci\u00f3n nacional por los hechos acaecidos en la ciudad de Medell\u00edn. Rechazo por parte del Nuevo Liberalismo. Tambi\u00e9n se pronunci\u00f3 el expresidente Belisario Betancur. El C\u00f3digo Penal contemplar\u00e1 penas m\u00e1s dr\u00e1sticas para quienes asesinen por reprimir opiniones. La cuarta brigada de Medell\u00edn rechaza p\u00fablicamente todas las acusaciones lanzadas a miembros del Ej\u00e9rcito debido a los asesinatos en la ciudad. El Colombiano publica una lista con las instituciones, entidades y organizaciones c\u00edvicas que han manifestado ante el peri\u00f3dico repudio y condolencia: Asamblea Departamental de Antioquia, Asamblea General Estudiantil de la Universidad Nacional de Medell\u00edn, Asociaci\u00f3n de Salubristas Egresados de la Universidad de Antioquia, Asociaci\u00f3n Nacional de M\u00e9dicos Internos y Residentes, Consejo Acad\u00e9mico del Polit\u00e9cnico Colombiano Jaime Isaza Cadavid, Asociaci\u00f3n Sindical de Educadores del Municipio de Medell\u00edn, Reporteros Sindicalizados de Antioquia, Magisterio del Municipio de Tarso, Sindicato de Trabajadores de Grulla, Sindicato Nacional de Trabajadores de la Industria de la Construcci\u00f3n.<\/p>\n<p>Palabras clave: Acciones de resistencia, Comunicados, misivas, declaraciones, Actores Institucionales, Concejo de Medell\u00edn<\/p>\n<p>Sugerencia de palabras claves:<\/p>\n<p>Observaciones:<\/p>\n<p>Fecha de diligenciamiento: 14 de febrero de 2019<\/p>\n<h1 style=\"text-align: center;\">***<\/h1>\n<p><strong>N\u00famero de ficha<\/strong>: B191&nbsp;&nbsp;&nbsp;&nbsp;&nbsp;&nbsp;&nbsp;&nbsp;&nbsp;&nbsp;&nbsp;&nbsp;&nbsp;&nbsp;&nbsp;&nbsp;&nbsp;&nbsp;&nbsp;&nbsp;&nbsp;&nbsp;&nbsp;&nbsp;&nbsp;&nbsp;<\/p>\n<p><strong>Diligenciada por: <\/strong>Sara Ospina Restrepo<\/p>\n<p>INFORMACI\u00d3N BIBLIOGR\u00c1FICA<\/p>\n<p>Peri\u00f3dico: El Colombiano<\/p>\n<p>Lugar de edici\u00f3n: Medell\u00edn<\/p>\n<p>Autor personal:<\/p>\n<p>Autor corporativo: El Colombiano<\/p>\n<p>Fecha: 1987, agosto, 29<\/p>\n<p>P\u00e1gina: 1A<\/p>\n<p>Secci\u00f3n: Portada<\/p>\n<p><strong>Titular: <\/strong>Gobierno no tiene mecanismos r\u00e1pidos contra violencia en Medell\u00edn<\/p>\n<p><strong>Resumen:<\/strong><\/p>\n<p>El Ministro de Justicia Jos\u00e9 Manuel Arias Carrizosa afirm\u00f3 que el gobierno local no cuenta con los mecanismos necesarios para darle fin a la ola de violencia que azota la ciudad. En ese sentido, ha sido necesario tomar medidas en el marco del estado de sitio.<\/p>\n<p>En la misma plana se expone que hubo un incendio de otro bus en el barrio Crist\u00f3bal. Igualmente se enuncia que: \u201cun grupo de manifestantes que se agolparon en cercan\u00edas a la Gobernaci\u00f3n, despu\u00e9s de las seis de la tarde, alteraron el orden p\u00fablico. Arrojaron una bomba molotov a la sucursal del Banco Cafetero con la Avenida de Greiff, que destruy\u00f3 vidrios. Luego lanzaron otro petardo a un jeep de las Empresas P\u00fablicas y un tercero a la edificaci\u00f3n de la misma entidad\u201d.<\/p>\n<p><strong>Im\u00e1genes: <\/strong>n\/a<\/p>\n<p>INFORMACI\u00d3N ANAL\u00cdTICA<\/p>\n<p>Contexto de la noticia:<\/p>\n<p>Gorbachev genera ambienta amable con Reagan y solicita cumbre. Intentos golpistas en Filipinas. Contin\u00faan discusiones entre Venezuela y Colombia por conflictos lim\u00edtrofes. El Gobierno nacional establece Plan Maestro de Transporte y anuncia reforma al C\u00f3digo de Comercio. La CUT estudia realizaci\u00f3n de un paro nacional para mediados de septiembre. En Barranquilla se roban $5 millones de Caja Agraria. El Gobernador de Antioquia afirma que en su administraci\u00f3n no hay persecuci\u00f3n pol\u00edtica. El Comit\u00e9 Permanente para la Defensa de los Derechos Humanos pide audiencia con Barco en nombre de las personas amenazadas de muerte.<\/p>\n<p>Palabras clave: Respuestas Institucionales, Acciones Violentas, Uso de petardos y explosivos, Da\u00f1o a bienes civiles, Banco Cafetero, Empresas P\u00fablicas de Medell\u00edn<\/p>\n<p>Sugerencia de palabras claves: acciones en el marco de estado de sitio, quema de bus<\/p>\n<p>Observaciones: Los hechos violentos son aislados, sin embargo, se hace el registro de los mismos en caso de que con otros elementos investigativos se puedan asociar los hechos a la coyuntura universitaria.<\/p>\n<p>Fecha de diligenciamiento: 14 de febrero de 2019<\/p>\n<h1 style=\"text-align: center;\">**<\/h1>\n<p><strong>N\u00famero de ficha<\/strong>: B192&nbsp;&nbsp;&nbsp;&nbsp;&nbsp;&nbsp;&nbsp;&nbsp;&nbsp;&nbsp;&nbsp;&nbsp;&nbsp;&nbsp;&nbsp;&nbsp;&nbsp;&nbsp;&nbsp;&nbsp;&nbsp;&nbsp;&nbsp;&nbsp;&nbsp;&nbsp;<\/p>\n<p><strong>Diligenciada por: <\/strong>Sara Ospina Restrepo<\/p>\n<p>INFORMACI\u00d3N BIBLIOGR\u00c1FICA<\/p>\n<p>Peri\u00f3dico: El Colombiano<\/p>\n<p>Lugar de edici\u00f3n: Medell\u00edn<\/p>\n<p>Autor personal:<\/p>\n<p>Autor corporativo: El Colombiano<\/p>\n<p>Fecha: 1987, agosto, 29<\/p>\n<p>P\u00e1gina: 2A<\/p>\n<p>Secci\u00f3n: Hoy\/S\u00e1bado<\/p>\n<p><strong>Titular: <\/strong>Gremios de Antioquia condenan ola de violencia<\/p>\n<p><strong>Resumen:<\/strong><\/p>\n<p>Los gremios de Antioquia (Fedemetal, Camacol, Fadegan, Andi, Asociaci\u00f3n Bancaria, Fenalco, C\u00e1mara de Comercio y Proantioquia) rechazaron mediante comunicado p\u00fablico al Gobierno Nacional y a la opini\u00f3n p\u00fablica, los hechos de violencia ocurridos en la ciudad y reitera el apoyo pleno y reiterado con el gobierno en la garant\u00eda y respeto por la vida humana.<\/p>\n<p><strong>Im\u00e1genes: <\/strong>IMGB192<\/p>\n<p>INFORMACI\u00d3N ANAL\u00cdTICA<\/p>\n<p>Contexto de la noticia:<\/p>\n<p>Gorbachev genera ambienta amable con Reagan y solicita cumbre. Intentos golpistas en Filipinas. Contin\u00faan discusiones entre Venezuela y Colombia por conflictos lim\u00edtrofes. El Gobierno nacional establece Plan Maestro de Transporte y anuncia reforma al C\u00f3digo de Comercio. La CUT estudia realizaci\u00f3n de un paro nacional para mediados de septiembre. En Barranquilla se roban $5 millones de Caja Agraria. El Gobernador de Antioquia afirma que en su administraci\u00f3n no hay persecuci\u00f3n pol\u00edtica. El Comit\u00e9 Permanente para la Defensa de los Derechos Humanos pide audiencia con Barco en nombre de las personas amenazadas de muerte.<\/p>\n<p>Palabras clave: Acciones de resistencia, Comunicados, misivas, declaraciones<\/p>\n<p>Sugerencia de palabras claves:<\/p>\n<p>Observaciones:<\/p>\n<p>Fecha de diligenciamiento: 14 de febrero de 2019<\/p>\n<h1 style=\"text-align: center;\">***<\/h1>\n<p><strong>N\u00famero de ficha<\/strong>: B193&nbsp;&nbsp;&nbsp;&nbsp;&nbsp;&nbsp;&nbsp;&nbsp;&nbsp;&nbsp;&nbsp;&nbsp;&nbsp;&nbsp;&nbsp;&nbsp;&nbsp;&nbsp;&nbsp;&nbsp;&nbsp;&nbsp;&nbsp;&nbsp;&nbsp;&nbsp;<\/p>\n<p><strong>Diligenciada por: <\/strong>Sara Ospina Restrepo<\/p>\n<p>INFORMACI\u00d3N BIBLIOGR\u00c1FICA<\/p>\n<p>Peri\u00f3dico: El Colombiano<\/p>\n<p>Lugar de edici\u00f3n: Medell\u00edn<\/p>\n<p>Autor personal:<\/p>\n<p>Autor corporativo: El Colombiano<\/p>\n<p>Fecha: 1987, agosto, 29<\/p>\n<p>P\u00e1gina: B, 5B<\/p>\n<p>Secci\u00f3n: Generales<\/p>\n<p><strong>Titular: <\/strong>En la UPB Jornada de reflexi\u00f3n sobre la vida<\/p>\n<p><strong>Resumen:<\/strong><\/p>\n<p>\u201cCon el lema de \u201cel Esp\u00edritu Bolivariano es el respeto por la vida y la b\u00fasqueda de solidaridad humana\u201d, se cumplir\u00e1 este lunes en la sede de Laureles de la UPB, una Jornada de Reflexi\u00f3n sobre la Vida, en la cual, se realizar\u00e1n conferencias y se discutir\u00e1 por grupos de estudio, diferentes aspectos sobre el importante tema. La jornada hace parte de una serie de actividades que se han venido cumpliendo en dicho centro educativo desde esta semana a ra\u00edz de los asesinatos que han sacudido la ciudad y que han hecho que los diferentes estamentos se levanten a reclamar el m\u00e1s importante de los derechos, el derecho a la vida\u201d \u2026 \u201cLos estudiantes de la Universidad Pontificia Bolivariana realizaron una marcha que recorri\u00f3 las calles de la ciudad desde su sede de Laureles hasta La Playa, donde se realiz\u00f3 una concentraci\u00f3n de todas las facultades. Cabe recordar que este centro educativo se encuentra en asamblea permanente, pronunci\u00e1ndose contra el atropello a la vida y solidario con los estudiantes de otras universidades asesinados o amenazados de muerte\u201d.<\/p>\n<p><strong>Im\u00e1genes: <\/strong>IMGB193<\/p>\n<p>Estudiantes con banderas y pancartas. Foto: Calder\u00f3n, Miguel<\/p>\n<p>INFORMACI\u00d3N ANAL\u00cdTICA<\/p>\n<p>Contexto de la noticia:<\/p>\n<p>Gorbachev genera ambienta amable con Reagan y solicita cumbre. Intentos golpistas en Filipinas. Contin\u00faan discusiones entre Venezuela y Colombia por conflictos lim\u00edtrofes. El Gobierno nacional establece Plan Maestro de Transporte y anuncia reforma al C\u00f3digo de Comercio. La CUT estudia realizaci\u00f3n de un paro nacional para mediados de septiembre. En Barranquilla se roban $5 millones de Caja Agraria. El Gobernador de Antioquia afirma que en su administraci\u00f3n no hay persecuci\u00f3n pol\u00edtica. El Comit\u00e9 Permanente para la Defensa de los Derechos Humanos pide audiencia con Barco en nombre de las personas amenazadas de muerte.<\/p>\n<p>Palabras clave: Acciones de resistencia, Marchas estudiantiles, Acciones pedag\u00f3gicas, Universidad Pontificia Bolivariana<\/p>\n<p>Sugerencia de palabras claves: Asamblea Permanente<\/p>\n<p>Observaciones:<\/p>\n<p>Fecha de diligenciamiento: 14 de febrero de 2019<\/p>\n<h1 style=\"text-align: center;\">***<\/h1>\n<p><strong>N\u00famero de ficha<\/strong>: B194&nbsp;&nbsp;&nbsp;&nbsp;&nbsp;&nbsp;&nbsp;&nbsp;&nbsp;&nbsp;&nbsp;&nbsp;&nbsp;&nbsp;&nbsp;&nbsp;&nbsp;&nbsp;&nbsp;&nbsp;&nbsp;&nbsp;&nbsp;&nbsp;&nbsp;&nbsp;<\/p>\n<p><strong>Diligenciada por: <\/strong>Sara Ospina Restrepo<\/p>\n<p>INFORMACI\u00d3N BIBLIOGR\u00c1FICA<\/p>\n<p>Peri\u00f3dico: El Colombiano<\/p>\n<p>Lugar de edici\u00f3n: Medell\u00edn<\/p>\n<p>Autor personal:<\/p>\n<p>Autor corporativo: El Colombiano<\/p>\n<p>Fecha: 1987, agosto, 30<\/p>\n<p>P\u00e1gina: 2A<\/p>\n<p>Secci\u00f3n: Hoy\/Domingo<\/p>\n<p><strong>Titular: <\/strong>\u201cNo m\u00e1s muertos\u201d Clama el Colectivo de Periodistas Antioque\u00f1os por el Derecho a la Vida<\/p>\n<p><strong>Resumen:<\/strong><\/p>\n<p>El Colectivo de Periodistas Antioque\u00f1os por el Derecho a la Vida hace un comunicado p\u00fablico en el cual rechazan los actos de violencia perpetrados en la ciudad: \u201c\u2026 Llamamos, pedimos, rogamos, exigimos a los gobernantes, al Parlamento, a los dirigentes, acabar con aquellos pronunciamientos promeseros e \u201cinvestigaciones exhaustivas\u201d, pues \u00e9stas no pasan de ser mera teor\u00eda y alimento para otros asesinatos que agrandan la nube negra de la impunidad y la violencia. Investigaci\u00f3n exhaustiva es chiste para el sicario que con risa hueca recibe su salario\u201d.<\/p>\n<p><strong>Im\u00e1genes: <\/strong>n\/a<\/p>\n<p>INFORMACI\u00d3N ANAL\u00cdTICA<\/p>\n<p>Contexto de la noticia:<\/p>\n<p>Irak rompe cese al fuego. Contin\u00faan tensiones con Ir\u00e1n. El presidente de la Rep\u00fablica anuncia nuevas medidas para contrarrestar ola de violencia en el pa\u00eds. Reducen fletes para exportar caf\u00e9. Directivas de la Universidad de Antioquia convocan a los profesores en las instalaciones universitarias, persiste cerrada la universidad. Lleras Restrepo afirma que la naci\u00f3n no podr\u00e1 recobrar la tranquilidad hasta que se despejen los asesinatos en Medell\u00edn.<\/p>\n<p>Palabras clave: Acciones de resistencia, Comunicados, misivas, declaraciones, Actores gremiales, Colectivo de Periodistas Antioque\u00f1os por el Derecho a la Vida<\/p>\n<p>Sugerencia de palabras claves:<\/p>\n<p>Observaciones:<\/p>\n<p>Fecha de diligenciamiento: 14 de febrero de 2019<\/p>\n<h1 style=\"text-align: center;\">***<\/h1>\n<p><strong>N\u00famero de ficha<\/strong>: B195&nbsp;&nbsp;&nbsp;&nbsp;&nbsp;&nbsp;&nbsp;&nbsp;&nbsp;&nbsp;&nbsp;&nbsp;&nbsp;&nbsp;&nbsp;&nbsp;&nbsp;&nbsp;&nbsp;&nbsp;&nbsp;&nbsp;&nbsp;&nbsp;&nbsp;&nbsp;<\/p>\n<p><strong>Diligenciada por: <\/strong>Sara Ospina Restrepo<\/p>\n<p>INFORMACI\u00d3N BIBLIOGR\u00c1FICA<\/p>\n<p>Peri\u00f3dico: El Colombiano<\/p>\n<p>Lugar de edici\u00f3n: Medell\u00edn<\/p>\n<p>Autor personal:<\/p>\n<p>Autor corporativo: El Colombiano<\/p>\n<p>Fecha: 1987, agosto, 30<\/p>\n<p>P\u00e1gina: 3C<\/p>\n<p>Secci\u00f3n: Informe<\/p>\n<p><strong>Titular: <\/strong>Comunicado a la opini\u00f3n p\u00fablica<\/p>\n<p><strong>Resumen:<\/strong><\/p>\n<p>El Sindicato de Profesores de la Universidad Eafit emiten comunicado p\u00fablico en el cual denuncian y repudian los acontecimientos violentos que azotan la ciudad: \u201c\u2026 Poner fin al proceso de apertura democr\u00e1tica iniciada en el anterior gobierno y que permiti\u00f3 la expresi\u00f3n de las fuerzas pol\u00edticas diferentes a las tradicionales. Estas nuevas fuerzas podr\u00edan consolidarse a trav\u00e9s de la elecci\u00f3n de alcaldes. Queremos se\u00f1alar tambi\u00e9n que todo este itinerario cotidiano del terror y la muerte obedece a un claro proyecto fascista de los sectores m\u00e1s reaccionarios del pa\u00eds que parece contar con la complicidad del actual gobierno; si no es as\u00ed \u00bfc\u00f3mo se explica tanto asesinato y ning\u00fan detenido? \u00bfO ser\u00e1 que los organismos de seguridad del Estado fallan cuando se trata de investigar el asesinato de un dirigente popular? Sinproeafit hace suyo el llamado a defender la vida, como lo han hecho otras organizaciones afines, considera que hoy la defensa de la vida y de los derechos humanos es la defensa de la democracia\u201d.<\/p>\n<p><strong>Im\u00e1genes: <\/strong>n\/a<\/p>\n<p>INFORMACI\u00d3N ANAL\u00cdTICA<\/p>\n<p>Contexto de la noticia:<\/p>\n<p>Irak rompe cese al fuego. Contin\u00faan tensiones con Ir\u00e1n. El presidente de la Rep\u00fablica anuncia nuevas medidas para contrarrestar ola de violencia en el pa\u00eds. Reducen fletes para exportar caf\u00e9. Directivas de la Universidad de Antioquia convocan a los profesores en las instalaciones universitarias, persiste cerrada la universidad. Lleras Restrepo afirma que la naci\u00f3n no podr\u00e1 recobrar la tranquilidad hasta que se despejen los asesinatos en Medell\u00edn.<\/p>\n<p>Palabras clave: Acciones de resistencia, Comunicados, misivas, declaraciones, Actores gremiales, Organizaciones de profesores, Sindicato de Profesores de la Universidad Eafit<\/p>\n<p>Sugerencia de palabras claves:<\/p>\n<p>Observaciones:<\/p>\n<p>Fecha de diligenciamiento: 14 de febrero de 2019<\/p>\n<h1 style=\"text-align: center;\">***<\/h1>\n<p><strong>N\u00famero de ficha<\/strong>:&nbsp; B196&nbsp;&nbsp;&nbsp;&nbsp;&nbsp;&nbsp;&nbsp;&nbsp;&nbsp;&nbsp;&nbsp;&nbsp;&nbsp;&nbsp;&nbsp;&nbsp;&nbsp;&nbsp;&nbsp;&nbsp;&nbsp;&nbsp;&nbsp;&nbsp;&nbsp;&nbsp;<\/p>\n<p><strong>Diligenciada por: <\/strong>Sara Ospina Restrepo<\/p>\n<p>INFORMACI\u00d3N BIBLIOGR\u00c1FICA<\/p>\n<p>Peri\u00f3dico: El Colombiano<\/p>\n<p>Lugar de edici\u00f3n: Medell\u00edn<\/p>\n<p>Autor personal:<\/p>\n<p>Autor corporativo: El Colombiano<\/p>\n<p>Fecha: 1987, agosto, 31<\/p>\n<p>P\u00e1gina: B<\/p>\n<p>Secci\u00f3n: Generales<\/p>\n<p><strong>Titular: <\/strong>Hoy jornada m\u00e9dica por la paz<\/p>\n<p><strong>Resumen:<\/strong><\/p>\n<p>\u201cLa Asociaci\u00f3n M\u00e9dica de Antioquia, seccional de Asmedas, convoc\u00f3 a todos los m\u00e9dicos de Antioquia para que hoy lunes, entre las 8 y las 8:30 de la ma\u00f1ana suspendan sus actividades laborales y dediquen esa media hora a la reflexi\u00f3n y el an\u00e1lisis sobre la actual problem\u00e1tica de violencia que enfrentamos en nuestro medio y frente a los luctuosos acontecimientos que afectan a la Universidad de Antioquia, al magisterio antioque\u00f1o y a la Asociaci\u00f3n M\u00e9dica de Antioquia.&nbsp; De esta manera quieren los directivos e integrantes de AMDA rendir homenaje a sus muertos, los profesores y compa\u00f1eros H\u00e9ctor Abad G\u00f3mez y Leonardo Betancur Taborda, y a la vida misma\u201d<\/p>\n<p>Igualmente, La Junta directiva del C\u00edrculo de Periodistas de Antioquia&nbsp; (CIPA), la Universidad de Medell\u00edn, la Junta Directiva de la Asociaci\u00f3n de Contadores de Antioquia (ACUDA), la Federaci\u00f3n de Comerciantes de Establecimientos P\u00fablicos Abiertos al P\u00fablico (FENACAR), los Reporteros Sindicales de Antioquia (RESIDA), el Instituto de Ciencias de la Salud (CES), y los empleados y trabajadores del Departamento Administrativo de Planeaci\u00f3n Departamental&nbsp; se unen a las denuncias y emiten un comunicado de repudio.<\/p>\n<p>EL CES declar\u00f3 dos d\u00edas de duelo a partir del 27 de agosto.<\/p>\n<p><strong>Im\u00e1genes: <\/strong>n\/a<\/p>\n<p>INFORMACI\u00d3N ANAL\u00cdTICA<\/p>\n<p>Contexto de la noticia:<\/p>\n<p>El Alcalde de Medell\u00edn denuncia plan para desestabilizar la ciudad por medio de una infraestructura delictiva. La Universidad de Antioquia informa a la comunidad que sigue vigente el cierre de las instalaciones.<\/p>\n<p>Palabras clave: Acciones de resistencia, Actos simb\u00f3licos, Comunicados, misivas, declaraciones, Actores gremiales, Junta directiva del C\u00edrculo de Periodistas de Antioquia (CIPA), Universidad de Medell\u00edn, Junta Directiva de la Asociaci\u00f3n de Contadores de Antioquia (ACUDA), Federaci\u00f3n de Comerciantes de Establecimientos P\u00fablicos Abiertos al P\u00fablico (FENACAR), Reporteros Sindicales de Antioquia (RESIDA), Instituto de Ciencias de la Salud (CES)<\/p>\n<p>Sugerencia de palabras claves:<\/p>\n<p>Observaciones:<\/p>\n<p>Fecha de diligenciamiento: 14 de febrero de 2019<\/p>\n<h1 style=\"text-align: center;\">***<\/h1>\n<p><strong>N\u00famero de ficha<\/strong>: B197&nbsp;&nbsp;&nbsp;&nbsp;&nbsp;&nbsp;&nbsp;&nbsp;&nbsp;&nbsp;&nbsp;&nbsp;&nbsp;&nbsp;&nbsp;&nbsp;&nbsp;&nbsp;&nbsp;&nbsp;&nbsp;&nbsp;&nbsp;&nbsp;&nbsp;&nbsp;<\/p>\n<p><strong>Diligenciada por: <\/strong>Sara Ospina Restrepo<\/p>\n<p>INFORMACI\u00d3N BIBLIOGR\u00c1FICA<\/p>\n<p>Peri\u00f3dico: El Colombiano<\/p>\n<p>Lugar de edici\u00f3n: Medell\u00edn<\/p>\n<p>Autor personal:<\/p>\n<p>Autor corporativo: El Colombiano<\/p>\n<p>Fecha: 1987, septiembre, 01<\/p>\n<p>P\u00e1gina: 16A<\/p>\n<p>Secci\u00f3n: General<\/p>\n<p><strong>Titular: <\/strong>Estudiantes piden reapertura de la Universidad de Antioquia<\/p>\n<p><strong>Resumen:<\/strong><\/p>\n<p>Luego de una Asamblea General de Estudiantes en la UdeA realizada en las instalaciones de la UNAL, se expres\u00f3 mediante comunicado p\u00fablico el repudio por la ola de cr\u00edmenes y se solicita la reapertura y desmilitarizaci\u00f3n de la ciudad universitaria. As\u00ed mismo, se extiende la invitaci\u00f3n a la asamblea regional estudiantil (2 septiembre) y a la asamblea general de todos los estamentos de la UdeA (3 septiembre).<\/p>\n<p>Por otro lado, el rector de la Universidad Eduardo Cano Gaviria afirm\u00f3 mediante comunicado que las instalaciones del claustro universitario seguir\u00e1n cerradas hasta que se genere un ambiente propicio para su funcionamiento.<\/p>\n<p>La nota period\u00edstica menciona que el Consejo Acad\u00e9mico del Polit\u00e9cnico mediante comunicado p\u00fablico repudia en\u00e9rgicamente la ola de violencia.<\/p>\n<p><strong>Im\u00e1genes: <\/strong>n\/a<\/p>\n<p>INFORMACI\u00d3N ANAL\u00cdTICA<\/p>\n<p>Contexto de la noticia:<\/p>\n<p>En Antioquia lanzan la candidatura presidencial de Rodrigo Lloreda Caicedo. En el Valle paro del magisterio por asesinato de un profesor. Registren unos de armas en Medell\u00edn: cancelan salvoconductos para armas autom\u00e1ticas.<\/p>\n<p>Palabras clave: Acciones de resistencia, Comunicados, misivas, declaraciones, Actores Institucionales, Asamblea de Estudiantes, Asamblea Multiestamentaria, Rector, Cano Gaviria, Eduardo, Consejo Acad\u00e9mico del Polit\u00e9cnico<\/p>\n<p>Sugerencia de palabras claves:<\/p>\n<p>Observaciones:<\/p>\n<p>Fecha de diligenciamiento:&nbsp; 14 de febrero de 2019<\/p>\n<h1 style=\"text-align: center;\">***<\/h1>\n<p><strong>N\u00famero de ficha<\/strong>:&nbsp; B198&nbsp;&nbsp;&nbsp;&nbsp;&nbsp;&nbsp;&nbsp;&nbsp;&nbsp;&nbsp;&nbsp;&nbsp;&nbsp;&nbsp;&nbsp;&nbsp;&nbsp;&nbsp;&nbsp;&nbsp;&nbsp;&nbsp;&nbsp;&nbsp;&nbsp;&nbsp;<\/p>\n<p><strong>Diligenciada por: <\/strong>Sara Ospina Restrepo<\/p>\n<p>INFORMACI\u00d3N BIBLIOGR\u00c1FICA<\/p>\n<p>Peri\u00f3dico: El Colombiano<\/p>\n<p>Lugar de edici\u00f3n: Medell\u00edn<\/p>\n<p>Autor personal:<\/p>\n<p>Autor corporativo: &nbsp;El Colombiano<\/p>\n<p>Fecha: 1987, septiembre, 02<\/p>\n<p>P\u00e1gina: 11A<\/p>\n<p>Secci\u00f3n: Generales<\/p>\n<p><strong>Titular: <\/strong>Apertura desmilitarizada de la U.de.A. Solicita Asociaci\u00f3n de Profesores<\/p>\n<p><strong>Resumen:<\/strong><\/p>\n<p>\u201cLa Junta Directiva de la Asociaci\u00f3n de Profesores de la Universidad de Antioquia, despu\u00e9s de realizar una reuni\u00f3n extraordinaria el pasado lunes 21 de agosto, emiti\u00f3 ayer un comunicado donde considera necesario una reapertura desmilitarizada, para as\u00ed poder realizar un proceso de discusiones que concluya en la normalizaci\u00f3n total y en la garant\u00eda de ciertas condiciones m\u00ednimas de trabajo como fruto de acuerdos entre los diferentes estamentos\u201d.<\/p>\n<p>Por otro lado, la nota period\u00edstica expone que tres profesores de la UdeA abandonaron el pa\u00eds: Jaime Borrero Ram\u00edrez, Carlos Gaviria D\u00edaz y C\u00e9sar Mu\u00f1oz Arroyave, despu\u00e9s de recibir reiteradas amenazas contra sus vidas.<\/p>\n<p>Tambi\u00e9n el Consejo Superior Universitario emiti\u00f3 un comunicado: \u201cCuando se atenta contra la vida de alguien, cuando se pretenda intimidar a quienes expresan libremente su pensamiento, es un deber de la Universidad y de los universitarios rechazar estas acciones y renovar la invitaci\u00f3n a la resoluci\u00f3n civilizada y racional de las diferencias de pensamiento\u201d.<\/p>\n<p><strong>Im\u00e1genes: <\/strong>n\/a<\/p>\n<p>INFORMACI\u00d3N ANAL\u00cdTICA<\/p>\n<p>Contexto de la noticia:<\/p>\n<p>Esc\u00e1ndalo en Yugoslavia por presencia de bonos falsos en 63 bancos. Agentes del F-2 capturaron banda de sicarios quienes ser\u00edan los asesinos del presidente de ADIDA. ADIDA realiza jornada por los derechos humanos.<\/p>\n<p>Palabras clave: Acciones de resistencia, Comunicados, misivas, declaraciones, exilio, Actores Institucionales, Junta Directiva de la Asociaci\u00f3n de Profesores de la Universidad de Antioquia, Consejo Superior Universitario, Acciones violentas, amenazas, Borrero Ram\u00edrez, Jaime, Gaviria D\u00edaz, Carlos, Mu\u00f1oz Arroyave, C\u00e9sar<\/p>\n<p>Sugerencia de palabras claves: exilio<\/p>\n<p>Observaciones:<\/p>\n<p>Fecha de diligenciamiento: 14 de febrero de 2019<\/p>\n<h1 style=\"text-align: center;\">***<\/h1>\n<p><strong>N\u00famero de ficha<\/strong>: B199&nbsp;&nbsp;&nbsp;&nbsp; &nbsp;&nbsp;&nbsp;&nbsp;&nbsp;&nbsp;&nbsp;&nbsp;&nbsp;&nbsp;&nbsp;&nbsp;&nbsp;&nbsp;&nbsp;&nbsp;&nbsp;&nbsp;&nbsp;&nbsp;&nbsp;&nbsp;&nbsp;&nbsp;&nbsp;&nbsp;&nbsp;&nbsp;&nbsp;&nbsp;&nbsp;&nbsp;&nbsp;<\/p>\n<p><strong>Diligenciada por: <\/strong>Sara Ospina Restrepo<\/p>\n<p>INFORMACI\u00d3N BIBLIOGR\u00c1FICA<\/p>\n<p>Peri\u00f3dico: El Colombiano<\/p>\n<p>Lugar de edici\u00f3n: Medell\u00edn<\/p>\n<p>Autor personal:<\/p>\n<p>Autor corporativo: El Colombiano<\/p>\n<p>Fecha: 1987, septiembre, 03<\/p>\n<p>P\u00e1gina: 2A<\/p>\n<p>Secci\u00f3n: Hoy\/Jueves<\/p>\n<p><strong>Titular: <\/strong>Asamblea de profesores de la U.de.A propone mecanismos de reapertura<\/p>\n<p><strong>Resumen:<\/strong><\/p>\n<p>La Asamblea General de la Asociaci\u00f3n de Profesores de la Universidad de Antioquia expone mediante comunicado (31 de agosto): \u201cProponer como mecanismos para la reapertura: Aceptar el di\u00e1logo como la base fundamental para posibilitar acciones en funci\u00f3n de la reapertura. Convocar a los representantes de los distintos estamentos para iniciar el proceso de di\u00e1logo. Fundamentalmente la base del acuerdo en: Reconocer la Universidad como espacio democr\u00e1tico fundamentado en la controversia civilizada. La Universidad debe funcionar acad\u00e9micamente, y emprender acciones concertadas para recuperar la estabilidad de la Universidad. Programar reuniones por facultades, de profesores, directivas y estudiantes, con base en los criterios del Acuerdo para encauzar la Universidad hacia el pleno desarrollo. Programar las jornadas de estudio con el objetivo de lograr una primera aproximaci\u00f3n de un marco conceptual sobre el papel de la Universidad en la crisis actual de la sociedad colombiana. Exigir a las autoridades competentes que agilicen los procesos de investigaci\u00f3n y se identifique y castigue a los culpables con el rigor de la ley\u201d.<\/p>\n<p><strong>Im\u00e1genes: <\/strong>n\/a<\/p>\n<p>INFORMACI\u00d3N ANAL\u00cdTICA<\/p>\n<p>Contexto de la noticia:<\/p>\n<p>Brasil afirma que la propaganda del SIDA ha sido convertida en un negocio por oportunistas. Contin\u00faan tensiones entre Irak e Ir\u00e1n. El tribunal superior de Medell\u00edn acus\u00f3 a 5 jueces por v\u00ednculos con sicarios. El gobierno nacional y el gobierno de los Estados Unidos revisar\u00e1n el tratado de extradici\u00f3n. Los colegios privados y la Federaci\u00f3n de Centros Docentes de Antioquia reiteran y exigen mediante resoluci\u00f3n el respeto y derecho a la vida.<\/p>\n<p>Palabras clave: Acciones de resistencia, Comunicados, misivas, declaraciones, Actores Institucionales, Asociaci\u00f3n de Profesores de la Universidad de Antioquia, Asamblea general<\/p>\n<p>Sugerencia de palabras claves:<\/p>\n<p>Observaciones:<\/p>\n<p>Fecha de diligenciamiento: 14 de febrero de 2019<\/p>\n<h1 style=\"text-align: center;\">***<\/h1>\n<p><strong>N\u00famero de ficha<\/strong>: B200&nbsp;&nbsp;&nbsp;&nbsp; &nbsp;&nbsp;&nbsp;&nbsp;&nbsp;&nbsp;&nbsp;&nbsp;&nbsp;&nbsp;&nbsp;&nbsp;&nbsp;&nbsp;&nbsp;&nbsp;&nbsp;&nbsp;&nbsp;&nbsp;&nbsp;<\/p>\n<p><strong>Diligenciada por: <\/strong>Sara Ospina Restrepo<\/p>\n<p>INFORMACI\u00d3N BIBLIOGR\u00c1FICA<\/p>\n<p>Peri\u00f3dico: El Colombiano<\/p>\n<p>Lugar de edici\u00f3n: Medell\u00edn<\/p>\n<p>Autor personal:<\/p>\n<p>Autor corporativo: El Colombiano<\/p>\n<p>Fecha: 1987, septiembre, 06<\/p>\n<p>P\u00e1gina: 6A<\/p>\n<p>Secci\u00f3n: Opini\u00f3n<\/p>\n<p><strong>Titular: <\/strong>n\/a<\/p>\n<p><strong>Resumen:<\/strong><\/p>\n<p>En la secci\u00f3n de Opini\u00f3n se realizaron varios aportes relacionados con la coyuntura universitaria:<\/p>\n<ul>\n<li>Los rostros de la violencia<\/li>\n<li>Claveles rojos y pa\u00f1uelos blancos<\/li>\n<li>H\u00e9ctor Abad: semilla fecunda<\/li>\n<li>Un profesor estrella<\/li>\n<\/ul>\n<p><strong>Im\u00e1genes: <\/strong>n\/a<\/p>\n<p>INFORMACI\u00d3N ANAL\u00cdTICA<\/p>\n<p>Contexto de la noticia:<\/p>\n<p>Kuwait expulsa del territorio nacional a 5 diplom\u00e1ticos iran\u00edes. Se crea consejo asesor del Mingricultura. Israel ataca a Palestina: mueren m\u00e1s de 40 palestinos.<\/p>\n<p>Palabras clave: Acciones de resistencia<\/p>\n<p>Sugerencia de palabras claves: art\u00edculos de opini\u00f3n<\/p>\n<p>Observaciones: Se hace el registro de la noticia debido a que son art\u00edculos de opini\u00f3n sentidos frente las circunstancias que atraviesa la universidad. (Quedo atenta a si se requiere de la transcripci\u00f3n de las mismas)<\/p>\n<p>Fecha de diligenciamiento: 14 de febrero de 2019<\/p>\n<h1 style=\"text-align: center;\">***<\/h1>\n<p><strong>N\u00famero de ficha<\/strong>:&nbsp; B201&nbsp;&nbsp;&nbsp;&nbsp;&nbsp;&nbsp;&nbsp;&nbsp;&nbsp;&nbsp;&nbsp;&nbsp;&nbsp;&nbsp;&nbsp;&nbsp;&nbsp;&nbsp;&nbsp;&nbsp;&nbsp;&nbsp;&nbsp;&nbsp;&nbsp;&nbsp;<\/p>\n<p><strong>Diligenciada por:&nbsp; <\/strong>Sara Ospina Restrepo<\/p>\n<p>INFORMACI\u00d3N BIBLIOGR\u00c1FICA<\/p>\n<p>Peri\u00f3dico: El Colombiano<\/p>\n<p>Lugar de edici\u00f3n: Medell\u00edn<\/p>\n<p>Autor personal:<\/p>\n<p>Autor corporativo: El Colombiano<\/p>\n<p>Fecha: 1987, septiembre, 08<\/p>\n<p>P\u00e1gina: 3A<\/p>\n<p>Secci\u00f3n: Plana\/Tres<\/p>\n<p><strong>Titular: <\/strong>En la U.de.A. Normalmente se reintegr\u00f3 personal administrativo<\/p>\n<p><strong>Resumen:<\/strong><\/p>\n<p>\u201cNormalmente se reintegr\u00f3 ayer a sus labores el personal administrativo, empleados no docentes y trabajadores oficiales, de la Universidad de Antioquia, de acuerdo con la determinaci\u00f3n que tom\u00f3 el Consejo Superior el pasado viernes. Ahora la expectativa gira en torno al reingreso de los estudiantes, que seg\u00fan decisi\u00f3n del Superior cumplen 15 d\u00edas desde el pasado primero de septiembre\u201d.<\/p>\n<p><strong>Im\u00e1genes: <\/strong>n\/a<\/p>\n<p>INFORMACI\u00d3N ANAL\u00cdTICA<\/p>\n<p>Contexto de la noticia:<\/p>\n<p>Francia derrib\u00f3 avi\u00f3n libio en capital de Chad. Tregua en el Golfo P\u00e9rsico entre Kuwait e Irak. 300 muertos por desastre invernal en Venezuela. Crece el paro en Urab\u00e1: afiliados a Sintrabanano se suman al cese de actividades. Carlos Humberto Ibarra, inspector de polic\u00eda dirigi\u00f3 la masacre campesina ocurrida el 19 de agosto.<\/p>\n<p>Palabras clave: Respuestas Institucionales, Actores Institucionales, Consejo Superior Universitario<\/p>\n<p>Sugerencia de palabras claves: reapertura parcial<\/p>\n<p>Observaciones:<\/p>\n<p>Fecha de diligenciamiento: 15 de febrero de 2019<\/p>\n<h1 style=\"text-align: center;\">***<\/h1>\n<p><strong>N\u00famero de ficha<\/strong>: B202&nbsp;&nbsp;&nbsp;&nbsp;&nbsp;&nbsp;&nbsp;&nbsp;&nbsp;&nbsp;&nbsp;&nbsp;&nbsp;&nbsp;&nbsp;&nbsp;&nbsp;&nbsp;&nbsp;&nbsp;&nbsp;&nbsp;&nbsp;&nbsp;&nbsp;&nbsp;<\/p>\n<p><strong>Diligenciada por: <\/strong>Sara Ospina Restrepo<\/p>\n<p>INFORMACI\u00d3N BIBLIOGR\u00c1FICA<\/p>\n<p>Peri\u00f3dico: El Colombiano<\/p>\n<p>Lugar de edici\u00f3n: Medell\u00edn<\/p>\n<p>Autor personal:<\/p>\n<p>Autor corporativo: El Colombiano<\/p>\n<p>Fecha: 1987, septiembre, 16<\/p>\n<p>P\u00e1gina: 3B<\/p>\n<p>Secci\u00f3n: Generales<\/p>\n<p><strong>Titular: <\/strong>Estudiantes de la U.de A. Realizar\u00e1n asamblea general el jueves<\/p>\n<p><strong>Resumen:<\/strong><\/p>\n<p>\u201cLos estudiantes de la Universidad de Antioquia reunidos ampliamente el 14 de septiembre han decidido impulsar las siguientes actividades dentro de la Semana de Reflexi\u00f3n convocada por las directivas universitarias. Mi\u00e9rcoles 16 de septiembre: Foro por el derecho a la vida. Lugar: primer piso de la Biblioteca Central. Temas: autonom\u00eda universitaria frente al cierre. Situaci\u00f3n pol\u00edtica de la U.de A. Perspectivas del movimiento ante la lucha por el derecho a la vida. Jueves 17 de septiembre: Asamblea general estudiantil. Lugar: Teatro Camilo Torres. Hora: 10 am. Temas: cierre de la U.de A. a ra\u00edz de la exigencia del derecho a la vida. Situaci\u00f3n del movimiento estudiantil. Se hace extensiva la invitaci\u00f3n a los diferentes estamentos de la Universidad. Viernes 18 de septiembre: Jornada Art\u00edstica Cultural por el derecho a la vida, desde las horas de la ma\u00f1ana en la Plazuela Fernando Barrientos. 3 pm: Verbena Popular\u201d.<\/p>\n<p><strong>Im\u00e1genes: <\/strong>n\/a<\/p>\n<p>INFORMACI\u00d3N ANAL\u00cdTICA<\/p>\n<p>Contexto de la noticia:<\/p>\n<p>Las FARC rompieron la tregua en Antioquia. Venezuela cierra fronteras con Colombia. Federaci\u00f3n de Egresados de la UdeA ofrece solidario apoyo a las directivas.<\/p>\n<p>Palabras clave: Acciones de resistencia, Actividades culturales, Acciones pedag\u00f3gicas, Actores Institucionales, Asamblea de Estudiantes<\/p>\n<p>Sugerencia de palabras claves:<\/p>\n<p>Observaciones: El 31 de agosto mediante comunicado dirigido a los estudiantes, el rector de la Universidad de Antioquia hizo un llamado especial a comenzar jornadas de reflexi\u00f3n y discusi\u00f3n acerca de la situaci\u00f3n de la Universidad.<\/p>\n<p>Fecha de diligenciamiento: 15 de febrero de 2019<\/p>\n<h1 style=\"text-align: center;\">***<\/h1>\n<p><strong>N\u00famero de ficha<\/strong>: B203&nbsp;&nbsp;&nbsp;&nbsp;&nbsp;&nbsp;&nbsp;&nbsp;&nbsp;&nbsp;&nbsp;&nbsp;&nbsp;&nbsp;&nbsp;&nbsp;&nbsp;&nbsp;&nbsp;&nbsp;&nbsp;&nbsp;&nbsp;&nbsp;&nbsp;&nbsp;<\/p>\n<p><strong>Diligenciada por: <\/strong>Sara Ospina Restrepo<\/p>\n<p>INFORMACI\u00d3N BIBLIOGR\u00c1FICA<\/p>\n<p>Peri\u00f3dico: El Colombiano<\/p>\n<p>Lugar de edici\u00f3n: Medell\u00edn<\/p>\n<p>Autor personal:<\/p>\n<p>Autor corporativo: El Colombiano<\/p>\n<p>Fecha: 1987, octubre, 14<\/p>\n<p>P\u00e1gina: 3A<\/p>\n<p>Secci\u00f3n: Plana\/Tres<\/p>\n<p><strong>Titular: <\/strong>Hoy no habr\u00e1 clases en la U.de A.<\/p>\n<p><strong>Resumen:<\/strong><\/p>\n<p>\u201cLa explosi\u00f3n ayer a las 10 y 30 de la ma\u00f1ana de algunos petardos en los alrededores de la ciudad universitaria motiv\u00f3 la evacuaci\u00f3n del personal administrativo y docente de la Universidad de Antioquia. Inicialmente se hab\u00eda dispuesto laborar hasta las 12 del d\u00eda, pero ante la explosi\u00f3n de los petardos se adelant\u00f3 la salida de todo el personal. Asimismo, el Consejo Superior del Alma Mater dispuso suspender hoy las labores acad\u00e9micas y administrativas\u2026 Poco despu\u00e9s de la salida del personal de la ciudad universitaria, cuando el campus estaba desierto, un grupo de encapuchados apareci\u00f3 en el interior e incendi\u00f3 un campero de propiedad de la misma Universidad. Este hecho ocurri\u00f3 en el parqueadero del bloque administrativo, al frente de la Rector\u00eda del plantel\u2026 COMUNICADO: \u201cEl Consejo Superior de la Universidad de Antioquia se permite informar a la opini\u00f3n p\u00fablica que en vista de la situaci\u00f3n de orden p\u00fablico por la que atraviesa el pa\u00eds, y buscando prevenir hechos lamentables, ha decidido suspender las actividades acad\u00e9micas y administrativas\u2026\u201d<\/p>\n<p><strong>Im\u00e1genes: <\/strong>n\/a<\/p>\n<p>INFORMACI\u00d3N ANAL\u00cdTICA<\/p>\n<p>Contexto de la noticia:<\/p>\n<p>Asesinan a candidato presidencial en Hait\u00ed. Contin\u00faan tensiones entre Irak e Ir\u00e1n. Debido al paro de la CUT se dejaron de producir $11 mil millones. Asesinato Jaime Pardo Leal, excandidato presidencial y m\u00e1ximo dirigente de la UP. ADIDA rechaza mediante comunicado p\u00fablico el asesinato de Pardo Leal y se declaran en paro de 48 horas. Entierro simb\u00f3lico en el Parque Berr\u00edo del dirigente de la UP, Jaime Pardo Leal. Bernardo Jaramillo Ossa asume la presidencia de la UP.<\/p>\n<p>Palabras clave: Acciones Violentas, Uso de petardos y explosivos, Respuestas Institucionales, Cierre administrativo, Actores Institucionales, Consejo Superior Universitario<\/p>\n<p>Sugerencia de palabras claves:<\/p>\n<p>Observaciones: De acuerdo al texto \u201cMemorias de crisis para una universidad en Conflicto\u201d (Aldana, 2011), la universidad reinici\u00f3 la normalidad acad\u00e9mica el 28 de septiembre, sin embargo, en el rastreo de prensa no se encuentra la noticia y se da un salto hasta su cierre el 14 de octubre tras el asesinato de Jaime Pardo Leal. Esto puede deberse a que la prensa se concentr\u00f3 exclusivamente en el cubrimiento de los hechos sucedidos en Villatina (27 de septiembre). Sin embargo, se puede hacer nuevamente el rastreo en las fechas asociadas para verificar la informaci\u00f3n.<\/p>\n<p>Fecha de diligenciamiento: 15 de febrero de 2019<\/p>\n<h1 style=\"text-align: center;\">***<\/h1>\n<p><strong>N\u00famero de ficha<\/strong>: B204&nbsp;&nbsp;&nbsp;&nbsp;&nbsp;&nbsp;&nbsp;&nbsp;&nbsp;&nbsp;&nbsp;&nbsp;&nbsp;&nbsp;&nbsp;&nbsp;&nbsp;&nbsp;&nbsp;&nbsp;&nbsp;&nbsp;&nbsp;&nbsp;&nbsp;&nbsp;<\/p>\n<p><strong>Diligenciada por: <\/strong>Sara Ospina Restrepo<\/p>\n<p>INFORMACI\u00d3N BIBLIOGR\u00c1FICA<\/p>\n<p>Peri\u00f3dico: El Colombiano<\/p>\n<p>Lugar de edici\u00f3n: Medell\u00edn<\/p>\n<p>Autor personal:<\/p>\n<p>Autor corporativo: El Colombiano<\/p>\n<p>Fecha: 1987, octubre, 15<\/p>\n<p>P\u00e1gina: 16A<\/p>\n<p>Secci\u00f3n: Generales<\/p>\n<p><strong>Titular: <\/strong>Rechazan intromisi\u00f3n del Ej\u00e9rcito en la U. de A.<\/p>\n<p><strong>Resumen:<\/strong><\/p>\n<p>El rector de la Universidad de Antioquia se pronunci\u00f3 frente a presencia del Ej\u00e9rcito alrededor de las instalaciones universitarias: \u201cLos acontecimientos del d\u00eda martes 13 de octubre de 1987, en los alrededores y porter\u00edas de la Ciudad Universitaria, tuvieron un car\u00e1cter sorpresivo e inexplicable para las directivas. La presencia de tropas del Ej\u00e9rcito, es a todas luces injustificada y extra\u00f1a, pues hasta el momento de su aparici\u00f3n, la Universidad estaba en calma y ya se hab\u00eda dispuesto de un receso de labores a partir de las 12m, precisamente en prevenci\u00f3n de posibles disturbios para las horas de la tarde. La fuerza p\u00fablica no s\u00f3lo impidi\u00f3 la acci\u00f3n de algunos estudiantes que quemaban llantas en la calle Barranquilla, sino que fue mucho m\u00e1s all\u00e1, al \u201ctaponar\u201d las salidas y puertas del Alma Mater obstaculizando el desalojo pac\u00edfico de empleados, profesores y estudiantes\u2026 Pero la tropa no s\u00f3lo obstaculiz\u00f3 la libre evacuaci\u00f3n sino tambi\u00e9n que, en una forma inexplicable, por la porter\u00eda del ferrocarril, dos agentes penetraron hasta los predios universitarios en persecuci\u00f3n de un estudiante, lo detuvieron dentro de las instalaciones y lo sacaron violentamente\u2026 Manifiesta, adem\u00e1s su desconcierto y negativa a una decisi\u00f3n de presencia militar que no fue ni solicitada ni de la cual fue informada esta administraci\u00f3n\u2026\u201d<\/p>\n<p><strong>Im\u00e1genes: <\/strong>n\/a<\/p>\n<p>INFORMACI\u00d3N ANAL\u00cdTICA<\/p>\n<p>Contexto de la noticia:<\/p>\n<p>En el Magdalena asesinados 8 campesinos y 6 desaparecidos de la UP. El partido Comunista Cubano condena el asesinato de Pardo Leal.&nbsp; La Coordinadora Guerrillera Sim\u00f3n Bol\u00edvar convoca a paro nacional tras el asesinato de Pardo Leal. Profesores de la UdeA y la UNAL condenan asesinato de Pardo Leal.<\/p>\n<p>Palabras clave: Acciones Violentas, Ingreso de la fuerza p\u00fablica o Ej\u00e9rcito, Acciones Contestatarias, Tropel, Acciones de resistencia, Comunicados, misivas, declaraciones, Actores armados, Ej\u00e9rcito<\/p>\n<p>Sugerencia de palabras claves: quema de llantas<\/p>\n<p>Observaciones:<\/p>\n<p>Fecha de diligenciamiento: 15 de febrero de 2019<\/p>\n<h1 style=\"text-align: center;\">***<\/h1>\n<p><strong>N\u00famero de ficha<\/strong>: B205&nbsp;&nbsp;&nbsp;&nbsp;&nbsp;&nbsp;&nbsp;&nbsp;&nbsp;&nbsp;&nbsp;&nbsp;&nbsp;&nbsp;&nbsp;&nbsp;&nbsp;&nbsp;&nbsp;&nbsp;&nbsp;&nbsp;&nbsp;&nbsp;&nbsp;<\/p>\n<p><strong>Diligenciada por: <\/strong>Sara Ospina Restrepo<\/p>\n<p>INFORMACI\u00d3N BIBLIOGR\u00c1FICA<\/p>\n<p>Peri\u00f3dico: El Colombiano<\/p>\n<p>Lugar de edici\u00f3n: Medell\u00edn<\/p>\n<p>Autor personal:<\/p>\n<p>Autor corporativo: El Colombiano<\/p>\n<p>Fecha: 1987, octubre, 18<\/p>\n<p>P\u00e1gina: 1A, 6D<\/p>\n<p>Secci\u00f3n: Portada,<\/p>\n<p><strong>Titular: <\/strong>Asesinado m\u00e9dico de la U.de A.<\/p>\n<p><strong>Resumen:<\/strong><\/p>\n<p>Asesinado el m\u00e9dico interno Rodrigo Guzm\u00e1n Mart\u00ednez, vicepresidente de la Asociaci\u00f3n Nacional de Internos y Residentes, ANIR, Seccional de Antioquia. Tras asesinar al m\u00e9dico, pintaron en una de las paredes del consultorio: \u201cLos traidores de la revoluci\u00f3n \u2013 Muerte Comandos Latinos- a la Coordinadora Guerrillera Sim\u00f3n Bol\u00edvar- Felicitaciones \u2013 Los apoyaremos\u201d.<\/p>\n<p><strong>Im\u00e1genes: <\/strong>n\/a<\/p>\n<p>INFORMACI\u00d3N ANAL\u00cdTICA<\/p>\n<p>Contexto de la noticia:<\/p>\n<p>Atentado contra el diputado suplente de la Asamblea de Antioquia, Gabriel Ram\u00edrez Salazar. El Ministerio de Agricultura alienta a reforma agraria en el pa\u00eds.<\/p>\n<p>Palabras clave: Acciones Violentas, Asesinato, Actores gremiales, Asociaci\u00f3n Nacional de Internos y Residentes<\/p>\n<p>Sugerencia de palabras claves:<\/p>\n<p>Observaciones:<\/p>\n<p>Fecha de diligenciamiento: 15 de febrero de 2019<\/p>\n<h1 style=\"text-align: center;\">***<\/h1>\n<p><strong>N\u00famero de ficha<\/strong>: B206&nbsp;&nbsp;&nbsp;&nbsp;&nbsp;&nbsp;&nbsp;&nbsp;&nbsp;&nbsp;&nbsp;&nbsp;&nbsp;&nbsp;&nbsp;&nbsp;&nbsp;&nbsp;&nbsp;&nbsp;&nbsp;&nbsp;&nbsp;&nbsp;&nbsp;&nbsp;<\/p>\n<p><strong>Diligenciada por: <\/strong>Sara Ospina Restrepo<\/p>\n<p>INFORMACI\u00d3N BIBLIOGR\u00c1FICA<\/p>\n<p>Peri\u00f3dico: El Colombiano<\/p>\n<p>Lugar de edici\u00f3n: Medell\u00edn<\/p>\n<p>Autor personal:<\/p>\n<p>Autor corporativo: El Colombiano<\/p>\n<p>Fecha: 1987, octubre, 22<\/p>\n<p>P\u00e1gina: 14A<\/p>\n<p>Secci\u00f3n: Generales<\/p>\n<p><strong>Titular: <\/strong>Tensa calma en la U.de A. Profesores realizan hoy asamblea extraordinaria<\/p>\n<p><strong>Resumen:<\/strong><\/p>\n<p>\u201cTensa calma se vivi\u00f3 ayer en la Universidad de Antioquia cuando un grupo de estudiantes realiz\u00f3 un mitin en protesta por el presunto secuestro del estudiante de octavo semestre de Medicina, Orlando Casta\u00f1eda S\u00e1nchez, y por el estudiante de Derecho, Oscar Rojas Villegas, quien fue herido de bala el pasado martes. Al mediod\u00eda los estudiantes realizaron una marcha al centro de la ciudad lanzando consignas sobre la situaci\u00f3n de violencia que se vive en el pa\u00eds y especialmente en Medell\u00edn sin que se presentaran incidentes. Tambi\u00e9n se conoci\u00f3 que encapuchados ingresaron en las horas de la ma\u00f1ana y embadurnaron con una sustancia roja algunas paredes de la Ciudad Universitaria, especialmente los bloques de Econom\u00eda, Derecho y Educaci\u00f3n\u2026 De otra parte, la junta directiva de la Asociaci\u00f3n de Profesores de la Universidad de Antioquia rechaz\u00f3 el secuestro del maestro Rodrigo Arenas Betancur y anunci\u00f3 para hoy la realizaci\u00f3n de una asamblea general extraordinaria a las 9 de la ma\u00f1ana\u201d.<\/p>\n<p><strong>Im\u00e1genes: <\/strong>n\/a<\/p>\n<p>INFORMACI\u00d3N ANAL\u00cdTICA<\/p>\n<p>Contexto de la noticia:<\/p>\n<p>Paro en la Aerocivil en protesta por pago de salarios. Tensi\u00f3n nacional por secuestro de Rodrigo Arenas Betancur. El estudiante Oscar Rojas Villegas termina lesionado durante una manifestaci\u00f3n donde se arremeti\u00f3 contra la edificaci\u00f3n de la sede principal de la UNIBAN. Presunto secuestro de un estudiante de la UdeA.<\/p>\n<p>Palabras clave: Acciones de resistencia, Mitin, Marchas estudiantiles, Pintas, Acciones violentas, Secuestro, Estudiante, Rojas Villegas, Oscar, Casta\u00f1eda S\u00e1nchez, Orlando, Actores Institucionales, Asociaci\u00f3n de Profesores de la Universidad de Antioquia<\/p>\n<p>Sugerencia de palabras claves: atentado, intento de homicidio<\/p>\n<p>Observaciones:<\/p>\n<p>Fecha de diligenciamiento: 15 de febrero de 2019<\/p>\n<h1 style=\"text-align: center;\">***<\/h1>\n<p><strong>N\u00famero de ficha<\/strong>: B207&nbsp;&nbsp;&nbsp;&nbsp;&nbsp;&nbsp;&nbsp;&nbsp;&nbsp;&nbsp;&nbsp;&nbsp;&nbsp;&nbsp;&nbsp;&nbsp;&nbsp;&nbsp;&nbsp;&nbsp;&nbsp;&nbsp;&nbsp;&nbsp;&nbsp;&nbsp;<\/p>\n<p><strong>Diligenciada por: <\/strong>Sara Ospina Restrepo<\/p>\n<p>INFORMACI\u00d3N BIBLIOGR\u00c1FICA<\/p>\n<p>Peri\u00f3dico: El Colombiano<\/p>\n<p>Lugar de edici\u00f3n: Medell\u00edn<\/p>\n<p>Autor personal:<\/p>\n<p>Autor corporativo: El Colombiano<\/p>\n<p>Fecha: 1987, octubre, 23<\/p>\n<p>P\u00e1gina: 12B<\/p>\n<p>Secci\u00f3n: Generales<\/p>\n<p><strong>Titular: <\/strong>En la U.de A. Rector\u00eda respalda acci\u00f3n de estudiantes.<\/p>\n<p><strong>Resumen:<\/strong><\/p>\n<p>\u201cLa rector\u00eda de la Universidad de Antioquia y la Asociaci\u00f3n de Profesores del Alma Mater, respaldaron ayer la acci\u00f3n de los estudiantes que en forma pac\u00edfica hicieron frente a un grupo de encapuchados que pretend\u00eda incendiar dos camiones repartidores de gaseosas en el interior de la ciudad universitaria\u201d \u2026 \u201cSe anunci\u00f3 que los estudiantes realizar\u00e1n hoy una asamblea general, a las 10 de la ma\u00f1ana, para decidir si contin\u00faan o no en la anormalidad acad\u00e9mica y analizar los \u00faltimos acontecimientos\u201d \u2026 \u201c<\/p>\n<p><strong>Im\u00e1genes: <\/strong>n\/a<\/p>\n<p>INFORMACI\u00d3N ANAL\u00cdTICA<\/p>\n<p>Contexto de la noticia:<\/p>\n<p>Reelegida Colombia como miembro del ECOSOC de la ONU. Contin\u00faan pugnas entre Ir\u00e1n y Kuwait. Diversas amenazas de muerte en el pa\u00eds contra magistrados. Tensi\u00f3n nacional por secuestro del maestro Rodrigo Arenas Betancur. Paro en el Poder judicial de Medell\u00edn debido a la falta de pago de sueldos y primas.<\/p>\n<p>Palabras clave: Acciones de resistencia, Actores Institucionales, Asamblea de Estudiantes<\/p>\n<p>Sugerencia de palabras claves: impedimento de acciones violentas, resistencia a actos violentos<\/p>\n<p>Observaciones:<\/p>\n<p>Fecha de diligenciamiento: 15 de febrero de 2019<\/p>\n<h1 style=\"text-align: center;\">***<\/h1>\n<p><strong>N\u00famero de ficha<\/strong>: B208&nbsp;&nbsp;&nbsp;&nbsp;&nbsp;&nbsp;&nbsp;&nbsp;&nbsp;&nbsp;&nbsp;&nbsp;&nbsp;&nbsp;&nbsp;&nbsp;&nbsp;&nbsp;&nbsp;&nbsp;&nbsp;&nbsp;&nbsp;&nbsp;&nbsp;&nbsp;<\/p>\n<p><strong>Diligenciada por: <\/strong>Sara Ospina Restrepo<\/p>\n<p>INFORMACI\u00d3N BIBLIOGR\u00c1FICA<\/p>\n<p>Peri\u00f3dico: El Colombiano<\/p>\n<p>Lugar de edici\u00f3n: Medell\u00edn<\/p>\n<p>Autor personal:<\/p>\n<p>Autor corporativo: El Colombiano<\/p>\n<p>Fecha: 1987, octubre, 25<\/p>\n<p>P\u00e1gina: 2A<\/p>\n<p>Secci\u00f3n: Hoy\/Domingo<\/p>\n<p><strong>Titular: <\/strong>Asesinado estudiante que desapareci\u00f3 el viernes<\/p>\n<p><strong>Resumen:<\/strong><\/p>\n<p>El cad\u00e1ver del estudiante secuestrado fue encontrado en una zona rural de Envigado. De acuerdo a la nota period\u00edstica: \u201cOrlando Casta\u00f1eda S\u00e1nchez era, as\u00ed mismo, un l\u00edder deportivo, pues organizaba campeonatos de f\u00fatbol en una tarea que alternaba con su carrera de Medicina. El viernes en la ma\u00f1ana, cuando se encontraba a\u00fan durmiendo en su residencia del Barrio Manrique, llegaron tres hombres vestidos de civil y provistos de metralletas, quienes preguntaron por \u00e9l, y luego de identificarlo, se lo llevaron esposado hacia un lugar desconocido, aunque hab\u00edan dicho a sus familiares que \u201cno se preocupara, pues lo iban a llevar a la inspecci\u00f3n de Manrique a una vuelta y que luego lo dejar\u00edan libre\u201d\u201d.<\/p>\n<p><strong>Im\u00e1genes: <\/strong>n\/a<\/p>\n<p>INFORMACI\u00d3N ANAL\u00cdTICA<\/p>\n<p>Contexto de la noticia:<\/p>\n<p>Buscan responsables en el desplome de la bolsa de N.Y. Pa\u00edses del Golfo se unir\u00edan contra Ir\u00e1n. Lleras Restrepo se opone a plebiscito para reformar la constituci\u00f3n. Confirman a Jaramillo Ossa como presidente de la UP. Andr\u00e9s Pastrana fue proclamado por el Partido Social Conservador como candidato a la alcald\u00eda de Bogot\u00e1. Exequias de alcalde asesinado de Dabeiba ser\u00e1 en Medell\u00edn.<\/p>\n<p>Palabras clave: Acciones Violentas, Asesinato, Casta\u00f1eda S\u00e1nchez, Orlando<\/p>\n<p>Sugerencia de palabras claves:<\/p>\n<p>Observaciones: El 23 de octubre el rector de la Universidad de Antioquia pidi\u00f3 la Intervenci\u00f3n del procurador en caso de secuestro de estudiante de la UdeA.<\/p>\n<p>Fecha de diligenciamiento: 15 de febrero de 2019<\/p>\n<h1 style=\"text-align: center;\">***<\/h1>\n<p><strong>N\u00famero de ficha<\/strong>: B209&nbsp;&nbsp;&nbsp;&nbsp;&nbsp;&nbsp;&nbsp;&nbsp;&nbsp;&nbsp;&nbsp;&nbsp;&nbsp;&nbsp;&nbsp;&nbsp;&nbsp;&nbsp;&nbsp;&nbsp;&nbsp;&nbsp;&nbsp;&nbsp;&nbsp;&nbsp;<\/p>\n<p><strong>Diligenciada por: <\/strong>Sara Ospina Restrepo<\/p>\n<p>INFORMACI\u00d3N BIBLIOGR\u00c1FICA<\/p>\n<p>Peri\u00f3dico: El Colombiano<\/p>\n<p>Lugar de edici\u00f3n: Medell\u00edn<\/p>\n<p>Autor personal: C\u00f3rdoba Laverde, Pedro Nel (20B)<\/p>\n<p>Autor corporativo: El Colombiano<\/p>\n<p>Fecha: 1987, octubre, 27<\/p>\n<p>P\u00e1gina: 1A, 3A, 20B<\/p>\n<p>Secci\u00f3n: Portada<\/p>\n<p><strong>Titular: <\/strong>Cerrada la U.de A. hasta el 4 de noviembre<\/p>\n<p><strong>Resumen:<\/strong><\/p>\n<p>Un comunicado expedido por el Consejo Superior Universitario se declara el cierre de la Universidad desde el 27 de octubre al 4 de noviembre debido al asesinato del estudiante Orlando Casta\u00f1eda S\u00e1nchez.<\/p>\n<p>Estudiantes de la Universidad de Antioquia organizaron una marcha desde la Iglesia San Benito hasta el Cementerio San Pedro, donde fue sepultado el estudiante. \u201cLas paredes se volvieron a llenar de grafitis con su protesta muda e impotente\u201d.<\/p>\n<p><strong>Im\u00e1genes: <\/strong>IMGB209<\/p>\n<p>Marcha f\u00fanebre. Foto: Zuleta, Jorge<\/p>\n<p>INFORMACI\u00d3N ANAL\u00cdTICA<\/p>\n<p>Contexto de la noticia:<\/p>\n<p>En El Salvador asesinan a presidente de la Comisi\u00f3n de Derechos Humanos. Segunda gran ca\u00edda en la bolsa de N.Y. Reinician clases en Universidad Nacional luego de 20 d\u00edas de receso obligatorio debido a la toma de las antiguas residencias universitarias. Ecopetrol estima cerca de 40 mil millones en regal\u00edas. La polic\u00eda dio golpe al narcotr\u00e1fico en Cali y Bogot\u00e1, al decomisar gran cantidad de coca\u00edna que iba a ser enviada al exterior. Contin\u00faa tristeza por las p\u00e9rdidas en Villatina.<\/p>\n<p>Palabras clave: Respuestas Institucionales, Cierre administrativo, Acciones Violentas, Asesinato, Casta\u00f1eda S\u00e1nchez, Orlando, Acciones de resistencia, Actos religiosos<\/p>\n<p>Sugerencia de palabras claves: marcha f\u00fanebre<\/p>\n<p>Observaciones:<\/p>\n<p>Fecha de diligenciamiento: 15 de febrero de 2019<\/p>\n<h1 style=\"text-align: center;\">***<\/h1>\n<p><strong>N\u00famero de ficha<\/strong>: B210&nbsp;&nbsp; &nbsp;&nbsp;&nbsp;&nbsp;&nbsp;&nbsp;&nbsp;&nbsp;&nbsp;&nbsp;&nbsp;&nbsp;&nbsp;&nbsp;&nbsp;&nbsp;&nbsp;&nbsp;&nbsp;&nbsp;&nbsp;&nbsp;&nbsp;<\/p>\n<p><strong>Diligenciada por: <\/strong>Sara Ospina Restrepo<\/p>\n<p>INFORMACI\u00d3N BIBLIOGR\u00c1FICA<\/p>\n<p>Peri\u00f3dico: El Colombiano<\/p>\n<p>Lugar de edici\u00f3n: Medell\u00edn<\/p>\n<p>Autor personal:<\/p>\n<p>Autor corporativo: El Colombiano<\/p>\n<p>Fecha: 1987, octubre, 27<\/p>\n<p>P\u00e1gina: 16A<\/p>\n<p>Secci\u00f3n: Generales<\/p>\n<p><strong>Titular: <\/strong>Los estudiantes ocuparon pac\u00edficamente la U.de A. Reclaman garant\u00edas para que permanezca abierta<\/p>\n<p><strong>Resumen:<\/strong><\/p>\n<p>Luego de la marcha f\u00fanebre realizada en el sepelio del estudiante Orlando Casta\u00f1eda S\u00e1nchez, un grupo de estudiantes se tomaron pac\u00edficamente las instalaciones de la universidad solicitando que el claustro permanezca abierto. As\u00ed mismo, publicaron un comunicado: \u201cDespu\u00e9s del asesinato de Orlando Casta\u00f1eda S\u00e1nchez, hemos decidido abrir las puertas de la universidad, cerradas por el gobernador, alguien ajeno, enemigo de ella. La cerr\u00f3 para evitar la \u00fanica posibilidad que los estudiantes tenemos de defendernos ante la ola de exterminio que ya cobra 14 compa\u00f1eros ca\u00eddos en cuatro meses\u2026 Por eso nosotros los estudiantes nunca la cerraremos ni la cerraremos, ni propiciaremos motivos para que ello suceda. Al contrario, la queremos abierta, cr\u00edtica, deliberante, comprometida con el pueblo\u2026 Por eso levantamos la realizaci\u00f3n de las jornadas \u201cmi\u00e9rcoles por la vida\u201d, que iniciaremos esta semana con una movilizaci\u00f3n\u2026\u201d<\/p>\n<p><strong>Im\u00e1genes: <\/strong>n\/a<\/p>\n<p>INFORMACI\u00d3N ANAL\u00cdTICA<\/p>\n<p>Contexto de la noticia:<\/p>\n<p>En El Salvador asesinan a presidente de la Comisi\u00f3n de Derechos Humanos. Segunda gran ca\u00edda en la bolsa de N.Y. Reinician clases en Universidad Nacional luego de 20 d\u00edas de receso obligatorio debido a la toma de las antiguas residencias universitarias. Ecopetrol estima cerca de 40 mil millones en regal\u00edas. La polic\u00eda dio golpe al narcotr\u00e1fico en Cali y Bogot\u00e1, al decomisar gran cantidad de coca\u00edna que iba a ser enviada al exterior. Contin\u00faa tristeza por las p\u00e9rdidas en Villatina.<\/p>\n<p>Palabras clave: Acciones de resistencia, Toma pac\u00edfica de lugares, Comunicados, misivas, declaraciones, Acciones pedag\u00f3gicas<\/p>\n<p>Sugerencia de palabras claves:<\/p>\n<p>Observaciones:<\/p>\n<p>Fecha de diligenciamiento: 15 de febrero de 2019<\/p>\n<h1 style=\"text-align: center;\">***<\/h1>\n<p><strong>N\u00famero de ficha<\/strong>: B211&nbsp;&nbsp;&nbsp;&nbsp;&nbsp;&nbsp;&nbsp;&nbsp;&nbsp;&nbsp;&nbsp;&nbsp;&nbsp;&nbsp;&nbsp;&nbsp;&nbsp;&nbsp;&nbsp;&nbsp;&nbsp;&nbsp;&nbsp;&nbsp;&nbsp;&nbsp;<\/p>\n<p><strong>Diligenciada por: <\/strong>Sara Ospina Restrepo<\/p>\n<p>INFORMACI\u00d3N BIBLIOGR\u00c1FICA<\/p>\n<p>Peri\u00f3dico: El Colombiano<\/p>\n<p>Lugar de edici\u00f3n: Medell\u00edn<\/p>\n<p>Autor personal:<\/p>\n<p>Autor corporativo: El Colombiano<\/p>\n<p>Fecha: 1987, noviembre, 04<\/p>\n<p>P\u00e1gina: 1AB, 2A<\/p>\n<p>Secci\u00f3n: Portada,<\/p>\n<p><strong>Titular: <\/strong>Contin\u00faa receso acad\u00e9mico en la U. de A.<\/p>\n<p><strong>Resumen:<\/strong><\/p>\n<p>El Consejo Superior de la Universidad de Antioquia determin\u00f3 que el cese de actividades continuar\u00e1 hasta que se genere el ambiente propicio para su reapertura. Sin embargo, las labores administrativas, postgrado, investigaci\u00f3n y extensi\u00f3n continuar\u00e1n sus actividades a partir del 04 de noviembre.<\/p>\n<p><strong>Im\u00e1genes: <\/strong>n\/a<\/p>\n<p>INFORMACI\u00d3N ANAL\u00cdTICA<\/p>\n<p>Contexto de la noticia:<\/p>\n<p>El presidente de la rep\u00fablica ser\u00e1 facultado para expedir c\u00f3digo de Minas. Tras ataque del ELN en el Bagre se notifican 6 muertos y varios heridos. Queman otro bus en predios de la UNAL, sede Bogot\u00e1.<\/p>\n<p>Palabras clave: Respuestas Institucionales, Cierre administrativo<\/p>\n<p>Sugerencia de palabras claves:<\/p>\n<p>Observaciones:<\/p>\n<p>Fecha de diligenciamiento: 15 de febrero de 2019<\/p>\n<h1 style=\"text-align: center;\">***<\/h1>\n<p><strong>N\u00famero de ficha<\/strong>: B212&nbsp;&nbsp;&nbsp;&nbsp;&nbsp;&nbsp;&nbsp;&nbsp;&nbsp;&nbsp;&nbsp;&nbsp;&nbsp;&nbsp;<\/p>\n<p><strong>Diligenciada por: <\/strong>Sara Ospina Restrepo<\/p>\n<p>INFORMACI\u00d3N BIBLIOGR\u00c1FICA<\/p>\n<p>Peri\u00f3dico: El Colombiano<\/p>\n<p>Lugar de edici\u00f3n: Medell\u00edn<\/p>\n<p>Autor personal:<\/p>\n<p>Autor corporativo: El Colombiano<\/p>\n<p>Fecha: 1987, noviembre, 09<\/p>\n<p>P\u00e1gina: 6B<\/p>\n<p>Secci\u00f3n: Generales<\/p>\n<p><strong>Titular: <\/strong>\u201cEs necesario un proceso de neutralizaci\u00f3n pol\u00edtica de la U.de A. Afirm\u00f3 el rector a los diputados<\/p>\n<p><strong>Resumen:<\/strong><\/p>\n<p>En reuni\u00f3n con los diputados, el rector afirm\u00f3 que es necesario un proceso de neutralizaci\u00f3n pol\u00edtica en la Universidad, pues \u201cLa Universidad no puede seguir respondiendo por las amenazas y muertes de miembros de diferentes corrientes ideol\u00f3gicas y pol\u00edticas. Es decir, no puede seguir cargando con la vinculaci\u00f3n pol\u00edtica de cada uno\u201d. As\u00ed mismo, el rector critic\u00f3 la posici\u00f3n de las directivas y el gobierno pues se han dedicado a dilatar los procesos y a confundir la opini\u00f3n p\u00fablica.<\/p>\n<p><strong>Im\u00e1genes: <\/strong>n\/a<\/p>\n<p>INFORMACI\u00d3N ANAL\u00cdTICA<\/p>\n<p>Contexto de la noticia:<\/p>\n<p>Aumenta crisis en Chile: artistas chilenos son obligador a emigrar. La reforma agraria se abre camino en el congreso. Inauguraci\u00f3n de la sede de la Campa\u00f1a de Juan G\u00f3mez en Medell\u00edn.<\/p>\n<p>Palabras clave: Acciones de resistencia, Declaratoria de neutralidad o de territorio de paz, Respuestas Institucionales<\/p>\n<p>Sugerencia de palabras claves:<\/p>\n<p>Observaciones:<\/p>\n<p>Fecha de diligenciamiento: 15 de febrero de 2019<\/p>\n<h1 style=\"text-align: center;\">***<\/h1>\n<p><strong>N\u00famero de ficha<\/strong>:&nbsp; B213&nbsp;&nbsp;&nbsp;&nbsp;&nbsp;&nbsp;&nbsp;&nbsp;&nbsp;&nbsp;&nbsp;&nbsp;&nbsp;&nbsp;&nbsp;&nbsp;&nbsp;&nbsp;&nbsp;&nbsp;&nbsp;&nbsp;&nbsp;&nbsp;&nbsp;&nbsp;<\/p>\n<p><strong>Diligenciada por:&nbsp; <\/strong>Sara Ospina Restrepo<\/p>\n<p>INFORMACI\u00d3N BIBLIOGR\u00c1FICA<\/p>\n<p>Peri\u00f3dico: El Colombiano<\/p>\n<p>Lugar de edici\u00f3n: Medell\u00edn<\/p>\n<p>Autor personal:<\/p>\n<p>Autor corporativo: El Colombiano<\/p>\n<p>Fecha: 1987, noviembre, 14<\/p>\n<p>P\u00e1gina: 1A, 2A<\/p>\n<p>Secci\u00f3n: Portada,<\/p>\n<p><strong>Titular: <\/strong>Convocan en la U.de A. a ex\u00e1menes finales<\/p>\n<p><strong>Resumen:<\/strong><\/p>\n<p>El Consejo Superior de la Universidad de Antioquia convoc\u00f3 a los estudiantes a la presentaci\u00f3n de trabajos y ex\u00e1menes finales con el fin de salvar el semestre en el marco del calendario acad\u00e9mico.<\/p>\n<p><strong>Im\u00e1genes: <\/strong>n\/a<\/p>\n<p>INFORMACI\u00d3N ANAL\u00cdTICA<\/p>\n<p>Contexto de la noticia:<\/p>\n<p>Irak ataca en el Golfo. Principio de acuerdo entre Colombia y Estados Unidos para reanudar extradici\u00f3n. Rodr\u00edguez Gacha, quien es se\u00f1alado como el autor intelectual del homicidio de Jaime Pardo Leal, se encuentra en Colombia seg\u00fan autoridades. La CUT denuncia el asesinato de mil personas, la mayor\u00eda de los hechos se le atribuye a los paramilitares.<\/p>\n<p>Palabras clave: Respuestas Institucionales, Reapertura<\/p>\n<p>Sugerencia de palabras claves:<\/p>\n<p>Observaciones: No se explicita en qu\u00e9 momento se dio la apertura del claustro universitario. Sin embargo, en la nota se publica el calendario acad\u00e9mico.<\/p>\n<p>Fecha de diligenciamiento: 15 de febrero de 2019<\/p>\n<h1 style=\"text-align: center;\">***<\/h1>\n<p><strong>N\u00famero de ficha<\/strong>:&nbsp; B214&nbsp;&nbsp;&nbsp;&nbsp;&nbsp;&nbsp;&nbsp;&nbsp;&nbsp;&nbsp;&nbsp;&nbsp;&nbsp;&nbsp;&nbsp;&nbsp;&nbsp;&nbsp;&nbsp;&nbsp;&nbsp;&nbsp;&nbsp;&nbsp;&nbsp;&nbsp;<\/p>\n<p><strong>Diligenciada por: <\/strong>Sara Ospina Restrepo<\/p>\n<p>INFORMACI\u00d3N BIBLIOGR\u00c1FICA<\/p>\n<p>Peri\u00f3dico: El Colombiano<\/p>\n<p>Lugar de edici\u00f3n: Medell\u00edn<\/p>\n<p>Autor personal:<\/p>\n<p>Autor corporativo: El Colombiano<\/p>\n<p>Fecha: 1987, noviembre, 25<\/p>\n<p>P\u00e1gina: 1AB, 18B<\/p>\n<p>Secci\u00f3n: Portada,<\/p>\n<p><strong>Titular: <\/strong>Asesinadas 5 personas en la sede de la JUCO<\/p>\n<p><strong>Resumen:<\/strong><\/p>\n<p>Entre las v\u00edctimas se encontraba la estudiante de Qu\u00edmica Farmac\u00e9utica Marina Ram\u00edrez, quien era la jefa de finanzas de la JUCO. El Movimiento Obrero Estudiantil Nacional Socialista se atribuy\u00f3 los hechos.<\/p>\n<p><strong>Im\u00e1genes: <\/strong>IMGB214- IMGB214a- IMGB214b- IMGB214c<\/p>\n<p>Lugar de los hechos. Foto: Herv\u00e1squez<\/p>\n<p>Hombre llorando desconsoladamente. Foto: Herv\u00e1squez<\/p>\n<p>Las v\u00edctimas cubiertas con una s\u00e1bana. Foto: Herv\u00e1squez<\/p>\n<p>Escenario del crimen. Foto: Herv\u00e1squez<\/p>\n<p>INFORMACI\u00d3N ANAL\u00cdTICA<\/p>\n<p>Contexto de la noticia:<\/p>\n<p>El gobierno no tendr\u00e1 mayor\u00eda decisoria en la junta del INCORA. Gobierno nacional rechaza masacre en la sede de la JUCO. Jaramillo Ossa acusa al gobierno nacional por masacre en Medell\u00edn.<\/p>\n<p>Palabras clave: Acciones violentas, Asesinato, Masacres, Actores Armados, Movimiento Obrero Estudiantil Nacional Socialista<\/p>\n<p>Sugerencia de palabras claves:<\/p>\n<p>Observaciones:<\/p>\n<p>Fecha de diligenciamiento: 15 de febrero de 2019<\/p>\n<h1 style=\"text-align: center;\">***<\/h1>\n<p><strong>N\u00famero de ficha<\/strong>: B215&nbsp;&nbsp;&nbsp;&nbsp;&nbsp;&nbsp;&nbsp;&nbsp;&nbsp;&nbsp;&nbsp;&nbsp;&nbsp;&nbsp;<\/p>\n<p><strong>Diligenciada por: <\/strong>Sara Ospina Restrepo<\/p>\n<p>INFORMACI\u00d3N BIBLIOGR\u00c1FICA<\/p>\n<p>Peri\u00f3dico: El Colombiano<\/p>\n<p>Lugar de edici\u00f3n: Medell\u00edn<\/p>\n<p>Autor personal:<\/p>\n<p>Autor corporativo: El Colombiano<\/p>\n<p>Fecha: 1987, diciembre, 02<\/p>\n<p>P\u00e1gina: 17A<\/p>\n<p>Secci\u00f3n: Generales<\/p>\n<p><strong>Titular: <\/strong>En el Palacio de Nari\u00f1o Tirado Mej\u00eda se reunir\u00e1 con representantes de la U.de A.<\/p>\n<p><strong>Resumen:<\/strong><\/p>\n<p>El 9 de diciembre el consejero presidencial para la defensa de los derechos humanos, \u00c1lvaro Tirado Mej\u00eda se entrevistar\u00e1 con una comisi\u00f3n del CSU para dialogar sobre la crisis de violencia que atraviesa la universidad, igualmente se hablar\u00e1 sobre las amenazas de muerte que recaen sobre varios profesores y estudiantes del plantel educativo.<\/p>\n<p><strong>Im\u00e1genes: <\/strong>n\/a<\/p>\n<p>INFORMACI\u00d3N ANAL\u00cdTICA<\/p>\n<p>Contexto de la noticia:<\/p>\n<p>Condenan la permisividad de violencia electoral por parte de militares haitianos. El presidente de la Rep\u00fablica sanciona ley sobre presupuesto y cr\u00e9dito p\u00fablico. Tirado Mej\u00eda propone aumentar penas por torturas. Conformadas las 9 comisiones para proyectar reestructuraci\u00f3n en la UdeA.<\/p>\n<p>Palabras clave: Respuestas Institucionales, Actores Institucionales, Tirado Mej\u00eda, \u00c1lvaro<\/p>\n<p>Sugerencia de palabras claves: Di\u00e1logo con actores institucionales<\/p>\n<p>Observaciones:<\/p>\n<p>Fecha de diligenciamiento: 15 de febrero de 2019<\/p>\n<h1 style=\"text-align: center;\">***<\/h1>\n<p><strong>N\u00famero de ficha<\/strong>: B216&nbsp;&nbsp;&nbsp;&nbsp;&nbsp;&nbsp;&nbsp;&nbsp;&nbsp;&nbsp;&nbsp;&nbsp;&nbsp;&nbsp;&nbsp;&nbsp;&nbsp;&nbsp;&nbsp;&nbsp;&nbsp;&nbsp;&nbsp;&nbsp;&nbsp;&nbsp;<\/p>\n<p><strong>Diligenciada por: <\/strong>Sara Ospina Restrepo<\/p>\n<p>INFORMACI\u00d3N BIBLIOGR\u00c1FICA<\/p>\n<p>Peri\u00f3dico: El Colombiano<\/p>\n<p>Lugar de edici\u00f3n: Medell\u00edn<\/p>\n<p>Autor personal:<\/p>\n<p>Autor corporativo: El Colombiano<\/p>\n<p>Fecha: 1987, diciembre, 11<\/p>\n<p>P\u00e1gina: 8D<\/p>\n<p>Secci\u00f3n: Seguridad<\/p>\n<p><strong>Titular: <\/strong>Secuestrado estudiante de periodismo de la U. de A.<\/p>\n<p><strong>Resumen:<\/strong><\/p>\n<p>Es secuestrado Francisco Gaviria Jaramillo, estudiante de Comunicaci\u00f3n social de la Universidad de Antioquia, militante de la JUCO.<\/p>\n<p><strong>Im\u00e1genes: <\/strong>n\/a<\/p>\n<p>INFORMACI\u00d3N ANAL\u00cdTICA<\/p>\n<p><strong>Contexto de la noticia: <\/strong><\/p>\n<p>Contin\u00faa el paro judicial en Antioquia. El director de la polic\u00eda entrega exitoso balance en lucha contra la delincuencia. Los municipios del pa\u00eds deber\u00e1n establecer un plan de desarrollo.&nbsp; En la C\u00e1mara v\u00eda libre a la Reforma Agraria.<\/p>\n<p>Palabras clave: Acciones Violentas, Secuestro, JUCO, Estudiante, Gaviria Jaramillo, Francisco<\/p>\n<p>Sugerencia de palabras claves:<\/p>\n<p>Observaciones:<\/p>\n<p>Fecha de diligenciamiento: 15 de febrero de 2019<\/p>\n<h1 style=\"text-align: center;\">***<\/h1>\n<p><strong>N\u00famero de ficha<\/strong>: B217&nbsp;&nbsp;&nbsp;&nbsp;&nbsp;&nbsp;&nbsp;&nbsp;&nbsp;&nbsp;&nbsp;&nbsp;&nbsp;&nbsp;&nbsp;&nbsp;&nbsp;&nbsp;&nbsp;&nbsp;&nbsp;&nbsp;&nbsp;&nbsp;&nbsp;&nbsp;<\/p>\n<p><strong>Diligenciada por: <\/strong>Sara Ospina Restrepo<\/p>\n<p>INFORMACI\u00d3N BIBLIOGR\u00c1FICA<\/p>\n<p>Peri\u00f3dico: El Colombiano<\/p>\n<p>Lugar de edici\u00f3n: Medell\u00edn<\/p>\n<p>Autor personal:<\/p>\n<p>Autor corporativo: El Colombiano<\/p>\n<p>Fecha: 1987, diciembre, 12<\/p>\n<p>P\u00e1gina: 1A, 2A,9D<\/p>\n<p>Secci\u00f3n: Portada,<\/p>\n<p><strong>Titular: <\/strong>Apareci\u00f3 asesinado el estudiante de periodismo. La U.de A. pidi\u00f3 investigaci\u00f3n a la Procuradur\u00eda.<\/p>\n<p><strong>Resumen:<\/strong><\/p>\n<p>El estudiante fue encontrado en una zona sur-oriental de Envigado: \u201cel cad\u00e1ver estaba dentro de un costal, atado de pies y manos con un alambre, con un balazo en el cr\u00e1neo, visibles huellas de tortura, tres costillas fracturadas y golpes en el est\u00f3mago\u201d. Horas despu\u00e9s el Movimiento Obrero Estudiantil Nacional Socialista se atribuy\u00f3 los hechos.<\/p>\n<p><strong>Im\u00e1genes: <\/strong>n\/a<\/p>\n<p>INFORMACI\u00d3N ANAL\u00cdTICA<\/p>\n<p>Contexto de la noticia:<\/p>\n<p>En Espa\u00f1a, en la localidad de Zaragoza estalla carro bomba (ETA) y mueren 11 personas. Carlos Ossa Escobar ser\u00e1 candidato a la alcald\u00eda de Bogot\u00e1. La UdeA y el CIPA expiden un comunicado a la opini\u00f3n p\u00fablica en repudio por el asesinato del estudiante universitario. El sepelio del estudiante fue tranquilo, no hubo alteraciones de orden p\u00fablico.<\/p>\n<p>Palabras clave: Acciones Violentas, Asesinato, Actores Armados, Movimiento Obrero Estudiantil Nacional Socialista<\/p>\n<p>Sugerencia de palabras claves:<\/p>\n<p>Observaciones:<\/p>\n<p>Fecha de diligenciamiento: 15 de febrero de 2019<\/p>\n<h1 style=\"text-align: center;\">***<\/h1>\n<p><strong>N\u00famero de ficha<\/strong>: B218&nbsp;&nbsp;&nbsp;&nbsp;&nbsp;&nbsp;&nbsp;&nbsp;&nbsp;&nbsp;&nbsp;&nbsp;&nbsp;&nbsp;<\/p>\n<p><strong>Diligenciada por: <\/strong>Sara Ospina Restrepo<\/p>\n<p>INFORMACI\u00d3N BIBLIOGR\u00c1FICA<\/p>\n<p>Peri\u00f3dico: El Colombiano<\/p>\n<p>Lugar de edici\u00f3n: Medell\u00edn<\/p>\n<p>Autor personal:<\/p>\n<p>Autor corporativo:<\/p>\n<p>Fecha: 1987, diciembre, 17<\/p>\n<p>P\u00e1gina: 1A, 3A<\/p>\n<p>Secci\u00f3n: Portada,<\/p>\n<p><strong>Titular: <\/strong>En Enero reabrir\u00edan la U. de A.<\/p>\n<p><strong>Resumen:<\/strong><\/p>\n<p>Voceros autorizados enuncian que la UdeA ser\u00eda abierta en la segunda quincena de enero de 1988, debido a que el Consejo Acad\u00e9mico, tras exhaustivo an\u00e1lisis, recomend\u00f3 la no reapertura en lo faltante del a\u00f1o.<\/p>\n<p><strong>Im\u00e1genes: <\/strong>n\/a<\/p>\n<p>INFORMACI\u00d3N ANAL\u00cdTICA<\/p>\n<p>Contexto de la noticia:<\/p>\n<p>Triunfa el oficialismo en elecciones presidenciales de Corea del Sur. Por errores de procedimiento demandar\u00e1n la reforma agraria. Primer aniversario de la muerte de Guillermo Cano. Se augura soluci\u00f3n del paro judicial en Medell\u00edn.<\/p>\n<p>Palabras clave: Respuestas Institucionales, Reapertura<\/p>\n<p>Sugerencia de palabras claves:<\/p>\n<p>Observaciones:<\/p>\n<p>Fecha de diligenciamiento: 15 de febrero de 2019<\/p>\n<h1 style=\"text-align: center;\">***<\/h1>\n<p><strong>N\u00famero de ficha<\/strong>: B219&nbsp;&nbsp;&nbsp;&nbsp;&nbsp;&nbsp;&nbsp;&nbsp;&nbsp;&nbsp;&nbsp;&nbsp;&nbsp;&nbsp;&nbsp;&nbsp;&nbsp;&nbsp;&nbsp;&nbsp;&nbsp;&nbsp;&nbsp;&nbsp;&nbsp;&nbsp;<\/p>\n<p><strong>Diligenciada por: <\/strong>Sara Ospina Restrepo<\/p>\n<p>INFORMACI\u00d3N BIBLIOGR\u00c1FICA<\/p>\n<p>Peri\u00f3dico: El Colombiano<\/p>\n<p>Lugar de edici\u00f3n: Medell\u00edn<\/p>\n<p>Autor personal: C\u00f3rdoba, Pedro Nel<\/p>\n<p>Autor corporativo: El Colombiano<\/p>\n<p>Fecha: 1987, diciembre, 19<\/p>\n<p>P\u00e1gina: 1A, 3A, 7D, 8D<\/p>\n<p>Secci\u00f3n: Portada,<\/p>\n<p><strong>Titular: <\/strong>En\u00e9rgico rechazo al asesinato del profesor Luis Fernando V\u00e9lez<\/p>\n<p><strong>Resumen:<\/strong><\/p>\n<p>El profesor de la UdeA Luis Fernando V\u00e9lez fue asesinado el 17 de diciembre. El profesor hab\u00eda sido amenazado en varias ocasiones, era integrante del Comit\u00e9 para la Defensa de los Derechos Humanos. La Gobernaci\u00f3n y el Consejo Superior de la UdeA condena el crimen.<\/p>\n<p><strong>Im\u00e1genes: <\/strong>IMGB219- IMGB219a<\/p>\n<p>Exequias del profesor. Foto: Zuleta, Jorge<\/p>\n<p>F\u00e9retro cubierto con la bandera de la UdeA. Foto: Jorge, Zuleta<\/p>\n<p>INFORMACI\u00d3N ANAL\u00cdTICA<\/p>\n<p>Contexto de la noticia:<\/p>\n<p>Por toma guerrillera se decreta toque de queda en poblaci\u00f3n del Caquet\u00e1. Se levanta paro judicial en Medell\u00edn.<\/p>\n<p>Palabras clave: Acciones Violentas, Asesinato, Acciones de Resistencia, Actos Religiosos, Actos Simb\u00f3licos, Profesor, V\u00e9lez, Luis Fernando, Actores Institucionales, Consejo Superior de la UdeA<\/p>\n<p>Sugerencia de palabras claves:<\/p>\n<p>Observaciones:<\/p>\n<p>Fecha de diligenciamiento: 15 de febrero de 2019<\/p>\n","protected":false},"excerpt":{"rendered":"<p>N\u00famero de ficha: B01&nbsp;&nbsp;&nbsp;&nbsp;&nbsp;&nbsp;&nbsp;&nbsp;&nbsp;&nbsp;&nbsp;&nbsp;&nbsp;&nbsp;&nbsp;&nbsp;&nbsp;&nbsp;&nbsp;&nbsp;&nbsp;&nbsp;&nbsp;&nbsp;&nbsp;&nbsp;&nbsp;&nbsp; Diligenciada por: Sara Ospina Restrepo INFORMACI\u00d3N BIBLIOGR\u00c1FICA Peri\u00f3dico: El Colombiano Lugar de edici\u00f3n: Medell\u00edn Autor personal: Villa, Mar\u00eda Eugenia &amp; de Villa, Ofelia Luz Autor corporativo: El Colombiano Fecha: 1979, marzo, 23 P\u00e1gina: 16B Secci\u00f3n: Seguridad Titular: Atracos en la U. de A. Resumen: \u201cLa inseguridad en los predios de la [&hellip;]<\/p>\n","protected":false},"author":1,"featured_media":0,"parent":609,"menu_order":0,"comment_status":"closed","ping_status":"closed","template":"","meta":{"_acf_changed":false,"_monsterinsights_skip_tracking":false,"_monsterinsights_sitenote_active":false,"_monsterinsights_sitenote_note":"","_monsterinsights_sitenote_category":0,"ngg_post_thumbnail":0,"footnotes":""},"acf":[],"yoast_head":"<!-- This site is optimized with the Yoast SEO plugin v22.1 - https:\/\/yoast.com\/wordpress\/plugins\/seo\/ -->\n<title>1979 - 1988 - 50 a\u00f1os de violencia y resistencia en la Universidad de Antioquia<\/title>\n<meta name=\"robots\" content=\"index, follow, max-snippet:-1, max-image-preview:large, max-video-preview:-1\" \/>\n<link rel=\"canonical\" href=\"https:\/\/hacemosmemoria.org\/udea50\/fichero\/1979-1988\/\" \/>\n<meta property=\"og:locale\" content=\"es_ES\" \/>\n<meta property=\"og:type\" content=\"article\" \/>\n<meta property=\"og:title\" content=\"1979 - 1988 - 50 a\u00f1os de violencia y resistencia en la Universidad de Antioquia\" \/>\n<meta property=\"og:description\" content=\"N\u00famero de ficha: B01&nbsp;&nbsp;&nbsp;&nbsp;&nbsp;&nbsp;&nbsp;&nbsp;&nbsp;&nbsp;&nbsp;&nbsp;&nbsp;&nbsp;&nbsp;&nbsp;&nbsp;&nbsp;&nbsp;&nbsp;&nbsp;&nbsp;&nbsp;&nbsp;&nbsp;&nbsp;&nbsp;&nbsp; Diligenciada por: Sara Ospina Restrepo INFORMACI\u00d3N BIBLIOGR\u00c1FICA Peri\u00f3dico: El Colombiano Lugar de edici\u00f3n: Medell\u00edn Autor personal: Villa, Mar\u00eda Eugenia &amp; de Villa, Ofelia Luz Autor corporativo: El Colombiano Fecha: 1979, marzo, 23 P\u00e1gina: 16B Secci\u00f3n: Seguridad Titular: Atracos en la U. de A. Resumen: \u201cLa inseguridad en los predios de la [&hellip;]\" \/>\n<meta property=\"og:url\" content=\"https:\/\/hacemosmemoria.org\/udea50\/fichero\/1979-1988\/\" \/>\n<meta property=\"og:site_name\" content=\"50 a\u00f1os de violencia y resistencia en la Universidad de Antioquia\" \/>\n<meta property=\"article:modified_time\" content=\"2019-09-09T19:45:27+00:00\" \/>\n<meta name=\"twitter:card\" content=\"summary_large_image\" \/>\n<meta name=\"twitter:label1\" content=\"Tiempo estimado de lectura\" \/>\n\t<meta name=\"twitter:data1\" content=\"414 minutos\" \/>\n<script type=\"application\/ld+json\" class=\"yoast-schema-graph\">{\"@context\":\"https:\/\/schema.org\",\"@graph\":[{\"@type\":\"WebPage\",\"@id\":\"https:\/\/hacemosmemoria.org\/udea50\/fichero\/1979-1988\/\",\"url\":\"https:\/\/hacemosmemoria.org\/udea50\/fichero\/1979-1988\/\",\"name\":\"1979 - 1988 - 50 a\u00f1os de violencia y resistencia en la Universidad de Antioquia\",\"isPartOf\":{\"@id\":\"https:\/\/hacemosmemoria.org\/udea50\/#website\"},\"datePublished\":\"2019-09-02T14:28:32+00:00\",\"dateModified\":\"2019-09-09T19:45:27+00:00\",\"breadcrumb\":{\"@id\":\"https:\/\/hacemosmemoria.org\/udea50\/fichero\/1979-1988\/#breadcrumb\"},\"inLanguage\":\"es-CO\",\"potentialAction\":[{\"@type\":\"ReadAction\",\"target\":[\"https:\/\/hacemosmemoria.org\/udea50\/fichero\/1979-1988\/\"]}]},{\"@type\":\"BreadcrumbList\",\"@id\":\"https:\/\/hacemosmemoria.org\/udea50\/fichero\/1979-1988\/#breadcrumb\",\"itemListElement\":[{\"@type\":\"ListItem\",\"position\":1,\"name\":\"Inicio\",\"item\":\"https:\/\/hacemosmemoria.org\/udea50\/\"},{\"@type\":\"ListItem\",\"position\":2,\"name\":\"Fichero\",\"item\":\"https:\/\/hacemosmemoria.org\/udea50\/fichero\/\"},{\"@type\":\"ListItem\",\"position\":3,\"name\":\"1979 &#8211; 1988\"}]},{\"@type\":\"WebSite\",\"@id\":\"https:\/\/hacemosmemoria.org\/udea50\/#website\",\"url\":\"https:\/\/hacemosmemoria.org\/udea50\/\",\"name\":\"50 a\u00f1os de violencia y resistencia en la Universidad de Antioquia\",\"description\":\"Un contenido de Hacemos Memoria\",\"potentialAction\":[{\"@type\":\"SearchAction\",\"target\":{\"@type\":\"EntryPoint\",\"urlTemplate\":\"https:\/\/hacemosmemoria.org\/udea50\/?s={search_term_string}\"},\"query-input\":\"required name=search_term_string\"}],\"inLanguage\":\"es-CO\"}]}<\/script>\n<!-- \/ Yoast SEO plugin. -->","yoast_head_json":{"title":"1979 - 1988 - 50 a\u00f1os de violencia y resistencia en la Universidad de Antioquia","robots":{"index":"index","follow":"follow","max-snippet":"max-snippet:-1","max-image-preview":"max-image-preview:large","max-video-preview":"max-video-preview:-1"},"canonical":"https:\/\/hacemosmemoria.org\/udea50\/fichero\/1979-1988\/","og_locale":"es_ES","og_type":"article","og_title":"1979 - 1988 - 50 a\u00f1os de violencia y resistencia en la Universidad de Antioquia","og_description":"N\u00famero de ficha: B01&nbsp;&nbsp;&nbsp;&nbsp;&nbsp;&nbsp;&nbsp;&nbsp;&nbsp;&nbsp;&nbsp;&nbsp;&nbsp;&nbsp;&nbsp;&nbsp;&nbsp;&nbsp;&nbsp;&nbsp;&nbsp;&nbsp;&nbsp;&nbsp;&nbsp;&nbsp;&nbsp;&nbsp; Diligenciada por: Sara Ospina Restrepo INFORMACI\u00d3N BIBLIOGR\u00c1FICA Peri\u00f3dico: El Colombiano Lugar de edici\u00f3n: Medell\u00edn Autor personal: Villa, Mar\u00eda Eugenia &amp; de Villa, Ofelia Luz Autor corporativo: El Colombiano Fecha: 1979, marzo, 23 P\u00e1gina: 16B Secci\u00f3n: Seguridad Titular: Atracos en la U. de A. Resumen: \u201cLa inseguridad en los predios de la [&hellip;]","og_url":"https:\/\/hacemosmemoria.org\/udea50\/fichero\/1979-1988\/","og_site_name":"50 a\u00f1os de violencia y resistencia en la Universidad de Antioquia","article_modified_time":"2019-09-09T19:45:27+00:00","twitter_card":"summary_large_image","twitter_misc":{"Tiempo estimado de lectura":"414 minutos"},"schema":{"@context":"https:\/\/schema.org","@graph":[{"@type":"WebPage","@id":"https:\/\/hacemosmemoria.org\/udea50\/fichero\/1979-1988\/","url":"https:\/\/hacemosmemoria.org\/udea50\/fichero\/1979-1988\/","name":"1979 - 1988 - 50 a\u00f1os de violencia y resistencia en la Universidad de Antioquia","isPartOf":{"@id":"https:\/\/hacemosmemoria.org\/udea50\/#website"},"datePublished":"2019-09-02T14:28:32+00:00","dateModified":"2019-09-09T19:45:27+00:00","breadcrumb":{"@id":"https:\/\/hacemosmemoria.org\/udea50\/fichero\/1979-1988\/#breadcrumb"},"inLanguage":"es-CO","potentialAction":[{"@type":"ReadAction","target":["https:\/\/hacemosmemoria.org\/udea50\/fichero\/1979-1988\/"]}]},{"@type":"BreadcrumbList","@id":"https:\/\/hacemosmemoria.org\/udea50\/fichero\/1979-1988\/#breadcrumb","itemListElement":[{"@type":"ListItem","position":1,"name":"Inicio","item":"https:\/\/hacemosmemoria.org\/udea50\/"},{"@type":"ListItem","position":2,"name":"Fichero","item":"https:\/\/hacemosmemoria.org\/udea50\/fichero\/"},{"@type":"ListItem","position":3,"name":"1979 &#8211; 1988"}]},{"@type":"WebSite","@id":"https:\/\/hacemosmemoria.org\/udea50\/#website","url":"https:\/\/hacemosmemoria.org\/udea50\/","name":"50 a\u00f1os de violencia y resistencia en la Universidad de Antioquia","description":"Un contenido de Hacemos Memoria","potentialAction":[{"@type":"SearchAction","target":{"@type":"EntryPoint","urlTemplate":"https:\/\/hacemosmemoria.org\/udea50\/?s={search_term_string}"},"query-input":"required name=search_term_string"}],"inLanguage":"es-CO"}]}},"jetpack_sharing_enabled":true,"_links":{"self":[{"href":"https:\/\/hacemosmemoria.org\/udea50\/wp-json\/wp\/v2\/pages\/650"}],"collection":[{"href":"https:\/\/hacemosmemoria.org\/udea50\/wp-json\/wp\/v2\/pages"}],"about":[{"href":"https:\/\/hacemosmemoria.org\/udea50\/wp-json\/wp\/v2\/types\/page"}],"author":[{"embeddable":true,"href":"https:\/\/hacemosmemoria.org\/udea50\/wp-json\/wp\/v2\/users\/1"}],"replies":[{"embeddable":true,"href":"https:\/\/hacemosmemoria.org\/udea50\/wp-json\/wp\/v2\/comments?post=650"}],"version-history":[{"count":7,"href":"https:\/\/hacemosmemoria.org\/udea50\/wp-json\/wp\/v2\/pages\/650\/revisions"}],"predecessor-version":[{"id":1041,"href":"https:\/\/hacemosmemoria.org\/udea50\/wp-json\/wp\/v2\/pages\/650\/revisions\/1041"}],"up":[{"embeddable":true,"href":"https:\/\/hacemosmemoria.org\/udea50\/wp-json\/wp\/v2\/pages\/609"}],"wp:attachment":[{"href":"https:\/\/hacemosmemoria.org\/udea50\/wp-json\/wp\/v2\/media?parent=650"}],"curies":[{"name":"wp","href":"https:\/\/api.w.org\/{rel}","templated":true}]}}