{"id":646,"date":"2019-09-02T09:25:52","date_gmt":"2019-09-02T14:25:52","guid":{"rendered":"http:\/\/hacemosmemoria.org\/udea50\/?page_id=646"},"modified":"2019-09-09T16:38:34","modified_gmt":"2019-09-09T21:38:34","slug":"1968-1978","status":"publish","type":"page","link":"https:\/\/hacemosmemoria.org\/udea50\/fichero\/1968-1978\/","title":{"rendered":"1968 &#8211; 1978"},"content":{"rendered":"<p>N\u00famero<strong> de ficha<\/strong>: A1&nbsp; &nbsp; &nbsp; &nbsp; &nbsp; &nbsp; &nbsp; &nbsp;<\/p>\n<p><strong>Diligenciada por:<\/strong> Eberhar Cano Naranjo<\/p>\n<p><strong>INFORMACI\u00d3N BIBLIOGR\u00c1FICA<\/strong><\/p>\n<p>Peri\u00f3dico: El Colombiano<\/p>\n<p>Lugar de edici\u00f3n: Medell\u00edn<\/p>\n<p>Autor personal: n\/a<\/p>\n<p>Autor corporativo: Equipo Editorial<\/p>\n<p>Fecha: 1968, enero, 30<\/p>\n<p>P\u00e1gina: 3<\/p>\n<p>Secci\u00f3n: Editorial<\/p>\n<p><strong>T\u00edtulo: <\/strong>La Universidad de Antioquia<\/p>\n<p><strong>Resumen:<\/strong> Alusi\u00f3n al traslado de la sede de la Universidad de Antioquia a los terrenos ubicados en el norte de la ciudad, donde se hace hincapi\u00e9 a la apertura de mayor oferta de carreras profesionales diferentes a las tradicionales (Medicina, Derecho, Ingenier\u00eda). La nota puntualiza la necesidad de que la universidad debe ser \u201cvanguardia y gu\u00eda de la comunidad\u201d donde es necesario un v\u00ednculo mayor con la sociedad.<\/p>\n<p><strong>Im\u00e1genes: <\/strong>n\/a<\/p>\n<p><strong>INFORMACI\u00d3N ANAL\u00cdTICA<\/strong><\/p>\n<p><strong>Contexto de la noticia:<\/strong> Guerra en Vietnam y la injerencia norteamericana, alianzas del comunismo a nivel mundial (China, Rusia, Vietnam del norte, Corea), expulsi\u00f3n de miembros del partido comunista cubano, movimiento sindical en&nbsp; Medell\u00edn, acciones del partido conservador en distintas ciudades y lugares de Antioquia, reforma educativa de la secretar\u00eda de educaci\u00f3n del departamento de Antioquia, avance de la industria ganadera de Antioquia, inauguraci\u00f3n del lectivo de la universidad de Antioquia con 9000 estudiantes (p.10) y las palabras del rector en tal acontecimiento (p.19).<\/p>\n<p><strong>Palabras clave: <\/strong><\/p>\n<p><strong>Sugerencia de palabras claves: <\/strong>campus universitario, universidad y sociedad.<\/p>\n<p><strong>Observaciones:<\/strong> No es una noticia propiamente sobre el conflicto armado en la universidad, pero considero tiene relevancia por el hecho del discurso externo que se construye frente a la inauguraci\u00f3n y nuevo camino de la universidad con el campus que tiene actualmente y las perspectivas de la sociedad civil con dicho acontecimiento.<\/p>\n<p>Fecha de diligenciamiento: 22 de noviembre\/2018<\/p>\n<h1 style=\"text-align: center;\">***<\/h1>\n<p><strong>N\u00famero de ficha<\/strong>: A2<\/p>\n<p><strong>Diligenciada por: <\/strong>Eberhar Cano Naranjo<\/p>\n<p><strong>INFORMACI\u00d3N BIBLIOGR\u00c1FICA<\/strong><\/p>\n<p>Peri\u00f3dico: El Colombiano<\/p>\n<p>Lugar de edici\u00f3n: Medell\u00edn<\/p>\n<p>Autor personal: n\/a<\/p>\n<p>Autor corporativo: Equipo Editorial<\/p>\n<p>Fecha: 1968, febrero, 06<\/p>\n<p>P\u00e1gina: 1 y 19<\/p>\n<p>Secci\u00f3n: n\/a<\/p>\n<p><strong>T\u00edtulo: <\/strong>Consejo nacional de Rectores de Universidades se instala ma\u00f1ana<\/p>\n<p><strong>Resumen:<\/strong> Encuentro entre los miembros del consejo nacional de rectores con el ministro de educaci\u00f3n Gabriel Betancur Mej\u00eda y el presidente de la asociaci\u00f3n colombiana de universidades para dar informes anuales sobre presupuestos y plan de actividades del fondo universitario, sus planes de desarrollo y proyectos de bibliotecas universitarias. La sesi\u00f3n de trabajo ser\u00e1 desde el d\u00eda mi\u00e9rcoles 7 de febrero hasta el s\u00e1bado 10 de febrero.<\/p>\n<p><strong>Im\u00e1genes: <\/strong>n\/a<\/p>\n<p><strong>INFORMACI\u00d3N ANAL\u00cdTICA<\/strong><\/p>\n<p><strong>Contexto de la noticia:<\/strong> Recrudecimiento de la guerra en Vietnam, campa\u00f1as pro-electorales de Carlos Lleras, campa\u00f1as de movimientos conservadores incluyendo la instalaci\u00f3n del comit\u00e9 femenino del conservadurismo, incremento en productividad industrial de Fabricato, guerra en Yemen, expectativa por visita del papa pablo VI a Am\u00e9rica Latina, planes de mejoramiento de barrios de Medell\u00edn por parte del ICT y la administraci\u00f3n municipal, reuni\u00f3n de altos mandos militares en la ciudad de Medell\u00edn para tratar la situaci\u00f3n de orden p\u00fablico.<\/p>\n<p><strong>Palabras clave: <\/strong><\/p>\n<p><strong>Sugerencia de palabras claves: <\/strong>Consejo nacional de rectores, ministerio de educaci\u00f3n nacional, asociaci\u00f3n colombiana de universidades<strong>.<\/strong><\/p>\n<p><strong>Observaciones:<\/strong> Se retoma la noticia en cuanto ofrece un panorama sobre los procesos de articulaci\u00f3n y relacionamiento entre administraciones de la universidad de Antioquia con dem\u00e1s representantes de otras universidades y sus agendas de discusi\u00f3n sobre el mejoramiento y futuro de la universidad.<\/p>\n<p>Fecha de diligenciamiento: 22 de noviembre\/2018<\/p>\n<h1 style=\"text-align: center;\">***<\/h1>\n<p><strong>N\u00famero de ficha<\/strong>: A3 &nbsp;&nbsp;&nbsp;&nbsp;&nbsp;&nbsp;&nbsp;&nbsp;&nbsp;&nbsp;&nbsp;&nbsp;&nbsp;&nbsp;&nbsp;&nbsp;&nbsp;&nbsp;&nbsp;&nbsp;&nbsp;&nbsp;&nbsp;&nbsp;&nbsp;&nbsp;&nbsp;&nbsp;&nbsp;&nbsp;&nbsp;&nbsp;&nbsp;&nbsp;&nbsp;&nbsp;&nbsp;&nbsp;&nbsp;&nbsp;&nbsp;&nbsp;&nbsp;&nbsp;&nbsp;&nbsp;&nbsp;&nbsp;&nbsp;&nbsp;&nbsp;&nbsp;&nbsp;&nbsp;&nbsp;&nbsp;&nbsp;<\/p>\n<p><strong>Diligenciada por: <\/strong>Eberhar Cano Naranjo<\/p>\n<p><strong>INFORMACI\u00d3N BIBLIOGR\u00c1FICA<\/strong><\/p>\n<p>Peri\u00f3dico: El Colombiano<\/p>\n<p>Lugar de edici\u00f3n: Medell\u00edn<\/p>\n<p>Autor personal: n\/a<\/p>\n<p>Autor corporativo: Equipo Editorial<\/p>\n<p>Fecha: 1968, abril, 28<\/p>\n<p>P\u00e1gina: 2<\/p>\n<p>Secci\u00f3n: n\/a<\/p>\n<p><strong>T\u00edtulo: <\/strong>Piden Soluciones para problemas que afectan varias universidades<\/p>\n<p><strong>Resumen:<\/strong> Noticia sobre comunicado realizado por el consejo estudiantil de la facultad de derecho sobre los problemas que afectan a las universidades (calidad docente), dirigido al presidente de la rep\u00fablica Carlos Lleras y la asociaci\u00f3n colombiana de universidades.<\/p>\n<p><strong>Im\u00e1genes: <\/strong>n\/a<\/p>\n<p><strong>INFORMACI\u00d3N ANAL\u00cdTICA<\/strong><\/p>\n<p><strong>Contexto de la noticia:<\/strong> Manifestaciones y protestas en estados unidos por asesinato de Mater Luther King, huelgas y paros en universidades nacionales (Cartagena, UIS, UN Bogot\u00e1), giras presidenciales de Lleras por el pa\u00eds, protestas estudiantiles en Roma, discursos del papa pablo VI preparatorias a su visita al pa\u00eds, llamamiento a la paz en Vietnam.<\/p>\n<p><strong>&nbsp;<\/strong><strong>Palabras clave: <\/strong>Comunicados, Consejos estudiantiles y claustros<\/p>\n<p><strong>Sugerencia de palabras claves:<\/strong><\/p>\n<p><strong>Observaciones:<\/strong> Se retoma la noticia en cuanto ofrece un panorama sobre los procesos de articulaci\u00f3n y relacionamiento entre administraciones de la universidad de Antioquia con dem\u00e1s representantes de otras universidades y sus agendas de discusi\u00f3n sobre el mejoramiento y futuro de la universidad.<\/p>\n<p>Fecha de diligenciamiento: 23 de noviembre\/2018<\/p>\n<h1 style=\"text-align: center;\">***<\/h1>\n<p><strong>N\u00famero de ficha<\/strong>: A4 &nbsp;&nbsp;&nbsp;&nbsp;&nbsp;&nbsp;&nbsp;&nbsp;&nbsp;&nbsp;&nbsp;&nbsp;&nbsp;&nbsp;&nbsp;&nbsp;&nbsp;&nbsp;&nbsp;&nbsp;&nbsp;&nbsp;&nbsp;&nbsp;&nbsp;&nbsp;&nbsp;&nbsp;&nbsp;&nbsp;&nbsp;&nbsp;&nbsp;&nbsp;&nbsp;&nbsp;&nbsp;&nbsp;&nbsp;&nbsp;&nbsp;&nbsp;&nbsp;&nbsp;&nbsp;&nbsp;&nbsp;&nbsp;&nbsp;&nbsp;&nbsp;&nbsp;&nbsp;&nbsp;&nbsp;&nbsp;&nbsp;<\/p>\n<p><strong>Diligenciada por: <\/strong>Eberhar Cano Naranjo<\/p>\n<p><strong>INFORMACI\u00d3N BIBLIOGR\u00c1FICA<\/strong><\/p>\n<p>Peri\u00f3dico: El Colombiano<\/p>\n<p>Lugar de edici\u00f3n: Medell\u00edn<\/p>\n<p>Autor personal: n\/a<\/p>\n<p>Autor corporativo: Equipo Editorial<\/p>\n<p>Fecha: 1969, enero, 21<\/p>\n<p>P\u00e1gina: 21<\/p>\n<p>Secci\u00f3n: n\/a<\/p>\n<p><strong>T\u00edtulo: <\/strong>Estudiantes de la UdeA no enviar\u00e1n delegado a La Ceja<\/p>\n<p><strong>Resumen:<\/strong> Comunicado enviado por el consejo superior estudiantil donde se niegan a enviar y reconocer la representaci\u00f3n estudiantil en la reuni\u00f3n convocada por el ministro de educaci\u00f3n y el presidente de la rep\u00fablica para tratar el tema del \u201cPlan b\u00e1sico de educaci\u00f3n superior\u201d. En el texto consideran que bajo el gobierno actual no es posible una reforma de importancia ya que es necesario un cambio radical. Se invita las dem\u00e1s universidades para que asuman igual posici\u00f3n y que reafirmen lo definido en el encuentro nacional de estudiantes.<\/p>\n<p><strong>Im\u00e1genes: <\/strong>n\/a<\/p>\n<p><strong>INFORMACI\u00d3N ANAL\u00cdTICA<\/strong><\/p>\n<p><strong>Contexto de la noticia:<\/strong> Demandas, manifestaciones y pliegos del sector obrero y sus centrales sindicales frente al alza de transporte, guerra fr\u00eda y mensajes de Nixon frente a la paz, legitimidad de Lleras en municipios del pa\u00eds, ingreso de 10.850 estudiantes nuevos a la UdeA (p.2), posturas y debates de acad\u00e9micos y pol\u00edticos sobre el papel de las universidades en el futuro&nbsp;<\/p>\n<p><strong>Palabras clave: <\/strong>Comunicados, Consejos estudiantiles y claustros<\/p>\n<p><strong>Sugerencia de palabras claves:<\/strong><\/p>\n<p><strong>Observaciones:<\/strong><\/p>\n<p>Fecha de diligenciamiento: 23 de noviembre\/2018<\/p>\n<h1 style=\"text-align: center;\">***<\/h1>\n<p><strong>N\u00famero de ficha<\/strong>: A5 &nbsp;&nbsp;&nbsp;&nbsp;&nbsp;&nbsp;&nbsp;&nbsp;&nbsp;&nbsp;&nbsp;&nbsp;&nbsp;&nbsp;&nbsp;&nbsp;&nbsp;&nbsp;&nbsp;&nbsp;&nbsp;&nbsp;&nbsp;&nbsp;&nbsp;&nbsp;&nbsp;&nbsp;&nbsp;&nbsp;&nbsp;&nbsp;&nbsp;&nbsp;&nbsp;&nbsp;&nbsp;&nbsp;&nbsp;&nbsp;&nbsp;&nbsp;&nbsp;&nbsp;&nbsp;&nbsp;&nbsp;&nbsp;&nbsp;&nbsp;&nbsp;&nbsp;&nbsp;&nbsp;&nbsp;&nbsp;&nbsp;<\/p>\n<p><strong>Diligenciada por: <\/strong>Eberhar Cano Naranjo<\/p>\n<p><strong>INFORMACI\u00d3N BIBLIOGR\u00c1FICA<\/strong><\/p>\n<p>Peri\u00f3dico: El Colombiano<\/p>\n<p>Lugar de edici\u00f3n: Medell\u00edn<\/p>\n<p>Autor personal: n\/a<\/p>\n<p>Autor corporativo: Equipo Editorial<\/p>\n<p>Fecha: 1969, marzo, 21<\/p>\n<p>P\u00e1gina: 19<\/p>\n<p>Secci\u00f3n: n\/a<\/p>\n<p><strong>T\u00edtulo: <\/strong>Manifestaci\u00f3n de estudiantes ayer tarde en Medell\u00edn<\/p>\n<p><strong>Resumen:<\/strong> Manifestaci\u00f3n con desfile pac\u00edfico desde la UdeA hasta la plaza Nutibara con el motivo de visibilizar temas de la pol\u00edtica nacional como lucha electoral, empobrecimiento y doctrina militar. Al llegar a la plaza los estudiantes hallaron resistencia para ingresar por parte de las fuerzas del orden, lo que form\u00f3 una pedrea y da\u00f1os a veh\u00edculos de la polic\u00eda. Protestaban adem\u00e1s por la presencia de los llamados \u201cCuerpos de Paz\u201d en la universidad y los disturbios en Lorica (C\u00f3rdoba) y la UTP (Pereira).<\/p>\n<p><strong>Im\u00e1genes: <\/strong>n\/a<\/p>\n<p><strong>INFORMACI\u00d3N ANAL\u00cdTICA<\/strong><\/p>\n<p><strong>Contexto de la noticia:<\/strong> Disputas pol\u00edticas entre China y Rusia, Debate entre Bavaria y Lleras por impuestos, Proyecto Musgrave en Colombia (Defensas y oposiciones), viajes de Pablo VI por Europa, impuesto a la gasolina, movimiento Golconda y curas rebeldes.&nbsp;<\/p>\n<p><strong>Palabras clave: <\/strong>Marchas estudiantiles, polic\u00edas, da\u00f1o a bienes<\/p>\n<p><strong>Sugerencia de palabras claves: <\/strong><\/p>\n<p><strong>Observaciones:<\/strong><\/p>\n<p>Fecha de diligenciamiento: 30 de noviembre\/2018<\/p>\n<h1 style=\"text-align: center;\">***<\/h1>\n<p><strong>N\u00famero de ficha<\/strong>: A6 &nbsp;&nbsp;&nbsp;&nbsp;&nbsp;&nbsp;&nbsp;&nbsp;&nbsp;&nbsp;&nbsp;&nbsp;&nbsp;&nbsp;&nbsp;&nbsp;&nbsp;&nbsp;&nbsp;&nbsp;&nbsp;&nbsp;&nbsp;&nbsp;&nbsp;&nbsp;&nbsp;&nbsp;&nbsp;&nbsp;&nbsp;&nbsp;&nbsp;&nbsp;&nbsp;&nbsp;&nbsp;&nbsp;&nbsp;&nbsp;&nbsp;&nbsp;&nbsp;&nbsp;&nbsp;&nbsp;&nbsp;&nbsp;&nbsp;&nbsp;&nbsp;&nbsp;&nbsp;&nbsp;&nbsp;&nbsp;&nbsp;<\/p>\n<p><strong>Diligenciada por: <\/strong>Eberhar Cano Naranjo<\/p>\n<p><strong>INFORMACI\u00d3N BIBLIOGR\u00c1FICA<\/strong><\/p>\n<p>Peri\u00f3dico: El Colombiano<\/p>\n<p>Lugar de edici\u00f3n: Medell\u00edn<\/p>\n<p>Autor personal: n\/a<\/p>\n<p>Autor corporativo: Equipo Editorial<\/p>\n<p>Fecha: 1969, abril, 08<\/p>\n<p>P\u00e1gina: 2<\/p>\n<p>Secci\u00f3n: n\/a<\/p>\n<p><strong>T\u00edtulo: <\/strong>Ultim\u00e1tum para aceptar exigencias, anuncian estudiantes de la UdeA.&nbsp;<\/p>\n<p><strong>Resumen:<\/strong> Comunicado del Consejo Superior Estudiantil firmado por su presidente Jes\u00fas Mar\u00eda Valle y su secretaria Luz Magnolia Uribe en solidaridad con las exigencias hechas por los estudiantes de veterinaria (no menciona cuales).<\/p>\n<p><strong>Im\u00e1genes: <\/strong>n\/a<\/p>\n<p><strong>INFORMACI\u00d3N ANAL\u00cdTICA<\/strong><\/p>\n<p><strong>Contexto de la noticia:<\/strong> Semana Santa en Medell\u00edn, tensas relaciones entre Per\u00fa-EU y Per\u00fa-Venezuela, movimiento de curas rebeldes, bombardeos ordenados por Nixon en Vietnam, Reanudaci\u00f3n de Conferencia Mundial de Paz (Naciones Unidas), acuerdos entre el Pe\u00f1ol y EPM, homenajes a Gait\u00e1n en Bello-Antioquia.<\/p>\n<p><strong>Palabras clave: <\/strong>Comunicado, Consejos Estudiantiles&nbsp;<\/p>\n<p><strong>Sugerencia de palabras claves: <\/strong><\/p>\n<p><strong>Observaciones:<\/strong><\/p>\n<p>Fecha de diligenciamiento: 30 de noviembre\/2018<\/p>\n<h1 style=\"text-align: center;\">***<\/h1>\n<p><strong>N\u00famero de ficha<\/strong>: A7 &nbsp;&nbsp;&nbsp;&nbsp;&nbsp;&nbsp;&nbsp;&nbsp;&nbsp;&nbsp;&nbsp;&nbsp;&nbsp;&nbsp;&nbsp;&nbsp;&nbsp;&nbsp;&nbsp;&nbsp;&nbsp;&nbsp;&nbsp;&nbsp;&nbsp;&nbsp;&nbsp;&nbsp;&nbsp;&nbsp;&nbsp;&nbsp;&nbsp;&nbsp;&nbsp;&nbsp;&nbsp;&nbsp;&nbsp;&nbsp;&nbsp;&nbsp;&nbsp;&nbsp;&nbsp;&nbsp;&nbsp;&nbsp;&nbsp;&nbsp;&nbsp;&nbsp;&nbsp;&nbsp;&nbsp;&nbsp;&nbsp;<\/p>\n<p><strong>Diligenciada por: <\/strong>Eberhar Cano Naranjo<\/p>\n<p><strong>INFORMACI\u00d3N BIBLIOGR\u00c1FICA<\/strong><\/p>\n<p>Peri\u00f3dico: El Colombiano<\/p>\n<p>Lugar de edici\u00f3n: Medell\u00edn<\/p>\n<p>Autor personal: n\/a<\/p>\n<p>Autor corporativo: Equipo Editorial<\/p>\n<p>Fecha: 1969, abril, 10<\/p>\n<p>P\u00e1gina: 20<\/p>\n<p>Secci\u00f3n: n\/a<\/p>\n<p><strong>T\u00edtulo: <\/strong>Rechazo a la extranjerizaci\u00f3n de la universidad colombiana&nbsp;<\/p>\n<p><strong>Resumen:<\/strong> Declaraci\u00f3n del Comando de Juventudes Conservadoras de la UdeA que rechaza cualquier orientaci\u00f3n extranjerizante de la universidad. Aluden a los valores colombianos y la necesidad de crear una s\u00f3lida conciencia nacional. El comunicado se dirigi\u00f3 con copias al directorio Conservador de Antioquia. CSU, Gobernador departamental, Alcald\u00eda, Consejo Superior Estudiantil. Rechazan adem\u00e1s la defensa de la universidad si no est\u00e1 bajo los principios del orden.<\/p>\n<p><strong>Im\u00e1genes: <\/strong>n\/a<\/p>\n<p><strong>INFORMACI\u00d3N ANAL\u00cdTICA<\/strong><\/p>\n<p><strong>Contexto de la noticia:<\/strong> Retiro de tropas de EU de Vietnam, Petardos en Medell\u00edn, movilizaciones sociales en Rep\u00fablica Checa, La OTAN se re\u00fane en Washington con Nixon, Hussein y Levante.&nbsp;<\/p>\n<p><strong>Palabras clave: <\/strong>Comunicado, organizaciones estudiantiles, CSU, administraciones municipales<\/p>\n<p><strong>Sugerencia de palabras claves: <\/strong><\/p>\n<p><strong>Observaciones:<\/strong><\/p>\n<p>Fecha de diligenciamiento: 6 de diciembre\/2018<\/p>\n<p>&nbsp;<\/p>\n<h1 style=\"text-align: center;\">***<\/h1>\n<p><strong>N\u00famero de ficha<\/strong>: A8 &nbsp;&nbsp;&nbsp;&nbsp;&nbsp;&nbsp;&nbsp;&nbsp;&nbsp;&nbsp;&nbsp;&nbsp;&nbsp;&nbsp;&nbsp;&nbsp;&nbsp;&nbsp;&nbsp;&nbsp;&nbsp;&nbsp;&nbsp;&nbsp;&nbsp;&nbsp;&nbsp;&nbsp;&nbsp;&nbsp;&nbsp;&nbsp;&nbsp;&nbsp;&nbsp;&nbsp;&nbsp;&nbsp;&nbsp;&nbsp;&nbsp;&nbsp;&nbsp;&nbsp;&nbsp;&nbsp;&nbsp;&nbsp;&nbsp;&nbsp;&nbsp;&nbsp;&nbsp;&nbsp;&nbsp;&nbsp;&nbsp;<\/p>\n<p><strong>Diligenciada por:<\/strong> Eberhar Cano Naranjo<\/p>\n<p><strong>INFORMACI\u00d3N BIBLIOGR\u00c1FICA<\/strong><\/p>\n<p>Peri\u00f3dico: El Colombiano<\/p>\n<p>Lugar de edici\u00f3n: Medell\u00edn<\/p>\n<p>Autor personal: n\/a<\/p>\n<p>Autor corporativo: Equipo Editorial<\/p>\n<p>Fecha: 1969, abril, 16<\/p>\n<p>P\u00e1gina: 19<\/p>\n<p>Secci\u00f3n: n\/a<\/p>\n<p><strong>T\u00edtulo: <\/strong>Solicitan retiro de la Polic\u00eda en la UdeA.&nbsp;<\/p>\n<p><strong>Resumen:<\/strong> Resoluci\u00f3n del Consejo Superior Estudiantil frente a la presencia de la fuerza p\u00fablica en el claustro. Argumentan que, \u201cLa vigilancia de los bienes de la universidad no tienen que estar a cargo de los agentes del orden p\u00fablico (uniformados o no)\u201d.<\/p>\n<p><strong>Im\u00e1genes: <\/strong>n\/a<\/p>\n<p><strong>INFORMACI\u00d3N ANAL\u00cdTICA<\/strong><\/p>\n<p><strong>Contexto de la noticia:<\/strong> Desaparici\u00f3n de avi\u00f3n esp\u00eda de EU en Corea del Norte, XXV Congreso de la Andi en Cali, muertes por hurac\u00e1n en Pakist\u00e1n, La iglesia de los pobres (debate sobre curas rebeldes), Atentados en Argentina, invasi\u00f3n de Inglaterra a la isla antillana, situaci\u00f3n del avi\u00f3n secuestrado de la empresa SAM que iba a Cuba.<\/p>\n<p><strong>Palabras clave: <\/strong>Comunicado, polic\u00eda.<\/p>\n<p><strong>Sugerencia de palabras claves: <\/strong><\/p>\n<p><strong>Observaciones:<\/strong><\/p>\n<p>Fecha de diligenciamiento: 6 de diciembre\/2018<\/p>\n<p>&nbsp;<\/p>\n<h1 style=\"text-align: center;\">***<\/h1>\n<p><strong>N\u00famero de ficha<\/strong>: A9 &nbsp;&nbsp;&nbsp;&nbsp;&nbsp;&nbsp;&nbsp;&nbsp;&nbsp;&nbsp;&nbsp;&nbsp;&nbsp;&nbsp;&nbsp;&nbsp;&nbsp;&nbsp;&nbsp;&nbsp;&nbsp;&nbsp;&nbsp;&nbsp;&nbsp;&nbsp;&nbsp;&nbsp;&nbsp;&nbsp;&nbsp;&nbsp;&nbsp;&nbsp;&nbsp;&nbsp;&nbsp;&nbsp;&nbsp;&nbsp;&nbsp;&nbsp;&nbsp;&nbsp;&nbsp;&nbsp;&nbsp;&nbsp;&nbsp;&nbsp;&nbsp;&nbsp;&nbsp;&nbsp;&nbsp;&nbsp;&nbsp;<\/p>\n<p><strong>Diligenciada por: <\/strong>Eberhar Cano Naranjo<\/p>\n<p><strong>INFORMACI\u00d3N BIBLIOGR\u00c1FICA<\/strong><\/p>\n<p>Peri\u00f3dico: El Colombiano<\/p>\n<p>Lugar de edici\u00f3n: Medell\u00edn<\/p>\n<p>Autor personal: n\/a<\/p>\n<p>Autor corporativo: Equipo Editorial<\/p>\n<p>Fecha: 1969, mayo, 24<\/p>\n<p>P\u00e1gina: 2 y 21<\/p>\n<p>Secci\u00f3n: n\/a<\/p>\n<p><strong>T\u00edtulo: <\/strong>Paro en la UdeA por expulsi\u00f3n de tres estudiantes.&nbsp;<\/p>\n<p><strong>Resumen:<\/strong> Las asambleas de facultades de Ciencias y Humanidades, Econom\u00eda, Medicina y Derecho, decretan paro de 48hrs para protestar por la expulsi\u00f3n de Javier Castrill\u00f3n (representante estudiantil de Ciencias y Humanidades), el cancelamiento de matr\u00edcula de Ignacio Pizano y Gustavo Piedrahita (Instituto de Artes Pl\u00e1sticas) y la matr\u00edcula condicional de H\u00e9ctor Gallego (Artes Pl\u00e1sticas). A los nombrados se les acusa de \u201cmalos comportamientos\u201d en viaje a Bogot\u00e1 (consumo de alucin\u00f3genos y opiniones pol\u00edticas). Los estudiantes comienzan huelga solidaria y se toman algunas instalaciones del campus.<\/p>\n<p><strong>Im\u00e1genes: <\/strong>n\/a<\/p>\n<p><strong>INFORMACI\u00d3N ANAL\u00cdTICA<\/strong><\/p>\n<p><strong>Contexto de la noticia:<\/strong> Venezuela se retira del Grupo Andino, crisis acad\u00e9mica en la UdeA (Deserci\u00f3n, mortalidad acad\u00e9mica p. 1 y 21), inyecci\u00f3n de recursos para la Universidad P\u00fablica de Colombia, manifestaciones estudiantiles en Venezuela y Argentina, propuesta en el pa\u00eds de encuentros nacionales de Liberales y Conservadores, misi\u00f3n lunar de Apolo-10.<strong>&nbsp;<\/strong><\/p>\n<p><strong>Palabras clave: <\/strong>Asambleas estudiantiles, Mitin<\/p>\n<p><strong>Sugerencia de palabras claves: <\/strong>Huelga<\/p>\n<p><strong>Observaciones:<\/strong><\/p>\n<p>Fecha de diligenciamiento: 6 de diciembre\/2018<\/p>\n<h1 style=\"text-align: center;\">***<\/h1>\n<p><strong>N\u00famero de ficha<\/strong>: A10 &nbsp;&nbsp;&nbsp;&nbsp;&nbsp;&nbsp;&nbsp;&nbsp; &nbsp;&nbsp;&nbsp;&nbsp;&nbsp;&nbsp;&nbsp;&nbsp;&nbsp;&nbsp;&nbsp;&nbsp;&nbsp;&nbsp;&nbsp;&nbsp;&nbsp;&nbsp;&nbsp;&nbsp;&nbsp;&nbsp;&nbsp;&nbsp;&nbsp;&nbsp;&nbsp;&nbsp;&nbsp;&nbsp;&nbsp;&nbsp;&nbsp;&nbsp;&nbsp;&nbsp;&nbsp;&nbsp;&nbsp;&nbsp;&nbsp;&nbsp;&nbsp;&nbsp;&nbsp;&nbsp;<\/p>\n<p><strong>Diligenciada por: <\/strong>Eberhar Cano Naranjo<\/p>\n<p><strong>INFORMACI\u00d3N BIBLIOGR\u00c1FICA<\/strong><\/p>\n<p>Peri\u00f3dico: El Colombiano<\/p>\n<p>Lugar de edici\u00f3n: Medell\u00edn<\/p>\n<p>Autor personal: n\/a<\/p>\n<p>Autor corporativo: Equipo Editorial<\/p>\n<p>Fecha: 1969, mayo, 25<\/p>\n<p>P\u00e1gina: 1 y 19<\/p>\n<p>Secci\u00f3n: n\/a<\/p>\n<p><strong>T\u00edtulo: <\/strong>Di\u00e1logo sobre crisis estudiantil en la UdeA.&nbsp;&nbsp;<\/p>\n<p><strong>Resumen:<\/strong> En reuni\u00f3n del consejo directivo con cinco representantes estudiantiles, se acord\u00f3 crear una comisi\u00f3n para abordar la situaci\u00f3n de los estudiantes sancionados. Las deliberaciones entre estudiantes y directivas se prolongaron hasta horas de la noche sin muchos avances. Paralelo a los di\u00e1logos, los estudiantes fueron sum\u00e1ndose a la huelga, se repart\u00edan panfletos y se posicionaba el movimiento de solidaridad con los expulsados. Se convoca a pr\u00f3ximas asambleas estudiantiles.<\/p>\n<p><strong>Im\u00e1genes: <\/strong>n\/a<\/p>\n<p><strong>INFORMACI\u00d3N ANAL\u00cdTICA<\/strong><\/p>\n<p><strong>Contexto de la noticia:<\/strong> Misi\u00f3n lunar por parte de EU, reconstrucci\u00f3n de Vietnam en medio de la guerra, pol\u00e9mica sobre la reforma agraria en Colombia, movilizaciones estudiantiles en EU, luchas por el voto en Par\u00eds, implantaci\u00f3n de la pena de muerte en Argentina.&nbsp;<\/p>\n<p><strong>Palabras clave: <\/strong>Consejo directivo, asamblea de estudiantes, panfletos,&nbsp;<\/p>\n<p><strong>Sugerencia de palabras claves: <\/strong>Huelga<\/p>\n<p><strong>Observaciones:<\/strong><\/p>\n<p>Fecha de diligenciamiento: 6 de diciembre\/2018<\/p>\n<h1 style=\"text-align: center;\">***<\/h1>\n<p><strong>N\u00famero de ficha<\/strong>: A11 &nbsp;&nbsp;&nbsp;&nbsp;&nbsp;&nbsp;&nbsp;&nbsp;&nbsp;&nbsp;&nbsp;&nbsp;&nbsp;&nbsp;&nbsp;&nbsp;&nbsp;&nbsp;&nbsp;&nbsp;&nbsp;&nbsp;&nbsp;&nbsp;&nbsp;&nbsp;&nbsp;&nbsp;&nbsp;&nbsp;&nbsp;&nbsp;&nbsp;&nbsp;&nbsp;&nbsp;&nbsp;&nbsp;&nbsp;&nbsp;&nbsp;&nbsp;&nbsp;&nbsp;&nbsp;&nbsp;&nbsp;&nbsp;&nbsp;&nbsp;&nbsp;&nbsp;&nbsp;&nbsp;&nbsp;<\/p>\n<p><strong>Diligenciada por: <\/strong>Eberhar Cano Naranjo<\/p>\n<p><strong>INFORMACI\u00d3N BIBLIOGR\u00c1FICA<\/strong><\/p>\n<p>Peri\u00f3dico: El Colombiano<\/p>\n<p>Lugar de edici\u00f3n: Medell\u00edn<\/p>\n<p>Autor personal: n\/a<\/p>\n<p>Autor corporativo: Equipo Editorial<\/p>\n<p>Fecha: 1969, mayo, 25<\/p>\n<p>P\u00e1gina: 1 y 26<\/p>\n<p>Secci\u00f3n: n\/a<\/p>\n<p><strong>T\u00edtulo: <\/strong>Levantado el Paro en la UdeA.&nbsp;<\/p>\n<p><strong>Resumen:<\/strong> Los estudiantes y sus asambleas por facultades levantaron el paro por la creaci\u00f3n de la comisi\u00f3n de descargos para escuchar a los estudiantes expulsados. Sin embargo, la facultad de Ciencias y Humanidades y el Instituto de Artes tienen posiciones divididas y se han bloqueado algunas oficinas. Se hace un llamado por parte de las directivas de la UdeA a volver a los ex\u00e1menes finales y seguir pendiente del proceso de descargos.<\/p>\n<p><strong>Im\u00e1genes: <\/strong>n\/a<\/p>\n<p><strong>INFORMACI\u00d3N ANAL\u00cdTICA<\/strong><\/p>\n<p><strong>Contexto de la noticia:<\/strong> Subsidios familiares a campesinos discute el gobierno colombiano, campa\u00f1a mundial contra el hambre de la iglesia cat\u00f3lica, acuerdos por el precio de caf\u00e9 colombiano en Ginebra, tensiones en la frontera China-Rusia, alianzas y resistencias obrero estudiantil en Argentina, aprobaci\u00f3n del pacto de integraci\u00f3n de Lleras, inversiones industriales en Antioquia.&nbsp;<\/p>\n<p><strong>Palabras clave: <\/strong>asamblea de estudiantes, bloqueos, consejo directivo<\/p>\n<p><strong>Sugerencia de palabras claves: <\/strong><\/p>\n<p><strong>Observaciones:<\/strong><\/p>\n<p>Fecha de diligenciamiento: 6 de diciembre\/2018<\/p>\n<h1 style=\"text-align: center;\">***<\/h1>\n<p><strong>N\u00famero de ficha<\/strong>: A12 &nbsp;&nbsp;&nbsp;&nbsp;&nbsp;&nbsp;&nbsp;&nbsp;&nbsp;&nbsp;&nbsp;&nbsp;&nbsp;&nbsp;&nbsp;&nbsp;&nbsp;&nbsp;&nbsp;&nbsp;&nbsp;&nbsp;&nbsp;&nbsp;&nbsp;&nbsp;&nbsp;&nbsp;&nbsp;&nbsp;&nbsp;&nbsp;&nbsp;&nbsp;&nbsp;&nbsp;&nbsp;&nbsp;&nbsp;&nbsp;&nbsp;&nbsp;&nbsp;&nbsp;&nbsp;&nbsp;&nbsp;&nbsp;&nbsp;&nbsp;&nbsp;&nbsp;&nbsp;&nbsp;&nbsp;<\/p>\n<p><strong>Diligenciada por: <\/strong>Eberhar Cano Naranjo<\/p>\n<p><strong>INFORMACI\u00d3N BIBLIOGR\u00c1FICA<\/strong><\/p>\n<p>Peri\u00f3dico: El Colombiano<\/p>\n<p>Lugar de edici\u00f3n: Medell\u00edn<\/p>\n<p>Autor personal: n\/a<\/p>\n<p>Autor corporativo: Equipo Editorial<\/p>\n<p>Fecha: 1969, mayo, 29<\/p>\n<p>P\u00e1gina: 1 y 10<\/p>\n<p>Secci\u00f3n: n\/a<\/p>\n<p><strong>T\u00edtulo: <\/strong>12 horas de combate con los estudiantes. 160 lesionados.<\/p>\n<p><strong>Resumen:<\/strong> disturbios en la UdeA y la UN en protesta por la visita a Colombia de Rockefeller. Estudiantes obstruyeron las v\u00edas de transporte p\u00fablico de la autopista norte, se repartieron panfletos y se mostraban carteleras en rechazo a la misi\u00f3n Rockefeller en el pa\u00eds. Lesionados por parte de los estudiantes y la polic\u00eda. El art\u00edculo alude a que es la protesta estudiantil m\u00e1s fuete que ha vivido la ciudad, la universidad esta sitiada.<\/p>\n<p><strong>Im\u00e1genes: <\/strong>IMG A12 (a\u2026\u00f1). Fotograf\u00edas del disturbio que captan actores lesionados, instalaciones de la UdeA, UN y alrededores. Fot\u00f3grafos: Ospina y Luishache.<\/p>\n<p><strong>INFORMACI\u00d3N ANAL\u00cdTICA<\/strong><\/p>\n<p><strong>&nbsp;<\/strong><strong>Contexto de la noticia:<\/strong> Visita de Rockefeller al pa\u00eds, protestas y disturbios en el pa\u00eds, creaci\u00f3n de la asociaci\u00f3n e periodismo cient\u00edfico iberoamericano, Apolo-10 y fotos de la luna, huelgas en Argentina, d\u00e9ficit comercial por baja del caf\u00e9.&nbsp;&nbsp;&nbsp;<\/p>\n<p><strong>Palabras clave: <\/strong>Disturbios, cierre de v\u00edas, panfletos<\/p>\n<p><strong>Sugerencia de palabras claves: <\/strong><\/p>\n<p><strong>Observaciones:<\/strong> [<strong><em>1]<\/em><\/strong> El Editorial hizo ese d\u00eda menci\u00f3n a que la universidad est\u00e1 perdiendo el rumbo y que la conducta universitaria es altamente perjudicial, hace un llamado a reaccionar contra esa \u201cpeligrosa radicalizaci\u00f3n de la juventud\u201d (p.3) <strong><em>[2] <\/em><\/strong>Al cierre de la edici\u00f3n el Consejo Superior Estudiantil de la UdeA decreta paro (p.1).<\/p>\n<p>Fecha de diligenciamiento: 7 de Diciembre\/2018<\/p>\n<h1 style=\"text-align: center;\">***<\/h1>\n<p><strong>N\u00famero de ficha<\/strong>: A13 &nbsp;&nbsp;&nbsp;&nbsp;&nbsp;&nbsp;&nbsp;&nbsp;&nbsp;&nbsp;&nbsp;&nbsp;&nbsp;&nbsp;&nbsp;&nbsp;&nbsp;&nbsp;&nbsp;&nbsp;&nbsp;&nbsp;&nbsp;&nbsp;&nbsp;&nbsp;&nbsp;&nbsp;&nbsp;&nbsp;&nbsp;&nbsp;&nbsp;&nbsp;&nbsp;&nbsp;&nbsp;&nbsp;&nbsp;&nbsp;&nbsp;&nbsp;&nbsp;&nbsp;&nbsp;&nbsp;&nbsp;&nbsp;&nbsp;&nbsp;&nbsp;&nbsp;&nbsp;&nbsp;&nbsp;<\/p>\n<p><strong>Diligenciada por: <\/strong>Eberhar Cano Naranjo<\/p>\n<p><strong>INFORMACI\u00d3N BIBLIOGR\u00c1FICA<\/strong><\/p>\n<p>Peri\u00f3dico: El Colombiano<\/p>\n<p>Lugar de edici\u00f3n: Medell\u00edn<\/p>\n<p>Autor personal: n\/a<\/p>\n<p>Autor corporativo: Equipo Editorial<\/p>\n<p>Fecha: 1969, mayo, 30<\/p>\n<p>P\u00e1gina: 1 y 20<\/p>\n<p>Secci\u00f3n: n\/a<\/p>\n<p><strong>T\u00edtulo: <\/strong>M\u00e1s violencia en Medell\u00edn, ayer. \u2013Un muerto y n\u00fameros heridos-<\/p>\n<p><strong>Resumen:<\/strong> Balance de las movilizaciones y confrontaciones entre estudiantes y polic\u00eda el d\u00eda 29 de mayo. Esta vez se informa que en horas de la noche volvieron las confrontaciones y muere un joven de 19 a\u00f1os identificado como Luis Mu\u00f1oz Zapata, que no ten\u00eda v\u00ednculos con la universidad, pero muere por un tiro en pleno campus universitario. La gobernaci\u00f3n en un comunicado plantea que la polic\u00eda no portaba armas de fuego, sin embargo, los estudiantes denuncian presencia del ej\u00e9rcito y armas largas. El art\u00edculo es un recuento detallado de los acontecimientos mencionados, adem\u00e1s, menciona que otras universidades como la UNAULA y la UdeM \u201cdecretan paro en solidaridad con la situaci\u00f3n de sus compa\u00f1eros de la UdeA\u201d (p.20).<\/p>\n<p><strong>Im\u00e1genes: <\/strong>IMG A13 (a\u2026g). Capturas de la manifestaci\u00f3n y del disturbio alrededor del campus, enfrentamiento entre polic\u00eda, ej\u00e9rcito y estudiantes. Fot\u00f3grafo: Ospina.<\/p>\n<p><strong>INFORMACI\u00d3N ANAL\u00cdTICA<\/strong><\/p>\n<p><strong>Contexto de la noticia:<\/strong> Visita de Rockefeller al pa\u00eds, protestas y disturbios en el pa\u00eds, combates a\u00e9reos entre Siria e Israel, Censurada la Universidad Nacional y expulsan a 8 estudiantes, Protestas y muertos en Ecuador, Uni\u00f3n de conservadores en el pa\u00eds, primer alunizaje simulado.<\/p>\n<p><strong>Palabras clave: <\/strong>Disturbios, asesinato, polic\u00eda, ejercito,&nbsp;<\/p>\n<p><strong>Sugerencia de palabras claves: <\/strong>Otras universidades<\/p>\n<p><strong>Observaciones:<\/strong><\/p>\n<p>Fecha de diligenciamiento: 7 de diciembre\/2018<\/p>\n<h1 style=\"text-align: center;\">***<\/h1>\n<p><strong>N\u00famero de ficha<\/strong>: A14 &nbsp;&nbsp;&nbsp;&nbsp;&nbsp;&nbsp;&nbsp;&nbsp;&nbsp;&nbsp;&nbsp;&nbsp;&nbsp;&nbsp;&nbsp;&nbsp;&nbsp;&nbsp;&nbsp;&nbsp;&nbsp;&nbsp;&nbsp;&nbsp;&nbsp;&nbsp;&nbsp;&nbsp;&nbsp;&nbsp;&nbsp;&nbsp;&nbsp;&nbsp;&nbsp;&nbsp;&nbsp;&nbsp;&nbsp;&nbsp;&nbsp;&nbsp;&nbsp;&nbsp;&nbsp;&nbsp;&nbsp;&nbsp;&nbsp;&nbsp;&nbsp;&nbsp;&nbsp;&nbsp;&nbsp;<\/p>\n<p><strong>Diligenciada por: <\/strong>Eberhar Cano Naranjo<\/p>\n<p><strong>INFORMACI\u00d3N BIBLIOGR\u00c1FICA<\/strong><\/p>\n<p>Peri\u00f3dico: El Colombiano<\/p>\n<p>Lugar de edici\u00f3n: Medell\u00edn<\/p>\n<p>Autor personal: n\/a<\/p>\n<p>Autor corporativo: Equipo Editorial<\/p>\n<p>Fecha: 1969, mayo, 31<\/p>\n<p>P\u00e1gina: 1 y 4<\/p>\n<p>Secci\u00f3n: n\/a<\/p>\n<p><strong>T\u00edtulo: <\/strong>Ayer, tensa calma. 12:30 a.m. violento incendio y pedreas<\/p>\n<p><strong>Resumen:<\/strong> De nuevo se retoma la cr\u00edtica situaci\u00f3n en el campus universitario, graves disturbios siguieron present\u00e1ndose por lapsos espaciados. Ej\u00e9rcito y Polic\u00eda se toman la UN (p. 1 y13), estudiantes de la UdeA siguen en el campus. En horas de la ma\u00f1ana estudiantes de la UPB-Facultad de Sociolog\u00eda y Filosof\u00eda se movilizaron en el centro de la ciudad. Dicha movilizaci\u00f3n se dirigi\u00f3 hasta Fabricato donde funcionan las oficinas del consulado norteamericano y all\u00ed quemaron banderas de los EU sin desmanes. Siguen brotes violentos, quema de veh\u00edculos que se extienden en varios puntos de la ciudadela norte, incluso en Bello. Hay un grupo de Obreros y otros sectores sociales en la manifestaci\u00f3n. El art\u00edculo hace hincapi\u00e9 en que hab\u00eda personas que no ten\u00edan nada que ver y solo eran agitadores (seg\u00fan ellos). Adem\u00e1s, se menciona que la conmemoraci\u00f3n de la llamada \u201csemana tr\u00e1gica\u201d hace parte de las reivindicaciones de estas luchas obreras y estudiantiles (p.4). El joven Fernando Samuel Kiuhan result\u00f3 detenido.<\/p>\n<p><strong>Im\u00e1genes: <\/strong>IMG A14 (a\u2026d). Fotograf\u00eda del detenido, cocteles molotov e instalaciones del campus con las refriegas. fot\u00f3grafo: Ospina.<\/p>\n<p><strong>INFORMACI\u00d3N ANAL\u00cdTICA<\/strong><\/p>\n<p><strong>&nbsp;<\/strong><strong>Contexto de la noticia:<\/strong> Visita de Rockefeller al pa\u00eds y mensaje a Lleras, protestas y disturbios en el pa\u00eds, posible pausa en la guerra de Vietnam, se prepara congreso mundial comunista en Rusia, represi\u00f3n y judicializaci\u00f3n de estudiantes universitarios.&nbsp;<\/p>\n<p><strong>Palabras clave: <\/strong>Kihuan, Fernando Samuel., Tropel, acciones violentas, polic\u00eda, marchas estudiantiles, cierres obligados, da\u00f1o a bienes civiles.<\/p>\n<p><strong>Sugerencia de palabras claves: <\/strong>Otras universidades, alianza obrero-estudiantil<\/p>\n<p><strong>Observaciones:<\/strong><\/p>\n<p>Fecha de diligenciamiento: 7 de diciembre\/2018<\/p>\n<h1 style=\"text-align: center;\">***<\/h1>\n<p><strong>N\u00famero de ficha<\/strong>: A15 &nbsp;&nbsp;&nbsp;&nbsp;&nbsp;&nbsp;&nbsp;&nbsp;&nbsp;&nbsp;&nbsp;&nbsp;&nbsp;&nbsp;&nbsp;&nbsp;&nbsp;&nbsp;&nbsp;&nbsp;&nbsp;&nbsp;&nbsp;&nbsp;&nbsp;&nbsp;&nbsp;&nbsp;&nbsp;&nbsp;&nbsp;&nbsp;&nbsp;&nbsp;&nbsp;&nbsp;&nbsp;&nbsp;&nbsp;&nbsp;&nbsp;&nbsp;&nbsp;&nbsp;&nbsp;&nbsp;&nbsp;&nbsp;&nbsp;&nbsp;&nbsp;&nbsp;&nbsp;&nbsp;&nbsp;<\/p>\n<p><strong>Diligenciada por: <\/strong>Eberhar Cano Naranjo<\/p>\n<p><strong>INFORMACI\u00d3N BIBLIOGR\u00c1FICA<\/strong><\/p>\n<p>Peri\u00f3dico: El Colombiano<\/p>\n<p>Lugar de edici\u00f3n: Medell\u00edn<\/p>\n<p>Autor personal: n\/a<\/p>\n<p>Autor corporativo: Equipo Editorial<\/p>\n<p>Fecha: 1969, junio, 01<\/p>\n<p>P\u00e1gina: 1 y 19<\/p>\n<p>Secci\u00f3n: n\/a<\/p>\n<p><strong>T\u00edtulo: <\/strong>Cerrada la UdeA<\/p>\n<p><strong>Resumen:<\/strong> luego de los acontecimientos ocurridos en la UdeA, el consejo directivo en cabeza del rector de la UdeA, Lucrecio Jaramillo V\u00e9lez, resuelven clausurar la universidad para evitar m\u00e1s desmanes y buscar una salida al conflicto estudiantil. Tanto estudiantes como directivos permanecieron todo el tiempo al interior de la universidad tratando de entablar di\u00e1logos y resolver la problem\u00e1tica. Los estudiantes organizados en el Consejo superior Estudiantil y en cabeza de su presidente Jes\u00fas Mar\u00eda Valle Jaramillo declaran que las autoridades deben velar por el cuidado de la universidad y sus bienes con el cierre del campus. Se menciona que la situaci\u00f3n puede llevar a que dicha resoluci\u00f3n de clausura puede llevar a que las autoridades pueden hacer uso en cualquier momento del Decreto N\u00b02688 de 1968, por medio del cual <em>\u201cel gobierno puede decretar graves y dr\u00e1sticas sanciones de arresto y otras similares, incluso el allanamiento y la toma militar de la universidad\u201d (p.19).<\/em><\/p>\n<p><strong>Im\u00e1genes: <\/strong>IMG A15 (a\u2026e). Joven apresado, confrontaci\u00f3n y transe\u00fantes en medio del tropel. Fot\u00f3grafo: Ospina.<\/p>\n<p><strong>INFORMACI\u00d3N ANAL\u00cdTICA<\/strong><\/p>\n<p><strong>Contexto de la noticia:<\/strong> Lucha estudiantil en Medell\u00edn y otras universidades, r\u00e9gimen Pro-Sovi\u00e9tico en Praga, II Feria en la frontera Colombo Venezolana, Rockefeller y los cr\u00e9ditos econ\u00f3micos de EU para Colombia, exploraci\u00f3n espacial de EU y Rusia.<\/p>\n<p><strong>Palabras clave: <\/strong>Jaramillo, Lucrecio., Valle, Jes\u00fas Mar\u00eda., Cierres Obligados, Consejo Directivo, Comunicados, Consejo Superior Estudiantil, Rector\u00eda,<\/p>\n<p><strong>Sugerencia de palabras claves: <\/strong>Gobierno Nacional<\/p>\n<p><strong>Observaciones:<\/strong><\/p>\n<p>Fecha de diligenciamiento: 7 de diciembre\/2018<\/p>\n<h1 style=\"text-align: center;\">***<\/h1>\n<p><strong>N\u00famero de ficha<\/strong>: A16 &nbsp;&nbsp;&nbsp;&nbsp;&nbsp;&nbsp;&nbsp;&nbsp;&nbsp;&nbsp;&nbsp;&nbsp;&nbsp;&nbsp;&nbsp;&nbsp;&nbsp;&nbsp;&nbsp;&nbsp;&nbsp;&nbsp;&nbsp;&nbsp;&nbsp;&nbsp;&nbsp;&nbsp;&nbsp;&nbsp;&nbsp;&nbsp;&nbsp;&nbsp;&nbsp;&nbsp;&nbsp;&nbsp;&nbsp;&nbsp;&nbsp;&nbsp;&nbsp;&nbsp;&nbsp;&nbsp;&nbsp;&nbsp;&nbsp;&nbsp;&nbsp;&nbsp;&nbsp;&nbsp;&nbsp;<\/p>\n<p><strong>Diligenciada por: <\/strong>Eberhar Cano Naranjo<\/p>\n<p><strong>INFORMACI\u00d3N BIBLIOGR\u00c1FICA<\/strong><\/p>\n<p>Peri\u00f3dico: El Colombiano<\/p>\n<p>Lugar de edici\u00f3n: Medell\u00edn<\/p>\n<p>Autor personal: n\/a<\/p>\n<p>Autor corporativo: Equipo Editorial<\/p>\n<p>Fecha: 1969, junio, 02<\/p>\n<p>P\u00e1gina: 1 y 25<\/p>\n<p>Secci\u00f3n: Editorial<\/p>\n<p><strong>T\u00edtulo: <\/strong>El ej\u00e9rcito ocup\u00f3 la ciudad universitaria.<\/p>\n<p><strong>Resumen:<\/strong> An\u00e1lisis frente a la clausura de la universidad en raz\u00f3n de los acontecimientos ocurridos d\u00edas anteriores. Menciona la ocupaci\u00f3n por parte del ej\u00e9rcito tras los acontecimientos buscando el \u201corden\u201d y la tranquilidad del campus. Se evacuaron las instalaciones y se realiz\u00f3 una reuni\u00f3n posterior entre el Consejo Directivo y el Consejo Superior Estudiantil, pero se desconocen los resultados del encuentro.&nbsp;<\/p>\n<p><strong>Im\u00e1genes: <\/strong>IMG A16 (a\u2026c). Miembros del CSE, foto de las barricadas y algunos estudiantes. Fot\u00f3grafo: Ospina.<\/p>\n<p><strong>INFORMACI\u00d3N ANAL\u00cdTICA<\/strong><\/p>\n<p><strong>&nbsp;<\/strong><strong>Contexto de la noticia: <\/strong>Preocupaci\u00f3n de la alta jerarqu\u00eda eclesial por agitaci\u00f3n pol\u00edtica mundial, Luchas raciales en Singapur, Agitaciones en Colombia por visita de Rockefeller, tensiones en relaciones diplom\u00e1ticas latinoamericanas.<\/p>\n<p><strong>Palabras clave: <\/strong>Cierres Obligados, Consejo Directivo, Consejo Superior Estudiantil, Ocupaci\u00f3n, Ej\u00e9rcito.<\/p>\n<p><strong>Sugerencia de palabras claves: <\/strong><\/p>\n<p><strong>Observaciones:<\/strong> \u201cPausa para la reestructuraci\u00f3n\u201d. Columna alusiva a las protestas ocurridas en los \u00faltimos d\u00edas que reafirma la versi\u00f3n de la noticia. P.3<\/p>\n<p>Fecha de diligenciamiento: 10 de diciembre\/2018<\/p>\n<h1 style=\"text-align: center;\">***<\/h1>\n<p><strong>N\u00famero de ficha<\/strong>: A17 &nbsp;&nbsp;&nbsp;&nbsp;&nbsp;&nbsp;&nbsp;&nbsp;&nbsp;&nbsp;&nbsp;&nbsp;&nbsp;&nbsp;&nbsp;&nbsp;&nbsp;&nbsp;&nbsp;&nbsp;&nbsp;&nbsp;&nbsp;&nbsp;&nbsp;&nbsp;&nbsp;&nbsp;&nbsp;&nbsp;&nbsp;&nbsp;&nbsp;&nbsp;&nbsp;&nbsp;&nbsp;&nbsp;&nbsp;&nbsp;&nbsp;&nbsp;&nbsp;&nbsp;&nbsp;&nbsp;&nbsp;&nbsp;&nbsp;&nbsp;&nbsp;&nbsp;&nbsp;&nbsp;&nbsp;<\/p>\n<p><strong>Diligenciada por: <\/strong>Eberhar Cano Naranjo<\/p>\n<p><strong>INFORMACI\u00d3N BIBLIOGR\u00c1FICA<\/strong><\/p>\n<p>Peri\u00f3dico: El Colombiano<\/p>\n<p>Lugar de edici\u00f3n: Medell\u00edn<\/p>\n<p>Autor personal: n\/a<\/p>\n<p>Autor corporativo: Equipo Editorial<\/p>\n<p>Fecha: 1969, junio, 03<\/p>\n<p>P\u00e1gina: 1, 2 y 20<\/p>\n<p>Secci\u00f3n: n\/a<\/p>\n<p><strong>T\u00edtulo: <\/strong>La \u00faltima semana de Julio volver\u00eda a abrirse la UdeA<\/p>\n<p><strong>Resumen:<\/strong> Noticia que hace menci\u00f3n de a las reuniones y posibles medidas de reapertura de la universidad luego de las jornadas de protesta en d\u00edas anteriores. Menciona el reporte frente a la terminaci\u00f3n del semestre y el inicio de un pr\u00f3ximo, adem\u00e1s de los arreglos que se deben hacer en el campus tras los desmanes. Se registra adem\u00e1s la ocupaci\u00f3n y vigilancia del ej\u00e9rcito en las instalaciones del campus.&nbsp;&nbsp;<\/p>\n<p><strong>Im\u00e1genes: <\/strong>IMG A17 (a\u2026d). Fotograf\u00edas de los militares ocupando la ciudad universitaria y las barricadas. Fot\u00f3grafo: Luishache.<\/p>\n<p><strong>INFORMACI\u00d3N ANAL\u00cdTICA<\/strong><\/p>\n<p><strong>Contexto de la noticia:<\/strong> Reorganizaci\u00f3n de la rama judicial en Colombia, Visitas de Rockefeller en Latinoam\u00e9rica, Violencia racial en Singapur, Giras Pablo VI, Protestas estudiantiles en Venezuela y Espa\u00f1a, Comunismo en Francia, conservadurismo antioque\u00f1o y sus crisis.<\/p>\n<p><strong>Palabras clave: <\/strong>Consejo Superior Universitario, Rector\u00eda, Ocupaci\u00f3n, Ej\u00e9rcito.<\/p>\n<p><strong>Sugerencia de palabras claves: <\/strong>Reapertura de la universidad<\/p>\n<p><strong>Observaciones:<\/strong><\/p>\n<p>Fecha de diligenciamiento: 10 de diciembre\/201<\/p>\n<h1 style=\"text-align: center;\">***<\/h1>\n<p><strong>N\u00famero de ficha<\/strong>: A18 &nbsp;&nbsp;&nbsp;&nbsp;&nbsp;&nbsp;&nbsp;&nbsp;&nbsp;&nbsp;&nbsp;&nbsp;&nbsp;&nbsp;&nbsp;&nbsp;&nbsp;&nbsp;&nbsp;&nbsp;&nbsp;&nbsp;&nbsp;&nbsp;&nbsp;&nbsp;&nbsp;&nbsp;&nbsp;&nbsp;&nbsp;&nbsp;&nbsp;&nbsp;&nbsp;&nbsp;&nbsp;&nbsp;&nbsp;&nbsp;&nbsp;&nbsp;&nbsp;&nbsp;&nbsp;&nbsp;&nbsp;&nbsp;&nbsp;&nbsp;&nbsp;&nbsp;&nbsp;&nbsp;&nbsp;<\/p>\n<p><strong>Diligenciada por: <\/strong>Eberhar Cano Naranjo<\/p>\n<p><strong>INFORMACI\u00d3N BIBLIOGR\u00c1FICA<\/strong><\/p>\n<p>Peri\u00f3dico: El Colombiano<\/p>\n<p>Lugar de edici\u00f3n: Medell\u00edn<\/p>\n<p>Autor personal: n\/a<\/p>\n<p>Autor corporativo: Equipo Editorial<\/p>\n<p>Fecha: 1969, junio, 04<\/p>\n<p>P\u00e1gina: 1 y 20<\/p>\n<p>Secci\u00f3n: n\/a<\/p>\n<p><strong>T\u00edtulo: <\/strong>El 28 de Julio se abrir\u00e1 la UdeA<\/p>\n<p><strong>Resumen:<\/strong> Confirmaci\u00f3n de la reapertura de la universidad luego de la situaci\u00f3n de orden p\u00fablico. Por medio de un comunicado el Consejo Directivo expone detalles del calendario y determinaciones con las dem\u00e1s dependencias de la universidad.<\/p>\n<p><strong>Im\u00e1genes: <\/strong>n\/a.<\/p>\n<p><strong>INFORMACI\u00d3N ANAL\u00cdTICA<\/strong><\/p>\n<p><strong>Contexto de la noticia:<\/strong> EU y la revisi\u00f3n de su pol\u00edtica latinoamericana, Entrenamientos espaciales de Apolo 11, Movimiento de integraci\u00f3n conservadora, Reuniones del CELAM para preparar S\u00ednodo de obispos, Conflictos contra el comunismo en Hait\u00ed, Protestas en china contra Mao.<\/p>\n<p><strong>Palabras clave: <\/strong>Consejo Directivo, Comunicados&nbsp;<\/p>\n<p><strong>Sugerencia de palabras claves: <\/strong>Reapertura de la universidad<\/p>\n<p><strong>Observaciones:<\/strong><\/p>\n<p>Fecha de diligenciamiento: 10 de diciembre\/2018<\/p>\n<h1 style=\"text-align: center;\">***<\/h1>\n<p><strong>N\u00famero de ficha<\/strong>: A19 &nbsp;&nbsp;&nbsp;&nbsp;&nbsp;&nbsp;&nbsp;&nbsp;&nbsp;&nbsp;&nbsp;&nbsp;&nbsp;&nbsp;&nbsp;&nbsp;&nbsp;&nbsp;&nbsp;&nbsp;&nbsp;&nbsp;&nbsp;&nbsp;&nbsp;&nbsp;&nbsp;&nbsp;&nbsp;&nbsp;&nbsp;&nbsp;&nbsp;&nbsp;&nbsp;&nbsp;&nbsp;&nbsp;&nbsp;&nbsp;&nbsp;&nbsp;&nbsp;&nbsp;&nbsp;&nbsp;&nbsp;&nbsp;&nbsp;&nbsp;&nbsp;&nbsp;&nbsp;&nbsp;&nbsp;<\/p>\n<p><strong>Diligenciada por: <\/strong>Eberhar Cano Naranjo<\/p>\n<p><strong>INFORMACI\u00d3N BIBLIOGR\u00c1FICA<\/strong><\/p>\n<p>Peri\u00f3dico: El Colombiano<\/p>\n<p>Lugar de edici\u00f3n: Medell\u00edn<\/p>\n<p>Autor personal: Juli\u00e1n P\u00e9rez Medina<\/p>\n<p>Autor corporativo: n\/a<\/p>\n<p>Fecha: 1969, junio, 09<\/p>\n<p>P\u00e1gina: 3<\/p>\n<p>Secci\u00f3n: Editorial<\/p>\n<p><strong>T\u00edtulo: <\/strong>Universidad de Antioquia<\/p>\n<p><strong>Resumen:<\/strong> La noticia es una opini\u00f3n sobre la importancia de la reapertura de la universidad. Hace un llamado a la importancia que tienen todos los estamentos de la universidad en la soluci\u00f3n de los conflictos que se presentan en Colombia con la universidad p\u00fablica y superior. Rescata el papel que tienen los profesores en la soluci\u00f3n a los problemas, el potencial cr\u00edtico de los estudiantes y alude a que las directivas no pueden hacer caso omiso a la crisis y malestar de los estudiantes. Reitera constantemente que la UdeA no puede ser ajena a la problem\u00e1tica y debe escuchar a los estudiantes, el dialogo -seg\u00fan el columnista- ha arrojado buenos resultados y debe seguir fortaleci\u00e9ndose y debe seguir aportando al fortalecimiento de una cultura universitaria nacional.<\/p>\n<p><strong>Im\u00e1genes: <\/strong>n\/a<\/p>\n<p><strong>INFORMACI\u00d3N ANAL\u00cdTICA<\/strong><\/p>\n<p><strong>&nbsp;<\/strong><strong>Contexto de la noticia:<\/strong> Tropas del ej\u00e9rcito en la UN, Tensiones entre Italia y Biafra, Pol\u00edtica latinoamericana con EU.<\/p>\n<p><strong>Palabras clave: <\/strong>Consejo Superior, Consejo Directivo, Asamblea de Estudiantes, Profesores&nbsp;<\/p>\n<p><strong>Sugerencia de palabras claves: <\/strong>Reapertura de la universidad<\/p>\n<p><strong>Observaciones:<\/strong> Columna de opini\u00f3n.<\/p>\n<p>Fecha de diligenciamiento: 10 de diciembre\/2018<\/p>\n<h1 style=\"text-align: center;\">***<\/h1>\n<p><strong>N\u00famero de ficha<\/strong>: A20&nbsp;&nbsp;&nbsp;&nbsp;&nbsp;&nbsp;&nbsp;&nbsp;&nbsp;&nbsp;&nbsp;&nbsp;&nbsp;&nbsp;&nbsp;&nbsp;&nbsp;&nbsp;&nbsp;&nbsp;&nbsp;&nbsp;&nbsp;&nbsp;&nbsp;&nbsp;&nbsp;&nbsp;&nbsp;&nbsp;&nbsp;&nbsp;&nbsp;&nbsp;&nbsp;&nbsp;&nbsp;&nbsp;&nbsp;&nbsp;&nbsp;&nbsp;&nbsp;&nbsp;&nbsp;&nbsp;&nbsp;&nbsp;&nbsp;&nbsp;&nbsp;&nbsp;&nbsp;&nbsp;&nbsp;&nbsp;<\/p>\n<p><strong>Diligenciada por: <\/strong>Eberhar Cano Naranjo<\/p>\n<p><strong>INFORMACI\u00d3N BIBLIOGR\u00c1FICA<\/strong><\/p>\n<p>Peri\u00f3dico: El Colombiano<\/p>\n<p>Lugar de edici\u00f3n: Medell\u00edn<\/p>\n<p>Autor personal: n\/a<\/p>\n<p>Autor corporativo: Equipo Editorial<\/p>\n<p>Fecha: 1969, agosto, 31<\/p>\n<p>P\u00e1gina: 27<\/p>\n<p>Secci\u00f3n: n\/a<\/p>\n<p><strong>T\u00edtulo: <\/strong>Serna G\u00f3mez se retira de la universidad<\/p>\n<p><strong>Resumen:<\/strong> Renuncia del decano de la facultad de Ciencias y Humanidades por un viaje a estados unidos. El consejo superior universitario se pronuncia agradeciendo las labores del acad\u00e9mico. La noticia tambi\u00e9n comenta la decisi\u00f3n de la facultad de ingenier\u00eda de levantar el paro de 48 horas que ven\u00edan adelantando los estudiantes de dicha facultad pidiendo la renuncia de profesores. La decisi\u00f3n fue tomada por el comunicado de la administraci\u00f3n de que analizar\u00e1 las exigencias y a la renuncia de uno de los profesores.<\/p>\n<p><strong>Im\u00e1genes: <\/strong>n\/a<\/p>\n<p><strong>INFORMACI\u00d3N ANAL\u00cdTICA<\/strong><\/p>\n<p><strong>Contexto de la noticia:<\/strong> Auge del conservadurismo antioque\u00f1o, Masacre en Abejorral, Visita de Raymond Nixon a Medell\u00edn, Nombramiento de nuevos jueces en Colombia, EL Incora y los proyectos rurales en el pa\u00eds, Desaparici\u00f3n de la plaza Cisneros en Medell\u00edn por un incendio.<\/p>\n<p><strong>Palabras clave: <\/strong>Consejo Superior Universitario, Rector\u00eda<\/p>\n<p><strong>Sugerencia de palabras claves: <\/strong>Paro<\/p>\n<p><strong>Observaciones:<\/strong> En la secci\u00f3n tambi\u00e9n se retoman noticias sobre situaciones de la UdeM y la UPB.<\/p>\n<p><strong>Fecha de diligenciamiento:<\/strong> 10 de diciembre\/20186<\/p>\n<h1 style=\"text-align: center;\">***<\/h1>\n<p><strong>N\u00famero de ficha<\/strong>: A21&nbsp;&nbsp;&nbsp;&nbsp;&nbsp;&nbsp;&nbsp;&nbsp;&nbsp;&nbsp;&nbsp;&nbsp;&nbsp;&nbsp;&nbsp;&nbsp;&nbsp;&nbsp;&nbsp;&nbsp;&nbsp;&nbsp;&nbsp;&nbsp;&nbsp;&nbsp;&nbsp;&nbsp;&nbsp;&nbsp;&nbsp;&nbsp;&nbsp;&nbsp;&nbsp;&nbsp;&nbsp;&nbsp;&nbsp;&nbsp;&nbsp;&nbsp;&nbsp;&nbsp;&nbsp;&nbsp;&nbsp;&nbsp;&nbsp;&nbsp;&nbsp;&nbsp;&nbsp;&nbsp;&nbsp;&nbsp;<\/p>\n<p><strong>Diligenciada por: <\/strong>Eberhar Cano Naranjo<\/p>\n<p><strong>INFORMACI\u00d3N BIBLIOGR\u00c1FICA<\/strong><\/p>\n<p>Peri\u00f3dico: El Colombiano<\/p>\n<p>Lugar de edici\u00f3n: Medell\u00edn<\/p>\n<p>Autor personal: Carlos Alberto valencia<\/p>\n<p>Autor corporativo: n\/a<\/p>\n<p>Fecha: 1969, septiembre 02<\/p>\n<p>P\u00e1gina: 21<\/p>\n<p>Secci\u00f3n: Secci\u00f3n Universitaria<\/p>\n<p><strong>T\u00edtulo: <\/strong>U. de A.<\/p>\n<p><strong>Resumen:<\/strong> La noticia de la secci\u00f3n hace un balance de la relativa calma en el campus luego de las dif\u00edciles jornadas de protesta acaecidas en el mes de mayo y junio del a\u00f1o en curso. Reitera las constantes inconformidades de los estudiantes con los ex\u00e1menes, las condiciones de valoraci\u00f3n, el cierre de residencias estudiantiles, la cancelaci\u00f3n de matr\u00edcula de 13 estudiantes, el nombramiento del nuevo rector y del decano de la facultad de Ciencias y Humanidades. Describe los pormenores de la asamblea estudiantil en cabeza del Consejo Superior Estudiantil donde se cuestion\u00f3 la actitud de las directivas frente a los problemas por los que atraviesa la universidad y la necesidad de otra nueva asamblea con los estudiantes expulsados para una exposici\u00f3n de cargos.<\/p>\n<p><strong>Im\u00e1genes: <\/strong>n\/a<\/p>\n<p><strong>INFORMACI\u00d3N ANAL\u00cdTICA<\/strong><\/p>\n<p><strong>Contexto de la noticia:<\/strong> Golpe militar en Libia, Reintegro del directorio Conservador, Protestas contra EL Tiempo en Medell\u00edn, Capturas al ELN en Santander, Junta militar se posiciona en Brasil, Debates entre China y la URSS sobre Vietnam, Armas nucleares.<\/p>\n<p><strong>Palabras clave: <\/strong>Consejo Superior Estudiantil, Rector\u00eda, Asamblea de Estudiantes<\/p>\n<p><strong>Sugerencia de palabras claves: <\/strong><\/p>\n<p><strong>Observaciones:<\/strong><\/p>\n<p>Fecha de diligenciamiento: 10 de diciembre\/2018<\/p>\n<h1 style=\"text-align: center;\">***<\/h1>\n<p><strong>N\u00famero de ficha<\/strong>: A22&nbsp;&nbsp;&nbsp;&nbsp;&nbsp;&nbsp;&nbsp;&nbsp;&nbsp;&nbsp;&nbsp;&nbsp;&nbsp;&nbsp;&nbsp;&nbsp;&nbsp;&nbsp;&nbsp;&nbsp;&nbsp;&nbsp;&nbsp;&nbsp;&nbsp;&nbsp;&nbsp;&nbsp;&nbsp;&nbsp;&nbsp;&nbsp;&nbsp;&nbsp;&nbsp;&nbsp;&nbsp;&nbsp;&nbsp;&nbsp;&nbsp;&nbsp;&nbsp;&nbsp;&nbsp;&nbsp;&nbsp;&nbsp;&nbsp;&nbsp;&nbsp;&nbsp;&nbsp;&nbsp;&nbsp;&nbsp;<\/p>\n<p><strong>Diligenciada por: <\/strong>Eberhar Cano Naranjo<\/p>\n<p><strong>INFORMACI\u00d3N BIBLIOGR\u00c1FICA<\/strong><\/p>\n<p>Peri\u00f3dico: El Colombiano<\/p>\n<p>Lugar de edici\u00f3n: Medell\u00edn<\/p>\n<p>Autor personal: n\/a<\/p>\n<p>Autor corporativo: Equipo Editorial<\/p>\n<p>Fecha: 1969, septiembre, 18<\/p>\n<p>P\u00e1gina: 20<\/p>\n<p>Secci\u00f3n: n\/a<\/p>\n<p><strong>T\u00edtulo: <\/strong>Por pol\u00edtica no han designado nuevo rector de la universidad \u2013 carta del consejo directivo &#8211;&nbsp;<\/p>\n<p><strong>Resumen:<\/strong> Informaci\u00f3n alusiva a la preocupaci\u00f3n del consejo directivo frene a la designaci\u00f3n del rector de la UdeA. Seg\u00fan la carta que dirigi\u00f3 este estamento al Consejo Superior Universitario, es preocupante que no se decida el nombramiento de un nuevo rector a sabiendas que el actual (Lucrecio Jaramillo) se le venci\u00f3 el per\u00edodo y hay una dilataci\u00f3n en la elecci\u00f3n por razones pol\u00edticas. El consejo directivo es claro y manifiesta su inconformidad con la situaci\u00f3n a lo que la llama como <em>\u201ccondiciones extrauniversitarias, de \u00edndole partidista\u201d<\/em> y hace un llamado a la conciencia \u00e9tica en este tipo de necesidades administrativas de la universidad.<\/p>\n<p><strong>Im\u00e1genes: <\/strong>n\/a<\/p>\n<p><strong>INFORMACI\u00d3N ANAL\u00cdTICA<\/strong><\/p>\n<p><strong>Contexto de la noticia:<\/strong> Acuerdo de Lleras y el Conservadurismo, Problemas del agua en Medell\u00edn, Protestas estudiantiles y obreras en Argentina, Debates en el senado por crisis fiscal, se eligen vicepresidentes de la ONU, Rebeli\u00f3n en Paris, Influencia de Vietnam en rebeliones, oposici\u00f3n a impuestos en Colombia.<\/p>\n<p><strong>Palabras clave: <\/strong>Jaramillo, Lucrecio., Consejo Superior Universitario, Consejo Directivo, comunicado, Rector\u00eda<\/p>\n<p><strong>Sugerencia de palabras claves: <\/strong><\/p>\n<p><strong>Observaciones:<\/strong> entre los firmantes aparece Carlos Gaviria D\u00edaz como decano de la facultad de derecho y Bertha Nelly Cardona como representante estudiantil, Carlos Restrepo Acevedo como representante de los profesores.<\/p>\n<p><strong>Fecha de diligenciamiento:<\/strong> 10 de diciembre\/2018<\/p>\n<h1 style=\"text-align: center;\">***<\/h1>\n<p><strong>N\u00famero de ficha<\/strong>: A23 &nbsp;&nbsp;&nbsp;&nbsp;&nbsp;&nbsp;&nbsp;&nbsp;&nbsp;&nbsp;&nbsp;&nbsp;&nbsp;&nbsp;&nbsp;&nbsp;&nbsp;&nbsp;&nbsp;&nbsp; &nbsp;&nbsp;&nbsp;&nbsp;&nbsp;&nbsp;&nbsp;&nbsp;&nbsp;&nbsp;&nbsp;&nbsp;&nbsp;&nbsp;&nbsp;&nbsp;&nbsp;&nbsp;&nbsp;&nbsp;&nbsp;&nbsp;&nbsp;&nbsp;&nbsp;&nbsp;&nbsp;&nbsp;&nbsp;&nbsp;&nbsp;&nbsp;&nbsp;&nbsp;&nbsp;<\/p>\n<p><strong>Diligenciada por: <\/strong>Eberhar Cano Naranjo<\/p>\n<p><strong>INFORMACI\u00d3N BIBLIOGR\u00c1FICA<\/strong><\/p>\n<p>Peri\u00f3dico: El Colombiano<\/p>\n<p>Lugar de edici\u00f3n: Medell\u00edn<\/p>\n<p>Autor personal: n\/a<\/p>\n<p>Autor corporativo: n\/a<\/p>\n<p>Fecha: 1969, octubre, 15<\/p>\n<p>P\u00e1gina: 23<\/p>\n<p>Secci\u00f3n: n\/a<\/p>\n<p><strong>T\u00edtulo: <\/strong>Huelga en la facultad de derecho de la UdeA.<\/p>\n<p><strong>Resumen:<\/strong> Paro indefinido decretado por la asamblea estudiantil de dicha facultad por el nombramiento del nuevo decano Humberto Botero Betancur y la no renovaci\u00f3n del anterior, doctor Carlos Gaviria D\u00edaz. Los estudiantes plantean adem\u00e1s que dicho nombramiento se hizo por fuera de lo establecido. Hacen un llamado a los profesores y egresados para sumarse al paro indefinido y <em>\u201cse deja sentado el m\u00e1s en\u00e9rgico rechazo a la actual conformaci\u00f3n del Consejo Superior Universitario\u201d. <\/em><\/p>\n<p><strong>Im\u00e1genes: <\/strong>n\/a<\/p>\n<p><strong>INFORMACI\u00d3N ANAL\u00cdTICA<\/strong><\/p>\n<p><strong>&nbsp;<\/strong><strong>Contexto de la noticia:<\/strong> Lleras propone pensar en la figura de \u201cestado de sitio\u201d, etapa final del acuerdo bipartidista, Asamblea de sindicato de Coltabaco, Protestas en EU contra guerra en Vietnam, Obispos piden democratizaci\u00f3n de la iglesia, problemas carcelarios en el pa\u00eds.<\/p>\n<p><strong>Palabras clave: <\/strong>Botero, Humberto., Gaviria D\u00edaz, Carlos., Consejo Superior, Consejo Superior Universitario, Asamblea de Estudiantes, Comunicado<\/p>\n<p><strong>Sugerencia de palabras claves: <\/strong><\/p>\n<p><strong>Observaciones:<\/strong><\/p>\n<p>Fecha de diligenciamiento: 10 de diciembre\/2018<\/p>\n<h1 style=\"text-align: center;\">***<\/h1>\n<p><strong>N\u00famero de ficha<\/strong>: A24&nbsp;&nbsp;&nbsp;&nbsp;&nbsp;&nbsp;&nbsp;&nbsp;&nbsp;&nbsp;&nbsp;&nbsp;&nbsp;&nbsp;&nbsp;&nbsp;&nbsp;&nbsp;&nbsp;&nbsp;&nbsp;&nbsp;&nbsp;&nbsp;&nbsp;&nbsp;&nbsp;&nbsp;&nbsp;&nbsp;&nbsp;&nbsp;&nbsp;&nbsp;&nbsp;&nbsp;&nbsp;&nbsp;&nbsp;&nbsp;&nbsp;&nbsp;&nbsp;&nbsp;&nbsp;&nbsp;&nbsp;&nbsp;&nbsp;&nbsp;&nbsp;&nbsp;&nbsp;&nbsp;&nbsp;&nbsp;<\/p>\n<p><strong>Diligenciada por: <\/strong>Eberhar Cano Naranjo<\/p>\n<p><strong>INFORMACI\u00d3N BIBLIOGR\u00c1FICA<\/strong><\/p>\n<p>Peri\u00f3dico: El Colombiano<\/p>\n<p>Lugar de edici\u00f3n: Medell\u00edn<\/p>\n<p>Autor personal: Luis Mu\u00f1oz, Mart\u00edn Vel\u00e1squez, Roberto Agudelo<\/p>\n<p>Autor corporativo: n\/a<\/p>\n<p>Fecha: 1969, octubre, 22<\/p>\n<p>P\u00e1gina: 20<\/p>\n<p>Secci\u00f3n: Medell\u00edn al d\u00eda<\/p>\n<p><strong>T\u00edtulo: <\/strong>En la facultad de derecho se aplica hoy triple falta<\/p>\n<p><strong>Resumen:<\/strong> Ante la situaci\u00f3n del paro en la facultad de derecho, los directivos de la universidad instalan una sanci\u00f3n por inasistencia seg\u00fan el decreto 2128.&nbsp; Como respuesta del movimiento, se nombra una terna de asesores que incluye a Carlos Gaviria D\u00edaz quien es la propuesta de decanatura y que no es del gusto del gobernador Jorge P\u00e9rez Romero. Esta comisi\u00f3n busca respaldo nacional y viajar\u00e1 a Bogot\u00e1 para entablar di\u00e1logos con los ministros de justicia y educaci\u00f3n, Fernando Hinestroza y Octavio Arizmendi respectivamente. Ante este tire y afloje facultades como Ingenier\u00eda, Ciencias y Humanidades y Qu\u00edmica Farmac\u00e9utica realizan asambleas estudiantiles y deciden apoyar a sus compa\u00f1eros de Derecho.<\/p>\n<p><strong>Im\u00e1genes: <\/strong>n\/a<\/p>\n<p><strong>INFORMACI\u00d3N ANAL\u00cdTICA<\/strong><\/p>\n<p><strong>&nbsp;<\/strong><strong>Contexto de la noticia:<\/strong> Chile bajo estado de sitio, acci\u00f3n c\u00edvica en los barrios marginales, comisi\u00f3n bipartidista aprueba plataforma presidencial, proponen supresi\u00f3n de facultades extraordinarias a gobernaci\u00f3n, Asamblea de diputados liberales.<\/p>\n<p><strong>&nbsp;<\/strong><strong>Palabras clave: <\/strong>Gaviria D\u00edaz, Carlos., Hinestroza, Fernando., Arizmendi, Octavio., P\u00e9rez Romero, Jorge., Consejo Superior, Consejo Directivo, Asamblea de Estudiantes<\/p>\n<p><strong>Sugerencia de palabras claves: <\/strong><\/p>\n<p><strong>Observaciones:<\/strong> Noticia relacionada: Humberto Botero no acept\u00f3 decanatura de Derecho. Contin\u00faa paro en la UdeA. 16 de octubre de 1969\/ p. 19<\/p>\n<p>Fecha de diligenciamiento: 10 de diciembre\/2018<\/p>\n<h1 style=\"text-align: center;\">***<\/h1>\n<p><strong>N\u00famero de ficha<\/strong>: A25&nbsp;&nbsp;&nbsp;&nbsp;&nbsp;&nbsp;&nbsp;&nbsp;&nbsp;&nbsp;&nbsp;&nbsp;&nbsp;&nbsp;&nbsp;&nbsp;&nbsp;&nbsp;&nbsp;&nbsp;&nbsp;&nbsp;&nbsp;&nbsp;&nbsp;&nbsp;&nbsp;&nbsp;&nbsp;&nbsp;&nbsp;&nbsp;&nbsp;&nbsp;&nbsp;&nbsp;&nbsp;&nbsp;&nbsp;&nbsp;&nbsp;&nbsp;&nbsp;&nbsp;&nbsp;&nbsp;&nbsp;&nbsp;&nbsp;&nbsp;&nbsp;&nbsp;&nbsp;&nbsp;&nbsp;&nbsp;<\/p>\n<p><strong>Diligenciada por: <\/strong>Eberhar Cano Naranjo<\/p>\n<p><strong>INFORMACI\u00d3N BIBLIOGR\u00c1FICA<\/strong><\/p>\n<p>Peri\u00f3dico: El Colombiano<\/p>\n<p>Lugar de edici\u00f3n: Medell\u00edn<\/p>\n<p>Autor personal: n\/a<\/p>\n<p>Autor corporativo: Equipo Editorial<\/p>\n<p>Fecha: 1969, octubre, 23<\/p>\n<p>P\u00e1gina: 4<\/p>\n<p>Secci\u00f3n: n\/a<\/p>\n<p><strong>T\u00edtulo: <\/strong>Se insiste en que Gaviria D\u00edaz sea decano de Derecho<\/p>\n<p><strong>Resumen:<\/strong>&nbsp; La asamblea de estudiantes de la facultad de derecho contin\u00faa el paro e insiste en que el decano a nombrar debe ser Carlos Gaviria D\u00edaz y plantea no cesar\u00e1 en su exigencia hasta que el Consejo Superior Universitario la asuma. Por otro lado, se menciona que el se\u00f1or Humberto Botero Betancur no acept\u00f3 el nombramiento para dicha decanatura.<\/p>\n<p><strong>Im\u00e1genes: <\/strong>n\/a<\/p>\n<p><strong>INFORMACI\u00d3N ANAL\u00cdTICA<\/strong><\/p>\n<p><strong>Contexto de la noticia:<\/strong> Fusilamientos en Hait\u00ed, debates ministeriales sobre l\u00ednea econ\u00f3mica del gobierno, crisis cuantitativa y cualitativa de la educaci\u00f3n en Colombia, Carrera espacial rusa.<\/p>\n<p><strong>Palabras clave: <\/strong>Gaviria D\u00edaz, Carlos., Botero, Humberto., Asamblea de Estudiantes, Consejo Superior Universitario,<\/p>\n<p><strong>Sugerencia de palabras claves: <\/strong><\/p>\n<p><strong>Observaciones:<\/strong><\/p>\n<p>Fecha de diligenciamiento: 10 de diciembre\/2018<\/p>\n<h1 style=\"text-align: center;\">***<\/h1>\n<p><strong>N\u00famero de ficha<\/strong>: A26&nbsp;&nbsp;&nbsp;&nbsp;&nbsp;&nbsp;&nbsp;&nbsp;&nbsp;&nbsp;&nbsp;&nbsp;&nbsp;&nbsp;&nbsp;&nbsp;&nbsp;&nbsp;&nbsp;&nbsp;&nbsp;&nbsp;&nbsp;&nbsp;&nbsp;&nbsp;&nbsp;&nbsp;&nbsp;&nbsp;&nbsp;&nbsp;&nbsp;&nbsp;&nbsp;&nbsp;&nbsp;&nbsp;&nbsp;&nbsp;&nbsp;&nbsp;&nbsp;&nbsp;&nbsp;&nbsp;&nbsp;&nbsp;&nbsp;&nbsp;&nbsp;&nbsp;&nbsp;&nbsp;&nbsp;&nbsp;<\/p>\n<p><strong>Diligenciada por: <\/strong>Eberhar Cano Naranjo<\/p>\n<p><strong>INFORMACI\u00d3N BIBLIOGR\u00c1FICA<\/strong><\/p>\n<p>Peri\u00f3dico: El Colombiano<\/p>\n<p>Lugar de edici\u00f3n: Medell\u00edn<\/p>\n<p>Autor personal: n\/a<\/p>\n<p>Autor corporativo: Equipo Editorial<\/p>\n<p>Fecha: 1969, octubre, 26<\/p>\n<p>P\u00e1gina: 2<\/p>\n<p>Secci\u00f3n: n\/a<\/p>\n<p><strong>T\u00edtulo: <\/strong>Esta semana se re\u00fane el consejo superior<\/p>\n<p><strong>Resumen:<\/strong>&nbsp; El gobernador de Antioquia, Jorge P\u00e9rez Romero convoca a una reuni\u00f3n del CSU con el fin de tratar el tema de la elecci\u00f3n del decano de la facultad de Derecho y Ciencias Pol\u00edticas tras la negativa del se\u00f1or Humberto Botero. Los estudiantes agrupados en el Consejo Superior Estudiantil solicitan un permiso para realizar un desfile y movilizaci\u00f3n hacia el parque Berrio para manifestarse en favor de Carlos Gaviria D\u00edaz. Las administraciones municipales analizan la petici\u00f3n considerando las implicaciones de orden p\u00fablico a\u00fan ante la calma en el campus universitario. Tambi\u00e9n se menciona que en cuanto a la aplicaci\u00f3n del decreto 2123 de la triple falta se vienen realizando la investigaci\u00f3n respectiva.<\/p>\n<p><strong>Im\u00e1genes: <\/strong>n\/a<\/p>\n<p><strong>INFORMACI\u00d3N ANAL\u00cdTICA<\/strong><\/p>\n<p><strong>Contexto de la noticia:<\/strong> Crisis laboral y de empleo en Colombia, debates entre doctrinas liberales y conservadoras, se busca la paz pol\u00edtica y social en Colombia, Guerrilleros \u00c1rabes se toman ciudades en el L\u00edbano.<\/p>\n<p><strong>Palabras clave: <\/strong>P\u00e9rez Romero, Jorge., Botero, Humberto., Gaviria D\u00edaz, Carlos., Consejo Superior Estudiantil, Consejo Superior Universitario, Movilizaci\u00f3n<\/p>\n<p><strong>Sugerencia de palabras claves: <\/strong><\/p>\n<p><strong>Observaciones:<\/strong><\/p>\n<p>Fecha de diligenciamiento: 10 de diciembre\/2018<\/p>\n<h1 style=\"text-align: center;\">***<\/h1>\n<p><strong>N\u00famero de ficha<\/strong>: A27&nbsp;&nbsp;&nbsp;&nbsp;&nbsp;&nbsp;&nbsp;&nbsp;&nbsp;&nbsp;&nbsp;&nbsp;&nbsp;&nbsp;&nbsp;&nbsp;&nbsp;&nbsp;&nbsp;&nbsp;&nbsp;&nbsp;&nbsp;&nbsp;&nbsp;&nbsp;&nbsp;&nbsp;&nbsp;&nbsp;&nbsp;&nbsp;&nbsp;&nbsp;&nbsp;&nbsp;&nbsp;&nbsp;&nbsp;&nbsp;&nbsp;&nbsp;&nbsp;&nbsp;&nbsp;&nbsp;&nbsp;&nbsp;&nbsp;&nbsp;&nbsp;&nbsp;&nbsp;&nbsp;&nbsp;&nbsp;<\/p>\n<p><strong>Diligenciada por: <\/strong>Eberhar Cano Naranjo<\/p>\n<p><strong>INFORMACI\u00d3N BIBLIOGR\u00c1FICA<\/strong><\/p>\n<p>Peri\u00f3dico: El Colombiano<\/p>\n<p>Lugar de edici\u00f3n: Medell\u00edn<\/p>\n<p>Autor personal: Luis Mu\u00f1oz, Mart\u00edn Vel\u00e1squez, Roberto Agudelo<\/p>\n<p>Autor corporativo: n\/a<\/p>\n<p>Fecha: 1969, noviembre, 05<\/p>\n<p>P\u00e1gina: 18<\/p>\n<p>Secci\u00f3n: Medell\u00edn al d\u00eda<\/p>\n<p><strong>T\u00edtulo: <\/strong>Los estudiantes de derecho urgen la elecci\u00f3n de decano<\/p>\n<p><strong>Resumen:<\/strong> Reuni\u00f3n entre miembros del Consejo Superior Estudiantil y el CSU para debatir la problem\u00e1tica en la elecci\u00f3n del decano de la facultad de Derecho y Ciencias Pol\u00edticas.&nbsp; Se present\u00f3 la terna por el consejo de asesores conformada por Carlos Gaviria D\u00edaz, Luis Gabriel Botero y Guillermo Ochoa Gonz\u00e1lez. El CSU viene haciendo reuniones informales y no se ha pronunciado al respecto. Insisten en la delegaci\u00f3n como decano de Luis Gabriel Botero y los estudiantes se niegan ante tal propuesta, argumentan incluso que prefieren al se\u00f1or Guillermo Ochoa si no reeligen a Carlos Gaviria. La noticia tambi\u00e9n menciona la continuidad de una huelga por esta situaci\u00f3n y el regreso del rector Lucrecio Jaramillo.<\/p>\n<p><strong>Im\u00e1genes: <\/strong>n\/a<\/p>\n<p><strong>INFORMACI\u00d3N ANAL\u00cdTICA<\/strong><\/p>\n<p><strong>Contexto de la noticia:<\/strong> Convenci\u00f3n nacional conservadora en Colombia, Comienzan juzgados en c\u00e1rcel la Ladera, Nixon y Vietnam, Represalia contra L\u00edbano, Retira del proyecto contra el liceo de la UdeA, Muerte de Marighella en Brasil, movimiento familiar cristiano en Medell\u00edn.<\/p>\n<p><strong>Palabras clave: <\/strong>Gaviria D\u00edaz, Carlos., Botero, Luis Gabriel., Ochoa, Guillermo., Jaramillo, Lucrecio., Consejo Superior Estudiantil, Consejo Superior Universitario, Huelga<\/p>\n<p><strong>Sugerencia de palabras claves: <\/strong><\/p>\n<p><strong>Observaciones:<\/strong> Se menciona una declaraci\u00f3n del representante estudiantil Jes\u00fas Mar\u00eda Valle a El Colombiano sobre la situaci\u00f3n.<\/p>\n<p>Fecha de diligenciamiento: 10 de diciembre\/2018<\/p>\n<h1 style=\"text-align: center;\">***<\/h1>\n<p><strong>N\u00famero de ficha<\/strong>: A28&nbsp;&nbsp;&nbsp;&nbsp;&nbsp;&nbsp;&nbsp;&nbsp;&nbsp;&nbsp;&nbsp;&nbsp;&nbsp;&nbsp;&nbsp;&nbsp;&nbsp;&nbsp;&nbsp;&nbsp;&nbsp;&nbsp;&nbsp;&nbsp;&nbsp;&nbsp;&nbsp;&nbsp;&nbsp;&nbsp;&nbsp;&nbsp;&nbsp;&nbsp;&nbsp;&nbsp;&nbsp;&nbsp;&nbsp;&nbsp;&nbsp;&nbsp;&nbsp;&nbsp;&nbsp;&nbsp;&nbsp;&nbsp;&nbsp;&nbsp;&nbsp;&nbsp;&nbsp;&nbsp;&nbsp;&nbsp;<\/p>\n<p><strong>Diligenciada por: <\/strong>Eberhar Cano Naranjo<\/p>\n<p><strong>INFORMACI\u00d3N BIBLIOGR\u00c1FICA<\/strong><\/p>\n<p>Peri\u00f3dico: El Colombiano<\/p>\n<p>Lugar de edici\u00f3n: Medell\u00edn<\/p>\n<p>Autor personal: Luis Mu\u00f1oz, Mart\u00edn Vel\u00e1squez, Roberto Agudelo<\/p>\n<p>Autor corporativo: n\/a<\/p>\n<p>Fecha: 1969, noviembre, 15<\/p>\n<p>P\u00e1gina: 6<\/p>\n<p>Secci\u00f3n: Medell\u00edn al d\u00eda<\/p>\n<p><strong>T\u00edtulo: <\/strong>Posible Paro en la UdeA.<\/p>\n<p><strong>Resumen:<\/strong> Sin soluciones ante las exigencias de los estudiantes sobre el nombramiento del decano de la facultad de derecho se convoca a una asamblea general de estudiantes para mantener el paro general.<\/p>\n<p><strong>Im\u00e1genes: <\/strong>n\/a<\/p>\n<p><strong>INFORMACI\u00d3N ANAL\u00cdTICA<\/strong><\/p>\n<p><strong>&nbsp;<\/strong><strong>Contexto de la noticia:<\/strong> Reuniones bipartidarias para candidaturas en Colombia, Accidentes del Apolo 12, Cambio en los calendarios escolares, Reformas de las EE.PP, Alta actividad pol\u00edtica del conservadurismo, Huelga de trabajadores en Francia.<\/p>\n<p><strong>Palabras clave: <\/strong>Asamblea de Estudiantes<\/p>\n<p><strong>Sugerencia de palabras claves: <\/strong>Paro<\/p>\n<p><strong>Observaciones:<\/strong> En la secci\u00f3n se se\u00f1alan distintos paros y acciones de protesta en la universidad Nacional sede Medell\u00edn y Bogot\u00e1.<\/p>\n<p>Fecha de diligenciamiento: 10 de diciembre\/2018<\/p>\n<h1 style=\"text-align: center;\">***<\/h1>\n<p><strong>N\u00famero de ficha<\/strong>: A29&nbsp;&nbsp;&nbsp;&nbsp;&nbsp;&nbsp;&nbsp;&nbsp;&nbsp;&nbsp;&nbsp;&nbsp;&nbsp;&nbsp;&nbsp;&nbsp;&nbsp;&nbsp;&nbsp;&nbsp;&nbsp;&nbsp;&nbsp;&nbsp;&nbsp;&nbsp;&nbsp;&nbsp;&nbsp;&nbsp;&nbsp;&nbsp; &nbsp;&nbsp;&nbsp;&nbsp;&nbsp;&nbsp;&nbsp;&nbsp;&nbsp;&nbsp;&nbsp;&nbsp;&nbsp;&nbsp;&nbsp;&nbsp;&nbsp;&nbsp;&nbsp;&nbsp;&nbsp;&nbsp;&nbsp;<\/p>\n<p><strong>Diligenciada por: <\/strong>Eberhar Cano Naranjo<\/p>\n<p><strong>INFORMACI\u00d3N BIBLIOGR\u00c1FICA<\/strong><\/p>\n<p>Peri\u00f3dico: El Colombiano<\/p>\n<p>Lugar de edici\u00f3n: Medell\u00edn<\/p>\n<p>Autor personal: n\/a<\/p>\n<p>Autor corporativo: Equipo Editorial<\/p>\n<p>Fecha: 1969, noviembre, 16<\/p>\n<p>P\u00e1gina: 1 y B<\/p>\n<p>Secci\u00f3n: Medell\u00edn al d\u00eda<\/p>\n<p><strong>T\u00edtulo: <\/strong>Nombrado decano en Derecho &#8211; Posible paro general desde ma\u00f1ana &#8211;<\/p>\n<p><strong>Resumen:<\/strong> EL CSU nombra al nuevo decano de la facultad de Derecho y Ciencias Pol\u00edticas Luis Gabriel Botero Pel\u00e1ez, que gener\u00f3 el rechazo de los estudiantes y la continuaci\u00f3n del paro.<\/p>\n<p><strong>Im\u00e1genes: <\/strong>n\/a<\/p>\n<p><strong>INFORMACI\u00d3N ANAL\u00cdTICA<\/strong><\/p>\n<p><strong>Contexto de la noticia:<\/strong> Cambios en altos mandos militares del pa\u00eds, inici\u00f3 la \u201coperaci\u00f3n limpieza\u201d de las autoridades en Medell\u00edn, manifestaciones en la Casa Blanca en contra de la violencia.<\/p>\n<p><strong>Palabras clave: <\/strong>Botero, Luis Gabriel., Asamblea de Estudiantes, Paro, Consejo Superior Universitario<\/p>\n<p><strong>Sugerencia de palabras claves: <\/strong>Paro<\/p>\n<p><strong>Observaciones:<\/strong><\/p>\n<p>Fecha de diligenciamiento: 10 de diciembre\/2018<\/p>\n<h1 style=\"text-align: center;\">***<\/h1>\n<p><strong>N\u00famero de ficha<\/strong>: A30&nbsp;&nbsp;&nbsp;&nbsp;&nbsp;&nbsp;&nbsp;&nbsp;&nbsp;&nbsp;&nbsp;&nbsp;&nbsp;&nbsp;&nbsp;&nbsp;&nbsp;&nbsp;&nbsp;&nbsp;&nbsp;&nbsp;&nbsp;&nbsp;&nbsp;&nbsp;&nbsp;&nbsp;&nbsp;&nbsp;&nbsp;&nbsp;&nbsp;&nbsp;&nbsp;&nbsp;&nbsp;&nbsp;&nbsp;&nbsp;&nbsp;&nbsp;&nbsp;&nbsp;&nbsp;&nbsp;&nbsp;&nbsp;&nbsp;&nbsp;&nbsp;&nbsp;&nbsp;&nbsp;&nbsp;&nbsp;<\/p>\n<p><strong>Diligenciada por: <\/strong>Eberhar Cano Naranjo<\/p>\n<p><strong>INFORMACI\u00d3N BIBLIOGR\u00c1FICA<\/strong><\/p>\n<p>Peri\u00f3dico: El Colombiano<\/p>\n<p>Lugar de edici\u00f3n: Medell\u00edn<\/p>\n<p>Autor personal: n\/a<\/p>\n<p>Autor corporativo: Equipo Editorial<\/p>\n<p>Fecha: 1969, noviembre, 21<\/p>\n<p>P\u00e1gina: 18<\/p>\n<p>Secci\u00f3n: n\/a<\/p>\n<p><strong>T\u00edtulo: <\/strong>Des\u00f3rdenes estudiantiles ayer tarde en Medell\u00edn. Apedreados varios edificios entre ellos El Colombiano.<\/p>\n<p><strong>Resumen:<\/strong> Manifestaciones y disturbios el d\u00eda anterior (20 de noviembre) por parte de grupos estudiantiles en sectores del centro de la ciudad por la elecci\u00f3n del nuevo decano de Derecho y Ciencias Pol\u00edticas. Los estudiantes y grupos estudiantiles se movilizaron por sectores del centro como el Nutibara, Teatros Guadalupe y el Cid, El Colombiano y el edificio de la gobernaci\u00f3n, calles como Bol\u00edvar, el Palo, Caracas, Juan del Corral, la Playa, fueron algunos de los sectores m\u00e1s afectados de la manifestaci\u00f3n. En la manifestaci\u00f3n hubo pedreas, arengas, detenciones, cierre del comercio, presencia de brigadas de la polic\u00eda y el ej\u00e9rcito y un soldado herido. Tambi\u00e9n se hace una peque\u00f1a alusi\u00f3n a la presencia de otros sectores sociales en la jornada de protesta.<\/p>\n<p><strong>Im\u00e1genes: <\/strong>IMG A30 (a\u2026b). Fotograf\u00edas de los destrozos en El Colombiano y el edificio de la Gobernaci\u00f3n. Fot\u00f3grafo: Ospina.<\/p>\n<p><strong>INFORMACI\u00d3N ANAL\u00cdTICA<\/strong><\/p>\n<p><strong>Contexto de la noticia:<\/strong> Convenci\u00f3n Liberal en Colombia, Rockefeller defiende dictaduras militares, ola de disturbios en Argentina, Luchas en el L\u00edbano, Llegada de Apolo 12.<\/p>\n<p><strong>Palabras clave: <\/strong>Manifestaci\u00f3n, disturbios, cierre de v\u00edas, acciones violentas, Gobernador, Ej\u00e9rcito, Polic\u00eda.<\/p>\n<p><strong>Sugerencia de palabras claves: <\/strong>Pedreas<\/p>\n<p><strong>Observaciones:<\/strong><\/p>\n<p>Fecha de diligenciamiento: 10 de diciembre\/2018<\/p>\n<h1 style=\"text-align: center;\">***<\/h1>\n<p><strong>N\u00famero de ficha<\/strong>: A31&nbsp;&nbsp;&nbsp;&nbsp;&nbsp;&nbsp;&nbsp;&nbsp;&nbsp;&nbsp;&nbsp;&nbsp;&nbsp;&nbsp;&nbsp;&nbsp;&nbsp;&nbsp;&nbsp;&nbsp;&nbsp;&nbsp;&nbsp;&nbsp;&nbsp;&nbsp;&nbsp;&nbsp;&nbsp;&nbsp;&nbsp;&nbsp;&nbsp;&nbsp;&nbsp;&nbsp;&nbsp;&nbsp;&nbsp;&nbsp;&nbsp;&nbsp;&nbsp;&nbsp;&nbsp;&nbsp;&nbsp;&nbsp;&nbsp;&nbsp;&nbsp;&nbsp;&nbsp;&nbsp;&nbsp;&nbsp;<\/p>\n<p><strong>Diligenciada por: <\/strong>Eberhar Cano Naranjo<\/p>\n<p><strong>INFORMACI\u00d3N BIBLIOGR\u00c1FICA<\/strong><\/p>\n<p>Peri\u00f3dico: El Colombiano<\/p>\n<p>Lugar de edici\u00f3n: Medell\u00edn<\/p>\n<p>Autor personal: n\/a<\/p>\n<p>Autor corporativo: Equipo Editorial<\/p>\n<p>Fecha: 1969, noviembre, 22<\/p>\n<p>P\u00e1gina: 1 y 22<\/p>\n<p>Secci\u00f3n: n\/a<\/p>\n<p><strong>T\u00edtulo: <\/strong>Fue cancelado el semestre en Derecho de la UdeA.&nbsp;<\/p>\n<p><strong>Resumen:<\/strong>&nbsp; El consejo directivo decide cancelar el semestre ya que el paro prolongado cumpli\u00f3 41 d\u00edas que sobrepasan el n\u00famero de faltas para invalidar el semestre acad\u00e9mico. El consejo directivo expidi\u00f3 una resoluci\u00f3n con todos los puntos que determinaron la decisi\u00f3n y los pasos a seguir para su reactivaci\u00f3n.<\/p>\n<p><strong>Im\u00e1genes: <\/strong>n\/a<\/p>\n<p><strong>INFORMACI\u00d3N ANAL\u00cdTICA<\/strong><\/p>\n<p><strong>Contexto de la noticia:<\/strong> Preparaci\u00f3n de convenci\u00f3n Liberal, campa\u00f1a de masificaci\u00f3n del conservadurismo, debates sobre reforma urbana en Colombia, se prepara cumbre comunista en Mosc\u00fa.<\/p>\n<p><strong>Palabras clave: <\/strong>Consejo Directivo,<\/p>\n<p><strong>Sugerencia de palabras claves: <\/strong>Paro, Cancelaci\u00f3n de semestre<\/p>\n<p><strong>Observaciones:<\/strong><\/p>\n<p>Fecha de diligenciamiento: 10 de diciembre\/2018<\/p>\n<h1 style=\"text-align: center;\">***<\/h1>\n<p><strong>N\u00famero de ficha<\/strong>: A32&nbsp;&nbsp;&nbsp;&nbsp;&nbsp;&nbsp;&nbsp;&nbsp;&nbsp;&nbsp;&nbsp;&nbsp;&nbsp;&nbsp;&nbsp;&nbsp;&nbsp;&nbsp;&nbsp;&nbsp;&nbsp;&nbsp;&nbsp;&nbsp;&nbsp;&nbsp;&nbsp;&nbsp;&nbsp;&nbsp;&nbsp;&nbsp;&nbsp;&nbsp;&nbsp;&nbsp;&nbsp;&nbsp;&nbsp;&nbsp;&nbsp;&nbsp;&nbsp;&nbsp;&nbsp;&nbsp;&nbsp;&nbsp;&nbsp;&nbsp;&nbsp;&nbsp;&nbsp;&nbsp;&nbsp;&nbsp;<\/p>\n<p><strong>Diligenciada por: <\/strong>Eberhar Cano Naranjo<\/p>\n<p><strong>INFORMACI\u00d3N BIBLIOGR\u00c1FICA<\/strong><\/p>\n<p>Peri\u00f3dico: El Colombiano<\/p>\n<p>Lugar de edici\u00f3n: Medell\u00edn<\/p>\n<p>Autor personal: n\/a<\/p>\n<p>Autor corporativo: Equipo Editorial<\/p>\n<p>Fecha: 1969, noviembre, 25<\/p>\n<p>P\u00e1gina: 3<\/p>\n<p>Secci\u00f3n: Editorial<\/p>\n<p><strong>T\u00edtulo: <\/strong>El conflicto en la universidad.&nbsp;&nbsp;<\/p>\n<p><strong>Resumen:<\/strong>&nbsp; La nota pretende generar una reflexi\u00f3n sobre lo ocurrido en la UdeA en relaci\u00f3n a las problem\u00e1ticas de la educaci\u00f3n superior. La situaci\u00f3n de violencia y deslegitimaci\u00f3n ante la sociedad que desencaden\u00f3 el mal tr\u00e1mite de un importante debate universitario debe ser revisado y discutido por el conjunto de la universidad a la luz de los principios. Hay presente una cr\u00edtica a varios estamentos de la universidad como a las acciones violentas que, seg\u00fan la nota, se salen de los objetivos acad\u00e9micos de cualquier manifestaci\u00f3n o huelga estudiantil. La nota invita a generar un nuevo clima para tratar de resolver los conflictos presentes y futuros de la universidad y la educaci\u00f3n superior.<\/p>\n<p><strong>Im\u00e1genes: <\/strong>n\/a<\/p>\n<p><strong>&nbsp;INFORMACI\u00d3N ANAL\u00cdTICA<\/strong><\/p>\n<p><strong>Contexto de la noticia:<\/strong> Ola de inseguridad en Medell\u00edn, Juventudes conservadoras apoyan a Pastrana, se fortalece el Grupo Andino, paro de buses en Barranquilla, cuestionamientos al ICT sobre problemas de vivienda urbana, alzas en el impuesto predial, injerencia norteamericana en Latinoam\u00e9rica.<\/p>\n<p><strong>Palabras clave: <\/strong>&nbsp;Consejo Directivo, Huelga,<\/p>\n<p><strong>Sugerencia de palabras claves: <\/strong>Paro, Cancelaci\u00f3n de semestre, Movimiento Estudiantil, Conflicto universitario<\/p>\n<p><strong>Observaciones:<\/strong> Columna de opini\u00f3n.<\/p>\n<p>Fecha de diligenciamiento: 10 de diciembre\/2018<\/p>\n<h1 style=\"text-align: center;\">***<\/h1>\n<p><strong>N\u00famero de ficha<\/strong>: A33&nbsp;&nbsp;&nbsp;&nbsp;&nbsp;&nbsp;&nbsp;&nbsp;&nbsp;&nbsp;&nbsp;&nbsp;&nbsp;&nbsp;&nbsp;&nbsp;&nbsp;&nbsp;&nbsp;&nbsp;&nbsp;&nbsp;&nbsp;&nbsp;&nbsp;&nbsp;&nbsp;&nbsp;&nbsp;&nbsp;&nbsp;&nbsp;&nbsp;&nbsp;&nbsp;&nbsp;&nbsp;&nbsp;&nbsp;&nbsp;&nbsp;&nbsp;&nbsp;&nbsp;&nbsp;&nbsp;&nbsp;&nbsp;&nbsp;&nbsp;&nbsp;&nbsp;&nbsp;&nbsp;&nbsp;&nbsp;<\/p>\n<p><strong>Diligenciada por: <\/strong>Eberhar Cano Naranjo<\/p>\n<p><strong>INFORMACI\u00d3N BIBLIOGR\u00c1FICA<\/strong><\/p>\n<p>Peri\u00f3dico: El Colombiano<\/p>\n<p>Lugar de edici\u00f3n: Medell\u00edn<\/p>\n<p>Autor personal: n\/a<\/p>\n<p>Autor corporativo: Equipo Editorial<\/p>\n<p>Fecha: 1970, enero, 01<\/p>\n<p>P\u00e1gina: 1 y 4<\/p>\n<p>Secci\u00f3n: n\/a<\/p>\n<p><strong>T\u00edtulo: <\/strong>Levantado ayer el Paro en la UdeA.<\/p>\n<p><strong>Resumen:<\/strong> Luego de algunas comunicaciones entre el Consejo Superior Estudiantil y el presidente de la rep\u00fablica, los representantes estudiantiles deciden levantar el paro y asumir una actitud conciliadora frente a sus exigencias. En la asamblea convocada comparten a los dem\u00e1s estudiantes, profesores y a la asociaci\u00f3n de padres las decisiones tomadas y los pasos a seguir ante la situaci\u00f3n. El gobernador y dem\u00e1s miembros del Consejo Directivo de la universidad rescatan la posici\u00f3n que asumi\u00f3 el movimiento y esperan poder crear una comisi\u00f3n con estudiantes y profesores para estudiar los problemas acad\u00e9micos por los que atraviesa la UdeA. La comisi\u00f3n de profesores dio a conocer un comunicado donde expresan unos puntos clave para el debate al igual que los egresados y el rector de la instituci\u00f3n.<\/p>\n<p><strong>Im\u00e1genes: <\/strong>n\/a<\/p>\n<p><strong>INFORMACI\u00d3N ANAL\u00cdTICA<\/strong><\/p>\n<p><strong>Contexto de la noticia:<\/strong> Reformas econ\u00f3micas del presidente Lleras, Paro en Buenaventura, Movimientos c\u00edvicos del pa\u00eds preparan paros, Tensiones pol\u00edticas entre Francia e Israel, manifestaciones de obreros y estudiantes en Francia.<\/p>\n<p><strong>Palabras clave: <\/strong>&nbsp;Consejo Directivo, Consejo Superior Estudiantil, Consejo Superior Universitario, Asamblea de Estudiantes<\/p>\n<p><strong>Sugerencia de palabras claves: <\/strong>Paro, Egresados<\/p>\n<p><strong>Observaciones:<\/strong><\/p>\n<p>Fecha de diligenciamiento: 10 de diciembre\/2018<\/p>\n<h1 style=\"text-align: center;\">***<\/h1>\n<p><strong>N\u00famero de ficha<\/strong>: A34&nbsp;&nbsp;&nbsp;&nbsp;&nbsp;&nbsp;&nbsp;&nbsp;&nbsp;&nbsp;&nbsp;&nbsp;&nbsp;&nbsp;&nbsp;&nbsp;&nbsp;&nbsp;&nbsp;&nbsp;&nbsp;&nbsp;&nbsp;&nbsp;&nbsp;&nbsp;&nbsp;&nbsp;&nbsp;&nbsp;&nbsp;&nbsp;&nbsp;&nbsp;&nbsp;&nbsp;&nbsp;&nbsp;&nbsp;&nbsp;&nbsp;&nbsp;&nbsp;&nbsp;&nbsp;&nbsp;&nbsp;&nbsp;&nbsp;&nbsp;&nbsp;&nbsp;&nbsp;&nbsp;&nbsp;&nbsp;<\/p>\n<p><strong>Diligenciada por: <\/strong>Eberhar Cano Naranjo<\/p>\n<p><strong>INFORMACI\u00d3N BIBLIOGR\u00c1FICA<\/strong><\/p>\n<p>Peri\u00f3dico: El Colombiano<\/p>\n<p>Lugar de edici\u00f3n: Medell\u00edn<\/p>\n<p>Autor personal: n\/a<\/p>\n<p>Autor corporativo: Equipo Editorial<\/p>\n<p>Fecha: 1970, enero, 13<\/p>\n<p>P\u00e1gina: 2 y 15<\/p>\n<p>Secci\u00f3n: n\/a<\/p>\n<p><strong>T\u00edtulo: <\/strong>Los estudiantes no se presentaron a ex\u00e1menes.<\/p>\n<p><strong>Resumen:<\/strong> Comunicado por parte de los estudiantes agrupados en la asamblea general donde deciden no asistir a los ex\u00e1menes en protesta por la insistencia de las causas que motivaron el paro del a\u00f1o pasado. Seg\u00fan los estudiantes hasta no avanzar en esa soluci\u00f3n no presentar\u00e1n sus ex\u00e1menes correspondientes.<\/p>\n<p><strong>Im\u00e1genes: <\/strong>n\/a<\/p>\n<p><strong>INFORMACI\u00d3N ANAL\u00cdTICA<\/strong><\/p>\n<p><strong>Contexto de la noticia:<\/strong> El frente nacional presenta su candidato Pastrana, apoyo de expresidentes a pastrana, Giras de Mariano Ospina por el pa\u00eds, crisis laboral en Colombia, Comit\u00e9 de la OIT en el pa\u00eds. Paro de educadores.<\/p>\n<p><strong>Palabras clave: <\/strong>Comunicado, Asamblea de Estudiantes<\/p>\n<p><strong>Sugerencia de palabras claves: <\/strong>Paro<\/p>\n<p><strong>Observaciones:<\/strong><\/p>\n<p>Fecha de diligenciamiento: 10 de diciembre\/2018<\/p>\n<h1 style=\"text-align: center;\">***<\/h1>\n<p><strong>N\u00famero de ficha<\/strong>: A35&nbsp;&nbsp;&nbsp;&nbsp;&nbsp;&nbsp;&nbsp;&nbsp;&nbsp;&nbsp;&nbsp;&nbsp;&nbsp;&nbsp;&nbsp;&nbsp;&nbsp;&nbsp;&nbsp;&nbsp;&nbsp;&nbsp;&nbsp;&nbsp;&nbsp;&nbsp;&nbsp;&nbsp;&nbsp;&nbsp;&nbsp;&nbsp;&nbsp;&nbsp;&nbsp;&nbsp;&nbsp;&nbsp;&nbsp;&nbsp;&nbsp;&nbsp;&nbsp;&nbsp;&nbsp;&nbsp;&nbsp;&nbsp;&nbsp;&nbsp;&nbsp;&nbsp;&nbsp;&nbsp;&nbsp;&nbsp;<\/p>\n<p><strong>Diligenciada por: <\/strong>Eberhar Cano Naranjo<\/p>\n<p><strong>INFORMACI\u00d3N BIBLIOGR\u00c1FICA<\/strong><\/p>\n<p>Peri\u00f3dico: El Colombiano<\/p>\n<p>Lugar de edici\u00f3n: Medell\u00edn<\/p>\n<p>Autor personal: n\/a<\/p>\n<p>Autor corporativo: Equipo Editorial<\/p>\n<p>Fecha: 1970, enero, 14<\/p>\n<p>P\u00e1gina: 1 y 22<\/p>\n<p>Secci\u00f3n: n\/a<\/p>\n<p><strong>T\u00edtulo: <\/strong>Los estudiantes tampoco presentaron ex\u00e1menes ayer.<\/p>\n<p><strong>Resumen:<\/strong> De nuevo noticia relaciona con la acci\u00f3n de protesta de los estudiantes y la no presentaci\u00f3n de sus ex\u00e1menes. Esta noticia contiene el comunicado de la rector\u00eda al respecto.<\/p>\n<p><strong>Im\u00e1genes: <\/strong>n\/a<\/p>\n<p><strong>INFORMACI\u00d3N ANAL\u00cdTICA<\/strong><\/p>\n<p><strong>Contexto de la noticia:<\/strong> Comit\u00e9 bipartidista para candidatura de Pastrana, Enfrentamientos entre ej\u00e9rcito y EPL En Urab\u00e1, Confirmaci\u00f3n de 25 pa\u00edses para seminario mundial de Tugurios en Medell\u00edn, Ataques de Israel a Egipto, Reanudaci\u00f3n de conversaciones entre China y la URSS.<\/p>\n<p><strong>Palabras clave: <\/strong>Comunicado, Asamblea de Estudiantes, Rector\u00eda<\/p>\n<p><strong>Sugerencia de palabras claves: <\/strong><\/p>\n<p><strong>Observaciones:<\/strong><\/p>\n<p>Fecha de diligenciamiento: 10 de diciembre\/2018<\/p>\n<h1 style=\"text-align: center;\">***<\/h1>\n<p><strong>N\u00famero de ficha<\/strong>: A36&nbsp;&nbsp;&nbsp;&nbsp;&nbsp;&nbsp;&nbsp;&nbsp;&nbsp;&nbsp;&nbsp;&nbsp;&nbsp;&nbsp;&nbsp;&nbsp;&nbsp;&nbsp;&nbsp;&nbsp;&nbsp;&nbsp;&nbsp;&nbsp;&nbsp;&nbsp;&nbsp;&nbsp;&nbsp;&nbsp;&nbsp;&nbsp;&nbsp;&nbsp;&nbsp;&nbsp;&nbsp;&nbsp;&nbsp;&nbsp;&nbsp;&nbsp;&nbsp;&nbsp;&nbsp;&nbsp;&nbsp;&nbsp;&nbsp;&nbsp;&nbsp;&nbsp;&nbsp;&nbsp;&nbsp;&nbsp;<\/p>\n<p><strong>Diligenciada por: <\/strong>Eberhar Cano Naranjo<\/p>\n<p><strong>INFORMACI\u00d3N BIBLIOGR\u00c1FICA<\/strong><\/p>\n<p>Peri\u00f3dico: El Colombiano<\/p>\n<p>Lugar de edici\u00f3n: Medell\u00edn<\/p>\n<p>Autor personal: Humberto Diez<\/p>\n<p>Autor corporativo: n\/a<\/p>\n<p>Fecha: 1970, enero, 15<\/p>\n<p>P\u00e1gina: 1 y 17<\/p>\n<p>Secci\u00f3n: Medell\u00edn Social.<\/p>\n<p><strong>T\u00edtulo: <\/strong>Integrada la comisi\u00f3n conciliadora en la UdeA.<\/p>\n<p><strong>Resumen:<\/strong> Se crea una comisi\u00f3n entre directivos, estudiantes y profesores con el fin de estudiar y buscar soluciones al conflicto estudiantil que viene d\u00e1ndose desde el a\u00f1o pasado con el paro resultado de la elecci\u00f3n del decano de Derecho Luis Gabriel Botero. En paro se encuentran las facultades de Derecho, Ciencias y Humanidades, Econom\u00eda, Ingenier\u00eda, Odontolog\u00eda, Qu\u00edmica Farmac\u00e9utica, Ciencias de la Educaci\u00f3n, Bibliotecolog\u00eda, Veterinaria, Zootecnia y Ciencias de la Comunicaci\u00f3n. Se realiz\u00f3 una rueda de prensa con estudiantes y profesores para generar el debate y buscar una soluci\u00f3n a fondo, ya que seg\u00fan ellos hay incumplimientos por parte de las directivas de la universidad. De esta situaci\u00f3n se realiz\u00f3 un comunicado por parte del Consejo Superior Estudiantil donde se expresa la buena voluntad para el di\u00e1logo.<\/p>\n<p><strong>Im\u00e1genes: <\/strong>IMG A36 (a\u2026b). Estudiantes en reapertura de la universidad. Fot\u00f3grafo: Herv\u00e1squez.<\/p>\n<p><strong>INFORMACI\u00d3N ANAL\u00cdTICA<\/strong><\/p>\n<p><strong>Contexto de la noticia:<\/strong> Campa\u00f1a presidencial de Pastrana, retenci\u00f3n en la fuente para salarios, crisis de hambruna en Biafra, Huelgas en empresas, EE.PP demandada por el municipio del Pe\u00f1ol, casas conservadoras en Medell\u00edn.<\/p>\n<p><strong>Palabras clave: <\/strong>Botero, Luis Gabriel., Comunicado, Asamblea de Estudiantes, Rector\u00eda, Consejo Superior Estudiantil, Asamblea de Profesores<\/p>\n<p><strong>Sugerencia de palabras claves: <\/strong>Comisiones de di\u00e1logo, Paro<\/p>\n<p><strong>Observaciones:<\/strong> Al d\u00eda siguiente, es decir el 16 de enero, en la secci\u00f3n <em>\u201cEcos y Comentarios\u201d<\/em> (p.5), se expuso una opini\u00f3n muy corta (sin autor) sobre esta comisi\u00f3n que rescata la iniciativa como <em>\u201cuna base de contacto que permite abrigar esperanzas de que a la universidad de Antioquia tornar\u00e1 la normalidad para el desarrollo de sus actividades en el presente a\u00f1o\u201d<\/em><\/p>\n<p>Fecha de diligenciamiento: 10 de diciembre\/2018<\/p>\n<h1 style=\"text-align: center;\">***<\/h1>\n<p><strong>N\u00famero de ficha<\/strong>: A37&nbsp;&nbsp;&nbsp;&nbsp;&nbsp;&nbsp;&nbsp;&nbsp;&nbsp;&nbsp;&nbsp;&nbsp;&nbsp;&nbsp;&nbsp;&nbsp;&nbsp;&nbsp;&nbsp;&nbsp;&nbsp;&nbsp;&nbsp;&nbsp;&nbsp;&nbsp;&nbsp;&nbsp;&nbsp;&nbsp;&nbsp;&nbsp;&nbsp;&nbsp;&nbsp;&nbsp;&nbsp;&nbsp;&nbsp;&nbsp;&nbsp;&nbsp;&nbsp;&nbsp;&nbsp;&nbsp;&nbsp;&nbsp;&nbsp;&nbsp;&nbsp;&nbsp;&nbsp;&nbsp;&nbsp;&nbsp;<\/p>\n<p><strong>Diligenciada por: <\/strong>Eberhar Cano Naranjo<\/p>\n<p><strong>INFORMACI\u00d3N BIBLIOGR\u00c1FICA<\/strong><\/p>\n<p>Peri\u00f3dico: El Colombiano<\/p>\n<p>Lugar de edici\u00f3n: Medell\u00edn<\/p>\n<p>Autor personal: Humberto Diez<\/p>\n<p>Autor corporativo: n\/a<\/p>\n<p>Fecha: 1970, enero, 21<\/p>\n<p>P\u00e1gina: 2<\/p>\n<p>Secci\u00f3n: n\/a<\/p>\n<p><strong>T\u00edtulo: <\/strong>Manifestaci\u00f3n estudiantil ayer.<\/p>\n<p><strong>Resumen:<\/strong>&nbsp; Luego de la suspensi\u00f3n de las movilizaciones con la creaci\u00f3n de la comisi\u00f3n conciliadora. Los estudiantes retomaron ayer el escenario p\u00fablico para manifestar sus demandas. Se realiz\u00f3 un desfile pac\u00edfico por las calles del centro de la ciudad. Si bien el desfile fue pac\u00edfico, existieron roces entre algunos grupos de estudiantes y la polic\u00eda tratando de evitar el cierre de v\u00edas. En el desfile se reparti\u00f3 un comunicado a nombre del Consejo Superior Estudiantil y se acord\u00f3 la realizaci\u00f3n de una asamblea general de estudiantes.<\/p>\n<p><strong>Im\u00e1genes: <\/strong>n\/a<\/p>\n<p><strong>INFORMACI\u00d3N ANAL\u00cdTICA<\/strong><\/p>\n<p><strong>Contexto de la noticia:<\/strong> Acuerdo financiero entre BID y CIAP, levantado el paro en Bavaria, campa\u00f1a y giras de Pastrana, el sector empresarial se vincula a la educaci\u00f3n, se crea divisi\u00f3n militar de la MB (Mark Battle International) en Latinoam\u00e9rica, problemas de orden p\u00fablico en Urab\u00e1, reuni\u00f3n de la OIT en Medell\u00edn.<\/p>\n<p><strong>Palabras clave: <\/strong>Comunicado, Asamblea de Estudiantes, Consejo Superior Estudiantil, Movilizaci\u00f3n.<\/p>\n<p><strong>Sugerencia de palabras claves: <\/strong>Comisiones de di\u00e1logo, Desfile<\/p>\n<p><strong>Observaciones:<\/strong> La comisi\u00f3n de conciliaci\u00f3n donde los estudiantes manifestaron: <em>\u201cla reanudaci\u00f3n de la movilizaci\u00f3n no significa por ning\u00fan motivo el rompimiento de las conversaciones ni la desintegraci\u00f3n de la comisi\u00f3n negociadora. Al contrario, seguimos colaborando en la b\u00fasqueda de una soluci\u00f3n al beneficio del estudiantado y de la universidad. Con el desfile queremos demostrar que el movimiento no es la caprichosa actitud de una minor\u00eda. Sino una actitud defensiva de los intereses acad\u00e9micos, promovida por la base universitaria que cobija a estudiantes y profesores\u201d.<\/em> (p.2) [\u2026] Tambi\u00e9n se hace alusi\u00f3n a una noticia titulada <strong>\u201cEl Dr. Navarro Ospina y el conflicto Estudiantil\u201d <\/strong>que comparte una carta enviada al Alma Mater. (p.2).<\/p>\n<p>Fecha de diligenciamiento: 10 de diciembre\/2018<\/p>\n<h1 style=\"text-align: center;\">***<\/h1>\n<p><strong>N\u00famero de ficha<\/strong>: A38&nbsp;&nbsp;&nbsp;&nbsp;&nbsp;&nbsp;&nbsp;&nbsp;&nbsp;&nbsp;&nbsp;&nbsp;&nbsp;&nbsp;&nbsp;&nbsp;&nbsp;&nbsp;&nbsp;&nbsp;&nbsp;&nbsp;&nbsp;&nbsp;&nbsp;&nbsp;&nbsp;&nbsp;&nbsp;&nbsp;&nbsp;&nbsp;&nbsp;&nbsp;&nbsp;&nbsp;&nbsp;&nbsp;&nbsp;&nbsp;&nbsp;&nbsp;&nbsp;&nbsp;&nbsp;&nbsp;&nbsp;&nbsp;&nbsp;&nbsp;&nbsp;&nbsp;&nbsp;&nbsp;&nbsp;&nbsp;<\/p>\n<p><strong>Diligenciada por: <\/strong>Eberhar Cano Naranjo<\/p>\n<p><strong>INFORMACI\u00d3N BIBLIOGR\u00c1FICA<\/strong><\/p>\n<p>Peri\u00f3dico: El Colombiano<\/p>\n<p>Lugar de edici\u00f3n: Medell\u00edn<\/p>\n<p>Autor personal: n\/a<\/p>\n<p>Autor corporativo: Equipo Editorial<\/p>\n<p>Fecha: 1970, enero, 22<\/p>\n<p>P\u00e1gina: 1 y 20<\/p>\n<p>Secci\u00f3n: n\/a<\/p>\n<p><strong>T\u00edtulo: <\/strong>Minjusticia rinde informe al presidente sobre la UdeA.<\/p>\n<p><strong>Resumen:<\/strong>&nbsp; Reuni\u00f3n realizada entre el ministro de Justicia Fernando Hinestrosa, el director ejecutivo de la Asociaci\u00f3n Colombiana de Universidades y el rector de la Universidad Lucrecio Jaramillo donde se rindieron informes para el presidente Carlos Lleras sobre la situaci\u00f3n en la UdeA. La reuni\u00f3n se dio en la gobernaci\u00f3n de Antioquia en horas de la noche del martes 20 de enero. En la reuni\u00f3n tambi\u00e9n particip\u00f3 Jorge P\u00e9rez Romero presidente del CSU. El ambiente arroj\u00f3 informes sobre la situaci\u00f3n que fueron conocidos en la asamblea de estudiantes realizada en el TAL el mismo d\u00eda en horas de la tarde. Se menciona el optimismo de los distintos encuentros y se reitera la disposici\u00f3n de buscar salidas que satisfagan a todos los estamentos. Finalmente se menciona que para el s\u00e1bado 24 se realizar\u00e1 un encuentro de la asamblea de padres.<\/p>\n<p><strong>Im\u00e1genes: <\/strong>n\/a<\/p>\n<p><strong>INFORMACI\u00d3N ANAL\u00cdTICA<\/strong><\/p>\n<p><strong>Contexto de la noticia:<\/strong> expedici\u00f3n de decretos por elecciones, Pastrana apoyado por l\u00edderes sindicales, Fabricato compra tierras en el oriente antioque\u00f1o, Israel y Jordania bajo enfrentamientos militares, planeaci\u00f3n de la carretera Panamericana, Hambre y miseria en Biafra.<\/p>\n<p><strong>Palabras clave: <\/strong>Hinestrosa, Fernando., Jaramillo, Lucrecio., Lleras Restrepo, Carlos., P\u00e9rez Romero, Jorge., Asamblea de Estudiantes, Rector\u00eda, Consejo Superior Universitario<\/p>\n<p><strong>Sugerencia de palabras claves: <\/strong>Comisiones de di\u00e1logo, Asamblea de padres, Asociaci\u00f3n Colombiana de Universidades.<\/p>\n<p><strong>Observaciones:<\/strong><\/p>\n<p>Fecha de diligenciamiento: 10 de diciembre\/2018<\/p>\n<h1 style=\"text-align: center;\">***<\/h1>\n<p><strong>N\u00famero de ficha<\/strong>: A39&nbsp;&nbsp;&nbsp;&nbsp;&nbsp;&nbsp;&nbsp;&nbsp;&nbsp;&nbsp;&nbsp;&nbsp;&nbsp;&nbsp;&nbsp;&nbsp;&nbsp;&nbsp;&nbsp;&nbsp;&nbsp;&nbsp;&nbsp;&nbsp;&nbsp;&nbsp;&nbsp;&nbsp;&nbsp;&nbsp;&nbsp;&nbsp;&nbsp;&nbsp;&nbsp;&nbsp;&nbsp;&nbsp;&nbsp;&nbsp;&nbsp;&nbsp;&nbsp;&nbsp;&nbsp;&nbsp;&nbsp;&nbsp;&nbsp;&nbsp;&nbsp;&nbsp;&nbsp;&nbsp;&nbsp;&nbsp;<\/p>\n<p><strong>Diligenciada por: <\/strong>Eberhar Cano Naranjo<\/p>\n<p><strong>INFORMACI\u00d3N BIBLIOGR\u00c1FICA<\/strong><\/p>\n<p>Peri\u00f3dico: El Colombiano<\/p>\n<p>Lugar de edici\u00f3n: Medell\u00edn<\/p>\n<p>Autor personal: Humberto Diez<\/p>\n<p>Autor corporativo: n\/a<\/p>\n<p>Fecha: 1970, enero, 24<\/p>\n<p>P\u00e1gina: 1 y 13<\/p>\n<p>Secci\u00f3n: n\/a<\/p>\n<p><strong>T\u00edtulo: <\/strong>\u201cConsignas extra\u00f1as\u201d. Denuncia P\u00e9rez Romero.<\/p>\n<p><strong>Resumen:<\/strong>&nbsp; El gobernador Jorge P\u00e9rez en la noticia se refiere a varios aspectos del actual conflicto universitario. A modo de opini\u00f3n, informa detalles sobre las reuniones entre el CSU y la comisi\u00f3n de estudiantes en la comisi\u00f3n conciliadora.&nbsp; Se refiere adem\u00e1s a la necesidad de ahondar en las soluciones paso a paso y no de manera acelerada. Denuncia que al interior del movimiento existen <em>\u201cpeque\u00f1os grupos que obedecen a consignas extra\u00f1as a nuestro sistema democr\u00e1tico interesado en revolver el pa\u00eds, en momentos pre-electorales, est\u00e1 usando de gentes buenas para producir desaz\u00f3n y caos\u201d (p.13). <\/em>Informa sobre la pr\u00f3xima asamblea de padres de familia y de la asamblea en la facultad de Derecho.<\/p>\n<p><strong>Im\u00e1genes: <\/strong>n\/a<\/p>\n<p><strong>INFORMACI\u00d3N ANAL\u00cdTICA<\/strong><\/p>\n<p><strong>Contexto de la noticia:<\/strong> EE.PPP hala sobre problemas en el Pe\u00f1ol, Pastrana viaja a Urab\u00e1, Tugurios en la zona noroccidental de Medell\u00edn, uni\u00f3n de la izquierda chilena en torno a Allende, huelga de m\u00e9dicos en Argentina, Investigan a la CIA en Bolivia.<\/p>\n<p><strong>Palabras clave: <\/strong>&nbsp;P\u00e9rez Romero, Jorge., Asamblea de Estudiantes, Rector\u00eda, Consejo Superior Universitario, Consejo Superior Estudiantil, Gobernador,<\/p>\n<p><strong>Sugerencia de palabras claves: <\/strong>Comisiones de di\u00e1logo, Asamblea de padres, Paro<\/p>\n<p><strong>Observaciones:<\/strong><\/p>\n<p>Fecha de diligenciamiento: 10 de diciembre\/2018<\/p>\n<h1 style=\"text-align: center;\">***<\/h1>\n<p><strong>N\u00famero de ficha<\/strong>: A40&nbsp;&nbsp;&nbsp;&nbsp;&nbsp;&nbsp;&nbsp;&nbsp;&nbsp;&nbsp;&nbsp;&nbsp;&nbsp;&nbsp;&nbsp;&nbsp;&nbsp;&nbsp;&nbsp;&nbsp;&nbsp;&nbsp;&nbsp;&nbsp;&nbsp;&nbsp;&nbsp;&nbsp;&nbsp;&nbsp;&nbsp;&nbsp;&nbsp;&nbsp;&nbsp;&nbsp;&nbsp;&nbsp;&nbsp;&nbsp;&nbsp;&nbsp;&nbsp;&nbsp;&nbsp;&nbsp;&nbsp;&nbsp;&nbsp;&nbsp;&nbsp;&nbsp;&nbsp;&nbsp;&nbsp;&nbsp;<\/p>\n<p><strong>Diligenciada por: <\/strong>Eberhar Cano Naranjo<\/p>\n<p><strong>INFORMACI\u00d3N BIBLIOGR\u00c1FICA<\/strong><\/p>\n<p>Peri\u00f3dico: El Colombiano<\/p>\n<p>Lugar de edici\u00f3n: Medell\u00edn<\/p>\n<p>Autor personal: Humberto Diez<\/p>\n<p>Autor corporativo: n\/a<\/p>\n<p>Fecha: 1970, enero, 25<\/p>\n<p>P\u00e1gina: 1 y 11<\/p>\n<p>Secci\u00f3n: n\/a<\/p>\n<p><strong>T\u00edtulo: <\/strong>Se pide mediaci\u00f3n de Lleras en el conflicto de la UdeA<\/p>\n<p><strong>Resumen:<\/strong>&nbsp; Impase y agudizaci\u00f3n del conflicto universitario. La asamblea de padres solicita intervenci\u00f3n del presidente Lleras. Los estudiantes manifiestan que las f\u00f3rmulas presentadas para la comisi\u00f3n tripartita son inoperantes, la primera (una tregua) donde los estudiantes presentan los ex\u00e1menes pendientes y luego abordar\u00e1n los di\u00e1logos, asunto que gener\u00f3 oposici\u00f3n y rechazo. La segunda propuesta es conformar la comisi\u00f3n con un solo integrante del Consejo Superior Estudiantil, uno de los profesores y otro del CSU, a lo que los estudiantes aluden como algo que ya est\u00e1 caminando y no debe dilatarse. La asamblea de padres insiste en la mediaci\u00f3n del presidente, pero no hay consenso. El rector de la universidad desmiente la versi\u00f3n que circula por otros medios de un \u201cultim\u00e1tum\u201d impuesto por Lleras para solucionar el conflicto.&nbsp;<\/p>\n<p><strong>Im\u00e1genes: <\/strong>n\/a<\/p>\n<p><strong>INFORMACI\u00d3N ANAL\u00cdTICA<\/strong><\/p>\n<p><strong>Contexto de la noticia:<\/strong> Se reafirma uni\u00f3n conservadora de Ospina, explosi\u00f3n en San Javier-La Loma, impuesto a la importaci\u00f3n de Caf\u00e9, el pacto de Varsovia crea fuerza conjunta para contrarrestar a la OTAN.<\/p>\n<p><strong>Palabras clave: <\/strong>&nbsp;Lleras Restrepo, Carlos., Asamblea de Estudiantes, Rector\u00eda, Consejo Superior Universitario, Consejo Superior Estudiantil, Gobernador.<\/p>\n<p><strong>Sugerencia de palabras claves: <\/strong>Asamblea de padres, Paro<\/p>\n<p><strong>Observaciones:<\/strong><\/p>\n<p>Fecha de diligenciamiento: 10 de diciembre\/2018<\/p>\n<h1 style=\"text-align: center;\">***<\/h1>\n<p><strong>N\u00famero de ficha<\/strong>: A41&nbsp;&nbsp;&nbsp;&nbsp;&nbsp;&nbsp;&nbsp;&nbsp;&nbsp;&nbsp;&nbsp;&nbsp;&nbsp;&nbsp;&nbsp;&nbsp;&nbsp;&nbsp;&nbsp;&nbsp;&nbsp;&nbsp;&nbsp;&nbsp;&nbsp;&nbsp;&nbsp;&nbsp;&nbsp;&nbsp;&nbsp;&nbsp;&nbsp;&nbsp;&nbsp;&nbsp;&nbsp;&nbsp;&nbsp;&nbsp;&nbsp;&nbsp;&nbsp;&nbsp;&nbsp;&nbsp;&nbsp;&nbsp;&nbsp;&nbsp;&nbsp;&nbsp;&nbsp;&nbsp;&nbsp;&nbsp;<\/p>\n<p><strong>Diligenciada por: <\/strong>Eberhar Cano Naranjo<\/p>\n<p><strong>INFORMACI\u00d3N BIBLIOGR\u00c1FICA<\/strong><\/p>\n<p>Peri\u00f3dico: El Colombiano<\/p>\n<p>Lugar de edici\u00f3n: Medell\u00edn<\/p>\n<p>Autor personal: Humberto Diez<\/p>\n<p>Autor corporativo: n\/a<\/p>\n<p>Fecha: 1970, enero, 28<\/p>\n<p>P\u00e1gina: 1 y 4<\/p>\n<p>Secci\u00f3n: n\/a<\/p>\n<p><strong>T\u00edtulo: <\/strong>Clausurado segundo semestre en la UdeA.<\/p>\n<p><strong>Resumen:<\/strong>&nbsp; El Consejo Directivo de la universidad decreta y resuelve cancelar el semestre debido a la fuerte problem\u00e1tica y los pocos avances en la comisi\u00f3n de conciliaci\u00f3n. Aplica el estatuto para reajustar las responsabilidades acad\u00e9micas y administrativas. La Asociaci\u00f3n de Profesionales de Antioquia por su parte, manifiesta que hay <em>\u201cuna imposibilidad las directivas para solucionar el impase\u201d (p.4) <\/em>y producen un documento a modo de comunicado con sus reflexiones al respecto. Adem\u00e1s de esto el CSU hace otros nuevos nombramientos que incluyen a la ANDI y el Clero.<\/p>\n<p><strong>Im\u00e1genes: <\/strong>n\/a<\/p>\n<p><strong>INFORMACI\u00d3N ANAL\u00cdTICA<\/strong><\/p>\n<p><strong>Contexto de la noticia:<\/strong> reuni\u00f3n de Lleras con ministros de educaci\u00f3n de Latinoam\u00e9rica, movilizaciones conservadoras a favor de Pastrana, atacan cuartel en Israel, protestantes atacan cat\u00f3licos en Irlanda, instalada comisi\u00f3n para el XIII congreso de COTAL, levantado el paro c\u00edvico de Guatap\u00e9.<\/p>\n<p><strong>Palabras clave: <\/strong>&nbsp;Rector\u00eda, Consejo Directivo,<\/p>\n<p><strong>Sugerencia de palabras claves: <\/strong>Cancelaci\u00f3n de semestre.<\/p>\n<p><strong>Observaciones:<\/strong><\/p>\n<p>Fecha de diligenciamiento: 10 de diciembre\/2018<\/p>\n<h1 style=\"text-align: center;\">***<\/h1>\n<p><strong>N\u00famero de ficha<\/strong>: A42&nbsp;&nbsp;&nbsp;&nbsp;&nbsp;&nbsp;&nbsp;&nbsp;&nbsp;&nbsp;&nbsp;&nbsp;&nbsp;&nbsp;&nbsp;&nbsp;&nbsp;&nbsp;&nbsp;&nbsp;&nbsp;&nbsp;&nbsp;&nbsp;&nbsp;&nbsp;&nbsp;&nbsp;&nbsp;&nbsp;&nbsp;&nbsp;&nbsp;&nbsp;&nbsp;&nbsp;&nbsp;&nbsp;&nbsp;&nbsp;&nbsp;&nbsp;&nbsp;&nbsp;&nbsp;&nbsp;&nbsp;&nbsp;&nbsp;&nbsp;&nbsp;&nbsp;&nbsp;&nbsp;&nbsp;&nbsp;<\/p>\n<p><strong>Diligenciada por: <\/strong>Eberhar Cano Naranjo<\/p>\n<p><strong>INFORMACI\u00d3N BIBLIOGR\u00c1FICA<\/strong><\/p>\n<p>Peri\u00f3dico: El Colombiano<\/p>\n<p>Lugar de edici\u00f3n: Medell\u00edn<\/p>\n<p>Autor personal: Humberto Diez<\/p>\n<p>Autor corporativo: n\/a<\/p>\n<p>Fecha: 1970, enero, 29<\/p>\n<p>P\u00e1gina: 1 y 24<\/p>\n<p>Secci\u00f3n: n\/a<\/p>\n<p><strong>T\u00edtulo: <\/strong>Lleras mediar\u00e1 si se levanta el paro.&nbsp;<\/p>\n<p><strong>Resumen:<\/strong> Comunicado del presidente de la rep\u00fablica que plantea como condici\u00f3n fundamental para mediar en el conflicto el levantamiento del paro adelantado por los estudiantes por un largo per\u00edodo de tiempo. \u00c9ste est\u00e1 dirigido no solo a los estudiantes, sino tambi\u00e9n a los profesores, directivas y padres de familia.<\/p>\n<p><strong>Im\u00e1genes: <\/strong>n\/a<\/p>\n<p><strong>INFORMACI\u00d3N ANAL\u00cdTICA<\/strong><\/p>\n<p><strong>Contexto de la noticia:<\/strong> Crisis en precios del Caf\u00e9, Pastrana en Urab\u00e1 y Bajo Cauca, Gabriel Garc\u00eda M\u00e1rquez gana premio en Francia, Bombardeos de Israel a Egipto, visita del presidente de Indonesia a Medell\u00edn.<\/p>\n<p><strong>Palabras clave: <\/strong>&nbsp;Comunicado, Rector\u00eda, Paro.<\/p>\n<p><strong>Sugerencia de palabras claves: <\/strong>Presidencia.<\/p>\n<p><strong>Observaciones:<\/strong> Columna Editorial \u201cLa crisis universitaria\u201d. (p.3).<\/p>\n<p>Fecha de diligenciamiento: 10 de diciembre\/2018<\/p>\n<h1 style=\"text-align: center;\">***<\/h1>\n<p><strong>N\u00famero de ficha<\/strong>: A43&nbsp;&nbsp;&nbsp;&nbsp;&nbsp;&nbsp;&nbsp;&nbsp;&nbsp;&nbsp;&nbsp;&nbsp;&nbsp;&nbsp;&nbsp;&nbsp;&nbsp;&nbsp;&nbsp;&nbsp;&nbsp;&nbsp;&nbsp;&nbsp;&nbsp;&nbsp;&nbsp;&nbsp;&nbsp;&nbsp;&nbsp;&nbsp;&nbsp;&nbsp;&nbsp;&nbsp;&nbsp;&nbsp;&nbsp;&nbsp;&nbsp;&nbsp;&nbsp;&nbsp;&nbsp;&nbsp;&nbsp;&nbsp;&nbsp;&nbsp;&nbsp;&nbsp;&nbsp;&nbsp;&nbsp;&nbsp;<\/p>\n<p><strong>Diligenciada por: <\/strong>Eberhar Cano Naranjo<\/p>\n<p><strong>INFORMACI\u00d3N BIBLIOGR\u00c1FICA<\/strong><\/p>\n<p>Peri\u00f3dico: El Colombiano<\/p>\n<p>Lugar de edici\u00f3n: Medell\u00edn<\/p>\n<p>Autor personal: Humberto Diez<\/p>\n<p>Autor corporativo: n\/a<\/p>\n<p>Fecha: 1970, enero, 30<\/p>\n<p>P\u00e1gina: 1 y 21<\/p>\n<p>Secci\u00f3n: n\/a<\/p>\n<p><strong>T\u00edtulo: <\/strong>Los padres piden suspender el paro.&nbsp;<\/p>\n<p><strong>Resumen:<\/strong> Derrotero de la situaci\u00f3n frente a la comunicaci\u00f3n del presidente Lleras frente al conflicto universitario. Los padres de familia reiteran que es necesario el apoyo del presidente, pero tambi\u00e9n el papel de los distintos estamentos de la universidad en la resoluci\u00f3n del conflicto. Para los estudiantes, que se reunieron en asamblea general, es importante mantener el paro y sostener el movimiento, hicieron un llamado a no presentarse a los ex\u00e1menes ni solicitar matr\u00edcula como mecanismo de presi\u00f3n. en las \u00faltimas horas viene circulando la noticia de que se nombrar\u00e1 un nuevo rector en reemplazo de Lucrecio Jaramillo, sin embargo, se alude a que la informaci\u00f3n no ha sido confirmada y hay un comunicado al respecto.<\/p>\n<p><strong>Im\u00e1genes: <\/strong>IMG A43 (a). Fotograf\u00eda Asamblea Estudiantil en el TAL. Fot\u00f3grafo: n\/a.<\/p>\n<p><strong>INFORMACI\u00d3N ANAL\u00cdTICA<\/strong><\/p>\n<p><strong>&nbsp;<\/strong><strong>Contexto de la noticia:<\/strong> Pastrana en el Santander, tensiones entre Mons. Mu\u00f1oz Duque y movimientos de sacerdotes, choques entre el DAS y el Ejercito, tensiones entre EE.PP y el Pe\u00f1ol-Guatap\u00e9, II encuentro nacional campesino en Bol\u00edvar, Nixon no retira tropas de Europa, incursi\u00f3n \u00e1rabe en Israel, estudios para m\u00e1s centrales de EE.PP.<\/p>\n<p><strong>Palabras clave: <\/strong>Jaramillo, Lucrecio., Lleras Restrepo, Carlos., Comunicado, Rector\u00eda, Asamblea de Estudiantes.<\/p>\n<p><strong>Sugerencia de palabras claves: <\/strong>Presidencia, Paro, Asamblea de Padres.<\/p>\n<p><strong>Observaciones:<\/strong><\/p>\n<p>Fecha de diligenciamiento: 10 de diciembre\/2018<\/p>\n<h1 style=\"text-align: center;\">***<\/h1>\n<p><strong>N\u00famero de ficha<\/strong>: A44&nbsp;&nbsp;&nbsp;&nbsp;&nbsp;&nbsp;&nbsp;&nbsp;&nbsp;&nbsp;&nbsp;&nbsp;&nbsp;&nbsp;&nbsp;&nbsp;&nbsp;&nbsp;&nbsp;&nbsp;&nbsp;&nbsp;&nbsp;&nbsp;&nbsp;&nbsp;&nbsp;&nbsp;&nbsp;&nbsp;&nbsp;&nbsp;&nbsp;&nbsp;&nbsp;&nbsp;&nbsp;&nbsp;&nbsp;&nbsp;&nbsp;&nbsp;&nbsp;&nbsp;&nbsp;&nbsp;&nbsp;&nbsp;&nbsp;&nbsp;&nbsp;&nbsp;&nbsp;&nbsp;&nbsp;&nbsp;<\/p>\n<p><strong>Diligenciada por: <\/strong>Eberhar Cano Naranjo<\/p>\n<p><strong>INFORMACI\u00d3N BIBLIOGR\u00c1FICA<\/strong><\/p>\n<p>Peri\u00f3dico: El Colombiano<\/p>\n<p>Lugar de edici\u00f3n: Medell\u00edn<\/p>\n<p>Autor personal: Humberto Diez<\/p>\n<p>Autor corporativo: n\/a<\/p>\n<p>Fecha: 1970, enero, 31<\/p>\n<p>P\u00e1gina: 1 y 4<\/p>\n<p>Secci\u00f3n: n\/a<\/p>\n<p><strong>T\u00edtulo: <\/strong>Levantado ayer el paro en la UdeA.&nbsp;&nbsp;<\/p>\n<p><strong>Resumen:<\/strong> El presidente de la rep\u00fablica Carlos Lleras interviene inmediatamente en el conflicto de la UdeA luego del gesto conciliador del Consejo Superior Estudiantil de levantar el paro que ven\u00eda desde octubre del a\u00f1o pasado. El presidente plantea que toda disposici\u00f3n de di\u00e1logo es bienvenida para analizar la situaci\u00f3n de la universidad. Los estudiantes y profesores plantean la necesidad de que se busquen salidas de fondo a la crisis, se producen comunicados de las partes donde se asevera por parte de los profesores que: <em>\u201cLa intromisi\u00f3n de los partidos pol\u00edticos y la utilizaci\u00f3n de criterios de reparto convenido de las posiciones directivas de la universidad, han tra\u00eddo como consecuencia la creaci\u00f3n de un profundo malestar en el estudiantado y el profesorado de la universidad\u201d (p.4).<\/em> Los egresados tambi\u00e9n redactan un comunicado coincidiendo con la afirmaci\u00f3n de estudiantes y profesores de la necesidad de que <em>\u201cse eliminen definitivamente las interferencias de pol\u00edtica partidista en los asuntos universitarios&#8230;\u201d (p.4).&nbsp; <\/em><\/p>\n<p><strong>Im\u00e1genes: <\/strong>n\/a<\/p>\n<p><strong>INFORMACI\u00d3N ANAL\u00cdTICA<\/strong><\/p>\n<p><strong>&nbsp;<\/strong><strong>Contexto de la noticia:<\/strong> Informe Meyer de Colombia a Nixon, negociaci\u00f3n entre Venezuela y Estados Unidos, protestas estudiantiles en Manila, Estado de sitio en Guatemala.<\/p>\n<p><strong>Palabras clave: <\/strong>&nbsp;Comunicado, Rector\u00eda, Asamblea de Estudiantes,<\/p>\n<p><strong>Sugerencia de palabras claves: <\/strong>Presidencia, Paro, Asamblea de Padres, Egresados.<\/p>\n<p><strong>Observaciones:<\/strong> En la edici\u00f3n posterior, correspondiente al 01 de febrero. El se\u00f1or Humberto Diez al igual que en la secci\u00f3n Editorial dedican unas cortas reflexiones sobre el levantamiento del paro y del papel del presidente en el posible camino de di\u00e1logo y an\u00e1lisis del conflicto en la UdeA (pp. 2-3)<\/p>\n<p><strong>Fecha de diligenciamiento:<\/strong> 10 de diciembre\/2018<\/p>\n<h1 style=\"text-align: center;\">***<\/h1>\n<p><strong>N\u00famero de ficha<\/strong>: A45&nbsp;&nbsp;&nbsp;&nbsp;&nbsp;&nbsp;&nbsp;&nbsp;&nbsp;&nbsp;&nbsp;&nbsp;&nbsp;&nbsp;&nbsp;&nbsp;&nbsp;&nbsp;&nbsp;&nbsp;&nbsp;&nbsp;&nbsp;&nbsp;&nbsp;&nbsp;&nbsp;&nbsp;&nbsp;&nbsp;&nbsp;&nbsp;&nbsp;&nbsp;&nbsp;&nbsp;&nbsp;&nbsp;&nbsp;&nbsp;&nbsp;&nbsp;&nbsp;&nbsp;&nbsp;&nbsp;&nbsp;&nbsp;&nbsp;&nbsp;&nbsp;&nbsp;&nbsp;&nbsp;&nbsp;&nbsp;<\/p>\n<p><strong>Diligenciada por: <\/strong>Eberhar Cano Naranjo<\/p>\n<p><strong>INFORMACI\u00d3N BIBLIOGR\u00c1FICA<\/strong><\/p>\n<p>Peri\u00f3dico: El Colombiano<\/p>\n<p>Lugar de edici\u00f3n: Medell\u00edn<\/p>\n<p>Autor personal: Luis Eduardo Mu\u00f1oz<\/p>\n<p>Autor corporativo: n\/a<\/p>\n<p>Fecha: 1970, febrero, 04<\/p>\n<p>P\u00e1gina: 1 y 15<\/p>\n<p>Secci\u00f3n: n\/a<\/p>\n<p><strong>T\u00edtulo: <\/strong>Contin\u00faa suspendido el paro.&nbsp;&nbsp;&nbsp;<\/p>\n<p><strong>Resumen:<\/strong>&nbsp; Reuni\u00f3n del CSU para abordar los temas propuestos por el comunicado del Consejo Superior Estudiantil quienes siguen invitando a no presentar los ex\u00e1menes ni las matr\u00edculas. Distintos delegados de los Consejos Estudiantiles y de los Profesores manifestaron que se hacen necesarias otras asambleas para tratar los alcances del mecanismo del paro en la coyuntura. <em>&nbsp;&nbsp;<\/em><\/p>\n<p><strong>Im\u00e1genes: <\/strong>n\/a<\/p>\n<p><strong>INFORMACI\u00d3N ANAL\u00cdTICA<\/strong><\/p>\n<p><strong>Contexto de la noticia:<\/strong> Manifestaciones regionales contra Fecode, avances del conservadurismo antioque\u00f1o con actos pol\u00edticos de Misael Pastrana, paro de estudiantes en Tunja, suspenden embargo a la BPP, sigue conflicto entre Israel y Egipto.<\/p>\n<p><strong>Palabras clave: <\/strong>&nbsp;Comunicado, Consejo Superior Universitario, Consejo Superior Estudiantil.<\/p>\n<p><strong>Sugerencia de palabras claves: <\/strong>Presidencia, Paro.<\/p>\n<p><strong>Observaciones:<\/strong><\/p>\n<p><strong>Fecha de diligenciamiento:<\/strong> 10 de diciembre\/2018<\/p>\n<h1 style=\"text-align: center;\">***<\/h1>\n<p><strong>N\u00famero de ficha<\/strong>: A46&nbsp;&nbsp;&nbsp;&nbsp;&nbsp;&nbsp;&nbsp;&nbsp;&nbsp;&nbsp;&nbsp;&nbsp;&nbsp;&nbsp;&nbsp;&nbsp;&nbsp;&nbsp;&nbsp;&nbsp;&nbsp;&nbsp;&nbsp;&nbsp;&nbsp;&nbsp;&nbsp;&nbsp;&nbsp;&nbsp;&nbsp;&nbsp;&nbsp;&nbsp;&nbsp;&nbsp;&nbsp;&nbsp;&nbsp;&nbsp;&nbsp;&nbsp;&nbsp;&nbsp;&nbsp;&nbsp;&nbsp;&nbsp;&nbsp;&nbsp;&nbsp;&nbsp;&nbsp;&nbsp;&nbsp;&nbsp;<\/p>\n<p><strong>Diligenciada por: <\/strong>Eberhar Cano Naranjo<\/p>\n<p><strong>INFORMACI\u00d3N BIBLIOGR\u00c1FICA<\/strong><\/p>\n<p>Peri\u00f3dico: El Colombiano<\/p>\n<p>Lugar de edici\u00f3n: Medell\u00edn<\/p>\n<p>Autor personal: Luis Eduardo Mu\u00f1oz<\/p>\n<p>Autor corporativo: n\/a<\/p>\n<p>Fecha: 1970, febrero, 05<\/p>\n<p>P\u00e1gina: 1 y 22<\/p>\n<p>Secci\u00f3n: n\/a<\/p>\n<p><strong>T\u00edtulo: <\/strong>Lleras suspende mediaci\u00f3n en el conflicto de la UdeA.&nbsp;&nbsp;&nbsp;<\/p>\n<p><strong>Resumen:<\/strong>&nbsp; En un comunicado dirigido al Consejo Superior Estudiantil, el presidente Lleras manifiesta que se abstiene de seguir mediando en el conflicto de la universidad e invita a que en la mayor brevedad posible se resuelva esta grave problem\u00e1tica y cesar el paro que a su modo de ver nunca dej\u00f3 de regir. Por su parte, los estudiantes se reunieron en el TAL para sesionar como asamblea general para argumentar dos posiciones fundamentales en la situaci\u00f3n. 1. Argumentan que si se ces\u00f3 el paro y que es un gesto de voluntad que no se asumi\u00f3 responsablemente por parte de las directivas, confundieron la exigencia de no presentar los ex\u00e1menes con el cese de actividades. 2. Cuestionan la no participaci\u00f3n del gobernador como m\u00e1ximo representante del CSU en la comisi\u00f3n de conciliaci\u00f3n con la presidencia, colocando en riesgo la autonom\u00eda universitaria. Un vocero del CSU informa que en el transcurso del d\u00eda se presentar\u00e1 un comunicado para informar a la ciudadan\u00eda sobre la crisis universitaria.<\/p>\n<p><strong>Im\u00e1genes: <\/strong>n\/a<\/p>\n<p><strong>INFORMACI\u00d3N ANAL\u00cdTICA<\/strong><\/p>\n<p><strong>Contexto de la noticia:<\/strong> Pastrana propone en Medell\u00edn una pol\u00edtica femenina y universitaria, problemas de orden p\u00fablico en varias ciudades de Colombia, paro nacional de m\u00e9dicos, se plantea regreso de Cuba a la OEA, contin\u00faan giras de candidatos presidenciales.<\/p>\n<p><strong>Palabras clave: <\/strong>&nbsp;Lleras Restrepo, Carlos., Comunicado, Asamblea de Estudiantes, Consejo Superior Universitario, Gobernador.<\/p>\n<p><strong>Sugerencia de palabras claves: <\/strong>Presidencia, Paro.&nbsp;<\/p>\n<p><strong>Observaciones:<\/strong><\/p>\n<p><strong>Fecha de diligenciamiento:<\/strong> 10 de diciembre\/2018<\/p>\n<h1 style=\"text-align: center;\">***<\/h1>\n<p><strong>N\u00famero de ficha<\/strong>: A47&nbsp;&nbsp;&nbsp;&nbsp;&nbsp;&nbsp;&nbsp;&nbsp;&nbsp;&nbsp;&nbsp;&nbsp;&nbsp;&nbsp;&nbsp;&nbsp;&nbsp;&nbsp;&nbsp;&nbsp;&nbsp;&nbsp;&nbsp;&nbsp;&nbsp;&nbsp;&nbsp;&nbsp;&nbsp;&nbsp;&nbsp;&nbsp;&nbsp;&nbsp;&nbsp;&nbsp;&nbsp;&nbsp;&nbsp;&nbsp;&nbsp;&nbsp;&nbsp;&nbsp;&nbsp;&nbsp;&nbsp;&nbsp;&nbsp;&nbsp;&nbsp;&nbsp;&nbsp;&nbsp;&nbsp;&nbsp;<\/p>\n<p><strong>Diligenciada por: <\/strong>Eberhar Cano Naranjo<\/p>\n<p><strong>INFORMACI\u00d3N BIBLIOGR\u00c1FICA<\/strong><\/p>\n<p>Peri\u00f3dico: El Colombiano<\/p>\n<p>Lugar de edici\u00f3n: Medell\u00edn<\/p>\n<p>Autor personal: n\/a<\/p>\n<p>Autor corporativo: Equipo Editorial<\/p>\n<p>Fecha: 1970, febrero, 06<\/p>\n<p>P\u00e1gina: 4<\/p>\n<p>Secci\u00f3n: n\/a<\/p>\n<p><strong>T\u00edtulo: <\/strong>El Consejo Superior fija su posici\u00f3n ante el paro.&nbsp;&nbsp;&nbsp;<\/p>\n<p><strong>Resumen:<\/strong> El Consejo Superior de la UdeA, comparte un extenso comunicado donde asume su posici\u00f3n frente al paro que aqueja a la universidad desde octubre del a\u00f1o anterior y que a\u00fan est\u00e1 sin resolver. Ante esto, los estudiantes de todas las facultades se reunieron en asambleas generales por cada facultad para reafirmar la continuidad del paro argumentando que la mediaci\u00f3n prometida no se ha sentido. Luego de las asambleas se reunieron con varios periodistas para explicar esta decisi\u00f3n y aclarar dudas del tema. En medio de esta situaci\u00f3n los decanos de las facultades enviaron un comunicado a los Consejos Estudiantiles para solicitarles el cumplimiento con los ex\u00e1menes, algunos consejos cedieron a la solicitud y ayudaron en la reorganizaci\u00f3n del calendario, otros por su parte se abstuvieron de hacerlo hasta no tener soluciones.<\/p>\n<p><strong>Im\u00e1genes: <\/strong>n\/a<\/p>\n<p><strong>INFORMACI\u00d3N ANAL\u00cdTICA<\/strong><\/p>\n<p><strong>Contexto de la noticia:<\/strong> Michelsen propone gobiernos de coalici\u00f3n, problem\u00e1tica situaci\u00f3n de EE.PP en Barranquilla, exaltaci\u00f3n del papel policivo del F-2, protestas contra Apartheid en Gales, Rusia apoya a Egipto contra Israel, Paro en la U. Francisco de Caldas.<\/p>\n<p><strong>Palabras clave: <\/strong>Comunicado, Asamblea de Estudiantes, Consejo Superior Universitario, Consejo Superior Estudiantil.<\/p>\n<p><strong>Sugerencia de palabras claves: <\/strong>Presidencia, Paro.&nbsp;<\/p>\n<p><strong>Observaciones:<\/strong> En la misma edici\u00f3n se presenta una nota titulada \u201cEduardo Uribe Botero, Rector de la UdeA\u201d (p. 1 y 7); el cual comparte el comunicado de la decisi\u00f3n del CSU de nombrar rector sin tener en cuenta otros candidatos. Menciona adem\u00e1s que se convoca a asamblea general de estudiantes para esta situaci\u00f3n.<\/p>\n<p><strong>Fecha de diligenciamiento:<\/strong> 10 de diciembre\/2018<\/p>\n<h1 style=\"text-align: center;\">***<\/h1>\n<p><strong>N\u00famero de ficha<\/strong>: A48&nbsp;&nbsp;&nbsp;&nbsp;&nbsp;&nbsp;&nbsp;&nbsp;&nbsp;&nbsp;&nbsp;&nbsp;&nbsp;&nbsp;&nbsp;&nbsp;&nbsp;&nbsp;&nbsp;&nbsp;&nbsp;&nbsp;&nbsp;&nbsp;&nbsp;&nbsp;&nbsp;&nbsp;&nbsp;&nbsp;&nbsp;&nbsp;&nbsp;&nbsp;&nbsp;&nbsp;&nbsp;&nbsp;&nbsp;&nbsp;&nbsp;&nbsp;&nbsp;&nbsp;&nbsp;&nbsp;&nbsp;&nbsp;&nbsp;&nbsp;&nbsp;&nbsp;&nbsp;&nbsp;&nbsp;&nbsp;<\/p>\n<p><strong>Diligenciada por: <\/strong>Eberhar Cano Naranjo<\/p>\n<p><strong>INFORMACI\u00d3N BIBLIOGR\u00c1FICA<\/strong><\/p>\n<p>Peri\u00f3dico: El Colombiano<\/p>\n<p>Lugar de edici\u00f3n: Medell\u00edn<\/p>\n<p>Autor personal: Humberto Diez<\/p>\n<p>Autor corporativo: n\/a<\/p>\n<p>Fecha: 1970, febrero, 10<\/p>\n<p>P\u00e1gina: 1 y 18<\/p>\n<p>Secci\u00f3n: n\/a<\/p>\n<p><strong>T\u00edtulo: <\/strong>Levantado el paro en la universidad.&nbsp;&nbsp;&nbsp;&nbsp;<\/p>\n<p><strong>Resumen:<\/strong> Se levanta el paro que afectaba a la universidad desde el a\u00f1o pasado. La asamblea de estudiantes fue informada de las soluciones planteadas a partir de sus exigencias por parte del Consejo Directivo en cabeza del rector Eduardo Uribe Botero. Las medidas adoptadas incluyeron el reintegro de un profesor (Ocampo) y el compromiso de que no habr\u00e1 sanciones para quienes participan del movimiento estudiantil. En horas de la tarde los estudiantes realizaron una manifestaci\u00f3n en las calles del centro de la ciudad, para agradecer a la ciudadan\u00eda por el apoyo brindado a sus exigencias. Tambi\u00e9n se manifest\u00f3 el compromiso de retomar los ex\u00e1menes y de seguir abiertos en el dialogo sobre los problemas centrales de la universidad con los profesores como mediadores.<\/p>\n<p><strong>Im\u00e1genes: <\/strong>n\/a<\/p>\n<p><strong>INFORMACI\u00d3N ANAL\u00cdTICA<\/strong><\/p>\n<p><strong>Contexto de la noticia:<\/strong> Uni\u00f3n de conservadores a nivel nacional, presencia conservadora en barrios populares, inauguraci\u00f3n de nuevo canal de televisi\u00f3n (Canal XI). M\u00e9dicos en paro, comunistas retan a gobierno italiano.<\/p>\n<p><strong>Palabras clave: <\/strong>Uribe Botero, Eduardo., Asamblea de Estudiantes, Consejo Superior Universitario.<\/p>\n<p><strong>Sugerencia de palabras claves: <\/strong>Paro, Movimiento estudiantil.<\/p>\n<p><strong>Observaciones:<\/strong> La edici\u00f3n del 11 de febrero dedic\u00f3 el Editorial al \u201cFin del Conflicto\u201d en la universidad, haciendo alusi\u00f3n a los cumplimientos de las exigencias de los estudiantes, los compromisos de las partes y el buen recibimiento por parte de la opini\u00f3n p\u00fablica del acuerdo. (p.3)<\/p>\n<p><strong>Fecha de diligenciamiento:<\/strong> 10 de diciembre\/2018<\/p>\n<h1 style=\"text-align: center;\">***<\/h1>\n<p><strong>N\u00famero de ficha<\/strong>: A49&nbsp;&nbsp;&nbsp;&nbsp;&nbsp;&nbsp;&nbsp;&nbsp;&nbsp;&nbsp;&nbsp;&nbsp;&nbsp;&nbsp;&nbsp;&nbsp;&nbsp;&nbsp;&nbsp;&nbsp;&nbsp;&nbsp;&nbsp;&nbsp;&nbsp;&nbsp;&nbsp;&nbsp;&nbsp;&nbsp;&nbsp;&nbsp;&nbsp;&nbsp;&nbsp;&nbsp;&nbsp;&nbsp;&nbsp;&nbsp;&nbsp;&nbsp;&nbsp;&nbsp;&nbsp;&nbsp;&nbsp;&nbsp;&nbsp;&nbsp;&nbsp;&nbsp;&nbsp;&nbsp;&nbsp;&nbsp;<\/p>\n<p><strong>Diligenciada por: <\/strong>Eberhar Cano Naranjo<\/p>\n<p><strong>INFORMACI\u00d3N BIBLIOGR\u00c1FICA<\/strong><\/p>\n<p>Peri\u00f3dico: El Colombiano<\/p>\n<p>Lugar de edici\u00f3n: Medell\u00edn<\/p>\n<p>Autor personal: Dar\u00edo Arizmendi Posada<\/p>\n<p>Autor corporativo: n\/a<\/p>\n<p>Fecha: 1970, octubre, 18<\/p>\n<p>P\u00e1gina: 1 y 6<\/p>\n<p>Secci\u00f3n: Reportajes Atrevidos<\/p>\n<p><strong>T\u00edtulo: <\/strong>Un rector pacifista que quiere ser maestro. Declaraciones de Eduardo Uribe Botero.&nbsp;&nbsp;&nbsp;&nbsp;<\/p>\n<p><strong>Resumen:<\/strong>&nbsp; Entrevista realizada a Eduardo Uribe Botero analizando la visi\u00f3n del rector sobre el conflicto en la UdeA que viene desde octubre de 1969. En la entrevista puede encontrarse la visi\u00f3n del rector frente al estudiantado y su movimiento, el papel de la educaci\u00f3n en Colombia y de las universidades, su propuesta acad\u00e9mica y sus apreciaciones frente al campus universitario. La entrevista toca temas como la autonom\u00eda universitaria, la empresa privada y las huelgas.<\/p>\n<p><strong>Im\u00e1genes: <\/strong>n\/a<\/p>\n<p><strong>INFORMACI\u00d3N ANAL\u00cdTICA<\/strong><\/p>\n<p><strong>Contexto de la noticia:<\/strong> Bloquean oleoducto transandino tras anuncio de Pastrana, CIAP critica pol\u00edtica proteccionista de EE.UU., Fidel Castro apoya reformas de Allende, aprobada Zona franca en Urab\u00e1, Obispos Brasile\u00f1os protestan por abusos del gobierno, Soluciones parciales al problema de la U. de Cartagena, se prepara paro de profesores de ense\u00f1anza t\u00e9cnica.<\/p>\n<p><strong>Palabras clave: <\/strong>Uribe Botero, Eduardo., Rector\u00eda, Gobernador.<\/p>\n<p><strong>Sugerencia de palabras claves: <\/strong><\/p>\n<p><strong>Observaciones:<\/strong> Noticia relacionada con. \u201cLa universidad debe ser parte integral de la realidad social\u201d. Samuel Syro. p. 1 y 20.<\/p>\n<p><strong>Fecha de diligenciamiento:<\/strong> 10 de diciembre\/2018<\/p>\n<h1 style=\"text-align: center;\">***<\/h1>\n<p><strong>N\u00famero de ficha<\/strong>: A50&nbsp;&nbsp;&nbsp;&nbsp;&nbsp;&nbsp;&nbsp;&nbsp;&nbsp;&nbsp;&nbsp;&nbsp;&nbsp;&nbsp;&nbsp;&nbsp;&nbsp;&nbsp;&nbsp;&nbsp;&nbsp;&nbsp;&nbsp;&nbsp;&nbsp;&nbsp;&nbsp;&nbsp;&nbsp;&nbsp;&nbsp;&nbsp;&nbsp;&nbsp;&nbsp;&nbsp;&nbsp;&nbsp;&nbsp;&nbsp;&nbsp;&nbsp;&nbsp;&nbsp;&nbsp;&nbsp;&nbsp;&nbsp;&nbsp;&nbsp;&nbsp;&nbsp;&nbsp;&nbsp;&nbsp;&nbsp;<\/p>\n<p><strong>Diligenciada por: <\/strong>Eberhar Cano Naranjo<\/p>\n<p><strong>INFORMACI\u00d3N BIBLIOGR\u00c1FICA<\/strong><\/p>\n<p>Peri\u00f3dico: El Colombiano<\/p>\n<p>Lugar de edici\u00f3n: Medell\u00edn<\/p>\n<p>Autor personal: n\/a<\/p>\n<p>Autor corporativo: Equipo Editorial<\/p>\n<p>Fecha: 1970, diciembre, 17<\/p>\n<p>P\u00e1gina: 18<\/p>\n<p>Secci\u00f3n: n\/a<\/p>\n<p><strong>T\u00edtulo: <\/strong>Estudiantes de periodismo aclaran una comunicaci\u00f3n.&nbsp;&nbsp;&nbsp;&nbsp;&nbsp;<\/p>\n<p><strong>Resumen:<\/strong> el Consejo Estudiantil de la Escuela de Ciencia de la Comunicaci\u00f3n rechaza la informaci\u00f3n presente en un documento an\u00f3nimo que se\u00f1ala algunos asuntos t\u00e9cnicos y est\u00e9ticos de periodistas profesores de la universidad. Mediante un comunicado los estudiantes aclaran que su movimiento del Consejo estudiantil y la asamblea no tienen nada que ver con dicha aseveraci\u00f3n.&nbsp;&nbsp;<\/p>\n<p><strong>Im\u00e1genes: <\/strong>n\/a<\/p>\n<p><strong>INFORMACI\u00d3N ANAL\u00cdTICA<\/strong><\/p>\n<p><strong>Contexto de la noticia:<\/strong> Se elevan los intereses por deuda externa, crisis econ\u00f3mica en la OEA, Protestas y muertes en Polonia, Epidemias en la Zona bananera.<\/p>\n<p><strong>Palabras clave: <\/strong>Asamblea de Estudiantes, Comunicado, Consejo Estudiantil<\/p>\n<p><strong>Sugerencia de palabras claves: <\/strong><\/p>\n<p><strong>Observaciones:<\/strong><\/p>\n<p><strong>Fecha de diligenciamiento:<\/strong> 10 de diciembre\/2018<\/p>\n<h1 style=\"text-align: center;\">***<\/h1>\n<p><strong>N\u00famero de ficha<\/strong>: A51&nbsp;&nbsp;&nbsp;&nbsp;&nbsp;&nbsp;&nbsp;&nbsp;&nbsp;&nbsp;&nbsp;&nbsp;&nbsp;&nbsp;&nbsp;&nbsp;&nbsp;&nbsp;&nbsp;&nbsp;&nbsp;&nbsp;&nbsp;&nbsp;&nbsp;&nbsp;&nbsp;&nbsp;&nbsp;&nbsp;&nbsp;&nbsp;&nbsp;&nbsp;&nbsp;&nbsp;&nbsp;&nbsp;&nbsp;&nbsp;&nbsp;&nbsp;&nbsp;&nbsp;&nbsp;&nbsp;&nbsp;&nbsp;&nbsp;&nbsp;&nbsp;&nbsp;&nbsp;&nbsp;&nbsp;&nbsp;<\/p>\n<p><strong>Diligenciada por: <\/strong>Eberhar Cano Naranjo<\/p>\n<p><strong>INFORMACI\u00d3N BIBLIOGR\u00c1FICA<\/strong><\/p>\n<p>Peri\u00f3dico: El Colombiano<\/p>\n<p>Lugar de edici\u00f3n: Medell\u00edn<\/p>\n<p>Autor personal: n\/a<\/p>\n<p>Autor corporativo: Equipo Editorial<\/p>\n<p>Fecha: 1971, marzo, 03<\/p>\n<p>P\u00e1gina: 1, 9 y 22<\/p>\n<p>Secci\u00f3n: n\/a<\/p>\n<p><strong>T\u00edtulo: <\/strong>Des\u00f3rdenes ayer en Medell\u00edn controlados por la polic\u00eda.&nbsp;&nbsp;&nbsp;&nbsp;&nbsp;&nbsp;<\/p>\n<p><strong>Resumen:<\/strong> Con la declaraci\u00f3n de la ley seca, el toque de queda y el cierre de establecimientos p\u00fablicos muchos sectores sociales protagonizaron marchas ayer 2 de marzo en el centro de la ciudad en son de protesta por las medidas de la administraci\u00f3n. Uno de los protagonistas fue el estudiantado de la UdeA que sostuvieron confrontaciones con la polic\u00eda en las inmediaciones del campus y otros lugares de la ciudad. Las pedreas y confrontaciones fueron controladas, se hicieron barricadas e incendios en medio de la protesta. Siete manifestantes y 5 agentes de polic\u00eda resultaron heridos. Paralelo a la confrontaci\u00f3n en los alrededores del campus el centro de la ciudad fue v\u00edctima de saqueos, vitrinas rotas y pedreas a distintos establecimientos. Hubo problemas de transporte p\u00fablico y se prolong\u00f3 por varias horas la confrontaci\u00f3n. El rector Samuel Syro Giraldo llam\u00f3 al orden y se dispuso como mediador. En horas de la noche la polic\u00eda custodi\u00f3 el Alma mater evitando nuevos disturbios luego de que los estudiantes se replegaban hacia el interior del campus.<\/p>\n<p><strong>Im\u00e1genes: <\/strong>IMG A51 (a\u2026d). Fotos del disturbio en la calle Barranquilla y zonas aleda\u00f1as, adem\u00e1s de la movilizaci\u00f3n en el centro. Fot\u00f3grafo: Ospina.<\/p>\n<p><strong>INFORMACI\u00d3N ANAL\u00cdTICA<\/strong><\/p>\n<p><strong>&nbsp;<\/strong><strong>Contexto de la noticia:<\/strong> Toque de queda en Medell\u00edn, Adhesi\u00f3n nacional a Pastrana, el gobierno congela fondos de Sindicatos, Disturbios en Bogot\u00e1, El grupo Andino en Medell\u00edn, Sacerdotes de la TdeL judicializados en Brasil, Allende enfrenta arremetidas en Chile.<\/p>\n<p><strong>Palabras clave: <\/strong>Syro Giraldo, Samuel., Rector\u00eda, tropel, cierre de v\u00edas, marchas, acciones violentas, militarizaci\u00f3n de la universidad, da\u00f1o a bienes civiles, movimientos sociales&nbsp;<\/p>\n<p><strong>Sugerencia de palabras claves: <\/strong>Gobierno Nacional, Retenci\u00f3n<\/p>\n<p><strong>Observaciones:<\/strong><\/p>\n<p><strong>Fecha de diligenciamiento:<\/strong> 11 de diciembre\/2018<\/p>\n<h1 style=\"text-align: center;\">***<\/h1>\n<p><strong>N\u00famero de ficha<\/strong>: A52&nbsp;&nbsp;&nbsp;&nbsp;&nbsp;&nbsp;&nbsp;&nbsp;&nbsp;&nbsp;&nbsp;&nbsp;&nbsp;&nbsp;&nbsp;&nbsp;&nbsp;&nbsp;&nbsp;&nbsp;&nbsp;&nbsp;&nbsp;&nbsp;&nbsp;&nbsp;&nbsp;&nbsp;&nbsp;&nbsp;&nbsp;&nbsp;&nbsp;&nbsp;&nbsp;&nbsp;&nbsp;&nbsp;&nbsp;&nbsp;&nbsp;&nbsp;&nbsp;&nbsp;&nbsp;&nbsp;&nbsp;&nbsp;&nbsp;&nbsp;&nbsp;&nbsp;&nbsp;&nbsp;&nbsp;&nbsp;<\/p>\n<p><strong>Diligenciada por: <\/strong>Eberhar Cano Naranjo<\/p>\n<p><strong>INFORMACI\u00d3N BIBLIOGR\u00c1FICA<\/strong><\/p>\n<p>Peri\u00f3dico: El Colombiano<\/p>\n<p>Lugar de edici\u00f3n: Medell\u00edn<\/p>\n<p>Autor personal: n\/a<\/p>\n<p>Autor corporativo: Equipo Editorial<\/p>\n<p>Fecha: 1971, marzo, 04<\/p>\n<p>P\u00e1gina: 12<\/p>\n<p>Secci\u00f3n: n\/a<\/p>\n<p><strong>T\u00edtulo: <\/strong>Informe sobre la situaci\u00f3n estudiantil en Medell\u00edn.&nbsp;&nbsp;&nbsp;&nbsp;&nbsp;&nbsp;<\/p>\n<p><strong>Resumen:<\/strong> En el art\u00edculo se hace un balance sobre las manifestaciones y brotes de violencia del pasado 02 de marzo en la ciudad y en los alrededores del campus universitario. Entre los datos m\u00e1s relevantes se encuentra la retenci\u00f3n de un agente por parte de los universitarios y que a\u00fan permanece en su poder. El rector de la universidad y el gobernador, desmiente las versiones de que se realizar\u00e1 una intervenci\u00f3n militar en la universidad, al contrario, aluden a la autonom\u00eda universitaria y a la resoluci\u00f3n del problema de manera pac\u00edfica. Se hace menci\u00f3n a actos ocurridos en universidades como la UPB, La UNAULA, El Polit\u00e9cnico, la Nacional y la UdeM, el Liceo Marco Fidel Su\u00e1rez y el paro de los estudiantes de Medicina, enfermer\u00eda y Odontolog\u00eda. Tambi\u00e9n se menciona que la facultad de ingenier\u00eda rechaza en su asamblea el paro. El radio peri\u00f3dico Clar\u00edn tambi\u00e9n fue v\u00edctima de los desmanes.<\/p>\n<p><strong>Im\u00e1genes: <\/strong>n\/a<\/p>\n<p><strong>INFORMACI\u00d3N ANAL\u00cdTICA<\/strong><\/p>\n<p><strong>Contexto de la noticia:<\/strong> El gobierno dialogar\u00e1 con la UTC, Destituyen a Villamil Chaux del Incora, Siguen los paros de maestros, Refuerzan pie de fuerza en Antioquia, Aumenta la inversi\u00f3n privada en Antioquia, Tensi\u00f3n entre Israel y Brasil, detenidos por complot econ\u00f3mico en Chile.<\/p>\n<p><strong>Palabras clave: <\/strong>Asamblea de estudiantes, militarizaci\u00f3n de la universidad, Rector\u00eda, Gobernador, Polic\u00eda<\/p>\n<p><strong>Sugerencia de palabras claves: <\/strong>Paro, Retenci\u00f3n<\/p>\n<p><strong>Observaciones:<\/strong> Dos noticias m\u00e1s complementa informaci\u00f3n al respecto en la misma p\u00e1gina se ubican los titulares: <strong>Calma en Medell\u00edn <\/strong>y<strong> M\u00e9dicos y estudiantes en paro proponen soluciones.<\/strong><\/p>\n<p><strong>Fecha de diligenciamiento:<\/strong> 11 de diciembre\/2018<\/p>\n<h1 style=\"text-align: center;\">***<\/h1>\n<p><strong>N\u00famero de ficha<\/strong>: A53&nbsp;&nbsp;&nbsp;&nbsp;&nbsp;&nbsp;&nbsp;&nbsp;&nbsp;&nbsp;&nbsp;&nbsp;&nbsp;&nbsp;&nbsp;&nbsp;&nbsp;&nbsp;&nbsp;&nbsp;&nbsp;&nbsp;&nbsp;&nbsp;&nbsp;&nbsp;&nbsp;&nbsp;&nbsp;&nbsp;&nbsp;&nbsp;&nbsp;&nbsp;&nbsp;&nbsp;&nbsp;&nbsp;&nbsp;&nbsp;&nbsp;&nbsp;&nbsp;&nbsp;&nbsp;&nbsp;&nbsp;&nbsp;&nbsp;&nbsp;&nbsp;&nbsp;&nbsp;&nbsp;&nbsp;&nbsp;<\/p>\n<p><strong>Diligenciada por: <\/strong>Eberhar Cano Naranjo<\/p>\n<p><strong>INFORMACI\u00d3N BIBLIOGR\u00c1FICA<\/strong><\/p>\n<p>Peri\u00f3dico: El Colombiano<\/p>\n<p>Lugar de edici\u00f3n: Medell\u00edn<\/p>\n<p>Autor personal: Juan Jos\u00e9 Garc\u00eda Posada<\/p>\n<p>Autor corporativo: n\/a<\/p>\n<p>Fecha: 1971, marzo, 05<\/p>\n<p>P\u00e1gina: 1 y 18<\/p>\n<p>Secci\u00f3n: n\/a<\/p>\n<p><strong>T\u00edtulo: <\/strong>Impedida la manifestaci\u00f3n estudiantil en Medell\u00edn<\/p>\n<p><strong>Resumen:<\/strong> Continua la jornada de protesta en Medell\u00edn. Aunque se limit\u00f3 la manifestaci\u00f3n p\u00fablica por parte del gobernador algunos brotes de pedreas y actos violentos se presentaron de nuevo en la universidad, el liceo antioque\u00f1o y otras universidades. Los estudiantes retienen a otro agente en la universidad de Antioquia. El rector Syro Giraldo ha asumido un papel conciliador y de alguna manera los estudiantes han acudido a los llamados de calma. El mismo rector est\u00e1 al frente de no permitir ning\u00fan acto vand\u00e1lico al interior de la universidad y se opone a la intervenci\u00f3n de la fuerza p\u00fablica. Se espera que todo vuelva a la normalidad el fin de semana y se retomen las clases. La presidencia informa sobre la situaci\u00f3n que tambi\u00e9n se vivi\u00f3 en la ciudad de Popay\u00e1n.<\/p>\n<p><strong>Im\u00e1genes: <\/strong>IMG A53 (a\u2026i). Fotograf\u00edas del toque de queda, la militarizaci\u00f3n de la ciudad y algunas aleda\u00f1as a ciudad universitaria. Fot\u00f3grafo: Ospina y Herv\u00e1squez.<\/p>\n<p><strong>INFORMACI\u00d3N ANAL\u00cdTICA<\/strong><\/p>\n<p><strong>Contexto de la noticia:<\/strong> Nuevo toque de queda en Medell\u00edn, Plenum nacional conservador de apoyo a Pastrana, Paris paralizada por la polic\u00eda, Allende sigue su lucha en Chile, Presiones a Nixon para retirar tropas de Vietnam.<\/p>\n<p><strong>Palabras clave: <\/strong>Syro Giraldo, Samuel., Asamblea de estudiantes, militarizaci\u00f3n de la universidad, Rector\u00eda, Gobernador, Polic\u00eda,<\/p>\n<p><strong>Sugerencia de palabras claves: <\/strong>Paro, Retenci\u00f3n<\/p>\n<p><strong>Observaciones:<\/strong><\/p>\n<p><strong>Fecha de diligenciamiento:<\/strong> 11 de diciembre\/2018<\/p>\n<h1 style=\"text-align: center;\">***<\/h1>\n<p><strong>N\u00famero de ficha<\/strong>: A54&nbsp;&nbsp;&nbsp;&nbsp;&nbsp;&nbsp;&nbsp;&nbsp;&nbsp;&nbsp;&nbsp;&nbsp;&nbsp;&nbsp;&nbsp;&nbsp;&nbsp;&nbsp;&nbsp;&nbsp;&nbsp;&nbsp;&nbsp;&nbsp;&nbsp;&nbsp;&nbsp;&nbsp;&nbsp;&nbsp;&nbsp;&nbsp;&nbsp;&nbsp;&nbsp;&nbsp;&nbsp;&nbsp;&nbsp;&nbsp;&nbsp;&nbsp;&nbsp;&nbsp;&nbsp;&nbsp;&nbsp;&nbsp;&nbsp;&nbsp;&nbsp;&nbsp;&nbsp;&nbsp;&nbsp;&nbsp;<\/p>\n<p><strong>Diligenciada por: <\/strong>Eberhar Cano Naranjo<\/p>\n<p><strong>INFORMACI\u00d3N BIBLIOGR\u00c1FICA<\/strong><\/p>\n<p>Peri\u00f3dico: El Colombiano<\/p>\n<p>Lugar de edici\u00f3n: Medell\u00edn<\/p>\n<p>Autor personal: Juan Jos\u00e9 Garc\u00eda Posada<\/p>\n<p>Autor corporativo: n\/a<\/p>\n<p>Fecha: 1971, marzo, 06<\/p>\n<p>P\u00e1gina: 18<\/p>\n<p>Secci\u00f3n: n\/a<\/p>\n<p><strong>T\u00edtulo: <\/strong>Calma estudiantil ayer en Medell\u00edn<\/p>\n<p><strong>Resumen:<\/strong> Registro period\u00edstico y fotogr\u00e1fico sobre la tranquilidad en el campus luego de las duras jornadas de protesta en los d\u00edas anteriores, las acciones asamblearias por parte de los gremios estudiantiles, la posici\u00f3n del gobernador y la decisi\u00f3n de mantener vigilancia con fuertes cordones de seguridad del ej\u00e9rcito y la polic\u00eda. Se espera que pr\u00f3ximamente puedan reanudarse las clases y se retome la normalidad.<\/p>\n<p><strong>Im\u00e1genes: <\/strong>IMG A54 (a\u2026h). Foto del polic\u00eda secuestrado, la calle Barranquilla y el Ej\u00e9rcito, estudiantes huelguistas en el campus. Fot\u00f3grafo: Herv\u00e1squez y Ospina.<\/p>\n<p><strong>INFORMACI\u00d3N ANAL\u00cdTICA<\/strong><\/p>\n<p><strong>Contexto de la noticia:<\/strong> No se cierra la UN, Se modifica toque de queda y ley seca en Medell\u00edn, Dr\u00e1sticas medidas de orden p\u00fablico en Medell\u00edn, Violencia en Turqu\u00eda, Trabajadores vetan paro de la UTC, Crisis en Chile por invasiones, Condena de la Iglesia a las agitaciones y violencias, declaran sanciones para quienes participen en el Paro Nacional.<\/p>\n<p><strong>Palabras clave: <\/strong>Consejo Superior Estudiantil, Asamblea General de Estudiantes, Gobernaci\u00f3n, Manifestaci\u00f3n, Ej\u00e9rcito, Polic\u00eda, Secuestro.<\/p>\n<p><strong>Sugerencia de palabras claves: <\/strong>Paro, Detenidos<\/p>\n<p><strong>Observaciones:<\/strong><\/p>\n<p><strong>Fecha de diligenciamiento:<\/strong> 11 de diciembre\/2018<\/p>\n<h1 style=\"text-align: center;\">***<\/h1>\n<p><strong>N\u00famero de ficha<\/strong>: A55&nbsp;&nbsp;&nbsp;&nbsp;&nbsp;&nbsp;&nbsp;&nbsp;&nbsp;&nbsp;&nbsp;&nbsp;&nbsp;&nbsp;&nbsp;&nbsp;&nbsp;&nbsp;&nbsp;&nbsp;&nbsp;&nbsp;&nbsp;&nbsp;&nbsp;&nbsp;&nbsp;&nbsp;&nbsp;&nbsp;&nbsp;&nbsp;&nbsp;&nbsp;&nbsp;&nbsp;&nbsp;&nbsp;&nbsp;&nbsp;&nbsp;&nbsp;&nbsp;&nbsp;&nbsp;&nbsp;&nbsp;&nbsp;&nbsp;&nbsp;&nbsp;&nbsp;&nbsp;&nbsp;&nbsp;&nbsp;<\/p>\n<p><strong>Diligenciada por: <\/strong>Eberhar Cano Naranjo<\/p>\n<p><strong>INFORMACI\u00d3N BIBLIOGR\u00c1FICA<\/strong><\/p>\n<p>Peri\u00f3dico: El Colombiano<\/p>\n<p>Lugar de edici\u00f3n: Medell\u00edn<\/p>\n<p>Autor personal: Juan Jos\u00e9 Garc\u00eda Posada<\/p>\n<p>Autor corporativo: n\/a<\/p>\n<p>Fecha: 1971, marzo, 08<\/p>\n<p>P\u00e1gina: 2<\/p>\n<p>Secci\u00f3n: n\/a<\/p>\n<p><strong>T\u00edtulo: <\/strong>Tiende a normalizarse la situaci\u00f3n universitaria. Los m\u00e9dicos residentes se retiraron del paro.&nbsp;&nbsp;&nbsp;<\/p>\n<p><strong>Resumen:<\/strong> Se normalizan las clases en las universidades del pa\u00eds. En la UdeA el Rector Syro Giraldo inform\u00f3 sobre el deseo de los estudiantes en volver a clases, adem\u00e1s, inform\u00f3 a El Colombiano que los agentes retenidos fueron liberados y que es falso que se les dio mal trato. Se realizar\u00e1 una asamblea de estudiantes de Ciencias de la Comunicaci\u00f3n con la idea de levantar el aro independientemente de las resoluciones. Los distintos Consejos administrativos de la universidad se reunir\u00e1n en cabeza del gobernador para analizar las situaciones ocurridas. no se realizar\u00e1n admisiones. Despu\u00e9s de la asamblea general celebrada al d\u00eda 7 de marzo, los m\u00e9dicos del hospital San Vicente de Paul vuelven a retomar labores. La calma comienza a llegar a la medida que se avanza en di\u00e1logos.<\/p>\n<p><strong>Im\u00e1genes: <\/strong>n\/a<\/p>\n<p><strong>INFORMACI\u00d3N ANAL\u00cdTICA<\/strong><\/p>\n<p><strong>Contexto de la noticia:<\/strong> Debates sobre la Reforma Agraria, Se normaliza la situaci\u00f3n de las universidades, Ministerios del pa\u00eds argumentan que enfrentar\u00e1n la Anarqu\u00eda, maestros de primaria vuelven a clases, Tensi\u00f3n entre Egipto e Israel por tregua, Lleras respalda a Pastrana.<\/p>\n<p><strong>Palabras clave: <\/strong>Syro Giraldo, Samuel., Asamblea de estudiantes, Rector\u00eda, Gobernador, Polic\u00eda, CSU, Consejo Directivo,<\/p>\n<p><strong>Sugerencia de palabras claves: <\/strong>Paro, Medios de comunicaci\u00f3n.<\/p>\n<p><strong>Observaciones:<\/strong><\/p>\n<p><strong>Fecha de diligenciamiento:<\/strong> 11 de diciembre\/2018<\/p>\n<h1 style=\"text-align: center;\">***<\/h1>\n<p><strong>N\u00famero de ficha<\/strong>: A56&nbsp;&nbsp;&nbsp;&nbsp;&nbsp;&nbsp;&nbsp;&nbsp;&nbsp;&nbsp;&nbsp;&nbsp;&nbsp;&nbsp;&nbsp;&nbsp;&nbsp;&nbsp;&nbsp;&nbsp;&nbsp;&nbsp;&nbsp;&nbsp;&nbsp;&nbsp;&nbsp;&nbsp;&nbsp;&nbsp;&nbsp;&nbsp;&nbsp;&nbsp;&nbsp;&nbsp;&nbsp;&nbsp;&nbsp;&nbsp;&nbsp;&nbsp;&nbsp;&nbsp;&nbsp;&nbsp;&nbsp;&nbsp;&nbsp;&nbsp;&nbsp;&nbsp;&nbsp;&nbsp;&nbsp;&nbsp;<\/p>\n<p><strong>Diligenciada por: <\/strong>Eberhar Cano Naranjo<\/p>\n<p><strong>INFORMACI\u00d3N BIBLIOGR\u00c1FICA<\/strong><\/p>\n<p>Peri\u00f3dico: El Colombiano<\/p>\n<p>Lugar de edici\u00f3n: Medell\u00edn<\/p>\n<p>Autor personal: n\/a<\/p>\n<p>Autor corporativo: Equipo Editorial<\/p>\n<p>Fecha: 1971, marzo, 09<\/p>\n<p>P\u00e1gina: 17<\/p>\n<p>Secci\u00f3n: n\/a<\/p>\n<p><strong>T\u00edtulo: <\/strong>Comienzan regresar a clases los estudiantes universitarios.&nbsp;&nbsp;&nbsp;&nbsp;<\/p>\n<p><strong>Resumen:<\/strong> Comienza a volver la normalidad a los centros educativos luego de las jornadas de manifestaci\u00f3n de la semana pasada. En el caso de la UdeA, se evidencia una creciente ola de descontento de muchos estudiantes por las jornadas huelgu\u00edsticas que se presentaron, esto se evidenci\u00f3 en la agitada asamblea general celebrada el d\u00eda de ayer 8 de marzo que termino quebrantando el paro. Se firmaron declaraciones contra el paro y se manifiesta que el movimiento pierde fuerza. La nota tambi\u00e9n sobre la liberaci\u00f3n de los agentes retenidos y las situaciones con las dem\u00e1s universidades de la ciudad que a\u00fan permanecen en asamblea como la Nacional y la Unaula.<\/p>\n<p><strong>Im\u00e1genes: <\/strong>IMG A56 (a). Imagen de los agentes de la polic\u00eda liberados por los estudiantes. Fot\u00f3grafo: Herv\u00e1squez.<\/p>\n<p><strong>INFORMACI\u00d3N ANAL\u00cdTICA<\/strong><\/p>\n<p><strong>&nbsp;<\/strong><strong>Contexto de la noticia:<\/strong> Apoyo nacional a Pastrana, Crisis en mercados centro americanos y suramericanos, ej\u00e9rcito patrulla los barrios-universidades-centro de Medell\u00edn.<\/p>\n<p><strong>Palabras clave: <\/strong>Asamblea de estudiantes, Rector\u00eda, Polic\u00eda.<\/p>\n<p><strong>Sugerencia de palabras claves: <\/strong>Paro, divisiones en el movimiento estudiantil.<\/p>\n<p><strong>Observaciones:<\/strong> Titular complementario, <em>Liberados los agentes de polic\u00eda anoche.<\/em><\/p>\n<p><strong>Fecha de diligenciamiento:<\/strong> 11 de diciembre\/2018<\/p>\n<h1 style=\"text-align: center;\">***<\/h1>\n<p><strong>N\u00famero de ficha<\/strong>: A57&nbsp;&nbsp;&nbsp;&nbsp;&nbsp;&nbsp;&nbsp;&nbsp;&nbsp;&nbsp;&nbsp;&nbsp;&nbsp;&nbsp;&nbsp;&nbsp;&nbsp;&nbsp;&nbsp;&nbsp;&nbsp;&nbsp;&nbsp;&nbsp;&nbsp;&nbsp;&nbsp;&nbsp;&nbsp;&nbsp;&nbsp;&nbsp;&nbsp;&nbsp;&nbsp;&nbsp;&nbsp;&nbsp;&nbsp;&nbsp;&nbsp;&nbsp;&nbsp;&nbsp;&nbsp;&nbsp;&nbsp;&nbsp;&nbsp;&nbsp;&nbsp;&nbsp;&nbsp;&nbsp;&nbsp;&nbsp;<\/p>\n<p><strong>Diligenciada por: <\/strong>Eberhar Cano Naranjo<\/p>\n<p><strong>INFORMACI\u00d3N BIBLIOGR\u00c1FICA<\/strong><\/p>\n<p>Peri\u00f3dico: El Colombiano<\/p>\n<p>Lugar de edici\u00f3n: Medell\u00edn<\/p>\n<p>Autor personal: Juan Jos\u00e9 Garc\u00eda Posada<\/p>\n<p>Autor corporativo: n\/a<\/p>\n<p>Fecha: 1971, marzo, 10<\/p>\n<p>P\u00e1gina: 1 y 22<\/p>\n<p>Secci\u00f3n: n\/a<\/p>\n<p><strong>T\u00edtulo: <\/strong>Levantado el paro en la universidad de Antioquia.<\/p>\n<p><strong>Resumen:<\/strong> Luego de una asamblea general de estudiantes se decreta por mayor\u00eda abrumadora el regreso a clases a partir de hoy mi\u00e9rcoles.&nbsp; Desde las horas de la ma\u00f1ana se acercaron los estudiantes a depositar en las urnas su opini\u00f3n sobre el levantamiento del paro que en su gran mayor\u00eda consideraba pertinente para la imagen ante la opini\u00f3n p\u00fablica. Solamente la facultad de Derecho se distanci\u00f3 de la decisi\u00f3n colectiva y continu\u00f3 en paro.<\/p>\n<p><strong>Im\u00e1genes: <\/strong>n\/a<\/p>\n<p><strong>INFORMACI\u00d3N ANAL\u00cdTICA<\/strong><\/p>\n<p><strong>Contexto de la noticia:<\/strong> Se levanta toque de queda y ley seca, levantan huelga de maestros en Cauca, Apoyo de China en armas a Han\u00f3i, Vigilia en el canal de Suez entre Egipto e Israel, Fijan precios para autos nacionales.<\/p>\n<p><strong>Palabras clave: <\/strong>Asamblea de estudiantes, Paro.<\/p>\n<p><strong>Sugerencia de palabras claves: <\/strong><\/p>\n<p><strong>Observaciones:<\/strong> Noticia sobre apresamiento de agente por parte de estudiantes. p. 1 y 4<\/p>\n<p><strong>Fecha de diligenciamiento:<\/strong> 11 de diciembre\/2018<\/p>\n<h1 style=\"text-align: center;\">***<\/h1>\n<p><strong>N\u00famero de ficha<\/strong>: A58&nbsp;&nbsp;&nbsp;&nbsp;&nbsp;&nbsp;&nbsp;&nbsp;&nbsp;&nbsp;&nbsp;&nbsp;&nbsp;&nbsp;&nbsp;&nbsp;&nbsp;&nbsp;&nbsp;&nbsp;&nbsp;&nbsp;&nbsp;&nbsp;&nbsp;&nbsp;&nbsp;&nbsp;&nbsp;&nbsp;&nbsp;&nbsp;&nbsp;&nbsp;&nbsp;&nbsp;&nbsp;&nbsp;&nbsp;&nbsp;&nbsp;&nbsp;&nbsp;&nbsp;&nbsp;&nbsp;&nbsp;&nbsp;&nbsp;&nbsp;&nbsp;&nbsp;&nbsp;&nbsp;&nbsp;&nbsp;<\/p>\n<p><strong>Diligenciada por: <\/strong>Eberhar Cano Naranjo<\/p>\n<p><strong>INFORMACI\u00d3N BIBLIOGR\u00c1FICA<\/strong><\/p>\n<p>Peri\u00f3dico: El Colombiano<\/p>\n<p>Lugar de edici\u00f3n: Medell\u00edn<\/p>\n<p>Autor personal: Juan Jos\u00e9 Garc\u00eda Posada<\/p>\n<p>Autor corporativo: n\/a<\/p>\n<p>Fecha: 1971, marzo, 24<\/p>\n<p>P\u00e1gina: 9<\/p>\n<p>Secci\u00f3n: n\/a<\/p>\n<p><strong>T\u00edtulo: <\/strong>La UdeA define quienes son empleados p\u00fablicos y quienes oficiales&nbsp;<\/p>\n<p><strong>Resumen:<\/strong> El Consejo Directivo de la universidad luego de una larga jornada de deliberaci\u00f3n defini\u00f3 nombrar empleados p\u00fablicos y oficiales, algo que marca un precedente muy importante para los organismos de educaci\u00f3n superior, quedando de la siguiente manera: <em>&#8220;son <strong>trabajadores oficiales<\/strong> ligados a la Universidad por una relaci\u00f3n de trabajo, los trabajadores de la construcci\u00f3n y sostenimiento de las obras publicas universitarias. es decir, los que desempe\u00f1an actividades de el\u00e9ctricas los celadores, carpinteros, plomeros, aseadores, peones, oficiales dc la construcci\u00f3n y jardineros\u201d y<\/em> por el oro lado: <em>\u201cest\u00e1n sometidos a la categor\u00eda de <strong>empleado p\u00fablico<\/strong>, y por consiguiente a la situaci\u00f3n legal o reglamentaria se\u00f1alada en la ley las restantes personas vinculadas al servicio dc la Universidad, tales como la que ejercen funciones de direcci\u00f3n. confianza y manejo, las que desarrollan actividades d<\/em><em>o<\/em><em>centes o de tipo acad\u00e9mica v las que desempe\u00f1an labores de \u00edndole administrativa&#8221;.<\/em><\/p>\n<p><strong>Im\u00e1genes: <\/strong>n\/a<\/p>\n<p><strong>INFORMACI\u00d3N ANAL\u00cdTICA<\/strong><\/p>\n<p><strong>&nbsp;<\/strong><strong>Contexto de la noticia:<\/strong> Alza de sueldos a maestros, Racionamiento de carne en Colombia, Asamblea en Bavaria, Problemas en Juzgados penales, ENKA instala planta en Colombia, grescas en congreso chileno, Rusia arma a Siria, Se retiran los aliados en Laos, criticas de L\u00f3pez a Pastrana y tensiones bipartidistas.<\/p>\n<p><strong>Palabras clave: <\/strong>&nbsp;Consejo Directivo, Rector\u00eda,<\/p>\n<p><strong>Sugerencia de palabras claves: <\/strong>Entes administrativos, Representante Estudiantil<\/p>\n<p><strong>Observaciones:<\/strong> El art\u00edculo menciona, adem\u00e1s el problema del cese de actividades de la facultad de Ciencias de la Educaci\u00f3n, la elecci\u00f3n del representante estudiantil y otras informaciones sobre el Instituto de Artes y de Ciencias de la Comunicaci\u00f3n.<\/p>\n<p><strong>Fecha de diligenciamiento:<\/strong> 11 de diciembre\/2018<\/p>\n<h1 style=\"text-align: center;\">***<\/h1>\n<p><strong>&nbsp;<\/strong><strong>N\u00famero de ficha<\/strong>: A59&nbsp;&nbsp;&nbsp;&nbsp;&nbsp;&nbsp;&nbsp;&nbsp;&nbsp;&nbsp;&nbsp;&nbsp;&nbsp;&nbsp;&nbsp;&nbsp;&nbsp;&nbsp;&nbsp;&nbsp;&nbsp;&nbsp;&nbsp;&nbsp;&nbsp;&nbsp;&nbsp;&nbsp;&nbsp;&nbsp;&nbsp;&nbsp;&nbsp;&nbsp;&nbsp;&nbsp;&nbsp;&nbsp;&nbsp;&nbsp;&nbsp;&nbsp;&nbsp;&nbsp;&nbsp;&nbsp;&nbsp;&nbsp;&nbsp;&nbsp;&nbsp;&nbsp;&nbsp;&nbsp;&nbsp;&nbsp;<\/p>\n<p><strong>Diligenciada por: <\/strong>Eberhar Cano Naranjo<\/p>\n<p><strong>INFORMACI\u00d3N BIBLIOGR\u00c1FICA<\/strong><\/p>\n<p>Peri\u00f3dico: El Colombiano<\/p>\n<p>Lugar de edici\u00f3n: Medell\u00edn<\/p>\n<p>Autor personal: n\/a<\/p>\n<p>Autor corporativo: Equipo Editorial<\/p>\n<p>Fecha: 1971, abril, 21<\/p>\n<p>P\u00e1gina: 1 y 21<\/p>\n<p>Secci\u00f3n: n\/a<\/p>\n<p><strong>T\u00edtulo: <\/strong>Clausuradas la UdeA y la Nacional.&nbsp;&nbsp;&nbsp;&nbsp;<\/p>\n<p><strong>Resumen:<\/strong> Fuertes disturbios en Medell\u00edn protagonizaron la UdeA y la Nacional el d\u00eda ayer (20 de abril) en horas de la tarde y la noche que ocasionaron la clausura por decreto. Los estudiantes reunidos en asambleas generales aprobaron suspender las actividades acad\u00e9micas y posteriormente en diferentes grupos protagonizaron desmanes en sectores aleda\u00f1os a los campus. Hubo agresiones al conductor de El Colombiano, y se decidi\u00f3 la intervenci\u00f3n del ej\u00e9rcito en cabeza de la IV Brigada. Las pedreas y barricadas dejaron casi cuarenta heridos, entre militares, polic\u00edas y estudiantes, no hay informes de que sean heridas de consideraci\u00f3n. El gobernador y la Alcald\u00eda expresan a la opini\u00f3n p\u00fablica que en varios sitios hay problemas de orden p\u00fablico pero que la fuerza p\u00fablica est\u00e1 en capacidad de \u201creprimir\u201d, adem\u00e1s aluden a que existen grupos que aprovechan \u201c<em>el movimiento estudiantil con fines contrarios a los leg\u00edtimos intereses de la universidad en Colombia\u201d (p.21)<\/em>. El Consejo Directivo de la universidad plantea en un comunicado (que no pudo leer en la asamblea) que es necesario actuar sin alterar el orden, los estudiantes de varias facultades reiteran que la exigencia de restructuraci\u00f3n del CSU a\u00fan no se ha tratado como se debe y es una de las nuevas razones para la confrontaci\u00f3n.<\/p>\n<p><strong>Im\u00e1genes: <\/strong>IMG A59 (a\u2026f). Polic\u00edas heridos, estudiantes, pedreas en Barranquilla. Fot\u00f3grafo: Herv\u00e1squez.<\/p>\n<p><strong>INFORMACI\u00d3N ANAL\u00cdTICA<\/strong><\/p>\n<p><strong>Contexto de la noticia:<\/strong> Conflictos en universidades del pa\u00eds, militarizaci\u00f3n de centros educativos, Antioquia acude a Pastrana sobre situaci\u00f3n de orden p\u00fablico, La UTC no es afiliada de la ANAPO, Se definen nuevas contravenciones de la polic\u00eda, Debates sobre la industria de licores, restricci\u00f3n a inversiones en Colombia, Fidel Castro rechaza relaciones con EE.UU, protestas estudiantiles en Venezuela, cr\u00edticas a la pol\u00edtica cafetera oficial.<\/p>\n<p><strong>Palabras clave: <\/strong>Asamblea de Estudiantes, Consejo Superior Universitario, tropel, Ej\u00e9rcito, Polic\u00eda, Gobernador, Consejo Directivo, ingreso de fuerza p\u00fablica, cierre obligado,<\/p>\n<p><strong>Sugerencia de palabras claves: <\/strong>Paro, Movimiento estudiantil, pedreas<\/p>\n<p><strong>Observaciones:<\/strong> universidades como la UdeM, la UTP, La UIS y Nacional de Bogot\u00e1 protagonizaron tambi\u00e9n jornadas de manifestaci\u00f3n y se declar\u00f3 paro nacional.<\/p>\n<p><strong>Fecha de diligenciamiento:<\/strong> 10 de diciembre\/2018<\/p>\n<h1 style=\"text-align: center;\">***<\/h1>\n<p><strong>N\u00famero de ficha<\/strong>: A60&nbsp;&nbsp;&nbsp;&nbsp;&nbsp;&nbsp;&nbsp;&nbsp;&nbsp;&nbsp;&nbsp;&nbsp;&nbsp;&nbsp;&nbsp;&nbsp;&nbsp;&nbsp;&nbsp;&nbsp;&nbsp;&nbsp;&nbsp;&nbsp;&nbsp;&nbsp;&nbsp;&nbsp;&nbsp;&nbsp;&nbsp;&nbsp;&nbsp;&nbsp;&nbsp;&nbsp;&nbsp;&nbsp;&nbsp;&nbsp;&nbsp;&nbsp;&nbsp;&nbsp;&nbsp;&nbsp;&nbsp;&nbsp;&nbsp;&nbsp;&nbsp;&nbsp;&nbsp;&nbsp;&nbsp;&nbsp;<\/p>\n<p><strong>Diligenciada por: <\/strong>Eberhar Cano Naranjo<\/p>\n<p><strong>INFORMACI\u00d3N BIBLIOGR\u00c1FICA<\/strong><\/p>\n<p>Peri\u00f3dico: El Colombiano<\/p>\n<p>Lugar de edici\u00f3n: Medell\u00edn<\/p>\n<p>Autor personal: n\/a<\/p>\n<p>Autor corporativo: Equipo Editorial<\/p>\n<p>Fecha: 1971, abril, 22<\/p>\n<p>P\u00e1gina: 1 y 18<\/p>\n<p>Secci\u00f3n: n\/a<\/p>\n<p><strong>T\u00edtulo: <\/strong>Completa paz ayer en Medell\u00edn.<\/p>\n<p><strong>Resumen:<\/strong> Articulo que retoma los acontecimientos ocurridos en los \u00faltimos d\u00edas en la ciudad, especialmente lo con lo que tiene que ver con el movimiento estudiantil y el paro nacional de estudiantes. Las manifestaciones y enfrentamientos dejaron heridos de los bandos enfrentados, el Consejo Superior de la universidad sesionar\u00e1 y se analizar\u00e1 la grave situaci\u00f3n, los estudiantes s\u00f3lo han estudiado 5 semanas. Clausuran la universidad y las autoridades buscan medidas para controlar la dif\u00edcil situaci\u00f3n. Se destaca que la situaci\u00f3n no es solo en la UdeA sino en otros establecimientos universitarios e incluso otros sectores sociales que se suman a las demandas del movimiento.<\/p>\n<p><strong>Im\u00e1genes: <\/strong>IMG A60 (a\u2026k). Fotos de la ocupaci\u00f3n militar y policial en el campus, destrozos, estudiante herido, ciudad universitaria. Fot\u00f3grafo: Herv\u00e1squez y Ospina.<\/p>\n<p><strong>INFORMACI\u00d3N ANAL\u00cdTICA<\/strong><\/p>\n<p><strong>Contexto de la noticia:<\/strong> Clausurada U. de Tunja, Siguen paros universitarios, Reformas a la educaci\u00f3n anuncia Pastrana, Critica a EE.PP por populismo, impuesto sin rebaja a cafeteros.<\/p>\n<p><strong>Palabras clave: <\/strong>Consejo Directivo, Consejo Superior, Polic\u00eda, Marchas Estudiantiles, Acciones Violentas,<\/p>\n<p><strong>Sugerencia de palabras claves: <\/strong>Reformas, Heridos, medios de comunicaci\u00f3n<\/p>\n<p><strong>Observaciones:<\/strong> Se retoman los art\u00edculos de toda la p\u00e1gina ya que contienen datos sobre contexto de la jornada de protesta universitaria nacional&nbsp;<\/p>\n<p><strong>Fecha de diligenciamiento:<\/strong> 11 de diciembre\/2018<\/p>\n<h1 style=\"text-align: center;\">***<\/h1>\n<p><strong>N\u00famero de ficha<\/strong>: A61&nbsp;&nbsp;&nbsp;&nbsp;&nbsp;&nbsp;&nbsp;&nbsp;&nbsp;&nbsp;&nbsp;&nbsp;&nbsp;&nbsp;&nbsp;&nbsp;&nbsp;&nbsp;&nbsp;&nbsp;&nbsp;&nbsp;&nbsp;&nbsp;&nbsp;&nbsp;&nbsp;&nbsp;&nbsp;&nbsp;&nbsp;&nbsp;&nbsp;&nbsp;&nbsp;&nbsp;&nbsp;&nbsp;&nbsp;&nbsp;&nbsp;&nbsp;&nbsp;&nbsp;&nbsp;&nbsp;&nbsp;&nbsp;&nbsp;&nbsp;&nbsp;&nbsp;&nbsp;&nbsp;&nbsp;&nbsp;<\/p>\n<p><strong>Diligenciada por: <\/strong>Eberhar Cano Naranjo<\/p>\n<p><strong>INFORMACI\u00d3N BIBLIOGR\u00c1FICA<\/strong><\/p>\n<p>Peri\u00f3dico: El Colombiano<\/p>\n<p>Lugar de edici\u00f3n: Medell\u00edn<\/p>\n<p>Autor personal: n\/a<\/p>\n<p>Autor corporativo: Equipo Editorial<\/p>\n<p>Fecha: 1971, abril, 23<\/p>\n<p>P\u00e1gina: 1 y 24<\/p>\n<p>Secci\u00f3n: n\/a<\/p>\n<p><strong>T\u00edtulo: <\/strong>Cerrada la universidad de Medell\u00edn por sus directivos, Calma e casi todas las universidades del pa\u00eds, 650 detenidos continuaban anoche en el coliseo cubierto, no es cierto que hayan muerto dos estudiantes.&nbsp;<\/p>\n<p><strong>Resumen:<\/strong> Los art\u00edculos retoman informes y describen sucesos ocurridos desde hace dos d\u00edas en las jornadas de protesta nacional. Para el caso de la UdeA, se menciona que el d\u00eda de hoy sigue bajo control de la polic\u00eda, el Consejo Directivo se reuni\u00f3 para evaluar la situaci\u00f3n y reanudar la normalidad acad\u00e9mica. Se enfatiza que la muerte de dos estudiantes, uno de ellos, del Liceo no tienen nada que ver con los hechos callejeros. Las noticias resumen situaciones en las dem\u00e1s universidades del pa\u00eds y de la ciudad a la luz del futuro encuentro nacional de estudiantes.<\/p>\n<p><strong>Im\u00e1genes: <\/strong>IMG A61 (a\u2026d). Fotograf\u00edas de la propaganda y artefactos explosivos en la universidad. Fot\u00f3grafo: Herv\u00e1squez.<\/p>\n<p><strong>INFORMACI\u00d3N ANAL\u00cdTICA<\/strong><\/p>\n<p><strong>&nbsp;<\/strong><strong>Contexto de la noticia:<\/strong> Clausurada la UdeM, Siguen paros universitarios, Reformas a la educaci\u00f3n anuncia Pastrana, posible ingreso de Venezuela al Grupo Andino, Fuga de D\u00f3lares a Europa, arrestan excombatientes de Vietnam en EU, Acciones de los Tupamaros en Uruguay, contin\u00faan protestas estudiantiles en Venezuela, OEA aprueba resoluci\u00f3n de desarme, se interrumpe el transporte de Ma\u00edz y Caf\u00e9.<\/p>\n<p><strong>Palabras clave: <\/strong>Consejo Directivo, Polic\u00eda, marchas estudiantiles, acciones violentas&nbsp;<\/p>\n<p><strong>Sugerencia de palabras claves: <\/strong>Reformas<\/p>\n<p><strong>Observaciones:<\/strong> Se retoman los art\u00edculos de toda la p\u00e1gina ya que contienen datos sobre contexto de la jornada de protesta universitaria nacional&nbsp;<\/p>\n<p><strong>Fecha de diligenciamiento:<\/strong> 11 de diciembre\/2018<\/p>\n<h1 style=\"text-align: center;\">***<\/h1>\n<p><strong>N\u00famero de ficha<\/strong>: A62&nbsp;&nbsp;&nbsp;&nbsp;&nbsp;&nbsp;&nbsp;&nbsp;&nbsp;&nbsp;&nbsp;&nbsp;&nbsp;&nbsp;&nbsp;&nbsp;&nbsp;&nbsp;&nbsp;&nbsp;&nbsp;&nbsp;&nbsp;&nbsp;&nbsp;&nbsp;&nbsp;&nbsp;&nbsp;&nbsp;&nbsp;&nbsp;&nbsp;&nbsp;&nbsp;&nbsp;&nbsp;&nbsp;&nbsp;&nbsp;&nbsp;&nbsp;&nbsp;&nbsp;&nbsp;&nbsp;&nbsp;&nbsp;&nbsp;&nbsp;&nbsp;&nbsp;&nbsp;&nbsp;&nbsp;&nbsp;<\/p>\n<p><strong>Diligenciada por: <\/strong>Eberhar Cano Naranjo<\/p>\n<p><strong>INFORMACI\u00d3N BIBLIOGR\u00c1FICA<\/strong><\/p>\n<p>Peri\u00f3dico: El Colombiano<\/p>\n<p>Lugar de edici\u00f3n: Medell\u00edn<\/p>\n<p>Autor personal: Juan Jos\u00e9 Garc\u00eda Posada<\/p>\n<p>Autor corporativo: n\/a<\/p>\n<p>Fecha: 1971, abril, 24<\/p>\n<p>P\u00e1gina: 1 y 26<\/p>\n<p>Secci\u00f3n: n\/a<\/p>\n<p><strong>T\u00edtulo: <\/strong>Solo quedan detenidos veinte estudiantes. Comunicado del Consejo Directivo de la UdeA.&nbsp;<\/p>\n<p><strong>Resumen:<\/strong> Se dejan en libertad los estudiantes retenidos en el coliseo cubierto luego de un proceso de clasificaci\u00f3n que adelantaron las autoridades y la definici\u00f3n de la situaci\u00f3n jur\u00eddica de los estudiantes. El Consejo Directivo de la UdeA manifiesta su inconformidad con los acontecimientos del pasado 20 y 21 del mes en curso y acusa a los estudiantes, fuerzas armadas y otros sectores sociales que protagonizaron actos de violencia que desembocaron en un allanamiento por parte de las autoridades a las dependencias de la universidad. El rector insiste en que deben adelantarse las reformas pertinentes y reitera al presidente que retire el decreto que suspende las actividades docentes en la universidad.<\/p>\n<p><strong>Im\u00e1genes: <\/strong>n\/a<\/p>\n<p><strong>INFORMACI\u00d3N ANAL\u00cdTICA<\/strong><\/p>\n<p><strong>Contexto de la noticia:<\/strong> Manifestaciones en Popay\u00e1n, Rusia inicia primera plataforma espacial, reformas directivas en la U. del Valle, UNESCO ofrece colaboraci\u00f3n a Colombia, nuevo c\u00f3digo del comercio en el pa\u00eds, algunas divisiones en el Liberalismo, OEA aprueba declaraci\u00f3n contra el proteccionismo.<\/p>\n<p><strong>Palabras clave: <\/strong>Consejo Directivo, Polic\u00eda, acciones violentas, Rector\u00eda.<\/p>\n<p><strong>Sugerencia de palabras claves: <\/strong>Allanamientos, Reformas<\/p>\n<p><strong>Observaciones:<\/strong> Algunas noticias sobre la reforma y anuncios del gobierno en los d\u00edas siguientes; 26 y 27 de abril.<\/p>\n<p><strong>Fecha de diligenciamiento:<\/strong> 11 de diciembre\/2018<\/p>\n<h1 style=\"text-align: center;\">***<\/h1>\n<p><strong>N\u00famero de ficha<\/strong>: A63&nbsp;&nbsp;&nbsp;&nbsp;&nbsp;&nbsp;&nbsp;&nbsp;&nbsp;&nbsp;&nbsp;&nbsp;&nbsp;&nbsp;&nbsp;&nbsp;&nbsp;&nbsp;&nbsp;&nbsp;&nbsp;&nbsp;&nbsp;&nbsp;&nbsp;&nbsp;&nbsp;&nbsp;&nbsp;&nbsp;&nbsp;&nbsp;&nbsp;&nbsp;&nbsp;&nbsp;&nbsp;&nbsp;&nbsp;&nbsp;&nbsp;&nbsp;&nbsp;&nbsp;&nbsp;&nbsp;&nbsp;&nbsp;&nbsp;&nbsp;&nbsp;&nbsp;&nbsp;&nbsp;&nbsp;&nbsp;<\/p>\n<p><strong>Diligenciada por: <\/strong>Eberhar Cano Naranjo<\/p>\n<p><strong>INFORMACI\u00d3N BIBLIOGR\u00c1FICA<\/strong><\/p>\n<p>Peri\u00f3dico: El Colombiano<\/p>\n<p>Lugar de edici\u00f3n: Medell\u00edn<\/p>\n<p>Autor personal: Luis Eduardo Mu\u00f1oz<\/p>\n<p>Autor corporativo: n\/a<\/p>\n<p>Fecha: 1971, abril, 28<\/p>\n<p>P\u00e1gina: 1 y 24<\/p>\n<p>Secci\u00f3n: n\/a<\/p>\n<p><strong>T\u00edtulo: <\/strong>Frustrada la manifestaci\u00f3n. Completo control ejerci\u00f3 la fuerza p\u00fablica.<\/p>\n<p><strong>Resumen:<\/strong> Las autoridades de polic\u00eda y ej\u00e9rcito mantuvieron el control sobre las manifestaciones propuestas por las universidades en jornada nacional de protesta. En Medell\u00edn, se realizaron varias detenciones incluyendo la de un profesional. Los manifestantes pretend\u00edan tomarse distintas zonas de la universidad y de la ciudad en general, pero los intentos fueron frustrados por la fuerza p\u00fablica. El Consejo Directivo de la UdeA se reuni\u00f3n para comunicar a los estudiantes y profesores de abstenerse a realizar manifestaciones y disturbios ya que se vienen solucionando los da\u00f1os que se han presentado en anteriores ocasiones.<\/p>\n<p><strong>Im\u00e1genes: <\/strong>n\/a<\/p>\n<p><strong>INFORMACI\u00d3N ANAL\u00cdTICA<\/strong><\/p>\n<p><strong>Contexto de la noticia:<\/strong> Crisis universitaria nacional, Nueva coalici\u00f3n pol\u00edtica de L\u00f3pez Michelsen, Visita de embajadores de EE.UU y Suecia a Medell\u00edn, reformas urbanas se planean en Medell\u00edn, crisis de financiaci\u00f3n latinoamericana.<\/p>\n<p><strong>Palabras clave: <\/strong>Marchas, polic\u00eda, Ej\u00e9rcito, Consejo Directivo,<\/p>\n<p><strong>Sugerencia de palabras claves: <\/strong><\/p>\n<p><strong>Observaciones:<\/strong> En esta misma edici\u00f3n se encuentran noticias referentes a los di\u00e1logos entre gobierno y universidades sobre la crisis.<\/p>\n<p><strong>Fecha de diligenciamiento:<\/strong> 11 de diciembre\/2018<\/p>\n<h1 style=\"text-align: center;\">***<\/h1>\n<p><strong>N\u00famero de ficha<\/strong>: A64&nbsp;&nbsp;&nbsp;&nbsp;&nbsp;&nbsp;&nbsp;&nbsp;&nbsp;&nbsp;&nbsp;&nbsp;&nbsp;&nbsp;&nbsp;&nbsp;&nbsp;&nbsp;&nbsp;&nbsp;&nbsp;&nbsp;&nbsp;&nbsp;&nbsp;&nbsp;&nbsp;&nbsp;&nbsp;&nbsp;&nbsp;&nbsp;&nbsp;&nbsp;&nbsp;&nbsp;&nbsp;&nbsp;&nbsp;&nbsp;&nbsp;&nbsp;&nbsp;&nbsp;&nbsp;&nbsp;&nbsp;&nbsp;&nbsp;&nbsp;&nbsp;&nbsp;&nbsp;&nbsp;&nbsp;&nbsp;<\/p>\n<p><strong>Diligenciada por: <\/strong>Eberhar Cano Naranjo<\/p>\n<p><strong>INFORMACI\u00d3N BIBLIOGR\u00c1FICA<\/strong><\/p>\n<p>Peri\u00f3dico: El Colombiano<\/p>\n<p>Lugar de edici\u00f3n: Medell\u00edn<\/p>\n<p>Autor personal: n\/a<\/p>\n<p>Autor corporativo: Equipo Editorial<\/p>\n<p>Fecha: 1971, mayo, 05<\/p>\n<p>P\u00e1gina: 2<\/p>\n<p>Secci\u00f3n: n\/a<\/p>\n<p><strong>T\u00edtulo: <\/strong>Reforma de Consejo Superior se define hoy en la UdeA.&nbsp;<\/p>\n<p><strong>Resumen:<\/strong> El Consejo Directivo de la Universidad de Antioquia definir\u00e1 esta tarde su posici\u00f3n frente a las reformas administrativas en las que se viene discutiendo los \u00faltimos d\u00edas. Para el ente administrativo, en cabeza del rector Syro Giraldo, es claro que debe seguir la representaci\u00f3n del gobierno, del ministerio de educaci\u00f3n y de la iglesia, sin embargo, debe ampliarse en uno la representaci\u00f3n estudiantil y de profesores. Las actividades en la universidad permanecen suspendidas y se est\u00e1 en la construcci\u00f3n de un documento por parte de las directivas y profesores de la facultad de Educaci\u00f3n sobre el problema de la universidad que podr\u00eda orientar algunas pol\u00edticas para la universidad colombiana.<\/p>\n<p><strong>Im\u00e1genes: <\/strong>n\/a<\/p>\n<p><strong>INFORMACI\u00d3N ANAL\u00cdTICA<\/strong><\/p>\n<p><strong>Contexto de la noticia:<\/strong> Pastrana presenta reforma Universitaria, rectores fijan condiciones para reabrir universidades, huelga de m\u00e9dicos residentes, cr\u00edmenes sicariales en el bajo cauca, El DANE modificar\u00e1 precios para consumidores, ca\u00edda del d\u00f3lar en mercados mundiales.<\/p>\n<p><strong>Palabras clave: <\/strong>Syro Giraldo, Samuel., Consejo Directivo, Gobernador, Rector\u00eda,&nbsp;&nbsp;<\/p>\n<p><strong>Sugerencia de palabras claves: <\/strong>Reformas, Representaci\u00f3n Estudiantil,<\/p>\n<p><strong>Observaciones:<\/strong><\/p>\n<p><strong>Fecha de diligenciamiento:<\/strong> 11 de diciembre\/2018<\/p>\n<h1 style=\"text-align: center;\">***<\/h1>\n<p><strong>N\u00famero de ficha<\/strong>: A65&nbsp;&nbsp;&nbsp;&nbsp;&nbsp;&nbsp;&nbsp;&nbsp;&nbsp;&nbsp;&nbsp;&nbsp;&nbsp;&nbsp;&nbsp;&nbsp;&nbsp;&nbsp;&nbsp;&nbsp;&nbsp;&nbsp;&nbsp;&nbsp;&nbsp;&nbsp;&nbsp;&nbsp;&nbsp;&nbsp;&nbsp;&nbsp;&nbsp;&nbsp;&nbsp;&nbsp;&nbsp;&nbsp;&nbsp;&nbsp;&nbsp;&nbsp;&nbsp;&nbsp;&nbsp;&nbsp;&nbsp;&nbsp;&nbsp;&nbsp;&nbsp;&nbsp;&nbsp;&nbsp;&nbsp;&nbsp;<\/p>\n<p><strong>Diligenciada por: <\/strong>Eberhar Cano Naranjo<\/p>\n<p><strong>INFORMACI\u00d3N BIBLIOGR\u00c1FICA<\/strong><\/p>\n<p>Peri\u00f3dico: El Colombiano<\/p>\n<p>Lugar de edici\u00f3n: Medell\u00edn<\/p>\n<p>Autor personal: Juan Jos\u00e9 Garc\u00eda<\/p>\n<p>Autor corporativo: n\/a<\/p>\n<p>Fecha: 1971, mayo, 12<\/p>\n<p>P\u00e1gina: 1 y 18<\/p>\n<p>Secci\u00f3n: n\/a<\/p>\n<p><strong>T\u00edtulo: <\/strong>Esta semana se define apertura de la UdeA.&nbsp;<\/p>\n<p><strong>Resumen:<\/strong> El di\u00e1logo entre la comisi\u00f3n del Alma Mater y la presidencia de la rep\u00fablica arroj\u00f3 resultados para retomar las actividades en la universidad. El l\u00edmite para volver a las clases es el 17 de mayo, si no se retoma o se modifica el calendario, se pierde el semestre. Por otro lado, los directivos invitan a estudiantes y profesores a que demuestren tambi\u00e9n su voluntad para retomar las actividades, de lo contrario la problem\u00e1tica continuar\u00e1.<\/p>\n<p><strong>Im\u00e1genes: <\/strong>n\/a<\/p>\n<p><strong>INFORMACI\u00d3N ANAL\u00cdTICA<\/strong><\/p>\n<p><strong>Contexto de la noticia: <\/strong>OEA estudia desarme en AL, emergencia ambiental en municipios de Antioquia, posible cierre de frontera con Venezuela, El gobierno reglamenta la validaci\u00f3n del Bachillerato, sin agua barrios del norte de Medell\u00edn.<\/p>\n<p><strong>Palabras clave: <\/strong>Consejo Directivo, Gobernador, Rector\u00eda,&nbsp;&nbsp;<\/p>\n<p><strong>Sugerencia de palabras claves: <\/strong>Presidencia.&nbsp;<\/p>\n<p><strong>Observaciones:<\/strong> Noticia del 23 de abril; \u201cAutorizadas la reapertura de la UdeA y la UIS. p.1<\/p>\n<p><strong>Fecha de diligenciamiento:<\/strong> 11 de diciembre\/2018<\/p>\n<h1 style=\"text-align: center;\">***<\/h1>\n<p><strong>N\u00famero de ficha<\/strong>: A66&nbsp;&nbsp;&nbsp;&nbsp;&nbsp;&nbsp;&nbsp;&nbsp;&nbsp;&nbsp;&nbsp;&nbsp;&nbsp;&nbsp;&nbsp;&nbsp;&nbsp;&nbsp;&nbsp;&nbsp;&nbsp;&nbsp;&nbsp;&nbsp;&nbsp;&nbsp;&nbsp;&nbsp;&nbsp;&nbsp;&nbsp;&nbsp;&nbsp;&nbsp;&nbsp;&nbsp;&nbsp;&nbsp;&nbsp;&nbsp;&nbsp;&nbsp;&nbsp;&nbsp;&nbsp;&nbsp;&nbsp;&nbsp;&nbsp;&nbsp;&nbsp;&nbsp;&nbsp;&nbsp;&nbsp;&nbsp;<\/p>\n<p><strong>Diligenciada por: <\/strong>Eberhar Cano Naranjo<\/p>\n<p><strong>INFORMACI\u00d3N BIBLIOGR\u00c1FICA<\/strong><\/p>\n<p>Peri\u00f3dico: El Colombiano<\/p>\n<p>Lugar de edici\u00f3n: Medell\u00edn<\/p>\n<p>Autor personal: Juan Jos\u00e9 Garc\u00eda<\/p>\n<p>Autor corporativo: n\/a<\/p>\n<p>Fecha: 1971, mayo, 22<\/p>\n<p>P\u00e1gina: 2<\/p>\n<p>Secci\u00f3n: n\/a<\/p>\n<p><strong>T\u00edtulo: <\/strong>Una comisi\u00f3n estudiar\u00e1 reapertura de la UdeA.&nbsp;<\/p>\n<p><strong>Resumen:<\/strong> La posici\u00f3n asumida por las directivas de la universidad es crear una comisi\u00f3n con representantes de todos los estamentos para tratar de reanudar las actividades. En d\u00edas anteriores se invit\u00f3 a que se hicieran elecciones secretas para que no solo los representantes sino todos los estudiantes y estamentos dieran su opini\u00f3n frente a la situaci\u00f3n, pero esta acci\u00f3n no se llev\u00f3 a cabo. En la reuni\u00f3n se defini\u00f3 tambi\u00e9n aplazar la reapertura de la Escuela de Salud P\u00fablica, los estudiantes solicitaron una asamblea para discutir la decisi\u00f3n. El art\u00edculo alude tambi\u00e9n a las situaciones presentadas en el Liceo Antioque\u00f1o, donde hay inconformidad con la toma de decisiones del rector, las condiciones del liceo y situaciones de orden p\u00fablico.<\/p>\n<p><strong>Im\u00e1genes: <\/strong>n\/a<\/p>\n<p><strong>INFORMACI\u00d3N ANAL\u00cdTICA<\/strong><\/p>\n<p><strong>Contexto de la noticia:<\/strong> Turbay defiende el gobierno de Pastrana, Medell\u00edn sin salida a Urab\u00e1, Caldas y Choc\u00f3, confusi\u00f3n en relaciones entre Colombia y Venezuela, debates interinos en el Liberalismo, L\u00f3pez pide intervencionismo de Estado, Acciones comunales exponen inquietudes a los contralores.<\/p>\n<p><strong>Palabras clave: <\/strong>Consejo Directivo, Gobernador, Rector\u00eda,&nbsp;&nbsp;<\/p>\n<p><strong>Sugerencia de palabras claves: <\/strong>Representaci\u00f3n estudiantil y\/o profesoral, Liceo Antioque\u00f1o.&nbsp;<\/p>\n<p><strong>Observaciones:<\/strong><\/p>\n<p><strong>Fecha de diligenciamiento:<\/strong> 11 de diciembre\/2018<\/p>\n<h1 style=\"text-align: center;\">***<\/h1>\n<p><strong>N\u00famero de ficha<\/strong>: A67&nbsp;&nbsp;&nbsp;&nbsp;&nbsp;&nbsp;&nbsp;&nbsp;&nbsp;&nbsp;&nbsp;&nbsp;&nbsp;&nbsp;&nbsp;&nbsp;&nbsp;&nbsp;&nbsp;&nbsp;&nbsp;&nbsp;&nbsp;&nbsp;&nbsp;&nbsp;&nbsp;&nbsp;&nbsp;&nbsp;&nbsp;&nbsp;&nbsp;&nbsp;&nbsp;&nbsp;&nbsp;&nbsp;&nbsp;&nbsp;&nbsp;&nbsp;&nbsp;&nbsp;&nbsp;&nbsp;&nbsp;&nbsp;&nbsp;&nbsp;&nbsp;&nbsp;&nbsp;&nbsp;&nbsp;&nbsp;<\/p>\n<p><strong>Diligenciada por: <\/strong>Eberhar Cano Naranjo<\/p>\n<p><strong>INFORMACI\u00d3N BIBLIOGR\u00c1FICA<\/strong><\/p>\n<p>Peri\u00f3dico: El Colombiano<\/p>\n<p>Lugar de edici\u00f3n: Medell\u00edn<\/p>\n<p>Autor personal: Dar\u00edo Arizmendi<\/p>\n<p>Autor corporativo: n\/a<\/p>\n<p>Fecha: 1971, junio, 12<\/p>\n<p>P\u00e1gina: 1 y 16<\/p>\n<p>Secci\u00f3n: n\/a<\/p>\n<p><strong>T\u00edtulo: <\/strong>Renunci\u00f3 el rector de la Universidad de Antioquia y cuatro miembros m\u00e1s del Consejo Superior.&nbsp;<\/p>\n<p><strong>Resumen:<\/strong> el rector Samuel Syro Giraldo y cuatro miembros m\u00e1s del Consejo Superior presentaron la renuncia a sus cargos debido a la actitud del representante estudiantil Lisimaco Sep\u00falveda y otros l\u00edderes universitarios. Esta situaci\u00f3n agudiza el problema de la universidad teniendo en cuenta que se ten\u00eda previsto en solo tres d\u00edas la reactivaci\u00f3n de actividades.<\/p>\n<p><strong>Im\u00e1genes: <\/strong>IMG A67 (a). Fotograf\u00eda entrada del campus. Fot\u00f3grafo: Herv\u00e1squez.<\/p>\n<p><strong>INFORMACI\u00d3N ANAL\u00cdTICA<\/strong><\/p>\n<p><strong>&nbsp;<\/strong><strong>Contexto de la noticia:<\/strong> Muertos estudiantes en huelga en M\u00e9xico, incidente a\u00e9reo en frontera con Venezuela, paro de controladores de vuelo declarado ilegal, problemas de inseguridad en Bello, modelo de acciones comunales de la paz en Medell\u00edn y Envigado.<\/p>\n<p><strong>Palabras clave: <\/strong>Syro Giraldo, Samuel., Sep\u00falveda, Lisimaco., Consejo Directivo, Rector\u00eda, Consejo Superior<\/p>\n<p><strong>Sugerencia de palabras claves: <\/strong>Representaci\u00f3n estudiantil y\/o profesoral.<\/p>\n<p><strong>Observaciones:<\/strong> Noticia paralela: \u201cEntrada libre a la ciudad universitaria\u201d. P. 2. (Fotograf\u00eda)<\/p>\n<p><strong>Fecha de diligenciamiento:<\/strong> 11 de diciembre\/2018<\/p>\n<h1 style=\"text-align: center;\">***<\/h1>\n<p><strong>N\u00famero de ficha<\/strong>: A68&nbsp;&nbsp;&nbsp;&nbsp;&nbsp;&nbsp;&nbsp;&nbsp;&nbsp;&nbsp;&nbsp;&nbsp;&nbsp;&nbsp;&nbsp;&nbsp;&nbsp;&nbsp;&nbsp;&nbsp;&nbsp;&nbsp;&nbsp;&nbsp;&nbsp;&nbsp;&nbsp;&nbsp;&nbsp;&nbsp;&nbsp;&nbsp;&nbsp;&nbsp;&nbsp;&nbsp;&nbsp;&nbsp;&nbsp;&nbsp;&nbsp;&nbsp;&nbsp;&nbsp;&nbsp;&nbsp;&nbsp;&nbsp;&nbsp;&nbsp;&nbsp;&nbsp;&nbsp;&nbsp;&nbsp;&nbsp;<\/p>\n<p><strong>Diligenciada por: <\/strong>Eberhar Cano Naranjo<\/p>\n<p><strong>INFORMACI\u00d3N BIBLIOGR\u00c1FICA<\/strong><\/p>\n<p>Peri\u00f3dico: El Colombiano<\/p>\n<p>Lugar de edici\u00f3n: Medell\u00edn<\/p>\n<p>Autor personal: n\/a<\/p>\n<p>Autor corporativo: n\/a<\/p>\n<p>Fecha: 1971, junio, 23<\/p>\n<p>P\u00e1gina: 1 y 7<\/p>\n<p>Secci\u00f3n: n\/a<\/p>\n<p><strong>T\u00edtulo: <\/strong>Se crea frente de estudiantes dem\u00f3cratas.&nbsp;&nbsp;<\/p>\n<p><strong>Resumen:<\/strong>&nbsp; El Frente Estudiantil Democr\u00e1tico creado en Cali, busca resonancia a nivel nacional. En el Encuentro Nacional que se realiz\u00f3 en la UdeA, <em>\u201cparece <\/em><em>fue aprobado el proyecto de reforma universitaria presentado por el Consejo Estudiantil de la Universidad de Antioquia y merced a la insistencia de los de la tendencia mao\u00edsta, se proyecta la realizaci\u00f3n de manifestaciones para los d\u00edas 56 y 27 de este mes para solidarizarse con los estudiantes ahora detenidos\u201d (p.7). <\/em>Tambi\u00e9n en la nota hay menci\u00f3n a situaciones ocurridas en la UIS, la Nacional, la U de Caldas, que tienen que ver con el cese de actividades e incluso con expulsiones de estudiantes. En la UdeA se realizan asambleas informativas de profesores y de estudiantes sobre la problem\u00e1tica.<\/p>\n<p><strong>Im\u00e1genes: <\/strong>n\/a<\/p>\n<p><strong>INFORMACI\u00d3N ANAL\u00cdTICA<\/strong><\/p>\n<p><strong>Contexto de la noticia:<\/strong> Inglaterra invitada en el mercado com\u00fan con 10 pa\u00edses, Asonada en Granada-Antioquia, normalizaci\u00f3n de las relaciones con Venezuela, presos 35 hippies en la Ladera, tensiones en asamblea boliviana, demagogia en la reforma agraria.<\/p>\n<p><strong>Palabras clave: <\/strong>Asamblea de Estudiantes, Asamblea de Profesores,<\/p>\n<p><strong>Sugerencia de palabras claves: <\/strong>Encuentro nacional de estudiantes, Consejo Estudiantil, Movimiento Estudiantil, Frente Estudiantil Democr\u00e1tico<\/p>\n<p><strong>Observaciones:<\/strong> en noticias del 25 de junio, bajo la renuncia del rector de la UdeM, hay una menci\u00f3n de la UdeA que dicta la reflexi\u00f3n del rector Syro Giraldo: \u201c<em>el estudiantado debe decidir lo atinente al regreso a clases en una votaci\u00f3n <\/em><em>secreta,<\/em><em> en la cual se depositen tarjetas perforadas que despu\u00e9s serian procesada<\/em><em>s<\/em><em> en un computador. De esta manera se podr\u00e1 consultar la opini\u00f3n mayoritaria y no habr\u00e1 lugar a presiones ni tergiversaciones. Se espera que la propuesta de realizar votaci\u00f3n secreta sea esta vez aceptada por los j\u00f3venes jerarcas del estudiantado, que desde el Consejo Superior Estudiantil la han rechazado en oportunidades anteriores. (p.26). <\/em><\/p>\n<p><strong>Fecha de diligenciamiento:<\/strong> 11 de diciembre\/2018<\/p>\n<h1 style=\"text-align: center;\">***<\/h1>\n<p><strong>N\u00famero de ficha<\/strong>: A69&nbsp;&nbsp;&nbsp;&nbsp;&nbsp;&nbsp;&nbsp;&nbsp;&nbsp;&nbsp;&nbsp;&nbsp;&nbsp;&nbsp;&nbsp;&nbsp;&nbsp;&nbsp;&nbsp;&nbsp;&nbsp;&nbsp;&nbsp;&nbsp;&nbsp;&nbsp;&nbsp;&nbsp;&nbsp;&nbsp;&nbsp;&nbsp;&nbsp;&nbsp;&nbsp;&nbsp;&nbsp;&nbsp;&nbsp;&nbsp;&nbsp;&nbsp;&nbsp;&nbsp;&nbsp;&nbsp;&nbsp;&nbsp;&nbsp;&nbsp;&nbsp;&nbsp;&nbsp;&nbsp;&nbsp;&nbsp;<\/p>\n<p><strong>Diligenciada por: <\/strong>Eberhar Cano Naranjo<\/p>\n<p><strong>INFORMACI\u00d3N BIBLIOGR\u00c1FICA<\/strong><\/p>\n<p>Peri\u00f3dico: El Colombiano<\/p>\n<p>Lugar de edici\u00f3n: Medell\u00edn<\/p>\n<p>Autor personal: Juan Jos\u00e9 Garc\u00eda Posada<\/p>\n<p>Autor corporativo: n\/a<\/p>\n<p>Fecha: 1971, julio, 07<\/p>\n<p>P\u00e1gina: 1 y \u00faltima<\/p>\n<p>Secci\u00f3n: n\/a<\/p>\n<p><strong>T\u00edtulo: <\/strong>Fern\u00e1ndez Botero declin\u00f3 rector\u00eda de la UdeA.&nbsp;&nbsp;<\/p>\n<p><strong>Resumen:<\/strong> El abogado Eduardo Fern\u00e1ndez Botero decidi\u00f3 no aceptar el ofrecimiento del gobernador Diego Calle para asumir la rector\u00eda del Alma Mater. Seg\u00fan el propuesto, la situaci\u00f3n de la universidad es demasiado grave cercana al caos y con fuertes problemas acad\u00e9micos. El se\u00f1or dijo a El Colombiano, adem\u00e1s; <em>\u201cExiste un motivo \u00fanico y es que no pude resolver una serie de problemas personales y profesionales muy serlos que se me presentaron\u201d (p.1).<\/em><\/p>\n<p><strong>Im\u00e1genes: <\/strong>n\/a<\/p>\n<p><strong>INFORMACI\u00d3N ANAL\u00cdTICA<\/strong><\/p>\n<p><strong>&nbsp;<\/strong><strong>Contexto de la noticia:<\/strong> Propuesta de reapertura de la UN, Expulsan a 14 estudiantes de la Unicauca, BID respalda medida del D\u00f3lar petrolero, Se crea comisi\u00f3n nacional para prevenir la delincuencia, Allende y las nacionalizaciones del Cobre, debate sobre el derecho can\u00f3nico en el pa\u00eds, crecimiento arquitect\u00f3nico de Medell\u00edn.<\/p>\n<p><strong>Palabras clave: <\/strong>Fern\u00e1ndez, Eduardo., Calle, Diego., Rector\u00eda, Gobernador<\/p>\n<p><strong>Sugerencia de palabras claves: <\/strong><\/p>\n<p><strong>Observaciones:<\/strong> El 06 de Julio se realiz\u00f3 una asamblea donde se manifest\u00f3 la inconformidad con la postulaci\u00f3n de Fernando Botero. P.1 y 20.<\/p>\n<p><strong>Fecha de diligenciamiento:<\/strong> 11 de diciembre\/2018<\/p>\n<h1 style=\"text-align: center;\">***<\/h1>\n<p><strong>N\u00famero de ficha<\/strong>: A70&nbsp;&nbsp;&nbsp;&nbsp;&nbsp;&nbsp;&nbsp;&nbsp;&nbsp;&nbsp;&nbsp;&nbsp;&nbsp;&nbsp;&nbsp;&nbsp;&nbsp;&nbsp;&nbsp;&nbsp;&nbsp;&nbsp;&nbsp;&nbsp;&nbsp;&nbsp;&nbsp;&nbsp;&nbsp;&nbsp;&nbsp;&nbsp;&nbsp;&nbsp;&nbsp;&nbsp;&nbsp;&nbsp;&nbsp;&nbsp;&nbsp;&nbsp;&nbsp;&nbsp;&nbsp;&nbsp;&nbsp;&nbsp;&nbsp;&nbsp;&nbsp;&nbsp;&nbsp;&nbsp;&nbsp;&nbsp;<\/p>\n<p><strong>Diligenciada por: <\/strong>Eberhar Cano Naranjo<\/p>\n<p><strong>INFORMACI\u00d3N BIBLIOGR\u00c1FICA<\/strong><\/p>\n<p>Peri\u00f3dico: El Colombiano<\/p>\n<p>Lugar de edici\u00f3n: Medell\u00edn<\/p>\n<p>Autor personal: n\/a<\/p>\n<p>Autor corporativo: Equipo Editorial<\/p>\n<p>Fecha: 1971, julio, 17<\/p>\n<p>P\u00e1gina: 1<\/p>\n<p>Secci\u00f3n: n\/a<\/p>\n<p><strong>T\u00edtulo: <\/strong>Cancelan matr\u00edcula a 4 estudiantes de la UdeA.&nbsp;&nbsp;<\/p>\n<p><strong>Resumen:<\/strong> El Consejo Directivo decide cancelar a matricula a los miembros del Consejo Superior Estudiantil <em>Francisco Romano Lozano, Germ\u00e1n Enrique Reyes Forero, William Reyes Serpa y Jairo Ram\u00edrez. <\/em>As\u00ed mismo una comisi\u00f3n he dicho consejo manifiesta que hay alrededor de otros 12 estudiantes del Consejo Estudiantil a los cuales se les analizar\u00e1 su situaci\u00f3n.<\/p>\n<p><strong>Im\u00e1genes: <\/strong>n\/a<\/p>\n<p><strong>INFORMACI\u00d3N ANAL\u00cdTICA<\/strong><\/p>\n<p><strong>Contexto de la noticia:<\/strong> Ocupaciones militares en varias universidades del pa\u00eds, crecimiento militar de Venezuela, Lleras y L\u00f3pez aceptan di\u00e1logos con Turbay Ayala, Industrializaci\u00f3n se propone como objetivo nacional, China ingresa a la ONU, encuentro entre Nixon y Mao, Acciones de Tupamaros en Uruguay.<\/p>\n<p><strong>Palabras clave: <\/strong>Romano Lozano, Francisco., Reyes Forero, Germ\u00e1n., Reyes Serpa, William., Ram\u00edrez, Jairo., Consejo Directivo, Consejo Superior estudiantil.<\/p>\n<p><strong>Sugerencia de palabras claves: <\/strong>Cancelaci\u00f3n y\/o Expulsi\u00f3n<\/p>\n<p><strong>Observaciones:<\/strong><\/p>\n<p><strong>Fecha de diligenciamiento:<\/strong> 11 de diciembre\/2018<\/p>\n<h1 style=\"text-align: center;\">***<\/h1>\n<p><strong>N\u00famero de ficha<\/strong>: A71&nbsp;&nbsp;&nbsp;&nbsp;&nbsp;&nbsp;&nbsp;&nbsp;&nbsp;&nbsp;&nbsp;&nbsp;&nbsp;&nbsp;&nbsp;&nbsp;&nbsp;&nbsp;&nbsp;&nbsp;&nbsp;&nbsp;&nbsp;&nbsp;&nbsp;&nbsp;&nbsp;&nbsp;&nbsp;&nbsp;&nbsp;&nbsp;&nbsp;&nbsp;&nbsp;&nbsp;&nbsp;&nbsp;&nbsp;&nbsp;&nbsp;&nbsp;&nbsp;&nbsp;&nbsp;&nbsp;&nbsp;&nbsp;&nbsp;&nbsp;&nbsp;&nbsp;&nbsp;&nbsp;&nbsp;&nbsp;<\/p>\n<p><strong>Diligenciada por: <\/strong>Eberhar Cano Naranjo<\/p>\n<p><strong>INFORMACI\u00d3N BIBLIOGR\u00c1FICA<\/strong><\/p>\n<p>Peri\u00f3dico: El Colombiano<\/p>\n<p>Lugar de edici\u00f3n: Medell\u00edn<\/p>\n<p>Autor personal: n\/a<\/p>\n<p>Autor corporativo: Equipo Editorial<\/p>\n<p>Fecha: 1971, julio, 22<\/p>\n<p>P\u00e1gina: 21<\/p>\n<p>Secci\u00f3n: n\/a<\/p>\n<p><strong>T\u00edtulo: <\/strong>Sigue el paro en la facultad de medicina.&nbsp;&nbsp;<\/p>\n<p><strong>Resumen:<\/strong> La asamblea de estudiantes de medicina decidi\u00f3 continuar en paro y convocar a nuevas sesiones cada 48 horas, decisi\u00f3n tomada por la asamblea general por la suspensi\u00f3n de 4 estudiantes y la lista de los otros 12 que posiblemente ser\u00e1n expulsados.&nbsp; El d\u00eda de ayer se cumpli\u00f3 el per\u00edodo establecido para la consulta de retornar a clases, en la cual la mayor\u00eda del estudiantado ya hab\u00eda puesto su opini\u00f3n.<\/p>\n<p><strong>Im\u00e1genes: <\/strong>n\/a<\/p>\n<p><strong>INFORMACI\u00d3N ANAL\u00cdTICA<\/strong><\/p>\n<p><strong>Contexto de la noticia:<\/strong> Pastrana dialoga con el congreso, Anapistas sacan rev\u00f3lveres en el Senado, comienzan conversaciones sobre reforma al concordato, desfalco en las FF.AA, proponen bases para unidad entre sectores liberales, EE.UU amenaza con cuotas azucareras a Per\u00fa y Bolivia.<\/p>\n<p><strong>Palabras clave: <\/strong>Romano Lozano, Francisco., Reyes Forero, Germ\u00e1n., Reyes Serpa, William., Ram\u00edrez, Jairo., Consejo Directivo, Asamblea de Estudiantes<\/p>\n<p><strong>Sugerencia de palabras claves: <\/strong>Cancelaci\u00f3n y\/o Expulsi\u00f3n<\/p>\n<p><strong>Observaciones:<\/strong><\/p>\n<p><strong>Fecha de diligenciamiento:<\/strong> 11 de diciembre\/2018<\/p>\n<h1 style=\"text-align: center;\">***<\/h1>\n<p><strong>N\u00famero de ficha<\/strong>: A72&nbsp;&nbsp;&nbsp;&nbsp;&nbsp;&nbsp;&nbsp;&nbsp;&nbsp;&nbsp;&nbsp;&nbsp;&nbsp;&nbsp;&nbsp;&nbsp;&nbsp;&nbsp;&nbsp;&nbsp;&nbsp;&nbsp;&nbsp;&nbsp;&nbsp;&nbsp;&nbsp;&nbsp;&nbsp;&nbsp;&nbsp;&nbsp;&nbsp;&nbsp;&nbsp;&nbsp;&nbsp;&nbsp;&nbsp;&nbsp;&nbsp;&nbsp;&nbsp;&nbsp;&nbsp;&nbsp;&nbsp;&nbsp;&nbsp;&nbsp;&nbsp;&nbsp;&nbsp;&nbsp;&nbsp;&nbsp;<\/p>\n<p><strong>Diligenciada por: <\/strong>Eberhar Cano Naranjo<\/p>\n<p><strong>INFORMACI\u00d3N BIBLIOGR\u00c1FICA<\/strong><\/p>\n<p>Peri\u00f3dico: El Colombiano<\/p>\n<p>Lugar de edici\u00f3n: Medell\u00edn<\/p>\n<p>Autor personal: Juan Jos\u00e9 Garc\u00eda Posada<\/p>\n<p>Autor corporativo: n\/a<\/p>\n<p>Fecha: 1971, agosto, 21<\/p>\n<p>P\u00e1gina: 1 y<\/p>\n<p>Secci\u00f3n: n\/a<\/p>\n<p><strong>T\u00edtulo: <\/strong>Ultrajado el rector de la UdeA en su despacho.&nbsp;&nbsp;&nbsp;<\/p>\n<p><strong>Resumen:<\/strong> Varios estudiantes \u201cincitados\u201d por el Consejo Superior Estudiantil, penetraron la oficina del rector William Rojas Montoya con ofensas y acciones violentas, expuls\u00e1ndolo de su despacho. Esto ocurri\u00f3 al terminar una asamblea general. El Consejo Directivo se reuni\u00f3 para tomar medidas y avanzar en la investigaci\u00f3n de lo sucedido. Las clases continuar\u00e1n normalmente.<\/p>\n<p><strong>Im\u00e1genes: <\/strong>n\/a<\/p>\n<p><strong>INFORMACI\u00d3N ANAL\u00cdTICA<\/strong><\/p>\n<p><strong>Contexto de la noticia:<\/strong> Peligro de guerra civil en Bolivia, El sistema monetario BID en peligro, Se aumentar\u00e1n impuestos municipales, destituci\u00f3n del secretario de EE.VV, curso de militares corresponsales en Antioquia, paro en Ecopetrol.<\/p>\n<p><strong>Palabras clave: <\/strong>Rojas Montoya, William., Consejo Directivo, Consejo Superior Estudiantil, acciones violentas, Asamblea de Estudiantes.<\/p>\n<p><strong>Sugerencia de palabras claves: <\/strong><\/p>\n<p><strong>Observaciones:<\/strong> Columna de opini\u00f3n de Bernardo Ochoa Arizmendi sobre las agresiones al rector y su apoyo personal a las sanciones que se tengan que hacer al movimiento estudiantil. Titular de la opini\u00f3n: \u00a1Presente, se\u00f1or rector! (24 de agosto, pp.5 y 17. Secci\u00f3n, Ecos y Comentarios)<\/p>\n<p><strong>Fecha de diligenciamiento:<\/strong> 11 de diciembre\/2018<\/p>\n<h1 style=\"text-align: center;\">***<\/h1>\n<p><strong>N\u00famero de ficha<\/strong>: A73&nbsp;&nbsp;&nbsp;&nbsp;&nbsp;&nbsp;&nbsp;&nbsp;&nbsp;&nbsp;&nbsp;&nbsp;&nbsp;&nbsp;&nbsp;&nbsp;&nbsp;&nbsp;&nbsp;&nbsp;&nbsp;&nbsp;&nbsp;&nbsp;&nbsp;&nbsp;&nbsp;&nbsp;&nbsp;&nbsp;&nbsp;&nbsp;&nbsp;&nbsp;&nbsp;&nbsp;&nbsp;&nbsp;&nbsp;&nbsp;&nbsp;&nbsp;&nbsp;&nbsp;&nbsp;&nbsp;&nbsp;&nbsp;&nbsp;&nbsp;&nbsp;&nbsp;&nbsp;&nbsp;&nbsp;&nbsp;<\/p>\n<p><strong>Diligenciada por: <\/strong>Eberhar Cano Naranjo<\/p>\n<p><strong>INFORMACI\u00d3N BIBLIOGR\u00c1FICA<\/strong><\/p>\n<p>Peri\u00f3dico: El Colombiano<\/p>\n<p>Lugar de edici\u00f3n: Medell\u00edn<\/p>\n<p>Autor personal: Juan Jos\u00e9 Garc\u00eda Posada<\/p>\n<p>Autor corporativo: n\/a<\/p>\n<p>Fecha: 1971, agosto, 22<\/p>\n<p>P\u00e1gina: 1 y 17<\/p>\n<p>Secci\u00f3n: n\/a<\/p>\n<p><strong>T\u00edtulo: <\/strong>Expulsados 5 estudiantes de la Universidad de Antioquia.&nbsp;&nbsp;&nbsp;<\/p>\n<p><strong>Resumen:<\/strong> Por la participaci\u00f3n en los des\u00f3rdenes de los d\u00edas 11 y 16 de junio, los estudiantes \u201c<em>Alberto Arroyave Lema, Carlos Carrascal Figueroa, Gabriel Maure Ram\u00edrez, \u00c1lvaro Zambrano Benavides y Alfonso Sude Mej\u00eda\u201d, <\/em>fueron expulsados por resoluci\u00f3n del Consejo Directivo ya que su actuar demostr\u00f3 un esp\u00edritu contrario al orden. Aunque las actividades siguen normalmente, se han reunido autoridades competentes para determinar acciones con otros posibles involucrados y dar respaldo al rector.<\/p>\n<p><strong>Im\u00e1genes: <\/strong>IMG A73 (a\u2026b). Fotograf\u00edas de los carteles contra el rector. Fot\u00f3grafo: n\/a<\/p>\n<p><strong>INFORMACI\u00d3N ANAL\u00cdTICA<\/strong><\/p>\n<p><strong>Contexto de la noticia:<\/strong> Triunfa revoluci\u00f3n en Bolivia, levantado paro en Ecopetrol, Pa\u00edses reconocen a China Comunista, asambleas de juntas de acci\u00f3n comunal en el Valle de Aburr\u00e1, Asamblea de la ANUC en el Retiro, bombardean U de la Paz en Bolivia, Allende y Fidel contra EE.UU.<\/p>\n<p><strong>Palabras clave: <\/strong>Rojas Montoya, William., Arroyave Lema, Alberto., Carrascal Figueroa, Carlos., Ram\u00edrez Maure, Gabriel., Zambrano Benavides, \u00c1lvaro., Sude Mej\u00eda, Alfonso., Consejo Directivo, Consejo Superior Estudiantil.<\/p>\n<p><strong>Sugerencia de palabras claves: <\/strong>Cancelaci\u00f3n y\/o Expulsi\u00f3n<\/p>\n<p><strong>Observaciones:<\/strong> Dos noticias m\u00e1s frente al tema: <strong>(1)<\/strong><em> \u201cOtros 4 estudiantes fueron expulsados<\/em>\u201d, martes 24 de agosto\/1971, p.1 y 24.<strong> (2)<\/strong><em> \u201cSancionados otros tres estudiantes en la UdeA\u201d, <\/em>s\u00e1bado 28 de agosto\/1971, p.1 y 2.<\/p>\n<p><strong>Fecha de diligenciamiento:<\/strong> 11 de diciembre\/2018<\/p>\n<h1 style=\"text-align: center;\">***<\/h1>\n<p><strong>N\u00famero de ficha<\/strong>: A74&nbsp;&nbsp;&nbsp;&nbsp;&nbsp;&nbsp;&nbsp;&nbsp;&nbsp;&nbsp;&nbsp;&nbsp;&nbsp;&nbsp;&nbsp;&nbsp;&nbsp;&nbsp;&nbsp;&nbsp;&nbsp;&nbsp;&nbsp;&nbsp;&nbsp;&nbsp;&nbsp;&nbsp;&nbsp;&nbsp;&nbsp;&nbsp;&nbsp;&nbsp;&nbsp;&nbsp;&nbsp;&nbsp;&nbsp;&nbsp;&nbsp;&nbsp;&nbsp;&nbsp;&nbsp;&nbsp;&nbsp;&nbsp;&nbsp;&nbsp;&nbsp;&nbsp;&nbsp;&nbsp;&nbsp;&nbsp;<\/p>\n<p><strong>Diligenciada por: <\/strong>Eberhar Cano Naranjo<\/p>\n<p><strong>INFORMACI\u00d3N BIBLIOGR\u00c1FICA<\/strong><\/p>\n<p>Peri\u00f3dico: El Colombiano<\/p>\n<p>Lugar de edici\u00f3n: Medell\u00edn<\/p>\n<p>Autor personal: n\/a<\/p>\n<p>Autor corporativo: Equipo Editorial<\/p>\n<p>Fecha: 1971, agosto, 25<\/p>\n<p>P\u00e1gina: 1 y 24<\/p>\n<p>Secci\u00f3n: n\/a<\/p>\n<p><strong>T\u00edtulo: <\/strong>Tensi\u00f3n y paro de 48 horas en la UdeA.<\/p>\n<p><strong>Resumen:<\/strong> El art\u00edculo contin\u00faa el cubrimiento de la grave violaci\u00f3n al reglamento estudiantil por parte de los estudiantes que agredieron al rector, el cual, en declaraciones cuestion\u00f3 tambi\u00e9n la posici\u00f3n de algunos medios de comunicaci\u00f3n que han hecho falsas afirmaciones como el cierre del campus. El mismo rector llam\u00f3 a la coherencia de los estudiantes y volver a clases, decretar el paro no es un argumento para la situaci\u00f3n por la que atraviesa la universidad.<\/p>\n<p><strong>Im\u00e1genes: <\/strong>n\/a<\/p>\n<p><strong>INFORMACI\u00d3N ANAL\u00cdTICA<\/strong><\/p>\n<p><strong>Contexto de la noticia:<\/strong> Allende visita Ecuador, Pastrana se reuni\u00f3n con l\u00edderes universitarios, inter\u00e9s bancario de Nixon en EE.UU, crece el terror en Irlanda, b\u00fasqueda del padre H\u00e9ctor Gallego desaparecido en Panam\u00e1, visita de Allende a Colombia.<\/p>\n<p><strong>Palabras clave: <\/strong>Rojas Montoya, William., Arroyave Lema, Alberto., Carrascal Figueroa, Carlos., Ram\u00edrez Maure, Gabriel., Zambrano Benavides, \u00c1lvaro., Sude Mej\u00eda, Alfonso., Asamblea General de Estudiantes, Acciones Violentas, Consejo Directivo, Rector\u00eda,<\/p>\n<p><strong>Sugerencia de palabras claves: <\/strong>Expulsi\u00f3n, medios de comunicaci\u00f3n.<\/p>\n<p><strong>Observaciones:<\/strong> Columna Editorial <em>\u201cLa Universidad de Antioquia\u201d,<\/em> frente a la situaci\u00f3n el d\u00eda, 26 de agosto\/1971, p.3.<\/p>\n<p><strong>Fecha de diligenciamiento:<\/strong> 11 de diciembre\/2018<\/p>\n<h1 style=\"text-align: center;\">***<\/h1>\n<p><strong>N\u00famero de ficha<\/strong>: A75&nbsp;&nbsp;&nbsp;&nbsp;&nbsp;&nbsp;&nbsp;&nbsp;&nbsp;&nbsp;&nbsp;&nbsp;&nbsp;&nbsp;&nbsp;&nbsp;&nbsp;&nbsp;&nbsp;&nbsp;&nbsp;&nbsp;&nbsp;&nbsp;&nbsp;&nbsp;&nbsp;&nbsp;&nbsp;&nbsp;&nbsp;&nbsp;&nbsp;&nbsp;&nbsp;&nbsp;&nbsp;&nbsp;&nbsp;&nbsp;&nbsp;&nbsp;&nbsp;&nbsp;&nbsp;&nbsp;&nbsp;&nbsp;&nbsp;&nbsp;&nbsp;&nbsp;&nbsp;&nbsp;&nbsp;&nbsp;<\/p>\n<p><strong>Diligenciada por: <\/strong>Eberhar Cano Naranjo<\/p>\n<p><strong>INFORMACI\u00d3N BIBLIOGR\u00c1FICA<\/strong><\/p>\n<p>Peri\u00f3dico: El Colombiano<\/p>\n<p>Lugar de edici\u00f3n: Medell\u00edn<\/p>\n<p>Autor personal: n\/a<\/p>\n<p>Autor corporativo: Equipo Editorial<\/p>\n<p>Fecha: 1971, agosto, 27<\/p>\n<p>P\u00e1gina: 1 y 7<\/p>\n<p>Secci\u00f3n: n\/a<\/p>\n<p><strong>T\u00edtulo: <\/strong>Sigue el paro parcial en le U. de Antioquia.<\/p>\n<p><strong>Resumen:<\/strong> La Asamblea de Estudiantes del 26 de agosto insisti\u00f3 en el paro de 48 horas aun ante la normalidad de algunas facultades. Hay tensiones entre la FED (Frente Estudiantil Democr\u00e1tico), estudiantes de la Asamblea general y estudiantes de Posgrado. Se comparte en el art\u00edculo, el comunicado de \u00e9stos \u00faltimos.<\/p>\n<p><strong>Im\u00e1genes: <\/strong>IMG A75 (a\u2026b). Fotos carteles y estudiantes en asamblea. Fot\u00f3grafo: n\/a.<\/p>\n<p><strong>INFORMACI\u00d3N ANAL\u00cdTICA<\/strong><\/p>\n<p><strong>Contexto de la noticia:<\/strong> Allende en Colombia, El Colombiano mejora relaciones con Massachusetts, adhesiones al directorio conservador en Antioquia, Paro en el colegio San Jos\u00e9, Senado respalda firma del Pacto Andino.<\/p>\n<p><strong>Palabras clave: <\/strong>Asamblea General de Estudiantes, Acciones Violentas, Consejo Directivo, Rector\u00eda, Comunicados.<\/p>\n<p><strong>Sugerencia de palabras claves: <\/strong>Expulsi\u00f3n, medios de comunicaci\u00f3n, Frente Estudiantil Democr\u00e1tico.<\/p>\n<p><strong>Observaciones:<\/strong> <strong>(1)<\/strong><em> \u201cEn\u00e9rgico rechazo a la violencia en la UdeA\u201d.<\/em> Domingo 29 de agosto\/1971. p.1 y 26. <strong>(2) <\/strong><em>\u201cLevantado el paro en la UdeA\u201d<\/em>. Martes 31 de agosto\/1971, p. 1 y 20.<\/p>\n<p><strong>Fecha de diligenciamiento:<\/strong> 11 de diciembre\/2018<\/p>\n<h1 style=\"text-align: center;\">***<\/h1>\n<p><strong>N\u00famero de ficha<\/strong>: A76&nbsp;&nbsp;&nbsp;&nbsp;&nbsp;&nbsp;&nbsp;&nbsp;&nbsp;&nbsp;&nbsp;&nbsp;&nbsp;&nbsp;&nbsp;&nbsp;&nbsp;&nbsp;&nbsp;&nbsp;&nbsp;&nbsp;&nbsp;&nbsp;&nbsp;&nbsp;&nbsp;&nbsp;&nbsp;&nbsp;&nbsp;&nbsp;&nbsp;&nbsp;&nbsp;&nbsp;&nbsp;&nbsp;&nbsp;&nbsp;&nbsp;&nbsp;&nbsp;&nbsp;&nbsp;&nbsp;&nbsp;&nbsp;&nbsp;&nbsp;&nbsp;&nbsp;&nbsp;&nbsp;&nbsp;&nbsp;<\/p>\n<p><strong>Diligenciada por: <\/strong>Eberhar Cano Naranjo<\/p>\n<p><strong>INFORMACI\u00d3N BIBLIOGR\u00c1FICA<\/strong><\/p>\n<p>Peri\u00f3dico: El Colombiano<\/p>\n<p>Lugar de edici\u00f3n: Medell\u00edn<\/p>\n<p>Autor personal: n\/a<\/p>\n<p>Autor corporativo: Equipo Editorial<\/p>\n<p>Fecha: 1971, septiembre, 01<\/p>\n<p>P\u00e1gina: \u00faltima p\u00e1gina<\/p>\n<p>Secci\u00f3n: n\/a<\/p>\n<p><strong>T\u00edtulo: <\/strong>Levantaron sanciones a cuatro estudiantes de la u.&nbsp;&nbsp;&nbsp;<\/p>\n<p><strong>Resumen:<\/strong>&nbsp; El Consejo Directivo en cabeza del rector William Rojas Montoya, decidieron levantar las sanciones a los 4 estudiantes de Medicina. Seg\u00fan el Consejo es el<em> \u201cd\u00eda m\u00e1s pac\u00edfico del actual a\u00f1o lectivo, por la total normalizaci\u00f3n acad\u00e9mica&#8221;. <\/em>El hecho fue recibido de buena manera en la comunidad acad\u00e9mica. El movimiento estudiantil pasa por una divisi\u00f3n ya que muchos estudiantes est\u00e1n en clases y otros siguen convocando a asambleas. De todas formas se espera que el ambiente siga tranquilo para abordar los temas de reforma universitaria.<\/p>\n<p><strong>Im\u00e1genes: <\/strong>n\/a<\/p>\n<p><strong>INFORMACI\u00d3N ANAL\u00cdTICA<\/strong><\/p>\n<p><strong>Contexto de la noticia:<\/strong> Pastrana y allende en Bogot\u00e1, ser\u00e1 declarado ilegal el paro de educadores, Cuba suspende puente a\u00e9reo con EE.UU, Chile abre el congreso mundial para juventudes comunistas, El caf\u00e9 Colombiano en la bolsa de Londres, paro en hospital de Valledupar.<\/p>\n<p><strong>Palabras clave: <\/strong>Rojas Montoya, William., Consejo Directivo, Rector\u00eda, Asamblea Estudiantil<\/p>\n<p><strong>Sugerencia de palabras claves: <\/strong>Reforma universitaria, movimiento estudiantil.<\/p>\n<p><strong>Observaciones:<\/strong><\/p>\n<p><strong>Fecha de diligenciamiento:<\/strong> 11 de diciembre\/2018<\/p>\n<h1 style=\"text-align: center;\">***<\/h1>\n<p><strong>N\u00famero de ficha<\/strong>: A77&nbsp;&nbsp;&nbsp;&nbsp;&nbsp;&nbsp;&nbsp;&nbsp;&nbsp;&nbsp;&nbsp;&nbsp;&nbsp;&nbsp;&nbsp;&nbsp;&nbsp;&nbsp;&nbsp;&nbsp;&nbsp;&nbsp;&nbsp;&nbsp;&nbsp;&nbsp;&nbsp;&nbsp;&nbsp;&nbsp;&nbsp;&nbsp;&nbsp;&nbsp;&nbsp;&nbsp;&nbsp;&nbsp;&nbsp;&nbsp;&nbsp;&nbsp;&nbsp;&nbsp;&nbsp;&nbsp;&nbsp;&nbsp;&nbsp;&nbsp;&nbsp;&nbsp;&nbsp;&nbsp;&nbsp;&nbsp;<\/p>\n<p><strong>Diligenciada por: <\/strong>Eberhar Cano Naranjo<\/p>\n<p><strong>INFORMACI\u00d3N BIBLIOGR\u00c1FICA<\/strong><\/p>\n<p>Peri\u00f3dico: El Colombiano<\/p>\n<p>Lugar de edici\u00f3n: Medell\u00edn<\/p>\n<p>Autor personal: n\/a<\/p>\n<p>Autor corporativo: Equipo Editorial<\/p>\n<p>Fecha: 1971, septiembre, 25<\/p>\n<p>P\u00e1gina: 1 y 24<\/p>\n<p>Secci\u00f3n: n\/a<\/p>\n<p><strong>T\u00edtulo: <\/strong>Suspenden la matr\u00edcula a 200 estudiantes de la UdeA.&nbsp;&nbsp;&nbsp;<\/p>\n<p><strong>Resumen:<\/strong>&nbsp; El Consejo Directivo decidi\u00f3 suspender la matr\u00edcula de 200 estudiantes que desde hace ocho d\u00edas se tomaron algunos predios para ejercer presi\u00f3n sobre las residencias estudiantiles. A los estudiantes se les dio un plazo de abandonar la ocupaci\u00f3n, pero no fue cumplido.<\/p>\n<p><strong>Im\u00e1genes: <\/strong>IMG A77 (a). Fotograf\u00eda de bloqueo de los bloques. Foto: El Colombiano<\/p>\n<p><strong>INFORMACI\u00d3N ANAL\u00cdTICA<\/strong><\/p>\n<p><strong>Contexto de la noticia:<\/strong> Acuerdo sobre nueva pol\u00edtica econ\u00f3mica en Latinoam\u00e9rica, V\u00edas de Antioquia en p\u00e9simo estado, Duros conflictos en la UN (rector no renuncia y destituye a profesores), Iglesia veta matrimonio civil y divorcio, Se crea tribunal nacional de arbitramiento, crisis de DD.HH en la Ladera, Encuentro nacional de estudiantes residentes, Nuevo registro civil en Colombia.<\/p>\n<p><strong>Palabras clave: <\/strong>Consejo Directivo, Rector\u00eda, Asamblea Estudiantil,<\/p>\n<p><strong>Sugerencia de palabras claves: <\/strong>Residencias Estudiantiles, Suspensi\u00f3n de matr\u00edcula, Paro<\/p>\n<p><strong>Observaciones:<\/strong> Noticia como antecedente: \u201c<em>Ordenan desalojar viviendas en la U\u201d. <\/em>Jueves 23 de septiembre\/1971. p. 1 y 19. La noticia es complementada el d\u00eda 24 de septiembre\/1971, p.1 \u201c<em>Otro paro de 72 horas empez\u00f3 en la UdeA\u201d. <\/em><\/p>\n<p><strong>Fecha de diligenciamiento:<\/strong> 11 de diciembre\/2018<\/p>\n<h1 style=\"text-align: center;\">***<\/h1>\n<p><strong>N\u00famero de ficha<\/strong>: A78&nbsp;&nbsp;&nbsp;&nbsp;&nbsp;&nbsp;&nbsp;&nbsp;&nbsp;&nbsp;&nbsp;&nbsp;&nbsp;&nbsp;&nbsp;&nbsp;&nbsp;&nbsp;&nbsp;&nbsp;&nbsp;&nbsp;&nbsp;&nbsp;&nbsp;&nbsp;&nbsp;&nbsp;&nbsp;&nbsp;&nbsp;&nbsp;&nbsp;&nbsp;&nbsp;&nbsp;&nbsp;&nbsp;&nbsp;&nbsp;&nbsp;&nbsp;&nbsp;&nbsp;&nbsp;&nbsp;&nbsp;&nbsp;&nbsp;&nbsp;&nbsp;&nbsp;&nbsp;&nbsp;&nbsp;&nbsp;<\/p>\n<p><strong>Diligenciada por: <\/strong>Eberhar Cano Naranjo<\/p>\n<p><strong>INFORMACI\u00d3N BIBLIOGR\u00c1FICA<\/strong><\/p>\n<p>Peri\u00f3dico: El Colombiano<\/p>\n<p>Lugar de edici\u00f3n: Medell\u00edn<\/p>\n<p>Autor personal: n\/a<\/p>\n<p>Autor corporativo: Equipo Editorial<\/p>\n<p>Fecha: 1971, septiembre, 26<\/p>\n<p>P\u00e1gina: 1 y 26<\/p>\n<p>Secci\u00f3n: n\/a<\/p>\n<p><strong>T\u00edtulo: <\/strong>Estudiantes residentes en la UdeA fueron desalojados.&nbsp;&nbsp;&nbsp;&nbsp;<\/p>\n<p><strong>Resumen:<\/strong>&nbsp; las directivas de la universidad tomaron medidas frente a la ocupaci\u00f3n de algunos estudiantes a los bloques del campus en protesta por las residencias. El desalojo fue efectuado por el ej\u00e9rcito y no se presentaron desmanes. Sin embargo, los estudiantes manifestaron su inconformidad con las medidas tomadas y esperan soluciones prontas a las sanciones impuestas. Las administraciones de la universidad manifiestan que no ven pertinente las demandas sobre las residencias debido a la grave crisis econ\u00f3mica y acad\u00e9mica por la que pasa la universidad. Se manifiesta la preocupaci\u00f3n por la integridad personal del rector y otros miembros del Consejo Directivo por las constantes amenazas y agresiones de estudiantes extremistas.<\/p>\n<p><strong>Im\u00e1genes: <\/strong>IMG A78 (a\u2026b). Im\u00e1genes del ej\u00e9rcito en la porter\u00eda de la UdeA y de bloqueo. Fot\u00f3grafo: Herv\u00e1squez.<\/p>\n<p><strong>INFORMACI\u00d3N ANAL\u00cdTICA<\/strong><\/p>\n<p><strong>Contexto de la noticia:<\/strong> Crisis en la U. Nacional, Expresidente Valencia pide prorroga al Frente Nacional, Devaluaci\u00f3n del D\u00f3lar (FMI), Incendio en Tugurios de Medell\u00edn, Chile y el Socialismo de Allende, detenidos 50 sacerdotes rebeldes en Argentina.<\/p>\n<p><strong>Palabras clave: <\/strong>Consejo Directivo, Rector\u00eda, Amenazas, Ej\u00e9rcito, desalojos, protestas.<\/p>\n<p><strong>Sugerencia de palabras claves: <\/strong>Residencias Estudiantiles, movimiento estudiantil.<\/p>\n<p><strong>Observaciones:<\/strong> El d\u00eda anterior a la noticia, comenz\u00f3 el encuentro nacional de estudiantes en Bogot\u00e1 que busca unificar criterios de movilizaci\u00f3n y acci\u00f3n frente a la crisis universitaria. [\u2026] en la misma edici\u00f3n (p.3 y 24) el rector Samuel Syro Giraldo opina sobre EL PROBLEMA UNIVERSITARIO.<\/p>\n<p><strong>Fecha de diligenciamiento:<\/strong> 11 de diciembre\/2018<\/p>\n<h1 style=\"text-align: center;\">***<\/h1>\n<p><strong>N\u00famero de ficha<\/strong>: A79&nbsp;&nbsp;&nbsp;&nbsp;&nbsp;&nbsp;&nbsp;&nbsp;&nbsp;&nbsp;&nbsp;&nbsp;&nbsp;&nbsp;&nbsp;&nbsp;&nbsp;&nbsp;&nbsp;&nbsp;&nbsp;&nbsp;&nbsp;&nbsp;&nbsp;&nbsp;&nbsp;&nbsp;&nbsp;&nbsp;&nbsp;&nbsp;&nbsp;&nbsp;&nbsp;&nbsp;&nbsp;&nbsp;&nbsp;&nbsp;&nbsp;&nbsp;&nbsp;&nbsp; &nbsp;&nbsp;&nbsp;&nbsp;&nbsp;&nbsp;&nbsp;&nbsp;&nbsp;&nbsp;&nbsp;<\/p>\n<p><strong>Diligenciada por:<\/strong> Eberhar Cano Naranjo<\/p>\n<p><strong>INFORMACI\u00d3N BIBLIOGR\u00c1FICA<\/strong><\/p>\n<p>Peri\u00f3dico: El Colombiano<\/p>\n<p>Lugar de edici\u00f3n: Medell\u00edn<\/p>\n<p>Autor personal: n\/a<\/p>\n<p>Autor corporativo: Equipo Editorial<\/p>\n<p>Fecha: 1971, septiembre, 29<\/p>\n<p>P\u00e1gina: 1 y 24<\/p>\n<p>Secci\u00f3n: n\/a<\/p>\n<p><strong>T\u00edtulo: <\/strong>Vigilancia del ej\u00e9rcito en la Universidad de Antioquia.&nbsp;&nbsp;&nbsp;&nbsp;<\/p>\n<p><strong>Resumen:<\/strong> La grave situaci\u00f3n en la universidad, los paros que se vienen determinando en algunas facultades, la divisi\u00f3n del movimiento estudiantil y dem\u00e1s situaciones de la crisis en las universidades, llevaron a que el gobernador tomara medidas \u201cpreventivas\u201d con el comandante de la IV Brigada del Ej\u00e9rcito. Se decidi\u00f3 \u201ccustodiar\u201d la universidad evitando des\u00f3rdenes y preservando la movilidad. Hay estudiantes detenidos<strong> y se<\/strong> han producido diferentes comunicados por parte de asambleas estudiantiles y claustros de profesores, algunos de ellos, como en el caso del claustro de profesores de Ingenier\u00eda, manifiestan contundentemente que <em>\u201cLa raz\u00f3n para que Universidad de Antioquia se encuentre nuevamente en cesa de actividades se halla en una serie de actuaciones desacertadas del Rector y al Consejo Directivo. No hay otra explicaci\u00f3n posible ya que no se previeron las consecuencias de algunas medidas tomadas para la soluci\u00f3n del problema de residencias universitarias. Estas medidas (ultim\u00e1tum, sanciones, pedido de ocupaci\u00f3n por la fuerza p\u00fablica) tuvieron la virtud da aglutinar a los estudiantes que quer\u00edan estudiar y lanzarlos nuevamente a un movimiento cuyas funestas consecuencias no se podr\u00e1n adivinar&#8221;. <\/em><\/p>\n<p><strong>Im\u00e1genes: <\/strong>n\/a<\/p>\n<p><strong>INFORMACI\u00d3N ANAL\u00cdTICA<\/strong><\/p>\n<p><strong>Contexto de la noticia:<\/strong> Operaciones militares en Marquetalia, reuni\u00f3n entre presidente y maestros, S\u00ednodo mundial de obispos, Alemania capacita textileros en Medell\u00edn, Rusia y su carrera espacial, Decretan plan de ayuda para los Tugurianos, obtenida la \u201canti-materia\u201d en Rusia.<\/p>\n<p><strong>Palabras clave: <\/strong>Consejo Directivo, Rector\u00eda, Ej\u00e9rcito, desalojos, Comunicados, Asambleas de Estudiantes\/Profesores, Ingreso de la fuerza p\u00fablica.<\/p>\n<p><strong>Sugerencia de palabras claves: <\/strong>Residencias Estudiantiles, movimiento estudiantil, detenciones.<\/p>\n<p><strong>Observaciones:<\/strong> Debido a esto, los profesores entran en Paro: Noticia del 1 de octubre\/1971. p. 1 y 22.<\/p>\n<p><strong>Fecha de diligenciamiento:<\/strong> 11 de diciembre\/2018<\/p>\n<h1 style=\"text-align: center;\">***<\/h1>\n<p><strong>N\u00famero de ficha<\/strong>: A80&nbsp;&nbsp;&nbsp;&nbsp;&nbsp;&nbsp;&nbsp;&nbsp;&nbsp;&nbsp;&nbsp;&nbsp;&nbsp;&nbsp;&nbsp;&nbsp;&nbsp;&nbsp;&nbsp;&nbsp;&nbsp;&nbsp;&nbsp;&nbsp;&nbsp;&nbsp;&nbsp;&nbsp;&nbsp;&nbsp;&nbsp;&nbsp;&nbsp;&nbsp;&nbsp;&nbsp;&nbsp;&nbsp;&nbsp;&nbsp;&nbsp;&nbsp;&nbsp;&nbsp;&nbsp;&nbsp;&nbsp;&nbsp;&nbsp;&nbsp;&nbsp;&nbsp;&nbsp;&nbsp;&nbsp;&nbsp;<\/p>\n<p><strong>Diligenciada por: <\/strong>Eberhar Cano Naranjo<\/p>\n<p><strong>INFORMACI\u00d3N BIBLIOGR\u00c1FICA<\/strong><\/p>\n<p>Peri\u00f3dico: El Colombiano<\/p>\n<p>Lugar de edici\u00f3n: Medell\u00edn<\/p>\n<p>Autor personal: n\/a<\/p>\n<p>Autor corporativo: Equipo Editorial<\/p>\n<p>Fecha: 1971, octubre, 02<\/p>\n<p>P\u00e1gina: 1 y 22<\/p>\n<p>Secci\u00f3n: n\/a<\/p>\n<p><strong>T\u00edtulo: <\/strong>Ultim\u00e1tum del rector a profesores de la UdeA. Medicina se retira de la Asociaci\u00f3n de profesores.<\/p>\n<p><strong>Resumen:<\/strong> Profesores del Alma Mater tienen plazo hasta el lunes 4 de octubre para retomar labores acad\u00e9micas y citar a los estudiantes a clase, de lo contrario se les congelar\u00e1 su salario por no cumplir con las obligaciones de la universidad. <em>&nbsp;<\/em>La nota comparte toda la resoluci\u00f3n adem\u00e1s de un comunicado de la facultad de Qu\u00edmica Farmac\u00e9utica donde expresan su rechazo e inconformidad con las medidas tomadas y la presencia de la fuerza p\u00fablica en las afueras del campus. Manifiestan que se quiere volver a las clases y esperan hacerlo de manera adecuada.&nbsp; Tambi\u00e9n est\u00e1n los comunicados de la facultad de medicina y su separaci\u00f3n del movimiento y no apoyo a las medidas del rector y el comunicado de la facultad de Lenguas Modernas.<\/p>\n<p><strong>Im\u00e1genes: <\/strong>n\/a<\/p>\n<p><strong>INFORMACI\u00d3N ANAL\u00cdTICA<\/strong><\/p>\n<p><strong>Contexto de la noticia:<\/strong> Acuerdos en la Aero civil por huelga, La asamblea Departamental inicia nuevo per\u00edodo, Pedreas estudiantiles en Bogot\u00e1, Modificada en un 80% la reforma universitaria, difundido informe militar de Venezuela sobre Colombia, Manifestaciones en Vietnam, El Frente Nacional asume el control de la asamblea del Valle, Gobernador y sus cr\u00edticas al os problemas de Antioquia, EE.UU presta por el BID 20 millones de d\u00f3lares a Colombia.<\/p>\n<p><strong>Palabras clave: <\/strong>Consejo Directivo, Rector\u00eda, Ej\u00e9rcito, Comunicados,<\/p>\n<p><strong>Sugerencia de palabras claves: <\/strong>Claustro de profesores, Reforma Universitaria.<\/p>\n<p><strong>Observaciones:<\/strong> En la p.3 la secci\u00f3n editorial contiene una peque\u00f1a nota sobre Estudiantes y Profesores.<\/p>\n<p><strong>Fecha de diligenciamiento:<\/strong> 11 de diciembre\/2018<\/p>\n<h1 style=\"text-align: center;\">***<\/h1>\n<p><strong>N\u00famero de ficha<\/strong>: A81&nbsp;&nbsp;&nbsp;&nbsp;&nbsp;&nbsp;&nbsp;&nbsp;&nbsp;&nbsp;&nbsp;&nbsp;&nbsp;&nbsp;&nbsp;&nbsp;&nbsp;&nbsp;&nbsp;&nbsp;&nbsp;&nbsp;&nbsp;&nbsp;&nbsp;&nbsp;&nbsp;&nbsp;&nbsp;&nbsp;&nbsp;&nbsp;&nbsp;&nbsp;&nbsp;&nbsp;&nbsp;&nbsp;&nbsp;&nbsp;&nbsp;&nbsp;&nbsp;&nbsp;&nbsp;&nbsp;&nbsp;&nbsp;&nbsp;&nbsp;&nbsp;&nbsp;&nbsp;&nbsp;&nbsp;&nbsp;<\/p>\n<p><strong>Diligenciada por: <\/strong>Eberhar Cano Naranjo<\/p>\n<p><strong>INFORMACI\u00d3N BIBLIOGR\u00c1FICA<\/strong><\/p>\n<p>Peri\u00f3dico: El Colombiano<\/p>\n<p>Lugar de edici\u00f3n: Medell\u00edn<\/p>\n<p>Autor personal: Juan Jos\u00e9 Garc\u00eda<\/p>\n<p>Autor corporativo: n\/a<\/p>\n<p>Fecha: 1971, octubre, 05<\/p>\n<p>P\u00e1gina: 1 y 22<\/p>\n<p>Secci\u00f3n: n\/a<\/p>\n<p><strong>T\u00edtulo: <\/strong>-La crisis en la UdeA- 180 profesores de 920 se niegan a dictar clases.<\/p>\n<p><strong>Resumen:<\/strong> En medio de la decisi\u00f3n de la universidad nacional de rechazar los paros indefinidos, 180 profesores de la UdeA se abstuvieron de dictar en clases aun cuando la mayor\u00eda volvi\u00f3 a las clases. El Ej\u00e9rcito sigue alrededor del campus y descansa de las largas jornadas de agitaci\u00f3n, es una semana de tranquilidad para la universidad. Las facultades de Qu\u00edmica Farmac\u00e9utica y Odontolog\u00eda comenzaron nuevos paros de 48 horas y en el Liceo se prepara una asamblea general.<\/p>\n<p><strong>Im\u00e1genes: <\/strong>n\/a<\/p>\n<p><strong>INFORMACI\u00d3N ANAL\u00cdTICA<\/strong><\/p>\n<p><strong>Contexto de la noticia:<\/strong> retiro militar de la U. Nacional, EE.UU expone su pol\u00edtica internacional en la ONU, Disturbios en barranquilla y muere un estudiante, Colombia fija su pol\u00edtica sobre China, proyecto de reforma a la Caja Agraria, Proyecto al senado sobre Autonom\u00eda Universitaria, Ataques a la facci\u00f3n del FAR en Chile, la Asamblea niega homenaje a Mons. Builes, Problema carcelario y debates en la C\u00e1mara.<\/p>\n<p><strong>Palabras clave: <\/strong>Rector\u00eda, Ej\u00e9rcito, Asamblea de Estudiantes.<\/p>\n<p><strong>Sugerencia de palabras claves: <\/strong>Claustro de profesores.<\/p>\n<p><strong>Observaciones:<\/strong> Noticia relacionada: \u201cComisi\u00f3n independiente para crisis de la UdeA\u201d. Mi\u00e9rcoles 6 de octubre de 1971. P. 1.<\/p>\n<p><strong>Fecha de diligenciamiento:<\/strong> 11 de diciembre\/2018<\/p>\n<h1 style=\"text-align: center;\">***<\/h1>\n<p><strong>N\u00famero de ficha<\/strong>: A82&nbsp;&nbsp;&nbsp;&nbsp;&nbsp;&nbsp;&nbsp;&nbsp;&nbsp;&nbsp;&nbsp;&nbsp;&nbsp;&nbsp;&nbsp;&nbsp;&nbsp;&nbsp;&nbsp;&nbsp;&nbsp;&nbsp;&nbsp;&nbsp;&nbsp;&nbsp;&nbsp;&nbsp;&nbsp;&nbsp;&nbsp;&nbsp;&nbsp;&nbsp;&nbsp;&nbsp;&nbsp;&nbsp;&nbsp;&nbsp;&nbsp;&nbsp;&nbsp;&nbsp;&nbsp;&nbsp;&nbsp;&nbsp;&nbsp;&nbsp;&nbsp;&nbsp;&nbsp;&nbsp;&nbsp;&nbsp;<\/p>\n<p><strong>Diligenciada por: <\/strong>Eberhar Cano Naranjo<\/p>\n<p><strong>INFORMACI\u00d3N BIBLIOGR\u00c1FICA<\/strong><\/p>\n<p>Peri\u00f3dico: El Colombiano<\/p>\n<p>Lugar de edici\u00f3n: Medell\u00edn<\/p>\n<p>Autor personal: n\/a<\/p>\n<p>Autor corporativo: Equipo Editorial<\/p>\n<p>Fecha: 1971, octubre, 08<\/p>\n<p>P\u00e1gina: 20<\/p>\n<p>Secci\u00f3n: n\/a<\/p>\n<p><strong>T\u00edtulo: <\/strong>Asamblea estudiantil en la UdeA a las 3:00 pm.<\/p>\n<p><strong>Resumen:<\/strong>&nbsp; Convocatoria a una asamblea extraordinaria convocada por un movimiento llamado <strong><em>\u201cMovimiento de Restauraci\u00f3n Universitaria\u201d<\/em><\/strong>, quienes expidieron una resoluci\u00f3n frente a la problem\u00e1tica de la universidad, materializada en asuntos como: La inexistencia del Consejo Superior Estudiantil debido las expulsiones de sus miembros por los directivos, que ese consejo por intereses personalistas ha creado caos, el cierre de la universidad en el primer semestre y los paros no han ayudado a lograr un solo objetivo, que la ocupaci\u00f3n del ej\u00e9rcito y las expulsiones son consecuencia de la manera \u201can\u00e1rquica\u201d con la que act\u00faa el Consejo Estudiantil.<\/p>\n<p><strong>Im\u00e1genes: <\/strong>n\/a<\/p>\n<p><strong>INFORMACI\u00d3N ANAL\u00cdTICA<\/strong><\/p>\n<p><strong>Contexto de la noticia:<\/strong> EE.UU insiste en su pol\u00edtica internacional ante presiones, Levantan paro en la U. Nacional, Nuevo rector en la UNAULA, Crisis universitaria en los Andes, Atentado contra Valencia Tovar, problemas de seguridad en Medell\u00edn, iglesia rebelde y el s\u00ednodo, La ONU ante el ingreso de China.<\/p>\n<p><strong>Palabras clave: <\/strong>Rector\u00eda, Ej\u00e9rcito, Asamblea de Estudiantes, Consejo Directivo, Consejo Superior Estudiantil.<\/p>\n<p><strong>Sugerencia de palabras claves: <\/strong>Movimiento de Restauraci\u00f3n Universitaria.<\/p>\n<p><strong>Observaciones:<\/strong> Alusi\u00f3n al fracaso de esta Asamblea en: s\u00e1bado 9 de octubre\/1971, p.4. <em>\u201cFracas\u00f3 Asamblea en la UdeA\u201d.<\/em><\/p>\n<p><strong>Fecha de diligenciamiento:<\/strong> 11 de diciembre\/2018<\/p>\n<h1 style=\"text-align: center;\">***<\/h1>\n<p><strong>N\u00famero de ficha<\/strong>: A83&nbsp;&nbsp;&nbsp;&nbsp;&nbsp;&nbsp;&nbsp;&nbsp;&nbsp;&nbsp;&nbsp;&nbsp;&nbsp;&nbsp;&nbsp;&nbsp;&nbsp;&nbsp;&nbsp;&nbsp;&nbsp;&nbsp;&nbsp;&nbsp;&nbsp;&nbsp;&nbsp;&nbsp;&nbsp;&nbsp;&nbsp;&nbsp;&nbsp;&nbsp;&nbsp;&nbsp;&nbsp;&nbsp;&nbsp;&nbsp;&nbsp;&nbsp;&nbsp;&nbsp;&nbsp;&nbsp;&nbsp;&nbsp;&nbsp;&nbsp;&nbsp;&nbsp;&nbsp;&nbsp;&nbsp;&nbsp;<\/p>\n<p><strong>Diligenciada por: <\/strong>Eberhar Cano Naranjo<\/p>\n<p><strong>INFORMACI\u00d3N BIBLIOGR\u00c1FICA<\/strong><\/p>\n<p>Peri\u00f3dico: El Colombiano<\/p>\n<p>Lugar de edici\u00f3n: Medell\u00edn<\/p>\n<p>Autor personal: n\/a<\/p>\n<p>Autor corporativo: Equipo Editorial<\/p>\n<p>Fecha: 1971, octubre, 16<\/p>\n<p>P\u00e1gina: 1 y 16<\/p>\n<p>Secci\u00f3n: n\/a<\/p>\n<p><strong>T\u00edtulo: <\/strong>Condenados 3 estudiantes \u2013 En consejo de guerra de la IV brigada &#8211;&nbsp;&nbsp;&nbsp;&nbsp;&nbsp;<\/p>\n<p><strong>Resumen:<\/strong> <em>Yamil Restrepo Montoya, Teresa Montero, Carlos Arturo P\u00e9rez, <\/em>todos estudiantes de la UdeA fueron declarados culpables y condenados a un consejo de guerra verbal en la IV Brigada por el crimen de apolog\u00eda al delito y delinquir. La condena radica en que dichos estudiantes hostigaron a los militares mientras el ej\u00e9rcito ocupaba las instalaciones de la universidad y los mencionados exig\u00edan su retiro, la entrega de las armas y se les repart\u00eda propaganda contra el gobierno. Este es considerado el primer caso de juzgamiento a estudiantes por consejos de guerra.<\/p>\n<p><strong>Im\u00e1genes: <\/strong>IMG A83 (a). Foto perfil de los estudiantes expulsados. Fot\u00f3grafo: n\/a<\/p>\n<p><strong>INFORMACI\u00d3N ANAL\u00cdTICA<\/strong><\/p>\n<p><strong>Contexto de la noticia:<\/strong> Arremetida de EE.UU contra gobierno de Allende, crece la deuda externa en Colombia, condenado dirigente de la ANAPO, \u00daltima etapa de los EE.UU en Vietnam, aumento de exportaciones de EE.UU a Latinoam\u00e9rica,<\/p>\n<p><strong>Palabras clave: <\/strong>Restrepo Montoya, Yamil., Montero, Teresa., P\u00e9rez, Carlos Arturo., Ej\u00e9rcito, militarizaci\u00f3n de la universidad.<\/p>\n<p><strong>Sugerencia de palabras claves: <\/strong>Consejo de guerra<\/p>\n<p><strong>Observaciones:<\/strong><\/p>\n<p><strong>Fecha de diligenciamiento:<\/strong> 10 de diciembre\/2018<\/p>\n<h1 style=\"text-align: center;\">***<\/h1>\n<p><strong>N\u00famero de ficha<\/strong>: A84&nbsp;&nbsp;&nbsp;&nbsp;&nbsp;&nbsp;&nbsp;&nbsp;&nbsp;&nbsp;&nbsp;&nbsp;&nbsp;&nbsp;&nbsp;&nbsp;&nbsp;&nbsp;&nbsp;&nbsp;&nbsp; &nbsp;&nbsp;&nbsp;&nbsp;&nbsp;&nbsp;&nbsp;&nbsp;&nbsp;&nbsp;&nbsp;&nbsp;&nbsp;&nbsp;&nbsp;&nbsp;&nbsp;&nbsp;&nbsp;&nbsp;&nbsp;&nbsp;&nbsp;&nbsp;&nbsp;&nbsp;&nbsp;&nbsp;&nbsp;&nbsp;&nbsp;&nbsp;&nbsp;&nbsp;&nbsp;<\/p>\n<p><strong>Diligenciada por: <\/strong>Eberhar Cano Naranjo<\/p>\n<p><strong>INFORMACI\u00d3N BIBLIOGR\u00c1FICA<\/strong><\/p>\n<p>Peri\u00f3dico: El Colombiano<\/p>\n<p>Lugar de edici\u00f3n: Medell\u00edn<\/p>\n<p>Autor personal: n\/a<\/p>\n<p>Autor corporativo: Equipo Editorial<\/p>\n<p>Fecha: 1971, octubre, 19<\/p>\n<p>P\u00e1gina: 1 y \u00faltima<\/p>\n<p>Secci\u00f3n: n\/a<\/p>\n<p><strong>T\u00edtulo: <\/strong>Estudiantes de la Nacional y la UdeA ratificaron el paro.<\/p>\n<p><strong>Resumen:<\/strong> En asambleas estudiantiles de ambas universidades con asistencia nutrida que sumo casi siete mil, se decide continuar el paro como estrategia de presi\u00f3n ante la crisis. En el caso de la Nacional se cont\u00f3 con participaci\u00f3n de Minas y Agronom\u00eda, por el lado de la UdeA, la asamblea tuvo que ser sesionada en los alrededores de la facultad de Medicina ya que el ej\u00e9rcito impidi\u00f3 el acceso de los estudiantes al campus y hubo algunos enfrentamientos. La facultad de Enfermer\u00eda luego de su asamblea decidi\u00f3 marchar hacia el centro, pero fue impedida por la fuerza p\u00fablica, ocasionando pedreas y detenciones. Tambi\u00e9n se menciona que la comisi\u00f3n de cinco profesores y dos particulares que vienen estudiado el problema de la universidad viajar\u00e1n a la ciudad de Bogot\u00e1 para reunirse con el ministro.&nbsp;&nbsp;<\/p>\n<p><strong>Im\u00e1genes: <\/strong>n\/a<\/p>\n<p><strong>INFORMACI\u00d3N ANAL\u00cdTICA<\/strong><\/p>\n<p><strong>Contexto de la noticia:<\/strong> Nueva crisis de violencia en la U. Nacional, conflictos entre militares y grupos armados en Santander, uni\u00f3n entre el comit\u00e9 de reunificaci\u00f3n conservadora, estado Palestino ocupado por Israel, Lleras anuncia giras por el pa\u00eds.<\/p>\n<p><strong>Palabras clave: <\/strong>Ej\u00e9rcito, Asamblea de Estudiantes, Marchas, militarizaci\u00f3n de la universidad.<\/p>\n<p><strong>Sugerencia de palabras claves: <\/strong>Pedreas, Claustro de profesores<\/p>\n<p><strong>Observaciones:<\/strong> <em>\u201cSe plantea soluci\u00f3n de emergencia para la UdeA\u201d.<\/em> Mi\u00e9rcoles 20 de octubre\/1971, p. 1 y 24.<\/p>\n<p><strong>Fecha de diligenciamiento:<\/strong> 11 de diciembre\/2018<\/p>\n<h1 style=\"text-align: center;\">***<\/h1>\n<p><strong>N\u00famero de ficha<\/strong>: A85&nbsp;&nbsp;&nbsp;&nbsp;&nbsp;&nbsp;&nbsp;&nbsp;&nbsp;&nbsp;&nbsp;&nbsp;&nbsp;&nbsp;&nbsp;&nbsp;&nbsp;&nbsp;&nbsp;&nbsp;&nbsp;&nbsp;&nbsp;&nbsp;&nbsp;&nbsp;&nbsp;&nbsp;&nbsp;&nbsp;&nbsp;&nbsp;&nbsp;&nbsp;&nbsp;&nbsp;&nbsp;&nbsp;&nbsp;&nbsp;&nbsp;&nbsp;&nbsp;&nbsp;&nbsp;&nbsp;&nbsp;&nbsp;&nbsp;&nbsp;&nbsp;&nbsp;&nbsp;&nbsp;&nbsp;&nbsp;<\/p>\n<p><strong>Diligenciada por: <\/strong>Eberhar Cano Naranjo<\/p>\n<p><strong>INFORMACI\u00d3N BIBLIOGR\u00c1FICA<\/strong><\/p>\n<p>Peri\u00f3dico: El Colombiano<\/p>\n<p>Lugar de edici\u00f3n: Medell\u00edn<\/p>\n<p>Autor personal: Juan Jos\u00e9 Garc\u00eda<\/p>\n<p>Autor corporativo: n\/a<\/p>\n<p>Fecha: 1971, octubre, 27<\/p>\n<p>P\u00e1gina: 1 y 16<\/p>\n<p>Secci\u00f3n: n\/a<\/p>\n<p><strong>T\u00edtulo: <\/strong>50 profesores cesantes y 500 alumnos por fuera<\/p>\n<p><strong>Resumen:<\/strong>&nbsp; Profesores cesantes y estudiantes sin posibilidades de continuar sus carreras como consecuencia de los claustros definidos en facultades como Derecho y Econom\u00eda seg\u00fan un comunicado realizado por la Asociaci\u00f3n de Profesores y la Asamblea de Coordinadores de Claustros de la UdeA. Tambi\u00e9n los estudiantes de Administraci\u00f3n y Finanzas decretan paro de 48 horas. Hay dos detenidos de Humanidades por supuestas acciones perturbadoras. La rector\u00eda impone una medida para sacar nuevo carnet a quienes si quieren volver a clases y puedan entrar a la universidad. La asamblea programada en el Liceo fue cancelada. Los profesores comparten un comunicado arrojando duras cr\u00edticas al rector y la ineficiencia de las directivas para solucionar los problemas. Hay claustro en la facultad de Odontolog\u00eda.<\/p>\n<p><strong>Im\u00e1genes: <\/strong>n\/a<\/p>\n<p><strong>INFORMACI\u00d3N ANAL\u00cdTICA<\/strong><\/p>\n<p><strong>Contexto de la noticia:<\/strong> Los progresistas liberales no se retiran del gobierno, banqueros de Colombia respaldan medidas monetarias ante la crisis, Nixon y sus pol\u00edticas para AL, grave situaci\u00f3n entre India y Paquist\u00e1n, ataques a Chile por libertad de prensa, Intelectuales se enfrentan a Caldera y las FF.AA.<\/p>\n<p><strong>Palabras clave: <\/strong>Ej\u00e9rcito, Asamblea de Estudiantes, Comunicado, militarizaci\u00f3n de la universidad.<\/p>\n<p><strong>Sugerencia de palabras claves: <\/strong>Paro, Claustro de profesores<\/p>\n<p><strong>Observaciones:<\/strong> Tambi\u00e9n se registra un paro en la universidad EAFIT.<\/p>\n<p><strong>Fecha de diligenciamiento:<\/strong> 11 de diciembre\/2018<\/p>\n<h1 style=\"text-align: center;\">***<\/h1>\n<p><strong>N\u00famero de ficha<\/strong>: A86&nbsp;&nbsp;&nbsp;&nbsp;&nbsp;&nbsp;&nbsp;&nbsp;&nbsp;&nbsp;&nbsp;&nbsp;&nbsp;&nbsp;&nbsp;&nbsp;&nbsp;&nbsp;&nbsp;&nbsp;&nbsp;&nbsp;&nbsp;&nbsp;&nbsp;&nbsp;&nbsp;&nbsp;&nbsp;&nbsp;&nbsp;&nbsp;&nbsp;&nbsp;&nbsp;&nbsp;&nbsp;&nbsp;&nbsp;&nbsp;&nbsp;&nbsp;&nbsp;&nbsp;&nbsp;&nbsp;&nbsp;&nbsp;&nbsp;&nbsp;&nbsp;&nbsp;&nbsp;&nbsp;&nbsp;&nbsp;<\/p>\n<p><strong>Diligenciada por: <\/strong>Eberhar Cano Naranjo<\/p>\n<p><strong>INFORMACI\u00d3N BIBLIOGR\u00c1FICA<\/strong><\/p>\n<p>Peri\u00f3dico: El Colombiano<\/p>\n<p>Lugar de edici\u00f3n: Medell\u00edn<\/p>\n<p>Autor personal: n\/a<\/p>\n<p>Autor corporativo: Equipo Editorial<\/p>\n<p>Fecha: 1971, octubre, 30<\/p>\n<p>P\u00e1gina: 22<\/p>\n<p>Secci\u00f3n: n\/a<\/p>\n<p><strong>T\u00edtulo: <\/strong>Pocas clases hubo ayer en la UdeA.<\/p>\n<p><strong>Resumen:<\/strong> Muy pocas aulas dictaron clases en la universidad el d\u00eda de ayer. Los profesores y su asociaci\u00f3n, especialmente los adscritos a las facultades de Ciencias y Humanidades, entregaron una carta al rector William Rojas Montoya en la que describen aspectos claves para comprender la crisis y propuestas para buscar soluciones a tan prolongada problem\u00e1tica. El rector tambi\u00e9n env\u00eda una carta al claustro de profesores de Ingenier\u00eda. Profesores de Medicina, Qu\u00edmica Farmac\u00e9utica y Veterinaria tambi\u00e9n expiden comunicados al terminar sus respectivos claustros.<\/p>\n<p><strong>Im\u00e1genes: <\/strong>n\/a<\/p>\n<p><strong>INFORMACI\u00d3N ANAL\u00cdTICA<\/strong><\/p>\n<p><strong>Contexto de la noticia:<\/strong> Senado de EE.UU suspende ayuda externa, levantado paro en la U.Nacional, se estudia cogobierno en la UdeA, Acci\u00f3n comunal adelanta programa de obras, v\u00eda San Andr\u00e9s e Ituango bloqueadas y sin soluciones.<\/p>\n<p><strong>Palabras clave: <\/strong>Rector\u00eda, Comunicado, Asociaci\u00f3n de profesores&nbsp;<\/p>\n<p><strong>Sugerencia de palabras claves: <\/strong>Claustro de profesores<\/p>\n<p><strong>Observaciones:<\/strong><\/p>\n<p><strong>Fecha de diligenciamiento:<\/strong> 11 de diciembre\/2018<\/p>\n<h1 style=\"text-align: center;\">***<\/h1>\n<p><strong>N\u00famero de ficha<\/strong>: A87&nbsp;&nbsp;&nbsp;&nbsp;&nbsp;&nbsp;&nbsp;&nbsp;&nbsp;&nbsp;&nbsp;&nbsp;&nbsp;&nbsp;&nbsp;&nbsp;&nbsp;&nbsp;&nbsp;&nbsp;&nbsp;&nbsp;&nbsp;&nbsp;&nbsp;&nbsp;&nbsp;&nbsp;&nbsp;&nbsp;&nbsp;&nbsp;&nbsp;&nbsp;&nbsp;&nbsp;&nbsp;&nbsp;&nbsp;&nbsp;&nbsp;&nbsp;&nbsp;&nbsp;&nbsp;&nbsp;&nbsp;&nbsp;&nbsp;&nbsp;&nbsp;&nbsp;&nbsp;&nbsp;&nbsp;&nbsp;<\/p>\n<p><strong>Diligenciada por: <\/strong>Eberhar Cano Naranjo<\/p>\n<p><strong>INFORMACI\u00d3N BIBLIOGR\u00c1FICA<\/strong><\/p>\n<p>Peri\u00f3dico: El Colombiano<\/p>\n<p>Lugar de edici\u00f3n: Medell\u00edn<\/p>\n<p>Autor personal: n\/a<\/p>\n<p>Autor corporativo: Equipo Editorial<\/p>\n<p>Fecha: 1972, enero, 03<\/p>\n<p>P\u00e1gina: 1 y 16<\/p>\n<p>Secci\u00f3n: n\/a<\/p>\n<p><strong>T\u00edtulo: <\/strong>Rechazaron nuevo paro en la U. de Antioquia<\/p>\n<p><strong>Resumen:<\/strong> Luego de realizarse la primera asamblea del a\u00f1o que retoma las actividades del movimiento estudiantil, se rechaz\u00f3 la iniciativa de paro debido a que los estudiantes consideran que no hay condiciones para dicho mecanismo. Se plantea que hay ciertas situaciones an\u00f3malas en relaci\u00f3n a la administraci\u00f3n de la universidad, por lo que se espera el decreto oficial que mencione los cambios y las responsabilidades del nuevo gobierno universitario.<\/p>\n<p><strong>Im\u00e1genes: <\/strong>n\/a<\/p>\n<p><strong>INFORMACI\u00d3N ANAL\u00cdTICA<\/strong><\/p>\n<p><strong>Contexto de la noticia:<\/strong> Pervive el estado de sitio, secretarios de educaci\u00f3n se re\u00fanen en Bogot\u00e1, renuncia del jefe del DAS, movimiento de universitarios chilenos y el plebiscito, acuerdos sobre reforma agraria, buscan aplazar aplicaci\u00f3n de la emergencia econ\u00f3mica (acuerdo 122).<\/p>\n<p><strong>Palabras clave: <\/strong>Asamblea de Estudiantes, Rector\u00eda<\/p>\n<p><strong>Sugerencia de palabras claves: <\/strong>Paro<\/p>\n<p><strong>Observaciones:<\/strong><\/p>\n<p><strong>Fecha de diligenciamiento:<\/strong> 12 de diciembre\/2018<\/p>\n<h1 style=\"text-align: center;\">***<\/h1>\n<p><strong>N\u00famero de ficha<\/strong>: A88&nbsp;&nbsp;&nbsp;&nbsp;&nbsp;&nbsp;&nbsp;&nbsp;&nbsp;&nbsp;&nbsp;&nbsp;&nbsp;&nbsp;&nbsp;&nbsp;&nbsp;&nbsp;&nbsp;&nbsp;&nbsp;&nbsp;&nbsp;&nbsp;&nbsp;&nbsp;&nbsp;&nbsp;&nbsp;&nbsp;&nbsp;&nbsp;&nbsp;&nbsp;&nbsp;&nbsp;&nbsp;&nbsp;&nbsp;&nbsp;&nbsp;&nbsp;&nbsp;&nbsp;&nbsp;&nbsp;&nbsp;&nbsp;&nbsp;&nbsp;&nbsp;&nbsp;&nbsp;&nbsp;&nbsp;&nbsp;<\/p>\n<p><strong>Diligenciada por: <\/strong>Eberhar Cano Naranjo<\/p>\n<p><strong>INFORMACI\u00d3N BIBLIOGR\u00c1FICA<\/strong><\/p>\n<p>Peri\u00f3dico: El Colombiano<\/p>\n<p>Lugar de edici\u00f3n: Medell\u00edn<\/p>\n<p>Autor personal: n\/a<\/p>\n<p>Autor corporativo: Equipo Editorial<\/p>\n<p>Fecha: 1972, febrero, 04<\/p>\n<p>P\u00e1gina: 3<\/p>\n<p>Secci\u00f3n: Editorial<\/p>\n<p><strong>T\u00edtulo: <\/strong>Elecciones Universitarias<\/p>\n<p><strong>Resumen:<\/strong> Se espera que las pr\u00f3ximas elecciones que escoger\u00e1n los nuevos representantes al sistema de direcci\u00f3n se den de manera democr\u00e1tica. Justo cuando en el congreso de la rep\u00fablica se discute la reforma universitaria es necesario que la UdeA se disponga para solucionar sus problem\u00e1ticas. La columna hace \u00e9nfasis en que la UdeA no debe seguir vi\u00e9ndose como un bot\u00edn por parte de partidos pol\u00edticos, debe entenderse como una casa de cultura que se proyecte a la comunidad. Para poder llevar a cabo esto no se puede llegar a extremismos y ofuscaci\u00f3n.<\/p>\n<p><strong>Im\u00e1genes: <\/strong>n\/a<\/p>\n<p><strong>INFORMACI\u00d3N ANAL\u00cdTICA<\/strong><\/p>\n<p><strong>Contexto de la noticia:<\/strong> uni\u00f3n conservadora en el Valle de Aburr\u00e1, La DNL pide participaci\u00f3n de exjefes del liberalismo, fuertes debates entre la iglesia y la sociedad civil sobre control de natalidad, debates frente al a reforma agraria, huelgas en Argentina, crisis pol\u00edtica en Irlanda, plan mundial contra las drogas acuerdan EU y Latinoam\u00e9rica.<\/p>\n<p><strong>Palabras clave: <\/strong>&nbsp;<\/p>\n<p><strong>Sugerencia de palabras claves: <\/strong>Co-Gobierno, gobierno nacional, reforma universitaria.<\/p>\n<p><strong>Observaciones:<\/strong> Columna de opini\u00f3n.<\/p>\n<p><strong>Fecha de diligenciamiento:<\/strong> 12 de diciembre\/2018<\/p>\n<h1 style=\"text-align: center;\">***<\/h1>\n<p><strong>N\u00famero de ficha<\/strong>: A89&nbsp;&nbsp;&nbsp;&nbsp;&nbsp;&nbsp;&nbsp;&nbsp;&nbsp;&nbsp;&nbsp;&nbsp;&nbsp;&nbsp;&nbsp;&nbsp;&nbsp;&nbsp;&nbsp;&nbsp;&nbsp;&nbsp;&nbsp;&nbsp;&nbsp;&nbsp;&nbsp;&nbsp;&nbsp;&nbsp;&nbsp;&nbsp;&nbsp;&nbsp;&nbsp;&nbsp;&nbsp;&nbsp;&nbsp;&nbsp;&nbsp;&nbsp;&nbsp;&nbsp;&nbsp;&nbsp;&nbsp;&nbsp;&nbsp;&nbsp;&nbsp;&nbsp;&nbsp;&nbsp;&nbsp;&nbsp;<\/p>\n<p><strong>Diligenciada por: <\/strong>Eberhar Cano Naranjo<\/p>\n<p><strong>INFORMACI\u00d3N BIBLIOGR\u00c1FICA<\/strong><\/p>\n<p>Peri\u00f3dico: El Colombiano<\/p>\n<p>Lugar de edici\u00f3n: Medell\u00edn<\/p>\n<p>Autor personal: n\/a<\/p>\n<p>Autor corporativo: Equipo Editorial<\/p>\n<p>Fecha: 1972, abril, 05<\/p>\n<p>P\u00e1gina: \u00faltima<\/p>\n<p>Secci\u00f3n: n\/a<\/p>\n<p><strong>T\u00edtulo: <\/strong>Paro de 48 Horas en la Universidad de Antioquia.<\/p>\n<p><strong>Resumen:<\/strong> De nuevo varias manifestaciones en Medell\u00edn protagonizadas por estudiantes y profesores de distintas universidades de la ciudad. 3 desfiles en total se registraron en varios puntos de la ciudad, la fuerza p\u00fablica disolvi\u00f3 a maestros de la plaza Nutibara, se presentaron confrontaciones entre estudiantes y la polic\u00eda, da\u00f1os en locales comerciales, heridos y algunos detenidos. En la Asamblea de Estudiantes se aprob\u00f3 un nuevo paro 48 horas. El rector viajaba a Bogot\u00e1 para encontrarse con el presidente Pastrana y seguir avanzando en la soluci\u00f3n de la crisis universitaria.<\/p>\n<p><strong>Im\u00e1genes: <\/strong>IMG A89 (a&#8230;b). Fotograf\u00edas de la manifestaci\u00f3n. Fot\u00f3grafo: Teddy y Betancur.<\/p>\n<p><strong>INFORMACI\u00d3N ANAL\u00cdTICA<\/strong><\/p>\n<p><strong>Contexto de la noticia:<\/strong> Continua paro en Bogot\u00e1 y la UN, Sangrientos incidentes en Mendoza-Argentina, heridos en manifestaci\u00f3n estudiantil en Santo Domingo.<\/p>\n<p><strong>Palabras clave: <\/strong>Disturbios, Movilizaci\u00f3n, Confrontaciones, Profesores, Estudiantes, acciones violentas, Polic\u00eda, Asamblea de Estudiantes, Rector\u00eda, Presidente.<\/p>\n<p><strong>Sugerencia de palabras claves: <\/strong>Paro, UdeM.<\/p>\n<p><strong>Observaciones:<\/strong><\/p>\n<p><strong>Fecha de diligenciamiento:<\/strong> 12 de diciembre\/2018<\/p>\n<h1 style=\"text-align: center;\">***<\/h1>\n<p><strong>N\u00famero de ficha<\/strong>: A90&nbsp;&nbsp;&nbsp;&nbsp;&nbsp;&nbsp;&nbsp;&nbsp;&nbsp;&nbsp;&nbsp;&nbsp;&nbsp;&nbsp;&nbsp;&nbsp;&nbsp;&nbsp;&nbsp;&nbsp;&nbsp;&nbsp;&nbsp;&nbsp;&nbsp;&nbsp;&nbsp;&nbsp;&nbsp;&nbsp;&nbsp;&nbsp;&nbsp;&nbsp;&nbsp;&nbsp;&nbsp;&nbsp;&nbsp;&nbsp;&nbsp;&nbsp;&nbsp;&nbsp;&nbsp;&nbsp;&nbsp;&nbsp;&nbsp;&nbsp;&nbsp;&nbsp;&nbsp;&nbsp;&nbsp;&nbsp;<\/p>\n<p><strong>Diligenciada por: <\/strong>Eberhar Cano Naranjo<\/p>\n<p><strong>INFORMACI\u00d3N BIBLIOGR\u00c1FICA<\/strong><\/p>\n<p>Peri\u00f3dico: El Colombiano<\/p>\n<p>Lugar de edici\u00f3n: Medell\u00edn<\/p>\n<p>Autor personal: n\/a<\/p>\n<p>Autor corporativo: Equipo Editorial<\/p>\n<p>Fecha: 1972, abril, 06<\/p>\n<p>P\u00e1gina: \u00faltima<\/p>\n<p>Secci\u00f3n: n\/a<\/p>\n<p><strong>T\u00edtulo: <\/strong>Numerosos detenidos por los des\u00f3rdenes de ayer.<\/p>\n<p><strong>Resumen:<\/strong> fueron varias las personas detenidas en jornadas de manifestaci\u00f3n el d\u00eda de ayer. La manifestaci\u00f3n de estudiantes con particulares no arrojo graves da\u00f1os, sin embargo, hubo confrontaci\u00f3n. Tambi\u00e9n ayer se cumpli\u00f3 la reuni\u00f3n pactada entre el CSU con presencia del gobernador y los representantes estudiantiles para tratar el tema de las votaciones. El gobernador levant\u00f3 la sesi\u00f3n debido a que los representantes iban en calidad de suplentes y no se ten\u00eda claridad de la veracidad de la condici\u00f3n. Mientras tanto se informa que las clases estaban en completa normalidad y que solamente Medicina entr\u00f3 en paro, pero con algunas excepciones.<\/p>\n<p><strong>Im\u00e1genes: <\/strong>IMG A90 (a\u2026d). Fotograf\u00edas de los disturbios en la ciudad con la participaci\u00f3n de estudiantes. Fot\u00f3grafo: Herv\u00e1squez.<\/p>\n<p><strong>INFORMACI\u00d3N ANAL\u00cdTICA<\/strong><\/p>\n<p><strong>Contexto de la noticia:<\/strong> Reajuste al salario m\u00ednimo, sanciones a maestros huelguistas, la U. nacional prepara inicio de clases, uni\u00f3n conservadora y sus listas para elecciones, consejos de guerra por crisis de seguridad, ministros de hacienda buscan participar en el FMI, Bolivia pide a la OEA sanciones para Cuba.<\/p>\n<p><strong>Palabras clave: <\/strong>Consejo Superior Universitario, Gobernador, Movilizaci\u00f3n, Confrontaciones<\/p>\n<p><strong>Sugerencia de palabras claves: <\/strong>Paro, Representaci\u00f3n Estudiantil<\/p>\n<p><strong>Observaciones:<\/strong><\/p>\n<p><strong>Fecha de diligenciamiento:<\/strong> 12 de diciembre\/2018<\/p>\n<h1 style=\"text-align: center;\">***<\/h1>\n<p><strong>N\u00famero de ficha<\/strong>: A91&nbsp;&nbsp;&nbsp;&nbsp;&nbsp;&nbsp;&nbsp;&nbsp;&nbsp;&nbsp;&nbsp;&nbsp;&nbsp;&nbsp;&nbsp;&nbsp;&nbsp;&nbsp;&nbsp;&nbsp;&nbsp;&nbsp;&nbsp;&nbsp;&nbsp;&nbsp;&nbsp;&nbsp;&nbsp;&nbsp;&nbsp;&nbsp;&nbsp;&nbsp;&nbsp;&nbsp;&nbsp;&nbsp;&nbsp;&nbsp;&nbsp;&nbsp;&nbsp;&nbsp;&nbsp;&nbsp;&nbsp;&nbsp;&nbsp;&nbsp;&nbsp;&nbsp;&nbsp;&nbsp;&nbsp;&nbsp;<\/p>\n<p><strong>Diligenciada por: <\/strong>Eberhar Cano Naranjo<\/p>\n<p><strong>INFORMACI\u00d3N BIBLIOGR\u00c1FICA<\/strong><\/p>\n<p>Peri\u00f3dico: El Colombiano<\/p>\n<p>Lugar de edici\u00f3n: Medell\u00edn<\/p>\n<p>Autor personal: n\/a<\/p>\n<p>Autor corporativo: Equipo Editorial<\/p>\n<p>Fecha: 1972, abril, 18<\/p>\n<p>P\u00e1gina: 4<\/p>\n<p>Secci\u00f3n: n\/a<\/p>\n<p><strong>T\u00edtulo: <\/strong>Nuevos enfrentamientos entre polic\u00edas y estudiantes ayer.<\/p>\n<p><strong>Resumen:<\/strong> Debido a la problem\u00e1tica de las elecciones directivas y representativas de la universidad, se presentaron inconformidades que resultaron en nuevos choques con la polic\u00eda. Los estudiantes de la UdeA convocados por el Consejo Superior Estudiantil, realizaron una asamblea en la que aprobaron un paro de 24 horas. Los estudiantes tomaron un carro de empresas varias en son de protesta y la confrontaci\u00f3n con la polic\u00eda arreci\u00f3, el mismo secretario de la universidad, el se\u00f1or Hernando S\u00e1nchez denunci\u00f3 que varios agentes de la polic\u00eda entraron al campus violando la autonom\u00eda universitaria, hay estudiantes detenidos.<\/p>\n<p><strong>Im\u00e1genes: <\/strong>IMG A91 (a\u2026b). Fotos disturbio con polic\u00eda en porter\u00eda Barranquilla. Fot\u00f3grafo: Herv\u00e1squez.<\/p>\n<p><strong>INFORMACI\u00d3N ANAL\u00cdTICA<\/strong><\/p>\n<p><strong>Contexto de la noticia:<\/strong> La ANAPO se fortalece electoralmente, Estudiantes presos de la UdeA en la Ladera, control del ICA a productos agropecuarios, Nixon ordena bombardeos en Saig\u00f3n, cr\u00edtica situaci\u00f3n y disturbios en Bogot\u00e1, paro de secundaria en Antioquia.<\/p>\n<p><strong>Palabras clave: <\/strong>S\u00e1nchez, Hernando., Consejo Superior Estudiantil, Gobernador, Ingreso de la fuerza p\u00fablica, Confrontaciones, Asamblea de Estudiantes, Polic\u00eda, Paro.<\/p>\n<p><strong>Sugerencia de palabras claves: <\/strong><\/p>\n<p><strong>Observaciones:<\/strong> En la U. Nacional y la UNAULA tambi\u00e9n ocurrieron pedreas.&nbsp; Noticia: <em>\u201c2 estudiantes de la UdeA van por 30 d\u00edas a la Ladera\u201d: <\/em>Francisco Fern\u00e1ndez y Francisco \u00c1lvarez, estudiantes de Artes son enviados a la Ladera por los sucesos de la semana pasada. p<em>.4.<\/em><\/p>\n<p><strong>Fecha de diligenciamiento:<\/strong> 12 de diciembre\/2018<\/p>\n<h1 style=\"text-align: center;\">***<\/h1>\n<p><strong>N\u00famero de ficha<\/strong>: A92&nbsp;&nbsp;&nbsp;&nbsp;&nbsp;&nbsp;&nbsp;&nbsp;&nbsp;&nbsp;&nbsp;&nbsp;&nbsp;&nbsp;&nbsp;&nbsp;&nbsp;&nbsp;&nbsp;&nbsp;&nbsp;&nbsp;&nbsp;&nbsp;&nbsp;&nbsp;&nbsp;&nbsp;&nbsp;&nbsp;&nbsp;&nbsp;&nbsp;&nbsp;&nbsp;&nbsp;&nbsp;&nbsp;&nbsp;&nbsp;&nbsp;&nbsp;&nbsp;&nbsp;&nbsp;&nbsp;&nbsp;&nbsp;&nbsp;&nbsp;&nbsp;&nbsp;&nbsp;&nbsp;&nbsp;&nbsp;<\/p>\n<p><strong>Diligenciada por: <\/strong>Eberhar Cano Naranjo<\/p>\n<p><strong>INFORMACI\u00d3N BIBLIOGR\u00c1FICA<\/strong><\/p>\n<p>Peri\u00f3dico: El Colombiano<\/p>\n<p>Lugar de edici\u00f3n: Medell\u00edn<\/p>\n<p>Autor personal: n\/a<\/p>\n<p>Autor corporativo: Equipo Editorial<\/p>\n<p>Fecha: 1972, abril, 28<\/p>\n<p>P\u00e1gina: 3<\/p>\n<p>Secci\u00f3n: Editorial<\/p>\n<p><strong>T\u00edtulo: <\/strong>Los rectores.<\/p>\n<p><strong>Resumen:<\/strong> El editorial dedica un an\u00e1lisis sobre la dif\u00edcil situaci\u00f3n de los rectores en las universidades en medio de la grave crisis por la que atraviesa la educaci\u00f3n superior en el pa\u00eds. Los rectores han sido v\u00edctimas de duras amenazas e incluso de agresiones en distintas universidades p\u00fablicas del pa\u00eds, lo que demuestra la dificultad para llegar a acuerdos. El presidente lleras ha tomado cartas en el asunto y ha demostrado que el \u201ccuento\u201d de la autonom\u00eda universitaria no funciona en Colombia. Se menciona que <em>\u201clos estudiantes no quieren reformas sino agitaci\u00f3n, no quieren elevar los niveles acad\u00e9micos sino destruirlos, no quieren investigaci\u00f3n sino desorden\u201d.<\/em><\/p>\n<p><strong>Im\u00e1genes: <\/strong>n\/a<\/p>\n<p><strong>INFORMACI\u00d3N ANAL\u00cdTICA<\/strong><\/p>\n<p><strong>Contexto de la noticia:<\/strong> Posible inestabilidad monetaria mundial, paro en la U. Nacional, L\u00f3pez Michelsen viaja a EE.UU, En Medell\u00edn discutir\u00e1n c\u00f3digo penal para Am\u00e9rica, se estudia reforma urbana en el parlamento, Ofensiva comunista en Han\u00f3i.<\/p>\n<p><strong>Palabras clave: <\/strong>Rector\u00eda,<\/p>\n<p><strong>Sugerencia de palabras claves: <\/strong>Presidente, autonom\u00eda universitaria<\/p>\n<p><strong>Observaciones:<\/strong> Columna de opini\u00f3n&nbsp;<\/p>\n<p><strong>Fecha de diligenciamiento:<\/strong> 12 de diciembre\/2018<\/p>\n<h1 style=\"text-align: center;\">***<\/h1>\n<p><strong>N\u00famero de ficha<\/strong>: A93&nbsp;&nbsp;&nbsp;&nbsp;&nbsp;&nbsp;&nbsp;&nbsp;&nbsp;&nbsp;&nbsp;&nbsp;&nbsp;&nbsp;&nbsp;&nbsp;&nbsp;&nbsp;&nbsp;&nbsp;&nbsp;&nbsp;&nbsp;&nbsp;&nbsp;&nbsp;&nbsp;&nbsp;&nbsp;&nbsp;&nbsp;&nbsp;&nbsp;&nbsp;&nbsp;&nbsp;&nbsp;&nbsp;&nbsp;&nbsp;&nbsp;&nbsp;&nbsp;&nbsp;&nbsp;&nbsp;&nbsp;&nbsp;&nbsp;&nbsp;&nbsp;&nbsp;&nbsp;&nbsp;&nbsp;&nbsp;<\/p>\n<p><strong>Diligenciada por: <\/strong>Eberhar Cano Naranjo<\/p>\n<p><strong>INFORMACI\u00d3N BIBLIOGR\u00c1FICA<\/strong><\/p>\n<p>Peri\u00f3dico: El Colombiano<\/p>\n<p>Lugar de edici\u00f3n: Medell\u00edn<\/p>\n<p>Autor personal: n\/a<\/p>\n<p>Autor corporativo: Equipo Editorial<\/p>\n<p>Fecha: 1972, mayo, 03<\/p>\n<p>P\u00e1gina: 1 y \u00faltima<\/p>\n<p>Secci\u00f3n: n\/a<\/p>\n<p><strong>T\u00edtulo: <\/strong>La UdeA rechaza la violencia.<\/p>\n<p><strong>Resumen:<\/strong> El Consejo Directivo expresa su rechazo a las distintas manifestaciones \u201cexcesivas\u201d por parte los estudiantes. El comunicado expresa el rechazo a los malos tratos y las agresiones a las que se ven sometidos empleados y servidores de la universidad y los bienes de la misma, <em>\u201cconsidera indigno de cualquier universitario, el procurar el deterioro o destrucci\u00f3n de los bienes que constituyen el patrimonio de la Universidad\u201d, <\/em>y condena el uso de la violencia como medio de acci\u00f3n universitaria <em>\u201cya que esta impide la libre discusi\u00f3n de las ideas\u201d.<\/em><\/p>\n<p><strong>&nbsp;<\/strong><strong>Im\u00e1genes: <\/strong>n\/a<\/p>\n<p><strong>INFORMACI\u00d3N ANAL\u00cdTICA<\/strong><\/p>\n<p><strong>Contexto de la noticia:<\/strong> Paralizada la administraci\u00f3n de Itag\u00fc\u00ed, renuncia de ministros, debates sindicales por \u00fanica central obrera, reformas al derecho de huelga y convenciones colectivas.<\/p>\n<p><strong>Palabras clave: <\/strong>Consejo directivo, acciones violentas, comunicado<\/p>\n<p><strong>Sugerencia de palabras claves: <\/strong><\/p>\n<p><strong>Observaciones:<\/strong><\/p>\n<p><strong>Fecha de diligenciamiento:<\/strong> 12 de diciembre\/2018<\/p>\n<h1 style=\"text-align: center;\">***<\/h1>\n<p><strong>N\u00famero de ficha<\/strong>: A94&nbsp;&nbsp;&nbsp;&nbsp;&nbsp;&nbsp;&nbsp;&nbsp;&nbsp;&nbsp;&nbsp;&nbsp;&nbsp;&nbsp;&nbsp;&nbsp;&nbsp;&nbsp;&nbsp;&nbsp;&nbsp;&nbsp;&nbsp;&nbsp;&nbsp;&nbsp;&nbsp;&nbsp;&nbsp;&nbsp;&nbsp;&nbsp;&nbsp;&nbsp;&nbsp;&nbsp;&nbsp;&nbsp;&nbsp;&nbsp;&nbsp;&nbsp;&nbsp;&nbsp;&nbsp;&nbsp;&nbsp;&nbsp;&nbsp;&nbsp;&nbsp;&nbsp;&nbsp;&nbsp;&nbsp;&nbsp;<\/p>\n<p><strong>Diligenciada por: <\/strong>Eberhar Cano Naranjo<\/p>\n<p><strong>INFORMACI\u00d3N BIBLIOGR\u00c1FICA<\/strong><\/p>\n<p>Peri\u00f3dico: El Colombiano<\/p>\n<p>Lugar de edici\u00f3n: Medell\u00edn<\/p>\n<p>Autor personal: n\/a<\/p>\n<p>Autor corporativo: Equipo Editorial<\/p>\n<p>Fecha: 1972, mayo, 19<\/p>\n<p>P\u00e1gina: 22<\/p>\n<p>Secci\u00f3n: n\/a<\/p>\n<p><strong>T\u00edtulo: <\/strong>Choques entre estudiantes y polic\u00eda.<\/p>\n<p><strong>Resumen:<\/strong> Varias universidades entre ellas la UdeA, protagonizaron una enorme jornada de protesta con acciones violentas, cierre de v\u00edas y un n\u00famero de heridos y detenidos no confirmado oficialmente. Ante la grave crisis de la educaci\u00f3n superior, estudiantes se tomaron las calles en especial la autopista norte para hacer barricadas que ocasionaron la llegada del ej\u00e9rcito y fuertes choques. En la UdeA se realiz\u00f3 una asamblea general donde se aprob\u00f3 el mitin a la calle, tambi\u00e9n se manifest\u00f3 la solidaridad con las luchas comunistas de Vietnam del Norte, quemaron una volqueta de Empresas P\u00fablicas.<\/p>\n<p><strong>Im\u00e1genes: <\/strong>IMG A94 (a\u2026d). Fotos de las barricadas, bombas y pedreas en Barranquilla, estudiantes frente a polic\u00edas. Fot\u00f3grafo: Herv\u00e1squez y El Colombiano.<\/p>\n<p><strong>INFORMACI\u00d3N ANAL\u00cdTICA<\/strong><\/p>\n<p><strong>Contexto de la noticia:<\/strong> Despidos y huelgas en Telecom, crisis en la aeron\u00e1utica civil, prestamos por cinco millones a Colombia por parte de EE.UU, Fidel y Nixon en Polonia, reacciones encontradas ante discursos de Lleras, bombardeos en Han\u00f3i, detenidas monjas Colombianas en Bolivia.<\/p>\n<p><strong>Palabras clave: <\/strong>mitin, acciones violentas, Ej\u00e9rcito, Polic\u00eda, cierre de v\u00edas, asamblea de estudiantes<\/p>\n<p><strong>Sugerencia de palabras claves: <\/strong>pedreas, detenidos, barricadas<\/p>\n<p><strong>Observaciones:<\/strong> \u201c<em>Consejo de la UdeA responde a Pastrana\u201d. P. 1 y \u00faltima. <\/em><\/p>\n<p><strong>Fecha de diligenciamiento:<\/strong> 12 de diciembre\/2018<\/p>\n<h1 style=\"text-align: center;\">***<\/h1>\n<p><strong>N\u00famero de ficha<\/strong>: A95&nbsp;&nbsp;&nbsp;&nbsp;&nbsp;&nbsp;&nbsp;&nbsp;&nbsp;&nbsp;&nbsp;&nbsp;&nbsp;&nbsp;&nbsp;&nbsp;&nbsp;&nbsp;&nbsp;&nbsp;&nbsp;&nbsp;&nbsp;&nbsp;&nbsp;&nbsp;&nbsp;&nbsp;&nbsp;&nbsp;&nbsp;&nbsp;&nbsp;&nbsp;&nbsp;&nbsp;&nbsp;&nbsp;&nbsp;&nbsp;&nbsp;&nbsp;&nbsp;&nbsp;&nbsp;&nbsp;&nbsp;&nbsp;&nbsp;&nbsp;&nbsp;&nbsp;&nbsp;&nbsp;&nbsp;&nbsp;<\/p>\n<p><strong>Diligenciada por: <\/strong>Eberhar Cano Naranjo<\/p>\n<p><strong>INFORMACI\u00d3N BIBLIOGR\u00c1FICA<\/strong><\/p>\n<p>Peri\u00f3dico: El Colombiano<\/p>\n<p>Lugar de edici\u00f3n: Medell\u00edn<\/p>\n<p>Autor personal: n\/a<\/p>\n<p>Autor corporativo: Equipo Editorial<\/p>\n<p>Fecha: 1972, mayo, 23<\/p>\n<p>P\u00e1gina: 7<\/p>\n<p>Secci\u00f3n: n\/a<\/p>\n<p><strong>T\u00edtulo: <\/strong>Rector de la UdeA condena la violencia.<\/p>\n<p><strong>Resumen:<\/strong> El rector Luis Fernando Duque env\u00eda una carta al presidente Misael Pastrana donde censura el actuar de los estudiantes y la fuerza p\u00fablica en las recientes protestas y en general en la situaci\u00f3n de la universidad en los \u00faltimos meses. Para el rector estas actuaciones no coinciden con la filosof\u00eda de la universidad y la distancian de la salida a la crisis. La carta informa tambi\u00e9n sobre el lento proceso de normalizaci\u00f3n que pretende siga su curso y manifiesta su visi\u00f3n sobre la crisis econ\u00f3mica.<\/p>\n<p><strong>Im\u00e1genes: <\/strong>n\/a<\/p>\n<p><strong>INFORMACI\u00d3N ANAL\u00cdTICA<\/strong><strong style=\"font-size: inherit;\">&nbsp;<\/strong><\/p>\n<p><strong>Contexto de la noticia:<\/strong> Regulaciones a los Tugurios en Medell\u00edn, Pastrana censura viaje de parlamentarios, presos en la ladera lesionados, liberan una de las monjas colombianas apresadas en Bolivia, Nixon se re\u00fane con jefes rusos, Bombas del IRA en Irlanda, U. Nacional en manos del gobierno.<\/p>\n<p><strong>Palabras clave: <\/strong>Duque, Luis Fernando., Pastrana Borrero, Misael., Rector\u00eda, Acciones violentas.<\/p>\n<p><strong>Sugerencia de palabras claves: <\/strong>Presidencia<\/p>\n<p><strong>Observaciones:<\/strong><strong>&nbsp;<\/strong><\/p>\n<p><strong>Fecha de diligenciamiento:<\/strong> 12 de diciembre\/2018<\/p>\n<h1 style=\"text-align: center;\">***<\/h1>\n<p><strong>N\u00famero de ficha<\/strong>: A96&nbsp;&nbsp;&nbsp;&nbsp;&nbsp;&nbsp;&nbsp;&nbsp;&nbsp;&nbsp;&nbsp;&nbsp;&nbsp;&nbsp;&nbsp;&nbsp;&nbsp;&nbsp;&nbsp;&nbsp;&nbsp;&nbsp;&nbsp;&nbsp;&nbsp;&nbsp;&nbsp;&nbsp;&nbsp;&nbsp;&nbsp;&nbsp;&nbsp;&nbsp;&nbsp;&nbsp;&nbsp;&nbsp;&nbsp;&nbsp;&nbsp;&nbsp;&nbsp;&nbsp;&nbsp;&nbsp;&nbsp;&nbsp;&nbsp;&nbsp;&nbsp;&nbsp;&nbsp;&nbsp;&nbsp;&nbsp;<\/p>\n<p><strong>Diligenciada por: <\/strong>Eberhar Cano Naranjo<\/p>\n<p><strong>INFORMACI\u00d3N BIBLIOGR\u00c1FICA<\/strong><\/p>\n<p>Peri\u00f3dico: El Colombiano<\/p>\n<p>Lugar de edici\u00f3n: Medell\u00edn<\/p>\n<p>Autor personal: n\/a<\/p>\n<p>Autor corporativo: Equipo Editorial<\/p>\n<p>Fecha: 1972, mayo, 25<\/p>\n<p>P\u00e1gina: 17<\/p>\n<p>Secci\u00f3n: n\/a<\/p>\n<p><strong>T\u00edtulo: <\/strong>Profesores de la UdeA rechazan procedimientos.<\/p>\n<p><strong>Resumen:<\/strong> La Asociaci\u00f3n de Profesores en cabeza de su junta directiva, comparten una carta abierta al gobernador, manifestando su rechazo e inconformidad con la forma de proceder de la fuerza p\u00fablica en las recientes manifestaciones. Para la Asociaci\u00f3n la polic\u00eda desarrolla un s\u00edntoma de inseguridad que no favorece la normalidad acad\u00e9mica. Adem\u00e1s, cuestionan que los procedimientos y las detenciones a estudiantes, profesores y transe\u00fantes son arbitrarias y se dan bajo una prevenci\u00f3n de sospecha contra los estudiantes. Por \u00faltimo, solicitan al gobernador \u201c<em>una investigaci\u00f3n de estas situaciones con el fin de sancionar los responsables y velar porque estos hechos no se repitan&#8221;. <\/em>Firman: Luis Fernando V\u00e9lez V\u00e9lez (presidente) y Luis Enrique Ruiz (secretario).<strong>&nbsp;<\/strong><\/p>\n<p><strong>Im\u00e1genes: <\/strong>n\/a<\/p>\n<p><strong>INFORMACI\u00d3N ANAL\u00cdTICA<\/strong><strong style=\"font-size: inherit;\">&nbsp;<\/strong><\/p>\n<p><strong>Contexto de la noticia:<\/strong> Firmado el pacto espacial entre EU y Rusia, El rector de la U.Nacional asumi\u00f3 renuncia del vice, D\u00e9ficit en el ICSS, deportadas monjas colombianas desde Bolivia, Tupamaros en Uruguay, Caen anarquistas en Turqu\u00eda, tensiones de barrios de Itag\u00fc\u00ed que buscan adherirse a Medell\u00edn.<\/p>\n<p><strong>Palabras clave: <\/strong>V\u00e9lez, Luis Fernando., Ruiz, Luis Enrique., Gobernador, Asociaci\u00f3n de Profesores, Polic\u00eda, Manifestaciones.<\/p>\n<p><strong>Sugerencia de palabras claves: <\/strong>Detenciones<strong>&nbsp;<\/strong><\/p>\n<p><strong>Observaciones:<\/strong><strong>&nbsp;<\/strong><\/p>\n<p><strong>Fecha de diligenciamiento:<\/strong> 12 de diciembre\/2018<\/p>\n<h1 style=\"text-align: center;\">***<\/h1>\n<p><strong>N\u00famero de ficha<\/strong>: A97&nbsp;&nbsp;&nbsp;&nbsp;&nbsp;&nbsp;&nbsp;&nbsp;&nbsp;&nbsp;&nbsp;&nbsp;&nbsp;&nbsp;&nbsp;&nbsp;&nbsp;&nbsp;&nbsp;&nbsp;&nbsp;&nbsp;&nbsp;&nbsp;&nbsp;&nbsp;&nbsp;&nbsp;&nbsp;&nbsp;&nbsp;&nbsp;&nbsp;&nbsp;&nbsp;&nbsp;&nbsp;&nbsp;&nbsp;&nbsp;&nbsp;&nbsp;&nbsp;&nbsp;&nbsp;&nbsp;&nbsp;&nbsp;&nbsp;&nbsp;&nbsp;&nbsp;&nbsp;&nbsp;&nbsp;&nbsp;<\/p>\n<p><strong>Diligenciada por: <\/strong>Eberhar Cano Naranjo<\/p>\n<p><strong>INFORMACI\u00d3N BIBLIOGR\u00c1FICA<\/strong><\/p>\n<p>Peri\u00f3dico: El Colombiano<\/p>\n<p>Lugar de edici\u00f3n: Medell\u00edn<\/p>\n<p>Autor personal: n\/a<\/p>\n<p>Autor corporativo: Equipo Editorial<\/p>\n<p>Fecha: 1972, mayo, 31<\/p>\n<p>P\u00e1gina: 17<\/p>\n<p>Secci\u00f3n: n\/a<\/p>\n<p><strong>T\u00edtulo: <\/strong>Rechazan cambio de consejo, estudiantes de la UdeA.<\/p>\n<p><strong>Resumen:<\/strong> En asamblea general de estudiantes celebrada el d\u00eda de ayer, se rechaz\u00f3 las nuevas designaciones por decreto del ejecutivo central sobre la estructura del CSU, los estudiantes defienden el organismo provisional que ven\u00eda trabajando y no las nuevas determinaciones al respecto. Tambi\u00e9n prim\u00f3 la tendencia de seguir en clases pues no existen condiciones para determinar un paro y condenaron los llamados consejos de guerra verbales contra los estudiantes detenidos en las manifestaciones.<strong>&nbsp;<\/strong><\/p>\n<p><strong>Im\u00e1genes: <\/strong>n\/a<\/p>\n<p><strong>INFORMACI\u00d3N ANAL\u00cdTICA<\/strong><\/p>\n<p><strong>Contexto de la noticia:<\/strong> FMI acoge tesis colombiana sobre el mercado, Acuerdos Rusos-Americanos, asesinatos en aeropuerto de Tel Aviv, se crea corporaci\u00f3n pro-r\u00e9gimen Federal, oposici\u00f3n de Antioquia a valorizaci\u00f3n de autopista Med-Bog, Proceso de urbanizaci\u00f3n en Medell\u00edn.<\/p>\n<p><strong>Palabras clave: <\/strong>Asamblea de Estudiantes, Consejo Superior Universitario, Manifestaciones<\/p>\n<p><strong>Sugerencia de palabras claves: <\/strong>Paro, Detenciones, Consejos verbales de Guerra.<strong>&nbsp;<\/strong><\/p>\n<p><strong>Observaciones:<\/strong> Noticia del cambio del CSU en edici\u00f3n del s\u00e1bado 27 mayo p. 1 y 20.<strong>&nbsp;<\/strong><\/p>\n<p><strong>Fecha de diligenciamiento:<\/strong> 12 de diciembre\/2018<\/p>\n<h1 style=\"text-align: center;\">***<\/h1>\n<p><strong>N\u00famero de ficha<\/strong>: A98&nbsp;&nbsp;&nbsp;&nbsp;&nbsp;&nbsp;&nbsp;&nbsp;&nbsp;&nbsp;&nbsp;&nbsp;&nbsp;&nbsp;&nbsp;&nbsp;&nbsp;&nbsp;&nbsp;&nbsp;&nbsp;&nbsp;&nbsp;&nbsp;&nbsp;&nbsp;&nbsp;&nbsp;&nbsp;&nbsp;&nbsp;&nbsp;&nbsp;&nbsp;&nbsp;&nbsp;&nbsp;&nbsp;&nbsp;&nbsp;&nbsp;&nbsp;&nbsp;&nbsp;&nbsp;&nbsp;&nbsp;&nbsp;&nbsp;&nbsp;&nbsp;&nbsp;&nbsp;&nbsp;&nbsp;&nbsp;<\/p>\n<p><strong>Diligenciada por: <\/strong>Eberhar Cano Naranjo<\/p>\n<p><strong>INFORMACI\u00d3N BIBLIOGR\u00c1FICA<\/strong><\/p>\n<p>Peri\u00f3dico: El Colombiano<\/p>\n<p>Lugar de edici\u00f3n: Medell\u00edn<\/p>\n<p>Autor personal: Juan Jos\u00e9 Garc\u00eda Posada<\/p>\n<p>Autor corporativo: n\/a<\/p>\n<p>Fecha: 1972, septiembre, 29<\/p>\n<p>P\u00e1gina: 1 y 26<\/p>\n<p>Secci\u00f3n: n\/a<\/p>\n<p><strong>T\u00edtulo: <\/strong>Bomba \u201cMolotov\u201d en la rector\u00eda de la UdeA<\/p>\n<p><strong>Resumen:<\/strong> Una bomba molotov estall\u00f3 en la oficina del rector mientras \u00e9l no estaba en el recinto. Presuntamente arrojada por un hombre y una mujer. La situaci\u00f3n se present\u00f3 en medio de un mitin rel\u00e1mpago luego de la asamblea realizada en Ciencias y Humanidades. Dirigentes estudiantiles y profesores rechazan el atentado aludiendo a que no es la forma de actuar. El art\u00edculo retoma los atentados que han sufrido los tres \u00faltimos rectores. Hay versiones encontradas y rechazos masificados por la acci\u00f3n.<strong>&nbsp;<\/strong><\/p>\n<p><strong>Im\u00e1genes: <\/strong>n\/a<\/p>\n<p><strong>INFORMACI\u00d3N ANAL\u00cdTICA<\/strong><strong style=\"font-size: inherit;\">&nbsp;<\/strong><\/p>\n<p><strong>Contexto de la noticia:<\/strong> Paro de Avianca, Medell\u00edn y el problema de los Tugurios, Paro legislativo en el pa\u00eds, Bombardeos en Saig\u00f3n, No hay acuerdo de paz en Paris, movimiento civil en Chile, Colombia es beneficiado por el BIRF, crisis en la U. Nacional por expulsi\u00f3n de estudiantes.<\/p>\n<p><strong>Palabras clave: <\/strong>Rector\u00eda, Acciones violentas, mitin, asamblea de estudiantes<\/p>\n<p><strong>Sugerencia de palabras claves:<\/strong><strong style=\"font-size: inherit;\">&nbsp;<\/strong><\/p>\n<p><strong>Observaciones:<\/strong> Editorial del d\u00eda: <em>Salvemos nuestra universidad. <\/em>p.3.<strong>&nbsp;<\/strong><\/p>\n<p><strong>Fecha de diligenciamiento:<\/strong> 12 de diciembre\/2018<\/p>\n<h1 style=\"text-align: center;\">***<\/h1>\n<p><strong>N\u00famero de ficha<\/strong>: A99&nbsp;&nbsp;&nbsp;&nbsp;&nbsp;&nbsp;&nbsp;&nbsp;&nbsp;&nbsp;&nbsp;&nbsp;&nbsp;&nbsp;&nbsp;&nbsp;&nbsp;&nbsp;&nbsp;&nbsp;&nbsp;&nbsp;&nbsp;&nbsp;&nbsp;&nbsp;&nbsp;&nbsp;&nbsp;&nbsp;&nbsp;&nbsp;&nbsp;&nbsp;&nbsp;&nbsp;&nbsp;&nbsp;&nbsp;&nbsp;&nbsp;&nbsp;&nbsp;&nbsp;&nbsp;&nbsp;&nbsp;&nbsp;&nbsp;&nbsp;&nbsp;&nbsp;&nbsp;&nbsp;&nbsp;&nbsp;<\/p>\n<p><strong>Diligenciada por: <\/strong>Eberhar Cano Naranjo<\/p>\n<p><strong>INFORMACI\u00d3N BIBLIOGR\u00c1FICA<\/strong><\/p>\n<p>Peri\u00f3dico: El Colombiano<\/p>\n<p>Lugar de edici\u00f3n: Medell\u00edn<\/p>\n<p>Autor personal: n\/a<\/p>\n<p>Autor corporativo: Equipo Editorial<\/p>\n<p>Fecha: 1972, octubre, 05<\/p>\n<p>P\u00e1gina: 1 y 9<\/p>\n<p>Secci\u00f3n: n\/a<\/p>\n<p><strong>T\u00edtulo: <\/strong>Expulsados dos alumnos de la U. de Antioquia.<\/p>\n<p><strong>Resumen:<\/strong> Por determinaci\u00f3n del rector fueron expulsados los estudiantes Teresa Ochoa Leal y \u00c1lvaro Arroyave Lema, seg\u00fan el administrativo por participar en actos violentos contra la integridad de miembros de la universidad y los bienes de la misma. En la resoluci\u00f3n se reitera que el estudiante \u00c1lvaro Arroyave Lema hab\u00eda sido expulsado anteriormente y posteriormente readmitido, lo que implica una reincidencia en sus actos violentos.<strong>&nbsp;<\/strong><\/p>\n<p><strong>Im\u00e1genes: <\/strong>n\/a<\/p>\n<p><strong>INFORMACI\u00d3N ANAL\u00cdTICA<\/strong><strong style=\"font-size: inherit;\">&nbsp;<\/strong><\/p>\n<p><strong>Contexto de la noticia:<\/strong> Propuestas de Colombia a la ONU sobre la violencia, Integraci\u00f3n del directorio liberal en Antioquia, Incora elimina 6 proyectos rurales, protestas estudiantiles en Neiva, Siguen problemas en la U. nacional.<\/p>\n<p><strong>Palabras clave: <\/strong>Ochoa Leal, Teresa., Arroyave Lema, \u00c1lvaro., Rector\u00eda, Acciones violentas.<\/p>\n<p><strong>Sugerencia de palabras claves: <\/strong>Expulsi\u00f3n<strong>&nbsp;<\/strong><\/p>\n<p><strong>Observaciones:<\/strong> Consecuencia de la medida: <em>\u201cParo de 48 horas en la UdeA\u201d, <\/em>6 de octubre\/1972, p. 1 y 24.<strong>&nbsp;<\/strong><\/p>\n<p><strong>Fecha de diligenciamiento:<\/strong> 12 de diciembre\/2018<\/p>\n<h1 style=\"text-align: center;\">***<\/h1>\n<p><strong>N\u00famero de ficha<\/strong>: A100&nbsp;&nbsp;&nbsp;&nbsp;&nbsp;&nbsp;&nbsp;&nbsp;&nbsp;&nbsp;&nbsp;&nbsp;&nbsp;&nbsp;&nbsp;&nbsp;&nbsp;&nbsp;&nbsp;&nbsp;&nbsp;&nbsp;&nbsp;&nbsp;&nbsp;&nbsp;&nbsp;&nbsp;&nbsp;&nbsp;&nbsp;&nbsp;&nbsp;&nbsp;&nbsp;&nbsp;&nbsp;&nbsp;&nbsp;&nbsp;&nbsp;&nbsp;&nbsp;&nbsp;&nbsp;&nbsp;&nbsp;&nbsp;&nbsp;&nbsp;&nbsp;&nbsp;&nbsp;&nbsp;<\/p>\n<p><strong>Diligenciada por: <\/strong>Eberhar Cano Naranjo<\/p>\n<p><strong>INFORMACI\u00d3N BIBLIOGR\u00c1FICA<\/strong><\/p>\n<p>Peri\u00f3dico: El Colombiano<\/p>\n<p>Lugar de edici\u00f3n: Medell\u00edn<\/p>\n<p>Autor personal: n\/a<\/p>\n<p>Autor corporativo: Equipo Editorial<\/p>\n<p>Fecha: 1972, octubre, 12<\/p>\n<p>P\u00e1gina: 17<\/p>\n<p>Secci\u00f3n: n\/a<\/p>\n<p><strong>T\u00edtulo: <\/strong>Rechazan la violencia profesores de la UdeA -Adscritos al movimiento de renovaci\u00f3n-&nbsp;<\/p>\n<p><strong>Resumen:<\/strong> Profesores adscritos al Movimiento de Renovaci\u00f3n, hacen conocer un manifiesto donde argumentan que la universidad y la violencia son incompatibles. El Movimiento afirma que la universidad no puede ser ajena a los problemas sociales ni debe ser neutral, pero debe buscar medios m\u00e1s efectivos para la b\u00fasqueda de una sociedad m\u00e1s justa. Su rechazo al a violencia como un obst\u00e1culo se argumenta seg\u00fan ellos, porque la universidad debe cumplir la funci\u00f3n de la investigaci\u00f3n, la creatividad, el humanismo, la preparaci\u00f3n profesional, el di\u00e1logo constructivo entre estamentos, etc.<strong>&nbsp;<\/strong><\/p>\n<p><strong>Im\u00e1genes: <\/strong>n\/a<\/p>\n<p><strong>INFORMACI\u00d3N ANAL\u00cdTICA<\/strong><strong style=\"font-size: inherit;\">&nbsp;<\/strong><\/p>\n<p><strong>Contexto de la noticia:<\/strong> Nuevas normas sobre derechos sindicales, reformas al proyecto educativo, aumenta el presupuesto del Incora, Aumentan inversiones privadas de EE.UU en Latinoam\u00e9rica, IV congreso de ASA, EE.PP se vincula al municipio, Cierre de la U. Nacional.<\/p>\n<p><strong>Palabras clave: <\/strong>Acciones violentas, Comunicado.<\/p>\n<p><strong>Sugerencia de palabras claves: <\/strong>Movimiento de Renovaci\u00f3n Universitaria.<strong>&nbsp;<\/strong><\/p>\n<p><strong>Observaciones:<\/strong> Opiniones del rector en la edici\u00f3n del 13 de octubre\/1971, p. 1 y 7.<strong>&nbsp;<\/strong><\/p>\n<p><strong>Fecha de diligenciamiento:<\/strong> 12 de diciembre\/2018<\/p>\n<h1 style=\"text-align: center;\">***<\/h1>\n<p><strong>N\u00famero de ficha<\/strong>: A101&nbsp;&nbsp;&nbsp;&nbsp;&nbsp;&nbsp;&nbsp;&nbsp;&nbsp;&nbsp;&nbsp;&nbsp;&nbsp;&nbsp;&nbsp;&nbsp;&nbsp;&nbsp;&nbsp;&nbsp;&nbsp;&nbsp;&nbsp;&nbsp;&nbsp;&nbsp;&nbsp;&nbsp;&nbsp;&nbsp;&nbsp;&nbsp;&nbsp;&nbsp;&nbsp;&nbsp;&nbsp;&nbsp;&nbsp;&nbsp;&nbsp;&nbsp;&nbsp;&nbsp;&nbsp;&nbsp;&nbsp;&nbsp;&nbsp;&nbsp;&nbsp;&nbsp;&nbsp;&nbsp;<\/p>\n<p><strong>Diligenciada por: <\/strong>Eberhar Cano Naranjo<\/p>\n<p><strong>INFORMACI\u00d3N BIBLIOGR\u00c1FICA<\/strong><\/p>\n<p>Peri\u00f3dico: El Colombiano<\/p>\n<p>Lugar de edici\u00f3n: Medell\u00edn<\/p>\n<p>Autor personal: n\/a<\/p>\n<p>Autor corporativo: Equipo Editorial<\/p>\n<p>Fecha: 1972, noviembre, 01<\/p>\n<p>P\u00e1gina: 1 y 26<\/p>\n<p>Secci\u00f3n: n\/a<\/p>\n<p><strong>T\u00edtulo: <\/strong>Clausuradas las ingenier\u00edas en la Universidad de Antioquia.&nbsp;&nbsp;<\/p>\n<p><strong>Resumen:<\/strong> El Consejo Directivo en cabeza del rector Luis Fernando Duque y su secretario, Hernando S\u00e1nchez, resuelven la cancelaci\u00f3n del semestre acad\u00e9mico de la facultad de Ingenier\u00eda por incumplimiento a los deberes pactados frente a la asistencia a clases y que retomar\u00e1n en el semestre acad\u00e9mico del a\u00f1o pr\u00f3ximo. Un grupo de profesores, en respuesta a la decisi\u00f3n enviaron un comunicado al rector planteando su rechazo a la determinaci\u00f3n y aluden a que es una medida acelerada que no ayuda a resolver los problemas de la universidad y los que se \u201cavecinan\u201d. Los profesores manifiestan su rechazo a las acciones de violencia f\u00edsica y verbal contra el rector y dem\u00e1s miembros de la universidad y hacen un llamado a que la universidad abandere los principios del derecho, la investigaci\u00f3n y la cultura como fuentes del conocimiento y desarrollo.<strong>&nbsp;<\/strong><\/p>\n<p><strong>Im\u00e1genes: <\/strong>n\/a<\/p>\n<p><strong>INFORMACI\u00d3N ANAL\u00cdTICA<\/strong><strong style=\"font-size: inherit;\">&nbsp;<\/strong><\/p>\n<p><strong>Contexto de la noticia:<\/strong> Medidas contra la inflaci\u00f3n, presentan c\u00f3digo tributario, renunci\u00f3 gabinete de Allende en Chile, U. Nacional de Manizales en cese, debates federalismo y centralismo en Colombia, Ataques en Siria.<\/p>\n<p><strong>Palabras clave: <\/strong>Duque, Luis Fernando., S\u00e1nchez, Hernando., Acciones violentas, Comunicado<\/p>\n<p><strong>Sugerencia de palabras claves: <\/strong>Cancelaci\u00f3n de semestre<strong>&nbsp;<\/strong><\/p>\n<p><strong>Observaciones:<\/strong><strong>&nbsp;<\/strong><\/p>\n<p><strong>Fecha de diligenciamiento:<\/strong> 12 de diciembre\/2018<\/p>\n<h1 style=\"text-align: center;\">***<\/h1>\n<p><strong>N\u00famero de ficha<\/strong>: A102&nbsp;&nbsp;&nbsp;&nbsp;&nbsp;&nbsp;&nbsp;&nbsp;&nbsp;&nbsp;&nbsp;&nbsp;&nbsp;&nbsp;&nbsp;&nbsp;&nbsp;&nbsp;&nbsp;&nbsp;&nbsp;&nbsp;&nbsp;&nbsp;&nbsp;&nbsp;&nbsp;&nbsp;&nbsp;&nbsp;&nbsp;&nbsp;&nbsp;&nbsp;&nbsp;&nbsp;&nbsp;&nbsp;&nbsp;&nbsp;&nbsp;&nbsp;&nbsp;&nbsp;&nbsp;&nbsp;&nbsp;&nbsp;&nbsp;&nbsp;&nbsp;&nbsp;&nbsp;&nbsp;<\/p>\n<p><strong>Diligenciada por: <\/strong>Eberhar Cano Naranjo<\/p>\n<p><strong>INFORMACI\u00d3N BIBLIOGR\u00c1FICA<\/strong><\/p>\n<p>Peri\u00f3dico: El Colombiano<\/p>\n<p>Lugar de edici\u00f3n: Medell\u00edn<\/p>\n<p>Autor personal: Juan Jos\u00e9 Garc\u00eda<\/p>\n<p>Autor corporativo: Equipo Editorial<\/p>\n<p>Fecha: 1972, noviembre, 03<\/p>\n<p>P\u00e1gina: 1 y 28<\/p>\n<p>Secci\u00f3n: n\/a<\/p>\n<p><strong>T\u00edtulo: <\/strong>El rector amenaza con cerrar la UdeA.<\/p>\n<p><strong>Resumen:<\/strong> La posibilidad de cancelar el semestre acad\u00e9mico para las dem\u00e1s facultades, as\u00ed como se hizo con Ingenier\u00eda, obedece a la crisis e inasistencia de los estudiantes y profesores por cuenta de los paros. Los estudiantes en contrav\u00eda de las determinaciones de la rector\u00eda, siguen sesionando en asamblea general y decretan paro de 72 horas y no ceder ante las presiones. La Asociaci\u00f3n de profesores por su parte expide un comunicado en rechazo a las amenazas del rector y alude a que la medida pretende acabar con la libertad de expresi\u00f3n que es la base de una aut\u00e9ntica universidad, expresan su preocupaci\u00f3n con la din\u00e1mica que viene tomando el Consejo Directivo y el Gobernador regulando el ejercicio de debate que hasta podr\u00eda correr el riesgo de prohibirse si las l\u00f3gicas del gobierno siguen empecinadas en este tipo de posiciones, firman: Luis Fernando V\u00e9lez V\u00e9lez (presidente) y Luis Enrique Ruiz (secretario).<strong>&nbsp;<\/strong><\/p>\n<p><strong>Im\u00e1genes: <\/strong>n\/a<\/p>\n<p><strong>INFORMACI\u00d3N ANAL\u00cdTICA<\/strong><strong style=\"font-size: inherit;\">&nbsp;<\/strong><\/p>\n<p><strong>Contexto de la noticia:<\/strong> Clausurada UN de Manizales, se crear\u00e1 organismo para controlar mercado extra bancario, debate en la ONU sobre terrorismo, visita de Michelsen a Medell\u00edn, replantean pol\u00edtica de cr\u00e9dito, militares piden estado de sitio en Uruguay, narcotraficantes y el canal de Panam\u00e1.<\/p>\n<p><strong>Palabras clave: <\/strong>V\u00e9lez, Luis Fernando., Ruiz, Luis Enrique., Acciones violentas, Comunicado,<\/p>\n<p><strong>Sugerencia de palabras claves: <\/strong>Cancelaci\u00f3n de semestre<strong>&nbsp;<\/strong><\/p>\n<p><strong>Observaciones:<\/strong> La noticia est\u00e1 acompa\u00f1ada del comunicado sobre la clausura la Nacional de Manizales. Y las opiniones que gener\u00f3 este acontecimiento (p.28).<strong>&nbsp;<\/strong><\/p>\n<p><strong>Fecha de diligenciamiento:<\/strong> 12 de diciembre\/2018<\/p>\n<h1 style=\"text-align: center;\">***<\/h1>\n<p><strong>N\u00famero de ficha<\/strong>: A103&nbsp;&nbsp;&nbsp;&nbsp;&nbsp;&nbsp;&nbsp;&nbsp;&nbsp;&nbsp;&nbsp;&nbsp;&nbsp;&nbsp;&nbsp;&nbsp;&nbsp;&nbsp;&nbsp;&nbsp;&nbsp;&nbsp;&nbsp;&nbsp;&nbsp;&nbsp;&nbsp;&nbsp;&nbsp;&nbsp;&nbsp;&nbsp;&nbsp;&nbsp;&nbsp;&nbsp;&nbsp;&nbsp;&nbsp;&nbsp;&nbsp;&nbsp;&nbsp;&nbsp;&nbsp;&nbsp;&nbsp;&nbsp;&nbsp;&nbsp;&nbsp;&nbsp;&nbsp;&nbsp;<\/p>\n<p><strong>Diligenciada por: <\/strong>Eberhar Cano Naranjo<\/p>\n<p>INFORMACI\u00d3N BIBLIOGR\u00c1FICA<\/p>\n<p>Peri\u00f3dico: El Colombiano<\/p>\n<p>Lugar de edici\u00f3n: Medell\u00edn<\/p>\n<p>Autor personal: Juan Jos\u00e9 Garc\u00eda<\/p>\n<p>Autor corporativo: Equipo Editorial<\/p>\n<p>Fecha: 1972, noviembre, 11<\/p>\n<p>P\u00e1gina: 2<\/p>\n<p>Secci\u00f3n: n\/a<\/p>\n<p><strong>T\u00edtulo: <\/strong>El futuro de la UdeA lo deciden los estudiantes -Dice el Rector Duque Ram\u00edrez-<\/p>\n<p><strong>Resumen:<\/strong> El rector del Alma Mater en entrevista a El Colombiano afirm\u00f3 que <em>\u201cel futuro de la UdeA lo deciden los estudiantes\u201d<\/em> y que el lunes pr\u00f3ximo tendr\u00e1 otra reuni\u00f3n con los decanos y otros miembros del Consejo para continuar con el an\u00e1lisis de la situaci\u00f3n y tomar determinaciones. Ayer fueron cerradas dos nuevas facultades correspondientes a Educaci\u00f3n y Econom\u00eda. Por otra parte, se realiz\u00f3 un plebiscito entre los estudiantes durante dos d\u00edas donde se manifest\u00f3 el rechazo a la permanencia del rector, asunto que el rector mismo desconoci\u00f3 y no valid\u00f3 porque no conoc\u00eda las razones como se efectu\u00f3.<strong>&nbsp;<\/strong><\/p>\n<p><strong>Im\u00e1genes: <\/strong>n\/a<\/p>\n<p><strong>INFORMACI\u00d3N ANAL\u00cdTICA<\/strong><strong style=\"font-size: inherit;\">&nbsp;<\/strong><\/p>\n<p><strong>Contexto de la noticia:<\/strong> expulsiones en la UN y normalidad acad\u00e9mica, lleras reconoce fracaso de la reforma constitucional, retorno de Per\u00f3n a Argentina, UTC y CTC planean paro nacional, Nixon sigue en la presidencia de EE.UU.<\/p>\n<p><strong>Palabras clave: <\/strong>Duque Ram\u00edrez, Luis Fernando., Rector, Consejo Directivo,<\/p>\n<p><strong>Sugerencia de palabras claves: <\/strong>Cancelaci\u00f3n de semestre<strong>&nbsp;<\/strong><\/p>\n<p><strong>Observaciones:<\/strong><strong>&nbsp;<\/strong><\/p>\n<p><strong>Fecha de diligenciamiento:<\/strong> 12 de diciembre\/2018<\/p>\n<h1 style=\"text-align: center;\">***<\/h1>\n<p><strong>N\u00famero de ficha<\/strong>: A104&nbsp;&nbsp;&nbsp;&nbsp;&nbsp;&nbsp;&nbsp;&nbsp;&nbsp;&nbsp;&nbsp;&nbsp;&nbsp;&nbsp;&nbsp;&nbsp;&nbsp;&nbsp;&nbsp;&nbsp;&nbsp;&nbsp;&nbsp;&nbsp;&nbsp;&nbsp;&nbsp;&nbsp;&nbsp;&nbsp;&nbsp;&nbsp;&nbsp;&nbsp;&nbsp;&nbsp;&nbsp;&nbsp;&nbsp;&nbsp;&nbsp;&nbsp;&nbsp;&nbsp;&nbsp;&nbsp;&nbsp;&nbsp;&nbsp;&nbsp;&nbsp;&nbsp;&nbsp;&nbsp;<\/p>\n<p><strong>Diligenciada por: <\/strong>Eberhar Cano Naranjo<\/p>\n<p>INFORMACI\u00d3N BIBLIOGR\u00c1FICA<\/p>\n<p>Peri\u00f3dico: El Colombiano<\/p>\n<p>Lugar de edici\u00f3n: Medell\u00edn<\/p>\n<p>Autor personal: Juan Jos\u00e9 Garc\u00eda<\/p>\n<p>Autor corporativo: Equipo Editorial<\/p>\n<p>Fecha: 1972, noviembre, 15<\/p>\n<p>P\u00e1gina: 1 y 9<\/p>\n<p>Secci\u00f3n: n\/a<\/p>\n<p><strong>T\u00edtulo: <\/strong>Clausuradas tres facultades m\u00e1s en la Universidad de Antioquia<\/p>\n<p><strong>Resumen:<\/strong> Aproximadamente cuatro mil estudiantes quedaron sin semestre acad\u00e9mico y tendr\u00e1n que volver a solicitar nueva matr\u00edcula, afirm\u00f3 el rector a El Colombiano en entrevista. La medida gener\u00f3 controversia y no se conocen las consecuencias que pueda traer. Se asume que podr\u00e1 venir una agudizaci\u00f3n de la protesta y un desprestigio de la actividad directiva. Seg\u00fan la entrevista, el rector argumenta que no hubiera deseado llegar a tal determinaci\u00f3n, pero las situaciones y la ausencia de clases los obligaron. Tambi\u00e9n declara que la universidad est\u00e1 en investigaciones para sancionar acad\u00e9mica y disciplinariamente a estudiantes que han promovido paros y protestas. Afirma adem\u00e1s que sigue dispuesto al di\u00e1logo y que la toma de estas medidas no pretende generar mal ambiente para el di\u00e1logo.<strong>&nbsp;<\/strong><\/p>\n<p><strong>Im\u00e1genes: <\/strong>n\/a<\/p>\n<p><strong>INFORMACI\u00d3N ANAL\u00cdTICA<\/strong><strong style=\"font-size: inherit;\">&nbsp;<\/strong><\/p>\n<p><strong>Contexto de la noticia:<\/strong> Per\u00f3n en Argentina, Di\u00e1logos de paz en Saig\u00f3n, Colombia exhorta a la ONU para combatir el Terrorismo, Cumbre \u00c1rabe contra Israel, Socialismo sin temores plantea Lleras Restrepo.<\/p>\n<p><strong>Palabras clave: <\/strong>Rector, Consejo Directivo, Protesta<\/p>\n<p><strong>Sugerencia de palabras claves: <\/strong>Cancelaci\u00f3n de semestre, Sanciones, Paro<strong>&nbsp;<\/strong><\/p>\n<p><strong>Observaciones:<\/strong><strong>&nbsp;<\/strong><\/p>\n<p><strong>Fecha de diligenciamiento:<\/strong> 12 de diciembre\/2018<\/p>\n<h1 style=\"text-align: center;\">***<\/h1>\n<p><strong>N\u00famero de ficha<\/strong>: A105&nbsp;&nbsp;&nbsp;&nbsp;&nbsp;&nbsp;&nbsp;&nbsp;&nbsp;&nbsp;&nbsp;&nbsp;&nbsp;&nbsp;&nbsp;&nbsp;&nbsp;&nbsp;&nbsp;&nbsp;&nbsp;&nbsp;&nbsp;&nbsp;&nbsp;&nbsp;&nbsp;&nbsp;&nbsp;&nbsp;&nbsp;&nbsp;&nbsp;&nbsp;&nbsp;&nbsp;&nbsp;&nbsp;&nbsp;&nbsp;&nbsp;&nbsp;&nbsp;&nbsp;&nbsp;&nbsp;&nbsp;&nbsp;&nbsp;&nbsp;&nbsp;&nbsp;&nbsp;&nbsp;<\/p>\n<p><strong>Diligenciada por:<\/strong> Eberhar Cano Naranjo<\/p>\n<p>INFORMACI\u00d3N BIBLIOGR\u00c1FICA<\/p>\n<p>Peri\u00f3dico: El Colombiano<\/p>\n<p>Lugar de edici\u00f3n: Medell\u00edn<\/p>\n<p>Autor personal: Juan Jos\u00e9 Garc\u00eda<\/p>\n<p>Autor corporativo: Equipo Editorial<\/p>\n<p>Fecha: 1972, diciembre, 31<\/p>\n<p>P\u00e1gina: 12<\/p>\n<p>Secci\u00f3n: n\/a<\/p>\n<p><strong>T\u00edtulo: <\/strong>La universidad perdi\u00f3 el a\u00f1o<\/p>\n<p><strong>Resumen:<\/strong> Resumen de todos los acontecimientos ocurridos en la UdeA bajo la premisa de que <em>\u201c1972 fue un a\u00f1o negativo para la Universidad oficial en Colombia\u201d <\/em>en p\u00e1gina completa se resumen los acontecimientos y problem\u00e1ticas acaecidas en el tormentoso a\u00f1o bajo subt\u00edtulos como. INESTABILIDAD, CO-GOBIERNO, ORDEN INERNO, HUELGAS, DESORDENES, EXPULSIONES, REFORMA UNIVERSITARIA, MAS HUELGAS<strong>&nbsp;<\/strong><\/p>\n<p><strong>Im\u00e1genes: <\/strong>IMG A104 (a). Exposici\u00f3n gr\u00e1fica de protestas acompa\u00f1ando la noticia de fin de a\u00f1o. Fot\u00f3grafo: Herv\u00e1squez.<\/p>\n<p><strong>INFORMACI\u00d3N ANAL\u00cdTICA<\/strong><strong style=\"font-size: inherit;\">&nbsp;<\/strong><\/p>\n<p><strong>Contexto de la noticia:<\/strong> 1972 deja un balance \u201csatisfactorio\u201d para Colombia en todos los frentes: Presidente Pastrana.<\/p>\n<p><strong>Palabras clave: <\/strong>Rector, Consejo Directivo, Protesta, Huelga, Violencia, Gobernador.<\/p>\n<p><strong>Sugerencia de palabras claves: <\/strong>Cancelaci\u00f3n de semestre, Sanciones, Paro, Reforma Universitaria.<strong>&nbsp;<\/strong><\/p>\n<p><strong>Observaciones:<\/strong> \u2026 Ofrece una descripci\u00f3n mes por mes que puede profundizarse.<strong>&nbsp;<\/strong><\/p>\n<p><strong>Fecha de diligenciamiento:<\/strong> 12 de diciembre\/2018<\/p>\n<h1 style=\"text-align: center;\">***<\/h1>\n<p><strong>N\u00famero de ficha<\/strong>: A106&nbsp;&nbsp;&nbsp;&nbsp;&nbsp;&nbsp;&nbsp;&nbsp;&nbsp;&nbsp;&nbsp;&nbsp;&nbsp;&nbsp;&nbsp;&nbsp;&nbsp;&nbsp;&nbsp;&nbsp;&nbsp;&nbsp;&nbsp;&nbsp;&nbsp;&nbsp;&nbsp;&nbsp;&nbsp;&nbsp;&nbsp;&nbsp;&nbsp;&nbsp;&nbsp;&nbsp;&nbsp;&nbsp;&nbsp;&nbsp;&nbsp;&nbsp; &nbsp;&nbsp;&nbsp;&nbsp;&nbsp;&nbsp;&nbsp;&nbsp;&nbsp;&nbsp;&nbsp;<\/p>\n<p><strong>Diligenciada por: <\/strong>Eberhar Cano Naranjo<\/p>\n<p>INFORMACI\u00d3N BIBLIOGR\u00c1FICA<\/p>\n<p>Peri\u00f3dico: El Colombiano<\/p>\n<p>Lugar de edici\u00f3n: Medell\u00edn<\/p>\n<p>Autor personal: n\/a<\/p>\n<p>Autor corporativo: Equipo Editorial<\/p>\n<p>Fecha: 1973, marzo, 15<\/p>\n<p>P\u00e1gina: 12<\/p>\n<p>Secci\u00f3n: n\/a<\/p>\n<p><strong>T\u00edtulo: <\/strong>Hoy decidir\u00e1n sobre paro en Odontolog\u00eda de UdeA. Estall\u00f3 desde el lunes.<\/p>\n<p><strong>Resumen:<\/strong> En asamblea de estudiantes de Odontolog\u00eda se decidir\u00e1 hoy si se contin\u00faa el paro que inicio el pasado lunes de esta semana. Este paro ser\u00eda el primero que estalla en la universidad y hab\u00eda pasado inadvertido por los medios de comunicaci\u00f3n. Hay inconformismo adem\u00e1s porque a 5 estudiantes se les cancel\u00f3 un examen y quedaron en promedio bajo, lo que les proh\u00edbe matricularse. El Consejo Directivo tambi\u00e9n se reuni\u00f3 para evaluar las normas acad\u00e9micas de la universidad y se insisti\u00f3 en que se sigue debatiendo el proyecto de restructuraci\u00f3n acad\u00e9mica total del plantel. Se nombraron tambi\u00e9n nuevos decanos en las facultades de Ciencias de la Salud.&nbsp;<strong>&nbsp;<\/strong><\/p>\n<p><strong>Im\u00e1genes: <\/strong>n\/a<\/p>\n<p><strong>INFORMACI\u00d3N ANAL\u00cdTICA<\/strong><strong style=\"font-size: inherit;\">&nbsp;<\/strong><\/p>\n<p><strong>Contexto de la noticia:<\/strong> Aprueban est\u00edmulos tributarios, Reuni\u00f3n del consejo de seguridad de la ONU en Panam\u00e1, abstenciones en elecciones de la UdeM.<\/p>\n<p><strong>Palabras clave: <\/strong>Asamblea de Estudiantes, Consejo Directivo,<\/p>\n<p><strong>Sugerencia de palabras claves: <\/strong>Paro, Reformas acad\u00e9micas, Medios de comunicaci\u00f3n<strong>&nbsp;<\/strong><\/p>\n<p><strong>Observaciones:<\/strong> El 16 de marzo, se menciona en una peque\u00f1a nota (p.2), la decisi\u00f3n de continuar el paro hasta el martes de la pr\u00f3xima semana<strong>&nbsp;<\/strong><\/p>\n<p><strong>Fecha de diligenciamiento:<\/strong> 13 de diciembre\/2018<\/p>\n<h1 style=\"text-align: center;\">***<\/h1>\n<p><strong>N\u00famero de ficha<\/strong>: A107&nbsp;&nbsp;&nbsp;&nbsp;&nbsp;&nbsp;&nbsp;&nbsp;&nbsp;&nbsp;&nbsp;&nbsp;&nbsp;&nbsp;&nbsp;&nbsp;&nbsp;&nbsp;&nbsp;&nbsp;&nbsp;&nbsp;&nbsp;&nbsp;&nbsp;&nbsp;&nbsp;&nbsp;&nbsp;&nbsp;&nbsp;&nbsp;&nbsp;&nbsp;&nbsp;&nbsp;&nbsp;&nbsp;&nbsp;&nbsp;&nbsp;&nbsp;&nbsp;&nbsp;&nbsp;&nbsp;&nbsp;&nbsp;&nbsp;&nbsp;&nbsp;&nbsp;&nbsp;&nbsp;<\/p>\n<p><strong>Diligenciada por: <\/strong>Eberhar Cano Naranjo<\/p>\n<p>INFORMACI\u00d3N BIBLIOGR\u00c1FICA<\/p>\n<p>Peri\u00f3dico: El Colombiano<\/p>\n<p>Lugar de edici\u00f3n: Medell\u00edn<\/p>\n<p>Autor personal: Rafael Cervantes<\/p>\n<p>Autor corporativo: n\/a<\/p>\n<p>Fecha: 1973, marzo, 20<\/p>\n<p>P\u00e1gina: 1 y 18<\/p>\n<p>Secci\u00f3n: n\/a<\/p>\n<p><strong>T\u00edtulo: <\/strong>Hoy regresan seis mil estudiantes a la UdeA<strong>. <\/strong>Apartes del nuevo reglamento.<\/p>\n<p><strong>Resumen:<\/strong> Con expectativa regresan los estudiantes a sus clases, especialmente a quienes vuelven de las facultades a las que se les cancel\u00f3 el semestre el a\u00f1o anterior, Ciencias y Humanidades. Educaci\u00f3n, Econom\u00eda e Ingenier\u00eda.&nbsp; El Colombiano conoci\u00f3 extraoficialmente el nuevo documento del reglamento que contiene cerca de 40 p\u00e1ginas y recoge normas frente a aspectos acad\u00e9micos como ex\u00e1menes, promedios para continuar estudios, matriculas etc. y tambi\u00e9n sobre procedimientos en las unidades de docentes y \u00f3rganos superiores. La comunidad universitaria est\u00e1 expectante sobre la socializaci\u00f3n del nuevo reglamento. Adem\u00e1s, se menciona que el reglamento contiene proyectos que incluyen el Bienestar Estudiantil, los programas de cr\u00e9dito del ICETEX y el Banco Universitario. Se destaca que la universidad ha venido creciendo mucho m\u00e1s de lo que su capacidad lo permite y que no puede ser un elemento menor en los an\u00e1lisis.<strong>&nbsp;<\/strong><\/p>\n<p><strong>Im\u00e1genes: <\/strong>n\/a<\/p>\n<p><strong>INFORMACI\u00d3N ANAL\u00cdTICA<\/strong><strong style=\"font-size: inherit;\">&nbsp;<\/strong><\/p>\n<p><strong>Contexto de la noticia:<\/strong> Debates entre el gobierno y cafeteros, sanciones a funcionarios y jueces, en Panam\u00e1 se debate veto a Cuba, Defensa al Frente Nacional por parte de \u00c1lvaro G\u00f3mez Hurtado, Lleras preside concentraci\u00f3n sindical de trabajadores liberales.<\/p>\n<p><strong>Palabras clave: <\/strong>Consejo Directivo,<\/p>\n<p><strong>Sugerencia de palabras claves: <\/strong>Reformas acad\u00e9micas, Medios de comunicaci\u00f3n, Paro.<strong>&nbsp;<\/strong><\/p>\n<p><strong>Observaciones: <\/strong>En el art\u00edculo hay una breve nota sobre la continuidad del paro en Odontolog\u00eda.<strong>&nbsp;<\/strong><\/p>\n<p><strong>Fecha de diligenciamiento:<\/strong> 13 de diciembre\/2018<\/p>\n<h1 style=\"text-align: center;\">***<\/h1>\n<p><strong>N\u00famero de ficha<\/strong>: A108&nbsp;&nbsp;&nbsp;&nbsp;&nbsp;&nbsp;&nbsp;&nbsp;&nbsp;&nbsp;&nbsp;&nbsp;&nbsp;&nbsp;&nbsp;&nbsp;&nbsp;&nbsp;&nbsp;&nbsp;&nbsp;&nbsp;&nbsp;&nbsp;&nbsp;&nbsp;&nbsp;&nbsp;&nbsp;&nbsp;&nbsp;&nbsp;&nbsp;&nbsp;&nbsp;&nbsp;&nbsp;&nbsp;&nbsp;&nbsp;&nbsp;&nbsp;&nbsp;&nbsp;&nbsp;&nbsp;&nbsp;&nbsp;&nbsp;&nbsp;&nbsp;&nbsp;&nbsp;&nbsp;<\/p>\n<p><strong>Diligenciada por: <\/strong>Eberhar Cano Naranjo<\/p>\n<p>INFORMACI\u00d3N BIBLIOGR\u00c1FICA<\/p>\n<p>Peri\u00f3dico: El Colombiano<\/p>\n<p>Lugar de edici\u00f3n: Medell\u00edn<\/p>\n<p>Autor personal: n\/a<\/p>\n<p>Autor corporativo: Equipo Editorial<\/p>\n<p>Fecha: 1973, abril, 06<\/p>\n<p>P\u00e1gina: 21<\/p>\n<p>Secci\u00f3n: n\/a<\/p>\n<p><strong>T\u00edtulo: <\/strong>La Asociaci\u00f3n de profesores cr\u00edtica pol\u00edtica de la UdeA.<\/p>\n<p><strong>Resumen:<\/strong> La nueva Junta directiva de la Asociaci\u00f3n de Profesores, con Carlos Gaviria D\u00edaz como presidente. Dio a conocer un manifiesto sobre sus an\u00e1lisis de la nueva reforma de la universidad. Dicho an\u00e1lisis toca amplios temas concernientes a lo que los directivos llaman la filosof\u00eda de la universidad, sin embargo, la Asociaci\u00f3n hace un fuerte debate sobre algo que para ellos es preocupante y parece estar impl\u00edcito en el documento y es el tema del autoritarismo que se percibe en cada l\u00ednea. Plantean: <em>\u201cLa selecci\u00f3n por encuadramiento ideol\u00f3gico es una t\u00e9cnica represiva propia de los estados totalitarios. Emplearla en la universidad es no solo degradar la instituci\u00f3n sino desconocer su esencia\u201d. (p.21)<\/em><strong>&nbsp;<\/strong><\/p>\n<p><strong>Im\u00e1genes: <\/strong>n\/a<\/p>\n<p><strong>INFORMACI\u00d3N ANAL\u00cdTICA<\/strong><strong style=\"font-size: inherit;\">&nbsp;<\/strong><\/p>\n<p><strong>Contexto de la noticia:<\/strong> Paro de m\u00e9dicos y residentes en el pa\u00eds, aumentan sueldos de empleados departamentales, crearan bibliotecas en distritos departamentales, se crea la organizaci\u00f3n latinoamericana de energ\u00eda, Rebeli\u00f3n en la India, Recrudecimiento de la lucha en Vietnam, cancelan 257 empresas en el pa\u00eds, la OEA en crisis.<\/p>\n<p><strong>Palabras clave: <\/strong>Gaviria D\u00edaz, Carlos., Consejo Directivo, Asociaci\u00f3n de Profesores, Comunicado.<\/p>\n<p><strong>Sugerencia de palabras claves: <\/strong>Reformas acad\u00e9micas. Autoritarismo<strong>&nbsp;<\/strong><\/p>\n<p><strong>Observaciones:<\/strong><strong style=\"font-size: inherit;\">&nbsp;<\/strong><\/p>\n<p><strong>Fecha de diligenciamiento:<\/strong> 13 de diciembre\/2018<\/p>\n<h1 style=\"text-align: center;\">***<\/h1>\n<p><strong>N\u00famero de ficha<\/strong>: A109&nbsp;&nbsp;&nbsp;&nbsp;&nbsp;&nbsp;&nbsp;&nbsp;&nbsp;&nbsp;&nbsp;&nbsp;&nbsp;&nbsp;&nbsp;&nbsp;&nbsp;&nbsp;&nbsp;&nbsp;&nbsp;&nbsp;&nbsp;&nbsp;&nbsp;&nbsp;&nbsp;&nbsp;&nbsp;&nbsp;&nbsp;&nbsp;&nbsp;&nbsp;&nbsp;&nbsp;&nbsp;&nbsp;&nbsp;&nbsp;&nbsp;&nbsp;&nbsp;&nbsp;&nbsp;&nbsp;&nbsp;&nbsp;&nbsp;&nbsp;&nbsp;&nbsp;&nbsp;&nbsp;<\/p>\n<p><strong>Diligenciada por: <\/strong>Eberhar Cano Naranjo<\/p>\n<p>INFORMACI\u00d3N BIBLIOGR\u00c1FICA<\/p>\n<p>Peri\u00f3dico: El Colombiano<\/p>\n<p>Lugar de edici\u00f3n: Medell\u00edn<\/p>\n<p>Autor personal: n\/a<\/p>\n<p>Autor corporativo: Equipo Editorial<\/p>\n<p>Fecha: 1973, abril, 12<\/p>\n<p>P\u00e1gina: 9<\/p>\n<p>Secci\u00f3n: n\/a<\/p>\n<p><strong>T\u00edtulo: <\/strong>Paro en 3\u00b0. 4\u00b0. y 5\u00b0. de la Facultad de Medicina.&nbsp;<\/p>\n<p><strong>Resumen:<\/strong> Luego de la asamblea realizada el d\u00eda de ayer los estudiantes de los semestres 3\u00b0. 4\u00b0. y 5\u00b0. De Medicina entraron en un paro de 48 horas por la reglamentaci\u00f3n del internado rotatorio. Los estudiantes de 5\u00b0 semestre hab\u00edan adelantado el paro y ahora la importante Facultad se ve en una crisis por la suma de otros estudiantes al mismo. El rector que tambi\u00e9n es m\u00e9dico, tomo posesi\u00f3n de su cargo ayer despu\u00e9s de haberlo hecho como encargado y posteriormente viaj\u00f3 a Bogot\u00e1 para reunirse con decanos de facultades de medicina.<strong>&nbsp;<\/strong><\/p>\n<p><strong>Im\u00e1genes: <\/strong>n\/a<\/p>\n<p><strong>INFORMACI\u00d3N ANAL\u00cdTICA<\/strong><strong style=\"font-size: inherit;\">&nbsp;<\/strong><\/p>\n<p><strong>Contexto de la noticia:<\/strong> Piden exclusi\u00f3n de EE.UU en la OEA, d\u00e9ficit fiscal en Antioquia, Vietcong sigue la lucha, militares y pol\u00edticos pugnan en Uruguay.<\/p>\n<p><strong>Palabras clave: <\/strong>Consejo Directivo, Asamblea de Estudiantes, Rector\u00eda,<\/p>\n<p><strong>Sugerencia de palabras claves: <\/strong>Reformas acad\u00e9micas, Paro<strong>&nbsp;<\/strong><\/p>\n<p><strong>Observaciones:<\/strong><strong style=\"font-size: inherit;\">&nbsp;<\/strong><\/p>\n<p><strong>Fecha de diligenciamiento:<\/strong> 13 de diciembre\/2018<\/p>\n<h1 style=\"text-align: center;\">***<\/h1>\n<p><strong>N\u00famero de ficha<\/strong>: A110&nbsp;&nbsp;&nbsp;&nbsp;&nbsp;&nbsp;&nbsp;&nbsp;&nbsp;&nbsp;&nbsp;&nbsp;&nbsp;&nbsp;&nbsp;&nbsp;&nbsp;&nbsp;&nbsp;&nbsp;&nbsp;&nbsp;&nbsp;&nbsp;&nbsp;&nbsp;&nbsp;&nbsp;&nbsp;&nbsp;&nbsp;&nbsp;&nbsp;&nbsp;&nbsp;&nbsp;&nbsp;&nbsp;&nbsp;&nbsp;&nbsp;&nbsp;&nbsp;&nbsp;&nbsp;&nbsp;&nbsp;&nbsp;&nbsp;&nbsp;&nbsp;&nbsp;&nbsp;&nbsp;<\/p>\n<p><strong>Diligenciada por: <\/strong>Eberhar Cano Naranjo<\/p>\n<p>INFORMACI\u00d3N BIBLIOGR\u00c1FICA<\/p>\n<p>Peri\u00f3dico: El Colombiano<\/p>\n<p>Lugar de edici\u00f3n: Medell\u00edn<\/p>\n<p>Autor personal: Juan Jos\u00e9 Garc\u00eda<\/p>\n<p>Autor corporativo: n\/a<\/p>\n<p>Fecha: 1973, abril 13<\/p>\n<p>P\u00e1gina: 1 y 23<\/p>\n<p>Secci\u00f3n: n\/a<\/p>\n<p><strong>T\u00edtulo: <\/strong>UdeA. Cancela programas de internado y Residencia &#8211; \u201cEl paro es escandaloso\u201d, dice el Rector-&nbsp;<\/p>\n<p><strong>Resumen:<\/strong>&nbsp; El rector Luis Fernando Duque y el Consejo Directivo decidieron cancelar los programas de internado y residencia del hospital San Vicente y otros centros porque alude a que es una irresponsabilidad dejar los pacientes por una manifestaci\u00f3n de paro y condena al movimiento de internos y residentes. Voceros de la Asociaci\u00f3n manifestaron su rechazo a la medida y lo califican como lamentable y no abierto al di\u00e1logo.&nbsp; Con la dr\u00e1stica medida se afectan un centenar de internos y residentes adem\u00e1s de trabajadores de las entidades. Para los estudiantes de los semestres 3\u00b0 4\u00b0 y 5\u00b0 que est\u00e1n en huelga a\u00fan no se toman medidas, pero asume una posici\u00f3n fuerte al manifestar que le parece incre\u00edble estas acciones de paro cuando son sujetos previlejados de la sociedad.<strong>&nbsp;<\/strong><\/p>\n<p><strong>Im\u00e1genes: <\/strong>n\/a<\/p>\n<p><strong>INFORMACI\u00d3N ANAL\u00cdTICA<\/strong><strong style=\"font-size: inherit;\">&nbsp;<\/strong><\/p>\n<p><strong>Contexto de la noticia:<\/strong> Aseveraciones contra la OEA por EE.UU, detenciones y multas en el poder judicial, se hace llamado a financiar el ICETEX, m\u00edtines en Argentina por elecciones, cr\u00edtica situaci\u00f3n en Camboya.<\/p>\n<p><strong>Palabras clave: <\/strong>Duque, Luis Fernando., Consejo Directivo, Asamblea de Estudiantes, Rector\u00eda.<\/p>\n<p><strong>Sugerencia de palabras claves: <\/strong>Cancelaci\u00f3n de Residencias, Paro<strong>&nbsp;<\/strong><\/p>\n<p><strong>Observaciones:<\/strong><strong style=\"font-size: inherit;\">&nbsp;<\/strong><\/p>\n<p><strong>Fecha de diligenciamiento:<\/strong> 13 de diciembre\/2018<\/p>\n<h1 style=\"text-align: center;\">***<\/h1>\n<p><strong>N\u00famero de ficha<\/strong>: A111&nbsp;&nbsp;&nbsp;&nbsp;&nbsp;&nbsp;&nbsp;&nbsp;&nbsp;&nbsp;&nbsp;&nbsp;&nbsp;&nbsp;&nbsp;&nbsp;&nbsp;&nbsp;&nbsp;&nbsp;&nbsp;&nbsp;&nbsp;&nbsp;&nbsp;&nbsp;&nbsp;&nbsp;&nbsp;&nbsp;&nbsp;&nbsp;&nbsp;&nbsp;&nbsp;&nbsp;&nbsp;&nbsp;&nbsp;&nbsp;&nbsp;&nbsp;&nbsp;&nbsp;&nbsp;&nbsp;&nbsp;&nbsp;&nbsp;&nbsp;&nbsp;&nbsp;&nbsp;&nbsp;<\/p>\n<p><strong>Diligenciada por: <\/strong>Eberhar Cano Naranjo<\/p>\n<p>INFORMACI\u00d3N BIBLIOGR\u00c1FICA<\/p>\n<p>Peri\u00f3dico: El Colombiano<\/p>\n<p>Lugar de edici\u00f3n: Medell\u00edn<\/p>\n<p>Autor personal: n\/a<\/p>\n<p>Autor corporativo: Equipo Editorial<\/p>\n<p>Fecha: 1973, abril, 14<\/p>\n<p>P\u00e1gina: 12<\/p>\n<p>Secci\u00f3n: n\/a<\/p>\n<p><strong>T\u00edtulo: <\/strong>Internos y Residentes protestan. Resoluciones adoptadas por la UdeA.<\/p>\n<p><strong>Resumen:<\/strong>&nbsp; Como consecuencia de las fuertes medidas tomadas por parte del rector Luis Fernando Duque, los residentes e internos y su Asociaci\u00f3n realizan dos comunicados para dar sus argumentos sobre las medidas tomadas ante la crisis hospitalaria y en general con la facultad de las Ciencias de la Salud. Aluden a que los juicios como <em>\u201cla suspensi\u00f3n de actividades constituye falta grave de disciplina y de \u00e9tica profesional\u201d <\/em>son acelerados y niegan el debate y la comprensi\u00f3n del problema de fondo, ya que niega las demandas e inconformidades con los planes de emergencia y muchas otras medidas que no han sido tenidas en consideraci\u00f3n por las administraciones.<strong>&nbsp;<\/strong><\/p>\n<p><strong>Im\u00e1genes: <\/strong>n\/a<\/p>\n<p><strong>INFORMACI\u00d3N ANAL\u00cdTICA<\/strong><strong style=\"font-size: inherit;\">&nbsp;<\/strong><\/p>\n<p><strong>Contexto de la noticia:<\/strong> Aumentan presupuesto para educaci\u00f3n rural, sanci\u00f3n al Banco de la Rep\u00fablica, violencia estudiantil en Chile, Crisis en Vietnam, se propone levantar el estado de Sitio en Colombia.<\/p>\n<p><strong>Palabras clave: <\/strong>Duque, Luis Fernando., Consejo Directivo, Rector\u00eda, Suspensi\u00f3n de actividades, Paro.<\/p>\n<p><strong>Sugerencia de palabras claves:<\/strong><strong>&nbsp;<\/strong><\/p>\n<p><strong>Observaciones: <\/strong>Un art\u00edculo del 1 de mayo titulado: \u201c<strong><em>UdeA abri\u00f3 inscripciones para internos y residentes\u201d<\/em><\/strong> (\u00faltima p\u00e1gina), permite analizar la grave situaci\u00f3n y las medidas radicales por parte del rector. All\u00ed se entrecruzan 3 comunicados, uno del <em>directorio conservado<\/em>r que anula el paro por considerarlo como algo que atenta contra la vida, el rector del Alma Mater que plantea su posici\u00f3n de rechazo y de los residentes que trata de brindar a la opini\u00f3n p\u00fablica algunas aclaraciones frente a la desinformaci\u00f3n y condiciones del momento.<strong>&nbsp;<\/strong><\/p>\n<p><strong>Fecha de diligenciamiento:<\/strong> 13 de diciembre\/2018<\/p>\n<h1 style=\"text-align: center;\">***<\/h1>\n<p><strong>N\u00famero de ficha<\/strong>: A112&nbsp;&nbsp;&nbsp;&nbsp;&nbsp;&nbsp;&nbsp;&nbsp;&nbsp;&nbsp;&nbsp;&nbsp;&nbsp;&nbsp;&nbsp;&nbsp;&nbsp;&nbsp;&nbsp;&nbsp;&nbsp;&nbsp;&nbsp;&nbsp;&nbsp;&nbsp;&nbsp;&nbsp;&nbsp;&nbsp;&nbsp;&nbsp;&nbsp;&nbsp;&nbsp;&nbsp;&nbsp;&nbsp;&nbsp;&nbsp;&nbsp;&nbsp;&nbsp;&nbsp;&nbsp;&nbsp;&nbsp;&nbsp;&nbsp;&nbsp;&nbsp;&nbsp;&nbsp;&nbsp;<\/p>\n<p><strong>Diligenciada por: <\/strong>Eberhar Cano Naranjo<\/p>\n<p>INFORMACI\u00d3N BIBLIOGR\u00c1FICA<\/p>\n<p>Peri\u00f3dico: El Colombiano<\/p>\n<p>Lugar de edici\u00f3n: Medell\u00edn<\/p>\n<p>Autor personal: Rafael Cervantes Bossio<\/p>\n<p>Autor corporativo: n\/a<\/p>\n<p>Fecha: 1973, mayo, 11<\/p>\n<p>P\u00e1gina: 12<\/p>\n<p>Secci\u00f3n: n\/a<\/p>\n<p><strong>T\u00edtulo: <\/strong>La universidad no es un monumento a la piedra.<\/p>\n<p><strong>Resumen:<\/strong> En el art\u00edculo (de opini\u00f3n), el autor se\u00f1ala y cuestiona el papel del estudiante antioque\u00f1o en la grave crisis de la educaci\u00f3n y la universidad. Por un lado, se\u00f1ala que es importante la politizaci\u00f3n del estudiantado pero que lo que se manifiesta en las acciones de protesta no es m\u00e1s que fanatismo de extrema izquierda que se disputa constantemente con el fanatismo de extrema derecha, haciendo perder el rumbo de la misi\u00f3n universitaria. Con un discurso tendencioso alude a que la universidad tiene un sistema de ingreso acorde a las necesidades, involucra a la mujer como nunca antes en la educaci\u00f3n en Colombia y habla de los profesores como amigos y eso hace que la UdeA sea una de las m\u00e1s respetadas en el pa\u00eds. El autor entrevista al estudiante de econom\u00eda Gerardo Jim\u00e9nez de quien se debaten \u00e9stas y otras posiciones al respecto.<strong>&nbsp;<\/strong><\/p>\n<p><strong>Im\u00e1genes: <\/strong>n\/a<\/p>\n<p><strong>INFORMACI\u00d3N ANAL\u00cdTICA<\/strong><strong style=\"font-size: inherit;\">&nbsp;<\/strong><\/p>\n<p><strong>Contexto de la noticia:<\/strong> uni\u00f3n conservadora en Colombia, Huelga en Cementos, plenum de m\u00e9dicos residentes por crisis, huelga en Per\u00fa, reabren programa de residentes en la UdeA, nuevas medidas econ\u00f3micas de Pastrana.<\/p>\n<p><strong>Palabras clave: <\/strong>Protesta, manifestaci\u00f3n, Reforma Educativa.<\/p>\n<p><strong>Sugerencia de palabras claves:<\/strong><strong style=\"font-size: inherit;\">&nbsp;<\/strong><\/p>\n<p><strong>Observaciones:<\/strong><strong style=\"font-size: inherit;\">&nbsp;<\/strong><\/p>\n<p><strong>Fecha de diligenciamiento:<\/strong> 13 de diciembre\/2018<\/p>\n<h1 style=\"text-align: center;\">***<\/h1>\n<p><strong>N\u00famero de ficha<\/strong>: A113&nbsp;&nbsp;&nbsp;&nbsp;&nbsp;&nbsp;&nbsp;&nbsp;&nbsp;&nbsp;&nbsp;&nbsp;&nbsp;&nbsp;&nbsp;&nbsp;&nbsp;&nbsp;&nbsp;&nbsp;&nbsp;&nbsp;&nbsp;&nbsp;&nbsp;&nbsp;&nbsp;&nbsp;&nbsp;&nbsp;&nbsp;&nbsp;&nbsp;&nbsp;&nbsp;&nbsp;&nbsp;&nbsp;&nbsp;&nbsp;&nbsp;&nbsp;&nbsp;&nbsp;&nbsp;&nbsp;&nbsp;&nbsp;&nbsp;&nbsp;&nbsp;&nbsp;&nbsp;&nbsp;<\/p>\n<p><strong>Diligenciada por: <\/strong>Eberhar Cano Naranjo<\/p>\n<p>INFORMACI\u00d3N BIBLIOGR\u00c1FICA<\/p>\n<p>Peri\u00f3dico: El Colombiano<\/p>\n<p>Lugar de edici\u00f3n: Medell\u00edn<\/p>\n<p>Autor personal: n\/a<\/p>\n<p>Autor corporativo: Equipo Editorial<\/p>\n<p>Fecha: 1973, mayo, 18<\/p>\n<p>P\u00e1gina: 1, y 17<\/p>\n<p>Secci\u00f3n: n\/a<\/p>\n<p><strong>T\u00edtulo: <\/strong>Incendiado cami\u00f3n de EE.PP en Medell\u00edn.<\/p>\n<p><strong>Resumen:<\/strong> En disturbios, estudiantes queman camioneta de EE.PP y detienen bomberos que buscaban sofocar el fuego. Instantes m\u00e1s tarde llega un fuerte cuerpo de polic\u00eda deteniendo a dos estudiantes. EL CSU rechaz\u00f3 la forma de manifestaci\u00f3n y record\u00f3 que se vienen adelantando los proyectos de reorganizaci\u00f3n de distintas dependencias del Alma Mater.<strong>&nbsp;<\/strong><\/p>\n<p><strong>Im\u00e1genes: <\/strong>IMG A113 (a\u2026c). Fotograf\u00edas del cami\u00f3n incendiado. Fot\u00f3grafo: Herv\u00e1squez.<\/p>\n<p><strong>INFORMACI\u00d3N ANAL\u00cdTICA<\/strong><strong style=\"font-size: inherit;\">&nbsp;<\/strong><\/p>\n<p><strong>Contexto de la noticia:<\/strong> Aumentan ingresos de EE.PP, No habr\u00e1 canal de TV en Medell\u00edn, disturbios en el pa\u00eds por visita de secretario de estado norteamericano, acuerdo laboral en Cementos Boyac\u00e1, Lima sede de la comisi\u00f3n de la OEA, Uruguay en crisis pol\u00edtica.<\/p>\n<p><strong>Palabras clave: <\/strong>Disturbios, Acciones violentas, Manifestaciones, Polic\u00eda.<\/p>\n<p><strong>Sugerencia de palabras claves:<\/strong><strong style=\"font-size: inherit;\">&nbsp;<\/strong><\/p>\n<p><strong>Observaciones:<\/strong><strong style=\"font-size: inherit;\">&nbsp;<\/strong><\/p>\n<p><strong>Fecha de diligenciamiento:<\/strong> 13 de diciembre\/2018<\/p>\n<h1 style=\"text-align: center;\">***<\/h1>\n<p><strong>N\u00famero de ficha<\/strong>: A114&nbsp;&nbsp;&nbsp;&nbsp;&nbsp;&nbsp;&nbsp;&nbsp;&nbsp;&nbsp;&nbsp;&nbsp;&nbsp;&nbsp;&nbsp;&nbsp;&nbsp;&nbsp;&nbsp;&nbsp;&nbsp;&nbsp;&nbsp;&nbsp;&nbsp;&nbsp;&nbsp;&nbsp;&nbsp;&nbsp;&nbsp;&nbsp;&nbsp;&nbsp;&nbsp;&nbsp;&nbsp;&nbsp;&nbsp;&nbsp;&nbsp;&nbsp;&nbsp;&nbsp;&nbsp;&nbsp;&nbsp;&nbsp;&nbsp;&nbsp;&nbsp;&nbsp;&nbsp;&nbsp;<\/p>\n<p><strong>Diligenciada por: <\/strong>Eberhar Cano Naranjo<\/p>\n<p>INFORMACI\u00d3N BIBLIOGR\u00c1FICA<\/p>\n<p>Peri\u00f3dico: El Colombiano<\/p>\n<p>Lugar de edici\u00f3n: Medell\u00edn<\/p>\n<p>Autor personal: n\/a<\/p>\n<p>Autor corporativo: Equipo Editorial<\/p>\n<p>Fecha: 1973, junio, 09<\/p>\n<p>P\u00e1gina: 1, 22 y 23.<\/p>\n<p>Secci\u00f3n: n\/a<\/p>\n<p><strong>T\u00edtulo: <\/strong>Fuego en la UdeA. Un estudiante muerto en graves incidentes.<\/p>\n<p><strong>Resumen:<\/strong> El Estudiante Fernando Barrientos de la facultad de ciencias econ\u00f3micas, fue muerto a tiros por un agente del DAS en jornada de protesta en conmemoraci\u00f3n al d\u00eda del estudiante ca\u00eddo en Colombia. El art\u00edculo retoma las distintas versiones de lo acontecido y detalla cada momento de los tristes hechos que terminaron en la quema del bloque administrativo y nuevos enfrentamientos con el ej\u00e9rcito y la polic\u00eda. Familiares, estudiantes y la rector\u00eda rechazan lo acontecido y luego de la aplicaci\u00f3n del toque de queda se espera la investigaci\u00f3n y condena requerida.<\/p>\n<p><strong>Im\u00e1genes: <\/strong>IMG A114 (a\u2026l). Im\u00e1genes de la quema del bloque 16, disturbios, muerte de Barrientos. Fot\u00f3grafo: Herv\u00e1squez y Molano Jr.<\/p>\n<p><strong>INFORMACI\u00d3N ANAL\u00cdTICA<\/strong><\/p>\n<p><strong>Contexto de la noticia:<\/strong> Clausurada U. del Tolima, Convenci\u00f3n Liberal nacional, Toque de queda en Medell\u00edn, nuevo sistema monetario mundial presiona a EE.UU, manifestaciones Tugurianas en Medell\u00edn, L\u00f3pez arremete contra Lleras.<\/p>\n<p><strong>Palabras clave: <\/strong>Barrientos, Fernando., Acciones violentas, Rector\u00eda, Asamblea de Estudiantes, Profesores, Asesinato, Pedreas, DAS, Ej\u00e9rcito, Polic\u00eda.<\/p>\n<p><strong>Sugerencia de palabras claves: <\/strong><\/p>\n<p><strong>Observaciones: <\/strong><\/p>\n<p><strong>Fecha de diligenciamiento:<\/strong> 13 de diciembre\/2018<\/p>\n<h1 style=\"text-align: center;\">***<\/h1>\n<p><strong>N\u00famero de ficha<\/strong>: A115&nbsp;&nbsp;&nbsp;&nbsp;&nbsp;&nbsp;&nbsp;&nbsp;&nbsp;&nbsp;&nbsp;&nbsp;&nbsp;&nbsp;&nbsp;&nbsp;&nbsp;&nbsp;&nbsp;&nbsp;&nbsp;&nbsp;&nbsp;&nbsp;&nbsp;&nbsp;&nbsp;&nbsp;&nbsp;&nbsp;&nbsp;&nbsp;&nbsp;&nbsp;&nbsp;&nbsp;&nbsp;&nbsp;&nbsp;&nbsp;&nbsp;&nbsp;&nbsp;&nbsp;&nbsp;&nbsp;&nbsp;&nbsp;&nbsp;&nbsp;&nbsp;&nbsp;&nbsp;&nbsp;<\/p>\n<p><strong>Diligenciada por: <\/strong>Eberhar Cano Naranjo<\/p>\n<p>INFORMACI\u00d3N BIBLIOGR\u00c1FICA<\/p>\n<p>Peri\u00f3dico: El Colombiano<\/p>\n<p>Lugar de edici\u00f3n: Medell\u00edn<\/p>\n<p>Autor personal: n\/a<\/p>\n<p>Autor corporativo: Equipo Editorial<\/p>\n<p>Fecha: 1973, junio, 10<\/p>\n<p>P\u00e1gina: 1 y 23<\/p>\n<p>Secci\u00f3n: n\/a<\/p>\n<p><strong>T\u00edtulo: <\/strong>Cerrada la UdeA. Calculadas p\u00e9rdidas materiales en 7 Millones.<\/p>\n<p><strong>Resumen:<\/strong> Debido a la dif\u00edcil situaci\u00f3n presentada el d\u00eda de ayer, el Consejo Directivo decidi\u00f3 cerrar los programas acad\u00e9micos y prohibir el ingreso al campus universitario. El Consejo en cabeza del rector, dialogaron con el gobernador Ignacio Betancur para decretar la moci\u00f3n de duelo por la muerte de Barrientos. La Asociaci\u00f3n de profesores redacta un comunicado donde no solo manifiestan su sentimiento de pesar a la familia de Barrientos sino que tambi\u00e9n aluden a que la situaci\u00f3n es consecuencia de un proceso de opresi\u00f3n permanente contra la universidad y que esto no puede seguir siendo una pol\u00edtica. El comunicado lo firman; Carlos Gaviria D\u00edaz (presidente) y Luis Fernando Jaramillo (secretario). El comunicado de la Asociaci\u00f3n es tambi\u00e9n aprobado por el Consejo Superior Estudiantil. Se reitera que las p\u00e9rdidas materiales son un duro golpe para la econom\u00eda de la universidad y se comparten los comunicados y boletines frente a la muerte del estudiante.<\/p>\n<p><strong>Im\u00e1genes: <\/strong>n\/a<\/p>\n<p><strong>INFORMACI\u00d3N ANAL\u00cdTICA<\/strong><\/p>\n<p><strong>Contexto de la noticia:<\/strong> Asambleas sindicales se aplazan en el pa\u00eds, Enfrentamiento entre Lleras y L\u00f3pez, Se levanta el toque de queda en Medell\u00edn, Lleras insiste en coalici\u00f3n Bipartidista, crece tensi\u00f3n en Argentina, choques pol\u00edticos en Chile con Allende, contraofensiva del IRA, Se sigue combatiendo en Vietnam<\/p>\n<p><strong>Palabras clave: <\/strong>&nbsp;Betancur, Ignacio., Barrientos, Fernando., Gaviria D\u00edaz, Carlos., Jaramillo, Luis Fernando., Consejo Directivo, Cierres administrativos, Asociaci\u00f3n de Profesores, Consejo Superior Estudiantil, Asesinato, Comunicados, Gobernador.<\/p>\n<p><strong>Sugerencia de palabras claves: <\/strong><\/p>\n<p><strong>Observaciones: <\/strong>Detallar las declaraciones posteriores del rector en la noticia del 11 de junio\/1973 bajo el t\u00edtulo: <em>\u201cLa universidad no se reabrir\u00e1 para ser un campo de batalla\u201d<\/em> (p. 1 y 12).<\/p>\n<p><strong>Fecha de diligenciamiento:<\/strong> 13 de diciembre\/2018<\/p>\n<h1 style=\"text-align: center;\">***<\/h1>\n<p><strong>N\u00famero de ficha<\/strong>: A116&nbsp;&nbsp;&nbsp;&nbsp;&nbsp;&nbsp;&nbsp;&nbsp;&nbsp;&nbsp;&nbsp;&nbsp;&nbsp;&nbsp;&nbsp;&nbsp;&nbsp;&nbsp;&nbsp;&nbsp;&nbsp;&nbsp;&nbsp;&nbsp;&nbsp;&nbsp;&nbsp;&nbsp;&nbsp;&nbsp;&nbsp;&nbsp;&nbsp;&nbsp;&nbsp;&nbsp;&nbsp;&nbsp;&nbsp;&nbsp;&nbsp;&nbsp;&nbsp;&nbsp;&nbsp;&nbsp;&nbsp;&nbsp;&nbsp;&nbsp;&nbsp;&nbsp;&nbsp;&nbsp;<\/p>\n<p><strong>Diligenciada por: <\/strong>Eberhar Cano Naranjo<\/p>\n<p>INFORMACI\u00d3N BIBLIOGR\u00c1FICA<\/p>\n<p>Peri\u00f3dico: El Colombiano<\/p>\n<p>Lugar de edici\u00f3n: Medell\u00edn<\/p>\n<p>Autor personal: n\/a<\/p>\n<p>Autor corporativo: Equipo Editorial<\/p>\n<p>Fecha: 1973, junio, 12<\/p>\n<p>P\u00e1gina: 1, y 17<\/p>\n<p>Secci\u00f3n: n\/a<\/p>\n<p><strong>T\u00edtulo: <\/strong>Movimiento renovador de la UdeA condena la violencia.<\/p>\n<p><strong>Resumen:<\/strong> El Llamado Movimiento de Renovaci\u00f3n de la UdeA, realiz\u00f3 un documento y comunicado denominado como una \u201cPatri\u00f3tica declaraci\u00f3n\u201d, rechazando la violencia y la investigaci\u00f3n efectiva sobre los hechos ocurridos el viernes pasado. Seg\u00fan el movimiento, la universidad es primer centro de ense\u00f1anza superior de Antioquia y debe estar encaminado a las patri\u00f3ticas tradiciones. Conformado por profesores afines a muchos de los miembros del Consejo Directivo, manifiestan su condolencia con la muerte del estudiante, pero enfatizan en el rechazo a la violencia y las formas de saqueo, quema que se presentaron en las instalaciones del campus.<\/p>\n<p><strong>Im\u00e1genes: <\/strong>n\/a<\/p>\n<p><strong>INFORMACI\u00d3N ANAL\u00cdTICA<\/strong><\/p>\n<p><strong>Contexto de la noticia:<\/strong> 150 detenidos en manifestaciones de la UNAULA, Mariano Ospina P\u00e9rez aboga por unidad liberal, clausurada la UIS,<\/p>\n<p><strong>Palabras clave: <\/strong>Comunicados, Acciones Violentas, Profesores, Consejo Directivo, Asesinato.<\/p>\n<p><strong>Sugerencia de palabras claves: <\/strong>Movimiento de Renovaci\u00f3n Universitaria<\/p>\n<p><strong>Observaciones: <\/strong>Ver tambi\u00e9n: \u201c<em>El presidente se pronuncia contra atentado a la UdeA\u201d. <\/em>Mi\u00e9rcoles 13 de junio\/1973 (p. 1, 16 y 26)<\/p>\n<p><strong>Fecha de diligenciamiento:<\/strong> 13 de diciembre\/2018<\/p>\n<h1 style=\"text-align: center;\">***<\/h1>\n<p><strong>N\u00famero de ficha<\/strong>: A117&nbsp;&nbsp;&nbsp;&nbsp;&nbsp;&nbsp;&nbsp;&nbsp;&nbsp;&nbsp;&nbsp;&nbsp;&nbsp;&nbsp;&nbsp;&nbsp;&nbsp;&nbsp;&nbsp;&nbsp;&nbsp;&nbsp;&nbsp;&nbsp;&nbsp;&nbsp;&nbsp;&nbsp;&nbsp;&nbsp;&nbsp;&nbsp;&nbsp;&nbsp;&nbsp;&nbsp;&nbsp;&nbsp;&nbsp;&nbsp;&nbsp;&nbsp;&nbsp;&nbsp;&nbsp;&nbsp;&nbsp;&nbsp;&nbsp;&nbsp;&nbsp;&nbsp;&nbsp;&nbsp;<\/p>\n<p><strong>Diligenciada por: <\/strong>Eberhar Cano Naranjo<\/p>\n<p>INFORMACI\u00d3N BIBLIOGR\u00c1FICA<\/p>\n<p>Peri\u00f3dico: El Colombiano<\/p>\n<p>Lugar de edici\u00f3n: Medell\u00edn<\/p>\n<p>Autor personal: n\/a<\/p>\n<p>Autor corporativo: Equipo Editorial<\/p>\n<p>Fecha: 1973, junio, 14<\/p>\n<p>P\u00e1gina: 1 y 17<\/p>\n<p>Secci\u00f3n: n\/a<\/p>\n<p><strong>T\u00edtulo: <\/strong>Patri\u00f3ticas demostraciones de solidaridad recibe la UdeA.<\/p>\n<p><strong>Resumen:<\/strong> Sigue la tensi\u00f3n por los hechos ocurridos que trajeron consigo la muerte de Barrientos. Los estudiantes trataron de realizar un desfile como \u201centierro simb\u00f3lico\u201d en las calles del centro del a ciudad donde se dieron roces y algunas pedreas con efectivos de la polic\u00eda. El rector expresa mensajes por v\u00eda comunicado y cuestiona al Consejo Superior Estudiantil, asunto que llev\u00f3 a que el representante de la Asociaci\u00f3n de Profesores, Carlos Gaviria D\u00edaz expresara de manera pol\u00edtica las aclaraciones sobre las duras aseveraciones con el movimiento: <em>\u201cSi usted no hubiera roto todo canal de comunicaci\u00f3n con los estudiantes, podr\u00eda tener de los hechos alguna versi\u00f3n distinta de la que tiene y a la que no s\u00e9 por qu\u00e9 razones adhiere tan ciegamente\u201d. (p.17)<\/em><\/p>\n<p><strong>Im\u00e1genes:<\/strong> IMG A117 (a).&nbsp; Ilustraci\u00f3n alusiva a la crisis de la UdeA.<\/p>\n<p><strong>INFORMACI\u00d3N ANAL\u00cdTICA<\/strong><\/p>\n<p><strong>Contexto de la noticia:<\/strong> Congelan precios para controlar inflaci\u00f3n en el pa\u00eds, crisis por endeudamiento externo, Revueltas y subversi\u00f3n en el cono sur (Argentina y Uruguay), dirigentes de Maceo se retiran de la ANAPO, se crea comando conservador en la UNAULA, oportunistas en el liberalismo.<\/p>\n<p><strong>Palabras clave: <\/strong>Barrientos, Fernando., Asamblea de Estudiantes, Movilizaciones, Pedreas, Polic\u00eda, Consejo Superior Estudiantil, Asociaci\u00f3n de Profesores, Rector\u00eda.<\/p>\n<p><strong>Sugerencia de palabras claves: <\/strong><\/p>\n<p><strong>Observaciones: <\/strong>Tambi\u00e9n en esta edici\u00f3n: <em>\u201cFracasa el paro universitario. Disturbios aislados en varias ciudades\u201d. (p.1 y 20). <\/em><strong>(1) <\/strong>En la edici\u00f3n del d\u00eda siguiente, 15 de junio\/1973, p. 1 y 27. Se contin\u00faa la noticia bajo el titular: <em>\u201cCalma en universidades de Medell\u00edn hubo ayer\u201d.<\/em><\/p>\n<p><strong>Fecha de diligenciamiento:<\/strong> 13 de diciembre\/2018<\/p>\n<h1 style=\"text-align: center;\">***<\/h1>\n<p><strong>N\u00famero de ficha<\/strong>: A118&nbsp;&nbsp;&nbsp;&nbsp;&nbsp;&nbsp;&nbsp;&nbsp;&nbsp;&nbsp;&nbsp;&nbsp;&nbsp;&nbsp;&nbsp;&nbsp;&nbsp;&nbsp;&nbsp;&nbsp;&nbsp;&nbsp;&nbsp;&nbsp;&nbsp;&nbsp;&nbsp;&nbsp;&nbsp;&nbsp;&nbsp;&nbsp;&nbsp;&nbsp;&nbsp;&nbsp;&nbsp;&nbsp;&nbsp;&nbsp;&nbsp;&nbsp;&nbsp;&nbsp;&nbsp;&nbsp;&nbsp;&nbsp;&nbsp;&nbsp;&nbsp;&nbsp;&nbsp;&nbsp;<\/p>\n<p><strong>Diligenciada por: <\/strong>Eberhar Cano Naranjo<\/p>\n<p>INFORMACI\u00d3N BIBLIOGR\u00c1FICA<\/p>\n<p>Peri\u00f3dico: El Colombiano<\/p>\n<p>Lugar de edici\u00f3n: Medell\u00edn<\/p>\n<p>Autor personal: n\/a<\/p>\n<p>Autor corporativo: Equipo Editorial<\/p>\n<p>Fecha: 1973, junio, 16<\/p>\n<p>P\u00e1gina: 12<\/p>\n<p>Secci\u00f3n: n\/a<\/p>\n<p><strong>T\u00edtulo: <\/strong>Piden severa investigaci\u00f3n para hechos de la UdeA.<\/p>\n<p><strong>Resumen:<\/strong> El art\u00edculo comparte la resoluci\u00f3n expedida por el Colegio de profesores de la universidad donde condenan los hechos sucedidos y llaman en\u00e9rgicamente a una investigaci\u00f3n minuciosa. A este pedido se sum\u00f3 la Asociaci\u00f3n de Ex Estudiantes de Derecho. Hay rechazo al a violencia y disputas entre organismos de representaci\u00f3n estudiantil. Guillermo Calder\u00f3n, presidente de la Asociaci\u00f3n de Ex Alumnos de la Facultad de Derecho, rechaza las declaraciones de Carlos Gaviria D\u00edaz, calific\u00e1ndolo de oportunista y de respaldar los deplorables episodios.<\/p>\n<p><strong>Im\u00e1genes: <\/strong>n\/a<\/p>\n<p><strong>INFORMACI\u00d3N ANAL\u00cdTICA<\/strong><\/p>\n<p><strong>Contexto de la noticia:<\/strong> Se normaliza el orden p\u00fablico en el pa\u00eds, universitarios regresan a presentar ex\u00e1menes, Nixon se re\u00fane frecuentemente con l\u00edderes rusos, Violentos disturbios en Chile y huelga de estudiantes, enfrentamientos en C\u00f3rdoba entre militares y el EPL, estrategia de desarrollo del grupo Andino.<\/p>\n<p><strong>Palabras clave: <\/strong>Gaviria D\u00edaz, Carlos., Calder\u00f3n, Guillermo., Acciones violentas, Consejo Superior Estudiantil.<\/p>\n<p><strong>Sugerencia de palabras claves: <\/strong>Asociaci\u00f3n de Ex Estudiantes, Representaci\u00f3n Estudiantil.<\/p>\n<p><strong>Observaciones: <\/strong>Comuna Editorial contra la violencia en la edici\u00f3n del 17 de junio\/1973, p. 3.<\/p>\n<p><strong>Fecha de diligenciamiento:<\/strong> 13 de diciembre\/2018<\/p>\n<h1 style=\"text-align: center;\">***<\/h1>\n<p><strong>N\u00famero de ficha<\/strong>: A119&nbsp;&nbsp;&nbsp;&nbsp;&nbsp;&nbsp;&nbsp;&nbsp;&nbsp;&nbsp;&nbsp;&nbsp;&nbsp;&nbsp;&nbsp;&nbsp;&nbsp;&nbsp;&nbsp;&nbsp;&nbsp;&nbsp;&nbsp;&nbsp;&nbsp;&nbsp;&nbsp;&nbsp;&nbsp;&nbsp;&nbsp;&nbsp;&nbsp;&nbsp;&nbsp;&nbsp;&nbsp;&nbsp;&nbsp;&nbsp;&nbsp;&nbsp;&nbsp;&nbsp;&nbsp;&nbsp;&nbsp;&nbsp;&nbsp;&nbsp;&nbsp;&nbsp;&nbsp;&nbsp;<\/p>\n<p><strong>Diligenciada por: <\/strong>Eberhar Cano Naranjo<\/p>\n<p>INFORMACI\u00d3N BIBLIOGR\u00c1FICA<\/p>\n<p>Peri\u00f3dico: El Colombiano<\/p>\n<p>Lugar de edici\u00f3n: Medell\u00edn<\/p>\n<p>Autor personal: n\/a<\/p>\n<p>Autor corporativo: Equipo Editorial<\/p>\n<p>Fecha: 1973, junio, 21<\/p>\n<p>P\u00e1gina: 25<\/p>\n<p>Secci\u00f3n: n\/a<\/p>\n<p><strong>T\u00edtulo: <\/strong>Reapertura de la UdeA demandan estudiantes.<\/p>\n<p><strong>Resumen:<\/strong> Esta noticia introduce una serie de art\u00edculos sobre la dif\u00edcil situaci\u00f3n de la UdeA por los hechos ocurridos el 8 y 9 de junio del presente a\u00f1o. Durante algunas ediciones y hasta el 30 de junio, se redactan distintos comunicados de sectores estudiantiles y profesorales que exigen el regreso a clases y la condena a la violencia, agudizando la problem\u00e1tica y generando divisiones en el movimiento. En esta l\u00ednea encontramos cada edici\u00f3n las siguientes noticias:<\/p>\n<p><strong>Im\u00e1genes: <\/strong>n\/a<\/p>\n<p><strong>INFORMACI\u00d3N ANAL\u00cdTICA<\/strong><\/p>\n<p><strong>Contexto de la noticia:<\/strong> Lleras Restrepo candidato presidencial, OEA en revisi\u00f3n de su estructura interna, Per\u00f3n y la crisis en Argentina, Paros en Chile, Acuerdos para reducir armas nucleares, presupuesto para las universidades aumenta, El liberalismo se fortalece en Colombia, Huelgas obreras en Espa\u00f1a, La reforma agraria y el miedo de campesinos y terratenientes, crisis hospitalaria, crisis en EE.PP y sus auditor\u00edas, Combates con el ELN en el Magdalena Medio<\/p>\n<p><strong>Palabras clave: <\/strong>Comunicados, Rector\u00eda, Acciones violentas, Ej\u00e9rcito, Polic\u00eda, Asociaci\u00f3n de profesores, Paro.<\/p>\n<p><strong>Sugerencia de palabras claves: <\/strong>Movimiento Estudiantil<\/p>\n<p><strong>Observaciones: <\/strong><\/p>\n<p><strong>Fecha de diligenciamiento:<\/strong> 13 de diciembre\/2018<\/p>\n<h1 style=\"text-align: center;\">***<\/h1>\n<p><strong>N\u00famero de ficha<\/strong>: A120&nbsp;&nbsp;&nbsp;&nbsp;&nbsp;&nbsp;&nbsp;&nbsp;&nbsp;&nbsp;&nbsp;&nbsp;&nbsp;&nbsp;&nbsp;&nbsp;&nbsp;&nbsp;&nbsp;&nbsp;&nbsp;&nbsp;&nbsp;&nbsp;&nbsp;&nbsp;&nbsp;&nbsp;&nbsp;&nbsp;&nbsp;&nbsp;&nbsp;&nbsp;&nbsp;&nbsp;&nbsp;&nbsp;&nbsp;&nbsp;&nbsp;&nbsp;&nbsp;&nbsp;&nbsp;&nbsp;&nbsp;&nbsp;&nbsp;&nbsp;&nbsp;&nbsp;&nbsp;&nbsp;<\/p>\n<p><strong>Diligenciada por: <\/strong>Eberhar Cano Naranjo<\/p>\n<p>INFORMACI\u00d3N BIBLIOGR\u00c1FICA<\/p>\n<p>Peri\u00f3dico: El Colombiano<\/p>\n<p>Lugar de edici\u00f3n: Medell\u00edn<\/p>\n<p>Autor personal: n\/a<\/p>\n<p>Autor corporativo: Equipo Editorial<\/p>\n<p>Fecha: 1973, junio, 22<\/p>\n<p>P\u00e1gina: 25<\/p>\n<p>Secci\u00f3n: n\/a<\/p>\n<p><strong>T\u00edtulo: <\/strong>Los estudiantes de Derecho rechazan actos vand\u00e1licos.<\/p>\n<p><strong>Resumen:<\/strong> La presente noticia comparte un comunicado-declaraci\u00f3n de los representantes estudiantiles a los Consejos Acad\u00e9micos de la facultad de Derecho y de la Universidad de Antioquia, rechazando los actos vand\u00e1licos en la universidad, apoyando las declaraciones del profesor Carlos Gaviria D\u00edaz y solicitando por todos los medios necesarios investigaciones sobre los hechos. En el comunicado, lamentan la muerte de Luis Fernando Barrientos y protestan en\u00e9rgicamente contra lo que ellos llaman <em>\u201cMal llamados universitarios\u201d<\/em> quienes protagonizan los desmanes, adem\u00e1s, piden castigar ejemplarmente a los culpables y llamar como testigo de excepci\u00f3n al profesor Gaviria por su comunicado al rector Luis Fernando Duque, al cual le exigen tambi\u00e9n reapertura de la facultad, as\u00ed como lo ha hecho con otras.<\/p>\n<p><strong>Im\u00e1genes: <\/strong>n\/a<\/p>\n<p><strong>INFORMACI\u00d3N ANAL\u00cdTICA<\/strong><\/p>\n<p><strong>Contexto de la noticia:<\/strong> Lleras Restrepo candidato presidencial, OEA en revisi\u00f3n de su estructura interna, Paros en Chile, El liberalismo se fortalece en Colombia, La reforma agraria en Colombia, crisis hospitalaria, crisis en EE.PP y sus auditor\u00edas.<\/p>\n<p><strong>Palabras clave: <\/strong>Gaviria D\u00edaz, Carlos, Duque, Luis Fernando., Barrientos, Luis Fernando., Comunicados, Rector\u00eda, Consejo Acad\u00e9mico,<\/p>\n<p><strong>Sugerencia de palabras claves: <\/strong><\/p>\n<p><strong>Observaciones: <\/strong>La UdeA recibe por parte de algunos sectores mensajes de respaldo y condena por los sucesos que dieron muerte a Barrientos. En esta misma edici\u00f3n se comparte un corto mensaje del Club Rotario. <em>\u201cClub Rotario condena violencia en la UdeA. Junio 22\/1973, p.26\u201d<\/em>, donde lamentan la muerte del estudiante y la p\u00e9rdida material de parte del edificio y de la violencia que se toma el campus, pidiendo el castigo de la ley de manera ejemplar. El comunicado lo firman; H\u00e9ctor Guti\u00e9rrez (residente) Luis G\u00f3mez (secretario)<\/p>\n<p><strong>Fecha de diligenciamiento:<\/strong> 13 de diciembre\/2018<\/p>\n<h1 style=\"text-align: center;\">***<\/h1>\n<p><strong>N\u00famero de ficha<\/strong>: A121&nbsp;&nbsp;&nbsp;&nbsp;&nbsp;&nbsp;&nbsp;&nbsp;&nbsp;&nbsp;&nbsp;&nbsp;&nbsp;&nbsp;&nbsp;&nbsp;&nbsp;&nbsp;&nbsp;&nbsp;&nbsp;&nbsp;&nbsp;&nbsp;&nbsp;&nbsp;&nbsp;&nbsp;&nbsp;&nbsp;&nbsp;&nbsp;&nbsp;&nbsp;&nbsp;&nbsp;&nbsp;&nbsp;&nbsp;&nbsp;&nbsp;&nbsp;&nbsp;&nbsp;&nbsp;&nbsp;&nbsp;&nbsp;&nbsp;&nbsp;&nbsp;&nbsp;&nbsp;&nbsp;<\/p>\n<p><strong>Diligenciada por: <\/strong>Eberhar Cano Naranjo<\/p>\n<p>INFORMACI\u00d3N BIBLIOGR\u00c1FICA<\/p>\n<p>Peri\u00f3dico: El Colombiano<\/p>\n<p>Lugar de edici\u00f3n: Medell\u00edn<\/p>\n<p>Autor personal: n\/a<\/p>\n<p>Autor corporativo: Equipo Editorial<\/p>\n<p>Fecha: 1973, junio, 23<\/p>\n<p>P\u00e1gina: 7<\/p>\n<p>Secci\u00f3n: n\/a<\/p>\n<p><strong>T\u00edtulo: <\/strong>Surge divisi\u00f3n entre profesores de la UdeA por los sucesos del 8 de junio.<\/p>\n<p><strong>Resumen:<\/strong> Los profesores de los departamentos F\u00edsica y Espa\u00f1ol de la UdeA realizaron un comunicado a la opini\u00f3n p\u00fablica donde expresan su inconformidad con las autoridades y el claustro universitaria por la actitud asumida frente a la anormal situaci\u00f3n de la universidad. Adem\u00e1s, respaldan a la Asociaci\u00f3n de Profesores y rechazan (atacan) a un grupo de profesores denominados <em>\u201cRenovaci\u00f3n Profesoral\u201d <\/em>que consideran a fin a la rector\u00eda de Luis Duque Ram\u00edrez, evidenciando una <em>\u201cdivisi\u00f3n ideol\u00f3gica sobre la forma de enfocar los sucesos violentos que se desataron a ra\u00edz de la muerte del estudiante Luis Fernando Barrientos\u201d (p.7). <\/em><\/p>\n<p><strong>Im\u00e1genes: <\/strong>n\/a<\/p>\n<p><strong>INFORMACI\u00d3N ANAL\u00cdTICA<\/strong><\/p>\n<p><strong>Contexto de la noticia:<\/strong> Atentado contra Per\u00f3n en Argentina, Candidatura de Lleras, Turbay jefe del liberalismo, Latinoam\u00e9rica no acepta condiciones pol\u00edticas a la ayuda de EE.UU, Se reglamenta la convenci\u00f3n liberal,<\/p>\n<p><strong>Palabras clave: <\/strong>Duque, Luis Fernando., Barrientos, Luis Fernando., Comunicados, Rector\u00eda, Consejo Acad\u00e9mico,<\/p>\n<p><strong>Sugerencia de palabras claves: <\/strong>Grupo de profesores Renovaci\u00f3n Profesoral.<\/p>\n<p><strong>Observaciones: <\/strong><\/p>\n<p><strong>Fecha de diligenciamiento:<\/strong> 13 de diciembre\/2018<\/p>\n<h1 style=\"text-align: center;\">***<\/h1>\n<p><strong>N\u00famero de ficha<\/strong>: A122&nbsp;&nbsp;&nbsp;&nbsp;&nbsp;&nbsp;&nbsp;&nbsp;&nbsp;&nbsp;&nbsp;&nbsp;&nbsp;&nbsp;&nbsp;&nbsp;&nbsp;&nbsp;&nbsp;&nbsp;&nbsp;&nbsp;&nbsp;&nbsp;&nbsp;&nbsp;&nbsp;&nbsp;&nbsp;&nbsp;&nbsp;&nbsp;&nbsp;&nbsp;&nbsp;&nbsp;&nbsp;&nbsp;&nbsp;&nbsp;&nbsp;&nbsp;&nbsp;&nbsp;&nbsp;&nbsp;&nbsp;&nbsp;&nbsp;&nbsp;&nbsp;&nbsp;&nbsp;&nbsp;<\/p>\n<p><strong>Diligenciada por: <\/strong>Eberhar Cano Naranjo<\/p>\n<p>INFORMACI\u00d3N BIBLIOGR\u00c1FICA<\/p>\n<p>Peri\u00f3dico: El Colombiano<\/p>\n<p>Lugar de edici\u00f3n: Medell\u00edn<\/p>\n<p>Autor personal: n\/a<\/p>\n<p>Autor corporativo: Equipo Editorial<\/p>\n<p>Fecha: 1973, agosto, 28<\/p>\n<p>P\u00e1gina: 18<\/p>\n<p>Secci\u00f3n: n\/a<\/p>\n<p><strong>T\u00edtulo: <\/strong>Piden reconsiderar mediadas en la UdeA.<\/p>\n<p><strong>Resumen:<\/strong> Los estudiantes sancionados por los disturbios acaecidos en la universidad que terminaron con la quema del bloque administrativo, han solicitado reunirse con el rector Luis Fernando Duque para discutir las medidas tomadas por la administraci\u00f3n. paralelo a esto se realizaron asambleas por facultades donde Odontolog\u00eda decret\u00f3 paro de 48 horas. En el debate est\u00e1 presente adem\u00e1s que algunos estudiantes no tuvieron vinculaci\u00f3n directa con los hechos y la administraci\u00f3n lo aprovecha para deslegitimar roles de liderazgo.<\/p>\n<p><strong>Im\u00e1genes: <\/strong>n\/a<\/p>\n<p><strong>INFORMACI\u00d3N ANAL\u00cdTICA<\/strong><\/p>\n<p><strong>Contexto de la noticia:<\/strong> Crecimiento del ELN en Magdalena medio, Campa\u00f1a del conservadurismo en Antioquia, EL gobierno proh\u00edbe transmisi\u00f3n de manifestaciones pol\u00edticas, Allende nombra gabinete presidencial, Fortalecimiento de la ANAPO<\/p>\n<p><strong>Palabras clave: <\/strong>Duque, Luis Fernando., Rector\u00eda, Asamblea de Estudiantes, Paro.<\/p>\n<p><strong>Sugerencia de palabras claves:<\/strong><\/p>\n<p><strong>Observaciones: <\/strong><\/p>\n<p><strong>Fecha de diligenciamiento:<\/strong> 13 de diciembre\/2018<\/p>\n<h1 style=\"text-align: center;\">***<\/h1>\n<p><strong>N\u00famero de ficha<\/strong>: A123&nbsp;&nbsp;&nbsp;&nbsp;&nbsp;&nbsp;&nbsp;&nbsp;&nbsp;&nbsp;&nbsp;&nbsp;&nbsp;&nbsp;&nbsp;&nbsp;&nbsp;&nbsp;&nbsp;&nbsp;&nbsp;&nbsp;&nbsp;&nbsp;&nbsp;&nbsp;&nbsp;&nbsp;&nbsp;&nbsp;&nbsp;&nbsp;&nbsp;&nbsp;&nbsp;&nbsp;&nbsp;&nbsp;&nbsp;&nbsp;&nbsp;&nbsp;&nbsp;&nbsp;&nbsp;&nbsp;&nbsp;&nbsp;&nbsp;&nbsp;&nbsp;&nbsp;&nbsp;&nbsp;<\/p>\n<p><strong>Diligenciada por: <\/strong>Eberhar Cano Naranjo<\/p>\n<p>INFORMACI\u00d3N BIBLIOGR\u00c1FICA<\/p>\n<p>Peri\u00f3dico: El Colombiano<\/p>\n<p>Lugar de edici\u00f3n: Medell\u00edn<\/p>\n<p>Autor personal: Juan Jos\u00e9 Garc\u00eda<\/p>\n<p>Autor corporativo: n\/a<\/p>\n<p>Fecha: 1973, diciembre, 31<\/p>\n<p>P\u00e1gina: 23<\/p>\n<p>Secci\u00f3n: n\/a<\/p>\n<p><strong>T\u00edtulo: <\/strong>La Universidad \u201ca puerta cerrada\u201d<\/p>\n<p><strong>Resumen:<\/strong> En el art\u00edculo el autor realiza un recuento sobre los sucesos que ocurrieron el 8 de junio, donde Luis Fernando Barrientos termin\u00f3 muerto por un detective del DAS y las oficinas del rector, archivos y otras dependencias quedaran en cenizas por la reacci\u00f3n del estudiantado, quienes llevaron el cuerpo al mismo bloque en son de protesta. Comenta que se decret\u00f3 orden de emergencia luego que llegaron los bomberos y aunque se orden\u00f3 investigaci\u00f3n los resultados no fueron divulgados. La universidad y el dolor de la muerte hicieron urgente un cierre de al menos 15 d\u00edas, donde posteriormente se reabri\u00f3 gradualmente, <em>\u201cEl semestre acad\u00e9mico, ya muy quebrantado, se cumpli\u00f3 con relativa calma. No hubo, en realidad, notables alteraciones del orden en el resto del a\u00f1o en la Universidad de Antioquia. aunque s\u00ed en otros planteles de otros departamentos\u201d<\/em>. Durante el a\u00f1o se decretaron nuevas normas acad\u00e9micas, se expulsaron varios profesores y estudiantes y se volvi\u00f3 m\u00e1s angustioso el tema del presupuesto. Bajo este contexto la universidad sigue con sus \u201cpuertas cerradas\u201d y a\u00fan no se vislumbra el proyecto planteado desde finales de 1972 de la Universidad \u201cpuertas abiertas\u201d.<\/p>\n<p><strong>Im\u00e1genes: <\/strong>n\/a<\/p>\n<p><strong>INFORMACI\u00d3N ANAL\u00cdTICA<\/strong><\/p>\n<p><strong>Contexto de la noticia:<\/strong> Lucha contra tr\u00e1fico de drogas en el a\u00f1o, Latinoam\u00e9rica y sus profundos cambios, chile tras la muerte de Allende, Guerra del petr\u00f3leo en Oriente Medio, Pol\u00e9mica por fondos regionales, Guerra verde en Colombia<\/p>\n<p><strong>Palabras clave: <\/strong>DAS, Barrientos, Luis Fernando., Rector\u00eda, Paro, Rector\u00eda, Consejo Directivo, Disturbios, Asesinato, da\u00f1o a bienes civiles.<\/p>\n<p><strong>Sugerencia de palabras claves: <\/strong><\/p>\n<p><strong>Observaciones: <\/strong><\/p>\n<p><strong>Fecha de diligenciamiento:<\/strong> 13 de diciembre\/2018<\/p>\n<h1 style=\"text-align: center;\">***<\/h1>\n<p><strong>N\u00famero de ficha<\/strong>: A124&nbsp;&nbsp;&nbsp;&nbsp;&nbsp;&nbsp;&nbsp;&nbsp;&nbsp;&nbsp;&nbsp;&nbsp;&nbsp;&nbsp;&nbsp;&nbsp;&nbsp;&nbsp;&nbsp;&nbsp;&nbsp;&nbsp;&nbsp;&nbsp;&nbsp;&nbsp;&nbsp;&nbsp;&nbsp;&nbsp;&nbsp;&nbsp;&nbsp;&nbsp;&nbsp;&nbsp;&nbsp;&nbsp;&nbsp;&nbsp;&nbsp;&nbsp;&nbsp;&nbsp;&nbsp;&nbsp;&nbsp;&nbsp;&nbsp;&nbsp;&nbsp;&nbsp;&nbsp;&nbsp;<\/p>\n<p><strong>Diligenciada por: <\/strong>Eberhar Cano Naranjo<\/p>\n<p>INFORMACI\u00d3N BIBLIOGR\u00c1FICA<\/p>\n<p>Peri\u00f3dico: El Colombiano<\/p>\n<p>Lugar de edici\u00f3n: Medell\u00edn<\/p>\n<p>Autor personal: Juan Jos\u00e9 Garc\u00eda<\/p>\n<p>Autor corporativo: n\/a<\/p>\n<p>Fecha: 1974, marzo, 13<\/p>\n<p>P\u00e1gina: 1 y 19<\/p>\n<p>Secci\u00f3n: n\/a<\/p>\n<p><strong>T\u00edtulo: <\/strong>Embargados fondos de la Universidad de Antioquia por deuda de 00.000 pesos.<\/p>\n<p><strong>Resumen:<\/strong> Los juzgados 6\u00b0 y 7\u00b0 civiles del circuito de Medell\u00edn decretan el embargo a la universidad de sus bienes depositados en bancos por causa de las demandas de sus acreedores. La noticia tom\u00f3 por sorpresa al rector Luis Fernando Duque quien afirma que no estaba notificado y que de llegarse a cumplir habr\u00eda una par\u00e1lisis total. el abogado que llev\u00f3 los casos es Rafael D\u00edaz Granados, quien no manifiesta remordimiento alguno ni considera estar actuando en contra v\u00eda. La situaci\u00f3n agudiza la problem\u00e1tica de la universidad. Se espera revuelo en la opini\u00f3n p\u00fablica y otros estamentos.<\/p>\n<p><strong>Im\u00e1genes: <\/strong>n\/a<\/p>\n<p><strong>INFORMACI\u00d3N ANAL\u00cdTICA<\/strong><\/p>\n<p><strong>Contexto de la noticia:<\/strong> Producci\u00f3n nacional industrial en aumento, Alza mundial del petr\u00f3leo, Tensiones entre EE.UU y Europa, En libertad Regina 11, Reformas en estatutos de cooperativas a nivel nacional<\/p>\n<p><strong>Palabras clave: <\/strong>Duque, Luis Fernando., D\u00edaz, Rafael. Rector\u00eda,<\/p>\n<p><strong>Sugerencia de palabras claves: <\/strong><\/p>\n<p><strong>Observaciones: <\/strong>Se toma la noticia entendiendo que muchas de las situaciones de conflicto que se han recuperado en el presente ejercicio tienen como elemento la crisis financiera y presupuestal de la universidad.<\/p>\n<p><strong>Fecha de diligenciamiento:<\/strong> 13 de febrero\/2019<\/p>\n<h1 style=\"text-align: center;\">***<\/h1>\n<p><strong>N\u00famero de ficha<\/strong>: A125&nbsp;&nbsp;&nbsp;&nbsp;&nbsp;&nbsp;&nbsp;&nbsp;&nbsp;&nbsp;&nbsp;&nbsp;&nbsp;&nbsp;&nbsp;&nbsp;&nbsp;&nbsp;&nbsp;&nbsp;&nbsp;&nbsp;&nbsp;&nbsp;&nbsp;&nbsp;&nbsp;&nbsp;&nbsp;&nbsp;&nbsp;&nbsp;&nbsp;&nbsp;&nbsp;&nbsp;&nbsp;&nbsp;&nbsp;&nbsp;&nbsp;&nbsp;&nbsp;&nbsp;&nbsp;&nbsp;&nbsp;&nbsp;&nbsp;&nbsp;&nbsp;&nbsp;&nbsp;&nbsp;<\/p>\n<p><strong>Diligenciada por: <\/strong>Eberhar Cano Naranjo<\/p>\n<p>INFORMACI\u00d3N BIBLIOGR\u00c1FICA<\/p>\n<p>Peri\u00f3dico: El Colombiano<\/p>\n<p>Lugar de edici\u00f3n: Medell\u00edn<\/p>\n<p>Autor personal: Juan Jos\u00e9 Garc\u00eda<\/p>\n<p>Autor corporativo: n\/a<\/p>\n<p>Fecha: 1974, marzo, 20<\/p>\n<p>P\u00e1gina: 1 y 19<\/p>\n<p>Secci\u00f3n: n\/a<\/p>\n<p><strong>T\u00edtulo: <\/strong>Debe reconquistarse la buena imagen de la Universidad de Antioquia.<\/p>\n<p><strong>Resumen:<\/strong> El ex rector Iv\u00e1n Correa Arango hace un llamado a que se recupere la buena imagen de la universidad teniendo en cuenta que, aunque pasa por momentos muy dif\u00edciles y complejos es un referente de la cultura antioque\u00f1a que debe enaltecerse. En el presente art\u00edculo se hace menci\u00f3n al origen de la corporaci\u00f3n Amigos de la Universidad<em>, \u201cLa Corporaci\u00f3n nad\u00f3 de una conversaci\u00f3n entre el actual rector, doctor Luis Fernando Duque, y yo, relacionada con todos los problemas de la Universidad\u201d (p.19). <\/em>All\u00ed se involucraron algunos profesionales antioque\u00f1os con una plena voluntad de velar por la universidad de manera c\u00edvica, vincular componentes de la sociedad como la comunidad y la empresa privada, donde se discuta la crisis, pero tambi\u00e9n el rol que deber\u00eda tener la universidad en el campo de lo social y empresarial, entendiendo, adem\u00e1s, que a nivel de toda Antioquia tiene una responsabilidad muy importante en el desarrollo de las regiones.<\/p>\n<p><strong>Im\u00e1genes: <\/strong>n\/a<\/p>\n<p><strong>INFORMACI\u00d3N ANAL\u00cdTICA<\/strong><\/p>\n<p><strong>Contexto de la noticia:<\/strong> Campa\u00f1as pol\u00edticas de \u00c1lvaro G\u00f3mez, Conferencia mundial de TV en Colombia, intercambios comerciales en d\u00f3lares para Colombia, Venezuela busca nacionalizar petr\u00f3leo, Gobierno de coalici\u00f3n en crisis<\/p>\n<p><strong>Palabras clave: <\/strong>Duque, Luis Fernando., Rector\u00eda, Correa, Iv\u00e1n., Corporaci\u00f3n Amigos de la Universidad,<\/p>\n<p><strong>Sugerencia de palabras claves: <\/strong><\/p>\n<p><strong>Observaciones: <\/strong><\/p>\n<p><strong>Fecha de diligenciamiento:<\/strong> 13 de febrero\/2019<\/p>\n<h1 style=\"text-align: center;\">***<\/h1>\n<p><strong>N\u00famero de ficha<\/strong>: A126&nbsp;&nbsp;&nbsp;&nbsp;&nbsp;&nbsp;&nbsp;&nbsp;&nbsp;&nbsp;&nbsp;&nbsp;&nbsp;&nbsp;&nbsp;&nbsp;&nbsp;&nbsp;&nbsp;&nbsp;&nbsp;&nbsp;&nbsp;&nbsp;&nbsp;&nbsp;&nbsp;&nbsp;&nbsp;&nbsp;&nbsp;&nbsp;&nbsp;&nbsp;&nbsp;&nbsp;&nbsp;&nbsp;&nbsp;&nbsp;&nbsp;&nbsp;&nbsp;&nbsp;&nbsp;&nbsp;&nbsp;&nbsp;&nbsp;&nbsp;&nbsp;&nbsp;&nbsp;&nbsp;<\/p>\n<p><strong>Diligenciada por: <\/strong>Eberhar Cano Naranjo<\/p>\n<p>INFORMACI\u00d3N BIBLIOGR\u00c1FICA<\/p>\n<p>Peri\u00f3dico: El Colombiano<\/p>\n<p>Lugar de edici\u00f3n: Medell\u00edn<\/p>\n<p>Autor personal: n\/a<\/p>\n<p>Autor corporativo: Equipo Editorial<\/p>\n<p>Fecha: 1974, abril, 26<\/p>\n<p>P\u00e1gina: 2<\/p>\n<p>Secci\u00f3n: n\/a<\/p>\n<p><strong>T\u00edtulo: <\/strong>Paro de dos d\u00edas en Derecho de la UdeA.<\/p>\n<p><strong>Resumen:<\/strong> En asamblea de estudiantes de derecho y ciencia pol\u00edtica, se decret\u00f3 un paro de dos d\u00edas por la muerte de dos estudiantes en Bogot\u00e1 la semana anterior (Jos\u00e9 Yesid Casta\u00f1eda y Jos\u00e9 Dar\u00edo Palma). Los estudiantes compartieron un comunicado expresando sus razones y sumaron acciones para la propuesta de modificaci\u00f3n del pensum. En este segundo punto los estudiantes firmaron una carta dirigida al decano quien afirm\u00f3 que no conoce las razones del paro y que las clases siguen normalmente, pero que sin embargo asisti\u00f3 a la asamblea con el fin de dar informaci\u00f3n frente a la modificaci\u00f3n del plan de estudios que a\u00fan no se aprueba.&nbsp;<\/p>\n<p><strong>Im\u00e1genes: <\/strong>n\/a<\/p>\n<p><strong>INFORMACI\u00d3N ANAL\u00cdTICA<\/strong><\/p>\n<p><strong>Contexto de la noticia:<\/strong> Reuniones entre Pastrana y Turbay, Aumentan salarios de profesores de bachillerato, Comienzan nuevas negociaciones de Colombia y EE.UU, Enfrentamientos en Italia entre Fascistas e Izquierdistas, Se actualiza composici\u00f3n del Concejo de Medell\u00edn, Despiden m\u00e9dicos huelguistas del ICSS<\/p>\n<p><strong>Palabras clave: <\/strong>Casta\u00f1eda, Jos\u00e9 Yesid., Palma, Jos\u00e9 Dar\u00edo., Asamblea de Estudiantes, Comunicado.<\/p>\n<p><strong>Sugerencia de palabras claves: <\/strong><\/p>\n<p><strong>Observaciones: <\/strong><\/p>\n<p><strong>Fecha de diligenciamiento:<\/strong> 13 de febrero\/2019<\/p>\n<h1 style=\"text-align: center;\">***<\/h1>\n<p><strong>N\u00famero de ficha<\/strong>: A127&nbsp;&nbsp;&nbsp;&nbsp;&nbsp;&nbsp;&nbsp;&nbsp;&nbsp;&nbsp;&nbsp;&nbsp;&nbsp;&nbsp;&nbsp;&nbsp;&nbsp;&nbsp;&nbsp;&nbsp;&nbsp;&nbsp;&nbsp;&nbsp;&nbsp;&nbsp;&nbsp;&nbsp;&nbsp;&nbsp;&nbsp;&nbsp;&nbsp;&nbsp;&nbsp;&nbsp;&nbsp;&nbsp;&nbsp;&nbsp;&nbsp;&nbsp;&nbsp;&nbsp;&nbsp;&nbsp;&nbsp;&nbsp;&nbsp;&nbsp;&nbsp;&nbsp;&nbsp;<\/p>\n<p><strong>Diligenciada por: <\/strong>Eberhar Cano Naranjo<\/p>\n<p>INFORMACI\u00d3N BIBLIOGR\u00c1FICA<\/p>\n<p>Peri\u00f3dico: El Colombiano<\/p>\n<p>Lugar de edici\u00f3n: Medell\u00edn<\/p>\n<p>Autor personal: n\/a<\/p>\n<p>Autor corporativo: Equipo Editorial<\/p>\n<p>Fecha: 1975, junio, 13 <em><u>(En realidad es una noticia del 76, por calidad del pdf se confundi\u00f3 la fecha. Considero dejarlo as\u00ed para no afectar la numeraci\u00f3n)<\/u><\/em><\/p>\n<p>P\u00e1gina: 2<\/p>\n<p>Secci\u00f3n: n\/a<\/p>\n<p><strong>T\u00edtulo: <\/strong>Paro de 48 horas en la Universidad de Antioquia. Directivos decretan \u201csemestre especial\u201d.<\/p>\n<p><strong>Resumen:<\/strong> Luego de una asamblea en el Camilo Torres Restrepo, los estudiantes decretaron paro en apoyo a la situaci\u00f3n de la UN y la expulsi\u00f3n de su rector. Las clases siguieron con normalidad y la Asociaci\u00f3n de Profesores envi\u00f3 una carta (firmada por su presidente Gonzalo Betancur y la secretaria Beatriz L\u00f3pez) aplazando una reuni\u00f3n que se ten\u00eda convocada para el 12 de junio y llam\u00f3 a realizar actividades con la base profesoral para sus requerimientos y todas las demandas que lleva el movimiento de la UN. Por su parte el Consejo Directivo decret\u00f3 para el per\u00edodo de estudios un semestre especial que fuese m\u00e1s flexible con la crisis universitaria.<\/p>\n<p><strong>Im\u00e1genes: <\/strong>n\/a<\/p>\n<p><strong>INFORMACI\u00d3N ANAL\u00cdTICA<\/strong><\/p>\n<p><strong>Contexto de la noticia:<\/strong><\/p>\n<p><strong>Palabras clave: <\/strong>Betancur, Gonzalo., L\u00f3pez, Beatriz., Asamblea de Estudiantes, Comunicado, Rector\u00eda, Asociaci\u00f3n de Profesores<\/p>\n<p><strong>Sugerencia de palabras claves: <\/strong><\/p>\n<p><strong>Observaciones: <\/strong><\/p>\n<p><strong>Fecha de diligenciamiento:<\/strong> 13 de febrero\/2019<\/p>\n<h1 style=\"text-align: center;\">***<\/h1>\n<p><strong>N\u00famero de ficha<\/strong>: A128&nbsp;&nbsp;&nbsp;&nbsp;&nbsp;&nbsp;&nbsp;&nbsp;&nbsp;&nbsp;&nbsp;&nbsp;&nbsp;&nbsp;&nbsp;&nbsp;&nbsp;&nbsp;&nbsp;&nbsp;&nbsp;&nbsp;&nbsp;&nbsp;&nbsp;&nbsp;&nbsp;&nbsp;&nbsp;&nbsp;&nbsp;&nbsp;&nbsp;&nbsp;&nbsp;&nbsp;&nbsp;&nbsp;&nbsp;&nbsp;&nbsp;&nbsp;&nbsp;&nbsp;&nbsp;&nbsp;&nbsp;&nbsp;&nbsp;&nbsp;&nbsp;&nbsp;&nbsp;&nbsp;<\/p>\n<p><strong>Diligenciada por: <\/strong>Eberhar Cano Naranjo<\/p>\n<p>INFORMACI\u00d3N BIBLIOGR\u00c1FICA<\/p>\n<p>Peri\u00f3dico: El Colombiano<\/p>\n<p>Lugar de edici\u00f3n: Medell\u00edn<\/p>\n<p>Autor personal: n\/a<\/p>\n<p>Autor corporativo: Equipo Editorial<\/p>\n<p>Fecha: 1974, junio, 16<\/p>\n<p>P\u00e1gina: 4<\/p>\n<p>Secci\u00f3n: n\/a<\/p>\n<p><strong>T\u00edtulo: <\/strong>Proponen nueva comisi\u00f3n de di\u00e1logo, profesores de la UdeA para elaborar otro Estatuto.<\/p>\n<p><strong>Resumen:<\/strong> La Asociaci\u00f3n de Profesores en cabeza de H\u00e9ctor Abad G\u00f3mez y la secretaria Luz Elena Zabala, propone la creaci\u00f3n de una comisi\u00f3n con representaci\u00f3n del CSU que discuta problem\u00e1ticas del quehacer docente. En su comunicado aluden a que es importante avanzar en un Estatuto, <em>\u201cque respete la libertad de c\u00e1tedra, la investigaci\u00f3n cient\u00edfica, la representaci\u00f3n gremial, la estabilidad laboral, la direcci\u00f3n colegiada y los intereses econ\u00f3micos del profesorado\u201d. <\/em>Reiteran que es necesario avanzar en el debate con base en el acuerdo 7 de marzo de 1971 y en la interlocuci\u00f3n con la administraci\u00f3n.<\/p>\n<p><strong>Im\u00e1genes: <\/strong>n\/a<\/p>\n<p><strong>INFORMACI\u00d3N ANAL\u00cdTICA<\/strong><\/p>\n<p><strong>Contexto de la noticia:<\/strong> Movimiento de renovaci\u00f3n conservadora, Seminario sobre comercio exterior en Bogot\u00e1, Aumentan afiliaciones al ICSS en Medell\u00edn, Protestas en Londres, Nixon se re\u00fane con l\u00edderes israel\u00edes<\/p>\n<p><strong>Palabras clave: <\/strong>G\u00f3mez, H\u00e9ctor Abad., Zabala, Luz Elena., Cadavid C\u00e9spedes, Jairo., Asociaci\u00f3n de Profesores, Consejo Superior, Consejo Directivo.<\/p>\n<p><strong>Sugerencia de palabras claves: <\/strong><\/p>\n<p><strong>Observaciones: <\/strong>En la misma edici\u00f3n (p.4): <em>En la UdeA. Reiteran invitaci\u00f3n a profesores para dialogar. <\/em>B\u00e1sicamente el art\u00edculo comparte la versi\u00f3n del Consejo Directivo en relaci\u00f3n a la petici\u00f3n de los profesores con la comisi\u00f3n de di\u00e1logo para el Estatuto, expresando que lo ven necesario pero que el trabajo de la Asociaci\u00f3n ha dado pie a un desorden acad\u00e9mico parcial de la universidad y llama a consensuar. Firman la respuesta el secretario Ramiro Cadavid C\u00e9spedes.<\/p>\n<p><strong>Fecha de diligenciamiento:<\/strong> 13 de febrero\/2019<\/p>\n<h1 style=\"text-align: center;\">***<\/h1>\n<p><strong>N\u00famero de ficha<\/strong>: A129&nbsp;&nbsp;&nbsp;&nbsp;&nbsp;&nbsp;&nbsp;&nbsp;&nbsp;&nbsp;&nbsp;&nbsp;&nbsp;&nbsp;&nbsp;&nbsp;&nbsp;&nbsp;&nbsp;&nbsp;&nbsp;&nbsp;&nbsp;&nbsp;&nbsp;&nbsp;&nbsp;&nbsp;&nbsp;&nbsp;&nbsp;&nbsp;&nbsp;&nbsp;&nbsp;&nbsp;&nbsp;&nbsp;&nbsp;&nbsp;&nbsp;&nbsp;&nbsp;&nbsp;&nbsp;&nbsp;&nbsp;&nbsp;&nbsp;&nbsp;&nbsp;&nbsp;&nbsp;&nbsp;<\/p>\n<p><strong>Diligenciada por: <\/strong>Eberhar Cano Naranjo<\/p>\n<p>INFORMACI\u00d3N BIBLIOGR\u00c1FICA<\/p>\n<p>Peri\u00f3dico: El Colombiano<\/p>\n<p>Lugar de edici\u00f3n: Medell\u00edn<\/p>\n<p>Autor personal: n\/a<\/p>\n<p>Autor corporativo: Equipo Editorial<\/p>\n<p>Fecha: 1974, junio, 28<\/p>\n<p>P\u00e1gina: 1 y 7<\/p>\n<p>Secci\u00f3n: n\/a<\/p>\n<p><strong>T\u00edtulo: <\/strong>Declarados en vacaciones, m\u00e1s de 6000 alumnos de la UdeA por orden del Consejo Directivo<\/p>\n<p><strong>Resumen:<\/strong> El rector Luis Fernando Duque, encabezando el Consejo Directivo decreta vacaciones anticipadas con la idea de que puede resultar \u201cbeneficioso\u201d para los estamentos, quienes podr\u00edan reflexionar sobre el debate del Estatuto Docente. El Consejo Directivo de la universidad llam\u00f3 al CSU a tomar decisiones sobre el Estatuto Docente y proponer modificaciones, y afirm\u00f3 que la Asociaci\u00f3n imped\u00eda el normal desarrollo de las actividades acad\u00e9micas. Los profesores levantaron la asamblea y el paro de 48 y rindieron informes en una asamblea de estudiantes que se realiz\u00f3 en horas de la tarde. Posteriormente la Asociaci\u00f3n comparte un comunicado que firma H\u00e9ctor Abad, rechazando la medida de la administraci\u00f3n ya que la considera prejuiciosa y no tolerante con las demandas de profesores con el Estatuto y estudiantes con sus problem\u00e1ticas.<\/p>\n<p><strong>Im\u00e1genes: <\/strong>n\/a<\/p>\n<p><strong>INFORMACI\u00d3N ANAL\u00cdTICA<\/strong><\/p>\n<p><strong>Contexto de la noticia:<\/strong> Gobierno de Pastrana crea bases pol\u00edticas para el desarrollo, reglamenta funcionamiento de facultades de Derecho en el pa\u00eds, Aumento del desempleo, crisis energ\u00e9tica,<\/p>\n<p><strong>Palabras clave: <\/strong>G\u00f3mez, H\u00e9ctor Abad., Asociaci\u00f3n de Profesores, Consejo Superior, Consejo Directivo, Asamblea de Estudiantes, Paro<\/p>\n<p><strong>Sugerencia de palabras claves: <\/strong><\/p>\n<p><strong>Observaciones: <\/strong><\/p>\n<p><strong>Fecha de diligenciamiento:<\/strong> 13 de febrero\/2019<\/p>\n<h1 style=\"text-align: center;\">***<\/h1>\n<p><strong>N\u00famero de ficha<\/strong>: A130&nbsp;&nbsp;&nbsp;&nbsp;&nbsp;&nbsp;&nbsp;&nbsp;&nbsp;&nbsp;&nbsp;&nbsp;&nbsp;&nbsp;&nbsp;&nbsp;&nbsp;&nbsp;&nbsp;&nbsp;&nbsp;&nbsp;&nbsp;&nbsp;&nbsp;&nbsp;&nbsp;&nbsp;&nbsp;&nbsp;&nbsp;&nbsp;&nbsp;&nbsp;&nbsp;&nbsp;&nbsp;&nbsp;&nbsp;&nbsp;&nbsp;&nbsp;&nbsp;&nbsp;&nbsp;&nbsp;&nbsp;&nbsp;&nbsp;&nbsp;&nbsp;&nbsp;&nbsp;&nbsp;<\/p>\n<p><strong>Diligenciada por: <\/strong>Eberhar Cano Naranjo<\/p>\n<p>INFORMACI\u00d3N BIBLIOGR\u00c1FICA<\/p>\n<p>Peri\u00f3dico: El Colombiano<\/p>\n<p>Lugar de edici\u00f3n: Medell\u00edn<\/p>\n<p>Autor personal: n\/a<\/p>\n<p>Autor corporativo: Equipo Editorial<\/p>\n<p>Fecha: 1974, junio, 29<\/p>\n<p>P\u00e1gina: 2<\/p>\n<p>Secci\u00f3n: n\/a<\/p>\n<p><strong>T\u00edtulo: <\/strong>Calma en la U. de Antioquia ayer<\/p>\n<p><strong>Resumen:<\/strong> Luego de que el Consejo Directivo decretar vacaciones la universidad estuvo en calma. Sin embargo, en horas de la ma\u00f1ana numerosos estudiantes se reunieron en las afueras del campus present\u00e1ndose algunos des\u00f3rdenes. Paralelo a esto, se realiza en la ciudad un encuentro nacional de profesores para discutir la propuesta del Estatuto Docente de la Asociaci\u00f3n de Profesores de la UdeA a la luz de la problem\u00e1tica nacional del quehacer del docente universitario. A este encuentro asistieron representantes de las ciudades de Bogot\u00e1, Cali, Monter\u00eda, Barranquilla y Bucaramanga. En dicho encuentro se propuso la creaci\u00f3n de la <em>Asociaci\u00f3n Sindical de Profesores Universitarios, seccional de Antioquia<\/em>. Tambi\u00e9n se conoci\u00f3 un comunicado de la Asociaci\u00f3n de Profesores que representa H\u00e9ctor Abad G\u00f3mez cuestionando la decisi\u00f3n de las vacaciones adelantadas, consider\u00e1ndola una medida sin fundamento ya que los profesores hab\u00edan suspendido el paro que llevaban a cabo hace 48 horas.<\/p>\n<p><strong>Im\u00e1genes: <\/strong>n\/a<\/p>\n<p><strong>INFORMACI\u00d3N ANAL\u00cdTICA<\/strong><\/p>\n<p><strong>Contexto de la noticia:<\/strong> Lleras Restrepo propone reformas constitucionales, Nuevas l\u00edneas de cr\u00e9dito agr\u00edcola en Colombia, Ecopetrol recibe refiner\u00eda de Mamonal, rusos y norteamericanos firman contratos y pacto de misiles, defensa de mares de Latinoam\u00e9rica<\/p>\n<p><strong>Palabras clave: <\/strong>G\u00f3mez, H\u00e9ctor Abad., Asociaci\u00f3n de Profesores, Consejo Superior, Consejo Directivo, Paro, Plant\u00f3n<\/p>\n<p><strong>Sugerencia de palabras claves: <\/strong>Asociaci\u00f3n Sindical de Profesores<\/p>\n<p><strong>Observaciones: <\/strong><\/p>\n<p><strong>Fecha de diligenciamiento:<\/strong> 13 de febrero\/2019<\/p>\n<h1 style=\"text-align: center;\">***<\/h1>\n<p><strong>N\u00famero de ficha<\/strong>: A131&nbsp;&nbsp;&nbsp;&nbsp;&nbsp;&nbsp;&nbsp;&nbsp;&nbsp;&nbsp;&nbsp;&nbsp;&nbsp;&nbsp;&nbsp;&nbsp;&nbsp;&nbsp;&nbsp;&nbsp;&nbsp;&nbsp;&nbsp;&nbsp;&nbsp;&nbsp;&nbsp;&nbsp;&nbsp;&nbsp;&nbsp;&nbsp;&nbsp;&nbsp;&nbsp;&nbsp;&nbsp;&nbsp;&nbsp;&nbsp;&nbsp;&nbsp;&nbsp;&nbsp;&nbsp;&nbsp;&nbsp;&nbsp;&nbsp;&nbsp;&nbsp;&nbsp;&nbsp;&nbsp;<\/p>\n<p><strong>Diligenciada por: <\/strong>Eberhar Cano Naranjo<\/p>\n<p>INFORMACI\u00d3N BIBLIOGR\u00c1FICA<\/p>\n<p>Peri\u00f3dico: El Colombiano<\/p>\n<p>Lugar de edici\u00f3n: Medell\u00edn<\/p>\n<p>Autor personal: n\/a<\/p>\n<p>Autor corporativo: Equipo Editorial<\/p>\n<p>Fecha: 1974, julio, 19<\/p>\n<p>P\u00e1gina: 19<\/p>\n<p>Secci\u00f3n: n\/a<\/p>\n<p><strong>T\u00edtulo: <\/strong>\u201cVerdadero di\u00e1logo\u201d con el Consejo Superior proponen profesores sobre estatuto en la UdeA<strong>.<\/strong><\/p>\n<p><strong>Resumen:<\/strong> En la \u00faltima asamblea de la Asociaci\u00f3n de Profesores se decidi\u00f3 insistir en la necesidad de un di\u00e1logo con el CSU sobre la situaci\u00f3n docente de la universidad. En los comunicados aprobados por la Asociaci\u00f3n solicitan que el CSU se pronuncie por escrito sobre las decisiones tomadas y las razones del rechazo a la propuesta de Estatuto. Adem\u00e1s, piden claridad frente al Bolet\u00edn de Prensa de la Universidad n\u00famero 120 del 10 de julio, donde definen una conformaci\u00f3n del Consejo diferente a la real que ha generado confusiones entre el profesorado. Tambi\u00e9n expresan su descontento con la expulsi\u00f3n de cuatro docentes y la <em>\u201cPersecuci\u00f3n ideol\u00f3gica\u201d <\/em>de la que son v\u00edctimas algunos docentes del Alma Mater.<\/p>\n<p><strong>Im\u00e1genes: <\/strong>n\/a<\/p>\n<p><strong>INFORMACI\u00d3N ANAL\u00cdTICA<\/strong><\/p>\n<p><strong>Contexto de la noticia:<\/strong> Reuni\u00f3n de parlamentarios conservadores en Bogot\u00e1, parlamento euro-latino condena dictaduras, inauguran 24 planteles educativos en Medell\u00edn, La ANDI prioriza industria de bienes, renuncia comisi\u00f3n pol\u00edtica central del Liberalismo<\/p>\n<p><strong>Palabras clave: <\/strong>G\u00f3mez, H\u00e9ctor Abad., Asociaci\u00f3n de Profesores, Consejo Superior, Consejo Directivo, Expulsi\u00f3n.<\/p>\n<p><strong>Sugerencia de palabras claves: <\/strong><\/p>\n<p><strong>Observaciones: <\/strong><\/p>\n<p><strong>Fecha de diligenciamiento:<\/strong> 13 de febrero\/2019<\/p>\n<h1 style=\"text-align: center;\">***<\/h1>\n<p><strong>N\u00famero de ficha<\/strong>: A132&nbsp;&nbsp;&nbsp;&nbsp;&nbsp;&nbsp;&nbsp;&nbsp;&nbsp;&nbsp;&nbsp;&nbsp;&nbsp;&nbsp;&nbsp;&nbsp;&nbsp;&nbsp;&nbsp;&nbsp;&nbsp;&nbsp;&nbsp;&nbsp;&nbsp;&nbsp;&nbsp;&nbsp;&nbsp;&nbsp;&nbsp;&nbsp;&nbsp;&nbsp;&nbsp;&nbsp;&nbsp;&nbsp;&nbsp;&nbsp;&nbsp;&nbsp;&nbsp;&nbsp;&nbsp;&nbsp;&nbsp;&nbsp;&nbsp;&nbsp;&nbsp;&nbsp;&nbsp;&nbsp;<\/p>\n<p><strong>Diligenciada por: <\/strong>Eberhar Cano Naranjo<\/p>\n<p>INFORMACI\u00d3N BIBLIOGR\u00c1FICA<\/p>\n<p>Peri\u00f3dico: El Colombiano<\/p>\n<p>Lugar de edici\u00f3n: Medell\u00edn<\/p>\n<p>Autor personal: n\/a<\/p>\n<p>Autor corporativo: Equipo Editorial<\/p>\n<p>Fecha: 1974, julio, 23<\/p>\n<p>P\u00e1gina: 2<\/p>\n<p>Secci\u00f3n: n\/a<\/p>\n<p><strong>T\u00edtulo: <\/strong>Nueva f\u00f3rmula para analizar el Estatuto del profesorado de UdeA. La plantea el Consejo Superior Universitario.<\/p>\n<p><strong>Resumen:<\/strong> El CSU decide hacer un replanteamiento del Estatuto que viene discutiendo bajo la problem\u00e1tica docente de la universidad. En un comunicado firmado por el Gobernador, Ignacio Betancur Campuzano, proponen el nombramiento de una comisi\u00f3n por tres representantes de las asociaciones (de Profesores y ASDUA) y rechazan el lenguaje en el que los profesores expresan sus demandas y requerimientos, a la vez que reitera confianza y respaldo para el di\u00e1logo.<\/p>\n<p><strong>Im\u00e1genes: <\/strong>n\/a<\/p>\n<p><strong>INFORMACI\u00d3N ANAL\u00cdTICA<\/strong><\/p>\n<p><strong>Contexto de la noticia:<\/strong> Fabricato aumenta sus utilidades, aumento de tarifas de bus en Medell\u00edn sin autorizaci\u00f3n, Tensiones entre Chipre y Turqu\u00eda, USA promete consideraci\u00f3n especial para AL,<\/p>\n<p><strong>Palabras clave: <\/strong>Betancur Campuzano, Ignacio., Gobernaci\u00f3n, Asociaci\u00f3n de Profesores, Consejo Superior, Consejo Directivo<\/p>\n<p><strong>Sugerencia de palabras claves: <\/strong>Asociaci\u00f3n de Docentes de la UdeA<strong> &#8211;<\/strong>ASDUA-<\/p>\n<p><strong>Observaciones: <\/strong><\/p>\n<p><strong>Fecha de diligenciamiento:<\/strong> 13 de febrero\/2019<\/p>\n<h1 style=\"text-align: center;\">***<\/h1>\n<p><strong>N\u00famero de ficha<\/strong>: A133&nbsp;&nbsp;&nbsp;&nbsp;&nbsp;&nbsp;&nbsp;&nbsp;&nbsp;&nbsp;&nbsp;&nbsp;&nbsp;&nbsp;&nbsp;&nbsp;&nbsp;&nbsp;&nbsp;&nbsp;&nbsp;&nbsp;&nbsp;&nbsp;&nbsp;&nbsp;&nbsp;&nbsp;&nbsp;&nbsp;&nbsp;&nbsp;&nbsp;&nbsp;&nbsp;&nbsp;&nbsp;&nbsp;&nbsp;&nbsp;&nbsp;&nbsp;&nbsp;&nbsp;&nbsp;&nbsp;&nbsp;&nbsp;&nbsp;&nbsp;&nbsp;&nbsp;&nbsp;&nbsp;<\/p>\n<p><strong>Diligenciada por: <\/strong>Eberhar Cano Naranjo<\/p>\n<p>INFORMACI\u00d3N BIBLIOGR\u00c1FICA<\/p>\n<p>Peri\u00f3dico: El Colombiano<\/p>\n<p>Lugar de edici\u00f3n: Medell\u00edn<\/p>\n<p>Autor personal: n\/a<\/p>\n<p>Autor corporativo: Equipo Editorial<\/p>\n<p>Fecha: 1974, agosto, 27<\/p>\n<p>P\u00e1gina: 17<\/p>\n<p>Secci\u00f3n: n\/a<\/p>\n<p><strong>T\u00edtulo: <\/strong>Paro de ocho d\u00edas orden\u00f3 la Asociaci\u00f3n de Profesores.<\/p>\n<p><strong>Resumen:<\/strong> La Asociaci\u00f3n de Profesores que sesion\u00f3 extraordinariamente en el Camilo Torres, decidi\u00f3 decretar un paro de 8 d\u00edas por la imposici\u00f3n del calendario acad\u00e9mico del Consejo a quienes consideran como autoritarios y represivos (especialmente el rector Luis Fernando Duque) con las exigencias y propuestas del movimiento docente. A este mecanismo del paro se sumaron dos movilizaciones para visibilizar la problem\u00e1tica, una de ellas se realiz\u00f3 con los estudiantes, quienes han asumido una posici\u00f3n de respaldo decidiendo en una asamblea general paro en solidaridad con el movimiento docente. La Asociaci\u00f3n de Docentes de la UdeA<strong> &#8211;<\/strong>ASDUA- comparti\u00f3 un comunicado rechazando las acciones de la Asociaci\u00f3n de Profesores, firmado por su presidente Julio Trejos, argumentando que, <em>\u201ctal medio de lucha se ha revelado absolutamente ineficaz para solucionar los conflictos universitarios&#8221;<\/em>, y hace un llamamiento a los estudiantes a que hagan valer lo que ellos llaman <em>\u201csu derecho a estudiar<\/em>\u201d.<\/p>\n<p><strong>Im\u00e1genes: <\/strong>IMG A133 (a). Mitin de profesores en porter\u00eda de Barranquilla.<\/p>\n<p><strong>INFORMACI\u00d3N ANAL\u00cdTICA<\/strong><\/p>\n<p><strong>Contexto de la noticia:<\/strong> 800 Empleados son destituidos del ministerio de trabajo, Independencia de Guinea-Bissau, P\u00e1nico financiero en New York, Tensi\u00f3n en Medio Oriente, demandan decreto sobre Judicatura,<\/p>\n<p><strong>Palabras clave: <\/strong>Betancur Campuzano, Ignacio., Gobernaci\u00f3n, Duque, Luis Fernando., Rector\u00eda, Asociaci\u00f3n de Profesores, Consejo Superior, Consejo Directivo, Asamblea de Estudiantes, Asamblea de Profesores.<\/p>\n<p><strong>Sugerencia de palabras claves: <\/strong>Asociaci\u00f3n de Docentes de la UdeA<strong> &#8211;<\/strong>ASDUA-<\/p>\n<p><strong>Observaciones: <\/strong><\/p>\n<p><strong>Fecha de diligenciamiento:<\/strong> 13 de febrero\/2019<\/p>\n<h1 style=\"text-align: center;\">***<\/h1>\n<p><strong>N\u00famero de ficha<\/strong>: A134&nbsp;&nbsp;&nbsp;&nbsp;&nbsp;&nbsp;&nbsp;&nbsp;&nbsp;&nbsp;&nbsp;&nbsp;&nbsp;&nbsp;&nbsp;&nbsp;&nbsp;&nbsp;&nbsp;&nbsp;&nbsp;&nbsp;&nbsp;&nbsp;&nbsp;&nbsp;&nbsp;&nbsp;&nbsp;&nbsp;&nbsp;&nbsp;&nbsp;&nbsp;&nbsp;&nbsp;&nbsp;&nbsp;&nbsp;&nbsp;&nbsp;&nbsp;&nbsp;&nbsp;&nbsp;&nbsp;&nbsp;&nbsp;&nbsp;&nbsp;&nbsp;&nbsp;&nbsp;&nbsp;<\/p>\n<p><strong>Diligenciada por: <\/strong>Eberhar Cano Naranjo<\/p>\n<p>INFORMACI\u00d3N BIBLIOGR\u00c1FICA<\/p>\n<p>Peri\u00f3dico: El Colombiano<\/p>\n<p>Lugar de edici\u00f3n: Medell\u00edn<\/p>\n<p>Autor personal: n\/a<\/p>\n<p>Autor corporativo: Equipo Editorial<\/p>\n<p>Fecha: 1974, septiembre, 13<\/p>\n<p>P\u00e1gina: 1 y 17<\/p>\n<p>Secci\u00f3n: n\/a<\/p>\n<p><strong>T\u00edtulo:<\/strong> Comunicado sobre la UdeA. No hubo arreglo con la Asociaci\u00f3n de Profesores.<\/p>\n<p><strong>Resumen:<\/strong> El gobernador Jaime Echavarr\u00eda, present\u00f3 un comunicado a la opini\u00f3n p\u00fablica sobre la problem\u00e1tica con los profesores de la universidad y las medidas que se tomaron al respecto. En el texto se expresa que no hubo un acuerdo con la Asociaci\u00f3n de Profesores para la derogaci\u00f3n del Estatuto Docente y se rechaz\u00f3 las acciones de los paros, manifestaciones y algunas pedreas ocurridas contra la oficina del Gobernador en el marco de estas demandas. Para el CSU y su representante principal, el gobernador, las razones del no acuerdo se resumen en 3: a. No se puede elegir el sufragio universal y secreto para la elecci\u00f3n de representantes porque propicia el proselitismo, <em>b.<\/em> No se pueden aceptar dos instancias de representaci\u00f3n docente, caso ASDUA y<em> c<\/em>. El gobierno define la pol\u00edtica universitaria.<\/p>\n<p><strong>Im\u00e1genes: <\/strong>n\/a<\/p>\n<p><strong>INFORMACI\u00d3N ANAL\u00cdTICA<\/strong><\/p>\n<p><strong>Contexto de la noticia:<\/strong> Enfrentamientos pol\u00edticos entre la C\u00e1mara y el Min. Hacienda, La CIA debe rendir cuentas sobre papel en Chile, Impuestos en Colombia a ventas y remesas, Derrocan a emperador en Etiop\u00eda, aumento de inseguridad en Medell\u00edn por atracos<\/p>\n<p><strong>Palabras clave: <\/strong>Betancur Campuzano, Ignacio., Gobernaci\u00f3n, Duque, Luis Fernando., Rector\u00eda, Asociaci\u00f3n de Profesores, Consejo Superior, Consejo Directivo, Asamblea de Estudiantes, Asamblea de Profesores.<\/p>\n<p><strong>Sugerencia de palabras claves: <\/strong>Asociaci\u00f3n de Docentes de la UdeA<strong> &#8211;<\/strong>ASDUA-<\/p>\n<p><strong>Observaciones: <\/strong>Par\u00e1lisis acad\u00e9mica generada por esta situaci\u00f3n. Las facultades de Odontolog\u00eda y Salud P\u00fablica, reunidos en Claustro deciden continuar algunos cursos y llamar a la reflexi\u00f3n de las medidas tomadas. (p.17).<\/p>\n<p><strong>Fecha de diligenciamiento:<\/strong> 13 de febrero\/2019<\/p>\n<h1 style=\"text-align: center;\">***<\/h1>\n<p><strong>N\u00famero de ficha<\/strong>: A135&nbsp;&nbsp;&nbsp;&nbsp;&nbsp;&nbsp;&nbsp;&nbsp;&nbsp;&nbsp;&nbsp;&nbsp;&nbsp;&nbsp;&nbsp;&nbsp;&nbsp;&nbsp;&nbsp;&nbsp;&nbsp;&nbsp;&nbsp;&nbsp;&nbsp;&nbsp;&nbsp;&nbsp;&nbsp;&nbsp;&nbsp;&nbsp;&nbsp;&nbsp;&nbsp;&nbsp;&nbsp;&nbsp;&nbsp;&nbsp;&nbsp;&nbsp;&nbsp;&nbsp;&nbsp;&nbsp;&nbsp;&nbsp;&nbsp;&nbsp;&nbsp;&nbsp;&nbsp;&nbsp;<\/p>\n<p><strong>Diligenciada por: <\/strong>Eberhar Cano Naranjo<\/p>\n<p>INFORMACI\u00d3N BIBLIOGR\u00c1FICA<\/p>\n<p>Peri\u00f3dico: El Colombiano<\/p>\n<p>Lugar de edici\u00f3n: Medell\u00edn<\/p>\n<p>Autor personal: n\/a<\/p>\n<p>Autor corporativo: Equipo Editorial<\/p>\n<p>Fecha: 1974, septiembre, 17<\/p>\n<p>P\u00e1gina: 17<\/p>\n<p>Secci\u00f3n: n\/a<\/p>\n<p><strong>T\u00edtulo:<\/strong> Profesores y estudiantes de la UdeA ratificaron el paro.<\/p>\n<p><strong>Resumen:<\/strong> En una asamblea realizada conjuntamente entre profesores y estudiantes se ratifica la acci\u00f3n del paro en rechazo a la derogaci\u00f3n del Estatuto Profesoral. Uno de los personajes m\u00e1s visibles en esta coyuntura es el m\u00e9dico H\u00e9ctor Abad G\u00f3mez, quien, en su discurso en la asamblea, plantea la necesidad de recibir las declaraciones del Gobernador (Jaime Echavarr\u00eda) y aceptar los retos que se vienen con el movimiento. Hizo un llamado al mandatario seccional que posiblemente acciones como \u00e9stas y disturbios se iban a presentar si <em>\u201cla posici\u00f3n del mismo rector y de las directivas universitarias continuaba imperturbable, inmodificable, inflexible y \u00fanica\u201d. <\/em>Por su parte el Consejo Superior se reuni\u00f3n en San Ignacio para analizar la grave situaci\u00f3n.<\/p>\n<p><strong>Im\u00e1genes: <\/strong>n\/a<\/p>\n<p><strong>INFORMACI\u00d3N ANAL\u00cdTICA<\/strong><\/p>\n<p><strong>Contexto de la noticia:<\/strong> Suspenden estudios para aeropuerto en Medell\u00edn, operaci\u00f3n Tricolor para reducir la inseguridad en el pa\u00eds, escasez de harina en Colombia, Se decreta la emergencia econ\u00f3mica en el pa\u00eds, Crisis en Argentina y enfrentamientos con guerrillas, la ONU estudia nuevo orden econ\u00f3mico mundial<\/p>\n<p><strong>Palabras clave: <\/strong>Betancur Campuzano, Ignacio., Gobernaci\u00f3n, Duque, Luis Fernando., Rector\u00eda, Asociaci\u00f3n de Profesores, Consejo Superior, Consejo Directivo, Asamblea de Estudiantes, Asamblea de Profesores.<\/p>\n<p><strong>Sugerencia de palabras claves: <\/strong>Asociaci\u00f3n de Docentes de la UdeA<strong> &#8211;<\/strong>ASDUA-<\/p>\n<p><strong>Observaciones: <\/strong>Como se mencionaba en la ficha anterior, la facultad de salud p\u00fablica funcion\u00f3 con algunas clases.<\/p>\n<p><strong>Fecha de diligenciamiento:<\/strong> 13 de febrero\/2019<\/p>\n<h1 style=\"text-align: center;\">***<\/h1>\n<p><strong>N\u00famero de ficha<\/strong>: A136&nbsp;&nbsp;&nbsp;&nbsp;&nbsp;&nbsp;&nbsp;&nbsp;&nbsp;&nbsp;&nbsp;&nbsp;&nbsp;&nbsp;&nbsp;&nbsp;&nbsp;&nbsp;&nbsp;&nbsp;&nbsp;&nbsp;&nbsp;&nbsp;&nbsp;&nbsp;&nbsp;&nbsp;&nbsp;&nbsp;&nbsp;&nbsp;&nbsp;&nbsp;&nbsp;&nbsp;&nbsp;&nbsp;&nbsp;&nbsp;&nbsp;&nbsp;&nbsp;&nbsp;&nbsp;&nbsp;&nbsp;&nbsp;&nbsp;&nbsp;&nbsp;&nbsp;&nbsp;&nbsp;<\/p>\n<p><strong>Diligenciada por: <\/strong>Eberhar Cano Naranjo<\/p>\n<p>INFORMACI\u00d3N BIBLIOGR\u00c1FICA<\/p>\n<p>Peri\u00f3dico: El Colombiano<\/p>\n<p>Lugar de edici\u00f3n: Medell\u00edn<\/p>\n<p>Autor personal: n\/a<\/p>\n<p>Autor corporativo: Equipo Editorial<\/p>\n<p>Fecha: 1974, septiembre, 19<\/p>\n<p>P\u00e1gina: 17<\/p>\n<p>Secci\u00f3n: n\/a<\/p>\n<p><strong>T\u00edtulo:<\/strong> Agitaci\u00f3n por el cierre de la Universidad de Antioquia<\/p>\n<p><strong>Resumen:<\/strong> Luego de la sorpresiva noticia de la suspensi\u00f3n del semestre y la dr\u00e1stica sanci\u00f3n contra 50 profesores, cuerpos del ej\u00e9rcito y la polic\u00eda sitiaron los alrededores de la ciudad universitaria para evitar el ingreso de particulares bajo la orden del Consejo Directivo. Estudiantes y profesores se concentraron desde horas de la ma\u00f1ana para gritar consignas y manifestar su protesta por las medidas. El director del CSU, el Gobernador Jaime Echavarr\u00eda, sesion\u00f3 con los dem\u00e1s miembros del ente administrativo en la plazuela San Ignacio, con el fin de analizar la situaci\u00f3n y avanzar en el estudio del Estatuto Docente. A esta reuni\u00f3n tambi\u00e9n asistieron delegados de: Asociaciones profesionales; Alfonso Aguirre Ceballos, estudiantes; Abel Dar\u00edo C\u00e9spedes y profesorales; Olga Cecilia Vel\u00e1squez. Ambas Asociaciones de profesores generaron comunicados al respecto denunciando:<\/p>\n<ul>\n<li><u>Asociaci\u00f3n de Profesores<\/u>: La presencia de la polic\u00eda, los procesos de persecuci\u00f3n y sanciones a maestros, medidas que quieren acabar con la U, que la Asociaci\u00f3n quiere ser expulsada del campus, que la lucha es por la dignidad del profesor, el estudiante y dem\u00e1s ciudadanos. Firman: H\u00e9ctor Abad G\u00f3mez y Luz Elena Zabala.<\/li>\n<li><u>ASDUA:<\/u> Lamenta la suspensi\u00f3n indefinida, culpabiliza a la Asociaci\u00f3n como la causante y destructiva, Rechaza m\u00e9todos violentos contra la comunidad universitaria, manifiesta cooperaci\u00f3n para resolver el problema, reclama a todos los profesores inter\u00e9s por la educaci\u00f3n. Firman: Julio Le\u00f3n Trejos y \u00c1ngela Piedrahita.<\/li>\n<\/ul>\n<p><strong>Im\u00e1genes: <\/strong>IMG A136 (a\u2026d). Movilizaci\u00f3n, patrullaje, secretar\u00eda<\/p>\n<p><strong>INFORMACI\u00d3N ANAL\u00cdTICA<\/strong><\/p>\n<p><strong>Contexto de la noticia:<\/strong> Reducci\u00f3n del presupuesto nacional, Asamblea general de las Naciones Unidas, Congreso nacional de educaci\u00f3n tecnol\u00f3gica en Bogot\u00e1, Pacto Andino reanuda conversaciones,<\/p>\n<p><strong>Palabras clave: <\/strong>Ej\u00e9rcito, Polic\u00eda, Toma Pac\u00edfica de lugares, Ataques a la poblaci\u00f3n, militarizaci\u00f3n de la universidad, Consejo Directivo, Asociaci\u00f3n de Profesores, Echavarr\u00eda, Jaime., Gobernador, G\u00f3mez, H\u00e9ctor Abad., C\u00e9spedes, Dar\u00edo., Aguirre, Alfonso., Vel\u00e1squez, Olga., Zabala, Luz Elena., Trejos, Julio Le\u00f3n., Piedrahita, \u00c1ngela.<\/p>\n<p><strong>Sugerencia de palabras claves: <\/strong>Asociaci\u00f3n de Docentes de la UdeA<strong> &#8211;<\/strong>ASDUA-<\/p>\n<p><strong>Observaciones: <\/strong>En circunstancias muy extra\u00f1as y sin verificar una secretaria (Clara In\u00e9s Uribe Posada) de la Fac de Ciencias y Humanidades, sali\u00f3 herida con \u00e1cido en sus piernas cuando estaba en las afueras del campus. El art\u00edculo es acompa\u00f1ado con esta noticia en un ac\u00e1pite titulado: <em>Secretaria de la UdeA quemada con \u00e1cido sulf\u00farico (p.17).<\/em><\/p>\n<p><strong>Fecha de diligenciamiento:<\/strong> 13 de febrero\/2019<\/p>\n<h1 style=\"text-align: center;\">***<\/h1>\n<p><strong>N\u00famero de ficha<\/strong>: A137&nbsp;&nbsp;&nbsp;&nbsp;&nbsp;&nbsp;&nbsp;&nbsp;&nbsp;&nbsp;&nbsp;&nbsp;&nbsp;&nbsp;&nbsp;&nbsp;&nbsp;&nbsp;&nbsp;&nbsp;&nbsp;&nbsp;&nbsp;&nbsp;&nbsp;&nbsp;&nbsp;&nbsp;&nbsp;&nbsp;&nbsp;&nbsp;&nbsp;&nbsp;&nbsp;&nbsp;&nbsp;&nbsp;&nbsp;&nbsp;&nbsp;&nbsp;&nbsp;&nbsp;&nbsp;&nbsp;&nbsp;&nbsp;&nbsp;&nbsp;&nbsp;&nbsp;&nbsp;&nbsp;<\/p>\n<p><strong>Diligenciada por: <\/strong>Eberhar Cano Naranjo<\/p>\n<p>INFORMACI\u00d3N BIBLIOGR\u00c1FICA<\/p>\n<p>Peri\u00f3dico: El Colombiano<\/p>\n<p>Lugar de edici\u00f3n: Medell\u00edn<\/p>\n<p>Autor personal: n\/a<\/p>\n<p>Autor corporativo: Equipo Editorial<\/p>\n<p>Fecha: 1974, septiembre, 20<\/p>\n<p>P\u00e1gina: 20<\/p>\n<p>Secci\u00f3n: n\/a<\/p>\n<p><strong>T\u00edtulo:<\/strong> \u201cNo he pensado en renunciar\u201d: Luis F. Duque. Est\u00e1 casi listo el nuevo estatuto profesoral; L\u00f3pez estaba enterado de la posibilidad de clausura de la U.<\/p>\n<p><strong>Resumen:<\/strong> Luego de que circulara una informaci\u00f3n falsa sobre la renuncia del rector de la UdeA, Luis Fernando Duque brind\u00f3 una entrevista a El Colombiano donde desminti\u00f3 esa versi\u00f3n e hizo un recuento de todos los sucesos acaecidos en la problem\u00e1tica del Estatuto Docente y las medidas del Consejo Directivo. Hizo referencia a las sanciones y la normatividad de la universidad, como de las salidas a la crisis.<\/p>\n<p><strong>Im\u00e1genes: <\/strong>n\/a<\/p>\n<p><strong>INFORMACI\u00d3N ANAL\u00cdTICA<\/strong><\/p>\n<p><strong>Contexto de la noticia:<\/strong> Adoptadas medidas monetarias en Colombia, demandan decreto sobre matr\u00edculas y pensiones, sigue crisis del Pacto Andino, divisi\u00f3n en reuni\u00f3n de OEA sobre Cuba<\/p>\n<p><strong>Palabras clave: <\/strong>Duque, Luis Fernando., Rector\u00eda, Consejo Directivo, Paro, Asociaci\u00f3n de Profesores,<\/p>\n<p><strong>Sugerencia de palabras claves: <\/strong>ASDUA<\/p>\n<p><strong>Observaciones: <\/strong>El art\u00edculo es una suerte de balance de las noticias anteriormente fichadas, pero solo desde la posici\u00f3n del Rector. Tambi\u00e9n en la edici\u00f3n posterior del 21 de septiembre, sale un peque\u00f1o art\u00edculo sobre la mediaci\u00f3n del Ministro de educaci\u00f3n en la problem\u00e1tica. (p. 1 y 17).<\/p>\n<p><strong>Fecha de diligenciamiento:<\/strong> 13 de febrero\/2019<\/p>\n<h1 style=\"text-align: center;\">***<\/h1>\n<p><strong>N\u00famero de ficha<\/strong>: A138&nbsp;&nbsp;&nbsp;&nbsp;&nbsp;&nbsp;&nbsp;&nbsp;&nbsp;&nbsp;&nbsp;&nbsp;&nbsp;&nbsp;&nbsp;&nbsp;&nbsp;&nbsp;&nbsp;&nbsp;&nbsp;&nbsp;&nbsp;&nbsp;&nbsp;&nbsp;&nbsp;&nbsp;&nbsp;&nbsp;&nbsp;&nbsp;&nbsp;&nbsp;&nbsp;&nbsp;&nbsp;&nbsp;&nbsp;&nbsp;&nbsp;&nbsp;&nbsp;&nbsp;&nbsp;&nbsp;&nbsp;&nbsp;&nbsp;&nbsp;&nbsp;&nbsp;&nbsp;&nbsp;<\/p>\n<p><strong>Diligenciada por: <\/strong>Eberhar Cano Naranjo<\/p>\n<p>INFORMACI\u00d3N BIBLIOGR\u00c1FICA<\/p>\n<p>Peri\u00f3dico: El Colombiano<\/p>\n<p>Lugar de edici\u00f3n: Medell\u00edn<\/p>\n<p>Autor personal: n\/a<\/p>\n<p>Autor corporativo: Equipo Editorial<\/p>\n<p>Fecha: 1974, septiembre, 21<\/p>\n<p>P\u00e1gina: 21<\/p>\n<p>Secci\u00f3n: n\/a<\/p>\n<p><strong>T\u00edtulo:<\/strong> Pac\u00edfica manifestaci\u00f3n ayer en Medell\u00edn<\/p>\n<p><strong>Resumen:<\/strong> Bajo la iniciativa de <em>\u201cD\u00eda de Solidaridad con el movimiento de los profesores de la Universidad de Antioquia contra el Estatuto Docente y la expulsi\u00f3n de medio centenar de profesores\u201d, <\/em>distintos sectores sociales como estudiantes, trabajadores p\u00fablicos y del Estado, maestros, desfilaron en una marcha pac\u00edfica para denunciar la situaci\u00f3n universitaria y en especial la crisis docente. Antes de la marcha, se realiz\u00f3 una asamblea interuniversitaria en la UNAULA, donde asistieron varios centros educativos, sectores sociales y estudiantes. No hubo desmanes ni presencia de la fuerza p\u00fablica en la sesi\u00f3n. El presidente de la Asociaci\u00f3n de Profesores H\u00e9ctor Abad G\u00f3mez, profundiz\u00f3 su discurso agradeciendo la solidaridad y la masividad del evento. En sus palabras: <em>\u201cFue una clara demostraci\u00f3n de la solidaridad de todo el profesorado y de todo el estudiantado de Medell\u00edn con la causa justa de los profesores de la UdeA\u201d<\/em>. Tambi\u00e9n se refiri\u00f3 a la reuni\u00f3n con el ministro donde se arrojaron elementos para solucionar la crisis.<\/p>\n<p><strong>Im\u00e1genes: <\/strong>n\/a<\/p>\n<p><strong>INFORMACI\u00d3N ANAL\u00cdTICA<\/strong><\/p>\n<p><strong>Contexto de la noticia:<\/strong> Modifican impuestos a las ventas, reducen subsidios a las exportaciones, eventual nueva crisis petrolera, cr\u00edticas mundiales a la CIA, no se resuelve lo del aeropuerto en Medell\u00edn<\/p>\n<p><strong>Palabras clave: <\/strong>Duque, Luis Fernando., Rector\u00eda, G\u00f3mez, H\u00e9ctor Abad., Consejo Directivo, Asociaci\u00f3n de Profesores, Movilizaci\u00f3n Social,<\/p>\n<p><strong>Sugerencia de palabras claves: <\/strong>Asamblea interuniversitaria<\/p>\n<p><strong>Observaciones: <\/strong><\/p>\n<p><strong>Fecha de diligenciamiento:<\/strong> 13 de febrero\/2019<\/p>\n<h1 style=\"text-align: center;\">***<\/h1>\n<p><strong>N\u00famero de ficha<\/strong>: A139&nbsp;&nbsp;&nbsp;&nbsp;&nbsp;&nbsp;&nbsp;&nbsp;&nbsp;&nbsp;&nbsp;&nbsp;&nbsp;&nbsp;&nbsp;&nbsp;&nbsp;&nbsp;&nbsp;&nbsp;&nbsp;&nbsp;&nbsp;&nbsp;&nbsp;&nbsp;&nbsp;&nbsp;&nbsp;&nbsp;&nbsp;&nbsp;&nbsp;&nbsp;&nbsp;&nbsp;&nbsp;&nbsp;&nbsp;&nbsp;&nbsp;&nbsp;&nbsp;&nbsp;&nbsp;&nbsp;&nbsp;&nbsp;&nbsp;&nbsp;&nbsp;&nbsp;&nbsp;&nbsp;<\/p>\n<p><strong>Diligenciada por: <\/strong>Eberhar Cano Naranjo<\/p>\n<p>INFORMACI\u00d3N BIBLIOGR\u00c1FICA<\/p>\n<p>Peri\u00f3dico: El Colombiano<\/p>\n<p>Lugar de edici\u00f3n: Medell\u00edn<\/p>\n<p>Autor personal: n\/a<\/p>\n<p>Autor corporativo: Equipo Editorial<\/p>\n<p>Fecha: 1974, septiembre, 21<\/p>\n<p>P\u00e1gina: 21<\/p>\n<p>Secci\u00f3n: n\/a<\/p>\n<p><strong>T\u00edtulo:<\/strong> Pac\u00edfica manifestaci\u00f3n ayer en Medell\u00edn<\/p>\n<p><strong>Resumen:<\/strong> Bajo la iniciativa de <em>\u201cD\u00eda de Solidaridad con el movimiento de los profesores de la Universidad de Antioquia contra el Estatuto Docente y la expulsi\u00f3n de medio centenar de profesores\u201d, <\/em>distintos sectores sociales como estudiantes, trabajadores p\u00fablicos y del Estado, maestros, desfilaron en una marcha pac\u00edfica para denunciar la situaci\u00f3n universitaria y en especial la crisis docente. Antes de la marcha, se realiz\u00f3 una asamblea interuniversitaria en la UNAULA, donde asistieron varios centros educativos, sectores sociales y estudiantes. No hubo desmanes ni presencia de la fuerza p\u00fablica en la sesi\u00f3n. El presidente de la Asociaci\u00f3n de Profesores H\u00e9ctor Abad G\u00f3mez, profundiz\u00f3 su discurso agradeciendo la solidaridad y la masividad del evento. En sus palabras: <em>\u201cFue una clara demostraci\u00f3n de la solidaridad de todo el profesorado y de todo el estudiantado de Medell\u00edn con la causa justa de los profesores de la UdeA\u201d<\/em>. Tambi\u00e9n se refiri\u00f3 a la reuni\u00f3n con el ministro donde se arrojaron elementos para solucionar la crisis.<\/p>\n<p><strong>Im\u00e1genes: <\/strong>n\/a<\/p>\n<p><strong>INFORMACI\u00d3N ANAL\u00cdTICA<\/strong><\/p>\n<p><strong>Contexto de la noticia:<\/strong> Modifican impuestos a las ventas, reducen subsidios a las exportaciones, eventual nueva crisis petrolera, cr\u00edticas mundiales a la CIA, no se resuelve lo del aeropuerto en Medell\u00edn<\/p>\n<p><strong>Palabras clave: <\/strong>Duque, Luis Fernando., Rector\u00eda, G\u00f3mez, H\u00e9ctor Abad., Consejo Directivo, Asociaci\u00f3n de Profesores, Movilizaci\u00f3n Social,<\/p>\n<p><strong>Sugerencia de palabras claves: <\/strong>Asamblea interuniversitaria<\/p>\n<p><strong>Observaciones: <\/strong>En un art\u00edculo posterior del 24 de septiembre, se puede profundizar un an\u00e1lisis sobre la visi\u00f3n de otros rectores de universidades frente a la crisis del estatuto Docente de la UdeA. <strong><em>\u201cLos rectores hablan sobre el problema de la UdeA\u201d<\/em><\/strong> (p.23).<\/p>\n<p><strong>Fecha de diligenciamiento:<\/strong> 13 de febrero\/2019<\/p>\n<h1 style=\"text-align: center;\">***<\/h1>\n<p><strong>N\u00famero de ficha<\/strong>: A140&nbsp;&nbsp;&nbsp;&nbsp;&nbsp;&nbsp;&nbsp;&nbsp;&nbsp;&nbsp;&nbsp;&nbsp;&nbsp;&nbsp;&nbsp;&nbsp;&nbsp;&nbsp;&nbsp;&nbsp;&nbsp;&nbsp;&nbsp;&nbsp;&nbsp;&nbsp;&nbsp;&nbsp;&nbsp;&nbsp;&nbsp;&nbsp;&nbsp;&nbsp;&nbsp;&nbsp;&nbsp;&nbsp;&nbsp;&nbsp;&nbsp;&nbsp;&nbsp;&nbsp;&nbsp;&nbsp;&nbsp;&nbsp;&nbsp;&nbsp;&nbsp;&nbsp;&nbsp;&nbsp;<\/p>\n<p><strong>Diligenciada por: <\/strong>Eberhar Cano Naranjo<\/p>\n<p>INFORMACI\u00d3N BIBLIOGR\u00c1FICA<\/p>\n<p>Peri\u00f3dico: El Colombiano<\/p>\n<p>Lugar de edici\u00f3n: Medell\u00edn<\/p>\n<p>Autor personal: n\/a<\/p>\n<p>Autor corporativo: Equipo Editorial<\/p>\n<p>Fecha: 1974, septiembre, 27<\/p>\n<p>P\u00e1gina: 4<\/p>\n<p>Secci\u00f3n: n\/a<\/p>\n<p><strong>T\u00edtulo:<\/strong> Aceptada la renuncia de Luis Fernando Duque.<\/p>\n<p><strong>Resumen:<\/strong> En una carta enviada por el Gobernador encargado Gabriel Jaime Arango al rector de la UdeA, se hace oficial la renuncia del mismo. En el oficio se agradece la gesti\u00f3n del rector. El peque\u00f1o art\u00edculo desmiente tambi\u00e9n las versiones que ven\u00edan d\u00e1ndose frente a la renuncia de los decanos, informaci\u00f3n falsa que no surge de la instituci\u00f3n ni sus entes administrativos. Por el contrario, en la misma p\u00e1gina de la carta, aparece un art\u00edculo titulado <em>\u201cDesignaci\u00f3n de rector piden decanos de la UdeA\u201d, <\/em>carta que env\u00edan los firmantes al gobernador.<\/p>\n<p><strong>Im\u00e1genes: <\/strong>n\/a<\/p>\n<p><strong>INFORMACI\u00d3N ANAL\u00cdTICA<\/strong><\/p>\n<p><strong>Contexto de la noticia:<\/strong> Divisi\u00f3n Liberal por reforma tributaria, cr\u00e9dito rural en Colombia, se presenta proyecto sobre matrimonio civil, pa\u00edses del Pacto Andino proponen reformas de la ALALC, En Argentina guerrillas proponen golpe militar,<\/p>\n<p><strong>Palabras clave: <\/strong>Duque, Luis Fernando., Rector\u00eda, Arango, Gabriel Jaime., Gobernador (e).<\/p>\n<p><strong>Sugerencia de palabras claves: <\/strong>Asamblea interuniversitaria<\/p>\n<p><strong>Observaciones: <\/strong><\/p>\n<p><strong>Fecha de diligenciamiento:<\/strong> 13 de febrero\/2019<\/p>\n<h1 style=\"text-align: center;\">***<\/h1>\n<p><strong>N\u00famero de ficha<\/strong>: A141&nbsp;&nbsp;&nbsp;&nbsp;&nbsp;&nbsp;&nbsp;&nbsp;&nbsp;&nbsp;&nbsp;&nbsp;&nbsp;&nbsp;&nbsp;&nbsp;&nbsp;&nbsp;&nbsp;&nbsp;&nbsp;&nbsp;&nbsp;&nbsp;&nbsp;&nbsp;&nbsp;&nbsp;&nbsp;&nbsp;&nbsp;&nbsp;&nbsp;&nbsp;&nbsp;&nbsp;&nbsp;&nbsp;&nbsp;&nbsp;&nbsp;&nbsp;&nbsp;&nbsp;&nbsp;&nbsp;&nbsp;&nbsp;&nbsp;&nbsp;&nbsp;&nbsp;&nbsp;&nbsp;<\/p>\n<p><strong>Diligenciada por: <\/strong>Eberhar Cano Naranjo<\/p>\n<p>INFORMACI\u00d3N BIBLIOGR\u00c1FICA<\/p>\n<p>Peri\u00f3dico: El Colombiano<\/p>\n<p>Lugar de edici\u00f3n: Medell\u00edn<\/p>\n<p>Autor personal: n\/a<\/p>\n<p>Autor corporativo: Equipo Editorial<\/p>\n<p>Fecha: 1974, octubre, 05<\/p>\n<p>P\u00e1gina: 2<\/p>\n<p>Secci\u00f3n: n\/a<\/p>\n<p><strong>T\u00edtulo:<\/strong> Renunciaron los nueve directores en Ciencias y Humanidades. En la UdeA sombr\u00edo panorama se observa.<\/p>\n<p><strong>Resumen:<\/strong> En carta dirigida al decano Jairo Gonz\u00e1lez, los directores de presentan su renuncia irrevocable sin establecer claramente los motivos. Por otro lado, en Asamblea de profesores, se aprob\u00f3 levantar el paro y exigir la renuncia de todos los decanos con el fin de reestructurar los entes administrativos. A\u00fan con esta decisi\u00f3n las clases no se retomaron en su totalidad. Profesores y estudiantes realizaron \u201cm\u00edtines\u201d y desfiles al interior del campus.<\/p>\n<p><strong>Im\u00e1genes: <\/strong>n\/a<\/p>\n<p><strong>INFORMACI\u00d3N ANAL\u00cdTICA<\/strong><\/p>\n<p><strong>Contexto de la noticia:<\/strong> Asesinan cuatro agentes de la polic\u00eda en Bogot\u00e1, recortan presupuestos de gobierno para Medell\u00edn, modifican r\u00e9gimen tributario, SOS lanza el alcalde de Medell\u00edn,<\/p>\n<p><strong>Palabras clave: <\/strong>Gonz\u00e1lez, Jairo., Asamblea de Profesores, Mitin.<\/p>\n<p><strong>Sugerencia de palabras claves: <\/strong><\/p>\n<p><strong>Observaciones: <\/strong><\/p>\n<p><strong>Fecha de diligenciamiento:<\/strong> 13 de febrero\/2019<\/p>\n<h1 style=\"text-align: center;\">***<\/h1>\n<p><strong>N\u00famero de ficha<\/strong>: A142&nbsp;&nbsp;&nbsp;&nbsp;&nbsp;&nbsp;&nbsp;&nbsp;&nbsp;&nbsp;&nbsp;&nbsp;&nbsp;&nbsp;&nbsp;&nbsp;&nbsp;&nbsp;&nbsp;&nbsp;&nbsp;&nbsp;&nbsp;&nbsp;&nbsp;&nbsp;&nbsp;&nbsp;&nbsp;&nbsp;&nbsp;&nbsp;&nbsp;&nbsp;&nbsp;&nbsp;&nbsp;&nbsp;&nbsp;&nbsp;&nbsp;&nbsp;&nbsp;&nbsp;&nbsp;&nbsp;&nbsp;&nbsp;&nbsp;&nbsp;&nbsp;&nbsp;&nbsp;&nbsp;<\/p>\n<p><strong>Diligenciada por: <\/strong>Eberhar Cano Naranjo<\/p>\n<p>INFORMACI\u00d3N BIBLIOGR\u00c1FICA<\/p>\n<p>Peri\u00f3dico: El Colombiano<\/p>\n<p>Lugar de edici\u00f3n: Medell\u00edn<\/p>\n<p>Autor personal: n\/a<\/p>\n<p>Autor corporativo: Equipo Editorial<\/p>\n<p>Fecha: 1974, octubre, 21<\/p>\n<p>P\u00e1gina: 4<\/p>\n<p>Secci\u00f3n: n\/a<\/p>\n<p><strong>T\u00edtulo:<\/strong> \u201cM\u00e1s claridad y decisi\u00f3n\u201d pide ASDUA al ministerio de educaci\u00f3n para el acuerdo sobre la UdeA.<\/p>\n<p><strong>Resumen:<\/strong> La Asociaci\u00f3n de Docentes de la Universidad de Antioquia, bajo la presidencia de Julio Le\u00f3n Trejos, solicit\u00f3 al ministro m\u00e1s claridad frente a los acuerdos firmados para la soluci\u00f3n de la crisis universitaria. Seg\u00fan ellos, <em>&#8220;la violaci\u00f3n del Acuerdo de Bogot\u00e1 y de expresar claramente que no est\u00e1 dispuesta a tolerar que los profesores que cumplieron con sus deberes acad\u00e9micos y universitarios durante la crisis, sean ahora las v\u00edctimas de los fan\u00e1ticos y el blanco de ataques persistente producidas al amparo de la pasividad de unos y de la impunidad beligerante que se ha venido configurando&#8221;. <\/em>En sus exigencias siguen denunciando a la Asociaci\u00f3n de Profesores en raz\u00f3n de las exigencias del&nbsp; movimiento, que pide renuncias a decanos y sigue atacando la libertad universitaria.<\/p>\n<p><strong>Im\u00e1genes: <\/strong>n\/a<\/p>\n<p><strong>INFORMACI\u00d3N ANAL\u00cdTICA<\/strong><\/p>\n<p><strong>Contexto de la noticia:<\/strong> Se expide nuevo r\u00e9gimen tributario, problema petrolero mundial, giras del directorio Conservador en Antioquia, crisis entre Cuba y la OEA, divisi\u00f3n pol\u00edtica en la corte suprema<\/p>\n<p><strong>Palabras clave: <\/strong>Trejos, Julio Le\u00f3n., Asociaci\u00f3n de Profesores,<\/p>\n<p><strong>Sugerencia de palabras claves: <\/strong>ASDUA<\/p>\n<p><strong>Observaciones: <\/strong>El art\u00edculo en relaci\u00f3n a los anteriores, deja entrever la grave confrontaci\u00f3n entre ambas Asociaciones y la diferencia de plataformas de lucha pol\u00edtica al interior de la universidad.<\/p>\n<p><strong>Fecha de diligenciamiento:<\/strong> 13 de febrero\/2019<\/p>\n<h1 style=\"text-align: center;\">***<\/h1>\n<p><strong>N\u00famero de ficha<\/strong>: A143&nbsp;&nbsp;&nbsp;&nbsp;&nbsp;&nbsp;&nbsp;&nbsp;&nbsp;&nbsp;&nbsp;&nbsp;&nbsp;&nbsp;&nbsp;&nbsp;&nbsp;&nbsp;&nbsp;&nbsp;&nbsp;&nbsp;&nbsp;&nbsp;&nbsp;&nbsp;&nbsp;&nbsp;&nbsp;&nbsp;&nbsp;&nbsp;&nbsp;&nbsp;&nbsp;&nbsp;&nbsp;&nbsp;&nbsp;&nbsp;&nbsp;&nbsp;&nbsp;&nbsp;&nbsp;&nbsp;&nbsp;&nbsp;&nbsp;&nbsp;&nbsp;&nbsp;&nbsp;&nbsp;<\/p>\n<p><strong>Diligenciada por: <\/strong>Eberhar Cano Naranjo<\/p>\n<p>INFORMACI\u00d3N BIBLIOGR\u00c1FICA<\/p>\n<p>Peri\u00f3dico: El Colombiano<\/p>\n<p>Lugar de edici\u00f3n: Medell\u00edn<\/p>\n<p>Autor personal: n\/a<\/p>\n<p>Autor corporativo: Equipo Editorial<\/p>\n<p>Fecha: 1975, febrero, 10<\/p>\n<p>P\u00e1gina: 2<\/p>\n<p>Secci\u00f3n: n\/a<\/p>\n<p><strong>T\u00edtulo:<\/strong> Renuncian dos profesores de la U. de Antioquia. Inconformes con la situaci\u00f3n.<\/p>\n<p><strong>Resumen: <\/strong>&nbsp;La profesora de Antropolog\u00eda Elena Rojas y el profesor de ingenier\u00eda Alberto Le\u00f3n Uribe, presentan renuncia a sus cargos debido a la crisis de la universidad en los \u00faltimos meses. La profesora Elena denuncia que ha sido v\u00edctima de persecuci\u00f3n argumentando en su carta que, <em>\u201cNunca antes, en mi vida profesional y estudiantil, hab\u00eda visto una persecuci\u00f3n tan descarada y deshonesta para un departamento que como el de Antropolog\u00eda [&#8230;] Ser perseguido por querer ser objetivo\u201d. <\/em>Por su parte el profesor Alberto en su carta manifiesta que la raz\u00f3n de su renuncia es por la mala administraci\u00f3n de la universidad y el manejo a los problemas por parte de la Asociaci\u00f3n de Profesores, <em>\u201cNo estoy de acuerdo en absoluto con las directivas acad\u00e9micas de la Universidad ni con la pol\u00edtica de oportunismo que predica la Asociaci\u00f3n de profesores, la cual s\u00f3lo patrocina la mediocridad.\u201d<\/em><\/p>\n<p><strong>Im\u00e1genes: <\/strong>n\/a<\/p>\n<p><strong>INFORMACI\u00d3N ANAL\u00cdTICA<\/strong><\/p>\n<p><strong>Contexto de la noticia:<\/strong> Reuni\u00f3n de cancilleres de Colombia y Venezuela, Control militar en Barranca, La ANAPO reta al M-19, acordadas pol\u00edticas para primer presupuesto de L\u00f3pez, Paro en Puerto Berrio<\/p>\n<p><strong>Palabras clave: <\/strong>Asociaci\u00f3n de Profesores, Rojas, Elena., Uribe, Alberto Le\u00f3n., Consejo Directivo<\/p>\n<p><strong>Sugerencia de palabras claves: <\/strong><\/p>\n<p><strong>Observaciones: <\/strong><\/p>\n<p><strong>Fecha de diligenciamiento:<\/strong> 14 de Febrero\/2019<\/p>\n<h1 style=\"text-align: center;\">***<\/h1>\n<p><strong>N\u00famero de ficha<\/strong>: A144&nbsp;&nbsp;&nbsp;&nbsp;&nbsp;&nbsp;&nbsp;&nbsp;&nbsp;&nbsp;&nbsp;&nbsp;&nbsp;&nbsp;&nbsp;&nbsp;&nbsp;&nbsp;&nbsp;&nbsp;&nbsp;&nbsp;&nbsp;&nbsp;&nbsp;&nbsp;&nbsp;&nbsp;&nbsp;&nbsp;&nbsp;&nbsp;&nbsp;&nbsp;&nbsp;&nbsp;&nbsp;&nbsp;&nbsp;&nbsp;&nbsp;&nbsp;&nbsp;&nbsp;&nbsp;&nbsp;&nbsp;&nbsp;&nbsp;&nbsp;&nbsp;&nbsp;&nbsp;&nbsp;<\/p>\n<p><strong>Diligenciada por: <\/strong>Eberhar Cano Naranjo<\/p>\n<p>INFORMACI\u00d3N BIBLIOGR\u00c1FICA<\/p>\n<p>Peri\u00f3dico: El Colombiano<\/p>\n<p>Lugar de edici\u00f3n: Medell\u00edn<\/p>\n<p>Autor personal: n\/a<\/p>\n<p>Autor corporativo: Equipo Editorial<\/p>\n<p>Fecha: 1975, mayo, 16<\/p>\n<p>P\u00e1gina: 1 y 24<\/p>\n<p>Secci\u00f3n: n\/a<\/p>\n<p><strong>T\u00edtulo:<\/strong> Violencia y pedrea en el d\u00eda del Magisterio en Medell\u00edn<\/p>\n<p><strong>Resumen: <\/strong>La noticia hace un recuento sobre todas las acciones llevadas a cabo en el marco de la manifestaci\u00f3n por la crisis con el sector docente a nivel nacional. La noticia recopila sucesos que ocurrieron en la ciudad como el toque de queda, las movilizaciones, las pedreas y los enfrentamientos. Para el caso de la UdeA, el movimiento de profesores y estudiantes se sum\u00f3 a la iniciativa participando activamente de las jornadas, se menciona que estuvieron reunidos en el teatro al aire libre con algunas directivas para apoyar la jornada, en el momento de disponerse para movilizarse fueron dispersados por la fuerza por el ej\u00e9rcito. Las jornadas convulsionaron la ciudad y alteraron el transporte y dem\u00e1s servicios.<\/p>\n<p><strong>Im\u00e1genes: <\/strong>n\/a<\/p>\n<p><strong>INFORMACI\u00d3N ANAL\u00cdTICA<\/strong><\/p>\n<p><strong>Contexto de la noticia:<\/strong> Convenio en la UdeM, Ministerios enfrentados a la ANDI, Paro c\u00edvico en Villavicencio, Sindicatos de cementos convocan a tribunal,<\/p>\n<p><strong>Palabras clave: <\/strong>Movilizaci\u00f3n Social, Marchas Estudiantiles, Cierre de v\u00edas, Ej\u00e9rcito, Estudiantes, Profesores,<\/p>\n<p><strong>Sugerencia de palabras claves: <\/strong><\/p>\n<p><strong>Observaciones: <\/strong>Se retoma la noticia por ofrecer contexto sobre la situaci\u00f3n de la educaci\u00f3n en Colombia.<\/p>\n<p><strong>Fecha de diligenciamiento:<\/strong> 14 de febrero\/2019<\/p>\n<h1 style=\"text-align: center;\">***<\/h1>\n<p><strong>N\u00famero de ficha<\/strong>: A145&nbsp;&nbsp;&nbsp;&nbsp;&nbsp;&nbsp;&nbsp;&nbsp;&nbsp;&nbsp;&nbsp;&nbsp;&nbsp;&nbsp;&nbsp;&nbsp;&nbsp;&nbsp;&nbsp;&nbsp;&nbsp;&nbsp;&nbsp;&nbsp;&nbsp;&nbsp;&nbsp;&nbsp;&nbsp;&nbsp;&nbsp;&nbsp;&nbsp;&nbsp;&nbsp;&nbsp;&nbsp;&nbsp;&nbsp;&nbsp;&nbsp;&nbsp;&nbsp;&nbsp;&nbsp;&nbsp;&nbsp;&nbsp;&nbsp;&nbsp;&nbsp;&nbsp;&nbsp;&nbsp;<\/p>\n<p><strong>Diligenciada por: <\/strong>Eberhar Cano Naranjo<\/p>\n<p>INFORMACI\u00d3N BIBLIOGR\u00c1FICA<\/p>\n<p>Peri\u00f3dico: El Colombiano<\/p>\n<p>Lugar de edici\u00f3n: Medell\u00edn<\/p>\n<p>Autor personal: n\/a<\/p>\n<p>Autor corporativo: Equipo Editorial<\/p>\n<p>Fecha: 1975, mayo, 22<\/p>\n<p>P\u00e1gina: 2<\/p>\n<p>Secci\u00f3n: Informaci\u00f3n Pol\u00edtica<\/p>\n<p><strong>T\u00edtulo:<\/strong> Semana de Homenaje.<\/p>\n<p><strong>Resumen: <\/strong>&nbsp;Peque\u00f1a nota que dice: <em>\u201cel sindicato de trabajadores de la Universidad de Antioquia prepara una semana de homenaje especial a Vietnam y Camboya con actos en los que participar\u00e1n profesores, estudiantes y trabajadores del Alma Mater. El programa incluye foro sobre la revoluci\u00f3n Indochina y sus lecciones para la revoluci\u00f3n colombiana, en el cual participar\u00e1n Gerardo Jim\u00e9nez por la juventud patri\u00f3tica (Muir). Eutimio Ortegon por la Uni\u00f3n Revolucionaria Socialista (URS), Gustavo Vivas por el Bloque Socialista. El foro se cumplir\u00e1 en el teatro Camilo Torres de la UdeA el viernes a las tres de la tarde\u201d.<\/em><\/p>\n<p><strong>Im\u00e1genes: <\/strong>n\/a<\/p>\n<p><strong>INFORMACI\u00d3N ANAL\u00cdTICA<\/strong><\/p>\n<p><strong>Contexto de la noticia:<\/strong> Sector privado se enfrenta al Min. Trabajo, Conferencia del BID en Santo Domingo, Colombia censura condiciones de EU a pr\u00e9stamos del BID, reestructuraci\u00f3n de la procuradur\u00eda en Medell\u00edn, cumbre conservadora en Bogot\u00e1<\/p>\n<p><strong>Palabras clave: <\/strong>Empleados<\/p>\n<p><strong>Sugerencia de palabras claves: <\/strong><\/p>\n<p><strong>Observaciones: <\/strong>Retomamos la noticia para entender realidades pol\u00edticas que se gestaban al interior de los sectores universitarios.<\/p>\n<p><strong>Fecha de diligenciamiento:<\/strong> 14 de febrero\/2019<\/p>\n<h1 style=\"text-align: center;\">***<\/h1>\n<p><strong>N\u00famero de ficha<\/strong>: A146&nbsp;&nbsp;&nbsp;&nbsp;&nbsp;&nbsp;&nbsp;&nbsp;&nbsp;&nbsp;&nbsp;&nbsp;&nbsp;&nbsp;&nbsp;&nbsp;&nbsp;&nbsp;&nbsp;&nbsp;&nbsp;&nbsp;&nbsp;&nbsp;&nbsp;&nbsp;&nbsp;&nbsp;&nbsp;&nbsp;&nbsp;&nbsp;&nbsp;&nbsp;&nbsp;&nbsp;&nbsp;&nbsp;&nbsp;&nbsp;&nbsp;&nbsp;&nbsp;&nbsp;&nbsp;&nbsp;&nbsp;&nbsp;&nbsp;&nbsp;&nbsp;&nbsp;&nbsp;&nbsp;<\/p>\n<p><strong>Diligenciada por: <\/strong>Eberhar Cano Naranjo<\/p>\n<p>INFORMACI\u00d3N BIBLIOGR\u00c1FICA<\/p>\n<p>Peri\u00f3dico: El Colombiano<\/p>\n<p>Lugar de edici\u00f3n: Medell\u00edn<\/p>\n<p>Autor personal: n\/a<\/p>\n<p>Autor corporativo: Equipo Editorial<\/p>\n<p>Fecha: 1975, mayo, 29<\/p>\n<p>P\u00e1gina: 1 y 19<\/p>\n<p>Secci\u00f3n: n\/a<\/p>\n<p><strong>T\u00edtulo:<\/strong> Reforma acad\u00e9mica en la Universidad de Antioquia<\/p>\n<p><strong>Resumen: <\/strong>&nbsp;El director acad\u00e9mico Gabriel Dar\u00edo Restrepo comparti\u00f3 el Anteproyecto de reforma acad\u00e9mica para la universidad. Si bien la reforma tiene su centro en la parte acad\u00e9mica y nueva normatividad al respecto, contiene tambi\u00e9n aspectos que han venido discutiendo y demandando los profesores del Alma Mater, como por ejemplo, \u201c<em>Asimismo, la nueva reglamentaci\u00f3n otorga una mayor amplitud al pensamiento de quienes buscan en la Universidad no s\u00f3lo la obtenci\u00f3n de conocimientos cient\u00edfico sin olvidar las situaciones que en este \u00faltimo aspecto limitan la acci\u00f3n de la instituci\u00f3n docente&#8221;<\/em>. De igual forma se aclara que es un anteproyecto que puede seguir reestructurando con una comisi\u00f3n de an\u00e1lisis.&nbsp;<\/p>\n<p><strong>Im\u00e1genes: <\/strong>n\/a<\/p>\n<p><strong>INFORMACI\u00d3N ANAL\u00cdTICA<\/strong><\/p>\n<p><strong>Contexto de la noticia:<\/strong> firmado convenio textil con EE.UU, Destituci\u00f3n de Valencia Tovar del ej\u00e9rcito, Cumbre de la OTAN en Bruselas, alza de la gasolina.<\/p>\n<p><strong>Palabras clave: <\/strong>Restrepo, Gabriel Dar\u00edo., Consejo Acad\u00e9mico, Reforma Universitaria<\/p>\n<p><strong>Sugerencia de palabras claves: <\/strong><\/p>\n<p><strong>Observaciones: <\/strong><\/p>\n<p><strong>Fecha de diligenciamiento:<\/strong> 14 de febrero\/2019<\/p>\n<h1 style=\"text-align: center;\">***<\/h1>\n<p><strong>N\u00famero de ficha<\/strong>: A147&nbsp;&nbsp;&nbsp;&nbsp;&nbsp;&nbsp;&nbsp;&nbsp;&nbsp;&nbsp;&nbsp;&nbsp;&nbsp;&nbsp;&nbsp;&nbsp;&nbsp;&nbsp;&nbsp;&nbsp;&nbsp;&nbsp;&nbsp;&nbsp;&nbsp;&nbsp;&nbsp;&nbsp;&nbsp;&nbsp;&nbsp;&nbsp;&nbsp;&nbsp;&nbsp;&nbsp;&nbsp;&nbsp;&nbsp;&nbsp;&nbsp;&nbsp;&nbsp;&nbsp;&nbsp;&nbsp;&nbsp;&nbsp;&nbsp;&nbsp;&nbsp;&nbsp;&nbsp;&nbsp;<\/p>\n<p><strong>Diligenciada por: <\/strong>Eberhar Cano Naranjo<\/p>\n<p>INFORMACI\u00d3N BIBLIOGR\u00c1FICA<\/p>\n<p>Peri\u00f3dico: El Colombiano<\/p>\n<p>Lugar de edici\u00f3n: Medell\u00edn<\/p>\n<p>Autor personal: n\/a<\/p>\n<p>Autor corporativo: Equipo Editorial<\/p>\n<p>Fecha: 1975, junio, 4<\/p>\n<p>P\u00e1gina: 1 y 21<\/p>\n<p>Secci\u00f3n: n\/a<\/p>\n<p><strong>T\u00edtulo:<\/strong> Paro de 48 horas en Hospital San Vicente.<\/p>\n<p><strong>Resumen: <\/strong>En medio de la noticia del paro, las asambleas y marchas de profesores y residentes del hospital universitario, la Asociaci\u00f3n de Profesores de la universidad expide un comunicado donde expresa el incumplimiento del Estado con el acuerdo pactado con la U. Nacional y conden\u00f3 la brutal intervenci\u00f3n del ej\u00e9rcito en el hospital San Juan de Dios. El objetivo del comunicado es manifestar una solidaridad con el movimiento profesoral y estudiantil en sus luchas por mejorar las condiciones docentes y en especial con las exigencias que llevan adelante los profesores y m\u00e9dicos del hospital San Vicente.<\/p>\n<p><strong>Im\u00e1genes: <\/strong>n\/a<\/p>\n<p><strong>INFORMACI\u00d3N ANAL\u00cdTICA<\/strong><\/p>\n<p><strong>Contexto de la noticia:<\/strong> Renuncia del rector de la U. Nacional, marchas estudiantiles en Bogot\u00e1, comisi\u00f3n del partido liberal,<\/p>\n<p><strong>Palabras clave: <\/strong>Comunicado, Marchas Estudiantiles, Paro, Asociaci\u00f3n de Profesores, Ej\u00e9rcito<\/p>\n<p><strong>Sugerencia de palabras claves: <\/strong><\/p>\n<p><strong>Observaciones: <\/strong>Noticia de opini\u00f3n al respecto de la situaci\u00f3n de docentes y estudiantes de medicina de la UN<em> \u201cEl Conflicto Universitario\u201d<\/em>. Junio 05 de 1973, p. 3.<\/p>\n<p><strong>Fecha de diligenciamiento:<\/strong> 14 de febrero\/2019<\/p>\n<h1 style=\"text-align: center;\">***<\/h1>\n<p><strong>N\u00famero de ficha<\/strong>: A148&nbsp;&nbsp;&nbsp;&nbsp;&nbsp;&nbsp;&nbsp;&nbsp;&nbsp;&nbsp;&nbsp;&nbsp;&nbsp;&nbsp;&nbsp;&nbsp;&nbsp;&nbsp;&nbsp;&nbsp;&nbsp;&nbsp;&nbsp;&nbsp;&nbsp;&nbsp;&nbsp;&nbsp;&nbsp;&nbsp;&nbsp;&nbsp;&nbsp;&nbsp;&nbsp;&nbsp;&nbsp;&nbsp;&nbsp;&nbsp;&nbsp;&nbsp;&nbsp;&nbsp;&nbsp;&nbsp;&nbsp;&nbsp;&nbsp;&nbsp;&nbsp;&nbsp;&nbsp;&nbsp;<\/p>\n<p><strong>Diligenciada por: <\/strong>Eberhar Cano Naranjo<\/p>\n<p>INFORMACI\u00d3N BIBLIOGR\u00c1FICA<\/p>\n<p>Peri\u00f3dico: El Colombiano<\/p>\n<p>Lugar de edici\u00f3n: Medell\u00edn<\/p>\n<p>Autor personal: n\/a<\/p>\n<p>Autor corporativo: Equipo Editorial<\/p>\n<p>Fecha: 1975, junio, 06<\/p>\n<p>P\u00e1gina: 3<\/p>\n<p>Secci\u00f3n: n\/a<\/p>\n<p><strong>T\u00edtulo:<\/strong> Sigue paro en Unaula, Medell\u00edn, UdeA y Nacional. Rector de la UdeA se solidariza con P\u00e9rez y se enfrenta al gobierno.<\/p>\n<p><strong>Resumen: <\/strong>Las cuatro universidades locales suspenden actividades acad\u00e9micas y realizan una enorme jornada de protesta en la ciudad de Medell\u00edn que termin\u00f3 en des\u00f3rdenes y enfrentamientos con la fuerza p\u00fablica. En todas las universidades se realizaron asambleas estudiantiles que decretaron paro de 24 horas. En la UdeA no solo se realizaron asambleas con el protagonismo de la Asociaci\u00f3n de Profesores, sino que, el Consejo Directivo expidi\u00f3 una declaraci\u00f3n en la que manifiestan el inconformismo con las medidas tomadas por parte del Estado con la crisis de la UN y en general de la universidad. Paralelo a esto, la Asociaci\u00f3n de Docentes ASDUA, emite un comunicado donde expresan su preocupaci\u00f3n con las formas en las que se protesta ya que no es id\u00f3nea y no permite el desarrollo normal de la universidad.<\/p>\n<p><strong>Im\u00e1genes: <\/strong>n\/a<\/p>\n<p><strong>INFORMACI\u00d3N ANAL\u00cdTICA<\/strong><\/p>\n<p><strong>Contexto de la noticia:<\/strong> Plan de seguridad en Bogot\u00e1, Estado de sitio en Medell\u00edn, Min, Justicia agravi\u00f3 a la corte, Paro c\u00edvico en Turbo<\/p>\n<p><strong>Palabras clave: <\/strong>Comunicado, Marchas Estudiantiles, Paro, Asociaci\u00f3n de Profesores, Consejo Directivo,<\/p>\n<p><strong>Sugerencia de palabras claves: <\/strong>ASDUA<\/p>\n<p><strong>Observaciones: <\/strong><\/p>\n<p><strong>Fecha de diligenciamiento:<\/strong> 14 de febrero\/2019<\/p>\n<h1 style=\"text-align: center;\">***<\/h1>\n<p><strong>N\u00famero de ficha<\/strong>: A149&nbsp;&nbsp;&nbsp;&nbsp;&nbsp;&nbsp;&nbsp;&nbsp;&nbsp;&nbsp;&nbsp;&nbsp;&nbsp;&nbsp;&nbsp;&nbsp;&nbsp;&nbsp;&nbsp;&nbsp;&nbsp;&nbsp;&nbsp;&nbsp;&nbsp;&nbsp;&nbsp;&nbsp;&nbsp;&nbsp;&nbsp;&nbsp;&nbsp;&nbsp;&nbsp;&nbsp;&nbsp;&nbsp;&nbsp;&nbsp;&nbsp;&nbsp;&nbsp;&nbsp;&nbsp;&nbsp;&nbsp;&nbsp;&nbsp;&nbsp;&nbsp;&nbsp;&nbsp;&nbsp;<\/p>\n<p><strong>Diligenciada por: <\/strong>Eberhar Cano Naranjo<\/p>\n<p>INFORMACI\u00d3N BIBLIOGR\u00c1FICA<\/p>\n<p>Peri\u00f3dico: El Colombiano<\/p>\n<p>Lugar de edici\u00f3n: Medell\u00edn<\/p>\n<p>Autor personal: Luis Eduardo Mu\u00f1oz<\/p>\n<p>Autor corporativo: n\/a<\/p>\n<p>Fecha: 1975, junio, 10<\/p>\n<p>P\u00e1gina: 1, 14 y 15<\/p>\n<p>Secci\u00f3n: n\/a<\/p>\n<p><strong>T\u00edtulo:<\/strong> Con pedrea y bombas Molotov termin\u00f3 la manifestaci\u00f3n ayer. Sigue paro en las universidades.<\/p>\n<p><strong>Resumen: <\/strong>Gran jornada de movilizaci\u00f3n y protesta se llev\u00f3 a cabo ayer en la ciudad. Sectores de las cuatro universidades de la ciudad marcharon por las calles principales del centro y protagonizaron enfrentamientos con la fuerza p\u00fablica. Se presentaron incendios ocasionados por bombas molotov, intentos de saqueo y ataques a oficinas de la gobernaci\u00f3n, hoteles y teatros. El balance es de graves da\u00f1os a bienes civiles como de apresamientos y p\u00e1nico generalizado en el centro de la ciudad por los actos violentos y la generaci\u00f3n de caos en el tr\u00e1fico. En la asamblea de estudiantes realizada ayer en la UdeA se decidi\u00f3 apoyar las jornadas de solidaridad por el 8 y 9 de junio (d\u00eda del estudiante ca\u00eddo) y decretar paro de 48 horas, solidarizarse con la crisis del Hospital San Vicente de Pa\u00fal y la UN. La Asociaci\u00f3n de Profesores por su parte comparte un comunicado conmemorativo por el d\u00eda del estudiante ca\u00eddo y se solidariza con las acciones del movimiento estudiantil y sus reivindicaciones. <em>\u201cResalta que estas Jornadas tienen su origen en la violenta represi\u00f3n del r\u00e9gimen y de las clases dominantes con ira el movimiento estudiantil en el a\u00f1o de 1954 la cual dej\u00f3 un saldo de numerosos estudiantes asesinados vilmente por la tropa\u201d (p.15).<\/em><\/p>\n<p><strong>Im\u00e1genes: <\/strong>n\/a<\/p>\n<p><strong>INFORMACI\u00d3N ANAL\u00cdTICA<\/strong><\/p>\n<p><strong>Contexto de la noticia:<\/strong> Secuestrado gerente del \u00c9xito, manifestaciones en Bogot\u00e1, revelan actividades ilegales de la CIA, crisis de elecciones de rector en universidades p\u00fablicas<\/p>\n<p><strong>Palabras clave: <\/strong><\/p>\n<p><strong>Sugerencia de palabras claves: <\/strong>Acciones violentas, Marchas Estudiantiles, Paro, Da\u00f1o a bienes civiles, Asociaci\u00f3n de Profesores, Cierre de v\u00edas, comunicados, conmemoraciones, Detenciones<\/p>\n<p><strong>Observaciones: <\/strong><\/p>\n<p><strong>Fecha de diligenciamiento:<\/strong> 14 de febrero\/2019<\/p>\n<h1 style=\"text-align: center;\">***<\/h1>\n<p><strong>N\u00famero de ficha<\/strong>: A150&nbsp;&nbsp;&nbsp;&nbsp;&nbsp;&nbsp;&nbsp;&nbsp;&nbsp;&nbsp;&nbsp;&nbsp;&nbsp;&nbsp;&nbsp;&nbsp;&nbsp;&nbsp;&nbsp;&nbsp;&nbsp;&nbsp;&nbsp;&nbsp;&nbsp;&nbsp;&nbsp;&nbsp;&nbsp;&nbsp;&nbsp;&nbsp;&nbsp;&nbsp;&nbsp;&nbsp;&nbsp;&nbsp;&nbsp;&nbsp;&nbsp;&nbsp;&nbsp;&nbsp;&nbsp;&nbsp;&nbsp;&nbsp;&nbsp;&nbsp;&nbsp;&nbsp;&nbsp;&nbsp;<\/p>\n<p><strong>Diligenciada por: <\/strong>Eberhar Cano Naranjo<\/p>\n<p>INFORMACI\u00d3N BIBLIOGR\u00c1FICA<\/p>\n<p>Peri\u00f3dico: El Colombiano<\/p>\n<p>Lugar de edici\u00f3n: Medell\u00edn<\/p>\n<p>Autor personal: n\/a<\/p>\n<p>Autor corporativo: Equipo Editorial<\/p>\n<p>Fecha: 1975, junio, 12<\/p>\n<p>P\u00e1gina: &nbsp;1 y 18<\/p>\n<p>Secci\u00f3n: n\/a<\/p>\n<p><strong>T\u00edtulo:<\/strong> \u201cRetreta de Protesta\u201d hizo la banda de la UdeA. Contin\u00faa paro estudiantil.<\/p>\n<p><strong>Resumen: <\/strong>La banda del conservatorio de la UdeA (Escuela de m\u00fasica y artes representativas) realiz\u00f3 una protesta simb\u00f3lica frente a la oficina del Consejo Directivo que llamaron \u201cRetreta de Protesta\u201d entonando el himno de la universidad. La acci\u00f3n tuvo buena acogida con el resto del estudiantado quien se aglomeraba a aplaudir y apoyar. Mientras tanto la asamblea general que sesion\u00f3 en horas de la tarde volvi\u00f3 a aprobar el cese de actividades. El Consejo Directivo dispuso de una comisi\u00f3n que se encargue de analizar la situaci\u00f3n de los estudiantes retenidos en las anteriores jornadas de movilizaci\u00f3n y protesta y enviaron alimentos a los estudiantes del liceo privados de la libertad. Por otro lado, el Sindicato de Trabajadores de la UdeA env\u00eda un comunicado a la opini\u00f3n p\u00fablica manifestando su apoyo al movimiento profesoral y estudiantil y rechazando la violencia de las fuerzas del orden que reprimieron la gran movilizaci\u00f3n del 9 de junio que termin\u00f3 con m\u00e1s de 300 detenidos.<\/p>\n<p><strong>Im\u00e1genes: <\/strong>n\/a<\/p>\n<p><strong>INFORMACI\u00d3N ANAL\u00cdTICA<\/strong><\/p>\n<p><strong>Contexto de la noticia:<\/strong> Disturbios en Ci\u00e9naga y barranquilla, Pol\u00edtica de Mano Fuerte parra revoltosos en el pa\u00eds, Alza del petr\u00f3leo, disminuci\u00f3n en las exportaciones del pa\u00eds,<\/p>\n<p><strong>Palabras clave: <\/strong>Actividades Culturales, Consejo Directivo, Asamblea de Estudiantes, Empleados, Comunicado, Detenciones<\/p>\n<p><strong>Sugerencia de palabras claves: <\/strong>Sindicato de Trabajadores de la UdeA<\/p>\n<p><strong>Observaciones: <\/strong>En la nota tambi\u00e9n se hace referencia a la grave situaci\u00f3n en la U. Nacional de Bogot\u00e1, el paro en el Polit\u00e9cnico y otros centros educativos.<\/p>\n<p><strong>Fecha de diligenciamiento:<\/strong> 14 de febrero\/2019<\/p>\n<h1 style=\"text-align: center;\">***<\/h1>\n<p><strong>N\u00famero de ficha<\/strong>: A151&nbsp;&nbsp;&nbsp;&nbsp;&nbsp;&nbsp;&nbsp;&nbsp;&nbsp;&nbsp;&nbsp;&nbsp;&nbsp;&nbsp;&nbsp;&nbsp;&nbsp;&nbsp;&nbsp;&nbsp;&nbsp;&nbsp;&nbsp;&nbsp;&nbsp;&nbsp;&nbsp;&nbsp;&nbsp;&nbsp;&nbsp;&nbsp;&nbsp;&nbsp;&nbsp;&nbsp;&nbsp;&nbsp;&nbsp;&nbsp;&nbsp;&nbsp;&nbsp;&nbsp;&nbsp;&nbsp;&nbsp;&nbsp;&nbsp;&nbsp;&nbsp;&nbsp;&nbsp;&nbsp;<\/p>\n<p><strong>Diligenciada por: <\/strong>Eberhar Cano Naranjo<\/p>\n<p>INFORMACI\u00d3N BIBLIOGR\u00c1FICA<\/p>\n<p>Peri\u00f3dico: El Colombiano<\/p>\n<p>Lugar de edici\u00f3n: Medell\u00edn<\/p>\n<p>Autor personal: n\/a<\/p>\n<p>Autor corporativo: Equipo Editorial<\/p>\n<p>Fecha: 1975, junio, 17<\/p>\n<p>P\u00e1gina: &nbsp;21<\/p>\n<p>Secci\u00f3n: n\/a<\/p>\n<p><strong>T\u00edtulo:<\/strong> \u201cAsamblea Permanente\u201d en la UdeA hasta el jueves. Medicina levant\u00f3 el paro.<\/p>\n<p><strong>Resumen: <\/strong>La Asamblea de Estudiantes en su sesi\u00f3n de an\u00e1lisis sobre la situaci\u00f3n de la U. Nacional decreta continuar el paro que lleva 15 d\u00edas bajo la modalidad de \u201cAsamblea Permanente\u201d con el fin <em>\u201cde mantener al estudiantado en los predios universitarios en forma deliberante\u201d. <\/em>Por su parte, la Fac. de Medicina levantan el paro y proponen realizar actividades bajo el tema de \u201cHospital-Universidad\u201d para nutrir los debates. La Asociaci\u00f3n de Profesores hizo un comunicado llamando a los estudiantes y profesores para enfrentar conjuntamente la grave problem\u00e1tica por la que atraviesa la universidad y la educaci\u00f3n, comunicado que se contrapone al comunicado 25 de ASDUA quienes afirman que a la universidad ya poco le importan la ciencia y no cumple los objetivos como instituci\u00f3n de educaci\u00f3n superior.<\/p>\n<p><strong>Im\u00e1genes: <\/strong>n\/a<\/p>\n<p><strong>INFORMACI\u00d3N ANAL\u00cdTICA<\/strong><\/p>\n<p><strong>Contexto de la noticia:<\/strong> Avance del comunismo en elecciones de Italia, debate sobre reforma al sistema electoral, militarizaci\u00f3n en puertos mar\u00edtimos de Colombia, movimientos c\u00edvicos en oriente antioque\u00f1o<\/p>\n<p><strong>Palabras clave: <\/strong>Asamblea de Estudiantes, Asociaci\u00f3n de Profesores, Paro, Comunicado, Acciones Pedag\u00f3gicas<\/p>\n<p><strong>Sugerencia de palabras claves: <\/strong>ASDUA,<\/p>\n<p><strong>Observaciones: <\/strong><\/p>\n<p><strong>Fecha de diligenciamiento:<\/strong> 14 de febrero\/2019<\/p>\n<h1 style=\"text-align: center;\">***<\/h1>\n<p><strong>N\u00famero de ficha<\/strong>: A152&nbsp;&nbsp;&nbsp;&nbsp;&nbsp;&nbsp;&nbsp;&nbsp;&nbsp;&nbsp;&nbsp;&nbsp;&nbsp;&nbsp;&nbsp;&nbsp;&nbsp;&nbsp;&nbsp;&nbsp;&nbsp;&nbsp;&nbsp;&nbsp;&nbsp;&nbsp;&nbsp;&nbsp;&nbsp;&nbsp;&nbsp;&nbsp;&nbsp;&nbsp;&nbsp;&nbsp;&nbsp;&nbsp;&nbsp;&nbsp;&nbsp;&nbsp;&nbsp;&nbsp;&nbsp;&nbsp;&nbsp;&nbsp;&nbsp;&nbsp;&nbsp;&nbsp;&nbsp;&nbsp;<\/p>\n<p><strong>Diligenciada por:<\/strong> Eberhar Cano Naranjo<\/p>\n<p>INFORMACI\u00d3N BIBLIOGR\u00c1FICA<\/p>\n<p>Peri\u00f3dico: El Colombiano<\/p>\n<p>Lugar de edici\u00f3n: Medell\u00edn<\/p>\n<p>Autor personal: Juan Jos\u00e9 Garc\u00eda<\/p>\n<p>Autor corporativo: n\/a<\/p>\n<p>Fecha: 1975, septiembre, 21<\/p>\n<p>P\u00e1gina: 26<\/p>\n<p>Secci\u00f3n: Actualidad Universitaria<\/p>\n<p><strong>T\u00edtulo:<\/strong> Comunicadores protestan<\/p>\n<p><strong>Resumen: <\/strong>Profesores y estudiantes de la facultad de comunicaciones realizan un mitin frente a la oficina del Consejo Directivo presidido por el rector Bernardo Trujillo, manifestando su inconformidad con la falta de equipos para trabajar. Con una acci\u00f3n pac\u00edfica y c\u00e1maras de cart\u00f3n expresaron sus necesidades y requerimientos para mejorar la calidad de su formaci\u00f3n.<\/p>\n<p><strong>Im\u00e1genes: <\/strong>n\/a<\/p>\n<p><strong>INFORMACI\u00d3N ANAL\u00cdTICA<\/strong><\/p>\n<p><strong>Contexto de la noticia:<\/strong> reuniones de L\u00f3pez con Ford y Kissinger, debates por crisis en la justicia, preparaci\u00f3n de simposio sobre mercados de capitales<\/p>\n<p><strong>Palabras clave: <\/strong>Consejo Directivo, Mitin, Trujillo, Bernardo., Rector\u00eda,<\/p>\n<p><strong>Sugerencia de palabras claves: <\/strong><\/p>\n<p><strong>Observaciones: <\/strong><\/p>\n<p><strong>Fecha de diligenciamiento:<\/strong> 14 de febrero\/2019<\/p>\n<h1 style=\"text-align: center;\">***<\/h1>\n<p><strong>N\u00famero de ficha<\/strong>: A153&nbsp;&nbsp;&nbsp;&nbsp;&nbsp;&nbsp;&nbsp;&nbsp;&nbsp;&nbsp;&nbsp;&nbsp;&nbsp;&nbsp;&nbsp;&nbsp;&nbsp;&nbsp;&nbsp;&nbsp;&nbsp;&nbsp;&nbsp;&nbsp;&nbsp;&nbsp;&nbsp;&nbsp;&nbsp;&nbsp;&nbsp;&nbsp;&nbsp;&nbsp;&nbsp;&nbsp;&nbsp;&nbsp;&nbsp;&nbsp;&nbsp;&nbsp;&nbsp;&nbsp;&nbsp;&nbsp;&nbsp;&nbsp;&nbsp;&nbsp;&nbsp;&nbsp;&nbsp;&nbsp;<\/p>\n<p><strong>Diligenciada por: <\/strong>Eberhar Cano Naranjo<\/p>\n<p>INFORMACI\u00d3N BIBLIOGR\u00c1FICA<\/p>\n<p>Peri\u00f3dico: El Colombiano<\/p>\n<p>Lugar de edici\u00f3n: Medell\u00edn<\/p>\n<p>Autor personal: n\/a<\/p>\n<p>Autor corporativo: Equipo Editorial<\/p>\n<p>Fecha: 1975, septiembre, 24<\/p>\n<p>P\u00e1gina: 1 y 24<\/p>\n<p>Secci\u00f3n: n\/a<\/p>\n<p><strong>T\u00edtulo:<\/strong> Paro, en medicina de la Universidad de Antioquia<\/p>\n<p><strong>Resumen: <\/strong>Crece la crisis en la facultad de medicina de la UdeA por falta de recursos y salidas a la grave problem\u00e1tica de los m\u00e9dicos y residentes. La Asamblea de Estudiantes decret\u00f3 un paro de 48 horas y el decano Bernardo Ochoa y 13 funcionaron presentaron su renuncia ante el Consejo Directivo. Seg\u00fan el art\u00edculo esta situaci\u00f3n sigue agudizando la crisis del \u00e1rea de la salud a nivel regional y nacional y solicitan la remoci\u00f3n del jefe de educaci\u00f3n m\u00e9dica, Rodrigo Sol\u00f3rzano. Por otra parte, el secretario general de la universidad Gustavo Garc\u00eda Rivera firma un comunicado del Consejo Directivo exponiendo la crisis de financiaci\u00f3n para este sector debido al aumento en los cupos y las medidas que se adoptar\u00e1n con las renuncias.<\/p>\n<p><strong>Im\u00e1genes: <\/strong>n\/a<\/p>\n<p><strong>INFORMACI\u00d3N ANAL\u00cdTICA<\/strong><\/p>\n<p><strong>Contexto de la noticia:<\/strong> L\u00f3pez viaja a EE.UU, Convenio ICA-USDA, proyecto de ley sobre nacionalizaci\u00f3n de la banca, sindicatos bancarios debates salarios de ejecutivos.<\/p>\n<p><strong>Palabras clave: <\/strong>Paro, Asamblea de Estudiantes, Consejo Directivo, Ochoa, Bernardo., Sol\u00f3rzano, Rodrigo., Garc\u00eda Rivera, Gustavo, Comunicado<\/p>\n<p><strong>Sugerencia de palabras claves: <\/strong><\/p>\n<p><strong>Observaciones: <\/strong><\/p>\n<p><strong>Fecha de diligenciamiento:<\/strong> 14 de febrero\/2019<\/p>\n<h1 style=\"text-align: center;\">***<\/h1>\n<p><strong>N\u00famero de ficha<\/strong>: A154&nbsp;&nbsp;&nbsp;&nbsp;&nbsp;&nbsp;&nbsp;&nbsp;&nbsp;&nbsp;&nbsp;&nbsp;&nbsp;&nbsp;&nbsp;&nbsp;&nbsp;&nbsp;&nbsp;&nbsp;&nbsp;&nbsp;&nbsp;&nbsp;&nbsp;&nbsp;&nbsp;&nbsp;&nbsp;&nbsp;&nbsp;&nbsp;&nbsp;&nbsp;&nbsp;&nbsp;&nbsp;&nbsp;&nbsp;&nbsp;&nbsp;&nbsp;&nbsp;&nbsp;&nbsp;&nbsp;&nbsp;&nbsp;&nbsp;&nbsp;&nbsp;&nbsp;&nbsp;&nbsp;<\/p>\n<p><strong>Diligenciada por: Eberhar Cano Naranjo<\/strong><\/p>\n<p>INFORMACI\u00d3N BIBLIOGR\u00c1FICA<\/p>\n<p>Peri\u00f3dico: El Colombiano<\/p>\n<p>Lugar de edici\u00f3n: Medell\u00edn<\/p>\n<p>Autor personal: n\/a<\/p>\n<p>Autor corporativo: Equipo Editorial<\/p>\n<p>Fecha: 1975, octubre, 22<\/p>\n<p>P\u00e1gina: 22<\/p>\n<p>Secci\u00f3n: n\/a<\/p>\n<p><strong>T\u00edtulo:<\/strong> Estudiantes de la UdeA aplauden asesinato del General Rinc\u00f3n Qui\u00f1\u00f3nez<\/p>\n<p><strong>Resumen: <\/strong>Debido a las cr\u00edticas del Gobernador \u00d3scar Montoya por la \u201corientaci\u00f3n\u201d en la que va la universidad, la Asamblea de Estudiantes redacta un comunicado exponiendo diferentes puntos en defensa de la universidad y de las luchas revolucionarias que all\u00ed se gestan. En una primera parte del comunicado los estudiantes responsabilizan al Estado de la situaci\u00f3n de des financiaci\u00f3n que sufre la universidad y lanzan duras cr\u00edticas al sistema militar que ha violado la autonom\u00eda universitaria y reprimido, perseguido y asesinado la leg\u00edtima protesta y lucha revolucionaria y a los l\u00edderes de los procesos revolucionarios. Expresan su inconformismo con las versiones de que la crisis financiera es por culpa del aumento en los cupos, aludiendo a que no son \u00e9stos el problema sino la mala adecuaci\u00f3n de los recursos. El comunicado estuvo acompa\u00f1ado de duras exigencias como el aumento del presupuesto, el traslado de cafeter\u00edas, la inversi\u00f3n, el cese de la represi\u00f3n y persecuci\u00f3n militar, la no participaci\u00f3n de la banda de m\u00fasica de la universidad en actos revisionistas y proselitistas y empu\u00f1ar las banderas internacionalistas de la lucha revolucionaria. Tambi\u00e9n redactaron un ac\u00e1pite titulado \u201cproposiciones\u201d donde plasman un discurso en defensa y respaldo de las luchas armadas del pueblo colombiano, especialmente las lideradas por el ELN y condenan a lo que llaman el Partido Comunista Revisionista que est\u00e1 al lado del imperialismo. Decretan, adem\u00e1s, <em>\u201cparo de 48 horas en solidaridad con los compa\u00f1eros de la Universidad en lucha, por la financiaci\u00f3n adecuada, contra el estado de sitio, por la libertad para los presos pol\u00edticos y con los compa\u00f1eros de Sofasa en lucha\u201d<\/em>, y citan a una nueva Asamblea.<\/p>\n<p><strong>Im\u00e1genes: <\/strong>n\/a<\/p>\n<p><strong>INFORMACI\u00d3N ANAL\u00cdTICA<\/strong><\/p>\n<p><strong>Contexto de la noticia:<\/strong> Paro en los Ferrocarriles Nacionales, angustia en el senado por la situaci\u00f3n de Antioquia, EPM prepara planes para mejorar proyectos energ\u00e9ticos, modificaciones en la estructura tributaria,<\/p>\n<p><strong>Palabras clave: <\/strong>Asamblea de Estudiantes, Comunicado, Ej\u00e9rcito, ELN, Paro, Consejo Directivo<\/p>\n<p><strong>Sugerencia de palabras claves: <\/strong>Partido Comunista, Presos Pol\u00edticos, Movimiento Obrero<\/p>\n<p><strong>Observaciones: <\/strong><\/p>\n<p><strong>Fecha de diligenciamiento:<\/strong> 14 de febrero\/2019<\/p>\n<h1 style=\"text-align: center;\">***<\/h1>\n<p><strong>N\u00famero de ficha<\/strong>: A155&nbsp;&nbsp;&nbsp;&nbsp;&nbsp;&nbsp;&nbsp;&nbsp;&nbsp;&nbsp;&nbsp;&nbsp;&nbsp;&nbsp;&nbsp;&nbsp;&nbsp;&nbsp;&nbsp;&nbsp;&nbsp;&nbsp;&nbsp;&nbsp;&nbsp;&nbsp;&nbsp;&nbsp;&nbsp;&nbsp;&nbsp;&nbsp;&nbsp;&nbsp;&nbsp;&nbsp;&nbsp;&nbsp;&nbsp;&nbsp;&nbsp;&nbsp;&nbsp;&nbsp;&nbsp;&nbsp;&nbsp;&nbsp;&nbsp;&nbsp;&nbsp;&nbsp;&nbsp;&nbsp;<\/p>\n<p><strong>Diligenciada por: <\/strong>Eberhar Cano Naranjo<\/p>\n<p>INFORMACI\u00d3N BIBLIOGR\u00c1FICA<\/p>\n<p>Peri\u00f3dico: El Colombiano<\/p>\n<p>Lugar de edici\u00f3n: Medell\u00edn<\/p>\n<p>Autor personal: Juan Jos\u00e9 Garc\u00eda Posada<\/p>\n<p>Autor corporativo: n\/a<\/p>\n<p>Fecha: 1975, diciembre, 31<\/p>\n<p>P\u00e1gina: 20<\/p>\n<p>Secci\u00f3n: n\/a<\/p>\n<p><strong>T\u00edtulo:<\/strong> Oscuro el panorama universitario<\/p>\n<p><strong>Resumen: <\/strong>Como nota de fin de a\u00f1o el peri\u00f3dico EL Colombiano hace una suerte de resumen sobre la crisis por que atraves\u00f3 la universidad durante todo el a\u00f1o. Bajo la visi\u00f3n del columnista se exponen asuntos de an\u00e1lisis sobre la crisis de financiaci\u00f3n, los paros y jornadas de protestas, la dura realidad del \u00e1rea de la salud de las universidades, la falta de administraci\u00f3n y gobierno en la universidad y todo lo que en el contexto influy\u00f3 en el desarrollo de los objetivos de la educaci\u00f3n superior en la universidad. Menciona tambi\u00e9n bajo el subt\u00edtulo de \u201cSituaci\u00f3n Ca\u00f3tica\u201d debido a los largos paros, renuncias de funcionarios y cese de actividades de toda \u00edndole en la universidad.<\/p>\n<p><strong>Im\u00e1genes: <\/strong>n\/a<\/p>\n<p><strong>INFORMACI\u00d3N ANAL\u00cdTICA<\/strong><\/p>\n<p><strong>Contexto de la noticia:<\/strong><\/p>\n<p><strong>Palabras clave: <\/strong><\/p>\n<p><strong>Sugerencia de palabras claves: <\/strong><\/p>\n<p><strong>Observaciones: <\/strong>Se toma la noticia para tener insumos en la profundizaci\u00f3n de noticias anteriores o de punto de an\u00e1lisis para ver la lectura del medio de comunicaci\u00f3n con la dif\u00edcil realidad de la universidad durante 1975.<\/p>\n<p><strong>Fecha de diligenciamiento:<\/strong> 14 de febrero\/2019<\/p>\n<h1 style=\"text-align: center;\">***<\/h1>\n<p><strong>N\u00famero de ficha<\/strong>: A156&nbsp;&nbsp;&nbsp;&nbsp;&nbsp;&nbsp;&nbsp;&nbsp;&nbsp;&nbsp;&nbsp;&nbsp;&nbsp;&nbsp;&nbsp;&nbsp;&nbsp;&nbsp;&nbsp;&nbsp;&nbsp;&nbsp;&nbsp;&nbsp;&nbsp;&nbsp;&nbsp;&nbsp;&nbsp;&nbsp;&nbsp;&nbsp;&nbsp;&nbsp;&nbsp;&nbsp;&nbsp;&nbsp;&nbsp;&nbsp;&nbsp;&nbsp;&nbsp;&nbsp;&nbsp;&nbsp;&nbsp;&nbsp;&nbsp;&nbsp;&nbsp;&nbsp;&nbsp;&nbsp;<\/p>\n<p><strong>Diligenciada por: <\/strong>Eberhar Cano Naranjo<\/p>\n<p>INFORMACI\u00d3N BIBLIOGR\u00c1FICA<\/p>\n<p>Peri\u00f3dico: El Colombiano<\/p>\n<p>Lugar de edici\u00f3n: Medell\u00edn<\/p>\n<p>Autor personal: n\/a<\/p>\n<p>Autor corporativo: Equipo Editorial<\/p>\n<p>Fecha: 1976, febrero, 13<\/p>\n<p>P\u00e1gina: 1 y 19<\/p>\n<p>Secci\u00f3n: n\/a<\/p>\n<p><strong>T\u00edtulo:<\/strong> Desgobierno en la Universidad de Antioquia.<\/p>\n<p><strong>Resumen: <\/strong>El secretario de Educaci\u00f3n Gabriel Vallejo Ospina, afirm\u00f3 que el problema de la crisis universitaria no se debe a las juventudes, sino a los docentes, directivos y las d\u00e9biles estructuras financieras. Para el secretario existe una <em>\u201coligarqu\u00eda docente\u201d<\/em> y una <em>\u201cmasa anarquista\u201d,<\/em> que han limita los cupos a los estudiantes de bachillerato de Antioquia, asunto que se ve reflejado en los altos sueldos de algunos docentes, un desorden administrativo y falencias en la contrataci\u00f3n. El exceso de burocracia ha llevado a que la crisis se agrave en unas facultades por lo que no hay control de la problem\u00e1tica que se refleja adem\u00e1s en otras universidades.<\/p>\n<p><strong>Im\u00e1genes: <\/strong>n\/a<\/p>\n<p><strong>INFORMACI\u00d3N ANAL\u00cdTICA<\/strong><\/p>\n<p><strong>Contexto de la noticia:<\/strong> Investigaci\u00f3n a auxilios de congresistas, d\u00e9ficit fiscal en Antioquia, Elecciones bajo estado de sitio, tensiones fronterizas entre Paraguay y Uruguay, paro total en la UN y la UdeM, comienza la venta de leche en los barrios.<\/p>\n<p><strong>Palabras clave: <\/strong>Vallejo, Gabriel., Consejo Directivo, Asamblea de Estudiantes, Paro<\/p>\n<p><strong>Sugerencia de palabras claves: <\/strong><\/p>\n<p><strong>Observaciones: <\/strong>En otra noticia en la misma p\u00e1gina \u201cEstudiantes de la UdeA reunidos en Asamblea deciden decretar paro en solidaridad con la situaci\u00f3n de la UdeM, donde se han presentado paros, disturbios y la expulsi\u00f3n de algunos l\u00edderes estudiantiles en raz\u00f3n de la crisis por lograr la terminaci\u00f3n del semestre. El Consejo Directivo de la UdeA no aplaz\u00f3 la presentaci\u00f3n de los ex\u00e1menes del semestre, por lo que el cese de actividades tambi\u00e9n incluy\u00f3 la negativa de presentaci\u00f3n de dichas pruebas\u201d.<\/p>\n<p><strong>Fecha de diligenciamiento:<\/strong> 20 de febrero\/2019<\/p>\n<h1 style=\"text-align: center;\">***<\/h1>\n<p><strong>N\u00famero de ficha<\/strong>: A157&nbsp;&nbsp;&nbsp;&nbsp;&nbsp;&nbsp;&nbsp;&nbsp;&nbsp;&nbsp;&nbsp;&nbsp;&nbsp;&nbsp;&nbsp;&nbsp;&nbsp;&nbsp;&nbsp;&nbsp;&nbsp;&nbsp;&nbsp;&nbsp;&nbsp;&nbsp;&nbsp;&nbsp;&nbsp;&nbsp;&nbsp;&nbsp;&nbsp;&nbsp;&nbsp;&nbsp;&nbsp;&nbsp;&nbsp;&nbsp;&nbsp;&nbsp;&nbsp;&nbsp;&nbsp;&nbsp;&nbsp;&nbsp;&nbsp;&nbsp;&nbsp;&nbsp;&nbsp;&nbsp;<\/p>\n<p><strong>Diligenciada por:<\/strong> Eberhar Cano Naranjo<\/p>\n<p>INFORMACI\u00d3N BIBLIOGR\u00c1FICA<\/p>\n<p>Peri\u00f3dico: El Colombiano<\/p>\n<p>Lugar de edici\u00f3n: Medell\u00edn<\/p>\n<p>Autor personal: Jos\u00e9 Roberto Jaramillo<\/p>\n<p>Autor corporativo: n\/a<\/p>\n<p>Fecha: 1976, febrero, 14<\/p>\n<p>P\u00e1gina: 1 y 20<\/p>\n<p>Secci\u00f3n: n\/a<\/p>\n<p><strong>T\u00edtulo: <\/strong>8 horas de disturbios.<\/p>\n<p><strong>Resumen: <\/strong>En asamblea realizada en el campus universitario (teatro Camilo Torres Restrepo) de la UdeA, donde participaron delegados de distintas universidades de la ciudad, se iniciaron los fuertes disturbios del d\u00eda de ayer en las calles de las afueras de la universidad y otros sectores aleda\u00f1os. La asamblea y los estudiantes decidieron salir a las calles y realizar una movilizaci\u00f3n en forma de protesta por la grave crisis de la educaci\u00f3n superior, donde se encontraron con agentes de la fuerza p\u00fablica en su trayecto a la facultad de Medicina, donde se presentaron pedreas con los polic\u00edas y da\u00f1os a veh\u00edculos. El balance fue de <em>\u201c<\/em><em>16 agentes contusos, un suboficial quemado con \u00e1cido. Dos personas heridas a bala (estudiantes), 16 estudiantes detenidos, dos carros incinerados. Otros tantos apedreados y cuantiosos da\u00f1os materiales\u201d (p.1). <\/em>La confrontaci\u00f3n fue fuerte e impidi\u00f3 la movilidad no solo de autos sino tambi\u00e9n de personas que se encontraban al interior del campus. H\u00e9ctor Ospina Botero, Gobernador encargado realiza un balance luego de la jornada de violencia presentada en las calles de la universidad, aludiendo a que hay un desastroso balance para la universidad. Debido a dichas acciones se decreta paro hasta el lunes en la UdeA, UdeM y U. Nacional.<\/p>\n<p><strong>Im\u00e1genes: <\/strong>IMG A157 (a\u2026h) Enfrentamientos en las calles, veh\u00edculos incinerados, detenci\u00f3n de manifestante.<\/p>\n<p><strong>INFORMACI\u00d3N ANAL\u00cdTICA<\/strong><\/p>\n<p><strong>Contexto de la noticia: <\/strong>Misael Pastrana encabeza lista de conservadores, autorizan manifestaciones p\u00fablicas en Colombia, Coltejer aumenta utilidades, Convocan a constituyente en Argentina, Detenido golpe de Estado en Nigeria, Vargas Llosa golpea a Gabo, nueva convenci\u00f3n colectiva de trabajo.&nbsp;<\/p>\n<p><strong>Palabras clave: <\/strong>Tropeles, Polic\u00eda, Asamblea de Estudiantes, Da\u00f1o a bienes civiles, Detenciones, Pedreas, Marcha, Paro, Ospina, H\u00e9ctor.<\/p>\n<p><strong>Sugerencia de palabras claves: <\/strong><\/p>\n<p><strong>Observaciones: <\/strong>Aparece en la misma edici\u00f3n la noticia, \u201cEstudiante se suicid\u00f3 en la UdeA\u201d: <em>\u201cA las 7:30 am <\/em><em>ma\u00f1ana de ayer celadores de&nbsp; la UdeA, encontraron dentro del aula 415 del bloque primevo, el cuerpo sin vida del joven Campo El\u00edas Amava Trujillo de 26 a\u00f1os y quien cursaba tercer semestre en bibliotecolog\u00eda. El caso, \u00fanico registrado desde la fundaci\u00f3n del centro docente, caus\u00f3 verdadera confusi\u00f3n si se tiene en cuenta que Amava Trujillo muri\u00f3 a causa de envenenamiento por cianuro<\/em>. <em>(p. 1 y 21)<\/em><\/p>\n<p><strong>Fecha de diligenciamiento:<\/strong> 20 de febrero\/2019<\/p>\n<h1 style=\"text-align: center;\">***<\/h1>\n<p><strong>N\u00famero de ficha<\/strong>: A158&nbsp;&nbsp;&nbsp;&nbsp;&nbsp;&nbsp;&nbsp;&nbsp;&nbsp;&nbsp;&nbsp;&nbsp;&nbsp;&nbsp;&nbsp;&nbsp;&nbsp;&nbsp;&nbsp;&nbsp;&nbsp;&nbsp;&nbsp;&nbsp;&nbsp;&nbsp;&nbsp;&nbsp;&nbsp;&nbsp;&nbsp;&nbsp;&nbsp;&nbsp;&nbsp;&nbsp;&nbsp;&nbsp;&nbsp;&nbsp;&nbsp;&nbsp;&nbsp;&nbsp;&nbsp;&nbsp;&nbsp;&nbsp;&nbsp;&nbsp;&nbsp;&nbsp;&nbsp;&nbsp;<\/p>\n<p><strong>Diligenciada por: <\/strong>Eberhar Cano Naranjo<\/p>\n<p>INFORMACI\u00d3N BIBLIOGR\u00c1FICA<\/p>\n<p>Peri\u00f3dico: El Colombiano<\/p>\n<p>Lugar de edici\u00f3n: Medell\u00edn<\/p>\n<p>Autor personal: n\/a<\/p>\n<p>Autor corporativo: Equipo Editorial<\/p>\n<p>Fecha: 1976, febrero, 17<\/p>\n<p>P\u00e1gina: 20<\/p>\n<p>Secci\u00f3n: n\/a<\/p>\n<p><strong>T\u00edtulo:<\/strong> Nuevas escaramuzas ayer en Medell\u00edn. Paro de 36 horas en la UdeA.<\/p>\n<p><strong>Resumen: <\/strong>Con Asamblea de Estudiantes y enfrentamientos con la polic\u00eda se prolong\u00f3 paro de 36 horas en la UdeA luego de los duros enfrentamientos el viernes pasado. Esta vez no hubo detenidos ni da\u00f1os de consideraci\u00f3n, sin embargo, circulaba el rumor de que uno de los estudiantes heridos en el disturbio pasado muri\u00f3, informaci\u00f3n que no pudo constatarse. Por su parte el Consejo Directivo que preside Bernardo Trujillo, se reuni\u00f3 para analizar lo que el Gobernador Gabriel Vallejo Ospina mencion\u00f3 como el <em>\u201cdesgobierno en la universidad\u201d.<\/em><\/p>\n<p><strong>Im\u00e1genes: <\/strong>n\/a<\/p>\n<p><strong>INFORMACI\u00d3N ANAL\u00cdTICA<\/strong><\/p>\n<p><strong>Contexto de la noticia: <\/strong>Escandalo por sobornos en las fuerzas Armadas, desaparecido presidente de la CTC, cierre del peri\u00f3dico El Siglo, crisis en la UdeM, clausura del congreso en Argentina, atentado contra gerente de Sofasa, altas exportaciones de Marihuana desde Colombia<\/p>\n<p><strong>Palabras clave: <\/strong>Asamblea de Estudiantes, Tropel, Polic\u00eda, Paro, Consejo Directivo, Trujillo, Bernardo., Gobernador, Vallejo, Gabriel.<\/p>\n<p><strong>Sugerencia de palabras claves: <\/strong><\/p>\n<p><strong>Observaciones: <\/strong><\/p>\n<p><strong>Fecha de diligenciamiento:<\/strong> 20 de febrero\/2019<\/p>\n<h1 style=\"text-align: center;\">***<\/h1>\n<p><strong>N\u00famero de ficha<\/strong>: A159&nbsp;&nbsp;&nbsp;&nbsp;&nbsp;&nbsp;&nbsp; &nbsp;&nbsp;&nbsp;&nbsp;&nbsp;&nbsp;&nbsp;&nbsp;&nbsp;&nbsp;&nbsp;&nbsp;&nbsp;&nbsp;&nbsp;&nbsp;&nbsp;&nbsp;&nbsp;&nbsp;&nbsp;&nbsp;&nbsp;&nbsp;&nbsp;&nbsp;&nbsp;&nbsp;&nbsp;&nbsp;&nbsp;&nbsp;&nbsp;&nbsp;&nbsp;&nbsp;&nbsp;&nbsp;&nbsp;&nbsp;&nbsp;&nbsp;&nbsp;&nbsp;&nbsp;&nbsp;<\/p>\n<p><strong>Diligenciada por: <\/strong>Eberhar Cano Naranjo<\/p>\n<p>INFORMACI\u00d3N BIBLIOGR\u00c1FICA<\/p>\n<p>Peri\u00f3dico: El Colombiano<\/p>\n<p>Lugar de edici\u00f3n: Medell\u00edn<\/p>\n<p>Autor personal: n\/a<\/p>\n<p>Autor corporativo: Equipo Editorial<\/p>\n<p>Fecha: 1976, febrero, 18<\/p>\n<p>P\u00e1gina: 1 y 4<\/p>\n<p>Secci\u00f3n: n\/a<\/p>\n<p><strong>T\u00edtulo:<\/strong> Intervenido el problema universitario de Antioquia.<\/p>\n<p><strong>Resumen: <\/strong>En Bogot\u00e1, los rectores de las universidades de Antioquia; Bernardo Trujillo -UdeA- y Ori\u00f3n \u00c1lvarez -UdeM-, se reunieron con el ministro de Educaci\u00f3n Dur\u00e1n para tratar el tema de la crisis universitaria y la par\u00e1lisis prolongada de las clases, el cual ofreci\u00f3 financiaci\u00f3n para las universidades. Esta comisi\u00f3n pretende dar salida a los acontecimientos ocurridos de manera repetitiva con la Educaci\u00f3n Superior. Mientras tanto en la UdeA se realizaron Asambleas Estudiantiles para manifestar su inconformidad y continuar el cese de actividades, se presentaron algunas pedreas contra un carro de la polic\u00eda y peque\u00f1os brotes violentos que no sobrepasaron el orden p\u00fablico.<\/p>\n<p><strong>Im\u00e1genes: <\/strong>n\/a<\/p>\n<p><strong>INFORMACI\u00d3N ANAL\u00cdTICA<\/strong><\/p>\n<p><strong>Contexto de la noticia:<\/strong> Pol\u00edticas de intervenci\u00f3n a la UdeA, EE.UU quiere apoyar pol\u00edticas en Latinoam\u00e9rica, Kissinger visita Am\u00e9rica Latina, muere estudiante en disturbios en Popay\u00e1n, protestas en Caracas-Venezuela,<\/p>\n<p><strong>Palabras clave: <\/strong>Rector\u00eda, Trujillo, Bernardo., \u00c1lvarez, Ori\u00f3n., Ministerio de Educaci\u00f3n, Asamblea de estudiantes, Pedreas, Polic\u00eda, Cese de Actividades<\/p>\n<p><strong>Sugerencia de palabras claves:<\/strong><\/p>\n<p><strong>Observaciones: <\/strong><\/p>\n<p><strong>Fecha de diligenciamiento:<\/strong> 20 de febrero\/2019<\/p>\n<h1 style=\"text-align: center;\">***<\/h1>\n<p><strong>N\u00famero de ficha<\/strong>: A160&nbsp;&nbsp;&nbsp;&nbsp;&nbsp;&nbsp;&nbsp;&nbsp;&nbsp;&nbsp;&nbsp;&nbsp;&nbsp;&nbsp;&nbsp;&nbsp;&nbsp;&nbsp;&nbsp;&nbsp;&nbsp;&nbsp;&nbsp;&nbsp;&nbsp;&nbsp;&nbsp;&nbsp;&nbsp;&nbsp;&nbsp;&nbsp;&nbsp;&nbsp;&nbsp;&nbsp;&nbsp;&nbsp;&nbsp;&nbsp;&nbsp;&nbsp;&nbsp;&nbsp;&nbsp;&nbsp;&nbsp;&nbsp;&nbsp;&nbsp;&nbsp;&nbsp;&nbsp;&nbsp;<\/p>\n<p><strong>Diligenciada por: <\/strong>Eberhar Cano Naranjo<\/p>\n<p>INFORMACI\u00d3N BIBLIOGR\u00c1FICA<\/p>\n<p>Peri\u00f3dico: El Colombiano<\/p>\n<p>Lugar de edici\u00f3n: Medell\u00edn<\/p>\n<p>Autor personal: n\/a<\/p>\n<p>Autor corporativo: Equipo Editorial<\/p>\n<p>Fecha: 1976, febrero, 19<\/p>\n<p>P\u00e1gina: 1 y 11<\/p>\n<p>Secci\u00f3n: n\/a<\/p>\n<p><strong>T\u00edtulo:<\/strong> 160 d\u00edas de c\u00e1rcel para 9 estudiantes.<\/p>\n<p><strong>Resumen: <\/strong>Cerca de 40 estudiantes fueron puestos en disposici\u00f3n de las autoridades para rendir audiencias consecuencia de las refriegas callejeras. En la UdeA se presentaron algunos encuentros violentos con la fuerza p\u00fablica pero no fueron de mayor gravedad, solo fue atacado un carro de la secretar\u00eda de Bienestar Social. En centros educativos como el Polit\u00e9cnico y la UdeM se realizaron asambleas y se decret\u00f3 paro por la situaci\u00f3n.<\/p>\n<p><strong>Im\u00e1genes: <\/strong>n\/a<\/p>\n<p><strong>INFORMACI\u00d3N ANAL\u00cdTICA<\/strong><\/p>\n<p><strong>Contexto de la noticia:<\/strong> Pobres habitan el basurero de Medell\u00edn, paro de profesores en la UN, sigue crisis en la UdeM, se ampl\u00eda la red telef\u00f3nica en Colombia, tensiones por subversi\u00f3n en el cono sur.<\/p>\n<p><strong>Palabras clave: <\/strong>Paro, Detenidos, Da\u00f1o a bienes civiles, Asamblea de Estudiantes.<\/p>\n<p><strong>Sugerencia de palabras claves: <\/strong><\/p>\n<p><strong>Observaciones: <\/strong>La noticia no aclara de qu\u00e9 universidad eran los estudiantes detenidos y llamados a audiencia<strong>. <\/strong><\/p>\n<p><strong>Fecha de diligenciamiento:<\/strong> 20 de febrero\/2019<\/p>\n<h1 style=\"text-align: center;\">***<\/h1>\n<p><strong>N\u00famero de ficha<\/strong>: A161&nbsp;&nbsp;&nbsp;&nbsp;&nbsp;&nbsp;&nbsp;&nbsp;&nbsp;&nbsp;&nbsp;&nbsp;&nbsp;&nbsp;&nbsp;&nbsp;&nbsp;&nbsp;&nbsp;&nbsp;&nbsp;&nbsp;&nbsp;&nbsp;&nbsp;&nbsp;&nbsp;&nbsp;&nbsp;&nbsp;&nbsp;&nbsp;&nbsp;&nbsp;&nbsp;&nbsp;&nbsp;&nbsp;&nbsp;&nbsp;&nbsp;&nbsp;&nbsp;&nbsp;&nbsp;&nbsp;&nbsp;&nbsp;&nbsp;&nbsp;&nbsp;&nbsp;&nbsp;&nbsp;<\/p>\n<p><strong>Diligenciada por: <\/strong>Eberhar Cano Naranjo<\/p>\n<p>INFORMACI\u00d3N BIBLIOGR\u00c1FICA<\/p>\n<p>Peri\u00f3dico: El Colombiano<\/p>\n<p>Lugar de edici\u00f3n: Medell\u00edn<\/p>\n<p>Autor personal: Jos\u00e9 Roberto Jaramillo<\/p>\n<p>Autor corporativo: n\/a<\/p>\n<p>Fecha: 1976, febrero, 21<\/p>\n<p>P\u00e1gina: 20<\/p>\n<p>Secci\u00f3n: n\/a<\/p>\n<p><strong>T\u00edtulo:<\/strong> Control militar a zonas aleda\u00f1as a la UdeA.<\/p>\n<p><strong>Resumen: <\/strong>Bajo el rumor de que un agente de del orden estuviera retenido por estudiantes atrincherados en el campus universitario, el Ej\u00e9rcito (Cuarta Brigada) mantiene bajo vigilancia los predios aleda\u00f1os a la universidad. El rumor no ha sido verificado y la inconformidad de los estudiantes se acrecienta. En la UdeM se realiza incluso una Asamblea de Estudiantes para tratar la situaci\u00f3n de la UdeA y dem\u00e1s puntos que le competen luego de la reuni\u00f3n de rectores en Bogot\u00e1. El Consejo Directivo, luego de reuni\u00f3n con la Asociaci\u00f3n de profesores y el Consejo Superior Estudiantil, decidieron abstenerse de programar actividades acad\u00e9micas de cualquier tipo hasta que cesen las jornadas o actividades que vienen present\u00e1ndose en las distintas universidades de la ciudad. En la UPB y el Pascual Bravo tambi\u00e9n se decret\u00f3 cese de actividades.<\/p>\n<p><strong>Im\u00e1genes: <\/strong>IMG A161 (a) Bloqueo estudiantil del d\u00eda anterior.<\/p>\n<p><strong>INFORMACI\u00d3N ANAL\u00cdTICA<\/strong><\/p>\n<p><strong>Contexto de la noticia:<\/strong> Barrio se construye en el basurero de Medell\u00edn, crisis en el Magisterio, alza en medicamentos, disturbios estudiantiles en la Paz-Bolivia, conflictos en Sud\u00e1frica y Angola, protestas en Venezuela, disturbios en UN, visita de Carlos Lleras a Medell\u00edn<\/p>\n<p><strong>Palabras clave: <\/strong>Ej\u00e9rcito, Militarizaci\u00f3n de la Universidad, Asamblea de Estudiantes, Asociaci\u00f3n de Profesores, Consejo Superior Estudiantil, Consejo Directivo, Cese de Actividades,<\/p>\n<p><strong>Sugerencia de palabras claves: <\/strong><\/p>\n<p><strong>Observaciones:<\/strong><\/p>\n<p><strong>Fecha de diligenciamiento:<\/strong> 20 de febrero\/2019<\/p>\n<h1 style=\"text-align: center;\">***<\/h1>\n<p><strong>N\u00famero de ficha<\/strong>: A162&nbsp;&nbsp;&nbsp;&nbsp;&nbsp;&nbsp;&nbsp;&nbsp;&nbsp;&nbsp;&nbsp;&nbsp;&nbsp;&nbsp;&nbsp;&nbsp;&nbsp;&nbsp;&nbsp;&nbsp;&nbsp;&nbsp;&nbsp;&nbsp;&nbsp;&nbsp;&nbsp;&nbsp;&nbsp;&nbsp;&nbsp;&nbsp;&nbsp;&nbsp;&nbsp;&nbsp;&nbsp;&nbsp;&nbsp;&nbsp;&nbsp;&nbsp;&nbsp;&nbsp;&nbsp;&nbsp;&nbsp;&nbsp;&nbsp;&nbsp;&nbsp;&nbsp;&nbsp;&nbsp;<\/p>\n<p><strong>Diligenciada por: <\/strong>Eberhar Cano Naranjo<\/p>\n<p>INFORMACI\u00d3N BIBLIOGR\u00c1FICA<\/p>\n<p>Peri\u00f3dico: El Colombiano<\/p>\n<p>Lugar de edici\u00f3n: Medell\u00edn<\/p>\n<p>Autor personal: Jos\u00e9 Roberto Jaramillo<\/p>\n<p>Autor corporativo: n\/a<\/p>\n<p>Fecha: 1976, febrero, 24<\/p>\n<p>P\u00e1gina: 14<\/p>\n<p>Secci\u00f3n: n\/a<\/p>\n<p><strong>T\u00edtulo:<\/strong> Gobierno amenaza con allanar la UdeA.<\/p>\n<p><strong>Resumen: <\/strong>El comandante de la Polic\u00eda, Coronel Luis Alberto Gonz\u00e1lez, dio a conocer un comunicado al Gobernador \u00d3scar Montoya donde manifiesta su entera disposici\u00f3n para allanar la universidad si se siguen presentando brotes de rebeld\u00eda y retenciones a gentes del orden. El comunicado enfatiza en que <em>\u201cno se permitir\u00e1 que sitio alguno de la ciudad o del departamento, sea vedado para el ingreso de las fuerzas del orden<\/em>\u201d, los directivos de la universidad se encargaron de sacar a dichos agentes retenidos para evitar mayor confrontaci\u00f3n. Los disturbios ocurridos acarrearon graves enfrentamientos, retenciones (\u201csecuestro\u201d), da\u00f1os a veh\u00edculos y bienes, incendios, prolongados hasta largas horas de la tarde y la noche. La grave situaci\u00f3n llev\u00f3 a que se realizar una reuni\u00f3n en la oficina del Gobernador declarando a la opini\u00f3n p\u00fablica que la administraci\u00f3n y las fuerzas del Estado est\u00e1n dispuestas a hacer respetar los derechos de los agentes, si es necesario dispondr\u00e1n de las fuerzas policiales, el DAS y la cuarta Brigada.<\/p>\n<p><strong>Im\u00e1genes: <\/strong>IMG A162 (a\u2026d) Disturbio en la avenida Juan del Corral cerca de la facultad de Medicina, polic\u00eda herido.<\/p>\n<p><strong>INFORMACI\u00d3N ANAL\u00cdTICA<\/strong><\/p>\n<p><strong>Contexto de la noticia: <\/strong>Kissinger en Colombia, aumenta el recurso para el PND, ICETEX ofrece becas para el exterior, reuni\u00f3n en Cartagena de ministros, gira conservadora en el pa\u00eds, despilfarro econ\u00f3mico en hospitales, reuni\u00f3n de la coordinadora del CELAM.<\/p>\n<p><strong>Palabras clave: <\/strong>Gonz\u00e1lez, Luis Alberto., Polic\u00eda, Comunicado, Gobernador, Montoya, Oscar., Tropel, Da\u00f1o a bienes civiles, Ej\u00e9rcito, DAS, Allanamiento<\/p>\n<p><strong>Sugerencia de palabras claves: <\/strong><\/p>\n<p><strong>Observaciones: <\/strong>Balance de los disturbios del d\u00eda anterior que ocasionaron la noticia actual: <em>26 polic\u00edas heridos, dos carros incendiados, un veh\u00edculo destrozado por la piedra; m\u00e1s de ochenta estudiantes y particulares detenidos; y tres agentes secuestrados (que fueron liberados minutos antes de que se cumpliera el plazo de un ultim\u00e1tum lanzado por el comandante de la Polic\u00eda de Antioquia, coronel Gonz\u00e1lez Rivera). (p.14). <\/em><\/p>\n<p><strong>Fecha de diligenciamiento:<\/strong> 20 de febrero\/2019<\/p>\n<h1 style=\"text-align: center;\">***<\/h1>\n<p><strong>N\u00famero de ficha<\/strong>: A163&nbsp;&nbsp;&nbsp;&nbsp;&nbsp;&nbsp;&nbsp;&nbsp;&nbsp;&nbsp;&nbsp;&nbsp;&nbsp;&nbsp;&nbsp;&nbsp;&nbsp;&nbsp;&nbsp;&nbsp;&nbsp;&nbsp;&nbsp;&nbsp;&nbsp;&nbsp;&nbsp;&nbsp;&nbsp;&nbsp;&nbsp;&nbsp;&nbsp;&nbsp;&nbsp;&nbsp;&nbsp;&nbsp;&nbsp;&nbsp;&nbsp;&nbsp;&nbsp;&nbsp;&nbsp;&nbsp;&nbsp;&nbsp;&nbsp;&nbsp;&nbsp;&nbsp;&nbsp;&nbsp;<\/p>\n<p><strong>Diligenciada por: <\/strong>Eberhar Cano Naranjo<\/p>\n<p>INFORMACI\u00d3N BIBLIOGR\u00c1FICA<\/p>\n<p>Peri\u00f3dico: El Colombiano<\/p>\n<p>Lugar de edici\u00f3n: Medell\u00edn<\/p>\n<p>Autor personal: V\u00edctor Le\u00f3n Zuluaga<\/p>\n<p>Autor corporativo: n\/a<\/p>\n<p>Fecha: 1976, marzo, 05<\/p>\n<p>P\u00e1gina: 24 y 25<\/p>\n<p>Secci\u00f3n: n\/a<\/p>\n<p><strong>T\u00edtulo:<\/strong> Muerto un estudiante en graves disturbios<\/p>\n<p><strong>Resumen: <\/strong>El estudiante Elkin Dar\u00edo C\u00f3rdoba de Ingenier\u00eda Qu\u00edmica, fue muerto en protestas de la UdeA con la fuerza p\u00fablica. Cinco estudiantes m\u00e1s y algunos agentes del ej\u00e9rcito salieron heridos (uno de ellos con \u00e1cido), en los fuertes disturbios luego de la terminaci\u00f3n de la Asamblea regional de universidades de la ciudad. Las protestas tuvieron veh\u00edculos incendiados y fuertes confrontaciones, adem\u00e1s de que 99 personas, en su mayor\u00eda estudiantes resultaron detenidos y bajo \u00f3rdenes de la Polic\u00eda y el Ej\u00e9rcito. Posterior a estos duros sucesos, una tensa calma se vivi\u00f3 en los predios de la universidad que el ej\u00e9rcito allan\u00f3 y militariz\u00f3 para controlar el lugar. El Gobernador Oscar Montoya cit\u00f3 a un Consejo de Seguridad con los representantes de la fuerza p\u00fablica y el DAS para analizar la situaci\u00f3n e investigar la muerte del estudiante. La universidad permanece cerrada.<\/p>\n<p><strong>Im\u00e1genes: <\/strong>IMG A163 (a\u2026e) Confrontaci\u00f3n, heridos, gases, tachuelas de la protesta.<\/p>\n<p><strong>INFORMACI\u00d3N ANAL\u00cdTICA<\/strong><\/p>\n<p><strong>Contexto de la noticia: <\/strong>Ospina P\u00e9rez visita Medell\u00edn, aumento econ\u00f3mico de Coltejer, comienza plan de construcci\u00f3n de carreteras, se re\u00fane la ANDI en Manizales.<\/p>\n<p><strong>Palabras clave: <\/strong>C\u00f3rdoba, Elkin Dar\u00edo., Ej\u00e9rcito, Disturbios, Da\u00f1o a bienes civiles, Asamblea de Estudiantes, Allanamiento, Militarizaci\u00f3n, Gobernador, Montoya, Oscar., DAS, Asesinato<\/p>\n<p><strong>Sugerencia de palabras claves: <\/strong><\/p>\n<p><strong>Observaciones: <\/strong>En la edici\u00f3n anterior (04 de marzo) la <strong>carta al director<\/strong> dedic\u00f3 sus l\u00edneas a cuestionar las formas de violencia de los universitarios, haciendo hincapi\u00e9 en la necesidad de que no se puede reconocer los actos vand\u00e1licos como \u201cluchas del pueblo\u201d y que los art\u00edfices de la zozobra para la ciudad son los \u201cvagos\u201d. (p.3)<\/p>\n<p><strong>Fecha de diligenciamiento:<\/strong> 20 de febrero\/2019<\/p>\n<h1 style=\"text-align: center;\">***<\/h1>\n<p><strong>N\u00famero de ficha<\/strong>: A164&nbsp;&nbsp;&nbsp;&nbsp;&nbsp;&nbsp;&nbsp;&nbsp;&nbsp;&nbsp;&nbsp;&nbsp;&nbsp;&nbsp;&nbsp;&nbsp;&nbsp;&nbsp;&nbsp;&nbsp;&nbsp;&nbsp;&nbsp;&nbsp;&nbsp;&nbsp;&nbsp;&nbsp;&nbsp;&nbsp;&nbsp;&nbsp;&nbsp;&nbsp;&nbsp;&nbsp;&nbsp;&nbsp;&nbsp;&nbsp;&nbsp;&nbsp;&nbsp;&nbsp;&nbsp;&nbsp;&nbsp;&nbsp;&nbsp;&nbsp;&nbsp;&nbsp;&nbsp;&nbsp;<\/p>\n<p><strong>Diligenciada por: <\/strong>Eberhar Cano Naranjo<\/p>\n<p>INFORMACI\u00d3N BIBLIOGR\u00c1FICA<\/p>\n<p>Peri\u00f3dico: El Colombiano<\/p>\n<p>Lugar de edici\u00f3n: Medell\u00edn<\/p>\n<p>Autor personal: n\/a<\/p>\n<p>Autor corporativo: Equipo Editorial<\/p>\n<p>Fecha: 1976, marzo, 06<\/p>\n<p>P\u00e1gina: 1 y 21<\/p>\n<p>Secci\u00f3n: n\/a<\/p>\n<p><strong>T\u00edtulo:<\/strong> Pendiente decisi\u00f3n sobre la UdeA. Paran internos y residentes del hospital.<\/p>\n<p><strong>Resumen: <\/strong>Posterior a la delicada situaci\u00f3n de orden p\u00fablico del d\u00eda de ayer, las autoridades gubernamentales dispusieron de un operativo de vigilancia en toda la ciudad en especial en las zonas aleda\u00f1as a la universidad. Los m\u00e9dicos y residentes del Hospital San Vicente de Paul tomaron la decisi\u00f3n de salir a paro mientras se realiza una asamblea de estudiantes, sus demandas son expresadas en un comunicado que contempla adem\u00e1s el repudio al uso de las armas por parte del ej\u00e9rcito y lamentan la muerte del estudiante Elkin C\u00f3rdoba, el comunicado es firmado por la Asociaci\u00f3n de Internos y Residentes. El art\u00edculo tambi\u00e9n hace una peque\u00f1a nota sobre el problema en perspectiva nacional, a la luz de los disturbios ocasionados en la U. Nacional, UdeM y otros paros que se presentaron en centros educativos de educaci\u00f3n superior, todos en manifestaci\u00f3n a la crisis financiera y de autonom\u00eda en las universidades nacionales<\/p>\n<p><strong>Im\u00e1genes: <\/strong>n\/a<\/p>\n<p><strong>INFORMACI\u00d3N ANAL\u00cdTICA<\/strong><\/p>\n<p><strong>Contexto de la noticia:<\/strong> Gobierno decreta allanamientos ilimitados, Conservadores comienzan campa\u00f1a, Aumenta violencia en regiones de Espa\u00f1a, Negligencia en relaciones de EE. UU con Latinoam\u00e9rica, EE: UU ataca comisi\u00f3n de DH de la ONU, preocupaci\u00f3n por tr\u00e1fico de drogas<\/p>\n<p><strong>Palabras clave: <\/strong>C\u00f3rdoba, Elkin Dar\u00edo., Ej\u00e9rcito, Comunicado, Paro, Asamblea de Estudiantes, Allanamiento, Militarizaci\u00f3n, Gobernador, Montoya, Oscar., DAS, Asesinato<\/p>\n<p><strong>Sugerencia de palabras claves: <\/strong>Asociaci\u00f3n de Internos y Residentes, Autonom\u00eda Universitaria<\/p>\n<p><strong>Observaciones: <\/strong>En otro art\u00edculo de la p.21 titulado <strong><em>\u201cAcusaci\u00f3n contra el rector y la Consiliatura de la UdeM formula el Consejo Directivo de la UdeA<\/em><\/strong>\u201d: Se menciona un comunicado del Consejo condenando la <em>incapacidad<\/em> de la UdeM en solucionar sus problemas y recuerda que no ha tenido motivos internos para parar, as\u00ed que las situaciones son externas como el caso de su crisis. Lamentan la muerte del estudiante a manos del ej\u00e9rcito y proponen la discusi\u00f3n sobre la necesidad de que sea la universidad quien resuelva sus problemas y no el gobernador que pretende ponerlo como un problema de orden p\u00fablico.&nbsp;<\/p>\n<p><strong>Fecha de diligenciamiento:<\/strong> 20 de febrero\/2019<\/p>\n<h1 style=\"text-align: center;\">***<\/h1>\n<p><strong>N\u00famero de ficha<\/strong>: A165&nbsp;&nbsp;&nbsp;&nbsp;&nbsp;&nbsp;&nbsp;&nbsp;&nbsp;&nbsp;&nbsp;&nbsp;&nbsp;&nbsp;&nbsp;&nbsp;&nbsp;&nbsp;&nbsp;&nbsp;&nbsp;&nbsp;&nbsp;&nbsp;&nbsp;&nbsp;&nbsp;&nbsp;&nbsp;&nbsp;&nbsp;&nbsp;&nbsp;&nbsp;&nbsp;&nbsp;&nbsp;&nbsp;&nbsp;&nbsp;&nbsp;&nbsp;&nbsp;&nbsp;&nbsp;&nbsp;&nbsp;&nbsp;&nbsp;&nbsp;&nbsp;&nbsp;&nbsp;&nbsp;<\/p>\n<p><strong>Diligenciada por: <\/strong>Eberhar Cano Naranjo<\/p>\n<p>INFORMACI\u00d3N BIBLIOGR\u00c1FICA<\/p>\n<p>Peri\u00f3dico: El Colombiano<\/p>\n<p>Lugar de edici\u00f3n: Medell\u00edn<\/p>\n<p>Autor personal: n\/a<\/p>\n<p>Autor corporativo: Equipo Editorial<\/p>\n<p>Fecha: 1976, marzo, 09<\/p>\n<p>P\u00e1gina: 4<\/p>\n<p>Secci\u00f3n: n\/a<\/p>\n<p><strong>T\u00edtulo:<\/strong> No realizar manifestaciones piden Consejo Directivo de la UdeA y Gobierno.<\/p>\n<p><strong>Resumen: <\/strong>El Consejo Directivo de la UdeA en cabeza de su presidente Bernardo Trujillo, dio a conocer un comunicado a os medios de comunicaci\u00f3n donde expresan enf\u00e1ticamente a estudiantes y profesores abstenerse de manifestaciones p\u00fablicas y de confrontaciones que podr\u00edan llevar al cierre de la universidad. Seg\u00fan el Consejo, primero; hay que seguir el debate frente a los malos manejos del UdeM y sus consecuencias en las universidades de la regi\u00f3n, segundo, hay que insistir en el orden institucional como garant\u00eda para el cumplimiento de los objetivos, tercero, sostiene la necesidad de una universidad abierta y cuarto, advierte de la posible crisis y cierre sino se solucionan los inconvenientes presentados en los estamentos y el papel de las administraciones. Tambi\u00e9n la Asociaci\u00f3n de Profesores se pronuncia por v\u00eda comunicado, expresando sus condolencias por la muerte del estudiante Elkin C\u00f3rdoba solidariz\u00e1ndose con el movimiento estudiantil, adem\u00e1s, repudia el uso de la fuerza por parte de la fuerza p\u00fablica y los allanamientos.<\/p>\n<p><strong>Im\u00e1genes: <\/strong>n\/a<\/p>\n<p><strong>INFORMACI\u00d3N ANAL\u00cdTICA<\/strong><\/p>\n<p><strong>Contexto de la noticia:<\/strong> paralizada c\u00e1rcel de Rionegro, aumenta el costo de vida, elecciones internas en el Conservadurismo, reducci\u00f3n de importaciones, piden pol\u00edtica petrolera, huelgas en Espa\u00f1a, manifestaciones en Urab\u00e1<\/p>\n<p><strong>Palabras clave: <\/strong>Consejo Directivo, Trujillo, Bernardo., Comunicado, Movilizaci\u00f3n Social, Asociaci\u00f3n de Profesores, Ej\u00e9rcito, Polic\u00eda, C\u00f3rdoba, Elkin.<\/p>\n<p><strong>Sugerencia de palabras claves: <\/strong><\/p>\n<p><strong>Observaciones: <\/strong>Hay una menci\u00f3n a un entierro simb\u00f3lico, importante continuaci\u00f3n de la noticia el 10 de marzo.<\/p>\n<p><strong>Fecha de diligenciamiento:<\/strong> 20 de febrero\/2019<\/p>\n<h1 style=\"text-align: center;\">***<\/h1>\n<p><strong>N\u00famero de ficha<\/strong>: A166&nbsp;&nbsp;&nbsp;&nbsp;&nbsp;&nbsp;&nbsp;&nbsp;&nbsp;&nbsp;&nbsp;&nbsp;&nbsp;&nbsp;&nbsp;&nbsp;&nbsp;&nbsp;&nbsp;&nbsp;&nbsp;&nbsp;&nbsp;&nbsp;&nbsp;&nbsp;&nbsp;&nbsp;&nbsp;&nbsp;&nbsp;&nbsp;&nbsp;&nbsp;&nbsp;&nbsp;&nbsp;&nbsp;&nbsp;&nbsp;&nbsp;&nbsp;&nbsp;&nbsp;&nbsp;&nbsp;&nbsp;&nbsp;&nbsp;&nbsp;&nbsp;&nbsp;&nbsp;&nbsp;<\/p>\n<p><strong>Diligenciada por: <\/strong>Eberhar Cano Naranjo<\/p>\n<p>INFORMACI\u00d3N BIBLIOGR\u00c1FICA<\/p>\n<p>Peri\u00f3dico: El Colombiano<\/p>\n<p>Lugar de edici\u00f3n: Medell\u00edn<\/p>\n<p>Autor personal: V\u00edctor Le\u00f3n Zuluaga<\/p>\n<p>Autor corporativo: n\/a<\/p>\n<p>Fecha: 1976, marzo, 10<\/p>\n<p>P\u00e1gina: 22<\/p>\n<p>Secci\u00f3n: n\/a<\/p>\n<p><strong>T\u00edtulo:<\/strong> Fracas\u00f3 el proyectado \u201centierro simb\u00f3lico\u201d. Detenidos 7 profesores y estudiantes; no pagar\u00e1n sueldos a maestros en Paro.<\/p>\n<p><strong>Resumen: <\/strong>En el teatro Camilo Torres de la universidad, se reunieron estudiantes y profesores para descubrir una placa en homenaje a Elkin C\u00f3rdoba, estudiante asesinado por el ej\u00e9rcito cerca de la facultad de Medicina en disturbios pasados. El acto pol\u00edtico conten\u00eda tambi\u00e9n un entierro simb\u00f3lico en la iglesia Nuestra Se\u00f1ora del Sagrado Coraz\u00f3n de Jes\u00fas en Buenos Aires, acto que fue dispersado por la polic\u00eda y dej\u00f3 70 detenidos entre profesores y estudiantes: <em>\u201c<\/em><em>Durante la tarde, el templo <\/em><em>y <\/em><em>el sector fueron mantenidos bajo la vigilancia estrecha de los militares\u201d (p.22). <\/em>Se presentaron algunas alteraciones del orden p\u00fablico y se militarizaron algunas calles de la ciudad. Otras instituciones como la UPB y el Polit\u00e9cnico decretaron paro. Otras instituciones como ADIDA se solidarizan con la situaci\u00f3n y condenan v\u00eda comunicado el hecho de que el entierro simb\u00f3lico haya sido agredido por parte de la fuerza p\u00fablica.<\/p>\n<p><strong>Im\u00e1genes: <\/strong>IMG A166 (a\u2026c) Iglesia, casa de Elkin Cardona y agentes antimotines.<\/p>\n<p><strong>INFORMACI\u00d3N ANAL\u00cdTICA<\/strong><\/p>\n<p><strong>Contexto de la noticia:<\/strong> Impunes 205.000 sumarios de la rama penal, protestas en el barrio Guayabal, estudian c\u00f3digo para empresas trasnacionales, EE.UU y las armas at\u00f3micas, mesas de votaci\u00f3n en inspecciones de polic\u00eda, contralor\u00eda investiga a congresistas.<\/p>\n<p><strong>Palabras clave: <\/strong>Actos Simb\u00f3licos, C\u00f3rdoba, Elkin., Ej\u00e9rcito, Asesinato, militarizaci\u00f3n de la universidad, Polic\u00eda, Comunicado.<\/p>\n<p><strong>Sugerencia de palabras claves: <\/strong><\/p>\n<p><strong>Observaciones: <em>\u201cPadre del estudiante muerto pide que se investigue el caso\u201d.<\/em><\/strong> Noticia publicada el 11 de marzo, p. 24. Donde el padre de Elkin C\u00f3rdoba, solicita a medios de comunicaci\u00f3n, presidente, procurador y ministro de justicia investigar el caso de su hijo muerto en circunstancias no aclaradas por impacto de bala de arma larga.&nbsp;<\/p>\n<p><strong>Fecha de diligenciamiento:<\/strong> 20 de febrero\/2019<\/p>\n<h1 style=\"text-align: center;\">***<\/h1>\n<p><strong>N\u00famero de ficha<\/strong>: A167&nbsp;&nbsp;&nbsp;&nbsp;&nbsp;&nbsp;&nbsp;&nbsp;&nbsp;&nbsp;&nbsp;&nbsp;&nbsp;&nbsp;&nbsp;&nbsp;&nbsp;&nbsp;&nbsp;&nbsp;&nbsp;&nbsp;&nbsp;&nbsp;&nbsp;&nbsp;&nbsp;&nbsp;&nbsp;&nbsp;&nbsp;&nbsp;&nbsp;&nbsp;&nbsp;&nbsp;&nbsp;&nbsp;&nbsp;&nbsp;&nbsp;&nbsp;&nbsp;&nbsp;&nbsp;&nbsp;&nbsp;&nbsp;&nbsp;&nbsp;&nbsp;&nbsp;&nbsp;&nbsp;<\/p>\n<p><strong>Diligenciada por: <\/strong>Eberhar Cano Naranjo<\/p>\n<p>INFORMACI\u00d3N BIBLIOGR\u00c1FICA<\/p>\n<p>Peri\u00f3dico: El Colombiano<\/p>\n<p>Lugar de edici\u00f3n: Medell\u00edn<\/p>\n<p>Autor personal: n\/a<\/p>\n<p>Autor corporativo: Equipo Editorial<\/p>\n<p>Fecha: 1976, marzo, 12<\/p>\n<p>P\u00e1gina: 1 y 9<\/p>\n<p>Secci\u00f3n: n\/a<\/p>\n<p><strong>T\u00edtulo:<\/strong> Muri\u00f3 obrero herido en disturbios.<\/p>\n<p><strong>Resumen: <\/strong>Gustavo de Jes\u00fas Rico es una nueva v\u00edctima de los disturbios ocurridos el jueves 04 de marzo que terminaron con la muerte del estudiante Elkin C\u00f3rdoba. Al parecer los hechos se presentaron por disparos de una camioneta que pretend\u00edan quemar los estudiantes y que su conductor en reacci\u00f3n dispara contra la turba, hiriendo al estudiante Antonio Ricaurte Salinas Echeverri, pero al parecer tambi\u00e9n impactando a Gustavo Rico, quien como obrero trabajaba en el sector (Cazado Yuliet) y se desplazaba a tomar un refresco luego de su jornada de almuerzo.<\/p>\n<p><strong>Im\u00e1genes: <\/strong>n\/a<\/p>\n<p><strong>INFORMACI\u00d3N ANAL\u00cdTICA<\/strong><\/p>\n<p><strong>Contexto de la noticia:<\/strong> Separaci\u00f3n de elecciones para presidente y congreso, Se re\u00fanen ministros de Hacienda, sancionada ley de adiciones al impuesto de la renta, Contin\u00faan estudio del conflicto en la UdeM, Asamblea conservadora del Consejo de Medell\u00edn.<\/p>\n<p><strong>Palabras clave: <\/strong>Asesinato, Rico, Gustavo de Jes\u00fas., Tropel, Ricaurte, Antonio.,<\/p>\n<p><strong>Sugerencia de palabras claves: <\/strong><\/p>\n<p><strong>Observaciones: <\/strong><\/p>\n<p><strong>Fecha de diligenciamiento:<\/strong> 20 de febrero\/2019<\/p>\n<h1 style=\"text-align: center;\">***<\/h1>\n<p><strong>N\u00famero de ficha<\/strong>: A168&nbsp;&nbsp;&nbsp;&nbsp;&nbsp;&nbsp;&nbsp;&nbsp;&nbsp;&nbsp;&nbsp;&nbsp;&nbsp;&nbsp;&nbsp;&nbsp;&nbsp;&nbsp;&nbsp;&nbsp;&nbsp;&nbsp;&nbsp;&nbsp;&nbsp;&nbsp;&nbsp;&nbsp;&nbsp;&nbsp;&nbsp;&nbsp;&nbsp;&nbsp;&nbsp;&nbsp;&nbsp;&nbsp;&nbsp;&nbsp;&nbsp;&nbsp;&nbsp;&nbsp;&nbsp;&nbsp;&nbsp;&nbsp;&nbsp;&nbsp;&nbsp;&nbsp;&nbsp;&nbsp;<\/p>\n<p><strong>Diligenciada por: <\/strong>Eberhar Cano Naranjo<\/p>\n<p>INFORMACI\u00d3N BIBLIOGR\u00c1FICA<\/p>\n<p>Peri\u00f3dico: El Colombiano<\/p>\n<p>Lugar de edici\u00f3n: Medell\u00edn<\/p>\n<p>Autor personal: n\/a<\/p>\n<p>Autor corporativo: Equipo Editorial<\/p>\n<p>Fecha: 1976, marzo, 18<\/p>\n<p>P\u00e1gina: 20<\/p>\n<p>Secci\u00f3n: n\/a<\/p>\n<p><strong>T\u00edtulo:<\/strong> Consejo Directivo de UdeA propone soluci\u00f3n al conflicto.<\/p>\n<p><strong>Resumen:<\/strong> En un comunicado de Consejo Directivo de la UdeA se propone recibir a los estudiantes de la UdeM que no fueron admitidos en ella con el fin de solucionar el conflicto de los \u00faltimos meses. Con dicha propuesta el Consejo se podr\u00eda levantar el paro en la asamblea general a llevarse a cabo hoy. <em>\u201c<\/em><em>El Rector y el Consejo Directivo han coincidido en las apreciaciones de profesoras y estudiantes, en se\u00f1alar la causa del actual conflicto universitario\u201d. <\/em>Frente a ese debate se sum\u00f3 la Asamblea de la UPB quienes publicaron un comunicado en rechazo a la injerencia de la fuerza p\u00fablica de forma violenta y proponiendo comisiones de trabajo y an\u00e1lisis para la sobrellevar la crisis. La Asociaci\u00f3n de Profesores env\u00edo un mensaje a la ministra de trabajo. Mar\u00eda Elena Jim\u00e9nez en rechazo a la propuesta de crear un tribunal de arbitramiento en los casos de conflictos laborales.&nbsp;<\/p>\n<p><strong>Im\u00e1genes: <\/strong>n\/a<\/p>\n<p><strong>INFORMACI\u00d3N ANAL\u00cdTICA<\/strong><\/p>\n<p><strong>Contexto de la noticia:<\/strong> Relevado jefe nacional del F-2, proponen comit\u00e9 evaluador de la reforma agraria, huelga bancaria, piden revisi\u00f3n de pacto Andino, atentados en Uruguay, tregua entre L\u00edbano y Siria, severas medidas de orden p\u00fablico.<\/p>\n<p><strong>Palabras clave: <\/strong>Comunicado, Consejo Directivo, Paro, Asamblea General de Estudiantes, Rector\u00eda, Polic\u00eda, Asociaci\u00f3n de Profesores, Jim\u00e9nez, Mar\u00eda Elena.<\/p>\n<p><strong>Sugerencia de palabras claves: <\/strong><\/p>\n<p><strong>Observaciones: <\/strong><\/p>\n<p><strong>Fecha de diligenciamiento:<\/strong> 20 de febrero\/2019<\/p>\n<h1 style=\"text-align: center;\">***<\/h1>\n<p><strong>N\u00famero de ficha<\/strong>: A169&nbsp;&nbsp;&nbsp;&nbsp;&nbsp;&nbsp;&nbsp;&nbsp;&nbsp;&nbsp;&nbsp;&nbsp;&nbsp;&nbsp;&nbsp;&nbsp;&nbsp;&nbsp;&nbsp;&nbsp;&nbsp;&nbsp;&nbsp;&nbsp;&nbsp;&nbsp;&nbsp;&nbsp;&nbsp;&nbsp;&nbsp;&nbsp;&nbsp;&nbsp;&nbsp;&nbsp;&nbsp;&nbsp;&nbsp;&nbsp;&nbsp;&nbsp;&nbsp;&nbsp;&nbsp;&nbsp;&nbsp;&nbsp;&nbsp;&nbsp;&nbsp;&nbsp;&nbsp;&nbsp;<\/p>\n<p><strong>Diligenciada por: <\/strong>Eberhar Cano Naranjo<\/p>\n<p>INFORMACI\u00d3N BIBLIOGR\u00c1FICA<\/p>\n<p>Peri\u00f3dico: El Colombiano<\/p>\n<p>Lugar de edici\u00f3n: Medell\u00edn<\/p>\n<p>Autor personal: n\/a<\/p>\n<p>Autor corporativo: Equipo Editorial<\/p>\n<p>Fecha: 1976, marzo, 23<\/p>\n<p>P\u00e1gina: 4<\/p>\n<p>Secci\u00f3n: n\/a<\/p>\n<p><strong>T\u00edtulo:<\/strong> Asamblea Permanente en la Universidad de Antioquia<\/p>\n<p><strong>Resumen: <\/strong>Cumpli\u00e9ndose m\u00e1s de un mes de la crisis en la universidad, los estudiantes reunidos en Asamblea decidieron levantar el paro y decretar Asamblea Permanente con proyecci\u00f3n a la normalizaci\u00f3n. Mientras tanto el Consejo Superior no pudo reunirse por la inasistencia del Gobernador Oscar Montoya y la falta de quorum: <em>\u201c<\/em><em>Los mismos miembros han dicho que si a la pr\u00f3xima reuni\u00f3n el gobernador no asiste puntualmente se volver\u00e1n a retirar, ya que es necesario que rinda un informe sobre la reuni\u00f3n de rectores con el consejo nacional de seguridad, realizada en la capital del pa\u00eds hace tres semanas, tal como ya lo hizo el redor Bernardo Trujillo Calle\u201d. <\/em>Se menciona adem\u00e1s de un encuentro nacional de profesores universitarios a llevarse a cabo en el Alma Mater promovido por las Asociaciones de Profesores de la UdeA, la U. Nacional y la Asociaci\u00f3n Sindical de Profesores Universitarios.<\/p>\n<p><strong>Im\u00e1genes: <\/strong>n\/a<\/p>\n<p><strong>INFORMACI\u00d3N ANAL\u00cdTICA<\/strong><\/p>\n<p><strong>Contexto de la noticia:<\/strong> supuesta infiltraci\u00f3n terrorista \u00e1rabe en Colombia, Rectores respaldan al gobierno, se retira el comandante de la Armada Nacional, Fiebre golpista en Argentina, XXV Congreso del Partido Comunista Sovi\u00e9tico, proponen impuesto a Cooperativas.<\/p>\n<p><strong>Palabras clave: <\/strong>Asamblea de Estudiantes, Paro, Consejo Superior, Gobernador, Montoya, Oscar., Asociaci\u00f3n de Profesores.<\/p>\n<p><strong>Sugerencia de palabras claves: <\/strong>Asociaci\u00f3n Sindical de Profesores Universitarios<\/p>\n<p><strong>Observaciones: <\/strong>En la UPB se sostiene una propuesta para construir comisi\u00f3n de an\u00e1lisis de la crisis y en la UdeM se decreta paro de 24 horas.<\/p>\n<p><strong>Fecha de diligenciamiento:<\/strong> 20 de febrero\/2019<\/p>\n<h1 style=\"text-align: center;\">***<\/h1>\n<p><strong>N\u00famero de ficha<\/strong>: A170&nbsp;&nbsp;&nbsp;&nbsp;&nbsp;&nbsp;&nbsp;&nbsp;&nbsp;&nbsp;&nbsp;&nbsp;&nbsp;&nbsp;&nbsp;&nbsp;&nbsp;&nbsp;&nbsp;&nbsp;&nbsp;&nbsp;&nbsp;&nbsp;&nbsp;&nbsp;&nbsp;&nbsp;&nbsp;&nbsp;&nbsp;&nbsp;&nbsp;&nbsp;&nbsp;&nbsp;&nbsp;&nbsp;&nbsp;&nbsp;&nbsp;&nbsp;&nbsp;&nbsp;&nbsp;&nbsp;&nbsp;&nbsp;&nbsp;&nbsp;&nbsp;&nbsp;&nbsp;&nbsp;<\/p>\n<p><strong>Diligenciada por: <\/strong>Eberhar Cano Naranjo<\/p>\n<p>INFORMACI\u00d3N BIBLIOGR\u00c1FICA<\/p>\n<p>Peri\u00f3dico: El Colombiano<\/p>\n<p>Lugar de edici\u00f3n: Medell\u00edn<\/p>\n<p>Autor personal: V\u00edctor Le\u00f3n Zuluaga<\/p>\n<p>Autor corporativo: n\/a<\/p>\n<p>Fecha: 1976, marzo, 26<\/p>\n<p>P\u00e1gina: 23<\/p>\n<p>Secci\u00f3n: n\/a<\/p>\n<p><strong>T\u00edtulo:<\/strong> 87 detenidos ayer por disturbios. Ser\u00e1n sancionados con suspensi\u00f3n y cancelaci\u00f3n de matr\u00edcula.<\/p>\n<p><strong>Resumen: <\/strong>El comandante de la Polic\u00eda, Coronel Luis Alberto Gonz\u00e1lez, inform\u00f3 que estudiantes y profesores del Liceo de la UdeA y el Pascual Bravo fueron detenidos en disturbios en los \u00faltimos d\u00edas. Los estudiantes lanzaron piedras contra veh\u00edculos del municipio e hicieron barricadas en las calles para impedir el tr\u00e1fico. A los profesores apresados se les condenar\u00e1 a 180 d\u00edas de c\u00e1rcel mientras que a los estudiantes se les cancelar\u00e1 su matr\u00edcula. El levantamiento del paro en la UdeA propici\u00f3 un espacio de normalidad en el campus, mientras que la reuni\u00f3n del Consejo Superior se aplaz\u00f3 para el pr\u00f3ximo lunes.<\/p>\n<p><strong>Im\u00e1genes: <\/strong>IMG A170 (a\u2026d) Disturbios en el Liceo<\/p>\n<p><strong>INFORMACI\u00d3N ANAL\u00cdTICA<\/strong><\/p>\n<p><strong>Contexto de la noticia:<\/strong> Imponen medidas sobre importaciones, problemas de inflaci\u00f3n en Colombia, paro parcial de trabajadores, Colombia eje guerrillero de Am\u00e9rica Latina, Videla presidente en Argentina, suspenden alza de sueldos a diputados.<\/p>\n<p><strong>Palabras clave: <\/strong><\/p>\n<p><strong>Sugerencia de palabras claves: <\/strong><\/p>\n<p><strong>Observaciones:<\/strong> En la UdeM y la U. Nacional se contin\u00faa en Asamblea Permanente.<\/p>\n<p><strong>Fecha de diligenciamiento:<\/strong> 20 de febrero\/2019<\/p>\n<h1 style=\"text-align: center;\">***<\/h1>\n<p><strong>N\u00famero de ficha<\/strong>: A171&nbsp;&nbsp;&nbsp;&nbsp;&nbsp;&nbsp;&nbsp;&nbsp;&nbsp;&nbsp;&nbsp;&nbsp;&nbsp;&nbsp;&nbsp;&nbsp;&nbsp;&nbsp;&nbsp;&nbsp;&nbsp;&nbsp;&nbsp;&nbsp;&nbsp;&nbsp;&nbsp;&nbsp;&nbsp;&nbsp;&nbsp;&nbsp;&nbsp;&nbsp;&nbsp;&nbsp;&nbsp;&nbsp;&nbsp;&nbsp;&nbsp;&nbsp;&nbsp;&nbsp;&nbsp;&nbsp;&nbsp;&nbsp;&nbsp;&nbsp;&nbsp;&nbsp;&nbsp;<\/p>\n<p><strong>Diligenciada por: <\/strong>Eberhar Cano Naranjo<\/p>\n<p>INFORMACI\u00d3N BIBLIOGR\u00c1FICA<\/p>\n<p>Peri\u00f3dico: El Colombiano<\/p>\n<p>Lugar de edici\u00f3n: Medell\u00edn<\/p>\n<p>Autor personal: n\/a<\/p>\n<p>Autor corporativo: Equipo Editorial<\/p>\n<p>Fecha: 1976, abril, 06<\/p>\n<p>P\u00e1gina: 2<\/p>\n<p>Secci\u00f3n: n\/a<\/p>\n<p><strong>T\u00edtulo:<\/strong> Indisciplina en la Universidad denuncian miembros del Consejo Superior de la UdeA.<\/p>\n<p><strong>Resumen: <\/strong>Un sector del Consejo Superior manifiesta por medio de un comunicado que la indisciplina, evidenciada por la cantidad de paros y asambleas estudiantiles y profesorales son las causas de la anormalidad en la que permanece a universidad. Este sector Declara que la universidad no puede resolver las casas estructurales de las ciudades, que debe mejorar los nombramientos para que dejen de ser simples formalismos, y argumenta que no le competen medidas de sancionatorias ni de expulsi\u00f3n de estudiantes. El documento es firmado por Alfonso Aguirre Ceballos, Alberto Bernal, Emilio Duque y Fernando Uribe Restrepo.<\/p>\n<p><strong>Im\u00e1genes: <\/strong>n\/a<\/p>\n<p><strong>INFORMACI\u00d3N ANAL\u00cdTICA<\/strong><\/p>\n<p><strong>Contexto de la noticia:<\/strong> FECODE ratifica Paro, Iglesia condena ataques contra Pablo VI, Debate sobre reforma de pacto Andino, inicia la industria de Uranio, Despidos por huelgas en bancos, aprueban presupuestos para comisarias, aplican normas sobre explotaci\u00f3n de la tierra.<\/p>\n<p><strong>Palabras clave: <\/strong>Consejo Superior, Comunicado, Paro, Asamblea General, Asamblea de Profesores, Aguirre, Alfonso., Bernal, Alberto., Duque, Emilio., Uribe Restrepo, Fernando.<\/p>\n<p><strong>Sugerencia de palabras claves: <\/strong><\/p>\n<p><strong>Observaciones: <\/strong>La Asociaci\u00f3n de Docentes de la UdeA (ASDUA) Apoya este comunicado. Noticia en la edici\u00f3n del 08 abril.<\/p>\n<p><strong>Fecha de diligenciamiento:<\/strong> 20 de febrero\/2019<\/p>\n<h1 style=\"text-align: center;\">***<\/h1>\n<p><strong>N\u00famero de ficha<\/strong>: A172&nbsp;&nbsp;&nbsp;&nbsp;&nbsp;&nbsp;&nbsp;&nbsp;&nbsp;&nbsp;&nbsp;&nbsp;&nbsp;&nbsp;&nbsp;&nbsp;&nbsp;&nbsp;&nbsp;&nbsp;&nbsp;&nbsp;&nbsp;&nbsp;&nbsp;&nbsp;&nbsp;&nbsp;&nbsp;&nbsp;&nbsp;&nbsp;&nbsp;&nbsp;&nbsp;&nbsp;&nbsp;&nbsp;&nbsp;&nbsp;&nbsp;&nbsp;&nbsp;&nbsp;&nbsp;&nbsp;&nbsp;&nbsp;&nbsp;&nbsp;&nbsp;&nbsp;&nbsp;&nbsp;<\/p>\n<p><strong>Diligenciada por: <\/strong>Eberhar Cano Naranjo<\/p>\n<p>INFORMACI\u00d3N BIBLIOGR\u00c1FICA<\/p>\n<p>Peri\u00f3dico: El Colombiano<\/p>\n<p>Lugar de edici\u00f3n: Medell\u00edn<\/p>\n<p>Autor personal: V\u00edctor Le\u00f3n Zuluaga<\/p>\n<p>Autor corporativo: n\/a<\/p>\n<p>Fecha: 1976, abril, 08<\/p>\n<p>P\u00e1gina: 1 y 11<\/p>\n<p>Secci\u00f3n: n\/a<\/p>\n<p><strong>T\u00edtulo:<\/strong> Desastroso balance de huelgas universitarias<\/p>\n<p><strong>Resumen: <\/strong>Aproximadamente tres meses de disturbios y violencia en la universidad que afectaron distintos sectores e incluso estudiantes de secundaria fue el balance de las huelgas. Queda una larga lista de detenidos, dos muertos (un estudiante y un obrero), cuantiosos da\u00f1os a bienes de la universidad y de la ciudad, alrededor de cien uniformados heridos, estudiantes que no se admitir\u00e1n y un paro de dos meses que llevar\u00e1n a vacaciones anticipadas. <em>\u201c<\/em><em>Dos muertos, 200 heridos y 600 detenidos. Cerca de cien condenados en consejos de guerra. P\u00e9rdidas totales de m\u00e1s de d e n millones de pesos\u201d (p.1).<\/em><\/p>\n<p><strong>Im\u00e1genes: <\/strong>n\/a<\/p>\n<p><strong>INFORMACI\u00d3N ANAL\u00cdTICA<\/strong><\/p>\n<p><strong>Contexto de la noticia:<\/strong> Marihuana ilegal en Colombia, Fallece chofer de bus afectado en protestas de la U. Nacional, Crisis en FECODE, V\u00edas f\u00e9rreas de Antioquia en mal estado, Alfonso L\u00f3pez Michelsen desmiente golpe de Estado, Renovaci\u00f3n en el PC chino,<\/p>\n<p><strong>Palabras clave: <\/strong>Tropel, Asesinato, Paro, Detenciones, Da\u00f1o a bienes civiles, Allanamientos, Cierres Obligados<\/p>\n<p><strong>Sugerencia de palabras claves: <\/strong><\/p>\n<p><strong>Observaciones: <\/strong><\/p>\n<p><strong>Fecha de diligenciamiento:<\/strong> 20 de febrero\/2019<\/p>\n<h1 style=\"text-align: center;\">***<\/h1>\n<p><strong>N\u00famero de ficha<\/strong>: A173&nbsp;&nbsp;&nbsp;&nbsp;&nbsp;&nbsp;&nbsp;&nbsp;&nbsp;&nbsp;&nbsp;&nbsp;&nbsp;&nbsp;&nbsp;&nbsp;&nbsp;&nbsp;&nbsp;&nbsp;&nbsp;&nbsp;&nbsp;&nbsp;&nbsp;&nbsp;&nbsp;&nbsp;&nbsp;&nbsp;&nbsp;&nbsp;&nbsp;&nbsp;&nbsp;&nbsp;&nbsp;&nbsp;&nbsp;&nbsp;&nbsp;&nbsp;&nbsp;&nbsp;&nbsp;&nbsp;&nbsp;&nbsp;&nbsp;&nbsp;&nbsp;&nbsp;&nbsp;&nbsp;<\/p>\n<p><strong>Diligenciada por: <\/strong>Eberhar Cano Naranjo<\/p>\n<p>INFORMACI\u00d3N BIBLIOGR\u00c1FICA<\/p>\n<p>Peri\u00f3dico: El Colombiano<\/p>\n<p>Lugar de edici\u00f3n: Medell\u00edn<\/p>\n<p>Autor personal: n\/a<\/p>\n<p>Autor corporativo: Equipo Editorial<\/p>\n<p>Fecha: 1976, abril, 09<\/p>\n<p>P\u00e1gina: 5<\/p>\n<p>Secci\u00f3n: Ecos y Comentarios<\/p>\n<p><strong>T\u00edtulo:<\/strong> Un Atentado<\/p>\n<p><strong>Resumen: <\/strong>La columna de opini\u00f3n menciona una acci\u00f3n de protesta acaecida el d\u00eda 8 de junio en conmemoraci\u00f3n por los estudiantes ca\u00eddos. Seg\u00fan el corto art\u00edculo, los hechos vand\u00e1licos generaron <em>\u201ctemor y zozobra\u201d<\/em> as\u00ed no hayan sido hechos de gravedad. La quema de un coctel molotov en un bus y la quema de un veh\u00edculo fueron las acciones que llevaron a cabo los estudiantes. La <em>\u201ctentativa criminal\u201d<\/em> no puede pasarse por alto seg\u00fan la columna, adem\u00e1s porque <em>\u201c<\/em><em>Ah\u00ed est\u00e1 refle<\/em><em>jada la doble moral de los ac\u00f3litos de la subversi\u00f3n organizada\u201d, <\/em>sobre la cual se deben tomar medidas y agradecer la intervenci\u00f3n policial.<\/p>\n<p><strong>Im\u00e1genes: <\/strong>n\/a<\/p>\n<p><strong>INFORMACI\u00d3N ANAL\u00cdTICA<\/strong><\/p>\n<p><strong>Contexto de la noticia:<\/strong> Recorte de presupuesto para educaci\u00f3n en Antioquia, se crear\u00e1 fondo especial de reservas, nuevas reglas en el mercado cafetero, destituidos 1100 educadores, proponen modificar junta de EE.PP, secuestros de ETA en Espa\u00f1a, suspensi\u00f3n de manifestaciones publicas<\/p>\n<p><strong>Palabras clave: <\/strong>Da\u00f1o a bienes civiles, tropel, Acciones Conmemorativas, Polic\u00eda,<\/p>\n<p><strong>Sugerencia de palabras claves: <\/strong><\/p>\n<p><strong>Observaciones: <\/strong><\/p>\n<p><strong>Fecha de diligenciamiento:<\/strong> 20 de febrero\/2019<\/p>\n<h1 style=\"text-align: center;\">***<\/h1>\n<p><strong>N\u00famero de ficha<\/strong>: A174&nbsp;&nbsp;&nbsp;&nbsp;&nbsp;&nbsp;&nbsp;&nbsp;&nbsp;&nbsp;&nbsp;&nbsp;&nbsp;&nbsp;&nbsp;&nbsp;&nbsp;&nbsp;&nbsp;&nbsp;&nbsp;&nbsp;&nbsp;&nbsp;&nbsp;&nbsp;&nbsp;&nbsp;&nbsp;&nbsp;&nbsp;&nbsp;&nbsp;&nbsp;&nbsp;&nbsp;&nbsp;&nbsp;&nbsp;&nbsp;&nbsp;&nbsp;&nbsp;&nbsp;&nbsp;&nbsp;&nbsp;&nbsp;&nbsp;&nbsp;&nbsp;&nbsp;&nbsp;&nbsp;<\/p>\n<p><strong>Diligenciada por: <\/strong>Eberhar Cano Naranjo<\/p>\n<p>INFORMACI\u00d3N BIBLIOGR\u00c1FICA<\/p>\n<p>Peri\u00f3dico: El Colombiano<\/p>\n<p>Lugar de edici\u00f3n: Medell\u00edn<\/p>\n<p>Autor personal: n\/a<\/p>\n<p>Autor corporativo: Equipo Editorial<\/p>\n<p>Fecha: 1976, agosto, 11<\/p>\n<p>P\u00e1gina: 1 y 21<\/p>\n<p>Secci\u00f3n: n\/a<\/p>\n<p><strong>T\u00edtulo:<\/strong> Paran 48 horas m\u00e9dicos y residentes<\/p>\n<p><strong>Resumen: <\/strong>M\u00e9dicos y Residentes se reunieron en Asamblea para decretar paro de 48 horas ante la crisis por la que atraviesa la universidad y el no avance de las discusiones con el gobierno nacional. Este es un problema que se viene generando desde tiempo atr\u00e1s y donde no se han atendido las demandas no solo de la Universidad sino de otras como la U. nacional. El art\u00edculo tambi\u00e9n se\u00f1ala que: <em>\u201c<\/em><em>El trato discriminatorio, <strong>se<\/strong>g\u00fan se indic\u00f3, se ha acentuado este a\u00f1o con las facultades de medicina de la, Universidad de Antioquia y Nacional por haberse retirado de la Asociaci\u00f3n Colombiana de Facultades de Medicina <strong>Ascofame, <\/strong>por discrepancias sobre las pol\u00edticas de salud impartidas a trav\u00e9s de la entidad\u201d.<\/em><\/p>\n<p><strong>Im\u00e1genes: <\/strong>n\/a<\/p>\n<p><strong>INFORMACI\u00d3N ANAL\u00cdTICA<\/strong><\/p>\n<p><strong>Contexto de la noticia:<\/strong> Independencia de Antioquia, La iglesia condiciona apoyo a la reforma laboral, crisis en el ICSS, Criticas de Pastrana a la constituyente, se propone auge en el comercio internacional, guerra en el L\u00edbano, no se firma paz entre Salvador y Honduras<\/p>\n<p><strong>Palabras clave: <\/strong>Paro, Asamblea de Estudiantes, Gobierno Nacional.<\/p>\n<p><strong>Sugerencia de palabras claves: <\/strong>Ascofame<\/p>\n<p><strong>Observaciones: <\/strong>Art\u00edculo en la misma edici\u00f3n: <strong><em>\u201cAl borde de la par\u00e1lisis la UdeA\u201d <\/em><\/strong>(p.1 y22)<\/p>\n<p><strong>Fecha de diligenciamiento:<\/strong> 20 de febrero\/2019<\/p>\n<h1 style=\"text-align: center;\">***<\/h1>\n<p><strong>N\u00famero de ficha<\/strong>: A175&nbsp;&nbsp;&nbsp;&nbsp;&nbsp;&nbsp;&nbsp;&nbsp;&nbsp;&nbsp;&nbsp;&nbsp;&nbsp;&nbsp;&nbsp;&nbsp;&nbsp;&nbsp;&nbsp;&nbsp;&nbsp;&nbsp;&nbsp;&nbsp;&nbsp;&nbsp;&nbsp;&nbsp;&nbsp;&nbsp;&nbsp;&nbsp;&nbsp;&nbsp;&nbsp;&nbsp;&nbsp;&nbsp;&nbsp;&nbsp;&nbsp;&nbsp;&nbsp;&nbsp;&nbsp;&nbsp;&nbsp;&nbsp;&nbsp;&nbsp;&nbsp;&nbsp;&nbsp;&nbsp;<\/p>\n<p><strong>Diligenciada por: <\/strong>Eberhar Cano Naranjo<\/p>\n<p>INFORMACI\u00d3N BIBLIOGR\u00c1FICA<\/p>\n<p>Peri\u00f3dico: El Colombiano<\/p>\n<p>Lugar de edici\u00f3n: Medell\u00edn<\/p>\n<p>Autor personal: n\/a<\/p>\n<p>Autor corporativo: Equipo Editorial<\/p>\n<p>Fecha: 1976, agosto, 17<\/p>\n<p>P\u00e1gina: 2<\/p>\n<p>Secci\u00f3n: n\/a<\/p>\n<p><strong>T\u00edtulo:<\/strong> Retorna normalidad a la UdeA. Profesores y empelados levantan paro.<\/p>\n<p><strong>Resumen: <\/strong>Luego del paro decretado por profesores y empelados desde hace ocho d\u00edas por el incumplimiento en los pagos se retoman las actividades acad\u00e9micas por la cancelaci\u00f3n de los salarios en deuda. Ambos sectores realizaron una marcha hasta el centro de la ciudad, pero fueron desviados por la polic\u00eda para evitar desmanes. Manuel Jos\u00e9 Salazar, presidente de la Asociaci\u00f3n de Profesores se dirigi\u00f3 a El Colombiano manifestando el retorno a las actividades acad\u00e9micas y la planeaci\u00f3n de una nueva asamblea en los pr\u00f3ximos d\u00edas.<\/p>\n<p><strong>Im\u00e1genes: <\/strong>IMG A175 (a) Manifestaci\u00f3n de profesores y empleados<\/p>\n<p><strong>INFORMACI\u00d3N ANAL\u00cdTICA<\/strong><\/p>\n<p><strong>Contexto de la noticia:<\/strong> Sigue el Pacto Andino sin Chile, crisis en la agricultura nacional, Abad G\u00f3mez destaca informes sobre el Seguro Social, Aplazan candidatura de Turbay Ayala, Latinoam\u00e9rica figura en cumbre de los No-Alineados<\/p>\n<p><strong>Palabras clave: <\/strong>Paro, Marcha, Polic\u00eda, Asociaci\u00f3n de Profesores, Empelados, Salazar, Manuel Jos\u00e9.<\/p>\n<p><strong>Sugerencia de palabras claves: <\/strong><\/p>\n<p><strong>Observaciones: <\/strong>Frente asuntos de dineros y financiaci\u00f3n hay una peque\u00f1a columna de opini\u00f3n en la edici\u00f3n del <em>18 de agosto, p.3<\/em>. Titulada <strong><em>\u201cEn la Universidad\u201d, <\/em><\/strong>donde se\u00f1alan aspectos de crisis financiera y medidas tomadas para tratar de resolver la crisis.<\/p>\n<p><strong>Fecha de diligenciamiento:<\/strong> 20 de febrero\/2019<\/p>\n<h1 style=\"text-align: center;\">***<\/h1>\n<p><strong>N\u00famero de ficha<\/strong>: A176&nbsp;&nbsp;&nbsp;&nbsp;&nbsp;&nbsp;&nbsp;&nbsp;&nbsp;&nbsp;&nbsp;&nbsp;&nbsp;&nbsp;&nbsp;&nbsp;&nbsp;&nbsp;&nbsp;&nbsp;&nbsp;&nbsp;&nbsp;&nbsp;&nbsp;&nbsp;&nbsp;&nbsp;&nbsp;&nbsp;&nbsp;&nbsp;&nbsp;&nbsp;&nbsp;&nbsp;&nbsp;&nbsp;&nbsp;&nbsp;&nbsp;&nbsp;&nbsp;&nbsp;&nbsp;&nbsp;&nbsp;&nbsp;&nbsp;&nbsp;&nbsp;&nbsp;&nbsp;&nbsp;<\/p>\n<p><strong>Diligenciada por:<\/strong> Eberhar Cano Naranjo<\/p>\n<p>INFORMACI\u00d3N BIBLIOGR\u00c1FICA<\/p>\n<p>Peri\u00f3dico: El Colombiano<\/p>\n<p>Lugar de edici\u00f3n: Medell\u00edn<\/p>\n<p>Autor personal: n\/a<\/p>\n<p>Autor corporativo: Equipo Editorial<\/p>\n<p>Fecha: 1976, agosto, 24<\/p>\n<p>P\u00e1gina: 2<\/p>\n<p>Secci\u00f3n: n\/a<\/p>\n<p><strong>T\u00edtulo:<\/strong> Denuncian nuevos casos de persecuci\u00f3n pol\u00edtica en la UdeA<\/p>\n<p><strong>Resumen: <\/strong>La Asociaci\u00f3n de Docentes de la UdeA denuncia p\u00fablicamente lo que ellos llaman <em>\u201cselecci\u00f3n pol\u00edtica\u201d<\/em> de profesores de posgrado de medicina y de otras dependencias de la universidad resaltando la crisis por la que atraviesa la Facultad de Medicina. Tambi\u00e9n hacen hincapi\u00e9 en profesores extranjeros de la facultad de Artes y de Educaci\u00f3n, quienes seg\u00fan ellos ponen obst\u00e1culos y han perseguid a los profesores nacionales.<\/p>\n<p><strong>Im\u00e1genes: <\/strong>n\/a<\/p>\n<p><strong>INFORMACI\u00d3N ANAL\u00cdTICA<\/strong><\/p>\n<p><strong>Contexto de la noticia:<\/strong> Asalto de FARC en Murind\u00f3, planean construcci\u00f3n del canal de Atrato, Turbay Ayala critica democratizaci\u00f3n, reuni\u00f3n de gobernadores en Ibagu\u00e9, Nuevo sindicalismo pol\u00edtico, EE.UU busca paz en el L\u00edbano, Medell\u00edn quiere convertir a Bello en Suburbio<\/p>\n<p><strong>Palabras clave: <\/strong><\/p>\n<p><strong>Sugerencia de palabras claves: <\/strong>Asdua<\/p>\n<p><strong>Observaciones: <\/strong><\/p>\n<p><strong>Fecha de diligenciamiento:<\/strong> 20 de febrero\/2019<\/p>\n<h1 style=\"text-align: center;\">***<\/h1>\n<p><strong>N\u00famero de ficha<\/strong>: A177&nbsp;&nbsp;&nbsp;&nbsp;&nbsp;&nbsp;&nbsp;&nbsp;&nbsp;&nbsp;&nbsp;&nbsp;&nbsp;&nbsp;&nbsp;&nbsp;&nbsp;&nbsp;&nbsp;&nbsp;&nbsp;&nbsp;&nbsp;&nbsp;&nbsp;&nbsp;&nbsp;&nbsp;&nbsp;&nbsp;&nbsp;&nbsp;&nbsp;&nbsp;&nbsp;&nbsp;&nbsp;&nbsp;&nbsp;&nbsp;&nbsp;&nbsp;&nbsp;&nbsp;&nbsp;&nbsp;&nbsp;&nbsp;&nbsp;&nbsp;&nbsp;&nbsp;&nbsp;&nbsp;<\/p>\n<p><strong>Diligenciada por: <\/strong>Eberhar Cano Naranjo<\/p>\n<p>INFORMACI\u00d3N BIBLIOGR\u00c1FICA<\/p>\n<p>Peri\u00f3dico: El Colombiano<\/p>\n<p>Lugar de edici\u00f3n: Medell\u00edn<\/p>\n<p>Autor personal: n\/a<\/p>\n<p>Autor corporativo: Equipo Editorial<\/p>\n<p>Fecha: 1976, octubre, 01<\/p>\n<p>P\u00e1gina: 14a<\/p>\n<p>Secci\u00f3n: n\/a<\/p>\n<p><strong>T\u00edtulo:<\/strong> paro de solidaridad de 48 horas en UdeA y UN<\/p>\n<p><strong>Resumen: <\/strong>Luego de una Asamblea de Profesores se decret\u00f3 paro de 48 horas en la UdeA y la UN, en solidaridad a los m\u00e9dicos del Instituto Colombiano de Seguros Sociales -ICSS- que llevan 25 d\u00edas en huelga. Los profesores y su comit\u00e9 de solidaridad propusieron una marcha que se proyecta nacionalmente. Manuel Jos\u00e9 Salazar presidente de la Asociaci\u00f3n de Profesores particip\u00f3 en la asamblea conjunta entre profesores de la UdeA y la UN, junto con ASPUN,<\/p>\n<p>Asociaci\u00f3n Sindical de Profesores Universitarios, donde esperan pronunciarse sobre la crisis. Los estudiantes de la UdeA tambi\u00e9n se sumaron y cuando se dispon\u00edan a realizar una marcha al centro de la ciudad fueron disueltos por la fuerza p\u00fablica, sin embargo, lanzaron artefactos explosivos al carro antimotines y piedras a hoteles y algunos otros locales bancarios.<\/p>\n<p><strong>Im\u00e1genes: <\/strong>IMG A177 (a, b) Escaramuza callejera y explosi\u00f3n.<\/p>\n<p><strong>INFORMACI\u00d3N ANAL\u00cdTICA<\/strong><\/p>\n<p><strong>Contexto de la noticia:<\/strong> Intervenci\u00f3n del Estado en precios e ingresos, Paro educativo se extiende a municipios, la corte investigar\u00e1 sobornos, Juventud europea cuestiona el marxismo, Venganza Rusa contra Jap\u00f3n, China alerta sobre tercera guerra mundial, fuga de presos en Cali, prohibidas las manifestaciones<\/p>\n<p><strong>Palabras clave: <\/strong>Asamblea de Profesores, Paro, Marchas Estudiantiles, Uso de petardos y explosivos, Da\u00f1o a bienes civiles, Polic\u00eda, Salazar, Manuel Jos\u00e9<\/p>\n<p><strong>Sugerencia de palabras claves: <\/strong>Aspun<\/p>\n<p><strong>Observaciones: <\/strong><\/p>\n<p><strong>Fecha de diligenciamiento:<\/strong> 20 de febrero\/2019<\/p>\n<h1 style=\"text-align: center;\">***<\/h1>\n<p><strong>N\u00famero de ficha<\/strong>: A178&nbsp; &nbsp; &nbsp; &nbsp; &nbsp; &nbsp; &nbsp; &nbsp; &nbsp; &nbsp; &nbsp; &nbsp; &nbsp; &nbsp; &nbsp; &nbsp; &nbsp; &nbsp; &nbsp; &nbsp; &nbsp; &nbsp; &nbsp; &nbsp; &nbsp; &nbsp; &nbsp; &nbsp;<\/p>\n<p><strong>Diligenciada por: <\/strong>Eberhar Cano Naranjo<\/p>\n<p>INFORMACI\u00d3N BIBLIOGR\u00c1FICA<\/p>\n<p>Peri\u00f3dico: El Colombiano<\/p>\n<p>Lugar de edici\u00f3n: Medell\u00edn<\/p>\n<p>Autor personal: n\/a<\/p>\n<p>Autor corporativo: Equipo Editorial<\/p>\n<p>Fecha: 1976, octubre, 05<\/p>\n<p>P\u00e1gina: 7b<\/p>\n<p>Secci\u00f3n: n\/a<\/p>\n<p><strong>T\u00edtulo:<\/strong> Actividades parciales en la UdeA<\/p>\n<p><strong>Resumen: <\/strong>Parcialmente se reactivaron cases en la UdeA, sin embargo, permanecieron algunos claustros de profesores en solidaridad con el paro m\u00e9dico. Tambi\u00e9n se presentaron algunos m\u00edtines en las instalaciones universitarias y se vocifera una nueva par\u00e1lisis. En la UN las clases se desarrollaron normalmente.<\/p>\n<p><strong>Im\u00e1genes: <\/strong>n\/a<\/p>\n<p><strong>INFORMACI\u00d3N ANAL\u00cdTICA<\/strong><\/p>\n<p><strong>Contexto de la noticia:<\/strong> Secuestro de m\u00e9dico Pablo Londo\u00f1o, Paro de m\u00e9dicos, crisis en aranceles externos, colapso bancario por US 50 millones, altos d\u00e9ficit mantienen pa\u00edses en desarrollo.<\/p>\n<p><strong>Palabras clave: <\/strong>Paro, Claustros, Mitin<\/p>\n<p><strong>Sugerencia de palabras claves: <\/strong><\/p>\n<p><strong>Observaciones: <\/strong><\/p>\n<p><strong>Fecha de diligenciamiento:<\/strong> 20 de febrero\/2019<\/p>\n<h1 style=\"text-align: center;\">***<\/h1>\n<p><strong>N\u00famero de ficha<\/strong>: A179&nbsp; &nbsp; &nbsp; &nbsp; &nbsp; &nbsp; &nbsp; &nbsp; &nbsp; &nbsp; &nbsp; &nbsp; &nbsp; &nbsp; &nbsp; &nbsp; &nbsp; &nbsp; &nbsp; &nbsp; &nbsp; &nbsp; &nbsp; &nbsp; &nbsp; &nbsp; &nbsp; &nbsp;<\/p>\n<p><strong>Diligenciada por: <\/strong>Eberhar Cano Naranjo<\/p>\n<p>INFORMACI\u00d3N BIBLIOGR\u00c1FICA<\/p>\n<p>Peri\u00f3dico: El Colombiano<\/p>\n<p>Lugar de edici\u00f3n: Medell\u00edn<\/p>\n<p>Autor personal: n\/a<\/p>\n<p>Autor corporativo: Equipo Editorial<\/p>\n<p>Fecha: 1976, octubre, 09<\/p>\n<p>P\u00e1gina: 12a<\/p>\n<p>Secci\u00f3n: n\/a<\/p>\n<p><strong>T\u00edtulo:<\/strong> \u201cLluvia de bombas\u201d en la UdeA.<\/p>\n<p><strong>Resumen: <\/strong>En jornada de conmemoraci\u00f3n de la muerte del Che Guevara que comenz\u00f3 con un acto pol\u00edtico, se presentaron disturbios en el campus universitario. Varios veh\u00edculos fueron incendiados y algunos agentes salieron heridos, uno de ellos con heridas de \u00e1cido leves en el rostro, tambi\u00e9n est\u00e1n detenidos 19 estudiantes. El comandante de polic\u00eda inform\u00f3 que el uso de bombas incendiarias fue masivo por lo que el Ej\u00e9rcito prest\u00f3 ayuda para controlar los desmanes, especialmente ubic\u00e1ndose en los alrededores de los hospitales aleda\u00f1os al campus. <em>\u201c<\/em><em>El rector Amonio Mesa Escobar mantuvo contacto con el gobernador Jaime Sierra Garc\u00eda, para tratar de encontrarle una salida a los disturbios que por momentos se agravaban\u201d. <\/em>El sector salud sigue en paro.<\/p>\n<p><strong>Im\u00e1genes: <\/strong>IMG A179 (a, b) Carro incendiado y cuadrilla de Polic\u00eda.<\/p>\n<p><strong>INFORMACI\u00d3N ANAL\u00cdTICA<\/strong><\/p>\n<p><strong>Contexto de la noticia:<\/strong> Disturbios en Bogot\u00e1, obras civiles urgen en Medell\u00edn, Europa oriental bajo dominio sovi\u00e9tico, descubren guerrilla en Per\u00fa, no aceptan propuestas de m\u00e9dicos en huelga, se retira ministra del trabajo<\/p>\n<p><strong>Palabras clave: <\/strong>Conmemoraciones, Tropel, Uso de petardos y explosivos, Polic\u00eda, Ejercito, Detenciones, Da\u00f1o a bienes civiles, Rector\u00eda, Mesa, Antonio., Gobernaci\u00f3n, Sierra, Jaime.<\/p>\n<p><strong>Sugerencia de palabras claves: <\/strong><\/p>\n<p><strong>Observaciones: <\/strong><\/p>\n<p><strong>Fecha de diligenciamiento:<\/strong> 20 de febrero\/2019<\/p>\n<h1 style=\"text-align: center;\">***<\/h1>\n<p><strong>N\u00famero de ficha<\/strong>: A180&nbsp;&nbsp;&nbsp;&nbsp;&nbsp;&nbsp;&nbsp;&nbsp;&nbsp;&nbsp;&nbsp;&nbsp;&nbsp;&nbsp;&nbsp;&nbsp;&nbsp;&nbsp;&nbsp;&nbsp;&nbsp;&nbsp;&nbsp;&nbsp;&nbsp;&nbsp;&nbsp;&nbsp;&nbsp;&nbsp;&nbsp;&nbsp;&nbsp;&nbsp;&nbsp;&nbsp;&nbsp;&nbsp;&nbsp;&nbsp;&nbsp;&nbsp;&nbsp;&nbsp;&nbsp;&nbsp;&nbsp;&nbsp;&nbsp;&nbsp;&nbsp;&nbsp;&nbsp;&nbsp;<\/p>\n<p><strong>Diligenciada por: <\/strong>Eberhar Cano Naranjo<\/p>\n<p>INFORMACI\u00d3N BIBLIOGR\u00c1FICA<\/p>\n<p>Peri\u00f3dico: El Colombiano<\/p>\n<p>Lugar de edici\u00f3n: Medell\u00edn<\/p>\n<p>Autor personal: n\/a<\/p>\n<p>Autor corporativo: Equipo Editorial<\/p>\n<p>Fecha: 1976, octubre, 16<\/p>\n<p>P\u00e1gina: 12b<\/p>\n<p>Secci\u00f3n: n\/a<\/p>\n<p><strong>T\u00edtulo:<\/strong> Incendian veh\u00edculo de las EE.PP. Un oficial y cinco agentes heridos por disturbios.<\/p>\n<p><strong>Resumen: <\/strong>El comandante de la Polic\u00eda, Coronel Pedro Jos\u00e9 C\u00e1rdenas inform\u00f3 el balance de los disturbios ayer en las afueras de la Facultad de Medicina, <em>\u201c<\/em><em>Un oficial herido dc consideraci\u00f3n, cinco agentes lesionados levemente. Un campero de las empresas publicas destruido por el fuego y una veintena de detenidos\u201d. <\/em>Los disturbios comenzaron luego de terminarse una Asamblea de Empleados que est\u00e1n en paro y hab\u00edan decidido realizar una manifestaci\u00f3n. La polic\u00eda vigil\u00f3 el campus evitando nuevas marchas que pretend\u00edan salir del interior de la universidad. Los agentes del F-2 fueron los encargados de realizar las capturas.<\/p>\n<p><strong>Im\u00e1genes: <\/strong>IMG A180 (a, b) Manifestaci\u00f3n y disturbio.<\/p>\n<p><strong>INFORMACI\u00d3N ANAL\u00cdTICA<\/strong><\/p>\n<p><strong>Contexto de la noticia:<\/strong> Cuba suspende pacto con EE.UU sobre pirater\u00eda, cambios ministeriales, arrestan a la viuda de Mao, se crea el comit\u00e9 consultivo departamental, Carter en Bogot\u00e1, d\u00e9ficit en el ICA, militarizada la UN<\/p>\n<p><strong>Palabras clave: <\/strong>Polic\u00eda, C\u00e1rdenas, Pedro., Da\u00f1o a bienes civiles, Detenciones, Marchas Estudiantiles, Paro, Uso de Petardos y Explosivos, Asamblea de Empleados, Intimidaci\u00f3n<\/p>\n<p><strong>Sugerencia de palabras claves: <\/strong><\/p>\n<p><strong>Observaciones: <\/strong><\/p>\n<p><strong>Fecha de diligenciamiento:<\/strong> 20 de febrero\/2019<\/p>\n<h1 style=\"text-align: center;\">***<\/h1>\n<p><strong>N\u00famero de ficha<\/strong>: A181&nbsp;&nbsp;&nbsp;&nbsp;&nbsp;&nbsp;&nbsp;&nbsp;&nbsp;&nbsp;&nbsp;&nbsp;&nbsp;&nbsp;&nbsp;&nbsp;&nbsp;&nbsp;&nbsp;&nbsp;&nbsp;&nbsp;&nbsp;&nbsp;&nbsp;&nbsp;&nbsp;&nbsp;&nbsp;&nbsp;&nbsp;&nbsp;&nbsp;&nbsp;&nbsp;&nbsp;&nbsp;&nbsp;&nbsp;&nbsp;&nbsp;&nbsp;&nbsp;&nbsp;&nbsp;&nbsp;&nbsp;&nbsp;&nbsp;&nbsp;&nbsp;&nbsp;&nbsp;&nbsp;<\/p>\n<p><strong>Diligenciada por: <\/strong>Eberhar Cano Naranjo<\/p>\n<p>INFORMACI\u00d3N BIBLIOGR\u00c1FICA<\/p>\n<p>Peri\u00f3dico: El Colombiano<\/p>\n<p>Lugar de edici\u00f3n: Medell\u00edn<\/p>\n<p>Autor personal: n\/a<\/p>\n<p>Autor corporativo: Equipo Editorial<\/p>\n<p>Fecha: 1976, octubre, 21<\/p>\n<p>P\u00e1gina: 1 y 12a<\/p>\n<p>Secci\u00f3n: n\/a<\/p>\n<p><strong>T\u00edtulo:<\/strong> Caos en UdeA: Crisis moral y de autoridad denuncia secretario de la UdeA.<\/p>\n<p><strong>Resumen: <\/strong>El secretario de la UdeA, Gustavo Garc\u00eda Rivera, public\u00f3 en una carta su denuncia ante lo que \u00e9l considera como <em>\u201cun profundo caos administrativo, acad\u00e9mico y moral en el Alma Mater\u201d (p.1)<\/em>. seg\u00fan el secretario, que expresa su renuncia en la misma carta, la universidad se encuentra en una profunda crisis que se manifiesta entre otras cosas, por la vinculaci\u00f3n de docentes sin ninguna competencia. Esta afirmaci\u00f3n de la carta que env\u00eda a Consejo Directivo, se suma a la carta dirigida por Asdua en d\u00edas pasados sobre la misma situaci\u00f3n de vinculaci\u00f3n de profesores. Adem\u00e1s, una columna complementaria del art\u00edculo manifiesta que la mayor problem\u00e1tica que expresa el directivo se evidencia en Facultades como Ciencias y Humanidades, Ciencias de la Comunicaci\u00f3n y Antropolog\u00eda, argumentando que; <em>\u201c<\/em><em>son reductos de actividades extremistas donde e1 activismo pol\u00edtico cuenta por encima de las calidades acad\u00e9micas\u201d (p.12a)<\/em>.<\/p>\n<p><strong>Im\u00e1genes: <\/strong>n\/a<\/p>\n<p><strong>INFORMACI\u00d3N ANAL\u00cdTICA<\/strong><\/p>\n<p><strong>Contexto de la noticia: <\/strong>Cerrada la UN, ASMEDAS ratifica exigencias al gobierno, M\u00e9dicos insisten en peticiones, Cambios en el gabinete de ministros, En Chile divisiones diplom\u00e1ticas<\/p>\n<p><strong>Palabras clave: <\/strong>Consejo Directivo, Garc\u00eda Rivera, Gonzalo., Comunicado<\/p>\n<p><strong>Sugerencia de palabras claves: <\/strong>Asdua<\/p>\n<p><strong>Observaciones: <\/strong>El comunicado de Asdua se encuentra en la misma p\u00e1gina 12a. Donde expresan la misma problem\u00e1tica ya se\u00f1alada.<\/p>\n<p><strong>Fecha de diligenciamiento:<\/strong> 20 de febrero\/2019<\/p>\n<h1 style=\"text-align: center;\">***<\/h1>\n<p><strong>N\u00famero de ficha<\/strong>: A182&nbsp; &nbsp; &nbsp; &nbsp; &nbsp; &nbsp; &nbsp; &nbsp; &nbsp; &nbsp; &nbsp; &nbsp; &nbsp; &nbsp; &nbsp; &nbsp; &nbsp; &nbsp; &nbsp; &nbsp; &nbsp; &nbsp; &nbsp; &nbsp; &nbsp; &nbsp; &nbsp; &nbsp;<\/p>\n<p><strong>Diligenciada por: <\/strong>Eberhar Cano Naranjo<\/p>\n<p>INFORMACI\u00d3N BIBLIOGR\u00c1FICA<\/p>\n<p>Peri\u00f3dico: El Colombiano<\/p>\n<p>Lugar de edici\u00f3n: Medell\u00edn<\/p>\n<p>Autor personal: n\/a<\/p>\n<p>Autor corporativo: Equipo Editorial<\/p>\n<p>Fecha: 1976, octubre, 22<\/p>\n<p>P\u00e1gina: 11a<\/p>\n<p>Secci\u00f3n: n\/a<\/p>\n<p><strong>T\u00edtulo:<\/strong> Serios enfrentamientos ayer en Medell\u00edn. 72 detenidos, 6 polic\u00edas heridos, 2 carros incendiados<\/p>\n<p><strong>Resumen: <\/strong>Duros enfrentamientos entre estudiantes, polic\u00eda y ej\u00e9rcito se presentaron ayer en la UN Sede Medell\u00edn, la UdeA y la Autopista Norte. Los duros disturbios dejaron agentes heridos, estudiantes detenidos y de nuevo veh\u00edculos incinerados. Polic\u00eda y luego ej\u00e9rcito controlaron ambos campus de las universidades. Las directivas de las universidades reportaron da\u00f1os en instalaciones y p\u00e9rdidas econ\u00f3micas. En la Un se preparaba una reuni\u00f3n sobre la crisis universitaria con presencia de delegados de la UN, sede Bogot\u00e1.<\/p>\n<p><strong>Im\u00e1genes: <\/strong>IMG A182 (a\u2026c) Polic\u00eda herido, cami\u00f3n semi destruido, disturbios.<\/p>\n<p><strong>INFORMACI\u00d3N ANAL\u00cdTICA<\/strong><\/p>\n<p><strong>Contexto de la noticia:<\/strong> Disturbios en la UN, encuentro nacional conservador en Medell\u00edn, listo anteproyecto de reforma penal, debate sobre la constituyente, descentralizaci\u00f3n de las funciones de la Asamblea, Colombia y el problema de la Coca\u00edna<\/p>\n<p><strong>Palabras clave: <\/strong>Polic\u00eda, Ej\u00e9rcito, Tropel, Da\u00f1os a bienes civiles, Detenidos, Uso de petardos y explosivos,<\/p>\n<p><strong>Sugerencia de palabras claves: <\/strong><\/p>\n<p><strong>Observaciones: <\/strong>Una fotograf\u00eda (IMG A182d) de los disturbios se public\u00f3 el d\u00eda 23 de octubre en una nota sobre la situaci\u00f3n de la UN titulada: <em>\u201cCondena de la violencia hace comisi\u00f3n de decanos de la Nacional\u201d. P. 2a<\/em><\/p>\n<p><strong>Fecha de diligenciamiento:<\/strong> 20 de febrero\/2019<\/p>\n<h1 style=\"text-align: center;\">***<\/h1>\n<p><strong>N\u00famero de ficha<\/strong>: A183&nbsp;&nbsp;&nbsp;&nbsp;&nbsp;&nbsp;&nbsp;&nbsp;&nbsp;&nbsp;&nbsp;&nbsp;&nbsp;&nbsp;&nbsp;&nbsp;&nbsp;&nbsp;&nbsp;&nbsp;&nbsp;&nbsp;&nbsp;&nbsp;&nbsp;&nbsp;&nbsp;&nbsp;&nbsp;&nbsp;&nbsp;&nbsp;&nbsp;&nbsp;&nbsp;&nbsp;&nbsp;&nbsp;&nbsp;&nbsp;&nbsp;&nbsp;&nbsp;&nbsp;&nbsp;&nbsp;&nbsp;&nbsp;&nbsp;&nbsp;&nbsp;&nbsp;&nbsp;&nbsp;<\/p>\n<p><strong>Diligenciada por: <\/strong>Eberhar Cano Naranjo<\/p>\n<p>INFORMACI\u00d3N BIBLIOGR\u00c1FICA<\/p>\n<p>Peri\u00f3dico: El Colombiano<\/p>\n<p>Lugar de edici\u00f3n: Medell\u00edn<\/p>\n<p>Autor personal: n\/a<\/p>\n<p>Autor corporativo: Equipo Editorial<\/p>\n<p>Fecha: 1976, noviembre, 15<\/p>\n<p>P\u00e1gina: 1<\/p>\n<p>Secci\u00f3n: n\/a<\/p>\n<p><strong>T\u00edtulo:<\/strong> Desmienten hallazgo de bombas en la UdeA.<\/p>\n<p><strong>Resumen: <\/strong>El rector de la UdeA Antonio Mesa Escobar, desmiente ante la opini\u00f3n p\u00fablica el rumor de que en las residencias del campus se encontraban 200 bombas molotov que fueron arrojadas al rio Medell\u00edn. El rector enfatiz\u00f3 que el ambiente en la universidad es de calma y que no pueden darse opiniones sin \u201c<em>asidero en la realidad\u201d<\/em>. Agreg\u00f3 que la universidad ni siquiera tiene residencias y que los peri\u00f3dicos que publicaron la noticia deben acoger las declaraciones. De igual manera el comandante de la polic\u00eda Coronel Pedro Jos\u00e9 C\u00e1rdenas tambi\u00e9n se identific\u00f3 con las declaraciones del rector.<\/p>\n<p><strong>Im\u00e1genes: <\/strong>n\/a<\/p>\n<p><strong>INFORMACI\u00d3N ANAL\u00cdTICA<\/strong><\/p>\n<p><strong>Contexto de la noticia: <\/strong>Semana decisiva para crisis del ICSS, Incursiones del M-19 en Yumbo, Represados proyectos en la C\u00e1mara, &nbsp;proyectos sin tramitar en la c\u00e1mara, crisis en el ICSS, gobierno cuestiona pol\u00edtica tributaria, detenciones al ELN, concluye s\u00ednodo de obispos<\/p>\n<p><strong>Palabras clave: <\/strong>Rector\u00eda, Mesa Escobar, Antonio., Polic\u00eda, C\u00e1rdenas, Pedro Jos\u00e9.<\/p>\n<p><strong>Sugerencia de palabras claves: <\/strong><\/p>\n<p><strong>Observaciones: <\/strong><\/p>\n<p><strong>Fecha de diligenciamiento:<\/strong> 20 de febrero\/2019<\/p>\n<h1 style=\"text-align: center;\">***<\/h1>\n<p><strong>N\u00famero de ficha<\/strong>: A184&nbsp; &nbsp; &nbsp; &nbsp; &nbsp; &nbsp; &nbsp; &nbsp; &nbsp; &nbsp; &nbsp; &nbsp; &nbsp; &nbsp; &nbsp; &nbsp; &nbsp; &nbsp; &nbsp; &nbsp; &nbsp; &nbsp; &nbsp; &nbsp; &nbsp; &nbsp; &nbsp; &nbsp;<\/p>\n<p><strong>Diligenciada por: <\/strong>Eberhar Cano Naranjo<\/p>\n<p>INFORMACI\u00d3N BIBLIOGR\u00c1FICA<\/p>\n<p>Peri\u00f3dico: El Colombiano<\/p>\n<p>Lugar de edici\u00f3n: Medell\u00edn<\/p>\n<p>Autor personal: n\/a<\/p>\n<p>Autor corporativo: Equipo Editorial<\/p>\n<p>Fecha: 1976, noviembre, 20<\/p>\n<p>P\u00e1gina: 1 y 4a<\/p>\n<p>Secci\u00f3n: n\/a<\/p>\n<p><strong>T\u00edtulo:<\/strong> Paro en la UdeA.<\/p>\n<p><strong>Resumen: <\/strong>La Asamblea General de Estudiantes decret\u00f3 ayer un paro el pr\u00f3ximo lunes 22 de noviembre por varias peticiones acad\u00e9micas. (1) Piden reformar el art\u00edculo 18 de la norma acad\u00e9mica proponiendo que cuando un examen sea perdido por m\u00e1s de la mitad de los estudiantes debe repetirse. (2) Solidaridad con los compa\u00f1eros de Ingenier\u00eda quienes vienen en Paro hace un mes por una calificaci\u00f3n de cero en la negativa de presentar las pruebas en medio del paro. (3) Aprobaron una solicitud al Tribunal Superior de Medell\u00edn exigiendo la libertad de los estudiantes presos y la revocatoria de un consejo de guerra verbal de la Cuarta Brigada. Por otro lado, el Consejo Directivo se reuni\u00f3n bajo la responsabilidad del rector encargado Antonio Mesa Escobar para estudiar una soluci\u00f3n al problema. Tambi\u00e9n se menciona que la Polic\u00eda dispone de un fuerte operativo en las afueras del campus para evitar alteraciones.<\/p>\n<p><strong>Im\u00e1genes: <\/strong>n\/a<\/p>\n<p><strong>INFORMACI\u00d3N ANAL\u00cdTICA<\/strong><\/p>\n<p><strong>Contexto de la noticia:<\/strong> Posible clausura de la UN, La burocracia se comi\u00f3 la reforma tributaria, desconcierto en la econom\u00eda, nueva ministra de justicia, acusados por violaci\u00f3n a la ley diputados antioque\u00f1os, se aprueba el presupuesto nacional, estatuto anti monopolio total<\/p>\n<p><strong>Palabras clave: <\/strong>Asamblea de Estudiantes, Paro, Detenciones, Polic\u00eda, Cuarta Brigada, Rector\u00eda, Mesa Escobar, Antonio., Militarizaci\u00f3n de la Universidad<\/p>\n<p><strong>Sugerencia de palabras claves: <\/strong><\/p>\n<p><strong>Observaciones: <\/strong><\/p>\n<p><strong>Fecha de diligenciamiento:<\/strong> 20 de febrero\/2019<\/p>\n<h1 style=\"text-align: center;\">***<\/h1>\n<p><strong>N\u00famero de ficha<\/strong>: A185&nbsp;&nbsp;&nbsp;&nbsp;&nbsp;&nbsp;&nbsp;&nbsp;&nbsp;&nbsp;&nbsp;&nbsp;&nbsp;&nbsp;&nbsp;&nbsp;&nbsp;&nbsp;&nbsp;&nbsp;&nbsp;&nbsp;&nbsp;&nbsp;&nbsp;&nbsp;&nbsp;&nbsp;&nbsp;&nbsp;&nbsp;&nbsp;&nbsp;&nbsp;&nbsp;&nbsp;&nbsp;&nbsp;&nbsp;&nbsp;&nbsp;&nbsp;&nbsp;&nbsp;&nbsp;&nbsp;&nbsp;&nbsp;&nbsp;&nbsp;&nbsp;&nbsp;&nbsp;&nbsp;<\/p>\n<p><strong>Diligenciada por: <\/strong>Eberhar Cano Naranjo<\/p>\n<p>INFORMACI\u00d3N BIBLIOGR\u00c1FICA<\/p>\n<p>Peri\u00f3dico: El Colombiano<\/p>\n<p>Lugar de edici\u00f3n: Medell\u00edn<\/p>\n<p>Autor personal: n\/a<\/p>\n<p>Autor corporativo: Equipo Editorial<\/p>\n<p>Fecha: 1976, noviembre, 23<\/p>\n<p>P\u00e1gina: 2a<\/p>\n<p>Secci\u00f3n: n\/a<\/p>\n<p><strong>T\u00edtulo:<\/strong> Prolongan paro por 48 horas en la UdeA.<\/p>\n<p><strong>Resumen: <\/strong>En una nueva Asamblea de Estudiantes se decide continuar en paro en manifestaci\u00f3n de inconformismo por las medidas tomas por el claustro del Consejo Directivo de no derogar la reglamentaci\u00f3n frente a la presentaci\u00f3n de ex\u00e1menes. La Asamblea termin\u00f3 sin alteraciones y en di\u00e1logos con el ente directivo se decide crear una comisi\u00f3n con estudiante para volver a analizar la norma estudiantil. El Consejo no recibe con mucho \u00e1nimo la decisi\u00f3n de parar actividades.<\/p>\n<p><strong>Im\u00e1genes: <\/strong>n\/a<\/p>\n<p><strong>INFORMACI\u00d3N ANAL\u00cdTICA<\/strong><\/p>\n<p><strong>Contexto de la noticia:<\/strong> grave amenazas sobre hospitales en Antioquia, Ratifican suspensiones en el ICCS, aumentar\u00e1n salarios de empleados p\u00fablicos, crean fondo el\u00e9ctrico nacional, proyecto para obras inconclusas en el pa\u00eds, estudian constituci\u00f3n de una empresa estatal.<\/p>\n<p><strong>Palabras clave: <\/strong>Asamblea de Estudiantes, Paro, Consejo Directivo<\/p>\n<p><strong>Sugerencia de palabras claves: <\/strong><\/p>\n<p><strong>Observaciones: <\/strong><\/p>\n<p><strong>Fecha de diligenciamiento:<\/strong> 20 de febrero\/2019<\/p>\n<h1 style=\"text-align: center;\">***<\/h1>\n<p><strong>N\u00famero de ficha<\/strong>: A186&nbsp;&nbsp;&nbsp;&nbsp;&nbsp;&nbsp;&nbsp;&nbsp;&nbsp;&nbsp;&nbsp;&nbsp;&nbsp;&nbsp;&nbsp;&nbsp;&nbsp;&nbsp;&nbsp;&nbsp;&nbsp;&nbsp;&nbsp;&nbsp;&nbsp;&nbsp;&nbsp;&nbsp;&nbsp;&nbsp;&nbsp;&nbsp;&nbsp;&nbsp;&nbsp;&nbsp;&nbsp;&nbsp;&nbsp;&nbsp;&nbsp;&nbsp;&nbsp;&nbsp;&nbsp;&nbsp;&nbsp;&nbsp;&nbsp;&nbsp;&nbsp;&nbsp;&nbsp;&nbsp;<\/p>\n<p><strong>Diligenciada por: <\/strong>Eberhar Cano Naranjo<\/p>\n<p>INFORMACI\u00d3N BIBLIOGR\u00c1FICA<\/p>\n<p>Peri\u00f3dico: El Colombiano<\/p>\n<p>Lugar de edici\u00f3n: Medell\u00edn<\/p>\n<p>Autor personal: n\/a<\/p>\n<p>Autor corporativo: Equipo Editorial<\/p>\n<p>Fecha: 1976, noviembre, 26<\/p>\n<p>P\u00e1gina: 11a<\/p>\n<p>Secci\u00f3n: n\/a<\/p>\n<p><strong>T\u00edtulo:<\/strong> Paro hasta el lunes en la UdeA<\/p>\n<p><strong>Resumen: <\/strong>El paro comenzado hace una semana por el debate sobre el art\u00edculo 18 del reglamento estudiantil vuelve a decretarse por inconformidad de los estudiantes en la asamblea General. Las directivas insisten en que se debe crear la comisi\u00f3n, mientras que los estudiantes aluden a la falta de voluntad de los directivos con las propuestas de los ex\u00e1menes a repetir. Los profesores por su parte realizaran una Asamblea para analizar el problema y los debates frente a los salarios.<\/p>\n<p><strong>Im\u00e1genes: <\/strong>n\/a<\/p>\n<p><strong>INFORMACI\u00d3N ANAL\u00cdTICA<\/strong><\/p>\n<p><strong>Contexto de la noticia:<\/strong> Nueva ley de prensa, pr\u00e9stamos del BID por US 16 millones, mensaje del papa a Colombia, carreteras del Choc\u00f3 pura letra muerta, liberales antioque\u00f1os respaldan a Lleras, reintegro de la junta de la ANDI<\/p>\n<p><strong>Palabras clave: <\/strong>Asamblea de Estudiantes, Paro, Asamblea de Profesores, Consejo Directivo<\/p>\n<p><strong>Sugerencia de palabras claves: <\/strong><\/p>\n<p><strong>Observaciones: <\/strong><\/p>\n<p><strong>Fecha de diligenciamiento:<\/strong> 20 de febrero\/2019<\/p>\n<h1 style=\"text-align: center;\">***<\/h1>\n<p><strong>N\u00famero de ficha<\/strong>: A187&nbsp;&nbsp;&nbsp;&nbsp;&nbsp;&nbsp;&nbsp;&nbsp;&nbsp;&nbsp;&nbsp;&nbsp;&nbsp;&nbsp;&nbsp;&nbsp;&nbsp;&nbsp;&nbsp;&nbsp;&nbsp;&nbsp;&nbsp;&nbsp;&nbsp;&nbsp;&nbsp;&nbsp;&nbsp;&nbsp;&nbsp;&nbsp;&nbsp;&nbsp;&nbsp;&nbsp;&nbsp;&nbsp;&nbsp;&nbsp;&nbsp;&nbsp;&nbsp;&nbsp;&nbsp;&nbsp;&nbsp;&nbsp;&nbsp;&nbsp;&nbsp;&nbsp;&nbsp;&nbsp;<\/p>\n<p><strong>Diligenciada por: <\/strong>Eberhar Cano Naranjo<\/p>\n<p>INFORMACI\u00d3N BIBLIOGR\u00c1FICA<\/p>\n<p>Peri\u00f3dico: El Colombiano<\/p>\n<p>Lugar de edici\u00f3n: Medell\u00edn<\/p>\n<p>Autor personal: n\/a<\/p>\n<p>Autor corporativo: Equipo Editorial<\/p>\n<p>Fecha: 1976, noviembre, 30<\/p>\n<p>P\u00e1gina: 11a<\/p>\n<p>Secci\u00f3n: n\/a<\/p>\n<p><strong>T\u00edtulo:<\/strong> 15 detenidos por disturbios. Nuevo paro de 48 horas en la UdeA.<\/p>\n<p><strong>Resumen: <\/strong>En una nueva asamblea de estudiantes se decreta paro de dos d\u00edas en inconformidad con la negligencia del Consejo Directivo sobre la restructuraci\u00f3n de las normas de presentaci\u00f3n de ex\u00e1menes. Esta vez volvieron a aparecer los enfrenamientos con la polic\u00eda dejando algunos estudiantes detenidos. El Consejo Directivo insiste en la comisi\u00f3n elegida por ellos para analizar el problema, propuesta que se contrapone a la de los estudiantes quienes proponen dos estudiantes y dos profesores elegidos por ellos. El Consejo tambi\u00e9n se reunir\u00e1 para tomar decisiones radicales frente a la continuidad del semestre.<\/p>\n<p><strong>Im\u00e1genes: <\/strong>n\/a<\/p>\n<p><strong>INFORMACI\u00d3N ANAL\u00cdTICA<\/strong><\/p>\n<p><strong>Contexto de la noticia:<\/strong> La iglesia denuncia presencia de Marxismo, Crisis en el ICSS, protestan contra directivos comunistas en la U de Nari\u00f1o, huelga de hambre en barrio Santander por educaci\u00f3n,<\/p>\n<p><strong>Palabras clave: <\/strong>Asamblea de Estudiantes, Paro, Consejo Directivo, Tropeles, Polic\u00eda<\/p>\n<p><strong>Sugerencia de palabras claves: <\/strong><\/p>\n<p><strong>Observaciones: <\/strong><\/p>\n<p><strong>Fecha de diligenciamiento:<\/strong> 20 de febrero\/2019<\/p>\n<h1 style=\"text-align: center;\">***<\/h1>\n<p><strong>N\u00famero de ficha<\/strong>: A188&nbsp;&nbsp;&nbsp;&nbsp;&nbsp;&nbsp;&nbsp;&nbsp;&nbsp;&nbsp;&nbsp;&nbsp;&nbsp;&nbsp;&nbsp;&nbsp;&nbsp;&nbsp;&nbsp;&nbsp;&nbsp;&nbsp;&nbsp;&nbsp;&nbsp;&nbsp;&nbsp;&nbsp;&nbsp;&nbsp;&nbsp;&nbsp;&nbsp;&nbsp;&nbsp;&nbsp;&nbsp;&nbsp;&nbsp;&nbsp;&nbsp;&nbsp;&nbsp;&nbsp;&nbsp;&nbsp;&nbsp;&nbsp;&nbsp;&nbsp;&nbsp;&nbsp;&nbsp;&nbsp;<\/p>\n<p><strong>Diligenciada por:<\/strong> Eberhar Cano Naranjo<\/p>\n<p>INFORMACI\u00d3N BIBLIOGR\u00c1FICA<\/p>\n<p>Peri\u00f3dico: El Colombiano<\/p>\n<p>Lugar de edici\u00f3n: Medell\u00edn<\/p>\n<p>Autor personal: n\/a<\/p>\n<p>Autor corporativo: Equipo Editorial<\/p>\n<p>Fecha: 1976, diciembre, 01<\/p>\n<p>P\u00e1gina: 4a<\/p>\n<p>Secci\u00f3n: n\/a<\/p>\n<p><strong>T\u00edtulo:<\/strong> No estamos de acuerdo con los estudiantes. Dicen profesores de la UdeA.<\/p>\n<p><strong>Resumen: <\/strong>En Asamblea de Profesores dirigida por el presidente de la Asociaci\u00f3n Manuel Jos\u00e9 Salazar, se rechaz\u00f3 la propuesta de los estudiantes de modificar la presentaci\u00f3n e ex\u00e1menes cuando m\u00e1s de la mitad de los estudiantes pierden, sin embargo, reconocen y proponen que debe revisarse la norma para llegar a un acuerdo en su reglamentaci\u00f3n. En su sesi\u00f3n tambi\u00e9n discutieron el tema de sus salarios. El Consejo Directivo comunica que se reunir\u00e1 para tratar de tomar medidas acordes a las necesidades y exigencias.<\/p>\n<p><strong>Im\u00e1genes: <\/strong>n\/a<\/p>\n<p><strong>INFORMACI\u00d3N ANAL\u00cdTICA<\/strong><\/p>\n<p><strong>Contexto de la noticia:<\/strong> Peligra propuesta de constituyente, alza de energ\u00eda en Medell\u00edn, Crisis en el Seguro Social, EU responsable de la ola inflacionista, nuevo comandante en la IV Brigada, Definida la uni\u00f3n conservadora, nuevo r\u00e9gimen de exportaciones.<\/p>\n<p><strong>Palabras clave: <\/strong>Asamblea de Profesores, Asociaci\u00f3n de Profesores, Salazar, Manuel Jos\u00e9., Consejo Directivo, Paro<\/p>\n<p><strong>Sugerencia de palabras claves: <\/strong><\/p>\n<p><strong>Observaciones: <\/strong><\/p>\n<p><strong>Fecha de diligenciamiento:<\/strong> 20 de febrero\/2019<\/p>\n<h1 style=\"text-align: center;\">***<\/h1>\n<p><strong>N\u00famero de ficha<\/strong>: A189&nbsp;&nbsp;&nbsp;&nbsp;&nbsp;&nbsp;&nbsp;&nbsp;&nbsp;&nbsp;&nbsp;&nbsp;&nbsp;&nbsp;&nbsp;&nbsp;&nbsp;&nbsp;&nbsp;&nbsp;&nbsp;&nbsp;&nbsp;&nbsp;&nbsp;&nbsp;&nbsp;&nbsp;&nbsp;&nbsp;&nbsp;&nbsp;&nbsp;&nbsp;&nbsp;&nbsp;&nbsp;&nbsp;&nbsp;&nbsp;&nbsp;&nbsp;&nbsp;&nbsp;&nbsp;&nbsp;&nbsp;&nbsp;&nbsp;&nbsp;&nbsp;&nbsp;&nbsp;&nbsp;<\/p>\n<p><strong>Diligenciada por: <\/strong>Eberhar Cano Naranjo<\/p>\n<p>INFORMACI\u00d3N BIBLIOGR\u00c1FICA<\/p>\n<p>Peri\u00f3dico: El Colombiano<\/p>\n<p>Lugar de edici\u00f3n: Medell\u00edn<\/p>\n<p>Autor personal: n\/a<\/p>\n<p>Autor corporativo: Equipo Editorial<\/p>\n<p>Fecha: 1976, diciembre, 02<\/p>\n<p>P\u00e1gina: 2a<\/p>\n<p>Secci\u00f3n: n\/a<\/p>\n<p><strong>T\u00edtulo:<\/strong> Continuar el paro aprobaron estudiantes de la UdeA.<\/p>\n<p><strong>Resumen: <\/strong>La Asamblea de Estudiantes rechaz\u00f3 la posici\u00f3n de los profesores frente a la modificaci\u00f3n del art\u00edculo 18 de la norma acad\u00e9mica y decidi\u00f3 continuar en paro. Tambi\u00e9n se presentaron algunos incidentes en las afueras del campus cobrando \u201cpeaje\u201d a los automotores que pasaban por all\u00ed, pero la polic\u00eda disolvi\u00f3 la manifestaci\u00f3n y retom\u00f3 el tr\u00e1fico. Los estudiantes convocan a una nueva Asamblea el viernes.<\/p>\n<p><strong>Im\u00e1genes: <\/strong>n\/a<\/p>\n<p><strong>INFORMACI\u00d3N ANAL\u00cdTICA<\/strong><\/p>\n<p><strong>Contexto de la noticia:<\/strong> Crean fondo el\u00e9ctrico nacional, destituyen m\u00e9dicos del ICSS, buscan refinanciar caja de previsi\u00f3n, protestas por manejos del Inderena, franciscanos entran a la guerrilla del ELN,<\/p>\n<p><strong>Palabras clave: <\/strong>Asamblea de Estudiantes, Paro, Tropeles, Polic\u00eda, Cierre de v\u00edas<\/p>\n<p><strong>Sugerencia de palabras claves: <\/strong><\/p>\n<p><strong>Observaciones: <\/strong><\/p>\n<p><strong>Fecha de diligenciamiento:<\/strong> 20 de febrero\/2019<\/p>\n<h1 style=\"text-align: center;\">***<\/h1>\n<p><strong>N\u00famero de ficha<\/strong>: A190&nbsp;&nbsp;&nbsp;&nbsp;&nbsp;&nbsp;&nbsp;&nbsp;&nbsp;&nbsp;&nbsp;&nbsp;&nbsp;&nbsp;&nbsp;&nbsp;&nbsp;&nbsp;&nbsp;&nbsp;&nbsp;&nbsp;&nbsp;&nbsp;&nbsp;&nbsp;&nbsp;&nbsp;&nbsp;&nbsp;&nbsp;&nbsp;&nbsp;&nbsp;&nbsp;&nbsp;&nbsp;&nbsp;&nbsp;&nbsp;&nbsp;&nbsp;&nbsp;&nbsp;&nbsp;&nbsp;&nbsp;&nbsp;&nbsp;&nbsp;&nbsp;&nbsp;&nbsp;&nbsp;<\/p>\n<p><strong>Diligenciada por: <\/strong>Eberhar Cano Naranjo<\/p>\n<p>INFORMACI\u00d3N BIBLIOGR\u00c1FICA<\/p>\n<p>Peri\u00f3dico: El Colombiano<\/p>\n<p>Lugar de edici\u00f3n: Medell\u00edn<\/p>\n<p>Autor personal: n\/a<\/p>\n<p>Autor corporativo: Equipo Editorial<\/p>\n<p>Fecha: 1976, diciembre, 07<\/p>\n<p>P\u00e1gina: 1 y 2a<\/p>\n<p>Secci\u00f3n: n\/a<\/p>\n<p><strong>T\u00edtulo:<\/strong> Nuevo paro de 48 horas en la UdeA. Por en\u00e9sima vez pro en la UdeA.<\/p>\n<p><strong>Resumen: <\/strong>Nuevamente la asamblea de estudiantes decreta paro, rechazando las medidas del Consejo Directivo con la norma estudiantil de presentaci\u00f3n de ex\u00e1menes. Despu\u00e9s de un an\u00e1lisis y estudio rechazan la propuesta y mantienen su posici\u00f3n inicial de que los ex\u00e1menes se pueden repetir. Mientras tanto en la Facultad de Medicina se presentaron incidentes con nuevo cobro de \u201cpeaje\u201d en las calles, situaci\u00f3n controlada por la polic\u00eda y sus agentes anti motines.<\/p>\n<p><strong>Im\u00e1genes: <\/strong>n\/a<\/p>\n<p><strong>INFORMACI\u00d3N ANAL\u00cdTICA<\/strong><\/p>\n<p><strong>Contexto de la noticia: <\/strong>La constituyente tiene respaldo, Contralor\u00eda investiga gobernador y diputados, protestas en Barranquilla, Conservadores buscan acuerdos parlamentarios, no se aprueba el Fondo El\u00e9ctrico Nacional.<\/p>\n<p><strong>Palabras clave: <\/strong><\/p>\n<p><strong>Sugerencia de palabras claves: <\/strong><\/p>\n<p><strong>Observaciones: <\/strong><\/p>\n<p><strong>Fecha de diligenciamiento:<\/strong> 20 de febrero\/2019<\/p>\n<h1 style=\"text-align: center;\">***<\/h1>\n<p><strong>N\u00famero de ficha<\/strong>: A191&nbsp;&nbsp;&nbsp;&nbsp;&nbsp;&nbsp;&nbsp;&nbsp;&nbsp;&nbsp;&nbsp;&nbsp;&nbsp;&nbsp;&nbsp;&nbsp;&nbsp;&nbsp;&nbsp;&nbsp;&nbsp;&nbsp;&nbsp;&nbsp;&nbsp;&nbsp;&nbsp;&nbsp;&nbsp;&nbsp;&nbsp;&nbsp;&nbsp;&nbsp;&nbsp;&nbsp;&nbsp;&nbsp;&nbsp;&nbsp;&nbsp;&nbsp;&nbsp;&nbsp;&nbsp;&nbsp;&nbsp;&nbsp;&nbsp;&nbsp;&nbsp;&nbsp;&nbsp;&nbsp;<\/p>\n<p><strong>Diligenciada por: <\/strong>Eberhar Cano Naranjo<\/p>\n<p>INFORMACI\u00d3N BIBLIOGR\u00c1FICA<\/p>\n<p>Peri\u00f3dico: El Colombiano<\/p>\n<p>Lugar de edici\u00f3n: Medell\u00edn<\/p>\n<p>Autor personal: n\/a<\/p>\n<p>Autor corporativo: Equipo Editorial<\/p>\n<p>Fecha: 1977, enero, 26<\/p>\n<p>P\u00e1gina: 4a<\/p>\n<p>Secci\u00f3n: n\/a<\/p>\n<p><strong>T\u00edtulo:<\/strong> Levantan paro en UdeA<\/p>\n<p><strong>Resumen: <\/strong>El d\u00eda de ayer se inici\u00f3 la normalidad acad\u00e9mica luego de que los estudiantes reunidos en asamblea general acogieran la propuesta del Consejo Directivo sobre el tema de cancelaci\u00f3n de ex\u00e1menes de la normatividad acad\u00e9mica. La propuesta hecha por los estudiantes fue acogida en su totalidad <em>\u201c<\/em><em>Seg\u00fan la f\u00f3rmula del organismo una comisi\u00f3n mixta de estudiantes y profesores analizar\u00e1 cada caso y decidir\u00e1 sobre la repetici\u00f3n del examen\u201d. <\/em><\/p>\n<p><strong>Im\u00e1genes: <\/strong>n\/a<\/p>\n<p><strong>INFORMACI\u00d3N ANAL\u00cdTICA<\/strong><\/p>\n<p><strong>Contexto de la noticia:<\/strong><\/p>\n<p><strong>Palabras clave: <\/strong>Asamblea de Estudiantes, Consejo Directivo<\/p>\n<p><strong>Sugerencia de palabras claves: <\/strong><\/p>\n<p><strong>Observaciones: <\/strong><\/p>\n<p><strong>Fecha de diligenciamiento:<\/strong> 21 de febrero\/2019<\/p>\n<h1 style=\"text-align: center;\">***<\/h1>\n<p><strong>N\u00famero de ficha<\/strong>: A192&nbsp;&nbsp;&nbsp;&nbsp;&nbsp;&nbsp;&nbsp;&nbsp;&nbsp;&nbsp;&nbsp;&nbsp;&nbsp;&nbsp;&nbsp;&nbsp;&nbsp;&nbsp;&nbsp;&nbsp;&nbsp;&nbsp;&nbsp;&nbsp;&nbsp;&nbsp;&nbsp;&nbsp;&nbsp;&nbsp;&nbsp;&nbsp;&nbsp;&nbsp;&nbsp;&nbsp;&nbsp;&nbsp;&nbsp;&nbsp;&nbsp;&nbsp;&nbsp;&nbsp;&nbsp;&nbsp;&nbsp;&nbsp;&nbsp;&nbsp;&nbsp;&nbsp;&nbsp;&nbsp;<\/p>\n<p><strong>Diligenciada por: <\/strong>Eberhar Cano Naranjo<\/p>\n<p>INFORMACI\u00d3N BIBLIOGR\u00c1FICA<\/p>\n<p>Peri\u00f3dico: El Colombiano<\/p>\n<p>Lugar de edici\u00f3n: Medell\u00edn<\/p>\n<p>Autor personal: n\/a<\/p>\n<p>Autor corporativo: Equipo Editorial<\/p>\n<p>Fecha: 1977, marzo, 01<\/p>\n<p>P\u00e1gina: 2a<\/p>\n<p>Secci\u00f3n: n\/a<\/p>\n<p><strong>T\u00edtulo:<\/strong> Inminente par\u00e1lisis en la UdeA<\/p>\n<p><strong>Resumen: <\/strong>Por medio de un comunicado, el Consejo Directivo de la UdeA presidido por el Rector Jorge El\u00edas Pel\u00e1ez, expreso la grave crisis financiera por la que atraviesa la universidad. El aumento en los cupos y el n\u00famero de estudiantes, sumado a la falta de financiaci\u00f3n del gobierno han sumido a la universidad en una des financiaci\u00f3n que la puede llevar a un cierre. El rector insisti\u00f3 en que la comunidad universitaria debe conocer las razones y estar informado y afirma textualmente <em>\u201c<\/em><em>Queda claro el cumplimiento de la Universidad de Antioquia con la pol\u00edtica de aumento de cupos. Es tambi\u00e9n cierto que el gobierno nacional no ha apoyado con los recursos indispensables la ejecuci\u00f3n de esa pol\u00edtica ya que s\u00ed bien, ha incrementado sus apartes, \u00e9stos no han sido proporcionales a los requerimientos de la Instituci\u00f3n\u201d.<\/em><\/p>\n<p><strong>Im\u00e1genes: <\/strong>n\/a<\/p>\n<p><strong>INFORMACI\u00d3N ANAL\u00cdTICA<\/strong><\/p>\n<p><strong>Contexto de la noticia:<\/strong> Colombia quiere lanzar su primer sat\u00e9lite, Reunido el CELAM en Medell\u00edn, inversiones en Urab\u00e1, revisan normas de la junta monetaria, cambios en la polic\u00eda en todo el pa\u00eds, paro de educadores<\/p>\n<p><strong>Palabras clave: <\/strong>Consejo Directivo, Comunicado, Rector\u00eda, Pel\u00e1ez, Jorge.<\/p>\n<p><strong>Sugerencia de palabras claves: <\/strong><\/p>\n<p><strong>Observaciones: <\/strong><\/p>\n<p><strong>Fecha de diligenciamiento:<\/strong> 21 de febrero\/2019<\/p>\n<h1 style=\"text-align: center;\">***<\/h1>\n<p><strong>N\u00famero de ficha<\/strong>: A193&nbsp;&nbsp;&nbsp;&nbsp;&nbsp;&nbsp;&nbsp;&nbsp;&nbsp;&nbsp;&nbsp;&nbsp;&nbsp;&nbsp;&nbsp;&nbsp;&nbsp;&nbsp;&nbsp;&nbsp;&nbsp;&nbsp;&nbsp;&nbsp;&nbsp;&nbsp;&nbsp;&nbsp;&nbsp;&nbsp;&nbsp;&nbsp;&nbsp;&nbsp;&nbsp;&nbsp;&nbsp;&nbsp;&nbsp;&nbsp;&nbsp;&nbsp;&nbsp;&nbsp;&nbsp;&nbsp;&nbsp;&nbsp;&nbsp;&nbsp;&nbsp;&nbsp;&nbsp;&nbsp;<\/p>\n<p><strong>Diligenciada por: <\/strong>Eberhar Cano Naranjo<\/p>\n<p>INFORMACI\u00d3N BIBLIOGR\u00c1FICA<\/p>\n<p>Peri\u00f3dico: El Colombiano<\/p>\n<p>Lugar de edici\u00f3n: Medell\u00edn<\/p>\n<p>Autor personal: n\/a<\/p>\n<p>Autor corporativo: Equipo Editorial<\/p>\n<p>Fecha: 1977, marzo, 09<\/p>\n<p>P\u00e1gina: 2a<\/p>\n<p>Secci\u00f3n: n\/a<\/p>\n<p><strong>T\u00edtulo:<\/strong> Se agudiza situaci\u00f3n econ\u00f3mica del Alma Mater. Paran trabajadores de la UdeA.<\/p>\n<p><strong>Resumen: <\/strong>Los trabajadores de la UdeA decretan un paro indefinido por la deuda de sus salarios, luego de reunirse en asamblea para debatir la problem\u00e1tica. Son m\u00e1s de 700 los trabajadores en paro, asunto que oblig\u00f3 al rector a viajar a Bogot\u00e1 para interlocutor con el gobierno nacional. Los servicios de cafeter\u00eda se suspendieron y estuvieron bloqueadas las instalaciones de la universidad, se realizaron protestas que afectaron algunos cursos y los trabajadores realizaron un mitin interno en el campus.<\/p>\n<p><strong>Im\u00e1genes: <\/strong>n\/a<\/p>\n<p><strong>INFORMACI\u00d3N ANAL\u00cdTICA<\/strong><\/p>\n<p><strong>Contexto de la noticia:<\/strong> Dos profesionales detenidos por bombas en la calle Palac\u00e9, C\u00e1mara estudia acusaciones contra el presidente, retrasos en el UPAC, se crea red nacional de laboratorios creo el ministerio de salud, reabren centros educativos,<\/p>\n<p><strong>Palabras clave: <\/strong>Rector\u00eda, Pel\u00e1ez, Jorge,. Mitin, Asamblea de Empleados, Paro, Bloqueos<\/p>\n<p><strong>Sugerencia de palabras claves: <\/strong><\/p>\n<p><strong>Observaciones: <\/strong><\/p>\n<p><strong>Fecha de diligenciamiento:<\/strong> 21 de febrero\/2019<\/p>\n<h1 style=\"text-align: center;\">***<\/h1>\n<p><strong>N\u00famero de ficha<\/strong>: A194&nbsp;&nbsp;&nbsp;&nbsp;&nbsp;&nbsp;&nbsp;&nbsp;&nbsp;&nbsp;&nbsp;&nbsp;&nbsp;&nbsp;&nbsp;&nbsp;&nbsp;&nbsp;&nbsp;&nbsp;&nbsp;&nbsp;&nbsp;&nbsp;&nbsp;&nbsp;&nbsp;&nbsp;&nbsp;&nbsp;&nbsp;&nbsp;&nbsp;&nbsp;&nbsp;&nbsp;&nbsp;&nbsp;&nbsp;&nbsp;&nbsp;&nbsp;&nbsp;&nbsp;&nbsp;&nbsp;&nbsp;&nbsp;&nbsp;&nbsp;&nbsp;&nbsp;&nbsp;&nbsp;<\/p>\n<p><strong>Diligenciada por: <\/strong>Eberhar Cano Naranjo<\/p>\n<p>INFORMACI\u00d3N BIBLIOGR\u00c1FICA<\/p>\n<p>Peri\u00f3dico: El Colombiano<\/p>\n<p>Lugar de edici\u00f3n: Medell\u00edn<\/p>\n<p>Autor personal: n\/a<\/p>\n<p>Autor corporativo: Equipo Editorial<\/p>\n<p>Fecha: 1977, marzo, 11<\/p>\n<p>P\u00e1gina: 2a<\/p>\n<p>Secci\u00f3n: n\/a<\/p>\n<p><strong>T\u00edtulo:<\/strong> Bloqueo acad\u00e9mico y administrativo en la UdeA. Hoy, Asamblea general de profesores<\/p>\n<p><strong>Resumen: <\/strong>Los profesores se encontraron en Asamblea General extraordinaria decidiendo realizar un bloqueo en la Facultad de Ciencias y Humanidades en protesta por el no pago de salarios y la crisis universitaria. El bloqueo se fue implementando en todas las instalaciones de la universidad impidiendo el desarrollo de las actividades, se realizaron m\u00edtines internos y luego en la facultad de Medicina. El presidente de la Asociaci\u00f3n de Profesores, Manuel Jos\u00e9 Salazar dijo que la junta se propone realizar una reuni\u00f3n para analizar la situaci\u00f3n y la que se presenta en Fecode con el estatuto docente. Por su parte los trabajadores volvieron a sus labores, pero manifiestan que de no resolverse en su totalidad la situaci\u00f3n volver\u00e1 a parar.<\/p>\n<p><strong>Im\u00e1genes: <\/strong>IMG A194 (a) Im\u00e1genes del bloqueo.<\/p>\n<p><strong>INFORMACI\u00d3N ANAL\u00cdTICA<\/strong><\/p>\n<p><strong>Contexto de la noticia:<\/strong> aumento de la inflaci\u00f3n, retiran fondo cafetero en Urab\u00e1, Paro de buses en Medell\u00edn, planes del conservadurismo para elecciones, fracas\u00f3 el paro oficial,<\/p>\n<p><strong>Palabras clave: <\/strong>Asamblea de Profesores, Paro, Bloqueos, Mitin, Salazar, Manuel Jos\u00e9,. Empleados<\/p>\n<p><strong>Sugerencia de palabras claves: <\/strong><\/p>\n<p><strong>Observaciones: <\/strong>La noticia contin\u00faa el 12 de marzo (2a). <strong><em>\u201cContinuar el bloqueo decidieron profesores de la UdeA\u201d<\/em><\/strong> sin mayores alteraciones ni situaciones nuevas.<\/p>\n<p><strong>Fecha de diligenciamiento:<\/strong> 21 de febrero\/2019<\/p>\n<h1 style=\"text-align: center;\">***<\/h1>\n<p><strong>N\u00famero de ficha<\/strong>: A195&nbsp;&nbsp;&nbsp;&nbsp;&nbsp;&nbsp;&nbsp;&nbsp;&nbsp;&nbsp;&nbsp;&nbsp;&nbsp;&nbsp;&nbsp;&nbsp;&nbsp;&nbsp;&nbsp;&nbsp;&nbsp;&nbsp;&nbsp;&nbsp;&nbsp;&nbsp;&nbsp;&nbsp;&nbsp;&nbsp;&nbsp;&nbsp;&nbsp;&nbsp;&nbsp;&nbsp;&nbsp;&nbsp;&nbsp;&nbsp;&nbsp;&nbsp;&nbsp;&nbsp;&nbsp;&nbsp;&nbsp;&nbsp;&nbsp;&nbsp;&nbsp;&nbsp;&nbsp;&nbsp;<\/p>\n<p><strong>Diligenciada por: <\/strong>Eberhar Cano Naranjo<\/p>\n<p>INFORMACI\u00d3N BIBLIOGR\u00c1FICA<\/p>\n<p>Peri\u00f3dico: El Colombiano<\/p>\n<p>Lugar de edici\u00f3n: Medell\u00edn<\/p>\n<p>Autor personal: n\/a<\/p>\n<p>Autor corporativo: Equipo Editorial<\/p>\n<p>Fecha: 1977, marzo, 15<\/p>\n<p>P\u00e1gina: 1 y 12b<\/p>\n<p>Secci\u00f3n: n\/a<\/p>\n<p><strong>T\u00edtulo:<\/strong> Paro total en la UdeA.<\/p>\n<p><strong>Resumen: <\/strong>La universidad contin\u00faa paralizada como consecuencia del bloqueo acad\u00e9mico y administrativo. Miembros de la Asociaci\u00f3n de Profesores, la Asociaci\u00f3n de Empleados no docentes y del Sindicato de Trabajadores Oficiales tuvieron una reuni\u00f3n donde se acord\u00f3 el bloqueo y la exigencia de sus pagos y dem\u00e1s demandas ante la crisis de financiaci\u00f3n y se realizaron m\u00edtines al interior del campus todo el d\u00eda. El Consejo Directivo presidido por el rector Manuel Jos\u00e9 Salazar, sesion\u00f3 en horas de la tarde para tratar de dar salida al conflicto, a esta reuni\u00f3n se presentaron 400 profesores, empleados y trabajadores, quienes como representantes gremiales expresaron sus opiniones sobre la situaci\u00f3n y manifestaron sus exigencias, <em>\u201c<\/em><em>Acusando al Directivo de no prestar atenci\u00f3n a la situaci\u00f3n de penuria econ\u00f3mica de los servidores del Alma Mater y de sus familiares\u201d (p.12b). <\/em>Los profesores citar\u00e1n a una nueva asamblea.<\/p>\n<p><strong>Im\u00e1genes: <\/strong>n\/a<\/p>\n<p><strong>INFORMACI\u00d3N ANAL\u00cdTICA<\/strong><\/p>\n<p><strong>Contexto de la noticia:<\/strong> Emergencia econ\u00f3mica decreta el presidente, se agota el caf\u00e9 en el pa\u00eds, Belisario no acepta candidatura conservadora de \u00c1lvaro G\u00f3mez Hurtado, enfrentamientos por candidaturas liberales,&nbsp;<\/p>\n<p><strong>Palabras clave: <\/strong>Paro, Bloqueos, Asociaci\u00f3n de Profesores, Asociaci\u00f3n de Empleados, Mitin, Consejo Directivo, Rector\u00eda, Salazar, Manuel Jos\u00e9,. Asamblea de Profesores<\/p>\n<p><strong>Sugerencia de palabras claves: <\/strong>Sindicato de Trabajadores Oficiales<\/p>\n<p><strong>Observaciones: <\/strong><\/p>\n<p><strong>Fecha de diligenciamiento:<\/strong> 21 de febrero\/2019<\/p>\n<h1 style=\"text-align: center;\">***<\/h1>\n<p><strong>N\u00famero de ficha<\/strong>: A196&nbsp;&nbsp;&nbsp;&nbsp;&nbsp;&nbsp;&nbsp;&nbsp;&nbsp;&nbsp;&nbsp;&nbsp;&nbsp;&nbsp;&nbsp;&nbsp;&nbsp;&nbsp;&nbsp;&nbsp;&nbsp;&nbsp;&nbsp;&nbsp;&nbsp;&nbsp;&nbsp;&nbsp;&nbsp;&nbsp;&nbsp;&nbsp;&nbsp;&nbsp;&nbsp;&nbsp;&nbsp;&nbsp;&nbsp;&nbsp;&nbsp;&nbsp;&nbsp;&nbsp;&nbsp;&nbsp;&nbsp;&nbsp;&nbsp;&nbsp;&nbsp;&nbsp;&nbsp;&nbsp;<\/p>\n<p><strong>Diligenciada por: <\/strong>Eberhar Cano Naranjo<\/p>\n<p>INFORMACI\u00d3N BIBLIOGR\u00c1FICA<\/p>\n<p>Peri\u00f3dico: El Colombiano<\/p>\n<p>Lugar de edici\u00f3n: Medell\u00edn<\/p>\n<p>Autor personal: n\/a<\/p>\n<p>Autor corporativo: n\/a<\/p>\n<p>Fecha: 1977, marzo, 16<\/p>\n<p>P\u00e1gina: 1 y 10b<\/p>\n<p>Secci\u00f3n: n\/a<\/p>\n<p><strong>T\u00edtulo:<\/strong> Amenazan con cierre de la UdeA. Gobernador.<\/p>\n<p><strong>Resumen: <\/strong>Jaime Sierra Garc\u00eda, gobernador de Antioquia, anuncio ayer a los delegados de la Asociaci\u00f3n de Profesores que estar\u00eda dispuesto a cerrar el Alma Mater si contin\u00faa el bloqueo administrativo y acad\u00e9mico. Mientras tanto el rector Jorge El\u00edas Pel\u00e1ez Vallejo en reuni\u00f3n con el Consejo Directivo tratan de conformar una comisi\u00f3n con dos decanos para evaluar el asunto. El presidente de la Asociaci\u00f3n de Profesores, Manuel Jos\u00e9 Salazar tom\u00f3 la vocer\u00eda por el profesorado y en general por los empleados para sostener las demandas colectivas frente a los retrasos de los pagos de febrero. EL rector y los decanos viajar\u00e1n a la capital del pa\u00eds para tratar el grave tema con el gobierno.<\/p>\n<p><strong>Im\u00e1genes: <\/strong>n\/a<\/p>\n<p><strong>INFORMACI\u00d3N ANAL\u00cdTICA<\/strong><\/p>\n<p><strong>Contexto de la noticia:<\/strong> expropian predios en Antioquia, aumenta el desempleo de ingenieros, giras de Fidel Castro en \u00c1frica, ampliada la reforma electoral,<\/p>\n<p><strong>Palabras clave: <\/strong>Gobernaci\u00f3n, Sierra Garc\u00eda, Jaime., Asociaci\u00f3n de Profesores, Salazar, Manuel Jos\u00e9., Rector\u00eda, Pel\u00e1ez, Jorge El\u00edas., bloqueos, Asociaci\u00f3n de Empleados.<\/p>\n<p><strong>Sugerencia de palabras claves: <\/strong><\/p>\n<p><strong>Observaciones: <\/strong><\/p>\n<p><strong>Fecha de diligenciamiento:<\/strong> 21 de febrero\/2019<\/p>\n<h1 style=\"text-align: center;\">***<\/h1>\n<p><strong>N\u00famero de ficha<\/strong>: A197&nbsp;&nbsp;&nbsp;&nbsp;&nbsp;&nbsp;&nbsp;&nbsp;&nbsp;&nbsp;&nbsp;&nbsp;&nbsp;&nbsp;&nbsp;&nbsp;&nbsp;&nbsp;&nbsp;&nbsp;&nbsp;&nbsp;&nbsp;&nbsp;&nbsp;&nbsp;&nbsp;&nbsp;&nbsp;&nbsp;&nbsp;&nbsp;&nbsp;&nbsp;&nbsp;&nbsp;&nbsp;&nbsp;&nbsp;&nbsp;&nbsp;&nbsp;&nbsp;&nbsp;&nbsp;&nbsp;&nbsp;&nbsp;&nbsp;&nbsp;&nbsp;&nbsp;&nbsp;&nbsp;<\/p>\n<p><strong>Diligenciada por: <\/strong>Eberhar Cano Naranjo<\/p>\n<p>INFORMACI\u00d3N BIBLIOGR\u00c1FICA<\/p>\n<p>Peri\u00f3dico: El Colombiano<\/p>\n<p>Lugar de edici\u00f3n: Medell\u00edn<\/p>\n<p>Autor personal: n\/a<\/p>\n<p>Autor corporativo: Equipo Editorial<\/p>\n<p>Fecha: 1977, marzo, 18<\/p>\n<p>P\u00e1gina: 9a<\/p>\n<p>Secci\u00f3n: n\/a<\/p>\n<p><strong>T\u00edtulo:<\/strong> \u00bfHabr\u00e1 recursos para la UdeA? Pregunta Consejo Directivo al Min. educaci\u00f3n. Hoy, nueva asamblea de profesores.<\/p>\n<p><strong>Resumen: <\/strong>El Consejo Directivo de la UdeA en su visita al ministro de educaci\u00f3n Rafael Rivas realiz\u00f3 dos preguntas concretas sobre la financiaci\u00f3n de la universidad para resolver el conflicto del bloqueo. <em>([1] \u00bfContar\u00e1 la universidad con los aportes extra ordinarios requeridos para satisfacer sus necesidades reales en el presente a\u00f1o? [2] \u00bf<\/em><em>Dispondr\u00e1<\/em><em> la Universidad de Antioquia de un sobregiro permanente durante el presente a\u00f1o igual al valor de la doceava parte del aporte de ese Ministerio?). <\/em>La comisi\u00f3n regres\u00f3 a la universidad con la respuesta de que en un mes y medio se girar\u00e1n los recursos necesarios para resolver la crisis. La Asociaci\u00f3n de Profesores realizar\u00e1 ma\u00f1ana una asamblea para analizar el futuro del movimiento al igual que los Empleados.<\/p>\n<p><strong>Im\u00e1genes: <\/strong>n\/a<\/p>\n<p>INFORMACI\u00d3N ANAL\u00cdTICA<\/p>\n<p><strong>Contexto de la noticia:<\/strong> Disminuye exportaci\u00f3n textil, Paro en Ecopetrol, paralizados los debates en el senado, definidas \u00e1reas marinas de Colombia y Costa Rica, control de extranjeros por el DAS<\/p>\n<p><strong>Palabras clave: <\/strong>Consejo Directivo, Rivas, Rafael., Asociaci\u00f3n de Profesores, Asociaci\u00f3n de Empleados, Asamblea de profesores.<\/p>\n<p><strong>Sugerencia de palabras claves: <\/strong><\/p>\n<p><strong>Observaciones: <\/strong><\/p>\n<p><strong>Fecha de diligenciamiento:<\/strong> 21 de febrero\/2019<\/p>\n<h1 style=\"text-align: center;\">***<\/h1>\n<p><strong>N\u00famero de ficha<\/strong>: A198&nbsp;&nbsp;&nbsp;&nbsp;&nbsp;&nbsp;&nbsp;&nbsp;&nbsp;&nbsp;&nbsp;&nbsp;&nbsp;&nbsp;&nbsp;&nbsp;&nbsp;&nbsp;&nbsp;&nbsp;&nbsp;&nbsp;&nbsp;&nbsp;&nbsp;&nbsp;&nbsp;&nbsp;&nbsp;&nbsp;&nbsp;&nbsp;&nbsp;&nbsp;&nbsp;&nbsp;&nbsp;&nbsp;&nbsp;&nbsp;&nbsp;&nbsp;&nbsp;&nbsp;&nbsp;&nbsp;&nbsp;&nbsp;&nbsp;&nbsp;&nbsp;&nbsp;&nbsp;&nbsp;<\/p>\n<p><strong>Diligenciada por: <\/strong>Eberhar Cano Naranjo<\/p>\n<p>INFORMACI\u00d3N BIBLIOGR\u00c1FICA<\/p>\n<p>Peri\u00f3dico: El Colombiano<\/p>\n<p>Lugar de edici\u00f3n: Medell\u00edn<\/p>\n<p>Autor personal: n\/a<\/p>\n<p>Autor corporativo: Equipo Editorial<\/p>\n<p>Fecha: 1977, marzo, 25<\/p>\n<p>P\u00e1gina: 4a<\/p>\n<p>Secci\u00f3n: n\/a<\/p>\n<p><strong>T\u00edtulo:<\/strong> Irregular escogencia de terna en medicina. Asdua denuncia maniobras del Moir<\/p>\n<p><strong>Resumen: <\/strong>Asdua env\u00eda un comunicado al rector Jorge El\u00edas Pel\u00e1ez, manifestando su inconformismo con la elecci\u00f3n de decano en Medicina. Seg\u00fan ellos, el movimiento pol\u00edtico Movimiento Obrero Independiente y Revolucionario -MOIR- fue escogido an\u00e1rquica y maquiav\u00e9licamente de manera burocr\u00e1tica, que no refleja otra cosa que el caos en el que vive la universidad.<\/p>\n<p><strong>Im\u00e1genes: <\/strong>n\/a<\/p>\n<p><strong>INFORMACI\u00d3N ANAL\u00cdTICA<\/strong><\/p>\n<p><strong>Contexto de la noticia:<\/strong> Sanciones a parlamentarios por no asistir al congreso, incidentes en la UN, Constituido directorio departamental Llerista, crece la inflaci\u00f3n en Colombia,<\/p>\n<p><strong>Palabras clave: <\/strong>Comunicado, Rector\u00eda, Pel\u00e1ez, Jorge El\u00edas.,<\/p>\n<p><strong>Sugerencia de palabras claves: <\/strong>Asdua, MOIR<\/p>\n<p><strong>Observaciones: <\/strong>Se retoma la corta noticia porque considero aporta en contexto sobre las disputas entre las organizaciones y grupos pol\u00edticos que hacen parte de los movimientos sociales nacionales que influyen en el conflicto y hacen presencia en la universidad.<\/p>\n<p><strong>Fecha de diligenciamiento:<\/strong> 21 de febrero\/2019<\/p>\n<h1 style=\"text-align: center;\">***<\/h1>\n<p><strong>N\u00famero de ficha<\/strong>: A199&nbsp;&nbsp;&nbsp;&nbsp;&nbsp;&nbsp;&nbsp;&nbsp;&nbsp;&nbsp;&nbsp;&nbsp;&nbsp;&nbsp;&nbsp;&nbsp;&nbsp;&nbsp;&nbsp;&nbsp;&nbsp;&nbsp;&nbsp;&nbsp;&nbsp;&nbsp;&nbsp;&nbsp;&nbsp;&nbsp;&nbsp;&nbsp;&nbsp;&nbsp;&nbsp;&nbsp;&nbsp;&nbsp;&nbsp;&nbsp;&nbsp;&nbsp;&nbsp;&nbsp;&nbsp;&nbsp;&nbsp;&nbsp;&nbsp;&nbsp;&nbsp;&nbsp;&nbsp;&nbsp;<\/p>\n<p><strong>Diligenciada por: <\/strong>Eberhar Cano Naranjo<\/p>\n<p>INFORMACI\u00d3N BIBLIOGR\u00c1FICA<\/p>\n<p>Peri\u00f3dico: El Colombiano<\/p>\n<p>Lugar de edici\u00f3n: Medell\u00edn<\/p>\n<p>Autor personal: n\/a<\/p>\n<p>Autor corporativo: Equipo Editorial<\/p>\n<p>Fecha: 1977, junio, 08<\/p>\n<p>P\u00e1gina: 2a<\/p>\n<p>Secci\u00f3n: n\/a<\/p>\n<p><strong>T\u00edtulo:<\/strong> Suspenden labores Internos y Residentes<\/p>\n<p><strong>Resumen: <\/strong>Se inici\u00f3 paro de 48 horas ayer por parte de la Asociaci\u00f3n de Internos y Residentes de la facultad de Medicina de la UdeA ante la negativa del ministerio de salud de considerar el pliego de exigencias que ha presentado este sector desde hace meses. En Asamblea, se construy\u00f3 un comunicado donde expresan sus demandas y acusan al ministerio de provocar una <em>\u201c<\/em><em>pol\u00edtica de asfixia econ\u00f3mica y de cierre de la Universidad P\u00fablica\u201d. <\/em><\/p>\n<p><strong>Im\u00e1genes: <\/strong>n\/a<\/p>\n<p><strong>INFORMACI\u00d3N ANAL\u00cdTICA<\/strong><\/p>\n<p><strong>Contexto de la noticia:<\/strong> paro nacional universitario, maestros de secundaria en paro, crece desempleo en Medell\u00edn, problemas de seguridad y violencia en Medell\u00edn<\/p>\n<p><strong>Palabras clave: <\/strong>Paro, Asamblea de Estudiantes, Comunicado<\/p>\n<p><strong>Sugerencia de palabras claves: <\/strong>Asociaci\u00f3n de Internos y Residentes<\/p>\n<p><strong>Observaciones: <\/strong><\/p>\n<p><strong>Fecha de diligenciamiento:<\/strong> 21 de febrero\/2019<\/p>\n<h1 style=\"text-align: center;\">***<\/h1>\n<p><strong>N\u00famero de ficha<\/strong>: A200&nbsp;&nbsp;&nbsp;&nbsp;&nbsp;&nbsp;&nbsp;&nbsp;&nbsp;&nbsp;&nbsp;&nbsp;&nbsp;&nbsp;&nbsp;&nbsp;&nbsp;&nbsp;&nbsp;&nbsp;&nbsp;&nbsp;&nbsp;&nbsp;&nbsp;&nbsp;&nbsp;&nbsp;&nbsp;&nbsp;&nbsp;&nbsp;&nbsp;&nbsp;&nbsp;&nbsp;&nbsp;&nbsp;&nbsp;&nbsp;&nbsp;&nbsp;&nbsp;&nbsp;&nbsp;&nbsp;&nbsp;&nbsp;&nbsp;&nbsp;&nbsp;&nbsp;&nbsp;&nbsp;<\/p>\n<p><strong>Diligenciada por: <\/strong>Eberhar Cano Naranjo<\/p>\n<p>INFORMACI\u00d3N BIBLIOGR\u00c1FICA<\/p>\n<p>Peri\u00f3dico: El Colombiano<\/p>\n<p>Lugar de edici\u00f3n: Medell\u00edn<\/p>\n<p>Autor personal: n\/a<\/p>\n<p>Autor corporativo: Equipo Editorial<\/p>\n<p>Fecha: 1977, junio, 09<\/p>\n<p>P\u00e1gina: 2a<\/p>\n<p>Secci\u00f3n: n\/a<\/p>\n<p><strong>T\u00edtulo:<\/strong> Parcial el paro en el pa\u00eds. Control del orden lograron los cuerpos de seguridad durante el d\u00eda.<\/p>\n<p><strong>Resumen: <\/strong>En jornada nacional conmemorativa por el d\u00eda del estudiante ca\u00eddo (jornadas del 8 y 9 de junio), se presentaron en la UdeA algunos peque\u00f1os disturbios con la fuerza p\u00fablica. Se realiz\u00f3 adem\u00e1s un encuentro regional con otras universidades con participaci\u00f3n de profesores y estudiantes de primaria y secundaria. Adicional a esto manifiestan que la jornada tiene como objetivo tambi\u00e9n <em>\u201c<\/em><em>Los objetivos fundamentales del acto eran los de protestar por el cierre de la Universidad Nacional y de la de Nari\u00f1o. demandar la reapertura, protestar por el incumplimiento del gobierno en el alza del 20% de los salarios a los maestros y por la vigencia del estatuto docente\u201d.<\/em><\/p>\n<p><strong>Im\u00e1genes: <\/strong>n\/a<\/p>\n<p><strong>INFORMACI\u00d3N ANAL\u00cdTICA<\/strong><\/p>\n<p><strong>Contexto de la noticia:<\/strong> nombran magistrados para corte electoral, revisi\u00f3n del sistema tributario para el agro, gobierno denuncia apropiaci\u00f3n indebida de bald\u00edos, se discute sobre DH en la OEA,<\/p>\n<p><strong>Palabras clave: <\/strong>Paro, Tropel, Polic\u00eda,<\/p>\n<p><strong>Sugerencia de palabras claves: <\/strong>Asociaci\u00f3n Antioque\u00f1a de Profesores de Secundaria.<\/p>\n<p><strong>Observaciones: <\/strong>En la nota se describe brevemente acciones ocurridas en ciudades como Bogot\u00e1, Cali, Bucaramanga, Cartagena y acciones de la Asociaci\u00f3n Antioque\u00f1a de Profesores de Secundaria.<\/p>\n<p><strong>Fecha de diligenciamiento:<\/strong> 21 de febrero\/2019<\/p>\n<h1 style=\"text-align: center;\">***<\/h1>\n<p><strong>N\u00famero de ficha<\/strong>: A201&nbsp;&nbsp;&nbsp;&nbsp;&nbsp;&nbsp;&nbsp;&nbsp;&nbsp;&nbsp;&nbsp;&nbsp;&nbsp;&nbsp;&nbsp;&nbsp;&nbsp;&nbsp;&nbsp;&nbsp;&nbsp;&nbsp;&nbsp;&nbsp;&nbsp;&nbsp;&nbsp;&nbsp;&nbsp;&nbsp;&nbsp;&nbsp;&nbsp;&nbsp;&nbsp;&nbsp;&nbsp;&nbsp;&nbsp;&nbsp;&nbsp;&nbsp;&nbsp;&nbsp;&nbsp;&nbsp;&nbsp;&nbsp;&nbsp;&nbsp;&nbsp;&nbsp;&nbsp;&nbsp;<\/p>\n<p><strong>Diligenciada por: <\/strong>Eberhar Cano Naranjo<\/p>\n<p>INFORMACI\u00d3N BIBLIOGR\u00c1FICA<\/p>\n<p>Peri\u00f3dico: El Colombiano<\/p>\n<p>Lugar de edici\u00f3n: Medell\u00edn<\/p>\n<p>Autor personal: n\/a<\/p>\n<p>Autor corporativo: Equipo Editorial<\/p>\n<p>Fecha: 1977, junio, 13<\/p>\n<p>P\u00e1gina: 1<\/p>\n<p>Secci\u00f3n: n\/a<\/p>\n<p><strong>T\u00edtulo:<\/strong> Receso en la UdeA hasta el pr\u00f3ximo lunes.<\/p>\n<p><strong>Resumen: <\/strong>El Consejo Directivo de la universidad decreta por medio de comunicado un cese de actividades de ocho d\u00edas para gestionar soluciones urgentes ante las dificultades financieras. El comunicado es firmado por el rector Jorge El\u00edas Pel\u00e1ez y la secretaria Martha Cecilia Rivera. La corta noticia hace hincapi\u00e9 en que <em>\u201c<\/em><em>El problema de la situaci\u00f3n econ\u00f3mica de la Universidad de Antioquia sigue siendo delicado, de acuerdo con lo expuesto por el rector al gobernador Jaime Sierra Garc\u00eda, quien ha prometido insistir ante el presidente L\u00f3pez Michelsen y el ministro de Educaci\u00f3n. Rafael Rivas Posada, p ara que se apropien recursos suficientes que garanticen el normal funcionamiento del Alma Mater\u201d.<\/em><\/p>\n<p><strong>Im\u00e1genes: <\/strong>n\/a<\/p>\n<p><strong>INFORMACI\u00d3N ANAL\u00cdTICA<\/strong><\/p>\n<p><strong>Contexto de la noticia:<\/strong> 1500 obreros en huelga de hambre en Tumaco, el conservadurismo coge fuerza a nivel nacional, se inaugura c\u00e1rcel de Bellavista,<\/p>\n<p><strong>Palabras clave: <\/strong>Consejo Directivo, Comunicado, Paro, Rector\u00eda, Pel\u00e1ez, Jorge El\u00edas., Rivera, Martha Cecilia., Gobernador, Sierra, Jaime.,<\/p>\n<p><strong>Sugerencia de palabras claves: <\/strong><\/p>\n<p><strong>Observaciones: <\/strong>Ante estas medidas los profesores trataran de realizar una Asamblea para analizar el cierre. <strong><em>(nota del 15 de junio\/1977. P.2a)<\/em><\/strong><\/p>\n<p><strong>Fecha de diligenciamiento:<\/strong> 21 de febrero\/2019<\/p>\n<h1 style=\"text-align: center;\">***<\/h1>\n<p><strong>N\u00famero de ficha<\/strong>: A202&nbsp; &nbsp; &nbsp; &nbsp; &nbsp; &nbsp; &nbsp; &nbsp; &nbsp; &nbsp; &nbsp; &nbsp; &nbsp; &nbsp; &nbsp; &nbsp; &nbsp; &nbsp; &nbsp; &nbsp; &nbsp; &nbsp; &nbsp; &nbsp; &nbsp; &nbsp; &nbsp; &nbsp;<\/p>\n<p><strong>Diligenciada por:<\/strong> Eberhar Cano Naranjo<\/p>\n<p>INFORMACI\u00d3N BIBLIOGR\u00c1FICA<\/p>\n<p>Peri\u00f3dico: El Colombiano<\/p>\n<p>Lugar de edici\u00f3n: Medell\u00edn<\/p>\n<p>Autor personal: n\/a<\/p>\n<p>Autor corporativo: Equipo Editorial<\/p>\n<p>Fecha: 1977, julio, 27<\/p>\n<p>P\u00e1gina: 2a<\/p>\n<p>Secci\u00f3n: n\/a<\/p>\n<p><strong>T\u00edtulo:<\/strong> Ma\u00f1ana Asamblea de profesores en UdeA<\/p>\n<p><strong>Resumen: <\/strong>El jueves 28 se estar\u00eda convocando por parte de la Acci\u00f3n Sindical de Profesores Universitarios -ASPU- a una Asamblea de Profesores para tomar decisiones frente al Consejo Directivo y sus silencios frente al pronunciamiento sobre la clasificaci\u00f3n de trabajadores oficiales. Esta accionar estuvo cargado de claustro de profesores de distintas facultades y de algunos m\u00edtines al Consejo.<\/p>\n<p><strong>Im\u00e1genes: <\/strong>n\/a<\/p>\n<p><strong>INFORMACI\u00d3N ANAL\u00cdTICA<\/strong><\/p>\n<p><strong>Contexto de la noticia:<\/strong><\/p>\n<p><strong>Palabras clave: <\/strong>Asamblea de Profesores, Consejo Directivo, Claustros, Mitin<\/p>\n<p><strong>Sugerencia de palabras claves: <\/strong>Acci\u00f3n Sindical de Profesores Universitarios ASPU<\/p>\n<p><strong>Observaciones: <\/strong><\/p>\n<p><strong>Fecha de diligenciamiento:<\/strong> 21 de febrero\/2019<\/p>\n<h1 style=\"text-align: center;\">***<\/h1>\n<p><strong>N\u00famero de ficha<\/strong>: A203&nbsp;&nbsp;&nbsp;&nbsp;&nbsp;&nbsp;&nbsp;&nbsp;&nbsp;&nbsp;&nbsp;&nbsp;&nbsp;&nbsp;&nbsp;&nbsp;&nbsp;&nbsp;&nbsp;&nbsp;&nbsp;&nbsp;&nbsp;&nbsp;&nbsp;&nbsp;&nbsp;&nbsp;&nbsp;&nbsp;&nbsp;&nbsp;&nbsp;&nbsp;&nbsp;&nbsp;&nbsp;&nbsp;&nbsp;&nbsp;&nbsp;&nbsp;&nbsp;&nbsp;&nbsp;&nbsp;&nbsp;&nbsp;&nbsp;&nbsp;&nbsp;&nbsp;&nbsp;&nbsp;<\/p>\n<p><strong>Diligenciada por: <\/strong>Eberhar Cano Naranjo<\/p>\n<p>INFORMACI\u00d3N BIBLIOGR\u00c1FICA<\/p>\n<p>Peri\u00f3dico: El Colombiano<\/p>\n<p>Lugar de edici\u00f3n: Medell\u00edn<\/p>\n<p>Autor personal: n\/a<\/p>\n<p>Autor corporativo: Equipo Editorial<\/p>\n<p>Fecha: 1977, agosto, 05<\/p>\n<p>P\u00e1gina: 1<\/p>\n<p>Secci\u00f3n: n\/a<\/p>\n<p><strong>T\u00edtulo:<\/strong> Retenidos 25 Estudiantes<\/p>\n<p><strong>Resumen: <\/strong>Estudiantes del Liceo Antioque\u00f1o fueron detenidos ya que se encontraban cobrando \u201cpeaje\u201d a los veh\u00edculos que transitaban por el sector de Robledo tratando adem\u00e1s de generar des\u00f3rdenes. Los estudiantes ser\u00e1n liberados ma\u00f1ana ya que ninguno supera los 14 a\u00f1os de edad. Sin embargo, se realizar\u00e1n amonestaciones y citas a padres de familia. El Gobernador encargado Antonio Duque \u00c1lvarez inform\u00f3 sobre la informaci\u00f3n y a\u00f1adi\u00f3 que las asambleas conjuntas entre estudiantes de la UdeA y la UN se realizaron de manera pac\u00edfica sin alteraciones.<\/p>\n<p><strong>Im\u00e1genes: <\/strong>n\/a<\/p>\n<p><strong>INFORMACI\u00d3N ANAL\u00cdTICA<\/strong><\/p>\n<p><strong>Contexto de la noticia:<\/strong> Aumento del desempleo en Medell\u00edn, cuerpo c\u00edvico vigila la UN, reuni\u00f3n de mandatarios de 6 pa\u00edses en Bogot\u00e1, nombramiento de jueces en el tribunal,<\/p>\n<p><strong>Palabras clave: <\/strong>Extorsi\u00f3n, Asamblea de Estudiantes, Gobernador, Duque, Antonio.,<\/p>\n<p><strong>Sugerencia de palabras claves: <\/strong><\/p>\n<p><strong>Observaciones: <\/strong><\/p>\n<p><strong>Fecha de diligenciamiento:<\/strong> 21 de febrero\/2019<\/p>\n<h1 style=\"text-align: center;\">***<\/h1>\n<p><strong>N\u00famero de ficha<\/strong>: A204&nbsp;&nbsp;&nbsp;&nbsp;&nbsp;&nbsp;&nbsp;&nbsp;&nbsp;&nbsp;&nbsp;&nbsp;&nbsp;&nbsp;&nbsp;&nbsp;&nbsp;&nbsp;&nbsp;&nbsp;&nbsp;&nbsp;&nbsp;&nbsp;&nbsp;&nbsp;&nbsp;&nbsp;&nbsp;&nbsp;&nbsp;&nbsp;&nbsp;&nbsp;&nbsp;&nbsp;&nbsp;&nbsp;&nbsp;&nbsp;&nbsp;&nbsp;&nbsp;&nbsp;&nbsp;&nbsp;&nbsp;&nbsp;&nbsp;&nbsp;&nbsp;&nbsp;&nbsp;&nbsp;<\/p>\n<p><strong>Diligenciada por: <\/strong>Eberhar Cano Naranjo<\/p>\n<p>INFORMACI\u00d3N BIBLIOGR\u00c1FICA<\/p>\n<p>Peri\u00f3dico: El Colombiano<\/p>\n<p>Lugar de edici\u00f3n: Medell\u00edn<\/p>\n<p>Autor personal: n\/a<\/p>\n<p>Autor corporativo: Equipo Editorial<\/p>\n<p>Fecha: 1977, agosto, 26<\/p>\n<p>P\u00e1gina: 9b<\/p>\n<p>Secci\u00f3n: n\/a<\/p>\n<p><strong>T\u00edtulo:<\/strong> Profesores universitarios se solidarizan con los maestros<\/p>\n<p><strong>Resumen: <\/strong>Con un paro de 48 horas decretado en una asamblea general, los profesores de la UdeA se solidarizan con los maestros de primaria y secundaria y las demandas de asociaciones como ADIDA y PROAS. El secretario de gobierno Antonio Duque \u00c1lvarez inform\u00f3 que la situaci\u00f3n est\u00e1 bajo completa normalidad y que muchas instituciones educativas retomaron clases en Medell\u00edn y el departamento. Desde PROAS se divulg\u00f3 un comunicado invitando a distintos gremios para seguir las demandas, en especial a FECODE.<\/p>\n<p><strong>Im\u00e1genes: <\/strong>n\/a<\/p>\n<p><strong>INFORMACI\u00d3N ANAL\u00cdTICA<\/strong><\/p>\n<p><strong>Contexto de la noticia:<\/strong> militarizada Ecopetrol por paro, abren f\u00e1bricas de cemento, Belisario Betancur en El Colombiano, cr\u00edticas a los fondos educativos, nueva oposici\u00f3n a la constituyente, aumento de salarios agr\u00edcolas.<\/p>\n<p><strong>Palabras clave: <\/strong>Paro, Asamblea de Profesores, Duque, Antonio,<\/p>\n<p><strong>Sugerencia de palabras claves: <\/strong>ADIDA, PROAS, FECODE<\/p>\n<p><strong>Observaciones: <\/strong><\/p>\n<p><strong>Fecha de diligenciamiento:<\/strong> 21 de febrero\/2019<\/p>\n<h1 style=\"text-align: center;\">***<\/h1>\n<p><strong>N\u00famero de ficha<\/strong>: A205&nbsp;&nbsp;&nbsp;&nbsp;&nbsp;&nbsp;&nbsp;&nbsp;&nbsp;&nbsp;&nbsp;&nbsp;&nbsp;&nbsp;&nbsp;&nbsp;&nbsp;&nbsp;&nbsp;&nbsp;&nbsp;&nbsp;&nbsp;&nbsp;&nbsp;&nbsp;&nbsp;&nbsp;&nbsp;&nbsp;&nbsp;&nbsp;&nbsp;&nbsp;&nbsp;&nbsp;&nbsp;&nbsp;&nbsp;&nbsp;&nbsp;&nbsp;&nbsp;&nbsp;&nbsp;&nbsp;&nbsp;&nbsp;&nbsp;&nbsp;&nbsp;&nbsp;&nbsp;&nbsp;<\/p>\n<p><strong>Diligenciada por: Eberhar Cano Naranjo<\/strong><\/p>\n<p>INFORMACI\u00d3N BIBLIOGR\u00c1FICA<\/p>\n<p>Peri\u00f3dico: El Colombiano<\/p>\n<p>Lugar de edici\u00f3n: Medell\u00edn<\/p>\n<p>Autor personal: n\/a<\/p>\n<p>Autor corporativo: Equipo Editorial<\/p>\n<p>Fecha: 1977, septiembre, 06<\/p>\n<p>P\u00e1gina: 12b<\/p>\n<p>Secci\u00f3n: n\/a<\/p>\n<p><strong>T\u00edtulo:<\/strong> Respaldo a maestros y m\u00e9dicos ofreci\u00f3 asamblea de Asduas. Rechazo a proyecto sobre nacionalizaci\u00f3n de la ense\u00f1anza superior<\/p>\n<p><strong>Resumen: <\/strong>Los profesores afiliados a la Asociaci\u00f3n de Docentes manifestaron su apoyo a los m\u00e9dicos en su lucha contra el estatuto docente. Manifestaron que, aunque no est\u00e1n de acuerdo con el paro como medida de acci\u00f3n, no dudan participar en un movimiento que demande al gobierno nacional. Se solidarizaron con los m\u00e9dicos expulsados y con un comunicado rechazan el proyecto de ley de nacionalizaci\u00f3n de la educaci\u00f3n superior.<\/p>\n<p><strong>Im\u00e1genes: <\/strong>n\/a<\/p>\n<p><strong>INFORMACI\u00d3N ANAL\u00cdTICA<\/strong><\/p>\n<p><strong>Contexto de la noticia:<\/strong> Alfonso L\u00f3pez Michelsen asegura que paro c\u00edvico es pol\u00edtico, Se prepara el segundo debate de la constituyente, tensiones entre la USO y Ecopetrol, cerrada la Universidad Pedag\u00f3gica de Tunja, ceremonia de firma de los tratados del Canal de Panam\u00e1<\/p>\n<p><strong>Palabras clave: <\/strong>Paro, Comunicado, Expulsiones,<\/p>\n<p><strong>Sugerencia de palabras claves: <\/strong>Asdua<\/p>\n<p><strong>Observaciones: <\/strong><\/p>\n<p><strong>Fecha de diligenciamiento:<\/strong> 21 de febrero\/2019<\/p>\n<h1 style=\"text-align: center;\">***<\/h1>\n<p><strong>N\u00famero de ficha<\/strong>: A206&nbsp;&nbsp;&nbsp;&nbsp;&nbsp;&nbsp;&nbsp;&nbsp;&nbsp;&nbsp;&nbsp;&nbsp;&nbsp;&nbsp;&nbsp;&nbsp;&nbsp;&nbsp;&nbsp;&nbsp;&nbsp;&nbsp;&nbsp;&nbsp;&nbsp;&nbsp;&nbsp;&nbsp;&nbsp;&nbsp;&nbsp;&nbsp;&nbsp;&nbsp;&nbsp;&nbsp;&nbsp;&nbsp;&nbsp;&nbsp;&nbsp;&nbsp;&nbsp;&nbsp;&nbsp;&nbsp;&nbsp;&nbsp;&nbsp;&nbsp;&nbsp;&nbsp;&nbsp;&nbsp;<\/p>\n<p><strong>Diligenciada por: Eberhar Cano Naranjo<\/strong><\/p>\n<p>INFORMACI\u00d3N BIBLIOGR\u00c1FICA<\/p>\n<p>Peri\u00f3dico: El Colombiano<\/p>\n<p>Lugar de edici\u00f3n: Medell\u00edn<\/p>\n<p>Autor personal: n\/a<\/p>\n<p>Autor corporativo: Equipo Editorial<\/p>\n<p>Fecha: 1977, septiembre, 07<\/p>\n<p>P\u00e1gina: 12b<\/p>\n<p>Secci\u00f3n: n\/a<\/p>\n<p><strong>T\u00edtulo:<\/strong> Estudiantes rechazan paro c\u00edvico<\/p>\n<p><strong>Resumen: <\/strong>La Asamblea de Estudiantes de la UdeA rechaza el paro c\u00edvico nacional convocado por las distintas centrales obreras, aludiendo a que es una medida meramente electorera. En la misma sesi\u00f3n asamblearia se dio el apoyo a las demandas de Fecode con un paro de 24 horas. Al finalizar la sesi\u00f3n se presentaron disturbios a las afueras del campus donde se quem\u00f3 un veh\u00edculo de las EE.PP. La gobernaci\u00f3n informo que tras los sucesos se detuvieron 64 personas entre estudiantes y profesores y algunos empleados p\u00fablicos. Las autoridades de polic\u00eda pidieron a los veh\u00edculos oficiales abstenerse de circular por la zona universitaria y ejercieron fuertes controles a las afueras del campus.<\/p>\n<p><strong>Im\u00e1genes: <\/strong>IMG A206 (a) Piquete de polic\u00eda.<\/p>\n<p><strong>INFORMACI\u00d3N ANAL\u00cdTICA<\/strong><\/p>\n<p><strong>Contexto de la noticia:<\/strong> Centrales obreras confirman paro, se firma nuevo acuerdo sobre el Canal de Panam\u00e1, Toque de queda en Barrancabermeja, en Medell\u00edn comienza el IV Congreso de Claptur, crisis en la pol\u00edtica fiscal, comienza nuevo trato entre EE.UU y Am\u00e9rica Latina<\/p>\n<p><strong>Palabras clave: <\/strong>Asamblea de Estudiantes, Paro, Da\u00f1o a bienes civiles, Tropel, Polic\u00eda, Militarizaci\u00f3n de la universidad.<\/p>\n<p><strong>Sugerencia de palabras claves: <\/strong>Fecode<\/p>\n<p><strong>Observaciones: <\/strong><\/p>\n<p><strong>Fecha de diligenciamiento:<\/strong> 21 de febrero\/2019<\/p>\n<h1 style=\"text-align: center;\">***<\/h1>\n<p><strong>N\u00famero de ficha<\/strong>: A207&nbsp;&nbsp;&nbsp;&nbsp;&nbsp;&nbsp;&nbsp;&nbsp;&nbsp;&nbsp;&nbsp;&nbsp;&nbsp;&nbsp;&nbsp;&nbsp;&nbsp;&nbsp;&nbsp;&nbsp;&nbsp;&nbsp;&nbsp;&nbsp;&nbsp;&nbsp;&nbsp;&nbsp;&nbsp;&nbsp;&nbsp;&nbsp;&nbsp;&nbsp;&nbsp;&nbsp;&nbsp;&nbsp;&nbsp;&nbsp;&nbsp;&nbsp;&nbsp;&nbsp;&nbsp;&nbsp;&nbsp;&nbsp;&nbsp;&nbsp;&nbsp;&nbsp;&nbsp;&nbsp;<\/p>\n<p><strong>Diligenciada por: <\/strong>Eberhar Cano Naranjo<\/p>\n<p>INFORMACI\u00d3N BIBLIOGR\u00c1FICA<\/p>\n<p>Peri\u00f3dico: El Colombiano<\/p>\n<p>Lugar de edici\u00f3n: Medell\u00edn<\/p>\n<p>Autor personal: n\/a<\/p>\n<p>Autor corporativo: Equipo Editorial<\/p>\n<p>Fecha: 1977, septiembre, 16<\/p>\n<p>P\u00e1gina: 1 y 12b<\/p>\n<p>Secci\u00f3n: n\/a<\/p>\n<p><strong>T\u00edtulo:<\/strong> Estudiantes promovieron escaramuzas callejeras<\/p>\n<p><strong>Resumen: <\/strong>Medell\u00edn fue escenario de protestas y pedreas en el Liceo Antioque\u00f1o y la Universidad de Antioquia, quienes se manifestaron violentamente por la presencia de la fuerza p\u00fablica en las afueras de los predios. En las refriegas hubo detenidos y heridos de la polic\u00eda y los estudiantes. Se desminti\u00f3 un rumor de que un estudiante hab\u00eda muerto, pero si se investiga una serie de disparos que ocurrieron en medio de la protesta ya que sali\u00f3 herida la joven Mercedes Chica Colorado. Los estudiantes del Liceo fueron controlados por la polic\u00eda, pero lograron ingresar a las instalaciones de la universidad para refugiarse y continuar la manifestaci\u00f3n con cierre de v\u00edas incluido.<\/p>\n<p><strong>Im\u00e1genes: <\/strong>IMG A207 (a\u2026c) Tomas del tropel.<\/p>\n<p><strong>INFORMACI\u00d3N ANAL\u00cdTICA<\/strong><\/p>\n<p><strong>Contexto de la noticia:<\/strong> Embajador de EE.UU en Colombia, Belisario de visita en Antioquia, Nueva ley electoral, cr\u00e9ditos de fomento para la industria, toque de queda en Barranquilla, FF.AA retoman control del orden p\u00fablico en el pa\u00eds<\/p>\n<p><strong>Palabras clave: <\/strong>Pedreas, Tropel, Polic\u00eda, Militarizaci\u00f3n de la universidad, Detenidos,<\/p>\n<p><strong>Sugerencia de palabras claves: <\/strong>Liceo Antioque\u00f1o,<\/p>\n<p><strong>Observaciones: <\/strong><\/p>\n<p><strong>Fecha de diligenciamiento:<\/strong> 21 de febrero\/2019<\/p>\n<h1 style=\"text-align: center;\">***<\/h1>\n<p><strong>N\u00famero de ficha<\/strong>: A208&nbsp;&nbsp;&nbsp;&nbsp;&nbsp;&nbsp;&nbsp;&nbsp;&nbsp;&nbsp;&nbsp;&nbsp;&nbsp;&nbsp;&nbsp;&nbsp;&nbsp;&nbsp;&nbsp;&nbsp;&nbsp;&nbsp;&nbsp;&nbsp;&nbsp;&nbsp;&nbsp;&nbsp;&nbsp;&nbsp;&nbsp;&nbsp;&nbsp;&nbsp;&nbsp;&nbsp;&nbsp;&nbsp;&nbsp;&nbsp;&nbsp;&nbsp;&nbsp;&nbsp;&nbsp;&nbsp;&nbsp;&nbsp;&nbsp;&nbsp;&nbsp;&nbsp;&nbsp;&nbsp;<\/p>\n<p><strong>Diligenciada por: <\/strong>Eberhar Cano Naranjo<\/p>\n<p>INFORMACI\u00d3N BIBLIOGR\u00c1FICA<\/p>\n<p>Peri\u00f3dico: El Colombiano<\/p>\n<p>Lugar de edici\u00f3n: Medell\u00edn<\/p>\n<p>Autor personal: n\/a<\/p>\n<p>Autor corporativo: Equipo Editorial<\/p>\n<p>Fecha: 1977, septiembre, 28<\/p>\n<p>P\u00e1gina: 1<\/p>\n<p>Secci\u00f3n: n\/a<\/p>\n<p><strong>T\u00edtulo:<\/strong> Paro de 48 horas en la UdeA<\/p>\n<p><strong>Resumen: <\/strong>Se decreta nuevo paro de estudiantes luego de que la asamblea decretara solidaridad con los profesores de Fecode y sus demandas adem\u00e1s de los malos manejos por parte del gobierno con al problema financiero de la universidad. Al final de la asamblea se presentaron algunos desmanes, pero sin gravedad.<\/p>\n<p><strong>Im\u00e1genes: <\/strong>n\/a<\/p>\n<p><strong>INFORMACI\u00d3N ANAL\u00cdTICA<\/strong><\/p>\n<p><strong>Contexto de la noticia:<\/strong> debates sobre la red el\u00e9ctrica en el pa\u00eds, mensajes de Pablo VI, crisis hospitalaria en el pa\u00eds, reajuste del salario m\u00ednimo, muertes tr\u00e1gicas en Medell\u00edn por violencia.<\/p>\n<p><strong>Palabras clave: <\/strong>Paro, Asamblea de Estudiantes,<\/p>\n<p><strong>Sugerencia de palabras claves: <\/strong>Fecode<\/p>\n<p><strong>Observaciones:<\/strong><\/p>\n<p><strong>Fecha de diligenciamiento:<\/strong> 21 de febrero\/2019<\/p>\n<h1 style=\"text-align: center;\">***<\/h1>\n<p><strong>N\u00famero de ficha<\/strong>: A209&nbsp;&nbsp;&nbsp;&nbsp;&nbsp;&nbsp;&nbsp;&nbsp;&nbsp;&nbsp;&nbsp;&nbsp;&nbsp;&nbsp;&nbsp;&nbsp;&nbsp;&nbsp;&nbsp;&nbsp;&nbsp;&nbsp;&nbsp;&nbsp;&nbsp;&nbsp;&nbsp;&nbsp;&nbsp;&nbsp;&nbsp;&nbsp;&nbsp;&nbsp;&nbsp;&nbsp;&nbsp;&nbsp;&nbsp;&nbsp;&nbsp;&nbsp;&nbsp;&nbsp;&nbsp;&nbsp;&nbsp;&nbsp;&nbsp;&nbsp;&nbsp;&nbsp;&nbsp;&nbsp;<\/p>\n<p><strong>Diligenciada por: <\/strong>Eberhar Cano Naranjo<\/p>\n<p>INFORMACI\u00d3N BIBLIOGR\u00c1FICA<\/p>\n<p>Peri\u00f3dico: El Colombiano<\/p>\n<p>Lugar de edici\u00f3n: Medell\u00edn<\/p>\n<p>Autor personal: n\/a<\/p>\n<p>Autor corporativo: Equipo Editorial<\/p>\n<p>Fecha: 1977, septiembre, 30<\/p>\n<p>P\u00e1gina: 1 y 5b<\/p>\n<p>Secci\u00f3n: n\/a<\/p>\n<p><strong>T\u00edtulo:<\/strong> Solo hasta octubre podr\u00eda funcionar la UdeA<\/p>\n<p><strong>Resumen: <\/strong>La conclusi\u00f3n de la sesi\u00f3n llevada a cabo por el Consejo Directivo de la UdeA es contundente y se refiere a la grave crisis financiera y los recursos faltantes para poder terminar el a\u00f1o. Los escasos recursos solo permiten funcionar hasta octubre, por lo que se puede avecinar un cierre inminente si no hay una soluci\u00f3n real. La dram\u00e1tica conclusi\u00f3n sigue generando comisiones para tratar de viabilizar los requerimientos. Por su parte los estudiantes siguen en paro y adelantando jornadas de movilizaci\u00f3n y apoyo a otros gremios estudiantiles.&nbsp;<\/p>\n<p><strong>Im\u00e1genes: <\/strong>n\/a<\/p>\n<p><strong>INFORMACI\u00d3N ANAL\u00cdTICA<\/strong><\/p>\n<p><strong>Contexto de la noticia:<\/strong> Directorio conservador piden pena de muerte en la ley, pliego de peticiones construye la ANDI, debates entre Turbay y Lleras, estudian reformas de educaci\u00f3n superior, aprueban presupuesto para obras sanitarias en la ruralidad, Catalu\u00f1a en huelga&nbsp; &nbsp; &nbsp; &nbsp; &nbsp;&nbsp;<\/p>\n<p><strong>Palabras clave: <\/strong>Consejo Directivo, Paro, Movilizaci\u00f3n Social<\/p>\n<p><strong>Sugerencia de palabras claves: <\/strong><\/p>\n<p><strong>Observaciones: <\/strong><\/p>\n<p><strong>Fecha de diligenciamiento:<\/strong> 21 de febrero\/2019<\/p>\n<h1 style=\"text-align: center;\">***<\/h1>\n<p><strong>N\u00famero de ficha<\/strong>: A210&nbsp;&nbsp;&nbsp;&nbsp;&nbsp;&nbsp;&nbsp;&nbsp;&nbsp;&nbsp;&nbsp;&nbsp;&nbsp;&nbsp;&nbsp;&nbsp;&nbsp;&nbsp;&nbsp;&nbsp;&nbsp;&nbsp;&nbsp;&nbsp;&nbsp;&nbsp;&nbsp;&nbsp;&nbsp;&nbsp;&nbsp;&nbsp;&nbsp;&nbsp;&nbsp;&nbsp;&nbsp;&nbsp;&nbsp;&nbsp;&nbsp;&nbsp;&nbsp;&nbsp;&nbsp;&nbsp;&nbsp;&nbsp;&nbsp;&nbsp;&nbsp;&nbsp;&nbsp;&nbsp;<\/p>\n<p><strong>Diligenciada por: <\/strong>Eberhar Cano Naranjo<\/p>\n<p>INFORMACI\u00d3N BIBLIOGR\u00c1FICA<\/p>\n<p>Peri\u00f3dico: El Colombiano<\/p>\n<p>Lugar de edici\u00f3n: Medell\u00edn<\/p>\n<p>Autor personal: n\/a<\/p>\n<p>Autor corporativo: Equipo Editorial<\/p>\n<p>Fecha: 1977, diciembre, 10<\/p>\n<p>P\u00e1gina: 13b<\/p>\n<p>Secci\u00f3n: n\/a<\/p>\n<p><strong>T\u00edtulo:<\/strong> Destituidos 8 t\u00e9cnicos de laboratorio en UdeA<\/p>\n<p><strong>Resumen: <\/strong>Por desacato a las ordenes laborales, fueron destituidos 8 t\u00e9cnicos de laboratorio de qu\u00edmica. La decisi\u00f3n provoc\u00f3 m\u00edtines y de versiones que las directivas no comparten, argumentando que ninguno ten\u00eda categor\u00eda de docente y solo ten\u00edan relaci\u00f3n con la universidad de tipo laboral. Para ello, el Consejo redact\u00f3 un comunicado explicando la vinculaci\u00f3n laboral de los t\u00e9cnicos y la normatividad bajo la cual se reg\u00edan.<\/p>\n<p><strong>Im\u00e1genes: <\/strong>n\/a<\/p>\n<p><strong>INFORMACI\u00d3N ANAL\u00cdTICA<\/strong><\/p>\n<p><strong>Contexto de la noticia:<\/strong> inversiones del BID en el oriente Antioque\u00f1o, se clausura la conferencia cafetera, aumentan las reservas de carb\u00f3n en el pa\u00eds<\/p>\n<p><strong>Palabras clave: <\/strong>Consejo Directivo, Expulsiones, Mitin<\/p>\n<p><strong>Sugerencia de palabras claves: <\/strong><\/p>\n<p><strong>Observaciones: <\/strong><\/p>\n<p><strong>Fecha de diligenciamiento:<\/strong> 21 de febrero\/2019<\/p>\n<h1 style=\"text-align: center;\">***<\/h1>\n<p><strong>N\u00famero de ficha<\/strong>: A211&nbsp;&nbsp;&nbsp;&nbsp;&nbsp;&nbsp;&nbsp;&nbsp;&nbsp;&nbsp;&nbsp;&nbsp;&nbsp;&nbsp;&nbsp;&nbsp;&nbsp;&nbsp;&nbsp;&nbsp;&nbsp;&nbsp;&nbsp;&nbsp;&nbsp;&nbsp;&nbsp;&nbsp;&nbsp;&nbsp;&nbsp;&nbsp;&nbsp;&nbsp;&nbsp;&nbsp;&nbsp;&nbsp;&nbsp;&nbsp;&nbsp;&nbsp;&nbsp;&nbsp;&nbsp;&nbsp;&nbsp;&nbsp;&nbsp;&nbsp;&nbsp;&nbsp;&nbsp;&nbsp;<\/p>\n<p><strong>Diligenciada por: <\/strong>Eberhar Cano Naranjo<\/p>\n<p>INFORMACI\u00d3N BIBLIOGR\u00c1FICA<\/p>\n<p>Peri\u00f3dico: El Colombiano<\/p>\n<p>Lugar de edici\u00f3n: Medell\u00edn<\/p>\n<p>Autor personal: n\/a<\/p>\n<p>Autor corporativo: Equipo Editorial<\/p>\n<p>Fecha: 1977, diciembre, 21<\/p>\n<p>P\u00e1gina: 1 y 4b<\/p>\n<p>Secci\u00f3n: n\/a<\/p>\n<p><strong>T\u00edtulo:<\/strong> Rector de la UdeA contra presiones de los profesores<\/p>\n<p><strong>Resumen: <\/strong>El rector encargado Eliseo Moreno Pareja, rechaz\u00f3 enf\u00e1ticamente las acusaciones hechas por parte de la Asociaci\u00f3n de Profesores frente al manejo que se le ha dado a la crisis financiera, las medidas tomadas con el estatuto docente, las expulsiones a los t\u00e9cnicos de laboratorio y las dem\u00e1s demandas que han suscitado los profesores. En un documento el directivo aclara situaciones que se han abordado con la crisis como los detalles del estatuto docente y su implementaci\u00f3n y rechaza la decisi\u00f3n de los profesores de no realizar las pruebas evaluativas y retener las notas de los estudiantes.<\/p>\n<p><strong>Im\u00e1genes: <\/strong>n\/a<\/p>\n<p><strong>INFORMACI\u00d3N ANAL\u00cdTICA<\/strong><\/p>\n<p><strong>Contexto de la noticia:<\/strong> Crean consejo nacional de recursos humanos para salud, expiden estatuto de productividad agr\u00edcola, se posesiona el nuevo presidente del ICT, capturas a miembros del EPL, proponen extender el mapa educativo por todo el pa\u00eds,<\/p>\n<p><strong>Palabras clave: <\/strong>Rector\u00eda, Moreno, Eliseo., Asociaci\u00f3n de Profesores, Consejo Directivo, Comunicado<\/p>\n<p><strong>Sugerencia de palabras claves: <\/strong><\/p>\n<p><strong>Observaciones: <\/strong><\/p>\n<p><strong>Fecha de diligenciamiento:<\/strong> 21 de febrero\/2019<\/p>\n<h1 style=\"text-align: center;\">***<\/h1>\n<p><strong>N\u00famero de ficha<\/strong>: A212&nbsp;&nbsp;&nbsp;&nbsp;&nbsp;&nbsp;&nbsp;&nbsp;&nbsp;&nbsp;&nbsp;&nbsp;&nbsp;&nbsp;&nbsp;&nbsp;&nbsp;&nbsp;&nbsp;&nbsp;&nbsp;&nbsp;&nbsp;&nbsp;&nbsp;&nbsp;&nbsp;&nbsp;&nbsp;&nbsp;&nbsp;&nbsp;&nbsp;&nbsp;&nbsp;&nbsp;&nbsp;&nbsp;&nbsp;&nbsp;&nbsp;&nbsp;&nbsp;&nbsp;&nbsp;&nbsp;&nbsp;&nbsp;&nbsp;&nbsp;&nbsp;&nbsp;&nbsp;&nbsp;<\/p>\n<p><strong>Diligenciada por:<\/strong> Eberhar Cano Naranjo<\/p>\n<p>INFORMACI\u00d3N BIBLIOGR\u00c1FICA<\/p>\n<p>Peri\u00f3dico: El Colombiano<\/p>\n<p>Lugar de edici\u00f3n: Medell\u00edn<\/p>\n<p>Autor personal: Jos\u00e9 Jaramillo \u00c1lzate<\/p>\n<p>Autor corporativo: n\/a<\/p>\n<p>Fecha: 1977, diciembre, 31<\/p>\n<p>P\u00e1gina: 28<\/p>\n<p>Secci\u00f3n: n\/a<\/p>\n<p><strong>T\u00edtulo:<\/strong> Un solo semestre \u201caprob\u00f3\u201d la universidad<\/p>\n<p><strong>Resumen: <\/strong>En un art\u00edculo de opini\u00f3n, el autor se\u00f1ala a modo de an\u00e1lisis sobre la crisis universitaria nacional varios puntos caracter\u00edsticos de lo que se evidenci\u00f3 en el a\u00f1o con las universidades p\u00fablicas. Para el caso de la UdeA, hace alusi\u00f3n a que a causa principal de la crisis es la mala administraci\u00f3n y ejecuci\u00f3n de planes administrativos de sus directivas y la beligerancia e indiferencia con que act\u00faan los distintos grupos de extremistas que conviven en la universidad. Cuestiona las acciones de bloqueos acad\u00e9micos y administrativos a la luz de la buena voluntad del rector Jorge El\u00edas Pel\u00e1ez y su posterior renuncia. Reconoce el papel del Sindicato de profesores que con sus demandas ayud\u00f3 a conseguir algunos recursos para tratar de desahogar la universidad. Adicional, en la nota se mencionan algunas l\u00edneas sobre la dura situaci\u00f3n de la UN, el Estatuto Docente y el papel de Fecode y la conmemoraci\u00f3n de los 150 a\u00f1os de la facultad de Derecho de la UdeA.<\/p>\n<p><strong>Im\u00e1genes: <\/strong>n\/a<\/p>\n<p><strong>INFORMACI\u00d3N ANAL\u00cdTICA<\/strong><\/p>\n<p><strong>Contexto de la noticia:<\/strong> Comienza gira del presidente Carter, Urab\u00e1 como zona del conflicto en Antioquia, alzas en la gasolina, paro de taxistas.<\/p>\n<p><strong>Palabras clave: <\/strong>Consejo Directivo,<\/p>\n<p><strong>Sugerencia de palabras claves: <\/strong><\/p>\n<p><strong>Observaciones: <\/strong><\/p>\n<p><strong>Fecha de diligenciamiento:<\/strong> 21 de febrero\/2019<\/p>\n<h1 style=\"text-align: center;\">***<\/h1>\n<p><strong>N\u00famero de ficha<\/strong>: A213&nbsp;&nbsp;&nbsp;&nbsp;&nbsp;&nbsp;&nbsp;&nbsp;&nbsp;&nbsp;&nbsp;&nbsp;&nbsp;&nbsp;&nbsp;&nbsp;&nbsp;&nbsp;&nbsp;&nbsp;&nbsp;&nbsp;&nbsp;&nbsp;&nbsp;&nbsp;&nbsp;&nbsp;&nbsp;&nbsp;&nbsp;&nbsp;&nbsp;&nbsp;&nbsp;&nbsp;&nbsp;&nbsp;&nbsp;&nbsp;&nbsp;&nbsp;&nbsp;&nbsp;&nbsp;&nbsp;&nbsp;&nbsp;&nbsp;&nbsp;&nbsp;&nbsp;&nbsp;&nbsp;<\/p>\n<p><strong>Diligenciada por:<\/strong> Eberhar Cano Naranjo<\/p>\n<p>INFORMACI\u00d3N BIBLIOGR\u00c1FICA<\/p>\n<p>Peri\u00f3dico: El Colombiano<\/p>\n<p>Lugar de edici\u00f3n: Medell\u00edn<\/p>\n<p>Autor personal: n\/a<\/p>\n<p>Autor corporativo: Equipo Editorial<\/p>\n<p>Fecha: 1978, enero, 25<\/p>\n<p>P\u00e1gina: 4a<\/p>\n<p>Secci\u00f3n: n\/a<\/p>\n<p><strong>T\u00edtulo:<\/strong> En UdeA: No asistir a ex\u00e1menes ratifican profesores.<\/p>\n<p><strong>Resumen: <\/strong>Profesores de la UdeA decidieron mantener la decisi\u00f3n de no realizar actividades evaluativas hasta que no se resuelva lo de los t\u00e9cnicos de laboratorio expulsados. Adem\u00e1s, en una fracasada asamblea se menciona la pronta reuni\u00f3n con el Consejo Directivo sobre temas de financiaci\u00f3n.<\/p>\n<p><strong>Im\u00e1genes: <\/strong>n\/a<\/p>\n<p><strong>INFORMACI\u00d3N ANAL\u00cdTICA<\/strong><\/p>\n<p><strong>Contexto de la noticia:<\/strong> ser\u00e1 militarizado el pa\u00eds por debate electoral, protestas de taxistas, censo antropol\u00f3gico, entr\u00f3 en vigencia el nuevo estatuto estudiantil, se instala el curso de pre-escolar en el pa\u00eds, piden renuncia de Somoza en Nicaragua<\/p>\n<p><strong>Palabras clave: <\/strong>Paro, Asociaci\u00f3n de Profesores, Consejo Directivo, Expulsiones.<\/p>\n<p><strong>Sugerencia de palabras claves: <\/strong><\/p>\n<p><strong>Observaciones: <\/strong><\/p>\n<p><strong>Fecha de diligenciamiento:<\/strong> 28 de febrero\/2019<\/p>\n<h1 style=\"text-align: center;\">***<\/h1>\n<p><strong>N\u00famero de ficha<\/strong>: A214&nbsp;&nbsp;&nbsp;&nbsp;&nbsp;&nbsp;&nbsp;&nbsp;&nbsp;&nbsp;&nbsp;&nbsp;&nbsp;&nbsp;&nbsp;&nbsp;&nbsp;&nbsp;&nbsp;&nbsp;&nbsp;&nbsp;&nbsp;&nbsp;&nbsp;&nbsp;&nbsp;&nbsp;&nbsp;&nbsp;&nbsp;&nbsp;&nbsp;&nbsp;&nbsp;&nbsp;&nbsp;&nbsp;&nbsp;&nbsp;&nbsp;&nbsp;&nbsp;&nbsp;&nbsp;&nbsp;&nbsp;&nbsp;&nbsp;&nbsp;&nbsp;&nbsp;&nbsp;&nbsp;<\/p>\n<p><strong>Diligenciada por:<\/strong> Eberhar Cano Naranjo<\/p>\n<p>INFORMACI\u00d3N BIBLIOGR\u00c1FICA<\/p>\n<p>Peri\u00f3dico: El Colombiano<\/p>\n<p>Lugar de edici\u00f3n: Medell\u00edn<\/p>\n<p>Autor personal: n\/a<\/p>\n<p>Autor corporativo: Equipo Editorial<\/p>\n<p>Fecha: 1978, febrero, 23<\/p>\n<p>P\u00e1gina: 13a<\/p>\n<p>Secci\u00f3n: n\/a<\/p>\n<p><strong>T\u00edtulo:<\/strong> Quemados dos veh\u00edculos en predios universitarios<\/p>\n<p><strong>Resumen: <\/strong>En la U. Nacional y la UdeA se quemaron dos veh\u00edculos. Los manifestantes arrojaron petardos en las afueras de las universidades.<\/p>\n<p><strong>Im\u00e1genes: <\/strong>n\/a<\/p>\n<p><strong>INFORMACI\u00d3N ANAL\u00cdTICA<\/strong><\/p>\n<p><strong>Contexto de la noticia:<\/strong> Crisis en municipios del Oriente, se invierte en equipos para la Aduana, se proponen inversiones del ICT, violencia estudiantil en caracas, disturbios en Nicaragua, Bombas de neutrones en la batalla nuclear, encuesta de abstenci\u00f3n electoral.<\/p>\n<p><strong>Palabras clave: <\/strong>Da\u00f1o a bienes civiles, Uso de Petardos y Explosivos, Disturbios<\/p>\n<p><strong>Sugerencia de palabras claves: <\/strong><\/p>\n<p><strong>Observaciones: <\/strong><\/p>\n<p><strong>Fecha de diligenciamiento:<\/strong> 28 de febrero\/2019<\/p>\n<h1 style=\"text-align: center;\">***<\/h1>\n<p><strong>N\u00famero de ficha<\/strong>: A215&nbsp;&nbsp;&nbsp;&nbsp;&nbsp;&nbsp;&nbsp;&nbsp;&nbsp;&nbsp;&nbsp;&nbsp;&nbsp;&nbsp;&nbsp;&nbsp;&nbsp;&nbsp;&nbsp;&nbsp;&nbsp;&nbsp;&nbsp;&nbsp;&nbsp;&nbsp;&nbsp;&nbsp;&nbsp;&nbsp;&nbsp;&nbsp;&nbsp;&nbsp;&nbsp;&nbsp;&nbsp;&nbsp;&nbsp;&nbsp;&nbsp;&nbsp;&nbsp;&nbsp;&nbsp;&nbsp;&nbsp;&nbsp;&nbsp;&nbsp;&nbsp;&nbsp;&nbsp;&nbsp;<\/p>\n<p><strong>Diligenciada por: <\/strong>Eberhar Cano Naranjo<\/p>\n<p>INFORMACI\u00d3N BIBLIOGR\u00c1FICA<\/p>\n<p>Peri\u00f3dico: El Colombiano<\/p>\n<p>Lugar de edici\u00f3n: Medell\u00edn<\/p>\n<p>Autor personal: n\/a<\/p>\n<p>Autor corporativo: Equipo Editorial<\/p>\n<p>Fecha: 1978, marzo, 02<\/p>\n<p>P\u00e1gina: 12b<\/p>\n<p>Secci\u00f3n: n\/a<\/p>\n<p><strong>T\u00edtulo:<\/strong> Bomba de escaso poder estall\u00f3 ayer en UdeA<\/p>\n<p><strong>Resumen: <\/strong>En el departamento de Matem\u00e1ticas explot\u00f3 una bomba de bajo poder obstaculizando la realizaci\u00f3n de actividades acad\u00e9micas y de ex\u00e1menes que ven\u00edan cumpli\u00e9ndose en el transcurso de la semana por decisi\u00f3n del Consejo Directivo. La bomba gener\u00f3 zozobra y no caus\u00f3 da\u00f1os mayores. Seg\u00fan informaciones el responsable est\u00e1 identificado y se reconoce como uno de los agitadores m\u00e1s extremistas de la universidad y es oriundo de la costa.<\/p>\n<p><strong>Im\u00e1genes: <\/strong>n\/a<\/p>\n<p><strong>INFORMACI\u00d3N ANAL\u00cdTICA<\/strong><\/p>\n<p><strong>Contexto de la noticia:<\/strong> Mayor\u00eda Belisarista en Colombia, aumenta crisis en Nicaragua, la Anapo opina sobre elecciones, se elige consejo en Medell\u00edn,<\/p>\n<p><strong>Palabras clave: <\/strong>Uso de Petardos y Explosivos, Consejo Directivo<\/p>\n<p><strong>Sugerencia de palabras claves: <\/strong><\/p>\n<p><strong>Observaciones: <\/strong><\/p>\n<p><strong>Fecha de diligenciamiento:<\/strong> 28 de febrero\/2019<\/p>\n<h1 style=\"text-align: center;\">***<\/h1>\n<p><strong>N\u00famero de ficha<\/strong>: A216&nbsp;&nbsp;&nbsp;&nbsp;&nbsp;&nbsp;&nbsp;&nbsp;&nbsp;&nbsp;&nbsp;&nbsp;&nbsp;&nbsp;&nbsp;&nbsp;&nbsp;&nbsp;&nbsp;&nbsp;&nbsp;&nbsp;&nbsp;&nbsp;&nbsp;&nbsp;&nbsp;&nbsp;&nbsp;&nbsp;&nbsp;&nbsp;&nbsp;&nbsp;&nbsp;&nbsp;&nbsp;&nbsp;&nbsp;&nbsp;&nbsp;&nbsp;&nbsp;&nbsp;&nbsp;&nbsp;&nbsp;&nbsp;&nbsp;&nbsp;&nbsp;&nbsp;&nbsp;&nbsp;<\/p>\n<p><strong>Diligenciada por: <\/strong>Eberhar Cano Naranjo<\/p>\n<p>INFORMACI\u00d3N BIBLIOGR\u00c1FICA<\/p>\n<p>Peri\u00f3dico: El Colombiano<\/p>\n<p>Lugar de edici\u00f3n: Medell\u00edn<\/p>\n<p>Autor personal: n\/a<\/p>\n<p>Autor corporativo: Equipo Editorial<\/p>\n<p>Fecha: 1978, mayo, 06<\/p>\n<p>P\u00e1gina: 1 y 14a<\/p>\n<p>Secci\u00f3n: n\/a<\/p>\n<p><strong>T\u00edtulo:<\/strong> Estudiantes incendiaron un bus<\/p>\n<p><strong>Resumen: <\/strong>En modo de protesta por las altas tarifas en el trasporte p\u00fablico, estudiantes de la UdeA quemaron ayer un bus en las afueras del campus. Los estudiantes utilizaron bombas al interior del bus luego de que lo desalojaran sus pasajeros. Altos mandos de la Polic\u00eda y el Ej\u00e9rcito decidieron tomar medidas preventivas y realizar patrullajes alrededor de la universidad constantemente. Las directivas investigar\u00e1n y pondr\u00e1n en disposici\u00f3n de la IV Brigada los culpables.<\/p>\n<p><strong>Im\u00e1genes: <\/strong>IMG A216 (a). Bus incinerado<\/p>\n<p><strong>INFORMACI\u00d3N ANAL\u00cdTICA<\/strong><\/p>\n<p><strong>Contexto de la noticia:<\/strong> Cae la propuesta de constituyente, pan de vivienda del OCT en Niqu\u00eda, Valencia Tovar opina sobre la salud en Colombia, Crisis en el gabinete municipal, aumento en el consto de vida plantea el DANE.<\/p>\n<p><strong>Palabras clave: <\/strong>Da\u00f1o a bienes civiles, Uso de Petardos y Explosivos, Polic\u00eda, Ejercito, Militarizaci\u00f3n de la universidad, Consejo Directivo<\/p>\n<p><strong>Sugerencia de palabras claves: <\/strong><\/p>\n<p><strong>Observaciones: <\/strong><\/p>\n<p><strong>Fecha de diligenciamiento:<\/strong> 28 de febrero\/2019<\/p>\n<h1 style=\"text-align: center;\">***<\/h1>\n<p><strong>N\u00famero de ficha<\/strong>: A217&nbsp;&nbsp;&nbsp;&nbsp;&nbsp;&nbsp;&nbsp;&nbsp;&nbsp;&nbsp;&nbsp;&nbsp;&nbsp;&nbsp;&nbsp;&nbsp;&nbsp;&nbsp;&nbsp;&nbsp;&nbsp;&nbsp;&nbsp;&nbsp;&nbsp;&nbsp;&nbsp;&nbsp;&nbsp;&nbsp;&nbsp;&nbsp;&nbsp;&nbsp;&nbsp;&nbsp;&nbsp;&nbsp;&nbsp;&nbsp;&nbsp;&nbsp;&nbsp;&nbsp;&nbsp;&nbsp;&nbsp;&nbsp;&nbsp;&nbsp;&nbsp;&nbsp;&nbsp;&nbsp;<\/p>\n<p><strong>Diligenciada por: <\/strong>Eberhar Cano Naranjo<\/p>\n<p>INFORMACI\u00d3N BIBLIOGR\u00c1FICA<\/p>\n<p>Peri\u00f3dico: El Colombiano<\/p>\n<p>Lugar de edici\u00f3n: Medell\u00edn<\/p>\n<p>Autor personal: Pedro Nel C\u00f3rdoba<\/p>\n<p>Autor corporativo: n\/a<\/p>\n<p>Fecha: 1978, mayo, 10<\/p>\n<p>P\u00e1gina: 16b<\/p>\n<p>Secci\u00f3n: n\/a<\/p>\n<p><strong>T\u00edtulo:<\/strong> 20 agentes heridos durante disturbios estudiantiles<\/p>\n<p><strong>Resumen: <\/strong>Estudiantes del Liceo Antioque\u00f1o y el Pascual Bravo protagonizaron pedreas y disturbios que dejaron varios estudiantes detenidos y algunos agentes heridos. En el transcurso del d\u00eda se dar\u00e1 libertad a los detenidos, pero se aplicar\u00e1n sanciones policivas. Las directivas de ambas instituciones plantearon que los culpables de los da\u00f1os en las instituciones es la polic\u00eda, pues ellos ingresaron con el objetivo de sacar a los estudiantes y apresarlos, pero al no cumplir su cometido causaron da\u00f1o a las instalaciones. Como medidas de seguridad se orden\u00f3 que los veh\u00edculos de pasajeros no transitaran por el sector ya que muchas de las razones de las pedreas son el alza en los precios del transporte.<\/p>\n<p><strong>Im\u00e1genes: <\/strong>n\/a<\/p>\n<p><strong>INFORMACI\u00d3N ANAL\u00cdTICA<\/strong><\/p>\n<p><strong>Contexto de la noticia:<\/strong> Asesinan a Aldo Moro, Disturbios y militarizaci\u00f3n de Bogot\u00e1, giras de candidatos presidenciales, Israel celebra su renacimiento en suelo Palestino, crisis de Tugurios y migraci\u00f3n interna, \u00c1lvaro valencia Tovar en el Paraninfo<\/p>\n<p><strong>Palabras clave: <\/strong>Pedreas, Polic\u00eda, Detenidos, Da\u00f1o a bienes civiles, Cierre de v\u00edas<\/p>\n<p><strong>Sugerencia de palabras claves: <\/strong>Liceo Antioque\u00f1o<\/p>\n<p><strong>Observaciones: <\/strong><\/p>\n<p><strong>Fecha de diligenciamiento:<\/strong> 28 de febrero\/2019<\/p>\n<h1 style=\"text-align: center;\">***<\/h1>\n<p><strong>N\u00famero de ficha<\/strong>: A218&nbsp;&nbsp;&nbsp;&nbsp;&nbsp;&nbsp;&nbsp;&nbsp;&nbsp;&nbsp;&nbsp;&nbsp;&nbsp;&nbsp;&nbsp;&nbsp;&nbsp;&nbsp;&nbsp;&nbsp;&nbsp;&nbsp;&nbsp;&nbsp;&nbsp;&nbsp;&nbsp;&nbsp;&nbsp;&nbsp;&nbsp;&nbsp;&nbsp;&nbsp;&nbsp;&nbsp;&nbsp;&nbsp;&nbsp;&nbsp;&nbsp;&nbsp;&nbsp;&nbsp;&nbsp;&nbsp;&nbsp;&nbsp;&nbsp;&nbsp;&nbsp;&nbsp;&nbsp;&nbsp;<\/p>\n<p><strong>Diligenciada por: <\/strong>Eberhar Cano Naranjo<\/p>\n<p>INFORMACI\u00d3N BIBLIOGR\u00c1FICA<\/p>\n<p>Peri\u00f3dico: El Colombiano<\/p>\n<p>Lugar de edici\u00f3n: Medell\u00edn<\/p>\n<p>Autor personal: n\/a<\/p>\n<p>Autor corporativo: Equipo Editorial<\/p>\n<p>Fecha: 1978, mayo, 17<\/p>\n<p>P\u00e1gina: 11a<\/p>\n<p>Secci\u00f3n: n\/a<\/p>\n<p><strong>T\u00edtulo:<\/strong> Des\u00f3rdenes en Medell\u00edn<\/p>\n<p><strong>Resumen: <\/strong>El estudiante Horacio Diez Montes, result\u00f3 gravemente herido en disturbios ocurridos por el Liceo Antioque\u00f1o, Pascual Bravo y El Paralelo que se extendi\u00f3 hasta la universidad de Antioquia. El estudiante herido fue llevado al hospital luego de que el rector del Alma Mater diera la orden a la fuerza p\u00fablica que se replegara para poder salvar el estudiante. En una reuni\u00f3n del Consejo de Gobierno que preside el Gobernador Jaime Sierra Garc\u00eda, se hizo el llamado a tomar medidas para evitar alteraciones del orden p\u00fablico, garantizar la normalidad acad\u00e9mica en las instituciones y nombrar un inspector para investigar el confuso hecho del estudiante gravemente herido. En un comunicado de este Consejo se menciona adem\u00e1s que tendr\u00e1n sanciones quienes alteren el orden y buen funcionamiento de las instituciones.<\/p>\n<p><strong>Im\u00e1genes: <\/strong>n\/a<\/p>\n<p><strong>INFORMACI\u00d3N ANAL\u00cdTICA<\/strong><\/p>\n<p><strong>Contexto de la noticia: <\/strong>Trabajadores del Estado ratifican orden de paro, M\u00edtines en oficinas del ICSS, ADIDA en jornada de protesta, controversia por acuerdo textilero, nuevas normas para empleos p\u00fablicos,<\/p>\n<p><strong>Palabras clave: <\/strong>Pedreas, Polic\u00eda, Diez Montes, Horacio., Gobernador, Sierra Garc\u00eda, Jaime., Comunicado<\/p>\n<p><strong>Sugerencia de palabras claves: <\/strong>Liceo Antioque\u00f1o<\/p>\n<p><strong>Observaciones: <\/strong>lesionados tambi\u00e9n en el Pascual Bravo. P. 12b.<\/p>\n<p><strong>Fecha de diligenciamiento:<\/strong> 28 de febrero\/2019<\/p>\n<h1 style=\"text-align: center;\">***<\/h1>\n<p><strong>N\u00famero de ficha<\/strong>: A219&nbsp;&nbsp;&nbsp;&nbsp;&nbsp;&nbsp;&nbsp;&nbsp;&nbsp;&nbsp;&nbsp;&nbsp;&nbsp;&nbsp;&nbsp;&nbsp;&nbsp;&nbsp;&nbsp;&nbsp;&nbsp;&nbsp;&nbsp;&nbsp;&nbsp;&nbsp;&nbsp;&nbsp;&nbsp;&nbsp;&nbsp;&nbsp;&nbsp;&nbsp;&nbsp;&nbsp;&nbsp;&nbsp;&nbsp;&nbsp;&nbsp;&nbsp;&nbsp;&nbsp;&nbsp;&nbsp;&nbsp;&nbsp;&nbsp;&nbsp;&nbsp;&nbsp;&nbsp;&nbsp;<\/p>\n<p><strong>Diligenciada por: <\/strong>Eberhar Cano Naranjo<\/p>\n<p>INFORMACI\u00d3N BIBLIOGR\u00c1FICA<\/p>\n<p>Peri\u00f3dico: El Colombiano<\/p>\n<p>Lugar de edici\u00f3n: Medell\u00edn<\/p>\n<p>Autor personal: n\/a<\/p>\n<p>Autor corporativo: Equipo Editorial<\/p>\n<p>Fecha: 1978, mayo, 18<\/p>\n<p>P\u00e1gina: 14a<\/p>\n<p>Secci\u00f3n: n\/a<\/p>\n<p><strong>T\u00edtulo:<\/strong> Suspendidas reuniones p\u00fablicas<\/p>\n<p><strong>Resumen: <\/strong>En Consejo de Seguridad de Medell\u00edn se decret\u00f3 una suspensi\u00f3n de las reuniones p\u00fablicas como asambleas, manifestaciones, desfiles, etc., en v\u00edsperas de la propuesta de jornada nacional de paro. La medida se tom\u00f3 como consecuencia de los \u00faltimos desmanes ocurridos en el Liceo Antioque\u00f1o, El Paralelo, Pascual Bravo y Marco Fidel Su\u00e1rez y las posibles asambleas en la UdeA. EL rector de la UdeA y el Vice de la UN. Medell\u00edn, se reunieron tambi\u00e9n para tomar medidas preventivas y postergar los cursos hasta la pr\u00f3xima semana. Las autoridades de polic\u00eda manifestaron que ser\u00e1n inflexibles con el incumplimiento de la norma dejando en \u00f3rdenes de actuar a la Cuarta Brigada del Ej\u00e9rcito.<\/p>\n<p><strong>Im\u00e1genes: <\/strong>n\/a<\/p>\n<p><strong>INFORMACI\u00d3N ANAL\u00cdTICA<\/strong><\/p>\n<p><strong>Contexto de la noticia: <\/strong>Comienza el paro de trabajadores del Estado, nuevos disturbios e incendios de veh\u00edculos en Bogot\u00e1, multas a entidades comerciales por incumplimientos legales, reorganizaci\u00f3n de juntas comunales en Colombia, hallan cad\u00e1ver de Chaplin.<\/p>\n<p><strong>Palabras clave: <\/strong>Rector\u00eda, Polic\u00eda, Ej\u00e9rcito, Gobernaci\u00f3n<\/p>\n<p><strong>Sugerencia de palabras claves: <\/strong>Liceo Antioque\u00f1o<\/p>\n<p><strong>Observaciones: <\/strong><\/p>\n<p><strong>Fecha de diligenciamiento:<\/strong> 28 de febrero\/2019<\/p>\n<h1 style=\"text-align: center;\">***<\/h1>\n<p><strong>N\u00famero de ficha<\/strong>: A220&nbsp;&nbsp;&nbsp;&nbsp;&nbsp;&nbsp;&nbsp;&nbsp;&nbsp;&nbsp;&nbsp;&nbsp;&nbsp;&nbsp;&nbsp;&nbsp;&nbsp;&nbsp;&nbsp;&nbsp;&nbsp;&nbsp;&nbsp;&nbsp;&nbsp;&nbsp;&nbsp;&nbsp;&nbsp;&nbsp;&nbsp;&nbsp;&nbsp;&nbsp;&nbsp;&nbsp;&nbsp;&nbsp;&nbsp;&nbsp;&nbsp;&nbsp;&nbsp;&nbsp;&nbsp;&nbsp;&nbsp;&nbsp;&nbsp;&nbsp;&nbsp;&nbsp;&nbsp;&nbsp;<\/p>\n<p><strong>Diligenciada por: <\/strong>Eberhar Cano Naranjo<\/p>\n<p>INFORMACI\u00d3N BIBLIOGR\u00c1FICA<\/p>\n<p>Peri\u00f3dico: El Colombiano<\/p>\n<p>Lugar de edici\u00f3n: Medell\u00edn<\/p>\n<p>Autor personal: n\/a<\/p>\n<p>Autor corporativo: Equipo Editorial<\/p>\n<p>Fecha: 1978, mayo, 19<\/p>\n<p>P\u00e1gina: 15a<\/p>\n<p>Secci\u00f3n: n\/a<\/p>\n<p><strong>T\u00edtulo:<\/strong> Van a consejo de guerra<\/p>\n<p><strong>Resumen: <\/strong>Peque\u00f1a nota donde se menciona: <em>\u201c<\/em><em>Jorge Iv\u00e1n Osorio L\u00f3pez, de 21 a\u00f1os, Estudiante de 8\u00b0 semestre de Ingenier\u00eda Qu\u00edmica y Luz Dary Garc\u00eda Garc\u00eda de 20 a\u00f1os, estudiante de 4\u00b0 semestre de Farmacia de la U. de A. A ambos se les sindica de haber incendiado una buseta de la empresa Santra, de placas TI. MSI. La aprehensi\u00f3n de las estudiantes se produjo en la calle 21 con la carrera 76 y ayer pasar\u00e1n a la IV Brigada en donde se designar\u00e1 un juez especial para la investigaci\u00f3n y m\u00e1s tarde ser\u00e1n llamados a consejo de guerra verbal\u201d.<\/em><\/p>\n<p><strong>Im\u00e1genes: <\/strong>IMG A220 (a, b) Fotograf\u00eda de los estudiantes.<\/p>\n<p><strong>INFORMACI\u00d3N ANAL\u00cdTICA<\/strong><\/p>\n<p><strong>Contexto de la noticia: <\/strong>Sigue el paro a nivel nacional, modifican normas laborales, alza de precios en alimentos, analizan alzas a los salarios, Bogot\u00e1 fuertemente en paro, destaran guerra de guerrillas en Jap\u00f3n, convocan reuni\u00f3n de la OEA<\/p>\n<p><strong>Palabras clave: <\/strong><\/p>\n<p><strong>Sugerencia de palabras claves: <\/strong><\/p>\n<p><strong>Observaciones: <\/strong>En otra peque\u00f1a nota de la misma p\u00e1gina se menciona que el estudiante Horacio Diez est\u00e1 en proceso de recuperaci\u00f3n luego de los incidentes pasados. <strong><em>\u201cSe recupera el joven estudiante herido en disturbios del martes\u201d. <\/em><\/strong>Tambi\u00e9n se encuentra una imagen en la p.10\u00aa (IMG A220 b)<\/p>\n<p><strong>Fecha de diligenciamiento:<\/strong> 28 de febrero\/2019<\/p>\n<h1 style=\"text-align: center;\">***<\/h1>\n<p><strong>N\u00famero de ficha<\/strong>: A221&nbsp;&nbsp;&nbsp;&nbsp;&nbsp;&nbsp;&nbsp;&nbsp;&nbsp;&nbsp;&nbsp;&nbsp;&nbsp;&nbsp;&nbsp;&nbsp;&nbsp;&nbsp;&nbsp;&nbsp;&nbsp;&nbsp;&nbsp;&nbsp;&nbsp;&nbsp;&nbsp;&nbsp;&nbsp;&nbsp;&nbsp;&nbsp;&nbsp;&nbsp;&nbsp;&nbsp;&nbsp;&nbsp;&nbsp;&nbsp;&nbsp;&nbsp;&nbsp;&nbsp;&nbsp;&nbsp;&nbsp;&nbsp;&nbsp;&nbsp;&nbsp;&nbsp;&nbsp;&nbsp;<\/p>\n<p><strong>Diligenciada por: <\/strong>Eberhar Cano Naranjo<\/p>\n<p>INFORMACI\u00d3N BIBLIOGR\u00c1FICA<\/p>\n<p>Peri\u00f3dico: El Colombiano<\/p>\n<p>Lugar de edici\u00f3n: Medell\u00edn<\/p>\n<p>Autor personal: Pedro Nel C\u00f3rdoba Laverde<\/p>\n<p>Autor corporativo: n\/a<\/p>\n<p>Fecha: 1978, mayo, 24<\/p>\n<p>P\u00e1gina: 13b<\/p>\n<p>Secci\u00f3n: n\/a<\/p>\n<p><strong>T\u00edtulo:<\/strong> Tres veh\u00edculos incendiados durante los disturbios estudiantiles de ayer<\/p>\n<p><strong>Resumen: <\/strong>Duros disturbios se presentaron ayer en Medell\u00edn en las afueras del campus universitario en los colegios de la ruta hacia Robledo (Liceo Antioque\u00f1o, Pascual Bravo, Marco Fidel Su\u00e1rez). Las pedreas se extendieron a zonas residenciales y calles principales, ocasionando cierre de v\u00edas y piquetes de polic\u00eda para controlar los desmanes. Varios veh\u00edculos fueron incendiados y algunos estudiantes heridos, uno de ellos herido con bala en el cuello se escap\u00f3 del hospital ya que no representaba gravedad su altercado. Algunos otros fueron detenidos y los considerados agitadores identificados para futuras sanciones. EL ej\u00e9rcito sali\u00f3 de la Cuarta Brigada para prestar apoyo, la polic\u00eda allan\u00f3 la universidad sin orden del gobernador quien afirm\u00f3 que nunca dio la orden, mucho menos con los da\u00f1os que \u00e9stos hicieron al entrar al campus. &nbsp;<\/p>\n<p><strong>Im\u00e1genes: <\/strong>IMG A221 (a\u2026e) Toma de los buses incinerados y la polic\u00eda a las afueras del campus<\/p>\n<p><strong>INFORMACI\u00d3N ANAL\u00cdTICA<\/strong><\/p>\n<p><strong>Contexto de la noticia: <\/strong>Se cierran campa\u00f1as pol\u00edticas en el pa\u00eds, se re\u00fanen alcaldes del Valle de Aburr\u00e1, Pastrana apoya a Belisario, Violentos disturbios en la UN Bogot\u00e1,<\/p>\n<p><strong>Palabras clave: <\/strong>Pedreas, Da\u00f1o a bienes civiles, Polic\u00eda, Ej\u00e9rcito, Consejo Directivo, Cierre de v\u00edas, Ingreso de la fuerza p\u00fablica, Gobernador, Detenidos<\/p>\n<p><strong>Sugerencia de palabras claves: <\/strong><\/p>\n<p><strong>Observaciones: <\/strong>Otro titular<em> (p.1): \u201cHoy no habr\u00e1 actividad acad\u00e9mica en la UdeA\u201d Los directivos de la UdeA decidieron suspender las actividades en el campus debido a que luego de los disturbios presentados en d\u00eda de ayer que tuvieron quema de buses, La polic\u00eda ingres\u00f3 al campus causando da\u00f1os a los bienes y enseres de la universidad.<\/em><\/p>\n<p><strong>Fecha de diligenciamiento:<\/strong> 28 de febrero\/2019<\/p>\n<h1 style=\"text-align: center;\">***<\/h1>\n<p><strong>N\u00famero de ficha<\/strong>: A222&nbsp;&nbsp;&nbsp;&nbsp;&nbsp;&nbsp;&nbsp;&nbsp;&nbsp;&nbsp;&nbsp;&nbsp;&nbsp;&nbsp;&nbsp;&nbsp;&nbsp;&nbsp;&nbsp;&nbsp;&nbsp;&nbsp;&nbsp;&nbsp;&nbsp;&nbsp;&nbsp;&nbsp;&nbsp;&nbsp;&nbsp;&nbsp;&nbsp;&nbsp;&nbsp;&nbsp;&nbsp;&nbsp;&nbsp;&nbsp;&nbsp;&nbsp;&nbsp;&nbsp;&nbsp;&nbsp;&nbsp;&nbsp;&nbsp;&nbsp;&nbsp;&nbsp;&nbsp;&nbsp;<\/p>\n<p><strong>Diligenciada por: <\/strong>Eberhar Cano Naranjo<\/p>\n<p>INFORMACI\u00d3N BIBLIOGR\u00c1FICA<\/p>\n<p>Peri\u00f3dico: El Colombiano<\/p>\n<p>Lugar de edici\u00f3n: Medell\u00edn<\/p>\n<p>Autor personal: n\/a<\/p>\n<p>Autor corporativo: Equipo Editorial<\/p>\n<p>Fecha: 1978, mayo, 25<\/p>\n<p>P\u00e1gina: 4a<\/p>\n<p>Secci\u00f3n: n\/a<\/p>\n<p><strong>T\u00edtulo:<\/strong> Ma\u00f1ana tampoco habr\u00e1 actividad en la UdeA<\/p>\n<p><strong>Resumen: <\/strong>El Consejo directivo de la UdeA acord\u00f3 en reuni\u00f3n extraordinaria que suspender\u00e1 las clases por los hechos ocurridos el pasado 23 de mayo. La medida se toma como seguridad y solo tendr\u00e1n ingreso los profesores y empelados.<\/p>\n<p><strong>Im\u00e1genes: <\/strong>n\/a<\/p>\n<p><strong>INFORMACI\u00d3N ANAL\u00cdTICA<\/strong><\/p>\n<p><strong>Contexto de la noticia: <\/strong>Comenz\u00f3 inundaci\u00f3n del Pe\u00f1ol, secuestrado y torturado estudiante de la UN, se analizan ideas para universidad en Urab\u00e1, el cooperativismo propone cambio social, campa\u00f1a electoral, proponen reformas a la Seguridad Social<\/p>\n<p><strong>Palabras clave: <\/strong>Consejo Directivo, Cierres obligados<\/p>\n<p><strong>Sugerencia de palabras claves: <\/strong><\/p>\n<p><strong>Observaciones: <\/strong><\/p>\n<p><strong>Fecha de diligenciamiento:<\/strong> 28 de febrero\/2019<\/p>\n<h1 style=\"text-align: center;\">***<\/h1>\n<p><strong>N\u00famero de ficha<\/strong>: A223&nbsp;&nbsp;&nbsp;&nbsp;&nbsp;&nbsp;&nbsp;&nbsp;&nbsp;&nbsp;&nbsp;&nbsp;&nbsp;&nbsp;&nbsp;&nbsp;&nbsp;&nbsp;&nbsp;&nbsp;&nbsp;&nbsp;&nbsp;&nbsp;&nbsp;&nbsp;&nbsp;&nbsp;&nbsp;&nbsp;&nbsp;&nbsp;&nbsp;&nbsp;&nbsp;&nbsp;&nbsp;&nbsp;&nbsp;&nbsp;&nbsp;&nbsp;&nbsp;&nbsp;&nbsp;&nbsp;&nbsp;&nbsp;&nbsp;&nbsp;&nbsp;&nbsp;&nbsp;&nbsp;<\/p>\n<p><strong>Diligenciada por: <\/strong>Eberhar Cano Naranjo<\/p>\n<p>INFORMACI\u00d3N BIBLIOGR\u00c1FICA<\/p>\n<p>Peri\u00f3dico: El Colombiano<\/p>\n<p>Lugar de edici\u00f3n: Medell\u00edn<\/p>\n<p>Autor personal: n\/a<\/p>\n<p>Autor corporativo: Equipo Editorial<\/p>\n<p>Fecha: 1978, mayo, 28<\/p>\n<p>P\u00e1gina: 14a<\/p>\n<p>Secci\u00f3n: n\/a<\/p>\n<p><strong>T\u00edtulo:<\/strong> Asdua condena acci\u00f3n anarquista y atropello de la fuerza p\u00fablica. Piden investigar allanamiento y destrozos en la UdeA<\/p>\n<p><strong>Resumen: <\/strong>La Asociaci\u00f3n de Docentes dio a conocer un comunicado emitido tras su \u00faltima asamblea, donde rechazan las acciones de protesta y desmanes que han ocurrido las pasadas semanas y los excesos (especialmente con el Museo y la Biblioteca) de la fuerza p\u00fablica al ingresar a la universidad que atenta incluso contra la vida de quienes la habitan. Instan al Consejo Acad\u00e9mico a que manifieste su protesta por los hechos y asuma una posici\u00f3n. Por otra parte, la Asociaci\u00f3n de Profesores, quienes comparten la repulsa por el allanamiento y los destrozos de la polic\u00eda, env\u00edan un comunicado al presidente de la rep\u00fablica firmada por el presidente Pedro Luis Valencia y el secretario Francisco Merino. Tambi\u00e9n la Asociaci\u00f3n Sindical de Profesores Universitarios -ASPU- emiti\u00f3 tambi\u00e9n un bolet\u00edn de protesta por la decisi\u00f3n de cerrar las universidades.<\/p>\n<p><strong>Im\u00e1genes: <\/strong>n\/a<\/p>\n<p><strong>INFORMACI\u00d3N ANAL\u00cdTICA<\/strong><\/p>\n<p><strong>Contexto de la noticia: <\/strong>Consejo de guerra a militares, EE-UU analiza problema de Coca en Colombia, comando conservador femenino en campa\u00f1a, crean cooperativo en Urab\u00e1, discrepancias entre quienes proponen otro paro nacional, debates sobre armamentismo mundial<\/p>\n<p><strong>Palabras clave: <\/strong>Comunicado, Asamblea de Profesores, Cierres obligados, Consejo Acad\u00e9mico, Asociaci\u00f3n de Profesores, Allanamientos, Ingreso de la fuerza p\u00fablica, Da\u00f1o a bienes civiles, Valencia, Pedro Luis,. Merino, Francisco,. &nbsp;<\/p>\n<p><strong>Sugerencia de palabras claves: <\/strong>Asdua, Aspu.<\/p>\n<p><strong>Observaciones: <\/strong><\/p>\n<p><strong>Fecha de diligenciamiento:<\/strong> 28 de febrero\/2019<\/p>\n<h1 style=\"text-align: center;\">***<\/h1>\n<p><strong>N\u00famero de ficha<\/strong>: A224&nbsp;&nbsp;&nbsp;&nbsp;&nbsp;&nbsp;&nbsp;&nbsp;&nbsp;&nbsp;&nbsp;&nbsp;&nbsp;&nbsp;&nbsp;&nbsp;&nbsp;&nbsp;&nbsp;&nbsp;&nbsp;&nbsp;&nbsp;&nbsp;&nbsp;&nbsp;&nbsp;&nbsp;&nbsp;&nbsp;&nbsp;&nbsp;&nbsp;&nbsp;&nbsp;&nbsp;&nbsp;&nbsp;&nbsp;&nbsp;&nbsp;&nbsp;&nbsp;&nbsp;&nbsp;&nbsp;&nbsp;&nbsp;&nbsp;&nbsp;&nbsp;&nbsp;&nbsp;&nbsp;<\/p>\n<p><strong>Diligenciada por: <\/strong>Eberhar Cano Naranjo<\/p>\n<p>INFORMACI\u00d3N BIBLIOGR\u00c1FICA<\/p>\n<p>Peri\u00f3dico: El Colombiano<\/p>\n<p>Lugar de edici\u00f3n: Medell\u00edn<\/p>\n<p>Autor personal: n\/a<\/p>\n<p>Autor corporativo: Equipo Editorial<\/p>\n<p>Fecha: 1978, mayo, 31<\/p>\n<p>P\u00e1gina: 15a<\/p>\n<p>Secci\u00f3n: n\/a<\/p>\n<p><strong>T\u00edtulo:<\/strong> En la UdeA. Continuar normalidad acad\u00e9mica dispone el Consejo Directivo.<\/p>\n<p><strong>Resumen: <\/strong>Por v\u00eda comunicado el Consejo Directivo manifiesta que no hay motivos para continuar el cierre. Sin definir fechas ni horas de apertura, colocan en la opini\u00f3n p\u00fablica su rechazo a la intromisi\u00f3n y mal manejo de la fuerza p\u00fablica con las instalaciones sumado a las acciones de las minor\u00edas \u201canarquistas\u201d que irrumpen en la tranquilidad de la universidad. El comunicado lo firman El\u00edseo Moreno Pareja Presidente y Luz Elena Zabala de Acevedo Secretaria General.<\/p>\n<p><strong>Im\u00e1genes: <\/strong><\/p>\n<p><strong>INFORMACI\u00d3N ANAL\u00cdTICA<\/strong><\/p>\n<p><strong>Contexto de la noticia: <\/strong>Cerrada la UN, Belisario lidera campa\u00f1a, paralizadas exportaciones de caf\u00e9, peligran relaciones entre Rusia y EE.UU, suspendida la emisora de la UdeA, problemas de seguridad en Bello<\/p>\n<p><strong>Palabras clave: <\/strong>Comunicado, Consejo Directivo, Polic\u00eda, Moreno Pareja, El\u00edseo,. Zabala, Luz Elena,.<\/p>\n<p><strong>Sugerencia de palabras claves: <\/strong><\/p>\n<p><strong>Observaciones: <\/strong><\/p>\n<p><strong>Fecha de diligenciamiento:<\/strong> 28 de febrero\/2019<\/p>\n<h1 style=\"text-align: center;\">***<\/h1>\n<p><strong>N\u00famero de ficha<\/strong>: A225&nbsp;&nbsp;&nbsp;&nbsp;&nbsp;&nbsp;&nbsp;&nbsp;&nbsp;&nbsp;&nbsp;&nbsp;&nbsp;&nbsp;&nbsp;&nbsp;&nbsp;&nbsp;&nbsp;&nbsp;&nbsp;&nbsp;&nbsp;&nbsp;&nbsp;&nbsp;&nbsp;&nbsp;&nbsp;&nbsp;&nbsp;&nbsp;&nbsp;&nbsp;&nbsp;&nbsp;&nbsp;&nbsp;&nbsp;&nbsp;&nbsp;&nbsp;&nbsp;&nbsp;&nbsp;&nbsp;&nbsp;&nbsp;&nbsp;&nbsp;&nbsp;&nbsp;&nbsp;&nbsp;<\/p>\n<p><strong>Diligenciada por: <\/strong>Eberhar Cano Naranjo<\/p>\n<p>INFORMACI\u00d3N BIBLIOGR\u00c1FICA<\/p>\n<p>Peri\u00f3dico: El Colombiano<\/p>\n<p>Lugar de edici\u00f3n: Medell\u00edn<\/p>\n<p>Autor personal: n\/a<\/p>\n<p>Autor corporativo: Equipo Editorial<\/p>\n<p>Fecha: 1978, junio, 01<\/p>\n<p>P\u00e1gina: 1<\/p>\n<p>Secci\u00f3n: n\/a<\/p>\n<p><strong>T\u00edtulo:<\/strong> Receso acad\u00e9mico hasta el lunes 12 de junio en la UdeA.<\/p>\n<p><strong>Resumen: <\/strong>En comunicado oficial las directivas de la UdeA acordaron \u201cdecretar un receso en las actividades acad\u00e9micas del 3 de mayo al 12 de junio\u201d, procurando evitar m\u00e1s atropellos de la polic\u00eda y de los grupos anarquistas, y comenzar la normalidad acad\u00e9mica. Como Consejo Directivo firman El presidente, Eliseo Moreno Pareja y La Secretaria General, Luz Elena Zabala de Acevedo.<\/p>\n<p><strong>Im\u00e1genes: <\/strong><\/p>\n<p><strong>INFORMACI\u00d3N ANAL\u00cdTICA<\/strong><\/p>\n<p><strong>Contexto de la noticia: <\/strong>Sepelio del estudiante muerto en disturbios en el C\u00e9sar, se denuncian graves concentraciones de capital en grupos econ\u00f3micos del pa\u00eds, paro de empleados de salud, Belisario toma protagonismo en campa\u00f1as, comienza el mundial de futbol, Incora reanuda las expropiaciones<\/p>\n<p><strong>Palabras clave: <\/strong><\/p>\n<p><strong>Sugerencia de palabras claves: <\/strong><\/p>\n<p><strong>Observaciones: <\/strong>EL 10 de junio se publica la continuaci\u00f3n de esta noticia: \u201cEl lunes reanuda clases la UdeA\u201d. (p.14a)<\/p>\n<p><strong>Fecha de diligenciamiento:<\/strong> 28 de febrero\/2019<\/p>\n<h1 style=\"text-align: center;\">***<\/h1>\n<p><strong>N\u00famero de ficha<\/strong>: A226&nbsp;&nbsp;&nbsp;&nbsp;&nbsp;&nbsp;&nbsp;&nbsp;&nbsp;&nbsp;&nbsp;&nbsp;&nbsp;&nbsp;&nbsp;&nbsp;&nbsp;&nbsp;&nbsp;&nbsp;&nbsp;&nbsp;&nbsp;&nbsp;&nbsp;&nbsp;&nbsp;&nbsp;&nbsp;&nbsp;&nbsp;&nbsp;&nbsp;&nbsp;&nbsp;&nbsp;&nbsp;&nbsp;&nbsp;&nbsp;&nbsp;&nbsp;&nbsp;&nbsp;&nbsp;&nbsp;&nbsp;&nbsp;&nbsp;&nbsp;&nbsp;&nbsp;&nbsp;&nbsp;<\/p>\n<p><strong>Diligenciada por: <\/strong>Eberhar Cano Naranjo<\/p>\n<p>INFORMACI\u00d3N BIBLIOGR\u00c1FICA<\/p>\n<p>Peri\u00f3dico: El Colombiano<\/p>\n<p>Lugar de edici\u00f3n: Medell\u00edn<\/p>\n<p>Autor personal: n\/a<\/p>\n<p>Autor corporativo: Equipo Editorial<\/p>\n<p>Fecha: 1978, diciembre, 08<\/p>\n<p>P\u00e1gina: 2a<\/p>\n<p>Secci\u00f3n: n\/a<\/p>\n<p><strong>T\u00edtulo:<\/strong> \u201cLa Asamblea atenta contra la Autonom\u00eda Universitaria\u201d<\/p>\n<p><strong>Resumen: <\/strong>Rectores y directivas de todas las universidades del departamento (P\u00fablicas y Privadas) manifiestan su rotunda informidad con la nueva propuesta de la Asamblea Departamental de <em>\u201cque el presupuesto de las universidades sea acogido quede condicionado a la aceptaci\u00f3n de dos candidatos por diputado y por a\u00f1o\u201d. <\/em>Para la Asociaci\u00f3n de Profesores de la UdeA manifiesta su inconformidad aludiendo a que con la medida se crear\u00edan privilegios y gabelas que pondr\u00edan en desigualdad a quienes quieren ingresar de otros sectores sociales. El delegado de los profesores que estuvo en reuni\u00f3n con el Consejo Directivo y los decanos coincidieron en rechazar rotundamente la medida pol\u00edtica propuesta.<\/p>\n<p><strong>Im\u00e1genes: <\/strong><\/p>\n<p><strong>INFORMACI\u00d3N ANAL\u00cdTICA<\/strong><\/p>\n<p><strong>Contexto de la noticia: <\/strong>alza de precios en la canasta familiar, ponencias sobre reforma urbana del presidente, se pretende fortalecer exportaciones en el pa\u00eds, aumento del precio del petr\u00f3leo, EE.PP busca financiaci\u00f3n como empresa, propuesta de financiar la educaci\u00f3n primaria<\/p>\n<p><strong>Palabras clave: <\/strong>Asociaci\u00f3n de Profesores, Consejo Directivo, Gobernador, Uribe Echavarr\u00eda, Rodrigo,.<\/p>\n<p><strong>Sugerencia de palabras claves: <\/strong><\/p>\n<p><strong>Observaciones: <\/strong>El 15 de diciembre, el rector de la UdeA denuncia de nuevo que esta medida es una \u201cmaquinaci\u00f3n fraudulenta, que contiene tr\u00e1fico de influencias para las admisiones\u201d (p. 16a).<\/p>\n<p><strong>Fecha de diligenciamiento:<\/strong> 28 de febrero\/2019<\/p>\n","protected":false},"excerpt":{"rendered":"<p>N\u00famero de ficha: A1&nbsp; &nbsp; &nbsp; &nbsp; &nbsp; &nbsp; &nbsp; &nbsp; Diligenciada por: Eberhar Cano Naranjo INFORMACI\u00d3N BIBLIOGR\u00c1FICA Peri\u00f3dico: El Colombiano Lugar de edici\u00f3n: Medell\u00edn Autor personal: n\/a Autor corporativo: Equipo Editorial Fecha: 1968, enero, 30 P\u00e1gina: 3 Secci\u00f3n: Editorial T\u00edtulo: La Universidad de Antioquia Resumen: Alusi\u00f3n al traslado de la sede de la Universidad [&hellip;]<\/p>\n","protected":false},"author":1,"featured_media":0,"parent":609,"menu_order":0,"comment_status":"closed","ping_status":"closed","template":"","meta":{"_acf_changed":false,"_monsterinsights_skip_tracking":false,"_monsterinsights_sitenote_active":false,"_monsterinsights_sitenote_note":"","_monsterinsights_sitenote_category":0,"ngg_post_thumbnail":0,"footnotes":""},"acf":[],"yoast_head":"<!-- This site is optimized with the Yoast SEO plugin v22.1 - https:\/\/yoast.com\/wordpress\/plugins\/seo\/ -->\n<title>1968 - 1978 - 50 a\u00f1os de violencia y resistencia en la Universidad de Antioquia<\/title>\n<meta name=\"robots\" content=\"index, follow, max-snippet:-1, max-image-preview:large, max-video-preview:-1\" \/>\n<link rel=\"canonical\" href=\"https:\/\/hacemosmemoria.org\/udea50\/fichero\/1968-1978\/\" \/>\n<meta property=\"og:locale\" content=\"es_ES\" \/>\n<meta property=\"og:type\" content=\"article\" \/>\n<meta property=\"og:title\" content=\"1968 - 1978 - 50 a\u00f1os de violencia y resistencia en la Universidad de Antioquia\" \/>\n<meta property=\"og:description\" content=\"N\u00famero de ficha: A1&nbsp; &nbsp; &nbsp; &nbsp; &nbsp; &nbsp; &nbsp; &nbsp; Diligenciada por: Eberhar Cano Naranjo INFORMACI\u00d3N BIBLIOGR\u00c1FICA Peri\u00f3dico: El Colombiano Lugar de edici\u00f3n: Medell\u00edn Autor personal: n\/a Autor corporativo: Equipo Editorial Fecha: 1968, enero, 30 P\u00e1gina: 3 Secci\u00f3n: Editorial T\u00edtulo: La Universidad de Antioquia Resumen: Alusi\u00f3n al traslado de la sede de la Universidad [&hellip;]\" \/>\n<meta property=\"og:url\" content=\"https:\/\/hacemosmemoria.org\/udea50\/fichero\/1968-1978\/\" \/>\n<meta property=\"og:site_name\" content=\"50 a\u00f1os de violencia y resistencia en la Universidad de Antioquia\" \/>\n<meta property=\"article:modified_time\" content=\"2019-09-09T21:38:34+00:00\" \/>\n<meta name=\"twitter:card\" content=\"summary_large_image\" \/>\n<meta name=\"twitter:label1\" content=\"Tiempo estimado de lectura\" \/>\n\t<meta name=\"twitter:data1\" content=\"348 minutos\" \/>\n<script type=\"application\/ld+json\" class=\"yoast-schema-graph\">{\"@context\":\"https:\/\/schema.org\",\"@graph\":[{\"@type\":\"WebPage\",\"@id\":\"https:\/\/hacemosmemoria.org\/udea50\/fichero\/1968-1978\/\",\"url\":\"https:\/\/hacemosmemoria.org\/udea50\/fichero\/1968-1978\/\",\"name\":\"1968 - 1978 - 50 a\u00f1os de violencia y resistencia en la Universidad de Antioquia\",\"isPartOf\":{\"@id\":\"https:\/\/hacemosmemoria.org\/udea50\/#website\"},\"datePublished\":\"2019-09-02T14:25:52+00:00\",\"dateModified\":\"2019-09-09T21:38:34+00:00\",\"breadcrumb\":{\"@id\":\"https:\/\/hacemosmemoria.org\/udea50\/fichero\/1968-1978\/#breadcrumb\"},\"inLanguage\":\"es-CO\",\"potentialAction\":[{\"@type\":\"ReadAction\",\"target\":[\"https:\/\/hacemosmemoria.org\/udea50\/fichero\/1968-1978\/\"]}]},{\"@type\":\"BreadcrumbList\",\"@id\":\"https:\/\/hacemosmemoria.org\/udea50\/fichero\/1968-1978\/#breadcrumb\",\"itemListElement\":[{\"@type\":\"ListItem\",\"position\":1,\"name\":\"Inicio\",\"item\":\"https:\/\/hacemosmemoria.org\/udea50\/\"},{\"@type\":\"ListItem\",\"position\":2,\"name\":\"Fichero\",\"item\":\"https:\/\/hacemosmemoria.org\/udea50\/fichero\/\"},{\"@type\":\"ListItem\",\"position\":3,\"name\":\"1968 &#8211; 1978\"}]},{\"@type\":\"WebSite\",\"@id\":\"https:\/\/hacemosmemoria.org\/udea50\/#website\",\"url\":\"https:\/\/hacemosmemoria.org\/udea50\/\",\"name\":\"50 a\u00f1os de violencia y resistencia en la Universidad de Antioquia\",\"description\":\"Un contenido de Hacemos Memoria\",\"potentialAction\":[{\"@type\":\"SearchAction\",\"target\":{\"@type\":\"EntryPoint\",\"urlTemplate\":\"https:\/\/hacemosmemoria.org\/udea50\/?s={search_term_string}\"},\"query-input\":\"required name=search_term_string\"}],\"inLanguage\":\"es-CO\"}]}<\/script>\n<!-- \/ Yoast SEO plugin. -->","yoast_head_json":{"title":"1968 - 1978 - 50 a\u00f1os de violencia y resistencia en la Universidad de Antioquia","robots":{"index":"index","follow":"follow","max-snippet":"max-snippet:-1","max-image-preview":"max-image-preview:large","max-video-preview":"max-video-preview:-1"},"canonical":"https:\/\/hacemosmemoria.org\/udea50\/fichero\/1968-1978\/","og_locale":"es_ES","og_type":"article","og_title":"1968 - 1978 - 50 a\u00f1os de violencia y resistencia en la Universidad de Antioquia","og_description":"N\u00famero de ficha: A1&nbsp; &nbsp; &nbsp; &nbsp; &nbsp; &nbsp; &nbsp; &nbsp; Diligenciada por: Eberhar Cano Naranjo INFORMACI\u00d3N BIBLIOGR\u00c1FICA Peri\u00f3dico: El Colombiano Lugar de edici\u00f3n: Medell\u00edn Autor personal: n\/a Autor corporativo: Equipo Editorial Fecha: 1968, enero, 30 P\u00e1gina: 3 Secci\u00f3n: Editorial T\u00edtulo: La Universidad de Antioquia Resumen: Alusi\u00f3n al traslado de la sede de la Universidad [&hellip;]","og_url":"https:\/\/hacemosmemoria.org\/udea50\/fichero\/1968-1978\/","og_site_name":"50 a\u00f1os de violencia y resistencia en la Universidad de Antioquia","article_modified_time":"2019-09-09T21:38:34+00:00","twitter_card":"summary_large_image","twitter_misc":{"Tiempo estimado de lectura":"348 minutos"},"schema":{"@context":"https:\/\/schema.org","@graph":[{"@type":"WebPage","@id":"https:\/\/hacemosmemoria.org\/udea50\/fichero\/1968-1978\/","url":"https:\/\/hacemosmemoria.org\/udea50\/fichero\/1968-1978\/","name":"1968 - 1978 - 50 a\u00f1os de violencia y resistencia en la Universidad de Antioquia","isPartOf":{"@id":"https:\/\/hacemosmemoria.org\/udea50\/#website"},"datePublished":"2019-09-02T14:25:52+00:00","dateModified":"2019-09-09T21:38:34+00:00","breadcrumb":{"@id":"https:\/\/hacemosmemoria.org\/udea50\/fichero\/1968-1978\/#breadcrumb"},"inLanguage":"es-CO","potentialAction":[{"@type":"ReadAction","target":["https:\/\/hacemosmemoria.org\/udea50\/fichero\/1968-1978\/"]}]},{"@type":"BreadcrumbList","@id":"https:\/\/hacemosmemoria.org\/udea50\/fichero\/1968-1978\/#breadcrumb","itemListElement":[{"@type":"ListItem","position":1,"name":"Inicio","item":"https:\/\/hacemosmemoria.org\/udea50\/"},{"@type":"ListItem","position":2,"name":"Fichero","item":"https:\/\/hacemosmemoria.org\/udea50\/fichero\/"},{"@type":"ListItem","position":3,"name":"1968 &#8211; 1978"}]},{"@type":"WebSite","@id":"https:\/\/hacemosmemoria.org\/udea50\/#website","url":"https:\/\/hacemosmemoria.org\/udea50\/","name":"50 a\u00f1os de violencia y resistencia en la Universidad de Antioquia","description":"Un contenido de Hacemos Memoria","potentialAction":[{"@type":"SearchAction","target":{"@type":"EntryPoint","urlTemplate":"https:\/\/hacemosmemoria.org\/udea50\/?s={search_term_string}"},"query-input":"required name=search_term_string"}],"inLanguage":"es-CO"}]}},"jetpack_sharing_enabled":true,"_links":{"self":[{"href":"https:\/\/hacemosmemoria.org\/udea50\/wp-json\/wp\/v2\/pages\/646"}],"collection":[{"href":"https:\/\/hacemosmemoria.org\/udea50\/wp-json\/wp\/v2\/pages"}],"about":[{"href":"https:\/\/hacemosmemoria.org\/udea50\/wp-json\/wp\/v2\/types\/page"}],"author":[{"embeddable":true,"href":"https:\/\/hacemosmemoria.org\/udea50\/wp-json\/wp\/v2\/users\/1"}],"replies":[{"embeddable":true,"href":"https:\/\/hacemosmemoria.org\/udea50\/wp-json\/wp\/v2\/comments?post=646"}],"version-history":[{"count":28,"href":"https:\/\/hacemosmemoria.org\/udea50\/wp-json\/wp\/v2\/pages\/646\/revisions"}],"predecessor-version":[{"id":1046,"href":"https:\/\/hacemosmemoria.org\/udea50\/wp-json\/wp\/v2\/pages\/646\/revisions\/1046"}],"up":[{"embeddable":true,"href":"https:\/\/hacemosmemoria.org\/udea50\/wp-json\/wp\/v2\/pages\/609"}],"wp:attachment":[{"href":"https:\/\/hacemosmemoria.org\/udea50\/wp-json\/wp\/v2\/media?parent=646"}],"curies":[{"name":"wp","href":"https:\/\/api.w.org\/{rel}","templated":true}]}}