{"id":451,"date":"2019-07-17T15:19:08","date_gmt":"2019-07-17T20:19:08","guid":{"rendered":"http:\/\/hacemosmemoria.org\/udea50\/?page_id=451"},"modified":"2019-09-01T21:21:49","modified_gmt":"2019-09-02T02:21:49","slug":"participa","status":"publish","type":"page","link":"https:\/\/hacemosmemoria.org\/udea50\/participa\/","title":{"rendered":"Participa"},"content":{"rendered":"\n<p>Si quieres contribuir a la construcci\u00f3n de este producto puedes enviarnos tus comentarios, testimonios, informaci\u00f3n adicional, material fotogr\u00e1fico, en video u otros formatos sobre alguno de los hechos contenidos en la l\u00ednea de tiempo mediante este formulario.<\/p>\n\n\n\n<div class=\"wpcf7 no-js\" id=\"wpcf7-f449-o1\" lang=\"es-CO\" dir=\"ltr\">\n<div class=\"screen-reader-response\"><p role=\"status\" aria-live=\"polite\" aria-atomic=\"true\"><\/p> <ul><\/ul><\/div>\n<form action=\"\/udea50\/wp-json\/wp\/v2\/pages\/451#wpcf7-f449-o1\" method=\"post\" class=\"wpcf7-form init\" aria-label=\"Formulario de contacto\" enctype=\"multipart\/form-data\" novalidate=\"novalidate\" data-status=\"init\">\n<div style=\"display: none;\">\n<input type=\"hidden\" name=\"_wpcf7\" value=\"449\" \/>\n<input type=\"hidden\" name=\"_wpcf7_version\" value=\"5.8.7\" \/>\n<input type=\"hidden\" name=\"_wpcf7_locale\" value=\"es_CO\" \/>\n<input type=\"hidden\" name=\"_wpcf7_unit_tag\" value=\"wpcf7-f449-o1\" \/>\n<input type=\"hidden\" name=\"_wpcf7_container_post\" value=\"0\" \/>\n<input type=\"hidden\" name=\"_wpcf7_posted_data_hash\" value=\"\" \/>\n<\/div>\n<p><span class=\"wpcf7-form-control-wrap\" data-name=\"your-name\"><input size=\"40\" class=\"wpcf7-form-control wpcf7-text\" aria-invalid=\"false\" placeholder=\"Nombre\" value=\"\" type=\"text\" name=\"your-name\" \/><\/span><br \/>\n<span class=\"wpcf7-form-control-wrap\" data-name=\"your-email\"><input size=\"40\" class=\"wpcf7-form-control wpcf7-email wpcf7-text wpcf7-validates-as-email\" aria-invalid=\"false\" placeholder=\"Email\" value=\"\" type=\"email\" name=\"your-email\" \/><\/span><br \/>\n<span class=\"wpcf7-form-control-wrap\" data-name=\"your-subject\"><input size=\"40\" class=\"wpcf7-form-control wpcf7-text\" aria-invalid=\"false\" placeholder=\"Asunto\" value=\"\" type=\"text\" name=\"your-subject\" \/><\/span><br \/>\n<span class=\"wpcf7-form-control-wrap\" data-name=\"your-message\"><textarea cols=\"40\" rows=\"10\" class=\"wpcf7-form-control wpcf7-textarea\" aria-invalid=\"false\" placeholder=\"Mensaje\" name=\"your-message\"><\/textarea><\/span><br \/>\n<span class=\"wpcf7-form-control-wrap\" data-name=\"file-598\"><input size=\"40\" class=\"wpcf7-form-control wpcf7-file\" accept=\"audio\/*,video\/*,image\/*\" aria-invalid=\"false\" type=\"file\" name=\"file-598\" \/><\/span>\n<\/p>\n<p><input class=\"wpcf7-form-control wpcf7-submit has-spinner\" type=\"submit\" value=\"Enviar\" \/>\n<\/p><div class=\"wpcf7-response-output\" aria-hidden=\"true\"><\/div>\n<\/form>\n<\/div>\n\n\n\n\n<p><\/p>\n","protected":false},"excerpt":{"rendered":"<p>Si quieres contribuir a la construcci\u00f3n de este producto puedes enviarnos tus comentarios, testimonios, informaci\u00f3n adicional, material fotogr\u00e1fico, en video u otros formatos sobre alguno de los hechos contenidos en la l\u00ednea de tiempo mediante este formulario.<\/p>\n","protected":false},"author":1,"featured_media":0,"parent":0,"menu_order":0,"comment_status":"closed","ping_status":"closed","template":"","meta":{"_acf_changed":false,"_monsterinsights_skip_tracking":false,"_monsterinsights_sitenote_active":false,"_monsterinsights_sitenote_note":"","_monsterinsights_sitenote_category":0,"ngg_post_thumbnail":0,"footnotes":""},"acf":[],"yoast_head":"<!-- This site is optimized with the Yoast SEO plugin v22.1 - https:\/\/yoast.com\/wordpress\/plugins\/seo\/ -->\n<title>Participa - 50 a\u00f1os de violencia y resistencia en la Universidad de Antioquia<\/title>\n<meta name=\"robots\" content=\"index, follow, max-snippet:-1, max-image-preview:large, max-video-preview:-1\" \/>\n<link rel=\"canonical\" href=\"https:\/\/hacemosmemoria.org\/udea50\/participa\/\" \/>\n<meta property=\"og:locale\" content=\"es_ES\" \/>\n<meta property=\"og:type\" content=\"article\" \/>\n<meta property=\"og:title\" content=\"Participa - 50 a\u00f1os de violencia y resistencia en la Universidad de Antioquia\" \/>\n<meta property=\"og:description\" content=\"Si quieres contribuir a la construcci\u00f3n de este producto puedes enviarnos tus comentarios, testimonios, informaci\u00f3n adicional, material fotogr\u00e1fico, en video u otros formatos sobre alguno de los hechos contenidos en la l\u00ednea de tiempo mediante este formulario.\" \/>\n<meta property=\"og:url\" content=\"https:\/\/hacemosmemoria.org\/udea50\/participa\/\" \/>\n<meta property=\"og:site_name\" content=\"50 a\u00f1os de violencia y resistencia en la Universidad de Antioquia\" \/>\n<meta property=\"article:modified_time\" content=\"2019-09-02T02:21:49+00:00\" \/>\n<meta name=\"twitter:card\" content=\"summary_large_image\" \/>\n<script type=\"application\/ld+json\" class=\"yoast-schema-graph\">{\"@context\":\"https:\/\/schema.org\",\"@graph\":[{\"@type\":\"WebPage\",\"@id\":\"https:\/\/hacemosmemoria.org\/udea50\/participa\/\",\"url\":\"https:\/\/hacemosmemoria.org\/udea50\/participa\/\",\"name\":\"Participa - 50 a\u00f1os de violencia y resistencia en la Universidad de Antioquia\",\"isPartOf\":{\"@id\":\"https:\/\/hacemosmemoria.org\/udea50\/#website\"},\"datePublished\":\"2019-07-17T20:19:08+00:00\",\"dateModified\":\"2019-09-02T02:21:49+00:00\",\"breadcrumb\":{\"@id\":\"https:\/\/hacemosmemoria.org\/udea50\/participa\/#breadcrumb\"},\"inLanguage\":\"es-CO\",\"potentialAction\":[{\"@type\":\"ReadAction\",\"target\":[\"https:\/\/hacemosmemoria.org\/udea50\/participa\/\"]}]},{\"@type\":\"BreadcrumbList\",\"@id\":\"https:\/\/hacemosmemoria.org\/udea50\/participa\/#breadcrumb\",\"itemListElement\":[{\"@type\":\"ListItem\",\"position\":1,\"name\":\"Inicio\",\"item\":\"https:\/\/hacemosmemoria.org\/udea50\/\"},{\"@type\":\"ListItem\",\"position\":2,\"name\":\"Participa\"}]},{\"@type\":\"WebSite\",\"@id\":\"https:\/\/hacemosmemoria.org\/udea50\/#website\",\"url\":\"https:\/\/hacemosmemoria.org\/udea50\/\",\"name\":\"50 a\u00f1os de violencia y resistencia en la Universidad de Antioquia\",\"description\":\"Un contenido de Hacemos Memoria\",\"potentialAction\":[{\"@type\":\"SearchAction\",\"target\":{\"@type\":\"EntryPoint\",\"urlTemplate\":\"https:\/\/hacemosmemoria.org\/udea50\/?s={search_term_string}\"},\"query-input\":\"required name=search_term_string\"}],\"inLanguage\":\"es-CO\"}]}<\/script>\n<!-- \/ Yoast SEO plugin. -->","yoast_head_json":{"title":"Participa - 50 a\u00f1os de violencia y resistencia en la Universidad de Antioquia","robots":{"index":"index","follow":"follow","max-snippet":"max-snippet:-1","max-image-preview":"max-image-preview:large","max-video-preview":"max-video-preview:-1"},"canonical":"https:\/\/hacemosmemoria.org\/udea50\/participa\/","og_locale":"es_ES","og_type":"article","og_title":"Participa - 50 a\u00f1os de violencia y resistencia en la Universidad de Antioquia","og_description":"Si quieres contribuir a la construcci\u00f3n de este producto puedes enviarnos tus comentarios, testimonios, informaci\u00f3n adicional, material fotogr\u00e1fico, en video u otros formatos sobre alguno de los hechos contenidos en la l\u00ednea de tiempo mediante este formulario.","og_url":"https:\/\/hacemosmemoria.org\/udea50\/participa\/","og_site_name":"50 a\u00f1os de violencia y resistencia en la Universidad de Antioquia","article_modified_time":"2019-09-02T02:21:49+00:00","twitter_card":"summary_large_image","schema":{"@context":"https:\/\/schema.org","@graph":[{"@type":"WebPage","@id":"https:\/\/hacemosmemoria.org\/udea50\/participa\/","url":"https:\/\/hacemosmemoria.org\/udea50\/participa\/","name":"Participa - 50 a\u00f1os de violencia y resistencia en la Universidad de Antioquia","isPartOf":{"@id":"https:\/\/hacemosmemoria.org\/udea50\/#website"},"datePublished":"2019-07-17T20:19:08+00:00","dateModified":"2019-09-02T02:21:49+00:00","breadcrumb":{"@id":"https:\/\/hacemosmemoria.org\/udea50\/participa\/#breadcrumb"},"inLanguage":"es-CO","potentialAction":[{"@type":"ReadAction","target":["https:\/\/hacemosmemoria.org\/udea50\/participa\/"]}]},{"@type":"BreadcrumbList","@id":"https:\/\/hacemosmemoria.org\/udea50\/participa\/#breadcrumb","itemListElement":[{"@type":"ListItem","position":1,"name":"Inicio","item":"https:\/\/hacemosmemoria.org\/udea50\/"},{"@type":"ListItem","position":2,"name":"Participa"}]},{"@type":"WebSite","@id":"https:\/\/hacemosmemoria.org\/udea50\/#website","url":"https:\/\/hacemosmemoria.org\/udea50\/","name":"50 a\u00f1os de violencia y resistencia en la Universidad de Antioquia","description":"Un contenido de Hacemos Memoria","potentialAction":[{"@type":"SearchAction","target":{"@type":"EntryPoint","urlTemplate":"https:\/\/hacemosmemoria.org\/udea50\/?s={search_term_string}"},"query-input":"required name=search_term_string"}],"inLanguage":"es-CO"}]}},"jetpack_sharing_enabled":true,"_links":{"self":[{"href":"https:\/\/hacemosmemoria.org\/udea50\/wp-json\/wp\/v2\/pages\/451"}],"collection":[{"href":"https:\/\/hacemosmemoria.org\/udea50\/wp-json\/wp\/v2\/pages"}],"about":[{"href":"https:\/\/hacemosmemoria.org\/udea50\/wp-json\/wp\/v2\/types\/page"}],"author":[{"embeddable":true,"href":"https:\/\/hacemosmemoria.org\/udea50\/wp-json\/wp\/v2\/users\/1"}],"replies":[{"embeddable":true,"href":"https:\/\/hacemosmemoria.org\/udea50\/wp-json\/wp\/v2\/comments?post=451"}],"version-history":[{"count":5,"href":"https:\/\/hacemosmemoria.org\/udea50\/wp-json\/wp\/v2\/pages\/451\/revisions"}],"predecessor-version":[{"id":619,"href":"https:\/\/hacemosmemoria.org\/udea50\/wp-json\/wp\/v2\/pages\/451\/revisions\/619"}],"wp:attachment":[{"href":"https:\/\/hacemosmemoria.org\/udea50\/wp-json\/wp\/v2\/media?parent=451"}],"curies":[{"name":"wp","href":"https:\/\/api.w.org\/{rel}","templated":true}]}}