{"id":191,"date":"2019-07-14T11:45:57","date_gmt":"2019-07-14T16:45:57","guid":{"rendered":"http:\/\/hacemosmemoria.org\/udea50\/?page_id=191"},"modified":"2019-07-18T06:42:06","modified_gmt":"2019-07-18T11:42:06","slug":"glosario","status":"publish","type":"page","link":"https:\/\/hacemosmemoria.org\/udea50\/glosario\/","title":{"rendered":"Glosario"},"content":{"rendered":"\n<p><strong>\u00c1guilas Negras:<\/strong> organizaci\u00f3n paramilitar que emergi\u00f3 en el pa\u00eds tras el proceso de desmovilizaci\u00f3n de las Autodefensas Unidas de Colombia (AUC), realizado entre 2003 y 2006. La existencia del autodenominado grupo \u201c\u00c1guilas Negras\u201d se ha conocido a trav\u00e9s de los panfletos y amenazas que ha suscrito.<\/p>\n\n\n\n<p><strong>Amor por Medell\u00edn: <\/strong>grupo paramilitar conformado en la ciudad de Medell\u00edn a finales de los a\u00f1os ochenta, que se autodenomin\u00f3 como una organizaci\u00f3n de \u201climpieza social\u201d. Se le responsabiliza de asesinatos, desapariciones y torturas a l\u00edderes sociales, dirigentes pol\u00edticos, estudiantes, j\u00f3venes y trabajadoras sexuales, entre otros.<\/p>\n\n\n\n<p>Esta agrupaci\u00f3n ilegal se diferencia de la Fundaci\u00f3n Amor por Medell\u00edn y Antioquia, creada el 13 de mayo de 1980 por convocatoria de la Alcald\u00eda de Medell\u00edn con el prop\u00f3sito de desarrollar campa\u00f1as y estrategias de formaci\u00f3n a l\u00edderes orientadas a recuperar los valores c\u00edvicos, el sentido de pertenencia por la regi\u00f3n y la participaci\u00f3n ciudadana.<\/p>\n\n\n\n<p><strong>Amparar: <\/strong>palabra de uso coloquial en Colombia para referir la expedici\u00f3n de un salvoconducto para el porte o tenencia de un arma de fuego, el cual es otorgado por las autoridades militares del pa\u00eds. El amparo se refiere al permiso o la protecci\u00f3n que adquiere la persona para portar el arma sin incurrir en un delito. Esta palabra puede ser utilizada como un verbo o como adjetivo en una oraci\u00f3n. En el primer caso ser\u00eda: \u201cEl hombre <em>ampar\u00f3 <\/em>su pistola\u201d. Y en el segundo: \u201cEl hombre tiene una pistola <em>amparada<\/em>\u201d.<\/p>\n\n\n\n<p><strong>Asamblea constitucional o asamblea constituyente: <\/strong>es un mecanismo democr\u00e1tico y participativo que convoca a las distintas fuerzas sociales y pol\u00edticas de un pa\u00eds para la creaci\u00f3n o reforma de la constituci\u00f3n. En Colombia la \u00faltima Asamblea Nacional Constituyente se realiz\u00f3 en 1991, luego de un proceso de negociaci\u00f3n con distintas guerrillas que deriv\u00f3 en la creaci\u00f3n de una nueva constituci\u00f3n pol\u00edtica, en reemplazo de la Constituci\u00f3n Pol\u00edtica de 1886. La nueva Constituci\u00f3n aport\u00f3 a la recuperaci\u00f3n de la paz, entre otros aspectos, lo que gener\u00f3 una mayor apertura pol\u00edtica, brind\u00f3 nuevos mecanismos de participaci\u00f3n ciudadana, y consagr\u00f3 garant\u00edas y derechos fundamentales para los colombianos.&nbsp;<\/p>\n\n\n\n<p><strong>Asamblea estudiantil:<\/strong> \u00f3rgano de representaci\u00f3n, discusi\u00f3n y decisi\u00f3n de los estudiantes. Se conforma trav\u00e9s de procesos de votaci\u00f3n en los que los distintos sectores estudiantiles eligen a sus representantes. La instancia m\u00e1xima es la Asamblea General de Estudiantes en la que participan los representantes de las asambleas estudiantiles de cada facultad o dependencia universitaria.<\/p>\n\n\n\n<p><strong>Bomba molotov: <\/strong>artefacto incendiario de fabricaci\u00f3n artesanal elaborado generalmente con una botella de vidrio con l\u00edquido inflamable y una mecha.<\/p>\n\n\n\n<p><strong>Campamento estudiantil: <\/strong>forma de protesta utilizada en algunas ocasiones por los estudiantes para presionar decisiones de las directivas o las autoridades de educaci\u00f3n. Consiste en levantar tiendas de acampar en las instalaciones del centro universitario, permanecer d\u00eda y noche en el lugar y desarrollar actividades art\u00edsticas, culturales y jornadas de deliberaci\u00f3n.<\/p>\n\n\n\n<p><strong>Campus universitario:<\/strong> espacio f\u00edsico donde se ubican las edificaciones de una universidad. Alberga tanto las dependencias administrativas como acad\u00e9micas.<\/p>\n\n\n\n<p><strong>Capucha: <\/strong>prenda de vestir, generalmente elaborada de tela, que cubre la cabeza y el rostro. La capucha simboliza el car\u00e1cter clandestino de la acci\u00f3n puesto que oculta la identidad de quien la porta. Es utilizada generalmente por personas que salen a entregar propaganda y a manifestarse haciendo uso de artefactos explosivos o armas de fuego. A las personas que usan esta prenda se les dice coloquialmente \u201cencapuchados\u201d.<\/p>\n\n\n\n<p><strong>Chicuca: <\/strong>palabra de uso coloquial en Colombia que significa mierda. Se utiliza generalmente en la expresi\u00f3n: \u201clo hicieron chicuca\u201d.<\/p>\n\n\n\n<p><strong>Ciudad universitaria: <\/strong>espacio f\u00edsico donde se ubican las edificaciones de una universidad. Alberga tanto las dependencias administrativas como acad\u00e9micas.<\/p>\n\n\n\n<p><strong>Comando de Juventudes Conservadoras: <\/strong>colectividad del Partido Conservador Colombiano conformada por j\u00f3venes militantes de dicha organizaci\u00f3n pol\u00edtica. En los a\u00f1os sesenta y setenta ten\u00eda injerencia en los espacios de representaci\u00f3n y deliberaci\u00f3n estudiantil dentro de la Universidad de Antioquia.<\/p>\n\n\n\n<p><strong>Comisi\u00f3n Especial de Reestructuraci\u00f3n de la Universidad de Antioquia: <\/strong>mecanismo institucional instalado en octubre de 1985, por resoluci\u00f3n del Consejo Superior Universitario, con el prop\u00f3sito de diagnosticar y recomendar reformas a la Universidad orientadas a superar la crisis generada por las acciones violentas dentro del campus y las constantes interrupciones de la programaci\u00f3n acad\u00e9mica.<\/p>\n\n\n\n<p><strong>Consejo Acad\u00e9mico Universitario: <\/strong>\u00f3rgano directivo de la Universidad encargado de liderar el avance de los procesos acad\u00e9micos, aprobando y evaluando los planes de investigaci\u00f3n, extensi\u00f3n, estudio y actividades curriculares. Tambi\u00e9n se encarga de definir las condiciones acad\u00e9micas de profesores y estudiantes, trazar orientaciones generales para los administrativos, y fijar las pol\u00edticas y condiciones de admisi\u00f3n para los programas de pregrado y posgrado. Fue creado en reemplazo del Consejo Directivo Universitario a partir del Decreto 80 de 1980, expedido por el Gobierno nacional.<\/p>\n\n\n\n<p><strong>Consejo Directivo Universitario:<\/strong> \u00f3rgano directivo de la Universidad integrado por los decanos de las diferentes facultades que funcion\u00f3 hasta los a\u00f1os ochenta, cuando el Decreto 80 orden\u00f3 reemplazarlos por el Consejo Acad\u00e9mico Universitario.<\/p>\n\n\n\n<p><strong>Consejo de Facultad: <\/strong>m\u00e1ximo \u00f3rgano directivo de una facultad acad\u00e9mica. En la Universidad de Antioquia fue establecido en el Estatuto General, Acuerdo Superior 1 expedido el 5 de marzo de 1994. Entre sus funciones est\u00e1n: dirigir y controlar el desarrollo curricular de su facultad con la asesor\u00eda del Comit\u00e9 de Curr\u00edculo y de los comit\u00e9s de los institutos, de las escuelas y de los departamentos acad\u00e9micos; promover la publicaci\u00f3n y difusi\u00f3n de los logros y actividades de su facultad; proponer al Consejo Acad\u00e9mico los planes de investigaci\u00f3n, de desarrollo docente y de extensi\u00f3n de su facultad, controlarlos y evaluar su cumplimiento; formular pol\u00edticas espec\u00edficas de investigaci\u00f3n, de docencia y de extensi\u00f3n que redunden en elevar la calidad de la vida acad\u00e9mica; y asesorar al decano cuando lo necesite.&nbsp;<\/p>\n\n\n\n<p><strong>Consejos verbales de guerra: <\/strong>procedimientos utilizados durante el gobierno del presidente Julio C\u00e9sar Turbay Ayala (1978-1982), para el juzgamiento de civiles por parte de tribunales militares. La medida hizo parte del Estatuto de Seguridad, Decreto 1923 del 6 de septiembre de 1978, que expidi\u00f3 el mandatario, amparado en el estado de sitio, bajo el argumento de enfrentar al \u201cenemigo interno\u201d. Este paquete de medidas de la Doctrina de Seguridad Nacional fue criticado por organismos de derechos humanos.<\/p>\n\n\n\n<p><strong>Cuerpos de Paz: <\/strong>agencia federal independiente de los Estados Unidos de Am\u00e9rica, establecida en el Decreto 10924 del 1 de marzo de 1961, a trav\u00e9s de la cual ciudadanos estadounidenses son enviados como voluntarios a pa\u00edses en v\u00eda de desarrollo para trabajar con gobiernos, escuelas, organizaciones y empresas. En Colombia la presencia de estos Cuerpos de Paz, en los a\u00f1os sesenta, fue rechazada por sectores sociales que los consideraron una forma de intervenci\u00f3n extranjera.<\/p>\n\n\n\n<p><strong>D\u00eda del Estudiante Ca\u00eddo:<\/strong> fecha cl\u00e1sica del estudiantado colombiano. Se conmemora cada 8 y 9 de junio en honor a los estudiantes asesinados en medio de enfrentamientos con fuerzas del Estado en las luchas estudiantiles y sociales de 1929, 1954 y 1973.<\/p>\n\n\n\n<p><strong>D\u00eda del Guerrillero Heroico: <\/strong>fecha que conmemora los hechos del 8 de octubre de 1967 cuando el guerrillero argentino Ernesto Guevara fue herido en combate con soldados bolivianos, siendo capturado y fusilado al d\u00eda siguiente por el Ej\u00e9rcito de Bolivia.<\/p>\n\n\n\n<p><strong>Disquete: <\/strong>disco magn\u00e9tico port\u00e1til utilizado en unidades de computadora para guardar y compartir informaci\u00f3n. Fue inventado en 1967 y entr\u00f3 en desuso en la primera d\u00e9cada del 2000 debido a su poca capacidad de almacenamiento y a la invenci\u00f3n de otros dispositivos como los discos compactos, las USB y los discos duros port\u00e1tiles.<\/p>\n\n\n\n<p><strong>El Aeropuerto: <\/strong>expresi\u00f3n usada entre miembros de la comunidad universitaria para referirse a un sector de la Universidad de Antioquia, en el que se venden y consumen bebidas alcoh\u00f3licas y sustancias psicoactivas de manera clandestina. \u201cEl Aeropuerto\u201d est\u00e1 ubicado en la zona norte de la Universidad, aleda\u00f1o a la cancha de f\u00fatbol.<\/p>\n\n\n\n<p><strong>Empresas P\u00fablicas de Medell\u00edn: <\/strong>empresa p\u00fablica del municipio de Medell\u00edn prestadora de servicios de agua, energ\u00eda y gas natural, creada el 6 de agosto de 1955. Es m\u00e1s conocida por su sigla EPM.<\/p>\n\n\n\n<p><strong>Empresas Varias de Medell\u00edn: <\/strong>empresa de origen p\u00fablico creada mediante el Acuerdo 59 del 11 de septiembre de 1964 para cumplir diversos servicios en la ciudad como la organizaci\u00f3n y manejo de las plazas de mercado, de la Feria de Ganados, del transporte masivo de aseo de la ciudad, entre otros. En la actualidad la Emvarias es una sociedad an\u00f3nima que hace parte del Grupo EPM.<\/p>\n\n\n\n<p><strong>Encapuchado: <\/strong>persona que utiliza una capucha para ocultar su rostro. En el contexto universitario hace referencia a miembros de grupos clandestinos que, con sus rostros cubiertos, protagonizan protestas, detonan explosivos y enfrentan a la fuerza p\u00fablica.<\/p>\n\n\n\n<p><strong>Estado de sitio: <\/strong>r\u00e9gimen de excepci\u00f3n consagrado en el art\u00edculo 121 de la Constituci\u00f3n Pol\u00edtica de 1886, que daba facultades especiales al presidente en caso de guerra exterior o conmoci\u00f3n interior que perturbara el orden p\u00fablico. Seg\u00fan esa norma, el presidente quedar\u00eda \u201cinvestido de las facultades que le confieren las leyes y, en su defecto, de las que le da el derecho de gentes para defender los derechos de la naci\u00f3n o reprimir el alzamiento\u201d. En la Constituci\u00f3n de 1991 el estado de sitio fue reemplazado por los estados de excepci\u00f3n (art\u00edculos 212 a 214) que comprenden el estado de guerra exterior y el estado de conmoci\u00f3n interior.<\/p>\n\n\n\n<p><strong>Estatuto de Seguridad: <\/strong>bajo este nombre es conocido el Decreto 1923 del 6 de septiembre de 1978, expedido por el presidente de Colombia Julio C\u00e9sar Turbay Ayala (1978-1982). A trav\u00e9s de este estatuto, decretado bajo el argumento del estado de sitio, se aplic\u00f3 la Doctrina de Seguridad Nacional para combatir al \u201cenemigo interno\u201d. Las medidas contenidas en esta pol\u00edtica estatal ampliaron el poder de las fuerzas armadas y los organismos de inteligencia, y restringieron derechos ciudadanos que dieron lugar a abusos oficiales.<\/p>\n\n\n\n<p><strong>Extranjerizaci\u00f3n: <\/strong>refiere la intervenci\u00f3n de gobiernos, empresas u organizaciones extranjeras para introducir costumbres, pol\u00edticas u otros elementos en la cultura de una naci\u00f3n.<\/p>\n\n\n\n<p><strong>Foro de Reflexi\u00f3n y Deliberaci\u00f3n: <\/strong>espacio de concertaci\u00f3n desarrollado a lo largo del segundo semestre de 1993 para analizar y proponer soluciones a los problemas estructurales que ten\u00edan en crisis a la Universidad de Antioquia. Su realizaci\u00f3n parti\u00f3 de la iniciativa de los consejos acad\u00e9micos de facultad y las escuelas e institutos de la universidad. El comit\u00e9 del foro estuvo conformado por 30 personas de diferentes estamentos del Alma M\u00e1ter, quienes abordaron temas como la autonom\u00eda universitaria, la estructura de poder dentro del centro educativo, el desarrollo de la ciencia y la tecnolog\u00eda, las relaciones de la universidad con la sociedad y el Estado, y las caracter\u00edsticas de la comunidad universitaria.<\/p>\n\n\n\n<p><strong>Frente Com\u00fan por la Defensa de la UdeA: <\/strong>espacio de articulaci\u00f3n de diferentes sectores de la comunidad universitaria creado en 1988 con el prop\u00f3sito de buscar salidas a las problem\u00e1ticas de la Universidad afectada en ese \u00faltimo periodo por el asesinato sistem\u00e1tico de docentes y estudiantes, y la suspensi\u00f3n de actividades por parte de las directivas como respuesta a los hechos de violencia. El frente com\u00fan fue creado por representantes del Sindicato de Trabajadores Oficiales de la Universidad de Antioquia, la Asociaci\u00f3n de Empleados no Docentes y los estudiantes.<\/p>\n\n\n\n<p><strong>Frente Estudiantil Democr\u00e1tico: <\/strong>movimiento nacional de estudiantes creado en Santiago de Cali en junio de 1971 con el prop\u00f3sito de articular a los sectores estudiantiles de diferentes universidades del pa\u00eds para buscar alternativas a los problemas de la educaci\u00f3n superior, exigir la liberaci\u00f3n de estudiantes detenidos en distintas protestas y buscar el restablecimiento de la normalidad acad\u00e9mica.<\/p>\n\n\n\n<p><strong>Frente Jacobo Arenas de las FARC: <\/strong>fue una estructura de las desmovilizadas Fuerzas Armadas Revolucionarias de Colombia, que tuvo presencia en el departamento de Antioquia incluidas algunas comunas de la zona urbana de Medell\u00edn. Su nombre rindi\u00f3 homenaje a Luis Alberto Morantes Jaimes, alias \u201cJacobo Arenas\u201d, uno de los ide\u00f3logos y fundadores de esa guerrilla, quien muri\u00f3 de un infarto en 1990.&nbsp;<\/p>\n\n\n\n<p><strong>Frente Popular: <\/strong>movimiento pol\u00edtico de izquierda surgido en 1984 tras el acuerdo de cese al fuego, paz y tregua pactado en La Uribe, departamento del Meta, en medio de las negociaciones de las guerillas colombianas con el gobierno del presidente Belisario Betancur. Este movimiento buscaba unir a diferentes sectores sociales para exigir la soluci\u00f3n negociada al conflicto y participar en una Asamblea Nacional Constituyente. Sus integrantes fueron asesinados por fuerzas paramilitares y del Estado junto a otras iniciativas democr\u00e1ticas de la izquierda como la Uni\u00f3n Patri\u00f3tica y A Luchar.<\/p>\n\n\n\n<p><strong>Guardia Estudiantil: <\/strong>grupo pol\u00edtico y clandestino que hace presencia en la Universidad de Antioquia. En su accionar sus integrantes hacen uso de capuchas para cubrir sus rostros, detonan explosivos y durante sus manifestaciones confrontan a la fuerza p\u00fablica. Suelen lucir pa\u00f1oletas rojas como distintivos.<\/p>\n\n\n\n<p><strong>Ku Klux Klan: <\/strong>agrupaci\u00f3n que articula a organizaciones de extrema derecha de los Estados Unidos que promueven la supremac\u00eda de la raza blanca, la xenofobia, el antisemitismo y la homofobia, al igual que el anticatolicismo y el anticomunismo. Sus or\u00edgenes se remontan a 1865, luego de la guerra civil estadounidense, cuando fue conformado por un grupo de exoficiales del ej\u00e9rcito confederado. En sus acciones p\u00fablicas y violentas los integrantes de este grupo usan capuchas y largos vestidos blancos.<\/p>\n\n\n\n<p><strong>Marcha de los claveles rojos: <\/strong>nombre dado a la movilizaci\u00f3n realizada el 13 de agosto de 1987 en Medell\u00edn, en la cual participaron cerca de tres mil personas que rechazaron los asesinatos sistem\u00e1ticos de estudiantes y docentes de la Universidad de Antioquia ocurridos ese a\u00f1o. En la marcha participaron los defensores de derechos humanos Pedro Luis Valencia Giraldo, quien fue asesinado al d\u00eda siguiente de la movilizaci\u00f3n, y Luis Felipe V\u00e9lez Herrera, H\u00e9ctor Abad G\u00f3mez y Leonardo Betancur, quienes fueron asesinados doce d\u00edas despu\u00e9s.<\/p>\n\n\n\n<p><strong>Marcha del silencio: <\/strong>nombre dado a la movilizaci\u00f3n universitaria realizada el 9 de junio de 1983 en rechazo a las acciones de violencia contra la Universidad de Antioquia y sus integrantes y la desaparici\u00f3n forzada de varios alumnos. Acciones de este tipo se repitieron en otros periodos de violencia en el Alma M\u00e1ter: el 13 de agosto de 1987, en la que se conoci\u00f3 como la marcha de los claveles rojos, cuyo recorrido se realiz\u00f3 en silencio; y el 13 de mayo de 1998, cuando la comunidad universitaria march\u00f3 en silencio para repudiar el asesinato del docente Rafael Caldas Z\u00e1rate.<\/p>\n\n\n\n<p><strong>Milicias Estudiantiles: <\/strong>grupo armado clandestino de izquierda armada que ten\u00eda expresiones en colegios y universidades p\u00fablicas del pa\u00eds. En Medell\u00edn hac\u00edan presencia en la Universidad Nacional, Universidad de Antioquia, y los colegios Marco Fidel Su\u00e1rez, Pascual Bravo y Alzate Avenda\u00f1o.<\/p>\n\n\n\n<p><strong>Mime\u00f3grafo: <\/strong>instrumento utilizado para hacer copias de textos o figuras grabadas en papel. Fue inventado al final del siglo XIX. Era usado como una forma econ\u00f3mica de reproducir amplios vol\u00famenes de copias. El primer prototipo de esta m\u00e1quina fue inventado por Thomas Edison en 1887.<\/p>\n\n\n\n<p><strong>Mitin: <\/strong>reuni\u00f3n en un espacio p\u00fablico en la que una o varias personas, de relevancia pol\u00edtica o social, pronuncian discursos.<\/p>\n\n\n\n<p><strong>Movimiento Bolivariano de la Nueva Colombia: <\/strong>organizaci\u00f3n pol\u00edtica integrada al brazo armado de la guerrilla de las FARC que fue lanzada p\u00fablicamente por esa guerrilla el 29 de abril de 2000.<\/p>\n\n\n\n<p><strong>Movimiento Estudiantil por la Constituyente: <\/strong>fue uno de los movimientos estudiantiles de alcance nacional constituidos en Colombia a finales de los ochenta para impulsar y apoyar el proceso nacional constituyente, que se gener\u00f3 a partir del proceso de negociaci\u00f3n de las guerrillas con el Estado colombiano y que di\u00f3 lugar a la Constituci\u00f3n de 1991.<\/p>\n\n\n\n<p><strong>Movimiento Obrero Estudiantil Nacional Socialista: <\/strong>grupo paramilitar creado en los a\u00f1os ochenta al servicio de los hermanos Casta\u00f1o Gil, fundadores de las Autodefensas Campesinas de C\u00f3rdoba y Urab\u00e1, en el noroccidente colombiano. A este movimiento paramilitar se le responsabiliza, entre otras, de la masacre de la JUCO, el 24 de noviembre de 1987 en Medell\u00edn, y de la masacre de Honduras y La Negra en Turbo, Urab\u00e1, el 4 de marzo de 1988.<\/p>\n\n\n\n<p><strong>Movimiento de Renovaci\u00f3n de la UdeA: <\/strong>fue un movimiento conformado por un grupo de profesores de la Universidad de Antioquia en los a\u00f1os setenta, que respaldaban las reformas, programas y medidas adoptadas por las directivas y el rector Luis Fernando Duque. Esta postura distanci\u00f3 a este grupo de docentes de la Asociaci\u00f3n de Profesores de la Universidad.<\/p>\n\n\n\n<p><strong>Movimiento Renovaci\u00f3n y Transformaci\u00f3n Universitaria: <\/strong>grupo clandestino que se di\u00f3 a conocer en julio de 1988 con el secuestro del docente de Medicina, Gustavo Fern\u00e1ndez Fern\u00e1ndez.<\/p>\n\n\n\n<p><strong>Papa bomba: <\/strong>artefacto explosivo de fabricaci\u00f3n artesanal que detona al impacto. Es usada principalmente por manifestantes en protestas estudiantiles. Su elaboraci\u00f3n se realiza con papel aluminio, piedras y elementos como potasio y azufre.<\/p>\n\n\n\n<p><strong>Parada militar:<\/strong> acci\u00f3n p\u00fablica de demostraci\u00f3n de fuerza en la que los integrantes de un ej\u00e9rcito, agrupaci\u00f3n armada o grupo clandestino se forman de manera ordenada exhibiendo sus uniformes, insignias y armas.<\/p>\n\n\n\n<p><strong>Paraninfo: <\/strong>sala o aula m\u00e1xima de una universidad destinada a la realizaci\u00f3n de actos p\u00fablicos. El Paraninfo de la Universidad de Antioquia est\u00e1 ubicado en el Edificio San Ignacio en el centro de Medell\u00edn.<\/p>\n\n\n\n<p><strong>Partido Comunista Colombiano:<\/strong> partido pol\u00edtico de izquierda cuya ideolog\u00eda y pr\u00e1cticas de acci\u00f3n se orientan por la teor\u00eda del marxismo. Fue fundado el 17 de julio de 1930 como una secci\u00f3n de la Internacional Comunista. Inicialmente se llam\u00f3 Partido Pol\u00edtico Marxista Leninista de Colombia.<\/p>\n\n\n\n<p><strong>Petardo: <\/strong>artefacto explosivo elaborado generalmente con un tubo de cualquier material de poca resistencia, al cual se le rellena con p\u00f3lvora y se le instala una mecha.<\/p>\n\n\n\n<p><strong>\u201cPicado\u201d o \u201cpicadito\u201d:<\/strong><em> <\/em>palabra de uso coloquial usada para referir el juego de un partido de f\u00fatbol. La frase suele ser utilizada entre amigos de barrio, de trabajo o de estudio para convocar a sus compa\u00f1eros a jugar un partido. <em>Ej.<\/em> Juguemos un \u201cpicadito\u201d.<\/p>\n\n\n\n<p><strong>Plan B\u00e1sico para la Educaci\u00f3n Superior:<\/strong> proyecto de reforma a la educaci\u00f3n superior en Colombia propuesto por el Gobierno nacional a finales de los a\u00f1os sesenta. Su elaboraci\u00f3n se realiz\u00f3 entre 1966 y 1967 con la asesor\u00eda de la Universidad de California. La propuesta gener\u00f3 rechazo y protestas de los estudiantes colombianos que lo calificaron como una intervenci\u00f3n extranjera en las pol\u00edticas educativas del pa\u00eds.<\/p>\n\n\n\n<p><strong>Programa M\u00ednimo de Estudiantes Colombianos:<\/strong> propuesta de reformas a la educaci\u00f3n superior presentada al gobierno colombiano por el movimiento estudiantil de 1971 ante su inconformidad con el sistema y el r\u00e9gimen acad\u00e9mico de educaci\u00f3n superior.<\/p>\n\n\n\n<p><strong>Uni\u00f3n Revolucionaria Clandestina: <\/strong>grupo clandestino con presencia en la Universidad de Antioquia que particip\u00f3 en la protesta del 18 de abril de 2012 en la que un agente del Esmad perdi\u00f3 una pierna por la explosi\u00f3n de un petardo.<\/p>\n\n\n\n<p><strong>Vilipendiar:<\/strong> acci\u00f3n de despreciar o denigrar de alguien o de algo. <\/p>\n\n\n\n<p style=\"font-size:30px\" class=\"has-text-color has-very-dark-gray-color\"><strong>\u00cdndice de siglas<\/strong><\/p>\n\n\n\n<p><strong>Adida:<\/strong> Asociaci\u00f3n de Institutores de Antioquia. Organizaci\u00f3n que re\u00fane a un sector del gremio de educadores del departamento. Est\u00e1 integrada por docentes y directivos docentes. Defiende la educaci\u00f3n p\u00fablica, la organizaci\u00f3n sindical y los derechos de los profesores.<\/p>\n\n\n\n<p><strong>Asdua: <\/strong>Asociaci\u00f3n de Docentes de la Universidad de Antioquia. Fue creada en 1973 a partir de una fractura interna en la Asociaci\u00f3n de Profesores de la Universidad de Antioquia (Asoprudea) en el contexto de las discusiones y las movilizaciones universitarias en torno a la educaci\u00f3n superior en Colombia. Las tensiones al interior de la organizaci\u00f3n se centraron en el respaldo de un sector de los profesores al estudiantado, la reforma al estatuto docente, la participaci\u00f3n en los \u00f3rganos de direcci\u00f3n de la Universidad, y la representaci\u00f3n profesoral. Tras su conformaci\u00f3n, Asdua respald\u00f3 las pol\u00edticas universitarias del Gobierno nacional y se convirti\u00f3 en contraparte de Asoprudea.<\/p>\n\n\n\n<p><strong>Asfaddes:<\/strong> Asociaci\u00f3n de Familiares de Detenidos y Desaparecidos. Organizaci\u00f3n que congrega a los familiares de v\u00edctimas de desaparici\u00f3n forzada en medio del conflicto armado en Colombia. La primera acci\u00f3n p\u00fablica de Asfaddes data del 4 febrero de 1983 cuando diferentes familias, que buscaban a sus parientes desaparecidos, se articularon por primera vez y salieron a las calles con las fotos y los nombres de sus seres queridos escritos en pancartas para exigir la aparici\u00f3n con vida de los desaparecidos, y el juicio y castigo a los culpables de las desapariciones.&nbsp;<\/p>\n\n\n\n<p><strong>Asoprudea: <\/strong>Asociaci\u00f3n de Profesores de la Universidad de Antioquia. Tuvo sus or\u00edgenes en 1957, pero su fundaci\u00f3n formal se dio el 9 de mayo de 1962. Fue conformada por un grupo de m\u00e9dicos y acad\u00e9micos de la Universidad, entre ellos, Guillermo Latorre, Emilio Bojanini, \u00d3scar Duque Hern\u00e1ndez, Alfredo Correa Henao, H\u00e9ctor Abad G\u00f3mez y Aycardo Orozco.&nbsp;<\/p>\n\n\n\n<p><strong>ATH: <\/strong>A Toda Hora. Red de cajeros electr\u00f3nicos de las entidades financieras del Grupo Aval en Colombia.<\/p>\n\n\n\n<p><strong>AUC: <\/strong>Autodefensas Unidas de Colombia. Confederaci\u00f3n paramilitar conformada en 1997 para unificar, bajo una estructura, a los diferentes grupos de autodefensas del pa\u00eds.<\/p>\n\n\n\n<p><strong>Audea: <\/strong>Autodefensas Universidad de Antioquia. Grupo clandestino paramilitar, integrado a las Autodefensas Unidas de Colombia, que actu\u00f3 dentro de la Universidad.<\/p>\n\n\n\n<p><strong>CAI:<\/strong> Comando de Atenci\u00f3n Inmediata de la Polic\u00eda Nacional. Generalmente sus instalaciones est\u00e1n ubicadas en barrios, sectores concurridos y zonas estrat\u00e9gicas para el despliegue policial.<\/p>\n\n\n\n<p><strong>CER: <\/strong>Comisi\u00f3n Especial de Renovaci\u00f3n. Creada a partir de la resoluci\u00f3n 141 del 27 de septiembre de 1985, art\u00edculo segundo, para enfrentar la crisis institucional que atravesaba la Universidad de Antioquia por situaciones como atentados, paros estudiantiles y conflictos por bajos rendimientos acad\u00e9micos, especialmente en la Facultad de Ingenier\u00eda, entre otros. La comisi\u00f3n se propuso evaluar las condiciones de funcionamiento de la Universidad para tomar correctivos que permitieran superar las dificultades. La CER estaba compuesta por el rector, los vicerrectores y los directores de oficinas adscritas al despacho del rector; un profesor por cada facultad, escuela e instituto; y el representante de la Asociaci\u00f3n de Profesores.<\/p>\n\n\n\n<p><strong>CEUA:<\/strong> Coordinadora Estudiantil Universidad de Antioquia. Escenario de articulaci\u00f3n pol\u00edtica de las asambleas estudiantiles y de diferentes sectores del movimiento estudiantil de la Universidad.<\/p>\n\n\n\n<p><strong>CNMH:<\/strong> Centro Nacional de Memoria Hist\u00f3rica. Instituci\u00f3n p\u00fablica del Estado colombiano creada a partir de la Ley 1448 de 2011, Ley de V\u00edctimas y Restituci\u00f3n de Tierras, para preservar la memoria hist\u00f3rica del conflicto armado en el pa\u00eds.<\/p>\n\n\n\n<p><strong>Colsingue: <\/strong>Colombia sin Guerrillas. Grupo paramilitar que surge a mediados de los noventa en Colombia anunciando una guerra frontal contra miembros, pol\u00edticos y combatientes de las organizaciones subversivas.<\/p>\n\n\n\n<p><strong>Cooprudea: <\/strong>Cooperativa de Profesores de la Universidad de Antioquia. Fundada en 1983, la entidad ofrece servicios de ahorro, cr\u00e9dito, cursos y otros beneficios a docentes de la Universidad.<\/p>\n\n\n\n<p><strong>CPDH: <\/strong>Comit\u00e9 Permanente por la Defensa de los Derechos Humanos. Organizaci\u00f3n social creada en 1979 en Bogot\u00e1 en desarrollo del Primer Foro Nacional por los Derechos Humanos y las Libertades Democr\u00e1ticas para hacer frente a las medidas de represi\u00f3n de la Doctrina de Seguridad Nacional implementada por el gobierno del presidente Julio C\u00e9sar Turbay Ayala.<\/p>\n\n\n\n<p><strong>CSE: <\/strong>Consejo Superior Estudiantil. Fue el \u00f3rgano de representaci\u00f3n de los estudiantes de la Universidad de Antioquia m\u00e1s importante de los a\u00f1os setenta. Estaba conformado por los representantes de los consejos estudiantiles de cada facultad, los cuales eran elegidos mediante votaci\u00f3n. Sesionaba de manera ordinaria, ten\u00eda un alto grado de legitimidad entre el estudiantado, era reconocido por el profesorado e interactuaba con la administraci\u00f3n central de la Universidad.<\/p>\n\n\n\n<p><strong>CSU: <\/strong>Consejo Superior Universitario. M\u00e1ximo \u00f3rgano de gobierno de las universidades, reglamentado en la Ley 30 de 1992, Ley de Educaci\u00f3n Superior en Colombia. Cuenta con representantes o delegados de diversos sectores de la sociedad que tienen la obligaci\u00f3n de actuar y decidir en beneficio de la instituci\u00f3n. Se encarga de definir las pol\u00edticas administrativas y de estructura organizativa de la Universidad, aprobar o modificar planes y proyectos en funci\u00f3n de la misi\u00f3n y visi\u00f3n de la Universidad, adoptar y evaluar el Plan de Desarrollo de la Universidad, entre otras funciones.<\/p>\n\n\n\n<p><strong>CTI: <\/strong>Cuerpo T\u00e9cnico de Investigaci\u00f3n. Dependencia adscrita a la Fiscal\u00eda General de la Naci\u00f3n.<\/p>\n\n\n\n<p><strong>DAS: <\/strong>Departamento Administrativo de Seguridad. Organismo de inteligencia y contrainteligencia de Colombia que fue suprimido en 2011, por orden del presidente Juan Manuel Santos (2010-2018), debido al esc\u00e1ndalo de las interceptaciones ilegales a magistrados, l\u00edderes pol\u00edticos de oposici\u00f3n, funcionarios del Estado y periodistas durante el gobierno del presidente \u00c1lvaro Uribe V\u00e9lez (2002-2010).<\/p>\n\n\n\n<p><strong>ELN: <\/strong>Ej\u00e9rcito de Liberaci\u00f3n Nacional. Grupo subversivo colombiano fundado en 1964 con presencia en varias zonas de Antioquia. En los a\u00f1os noventa la agrupaci\u00f3n sufri\u00f3 una divisi\u00f3n interna que dio origen a la Corriente de Renovaci\u00f3n Socialista, conformada por sectores que en ese momento consideraron inviable continuar con la estrategia de lucha armada. Los integrantes de esta escisi\u00f3n se desmovilizaron en 1994 luego de un proceso de paz con el gobierno del presidente C\u00e9sar Gaviria Trujillo. Otra parte del grupo insurgente contin\u00faa la lucha armada hasta la fecha.<\/p>\n\n\n\n<p><strong>EPL: <\/strong>Ej\u00e9rcito Popular de Liberaci\u00f3n. Grupo subversivo colombiano que se conform\u00f3 a finales de los sesenta en la zona del Alto Sin\u00fa y Alto San Jorge, noroccidente del pa\u00eds. A principios de los ochenta particip\u00f3, junto a otras guerrillas, en las fracasadas negociaciones de paz con el gobierno del presidente Belisario Betancur. A principios de los noventa el EPL particip\u00f3 de la asamblea nacional constituyente que permiti\u00f3 la desmovilizaci\u00f3n de algunos de los principales grupos insurgentes del pa\u00eds y dio origen a la Constituci\u00f3n Pol\u00edtica de 1991, durante el gobierno del presidente C\u00e9sar Gaviria Trujillo. El grueso del EPL se desmoviliz\u00f3 ese a\u00f1o, pero qued\u00f3 un reducto de la organizaci\u00f3n en Norte de Santander.<\/p>\n\n\n\n<p><strong>Esmad: <\/strong>Escuadr\u00f3n M\u00f3vil Antidisturbios. Es una unidad especial de la Direcci\u00f3n de Seguridad Ciudadana de la Polic\u00eda Nacional.<\/p>\n\n\n\n<p><strong>ETCR: <\/strong>Espacio Territorial de Capacitaci\u00f3n y Reincorporaci\u00f3n. Se cre\u00f3 a partir del punto seis del acuerdo final de paz firmado entre el Estado colombiano y la guerrilla de las FARC. Est\u00e1n destinados a la capacitaci\u00f3n de los excombatientes del grupo subversivo para su reincorporaci\u00f3n a la vida civil, al desarrollo de proyectos productivos, y a la atenci\u00f3n de las necesidades de formaci\u00f3n t\u00e9cnica de las comunidades aleda\u00f1as. Fueron instalados en los sitios donde se crearon las Zonas Veredales Transitorias de Normalizaci\u00f3n, en las que se congregaron los guerrilleros para cumplir el proceso de dejaci\u00f3n de armas. En total se instalaron 24 en todo el pa\u00eds.<\/p>\n\n\n\n<p><strong>FARC-EP: <\/strong>Fuerzas Armadas Revolucionarias de Colombia &#8211; Ej\u00e9rcito del Pueblo. Grupo subversivo colombiano creado en 1964 con presencia en diferentes regiones de Colombia. Este grupo insurgente particip\u00f3 en los di\u00e1logos del gobierno del presidente Belisario Betancur en los ochenta pero se retir\u00f3 del proceso ante el asesinato de varios de sus l\u00edderes pol\u00edticos. Nuevamente se sent\u00f3 a negociar a finales de los noventa en lo que se conoci\u00f3 como los Di\u00e1logos del Cagu\u00e1n con el presidente Andr\u00e9s Pastrana. El proceso fracas\u00f3 y solo fue hasta 2016 que las FARC firmaron un acuerdo final de paz con el gobierno del presidente Juan Manuel Santos. Aunque el grueso de esta guerrilla se desmoviliz\u00f3, a la fecha existen disidencias.<\/p>\n\n\n\n<p><strong>Fecode: <\/strong>Federaci\u00f3n Colombiana de Trabajadores de la Educaci\u00f3n. Organizaci\u00f3n sindical que agrupa a nivel nacional los sindicatos departamentales y distritales de maestros. Hace parte de la Central Unitaria de Trabajadores, la tercera organizaci\u00f3n sindical m\u00e1s grande del pa\u00eds.<\/p>\n\n\n\n<p><strong>IEP:<\/strong> Instituto de Estudios Pol\u00edticos. Unidad acad\u00e9mica de la Universidad de Antioquia dedicada a labores de investigaci\u00f3n, docencia y extensi\u00f3n en el campo de los estudios sobre pol\u00edtica. Hace parte del \u00e1rea de Ciencias Sociales y Humanas.<\/p>\n\n\n\n<p><strong>INER: <\/strong>Instituto de Estudios Regionales. Unidad acad\u00e9mica de la Universidad de Antioquia dedicada al estudio de las realidades territoriales del departamento de Antioquia. Desarrolla labores de investigaci\u00f3n y docencia. Hace parte del \u00e1rea de Ciencias Sociales y Humanas.<\/p>\n\n\n\n<p><strong>IPS: <\/strong>Instituto Prestador de Salud. En la Universidad de Antioquia los servicios de salud los presta la IPS Universitaria.<\/p>\n\n\n\n<p><strong>JCR: <\/strong>Juventud Comunista Revolucionaria. Colectivo marxista leninista fundado por el Partido Comunista Revolucionario en los a\u00f1os setenta para integrar a los j\u00f3venes a sus procesos pol\u00edticos.<\/p>\n\n\n\n<p><strong>JUCO: <\/strong>Juventud Comunista de Colombia. Es una organizaci\u00f3n juvenil ligada al Partido Comunista Colombiano. Fue fundada en 1951, aunque sus or\u00edgenes se remontan a 1932 cuando se cre\u00f3 la Liga Juvenil Comunista de Colombia.&nbsp;<\/p>\n\n\n\n<p><strong>MANE: <\/strong>Mesa Amplia Nacional Estudiantil. Espacio de articulaci\u00f3n entre sectores estudiantiles de diferentes universidades de Colombia creado desde 2011. La mesa surgi\u00f3 en medio de las manifestaciones universitarias contra la reforma a la Ley 30 de Educaci\u00f3n Superior propuesta por el gobierno del presidente Juan Manuel Santos. Las movilizaciones impulsaron el hundimiento de la reforma en la C\u00e1mara de Representantes.<\/p>\n\n\n\n<p><strong>MAS: <\/strong>Muerte a Secuestradores. Grupo paramilitar creado a principios de los a\u00f1os ochenta, luego de que el M-19 secuestrara en Medell\u00edn a Martha Nieves Ochoa, hija del narcotraficante Fabio Ochoa. La estructura fue impulsada y financiada por narcotraficantes, ganaderos y terratenientes para confrontar las extorsiones, secuestros y robos de ganado por parte de las guerrillas. Es considerada la primera expresi\u00f3n a gran escala del paramilitarismo en el pa\u00eds.&nbsp;<\/p>\n\n\n\n<p><strong>MOIR: <\/strong>Movimiento Obrero Independiente Revolucionario. Movimiento colombiano de izquierda que surgi\u00f3 en Medell\u00edn en los setenta. Inicialmente se constituy\u00f3 como un partido pol\u00edtico conformado por los militantes del Movimiento Obrero Estudiantil y Campesino. En su filosof\u00eda est\u00e1 el rechazo a toda forma de violencia. En la actualidad este movimiento es una tendencia dentro del partido Polo Democr\u00e1tico Alternativo.<\/p>\n\n\n\n<p><strong>Movice:<\/strong> Movimiento Nacional de V\u00edctimas de Cr\u00edmenes de Estado. Proceso organizativo creado el 25 de junio de 2005 en Colombia durante el desarrollo del II Encuentro Nacional de V\u00edctimas de Cr\u00edmenes de Lesa Humanidad. Sus or\u00edgenes se remontan a 1996 cuando diversas organizaciones de derechos humanos del pa\u00eds crearon el proyecto Colombia Nunca M\u00e1s para investigar, analizar y documentar los cr\u00edmenes de Estado. En la actualidad en el Movice confluyen m\u00e1s de 200 organizaciones.<\/p>\n\n\n\n<p><strong>MRU:<\/strong> Movimiento de Restauraci\u00f3n Universitaria. Movimiento de estudiantes de la Universidad de Antioquia que surgi\u00f3 en 1971 e intent\u00f3 disputarle el poder al Consejo Superior Estudiantil, en el contexto de la movilizaci\u00f3n nacional por el Programa M\u00ednimo de los Estudiantes Colombianos que hac\u00eda una contrapropuesta al Plan B\u00e1sico de Educaci\u00f3n Superior, reforma educativa presentada por el Gobierno nacional.<\/p>\n\n\n\n<p><strong>MUR: <\/strong>Movimiento de Unidad Revolucionaria. Escisi\u00f3n de la guerrilla del ELN que opt\u00f3 por abandonar la lucha armada para participar en pol\u00edtica. Esta disidencia se articul\u00f3 a la corriente de Renovaci\u00f3n Socialista que particip\u00f3 en las negociaciones con el gobierno del presidente Belisario Betancur y alcanz\u00f3 un acuerdo de paz en 1991. De la articulaci\u00f3n de este movimiento con otros grupos de izquierda surgi\u00f3 la sigla MUR-ML para designar al Movimiento de Unidad Revolucionaria &#8211; Marxista Leninista.<\/p>\n\n\n\n<p><strong>M-19: <\/strong>Movimiento 19 de abril. Grupo insurgente colombiano que se desmoviliz\u00f3 el 8 de marzo de 1990 luego de un proceso de paz con el Estado. Esta guerrilla fue creada por estudiantes universitarios luego de las cuestionadas elecciones presidenciales del 19 de abril de 1970, en las que result\u00f3 electo Misael Pastrana Borrero frente a su contendor Gustavo Rojas Pinilla, cuya campa\u00f1a denunci\u00f3 irregularidades electorales en los comicios.<\/p>\n\n\n\n<p><strong>PC3: <\/strong>Partido Comunista Clandestino Colombiano. Fue un partido pol\u00edtico clandestino creado por la guerrilla de las FARC y dado a conocer en el a\u00f1o 2000. El n\u00famero tres, al final de la sigla, da a entender que se trata de una tercera generaci\u00f3n del Partido Comunista Colombiano.<\/p>\n\n\n\n<p><strong>SENA: <\/strong>Servicio Nacional de Aprendizaje. Es una instituci\u00f3n p\u00fablica del Estado colombiano y de alcance nacional orientada a la formaci\u00f3n t\u00e9cnica para el trabajo.<\/p>\n\n\n\n<p><strong>Sij\u00edn:<\/strong> Seccional de Investigaci\u00f3n Judicial. Hace parte de la Direcci\u00f3n de Investigaci\u00f3n Criminal e Interpol de la Polic\u00eda Nacional.<\/p>\n\n\n\n<p><strong>Simesa: <\/strong>Sider\u00fargica de Medell\u00edn S.A. Empresa colombiana fundada en Medell\u00edn en 1938 dedicada al procesamiento de metales, principalmente hierro y acero.<\/p>\n\n\n\n<p><strong>TIP: <\/strong>Tarjeta Integrada Personal. Tarjeta con un chip electr\u00f3nico que en 2010 reemplaz\u00f3 al carn\u00e9 tradicional como medio para identificar a las personas que tienen alg\u00fan v\u00ednculo con la Universidad de Antioquia sea como estudiantes, docentes, empleados no docentes, contratistas, egresados o jubilados. Se adopt\u00f3 mediante la Resoluci\u00f3n Rectoral 30326 del 15 de junio de 2010.<\/p>\n\n\n\n<p><strong>UC-ELN: <\/strong>Uni\u00f3n Camilista &#8211; Ej\u00e9rcito de Liberaci\u00f3n Nacional. Nombre asumido por la guerrilla del ELN tras un proceso de reagrupaci\u00f3n liderado en los a\u00f1os ochenta por el sacerdote Manuel P\u00e9rez Mart\u00ednez, en medio de una profunda crisis en el grupo insurgente. P\u00e9rez, conocido con el alias de \u201cComandante Poliarco\u201d, antepuso el enunciado Uni\u00f3n Camilista en honor al sacerdote Camilo Torres Restrepo, quien muri\u00f3 en combate en 1966 como miembro del grupo guerrillero.<\/p>\n\n\n\n<p><strong>UdeA: <\/strong>Universidad de Antioquia. Instituci\u00f3n de educaci\u00f3n superior de car\u00e1cter p\u00fablico, fundada en 1803 en Antioquia. Es la universidad m\u00e1s importante de este departamento.<\/p>\n\n\n\n<p><strong>UNAL: <\/strong>Universidad Nacional de Colombia. Instituci\u00f3n universitaria de car\u00e1cter p\u00fablico, con alcance nacional, creada en 1867 en Bogot\u00e1.<\/p>\n\n\n\n<p><strong>UP: <\/strong>Uni\u00f3n Patri\u00f3tica. Partido pol\u00edtico colombiano de izquierda creado el 28 de mayo de 1985 en medio del proceso de negociaci\u00f3n con las guerrillas adelantado por el gobierno del presidente Belisario Betancur. La propuesta de crear este partido fue hecha por las FARC a la Coordinadora Guerrillera Sim\u00f3n Bol\u00edvar que articul\u00f3 a diferentes grupos insurgentes en ese proceso de paz. Pero los miembros de la UP fueron exterminados por fuerzas paramilitares y del Estado, y en medio de esa crisis el Consejo Nacional Electoral anul\u00f3 su personer\u00eda jur\u00eddica. En 2013 un fallo del Consejo de Estado le devolvi\u00f3 la personer\u00eda jur\u00eddica a este partido pol\u00edtico.<\/p>\n\n\n\n<p><strong>ZVTN:<\/strong> Zonas Veredales Transitorias de Normalizaci\u00f3n. Se crean a partir del punto seis del acuerdo final de paz firmado entre el Estado colombiano y la guerrilla de las FARC con el objetivo de dar inicio al proceso de congregaci\u00f3n, dejaci\u00f3n de armas y reincorporaci\u00f3n de los excombatientes del grupo subversivo. En total hubo 24 zonas veredales en distintas regiones del pa\u00eds.&nbsp;<\/p>\n\n\n\n<p style=\"font-size:30px\"><strong>Leyes y decretos:<\/strong><\/p>\n\n\n\n<p><strong>Decreto 277 de 1958: <\/strong>decreto legislativo por el cual se estableci\u00f3 el r\u00e9gimen jur\u00eddico de las universidades oficiales departamentales. Expedido el 16 de julio de 1958 por la Junta Militar del Gobierno de Colombia durante la presidencia de Alberto Lleras Camargo (1958-1962). Por medio de este se determin\u00f3 que las universidades oficiales departamentales ser\u00edan personas jur\u00eddicas aut\u00f3nomas; que su gobierno estar\u00eda conformado por un Consejo Superior Universitario, un Consejo Directivo y un rector; y que su objeto ser\u00eda el fomento de la cultura, la investigaci\u00f3n cient\u00edfica, la formaci\u00f3n profesional y la prestaci\u00f3n de servicios investigativos, t\u00e9cnicos y sociales.<\/p>\n\n\n\n<p><strong>Decreto 2688 de 1966: <\/strong>decreto legislativo por el cual se establecieron sanciones para quienes participaran en actos colectivos de agresi\u00f3n. Expedido el 26 de octubre de 1966 por el presidente de Colombia Carlos Lleras Restrepo. El art\u00edculo n\u00famero uno determinaba una pena de diez d\u00edas de arresto inconmutable para las personas que participaran en actos colectivos de agresi\u00f3n verbal, o por medio de carteles, contra quienes se encontrasen en reuniones debidamente autorizadas, y un arresto de 180 d\u00edas si estos actos se cometiesen contra la fuerza p\u00fablica. Igualmente determinaba sanciones para quienes impidiesen la movilidad de veh\u00edculos o personas en el espacio p\u00fablico, entre otras disposiciones.<\/p>\n\n\n\n<p><strong>Decreto 250 de 1971: <\/strong>decreto legislativo por el cual se dictaron medidas de orden p\u00fablico. Expedido el 4 de marzo de 1971 por el presidente de Colombia Misael Pastrana Borrero. Determinaba que los gobernadores, intendentes, comisarios y el alcalde de Bogot\u00e1, pod\u00edan ordenar arrestos de entre 30 y 180 d\u00edas a las personas que estimularan en cualquier forma el desobedecimiento a la ley, impartieran consignas sobre cese o alteraci\u00f3n de las actividades normales, o incitaran, fomentaran u organizaran reuniones p\u00fablicas, manifestaciones o desfiles de cualquier clase.<\/p>\n\n\n\n<p><strong>Decreto 1259 de 1971:<\/strong> decreto legislativo por el cual se dictaron medidas relacionadas con la conservaci\u00f3n del orden p\u00fablico. Expedido el 5 de octubre de 1971 por el presidente de Colombia, Misael Pastrana Borrero. Por medio de este, el Gobierno nacional determin\u00f3 la creaci\u00f3n de una Comisi\u00f3n Asesora del Rector de la Universidad Nacional de Colombia para el ejercicio de las facultades especiales que le fueron otorgadas por el Decreto 1259 del 25 de junio de 1971, el cual les otorg\u00f3 a los rectores poderes especiales para dictar medidas atribuidas a los Consejos Superiores, Directivos o Acad\u00e9micos. Esto ante la crisis que enfrentaba la Universidad Nacional debido a que los miembros del Consejo Superior se rehusaban a asistir a las deliberaciones directivas.<\/p>\n\n\n\n<p><strong>Ley 30 de 1992: <\/strong>ley por medio de la cual se organiza el servicio p\u00fablico de la Educaci\u00f3n Superior en Colombia. Sancionada el 28 de diciembre de 1992 por el Congreso de la Rep\u00fablica durante la presidencia de C\u00e9sar Gaviria Trujillo. Est\u00e1 vigente en la actualidad, pero algunos de sus art\u00edculos han sido declarados inexequibles parcialmente y otros exequibles condicionados, por la Corte Constitucional.\u00a0<\/p>\n\n\n\n<p><strong>Decreto 4057 de 2011: <\/strong>decreto ley por medio del cual se suprimi\u00f3 el Departamento Administrativo de Seguridad (DAS) y se trasladaron sus funciones a otras instituciones del Estado colombiano. Expedido el 31 de octubre de 2011 por el presidente de Colombia, Juan Manuel Santos Calder\u00f3n (2010-2018). La supresi\u00f3n de este organismo de inteligencia colombiano se decidi\u00f3 a ra\u00edz de las interceptaciones telef\u00f3nicas ilegales que realizaron miembros del DAS a magistrados, l\u00edderes pol\u00edticos de oposici\u00f3n, funcionarios del Estado y periodistas, durante el gobierno del presidente, \u00c1lvaro Uribe V\u00e9lez (2002-2010). <\/p>\n","protected":false},"excerpt":{"rendered":"<p>\u00c1guilas Negras: organizaci\u00f3n paramilitar que emergi\u00f3 en el pa\u00eds tras el proceso de desmovilizaci\u00f3n de las Autodefensas Unidas de Colombia (AUC), realizado entre 2003 y 2006. La existencia del autodenominado grupo \u201c\u00c1guilas Negras\u201d se ha conocido a trav\u00e9s de los panfletos y amenazas que ha suscrito. Amor por Medell\u00edn: grupo paramilitar conformado en la ciudad [&hellip;]<\/p>\n","protected":false},"author":1,"featured_media":0,"parent":0,"menu_order":0,"comment_status":"closed","ping_status":"closed","template":"","meta":{"_acf_changed":false,"_monsterinsights_skip_tracking":false,"_monsterinsights_sitenote_active":false,"_monsterinsights_sitenote_note":"","_monsterinsights_sitenote_category":0,"ngg_post_thumbnail":0,"footnotes":""},"acf":[],"yoast_head":"<!-- This site is optimized with the Yoast SEO plugin v22.1 - https:\/\/yoast.com\/wordpress\/plugins\/seo\/ -->\n<title>Glosario - 50 a\u00f1os de violencia y resistencia en la Universidad de Antioquia<\/title>\n<meta name=\"robots\" content=\"index, follow, max-snippet:-1, max-image-preview:large, max-video-preview:-1\" \/>\n<link rel=\"canonical\" href=\"https:\/\/hacemosmemoria.org\/udea50\/glosario\/\" \/>\n<meta property=\"og:locale\" content=\"es_ES\" \/>\n<meta property=\"og:type\" content=\"article\" \/>\n<meta property=\"og:title\" content=\"Glosario - 50 a\u00f1os de violencia y resistencia en la Universidad de Antioquia\" \/>\n<meta property=\"og:description\" content=\"\u00c1guilas Negras: organizaci\u00f3n paramilitar que emergi\u00f3 en el pa\u00eds tras el proceso de desmovilizaci\u00f3n de las Autodefensas Unidas de Colombia (AUC), realizado entre 2003 y 2006. La existencia del autodenominado grupo \u201c\u00c1guilas Negras\u201d se ha conocido a trav\u00e9s de los panfletos y amenazas que ha suscrito. Amor por Medell\u00edn: grupo paramilitar conformado en la ciudad [&hellip;]\" \/>\n<meta property=\"og:url\" content=\"https:\/\/hacemosmemoria.org\/udea50\/glosario\/\" \/>\n<meta property=\"og:site_name\" content=\"50 a\u00f1os de violencia y resistencia en la Universidad de Antioquia\" \/>\n<meta property=\"article:modified_time\" content=\"2019-07-18T11:42:06+00:00\" \/>\n<meta name=\"twitter:card\" content=\"summary_large_image\" \/>\n<meta name=\"twitter:label1\" content=\"Tiempo estimado de lectura\" \/>\n\t<meta name=\"twitter:data1\" content=\"32 minutos\" \/>\n<script type=\"application\/ld+json\" class=\"yoast-schema-graph\">{\"@context\":\"https:\/\/schema.org\",\"@graph\":[{\"@type\":\"WebPage\",\"@id\":\"https:\/\/hacemosmemoria.org\/udea50\/glosario\/\",\"url\":\"https:\/\/hacemosmemoria.org\/udea50\/glosario\/\",\"name\":\"Glosario - 50 a\u00f1os de violencia y resistencia en la Universidad de Antioquia\",\"isPartOf\":{\"@id\":\"https:\/\/hacemosmemoria.org\/udea50\/#website\"},\"datePublished\":\"2019-07-14T16:45:57+00:00\",\"dateModified\":\"2019-07-18T11:42:06+00:00\",\"breadcrumb\":{\"@id\":\"https:\/\/hacemosmemoria.org\/udea50\/glosario\/#breadcrumb\"},\"inLanguage\":\"es-CO\",\"potentialAction\":[{\"@type\":\"ReadAction\",\"target\":[\"https:\/\/hacemosmemoria.org\/udea50\/glosario\/\"]}]},{\"@type\":\"BreadcrumbList\",\"@id\":\"https:\/\/hacemosmemoria.org\/udea50\/glosario\/#breadcrumb\",\"itemListElement\":[{\"@type\":\"ListItem\",\"position\":1,\"name\":\"Inicio\",\"item\":\"https:\/\/hacemosmemoria.org\/udea50\/\"},{\"@type\":\"ListItem\",\"position\":2,\"name\":\"Glosario\"}]},{\"@type\":\"WebSite\",\"@id\":\"https:\/\/hacemosmemoria.org\/udea50\/#website\",\"url\":\"https:\/\/hacemosmemoria.org\/udea50\/\",\"name\":\"50 a\u00f1os de violencia y resistencia en la Universidad de Antioquia\",\"description\":\"Un contenido de Hacemos Memoria\",\"potentialAction\":[{\"@type\":\"SearchAction\",\"target\":{\"@type\":\"EntryPoint\",\"urlTemplate\":\"https:\/\/hacemosmemoria.org\/udea50\/?s={search_term_string}\"},\"query-input\":\"required name=search_term_string\"}],\"inLanguage\":\"es-CO\"}]}<\/script>\n<!-- \/ Yoast SEO plugin. -->","yoast_head_json":{"title":"Glosario - 50 a\u00f1os de violencia y resistencia en la Universidad de Antioquia","robots":{"index":"index","follow":"follow","max-snippet":"max-snippet:-1","max-image-preview":"max-image-preview:large","max-video-preview":"max-video-preview:-1"},"canonical":"https:\/\/hacemosmemoria.org\/udea50\/glosario\/","og_locale":"es_ES","og_type":"article","og_title":"Glosario - 50 a\u00f1os de violencia y resistencia en la Universidad de Antioquia","og_description":"\u00c1guilas Negras: organizaci\u00f3n paramilitar que emergi\u00f3 en el pa\u00eds tras el proceso de desmovilizaci\u00f3n de las Autodefensas Unidas de Colombia (AUC), realizado entre 2003 y 2006. La existencia del autodenominado grupo \u201c\u00c1guilas Negras\u201d se ha conocido a trav\u00e9s de los panfletos y amenazas que ha suscrito. Amor por Medell\u00edn: grupo paramilitar conformado en la ciudad [&hellip;]","og_url":"https:\/\/hacemosmemoria.org\/udea50\/glosario\/","og_site_name":"50 a\u00f1os de violencia y resistencia en la Universidad de Antioquia","article_modified_time":"2019-07-18T11:42:06+00:00","twitter_card":"summary_large_image","twitter_misc":{"Tiempo estimado de lectura":"32 minutos"},"schema":{"@context":"https:\/\/schema.org","@graph":[{"@type":"WebPage","@id":"https:\/\/hacemosmemoria.org\/udea50\/glosario\/","url":"https:\/\/hacemosmemoria.org\/udea50\/glosario\/","name":"Glosario - 50 a\u00f1os de violencia y resistencia en la Universidad de Antioquia","isPartOf":{"@id":"https:\/\/hacemosmemoria.org\/udea50\/#website"},"datePublished":"2019-07-14T16:45:57+00:00","dateModified":"2019-07-18T11:42:06+00:00","breadcrumb":{"@id":"https:\/\/hacemosmemoria.org\/udea50\/glosario\/#breadcrumb"},"inLanguage":"es-CO","potentialAction":[{"@type":"ReadAction","target":["https:\/\/hacemosmemoria.org\/udea50\/glosario\/"]}]},{"@type":"BreadcrumbList","@id":"https:\/\/hacemosmemoria.org\/udea50\/glosario\/#breadcrumb","itemListElement":[{"@type":"ListItem","position":1,"name":"Inicio","item":"https:\/\/hacemosmemoria.org\/udea50\/"},{"@type":"ListItem","position":2,"name":"Glosario"}]},{"@type":"WebSite","@id":"https:\/\/hacemosmemoria.org\/udea50\/#website","url":"https:\/\/hacemosmemoria.org\/udea50\/","name":"50 a\u00f1os de violencia y resistencia en la Universidad de Antioquia","description":"Un contenido de Hacemos Memoria","potentialAction":[{"@type":"SearchAction","target":{"@type":"EntryPoint","urlTemplate":"https:\/\/hacemosmemoria.org\/udea50\/?s={search_term_string}"},"query-input":"required name=search_term_string"}],"inLanguage":"es-CO"}]}},"jetpack_sharing_enabled":true,"_links":{"self":[{"href":"https:\/\/hacemosmemoria.org\/udea50\/wp-json\/wp\/v2\/pages\/191"}],"collection":[{"href":"https:\/\/hacemosmemoria.org\/udea50\/wp-json\/wp\/v2\/pages"}],"about":[{"href":"https:\/\/hacemosmemoria.org\/udea50\/wp-json\/wp\/v2\/types\/page"}],"author":[{"embeddable":true,"href":"https:\/\/hacemosmemoria.org\/udea50\/wp-json\/wp\/v2\/users\/1"}],"replies":[{"embeddable":true,"href":"https:\/\/hacemosmemoria.org\/udea50\/wp-json\/wp\/v2\/comments?post=191"}],"version-history":[{"count":7,"href":"https:\/\/hacemosmemoria.org\/udea50\/wp-json\/wp\/v2\/pages\/191\/revisions"}],"predecessor-version":[{"id":481,"href":"https:\/\/hacemosmemoria.org\/udea50\/wp-json\/wp\/v2\/pages\/191\/revisions\/481"}],"wp:attachment":[{"href":"https:\/\/hacemosmemoria.org\/udea50\/wp-json\/wp\/v2\/media?parent=191"}],"curies":[{"name":"wp","href":"https:\/\/api.w.org\/{rel}","templated":true}]}}